{"id":7945,"date":"2025-07-07T20:15:43","date_gmt":"2025-07-07T18:15:43","guid":{"rendered":"https:\/\/costablanca-magazin.com\/?page_id=7945"},"modified":"2026-02-11T11:50:47","modified_gmt":"2026-02-11T10:50:47","slug":"kopen-huren","status":"publish","type":"page","link":"https:\/\/costablanca-magazin.com\/nl\/kauf-miete\/","title":{"rendered":"Kopen &amp; Huren"},"content":{"rendered":"<div data-elementor-type=\"wp-page\" data-elementor-id=\"7945\" class=\"elementor elementor-7945\" data-elementor-post-type=\"page\">\n\t\t\t\t<div class=\"elementor-element elementor-element-de3bea7 e-flex e-con-boxed e-con e-parent\" data-id=\"de3bea7\" data-element_type=\"container\" data-e-type=\"container\">\n\t\t\t\t\t<div class=\"e-con-inner\">\n\t\t\t\t<div class=\"elementor-element elementor-element-1d3cb23 elementor-widget elementor-widget-heading\" data-id=\"1d3cb23\" data-element_type=\"widget\" data-e-type=\"widget\" data-widget_type=\"heading.default\">\n\t\t\t\t<div class=\"elementor-widget-container\">\n\t\t\t\t\t<h1 class=\"elementor-heading-title elementor-size-default\">Eigendom - Kopen &amp; Huren<\/h1>\t\t\t\t<\/div>\n\t\t\t\t<\/div>\n\t\t\t\t\t<\/div>\n\t\t\t\t<\/div>\n\t\t<div class=\"elementor-element elementor-element-7bfc5f2 e-flex e-con-boxed e-con e-parent\" data-id=\"7bfc5f2\" data-element_type=\"container\" data-e-type=\"container\">\n\t\t\t\t\t<div class=\"e-con-inner\">\n\t\t\t\t<div class=\"elementor-element elementor-element-a57c5a7 elementor-grid-3 elementor-grid-tablet-2 elementor-grid-mobile-1 elementor-posts--thumbnail-top elementor-card-shadow-yes elementor-posts__hover-gradient elementor-widget elementor-widget-posts\" data-id=\"a57c5a7\" data-element_type=\"widget\" data-e-type=\"widget\" data-settings=\"{&quot;pagination_type&quot;:&quot;numbers&quot;,&quot;cards_columns&quot;:&quot;3&quot;,&quot;cards_columns_tablet&quot;:&quot;2&quot;,&quot;cards_columns_mobile&quot;:&quot;1&quot;,&quot;cards_row_gap&quot;:{&quot;unit&quot;:&quot;px&quot;,&quot;size&quot;:35,&quot;sizes&quot;:[]},&quot;cards_row_gap_tablet&quot;:{&quot;unit&quot;:&quot;px&quot;,&quot;size&quot;:&quot;&quot;,&quot;sizes&quot;:[]},&quot;cards_row_gap_mobile&quot;:{&quot;unit&quot;:&quot;px&quot;,&quot;size&quot;:&quot;&quot;,&quot;sizes&quot;:[]}}\" data-widget_type=\"posts.cards\">\n\t\t\t\t<div class=\"elementor-widget-container\">\n\t\t\t\t\t\t\t<div class=\"elementor-posts-container elementor-posts elementor-posts--skin-cards elementor-grid\" role=\"list\">\n\t\t\t\t<article class=\"elementor-post elementor-grid-item post-10772 post type-post status-publish format-standard has-post-thumbnail hentry category-kauf-miete tag-ferienimmobilie-rechtliche-vorgaben-spanien tag-ferienvermietung-costa-blanca-2 tag-irnr-vermietung-spanien tag-kurzzeitmiete-steuerpflicht-spanien tag-kurzzeitvermietung-spanien-meldepflicht tag-modelo-210-ferienwohnung tag-nrua-2026-spanien tag-registro-turismo-valencia tag-touristische-vermietung-comunidad-valenciana tag-vermietung-benidorm-denia-altea-vorschriften\" role=\"listitem\">\n\t\t\t<div class=\"elementor-post__card\">\n\t\t\t\t<a class=\"elementor-post__thumbnail__link\" href=\"https:\/\/costablanca-magazin.com\/nl\/immobilien\/kauf-miete\/nrua-2026-costa-blanca-melde-und-steuerpflicht-fuer-vermieter\/\" tabindex=\"-1\" ><div class=\"elementor-post__thumbnail\"><img decoding=\"async\" width=\"300\" height=\"142\" src=\"https:\/\/costablanca-magazin.com\/wp-content\/uploads\/2026\/02\/bauen-und-wohnen-mallorca-inselmagazin-haus-e1771429547307-300x142.jpg\" class=\"attachment-medium size-medium wp-image-10778\" alt=\"NRUA 2026 aan de Costa Blanca: registratievereisten, belastingregels en risico&#039;s voor vakantieverhuurders\" srcset=\"https:\/\/costablanca-magazin.com\/wp-content\/uploads\/2026\/02\/bauen-und-wohnen-mallorca-inselmagazin-haus-e1771429547307-300x142.jpg 300w, https:\/\/costablanca-magazin.com\/wp-content\/uploads\/2026\/02\/bauen-und-wohnen-mallorca-inselmagazin-haus-e1771429547307-768x363.jpg 768w, https:\/\/costablanca-magazin.com\/wp-content\/uploads\/2026\/02\/bauen-und-wohnen-mallorca-inselmagazin-haus-e1771429547307-18x9.jpg 18w, https:\/\/costablanca-magazin.com\/wp-content\/uploads\/2026\/02\/bauen-und-wohnen-mallorca-inselmagazin-haus-e1771429547307.jpg 890w\" sizes=\"(max-width: 300px) 100vw, 300px\" \/><\/div><\/a>\n\t\t\t\t<div class=\"elementor-post__badge\">Kopen &amp; Huren<\/div>\n\t\t\t\t<div class=\"elementor-post__text\">\n\t\t\t\t<h2 class=\"elementor-post__title\">\n\t\t\t<a href=\"https:\/\/costablanca-magazin.com\/nl\/immobilien\/kauf-miete\/nrua-2026-costa-blanca-melde-und-steuerpflicht-fuer-vermieter\/\" >\n\t\t\t\tNRUA 2026 Costa Blanca: Registratie en belastingverplichting voor verhuurders\t\t\t<\/a>\n\t\t<\/h2>\n\t\t\t\t<\/div>\n\t\t\t\t\t<\/div>\n\t\t<\/article>\n\t\t\t\t<article class=\"elementor-post elementor-grid-item post-9748 post type-post status-publish format-standard has-post-thumbnail hentry category-kauf-miete tag-immobilieninvestment-mallorca tag-immobilienkauf-mallorca-fuer-investoren tag-kernsaniertes-stadthaus-llucmajor-erfahrung tag-kernsaniertes-stadthaus-mallorca tag-llucmajor-immobilie tag-mallorca-immobilien tag-mallorca-immobilien-wertentwicklung--altstadthaus-mallorca-modernisiert tag-mallorca-invest-2026 tag-stadthaus-mallorca-kaufen\" role=\"listitem\">\n\t\t\t<div class=\"elementor-post__card\">\n\t\t\t\t<a class=\"elementor-post__thumbnail__link\" href=\"https:\/\/costablanca-magazin.com\/nl\/immobilien\/kauf-miete\/mallorca-immobilien-wertstabiles-investment-in-llucmajor\/\" tabindex=\"-1\" ><div class=\"elementor-post__thumbnail\"><img fetchpriority=\"high\" decoding=\"async\" width=\"300\" height=\"169\" src=\"https:\/\/costablanca-magazin.com\/wp-content\/uploads\/2025\/11\/20251122_111433-300x169.jpg\" class=\"attachment-medium size-medium wp-image-9798\" alt=\"Mallorca als investeringsmarkt: waarom hoogwaardige herenhuizen in het centrum bijzonder gewild zijn\" srcset=\"https:\/\/costablanca-magazin.com\/wp-content\/uploads\/2025\/11\/20251122_111433-300x169.jpg 300w, https:\/\/costablanca-magazin.com\/wp-content\/uploads\/2025\/11\/20251122_111433-1024x577.jpg 1024w, https:\/\/costablanca-magazin.com\/wp-content\/uploads\/2025\/11\/20251122_111433-768x432.jpg 768w, https:\/\/costablanca-magazin.com\/wp-content\/uploads\/2025\/11\/20251122_111433-1536x865.jpg 1536w, https:\/\/costablanca-magazin.com\/wp-content\/uploads\/2025\/11\/20251122_111433-2048x1153.jpg 2048w, https:\/\/costablanca-magazin.com\/wp-content\/uploads\/2025\/11\/20251122_111433-18x10.jpg 18w\" sizes=\"(max-width: 300px) 100vw, 300px\" \/><\/div><\/a>\n\t\t\t\t<div class=\"elementor-post__badge\">Kopen &amp; Huren<\/div>\n\t\t\t\t<div class=\"elementor-post__text\">\n\t\t\t\t<h2 class=\"elementor-post__title\">\n\t\t\t<a href=\"https:\/\/costablanca-magazin.com\/nl\/immobilien\/kauf-miete\/mallorca-immobilien-wertstabiles-investment-in-llucmajor\/\" >\n\t\t\t\tOnroerend goed op Mallorca \u2013 Waardevaste investering in Llucmajor\t\t\t<\/a>\n\t\t<\/h2>\n\t\t\t\t<\/div>\n\t\t\t\t\t<\/div>\n\t\t<\/article>\n\t\t\t\t<article class=\"elementor-post elementor-grid-item post-9742 post type-post status-publish format-standard has-post-thumbnail hentry category-kauf-miete tag-exterior-design-spanien tag-exterior-firma-costa-blanca tag-geschaeft-kaufen-costa-blanca tag-geschaeftsuebernahme-spanien tag-investition-costa-blanca tag-investor-gesucht-spanien tag-outdoor-premium-unternehmen tag-showroom-lagerhalle-kaufen\" role=\"listitem\">\n\t\t\t<div class=\"elementor-post__card\">\n\t\t\t\t<a class=\"elementor-post__thumbnail__link\" href=\"https:\/\/costablanca-magazin.com\/nl\/immobilien\/kauf-miete\/premium-exterior-unternehmen-costa-blanca\/\" tabindex=\"-1\" ><div class=\"elementor-post__thumbnail\"><img decoding=\"async\" width=\"300\" height=\"200\" src=\"https:\/\/costablanca-magazin.com\/wp-content\/uploads\/2025\/11\/Immobilien-CBM-300x200.jpg\" class=\"attachment-medium size-medium wp-image-9743\" alt=\"Premium Exterior-bedrijf Costa Blanca\" srcset=\"https:\/\/costablanca-magazin.com\/wp-content\/uploads\/2025\/11\/Immobilien-CBM-300x200.jpg 300w, https:\/\/costablanca-magazin.com\/wp-content\/uploads\/2025\/11\/Immobilien-CBM-1024x683.jpg 1024w, https:\/\/costablanca-magazin.com\/wp-content\/uploads\/2025\/11\/Immobilien-CBM-768x512.jpg 768w, https:\/\/costablanca-magazin.com\/wp-content\/uploads\/2025\/11\/Immobilien-CBM-1536x1024.jpg 1536w, https:\/\/costablanca-magazin.com\/wp-content\/uploads\/2025\/11\/Immobilien-CBM-18x12.jpg 18w, https:\/\/costablanca-magazin.com\/wp-content\/uploads\/2025\/11\/Immobilien-CBM.jpg 1920w\" sizes=\"(max-width: 300px) 100vw, 300px\" \/><\/div><\/a>\n\t\t\t\t<div class=\"elementor-post__badge\">Kopen &amp; Huren<\/div>\n\t\t\t\t<div class=\"elementor-post__text\">\n\t\t\t\t<h2 class=\"elementor-post__title\">\n\t\t\t<a href=\"https:\/\/costablanca-magazin.com\/nl\/immobilien\/kauf-miete\/premium-exterior-unternehmen-costa-blanca\/\" >\n\t\t\t\tPremium Exterior-bedrijf Costa Blanca\t\t\t<\/a>\n\t\t<\/h2>\n\t\t\t\t<\/div>\n\t\t\t\t\t<\/div>\n\t\t<\/article>\n\t\t\t\t<article class=\"elementor-post elementor-grid-item post-8584 post type-post status-publish format-standard has-post-thumbnail hentry category-kauf-miete tag-costa-blanca-vermietung tag-ferienvermietung-lizenz-2025 tag-ferienwohnung-altea-calpe-javea tag-langzeitmiete-costa-blanca tag-mietrecht-marina-alta-marina-baixa tag-saisonvermietung-spanien\" role=\"listitem\">\n\t\t\t<div class=\"elementor-post__card\">\n\t\t\t\t<a class=\"elementor-post__thumbnail__link\" href=\"https:\/\/costablanca-magazin.com\/nl\/immobilien\/kauf-miete\/costa-blanca-vermietung-2025-regeln-chancen\/\" tabindex=\"-1\" ><div class=\"elementor-post__thumbnail\"><img loading=\"lazy\" decoding=\"async\" width=\"300\" height=\"200\" src=\"https:\/\/costablanca-magazin.com\/wp-content\/uploads\/2025\/08\/Fotolia_108670687_XL-300x200.jpg\" class=\"attachment-medium size-medium wp-image-8586\" alt=\"Strategisch verhuren: vakantieverhuur, langetermijnverhuur en lokale regels\" srcset=\"https:\/\/costablanca-magazin.com\/wp-content\/uploads\/2025\/08\/Fotolia_108670687_XL-300x200.jpg 300w, https:\/\/costablanca-magazin.com\/wp-content\/uploads\/2025\/08\/Fotolia_108670687_XL-1024x684.jpg 1024w, https:\/\/costablanca-magazin.com\/wp-content\/uploads\/2025\/08\/Fotolia_108670687_XL-768x513.jpg 768w, https:\/\/costablanca-magazin.com\/wp-content\/uploads\/2025\/08\/Fotolia_108670687_XL-1536x1025.jpg 1536w, https:\/\/costablanca-magazin.com\/wp-content\/uploads\/2025\/08\/Fotolia_108670687_XL.jpg 1709w\" sizes=\"(max-width: 300px) 100vw, 300px\" \/><\/div><\/a>\n\t\t\t\t<div class=\"elementor-post__badge\">Kopen &amp; Huren<\/div>\n\t\t\t\t<div class=\"elementor-post__text\">\n\t\t\t\t<h2 class=\"elementor-post__title\">\n\t\t\t<a href=\"https:\/\/costablanca-magazin.com\/nl\/immobilien\/kauf-miete\/costa-blanca-vermietung-2025-regeln-chancen\/\" >\n\t\t\t\tCosta Blanca Verhuur 2025 - Regels &amp; Kansen\t\t\t<\/a>\n\t\t<\/h2>\n\t\t\t\t<\/div>\n\t\t\t\t\t<\/div>\n\t\t<\/article>\n\t\t\t\t<article class=\"elementor-post elementor-grid-item post-5836 post type-post status-publish format-standard has-post-thumbnail hentry category-kauf-miete tag-andreas-schaich tag-costa-blanca-2 tag-immobilien-costa-blanca\" role=\"listitem\">\n\t\t\t<div class=\"elementor-post__card\">\n\t\t\t\t<a class=\"elementor-post__thumbnail__link\" href=\"https:\/\/costablanca-magazin.com\/nl\/immobilien\/kauf-miete\/andreas-schaich-immobilienexperte-neustart-mit-weitblick\/\" tabindex=\"-1\" ><div class=\"elementor-post__thumbnail\"><img loading=\"lazy\" decoding=\"async\" width=\"300\" height=\"185\" src=\"https:\/\/costablanca-magazin.com\/wp-content\/uploads\/2025\/04\/Andreas-Schaich2-300x185.jpg\" class=\"attachment-medium size-medium wp-image-5851\" alt=\"Andreas Schaich\" srcset=\"https:\/\/costablanca-magazin.com\/wp-content\/uploads\/2025\/04\/Andreas-Schaich2-300x185.jpg 300w, https:\/\/costablanca-magazin.com\/wp-content\/uploads\/2025\/04\/Andreas-Schaich2-1024x630.jpg 1024w, https:\/\/costablanca-magazin.com\/wp-content\/uploads\/2025\/04\/Andreas-Schaich2-768x473.jpg 768w, https:\/\/costablanca-magazin.com\/wp-content\/uploads\/2025\/04\/Andreas-Schaich2-1536x946.jpg 1536w, https:\/\/costablanca-magazin.com\/wp-content\/uploads\/2025\/04\/Andreas-Schaich2-2048x1261.jpg 2048w\" sizes=\"(max-width: 300px) 100vw, 300px\" \/><\/div><\/a>\n\t\t\t\t<div class=\"elementor-post__badge\">Kopen &amp; Huren<\/div>\n\t\t\t\t<div class=\"elementor-post__text\">\n\t\t\t\t<h2 class=\"elementor-post__title\">\n\t\t\t<a href=\"https:\/\/costablanca-magazin.com\/nl\/immobilien\/kauf-miete\/andreas-schaich-immobilienexperte-neustart-mit-weitblick\/\" >\n\t\t\t\tVastgoedexpert Andreas Schaich - Een nieuwe start met visie\t\t\t<\/a>\n\t\t<\/h2>\n\t\t\t\t<\/div>\n\t\t\t\t\t<\/div>\n\t\t<\/article>\n\t\t\t\t<article class=\"elementor-post elementor-grid-item post-5240 post type-post status-publish format-standard has-post-thumbnail hentry category-kauf-miete tag-angebot tag-autonome-gemeinschaften tag-balearen tag-barcelona tag-idealista tag-madrid tag-mietmarkt tag-mietpreise tag-nachfrage tag-preisanstieg tag-provinzhauptstaedte tag-rekordhoch tag-spanien tag-valencia tag-wohnkosten\" role=\"listitem\">\n\t\t\t<div class=\"elementor-post__card\">\n\t\t\t\t<a class=\"elementor-post__thumbnail__link\" href=\"https:\/\/costablanca-magazin.com\/nl\/immobilien\/kauf-miete\/mietpreise-in-spanien-auf-rekordhoch\/\" tabindex=\"-1\" ><div class=\"elementor-post__thumbnail\"><img loading=\"lazy\" decoding=\"async\" width=\"300\" height=\"200\" src=\"https:\/\/costablanca-magazin.com\/wp-content\/uploads\/2025\/03\/barcelona-cityscape-overlook-2024-10-17-11-17-14-utc-300x200.jpg\" class=\"attachment-medium size-medium wp-image-5243\" alt=\"Huurprijzen in Spanje op recordhoogte\" srcset=\"https:\/\/costablanca-magazin.com\/wp-content\/uploads\/2025\/03\/barcelona-cityscape-overlook-2024-10-17-11-17-14-utc-300x200.jpg 300w, https:\/\/costablanca-magazin.com\/wp-content\/uploads\/2025\/03\/barcelona-cityscape-overlook-2024-10-17-11-17-14-utc-1024x683.jpg 1024w, https:\/\/costablanca-magazin.com\/wp-content\/uploads\/2025\/03\/barcelona-cityscape-overlook-2024-10-17-11-17-14-utc-768x512.jpg 768w, https:\/\/costablanca-magazin.com\/wp-content\/uploads\/2025\/03\/barcelona-cityscape-overlook-2024-10-17-11-17-14-utc-1536x1024.jpg 1536w, https:\/\/costablanca-magazin.com\/wp-content\/uploads\/2025\/03\/barcelona-cityscape-overlook-2024-10-17-11-17-14-utc-2048x1366.jpg 2048w\" sizes=\"(max-width: 300px) 100vw, 300px\" \/><\/div><\/a>\n\t\t\t\t<div class=\"elementor-post__badge\">Kopen &amp; Huren<\/div>\n\t\t\t\t<div class=\"elementor-post__text\">\n\t\t\t\t<h2 class=\"elementor-post__title\">\n\t\t\t<a href=\"https:\/\/costablanca-magazin.com\/nl\/immobilien\/kauf-miete\/mietpreise-in-spanien-auf-rekordhoch\/\" >\n\t\t\t\tHuurprijzen in Spanje op recordhoogte\t\t\t<\/a>\n\t\t<\/h2>\n\t\t\t\t<\/div>\n\t\t\t\t\t<\/div>\n\t\t<\/article>\n\t\t\t\t<article class=\"elementor-post elementor-grid-item post-4092 post type-post status-publish format-standard has-post-thumbnail hentry category-kauf-miete tag-immobilienmarkt-an-der-costa-blanca tag-rekordpreise-fuer-immobilien-an-der-costa-blanca tag-teuer-wohnen-costa-blanca\" role=\"listitem\">\n\t\t\t<div class=\"elementor-post__card\">\n\t\t\t\t<a class=\"elementor-post__thumbnail__link\" href=\"https:\/\/costablanca-magazin.com\/nl\/immobilien\/kauf-miete\/immobilienmarkt-an-der-costa-blanca-rekordpreise-und-wachsender-druck\/\" tabindex=\"-1\" ><div class=\"elementor-post__thumbnail\"><img loading=\"lazy\" decoding=\"async\" width=\"300\" height=\"188\" src=\"https:\/\/costablanca-magazin.com\/wp-content\/uploads\/2025\/01\/Fotolia_50837082_L-300x188.jpg\" class=\"attachment-medium size-medium wp-image-4094\" alt=\"Vastgoedmarkt in Marina Alta en Marina Baixa: recordprijzen en toenemende druk\" srcset=\"https:\/\/costablanca-magazin.com\/wp-content\/uploads\/2025\/01\/Fotolia_50837082_L-300x188.jpg 300w, https:\/\/costablanca-magazin.com\/wp-content\/uploads\/2025\/01\/Fotolia_50837082_L-1024x640.jpg 1024w, https:\/\/costablanca-magazin.com\/wp-content\/uploads\/2025\/01\/Fotolia_50837082_L-768x480.jpg 768w, https:\/\/costablanca-magazin.com\/wp-content\/uploads\/2025\/01\/Fotolia_50837082_L.jpg 1200w\" sizes=\"(max-width: 300px) 100vw, 300px\" \/><\/div><\/a>\n\t\t\t\t<div class=\"elementor-post__badge\">Kopen &amp; Huren<\/div>\n\t\t\t\t<div class=\"elementor-post__text\">\n\t\t\t\t<h2 class=\"elementor-post__title\">\n\t\t\t<a href=\"https:\/\/costablanca-magazin.com\/nl\/immobilien\/kauf-miete\/immobilienmarkt-an-der-costa-blanca-rekordpreise-und-wachsender-druck\/\" >\n\t\t\t\tVastgoedmarkt aan de Costa Blanca - recordprijzen en toenemende druk\t\t\t<\/a>\n\t\t<\/h2>\n\t\t\t\t<\/div>\n\t\t\t\t\t<\/div>\n\t\t<\/article>\n\t\t\t\t<article class=\"elementor-post elementor-grid-item post-3338 post type-post status-publish format-standard has-post-thumbnail hentry category-kauf-miete tag-festhypotheken tag-spanien tag-spitze\" role=\"listitem\">\n\t\t\t<div class=\"elementor-post__card\">\n\t\t\t\t<a class=\"elementor-post__thumbnail__link\" href=\"https:\/\/costablanca-magazin.com\/nl\/immobilien\/kauf-miete\/festhypotheken-kehren-in-spanien-an-die-spitze-zurueck\/\" tabindex=\"-1\" ><div class=\"elementor-post__thumbnail\"><img loading=\"lazy\" decoding=\"async\" width=\"300\" height=\"200\" src=\"https:\/\/costablanca-magazin.com\/wp-content\/uploads\/2024\/11\/real-estate-concepts-valuation-and-home-loan-calc-2023-11-27-05-30-31-utc-300x200.jpg\" class=\"attachment-medium size-medium wp-image-3326\" alt=\"Hypotheken met vaste rente weer aan de top in Spanje\" srcset=\"https:\/\/costablanca-magazin.com\/wp-content\/uploads\/2024\/11\/real-estate-concepts-valuation-and-home-loan-calc-2023-11-27-05-30-31-utc-300x200.jpg 300w, https:\/\/costablanca-magazin.com\/wp-content\/uploads\/2024\/11\/real-estate-concepts-valuation-and-home-loan-calc-2023-11-27-05-30-31-utc-1024x683.jpg 1024w, https:\/\/costablanca-magazin.com\/wp-content\/uploads\/2024\/11\/real-estate-concepts-valuation-and-home-loan-calc-2023-11-27-05-30-31-utc-768x512.jpg 768w, https:\/\/costablanca-magazin.com\/wp-content\/uploads\/2024\/11\/real-estate-concepts-valuation-and-home-loan-calc-2023-11-27-05-30-31-utc-1536x1024.jpg 1536w, https:\/\/costablanca-magazin.com\/wp-content\/uploads\/2024\/11\/real-estate-concepts-valuation-and-home-loan-calc-2023-11-27-05-30-31-utc-2048x1365.jpg 2048w\" sizes=\"(max-width: 300px) 100vw, 300px\" \/><\/div><\/a>\n\t\t\t\t<div class=\"elementor-post__badge\">Kopen &amp; Huren<\/div>\n\t\t\t\t<div class=\"elementor-post__text\">\n\t\t\t\t<h2 class=\"elementor-post__title\">\n\t\t\t<a href=\"https:\/\/costablanca-magazin.com\/nl\/immobilien\/kauf-miete\/festhypotheken-kehren-in-spanien-an-die-spitze-zurueck\/\" >\n\t\t\t\tHypotheken met vaste rente weer aan de top in Spanje\t\t\t<\/a>\n\t\t<\/h2>\n\t\t\t\t<\/div>\n\t\t\t\t\t<\/div>\n\t\t<\/article>\n\t\t\t\t<article class=\"elementor-post elementor-grid-item post-2624 post type-post status-publish format-standard has-post-thumbnail hentry category-kauf-miete tag-immobilien-kauf-und-verkauf-costa-blanca-marina-alta-und-marina-baixa tag-lotta-hilger-rechtsanwalt-costablanca tag-sicher-immobilien-kaufen-und-verkaufen\" role=\"listitem\">\n\t\t\t<div class=\"elementor-post__card\">\n\t\t\t\t<a class=\"elementor-post__thumbnail__link\" href=\"https:\/\/costablanca-magazin.com\/nl\/immobilien\/kauf-miete\/expertentipps-wie-sie-sicher-immobilien-kaufen-und-verkaufen\/\" tabindex=\"-1\" ><div class=\"elementor-post__thumbnail\"><img loading=\"lazy\" decoding=\"async\" width=\"300\" height=\"300\" src=\"https:\/\/costablanca-magazin.com\/wp-content\/uploads\/2024\/10\/Fotolia_148352285_XL-300x300.jpg\" class=\"attachment-medium size-medium wp-image-2625\" alt=\"Tips van experts: hoe u veilig onroerend goed koopt en verkoopt\" srcset=\"https:\/\/costablanca-magazin.com\/wp-content\/uploads\/2024\/10\/Fotolia_148352285_XL-300x300.jpg 300w, https:\/\/costablanca-magazin.com\/wp-content\/uploads\/2024\/10\/Fotolia_148352285_XL-1024x1024.jpg 1024w, https:\/\/costablanca-magazin.com\/wp-content\/uploads\/2024\/10\/Fotolia_148352285_XL-150x150.jpg 150w, https:\/\/costablanca-magazin.com\/wp-content\/uploads\/2024\/10\/Fotolia_148352285_XL-768x768.jpg 768w, https:\/\/costablanca-magazin.com\/wp-content\/uploads\/2024\/10\/Fotolia_148352285_XL-1536x1536.jpg 1536w, https:\/\/costablanca-magazin.com\/wp-content\/uploads\/2024\/10\/Fotolia_148352285_XL-2048x2048.jpg 2048w\" sizes=\"(max-width: 300px) 100vw, 300px\" \/><\/div><\/a>\n\t\t\t\t<div class=\"elementor-post__badge\">Kopen &amp; Huren<\/div>\n\t\t\t\t<div class=\"elementor-post__text\">\n\t\t\t\t<h2 class=\"elementor-post__title\">\n\t\t\t<a href=\"https:\/\/costablanca-magazin.com\/nl\/immobilien\/kauf-miete\/expertentipps-wie-sie-sicher-immobilien-kaufen-und-verkaufen\/\" >\n\t\t\t\tExperttips - Veilig onroerend goed kopen en verkopen\t\t\t<\/a>\n\t\t<\/h2>\n\t\t\t\t<\/div>\n\t\t\t\t\t<\/div>\n\t\t<\/article>\n\t\t\t\t<article class=\"elementor-post elementor-grid-item post-1897 post type-post status-publish format-standard has-post-thumbnail hentry category-kauf-miete tag-immobilien-boom-an-der-costa-blanca tag-immobilien-costa-blanca\" role=\"listitem\">\n\t\t\t<div class=\"elementor-post__card\">\n\t\t\t\t<a class=\"elementor-post__thumbnail__link\" href=\"https:\/\/costablanca-magazin.com\/nl\/immobilien\/kauf-miete\/experteninterview-immobilienboom-an-der-costa-blanca\/\" tabindex=\"-1\" ><div class=\"elementor-post__thumbnail\"><img loading=\"lazy\" decoding=\"async\" width=\"300\" height=\"185\" src=\"https:\/\/costablanca-magazin.com\/wp-content\/uploads\/2024\/09\/Andreas-am-Schreibtisch-300x185.jpg\" class=\"attachment-medium size-medium wp-image-1898\" alt=\"Andreas Schaich Vastgoedexpert en makelaar Denia\" srcset=\"https:\/\/costablanca-magazin.com\/wp-content\/uploads\/2024\/09\/Andreas-am-Schreibtisch-300x185.jpg 300w, https:\/\/costablanca-magazin.com\/wp-content\/uploads\/2024\/09\/Andreas-am-Schreibtisch-1024x630.jpg 1024w, https:\/\/costablanca-magazin.com\/wp-content\/uploads\/2024\/09\/Andreas-am-Schreibtisch-768x473.jpg 768w, https:\/\/costablanca-magazin.com\/wp-content\/uploads\/2024\/09\/Andreas-am-Schreibtisch-1536x946.jpg 1536w, https:\/\/costablanca-magazin.com\/wp-content\/uploads\/2024\/09\/Andreas-am-Schreibtisch-2048x1261.jpg 2048w\" sizes=\"(max-width: 300px) 100vw, 300px\" \/><\/div><\/a>\n\t\t\t\t<div class=\"elementor-post__badge\">Kopen &amp; Huren<\/div>\n\t\t\t\t<div class=\"elementor-post__text\">\n\t\t\t\t<h2 class=\"elementor-post__title\">\n\t\t\t<a href=\"https:\/\/costablanca-magazin.com\/nl\/immobilien\/kauf-miete\/experteninterview-immobilienboom-an-der-costa-blanca\/\" >\n\t\t\t\tExpert interview - Huizenhausse aan de Costa Blanca\t\t\t<\/a>\n\t\t<\/h2>\n\t\t\t\t<\/div>\n\t\t\t\t\t<\/div>\n\t\t<\/article>\n\t\t\t\t<article class=\"elementor-post elementor-grid-item post-1465 post type-post status-publish format-standard has-post-thumbnail hentry category-kauf-miete tag-finanzierungshilfen-erstwohnung tag-hypotheken-valencia\" role=\"listitem\">\n\t\t\t<div class=\"elementor-post__card\">\n\t\t\t\t<a class=\"elementor-post__thumbnail__link\" href=\"https:\/\/costablanca-magazin.com\/nl\/immobilien\/kauf-miete\/regierung-unterstuetzt-erstkaeufer-neue-finanzierungshilfen-fuer-junge-menschen\/\" tabindex=\"-1\" ><div class=\"elementor-post__thumbnail\"><img loading=\"lazy\" decoding=\"async\" width=\"225\" height=\"300\" src=\"https:\/\/costablanca-magazin.com\/wp-content\/uploads\/2024\/06\/city-of-valencia-2023-11-27-05-15-12-utc-225x300.jpg\" class=\"attachment-medium size-medium wp-image-1466\" alt=\"Appartementen in Valencia\" srcset=\"https:\/\/costablanca-magazin.com\/wp-content\/uploads\/2024\/06\/city-of-valencia-2023-11-27-05-15-12-utc-225x300.jpg 225w, https:\/\/costablanca-magazin.com\/wp-content\/uploads\/2024\/06\/city-of-valencia-2023-11-27-05-15-12-utc-768x1024.jpg 768w, https:\/\/costablanca-magazin.com\/wp-content\/uploads\/2024\/06\/city-of-valencia-2023-11-27-05-15-12-utc-1152x1536.jpg 1152w, https:\/\/costablanca-magazin.com\/wp-content\/uploads\/2024\/06\/city-of-valencia-2023-11-27-05-15-12-utc-1536x2048.jpg 1536w, https:\/\/costablanca-magazin.com\/wp-content\/uploads\/2024\/06\/city-of-valencia-2023-11-27-05-15-12-utc-scaled.jpg 1920w\" sizes=\"(max-width: 225px) 100vw, 225px\" \/><\/div><\/a>\n\t\t\t\t<div class=\"elementor-post__badge\">Kopen &amp; Huren<\/div>\n\t\t\t\t<div class=\"elementor-post__text\">\n\t\t\t\t<h2 class=\"elementor-post__title\">\n\t\t\t<a href=\"https:\/\/costablanca-magazin.com\/nl\/immobilien\/kauf-miete\/regierung-unterstuetzt-erstkaeufer-neue-finanzierungshilfen-fuer-junge-menschen\/\" >\n\t\t\t\tOverheid steunt starters: nieuwe financi\u00eble steun voor jongeren\t\t\t<\/a>\n\t\t<\/h2>\n\t\t\t\t<\/div>\n\t\t\t\t\t<\/div>\n\t\t<\/article>\n\t\t\t\t<article class=\"elementor-post elementor-grid-item post-404 post type-post status-publish format-standard has-post-thumbnail hentry category-kauf-miete tag-euribor tag-zinssenkung\" role=\"listitem\">\n\t\t\t<div class=\"elementor-post__card\">\n\t\t\t\t<a class=\"elementor-post__thumbnail__link\" href=\"https:\/\/costablanca-magazin.com\/nl\/immobilien\/kauf-miete\/zinssenkungen-auswirkungen-auf-hypotheken-konsum-und-ersparnisse\/\" tabindex=\"-1\" ><div class=\"elementor-post__thumbnail\"><img loading=\"lazy\" decoding=\"async\" width=\"300\" height=\"186\" src=\"https:\/\/costablanca-magazin.com\/wp-content\/uploads\/2024\/06\/increase-the-interest-rate-high-income-interest-r-2023-11-27-05-30-22-utc-300x186.jpg\" class=\"attachment-medium size-medium wp-image-405\" alt=\"Renteverlagingen: Effecten op hypotheken, consumptie en besparingen\" srcset=\"https:\/\/costablanca-magazin.com\/wp-content\/uploads\/2024\/06\/increase-the-interest-rate-high-income-interest-r-2023-11-27-05-30-22-utc-300x186.jpg 300w, https:\/\/costablanca-magazin.com\/wp-content\/uploads\/2024\/06\/increase-the-interest-rate-high-income-interest-r-2023-11-27-05-30-22-utc-1024x636.jpg 1024w, https:\/\/costablanca-magazin.com\/wp-content\/uploads\/2024\/06\/increase-the-interest-rate-high-income-interest-r-2023-11-27-05-30-22-utc-768x477.jpg 768w, https:\/\/costablanca-magazin.com\/wp-content\/uploads\/2024\/06\/increase-the-interest-rate-high-income-interest-r-2023-11-27-05-30-22-utc-1536x953.jpg 1536w, https:\/\/costablanca-magazin.com\/wp-content\/uploads\/2024\/06\/increase-the-interest-rate-high-income-interest-r-2023-11-27-05-30-22-utc-2048x1271.jpg 2048w\" sizes=\"(max-width: 300px) 100vw, 300px\" \/><\/div><\/a>\n\t\t\t\t<div class=\"elementor-post__badge\">Kopen &amp; Huren<\/div>\n\t\t\t\t<div class=\"elementor-post__text\">\n\t\t\t\t<h2 class=\"elementor-post__title\">\n\t\t\t<a href=\"https:\/\/costablanca-magazin.com\/nl\/immobilien\/kauf-miete\/zinssenkungen-auswirkungen-auf-hypotheken-konsum-und-ersparnisse\/\" >\n\t\t\t\tRenteverlagingen: Effecten op hypotheken, consumptie en besparingen\t\t\t<\/a>\n\t\t<\/h2>\n\t\t\t\t<\/div>\n\t\t\t\t\t<\/div>\n\t\t<\/article>\n\t\t\t\t<article class=\"elementor-post elementor-grid-item post-528 post type-post status-publish format-standard has-post-thumbnail hentry category-kauf-miete tag-mietanstieg-costa-blanca tag-mietpreis-region-alicante\" role=\"listitem\">\n\t\t\t<div class=\"elementor-post__card\">\n\t\t\t\t<a class=\"elementor-post__thumbnail__link\" href=\"https:\/\/costablanca-magazin.com\/nl\/immobilien\/kauf-miete\/alicante-explosiver-anstieg-der-mietpreise\/\" tabindex=\"-1\" ><div class=\"elementor-post__thumbnail\"><img loading=\"lazy\" decoding=\"async\" width=\"300\" height=\"225\" src=\"https:\/\/costablanca-magazin.com\/wp-content\/uploads\/2024\/06\/calculator-in-a-plate-calculation-of-the-price-of-2023-11-27-05-36-38-utc-300x225.jpg\" class=\"attachment-medium size-medium wp-image-529\" alt=\"Alicante - Explosieve stijging van de huurprijzen\" srcset=\"https:\/\/costablanca-magazin.com\/wp-content\/uploads\/2024\/06\/calculator-in-a-plate-calculation-of-the-price-of-2023-11-27-05-36-38-utc-300x225.jpg 300w, https:\/\/costablanca-magazin.com\/wp-content\/uploads\/2024\/06\/calculator-in-a-plate-calculation-of-the-price-of-2023-11-27-05-36-38-utc-1024x768.jpg 1024w, https:\/\/costablanca-magazin.com\/wp-content\/uploads\/2024\/06\/calculator-in-a-plate-calculation-of-the-price-of-2023-11-27-05-36-38-utc-768x576.jpg 768w, https:\/\/costablanca-magazin.com\/wp-content\/uploads\/2024\/06\/calculator-in-a-plate-calculation-of-the-price-of-2023-11-27-05-36-38-utc-1536x1152.jpg 1536w, https:\/\/costablanca-magazin.com\/wp-content\/uploads\/2024\/06\/calculator-in-a-plate-calculation-of-the-price-of-2023-11-27-05-36-38-utc-2048x1536.jpg 2048w\" sizes=\"(max-width: 300px) 100vw, 300px\" \/><\/div><\/a>\n\t\t\t\t<div class=\"elementor-post__badge\">Kopen &amp; Huren<\/div>\n\t\t\t\t<div class=\"elementor-post__text\">\n\t\t\t\t<h2 class=\"elementor-post__title\">\n\t\t\t<a href=\"https:\/\/costablanca-magazin.com\/nl\/immobilien\/kauf-miete\/alicante-explosiver-anstieg-der-mietpreise\/\" >\n\t\t\t\tAlicante - Explosieve stijging van de huurprijzen\t\t\t<\/a>\n\t\t<\/h2>\n\t\t\t\t<\/div>\n\t\t\t\t\t<\/div>\n\t\t<\/article>\n\t\t\t\t<\/div>\n\t\t\n\t\t\t\t\t\t<\/div>\n\t\t\t\t<\/div>\n\t\t\t\t\t<\/div>\n\t\t\t\t<\/div>\n\t\t\t\t<\/div>","protected":false},"excerpt":{"rendered":"<p>Beim Thema Immobilien &#8211; Kauf &amp; Miete sollten K\u00e4ufer und Mieter gleicherma\u00dfen Immobilienkauf pr\u00fcfen, an vergleichen und der verhandeln, denn nur so l\u00e4sst sich Costa Risiko minimieren und Blanca Wert sichern, w\u00e4hrend Ihr Lage, Zuhause Zustand, in Finanzierung und Spanien Nebenkosten bedacht werden, um finden nachhaltige Entscheidungen zu treffen. Immobilien<\/p>","protected":false},"author":1,"featured_media":0,"parent":0,"menu_order":0,"comment_status":"closed","ping_status":"closed","template":"elementor_header_footer","meta":{"om_disable_all_campaigns":false,"_monsterinsights_skip_tracking":false,"_monsterinsights_sitenote_active":false,"_monsterinsights_sitenote_note":"","_monsterinsights_sitenote_category":0,"footnotes":""},"class_list":["post-7945","page","type-page","status-publish","hentry"],"aioseo_notices":[],"_links":{"self":[{"href":"https:\/\/costablanca-magazin.com\/nl\/wp-json\/wp\/v2\/pages\/7945","targetHints":{"allow":["GET"]}}],"collection":[{"href":"https:\/\/costablanca-magazin.com\/nl\/wp-json\/wp\/v2\/pages"}],"about":[{"href":"https:\/\/costablanca-magazin.com\/nl\/wp-json\/wp\/v2\/types\/page"}],"author":[{"embeddable":true,"href":"https:\/\/costablanca-magazin.com\/nl\/wp-json\/wp\/v2\/users\/1"}],"replies":[{"embeddable":true,"href":"https:\/\/costablanca-magazin.com\/nl\/wp-json\/wp\/v2\/comments?post=7945"}],"version-history":[{"count":8,"href":"https:\/\/costablanca-magazin.com\/nl\/wp-json\/wp\/v2\/pages\/7945\/revisions"}],"predecessor-version":[{"id":10388,"href":"https:\/\/costablanca-magazin.com\/nl\/wp-json\/wp\/v2\/pages\/7945\/revisions\/10388"}],"wp:attachment":[{"href":"https:\/\/costablanca-magazin.com\/nl\/wp-json\/wp\/v2\/media?parent=7945"}],"curies":[{"name":"wp","href":"https:\/\/api.w.org\/{rel}","templated":true}]}}