{"id":7938,"date":"2025-07-07T20:09:35","date_gmt":"2025-07-07T18:09:35","guid":{"rendered":"https:\/\/costablanca-magazin.com\/?page_id=7938"},"modified":"2026-02-11T11:54:57","modified_gmt":"2026-02-11T10:54:57","slug":"zakelijke-dienstverlening","status":"publish","type":"page","link":"https:\/\/costablanca-magazin.com\/nl\/business-service\/","title":{"rendered":"Bedrijf &amp; Service"},"content":{"rendered":"<div data-elementor-type=\"wp-page\" data-elementor-id=\"7938\" class=\"elementor elementor-7938\" data-elementor-post-type=\"page\">\n\t\t\t\t<div class=\"elementor-element elementor-element-fe8fa7b e-flex e-con-boxed e-con e-parent\" data-id=\"fe8fa7b\" data-element_type=\"container\" data-e-type=\"container\">\n\t\t\t\t\t<div class=\"e-con-inner\">\n\t\t\t\t<div class=\"elementor-element elementor-element-cbe2e30 elementor-widget elementor-widget-heading\" data-id=\"cbe2e30\" data-element_type=\"widget\" data-e-type=\"widget\" data-widget_type=\"heading.default\">\n\t\t\t\t<div class=\"elementor-widget-container\">\n\t\t\t\t\t<h1 class=\"elementor-heading-title elementor-size-default\">Lokaal - Bedrijf &amp; Service<\/h1>\t\t\t\t<\/div>\n\t\t\t\t<\/div>\n\t\t\t\t\t<\/div>\n\t\t\t\t<\/div>\n\t\t<div class=\"elementor-element elementor-element-ba20756 e-flex e-con-boxed e-con e-parent\" data-id=\"ba20756\" data-element_type=\"container\" data-e-type=\"container\">\n\t\t\t\t\t<div class=\"e-con-inner\">\n\t\t\t\t<div class=\"elementor-element elementor-element-dcec087 elementor-grid-3 elementor-grid-tablet-2 elementor-grid-mobile-1 elementor-posts--thumbnail-top elementor-card-shadow-yes elementor-posts__hover-gradient elementor-widget elementor-widget-posts\" data-id=\"dcec087\" data-element_type=\"widget\" data-e-type=\"widget\" data-settings=\"{&quot;pagination_type&quot;:&quot;numbers&quot;,&quot;cards_columns&quot;:&quot;3&quot;,&quot;cards_columns_tablet&quot;:&quot;2&quot;,&quot;cards_columns_mobile&quot;:&quot;1&quot;,&quot;cards_row_gap&quot;:{&quot;unit&quot;:&quot;px&quot;,&quot;size&quot;:35,&quot;sizes&quot;:[]},&quot;cards_row_gap_tablet&quot;:{&quot;unit&quot;:&quot;px&quot;,&quot;size&quot;:&quot;&quot;,&quot;sizes&quot;:[]},&quot;cards_row_gap_mobile&quot;:{&quot;unit&quot;:&quot;px&quot;,&quot;size&quot;:&quot;&quot;,&quot;sizes&quot;:[]}}\" data-widget_type=\"posts.cards\">\n\t\t\t\t<div class=\"elementor-widget-container\">\n\t\t\t\t\t\t\t<div class=\"elementor-posts-container elementor-posts elementor-posts--skin-cards elementor-grid\" role=\"list\">\n\t\t\t\t<article class=\"elementor-post elementor-grid-item post-11330 post type-post status-publish format-standard has-post-thumbnail hentry category-business-service tag-karfreitag-supermaerkte-spanien-geoeffnet tag-oeffnungszeiten-supermarkt-costa-blanca tag-ostermontag-costa-blanca-geschaefte tag-pepe-la-sal-oeffnungszeiten-ostern tag-supermaerkte-costa-blanca-ostern-2026\" role=\"listitem\">\n\t\t\t<div class=\"elementor-post__card\">\n\t\t\t\t<a class=\"elementor-post__thumbnail__link\" href=\"https:\/\/costablanca-magazin.com\/nl\/lokales\/business-service\/supermaerkte-costa-blanca-ostern-2026-oeffnungszeiten-im-ueberblick\/\" tabindex=\"-1\" ><div class=\"elementor-post__thumbnail\"><img fetchpriority=\"high\" decoding=\"async\" width=\"300\" height=\"200\" src=\"https:\/\/costablanca-magazin.com\/wp-content\/uploads\/2026\/03\/wooden-sign-hanging-on-a-glass-door-showing-open-i-2026-01-09-06-34-23-utc-300x200.jpg\" class=\"attachment-medium size-medium wp-image-11331\" alt=\"Supermarkten Costa Blanca Pasen 2026: Wie is wanneer open\" srcset=\"https:\/\/costablanca-magazin.com\/wp-content\/uploads\/2026\/03\/wooden-sign-hanging-on-a-glass-door-showing-open-i-2026-01-09-06-34-23-utc-300x200.jpg 300w, https:\/\/costablanca-magazin.com\/wp-content\/uploads\/2026\/03\/wooden-sign-hanging-on-a-glass-door-showing-open-i-2026-01-09-06-34-23-utc-1024x683.jpg 1024w, https:\/\/costablanca-magazin.com\/wp-content\/uploads\/2026\/03\/wooden-sign-hanging-on-a-glass-door-showing-open-i-2026-01-09-06-34-23-utc-768x512.jpg 768w, https:\/\/costablanca-magazin.com\/wp-content\/uploads\/2026\/03\/wooden-sign-hanging-on-a-glass-door-showing-open-i-2026-01-09-06-34-23-utc-1536x1024.jpg 1536w, https:\/\/costablanca-magazin.com\/wp-content\/uploads\/2026\/03\/wooden-sign-hanging-on-a-glass-door-showing-open-i-2026-01-09-06-34-23-utc-2048x1366.jpg 2048w, https:\/\/costablanca-magazin.com\/wp-content\/uploads\/2026\/03\/wooden-sign-hanging-on-a-glass-door-showing-open-i-2026-01-09-06-34-23-utc-18x12.jpg 18w\" sizes=\"(max-width: 300px) 100vw, 300px\" \/><\/div><\/a>\n\t\t\t\t<div class=\"elementor-post__badge\">Bedrijf &amp; Service<\/div>\n\t\t\t\t<div class=\"elementor-post__text\">\n\t\t\t\t<h2 class=\"elementor-post__title\">\n\t\t\t<a href=\"https:\/\/costablanca-magazin.com\/nl\/lokales\/business-service\/supermaerkte-costa-blanca-ostern-2026-oeffnungszeiten-im-ueberblick\/\" >\n\t\t\t\tSupermarkten Costa Blanca Pasen 2026: Openingstijden in een oogopslag\t\t\t<\/a>\n\t\t<\/h2>\n\t\t\t\t<div class=\"elementor-post__excerpt\">\n\t\t\t<p>Supermarkten Costa Blanca Pasen 2026 - Overzicht van openingstijden Goede vrijdag en paasmaandag zijn feestdagen - veel markten blijven gesloten. Paaszondag is geen feestdag, maar is ook beperkt.Rond Pasen verschuift het gebruikelijke schema aan de Costa Blanca. Terwijl Semana Santa het openbare leven in veel steden domineert<\/p>\n\t\t<\/div>\n\t\t\n\t\t<a class=\"elementor-post__read-more\" href=\"https:\/\/costablanca-magazin.com\/nl\/lokales\/business-service\/supermaerkte-costa-blanca-ostern-2026-oeffnungszeiten-im-ueberblick\/\" aria-label=\"Read more about Superm\u00e4rkte Costa Blanca Ostern 2026: \u00d6ffnungszeiten im \u00dcberblick\" tabindex=\"-1\" >\n\t\t\tLees meer \u00bb\t\t<\/a>\n\n\t\t\t\t<\/div>\n\t\t\t\t\t<\/div>\n\t\t<\/article>\n\t\t\t\t<article class=\"elementor-post elementor-grid-item post-10836 post type-post status-publish format-standard has-post-thumbnail hentry category-business-service tag-arbeit-alicante tag-arbeit-torrevieja tag-arbeiten-in-spanien-als-resident tag-jobs-costa-blanca tag-labora-comunidad-valenciana tag-stellenangebote-denia\" role=\"listitem\">\n\t\t\t<div class=\"elementor-post__card\">\n\t\t\t\t<a class=\"elementor-post__thumbnail__link\" href=\"https:\/\/costablanca-magazin.com\/nl\/lokales\/business-service\/arbeit-an-der-costa-blanca-jobs-labora-anerkennung-2026\/\" tabindex=\"-1\" ><div class=\"elementor-post__thumbnail\"><img decoding=\"async\" width=\"300\" height=\"200\" src=\"https:\/\/costablanca-magazin.com\/wp-content\/uploads\/2026\/03\/bearded-developer-using-laptop-on-blue-with-websi-2024-11-18-12-57-15-utc-300x200.jpg\" class=\"attachment-medium size-medium wp-image-10845\" alt=\"Werk zoeken Costa Blanca 2026: Werk vinden van D\u00e9nia tot La Zenia | Portale, Labora &amp; Herkenning\" srcset=\"https:\/\/costablanca-magazin.com\/wp-content\/uploads\/2026\/03\/bearded-developer-using-laptop-on-blue-with-websi-2024-11-18-12-57-15-utc-300x200.jpg 300w, https:\/\/costablanca-magazin.com\/wp-content\/uploads\/2026\/03\/bearded-developer-using-laptop-on-blue-with-websi-2024-11-18-12-57-15-utc-1024x684.jpg 1024w, https:\/\/costablanca-magazin.com\/wp-content\/uploads\/2026\/03\/bearded-developer-using-laptop-on-blue-with-websi-2024-11-18-12-57-15-utc-768x513.jpg 768w, https:\/\/costablanca-magazin.com\/wp-content\/uploads\/2026\/03\/bearded-developer-using-laptop-on-blue-with-websi-2024-11-18-12-57-15-utc-1536x1025.jpg 1536w, https:\/\/costablanca-magazin.com\/wp-content\/uploads\/2026\/03\/bearded-developer-using-laptop-on-blue-with-websi-2024-11-18-12-57-15-utc-2048x1367.jpg 2048w, https:\/\/costablanca-magazin.com\/wp-content\/uploads\/2026\/03\/bearded-developer-using-laptop-on-blue-with-websi-2024-11-18-12-57-15-utc-18x12.jpg 18w\" sizes=\"(max-width: 300px) 100vw, 300px\" \/><\/div><\/a>\n\t\t\t\t<div class=\"elementor-post__badge\">Bedrijf &amp; Service<\/div>\n\t\t\t\t<div class=\"elementor-post__text\">\n\t\t\t\t<h2 class=\"elementor-post__title\">\n\t\t\t<a href=\"https:\/\/costablanca-magazin.com\/nl\/lokales\/business-service\/arbeit-an-der-costa-blanca-jobs-labora-anerkennung-2026\/\" >\n\t\t\t\tWerk aan de Costa Blanca - Jobs, Labora, Herkenning 2026\t\t\t<\/a>\n\t\t<\/h2>\n\t\t\t\t<div class=\"elementor-post__excerpt\">\n\t\t\t<p>Werk vinden aan de Costa Blanca: Vacatures, Labora, Erkenning 2026 Werk zoeken aan de Costa Blanca: De beste manieren om werk te vinden tussen D\u00e9nia en La Zenia - actieve vacatureportalen, Labora, netwerken en erkenning van kwalificaties. Wie aan de Costa Blanca een nieuwe carri\u00e8re begint, bevindt zich in een heterogene markt. Tussen D\u00e9nia<\/p>\n\t\t<\/div>\n\t\t\n\t\t<a class=\"elementor-post__read-more\" href=\"https:\/\/costablanca-magazin.com\/nl\/lokales\/business-service\/arbeit-an-der-costa-blanca-jobs-labora-anerkennung-2026\/\" aria-label=\"Read more about Arbeit an der Costa Blanca &#8211; Jobs, Labora, Anerkennung 2026\" tabindex=\"-1\" >\n\t\t\tLees meer \u00bb\t\t<\/a>\n\n\t\t\t\t<\/div>\n\t\t\t\t\t<\/div>\n\t\t<\/article>\n\t\t\t\t<article class=\"elementor-post elementor-grid-item post-8501 post type-post status-publish format-standard has-post-thumbnail hentry category-business-service tag-deutsche-qualitaetskuechen tag-exclusiv-kitchens-la-nucia tag-kuechen-mit-konzept tag-kuechen-showroom-la-nucia tag-kuechendesign-costa-blanca tag-preisvorteil-kuechen\" role=\"listitem\">\n\t\t\t<div class=\"elementor-post__card\">\n\t\t\t\t<a class=\"elementor-post__thumbnail__link\" href=\"https:\/\/costablanca-magazin.com\/nl\/lokales\/business-service\/exclusive-kitchens-la-nucia-kuechen-mit-konzept\/\" tabindex=\"-1\" ><div class=\"elementor-post__thumbnail\"><img decoding=\"async\" width=\"300\" height=\"136\" src=\"https:\/\/costablanca-magazin.com\/wp-content\/uploads\/2025\/08\/Exclusiv-Kitchens-01-1920w-300x136.jpg\" class=\"attachment-medium size-medium wp-image-8504\" alt=\"Keukens met concept: maatwerk, merkkwaliteit &amp; echt prijsvoordeel 1\" srcset=\"https:\/\/costablanca-magazin.com\/wp-content\/uploads\/2025\/08\/Exclusiv-Kitchens-01-1920w-300x136.jpg 300w, https:\/\/costablanca-magazin.com\/wp-content\/uploads\/2025\/08\/Exclusiv-Kitchens-01-1920w.jpg 602w\" sizes=\"(max-width: 300px) 100vw, 300px\" \/><\/div><\/a>\n\t\t\t\t<div class=\"elementor-post__badge\">Bedrijf &amp; Service<\/div>\n\t\t\t\t<div class=\"elementor-post__text\">\n\t\t\t\t<h2 class=\"elementor-post__title\">\n\t\t\t<a href=\"https:\/\/costablanca-magazin.com\/nl\/lokales\/business-service\/exclusive-kitchens-la-nucia-kuechen-mit-konzept\/\" >\n\t\t\t\tExclusieve keukens La Nucia - Keukens met een concept\t\t\t<\/a>\n\t\t<\/h2>\n\t\t\t\t<div class=\"elementor-post__excerpt\">\n\t\t\t<p>Exclusiv Keukens La Nucia - Keukens met een concept Duitse kwaliteitskeukens, hoogwaardige materialen en duidelijke prijsvoordelen - een kijkje achter het concept van Exclusiv Keukens, dat nu in La Nuc\u00eda wordt gelanceerd. Plannen voor een nieuwe keuken aan de Costa Blanca? Met ATM Cocinas als onderdeel van Exclusiv Kitchens hoeft het geen financi\u00eble uitdaging te zijn.<\/p>\n\t\t<\/div>\n\t\t\n\t\t<a class=\"elementor-post__read-more\" href=\"https:\/\/costablanca-magazin.com\/nl\/lokales\/business-service\/exclusive-kitchens-la-nucia-kuechen-mit-konzept\/\" aria-label=\"Read more about Exclusive Kitchens La Nucia &#8211; K\u00fcchen mit Konzept\" tabindex=\"-1\" >\n\t\t\tLees meer \u00bb\t\t<\/a>\n\n\t\t\t\t<\/div>\n\t\t\t\t\t<\/div>\n\t\t<\/article>\n\t\t\t\t<article class=\"elementor-post elementor-grid-item post-8276 post type-post status-publish format-standard has-post-thumbnail hentry category-business-service tag-brillenboutique-costa-blanca tag-designerbrillen-spanien tag-luxus-sonnenbrillen tag-olivers-optica tag-optiker-albir tag-sehtest-el-albir\" role=\"listitem\">\n\t\t\t<div class=\"elementor-post__card\">\n\t\t\t\t<a class=\"elementor-post__thumbnail__link\" href=\"https:\/\/costablanca-magazin.com\/nl\/lokales\/business-service\/olivers-optica-sehgenuss-trifft-stilkompetenz\/\" tabindex=\"-1\" ><div class=\"elementor-post__thumbnail\"><img loading=\"lazy\" decoding=\"async\" width=\"200\" height=\"300\" src=\"https:\/\/costablanca-magazin.com\/wp-content\/uploads\/2025\/07\/OpticaOliver1-200x300.jpg\" class=\"attachment-medium size-medium wp-image-8289\" alt=\"Oliver&#039;s Opticien Albir 10\" srcset=\"https:\/\/costablanca-magazin.com\/wp-content\/uploads\/2025\/07\/OpticaOliver1-200x300.jpg 200w, https:\/\/costablanca-magazin.com\/wp-content\/uploads\/2025\/07\/OpticaOliver1-684x1024.jpg 684w, https:\/\/costablanca-magazin.com\/wp-content\/uploads\/2025\/07\/OpticaOliver1-768x1151.jpg 768w, https:\/\/costablanca-magazin.com\/wp-content\/uploads\/2025\/07\/OpticaOliver1.jpg 801w\" sizes=\"(max-width: 200px) 100vw, 200px\" \/><\/div><\/a>\n\t\t\t\t<div class=\"elementor-post__badge\">Bedrijf &amp; Service<\/div>\n\t\t\t\t<div class=\"elementor-post__text\">\n\t\t\t\t<h2 class=\"elementor-post__title\">\n\t\t\t<a href=\"https:\/\/costablanca-magazin.com\/nl\/lokales\/business-service\/olivers-optica-sehgenuss-trifft-stilkompetenz\/\" >\n\t\t\t\tOliver's Optica - visueel plezier ontmoet stijlexpertise\t\t\t<\/a>\n\t\t<\/h2>\n\t\t\t\t<div class=\"elementor-post__excerpt\">\n\t\t\t<p>Oliver's Optica - visueel plezier ontmoet stijlexpertise Beveilig nu 50% op geselecteerde luxe zonnebrillen Wie zegt dat goed zicht en geweldige stijl niet samengaan? Oliver's Optica in El Albir bewijst elke dag het tegendeel. In de elegante boetiek aan Avda. \u00d3scar Espl\u00e1 7 draait alles om kwaliteit, precisie<\/p>\n\t\t<\/div>\n\t\t\n\t\t<a class=\"elementor-post__read-more\" href=\"https:\/\/costablanca-magazin.com\/nl\/lokales\/business-service\/olivers-optica-sehgenuss-trifft-stilkompetenz\/\" aria-label=\"Read more about Oliver\u2019s Optica \u2013 Sehgenuss trifft Stilkompetenz\" tabindex=\"-1\" >\n\t\t\tLees meer \u00bb\t\t<\/a>\n\n\t\t\t\t<\/div>\n\t\t\t\t\t<\/div>\n\t\t<\/article>\n\t\t\t\t<article class=\"elementor-post elementor-grid-item post-8117 post type-post status-publish format-standard has-post-thumbnail hentry category-business-service tag-abfall-entsorgen-per-app tag-consorci-mare-citizen tag-muelltrennung-marina-alta tag-recycling-app-spanien tag-recycling-punkte-sammeln tag-umweltbildung-costa-blanca\" role=\"listitem\">\n\t\t\t<div class=\"elementor-post__card\">\n\t\t\t\t<a class=\"elementor-post__thumbnail__link\" href=\"https:\/\/costablanca-magazin.com\/nl\/lokales\/business-service\/consorci-mare-setzt-auf-digitale-umweltbildung\/\" tabindex=\"-1\" ><div class=\"elementor-post__thumbnail\"><img loading=\"lazy\" decoding=\"async\" width=\"300\" height=\"199\" src=\"https:\/\/costablanca-magazin.com\/wp-content\/uploads\/2025\/07\/Consorci-MARE-Citizen-\u2013-Apps-bei-Google-Play-\u2013-Mozilla-Firefox-300x199.jpg\" class=\"attachment-medium size-medium wp-image-8121\" alt=\"Recycling via een app: Consorci MARE zet in op digitale milieueducatie 2\" srcset=\"https:\/\/costablanca-magazin.com\/wp-content\/uploads\/2025\/07\/Consorci-MARE-Citizen-\u2013-Apps-bei-Google-Play-\u2013-Mozilla-Firefox-300x199.jpg 300w, https:\/\/costablanca-magazin.com\/wp-content\/uploads\/2025\/07\/Consorci-MARE-Citizen-\u2013-Apps-bei-Google-Play-\u2013-Mozilla-Firefox-1024x680.jpg 1024w, https:\/\/costablanca-magazin.com\/wp-content\/uploads\/2025\/07\/Consorci-MARE-Citizen-\u2013-Apps-bei-Google-Play-\u2013-Mozilla-Firefox-768x510.jpg 768w, https:\/\/costablanca-magazin.com\/wp-content\/uploads\/2025\/07\/Consorci-MARE-Citizen-\u2013-Apps-bei-Google-Play-\u2013-Mozilla-Firefox.jpg 1520w\" sizes=\"(max-width: 300px) 100vw, 300px\" \/><\/div><\/a>\n\t\t\t\t<div class=\"elementor-post__badge\">Bedrijf &amp; Service<\/div>\n\t\t\t\t<div class=\"elementor-post__text\">\n\t\t\t\t<h2 class=\"elementor-post__title\">\n\t\t\t<a href=\"https:\/\/costablanca-magazin.com\/nl\/lokales\/business-service\/consorci-mare-setzt-auf-digitale-umweltbildung\/\" >\n\t\t\t\tConsorci MARE richt zich op digitale milieueducatie\t\t\t<\/a>\n\t\t<\/h2>\n\t\t\t\t<div class=\"elementor-post__excerpt\">\n\t\t\t<p>Recycling via app - Consorci MARE richt zich op digitale milieu-educatie Nieuwe applicatie beloont milieubewust gedrag en brengt meer duidelijkheid in de dagelijkse recycling Met een nieuwe gratis app wil het afvalconsortium MARE het recyclinggedrag in 52 gemeenten in de Marina Alta en Baixa vereenvoudigen - en tegelijkertijd belonen. De applicatie \u201eConsorci MARE<\/p>\n\t\t<\/div>\n\t\t\n\t\t<a class=\"elementor-post__read-more\" href=\"https:\/\/costablanca-magazin.com\/nl\/lokales\/business-service\/consorci-mare-setzt-auf-digitale-umweltbildung\/\" aria-label=\"Read more about Consorci MARE setzt auf digitale Umweltbildung\" tabindex=\"-1\" >\n\t\t\tLees meer \u00bb\t\t<\/a>\n\n\t\t\t\t<\/div>\n\t\t\t\t\t<\/div>\n\t\t<\/article>\n\t\t\t\t<article class=\"elementor-post elementor-grid-item post-7671 post type-post status-publish format-standard has-post-thumbnail hentry category-business-service tag-beglaubigte-uebersetzung tag-costa-blanca-2 tag-profesionelle-uebersetzungen tag-uebersetzer-costablanca tag-uebersetzungen-denia\" role=\"listitem\">\n\t\t\t<div class=\"elementor-post__card\">\n\t\t\t\t<a class=\"elementor-post__thumbnail__link\" href=\"https:\/\/costablanca-magazin.com\/nl\/lokales\/business-service\/profi-uebersetzungen-an-der-costa-blanca\/\" tabindex=\"-1\" ><div class=\"elementor-post__thumbnail\"><img loading=\"lazy\" decoding=\"async\" width=\"300\" height=\"200\" src=\"https:\/\/costablanca-magazin.com\/wp-content\/uploads\/2025\/06\/dictionary-definition-of-word-2025-02-25-20-48-49-utc-300x200.jpg\" class=\"attachment-medium size-medium wp-image-7673\" alt=\"Als elk woord telt - professionele vertalingen aan de Costa Blanca\" srcset=\"https:\/\/costablanca-magazin.com\/wp-content\/uploads\/2025\/06\/dictionary-definition-of-word-2025-02-25-20-48-49-utc-300x200.jpg 300w, https:\/\/costablanca-magazin.com\/wp-content\/uploads\/2025\/06\/dictionary-definition-of-word-2025-02-25-20-48-49-utc-1024x683.jpg 1024w, https:\/\/costablanca-magazin.com\/wp-content\/uploads\/2025\/06\/dictionary-definition-of-word-2025-02-25-20-48-49-utc-768x512.jpg 768w, https:\/\/costablanca-magazin.com\/wp-content\/uploads\/2025\/06\/dictionary-definition-of-word-2025-02-25-20-48-49-utc.jpg 1200w\" sizes=\"(max-width: 300px) 100vw, 300px\" \/><\/div><\/a>\n\t\t\t\t<div class=\"elementor-post__badge\">Bedrijf &amp; Service<\/div>\n\t\t\t\t<div class=\"elementor-post__text\">\n\t\t\t\t<h2 class=\"elementor-post__title\">\n\t\t\t<a href=\"https:\/\/costablanca-magazin.com\/nl\/lokales\/business-service\/profi-uebersetzungen-an-der-costa-blanca\/\" >\n\t\t\t\tElk woord telt - professionele vertalingen aan de Costa Blanca\t\t\t<\/a>\n\t\t<\/h2>\n\t\t\t\t<div class=\"elementor-post__excerpt\">\n\t\t\t<p>Als elk woord telt - professionele vertalingen aan de Costa Blanca Waarom be\u00ebdigd vertaler Friederike Ott uit D\u00e9nia meer biedt dan alleen taaloverdracht Iedereen die aan de Costa Blanca woont of investeert, krijgt vroeg of laat te maken met papierwerk: contracten, akten, certificaten - allemaal in het Spaans, allemaal vaak ingewikkeld. En dit is precies waar<\/p>\n\t\t<\/div>\n\t\t\n\t\t<a class=\"elementor-post__read-more\" href=\"https:\/\/costablanca-magazin.com\/nl\/lokales\/business-service\/profi-uebersetzungen-an-der-costa-blanca\/\" aria-label=\"Read more about Jedes Wort z\u00e4hlt \u2013 Profi \u00dcbersetzungen an der Costa Blanca\" tabindex=\"-1\" >\n\t\t\tLees meer \u00bb\t\t<\/a>\n\n\t\t\t\t<\/div>\n\t\t\t\t\t<\/div>\n\t\t<\/article>\n\t\t\t\t<article class=\"elementor-post elementor-grid-item post-6907 post type-post status-publish format-standard has-post-thumbnail hentry category-business-service tag-messe-costa-blanca tag-netzwerk-treffen-costa-blanca tag-unternehmer-messe\" role=\"listitem\">\n\t\t\t<div class=\"elementor-post__card\">\n\t\t\t\t<a class=\"elementor-post__thumbnail__link\" href=\"https:\/\/costablanca-magazin.com\/nl\/lokales\/business-service\/gelungener-auftakt-fuer-unternehmer-netzwerk-costa-blanca\/\" tabindex=\"-1\" ><div class=\"elementor-post__thumbnail\"><img loading=\"lazy\" decoding=\"async\" width=\"300\" height=\"225\" src=\"https:\/\/costablanca-magazin.com\/wp-content\/uploads\/2025\/05\/Netzwerktreffen-Denia-Kerstin-Kleine-Rahn-16-300x225.jpg\" class=\"attachment-medium size-medium wp-image-6937\" alt=\"Netwerkbijeenkomst Denia Kerstin Kleine 15\" srcset=\"https:\/\/costablanca-magazin.com\/wp-content\/uploads\/2025\/05\/Netzwerktreffen-Denia-Kerstin-Kleine-Rahn-16-300x225.jpg 300w, https:\/\/costablanca-magazin.com\/wp-content\/uploads\/2025\/05\/Netzwerktreffen-Denia-Kerstin-Kleine-Rahn-16-1024x768.jpg 1024w, https:\/\/costablanca-magazin.com\/wp-content\/uploads\/2025\/05\/Netzwerktreffen-Denia-Kerstin-Kleine-Rahn-16-768x576.jpg 768w, https:\/\/costablanca-magazin.com\/wp-content\/uploads\/2025\/05\/Netzwerktreffen-Denia-Kerstin-Kleine-Rahn-16.jpg 1200w\" sizes=\"(max-width: 300px) 100vw, 300px\" \/><\/div><\/a>\n\t\t\t\t<div class=\"elementor-post__badge\">Bedrijf &amp; Service<\/div>\n\t\t\t\t<div class=\"elementor-post__text\">\n\t\t\t\t<h2 class=\"elementor-post__title\">\n\t\t\t<a href=\"https:\/\/costablanca-magazin.com\/nl\/lokales\/business-service\/gelungener-auftakt-fuer-unternehmer-netzwerk-costa-blanca\/\" >\n\t\t\t\tSuccesvolle start voor bedrijvennetwerk Costa Blanca\t\t\t<\/a>\n\t\t<\/h2>\n\t\t\t\t<div class=\"elementor-post__excerpt\">\n\t\t\t<p>Succesvolle aftrap voor ondernemersnetwerk aan de Costa Blanca Volle bak, inspirerende discussies en nieuwe contacten - de eerste netwerkbijeenkomst voor zelfstandigen en ondernemers aan de Costa Blanca was een groot succes. Met zo'n 30 deelnemers uit allerlei sectoren ging het evenement succesvol van start in restaurant Caval in de jachthaven van D\u00e9nia.<\/p>\n\t\t<\/div>\n\t\t\n\t\t<a class=\"elementor-post__read-more\" href=\"https:\/\/costablanca-magazin.com\/nl\/lokales\/business-service\/gelungener-auftakt-fuer-unternehmer-netzwerk-costa-blanca\/\" aria-label=\"Read more about Gelungener Auftakt f\u00fcr Unternehmer- Costa Blanca netzwerk\" tabindex=\"-1\" >\n\t\t\tLees meer \u00bb\t\t<\/a>\n\n\t\t\t\t<\/div>\n\t\t\t\t\t<\/div>\n\t\t<\/article>\n\t\t\t\t<article class=\"elementor-post elementor-grid-item post-5022 post type-post status-publish format-standard has-post-thumbnail hentry category-business-service tag-angi-weidner-kunst tag-costa-blanca tag-kuechenstudio-costa-cocinas tag-kunst-an-der-costa-blanca tag-kunstausstellung-ondara tag-nolte-kuechen\" role=\"listitem\">\n\t\t\t<div class=\"elementor-post__card\">\n\t\t\t\t<a class=\"elementor-post__thumbnail__link\" href=\"https:\/\/costablanca-magazin.com\/nl\/lokales\/business-service\/costa-cocinas-ausstellung-kueche-trifft-auf-kunst\/\" tabindex=\"-1\" ><div class=\"elementor-post__thumbnail\"><img loading=\"lazy\" decoding=\"async\" width=\"300\" height=\"225\" src=\"https:\/\/costablanca-magazin.com\/wp-content\/uploads\/2025\/02\/Costa-Cocinas-7-300x225.jpg\" class=\"attachment-medium size-medium wp-image-5030\" alt=\"costablanca mallorca 216\" srcset=\"https:\/\/costablanca-magazin.com\/wp-content\/uploads\/2025\/02\/Costa-Cocinas-7-300x225.jpg 300w, https:\/\/costablanca-magazin.com\/wp-content\/uploads\/2025\/02\/Costa-Cocinas-7-1024x768.jpg 1024w, https:\/\/costablanca-magazin.com\/wp-content\/uploads\/2025\/02\/Costa-Cocinas-7-768x576.jpg 768w, https:\/\/costablanca-magazin.com\/wp-content\/uploads\/2025\/02\/Costa-Cocinas-7-1536x1152.jpg 1536w, https:\/\/costablanca-magazin.com\/wp-content\/uploads\/2025\/02\/Costa-Cocinas-7.jpg 2048w\" sizes=\"(max-width: 300px) 100vw, 300px\" \/><\/div><\/a>\n\t\t\t\t<div class=\"elementor-post__badge\">Bedrijf &amp; Service<\/div>\n\t\t\t\t<div class=\"elementor-post__text\">\n\t\t\t\t<h2 class=\"elementor-post__title\">\n\t\t\t<a href=\"https:\/\/costablanca-magazin.com\/nl\/lokales\/business-service\/costa-cocinas-ausstellung-kueche-trifft-auf-kunst\/\" >\n\t\t\t\tCosta Cocina's tentoonstelling - keuken ontmoet kunst\t\t\t<\/a>\n\t\t<\/h2>\n\t\t\t\t<div class=\"elementor-post__excerpt\">\n\t\t\t<p>Costa Cocinas tentoonstelling - keuken ontmoet kunst Prachtig nieuws sinds Valentijnsdag: Kunstenares Angi Weidner exposeert nu een selectie van haar schilderijen in de gerenommeerde keukenstudio Costa Cocinas in Ondara! Gedurende enkele weken kunnen bezoekers zich vergapen aan haar werken - met regelmatig wisselende exposities die steeds nieuwe<\/p>\n\t\t<\/div>\n\t\t\n\t\t<a class=\"elementor-post__read-more\" href=\"https:\/\/costablanca-magazin.com\/nl\/lokales\/business-service\/costa-cocinas-ausstellung-kueche-trifft-auf-kunst\/\" aria-label=\"Read more about Costa Cocinas Ausstellung &#8211; K\u00fcche trifft auf Kunst\" tabindex=\"-1\" >\n\t\t\tLees meer \u00bb\t\t<\/a>\n\n\t\t\t\t<\/div>\n\t\t\t\t\t<\/div>\n\t\t<\/article>\n\t\t\t\t<article class=\"elementor-post elementor-grid-item post-4093 post type-post status-publish format-standard has-post-thumbnail hentry category-business-service tag-costa-blanca tag-drogeriemarkt-mueller-spanien tag-mueller-filiale-costa-blanca tag-mueller-finestrat\" role=\"listitem\">\n\t\t\t<div class=\"elementor-post__card\">\n\t\t\t\t<a class=\"elementor-post__thumbnail__link\" href=\"https:\/\/costablanca-magazin.com\/nl\/lokales\/business-service\/mueller-erobert-die-halbinsel-expansion-mit-weitsicht\/\" tabindex=\"-1\" ><div class=\"elementor-post__thumbnail\"><img loading=\"lazy\" decoding=\"async\" width=\"300\" height=\"200\" src=\"https:\/\/costablanca-magazin.com\/wp-content\/uploads\/2025\/01\/photography-by-gabriel-design-print-002-300x200.jpg\" class=\"attachment-medium size-medium wp-image-4105\" alt=\"M\u00fcller verovert het schiereiland: expansie met een vooruitziende blik 3\" srcset=\"https:\/\/costablanca-magazin.com\/wp-content\/uploads\/2025\/01\/photography-by-gabriel-design-print-002-300x200.jpg 300w, https:\/\/costablanca-magazin.com\/wp-content\/uploads\/2025\/01\/photography-by-gabriel-design-print-002-1024x683.jpg 1024w, https:\/\/costablanca-magazin.com\/wp-content\/uploads\/2025\/01\/photography-by-gabriel-design-print-002-768x512.jpg 768w, https:\/\/costablanca-magazin.com\/wp-content\/uploads\/2025\/01\/photography-by-gabriel-design-print-002.jpg 1200w\" sizes=\"(max-width: 300px) 100vw, 300px\" \/><\/div><\/a>\n\t\t\t\t<div class=\"elementor-post__badge\">Bedrijf &amp; Service<\/div>\n\t\t\t\t<div class=\"elementor-post__text\">\n\t\t\t\t<h2 class=\"elementor-post__title\">\n\t\t\t<a href=\"https:\/\/costablanca-magazin.com\/nl\/lokales\/business-service\/mueller-erobert-die-halbinsel-expansion-mit-weitsicht\/\" >\n\t\t\t\tM\u00fcller verovert het schiereiland - uitbreiding met vooruitziende blik\t\t\t<\/a>\n\t\t<\/h2>\n\t\t\t\t<div class=\"elementor-post__excerpt\">\n\t\t\t<p>M\u00fcller verovert het schiereiland - uitbreiding met vooruitziende blik Van Mallorca naar Valencia: Hoe het cultmerk zijn plaats vindt op het vasteland Voor veel mensen is het merk M\u00fcller synoniem met verscheidenheid, kwaliteit en een speciale winkelervaring. Na 30 jaar succesvolle aanwezigheid op Mallorca, neemt het bedrijf nu de sprong<\/p>\n\t\t<\/div>\n\t\t\n\t\t<a class=\"elementor-post__read-more\" href=\"https:\/\/costablanca-magazin.com\/nl\/lokales\/business-service\/mueller-erobert-die-halbinsel-expansion-mit-weitsicht\/\" aria-label=\"Read more about M\u00fcller erobert die Halbinsel &#8211; Expansion mit Weitsicht\" tabindex=\"-1\" >\n\t\t\tLees meer \u00bb\t\t<\/a>\n\n\t\t\t\t<\/div>\n\t\t\t\t\t<\/div>\n\t\t<\/article>\n\t\t\t\t<article class=\"elementor-post elementor-grid-item post-2603 post type-post status-publish format-standard has-post-thumbnail hentry category-business-service tag-costa-blanca-marina-alta tag-costa-blanca-marina-baixa tag-costa-blanca tag-drogeriemarkt-mueller-spanien tag-finestrat tag-marina-alta tag-marina-baixa tag-mueller-an-der-costa-blanca tag-mueller-filiale\" role=\"listitem\">\n\t\t\t<div class=\"elementor-post__card\">\n\t\t\t\t<a class=\"elementor-post__thumbnail__link\" href=\"https:\/\/costablanca-magazin.com\/nl\/lokales\/business-service\/mueller-markt-in-finestrat-ein-vielfaeltiges-einkaufserlebnis\/\" tabindex=\"-1\" ><div class=\"elementor-post__thumbnail\"><img loading=\"lazy\" decoding=\"async\" width=\"300\" height=\"225\" src=\"https:\/\/costablanca-magazin.com\/wp-content\/uploads\/2024\/10\/FotoMuellerCostaBlanca-300x225.jpg\" class=\"attachment-medium size-medium wp-image-2606\" alt=\"M\u00fcller Markt in Finestrat - Een veelzijdige winkelervaring voor het hele gezin\" srcset=\"https:\/\/costablanca-magazin.com\/wp-content\/uploads\/2024\/10\/FotoMuellerCostaBlanca-300x225.jpg 300w, https:\/\/costablanca-magazin.com\/wp-content\/uploads\/2024\/10\/FotoMuellerCostaBlanca-1024x768.jpg 1024w, https:\/\/costablanca-magazin.com\/wp-content\/uploads\/2024\/10\/FotoMuellerCostaBlanca-768x576.jpg 768w, https:\/\/costablanca-magazin.com\/wp-content\/uploads\/2024\/10\/FotoMuellerCostaBlanca-1536x1152.jpg 1536w, https:\/\/costablanca-magazin.com\/wp-content\/uploads\/2024\/10\/FotoMuellerCostaBlanca.jpg 2000w\" sizes=\"(max-width: 300px) 100vw, 300px\" \/><\/div><\/a>\n\t\t\t\t<div class=\"elementor-post__badge\">Bedrijf &amp; Service<\/div>\n\t\t\t\t<div class=\"elementor-post__text\">\n\t\t\t\t<h2 class=\"elementor-post__title\">\n\t\t\t<a href=\"https:\/\/costablanca-magazin.com\/nl\/lokales\/business-service\/mueller-markt-in-finestrat-ein-vielfaeltiges-einkaufserlebnis\/\" >\n\t\t\t\tM\u00fcller winkel in Finestrat - Een gevarieerde winkelervaring\t\t\t<\/a>\n\t\t<\/h2>\n\t\t\t\t<div class=\"elementor-post__excerpt\">\n\t\t\t<p>M\u00fcller winkel in Finestrat - Een gevarieerde winkelervaring Sinds haar succesvolle toetreding tot de markt op het Spaanse vasteland, biedt M\u00fcller haar klanten in Finestrat een breed assortiment dat veel verder gaat dan de klassieke drogisterij. Met een verkoopoppervlak van ongeveer 1.800 m\u00b2 kunnen bezoekers een indrukwekkende verscheidenheid aan producten verwachten: Van luxe merkparfums<\/p>\n\t\t<\/div>\n\t\t\n\t\t<a class=\"elementor-post__read-more\" href=\"https:\/\/costablanca-magazin.com\/nl\/lokales\/business-service\/mueller-markt-in-finestrat-ein-vielfaeltiges-einkaufserlebnis\/\" aria-label=\"Read more about M\u00fcller Markt in Finestrat &#8211; Ein vielf\u00e4ltiges Einkaufserlebnis\" tabindex=\"-1\" >\n\t\t\tLees meer \u00bb\t\t<\/a>\n\n\t\t\t\t<\/div>\n\t\t\t\t\t<\/div>\n\t\t<\/article>\n\t\t\t\t<article class=\"elementor-post elementor-grid-item post-1836 post type-post status-publish format-standard has-post-thumbnail hentry category-business-service tag-kochen tag-modernes tag-outdoor tag-teulada\" role=\"listitem\">\n\t\t\t<div class=\"elementor-post__card\">\n\t\t\t\t<a class=\"elementor-post__thumbnail__link\" href=\"https:\/\/costablanca-magazin.com\/nl\/lokales\/business-service\/modernes-outdoor-kochenin-teulada\/\" tabindex=\"-1\" ><div class=\"elementor-post__thumbnail\"><img loading=\"lazy\" decoding=\"async\" width=\"300\" height=\"225\" src=\"https:\/\/costablanca-magazin.com\/wp-content\/uploads\/2024\/08\/20240612_143952-300x225.jpg\" class=\"attachment-medium size-medium wp-image-1837\" alt=\"Eerste BBQ buitenkeukens en barbecue in Teulada\" srcset=\"https:\/\/costablanca-magazin.com\/wp-content\/uploads\/2024\/08\/20240612_143952-300x225.jpg 300w, https:\/\/costablanca-magazin.com\/wp-content\/uploads\/2024\/08\/20240612_143952-1024x768.jpg 1024w, https:\/\/costablanca-magazin.com\/wp-content\/uploads\/2024\/08\/20240612_143952-768x576.jpg 768w, https:\/\/costablanca-magazin.com\/wp-content\/uploads\/2024\/08\/20240612_143952-1536x1152.jpg 1536w, https:\/\/costablanca-magazin.com\/wp-content\/uploads\/2024\/08\/20240612_143952-2048x1536.jpg 2048w\" sizes=\"(max-width: 300px) 100vw, 300px\" \/><\/div><\/a>\n\t\t\t\t<div class=\"elementor-post__badge\">Bedrijf &amp; Service<\/div>\n\t\t\t\t<div class=\"elementor-post__text\">\n\t\t\t\t<h2 class=\"elementor-post__title\">\n\t\t\t<a href=\"https:\/\/costablanca-magazin.com\/nl\/lokales\/business-service\/modernes-outdoor-kochenin-teulada\/\" >\n\t\t\t\tModern buiten koken in Teulada\t\t\t<\/a>\n\t\t<\/h2>\n\t\t\t\t<div class=\"elementor-post__excerpt\">\n\t\t\t<p>First BBQ House verlegt de grenzen - een bezoek aan de specialist in barbecues en buitenkeukens is de moeite waard. Teulada aan de Costa Blanca wordt het nieuwe centrum voor exclusief en modern buiten koken. First BBQ House opent hier zijn nieuwste vestiging en brengt hoogwaardige buitenkeukens en geavanceerde barbecuetechnologie naar de regio.<\/p>\n\t\t<\/div>\n\t\t\n\t\t<a class=\"elementor-post__read-more\" href=\"https:\/\/costablanca-magazin.com\/nl\/lokales\/business-service\/modernes-outdoor-kochenin-teulada\/\" aria-label=\"Read more about Modernes Outdoor-Kochen in Teulada\" tabindex=\"-1\" >\n\t\t\tLees meer \u00bb\t\t<\/a>\n\n\t\t\t\t<\/div>\n\t\t\t\t\t<\/div>\n\t\t<\/article>\n\t\t\t\t<\/div>\n\t\t\n\t\t\t\t\t\t<\/div>\n\t\t\t\t<\/div>\n\t\t\t\t\t<\/div>\n\t\t\t\t<\/div>\n\t\t\t\t<\/div>","protected":false},"excerpt":{"rendered":"<p>In het gedeelte Lokaal - Bedrijf &amp; Service laat ik trends zien zoals op en de, geef ik voorbeelden van Costa en Blanca en bespreek ik kansen via lokale bedrijven; er zijn ook tips over bedrijven, en voor en oprichters. Lokaal - Bedrijf &amp; Service<\/p>","protected":false},"author":1,"featured_media":0,"parent":0,"menu_order":0,"comment_status":"closed","ping_status":"closed","template":"elementor_header_footer","meta":{"om_disable_all_campaigns":false,"_monsterinsights_skip_tracking":false,"_monsterinsights_sitenote_active":false,"_monsterinsights_sitenote_note":"","_monsterinsights_sitenote_category":0,"footnotes":""},"class_list":["post-7938","page","type-page","status-publish","hentry"],"aioseo_notices":[],"_links":{"self":[{"href":"https:\/\/costablanca-magazin.com\/nl\/wp-json\/wp\/v2\/pages\/7938","targetHints":{"allow":["GET"]}}],"collection":[{"href":"https:\/\/costablanca-magazin.com\/nl\/wp-json\/wp\/v2\/pages"}],"about":[{"href":"https:\/\/costablanca-magazin.com\/nl\/wp-json\/wp\/v2\/types\/page"}],"author":[{"embeddable":true,"href":"https:\/\/costablanca-magazin.com\/nl\/wp-json\/wp\/v2\/users\/1"}],"replies":[{"embeddable":true,"href":"https:\/\/costablanca-magazin.com\/nl\/wp-json\/wp\/v2\/comments?post=7938"}],"version-history":[{"count":5,"href":"https:\/\/costablanca-magazin.com\/nl\/wp-json\/wp\/v2\/pages\/7938\/revisions"}],"predecessor-version":[{"id":10387,"href":"https:\/\/costablanca-magazin.com\/nl\/wp-json\/wp\/v2\/pages\/7938\/revisions\/10387"}],"wp:attachment":[{"href":"https:\/\/costablanca-magazin.com\/nl\/wp-json\/wp\/v2\/media?parent=7938"}],"curies":[{"name":"wp","href":"https:\/\/api.w.org\/{rel}","templated":true}]}}