{"id":4669,"date":"2025-01-21T09:32:50","date_gmt":"2025-01-21T08:32:50","guid":{"rendered":"https:\/\/costablanca-magazin.com\/?page_id=4669"},"modified":"2026-03-09T08:17:09","modified_gmt":"2026-03-09T07:17:09","slug":"javea","status":"publish","type":"page","link":"https:\/\/costablanca-magazin.com\/nl\/javea\/","title":{"rendered":"Javea"},"content":{"rendered":"<div data-elementor-type=\"wp-page\" data-elementor-id=\"4669\" class=\"elementor elementor-4669\" data-elementor-post-type=\"page\">\n\t\t\t\t<div class=\"elementor-element elementor-element-f90fc23 e-flex e-con-boxed e-con e-parent\" data-id=\"f90fc23\" data-element_type=\"container\" data-e-type=\"container\">\n\t\t\t\t\t<div class=\"e-con-inner\">\n\t\t\t\t<div class=\"elementor-element elementor-element-b760503 elementor-widget elementor-widget-heading\" data-id=\"b760503\" data-element_type=\"widget\" data-e-type=\"widget\" data-widget_type=\"heading.default\">\n\t\t\t\t<div class=\"elementor-widget-container\">\n\t\t\t\t\t<h1 class=\"elementor-heading-title elementor-size-default\">J\u00e1vea - gezinsvriendelijke stranden, Kaap Montg\u00f3 &amp; watersporten<\/h1>\t\t\t\t<\/div>\n\t\t\t\t<\/div>\n\t\t\t\t\t<\/div>\n\t\t\t\t<\/div>\n\t\t<div class=\"elementor-element elementor-element-7349328 e-flex e-con-boxed e-con e-parent\" data-id=\"7349328\" data-element_type=\"container\" data-e-type=\"container\">\n\t\t\t\t\t<div class=\"e-con-inner\">\n\t\t\t\t<div class=\"elementor-element elementor-element-ed548cc elementor-widget elementor-widget-heading\" data-id=\"ed548cc\" data-element_type=\"widget\" data-e-type=\"widget\" data-widget_type=\"heading.default\">\n\t\t\t\t<div class=\"elementor-widget-container\">\n\t\t\t\t\t<h2 class=\"elementor-heading-title elementor-size-default\">Kuststad met drie gezichten en een hoge levensstandaard<\/h2>\t\t\t\t<\/div>\n\t\t\t\t<\/div>\n\t\t\t\t<div class=\"elementor-element elementor-element-3b17d95 elementor-widget elementor-widget-text-editor\" data-id=\"3b17d95\" data-element_type=\"widget\" data-e-type=\"widget\" data-widget_type=\"text-editor.default\">\n\t\t\t\t<div class=\"elementor-widget-container\">\n\t\t\t\t\t\t\t\t\t<p>J\u00e1vea, of X\u00e0bia in het Valenciaans, is een van de meest diverse plaatsen aan de Costa Blanca. De stad combineert drie duidelijk te onderscheiden zones: het historische stadscentrum in het binnenland, de jachthaven met zijn oude stadsflair aan zee en de moderne strandwijk Arenal met zijn promenade en toeristische infrastructuur. Deze structuur maakt J\u00e1vea bijzonder aantrekkelijk voor bewoners, want het biedt zowel het authentieke gemeenschapsleven als moderne faciliteiten en veel ruimte om je terug te trekken.<\/p><p class=\"aih1words\">Met zijn gezinsvriendelijke stranden, de indrukwekkende Kaap Montg\u00f3 en talloze watersportmogelijkheden biedt J\u00e1vea de ideale omgeving voor ontspannen dagen aan zee en actieve excursies.<\/p><p><!-- ai-h1words --><\/p><p>J\u00e1vea biedt een perfecte mix van ontspanning en avontuur met gezinsvriendelijke stranden, de dramatische kliffen van Kaap Montg\u00f3 en heerlijke wateractiviteiten.<\/p><p><!-- \/ai-h1words --><\/p><p>De stad ligt beschut tussen de kapen Cap de Sant Antoni en Cap de la Nau, waardoor het een bijzonder mild microklimaat heeft - volgens de WHO een van de beste in Europa.<\/p>\t\t\t\t\t\t\t\t<\/div>\n\t\t\t\t<\/div>\n\t\t\t\t\t<\/div>\n\t\t\t\t<\/div>\n\t\t<div class=\"elementor-element elementor-element-53b32b8 e-flex e-con-boxed e-con e-parent\" data-id=\"53b32b8\" data-element_type=\"container\" data-e-type=\"container\">\n\t\t\t\t\t<div class=\"e-con-inner\">\n\t\t<div class=\"elementor-element elementor-element-2c950a6 e-con-full e-flex e-con e-child\" data-id=\"2c950a6\" data-element_type=\"container\" data-e-type=\"container\">\n\t\t\t\t<div class=\"elementor-element elementor-element-8d3b2db elementor-widget__width-initial elementor-widget elementor-widget-gallery\" data-id=\"8d3b2db\" data-element_type=\"widget\" data-e-type=\"widget\" data-settings=\"{&quot;columns&quot;:1,&quot;aspect_ratio&quot;:&quot;16:9&quot;,&quot;lazyload&quot;:&quot;yes&quot;,&quot;gallery_layout&quot;:&quot;grid&quot;,&quot;columns_tablet&quot;:2,&quot;columns_mobile&quot;:1,&quot;gap&quot;:{&quot;unit&quot;:&quot;px&quot;,&quot;size&quot;:10,&quot;sizes&quot;:[]},&quot;gap_tablet&quot;:{&quot;unit&quot;:&quot;px&quot;,&quot;size&quot;:10,&quot;sizes&quot;:[]},&quot;gap_mobile&quot;:{&quot;unit&quot;:&quot;px&quot;,&quot;size&quot;:10,&quot;sizes&quot;:[]},&quot;link_to&quot;:&quot;file&quot;,&quot;overlay_background&quot;:&quot;yes&quot;,&quot;content_hover_animation&quot;:&quot;fade-in&quot;}\" data-widget_type=\"gallery.default\">\n\t\t\t\t<div class=\"elementor-widget-container\">\n\t\t\t\t\t\t\t<div class=\"elementor-gallery__container\">\n\t\t\t\t\t\t\t<a class=\"e-gallery-item elementor-gallery-item elementor-animated-content\" href=\"https:\/\/costablanca-magazin.com\/wp-content\/uploads\/2025\/05\/20230407_103654.jpg\" data-elementor-open-lightbox=\"yes\" data-elementor-lightbox-slideshow=\"8d3b2db\" data-elementor-lightbox-title=\"20230407_103654\" data-e-action-hash=\"#elementor-action%3Aaction%3Dlightbox%26settings%3DeyJpZCI6NzE5OCwidXJsIjoiaHR0cHM6XC9cL2Nvc3RhYmxhbmNhLW1hZ2F6aW4uY29tXC93cC1jb250ZW50XC91cGxvYWRzXC8yMDI1XC8wNVwvMjAyMzA0MDdfMTAzNjU0LmpwZyIsInNsaWRlc2hvdyI6IjhkM2IyZGIifQ%3D%3D\">\n\t\t\t\t\t<div class=\"e-gallery-image elementor-gallery-item__image\" data-thumbnail=\"https:\/\/costablanca-magazin.com\/wp-content\/uploads\/2025\/05\/20230407_103654.jpg\" data-width=\"1000\" data-height=\"750\" aria-label=\"costablanca mallorca 283\" role=\"img\" ><\/div>\n\t\t\t\t\t\t\t\t\t\t\t<div class=\"elementor-gallery-item__overlay\"><\/div>\n\t\t\t\t\t\t\t\t\t\t\t\t\t\t<\/a>\n\t\t\t\t\t<\/div>\n\t\t\t\t\t<\/div>\n\t\t\t\t<\/div>\n\t\t\t\t<\/div>\n\t\t<div class=\"elementor-element elementor-element-04c3a8d e-con-full e-flex e-con e-child\" data-id=\"04c3a8d\" data-element_type=\"container\" data-e-type=\"container\">\n\t\t\t\t<div class=\"elementor-element elementor-element-d18fe5d elementor-widget elementor-widget-heading\" data-id=\"d18fe5d\" data-element_type=\"widget\" data-e-type=\"widget\" data-widget_type=\"heading.default\">\n\t\t\t\t<div class=\"elementor-widget-container\">\n\t\t\t\t\t<h3 class=\"elementor-heading-title elementor-size-default\">Stedelijke ontwikkeling en geschiedenis<\/h3>\t\t\t\t<\/div>\n\t\t\t\t<\/div>\n\t\t\t\t<div class=\"elementor-element elementor-element-15a12ef elementor-widget__width-initial elementor-widget elementor-widget-text-editor\" data-id=\"15a12ef\" data-element_type=\"widget\" data-e-type=\"widget\" data-widget_type=\"text-editor.default\">\n\t\t\t\t<div class=\"elementor-widget-container\">\n\t\t\t\t\t\t\t\t\t<p>De stad heeft Iberische en Romeinse wortels en was lange tijd een versterkt handels- en visserijcentrum. De huidige structuur met drie wijken - de oude stad, de haven en Arenal - ontstond in de 20e eeuw. In de jaren 1970 groeide J\u00e1vea door buitenlandse inwoners, maar bleef grotendeels gespaard van chaotische ontwikkeling. De beperking van het bouwvolume en de bescherming van het Montg\u00f3-massief laten zien dat J\u00e1vea zich wil positioneren als een gestructureerde, natuurminnende kustplaats met een hoge levenskwaliteit.<\/p>\t\t\t\t\t\t\t\t<\/div>\n\t\t\t\t<\/div>\n\t\t\t\t<\/div>\n\t\t\t\t\t<\/div>\n\t\t\t\t<\/div>\n\t\t<div class=\"elementor-element elementor-element-e496905 e-flex e-con-boxed e-con e-parent\" data-id=\"e496905\" data-element_type=\"container\" data-e-type=\"container\">\n\t\t\t\t\t<div class=\"e-con-inner\">\n\t\t<div class=\"elementor-element elementor-element-8fea29b e-con-full e-flex e-con e-child\" data-id=\"8fea29b\" data-element_type=\"container\" data-e-type=\"container\">\n\t\t\t\t<div class=\"elementor-element elementor-element-bf76fd7 elementor-widget elementor-widget-heading\" data-id=\"bf76fd7\" data-element_type=\"widget\" data-e-type=\"widget\" data-widget_type=\"heading.default\">\n\t\t\t\t<div class=\"elementor-widget-container\">\n\t\t\t\t\t<h4 class=\"elementor-heading-title elementor-size-default\">Drie buurten - \u00e9\u00e9n functionerend organisme<\/h4>\t\t\t\t<\/div>\n\t\t\t\t<\/div>\n\t\t\t\t<div class=\"elementor-element elementor-element-d0bc75e elementor-widget elementor-widget-text-editor\" data-id=\"d0bc75e\" data-element_type=\"widget\" data-e-type=\"widget\" data-widget_type=\"text-editor.default\">\n\t\t\t\t<div class=\"elementor-widget-container\">\n\t\t\t\t\t\t\t\t\t<ol><li><strong>Oude Stad (Centro Hist\u00f3rico)<\/strong>Gelegen in het binnenland, met gotische gebouwen, smalle straatjes, kleine pleinen en lokale markten. Hier klopt het traditionele hart van X\u00e0bia - met gemeentelijke administratie, artsen, banken, scholen en winkelmogelijkheden.<\/li><li><strong>Havengebied (Duanes de la Mar)<\/strong>Mediterraan dagelijks leven met promenade, caf\u00e9s, visserij, kerk en markt. Populair bij de lokale bevolking en bewoners die op loopafstand willen wonen.<\/li><li><strong>Playa del Arenal<\/strong>Moderne strandboulevard met restaurants, recreatiefaciliteiten en flats - vooral populair bij gezinnen en seizoensbewoners.<\/li><\/ol><p>Alle drie de gebieden zijn verbonden door een goed functionerend transportnetwerk en <strong>Levendig het hele jaar door<\/strong> - geen \u201ewinterslaap\u201c zoals in sommige kustplaatsen.<\/p>\t\t\t\t\t\t\t\t<\/div>\n\t\t\t\t<\/div>\n\t\t\t\t<\/div>\n\t\t<div class=\"elementor-element elementor-element-d15b877 e-con-full e-flex e-con e-child\" data-id=\"d15b877\" data-element_type=\"container\" data-e-type=\"container\">\n\t\t\t\t<div class=\"elementor-element elementor-element-f1663a0 elementor-widget elementor-widget-gallery\" data-id=\"f1663a0\" data-element_type=\"widget\" data-e-type=\"widget\" data-settings=\"{&quot;columns&quot;:1,&quot;gap&quot;:{&quot;unit&quot;:&quot;px&quot;,&quot;size&quot;:0,&quot;sizes&quot;:[]},&quot;aspect_ratio&quot;:&quot;4:3&quot;,&quot;lazyload&quot;:&quot;yes&quot;,&quot;gallery_layout&quot;:&quot;grid&quot;,&quot;columns_tablet&quot;:2,&quot;columns_mobile&quot;:1,&quot;gap_tablet&quot;:{&quot;unit&quot;:&quot;px&quot;,&quot;size&quot;:10,&quot;sizes&quot;:[]},&quot;gap_mobile&quot;:{&quot;unit&quot;:&quot;px&quot;,&quot;size&quot;:10,&quot;sizes&quot;:[]},&quot;link_to&quot;:&quot;file&quot;,&quot;overlay_background&quot;:&quot;yes&quot;,&quot;content_hover_animation&quot;:&quot;fade-in&quot;}\" data-widget_type=\"gallery.default\">\n\t\t\t\t<div class=\"elementor-widget-container\">\n\t\t\t\t\t\t\t<div class=\"elementor-gallery__container\">\n\t\t\t\t\t\t\t<a class=\"e-gallery-item elementor-gallery-item elementor-animated-content\" href=\"https:\/\/costablanca-magazin.com\/wp-content\/uploads\/2025\/05\/20230407_103420.jpg\" data-elementor-open-lightbox=\"yes\" data-elementor-lightbox-slideshow=\"f1663a0\" data-elementor-lightbox-title=\"20230407_103420\" data-e-action-hash=\"#elementor-action%3Aaction%3Dlightbox%26settings%3DeyJpZCI6NzE5MywidXJsIjoiaHR0cHM6XC9cL2Nvc3RhYmxhbmNhLW1hZ2F6aW4uY29tXC93cC1jb250ZW50XC91cGxvYWRzXC8yMDI1XC8wNVwvMjAyMzA0MDdfMTAzNDIwLmpwZyIsInNsaWRlc2hvdyI6ImYxNjYzYTAifQ%3D%3D\">\n\t\t\t\t\t<div class=\"e-gallery-image elementor-gallery-item__image\" data-thumbnail=\"https:\/\/costablanca-magazin.com\/wp-content\/uploads\/2025\/05\/20230407_103420.jpg\" data-width=\"1000\" data-height=\"750\" aria-label=\"costablanca mallorca 278\" role=\"img\" ><\/div>\n\t\t\t\t\t\t\t\t\t\t\t<div class=\"elementor-gallery-item__overlay\"><\/div>\n\t\t\t\t\t\t\t\t\t\t\t\t\t\t<\/a>\n\t\t\t\t\t<\/div>\n\t\t\t\t\t<\/div>\n\t\t\t\t<\/div>\n\t\t\t\t<\/div>\n\t\t\t\t\t<\/div>\n\t\t\t\t<\/div>\n\t\t<div class=\"elementor-element elementor-element-5fba9cb e-flex e-con-boxed e-con e-parent\" data-id=\"5fba9cb\" data-element_type=\"container\" data-e-type=\"container\">\n\t\t\t\t\t<div class=\"e-con-inner\">\n\t\t<div class=\"elementor-element elementor-element-8728f65 e-con-full e-flex e-con e-child\" data-id=\"8728f65\" data-element_type=\"container\" data-e-type=\"container\">\n\t\t\t\t<div class=\"elementor-element elementor-element-87e50dd elementor-widget__width-initial elementor-widget elementor-widget-gallery\" data-id=\"87e50dd\" data-element_type=\"widget\" data-e-type=\"widget\" data-settings=\"{&quot;columns&quot;:1,&quot;aspect_ratio&quot;:&quot;21:9&quot;,&quot;lazyload&quot;:&quot;yes&quot;,&quot;gallery_layout&quot;:&quot;grid&quot;,&quot;columns_tablet&quot;:2,&quot;columns_mobile&quot;:1,&quot;gap&quot;:{&quot;unit&quot;:&quot;px&quot;,&quot;size&quot;:10,&quot;sizes&quot;:[]},&quot;gap_tablet&quot;:{&quot;unit&quot;:&quot;px&quot;,&quot;size&quot;:10,&quot;sizes&quot;:[]},&quot;gap_mobile&quot;:{&quot;unit&quot;:&quot;px&quot;,&quot;size&quot;:10,&quot;sizes&quot;:[]},&quot;link_to&quot;:&quot;file&quot;,&quot;overlay_background&quot;:&quot;yes&quot;,&quot;content_hover_animation&quot;:&quot;fade-in&quot;}\" data-widget_type=\"gallery.default\">\n\t\t\t\t<div class=\"elementor-widget-container\">\n\t\t\t\t\t\t\t<div class=\"elementor-gallery__container\">\n\t\t\t\t\t\t\t<a class=\"e-gallery-item elementor-gallery-item elementor-animated-content\" href=\"https:\/\/costablanca-magazin.com\/wp-content\/uploads\/2024\/10\/Wochenmarkt-Costa-Blanca-7-scaled.jpg\" data-elementor-open-lightbox=\"yes\" data-elementor-lightbox-slideshow=\"87e50dd\" data-elementor-lightbox-title=\"Wochenmarkt Costa Blanca (7)\" data-elementor-lightbox-description=\"Buntes Treiben und mediterrane Gen\u00fcsse - Die Wochenm\u00e4rkte der Marina Alta und Marina Baixa\" data-e-action-hash=\"#elementor-action%3Aaction%3Dlightbox%26settings%3DeyJpZCI6MjgwOCwidXJsIjoiaHR0cHM6XC9cL2Nvc3RhYmxhbmNhLW1hZ2F6aW4uY29tXC93cC1jb250ZW50XC91cGxvYWRzXC8yMDI0XC8xMFwvV29jaGVubWFya3QtQ29zdGEtQmxhbmNhLTctc2NhbGVkLmpwZyIsInNsaWRlc2hvdyI6Ijg3ZTUwZGQifQ%3D%3D\">\n\t\t\t\t\t<div class=\"e-gallery-image elementor-gallery-item__image\" data-thumbnail=\"https:\/\/costablanca-magazin.com\/wp-content\/uploads\/2024\/10\/Wochenmarkt-Costa-Blanca-7-768x1024.jpg\" data-width=\"768\" data-height=\"1024\" aria-label=\"Drukte en mediterrane lekkernijen - De weekmarkten van Marina Alta en Marina Baixa 12\" role=\"img\" ><\/div>\n\t\t\t\t\t\t\t\t\t\t\t<div class=\"elementor-gallery-item__overlay\"><\/div>\n\t\t\t\t\t\t\t\t\t\t\t\t\t\t<\/a>\n\t\t\t\t\t<\/div>\n\t\t\t\t\t<\/div>\n\t\t\t\t<\/div>\n\t\t\t\t<\/div>\n\t\t<div class=\"elementor-element elementor-element-2fdfccc e-con-full e-flex e-con e-child\" data-id=\"2fdfccc\" data-element_type=\"container\" data-e-type=\"container\">\n\t\t\t\t<div class=\"elementor-element elementor-element-977a063 elementor-widget elementor-widget-heading\" data-id=\"977a063\" data-element_type=\"widget\" data-e-type=\"widget\" data-widget_type=\"heading.default\">\n\t\t\t\t<div class=\"elementor-widget-container\">\n\t\t\t\t\t<h5 class=\"elementor-heading-title elementor-size-default\">Wekelijkse markten in J\u00e1vea<\/h5>\t\t\t\t<\/div>\n\t\t\t\t<\/div>\n\t\t\t\t<div class=\"elementor-element elementor-element-ce5d8dc elementor-widget elementor-widget-text-editor\" data-id=\"ce5d8dc\" data-element_type=\"widget\" data-e-type=\"widget\" data-widget_type=\"text-editor.default\">\n\t\t\t\t<div class=\"elementor-widget-container\">\n\t\t\t\t\t\t\t\t\t<p>J\u00e1vea biedt twee <a title=\"Kleurrijke drukte en mediterrane lekkernijen - weekmarkten aan de Costa Blanca\" href=\"https:\/\/costablanca-magazin.com\/nl\/residenten\/leven-in-spanje\/kleurrijke-drukte-en-mediterrane-geneugten-costa-blanca-weekmarkten\/\" target=\"_blank\" rel=\"noopener\">Wekelijkse markten<\/a>:<\/p><p>Donderdagochtend: wekelijkse markt in het centrum (Plaza de la Constituci\u00f3n) - met levensmiddelen, kleding, planten<br \/>Dagelijks: Vis- en versmarkt in de Mercat Municipal de X\u00e0bia, vlak naast de kerk.<\/p>\t\t\t\t\t\t\t\t<\/div>\n\t\t\t\t<\/div>\n\t\t\t\t<\/div>\n\t\t\t\t\t<\/div>\n\t\t\t\t<\/div>\n\t\t<div class=\"elementor-element elementor-element-725199a e-flex e-con-boxed e-con e-parent\" data-id=\"725199a\" data-element_type=\"container\" data-e-type=\"container\">\n\t\t\t\t\t<div class=\"e-con-inner\">\n\t\t<div class=\"elementor-element elementor-element-1a86277 e-con-full e-flex e-con e-child\" data-id=\"1a86277\" data-element_type=\"container\" data-e-type=\"container\">\n\t\t\t\t<div class=\"elementor-element elementor-element-212d99a elementor-widget elementor-widget-heading\" data-id=\"212d99a\" data-element_type=\"widget\" data-e-type=\"widget\" data-widget_type=\"heading.default\">\n\t\t\t\t<div class=\"elementor-widget-container\">\n\t\t\t\t\t<h5 class=\"elementor-heading-title elementor-size-default\">Stranden in J\u00e1vea - verscheidenheid langs de kust<\/h5>\t\t\t\t<\/div>\n\t\t\t\t<\/div>\n\t\t\t\t<div class=\"elementor-element elementor-element-4918817 elementor-widget elementor-widget-text-editor\" data-id=\"4918817\" data-element_type=\"widget\" data-e-type=\"widget\" data-widget_type=\"text-editor.default\">\n\t\t\t\t<div class=\"elementor-widget-container\">\n\t\t\t\t\t\t\t\t\t<p>J\u00e1vea biedt verschillende stranden voor verschillende behoeften:<\/p><ul><li><strong>Playa del Arenal<\/strong> - Fijn zand, gezinsvriendelijk, met promenade, restaurants en recreatiefaciliteiten<\/li><li><strong>La Grava (havenstrand)<\/strong> - Kiezel, helder, rustig, met directe toegang tot het havenleven<\/li><li><strong>Cala Blanca &amp; Cala Barraca<\/strong> - Kleine baaien met rotsachtige landschappen, perfect om te snorkelen en te ontspannen<\/li><li><strong>Cala Granadella<\/strong> - Pittoreske baai, herhaaldelijk uitgeroepen tot mooiste strand van Spanje<\/li><li><strong>Cala Ambolo<\/strong> - Natuurlijk naaktstrand (momenteel officieel gesloten, toegang niet aanbevolen)<\/li><\/ul><p>De stranden zijn goed onderhouden, hebben vaak de Blauwe Vlag en zijn toegankelijk voor alle leeftijden.<\/p>\t\t\t\t\t\t\t\t<\/div>\n\t\t\t\t<\/div>\n\t\t\t\t<\/div>\n\t\t<div class=\"elementor-element elementor-element-4446bbc e-con-full e-flex e-con e-child\" data-id=\"4446bbc\" data-element_type=\"container\" data-e-type=\"container\">\n\t\t\t\t<div class=\"elementor-element elementor-element-ba47153 elementor-widget__width-initial elementor-widget elementor-widget-gallery\" data-id=\"ba47153\" data-element_type=\"widget\" data-e-type=\"widget\" data-settings=\"{&quot;columns&quot;:1,&quot;aspect_ratio&quot;:&quot;1:1&quot;,&quot;lazyload&quot;:&quot;yes&quot;,&quot;gallery_layout&quot;:&quot;grid&quot;,&quot;columns_tablet&quot;:2,&quot;columns_mobile&quot;:1,&quot;gap&quot;:{&quot;unit&quot;:&quot;px&quot;,&quot;size&quot;:10,&quot;sizes&quot;:[]},&quot;gap_tablet&quot;:{&quot;unit&quot;:&quot;px&quot;,&quot;size&quot;:10,&quot;sizes&quot;:[]},&quot;gap_mobile&quot;:{&quot;unit&quot;:&quot;px&quot;,&quot;size&quot;:10,&quot;sizes&quot;:[]},&quot;link_to&quot;:&quot;file&quot;,&quot;overlay_background&quot;:&quot;yes&quot;,&quot;content_hover_animation&quot;:&quot;fade-in&quot;}\" data-widget_type=\"gallery.default\">\n\t\t\t\t<div class=\"elementor-widget-container\">\n\t\t\t\t\t\t\t<div class=\"elementor-gallery__container\">\n\t\t\t\t\t\t\t<a class=\"e-gallery-item elementor-gallery-item elementor-animated-content\" href=\"https:\/\/costablanca-magazin.com\/wp-content\/uploads\/2025\/05\/20230407_103456.jpg\" data-elementor-open-lightbox=\"yes\" data-elementor-lightbox-slideshow=\"ba47153\" data-elementor-lightbox-title=\"20230407_103456\" data-e-action-hash=\"#elementor-action%3Aaction%3Dlightbox%26settings%3DeyJpZCI6NzE5NSwidXJsIjoiaHR0cHM6XC9cL2Nvc3RhYmxhbmNhLW1hZ2F6aW4uY29tXC93cC1jb250ZW50XC91cGxvYWRzXC8yMDI1XC8wNVwvMjAyMzA0MDdfMTAzNDU2LmpwZyIsInNsaWRlc2hvdyI6ImJhNDcxNTMifQ%3D%3D\">\n\t\t\t\t\t<div class=\"e-gallery-image elementor-gallery-item__image\" data-thumbnail=\"https:\/\/costablanca-magazin.com\/wp-content\/uploads\/2025\/05\/20230407_103456.jpg\" data-width=\"800\" data-height=\"600\" aria-label=\"costablanca mallorca 280\" role=\"img\" ><\/div>\n\t\t\t\t\t\t\t\t\t\t\t<div class=\"elementor-gallery-item__overlay\"><\/div>\n\t\t\t\t\t\t\t\t\t\t\t\t\t\t<\/a>\n\t\t\t\t\t<\/div>\n\t\t\t\t\t<\/div>\n\t\t\t\t<\/div>\n\t\t\t\t<\/div>\n\t\t\t\t\t<\/div>\n\t\t\t\t<\/div>\n\t\t<div class=\"elementor-element elementor-element-f857d75 e-flex e-con-boxed e-con e-parent\" data-id=\"f857d75\" data-element_type=\"container\" data-e-type=\"container\">\n\t\t\t\t\t<div class=\"e-con-inner\">\n\t\t<div class=\"elementor-element elementor-element-8e6152a e-con-full e-flex e-con e-child\" data-id=\"8e6152a\" data-element_type=\"container\" data-e-type=\"container\">\n\t\t\t\t<div class=\"elementor-element elementor-element-c9ed251 elementor-widget__width-initial elementor-widget elementor-widget-gallery\" data-id=\"c9ed251\" data-element_type=\"widget\" data-e-type=\"widget\" data-settings=\"{&quot;columns&quot;:1,&quot;aspect_ratio&quot;:&quot;21:9&quot;,&quot;lazyload&quot;:&quot;yes&quot;,&quot;gallery_layout&quot;:&quot;grid&quot;,&quot;columns_tablet&quot;:2,&quot;columns_mobile&quot;:1,&quot;gap&quot;:{&quot;unit&quot;:&quot;px&quot;,&quot;size&quot;:10,&quot;sizes&quot;:[]},&quot;gap_tablet&quot;:{&quot;unit&quot;:&quot;px&quot;,&quot;size&quot;:10,&quot;sizes&quot;:[]},&quot;gap_mobile&quot;:{&quot;unit&quot;:&quot;px&quot;,&quot;size&quot;:10,&quot;sizes&quot;:[]},&quot;link_to&quot;:&quot;file&quot;,&quot;overlay_background&quot;:&quot;yes&quot;,&quot;content_hover_animation&quot;:&quot;fade-in&quot;}\" data-widget_type=\"gallery.default\">\n\t\t\t\t<div class=\"elementor-widget-container\">\n\t\t\t\t\t\t\t<div class=\"elementor-gallery__container\">\n\t\t\t\t\t\t\t<a class=\"e-gallery-item elementor-gallery-item elementor-animated-content\" href=\"https:\/\/costablanca-magazin.com\/wp-content\/uploads\/2025\/05\/20230820_081113.jpg\" data-elementor-open-lightbox=\"yes\" data-elementor-lightbox-slideshow=\"c9ed251\" data-elementor-lightbox-title=\"20230820_081113\" data-e-action-hash=\"#elementor-action%3Aaction%3Dlightbox%26settings%3DeyJpZCI6NzIwMCwidXJsIjoiaHR0cHM6XC9cL2Nvc3RhYmxhbmNhLW1hZ2F6aW4uY29tXC93cC1jb250ZW50XC91cGxvYWRzXC8yMDI1XC8wNVwvMjAyMzA4MjBfMDgxMTEzLmpwZyIsInNsaWRlc2hvdyI6ImM5ZWQyNTEifQ%3D%3D\">\n\t\t\t\t\t<div class=\"e-gallery-image elementor-gallery-item__image\" data-thumbnail=\"https:\/\/costablanca-magazin.com\/wp-content\/uploads\/2025\/05\/20230820_081113.jpg\" data-width=\"1000\" data-height=\"750\" aria-label=\"costablanca mallorca 285\" role=\"img\" ><\/div>\n\t\t\t\t\t\t\t\t\t\t\t<div class=\"elementor-gallery-item__overlay\"><\/div>\n\t\t\t\t\t\t\t\t\t\t\t\t\t\t<\/a>\n\t\t\t\t\t<\/div>\n\t\t\t\t\t<\/div>\n\t\t\t\t<\/div>\n\t\t\t\t<\/div>\n\t\t<div class=\"elementor-element elementor-element-ccd85dc e-con-full e-flex e-con e-child\" data-id=\"ccd85dc\" data-element_type=\"container\" data-e-type=\"container\">\n\t\t\t\t<div class=\"elementor-element elementor-element-d817659 elementor-widget elementor-widget-heading\" data-id=\"d817659\" data-element_type=\"widget\" data-e-type=\"widget\" data-widget_type=\"heading.default\">\n\t\t\t\t<div class=\"elementor-widget-container\">\n\t\t\t\t\t<h5 class=\"elementor-heading-title elementor-size-default\">Landschap &amp; natuur - tussen de zee, Montg\u00f3 en de kaap<\/h5>\t\t\t\t<\/div>\n\t\t\t\t<\/div>\n\t\t\t\t<div class=\"elementor-element elementor-element-f567d1b elementor-widget elementor-widget-text-editor\" data-id=\"f567d1b\" data-element_type=\"widget\" data-e-type=\"widget\" data-widget_type=\"text-editor.default\">\n\t\t\t\t<div class=\"elementor-widget-container\">\n\t\t\t\t\t\t\t\t\t<p>De ligging tussen het imposante Montg\u00f3-massief in het westen en de kliffen in het oosten maakt van J\u00e1vea een bijzonder aantrekkelijk landschap. Wandelaars, fietsers, duikers en natuurliefhebbers vinden talloze paden, beschermde gebieden en uitkijkpunten in de omgeving - bijvoorbeeld bij Cap de Sant Antoni, waar ook een vuurtoren staat.<\/p>\t\t\t\t\t\t\t\t<\/div>\n\t\t\t\t<\/div>\n\t\t\t\t<\/div>\n\t\t\t\t\t<\/div>\n\t\t\t\t<\/div>\n\t\t<div class=\"elementor-element elementor-element-d78afa4 e-flex e-con-boxed e-con e-parent\" data-id=\"d78afa4\" data-element_type=\"container\" data-e-type=\"container\">\n\t\t\t\t\t<div class=\"e-con-inner\">\n\t\t<div class=\"elementor-element elementor-element-87c5561 e-con-full e-flex e-con e-child\" data-id=\"87c5561\" data-element_type=\"container\" data-e-type=\"container\">\n\t\t\t\t<div class=\"elementor-element elementor-element-9a32e41 elementor-widget elementor-widget-heading\" data-id=\"9a32e41\" data-element_type=\"widget\" data-e-type=\"widget\" data-widget_type=\"heading.default\">\n\t\t\t\t<div class=\"elementor-widget-container\">\n\t\t\t\t\t<h5 class=\"elementor-heading-title elementor-size-default\">Festivals en evenementen - diepgeworteld en actief georganiseerd<\/h5>\t\t\t\t<\/div>\n\t\t\t\t<\/div>\n\t\t\t\t<div class=\"elementor-element elementor-element-25ef5c9 elementor-widget elementor-widget-text-editor\" data-id=\"25ef5c9\" data-element_type=\"widget\" data-e-type=\"widget\" data-widget_type=\"text-editor.default\">\n\t\t\t\t<div class=\"elementor-widget-container\">\n\t\t\t\t\t\t\t\t\t<p>J\u00e1vea heeft een zeer actief gemeenschapsleven waar ook internationale bewoners deel van uitmaken. De belangrijkste festivals zijn:<\/p><ul><li>\ud83c\udf87 <strong>Fogueres de Sant Joan<\/strong> (Juni): Stadsfestival met parades, vreugdevuren, muziek en vuurwerk<\/li><li>\ud83e\udd3a <strong>Moros y Cristianos<\/strong> (juli, in het havengebied): Grote optochten en festiviteiten met een traditioneel programma<\/li><li>\ud83c\udfb6 <strong>X\u00e0bia Jazz Festival<\/strong> (Augustus): Jazzserie van hoog kaliber op het oude stadsplein<\/li><li>Talrijk <strong>culturele evenementen<\/strong> in het auditorium en op openbare plaatsen<\/li><\/ul>\t\t\t\t\t\t\t\t<\/div>\n\t\t\t\t<\/div>\n\t\t\t\t<\/div>\n\t\t<div class=\"elementor-element elementor-element-8659766 e-con-full e-flex e-con e-child\" data-id=\"8659766\" data-element_type=\"container\" data-e-type=\"container\">\n\t\t\t\t<div class=\"elementor-element elementor-element-1115b99 elementor-widget__width-initial elementor-widget elementor-widget-gallery\" data-id=\"1115b99\" data-element_type=\"widget\" data-e-type=\"widget\" data-settings=\"{&quot;columns&quot;:1,&quot;aspect_ratio&quot;:&quot;4:3&quot;,&quot;lazyload&quot;:&quot;yes&quot;,&quot;gallery_layout&quot;:&quot;grid&quot;,&quot;columns_tablet&quot;:2,&quot;columns_mobile&quot;:1,&quot;gap&quot;:{&quot;unit&quot;:&quot;px&quot;,&quot;size&quot;:10,&quot;sizes&quot;:[]},&quot;gap_tablet&quot;:{&quot;unit&quot;:&quot;px&quot;,&quot;size&quot;:10,&quot;sizes&quot;:[]},&quot;gap_mobile&quot;:{&quot;unit&quot;:&quot;px&quot;,&quot;size&quot;:10,&quot;sizes&quot;:[]},&quot;link_to&quot;:&quot;file&quot;,&quot;overlay_background&quot;:&quot;yes&quot;,&quot;content_hover_animation&quot;:&quot;fade-in&quot;}\" data-widget_type=\"gallery.default\">\n\t\t\t\t<div class=\"elementor-widget-container\">\n\t\t\t\t\t\t\t<div class=\"elementor-gallery__container\">\n\t\t\t\t\t\t\t<a class=\"e-gallery-item elementor-gallery-item elementor-animated-content\" href=\"https:\/\/costablanca-magazin.com\/wp-content\/uploads\/2024\/10\/Oktoberfest-in-Javea-2024-Kopie.jpg\" data-elementor-open-lightbox=\"yes\" data-elementor-lightbox-slideshow=\"1115b99\" data-elementor-lightbox-title=\"Oktoberfest in Javea 2024 Kopie\" data-elementor-lightbox-description=\"Oktoberfest in Javea 2024 Kopie\" data-e-action-hash=\"#elementor-action%3Aaction%3Dlightbox%26settings%3DeyJpZCI6MjU0NiwidXJsIjoiaHR0cHM6XC9cL2Nvc3RhYmxhbmNhLW1hZ2F6aW4uY29tXC93cC1jb250ZW50XC91cGxvYWRzXC8yMDI0XC8xMFwvT2t0b2JlcmZlc3QtaW4tSmF2ZWEtMjAyNC1Lb3BpZS5qcGciLCJzbGlkZXNob3ciOiIxMTE1Yjk5In0%3D\">\n\t\t\t\t\t<div class=\"e-gallery-image elementor-gallery-item__image\" data-thumbnail=\"https:\/\/costablanca-magazin.com\/wp-content\/uploads\/2024\/10\/Oktoberfest-in-Javea-2024-Kopie.jpg\" data-width=\"1252\" data-height=\"834\" aria-label=\"Oktoberfest in Javea 2024 Kopi\u00ebren\" role=\"img\" ><\/div>\n\t\t\t\t\t\t\t\t\t\t\t<div class=\"elementor-gallery-item__overlay\"><\/div>\n\t\t\t\t\t\t\t\t\t\t\t\t\t\t<\/a>\n\t\t\t\t\t<\/div>\n\t\t\t\t\t<\/div>\n\t\t\t\t<\/div>\n\t\t\t\t<\/div>\n\t\t<div class=\"elementor-element elementor-element-3bec3aa e-con-full e-flex e-con e-child\" data-id=\"3bec3aa\" data-element_type=\"container\" data-e-type=\"container\">\n\t\t\t\t<div class=\"elementor-element elementor-element-e431a7b elementor-widget__width-initial elementor-widget elementor-widget-gallery\" data-id=\"e431a7b\" data-element_type=\"widget\" data-e-type=\"widget\" data-settings=\"{&quot;columns&quot;:1,&quot;aspect_ratio&quot;:&quot;1:1&quot;,&quot;lazyload&quot;:&quot;yes&quot;,&quot;gallery_layout&quot;:&quot;grid&quot;,&quot;columns_tablet&quot;:2,&quot;columns_mobile&quot;:1,&quot;gap&quot;:{&quot;unit&quot;:&quot;px&quot;,&quot;size&quot;:10,&quot;sizes&quot;:[]},&quot;gap_tablet&quot;:{&quot;unit&quot;:&quot;px&quot;,&quot;size&quot;:10,&quot;sizes&quot;:[]},&quot;gap_mobile&quot;:{&quot;unit&quot;:&quot;px&quot;,&quot;size&quot;:10,&quot;sizes&quot;:[]},&quot;link_to&quot;:&quot;file&quot;,&quot;overlay_background&quot;:&quot;yes&quot;,&quot;content_hover_animation&quot;:&quot;fade-in&quot;}\" data-widget_type=\"gallery.default\">\n\t\t\t\t<div class=\"elementor-widget-container\">\n\t\t\t\t\t\t\t<div class=\"elementor-gallery__container\">\n\t\t\t\t\t\t\t<a class=\"e-gallery-item elementor-gallery-item elementor-animated-content\" href=\"https:\/\/costablanca-magazin.com\/wp-content\/uploads\/2023\/01\/waterfront-panoramic-view-of-the-arenal-beach-and-2022-11-15-15-03-17-utc-scaled-1.jpg\" data-elementor-open-lightbox=\"yes\" data-elementor-lightbox-slideshow=\"e431a7b\" data-elementor-lightbox-title=\"waterfront-panoramic-view-of-the-arenal-beach-and-2022-11-15-15-03-17-utc\" data-elementor-lightbox-description=\"Strand Javea Costa Blanca \" data-e-action-hash=\"#elementor-action%3Aaction%3Dlightbox%26settings%3DeyJpZCI6MTA4OCwidXJsIjoiaHR0cHM6XC9cL2Nvc3RhYmxhbmNhLW1hZ2F6aW4uY29tXC93cC1jb250ZW50XC91cGxvYWRzXC8yMDIzXC8wMVwvd2F0ZXJmcm9udC1wYW5vcmFtaWMtdmlldy1vZi10aGUtYXJlbmFsLWJlYWNoLWFuZC0yMDIyLTExLTE1LTE1LTAzLTE3LXV0Yy1zY2FsZWQtMS5qcGciLCJzbGlkZXNob3ciOiJlNDMxYTdiIn0%3D\">\n\t\t\t\t\t<div class=\"e-gallery-image elementor-gallery-item__image\" data-thumbnail=\"https:\/\/costablanca-magazin.com\/wp-content\/uploads\/2023\/01\/waterfront-panoramic-view-of-the-arenal-beach-and-2022-11-15-15-03-17-utc-scaled-1-2048x1366.jpg\" data-width=\"2048\" data-height=\"1366\" aria-label=\"Strand Javea Costa Blanca\" role=\"img\" ><\/div>\n\t\t\t\t\t\t\t\t\t\t\t<div class=\"elementor-gallery-item__overlay\"><\/div>\n\t\t\t\t\t\t\t\t\t\t\t\t\t\t<\/a>\n\t\t\t\t\t<\/div>\n\t\t\t\t\t<\/div>\n\t\t\t\t<\/div>\n\t\t\t\t<\/div>\n\t\t<div class=\"elementor-element elementor-element-8023702 e-con-full e-flex e-con e-child\" data-id=\"8023702\" data-element_type=\"container\" data-e-type=\"container\">\n\t\t\t\t<div class=\"elementor-element elementor-element-bfceed4 elementor-widget elementor-widget-heading\" data-id=\"bfceed4\" data-element_type=\"widget\" data-e-type=\"widget\" data-widget_type=\"heading.default\">\n\t\t\t\t<div class=\"elementor-widget-container\">\n\t\t\t\t\t<h5 class=\"elementor-heading-title elementor-size-default\">Wonen in J\u00e1vea - internationaal, solide, hoge kwaliteit<\/h5>\t\t\t\t<\/div>\n\t\t\t\t<\/div>\n\t\t\t\t<div class=\"elementor-element elementor-element-2789e6f elementor-widget elementor-widget-text-editor\" data-id=\"2789e6f\" data-element_type=\"widget\" data-e-type=\"widget\" data-widget_type=\"text-editor.default\">\n\t\t\t\t<div class=\"elementor-widget-container\">\n\t\t\t\t\t\t\t\t\t<p>Veel Duitstalige, Britse en Belgische inwoners wonen in J\u00e1vea - niet alleen tijdelijk, maar permanent. De stad biedt:<\/p><p>Goede medische zorg (openbare en priv\u00e9klinieken)<br \/>Meertalige diensten<br \/>Internationale scholen (waaronder X\u00e0bia International College)<br \/>Tal van vrijetijdsclubs, culturele initiatieven en sportclubs<\/p><p>De vastgoedmarkt is divers en van hoge kwaliteit - van flats tot villa's met uitzicht op zee. De prijsstructuur ligt boven het gemiddelde van de regio, maar weerspiegelt de locatie, het klimaat en de levensstandaard.<\/p>\t\t\t\t\t\t\t\t<\/div>\n\t\t\t\t<\/div>\n\t\t\t\t<\/div>\n\t\t\t\t\t<\/div>\n\t\t\t\t<\/div>\n\t\t<div class=\"elementor-element elementor-element-752aed2 e-flex e-con-boxed e-con e-parent\" data-id=\"752aed2\" data-element_type=\"container\" data-e-type=\"container\">\n\t\t\t\t\t<div class=\"e-con-inner\">\n\t\t<div class=\"elementor-element elementor-element-ea19d6f e-con-full e-flex e-con e-child\" data-id=\"ea19d6f\" data-element_type=\"container\" data-e-type=\"container\">\n\t\t\t\t<div class=\"elementor-element elementor-element-e3ad641 elementor-widget elementor-widget-google_maps\" data-id=\"e3ad641\" data-element_type=\"widget\" data-e-type=\"widget\" data-widget_type=\"google_maps.default\">\n\t\t\t\t<div class=\"elementor-widget-container\">\n\t\t\t\t\t\t\t<div class=\"elementor-custom-embed\">\n\t\t\t<iframe loading=\"lazy\"\n\t\t\t\t\tsrc=\"https:\/\/maps.google.com\/maps?q=Javea&#038;t=m&#038;z=14&#038;output=embed&#038;iwloc=near\"\n\t\t\t\t\ttitle=\"Javea\"\n\t\t\t\t\taria-label=\"Javea\"\n\t\t\t><\/iframe>\n\t\t<\/div>\n\t\t\t\t\t\t<\/div>\n\t\t\t\t<\/div>\n\t\t\t\t<\/div>\n\t\t<div class=\"elementor-element elementor-element-78de170 e-con-full e-flex e-con e-child\" data-id=\"78de170\" data-element_type=\"container\" data-e-type=\"container\">\n\t\t\t\t<div class=\"elementor-element elementor-element-a0b3845 elementor-widget elementor-widget-text-editor\" data-id=\"a0b3845\" data-element_type=\"widget\" data-e-type=\"widget\" data-widget_type=\"text-editor.default\">\n\t\t\t\t<div class=\"elementor-widget-container\">\n\t\t\t\t\t\t\t\t\t<p><strong>Contact &amp; informatie<\/strong><\/p><p><strong>Toeristische dienst X\u00e0bia \/ J\u00e1vea<\/strong><br \/>Plaza de la Iglesia, 4 - 03730 X\u00e0bia (Alicante)<br \/>\ud83d\udcde +34 965 794 356<br \/>\u2709\ufe0f xabia@touristinfo.net<br \/>\ud83c\udf10 <a href=\"https:\/\/www.xabia.org\" target=\"_blank\" rel=\"noopener\">www.xabia.org<\/a><\/p>\t\t\t\t\t\t\t\t<\/div>\n\t\t\t\t<\/div>\n\t\t\t\t<\/div>\n\t\t\t\t\t<\/div>\n\t\t\t\t<\/div>\n\t\t<div class=\"elementor-element elementor-element-d8a0ab8 e-flex e-con-boxed e-con e-parent\" data-id=\"d8a0ab8\" data-element_type=\"container\" data-e-type=\"container\">\n\t\t\t\t\t<div class=\"e-con-inner\">\n\t\t\t\t<div class=\"elementor-element elementor-element-eb247e2 elementor-widget elementor-widget-gallery\" data-id=\"eb247e2\" data-element_type=\"widget\" data-e-type=\"widget\" data-settings=\"{&quot;gallery_layout&quot;:&quot;justified&quot;,&quot;ideal_row_height&quot;:{&quot;unit&quot;:&quot;px&quot;,&quot;size&quot;:204,&quot;sizes&quot;:[]},&quot;gap&quot;:{&quot;unit&quot;:&quot;px&quot;,&quot;size&quot;:2,&quot;sizes&quot;:[]},&quot;lazyload&quot;:&quot;yes&quot;,&quot;ideal_row_height_tablet&quot;:{&quot;unit&quot;:&quot;px&quot;,&quot;size&quot;:150,&quot;sizes&quot;:[]},&quot;ideal_row_height_mobile&quot;:{&quot;unit&quot;:&quot;px&quot;,&quot;size&quot;:150,&quot;sizes&quot;:[]},&quot;gap_tablet&quot;:{&quot;unit&quot;:&quot;px&quot;,&quot;size&quot;:10,&quot;sizes&quot;:[]},&quot;gap_mobile&quot;:{&quot;unit&quot;:&quot;px&quot;,&quot;size&quot;:10,&quot;sizes&quot;:[]},&quot;link_to&quot;:&quot;file&quot;,&quot;overlay_background&quot;:&quot;yes&quot;,&quot;content_hover_animation&quot;:&quot;fade-in&quot;}\" data-widget_type=\"gallery.default\">\n\t\t\t\t<div class=\"elementor-widget-container\">\n\t\t\t\t\t\t\t<div class=\"elementor-gallery__container\">\n\t\t\t\t\t\t\t<a class=\"e-gallery-item elementor-gallery-item elementor-animated-content\" href=\"https:\/\/costablanca-magazin.com\/wp-content\/uploads\/2025\/05\/20230820_082224.jpg\" data-elementor-open-lightbox=\"yes\" data-elementor-lightbox-slideshow=\"eb247e2\" data-elementor-lightbox-title=\"20230820_082224\" data-e-action-hash=\"#elementor-action%3Aaction%3Dlightbox%26settings%3DeyJpZCI6NzIwNiwidXJsIjoiaHR0cHM6XC9cL2Nvc3RhYmxhbmNhLW1hZ2F6aW4uY29tXC93cC1jb250ZW50XC91cGxvYWRzXC8yMDI1XC8wNVwvMjAyMzA4MjBfMDgyMjI0LmpwZyIsInNsaWRlc2hvdyI6ImViMjQ3ZTIifQ%3D%3D\">\n\t\t\t\t\t<div class=\"e-gallery-image elementor-gallery-item__image\" data-thumbnail=\"https:\/\/costablanca-magazin.com\/wp-content\/uploads\/2025\/05\/20230820_082224.jpg\" data-width=\"1000\" data-height=\"750\" aria-label=\"costablanca mallorca 291\" role=\"img\" ><\/div>\n\t\t\t\t\t\t\t\t\t\t\t<div class=\"elementor-gallery-item__overlay\"><\/div>\n\t\t\t\t\t\t\t\t\t\t\t\t\t\t<\/a>\n\t\t\t\t\t\t\t<a class=\"e-gallery-item elementor-gallery-item elementor-animated-content\" href=\"https:\/\/costablanca-magazin.com\/wp-content\/uploads\/2025\/05\/20230820_084746.jpg\" data-elementor-open-lightbox=\"yes\" data-elementor-lightbox-slideshow=\"eb247e2\" data-elementor-lightbox-title=\"20230820_084746\" data-e-action-hash=\"#elementor-action%3Aaction%3Dlightbox%26settings%3DeyJpZCI6NzIwOSwidXJsIjoiaHR0cHM6XC9cL2Nvc3RhYmxhbmNhLW1hZ2F6aW4uY29tXC93cC1jb250ZW50XC91cGxvYWRzXC8yMDI1XC8wNVwvMjAyMzA4MjBfMDg0NzQ2LmpwZyIsInNsaWRlc2hvdyI6ImViMjQ3ZTIifQ%3D%3D\">\n\t\t\t\t\t<div class=\"e-gallery-image elementor-gallery-item__image\" data-thumbnail=\"https:\/\/costablanca-magazin.com\/wp-content\/uploads\/2025\/05\/20230820_084746.jpg\" data-width=\"1000\" data-height=\"750\" aria-label=\"costablanca mallorca 294\" role=\"img\" ><\/div>\n\t\t\t\t\t\t\t\t\t\t\t<div class=\"elementor-gallery-item__overlay\"><\/div>\n\t\t\t\t\t\t\t\t\t\t\t\t\t\t<\/a>\n\t\t\t\t\t\t\t<a class=\"e-gallery-item elementor-gallery-item elementor-animated-content\" href=\"https:\/\/costablanca-magazin.com\/wp-content\/uploads\/2025\/05\/20241016_123841.jpg\" data-elementor-open-lightbox=\"yes\" data-elementor-lightbox-slideshow=\"eb247e2\" data-elementor-lightbox-title=\"20241016_123841\" data-e-action-hash=\"#elementor-action%3Aaction%3Dlightbox%26settings%3DeyJpZCI6NzIxMSwidXJsIjoiaHR0cHM6XC9cL2Nvc3RhYmxhbmNhLW1hZ2F6aW4uY29tXC93cC1jb250ZW50XC91cGxvYWRzXC8yMDI1XC8wNVwvMjAyNDEwMTZfMTIzODQxLmpwZyIsInNsaWRlc2hvdyI6ImViMjQ3ZTIifQ%3D%3D\">\n\t\t\t\t\t<div class=\"e-gallery-image elementor-gallery-item__image\" data-thumbnail=\"https:\/\/costablanca-magazin.com\/wp-content\/uploads\/2025\/05\/20241016_123841.jpg\" data-width=\"1000\" data-height=\"473\" aria-label=\"costablanca mallorca 296\" role=\"img\" ><\/div>\n\t\t\t\t\t\t\t\t\t\t\t<div class=\"elementor-gallery-item__overlay\"><\/div>\n\t\t\t\t\t\t\t\t\t\t\t\t\t\t<\/a>\n\t\t\t\t\t\t\t<a class=\"e-gallery-item elementor-gallery-item elementor-animated-content\" href=\"https:\/\/costablanca-magazin.com\/wp-content\/uploads\/2025\/05\/20230820_081113.jpg\" data-elementor-open-lightbox=\"yes\" data-elementor-lightbox-slideshow=\"eb247e2\" data-elementor-lightbox-title=\"20230820_081113\" data-e-action-hash=\"#elementor-action%3Aaction%3Dlightbox%26settings%3DeyJpZCI6NzIwMCwidXJsIjoiaHR0cHM6XC9cL2Nvc3RhYmxhbmNhLW1hZ2F6aW4uY29tXC93cC1jb250ZW50XC91cGxvYWRzXC8yMDI1XC8wNVwvMjAyMzA4MjBfMDgxMTEzLmpwZyIsInNsaWRlc2hvdyI6ImViMjQ3ZTIifQ%3D%3D\">\n\t\t\t\t\t<div class=\"e-gallery-image elementor-gallery-item__image\" data-thumbnail=\"https:\/\/costablanca-magazin.com\/wp-content\/uploads\/2025\/05\/20230820_081113.jpg\" data-width=\"1000\" data-height=\"750\" aria-label=\"costablanca mallorca 285\" role=\"img\" ><\/div>\n\t\t\t\t\t\t\t\t\t\t\t<div class=\"elementor-gallery-item__overlay\"><\/div>\n\t\t\t\t\t\t\t\t\t\t\t\t\t\t<\/a>\n\t\t\t\t\t\t\t<a class=\"e-gallery-item elementor-gallery-item elementor-animated-content\" href=\"https:\/\/costablanca-magazin.com\/wp-content\/uploads\/2025\/05\/20230407_103654.jpg\" data-elementor-open-lightbox=\"yes\" data-elementor-lightbox-slideshow=\"eb247e2\" data-elementor-lightbox-title=\"20230407_103654\" data-e-action-hash=\"#elementor-action%3Aaction%3Dlightbox%26settings%3DeyJpZCI6NzE5OCwidXJsIjoiaHR0cHM6XC9cL2Nvc3RhYmxhbmNhLW1hZ2F6aW4uY29tXC93cC1jb250ZW50XC91cGxvYWRzXC8yMDI1XC8wNVwvMjAyMzA0MDdfMTAzNjU0LmpwZyIsInNsaWRlc2hvdyI6ImViMjQ3ZTIifQ%3D%3D\">\n\t\t\t\t\t<div class=\"e-gallery-image elementor-gallery-item__image\" data-thumbnail=\"https:\/\/costablanca-magazin.com\/wp-content\/uploads\/2025\/05\/20230407_103654.jpg\" data-width=\"1000\" data-height=\"750\" aria-label=\"costablanca mallorca 283\" role=\"img\" ><\/div>\n\t\t\t\t\t\t\t\t\t\t\t<div class=\"elementor-gallery-item__overlay\"><\/div>\n\t\t\t\t\t\t\t\t\t\t\t\t\t\t<\/a>\n\t\t\t\t\t\t\t<a class=\"e-gallery-item elementor-gallery-item elementor-animated-content\" href=\"https:\/\/costablanca-magazin.com\/wp-content\/uploads\/2025\/02\/Text2-cabo-san-antonio-lighthouse-shining-at-night-refl-2023-11-27-05-15-33-utc-Leuchtturm-Javea-scaled.jpg\" data-elementor-open-lightbox=\"yes\" data-elementor-lightbox-slideshow=\"eb247e2\" data-elementor-lightbox-title=\"Spuk und Geister \u2013 Die unheimlichen Geschichten  der Costa Blanca\" data-elementor-lightbox-description=\"Spuk und Geister \u2013 Die unheimlichen Geschichten der Costa Blanca\" data-e-action-hash=\"#elementor-action%3Aaction%3Dlightbox%26settings%3DeyJpZCI6NDk3MiwidXJsIjoiaHR0cHM6XC9cL2Nvc3RhYmxhbmNhLW1hZ2F6aW4uY29tXC93cC1jb250ZW50XC91cGxvYWRzXC8yMDI1XC8wMlwvVGV4dDItY2Fiby1zYW4tYW50b25pby1saWdodGhvdXNlLXNoaW5pbmctYXQtbmlnaHQtcmVmbC0yMDIzLTExLTI3LTA1LTE1LTMzLXV0Yy1MZXVjaHR0dXJtLUphdmVhLXNjYWxlZC5qcGciLCJzbGlkZXNob3ciOiJlYjI0N2UyIn0%3D\">\n\t\t\t\t\t<div class=\"e-gallery-image elementor-gallery-item__image\" data-thumbnail=\"https:\/\/costablanca-magazin.com\/wp-content\/uploads\/2025\/02\/Text2-cabo-san-antonio-lighthouse-shining-at-night-refl-2023-11-27-05-15-33-utc-Leuchtturm-Javea-1371x2048.jpg\" data-width=\"1371\" data-height=\"2048\" aria-label=\"Spoken en geesten - de griezelige verhalen van de Costa Blanca\" role=\"img\" ><\/div>\n\t\t\t\t\t\t\t\t\t\t\t<div class=\"elementor-gallery-item__overlay\"><\/div>\n\t\t\t\t\t\t\t\t\t\t\t\t\t\t<\/a>\n\t\t\t\t\t\t\t<a class=\"e-gallery-item elementor-gallery-item elementor-animated-content\" href=\"https:\/\/costablanca-magazin.com\/wp-content\/uploads\/2025\/05\/20230407_103343.jpg\" data-elementor-open-lightbox=\"yes\" data-elementor-lightbox-slideshow=\"eb247e2\" data-elementor-lightbox-title=\"20230407_103343\" data-e-action-hash=\"#elementor-action%3Aaction%3Dlightbox%26settings%3DeyJpZCI6NzE5MiwidXJsIjoiaHR0cHM6XC9cL2Nvc3RhYmxhbmNhLW1hZ2F6aW4uY29tXC93cC1jb250ZW50XC91cGxvYWRzXC8yMDI1XC8wNVwvMjAyMzA0MDdfMTAzMzQzLmpwZyIsInNsaWRlc2hvdyI6ImViMjQ3ZTIifQ%3D%3D\">\n\t\t\t\t\t<div class=\"e-gallery-image elementor-gallery-item__image\" data-thumbnail=\"https:\/\/costablanca-magazin.com\/wp-content\/uploads\/2025\/05\/20230407_103343.jpg\" data-width=\"1000\" data-height=\"750\" aria-label=\"costablanca mallorca 277\" role=\"img\" ><\/div>\n\t\t\t\t\t\t\t\t\t\t\t<div class=\"elementor-gallery-item__overlay\"><\/div>\n\t\t\t\t\t\t\t\t\t\t\t\t\t\t<\/a>\n\t\t\t\t\t\t\t<a class=\"e-gallery-item elementor-gallery-item elementor-animated-content\" href=\"https:\/\/costablanca-magazin.com\/wp-content\/uploads\/2023\/01\/waterfront-panoramic-view-of-the-arenal-beach-and-2022-11-15-15-03-17-utc-scaled-1.jpg\" data-elementor-open-lightbox=\"yes\" data-elementor-lightbox-slideshow=\"eb247e2\" data-elementor-lightbox-title=\"waterfront-panoramic-view-of-the-arenal-beach-and-2022-11-15-15-03-17-utc\" data-elementor-lightbox-description=\"Strand Javea Costa Blanca \" data-e-action-hash=\"#elementor-action%3Aaction%3Dlightbox%26settings%3DeyJpZCI6MTA4OCwidXJsIjoiaHR0cHM6XC9cL2Nvc3RhYmxhbmNhLW1hZ2F6aW4uY29tXC93cC1jb250ZW50XC91cGxvYWRzXC8yMDIzXC8wMVwvd2F0ZXJmcm9udC1wYW5vcmFtaWMtdmlldy1vZi10aGUtYXJlbmFsLWJlYWNoLWFuZC0yMDIyLTExLTE1LTE1LTAzLTE3LXV0Yy1zY2FsZWQtMS5qcGciLCJzbGlkZXNob3ciOiJlYjI0N2UyIn0%3D\">\n\t\t\t\t\t<div class=\"e-gallery-image elementor-gallery-item__image\" data-thumbnail=\"https:\/\/costablanca-magazin.com\/wp-content\/uploads\/2023\/01\/waterfront-panoramic-view-of-the-arenal-beach-and-2022-11-15-15-03-17-utc-scaled-1-2048x1366.jpg\" data-width=\"2048\" data-height=\"1366\" aria-label=\"Strand Javea Costa Blanca\" role=\"img\" ><\/div>\n\t\t\t\t\t\t\t\t\t\t\t<div class=\"elementor-gallery-item__overlay\"><\/div>\n\t\t\t\t\t\t\t\t\t\t\t\t\t\t<\/a>\n\t\t\t\t\t\t\t<a class=\"e-gallery-item elementor-gallery-item elementor-animated-content\" href=\"https:\/\/costablanca-magazin.com\/wp-content\/uploads\/2025\/03\/Javea-Golf-7.jpg\" data-elementor-open-lightbox=\"yes\" data-elementor-lightbox-slideshow=\"eb247e2\" data-elementor-lightbox-title=\"Eleganz und  Sportgeist:  Club de Golf  J\u00e1vea\" data-elementor-lightbox-description=\"Eleganz und Sportgeist: Club de Golf J\u00e1vea\" data-e-action-hash=\"#elementor-action%3Aaction%3Dlightbox%26settings%3DeyJpZCI6NTE4MywidXJsIjoiaHR0cHM6XC9cL2Nvc3RhYmxhbmNhLW1hZ2F6aW4uY29tXC93cC1jb250ZW50XC91cGxvYWRzXC8yMDI1XC8wM1wvSmF2ZWEtR29sZi03LmpwZyIsInNsaWRlc2hvdyI6ImViMjQ3ZTIifQ%3D%3D\">\n\t\t\t\t\t<div class=\"e-gallery-image elementor-gallery-item__image\" data-thumbnail=\"https:\/\/costablanca-magazin.com\/wp-content\/uploads\/2025\/03\/Javea-Golf-7.jpg\" data-width=\"1600\" data-height=\"1200\" aria-label=\"Elegantie en sportiviteit: Club de Golf J\u00e1vea 7\" role=\"img\" ><\/div>\n\t\t\t\t\t\t\t\t\t\t\t<div class=\"elementor-gallery-item__overlay\"><\/div>\n\t\t\t\t\t\t\t\t\t\t\t\t\t\t<\/a>\n\t\t\t\t\t\t\t<a class=\"e-gallery-item elementor-gallery-item elementor-animated-content\" href=\"https:\/\/costablanca-magazin.com\/wp-content\/uploads\/2025\/05\/20241016_124139.jpg\" data-elementor-open-lightbox=\"yes\" data-elementor-lightbox-slideshow=\"eb247e2\" data-elementor-lightbox-title=\"20241016_124139\" data-e-action-hash=\"#elementor-action%3Aaction%3Dlightbox%26settings%3DeyJpZCI6NzIxMywidXJsIjoiaHR0cHM6XC9cL2Nvc3RhYmxhbmNhLW1hZ2F6aW4uY29tXC93cC1jb250ZW50XC91cGxvYWRzXC8yMDI1XC8wNVwvMjAyNDEwMTZfMTI0MTM5LmpwZyIsInNsaWRlc2hvdyI6ImViMjQ3ZTIifQ%3D%3D\">\n\t\t\t\t\t<div class=\"e-gallery-image elementor-gallery-item__image\" data-thumbnail=\"https:\/\/costablanca-magazin.com\/wp-content\/uploads\/2025\/05\/20241016_124139.jpg\" data-width=\"1000\" data-height=\"473\" aria-label=\"costablanca mallorca 298\" role=\"img\" ><\/div>\n\t\t\t\t\t\t\t\t\t\t\t<div class=\"elementor-gallery-item__overlay\"><\/div>\n\t\t\t\t\t\t\t\t\t\t\t\t\t\t<\/a>\n\t\t\t\t\t\t\t<a class=\"e-gallery-item elementor-gallery-item elementor-animated-content\" href=\"https:\/\/costablanca-magazin.com\/wp-content\/uploads\/2025\/05\/20230407_103435.jpg\" data-elementor-open-lightbox=\"yes\" data-elementor-lightbox-slideshow=\"eb247e2\" data-elementor-lightbox-title=\"20230407_103435\" data-e-action-hash=\"#elementor-action%3Aaction%3Dlightbox%26settings%3DeyJpZCI6NzE5NCwidXJsIjoiaHR0cHM6XC9cL2Nvc3RhYmxhbmNhLW1hZ2F6aW4uY29tXC93cC1jb250ZW50XC91cGxvYWRzXC8yMDI1XC8wNVwvMjAyMzA0MDdfMTAzNDM1LmpwZyIsInNsaWRlc2hvdyI6ImViMjQ3ZTIifQ%3D%3D\">\n\t\t\t\t\t<div class=\"e-gallery-image elementor-gallery-item__image\" data-thumbnail=\"https:\/\/costablanca-magazin.com\/wp-content\/uploads\/2025\/05\/20230407_103435.jpg\" data-width=\"1000\" data-height=\"750\" aria-label=\"costablanca mallorca 279\" role=\"img\" ><\/div>\n\t\t\t\t\t\t\t\t\t\t\t<div class=\"elementor-gallery-item__overlay\"><\/div>\n\t\t\t\t\t\t\t\t\t\t\t\t\t\t<\/a>\n\t\t\t\t\t\t\t<a class=\"e-gallery-item elementor-gallery-item elementor-animated-content\" href=\"https:\/\/costablanca-magazin.com\/wp-content\/uploads\/2025\/05\/20241016_124127.jpg\" data-elementor-open-lightbox=\"yes\" data-elementor-lightbox-slideshow=\"eb247e2\" data-elementor-lightbox-title=\"20241016_124127\" data-e-action-hash=\"#elementor-action%3Aaction%3Dlightbox%26settings%3DeyJpZCI6NzIxMiwidXJsIjoiaHR0cHM6XC9cL2Nvc3RhYmxhbmNhLW1hZ2F6aW4uY29tXC93cC1jb250ZW50XC91cGxvYWRzXC8yMDI1XC8wNVwvMjAyNDEwMTZfMTI0MTI3LmpwZyIsInNsaWRlc2hvdyI6ImViMjQ3ZTIifQ%3D%3D\">\n\t\t\t\t\t<div class=\"e-gallery-image elementor-gallery-item__image\" data-thumbnail=\"https:\/\/costablanca-magazin.com\/wp-content\/uploads\/2025\/05\/20241016_124127.jpg\" data-width=\"1000\" data-height=\"473\" aria-label=\"costablanca mallorca 297\" role=\"img\" ><\/div>\n\t\t\t\t\t\t\t\t\t\t\t<div class=\"elementor-gallery-item__overlay\"><\/div>\n\t\t\t\t\t\t\t\t\t\t\t\t\t\t<\/a>\n\t\t\t\t\t\t\t<a class=\"e-gallery-item elementor-gallery-item elementor-animated-content\" href=\"https:\/\/costablanca-magazin.com\/wp-content\/uploads\/2025\/05\/20241016_122520.jpg\" data-elementor-open-lightbox=\"yes\" data-elementor-lightbox-slideshow=\"eb247e2\" data-elementor-lightbox-title=\"20241016_122520\" data-e-action-hash=\"#elementor-action%3Aaction%3Dlightbox%26settings%3DeyJpZCI6NzIxMCwidXJsIjoiaHR0cHM6XC9cL2Nvc3RhYmxhbmNhLW1hZ2F6aW4uY29tXC93cC1jb250ZW50XC91cGxvYWRzXC8yMDI1XC8wNVwvMjAyNDEwMTZfMTIyNTIwLmpwZyIsInNsaWRlc2hvdyI6ImViMjQ3ZTIifQ%3D%3D\">\n\t\t\t\t\t<div class=\"e-gallery-image elementor-gallery-item__image\" data-thumbnail=\"https:\/\/costablanca-magazin.com\/wp-content\/uploads\/2025\/05\/20241016_122520.jpg\" data-width=\"1000\" data-height=\"501\" aria-label=\"costablanca mallorca 295\" role=\"img\" ><\/div>\n\t\t\t\t\t\t\t\t\t\t\t<div class=\"elementor-gallery-item__overlay\"><\/div>\n\t\t\t\t\t\t\t\t\t\t\t\t\t\t<\/a>\n\t\t\t\t\t\t\t<a class=\"e-gallery-item elementor-gallery-item elementor-animated-content\" href=\"https:\/\/costablanca-magazin.com\/wp-content\/uploads\/2025\/05\/20230820_081913.jpg\" data-elementor-open-lightbox=\"yes\" data-elementor-lightbox-slideshow=\"eb247e2\" data-elementor-lightbox-title=\"20230820_081913\" data-e-action-hash=\"#elementor-action%3Aaction%3Dlightbox%26settings%3DeyJpZCI6NzIwNCwidXJsIjoiaHR0cHM6XC9cL2Nvc3RhYmxhbmNhLW1hZ2F6aW4uY29tXC93cC1jb250ZW50XC91cGxvYWRzXC8yMDI1XC8wNVwvMjAyMzA4MjBfMDgxOTEzLmpwZyIsInNsaWRlc2hvdyI6ImViMjQ3ZTIifQ%3D%3D\">\n\t\t\t\t\t<div class=\"e-gallery-image elementor-gallery-item__image\" data-thumbnail=\"https:\/\/costablanca-magazin.com\/wp-content\/uploads\/2025\/05\/20230820_081913.jpg\" data-width=\"1000\" data-height=\"750\" aria-label=\"costablanca mallorca 289\" role=\"img\" ><\/div>\n\t\t\t\t\t\t\t\t\t\t\t<div class=\"elementor-gallery-item__overlay\"><\/div>\n\t\t\t\t\t\t\t\t\t\t\t\t\t\t<\/a>\n\t\t\t\t\t\t\t<a class=\"e-gallery-item elementor-gallery-item elementor-animated-content\" href=\"https:\/\/costablanca-magazin.com\/wp-content\/uploads\/2025\/03\/Javea-Golf-2.jpg\" data-elementor-open-lightbox=\"yes\" data-elementor-lightbox-slideshow=\"eb247e2\" data-elementor-lightbox-title=\"Eleganz und  Sportgeist:  Club de Golf  J\u00e1vea\" data-elementor-lightbox-description=\"Eleganz und Sportgeist: Club de Golf J\u00e1vea\" data-e-action-hash=\"#elementor-action%3Aaction%3Dlightbox%26settings%3DeyJpZCI6NTE3OCwidXJsIjoiaHR0cHM6XC9cL2Nvc3RhYmxhbmNhLW1hZ2F6aW4uY29tXC93cC1jb250ZW50XC91cGxvYWRzXC8yMDI1XC8wM1wvSmF2ZWEtR29sZi0yLmpwZyIsInNsaWRlc2hvdyI6ImViMjQ3ZTIifQ%3D%3D\">\n\t\t\t\t\t<div class=\"e-gallery-image elementor-gallery-item__image\" data-thumbnail=\"https:\/\/costablanca-magazin.com\/wp-content\/uploads\/2025\/03\/Javea-Golf-2.jpg\" data-width=\"1440\" data-height=\"996\" aria-label=\"Elegantie en sportiviteit: Club de Golf J\u00e1vea 2\" role=\"img\" ><\/div>\n\t\t\t\t\t\t\t\t\t\t\t<div class=\"elementor-gallery-item__overlay\"><\/div>\n\t\t\t\t\t\t\t\t\t\t\t\t\t\t<\/a>\n\t\t\t\t\t\t\t<a class=\"e-gallery-item elementor-gallery-item elementor-animated-content\" href=\"https:\/\/costablanca-magazin.com\/wp-content\/uploads\/2025\/05\/20230820_084726.jpg\" data-elementor-open-lightbox=\"yes\" data-elementor-lightbox-slideshow=\"eb247e2\" data-elementor-lightbox-title=\"20230820_084726\" data-e-action-hash=\"#elementor-action%3Aaction%3Dlightbox%26settings%3DeyJpZCI6NzIwOCwidXJsIjoiaHR0cHM6XC9cL2Nvc3RhYmxhbmNhLW1hZ2F6aW4uY29tXC93cC1jb250ZW50XC91cGxvYWRzXC8yMDI1XC8wNVwvMjAyMzA4MjBfMDg0NzI2LmpwZyIsInNsaWRlc2hvdyI6ImViMjQ3ZTIifQ%3D%3D\">\n\t\t\t\t\t<div class=\"e-gallery-image elementor-gallery-item__image\" data-thumbnail=\"https:\/\/costablanca-magazin.com\/wp-content\/uploads\/2025\/05\/20230820_084726.jpg\" data-width=\"750\" data-height=\"1000\" aria-label=\"costablanca mallorca 293\" role=\"img\" ><\/div>\n\t\t\t\t\t\t\t\t\t\t\t<div class=\"elementor-gallery-item__overlay\"><\/div>\n\t\t\t\t\t\t\t\t\t\t\t\t\t\t<\/a>\n\t\t\t\t\t\t\t<a class=\"e-gallery-item elementor-gallery-item elementor-animated-content\" href=\"https:\/\/costablanca-magazin.com\/wp-content\/uploads\/2025\/03\/Javea-Golf-4.jpg\" data-elementor-open-lightbox=\"yes\" data-elementor-lightbox-slideshow=\"eb247e2\" data-elementor-lightbox-title=\"Eleganz und  Sportgeist:  Club de Golf  J\u00e1vea\" data-elementor-lightbox-description=\"Eleganz und Sportgeist: Club de Golf J\u00e1vea\" data-e-action-hash=\"#elementor-action%3Aaction%3Dlightbox%26settings%3DeyJpZCI6NTE4MCwidXJsIjoiaHR0cHM6XC9cL2Nvc3RhYmxhbmNhLW1hZ2F6aW4uY29tXC93cC1jb250ZW50XC91cGxvYWRzXC8yMDI1XC8wM1wvSmF2ZWEtR29sZi00LmpwZyIsInNsaWRlc2hvdyI6ImViMjQ3ZTIifQ%3D%3D\">\n\t\t\t\t\t<div class=\"e-gallery-image elementor-gallery-item__image\" data-thumbnail=\"https:\/\/costablanca-magazin.com\/wp-content\/uploads\/2025\/03\/Javea-Golf-4.jpg\" data-width=\"1600\" data-height=\"1200\" aria-label=\"Elegantie en sportiviteit: Club de Golf J\u00e1vea 4\" role=\"img\" ><\/div>\n\t\t\t\t\t\t\t\t\t\t\t<div class=\"elementor-gallery-item__overlay\"><\/div>\n\t\t\t\t\t\t\t\t\t\t\t\t\t\t<\/a>\n\t\t\t\t\t\t\t<a class=\"e-gallery-item elementor-gallery-item elementor-animated-content\" href=\"https:\/\/costablanca-magazin.com\/wp-content\/uploads\/2025\/03\/Javea-Golf-5.jpg\" data-elementor-open-lightbox=\"yes\" data-elementor-lightbox-slideshow=\"eb247e2\" data-elementor-lightbox-title=\"Eleganz und  Sportgeist:  Club de Golf  J\u00e1vea\" data-elementor-lightbox-description=\"Eleganz und Sportgeist: Club de Golf J\u00e1vea\" data-e-action-hash=\"#elementor-action%3Aaction%3Dlightbox%26settings%3DeyJpZCI6NTE4MSwidXJsIjoiaHR0cHM6XC9cL2Nvc3RhYmxhbmNhLW1hZ2F6aW4uY29tXC93cC1jb250ZW50XC91cGxvYWRzXC8yMDI1XC8wM1wvSmF2ZWEtR29sZi01LmpwZyIsInNsaWRlc2hvdyI6ImViMjQ3ZTIifQ%3D%3D\">\n\t\t\t\t\t<div class=\"e-gallery-image elementor-gallery-item__image\" data-thumbnail=\"https:\/\/costablanca-magazin.com\/wp-content\/uploads\/2025\/03\/Javea-Golf-5.jpg\" data-width=\"1600\" data-height=\"1200\" aria-label=\"Elegantie en sportiviteit: Club de Golf J\u00e1vea 5\" role=\"img\" ><\/div>\n\t\t\t\t\t\t\t\t\t\t\t<div class=\"elementor-gallery-item__overlay\"><\/div>\n\t\t\t\t\t\t\t\t\t\t\t\t\t\t<\/a>\n\t\t\t\t\t\t\t<a class=\"e-gallery-item elementor-gallery-item elementor-animated-content\" href=\"https:\/\/costablanca-magazin.com\/wp-content\/uploads\/2025\/05\/20230820_081255.jpg\" data-elementor-open-lightbox=\"yes\" data-elementor-lightbox-slideshow=\"eb247e2\" data-elementor-lightbox-title=\"20230820_081255\" data-e-action-hash=\"#elementor-action%3Aaction%3Dlightbox%26settings%3DeyJpZCI6NzIwMywidXJsIjoiaHR0cHM6XC9cL2Nvc3RhYmxhbmNhLW1hZ2F6aW4uY29tXC93cC1jb250ZW50XC91cGxvYWRzXC8yMDI1XC8wNVwvMjAyMzA4MjBfMDgxMjU1LmpwZyIsInNsaWRlc2hvdyI6ImViMjQ3ZTIifQ%3D%3D\">\n\t\t\t\t\t<div class=\"e-gallery-image elementor-gallery-item__image\" data-thumbnail=\"https:\/\/costablanca-magazin.com\/wp-content\/uploads\/2025\/05\/20230820_081255.jpg\" data-width=\"1000\" data-height=\"750\" aria-label=\"costablanca mallorca 288\" role=\"img\" ><\/div>\n\t\t\t\t\t\t\t\t\t\t\t<div class=\"elementor-gallery-item__overlay\"><\/div>\n\t\t\t\t\t\t\t\t\t\t\t\t\t\t<\/a>\n\t\t\t\t\t\t\t<a class=\"e-gallery-item elementor-gallery-item elementor-animated-content\" href=\"https:\/\/costablanca-magazin.com\/wp-content\/uploads\/2025\/05\/20230820_082111.jpg\" data-elementor-open-lightbox=\"yes\" data-elementor-lightbox-slideshow=\"eb247e2\" data-elementor-lightbox-title=\"20230820_082111\" data-e-action-hash=\"#elementor-action%3Aaction%3Dlightbox%26settings%3DeyJpZCI6NzIwNSwidXJsIjoiaHR0cHM6XC9cL2Nvc3RhYmxhbmNhLW1hZ2F6aW4uY29tXC93cC1jb250ZW50XC91cGxvYWRzXC8yMDI1XC8wNVwvMjAyMzA4MjBfMDgyMTExLmpwZyIsInNsaWRlc2hvdyI6ImViMjQ3ZTIifQ%3D%3D\">\n\t\t\t\t\t<div class=\"e-gallery-image elementor-gallery-item__image\" data-thumbnail=\"https:\/\/costablanca-magazin.com\/wp-content\/uploads\/2025\/05\/20230820_082111.jpg\" data-width=\"1000\" data-height=\"750\" aria-label=\"costablanca mallorca 290\" role=\"img\" ><\/div>\n\t\t\t\t\t\t\t\t\t\t\t<div class=\"elementor-gallery-item__overlay\"><\/div>\n\t\t\t\t\t\t\t\t\t\t\t\t\t\t<\/a>\n\t\t\t\t\t\t\t<a class=\"e-gallery-item elementor-gallery-item elementor-animated-content\" href=\"https:\/\/costablanca-magazin.com\/wp-content\/uploads\/2025\/05\/20241016_125348.jpg\" data-elementor-open-lightbox=\"yes\" data-elementor-lightbox-slideshow=\"eb247e2\" data-elementor-lightbox-title=\"20241016_125348\" data-e-action-hash=\"#elementor-action%3Aaction%3Dlightbox%26settings%3DeyJpZCI6NzIxNCwidXJsIjoiaHR0cHM6XC9cL2Nvc3RhYmxhbmNhLW1hZ2F6aW4uY29tXC93cC1jb250ZW50XC91cGxvYWRzXC8yMDI1XC8wNVwvMjAyNDEwMTZfMTI1MzQ4LmpwZyIsInNsaWRlc2hvdyI6ImViMjQ3ZTIifQ%3D%3D\">\n\t\t\t\t\t<div class=\"e-gallery-image elementor-gallery-item__image\" data-thumbnail=\"https:\/\/costablanca-magazin.com\/wp-content\/uploads\/2025\/05\/20241016_125348.jpg\" data-width=\"1000\" data-height=\"473\" aria-label=\"costablanca mallorca 299\" role=\"img\" ><\/div>\n\t\t\t\t\t\t\t\t\t\t\t<div class=\"elementor-gallery-item__overlay\"><\/div>\n\t\t\t\t\t\t\t\t\t\t\t\t\t\t<\/a>\n\t\t\t\t\t\t\t<a class=\"e-gallery-item elementor-gallery-item elementor-animated-content\" href=\"https:\/\/costablanca-magazin.com\/wp-content\/uploads\/2025\/05\/20230407_103640.jpg\" data-elementor-open-lightbox=\"yes\" data-elementor-lightbox-slideshow=\"eb247e2\" data-elementor-lightbox-title=\"20230407_103640\" data-e-action-hash=\"#elementor-action%3Aaction%3Dlightbox%26settings%3DeyJpZCI6NzE5NiwidXJsIjoiaHR0cHM6XC9cL2Nvc3RhYmxhbmNhLW1hZ2F6aW4uY29tXC93cC1jb250ZW50XC91cGxvYWRzXC8yMDI1XC8wNVwvMjAyMzA0MDdfMTAzNjQwLmpwZyIsInNsaWRlc2hvdyI6ImViMjQ3ZTIifQ%3D%3D\">\n\t\t\t\t\t<div class=\"e-gallery-image elementor-gallery-item__image\" data-thumbnail=\"https:\/\/costablanca-magazin.com\/wp-content\/uploads\/2025\/05\/20230407_103640.jpg\" data-width=\"750\" data-height=\"1000\" aria-label=\"costablanca mallorca 281\" role=\"img\" ><\/div>\n\t\t\t\t\t\t\t\t\t\t\t<div class=\"elementor-gallery-item__overlay\"><\/div>\n\t\t\t\t\t\t\t\t\t\t\t\t\t\t<\/a>\n\t\t\t\t\t\t\t<a class=\"e-gallery-item elementor-gallery-item elementor-animated-content\" href=\"https:\/\/costablanca-magazin.com\/wp-content\/uploads\/2025\/03\/Javea-Golf-6.jpg\" data-elementor-open-lightbox=\"yes\" data-elementor-lightbox-slideshow=\"eb247e2\" data-elementor-lightbox-title=\"Eleganz und  Sportgeist:  Club de Golf  J\u00e1vea\" data-elementor-lightbox-description=\"Eleganz und Sportgeist: Club de Golf J\u00e1vea\" data-e-action-hash=\"#elementor-action%3Aaction%3Dlightbox%26settings%3DeyJpZCI6NTE4MiwidXJsIjoiaHR0cHM6XC9cL2Nvc3RhYmxhbmNhLW1hZ2F6aW4uY29tXC93cC1jb250ZW50XC91cGxvYWRzXC8yMDI1XC8wM1wvSmF2ZWEtR29sZi02LmpwZyIsInNsaWRlc2hvdyI6ImViMjQ3ZTIifQ%3D%3D\">\n\t\t\t\t\t<div class=\"e-gallery-image elementor-gallery-item__image\" data-thumbnail=\"https:\/\/costablanca-magazin.com\/wp-content\/uploads\/2025\/03\/Javea-Golf-6.jpg\" data-width=\"1600\" data-height=\"1200\" aria-label=\"Elegantie en sportiviteit: Club de Golf J\u00e1vea 6\" role=\"img\" ><\/div>\n\t\t\t\t\t\t\t\t\t\t\t<div class=\"elementor-gallery-item__overlay\"><\/div>\n\t\t\t\t\t\t\t\t\t\t\t\t\t\t<\/a>\n\t\t\t\t\t\t\t<a class=\"e-gallery-item elementor-gallery-item elementor-animated-content\" href=\"https:\/\/costablanca-magazin.com\/wp-content\/uploads\/2025\/05\/20230820_081238.jpg\" data-elementor-open-lightbox=\"yes\" data-elementor-lightbox-slideshow=\"eb247e2\" data-elementor-lightbox-title=\"20230820_081238\" data-e-action-hash=\"#elementor-action%3Aaction%3Dlightbox%26settings%3DeyJpZCI6NzIwMiwidXJsIjoiaHR0cHM6XC9cL2Nvc3RhYmxhbmNhLW1hZ2F6aW4uY29tXC93cC1jb250ZW50XC91cGxvYWRzXC8yMDI1XC8wNVwvMjAyMzA4MjBfMDgxMjM4LmpwZyIsInNsaWRlc2hvdyI6ImViMjQ3ZTIifQ%3D%3D\">\n\t\t\t\t\t<div class=\"e-gallery-image elementor-gallery-item__image\" data-thumbnail=\"https:\/\/costablanca-magazin.com\/wp-content\/uploads\/2025\/05\/20230820_081238.jpg\" data-width=\"750\" data-height=\"1000\" aria-label=\"costablanca mallorca 287\" role=\"img\" ><\/div>\n\t\t\t\t\t\t\t\t\t\t\t<div class=\"elementor-gallery-item__overlay\"><\/div>\n\t\t\t\t\t\t\t\t\t\t\t\t\t\t<\/a>\n\t\t\t\t\t\t\t<a class=\"e-gallery-item elementor-gallery-item elementor-animated-content\" href=\"https:\/\/costablanca-magazin.com\/wp-content\/uploads\/2025\/05\/20230820_081232.jpg\" data-elementor-open-lightbox=\"yes\" data-elementor-lightbox-slideshow=\"eb247e2\" data-elementor-lightbox-title=\"20230820_081232\" data-e-action-hash=\"#elementor-action%3Aaction%3Dlightbox%26settings%3DeyJpZCI6NzIwMSwidXJsIjoiaHR0cHM6XC9cL2Nvc3RhYmxhbmNhLW1hZ2F6aW4uY29tXC93cC1jb250ZW50XC91cGxvYWRzXC8yMDI1XC8wNVwvMjAyMzA4MjBfMDgxMjMyLmpwZyIsInNsaWRlc2hvdyI6ImViMjQ3ZTIifQ%3D%3D\">\n\t\t\t\t\t<div class=\"e-gallery-image elementor-gallery-item__image\" data-thumbnail=\"https:\/\/costablanca-magazin.com\/wp-content\/uploads\/2025\/05\/20230820_081232.jpg\" data-width=\"750\" data-height=\"1000\" aria-label=\"costablanca mallorca 286\" role=\"img\" ><\/div>\n\t\t\t\t\t\t\t\t\t\t\t<div class=\"elementor-gallery-item__overlay\"><\/div>\n\t\t\t\t\t\t\t\t\t\t\t\t\t\t<\/a>\n\t\t\t\t\t\t\t<a class=\"e-gallery-item elementor-gallery-item elementor-animated-content\" href=\"https:\/\/costablanca-magazin.com\/wp-content\/uploads\/2025\/03\/Javea-Golf-1.jpg\" data-elementor-open-lightbox=\"yes\" data-elementor-lightbox-slideshow=\"eb247e2\" data-elementor-lightbox-title=\"Eleganz und  Sportgeist:  Club de Golf  J\u00e1vea\" data-elementor-lightbox-description=\"Eleganz und Sportgeist: Club de Golf J\u00e1vea\" data-e-action-hash=\"#elementor-action%3Aaction%3Dlightbox%26settings%3DeyJpZCI6NTE3NywidXJsIjoiaHR0cHM6XC9cL2Nvc3RhYmxhbmNhLW1hZ2F6aW4uY29tXC93cC1jb250ZW50XC91cGxvYWRzXC8yMDI1XC8wM1wvSmF2ZWEtR29sZi0xLmpwZyIsInNsaWRlc2hvdyI6ImViMjQ3ZTIifQ%3D%3D\">\n\t\t\t\t\t<div class=\"e-gallery-image elementor-gallery-item__image\" data-thumbnail=\"https:\/\/costablanca-magazin.com\/wp-content\/uploads\/2025\/03\/Javea-Golf-1.jpg\" data-width=\"2048\" data-height=\"1536\" aria-label=\"Elegantie en sportiviteit: Club de Golf J\u00e1vea 1\" role=\"img\" ><\/div>\n\t\t\t\t\t\t\t\t\t\t\t<div class=\"elementor-gallery-item__overlay\"><\/div>\n\t\t\t\t\t\t\t\t\t\t\t\t\t\t<\/a>\n\t\t\t\t\t\t\t<a class=\"e-gallery-item elementor-gallery-item elementor-animated-content\" href=\"https:\/\/costablanca-magazin.com\/wp-content\/uploads\/2024\/05\/javea1.jpg\" data-elementor-open-lightbox=\"yes\" data-elementor-lightbox-slideshow=\"eb247e2\" data-elementor-lightbox-title=\"Javea costa Blanca\" data-elementor-lightbox-description=\"Javea costa Blanca\" data-e-action-hash=\"#elementor-action%3Aaction%3Dlightbox%26settings%3DeyJpZCI6MTQzLCJ1cmwiOiJodHRwczpcL1wvY29zdGFibGFuY2EtbWFnYXppbi5jb21cL3dwLWNvbnRlbnRcL3VwbG9hZHNcLzIwMjRcLzA1XC9qYXZlYTEuanBnIiwic2xpZGVzaG93IjoiZWIyNDdlMiJ9\">\n\t\t\t\t\t<div class=\"e-gallery-image elementor-gallery-item__image\" data-thumbnail=\"https:\/\/costablanca-magazin.com\/wp-content\/uploads\/2024\/05\/javea1.jpg\" data-width=\"768\" data-height=\"576\" aria-label=\"Javea Costa Blanca\" role=\"img\" ><\/div>\n\t\t\t\t\t\t\t\t\t\t\t<div class=\"elementor-gallery-item__overlay\"><\/div>\n\t\t\t\t\t\t\t\t\t\t\t\t\t\t<\/a>\n\t\t\t\t\t\t\t<a class=\"e-gallery-item elementor-gallery-item elementor-animated-content\" href=\"https:\/\/costablanca-magazin.com\/wp-content\/uploads\/2025\/05\/20230407_103420.jpg\" data-elementor-open-lightbox=\"yes\" data-elementor-lightbox-slideshow=\"eb247e2\" data-elementor-lightbox-title=\"20230407_103420\" data-e-action-hash=\"#elementor-action%3Aaction%3Dlightbox%26settings%3DeyJpZCI6NzE5MywidXJsIjoiaHR0cHM6XC9cL2Nvc3RhYmxhbmNhLW1hZ2F6aW4uY29tXC93cC1jb250ZW50XC91cGxvYWRzXC8yMDI1XC8wNVwvMjAyMzA0MDdfMTAzNDIwLmpwZyIsInNsaWRlc2hvdyI6ImViMjQ3ZTIifQ%3D%3D\">\n\t\t\t\t\t<div class=\"e-gallery-image elementor-gallery-item__image\" data-thumbnail=\"https:\/\/costablanca-magazin.com\/wp-content\/uploads\/2025\/05\/20230407_103420.jpg\" data-width=\"1000\" data-height=\"750\" aria-label=\"costablanca mallorca 278\" role=\"img\" ><\/div>\n\t\t\t\t\t\t\t\t\t\t\t<div class=\"elementor-gallery-item__overlay\"><\/div>\n\t\t\t\t\t\t\t\t\t\t\t\t\t\t<\/a>\n\t\t\t\t\t\t\t<a class=\"e-gallery-item elementor-gallery-item elementor-animated-content\" href=\"https:\/\/costablanca-magazin.com\/wp-content\/uploads\/2025\/03\/Javea-Golf-8.jpg\" data-elementor-open-lightbox=\"yes\" data-elementor-lightbox-slideshow=\"eb247e2\" data-elementor-lightbox-title=\"Eleganz und  Sportgeist:  Club de Golf  J\u00e1vea\" data-elementor-lightbox-description=\"Eleganz und Sportgeist: Club de Golf J\u00e1vea\" data-e-action-hash=\"#elementor-action%3Aaction%3Dlightbox%26settings%3DeyJpZCI6NTE4NCwidXJsIjoiaHR0cHM6XC9cL2Nvc3RhYmxhbmNhLW1hZ2F6aW4uY29tXC93cC1jb250ZW50XC91cGxvYWRzXC8yMDI1XC8wM1wvSmF2ZWEtR29sZi04LmpwZyIsInNsaWRlc2hvdyI6ImViMjQ3ZTIifQ%3D%3D\">\n\t\t\t\t\t<div class=\"e-gallery-image elementor-gallery-item__image\" data-thumbnail=\"https:\/\/costablanca-magazin.com\/wp-content\/uploads\/2025\/03\/Javea-Golf-8.jpg\" data-width=\"1600\" data-height=\"1200\" aria-label=\"Elegantie en sportiviteit: Club de Golf J\u00e1vea 8\" role=\"img\" ><\/div>\n\t\t\t\t\t\t\t\t\t\t\t<div class=\"elementor-gallery-item__overlay\"><\/div>\n\t\t\t\t\t\t\t\t\t\t\t\t\t\t<\/a>\n\t\t\t\t\t\t\t<a class=\"e-gallery-item elementor-gallery-item elementor-animated-content\" href=\"https:\/\/costablanca-magazin.com\/wp-content\/uploads\/2025\/05\/20230407_103645.jpg\" data-elementor-open-lightbox=\"yes\" data-elementor-lightbox-slideshow=\"eb247e2\" data-elementor-lightbox-title=\"20230407_103645\" data-e-action-hash=\"#elementor-action%3Aaction%3Dlightbox%26settings%3DeyJpZCI6NzE5NywidXJsIjoiaHR0cHM6XC9cL2Nvc3RhYmxhbmNhLW1hZ2F6aW4uY29tXC93cC1jb250ZW50XC91cGxvYWRzXC8yMDI1XC8wNVwvMjAyMzA0MDdfMTAzNjQ1LmpwZyIsInNsaWRlc2hvdyI6ImViMjQ3ZTIifQ%3D%3D\">\n\t\t\t\t\t<div class=\"e-gallery-image elementor-gallery-item__image\" data-thumbnail=\"https:\/\/costablanca-magazin.com\/wp-content\/uploads\/2025\/05\/20230407_103645.jpg\" data-width=\"1000\" data-height=\"750\" aria-label=\"costablanca mallorca 282\" role=\"img\" ><\/div>\n\t\t\t\t\t\t\t\t\t\t\t<div class=\"elementor-gallery-item__overlay\"><\/div>\n\t\t\t\t\t\t\t\t\t\t\t\t\t\t<\/a>\n\t\t\t\t\t\t\t<a class=\"e-gallery-item elementor-gallery-item elementor-animated-content\" href=\"https:\/\/costablanca-magazin.com\/wp-content\/uploads\/2025\/05\/20230407_103711.jpg\" data-elementor-open-lightbox=\"yes\" data-elementor-lightbox-slideshow=\"eb247e2\" data-elementor-lightbox-title=\"20230407_103711\" data-e-action-hash=\"#elementor-action%3Aaction%3Dlightbox%26settings%3DeyJpZCI6NzE5OSwidXJsIjoiaHR0cHM6XC9cL2Nvc3RhYmxhbmNhLW1hZ2F6aW4uY29tXC93cC1jb250ZW50XC91cGxvYWRzXC8yMDI1XC8wNVwvMjAyMzA0MDdfMTAzNzExLmpwZyIsInNsaWRlc2hvdyI6ImViMjQ3ZTIifQ%3D%3D\">\n\t\t\t\t\t<div class=\"e-gallery-image elementor-gallery-item__image\" data-thumbnail=\"https:\/\/costablanca-magazin.com\/wp-content\/uploads\/2025\/05\/20230407_103711.jpg\" data-width=\"1000\" data-height=\"750\" aria-label=\"costablanca mallorca 284\" role=\"img\" ><\/div>\n\t\t\t\t\t\t\t\t\t\t\t<div class=\"elementor-gallery-item__overlay\"><\/div>\n\t\t\t\t\t\t\t\t\t\t\t\t\t\t<\/a>\n\t\t\t\t\t\t\t<a class=\"e-gallery-item elementor-gallery-item elementor-animated-content\" href=\"https:\/\/costablanca-magazin.com\/wp-content\/uploads\/2025\/05\/20230820_084658.jpg\" data-elementor-open-lightbox=\"yes\" data-elementor-lightbox-slideshow=\"eb247e2\" data-elementor-lightbox-title=\"20230820_084658\" data-e-action-hash=\"#elementor-action%3Aaction%3Dlightbox%26settings%3DeyJpZCI6NzIwNywidXJsIjoiaHR0cHM6XC9cL2Nvc3RhYmxhbmNhLW1hZ2F6aW4uY29tXC93cC1jb250ZW50XC91cGxvYWRzXC8yMDI1XC8wNVwvMjAyMzA4MjBfMDg0NjU4LmpwZyIsInNsaWRlc2hvdyI6ImViMjQ3ZTIifQ%3D%3D\">\n\t\t\t\t\t<div class=\"e-gallery-image elementor-gallery-item__image\" data-thumbnail=\"https:\/\/costablanca-magazin.com\/wp-content\/uploads\/2025\/05\/20230820_084658.jpg\" data-width=\"750\" data-height=\"1000\" aria-label=\"costablanca mallorca 292\" role=\"img\" ><\/div>\n\t\t\t\t\t\t\t\t\t\t\t<div class=\"elementor-gallery-item__overlay\"><\/div>\n\t\t\t\t\t\t\t\t\t\t\t\t\t\t<\/a>\n\t\t\t\t\t\t\t<a class=\"e-gallery-item elementor-gallery-item elementor-animated-content\" href=\"https:\/\/costablanca-magazin.com\/wp-content\/uploads\/2024\/06\/strande3.jpg\" data-elementor-open-lightbox=\"yes\" data-elementor-lightbox-slideshow=\"eb247e2\" data-elementor-lightbox-title=\"Javea costa Blanca strand\" data-elementor-lightbox-description=\"Javea costa Blanca strand\" data-e-action-hash=\"#elementor-action%3Aaction%3Dlightbox%26settings%3DeyJpZCI6MjE4LCJ1cmwiOiJodHRwczpcL1wvY29zdGFibGFuY2EtbWFnYXppbi5jb21cL3dwLWNvbnRlbnRcL3VwbG9hZHNcLzIwMjRcLzA2XC9zdHJhbmRlMy5qcGciLCJzbGlkZXNob3ciOiJlYjI0N2UyIn0%3D\">\n\t\t\t\t\t<div class=\"e-gallery-image elementor-gallery-item__image\" data-thumbnail=\"https:\/\/costablanca-magazin.com\/wp-content\/uploads\/2024\/06\/strande3.jpg\" data-width=\"800\" data-height=\"600\" aria-label=\"Javea costa Blanca strand\" role=\"img\" ><\/div>\n\t\t\t\t\t\t\t\t\t\t\t<div class=\"elementor-gallery-item__overlay\"><\/div>\n\t\t\t\t\t\t\t\t\t\t\t\t\t\t<\/a>\n\t\t\t\t\t\t\t<a class=\"e-gallery-item elementor-gallery-item elementor-animated-content\" href=\"https:\/\/costablanca-magazin.com\/wp-content\/uploads\/2025\/05\/20230407_103456.jpg\" data-elementor-open-lightbox=\"yes\" data-elementor-lightbox-slideshow=\"eb247e2\" data-elementor-lightbox-title=\"20230407_103456\" data-e-action-hash=\"#elementor-action%3Aaction%3Dlightbox%26settings%3DeyJpZCI6NzE5NSwidXJsIjoiaHR0cHM6XC9cL2Nvc3RhYmxhbmNhLW1hZ2F6aW4uY29tXC93cC1jb250ZW50XC91cGxvYWRzXC8yMDI1XC8wNVwvMjAyMzA0MDdfMTAzNDU2LmpwZyIsInNsaWRlc2hvdyI6ImViMjQ3ZTIifQ%3D%3D\">\n\t\t\t\t\t<div class=\"e-gallery-image elementor-gallery-item__image\" data-thumbnail=\"https:\/\/costablanca-magazin.com\/wp-content\/uploads\/2025\/05\/20230407_103456.jpg\" data-width=\"1000\" data-height=\"750\" aria-label=\"costablanca mallorca 280\" role=\"img\" ><\/div>\n\t\t\t\t\t\t\t\t\t\t\t<div class=\"elementor-gallery-item__overlay\"><\/div>\n\t\t\t\t\t\t\t\t\t\t\t\t\t\t<\/a>\n\t\t\t\t\t<\/div>\n\t\t\t\t\t<\/div>\n\t\t\t\t<\/div>\n\t\t\t\t\t<\/div>\n\t\t\t\t<\/div>\n\t\t<div class=\"elementor-element elementor-element-1043d93 e-flex e-con-boxed e-con e-parent\" data-id=\"1043d93\" data-element_type=\"container\" data-e-type=\"container\">\n\t\t\t\t\t<div class=\"e-con-inner\">\n\t\t\t\t<div class=\"elementor-element elementor-element-76344f5 elementor-grid-3 elementor-grid-tablet-2 elementor-grid-mobile-1 elementor-posts--thumbnail-top elementor-posts--show-avatar elementor-card-shadow-yes elementor-posts__hover-gradient elementor-widget elementor-widget-posts\" data-id=\"76344f5\" data-element_type=\"widget\" data-e-type=\"widget\" data-settings=\"{&quot;cards_columns&quot;:&quot;3&quot;,&quot;cards_columns_tablet&quot;:&quot;2&quot;,&quot;cards_columns_mobile&quot;:&quot;1&quot;,&quot;cards_row_gap&quot;:{&quot;unit&quot;:&quot;px&quot;,&quot;size&quot;:35,&quot;sizes&quot;:[]},&quot;cards_row_gap_tablet&quot;:{&quot;unit&quot;:&quot;px&quot;,&quot;size&quot;:&quot;&quot;,&quot;sizes&quot;:[]},&quot;cards_row_gap_mobile&quot;:{&quot;unit&quot;:&quot;px&quot;,&quot;size&quot;:&quot;&quot;,&quot;sizes&quot;:[]}}\" data-widget_type=\"posts.cards\">\n\t\t\t\t<div class=\"elementor-widget-container\">\n\t\t\t\t\t\t\t<div class=\"elementor-posts-container elementor-posts elementor-posts--skin-cards elementor-grid\" role=\"list\">\n\t\t\t\t<article class=\"elementor-post elementor-grid-item post-8276 post type-post status-publish format-standard has-post-thumbnail hentry category-business-service tag-brillenboutique-costa-blanca tag-designerbrillen-spanien tag-luxus-sonnenbrillen tag-olivers-optica tag-optiker-albir tag-sehtest-el-albir\" role=\"listitem\">\n\t\t\t<div class=\"elementor-post__card\">\n\t\t\t\t<a class=\"elementor-post__thumbnail__link\" href=\"https:\/\/costablanca-magazin.com\/nl\/lokales\/business-service\/olivers-optica-sehgenuss-trifft-stilkompetenz\/\" tabindex=\"-1\" ><div class=\"elementor-post__thumbnail\"><img fetchpriority=\"high\" decoding=\"async\" width=\"801\" height=\"1200\" src=\"https:\/\/costablanca-magazin.com\/wp-content\/uploads\/2025\/07\/OpticaOliver1.jpg\" class=\"attachment-1536x1536 size-1536x1536 wp-image-8289\" alt=\"Oliver&#039;s Opticien Albir 10\" srcset=\"https:\/\/costablanca-magazin.com\/wp-content\/uploads\/2025\/07\/OpticaOliver1.jpg 801w, https:\/\/costablanca-magazin.com\/wp-content\/uploads\/2025\/07\/OpticaOliver1-200x300.jpg 200w, https:\/\/costablanca-magazin.com\/wp-content\/uploads\/2025\/07\/OpticaOliver1-684x1024.jpg 684w, https:\/\/costablanca-magazin.com\/wp-content\/uploads\/2025\/07\/OpticaOliver1-768x1151.jpg 768w\" sizes=\"(max-width: 801px) 100vw, 801px\" \/><\/div><\/a>\n\t\t\t\t<div class=\"elementor-post__badge\">Bedrijf &amp; Service<\/div>\n\t\t\t\t<div class=\"elementor-post__avatar\">\n\t\t\t\t\t<\/div>\n\t\t\t\t<div class=\"elementor-post__text\">\n\t\t\t\t<h2 class=\"elementor-post__title\">\n\t\t\t<a href=\"https:\/\/costablanca-magazin.com\/nl\/lokales\/business-service\/olivers-optica-sehgenuss-trifft-stilkompetenz\/\" >\n\t\t\t\tOliver's Optica - visueel plezier ontmoet stijlexpertise\t\t\t<\/a>\n\t\t<\/h2>\n\t\t\t\t<\/div>\n\t\t\t\t\t<\/div>\n\t\t<\/article>\n\t\t\t\t<article class=\"elementor-post elementor-grid-item post-178 post type-post status-publish format-standard has-post-thumbnail hentry category-familie-kinder tag-ausfluege-costablanca tag-ausfluege-mit-kindern tag-costa-blanca tag-erlebnissparks-costa-blanca\" role=\"listitem\">\n\t\t\t<div class=\"elementor-post__card\">\n\t\t\t\t<a class=\"elementor-post__thumbnail__link\" href=\"https:\/\/costablanca-magazin.com\/nl\/freizeit\/familie-kinder\/ausfluege-mit-kindern-an-der-costa-blanca\/\" tabindex=\"-1\" ><div class=\"elementor-post__thumbnail\"><img decoding=\"async\" width=\"600\" height=\"600\" src=\"https:\/\/costablanca-magazin.com\/wp-content\/uploads\/2024\/06\/costablanca-lifestyle-benidorm-aqualandia-3.jpg\" class=\"attachment-1536x1536 size-1536x1536 wp-image-179\" alt=\"Costa Blanca Benidorm Aqualandia\" srcset=\"https:\/\/costablanca-magazin.com\/wp-content\/uploads\/2024\/06\/costablanca-lifestyle-benidorm-aqualandia-3.jpg 600w, https:\/\/costablanca-magazin.com\/wp-content\/uploads\/2024\/06\/costablanca-lifestyle-benidorm-aqualandia-3-300x300.jpg 300w, https:\/\/costablanca-magazin.com\/wp-content\/uploads\/2024\/06\/costablanca-lifestyle-benidorm-aqualandia-3-150x150.jpg 150w\" sizes=\"(max-width: 600px) 100vw, 600px\" \/><\/div><\/a>\n\t\t\t\t<div class=\"elementor-post__badge\">Familie &amp; kinderen<\/div>\n\t\t\t\t<div class=\"elementor-post__avatar\">\n\t\t\t\t\t<\/div>\n\t\t\t\t<div class=\"elementor-post__text\">\n\t\t\t\t<h2 class=\"elementor-post__title\">\n\t\t\t<a href=\"https:\/\/costablanca-magazin.com\/nl\/freizeit\/familie-kinder\/ausfluege-mit-kindern-an-der-costa-blanca\/\" >\n\t\t\t\tExcursies met kinderen aan de Costa Blanca\t\t\t<\/a>\n\t\t<\/h2>\n\t\t\t\t<\/div>\n\t\t\t\t\t<\/div>\n\t\t<\/article>\n\t\t\t\t<article class=\"elementor-post elementor-grid-item post-188 post type-post status-publish format-standard has-post-thumbnail hentry category-aktivitaeten-und-ausfluege tag-ausfluege-costablanca tag-costa-blanca tag-go-cart-fahren-costablanca tag-kinder-costa-blanca tag-kinder-costablanca\" role=\"listitem\">\n\t\t\t<div class=\"elementor-post__card\">\n\t\t\t\t<a class=\"elementor-post__thumbnail__link\" href=\"https:\/\/costablanca-magazin.com\/nl\/freizeit\/aktivitaeten-und-ausfluege\/go-kart-fahren-an-der-costa-blanca\/\" tabindex=\"-1\" ><div class=\"elementor-post__thumbnail\"><img decoding=\"async\" width=\"1536\" height=\"1024\" src=\"https:\/\/costablanca-magazin.com\/wp-content\/uploads\/2024\/06\/handsome-man-in-a-karting-with-a-car-2021-08-26-18-31-14-utc-scaled-1-1536x1024.jpg\" class=\"attachment-1536x1536 size-1536x1536 wp-image-189\" alt=\"Karten aan de Costa Blanca\" srcset=\"https:\/\/costablanca-magazin.com\/wp-content\/uploads\/2024\/06\/handsome-man-in-a-karting-with-a-car-2021-08-26-18-31-14-utc-scaled-1-1536x1024.jpg 1536w, https:\/\/costablanca-magazin.com\/wp-content\/uploads\/2024\/06\/handsome-man-in-a-karting-with-a-car-2021-08-26-18-31-14-utc-scaled-1-300x200.jpg 300w, https:\/\/costablanca-magazin.com\/wp-content\/uploads\/2024\/06\/handsome-man-in-a-karting-with-a-car-2021-08-26-18-31-14-utc-scaled-1-1024x683.jpg 1024w, https:\/\/costablanca-magazin.com\/wp-content\/uploads\/2024\/06\/handsome-man-in-a-karting-with-a-car-2021-08-26-18-31-14-utc-scaled-1-768x512.jpg 768w, https:\/\/costablanca-magazin.com\/wp-content\/uploads\/2024\/06\/handsome-man-in-a-karting-with-a-car-2021-08-26-18-31-14-utc-scaled-1-2048x1366.jpg 2048w\" sizes=\"(max-width: 1536px) 100vw, 1536px\" \/><\/div><\/a>\n\t\t\t\t<div class=\"elementor-post__badge\">Activiteiten en excursies<\/div>\n\t\t\t\t<div class=\"elementor-post__avatar\">\n\t\t\t\t\t<\/div>\n\t\t\t\t<div class=\"elementor-post__text\">\n\t\t\t\t<h2 class=\"elementor-post__title\">\n\t\t\t<a href=\"https:\/\/costablanca-magazin.com\/nl\/freizeit\/aktivitaeten-und-ausfluege\/go-kart-fahren-an-der-costa-blanca\/\" >\n\t\t\t\tKarten aan de Costa Blanca\t\t\t<\/a>\n\t\t<\/h2>\n\t\t\t\t<\/div>\n\t\t\t\t\t<\/div>\n\t\t<\/article>\n\t\t\t\t<\/div>\n\t\t\n\t\t\t\t\t\t<\/div>\n\t\t\t\t<\/div>\n\t\t\t\t\t<\/div>\n\t\t\t\t<\/div>\n\t\t\t\t<\/div>","protected":false},"excerpt":{"rendered":"<p>J\u00e1vea \u2013 familienfreundliche Str\u00e4nde, Kap Montg\u00f3 &amp; Wassersport K\u00fcstenort mit drei Gesichtern und hohem Lebensstandard J\u00e1vea, oder auf Valencianisch X\u00e0bia, z\u00e4hlt zu den vielseitigsten Orten an der Costa Blanca. Die Stadt vereint drei klar unterscheidbare Zonen: den historischen Stadtkern im Landesinneren, den Yachthafen mit Altstadtflair am Meer und das moderne<\/p>","protected":false},"author":1,"featured_media":0,"parent":0,"menu_order":0,"comment_status":"closed","ping_status":"closed","template":"elementor_header_footer","meta":{"om_disable_all_campaigns":false,"_monsterinsights_skip_tracking":false,"_monsterinsights_sitenote_active":false,"_monsterinsights_sitenote_note":"","_monsterinsights_sitenote_category":0,"footnotes":""},"class_list":["post-4669","page","type-page","status-publish","hentry"],"aioseo_notices":[],"_links":{"self":[{"href":"https:\/\/costablanca-magazin.com\/nl\/wp-json\/wp\/v2\/pages\/4669","targetHints":{"allow":["GET"]}}],"collection":[{"href":"https:\/\/costablanca-magazin.com\/nl\/wp-json\/wp\/v2\/pages"}],"about":[{"href":"https:\/\/costablanca-magazin.com\/nl\/wp-json\/wp\/v2\/types\/page"}],"author":[{"embeddable":true,"href":"https:\/\/costablanca-magazin.com\/nl\/wp-json\/wp\/v2\/users\/1"}],"replies":[{"embeddable":true,"href":"https:\/\/costablanca-magazin.com\/nl\/wp-json\/wp\/v2\/comments?post=4669"}],"version-history":[{"count":40,"href":"https:\/\/costablanca-magazin.com\/nl\/wp-json\/wp\/v2\/pages\/4669\/revisions"}],"predecessor-version":[{"id":11008,"href":"https:\/\/costablanca-magazin.com\/nl\/wp-json\/wp\/v2\/pages\/4669\/revisions\/11008"}],"wp:attachment":[{"href":"https:\/\/costablanca-magazin.com\/nl\/wp-json\/wp\/v2\/media?parent=4669"}],"curies":[{"name":"wp","href":"https:\/\/api.w.org\/{rel}","templated":true}]}}