{"id":4614,"date":"2025-01-21T09:21:00","date_gmt":"2025-01-21T08:21:00","guid":{"rendered":"https:\/\/costablanca-magazin.com\/?page_id=4614"},"modified":"2026-02-11T11:48:41","modified_gmt":"2026-02-11T10:48:41","slug":"mobiliteit-verkeer","status":"publish","type":"page","link":"https:\/\/costablanca-magazin.com\/nl\/mobilitaet-verkehr\/","title":{"rendered":"Mobiliteit en transport"},"content":{"rendered":"<div data-elementor-type=\"wp-page\" data-elementor-id=\"4614\" class=\"elementor elementor-4614\" data-elementor-post-type=\"page\">\n\t\t\t\t<div class=\"elementor-element elementor-element-d7eb3e9 e-flex e-con-boxed e-con e-parent\" data-id=\"d7eb3e9\" data-element_type=\"container\" data-e-type=\"container\">\n\t\t\t\t\t<div class=\"e-con-inner\">\n\t\t<div class=\"elementor-element elementor-element-e73d8d8 e-con-full e-flex e-con e-child\" data-id=\"e73d8d8\" data-element_type=\"container\" data-e-type=\"container\">\n\t\t<div class=\"elementor-element elementor-element-3fc2f25 e-con-full e-flex e-con e-child\" data-id=\"3fc2f25\" data-element_type=\"container\" data-e-type=\"container\">\n\t\t\t\t<div class=\"elementor-element elementor-element-52a9dcc elementor-widget elementor-widget-heading\" data-id=\"52a9dcc\" data-element_type=\"widget\" data-e-type=\"widget\" data-widget_type=\"heading.default\">\n\t\t\t\t<div class=\"elementor-widget-container\">\n\t\t\t\t\t<h1 class=\"elementor-heading-title elementor-size-default\">Bewoners - Mobiliteit &amp; Vervoer<\/h1>\t\t\t\t<\/div>\n\t\t\t\t<\/div>\n\t\t\t\t<\/div>\n\t\t<div class=\"elementor-element elementor-element-3485b5b e-con-full e-grid e-con e-child\" data-id=\"3485b5b\" data-element_type=\"container\" data-e-type=\"container\">\n\t\t\t\t<\/div>\n\t\t\t\t<\/div>\n\t\t\t\t\t<\/div>\n\t\t\t\t<\/div>\n\t\t<div class=\"elementor-element elementor-element-ab54225 e-flex e-con-boxed e-con e-parent\" data-id=\"ab54225\" data-element_type=\"container\" data-e-type=\"container\">\n\t\t\t\t\t<div class=\"e-con-inner\">\n\t\t\t\t<div class=\"elementor-element elementor-element-a0027fe elementor-grid-3 elementor-grid-tablet-2 elementor-grid-mobile-1 elementor-posts--thumbnail-top elementor-card-shadow-yes elementor-posts__hover-gradient elementor-widget elementor-widget-posts\" data-id=\"a0027fe\" data-element_type=\"widget\" data-e-type=\"widget\" data-settings=\"{&quot;pagination_type&quot;:&quot;numbers&quot;,&quot;cards_columns&quot;:&quot;3&quot;,&quot;cards_columns_tablet&quot;:&quot;2&quot;,&quot;cards_columns_mobile&quot;:&quot;1&quot;,&quot;cards_row_gap&quot;:{&quot;unit&quot;:&quot;px&quot;,&quot;size&quot;:35,&quot;sizes&quot;:[]},&quot;cards_row_gap_tablet&quot;:{&quot;unit&quot;:&quot;px&quot;,&quot;size&quot;:&quot;&quot;,&quot;sizes&quot;:[]},&quot;cards_row_gap_mobile&quot;:{&quot;unit&quot;:&quot;px&quot;,&quot;size&quot;:&quot;&quot;,&quot;sizes&quot;:[]}}\" data-widget_type=\"posts.cards\">\n\t\t\t\t<div class=\"elementor-widget-container\">\n\t\t\t\t\t\t\t<div class=\"elementor-posts-container elementor-posts elementor-posts--skin-cards elementor-grid\" role=\"list\">\n\t\t\t\t<article class=\"elementor-post elementor-grid-item post-10852 post type-post status-publish format-standard has-post-thumbnail hentry category-mobilitaet-verkehr tag-auto-in-spanien-anmelden tag-dgt-alicante tag-fahrzeugummeldung-costa-blanca tag-itv-spanien tag-kfz-steuer-alicante tag-zulassungssteuer-spanien\" role=\"listitem\">\n\t\t\t<div class=\"elementor-post__card\">\n\t\t\t\t<a class=\"elementor-post__thumbnail__link\" href=\"https:\/\/costablanca-magazin.com\/nl\/residenten\/mobilitaet-verkehr\/fahrzeugummeldung-an-der-costa-blanca-2026\/\" tabindex=\"-1\" ><div class=\"elementor-post__thumbnail\"><img decoding=\"async\" width=\"300\" height=\"69\" src=\"https:\/\/costablanca-magazin.com\/wp-content\/uploads\/2026\/03\/IMG_8470-e1772545236723-300x69.jpg\" class=\"attachment-medium size-medium wp-image-10860\" alt=\"Voertuig herregistreren aan de Costa Blanca\" srcset=\"https:\/\/costablanca-magazin.com\/wp-content\/uploads\/2026\/03\/IMG_8470-e1772545236723-300x69.jpg 300w, https:\/\/costablanca-magazin.com\/wp-content\/uploads\/2026\/03\/IMG_8470-e1772545236723-1024x234.jpg 1024w, https:\/\/costablanca-magazin.com\/wp-content\/uploads\/2026\/03\/IMG_8470-e1772545236723-768x175.jpg 768w, https:\/\/costablanca-magazin.com\/wp-content\/uploads\/2026\/03\/IMG_8470-e1772545236723-18x4.jpg 18w, https:\/\/costablanca-magazin.com\/wp-content\/uploads\/2026\/03\/IMG_8470-e1772545236723.jpg 1200w\" sizes=\"(max-width: 300px) 100vw, 300px\" \/><\/div><\/a>\n\t\t\t\t<div class=\"elementor-post__badge\">Mobiliteit en transport<\/div>\n\t\t\t\t<div class=\"elementor-post__text\">\n\t\t\t\t<h2 class=\"elementor-post__title\">\n\t\t\t<a href=\"https:\/\/costablanca-magazin.com\/nl\/residenten\/mobilitaet-verkehr\/fahrzeugummeldung-an-der-costa-blanca-2026\/\" >\n\t\t\t\tVoertuigregistratie aan de Costa Blanca 2026\t\t\t<\/a>\n\t\t<\/h2>\n\t\t\t\t<div class=\"elementor-post__excerpt\">\n\t\t\t<p>Voertuig herregistreren aan de Costa Blanca - procedure, kosten &amp; DGT data Voertuig herregistreren aan de Costa Blanca: ITV, registratiebelasting, DGT Alicante en kosten in een oogopslag. Gids voor inwoners van de provincie Alicante. Wie naar de Costa Blanca verhuist - naar D\u00e9nia, J\u00e1vea, Calpe, Benidorm of La Zenia - moet<\/p>\n\t\t<\/div>\n\t\t\n\t\t<a class=\"elementor-post__read-more\" href=\"https:\/\/costablanca-magazin.com\/nl\/residenten\/mobilitaet-verkehr\/fahrzeugummeldung-an-der-costa-blanca-2026\/\" aria-label=\"Read more about Fahrzeugummeldung an der Costa Blanca 2026\" tabindex=\"-1\" >\n\t\t\tLees meer \u00bb\t\t<\/a>\n\n\t\t\t\t<\/div>\n\t\t\t\t\t<\/div>\n\t\t<\/article>\n\t\t\t\t<article class=\"elementor-post elementor-grid-item post-10539 post type-post status-publish format-standard has-post-thumbnail hentry category-mobilitaet-verkehr tag-bussgeld-e-scooter tag-costa-blanca-e-scooter tag-e-scooter-registrierung tag-e-scooter-spanien tag-e-scooter-versicherung-spanien tag-gesetz-5-2025 tag-vmp-register-dgt\" role=\"listitem\">\n\t\t\t<div class=\"elementor-post__card\">\n\t\t\t\t<a class=\"elementor-post__thumbnail__link\" href=\"https:\/\/costablanca-magazin.com\/nl\/residenten\/mobilitaet-verkehr\/e-scooter-neues-register-und-versicherungspflicht-ab-2026-in-spanien\/\" tabindex=\"-1\" ><div class=\"elementor-post__thumbnail\"><img fetchpriority=\"high\" decoding=\"async\" width=\"300\" height=\"200\" src=\"https:\/\/costablanca-magazin.com\/wp-content\/uploads\/2026\/02\/patinete-mallorca-y-costa-blanca-300x200.jpg\" class=\"attachment-medium size-medium wp-image-10540\" alt=\"E-scooters: nieuw register &amp; verplichte verzekering vanaf 2026 in Spanje\" srcset=\"https:\/\/costablanca-magazin.com\/wp-content\/uploads\/2026\/02\/patinete-mallorca-y-costa-blanca-300x200.jpg 300w, https:\/\/costablanca-magazin.com\/wp-content\/uploads\/2026\/02\/patinete-mallorca-y-costa-blanca-1024x683.jpg 1024w, https:\/\/costablanca-magazin.com\/wp-content\/uploads\/2026\/02\/patinete-mallorca-y-costa-blanca-768x512.jpg 768w, https:\/\/costablanca-magazin.com\/wp-content\/uploads\/2026\/02\/patinete-mallorca-y-costa-blanca-1536x1025.jpg 1536w, https:\/\/costablanca-magazin.com\/wp-content\/uploads\/2026\/02\/patinete-mallorca-y-costa-blanca-18x12.jpg 18w\" sizes=\"(max-width: 300px) 100vw, 300px\" \/><\/div><\/a>\n\t\t\t\t<div class=\"elementor-post__badge\">Mobiliteit en transport<\/div>\n\t\t\t\t<div class=\"elementor-post__text\">\n\t\t\t\t<h2 class=\"elementor-post__title\">\n\t\t\t<a href=\"https:\/\/costablanca-magazin.com\/nl\/residenten\/mobilitaet-verkehr\/e-scooter-neues-register-und-versicherungspflicht-ab-2026-in-spanien\/\" >\n\t\t\t\tE-scooters: nieuw register en verplichte verzekering vanaf 2026 in Spanje\t\t\t<\/a>\n\t\t<\/h2>\n\t\t\t\t<div class=\"elementor-post__excerpt\">\n\t\t\t<p>E-scooters op Mallorca: registratie &amp; verzekering nu verplicht E-scooters op Mallorca moeten worden geregistreerd in het DGT-register. Alleen dan is verzekering mogelijk. Regels, deadlines &amp; boetes in \u00e9\u00e9n oogopslag. Met de invoering van het nationale register voor lichte priv\u00e9voertuigen (VMP) voert Spanje nu de wettelijke verzekeringsplicht in voor e-scooters en soortgelijke voertuigen.<\/p>\n\t\t<\/div>\n\t\t\n\t\t<a class=\"elementor-post__read-more\" href=\"https:\/\/costablanca-magazin.com\/nl\/residenten\/mobilitaet-verkehr\/e-scooter-neues-register-und-versicherungspflicht-ab-2026-in-spanien\/\" aria-label=\"Lees meer over E-scooters: Nieuw register en verplichte verzekering vanaf 2026 in Spanje\" tabindex=\"-1\" >\n\t\t\tLees meer \u00bb\t\t<\/a>\n\n\t\t\t\t<\/div>\n\t\t\t\t\t<\/div>\n\t\t<\/article>\n\t\t\t\t<article class=\"elementor-post elementor-grid-item post-8785 post type-post status-publish format-standard has-post-thumbnail hentry category-mobilitaet-verkehr tag-abschleppdienst-spanien tag-autopanne-costa-blanca tag-autopanne-spanien tag-panne-mietwagen-spanien tag-regeln-autopanne tag-sicherheit-autobahn-spanien tag-v16-led-leuchte tag-versicherungsservice-spanien\" role=\"listitem\">\n\t\t\t<div class=\"elementor-post__card\">\n\t\t\t\t<a class=\"elementor-post__thumbnail__link\" href=\"https:\/\/costablanca-magazin.com\/nl\/residenten\/mobilitaet-verkehr\/costa-blanca-autopanne-regeln-risiken-hilfe\/\" tabindex=\"-1\" ><div class=\"elementor-post__thumbnail\"><img decoding=\"async\" width=\"300\" height=\"200\" src=\"https:\/\/costablanca-magazin.com\/wp-content\/uploads\/2025\/09\/woman-with-broken-car-and-triangle-2024-10-14-14-58-13-utc-300x200.jpg\" class=\"attachment-medium size-medium wp-image-8807\" alt=\"Autopech aan de Costa Blanca \u2013 regels, risico&#039;s en juiste reacties\" srcset=\"https:\/\/costablanca-magazin.com\/wp-content\/uploads\/2025\/09\/woman-with-broken-car-and-triangle-2024-10-14-14-58-13-utc-300x200.jpg 300w, https:\/\/costablanca-magazin.com\/wp-content\/uploads\/2025\/09\/woman-with-broken-car-and-triangle-2024-10-14-14-58-13-utc-1024x684.jpg 1024w, https:\/\/costablanca-magazin.com\/wp-content\/uploads\/2025\/09\/woman-with-broken-car-and-triangle-2024-10-14-14-58-13-utc-768x513.jpg 768w, https:\/\/costablanca-magazin.com\/wp-content\/uploads\/2025\/09\/woman-with-broken-car-and-triangle-2024-10-14-14-58-13-utc.jpg 1200w\" sizes=\"(max-width: 300px) 100vw, 300px\" \/><\/div><\/a>\n\t\t\t\t<div class=\"elementor-post__badge\">Mobiliteit en transport<\/div>\n\t\t\t\t<div class=\"elementor-post__text\">\n\t\t\t\t<h2 class=\"elementor-post__title\">\n\t\t\t<a href=\"https:\/\/costablanca-magazin.com\/nl\/residenten\/mobilitaet-verkehr\/costa-blanca-autopanne-regeln-risiken-hilfe\/\" >\n\t\t\t\tAutopech Costa Blanca - regels, risico's &amp; hulp\t\t\t<\/a>\n\t\t<\/h2>\n\t\t\t\t<div class=\"elementor-post__excerpt\">\n\t\t\t<p>Autopech Costa Blanca - regels, risico's &amp; hulp Autopech in Spanje? Hoe correct te reageren: van waarschuwingslampjes tot sleepdienst - een overzicht van belangrijke regels aan de Costa Blanca. Autopech is altijd vervelend. Maar als je pech krijgt aan de Costa Blanca, besef je al snel: zonder kennis van de regels kan het duur of zelfs gevaarlijk zijn.<\/p>\n\t\t<\/div>\n\t\t\n\t\t<a class=\"elementor-post__read-more\" href=\"https:\/\/costablanca-magazin.com\/nl\/residenten\/mobilitaet-verkehr\/costa-blanca-autopanne-regeln-risiken-hilfe\/\" aria-label=\"Lees meer over Autopech Costa Blanca - regels, risico&#039;s &amp; hulp\" tabindex=\"-1\" >\n\t\t\tLees meer \u00bb\t\t<\/a>\n\n\t\t\t\t<\/div>\n\t\t\t\t\t<\/div>\n\t\t<\/article>\n\t\t\t\t<article class=\"elementor-post elementor-grid-item post-8461 post type-post status-publish format-standard has-post-thumbnail hentry category-mobilitaet-verkehr tag-dgt-fuehrerschein-umtausch tag-fuehrerschein-fristen-spanien tag-fuehrerschein-in-spanien tag-fuehrerschein-umtauschen-spanien tag-punktesystem-spanien tag-spanischer-fuehrerschein\" role=\"listitem\">\n\t\t\t<div class=\"elementor-post__card\">\n\t\t\t\t<a class=\"elementor-post__thumbnail__link\" href=\"https:\/\/costablanca-magazin.com\/nl\/residenten\/mobilitaet-verkehr\/fuehrerschein-in-spanien-wer-umtauschen-muss-und-wie\/\" tabindex=\"-1\" ><div class=\"elementor-post__thumbnail\"><img loading=\"lazy\" decoding=\"async\" width=\"300\" height=\"200\" src=\"https:\/\/costablanca-magazin.com\/wp-content\/uploads\/2025\/08\/young-man-showing-driving-license-while-sitting-in-2025-01-25-02-07-19-utc-300x200.jpg\" class=\"attachment-medium size-medium wp-image-8462\" alt=\"Rijbewijs in Spanje: wie moet het omwisselen \u2013 en hoe werkt dat?\" srcset=\"https:\/\/costablanca-magazin.com\/wp-content\/uploads\/2025\/08\/young-man-showing-driving-license-while-sitting-in-2025-01-25-02-07-19-utc-300x200.jpg 300w, https:\/\/costablanca-magazin.com\/wp-content\/uploads\/2025\/08\/young-man-showing-driving-license-while-sitting-in-2025-01-25-02-07-19-utc-1024x683.jpg 1024w, https:\/\/costablanca-magazin.com\/wp-content\/uploads\/2025\/08\/young-man-showing-driving-license-while-sitting-in-2025-01-25-02-07-19-utc-768x512.jpg 768w, https:\/\/costablanca-magazin.com\/wp-content\/uploads\/2025\/08\/young-man-showing-driving-license-while-sitting-in-2025-01-25-02-07-19-utc-1536x1024.jpg 1536w, https:\/\/costablanca-magazin.com\/wp-content\/uploads\/2025\/08\/young-man-showing-driving-license-while-sitting-in-2025-01-25-02-07-19-utc-2048x1365.jpg 2048w\" sizes=\"(max-width: 300px) 100vw, 300px\" \/><\/div><\/a>\n\t\t\t\t<div class=\"elementor-post__badge\">Mobiliteit en transport<\/div>\n\t\t\t\t<div class=\"elementor-post__text\">\n\t\t\t\t<h2 class=\"elementor-post__title\">\n\t\t\t<a href=\"https:\/\/costablanca-magazin.com\/nl\/residenten\/mobilitaet-verkehr\/fuehrerschein-in-spanien-wer-umtauschen-muss-und-wie\/\" >\n\t\t\t\tRijbewijs in Spanje - Wie moet het inwisselen en hoe?\t\t\t<\/a>\n\t\t<\/h2>\n\t\t\t\t<div class=\"elementor-post__excerpt\">\n\t\t\t<p>Rijbewijs in Spanje - Wie moet het omwisselen en hoe werkt het Internationale inwoners van Spanje moeten onder bepaalde voorwaarden hun rijbewijs omwisselen in een Spaans document. Wij leggen de termijnen, procedures en verschillen uit. Iedereen die zijn hoofdverblijfplaats naar Spanje verplaatst, krijgt vroeg of laat te maken met de afgifte van rijbewijzen. Of het nu<\/p>\n\t\t<\/div>\n\t\t\n\t\t<a class=\"elementor-post__read-more\" href=\"https:\/\/costablanca-magazin.com\/nl\/residenten\/mobilitaet-verkehr\/fuehrerschein-in-spanien-wer-umtauschen-muss-und-wie\/\" aria-label=\"Lees meer over Rijbewijs in Spanje - Wie moet inwisselen en hoe\" tabindex=\"-1\" >\n\t\t\tLees meer \u00bb\t\t<\/a>\n\n\t\t\t\t<\/div>\n\t\t\t\t\t<\/div>\n\t\t<\/article>\n\t\t\t\t<article class=\"elementor-post elementor-grid-item post-7994 post type-post status-publish format-standard has-post-thumbnail hentry category-mobilitaet-verkehr tag-dgt-strafzettel-online-zahlen tag-falschparken-spanien-urlaub tag-multa-spanien-bezahlen tag-parkverstoss-costa-blanca tag-strafzettel-costa-blanca tag-verwarnung-spanien-uebersetzung\" role=\"listitem\">\n\t\t\t<div class=\"elementor-post__card\">\n\t\t\t\t<a class=\"elementor-post__thumbnail__link\" href=\"https:\/\/costablanca-magazin.com\/nl\/residenten\/mobilitaet-verkehr\/strafzettel-an-der-costa-blanca-was-tun-bei-einer-multa\/\" tabindex=\"-1\" ><div class=\"elementor-post__thumbnail\"><img loading=\"lazy\" decoding=\"async\" width=\"300\" height=\"200\" src=\"https:\/\/costablanca-magazin.com\/wp-content\/uploads\/2025\/07\/patrolman-and-patrolwoman-putting-fine-for-car-par-2024-12-05-21-36-59-utc-300x200.jpg\" class=\"attachment-medium size-medium wp-image-8024\" alt=\"Parkeerbonnen aan de Costa Blanca - Wat te doen bij een \u201emulta\u201c?\u201c\" srcset=\"https:\/\/costablanca-magazin.com\/wp-content\/uploads\/2025\/07\/patrolman-and-patrolwoman-putting-fine-for-car-par-2024-12-05-21-36-59-utc-300x200.jpg 300w, https:\/\/costablanca-magazin.com\/wp-content\/uploads\/2025\/07\/patrolman-and-patrolwoman-putting-fine-for-car-par-2024-12-05-21-36-59-utc-1024x683.jpg 1024w, https:\/\/costablanca-magazin.com\/wp-content\/uploads\/2025\/07\/patrolman-and-patrolwoman-putting-fine-for-car-par-2024-12-05-21-36-59-utc-768x512.jpg 768w, https:\/\/costablanca-magazin.com\/wp-content\/uploads\/2025\/07\/patrolman-and-patrolwoman-putting-fine-for-car-par-2024-12-05-21-36-59-utc-1536x1024.jpg 1536w, https:\/\/costablanca-magazin.com\/wp-content\/uploads\/2025\/07\/patrolman-and-patrolwoman-putting-fine-for-car-par-2024-12-05-21-36-59-utc-2048x1365.jpg 2048w\" sizes=\"(max-width: 300px) 100vw, 300px\" \/><\/div><\/a>\n\t\t\t\t<div class=\"elementor-post__badge\">Mobiliteit en transport<\/div>\n\t\t\t\t<div class=\"elementor-post__text\">\n\t\t\t\t<h2 class=\"elementor-post__title\">\n\t\t\t<a href=\"https:\/\/costablanca-magazin.com\/nl\/residenten\/mobilitaet-verkehr\/strafzettel-an-der-costa-blanca-was-tun-bei-einer-multa\/\" >\n\t\t\t\tParkeerbonnen aan de Costa Blanca - Wat te doen bij een \u201emulta\u201c?\u201c\t\t\t<\/a>\n\t\t<\/h2>\n\t\t\t\t<div class=\"elementor-post__excerpt\">\n\t\t\t<p>Verkeersboetes aan de Costa Blanca - wat te doen als je een \u201emulta\u201c krijgt Verkeersboetes aan de Costa Blanca zijn geen ge\u00efsoleerd verschijnsel - weten wat je moet doen kan je een hoop problemen (en geld) besparen. De auto staat nog maar net in de schaduw geparkeerd of er dwarrelt een bekeuring onder de ruitenwisser - of erger nog: de bekeuring komt weken later.<\/p>\n\t\t<\/div>\n\t\t\n\t\t<a class=\"elementor-post__read-more\" href=\"https:\/\/costablanca-magazin.com\/nl\/residenten\/mobilitaet-verkehr\/strafzettel-an-der-costa-blanca-was-tun-bei-einer-multa\/\" aria-label=\"Read more about Strafzettel an der Costa Blanca &#8211; Was tun bei einer \u201eMulta\u201c\" tabindex=\"-1\" >\n\t\t\tLees meer \u00bb\t\t<\/a>\n\n\t\t\t\t<\/div>\n\t\t\t\t\t<\/div>\n\t\t<\/article>\n\t\t\t\t<article class=\"elementor-post elementor-grid-item post-4217 post type-post status-publish format-standard has-post-thumbnail hentry category-mobilitaet-verkehr tag-dgt-costa-blanca tag-verkehrs-regeln-2025-costa-blanca\" role=\"listitem\">\n\t\t\t<div class=\"elementor-post__card\">\n\t\t\t\t<a class=\"elementor-post__thumbnail__link\" href=\"https:\/\/costablanca-magazin.com\/nl\/residenten\/mobilitaet-verkehr\/neue-verkehrs-regeln-2025-costa-blanca-was-autofahrer-wissen-muessen\/\" tabindex=\"-1\" ><div class=\"elementor-post__thumbnail\"><img loading=\"lazy\" decoding=\"async\" width=\"300\" height=\"100\" src=\"https:\/\/costablanca-magazin.com\/wp-content\/uploads\/2025\/01\/driving-a-car-2023-11-27-05-10-35-utc-300x100.jpg\" class=\"attachment-medium size-medium wp-image-4231\" alt=\"Nieuwe verkeersregels 2025: wat automobilisten aan de Costa Blanca moeten weten\" srcset=\"https:\/\/costablanca-magazin.com\/wp-content\/uploads\/2025\/01\/driving-a-car-2023-11-27-05-10-35-utc-300x100.jpg 300w, https:\/\/costablanca-magazin.com\/wp-content\/uploads\/2025\/01\/driving-a-car-2023-11-27-05-10-35-utc-1024x341.jpg 1024w, https:\/\/costablanca-magazin.com\/wp-content\/uploads\/2025\/01\/driving-a-car-2023-11-27-05-10-35-utc-768x256.jpg 768w, https:\/\/costablanca-magazin.com\/wp-content\/uploads\/2025\/01\/driving-a-car-2023-11-27-05-10-35-utc.jpg 1200w\" sizes=\"(max-width: 300px) 100vw, 300px\" \/><\/div><\/a>\n\t\t\t\t<div class=\"elementor-post__badge\">Mobiliteit en transport<\/div>\n\t\t\t\t<div class=\"elementor-post__text\">\n\t\t\t\t<h2 class=\"elementor-post__title\">\n\t\t\t<a href=\"https:\/\/costablanca-magazin.com\/nl\/residenten\/mobilitaet-verkehr\/neue-verkehrs-regeln-2025-costa-blanca-was-autofahrer-wissen-muessen\/\" >\n\t\t\t\tNieuwe verkeersregels 2025 Costa Blanca - Wat bestuurders moeten weten\t\t\t<\/a>\n\t\t<\/h2>\n\t\t\t\t<div class=\"elementor-post__excerpt\">\n\t\t\t<p>Nieuwe verkeersregels 2025: Wat bestuurders aan de Costa Blanca moeten weten Van vluchtstroken tot vluchtstroken - met gevoel voor humor navigeren door de nieuwe regels. De verkeersregels in Spanje zijn geen compleet mysterie voor veel inwoners en bestuurders aan de Costa Blanca, maar ze zijn ook niet gemakkelijk te lezen. Vanaf 2025<\/p>\n\t\t<\/div>\n\t\t\n\t\t<a class=\"elementor-post__read-more\" href=\"https:\/\/costablanca-magazin.com\/nl\/residenten\/mobilitaet-verkehr\/neue-verkehrs-regeln-2025-costa-blanca-was-autofahrer-wissen-muessen\/\" aria-label=\"Read more about Neue Verkehrs-Regeln 2025 Costa Blanca &#8211; Was Autofahrer wissen m\u00fcssen\" tabindex=\"-1\" >\n\t\t\tLees meer \u00bb\t\t<\/a>\n\n\t\t\t\t<\/div>\n\t\t\t\t\t<\/div>\n\t\t<\/article>\n\t\t\t\t<\/div>\n\t\t\n\t\t\t\t<div class=\"e-load-more-anchor\" data-page=\"1\" data-max-page=\"2\" data-next-page=\"https:\/\/costablanca-magazin.com\/nl\/wp-json\/wp\/v2\/pages\/4614\/page\/2\/\"><\/div>\n\t\t\t\t<nav class=\"elementor-pagination\" aria-label=\"Pagination\">\n\t\t\t<span aria-current=\"page\" class=\"page-numbers current\"><span class=\"elementor-screen-only\">Pagina<\/span>1<\/span>\n<a class=\"page-numbers\" href=\"https:\/\/costablanca-magazin.com\/nl\/wp-json\/wp\/v2\/pages\/4614\/page\/2\/\"><span class=\"elementor-screen-only\">Pagina<\/span>2<\/a>\t\t<\/nav>\n\t\t\t\t\t\t<\/div>\n\t\t\t\t<\/div>\n\t\t\t\t\t<\/div>\n\t\t\t\t<\/div>\n\t\t\t\t<\/div>","protected":false},"excerpt":{"rendered":"<p>Als Residenten erkunden wir Mobilit\u00e4t und Verkehr in der Stadt, an dabei achten wir auf nachhaltige Optionen wie Fahrrad, \u00d6PNV und Carsharing der und f\u00f6rdern barrierefreie Zug\u00e4nge f\u00fcr alle Costa; gemeinsam gestalten wir sichere Wege, reduzieren Emissionen Blanca und verbessern Aufenthaltsqualit\u00e4t Unterwegs, indem wir lokale Initiativen unterst\u00fctzen in und langfristige Mobilit\u00e4tskonzepte entwickeln Spanien. Residenten &#8211; [&hellip;]<\/p>\n","protected":false},"author":1,"featured_media":0,"parent":0,"menu_order":0,"comment_status":"closed","ping_status":"closed","template":"elementor_header_footer","meta":{"footnotes":""},"class_list":["post-4614","page","type-page","status-publish","hentry"],"aioseo_notices":[],"_links":{"self":[{"href":"https:\/\/costablanca-magazin.com\/nl\/wp-json\/wp\/v2\/pages\/4614","targetHints":{"allow":["GET"]}}],"collection":[{"href":"https:\/\/costablanca-magazin.com\/nl\/wp-json\/wp\/v2\/pages"}],"about":[{"href":"https:\/\/costablanca-magazin.com\/nl\/wp-json\/wp\/v2\/types\/page"}],"author":[{"embeddable":true,"href":"https:\/\/costablanca-magazin.com\/nl\/wp-json\/wp\/v2\/users\/1"}],"replies":[{"embeddable":true,"href":"https:\/\/costablanca-magazin.com\/nl\/wp-json\/wp\/v2\/comments?post=4614"}],"version-history":[{"count":18,"href":"https:\/\/costablanca-magazin.com\/nl\/wp-json\/wp\/v2\/pages\/4614\/revisions"}],"predecessor-version":[{"id":10376,"href":"https:\/\/costablanca-magazin.com\/nl\/wp-json\/wp\/v2\/pages\/4614\/revisions\/10376"}],"wp:attachment":[{"href":"https:\/\/costablanca-magazin.com\/nl\/wp-json\/wp\/v2\/media?parent=4614"}],"curies":[{"name":"wp","href":"https:\/\/api.w.org\/{rel}","templated":true}]}}