{"id":4597,"date":"2025-01-21T09:16:15","date_gmt":"2025-01-21T08:16:15","guid":{"rendered":"https:\/\/costablanca-magazin.com\/?page_id=4597"},"modified":"2026-02-11T11:49:55","modified_gmt":"2026-02-11T10:49:55","slug":"specialiteiten-recepten","status":"publish","type":"page","link":"https:\/\/costablanca-magazin.com\/nl\/spezialitaeten-rezepte\/","title":{"rendered":"Specialiteiten &amp; recepten"},"content":{"rendered":"<div data-elementor-type=\"wp-page\" data-elementor-id=\"4597\" class=\"elementor elementor-4597\" data-elementor-post-type=\"page\">\n\t\t\t\t<div class=\"elementor-element elementor-element-df524ca e-flex e-con-boxed e-con e-parent\" data-id=\"df524ca\" data-element_type=\"container\" data-e-type=\"container\">\n\t\t\t\t\t<div class=\"e-con-inner\">\n\t\t<div class=\"elementor-element elementor-element-e473d04 e-con-full e-flex e-con e-child\" data-id=\"e473d04\" data-element_type=\"container\" data-e-type=\"container\">\n\t\t<div class=\"elementor-element elementor-element-0d3b93d e-con-full e-flex e-con e-child\" data-id=\"0d3b93d\" data-element_type=\"container\" data-e-type=\"container\">\n\t\t<div class=\"elementor-element elementor-element-5d02765 e-con-full e-flex e-con e-child\" data-id=\"5d02765\" data-element_type=\"container\" data-e-type=\"container\">\n\t\t\t\t<div class=\"elementor-element elementor-element-43aa90d elementor-widget elementor-widget-heading\" data-id=\"43aa90d\" data-element_type=\"widget\" data-e-type=\"widget\" data-widget_type=\"heading.default\">\n\t\t\t\t<div class=\"elementor-widget-container\">\n\t\t\t\t\t<h1 class=\"elementor-heading-title elementor-size-default\">Culinaire hoogstandjes - specialiteiten &amp; recepten<\/h1>\t\t\t\t<\/div>\n\t\t\t\t<\/div>\n\t\t\t\t<\/div>\n\t\t<div class=\"elementor-element elementor-element-dd1909a e-con-full e-grid e-con e-child\" data-id=\"dd1909a\" data-element_type=\"container\" data-e-type=\"container\">\n\t\t\t\t<\/div>\n\t\t\t\t<\/div>\n\t\t\t\t<\/div>\n\t\t\t\t\t<\/div>\n\t\t\t\t<\/div>\n\t\t<div class=\"elementor-element elementor-element-bd45d2d e-flex e-con-boxed e-con e-parent\" data-id=\"bd45d2d\" data-element_type=\"container\" data-e-type=\"container\">\n\t\t\t\t\t<div class=\"e-con-inner\">\n\t\t\t\t<div class=\"elementor-element elementor-element-7f6e0b5 elementor-grid-3 elementor-grid-tablet-2 elementor-grid-mobile-1 elementor-posts--thumbnail-top elementor-card-shadow-yes elementor-posts__hover-gradient elementor-widget elementor-widget-posts\" data-id=\"7f6e0b5\" data-element_type=\"widget\" data-e-type=\"widget\" data-settings=\"{&quot;pagination_type&quot;:&quot;numbers&quot;,&quot;cards_columns&quot;:&quot;3&quot;,&quot;cards_columns_tablet&quot;:&quot;2&quot;,&quot;cards_columns_mobile&quot;:&quot;1&quot;,&quot;cards_row_gap&quot;:{&quot;unit&quot;:&quot;px&quot;,&quot;size&quot;:35,&quot;sizes&quot;:[]},&quot;cards_row_gap_tablet&quot;:{&quot;unit&quot;:&quot;px&quot;,&quot;size&quot;:&quot;&quot;,&quot;sizes&quot;:[]},&quot;cards_row_gap_mobile&quot;:{&quot;unit&quot;:&quot;px&quot;,&quot;size&quot;:&quot;&quot;,&quot;sizes&quot;:[]}}\" data-widget_type=\"posts.cards\">\n\t\t\t\t<div class=\"elementor-widget-container\">\n\t\t\t\t\t\t\t<div class=\"elementor-posts-container elementor-posts elementor-posts--skin-cards elementor-grid\" role=\"list\">\n\t\t\t\t<article class=\"elementor-post elementor-grid-item post-9684 post type-post status-publish format-standard has-post-thumbnail hentry category-spezialitaeten-rezepte tag-caldo-con-pelotas tag-puchero-alicante tag-regionale-kueche-weihnachten-spanien tag-turron-xixona tag-weihnachten-an-der-costa-blanca tag-weihnachtsessen-costa-blanca\" role=\"listitem\">\n\t\t\t<div class=\"elementor-post__card\">\n\t\t\t\t<a class=\"elementor-post__thumbnail__link\" href=\"https:\/\/costablanca-magazin.com\/nl\/kulinarisches\/spezialitaeten-rezepte\/weihnachtsgerichte-der-costa-blanca-tradition-turron\/\" tabindex=\"-1\" ><div class=\"elementor-post__thumbnail\"><img fetchpriority=\"high\" decoding=\"async\" width=\"300\" height=\"169\" src=\"https:\/\/costablanca-magazin.com\/wp-content\/uploads\/2025\/11\/3.png\" class=\"attachment-medium size-medium wp-image-9589\" alt=\"Typische kerstgerechten van de Costa Blanca: regionale keuken &amp; zoete klassiekers\" \/><\/div><\/a>\n\t\t\t\t<div class=\"elementor-post__badge\">Specialiteiten &amp; recepten<\/div>\n\t\t\t\t<div class=\"elementor-post__text\">\n\t\t\t\t<h2 class=\"elementor-post__title\">\n\t\t\t<a href=\"https:\/\/costablanca-magazin.com\/nl\/kulinarisches\/spezialitaeten-rezepte\/weihnachtsgerichte-der-costa-blanca-tradition-turron\/\" >\n\t\t\t\tKerstgerechten van de Costa Blanca - Traditie &amp; Turr\u00f3n\t\t\t<\/a>\n\t\t<\/h2>\n\t\t\t\t<div class=\"elementor-post__excerpt\">\n\t\t\t<p>Kerstgerechten van de Costa Blanca \u2013 Traditie &amp; Turr\u00f3n Typische kerstgerechten aan de Costa Blanca: Caldo con Pelotas, Puchero, visgerechten, Turr\u00f3n uit Xixona. Regionale tips &amp; recepten. Van Caldo con Pelotas tot Puchero en Turr\u00f3n uit Xixona \u2013 zo smaakt Kerstmis in Alicante en langs de kust. De kerstkeuken van de Costa<\/p>\n\t\t<\/div>\n\t\t\n\t\t<a class=\"elementor-post__read-more\" href=\"https:\/\/costablanca-magazin.com\/nl\/kulinarisches\/spezialitaeten-rezepte\/weihnachtsgerichte-der-costa-blanca-tradition-turron\/\" aria-label=\"Read more about Weihnachtsgerichte der Costa Blanca \u2013 Tradition &amp; Turr\u00f3n\" tabindex=\"-1\" >\n\t\t\tLees meer \u00bb\t\t<\/a>\n\n\t\t\t\t<\/div>\n\t\t\t\t\t<\/div>\n\t\t<\/article>\n\t\t\t\t<article class=\"elementor-post elementor-grid-item post-8986 post type-post status-publish format-standard has-post-thumbnail hentry category-spezialitaeten-rezepte tag-cafe-bombon tag-cafe-con-leche tag-cortado-spanien tag-costa-blanca-kaffee tag-denia-kaffee tag-kaffeekultur-costa-blanca tag-spanischer-kaffee tag-villajoyosa-cafe\" role=\"listitem\">\n\t\t\t<div class=\"elementor-post__card\">\n\t\t\t\t<a class=\"elementor-post__thumbnail__link\" href=\"https:\/\/costablanca-magazin.com\/nl\/kulinarisches\/spezialitaeten-rezepte\/kaffee-an-der-costa-blanca-cortado-bombon-kultur\/\" tabindex=\"-1\" ><div class=\"elementor-post__thumbnail\"><img decoding=\"async\" width=\"300\" height=\"136\" src=\"https:\/\/costablanca-magazin.com\/wp-content\/uploads\/2025\/09\/coffee-expert-barista-making-hot-americano-for-cus-2025-01-08-23-10-13-utc-e1759084734304-300x136.jpg\" class=\"attachment-medium size-medium wp-image-8991\" alt=\"Caf\u00e9, cortado &amp; bomb\u00f3n 3\" srcset=\"https:\/\/costablanca-magazin.com\/wp-content\/uploads\/2025\/09\/coffee-expert-barista-making-hot-americano-for-cus-2025-01-08-23-10-13-utc-e1759084734304-300x136.jpg 300w, https:\/\/costablanca-magazin.com\/wp-content\/uploads\/2025\/09\/coffee-expert-barista-making-hot-americano-for-cus-2025-01-08-23-10-13-utc-e1759084734304-1024x464.jpg 1024w, https:\/\/costablanca-magazin.com\/wp-content\/uploads\/2025\/09\/coffee-expert-barista-making-hot-americano-for-cus-2025-01-08-23-10-13-utc-e1759084734304-768x348.jpg 768w, https:\/\/costablanca-magazin.com\/wp-content\/uploads\/2025\/09\/coffee-expert-barista-making-hot-americano-for-cus-2025-01-08-23-10-13-utc-e1759084734304.jpg 1200w\" sizes=\"(max-width: 300px) 100vw, 300px\" \/><\/div><\/a>\n\t\t\t\t<div class=\"elementor-post__badge\">Specialiteiten &amp; recepten<\/div>\n\t\t\t\t<div class=\"elementor-post__text\">\n\t\t\t\t<h2 class=\"elementor-post__title\">\n\t\t\t<a href=\"https:\/\/costablanca-magazin.com\/nl\/kulinarisches\/spezialitaeten-rezepte\/kaffee-an-der-costa-blanca-cortado-bombon-kultur\/\" >\n\t\t\t\tKoffie aan de Costa Blanca - cortado, bomb\u00f3n &amp; cultuur\t\t\t<\/a>\n\t\t<\/h2>\n\t\t\t\t<div class=\"elementor-post__excerpt\">\n\t\t\t<p>Koffie aan de Costa Blanca - cortado, bomb\u00f3n &amp; cultuur Ontdek de koffiecultuur van de Costa Blanca - van cortado tot bomb\u00f3n. Hier is koffie meer dan alleen een genot: een ritueel, een ontmoetingsplaats, een stukje Spanje. Een snelle solo aan de bar, een gezellige con leche bij het ontbijt of een zoete bomb\u00f3n<\/p>\n\t\t<\/div>\n\t\t\n\t\t<a class=\"elementor-post__read-more\" href=\"https:\/\/costablanca-magazin.com\/nl\/kulinarisches\/spezialitaeten-rezepte\/kaffee-an-der-costa-blanca-cortado-bombon-kultur\/\" aria-label=\"Read more about Kaffee an der Costa Blanca &#8211; Cortado, Bomb\u00f3n &amp; Kultur\" tabindex=\"-1\" >\n\t\t\tLees meer \u00bb\t\t<\/a>\n\n\t\t\t\t<\/div>\n\t\t\t\t\t<\/div>\n\t\t<\/article>\n\t\t\t\t<article class=\"elementor-post elementor-grid-item post-8962 post type-post status-publish format-standard has-post-thumbnail hentry category-spezialitaeten-rezepte tag-embutidos-spanien tag-handwerkliche-produktion tag-marina-baixa-oel tag-olivenoel-costa-blanca tag-olivenoel-marina-alta tag-regionale-spezialitaeten tag-spanische-tradition tag-traditionelle-wurstwaren\" role=\"listitem\">\n\t\t\t<div class=\"elementor-post__card\">\n\t\t\t\t<a class=\"elementor-post__thumbnail__link\" href=\"https:\/\/costablanca-magazin.com\/nl\/kulinarisches\/spezialitaeten-rezepte\/olivenoel-embutidos-tradition-aus-marina-alta-baixa\/\" tabindex=\"-1\" ><div class=\"elementor-post__thumbnail\"><img decoding=\"async\" width=\"300\" height=\"200\" src=\"https:\/\/costablanca-magazin.com\/wp-content\/uploads\/2025\/09\/detail-of-olive-tree-with-green-olives-2025-03-23-21-44-42-utc-300x200.jpg\" class=\"attachment-medium size-medium wp-image-8963\" alt=\"Ambacht uit traditie: olie en embutidos\" srcset=\"https:\/\/costablanca-magazin.com\/wp-content\/uploads\/2025\/09\/detail-of-olive-tree-with-green-olives-2025-03-23-21-44-42-utc-300x200.jpg 300w, https:\/\/costablanca-magazin.com\/wp-content\/uploads\/2025\/09\/detail-of-olive-tree-with-green-olives-2025-03-23-21-44-42-utc-1024x683.jpg 1024w, https:\/\/costablanca-magazin.com\/wp-content\/uploads\/2025\/09\/detail-of-olive-tree-with-green-olives-2025-03-23-21-44-42-utc-768x512.jpg 768w, https:\/\/costablanca-magazin.com\/wp-content\/uploads\/2025\/09\/detail-of-olive-tree-with-green-olives-2025-03-23-21-44-42-utc.jpg 1200w\" sizes=\"(max-width: 300px) 100vw, 300px\" \/><\/div><\/a>\n\t\t\t\t<div class=\"elementor-post__badge\">Specialiteiten &amp; recepten<\/div>\n\t\t\t\t<div class=\"elementor-post__text\">\n\t\t\t\t<h2 class=\"elementor-post__title\">\n\t\t\t<a href=\"https:\/\/costablanca-magazin.com\/nl\/kulinarisches\/spezialitaeten-rezepte\/olivenoel-embutidos-tradition-aus-marina-alta-baixa\/\" >\n\t\t\t\tOlijfolie &amp; Embutidos - Traditie uit Marina Alta &amp; Baixa\t\t\t<\/a>\n\t\t<\/h2>\n\t\t\t\t<div class=\"elementor-post__excerpt\">\n\t\t\t<p>Olijfolie &amp; embutidos - traditie van Marina Alta &amp; Baixa Ontdek de olijfolie en embutidos van Marina Alta &amp; Baixa - ambachtelijke specialiteiten die traditie, plezier en regionale identiteit combineren. Wie de Marina Alta en Marina Baixa leert kennen via hun producten, komt vroeg of laat twee constanten tegen: Olijfolie en embutidos.<\/p>\n\t\t<\/div>\n\t\t\n\t\t<a class=\"elementor-post__read-more\" href=\"https:\/\/costablanca-magazin.com\/nl\/kulinarisches\/spezialitaeten-rezepte\/olivenoel-embutidos-tradition-aus-marina-alta-baixa\/\" aria-label=\"Read more about Oliven\u00f6l &amp; Embutidos &#8211; Tradition aus Marina Alta &amp; Baixa\" tabindex=\"-1\" >\n\t\t\tLees meer \u00bb\t\t<\/a>\n\n\t\t\t\t<\/div>\n\t\t\t\t\t<\/div>\n\t\t<\/article>\n\t\t\t\t<article class=\"elementor-post elementor-grid-item post-8891 post type-post status-publish format-standard has-post-thumbnail hentry category-spezialitaeten-rezepte tag-marina-alta tag-marina-baixa tag-mistela tag-moscatel tag-regionale-weine tag-weinkultur tag-weinproben tag-weintradition\" role=\"listitem\">\n\t\t\t<div class=\"elementor-post__card\">\n\t\t\t\t<a class=\"elementor-post__thumbnail__link\" href=\"https:\/\/costablanca-magazin.com\/nl\/kulinarisches\/spezialitaeten-rezepte\/weine-der-marina-alta-baixa-moscatel-mistela-mehr\/\" tabindex=\"-1\" ><div class=\"elementor-post__thumbnail\"><img loading=\"lazy\" decoding=\"async\" width=\"300\" height=\"220\" src=\"https:\/\/costablanca-magazin.com\/wp-content\/uploads\/2025\/09\/group-of-friends-wine-tasting-at-a-distillery-or-c-2025-04-06-09-58-00-utc-300x220.jpg\" class=\"attachment-medium size-medium wp-image-8952\" alt=\"Marina Alta &amp; Marina Baixa in een glas: Moscatel, Mistela &amp; meer\" srcset=\"https:\/\/costablanca-magazin.com\/wp-content\/uploads\/2025\/09\/group-of-friends-wine-tasting-at-a-distillery-or-c-2025-04-06-09-58-00-utc-300x220.jpg 300w, https:\/\/costablanca-magazin.com\/wp-content\/uploads\/2025\/09\/group-of-friends-wine-tasting-at-a-distillery-or-c-2025-04-06-09-58-00-utc-1024x749.jpg 1024w, https:\/\/costablanca-magazin.com\/wp-content\/uploads\/2025\/09\/group-of-friends-wine-tasting-at-a-distillery-or-c-2025-04-06-09-58-00-utc-768x562.jpg 768w, https:\/\/costablanca-magazin.com\/wp-content\/uploads\/2025\/09\/group-of-friends-wine-tasting-at-a-distillery-or-c-2025-04-06-09-58-00-utc.jpg 1200w\" sizes=\"(max-width: 300px) 100vw, 300px\" \/><\/div><\/a>\n\t\t\t\t<div class=\"elementor-post__badge\">Specialiteiten &amp; recepten<\/div>\n\t\t\t\t<div class=\"elementor-post__text\">\n\t\t\t\t<h2 class=\"elementor-post__title\">\n\t\t\t<a href=\"https:\/\/costablanca-magazin.com\/nl\/kulinarisches\/spezialitaeten-rezepte\/weine-der-marina-alta-baixa-moscatel-mistela-mehr\/\" >\n\t\t\t\tWijnen van de Marina Alta &amp; Baixa - Moscatel, Mistela &amp; meer\t\t\t<\/a>\n\t\t<\/h2>\n\t\t\t\t<div class=\"elementor-post__excerpt\">\n\t\t\t<p>Wijnen van Marina Alta &amp; Baixa - Moscatel, Mistela &amp; meer Ontdek Moscatel, Mistela &amp; regionale wijnen uit Marina Alta en Marina Baixa - traditie ontmoet moderniteit in aromatische wijnen met cultstatus. Wijn is een van de stille vertellers van de jachthavens. Soms fris en licht, soms zoet en feestelijk, soms modern<\/p>\n\t\t<\/div>\n\t\t\n\t\t<a class=\"elementor-post__read-more\" href=\"https:\/\/costablanca-magazin.com\/nl\/kulinarisches\/spezialitaeten-rezepte\/weine-der-marina-alta-baixa-moscatel-mistela-mehr\/\" aria-label=\"Read more about Weine der Marina Alta &amp; Baixa &#8211; Moscatel, Mistela &amp; mehr\" tabindex=\"-1\" >\n\t\t\tLees meer \u00bb\t\t<\/a>\n\n\t\t\t\t<\/div>\n\t\t\t\t\t<\/div>\n\t\t<\/article>\n\t\t\t\t<article class=\"elementor-post elementor-grid-item post-8881 post type-post status-publish format-standard has-post-thumbnail hentry category-spezialitaeten-rezepte tag-mandeln tag-marina-alta tag-marina-baixa tag-nispero tag-regionale-landwirtschaft tag-reis tag-rosinen tag-zitrusfruechte\" role=\"listitem\">\n\t\t\t<div class=\"elementor-post__card\">\n\t\t\t\t<a class=\"elementor-post__thumbnail__link\" href=\"https:\/\/costablanca-magazin.com\/nl\/kulinarisches\/spezialitaeten-rezepte\/schaetze-der-marina-alta-und-baixa-nispero-reis-fruechte\/\" tabindex=\"-1\" ><div class=\"elementor-post__thumbnail\"><img loading=\"lazy\" decoding=\"async\" width=\"300\" height=\"200\" src=\"https:\/\/costablanca-magazin.com\/wp-content\/uploads\/2025\/04\/nispero-fruits-ripening-on-the-tree-also-known-as-2025-03-10-05-01-12-utc-300x200.jpg\" class=\"attachment-medium size-medium wp-image-5722\" alt=\"Kleine, delicate vrucht, grote traditie \u2013 De n\u00edspero uit Callosa d&#039;en Sarri\u00e0 3\" srcset=\"https:\/\/costablanca-magazin.com\/wp-content\/uploads\/2025\/04\/nispero-fruits-ripening-on-the-tree-also-known-as-2025-03-10-05-01-12-utc-300x200.jpg 300w, https:\/\/costablanca-magazin.com\/wp-content\/uploads\/2025\/04\/nispero-fruits-ripening-on-the-tree-also-known-as-2025-03-10-05-01-12-utc-1024x683.jpg 1024w, https:\/\/costablanca-magazin.com\/wp-content\/uploads\/2025\/04\/nispero-fruits-ripening-on-the-tree-also-known-as-2025-03-10-05-01-12-utc-768x512.jpg 768w, https:\/\/costablanca-magazin.com\/wp-content\/uploads\/2025\/04\/nispero-fruits-ripening-on-the-tree-also-known-as-2025-03-10-05-01-12-utc-1536x1024.jpg 1536w, https:\/\/costablanca-magazin.com\/wp-content\/uploads\/2025\/04\/nispero-fruits-ripening-on-the-tree-also-known-as-2025-03-10-05-01-12-utc-2048x1365.jpg 2048w\" sizes=\"(max-width: 300px) 100vw, 300px\" \/><\/div><\/a>\n\t\t\t\t<div class=\"elementor-post__badge\">Specialiteiten &amp; recepten<\/div>\n\t\t\t\t<div class=\"elementor-post__text\">\n\t\t\t\t<h2 class=\"elementor-post__title\">\n\t\t\t<a href=\"https:\/\/costablanca-magazin.com\/nl\/kulinarisches\/spezialitaeten-rezepte\/schaetze-der-marina-alta-und-baixa-nispero-reis-fruechte\/\" >\n\t\t\t\tSchatten van de Marina Alta en Baixa - N\u00edspero, rijst &amp; fruit\t\t\t<\/a>\n\t\t<\/h2>\n\t\t\t\t<div class=\"elementor-post__excerpt\">\n\t\t\t<p>Schatten van de Marina Alta en Baixa - N\u00edspero, rijst &amp; fruit Ontdek de regionale vruchten van de Marina Alta en Baixa - n\u00edsperos, rijst, sultana's, citrusvruchten en amandelen combineren traditie, kwaliteit en cultuur. Na het overzicht aan het begin gaan we recht naar het hart van de jachthavens: naar de boomgaarden, velden en<\/p>\n\t\t<\/div>\n\t\t\n\t\t<a class=\"elementor-post__read-more\" href=\"https:\/\/costablanca-magazin.com\/nl\/kulinarisches\/spezialitaeten-rezepte\/schaetze-der-marina-alta-und-baixa-nispero-reis-fruechte\/\" aria-label=\"Read more about Sch\u00e4tze der Marina Alta und Baixa &#8211; N\u00edspero, Reis &amp; Fr\u00fcchte\" tabindex=\"-1\" >\n\t\t\tLees meer \u00bb\t\t<\/a>\n\n\t\t\t\t<\/div>\n\t\t\t\t\t<\/div>\n\t\t<\/article>\n\t\t\t\t<article class=\"elementor-post elementor-grid-item post-8731 post type-post status-publish format-standard has-post-thumbnail hentry category-spezialitaeten-rezepte tag-costa-blanca-2 tag-lokale-spezialitaeten tag-marina-alta tag-marina-baixa tag-nisperos tag-olivenhaine tag-villajoyosa-schokolade tag-weinberge\" role=\"listitem\">\n\t\t\t<div class=\"elementor-post__card\">\n\t\t\t\t<a class=\"elementor-post__thumbnail__link\" href=\"https:\/\/costablanca-magazin.com\/nl\/kulinarisches\/spezialitaeten-rezepte\/costa-blanca-vielfalt-zwischen-bergen-und-meer\/\" tabindex=\"-1\" ><div class=\"elementor-post__thumbnail\"><img loading=\"lazy\" decoding=\"async\" width=\"300\" height=\"200\" src=\"https:\/\/costablanca-magazin.com\/wp-content\/uploads\/2025\/09\/picturesque-mediterranean-spanish-coastline-in-alt-2025-01-27-23-59-48-utc-300x200.jpg\" class=\"attachment-medium size-medium wp-image-8777\" alt=\"Uniek tussen de bergen en de zee\" srcset=\"https:\/\/costablanca-magazin.com\/wp-content\/uploads\/2025\/09\/picturesque-mediterranean-spanish-coastline-in-alt-2025-01-27-23-59-48-utc-300x200.jpg 300w, https:\/\/costablanca-magazin.com\/wp-content\/uploads\/2025\/09\/picturesque-mediterranean-spanish-coastline-in-alt-2025-01-27-23-59-48-utc-1024x683.jpg 1024w, https:\/\/costablanca-magazin.com\/wp-content\/uploads\/2025\/09\/picturesque-mediterranean-spanish-coastline-in-alt-2025-01-27-23-59-48-utc-768x512.jpg 768w, https:\/\/costablanca-magazin.com\/wp-content\/uploads\/2025\/09\/picturesque-mediterranean-spanish-coastline-in-alt-2025-01-27-23-59-48-utc.jpg 1200w\" sizes=\"(max-width: 300px) 100vw, 300px\" \/><\/div><\/a>\n\t\t\t\t<div class=\"elementor-post__badge\">Specialiteiten &amp; recepten<\/div>\n\t\t\t\t<div class=\"elementor-post__text\">\n\t\t\t\t<h2 class=\"elementor-post__title\">\n\t\t\t<a href=\"https:\/\/costablanca-magazin.com\/nl\/kulinarisches\/spezialitaeten-rezepte\/costa-blanca-vielfalt-zwischen-bergen-und-meer\/\" >\n\t\t\t\tCosta Blanca - diversiteit tussen bergen en zee\t\t\t<\/a>\n\t\t<\/h2>\n\t\t\t\t<div class=\"elementor-post__excerpt\">\n\t\t\t<p>Costa Blanca - diversiteit tussen bergen en zee Ontdek de cultuur, het landschap en de specialiteiten van de Costa Blanca. Van wijngaarden en olijven tot chocolade en n\u00edsperos - uniek tussen bergen en zee. Met het septembernummer beginnen we aan een reis door de twee regio's die het noorden van de Costa Blanca kenmerken.<\/p>\n\t\t<\/div>\n\t\t\n\t\t<a class=\"elementor-post__read-more\" href=\"https:\/\/costablanca-magazin.com\/nl\/kulinarisches\/spezialitaeten-rezepte\/costa-blanca-vielfalt-zwischen-bergen-und-meer\/\" aria-label=\"Read more about Costa Blanca &#8211; Vielfalt zwischen Bergen und Meer\" tabindex=\"-1\" >\n\t\t\tLees meer \u00bb\t\t<\/a>\n\n\t\t\t\t<\/div>\n\t\t\t\t\t<\/div>\n\t\t<\/article>\n\t\t\t\t<article class=\"elementor-post elementor-grid-item post-7997 post type-post status-publish format-standard has-post-thumbnail hentry category-spezialitaeten-rezepte tag-costa-blanca-2 tag-gazpacho tag-ortaxa tag-spanische-sommerrezepte\" role=\"listitem\">\n\t\t\t<div class=\"elementor-post__card\">\n\t\t\t\t<a class=\"elementor-post__thumbnail__link\" href=\"https:\/\/costablanca-magazin.com\/nl\/kulinarisches\/spezialitaeten-rezepte\/eisgekuehlt-und-leicht-so-schmeckt-der-sommer-an-der-costa-blanca\/\" tabindex=\"-1\" ><div class=\"elementor-post__thumbnail\"><img loading=\"lazy\" decoding=\"async\" width=\"300\" height=\"200\" src=\"https:\/\/costablanca-magazin.com\/wp-content\/uploads\/2025\/07\/crispy-fried-calamari-rings-2024-09-22-11-59-44-utc-300x200.jpg\" class=\"attachment-medium size-medium wp-image-8035\" alt=\"Ijskoud en licht - de smaak van de zomer aan de Costa Blanca\" srcset=\"https:\/\/costablanca-magazin.com\/wp-content\/uploads\/2025\/07\/crispy-fried-calamari-rings-2024-09-22-11-59-44-utc-300x200.jpg 300w, https:\/\/costablanca-magazin.com\/wp-content\/uploads\/2025\/07\/crispy-fried-calamari-rings-2024-09-22-11-59-44-utc-1024x683.jpg 1024w, https:\/\/costablanca-magazin.com\/wp-content\/uploads\/2025\/07\/crispy-fried-calamari-rings-2024-09-22-11-59-44-utc-768x512.jpg 768w, https:\/\/costablanca-magazin.com\/wp-content\/uploads\/2025\/07\/crispy-fried-calamari-rings-2024-09-22-11-59-44-utc-1536x1024.jpg 1536w, https:\/\/costablanca-magazin.com\/wp-content\/uploads\/2025\/07\/crispy-fried-calamari-rings-2024-09-22-11-59-44-utc-2048x1365.jpg 2048w\" sizes=\"(max-width: 300px) 100vw, 300px\" \/><\/div><\/a>\n\t\t\t\t<div class=\"elementor-post__badge\">Specialiteiten &amp; recepten<\/div>\n\t\t\t\t<div class=\"elementor-post__text\">\n\t\t\t\t<h2 class=\"elementor-post__title\">\n\t\t\t<a href=\"https:\/\/costablanca-magazin.com\/nl\/kulinarisches\/spezialitaeten-rezepte\/eisgekuehlt-und-leicht-so-schmeckt-der-sommer-an-der-costa-blanca\/\" >\n\t\t\t\tIjskoud en licht - de smaak van de zomer aan de Costa Blanca\t\t\t<\/a>\n\t\t<\/h2>\n\t\t\t\t<div class=\"elementor-post__excerpt\">\n\t\t\t<p>IJskoud en licht - de smaken van de zomer aan de Costa Blanca Van gazpacho tot orxata - culinaire klassiekers die verfrissend en vullend zijn in de hitte. De zomer aan de Costa Blanca heeft vele kanten. De ene is heet, luidruchtig en vol levensvreugde. De andere smaakt naar tomaat, verse kruiden<\/p>\n\t\t<\/div>\n\t\t\n\t\t<a class=\"elementor-post__read-more\" href=\"https:\/\/costablanca-magazin.com\/nl\/kulinarisches\/spezialitaeten-rezepte\/eisgekuehlt-und-leicht-so-schmeckt-der-sommer-an-der-costa-blanca\/\" aria-label=\"Read more about Eisgek\u00fchlt und leicht &#8211; So schmeckt der Sommer an der Costa Blanca\" tabindex=\"-1\" >\n\t\t\tLees meer \u00bb\t\t<\/a>\n\n\t\t\t\t<\/div>\n\t\t\t\t\t<\/div>\n\t\t<\/article>\n\t\t\t\t<article class=\"elementor-post elementor-grid-item post-7689 post type-post status-publish format-standard has-post-thumbnail hentry category-spezialitaeten-rezepte tag-alicante-rum tag-costa-blanca-2 tag-malabusca\" role=\"listitem\">\n\t\t\t<div class=\"elementor-post__card\">\n\t\t\t\t<a class=\"elementor-post__thumbnail__link\" href=\"https:\/\/costablanca-magazin.com\/nl\/kulinarisches\/spezialitaeten-rezepte\/malabusca-der-rum-aus-alicante\/\" tabindex=\"-1\" ><div class=\"elementor-post__thumbnail\"><img loading=\"lazy\" decoding=\"async\" width=\"300\" height=\"114\" src=\"https:\/\/costablanca-magazin.com\/wp-content\/uploads\/2025\/06\/MALABUSCA-RUM-SPANISH-STYLE-D-e1750247487118-300x114.jpg\" class=\"attachment-medium size-medium wp-image-7692\" alt=\"Fijne druppels met karakter: hoe een rum uit Alicante het wereldtoneel verovert\" srcset=\"https:\/\/costablanca-magazin.com\/wp-content\/uploads\/2025\/06\/MALABUSCA-RUM-SPANISH-STYLE-D-e1750247487118-300x114.jpg 300w, https:\/\/costablanca-magazin.com\/wp-content\/uploads\/2025\/06\/MALABUSCA-RUM-SPANISH-STYLE-D-e1750247487118.jpg 668w\" sizes=\"(max-width: 300px) 100vw, 300px\" \/><\/div><\/a>\n\t\t\t\t<div class=\"elementor-post__badge\">Specialiteiten &amp; recepten<\/div>\n\t\t\t\t<div class=\"elementor-post__text\">\n\t\t\t\t<h2 class=\"elementor-post__title\">\n\t\t\t<a href=\"https:\/\/costablanca-magazin.com\/nl\/kulinarisches\/spezialitaeten-rezepte\/malabusca-der-rum-aus-alicante\/\" >\n\t\t\t\tMalabusca fijne druppels met karakter - De rum uit Alicante\t\t\t<\/a>\n\t\t<\/h2>\n\t\t\t\t<div class=\"elementor-post__excerpt\">\n\t\t\t<p>Malabusca fijne druppels met karakter - Hoe een rum uit Alicante het wereldpodium verovert Regionale topkwaliteit uit Alcoy aan de Costa Blanca. De London Spirits Competition 2025 was een compleet succes voor Ron Malabusca Estilo Espa\u00f1ol: twee gouden medailles en de titel van \u201eBeste Spaanse Spirit van het Jaar\u201c gingen naar het merk.<\/p>\n\t\t<\/div>\n\t\t\n\t\t<a class=\"elementor-post__read-more\" href=\"https:\/\/costablanca-magazin.com\/nl\/kulinarisches\/spezialitaeten-rezepte\/malabusca-der-rum-aus-alicante\/\" aria-label=\"Read more about Malabusca feine Tropfen mit Charakter &#8211; Der Rum aus Alicante\" tabindex=\"-1\" >\n\t\t\tLees meer \u00bb\t\t<\/a>\n\n\t\t\t\t<\/div>\n\t\t\t\t\t<\/div>\n\t\t<\/article>\n\t\t\t\t<article class=\"elementor-post elementor-grid-item post-5767 post type-post status-publish format-standard has-post-thumbnail hentry category-spezialitaeten-rezepte tag-fleischmenge-pro-person-grillen tag-grillen-costa-blanca tag-grilltipps tag-outdoor-kitchen-costa-blanca\" role=\"listitem\">\n\t\t\t<div class=\"elementor-post__card\">\n\t\t\t\t<a class=\"elementor-post__thumbnail__link\" href=\"https:\/\/costablanca-magazin.com\/nl\/kulinarisches\/spezialitaeten-rezepte\/der-duft-des-fruehlings-angrillen-an-der-costa-blanca\/\" tabindex=\"-1\" ><div class=\"elementor-post__thumbnail\"><img loading=\"lazy\" decoding=\"async\" width=\"300\" height=\"200\" src=\"https:\/\/costablanca-magazin.com\/wp-content\/uploads\/2025\/04\/summertime-bbq-in-a-lush-backyard-with-friends-and-2024-07-11-02-49-51-utc-300x200.jpg\" class=\"attachment-medium size-medium wp-image-5768\" alt=\"De geur van de lente - barbecues aan de Costa Blanca\" srcset=\"https:\/\/costablanca-magazin.com\/wp-content\/uploads\/2025\/04\/summertime-bbq-in-a-lush-backyard-with-friends-and-2024-07-11-02-49-51-utc-300x200.jpg 300w, https:\/\/costablanca-magazin.com\/wp-content\/uploads\/2025\/04\/summertime-bbq-in-a-lush-backyard-with-friends-and-2024-07-11-02-49-51-utc-1024x683.jpg 1024w, https:\/\/costablanca-magazin.com\/wp-content\/uploads\/2025\/04\/summertime-bbq-in-a-lush-backyard-with-friends-and-2024-07-11-02-49-51-utc-768x512.jpg 768w, https:\/\/costablanca-magazin.com\/wp-content\/uploads\/2025\/04\/summertime-bbq-in-a-lush-backyard-with-friends-and-2024-07-11-02-49-51-utc-1536x1024.jpg 1536w, https:\/\/costablanca-magazin.com\/wp-content\/uploads\/2025\/04\/summertime-bbq-in-a-lush-backyard-with-friends-and-2024-07-11-02-49-51-utc-2048x1365.jpg 2048w\" sizes=\"(max-width: 300px) 100vw, 300px\" \/><\/div><\/a>\n\t\t\t\t<div class=\"elementor-post__badge\">Specialiteiten &amp; recepten<\/div>\n\t\t\t\t<div class=\"elementor-post__text\">\n\t\t\t\t<h2 class=\"elementor-post__title\">\n\t\t\t<a href=\"https:\/\/costablanca-magazin.com\/nl\/kulinarisches\/spezialitaeten-rezepte\/der-duft-des-fruehlings-angrillen-an-der-costa-blanca\/\" >\n\t\t\t\tDe geur van de lente - barbecues aan de Costa Blanca\t\t\t<\/a>\n\t\t<\/h2>\n\t\t\t\t<div class=\"elementor-post__excerpt\">\n\t\t\t<p>De geur van de lente - barbecue\u00ebn aan de Costa Blanca Barbecue-expert Joachim Linna van Outdoor Kitchen Paradise Teulada legt uit wat belangrijk is voor de perfecte start van het seizoen. Zodra de temperaturen in april en mei stijgen, begint het barbecueseizoen aan de Costa Blanca. Maar terwijl in Noord-Europa de eerste steak nog op een verse<\/p>\n\t\t<\/div>\n\t\t\n\t\t<a class=\"elementor-post__read-more\" href=\"https:\/\/costablanca-magazin.com\/nl\/kulinarisches\/spezialitaeten-rezepte\/der-duft-des-fruehlings-angrillen-an-der-costa-blanca\/\" aria-label=\"Read more about Der Duft des Fr\u00fchlings \u2013 Angrillen an der Costa Blanca\" tabindex=\"-1\" >\n\t\t\tLees meer \u00bb\t\t<\/a>\n\n\t\t\t\t<\/div>\n\t\t\t\t\t<\/div>\n\t\t<\/article>\n\t\t\t\t<article class=\"elementor-post elementor-grid-item post-3702 post type-post status-publish format-standard has-post-thumbnail hentry category-spezialitaeten-rezepte tag-costa-blanca tag-rezept-roscon tag-roscon-de-reyes-rezept tag-spanische-spezialitaet-rezept\" role=\"listitem\">\n\t\t\t<div class=\"elementor-post__card\">\n\t\t\t\t<a class=\"elementor-post__thumbnail__link\" href=\"https:\/\/costablanca-magazin.com\/nl\/kulinarisches\/spezialitaeten-rezepte\/voller-traditionen-roscon-de-reyes-der-suesse-koenigskranz\/\" tabindex=\"-1\" ><div class=\"elementor-post__thumbnail\"><img loading=\"lazy\" decoding=\"async\" width=\"300\" height=\"200\" src=\"https:\/\/costablanca-magazin.com\/wp-content\/uploads\/2024\/12\/traditional-spanish-epiphany-cake-roscon-de-reyes-2024-10-17-04-47-06-utc-300x200.jpg\" class=\"attachment-medium size-medium wp-image-3703\" alt=\"Rosc\u00f3n de Reyes: de zoete koningskrans\" srcset=\"https:\/\/costablanca-magazin.com\/wp-content\/uploads\/2024\/12\/traditional-spanish-epiphany-cake-roscon-de-reyes-2024-10-17-04-47-06-utc-300x200.jpg 300w, https:\/\/costablanca-magazin.com\/wp-content\/uploads\/2024\/12\/traditional-spanish-epiphany-cake-roscon-de-reyes-2024-10-17-04-47-06-utc-1024x683.jpg 1024w, https:\/\/costablanca-magazin.com\/wp-content\/uploads\/2024\/12\/traditional-spanish-epiphany-cake-roscon-de-reyes-2024-10-17-04-47-06-utc-768x512.jpg 768w, https:\/\/costablanca-magazin.com\/wp-content\/uploads\/2024\/12\/traditional-spanish-epiphany-cake-roscon-de-reyes-2024-10-17-04-47-06-utc-1536x1024.jpg 1536w, https:\/\/costablanca-magazin.com\/wp-content\/uploads\/2024\/12\/traditional-spanish-epiphany-cake-roscon-de-reyes-2024-10-17-04-47-06-utc-2048x1365.jpg 2048w\" sizes=\"(max-width: 300px) 100vw, 300px\" \/><\/div><\/a>\n\t\t\t\t<div class=\"elementor-post__badge\">Specialiteiten &amp; recepten<\/div>\n\t\t\t\t<div class=\"elementor-post__text\">\n\t\t\t\t<h2 class=\"elementor-post__title\">\n\t\t\t<a href=\"https:\/\/costablanca-magazin.com\/nl\/kulinarisches\/spezialitaeten-rezepte\/voller-traditionen-roscon-de-reyes-der-suesse-koenigskranz\/\" >\n\t\t\t\tVol traditie - Rosc\u00f3n de Reyes de zoete koninklijke krans\t\t\t<\/a>\n\t\t<\/h2>\n\t\t\t\t<div class=\"elementor-post__excerpt\">\n\t\t\t<p>Rosc\u00f3n de Reyes - De zoete koninklijke krans De kersttijd is een tijd vol tradities, en in Spanje is de Rosc\u00f3n de Reyes een vaste favoriet. Deze heerlijke gistkrans wordt traditioneel geserveerd op 6 januari, Driekoningen. Maar het is meer dan alleen een taart: Het bevat twee verrassingen - een kleine<\/p>\n\t\t<\/div>\n\t\t\n\t\t<a class=\"elementor-post__read-more\" href=\"https:\/\/costablanca-magazin.com\/nl\/kulinarisches\/spezialitaeten-rezepte\/voller-traditionen-roscon-de-reyes-der-suesse-koenigskranz\/\" aria-label=\"Read more about Voller Traditionen &#8211; Rosc\u00f3n de Reyes der s\u00fc\u00dfe K\u00f6nigskranz\" tabindex=\"-1\" >\n\t\t\tLees meer \u00bb\t\t<\/a>\n\n\t\t\t\t<\/div>\n\t\t\t\t\t<\/div>\n\t\t<\/article>\n\t\t\t\t<article class=\"elementor-post elementor-grid-item post-3598 post type-post status-publish format-standard has-post-thumbnail hentry category-spezialitaeten-rezepte tag-costa-blanca tag-weihnachten-costa-blanca tag-weinachtrezepte-spanien\" role=\"listitem\">\n\t\t\t<div class=\"elementor-post__card\">\n\t\t\t\t<a class=\"elementor-post__thumbnail__link\" href=\"https:\/\/costablanca-magazin.com\/nl\/kulinarisches\/spezialitaeten-rezepte\/weihnachtsgenuss-costa-blanca-suessen-klassiker-und-festtagsgerichten\/\" tabindex=\"-1\" ><div class=\"elementor-post__thumbnail\"><img loading=\"lazy\" decoding=\"async\" width=\"300\" height=\"143\" src=\"https:\/\/costablanca-magazin.com\/wp-content\/uploads\/2024\/12\/flat-lay-of-festive-christmas-table-setting-and-ce-2024-10-18-05-36-08-utc-300x143.jpg\" class=\"attachment-medium size-medium wp-image-3684\" alt=\"Kerstgenot aan de Costa Blanca 1\" srcset=\"https:\/\/costablanca-magazin.com\/wp-content\/uploads\/2024\/12\/flat-lay-of-festive-christmas-table-setting-and-ce-2024-10-18-05-36-08-utc-300x143.jpg 300w, https:\/\/costablanca-magazin.com\/wp-content\/uploads\/2024\/12\/flat-lay-of-festive-christmas-table-setting-and-ce-2024-10-18-05-36-08-utc-1024x489.jpg 1024w, https:\/\/costablanca-magazin.com\/wp-content\/uploads\/2024\/12\/flat-lay-of-festive-christmas-table-setting-and-ce-2024-10-18-05-36-08-utc-768x367.jpg 768w, https:\/\/costablanca-magazin.com\/wp-content\/uploads\/2024\/12\/flat-lay-of-festive-christmas-table-setting-and-ce-2024-10-18-05-36-08-utc-1536x734.jpg 1536w, https:\/\/costablanca-magazin.com\/wp-content\/uploads\/2024\/12\/flat-lay-of-festive-christmas-table-setting-and-ce-2024-10-18-05-36-08-utc-2048x979.jpg 2048w\" sizes=\"(max-width: 300px) 100vw, 300px\" \/><\/div><\/a>\n\t\t\t\t<div class=\"elementor-post__badge\">Specialiteiten &amp; recepten<\/div>\n\t\t\t\t<div class=\"elementor-post__text\">\n\t\t\t\t<h2 class=\"elementor-post__title\">\n\t\t\t<a href=\"https:\/\/costablanca-magazin.com\/nl\/kulinarisches\/spezialitaeten-rezepte\/weihnachtsgenuss-costa-blanca-suessen-klassiker-und-festtagsgerichten\/\" >\n\t\t\t\tKerstlekkernijen Costa Blanca - zoete klassiekers en feestelijke gerechten\t\t\t<\/a>\n\t\t<\/h2>\n\t\t\t\t<div class=\"elementor-post__excerpt\">\n\t\t\t<p>Kerstlekkernijen aan de Costa Blanca Van zoete klassiekers tot hartige feestgerechten: Culinaire tradities van de Marina Alta en Marina Baja Kerstmis in de Marina Alta en Marina Baja is niet alleen een feest voor de zintuigen, maar ook voor het gehemelte. De regio biedt een rijk palet aan traditionele lekkernijen die<\/p>\n\t\t<\/div>\n\t\t\n\t\t<a class=\"elementor-post__read-more\" href=\"https:\/\/costablanca-magazin.com\/nl\/kulinarisches\/spezialitaeten-rezepte\/weihnachtsgenuss-costa-blanca-suessen-klassiker-und-festtagsgerichten\/\" aria-label=\"Read more about Weihnachtsgenuss Costa Blanca &#8211; s\u00fc\u00dfen Klassiker und Festtagsgerichten\" tabindex=\"-1\" >\n\t\t\tLees meer \u00bb\t\t<\/a>\n\n\t\t\t\t<\/div>\n\t\t\t\t\t<\/div>\n\t\t<\/article>\n\t\t\t\t<article class=\"elementor-post elementor-grid-item post-3408 post type-post status-publish format-standard has-post-thumbnail hentry category-spezialitaeten-rezepte tag-costa-blanca-2 tag-geschmack tag-klassische tag-kueche tag-tradition\" role=\"listitem\">\n\t\t\t<div class=\"elementor-post__card\">\n\t\t\t\t<a class=\"elementor-post__thumbnail__link\" href=\"https:\/\/costablanca-magazin.com\/nl\/kulinarisches\/spezialitaeten-rezepte\/tradition-und-geschmack-die-klassische-kueche-der-costa-blanca\/\" tabindex=\"-1\" ><div class=\"elementor-post__thumbnail\"><img loading=\"lazy\" decoding=\"async\" width=\"300\" height=\"200\" src=\"https:\/\/costablanca-magazin.com\/wp-content\/uploads\/2024\/11\/spanish-tapas-small-meatballs-salted-cod-paprik-2023-11-27-05-07-47-utc-300x200.jpg\" class=\"attachment-medium size-medium wp-image-3381\" alt=\"Traditie en smaak: de klassieke keuken van Marina Alta en Marina Baixa\" srcset=\"https:\/\/costablanca-magazin.com\/wp-content\/uploads\/2024\/11\/spanish-tapas-small-meatballs-salted-cod-paprik-2023-11-27-05-07-47-utc-300x200.jpg 300w, https:\/\/costablanca-magazin.com\/wp-content\/uploads\/2024\/11\/spanish-tapas-small-meatballs-salted-cod-paprik-2023-11-27-05-07-47-utc-1024x683.jpg 1024w, https:\/\/costablanca-magazin.com\/wp-content\/uploads\/2024\/11\/spanish-tapas-small-meatballs-salted-cod-paprik-2023-11-27-05-07-47-utc-768x512.jpg 768w, https:\/\/costablanca-magazin.com\/wp-content\/uploads\/2024\/11\/spanish-tapas-small-meatballs-salted-cod-paprik-2023-11-27-05-07-47-utc-1536x1024.jpg 1536w, https:\/\/costablanca-magazin.com\/wp-content\/uploads\/2024\/11\/spanish-tapas-small-meatballs-salted-cod-paprik-2023-11-27-05-07-47-utc-2048x1365.jpg 2048w\" sizes=\"(max-width: 300px) 100vw, 300px\" \/><\/div><\/a>\n\t\t\t\t<div class=\"elementor-post__badge\">Specialiteiten &amp; recepten<\/div>\n\t\t\t\t<div class=\"elementor-post__text\">\n\t\t\t\t<h2 class=\"elementor-post__title\">\n\t\t\t<a href=\"https:\/\/costablanca-magazin.com\/nl\/kulinarisches\/spezialitaeten-rezepte\/tradition-und-geschmack-die-klassische-kueche-der-costa-blanca\/\" >\n\t\t\t\tTraditie en smaak - de klassieke keuken van de Costa Blanca\t\t\t<\/a>\n\t\t<\/h2>\n\t\t\t\t<div class=\"elementor-post__excerpt\">\n\t\t\t<p>Traditie en smaak - De klassieke keuken van de Marina Alta en Marina Baixa Typische gerechten en authentieke recepten uit de regio's van de Marina - van traditionele rijstspecialiteiten tot verborgen delicatessen uit de kustdorpen. De Marina Alta en Marina Baixa bieden een keuken die nauw verweven is met lokale producten en tradities en<\/p>\n\t\t<\/div>\n\t\t\n\t\t<a class=\"elementor-post__read-more\" href=\"https:\/\/costablanca-magazin.com\/nl\/kulinarisches\/spezialitaeten-rezepte\/tradition-und-geschmack-die-klassische-kueche-der-costa-blanca\/\" aria-label=\"Read more about Tradition und Geschmack &#8211; Die klassische K\u00fcche der Costa Blanca\" tabindex=\"-1\" >\n\t\t\tLees meer \u00bb\t\t<\/a>\n\n\t\t\t\t<\/div>\n\t\t\t\t\t<\/div>\n\t\t<\/article>\n\t\t\t\t<article class=\"elementor-post elementor-grid-item post-3388 post type-post status-publish format-standard has-post-thumbnail hentry category-spezialitaeten-rezepte tag-gastronomie-costablanca tag-gastronomie-und-kueche-der-costablanca tag-kulinarik\" role=\"listitem\">\n\t\t\t<div class=\"elementor-post__card\">\n\t\t\t\t<a class=\"elementor-post__thumbnail__link\" href=\"https:\/\/costablanca-magazin.com\/nl\/kulinarisches\/spezialitaeten-rezepte\/kulinarisches-paradies-costa-blanca-wo-jede-mahlzeitein-erlebnis-ist\/\" tabindex=\"-1\" ><div class=\"elementor-post__thumbnail\"><img loading=\"lazy\" decoding=\"async\" width=\"300\" height=\"200\" src=\"https:\/\/costablanca-magazin.com\/wp-content\/uploads\/2024\/11\/group-of-young-friends-meeting-for-drinks-and-food-2024-10-19-13-32-29-utc-300x200.jpg\" class=\"attachment-medium size-medium wp-image-3331\" alt=\"Culinair paradijs Costa Blanca: waar elke maaltijd een belevenis is\" srcset=\"https:\/\/costablanca-magazin.com\/wp-content\/uploads\/2024\/11\/group-of-young-friends-meeting-for-drinks-and-food-2024-10-19-13-32-29-utc-300x200.jpg 300w, https:\/\/costablanca-magazin.com\/wp-content\/uploads\/2024\/11\/group-of-young-friends-meeting-for-drinks-and-food-2024-10-19-13-32-29-utc-1024x683.jpg 1024w, https:\/\/costablanca-magazin.com\/wp-content\/uploads\/2024\/11\/group-of-young-friends-meeting-for-drinks-and-food-2024-10-19-13-32-29-utc-768x512.jpg 768w, https:\/\/costablanca-magazin.com\/wp-content\/uploads\/2024\/11\/group-of-young-friends-meeting-for-drinks-and-food-2024-10-19-13-32-29-utc-1536x1024.jpg 1536w, https:\/\/costablanca-magazin.com\/wp-content\/uploads\/2024\/11\/group-of-young-friends-meeting-for-drinks-and-food-2024-10-19-13-32-29-utc-2048x1365.jpg 2048w\" sizes=\"(max-width: 300px) 100vw, 300px\" \/><\/div><\/a>\n\t\t\t\t<div class=\"elementor-post__badge\">Specialiteiten &amp; recepten<\/div>\n\t\t\t\t<div class=\"elementor-post__text\">\n\t\t\t\t<h2 class=\"elementor-post__title\">\n\t\t\t<a href=\"https:\/\/costablanca-magazin.com\/nl\/kulinarisches\/spezialitaeten-rezepte\/kulinarisches-paradies-costa-blanca-wo-jede-mahlzeitein-erlebnis-ist\/\" >\n\t\t\t\tCulinair paradijs Costa Blanca - Waar elke maaltijd een belevenis is\t\t\t<\/a>\n\t\t<\/h2>\n\t\t\t\t<div class=\"elementor-post__excerpt\">\n\t\t\t<p>Culinair paradijs Costa Blanca - waar elke maaltijd een belevenis is Van trendy strandbars tot een keuken met Michelinsterren - de Marina Alta en Marina Baixa verwennen je met een unieke mix van traditionele en internationale gerechten en maken van elke maaltijd een gastronomische reis. De Marina Alta en Marina Baixa zijn culinaire hotspots bij<\/p>\n\t\t<\/div>\n\t\t\n\t\t<a class=\"elementor-post__read-more\" href=\"https:\/\/costablanca-magazin.com\/nl\/kulinarisches\/spezialitaeten-rezepte\/kulinarisches-paradies-costa-blanca-wo-jede-mahlzeitein-erlebnis-ist\/\" aria-label=\"Read more about Kulinarisches Paradies Costa Blanca &#8211; Wo jede Mahlzeitein Erlebnis ist\" tabindex=\"-1\" >\n\t\t\tLees meer \u00bb\t\t<\/a>\n\n\t\t\t\t<\/div>\n\t\t\t\t\t<\/div>\n\t\t<\/article>\n\t\t\t\t<article class=\"elementor-post elementor-grid-item post-3264 post type-post status-publish format-standard has-post-thumbnail hentry category-spezialitaeten-rezepte tag-bodega-costablanca tag-wein-marina-alta tag-wein-matina-baixa tag-weinanbaugebiet-costablanca tag-weingueter-costablanca\" role=\"listitem\">\n\t\t\t<div class=\"elementor-post__card\">\n\t\t\t\t<a class=\"elementor-post__thumbnail__link\" href=\"https:\/\/costablanca-magazin.com\/nl\/kulinarisches\/spezialitaeten-rezepte\/geschmackvolle-tour-weinvielfalt-der-marina-baixa-und-marina-alta\/\" tabindex=\"-1\" ><div class=\"elementor-post__thumbnail\"><img loading=\"lazy\" decoding=\"async\" width=\"200\" height=\"300\" src=\"https:\/\/costablanca-magazin.com\/wp-content\/uploads\/2024\/11\/red-and-white-wine-bottles-and-grapes-on-wine-barr-2023-11-27-05-34-40-utc-200x300.jpg\" class=\"attachment-medium size-medium wp-image-3286\" alt=\"Smaakvolle tour door de wijnvari\u00ebteit van Marina Baixa en Marina Alta\" srcset=\"https:\/\/costablanca-magazin.com\/wp-content\/uploads\/2024\/11\/red-and-white-wine-bottles-and-grapes-on-wine-barr-2023-11-27-05-34-40-utc-200x300.jpg 200w, https:\/\/costablanca-magazin.com\/wp-content\/uploads\/2024\/11\/red-and-white-wine-bottles-and-grapes-on-wine-barr-2023-11-27-05-34-40-utc-683x1024.jpg 683w, https:\/\/costablanca-magazin.com\/wp-content\/uploads\/2024\/11\/red-and-white-wine-bottles-and-grapes-on-wine-barr-2023-11-27-05-34-40-utc-768x1152.jpg 768w, https:\/\/costablanca-magazin.com\/wp-content\/uploads\/2024\/11\/red-and-white-wine-bottles-and-grapes-on-wine-barr-2023-11-27-05-34-40-utc-1024x1536.jpg 1024w, https:\/\/costablanca-magazin.com\/wp-content\/uploads\/2024\/11\/red-and-white-wine-bottles-and-grapes-on-wine-barr-2023-11-27-05-34-40-utc-1365x2048.jpg 1365w, https:\/\/costablanca-magazin.com\/wp-content\/uploads\/2024\/11\/red-and-white-wine-bottles-and-grapes-on-wine-barr-2023-11-27-05-34-40-utc-scaled.jpg 1707w\" sizes=\"(max-width: 200px) 100vw, 200px\" \/><\/div><\/a>\n\t\t\t\t<div class=\"elementor-post__badge\">Specialiteiten &amp; recepten<\/div>\n\t\t\t\t<div class=\"elementor-post__text\">\n\t\t\t\t<h2 class=\"elementor-post__title\">\n\t\t\t<a href=\"https:\/\/costablanca-magazin.com\/nl\/kulinarisches\/spezialitaeten-rezepte\/geschmackvolle-tour-weinvielfalt-der-marina-baixa-und-marina-alta\/\" >\n\t\t\t\tSmaakvolle tour - wijndiversiteit van de Marina Baixa en Marina Alta\t\t\t<\/a>\n\t\t<\/h2>\n\t\t\t\t<div class=\"elementor-post__excerpt\">\n\t\t\t<p>Smaakvolle tour door de wijndiversiteit van de Marina Baixa en Marina Alta Zeker een ander soort excursie - de lokale wijnmakerijen bieden authentieke proeverijen en regionale specialiteiten in een mediterrane sfeer. De Costa Blanca is een eldorado voor wijnliefhebbers die willen genieten van het gevarieerde en mediterrane wijnaanbod van de regio. Met<\/p>\n\t\t<\/div>\n\t\t\n\t\t<a class=\"elementor-post__read-more\" href=\"https:\/\/costablanca-magazin.com\/nl\/kulinarisches\/spezialitaeten-rezepte\/geschmackvolle-tour-weinvielfalt-der-marina-baixa-und-marina-alta\/\" aria-label=\"Read more about Geschmackvolle Tour &#8211; Weinvielfalt der Marina Baixa und Marina Alta\" tabindex=\"-1\" >\n\t\t\tLees meer \u00bb\t\t<\/a>\n\n\t\t\t\t<\/div>\n\t\t\t\t\t<\/div>\n\t\t<\/article>\n\t\t\t\t<article class=\"elementor-post elementor-grid-item post-2747 post type-post status-publish format-standard has-post-thumbnail hentry category-spezialitaeten-rezepte tag-agua-de-valencia-rezept tag-cbm tag-costa-blanca-magazin tag-costa-blanca tag-marina-alta tag-marina-baixa tag-rezepte-valencia tag-traditioneller-cocktail tag-valencianisches-getraenk\" role=\"listitem\">\n\t\t\t<div class=\"elementor-post__card\">\n\t\t\t\t<a class=\"elementor-post__thumbnail__link\" href=\"https:\/\/costablanca-magazin.com\/nl\/kulinarisches\/spezialitaeten-rezepte\/erfrischend-lecker-das-stueck-geschichte-im-glas-aqua-de-valencia\/\" tabindex=\"-1\" ><div class=\"elementor-post__thumbnail\"><img loading=\"lazy\" decoding=\"async\" width=\"200\" height=\"300\" src=\"https:\/\/costablanca-magazin.com\/wp-content\/uploads\/2024\/10\/cocktail-with-orange-2023-11-27-05-31-22-utc-scaled-1-200x300.jpg\" class=\"attachment-medium size-medium wp-image-2748\" alt=\"Verfrissend lekker: Aqua de Valencia\" srcset=\"https:\/\/costablanca-magazin.com\/wp-content\/uploads\/2024\/10\/cocktail-with-orange-2023-11-27-05-31-22-utc-scaled-1-200x300.jpg 200w, https:\/\/costablanca-magazin.com\/wp-content\/uploads\/2024\/10\/cocktail-with-orange-2023-11-27-05-31-22-utc-scaled-1-683x1024.jpg 683w, https:\/\/costablanca-magazin.com\/wp-content\/uploads\/2024\/10\/cocktail-with-orange-2023-11-27-05-31-22-utc-scaled-1-768x1152.jpg 768w, https:\/\/costablanca-magazin.com\/wp-content\/uploads\/2024\/10\/cocktail-with-orange-2023-11-27-05-31-22-utc-scaled-1-1024x1536.jpg 1024w, https:\/\/costablanca-magazin.com\/wp-content\/uploads\/2024\/10\/cocktail-with-orange-2023-11-27-05-31-22-utc-scaled-1-1366x2048.jpg 1366w, https:\/\/costablanca-magazin.com\/wp-content\/uploads\/2024\/10\/cocktail-with-orange-2023-11-27-05-31-22-utc-scaled-1.jpg 1707w\" sizes=\"(max-width: 200px) 100vw, 200px\" \/><\/div><\/a>\n\t\t\t\t<div class=\"elementor-post__badge\">Specialiteiten &amp; recepten<\/div>\n\t\t\t\t<div class=\"elementor-post__text\">\n\t\t\t\t<h2 class=\"elementor-post__title\">\n\t\t\t<a href=\"https:\/\/costablanca-magazin.com\/nl\/kulinarisches\/spezialitaeten-rezepte\/erfrischend-lecker-das-stueck-geschichte-im-glas-aqua-de-valencia\/\" >\n\t\t\t\tEen verfrissend stukje geschiedenis in een glas - Aqua de Valencia\t\t\t<\/a>\n\t\t<\/h2>\n\t\t\t\t<div class=\"elementor-post__excerpt\">\n\t\t\t<p>Verfrissend lekker: Aqua de Valencia Een stukje geschiedenis in een glas Als het om Spaanse cocktails gaat, is de heerlijke Aqua de Valencia ongetwijfeld een van de bekendste en populairste. Dit sprankelende drankje, dat zijn oorsprong vindt in de prachtige stad Valencia, maakt indruk met zijn fruitige frisheid en is de perfecte metgezel...<\/p>\n\t\t<\/div>\n\t\t\n\t\t<a class=\"elementor-post__read-more\" href=\"https:\/\/costablanca-magazin.com\/nl\/kulinarisches\/spezialitaeten-rezepte\/erfrischend-lecker-das-stueck-geschichte-im-glas-aqua-de-valencia\/\" aria-label=\"Read more about Erfrischend lecker das St\u00fcck Geschichte im Glas &#8211; Aqua de Valencia\" tabindex=\"-1\" >\n\t\t\tLees meer \u00bb\t\t<\/a>\n\n\t\t\t\t<\/div>\n\t\t\t\t\t<\/div>\n\t\t<\/article>\n\t\t\t\t<article class=\"elementor-post elementor-grid-item post-2335 post type-post status-publish format-standard has-post-thumbnail hentry category-spezialitaeten-rezepte tag-costa-blanca tag-marina-alta tag-marina-baja tag-moscatel tag-moscatel-costa-blanca tag-wein-an-der-costa-blanca tag-wein-an-der-marina-alta tag-wein-an-der-marina-baja tag-weinbau\" role=\"listitem\">\n\t\t\t<div class=\"elementor-post__card\">\n\t\t\t\t<a class=\"elementor-post__thumbnail__link\" href=\"https:\/\/costablanca-magazin.com\/nl\/kulinarisches\/spezialitaeten-rezepte\/moscatel-aus-der-marina-alta-und-marina-baja-ein-besonderer-wein\/\" tabindex=\"-1\" ><div class=\"elementor-post__thumbnail\"><img loading=\"lazy\" decoding=\"async\" width=\"225\" height=\"300\" src=\"https:\/\/costablanca-magazin.com\/wp-content\/uploads\/2024\/09\/Bodegas-Teulada-8-225x300.jpg\" class=\"attachment-medium size-medium wp-image-2338\" alt=\"Moscatel druif\" srcset=\"https:\/\/costablanca-magazin.com\/wp-content\/uploads\/2024\/09\/Bodegas-Teulada-8-225x300.jpg 225w, https:\/\/costablanca-magazin.com\/wp-content\/uploads\/2024\/09\/Bodegas-Teulada-8-768x1024.jpg 768w, https:\/\/costablanca-magazin.com\/wp-content\/uploads\/2024\/09\/Bodegas-Teulada-8-1152x1536.jpg 1152w, https:\/\/costablanca-magazin.com\/wp-content\/uploads\/2024\/09\/Bodegas-Teulada-8-1536x2048.jpg 1536w, https:\/\/costablanca-magazin.com\/wp-content\/uploads\/2024\/09\/Bodegas-Teulada-8-scaled.jpg 1920w\" sizes=\"(max-width: 225px) 100vw, 225px\" \/><\/div><\/a>\n\t\t\t\t<div class=\"elementor-post__badge\">Specialiteiten &amp; recepten<\/div>\n\t\t\t\t<div class=\"elementor-post__text\">\n\t\t\t\t<h2 class=\"elementor-post__title\">\n\t\t\t<a href=\"https:\/\/costablanca-magazin.com\/nl\/kulinarisches\/spezialitaeten-rezepte\/moscatel-aus-der-marina-alta-und-marina-baja-ein-besonderer-wein\/\" >\n\t\t\t\tMoscatel uit de Marina Alta en Marina Baja - Een bijzondere wijn\t\t\t<\/a>\n\t\t<\/h2>\n\t\t\t\t<div class=\"elementor-post__excerpt\">\n\t\t\t<p>Moscatel uit de Marina Alta en Marina Baja: een wijn met een speciaal karakter Moscatel uit de regio's Marina Alta en Marina Baja is een van de bekendste en populairste wijnsoorten aan de Costa Blanca. Deze druif, die goed gedijt in de ideale klimatologische omstandigheden van de streek, staat bekend om zijn intense smaken van<\/p>\n\t\t<\/div>\n\t\t\n\t\t<a class=\"elementor-post__read-more\" href=\"https:\/\/costablanca-magazin.com\/nl\/kulinarisches\/spezialitaeten-rezepte\/moscatel-aus-der-marina-alta-und-marina-baja-ein-besonderer-wein\/\" aria-label=\"Read more about Moscatel aus der Marina Alta und Marina Baja &#8211; Ein besonderer Wein\" tabindex=\"-1\" >\n\t\t\tLees meer \u00bb\t\t<\/a>\n\n\t\t\t\t<\/div>\n\t\t\t\t\t<\/div>\n\t\t<\/article>\n\t\t\t\t<article class=\"elementor-post elementor-grid-item post-1443 post type-post status-publish format-standard has-post-thumbnail hentry category-spezialitaeten-rezepte tag-aqua-de-valencia tag-cocktail-orangensaft tag-cocktail-spanisch tag-rezept-aqua-de-valencia\" role=\"listitem\">\n\t\t\t<div class=\"elementor-post__card\">\n\t\t\t\t<a class=\"elementor-post__thumbnail__link\" href=\"https:\/\/costablanca-magazin.com\/nl\/kulinarisches\/spezialitaeten-rezepte\/aqua-de-valencia-ein-erfrischender-klassiker-der-es-in-sich-hat\/\" tabindex=\"-1\" ><div class=\"elementor-post__thumbnail\"><img loading=\"lazy\" decoding=\"async\" width=\"200\" height=\"300\" src=\"https:\/\/costablanca-magazin.com\/wp-content\/uploads\/2024\/06\/cocktail-with-orange-2023-11-27-05-31-22-utc-200x300.jpg\" class=\"attachment-medium size-medium wp-image-1444\" alt=\"Aqua de Valencia cocktailrecept\" srcset=\"https:\/\/costablanca-magazin.com\/wp-content\/uploads\/2024\/06\/cocktail-with-orange-2023-11-27-05-31-22-utc-200x300.jpg 200w, https:\/\/costablanca-magazin.com\/wp-content\/uploads\/2024\/06\/cocktail-with-orange-2023-11-27-05-31-22-utc-683x1024.jpg 683w, https:\/\/costablanca-magazin.com\/wp-content\/uploads\/2024\/06\/cocktail-with-orange-2023-11-27-05-31-22-utc-768x1152.jpg 768w, https:\/\/costablanca-magazin.com\/wp-content\/uploads\/2024\/06\/cocktail-with-orange-2023-11-27-05-31-22-utc-1024x1536.jpg 1024w, https:\/\/costablanca-magazin.com\/wp-content\/uploads\/2024\/06\/cocktail-with-orange-2023-11-27-05-31-22-utc-1365x2048.jpg 1365w, https:\/\/costablanca-magazin.com\/wp-content\/uploads\/2024\/06\/cocktail-with-orange-2023-11-27-05-31-22-utc-scaled.jpg 1707w\" sizes=\"(max-width: 200px) 100vw, 200px\" \/><\/div><\/a>\n\t\t\t\t<div class=\"elementor-post__badge\">Specialiteiten &amp; recepten<\/div>\n\t\t\t\t<div class=\"elementor-post__text\">\n\t\t\t\t<h2 class=\"elementor-post__title\">\n\t\t\t<a href=\"https:\/\/costablanca-magazin.com\/nl\/kulinarisches\/spezialitaeten-rezepte\/aqua-de-valencia-ein-erfrischender-klassiker-der-es-in-sich-hat\/\" >\n\t\t\t\tAqua de Valencia: een verfrissende klassieker met pit\t\t\t<\/a>\n\t\t<\/h2>\n\t\t\t\t<div class=\"elementor-post__excerpt\">\n\t\t\t<p>Aqua de Valencia: een verfrissende klassieker met pit Cocktail Aqua de Valencia recept Als het om Spaanse cocktails gaat, is de Aqua de Valencia ongetwijfeld een van de bekendste en populairste. Dit sprankelende drankje, dat zijn oorsprong vindt in de prachtige stad Valencia, wordt gekenmerkt door zijn fruitige frisheid.<\/p>\n\t\t<\/div>\n\t\t\n\t\t<a class=\"elementor-post__read-more\" href=\"https:\/\/costablanca-magazin.com\/nl\/kulinarisches\/spezialitaeten-rezepte\/aqua-de-valencia-ein-erfrischender-klassiker-der-es-in-sich-hat\/\" aria-label=\"Read more about Aqua de Valencia: Ein erfrischender Klassiker der es in sich hat\" tabindex=\"-1\" >\n\t\t\tLees meer \u00bb\t\t<\/a>\n\n\t\t\t\t<\/div>\n\t\t\t\t\t<\/div>\n\t\t<\/article>\n\t\t\t\t<article class=\"elementor-post elementor-grid-item post-1366 post type-post status-publish format-standard has-post-thumbnail hentry category-spezialitaeten-rezepte tag-albondigas-rezept-zum-nachkochen tag-croquetas-de-pollo-rezept-zum-nachkochen tag-ensaladilla-rusa-rezept-zum-nachkochen tag-tapas-rezepte-zum-nachkochen\" role=\"listitem\">\n\t\t\t<div class=\"elementor-post__card\">\n\t\t\t\t<a class=\"elementor-post__thumbnail__link\" href=\"https:\/\/costablanca-magazin.com\/nl\/kulinarisches\/spezialitaeten-rezepte\/tapas-die-grossartigen-haeppchen-einfach-selbst-machen\/\" tabindex=\"-1\" ><div class=\"elementor-post__thumbnail\"><img loading=\"lazy\" decoding=\"async\" width=\"300\" height=\"300\" src=\"https:\/\/costablanca-magazin.com\/wp-content\/uploads\/2024\/06\/20210507_114619-300x300.jpg\" class=\"attachment-medium size-medium wp-image-1367\" alt=\"Spaanse tapas om zelf te maken - Albondigas, Ensaladilla Rus en Croquetas de Pollo\" srcset=\"https:\/\/costablanca-magazin.com\/wp-content\/uploads\/2024\/06\/20210507_114619-300x300.jpg 300w, https:\/\/costablanca-magazin.com\/wp-content\/uploads\/2024\/06\/20210507_114619-1024x1024.jpg 1024w, https:\/\/costablanca-magazin.com\/wp-content\/uploads\/2024\/06\/20210507_114619-150x150.jpg 150w, https:\/\/costablanca-magazin.com\/wp-content\/uploads\/2024\/06\/20210507_114619-768x768.jpg 768w, https:\/\/costablanca-magazin.com\/wp-content\/uploads\/2024\/06\/20210507_114619-1536x1536.jpg 1536w, https:\/\/costablanca-magazin.com\/wp-content\/uploads\/2024\/06\/20210507_114619-2048x2048.jpg 2048w\" sizes=\"(max-width: 300px) 100vw, 300px\" \/><\/div><\/a>\n\t\t\t\t<div class=\"elementor-post__badge\">Specialiteiten &amp; recepten<\/div>\n\t\t\t\t<div class=\"elementor-post__text\">\n\t\t\t\t<h2 class=\"elementor-post__title\">\n\t\t\t<a href=\"https:\/\/costablanca-magazin.com\/nl\/kulinarisches\/spezialitaeten-rezepte\/tapas-die-grossartigen-haeppchen-einfach-selbst-machen\/\" >\n\t\t\t\tTapas - maak de geweldige voorgerechten gewoon zelf\t\t\t<\/a>\n\t\t<\/h2>\n\t\t\t\t<div class=\"elementor-post__excerpt\">\n\t\t\t<p>Tapas zijn een integraal onderdeel van de Spaanse keuken. Klassiekers zoals alb\u00f3ndigas, croquetas en ensaladilla rusa zijn bijzonder populair. IZ hobbykok Manuela Rehagel presenteert een aantal recepten die gemakkelijk te maken zijn. Tapas: Een Spaanse traditie \u201eTapear\u201c noemen de Spanjaarden de traditie van het genieten van kleine porties in bars of restaurants. De bereiding varieert<\/p>\n\t\t<\/div>\n\t\t\n\t\t<a class=\"elementor-post__read-more\" href=\"https:\/\/costablanca-magazin.com\/nl\/kulinarisches\/spezialitaeten-rezepte\/tapas-die-grossartigen-haeppchen-einfach-selbst-machen\/\" aria-label=\"Read more about Tapas &#8211; Die gro\u00dfartigen H\u00e4ppchen einfach selbst machen\" tabindex=\"-1\" >\n\t\t\tLees meer \u00bb\t\t<\/a>\n\n\t\t\t\t<\/div>\n\t\t\t\t\t<\/div>\n\t\t<\/article>\n\t\t\t\t<\/div>\n\t\t\n\t\t\t\t\t\t<\/div>\n\t\t\t\t<\/div>\n\t\t\t\t\t<\/div>\n\t\t\t\t<\/div>\n\t\t\t\t<\/div>","protected":false},"excerpt":{"rendered":"<p>Entdecke in unserer Auswahl an von traditionellen und modernen der Gerichten neue Costa Aromen, die mit saisonalen Blanca Zutaten und liebevoller Mediterran Zubereitung jeden Gaumen erfreuen, w\u00e4hrend einfache regional Rezepte zum Nachkochen einladen und besondere alltagstauglich Tipps den Unterschied machen. Kulinarisches &#8211; Spezialit\u00e4ten\u00a0 &amp; Rezepte<\/p>","protected":false},"author":1,"featured_media":0,"parent":0,"menu_order":0,"comment_status":"closed","ping_status":"closed","template":"elementor_header_footer","meta":{"om_disable_all_campaigns":false,"_monsterinsights_skip_tracking":false,"_monsterinsights_sitenote_active":false,"_monsterinsights_sitenote_note":"","_monsterinsights_sitenote_category":0,"footnotes":""},"class_list":["post-4597","page","type-page","status-publish","hentry"],"aioseo_notices":[],"_links":{"self":[{"href":"https:\/\/costablanca-magazin.com\/nl\/wp-json\/wp\/v2\/pages\/4597","targetHints":{"allow":["GET"]}}],"collection":[{"href":"https:\/\/costablanca-magazin.com\/nl\/wp-json\/wp\/v2\/pages"}],"about":[{"href":"https:\/\/costablanca-magazin.com\/nl\/wp-json\/wp\/v2\/types\/page"}],"author":[{"embeddable":true,"href":"https:\/\/costablanca-magazin.com\/nl\/wp-json\/wp\/v2\/users\/1"}],"replies":[{"embeddable":true,"href":"https:\/\/costablanca-magazin.com\/nl\/wp-json\/wp\/v2\/comments?post=4597"}],"version-history":[{"count":24,"href":"https:\/\/costablanca-magazin.com\/nl\/wp-json\/wp\/v2\/pages\/4597\/revisions"}],"predecessor-version":[{"id":10373,"href":"https:\/\/costablanca-magazin.com\/nl\/wp-json\/wp\/v2\/pages\/4597\/revisions\/10373"}],"wp:attachment":[{"href":"https:\/\/costablanca-magazin.com\/nl\/wp-json\/wp\/v2\/media?parent=4597"}],"curies":[{"name":"wp","href":"https:\/\/api.w.org\/{rel}","templated":true}]}}