{"id":4545,"date":"2025-01-21T09:04:06","date_gmt":"2025-01-21T08:04:06","guid":{"rendered":"https:\/\/costablanca-magazin.com\/?page_id=4545"},"modified":"2026-02-11T11:53:27","modified_gmt":"2026-02-11T10:53:27","slug":"evenementen-events","status":"publish","type":"page","link":"https:\/\/costablanca-magazin.com\/nl\/veranstaltungen-events\/","title":{"rendered":"Evenementen"},"content":{"rendered":"<div data-elementor-type=\"wp-page\" data-elementor-id=\"4545\" class=\"elementor elementor-4545\" data-elementor-post-type=\"page\">\n\t\t\t\t<div class=\"elementor-element elementor-element-5913c94 e-flex e-con-boxed e-con e-parent\" data-id=\"5913c94\" data-element_type=\"container\" data-e-type=\"container\">\n\t\t\t\t\t<div class=\"e-con-inner\">\n\t\t\t\t<div class=\"elementor-element elementor-element-b61dab1 elementor-widget elementor-widget-heading\" data-id=\"b61dab1\" data-element_type=\"widget\" data-e-type=\"widget\" data-widget_type=\"heading.default\">\n\t\t\t\t<div class=\"elementor-widget-container\">\n\t\t\t\t\t<h1 class=\"elementor-heading-title elementor-size-default\">Vrije tijd - Evenementen<\/h1>\t\t\t\t<\/div>\n\t\t\t\t<\/div>\n\t\t\t\t\t<\/div>\n\t\t\t\t<\/div>\n\t\t<div class=\"elementor-element elementor-element-1667472 e-flex e-con-boxed e-con e-parent\" data-id=\"1667472\" data-element_type=\"container\" data-e-type=\"container\">\n\t\t\t\t\t<div class=\"e-con-inner\">\n\t\t\t\t<div class=\"elementor-element elementor-element-abd6586 elementor-grid-3 elementor-grid-tablet-2 elementor-grid-mobile-1 elementor-posts--thumbnail-top elementor-card-shadow-yes elementor-posts__hover-gradient elementor-widget elementor-widget-posts\" data-id=\"abd6586\" data-element_type=\"widget\" data-e-type=\"widget\" data-settings=\"{&quot;pagination_type&quot;:&quot;numbers&quot;,&quot;cards_columns&quot;:&quot;3&quot;,&quot;cards_columns_tablet&quot;:&quot;2&quot;,&quot;cards_columns_mobile&quot;:&quot;1&quot;,&quot;cards_row_gap&quot;:{&quot;unit&quot;:&quot;px&quot;,&quot;size&quot;:35,&quot;sizes&quot;:[]},&quot;cards_row_gap_tablet&quot;:{&quot;unit&quot;:&quot;px&quot;,&quot;size&quot;:&quot;&quot;,&quot;sizes&quot;:[]},&quot;cards_row_gap_mobile&quot;:{&quot;unit&quot;:&quot;px&quot;,&quot;size&quot;:&quot;&quot;,&quot;sizes&quot;:[]}}\" data-widget_type=\"posts.cards\">\n\t\t\t\t<div class=\"elementor-widget-container\">\n\t\t\t\t\t\t\t<div class=\"elementor-posts-container elementor-posts elementor-posts--skin-cards elementor-grid\" role=\"list\">\n\t\t\t\t<article class=\"elementor-post elementor-grid-item post-11484 post type-post status-publish format-standard has-post-thumbnail hentry category-veranstaltungen-events tag-costa-blanca-2 tag-events-costa-blanca tag-fiestas-costa-blanca tag-konzerte-costa-blanca tag-kultur-costa-blanca tag-veranstaltungen-costa-blanca-mai tag-veranstaltungskalender-costa-blanca\" role=\"listitem\">\n\t\t\t<div class=\"elementor-post__card\">\n\t\t\t\t<a class=\"elementor-post__thumbnail__link\" href=\"https:\/\/costablanca-magazin.com\/nl\/freizeit\/veranstaltungen-events\/veranstaltungen-un-events-an-der-costa-blanca-mai-2026\/\" tabindex=\"-1\" ><div class=\"elementor-post__thumbnail\"><img fetchpriority=\"high\" decoding=\"async\" width=\"300\" height=\"169\" src=\"https:\/\/costablanca-magazin.com\/wp-content\/uploads\/2026\/05\/AdobeStock_296419932-300x169.jpeg\" class=\"attachment-medium size-medium wp-image-11485\" alt=\"Evenementen Costa Blanca - Mei 2026\" srcset=\"https:\/\/costablanca-magazin.com\/wp-content\/uploads\/2026\/05\/AdobeStock_296419932-300x169.jpeg 300w, https:\/\/costablanca-magazin.com\/wp-content\/uploads\/2026\/05\/AdobeStock_296419932-1024x576.jpeg 1024w, https:\/\/costablanca-magazin.com\/wp-content\/uploads\/2026\/05\/AdobeStock_296419932-768x432.jpeg 768w, https:\/\/costablanca-magazin.com\/wp-content\/uploads\/2026\/05\/AdobeStock_296419932-1536x864.jpeg 1536w, https:\/\/costablanca-magazin.com\/wp-content\/uploads\/2026\/05\/AdobeStock_296419932-2048x1152.jpeg 2048w, https:\/\/costablanca-magazin.com\/wp-content\/uploads\/2026\/05\/AdobeStock_296419932-18x10.jpeg 18w\" sizes=\"(max-width: 300px) 100vw, 300px\" \/><\/div><\/a>\n\t\t\t\t<div class=\"elementor-post__badge\">Evenementen<\/div>\n\t\t\t\t<div class=\"elementor-post__text\">\n\t\t\t\t<h2 class=\"elementor-post__title\">\n\t\t\t<a href=\"https:\/\/costablanca-magazin.com\/nl\/freizeit\/veranstaltungen-events\/veranstaltungen-un-events-an-der-costa-blanca-mai-2026\/\" >\n\t\t\t\tEvenementen aan de Costa Blanca - Mei 2026\t\t\t<\/a>\n\t\t<\/h2>\n\t\t\t\t<div class=\"elementor-post__excerpt\">\n\t\t\t<p>Evenementen Costa Blanca - Mei 2026 Evenementen in mei aan de Costa Blanca: Cultuur, concerten, theater, evenementen, feesten en lokale data van D\u00e9nia tot Torrevieja in een oogopslag. Mei brengt beweging in de kalender van de Costa Blanca. In Torrevieja brengt de Feria de Mayo de Andalusische festivalcultuur met casetas,<\/p>\n\t\t<\/div>\n\t\t\n\t\t<a class=\"elementor-post__read-more\" href=\"https:\/\/costablanca-magazin.com\/nl\/freizeit\/veranstaltungen-events\/veranstaltungen-un-events-an-der-costa-blanca-mai-2026\/\" aria-label=\"Read more about Veranstaltungen un Events an der Costa Blanca \u2013 Mai 2026\" tabindex=\"-1\" >\n\t\t\tLees meer \u00bb\t\t<\/a>\n\n\t\t\t\t<\/div>\n\t\t\t\t\t<\/div>\n\t\t<\/article>\n\t\t\t\t<article class=\"elementor-post elementor-grid-item post-11423 post type-post status-publish format-standard has-post-thumbnail hentry category-veranstaltungen-events tag-fiestas-costa-blanca-2026 tag-moros-y-cristianos-benidorm tag-moros-y-cristianos-costa-blanca-2026 tag-moros-y-cristianos-denia tag-moros-y-cristianos-termine-2026 tag-moros-y-cristianos-villajoyosa\" role=\"listitem\">\n\t\t\t<div class=\"elementor-post__card\">\n\t\t\t\t<a class=\"elementor-post__thumbnail__link\" href=\"https:\/\/costablanca-magazin.com\/nl\/freizeit\/veranstaltungen-events\/moros-y-cristianos-costa-blanca-2026-termine-und-feste\/\" tabindex=\"-1\" ><div class=\"elementor-post__thumbnail\"><img decoding=\"async\" width=\"300\" height=\"135\" src=\"https:\/\/costablanca-magazin.com\/wp-content\/uploads\/2025\/09\/calpe-moros-300x135.jpg\" class=\"attachment-medium size-medium wp-image-8738\" alt=\"calpe moros y cristianos\" srcset=\"https:\/\/costablanca-magazin.com\/wp-content\/uploads\/2025\/09\/calpe-moros-300x135.jpg 300w, https:\/\/costablanca-magazin.com\/wp-content\/uploads\/2025\/09\/calpe-moros-1024x460.jpg 1024w, https:\/\/costablanca-magazin.com\/wp-content\/uploads\/2025\/09\/calpe-moros-768x345.jpg 768w, https:\/\/costablanca-magazin.com\/wp-content\/uploads\/2025\/09\/calpe-moros.jpg 1200w\" sizes=\"(max-width: 300px) 100vw, 300px\" \/><\/div><\/a>\n\t\t\t\t<div class=\"elementor-post__badge\">Evenementen<\/div>\n\t\t\t\t<div class=\"elementor-post__text\">\n\t\t\t\t<h2 class=\"elementor-post__title\">\n\t\t\t<a href=\"https:\/\/costablanca-magazin.com\/nl\/freizeit\/veranstaltungen-events\/moros-y-cristianos-costa-blanca-2026-termine-und-feste\/\" >\n\t\t\t\tMoros y Cristianos Costa Blanca 2026 - Data en festiviteiten\t\t\t<\/a>\n\t\t<\/h2>\n\t\t\t\t<div class=\"elementor-post__excerpt\">\n\t\t\t<p>Moros y Cristianos Costa Blanca 2026 - Data en festiviteiten Waarom deze feesten meer zijn dan kleurrijke optochten Eerst komen de trommels. Dan de hoorns. Dan vult de straat zich met zware stoffen, glimmende helmen, vederkronen, standaarden, paarden en groepen die niet zomaar \u201emeelopen\u201c maar hun verschijning al maandenlang hebben voorbereid.<\/p>\n\t\t<\/div>\n\t\t\n\t\t<a class=\"elementor-post__read-more\" href=\"https:\/\/costablanca-magazin.com\/nl\/freizeit\/veranstaltungen-events\/moros-y-cristianos-costa-blanca-2026-termine-und-feste\/\" aria-label=\"Read more about Moros y Cristianos Costa Blanca 2026 &#8211; Termine und Feste\" tabindex=\"-1\" >\n\t\t\tLees meer \u00bb\t\t<\/a>\n\n\t\t\t\t<\/div>\n\t\t\t\t\t<\/div>\n\t\t<\/article>\n\t\t\t\t<article class=\"elementor-post elementor-grid-item post-11337 post type-post status-publish format-standard has-post-thumbnail hentry category-veranstaltungen-events tag-altea-veranstaltungen tag-april-costa-blanca tag-denia-veranstaltungen tag-events-costa-blanca-2026 tag-ostern-costa-blanca tag-semana-santa-costa-blanca tag-veranstaltungen-costa-blanca\" role=\"listitem\">\n\t\t\t<div class=\"elementor-post__card\">\n\t\t\t\t<a class=\"elementor-post__thumbnail__link\" href=\"https:\/\/costablanca-magazin.com\/nl\/freizeit\/veranstaltungen-events\/april-an-der-costa-blanca-events-und-ostern-2026\/\" tabindex=\"-1\" ><div class=\"elementor-post__thumbnail\"><img decoding=\"async\" width=\"300\" height=\"200\" src=\"https:\/\/costablanca-magazin.com\/wp-content\/uploads\/2026\/04\/crowd-in-costumes-in-semana-santa-festival-capture-2026-03-18-07-56-36-utc-300x200.jpeg\" class=\"attachment-medium size-medium wp-image-11338\" alt=\"April aan de Costa Blanca: evenementen, Pasen en evenementen 2026\" srcset=\"https:\/\/costablanca-magazin.com\/wp-content\/uploads\/2026\/04\/crowd-in-costumes-in-semana-santa-festival-capture-2026-03-18-07-56-36-utc-300x200.jpeg 300w, https:\/\/costablanca-magazin.com\/wp-content\/uploads\/2026\/04\/crowd-in-costumes-in-semana-santa-festival-capture-2026-03-18-07-56-36-utc-1024x684.jpeg 1024w, https:\/\/costablanca-magazin.com\/wp-content\/uploads\/2026\/04\/crowd-in-costumes-in-semana-santa-festival-capture-2026-03-18-07-56-36-utc-768x513.jpeg 768w, https:\/\/costablanca-magazin.com\/wp-content\/uploads\/2026\/04\/crowd-in-costumes-in-semana-santa-festival-capture-2026-03-18-07-56-36-utc-1536x1026.jpeg 1536w, https:\/\/costablanca-magazin.com\/wp-content\/uploads\/2026\/04\/crowd-in-costumes-in-semana-santa-festival-capture-2026-03-18-07-56-36-utc-2048x1368.jpeg 2048w, https:\/\/costablanca-magazin.com\/wp-content\/uploads\/2026\/04\/crowd-in-costumes-in-semana-santa-festival-capture-2026-03-18-07-56-36-utc-18x12.jpeg 18w\" sizes=\"(max-width: 300px) 100vw, 300px\" \/><\/div><\/a>\n\t\t\t\t<div class=\"elementor-post__badge\">Evenementen<\/div>\n\t\t\t\t<div class=\"elementor-post__text\">\n\t\t\t\t<h2 class=\"elementor-post__title\">\n\t\t\t<a href=\"https:\/\/costablanca-magazin.com\/nl\/freizeit\/veranstaltungen-events\/april-an-der-costa-blanca-events-und-ostern-2026\/\" >\n\t\t\t\tApril aan de Costa Blanca - Evenementen en Pasen 2026\t\t\t<\/a>\n\t\t<\/h2>\n\t\t\t\t<div class=\"elementor-post__excerpt\">\n\t\t\t<p>April aan de Costa Blanca: Evenementen, Pasen en Evenementen 2026 Tussen Semana Santa, podiumprogramma's en stadsfeesten laat de evenementenkalender van april zien hoe verschillend de steden aan de Costa Blanca de lente vormgeven. April brengt beweging in de kalender aan de Costa Blanca. Allereerst Semana Santa met zijn processies,<\/p>\n\t\t<\/div>\n\t\t\n\t\t<a class=\"elementor-post__read-more\" href=\"https:\/\/costablanca-magazin.com\/nl\/freizeit\/veranstaltungen-events\/april-an-der-costa-blanca-events-und-ostern-2026\/\" aria-label=\"Read more about April an der Costa Blanca &#8211; Events und Ostern 2026\" tabindex=\"-1\" >\n\t\t\tLees meer \u00bb\t\t<\/a>\n\n\t\t\t\t<\/div>\n\t\t\t\t\t<\/div>\n\t\t<\/article>\n\t\t\t\t<article class=\"elementor-post elementor-grid-item post-9685 post type-post status-publish format-standard has-post-thumbnail hentry category-veranstaltungen-events tag-cabalgata-reyes-costa-blanca tag-gottesdienste-costa-blanca tag-misa-del-gallo-alicante tag-reyes-magos tag-weihnachten-an-der-costa-blanca tag-weihnachten-spanien-braeuche\" role=\"listitem\">\n\t\t\t<div class=\"elementor-post__card\">\n\t\t\t\t<a class=\"elementor-post__thumbnail__link\" href=\"https:\/\/costablanca-magazin.com\/nl\/freizeit\/veranstaltungen-events\/weihnachten-costa-blanca-2025-messen-umzuege-reyes\/\" tabindex=\"-1\" ><div class=\"elementor-post__thumbnail\"><img loading=\"lazy\" decoding=\"async\" width=\"300\" height=\"169\" src=\"https:\/\/costablanca-magazin.com\/wp-content\/uploads\/2025\/11\/4.png\" class=\"attachment-medium size-medium wp-image-9590\" alt=\"Kerstmis vieren aan de Costa Blanca: missen, optochten - Cabalgata de Reyes &amp; lokale rituelen\" \/><\/div><\/a>\n\t\t\t\t<div class=\"elementor-post__badge\">Evenementen<\/div>\n\t\t\t\t<div class=\"elementor-post__text\">\n\t\t\t\t<h2 class=\"elementor-post__title\">\n\t\t\t<a href=\"https:\/\/costablanca-magazin.com\/nl\/freizeit\/veranstaltungen-events\/weihnachten-costa-blanca-2025-messen-umzuege-reyes\/\" >\n\t\t\t\tKerst Costa Blanca 2025 - Kermissen, processies &amp; Reyes\t\t\t<\/a>\n\t\t<\/h2>\n\t\t\t\t<div class=\"elementor-post__excerpt\">\n\t\t\t<p>Kerstmis Costa Blanca 2025 \u2013 Missen, optochten &amp; Reyes De belangrijkste kerstvieringen aan de Costa Blanca: Misa del Gallo, Cabalgata de Reyes, internationale kerkdiensten en regionale tradities. De belangrijkste kerkdiensten, optochten en kersttradities tussen Marina Alta en Vega Baja. Het religieuze kader van de feestdagen aan de Costa Blanca<\/p>\n\t\t<\/div>\n\t\t\n\t\t<a class=\"elementor-post__read-more\" href=\"https:\/\/costablanca-magazin.com\/nl\/freizeit\/veranstaltungen-events\/weihnachten-costa-blanca-2025-messen-umzuege-reyes\/\" aria-label=\"Read more about Weihnachten Costa Blanca 2025 \u2013 Messen, Umz\u00fcge &amp; Reyes\" tabindex=\"-1\" >\n\t\t\tLees meer \u00bb\t\t<\/a>\n\n\t\t\t\t<\/div>\n\t\t\t\t\t<\/div>\n\t\t<\/article>\n\t\t\t\t<article class=\"elementor-post elementor-grid-item post-9657 post type-post status-publish format-standard has-post-thumbnail hentry category-veranstaltungen-events tag-alicante-weihnachten tag-altea-mercado-navideno tag-denia-mercat-nadal tag-events-costa-blanca-dezember tag-torrevieja-weihnachten tag-weihnachten-an-der-costa-blanca tag-weihnachtsmarkt-costa-blanca\" role=\"listitem\">\n\t\t\t<div class=\"elementor-post__card\">\n\t\t\t\t<a class=\"elementor-post__thumbnail__link\" href=\"https:\/\/costablanca-magazin.com\/nl\/freizeit\/veranstaltungen-events\/weihnachtsmaerkte-costa-blanca-2025-termine-highlights\/\" tabindex=\"-1\" ><div class=\"elementor-post__thumbnail\"><img loading=\"lazy\" decoding=\"async\" width=\"300\" height=\"169\" src=\"https:\/\/costablanca-magazin.com\/wp-content\/uploads\/2025\/11\/2.png\" class=\"attachment-medium size-medium wp-image-9588\" alt=\"Kerstmarkten aan de Costa Blanca 2025: data, locaties en hoogtepunten\" \/><\/div><\/a>\n\t\t\t\t<div class=\"elementor-post__badge\">Evenementen<\/div>\n\t\t\t\t<div class=\"elementor-post__text\">\n\t\t\t\t<h2 class=\"elementor-post__title\">\n\t\t\t<a href=\"https:\/\/costablanca-magazin.com\/nl\/freizeit\/veranstaltungen-events\/weihnachtsmaerkte-costa-blanca-2025-termine-highlights\/\" >\n\t\t\t\tKerstmarkten Costa Blanca 2025 - Data &amp; Hoogtepunten\t\t\t<\/a>\n\t\t<\/h2>\n\t\t\t\t<div class=\"elementor-post__excerpt\">\n\t\t\t<p>Kerstmarkten Costa Blanca 2025 \u2013 Data &amp; hoogtepunten Alle kerstmarkten 2025 aan de Costa Blanca: Altea, D\u00e9nia, Alicante, Torrevieja, J\u00e1vea en meer. Data, tips en programma's. De belangrijkste markten van Denia tot Torrevieja \u2013 inclusief verlichting, programma's en bevestigde data voor december 2025. Van kunstnijverheid in Altea tot de<\/p>\n\t\t<\/div>\n\t\t\n\t\t<a class=\"elementor-post__read-more\" href=\"https:\/\/costablanca-magazin.com\/nl\/freizeit\/veranstaltungen-events\/weihnachtsmaerkte-costa-blanca-2025-termine-highlights\/\" aria-label=\"Read more about Weihnachtsm\u00e4rkte Costa Blanca 2025 \u2013 Termine &amp; Highlights\" tabindex=\"-1\" >\n\t\t\tLees meer \u00bb\t\t<\/a>\n\n\t\t\t\t<\/div>\n\t\t\t\t\t<\/div>\n\t\t<\/article>\n\t\t\t\t<article class=\"elementor-post elementor-grid-item post-9587 post type-post status-publish format-standard has-post-thumbnail hentry category-veranstaltungen-events tag-braeuche-spanien-weihnachten tag-costa-blanca-weihnachten tag-krippen-costa-blanca tag-misa-del-gallo-costa-blanca tag-weihnachten-alicante tag-weihnachten-an-der-costa-blanca\" role=\"listitem\">\n\t\t\t<div class=\"elementor-post__card\">\n\t\t\t\t<a class=\"elementor-post__thumbnail__link\" href=\"https:\/\/costablanca-magazin.com\/nl\/freizeit\/veranstaltungen-events\/weihnachten-2025-an-der-costa-blanca-krippen-rituale\/\" tabindex=\"-1\" ><div class=\"elementor-post__thumbnail\"><img loading=\"lazy\" decoding=\"async\" width=\"300\" height=\"169\" src=\"https:\/\/costablanca-magazin.com\/wp-content\/uploads\/2025\/11\/1.png\" class=\"attachment-medium size-medium wp-image-9586\" alt=\"Kerstmis aan de Costa Blanca 2025: tradities, kerststallen en regionale gebruiken\" \/><\/div><\/a>\n\t\t\t\t<div class=\"elementor-post__badge\">Evenementen<\/div>\n\t\t\t\t<div class=\"elementor-post__text\">\n\t\t\t\t<h2 class=\"elementor-post__title\">\n\t\t\t<a href=\"https:\/\/costablanca-magazin.com\/nl\/freizeit\/veranstaltungen-events\/weihnachten-2025-an-der-costa-blanca-krippen-rituale\/\" >\n\t\t\t\tKerst 2025 aan de Costa Blanca - Kerststallen &amp; rituelen\t\t\t<\/a>\n\t\t<\/h2>\n\t\t\t\t<div class=\"elementor-post__excerpt\">\n\t\t\t<p>Kerstmarkten Costa Blanca 2025 \u2013 Data &amp; hoogtepunten Alle kerstmarkten 2025 aan de Costa Blanca: Altea, D\u00e9nia, Alicante, Torrevieja, J\u00e1vea en meer. Data, tips en programma's. Hoe gemeenten van Marina Alta tot Vega Baja de feestdagen invullen \u2013 met regionale gebruiken, familiale tradities en een sfeer die de<\/p>\n\t\t<\/div>\n\t\t\n\t\t<a class=\"elementor-post__read-more\" href=\"https:\/\/costablanca-magazin.com\/nl\/freizeit\/veranstaltungen-events\/weihnachten-2025-an-der-costa-blanca-krippen-rituale\/\" aria-label=\"Read more about Weihnachten 2025 an der Costa Blanca \u2013 Krippen &amp; Rituale\" tabindex=\"-1\" >\n\t\t\tLees meer \u00bb\t\t<\/a>\n\n\t\t\t\t<\/div>\n\t\t\t\t\t<\/div>\n\t\t<\/article>\n\t\t\t\t<article class=\"elementor-post elementor-grid-item post-9411 post type-post status-publish format-standard has-post-thumbnail hentry category-veranstaltungen-events tag-advent-costa-blanca tag-calpe-altea-benidorm-events tag-costa-blanca-events-2025 tag-kulturprogramm-costa-blanca tag-weihnachtsmaerkte-costa-blanca tag-weihnachtsprogramm-costa-blanca tag-weihnachtsveranstaltungen-costa-blanca tag-winterevents-spanien\" role=\"listitem\">\n\t\t\t<div class=\"elementor-post__card\">\n\t\t\t\t<a class=\"elementor-post__thumbnail__link\" href=\"https:\/\/costablanca-magazin.com\/nl\/freizeit\/veranstaltungen-events\/events-costa-blanca-nov-dez-2025-2026\/\" tabindex=\"-1\" ><div class=\"elementor-post__thumbnail\"><img loading=\"lazy\" decoding=\"async\" width=\"300\" height=\"169\" src=\"https:\/\/costablanca-magazin.com\/wp-content\/uploads\/2025\/11\/santa-claus-opens-magic-christmas-gift-box-2024-11-20-04-20-21-utc-300x169.jpg\" class=\"attachment-medium size-medium wp-image-9447\" alt=\"EVENEMENTEN 11\/12\" srcset=\"https:\/\/costablanca-magazin.com\/wp-content\/uploads\/2025\/11\/santa-claus-opens-magic-christmas-gift-box-2024-11-20-04-20-21-utc-300x169.jpg 300w, https:\/\/costablanca-magazin.com\/wp-content\/uploads\/2025\/11\/santa-claus-opens-magic-christmas-gift-box-2024-11-20-04-20-21-utc-1024x576.jpg 1024w, https:\/\/costablanca-magazin.com\/wp-content\/uploads\/2025\/11\/santa-claus-opens-magic-christmas-gift-box-2024-11-20-04-20-21-utc-768x432.jpg 768w, https:\/\/costablanca-magazin.com\/wp-content\/uploads\/2025\/11\/santa-claus-opens-magic-christmas-gift-box-2024-11-20-04-20-21-utc-18x10.jpg 18w, https:\/\/costablanca-magazin.com\/wp-content\/uploads\/2025\/11\/santa-claus-opens-magic-christmas-gift-box-2024-11-20-04-20-21-utc.jpg 1200w\" sizes=\"(max-width: 300px) 100vw, 300px\" \/><\/div><\/a>\n\t\t\t\t<div class=\"elementor-post__badge\">Evenementen<\/div>\n\t\t\t\t<div class=\"elementor-post__text\">\n\t\t\t\t<h2 class=\"elementor-post__title\">\n\t\t\t<a href=\"https:\/\/costablanca-magazin.com\/nl\/freizeit\/veranstaltungen-events\/events-costa-blanca-nov-dez-2025-2026\/\" >\n\t\t\t\tWinter aan de Costa Blanca - Alle evenementen 2025\/26\t\t\t<\/a>\n\t\t<\/h2>\n\t\t\t\t<div class=\"elementor-post__excerpt\">\n\t\t\t<p>Evenementen Costa Blanca november \/ december 2025 Hoogtepunten van evenementen aan de Costa Blanca: kerstmarkten, concerten, tentoonstellingen en familie-evenementen van november 2025 tot januari 2026. Kerstmis, advent en de start van het nieuwe jaar aan de Costa Blanca! Wanneer de dagen korter worden en de avonden langer, ontwaakt de Costa Blanca in<\/p>\n\t\t<\/div>\n\t\t\n\t\t<a class=\"elementor-post__read-more\" href=\"https:\/\/costablanca-magazin.com\/nl\/freizeit\/veranstaltungen-events\/events-costa-blanca-nov-dez-2025-2026\/\" aria-label=\"Read more about Winter an der Costa Blanca- Alle Veranstaltungen 2025\/26\" tabindex=\"-1\" >\n\t\t\tLees meer \u00bb\t\t<\/a>\n\n\t\t\t\t<\/div>\n\t\t\t\t\t<\/div>\n\t\t<\/article>\n\t\t\t\t<article class=\"elementor-post elementor-grid-item post-9084 post type-post status-publish format-standard has-post-thumbnail hentry category-veranstaltungen-events tag-costa-blanca-2 tag-events-costa-banca tag-theater-benidorm tag-veranstaltungen-costa-blanca\" role=\"listitem\">\n\t\t\t<div class=\"elementor-post__card\">\n\t\t\t\t<a class=\"elementor-post__thumbnail__link\" href=\"https:\/\/costablanca-magazin.com\/nl\/freizeit\/veranstaltungen-events\/oktober-november-veranstaltungen-an-der-costa-blanca-2025\/\" tabindex=\"-1\" ><div class=\"elementor-post__thumbnail\"><img loading=\"lazy\" decoding=\"async\" width=\"300\" height=\"163\" src=\"https:\/\/costablanca-magazin.com\/wp-content\/uploads\/2025\/10\/happy-grandmother-and-little-girls-wearing-hallowe-2025-02-20-10-21-16-utc-scaled-e1760474398578-300x163.jpg\" class=\"attachment-medium size-medium wp-image-9085\" alt=\"Oktober-november: cultuur, concerten en evenementen aan de Costa Blanca\" srcset=\"https:\/\/costablanca-magazin.com\/wp-content\/uploads\/2025\/10\/happy-grandmother-and-little-girls-wearing-hallowe-2025-02-20-10-21-16-utc-scaled-e1760474398578-300x163.jpg 300w, https:\/\/costablanca-magazin.com\/wp-content\/uploads\/2025\/10\/happy-grandmother-and-little-girls-wearing-hallowe-2025-02-20-10-21-16-utc-scaled-e1760474398578-768x416.jpg 768w, https:\/\/costablanca-magazin.com\/wp-content\/uploads\/2025\/10\/happy-grandmother-and-little-girls-wearing-hallowe-2025-02-20-10-21-16-utc-scaled-e1760474398578-1536x832.jpg 1536w, https:\/\/costablanca-magazin.com\/wp-content\/uploads\/2025\/10\/happy-grandmother-and-little-girls-wearing-hallowe-2025-02-20-10-21-16-utc-scaled-e1760474398578-2048x1110.jpg 2048w\" sizes=\"(max-width: 300px) 100vw, 300px\" \/><\/div><\/a>\n\t\t\t\t<div class=\"elementor-post__badge\">Evenementen<\/div>\n\t\t\t\t<div class=\"elementor-post__text\">\n\t\t\t\t<h2 class=\"elementor-post__title\">\n\t\t\t<a href=\"https:\/\/costablanca-magazin.com\/nl\/freizeit\/veranstaltungen-events\/oktober-november-veranstaltungen-an-der-costa-blanca-2025\/\" >\n\t\t\t\tEvenementen in oktober en november aan de Costa Blanca 2025\t\t\t<\/a>\n\t\t<\/h2>\n\t\t\t\t<div class=\"elementor-post__excerpt\">\n\t\t\t<p>Oktober &amp; November Evenementen aan de Costa Blanca 2025 oktober tot november: Cultuur, concerten en evenementen aan de Costa Blanca Van griezelige circussen tot klassieke opera's - de regio heeft meer te bieden dan alleen stranden en zon! Als je dacht dat de Costa Blanca alleen maar uit zon, zee en<\/p>\n\t\t<\/div>\n\t\t\n\t\t<a class=\"elementor-post__read-more\" href=\"https:\/\/costablanca-magazin.com\/nl\/freizeit\/veranstaltungen-events\/oktober-november-veranstaltungen-an-der-costa-blanca-2025\/\" aria-label=\"Read more about Oktober &amp; November Veranstaltungen an der Costa Blanca 2025\" tabindex=\"-1\" >\n\t\t\tLees meer \u00bb\t\t<\/a>\n\n\t\t\t\t<\/div>\n\t\t\t\t\t<\/div>\n\t\t<\/article>\n\t\t\t\t<article class=\"elementor-post elementor-grid-item post-8460 post type-post status-publish format-standard has-post-thumbnail hentry category-veranstaltungen-events tag-festa-del-moscatell tag-fiestas-de-la-vendimia tag-moscatel-wein tag-mostra-de-vins-benissa tag-weinlese-marina-alta tag-weinlese-marina-baixa\" role=\"listitem\">\n\t\t\t<div class=\"elementor-post__card\">\n\t\t\t\t<a class=\"elementor-post__thumbnail__link\" href=\"https:\/\/costablanca-magazin.com\/nl\/freizeit\/veranstaltungen-events\/spaetsommer-in-der-marina-alta-und-der-marina-baixa\/\" tabindex=\"-1\" ><div class=\"elementor-post__thumbnail\"><img loading=\"lazy\" decoding=\"async\" width=\"300\" height=\"68\" src=\"https:\/\/costablanca-magazin.com\/wp-content\/uploads\/2025\/08\/weinabau01-300x68.jpg\" class=\"attachment-medium size-medium wp-image-10400\" alt=\"weinabau01\" srcset=\"https:\/\/costablanca-magazin.com\/wp-content\/uploads\/2025\/08\/weinabau01-300x68.jpg 300w, https:\/\/costablanca-magazin.com\/wp-content\/uploads\/2025\/08\/weinabau01-1024x233.jpg 1024w, https:\/\/costablanca-magazin.com\/wp-content\/uploads\/2025\/08\/weinabau01-768x175.jpg 768w, https:\/\/costablanca-magazin.com\/wp-content\/uploads\/2025\/08\/weinabau01-18x4.jpg 18w, https:\/\/costablanca-magazin.com\/wp-content\/uploads\/2025\/08\/weinabau01.jpg 1536w\" sizes=\"(max-width: 300px) 100vw, 300px\" \/><\/div><\/a>\n\t\t\t\t<div class=\"elementor-post__badge\">Evenementen<\/div>\n\t\t\t\t<div class=\"elementor-post__text\">\n\t\t\t\t<h2 class=\"elementor-post__title\">\n\t\t\t<a href=\"https:\/\/costablanca-magazin.com\/nl\/freizeit\/veranstaltungen-events\/spaetsommer-in-der-marina-alta-und-der-marina-baixa\/\" >\n\t\t\t\tNazomer in de Marina Alta en de Marina Baixa\t\t\t<\/a>\n\t\t<\/h2>\n\t\t\t\t<div class=\"elementor-post__excerpt\">\n\t\t\t<p>Nazomer in de Marina Alta en Marina Baixa Tussen wijngaard en kermis - zo viert de regio de oogsttijd In Teulada, Benissa, Xal\u00f3 en Parcent vullen de eerste oogstkisten zich. Tractoren sjokken naar de bodega, wijnboeren controleren de druiven met een ervaren oog - de druivenoogst is begonnen. Eind augustus en<\/p>\n\t\t<\/div>\n\t\t\n\t\t<a class=\"elementor-post__read-more\" href=\"https:\/\/costablanca-magazin.com\/nl\/freizeit\/veranstaltungen-events\/spaetsommer-in-der-marina-alta-und-der-marina-baixa\/\" aria-label=\"Read more about Sp\u00e4tsommer in der Marina Alta und der Marina Baixa\" tabindex=\"-1\" >\n\t\t\tLees meer \u00bb\t\t<\/a>\n\n\t\t\t\t<\/div>\n\t\t\t\t\t<\/div>\n\t\t<\/article>\n\t\t\t\t<article class=\"elementor-post elementor-grid-item post-8396 post type-post status-publish format-standard has-post-thumbnail hentry category-veranstaltungen-events tag-festivals-benidorm tag-konzerte-costa-blanca tag-open-air-kino-costa-blanca tag-patronatsfeste-costa-blanca tag-veranstaltungen-costa-blanca\" role=\"listitem\">\n\t\t\t<div class=\"elementor-post__card\">\n\t\t\t\t<a class=\"elementor-post__thumbnail__link\" href=\"https:\/\/costablanca-magazin.com\/nl\/freizeit\/veranstaltungen-events\/august-september-veranstaltungen-an-der-costa-blanca-2025\/\" tabindex=\"-1\" ><div class=\"elementor-post__thumbnail\"><img loading=\"lazy\" decoding=\"async\" width=\"300\" height=\"200\" src=\"https:\/\/costablanca-magazin.com\/wp-content\/uploads\/2025\/08\/happy-young-african-adult-afro-woman-dancing-with-2025-01-07-06-55-26-utc-300x200.jpg\" class=\"attachment-medium size-medium wp-image-8397\" alt=\"Zomer vol festivals, muziek en cultuur aan de Costa Blanca\" srcset=\"https:\/\/costablanca-magazin.com\/wp-content\/uploads\/2025\/08\/happy-young-african-adult-afro-woman-dancing-with-2025-01-07-06-55-26-utc-300x200.jpg 300w, https:\/\/costablanca-magazin.com\/wp-content\/uploads\/2025\/08\/happy-young-african-adult-afro-woman-dancing-with-2025-01-07-06-55-26-utc-1024x683.jpg 1024w, https:\/\/costablanca-magazin.com\/wp-content\/uploads\/2025\/08\/happy-young-african-adult-afro-woman-dancing-with-2025-01-07-06-55-26-utc-768x512.jpg 768w, https:\/\/costablanca-magazin.com\/wp-content\/uploads\/2025\/08\/happy-young-african-adult-afro-woman-dancing-with-2025-01-07-06-55-26-utc-1536x1024.jpg 1536w, https:\/\/costablanca-magazin.com\/wp-content\/uploads\/2025\/08\/happy-young-african-adult-afro-woman-dancing-with-2025-01-07-06-55-26-utc-2048x1366.jpg 2048w\" sizes=\"(max-width: 300px) 100vw, 300px\" \/><\/div><\/a>\n\t\t\t\t<div class=\"elementor-post__badge\">Evenementen<\/div>\n\t\t\t\t<div class=\"elementor-post__text\">\n\t\t\t\t<h2 class=\"elementor-post__title\">\n\t\t\t<a href=\"https:\/\/costablanca-magazin.com\/nl\/freizeit\/veranstaltungen-events\/august-september-veranstaltungen-an-der-costa-blanca-2025\/\" >\n\t\t\t\tEvenementen in augustus en september aan de Costa Blanca 2025\t\t\t<\/a>\n\t\t<\/h2>\n\t\t\t\t<div class=\"elementor-post__excerpt\">\n\t\t\t<p>Augustus &amp; september Evenementen aan de Costa Blanca 2025 Zomer vol festivals, muziek en cultuur aan de Costa Blanca Van jazzavonden en openluchtbioscopen tot traditionele patroonsfeesten - augustus en september bieden een kleurrijk programma in Calpe, Altea, J\u00e1vea, Benidorm &amp; Co.<\/p>\n\t\t<\/div>\n\t\t\n\t\t<a class=\"elementor-post__read-more\" href=\"https:\/\/costablanca-magazin.com\/nl\/freizeit\/veranstaltungen-events\/august-september-veranstaltungen-an-der-costa-blanca-2025\/\" aria-label=\"Read more about August &amp; September Veranstaltungen an der Costa Blanca 2025\" tabindex=\"-1\" >\n\t\t\tLees meer \u00bb\t\t<\/a>\n\n\t\t\t\t<\/div>\n\t\t\t\t\t<\/div>\n\t\t<\/article>\n\t\t\t\t<article class=\"elementor-post elementor-grid-item post-7991 post type-post status-publish format-standard has-post-thumbnail hentry category-veranstaltungen-events tag-costa-blanca-2 tag-feuerwerk-altea-castell-de-lolla tag-fiesta-costa-blanca tag-moros-y-cristianos tag-veranstaltungen-costablanca\" role=\"listitem\">\n\t\t\t<div class=\"elementor-post__card\">\n\t\t\t\t<a class=\"elementor-post__thumbnail__link\" href=\"https:\/\/costablanca-magazin.com\/nl\/freizeit\/veranstaltungen-events\/juli-2025-veranstaltungen-an-der-costa-blanca-fiestas-und-konzerte\/\" tabindex=\"-1\" ><div class=\"elementor-post__thumbnail\"><img loading=\"lazy\" decoding=\"async\" width=\"300\" height=\"200\" src=\"https:\/\/costablanca-magazin.com\/wp-content\/uploads\/2025\/07\/young-couple-eating-popcorn-while-watching-a-movie-2024-12-13-18-32-33-utc-300x200.jpg\" class=\"attachment-medium size-medium wp-image-8000\" alt=\"Juli 2025 Evenementen aan de Costa Blanca - Feesten en concerten\" srcset=\"https:\/\/costablanca-magazin.com\/wp-content\/uploads\/2025\/07\/young-couple-eating-popcorn-while-watching-a-movie-2024-12-13-18-32-33-utc-300x200.jpg 300w, https:\/\/costablanca-magazin.com\/wp-content\/uploads\/2025\/07\/young-couple-eating-popcorn-while-watching-a-movie-2024-12-13-18-32-33-utc-1024x683.jpg 1024w, https:\/\/costablanca-magazin.com\/wp-content\/uploads\/2025\/07\/young-couple-eating-popcorn-while-watching-a-movie-2024-12-13-18-32-33-utc-768x512.jpg 768w, https:\/\/costablanca-magazin.com\/wp-content\/uploads\/2025\/07\/young-couple-eating-popcorn-while-watching-a-movie-2024-12-13-18-32-33-utc-1536x1024.jpg 1536w, https:\/\/costablanca-magazin.com\/wp-content\/uploads\/2025\/07\/young-couple-eating-popcorn-while-watching-a-movie-2024-12-13-18-32-33-utc-2048x1365.jpg 2048w\" sizes=\"(max-width: 300px) 100vw, 300px\" \/><\/div><\/a>\n\t\t\t\t<div class=\"elementor-post__badge\">Evenementen<\/div>\n\t\t\t\t<div class=\"elementor-post__text\">\n\t\t\t\t<h2 class=\"elementor-post__title\">\n\t\t\t<a href=\"https:\/\/costablanca-magazin.com\/nl\/freizeit\/veranstaltungen-events\/juli-2025-veranstaltungen-an-der-costa-blanca-fiestas-und-konzerte\/\" >\n\t\t\t\tJuli 2025 Evenementen aan de Costa Blanca - Feesten en concerten\t\t\t<\/a>\n\t\t<\/h2>\n\t\t\t\t<div class=\"elementor-post__excerpt\">\n\t\t\t<p>Evenementen in juli 2025 aan de Costa Blanca - feesten en concerten Ontdek de spannendste evenementen aan de Costa Blanca in juli 2025: feesten, openluchtconcerten, markten en culturele tips voor zwoele zomeravonden. Tussen 15 juli en 15 augustus biedt de Costa Blanca een gevarieerd programma: openluchtbioscoop op de stranden,<\/p>\n\t\t<\/div>\n\t\t\n\t\t<a class=\"elementor-post__read-more\" href=\"https:\/\/costablanca-magazin.com\/nl\/freizeit\/veranstaltungen-events\/juli-2025-veranstaltungen-an-der-costa-blanca-fiestas-und-konzerte\/\" aria-label=\"Read more about Juli 2025 Veranstaltungen an der Costa Blanca \u2013 Fiestas und Konzerte\" tabindex=\"-1\" >\n\t\t\tLees meer \u00bb\t\t<\/a>\n\n\t\t\t\t<\/div>\n\t\t\t\t\t<\/div>\n\t\t<\/article>\n\t\t\t\t<article class=\"elementor-post elementor-grid-item post-7752 post type-post status-publish format-standard has-post-thumbnail hentry category-veranstaltungen-events tag-feste-costa-blanca-juni tag-feuer-am-strand-spanien-regeln tag-hoguera-strand-marina-alta tag-lagerfeuer-denia-verboten tag-nit-de-sant-joan-costa-blanca tag-sant-joan-benidorm tag-strandfeuer-verbot-2025\" role=\"listitem\">\n\t\t\t<div class=\"elementor-post__card\">\n\t\t\t\t<a class=\"elementor-post__thumbnail__link\" href=\"https:\/\/costablanca-magazin.com\/nl\/freizeit\/veranstaltungen-events\/nit-de-sant-joan-an-der-costa-blanca\/\" tabindex=\"-1\" ><div class=\"elementor-post__thumbnail\"><img loading=\"lazy\" decoding=\"async\" width=\"300\" height=\"129\" src=\"https:\/\/costablanca-magazin.com\/wp-content\/uploads\/2025\/06\/san-juan-1729492-e1750421073804-300x129.jpg\" class=\"attachment-medium size-medium wp-image-7681\" alt=\"Sant Joan aan de Costa Blanca - Als de nacht brandt 1\" srcset=\"https:\/\/costablanca-magazin.com\/wp-content\/uploads\/2025\/06\/san-juan-1729492-e1750421073804-300x129.jpg 300w, https:\/\/costablanca-magazin.com\/wp-content\/uploads\/2025\/06\/san-juan-1729492-e1750421073804-1024x439.jpg 1024w, https:\/\/costablanca-magazin.com\/wp-content\/uploads\/2025\/06\/san-juan-1729492-e1750421073804-768x329.jpg 768w, https:\/\/costablanca-magazin.com\/wp-content\/uploads\/2025\/06\/san-juan-1729492-e1750421073804.jpg 1200w\" sizes=\"(max-width: 300px) 100vw, 300px\" \/><\/div><\/a>\n\t\t\t\t<div class=\"elementor-post__badge\">Evenementen<\/div>\n\t\t\t\t<div class=\"elementor-post__text\">\n\t\t\t\t<h2 class=\"elementor-post__title\">\n\t\t\t<a href=\"https:\/\/costablanca-magazin.com\/nl\/freizeit\/veranstaltungen-events\/nit-de-sant-joan-an-der-costa-blanca\/\" >\n\t\t\t\tNit de Sant Joan aan de Costa Blanca: Waar strandvuren zijn toegestaan - en waar niet\t\t\t<\/a>\n\t\t<\/h2>\n\t\t\t\t<div class=\"elementor-post__excerpt\">\n\t\t\t<p>Nit de Sant Joan aan de Costa Blanca: waar zijn vreugdevuren op het strand toegestaan - en waar niet Kustgemeenten scherpen de regels aan: Particuliere vreugdevuren meestal verboden - slechts op enkele plaatsen zijn offici\u00eble vreugdevuren toegestaan Op 23 juni wordt de \u201eNit de Sant Joan\u201c, de kortste nacht van het jaar, traditioneel gevierd - met golfrituelen,<\/p>\n\t\t<\/div>\n\t\t\n\t\t<a class=\"elementor-post__read-more\" href=\"https:\/\/costablanca-magazin.com\/nl\/freizeit\/veranstaltungen-events\/nit-de-sant-joan-an-der-costa-blanca\/\" aria-label=\"Read more about Nit de Sant Joan an der Costa Blanca: Wo Strandfeuer erlaubt sind \u2013 und wo nicht\" tabindex=\"-1\" >\n\t\t\tLees meer \u00bb\t\t<\/a>\n\n\t\t\t\t<\/div>\n\t\t\t\t\t<\/div>\n\t\t<\/article>\n\t\t\t\t<article class=\"elementor-post elementor-grid-item post-7672 post type-post status-publish format-standard has-post-thumbnail hentry category-veranstaltungen-events tag-ausfluege-costablanca tag-costa-blanca-2 tag-events-costa-blanca tag-fiesta tag-fogueras-alicante tag-hogueras-alicante tag-nit-de-san-juan tag-sant-joan\" role=\"listitem\">\n\t\t\t<div class=\"elementor-post__card\">\n\t\t\t\t<a class=\"elementor-post__thumbnail__link\" href=\"https:\/\/costablanca-magazin.com\/nl\/freizeit\/veranstaltungen-events\/sant-joan-an-der-costa-blanca-wenn-die-nacht-brennt\/\" tabindex=\"-1\" ><div class=\"elementor-post__thumbnail\"><img loading=\"lazy\" decoding=\"async\" width=\"300\" height=\"200\" src=\"https:\/\/costablanca-magazin.com\/wp-content\/uploads\/2025\/06\/friends-partying-on-the-beach-2025-03-17-09-47-59-utc-300x200.jpg\" class=\"attachment-medium size-medium wp-image-7680\" alt=\"Sant Joan aan de Costa Blanca - Als de nacht brandt\" srcset=\"https:\/\/costablanca-magazin.com\/wp-content\/uploads\/2025\/06\/friends-partying-on-the-beach-2025-03-17-09-47-59-utc-300x200.jpg 300w, https:\/\/costablanca-magazin.com\/wp-content\/uploads\/2025\/06\/friends-partying-on-the-beach-2025-03-17-09-47-59-utc-1024x683.jpg 1024w, https:\/\/costablanca-magazin.com\/wp-content\/uploads\/2025\/06\/friends-partying-on-the-beach-2025-03-17-09-47-59-utc-768x512.jpg 768w, https:\/\/costablanca-magazin.com\/wp-content\/uploads\/2025\/06\/friends-partying-on-the-beach-2025-03-17-09-47-59-utc.jpg 1200w\" sizes=\"(max-width: 300px) 100vw, 300px\" \/><\/div><\/a>\n\t\t\t\t<div class=\"elementor-post__badge\">Evenementen<\/div>\n\t\t\t\t<div class=\"elementor-post__text\">\n\t\t\t\t<h2 class=\"elementor-post__title\">\n\t\t\t<a href=\"https:\/\/costablanca-magazin.com\/nl\/freizeit\/veranstaltungen-events\/sant-joan-an-der-costa-blanca-wenn-die-nacht-brennt\/\" >\n\t\t\t\tSant Joan aan de Costa Blanca - Als de nacht brandt\t\t\t<\/a>\n\t\t<\/h2>\n\t\t\t\t<div class=\"elementor-post__excerpt\">\n\t\t\t<p>Sant Joan aan de Costa Blanca - Als de nacht brandt Van stille wensen in de vlammen tot vlammende papier-mach\u00e9 kritiek - magie, gemeenschap en cultuur komen samen aan de Costa Blanca. Een festival dat meer is dan alleen vuurwerk. Er zijn nachten waarop je kunt voelen dat er iets in de lucht hangt<\/p>\n\t\t<\/div>\n\t\t\n\t\t<a class=\"elementor-post__read-more\" href=\"https:\/\/costablanca-magazin.com\/nl\/freizeit\/veranstaltungen-events\/sant-joan-an-der-costa-blanca-wenn-die-nacht-brennt\/\" aria-label=\"Read more about Sant Joan an der Costa Blanca &#8211; Wenn die Nacht brennt\" tabindex=\"-1\" >\n\t\t\tLees meer \u00bb\t\t<\/a>\n\n\t\t\t\t<\/div>\n\t\t\t\t\t<\/div>\n\t\t<\/article>\n\t\t\t\t<article class=\"elementor-post elementor-grid-item post-7589 post type-post status-publish format-standard has-post-thumbnail hentry category-veranstaltungen-events tag-events-costablanca tag-fiesta-costablanca tag-konzerte-alicante tag-moros-y-cristianos-benissa\" role=\"listitem\">\n\t\t\t<div class=\"elementor-post__card\">\n\t\t\t\t<a class=\"elementor-post__thumbnail__link\" href=\"https:\/\/costablanca-magazin.com\/nl\/freizeit\/veranstaltungen-events\/juni-und-juli-events-der-sommer-an-der-costa-blanca\/\" tabindex=\"-1\" ><div class=\"elementor-post__thumbnail\"><img loading=\"lazy\" decoding=\"async\" width=\"300\" height=\"203\" src=\"https:\/\/costablanca-magazin.com\/wp-content\/uploads\/2025\/06\/silhouettes-of-crowd-group-of-people-cheering-in-2024-10-18-13-51-24-utc-300x203.jpg\" class=\"attachment-medium size-medium wp-image-7592\" alt=\"Cultuur verbindt: Zomer 2025 aan de Costa Blanca\" srcset=\"https:\/\/costablanca-magazin.com\/wp-content\/uploads\/2025\/06\/silhouettes-of-crowd-group-of-people-cheering-in-2024-10-18-13-51-24-utc-300x203.jpg 300w, https:\/\/costablanca-magazin.com\/wp-content\/uploads\/2025\/06\/silhouettes-of-crowd-group-of-people-cheering-in-2024-10-18-13-51-24-utc-1024x692.jpg 1024w, https:\/\/costablanca-magazin.com\/wp-content\/uploads\/2025\/06\/silhouettes-of-crowd-group-of-people-cheering-in-2024-10-18-13-51-24-utc-768x519.jpg 768w, https:\/\/costablanca-magazin.com\/wp-content\/uploads\/2025\/06\/silhouettes-of-crowd-group-of-people-cheering-in-2024-10-18-13-51-24-utc-1536x1037.jpg 1536w, https:\/\/costablanca-magazin.com\/wp-content\/uploads\/2025\/06\/silhouettes-of-crowd-group-of-people-cheering-in-2024-10-18-13-51-24-utc-2048x1383.jpg 2048w\" sizes=\"(max-width: 300px) 100vw, 300px\" \/><\/div><\/a>\n\t\t\t\t<div class=\"elementor-post__badge\">Evenementen<\/div>\n\t\t\t\t<div class=\"elementor-post__text\">\n\t\t\t\t<h2 class=\"elementor-post__title\">\n\t\t\t<a href=\"https:\/\/costablanca-magazin.com\/nl\/freizeit\/veranstaltungen-events\/juni-und-juli-events-der-sommer-an-der-costa-blanca\/\" >\n\t\t\t\tEvenementen in juni en juli - Zomer aan de Costa Blanca\t\t\t<\/a>\n\t\t<\/h2>\n\t\t\t\t<div class=\"elementor-post__excerpt\">\n\t\t\t<p>Evenementen in juni en juli - Zomer aan de Costa Blanca Van literatuur tot livemuziek - kustplaatsen vieren diversiteit en creativiteit De Costa Blanca gaat het warme seizoen in met een veelzijdige culturele kalender. Tussen D\u00e9nia en Villajoyosa wachten lezingen, concerten, tentoonstellingen en festivals om ontdekt te worden. In Calp ontmoet<\/p>\n\t\t<\/div>\n\t\t\n\t\t<a class=\"elementor-post__read-more\" href=\"https:\/\/costablanca-magazin.com\/nl\/freizeit\/veranstaltungen-events\/juni-und-juli-events-der-sommer-an-der-costa-blanca\/\" aria-label=\"Read more about Juni und Juli Events &#8211; Der Sommer an der Costa Blanca\" tabindex=\"-1\" >\n\t\t\tLees meer \u00bb\t\t<\/a>\n\n\t\t\t\t<\/div>\n\t\t\t\t\t<\/div>\n\t\t<\/article>\n\t\t\t\t<article class=\"elementor-post elementor-grid-item post-7490 post type-post status-publish format-standard has-post-thumbnail hentry category-veranstaltungen-events tag-kunst-an-der-costa-blanca\" role=\"listitem\">\n\t\t\t<div class=\"elementor-post__card\">\n\t\t\t\t<a class=\"elementor-post__thumbnail__link\" href=\"https:\/\/costablanca-magazin.com\/nl\/freizeit\/veranstaltungen-events\/vino-pinto-ein-abend-voller-kunst-wein-und-inspiration\/\" tabindex=\"-1\" ><div class=\"elementor-post__thumbnail\"><img loading=\"lazy\" decoding=\"async\" width=\"300\" height=\"200\" src=\"https:\/\/costablanca-magazin.com\/wp-content\/uploads\/2025\/05\/Logo-Vini-Pinto-300x200.jpg\" class=\"attachment-medium size-medium wp-image-7522\" alt=\"Vino Pinto - Een avond vol kunst, wijn en inspiratie\" srcset=\"https:\/\/costablanca-magazin.com\/wp-content\/uploads\/2025\/05\/Logo-Vini-Pinto-300x200.jpg 300w, https:\/\/costablanca-magazin.com\/wp-content\/uploads\/2025\/05\/Logo-Vini-Pinto-1024x683.jpg 1024w, https:\/\/costablanca-magazin.com\/wp-content\/uploads\/2025\/05\/Logo-Vini-Pinto-768x512.jpg 768w, https:\/\/costablanca-magazin.com\/wp-content\/uploads\/2025\/05\/Logo-Vini-Pinto.jpg 1200w\" sizes=\"(max-width: 300px) 100vw, 300px\" \/><\/div><\/a>\n\t\t\t\t<div class=\"elementor-post__badge\">Evenementen<\/div>\n\t\t\t\t<div class=\"elementor-post__text\">\n\t\t\t\t<h2 class=\"elementor-post__title\">\n\t\t\t<a href=\"https:\/\/costablanca-magazin.com\/nl\/freizeit\/veranstaltungen-events\/vino-pinto-ein-abend-voller-kunst-wein-und-inspiration\/\" >\n\t\t\t\tVino Pinto - Een avond vol kunst, wijn en inspiratie\t\t\t<\/a>\n\t\t<\/h2>\n\t\t\t\t<div class=\"elementor-post__excerpt\">\n\t\t\t<p>Vino Pinto - Een avond vol kunst, wijn en inspiratie Gebaseerd op de wereldberoemde \u201eKunstnacht\u201c kun je je eigen versie maken van bijvoorbeeld een expressief landschap of een ori\u00ebntatiepunt. Je hebt geen voorkennis nodig - onze kunstenaar laat je alles stap voor stap zien in een ontspannen sfeer.<\/p>\n\t\t<\/div>\n\t\t\n\t\t<a class=\"elementor-post__read-more\" href=\"https:\/\/costablanca-magazin.com\/nl\/freizeit\/veranstaltungen-events\/vino-pinto-ein-abend-voller-kunst-wein-und-inspiration\/\" aria-label=\"Read more about Vino Pinto &#8211; Ein Abend voller Kunst, Wein und Inspiration\" tabindex=\"-1\" >\n\t\t\tLees meer \u00bb\t\t<\/a>\n\n\t\t\t\t<\/div>\n\t\t\t\t\t<\/div>\n\t\t<\/article>\n\t\t\t\t<article class=\"elementor-post elementor-grid-item post-6739 post type-post status-publish format-standard has-post-thumbnail hentry category-veranstaltungen-events tag-events-costablanca tag-fiesta-costablanca tag-mai-und-juni-veranstaltungen tag-moros-y-cristianos tag-patronatsfest tag-veranstaltungen-costa-blanca\" role=\"listitem\">\n\t\t\t<div class=\"elementor-post__card\">\n\t\t\t\t<a class=\"elementor-post__thumbnail__link\" href=\"https:\/\/costablanca-magazin.com\/nl\/freizeit\/veranstaltungen-events\/mai-juni-an-der-costa-blanca-top-events-erleben\/\" tabindex=\"-1\" ><div class=\"elementor-post__thumbnail\"><img loading=\"lazy\" decoding=\"async\" width=\"300\" height=\"200\" src=\"https:\/\/costablanca-magazin.com\/wp-content\/uploads\/2024\/09\/heart-shaped-hands-at-concert-music-concert-with-2023-11-27-05-35-30-utc-300x200.jpg\" class=\"attachment-medium size-medium wp-image-1910\" alt=\"Evenemententips Costa Blanca\" srcset=\"https:\/\/costablanca-magazin.com\/wp-content\/uploads\/2024\/09\/heart-shaped-hands-at-concert-music-concert-with-2023-11-27-05-35-30-utc-300x200.jpg 300w, https:\/\/costablanca-magazin.com\/wp-content\/uploads\/2024\/09\/heart-shaped-hands-at-concert-music-concert-with-2023-11-27-05-35-30-utc-1024x683.jpg 1024w, https:\/\/costablanca-magazin.com\/wp-content\/uploads\/2024\/09\/heart-shaped-hands-at-concert-music-concert-with-2023-11-27-05-35-30-utc-768x512.jpg 768w, https:\/\/costablanca-magazin.com\/wp-content\/uploads\/2024\/09\/heart-shaped-hands-at-concert-music-concert-with-2023-11-27-05-35-30-utc-1536x1025.jpg 1536w, https:\/\/costablanca-magazin.com\/wp-content\/uploads\/2024\/09\/heart-shaped-hands-at-concert-music-concert-with-2023-11-27-05-35-30-utc-2048x1366.jpg 2048w\" sizes=\"(max-width: 300px) 100vw, 300px\" \/><\/div><\/a>\n\t\t\t\t<div class=\"elementor-post__badge\">Evenementen<\/div>\n\t\t\t\t<div class=\"elementor-post__text\">\n\t\t\t\t<h2 class=\"elementor-post__title\">\n\t\t\t<a href=\"https:\/\/costablanca-magazin.com\/nl\/freizeit\/veranstaltungen-events\/mai-juni-an-der-costa-blanca-top-events-erleben\/\" >\n\t\t\t\tMei &amp; juni aan de Costa Blanca - beleef topevenementen\t\t\t<\/a>\n\t\t<\/h2>\n\t\t\t\t<div class=\"elementor-post__excerpt\">\n\t\t\t<p>Mei en juni aan de Costa Blanca - beleef topevenementen Van opwindende tentoonstellingen en spannende concerten tot buitengewone festivals - deze meimaand heeft voor elk wat wils. Het is de maand waarin de regio tot leven komt met een kleurrijke mix van lokale festivals, gemeenschapsevenementen en cultureel aanbod.<\/p>\n\t\t<\/div>\n\t\t\n\t\t<a class=\"elementor-post__read-more\" href=\"https:\/\/costablanca-magazin.com\/nl\/freizeit\/veranstaltungen-events\/mai-juni-an-der-costa-blanca-top-events-erleben\/\" aria-label=\"Read more about Mai &amp; Juni an der Costa Blanca \u2013 Top Events erleben\" tabindex=\"-1\" >\n\t\t\tLees meer \u00bb\t\t<\/a>\n\n\t\t\t\t<\/div>\n\t\t\t\t\t<\/div>\n\t\t<\/article>\n\t\t\t\t<article class=\"elementor-post elementor-grid-item post-5678 post type-post status-publish format-standard has-post-thumbnail hentry category-veranstaltungen-events tag-costa-blanca-2 tag-veranstaltungen-costa-blanca tag-veranstaltungen-ostern\" role=\"listitem\">\n\t\t\t<div class=\"elementor-post__card\">\n\t\t\t\t<a class=\"elementor-post__thumbnail__link\" href=\"https:\/\/costablanca-magazin.com\/nl\/freizeit\/veranstaltungen-events\/costa-blanca-im-fruehlingserwachen-event-highlights\/\" tabindex=\"-1\" ><div class=\"elementor-post__thumbnail\"><img loading=\"lazy\" decoding=\"async\" width=\"300\" height=\"200\" src=\"https:\/\/costablanca-magazin.com\/wp-content\/uploads\/2025\/04\/retro-microphone-for-outdoor-concert-party-2024-11-01-01-07-48-utc-300x200.jpg\" class=\"attachment-medium size-medium wp-image-6583\" alt=\"Lente in de Marina Alta: religieuze tradities, feesten en culturele hoogtepunten 1\" srcset=\"https:\/\/costablanca-magazin.com\/wp-content\/uploads\/2025\/04\/retro-microphone-for-outdoor-concert-party-2024-11-01-01-07-48-utc-300x200.jpg 300w, https:\/\/costablanca-magazin.com\/wp-content\/uploads\/2025\/04\/retro-microphone-for-outdoor-concert-party-2024-11-01-01-07-48-utc-1024x683.jpg 1024w, https:\/\/costablanca-magazin.com\/wp-content\/uploads\/2025\/04\/retro-microphone-for-outdoor-concert-party-2024-11-01-01-07-48-utc-768x512.jpg 768w, https:\/\/costablanca-magazin.com\/wp-content\/uploads\/2025\/04\/retro-microphone-for-outdoor-concert-party-2024-11-01-01-07-48-utc.jpg 1200w\" sizes=\"(max-width: 300px) 100vw, 300px\" \/><\/div><\/a>\n\t\t\t\t<div class=\"elementor-post__badge\">Evenementen<\/div>\n\t\t\t\t<div class=\"elementor-post__text\">\n\t\t\t\t<h2 class=\"elementor-post__title\">\n\t\t\t<a href=\"https:\/\/costablanca-magazin.com\/nl\/freizeit\/veranstaltungen-events\/costa-blanca-im-fruehlingserwachen-event-highlights\/\" >\n\t\t\t\tCosta Blanca in voorjaarsontwaken - hoogtepunten van het evenement\t\t\t<\/a>\n\t\t<\/h2>\n\t\t\t\t<div class=\"elementor-post__excerpt\">\n\t\t\t<p>Costa Blanca in Lente Ontwaakt - Hoogtepunten van het evenement Ervaar de diversiteit van de regio met processies, festivals, kunst en meer in de mooiste steden van de Marina Alta. De maanden april en mei brengen een rijkdom aan culturele, religieuze en feestelijke ervaringen naar de Marina Alta. Tijdens Semana Santa in veel steden<\/p>\n\t\t<\/div>\n\t\t\n\t\t<a class=\"elementor-post__read-more\" href=\"https:\/\/costablanca-magazin.com\/nl\/freizeit\/veranstaltungen-events\/costa-blanca-im-fruehlingserwachen-event-highlights\/\" aria-label=\"Read more about Costa Blanca Im Fr\u00fchlingserwachen &#8211; Event-Highlights\" tabindex=\"-1\" >\n\t\t\tLees meer \u00bb\t\t<\/a>\n\n\t\t\t\t<\/div>\n\t\t\t\t\t<\/div>\n\t\t<\/article>\n\t\t\t\t<article class=\"elementor-post elementor-grid-item post-5301 post type-post status-publish format-standard has-post-thumbnail hentry category-veranstaltungen-events tag-costa-blanca-2 tag-kirchen tag-oster tag-staetten\" role=\"listitem\">\n\t\t\t<div class=\"elementor-post__card\">\n\t\t\t\t<a class=\"elementor-post__thumbnail__link\" href=\"https:\/\/costablanca-magazin.com\/nl\/freizeit\/veranstaltungen-events\/oster-guide-costa-blanca-wichtigsten-kirchen-und-staetten\/\" tabindex=\"-1\" ><div class=\"elementor-post__thumbnail\"><img loading=\"lazy\" decoding=\"async\" width=\"300\" height=\"200\" src=\"https:\/\/costablanca-magazin.com\/wp-content\/uploads\/2025\/03\/lanterns-of-frankincense-during-semana-santa-holy-2024-06-17-20-31-29-utc-300x200.jpg\" class=\"attachment-medium size-medium wp-image-5302\" alt=\"Paasgids Costa Blanca - belangrijkste kerken en bezienswaardigheden\" srcset=\"https:\/\/costablanca-magazin.com\/wp-content\/uploads\/2025\/03\/lanterns-of-frankincense-during-semana-santa-holy-2024-06-17-20-31-29-utc-300x200.jpg 300w, https:\/\/costablanca-magazin.com\/wp-content\/uploads\/2025\/03\/lanterns-of-frankincense-during-semana-santa-holy-2024-06-17-20-31-29-utc-1024x683.jpg 1024w, https:\/\/costablanca-magazin.com\/wp-content\/uploads\/2025\/03\/lanterns-of-frankincense-during-semana-santa-holy-2024-06-17-20-31-29-utc-768x513.jpg 768w, https:\/\/costablanca-magazin.com\/wp-content\/uploads\/2025\/03\/lanterns-of-frankincense-during-semana-santa-holy-2024-06-17-20-31-29-utc-1536x1025.jpg 1536w, https:\/\/costablanca-magazin.com\/wp-content\/uploads\/2025\/03\/lanterns-of-frankincense-during-semana-santa-holy-2024-06-17-20-31-29-utc-2048x1367.jpg 2048w\" sizes=\"(max-width: 300px) 100vw, 300px\" \/><\/div><\/a>\n\t\t\t\t<div class=\"elementor-post__badge\">Evenementen<\/div>\n\t\t\t\t<div class=\"elementor-post__text\">\n\t\t\t\t<h2 class=\"elementor-post__title\">\n\t\t\t<a href=\"https:\/\/costablanca-magazin.com\/nl\/freizeit\/veranstaltungen-events\/oster-guide-costa-blanca-wichtigsten-kirchen-und-staetten\/\" >\n\t\t\t\tPaasgids Costa Blanca - belangrijkste kerken en bezienswaardigheden\t\t\t<\/a>\n\t\t<\/h2>\n\t\t\t\t<div class=\"elementor-post__excerpt\">\n\t\t\t<p>Paasgids Costa Blanca - de belangrijkste kerken en plaatsen Hoe historische gebouwen de Goede Week kenmerken en de verhalen die ze vertellen Semana Santa aan de Costa Blanca is niet alleen een tijd van indrukwekkende processies, maar ook een gelegenheid om de plaatsen die deze tradities al eeuwenlang bepalen van dichtbij te bekijken. Veel kerken<\/p>\n\t\t<\/div>\n\t\t\n\t\t<a class=\"elementor-post__read-more\" href=\"https:\/\/costablanca-magazin.com\/nl\/freizeit\/veranstaltungen-events\/oster-guide-costa-blanca-wichtigsten-kirchen-und-staetten\/\" aria-label=\"Read more about Oster-Guide Costa Blanca &#8211; wichtigsten Kirchen und St\u00e4tten\" tabindex=\"-1\" >\n\t\t\tLees meer \u00bb\t\t<\/a>\n\n\t\t\t\t<\/div>\n\t\t\t\t\t<\/div>\n\t\t<\/article>\n\t\t\t\t<article class=\"elementor-post elementor-grid-item post-5293 post type-post status-publish format-standard has-post-thumbnail hentry category-veranstaltungen-events tag-ostern-costa-blanca tag-osterprozessionen tag-semana-santa-costa-blanca tag-traditionen-ostern-costa-blanca\" role=\"listitem\">\n\t\t\t<div class=\"elementor-post__card\">\n\t\t\t\t<a class=\"elementor-post__thumbnail__link\" href=\"https:\/\/costablanca-magazin.com\/nl\/freizeit\/veranstaltungen-events\/osterprozessionen-costa-blanca-die-umzuege-der-karwoche\/\" tabindex=\"-1\" ><div class=\"elementor-post__thumbnail\"><img loading=\"lazy\" decoding=\"async\" width=\"300\" height=\"206\" src=\"https:\/\/costablanca-magazin.com\/wp-content\/uploads\/2025\/03\/procession-in-the-streets-during-a-solemn-religiou-2024-07-08-20-45-08-utc-300x206.jpg\" class=\"attachment-medium size-medium wp-image-5294\" alt=\"Paasprocessies aan de Costa Blanca: de optochten van de Goede Week\" srcset=\"https:\/\/costablanca-magazin.com\/wp-content\/uploads\/2025\/03\/procession-in-the-streets-during-a-solemn-religiou-2024-07-08-20-45-08-utc-300x206.jpg 300w, https:\/\/costablanca-magazin.com\/wp-content\/uploads\/2025\/03\/procession-in-the-streets-during-a-solemn-religiou-2024-07-08-20-45-08-utc-1024x702.jpg 1024w, https:\/\/costablanca-magazin.com\/wp-content\/uploads\/2025\/03\/procession-in-the-streets-during-a-solemn-religiou-2024-07-08-20-45-08-utc-768x526.jpg 768w, https:\/\/costablanca-magazin.com\/wp-content\/uploads\/2025\/03\/procession-in-the-streets-during-a-solemn-religiou-2024-07-08-20-45-08-utc-1536x1053.jpg 1536w, https:\/\/costablanca-magazin.com\/wp-content\/uploads\/2025\/03\/procession-in-the-streets-during-a-solemn-religiou-2024-07-08-20-45-08-utc-2048x1404.jpg 2048w\" sizes=\"(max-width: 300px) 100vw, 300px\" \/><\/div><\/a>\n\t\t\t\t<div class=\"elementor-post__badge\">Evenementen<\/div>\n\t\t\t\t<div class=\"elementor-post__text\">\n\t\t\t\t<h2 class=\"elementor-post__title\">\n\t\t\t<a href=\"https:\/\/costablanca-magazin.com\/nl\/freizeit\/veranstaltungen-events\/osterprozessionen-costa-blanca-die-umzuege-der-karwoche\/\" >\n\t\t\t\tPaasprocessies Costa Blanca - De processies van de Goede Week\t\t\t<\/a>\n\t\t<\/h2>\n\t\t\t\t<div class=\"elementor-post__excerpt\">\n\t\t\t<p>Paasprocessies aan de Costa Blanca: De processies van de Goede Week Tien bezienswaardige paasvieringen tussen traditie en sfeer Langs de Costa Blanca en daarbuiten worden de feesten van de Goede Week gevierd met indrukwekkende processies, eeuwenoude tradities en unieke producties. Terwijl sommige processies indruk maken met hun plechtige stilte, worden andere gekenmerkt door uitvoerig ontworpen<\/p>\n\t\t<\/div>\n\t\t\n\t\t<a class=\"elementor-post__read-more\" href=\"https:\/\/costablanca-magazin.com\/nl\/freizeit\/veranstaltungen-events\/osterprozessionen-costa-blanca-die-umzuege-der-karwoche\/\" aria-label=\"Read more about Osterprozessionen Costa Blanca &#8211; Die Umz\u00fcge der Karwoche\" tabindex=\"-1\" >\n\t\t\tLees meer \u00bb\t\t<\/a>\n\n\t\t\t\t<\/div>\n\t\t\t\t\t<\/div>\n\t\t<\/article>\n\t\t\t\t<article class=\"elementor-post elementor-grid-item post-5189 post type-post status-publish format-standard has-post-thumbnail hentry category-veranstaltungen-events tag-fallas-alicante tag-fallas-costa-blanca tag-fallas-denia tag-fallas-valencia\" role=\"listitem\">\n\t\t\t<div class=\"elementor-post__card\">\n\t\t\t\t<a class=\"elementor-post__thumbnail__link\" href=\"https:\/\/costablanca-magazin.com\/nl\/freizeit\/veranstaltungen-events\/die-fallas-geschichte-traditionen-und-kommende-hoehepunkte\/\" tabindex=\"-1\" ><div class=\"elementor-post__thumbnail\"><img loading=\"lazy\" decoding=\"async\" width=\"300\" height=\"177\" src=\"https:\/\/costablanca-magazin.com\/wp-content\/uploads\/2025\/02\/Fallas-valencia1-300x177.jpg\" class=\"attachment-medium size-medium wp-image-4821\" alt=\"Fallas Valencia 3\" srcset=\"https:\/\/costablanca-magazin.com\/wp-content\/uploads\/2025\/02\/Fallas-valencia1-300x177.jpg 300w, https:\/\/costablanca-magazin.com\/wp-content\/uploads\/2025\/02\/Fallas-valencia1-1024x605.jpg 1024w, https:\/\/costablanca-magazin.com\/wp-content\/uploads\/2025\/02\/Fallas-valencia1-768x454.jpg 768w, https:\/\/costablanca-magazin.com\/wp-content\/uploads\/2025\/02\/Fallas-valencia1.jpg 1100w\" sizes=\"(max-width: 300px) 100vw, 300px\" \/><\/div><\/a>\n\t\t\t\t<div class=\"elementor-post__badge\">Evenementen<\/div>\n\t\t\t\t<div class=\"elementor-post__text\">\n\t\t\t\t<h2 class=\"elementor-post__title\">\n\t\t\t<a href=\"https:\/\/costablanca-magazin.com\/nl\/freizeit\/veranstaltungen-events\/die-fallas-geschichte-traditionen-und-kommende-hoehepunkte\/\" >\n\t\t\t\tDe Fallas: geschiedenis, tradities en komende hoogtepunten\t\t\t<\/a>\n\t\t<\/h2>\n\t\t\t\t<div class=\"elementor-post__excerpt\">\n\t\t\t<p>De Fallas: het spectaculaire vuurfestival van Valencia - geschiedenis, tradities en komende hoogtepunten Elk jaar in maart wordt Valencia omgetoverd tot een levend kunstwerk van licht, vuur en traditie: de Fallas zijn een van de spectaculairste en bekendste festivals van Spanje. Maar wat zit er achter dit festival dat elk jaar honderdduizenden bezoekers trekt? Van<\/p>\n\t\t<\/div>\n\t\t\n\t\t<a class=\"elementor-post__read-more\" href=\"https:\/\/costablanca-magazin.com\/nl\/freizeit\/veranstaltungen-events\/die-fallas-geschichte-traditionen-und-kommende-hoehepunkte\/\" aria-label=\"Read more about Die Fallas: Geschichte, Traditionen und kommende H\u00f6hepunkte\" tabindex=\"-1\" >\n\t\t\tLees meer \u00bb\t\t<\/a>\n\n\t\t\t\t<\/div>\n\t\t\t\t\t<\/div>\n\t\t<\/article>\n\t\t\t\t<article class=\"elementor-post elementor-grid-item post-5073 post type-post status-publish format-standard has-post-thumbnail hentry category-veranstaltungen-events tag-alfaz-del-pi tag-altea tag-benidorm tag-benissa tag-calpe tag-costa-blanca tag-denia tag-fallas tag-javea tag-la-nucia tag-moraira tag-prozessionen-costa-blanca tag-semana-santa tag-teulada tag-veranstaltungen-costa-blanca tag-villajoyosa\" role=\"listitem\">\n\t\t\t<div class=\"elementor-post__card\">\n\t\t\t\t<a class=\"elementor-post__thumbnail__link\" href=\"https:\/\/costablanca-magazin.com\/nl\/freizeit\/veranstaltungen-events\/costa-blanca-ein-spannender-maerz-und-april-voller-events\/\" tabindex=\"-1\" ><div class=\"elementor-post__thumbnail\"><img loading=\"lazy\" decoding=\"async\" width=\"300\" height=\"200\" src=\"https:\/\/costablanca-magazin.com\/wp-content\/uploads\/2025\/03\/crowd-in-costumes-in-semana-santa-festival-capture-2025-02-04-09-02-01-utc-300x200.jpeg\" class=\"attachment-medium size-medium wp-image-5084\" alt=\"Culturele hoogtepunten aan de Costa Blanca: een spannende maart en april vol evenementen\" srcset=\"https:\/\/costablanca-magazin.com\/wp-content\/uploads\/2025\/03\/crowd-in-costumes-in-semana-santa-festival-capture-2025-02-04-09-02-01-utc-300x200.jpeg 300w, https:\/\/costablanca-magazin.com\/wp-content\/uploads\/2025\/03\/crowd-in-costumes-in-semana-santa-festival-capture-2025-02-04-09-02-01-utc-1024x684.jpeg 1024w, https:\/\/costablanca-magazin.com\/wp-content\/uploads\/2025\/03\/crowd-in-costumes-in-semana-santa-festival-capture-2025-02-04-09-02-01-utc-768x513.jpeg 768w, https:\/\/costablanca-magazin.com\/wp-content\/uploads\/2025\/03\/crowd-in-costumes-in-semana-santa-festival-capture-2025-02-04-09-02-01-utc-1536x1026.jpeg 1536w, https:\/\/costablanca-magazin.com\/wp-content\/uploads\/2025\/03\/crowd-in-costumes-in-semana-santa-festival-capture-2025-02-04-09-02-01-utc-2048x1368.jpeg 2048w\" sizes=\"(max-width: 300px) 100vw, 300px\" \/><\/div><\/a>\n\t\t\t\t<div class=\"elementor-post__badge\">Evenementen<\/div>\n\t\t\t\t<div class=\"elementor-post__text\">\n\t\t\t\t<h2 class=\"elementor-post__title\">\n\t\t\t<a href=\"https:\/\/costablanca-magazin.com\/nl\/freizeit\/veranstaltungen-events\/costa-blanca-ein-spannender-maerz-und-april-voller-events\/\" >\n\t\t\t\tCosta Blanca - Een spannende maart en april vol evenementen\t\t\t<\/a>\n\t\t<\/h2>\n\t\t\t\t<div class=\"elementor-post__excerpt\">\n\t\t\t<p>Costa Blanca - Een spannende maart en april vol evenementen Beleef concerten, tentoonstellingen en traditionele festivals in Calpe, Altea, Villajoyosa en vele andere plaatsen aan de Costa Blanca. De Costa Blanca komt tot leven in maart en april met een rijkdom aan culturele en traditionele evenementen die elke bezoeker zullen boeien.<\/p>\n\t\t<\/div>\n\t\t\n\t\t<a class=\"elementor-post__read-more\" href=\"https:\/\/costablanca-magazin.com\/nl\/freizeit\/veranstaltungen-events\/costa-blanca-ein-spannender-maerz-und-april-voller-events\/\" aria-label=\"Read more about Costa Blanca &#8211; Ein spannender M\u00e4rz und April voller Events\" tabindex=\"-1\" >\n\t\t\tLees meer \u00bb\t\t<\/a>\n\n\t\t\t\t<\/div>\n\t\t\t\t\t<\/div>\n\t\t<\/article>\n\t\t\t\t<article class=\"elementor-post elementor-grid-item post-4803 post type-post status-publish format-standard has-post-thumbnail hentry category-veranstaltungen-events tag-bendirom-veranstaltungen tag-careval-costa-blanca tag-denia-fallas tag-fallas-costa-blanca tag-musik-feste-costa-blanca tag-veranstaltungen-costa-blanca\" role=\"listitem\">\n\t\t\t<div class=\"elementor-post__card\">\n\t\t\t\t<a class=\"elementor-post__thumbnail__link\" href=\"https:\/\/costablanca-magazin.com\/nl\/freizeit\/veranstaltungen-events\/veranstaltungen-ihr-guide-fuer-februar-und-maerz-an-der-costa-blanca\/\" tabindex=\"-1\" ><div class=\"elementor-post__thumbnail\"><img loading=\"lazy\" decoding=\"async\" width=\"300\" height=\"95\" src=\"https:\/\/costablanca-magazin.com\/wp-content\/uploads\/2025\/02\/Fallas-Valencia-300x95.jpeg\" class=\"attachment-medium size-medium wp-image-4818\" alt=\"Valencia\" srcset=\"https:\/\/costablanca-magazin.com\/wp-content\/uploads\/2025\/02\/Fallas-Valencia-300x95.jpeg 300w, https:\/\/costablanca-magazin.com\/wp-content\/uploads\/2025\/02\/Fallas-Valencia-768x243.jpeg 768w, https:\/\/costablanca-magazin.com\/wp-content\/uploads\/2025\/02\/Fallas-Valencia.jpeg 878w\" sizes=\"(max-width: 300px) 100vw, 300px\" \/><\/div><\/a>\n\t\t\t\t<div class=\"elementor-post__badge\">Evenementen<\/div>\n\t\t\t\t<div class=\"elementor-post__text\">\n\t\t\t\t<h2 class=\"elementor-post__title\">\n\t\t\t<a href=\"https:\/\/costablanca-magazin.com\/nl\/freizeit\/veranstaltungen-events\/veranstaltungen-ihr-guide-fuer-februar-und-maerz-an-der-costa-blanca\/\" >\n\t\t\t\tEvenementen - Uw gids voor februari en maart aan de Costa Blanca\t\t\t<\/a>\n\t\t<\/h2>\n\t\t\t\t<div class=\"elementor-post__excerpt\">\n\t\t\t<p>Hoogtepunten van evenementen aan de Costa Blanca - jouw gids voor februari en maart Van indrukwekkende concerten en spannende theatervoorstellingen tot traditionele festivals - de Costa Blanca biedt ook de komende weken een gevarieerd programma. Of het nu gaat om klassieke muziek, jazz, kunsttentoonstellingen of spannende festiviteiten zoals de beroemde Fallas - hier<\/p>\n\t\t<\/div>\n\t\t\n\t\t<a class=\"elementor-post__read-more\" href=\"https:\/\/costablanca-magazin.com\/nl\/freizeit\/veranstaltungen-events\/veranstaltungen-ihr-guide-fuer-februar-und-maerz-an-der-costa-blanca\/\" aria-label=\"Read more about Veranstaltungen &#8211; Ihr Guide f\u00fcr Februar und M\u00e4rz an der Costa Blanca\" tabindex=\"-1\" >\n\t\t\tLees meer \u00bb\t\t<\/a>\n\n\t\t\t\t<\/div>\n\t\t\t\t\t<\/div>\n\t\t<\/article>\n\t\t\t\t<article class=\"elementor-post elementor-grid-item post-4775 post type-post status-publish format-standard has-post-thumbnail hentry category-veranstaltungen-events tag-benidorm-costa-blanca tag-benidorm-fest-2025 tag-costa-blanca tag-eurovision-song-contest-spanien\" role=\"listitem\">\n\t\t\t<div class=\"elementor-post__card\">\n\t\t\t\t<a class=\"elementor-post__thumbnail__link\" href=\"https:\/\/costablanca-magazin.com\/nl\/freizeit\/veranstaltungen-events\/benidorm-fest-2025-spaniens-sprungbrett-zur-eurovision\/\" tabindex=\"-1\" ><div class=\"elementor-post__thumbnail\"><img loading=\"lazy\" decoding=\"async\" width=\"300\" height=\"169\" src=\"https:\/\/costablanca-magazin.com\/wp-content\/uploads\/2025\/01\/Benidorm-Fest-25-300x169.jpg\" class=\"attachment-medium size-medium wp-image-4776\" alt=\"Benidorm Fest 2025: Spanje&#039;s springplank naar het Eurovisiepodium\" srcset=\"https:\/\/costablanca-magazin.com\/wp-content\/uploads\/2025\/01\/Benidorm-Fest-25-300x169.jpg 300w, https:\/\/costablanca-magazin.com\/wp-content\/uploads\/2025\/01\/Benidorm-Fest-25-1024x576.jpg 1024w, https:\/\/costablanca-magazin.com\/wp-content\/uploads\/2025\/01\/Benidorm-Fest-25-768x432.jpg 768w, https:\/\/costablanca-magazin.com\/wp-content\/uploads\/2025\/01\/Benidorm-Fest-25-1536x864.jpg 1536w, https:\/\/costablanca-magazin.com\/wp-content\/uploads\/2025\/01\/Benidorm-Fest-25-2048x1152.jpg 2048w\" sizes=\"(max-width: 300px) 100vw, 300px\" \/><\/div><\/a>\n\t\t\t\t<div class=\"elementor-post__badge\">Evenementen<\/div>\n\t\t\t\t<div class=\"elementor-post__text\">\n\t\t\t\t<h2 class=\"elementor-post__title\">\n\t\t\t<a href=\"https:\/\/costablanca-magazin.com\/nl\/freizeit\/veranstaltungen-events\/benidorm-fest-2025-spaniens-sprungbrett-zur-eurovision\/\" >\n\t\t\t\tBenidorm Fest 2025 - Spanje's springplank naar Eurovisie\t\t\t<\/a>\n\t\t<\/h2>\n\t\t\t\t<div class=\"elementor-post__excerpt\">\n\t\t\t<p>Benidorm Fest 2025 - Spanje's springplank naar het Eurovisiepodium Van 28 januari tot 1 februari 2025 wordt Benidorm opnieuw een bolwerk van muziek en creativiteit. Benidorm Fest 2025, de nationale voorselectie voor het Eurovisie Songfestival, vindt plaats in het Palau d'Esports l'Illa de Benidorm en belooft muzikale hoogtepunten met een internationaal tintje.<\/p>\n\t\t<\/div>\n\t\t\n\t\t<a class=\"elementor-post__read-more\" href=\"https:\/\/costablanca-magazin.com\/nl\/freizeit\/veranstaltungen-events\/benidorm-fest-2025-spaniens-sprungbrett-zur-eurovision\/\" aria-label=\"Read more about Benidorm Fest 2025 &#8211; Spaniens Sprungbrett zur Eurovision\" tabindex=\"-1\" >\n\t\t\tLees meer \u00bb\t\t<\/a>\n\n\t\t\t\t<\/div>\n\t\t\t\t\t<\/div>\n\t\t<\/article>\n\t\t\t\t<article class=\"elementor-post elementor-grid-item post-3973 post type-post status-publish format-standard has-post-thumbnail hentry category-veranstaltungen-events tag-feslali tag-sant-antoni-costa-blanca-2025 tag-veranstaltung-2025-costa-blanca tag-veranstaltung-costa-blanca\" role=\"listitem\">\n\t\t\t<div class=\"elementor-post__card\">\n\t\t\t\t<a class=\"elementor-post__thumbnail__link\" href=\"https:\/\/costablanca-magazin.com\/nl\/freizeit\/veranstaltungen-events\/veranstaltungen-januar-und-februar-entlang-der-costa-blanca\/\" tabindex=\"-1\" ><div class=\"elementor-post__thumbnail\"><img loading=\"lazy\" decoding=\"async\" width=\"300\" height=\"214\" src=\"https:\/\/costablanca-magazin.com\/wp-content\/uploads\/2025\/01\/Teufel_SantAntoni_Correfoc2-300x214.jpg\" class=\"attachment-medium size-medium wp-image-3974\" alt=\"Een breed scala aan evenementen in januari en februari aan de Costa Blanca\" srcset=\"https:\/\/costablanca-magazin.com\/wp-content\/uploads\/2025\/01\/Teufel_SantAntoni_Correfoc2-300x214.jpg 300w, https:\/\/costablanca-magazin.com\/wp-content\/uploads\/2025\/01\/Teufel_SantAntoni_Correfoc2-1024x731.jpg 1024w, https:\/\/costablanca-magazin.com\/wp-content\/uploads\/2025\/01\/Teufel_SantAntoni_Correfoc2-768x548.jpg 768w, https:\/\/costablanca-magazin.com\/wp-content\/uploads\/2025\/01\/Teufel_SantAntoni_Correfoc2.jpg 1200w\" sizes=\"(max-width: 300px) 100vw, 300px\" \/><\/div><\/a>\n\t\t\t\t<div class=\"elementor-post__badge\">Evenementen<\/div>\n\t\t\t\t<div class=\"elementor-post__text\">\n\t\t\t\t<h2 class=\"elementor-post__title\">\n\t\t\t<a href=\"https:\/\/costablanca-magazin.com\/nl\/freizeit\/veranstaltungen-events\/veranstaltungen-januar-und-februar-entlang-der-costa-blanca\/\" >\n\t\t\t\tEvenementen - Januari en februari aan de Costa Blanca\t\t\t<\/a>\n\t\t<\/h2>\n\t\t\t\t<div class=\"elementor-post__excerpt\">\n\t\t\t<p>Diverse evenementen - januari en februari aan de Costa Blanca De regio's Calpe, Altea, Villajoyosa en omgeving bieden de komende weken een gevarieerd programma dat cultuur, traditie en entertainment combineert. Of het nu gaat om spannende theatervoorstellingen, inspirerende concerten of gezinsvriendelijke evenementen - er is voor elk wat wils. Een hoogtepunt is het<\/p>\n\t\t<\/div>\n\t\t\n\t\t<a class=\"elementor-post__read-more\" href=\"https:\/\/costablanca-magazin.com\/nl\/freizeit\/veranstaltungen-events\/veranstaltungen-januar-und-februar-entlang-der-costa-blanca\/\" aria-label=\"Read more about Veranstaltungen &#8211; Januar und Februar entlang der Costa Blanca\" tabindex=\"-1\" >\n\t\t\tLees meer \u00bb\t\t<\/a>\n\n\t\t\t\t<\/div>\n\t\t\t\t\t<\/div>\n\t\t<\/article>\n\t\t\t\t<article class=\"elementor-post elementor-grid-item post-3491 post type-post status-publish format-standard has-post-thumbnail hentry category-veranstaltungen-events tag-events-and-der-costa-blanca tag-veranstaltung-costa-blanca tag-weihnachten-and-der-costa-blanca\" role=\"listitem\">\n\t\t\t<div class=\"elementor-post__card\">\n\t\t\t\t<a class=\"elementor-post__thumbnail__link\" href=\"https:\/\/costablanca-magazin.com\/nl\/freizeit\/veranstaltungen-events\/veranstaltung-an-der-costa-blanca-lichter-magie-reyes-und-mehr\/\" tabindex=\"-1\" ><div class=\"elementor-post__thumbnail\"><img loading=\"lazy\" decoding=\"async\" width=\"300\" height=\"300\" src=\"https:\/\/costablanca-magazin.com\/wp-content\/uploads\/2024\/12\/6274_navidad-de-magia-teulada-moraira-2024-300x300.png\" class=\"attachment-medium size-medium wp-image-3505\" alt=\"6274_navidad-de-magia-teulada-moraira-2024\" srcset=\"https:\/\/costablanca-magazin.com\/wp-content\/uploads\/2024\/12\/6274_navidad-de-magia-teulada-moraira-2024-300x300.png 300w, https:\/\/costablanca-magazin.com\/wp-content\/uploads\/2024\/12\/6274_navidad-de-magia-teulada-moraira-2024-150x150.png 150w, https:\/\/costablanca-magazin.com\/wp-content\/uploads\/2024\/12\/6274_navidad-de-magia-teulada-moraira-2024.png 735w\" sizes=\"(max-width: 300px) 100vw, 300px\" \/><\/div><\/a>\n\t\t\t\t<div class=\"elementor-post__badge\">Evenementen<\/div>\n\t\t\t\t<div class=\"elementor-post__text\">\n\t\t\t\t<h2 class=\"elementor-post__title\">\n\t\t\t<a href=\"https:\/\/costablanca-magazin.com\/nl\/freizeit\/veranstaltungen-events\/veranstaltung-an-der-costa-blanca-lichter-magie-reyes-und-mehr\/\" >\n\t\t\t\tEvenement aan de Costa Blanca: licht, magie, Reyes en meer\t\t\t<\/a>\n\t\t<\/h2>\n\t\t\t\t<div class=\"elementor-post__excerpt\">\n\t\t\t<p>Evenementen aan de Costa Blanca: lichtjes, magie, reyes en meer Kerstmis aan de Costa Blanca is allesbehalve saai. Of het nu gaat om magische cabalgatas, glinsterende markten of sfeervolle concerten: de regio biedt volop mogelijkheden om de feestdagen op een bijzondere manier te beleven. Het hoogtepunt? 5 januari natuurlijk, wanneer de<\/p>\n\t\t<\/div>\n\t\t\n\t\t<a class=\"elementor-post__read-more\" href=\"https:\/\/costablanca-magazin.com\/nl\/freizeit\/veranstaltungen-events\/veranstaltung-an-der-costa-blanca-lichter-magie-reyes-und-mehr\/\" aria-label=\"Read more about Veranstaltung an der Costa Blanca: Lichter, Magie, Reyes und mehr\" tabindex=\"-1\" >\n\t\t\tLees meer \u00bb\t\t<\/a>\n\n\t\t\t\t<\/div>\n\t\t\t\t\t<\/div>\n\t\t<\/article>\n\t\t\t\t<article class=\"elementor-post elementor-grid-item post-3220 post type-post status-publish format-standard has-post-thumbnail hentry category-aktivitaeten-und-ausfluege category-veranstaltungen-events tag-costa-blanca-2 tag-veranstaltungstipps\" role=\"listitem\">\n\t\t\t<div class=\"elementor-post__card\">\n\t\t\t\t<a class=\"elementor-post__thumbnail__link\" href=\"https:\/\/costablanca-magazin.com\/nl\/freizeit\/aktivitaeten-und-ausfluege\/costa-blanca-im-november-dezember-veranstaltungstipps\/\" tabindex=\"-1\" ><div class=\"elementor-post__thumbnail\"><img loading=\"lazy\" decoding=\"async\" width=\"300\" height=\"200\" src=\"https:\/\/costablanca-magazin.com\/wp-content\/uploads\/2024\/11\/christmas-flat-lay-cup-of-hot-chocolate-with-mars-2024-08-14-18-23-54-utc-300x200.jpg\" class=\"attachment-medium size-medium wp-image-3222\" alt=\"Culturele hoogtepunten aan de Costa Blanca in november\/december\" srcset=\"https:\/\/costablanca-magazin.com\/wp-content\/uploads\/2024\/11\/christmas-flat-lay-cup-of-hot-chocolate-with-mars-2024-08-14-18-23-54-utc-300x200.jpg 300w, https:\/\/costablanca-magazin.com\/wp-content\/uploads\/2024\/11\/christmas-flat-lay-cup-of-hot-chocolate-with-mars-2024-08-14-18-23-54-utc-1024x683.jpg 1024w, https:\/\/costablanca-magazin.com\/wp-content\/uploads\/2024\/11\/christmas-flat-lay-cup-of-hot-chocolate-with-mars-2024-08-14-18-23-54-utc-768x512.jpg 768w, https:\/\/costablanca-magazin.com\/wp-content\/uploads\/2024\/11\/christmas-flat-lay-cup-of-hot-chocolate-with-mars-2024-08-14-18-23-54-utc-1536x1024.jpg 1536w, https:\/\/costablanca-magazin.com\/wp-content\/uploads\/2024\/11\/christmas-flat-lay-cup-of-hot-chocolate-with-mars-2024-08-14-18-23-54-utc-2048x1365.jpg 2048w\" sizes=\"(max-width: 300px) 100vw, 300px\" \/><\/div><\/a>\n\t\t\t\t<div class=\"elementor-post__badge\">Activiteiten en excursies<\/div>\n\t\t\t\t<div class=\"elementor-post__text\">\n\t\t\t\t<h2 class=\"elementor-post__title\">\n\t\t\t<a href=\"https:\/\/costablanca-magazin.com\/nl\/freizeit\/aktivitaeten-und-ausfluege\/costa-blanca-im-november-dezember-veranstaltungstipps\/\" >\n\t\t\t\tCosta Blanca in november\/december - Evenemententips\t\t\t<\/a>\n\t\t<\/h2>\n\t\t\t\t<div class=\"elementor-post__excerpt\">\n\t\t\t<p>Costa Blanca in november\/december - evenemententips In november en december bloeit de Costa Blanca met culturele diversiteit. Met name het festival ter ere van Sint Cecilia, de beschermheilige van de muziek, loopt als een rode draad door het evenementenprogramma. Rond haar gedenkdag op 22 november vieren steden als Calpe,<\/p>\n\t\t<\/div>\n\t\t\n\t\t<a class=\"elementor-post__read-more\" href=\"https:\/\/costablanca-magazin.com\/nl\/freizeit\/aktivitaeten-und-ausfluege\/costa-blanca-im-november-dezember-veranstaltungstipps\/\" aria-label=\"Read more about Costa Blanca im November\/Dezember &#8211; Veranstaltungstipps\" tabindex=\"-1\" >\n\t\t\tLees meer \u00bb\t\t<\/a>\n\n\t\t\t\t<\/div>\n\t\t\t\t\t<\/div>\n\t\t<\/article>\n\t\t\t\t<article class=\"elementor-post elementor-grid-item post-2640 post type-post status-publish format-standard has-post-thumbnail hentry category-veranstaltungen-events tag-ausgehen-an-der-costa-blanca-in-denia tag-costablanca tag-denia tag-fiesta-denia tag-in-denia-unternehmen tag-ruta-de-tapas-denia\" role=\"listitem\">\n\t\t\t<div class=\"elementor-post__card\">\n\t\t\t\t<a class=\"elementor-post__thumbnail__link\" href=\"https:\/\/costablanca-magazin.com\/nl\/freizeit\/veranstaltungen-events\/denia-tapas-route-startet-am-24-oktober-kulinarische-vielfalt-fuer-nur-4-euro\/\" tabindex=\"-1\" ><div class=\"elementor-post__thumbnail\"><img loading=\"lazy\" decoding=\"async\" width=\"213\" height=\"300\" src=\"https:\/\/costablanca-magazin.com\/wp-content\/uploads\/2024\/10\/cartel-de-la-xxiv-ruta-tapas-de-denia-766x1079-1-213x300.jpg\" class=\"attachment-medium size-medium wp-image-2641\" alt=\"Tapasroute Denia\" srcset=\"https:\/\/costablanca-magazin.com\/wp-content\/uploads\/2024\/10\/cartel-de-la-xxiv-ruta-tapas-de-denia-766x1079-1-213x300.jpg 213w, https:\/\/costablanca-magazin.com\/wp-content\/uploads\/2024\/10\/cartel-de-la-xxiv-ruta-tapas-de-denia-766x1079-1-727x1024.jpg 727w, https:\/\/costablanca-magazin.com\/wp-content\/uploads\/2024\/10\/cartel-de-la-xxiv-ruta-tapas-de-denia-766x1079-1.jpg 766w\" sizes=\"(max-width: 213px) 100vw, 213px\" \/><\/div><\/a>\n\t\t\t\t<div class=\"elementor-post__badge\">Evenementen<\/div>\n\t\t\t\t<div class=\"elementor-post__text\">\n\t\t\t\t<h2 class=\"elementor-post__title\">\n\t\t\t<a href=\"https:\/\/costablanca-magazin.com\/nl\/freizeit\/veranstaltungen-events\/denia-tapas-route-startet-am-24-oktober-kulinarische-vielfalt-fuer-nur-4-euro\/\" >\n\t\t\t\tD\u00e9nia Tapas Route start op 24 oktober: Culinaire variatie voor maar 4 euro\t\t\t<\/a>\n\t\t<\/h2>\n\t\t\t\t<div class=\"elementor-post__excerpt\">\n\t\t\t<p>Tapasroute D\u00e9nia van start op 24 oktober: Culinaire variatie voor slechts 4 euro Op 24 oktober 2024 begint de 24e editie van de populaire Ruta de Tapas in D\u00e9nia, die zal lopen tot 17 november. Georganiseerd door GuiaME Comunicaci\u00f3n in samenwerking met Turisme D\u00e9nia en de Vereniging van Hotel- en Toeristische Ondernemers.<\/p>\n\t\t<\/div>\n\t\t\n\t\t<a class=\"elementor-post__read-more\" href=\"https:\/\/costablanca-magazin.com\/nl\/freizeit\/veranstaltungen-events\/denia-tapas-route-startet-am-24-oktober-kulinarische-vielfalt-fuer-nur-4-euro\/\" aria-label=\"Read more about D\u00e9nia Tapas Route startet am 24. Oktober: Kulinarische Vielfalt f\u00fcr nur 4 Euro\" tabindex=\"-1\" >\n\t\t\tLees meer \u00bb\t\t<\/a>\n\n\t\t\t\t<\/div>\n\t\t\t\t\t<\/div>\n\t\t<\/article>\n\t\t\t\t<article class=\"elementor-post elementor-grid-item post-2536 post type-post status-publish format-standard has-post-thumbnail hentry category-veranstaltungen-events tag-costa-blanca-veranstaltungen tag-costa-blanca tag-events-an-der-costa-blanca tag-events-marina-alta tag-events-marina-alta-und-marina-baixa tag-events-marina-baixa tag-marina-alta tag-marina-baixa tag-november-events tag-november-veranstaltung tag-oktober-events tag-oktober-veranstaltung tag-veranstaltung-marina-alta tag-veranstaltung-marina-alta-und-marina-baixa tag-veranstaltung-marina-baixa\" role=\"listitem\">\n\t\t\t<div class=\"elementor-post__card\">\n\t\t\t\t<a class=\"elementor-post__thumbnail__link\" href=\"https:\/\/costablanca-magazin.com\/nl\/freizeit\/veranstaltungen-events\/die-costa-blanca-im-oktober-november-veranstaltungstipps\/\" tabindex=\"-1\" ><div class=\"elementor-post__thumbnail\"><img loading=\"lazy\" decoding=\"async\" width=\"300\" height=\"196\" src=\"https:\/\/costablanca-magazin.com\/wp-content\/uploads\/2024\/10\/kids-at-halloween-party-2023-11-27-05-36-03-utc-300x196.jpg\" class=\"attachment-medium size-medium wp-image-2537\" alt=\"Evenemententips Costa Blanca oktober\/november\" srcset=\"https:\/\/costablanca-magazin.com\/wp-content\/uploads\/2024\/10\/kids-at-halloween-party-2023-11-27-05-36-03-utc-300x196.jpg 300w, https:\/\/costablanca-magazin.com\/wp-content\/uploads\/2024\/10\/kids-at-halloween-party-2023-11-27-05-36-03-utc-1024x668.jpg 1024w, https:\/\/costablanca-magazin.com\/wp-content\/uploads\/2024\/10\/kids-at-halloween-party-2023-11-27-05-36-03-utc-768x501.jpg 768w, https:\/\/costablanca-magazin.com\/wp-content\/uploads\/2024\/10\/kids-at-halloween-party-2023-11-27-05-36-03-utc-1536x1001.jpg 1536w, https:\/\/costablanca-magazin.com\/wp-content\/uploads\/2024\/10\/kids-at-halloween-party-2023-11-27-05-36-03-utc-2048x1335.jpg 2048w\" sizes=\"(max-width: 300px) 100vw, 300px\" \/><\/div><\/a>\n\t\t\t\t<div class=\"elementor-post__badge\">Evenementen<\/div>\n\t\t\t\t<div class=\"elementor-post__text\">\n\t\t\t\t<h2 class=\"elementor-post__title\">\n\t\t\t<a href=\"https:\/\/costablanca-magazin.com\/nl\/freizeit\/veranstaltungen-events\/die-costa-blanca-im-oktober-november-veranstaltungstipps\/\" >\n\t\t\t\tDe Costa Blanca in oktober\/november - tips voor evenementen\t\t\t<\/a>\n\t\t<\/h2>\n\t\t\t\t<div class=\"elementor-post__excerpt\">\n\t\t\t<p>Costa Blanca in oktober\/november - evenemententips In oktober en november verandert de Costa Blanca in een levendig centrum vol culturele hoogtepunten. De regio trekt bezoekers met een verscheidenheid aan evenementen - van tentoonstellingen en beurzen tot spannende theatervoorstellingen en dansshows. Deze evenementen bieden de perfecte gelegenheid voor de lokale bevolking om<\/p>\n\t\t<\/div>\n\t\t\n\t\t<a class=\"elementor-post__read-more\" href=\"https:\/\/costablanca-magazin.com\/nl\/freizeit\/veranstaltungen-events\/die-costa-blanca-im-oktober-november-veranstaltungstipps\/\" aria-label=\"Read more about Die Costa Blanca im Oktober\/November &#8211; Veranstaltungstipps\" tabindex=\"-1\" >\n\t\t\tLees meer \u00bb\t\t<\/a>\n\n\t\t\t\t<\/div>\n\t\t\t\t\t<\/div>\n\t\t<\/article>\n\t\t\t\t<article class=\"elementor-post elementor-grid-item post-2512 post type-post status-publish format-standard has-post-thumbnail hentry category-veranstaltungen-events tag-fiesta-benidorm tag-moros-y-cristianos-benidorm\" role=\"listitem\">\n\t\t\t<div class=\"elementor-post__card\">\n\t\t\t\t<a class=\"elementor-post__thumbnail__link\" href=\"https:\/\/costablanca-magazin.com\/nl\/freizeit\/veranstaltungen-events\/moros-y-cristianos-ein-lebendiges-spektakel-in-benidorm-vom-3-bis-6-oktober-2024\/\" tabindex=\"-1\" ><div class=\"elementor-post__thumbnail\"><img loading=\"lazy\" decoding=\"async\" width=\"209\" height=\"300\" src=\"https:\/\/costablanca-magazin.com\/wp-content\/uploads\/2024\/10\/moros-y-cristianos-benidorm-209x300.png\" class=\"attachment-medium size-medium wp-image-2513\" alt=\"moros y cristianos benidorm\" srcset=\"https:\/\/costablanca-magazin.com\/wp-content\/uploads\/2024\/10\/moros-y-cristianos-benidorm-209x300.png 209w, https:\/\/costablanca-magazin.com\/wp-content\/uploads\/2024\/10\/moros-y-cristianos-benidorm.png 514w\" sizes=\"(max-width: 209px) 100vw, 209px\" \/><\/div><\/a>\n\t\t\t\t<div class=\"elementor-post__badge\">Evenementen<\/div>\n\t\t\t\t<div class=\"elementor-post__text\">\n\t\t\t\t<h2 class=\"elementor-post__title\">\n\t\t\t<a href=\"https:\/\/costablanca-magazin.com\/nl\/freizeit\/veranstaltungen-events\/moros-y-cristianos-ein-lebendiges-spektakel-in-benidorm-vom-3-bis-6-oktober-2024\/\" >\n\t\t\t\tMoros y Cristianos: een levendig spektakel in Benidorm van 3 tot 6 oktober 2024\t\t\t<\/a>\n\t\t<\/h2>\n\t\t\t\t<div class=\"elementor-post__excerpt\">\n\t\t\t<p>Moros y Cristianos: Een levendig spektakel in Benidorm van 3 tot 6 oktober 2024 Geschiedenis, traditie en spektakel komen samen in een van de meest kenmerkende feesten van de Costa Blanca. Van 3 tot 6 oktober 2024 zullen de straten van Benidorm worden omgetoverd tot een kleurrijk en bruisend festivalterrein wanneer de viering ter ere van de<\/p>\n\t\t<\/div>\n\t\t\n\t\t<a class=\"elementor-post__read-more\" href=\"https:\/\/costablanca-magazin.com\/nl\/freizeit\/veranstaltungen-events\/moros-y-cristianos-ein-lebendiges-spektakel-in-benidorm-vom-3-bis-6-oktober-2024\/\" aria-label=\"Read more about Moros y Cristianos: Ein lebendiges Spektakel in Benidorm vom 3. bis 6. Oktober 2024\" tabindex=\"-1\" >\n\t\t\tLees meer \u00bb\t\t<\/a>\n\n\t\t\t\t<\/div>\n\t\t\t\t\t<\/div>\n\t\t<\/article>\n\t\t\t\t<article class=\"elementor-post elementor-grid-item post-2373 post type-post status-publish format-standard has-post-thumbnail hentry category-veranstaltungen-events tag-dna-festival tag-dna-gastro tag-gastronomie-messe-denia\" role=\"listitem\">\n\t\t\t<div class=\"elementor-post__card\">\n\t\t\t\t<a class=\"elementor-post__thumbnail__link\" href=\"https:\/\/costablanca-magazin.com\/nl\/freizeit\/veranstaltungen-events\/dna-festival-2024-ein-muss-fuer-gastronomie-fans-in-denia\/\" tabindex=\"-1\" ><div class=\"elementor-post__thumbnail\"><img loading=\"lazy\" decoding=\"async\" width=\"300\" height=\"169\" src=\"https:\/\/costablanca-magazin.com\/wp-content\/uploads\/2024\/09\/cartel-dna-festival-2024-dest-766x431-1-300x169.jpg\" class=\"attachment-medium size-medium wp-image-2374\" alt=\"D*na-festival in Denia\" srcset=\"https:\/\/costablanca-magazin.com\/wp-content\/uploads\/2024\/09\/cartel-dna-festival-2024-dest-766x431-1-300x169.jpg 300w, https:\/\/costablanca-magazin.com\/wp-content\/uploads\/2024\/09\/cartel-dna-festival-2024-dest-766x431-1.jpg 766w\" sizes=\"(max-width: 300px) 100vw, 300px\" \/><\/div><\/a>\n\t\t\t\t<div class=\"elementor-post__badge\">Evenementen<\/div>\n\t\t\t\t<div class=\"elementor-post__text\">\n\t\t\t\t<h2 class=\"elementor-post__title\">\n\t\t\t<a href=\"https:\/\/costablanca-magazin.com\/nl\/freizeit\/veranstaltungen-events\/dna-festival-2024-ein-muss-fuer-gastronomie-fans-in-denia\/\" >\n\t\t\t\tD*na Festival 2024: een must voor gastronomiefans in D\u00e9nia\t\t\t<\/a>\n\t\t<\/h2>\n\t\t\t\t<div class=\"elementor-post__excerpt\">\n\t\t\t<p>D*na Festival 2024: Een must voor gastronomiefans in D\u00e9nia In slechts een paar jaar tijd heeft het D*na Festival zich gevestigd als een van de belangrijkste culinaire evenementen in de Comunitat Valenciana. Op 28 en 29 september 2024 keert het festival groots terug naar de zeepromenade Marineta Cassiana in D\u00e9nia. Georganiseerd door de stad<\/p>\n\t\t<\/div>\n\t\t\n\t\t<a class=\"elementor-post__read-more\" href=\"https:\/\/costablanca-magazin.com\/nl\/freizeit\/veranstaltungen-events\/dna-festival-2024-ein-muss-fuer-gastronomie-fans-in-denia\/\" aria-label=\"Read more about D*na-Festival 2024: Ein Muss f\u00fcr Gastronomie-Fans in D\u00e9nia\" tabindex=\"-1\" >\n\t\t\tLees meer \u00bb\t\t<\/a>\n\n\t\t\t\t<\/div>\n\t\t\t\t\t<\/div>\n\t\t<\/article>\n\t\t\t\t<article class=\"elementor-post elementor-grid-item post-1909 post type-post status-publish format-standard has-post-thumbnail hentry category-veranstaltungen-events tag-altea tag-benidorm tag-benissa tag-calpe tag-event-tipps tag-moros-i-cristianos-altea tag-oktoberfest-la-nucia tag-teulade tag-veranstaltungen\" role=\"listitem\">\n\t\t\t<div class=\"elementor-post__card\">\n\t\t\t\t<a class=\"elementor-post__thumbnail__link\" href=\"https:\/\/costablanca-magazin.com\/nl\/freizeit\/veranstaltungen-events\/veranstaltungstipps-costa-blanca-september-und-oktober\/\" tabindex=\"-1\" ><div class=\"elementor-post__thumbnail\"><img loading=\"lazy\" decoding=\"async\" width=\"300\" height=\"200\" src=\"https:\/\/costablanca-magazin.com\/wp-content\/uploads\/2024\/09\/concert_music-300x200.jpg\" class=\"attachment-medium size-medium wp-image-10396\" alt=\"concert_muziek\" srcset=\"https:\/\/costablanca-magazin.com\/wp-content\/uploads\/2024\/09\/concert_music-300x200.jpg 300w, https:\/\/costablanca-magazin.com\/wp-content\/uploads\/2024\/09\/concert_music-1024x683.jpg 1024w, https:\/\/costablanca-magazin.com\/wp-content\/uploads\/2024\/09\/concert_music-768x512.jpg 768w, https:\/\/costablanca-magazin.com\/wp-content\/uploads\/2024\/09\/concert_music-1536x1025.jpg 1536w, https:\/\/costablanca-magazin.com\/wp-content\/uploads\/2024\/09\/concert_music-2048x1366.jpg 2048w, https:\/\/costablanca-magazin.com\/wp-content\/uploads\/2024\/09\/concert_music-18x12.jpg 18w\" sizes=\"(max-width: 300px) 100vw, 300px\" \/><\/div><\/a>\n\t\t\t\t<div class=\"elementor-post__badge\">Evenementen<\/div>\n\t\t\t\t<div class=\"elementor-post__text\">\n\t\t\t\t<h2 class=\"elementor-post__title\">\n\t\t\t<a href=\"https:\/\/costablanca-magazin.com\/nl\/freizeit\/veranstaltungen-events\/veranstaltungstipps-costa-blanca-september-und-oktober\/\" >\n\t\t\t\tEvenemententips Costa Blanca september en oktober\t\t\t<\/a>\n\t\t<\/h2>\n\t\t\t\t<div class=\"elementor-post__excerpt\">\n\t\t\t<p>Evenementen en evenemententips Costa Blanca september\/oktober Er is de komende maanden veel te doen aan de Costa Blanca! Kijk uit naar concerten, musicals, shoppingtips en traditionele feesten. Geniet van livemuziek, ontdek nieuwe trends in de beste winkelcentra en ervaar de lokale cultuur tijdens feestelijke optochten en vuurwerkshows. Het maakt niet uit<\/p>\n\t\t<\/div>\n\t\t\n\t\t<a class=\"elementor-post__read-more\" href=\"https:\/\/costablanca-magazin.com\/nl\/freizeit\/veranstaltungen-events\/veranstaltungstipps-costa-blanca-september-und-oktober\/\" aria-label=\"Read more about Veranstaltungstipps Costa Blanca September und Oktober\" tabindex=\"-1\" >\n\t\t\tLees meer \u00bb\t\t<\/a>\n\n\t\t\t\t<\/div>\n\t\t\t\t\t<\/div>\n\t\t<\/article>\n\t\t\t\t<article class=\"elementor-post elementor-grid-item post-1546 post type-post status-publish format-standard has-post-thumbnail hentry category-veranstaltungen-events tag-fiesta-denia tag-mauren-und-christen-denia-2024 tag-moros-y-cristianos-denia-2024 tag-programm-fiesta-moros-y-cristianos-denia\" role=\"listitem\">\n\t\t\t<div class=\"elementor-post__card\">\n\t\t\t\t<a class=\"elementor-post__thumbnail__link\" href=\"https:\/\/costablanca-magazin.com\/nl\/freizeit\/veranstaltungen-events\/mauren-und-christen-denia-feiert-im-august-2024-mit-neuerungen\/\" tabindex=\"-1\" ><div class=\"elementor-post__thumbnail\"><img loading=\"lazy\" decoding=\"async\" width=\"200\" height=\"300\" src=\"https:\/\/costablanca-magazin.com\/wp-content\/uploads\/2024\/07\/shutterstock_1558707188-moros-y-cristianos-200x300.jpg\" class=\"attachment-medium size-medium wp-image-1547\" alt=\"Fiesta Moros y cristianos Denia 2024\" srcset=\"https:\/\/costablanca-magazin.com\/wp-content\/uploads\/2024\/07\/shutterstock_1558707188-moros-y-cristianos-200x300.jpg 200w, https:\/\/costablanca-magazin.com\/wp-content\/uploads\/2024\/07\/shutterstock_1558707188-moros-y-cristianos-683x1024.jpg 683w, https:\/\/costablanca-magazin.com\/wp-content\/uploads\/2024\/07\/shutterstock_1558707188-moros-y-cristianos-768x1152.jpg 768w, https:\/\/costablanca-magazin.com\/wp-content\/uploads\/2024\/07\/shutterstock_1558707188-moros-y-cristianos-1024x1536.jpg 1024w, https:\/\/costablanca-magazin.com\/wp-content\/uploads\/2024\/07\/shutterstock_1558707188-moros-y-cristianos-1365x2048.jpg 1365w, https:\/\/costablanca-magazin.com\/wp-content\/uploads\/2024\/07\/shutterstock_1558707188-moros-y-cristianos-scaled.jpg 1707w\" sizes=\"(max-width: 200px) 100vw, 200px\" \/><\/div><\/a>\n\t\t\t\t<div class=\"elementor-post__badge\">Evenementen<\/div>\n\t\t\t\t<div class=\"elementor-post__text\">\n\t\t\t\t<h2 class=\"elementor-post__title\">\n\t\t\t<a href=\"https:\/\/costablanca-magazin.com\/nl\/freizeit\/veranstaltungen-events\/mauren-und-christen-denia-feiert-im-august-2024-mit-neuerungen\/\" >\n\t\t\t\tMoren en christenen: D\u00e9nia viert feest met innovaties in augustus 2024\t\t\t<\/a>\n\t\t<\/h2>\n\t\t\t\t<div class=\"elementor-post__excerpt\">\n\t\t\t<p>Moren en Christenen: D\u00e9nia viert feest in augustus 2024 met nieuwe elementen De viering van Moren en Christenen 2024 in D\u00e9nia staat voor de deur en zal enkele nieuwe elementen met zich meebrengen. De presentatie van de festiviteiten, die zullen plaatsvinden van 3 tot 16 augustus, vond plaats in aanwezigheid van het raadslid voor Festiviteiten, de plaatsvervangend<\/p>\n\t\t<\/div>\n\t\t\n\t\t<a class=\"elementor-post__read-more\" href=\"https:\/\/costablanca-magazin.com\/nl\/freizeit\/veranstaltungen-events\/mauren-und-christen-denia-feiert-im-august-2024-mit-neuerungen\/\" aria-label=\"Read more about Mauren und Christen: D\u00e9nia feiert im August 2024 mit Neuerungen\" tabindex=\"-1\" >\n\t\t\tLees meer \u00bb\t\t<\/a>\n\n\t\t\t\t<\/div>\n\t\t\t\t\t<\/div>\n\t\t<\/article>\n\t\t\t\t<article class=\"elementor-post elementor-grid-item post-1523 post type-post status-publish format-standard has-post-thumbnail hentry category-veranstaltungen-events tag-benidorm tag-calpe tag-denia tag-euripameisterschaft-finale tag-javea tag-public-viewing-marina-alta-und-marina-baixa tag-publiv-viewing-benissa\" role=\"listitem\">\n\t\t\t<div class=\"elementor-post__card\">\n\t\t\t\t<a class=\"elementor-post__thumbnail__link\" href=\"https:\/\/costablanca-magazin.com\/nl\/freizeit\/veranstaltungen-events\/euro-2024-finale-hier-koennen-sie-beim-public-viewing-geniessen-mitfiebern\/\" tabindex=\"-1\" ><div class=\"elementor-post__thumbnail\"><img loading=\"lazy\" decoding=\"async\" width=\"300\" height=\"200\" src=\"https:\/\/costablanca-magazin.com\/wp-content\/uploads\/2024\/07\/spain-supporters-and-fans-during-football-match-2023-11-27-05-18-49-utc-300x200.jpg\" class=\"attachment-medium size-medium wp-image-1524\" alt=\"Euro 2024 finale Public Viewing\" srcset=\"https:\/\/costablanca-magazin.com\/wp-content\/uploads\/2024\/07\/spain-supporters-and-fans-during-football-match-2023-11-27-05-18-49-utc-300x200.jpg 300w, https:\/\/costablanca-magazin.com\/wp-content\/uploads\/2024\/07\/spain-supporters-and-fans-during-football-match-2023-11-27-05-18-49-utc-1024x683.jpg 1024w, https:\/\/costablanca-magazin.com\/wp-content\/uploads\/2024\/07\/spain-supporters-and-fans-during-football-match-2023-11-27-05-18-49-utc-768x512.jpg 768w, https:\/\/costablanca-magazin.com\/wp-content\/uploads\/2024\/07\/spain-supporters-and-fans-during-football-match-2023-11-27-05-18-49-utc-1536x1024.jpg 1536w, https:\/\/costablanca-magazin.com\/wp-content\/uploads\/2024\/07\/spain-supporters-and-fans-during-football-match-2023-11-27-05-18-49-utc-2048x1365.jpg 2048w\" sizes=\"(max-width: 300px) 100vw, 300px\" \/><\/div><\/a>\n\t\t\t\t<div class=\"elementor-post__badge\">Evenementen<\/div>\n\t\t\t\t<div class=\"elementor-post__text\">\n\t\t\t\t<h2 class=\"elementor-post__title\">\n\t\t\t<a href=\"https:\/\/costablanca-magazin.com\/nl\/freizeit\/veranstaltungen-events\/euro-2024-finale-hier-koennen-sie-beim-public-viewing-geniessen-mitfiebern\/\" >\n\t\t\t\tEuro 2024-finale: hier kun je genieten van de opwinding van het publiek\t\t\t<\/a>\n\t\t<\/h2>\n\t\t\t\t<div class=\"elementor-post__excerpt\">\n\t\t\t<p>Euro 2024-finale: hier kun je het publiek kijken Zondagavond vindt in Berlijn de langverwachte Euro 2024-finale plaats. Engeland neemt het op tegen Spanje en terwijl de ploeg van Gareth Southgate op zoek gaat naar hun eerste titel sinds ze in 1966 de wereldbeker won, hoopt Spanje weer te winnen.<\/p>\n\t\t<\/div>\n\t\t\n\t\t<a class=\"elementor-post__read-more\" href=\"https:\/\/costablanca-magazin.com\/nl\/freizeit\/veranstaltungen-events\/euro-2024-finale-hier-koennen-sie-beim-public-viewing-geniessen-mitfiebern\/\" aria-label=\"Read more about Euro 2024 Finale: Hier k\u00f6nnen Sie beim Public-Viewing genie\u00dfen mitfiebern\" tabindex=\"-1\" >\n\t\t\tLees meer \u00bb\t\t<\/a>\n\n\t\t\t\t<\/div>\n\t\t\t\t\t<\/div>\n\t\t<\/article>\n\t\t\t\t<article class=\"elementor-post elementor-grid-item post-1515 post type-post status-publish format-standard has-post-thumbnail hentry category-veranstaltungen-events tag-fiesta-costablanca tag-mauren-und-christen-vilajoyossa tag-moros-i-cristianos-vilajojossa\" role=\"listitem\">\n\t\t\t<div class=\"elementor-post__card\">\n\t\t\t\t<a class=\"elementor-post__thumbnail__link\" href=\"https:\/\/costablanca-magazin.com\/nl\/freizeit\/veranstaltungen-events\/moros-i-cristians-2024-in-vila-joiosa-ein-fiesta-highlight-an-der-costa-blanca\/\" tabindex=\"-1\" ><div class=\"elementor-post__thumbnail\"><img loading=\"lazy\" decoding=\"async\" width=\"271\" height=\"300\" src=\"https:\/\/costablanca-magazin.com\/wp-content\/uploads\/2024\/07\/Img-271x300.png\" class=\"attachment-medium size-medium wp-image-1516\" alt=\"Feest van de Moren en Christenen, Moros i Cristians\" srcset=\"https:\/\/costablanca-magazin.com\/wp-content\/uploads\/2024\/07\/Img-271x300.png 271w, https:\/\/costablanca-magazin.com\/wp-content\/uploads\/2024\/07\/Img.png 541w\" sizes=\"(max-width: 271px) 100vw, 271px\" \/><\/div><\/a>\n\t\t\t\t<div class=\"elementor-post__badge\">Evenementen<\/div>\n\t\t\t\t<div class=\"elementor-post__text\">\n\t\t\t\t<h2 class=\"elementor-post__title\">\n\t\t\t<a href=\"https:\/\/costablanca-magazin.com\/nl\/freizeit\/veranstaltungen-events\/moros-i-cristians-2024-in-vila-joiosa-ein-fiesta-highlight-an-der-costa-blanca\/\" >\n\t\t\t\tMoros i Cristians 2024 in Vila Joiosa: een feestelijk hoogtepunt aan de Costa Blanca\t\t\t<\/a>\n\t\t<\/h2>\n\t\t\t\t<div class=\"elementor-post__excerpt\">\n\t\t\t<p>Moros i Cristians 2024 in Vila Joiosa: Een feestelijk hoogtepunt aan de Costa Van 24 tot en met 31 juli 2024 wordt Vila Joiosa omgetoverd tot een podium vol geschiedenis en traditie wanneer het jaarlijkse festival van Moren en Christenen, Moros i Cristians, wordt gevierd. Dit unieke evenement aan de Costa Blanca<\/p>\n\t\t<\/div>\n\t\t\n\t\t<a class=\"elementor-post__read-more\" href=\"https:\/\/costablanca-magazin.com\/nl\/freizeit\/veranstaltungen-events\/moros-i-cristians-2024-in-vila-joiosa-ein-fiesta-highlight-an-der-costa-blanca\/\" aria-label=\"Read more about Moros i Cristians 2024 in Vila Joiosa: Ein Fiesta Highlight an der Costa Blanca\" tabindex=\"-1\" >\n\t\t\tLees meer \u00bb\t\t<\/a>\n\n\t\t\t\t<\/div>\n\t\t\t\t\t<\/div>\n\t\t<\/article>\n\t\t\t\t<article class=\"elementor-post elementor-grid-item post-1497 post type-post status-publish format-standard has-post-thumbnail hentry category-veranstaltungen-events tag-castell-de-lolla-in-altea tag-feuerwerk-altea\" role=\"listitem\">\n\t\t\t<div class=\"elementor-post__card\">\n\t\t\t\t<a class=\"elementor-post__thumbnail__link\" href=\"https:\/\/costablanca-magazin.com\/nl\/freizeit\/veranstaltungen-events\/save-the-date-10-08-feuerwerk-castell-de-lolla-in-altea\/\" tabindex=\"-1\" ><div class=\"elementor-post__thumbnail\"><img loading=\"lazy\" decoding=\"async\" width=\"300\" height=\"200\" src=\"https:\/\/costablanca-magazin.com\/wp-content\/uploads\/2024\/07\/fireworks-display-2023-11-27-05-19-00-utc-300x200.jpg\" class=\"attachment-medium size-medium wp-image-1498\" alt=\"Vuurwerk Castell de l&#039;Olla in Altea\" srcset=\"https:\/\/costablanca-magazin.com\/wp-content\/uploads\/2024\/07\/fireworks-display-2023-11-27-05-19-00-utc-300x200.jpg 300w, https:\/\/costablanca-magazin.com\/wp-content\/uploads\/2024\/07\/fireworks-display-2023-11-27-05-19-00-utc-1024x683.jpg 1024w, https:\/\/costablanca-magazin.com\/wp-content\/uploads\/2024\/07\/fireworks-display-2023-11-27-05-19-00-utc-768x512.jpg 768w, https:\/\/costablanca-magazin.com\/wp-content\/uploads\/2024\/07\/fireworks-display-2023-11-27-05-19-00-utc-1536x1024.jpg 1536w, https:\/\/costablanca-magazin.com\/wp-content\/uploads\/2024\/07\/fireworks-display-2023-11-27-05-19-00-utc-2048x1365.jpg 2048w\" sizes=\"(max-width: 300px) 100vw, 300px\" \/><\/div><\/a>\n\t\t\t\t<div class=\"elementor-post__badge\">Evenementen<\/div>\n\t\t\t\t<div class=\"elementor-post__text\">\n\t\t\t\t<h2 class=\"elementor-post__title\">\n\t\t\t<a href=\"https:\/\/costablanca-magazin.com\/nl\/freizeit\/veranstaltungen-events\/save-the-date-10-08-feuerwerk-castell-de-lolla-in-altea\/\" >\n\t\t\t\tSave the Date: 10.08 Vuurwerk Castell de l'Olla in Altea\t\t\t<\/a>\n\t\t<\/h2>\n\t\t\t\t<div class=\"elementor-post__excerpt\">\n\t\t\t<p>Save the Date: 10.08 Vuurwerk Castell de l'Olla in Altea Uitkijken naar het Castell de l'Olla in Altea: Een hoogtepunt van de zomer Op 10 augustus is het weer zover: het Castell de l'Olla in Altea belooft een onvergetelijke nacht vol indrukwekkend vuurwerk en culturele hoogtepunten. De voorbereidingen voor dit traditionele<\/p>\n\t\t<\/div>\n\t\t\n\t\t<a class=\"elementor-post__read-more\" href=\"https:\/\/costablanca-magazin.com\/nl\/freizeit\/veranstaltungen-events\/save-the-date-10-08-feuerwerk-castell-de-lolla-in-altea\/\" aria-label=\"Read more about Save the Date: 10.08 Feuerwerk Castell de l&#8217;Olla in Altea\" tabindex=\"-1\" >\n\t\t\tLees meer \u00bb\t\t<\/a>\n\n\t\t\t\t<\/div>\n\t\t\t\t\t<\/div>\n\t\t<\/article>\n\t\t\t\t<\/div>\n\t\t\n\t\t\t\t\t\t<\/div>\n\t\t\t\t<\/div>\n\t\t\t\t\t<\/div>\n\t\t\t\t<\/div>\n\t\t\t\t<\/div>","protected":false},"excerpt":{"rendered":"<p>Tijdens onze evenementen valt er voor elke situatie wel iets te ontdekken: en combineert muziek, Costa biedt cultuur, Blanca biedt actie, concerten nodigen uit om te genieten, feesten verrassen met creativiteit en afspraakjes cre\u00ebren gemeenschap. Vrije tijd - Evenementen<\/p>","protected":false},"author":1,"featured_media":0,"parent":0,"menu_order":0,"comment_status":"closed","ping_status":"closed","template":"elementor_header_footer","meta":{"om_disable_all_campaigns":false,"_monsterinsights_skip_tracking":false,"_monsterinsights_sitenote_active":false,"_monsterinsights_sitenote_note":"","_monsterinsights_sitenote_category":0,"footnotes":""},"class_list":["post-4545","page","type-page","status-publish","hentry"],"aioseo_notices":[],"_links":{"self":[{"href":"https:\/\/costablanca-magazin.com\/nl\/wp-json\/wp\/v2\/pages\/4545","targetHints":{"allow":["GET"]}}],"collection":[{"href":"https:\/\/costablanca-magazin.com\/nl\/wp-json\/wp\/v2\/pages"}],"about":[{"href":"https:\/\/costablanca-magazin.com\/nl\/wp-json\/wp\/v2\/types\/page"}],"author":[{"embeddable":true,"href":"https:\/\/costablanca-magazin.com\/nl\/wp-json\/wp\/v2\/users\/1"}],"replies":[{"embeddable":true,"href":"https:\/\/costablanca-magazin.com\/nl\/wp-json\/wp\/v2\/comments?post=4545"}],"version-history":[{"count":18,"href":"https:\/\/costablanca-magazin.com\/nl\/wp-json\/wp\/v2\/pages\/4545\/revisions"}],"predecessor-version":[{"id":10367,"href":"https:\/\/costablanca-magazin.com\/nl\/wp-json\/wp\/v2\/pages\/4545\/revisions\/10367"}],"wp:attachment":[{"href":"https:\/\/costablanca-magazin.com\/nl\/wp-json\/wp\/v2\/media?parent=4545"}],"curies":[{"name":"wp","href":"https:\/\/api.w.org\/{rel}","templated":true}]}}