{"id":4519,"date":"2025-01-21T08:54:22","date_gmt":"2025-01-21T07:54:22","guid":{"rendered":"https:\/\/costablanca-magazin.com\/?page_id=4519"},"modified":"2026-02-11T11:55:06","modified_gmt":"2026-02-11T10:55:06","slug":"nieuws-politiek","status":"publish","type":"page","link":"https:\/\/costablanca-magazin.com\/nl\/news-politik\/","title":{"rendered":"Nieuws &amp; politiek"},"content":{"rendered":"<div data-elementor-type=\"wp-page\" data-elementor-id=\"4519\" class=\"elementor elementor-4519\" data-elementor-post-type=\"page\">\n\t\t\t\t<div class=\"elementor-element elementor-element-3bb6f66 e-flex e-con-boxed e-con e-parent\" data-id=\"3bb6f66\" data-element_type=\"container\" data-e-type=\"container\">\n\t\t\t\t\t<div class=\"e-con-inner\">\n\t\t<div class=\"elementor-element elementor-element-c6fc310 e-con-full e-flex e-con e-child\" data-id=\"c6fc310\" data-element_type=\"container\" data-e-type=\"container\">\n\t\t<div class=\"elementor-element elementor-element-c4d0ced e-con-full e-flex e-con e-child\" data-id=\"c4d0ced\" data-element_type=\"container\" data-e-type=\"container\">\n\t\t\t\t<div class=\"elementor-element elementor-element-5dd234f elementor-widget elementor-widget-heading\" data-id=\"5dd234f\" data-element_type=\"widget\" data-e-type=\"widget\" data-widget_type=\"heading.default\">\n\t\t\t\t<div class=\"elementor-widget-container\">\n\t\t\t\t\t<h1 class=\"elementor-heading-title elementor-size-default\">Lokaal - Nieuws &amp; politiek<\/h1>\t\t\t\t<\/div>\n\t\t\t\t<\/div>\n\t\t\t\t<\/div>\n\t\t<div class=\"elementor-element elementor-element-1f67794 e-con-full e-grid e-con e-child\" data-id=\"1f67794\" data-element_type=\"container\" data-e-type=\"container\">\n\t\t\t\t<\/div>\n\t\t\t\t<\/div>\n\t\t\t\t\t<\/div>\n\t\t\t\t<\/div>\n\t\t<div class=\"elementor-element elementor-element-0411e56 e-flex e-con-boxed e-con e-parent\" data-id=\"0411e56\" data-element_type=\"container\" data-e-type=\"container\">\n\t\t\t\t\t<div class=\"e-con-inner\">\n\t\t\t\t<div class=\"elementor-element elementor-element-2ea3a5f elementor-grid-3 elementor-grid-tablet-2 elementor-grid-mobile-1 elementor-posts--thumbnail-top elementor-card-shadow-yes elementor-posts__hover-gradient elementor-widget elementor-widget-posts\" data-id=\"2ea3a5f\" data-element_type=\"widget\" data-e-type=\"widget\" data-settings=\"{&quot;pagination_type&quot;:&quot;numbers&quot;,&quot;cards_columns&quot;:&quot;3&quot;,&quot;cards_columns_tablet&quot;:&quot;2&quot;,&quot;cards_columns_mobile&quot;:&quot;1&quot;,&quot;cards_row_gap&quot;:{&quot;unit&quot;:&quot;px&quot;,&quot;size&quot;:35,&quot;sizes&quot;:[]},&quot;cards_row_gap_tablet&quot;:{&quot;unit&quot;:&quot;px&quot;,&quot;size&quot;:&quot;&quot;,&quot;sizes&quot;:[]},&quot;cards_row_gap_mobile&quot;:{&quot;unit&quot;:&quot;px&quot;,&quot;size&quot;:&quot;&quot;,&quot;sizes&quot;:[]}}\" data-widget_type=\"posts.cards\">\n\t\t\t\t<div class=\"elementor-widget-container\">\n\t\t\t\t\t\t\t<div class=\"elementor-posts-container elementor-posts elementor-posts--skin-cards elementor-grid\" role=\"list\">\n\t\t\t\t<article class=\"elementor-post elementor-grid-item post-11405 post type-post status-publish format-standard has-post-thumbnail hentry category-news-politik tag-airlines-spanien tag-fluege-alicante tag-fluege-valencia tag-iran-konflikt-flugpreise tag-jet-fuel-spanien tag-kerosinpreise-europa\" role=\"listitem\">\n\t\t\t<div class=\"elementor-post__card\">\n\t\t\t\t<a class=\"elementor-post__thumbnail__link\" href=\"https:\/\/costablanca-magazin.com\/nl\/lokales\/news-politik\/iran-konflikt-und-flugpreise-was-alicante-und-valencia-wirklich-erwartet\/\" tabindex=\"-1\" ><div class=\"elementor-post__thumbnail\"><img fetchpriority=\"high\" decoding=\"async\" width=\"300\" height=\"227\" src=\"https:\/\/costablanca-magazin.com\/wp-content\/uploads\/2026\/04\/die-inselzeitung-mallorca-255-300x227.jpg\" class=\"attachment-medium size-medium wp-image-11406\" alt=\"Iran-conflict en vluchtprijzen: Wat staat Alicante en Valencia echt te wachten?\" srcset=\"https:\/\/costablanca-magazin.com\/wp-content\/uploads\/2026\/04\/die-inselzeitung-mallorca-255-300x227.jpg 300w, https:\/\/costablanca-magazin.com\/wp-content\/uploads\/2026\/04\/die-inselzeitung-mallorca-255-1024x776.jpg 1024w, https:\/\/costablanca-magazin.com\/wp-content\/uploads\/2026\/04\/die-inselzeitung-mallorca-255-768x582.jpg 768w, https:\/\/costablanca-magazin.com\/wp-content\/uploads\/2026\/04\/die-inselzeitung-mallorca-255-1536x1164.jpg 1536w, https:\/\/costablanca-magazin.com\/wp-content\/uploads\/2026\/04\/die-inselzeitung-mallorca-255-2048x1552.jpg 2048w, https:\/\/costablanca-magazin.com\/wp-content\/uploads\/2026\/04\/die-inselzeitung-mallorca-255-16x12.jpg 16w\" sizes=\"(max-width: 300px) 100vw, 300px\" \/><\/div><\/a>\n\t\t\t\t<div class=\"elementor-post__badge\">Nieuws &amp; politiek<\/div>\n\t\t\t\t<div class=\"elementor-post__text\">\n\t\t\t\t<h2 class=\"elementor-post__title\">\n\t\t\t<a href=\"https:\/\/costablanca-magazin.com\/nl\/lokales\/news-politik\/iran-konflikt-und-flugpreise-was-alicante-und-valencia-wirklich-erwartet\/\" >\n\t\t\t\tIran-conflict en vluchtprijzen: Wat staat Alicante en Valencia echt te wachten?\t\t\t<\/a>\n\t\t<\/h2>\n\t\t\t\t<div class=\"elementor-post__excerpt\">\n\t\t\t<p>Iran-conflict en vluchtprijzen: Wat Alicante en Valencia echt kunnen verwachten Oorlog, paraffine, tickets: wat het Iran-conflict echt betekent voor vluchten naar Alicante en Valencia Hogere kosten, veel nervositeit - maar geen reden voor crisistheater Wie op dit moment de krantenkoppen over het luchtverkeer leest, zou kunnen denken dat de volgende grote vluchtstop in Europa alweer voor de deur staat.<\/p>\n\t\t<\/div>\n\t\t\n\t\t<a class=\"elementor-post__read-more\" href=\"https:\/\/costablanca-magazin.com\/nl\/lokales\/news-politik\/iran-konflikt-und-flugpreise-was-alicante-und-valencia-wirklich-erwartet\/\" aria-label=\"Read more about Iran-Konflikt und Flugpreise: Was Alicante und Valencia wirklich erwartet\" tabindex=\"-1\" >\n\t\t\tLees meer \u00bb\t\t<\/a>\n\n\t\t\t\t<\/div>\n\t\t\t\t<div class=\"elementor-post__meta-data\">\n\t\t\t\t\t<span class=\"elementor-post-date\">\n\t\t\t23\/04\/2026\t\t<\/span>\n\t\t\t\t<\/div>\n\t\t\t\t\t<\/div>\n\t\t<\/article>\n\t\t\t\t<article class=\"elementor-post elementor-grid-item post-11324 post type-post status-publish format-standard has-post-thumbnail hentry category-news-politik tag-mietanstieg-spanien-2026 tag-mieterhoehung-spanien-2-prozent tag-mietpreise-spanien-2026 tag-mietvertrag-spanien-verlaengern\" role=\"listitem\">\n\t\t\t<div class=\"elementor-post__card\">\n\t\t\t\t<a class=\"elementor-post__thumbnail__link\" href=\"https:\/\/costablanca-magazin.com\/nl\/lokales\/news-politik\/neues-boe-dekret-mietanstieg-spanien-bis-2027-auf-2-begrenzt\/\" tabindex=\"-1\" ><div class=\"elementor-post__thumbnail\"><img decoding=\"async\" width=\"300\" height=\"142\" src=\"https:\/\/costablanca-magazin.com\/wp-content\/uploads\/2026\/02\/bauen-und-wohnen-mallorca-inselmagazin-haus-e1771429547307-300x142.jpg\" class=\"attachment-medium size-medium wp-image-10778\" alt=\"NRUA 2026 aan de Costa Blanca: registratievereisten, belastingregels en risico&#039;s voor vakantieverhuurders\" srcset=\"https:\/\/costablanca-magazin.com\/wp-content\/uploads\/2026\/02\/bauen-und-wohnen-mallorca-inselmagazin-haus-e1771429547307-300x142.jpg 300w, https:\/\/costablanca-magazin.com\/wp-content\/uploads\/2026\/02\/bauen-und-wohnen-mallorca-inselmagazin-haus-e1771429547307-768x363.jpg 768w, https:\/\/costablanca-magazin.com\/wp-content\/uploads\/2026\/02\/bauen-und-wohnen-mallorca-inselmagazin-haus-e1771429547307-18x9.jpg 18w, https:\/\/costablanca-magazin.com\/wp-content\/uploads\/2026\/02\/bauen-und-wohnen-mallorca-inselmagazin-haus-e1771429547307.jpg 890w\" sizes=\"(max-width: 300px) 100vw, 300px\" \/><\/div><\/a>\n\t\t\t\t<div class=\"elementor-post__badge\">Nieuws &amp; politiek<\/div>\n\t\t\t\t<div class=\"elementor-post__text\">\n\t\t\t\t<h2 class=\"elementor-post__title\">\n\t\t\t<a href=\"https:\/\/costablanca-magazin.com\/nl\/lokales\/news-politik\/neues-boe-dekret-mietanstieg-spanien-bis-2027-auf-2-begrenzt\/\" >\n\t\t\t\tNieuw BOE-besluit: Huurverhoging in Spanje beperkt tot 2 % tegen 2027\t\t\t<\/a>\n\t\t<\/h2>\n\t\t\t\t<div class=\"elementor-post__excerpt\">\n\t\t\t<p>Nieuw BOE-besluit: huurverhogingen in Spanje beperkt tot 2 % in 2027 Nieuw BOE-besluit beperkt de huurverhogingen in Spanje tot 2 % in 2027. Automatische contractverlenging - gevolgen voor bewoners aan de Costa Blanca. De Spaanse overheid grijpt opnieuw in op de huurmarkt - met directe gevolgen voor bewoners aan de Costa Blanca.<\/p>\n\t\t<\/div>\n\t\t\n\t\t<a class=\"elementor-post__read-more\" href=\"https:\/\/costablanca-magazin.com\/nl\/lokales\/news-politik\/neues-boe-dekret-mietanstieg-spanien-bis-2027-auf-2-begrenzt\/\" aria-label=\"Lees meer over Nieuw BOE-besluit: Huurverhoging in Spanje beperkt tot 2 % tegen 2027\" tabindex=\"-1\" >\n\t\t\tLees meer \u00bb\t\t<\/a>\n\n\t\t\t\t<\/div>\n\t\t\t\t<div class=\"elementor-post__meta-data\">\n\t\t\t\t\t<span class=\"elementor-post-date\">\n\t\t\t22\/03\/2026\t\t<\/span>\n\t\t\t\t<\/div>\n\t\t\t\t\t<\/div>\n\t\t<\/article>\n\t\t\t\t<article class=\"elementor-post elementor-grid-item post-11315 post type-post status-publish format-standard has-post-thumbnail hentry category-news-politik tag-dieselpreis-spanien tag-energiekosten-costa-blanca tag-energiekrise-spanien-2026 tag-preise-spanien-aktuell tag-stromkosten-spanien-senkung\" role=\"listitem\">\n\t\t\t<div class=\"elementor-post__card\">\n\t\t\t\t<a class=\"elementor-post__thumbnail__link\" href=\"https:\/\/costablanca-magazin.com\/nl\/lokales\/news-politik\/mehrwertsteuer-auf-energie-in-spanien-soll-sinken\/\" tabindex=\"-1\" ><div class=\"elementor-post__thumbnail\"><img decoding=\"async\" width=\"300\" height=\"169\" src=\"https:\/\/costablanca-magazin.com\/wp-content\/uploads\/2026\/03\/Tankstelle-300x169.jpg\" class=\"attachment-medium size-medium wp-image-11317\" alt=\"Belasting over de toegevoegde waarde op energie in Spanje wordt verlaagd\" srcset=\"https:\/\/costablanca-magazin.com\/wp-content\/uploads\/2026\/03\/Tankstelle-300x169.jpg 300w, https:\/\/costablanca-magazin.com\/wp-content\/uploads\/2026\/03\/Tankstelle-768x432.jpg 768w, https:\/\/costablanca-magazin.com\/wp-content\/uploads\/2026\/03\/Tankstelle-18x10.jpg 18w, https:\/\/costablanca-magazin.com\/wp-content\/uploads\/2026\/03\/Tankstelle.jpg 1000w\" sizes=\"(max-width: 300px) 100vw, 300px\" \/><\/div><\/a>\n\t\t\t\t<div class=\"elementor-post__badge\">Nieuws &amp; politiek<\/div>\n\t\t\t\t<div class=\"elementor-post__text\">\n\t\t\t\t<h2 class=\"elementor-post__title\">\n\t\t\t<a href=\"https:\/\/costablanca-magazin.com\/nl\/lokales\/news-politik\/mehrwertsteuer-auf-energie-in-spanien-soll-sinken\/\" >\n\t\t\t\tBelasting over de toegevoegde waarde op energie in Spanje wordt verlaagd\t\t\t<\/a>\n\t\t<\/h2>\n\t\t\t\t<div class=\"elementor-post__excerpt\">\n\t\t\t<p>BTW op energie in Spanje daalt De BTW op elektriciteit, gas en brandstof in Spanje daalt naar 10 %. Wat de maatregelen betekenen voor de Costa Blanca en de energieprijzen. Update (21 maart): De aangekondigde maatregelen zijn nu officieel van kracht. Met de publicatie van vandaag in de Spaanse Staatscourant (BOE) zijn de<\/p>\n\t\t<\/div>\n\t\t\n\t\t<a class=\"elementor-post__read-more\" href=\"https:\/\/costablanca-magazin.com\/nl\/lokales\/news-politik\/mehrwertsteuer-auf-energie-in-spanien-soll-sinken\/\" aria-label=\"Lees meer over BTW op energie in Spanje gaat omlaag\" tabindex=\"-1\" >\n\t\t\tLees meer \u00bb\t\t<\/a>\n\n\t\t\t\t<\/div>\n\t\t\t\t<div class=\"elementor-post__meta-data\">\n\t\t\t\t\t<span class=\"elementor-post-date\">\n\t\t\t20\/03\/2026\t\t<\/span>\n\t\t\t\t<\/div>\n\t\t\t\t\t<\/div>\n\t\t<\/article>\n\t\t\t\t<article class=\"elementor-post elementor-grid-item post-10880 post type-post status-publish format-standard has-post-thumbnail hentry category-news-politik tag-handelskonflikt-usa-spanien tag-lng-spanien-usa tag-olivenoel-export-usa tag-spanien-export-usa tag-trump-spanien-handelsstopp tag-usa-spanien-handel\" role=\"listitem\">\n\t\t\t<div class=\"elementor-post__card\">\n\t\t\t\t<a class=\"elementor-post__thumbnail__link\" href=\"https:\/\/costablanca-magazin.com\/nl\/lokales\/news-politik\/usa-spanien-trump-droht-mit-handelsstopp\/\" tabindex=\"-1\" ><div class=\"elementor-post__thumbnail\"><img loading=\"lazy\" decoding=\"async\" width=\"300\" height=\"98\" src=\"https:\/\/costablanca-magazin.com\/wp-content\/uploads\/2026\/03\/shutterstock_2612600915-e1772633400837-300x98.jpg\" class=\"attachment-medium size-medium wp-image-10878\" alt=\"Handel - Trump&#039;s dreigement tegen Spanje @shutterstock_2612600915\" srcset=\"https:\/\/costablanca-magazin.com\/wp-content\/uploads\/2026\/03\/shutterstock_2612600915-e1772633400837-300x98.jpg 300w, https:\/\/costablanca-magazin.com\/wp-content\/uploads\/2026\/03\/shutterstock_2612600915-e1772633400837-1024x335.jpg 1024w, https:\/\/costablanca-magazin.com\/wp-content\/uploads\/2026\/03\/shutterstock_2612600915-e1772633400837-768x251.jpg 768w, https:\/\/costablanca-magazin.com\/wp-content\/uploads\/2026\/03\/shutterstock_2612600915-e1772633400837-18x6.jpg 18w, https:\/\/costablanca-magazin.com\/wp-content\/uploads\/2026\/03\/shutterstock_2612600915-e1772633400837.jpg 1200w\" sizes=\"(max-width: 300px) 100vw, 300px\" \/><\/div><\/a>\n\t\t\t\t<div class=\"elementor-post__badge\">Nieuws &amp; politiek<\/div>\n\t\t\t\t<div class=\"elementor-post__text\">\n\t\t\t\t<h2 class=\"elementor-post__title\">\n\t\t\t<a href=\"https:\/\/costablanca-magazin.com\/nl\/lokales\/news-politik\/usa-spanien-trump-droht-mit-handelsstopp\/\" >\n\t\t\t\tVS-Spanje - Trump dreigt met handelsverbod\t\t\t<\/a>\n\t\t<\/h2>\n\t\t\t\t<div class=\"elementor-post__excerpt\">\n\t\t\t<p>VS-Spanje - Trump dreigt met handelsverbod Trump dreigt Spanje met een handelsverbod. Cijfers over export, LNG, olijfolie en mogelijke gevolgen voor de economie en bedrijven aan de Costa Blanca. De woorden uit Washington waren ongewoon duidelijk. Donald Trump hield openlijk het vooruitzicht om de handelsbetrekkingen met Spanje volledig te be\u00ebindigen. Spanje is<\/p>\n\t\t<\/div>\n\t\t\n\t\t<a class=\"elementor-post__read-more\" href=\"https:\/\/costablanca-magazin.com\/nl\/lokales\/news-politik\/usa-spanien-trump-droht-mit-handelsstopp\/\" aria-label=\"Lees meer over VS-Spanje - Trump dreigt handel te stoppen\" tabindex=\"-1\" >\n\t\t\tLees meer \u00bb\t\t<\/a>\n\n\t\t\t\t<\/div>\n\t\t\t\t<div class=\"elementor-post__meta-data\">\n\t\t\t\t\t<span class=\"elementor-post-date\">\n\t\t\t04\/03\/2026\t\t<\/span>\n\t\t\t\t<\/div>\n\t\t\t\t\t<\/div>\n\t\t<\/article>\n\t\t\t\t<article class=\"elementor-post elementor-grid-item post-10341 post type-post status-publish format-standard has-post-thumbnail hentry category-news-politik tag-adif-hochgeschwindigkeitsnetz tag-cordoba-entgleisung tag-eisenbahnunglueck-andalusien tag-hochgeschwindigkeitszug-unfall tag-iryo-zug tag-viele-tote-zugunfall tag-zugunglueck-spanien\" role=\"listitem\">\n\t\t\t<div class=\"elementor-post__card\">\n\t\t\t\t<a class=\"elementor-post__thumbnail__link\" href=\"https:\/\/costablanca-magazin.com\/nl\/lokales\/news-politik\/spanien-schweres-zugunglueck-39-tote-nach-entgleisung-bei-cordoba\/\" tabindex=\"-1\" ><div class=\"elementor-post__thumbnail\"><img loading=\"lazy\" decoding=\"async\" width=\"300\" height=\"200\" src=\"https:\/\/costablanca-magazin.com\/wp-content\/uploads\/2026\/01\/iryo-zug-@iryo.eu_-300x200.jpg\" class=\"attachment-medium size-medium wp-image-10342\" alt=\"iryo trein @iryo.eu\" srcset=\"https:\/\/costablanca-magazin.com\/wp-content\/uploads\/2026\/01\/iryo-zug-@iryo.eu_-300x200.jpg 300w, https:\/\/costablanca-magazin.com\/wp-content\/uploads\/2026\/01\/iryo-zug-@iryo.eu_-1024x683.jpg 1024w, https:\/\/costablanca-magazin.com\/wp-content\/uploads\/2026\/01\/iryo-zug-@iryo.eu_-768x512.jpg 768w, https:\/\/costablanca-magazin.com\/wp-content\/uploads\/2026\/01\/iryo-zug-@iryo.eu_-18x12.jpg 18w, https:\/\/costablanca-magazin.com\/wp-content\/uploads\/2026\/01\/iryo-zug-@iryo.eu_.jpg 1200w\" sizes=\"(max-width: 300px) 100vw, 300px\" \/><\/div><\/a>\n\t\t\t\t<div class=\"elementor-post__badge\">Nieuws &amp; politiek<\/div>\n\t\t\t\t<div class=\"elementor-post__text\">\n\t\t\t\t<h2 class=\"elementor-post__title\">\n\t\t\t<a href=\"https:\/\/costablanca-magazin.com\/nl\/lokales\/news-politik\/spanien-schweres-zugunglueck-39-tote-nach-entgleisung-bei-cordoba\/\" >\n\t\t\t\tSpanje - Ernstig treinongeluk: 39 doden na ontsporing bij C\u00f3rdoba\t\t\t<\/a>\n\t\t<\/h2>\n\t\t\t\t<div class=\"elementor-post__excerpt\">\n\t\t\t<p>Spanje - Ernstig treinongeluk: 39 doden na ontsporing bij C\u00f3rdoba Bij de ontsporing van twee hogesnelheidstreinen in Adamuz bij C\u00f3rdoba kwamen 39 mensen om het leven en raakten meer dan 150 mensen gewond. Onderzoek is aan de gang. Na het ernstige treinongeluk op het Spaanse vasteland is het dodental gestegen tot 39. Tijdens de<\/p>\n\t\t<\/div>\n\t\t\n\t\t<a class=\"elementor-post__read-more\" href=\"https:\/\/costablanca-magazin.com\/nl\/lokales\/news-politik\/spanien-schweres-zugunglueck-39-tote-nach-entgleisung-bei-cordoba\/\" aria-label=\"Lees meer over Spanje - Ernstig treinongeluk: 39 doden na ontsporing bij C\u00f3rdoba\" tabindex=\"-1\" >\n\t\t\tLees meer \u00bb\t\t<\/a>\n\n\t\t\t\t<\/div>\n\t\t\t\t<div class=\"elementor-post__meta-data\">\n\t\t\t\t\t<span class=\"elementor-post-date\">\n\t\t\t19\/01\/2026\t\t<\/span>\n\t\t\t\t<\/div>\n\t\t\t\t\t<\/div>\n\t\t<\/article>\n\t\t\t\t<article class=\"elementor-post elementor-grid-item post-9412 post type-post status-publish format-standard has-post-thumbnail hentry category-news-politik tag-carlos-mazon-ruecktritt tag-comunidad-valenciana-krise tag-dana-2024-valencia tag-mazon-nachfolge tag-partido-popular-valencia tag-perez-llorca-pp tag-valencia-politik-2025\" role=\"listitem\">\n\t\t\t<div class=\"elementor-post__card\">\n\t\t\t\t<a class=\"elementor-post__thumbnail__link\" href=\"https:\/\/costablanca-magazin.com\/nl\/lokales\/news-politik\/ruecktritt-mazon-valencia-vor-politischem-neustart-2025\/\" tabindex=\"-1\" ><div class=\"elementor-post__thumbnail\"><img loading=\"lazy\" decoding=\"async\" width=\"300\" height=\"182\" src=\"https:\/\/costablanca-magazin.com\/wp-content\/uploads\/2025\/11\/sunset--300x182.jpg\" class=\"attachment-medium size-medium wp-image-10399\" alt=\"zonsondergang-\" srcset=\"https:\/\/costablanca-magazin.com\/wp-content\/uploads\/2025\/11\/sunset--300x182.jpg 300w, https:\/\/costablanca-magazin.com\/wp-content\/uploads\/2025\/11\/sunset--1024x620.jpg 1024w, https:\/\/costablanca-magazin.com\/wp-content\/uploads\/2025\/11\/sunset--768x465.jpg 768w, https:\/\/costablanca-magazin.com\/wp-content\/uploads\/2025\/11\/sunset--18x12.jpg 18w, https:\/\/costablanca-magazin.com\/wp-content\/uploads\/2025\/11\/sunset-.jpg 1200w\" sizes=\"(max-width: 300px) 100vw, 300px\" \/><\/div><\/a>\n\t\t\t\t<div class=\"elementor-post__badge\">Nieuws &amp; politiek<\/div>\n\t\t\t\t<div class=\"elementor-post__text\">\n\t\t\t\t<h2 class=\"elementor-post__title\">\n\t\t\t<a href=\"https:\/\/costablanca-magazin.com\/nl\/lokales\/news-politik\/ruecktritt-mazon-valencia-vor-politischem-neustart-2025\/\" >\n\t\t\t\tMaz\u00f3n treedt af - Valencia staat voor een nieuwe politieke start in 2025\t\t\t<\/a>\n\t\t<\/h2>\n\t\t\t\t<div class=\"elementor-post__excerpt\">\n\t\t\t<p>Maz\u00f3n treedt af - Valencia staat voor een nieuwe politieke start in 2025 Na het aftreden van Carlos Maz\u00f3n bevindt de Comunidad Valenciana zich in een overgangsfase. De regio wordt gekenmerkt door ruzies over opvolging, crisismanagement en mogelijke nieuwe verkiezingen. Een jaar na de ramp met de DANA staat de Comunidad Valenciana opnieuw in de schijnwerpers - deze keer politiek. Het aftreden van de regionale president<\/p>\n\t\t<\/div>\n\t\t\n\t\t<a class=\"elementor-post__read-more\" href=\"https:\/\/costablanca-magazin.com\/nl\/lokales\/news-politik\/ruecktritt-mazon-valencia-vor-politischem-neustart-2025\/\" aria-label=\"Lees meer over Maz\u00f3n treedt af - Valencia staat voor een nieuwe politieke start in 2025\" tabindex=\"-1\" >\n\t\t\tLees meer \u00bb\t\t<\/a>\n\n\t\t\t\t<\/div>\n\t\t\t\t<div class=\"elementor-post__meta-data\">\n\t\t\t\t\t<span class=\"elementor-post-date\">\n\t\t\t16\/11\/2025\t\t<\/span>\n\t\t\t\t<\/div>\n\t\t\t\t\t<\/div>\n\t\t<\/article>\n\t\t\t\t<article class=\"elementor-post elementor-grid-item post-6601 post type-post status-publish format-standard has-post-thumbnail hentry category-news-politik tag-blackout-spanien tag-costa-blanca-im-blackout tag-stromausfall-an-der-costa-blanca tag-stromausfall-in-ganz-spanien\" role=\"listitem\">\n\t\t\t<div class=\"elementor-post__card\">\n\t\t\t\t<a class=\"elementor-post__thumbnail__link\" href=\"https:\/\/costablanca-magazin.com\/nl\/lokales\/news-politik\/nach-dem-stromausfall-an-der-costa-blanca-besonnen-bleiben-gut-vorbereitet-sein\/\" tabindex=\"-1\" ><div class=\"elementor-post__thumbnail\"><img loading=\"lazy\" decoding=\"async\" width=\"300\" height=\"200\" src=\"https:\/\/costablanca-magazin.com\/wp-content\/uploads\/2025\/04\/shutterstock_2224154875-Blackout-Spanien--300x200.jpg\" class=\"attachment-medium size-medium wp-image-6602\" alt=\"Verduistering Spanje april 2025\" srcset=\"https:\/\/costablanca-magazin.com\/wp-content\/uploads\/2025\/04\/shutterstock_2224154875-Blackout-Spanien--300x200.jpg 300w, https:\/\/costablanca-magazin.com\/wp-content\/uploads\/2025\/04\/shutterstock_2224154875-Blackout-Spanien--1024x683.jpg 1024w, https:\/\/costablanca-magazin.com\/wp-content\/uploads\/2025\/04\/shutterstock_2224154875-Blackout-Spanien--768x512.jpg 768w, https:\/\/costablanca-magazin.com\/wp-content\/uploads\/2025\/04\/shutterstock_2224154875-Blackout-Spanien-.jpg 1200w\" sizes=\"(max-width: 300px) 100vw, 300px\" \/><\/div><\/a>\n\t\t\t\t<div class=\"elementor-post__badge\">Nieuws &amp; politiek<\/div>\n\t\t\t\t<div class=\"elementor-post__text\">\n\t\t\t\t<h2 class=\"elementor-post__title\">\n\t\t\t<a href=\"https:\/\/costablanca-magazin.com\/nl\/lokales\/news-politik\/nach-dem-stromausfall-an-der-costa-blanca-besonnen-bleiben-gut-vorbereitet-sein\/\" >\n\t\t\t\tStroomuitval in Spanje - de situatie aan de Costa Blanca normaliseert zich\t\t\t<\/a>\n\t\t<\/h2>\n\t\t\t\t<div class=\"elementor-post__excerpt\">\n\t\t\t<p>Stroomstoring in Spanje - de situatie wordt weer normaal aan de Costa Blanca Stroomstoring Spanje april 2025 Na de stroomstoring aan de Costa Blanca: blijf kalm, wees goed voorbereid Op maandag 28 april 2025 kregen grote delen van Spanje, Portugal en Zuid-Frankrijk te maken met een van de meest massale stroomstoringen van de afgelopen jaren. Ook op<\/p>\n\t\t<\/div>\n\t\t\n\t\t<a class=\"elementor-post__read-more\" href=\"https:\/\/costablanca-magazin.com\/nl\/lokales\/news-politik\/nach-dem-stromausfall-an-der-costa-blanca-besonnen-bleiben-gut-vorbereitet-sein\/\" aria-label=\"Lees meer over Stroomuitval in Spanje - de situatie aan de Costa Blanca normaliseert zich\" tabindex=\"-1\" >\n\t\t\tLees meer \u00bb\t\t<\/a>\n\n\t\t\t\t<\/div>\n\t\t\t\t<div class=\"elementor-post__meta-data\">\n\t\t\t\t\t<span class=\"elementor-post-date\">\n\t\t\t29\/04\/2025\t\t<\/span>\n\t\t\t\t<\/div>\n\t\t\t\t\t<\/div>\n\t\t<\/article>\n\t\t\t\t<article class=\"elementor-post elementor-grid-item post-6565 post type-post status-publish format-standard has-post-thumbnail hentry category-news-politik tag-nach-vielen-regen-entspannt-sich-die-grundwassersituation tag-trinkwasser-costa-blanca tag-wassersituation-an-der-costa-blanca\" role=\"listitem\">\n\t\t\t<div class=\"elementor-post__card\">\n\t\t\t\t<a class=\"elementor-post__thumbnail__link\" href=\"https:\/\/costablanca-magazin.com\/nl\/lokales\/news-politik\/marina-baixa-profitiert-vom-regen-braucht-aber-perspektiven\/\" tabindex=\"-1\" ><div class=\"elementor-post__thumbnail\"><img loading=\"lazy\" decoding=\"async\" width=\"300\" height=\"200\" src=\"https:\/\/costablanca-magazin.com\/wp-content\/uploads\/2025\/04\/happy-girl-playing-by-the-forest-lake-with-an-umbr-2025-02-09-23-48-03-utc-300x200.jpg\" class=\"attachment-medium size-medium wp-image-6575\" alt=\"Marina Baixa profiteert van de regen, maar heeft vooruitzichten nodig\" srcset=\"https:\/\/costablanca-magazin.com\/wp-content\/uploads\/2025\/04\/happy-girl-playing-by-the-forest-lake-with-an-umbr-2025-02-09-23-48-03-utc-300x200.jpg 300w, https:\/\/costablanca-magazin.com\/wp-content\/uploads\/2025\/04\/happy-girl-playing-by-the-forest-lake-with-an-umbr-2025-02-09-23-48-03-utc-1024x683.jpg 1024w, https:\/\/costablanca-magazin.com\/wp-content\/uploads\/2025\/04\/happy-girl-playing-by-the-forest-lake-with-an-umbr-2025-02-09-23-48-03-utc-768x512.jpg 768w, https:\/\/costablanca-magazin.com\/wp-content\/uploads\/2025\/04\/happy-girl-playing-by-the-forest-lake-with-an-umbr-2025-02-09-23-48-03-utc-1536x1024.jpg 1536w, https:\/\/costablanca-magazin.com\/wp-content\/uploads\/2025\/04\/happy-girl-playing-by-the-forest-lake-with-an-umbr-2025-02-09-23-48-03-utc-2048x1365.jpg 2048w\" sizes=\"(max-width: 300px) 100vw, 300px\" \/><\/div><\/a>\n\t\t\t\t<div class=\"elementor-post__badge\">Nieuws &amp; politiek<\/div>\n\t\t\t\t<div class=\"elementor-post__text\">\n\t\t\t\t<h2 class=\"elementor-post__title\">\n\t\t\t<a href=\"https:\/\/costablanca-magazin.com\/nl\/lokales\/news-politik\/marina-baixa-profitiert-vom-regen-braucht-aber-perspektiven\/\" >\n\t\t\t\tMarina Baixa profiteert van de regen, maar heeft vooruitzichten nodig\t\t\t<\/a>\n\t\t<\/h2>\n\t\t\t\t<div class=\"elementor-post__excerpt\">\n\t\t\t<p>Marina Baixa profiteert van de regen, maar de vooruitzichten Tussen opgelucht ademhalen en wachten. Met een vulniveau van meer dan 50% bevindt de regio zich in een betere positie dan in 2024 - structurele problemen blijven bestaan De recente regenval heeft de situatie verlicht, maar er blijven fundamentele infrastructuurproblemen bestaan. Ondanks de hogere niveaus van de reservoirs wacht de regio tevergeefs op beslissende beslissingen.<\/p>\n\t\t<\/div>\n\t\t\n\t\t<a class=\"elementor-post__read-more\" href=\"https:\/\/costablanca-magazin.com\/nl\/lokales\/news-politik\/marina-baixa-profitiert-vom-regen-braucht-aber-perspektiven\/\" aria-label=\"Lees meer over Marina Baixa profiteert van de regen, maar heeft vooruitzichten nodig\" tabindex=\"-1\" >\n\t\t\tLees meer \u00bb\t\t<\/a>\n\n\t\t\t\t<\/div>\n\t\t\t\t<div class=\"elementor-post__meta-data\">\n\t\t\t\t\t<span class=\"elementor-post-date\">\n\t\t\t28\/04\/2025\t\t<\/span>\n\t\t\t\t<\/div>\n\t\t\t\t\t<\/div>\n\t\t<\/article>\n\t\t\t\t<article class=\"elementor-post elementor-grid-item post-5151 post type-post status-publish format-standard has-post-thumbnail hentry category-news-politik tag-abstimmung tag-alicante tag-bildungsministerium tag-bildungssystem tag-carlos-mazon tag-elternwahl tag-kastilisch tag-mehrsprachigkeit tag-politische-kontroverse tag-regionalregierung tag-schulunterricht tag-sprachdebatte tag-sprachpolitik tag-unterrichtssprache tag-valencianisch\" role=\"listitem\">\n\t\t\t<div class=\"elementor-post__card\">\n\t\t\t\t<a class=\"elementor-post__thumbnail__link\" href=\"https:\/\/costablanca-magazin.com\/nl\/lokales\/news-politik\/sprachenwahl-in-alicante-mehrheit-entscheidet-sich\/\" tabindex=\"-1\" ><div class=\"elementor-post__thumbnail\"><img loading=\"lazy\" decoding=\"async\" width=\"225\" height=\"300\" src=\"https:\/\/costablanca-magazin.com\/wp-content\/uploads\/2025\/03\/IMG-20250312-WA0000-225x300.jpg\" class=\"attachment-medium size-medium wp-image-5152\" alt=\"Taalkeuze in Alicante: meerderheid van de gezinnen kiest voor Spaans in de lessen\" srcset=\"https:\/\/costablanca-magazin.com\/wp-content\/uploads\/2025\/03\/IMG-20250312-WA0000-225x300.jpg 225w, https:\/\/costablanca-magazin.com\/wp-content\/uploads\/2025\/03\/IMG-20250312-WA0000-768x1024.jpg 768w, https:\/\/costablanca-magazin.com\/wp-content\/uploads\/2025\/03\/IMG-20250312-WA0000-1152x1536.jpg 1152w, https:\/\/costablanca-magazin.com\/wp-content\/uploads\/2025\/03\/IMG-20250312-WA0000.jpg 1200w\" sizes=\"(max-width: 225px) 100vw, 225px\" \/><\/div><\/a>\n\t\t\t\t<div class=\"elementor-post__badge\">Nieuws &amp; politiek<\/div>\n\t\t\t\t<div class=\"elementor-post__text\">\n\t\t\t\t<h2 class=\"elementor-post__title\">\n\t\t\t<a href=\"https:\/\/costablanca-magazin.com\/nl\/lokales\/news-politik\/sprachenwahl-in-alicante-mehrheit-entscheidet-sich\/\" >\n\t\t\t\tTaalkeuze in Alicante - de meerderheid beslist\t\t\t<\/a>\n\t\t<\/h2>\n\t\t\t\t<div class=\"elementor-post__excerpt\">\n\t\t\t<p>Taalkeuze in Alicante - meerderheid van gezinnen kiest voor Spaans in de klas Regionale verschillen in Valencia: ouderonderzoek onthult controversi\u00eble resultaten. In de provincie Alicante koos de meerderheid van de gezinnen voor Spaans als onderwijstaal. Zes op de tien ouders gaven de voorkeur aan Castiliaans, wat overeenkomt met 65,89% van de uitgebrachte stemmen (83.569 stemmen).<\/p>\n\t\t<\/div>\n\t\t\n\t\t<a class=\"elementor-post__read-more\" href=\"https:\/\/costablanca-magazin.com\/nl\/lokales\/news-politik\/sprachenwahl-in-alicante-mehrheit-entscheidet-sich\/\" aria-label=\"Read more about Sprachenwahl in Alicante &#8211; Mehrheit entscheidet sich\" tabindex=\"-1\" >\n\t\t\tLees meer \u00bb\t\t<\/a>\n\n\t\t\t\t<\/div>\n\t\t\t\t<div class=\"elementor-post__meta-data\">\n\t\t\t\t\t<span class=\"elementor-post-date\">\n\t\t\t19\/03\/2025\t\t<\/span>\n\t\t\t\t<\/div>\n\t\t\t\t\t<\/div>\n\t\t<\/article>\n\t\t\t\t<article class=\"elementor-post elementor-grid-item post-4114 post type-post status-publish format-standard has-post-thumbnail hentry category-news-politik tag-aliens-act-costa-blanca tag-buerokratie-costa-blanca tag-einwanderungs-gesetz tag-neue-regeln-2025-costa-blanca\" role=\"listitem\">\n\t\t\t<div class=\"elementor-post__card\">\n\t\t\t\t<a class=\"elementor-post__thumbnail__link\" href=\"https:\/\/costablanca-magazin.com\/nl\/lokales\/news-politik\/ab-mai-2025-neues-einwanderungs-gesetz-was-die-reforman-der-costa-blanca-bedeutet\/\" tabindex=\"-1\" ><div class=\"elementor-post__thumbnail\"><img loading=\"lazy\" decoding=\"async\" width=\"300\" height=\"200\" src=\"https:\/\/costablanca-magazin.com\/wp-content\/uploads\/2025\/01\/man-stamping-approval-of-work-finance-banking-or-i-2023-11-27-05-23-49-utc-300x200.jpg\" class=\"attachment-medium size-medium wp-image-4121\" alt=\"Vanaf mei 2025 nieuwe immigratiewet: wat de hervorming betekent voor de Costa Blanca\" srcset=\"https:\/\/costablanca-magazin.com\/wp-content\/uploads\/2025\/01\/man-stamping-approval-of-work-finance-banking-or-i-2023-11-27-05-23-49-utc-300x200.jpg 300w, https:\/\/costablanca-magazin.com\/wp-content\/uploads\/2025\/01\/man-stamping-approval-of-work-finance-banking-or-i-2023-11-27-05-23-49-utc-1024x684.jpg 1024w, https:\/\/costablanca-magazin.com\/wp-content\/uploads\/2025\/01\/man-stamping-approval-of-work-finance-banking-or-i-2023-11-27-05-23-49-utc-768x513.jpg 768w, https:\/\/costablanca-magazin.com\/wp-content\/uploads\/2025\/01\/man-stamping-approval-of-work-finance-banking-or-i-2023-11-27-05-23-49-utc.jpg 1200w\" sizes=\"(max-width: 300px) 100vw, 300px\" \/><\/div><\/a>\n\t\t\t\t<div class=\"elementor-post__badge\">Nieuws &amp; politiek<\/div>\n\t\t\t\t<div class=\"elementor-post__text\">\n\t\t\t\t<h2 class=\"elementor-post__title\">\n\t\t\t<a href=\"https:\/\/costablanca-magazin.com\/nl\/lokales\/news-politik\/ab-mai-2025-neues-einwanderungs-gesetz-was-die-reforman-der-costa-blanca-bedeutet\/\" >\n\t\t\t\tNieuwe immigratiewet vanaf mei 2025 - Wat de hervorming aan de Costa Blanca betekent\t\t\t<\/a>\n\t\t<\/h2>\n\t\t\t\t<div class=\"elementor-post__excerpt\">\n\t\t\t<p>Nieuwe immigratiewet vanaf mei 2025 - Wat de hervorming betekent aan de Costa Blanca Minder bureaucratie, meer rechtszekerheid - Spanje opent deuren voor buitenlandse geschoolde werknemers. Op 20 mei 2025 treedt de hervormde Spaanse vreemdelingenwet, de nieuwe immigratiewet - de \u201eVreemdelingenwet\u201c - in werking. De vernieuwingen zijn gericht op het verminderen van bureaucratische<\/p>\n\t\t<\/div>\n\t\t\n\t\t<a class=\"elementor-post__read-more\" href=\"https:\/\/costablanca-magazin.com\/nl\/lokales\/news-politik\/ab-mai-2025-neues-einwanderungs-gesetz-was-die-reforman-der-costa-blanca-bedeutet\/\" aria-label=\"Read more about Ab Mai 2025 neues Einwanderungs Gesetz &#8211; Was die Reforman der Costa Blanca bedeutet\" tabindex=\"-1\" >\n\t\t\tLees meer \u00bb\t\t<\/a>\n\n\t\t\t\t<\/div>\n\t\t\t\t<div class=\"elementor-post__meta-data\">\n\t\t\t\t\t<span class=\"elementor-post-date\">\n\t\t\t26\/01\/2025\t\t<\/span>\n\t\t\t\t<\/div>\n\t\t\t\t\t<\/div>\n\t\t<\/article>\n\t\t\t\t<article class=\"elementor-post elementor-grid-item post-4769 post type-post status-publish format-standard has-post-thumbnail hentry category-news-politik tag-costa-blanca tag-fitur-spanien-2025 tag-tourismusguide-valencia-2025 tag-valencia-auf-der-fitur-2025\" role=\"listitem\">\n\t\t\t<div class=\"elementor-post__card\">\n\t\t\t\t<a class=\"elementor-post__thumbnail__link\" href=\"https:\/\/costablanca-magazin.com\/nl\/lokales\/news-politik\/valencia-fitur-2025-neuer-tourismusguide-und-strategievisionen\/\" tabindex=\"-1\" ><div class=\"elementor-post__thumbnail\"><img loading=\"lazy\" decoding=\"async\" width=\"287\" height=\"300\" src=\"https:\/\/costablanca-magazin.com\/wp-content\/uploads\/2025\/01\/Guia-Plaza-Turismo-Comunitat-Valenciana-Fitur-2025-287x300.png\" class=\"attachment-medium size-medium wp-image-4770\" alt=\"Comunitat Valenciana Fitur 2025\" srcset=\"https:\/\/costablanca-magazin.com\/wp-content\/uploads\/2025\/01\/Guia-Plaza-Turismo-Comunitat-Valenciana-Fitur-2025-287x300.png 287w, https:\/\/costablanca-magazin.com\/wp-content\/uploads\/2025\/01\/Guia-Plaza-Turismo-Comunitat-Valenciana-Fitur-2025.png 614w\" sizes=\"(max-width: 287px) 100vw, 287px\" \/><\/div><\/a>\n\t\t\t\t<div class=\"elementor-post__badge\">Nieuws &amp; politiek<\/div>\n\t\t\t\t<div class=\"elementor-post__text\">\n\t\t\t\t<h2 class=\"elementor-post__title\">\n\t\t\t<a href=\"https:\/\/costablanca-magazin.com\/nl\/lokales\/news-politik\/valencia-fitur-2025-neuer-tourismusguide-und-strategievisionen\/\" >\n\t\t\t\tValencia Fitur 2025 - Nieuwe toeristische gids en strategische visies\t\t\t<\/a>\n\t\t<\/h2>\n\t\t\t\t<div class=\"elementor-post__excerpt\">\n\t\t\t<p>Valencia Fitur 2025 - Nieuwe toeristische gids en strategische perspectieven De internationale toerismebeurs Fitur 2025 in Madrid is begonnen en de regio Valencia gebruikt het podium om haar strategische visie en perspectieven voor de komende jaren te presenteren. Met een uitgebreide hoofdstand en de deelname van meer dan 300 bedrijven is de<\/p>\n\t\t<\/div>\n\t\t\n\t\t<a class=\"elementor-post__read-more\" href=\"https:\/\/costablanca-magazin.com\/nl\/lokales\/news-politik\/valencia-fitur-2025-neuer-tourismusguide-und-strategievisionen\/\" aria-label=\"Read more about Valencia Fitur 2025 &#8211; Neuer Tourismusguide und Strategievisionen\" tabindex=\"-1\" >\n\t\t\tLees meer \u00bb\t\t<\/a>\n\n\t\t\t\t<\/div>\n\t\t\t\t<div class=\"elementor-post__meta-data\">\n\t\t\t\t\t<span class=\"elementor-post-date\">\n\t\t\t22\/01\/2025\t\t<\/span>\n\t\t\t\t<\/div>\n\t\t\t\t\t<\/div>\n\t\t<\/article>\n\t\t\t\t<article class=\"elementor-post elementor-grid-item post-4113 post type-post status-publish format-standard has-post-thumbnail hentry category-news-politik tag-ees-ausreisen tag-einreise-costa-blanca-2025 tag-etias-costa-blanca tag-etias-spanien\" role=\"listitem\">\n\t\t\t<div class=\"elementor-post__card\">\n\t\t\t\t<a class=\"elementor-post__thumbnail__link\" href=\"https:\/\/costablanca-magazin.com\/nl\/lokales\/news-politik\/ab-2025-an-der-costa-blanca-etias-neue-einreise-genehmigung-fuer-nicht-eu-reisende\/\" tabindex=\"-1\" ><div class=\"elementor-post__thumbnail\"><img loading=\"lazy\" decoding=\"async\" width=\"300\" height=\"200\" src=\"https:\/\/costablanca-magazin.com\/wp-content\/uploads\/2025\/01\/human-hand-holding-a-cookie-in-the-airplane-during-2024-10-17-05-57-37-utc-300x200.jpg\" class=\"attachment-medium size-medium wp-image-4115\" alt=\"Vanaf 2025: nieuwe inreisvergunning voor Britten aan de Costa Blanca 1\" srcset=\"https:\/\/costablanca-magazin.com\/wp-content\/uploads\/2025\/01\/human-hand-holding-a-cookie-in-the-airplane-during-2024-10-17-05-57-37-utc-300x200.jpg 300w, https:\/\/costablanca-magazin.com\/wp-content\/uploads\/2025\/01\/human-hand-holding-a-cookie-in-the-airplane-during-2024-10-17-05-57-37-utc-1024x683.jpg 1024w, https:\/\/costablanca-magazin.com\/wp-content\/uploads\/2025\/01\/human-hand-holding-a-cookie-in-the-airplane-during-2024-10-17-05-57-37-utc-768x512.jpg 768w, https:\/\/costablanca-magazin.com\/wp-content\/uploads\/2025\/01\/human-hand-holding-a-cookie-in-the-airplane-during-2024-10-17-05-57-37-utc.jpg 1200w\" sizes=\"(max-width: 300px) 100vw, 300px\" \/><\/div><\/a>\n\t\t\t\t<div class=\"elementor-post__badge\">Nieuws &amp; politiek<\/div>\n\t\t\t\t<div class=\"elementor-post__text\">\n\t\t\t\t<h2 class=\"elementor-post__title\">\n\t\t\t<a href=\"https:\/\/costablanca-magazin.com\/nl\/lokales\/news-politik\/ab-2025-an-der-costa-blanca-etias-neue-einreise-genehmigung-fuer-nicht-eu-reisende\/\" >\n\t\t\t\tVanaf 2025 aan de Costa Blanca - ETIAS Nieuwe inreisvergunning voor reizigers van buiten de EU\t\t\t<\/a>\n\t\t<\/h2>\n\t\t\t\t<div class=\"elementor-post__excerpt\">\n\t\t\t<p>Vanaf 2025 - Nieuwe inreisvergunning voor Britten aan de Costa Blanca ETIAS en EES veranderen het reizen - wat inwoners en bezoekers moeten weten. Vanaf 2025 wordt de toegang tot de Costa Blanca ingewikkelder voor niet-EU-burgers, waaronder Britse reizigers, als gevolg van nieuwe EU-regels. De invoering van de Elektronische Reistoestemming (ETIAS) en<\/p>\n\t\t<\/div>\n\t\t\n\t\t<a class=\"elementor-post__read-more\" href=\"https:\/\/costablanca-magazin.com\/nl\/lokales\/news-politik\/ab-2025-an-der-costa-blanca-etias-neue-einreise-genehmigung-fuer-nicht-eu-reisende\/\" aria-label=\"Read more about Ab 2025 an der Costa Blanca &#8211; ETIAS Neue Einreise-Genehmigung f\u00fcr Nicht-EU Reisende\" tabindex=\"-1\" >\n\t\t\tLees meer \u00bb\t\t<\/a>\n\n\t\t\t\t<\/div>\n\t\t\t\t<div class=\"elementor-post__meta-data\">\n\t\t\t\t\t<span class=\"elementor-post-date\">\n\t\t\t22\/01\/2025\t\t<\/span>\n\t\t\t\t<\/div>\n\t\t\t\t\t<\/div>\n\t\t<\/article>\n\t\t\t\t<article class=\"elementor-post elementor-grid-item post-4086 post type-post status-publish format-standard has-post-thumbnail hentry category-news-politik tag-costa-blanca tag-hotels-an-der-costa-blanca tag-saisonverlaengerung-alicante-2025 tag-tourismus-rekordjahr-2024\" role=\"listitem\">\n\t\t\t<div class=\"elementor-post__card\">\n\t\t\t\t<a class=\"elementor-post__thumbnail__link\" href=\"https:\/\/costablanca-magazin.com\/nl\/lokales\/news-politik\/tourismus-rekordjahr-fuer-alicante-saisonverlaengerung-sorgt-fuer-spitzenwerte\/\" tabindex=\"-1\" ><div class=\"elementor-post__thumbnail\"><img loading=\"lazy\" decoding=\"async\" width=\"300\" height=\"169\" src=\"https:\/\/costablanca-magazin.com\/wp-content\/uploads\/2025\/01\/view-over-alicante-town-in-spain-from-above-2024-12-03-13-53-08-utc-300x169.jpg\" class=\"attachment-medium size-medium wp-image-4087\" alt=\"Recordjaar voor hotels in Alicante: verlenging van het seizoen zorgt voor topcijfers\" srcset=\"https:\/\/costablanca-magazin.com\/wp-content\/uploads\/2025\/01\/view-over-alicante-town-in-spain-from-above-2024-12-03-13-53-08-utc-300x169.jpg 300w, https:\/\/costablanca-magazin.com\/wp-content\/uploads\/2025\/01\/view-over-alicante-town-in-spain-from-above-2024-12-03-13-53-08-utc-1024x576.jpg 1024w, https:\/\/costablanca-magazin.com\/wp-content\/uploads\/2025\/01\/view-over-alicante-town-in-spain-from-above-2024-12-03-13-53-08-utc-768x432.jpg 768w, https:\/\/costablanca-magazin.com\/wp-content\/uploads\/2025\/01\/view-over-alicante-town-in-spain-from-above-2024-12-03-13-53-08-utc.jpg 1200w\" sizes=\"(max-width: 300px) 100vw, 300px\" \/><\/div><\/a>\n\t\t\t\t<div class=\"elementor-post__badge\">Nieuws &amp; politiek<\/div>\n\t\t\t\t<div class=\"elementor-post__text\">\n\t\t\t\t<h2 class=\"elementor-post__title\">\n\t\t\t<a href=\"https:\/\/costablanca-magazin.com\/nl\/lokales\/news-politik\/tourismus-rekordjahr-fuer-alicante-saisonverlaengerung-sorgt-fuer-spitzenwerte\/\" >\n\t\t\t\tRecordjaar voor toerisme in Alicante - seizoensverlenging zorgt voor topcijfers\t\t\t<\/a>\n\t\t<\/h2>\n\t\t\t\t<div class=\"elementor-post__excerpt\">\n\t\t\t<p>Recordjaar voor hotels in Alicante - seizoensverlenging zorgt voor topcijfers Hotels in de regio Alicante overtreffen 2023 en bereiken bijna de cijfers van 2019 Hotels in Alicante sluiten 2024 af met indrukwekkende cijfers: Tussen januari en november behaalden ze een gemiddelde bezettingsgraad van 80,68 %, een stijging van 2,26%<\/p>\n\t\t<\/div>\n\t\t\n\t\t<a class=\"elementor-post__read-more\" href=\"https:\/\/costablanca-magazin.com\/nl\/lokales\/news-politik\/tourismus-rekordjahr-fuer-alicante-saisonverlaengerung-sorgt-fuer-spitzenwerte\/\" aria-label=\"Read more about Tourismus-Rekordjahr f\u00fcr Alicante &#8211; Saisonverl\u00e4ngerung sorgt f\u00fcr Spitzenwerte\" tabindex=\"-1\" >\n\t\t\tLees meer \u00bb\t\t<\/a>\n\n\t\t\t\t<\/div>\n\t\t\t\t<div class=\"elementor-post__meta-data\">\n\t\t\t\t\t<span class=\"elementor-post-date\">\n\t\t\t19\/01\/2025\t\t<\/span>\n\t\t\t\t<\/div>\n\t\t\t\t\t<\/div>\n\t\t<\/article>\n\t\t\t\t<article class=\"elementor-post elementor-grid-item post-4022 post type-post status-publish format-standard has-post-thumbnail hentry category-news-politik tag-costablanca-2025 tag-veraenderungen-2025\" role=\"listitem\">\n\t\t\t<div class=\"elementor-post__card\">\n\t\t\t\t<a class=\"elementor-post__thumbnail__link\" href=\"https:\/\/costablanca-magazin.com\/nl\/lokales\/news-politik\/2025-an-der-costa-blanca-ein-jahr-der-veraenderungen\/\" tabindex=\"-1\" ><div class=\"elementor-post__thumbnail\"><img loading=\"lazy\" decoding=\"async\" width=\"300\" height=\"200\" src=\"https:\/\/costablanca-magazin.com\/wp-content\/uploads\/2025\/01\/lettering-hello-numbers-2025-twenty-twenty-five-ne-2024-10-29-20-17-34-utc-300x200.jpg\" class=\"attachment-medium size-medium wp-image-4026\" alt=\"Vanaf 2025: nieuwe inreisvergunning voor Britten aan de Costa Blanca\" srcset=\"https:\/\/costablanca-magazin.com\/wp-content\/uploads\/2025\/01\/lettering-hello-numbers-2025-twenty-twenty-five-ne-2024-10-29-20-17-34-utc-300x200.jpg 300w, https:\/\/costablanca-magazin.com\/wp-content\/uploads\/2025\/01\/lettering-hello-numbers-2025-twenty-twenty-five-ne-2024-10-29-20-17-34-utc-1024x683.jpg 1024w, https:\/\/costablanca-magazin.com\/wp-content\/uploads\/2025\/01\/lettering-hello-numbers-2025-twenty-twenty-five-ne-2024-10-29-20-17-34-utc-768x512.jpg 768w, https:\/\/costablanca-magazin.com\/wp-content\/uploads\/2025\/01\/lettering-hello-numbers-2025-twenty-twenty-five-ne-2024-10-29-20-17-34-utc.jpg 1200w\" sizes=\"(max-width: 300px) 100vw, 300px\" \/><\/div><\/a>\n\t\t\t\t<div class=\"elementor-post__badge\">Nieuws &amp; politiek<\/div>\n\t\t\t\t<div class=\"elementor-post__text\">\n\t\t\t\t<h2 class=\"elementor-post__title\">\n\t\t\t<a href=\"https:\/\/costablanca-magazin.com\/nl\/lokales\/news-politik\/2025-an-der-costa-blanca-ein-jahr-der-veraenderungen\/\" >\n\t\t\t\t2025 aan de Costa Blanca - Een jaar van verandering\t\t\t<\/a>\n\t\t<\/h2>\n\t\t\t\t<div class=\"elementor-post__excerpt\">\n\t\t\t<p>2025 - Een jaar van verandering aan de Costa Blanca Nieuwe regels en wetten kenmerken het dagelijks leven - wat u moet weten. Het nieuwe jaar is begonnen en het brengt niet alleen nieuwe kansen, maar ook een aantal belangrijke veranderingen in het leven aan de Costa Blanca. Van inreisvergunningen tot<\/p>\n\t\t<\/div>\n\t\t\n\t\t<a class=\"elementor-post__read-more\" href=\"https:\/\/costablanca-magazin.com\/nl\/lokales\/news-politik\/2025-an-der-costa-blanca-ein-jahr-der-veraenderungen\/\" aria-label=\"Read more about 2025 an der Costa Blanca &#8211; Ein Jahr der Ver\u00e4nderungen\" tabindex=\"-1\" >\n\t\t\tLees meer \u00bb\t\t<\/a>\n\n\t\t\t\t<\/div>\n\t\t\t\t<div class=\"elementor-post__meta-data\">\n\t\t\t\t\t<span class=\"elementor-post-date\">\n\t\t\t15\/01\/2025\t\t<\/span>\n\t\t\t\t<\/div>\n\t\t\t\t\t<\/div>\n\t\t<\/article>\n\t\t\t\t<article class=\"elementor-post elementor-grid-item post-3575 post type-post status-publish format-standard has-post-thumbnail hentry category-news-politik tag-alte-baustelle-costa-blanca tag-benidorm-baustelle tag-costa-blanca tag-industriegebiet-benidorm\" role=\"listitem\">\n\t\t\t<div class=\"elementor-post__card\">\n\t\t\t\t<a class=\"elementor-post__thumbnail__link\" href=\"https:\/\/costablanca-magazin.com\/nl\/lokales\/news-politik\/industriegebiet-benidorm-eine-endlosbaustelle-mit-millionenkosten\/\" tabindex=\"-1\" ><div class=\"elementor-post__thumbnail\"><img loading=\"lazy\" decoding=\"async\" width=\"300\" height=\"225\" src=\"https:\/\/costablanca-magazin.com\/wp-content\/uploads\/2024\/12\/Benidorm-Baustelle-7-300x225.jpg\" class=\"attachment-medium size-medium wp-image-3576\" alt=\"Industriegebied Benidorm: een eindeloze bouwplaats die miljoenen kost\" srcset=\"https:\/\/costablanca-magazin.com\/wp-content\/uploads\/2024\/12\/Benidorm-Baustelle-7-300x225.jpg 300w, https:\/\/costablanca-magazin.com\/wp-content\/uploads\/2024\/12\/Benidorm-Baustelle-7-1024x768.jpg 1024w, https:\/\/costablanca-magazin.com\/wp-content\/uploads\/2024\/12\/Benidorm-Baustelle-7-768x576.jpg 768w, https:\/\/costablanca-magazin.com\/wp-content\/uploads\/2024\/12\/Benidorm-Baustelle-7-1536x1152.jpg 1536w, https:\/\/costablanca-magazin.com\/wp-content\/uploads\/2024\/12\/Benidorm-Baustelle-7.jpg 2000w\" sizes=\"(max-width: 300px) 100vw, 300px\" \/><\/div><\/a>\n\t\t\t\t<div class=\"elementor-post__badge\">Nieuws &amp; politiek<\/div>\n\t\t\t\t<div class=\"elementor-post__text\">\n\t\t\t\t<h2 class=\"elementor-post__title\">\n\t\t\t<a href=\"https:\/\/costablanca-magazin.com\/nl\/lokales\/news-politik\/industriegebiet-benidorm-eine-endlosbaustelle-mit-millionenkosten\/\" >\n\t\t\t\tBenidorm industrieterrein - Een eindeloze bouwput die miljoenen kost\t\t\t<\/a>\n\t\t<\/h2>\n\t\t\t\t<div class=\"elementor-post__excerpt\">\n\t\t\t<p>Het industrieterrein van Benidorm: een eindeloze bouwput die miljoenen kostte 30 jaar planning, exploderende budgetten en eindeloze bureaucratie. Het industrieterrein van Benidorm moest een mijlpaal worden in de stadsontwikkeling. Gepland als de thuisbasis van het eerste winkelcentrum en talrijke commerci\u00eble gebieden, lijkt het echter te veranderen in een miljoenen kostend graf. Sinds de jaren 1990 op de<\/p>\n\t\t<\/div>\n\t\t\n\t\t<a class=\"elementor-post__read-more\" href=\"https:\/\/costablanca-magazin.com\/nl\/lokales\/news-politik\/industriegebiet-benidorm-eine-endlosbaustelle-mit-millionenkosten\/\" aria-label=\"Read more about Industriegebiet Benidorm &#8211; Eine Endlosbaustelle mit Millionenkosten\" tabindex=\"-1\" >\n\t\t\tLees meer \u00bb\t\t<\/a>\n\n\t\t\t\t<\/div>\n\t\t\t\t<div class=\"elementor-post__meta-data\">\n\t\t\t\t\t<span class=\"elementor-post-date\">\n\t\t\t02\/01\/2025\t\t<\/span>\n\t\t\t\t<\/div>\n\t\t\t\t\t<\/div>\n\t\t<\/article>\n\t\t\t\t<article class=\"elementor-post elementor-grid-item post-3710 post type-post status-publish format-standard has-post-thumbnail hentry category-news-politik tag-tourismus-arbeiter-in-spanien tag-tourismus-sektor-costa-blanca\" role=\"listitem\">\n\t\t\t<div class=\"elementor-post__card\">\n\t\t\t\t<a class=\"elementor-post__thumbnail__link\" href=\"https:\/\/costablanca-magazin.com\/nl\/lokales\/news-politik\/tourismus-boom-spanien-erreicht-erstmals-3-mio-beschaeftigte-im-sektor\/\" tabindex=\"-1\" ><div class=\"elementor-post__thumbnail\"><img loading=\"lazy\" decoding=\"async\" width=\"300\" height=\"200\" src=\"https:\/\/costablanca-magazin.com\/wp-content\/uploads\/2024\/12\/guest-ordering-food-in-restaurant-2023-11-27-04-49-41-utc-300x200.jpg\" class=\"attachment-medium size-medium wp-image-3746\" alt=\"Toeristische boom: Spanje bereikt voor het eerst 3 miljoen werknemers in de sector\" srcset=\"https:\/\/costablanca-magazin.com\/wp-content\/uploads\/2024\/12\/guest-ordering-food-in-restaurant-2023-11-27-04-49-41-utc-300x200.jpg 300w, https:\/\/costablanca-magazin.com\/wp-content\/uploads\/2024\/12\/guest-ordering-food-in-restaurant-2023-11-27-04-49-41-utc-1024x683.jpg 1024w, https:\/\/costablanca-magazin.com\/wp-content\/uploads\/2024\/12\/guest-ordering-food-in-restaurant-2023-11-27-04-49-41-utc-768x512.jpg 768w, https:\/\/costablanca-magazin.com\/wp-content\/uploads\/2024\/12\/guest-ordering-food-in-restaurant-2023-11-27-04-49-41-utc-1536x1024.jpg 1536w, https:\/\/costablanca-magazin.com\/wp-content\/uploads\/2024\/12\/guest-ordering-food-in-restaurant-2023-11-27-04-49-41-utc-2048x1365.jpg 2048w\" sizes=\"(max-width: 300px) 100vw, 300px\" \/><\/div><\/a>\n\t\t\t\t<div class=\"elementor-post__badge\">Nieuws &amp; politiek<\/div>\n\t\t\t\t<div class=\"elementor-post__text\">\n\t\t\t\t<h2 class=\"elementor-post__title\">\n\t\t\t<a href=\"https:\/\/costablanca-magazin.com\/nl\/lokales\/news-politik\/tourismus-boom-spanien-erreicht-erstmals-3-mio-beschaeftigte-im-sektor\/\" >\n\t\t\t\tToerisme boom - Spanje bereikt voor het eerst 3 miljoen werknemers in de sector\t\t\t<\/a>\n\t\t<\/h2>\n\t\t\t\t<div class=\"elementor-post__excerpt\">\n\t\t\t<p>Toerisme boom: Spanje bereikt voor het eerst 3 miljoen werknemers in de sector Recordcijfers in het derde kwartaal van 2024 versterken de sleutelrol van het toerisme voor de Spaanse economie De Spaanse toeristische sector bereikte een historische mijlpaal in het derde kwartaal van 2024: met 3.019.064 werknemers overschreed de sector voor het eerst de grens van 3 miljoen, zoals Turespa\u00f1a meldt. Dit komt overeen met een<\/p>\n\t\t<\/div>\n\t\t\n\t\t<a class=\"elementor-post__read-more\" href=\"https:\/\/costablanca-magazin.com\/nl\/lokales\/news-politik\/tourismus-boom-spanien-erreicht-erstmals-3-mio-beschaeftigte-im-sektor\/\" aria-label=\"Read more about Tourismus-Boom &#8211;  Spanien erreicht erstmals 3 Mio Besch\u00e4ftigte im Sektor\" tabindex=\"-1\" >\n\t\t\tLees meer \u00bb\t\t<\/a>\n\n\t\t\t\t<\/div>\n\t\t\t\t<div class=\"elementor-post__meta-data\">\n\t\t\t\t\t<span class=\"elementor-post-date\">\n\t\t\t31\/12\/2024\t\t<\/span>\n\t\t\t\t<\/div>\n\t\t\t\t\t<\/div>\n\t\t<\/article>\n\t\t\t\t<article class=\"elementor-post elementor-grid-item post-3728 post type-post status-publish format-standard has-post-thumbnail hentry category-news-politik tag-costa-blaca tag-neue-regelung-urlaub-costa-blanca tag-reisen-in-spanien\" role=\"listitem\">\n\t\t\t<div class=\"elementor-post__card\">\n\t\t\t\t<a class=\"elementor-post__thumbnail__link\" href=\"https:\/\/costablanca-magazin.com\/nl\/lokales\/news-politik\/reisende-aufgepasst-mehr-buerokratie-fuer-den-urlaub\/\" tabindex=\"-1\" ><div class=\"elementor-post__thumbnail\"><img loading=\"lazy\" decoding=\"async\" width=\"300\" height=\"200\" src=\"https:\/\/costablanca-magazin.com\/wp-content\/uploads\/2024\/12\/businessman-arriving-at-hotel-reception-2024-09-23-02-09-09-utc-300x200.jpg\" class=\"attachment-medium size-medium wp-image-3730\" alt=\"Reizigers opgelet: meer bureaucratie voor de vakantie\" srcset=\"https:\/\/costablanca-magazin.com\/wp-content\/uploads\/2024\/12\/businessman-arriving-at-hotel-reception-2024-09-23-02-09-09-utc-300x200.jpg 300w, https:\/\/costablanca-magazin.com\/wp-content\/uploads\/2024\/12\/businessman-arriving-at-hotel-reception-2024-09-23-02-09-09-utc-1024x683.jpg 1024w, https:\/\/costablanca-magazin.com\/wp-content\/uploads\/2024\/12\/businessman-arriving-at-hotel-reception-2024-09-23-02-09-09-utc-768x512.jpg 768w, https:\/\/costablanca-magazin.com\/wp-content\/uploads\/2024\/12\/businessman-arriving-at-hotel-reception-2024-09-23-02-09-09-utc-1536x1024.jpg 1536w, https:\/\/costablanca-magazin.com\/wp-content\/uploads\/2024\/12\/businessman-arriving-at-hotel-reception-2024-09-23-02-09-09-utc-2048x1365.jpg 2048w\" sizes=\"(max-width: 300px) 100vw, 300px\" \/><\/div><\/a>\n\t\t\t\t<div class=\"elementor-post__badge\">Nieuws &amp; politiek<\/div>\n\t\t\t\t<div class=\"elementor-post__text\">\n\t\t\t\t<h2 class=\"elementor-post__title\">\n\t\t\t<a href=\"https:\/\/costablanca-magazin.com\/nl\/lokales\/news-politik\/reisende-aufgepasst-mehr-buerokratie-fuer-den-urlaub\/\" >\n\t\t\t\tReizigers opgelet - meer bureaucratie voor vakanties\t\t\t<\/a>\n\t\t<\/h2>\n\t\t\t\t<div class=\"elementor-post__excerpt\">\n\t\t\t<p>Reizigers opgelet - meer bureaucratie voor vakanties Het nieuwe register voor accommodaties is sinds begin december van kracht - met een lange lijst eisen voor gasten en aanbieders. Gaat u op vakantie? Ja, maar wel met papierwerk. Het nieuwe reizigersregister van het Spaanse Ministerie van Binnenlandse Zaken is op 2 december van kracht geworden. Het doel: meer<\/p>\n\t\t<\/div>\n\t\t\n\t\t<a class=\"elementor-post__read-more\" href=\"https:\/\/costablanca-magazin.com\/nl\/lokales\/news-politik\/reisende-aufgepasst-mehr-buerokratie-fuer-den-urlaub\/\" aria-label=\"Read more about Reisende aufgepasst &#8211; mehr B\u00fcrokratie f\u00fcr den Urlaub\" tabindex=\"-1\" >\n\t\t\tLees meer \u00bb\t\t<\/a>\n\n\t\t\t\t<\/div>\n\t\t\t\t<div class=\"elementor-post__meta-data\">\n\t\t\t\t\t<span class=\"elementor-post-date\">\n\t\t\t29\/12\/2024\t\t<\/span>\n\t\t\t\t<\/div>\n\t\t\t\t\t<\/div>\n\t\t<\/article>\n\t\t\t\t<article class=\"elementor-post elementor-grid-item post-3729 post type-post status-publish format-standard has-post-thumbnail hentry category-news-politik tag-aktuelles-costa-blanca tag-aktuelles-in-calpe tag-freies-wlan-costa-blanca tag-gehaltsdeckel-costa-blanca tag-innovation-in-alicante tag-nachrichten-aus-der-costa-blanca tag-smart-tourismuss-denia\" role=\"listitem\">\n\t\t\t<div class=\"elementor-post__card\">\n\t\t\t\t<a class=\"elementor-post__thumbnail__link\" href=\"https:\/\/costablanca-magazin.com\/nl\/lokales\/news-politik\/aktuelles-an-der-costa-blanca\/\" tabindex=\"-1\" ><div class=\"elementor-post__thumbnail\"><img loading=\"lazy\" decoding=\"async\" width=\"300\" height=\"225\" src=\"https:\/\/costablanca-magazin.com\/wp-content\/uploads\/2024\/12\/20221230_074532-300x225.jpg\" class=\"attachment-medium size-medium wp-image-3732\" alt=\"Belangrijke ontwikkelingen, lokale evenementen en wetenswaardigheden over de Costa Blanca \u2013 alles in \u00e9\u00e9n oogopslag.\" srcset=\"https:\/\/costablanca-magazin.com\/wp-content\/uploads\/2024\/12\/20221230_074532-300x225.jpg 300w, https:\/\/costablanca-magazin.com\/wp-content\/uploads\/2024\/12\/20221230_074532-1024x768.jpg 1024w, https:\/\/costablanca-magazin.com\/wp-content\/uploads\/2024\/12\/20221230_074532-768x576.jpg 768w, https:\/\/costablanca-magazin.com\/wp-content\/uploads\/2024\/12\/20221230_074532-1536x1152.jpg 1536w, https:\/\/costablanca-magazin.com\/wp-content\/uploads\/2024\/12\/20221230_074532-2048x1536.jpg 2048w\" sizes=\"(max-width: 300px) 100vw, 300px\" \/><\/div><\/a>\n\t\t\t\t<div class=\"elementor-post__badge\">Nieuws &amp; politiek<\/div>\n\t\t\t\t<div class=\"elementor-post__text\">\n\t\t\t\t<h2 class=\"elementor-post__title\">\n\t\t\t<a href=\"https:\/\/costablanca-magazin.com\/nl\/lokales\/news-politik\/aktuelles-an-der-costa-blanca\/\" >\n\t\t\t\tNieuws over de Costa Blanca\t\t\t<\/a>\n\t\t<\/h2>\n\t\t\t\t<div class=\"elementor-post__excerpt\">\n\t\t\t<p>Nieuws over de Costa Blanca D\u00e9nia gaat door met slimme toeristische strategie De gemeenteraad van D\u00e9nia heeft de Interdepartementale Technische Commissie (CTI) bijeengeroepen om de voortgang te beoordelen bij het positioneren van de stad als een Slimme Toeristische Bestemming (DTI). Onder leiding van burgemeester Vicent Grimalt en vertegenwoordigers van verschillende departementen, wordt de herziening van de stad<\/p>\n\t\t<\/div>\n\t\t\n\t\t<a class=\"elementor-post__read-more\" href=\"https:\/\/costablanca-magazin.com\/nl\/lokales\/news-politik\/aktuelles-an-der-costa-blanca\/\" aria-label=\"Read more about Aktuelles an der Costa Blanca\" tabindex=\"-1\" >\n\t\t\tLees meer \u00bb\t\t<\/a>\n\n\t\t\t\t<\/div>\n\t\t\t\t<div class=\"elementor-post__meta-data\">\n\t\t\t\t\t<span class=\"elementor-post-date\">\n\t\t\t28\/12\/2024\t\t<\/span>\n\t\t\t\t<\/div>\n\t\t\t\t\t<\/div>\n\t\t<\/article>\n\t\t\t\t<article class=\"elementor-post elementor-grid-item post-3569 post type-post status-publish format-standard has-post-thumbnail hentry category-news-politik tag-briefwahl-costa-blanca tag-bundestagswahlen tag-deutsche-bundestagswahlen-an-der-costa-blanca\" role=\"listitem\">\n\t\t\t<div class=\"elementor-post__card\">\n\t\t\t\t<a class=\"elementor-post__thumbnail__link\" href=\"https:\/\/costablanca-magazin.com\/nl\/lokales\/news-politik\/bundestagswahl-2025-so-koennen-deutsche-an-der-costa-blanca-waehlen\/\" tabindex=\"-1\" ><div class=\"elementor-post__thumbnail\"><img loading=\"lazy\" decoding=\"async\" width=\"300\" height=\"188\" src=\"https:\/\/costablanca-magazin.com\/wp-content\/uploads\/2024\/12\/pencil-checking-box-on-voting-ballot-2023-11-27-04-58-29-utc-300x188.jpg\" class=\"attachment-medium size-medium wp-image-3570\" alt=\"Bondsdagverkiezingen 2025: zo kunnen Duitsers aan de Costa Blanca stemmen\" srcset=\"https:\/\/costablanca-magazin.com\/wp-content\/uploads\/2024\/12\/pencil-checking-box-on-voting-ballot-2023-11-27-04-58-29-utc-300x188.jpg 300w, https:\/\/costablanca-magazin.com\/wp-content\/uploads\/2024\/12\/pencil-checking-box-on-voting-ballot-2023-11-27-04-58-29-utc-1024x641.jpg 1024w, https:\/\/costablanca-magazin.com\/wp-content\/uploads\/2024\/12\/pencil-checking-box-on-voting-ballot-2023-11-27-04-58-29-utc-768x481.jpg 768w, https:\/\/costablanca-magazin.com\/wp-content\/uploads\/2024\/12\/pencil-checking-box-on-voting-ballot-2023-11-27-04-58-29-utc-1536x962.jpg 1536w, https:\/\/costablanca-magazin.com\/wp-content\/uploads\/2024\/12\/pencil-checking-box-on-voting-ballot-2023-11-27-04-58-29-utc-2048x1283.jpg 2048w\" sizes=\"(max-width: 300px) 100vw, 300px\" \/><\/div><\/a>\n\t\t\t\t<div class=\"elementor-post__badge\">Nieuws &amp; politiek<\/div>\n\t\t\t\t<div class=\"elementor-post__text\">\n\t\t\t\t<h2 class=\"elementor-post__title\">\n\t\t\t<a href=\"https:\/\/costablanca-magazin.com\/nl\/lokales\/news-politik\/bundestagswahl-2025-so-koennen-deutsche-an-der-costa-blanca-waehlen\/\" >\n\t\t\t\tBondsdagverkiezingen 2025 - Hoe Duitsers kunnen stemmen aan de Costa Blanca\t\t\t<\/a>\n\t\t<\/h2>\n\t\t\t\t<div class=\"elementor-post__excerpt\">\n\t\t\t<p>Bondsdagverkiezing 2025: Hoe Duitsers kunnen stemmen aan de Costa Blanca Belangrijke informatie voor kiezers in het buitenland - deadlines, vereisten en tips voor stemmen per post. De verkiezing voor de nieuwe Bondsdag vindt plaats op 23 februari 2025. Duitsers die aan de Costa Blanca wonen zullen ook hun stem kunnen uitbrengen - en dat<\/p>\n\t\t<\/div>\n\t\t\n\t\t<a class=\"elementor-post__read-more\" href=\"https:\/\/costablanca-magazin.com\/nl\/lokales\/news-politik\/bundestagswahl-2025-so-koennen-deutsche-an-der-costa-blanca-waehlen\/\" aria-label=\"Read more about Bundestagswahl 2025 &#8211; So k\u00f6nnen Deutsche an der Costa Blanca w\u00e4hlen\" tabindex=\"-1\" >\n\t\t\tLees meer \u00bb\t\t<\/a>\n\n\t\t\t\t<\/div>\n\t\t\t\t<div class=\"elementor-post__meta-data\">\n\t\t\t\t\t<span class=\"elementor-post-date\">\n\t\t\t18\/12\/2024\t\t<\/span>\n\t\t\t\t<\/div>\n\t\t\t\t\t<\/div>\n\t\t<\/article>\n\t\t\t\t<article class=\"elementor-post elementor-grid-item post-3337 post type-post status-publish format-standard has-post-thumbnail hentry category-news-politik tag-dana-valencia tag-umwetter-valencia tag-valencia\" role=\"listitem\">\n\t\t\t<div class=\"elementor-post__card\">\n\t\t\t\t<a class=\"elementor-post__thumbnail__link\" href=\"https:\/\/costablanca-magazin.com\/nl\/lokales\/news-politik\/verheerende-dana-in-valencia-eine-regionin-trauerund-solidaritaet\/\" tabindex=\"-1\" ><div class=\"elementor-post__thumbnail\"><img loading=\"lazy\" decoding=\"async\" width=\"300\" height=\"182\" src=\"https:\/\/costablanca-magazin.com\/wp-content\/uploads\/2024\/08\/valencia-sunset-2023-11-27-05-17-21-utc-300x182.jpg\" class=\"attachment-medium size-medium wp-image-1702\" alt=\"Zonsondergang in Valencia\" srcset=\"https:\/\/costablanca-magazin.com\/wp-content\/uploads\/2024\/08\/valencia-sunset-2023-11-27-05-17-21-utc-300x182.jpg 300w, https:\/\/costablanca-magazin.com\/wp-content\/uploads\/2024\/08\/valencia-sunset-2023-11-27-05-17-21-utc-1024x620.jpg 1024w, https:\/\/costablanca-magazin.com\/wp-content\/uploads\/2024\/08\/valencia-sunset-2023-11-27-05-17-21-utc-768x465.jpg 768w, https:\/\/costablanca-magazin.com\/wp-content\/uploads\/2024\/08\/valencia-sunset-2023-11-27-05-17-21-utc.jpg 1200w\" sizes=\"(max-width: 300px) 100vw, 300px\" \/><\/div><\/a>\n\t\t\t\t<div class=\"elementor-post__badge\">Nieuws &amp; politiek<\/div>\n\t\t\t\t<div class=\"elementor-post__text\">\n\t\t\t\t<h2 class=\"elementor-post__title\">\n\t\t\t<a href=\"https:\/\/costablanca-magazin.com\/nl\/lokales\/news-politik\/verheerende-dana-in-valencia-eine-regionin-trauerund-solidaritaet\/\" >\n\t\t\t\tVerwoestende DANA in Valencia: een regio in rouw en solidariteit\t\t\t<\/a>\n\t\t<\/h2>\n\t\t\t\t<div class=\"elementor-post__excerpt\">\n\t\t\t<p>Verwoestende DANA in Valencia - Een regio in rouw en solidariteit Met meer dan 230 bevestigde dodelijke slachtoffers en tientallen vermisten heeft de DANA Valencia op zijn grondvesten doen schudden. Terwijl de opruimwerkzaamheden beginnen, krijgen politieke discussies vorm en zijn er belangrijke tips voor reizigers. De regio Valencia maakt een van de ergste natuurrampen uit haar geschiedenis mee. De laatste<\/p>\n\t\t<\/div>\n\t\t\n\t\t<a class=\"elementor-post__read-more\" href=\"https:\/\/costablanca-magazin.com\/nl\/lokales\/news-politik\/verheerende-dana-in-valencia-eine-regionin-trauerund-solidaritaet\/\" aria-label=\"Read more about Verheerende DANA in Valencia: Eine Regionin Trauerund Solidarit\u00e4t\" tabindex=\"-1\" >\n\t\t\tLees meer \u00bb\t\t<\/a>\n\n\t\t\t\t<\/div>\n\t\t\t\t<div class=\"elementor-post__meta-data\">\n\t\t\t\t\t<span class=\"elementor-post-date\">\n\t\t\t15\/11\/2024\t\t<\/span>\n\t\t\t\t<\/div>\n\t\t\t\t\t<\/div>\n\t\t<\/article>\n\t\t\t\t<article class=\"elementor-post elementor-grid-item post-3190 post type-post status-publish format-standard has-post-thumbnail hentry category-news-politik tag-dana tag-marina-baixa tag-schwere tag-solidaritaet tag-valencia\" role=\"listitem\">\n\t\t\t<div class=\"elementor-post__card\">\n\t\t\t\t<a class=\"elementor-post__thumbnail__link\" href=\"https:\/\/costablanca-magazin.com\/nl\/lokales\/news-politik\/schwere-dana-verwuestet-valencia-solidaritaet-waechst-in-der-marina-baixa\/\" tabindex=\"-1\" ><div class=\"elementor-post__thumbnail\"><img loading=\"lazy\" decoding=\"async\" width=\"300\" height=\"225\" src=\"https:\/\/costablanca-magazin.com\/wp-content\/uploads\/2024\/11\/benidorm-rathaus-costablanca-magazin-2-300x225.jpg\" class=\"attachment-medium size-medium wp-image-3191\" alt=\"Stadhuis van Benidorm organiseert hulpacties\" srcset=\"https:\/\/costablanca-magazin.com\/wp-content\/uploads\/2024\/11\/benidorm-rathaus-costablanca-magazin-2-300x225.jpg 300w, https:\/\/costablanca-magazin.com\/wp-content\/uploads\/2024\/11\/benidorm-rathaus-costablanca-magazin-2-1024x768.jpg 1024w, https:\/\/costablanca-magazin.com\/wp-content\/uploads\/2024\/11\/benidorm-rathaus-costablanca-magazin-2-768x576.jpg 768w, https:\/\/costablanca-magazin.com\/wp-content\/uploads\/2024\/11\/benidorm-rathaus-costablanca-magazin-2-1536x1152.jpg 1536w, https:\/\/costablanca-magazin.com\/wp-content\/uploads\/2024\/11\/benidorm-rathaus-costablanca-magazin-2-2048x1536.jpg 2048w\" sizes=\"(max-width: 300px) 100vw, 300px\" \/><\/div><\/a>\n\t\t\t\t<div class=\"elementor-post__badge\">Nieuws &amp; politiek<\/div>\n\t\t\t\t<div class=\"elementor-post__text\">\n\t\t\t\t<h2 class=\"elementor-post__title\">\n\t\t\t<a href=\"https:\/\/costablanca-magazin.com\/nl\/lokales\/news-politik\/schwere-dana-verwuestet-valencia-solidaritaet-waechst-in-der-marina-baixa\/\" >\n\t\t\t\tErnstige DANA verwoest Valencia: Solidariteit groeit in de Marina Baixa\t\t\t<\/a>\n\t\t<\/h2>\n\t\t\t\t<div class=\"elementor-post__excerpt\">\n\t\t\t<p>Ernstige DANA verwoest Valencia: solidariteit groeit in de Marina Baixa Met ten minste 202 dodelijke slachtoffers zijn de opruimwerkzaamheden in Valencia in volle gang, terwijl talrijke gemeenschappen in de Marina Baixa hulpacties starten. De gemeenschappen in de Marina Baixa tonen een ongekende solidariteit in het licht van de ramp. De gemeentehuizen zetten inzamelingscentra op voor dringend noodzakelijke hulpgoederen.<\/p>\n\t\t<\/div>\n\t\t\n\t\t<a class=\"elementor-post__read-more\" href=\"https:\/\/costablanca-magazin.com\/nl\/lokales\/news-politik\/schwere-dana-verwuestet-valencia-solidaritaet-waechst-in-der-marina-baixa\/\" aria-label=\"Read more about Schwere DANA verw\u00fcstet Valencia: Solidarit\u00e4t w\u00e4chst in der Marina Baixa\" tabindex=\"-1\" >\n\t\t\tLees meer \u00bb\t\t<\/a>\n\n\t\t\t\t<\/div>\n\t\t\t\t<div class=\"elementor-post__meta-data\">\n\t\t\t\t\t<span class=\"elementor-post-date\">\n\t\t\t01\/11\/2024\t\t<\/span>\n\t\t\t\t<\/div>\n\t\t\t\t\t<\/div>\n\t\t<\/article>\n\t\t\t\t<article class=\"elementor-post elementor-grid-item post-3183 post type-post status-publish format-standard has-post-thumbnail hentry category-news-politik tag-dana-valencia tag-umwetter-in-valencia tag-valencia\" role=\"listitem\">\n\t\t\t<div class=\"elementor-post__card\">\n\t\t\t\t<a class=\"elementor-post__thumbnail__link\" href=\"https:\/\/costablanca-magazin.com\/nl\/lokales\/news-politik\/schwerste-flutkatastrophe-seit-jahrzehnten-in-valencia-zahlreiche-todesopfer-und-massive-zerstoerung\/\" tabindex=\"-1\" ><div class=\"elementor-post__thumbnail\"><img loading=\"lazy\" decoding=\"async\" width=\"300\" height=\"201\" src=\"https:\/\/costablanca-magazin.com\/wp-content\/uploads\/2024\/10\/1857782-spain-300x201.webp\" class=\"attachment-medium size-medium wp-image-3184\" alt=\"Zware stormen in de regio Valencia (foto AP)\" srcset=\"https:\/\/costablanca-magazin.com\/wp-content\/uploads\/2024\/10\/1857782-spain-300x201.webp 300w, https:\/\/costablanca-magazin.com\/wp-content\/uploads\/2024\/10\/1857782-spain.webp 766w\" sizes=\"(max-width: 300px) 100vw, 300px\" \/><\/div><\/a>\n\t\t\t\t<div class=\"elementor-post__badge\">Nieuws &amp; politiek<\/div>\n\t\t\t\t<div class=\"elementor-post__text\">\n\t\t\t\t<h2 class=\"elementor-post__title\">\n\t\t\t<a href=\"https:\/\/costablanca-magazin.com\/nl\/lokales\/news-politik\/schwerste-flutkatastrophe-seit-jahrzehnten-in-valencia-zahlreiche-todesopfer-und-massive-zerstoerung\/\" >\n\t\t\t\tErgste overstromingsramp in decennia in Valencia: talrijke doden en enorme verwoestingen\t\t\t<\/a>\n\t\t<\/h2>\n\t\t\t\t<div class=\"elementor-post__excerpt\">\n\t\t\t<p>Grootste overstromingsramp sinds decennia in Valencia: talrijke doden en enorme verwoestingen Een zware DANA-storm (ge\u00efsoleerd lagedruksysteem) heeft de regio Valencia in een ramp van ongekende proporties gestort en tot nu toe 51 mensenlevens ge\u00ebist. Requena-Utiel, Hoya de Bu\u00f1ol en de Ribera Alta zijn bijzonder zwaar getroffen. In l'Horta Sud werden overstromingen veroorzaakt door<\/p>\n\t\t<\/div>\n\t\t\n\t\t<a class=\"elementor-post__read-more\" href=\"https:\/\/costablanca-magazin.com\/nl\/lokales\/news-politik\/schwerste-flutkatastrophe-seit-jahrzehnten-in-valencia-zahlreiche-todesopfer-und-massive-zerstoerung\/\" aria-label=\"Read more about Schwerste Flutkatastrophe seit Jahrzehnten in Valencia: Zahlreiche Todesopfer und massive Zerst\u00f6rung\" tabindex=\"-1\" >\n\t\t\tLees meer \u00bb\t\t<\/a>\n\n\t\t\t\t<\/div>\n\t\t\t\t<div class=\"elementor-post__meta-data\">\n\t\t\t\t\t<span class=\"elementor-post-date\">\n\t\t\t01\/11\/2024\t\t<\/span>\n\t\t\t\t<\/div>\n\t\t\t\t\t<\/div>\n\t\t<\/article>\n\t\t\t\t<article class=\"elementor-post elementor-grid-item post-1851 post type-post status-publish format-standard has-post-thumbnail hentry category-news-politik tag-denia tag-ferienvermiet-lizenz-costa-blanca\" role=\"listitem\">\n\t\t\t<div class=\"elementor-post__card\">\n\t\t\t\t<a class=\"elementor-post__thumbnail__link\" href=\"https:\/\/costablanca-magazin.com\/nl\/lokales\/news-politik\/denia-setzt-neue-genehmigungen-fuer-touristenvermietungen-fuer-ein-jahr-aus\/\" tabindex=\"-1\" ><div class=\"elementor-post__thumbnail\"><img loading=\"lazy\" decoding=\"async\" width=\"300\" height=\"225\" src=\"https:\/\/costablanca-magazin.com\/wp-content\/uploads\/2024\/08\/20240824_162722-300x225.jpg\" class=\"attachment-medium size-medium wp-image-1852\" alt=\"Denia Costablanca\" srcset=\"https:\/\/costablanca-magazin.com\/wp-content\/uploads\/2024\/08\/20240824_162722-300x225.jpg 300w, https:\/\/costablanca-magazin.com\/wp-content\/uploads\/2024\/08\/20240824_162722-1024x768.jpg 1024w, https:\/\/costablanca-magazin.com\/wp-content\/uploads\/2024\/08\/20240824_162722-768x576.jpg 768w, https:\/\/costablanca-magazin.com\/wp-content\/uploads\/2024\/08\/20240824_162722-1536x1152.jpg 1536w, https:\/\/costablanca-magazin.com\/wp-content\/uploads\/2024\/08\/20240824_162722-2048x1536.jpg 2048w\" sizes=\"(max-width: 300px) 100vw, 300px\" \/><\/div><\/a>\n\t\t\t\t<div class=\"elementor-post__badge\">Nieuws &amp; politiek<\/div>\n\t\t\t\t<div class=\"elementor-post__text\">\n\t\t\t\t<h2 class=\"elementor-post__title\">\n\t\t\t<a href=\"https:\/\/costablanca-magazin.com\/nl\/lokales\/news-politik\/denia-setzt-neue-genehmigungen-fuer-touristenvermietungen-fuer-ein-jahr-aus\/\" >\n\t\t\t\tD\u00e9nia schorst nieuwe vergunningen voor toeristische verhuur voor een jaar\t\t\t<\/a>\n\t\t<\/h2>\n\t\t\t\t<div class=\"elementor-post__excerpt\">\n\t\t\t<p>D\u00e9nia schort nieuwe vergunningen voor toeristische verhuur voor een jaar op Met het oog op de toenemende conflicten tussen bewoners en toeristen heeft de gemeenteraad van D\u00e9nia besloten om de afgifte van nieuwe vergunningen voor toeristische verhuur in het stadscentrum voor een jaar op te schorten. Deze maatregel, die ook geldt voor het verbouwen van begane grond tot vakantiewoningen, is bedoeld om<\/p>\n\t\t<\/div>\n\t\t\n\t\t<a class=\"elementor-post__read-more\" href=\"https:\/\/costablanca-magazin.com\/nl\/lokales\/news-politik\/denia-setzt-neue-genehmigungen-fuer-touristenvermietungen-fuer-ein-jahr-aus\/\" aria-label=\"Read more about D\u00e9nia setzt neue Genehmigungen f\u00fcr Touristenvermietungen f\u00fcr ein Jahr aus\" tabindex=\"-1\" >\n\t\t\tLees meer \u00bb\t\t<\/a>\n\n\t\t\t\t<\/div>\n\t\t\t\t<div class=\"elementor-post__meta-data\">\n\t\t\t\t\t<span class=\"elementor-post-date\">\n\t\t\t27\/08\/2024\t\t<\/span>\n\t\t\t\t<\/div>\n\t\t\t\t\t<\/div>\n\t\t<\/article>\n\t\t\t\t<article class=\"elementor-post elementor-grid-item post-1752 post type-post status-publish format-standard has-post-thumbnail hentry category-news-politik tag-rekordbesuch-touristen-alicante tag-torismus-alicante\" role=\"listitem\">\n\t\t\t<div class=\"elementor-post__card\">\n\t\t\t\t<a class=\"elementor-post__thumbnail__link\" href=\"https:\/\/costablanca-magazin.com\/nl\/lokales\/news-politik\/rekordbesuch-am-langen-wochenende-325-000-touristen-in-alicante-100-millionen-euro-umsatz\/\" tabindex=\"-1\" ><div class=\"elementor-post__thumbnail\"><img loading=\"lazy\" decoding=\"async\" width=\"300\" height=\"225\" src=\"https:\/\/costablanca-magazin.com\/wp-content\/uploads\/2024\/08\/IMG-20240808-WA0011-300x225.jpg\" class=\"attachment-medium size-medium wp-image-1753\" alt=\"Recordbezoek tijdens het lange weekend: 325.000 toeristen in Alicante\" srcset=\"https:\/\/costablanca-magazin.com\/wp-content\/uploads\/2024\/08\/IMG-20240808-WA0011-300x225.jpg 300w, https:\/\/costablanca-magazin.com\/wp-content\/uploads\/2024\/08\/IMG-20240808-WA0011-1024x768.jpg 1024w, https:\/\/costablanca-magazin.com\/wp-content\/uploads\/2024\/08\/IMG-20240808-WA0011-768x576.jpg 768w, https:\/\/costablanca-magazin.com\/wp-content\/uploads\/2024\/08\/IMG-20240808-WA0011-1536x1152.jpg 1536w, https:\/\/costablanca-magazin.com\/wp-content\/uploads\/2024\/08\/IMG-20240808-WA0011.jpg 1600w\" sizes=\"(max-width: 300px) 100vw, 300px\" \/><\/div><\/a>\n\t\t\t\t<div class=\"elementor-post__badge\">Nieuws &amp; politiek<\/div>\n\t\t\t\t<div class=\"elementor-post__text\">\n\t\t\t\t<h2 class=\"elementor-post__title\">\n\t\t\t<a href=\"https:\/\/costablanca-magazin.com\/nl\/lokales\/news-politik\/rekordbesuch-am-langen-wochenende-325-000-touristen-in-alicante-100-millionen-euro-umsatz\/\" >\n\t\t\t\tRecordaantal bezoekers tijdens het lange weekend: 325.000 toeristen in Alicante - 100 miljoen euro omzet\t\t\t<\/a>\n\t\t<\/h2>\n\t\t\t\t<div class=\"elementor-post__excerpt\">\n\t\t\t<p>Recordaantal bezoekers tijdens het lange weekend: 325.000 toeristen in Alicante - 100 miljoen euro omzet Het lange weekend in augustus heeft opnieuw bevestigd dat de provincie Alicante een toeristisch centrum in Spanje is. Meer dan 325.000 bezoekers kwamen naar de regio, wat resulteerde in een omzet van meer dan 100 miljoen euro. Hotels en vakantiewoningen waren<\/p>\n\t\t<\/div>\n\t\t\n\t\t<a class=\"elementor-post__read-more\" href=\"https:\/\/costablanca-magazin.com\/nl\/lokales\/news-politik\/rekordbesuch-am-langen-wochenende-325-000-touristen-in-alicante-100-millionen-euro-umsatz\/\" aria-label=\"Read more about Rekordbesuch am langen Wochenende: 325.000 Touristen in Alicante \u2013100 Millionen Euro Umsatz\" tabindex=\"-1\" >\n\t\t\tLees meer \u00bb\t\t<\/a>\n\n\t\t\t\t<\/div>\n\t\t\t\t<div class=\"elementor-post__meta-data\">\n\t\t\t\t\t<span class=\"elementor-post-date\">\n\t\t\t16\/08\/2024\t\t<\/span>\n\t\t\t\t<\/div>\n\t\t\t\t\t<\/div>\n\t\t<\/article>\n\t\t\t\t<article class=\"elementor-post elementor-grid-item post-1672 post type-post status-publish format-standard has-post-thumbnail hentry category-news-politik tag-anstieg-der-mietpreise-an-der-costa-blanca tag-costa-blanca-magazin tag-costa-blanca tag-mietpreis-costa-blanca\" role=\"listitem\">\n\t\t\t<div class=\"elementor-post__card\">\n\t\t\t\t<a class=\"elementor-post__thumbnail__link\" href=\"https:\/\/costablanca-magazin.com\/nl\/lokales\/news-politik\/explosiver-anstieg-der-mietpreisean-der-costa-blanca\/\" tabindex=\"-1\" ><div class=\"elementor-post__thumbnail\"><img loading=\"lazy\" decoding=\"async\" width=\"300\" height=\"200\" src=\"https:\/\/costablanca-magazin.com\/wp-content\/uploads\/2024\/08\/wooden-toy-house-with-rent-sign-on-grass-2023-11-27-05-23-52-utc-300x200.jpg\" class=\"attachment-medium size-medium wp-image-1674\" alt=\"Explosieve stijging van de huurprijzen aan de Costa Blanca\" srcset=\"https:\/\/costablanca-magazin.com\/wp-content\/uploads\/2024\/08\/wooden-toy-house-with-rent-sign-on-grass-2023-11-27-05-23-52-utc-300x200.jpg 300w, https:\/\/costablanca-magazin.com\/wp-content\/uploads\/2024\/08\/wooden-toy-house-with-rent-sign-on-grass-2023-11-27-05-23-52-utc-1024x683.jpg 1024w, https:\/\/costablanca-magazin.com\/wp-content\/uploads\/2024\/08\/wooden-toy-house-with-rent-sign-on-grass-2023-11-27-05-23-52-utc-768x512.jpg 768w, https:\/\/costablanca-magazin.com\/wp-content\/uploads\/2024\/08\/wooden-toy-house-with-rent-sign-on-grass-2023-11-27-05-23-52-utc.jpg 1200w\" sizes=\"(max-width: 300px) 100vw, 300px\" \/><\/div><\/a>\n\t\t\t\t<div class=\"elementor-post__badge\">Nieuws &amp; politiek<\/div>\n\t\t\t\t<div class=\"elementor-post__text\">\n\t\t\t\t<h2 class=\"elementor-post__title\">\n\t\t\t<a href=\"https:\/\/costablanca-magazin.com\/nl\/lokales\/news-politik\/explosiver-anstieg-der-mietpreisean-der-costa-blanca\/\" >\n\t\t\t\tExplosieve stijging van de huurprijzen aan de Costa Blanca\t\t\t<\/a>\n\t\t<\/h2>\n\t\t\t\t<div class=\"elementor-post__excerpt\">\n\t\t\t<p>Explosieve stijging huurprijzen aan de Costa Blanca De huurprijzen in Benidorm en de hele provincie Alicante blijven stijgen. Volgens het laatste rapport van het Fotocasa-platform zijn de huurkosten in Benidorm meer dan verdubbeld in vergelijking met tien jaar geleden. In april 2024 bedroegen de huurprijzen 138 %<\/p>\n\t\t<\/div>\n\t\t\n\t\t<a class=\"elementor-post__read-more\" href=\"https:\/\/costablanca-magazin.com\/nl\/lokales\/news-politik\/explosiver-anstieg-der-mietpreisean-der-costa-blanca\/\" aria-label=\"Read more about Explosiver Anstieg der Mietpreise an der Costa Blanca\" tabindex=\"-1\" >\n\t\t\tLees meer \u00bb\t\t<\/a>\n\n\t\t\t\t<\/div>\n\t\t\t\t<div class=\"elementor-post__meta-data\">\n\t\t\t\t\t<span class=\"elementor-post-date\">\n\t\t\t15\/08\/2024\t\t<\/span>\n\t\t\t\t<\/div>\n\t\t\t\t\t<\/div>\n\t\t<\/article>\n\t\t\t\t<article class=\"elementor-post elementor-grid-item post-1571 post type-post status-publish format-standard has-post-thumbnail hentry category-news-politik tag-arbeitslos tag-arbeitslosenzahlen-alicante tag-tourismus-arbeit\" role=\"listitem\">\n\t\t\t<div class=\"elementor-post__card\">\n\t\t\t\t<a class=\"elementor-post__thumbnail__link\" href=\"https:\/\/costablanca-magazin.com\/nl\/lokales\/news-politik\/provinz-alicante-verzeichnet-beschaeftigungszuwachs-im-zweiten-quartal\/\" tabindex=\"-1\" ><div class=\"elementor-post__thumbnail\"><img loading=\"lazy\" decoding=\"async\" width=\"300\" height=\"200\" src=\"https:\/\/costablanca-magazin.com\/wp-content\/uploads\/2024\/07\/maid-holding-fluffy-towels-2023-11-27-04-58-33-utc-300x200.jpg\" class=\"attachment-medium size-medium wp-image-1572\" alt=\"Provincie Alicante registreert werkgelegenheidsgroei in tweede kwartaal\" srcset=\"https:\/\/costablanca-magazin.com\/wp-content\/uploads\/2024\/07\/maid-holding-fluffy-towels-2023-11-27-04-58-33-utc-300x200.jpg 300w, https:\/\/costablanca-magazin.com\/wp-content\/uploads\/2024\/07\/maid-holding-fluffy-towels-2023-11-27-04-58-33-utc-1024x683.jpg 1024w, https:\/\/costablanca-magazin.com\/wp-content\/uploads\/2024\/07\/maid-holding-fluffy-towels-2023-11-27-04-58-33-utc-768x512.jpg 768w, https:\/\/costablanca-magazin.com\/wp-content\/uploads\/2024\/07\/maid-holding-fluffy-towels-2023-11-27-04-58-33-utc-1536x1024.jpg 1536w, https:\/\/costablanca-magazin.com\/wp-content\/uploads\/2024\/07\/maid-holding-fluffy-towels-2023-11-27-04-58-33-utc-2048x1365.jpg 2048w\" sizes=\"(max-width: 300px) 100vw, 300px\" \/><\/div><\/a>\n\t\t\t\t<div class=\"elementor-post__badge\">Nieuws &amp; politiek<\/div>\n\t\t\t\t<div class=\"elementor-post__text\">\n\t\t\t\t<h2 class=\"elementor-post__title\">\n\t\t\t<a href=\"https:\/\/costablanca-magazin.com\/nl\/lokales\/news-politik\/provinz-alicante-verzeichnet-beschaeftigungszuwachs-im-zweiten-quartal\/\" >\n\t\t\t\tProvincie Alicante registreert werkgelegenheidsgroei in tweede kwartaal\t\t\t<\/a>\n\t\t<\/h2>\n\t\t\t\t<div class=\"elementor-post__excerpt\">\n\t\t\t<p>Provincie Alicante registreert werkgelegenheidsgroei in tweede kwartaal De provincie Alicante registreerde een aanzienlijke toename van de werkgelegenheid in het tweede kwartaal van het jaar. In totaal werden 36.800 nieuwe banen gecre\u00eberd, wat het totaal aantal werkende mensen op 849.500 brengt. Het is vooral opmerkelijk dat drie van de vier nieuwe banen werden ingevuld door vrouwen, volgens de<\/p>\n\t\t<\/div>\n\t\t\n\t\t<a class=\"elementor-post__read-more\" href=\"https:\/\/costablanca-magazin.com\/nl\/lokales\/news-politik\/provinz-alicante-verzeichnet-beschaeftigungszuwachs-im-zweiten-quartal\/\" aria-label=\"Read more about Provinz Alicante verzeichnet Besch\u00e4ftigungszuwachs im zweiten Quartal\" tabindex=\"-1\" >\n\t\t\tLees meer \u00bb\t\t<\/a>\n\n\t\t\t\t<\/div>\n\t\t\t\t<div class=\"elementor-post__meta-data\">\n\t\t\t\t\t<span class=\"elementor-post-date\">\n\t\t\t26\/07\/2024\t\t<\/span>\n\t\t\t\t<\/div>\n\t\t\t\t\t<\/div>\n\t\t<\/article>\n\t\t\t\t<article class=\"elementor-post elementor-grid-item post-1540 post type-post status-publish format-standard has-post-thumbnail hentry category-news-politik tag-neugestaltung-promenade-altea tag-strandpromenade-altea\" role=\"listitem\">\n\t\t\t<div class=\"elementor-post__card\">\n\t\t\t\t<a class=\"elementor-post__thumbnail__link\" href=\"https:\/\/costablanca-magazin.com\/nl\/lokales\/news-politik\/politischer-streit-um-unfertige-promenade-in-altea\/\" tabindex=\"-1\" ><div class=\"elementor-post__thumbnail\"><img loading=\"lazy\" decoding=\"async\" width=\"300\" height=\"225\" src=\"https:\/\/costablanca-magazin.com\/wp-content\/uploads\/2024\/07\/20230824_171507-300x225.jpg\" class=\"attachment-medium size-medium wp-image-1541\" alt=\"Nieuwe strandboulevard Altea\" srcset=\"https:\/\/costablanca-magazin.com\/wp-content\/uploads\/2024\/07\/20230824_171507-300x225.jpg 300w, https:\/\/costablanca-magazin.com\/wp-content\/uploads\/2024\/07\/20230824_171507-1024x768.jpg 1024w, https:\/\/costablanca-magazin.com\/wp-content\/uploads\/2024\/07\/20230824_171507-768x576.jpg 768w, https:\/\/costablanca-magazin.com\/wp-content\/uploads\/2024\/07\/20230824_171507-1536x1152.jpg 1536w, https:\/\/costablanca-magazin.com\/wp-content\/uploads\/2024\/07\/20230824_171507-2048x1536.jpg 2048w\" sizes=\"(max-width: 300px) 100vw, 300px\" \/><\/div><\/a>\n\t\t\t\t<div class=\"elementor-post__badge\">Nieuws &amp; politiek<\/div>\n\t\t\t\t<div class=\"elementor-post__text\">\n\t\t\t\t<h2 class=\"elementor-post__title\">\n\t\t\t<a href=\"https:\/\/costablanca-magazin.com\/nl\/lokales\/news-politik\/politischer-streit-um-unfertige-promenade-in-altea\/\" >\n\t\t\t\tPolitiek geschil over onvoltooide promenade in Altea\t\t\t<\/a>\n\t\t<\/h2>\n\t\t\t\t<div class=\"elementor-post__excerpt\">\n\t\t\t<p>Politiek geschil over onvoltooide promenade in Altea In Altea zorgt de stopzetting van de bouwwerkzaamheden aan de promenade midden in het zomerseizoen voor politieke controverse. De Partido Popular (PP) bekritiseert het \u201egevaar\u201c van de onafgemaakte ondergrondse vuilcontainers in Calle Sant Pere, terwijl de regering benadrukt dat de voltooiing de verantwoordelijkheid is van de kustautoriteit.<\/p>\n\t\t<\/div>\n\t\t\n\t\t<a class=\"elementor-post__read-more\" href=\"https:\/\/costablanca-magazin.com\/nl\/lokales\/news-politik\/politischer-streit-um-unfertige-promenade-in-altea\/\" aria-label=\"Read more about Politischer Streit um Unfertige Promenade in Altea\" tabindex=\"-1\" >\n\t\t\tLees meer \u00bb\t\t<\/a>\n\n\t\t\t\t<\/div>\n\t\t\t\t<div class=\"elementor-post__meta-data\">\n\t\t\t\t\t<span class=\"elementor-post-date\">\n\t\t\t24\/07\/2024\t\t<\/span>\n\t\t\t\t<\/div>\n\t\t\t\t\t<\/div>\n\t\t<\/article>\n\t\t\t\t<article class=\"elementor-post elementor-grid-item post-1529 post type-post status-publish format-standard has-post-thumbnail hentry category-news-politik tag-europameister-spanien\" role=\"listitem\">\n\t\t\t<div class=\"elementor-post__card\">\n\t\t\t\t<a class=\"elementor-post__thumbnail__link\" href=\"https:\/\/costablanca-magazin.com\/nl\/lokales\/news-politik\/spanien-triumphiert-in-der-em-2024-jubel-an-der-costa-blanca\/\" tabindex=\"-1\" ><div class=\"elementor-post__thumbnail\"><img loading=\"lazy\" decoding=\"async\" width=\"300\" height=\"179\" src=\"https:\/\/costablanca-magazin.com\/wp-content\/uploads\/2024\/07\/Europameister-2024-Spanien-2-300x179.jpg\" class=\"attachment-medium size-medium wp-image-1531\" alt=\"Europees kampioen 2024 Spanje\" srcset=\"https:\/\/costablanca-magazin.com\/wp-content\/uploads\/2024\/07\/Europameister-2024-Spanien-2-300x179.jpg 300w, https:\/\/costablanca-magazin.com\/wp-content\/uploads\/2024\/07\/Europameister-2024-Spanien-2-1024x611.jpg 1024w, https:\/\/costablanca-magazin.com\/wp-content\/uploads\/2024\/07\/Europameister-2024-Spanien-2-768x458.jpg 768w, https:\/\/costablanca-magazin.com\/wp-content\/uploads\/2024\/07\/Europameister-2024-Spanien-2-1536x916.jpg 1536w, https:\/\/costablanca-magazin.com\/wp-content\/uploads\/2024\/07\/Europameister-2024-Spanien-2-2048x1222.jpg 2048w\" sizes=\"(max-width: 300px) 100vw, 300px\" \/><\/div><\/a>\n\t\t\t\t<div class=\"elementor-post__badge\">Nieuws &amp; politiek<\/div>\n\t\t\t\t<div class=\"elementor-post__text\">\n\t\t\t\t<h2 class=\"elementor-post__title\">\n\t\t\t<a href=\"https:\/\/costablanca-magazin.com\/nl\/lokales\/news-politik\/spanien-triumphiert-in-der-em-2024-jubel-an-der-costa-blanca\/\" >\n\t\t\t\tSpanje triomfeert bij Euro 2024: jubel aan de Costa Blanca\t\t\t<\/a>\n\t\t<\/h2>\n\t\t\t\t<div class=\"elementor-post__excerpt\">\n\t\t\t<p>Spanje triomfeert in Euro 2024: jubelstemming aan de Costa Blanca Spanje heeft het voor elkaar! Met een indrukwekkende 2:1 overwinning op Engeland in de finale van Euro 2024 heeft het Spaanse nationale team zijn plaats aan de top van het Europese voetbal opnieuw bevestigd. Het hele land juichte, ook aan de Costa Blanca<\/p>\n\t\t<\/div>\n\t\t\n\t\t<a class=\"elementor-post__read-more\" href=\"https:\/\/costablanca-magazin.com\/nl\/lokales\/news-politik\/spanien-triumphiert-in-der-em-2024-jubel-an-der-costa-blanca\/\" aria-label=\"Read more about Spanien triumphiert in der EM 2024: Jubel an der Costa Blanca\" tabindex=\"-1\" >\n\t\t\tLees meer \u00bb\t\t<\/a>\n\n\t\t\t\t<\/div>\n\t\t\t\t<div class=\"elementor-post__meta-data\">\n\t\t\t\t\t<span class=\"elementor-post-date\">\n\t\t\t15\/07\/2024\t\t<\/span>\n\t\t\t\t<\/div>\n\t\t\t\t\t<\/div>\n\t\t<\/article>\n\t\t\t\t<article class=\"elementor-post elementor-grid-item post-1486 post type-post status-publish format-standard has-post-thumbnail hentry category-news-politik tag-bauarbeiten-eingeschraenkt-sommer tag-laetmschutz-costablanca-sommer\" role=\"listitem\">\n\t\t\t<div class=\"elementor-post__card\">\n\t\t\t\t<a class=\"elementor-post__thumbnail__link\" href=\"https:\/\/costablanca-magazin.com\/nl\/lokales\/news-politik\/calpe-setzt-strikte-laermschutzverordnung-fuer-den-sommer-um-bauarbeiten-zeitlich-eingeschraenkt\/\" tabindex=\"-1\" ><div class=\"elementor-post__thumbnail\"><img loading=\"lazy\" decoding=\"async\" width=\"200\" height=\"300\" src=\"https:\/\/costablanca-magazin.com\/wp-content\/uploads\/2022\/09\/costablanca-lifestyle-calpe-8-200x300.jpg\" class=\"attachment-medium size-medium wp-image-671\" alt=\"costa blanca Calpe marina Alta\" srcset=\"https:\/\/costablanca-magazin.com\/wp-content\/uploads\/2022\/09\/costablanca-lifestyle-calpe-8-200x300.jpg 200w, https:\/\/costablanca-magazin.com\/wp-content\/uploads\/2022\/09\/costablanca-lifestyle-calpe-8.jpg 400w\" sizes=\"(max-width: 200px) 100vw, 200px\" \/><\/div><\/a>\n\t\t\t\t<div class=\"elementor-post__badge\">Nieuws &amp; politiek<\/div>\n\t\t\t\t<div class=\"elementor-post__text\">\n\t\t\t\t<h2 class=\"elementor-post__title\">\n\t\t\t<a href=\"https:\/\/costablanca-magazin.com\/nl\/lokales\/news-politik\/calpe-setzt-strikte-laermschutzverordnung-fuer-den-sommer-um-bauarbeiten-zeitlich-eingeschraenkt\/\" >\n\t\t\t\tCalpe voert strenge geluidsbeschermingsregels in voor de zomer: bouwwerkzaamheden beperkt in de tijd\t\t\t<\/a>\n\t\t<\/h2>\n\t\t\t\t<div class=\"elementor-post__excerpt\">\n\t\t\t<p>Calpe voert strenge geluidsverordening in voor de zomer: bouwwerkzaamheden beperkt in de tijd De gemeenteraad van Calpe heeft opnieuw een belangrijke verordening ingevoerd om het lawaai tijdens de zomerperiode te beperken. Deze verordening, die het gebruik van zware machines en bouwmachines beperkt, moet ervoor zorgen dat bewoners en bezoekers kunnen genieten van een rustige zomer.<\/p>\n\t\t<\/div>\n\t\t\n\t\t<a class=\"elementor-post__read-more\" href=\"https:\/\/costablanca-magazin.com\/nl\/lokales\/news-politik\/calpe-setzt-strikte-laermschutzverordnung-fuer-den-sommer-um-bauarbeiten-zeitlich-eingeschraenkt\/\" aria-label=\"Read more about Calpe setzt strikte L\u00e4rmschutzverordnung f\u00fcr den Sommer um: Bauarbeiten zeitlich eingeschr\u00e4nkt\" tabindex=\"-1\" >\n\t\t\tLees meer \u00bb\t\t<\/a>\n\n\t\t\t\t<\/div>\n\t\t\t\t<div class=\"elementor-post__meta-data\">\n\t\t\t\t\t<span class=\"elementor-post-date\">\n\t\t\t07\/07\/2024\t\t<\/span>\n\t\t\t\t<\/div>\n\t\t\t\t\t<\/div>\n\t\t<\/article>\n\t\t\t\t<article class=\"elementor-post elementor-grid-item post-1438 post type-post status-publish format-standard has-post-thumbnail hentry category-news-politik tag-altea tag-ibi-altea tag-plusvalia-altea tag-steuer-spanien tag-steuererhoehung\" role=\"listitem\">\n\t\t\t<div class=\"elementor-post__card\">\n\t\t\t\t<a class=\"elementor-post__thumbnail__link\" href=\"https:\/\/costablanca-magazin.com\/nl\/lokales\/news-politik\/altea-erhoeht-steuern-fuer-2025-drastisch-plusvalia-verdreifacht-ibi-steigt-um-40\/\" tabindex=\"-1\" ><div class=\"elementor-post__thumbnail\"><img loading=\"lazy\" decoding=\"async\" width=\"300\" height=\"200\" src=\"https:\/\/costablanca-magazin.com\/wp-content\/uploads\/2024\/05\/altea2-300x200.jpg\" class=\"attachment-medium size-medium wp-image-85\" alt=\"Costa Blanca Altea\" srcset=\"https:\/\/costablanca-magazin.com\/wp-content\/uploads\/2024\/05\/altea2-300x200.jpg 300w, https:\/\/costablanca-magazin.com\/wp-content\/uploads\/2024\/05\/altea2-768x512.jpg 768w, https:\/\/costablanca-magazin.com\/wp-content\/uploads\/2024\/05\/altea2.jpg 800w\" sizes=\"(max-width: 300px) 100vw, 300px\" \/><\/div><\/a>\n\t\t\t\t<div class=\"elementor-post__badge\">Nieuws &amp; politiek<\/div>\n\t\t\t\t<div class=\"elementor-post__text\">\n\t\t\t\t<h2 class=\"elementor-post__title\">\n\t\t\t<a href=\"https:\/\/costablanca-magazin.com\/nl\/lokales\/news-politik\/altea-erhoeht-steuern-fuer-2025-drastisch-plusvalia-verdreifacht-ibi-steigt-um-40\/\" >\n\t\t\t\tAltea verhoogt belastingen drastisch voor 2025: Plusvalia verdrievoudigt, IBI stijgt met 40 %\t\t\t<\/a>\n\t\t<\/h2>\n\t\t\t\t<div class=\"elementor-post__excerpt\">\n\t\t\t<p>Altea verhoogt belastingen drastisch voor 2025: Plusvalia verdrievoudigt, IBI stijgt met 40 % Het stadsbestuur van Altea heeft een aanzienlijke verhoging van de vermogenswinstbelasting (Plusvalia) en onroerendgoedbelasting (IBI) aangekondigd voor het komende jaar. Dit maakt deel uit van een uitgebreid strategisch plan dat is gepresenteerd door het regeringsteam van Comprom\u00eds en PSOE om de financi\u00eble situatie van de stad te verbeteren.<\/p>\n\t\t<\/div>\n\t\t\n\t\t<a class=\"elementor-post__read-more\" href=\"https:\/\/costablanca-magazin.com\/nl\/lokales\/news-politik\/altea-erhoeht-steuern-fuer-2025-drastisch-plusvalia-verdreifacht-ibi-steigt-um-40\/\" aria-label=\"Read more about Altea erh\u00f6ht Steuern f\u00fcr 2025 drastisch: Plusvalia verdreifacht, IBI steigt um 40 %\" tabindex=\"-1\" >\n\t\t\tLees meer \u00bb\t\t<\/a>\n\n\t\t\t\t<\/div>\n\t\t\t\t<div class=\"elementor-post__meta-data\">\n\t\t\t\t\t<span class=\"elementor-post-date\">\n\t\t\t20\/06\/2024\t\t<\/span>\n\t\t\t\t<\/div>\n\t\t\t\t\t<\/div>\n\t\t<\/article>\n\t\t\t\t<article class=\"elementor-post elementor-grid-item post-562 post type-post status-publish format-standard has-post-thumbnail hentry category-news-politik tag-ferienunterkuenfte tag-ferienvermietlizenz tag-touristiklizenz-costablanca\" role=\"listitem\">\n\t\t\t<div class=\"elementor-post__card\">\n\t\t\t\t<a class=\"elementor-post__thumbnail__link\" href=\"https:\/\/costablanca-magazin.com\/nl\/lokales\/news-politik\/zunahme-von-touristenunterkuenften-gemeinden-setzen-genehmigungen-aus\/\" tabindex=\"-1\" ><div class=\"elementor-post__thumbnail\"><img loading=\"lazy\" decoding=\"async\" width=\"200\" height=\"300\" src=\"https:\/\/costablanca-magazin.com\/wp-content\/uploads\/2024\/06\/strandex-200x300.jpg\" class=\"attachment-medium size-medium wp-image-10401\" alt=\"\" srcset=\"https:\/\/costablanca-magazin.com\/wp-content\/uploads\/2024\/06\/strandex-200x300.jpg 200w, https:\/\/costablanca-magazin.com\/wp-content\/uploads\/2024\/06\/strandex-8x12.jpg 8w, https:\/\/costablanca-magazin.com\/wp-content\/uploads\/2024\/06\/strandex.jpg 400w\" sizes=\"(max-width: 200px) 100vw, 200px\" \/><\/div><\/a>\n\t\t\t\t<div class=\"elementor-post__badge\">Nieuws &amp; politiek<\/div>\n\t\t\t\t<div class=\"elementor-post__text\">\n\t\t\t\t<h2 class=\"elementor-post__title\">\n\t\t\t<a href=\"https:\/\/costablanca-magazin.com\/nl\/lokales\/news-politik\/zunahme-von-touristenunterkuenften-gemeinden-setzen-genehmigungen-aus\/\" >\n\t\t\t\tToename toeristische accommodaties: gemeenten schorten vergunningen op\t\t\t<\/a>\n\t\t<\/h2>\n\t\t\t\t<div class=\"elementor-post__excerpt\">\n\t\t\t<p>Toename toeristische accommodaties: gemeenten schorten vergunningen op Toename toeristische accommodaties: gemeenten schorten vergunningen op In verschillende gemeenten van de Marina Baixa en Marina Alta neemt het aantal toeristische accommodaties gestaag toe, waardoor de gemeentelijke autoriteiten genoodzaakt zijn actie te ondernemen. Calp, Altea, Polop en La Vila Joiosa hebben al gereageerd of plannen maatregelen om het aantal toeristische accommodaties tot een minimum te beperken.<\/p>\n\t\t<\/div>\n\t\t\n\t\t<a class=\"elementor-post__read-more\" href=\"https:\/\/costablanca-magazin.com\/nl\/lokales\/news-politik\/zunahme-von-touristenunterkuenften-gemeinden-setzen-genehmigungen-aus\/\" aria-label=\"Read more about Zunahme von Touristenunterk\u00fcnften: Gemeinden setzen Genehmigungen aus\" tabindex=\"-1\" >\n\t\t\tLees meer \u00bb\t\t<\/a>\n\n\t\t\t\t<\/div>\n\t\t\t\t<div class=\"elementor-post__meta-data\">\n\t\t\t\t\t<span class=\"elementor-post-date\">\n\t\t\t11\/06\/2024\t\t<\/span>\n\t\t\t\t<\/div>\n\t\t\t\t\t<\/div>\n\t\t<\/article>\n\t\t\t\t<article class=\"elementor-post elementor-grid-item post-396 post type-post status-publish format-standard has-post-thumbnail hentry category-news-politik tag-ferienunterkuenfte tag-ferienvermietlizenz-calpe tag-touristiklizenz-calpe\" role=\"listitem\">\n\t\t\t<div class=\"elementor-post__card\">\n\t\t\t\t<a class=\"elementor-post__thumbnail__link\" href=\"https:\/\/costablanca-magazin.com\/nl\/lokales\/news-politik\/calpe-moegliche-begrenzung-von-touristenunterkuenften-wird-ueberprueft\/\" tabindex=\"-1\" ><div class=\"elementor-post__thumbnail\"><img loading=\"lazy\" decoding=\"async\" width=\"300\" height=\"225\" src=\"https:\/\/costablanca-magazin.com\/wp-content\/uploads\/2024\/05\/calpe1-300x225.jpg\" class=\"attachment-medium size-medium wp-image-124\" alt=\"Calpe strand met toeristische appartementen\" srcset=\"https:\/\/costablanca-magazin.com\/wp-content\/uploads\/2024\/05\/calpe1-300x225.jpg 300w, https:\/\/costablanca-magazin.com\/wp-content\/uploads\/2024\/05\/calpe1.jpg 768w\" sizes=\"(max-width: 300px) 100vw, 300px\" \/><\/div><\/a>\n\t\t\t\t<div class=\"elementor-post__badge\">Nieuws &amp; politiek<\/div>\n\t\t\t\t<div class=\"elementor-post__text\">\n\t\t\t\t<h2 class=\"elementor-post__title\">\n\t\t\t<a href=\"https:\/\/costablanca-magazin.com\/nl\/lokales\/news-politik\/calpe-moegliche-begrenzung-von-touristenunterkuenften-wird-ueberprueft\/\" >\n\t\t\t\tCalpe - Mogelijke beperking van toeristische accommodatie wordt herzien\t\t\t<\/a>\n\t\t<\/h2>\n\t\t\t\t<div class=\"elementor-post__excerpt\">\n\t\t\t<p>Calpe - Mogelijke beperking van toeristische accommodatie wordt herzien De gemeenteraad van Calpe heeft nu besloten om de regulering van deze sector te onderzoeken met het oog op de sterke toename van toeristische accommodatie. In anderhalf jaar tijd zijn er meer dan 1.000 nieuwe vakantiehuizen geregistreerd, waarmee het totale aantal op 5.365 komt. Dit komt overeen met ongeveer een vijfde<\/p>\n\t\t<\/div>\n\t\t\n\t\t<a class=\"elementor-post__read-more\" href=\"https:\/\/costablanca-magazin.com\/nl\/lokales\/news-politik\/calpe-moegliche-begrenzung-von-touristenunterkuenften-wird-ueberprueft\/\" aria-label=\"Read more about Calpe &#8211; M\u00f6gliche Begrenzung von Touristenunterk\u00fcnften wird \u00fcberpr\u00fcft\" tabindex=\"-1\" >\n\t\t\tLees meer \u00bb\t\t<\/a>\n\n\t\t\t\t<\/div>\n\t\t\t\t<div class=\"elementor-post__meta-data\">\n\t\t\t\t\t<span class=\"elementor-post-date\">\n\t\t\t10\/06\/2024\t\t<\/span>\n\t\t\t\t<\/div>\n\t\t\t\t\t<\/div>\n\t\t<\/article>\n\t\t\t\t<article class=\"elementor-post elementor-grid-item post-385 post type-post status-publish format-standard has-post-thumbnail hentry category-news-politik tag-sanierung-villajoyossa\" role=\"listitem\">\n\t\t\t<div class=\"elementor-post__card\">\n\t\t\t\t<a class=\"elementor-post__thumbnail__link\" href=\"https:\/\/costablanca-magazin.com\/nl\/lokales\/news-politik\/sanierung-der-fussgaengerzugaenge-zum-strand-el-torres-in-la-vila-joiosa-beginnt\/\" tabindex=\"-1\" ><div class=\"elementor-post__thumbnail\"><img loading=\"lazy\" decoding=\"async\" width=\"300\" height=\"225\" src=\"https:\/\/costablanca-magazin.com\/wp-content\/uploads\/2024\/05\/Villajoyosa1-300x225.jpg\" class=\"attachment-medium size-medium wp-image-163\" alt=\"costablanca-lifestyle-villajojossa\" srcset=\"https:\/\/costablanca-magazin.com\/wp-content\/uploads\/2024\/05\/Villajoyosa1-300x225.jpg 300w, https:\/\/costablanca-magazin.com\/wp-content\/uploads\/2024\/05\/Villajoyosa1.jpg 768w\" sizes=\"(max-width: 300px) 100vw, 300px\" \/><\/div><\/a>\n\t\t\t\t<div class=\"elementor-post__badge\">Nieuws &amp; politiek<\/div>\n\t\t\t\t<div class=\"elementor-post__text\">\n\t\t\t\t<h2 class=\"elementor-post__title\">\n\t\t\t<a href=\"https:\/\/costablanca-magazin.com\/nl\/lokales\/news-politik\/sanierung-der-fussgaengerzugaenge-zum-strand-el-torres-in-la-vila-joiosa-beginnt\/\" >\n\t\t\t\tHerinrichting van de voetgangerstoegang tot het strand El Torres in La Vila Joiosa begint\t\t\t<\/a>\n\t\t<\/h2>\n\t\t\t\t<div class=\"elementor-post__excerpt\">\n\t\t\t<p>Opknappen van de voetgangerstoegangen naar het strand El Torres in La Vila Joiosa De gemeenteraad van La Vila Joiosa is begonnen met het opknappen van de voetgangerstoegangen vanaf de boulevard naar het strand El Torres. Het project, dat meer dan een maand in beslag zal nemen, omvat het verwijderen van de bestaande structuren op het strand en<\/p>\n\t\t<\/div>\n\t\t\n\t\t<a class=\"elementor-post__read-more\" href=\"https:\/\/costablanca-magazin.com\/nl\/lokales\/news-politik\/sanierung-der-fussgaengerzugaenge-zum-strand-el-torres-in-la-vila-joiosa-beginnt\/\" aria-label=\"Read more about Sanierung der Fu\u00dfg\u00e4ngerzug\u00e4nge zum Strand El Torres in La Vila Joiosa beginnt\" tabindex=\"-1\" >\n\t\t\tLees meer \u00bb\t\t<\/a>\n\n\t\t\t\t<\/div>\n\t\t\t\t<div class=\"elementor-post__meta-data\">\n\t\t\t\t\t<span class=\"elementor-post-date\">\n\t\t\t10\/06\/2024\t\t<\/span>\n\t\t\t\t<\/div>\n\t\t\t\t\t<\/div>\n\t\t<\/article>\n\t\t\t\t<article class=\"elementor-post elementor-grid-item post-379 post type-post status-publish format-standard has-post-thumbnail hentry category-news-politik tag-europawahlen tag-pp-alicante tag-pp-spanien\" role=\"listitem\">\n\t\t\t<div class=\"elementor-post__card\">\n\t\t\t\t<a class=\"elementor-post__thumbnail__link\" href=\"https:\/\/costablanca-magazin.com\/nl\/lokales\/news-politik\/europawahlen-pp-behauptet-vorherrschaft-in-alicante-trotz-erstarken-der-extremen-rechten\/\" tabindex=\"-1\" ><div class=\"elementor-post__thumbnail\"><img loading=\"lazy\" decoding=\"async\" width=\"300\" height=\"169\" src=\"https:\/\/costablanca-magazin.com\/wp-content\/uploads\/2024\/06\/hand-holding-ballot-paper-for-election-vote-concep-2023-11-27-05-37-23-utc-300x169.jpg\" class=\"attachment-medium size-medium wp-image-380\" alt=\"Europese verkiezingen in Alicante: PP behoudt dominantie\" srcset=\"https:\/\/costablanca-magazin.com\/wp-content\/uploads\/2024\/06\/hand-holding-ballot-paper-for-election-vote-concep-2023-11-27-05-37-23-utc-300x169.jpg 300w, https:\/\/costablanca-magazin.com\/wp-content\/uploads\/2024\/06\/hand-holding-ballot-paper-for-election-vote-concep-2023-11-27-05-37-23-utc-1024x576.jpg 1024w, https:\/\/costablanca-magazin.com\/wp-content\/uploads\/2024\/06\/hand-holding-ballot-paper-for-election-vote-concep-2023-11-27-05-37-23-utc-768x432.jpg 768w, https:\/\/costablanca-magazin.com\/wp-content\/uploads\/2024\/06\/hand-holding-ballot-paper-for-election-vote-concep-2023-11-27-05-37-23-utc-1536x864.jpg 1536w, https:\/\/costablanca-magazin.com\/wp-content\/uploads\/2024\/06\/hand-holding-ballot-paper-for-election-vote-concep-2023-11-27-05-37-23-utc-2048x1152.jpg 2048w\" sizes=\"(max-width: 300px) 100vw, 300px\" \/><\/div><\/a>\n\t\t\t\t<div class=\"elementor-post__badge\">Nieuws &amp; politiek<\/div>\n\t\t\t\t<div class=\"elementor-post__text\">\n\t\t\t\t<h2 class=\"elementor-post__title\">\n\t\t\t<a href=\"https:\/\/costablanca-magazin.com\/nl\/lokales\/news-politik\/europawahlen-pp-behauptet-vorherrschaft-in-alicante-trotz-erstarken-der-extremen-rechten\/\" >\n\t\t\t\tEuropese verkiezingen: PP behoudt dominantie in Alicante ondanks opkomst extreem-rechts\t\t\t<\/a>\n\t\t<\/h2>\n\t\t\t\t<div class=\"elementor-post__excerpt\">\n\t\t\t<p>Europese verkiezingen: PP behoudt dominantie in Alicante ondanks opkomst extreem-rechts De Europese verkiezingen in de regio Alicante hebben een spannend resultaat opgeleverd. De Partido Popular (PP) onder leiding van Luis Barcala wist opnieuw de meerderheid te behalen in de stad Alicante. Met een aandeel van 39,43% in de stemmen heeft de PP<\/p>\n\t\t<\/div>\n\t\t\n\t\t<a class=\"elementor-post__read-more\" href=\"https:\/\/costablanca-magazin.com\/nl\/lokales\/news-politik\/europawahlen-pp-behauptet-vorherrschaft-in-alicante-trotz-erstarken-der-extremen-rechten\/\" aria-label=\"Read more about Europawahlen: PP behauptet Vorherrschaft in Alicante trotz Erstarken der extremen Rechten\" tabindex=\"-1\" >\n\t\t\tLees meer \u00bb\t\t<\/a>\n\n\t\t\t\t<\/div>\n\t\t\t\t<div class=\"elementor-post__meta-data\">\n\t\t\t\t\t<span class=\"elementor-post-date\">\n\t\t\t10\/06\/2024\t\t<\/span>\n\t\t\t\t<\/div>\n\t\t\t\t\t<\/div>\n\t\t<\/article>\n\t\t\t\t<article class=\"elementor-post elementor-grid-item post-373 post type-post status-publish format-standard has-post-thumbnail hentry category-news-politik tag-flughafen-alicante tag-neue-rollbahn-alicante\" role=\"listitem\">\n\t\t\t<div class=\"elementor-post__card\">\n\t\t\t\t<a class=\"elementor-post__thumbnail__link\" href=\"https:\/\/costablanca-magazin.com\/nl\/lokales\/news-politik\/neue-rollbahn-fuer-den-flughafen-alicante-elche-ausgeschrieben\/\" tabindex=\"-1\" ><div class=\"elementor-post__thumbnail\"><img loading=\"lazy\" decoding=\"async\" width=\"300\" height=\"200\" src=\"https:\/\/costablanca-magazin.com\/wp-content\/uploads\/2024\/06\/Landebahn-view-of-the-runways-of-airport-2023-11-27-05-23-08-utc-300x200.jpg\" class=\"attachment-medium size-medium wp-image-374\" alt=\"Nieuwe taxibaan voor luchthaven Alicante-Elche aanbesteed\" srcset=\"https:\/\/costablanca-magazin.com\/wp-content\/uploads\/2024\/06\/Landebahn-view-of-the-runways-of-airport-2023-11-27-05-23-08-utc-300x200.jpg 300w, https:\/\/costablanca-magazin.com\/wp-content\/uploads\/2024\/06\/Landebahn-view-of-the-runways-of-airport-2023-11-27-05-23-08-utc-1024x684.jpg 1024w, https:\/\/costablanca-magazin.com\/wp-content\/uploads\/2024\/06\/Landebahn-view-of-the-runways-of-airport-2023-11-27-05-23-08-utc-768x513.jpg 768w, https:\/\/costablanca-magazin.com\/wp-content\/uploads\/2024\/06\/Landebahn-view-of-the-runways-of-airport-2023-11-27-05-23-08-utc-1536x1025.jpg 1536w, https:\/\/costablanca-magazin.com\/wp-content\/uploads\/2024\/06\/Landebahn-view-of-the-runways-of-airport-2023-11-27-05-23-08-utc-2048x1367.jpg 2048w\" sizes=\"(max-width: 300px) 100vw, 300px\" \/><\/div><\/a>\n\t\t\t\t<div class=\"elementor-post__badge\">Nieuws &amp; politiek<\/div>\n\t\t\t\t<div class=\"elementor-post__text\">\n\t\t\t\t<h2 class=\"elementor-post__title\">\n\t\t\t<a href=\"https:\/\/costablanca-magazin.com\/nl\/lokales\/news-politik\/neue-rollbahn-fuer-den-flughafen-alicante-elche-ausgeschrieben\/\" >\n\t\t\t\tNieuwe taxibaan voor luchthaven Alicante-Elche aanbesteed\t\t\t<\/a>\n\t\t<\/h2>\n\t\t\t\t<div class=\"elementor-post__excerpt\">\n\t\t\t<p>Nieuwe taxibaan voor luchthaven Alicante-Elche aanbesteed Aena heeft een nieuwe taxibaan voor de luchthaven van Alicante-Elche aanbesteed ter voorbereiding op de geplande uitbreiding. De werkzaamheden, die naar verwachting 17,5 miljoen euro zullen kosten, zullen het vliegverkeer van de parkeerterreinen naar de start- en landingsbaan versnellen en de effici\u00ebntie van de luchthaven verhogen. De bouwperiode bedraagt 27 maanden,<\/p>\n\t\t<\/div>\n\t\t\n\t\t<a class=\"elementor-post__read-more\" href=\"https:\/\/costablanca-magazin.com\/nl\/lokales\/news-politik\/neue-rollbahn-fuer-den-flughafen-alicante-elche-ausgeschrieben\/\" aria-label=\"Read more about Neue Rollbahn f\u00fcr den Flughafen Alicante-Elche ausgeschrieben\" tabindex=\"-1\" >\n\t\t\tLees meer \u00bb\t\t<\/a>\n\n\t\t\t\t<\/div>\n\t\t\t\t<div class=\"elementor-post__meta-data\">\n\t\t\t\t\t<span class=\"elementor-post-date\">\n\t\t\t10\/06\/2024\t\t<\/span>\n\t\t\t\t<\/div>\n\t\t\t\t\t<\/div>\n\t\t<\/article>\n\t\t\t\t<\/div>\n\t\t\n\t\t\t\t\t\t<\/div>\n\t\t\t\t<\/div>\n\t\t\t\t\t<\/div>\n\t\t\t\t<\/div>\n\t\t\t\t<\/div>","protected":false},"excerpt":{"rendered":"<p>In den lokalen News &#038; Politik Berichten finde ich Aktuelle Stimmen aus der Gemeinde, Entwicklungen Hintergr\u00fcnde zur Entscheidung, an pers\u00f6nliche Reaktionen der Betroffenen, der Zahlen zur Entwicklung, Costa Kommentare von Experten und Blanca Hinweise auf n\u00e4chste Schritte. Lokales &#8211; News &amp; Politik<\/p>","protected":false},"author":1,"featured_media":0,"parent":0,"menu_order":0,"comment_status":"closed","ping_status":"closed","template":"elementor_header_footer","meta":{"om_disable_all_campaigns":false,"_monsterinsights_skip_tracking":false,"_monsterinsights_sitenote_active":false,"_monsterinsights_sitenote_note":"","_monsterinsights_sitenote_category":0,"footnotes":""},"class_list":["post-4519","page","type-page","status-publish","hentry"],"aioseo_notices":[],"_links":{"self":[{"href":"https:\/\/costablanca-magazin.com\/nl\/wp-json\/wp\/v2\/pages\/4519","targetHints":{"allow":["GET"]}}],"collection":[{"href":"https:\/\/costablanca-magazin.com\/nl\/wp-json\/wp\/v2\/pages"}],"about":[{"href":"https:\/\/costablanca-magazin.com\/nl\/wp-json\/wp\/v2\/types\/page"}],"author":[{"embeddable":true,"href":"https:\/\/costablanca-magazin.com\/nl\/wp-json\/wp\/v2\/users\/1"}],"replies":[{"embeddable":true,"href":"https:\/\/costablanca-magazin.com\/nl\/wp-json\/wp\/v2\/comments?post=4519"}],"version-history":[{"count":24,"href":"https:\/\/costablanca-magazin.com\/nl\/wp-json\/wp\/v2\/pages\/4519\/revisions"}],"predecessor-version":[{"id":10365,"href":"https:\/\/costablanca-magazin.com\/nl\/wp-json\/wp\/v2\/pages\/4519\/revisions\/10365"}],"wp:attachment":[{"href":"https:\/\/costablanca-magazin.com\/nl\/wp-json\/wp\/v2\/media?parent=4519"}],"curies":[{"name":"wp","href":"https:\/\/api.w.org\/{rel}","templated":true}]}}