{"id":7938,"date":"2025-07-07T20:09:35","date_gmt":"2025-07-07T18:09:35","guid":{"rendered":"https:\/\/costablanca-magazin.com\/?page_id=7938"},"modified":"2026-02-11T11:54:57","modified_gmt":"2026-02-11T10:54:57","slug":"forretningstjeneste","status":"publish","type":"page","link":"https:\/\/costablanca-magazin.com\/nb\/business-service\/","title":{"rendered":"Forretning og service"},"content":{"rendered":"<div data-elementor-type=\"wp-page\" data-elementor-id=\"7938\" class=\"elementor elementor-7938\" data-elementor-post-type=\"page\">\n\t\t\t\t<div class=\"elementor-element elementor-element-fe8fa7b e-flex e-con-boxed e-con e-parent\" data-id=\"fe8fa7b\" data-element_type=\"container\" data-e-type=\"container\">\n\t\t\t\t\t<div class=\"e-con-inner\">\n\t\t\t\t<div class=\"elementor-element elementor-element-cbe2e30 elementor-widget elementor-widget-heading\" data-id=\"cbe2e30\" data-element_type=\"widget\" data-e-type=\"widget\" data-widget_type=\"heading.default\">\n\t\t\t\t<div class=\"elementor-widget-container\">\n\t\t\t\t\t<h1 class=\"elementor-heading-title elementor-size-default\">Lokalt - Forretning og service<\/h1>\t\t\t\t<\/div>\n\t\t\t\t<\/div>\n\t\t\t\t\t<\/div>\n\t\t\t\t<\/div>\n\t\t<div class=\"elementor-element elementor-element-ba20756 e-flex e-con-boxed e-con e-parent\" data-id=\"ba20756\" data-element_type=\"container\" data-e-type=\"container\">\n\t\t\t\t\t<div class=\"e-con-inner\">\n\t\t\t\t<div class=\"elementor-element elementor-element-dcec087 elementor-grid-3 elementor-grid-tablet-2 elementor-grid-mobile-1 elementor-posts--thumbnail-top elementor-card-shadow-yes elementor-posts__hover-gradient elementor-widget elementor-widget-posts\" data-id=\"dcec087\" data-element_type=\"widget\" data-e-type=\"widget\" data-settings=\"{&quot;pagination_type&quot;:&quot;numbers&quot;,&quot;cards_columns&quot;:&quot;3&quot;,&quot;cards_columns_tablet&quot;:&quot;2&quot;,&quot;cards_columns_mobile&quot;:&quot;1&quot;,&quot;cards_row_gap&quot;:{&quot;unit&quot;:&quot;px&quot;,&quot;size&quot;:35,&quot;sizes&quot;:[]},&quot;cards_row_gap_tablet&quot;:{&quot;unit&quot;:&quot;px&quot;,&quot;size&quot;:&quot;&quot;,&quot;sizes&quot;:[]},&quot;cards_row_gap_mobile&quot;:{&quot;unit&quot;:&quot;px&quot;,&quot;size&quot;:&quot;&quot;,&quot;sizes&quot;:[]}}\" data-widget_type=\"posts.cards\">\n\t\t\t\t<div class=\"elementor-widget-container\">\n\t\t\t\t\t\t\t<div class=\"elementor-posts-container elementor-posts elementor-posts--skin-cards elementor-grid\" role=\"list\">\n\t\t\t\t<article class=\"elementor-post elementor-grid-item post-11330 post type-post status-publish format-standard has-post-thumbnail hentry category-business-service tag-karfreitag-supermaerkte-spanien-geoeffnet tag-oeffnungszeiten-supermarkt-costa-blanca tag-ostermontag-costa-blanca-geschaefte tag-pepe-la-sal-oeffnungszeiten-ostern tag-supermaerkte-costa-blanca-ostern-2026\" role=\"listitem\">\n\t\t\t<div class=\"elementor-post__card\">\n\t\t\t\t<a class=\"elementor-post__thumbnail__link\" href=\"https:\/\/costablanca-magazin.com\/nb\/lokales\/business-service\/supermaerkte-costa-blanca-ostern-2026-oeffnungszeiten-im-ueberblick\/\" tabindex=\"-1\" ><div class=\"elementor-post__thumbnail\"><img fetchpriority=\"high\" decoding=\"async\" width=\"300\" height=\"200\" src=\"https:\/\/costablanca-magazin.com\/wp-content\/uploads\/2026\/03\/wooden-sign-hanging-on-a-glass-door-showing-open-i-2026-01-09-06-34-23-utc-300x200.jpg\" class=\"attachment-medium size-medium wp-image-11331\" alt=\"Supermarkeder Costa Blanca P\u00e5ske 2026: Hvem har \u00e5pent n\u00e5r\" srcset=\"https:\/\/costablanca-magazin.com\/wp-content\/uploads\/2026\/03\/wooden-sign-hanging-on-a-glass-door-showing-open-i-2026-01-09-06-34-23-utc-300x200.jpg 300w, https:\/\/costablanca-magazin.com\/wp-content\/uploads\/2026\/03\/wooden-sign-hanging-on-a-glass-door-showing-open-i-2026-01-09-06-34-23-utc-1024x683.jpg 1024w, https:\/\/costablanca-magazin.com\/wp-content\/uploads\/2026\/03\/wooden-sign-hanging-on-a-glass-door-showing-open-i-2026-01-09-06-34-23-utc-768x512.jpg 768w, https:\/\/costablanca-magazin.com\/wp-content\/uploads\/2026\/03\/wooden-sign-hanging-on-a-glass-door-showing-open-i-2026-01-09-06-34-23-utc-1536x1024.jpg 1536w, https:\/\/costablanca-magazin.com\/wp-content\/uploads\/2026\/03\/wooden-sign-hanging-on-a-glass-door-showing-open-i-2026-01-09-06-34-23-utc-2048x1366.jpg 2048w, https:\/\/costablanca-magazin.com\/wp-content\/uploads\/2026\/03\/wooden-sign-hanging-on-a-glass-door-showing-open-i-2026-01-09-06-34-23-utc-18x12.jpg 18w\" sizes=\"(max-width: 300px) 100vw, 300px\" \/><\/div><\/a>\n\t\t\t\t<div class=\"elementor-post__badge\">Forretning og service<\/div>\n\t\t\t\t<div class=\"elementor-post__text\">\n\t\t\t\t<h2 class=\"elementor-post__title\">\n\t\t\t<a href=\"https:\/\/costablanca-magazin.com\/nb\/lokales\/business-service\/supermaerkte-costa-blanca-ostern-2026-oeffnungszeiten-im-ueberblick\/\" >\n\t\t\t\tSupermarkeder Costa Blanca P\u00e5ske 2026: Oversikt over \u00e5pningstider\t\t\t<\/a>\n\t\t<\/h2>\n\t\t\t\t<div class=\"elementor-post__excerpt\">\n\t\t\t<p>Supermarkeder Costa Blanca P\u00e5ske 2026 - Oversikt over \u00e5pningstider Langfredag og 2. p\u00e5skedag er helligdager - mange markeder holder stengt. P\u00e5skedag er ikke helligdag, men er ogs\u00e5 innskrenket.rundt p\u00e5sketider forskyves de vanlige \u00e5pningstidene p\u00e5 Costa Blanca. Mens Semana Santa dominerer det offentlige livet i mange byer og tettsteder<\/p>\n\t\t<\/div>\n\t\t\n\t\t<a class=\"elementor-post__read-more\" href=\"https:\/\/costablanca-magazin.com\/nb\/lokales\/business-service\/supermaerkte-costa-blanca-ostern-2026-oeffnungszeiten-im-ueberblick\/\" aria-label=\"Read more about Superm\u00e4rkte Costa Blanca Ostern 2026: \u00d6ffnungszeiten im \u00dcberblick\" tabindex=\"-1\" >\n\t\t\tLes mer \u00bb\t\t<\/a>\n\n\t\t\t\t<\/div>\n\t\t\t\t\t<\/div>\n\t\t<\/article>\n\t\t\t\t<article class=\"elementor-post elementor-grid-item post-10836 post type-post status-publish format-standard has-post-thumbnail hentry category-business-service tag-arbeit-alicante tag-arbeit-torrevieja tag-arbeiten-in-spanien-als-resident tag-jobs-costa-blanca tag-labora-comunidad-valenciana tag-stellenangebote-denia\" role=\"listitem\">\n\t\t\t<div class=\"elementor-post__card\">\n\t\t\t\t<a class=\"elementor-post__thumbnail__link\" href=\"https:\/\/costablanca-magazin.com\/nb\/lokales\/business-service\/arbeit-an-der-costa-blanca-jobs-labora-anerkennung-2026\/\" tabindex=\"-1\" ><div class=\"elementor-post__thumbnail\"><img decoding=\"async\" width=\"300\" height=\"200\" src=\"https:\/\/costablanca-magazin.com\/wp-content\/uploads\/2026\/03\/bearded-developer-using-laptop-on-blue-with-websi-2024-11-18-12-57-15-utc-300x200.jpg\" class=\"attachment-medium size-medium wp-image-10845\" alt=\"Jobbs\u00f8king Costa Blanca 2026: Jobbs\u00f8king fra D\u00e9nia til La Zenia | Portale, Labora &amp; Recognition\" srcset=\"https:\/\/costablanca-magazin.com\/wp-content\/uploads\/2026\/03\/bearded-developer-using-laptop-on-blue-with-websi-2024-11-18-12-57-15-utc-300x200.jpg 300w, https:\/\/costablanca-magazin.com\/wp-content\/uploads\/2026\/03\/bearded-developer-using-laptop-on-blue-with-websi-2024-11-18-12-57-15-utc-1024x684.jpg 1024w, https:\/\/costablanca-magazin.com\/wp-content\/uploads\/2026\/03\/bearded-developer-using-laptop-on-blue-with-websi-2024-11-18-12-57-15-utc-768x513.jpg 768w, https:\/\/costablanca-magazin.com\/wp-content\/uploads\/2026\/03\/bearded-developer-using-laptop-on-blue-with-websi-2024-11-18-12-57-15-utc-1536x1025.jpg 1536w, https:\/\/costablanca-magazin.com\/wp-content\/uploads\/2026\/03\/bearded-developer-using-laptop-on-blue-with-websi-2024-11-18-12-57-15-utc-2048x1367.jpg 2048w, https:\/\/costablanca-magazin.com\/wp-content\/uploads\/2026\/03\/bearded-developer-using-laptop-on-blue-with-websi-2024-11-18-12-57-15-utc-18x12.jpg 18w\" sizes=\"(max-width: 300px) 100vw, 300px\" \/><\/div><\/a>\n\t\t\t\t<div class=\"elementor-post__badge\">Forretning og service<\/div>\n\t\t\t\t<div class=\"elementor-post__text\">\n\t\t\t\t<h2 class=\"elementor-post__title\">\n\t\t\t<a href=\"https:\/\/costablanca-magazin.com\/nb\/lokales\/business-service\/arbeit-an-der-costa-blanca-jobs-labora-anerkennung-2026\/\" >\n\t\t\t\tArbeid p\u00e5 Costa Blanca - Arbeidsplasser, Labora, Anerkjennelse 2026\t\t\t<\/a>\n\t\t<\/h2>\n\t\t\t\t<div class=\"elementor-post__excerpt\">\n\t\t\t<p>Finn arbeid p\u00e5 Costa Blanca: Jobber, Labora, Anerkjennelse 2026 Jobbs\u00f8k p\u00e5 Costa Blanca: De beste m\u00e5tene \u00e5 finne arbeid mellom D\u00e9nia og La Zenia - aktive jobbportaler, Labora, nettverk og anerkjennelse av kvalifikasjoner. Alle som starter en ny karriere p\u00e5 Costa Blanca opererer i et heterogent marked. Mellom D\u00e9nia<\/p>\n\t\t<\/div>\n\t\t\n\t\t<a class=\"elementor-post__read-more\" href=\"https:\/\/costablanca-magazin.com\/nb\/lokales\/business-service\/arbeit-an-der-costa-blanca-jobs-labora-anerkennung-2026\/\" aria-label=\"Read more about Arbeit an der Costa Blanca &#8211; Jobs, Labora, Anerkennung 2026\" tabindex=\"-1\" >\n\t\t\tLes mer \u00bb\t\t<\/a>\n\n\t\t\t\t<\/div>\n\t\t\t\t\t<\/div>\n\t\t<\/article>\n\t\t\t\t<article class=\"elementor-post elementor-grid-item post-8501 post type-post status-publish format-standard has-post-thumbnail hentry category-business-service tag-deutsche-qualitaetskuechen tag-exclusiv-kitchens-la-nucia tag-kuechen-mit-konzept tag-kuechen-showroom-la-nucia tag-kuechendesign-costa-blanca tag-preisvorteil-kuechen\" role=\"listitem\">\n\t\t\t<div class=\"elementor-post__card\">\n\t\t\t\t<a class=\"elementor-post__thumbnail__link\" href=\"https:\/\/costablanca-magazin.com\/nb\/lokales\/business-service\/exclusive-kitchens-la-nucia-kuechen-mit-konzept\/\" tabindex=\"-1\" ><div class=\"elementor-post__thumbnail\"><img decoding=\"async\" width=\"300\" height=\"136\" src=\"https:\/\/costablanca-magazin.com\/wp-content\/uploads\/2025\/08\/Exclusiv-Kitchens-01-1920w-300x136.jpg\" class=\"attachment-medium size-medium wp-image-8504\" alt=\"Kj\u00f8kken med konsept: Skreddersydd, merkevarekvalitet og reell prisfordel 1\" srcset=\"https:\/\/costablanca-magazin.com\/wp-content\/uploads\/2025\/08\/Exclusiv-Kitchens-01-1920w-300x136.jpg 300w, https:\/\/costablanca-magazin.com\/wp-content\/uploads\/2025\/08\/Exclusiv-Kitchens-01-1920w.jpg 602w\" sizes=\"(max-width: 300px) 100vw, 300px\" \/><\/div><\/a>\n\t\t\t\t<div class=\"elementor-post__badge\">Forretning og service<\/div>\n\t\t\t\t<div class=\"elementor-post__text\">\n\t\t\t\t<h2 class=\"elementor-post__title\">\n\t\t\t<a href=\"https:\/\/costablanca-magazin.com\/nb\/lokales\/business-service\/exclusive-kitchens-la-nucia-kuechen-mit-konzept\/\" >\n\t\t\t\tEksklusive kj\u00f8kken La Nucia - Kj\u00f8kken med et konsept\t\t\t<\/a>\n\t\t<\/h2>\n\t\t\t\t<div class=\"elementor-post__excerpt\">\n\t\t\t<p>Exclusiv Kj\u00f8kken La Nucia - Kj\u00f8kken med konsept Tyske kvalitetskj\u00f8kken, materialer av h\u00f8y kvalitet og klare prisfordeler - et blikk bak konseptet til Exclusiv Kj\u00f8kken, som n\u00e5 lanseres i La Nuc\u00eda. Planlegger du et nytt kj\u00f8kken p\u00e5 Costa Blanca? Med ATM Cocinas som en del av Exclusiv Kitchens trenger det ikke \u00e5 v\u00e6re en \u00f8konomisk uoverkommelig oppgave.<\/p>\n\t\t<\/div>\n\t\t\n\t\t<a class=\"elementor-post__read-more\" href=\"https:\/\/costablanca-magazin.com\/nb\/lokales\/business-service\/exclusive-kitchens-la-nucia-kuechen-mit-konzept\/\" aria-label=\"Read more about Exclusive Kitchens La Nucia &#8211; K\u00fcchen mit Konzept\" tabindex=\"-1\" >\n\t\t\tLes mer \u00bb\t\t<\/a>\n\n\t\t\t\t<\/div>\n\t\t\t\t\t<\/div>\n\t\t<\/article>\n\t\t\t\t<article class=\"elementor-post elementor-grid-item post-8276 post type-post status-publish format-standard has-post-thumbnail hentry category-business-service tag-brillenboutique-costa-blanca tag-designerbrillen-spanien tag-luxus-sonnenbrillen tag-olivers-optica tag-optiker-albir tag-sehtest-el-albir\" role=\"listitem\">\n\t\t\t<div class=\"elementor-post__card\">\n\t\t\t\t<a class=\"elementor-post__thumbnail__link\" href=\"https:\/\/costablanca-magazin.com\/nb\/lokales\/business-service\/olivers-optica-sehgenuss-trifft-stilkompetenz\/\" tabindex=\"-1\" ><div class=\"elementor-post__thumbnail\"><img loading=\"lazy\" decoding=\"async\" width=\"200\" height=\"300\" src=\"https:\/\/costablanca-magazin.com\/wp-content\/uploads\/2025\/07\/OpticaOliver1-200x300.jpg\" class=\"attachment-medium size-medium wp-image-8289\" alt=\"Olivers Optiker Albir 10\" srcset=\"https:\/\/costablanca-magazin.com\/wp-content\/uploads\/2025\/07\/OpticaOliver1-200x300.jpg 200w, https:\/\/costablanca-magazin.com\/wp-content\/uploads\/2025\/07\/OpticaOliver1-684x1024.jpg 684w, https:\/\/costablanca-magazin.com\/wp-content\/uploads\/2025\/07\/OpticaOliver1-768x1151.jpg 768w, https:\/\/costablanca-magazin.com\/wp-content\/uploads\/2025\/07\/OpticaOliver1.jpg 801w\" sizes=\"(max-width: 200px) 100vw, 200px\" \/><\/div><\/a>\n\t\t\t\t<div class=\"elementor-post__badge\">Forretning og service<\/div>\n\t\t\t\t<div class=\"elementor-post__text\">\n\t\t\t\t<h2 class=\"elementor-post__title\">\n\t\t\t<a href=\"https:\/\/costablanca-magazin.com\/nb\/lokales\/business-service\/olivers-optica-sehgenuss-trifft-stilkompetenz\/\" >\n\t\t\t\tOliver's Optica - visuell nytelse m\u00f8ter stilekspertise\t\t\t<\/a>\n\t\t<\/h2>\n\t\t\t\t<div class=\"elementor-post__excerpt\">\n\t\t\t<p>Oliver's Optica - visuell nytelse m\u00f8ter stilekspertise Sikre deg 50% p\u00e5 utvalgte luksussolbriller n\u00e5 Hvem sier at godt syn og flott stil ikke passer sammen? Oliver's Optica i El Albir beviser det motsatte hver dag. I den elegante butikken p\u00e5 Avda. \u00d3scar Espl\u00e1 7 dreier alt seg om kvalitet, presisjon og stil.<\/p>\n\t\t<\/div>\n\t\t\n\t\t<a class=\"elementor-post__read-more\" href=\"https:\/\/costablanca-magazin.com\/nb\/lokales\/business-service\/olivers-optica-sehgenuss-trifft-stilkompetenz\/\" aria-label=\"Read more about Oliver\u2019s Optica \u2013 Sehgenuss trifft Stilkompetenz\" tabindex=\"-1\" >\n\t\t\tLes mer \u00bb\t\t<\/a>\n\n\t\t\t\t<\/div>\n\t\t\t\t\t<\/div>\n\t\t<\/article>\n\t\t\t\t<article class=\"elementor-post elementor-grid-item post-8117 post type-post status-publish format-standard has-post-thumbnail hentry category-business-service tag-abfall-entsorgen-per-app tag-consorci-mare-citizen tag-muelltrennung-marina-alta tag-recycling-app-spanien tag-recycling-punkte-sammeln tag-umweltbildung-costa-blanca\" role=\"listitem\">\n\t\t\t<div class=\"elementor-post__card\">\n\t\t\t\t<a class=\"elementor-post__thumbnail__link\" href=\"https:\/\/costablanca-magazin.com\/nb\/lokales\/business-service\/consorci-mare-setzt-auf-digitale-umweltbildung\/\" tabindex=\"-1\" ><div class=\"elementor-post__thumbnail\"><img loading=\"lazy\" decoding=\"async\" width=\"300\" height=\"199\" src=\"https:\/\/costablanca-magazin.com\/wp-content\/uploads\/2025\/07\/Consorci-MARE-Citizen-\u2013-Apps-bei-Google-Play-\u2013-Mozilla-Firefox-300x199.jpg\" class=\"attachment-medium size-medium wp-image-8121\" alt=\"Gjenvinning via app: Consorci MARE satser p\u00e5 digital milj\u00f8oppl\u00e6ring 2\" srcset=\"https:\/\/costablanca-magazin.com\/wp-content\/uploads\/2025\/07\/Consorci-MARE-Citizen-\u2013-Apps-bei-Google-Play-\u2013-Mozilla-Firefox-300x199.jpg 300w, https:\/\/costablanca-magazin.com\/wp-content\/uploads\/2025\/07\/Consorci-MARE-Citizen-\u2013-Apps-bei-Google-Play-\u2013-Mozilla-Firefox-1024x680.jpg 1024w, https:\/\/costablanca-magazin.com\/wp-content\/uploads\/2025\/07\/Consorci-MARE-Citizen-\u2013-Apps-bei-Google-Play-\u2013-Mozilla-Firefox-768x510.jpg 768w, https:\/\/costablanca-magazin.com\/wp-content\/uploads\/2025\/07\/Consorci-MARE-Citizen-\u2013-Apps-bei-Google-Play-\u2013-Mozilla-Firefox.jpg 1520w\" sizes=\"(max-width: 300px) 100vw, 300px\" \/><\/div><\/a>\n\t\t\t\t<div class=\"elementor-post__badge\">Forretning og service<\/div>\n\t\t\t\t<div class=\"elementor-post__text\">\n\t\t\t\t<h2 class=\"elementor-post__title\">\n\t\t\t<a href=\"https:\/\/costablanca-magazin.com\/nb\/lokales\/business-service\/consorci-mare-setzt-auf-digitale-umweltbildung\/\" >\n\t\t\t\tConsorci MARE satser p\u00e5 digital milj\u00f8undervisning\t\t\t<\/a>\n\t\t<\/h2>\n\t\t\t\t<div class=\"elementor-post__excerpt\">\n\t\t\t<p>Resirkulering via app - Consorci MARE satser p\u00e5 digital milj\u00f8oppl\u00e6ring Ny applikasjon bel\u00f8nner milj\u00f8bevisst adferd og gj\u00f8r resirkulering i hverdagen mer oversiktlig Med en ny, gratis app \u00f8nsker avfallskonsortiet MARE \u00e5 forenkle resirkuleringsadferden i 52 kommuner i Marina Alta og Baixa - og samtidig bel\u00f8nne den. Applikasjonen \u201eConsorci MARE\"<\/p>\n\t\t<\/div>\n\t\t\n\t\t<a class=\"elementor-post__read-more\" href=\"https:\/\/costablanca-magazin.com\/nb\/lokales\/business-service\/consorci-mare-setzt-auf-digitale-umweltbildung\/\" aria-label=\"Read more about Consorci MARE setzt auf digitale Umweltbildung\" tabindex=\"-1\" >\n\t\t\tLes mer \u00bb\t\t<\/a>\n\n\t\t\t\t<\/div>\n\t\t\t\t\t<\/div>\n\t\t<\/article>\n\t\t\t\t<article class=\"elementor-post elementor-grid-item post-7671 post type-post status-publish format-standard has-post-thumbnail hentry category-business-service tag-beglaubigte-uebersetzung tag-costa-blanca-2 tag-profesionelle-uebersetzungen tag-uebersetzer-costablanca tag-uebersetzungen-denia\" role=\"listitem\">\n\t\t\t<div class=\"elementor-post__card\">\n\t\t\t\t<a class=\"elementor-post__thumbnail__link\" href=\"https:\/\/costablanca-magazin.com\/nb\/lokales\/business-service\/profi-uebersetzungen-an-der-costa-blanca\/\" tabindex=\"-1\" ><div class=\"elementor-post__thumbnail\"><img loading=\"lazy\" decoding=\"async\" width=\"300\" height=\"200\" src=\"https:\/\/costablanca-magazin.com\/wp-content\/uploads\/2025\/06\/dictionary-definition-of-word-2025-02-25-20-48-49-utc-300x200.jpg\" class=\"attachment-medium size-medium wp-image-7673\" alt=\"N\u00e5r hvert ord teller - profesjonelle oversettelser p\u00e5 Costa Blanca\" srcset=\"https:\/\/costablanca-magazin.com\/wp-content\/uploads\/2025\/06\/dictionary-definition-of-word-2025-02-25-20-48-49-utc-300x200.jpg 300w, https:\/\/costablanca-magazin.com\/wp-content\/uploads\/2025\/06\/dictionary-definition-of-word-2025-02-25-20-48-49-utc-1024x683.jpg 1024w, https:\/\/costablanca-magazin.com\/wp-content\/uploads\/2025\/06\/dictionary-definition-of-word-2025-02-25-20-48-49-utc-768x512.jpg 768w, https:\/\/costablanca-magazin.com\/wp-content\/uploads\/2025\/06\/dictionary-definition-of-word-2025-02-25-20-48-49-utc.jpg 1200w\" sizes=\"(max-width: 300px) 100vw, 300px\" \/><\/div><\/a>\n\t\t\t\t<div class=\"elementor-post__badge\">Forretning og service<\/div>\n\t\t\t\t<div class=\"elementor-post__text\">\n\t\t\t\t<h2 class=\"elementor-post__title\">\n\t\t\t<a href=\"https:\/\/costablanca-magazin.com\/nb\/lokales\/business-service\/profi-uebersetzungen-an-der-costa-blanca\/\" >\n\t\t\t\tHvert ord teller - profesjonelle oversettelser p\u00e5 Costa Blanca\t\t\t<\/a>\n\t\t<\/h2>\n\t\t\t\t<div class=\"elementor-post__excerpt\">\n\t\t\t<p>N\u00e5r hvert ord teller - profesjonelle oversettelser p\u00e5 Costa Blanca Hvorfor statsautorisert translat\u00f8r Friederike Ott fra D\u00e9nia tilbyr mer enn bare spr\u00e5koverf\u00f8ring Alle som bor eller investerer p\u00e5 Costa Blanca, vil f\u00f8r eller senere st\u00f8te p\u00e5 papirarbeid: kontrakter, skj\u00f8ter, attester - alt p\u00e5 spansk, alt ofte komplisert. Og det er nettopp her<\/p>\n\t\t<\/div>\n\t\t\n\t\t<a class=\"elementor-post__read-more\" href=\"https:\/\/costablanca-magazin.com\/nb\/lokales\/business-service\/profi-uebersetzungen-an-der-costa-blanca\/\" aria-label=\"Read more about Jedes Wort z\u00e4hlt \u2013 Profi \u00dcbersetzungen an der Costa Blanca\" tabindex=\"-1\" >\n\t\t\tLes mer \u00bb\t\t<\/a>\n\n\t\t\t\t<\/div>\n\t\t\t\t\t<\/div>\n\t\t<\/article>\n\t\t\t\t<article class=\"elementor-post elementor-grid-item post-6907 post type-post status-publish format-standard has-post-thumbnail hentry category-business-service tag-messe-costa-blanca tag-netzwerk-treffen-costa-blanca tag-unternehmer-messe\" role=\"listitem\">\n\t\t\t<div class=\"elementor-post__card\">\n\t\t\t\t<a class=\"elementor-post__thumbnail__link\" href=\"https:\/\/costablanca-magazin.com\/nb\/lokales\/business-service\/gelungener-auftakt-fuer-unternehmer-netzwerk-costa-blanca\/\" tabindex=\"-1\" ><div class=\"elementor-post__thumbnail\"><img loading=\"lazy\" decoding=\"async\" width=\"300\" height=\"225\" src=\"https:\/\/costablanca-magazin.com\/wp-content\/uploads\/2025\/05\/Netzwerktreffen-Denia-Kerstin-Kleine-Rahn-16-300x225.jpg\" class=\"attachment-medium size-medium wp-image-6937\" alt=\"Nettverksm\u00f8te Denia Kerstin Kleine 15\" srcset=\"https:\/\/costablanca-magazin.com\/wp-content\/uploads\/2025\/05\/Netzwerktreffen-Denia-Kerstin-Kleine-Rahn-16-300x225.jpg 300w, https:\/\/costablanca-magazin.com\/wp-content\/uploads\/2025\/05\/Netzwerktreffen-Denia-Kerstin-Kleine-Rahn-16-1024x768.jpg 1024w, https:\/\/costablanca-magazin.com\/wp-content\/uploads\/2025\/05\/Netzwerktreffen-Denia-Kerstin-Kleine-Rahn-16-768x576.jpg 768w, https:\/\/costablanca-magazin.com\/wp-content\/uploads\/2025\/05\/Netzwerktreffen-Denia-Kerstin-Kleine-Rahn-16.jpg 1200w\" sizes=\"(max-width: 300px) 100vw, 300px\" \/><\/div><\/a>\n\t\t\t\t<div class=\"elementor-post__badge\">Forretning og service<\/div>\n\t\t\t\t<div class=\"elementor-post__text\">\n\t\t\t\t<h2 class=\"elementor-post__title\">\n\t\t\t<a href=\"https:\/\/costablanca-magazin.com\/nb\/lokales\/business-service\/gelungener-auftakt-fuer-unternehmer-netzwerk-costa-blanca\/\" >\n\t\t\t\tVellykket start for bedriftsnettverk p\u00e5 Costa Blanca\t\t\t<\/a>\n\t\t<\/h2>\n\t\t\t\t<div class=\"elementor-post__excerpt\">\n\t\t\t<p>Vellykket kick-off for gr\u00fcndernettverk p\u00e5 Costa Blanca Fullt hus, inspirerende diskusjoner og nye kontakter - det f\u00f8rste nettverksm\u00f8tet for selvstendig n\u00e6ringsdrivende og gr\u00fcndere p\u00e5 Costa Blanca ble en stor suksess. Med rundt 30 deltakere fra et bredt spekter av bransjer fikk arrangementet en vellykket start p\u00e5 restauranten Caval i D\u00e9nias marina.<\/p>\n\t\t<\/div>\n\t\t\n\t\t<a class=\"elementor-post__read-more\" href=\"https:\/\/costablanca-magazin.com\/nb\/lokales\/business-service\/gelungener-auftakt-fuer-unternehmer-netzwerk-costa-blanca\/\" aria-label=\"Read more about Gelungener Auftakt f\u00fcr Unternehmer- Costa Blanca netzwerk\" tabindex=\"-1\" >\n\t\t\tLes mer \u00bb\t\t<\/a>\n\n\t\t\t\t<\/div>\n\t\t\t\t\t<\/div>\n\t\t<\/article>\n\t\t\t\t<article class=\"elementor-post elementor-grid-item post-5022 post type-post status-publish format-standard has-post-thumbnail hentry category-business-service tag-angi-weidner-kunst tag-costa-blanca tag-kuechenstudio-costa-cocinas tag-kunst-an-der-costa-blanca tag-kunstausstellung-ondara tag-nolte-kuechen\" role=\"listitem\">\n\t\t\t<div class=\"elementor-post__card\">\n\t\t\t\t<a class=\"elementor-post__thumbnail__link\" href=\"https:\/\/costablanca-magazin.com\/nb\/lokales\/business-service\/costa-cocinas-ausstellung-kueche-trifft-auf-kunst\/\" tabindex=\"-1\" ><div class=\"elementor-post__thumbnail\"><img loading=\"lazy\" decoding=\"async\" width=\"300\" height=\"225\" src=\"https:\/\/costablanca-magazin.com\/wp-content\/uploads\/2025\/02\/Costa-Cocinas-7-300x225.jpg\" class=\"attachment-medium size-medium wp-image-5030\" alt=\"costablanca mallorca 216\" srcset=\"https:\/\/costablanca-magazin.com\/wp-content\/uploads\/2025\/02\/Costa-Cocinas-7-300x225.jpg 300w, https:\/\/costablanca-magazin.com\/wp-content\/uploads\/2025\/02\/Costa-Cocinas-7-1024x768.jpg 1024w, https:\/\/costablanca-magazin.com\/wp-content\/uploads\/2025\/02\/Costa-Cocinas-7-768x576.jpg 768w, https:\/\/costablanca-magazin.com\/wp-content\/uploads\/2025\/02\/Costa-Cocinas-7-1536x1152.jpg 1536w, https:\/\/costablanca-magazin.com\/wp-content\/uploads\/2025\/02\/Costa-Cocinas-7.jpg 2048w\" sizes=\"(max-width: 300px) 100vw, 300px\" \/><\/div><\/a>\n\t\t\t\t<div class=\"elementor-post__badge\">Forretning og service<\/div>\n\t\t\t\t<div class=\"elementor-post__text\">\n\t\t\t\t<h2 class=\"elementor-post__title\">\n\t\t\t<a href=\"https:\/\/costablanca-magazin.com\/nb\/lokales\/business-service\/costa-cocinas-ausstellung-kueche-trifft-auf-kunst\/\" >\n\t\t\t\tCosta Cocinas utstilling - mat m\u00f8ter kunst\t\t\t<\/a>\n\t\t<\/h2>\n\t\t\t\t<div class=\"elementor-post__excerpt\">\n\t\t\t<p>Costa Cocinas-utstilling - kj\u00f8kken m\u00f8ter kunst Fantastiske nyheter siden Valentinsdagen: Kunstneren Angi Weidner stiller n\u00e5 ut et utvalg av sine malerier i det anerkjente kj\u00f8kkenstudioet Costa Cocinas i Ondara! I flere uker kan bes\u00f8kende beundre verkene hennes - med jevnlig skiftende utstillinger som alltid bringer med seg nye<\/p>\n\t\t<\/div>\n\t\t\n\t\t<a class=\"elementor-post__read-more\" href=\"https:\/\/costablanca-magazin.com\/nb\/lokales\/business-service\/costa-cocinas-ausstellung-kueche-trifft-auf-kunst\/\" aria-label=\"Read more about Costa Cocinas Ausstellung &#8211; K\u00fcche trifft auf Kunst\" tabindex=\"-1\" >\n\t\t\tLes mer \u00bb\t\t<\/a>\n\n\t\t\t\t<\/div>\n\t\t\t\t\t<\/div>\n\t\t<\/article>\n\t\t\t\t<article class=\"elementor-post elementor-grid-item post-4093 post type-post status-publish format-standard has-post-thumbnail hentry category-business-service tag-costa-blanca tag-drogeriemarkt-mueller-spanien tag-mueller-filiale-costa-blanca tag-mueller-finestrat\" role=\"listitem\">\n\t\t\t<div class=\"elementor-post__card\">\n\t\t\t\t<a class=\"elementor-post__thumbnail__link\" href=\"https:\/\/costablanca-magazin.com\/nb\/lokales\/business-service\/mueller-erobert-die-halbinsel-expansion-mit-weitsicht\/\" tabindex=\"-1\" ><div class=\"elementor-post__thumbnail\"><img loading=\"lazy\" decoding=\"async\" width=\"300\" height=\"200\" src=\"https:\/\/costablanca-magazin.com\/wp-content\/uploads\/2025\/01\/photography-by-gabriel-design-print-002-300x200.jpg\" class=\"attachment-medium size-medium wp-image-4105\" alt=\"M\u00fcller erobrer halv\u00f8ya: Ekspansjon med fremsyn 3\" srcset=\"https:\/\/costablanca-magazin.com\/wp-content\/uploads\/2025\/01\/photography-by-gabriel-design-print-002-300x200.jpg 300w, https:\/\/costablanca-magazin.com\/wp-content\/uploads\/2025\/01\/photography-by-gabriel-design-print-002-1024x683.jpg 1024w, https:\/\/costablanca-magazin.com\/wp-content\/uploads\/2025\/01\/photography-by-gabriel-design-print-002-768x512.jpg 768w, https:\/\/costablanca-magazin.com\/wp-content\/uploads\/2025\/01\/photography-by-gabriel-design-print-002.jpg 1200w\" sizes=\"(max-width: 300px) 100vw, 300px\" \/><\/div><\/a>\n\t\t\t\t<div class=\"elementor-post__badge\">Forretning og service<\/div>\n\t\t\t\t<div class=\"elementor-post__text\">\n\t\t\t\t<h2 class=\"elementor-post__title\">\n\t\t\t<a href=\"https:\/\/costablanca-magazin.com\/nb\/lokales\/business-service\/mueller-erobert-die-halbinsel-expansion-mit-weitsicht\/\" >\n\t\t\t\tM\u00fcller erobrer halv\u00f8ya - ekspansjon med fremsynthet\t\t\t<\/a>\n\t\t<\/h2>\n\t\t\t\t<div class=\"elementor-post__excerpt\">\n\t\t\t<p>M\u00fcller erobrer halv\u00f8ya - ekspansjon med fremsyn Fra Mallorca til Valencia: Slik finner kultmerket sin plass p\u00e5 fastlandet For mange er M\u00fcller synonymt med variasjon, kvalitet og en spesiell handleopplevelse. Etter 30 \u00e5r med suksess p\u00e5 Mallorca tar selskapet n\u00e5 spranget til Valencia.<\/p>\n\t\t<\/div>\n\t\t\n\t\t<a class=\"elementor-post__read-more\" href=\"https:\/\/costablanca-magazin.com\/nb\/lokales\/business-service\/mueller-erobert-die-halbinsel-expansion-mit-weitsicht\/\" aria-label=\"Read more about M\u00fcller erobert die Halbinsel &#8211; Expansion mit Weitsicht\" tabindex=\"-1\" >\n\t\t\tLes mer \u00bb\t\t<\/a>\n\n\t\t\t\t<\/div>\n\t\t\t\t\t<\/div>\n\t\t<\/article>\n\t\t\t\t<article class=\"elementor-post elementor-grid-item post-2603 post type-post status-publish format-standard has-post-thumbnail hentry category-business-service tag-costa-blanca-marina-alta tag-costa-blanca-marina-baixa tag-costa-blanca tag-drogeriemarkt-mueller-spanien tag-finestrat tag-marina-alta tag-marina-baixa tag-mueller-an-der-costa-blanca tag-mueller-filiale\" role=\"listitem\">\n\t\t\t<div class=\"elementor-post__card\">\n\t\t\t\t<a class=\"elementor-post__thumbnail__link\" href=\"https:\/\/costablanca-magazin.com\/nb\/lokales\/business-service\/mueller-markt-in-finestrat-ein-vielfaeltiges-einkaufserlebnis\/\" tabindex=\"-1\" ><div class=\"elementor-post__thumbnail\"><img loading=\"lazy\" decoding=\"async\" width=\"300\" height=\"225\" src=\"https:\/\/costablanca-magazin.com\/wp-content\/uploads\/2024\/10\/FotoMuellerCostaBlanca-300x225.jpg\" class=\"attachment-medium size-medium wp-image-2606\" alt=\"M\u00fcller Markt i Finestrat \u2013 Et mangfoldig shoppingopplevelse for hele familien\" srcset=\"https:\/\/costablanca-magazin.com\/wp-content\/uploads\/2024\/10\/FotoMuellerCostaBlanca-300x225.jpg 300w, https:\/\/costablanca-magazin.com\/wp-content\/uploads\/2024\/10\/FotoMuellerCostaBlanca-1024x768.jpg 1024w, https:\/\/costablanca-magazin.com\/wp-content\/uploads\/2024\/10\/FotoMuellerCostaBlanca-768x576.jpg 768w, https:\/\/costablanca-magazin.com\/wp-content\/uploads\/2024\/10\/FotoMuellerCostaBlanca-1536x1152.jpg 1536w, https:\/\/costablanca-magazin.com\/wp-content\/uploads\/2024\/10\/FotoMuellerCostaBlanca.jpg 2000w\" sizes=\"(max-width: 300px) 100vw, 300px\" \/><\/div><\/a>\n\t\t\t\t<div class=\"elementor-post__badge\">Forretning og service<\/div>\n\t\t\t\t<div class=\"elementor-post__text\">\n\t\t\t\t<h2 class=\"elementor-post__title\">\n\t\t\t<a href=\"https:\/\/costablanca-magazin.com\/nb\/lokales\/business-service\/mueller-markt-in-finestrat-ein-vielfaeltiges-einkaufserlebnis\/\" >\n\t\t\t\tM\u00fcller-butikken i Finestrat - en variert shoppingopplevelse\t\t\t<\/a>\n\t\t<\/h2>\n\t\t\t\t<div class=\"elementor-post__excerpt\">\n\t\t\t<p>M\u00fcller-butikken i Finestrat - en mangfoldig shoppingopplevelse Siden M\u00fcller gjorde sitt inntog p\u00e5 det spanske fastlandet, har de tilbudt kundene sine i Finestrat et bredt utvalg av produkter som g\u00e5r langt utover det klassiske apoteket. Med et salgsareal p\u00e5 rundt 1 800 m\u00b2 kan de bes\u00f8kende forvente seg et imponerende utvalg av produkter: Fra luksuri\u00f8se merkevareparfymer<\/p>\n\t\t<\/div>\n\t\t\n\t\t<a class=\"elementor-post__read-more\" href=\"https:\/\/costablanca-magazin.com\/nb\/lokales\/business-service\/mueller-markt-in-finestrat-ein-vielfaeltiges-einkaufserlebnis\/\" aria-label=\"Read more about M\u00fcller Markt in Finestrat &#8211; Ein vielf\u00e4ltiges Einkaufserlebnis\" tabindex=\"-1\" >\n\t\t\tLes mer \u00bb\t\t<\/a>\n\n\t\t\t\t<\/div>\n\t\t\t\t\t<\/div>\n\t\t<\/article>\n\t\t\t\t<article class=\"elementor-post elementor-grid-item post-1836 post type-post status-publish format-standard has-post-thumbnail hentry category-business-service tag-kochen tag-modernes tag-outdoor tag-teulada\" role=\"listitem\">\n\t\t\t<div class=\"elementor-post__card\">\n\t\t\t\t<a class=\"elementor-post__thumbnail__link\" href=\"https:\/\/costablanca-magazin.com\/nb\/lokales\/business-service\/modernes-outdoor-kochenin-teulada\/\" tabindex=\"-1\" ><div class=\"elementor-post__thumbnail\"><img loading=\"lazy\" decoding=\"async\" width=\"300\" height=\"225\" src=\"https:\/\/costablanca-magazin.com\/wp-content\/uploads\/2024\/08\/20240612_143952-300x225.jpg\" class=\"attachment-medium size-medium wp-image-1837\" alt=\"F\u00f8rste utekj\u00f8kken og grill i Teulada\" srcset=\"https:\/\/costablanca-magazin.com\/wp-content\/uploads\/2024\/08\/20240612_143952-300x225.jpg 300w, https:\/\/costablanca-magazin.com\/wp-content\/uploads\/2024\/08\/20240612_143952-1024x768.jpg 1024w, https:\/\/costablanca-magazin.com\/wp-content\/uploads\/2024\/08\/20240612_143952-768x576.jpg 768w, https:\/\/costablanca-magazin.com\/wp-content\/uploads\/2024\/08\/20240612_143952-1536x1152.jpg 1536w, https:\/\/costablanca-magazin.com\/wp-content\/uploads\/2024\/08\/20240612_143952-2048x1536.jpg 2048w\" sizes=\"(max-width: 300px) 100vw, 300px\" \/><\/div><\/a>\n\t\t\t\t<div class=\"elementor-post__badge\">Forretning og service<\/div>\n\t\t\t\t<div class=\"elementor-post__text\">\n\t\t\t\t<h2 class=\"elementor-post__title\">\n\t\t\t<a href=\"https:\/\/costablanca-magazin.com\/nb\/lokales\/business-service\/modernes-outdoor-kochenin-teulada\/\" >\n\t\t\t\tModerne utend\u00f8rs matlaging i Teulada\t\t\t<\/a>\n\t\t<\/h2>\n\t\t\t\t<div class=\"elementor-post__excerpt\">\n\t\t\t<p>First BBQ House setter nye standarder - et bes\u00f8k hos spesialistene p\u00e5 griller og utekj\u00f8kken er vel verdt det. Teulada p\u00e5 Costa Blanca er i ferd med \u00e5 bli det nye senteret for eksklusiv og moderne utend\u00f8rs matlaging. First BBQ House \u00e5pner sin nyeste avdeling her, og bringer utekj\u00f8kken av h\u00f8y kvalitet og sofistikert grillteknologi til regionen.<\/p>\n\t\t<\/div>\n\t\t\n\t\t<a class=\"elementor-post__read-more\" href=\"https:\/\/costablanca-magazin.com\/nb\/lokales\/business-service\/modernes-outdoor-kochenin-teulada\/\" aria-label=\"Read more about Modernes Outdoor-Kochen in Teulada\" tabindex=\"-1\" >\n\t\t\tLes mer \u00bb\t\t<\/a>\n\n\t\t\t\t<\/div>\n\t\t\t\t\t<\/div>\n\t\t<\/article>\n\t\t\t\t<\/div>\n\t\t\n\t\t\t\t\t\t<\/div>\n\t\t\t\t<\/div>\n\t\t\t\t\t<\/div>\n\t\t\t\t<\/div>\n\t\t\t\t<\/div>","protected":false},"excerpt":{"rendered":"<p>Im Bereich Lokales &#8211; Business &amp; Service zeige ich Trends wie an und der, nenne Beispiele zu Costa sowie Blanca und bespreche Chancen durch Lokale; dazu kommen Hinweise zu Unternehmen, und, Tipps, f\u00fcr und Gr\u00fcnder. Lokales &#8211; Business &amp; Service<\/p>","protected":false},"author":1,"featured_media":0,"parent":0,"menu_order":0,"comment_status":"closed","ping_status":"closed","template":"elementor_header_footer","meta":{"footnotes":""},"class_list":["post-7938","page","type-page","status-publish","hentry"],"aioseo_notices":[],"_links":{"self":[{"href":"https:\/\/costablanca-magazin.com\/nb\/wp-json\/wp\/v2\/pages\/7938","targetHints":{"allow":["GET"]}}],"collection":[{"href":"https:\/\/costablanca-magazin.com\/nb\/wp-json\/wp\/v2\/pages"}],"about":[{"href":"https:\/\/costablanca-magazin.com\/nb\/wp-json\/wp\/v2\/types\/page"}],"author":[{"embeddable":true,"href":"https:\/\/costablanca-magazin.com\/nb\/wp-json\/wp\/v2\/users\/1"}],"replies":[{"embeddable":true,"href":"https:\/\/costablanca-magazin.com\/nb\/wp-json\/wp\/v2\/comments?post=7938"}],"version-history":[{"count":5,"href":"https:\/\/costablanca-magazin.com\/nb\/wp-json\/wp\/v2\/pages\/7938\/revisions"}],"predecessor-version":[{"id":10387,"href":"https:\/\/costablanca-magazin.com\/nb\/wp-json\/wp\/v2\/pages\/7938\/revisions\/10387"}],"wp:attachment":[{"href":"https:\/\/costablanca-magazin.com\/nb\/wp-json\/wp\/v2\/media?parent=7938"}],"curies":[{"name":"wp","href":"https:\/\/api.w.org\/{rel}","templated":true}]}}