{"id":7897,"date":"2025-07-07T19:40:47","date_gmt":"2025-07-07T17:40:47","guid":{"rendered":"https:\/\/costablanca-magazin.com\/?page_id=7897"},"modified":"2026-02-11T11:47:17","modified_gmt":"2026-02-11T10:47:17","slug":"historier-og-stemmer","status":"publish","type":"page","link":"https:\/\/costablanca-magazin.com\/nb\/stories-und-stimmen\/","title":{"rendered":"Historier og stemmer"},"content":{"rendered":"<div data-elementor-type=\"wp-page\" data-elementor-id=\"7897\" class=\"elementor elementor-7897\" data-elementor-post-type=\"page\">\n\t\t\t\t<div class=\"elementor-element elementor-element-44cfd41 e-flex e-con-boxed e-con e-parent\" data-id=\"44cfd41\" data-element_type=\"container\" data-e-type=\"container\">\n\t\t\t\t\t<div class=\"e-con-inner\">\n\t\t\t\t<div class=\"elementor-element elementor-element-3d16950 elementor-widget elementor-widget-heading\" data-id=\"3d16950\" data-element_type=\"widget\" data-e-type=\"widget\" data-widget_type=\"heading.default\">\n\t\t\t\t<div class=\"elementor-widget-container\">\n\t\t\t\t\t<h1 class=\"elementor-heading-title elementor-size-default\">Beboere - historier og stemmer<\/h1>\t\t\t\t<\/div>\n\t\t\t\t<\/div>\n\t\t\t\t\t<\/div>\n\t\t\t\t<\/div>\n\t\t<div class=\"elementor-element elementor-element-2288082 e-flex e-con-boxed e-con e-parent\" data-id=\"2288082\" data-element_type=\"container\" data-e-type=\"container\">\n\t\t\t\t\t<div class=\"e-con-inner\">\n\t\t\t\t<div class=\"elementor-element elementor-element-39aa5e4 elementor-grid-3 elementor-grid-tablet-2 elementor-grid-mobile-1 elementor-posts--thumbnail-top elementor-card-shadow-yes elementor-posts__hover-gradient elementor-widget elementor-widget-posts\" data-id=\"39aa5e4\" data-element_type=\"widget\" data-e-type=\"widget\" data-settings=\"{&quot;pagination_type&quot;:&quot;numbers&quot;,&quot;cards_columns&quot;:&quot;3&quot;,&quot;cards_columns_tablet&quot;:&quot;2&quot;,&quot;cards_columns_mobile&quot;:&quot;1&quot;,&quot;cards_row_gap&quot;:{&quot;unit&quot;:&quot;px&quot;,&quot;size&quot;:35,&quot;sizes&quot;:[]},&quot;cards_row_gap_tablet&quot;:{&quot;unit&quot;:&quot;px&quot;,&quot;size&quot;:&quot;&quot;,&quot;sizes&quot;:[]},&quot;cards_row_gap_mobile&quot;:{&quot;unit&quot;:&quot;px&quot;,&quot;size&quot;:&quot;&quot;,&quot;sizes&quot;:[]}}\" data-widget_type=\"posts.cards\">\n\t\t\t\t<div class=\"elementor-widget-container\">\n\t\t\t\t\t\t\t<div class=\"elementor-posts-container elementor-posts elementor-posts--skin-cards elementor-grid\" role=\"list\">\n\t\t\t\t<article class=\"elementor-post elementor-grid-item post-9923 post type-post status-publish format-standard has-post-thumbnail hentry category-stories-und-stimmen tag-aktivitaeten-fuer-residenten tag-clubleben-spanien tag-costa-blanca-vereine tag-deutscher-club-costa-blanca tag-euroclub-denia tag-gemeinschaft-denia\" role=\"listitem\">\n\t\t\t<div class=\"elementor-post__card\">\n\t\t\t\t<a class=\"elementor-post__thumbnail__link\" href=\"https:\/\/costablanca-magazin.com\/nb\/residenten\/stories-und-stimmen\/euroclub-denia-39-jahre-gemeinschaft-und-lebensfreude\/\" tabindex=\"-1\" ><div class=\"elementor-post__thumbnail\"><img decoding=\"async\" width=\"300\" height=\"164\" src=\"https:\/\/costablanca-magazin.com\/wp-content\/uploads\/2025\/11\/Euroclub-Vassilios-Patsias-Daniela-Patsias-Kerstin-Kleine-RahnMichael-Juengel-Esther-Holliger-Anja-Ohrem-300x164.jpg\" class=\"attachment-medium size-medium wp-image-9957\" alt=\"Euroclub D\u00e9nia feirer 39 \u00e5r: Aktiviteter, foredrag, sport og felles kvelder for innbyggere og venner av Costa Blanca.\" srcset=\"https:\/\/costablanca-magazin.com\/wp-content\/uploads\/2025\/11\/Euroclub-Vassilios-Patsias-Daniela-Patsias-Kerstin-Kleine-RahnMichael-Juengel-Esther-Holliger-Anja-Ohrem-300x164.jpg 300w, https:\/\/costablanca-magazin.com\/wp-content\/uploads\/2025\/11\/Euroclub-Vassilios-Patsias-Daniela-Patsias-Kerstin-Kleine-RahnMichael-Juengel-Esther-Holliger-Anja-Ohrem-1024x560.jpg 1024w, https:\/\/costablanca-magazin.com\/wp-content\/uploads\/2025\/11\/Euroclub-Vassilios-Patsias-Daniela-Patsias-Kerstin-Kleine-RahnMichael-Juengel-Esther-Holliger-Anja-Ohrem-768x420.jpg 768w, https:\/\/costablanca-magazin.com\/wp-content\/uploads\/2025\/11\/Euroclub-Vassilios-Patsias-Daniela-Patsias-Kerstin-Kleine-RahnMichael-Juengel-Esther-Holliger-Anja-Ohrem-1536x841.jpg 1536w, https:\/\/costablanca-magazin.com\/wp-content\/uploads\/2025\/11\/Euroclub-Vassilios-Patsias-Daniela-Patsias-Kerstin-Kleine-RahnMichael-Juengel-Esther-Holliger-Anja-Ohrem-2048x1121.jpg 2048w, https:\/\/costablanca-magazin.com\/wp-content\/uploads\/2025\/11\/Euroclub-Vassilios-Patsias-Daniela-Patsias-Kerstin-Kleine-RahnMichael-Juengel-Esther-Holliger-Anja-Ohrem-18x10.jpg 18w\" sizes=\"(max-width: 300px) 100vw, 300px\" \/><\/div><\/a>\n\t\t\t\t<div class=\"elementor-post__badge\">Historier og stemmer<\/div>\n\t\t\t\t<div class=\"elementor-post__text\">\n\t\t\t\t<h2 class=\"elementor-post__title\">\n\t\t\t<a href=\"https:\/\/costablanca-magazin.com\/nb\/residenten\/stories-und-stimmen\/euroclub-denia-39-jahre-gemeinschaft-und-lebensfreude\/\" >\n\t\t\t\tEuroclub D\u00e9nia \u2013 39 \u00e5r med fellesskap og livsglede\t\t\t<\/a>\n\t\t<\/h2>\n\t\t\t\t<div class=\"elementor-post__excerpt\">\n\t\t\t<p>Euroclub D\u00e9nia \u2013 39 \u00e5r med fellesskap og livsglede Euroclub D\u00e9nia feirer 39 \u00e5r: Aktiviteter, foredrag, sport og felles kvelder for innbyggere og venner av Costa Blanca. Det finnes steder hvor fellesskap ikke bare er et ord, men en levende realitet. Et av disse stedene er Euroclub D\u00e9nia (ECD) \u2013 siden nesten<\/p>\n\t\t<\/div>\n\t\t\n\t\t<a class=\"elementor-post__read-more\" href=\"https:\/\/costablanca-magazin.com\/nb\/residenten\/stories-und-stimmen\/euroclub-denia-39-jahre-gemeinschaft-und-lebensfreude\/\" aria-label=\"Read more about Euroclub D\u00e9nia &#8211; 39 Jahre Gemeinschaft und Lebensfreude\" tabindex=\"-1\" >\n\t\t\tLes mer \u00bb\t\t<\/a>\n\n\t\t\t\t<\/div>\n\t\t\t\t\t<\/div>\n\t\t<\/article>\n\t\t\t\t<article class=\"elementor-post elementor-grid-item post-9293 post type-post status-publish format-standard has-post-thumbnail hentry category-stories-und-stimmen tag-axel-berger tag-da-marc-restaurant tag-denia-spanien tag-gastronomie-denia tag-mediterrane-lebensart tag-meeresschutz tag-sea-shepherd tag-tauchen-spanien\" role=\"listitem\">\n\t\t\t<div class=\"elementor-post__card\">\n\t\t\t\t<a class=\"elementor-post__thumbnail__link\" href=\"https:\/\/costablanca-magazin.com\/nb\/residenten\/stories-und-stimmen\/cafe-con-leche-mit-axel-berger-zwischen-meer-mensch\/\" tabindex=\"-1\" ><div class=\"elementor-post__thumbnail\"><img fetchpriority=\"high\" decoding=\"async\" width=\"300\" height=\"300\" src=\"https:\/\/costablanca-magazin.com\/wp-content\/uploads\/2025\/10\/Cafe-con-leche-CBM-Axel-Berger-7-300x300.jpg\" class=\"attachment-medium size-medium wp-image-9296\" alt=\"Mellom havet, menneskene og den middelhavske livsstilen 1\" srcset=\"https:\/\/costablanca-magazin.com\/wp-content\/uploads\/2025\/10\/Cafe-con-leche-CBM-Axel-Berger-7-300x300.jpg 300w, https:\/\/costablanca-magazin.com\/wp-content\/uploads\/2025\/10\/Cafe-con-leche-CBM-Axel-Berger-7-1024x1019.jpg 1024w, https:\/\/costablanca-magazin.com\/wp-content\/uploads\/2025\/10\/Cafe-con-leche-CBM-Axel-Berger-7-150x150.jpg 150w, https:\/\/costablanca-magazin.com\/wp-content\/uploads\/2025\/10\/Cafe-con-leche-CBM-Axel-Berger-7.jpg 1200w\" sizes=\"(max-width: 300px) 100vw, 300px\" \/><\/div><\/a>\n\t\t\t\t<div class=\"elementor-post__badge\">Historier og stemmer<\/div>\n\t\t\t\t<div class=\"elementor-post__text\">\n\t\t\t\t<h2 class=\"elementor-post__title\">\n\t\t\t<a href=\"https:\/\/costablanca-magazin.com\/nb\/residenten\/stories-und-stimmen\/cafe-con-leche-mit-axel-berger-zwischen-meer-mensch\/\" >\n\t\t\t\tCaf\u00e9 con leche med Axel Berger - Mellom hav &amp; menneske\t\t\t<\/a>\n\t\t<\/h2>\n\t\t\t\t<div class=\"elementor-post__excerpt\">\n\t\t\t<p>Caf\u00e9 con leche med Axel Berger - Mellom hav &amp; menneske Eks-soldat, dykker, restaurat\u00f8r: Axel Berger snakker om lidenskap, milj\u00f8vern og mediterran livsglede i D\u00e9nia. Tidligere soldat, dykkerinstrukt\u00f8r, sivilforsvarsaktivist, restaurat\u00f8r - Axel Berger er ikke en som gj\u00f8r ting halvveis. Han har bodd i Spania i snart tre ti\u00e5r, jobbet under vann, hjulpet til med<\/p>\n\t\t<\/div>\n\t\t\n\t\t<a class=\"elementor-post__read-more\" href=\"https:\/\/costablanca-magazin.com\/nb\/residenten\/stories-und-stimmen\/cafe-con-leche-mit-axel-berger-zwischen-meer-mensch\/\" aria-label=\"Read more about Caf\u00e9 con leche mit Axel Berger &#8211; Zwischen Meer &amp; Mensch\" tabindex=\"-1\" >\n\t\t\tLes mer \u00bb\t\t<\/a>\n\n\t\t\t\t<\/div>\n\t\t\t\t\t<\/div>\n\t\t<\/article>\n\t\t\t\t<article class=\"elementor-post elementor-grid-item post-8560 post type-post status-publish format-standard has-post-thumbnail hentry category-stories-und-stimmen tag-business-netzwerk-costa-blanca tag-cafe-con-leche-interview tag-costa-blanca-unternehmerin tag-kerstin-kleine-rahn tag-neustart-in-spanien tag-webdesignerin-spanien\" role=\"listitem\">\n\t\t\t<div class=\"elementor-post__card\">\n\t\t\t\t<a class=\"elementor-post__thumbnail__link\" href=\"https:\/\/costablanca-magazin.com\/nb\/residenten\/stories-und-stimmen\/cafe-con-leche-mit-kerstin-kleine-rahn-an-der-costa-blanca\/\" tabindex=\"-1\" ><div class=\"elementor-post__thumbnail\"><img decoding=\"async\" width=\"300\" height=\"200\" src=\"https:\/\/costablanca-magazin.com\/wp-content\/uploads\/2025\/08\/Kerstin-Fenster-300x200.jpg\" class=\"attachment-medium size-medium wp-image-8564\" alt=\"Caf\u00e9 con leche med Kerstin Kleine-Rahn 1\" srcset=\"https:\/\/costablanca-magazin.com\/wp-content\/uploads\/2025\/08\/Kerstin-Fenster-300x200.jpg 300w, https:\/\/costablanca-magazin.com\/wp-content\/uploads\/2025\/08\/Kerstin-Fenster-1024x684.jpg 1024w, https:\/\/costablanca-magazin.com\/wp-content\/uploads\/2025\/08\/Kerstin-Fenster-768x513.jpg 768w, https:\/\/costablanca-magazin.com\/wp-content\/uploads\/2025\/08\/Kerstin-Fenster-1536x1025.jpg 1536w, https:\/\/costablanca-magazin.com\/wp-content\/uploads\/2025\/08\/Kerstin-Fenster-2048x1367.jpg 2048w\" sizes=\"(max-width: 300px) 100vw, 300px\" \/><\/div><\/a>\n\t\t\t\t<div class=\"elementor-post__badge\">Historier og stemmer<\/div>\n\t\t\t\t<div class=\"elementor-post__text\">\n\t\t\t\t<h2 class=\"elementor-post__title\">\n\t\t\t<a href=\"https:\/\/costablanca-magazin.com\/nb\/residenten\/stories-und-stimmen\/cafe-con-leche-mit-kerstin-kleine-rahn-an-der-costa-blanca\/\" >\n\t\t\t\tCaf\u00e9 con leche med Kerstin Kleine-Rahn p\u00e5 Costa Blanca\t\t\t<\/a>\n\t\t<\/h2>\n\t\t\t\t<div class=\"elementor-post__excerpt\">\n\t\t\t<p>Caf\u00e9 con leche med Kerstin Kleine-Rahn p\u00e5 Costa Blanca Fra Leipzig til Spania: Gr\u00fcnderen Kerstin Kleine-Rahn forteller om hvordan hun har startet opp p\u00e5 Costa Blanca, og hvorfor nettverk er n\u00f8kkelen. Hun er webdesigner, nettverksbygger, apputvikler - og alltid \u00e5pen for neste steg. I samtale med<\/p>\n\t\t<\/div>\n\t\t\n\t\t<a class=\"elementor-post__read-more\" href=\"https:\/\/costablanca-magazin.com\/nb\/residenten\/stories-und-stimmen\/cafe-con-leche-mit-kerstin-kleine-rahn-an-der-costa-blanca\/\" aria-label=\"Read more about Caf\u00e9 con leche mit Kerstin Kleine-Rahn an der Costa Blanca\" tabindex=\"-1\" >\n\t\t\tLes mer \u00bb\t\t<\/a>\n\n\t\t\t\t<\/div>\n\t\t\t\t\t<\/div>\n\t\t<\/article>\n\t\t\t\t<article class=\"elementor-post elementor-grid-item post-7690 post type-post status-publish format-standard has-post-thumbnail hentry category-stories-und-stimmen tag-ondara tag-sabine-ninneman tag-stories-an-der-costa-blanca\" role=\"listitem\">\n\t\t\t<div class=\"elementor-post__card\">\n\t\t\t\t<a class=\"elementor-post__thumbnail__link\" href=\"https:\/\/costablanca-magazin.com\/nb\/residenten\/stories-und-stimmen\/cafe-con-leche-mit-sabine-ninnemann-aus-ondara\/\" tabindex=\"-1\" ><div class=\"elementor-post__thumbnail\"><img loading=\"lazy\" decoding=\"async\" width=\"300\" height=\"155\" src=\"https:\/\/costablanca-magazin.com\/wp-content\/uploads\/2025\/06\/Cafe-con-Leche-Sabine-1-e1750248050486-300x155.jpg\" class=\"attachment-medium size-medium wp-image-7697\" alt=\"Caf\u00e9 con Leche med Sabine Ninnemann fra Ondara\" srcset=\"https:\/\/costablanca-magazin.com\/wp-content\/uploads\/2025\/06\/Cafe-con-Leche-Sabine-1-e1750248050486-300x155.jpg 300w, https:\/\/costablanca-magazin.com\/wp-content\/uploads\/2025\/06\/Cafe-con-Leche-Sabine-1-e1750248050486-1024x529.jpg 1024w, https:\/\/costablanca-magazin.com\/wp-content\/uploads\/2025\/06\/Cafe-con-Leche-Sabine-1-e1750248050486-768x397.jpg 768w, https:\/\/costablanca-magazin.com\/wp-content\/uploads\/2025\/06\/Cafe-con-Leche-Sabine-1-e1750248050486.jpg 1196w\" sizes=\"(max-width: 300px) 100vw, 300px\" \/><\/div><\/a>\n\t\t\t\t<div class=\"elementor-post__badge\">Historier og stemmer<\/div>\n\t\t\t\t<div class=\"elementor-post__text\">\n\t\t\t\t<h2 class=\"elementor-post__title\">\n\t\t\t<a href=\"https:\/\/costablanca-magazin.com\/nb\/residenten\/stories-und-stimmen\/cafe-con-leche-mit-sabine-ninnemann-aus-ondara\/\" >\n\t\t\t\tCaf\u00e9 con Leche med Sabine Ninnemann fra Ondara\t\t\t<\/a>\n\t\t<\/h2>\n\t\t\t\t<div class=\"elementor-post__excerpt\">\n\t\t\t<p>Caf\u00e9 con Leche med Sabine Ninnemann fra Ondara \u201cVi har ankommet - profesjonelt og privat\u201d Et sted for skj\u00f8nnhet, m\u00f8ter og spesielle historier: Sabine Ninnemann er gr\u00fcnder, mor, partner - og en kvinne med en bemerkelsesverdig historie. I sin nye skj\u00f8nnhetssalong i Ondara \u00f8nsker hun kunder fra hele regionen velkommen.<\/p>\n\t\t<\/div>\n\t\t\n\t\t<a class=\"elementor-post__read-more\" href=\"https:\/\/costablanca-magazin.com\/nb\/residenten\/stories-und-stimmen\/cafe-con-leche-mit-sabine-ninnemann-aus-ondara\/\" aria-label=\"Read more about Caf\u00e9 con Leche mit Sabine Ninnemann aus Ondara\" tabindex=\"-1\" >\n\t\t\tLes mer \u00bb\t\t<\/a>\n\n\t\t\t\t<\/div>\n\t\t\t\t\t<\/div>\n\t\t<\/article>\n\t\t\t\t<article class=\"elementor-post elementor-grid-item post-6983 post type-post status-publish format-standard has-post-thumbnail hentry category-stories-und-stimmen tag-cafe-con-leche tag-cbm tag-costa-blanca-2 tag-die-inselzeitung-mallorca tag-manuela-rehagel tag-mediagroup-balear tag-roman-ebmeier tag-werbung-costablanca tag-werbung-mallorca\" role=\"listitem\">\n\t\t\t<div class=\"elementor-post__card\">\n\t\t\t\t<a class=\"elementor-post__thumbnail__link\" href=\"https:\/\/costablanca-magazin.com\/nb\/residenten\/stories-und-stimmen\/cafe-con-leche-mit-einer-familie-zwischen-insel-und-festland\/\" tabindex=\"-1\" ><div class=\"elementor-post__thumbnail\"><img loading=\"lazy\" decoding=\"async\" width=\"300\" height=\"249\" src=\"https:\/\/costablanca-magazin.com\/wp-content\/uploads\/2025\/05\/Manu-Roman-ISO-300x249.jpg\" class=\"attachment-medium size-medium wp-image-6994\" alt=\"Mellom \u00f8ya og fastlandet \u2013 \u00e9n familie, to hjertets hjem 10\" srcset=\"https:\/\/costablanca-magazin.com\/wp-content\/uploads\/2025\/05\/Manu-Roman-ISO-300x249.jpg 300w, https:\/\/costablanca-magazin.com\/wp-content\/uploads\/2025\/05\/Manu-Roman-ISO-1024x850.jpg 1024w, https:\/\/costablanca-magazin.com\/wp-content\/uploads\/2025\/05\/Manu-Roman-ISO-768x637.jpg 768w, https:\/\/costablanca-magazin.com\/wp-content\/uploads\/2025\/05\/Manu-Roman-ISO.jpg 1200w\" sizes=\"(max-width: 300px) 100vw, 300px\" \/><\/div><\/a>\n\t\t\t\t<div class=\"elementor-post__badge\">Historier og stemmer<\/div>\n\t\t\t\t<div class=\"elementor-post__text\">\n\t\t\t\t<h2 class=\"elementor-post__title\">\n\t\t\t<a href=\"https:\/\/costablanca-magazin.com\/nb\/residenten\/stories-und-stimmen\/cafe-con-leche-mit-einer-familie-zwischen-insel-und-festland\/\" >\n\t\t\t\tCafe con leche med en familie mellom \u00f8ya og fastlandet\t\t\t<\/a>\n\t\t<\/h2>\n\t\t\t\t<div class=\"elementor-post__excerpt\">\n\t\t\t<p>Mellom \u00f8ya og fastlandet - en familie, to hjerter Manuela Rehagel og Roman Ebmeier har bodd i Spania siden 2007. De har sin base p\u00e5 Mallorca med \u00f8yavisen og \u00f8ymagasinet. N\u00e5 tar de med seg erfaringen og lidenskapen sin til Costa Blanca - med et magasin som skaper kontakt. A<\/p>\n\t\t<\/div>\n\t\t\n\t\t<a class=\"elementor-post__read-more\" href=\"https:\/\/costablanca-magazin.com\/nb\/residenten\/stories-und-stimmen\/cafe-con-leche-mit-einer-familie-zwischen-insel-und-festland\/\" aria-label=\"Read more about Cafe con leche mit einer Familie zwischen Insel und Festland\" tabindex=\"-1\" >\n\t\t\tLes mer \u00bb\t\t<\/a>\n\n\t\t\t\t<\/div>\n\t\t\t\t\t<\/div>\n\t\t<\/article>\n\t\t\t\t<article class=\"elementor-post elementor-grid-item post-5709 post type-post status-publish format-standard has-post-thumbnail hentry category-stories-und-stimmen tag-auswandern-costa-blanca tag-cafe-con-leche tag-denia tag-deutscher-friseur-alicante tag-friseur-els-poblets tag-neustart-spanien\" role=\"listitem\">\n\t\t\t<div class=\"elementor-post__card\">\n\t\t\t\t<a class=\"elementor-post__thumbnail__link\" href=\"https:\/\/costablanca-magazin.com\/nb\/residenten\/stories-und-stimmen\/cafe-con-leche-volker-dietz-neuanfang-mit-herz-und-schere\/\" tabindex=\"-1\" ><div class=\"elementor-post__thumbnail\"><img loading=\"lazy\" decoding=\"async\" width=\"300\" height=\"183\" src=\"https:\/\/costablanca-magazin.com\/wp-content\/uploads\/2025\/04\/volker-gegen-langhaar-2-e1744902603332-300x183.jpg\" class=\"attachment-medium size-medium wp-image-5746\" alt=\"En ny start med hjerte og saks \u2013 Volker Dietz 2\" srcset=\"https:\/\/costablanca-magazin.com\/wp-content\/uploads\/2025\/04\/volker-gegen-langhaar-2-e1744902603332-300x183.jpg 300w, https:\/\/costablanca-magazin.com\/wp-content\/uploads\/2025\/04\/volker-gegen-langhaar-2-e1744902603332-1024x624.jpg 1024w, https:\/\/costablanca-magazin.com\/wp-content\/uploads\/2025\/04\/volker-gegen-langhaar-2-e1744902603332-768x468.jpg 768w, https:\/\/costablanca-magazin.com\/wp-content\/uploads\/2025\/04\/volker-gegen-langhaar-2-e1744902603332.jpg 1428w\" sizes=\"(max-width: 300px) 100vw, 300px\" \/><\/div><\/a>\n\t\t\t\t<div class=\"elementor-post__badge\">Historier og stemmer<\/div>\n\t\t\t\t<div class=\"elementor-post__text\">\n\t\t\t\t<h2 class=\"elementor-post__title\">\n\t\t\t<a href=\"https:\/\/costablanca-magazin.com\/nb\/residenten\/stories-und-stimmen\/cafe-con-leche-volker-dietz-neuanfang-mit-herz-und-schere\/\" >\n\t\t\t\tCaf\u00e9 con leche Volker Dietz - En ny begynnelse med hjerte og saks\t\t\t<\/a>\n\t\t<\/h2>\n\t\t\t\t<div class=\"elementor-post__excerpt\">\n\t\t\t<p>En ny start med hjerte og saks - en caf\u00e9 con leche med Volker Dietz Fra fris\u00f8rmester i Tyskland til feelgood-salong i Els Poblets - en ny start med lidenskap, mot og en fast overbevisning om at en h\u00e5rklipp kan endre mer enn bare utseendet ditt. Ben Weidner CBM i samtale med<\/p>\n\t\t<\/div>\n\t\t\n\t\t<a class=\"elementor-post__read-more\" href=\"https:\/\/costablanca-magazin.com\/nb\/residenten\/stories-und-stimmen\/cafe-con-leche-volker-dietz-neuanfang-mit-herz-und-schere\/\" aria-label=\"Read more about Caf\u00e9 con leche Volker Dietz &#8211; Neuanfang mit Herz und Schere\" tabindex=\"-1\" >\n\t\t\tLes mer \u00bb\t\t<\/a>\n\n\t\t\t\t<\/div>\n\t\t\t\t\t<\/div>\n\t\t<\/article>\n\t\t\t\t<\/div>\n\t\t\n\t\t\t\t<div class=\"e-load-more-anchor\" data-page=\"1\" data-max-page=\"3\" data-next-page=\"https:\/\/costablanca-magazin.com\/nb\/wp-json\/wp\/v2\/pages\/7897\/page\/2\/\"><\/div>\n\t\t\t\t<nav class=\"elementor-pagination\" aria-label=\"Pagination\">\n\t\t\t<span aria-current=\"page\" class=\"page-numbers current\"><span class=\"elementor-screen-only\">Side<\/span>1<\/span>\n<a class=\"page-numbers\" href=\"https:\/\/costablanca-magazin.com\/nb\/wp-json\/wp\/v2\/pages\/7897\/page\/2\/\"><span class=\"elementor-screen-only\">Side<\/span>2<\/a>\n<a class=\"page-numbers\" href=\"https:\/\/costablanca-magazin.com\/nb\/wp-json\/wp\/v2\/pages\/7897\/page\/3\/\"><span class=\"elementor-screen-only\">Side<\/span>3<\/a>\t\t<\/nav>\n\t\t\t\t\t\t<\/div>\n\t\t\t\t<\/div>\n\t\t\t\t\t<\/div>\n\t\t\t\t<\/div>\n\t\t\t\t<\/div>","protected":false},"excerpt":{"rendered":"<p>Als Residenten sind Stories und und oft vertraute Gesichter, w\u00e4hrend Stimmen neue Perspektiven bringt; gemeinsam sorgen Menschen, erz\u00e4hlen und vom f\u00fcr lebendige Abende, getragen von Leben, inspiriert durch an und gest\u00fctzt von der sowie Costa, bis Blanca die Nacht abschlie\u00dft. Residenten &#8211; Stories und Stimmen<\/p>","protected":false},"author":1,"featured_media":0,"parent":0,"menu_order":0,"comment_status":"closed","ping_status":"closed","template":"elementor_header_footer","meta":{"footnotes":""},"class_list":["post-7897","page","type-page","status-publish","hentry"],"aioseo_notices":[],"_links":{"self":[{"href":"https:\/\/costablanca-magazin.com\/nb\/wp-json\/wp\/v2\/pages\/7897","targetHints":{"allow":["GET"]}}],"collection":[{"href":"https:\/\/costablanca-magazin.com\/nb\/wp-json\/wp\/v2\/pages"}],"about":[{"href":"https:\/\/costablanca-magazin.com\/nb\/wp-json\/wp\/v2\/types\/page"}],"author":[{"embeddable":true,"href":"https:\/\/costablanca-magazin.com\/nb\/wp-json\/wp\/v2\/users\/1"}],"replies":[{"embeddable":true,"href":"https:\/\/costablanca-magazin.com\/nb\/wp-json\/wp\/v2\/comments?post=7897"}],"version-history":[{"count":5,"href":"https:\/\/costablanca-magazin.com\/nb\/wp-json\/wp\/v2\/pages\/7897\/revisions"}],"predecessor-version":[{"id":10386,"href":"https:\/\/costablanca-magazin.com\/nb\/wp-json\/wp\/v2\/pages\/7897\/revisions\/10386"}],"wp:attachment":[{"href":"https:\/\/costablanca-magazin.com\/nb\/wp-json\/wp\/v2\/media?parent=7897"}],"curies":[{"name":"wp","href":"https:\/\/api.w.org\/{rel}","templated":true}]}}