{"id":4674,"date":"2025-01-21T09:33:48","date_gmt":"2025-01-21T08:33:48","guid":{"rendered":"https:\/\/costablanca-magazin.com\/?page_id=4674"},"modified":"2026-03-09T08:19:04","modified_gmt":"2026-03-09T07:19:04","slug":"moraira","status":"publish","type":"page","link":"https:\/\/costablanca-magazin.com\/nb\/moraira\/","title":{"rendered":"Moraira"},"content":{"rendered":"<div data-elementor-type=\"wp-page\" data-elementor-id=\"4674\" class=\"elementor elementor-4674\" data-elementor-post-type=\"page\">\n\t\t\t\t<div class=\"elementor-element elementor-element-05fd773 e-flex e-con-boxed e-con e-parent\" data-id=\"05fd773\" data-element_type=\"container\" data-e-type=\"container\">\n\t\t\t\t\t<div class=\"e-con-inner\">\n\t\t\t\t<div class=\"elementor-element elementor-element-e11393b elementor-widget elementor-widget-heading\" data-id=\"e11393b\" data-element_type=\"widget\" data-e-type=\"widget\" data-widget_type=\"heading.default\">\n\t\t\t\t<div class=\"elementor-widget-container\">\n\t\t\t\t\t<h1 class=\"elementor-heading-title elementor-size-default\">Moraira - strandpromenade, marina og uts\u00f8kt gastronomi<\/h1>\t\t\t\t<\/div>\n\t\t\t\t<\/div>\n\t\t\t\t\t<\/div>\n\t\t\t\t<\/div>\n\t\t<div class=\"elementor-element elementor-element-cf400ca e-flex e-con-boxed e-con e-parent\" data-id=\"cf400ca\" data-element_type=\"container\" data-e-type=\"container\">\n\t\t\t\t\t<div class=\"e-con-inner\">\n\t\t\t\t<div class=\"elementor-element elementor-element-bd3942e elementor-widget elementor-widget-heading\" data-id=\"bd3942e\" data-element_type=\"widget\" data-e-type=\"widget\" data-widget_type=\"heading.default\">\n\t\t\t\t<div class=\"elementor-widget-container\">\n\t\t\t\t\t<h2 class=\"elementor-heading-title elementor-size-default\">Kystliv med stil, ro og kvalitet<\/h2>\t\t\t\t<\/div>\n\t\t\t\t<\/div>\n\t\t\t\t<div class=\"elementor-element elementor-element-9c38902 elementor-widget elementor-widget-text-editor\" data-id=\"9c38902\" data-element_type=\"widget\" data-e-type=\"widget\" data-widget_type=\"text-editor.default\">\n\t\t\t\t<div class=\"elementor-widget-container\">\n\t\t\t\t\t\t\t\t\t<p>Moraira, en bydel i Teulada kommune, ligger p\u00e5 en av de roligste og mest naturskj\u00f8nne kyststrekningene p\u00e5 den nordlige delen av Costa Blanca. Den tidligere fiskerlandsbyen har utviklet seg til et velholdt boligomr\u00e5de med et internasjonalt preg - uten \u00e5 miste sin autentisitet. De som bor i Moraira, setter pris p\u00e5 den overkommelige st\u00f8rrelsen, den gode infrastrukturen, den maritime middelhavsatmosf\u00e6ren og det rolige, men livlige samfunnslivet.<\/p>\n<p class=\"aih1words\">Morairas stilige marina og uts\u00f8kte gastronomi gjenspeiler det rolige kystlivet med middelhavsatmosf\u00e6re og h\u00f8y livskvalitet.<\/p>\n\n<!-- ai-h1words -->\n<p>Den stilige marinaen i Benissa Costa byr p\u00e5 herlig gastronomi og en avslappet atmosf\u00e6re, der Moraira og havet utfyller kystlivet med stil, ro og kvalitet.<\/p>\n<!-- \/ai-h1words -->\n\n<p>Kommunen best\u00e5r av to klart adskilte omr\u00e5der: det historiske bysentrumet i innlandet og kystdelen av Benissa Costa med bukter, villaomr\u00e5der og rolige strender.<\/p>\t\t\t\t\t\t\t\t<\/div>\n\t\t\t\t<\/div>\n\t\t\t\t\t<\/div>\n\t\t\t\t<\/div>\n\t\t<div class=\"elementor-element elementor-element-1265b2f e-flex e-con-boxed e-con e-parent\" data-id=\"1265b2f\" data-element_type=\"container\" data-e-type=\"container\">\n\t\t\t\t\t<div class=\"e-con-inner\">\n\t\t<div class=\"elementor-element elementor-element-1b46166 e-con-full e-flex e-con e-child\" data-id=\"1b46166\" data-element_type=\"container\" data-e-type=\"container\">\n\t\t\t\t<div class=\"elementor-element elementor-element-85c7614 elementor-widget elementor-widget-heading\" data-id=\"85c7614\" data-element_type=\"widget\" data-e-type=\"widget\" data-widget_type=\"heading.default\">\n\t\t\t\t<div class=\"elementor-widget-container\">\n\t\t\t\t\t<h3 class=\"elementor-heading-title elementor-size-default\">Byutvikling og historie<\/h3>\t\t\t\t<\/div>\n\t\t\t\t<\/div>\n\t\t\t\t<div class=\"elementor-element elementor-element-9f04d8c elementor-widget elementor-widget-text-editor\" data-id=\"9f04d8c\" data-element_type=\"widget\" data-e-type=\"widget\" data-widget_type=\"text-editor.default\">\n\t\t\t\t<div class=\"elementor-widget-container\">\n\t\t\t\t\t\t\t\t\t<p>Frem til 1960-tallet var Moraira en liten fiskerlandsby og en del av Teulada kommune. Med fremveksten av kystturismen utviklet Moraira seg til et selvstendig distrikt med en voksende infrastruktur. Kommunen satset tidlig p\u00e5 lav bebyggelse, bevaring av buktstrukturen og boligomr\u00e5der av h\u00f8y kvalitet. Denne bevisste styringen har gjort at Moraira den dag i dag fremst\u00e5r som velholdt, rolig og av h\u00f8y kvalitet.<\/p>\t\t\t\t\t\t\t\t<\/div>\n\t\t\t\t<\/div>\n\t\t\t\t<\/div>\n\t\t<div class=\"elementor-element elementor-element-b0e647d e-con-full e-flex e-con e-child\" data-id=\"b0e647d\" data-element_type=\"container\" data-e-type=\"container\">\n\t\t\t\t<div class=\"elementor-element elementor-element-6d0e883 elementor-widget elementor-widget-gallery\" data-id=\"6d0e883\" data-element_type=\"widget\" data-e-type=\"widget\" data-settings=\"{&quot;columns&quot;:1,&quot;aspect_ratio&quot;:&quot;16:9&quot;,&quot;lazyload&quot;:&quot;yes&quot;,&quot;gallery_layout&quot;:&quot;grid&quot;,&quot;columns_tablet&quot;:2,&quot;columns_mobile&quot;:1,&quot;gap&quot;:{&quot;unit&quot;:&quot;px&quot;,&quot;size&quot;:10,&quot;sizes&quot;:[]},&quot;gap_tablet&quot;:{&quot;unit&quot;:&quot;px&quot;,&quot;size&quot;:10,&quot;sizes&quot;:[]},&quot;gap_mobile&quot;:{&quot;unit&quot;:&quot;px&quot;,&quot;size&quot;:10,&quot;sizes&quot;:[]},&quot;link_to&quot;:&quot;file&quot;,&quot;overlay_background&quot;:&quot;yes&quot;,&quot;content_hover_animation&quot;:&quot;fade-in&quot;}\" data-widget_type=\"gallery.default\">\n\t\t\t\t<div class=\"elementor-widget-container\">\n\t\t\t\t\t\t\t<div class=\"elementor-gallery__container\">\n\t\t\t\t\t\t\t<a class=\"e-gallery-item elementor-gallery-item elementor-animated-content\" href=\"https:\/\/costablanca-magazin.com\/wp-content\/uploads\/2024\/05\/moraira1.jpg\" data-elementor-open-lightbox=\"yes\" data-elementor-lightbox-slideshow=\"6d0e883\" data-elementor-lightbox-title=\"Moraira costa-blanca\" data-elementor-lightbox-description=\"Moraira costa-blanca\" data-e-action-hash=\"#elementor-action%3Aaction%3Dlightbox%26settings%3DeyJpZCI6MTQ5LCJ1cmwiOiJodHRwczpcL1wvY29zdGFibGFuY2EtbWFnYXppbi5jb21cL3dwLWNvbnRlbnRcL3VwbG9hZHNcLzIwMjRcLzA1XC9tb3JhaXJhMS5qcGciLCJzbGlkZXNob3ciOiI2ZDBlODgzIn0%3D\">\n\t\t\t\t\t<div class=\"e-gallery-image elementor-gallery-item__image\" data-thumbnail=\"https:\/\/costablanca-magazin.com\/wp-content\/uploads\/2024\/05\/moraira1.jpg\" data-width=\"768\" data-height=\"576\" aria-label=\"Moraira costa-blanca\" role=\"img\" ><\/div>\n\t\t\t\t\t\t\t\t\t\t\t<div class=\"elementor-gallery-item__overlay\"><\/div>\n\t\t\t\t\t\t\t\t\t\t\t\t\t\t<\/a>\n\t\t\t\t\t<\/div>\n\t\t\t\t\t<\/div>\n\t\t\t\t<\/div>\n\t\t\t\t<\/div>\n\t\t<div class=\"elementor-element elementor-element-a35f413 e-con-full e-flex e-con e-child\" data-id=\"a35f413\" data-element_type=\"container\" data-e-type=\"container\">\n\t\t\t\t<div class=\"elementor-element elementor-element-ed144c1 elementor-widget elementor-widget-gallery\" data-id=\"ed144c1\" data-element_type=\"widget\" data-e-type=\"widget\" data-settings=\"{&quot;columns&quot;:1,&quot;lazyload&quot;:&quot;yes&quot;,&quot;gallery_layout&quot;:&quot;grid&quot;,&quot;columns_tablet&quot;:2,&quot;columns_mobile&quot;:1,&quot;gap&quot;:{&quot;unit&quot;:&quot;px&quot;,&quot;size&quot;:10,&quot;sizes&quot;:[]},&quot;gap_tablet&quot;:{&quot;unit&quot;:&quot;px&quot;,&quot;size&quot;:10,&quot;sizes&quot;:[]},&quot;gap_mobile&quot;:{&quot;unit&quot;:&quot;px&quot;,&quot;size&quot;:10,&quot;sizes&quot;:[]},&quot;link_to&quot;:&quot;file&quot;,&quot;aspect_ratio&quot;:&quot;3:2&quot;,&quot;overlay_background&quot;:&quot;yes&quot;,&quot;content_hover_animation&quot;:&quot;fade-in&quot;}\" data-widget_type=\"gallery.default\">\n\t\t\t\t<div class=\"elementor-widget-container\">\n\t\t\t\t\t\t\t<div class=\"elementor-gallery__container\">\n\t\t\t\t\t\t\t<a class=\"e-gallery-item elementor-gallery-item elementor-animated-content\" href=\"https:\/\/costablanca-magazin.com\/wp-content\/uploads\/2025\/05\/Moraira.jpg\" data-elementor-open-lightbox=\"yes\" data-elementor-lightbox-slideshow=\"ed144c1\" data-elementor-lightbox-title=\"Moraira\" data-e-action-hash=\"#elementor-action%3Aaction%3Dlightbox%26settings%3DeyJpZCI6NzI0OSwidXJsIjoiaHR0cHM6XC9cL2Nvc3RhYmxhbmNhLW1hZ2F6aW4uY29tXC93cC1jb250ZW50XC91cGxvYWRzXC8yMDI1XC8wNVwvTW9yYWlyYS5qcGciLCJzbGlkZXNob3ciOiJlZDE0NGMxIn0%3D\">\n\t\t\t\t\t<div class=\"e-gallery-image elementor-gallery-item__image\" data-thumbnail=\"https:\/\/costablanca-magazin.com\/wp-content\/uploads\/2025\/05\/Moraira.jpg\" data-width=\"1000\" data-height=\"750\" aria-label=\"costablanca mallorca 314\" role=\"img\" ><\/div>\n\t\t\t\t\t\t\t\t\t\t\t<div class=\"elementor-gallery-item__overlay\"><\/div>\n\t\t\t\t\t\t\t\t\t\t\t\t\t\t<\/a>\n\t\t\t\t\t<\/div>\n\t\t\t\t\t<\/div>\n\t\t\t\t<\/div>\n\t\t\t\t<\/div>\n\t\t<div class=\"elementor-element elementor-element-f648361 e-con-full e-flex e-con e-child\" data-id=\"f648361\" data-element_type=\"container\" data-e-type=\"container\">\n\t\t\t\t<div class=\"elementor-element elementor-element-f1d19f6 elementor-widget elementor-widget-heading\" data-id=\"f1d19f6\" data-element_type=\"widget\" data-e-type=\"widget\" data-widget_type=\"heading.default\">\n\t\t\t\t<div class=\"elementor-widget-container\">\n\t\t\t\t\t<h4 class=\"elementor-heading-title elementor-size-default\">Bybilde - middelhavspreget, modernisert og jordn\u00e6rt<\/h4>\t\t\t\t<\/div>\n\t\t\t\t<\/div>\n\t\t\t\t<div class=\"elementor-element elementor-element-e5b0730 elementor-widget elementor-widget-text-editor\" data-id=\"e5b0730\" data-element_type=\"widget\" data-e-type=\"widget\" data-widget_type=\"text-editor.default\">\n\t\t\t\t<div class=\"elementor-widget-container\">\n\t\t\t\t\t\t\t\t\t<p>Moraira har ikke et sentralt h\u00f8yhuspanorama, men snarere en lav, harmonisk bebyggelse som er spredt langs kysten og i de n\u00e6rliggende \u00e5sene. Sentrum tilbyr alle viktige tjenester - fra supermarkeder og apotek til leger, butikker, banker og et kultursenter. Mange tjenester tilbys p\u00e5 flere spr\u00e5k, noe som gj\u00f8r hverdagen enklere for innbyggerne.<\/p><p>Sm\u00e5 butikker, tapasbarer, kulturhus og byfestivaler dominerer hverdagen i sentrum - langt unna turistmylderet. Her ligger ogs\u00e5 r\u00e5dhuset og de viktigste servicetilbudene.<\/p>\t\t\t\t\t\t\t\t<\/div>\n\t\t\t\t<\/div>\n\t\t\t\t<\/div>\n\t\t\t\t\t<\/div>\n\t\t\t\t<\/div>\n\t\t<div class=\"elementor-element elementor-element-b657035 e-flex e-con-boxed e-con e-parent\" data-id=\"b657035\" data-element_type=\"container\" data-e-type=\"container\">\n\t\t\t\t\t<div class=\"e-con-inner\">\n\t\t<div class=\"elementor-element elementor-element-554d12a e-con-full e-flex e-con e-child\" data-id=\"554d12a\" data-element_type=\"container\" data-e-type=\"container\">\n\t\t\t\t<div class=\"elementor-element elementor-element-4cd266a elementor-widget elementor-widget-heading\" data-id=\"4cd266a\" data-element_type=\"widget\" data-e-type=\"widget\" data-widget_type=\"heading.default\">\n\t\t\t\t<div class=\"elementor-widget-container\">\n\t\t\t\t\t<h5 class=\"elementor-heading-title elementor-size-default\">Strender i Moraira - velholdte, rolige, naturlige<\/h5>\t\t\t\t<\/div>\n\t\t\t\t<\/div>\n\t\t\t\t<div class=\"elementor-element elementor-element-623d017 elementor-widget elementor-widget-text-editor\" data-id=\"623d017\" data-element_type=\"widget\" data-e-type=\"widget\" data-widget_type=\"text-editor.default\">\n\t\t\t\t<div class=\"elementor-widget-container\">\n\t\t\t\t\t\t\t\t\t<p>Moraira tilbyr et utvalg av rene, familievennlige strender og bukter, hvorav noen har f\u00e5tt tildelt Bl\u00e5tt flagg. Klimaet her er mye mer avslappet enn i de turistede nabobyene.<\/p><p>De mest kjente strendene inkluderer<\/p><ul><li><strong>Playa de l'Ampolla<\/strong> - Sentralt, med grunt vann, strandpromenade og servering, ideelt for familier<\/li><li><strong>Playa del Portet<\/strong> - Liten, skjermet bukt med karibisk preg, sv\u00e6rt popul\u00e6r blant lokalbefolkningen<\/li><li><strong>Cala Andrago og Cala Cap Blanc<\/strong> - Sm\u00e5 steinete viker med krystallklart vann, perfekt for snorkling og avslapping<\/li><li><strong>Cala Llebeig<\/strong> - en naturlig steinbukt som bare er tilgjengelig til fots eller med b\u00e5t - spesielt attraktiv for turg\u00e5ere<\/li><\/ul><p>Alle strendene er velholdte, naturn\u00e6re og innbyr til bading, avslapning eller kaf\u00e9bes\u00f8k rett ved vannet.<\/p>\t\t\t\t\t\t\t\t<\/div>\n\t\t\t\t<\/div>\n\t\t\t\t<\/div>\n\t\t<div class=\"elementor-element elementor-element-412e7f1 e-con-full e-flex e-con e-child\" data-id=\"412e7f1\" data-element_type=\"container\" data-e-type=\"container\">\n\t\t\t\t<div class=\"elementor-element elementor-element-a520cca elementor-widget__width-initial elementor-widget elementor-widget-gallery\" data-id=\"a520cca\" data-element_type=\"widget\" data-e-type=\"widget\" data-settings=\"{&quot;columns&quot;:1,&quot;aspect_ratio&quot;:&quot;16:9&quot;,&quot;gap&quot;:{&quot;unit&quot;:&quot;px&quot;,&quot;size&quot;:1,&quot;sizes&quot;:[]},&quot;lazyload&quot;:&quot;yes&quot;,&quot;gallery_layout&quot;:&quot;grid&quot;,&quot;columns_tablet&quot;:2,&quot;columns_mobile&quot;:1,&quot;gap_tablet&quot;:{&quot;unit&quot;:&quot;px&quot;,&quot;size&quot;:10,&quot;sizes&quot;:[]},&quot;gap_mobile&quot;:{&quot;unit&quot;:&quot;px&quot;,&quot;size&quot;:10,&quot;sizes&quot;:[]},&quot;link_to&quot;:&quot;file&quot;,&quot;overlay_background&quot;:&quot;yes&quot;,&quot;content_hover_animation&quot;:&quot;fade-in&quot;}\" data-widget_type=\"gallery.default\">\n\t\t\t\t<div class=\"elementor-widget-container\">\n\t\t\t\t\t\t\t<div class=\"elementor-gallery__container\">\n\t\t\t\t\t\t\t<a class=\"e-gallery-item elementor-gallery-item elementor-animated-content\" href=\"https:\/\/costablanca-magazin.com\/wp-content\/uploads\/2025\/05\/20230407_114421.jpg\" data-elementor-open-lightbox=\"yes\" data-elementor-lightbox-slideshow=\"a520cca\" data-elementor-lightbox-title=\"20230407_114421\" data-e-action-hash=\"#elementor-action%3Aaction%3Dlightbox%26settings%3DeyJpZCI6NzI0NiwidXJsIjoiaHR0cHM6XC9cL2Nvc3RhYmxhbmNhLW1hZ2F6aW4uY29tXC93cC1jb250ZW50XC91cGxvYWRzXC8yMDI1XC8wNVwvMjAyMzA0MDdfMTE0NDIxLmpwZyIsInNsaWRlc2hvdyI6ImE1MjBjY2EifQ%3D%3D\">\n\t\t\t\t\t<div class=\"e-gallery-image elementor-gallery-item__image\" data-thumbnail=\"https:\/\/costablanca-magazin.com\/wp-content\/uploads\/2025\/05\/20230407_114421.jpg\" data-width=\"750\" data-height=\"1000\" aria-label=\"costablanca mallorca 311\" role=\"img\" ><\/div>\n\t\t\t\t\t\t\t\t\t\t\t<div class=\"elementor-gallery-item__overlay\"><\/div>\n\t\t\t\t\t\t\t\t\t\t\t\t\t\t<\/a>\n\t\t\t\t\t\t\t<a class=\"e-gallery-item elementor-gallery-item elementor-animated-content\" href=\"https:\/\/costablanca-magazin.com\/wp-content\/uploads\/2025\/05\/20230407_114548.jpg\" data-elementor-open-lightbox=\"yes\" data-elementor-lightbox-slideshow=\"a520cca\" data-elementor-lightbox-title=\"20230407_114548\" data-e-action-hash=\"#elementor-action%3Aaction%3Dlightbox%26settings%3DeyJpZCI6NzI0OCwidXJsIjoiaHR0cHM6XC9cL2Nvc3RhYmxhbmNhLW1hZ2F6aW4uY29tXC93cC1jb250ZW50XC91cGxvYWRzXC8yMDI1XC8wNVwvMjAyMzA0MDdfMTE0NTQ4LmpwZyIsInNsaWRlc2hvdyI6ImE1MjBjY2EifQ%3D%3D\">\n\t\t\t\t\t<div class=\"e-gallery-image elementor-gallery-item__image\" data-thumbnail=\"https:\/\/costablanca-magazin.com\/wp-content\/uploads\/2025\/05\/20230407_114548.jpg\" data-width=\"1000\" data-height=\"750\" aria-label=\"costablanca mallorca 313\" role=\"img\" ><\/div>\n\t\t\t\t\t\t\t\t\t\t\t<div class=\"elementor-gallery-item__overlay\"><\/div>\n\t\t\t\t\t\t\t\t\t\t\t\t\t\t<\/a>\n\t\t\t\t\t<\/div>\n\t\t\t\t\t<\/div>\n\t\t\t\t<\/div>\n\t\t\t\t<\/div>\n\t\t\t\t\t<\/div>\n\t\t\t\t<\/div>\n\t\t<div class=\"elementor-element elementor-element-e5a29af e-flex e-con-boxed e-con e-parent\" data-id=\"e5a29af\" data-element_type=\"container\" data-e-type=\"container\">\n\t\t\t\t\t<div class=\"e-con-inner\">\n\t\t<div class=\"elementor-element elementor-element-6e7cb3c e-con-full e-flex e-con e-child\" data-id=\"6e7cb3c\" data-element_type=\"container\" data-e-type=\"container\">\n\t\t\t\t<div class=\"elementor-element elementor-element-0850e52 elementor-widget elementor-widget-gallery\" data-id=\"0850e52\" data-element_type=\"widget\" data-e-type=\"widget\" data-settings=\"{&quot;columns&quot;:1,&quot;aspect_ratio&quot;:&quot;21:9&quot;,&quot;lazyload&quot;:&quot;yes&quot;,&quot;gallery_layout&quot;:&quot;grid&quot;,&quot;columns_tablet&quot;:2,&quot;columns_mobile&quot;:1,&quot;gap&quot;:{&quot;unit&quot;:&quot;px&quot;,&quot;size&quot;:10,&quot;sizes&quot;:[]},&quot;gap_tablet&quot;:{&quot;unit&quot;:&quot;px&quot;,&quot;size&quot;:10,&quot;sizes&quot;:[]},&quot;gap_mobile&quot;:{&quot;unit&quot;:&quot;px&quot;,&quot;size&quot;:10,&quot;sizes&quot;:[]},&quot;link_to&quot;:&quot;file&quot;,&quot;overlay_background&quot;:&quot;yes&quot;,&quot;content_hover_animation&quot;:&quot;fade-in&quot;}\" data-widget_type=\"gallery.default\">\n\t\t\t\t<div class=\"elementor-widget-container\">\n\t\t\t\t\t\t\t<div class=\"elementor-gallery__container\">\n\t\t\t\t\t\t\t<a class=\"e-gallery-item elementor-gallery-item elementor-animated-content\" href=\"https:\/\/costablanca-magazin.com\/wp-content\/uploads\/2025\/05\/20230407_113751.jpg\" data-elementor-open-lightbox=\"yes\" data-elementor-lightbox-slideshow=\"0850e52\" data-elementor-lightbox-title=\"20230407_113751\" data-e-action-hash=\"#elementor-action%3Aaction%3Dlightbox%26settings%3DeyJpZCI6NzIzOSwidXJsIjoiaHR0cHM6XC9cL2Nvc3RhYmxhbmNhLW1hZ2F6aW4uY29tXC93cC1jb250ZW50XC91cGxvYWRzXC8yMDI1XC8wNVwvMjAyMzA0MDdfMTEzNzUxLmpwZyIsInNsaWRlc2hvdyI6IjA4NTBlNTIifQ%3D%3D\">\n\t\t\t\t\t<div class=\"e-gallery-image elementor-gallery-item__image\" data-thumbnail=\"https:\/\/costablanca-magazin.com\/wp-content\/uploads\/2025\/05\/20230407_113751.jpg\" data-width=\"750\" data-height=\"1000\" aria-label=\"costablanca mallorca 304\" role=\"img\" ><\/div>\n\t\t\t\t\t\t\t\t\t\t\t<div class=\"elementor-gallery-item__overlay\"><\/div>\n\t\t\t\t\t\t\t\t\t\t\t\t\t\t<\/a>\n\t\t\t\t\t<\/div>\n\t\t\t\t\t<\/div>\n\t\t\t\t<\/div>\n\t\t\t\t<\/div>\n\t\t<div class=\"elementor-element elementor-element-a501b34 e-con-full e-flex e-con e-child\" data-id=\"a501b34\" data-element_type=\"container\" data-e-type=\"container\">\n\t\t\t\t<div class=\"elementor-element elementor-element-c1a1f4d elementor-widget elementor-widget-heading\" data-id=\"c1a1f4d\" data-element_type=\"widget\" data-e-type=\"widget\" data-widget_type=\"heading.default\">\n\t\t\t\t<div class=\"elementor-widget-container\">\n\t\t\t\t\t<h5 class=\"elementor-heading-title elementor-size-default\">Havne- og kyststil<\/h5>\t\t\t\t<\/div>\n\t\t\t\t<\/div>\n\t\t\t\t<div class=\"elementor-element elementor-element-fa89b41 elementor-widget elementor-widget-text-editor\" data-id=\"fa89b41\" data-element_type=\"widget\" data-e-type=\"widget\" data-widget_type=\"text-editor.default\">\n\t\t\t\t<div class=\"elementor-widget-container\">\n\t\t\t\t\t\t\t\t\t<p>Club N\u00e1utico Morairas marina preger byen ikke bare visuelt, men ogs\u00e5 stemningsmessig: velholdt, maritim, men uten et elitistisk preg. Langs havnepromenaden ligger det mange kafeer, restauranter og iskrembarer - et popul\u00e6rt m\u00f8tested for alle generasjoner. Her finnes ogs\u00e5 b\u00e5tutleie, seilskoler og dykkersentre.<\/p>\t\t\t\t\t\t\t\t<\/div>\n\t\t\t\t<\/div>\n\t\t\t\t<\/div>\n\t\t\t\t\t<\/div>\n\t\t\t\t<\/div>\n\t\t<div class=\"elementor-element elementor-element-d7a5f54 e-flex e-con-boxed e-con e-parent\" data-id=\"d7a5f54\" data-element_type=\"container\" data-e-type=\"container\">\n\t\t\t\t\t<div class=\"e-con-inner\">\n\t\t<div class=\"elementor-element elementor-element-38e3dc0 e-con-full e-flex e-con e-child\" data-id=\"38e3dc0\" data-element_type=\"container\" data-e-type=\"container\">\n\t\t\t\t<div class=\"elementor-element elementor-element-263f543 elementor-widget elementor-widget-heading\" data-id=\"263f543\" data-element_type=\"widget\" data-e-type=\"widget\" data-widget_type=\"heading.default\">\n\t\t\t\t<div class=\"elementor-widget-container\">\n\t\t\t\t\t<h5 class=\"elementor-heading-title elementor-size-default\">Festivaler og arrangementer - med deltakelse fra innbyggerne<\/h5>\t\t\t\t<\/div>\n\t\t\t\t<\/div>\n\t\t\t\t<div class=\"elementor-element elementor-element-f8845bf elementor-widget elementor-widget-text-editor\" data-id=\"f8845bf\" data-element_type=\"widget\" data-e-type=\"widget\" data-widget_type=\"text-editor.default\">\n\t\t\t\t<div class=\"elementor-widget-container\">\n\t\t\t\t\t\t\t\t\t<p>Moraira lever ikke bare av hverdagslivet, men ogs\u00e5 av samv\u00e6ret. Mange arrangementer er fast forankret i l\u00f8pet av \u00e5ret:<\/p><ul><li>\ud83c\udf89 <strong>Fiestas Patronales i Teulada-Moraira<\/strong> (juni): Prosesjoner, livemusikk, fyrverkeri, folkefester<\/li><li>\ud83c\udfad <strong>Moros y Cristianos<\/strong> (midten av juni): Historiske prosesjoner med musikk, dans og forseggjorte kostymer<\/li><li>\ud83c\udfbc <strong>Sommerlige musikkvelder og klassiske konserter<\/strong> utend\u00f8rs<\/li><li>\ud83d\udecd\ufe0f <strong>Nattmarkeder og h\u00e5ndverksmarkeder<\/strong> i sommerm\u00e5nedene<\/li><\/ul><p>Festivalene er uformelle, velorganiserte og samler b\u00e5de lokale og internasjonale innbyggere<\/p>\t\t\t\t\t\t\t\t<\/div>\n\t\t\t\t<\/div>\n\t\t\t\t<\/div>\n\t\t<div class=\"elementor-element elementor-element-b245bbf e-con-full e-flex e-con e-child\" data-id=\"b245bbf\" data-element_type=\"container\" data-e-type=\"container\">\n\t\t\t\t<div class=\"elementor-element elementor-element-ba441a8 elementor-widget elementor-widget-gallery\" data-id=\"ba441a8\" data-element_type=\"widget\" data-e-type=\"widget\" data-settings=\"{&quot;columns&quot;:1,&quot;aspect_ratio&quot;:&quot;4:3&quot;,&quot;lazyload&quot;:&quot;yes&quot;,&quot;gallery_layout&quot;:&quot;grid&quot;,&quot;columns_tablet&quot;:2,&quot;columns_mobile&quot;:1,&quot;gap&quot;:{&quot;unit&quot;:&quot;px&quot;,&quot;size&quot;:10,&quot;sizes&quot;:[]},&quot;gap_tablet&quot;:{&quot;unit&quot;:&quot;px&quot;,&quot;size&quot;:10,&quot;sizes&quot;:[]},&quot;gap_mobile&quot;:{&quot;unit&quot;:&quot;px&quot;,&quot;size&quot;:10,&quot;sizes&quot;:[]},&quot;link_to&quot;:&quot;file&quot;,&quot;overlay_background&quot;:&quot;yes&quot;,&quot;content_hover_animation&quot;:&quot;fade-in&quot;}\" data-widget_type=\"gallery.default\">\n\t\t\t\t<div class=\"elementor-widget-container\">\n\t\t\t\t\t\t\t<div class=\"elementor-gallery__container\">\n\t\t\t\t\t\t\t<a class=\"e-gallery-item elementor-gallery-item elementor-animated-content\" href=\"https:\/\/costablanca-magazin.com\/wp-content\/uploads\/2025\/05\/20230407_114104.jpg\" data-elementor-open-lightbox=\"yes\" data-elementor-lightbox-slideshow=\"ba441a8\" data-elementor-lightbox-title=\"20230407_114104\" data-e-action-hash=\"#elementor-action%3Aaction%3Dlightbox%26settings%3DeyJpZCI6NzI0MSwidXJsIjoiaHR0cHM6XC9cL2Nvc3RhYmxhbmNhLW1hZ2F6aW4uY29tXC93cC1jb250ZW50XC91cGxvYWRzXC8yMDI1XC8wNVwvMjAyMzA0MDdfMTE0MTA0LmpwZyIsInNsaWRlc2hvdyI6ImJhNDQxYTgifQ%3D%3D\">\n\t\t\t\t\t<div class=\"e-gallery-image elementor-gallery-item__image\" data-thumbnail=\"https:\/\/costablanca-magazin.com\/wp-content\/uploads\/2025\/05\/20230407_114104.jpg\" data-width=\"1000\" data-height=\"750\" aria-label=\"costablanca mallorca 306\" role=\"img\" ><\/div>\n\t\t\t\t\t\t\t\t\t\t\t<div class=\"elementor-gallery-item__overlay\"><\/div>\n\t\t\t\t\t\t\t\t\t\t\t\t\t\t<\/a>\n\t\t\t\t\t<\/div>\n\t\t\t\t\t<\/div>\n\t\t\t\t<\/div>\n\t\t\t\t<\/div>\n\t\t<div class=\"elementor-element elementor-element-0d4f13e e-con-full e-flex e-con e-child\" data-id=\"0d4f13e\" data-element_type=\"container\" data-e-type=\"container\">\n\t\t\t\t<div class=\"elementor-element elementor-element-185cad7 elementor-widget elementor-widget-gallery\" data-id=\"185cad7\" data-element_type=\"widget\" data-e-type=\"widget\" data-settings=\"{&quot;columns&quot;:1,&quot;aspect_ratio&quot;:&quot;21:9&quot;,&quot;lazyload&quot;:&quot;yes&quot;,&quot;gallery_layout&quot;:&quot;grid&quot;,&quot;columns_tablet&quot;:2,&quot;columns_mobile&quot;:1,&quot;gap&quot;:{&quot;unit&quot;:&quot;px&quot;,&quot;size&quot;:10,&quot;sizes&quot;:[]},&quot;gap_tablet&quot;:{&quot;unit&quot;:&quot;px&quot;,&quot;size&quot;:10,&quot;sizes&quot;:[]},&quot;gap_mobile&quot;:{&quot;unit&quot;:&quot;px&quot;,&quot;size&quot;:10,&quot;sizes&quot;:[]},&quot;link_to&quot;:&quot;file&quot;,&quot;overlay_background&quot;:&quot;yes&quot;,&quot;content_hover_animation&quot;:&quot;fade-in&quot;}\" data-widget_type=\"gallery.default\">\n\t\t\t\t<div class=\"elementor-widget-container\">\n\t\t\t\t\t\t\t<div class=\"elementor-gallery__container\">\n\t\t\t\t\t\t\t<a class=\"e-gallery-item elementor-gallery-item elementor-animated-content\" href=\"https:\/\/costablanca-magazin.com\/wp-content\/uploads\/2024\/10\/Wochenmarkt-Costa-Blanca-3-scaled.jpg\" data-elementor-open-lightbox=\"yes\" data-elementor-lightbox-slideshow=\"185cad7\" data-elementor-lightbox-title=\"Buntes Treiben und  mediterrane Gen\u00fcsse - Die Wochenm\u00e4rkte  der Marina Alta und Marina Baixa\" data-elementor-lightbox-description=\"Buntes Treiben und mediterrane Gen\u00fcsse - Die Wochenm\u00e4rkte der Marina Alta und Marina Baixa\" data-e-action-hash=\"#elementor-action%3Aaction%3Dlightbox%26settings%3DeyJpZCI6MjgwNCwidXJsIjoiaHR0cHM6XC9cL2Nvc3RhYmxhbmNhLW1hZ2F6aW4uY29tXC93cC1jb250ZW50XC91cGxvYWRzXC8yMDI0XC8xMFwvV29jaGVubWFya3QtQ29zdGEtQmxhbmNhLTMtc2NhbGVkLmpwZyIsInNsaWRlc2hvdyI6IjE4NWNhZDcifQ%3D%3D\">\n\t\t\t\t\t<div class=\"e-gallery-image elementor-gallery-item__image\" data-thumbnail=\"https:\/\/costablanca-magazin.com\/wp-content\/uploads\/2024\/10\/Wochenmarkt-Costa-Blanca-3-2048x1564.jpg\" data-width=\"2048\" data-height=\"1564\" aria-label=\"Livlig aktivitet og middelhavsdelikatesser \u2013 Ukentlige markeder i Marina Alta og Marina Baixa 8\" role=\"img\" ><\/div>\n\t\t\t\t\t\t\t\t\t\t\t<div class=\"elementor-gallery-item__overlay\"><\/div>\n\t\t\t\t\t\t\t\t\t\t\t\t\t\t<\/a>\n\t\t\t\t\t<\/div>\n\t\t\t\t\t<\/div>\n\t\t\t\t<\/div>\n\t\t\t\t<\/div>\n\t\t<div class=\"elementor-element elementor-element-044bae1 e-con-full e-flex e-con e-child\" data-id=\"044bae1\" data-element_type=\"container\" data-e-type=\"container\">\n\t\t\t\t<div class=\"elementor-element elementor-element-2b35d89 elementor-widget elementor-widget-heading\" data-id=\"2b35d89\" data-element_type=\"widget\" data-e-type=\"widget\" data-widget_type=\"heading.default\">\n\t\t\t\t<div class=\"elementor-widget-container\">\n\t\t\t\t\t<h5 class=\"elementor-heading-title elementor-size-default\">Ukentlig marked i Moraira<\/h5>\t\t\t\t<\/div>\n\t\t\t\t<\/div>\n\t\t\t\t<div class=\"elementor-element elementor-element-34cb324 elementor-widget elementor-widget-text-editor\" data-id=\"34cb324\" data-element_type=\"widget\" data-e-type=\"widget\" data-widget_type=\"text-editor.default\">\n\t\t\t\t<div class=\"elementor-widget-container\">\n\t\t\t\t\t\t\t\t\t<p>Den <a title=\"Fargerikt folkeliv og middelhavsretter - Costa Blancas ukentlige markeder\" href=\"https:\/\/costablanca-magazin.com\/nb\/residenter\/bo-i-spania\/fargerikt-liv-og-middelhavsnytelser-costa-blanca-ukentlige-markeder\/\" target=\"_blank\" rel=\"noopener\">Ukentlig marked<\/a> finner sted hver fredag formiddag i sentrum av Moraira. Her tilbys frukt, gr\u00f8nnsaker, ost, kl\u00e6r, kunsth\u00e5ndverk og blomster. Markedet er velorganisert, har et regionalt s\u00e6rpreg og er ogs\u00e5 en sosial m\u00f8teplass - s\u00e6rlig p\u00e5 formiddagen.<\/p>\t\t\t\t\t\t\t\t<\/div>\n\t\t\t\t<\/div>\n\t\t\t\t<\/div>\n\t\t\t\t\t<\/div>\n\t\t\t\t<\/div>\n\t\t<div class=\"elementor-element elementor-element-4674f93 e-flex e-con-boxed e-con e-parent\" data-id=\"4674f93\" data-element_type=\"container\" data-e-type=\"container\">\n\t\t\t\t\t<div class=\"e-con-inner\">\n\t\t<div class=\"elementor-element elementor-element-a0eb45a e-con-full e-flex e-con e-child\" data-id=\"a0eb45a\" data-element_type=\"container\" data-e-type=\"container\">\n\t\t\t\t<div class=\"elementor-element elementor-element-c1cb25f elementor-widget elementor-widget-heading\" data-id=\"c1cb25f\" data-element_type=\"widget\" data-e-type=\"widget\" data-widget_type=\"heading.default\">\n\t\t\t\t<div class=\"elementor-widget-container\">\n\t\t\t\t\t<h5 class=\"elementor-heading-title elementor-size-default\">Landskap og fritid - gr\u00f8nt, velstelt, panoramautsikt<\/h5>\t\t\t\t<\/div>\n\t\t\t\t<\/div>\n\t\t\t\t<div class=\"elementor-element elementor-element-cbc285a elementor-widget elementor-widget-text-editor\" data-id=\"cbc285a\" data-element_type=\"widget\" data-e-type=\"widget\" data-widget_type=\"text-editor.default\">\n\t\t\t\t<div class=\"elementor-widget-container\">\n\t\t\t\t\t\t\t\t\t<p>Det finnes mange turstier og utsiktspunkter rundt Moraira - for eksempel langs klippestiene n\u00e6r Cap Blanc eller mot Cala Llebeig. Vegetasjonen er typisk middelhavsvegetasjon: furutr\u00e6r, vinmarker og olivenlunder. Golfbaner, tennisklubber, ridestaller og vannsport avrunder fritidstilbudet.<\/p>\t\t\t\t\t\t\t\t<\/div>\n\t\t\t\t<\/div>\n\t\t\t\t<\/div>\n\t\t<div class=\"elementor-element elementor-element-09073de e-con-full e-flex e-con e-child\" data-id=\"09073de\" data-element_type=\"container\" data-e-type=\"container\">\n\t\t\t\t<div class=\"elementor-element elementor-element-172fd2d elementor-widget elementor-widget-gallery\" data-id=\"172fd2d\" data-element_type=\"widget\" data-e-type=\"widget\" data-settings=\"{&quot;columns&quot;:1,&quot;aspect_ratio&quot;:&quot;21:9&quot;,&quot;lazyload&quot;:&quot;yes&quot;,&quot;gallery_layout&quot;:&quot;grid&quot;,&quot;columns_tablet&quot;:2,&quot;columns_mobile&quot;:1,&quot;gap&quot;:{&quot;unit&quot;:&quot;px&quot;,&quot;size&quot;:10,&quot;sizes&quot;:[]},&quot;gap_tablet&quot;:{&quot;unit&quot;:&quot;px&quot;,&quot;size&quot;:10,&quot;sizes&quot;:[]},&quot;gap_mobile&quot;:{&quot;unit&quot;:&quot;px&quot;,&quot;size&quot;:10,&quot;sizes&quot;:[]},&quot;link_to&quot;:&quot;file&quot;,&quot;overlay_background&quot;:&quot;yes&quot;,&quot;content_hover_animation&quot;:&quot;fade-in&quot;}\" data-widget_type=\"gallery.default\">\n\t\t\t\t<div class=\"elementor-widget-container\">\n\t\t\t\t\t\t\t<div class=\"elementor-gallery__container\">\n\t\t\t\t\t\t\t<a class=\"e-gallery-item elementor-gallery-item elementor-animated-content\" href=\"https:\/\/costablanca-magazin.com\/wp-content\/uploads\/2025\/05\/20230407_113733.jpg\" data-elementor-open-lightbox=\"yes\" data-elementor-lightbox-slideshow=\"172fd2d\" data-elementor-lightbox-title=\"20230407_113733\" data-e-action-hash=\"#elementor-action%3Aaction%3Dlightbox%26settings%3DeyJpZCI6NzIzOCwidXJsIjoiaHR0cHM6XC9cL2Nvc3RhYmxhbmNhLW1hZ2F6aW4uY29tXC93cC1jb250ZW50XC91cGxvYWRzXC8yMDI1XC8wNVwvMjAyMzA0MDdfMTEzNzMzLmpwZyIsInNsaWRlc2hvdyI6IjE3MmZkMmQifQ%3D%3D\">\n\t\t\t\t\t<div class=\"e-gallery-image elementor-gallery-item__image\" data-thumbnail=\"https:\/\/costablanca-magazin.com\/wp-content\/uploads\/2025\/05\/20230407_113733.jpg\" data-width=\"1000\" data-height=\"750\" aria-label=\"costablanca mallorca 303\" role=\"img\" ><\/div>\n\t\t\t\t\t\t\t\t\t\t\t<div class=\"elementor-gallery-item__overlay\"><\/div>\n\t\t\t\t\t\t\t\t\t\t\t\t\t\t<\/a>\n\t\t\t\t\t<\/div>\n\t\t\t\t\t<\/div>\n\t\t\t\t<\/div>\n\t\t\t\t<\/div>\n\t\t<div class=\"elementor-element elementor-element-0729eb7 e-con-full e-flex e-con e-child\" data-id=\"0729eb7\" data-element_type=\"container\" data-e-type=\"container\">\n\t\t\t\t<div class=\"elementor-element elementor-element-6132afd elementor-widget elementor-widget-gallery\" data-id=\"6132afd\" data-element_type=\"widget\" data-e-type=\"widget\" data-settings=\"{&quot;columns&quot;:1,&quot;lazyload&quot;:&quot;yes&quot;,&quot;gallery_layout&quot;:&quot;grid&quot;,&quot;columns_tablet&quot;:2,&quot;columns_mobile&quot;:1,&quot;gap&quot;:{&quot;unit&quot;:&quot;px&quot;,&quot;size&quot;:10,&quot;sizes&quot;:[]},&quot;gap_tablet&quot;:{&quot;unit&quot;:&quot;px&quot;,&quot;size&quot;:10,&quot;sizes&quot;:[]},&quot;gap_mobile&quot;:{&quot;unit&quot;:&quot;px&quot;,&quot;size&quot;:10,&quot;sizes&quot;:[]},&quot;link_to&quot;:&quot;file&quot;,&quot;aspect_ratio&quot;:&quot;3:2&quot;,&quot;overlay_background&quot;:&quot;yes&quot;,&quot;content_hover_animation&quot;:&quot;fade-in&quot;}\" data-widget_type=\"gallery.default\">\n\t\t\t\t<div class=\"elementor-widget-container\">\n\t\t\t\t\t\t\t<div class=\"elementor-gallery__container\">\n\t\t\t\t\t\t\t<a class=\"e-gallery-item elementor-gallery-item elementor-animated-content\" href=\"https:\/\/costablanca-magazin.com\/wp-content\/uploads\/2025\/05\/20230407_114104.jpg\" data-elementor-open-lightbox=\"yes\" data-elementor-lightbox-slideshow=\"6132afd\" data-elementor-lightbox-title=\"20230407_114104\" data-e-action-hash=\"#elementor-action%3Aaction%3Dlightbox%26settings%3DeyJpZCI6NzI0MSwidXJsIjoiaHR0cHM6XC9cL2Nvc3RhYmxhbmNhLW1hZ2F6aW4uY29tXC93cC1jb250ZW50XC91cGxvYWRzXC8yMDI1XC8wNVwvMjAyMzA0MDdfMTE0MTA0LmpwZyIsInNsaWRlc2hvdyI6IjYxMzJhZmQifQ%3D%3D\">\n\t\t\t\t\t<div class=\"e-gallery-image elementor-gallery-item__image\" data-thumbnail=\"https:\/\/costablanca-magazin.com\/wp-content\/uploads\/2025\/05\/20230407_114104.jpg\" data-width=\"1000\" data-height=\"750\" aria-label=\"costablanca mallorca 306\" role=\"img\" ><\/div>\n\t\t\t\t\t\t\t\t\t\t\t<div class=\"elementor-gallery-item__overlay\"><\/div>\n\t\t\t\t\t\t\t\t\t\t\t\t\t\t<\/a>\n\t\t\t\t\t<\/div>\n\t\t\t\t\t<\/div>\n\t\t\t\t<\/div>\n\t\t\t\t<\/div>\n\t\t<div class=\"elementor-element elementor-element-1f13bae e-con-full e-flex e-con e-child\" data-id=\"1f13bae\" data-element_type=\"container\" data-e-type=\"container\">\n\t\t\t\t<div class=\"elementor-element elementor-element-2f22198 elementor-widget elementor-widget-heading\" data-id=\"2f22198\" data-element_type=\"widget\" data-e-type=\"widget\" data-widget_type=\"heading.default\">\n\t\t\t\t<div class=\"elementor-widget-container\">\n\t\t\t\t\t<h5 class=\"elementor-heading-title elementor-size-default\">Bo i Moraira - h\u00f8y kvalitet, strukturert, internasjonalt<\/h5>\t\t\t\t<\/div>\n\t\t\t\t<\/div>\n\t\t\t\t<div class=\"elementor-element elementor-element-e67dc44 elementor-widget elementor-widget-text-editor\" data-id=\"e67dc44\" data-element_type=\"widget\" data-e-type=\"widget\" data-widget_type=\"text-editor.default\">\n\t\t\t\t<div class=\"elementor-widget-container\">\n\t\t\t\t\t\t\t\t\t<p>Moraira er spesielt popul\u00e6rt blant langtidsboende og de som s\u00f8ker fred og ro. Mange eiendommer ligger i de omkringliggende gr\u00f8nne urbanisasjonene med velholdte hus, havutsikt og ro. Infrastrukturen er over gjennomsnittet: medisinske sentre, internasjonale tjenester, gode forbindelser til Teulada (inkl. TRAM-togforbindelse) samt korte avstander til Benissa, Calpe og J\u00e1vea.<\/p><p>Eiendomsmarkedet ligger i det midtre til \u00f8vre prissegmentet, med stabil ettersp\u00f8rsel etter eneboliger, velholdte leiligheter og beliggenhet med sj\u00f8utsikt.<\/p>\t\t\t\t\t\t\t\t<\/div>\n\t\t\t\t<\/div>\n\t\t\t\t<\/div>\n\t\t\t\t\t<\/div>\n\t\t\t\t<\/div>\n\t\t<div class=\"elementor-element elementor-element-7f005e7 e-flex e-con-boxed e-con e-parent\" data-id=\"7f005e7\" data-element_type=\"container\" data-e-type=\"container\">\n\t\t\t\t\t<div class=\"e-con-inner\">\n\t\t<div class=\"elementor-element elementor-element-9920c5e e-con-full e-flex e-con e-child\" data-id=\"9920c5e\" data-element_type=\"container\" data-e-type=\"container\">\n\t\t<div class=\"elementor-element elementor-element-df32587 e-con-full e-flex e-con e-child\" data-id=\"df32587\" data-element_type=\"container\" data-e-type=\"container\">\n\t\t\t\t<div class=\"elementor-element elementor-element-142cd13 elementor-widget elementor-widget-google_maps\" data-id=\"142cd13\" data-element_type=\"widget\" data-e-type=\"widget\" data-widget_type=\"google_maps.default\">\n\t\t\t\t<div class=\"elementor-widget-container\">\n\t\t\t\t\t\t\t<div class=\"elementor-custom-embed\">\n\t\t\t<iframe loading=\"lazy\"\n\t\t\t\t\tsrc=\"https:\/\/maps.google.com\/maps?q=Moraira&#038;t=m&#038;z=14&#038;output=embed&#038;iwloc=near\"\n\t\t\t\t\ttitle=\"Moraira\"\n\t\t\t\t\taria-label=\"Moraira\"\n\t\t\t><\/iframe>\n\t\t<\/div>\n\t\t\t\t\t\t<\/div>\n\t\t\t\t<\/div>\n\t\t\t\t<\/div>\n\t\t\t\t<div class=\"elementor-element elementor-element-5c1d1f3 elementor-widget elementor-widget-gallery\" data-id=\"5c1d1f3\" data-element_type=\"widget\" data-e-type=\"widget\" data-settings=\"{&quot;gallery_layout&quot;:&quot;justified&quot;,&quot;ideal_row_height&quot;:{&quot;unit&quot;:&quot;px&quot;,&quot;size&quot;:131,&quot;sizes&quot;:[]},&quot;gap&quot;:{&quot;unit&quot;:&quot;px&quot;,&quot;size&quot;:2,&quot;sizes&quot;:[]},&quot;lazyload&quot;:&quot;yes&quot;,&quot;ideal_row_height_tablet&quot;:{&quot;unit&quot;:&quot;px&quot;,&quot;size&quot;:150,&quot;sizes&quot;:[]},&quot;ideal_row_height_mobile&quot;:{&quot;unit&quot;:&quot;px&quot;,&quot;size&quot;:150,&quot;sizes&quot;:[]},&quot;gap_tablet&quot;:{&quot;unit&quot;:&quot;px&quot;,&quot;size&quot;:10,&quot;sizes&quot;:[]},&quot;gap_mobile&quot;:{&quot;unit&quot;:&quot;px&quot;,&quot;size&quot;:10,&quot;sizes&quot;:[]},&quot;link_to&quot;:&quot;file&quot;,&quot;overlay_background&quot;:&quot;yes&quot;,&quot;content_hover_animation&quot;:&quot;fade-in&quot;}\" data-widget_type=\"gallery.default\">\n\t\t\t\t<div class=\"elementor-widget-container\">\n\t\t\t\t\t\t\t<div class=\"elementor-gallery__container\">\n\t\t\t\t\t\t\t<a class=\"e-gallery-item elementor-gallery-item elementor-animated-content\" href=\"https:\/\/costablanca-magazin.com\/wp-content\/uploads\/2025\/05\/Costablanca-Magazin-Altea-38.jpg\" data-elementor-open-lightbox=\"yes\" data-elementor-lightbox-slideshow=\"5c1d1f3\" data-elementor-lightbox-title=\"Costablanca Magazin Altea (38)\" data-elementor-lightbox-description=\"Costablanca Magazin Altea (38)\" data-e-action-hash=\"#elementor-action%3Aaction%3Dlightbox%26settings%3DeyJpZCI6NzA4MSwidXJsIjoiaHR0cHM6XC9cL2Nvc3RhYmxhbmNhLW1hZ2F6aW4uY29tXC93cC1jb250ZW50XC91cGxvYWRzXC8yMDI1XC8wNVwvQ29zdGFibGFuY2EtTWFnYXppbi1BbHRlYS0zOC5qcGciLCJzbGlkZXNob3ciOiI1YzFkMWYzIn0%3D\">\n\t\t\t\t\t<div class=\"e-gallery-image elementor-gallery-item__image\" data-thumbnail=\"https:\/\/costablanca-magazin.com\/wp-content\/uploads\/2025\/05\/Costablanca-Magazin-Altea-38.jpg\" data-width=\"1000\" data-height=\"563\" aria-label=\"Costablanca Magazine Altea (38)\" role=\"img\" ><\/div>\n\t\t\t\t\t\t\t\t\t\t\t<div class=\"elementor-gallery-item__overlay\"><\/div>\n\t\t\t\t\t\t\t\t\t\t\t\t\t\t<\/a>\n\t\t\t\t\t\t\t<a class=\"e-gallery-item elementor-gallery-item elementor-animated-content\" href=\"https:\/\/costablanca-magazin.com\/wp-content\/uploads\/2022\/09\/costablanca-lifestyle-altea-17.jpg\" data-elementor-open-lightbox=\"yes\" data-elementor-lightbox-slideshow=\"5c1d1f3\" data-elementor-lightbox-title=\"costablanca-lifestyle-altea (17)\" data-elementor-lightbox-description=\"Costa Blanca  Altea Kirchplatz \" data-e-action-hash=\"#elementor-action%3Aaction%3Dlightbox%26settings%3DeyJpZCI6NjI4LCJ1cmwiOiJodHRwczpcL1wvY29zdGFibGFuY2EtbWFnYXppbi5jb21cL3dwLWNvbnRlbnRcL3VwbG9hZHNcLzIwMjJcLzA5XC9jb3N0YWJsYW5jYS1saWZlc3R5bGUtYWx0ZWEtMTcuanBnIiwic2xpZGVzaG93IjoiNWMxZDFmMyJ9\">\n\t\t\t\t\t<div class=\"e-gallery-image elementor-gallery-item__image\" data-thumbnail=\"https:\/\/costablanca-magazin.com\/wp-content\/uploads\/2022\/09\/costablanca-lifestyle-altea-17.jpg\" data-width=\"600\" data-height=\"600\" aria-label=\"Costa Blanca Altea Kirchplatz 6\" role=\"img\" ><\/div>\n\t\t\t\t\t\t\t\t\t\t\t<div class=\"elementor-gallery-item__overlay\"><\/div>\n\t\t\t\t\t\t\t\t\t\t\t\t\t\t<\/a>\n\t\t\t\t\t\t\t<a class=\"e-gallery-item elementor-gallery-item elementor-animated-content\" href=\"https:\/\/costablanca-magazin.com\/wp-content\/uploads\/2025\/05\/Costablanca-Magazin-Altea-48.jpg\" data-elementor-open-lightbox=\"yes\" data-elementor-lightbox-slideshow=\"5c1d1f3\" data-elementor-lightbox-title=\"Costablanca Magazin Altea (48)\" data-e-action-hash=\"#elementor-action%3Aaction%3Dlightbox%26settings%3DeyJpZCI6NzA4NywidXJsIjoiaHR0cHM6XC9cL2Nvc3RhYmxhbmNhLW1hZ2F6aW4uY29tXC93cC1jb250ZW50XC91cGxvYWRzXC8yMDI1XC8wNVwvQ29zdGFibGFuY2EtTWFnYXppbi1BbHRlYS00OC5qcGciLCJzbGlkZXNob3ciOiI1YzFkMWYzIn0%3D\">\n\t\t\t\t\t<div class=\"e-gallery-image elementor-gallery-item__image\" data-thumbnail=\"https:\/\/costablanca-magazin.com\/wp-content\/uploads\/2025\/05\/Costablanca-Magazin-Altea-48.jpg\" data-width=\"563\" data-height=\"1000\" aria-label=\"costablanca mallorca 248\" role=\"img\" ><\/div>\n\t\t\t\t\t\t\t\t\t\t\t<div class=\"elementor-gallery-item__overlay\"><\/div>\n\t\t\t\t\t\t\t\t\t\t\t\t\t\t<\/a>\n\t\t\t\t\t\t\t<a class=\"e-gallery-item elementor-gallery-item elementor-animated-content\" href=\"https:\/\/costablanca-magazin.com\/wp-content\/uploads\/2025\/05\/Costablanca-Magazin-Altea-52.jpg\" data-elementor-open-lightbox=\"yes\" data-elementor-lightbox-slideshow=\"5c1d1f3\" data-elementor-lightbox-title=\"Costablanca Magazin Altea (52)\" data-e-action-hash=\"#elementor-action%3Aaction%3Dlightbox%26settings%3DeyJpZCI6NzA5MSwidXJsIjoiaHR0cHM6XC9cL2Nvc3RhYmxhbmNhLW1hZ2F6aW4uY29tXC93cC1jb250ZW50XC91cGxvYWRzXC8yMDI1XC8wNVwvQ29zdGFibGFuY2EtTWFnYXppbi1BbHRlYS01Mi5qcGciLCJzbGlkZXNob3ciOiI1YzFkMWYzIn0%3D\">\n\t\t\t\t\t<div class=\"e-gallery-image elementor-gallery-item__image\" data-thumbnail=\"https:\/\/costablanca-magazin.com\/wp-content\/uploads\/2025\/05\/Costablanca-Magazin-Altea-52.jpg\" data-width=\"563\" data-height=\"1000\" aria-label=\"costablanca mallorca 252\" role=\"img\" ><\/div>\n\t\t\t\t\t\t\t\t\t\t\t<div class=\"elementor-gallery-item__overlay\"><\/div>\n\t\t\t\t\t\t\t\t\t\t\t\t\t\t<\/a>\n\t\t\t\t\t\t\t<a class=\"e-gallery-item elementor-gallery-item elementor-animated-content\" href=\"https:\/\/costablanca-magazin.com\/wp-content\/uploads\/2025\/05\/Costablanca-Magazin-Altea-10.jpg\" data-elementor-open-lightbox=\"yes\" data-elementor-lightbox-slideshow=\"5c1d1f3\" data-elementor-lightbox-title=\"Costablanca Magazin Altea (10)\" data-e-action-hash=\"#elementor-action%3Aaction%3Dlightbox%26settings%3DeyJpZCI6NzA2NiwidXJsIjoiaHR0cHM6XC9cL2Nvc3RhYmxhbmNhLW1hZ2F6aW4uY29tXC93cC1jb250ZW50XC91cGxvYWRzXC8yMDI1XC8wNVwvQ29zdGFibGFuY2EtTWFnYXppbi1BbHRlYS0xMC5qcGciLCJzbGlkZXNob3ciOiI1YzFkMWYzIn0%3D\">\n\t\t\t\t\t<div class=\"e-gallery-image elementor-gallery-item__image\" data-thumbnail=\"https:\/\/costablanca-magazin.com\/wp-content\/uploads\/2025\/05\/Costablanca-Magazin-Altea-10.jpg\" data-width=\"1000\" data-height=\"563\" aria-label=\"costablanca mallorca 228\" role=\"img\" ><\/div>\n\t\t\t\t\t\t\t\t\t\t\t<div class=\"elementor-gallery-item__overlay\"><\/div>\n\t\t\t\t\t\t\t\t\t\t\t\t\t\t<\/a>\n\t\t\t\t\t\t\t<a class=\"e-gallery-item elementor-gallery-item elementor-animated-content\" href=\"https:\/\/costablanca-magazin.com\/wp-content\/uploads\/2025\/05\/Costablanca-Magazin-Altea-75.jpg\" data-elementor-open-lightbox=\"yes\" data-elementor-lightbox-slideshow=\"5c1d1f3\" data-elementor-lightbox-title=\"Costablanca Magazin Altea (75)\" data-e-action-hash=\"#elementor-action%3Aaction%3Dlightbox%26settings%3DeyJpZCI6NzA3MCwidXJsIjoiaHR0cHM6XC9cL2Nvc3RhYmxhbmNhLW1hZ2F6aW4uY29tXC93cC1jb250ZW50XC91cGxvYWRzXC8yMDI1XC8wNVwvQ29zdGFibGFuY2EtTWFnYXppbi1BbHRlYS03NS5qcGciLCJzbGlkZXNob3ciOiI1YzFkMWYzIn0%3D\">\n\t\t\t\t\t<div class=\"e-gallery-image elementor-gallery-item__image\" data-thumbnail=\"https:\/\/costablanca-magazin.com\/wp-content\/uploads\/2025\/05\/Costablanca-Magazin-Altea-75.jpg\" data-width=\"1000\" data-height=\"563\" aria-label=\"costablanca mallorca 232\" role=\"img\" ><\/div>\n\t\t\t\t\t\t\t\t\t\t\t<div class=\"elementor-gallery-item__overlay\"><\/div>\n\t\t\t\t\t\t\t\t\t\t\t\t\t\t<\/a>\n\t\t\t\t\t\t\t<a class=\"e-gallery-item elementor-gallery-item elementor-animated-content\" href=\"https:\/\/costablanca-magazin.com\/wp-content\/uploads\/2025\/05\/Costablanca-Magazin-Altea-32.jpg\" data-elementor-open-lightbox=\"yes\" data-elementor-lightbox-slideshow=\"5c1d1f3\" data-elementor-lightbox-title=\"Costablanca Magazin Altea (32)\" data-e-action-hash=\"#elementor-action%3Aaction%3Dlightbox%26settings%3DeyJpZCI6NzA3NSwidXJsIjoiaHR0cHM6XC9cL2Nvc3RhYmxhbmNhLW1hZ2F6aW4uY29tXC93cC1jb250ZW50XC91cGxvYWRzXC8yMDI1XC8wNVwvQ29zdGFibGFuY2EtTWFnYXppbi1BbHRlYS0zMi5qcGciLCJzbGlkZXNob3ciOiI1YzFkMWYzIn0%3D\">\n\t\t\t\t\t<div class=\"e-gallery-image elementor-gallery-item__image\" data-thumbnail=\"https:\/\/costablanca-magazin.com\/wp-content\/uploads\/2025\/05\/Costablanca-Magazin-Altea-32.jpg\" data-width=\"563\" data-height=\"1000\" aria-label=\"costablanca mallorca 237\" role=\"img\" ><\/div>\n\t\t\t\t\t\t\t\t\t\t\t<div class=\"elementor-gallery-item__overlay\"><\/div>\n\t\t\t\t\t\t\t\t\t\t\t\t\t\t<\/a>\n\t\t\t\t\t\t\t<a class=\"e-gallery-item elementor-gallery-item elementor-animated-content\" href=\"https:\/\/costablanca-magazin.com\/wp-content\/uploads\/2025\/05\/Costablanca-Magazin-Altea-68.jpg\" data-elementor-open-lightbox=\"yes\" data-elementor-lightbox-slideshow=\"5c1d1f3\" data-elementor-lightbox-title=\"Costablanca Magazin Altea (68)\" data-e-action-hash=\"#elementor-action%3Aaction%3Dlightbox%26settings%3DeyJpZCI6NzA5NywidXJsIjoiaHR0cHM6XC9cL2Nvc3RhYmxhbmNhLW1hZ2F6aW4uY29tXC93cC1jb250ZW50XC91cGxvYWRzXC8yMDI1XC8wNVwvQ29zdGFibGFuY2EtTWFnYXppbi1BbHRlYS02OC5qcGciLCJzbGlkZXNob3ciOiI1YzFkMWYzIn0%3D\">\n\t\t\t\t\t<div class=\"e-gallery-image elementor-gallery-item__image\" data-thumbnail=\"https:\/\/costablanca-magazin.com\/wp-content\/uploads\/2025\/05\/Costablanca-Magazin-Altea-68.jpg\" data-width=\"1000\" data-height=\"563\" aria-label=\"costablanca mallorca 258\" role=\"img\" ><\/div>\n\t\t\t\t\t\t\t\t\t\t\t<div class=\"elementor-gallery-item__overlay\"><\/div>\n\t\t\t\t\t\t\t\t\t\t\t\t\t\t<\/a>\n\t\t\t\t\t\t\t<a class=\"e-gallery-item elementor-gallery-item elementor-animated-content\" href=\"https:\/\/costablanca-magazin.com\/wp-content\/uploads\/2025\/05\/Costablanca-Magazin-Altea-53.jpg\" data-elementor-open-lightbox=\"yes\" data-elementor-lightbox-slideshow=\"5c1d1f3\" data-elementor-lightbox-title=\"Costablanca Magazin Altea (53)\" data-e-action-hash=\"#elementor-action%3Aaction%3Dlightbox%26settings%3DeyJpZCI6NzA5MiwidXJsIjoiaHR0cHM6XC9cL2Nvc3RhYmxhbmNhLW1hZ2F6aW4uY29tXC93cC1jb250ZW50XC91cGxvYWRzXC8yMDI1XC8wNVwvQ29zdGFibGFuY2EtTWFnYXppbi1BbHRlYS01My5qcGciLCJzbGlkZXNob3ciOiI1YzFkMWYzIn0%3D\">\n\t\t\t\t\t<div class=\"e-gallery-image elementor-gallery-item__image\" data-thumbnail=\"https:\/\/costablanca-magazin.com\/wp-content\/uploads\/2025\/05\/Costablanca-Magazin-Altea-53.jpg\" data-width=\"563\" data-height=\"1000\" aria-label=\"costablanca mallorca 253\" role=\"img\" ><\/div>\n\t\t\t\t\t\t\t\t\t\t\t<div class=\"elementor-gallery-item__overlay\"><\/div>\n\t\t\t\t\t\t\t\t\t\t\t\t\t\t<\/a>\n\t\t\t\t\t\t\t<a class=\"e-gallery-item elementor-gallery-item elementor-animated-content\" href=\"https:\/\/costablanca-magazin.com\/wp-content\/uploads\/2025\/05\/Costablanca-Magazin-Altea-73.jpg\" data-elementor-open-lightbox=\"yes\" data-elementor-lightbox-slideshow=\"5c1d1f3\" data-elementor-lightbox-title=\"Costablanca Magazin Altea (73)\" data-e-action-hash=\"#elementor-action%3Aaction%3Dlightbox%26settings%3DeyJpZCI6NzA2OCwidXJsIjoiaHR0cHM6XC9cL2Nvc3RhYmxhbmNhLW1hZ2F6aW4uY29tXC93cC1jb250ZW50XC91cGxvYWRzXC8yMDI1XC8wNVwvQ29zdGFibGFuY2EtTWFnYXppbi1BbHRlYS03My5qcGciLCJzbGlkZXNob3ciOiI1YzFkMWYzIn0%3D\">\n\t\t\t\t\t<div class=\"e-gallery-image elementor-gallery-item__image\" data-thumbnail=\"https:\/\/costablanca-magazin.com\/wp-content\/uploads\/2025\/05\/Costablanca-Magazin-Altea-73.jpg\" data-width=\"1000\" data-height=\"563\" aria-label=\"costablanca mallorca 230\" role=\"img\" ><\/div>\n\t\t\t\t\t\t\t\t\t\t\t<div class=\"elementor-gallery-item__overlay\"><\/div>\n\t\t\t\t\t\t\t\t\t\t\t\t\t\t<\/a>\n\t\t\t\t\t\t\t<a class=\"e-gallery-item elementor-gallery-item elementor-animated-content\" href=\"https:\/\/costablanca-magazin.com\/wp-content\/uploads\/2025\/05\/Costablanca-Magazin-Altea-36.jpg\" data-elementor-open-lightbox=\"yes\" data-elementor-lightbox-slideshow=\"5c1d1f3\" data-elementor-lightbox-title=\"Costablanca Magazin Altea (36)\" data-e-action-hash=\"#elementor-action%3Aaction%3Dlightbox%26settings%3DeyJpZCI6NzA3OSwidXJsIjoiaHR0cHM6XC9cL2Nvc3RhYmxhbmNhLW1hZ2F6aW4uY29tXC93cC1jb250ZW50XC91cGxvYWRzXC8yMDI1XC8wNVwvQ29zdGFibGFuY2EtTWFnYXppbi1BbHRlYS0zNi5qcGciLCJzbGlkZXNob3ciOiI1YzFkMWYzIn0%3D\">\n\t\t\t\t\t<div class=\"e-gallery-image elementor-gallery-item__image\" data-thumbnail=\"https:\/\/costablanca-magazin.com\/wp-content\/uploads\/2025\/05\/Costablanca-Magazin-Altea-36.jpg\" data-width=\"563\" data-height=\"1000\" aria-label=\"costablanca mallorca 241\" role=\"img\" ><\/div>\n\t\t\t\t\t\t\t\t\t\t\t<div class=\"elementor-gallery-item__overlay\"><\/div>\n\t\t\t\t\t\t\t\t\t\t\t\t\t\t<\/a>\n\t\t\t\t\t\t\t<a class=\"e-gallery-item elementor-gallery-item elementor-animated-content\" href=\"https:\/\/costablanca-magazin.com\/wp-content\/uploads\/2022\/09\/costablanca-lifestyle-altea-7.jpg\" data-elementor-open-lightbox=\"yes\" data-elementor-lightbox-slideshow=\"5c1d1f3\" data-elementor-lightbox-title=\"costablanca-lifestyle-altea (7)\" data-elementor-lightbox-description=\"Costa Blanca Strand Altea blick auf calpe \" data-e-action-hash=\"#elementor-action%3Aaction%3Dlightbox%26settings%3DeyJpZCI6NjE5LCJ1cmwiOiJodHRwczpcL1wvY29zdGFibGFuY2EtbWFnYXppbi5jb21cL3dwLWNvbnRlbnRcL3VwbG9hZHNcLzIwMjJcLzA5XC9jb3N0YWJsYW5jYS1saWZlc3R5bGUtYWx0ZWEtNy5qcGciLCJzbGlkZXNob3ciOiI1YzFkMWYzIn0%3D\">\n\t\t\t\t\t<div class=\"e-gallery-image elementor-gallery-item__image\" data-thumbnail=\"https:\/\/costablanca-magazin.com\/wp-content\/uploads\/2022\/09\/costablanca-lifestyle-altea-7.jpg\" data-width=\"800\" data-height=\"533\" aria-label=\"Costa Blanca Strand Altea utsikt over Calpe 6\" role=\"img\" ><\/div>\n\t\t\t\t\t\t\t\t\t\t\t<div class=\"elementor-gallery-item__overlay\"><\/div>\n\t\t\t\t\t\t\t\t\t\t\t\t\t\t<\/a>\n\t\t\t\t\t\t\t<a class=\"e-gallery-item elementor-gallery-item elementor-animated-content\" href=\"https:\/\/costablanca-magazin.com\/wp-content\/uploads\/2022\/09\/costablanca-lifestyle-altea-3.jpg\" data-elementor-open-lightbox=\"yes\" data-elementor-lightbox-slideshow=\"5c1d1f3\" data-elementor-lightbox-title=\"costablanca-lifestyle-altea (3)\" data-elementor-lightbox-description=\"Costa Blanca Strand Altea\" data-e-action-hash=\"#elementor-action%3Aaction%3Dlightbox%26settings%3DeyJpZCI6NjE1LCJ1cmwiOiJodHRwczpcL1wvY29zdGFibGFuY2EtbWFnYXppbi5jb21cL3dwLWNvbnRlbnRcL3VwbG9hZHNcLzIwMjJcLzA5XC9jb3N0YWJsYW5jYS1saWZlc3R5bGUtYWx0ZWEtMy5qcGciLCJzbGlkZXNob3ciOiI1YzFkMWYzIn0%3D\">\n\t\t\t\t\t<div class=\"e-gallery-image elementor-gallery-item__image\" data-thumbnail=\"https:\/\/costablanca-magazin.com\/wp-content\/uploads\/2022\/09\/costablanca-lifestyle-altea-3.jpg\" data-width=\"800\" data-height=\"533\" aria-label=\"Costa Blanca Strand Altea 1\" role=\"img\" ><\/div>\n\t\t\t\t\t\t\t\t\t\t\t<div class=\"elementor-gallery-item__overlay\"><\/div>\n\t\t\t\t\t\t\t\t\t\t\t\t\t\t<\/a>\n\t\t\t\t\t\t\t<a class=\"e-gallery-item elementor-gallery-item elementor-animated-content\" href=\"https:\/\/costablanca-magazin.com\/wp-content\/uploads\/2025\/05\/Costablanca-Magazin-Altea-42.jpg\" data-elementor-open-lightbox=\"yes\" data-elementor-lightbox-slideshow=\"5c1d1f3\" data-elementor-lightbox-title=\"Costablanca Magazin Altea (42)\" data-e-action-hash=\"#elementor-action%3Aaction%3Dlightbox%26settings%3DeyJpZCI6NzA4MiwidXJsIjoiaHR0cHM6XC9cL2Nvc3RhYmxhbmNhLW1hZ2F6aW4uY29tXC93cC1jb250ZW50XC91cGxvYWRzXC8yMDI1XC8wNVwvQ29zdGFibGFuY2EtTWFnYXppbi1BbHRlYS00Mi5qcGciLCJzbGlkZXNob3ciOiI1YzFkMWYzIn0%3D\">\n\t\t\t\t\t<div class=\"e-gallery-image elementor-gallery-item__image\" data-thumbnail=\"https:\/\/costablanca-magazin.com\/wp-content\/uploads\/2025\/05\/Costablanca-Magazin-Altea-42.jpg\" data-width=\"563\" data-height=\"1000\" aria-label=\"costablanca mallorca 243\" role=\"img\" ><\/div>\n\t\t\t\t\t\t\t\t\t\t\t<div class=\"elementor-gallery-item__overlay\"><\/div>\n\t\t\t\t\t\t\t\t\t\t\t\t\t\t<\/a>\n\t\t\t\t\t\t\t<a class=\"e-gallery-item elementor-gallery-item elementor-animated-content\" href=\"https:\/\/costablanca-magazin.com\/wp-content\/uploads\/2022\/09\/costablanca-lifestyle-altea-20-e1663747224892.jpg\" data-elementor-open-lightbox=\"yes\" data-elementor-lightbox-slideshow=\"5c1d1f3\" data-elementor-lightbox-title=\"costablanca-lifestyle-altea (20)\" data-elementor-lightbox-description=\"Costa Blanca  Altea Kirchplatz \" data-e-action-hash=\"#elementor-action%3Aaction%3Dlightbox%26settings%3DeyJpZCI6NjMxLCJ1cmwiOiJodHRwczpcL1wvY29zdGFibGFuY2EtbWFnYXppbi5jb21cL3dwLWNvbnRlbnRcL3VwbG9hZHNcLzIwMjJcLzA5XC9jb3N0YWJsYW5jYS1saWZlc3R5bGUtYWx0ZWEtMjAtZTE2NjM3NDcyMjQ4OTIuanBnIiwic2xpZGVzaG93IjoiNWMxZDFmMyJ9\">\n\t\t\t\t\t<div class=\"e-gallery-image elementor-gallery-item__image\" data-thumbnail=\"https:\/\/costablanca-magazin.com\/wp-content\/uploads\/2022\/09\/costablanca-lifestyle-altea-20-e1663747224892.jpg\" data-width=\"533\" data-height=\"600\" aria-label=\"Costa Blanca Altea Kirchplatz 11\" role=\"img\" ><\/div>\n\t\t\t\t\t\t\t\t\t\t\t<div class=\"elementor-gallery-item__overlay\"><\/div>\n\t\t\t\t\t\t\t\t\t\t\t\t\t\t<\/a>\n\t\t\t\t\t\t\t<a class=\"e-gallery-item elementor-gallery-item elementor-animated-content\" href=\"https:\/\/costablanca-magazin.com\/wp-content\/uploads\/2025\/05\/Costablanca-Magazin-Altea-5.jpg\" data-elementor-open-lightbox=\"yes\" data-elementor-lightbox-slideshow=\"5c1d1f3\" data-elementor-lightbox-title=\"Costablanca Magazin Altea (5)\" data-e-action-hash=\"#elementor-action%3Aaction%3Dlightbox%26settings%3DeyJpZCI6NzA2NSwidXJsIjoiaHR0cHM6XC9cL2Nvc3RhYmxhbmNhLW1hZ2F6aW4uY29tXC93cC1jb250ZW50XC91cGxvYWRzXC8yMDI1XC8wNVwvQ29zdGFibGFuY2EtTWFnYXppbi1BbHRlYS01LmpwZyIsInNsaWRlc2hvdyI6IjVjMWQxZjMifQ%3D%3D\">\n\t\t\t\t\t<div class=\"e-gallery-image elementor-gallery-item__image\" data-thumbnail=\"https:\/\/costablanca-magazin.com\/wp-content\/uploads\/2025\/05\/Costablanca-Magazin-Altea-5.jpg\" data-width=\"733\" data-height=\"1000\" aria-label=\"costablanca mallorca 227\" role=\"img\" ><\/div>\n\t\t\t\t\t\t\t\t\t\t\t<div class=\"elementor-gallery-item__overlay\"><\/div>\n\t\t\t\t\t\t\t\t\t\t\t\t\t\t<\/a>\n\t\t\t\t\t\t\t<a class=\"e-gallery-item elementor-gallery-item elementor-animated-content\" href=\"https:\/\/costablanca-magazin.com\/wp-content\/uploads\/2025\/05\/Costablanca-Magazin-Altea-64.jpg\" data-elementor-open-lightbox=\"yes\" data-elementor-lightbox-slideshow=\"5c1d1f3\" data-elementor-lightbox-title=\"Costablanca Magazin Altea (64)\" data-e-action-hash=\"#elementor-action%3Aaction%3Dlightbox%26settings%3DeyJpZCI6NzA5MywidXJsIjoiaHR0cHM6XC9cL2Nvc3RhYmxhbmNhLW1hZ2F6aW4uY29tXC93cC1jb250ZW50XC91cGxvYWRzXC8yMDI1XC8wNVwvQ29zdGFibGFuY2EtTWFnYXppbi1BbHRlYS02NC5qcGciLCJzbGlkZXNob3ciOiI1YzFkMWYzIn0%3D\">\n\t\t\t\t\t<div class=\"e-gallery-image elementor-gallery-item__image\" data-thumbnail=\"https:\/\/costablanca-magazin.com\/wp-content\/uploads\/2025\/05\/Costablanca-Magazin-Altea-64.jpg\" data-width=\"563\" data-height=\"1000\" aria-label=\"costablanca mallorca 254\" role=\"img\" ><\/div>\n\t\t\t\t\t\t\t\t\t\t\t<div class=\"elementor-gallery-item__overlay\"><\/div>\n\t\t\t\t\t\t\t\t\t\t\t\t\t\t<\/a>\n\t\t\t\t\t\t\t<a class=\"e-gallery-item elementor-gallery-item elementor-animated-content\" href=\"https:\/\/costablanca-magazin.com\/wp-content\/uploads\/2025\/05\/Alte-Costablanca-Magazin-2.jpg\" data-elementor-open-lightbox=\"yes\" data-elementor-lightbox-slideshow=\"5c1d1f3\" data-elementor-lightbox-title=\"Alte Costablanca Magazin (2)\" data-e-action-hash=\"#elementor-action%3Aaction%3Dlightbox%26settings%3DeyJpZCI6NzA2MywidXJsIjoiaHR0cHM6XC9cL2Nvc3RhYmxhbmNhLW1hZ2F6aW4uY29tXC93cC1jb250ZW50XC91cGxvYWRzXC8yMDI1XC8wNVwvQWx0ZS1Db3N0YWJsYW5jYS1NYWdhemluLTIuanBnIiwic2xpZGVzaG93IjoiNWMxZDFmMyJ9\">\n\t\t\t\t\t<div class=\"e-gallery-image elementor-gallery-item__image\" data-thumbnail=\"https:\/\/costablanca-magazin.com\/wp-content\/uploads\/2025\/05\/Alte-Costablanca-Magazin-2.jpg\" data-width=\"1000\" data-height=\"750\" aria-label=\"costablanca mallorca 225\" role=\"img\" ><\/div>\n\t\t\t\t\t\t\t\t\t\t\t<div class=\"elementor-gallery-item__overlay\"><\/div>\n\t\t\t\t\t\t\t\t\t\t\t\t\t\t<\/a>\n\t\t\t\t\t\t\t<a class=\"e-gallery-item elementor-gallery-item elementor-animated-content\" href=\"https:\/\/costablanca-magazin.com\/wp-content\/uploads\/2025\/05\/Costablanca-Magazin-Altea-70.jpg\" data-elementor-open-lightbox=\"yes\" data-elementor-lightbox-slideshow=\"5c1d1f3\" data-elementor-lightbox-title=\"Costablanca Magazin Altea (70)\" data-e-action-hash=\"#elementor-action%3Aaction%3Dlightbox%26settings%3DeyJpZCI6NzA5OSwidXJsIjoiaHR0cHM6XC9cL2Nvc3RhYmxhbmNhLW1hZ2F6aW4uY29tXC93cC1jb250ZW50XC91cGxvYWRzXC8yMDI1XC8wNVwvQ29zdGFibGFuY2EtTWFnYXppbi1BbHRlYS03MC5qcGciLCJzbGlkZXNob3ciOiI1YzFkMWYzIn0%3D\">\n\t\t\t\t\t<div class=\"e-gallery-image elementor-gallery-item__image\" data-thumbnail=\"https:\/\/costablanca-magazin.com\/wp-content\/uploads\/2025\/05\/Costablanca-Magazin-Altea-70.jpg\" data-width=\"1000\" data-height=\"563\" aria-label=\"costablanca mallorca 260\" role=\"img\" ><\/div>\n\t\t\t\t\t\t\t\t\t\t\t<div class=\"elementor-gallery-item__overlay\"><\/div>\n\t\t\t\t\t\t\t\t\t\t\t\t\t\t<\/a>\n\t\t\t\t\t\t\t<a class=\"e-gallery-item elementor-gallery-item elementor-animated-content\" href=\"https:\/\/costablanca-magazin.com\/wp-content\/uploads\/2025\/05\/Costablanca-Magazin-Altea-47.jpg\" data-elementor-open-lightbox=\"yes\" data-elementor-lightbox-slideshow=\"5c1d1f3\" data-elementor-lightbox-title=\"Costablanca Magazin Altea (47)\" data-e-action-hash=\"#elementor-action%3Aaction%3Dlightbox%26settings%3DeyJpZCI6NzA4NiwidXJsIjoiaHR0cHM6XC9cL2Nvc3RhYmxhbmNhLW1hZ2F6aW4uY29tXC93cC1jb250ZW50XC91cGxvYWRzXC8yMDI1XC8wNVwvQ29zdGFibGFuY2EtTWFnYXppbi1BbHRlYS00Ny5qcGciLCJzbGlkZXNob3ciOiI1YzFkMWYzIn0%3D\">\n\t\t\t\t\t<div class=\"e-gallery-image elementor-gallery-item__image\" data-thumbnail=\"https:\/\/costablanca-magazin.com\/wp-content\/uploads\/2025\/05\/Costablanca-Magazin-Altea-47.jpg\" data-width=\"563\" data-height=\"1000\" aria-label=\"costablanca mallorca 247\" role=\"img\" ><\/div>\n\t\t\t\t\t\t\t\t\t\t\t<div class=\"elementor-gallery-item__overlay\"><\/div>\n\t\t\t\t\t\t\t\t\t\t\t\t\t\t<\/a>\n\t\t\t\t\t\t\t<a class=\"e-gallery-item elementor-gallery-item elementor-animated-content\" href=\"https:\/\/costablanca-magazin.com\/wp-content\/uploads\/2025\/05\/Costablanca-Magazin-Altea-43.jpg\" data-elementor-open-lightbox=\"yes\" data-elementor-lightbox-slideshow=\"5c1d1f3\" data-elementor-lightbox-title=\"Costablanca Magazin Altea (43)\" data-e-action-hash=\"#elementor-action%3Aaction%3Dlightbox%26settings%3DeyJpZCI6NzA4MywidXJsIjoiaHR0cHM6XC9cL2Nvc3RhYmxhbmNhLW1hZ2F6aW4uY29tXC93cC1jb250ZW50XC91cGxvYWRzXC8yMDI1XC8wNVwvQ29zdGFibGFuY2EtTWFnYXppbi1BbHRlYS00My5qcGciLCJzbGlkZXNob3ciOiI1YzFkMWYzIn0%3D\">\n\t\t\t\t\t<div class=\"e-gallery-image elementor-gallery-item__image\" data-thumbnail=\"https:\/\/costablanca-magazin.com\/wp-content\/uploads\/2025\/05\/Costablanca-Magazin-Altea-43.jpg\" data-width=\"1000\" data-height=\"563\" aria-label=\"costablanca mallorca 244\" role=\"img\" ><\/div>\n\t\t\t\t\t\t\t\t\t\t\t<div class=\"elementor-gallery-item__overlay\"><\/div>\n\t\t\t\t\t\t\t\t\t\t\t\t\t\t<\/a>\n\t\t\t\t\t\t\t<a class=\"e-gallery-item elementor-gallery-item elementor-animated-content\" href=\"https:\/\/costablanca-magazin.com\/wp-content\/uploads\/2025\/05\/Costablanca-Magazin-Altea-14.jpg\" data-elementor-open-lightbox=\"yes\" data-elementor-lightbox-slideshow=\"5c1d1f3\" data-elementor-lightbox-title=\"Costablanca Magazin Altea (14)\" data-e-action-hash=\"#elementor-action%3Aaction%3Dlightbox%26settings%3DeyJpZCI6NzA3MSwidXJsIjoiaHR0cHM6XC9cL2Nvc3RhYmxhbmNhLW1hZ2F6aW4uY29tXC93cC1jb250ZW50XC91cGxvYWRzXC8yMDI1XC8wNVwvQ29zdGFibGFuY2EtTWFnYXppbi1BbHRlYS0xNC5qcGciLCJzbGlkZXNob3ciOiI1YzFkMWYzIn0%3D\">\n\t\t\t\t\t<div class=\"e-gallery-image elementor-gallery-item__image\" data-thumbnail=\"https:\/\/costablanca-magazin.com\/wp-content\/uploads\/2025\/05\/Costablanca-Magazin-Altea-14.jpg\" data-width=\"1000\" data-height=\"750\" aria-label=\"costablanca mallorca 233\" role=\"img\" ><\/div>\n\t\t\t\t\t\t\t\t\t\t\t<div class=\"elementor-gallery-item__overlay\"><\/div>\n\t\t\t\t\t\t\t\t\t\t\t\t\t\t<\/a>\n\t\t\t\t\t\t\t<a class=\"e-gallery-item elementor-gallery-item elementor-animated-content\" href=\"https:\/\/costablanca-magazin.com\/wp-content\/uploads\/2025\/05\/Costablanca-Magazin-Altea-67.jpg\" data-elementor-open-lightbox=\"yes\" data-elementor-lightbox-slideshow=\"5c1d1f3\" data-elementor-lightbox-title=\"Costablanca Magazin Altea (67)\" data-e-action-hash=\"#elementor-action%3Aaction%3Dlightbox%26settings%3DeyJpZCI6NzA5NiwidXJsIjoiaHR0cHM6XC9cL2Nvc3RhYmxhbmNhLW1hZ2F6aW4uY29tXC93cC1jb250ZW50XC91cGxvYWRzXC8yMDI1XC8wNVwvQ29zdGFibGFuY2EtTWFnYXppbi1BbHRlYS02Ny5qcGciLCJzbGlkZXNob3ciOiI1YzFkMWYzIn0%3D\">\n\t\t\t\t\t<div class=\"e-gallery-image elementor-gallery-item__image\" data-thumbnail=\"https:\/\/costablanca-magazin.com\/wp-content\/uploads\/2025\/05\/Costablanca-Magazin-Altea-67.jpg\" data-width=\"1000\" data-height=\"563\" aria-label=\"costablanca mallorca 257\" role=\"img\" ><\/div>\n\t\t\t\t\t\t\t\t\t\t\t<div class=\"elementor-gallery-item__overlay\"><\/div>\n\t\t\t\t\t\t\t\t\t\t\t\t\t\t<\/a>\n\t\t\t\t\t\t\t<a class=\"e-gallery-item elementor-gallery-item elementor-animated-content\" href=\"https:\/\/costablanca-magazin.com\/wp-content\/uploads\/2025\/05\/Costablanca-Magazin-Altea-66.jpg\" data-elementor-open-lightbox=\"yes\" data-elementor-lightbox-slideshow=\"5c1d1f3\" data-elementor-lightbox-title=\"Costablanca Magazin Altea (66)\" data-e-action-hash=\"#elementor-action%3Aaction%3Dlightbox%26settings%3DeyJpZCI6NzA5NSwidXJsIjoiaHR0cHM6XC9cL2Nvc3RhYmxhbmNhLW1hZ2F6aW4uY29tXC93cC1jb250ZW50XC91cGxvYWRzXC8yMDI1XC8wNVwvQ29zdGFibGFuY2EtTWFnYXppbi1BbHRlYS02Ni5qcGciLCJzbGlkZXNob3ciOiI1YzFkMWYzIn0%3D\">\n\t\t\t\t\t<div class=\"e-gallery-image elementor-gallery-item__image\" data-thumbnail=\"https:\/\/costablanca-magazin.com\/wp-content\/uploads\/2025\/05\/Costablanca-Magazin-Altea-66.jpg\" data-width=\"563\" data-height=\"1000\" aria-label=\"costablanca mallorca 256\" role=\"img\" ><\/div>\n\t\t\t\t\t\t\t\t\t\t\t<div class=\"elementor-gallery-item__overlay\"><\/div>\n\t\t\t\t\t\t\t\t\t\t\t\t\t\t<\/a>\n\t\t\t\t\t\t\t<a class=\"e-gallery-item elementor-gallery-item elementor-animated-content\" href=\"https:\/\/costablanca-magazin.com\/wp-content\/uploads\/2025\/05\/Costablanca-Magazin-Altea-45.jpg\" data-elementor-open-lightbox=\"yes\" data-elementor-lightbox-slideshow=\"5c1d1f3\" data-elementor-lightbox-title=\"Costablanca Magazin Altea (45)\" data-e-action-hash=\"#elementor-action%3Aaction%3Dlightbox%26settings%3DeyJpZCI6NzA4NCwidXJsIjoiaHR0cHM6XC9cL2Nvc3RhYmxhbmNhLW1hZ2F6aW4uY29tXC93cC1jb250ZW50XC91cGxvYWRzXC8yMDI1XC8wNVwvQ29zdGFibGFuY2EtTWFnYXppbi1BbHRlYS00NS5qcGciLCJzbGlkZXNob3ciOiI1YzFkMWYzIn0%3D\">\n\t\t\t\t\t<div class=\"e-gallery-image elementor-gallery-item__image\" data-thumbnail=\"https:\/\/costablanca-magazin.com\/wp-content\/uploads\/2025\/05\/Costablanca-Magazin-Altea-45.jpg\" data-width=\"563\" data-height=\"1000\" aria-label=\"costablanca mallorca 245\" role=\"img\" ><\/div>\n\t\t\t\t\t\t\t\t\t\t\t<div class=\"elementor-gallery-item__overlay\"><\/div>\n\t\t\t\t\t\t\t\t\t\t\t\t\t\t<\/a>\n\t\t\t\t\t\t\t<a class=\"e-gallery-item elementor-gallery-item elementor-animated-content\" href=\"https:\/\/costablanca-magazin.com\/wp-content\/uploads\/2025\/05\/Costablanca-Magazin-Altea-33.jpg\" data-elementor-open-lightbox=\"yes\" data-elementor-lightbox-slideshow=\"5c1d1f3\" data-elementor-lightbox-title=\"Costablanca Magazin Altea (33)\" data-e-action-hash=\"#elementor-action%3Aaction%3Dlightbox%26settings%3DeyJpZCI6NzA3NiwidXJsIjoiaHR0cHM6XC9cL2Nvc3RhYmxhbmNhLW1hZ2F6aW4uY29tXC93cC1jb250ZW50XC91cGxvYWRzXC8yMDI1XC8wNVwvQ29zdGFibGFuY2EtTWFnYXppbi1BbHRlYS0zMy5qcGciLCJzbGlkZXNob3ciOiI1YzFkMWYzIn0%3D\">\n\t\t\t\t\t<div class=\"e-gallery-image elementor-gallery-item__image\" data-thumbnail=\"https:\/\/costablanca-magazin.com\/wp-content\/uploads\/2025\/05\/Costablanca-Magazin-Altea-33.jpg\" data-width=\"563\" data-height=\"1000\" aria-label=\"costablanca mallorca 238\" role=\"img\" ><\/div>\n\t\t\t\t\t\t\t\t\t\t\t<div class=\"elementor-gallery-item__overlay\"><\/div>\n\t\t\t\t\t\t\t\t\t\t\t\t\t\t<\/a>\n\t\t\t\t\t\t\t<a class=\"e-gallery-item elementor-gallery-item elementor-animated-content\" href=\"https:\/\/costablanca-magazin.com\/wp-content\/uploads\/2024\/08\/20230824_171520.jpg\" data-elementor-open-lightbox=\"yes\" data-elementor-lightbox-slideshow=\"5c1d1f3\" data-elementor-lightbox-title=\"Altea Marina Baixa\" data-e-action-hash=\"#elementor-action%3Aaction%3Dlightbox%26settings%3DeyJpZCI6MTY1NSwidXJsIjoiaHR0cHM6XC9cL2Nvc3RhYmxhbmNhLW1hZ2F6aW4uY29tXC93cC1jb250ZW50XC91cGxvYWRzXC8yMDI0XC8wOFwvMjAyMzA4MjRfMTcxNTIwLmpwZyIsInNsaWRlc2hvdyI6IjVjMWQxZjMifQ%3D%3D\">\n\t\t\t\t\t<div class=\"e-gallery-image elementor-gallery-item__image\" data-thumbnail=\"https:\/\/costablanca-magazin.com\/wp-content\/uploads\/2024\/08\/20230824_171520.jpg\" data-width=\"1200\" data-height=\"900\" aria-label=\"Altea Marina Baixa\" role=\"img\" ><\/div>\n\t\t\t\t\t\t\t\t\t\t\t<div class=\"elementor-gallery-item__overlay\"><\/div>\n\t\t\t\t\t\t\t\t\t\t\t\t\t\t<\/a>\n\t\t\t\t\t\t\t<a class=\"e-gallery-item elementor-gallery-item elementor-animated-content\" href=\"https:\/\/costablanca-magazin.com\/wp-content\/uploads\/2025\/05\/Costablanca-Magazin-Altea-71.jpg\" data-elementor-open-lightbox=\"yes\" data-elementor-lightbox-slideshow=\"5c1d1f3\" data-elementor-lightbox-title=\"Costablanca Magazin Altea (71)\" data-e-action-hash=\"#elementor-action%3Aaction%3Dlightbox%26settings%3DeyJpZCI6NzEwMCwidXJsIjoiaHR0cHM6XC9cL2Nvc3RhYmxhbmNhLW1hZ2F6aW4uY29tXC93cC1jb250ZW50XC91cGxvYWRzXC8yMDI1XC8wNVwvQ29zdGFibGFuY2EtTWFnYXppbi1BbHRlYS03MS5qcGciLCJzbGlkZXNob3ciOiI1YzFkMWYzIn0%3D\">\n\t\t\t\t\t<div class=\"e-gallery-image elementor-gallery-item__image\" data-thumbnail=\"https:\/\/costablanca-magazin.com\/wp-content\/uploads\/2025\/05\/Costablanca-Magazin-Altea-71.jpg\" data-width=\"1000\" data-height=\"563\" aria-label=\"costablanca mallorca 261\" role=\"img\" ><\/div>\n\t\t\t\t\t\t\t\t\t\t\t<div class=\"elementor-gallery-item__overlay\"><\/div>\n\t\t\t\t\t\t\t\t\t\t\t\t\t\t<\/a>\n\t\t\t\t\t\t\t<a class=\"e-gallery-item elementor-gallery-item elementor-animated-content\" href=\"https:\/\/costablanca-magazin.com\/wp-content\/uploads\/2022\/09\/costablanca-lifestyle-altea-8.jpg\" data-elementor-open-lightbox=\"yes\" data-elementor-lightbox-slideshow=\"5c1d1f3\" data-elementor-lightbox-title=\"costablanca-lifestyle-altea (8)\" data-elementor-lightbox-description=\"Costa Blanca Altea\" data-e-action-hash=\"#elementor-action%3Aaction%3Dlightbox%26settings%3DeyJpZCI6NjIwLCJ1cmwiOiJodHRwczpcL1wvY29zdGFibGFuY2EtbWFnYXppbi5jb21cL3dwLWNvbnRlbnRcL3VwbG9hZHNcLzIwMjJcLzA5XC9jb3N0YWJsYW5jYS1saWZlc3R5bGUtYWx0ZWEtOC5qcGciLCJzbGlkZXNob3ciOiI1YzFkMWYzIn0%3D\">\n\t\t\t\t\t<div class=\"e-gallery-image elementor-gallery-item__image\" data-thumbnail=\"https:\/\/costablanca-magazin.com\/wp-content\/uploads\/2022\/09\/costablanca-lifestyle-altea-8.jpg\" data-width=\"800\" data-height=\"533\" aria-label=\"Costa Blanca Altea 9\" role=\"img\" ><\/div>\n\t\t\t\t\t\t\t\t\t\t\t<div class=\"elementor-gallery-item__overlay\"><\/div>\n\t\t\t\t\t\t\t\t\t\t\t\t\t\t<\/a>\n\t\t\t\t\t\t\t<a class=\"e-gallery-item elementor-gallery-item elementor-animated-content\" href=\"https:\/\/costablanca-magazin.com\/wp-content\/uploads\/2025\/05\/Costablanca-Magazin-Altea-65.jpg\" data-elementor-open-lightbox=\"yes\" data-elementor-lightbox-slideshow=\"5c1d1f3\" data-elementor-lightbox-title=\"Costablanca Magazin Altea (65)\" data-e-action-hash=\"#elementor-action%3Aaction%3Dlightbox%26settings%3DeyJpZCI6NzA5NCwidXJsIjoiaHR0cHM6XC9cL2Nvc3RhYmxhbmNhLW1hZ2F6aW4uY29tXC93cC1jb250ZW50XC91cGxvYWRzXC8yMDI1XC8wNVwvQ29zdGFibGFuY2EtTWFnYXppbi1BbHRlYS02NS5qcGciLCJzbGlkZXNob3ciOiI1YzFkMWYzIn0%3D\">\n\t\t\t\t\t<div class=\"e-gallery-image elementor-gallery-item__image\" data-thumbnail=\"https:\/\/costablanca-magazin.com\/wp-content\/uploads\/2025\/05\/Costablanca-Magazin-Altea-65.jpg\" data-width=\"1000\" data-height=\"563\" aria-label=\"costablanca mallorca 255\" role=\"img\" ><\/div>\n\t\t\t\t\t\t\t\t\t\t\t<div class=\"elementor-gallery-item__overlay\"><\/div>\n\t\t\t\t\t\t\t\t\t\t\t\t\t\t<\/a>\n\t\t\t\t\t\t\t<a class=\"e-gallery-item elementor-gallery-item elementor-animated-content\" href=\"https:\/\/costablanca-magazin.com\/wp-content\/uploads\/2025\/05\/Costablanca-Magazin-Altea-50.jpg\" data-elementor-open-lightbox=\"yes\" data-elementor-lightbox-slideshow=\"5c1d1f3\" data-elementor-lightbox-title=\"Costablanca Magazin Altea (50)\" data-e-action-hash=\"#elementor-action%3Aaction%3Dlightbox%26settings%3DeyJpZCI6NzA4OSwidXJsIjoiaHR0cHM6XC9cL2Nvc3RhYmxhbmNhLW1hZ2F6aW4uY29tXC93cC1jb250ZW50XC91cGxvYWRzXC8yMDI1XC8wNVwvQ29zdGFibGFuY2EtTWFnYXppbi1BbHRlYS01MC5qcGciLCJzbGlkZXNob3ciOiI1YzFkMWYzIn0%3D\">\n\t\t\t\t\t<div class=\"e-gallery-image elementor-gallery-item__image\" data-thumbnail=\"https:\/\/costablanca-magazin.com\/wp-content\/uploads\/2025\/05\/Costablanca-Magazin-Altea-50.jpg\" data-width=\"563\" data-height=\"1000\" aria-label=\"costablanca mallorca 250\" role=\"img\" ><\/div>\n\t\t\t\t\t\t\t\t\t\t\t<div class=\"elementor-gallery-item__overlay\"><\/div>\n\t\t\t\t\t\t\t\t\t\t\t\t\t\t<\/a>\n\t\t\t\t\t\t\t<a class=\"e-gallery-item elementor-gallery-item elementor-animated-content\" href=\"https:\/\/costablanca-magazin.com\/wp-content\/uploads\/2024\/06\/costablanca-lifestyle-altea-18-scaled-1.jpg\" data-elementor-open-lightbox=\"yes\" data-elementor-lightbox-slideshow=\"5c1d1f3\" data-elementor-lightbox-title=\"Costa Blanca Altea Kirchplatz\" data-elementor-lightbox-description=\"Costa Blanca Altea Kirchplatz\" data-e-action-hash=\"#elementor-action%3Aaction%3Dlightbox%26settings%3DeyJpZCI6MTcyLCJ1cmwiOiJodHRwczpcL1wvY29zdGFibGFuY2EtbWFnYXppbi5jb21cL3dwLWNvbnRlbnRcL3VwbG9hZHNcLzIwMjRcLzA2XC9jb3N0YWJsYW5jYS1saWZlc3R5bGUtYWx0ZWEtMTgtc2NhbGVkLTEuanBnIiwic2xpZGVzaG93IjoiNWMxZDFmMyJ9\">\n\t\t\t\t\t<div class=\"e-gallery-image elementor-gallery-item__image\" data-thumbnail=\"https:\/\/costablanca-magazin.com\/wp-content\/uploads\/2024\/06\/costablanca-lifestyle-altea-18-scaled-1-2048x2048.jpg\" data-width=\"2048\" data-height=\"2048\" aria-label=\"Costa Blanca Altea kirketorg\" role=\"img\" ><\/div>\n\t\t\t\t\t\t\t\t\t\t\t<div class=\"elementor-gallery-item__overlay\"><\/div>\n\t\t\t\t\t\t\t\t\t\t\t\t\t\t<\/a>\n\t\t\t\t\t\t\t<a class=\"e-gallery-item elementor-gallery-item elementor-animated-content\" href=\"https:\/\/costablanca-magazin.com\/wp-content\/uploads\/2024\/06\/a.jpg\" data-elementor-open-lightbox=\"yes\" data-elementor-lightbox-slideshow=\"5c1d1f3\" data-elementor-lightbox-title=\"Costa Blanca Strand Altea blick auf calpe\" data-elementor-lightbox-description=\"Costa Blanca Strand Altea blick auf calpe\" data-e-action-hash=\"#elementor-action%3Aaction%3Dlightbox%26settings%3DeyJpZCI6MjIxLCJ1cmwiOiJodHRwczpcL1wvY29zdGFibGFuY2EtbWFnYXppbi5jb21cL3dwLWNvbnRlbnRcL3VwbG9hZHNcLzIwMjRcLzA2XC9hLmpwZyIsInNsaWRlc2hvdyI6IjVjMWQxZjMifQ%3D%3D\">\n\t\t\t\t\t<div class=\"e-gallery-image elementor-gallery-item__image\" data-thumbnail=\"https:\/\/costablanca-magazin.com\/wp-content\/uploads\/2024\/06\/a.jpg\" data-width=\"800\" data-height=\"533\" aria-label=\"Costa Blanca Strand Altea utsikt over Calpe 2\" role=\"img\" ><\/div>\n\t\t\t\t\t\t\t\t\t\t\t<div class=\"elementor-gallery-item__overlay\"><\/div>\n\t\t\t\t\t\t\t\t\t\t\t\t\t\t<\/a>\n\t\t\t\t\t\t\t<a class=\"e-gallery-item elementor-gallery-item elementor-animated-content\" href=\"https:\/\/costablanca-magazin.com\/wp-content\/uploads\/2022\/10\/Altea-4-scaled-1.jpg\" data-elementor-open-lightbox=\"yes\" data-elementor-lightbox-slideshow=\"5c1d1f3\" data-elementor-lightbox-title=\"costa-blanca-online-altea\" data-elementor-lightbox-description=\"costa-blanca-online-altea\" data-e-action-hash=\"#elementor-action%3Aaction%3Dlightbox%26settings%3DeyJpZCI6ODg1LCJ1cmwiOiJodHRwczpcL1wvY29zdGFibGFuY2EtbWFnYXppbi5jb21cL3dwLWNvbnRlbnRcL3VwbG9hZHNcLzIwMjJcLzEwXC9BbHRlYS00LXNjYWxlZC0xLmpwZyIsInNsaWRlc2hvdyI6IjVjMWQxZjMifQ%3D%3D\">\n\t\t\t\t\t<div class=\"e-gallery-image elementor-gallery-item__image\" data-thumbnail=\"https:\/\/costablanca-magazin.com\/wp-content\/uploads\/2022\/10\/Altea-4-scaled-1-2048x1536.jpg\" data-width=\"2048\" data-height=\"1536\" aria-label=\"costa-blanca-online-altea 1\" role=\"img\" ><\/div>\n\t\t\t\t\t\t\t\t\t\t\t<div class=\"elementor-gallery-item__overlay\"><\/div>\n\t\t\t\t\t\t\t\t\t\t\t\t\t\t<\/a>\n\t\t\t\t\t\t\t<a class=\"e-gallery-item elementor-gallery-item elementor-animated-content\" href=\"https:\/\/costablanca-magazin.com\/wp-content\/uploads\/2022\/09\/costablanca-lifestyle-altea-15.jpg\" data-elementor-open-lightbox=\"yes\" data-elementor-lightbox-slideshow=\"5c1d1f3\" data-elementor-lightbox-title=\"costablanca-lifestyle-altea (15)\" data-elementor-lightbox-description=\"Costa Blanca  Altea Kirchplatz \" data-e-action-hash=\"#elementor-action%3Aaction%3Dlightbox%26settings%3DeyJpZCI6NjI2LCJ1cmwiOiJodHRwczpcL1wvY29zdGFibGFuY2EtbWFnYXppbi5jb21cL3dwLWNvbnRlbnRcL3VwbG9hZHNcLzIwMjJcLzA5XC9jb3N0YWJsYW5jYS1saWZlc3R5bGUtYWx0ZWEtMTUuanBnIiwic2xpZGVzaG93IjoiNWMxZDFmMyJ9\">\n\t\t\t\t\t<div class=\"e-gallery-image elementor-gallery-item__image\" data-thumbnail=\"https:\/\/costablanca-magazin.com\/wp-content\/uploads\/2022\/09\/costablanca-lifestyle-altea-15.jpg\" data-width=\"600\" data-height=\"600\" aria-label=\"Costa Blanca Altea Kirchplatz 2\" role=\"img\" ><\/div>\n\t\t\t\t\t\t\t\t\t\t\t<div class=\"elementor-gallery-item__overlay\"><\/div>\n\t\t\t\t\t\t\t\t\t\t\t\t\t\t<\/a>\n\t\t\t\t\t\t\t<a class=\"e-gallery-item elementor-gallery-item elementor-animated-content\" href=\"https:\/\/costablanca-magazin.com\/wp-content\/uploads\/2025\/05\/Costablanca-Magazin-Altea-31.jpg\" data-elementor-open-lightbox=\"yes\" data-elementor-lightbox-slideshow=\"5c1d1f3\" data-elementor-lightbox-title=\"Costablanca Magazin Altea (31)\" data-e-action-hash=\"#elementor-action%3Aaction%3Dlightbox%26settings%3DeyJpZCI6NzA3NCwidXJsIjoiaHR0cHM6XC9cL2Nvc3RhYmxhbmNhLW1hZ2F6aW4uY29tXC93cC1jb250ZW50XC91cGxvYWRzXC8yMDI1XC8wNVwvQ29zdGFibGFuY2EtTWFnYXppbi1BbHRlYS0zMS5qcGciLCJzbGlkZXNob3ciOiI1YzFkMWYzIn0%3D\">\n\t\t\t\t\t<div class=\"e-gallery-image elementor-gallery-item__image\" data-thumbnail=\"https:\/\/costablanca-magazin.com\/wp-content\/uploads\/2025\/05\/Costablanca-Magazin-Altea-31.jpg\" data-width=\"563\" data-height=\"1000\" aria-label=\"costablanca mallorca 236\" role=\"img\" ><\/div>\n\t\t\t\t\t\t\t\t\t\t\t<div class=\"elementor-gallery-item__overlay\"><\/div>\n\t\t\t\t\t\t\t\t\t\t\t\t\t\t<\/a>\n\t\t\t\t\t\t\t<a class=\"e-gallery-item elementor-gallery-item elementor-animated-content\" href=\"https:\/\/costablanca-magazin.com\/wp-content\/uploads\/2025\/05\/Costablanca-Magazin-Altea-74.jpg\" data-elementor-open-lightbox=\"yes\" data-elementor-lightbox-slideshow=\"5c1d1f3\" data-elementor-lightbox-title=\"Costablanca Magazin Altea (74)\" data-e-action-hash=\"#elementor-action%3Aaction%3Dlightbox%26settings%3DeyJpZCI6NzA2OSwidXJsIjoiaHR0cHM6XC9cL2Nvc3RhYmxhbmNhLW1hZ2F6aW4uY29tXC93cC1jb250ZW50XC91cGxvYWRzXC8yMDI1XC8wNVwvQ29zdGFibGFuY2EtTWFnYXppbi1BbHRlYS03NC5qcGciLCJzbGlkZXNob3ciOiI1YzFkMWYzIn0%3D\">\n\t\t\t\t\t<div class=\"e-gallery-image elementor-gallery-item__image\" data-thumbnail=\"https:\/\/costablanca-magazin.com\/wp-content\/uploads\/2025\/05\/Costablanca-Magazin-Altea-74.jpg\" data-width=\"1000\" data-height=\"563\" aria-label=\"costablanca mallorca 231\" role=\"img\" ><\/div>\n\t\t\t\t\t\t\t\t\t\t\t<div class=\"elementor-gallery-item__overlay\"><\/div>\n\t\t\t\t\t\t\t\t\t\t\t\t\t\t<\/a>\n\t\t\t\t\t\t\t<a class=\"e-gallery-item elementor-gallery-item elementor-animated-content\" href=\"https:\/\/costablanca-magazin.com\/wp-content\/uploads\/2025\/05\/Costablanca-Magazin-Altea-15.jpg\" data-elementor-open-lightbox=\"yes\" data-elementor-lightbox-slideshow=\"5c1d1f3\" data-elementor-lightbox-title=\"Costablanca Magazin Altea (15)\" data-e-action-hash=\"#elementor-action%3Aaction%3Dlightbox%26settings%3DeyJpZCI6NzA3MiwidXJsIjoiaHR0cHM6XC9cL2Nvc3RhYmxhbmNhLW1hZ2F6aW4uY29tXC93cC1jb250ZW50XC91cGxvYWRzXC8yMDI1XC8wNVwvQ29zdGFibGFuY2EtTWFnYXppbi1BbHRlYS0xNS5qcGciLCJzbGlkZXNob3ciOiI1YzFkMWYzIn0%3D\">\n\t\t\t\t\t<div class=\"e-gallery-image elementor-gallery-item__image\" data-thumbnail=\"https:\/\/costablanca-magazin.com\/wp-content\/uploads\/2025\/05\/Costablanca-Magazin-Altea-15.jpg\" data-width=\"1000\" data-height=\"750\" aria-label=\"costablanca mallorca 234\" role=\"img\" ><\/div>\n\t\t\t\t\t\t\t\t\t\t\t<div class=\"elementor-gallery-item__overlay\"><\/div>\n\t\t\t\t\t\t\t\t\t\t\t\t\t\t<\/a>\n\t\t\t\t\t\t\t<a class=\"e-gallery-item elementor-gallery-item elementor-animated-content\" href=\"https:\/\/costablanca-magazin.com\/wp-content\/uploads\/2024\/09\/Restaurant-El-Rey-Altea-26-scaled.jpg\" data-elementor-open-lightbox=\"yes\" data-elementor-lightbox-slideshow=\"5c1d1f3\" data-elementor-lightbox-title=\"Restaurant El Rey Altea (26)\" data-e-action-hash=\"#elementor-action%3Aaction%3Dlightbox%26settings%3DeyJpZCI6MTk5OCwidXJsIjoiaHR0cHM6XC9cL2Nvc3RhYmxhbmNhLW1hZ2F6aW4uY29tXC93cC1jb250ZW50XC91cGxvYWRzXC8yMDI0XC8wOVwvUmVzdGF1cmFudC1FbC1SZXktQWx0ZWEtMjYtc2NhbGVkLmpwZyIsInNsaWRlc2hvdyI6IjVjMWQxZjMifQ%3D%3D\">\n\t\t\t\t\t<div class=\"e-gallery-image elementor-gallery-item__image\" data-thumbnail=\"https:\/\/costablanca-magazin.com\/wp-content\/uploads\/2024\/09\/Restaurant-El-Rey-Altea-26-2048x1536.jpg\" data-width=\"2048\" data-height=\"1536\" aria-label=\"costablanca mallorca 188\" role=\"img\" ><\/div>\n\t\t\t\t\t\t\t\t\t\t\t<div class=\"elementor-gallery-item__overlay\"><\/div>\n\t\t\t\t\t\t\t\t\t\t\t\t\t\t<\/a>\n\t\t\t\t\t\t\t<a class=\"e-gallery-item elementor-gallery-item elementor-animated-content\" href=\"https:\/\/costablanca-magazin.com\/wp-content\/uploads\/2025\/05\/Costablanca-Magazin-Altea-69.jpg\" data-elementor-open-lightbox=\"yes\" data-elementor-lightbox-slideshow=\"5c1d1f3\" data-elementor-lightbox-title=\"Costablanca Magazin Altea (69)\" data-e-action-hash=\"#elementor-action%3Aaction%3Dlightbox%26settings%3DeyJpZCI6NzA5OCwidXJsIjoiaHR0cHM6XC9cL2Nvc3RhYmxhbmNhLW1hZ2F6aW4uY29tXC93cC1jb250ZW50XC91cGxvYWRzXC8yMDI1XC8wNVwvQ29zdGFibGFuY2EtTWFnYXppbi1BbHRlYS02OS5qcGciLCJzbGlkZXNob3ciOiI1YzFkMWYzIn0%3D\">\n\t\t\t\t\t<div class=\"e-gallery-image elementor-gallery-item__image\" data-thumbnail=\"https:\/\/costablanca-magazin.com\/wp-content\/uploads\/2025\/05\/Costablanca-Magazin-Altea-69.jpg\" data-width=\"1000\" data-height=\"563\" aria-label=\"costablanca mallorca 259\" role=\"img\" ><\/div>\n\t\t\t\t\t\t\t\t\t\t\t<div class=\"elementor-gallery-item__overlay\"><\/div>\n\t\t\t\t\t\t\t\t\t\t\t\t\t\t<\/a>\n\t\t\t\t\t\t\t<a class=\"e-gallery-item elementor-gallery-item elementor-animated-content\" href=\"https:\/\/costablanca-magazin.com\/wp-content\/uploads\/2025\/05\/Costablanca-Magazin-Altea-46.jpg\" data-elementor-open-lightbox=\"yes\" data-elementor-lightbox-slideshow=\"5c1d1f3\" data-elementor-lightbox-title=\"Costablanca Magazin Altea (46)\" data-e-action-hash=\"#elementor-action%3Aaction%3Dlightbox%26settings%3DeyJpZCI6NzA4NSwidXJsIjoiaHR0cHM6XC9cL2Nvc3RhYmxhbmNhLW1hZ2F6aW4uY29tXC93cC1jb250ZW50XC91cGxvYWRzXC8yMDI1XC8wNVwvQ29zdGFibGFuY2EtTWFnYXppbi1BbHRlYS00Ni5qcGciLCJzbGlkZXNob3ciOiI1YzFkMWYzIn0%3D\">\n\t\t\t\t\t<div class=\"e-gallery-image elementor-gallery-item__image\" data-thumbnail=\"https:\/\/costablanca-magazin.com\/wp-content\/uploads\/2025\/05\/Costablanca-Magazin-Altea-46.jpg\" data-width=\"563\" data-height=\"1000\" aria-label=\"costablanca mallorca 246\" role=\"img\" ><\/div>\n\t\t\t\t\t\t\t\t\t\t\t<div class=\"elementor-gallery-item__overlay\"><\/div>\n\t\t\t\t\t\t\t\t\t\t\t\t\t\t<\/a>\n\t\t\t\t\t\t\t<a class=\"e-gallery-item elementor-gallery-item elementor-animated-content\" href=\"https:\/\/costablanca-magazin.com\/wp-content\/uploads\/2025\/05\/Costablanca-Magazin-Altea-35.jpg\" data-elementor-open-lightbox=\"yes\" data-elementor-lightbox-slideshow=\"5c1d1f3\" data-elementor-lightbox-title=\"Costablanca Magazin Altea (35)\" data-e-action-hash=\"#elementor-action%3Aaction%3Dlightbox%26settings%3DeyJpZCI6NzA3OCwidXJsIjoiaHR0cHM6XC9cL2Nvc3RhYmxhbmNhLW1hZ2F6aW4uY29tXC93cC1jb250ZW50XC91cGxvYWRzXC8yMDI1XC8wNVwvQ29zdGFibGFuY2EtTWFnYXppbi1BbHRlYS0zNS5qcGciLCJzbGlkZXNob3ciOiI1YzFkMWYzIn0%3D\">\n\t\t\t\t\t<div class=\"e-gallery-image elementor-gallery-item__image\" data-thumbnail=\"https:\/\/costablanca-magazin.com\/wp-content\/uploads\/2025\/05\/Costablanca-Magazin-Altea-35.jpg\" data-width=\"563\" data-height=\"1000\" aria-label=\"costablanca mallorca 240\" role=\"img\" ><\/div>\n\t\t\t\t\t\t\t\t\t\t\t<div class=\"elementor-gallery-item__overlay\"><\/div>\n\t\t\t\t\t\t\t\t\t\t\t\t\t\t<\/a>\n\t\t\t\t\t\t\t<a class=\"e-gallery-item elementor-gallery-item elementor-animated-content\" href=\"https:\/\/costablanca-magazin.com\/wp-content\/uploads\/2025\/05\/Costablanca-Magazin-Altea-37.jpg\" data-elementor-open-lightbox=\"yes\" data-elementor-lightbox-slideshow=\"5c1d1f3\" data-elementor-lightbox-title=\"Costablanca Magazin Altea (37)\" data-e-action-hash=\"#elementor-action%3Aaction%3Dlightbox%26settings%3DeyJpZCI6NzA4MCwidXJsIjoiaHR0cHM6XC9cL2Nvc3RhYmxhbmNhLW1hZ2F6aW4uY29tXC93cC1jb250ZW50XC91cGxvYWRzXC8yMDI1XC8wNVwvQ29zdGFibGFuY2EtTWFnYXppbi1BbHRlYS0zNy5qcGciLCJzbGlkZXNob3ciOiI1YzFkMWYzIn0%3D\">\n\t\t\t\t\t<div class=\"e-gallery-image elementor-gallery-item__image\" data-thumbnail=\"https:\/\/costablanca-magazin.com\/wp-content\/uploads\/2025\/05\/Costablanca-Magazin-Altea-37.jpg\" data-width=\"563\" data-height=\"1000\" aria-label=\"costablanca mallorca 242\" role=\"img\" ><\/div>\n\t\t\t\t\t\t\t\t\t\t\t<div class=\"elementor-gallery-item__overlay\"><\/div>\n\t\t\t\t\t\t\t\t\t\t\t\t\t\t<\/a>\n\t\t\t\t\t\t\t<a class=\"e-gallery-item elementor-gallery-item elementor-animated-content\" href=\"https:\/\/costablanca-magazin.com\/wp-content\/uploads\/2025\/05\/Costablanca-Magazin-Altea-72.jpg\" data-elementor-open-lightbox=\"yes\" data-elementor-lightbox-slideshow=\"5c1d1f3\" data-elementor-lightbox-title=\"Costablanca Magazin Altea (72)\" data-e-action-hash=\"#elementor-action%3Aaction%3Dlightbox%26settings%3DeyJpZCI6NzEwMSwidXJsIjoiaHR0cHM6XC9cL2Nvc3RhYmxhbmNhLW1hZ2F6aW4uY29tXC93cC1jb250ZW50XC91cGxvYWRzXC8yMDI1XC8wNVwvQ29zdGFibGFuY2EtTWFnYXppbi1BbHRlYS03Mi5qcGciLCJzbGlkZXNob3ciOiI1YzFkMWYzIn0%3D\">\n\t\t\t\t\t<div class=\"e-gallery-image elementor-gallery-item__image\" data-thumbnail=\"https:\/\/costablanca-magazin.com\/wp-content\/uploads\/2025\/05\/Costablanca-Magazin-Altea-72.jpg\" data-width=\"1000\" data-height=\"563\" aria-label=\"costablanca mallorca 262\" role=\"img\" ><\/div>\n\t\t\t\t\t\t\t\t\t\t\t<div class=\"elementor-gallery-item__overlay\"><\/div>\n\t\t\t\t\t\t\t\t\t\t\t\t\t\t<\/a>\n\t\t\t\t\t\t\t<a class=\"e-gallery-item elementor-gallery-item elementor-animated-content\" href=\"https:\/\/costablanca-magazin.com\/wp-content\/uploads\/2025\/05\/Costablanca-Magazin-Altea-4.jpg\" data-elementor-open-lightbox=\"yes\" data-elementor-lightbox-slideshow=\"5c1d1f3\" data-elementor-lightbox-title=\"Costablanca Magazin Altea (4)\" data-e-action-hash=\"#elementor-action%3Aaction%3Dlightbox%26settings%3DeyJpZCI6NzA2NCwidXJsIjoiaHR0cHM6XC9cL2Nvc3RhYmxhbmNhLW1hZ2F6aW4uY29tXC93cC1jb250ZW50XC91cGxvYWRzXC8yMDI1XC8wNVwvQ29zdGFibGFuY2EtTWFnYXppbi1BbHRlYS00LmpwZyIsInNsaWRlc2hvdyI6IjVjMWQxZjMifQ%3D%3D\">\n\t\t\t\t\t<div class=\"e-gallery-image elementor-gallery-item__image\" data-thumbnail=\"https:\/\/costablanca-magazin.com\/wp-content\/uploads\/2025\/05\/Costablanca-Magazin-Altea-4.jpg\" data-width=\"1000\" data-height=\"563\" aria-label=\"costablanca mallorca 226\" role=\"img\" ><\/div>\n\t\t\t\t\t\t\t\t\t\t\t<div class=\"elementor-gallery-item__overlay\"><\/div>\n\t\t\t\t\t\t\t\t\t\t\t\t\t\t<\/a>\n\t\t\t\t\t\t\t<a class=\"e-gallery-item elementor-gallery-item elementor-animated-content\" href=\"https:\/\/costablanca-magazin.com\/wp-content\/uploads\/2025\/05\/Costablanca-Magazin-Altea-11.jpg\" data-elementor-open-lightbox=\"yes\" data-elementor-lightbox-slideshow=\"5c1d1f3\" data-elementor-lightbox-title=\"Costablanca Magazin Altea (11)\" data-e-action-hash=\"#elementor-action%3Aaction%3Dlightbox%26settings%3DeyJpZCI6NzA2NywidXJsIjoiaHR0cHM6XC9cL2Nvc3RhYmxhbmNhLW1hZ2F6aW4uY29tXC93cC1jb250ZW50XC91cGxvYWRzXC8yMDI1XC8wNVwvQ29zdGFibGFuY2EtTWFnYXppbi1BbHRlYS0xMS5qcGciLCJzbGlkZXNob3ciOiI1YzFkMWYzIn0%3D\">\n\t\t\t\t\t<div class=\"e-gallery-image elementor-gallery-item__image\" data-thumbnail=\"https:\/\/costablanca-magazin.com\/wp-content\/uploads\/2025\/05\/Costablanca-Magazin-Altea-11.jpg\" data-width=\"701\" data-height=\"1000\" aria-label=\"costablanca mallorca 229\" role=\"img\" ><\/div>\n\t\t\t\t\t\t\t\t\t\t\t<div class=\"elementor-gallery-item__overlay\"><\/div>\n\t\t\t\t\t\t\t\t\t\t\t\t\t\t<\/a>\n\t\t\t\t\t\t\t<a class=\"e-gallery-item elementor-gallery-item elementor-animated-content\" href=\"https:\/\/costablanca-magazin.com\/wp-content\/uploads\/2025\/05\/Alte-Costablanca-Magazin-1.jpg\" data-elementor-open-lightbox=\"yes\" data-elementor-lightbox-slideshow=\"5c1d1f3\" data-elementor-lightbox-title=\"Alte Costablanca Magazin (1)\" data-e-action-hash=\"#elementor-action%3Aaction%3Dlightbox%26settings%3DeyJpZCI6NzA2MiwidXJsIjoiaHR0cHM6XC9cL2Nvc3RhYmxhbmNhLW1hZ2F6aW4uY29tXC93cC1jb250ZW50XC91cGxvYWRzXC8yMDI1XC8wNVwvQWx0ZS1Db3N0YWJsYW5jYS1NYWdhemluLTEuanBnIiwic2xpZGVzaG93IjoiNWMxZDFmMyJ9\">\n\t\t\t\t\t<div class=\"e-gallery-image elementor-gallery-item__image\" data-thumbnail=\"https:\/\/costablanca-magazin.com\/wp-content\/uploads\/2025\/05\/Alte-Costablanca-Magazin-1.jpg\" data-width=\"750\" data-height=\"1000\" aria-label=\"costablanca mallorca 224\" role=\"img\" ><\/div>\n\t\t\t\t\t\t\t\t\t\t\t<div class=\"elementor-gallery-item__overlay\"><\/div>\n\t\t\t\t\t\t\t\t\t\t\t\t\t\t<\/a>\n\t\t\t\t\t\t\t<a class=\"e-gallery-item elementor-gallery-item elementor-animated-content\" href=\"https:\/\/costablanca-magazin.com\/wp-content\/uploads\/2025\/05\/Costablanca-Magazin-Altea-51.jpg\" data-elementor-open-lightbox=\"yes\" data-elementor-lightbox-slideshow=\"5c1d1f3\" data-elementor-lightbox-title=\"Costablanca Magazin Altea (51)\" data-e-action-hash=\"#elementor-action%3Aaction%3Dlightbox%26settings%3DeyJpZCI6NzA5MCwidXJsIjoiaHR0cHM6XC9cL2Nvc3RhYmxhbmNhLW1hZ2F6aW4uY29tXC93cC1jb250ZW50XC91cGxvYWRzXC8yMDI1XC8wNVwvQ29zdGFibGFuY2EtTWFnYXppbi1BbHRlYS01MS5qcGciLCJzbGlkZXNob3ciOiI1YzFkMWYzIn0%3D\">\n\t\t\t\t\t<div class=\"e-gallery-image elementor-gallery-item__image\" data-thumbnail=\"https:\/\/costablanca-magazin.com\/wp-content\/uploads\/2025\/05\/Costablanca-Magazin-Altea-51.jpg\" data-width=\"563\" data-height=\"1000\" aria-label=\"costablanca mallorca 251\" role=\"img\" ><\/div>\n\t\t\t\t\t\t\t\t\t\t\t<div class=\"elementor-gallery-item__overlay\"><\/div>\n\t\t\t\t\t\t\t\t\t\t\t\t\t\t<\/a>\n\t\t\t\t\t\t\t<a class=\"e-gallery-item elementor-gallery-item elementor-animated-content\" href=\"https:\/\/costablanca-magazin.com\/wp-content\/uploads\/2022\/09\/costablanca-lifestyle-altea-13.jpg\" data-elementor-open-lightbox=\"yes\" data-elementor-lightbox-slideshow=\"5c1d1f3\" data-elementor-lightbox-title=\"costablanca-lifestyle-altea (13)\" data-elementor-lightbox-description=\"Costa Blanca Strand Altea Promenade\" data-e-action-hash=\"#elementor-action%3Aaction%3Dlightbox%26settings%3DeyJpZCI6NjI0LCJ1cmwiOiJodHRwczpcL1wvY29zdGFibGFuY2EtbWFnYXppbi5jb21cL3dwLWNvbnRlbnRcL3VwbG9hZHNcLzIwMjJcLzA5XC9jb3N0YWJsYW5jYS1saWZlc3R5bGUtYWx0ZWEtMTMuanBnIiwic2xpZGVzaG93IjoiNWMxZDFmMyJ9\">\n\t\t\t\t\t<div class=\"e-gallery-image elementor-gallery-item__image\" data-thumbnail=\"https:\/\/costablanca-magazin.com\/wp-content\/uploads\/2022\/09\/costablanca-lifestyle-altea-13.jpg\" data-width=\"400\" data-height=\"600\" aria-label=\"Costa Blanca Strand Altea Promenade 1\" role=\"img\" ><\/div>\n\t\t\t\t\t\t\t\t\t\t\t<div class=\"elementor-gallery-item__overlay\"><\/div>\n\t\t\t\t\t\t\t\t\t\t\t\t\t\t<\/a>\n\t\t\t\t\t\t\t<a class=\"e-gallery-item elementor-gallery-item elementor-animated-content\" href=\"https:\/\/costablanca-magazin.com\/wp-content\/uploads\/2025\/05\/Costablanca-Magazin-Altea-34.jpg\" data-elementor-open-lightbox=\"yes\" data-elementor-lightbox-slideshow=\"5c1d1f3\" data-elementor-lightbox-title=\"Costablanca Magazin Altea (34)\" data-e-action-hash=\"#elementor-action%3Aaction%3Dlightbox%26settings%3DeyJpZCI6NzA3NywidXJsIjoiaHR0cHM6XC9cL2Nvc3RhYmxhbmNhLW1hZ2F6aW4uY29tXC93cC1jb250ZW50XC91cGxvYWRzXC8yMDI1XC8wNVwvQ29zdGFibGFuY2EtTWFnYXppbi1BbHRlYS0zNC5qcGciLCJzbGlkZXNob3ciOiI1YzFkMWYzIn0%3D\">\n\t\t\t\t\t<div class=\"e-gallery-image elementor-gallery-item__image\" data-thumbnail=\"https:\/\/costablanca-magazin.com\/wp-content\/uploads\/2025\/05\/Costablanca-Magazin-Altea-34.jpg\" data-width=\"1000\" data-height=\"563\" aria-label=\"costablanca mallorca 239\" role=\"img\" ><\/div>\n\t\t\t\t\t\t\t\t\t\t\t<div class=\"elementor-gallery-item__overlay\"><\/div>\n\t\t\t\t\t\t\t\t\t\t\t\t\t\t<\/a>\n\t\t\t\t\t\t\t<a class=\"e-gallery-item elementor-gallery-item elementor-animated-content\" href=\"https:\/\/costablanca-magazin.com\/wp-content\/uploads\/2025\/05\/Costablanca-Magazin-Altea-16.jpg\" data-elementor-open-lightbox=\"yes\" data-elementor-lightbox-slideshow=\"5c1d1f3\" data-elementor-lightbox-title=\"Costablanca Magazin Altea (16)\" data-e-action-hash=\"#elementor-action%3Aaction%3Dlightbox%26settings%3DeyJpZCI6NzA3MywidXJsIjoiaHR0cHM6XC9cL2Nvc3RhYmxhbmNhLW1hZ2F6aW4uY29tXC93cC1jb250ZW50XC91cGxvYWRzXC8yMDI1XC8wNVwvQ29zdGFibGFuY2EtTWFnYXppbi1BbHRlYS0xNi5qcGciLCJzbGlkZXNob3ciOiI1YzFkMWYzIn0%3D\">\n\t\t\t\t\t<div class=\"e-gallery-image elementor-gallery-item__image\" data-thumbnail=\"https:\/\/costablanca-magazin.com\/wp-content\/uploads\/2025\/05\/Costablanca-Magazin-Altea-16.jpg\" data-width=\"1000\" data-height=\"750\" aria-label=\"costablanca mallorca 235\" role=\"img\" ><\/div>\n\t\t\t\t\t\t\t\t\t\t\t<div class=\"elementor-gallery-item__overlay\"><\/div>\n\t\t\t\t\t\t\t\t\t\t\t\t\t\t<\/a>\n\t\t\t\t\t\t\t<a class=\"e-gallery-item elementor-gallery-item elementor-animated-content\" href=\"https:\/\/costablanca-magazin.com\/wp-content\/uploads\/2025\/05\/Costablanca-Magazin-Altea-49.jpg\" data-elementor-open-lightbox=\"yes\" data-elementor-lightbox-slideshow=\"5c1d1f3\" data-elementor-lightbox-title=\"Costablanca Magazin Altea (49)\" data-e-action-hash=\"#elementor-action%3Aaction%3Dlightbox%26settings%3DeyJpZCI6NzA4OCwidXJsIjoiaHR0cHM6XC9cL2Nvc3RhYmxhbmNhLW1hZ2F6aW4uY29tXC93cC1jb250ZW50XC91cGxvYWRzXC8yMDI1XC8wNVwvQ29zdGFibGFuY2EtTWFnYXppbi1BbHRlYS00OS5qcGciLCJzbGlkZXNob3ciOiI1YzFkMWYzIn0%3D\">\n\t\t\t\t\t<div class=\"e-gallery-image elementor-gallery-item__image\" data-thumbnail=\"https:\/\/costablanca-magazin.com\/wp-content\/uploads\/2025\/05\/Costablanca-Magazin-Altea-49.jpg\" data-width=\"563\" data-height=\"1000\" aria-label=\"costablanca mallorca 249\" role=\"img\" ><\/div>\n\t\t\t\t\t\t\t\t\t\t\t<div class=\"elementor-gallery-item__overlay\"><\/div>\n\t\t\t\t\t\t\t\t\t\t\t\t\t\t<\/a>\n\t\t\t\t\t<\/div>\n\t\t\t\t\t<\/div>\n\t\t\t\t<\/div>\n\t\t<div class=\"elementor-element elementor-element-e5b0df4 e-con-full e-flex e-con e-child\" data-id=\"e5b0df4\" data-element_type=\"container\" data-e-type=\"container\">\n\t\t\t\t<div class=\"elementor-element elementor-element-2874eb5 elementor-widget elementor-widget-text-editor\" data-id=\"2874eb5\" data-element_type=\"widget\" data-e-type=\"widget\" data-widget_type=\"text-editor.default\">\n\t\t\t\t<div class=\"elementor-widget-container\">\n\t\t\t\t\t\t\t\t\t<p><strong>\ud83d\udccc Kontakt og informasjon<\/strong><\/p><p><strong>Moraira - Teulada turistkontor<\/strong><br \/>\ud83d\udccd Avenida Madrid, 15 - 03724 Moraira (Alicante)<br \/>\ud83d\udcde +34 966 49 09 34<br \/>\u2709\ufe0f teulada@touristinfo.net<br \/>\ud83c\udf10 <a href=\"https:\/\/www.teuladamoraira.org\" target=\"_blank\" rel=\"noopener\">www.teuladamoraira.org<\/a><\/p>\t\t\t\t\t\t\t\t<\/div>\n\t\t\t\t<\/div>\n\t\t\t\t<\/div>\n\t\t\t\t<\/div>\n\t\t\t\t\t<\/div>\n\t\t\t\t<\/div>\n\t\t<div class=\"elementor-element elementor-element-7be1c17 e-flex e-con-boxed e-con e-parent\" data-id=\"7be1c17\" data-element_type=\"container\" data-e-type=\"container\">\n\t\t\t\t\t<div class=\"e-con-inner\">\n\t\t<div class=\"elementor-element elementor-element-e45e74b e-con-full e-flex e-con e-child\" data-id=\"e45e74b\" data-element_type=\"container\" data-e-type=\"container\">\n\t\t\t\t<div class=\"elementor-element elementor-element-a544bc4 elementor-widget elementor-widget-gallery\" data-id=\"a544bc4\" data-element_type=\"widget\" data-e-type=\"widget\" data-settings=\"{&quot;gallery_layout&quot;:&quot;justified&quot;,&quot;ideal_row_height&quot;:{&quot;unit&quot;:&quot;px&quot;,&quot;size&quot;:227,&quot;sizes&quot;:[]},&quot;gap&quot;:{&quot;unit&quot;:&quot;px&quot;,&quot;size&quot;:2,&quot;sizes&quot;:[]},&quot;lazyload&quot;:&quot;yes&quot;,&quot;ideal_row_height_tablet&quot;:{&quot;unit&quot;:&quot;px&quot;,&quot;size&quot;:150,&quot;sizes&quot;:[]},&quot;ideal_row_height_mobile&quot;:{&quot;unit&quot;:&quot;px&quot;,&quot;size&quot;:150,&quot;sizes&quot;:[]},&quot;gap_tablet&quot;:{&quot;unit&quot;:&quot;px&quot;,&quot;size&quot;:10,&quot;sizes&quot;:[]},&quot;gap_mobile&quot;:{&quot;unit&quot;:&quot;px&quot;,&quot;size&quot;:10,&quot;sizes&quot;:[]},&quot;link_to&quot;:&quot;file&quot;,&quot;overlay_background&quot;:&quot;yes&quot;,&quot;content_hover_animation&quot;:&quot;fade-in&quot;}\" data-widget_type=\"gallery.default\">\n\t\t\t\t<div class=\"elementor-widget-container\">\n\t\t\t\t\t\t\t<div class=\"elementor-gallery__container\">\n\t\t\t\t\t\t\t<a class=\"e-gallery-item elementor-gallery-item elementor-animated-content\" href=\"https:\/\/costablanca-magazin.com\/wp-content\/uploads\/2025\/05\/20230407_114421.jpg\" data-elementor-open-lightbox=\"yes\" data-elementor-lightbox-slideshow=\"a544bc4\" data-elementor-lightbox-title=\"20230407_114421\" data-e-action-hash=\"#elementor-action%3Aaction%3Dlightbox%26settings%3DeyJpZCI6NzI0NiwidXJsIjoiaHR0cHM6XC9cL2Nvc3RhYmxhbmNhLW1hZ2F6aW4uY29tXC93cC1jb250ZW50XC91cGxvYWRzXC8yMDI1XC8wNVwvMjAyMzA0MDdfMTE0NDIxLmpwZyIsInNsaWRlc2hvdyI6ImE1NDRiYzQifQ%3D%3D\">\n\t\t\t\t\t<div class=\"e-gallery-image elementor-gallery-item__image\" data-thumbnail=\"https:\/\/costablanca-magazin.com\/wp-content\/uploads\/2025\/05\/20230407_114421.jpg\" data-width=\"750\" data-height=\"1000\" aria-label=\"costablanca mallorca 311\" role=\"img\" ><\/div>\n\t\t\t\t\t\t\t\t\t\t\t<div class=\"elementor-gallery-item__overlay\"><\/div>\n\t\t\t\t\t\t\t\t\t\t\t\t\t\t<\/a>\n\t\t\t\t\t\t\t<a class=\"e-gallery-item elementor-gallery-item elementor-animated-content\" href=\"https:\/\/costablanca-magazin.com\/wp-content\/uploads\/2025\/05\/20230407_113751.jpg\" data-elementor-open-lightbox=\"yes\" data-elementor-lightbox-slideshow=\"a544bc4\" data-elementor-lightbox-title=\"20230407_113751\" data-e-action-hash=\"#elementor-action%3Aaction%3Dlightbox%26settings%3DeyJpZCI6NzIzOSwidXJsIjoiaHR0cHM6XC9cL2Nvc3RhYmxhbmNhLW1hZ2F6aW4uY29tXC93cC1jb250ZW50XC91cGxvYWRzXC8yMDI1XC8wNVwvMjAyMzA0MDdfMTEzNzUxLmpwZyIsInNsaWRlc2hvdyI6ImE1NDRiYzQifQ%3D%3D\">\n\t\t\t\t\t<div class=\"e-gallery-image elementor-gallery-item__image\" data-thumbnail=\"https:\/\/costablanca-magazin.com\/wp-content\/uploads\/2025\/05\/20230407_113751.jpg\" data-width=\"750\" data-height=\"1000\" aria-label=\"costablanca mallorca 304\" role=\"img\" ><\/div>\n\t\t\t\t\t\t\t\t\t\t\t<div class=\"elementor-gallery-item__overlay\"><\/div>\n\t\t\t\t\t\t\t\t\t\t\t\t\t\t<\/a>\n\t\t\t\t\t\t\t<a class=\"e-gallery-item elementor-gallery-item elementor-animated-content\" href=\"https:\/\/costablanca-magazin.com\/wp-content\/uploads\/2025\/05\/20230407_114104.jpg\" data-elementor-open-lightbox=\"yes\" data-elementor-lightbox-slideshow=\"a544bc4\" data-elementor-lightbox-title=\"20230407_114104\" data-e-action-hash=\"#elementor-action%3Aaction%3Dlightbox%26settings%3DeyJpZCI6NzI0MSwidXJsIjoiaHR0cHM6XC9cL2Nvc3RhYmxhbmNhLW1hZ2F6aW4uY29tXC93cC1jb250ZW50XC91cGxvYWRzXC8yMDI1XC8wNVwvMjAyMzA0MDdfMTE0MTA0LmpwZyIsInNsaWRlc2hvdyI6ImE1NDRiYzQifQ%3D%3D\">\n\t\t\t\t\t<div class=\"e-gallery-image elementor-gallery-item__image\" data-thumbnail=\"https:\/\/costablanca-magazin.com\/wp-content\/uploads\/2025\/05\/20230407_114104.jpg\" data-width=\"1000\" data-height=\"750\" aria-label=\"costablanca mallorca 306\" role=\"img\" ><\/div>\n\t\t\t\t\t\t\t\t\t\t\t<div class=\"elementor-gallery-item__overlay\"><\/div>\n\t\t\t\t\t\t\t\t\t\t\t\t\t\t<\/a>\n\t\t\t\t\t\t\t<a class=\"e-gallery-item elementor-gallery-item elementor-animated-content\" href=\"https:\/\/costablanca-magazin.com\/wp-content\/uploads\/2025\/05\/20230407_114251.jpg\" data-elementor-open-lightbox=\"yes\" data-elementor-lightbox-slideshow=\"a544bc4\" data-elementor-lightbox-title=\"20230407_114251\" data-e-action-hash=\"#elementor-action%3Aaction%3Dlightbox%26settings%3DeyJpZCI6NzI0MywidXJsIjoiaHR0cHM6XC9cL2Nvc3RhYmxhbmNhLW1hZ2F6aW4uY29tXC93cC1jb250ZW50XC91cGxvYWRzXC8yMDI1XC8wNVwvMjAyMzA0MDdfMTE0MjUxLmpwZyIsInNsaWRlc2hvdyI6ImE1NDRiYzQifQ%3D%3D\">\n\t\t\t\t\t<div class=\"e-gallery-image elementor-gallery-item__image\" data-thumbnail=\"https:\/\/costablanca-magazin.com\/wp-content\/uploads\/2025\/05\/20230407_114251.jpg\" data-width=\"1000\" data-height=\"750\" aria-label=\"costablanca mallorca 308\" role=\"img\" ><\/div>\n\t\t\t\t\t\t\t\t\t\t\t<div class=\"elementor-gallery-item__overlay\"><\/div>\n\t\t\t\t\t\t\t\t\t\t\t\t\t\t<\/a>\n\t\t\t\t\t\t\t<a class=\"e-gallery-item elementor-gallery-item elementor-animated-content\" href=\"https:\/\/costablanca-magazin.com\/wp-content\/uploads\/2025\/05\/20230407_114548.jpg\" data-elementor-open-lightbox=\"yes\" data-elementor-lightbox-slideshow=\"a544bc4\" data-elementor-lightbox-title=\"20230407_114548\" data-e-action-hash=\"#elementor-action%3Aaction%3Dlightbox%26settings%3DeyJpZCI6NzI0OCwidXJsIjoiaHR0cHM6XC9cL2Nvc3RhYmxhbmNhLW1hZ2F6aW4uY29tXC93cC1jb250ZW50XC91cGxvYWRzXC8yMDI1XC8wNVwvMjAyMzA0MDdfMTE0NTQ4LmpwZyIsInNsaWRlc2hvdyI6ImE1NDRiYzQifQ%3D%3D\">\n\t\t\t\t\t<div class=\"e-gallery-image elementor-gallery-item__image\" data-thumbnail=\"https:\/\/costablanca-magazin.com\/wp-content\/uploads\/2025\/05\/20230407_114548.jpg\" data-width=\"1000\" data-height=\"750\" aria-label=\"costablanca mallorca 313\" role=\"img\" ><\/div>\n\t\t\t\t\t\t\t\t\t\t\t<div class=\"elementor-gallery-item__overlay\"><\/div>\n\t\t\t\t\t\t\t\t\t\t\t\t\t\t<\/a>\n\t\t\t\t\t\t\t<a class=\"e-gallery-item elementor-gallery-item elementor-animated-content\" href=\"https:\/\/costablanca-magazin.com\/wp-content\/uploads\/2025\/05\/20230407_113944.jpg\" data-elementor-open-lightbox=\"yes\" data-elementor-lightbox-slideshow=\"a544bc4\" data-elementor-lightbox-title=\"20230407_113944\" data-e-action-hash=\"#elementor-action%3Aaction%3Dlightbox%26settings%3DeyJpZCI6NzI0MCwidXJsIjoiaHR0cHM6XC9cL2Nvc3RhYmxhbmNhLW1hZ2F6aW4uY29tXC93cC1jb250ZW50XC91cGxvYWRzXC8yMDI1XC8wNVwvMjAyMzA0MDdfMTEzOTQ0LmpwZyIsInNsaWRlc2hvdyI6ImE1NDRiYzQifQ%3D%3D\">\n\t\t\t\t\t<div class=\"e-gallery-image elementor-gallery-item__image\" data-thumbnail=\"https:\/\/costablanca-magazin.com\/wp-content\/uploads\/2025\/05\/20230407_113944.jpg\" data-width=\"1000\" data-height=\"750\" aria-label=\"costablanca mallorca 305\" role=\"img\" ><\/div>\n\t\t\t\t\t\t\t\t\t\t\t<div class=\"elementor-gallery-item__overlay\"><\/div>\n\t\t\t\t\t\t\t\t\t\t\t\t\t\t<\/a>\n\t\t\t\t\t\t\t<a class=\"e-gallery-item elementor-gallery-item elementor-animated-content\" href=\"https:\/\/costablanca-magazin.com\/wp-content\/uploads\/2025\/05\/Moraira.jpg\" data-elementor-open-lightbox=\"yes\" data-elementor-lightbox-slideshow=\"a544bc4\" data-elementor-lightbox-title=\"Moraira\" data-e-action-hash=\"#elementor-action%3Aaction%3Dlightbox%26settings%3DeyJpZCI6NzI0OSwidXJsIjoiaHR0cHM6XC9cL2Nvc3RhYmxhbmNhLW1hZ2F6aW4uY29tXC93cC1jb250ZW50XC91cGxvYWRzXC8yMDI1XC8wNVwvTW9yYWlyYS5qcGciLCJzbGlkZXNob3ciOiJhNTQ0YmM0In0%3D\">\n\t\t\t\t\t<div class=\"e-gallery-image elementor-gallery-item__image\" data-thumbnail=\"https:\/\/costablanca-magazin.com\/wp-content\/uploads\/2025\/05\/Moraira.jpg\" data-width=\"1000\" data-height=\"750\" aria-label=\"costablanca mallorca 314\" role=\"img\" ><\/div>\n\t\t\t\t\t\t\t\t\t\t\t<div class=\"elementor-gallery-item__overlay\"><\/div>\n\t\t\t\t\t\t\t\t\t\t\t\t\t\t<\/a>\n\t\t\t\t\t\t\t<a class=\"e-gallery-item elementor-gallery-item elementor-animated-content\" href=\"https:\/\/costablanca-magazin.com\/wp-content\/uploads\/2025\/05\/20230407_113733.jpg\" data-elementor-open-lightbox=\"yes\" data-elementor-lightbox-slideshow=\"a544bc4\" data-elementor-lightbox-title=\"20230407_113733\" data-e-action-hash=\"#elementor-action%3Aaction%3Dlightbox%26settings%3DeyJpZCI6NzIzOCwidXJsIjoiaHR0cHM6XC9cL2Nvc3RhYmxhbmNhLW1hZ2F6aW4uY29tXC93cC1jb250ZW50XC91cGxvYWRzXC8yMDI1XC8wNVwvMjAyMzA0MDdfMTEzNzMzLmpwZyIsInNsaWRlc2hvdyI6ImE1NDRiYzQifQ%3D%3D\">\n\t\t\t\t\t<div class=\"e-gallery-image elementor-gallery-item__image\" data-thumbnail=\"https:\/\/costablanca-magazin.com\/wp-content\/uploads\/2025\/05\/20230407_113733.jpg\" data-width=\"1000\" data-height=\"750\" aria-label=\"costablanca mallorca 303\" role=\"img\" ><\/div>\n\t\t\t\t\t\t\t\t\t\t\t<div class=\"elementor-gallery-item__overlay\"><\/div>\n\t\t\t\t\t\t\t\t\t\t\t\t\t\t<\/a>\n\t\t\t\t\t\t\t<a class=\"e-gallery-item elementor-gallery-item elementor-animated-content\" href=\"https:\/\/costablanca-magazin.com\/wp-content\/uploads\/2025\/05\/20230407_114403.jpg\" data-elementor-open-lightbox=\"yes\" data-elementor-lightbox-slideshow=\"a544bc4\" data-elementor-lightbox-title=\"20230407_114403\" data-e-action-hash=\"#elementor-action%3Aaction%3Dlightbox%26settings%3DeyJpZCI6NzI0NSwidXJsIjoiaHR0cHM6XC9cL2Nvc3RhYmxhbmNhLW1hZ2F6aW4uY29tXC93cC1jb250ZW50XC91cGxvYWRzXC8yMDI1XC8wNVwvMjAyMzA0MDdfMTE0NDAzLmpwZyIsInNsaWRlc2hvdyI6ImE1NDRiYzQifQ%3D%3D\">\n\t\t\t\t\t<div class=\"e-gallery-image elementor-gallery-item__image\" data-thumbnail=\"https:\/\/costablanca-magazin.com\/wp-content\/uploads\/2025\/05\/20230407_114403.jpg\" data-width=\"1000\" data-height=\"750\" aria-label=\"costablanca mallorca 310\" role=\"img\" ><\/div>\n\t\t\t\t\t\t\t\t\t\t\t<div class=\"elementor-gallery-item__overlay\"><\/div>\n\t\t\t\t\t\t\t\t\t\t\t\t\t\t<\/a>\n\t\t\t\t\t\t\t<a class=\"e-gallery-item elementor-gallery-item elementor-animated-content\" href=\"https:\/\/costablanca-magazin.com\/wp-content\/uploads\/2025\/05\/20230407_114429.jpg\" data-elementor-open-lightbox=\"yes\" data-elementor-lightbox-slideshow=\"a544bc4\" data-elementor-lightbox-title=\"20230407_114429\" data-e-action-hash=\"#elementor-action%3Aaction%3Dlightbox%26settings%3DeyJpZCI6NzI0NywidXJsIjoiaHR0cHM6XC9cL2Nvc3RhYmxhbmNhLW1hZ2F6aW4uY29tXC93cC1jb250ZW50XC91cGxvYWRzXC8yMDI1XC8wNVwvMjAyMzA0MDdfMTE0NDI5LmpwZyIsInNsaWRlc2hvdyI6ImE1NDRiYzQifQ%3D%3D\">\n\t\t\t\t\t<div class=\"e-gallery-image elementor-gallery-item__image\" data-thumbnail=\"https:\/\/costablanca-magazin.com\/wp-content\/uploads\/2025\/05\/20230407_114429.jpg\" data-width=\"1000\" data-height=\"750\" aria-label=\"costablanca mallorca 312\" role=\"img\" ><\/div>\n\t\t\t\t\t\t\t\t\t\t\t<div class=\"elementor-gallery-item__overlay\"><\/div>\n\t\t\t\t\t\t\t\t\t\t\t\t\t\t<\/a>\n\t\t\t\t\t\t\t<a class=\"e-gallery-item elementor-gallery-item elementor-animated-content\" href=\"https:\/\/costablanca-magazin.com\/wp-content\/uploads\/2025\/05\/20230407_113704.jpg\" data-elementor-open-lightbox=\"yes\" data-elementor-lightbox-slideshow=\"a544bc4\" data-elementor-lightbox-title=\"20230407_113704\" data-e-action-hash=\"#elementor-action%3Aaction%3Dlightbox%26settings%3DeyJpZCI6NzIzNywidXJsIjoiaHR0cHM6XC9cL2Nvc3RhYmxhbmNhLW1hZ2F6aW4uY29tXC93cC1jb250ZW50XC91cGxvYWRzXC8yMDI1XC8wNVwvMjAyMzA0MDdfMTEzNzA0LmpwZyIsInNsaWRlc2hvdyI6ImE1NDRiYzQifQ%3D%3D\">\n\t\t\t\t\t<div class=\"e-gallery-image elementor-gallery-item__image\" data-thumbnail=\"https:\/\/costablanca-magazin.com\/wp-content\/uploads\/2025\/05\/20230407_113704.jpg\" data-width=\"1000\" data-height=\"750\" aria-label=\"costablanca mallorca 302\" role=\"img\" ><\/div>\n\t\t\t\t\t\t\t\t\t\t\t<div class=\"elementor-gallery-item__overlay\"><\/div>\n\t\t\t\t\t\t\t\t\t\t\t\t\t\t<\/a>\n\t\t\t\t\t\t\t<a class=\"e-gallery-item elementor-gallery-item elementor-animated-content\" href=\"https:\/\/costablanca-magazin.com\/wp-content\/uploads\/2025\/05\/20230407_114319.jpg\" data-elementor-open-lightbox=\"yes\" data-elementor-lightbox-slideshow=\"a544bc4\" data-elementor-lightbox-title=\"20230407_114319\" data-e-action-hash=\"#elementor-action%3Aaction%3Dlightbox%26settings%3DeyJpZCI6NzI0NCwidXJsIjoiaHR0cHM6XC9cL2Nvc3RhYmxhbmNhLW1hZ2F6aW4uY29tXC93cC1jb250ZW50XC91cGxvYWRzXC8yMDI1XC8wNVwvMjAyMzA0MDdfMTE0MzE5LmpwZyIsInNsaWRlc2hvdyI6ImE1NDRiYzQifQ%3D%3D\">\n\t\t\t\t\t<div class=\"e-gallery-image elementor-gallery-item__image\" data-thumbnail=\"https:\/\/costablanca-magazin.com\/wp-content\/uploads\/2025\/05\/20230407_114319.jpg\" data-width=\"1000\" data-height=\"750\" aria-label=\"costablanca mallorca 309\" role=\"img\" ><\/div>\n\t\t\t\t\t\t\t\t\t\t\t<div class=\"elementor-gallery-item__overlay\"><\/div>\n\t\t\t\t\t\t\t\t\t\t\t\t\t\t<\/a>\n\t\t\t\t\t<\/div>\n\t\t\t\t\t<\/div>\n\t\t\t\t<\/div>\n\t\t\t\t<\/div>\n\t\t\t\t\t<\/div>\n\t\t\t\t<\/div>\n\t\t<div class=\"elementor-element elementor-element-6af59e2 e-flex e-con-boxed e-con e-parent\" data-id=\"6af59e2\" data-element_type=\"container\" data-e-type=\"container\">\n\t\t\t\t\t<div class=\"e-con-inner\">\n\t\t\t\t<div class=\"elementor-element elementor-element-31da52b elementor-grid-3 elementor-grid-tablet-2 elementor-grid-mobile-1 elementor-posts--thumbnail-top elementor-posts--show-avatar elementor-card-shadow-yes elementor-posts__hover-gradient elementor-widget elementor-widget-posts\" data-id=\"31da52b\" data-element_type=\"widget\" data-e-type=\"widget\" data-settings=\"{&quot;cards_columns&quot;:&quot;3&quot;,&quot;cards_columns_tablet&quot;:&quot;2&quot;,&quot;cards_columns_mobile&quot;:&quot;1&quot;,&quot;cards_row_gap&quot;:{&quot;unit&quot;:&quot;px&quot;,&quot;size&quot;:35,&quot;sizes&quot;:[]},&quot;cards_row_gap_tablet&quot;:{&quot;unit&quot;:&quot;px&quot;,&quot;size&quot;:&quot;&quot;,&quot;sizes&quot;:[]},&quot;cards_row_gap_mobile&quot;:{&quot;unit&quot;:&quot;px&quot;,&quot;size&quot;:&quot;&quot;,&quot;sizes&quot;:[]}}\" data-widget_type=\"posts.cards\">\n\t\t\t\t<div class=\"elementor-widget-container\">\n\t\t\t\t\t\t\t<div class=\"elementor-posts-container elementor-posts elementor-posts--skin-cards elementor-grid\" role=\"list\">\n\t\t\t\t<article class=\"elementor-post elementor-grid-item post-528 post type-post status-publish format-standard has-post-thumbnail hentry category-kauf-miete tag-mietanstieg-costa-blanca tag-mietpreis-region-alicante\" role=\"listitem\">\n\t\t\t<div class=\"elementor-post__card\">\n\t\t\t\t<a class=\"elementor-post__thumbnail__link\" href=\"https:\/\/costablanca-magazin.com\/nb\/immobilien\/kauf-miete\/alicante-explosiver-anstieg-der-mietpreise\/\" tabindex=\"-1\" ><div class=\"elementor-post__thumbnail\"><img fetchpriority=\"high\" decoding=\"async\" width=\"1536\" height=\"1152\" src=\"https:\/\/costablanca-magazin.com\/wp-content\/uploads\/2024\/06\/calculator-in-a-plate-calculation-of-the-price-of-2023-11-27-05-36-38-utc-1536x1152.jpg\" class=\"attachment-1536x1536 size-1536x1536 wp-image-529\" alt=\"Alicante \u2013 Eksplosiv \u00f8kning i leieprisene\" srcset=\"https:\/\/costablanca-magazin.com\/wp-content\/uploads\/2024\/06\/calculator-in-a-plate-calculation-of-the-price-of-2023-11-27-05-36-38-utc-1536x1152.jpg 1536w, https:\/\/costablanca-magazin.com\/wp-content\/uploads\/2024\/06\/calculator-in-a-plate-calculation-of-the-price-of-2023-11-27-05-36-38-utc-300x225.jpg 300w, https:\/\/costablanca-magazin.com\/wp-content\/uploads\/2024\/06\/calculator-in-a-plate-calculation-of-the-price-of-2023-11-27-05-36-38-utc-1024x768.jpg 1024w, https:\/\/costablanca-magazin.com\/wp-content\/uploads\/2024\/06\/calculator-in-a-plate-calculation-of-the-price-of-2023-11-27-05-36-38-utc-768x576.jpg 768w, https:\/\/costablanca-magazin.com\/wp-content\/uploads\/2024\/06\/calculator-in-a-plate-calculation-of-the-price-of-2023-11-27-05-36-38-utc-2048x1536.jpg 2048w\" sizes=\"(max-width: 1536px) 100vw, 1536px\" \/><\/div><\/a>\n\t\t\t\t<div class=\"elementor-post__badge\">Kj\u00f8p og leie<\/div>\n\t\t\t\t<div class=\"elementor-post__avatar\">\n\t\t\t\t\t<\/div>\n\t\t\t\t<div class=\"elementor-post__text\">\n\t\t\t\t<h2 class=\"elementor-post__title\">\n\t\t\t<a href=\"https:\/\/costablanca-magazin.com\/nb\/immobilien\/kauf-miete\/alicante-explosiver-anstieg-der-mietpreise\/\" >\n\t\t\t\tAlicante - Eksplosiv \u00f8kning i leieprisene\t\t\t<\/a>\n\t\t<\/h2>\n\t\t\t\t<\/div>\n\t\t\t\t\t<\/div>\n\t\t<\/article>\n\t\t\t\t<article class=\"elementor-post elementor-grid-item post-3190 post type-post status-publish format-standard has-post-thumbnail hentry category-news-politik tag-dana tag-marina-baixa tag-schwere tag-solidaritaet tag-valencia\" role=\"listitem\">\n\t\t\t<div class=\"elementor-post__card\">\n\t\t\t\t<a class=\"elementor-post__thumbnail__link\" href=\"https:\/\/costablanca-magazin.com\/nb\/lokales\/news-politik\/schwere-dana-verwuestet-valencia-solidaritaet-waechst-in-der-marina-baixa\/\" tabindex=\"-1\" ><div class=\"elementor-post__thumbnail\"><img decoding=\"async\" width=\"1536\" height=\"1152\" src=\"https:\/\/costablanca-magazin.com\/wp-content\/uploads\/2024\/11\/benidorm-rathaus-costablanca-magazin-2-1536x1152.jpg\" class=\"attachment-1536x1536 size-1536x1536 wp-image-3191\" alt=\"Benidorm r\u00e5dhus organiserer hjelpekampanjer\" srcset=\"https:\/\/costablanca-magazin.com\/wp-content\/uploads\/2024\/11\/benidorm-rathaus-costablanca-magazin-2-1536x1152.jpg 1536w, https:\/\/costablanca-magazin.com\/wp-content\/uploads\/2024\/11\/benidorm-rathaus-costablanca-magazin-2-300x225.jpg 300w, https:\/\/costablanca-magazin.com\/wp-content\/uploads\/2024\/11\/benidorm-rathaus-costablanca-magazin-2-1024x768.jpg 1024w, https:\/\/costablanca-magazin.com\/wp-content\/uploads\/2024\/11\/benidorm-rathaus-costablanca-magazin-2-768x576.jpg 768w, https:\/\/costablanca-magazin.com\/wp-content\/uploads\/2024\/11\/benidorm-rathaus-costablanca-magazin-2-2048x1536.jpg 2048w\" sizes=\"(max-width: 1536px) 100vw, 1536px\" \/><\/div><\/a>\n\t\t\t\t<div class=\"elementor-post__badge\">Nyheter og politikk<\/div>\n\t\t\t\t<div class=\"elementor-post__avatar\">\n\t\t\t\t\t<\/div>\n\t\t\t\t<div class=\"elementor-post__text\">\n\t\t\t\t<h2 class=\"elementor-post__title\">\n\t\t\t<a href=\"https:\/\/costablanca-magazin.com\/nb\/lokales\/news-politik\/schwere-dana-verwuestet-valencia-solidaritaet-waechst-in-der-marina-baixa\/\" >\n\t\t\t\tAlvorlig DANA herjer i Valencia: Solidariteten vokser i Marina Baixa\t\t\t<\/a>\n\t\t<\/h2>\n\t\t\t\t<\/div>\n\t\t\t\t\t<\/div>\n\t\t<\/article>\n\t\t\t\t<article class=\"elementor-post elementor-grid-item post-2311 post type-post status-publish format-standard has-post-thumbnail hentry category-aktivitaeten-und-ausfluege tag-ausfluege-costa-blanca tag-costa-blanca tag-marina-alta tag-marina-baja tag-wein-an-der-costa-blanca tag-wein-an-der-marina-alta tag-wein-an-der-marina-baja tag-weinbau\" role=\"listitem\">\n\t\t\t<div class=\"elementor-post__card\">\n\t\t\t\t<a class=\"elementor-post__thumbnail__link\" href=\"https:\/\/costablanca-magazin.com\/nb\/freizeit\/aktivitaeten-und-ausfluege\/eine-weinselige-reise-durch-die-marina-alta-und-marina-baja\/\" tabindex=\"-1\" ><div class=\"elementor-post__thumbnail\"><img decoding=\"async\" width=\"1536\" height=\"1152\" src=\"https:\/\/costablanca-magazin.com\/wp-content\/uploads\/2024\/09\/Weinanbau-7-1536x1152.jpg\" class=\"attachment-1536x1536 size-1536x1536 wp-image-2312\" alt=\"En vinfylt reise gjennom tradisjon og modernitet.\" srcset=\"https:\/\/costablanca-magazin.com\/wp-content\/uploads\/2024\/09\/Weinanbau-7-1536x1152.jpg 1536w, https:\/\/costablanca-magazin.com\/wp-content\/uploads\/2024\/09\/Weinanbau-7-300x225.jpg 300w, https:\/\/costablanca-magazin.com\/wp-content\/uploads\/2024\/09\/Weinanbau-7-1024x768.jpg 1024w, https:\/\/costablanca-magazin.com\/wp-content\/uploads\/2024\/09\/Weinanbau-7-768x576.jpg 768w, https:\/\/costablanca-magazin.com\/wp-content\/uploads\/2024\/09\/Weinanbau-7-2048x1536.jpg 2048w\" sizes=\"(max-width: 1536px) 100vw, 1536px\" \/><\/div><\/a>\n\t\t\t\t<div class=\"elementor-post__badge\">Aktiviteter og utflukter<\/div>\n\t\t\t\t<div class=\"elementor-post__avatar\">\n\t\t\t\t\t<\/div>\n\t\t\t\t<div class=\"elementor-post__text\">\n\t\t\t\t<h2 class=\"elementor-post__title\">\n\t\t\t<a href=\"https:\/\/costablanca-magazin.com\/nb\/freizeit\/aktivitaeten-und-ausfluege\/eine-weinselige-reise-durch-die-marina-alta-und-marina-baja\/\" >\n\t\t\t\tEn vinreise gjennom Marina Alta og Marina Baja\t\t\t<\/a>\n\t\t<\/h2>\n\t\t\t\t<\/div>\n\t\t\t\t\t<\/div>\n\t\t<\/article>\n\t\t\t\t<\/div>\n\t\t\n\t\t\t\t\t\t<\/div>\n\t\t\t\t<\/div>\n\t\t\t\t\t<\/div>\n\t\t\t\t<\/div>\n\t\t\t\t<\/div>","protected":false},"excerpt":{"rendered":"<p>Moraira \u2013 Strandpromenade, Yachthafen und genussvolle Gastronomie K\u00fcstenleben mit Stil, Ruhe und Qualit\u00e4t Moraira, ein Ortsteil der Gemeinde Teulada, liegt an einem der ruhigeren und landschaftlich reizvollsten K\u00fcstenabschnitte der n\u00f6rdlichen Costa Blanca. Die ehemalige Fischersiedlung hat sich zu einem gepflegten Wohnort mit internationaler Pr\u00e4gung entwickelt \u2013 ohne dabei ihre Authentizit\u00e4t<\/p>","protected":false},"author":1,"featured_media":0,"parent":0,"menu_order":0,"comment_status":"closed","ping_status":"closed","template":"elementor_header_footer","meta":{"footnotes":""},"class_list":["post-4674","page","type-page","status-publish","hentry"],"aioseo_notices":[],"_links":{"self":[{"href":"https:\/\/costablanca-magazin.com\/nb\/wp-json\/wp\/v2\/pages\/4674","targetHints":{"allow":["GET"]}}],"collection":[{"href":"https:\/\/costablanca-magazin.com\/nb\/wp-json\/wp\/v2\/pages"}],"about":[{"href":"https:\/\/costablanca-magazin.com\/nb\/wp-json\/wp\/v2\/types\/page"}],"author":[{"embeddable":true,"href":"https:\/\/costablanca-magazin.com\/nb\/wp-json\/wp\/v2\/users\/1"}],"replies":[{"embeddable":true,"href":"https:\/\/costablanca-magazin.com\/nb\/wp-json\/wp\/v2\/comments?post=4674"}],"version-history":[{"count":34,"href":"https:\/\/costablanca-magazin.com\/nb\/wp-json\/wp\/v2\/pages\/4674\/revisions"}],"predecessor-version":[{"id":11011,"href":"https:\/\/costablanca-magazin.com\/nb\/wp-json\/wp\/v2\/pages\/4674\/revisions\/11011"}],"wp:attachment":[{"href":"https:\/\/costablanca-magazin.com\/nb\/wp-json\/wp\/v2\/media?parent=4674"}],"curies":[{"name":"wp","href":"https:\/\/api.w.org\/{rel}","templated":true}]}}