{"id":4664,"date":"2025-01-21T09:31:52","date_gmt":"2025-01-21T08:31:52","guid":{"rendered":"https:\/\/costablanca-magazin.com\/?page_id=4664"},"modified":"2026-03-09T08:15:10","modified_gmt":"2026-03-09T07:15:10","slug":"denia","status":"publish","type":"page","link":"https:\/\/costablanca-magazin.com\/nb\/denia\/","title":{"rendered":"Denia"},"content":{"rendered":"<div data-elementor-type=\"wp-page\" data-elementor-id=\"4664\" class=\"elementor elementor-4664\" data-elementor-post-type=\"page\">\n\t\t\t\t<div class=\"elementor-element elementor-element-57dce36 e-flex e-con-boxed e-con e-parent\" data-id=\"57dce36\" data-element_type=\"container\" data-e-type=\"container\">\n\t\t\t\t\t<div class=\"e-con-inner\">\n\t\t\t\t<div class=\"elementor-element elementor-element-475f3f2 elementor-widget elementor-widget-heading\" data-id=\"475f3f2\" data-element_type=\"widget\" data-e-type=\"widget\" data-widget_type=\"heading.default\">\n\t\t\t\t<div class=\"elementor-widget-container\">\n\t\t\t\t\t<h1 class=\"elementor-heading-title elementor-size-default\">Denia - slott, livlig havn og sj\u00f8matkj\u00f8kken<\/h1>\t\t\t\t<\/div>\n\t\t\t\t<\/div>\n\t\t\t\t\t<\/div>\n\t\t\t\t<\/div>\n\t\t<div class=\"elementor-element elementor-element-11be1c5 e-flex e-con-boxed e-con e-parent\" data-id=\"11be1c5\" data-element_type=\"container\" data-e-type=\"container\">\n\t\t\t\t\t<div class=\"e-con-inner\">\n\t\t\t\t<div class=\"elementor-element elementor-element-94a806a elementor-widget elementor-widget-heading\" data-id=\"94a806a\" data-element_type=\"widget\" data-e-type=\"widget\" data-widget_type=\"heading.default\">\n\t\t\t\t<div class=\"elementor-widget-container\">\n\t\t\t\t\t<h2 class=\"elementor-heading-title elementor-size-default\">Kystby med karakter, havneliv og hverdagsvennlighet<\/h2>\t\t\t\t<\/div>\n\t\t\t\t<\/div>\n\t\t\t\t<div class=\"elementor-element elementor-element-6665bb1 elementor-widget elementor-widget-text-editor\" data-id=\"6665bb1\" data-element_type=\"widget\" data-e-type=\"widget\" data-widget_type=\"text-editor.default\">\n\t\t\t\t<div class=\"elementor-widget-container\">\n\t\t\t\t\t\t\t\t\t<p>D\u00e9nia, hovedstaden i Marina Alta, ligger mellom Valencia og Alicante p\u00e5 en av de mest varierte kyststrekningene p\u00e5 Costa Blanca. Byen har rundt 45 000 innbyggere og er ikke bare et administrativt senter, men ogs\u00e5 et kulturelt sted, havneby, sentrum for liv og fergeforbindelse til Ibiza. Med en velfungerende infrastruktur, en livlig gamleby, en pulserende havn, varierte strender og en internasjonal, men likevel velintegrert befolkning, er D\u00e9nia en av de mest komplette byene i regionen.<\/p><p class=\"aih1words\">I D\u00e9nia kombinerer Denia livlig havneflair med sj\u00f8matkj\u00f8kkenet som har formet hverdagen p\u00e5 Costa Blanca.<\/p><p><!-- ai-h1words --><\/p><p>I D\u00e9nia er Denia en livlig blanding av et historisk slott, et yrende handelssentrum og et utmerket sj\u00f8matkj\u00f8kken, og byen er fortsatt et attraktivt administrativt senter og kulturelt knutepunkt for b\u00e5de lokalbefolkningen og de fastboende.<\/p><p><!-- \/ai-h1words --><\/p>\t\t\t\t\t\t\t\t<\/div>\n\t\t\t\t<\/div>\n\t\t\t\t\t<\/div>\n\t\t\t\t<\/div>\n\t\t<div class=\"elementor-element elementor-element-c61236e e-flex e-con-boxed e-con e-parent\" data-id=\"c61236e\" data-element_type=\"container\" data-e-type=\"container\">\n\t\t\t\t\t<div class=\"e-con-inner\">\n\t\t<div class=\"elementor-element elementor-element-b49cd69 e-con-full e-flex e-con e-child\" data-id=\"b49cd69\" data-element_type=\"container\" data-e-type=\"container\">\n\t\t\t\t<div class=\"elementor-element elementor-element-7e08fcf elementor-widget elementor-widget-heading\" data-id=\"7e08fcf\" data-element_type=\"widget\" data-e-type=\"widget\" data-widget_type=\"heading.default\">\n\t\t\t\t<div class=\"elementor-widget-container\">\n\t\t\t\t\t<h3 class=\"elementor-heading-title elementor-size-default\">Byutvikling og historie<\/h3>\t\t\t\t<\/div>\n\t\t\t\t<\/div>\n\t\t\t\t<div class=\"elementor-element elementor-element-81483b1 elementor-widget elementor-widget-text-editor\" data-id=\"81483b1\" data-element_type=\"widget\" data-e-type=\"widget\" data-widget_type=\"text-editor.default\">\n\t\t\t\t<div class=\"elementor-widget-container\">\n\t\t\t\t\t\t\t\t\t<p>D\u00e9nia er en av de eldste byene p\u00e5 kysten - med en gresk, romersk og maurisk fortid. Slottskomplekset vitner om byens strategiske betydning. P\u00e5 1800-tallet var D\u00e9nia et senter for eksport av sultanas, og senere utviklet byen seg til provinshovedstad i Marina Alta. Turismen kom tidlig, men ble ledsaget av byens funksjon som administrativt og \u00f8konomisk sentrum. I dag er D\u00e9nia en fullverdig by med et historisk sentrum, havn, kultur og service.<\/p>\t\t\t\t\t\t\t\t<\/div>\n\t\t\t\t<\/div>\n\t\t\t\t<\/div>\n\t\t<div class=\"elementor-element elementor-element-8e1c84e e-con-full e-flex e-con e-child\" data-id=\"8e1c84e\" data-element_type=\"container\" data-e-type=\"container\">\n\t\t\t\t<div class=\"elementor-element elementor-element-9ac8d59 elementor-widget elementor-widget-gallery\" data-id=\"9ac8d59\" data-element_type=\"widget\" data-e-type=\"widget\" data-settings=\"{&quot;columns&quot;:1,&quot;gap&quot;:{&quot;unit&quot;:&quot;px&quot;,&quot;size&quot;:0,&quot;sizes&quot;:[]},&quot;aspect_ratio&quot;:&quot;16:9&quot;,&quot;lazyload&quot;:&quot;yes&quot;,&quot;gallery_layout&quot;:&quot;grid&quot;,&quot;columns_tablet&quot;:2,&quot;columns_mobile&quot;:1,&quot;gap_tablet&quot;:{&quot;unit&quot;:&quot;px&quot;,&quot;size&quot;:10,&quot;sizes&quot;:[]},&quot;gap_mobile&quot;:{&quot;unit&quot;:&quot;px&quot;,&quot;size&quot;:10,&quot;sizes&quot;:[]},&quot;link_to&quot;:&quot;file&quot;,&quot;overlay_background&quot;:&quot;yes&quot;,&quot;content_hover_animation&quot;:&quot;fade-in&quot;}\" data-widget_type=\"gallery.default\">\n\t\t\t\t<div class=\"elementor-widget-container\">\n\t\t\t\t\t\t\t<div class=\"elementor-gallery__container\">\n\t\t\t\t\t\t\t<a class=\"e-gallery-item elementor-gallery-item elementor-animated-content\" href=\"https:\/\/costablanca-magazin.com\/wp-content\/uploads\/2025\/05\/Denia-2.jpg\" data-elementor-open-lightbox=\"yes\" data-elementor-lightbox-slideshow=\"9ac8d59\" data-elementor-lightbox-title=\"Denia (2)\" data-elementor-lightbox-description=\"Denia (2)\" data-e-action-hash=\"#elementor-action%3Aaction%3Dlightbox%26settings%3DeyJpZCI6NzE1OCwidXJsIjoiaHR0cHM6XC9cL2Nvc3RhYmxhbmNhLW1hZ2F6aW4uY29tXC93cC1jb250ZW50XC91cGxvYWRzXC8yMDI1XC8wNVwvRGVuaWEtMi5qcGciLCJzbGlkZXNob3ciOiI5YWM4ZDU5In0%3D\">\n\t\t\t\t\t<div class=\"e-gallery-image elementor-gallery-item__image\" data-thumbnail=\"https:\/\/costablanca-magazin.com\/wp-content\/uploads\/2025\/05\/Denia-2.jpg\" data-width=\"750\" data-height=\"1000\" aria-label=\"Denia (2)\" role=\"img\" ><\/div>\n\t\t\t\t\t\t\t\t\t\t\t<div class=\"elementor-gallery-item__overlay\"><\/div>\n\t\t\t\t\t\t\t\t\t\t\t\t\t\t<\/a>\n\t\t\t\t\t<\/div>\n\t\t\t\t\t<\/div>\n\t\t\t\t<\/div>\n\t\t\t\t<\/div>\n\t\t\t\t\t<\/div>\n\t\t\t\t<\/div>\n\t\t<div class=\"elementor-element elementor-element-04ad23f e-flex e-con-boxed e-con e-parent\" data-id=\"04ad23f\" data-element_type=\"container\" data-e-type=\"container\">\n\t\t\t\t\t<div class=\"e-con-inner\">\n\t\t<div class=\"elementor-element elementor-element-b56800f e-con-full e-flex e-con e-child\" data-id=\"b56800f\" data-element_type=\"container\" data-e-type=\"container\">\n\t\t\t\t<div class=\"elementor-element elementor-element-5810c0e elementor-widget elementor-widget-gallery\" data-id=\"5810c0e\" data-element_type=\"widget\" data-e-type=\"widget\" data-settings=\"{&quot;columns&quot;:1,&quot;aspect_ratio&quot;:&quot;21:9&quot;,&quot;lazyload&quot;:&quot;yes&quot;,&quot;gallery_layout&quot;:&quot;grid&quot;,&quot;columns_tablet&quot;:2,&quot;columns_mobile&quot;:1,&quot;gap&quot;:{&quot;unit&quot;:&quot;px&quot;,&quot;size&quot;:10,&quot;sizes&quot;:[]},&quot;gap_tablet&quot;:{&quot;unit&quot;:&quot;px&quot;,&quot;size&quot;:10,&quot;sizes&quot;:[]},&quot;gap_mobile&quot;:{&quot;unit&quot;:&quot;px&quot;,&quot;size&quot;:10,&quot;sizes&quot;:[]},&quot;link_to&quot;:&quot;file&quot;,&quot;overlay_background&quot;:&quot;yes&quot;,&quot;content_hover_animation&quot;:&quot;fade-in&quot;}\" data-widget_type=\"gallery.default\">\n\t\t\t\t<div class=\"elementor-widget-container\">\n\t\t\t\t\t\t\t<div class=\"elementor-gallery__container\">\n\t\t\t\t\t\t\t<a class=\"e-gallery-item elementor-gallery-item elementor-animated-content\" href=\"https:\/\/costablanca-magazin.com\/wp-content\/uploads\/2025\/05\/20220812_160409.jpg\" data-elementor-open-lightbox=\"yes\" data-elementor-lightbox-slideshow=\"5810c0e\" data-elementor-lightbox-title=\"Hafen &amp; F\u00e4hrverbindung Denia\" data-elementor-lightbox-description=\"Hafen &amp; F\u00e4hrverbindung Denia \" data-e-action-hash=\"#elementor-action%3Aaction%3Dlightbox%26settings%3DeyJpZCI6NzE1NiwidXJsIjoiaHR0cHM6XC9cL2Nvc3RhYmxhbmNhLW1hZ2F6aW4uY29tXC93cC1jb250ZW50XC91cGxvYWRzXC8yMDI1XC8wNVwvMjAyMjA4MTJfMTYwNDA5LmpwZyIsInNsaWRlc2hvdyI6IjU4MTBjMGUifQ%3D%3D\">\n\t\t\t\t\t<div class=\"e-gallery-image elementor-gallery-item__image\" data-thumbnail=\"https:\/\/costablanca-magazin.com\/wp-content\/uploads\/2025\/05\/20220812_160409.jpg\" data-width=\"1000\" data-height=\"1000\" aria-label=\"Denia havn og fergeforbindelse\" role=\"img\" ><\/div>\n\t\t\t\t\t\t\t\t\t\t\t<div class=\"elementor-gallery-item__overlay\"><\/div>\n\t\t\t\t\t\t\t\t\t\t\t\t\t\t<\/a>\n\t\t\t\t\t<\/div>\n\t\t\t\t\t<\/div>\n\t\t\t\t<\/div>\n\t\t\t\t<\/div>\n\t\t<div class=\"elementor-element elementor-element-7a11909 e-con-full e-flex e-con e-child\" data-id=\"7a11909\" data-element_type=\"container\" data-e-type=\"container\">\n\t\t\t\t<div class=\"elementor-element elementor-element-b3643b4 elementor-widget elementor-widget-heading\" data-id=\"b3643b4\" data-element_type=\"widget\" data-e-type=\"widget\" data-widget_type=\"heading.default\">\n\t\t\t\t<div class=\"elementor-widget-container\">\n\t\t\t\t\t<h4 class=\"elementor-heading-title elementor-size-default\">Havne- og fergeforbindelse<\/h4>\t\t\t\t<\/div>\n\t\t\t\t<\/div>\n\t\t\t\t<div class=\"elementor-element elementor-element-01b1e31 elementor-widget elementor-widget-text-editor\" data-id=\"01b1e31\" data-element_type=\"widget\" data-e-type=\"widget\" data-widget_type=\"text-editor.default\">\n\t\t\t\t<div class=\"elementor-widget-container\">\n\t\t\t\t\t\t\t\t\t<p>D\u00e9nia har en stor sports- og fiskerihavn samt en fergehavn med regelmessige forbindelser til Ibiza, Formentera og Mallorca. Havneomr\u00e5det byr p\u00e5 moderne gastronomi, markeder, konserter og er samtidig et sted for hverdagslivet - ikke en skueplass, men en del av det levende livet.<\/p>\t\t\t\t\t\t\t\t<\/div>\n\t\t\t\t<\/div>\n\t\t\t\t<\/div>\n\t\t\t\t\t<\/div>\n\t\t\t\t<\/div>\n\t\t<div class=\"elementor-element elementor-element-f0d9f4e e-flex e-con-boxed e-con e-parent\" data-id=\"f0d9f4e\" data-element_type=\"container\" data-e-type=\"container\">\n\t\t\t\t\t<div class=\"e-con-inner\">\n\t\t<div class=\"elementor-element elementor-element-d9e4179 e-con-full e-flex e-con e-child\" data-id=\"d9e4179\" data-element_type=\"container\" data-e-type=\"container\">\n\t\t\t\t<div class=\"elementor-element elementor-element-7412036 elementor-widget elementor-widget-heading\" data-id=\"7412036\" data-element_type=\"widget\" data-e-type=\"widget\" data-widget_type=\"heading.default\">\n\t\t\t\t<div class=\"elementor-widget-container\">\n\t\t\t\t\t<h5 class=\"elementor-heading-title elementor-size-default\">Gamlebyen og strukturen - voksen, livlig og godt organisert<\/h5>\t\t\t\t<\/div>\n\t\t\t\t<\/div>\n\t\t\t\t<div class=\"elementor-element elementor-element-84311b7 elementor-widget__width-initial elementor-widget elementor-widget-text-editor\" data-id=\"84311b7\" data-element_type=\"widget\" data-e-type=\"widget\" data-widget_type=\"text-editor.default\">\n\t\t\t\t<div class=\"elementor-widget-container\">\n\t\t\t\t\t\t\t\t\t<p>Sentrum av D\u00e9nia rundt den <strong>Calle Marqu\u00e9s de Campo<\/strong> er preget av historiske fasader, moderne butikker, banker, offentlige myndigheter og restauranter. Den <strong>Slottet i D\u00e9nia<\/strong> (Castell de D\u00e9nia) ruver over byen og kombinerer historie med utsikt. Byen er delt inn i flere distinkte soner:<\/p><ul><li><strong>Gamlebyen og sentrum<\/strong>Administrasjon, Kultur, Innkj\u00f8p<\/li><li><strong>Havnedistriktet (Baix la Mar)<\/strong>maritim, sjarmerende, historisk<\/li><li><strong>Las Rotas<\/strong>: Natur, villaer, steinete strender<\/li><li><strong>Las Marinas<\/strong>Sandstrand og boligomr\u00e5der<\/li><li><strong>Beliggenhet i \u00e5ssiden av Montg\u00f3<\/strong>: Urbanisasjoner med panoramautsikt<\/li><\/ul>\t\t\t\t\t\t\t\t<\/div>\n\t\t\t\t<\/div>\n\t\t\t\t<\/div>\n\t\t<div class=\"elementor-element elementor-element-01e9216 e-con-full e-flex e-con e-child\" data-id=\"01e9216\" data-element_type=\"container\" data-e-type=\"container\">\n\t\t\t\t<div class=\"elementor-element elementor-element-6d1b883 elementor-widget elementor-widget-gallery\" data-id=\"6d1b883\" data-element_type=\"widget\" data-e-type=\"widget\" data-settings=\"{&quot;columns&quot;:1,&quot;gap&quot;:{&quot;unit&quot;:&quot;px&quot;,&quot;size&quot;:0,&quot;sizes&quot;:[]},&quot;aspect_ratio&quot;:&quot;4:3&quot;,&quot;lazyload&quot;:&quot;yes&quot;,&quot;gallery_layout&quot;:&quot;grid&quot;,&quot;columns_tablet&quot;:2,&quot;columns_mobile&quot;:1,&quot;gap_tablet&quot;:{&quot;unit&quot;:&quot;px&quot;,&quot;size&quot;:10,&quot;sizes&quot;:[]},&quot;gap_mobile&quot;:{&quot;unit&quot;:&quot;px&quot;,&quot;size&quot;:10,&quot;sizes&quot;:[]},&quot;link_to&quot;:&quot;file&quot;,&quot;overlay_background&quot;:&quot;yes&quot;,&quot;content_hover_animation&quot;:&quot;fade-in&quot;}\" data-widget_type=\"gallery.default\">\n\t\t\t\t<div class=\"elementor-widget-container\">\n\t\t\t\t\t\t\t<div class=\"elementor-gallery__container\">\n\t\t\t\t\t\t\t<a class=\"e-gallery-item elementor-gallery-item elementor-animated-content\" href=\"https:\/\/costablanca-magazin.com\/wp-content\/uploads\/2022\/09\/costablanca-lifestyle-denia-8.jpg\" data-elementor-open-lightbox=\"yes\" data-elementor-lightbox-slideshow=\"6d1b883\" data-elementor-lightbox-title=\"costablanca-lifestyle-denia (8)\" data-elementor-lightbox-description=\"costablanca-lifestyle-denia\" data-e-action-hash=\"#elementor-action%3Aaction%3Dlightbox%26settings%3DeyJpZCI6Njk3LCJ1cmwiOiJodHRwczpcL1wvY29zdGFibGFuY2EtbWFnYXppbi5jb21cL3dwLWNvbnRlbnRcL3VwbG9hZHNcLzIwMjJcLzA5XC9jb3N0YWJsYW5jYS1saWZlc3R5bGUtZGVuaWEtOC5qcGciLCJzbGlkZXNob3ciOiI2ZDFiODgzIn0%3D\">\n\t\t\t\t\t<div class=\"e-gallery-image elementor-gallery-item__image\" data-thumbnail=\"https:\/\/costablanca-magazin.com\/wp-content\/uploads\/2022\/09\/costablanca-lifestyle-denia-8.jpg\" data-width=\"600\" data-height=\"600\" aria-label=\"costablanca-livsstil-denia 14\" role=\"img\" ><\/div>\n\t\t\t\t\t\t\t\t\t\t\t<div class=\"elementor-gallery-item__overlay\"><\/div>\n\t\t\t\t\t\t\t\t\t\t\t\t\t\t<\/a>\n\t\t\t\t\t<\/div>\n\t\t\t\t\t<\/div>\n\t\t\t\t<\/div>\n\t\t\t\t<\/div>\n\t\t\t\t\t<\/div>\n\t\t\t\t<\/div>\n\t\t<div class=\"elementor-element elementor-element-9a026a3 e-flex e-con-boxed e-con e-parent\" data-id=\"9a026a3\" data-element_type=\"container\" data-e-type=\"container\">\n\t\t\t\t\t<div class=\"e-con-inner\">\n\t\t<div class=\"elementor-element elementor-element-b909804 e-con-full e-flex e-con e-child\" data-id=\"b909804\" data-element_type=\"container\" data-e-type=\"container\">\n\t\t\t\t<div class=\"elementor-element elementor-element-f55e416 elementor-widget elementor-widget-gallery\" data-id=\"f55e416\" data-element_type=\"widget\" data-e-type=\"widget\" data-settings=\"{&quot;columns&quot;:1,&quot;aspect_ratio&quot;:&quot;4:3&quot;,&quot;lazyload&quot;:&quot;yes&quot;,&quot;gallery_layout&quot;:&quot;grid&quot;,&quot;columns_tablet&quot;:2,&quot;columns_mobile&quot;:1,&quot;gap&quot;:{&quot;unit&quot;:&quot;px&quot;,&quot;size&quot;:10,&quot;sizes&quot;:[]},&quot;gap_tablet&quot;:{&quot;unit&quot;:&quot;px&quot;,&quot;size&quot;:10,&quot;sizes&quot;:[]},&quot;gap_mobile&quot;:{&quot;unit&quot;:&quot;px&quot;,&quot;size&quot;:10,&quot;sizes&quot;:[]},&quot;link_to&quot;:&quot;file&quot;,&quot;overlay_background&quot;:&quot;yes&quot;,&quot;content_hover_animation&quot;:&quot;fade-in&quot;}\" data-widget_type=\"gallery.default\">\n\t\t\t\t<div class=\"elementor-widget-container\">\n\t\t\t\t\t\t\t<div class=\"elementor-gallery__container\">\n\t\t\t\t\t\t\t<a class=\"e-gallery-item elementor-gallery-item elementor-animated-content\" href=\"https:\/\/costablanca-magazin.com\/wp-content\/uploads\/2024\/06\/strande2.jpg\" data-elementor-open-lightbox=\"yes\" data-elementor-lightbox-slideshow=\"f55e416\" data-elementor-lightbox-title=\"Strand Denia Costa-Blanca Alicante, Spain\" data-elementor-lightbox-description=\"Strand Denia Costa-Blanca Alicante, Spain\" data-e-action-hash=\"#elementor-action%3Aaction%3Dlightbox%26settings%3DeyJpZCI6MjE5LCJ1cmwiOiJodHRwczpcL1wvY29zdGFibGFuY2EtbWFnYXppbi5jb21cL3dwLWNvbnRlbnRcL3VwbG9hZHNcLzIwMjRcLzA2XC9zdHJhbmRlMi5qcGciLCJzbGlkZXNob3ciOiJmNTVlNDE2In0%3D\">\n\t\t\t\t\t<div class=\"e-gallery-image elementor-gallery-item__image\" data-thumbnail=\"https:\/\/costablanca-magazin.com\/wp-content\/uploads\/2024\/06\/strande2.jpg\" data-width=\"1024\" data-height=\"683\" aria-label=\"Strand Denia Costa-Blanca Alicante, Spania\" role=\"img\" ><\/div>\n\t\t\t\t\t\t\t\t\t\t\t<div class=\"elementor-gallery-item__overlay\"><\/div>\n\t\t\t\t\t\t\t\t\t\t\t\t\t\t<\/a>\n\t\t\t\t\t<\/div>\n\t\t\t\t\t<\/div>\n\t\t\t\t<\/div>\n\t\t\t\t<\/div>\n\t\t<div class=\"elementor-element elementor-element-26a5066 e-con-full e-flex e-con e-child\" data-id=\"26a5066\" data-element_type=\"container\" data-e-type=\"container\">\n\t\t\t\t<div class=\"elementor-element elementor-element-cc51128 elementor-widget elementor-widget-heading\" data-id=\"cc51128\" data-element_type=\"widget\" data-e-type=\"widget\" data-widget_type=\"heading.default\">\n\t\t\t\t<div class=\"elementor-widget-container\">\n\t\t\t\t\t<h5 class=\"elementor-heading-title elementor-size-default\">Strender i D\u00e9nia - lange, varierte og velholdte<\/h5>\t\t\t\t<\/div>\n\t\t\t\t<\/div>\n\t\t\t\t<div class=\"elementor-element elementor-element-7a160ca elementor-widget__width-initial elementor-widget elementor-widget-text-editor\" data-id=\"7a160ca\" data-element_type=\"widget\" data-e-type=\"widget\" data-widget_type=\"text-editor.default\">\n\t\t\t\t<div class=\"elementor-widget-container\">\n\t\t\t\t\t\t\t\t\t<p>D\u00e9nia har over 15 kilometer med kystlinje - fra lange sandstrender til steinete bukter. Alle de viktigste strendene har blitt tildelt Bl\u00e5tt flagg.<\/p><p><strong>Les Marines<\/strong>Nordvest - lang sandstrand med infrastruktur, ideell for familier<br \/><strong>Les Bovetes<\/strong> og <strong>Els Molins<\/strong>Roligere, men med gode forbindelser.<br \/><strong>Les Rotes<\/strong>Klippefylte bukter, ideelt for snorkling, stille og n\u00e6r naturen.<br \/><strong>La Marineta Cassiana<\/strong>Sandstrand n\u00e6r havnen, med strandpromenade<\/p><p>Strandbarer, turstier, sykkelutleie og tilrettelegging for bevegelseshemmede avrunder tilbudet.<\/p>\t\t\t\t\t\t\t\t<\/div>\n\t\t\t\t<\/div>\n\t\t\t\t<\/div>\n\t\t\t\t\t<\/div>\n\t\t\t\t<\/div>\n\t\t<div class=\"elementor-element elementor-element-9b57ea4 e-flex e-con-boxed e-con e-parent\" data-id=\"9b57ea4\" data-element_type=\"container\" data-e-type=\"container\">\n\t\t\t\t\t<div class=\"e-con-inner\">\n\t\t<div class=\"elementor-element elementor-element-f78c394 e-con-full e-flex e-con e-child\" data-id=\"f78c394\" data-element_type=\"container\" data-e-type=\"container\">\n\t\t\t\t<div class=\"elementor-element elementor-element-41ff6a5 elementor-widget elementor-widget-heading\" data-id=\"41ff6a5\" data-element_type=\"widget\" data-e-type=\"widget\" data-widget_type=\"heading.default\">\n\t\t\t\t<div class=\"elementor-widget-container\">\n\t\t\t\t\t<h5 class=\"elementor-heading-title elementor-size-default\">Festivaler og arrangementer - mangfoldig og dypt forankret<\/h5>\t\t\t\t<\/div>\n\t\t\t\t<\/div>\n\t\t\t\t<div class=\"elementor-element elementor-element-2fbe50a elementor-widget__width-initial elementor-widget elementor-widget-text-editor\" data-id=\"2fbe50a\" data-element_type=\"widget\" data-e-type=\"widget\" data-widget_type=\"text-editor.default\">\n\t\t\t\t<div class=\"elementor-widget-container\">\n\t\t\t\t\t\t\t\t\t<p>Byen er kjent for sine mange festivaler, og mange av dem st\u00e5r p\u00e5 UNESCOs verdensarvliste:<\/p><ul><li>\ud83d\udc02 <strong>Bous a la Mar<\/strong> (juli): Oksel\u00f8p i havnen - tradisjonelt og omdiskutert<\/li><li>\ud83c\udf89 <strong>Fallas de D\u00e9nia<\/strong> (mars): Forseggjorte pappfigurer og parader<\/li><li>\ud83e\udd3a <strong>Moros y Cristianos<\/strong> (august): Historiske parader med bred deltakelse<\/li><li>\ud83c\udfb6 Klassiske konserter, jazzkvelder, teater, bokmesser og friluftsarrangementer<\/li><\/ul><p>Arrangementene er integrerende, profesjonelt organisert og en integrert del av samfunnslivet<\/p>\t\t\t\t\t\t\t\t<\/div>\n\t\t\t\t<\/div>\n\t\t\t\t<\/div>\n\t\t<div class=\"elementor-element elementor-element-a22150a e-con-full e-flex e-con e-child\" data-id=\"a22150a\" data-element_type=\"container\" data-e-type=\"container\">\n\t\t\t\t<div class=\"elementor-element elementor-element-569618a elementor-widget elementor-widget-gallery\" data-id=\"569618a\" data-element_type=\"widget\" data-e-type=\"widget\" data-settings=\"{&quot;columns&quot;:1,&quot;gap&quot;:{&quot;unit&quot;:&quot;px&quot;,&quot;size&quot;:7,&quot;sizes&quot;:[]},&quot;lazyload&quot;:&quot;yes&quot;,&quot;gallery_layout&quot;:&quot;grid&quot;,&quot;columns_tablet&quot;:2,&quot;columns_mobile&quot;:1,&quot;gap_tablet&quot;:{&quot;unit&quot;:&quot;px&quot;,&quot;size&quot;:10,&quot;sizes&quot;:[]},&quot;gap_mobile&quot;:{&quot;unit&quot;:&quot;px&quot;,&quot;size&quot;:10,&quot;sizes&quot;:[]},&quot;link_to&quot;:&quot;file&quot;,&quot;aspect_ratio&quot;:&quot;3:2&quot;,&quot;overlay_background&quot;:&quot;yes&quot;,&quot;content_hover_animation&quot;:&quot;fade-in&quot;}\" data-widget_type=\"gallery.default\">\n\t\t\t\t<div class=\"elementor-widget-container\">\n\t\t\t\t\t\t\t<div class=\"elementor-gallery__container\">\n\t\t\t\t\t\t\t<a class=\"e-gallery-item elementor-gallery-item elementor-animated-content\" href=\"https:\/\/costablanca-magazin.com\/wp-content\/uploads\/2025\/03\/IMG-20250317-WA0050.jpg\" data-elementor-open-lightbox=\"yes\" data-elementor-lightbox-slideshow=\"569618a\" data-elementor-lightbox-title=\"Fallas Figuren Denia CBM Copyright\" data-elementor-lightbox-description=\"Fallas Figuren Denia CBM Copyright \" data-e-action-hash=\"#elementor-action%3Aaction%3Dlightbox%26settings%3DeyJpZCI6NTE5NiwidXJsIjoiaHR0cHM6XC9cL2Nvc3RhYmxhbmNhLW1hZ2F6aW4uY29tXC93cC1jb250ZW50XC91cGxvYWRzXC8yMDI1XC8wM1wvSU1HLTIwMjUwMzE3LVdBMDA1MC5qcGciLCJzbGlkZXNob3ciOiI1Njk2MThhIn0%3D\">\n\t\t\t\t\t<div class=\"e-gallery-image elementor-gallery-item__image\" data-thumbnail=\"https:\/\/costablanca-magazin.com\/wp-content\/uploads\/2025\/03\/IMG-20250317-WA0050.jpg\" data-width=\"1460\" data-height=\"2047\" aria-label=\"Fallas figurer Denia CBM Copyright 4\" role=\"img\" ><\/div>\n\t\t\t\t\t\t\t\t\t\t\t<div class=\"elementor-gallery-item__overlay\"><\/div>\n\t\t\t\t\t\t\t\t\t\t\t\t\t\t<\/a>\n\t\t\t\t\t<\/div>\n\t\t\t\t\t<\/div>\n\t\t\t\t<\/div>\n\t\t\t\t<\/div>\n\t\t\t\t\t<\/div>\n\t\t\t\t<\/div>\n\t\t<div class=\"elementor-element elementor-element-60babb0 e-flex e-con-boxed e-con e-parent\" data-id=\"60babb0\" data-element_type=\"container\" data-e-type=\"container\">\n\t\t\t\t\t<div class=\"e-con-inner\">\n\t\t<div class=\"elementor-element elementor-element-98ab212 e-con-full e-flex e-con e-child\" data-id=\"98ab212\" data-element_type=\"container\" data-e-type=\"container\">\n\t\t\t\t<div class=\"elementor-element elementor-element-b48e276 elementor-widget__width-initial elementor-widget elementor-widget-gallery\" data-id=\"b48e276\" data-element_type=\"widget\" data-e-type=\"widget\" data-settings=\"{&quot;columns&quot;:1,&quot;aspect_ratio&quot;:&quot;21:9&quot;,&quot;lazyload&quot;:&quot;yes&quot;,&quot;gallery_layout&quot;:&quot;grid&quot;,&quot;columns_tablet&quot;:2,&quot;columns_mobile&quot;:1,&quot;gap&quot;:{&quot;unit&quot;:&quot;px&quot;,&quot;size&quot;:10,&quot;sizes&quot;:[]},&quot;gap_tablet&quot;:{&quot;unit&quot;:&quot;px&quot;,&quot;size&quot;:10,&quot;sizes&quot;:[]},&quot;gap_mobile&quot;:{&quot;unit&quot;:&quot;px&quot;,&quot;size&quot;:10,&quot;sizes&quot;:[]},&quot;link_to&quot;:&quot;file&quot;,&quot;overlay_background&quot;:&quot;yes&quot;,&quot;content_hover_animation&quot;:&quot;fade-in&quot;}\" data-widget_type=\"gallery.default\">\n\t\t\t\t<div class=\"elementor-widget-container\">\n\t\t\t\t\t\t\t<div class=\"elementor-gallery__container\">\n\t\t\t\t\t\t\t<a class=\"e-gallery-item elementor-gallery-item elementor-animated-content\" href=\"https:\/\/costablanca-magazin.com\/wp-content\/uploads\/2024\/10\/Wochenmarkt-Costa-Blanca-6-scaled.jpg\" data-elementor-open-lightbox=\"yes\" data-elementor-lightbox-slideshow=\"b48e276\" data-elementor-lightbox-title=\"Wochenmarkt Costa Blanca (6)\" data-elementor-lightbox-description=\"Buntes Treiben und mediterrane Gen\u00fcsse - Die Wochenm\u00e4rkte der Marina Alta und Marina Baixa\" data-e-action-hash=\"#elementor-action%3Aaction%3Dlightbox%26settings%3DeyJpZCI6MjgwNywidXJsIjoiaHR0cHM6XC9cL2Nvc3RhYmxhbmNhLW1hZ2F6aW4uY29tXC93cC1jb250ZW50XC91cGxvYWRzXC8yMDI0XC8xMFwvV29jaGVubWFya3QtQ29zdGEtQmxhbmNhLTYtc2NhbGVkLmpwZyIsInNsaWRlc2hvdyI6ImI0OGUyNzYifQ%3D%3D\">\n\t\t\t\t\t<div class=\"e-gallery-image elementor-gallery-item__image\" data-thumbnail=\"https:\/\/costablanca-magazin.com\/wp-content\/uploads\/2024\/10\/Wochenmarkt-Costa-Blanca-6-1024x824.jpg\" data-width=\"800\" data-height=\"644\" aria-label=\"Livlig aktivitet og middelhavsdelikatesser \u2013 ukentlige markeder i Marina Alta og Marina Baixa 11\" role=\"img\" ><\/div>\n\t\t\t\t\t\t\t\t\t\t\t<div class=\"elementor-gallery-item__overlay\"><\/div>\n\t\t\t\t\t\t\t\t\t\t\t\t\t\t<\/a>\n\t\t\t\t\t<\/div>\n\t\t\t\t\t<\/div>\n\t\t\t\t<\/div>\n\t\t\t\t<\/div>\n\t\t<div class=\"elementor-element elementor-element-8faf39d e-con-full e-flex e-con e-child\" data-id=\"8faf39d\" data-element_type=\"container\" data-e-type=\"container\">\n\t\t\t\t<div class=\"elementor-element elementor-element-0989aca elementor-widget elementor-widget-heading\" data-id=\"0989aca\" data-element_type=\"widget\" data-e-type=\"widget\" data-widget_type=\"heading.default\">\n\t\t\t\t<div class=\"elementor-widget-container\">\n\t\t\t\t\t<h5 class=\"elementor-heading-title elementor-size-default\">Ukentlige markeder i D\u00e9nia\n<\/h5>\t\t\t\t<\/div>\n\t\t\t\t<\/div>\n\t\t\t\t<div class=\"elementor-element elementor-element-80aaabd elementor-widget elementor-widget-text-editor\" data-id=\"80aaabd\" data-element_type=\"widget\" data-e-type=\"widget\" data-widget_type=\"text-editor.default\">\n\t\t\t\t<div class=\"elementor-widget-container\">\n\t\t\t\t\t\t\t\t\t<p><strong>Mandager<\/strong>: stor <a title=\"Fargerikt folkeliv og middelhavsretter - Costa Blancas ukentlige markeder\" href=\"https:\/\/costablanca-magazin.com\/nb\/residenter\/bo-i-spania\/fargerikt-liv-og-middelhavsnytelser-costa-blanca-ukentlige-markeder\/\" target=\"_blank\" rel=\"noopener\">Ukentlig marked<\/a> i Calle la V\u00eda (tekstiler, ikke-matvarer)<br \/><strong>Daglig<\/strong>: Ferskvaremarked i Mercado Central de D\u00e9nia<strong><br \/><\/strong><strong>Fredager<\/strong>\u00d8kologisk marked og spesialmarked med lokale produkter<\/p>\t\t\t\t\t\t\t\t<\/div>\n\t\t\t\t<\/div>\n\t\t\t\t<\/div>\n\t\t\t\t\t<\/div>\n\t\t\t\t<\/div>\n\t\t<div class=\"elementor-element elementor-element-4ba9e88 e-flex e-con-boxed e-con e-parent\" data-id=\"4ba9e88\" data-element_type=\"container\" data-e-type=\"container\">\n\t\t\t\t\t<div class=\"e-con-inner\">\n\t\t<div class=\"elementor-element elementor-element-1476c0f e-con-full e-flex e-con e-child\" data-id=\"1476c0f\" data-element_type=\"container\" data-e-type=\"container\">\n\t\t\t\t<div class=\"elementor-element elementor-element-106f763 elementor-widget elementor-widget-heading\" data-id=\"106f763\" data-element_type=\"widget\" data-e-type=\"widget\" data-widget_type=\"heading.default\">\n\t\t\t\t<div class=\"elementor-widget-container\">\n\t\t\t\t\t<h5 class=\"elementor-heading-title elementor-size-default\">Livet i D\u00e9nia - strukturert, mangfoldig og med gode forbindelser<\/h5>\t\t\t\t<\/div>\n\t\t\t\t<\/div>\n\t\t\t\t<div class=\"elementor-element elementor-element-8437915 elementor-widget__width-initial elementor-widget elementor-widget-text-editor\" data-id=\"8437915\" data-element_type=\"widget\" data-e-type=\"widget\" data-widget_type=\"text-editor.default\">\n\t\t\t\t<div class=\"elementor-widget-container\">\n\t\t\t\t\t\t\t\t\t<p>D\u00e9nia har utmerkede transportforbindelser - med flere skoler (ogs\u00e5 internasjonale), klinikker, spesialistleger, lokal kollektivtransport, langdistansebusser og TRAM-forbindelser til Benidorm.<\/p><p>Eiendomsprisene er varierte: fra rimelige rekkehus til villaer p\u00e5 Montg\u00f3, alt er representert. Byen er ogs\u00e5 attraktiv for yngre familier som \u00f8nsker en balanse mellom havet, infrastrukturen og det lokale livet.<\/p>\t\t\t\t\t\t\t\t<\/div>\n\t\t\t\t<\/div>\n\t\t\t\t<\/div>\n\t\t<div class=\"elementor-element elementor-element-51e0704 e-con-full e-flex e-con e-child\" data-id=\"51e0704\" data-element_type=\"container\" data-e-type=\"container\">\n\t\t\t\t<div class=\"elementor-element elementor-element-81b1c03 elementor-widget elementor-widget-gallery\" data-id=\"81b1c03\" data-element_type=\"widget\" data-e-type=\"widget\" data-settings=\"{&quot;columns&quot;:1,&quot;gap&quot;:{&quot;unit&quot;:&quot;px&quot;,&quot;size&quot;:7,&quot;sizes&quot;:[]},&quot;aspect_ratio&quot;:&quot;16:9&quot;,&quot;lazyload&quot;:&quot;yes&quot;,&quot;gallery_layout&quot;:&quot;grid&quot;,&quot;columns_tablet&quot;:2,&quot;columns_mobile&quot;:1,&quot;gap_tablet&quot;:{&quot;unit&quot;:&quot;px&quot;,&quot;size&quot;:10,&quot;sizes&quot;:[]},&quot;gap_mobile&quot;:{&quot;unit&quot;:&quot;px&quot;,&quot;size&quot;:10,&quot;sizes&quot;:[]},&quot;link_to&quot;:&quot;file&quot;,&quot;overlay_background&quot;:&quot;yes&quot;,&quot;content_hover_animation&quot;:&quot;fade-in&quot;}\" data-widget_type=\"gallery.default\">\n\t\t\t\t<div class=\"elementor-widget-container\">\n\t\t\t\t\t\t\t<div class=\"elementor-gallery__container\">\n\t\t\t\t\t\t\t<a class=\"e-gallery-item elementor-gallery-item elementor-animated-content\" href=\"https:\/\/costablanca-magazin.com\/wp-content\/uploads\/2022\/09\/costablanca-lifestyle-denia-17.jpg\" data-elementor-open-lightbox=\"yes\" data-elementor-lightbox-slideshow=\"81b1c03\" data-elementor-lightbox-title=\"costablanca-lifestyle-denia (17)\" data-elementor-lightbox-description=\"costablanca-lifestyle-denia-innenstadt\" data-e-action-hash=\"#elementor-action%3Aaction%3Dlightbox%26settings%3DeyJpZCI6NzA2LCJ1cmwiOiJodHRwczpcL1wvY29zdGFibGFuY2EtbWFnYXppbi5jb21cL3dwLWNvbnRlbnRcL3VwbG9hZHNcLzIwMjJcLzA5XC9jb3N0YWJsYW5jYS1saWZlc3R5bGUtZGVuaWEtMTcuanBnIiwic2xpZGVzaG93IjoiODFiMWMwMyJ9\">\n\t\t\t\t\t<div class=\"e-gallery-image elementor-gallery-item__image\" data-thumbnail=\"https:\/\/costablanca-magazin.com\/wp-content\/uploads\/2022\/09\/costablanca-lifestyle-denia-17.jpg\" data-width=\"800\" data-height=\"600\" aria-label=\"costablanca-lifestyle-denia-sentrum 14\" role=\"img\" ><\/div>\n\t\t\t\t\t\t\t\t\t\t\t<div class=\"elementor-gallery-item__overlay\"><\/div>\n\t\t\t\t\t\t\t\t\t\t\t\t\t\t<\/a>\n\t\t\t\t\t<\/div>\n\t\t\t\t\t<\/div>\n\t\t\t\t<\/div>\n\t\t\t\t<\/div>\n\t\t\t\t\t<\/div>\n\t\t\t\t<\/div>\n\t\t<div class=\"elementor-element elementor-element-65d6184 e-flex e-con-boxed e-con e-parent\" data-id=\"65d6184\" data-element_type=\"container\" data-e-type=\"container\">\n\t\t\t\t\t<div class=\"e-con-inner\">\n\t\t<div class=\"elementor-element elementor-element-19f12de e-con-full e-flex e-con e-child\" data-id=\"19f12de\" data-element_type=\"container\" data-e-type=\"container\">\n\t\t\t\t<div class=\"elementor-element elementor-element-db580a5 elementor-widget elementor-widget-google_maps\" data-id=\"db580a5\" data-element_type=\"widget\" data-e-type=\"widget\" data-widget_type=\"google_maps.default\">\n\t\t\t\t<div class=\"elementor-widget-container\">\n\t\t\t\t\t\t\t<div class=\"elementor-custom-embed\">\n\t\t\t<iframe loading=\"lazy\"\n\t\t\t\t\tsrc=\"https:\/\/maps.google.com\/maps?q=Denia&#038;t=m&#038;z=14&#038;output=embed&#038;iwloc=near\"\n\t\t\t\t\ttitle=\"Denia\"\n\t\t\t\t\taria-label=\"Denia\"\n\t\t\t><\/iframe>\n\t\t<\/div>\n\t\t\t\t\t\t<\/div>\n\t\t\t\t<\/div>\n\t\t\t\t<\/div>\n\t\t<div class=\"elementor-element elementor-element-92e8007 e-con-full e-flex e-con e-child\" data-id=\"92e8007\" data-element_type=\"container\" data-e-type=\"container\">\n\t\t\t\t<div class=\"elementor-element elementor-element-de8e088 elementor-widget elementor-widget-text-editor\" data-id=\"de8e088\" data-element_type=\"widget\" data-e-type=\"widget\" data-widget_type=\"text-editor.default\">\n\t\t\t\t<div class=\"elementor-widget-container\">\n\t\t\t\t\t\t\t\t\t<p><strong>\ud83d\udccc Kontakt og informasjon<\/strong><\/p><p><strong>D\u00e9nia turistkontor<\/strong><br \/>Calle Marqu\u00e9s de Campo, 20 - 03700 D\u00e9nia (Alicante)<br \/>\ud83d\udcde +34 966 42 23 67<br \/>\u2709\ufe0f denia@touristinfo.net<br \/>\ud83c\udf10 <a href=\"https:\/\/www.denia.net\" target=\"_blank\" rel=\"noopener\">www.denia.net<\/a><\/p>\t\t\t\t\t\t\t\t<\/div>\n\t\t\t\t<\/div>\n\t\t\t\t<\/div>\n\t\t\t\t\t<\/div>\n\t\t\t\t<\/div>\n\t\t<div class=\"elementor-element elementor-element-ee03aba e-flex e-con-boxed e-con e-parent\" data-id=\"ee03aba\" data-element_type=\"container\" data-e-type=\"container\">\n\t\t\t\t\t<div class=\"e-con-inner\">\n\t\t\t\t<div class=\"elementor-element elementor-element-f4391ec elementor-widget elementor-widget-gallery\" data-id=\"f4391ec\" data-element_type=\"widget\" data-e-type=\"widget\" data-settings=\"{&quot;gallery_layout&quot;:&quot;justified&quot;,&quot;ideal_row_height&quot;:{&quot;unit&quot;:&quot;px&quot;,&quot;size&quot;:131,&quot;sizes&quot;:[]},&quot;gap&quot;:{&quot;unit&quot;:&quot;px&quot;,&quot;size&quot;:2,&quot;sizes&quot;:[]},&quot;lazyload&quot;:&quot;yes&quot;,&quot;ideal_row_height_tablet&quot;:{&quot;unit&quot;:&quot;px&quot;,&quot;size&quot;:150,&quot;sizes&quot;:[]},&quot;ideal_row_height_mobile&quot;:{&quot;unit&quot;:&quot;px&quot;,&quot;size&quot;:150,&quot;sizes&quot;:[]},&quot;gap_tablet&quot;:{&quot;unit&quot;:&quot;px&quot;,&quot;size&quot;:10,&quot;sizes&quot;:[]},&quot;gap_mobile&quot;:{&quot;unit&quot;:&quot;px&quot;,&quot;size&quot;:10,&quot;sizes&quot;:[]},&quot;link_to&quot;:&quot;file&quot;,&quot;overlay_background&quot;:&quot;yes&quot;,&quot;content_hover_animation&quot;:&quot;fade-in&quot;}\" data-widget_type=\"gallery.default\">\n\t\t\t\t<div class=\"elementor-widget-container\">\n\t\t\t\t\t\t\t<div class=\"elementor-gallery__container\">\n\t\t\t\t\t\t\t<a class=\"e-gallery-item elementor-gallery-item elementor-animated-content\" href=\"https:\/\/costablanca-magazin.com\/wp-content\/uploads\/2025\/04\/TheCut-Tisch.jpeg\" data-elementor-open-lightbox=\"yes\" data-elementor-lightbox-slideshow=\"f4391ec\" data-elementor-lightbox-title=\"The Cut D\u00e9nia \u2013 Fr\u00fchling mit Geschmack\" data-e-action-hash=\"#elementor-action%3Aaction%3Dlightbox%26settings%3DeyJpZCI6NTgyNiwidXJsIjoiaHR0cHM6XC9cL2Nvc3RhYmxhbmNhLW1hZ2F6aW4uY29tXC93cC1jb250ZW50XC91cGxvYWRzXC8yMDI1XC8wNFwvVGhlQ3V0LVRpc2NoLmpwZWciLCJzbGlkZXNob3ciOiJmNDM5MWVjIn0%3D\">\n\t\t\t\t\t<div class=\"e-gallery-image elementor-gallery-item__image\" data-thumbnail=\"https:\/\/costablanca-magazin.com\/wp-content\/uploads\/2025\/04\/TheCut-Tisch.jpeg\" data-width=\"1440\" data-height=\"1675\" aria-label=\"The Cut D\u00e9nia - V\u00e5r med smak\" role=\"img\" ><\/div>\n\t\t\t\t\t\t\t\t\t\t\t<div class=\"elementor-gallery-item__overlay\"><\/div>\n\t\t\t\t\t\t\t\t\t\t\t\t\t\t<\/a>\n\t\t\t\t\t\t\t<a class=\"e-gallery-item elementor-gallery-item elementor-animated-content\" href=\"https:\/\/costablanca-magazin.com\/wp-content\/uploads\/2023\/01\/costa-blanca-online-denia-hafen-3-scaled-1.jpg\" data-elementor-open-lightbox=\"yes\" data-elementor-lightbox-slideshow=\"f4391ec\" data-elementor-lightbox-title=\"costa-blanca-online-denia-hafen (3)\" data-e-action-hash=\"#elementor-action%3Aaction%3Dlightbox%26settings%3DeyJpZCI6OTg3LCJ1cmwiOiJodHRwczpcL1wvY29zdGFibGFuY2EtbWFnYXppbi5jb21cL3dwLWNvbnRlbnRcL3VwbG9hZHNcLzIwMjNcLzAxXC9jb3N0YS1ibGFuY2Etb25saW5lLWRlbmlhLWhhZmVuLTMtc2NhbGVkLTEuanBnIiwic2xpZGVzaG93IjoiZjQzOTFlYyJ9\">\n\t\t\t\t\t<div class=\"e-gallery-image elementor-gallery-item__image\" data-thumbnail=\"https:\/\/costablanca-magazin.com\/wp-content\/uploads\/2023\/01\/costa-blanca-online-denia-hafen-3-scaled-1-2048x2048.jpg\" data-width=\"2048\" data-height=\"2048\" aria-label=\"costablanca mallorca 104\" role=\"img\" ><\/div>\n\t\t\t\t\t\t\t\t\t\t\t<div class=\"elementor-gallery-item__overlay\"><\/div>\n\t\t\t\t\t\t\t\t\t\t\t\t\t\t<\/a>\n\t\t\t\t\t\t\t<a class=\"e-gallery-item elementor-gallery-item elementor-animated-content\" href=\"https:\/\/costablanca-magazin.com\/wp-content\/uploads\/2023\/01\/Costa-blanca-online-denia-5-scaled-1.jpg\" data-elementor-open-lightbox=\"yes\" data-elementor-lightbox-slideshow=\"f4391ec\" data-elementor-lightbox-title=\"Costa-blanca-online denia (5)\" data-e-action-hash=\"#elementor-action%3Aaction%3Dlightbox%26settings%3DeyJpZCI6OTgyLCJ1cmwiOiJodHRwczpcL1wvY29zdGFibGFuY2EtbWFnYXppbi5jb21cL3dwLWNvbnRlbnRcL3VwbG9hZHNcLzIwMjNcLzAxXC9Db3N0YS1ibGFuY2Etb25saW5lLWRlbmlhLTUtc2NhbGVkLTEuanBnIiwic2xpZGVzaG93IjoiZjQzOTFlYyJ9\">\n\t\t\t\t\t<div class=\"e-gallery-image elementor-gallery-item__image\" data-thumbnail=\"https:\/\/costablanca-magazin.com\/wp-content\/uploads\/2023\/01\/Costa-blanca-online-denia-5-scaled-1-2048x1536.jpg\" data-width=\"2048\" data-height=\"1536\" aria-label=\"costablanca mallorca 99\" role=\"img\" ><\/div>\n\t\t\t\t\t\t\t\t\t\t\t<div class=\"elementor-gallery-item__overlay\"><\/div>\n\t\t\t\t\t\t\t\t\t\t\t\t\t\t<\/a>\n\t\t\t\t\t\t\t<a class=\"e-gallery-item elementor-gallery-item elementor-animated-content\" href=\"https:\/\/costablanca-magazin.com\/wp-content\/uploads\/2022\/09\/costablanca-lifestyle-denia-hafen-4.jpg\" data-elementor-open-lightbox=\"yes\" data-elementor-lightbox-slideshow=\"f4391ec\" data-elementor-lightbox-title=\"costablanca-lifestyle-denia-hafen (4)\" data-elementor-lightbox-description=\"costablanca-lifestyle-denia-hafen\" data-e-action-hash=\"#elementor-action%3Aaction%3Dlightbox%26settings%3DeyJpZCI6NzEyLCJ1cmwiOiJodHRwczpcL1wvY29zdGFibGFuY2EtbWFnYXppbi5jb21cL3dwLWNvbnRlbnRcL3VwbG9hZHNcLzIwMjJcLzA5XC9jb3N0YWJsYW5jYS1saWZlc3R5bGUtZGVuaWEtaGFmZW4tNC5qcGciLCJzbGlkZXNob3ciOiJmNDM5MWVjIn0%3D\">\n\t\t\t\t\t<div class=\"e-gallery-image elementor-gallery-item__image\" data-thumbnail=\"https:\/\/costablanca-magazin.com\/wp-content\/uploads\/2022\/09\/costablanca-lifestyle-denia-hafen-4.jpg\" data-width=\"600\" data-height=\"600\" aria-label=\"costablanca-livsstil-denia-havn 8\" role=\"img\" ><\/div>\n\t\t\t\t\t\t\t\t\t\t\t<div class=\"elementor-gallery-item__overlay\"><\/div>\n\t\t\t\t\t\t\t\t\t\t\t\t\t\t<\/a>\n\t\t\t\t\t\t\t<a class=\"e-gallery-item elementor-gallery-item elementor-animated-content\" href=\"https:\/\/costablanca-magazin.com\/wp-content\/uploads\/2024\/10\/IMG_6701.jpg\" data-elementor-open-lightbox=\"yes\" data-elementor-lightbox-slideshow=\"f4391ec\" data-elementor-lightbox-title=\"Unvergessliche kulinarische Highlights  bietet das Restaurant  The Cut Steakhouse  direkt am Meer in D\u00e9nia.\" data-elementor-lightbox-description=\"Unvergessliche kulinarische Highlights bietet das Restaurant  The Cut Steakhouse direkt am Meer in D\u00e9nia. \" data-e-action-hash=\"#elementor-action%3Aaction%3Dlightbox%26settings%3DeyJpZCI6Mjc2NiwidXJsIjoiaHR0cHM6XC9cL2Nvc3RhYmxhbmNhLW1hZ2F6aW4uY29tXC93cC1jb250ZW50XC91cGxvYWRzXC8yMDI0XC8xMFwvSU1HXzY3MDEuanBnIiwic2xpZGVzaG93IjoiZjQzOTFlYyJ9\">\n\t\t\t\t\t<div class=\"e-gallery-image elementor-gallery-item__image\" data-thumbnail=\"https:\/\/costablanca-magazin.com\/wp-content\/uploads\/2024\/10\/IMG_6701-1365x2048.jpg\" data-width=\"1365\" data-height=\"2048\" aria-label=\"Restaurant The Cut Steakhouse ligger rett ved sj\u00f8en i D\u00e9nia og tilbyr uforglemmelige kulinariske h\u00f8ydepunkter. 16\" role=\"img\" ><\/div>\n\t\t\t\t\t\t\t\t\t\t\t<div class=\"elementor-gallery-item__overlay\"><\/div>\n\t\t\t\t\t\t\t\t\t\t\t\t\t\t<\/a>\n\t\t\t\t\t\t\t<a class=\"e-gallery-item elementor-gallery-item elementor-animated-content\" href=\"https:\/\/costablanca-magazin.com\/wp-content\/uploads\/2025\/05\/AuditorioDenia.jpg\" data-elementor-open-lightbox=\"yes\" data-elementor-lightbox-slideshow=\"f4391ec\" data-elementor-lightbox-title=\"Kultur auf allen B\u00fchnen:  Auditorien &amp;  Open-Air-Arenen\" data-elementor-lightbox-description=\"Kultur auf allen B\u00fchnen: Auditorien &amp; Open-Air-Arenen\" data-e-action-hash=\"#elementor-action%3Aaction%3Dlightbox%26settings%3DeyJpZCI6NzAwOSwidXJsIjoiaHR0cHM6XC9cL2Nvc3RhYmxhbmNhLW1hZ2F6aW4uY29tXC93cC1jb250ZW50XC91cGxvYWRzXC8yMDI1XC8wNVwvQXVkaXRvcmlvRGVuaWEuanBnIiwic2xpZGVzaG93IjoiZjQzOTFlYyJ9\">\n\t\t\t\t\t<div class=\"e-gallery-image elementor-gallery-item__image\" data-thumbnail=\"https:\/\/costablanca-magazin.com\/wp-content\/uploads\/2025\/05\/AuditorioDenia.jpg\" data-width=\"1200\" data-height=\"900\" aria-label=\"Kultur p\u00e5 alle scener: Auditorier og utend\u00f8rsarenaer\" role=\"img\" ><\/div>\n\t\t\t\t\t\t\t\t\t\t\t<div class=\"elementor-gallery-item__overlay\"><\/div>\n\t\t\t\t\t\t\t\t\t\t\t\t\t\t<\/a>\n\t\t\t\t\t\t\t<a class=\"e-gallery-item elementor-gallery-item elementor-animated-content\" href=\"https:\/\/costablanca-magazin.com\/wp-content\/uploads\/2025\/05\/Netzwerktreffen-Denia-Kerstin-Kleine-Rahn-16.jpg\" data-elementor-open-lightbox=\"yes\" data-elementor-lightbox-slideshow=\"f4391ec\" data-elementor-lightbox-title=\"Netzwerktreffen Denia Kerstin Kleine\" data-elementor-lightbox-description=\"Netzwerktreffen Denia Kerstin Kleine \" data-e-action-hash=\"#elementor-action%3Aaction%3Dlightbox%26settings%3DeyJpZCI6NjkzNywidXJsIjoiaHR0cHM6XC9cL2Nvc3RhYmxhbmNhLW1hZ2F6aW4uY29tXC93cC1jb250ZW50XC91cGxvYWRzXC8yMDI1XC8wNVwvTmV0endlcmt0cmVmZmVuLURlbmlhLUtlcnN0aW4tS2xlaW5lLVJhaG4tMTYuanBnIiwic2xpZGVzaG93IjoiZjQzOTFlYyJ9\">\n\t\t\t\t\t<div class=\"e-gallery-image elementor-gallery-item__image\" data-thumbnail=\"https:\/\/costablanca-magazin.com\/wp-content\/uploads\/2025\/05\/Netzwerktreffen-Denia-Kerstin-Kleine-Rahn-16.jpg\" data-width=\"1200\" data-height=\"900\" aria-label=\"Nettverksm\u00f8te Denia Kerstin Kleine 15\" role=\"img\" ><\/div>\n\t\t\t\t\t\t\t\t\t\t\t<div class=\"elementor-gallery-item__overlay\"><\/div>\n\t\t\t\t\t\t\t\t\t\t\t\t\t\t<\/a>\n\t\t\t\t\t\t\t<a class=\"e-gallery-item elementor-gallery-item elementor-animated-content\" href=\"https:\/\/costablanca-magazin.com\/wp-content\/uploads\/2023\/01\/Costa-blanca-online-denia-4-scaled-1.jpg\" data-elementor-open-lightbox=\"yes\" data-elementor-lightbox-slideshow=\"f4391ec\" data-elementor-lightbox-title=\"Costa-blanca-online denia (4)\" data-e-action-hash=\"#elementor-action%3Aaction%3Dlightbox%26settings%3DeyJpZCI6OTgxLCJ1cmwiOiJodHRwczpcL1wvY29zdGFibGFuY2EtbWFnYXppbi5jb21cL3dwLWNvbnRlbnRcL3VwbG9hZHNcLzIwMjNcLzAxXC9Db3N0YS1ibGFuY2Etb25saW5lLWRlbmlhLTQtc2NhbGVkLTEuanBnIiwic2xpZGVzaG93IjoiZjQzOTFlYyJ9\">\n\t\t\t\t\t<div class=\"e-gallery-image elementor-gallery-item__image\" data-thumbnail=\"https:\/\/costablanca-magazin.com\/wp-content\/uploads\/2023\/01\/Costa-blanca-online-denia-4-scaled-1-2048x1536.jpg\" data-width=\"2048\" data-height=\"1536\" aria-label=\"costablanca mallorca 98\" role=\"img\" ><\/div>\n\t\t\t\t\t\t\t\t\t\t\t<div class=\"elementor-gallery-item__overlay\"><\/div>\n\t\t\t\t\t\t\t\t\t\t\t\t\t\t<\/a>\n\t\t\t\t\t\t\t<a class=\"e-gallery-item elementor-gallery-item elementor-animated-content\" href=\"https:\/\/costablanca-magazin.com\/wp-content\/uploads\/2024\/07\/Denia-Morros-y-cristianos-14-scaled.jpg\" data-elementor-open-lightbox=\"yes\" data-elementor-lightbox-slideshow=\"f4391ec\" data-elementor-lightbox-title=\"Denia-Morros-y-cristianos (14)\" data-elementor-lightbox-description=\"Fiesta Moros y cristianos Denia \" data-e-action-hash=\"#elementor-action%3Aaction%3Dlightbox%26settings%3DeyJpZCI6MTU1OCwidXJsIjoiaHR0cHM6XC9cL2Nvc3RhYmxhbmNhLW1hZ2F6aW4uY29tXC93cC1jb250ZW50XC91cGxvYWRzXC8yMDI0XC8wN1wvRGVuaWEtTW9ycm9zLXktY3Jpc3RpYW5vcy0xNC1zY2FsZWQuanBnIiwic2xpZGVzaG93IjoiZjQzOTFlYyJ9\">\n\t\t\t\t\t<div class=\"e-gallery-image elementor-gallery-item__image\" data-thumbnail=\"https:\/\/costablanca-magazin.com\/wp-content\/uploads\/2024\/07\/Denia-Morros-y-cristianos-14-2048x1536.jpg\" data-width=\"2048\" data-height=\"1536\" aria-label=\"Fiesta Moros y cristianos Denia 9\" role=\"img\" ><\/div>\n\t\t\t\t\t\t\t\t\t\t\t<div class=\"elementor-gallery-item__overlay\"><\/div>\n\t\t\t\t\t\t\t\t\t\t\t\t\t\t<\/a>\n\t\t\t\t\t\t\t<a class=\"e-gallery-item elementor-gallery-item elementor-animated-content\" href=\"https:\/\/costablanca-magazin.com\/wp-content\/uploads\/2022\/09\/costablanca-lifestyle-denia-5.jpg\" data-elementor-open-lightbox=\"yes\" data-elementor-lightbox-slideshow=\"f4391ec\" data-elementor-lightbox-title=\"costablanca-lifestyle-denia (5)\" data-elementor-lightbox-description=\"costablanca-lifestyle-denia\" data-e-action-hash=\"#elementor-action%3Aaction%3Dlightbox%26settings%3DeyJpZCI6Njk0LCJ1cmwiOiJodHRwczpcL1wvY29zdGFibGFuY2EtbWFnYXppbi5jb21cL3dwLWNvbnRlbnRcL3VwbG9hZHNcLzIwMjJcLzA5XC9jb3N0YWJsYW5jYS1saWZlc3R5bGUtZGVuaWEtNS5qcGciLCJzbGlkZXNob3ciOiJmNDM5MWVjIn0%3D\">\n\t\t\t\t\t<div class=\"e-gallery-image elementor-gallery-item__image\" data-thumbnail=\"https:\/\/costablanca-magazin.com\/wp-content\/uploads\/2022\/09\/costablanca-lifestyle-denia-5.jpg\" data-width=\"600\" data-height=\"600\" aria-label=\"costablanca-livsstil-denia 10\" role=\"img\" ><\/div>\n\t\t\t\t\t\t\t\t\t\t\t<div class=\"elementor-gallery-item__overlay\"><\/div>\n\t\t\t\t\t\t\t\t\t\t\t\t\t\t<\/a>\n\t\t\t\t\t\t\t<a class=\"e-gallery-item elementor-gallery-item elementor-animated-content\" href=\"https:\/\/costablanca-magazin.com\/wp-content\/uploads\/2025\/05\/Mena-aussen.jpg\" data-elementor-open-lightbox=\"yes\" data-elementor-lightbox-slideshow=\"f4391ec\" data-elementor-lightbox-title=\"Mena, D\u00e9nia \u2013  Wo man  das Meer isst\" data-elementor-lightbox-description=\"Mena, D\u00e9nia \u2013 Wo man das Meer isst\" data-e-action-hash=\"#elementor-action%3Aaction%3Dlightbox%26settings%3DeyJpZCI6Njk2MCwidXJsIjoiaHR0cHM6XC9cL2Nvc3RhYmxhbmNhLW1hZ2F6aW4uY29tXC93cC1jb250ZW50XC91cGxvYWRzXC8yMDI1XC8wNVwvTWVuYS1hdXNzZW4uanBnIiwic2xpZGVzaG93IjoiZjQzOTFlYyJ9\">\n\t\t\t\t\t<div class=\"e-gallery-image elementor-gallery-item__image\" data-thumbnail=\"https:\/\/costablanca-magazin.com\/wp-content\/uploads\/2025\/05\/Mena-aussen.jpg\" data-width=\"1200\" data-height=\"900\" aria-label=\"Mena, D\u00e9nia - Der du spiser havet\" role=\"img\" ><\/div>\n\t\t\t\t\t\t\t\t\t\t\t<div class=\"elementor-gallery-item__overlay\"><\/div>\n\t\t\t\t\t\t\t\t\t\t\t\t\t\t<\/a>\n\t\t\t\t\t\t\t<a class=\"e-gallery-item elementor-gallery-item elementor-animated-content\" href=\"https:\/\/costablanca-magazin.com\/wp-content\/uploads\/2024\/07\/Denia-Morros-y-cristianos-33-scaled.jpg\" data-elementor-open-lightbox=\"yes\" data-elementor-lightbox-slideshow=\"f4391ec\" data-elementor-lightbox-title=\"Denia-Morros-y-cristianos (33)\" data-elementor-lightbox-description=\"Fiesta Moros y cristianos Denia \" data-e-action-hash=\"#elementor-action%3Aaction%3Dlightbox%26settings%3DeyJpZCI6MTU1NywidXJsIjoiaHR0cHM6XC9cL2Nvc3RhYmxhbmNhLW1hZ2F6aW4uY29tXC93cC1jb250ZW50XC91cGxvYWRzXC8yMDI0XC8wN1wvRGVuaWEtTW9ycm9zLXktY3Jpc3RpYW5vcy0zMy1zY2FsZWQuanBnIiwic2xpZGVzaG93IjoiZjQzOTFlYyJ9\">\n\t\t\t\t\t<div class=\"e-gallery-image elementor-gallery-item__image\" data-thumbnail=\"https:\/\/costablanca-magazin.com\/wp-content\/uploads\/2024\/07\/Denia-Morros-y-cristianos-33-2037x2048.jpg\" data-width=\"2037\" data-height=\"2048\" aria-label=\"Fiesta Moros y cristianos Denia 8\" role=\"img\" ><\/div>\n\t\t\t\t\t\t\t\t\t\t\t<div class=\"elementor-gallery-item__overlay\"><\/div>\n\t\t\t\t\t\t\t\t\t\t\t\t\t\t<\/a>\n\t\t\t\t\t\t\t<a class=\"e-gallery-item elementor-gallery-item elementor-animated-content\" href=\"https:\/\/costablanca-magazin.com\/wp-content\/uploads\/2025\/05\/20250411_150750.jpg\" data-elementor-open-lightbox=\"yes\" data-elementor-lightbox-slideshow=\"f4391ec\" data-elementor-lightbox-title=\"Mena, D\u00e9nia \u2013  Wo man  das Meer isst\" data-elementor-lightbox-description=\"Mena, D\u00e9nia \u2013  Wo man  das Meer isst\" data-e-action-hash=\"#elementor-action%3Aaction%3Dlightbox%26settings%3DeyJpZCI6Njk3MiwidXJsIjoiaHR0cHM6XC9cL2Nvc3RhYmxhbmNhLW1hZ2F6aW4uY29tXC93cC1jb250ZW50XC91cGxvYWRzXC8yMDI1XC8wNVwvMjAyNTA0MTFfMTUwNzUwLmpwZyIsInNsaWRlc2hvdyI6ImY0MzkxZWMifQ%3D%3D\">\n\t\t\t\t\t<div class=\"e-gallery-image elementor-gallery-item__image\" data-thumbnail=\"https:\/\/costablanca-magazin.com\/wp-content\/uploads\/2025\/05\/20250411_150750.jpg\" data-width=\"1200\" data-height=\"900\" aria-label=\"Mena, D\u00e9nia \u2013 Der man spiser havet 11\" role=\"img\" ><\/div>\n\t\t\t\t\t\t\t\t\t\t\t<div class=\"elementor-gallery-item__overlay\"><\/div>\n\t\t\t\t\t\t\t\t\t\t\t\t\t\t<\/a>\n\t\t\t\t\t\t\t<a class=\"e-gallery-item elementor-gallery-item elementor-animated-content\" href=\"https:\/\/costablanca-magazin.com\/wp-content\/uploads\/2023\/01\/Costa-blanca-online-denia-1-scaled-1.jpg\" data-elementor-open-lightbox=\"yes\" data-elementor-lightbox-slideshow=\"f4391ec\" data-elementor-lightbox-title=\"Costa-blanca-online denia (1)\" data-e-action-hash=\"#elementor-action%3Aaction%3Dlightbox%26settings%3DeyJpZCI6OTc4LCJ1cmwiOiJodHRwczpcL1wvY29zdGFibGFuY2EtbWFnYXppbi5jb21cL3dwLWNvbnRlbnRcL3VwbG9hZHNcLzIwMjNcLzAxXC9Db3N0YS1ibGFuY2Etb25saW5lLWRlbmlhLTEtc2NhbGVkLTEuanBnIiwic2xpZGVzaG93IjoiZjQzOTFlYyJ9\">\n\t\t\t\t\t<div class=\"e-gallery-image elementor-gallery-item__image\" data-thumbnail=\"https:\/\/costablanca-magazin.com\/wp-content\/uploads\/2023\/01\/Costa-blanca-online-denia-1-scaled-1-1536x2048.jpg\" data-width=\"1536\" data-height=\"2048\" aria-label=\"costablanca mallorca 95\" role=\"img\" ><\/div>\n\t\t\t\t\t\t\t\t\t\t\t<div class=\"elementor-gallery-item__overlay\"><\/div>\n\t\t\t\t\t\t\t\t\t\t\t\t\t\t<\/a>\n\t\t\t\t\t\t\t<a class=\"e-gallery-item elementor-gallery-item elementor-animated-content\" href=\"https:\/\/costablanca-magazin.com\/wp-content\/uploads\/2023\/01\/costa-blanca-denia-2-scaled-1.jpg\" data-elementor-open-lightbox=\"yes\" data-elementor-lightbox-slideshow=\"f4391ec\" data-elementor-lightbox-title=\"costa-blanca-denia (2)\" data-elementor-lightbox-description=\"costa-blanca-denia \" data-e-action-hash=\"#elementor-action%3Aaction%3Dlightbox%26settings%3DeyJpZCI6OTAwLCJ1cmwiOiJodHRwczpcL1wvY29zdGFibGFuY2EtbWFnYXppbi5jb21cL3dwLWNvbnRlbnRcL3VwbG9hZHNcLzIwMjNcLzAxXC9jb3N0YS1ibGFuY2EtZGVuaWEtMi1zY2FsZWQtMS5qcGciLCJzbGlkZXNob3ciOiJmNDM5MWVjIn0%3D\">\n\t\t\t\t\t<div class=\"e-gallery-image elementor-gallery-item__image\" data-thumbnail=\"https:\/\/costablanca-magazin.com\/wp-content\/uploads\/2023\/01\/costa-blanca-denia-2-scaled-1-2048x2048.jpg\" data-width=\"2048\" data-height=\"2048\" aria-label=\"costa-blanca-denia 2\" role=\"img\" ><\/div>\n\t\t\t\t\t\t\t\t\t\t\t<div class=\"elementor-gallery-item__overlay\"><\/div>\n\t\t\t\t\t\t\t\t\t\t\t\t\t\t<\/a>\n\t\t\t\t\t\t\t<a class=\"e-gallery-item elementor-gallery-item elementor-animated-content\" href=\"https:\/\/costablanca-magazin.com\/wp-content\/uploads\/2024\/05\/denia3.jpg\" data-elementor-open-lightbox=\"yes\" data-elementor-lightbox-slideshow=\"f4391ec\" data-elementor-lightbox-title=\"costablanca-lifestyle-denia-hafen\" data-elementor-lightbox-description=\"costablanca-lifestyle-denia-hafen\" data-e-action-hash=\"#elementor-action%3Aaction%3Dlightbox%26settings%3DeyJpZCI6MTM2LCJ1cmwiOiJodHRwczpcL1wvY29zdGFibGFuY2EtbWFnYXppbi5jb21cL3dwLWNvbnRlbnRcL3VwbG9hZHNcLzIwMjRcLzA1XC9kZW5pYTMuanBnIiwic2xpZGVzaG93IjoiZjQzOTFlYyJ9\">\n\t\t\t\t\t<div class=\"e-gallery-image elementor-gallery-item__image\" data-thumbnail=\"https:\/\/costablanca-magazin.com\/wp-content\/uploads\/2024\/05\/denia3.jpg\" data-width=\"600\" data-height=\"600\" aria-label=\"costablanca-livsstil-denia-havn\" role=\"img\" ><\/div>\n\t\t\t\t\t\t\t\t\t\t\t<div class=\"elementor-gallery-item__overlay\"><\/div>\n\t\t\t\t\t\t\t\t\t\t\t\t\t\t<\/a>\n\t\t\t\t\t\t\t<a class=\"e-gallery-item elementor-gallery-item elementor-animated-content\" href=\"https:\/\/costablanca-magazin.com\/wp-content\/uploads\/2023\/01\/20210618_120529-scaled-1.jpg\" data-elementor-open-lightbox=\"yes\" data-elementor-lightbox-slideshow=\"f4391ec\" data-elementor-lightbox-title=\"costa-blanca-online-denia\" data-elementor-lightbox-description=\"costa-blanca-online-denia\" data-e-action-hash=\"#elementor-action%3Aaction%3Dlightbox%26settings%3DeyJpZCI6ODg4LCJ1cmwiOiJodHRwczpcL1wvY29zdGFibGFuY2EtbWFnYXppbi5jb21cL3dwLWNvbnRlbnRcL3VwbG9hZHNcLzIwMjNcLzAxXC8yMDIxMDYxOF8xMjA1Mjktc2NhbGVkLTEuanBnIiwic2xpZGVzaG93IjoiZjQzOTFlYyJ9\">\n\t\t\t\t\t<div class=\"e-gallery-image elementor-gallery-item__image\" data-thumbnail=\"https:\/\/costablanca-magazin.com\/wp-content\/uploads\/2023\/01\/20210618_120529-scaled-1-2048x2048.jpg\" data-width=\"2048\" data-height=\"2048\" aria-label=\"costa-blanca-online-denia 1\" role=\"img\" ><\/div>\n\t\t\t\t\t\t\t\t\t\t\t<div class=\"elementor-gallery-item__overlay\"><\/div>\n\t\t\t\t\t\t\t\t\t\t\t\t\t\t<\/a>\n\t\t\t\t\t\t\t<a class=\"e-gallery-item elementor-gallery-item elementor-animated-content\" href=\"https:\/\/costablanca-magazin.com\/wp-content\/uploads\/2023\/01\/Costa-blanca-online-denia-2-scaled-1.jpg\" data-elementor-open-lightbox=\"yes\" data-elementor-lightbox-slideshow=\"f4391ec\" data-elementor-lightbox-title=\"Costa-blanca-online denia (2)\" data-e-action-hash=\"#elementor-action%3Aaction%3Dlightbox%26settings%3DeyJpZCI6OTc5LCJ1cmwiOiJodHRwczpcL1wvY29zdGFibGFuY2EtbWFnYXppbi5jb21cL3dwLWNvbnRlbnRcL3VwbG9hZHNcLzIwMjNcLzAxXC9Db3N0YS1ibGFuY2Etb25saW5lLWRlbmlhLTItc2NhbGVkLTEuanBnIiwic2xpZGVzaG93IjoiZjQzOTFlYyJ9\">\n\t\t\t\t\t<div class=\"e-gallery-image elementor-gallery-item__image\" data-thumbnail=\"https:\/\/costablanca-magazin.com\/wp-content\/uploads\/2023\/01\/Costa-blanca-online-denia-2-scaled-1-1536x2048.jpg\" data-width=\"1536\" data-height=\"2048\" aria-label=\"costablanca mallorca 96\" role=\"img\" ><\/div>\n\t\t\t\t\t\t\t\t\t\t\t<div class=\"elementor-gallery-item__overlay\"><\/div>\n\t\t\t\t\t\t\t\t\t\t\t\t\t\t<\/a>\n\t\t\t\t\t\t\t<a class=\"e-gallery-item elementor-gallery-item elementor-animated-content\" href=\"https:\/\/costablanca-magazin.com\/wp-content\/uploads\/2023\/01\/costa-blanca-denia-3-scaled-1.jpg\" data-elementor-open-lightbox=\"yes\" data-elementor-lightbox-slideshow=\"f4391ec\" data-elementor-lightbox-title=\"costa-blanca-denia (3)\" data-elementor-lightbox-description=\"costa-blanca-denia \" data-e-action-hash=\"#elementor-action%3Aaction%3Dlightbox%26settings%3DeyJpZCI6OTAyLCJ1cmwiOiJodHRwczpcL1wvY29zdGFibGFuY2EtbWFnYXppbi5jb21cL3dwLWNvbnRlbnRcL3VwbG9hZHNcLzIwMjNcLzAxXC9jb3N0YS1ibGFuY2EtZGVuaWEtMy1zY2FsZWQtMS5qcGciLCJzbGlkZXNob3ciOiJmNDM5MWVjIn0%3D\">\n\t\t\t\t\t<div class=\"e-gallery-image elementor-gallery-item__image\" data-thumbnail=\"https:\/\/costablanca-magazin.com\/wp-content\/uploads\/2023\/01\/costa-blanca-denia-3-scaled-1-2048x2048.jpg\" data-width=\"2048\" data-height=\"2048\" aria-label=\"costa-blanca-denia 4\" role=\"img\" ><\/div>\n\t\t\t\t\t\t\t\t\t\t\t<div class=\"elementor-gallery-item__overlay\"><\/div>\n\t\t\t\t\t\t\t\t\t\t\t\t\t\t<\/a>\n\t\t\t\t\t\t\t<a class=\"e-gallery-item elementor-gallery-item elementor-animated-content\" href=\"https:\/\/costablanca-magazin.com\/wp-content\/uploads\/2023\/01\/Costa-blanca-denia-scaled-1.jpg\" data-elementor-open-lightbox=\"yes\" data-elementor-lightbox-slideshow=\"f4391ec\" data-elementor-lightbox-title=\"Costa-blanca-denia\" data-e-action-hash=\"#elementor-action%3Aaction%3Dlightbox%26settings%3DeyJpZCI6OTc2LCJ1cmwiOiJodHRwczpcL1wvY29zdGFibGFuY2EtbWFnYXppbi5jb21cL3dwLWNvbnRlbnRcL3VwbG9hZHNcLzIwMjNcLzAxXC9Db3N0YS1ibGFuY2EtZGVuaWEtc2NhbGVkLTEuanBnIiwic2xpZGVzaG93IjoiZjQzOTFlYyJ9\">\n\t\t\t\t\t<div class=\"e-gallery-image elementor-gallery-item__image\" data-thumbnail=\"https:\/\/costablanca-magazin.com\/wp-content\/uploads\/2023\/01\/Costa-blanca-denia-scaled-1-1536x2048.jpg\" data-width=\"1536\" data-height=\"2048\" aria-label=\"costablanca mallorca 93\" role=\"img\" ><\/div>\n\t\t\t\t\t\t\t\t\t\t\t<div class=\"elementor-gallery-item__overlay\"><\/div>\n\t\t\t\t\t\t\t\t\t\t\t\t\t\t<\/a>\n\t\t\t\t\t\t\t<a class=\"e-gallery-item elementor-gallery-item elementor-animated-content\" href=\"https:\/\/costablanca-magazin.com\/wp-content\/uploads\/2024\/10\/cut_aussen1.jpg\" data-elementor-open-lightbox=\"yes\" data-elementor-lightbox-slideshow=\"f4391ec\" data-elementor-lightbox-title=\"Unvergessliche kulinarische Highlights  bietet das Restaurant  The Cut Steakhouse  direkt am Meer in D\u00e9nia.\" data-elementor-lightbox-description=\"Unvergessliche kulinarische Highlights bietet das Restaurant  The Cut Steakhouse direkt am Meer in D\u00e9nia. \" data-e-action-hash=\"#elementor-action%3Aaction%3Dlightbox%26settings%3DeyJpZCI6Mjc1NCwidXJsIjoiaHR0cHM6XC9cL2Nvc3RhYmxhbmNhLW1hZ2F6aW4uY29tXC93cC1jb250ZW50XC91cGxvYWRzXC8yMDI0XC8xMFwvY3V0X2F1c3NlbjEuanBnIiwic2xpZGVzaG93IjoiZjQzOTFlYyJ9\">\n\t\t\t\t\t<div class=\"e-gallery-image elementor-gallery-item__image\" data-thumbnail=\"https:\/\/costablanca-magazin.com\/wp-content\/uploads\/2024\/10\/cut_aussen1.jpg\" data-width=\"1000\" data-height=\"600\" aria-label=\"Restauranten The Cut Steakhouse ligger rett ved sj\u00f8en i D\u00e9nia og tilbyr uforglemmelige kulinariske h\u00f8ydepunkter. 4\" role=\"img\" ><\/div>\n\t\t\t\t\t\t\t\t\t\t\t<div class=\"elementor-gallery-item__overlay\"><\/div>\n\t\t\t\t\t\t\t\t\t\t\t\t\t\t<\/a>\n\t\t\t\t\t\t\t<a class=\"e-gallery-item elementor-gallery-item elementor-animated-content\" href=\"https:\/\/costablanca-magazin.com\/wp-content\/uploads\/2025\/05\/costablanca-lifestyle-denia-2.jpg\" data-elementor-open-lightbox=\"yes\" data-elementor-lightbox-slideshow=\"f4391ec\" data-elementor-lightbox-title=\"costablanca-lifestyle-denia (2)\" data-elementor-lightbox-description=\"costablanca-lifestyle-denia (2)\" data-e-action-hash=\"#elementor-action%3Aaction%3Dlightbox%26settings%3DeyJpZCI6NzE1NywidXJsIjoiaHR0cHM6XC9cL2Nvc3RhYmxhbmNhLW1hZ2F6aW4uY29tXC93cC1jb250ZW50XC91cGxvYWRzXC8yMDI1XC8wNVwvY29zdGFibGFuY2EtbGlmZXN0eWxlLWRlbmlhLTIuanBnIiwic2xpZGVzaG93IjoiZjQzOTFlYyJ9\">\n\t\t\t\t\t<div class=\"e-gallery-image elementor-gallery-item__image\" data-thumbnail=\"https:\/\/costablanca-magazin.com\/wp-content\/uploads\/2025\/05\/costablanca-lifestyle-denia-2.jpg\" data-width=\"1000\" data-height=\"1000\" aria-label=\"costablanca-livsstil-denia (2)\" role=\"img\" ><\/div>\n\t\t\t\t\t\t\t\t\t\t\t<div class=\"elementor-gallery-item__overlay\"><\/div>\n\t\t\t\t\t\t\t\t\t\t\t\t\t\t<\/a>\n\t\t\t\t\t\t\t<a class=\"e-gallery-item elementor-gallery-item elementor-animated-content\" href=\"https:\/\/costablanca-magazin.com\/wp-content\/uploads\/2024\/08\/20240824_162722-scaled.jpg\" data-elementor-open-lightbox=\"yes\" data-elementor-lightbox-slideshow=\"f4391ec\" data-elementor-lightbox-title=\"Denia Costablanca\" data-elementor-lightbox-description=\"Denia Costablanca\" data-e-action-hash=\"#elementor-action%3Aaction%3Dlightbox%26settings%3DeyJpZCI6MTg1MiwidXJsIjoiaHR0cHM6XC9cL2Nvc3RhYmxhbmNhLW1hZ2F6aW4uY29tXC93cC1jb250ZW50XC91cGxvYWRzXC8yMDI0XC8wOFwvMjAyNDA4MjRfMTYyNzIyLXNjYWxlZC5qcGciLCJzbGlkZXNob3ciOiJmNDM5MWVjIn0%3D\">\n\t\t\t\t\t<div class=\"e-gallery-image elementor-gallery-item__image\" data-thumbnail=\"https:\/\/costablanca-magazin.com\/wp-content\/uploads\/2024\/08\/20240824_162722-2048x1536.jpg\" data-width=\"2048\" data-height=\"1536\" aria-label=\"Denia Costablanca\" role=\"img\" ><\/div>\n\t\t\t\t\t\t\t\t\t\t\t<div class=\"elementor-gallery-item__overlay\"><\/div>\n\t\t\t\t\t\t\t\t\t\t\t\t\t\t<\/a>\n\t\t\t\t\t<\/div>\n\t\t\t\t\t<\/div>\n\t\t\t\t<\/div>\n\t\t\t\t\t<\/div>\n\t\t\t\t<\/div>\n\t\t<div class=\"elementor-element elementor-element-3c9aa87 e-flex e-con-boxed e-con e-parent\" data-id=\"3c9aa87\" data-element_type=\"container\" data-e-type=\"container\">\n\t\t\t\t\t<div class=\"e-con-inner\">\n\t\t\t\t<div class=\"elementor-element elementor-element-af840cf elementor-grid-3 elementor-grid-tablet-2 elementor-grid-mobile-1 elementor-posts--thumbnail-top elementor-posts--show-avatar elementor-card-shadow-yes elementor-posts__hover-gradient elementor-widget elementor-widget-posts\" data-id=\"af840cf\" data-element_type=\"widget\" data-e-type=\"widget\" data-settings=\"{&quot;cards_columns&quot;:&quot;3&quot;,&quot;cards_columns_tablet&quot;:&quot;2&quot;,&quot;cards_columns_mobile&quot;:&quot;1&quot;,&quot;cards_row_gap&quot;:{&quot;unit&quot;:&quot;px&quot;,&quot;size&quot;:35,&quot;sizes&quot;:[]},&quot;cards_row_gap_tablet&quot;:{&quot;unit&quot;:&quot;px&quot;,&quot;size&quot;:&quot;&quot;,&quot;sizes&quot;:[]},&quot;cards_row_gap_mobile&quot;:{&quot;unit&quot;:&quot;px&quot;,&quot;size&quot;:&quot;&quot;,&quot;sizes&quot;:[]}}\" data-widget_type=\"posts.cards\">\n\t\t\t\t<div class=\"elementor-widget-container\">\n\t\t\t\t\t\t\t<div class=\"elementor-posts-container elementor-posts elementor-posts--skin-cards elementor-grid\" role=\"list\">\n\t\t\t\t<article class=\"elementor-post elementor-grid-item post-1361 post type-post status-publish format-standard has-post-thumbnail hentry category-restaurant tag-tapas-gasse-in-benidorm tag-tapas-in-der-altstadt-benidorm tag-tapas-restaurants-benidorm\" role=\"listitem\">\n\t\t\t<div class=\"elementor-post__card\">\n\t\t\t\t<a class=\"elementor-post__thumbnail__link\" href=\"https:\/\/costablanca-magazin.com\/nb\/kulinarisches\/restaurant\/die-tapas-gasse-in-der-altstadt-von-benidorm-ein-kulinarisches-erlebnis\/\" tabindex=\"-1\" ><div class=\"elementor-post__thumbnail\"><img fetchpriority=\"high\" decoding=\"async\" width=\"600\" height=\"600\" src=\"https:\/\/costablanca-magazin.com\/wp-content\/uploads\/2022\/09\/costablanca-lifestyle-tapas-benidorm-5.jpg\" class=\"attachment-1536x1536 size-1536x1536 wp-image-786\" alt=\"costablanca-livsstil-tapas-benidorm 9\" srcset=\"https:\/\/costablanca-magazin.com\/wp-content\/uploads\/2022\/09\/costablanca-lifestyle-tapas-benidorm-5.jpg 600w, https:\/\/costablanca-magazin.com\/wp-content\/uploads\/2022\/09\/costablanca-lifestyle-tapas-benidorm-5-300x300.jpg 300w, https:\/\/costablanca-magazin.com\/wp-content\/uploads\/2022\/09\/costablanca-lifestyle-tapas-benidorm-5-150x150.jpg 150w\" sizes=\"(max-width: 600px) 100vw, 600px\" \/><\/div><\/a>\n\t\t\t\t<div class=\"elementor-post__badge\">Restaurant<\/div>\n\t\t\t\t<div class=\"elementor-post__avatar\">\n\t\t\t\t\t<\/div>\n\t\t\t\t<div class=\"elementor-post__text\">\n\t\t\t\t<h2 class=\"elementor-post__title\">\n\t\t\t<a href=\"https:\/\/costablanca-magazin.com\/nb\/kulinarisches\/restaurant\/die-tapas-gasse-in-der-altstadt-von-benidorm-ein-kulinarisches-erlebnis\/\" >\n\t\t\t\tTapasgaten i gamlebyen i Benidorm: en kulinarisk opplevelse\t\t\t<\/a>\n\t\t<\/h2>\n\t\t\t\t<\/div>\n\t\t\t\t\t<\/div>\n\t\t<\/article>\n\t\t\t\t<article class=\"elementor-post elementor-grid-item post-1529 post type-post status-publish format-standard has-post-thumbnail hentry category-news-politik tag-europameister-spanien\" role=\"listitem\">\n\t\t\t<div class=\"elementor-post__card\">\n\t\t\t\t<a class=\"elementor-post__thumbnail__link\" href=\"https:\/\/costablanca-magazin.com\/nb\/lokales\/news-politik\/spanien-triumphiert-in-der-em-2024-jubel-an-der-costa-blanca\/\" tabindex=\"-1\" ><div class=\"elementor-post__thumbnail\"><img decoding=\"async\" width=\"1536\" height=\"916\" src=\"https:\/\/costablanca-magazin.com\/wp-content\/uploads\/2024\/07\/Europameister-2024-Spanien-2-1536x916.jpg\" class=\"attachment-1536x1536 size-1536x1536 wp-image-1531\" alt=\"Europamester 2024 Spania\" srcset=\"https:\/\/costablanca-magazin.com\/wp-content\/uploads\/2024\/07\/Europameister-2024-Spanien-2-1536x916.jpg 1536w, https:\/\/costablanca-magazin.com\/wp-content\/uploads\/2024\/07\/Europameister-2024-Spanien-2-300x179.jpg 300w, https:\/\/costablanca-magazin.com\/wp-content\/uploads\/2024\/07\/Europameister-2024-Spanien-2-1024x611.jpg 1024w, https:\/\/costablanca-magazin.com\/wp-content\/uploads\/2024\/07\/Europameister-2024-Spanien-2-768x458.jpg 768w, https:\/\/costablanca-magazin.com\/wp-content\/uploads\/2024\/07\/Europameister-2024-Spanien-2-2048x1222.jpg 2048w\" sizes=\"(max-width: 1536px) 100vw, 1536px\" \/><\/div><\/a>\n\t\t\t\t<div class=\"elementor-post__badge\">Nyheter og politikk<\/div>\n\t\t\t\t<div class=\"elementor-post__avatar\">\n\t\t\t\t\t<\/div>\n\t\t\t\t<div class=\"elementor-post__text\">\n\t\t\t\t<h2 class=\"elementor-post__title\">\n\t\t\t<a href=\"https:\/\/costablanca-magazin.com\/nb\/lokales\/news-politik\/spanien-triumphiert-in-der-em-2024-jubel-an-der-costa-blanca\/\" >\n\t\t\t\tSpania triumferer i Euro 2024: Jubel p\u00e5 Costa Blanca\t\t\t<\/a>\n\t\t<\/h2>\n\t\t\t\t<\/div>\n\t\t\t\t\t<\/div>\n\t\t<\/article>\n\t\t\t\t<article class=\"elementor-post elementor-grid-item post-8461 post type-post status-publish format-standard has-post-thumbnail hentry category-mobilitaet-verkehr tag-dgt-fuehrerschein-umtausch tag-fuehrerschein-fristen-spanien tag-fuehrerschein-in-spanien tag-fuehrerschein-umtauschen-spanien tag-punktesystem-spanien tag-spanischer-fuehrerschein\" role=\"listitem\">\n\t\t\t<div class=\"elementor-post__card\">\n\t\t\t\t<a class=\"elementor-post__thumbnail__link\" href=\"https:\/\/costablanca-magazin.com\/nb\/residenten\/mobilitaet-verkehr\/fuehrerschein-in-spanien-wer-umtauschen-muss-und-wie\/\" tabindex=\"-1\" ><div class=\"elementor-post__thumbnail\"><img decoding=\"async\" width=\"1536\" height=\"1024\" src=\"https:\/\/costablanca-magazin.com\/wp-content\/uploads\/2025\/08\/young-man-showing-driving-license-while-sitting-in-2025-01-25-02-07-19-utc-1536x1024.jpg\" class=\"attachment-1536x1536 size-1536x1536 wp-image-8462\" alt=\"F\u00f8rerkort i Spania: Hvem m\u00e5 bytte \u2013 og hvordan fungerer det?\" srcset=\"https:\/\/costablanca-magazin.com\/wp-content\/uploads\/2025\/08\/young-man-showing-driving-license-while-sitting-in-2025-01-25-02-07-19-utc-1536x1024.jpg 1536w, https:\/\/costablanca-magazin.com\/wp-content\/uploads\/2025\/08\/young-man-showing-driving-license-while-sitting-in-2025-01-25-02-07-19-utc-300x200.jpg 300w, https:\/\/costablanca-magazin.com\/wp-content\/uploads\/2025\/08\/young-man-showing-driving-license-while-sitting-in-2025-01-25-02-07-19-utc-1024x683.jpg 1024w, https:\/\/costablanca-magazin.com\/wp-content\/uploads\/2025\/08\/young-man-showing-driving-license-while-sitting-in-2025-01-25-02-07-19-utc-768x512.jpg 768w, https:\/\/costablanca-magazin.com\/wp-content\/uploads\/2025\/08\/young-man-showing-driving-license-while-sitting-in-2025-01-25-02-07-19-utc-2048x1365.jpg 2048w\" sizes=\"(max-width: 1536px) 100vw, 1536px\" \/><\/div><\/a>\n\t\t\t\t<div class=\"elementor-post__badge\">Mobilitet og transport<\/div>\n\t\t\t\t<div class=\"elementor-post__avatar\">\n\t\t\t\t\t<\/div>\n\t\t\t\t<div class=\"elementor-post__text\">\n\t\t\t\t<h2 class=\"elementor-post__title\">\n\t\t\t<a href=\"https:\/\/costablanca-magazin.com\/nb\/residenten\/mobilitaet-verkehr\/fuehrerschein-in-spanien-wer-umtauschen-muss-und-wie\/\" >\n\t\t\t\tF\u00f8rerkort i Spania - Hvem m\u00e5 bytte og hvordan\t\t\t<\/a>\n\t\t<\/h2>\n\t\t\t\t<\/div>\n\t\t\t\t\t<\/div>\n\t\t<\/article>\n\t\t\t\t<\/div>\n\t\t\n\t\t\t\t\t\t<\/div>\n\t\t\t\t<\/div>\n\t\t\t\t\t<\/div>\n\t\t\t\t<\/div>\n\t\t\t\t<\/div>","protected":false},"excerpt":{"rendered":"<p>Denia \u2013 Burg, lebendiger Hafen &amp; Meeresfr\u00fcchte-K\u00fcche K\u00fcstenstadt mit Charakter, Hafenleben und Alltagstauglichkeit D\u00e9nia, Hauptstadt der Marina Alta, liegt zwischen Valencia und Alicante an einem der vielseitigsten K\u00fcstenabschnitte der Costa Blanca. Die Stadt z\u00e4hlt rund 45.000 Einwohner und ist nicht nur Verwaltungszentrum, sondern auch Kulturstandort, Hafenstadt, Lebensmittelpunkt und F\u00e4hrverbindung nach<\/p>","protected":false},"author":1,"featured_media":7156,"parent":0,"menu_order":0,"comment_status":"closed","ping_status":"closed","template":"elementor_header_footer","meta":{"footnotes":""},"class_list":["post-4664","page","type-page","status-publish","has-post-thumbnail","hentry"],"aioseo_notices":[],"_links":{"self":[{"href":"https:\/\/costablanca-magazin.com\/nb\/wp-json\/wp\/v2\/pages\/4664","targetHints":{"allow":["GET"]}}],"collection":[{"href":"https:\/\/costablanca-magazin.com\/nb\/wp-json\/wp\/v2\/pages"}],"about":[{"href":"https:\/\/costablanca-magazin.com\/nb\/wp-json\/wp\/v2\/types\/page"}],"author":[{"embeddable":true,"href":"https:\/\/costablanca-magazin.com\/nb\/wp-json\/wp\/v2\/users\/1"}],"replies":[{"embeddable":true,"href":"https:\/\/costablanca-magazin.com\/nb\/wp-json\/wp\/v2\/comments?post=4664"}],"version-history":[{"count":31,"href":"https:\/\/costablanca-magazin.com\/nb\/wp-json\/wp\/v2\/pages\/4664\/revisions"}],"predecessor-version":[{"id":11005,"href":"https:\/\/costablanca-magazin.com\/nb\/wp-json\/wp\/v2\/pages\/4664\/revisions\/11005"}],"wp:featuredmedia":[{"embeddable":true,"href":"https:\/\/costablanca-magazin.com\/nb\/wp-json\/wp\/v2\/media\/7156"}],"wp:attachment":[{"href":"https:\/\/costablanca-magazin.com\/nb\/wp-json\/wp\/v2\/media?parent=4664"}],"curies":[{"name":"wp","href":"https:\/\/api.w.org\/{rel}","templated":true}]}}