{"id":4649,"date":"2025-01-21T09:29:02","date_gmt":"2025-01-21T08:29:02","guid":{"rendered":"https:\/\/costablanca-magazin.com\/?page_id=4649"},"modified":"2026-03-09T08:07:15","modified_gmt":"2026-03-09T07:07:15","slug":"benidorm","status":"publish","type":"page","link":"https:\/\/costablanca-magazin.com\/nb\/benidorm\/","title":{"rendered":"Benidorm"},"content":{"rendered":"<div data-elementor-type=\"wp-page\" data-elementor-id=\"4649\" class=\"elementor elementor-4649\" data-elementor-post-type=\"page\">\n\t\t\t\t<div class=\"elementor-element elementor-element-b7242ad e-flex e-con-boxed e-con e-parent\" data-id=\"b7242ad\" data-element_type=\"container\" data-e-type=\"container\">\n\t\t\t\t\t<div class=\"e-con-inner\">\n\t\t\t\t<div class=\"elementor-element elementor-element-79db752 elementor-widget elementor-widget-heading\" data-id=\"79db752\" data-element_type=\"widget\" data-e-type=\"widget\" data-widget_type=\"heading.default\">\n\t\t\t\t<div class=\"elementor-widget-container\">\n\t\t\t\t\t<h1 class=\"elementor-heading-title elementor-size-default\">Benidorm - skyskrapere, strand og middelhavsmangfold<\/h1>\t\t\t\t<\/div>\n\t\t\t\t<\/div>\n\t\t\t\t\t<\/div>\n\t\t\t\t<\/div>\n\t\t<div class=\"elementor-element elementor-element-6da2568 e-flex e-con-boxed e-con e-parent\" data-id=\"6da2568\" data-element_type=\"container\" data-e-type=\"container\">\n\t\t\t\t\t<div class=\"e-con-inner\">\n\t\t\t\t<div class=\"elementor-element elementor-element-3294267 elementor-widget elementor-widget-heading\" data-id=\"3294267\" data-element_type=\"widget\" data-e-type=\"widget\" data-widget_type=\"heading.default\">\n\t\t\t\t<div class=\"elementor-widget-container\">\n\t\t\t\t\t<h2 class=\"elementor-heading-title elementor-size-default\">Moderne infrastruktur, strandliv og overraskende mye hverdagsliv<\/h2>\t\t\t\t<\/div>\n\t\t\t\t<\/div>\n\t\t\t\t<div class=\"elementor-element elementor-element-46e6e15 elementor-widget elementor-widget-text-editor\" data-id=\"46e6e15\" data-element_type=\"widget\" data-e-type=\"widget\" data-widget_type=\"text-editor.default\">\n\t\t\t\t<div class=\"elementor-widget-container\">\n\t\t\t\t\t\t\t\t\t<p>Benidorm blir gjerne sett p\u00e5 som et symbol p\u00e5 turismen p\u00e5 Costa Blanca. Men hvis du tar en n\u00e6rmere titt, vil du bak h\u00f8yhusene og hotellkilometerne oppdage en by som lenge har v\u00e6rt mer enn bare en feriedestinasjon. Rundt 75 000 innbyggere, et bredt tjenestetilbud, moderne helsetjenester og en stabil infrastruktur gj\u00f8r Benidorm til et urbant livsrom - ogs\u00e5 og s\u00e6rlig for innbyggere som setter pris p\u00e5 gode forbindelser og et internasjonalt milj\u00f8.<\/p>\n<p class=\"aih1words\">Bak strandpromenadene og h\u00f8yhusfasadene er Benidorm en livlig by med et hverdagsliv, moderne infrastruktur og et internasjonalt milj\u00f8 som tiltrekker seg b\u00e5de innbyggere og feriegjester.<\/p>\n\n<!-- ai-h1words -->\n<p>Mellom h\u00f8yhus, strender og middelhavsmangfold presenterer Benidorm seg som en by med moderne tjenester, god infrastruktur og et livlig hverdagsliv, som lenge har v\u00e6rt mer enn bare en feriedestinasjon.<\/p>\n<!-- \/ai-h1words -->\n\n\t\t\t\t\t\t\t\t<\/div>\n\t\t\t\t<\/div>\n\t\t\t\t\t<\/div>\n\t\t\t\t<\/div>\n\t\t<div class=\"elementor-element elementor-element-6220d72 e-flex e-con-boxed e-con e-parent\" data-id=\"6220d72\" data-element_type=\"container\" data-e-type=\"container\">\n\t\t\t\t\t<div class=\"e-con-inner\">\n\t\t<div class=\"elementor-element elementor-element-a148f5a e-con-full e-flex e-con e-child\" data-id=\"a148f5a\" data-element_type=\"container\" data-e-type=\"container\">\n\t\t\t\t<div class=\"elementor-element elementor-element-b218e5b elementor-widget__width-initial elementor-widget elementor-widget-gallery\" data-id=\"b218e5b\" data-element_type=\"widget\" data-e-type=\"widget\" data-settings=\"{&quot;columns&quot;:1,&quot;aspect_ratio&quot;:&quot;1:1&quot;,&quot;lazyload&quot;:&quot;yes&quot;,&quot;gallery_layout&quot;:&quot;grid&quot;,&quot;columns_tablet&quot;:2,&quot;columns_mobile&quot;:1,&quot;gap&quot;:{&quot;unit&quot;:&quot;px&quot;,&quot;size&quot;:10,&quot;sizes&quot;:[]},&quot;gap_tablet&quot;:{&quot;unit&quot;:&quot;px&quot;,&quot;size&quot;:10,&quot;sizes&quot;:[]},&quot;gap_mobile&quot;:{&quot;unit&quot;:&quot;px&quot;,&quot;size&quot;:10,&quot;sizes&quot;:[]},&quot;link_to&quot;:&quot;file&quot;,&quot;overlay_background&quot;:&quot;yes&quot;,&quot;content_hover_animation&quot;:&quot;fade-in&quot;}\" data-widget_type=\"gallery.default\">\n\t\t\t\t<div class=\"elementor-widget-container\">\n\t\t\t\t\t\t\t<div class=\"elementor-gallery__container\">\n\t\t\t\t\t\t\t<a class=\"e-gallery-item elementor-gallery-item elementor-animated-content\" href=\"https:\/\/costablanca-magazin.com\/wp-content\/uploads\/2023\/02\/mediterranean-coastline-viewpoint-in-benidorm-cas-2022-07-14-04-42-12-utc-scaled-1.jpg\" data-elementor-open-lightbox=\"yes\" data-elementor-lightbox-slideshow=\"b218e5b\" data-elementor-lightbox-title=\"Benidorm Aussichtsplattform Altstadt\" data-elementor-lightbox-description=\"Benidorm Aussichtsplattform Altstadt \" data-e-action-hash=\"#elementor-action%3Aaction%3Dlightbox%26settings%3DeyJpZCI6MTEzMSwidXJsIjoiaHR0cHM6XC9cL2Nvc3RhYmxhbmNhLW1hZ2F6aW4uY29tXC93cC1jb250ZW50XC91cGxvYWRzXC8yMDIzXC8wMlwvbWVkaXRlcnJhbmVhbi1jb2FzdGxpbmUtdmlld3BvaW50LWluLWJlbmlkb3JtLWNhcy0yMDIyLTA3LTE0LTA0LTQyLTEyLXV0Yy1zY2FsZWQtMS5qcGciLCJzbGlkZXNob3ciOiJiMjE4ZTViIn0%3D\">\n\t\t\t\t\t<div class=\"e-gallery-image elementor-gallery-item__image\" data-thumbnail=\"https:\/\/costablanca-magazin.com\/wp-content\/uploads\/2023\/02\/mediterranean-coastline-viewpoint-in-benidorm-cas-2022-07-14-04-42-12-utc-scaled-1-2048x1366.jpg\" data-width=\"2048\" data-height=\"1366\" aria-label=\"Benidorm utsiktsplattform gamlebyen 1\" role=\"img\" ><\/div>\n\t\t\t\t\t\t\t\t\t\t\t<div class=\"elementor-gallery-item__overlay\"><\/div>\n\t\t\t\t\t\t\t\t\t\t\t\t\t\t<\/a>\n\t\t\t\t\t<\/div>\n\t\t\t\t\t<\/div>\n\t\t\t\t<\/div>\n\t\t\t\t<\/div>\n\t\t<div class=\"elementor-element elementor-element-e4eb6ba e-con-full e-flex e-con e-child\" data-id=\"e4eb6ba\" data-element_type=\"container\" data-e-type=\"container\">\n\t\t\t\t<div class=\"elementor-element elementor-element-dbbe052 elementor-widget elementor-widget-heading\" data-id=\"dbbe052\" data-element_type=\"widget\" data-e-type=\"widget\" data-widget_type=\"heading.default\">\n\t\t\t\t<div class=\"elementor-widget-container\">\n\t\t\t\t\t<h3 class=\"elementor-heading-title elementor-size-default\">Byutvikling og historie<\/h3>\t\t\t\t<\/div>\n\t\t\t\t<\/div>\n\t\t\t\t<div class=\"elementor-element elementor-element-aafc6be elementor-widget__width-initial elementor-widget elementor-widget-text-editor\" data-id=\"aafc6be\" data-element_type=\"widget\" data-e-type=\"widget\" data-widget_type=\"text-editor.default\">\n\t\t\t\t<div class=\"elementor-widget-container\">\n\t\t\t\t\t\t\t\t\t<p>Benidorm kan se tilbake p\u00e5 en bemerkelsesverdig utvikling: Byen feiret sitt 7000-\u00e5rsjubileum i 2025, og regnes som den f\u00f8rste store turistbastionen p\u00e5 den spanske middelhavskysten. Grunnlaget for den moderne kystturismen ble lagt her allerede p\u00e5 1950-tallet - men det ble bevisst planlagt med fremsynthet: H\u00f8yhusarkitektur ble kombinert med sjener\u00f8se \u00e5pne omr\u00e5der, og transportruter og gr\u00f8nne soner ble definert p\u00e5 et tidlig stadium.<\/p><p>I dag regnes Benidorm som en m\u00f8nsterby n\u00e5r det gjelder fysisk planlegging, vannforvaltning og energieffektivitet. Byen har i flere ti\u00e5r investert i toppmoderne vannbehandling, smarte str\u00f8mnett og b\u00e6rekraftige forsyningssystemer - et forbilde for andre kommuner langs kysten.<\/p>\t\t\t\t\t\t\t\t<\/div>\n\t\t\t\t<\/div>\n\t\t\t\t<\/div>\n\t\t\t\t\t<\/div>\n\t\t\t\t<\/div>\n\t\t<div class=\"elementor-element elementor-element-0090abf e-flex e-con-boxed e-con e-parent\" data-id=\"0090abf\" data-element_type=\"container\" data-e-type=\"container\">\n\t\t\t\t\t<div class=\"e-con-inner\">\n\t\t<div class=\"elementor-element elementor-element-127ef59 e-con-full e-flex e-con e-child\" data-id=\"127ef59\" data-element_type=\"container\" data-e-type=\"container\">\n\t\t\t\t<div class=\"elementor-element elementor-element-161bf48 elementor-widget elementor-widget-heading\" data-id=\"161bf48\" data-element_type=\"widget\" data-e-type=\"widget\" data-widget_type=\"heading.default\">\n\t\t\t\t<div class=\"elementor-widget-container\">\n\t\t\t\t\t<h4 class=\"elementor-heading-title elementor-size-default\">Mangfoldig bystruktur med oversiktlig planl\u00f8sning<\/h4>\t\t\t\t<\/div>\n\t\t\t\t<\/div>\n\t\t\t\t<div class=\"elementor-element elementor-element-4f73e66 elementor-widget elementor-widget-text-editor\" data-id=\"4f73e66\" data-element_type=\"widget\" data-e-type=\"widget\" data-widget_type=\"text-editor.default\">\n\t\t\t\t<div class=\"elementor-widget-container\">\n\t\t\t\t\t\t\t\t\t<p>Benidorm er delt inn i tre hovedomr\u00e5der: den historiske gamlebyen p\u00e5 svaberget mellom de to hovedstrendene, boligomr\u00e5det i nord rundt <strong>Rinc\u00f3n de Loix<\/strong> og den roligere bukten i vest <strong>Poniente<\/strong>. Avhengig av hvor man bor, kan Benidorm by p\u00e5 bypreg, kystn\u00e6rhet eller tilfluktssteder med utsikt over fjellene - forbundet med et velutviklet transport- og forsyningsnettverk.<\/p>\t\t\t\t\t\t\t\t<\/div>\n\t\t\t\t<\/div>\n\t\t\t\t<\/div>\n\t\t<div class=\"elementor-element elementor-element-94b786a e-con-full e-flex e-con e-child\" data-id=\"94b786a\" data-element_type=\"container\" data-e-type=\"container\">\n\t\t\t\t<div class=\"elementor-element elementor-element-f80c5ca elementor-widget elementor-widget-gallery\" data-id=\"f80c5ca\" data-element_type=\"widget\" data-e-type=\"widget\" data-settings=\"{&quot;columns&quot;:1,&quot;gap&quot;:{&quot;unit&quot;:&quot;px&quot;,&quot;size&quot;:0,&quot;sizes&quot;:[]},&quot;aspect_ratio&quot;:&quot;16:9&quot;,&quot;lazyload&quot;:&quot;yes&quot;,&quot;gallery_layout&quot;:&quot;grid&quot;,&quot;columns_tablet&quot;:2,&quot;columns_mobile&quot;:1,&quot;gap_tablet&quot;:{&quot;unit&quot;:&quot;px&quot;,&quot;size&quot;:10,&quot;sizes&quot;:[]},&quot;gap_mobile&quot;:{&quot;unit&quot;:&quot;px&quot;,&quot;size&quot;:10,&quot;sizes&quot;:[]},&quot;link_to&quot;:&quot;file&quot;,&quot;overlay_background&quot;:&quot;yes&quot;,&quot;content_hover_animation&quot;:&quot;fade-in&quot;}\" data-widget_type=\"gallery.default\">\n\t\t\t\t<div class=\"elementor-widget-container\">\n\t\t\t\t\t\t\t<div class=\"elementor-gallery__container\">\n\t\t\t\t\t\t\t<a class=\"e-gallery-item elementor-gallery-item elementor-animated-content\" href=\"https:\/\/costablanca-magazin.com\/wp-content\/uploads\/2022\/09\/costablanca-lifestyle-benidorm-13.jpg\" data-elementor-open-lightbox=\"yes\" data-elementor-lightbox-slideshow=\"f80c5ca\" data-elementor-lightbox-title=\"costablanca-lifestyle-benidorm (13)\" data-elementor-lightbox-description=\"Costa Blanca  Benidorm Kirchplatz \" data-e-action-hash=\"#elementor-action%3Aaction%3Dlightbox%26settings%3DeyJpZCI6NjQ4LCJ1cmwiOiJodHRwczpcL1wvY29zdGFibGFuY2EtbWFnYXppbi5jb21cL3dwLWNvbnRlbnRcL3VwbG9hZHNcLzIwMjJcLzA5XC9jb3N0YWJsYW5jYS1saWZlc3R5bGUtYmVuaWRvcm0tMTMuanBnIiwic2xpZGVzaG93IjoiZjgwYzVjYSJ9\">\n\t\t\t\t\t<div class=\"e-gallery-image elementor-gallery-item__image\" data-thumbnail=\"https:\/\/costablanca-magazin.com\/wp-content\/uploads\/2022\/09\/costablanca-lifestyle-benidorm-13.jpg\" data-width=\"600\" data-height=\"600\" aria-label=\"Costa Blanca Benidorm Kirkeplassen\" role=\"img\" ><\/div>\n\t\t\t\t\t\t\t\t\t\t\t<div class=\"elementor-gallery-item__overlay\"><\/div>\n\t\t\t\t\t\t\t\t\t\t\t\t\t\t<\/a>\n\t\t\t\t\t<\/div>\n\t\t\t\t\t<\/div>\n\t\t\t\t<\/div>\n\t\t\t\t<\/div>\n\t\t\t\t\t<\/div>\n\t\t\t\t<\/div>\n\t\t<div class=\"elementor-element elementor-element-8326595 e-flex e-con-boxed e-con e-parent\" data-id=\"8326595\" data-element_type=\"container\" data-e-type=\"container\">\n\t\t\t\t\t<div class=\"e-con-inner\">\n\t\t<div class=\"elementor-element elementor-element-4290fa3 e-con-full e-flex e-con e-child\" data-id=\"4290fa3\" data-element_type=\"container\" data-e-type=\"container\">\n\t\t\t\t<div class=\"elementor-element elementor-element-692a14b elementor-widget__width-initial elementor-widget elementor-widget-gallery\" data-id=\"692a14b\" data-element_type=\"widget\" data-e-type=\"widget\" data-settings=\"{&quot;columns&quot;:1,&quot;aspect_ratio&quot;:&quot;16:9&quot;,&quot;lazyload&quot;:&quot;yes&quot;,&quot;gallery_layout&quot;:&quot;grid&quot;,&quot;columns_tablet&quot;:2,&quot;columns_mobile&quot;:1,&quot;gap&quot;:{&quot;unit&quot;:&quot;px&quot;,&quot;size&quot;:10,&quot;sizes&quot;:[]},&quot;gap_tablet&quot;:{&quot;unit&quot;:&quot;px&quot;,&quot;size&quot;:10,&quot;sizes&quot;:[]},&quot;gap_mobile&quot;:{&quot;unit&quot;:&quot;px&quot;,&quot;size&quot;:10,&quot;sizes&quot;:[]},&quot;link_to&quot;:&quot;file&quot;,&quot;overlay_background&quot;:&quot;yes&quot;,&quot;content_hover_animation&quot;:&quot;fade-in&quot;}\" data-widget_type=\"gallery.default\">\n\t\t\t\t<div class=\"elementor-widget-container\">\n\t\t\t\t\t\t\t<div class=\"elementor-gallery__container\">\n\t\t\t\t\t\t\t<a class=\"e-gallery-item elementor-gallery-item elementor-animated-content\" href=\"https:\/\/costablanca-magazin.com\/wp-content\/uploads\/2024\/10\/Wochenmarkt-Costa-Blanca-8-scaled.jpg\" data-elementor-open-lightbox=\"yes\" data-elementor-lightbox-slideshow=\"692a14b\" data-elementor-lightbox-title=\"Wochenmarkt Costa Blanca (8)\" data-elementor-lightbox-description=\"Buntes Treiben und mediterrane Gen\u00fcsse - Die Wochenm\u00e4rkte der Marina Alta und Marina Baixa\" data-e-action-hash=\"#elementor-action%3Aaction%3Dlightbox%26settings%3DeyJpZCI6MjgwOSwidXJsIjoiaHR0cHM6XC9cL2Nvc3RhYmxhbmNhLW1hZ2F6aW4uY29tXC93cC1jb250ZW50XC91cGxvYWRzXC8yMDI0XC8xMFwvV29jaGVubWFya3QtQ29zdGEtQmxhbmNhLTgtc2NhbGVkLmpwZyIsInNsaWRlc2hvdyI6IjY5MmExNGIifQ%3D%3D\">\n\t\t\t\t\t<div class=\"e-gallery-image elementor-gallery-item__image\" data-thumbnail=\"https:\/\/costablanca-magazin.com\/wp-content\/uploads\/2024\/10\/Wochenmarkt-Costa-Blanca-8-768x1024.jpg\" data-width=\"768\" data-height=\"1024\" aria-label=\"Livlig aktivitet og middelhavsdelikatesser \u2013 Ukentlige markeder i Marina Alta og Marina Baixa 13\" role=\"img\" ><\/div>\n\t\t\t\t\t\t\t\t\t\t\t<div class=\"elementor-gallery-item__overlay\"><\/div>\n\t\t\t\t\t\t\t\t\t\t\t\t\t\t<\/a>\n\t\t\t\t\t<\/div>\n\t\t\t\t\t<\/div>\n\t\t\t\t<\/div>\n\t\t\t\t<\/div>\n\t\t<div class=\"elementor-element elementor-element-04c88a9 e-con-full e-flex e-con e-child\" data-id=\"04c88a9\" data-element_type=\"container\" data-e-type=\"container\">\n\t\t\t\t<div class=\"elementor-element elementor-element-b182630 elementor-widget elementor-widget-heading\" data-id=\"b182630\" data-element_type=\"widget\" data-e-type=\"widget\" data-widget_type=\"heading.default\">\n\t\t\t\t<div class=\"elementor-widget-container\">\n\t\t\t\t\t<h5 class=\"elementor-heading-title elementor-size-default\">Ukentlig marked i Benidorm<\/h5>\t\t\t\t<\/div>\n\t\t\t\t<\/div>\n\t\t\t\t<div class=\"elementor-element elementor-element-a5ad63f elementor-widget elementor-widget-text-editor\" data-id=\"a5ad63f\" data-element_type=\"widget\" data-e-type=\"widget\" data-widget_type=\"text-editor.default\">\n\t\t\t\t<div class=\"elementor-widget-container\">\n\t\t\t\t\t\t\t\t\t<p>Benidorm tilbyr to <a title=\"Fargerikt folkeliv og middelhavsretter - Costa Blancas ukentlige markeder\" href=\"https:\/\/costablanca-magazin.com\/nb\/residenter\/bo-i-spania\/fargerikt-liv-og-middelhavsnytelser-costa-blanca-ukentlige-markeder\/\" target=\"_blank\" rel=\"noopener\">Ukentlige markeder<\/a>:<\/p><p>Jo st\u00f8rre <strong>Fredagsmarked i Foietes-distriktet<\/strong> (i n\u00e6rheten av sportssenteret)<br \/>Den <strong>S\u00f8ndagsmarked i Rinc\u00f3n de Loix<\/strong> - Spesielt popul\u00e6rt blant internasjonale bes\u00f8kende<\/p><p>Her kan du finne frukt, gr\u00f8nnsaker, regionale spesialiteter, kl\u00e6r og husholdningsartikler - med en atmosf\u00e6re som absolutt gjenspeiler byens urbane karakter.<\/p>\t\t\t\t\t\t\t\t<\/div>\n\t\t\t\t<\/div>\n\t\t\t\t<\/div>\n\t\t\t\t\t<\/div>\n\t\t\t\t<\/div>\n\t\t<div class=\"elementor-element elementor-element-23f70e8 e-flex e-con-boxed e-con e-parent\" data-id=\"23f70e8\" data-element_type=\"container\" data-e-type=\"container\">\n\t\t\t\t\t<div class=\"e-con-inner\">\n\t\t<div class=\"elementor-element elementor-element-17357c2 e-con-full e-flex e-con e-child\" data-id=\"17357c2\" data-element_type=\"container\" data-e-type=\"container\">\n\t\t\t\t<div class=\"elementor-element elementor-element-2fe39c8 elementor-widget elementor-widget-heading\" data-id=\"2fe39c8\" data-element_type=\"widget\" data-e-type=\"widget\" data-widget_type=\"heading.default\">\n\t\t\t\t<div class=\"elementor-widget-container\">\n\t\t\t\t\t<h5 class=\"elementor-heading-title elementor-size-default\">Strender i Benidorm - bystrender av h\u00f8y kvalitet<\/h5>\t\t\t\t<\/div>\n\t\t\t\t<\/div>\n\t\t\t\t<div class=\"elementor-element elementor-element-811c3f5 elementor-widget elementor-widget-text-editor\" data-id=\"811c3f5\" data-element_type=\"widget\" data-e-type=\"widget\" data-widget_type=\"text-editor.default\">\n\t\t\t\t<div class=\"elementor-widget-container\">\n\t\t\t\t\t\t\t\t\t<p>Benidorm har tre store strandstrekninger, som alle har blitt tildelt Bl\u00e5tt flagg for kvalitet og renslighet:<\/p><ul><li><strong>Playa de Levante<\/strong>Den mest kjente og travleste stranden - ideell for dem som bor i sentrum og setter pris p\u00e5 rask tilgang til vannet.<\/li><li><strong>Playa de Poniente<\/strong>: Lengre, bredere og roligere - popul\u00e6rt blant familier og beboere som liker \u00e5 g\u00e5 tur eller ta en avslappet sv\u00f8mmetur.<\/li><li><strong>Cala del Mal Pas<\/strong>: Liten, skjermet bukt rett nedenfor gamlebyen - sjarmerende og ofte lite bes\u00f8kt.<\/li><\/ul><p>Alle strandomr\u00e5dene er barrierefrie, har offentlige sanit\u00e6ranlegg, badevakter, skyggefulle omr\u00e5der og promenader med servering.<\/p>\t\t\t\t\t\t\t\t<\/div>\n\t\t\t\t<\/div>\n\t\t\t\t<\/div>\n\t\t<div class=\"elementor-element elementor-element-75d2374 e-con-full e-flex e-con e-child\" data-id=\"75d2374\" data-element_type=\"container\" data-e-type=\"container\">\n\t\t\t\t<div class=\"elementor-element elementor-element-0af2a23 elementor-widget__width-initial elementor-widget elementor-widget-gallery\" data-id=\"0af2a23\" data-element_type=\"widget\" data-e-type=\"widget\" data-settings=\"{&quot;columns&quot;:1,&quot;aspect_ratio&quot;:&quot;1:1&quot;,&quot;lazyload&quot;:&quot;yes&quot;,&quot;gallery_layout&quot;:&quot;grid&quot;,&quot;columns_tablet&quot;:2,&quot;columns_mobile&quot;:1,&quot;gap&quot;:{&quot;unit&quot;:&quot;px&quot;,&quot;size&quot;:10,&quot;sizes&quot;:[]},&quot;gap_tablet&quot;:{&quot;unit&quot;:&quot;px&quot;,&quot;size&quot;:10,&quot;sizes&quot;:[]},&quot;gap_mobile&quot;:{&quot;unit&quot;:&quot;px&quot;,&quot;size&quot;:10,&quot;sizes&quot;:[]},&quot;link_to&quot;:&quot;file&quot;,&quot;overlay_background&quot;:&quot;yes&quot;,&quot;content_hover_animation&quot;:&quot;fade-in&quot;}\" data-widget_type=\"gallery.default\">\n\t\t\t\t<div class=\"elementor-widget-container\">\n\t\t\t\t\t\t\t<div class=\"elementor-gallery__container\">\n\t\t\t\t\t\t\t<a class=\"e-gallery-item elementor-gallery-item elementor-animated-content\" href=\"https:\/\/costablanca-magazin.com\/wp-content\/uploads\/2023\/04\/Costa-Blanca-Benidorm-straende-altstadt-6.jpg\" data-elementor-open-lightbox=\"yes\" data-elementor-lightbox-slideshow=\"0af2a23\" data-elementor-lightbox-title=\"Costa-Blanca-Benidorm-str\u00e4nde-altstadt (6)\" data-elementor-lightbox-description=\"Benidorm strand \" data-e-action-hash=\"#elementor-action%3Aaction%3Dlightbox%26settings%3DeyJpZCI6MTMxOSwidXJsIjoiaHR0cHM6XC9cL2Nvc3RhYmxhbmNhLW1hZ2F6aW4uY29tXC93cC1jb250ZW50XC91cGxvYWRzXC8yMDIzXC8wNFwvQ29zdGEtQmxhbmNhLUJlbmlkb3JtLXN0cmFlbmRlLWFsdHN0YWR0LTYuanBnIiwic2xpZGVzaG93IjoiMGFmMmEyMyJ9\">\n\t\t\t\t\t<div class=\"e-gallery-image elementor-gallery-item__image\" data-thumbnail=\"https:\/\/costablanca-magazin.com\/wp-content\/uploads\/2023\/04\/Costa-Blanca-Benidorm-straende-altstadt-6.jpg\" data-width=\"450\" data-height=\"600\" aria-label=\"Benidorm strand\" role=\"img\" ><\/div>\n\t\t\t\t\t\t\t\t\t\t\t<div class=\"elementor-gallery-item__overlay\"><\/div>\n\t\t\t\t\t\t\t\t\t\t\t\t\t\t<\/a>\n\t\t\t\t\t<\/div>\n\t\t\t\t\t<\/div>\n\t\t\t\t<\/div>\n\t\t\t\t<\/div>\n\t\t\t\t\t<\/div>\n\t\t\t\t<\/div>\n\t\t<div class=\"elementor-element elementor-element-1428df1 e-flex e-con-boxed e-con e-parent\" data-id=\"1428df1\" data-element_type=\"container\" data-e-type=\"container\">\n\t\t\t\t\t<div class=\"e-con-inner\">\n\t\t<div class=\"elementor-element elementor-element-f10c3db e-con-full e-flex e-con e-child\" data-id=\"f10c3db\" data-element_type=\"container\" data-e-type=\"container\">\n\t\t\t\t<div class=\"elementor-element elementor-element-72b9cf0 elementor-widget__width-initial elementor-widget elementor-widget-gallery\" data-id=\"72b9cf0\" data-element_type=\"widget\" data-e-type=\"widget\" data-settings=\"{&quot;columns&quot;:1,&quot;aspect_ratio&quot;:&quot;16:9&quot;,&quot;lazyload&quot;:&quot;yes&quot;,&quot;gallery_layout&quot;:&quot;grid&quot;,&quot;columns_tablet&quot;:2,&quot;columns_mobile&quot;:1,&quot;gap&quot;:{&quot;unit&quot;:&quot;px&quot;,&quot;size&quot;:10,&quot;sizes&quot;:[]},&quot;gap_tablet&quot;:{&quot;unit&quot;:&quot;px&quot;,&quot;size&quot;:10,&quot;sizes&quot;:[]},&quot;gap_mobile&quot;:{&quot;unit&quot;:&quot;px&quot;,&quot;size&quot;:10,&quot;sizes&quot;:[]},&quot;link_to&quot;:&quot;file&quot;,&quot;overlay_background&quot;:&quot;yes&quot;,&quot;content_hover_animation&quot;:&quot;fade-in&quot;}\" data-widget_type=\"gallery.default\">\n\t\t\t\t<div class=\"elementor-widget-container\">\n\t\t\t\t\t\t\t<div class=\"elementor-gallery__container\">\n\t\t\t\t\t\t\t<a class=\"e-gallery-item elementor-gallery-item elementor-animated-content\" href=\"https:\/\/costablanca-magazin.com\/wp-content\/uploads\/2023\/01\/costa-blanca-benidorm-scaled-1.jpg\" data-elementor-open-lightbox=\"yes\" data-elementor-lightbox-slideshow=\"72b9cf0\" data-elementor-lightbox-title=\"costa-blanca-benidorm\" data-e-action-hash=\"#elementor-action%3Aaction%3Dlightbox%26settings%3DeyJpZCI6OTcyLCJ1cmwiOiJodHRwczpcL1wvY29zdGFibGFuY2EtbWFnYXppbi5jb21cL3dwLWNvbnRlbnRcL3VwbG9hZHNcLzIwMjNcLzAxXC9jb3N0YS1ibGFuY2EtYmVuaWRvcm0tc2NhbGVkLTEuanBnIiwic2xpZGVzaG93IjoiNzJiOWNmMCJ9\">\n\t\t\t\t\t<div class=\"e-gallery-image elementor-gallery-item__image\" data-thumbnail=\"https:\/\/costablanca-magazin.com\/wp-content\/uploads\/2023\/01\/costa-blanca-benidorm-scaled-1-2048x1536.jpg\" data-width=\"2048\" data-height=\"1536\" aria-label=\"costablanca mallorca 89\" role=\"img\" ><\/div>\n\t\t\t\t\t\t\t\t\t\t\t<div class=\"elementor-gallery-item__overlay\"><\/div>\n\t\t\t\t\t\t\t\t\t\t\t\t\t\t<\/a>\n\t\t\t\t\t<\/div>\n\t\t\t\t\t<\/div>\n\t\t\t\t<\/div>\n\t\t\t\t<\/div>\n\t\t<div class=\"elementor-element elementor-element-61f55f7 e-con-full e-flex e-con e-child\" data-id=\"61f55f7\" data-element_type=\"container\" data-e-type=\"container\">\n\t\t\t\t<div class=\"elementor-element elementor-element-6b09a89 elementor-widget elementor-widget-heading\" data-id=\"6b09a89\" data-element_type=\"widget\" data-e-type=\"widget\" data-widget_type=\"heading.default\">\n\t\t\t\t<div class=\"elementor-widget-container\">\n\t\t\t\t\t<h5 class=\"elementor-heading-title elementor-size-default\">Natur og omgivelser - roligere enn forventet<\/h5>\t\t\t\t<\/div>\n\t\t\t\t<\/div>\n\t\t\t\t<div class=\"elementor-element elementor-element-4936734 elementor-widget elementor-widget-text-editor\" data-id=\"4936734\" data-element_type=\"widget\" data-e-type=\"widget\" data-widget_type=\"text-editor.default\">\n\t\t\t\t<div class=\"elementor-widget-container\">\n\t\t\t\t\t\t\t\t\t<p>De som er ute etter fred og natur, vil ogs\u00e5 finne det de leter etter i Benidorm:<br \/>Parque de l'Aig\u00fcera i sentrum av byen er en gr\u00f8nn lunge med turstier og en friluftsscene.<br \/>Sierra Cortina eller naturparken Serra Gelada ligger rett ved siden av byen, og er ideelle for korte fotturer eller utsiktspunkter med utsikt over horisonten.<br \/>Med b\u00e5t kan du ta deg til Benidorm - en vakker utflukt med et maritimt perspektiv p\u00e5 kysten og et velkjent fuglereservat.<\/p>\t\t\t\t\t\t\t\t<\/div>\n\t\t\t\t<\/div>\n\t\t\t\t<\/div>\n\t\t\t\t\t<\/div>\n\t\t\t\t<\/div>\n\t\t<div class=\"elementor-element elementor-element-c0f3f47 e-flex e-con-boxed e-con e-parent\" data-id=\"c0f3f47\" data-element_type=\"container\" data-e-type=\"container\">\n\t\t\t\t\t<div class=\"e-con-inner\">\n\t\t<div class=\"elementor-element elementor-element-317647b e-con-full e-flex e-con e-child\" data-id=\"317647b\" data-element_type=\"container\" data-e-type=\"container\">\n\t\t\t\t<div class=\"elementor-element elementor-element-155b11c elementor-widget elementor-widget-heading\" data-id=\"155b11c\" data-element_type=\"widget\" data-e-type=\"widget\" data-widget_type=\"heading.default\">\n\t\t\t\t<div class=\"elementor-widget-container\">\n\t\t\t\t\t<h5 class=\"elementor-heading-title elementor-size-default\">Festivaler og arrangementer - mer enn bare et turistprogram<\/h5>\t\t\t\t<\/div>\n\t\t\t\t<\/div>\n\t\t\t\t<div class=\"elementor-element elementor-element-5b11b3e elementor-widget elementor-widget-text-editor\" data-id=\"5b11b3e\" data-element_type=\"widget\" data-e-type=\"widget\" data-widget_type=\"text-editor.default\">\n\t\t\t\t<div class=\"elementor-widget-container\">\n\t\t\t\t\t\t\t\t\t<p>Benidorm byr p\u00e5 et bredt spekter av festivaler og kulturarrangementer gjennom hele \u00e5ret - og mange av dem er godt forankret i det lokale samfunnslivet:<\/p><ul><li>\ud83c\udf89 <strong>Fiestas Mayores Patronales<\/strong> (november): De viktigste festivalene til \u00e6re for byens skytshelgener med parader, fyrverkeri og religi\u00f8se feiringer<\/li><li>\ud83e\udd3a <strong>Moros y Cristianos<\/strong> (begynnelsen av oktober): Fargerike parader gjennom gamlebyen - en klassiker i regionen<\/li><li>\ud83c\udfb6 Mange <strong>Musikkfestivaler og konserter<\/strong> p\u00e5 kommunale scener eller i Auditorium Julio Iglesias<\/li><li>\ud83c\udfa5 Internasjonale filmuker og kulturelle serier \u00e5ret rundt<\/li><\/ul><p>Til tross for sitt image som partiets h\u00f8yborg, er mange av disse arrangementene organisert <strong>Organisert av lokalbefolkningen for lokalbefolkningen<\/strong> - autentisk og \u00e5pen for alle.<\/p>\t\t\t\t\t\t\t\t<\/div>\n\t\t\t\t<\/div>\n\t\t\t\t<\/div>\n\t\t<div class=\"elementor-element elementor-element-2997115 e-con-full e-flex e-con e-child\" data-id=\"2997115\" data-element_type=\"container\" data-e-type=\"container\">\n\t\t\t\t<div class=\"elementor-element elementor-element-1f4f04b elementor-widget elementor-widget-gallery\" data-id=\"1f4f04b\" data-element_type=\"widget\" data-e-type=\"widget\" data-settings=\"{&quot;columns&quot;:1,&quot;aspect_ratio&quot;:&quot;1:1&quot;,&quot;lazyload&quot;:&quot;yes&quot;,&quot;gallery_layout&quot;:&quot;grid&quot;,&quot;columns_tablet&quot;:2,&quot;columns_mobile&quot;:1,&quot;gap&quot;:{&quot;unit&quot;:&quot;px&quot;,&quot;size&quot;:10,&quot;sizes&quot;:[]},&quot;gap_tablet&quot;:{&quot;unit&quot;:&quot;px&quot;,&quot;size&quot;:10,&quot;sizes&quot;:[]},&quot;gap_mobile&quot;:{&quot;unit&quot;:&quot;px&quot;,&quot;size&quot;:10,&quot;sizes&quot;:[]},&quot;link_to&quot;:&quot;file&quot;,&quot;overlay_background&quot;:&quot;yes&quot;,&quot;content_hover_animation&quot;:&quot;fade-in&quot;}\" data-widget_type=\"gallery.default\">\n\t\t\t\t<div class=\"elementor-widget-container\">\n\t\t\t\t\t\t\t<div class=\"elementor-gallery__container\">\n\t\t\t\t\t\t\t<a class=\"e-gallery-item elementor-gallery-item elementor-animated-content\" href=\"https:\/\/costablanca-magazin.com\/wp-content\/uploads\/2024\/11\/benidorm-rathaus-costablanca-magazin-2-scaled.jpg\" data-elementor-open-lightbox=\"yes\" data-elementor-lightbox-slideshow=\"1f4f04b\" data-elementor-lightbox-title=\"benidorm-rathaus-costablanca-magazin (2)\" data-elementor-lightbox-description=\"Rathaus Benidorm organisiert Hilfsaktionen\" data-e-action-hash=\"#elementor-action%3Aaction%3Dlightbox%26settings%3DeyJpZCI6MzE5MSwidXJsIjoiaHR0cHM6XC9cL2Nvc3RhYmxhbmNhLW1hZ2F6aW4uY29tXC93cC1jb250ZW50XC91cGxvYWRzXC8yMDI0XC8xMVwvYmVuaWRvcm0tcmF0aGF1cy1jb3N0YWJsYW5jYS1tYWdhemluLTItc2NhbGVkLmpwZyIsInNsaWRlc2hvdyI6IjFmNGYwNGIifQ%3D%3D\">\n\t\t\t\t\t<div class=\"e-gallery-image elementor-gallery-item__image\" data-thumbnail=\"https:\/\/costablanca-magazin.com\/wp-content\/uploads\/2024\/11\/benidorm-rathaus-costablanca-magazin-2-scaled.jpg\" data-width=\"2560\" data-height=\"1920\" aria-label=\"Benidorm r\u00e5dhus organiserer hjelpekampanjer\" role=\"img\" ><\/div>\n\t\t\t\t\t\t\t\t\t\t\t<div class=\"elementor-gallery-item__overlay\"><\/div>\n\t\t\t\t\t\t\t\t\t\t\t\t\t\t<\/a>\n\t\t\t\t\t<\/div>\n\t\t\t\t\t<\/div>\n\t\t\t\t<\/div>\n\t\t\t\t<\/div>\n\t\t<div class=\"elementor-element elementor-element-9d05d56 e-con-full e-flex e-con e-child\" data-id=\"9d05d56\" data-element_type=\"container\" data-e-type=\"container\">\n\t\t\t\t<div class=\"elementor-element elementor-element-5859896 elementor-widget elementor-widget-gallery\" data-id=\"5859896\" data-element_type=\"widget\" data-e-type=\"widget\" data-settings=\"{&quot;columns&quot;:1,&quot;aspect_ratio&quot;:&quot;4:3&quot;,&quot;lazyload&quot;:&quot;yes&quot;,&quot;gallery_layout&quot;:&quot;grid&quot;,&quot;columns_tablet&quot;:2,&quot;columns_mobile&quot;:1,&quot;gap&quot;:{&quot;unit&quot;:&quot;px&quot;,&quot;size&quot;:10,&quot;sizes&quot;:[]},&quot;gap_tablet&quot;:{&quot;unit&quot;:&quot;px&quot;,&quot;size&quot;:10,&quot;sizes&quot;:[]},&quot;gap_mobile&quot;:{&quot;unit&quot;:&quot;px&quot;,&quot;size&quot;:10,&quot;sizes&quot;:[]},&quot;link_to&quot;:&quot;file&quot;,&quot;overlay_background&quot;:&quot;yes&quot;,&quot;content_hover_animation&quot;:&quot;fade-in&quot;}\" data-widget_type=\"gallery.default\">\n\t\t\t\t<div class=\"elementor-widget-container\">\n\t\t\t\t\t\t\t<div class=\"elementor-gallery__container\">\n\t\t\t\t\t\t\t<a class=\"e-gallery-item elementor-gallery-item elementor-animated-content\" href=\"https:\/\/costablanca-magazin.com\/wp-content\/uploads\/2024\/08\/evening-skyline-of-benidorm-city-with-high-rise-re-2023-11-27-05-21-17-utc.jpg\" data-elementor-open-lightbox=\"yes\" data-elementor-lightbox-slideshow=\"5859896\" data-elementor-lightbox-title=\"Benidrom Marina Baixa\" data-elementor-lightbox-description=\"Benidrom Marina Baixa\" data-e-action-hash=\"#elementor-action%3Aaction%3Dlightbox%26settings%3DeyJpZCI6MTY1OCwidXJsIjoiaHR0cHM6XC9cL2Nvc3RhYmxhbmNhLW1hZ2F6aW4uY29tXC93cC1jb250ZW50XC91cGxvYWRzXC8yMDI0XC8wOFwvZXZlbmluZy1za3lsaW5lLW9mLWJlbmlkb3JtLWNpdHktd2l0aC1oaWdoLXJpc2UtcmUtMjAyMy0xMS0yNy0wNS0yMS0xNy11dGMuanBnIiwic2xpZGVzaG93IjoiNTg1OTg5NiJ9\">\n\t\t\t\t\t<div class=\"e-gallery-image elementor-gallery-item__image\" data-thumbnail=\"https:\/\/costablanca-magazin.com\/wp-content\/uploads\/2024\/08\/evening-skyline-of-benidorm-city-with-high-rise-re-2023-11-27-05-21-17-utc.jpg\" data-width=\"1200\" data-height=\"675\" aria-label=\"Benidrom Marina Baixa\" role=\"img\" ><\/div>\n\t\t\t\t\t\t\t\t\t\t\t<div class=\"elementor-gallery-item__overlay\"><\/div>\n\t\t\t\t\t\t\t\t\t\t\t\t\t\t<\/a>\n\t\t\t\t\t<\/div>\n\t\t\t\t\t<\/div>\n\t\t\t\t<\/div>\n\t\t\t\t<\/div>\n\t\t<div class=\"elementor-element elementor-element-734d775 e-con-full e-flex e-con e-child\" data-id=\"734d775\" data-element_type=\"container\" data-e-type=\"container\">\n\t\t\t\t<div class=\"elementor-element elementor-element-5237295 elementor-widget elementor-widget-heading\" data-id=\"5237295\" data-element_type=\"widget\" data-e-type=\"widget\" data-widget_type=\"heading.default\">\n\t\t\t\t<div class=\"elementor-widget-container\">\n\t\t\t\t\t<h5 class=\"elementor-heading-title elementor-size-default\">\u00c5 bo i Benidorm - infrastruktur, mangfold og forbindelser<\/h5>\t\t\t\t<\/div>\n\t\t\t\t<\/div>\n\t\t\t\t<div class=\"elementor-element elementor-element-0a47825 elementor-widget elementor-widget-text-editor\" data-id=\"0a47825\" data-element_type=\"widget\" data-e-type=\"widget\" data-widget_type=\"text-editor.default\">\n\t\t\t\t<div class=\"elementor-widget-container\">\n\t\t\t\t\t\t\t\t\t<p>Benidorm er en by med en komplett infrastruktur:<br \/>Sykehus, klinikker, spesialister, internasjonale skoler, kj\u00f8pesentre, apotek, tjenesteleverand\u00f8rer - alt er innen rekkevidde. Offentlig transport (inkludert TRAM-jernbanelinjen til Alicante og D\u00e9nia) gj\u00f8r det ogs\u00e5 mulig \u00e5 leve uten bil.<\/p><p>Mange innbyggere - ikke bare fra Storbritannia, men ogs\u00e5 fra Belgia, Nederland og tysktalende land - bor her permanent eller p\u00e5 lang sikt. Boligene spenner fra leiligheter med havutsikt til rekkehus i boligkomplekser - med et stabilt marked, spesielt i de roligere bydelene Poniente og La Cala.<\/p><p>\u00a0<\/p>\t\t\t\t\t\t\t\t<\/div>\n\t\t\t\t<\/div>\n\t\t\t\t<\/div>\n\t\t\t\t\t<\/div>\n\t\t\t\t<\/div>\n\t\t<div class=\"elementor-element elementor-element-c9723e0 e-flex e-con-boxed e-con e-parent\" data-id=\"c9723e0\" data-element_type=\"container\" data-e-type=\"container\">\n\t\t\t\t\t<div class=\"e-con-inner\">\n\t\t<div class=\"elementor-element elementor-element-59a7283 e-con-full e-flex e-con e-child\" data-id=\"59a7283\" data-element_type=\"container\" data-e-type=\"container\">\n\t\t\t\t<div class=\"elementor-element elementor-element-9980222 elementor-widget elementor-widget-google_maps\" data-id=\"9980222\" data-element_type=\"widget\" data-e-type=\"widget\" data-widget_type=\"google_maps.default\">\n\t\t\t\t<div class=\"elementor-widget-container\">\n\t\t\t\t\t\t\t<div class=\"elementor-custom-embed\">\n\t\t\t<iframe loading=\"lazy\"\n\t\t\t\t\tsrc=\"https:\/\/maps.google.com\/maps?q=Benidorm&#038;t=m&#038;z=14&#038;output=embed&#038;iwloc=near\"\n\t\t\t\t\ttitle=\"Benidorm\"\n\t\t\t\t\taria-label=\"Benidorm\"\n\t\t\t><\/iframe>\n\t\t<\/div>\n\t\t\t\t\t\t<\/div>\n\t\t\t\t<\/div>\n\t\t\t\t<\/div>\n\t\t<div class=\"elementor-element elementor-element-61adb03 e-con-full e-flex e-con e-child\" data-id=\"61adb03\" data-element_type=\"container\" data-e-type=\"container\">\n\t\t\t\t<div class=\"elementor-element elementor-element-b5e6277 elementor-widget elementor-widget-text-editor\" data-id=\"b5e6277\" data-element_type=\"widget\" data-e-type=\"widget\" data-widget_type=\"text-editor.default\">\n\t\t\t\t<div class=\"elementor-widget-container\">\n\t\t\t\t\t\t\t\t\t<p><strong>\ud83d\udccc Kontakt og informasjon<\/strong><\/p><p><strong>Benidorm turistkontor<\/strong><br \/>\ud83d\udccd Av. Mart\u00ednez Alejos, 16 - 03501 Benidorm (Alicante)<br \/>\ud83d\udcde +34 966 81 36 84<br \/>\u2709\ufe0f benidorm@touristinfo.net<br \/>\ud83c\udf10 <a href=\"https:\/\/www.visitbenidorm.es\" target=\"_blank\" rel=\"noopener\">www.visitbenidorm.es<\/a><\/p><p>\u00a0<\/p>\t\t\t\t\t\t\t\t<\/div>\n\t\t\t\t<\/div>\n\t\t\t\t<\/div>\n\t\t\t\t\t<\/div>\n\t\t\t\t<\/div>\n\t\t<div class=\"elementor-element elementor-element-571f8c7 e-flex e-con-boxed e-con e-parent\" data-id=\"571f8c7\" data-element_type=\"container\" data-e-type=\"container\">\n\t\t\t\t\t<div class=\"e-con-inner\">\n\t\t\t\t<div class=\"elementor-element elementor-element-6b3926d elementor-widget elementor-widget-gallery\" data-id=\"6b3926d\" data-element_type=\"widget\" data-e-type=\"widget\" data-settings=\"{&quot;gallery_layout&quot;:&quot;justified&quot;,&quot;ideal_row_height&quot;:{&quot;unit&quot;:&quot;px&quot;,&quot;size&quot;:217,&quot;sizes&quot;:[]},&quot;gap&quot;:{&quot;unit&quot;:&quot;px&quot;,&quot;size&quot;:2,&quot;sizes&quot;:[]},&quot;lazyload&quot;:&quot;yes&quot;,&quot;ideal_row_height_tablet&quot;:{&quot;unit&quot;:&quot;px&quot;,&quot;size&quot;:150,&quot;sizes&quot;:[]},&quot;ideal_row_height_mobile&quot;:{&quot;unit&quot;:&quot;px&quot;,&quot;size&quot;:150,&quot;sizes&quot;:[]},&quot;gap_tablet&quot;:{&quot;unit&quot;:&quot;px&quot;,&quot;size&quot;:10,&quot;sizes&quot;:[]},&quot;gap_mobile&quot;:{&quot;unit&quot;:&quot;px&quot;,&quot;size&quot;:10,&quot;sizes&quot;:[]},&quot;link_to&quot;:&quot;file&quot;,&quot;overlay_background&quot;:&quot;yes&quot;,&quot;content_hover_animation&quot;:&quot;fade-in&quot;}\" data-widget_type=\"gallery.default\">\n\t\t\t\t<div class=\"elementor-widget-container\">\n\t\t\t\t\t\t\t<div class=\"elementor-gallery__container\">\n\t\t\t\t\t\t\t<a class=\"e-gallery-item elementor-gallery-item elementor-animated-content\" href=\"https:\/\/costablanca-magazin.com\/wp-content\/uploads\/2022\/09\/costablanca-lifestyle-benidorm-aqualandia-3.jpg\" data-elementor-open-lightbox=\"yes\" data-elementor-lightbox-slideshow=\"6b3926d\" data-elementor-lightbox-title=\"costablanca-lifestyle-benidorm-aqualandia (3)\" data-elementor-lightbox-description=\"Costa Blanca  Benidorm Aqualandia\" data-e-action-hash=\"#elementor-action%3Aaction%3Dlightbox%26settings%3DeyJpZCI6NjU2LCJ1cmwiOiJodHRwczpcL1wvY29zdGFibGFuY2EtbWFnYXppbi5jb21cL3dwLWNvbnRlbnRcL3VwbG9hZHNcLzIwMjJcLzA5XC9jb3N0YWJsYW5jYS1saWZlc3R5bGUtYmVuaWRvcm0tYXF1YWxhbmRpYS0zLmpwZyIsInNsaWRlc2hvdyI6IjZiMzkyNmQifQ%3D%3D\">\n\t\t\t\t\t<div class=\"e-gallery-image elementor-gallery-item__image\" data-thumbnail=\"https:\/\/costablanca-magazin.com\/wp-content\/uploads\/2022\/09\/costablanca-lifestyle-benidorm-aqualandia-3.jpg\" data-width=\"600\" data-height=\"600\" aria-label=\"Costa Blanca Benidorm Aqualandia 5\" role=\"img\" ><\/div>\n\t\t\t\t\t\t\t\t\t\t\t<div class=\"elementor-gallery-item__overlay\"><\/div>\n\t\t\t\t\t\t\t\t\t\t\t\t\t\t<\/a>\n\t\t\t\t\t\t\t<a class=\"e-gallery-item elementor-gallery-item elementor-animated-content\" href=\"https:\/\/costablanca-magazin.com\/wp-content\/uploads\/2024\/08\/Tapas-Benidorm-11.jpg\" data-elementor-open-lightbox=\"yes\" data-elementor-lightbox-slideshow=\"6b3926d\" data-elementor-lightbox-title=\"Tapas Benidorm (11)\" data-elementor-lightbox-description=\"Tapas-Gasse in der Altstadt von Benidorm\" data-e-action-hash=\"#elementor-action%3Aaction%3Dlightbox%26settings%3DeyJpZCI6MTgyNCwidXJsIjoiaHR0cHM6XC9cL2Nvc3RhYmxhbmNhLW1hZ2F6aW4uY29tXC93cC1jb250ZW50XC91cGxvYWRzXC8yMDI0XC8wOFwvVGFwYXMtQmVuaWRvcm0tMTEuanBnIiwic2xpZGVzaG93IjoiNmIzOTI2ZCJ9\">\n\t\t\t\t\t<div class=\"e-gallery-image elementor-gallery-item__image\" data-thumbnail=\"https:\/\/costablanca-magazin.com\/wp-content\/uploads\/2024\/08\/Tapas-Benidorm-11.jpg\" data-width=\"1200\" data-height=\"1200\" aria-label=\"Tapas-gaten i gamlebyen i Benidorm 13\" role=\"img\" ><\/div>\n\t\t\t\t\t\t\t\t\t\t\t<div class=\"elementor-gallery-item__overlay\"><\/div>\n\t\t\t\t\t\t\t\t\t\t\t\t\t\t<\/a>\n\t\t\t\t\t\t\t<a class=\"e-gallery-item elementor-gallery-item elementor-animated-content\" href=\"https:\/\/costablanca-magazin.com\/wp-content\/uploads\/2025\/05\/costablanca-lifestyle-benidorm-8.jpg\" data-elementor-open-lightbox=\"yes\" data-elementor-lightbox-slideshow=\"6b3926d\" data-elementor-lightbox-title=\"costablanca-lifestyle-benidorm (8)\" data-e-action-hash=\"#elementor-action%3Aaction%3Dlightbox%26settings%3DeyJpZCI6NzExMiwidXJsIjoiaHR0cHM6XC9cL2Nvc3RhYmxhbmNhLW1hZ2F6aW4uY29tXC93cC1jb250ZW50XC91cGxvYWRzXC8yMDI1XC8wNVwvY29zdGFibGFuY2EtbGlmZXN0eWxlLWJlbmlkb3JtLTguanBnIiwic2xpZGVzaG93IjoiNmIzOTI2ZCJ9\">\n\t\t\t\t\t<div class=\"e-gallery-image elementor-gallery-item__image\" data-thumbnail=\"https:\/\/costablanca-magazin.com\/wp-content\/uploads\/2025\/05\/costablanca-lifestyle-benidorm-8.jpg\" data-width=\"999\" data-height=\"666\" aria-label=\"costablanca mallorca 266\" role=\"img\" ><\/div>\n\t\t\t\t\t\t\t\t\t\t\t<div class=\"elementor-gallery-item__overlay\"><\/div>\n\t\t\t\t\t\t\t\t\t\t\t\t\t\t<\/a>\n\t\t\t\t\t\t\t<a class=\"e-gallery-item elementor-gallery-item elementor-animated-content\" href=\"https:\/\/costablanca-magazin.com\/wp-content\/uploads\/2025\/05\/20241012_165110.jpg\" data-elementor-open-lightbox=\"yes\" data-elementor-lightbox-slideshow=\"6b3926d\" data-elementor-lightbox-title=\"20241012_165110\" data-e-action-hash=\"#elementor-action%3Aaction%3Dlightbox%26settings%3DeyJpZCI6NzExMCwidXJsIjoiaHR0cHM6XC9cL2Nvc3RhYmxhbmNhLW1hZ2F6aW4uY29tXC93cC1jb250ZW50XC91cGxvYWRzXC8yMDI1XC8wNVwvMjAyNDEwMTJfMTY1MTEwLmpwZyIsInNsaWRlc2hvdyI6IjZiMzkyNmQifQ%3D%3D\">\n\t\t\t\t\t<div class=\"e-gallery-image elementor-gallery-item__image\" data-thumbnail=\"https:\/\/costablanca-magazin.com\/wp-content\/uploads\/2025\/05\/20241012_165110.jpg\" data-width=\"473\" data-height=\"1000\" aria-label=\"costablanca mallorca 264\" role=\"img\" ><\/div>\n\t\t\t\t\t\t\t\t\t\t\t<div class=\"elementor-gallery-item__overlay\"><\/div>\n\t\t\t\t\t\t\t\t\t\t\t\t\t\t<\/a>\n\t\t\t\t\t\t\t<a class=\"e-gallery-item elementor-gallery-item elementor-animated-content\" href=\"https:\/\/costablanca-magazin.com\/wp-content\/uploads\/2025\/05\/IMG-20241012-WA0032.jpg\" data-elementor-open-lightbox=\"yes\" data-elementor-lightbox-slideshow=\"6b3926d\" data-elementor-lightbox-title=\"IMG-20241012-WA0032\" data-e-action-hash=\"#elementor-action%3Aaction%3Dlightbox%26settings%3DeyJpZCI6NzExNSwidXJsIjoiaHR0cHM6XC9cL2Nvc3RhYmxhbmNhLW1hZ2F6aW4uY29tXC93cC1jb250ZW50XC91cGxvYWRzXC8yMDI1XC8wNVwvSU1HLTIwMjQxMDEyLVdBMDAzMi5qcGciLCJzbGlkZXNob3ciOiI2YjM5MjZkIn0%3D\">\n\t\t\t\t\t<div class=\"e-gallery-image elementor-gallery-item__image\" data-thumbnail=\"https:\/\/costablanca-magazin.com\/wp-content\/uploads\/2025\/05\/IMG-20241012-WA0032.jpg\" data-width=\"1000\" data-height=\"473\" aria-label=\"costablanca mallorca 269\" role=\"img\" ><\/div>\n\t\t\t\t\t\t\t\t\t\t\t<div class=\"elementor-gallery-item__overlay\"><\/div>\n\t\t\t\t\t\t\t\t\t\t\t\t\t\t<\/a>\n\t\t\t\t\t\t\t<a class=\"e-gallery-item elementor-gallery-item elementor-animated-content\" href=\"https:\/\/costablanca-magazin.com\/wp-content\/uploads\/2023\/01\/costa-blanca-benidorm-nachts-2-scaled-1.jpg\" data-elementor-open-lightbox=\"yes\" data-elementor-lightbox-slideshow=\"6b3926d\" data-elementor-lightbox-title=\"costa-blanca-benidorm-nachts (2)\" data-e-action-hash=\"#elementor-action%3Aaction%3Dlightbox%26settings%3DeyJpZCI6OTc0LCJ1cmwiOiJodHRwczpcL1wvY29zdGFibGFuY2EtbWFnYXppbi5jb21cL3dwLWNvbnRlbnRcL3VwbG9hZHNcLzIwMjNcLzAxXC9jb3N0YS1ibGFuY2EtYmVuaWRvcm0tbmFjaHRzLTItc2NhbGVkLTEuanBnIiwic2xpZGVzaG93IjoiNmIzOTI2ZCJ9\">\n\t\t\t\t\t<div class=\"e-gallery-image elementor-gallery-item__image\" data-thumbnail=\"https:\/\/costablanca-magazin.com\/wp-content\/uploads\/2023\/01\/costa-blanca-benidorm-nachts-2-scaled-1-2048x2048.jpg\" data-width=\"2048\" data-height=\"2048\" aria-label=\"costablanca mallorca 91\" role=\"img\" ><\/div>\n\t\t\t\t\t\t\t\t\t\t\t<div class=\"elementor-gallery-item__overlay\"><\/div>\n\t\t\t\t\t\t\t\t\t\t\t\t\t\t<\/a>\n\t\t\t\t\t\t\t<a class=\"e-gallery-item elementor-gallery-item elementor-animated-content\" href=\"https:\/\/costablanca-magazin.com\/wp-content\/uploads\/2024\/08\/view-of-benidorm-city-and-mediterranean-coast-of-s-2023-11-27-04-49-05-utc.jpg\" data-elementor-open-lightbox=\"yes\" data-elementor-lightbox-slideshow=\"6b3926d\" data-elementor-lightbox-title=\"view-of-benidorm-city-and-mediterranean-coast-of-s-2023-11-27-04-49-05-utc\" data-e-action-hash=\"#elementor-action%3Aaction%3Dlightbox%26settings%3DeyJpZCI6MTgyOCwidXJsIjoiaHR0cHM6XC9cL2Nvc3RhYmxhbmNhLW1hZ2F6aW4uY29tXC93cC1jb250ZW50XC91cGxvYWRzXC8yMDI0XC8wOFwvdmlldy1vZi1iZW5pZG9ybS1jaXR5LWFuZC1tZWRpdGVycmFuZWFuLWNvYXN0LW9mLXMtMjAyMy0xMS0yNy0wNC00OS0wNS11dGMuanBnIiwic2xpZGVzaG93IjoiNmIzOTI2ZCJ9\">\n\t\t\t\t\t<div class=\"e-gallery-image elementor-gallery-item__image\" data-thumbnail=\"https:\/\/costablanca-magazin.com\/wp-content\/uploads\/2024\/08\/view-of-benidorm-city-and-mediterranean-coast-of-s-2023-11-27-04-49-05-utc.jpg\" data-width=\"1200\" data-height=\"674\" aria-label=\"costablanca mallorca 170\" role=\"img\" ><\/div>\n\t\t\t\t\t\t\t\t\t\t\t<div class=\"elementor-gallery-item__overlay\"><\/div>\n\t\t\t\t\t\t\t\t\t\t\t\t\t\t<\/a>\n\t\t\t\t\t\t\t<a class=\"e-gallery-item elementor-gallery-item elementor-animated-content\" href=\"https:\/\/costablanca-magazin.com\/wp-content\/uploads\/2024\/08\/Tapas-Benidorm-9.jpg\" data-elementor-open-lightbox=\"yes\" data-elementor-lightbox-slideshow=\"6b3926d\" data-elementor-lightbox-title=\"Tapas Benidorm (9)\" data-elementor-lightbox-description=\"Tapas-Gasse in der Altstadt von Benidorm\" data-e-action-hash=\"#elementor-action%3Aaction%3Dlightbox%26settings%3DeyJpZCI6MTgyMiwidXJsIjoiaHR0cHM6XC9cL2Nvc3RhYmxhbmNhLW1hZ2F6aW4uY29tXC93cC1jb250ZW50XC91cGxvYWRzXC8yMDI0XC8wOFwvVGFwYXMtQmVuaWRvcm0tOS5qcGciLCJzbGlkZXNob3ciOiI2YjM5MjZkIn0%3D\">\n\t\t\t\t\t<div class=\"e-gallery-image elementor-gallery-item__image\" data-thumbnail=\"https:\/\/costablanca-magazin.com\/wp-content\/uploads\/2024\/08\/Tapas-Benidorm-9.jpg\" data-width=\"1200\" data-height=\"1200\" aria-label=\"Tapas-gaten i gamlebyen i Benidorm 11\" role=\"img\" ><\/div>\n\t\t\t\t\t\t\t\t\t\t\t<div class=\"elementor-gallery-item__overlay\"><\/div>\n\t\t\t\t\t\t\t\t\t\t\t\t\t\t<\/a>\n\t\t\t\t\t\t\t<a class=\"e-gallery-item elementor-gallery-item elementor-animated-content\" href=\"https:\/\/costablanca-magazin.com\/wp-content\/uploads\/2025\/05\/Stierkampf-Benidorm.jpg\" data-elementor-open-lightbox=\"yes\" data-elementor-lightbox-slideshow=\"6b3926d\" data-elementor-lightbox-title=\"Kultur auf allen B\u00fchnen:  Auditorien &amp;  Open-Air-Arenen\" data-elementor-lightbox-description=\"Kultur auf allen B\u00fchnen: Auditorien &amp; Open-Air-Arenen\" data-e-action-hash=\"#elementor-action%3Aaction%3Dlightbox%26settings%3DeyJpZCI6NzAxNiwidXJsIjoiaHR0cHM6XC9cL2Nvc3RhYmxhbmNhLW1hZ2F6aW4uY29tXC93cC1jb250ZW50XC91cGxvYWRzXC8yMDI1XC8wNVwvU3RpZXJrYW1wZi1CZW5pZG9ybS5qcGciLCJzbGlkZXNob3ciOiI2YjM5MjZkIn0%3D\">\n\t\t\t\t\t<div class=\"e-gallery-image elementor-gallery-item__image\" data-thumbnail=\"https:\/\/costablanca-magazin.com\/wp-content\/uploads\/2025\/05\/Stierkampf-Benidorm.jpg\" data-width=\"1200\" data-height=\"671\" aria-label=\"Kultur p\u00e5 alle scener: auditorier og friluftsarenaer 7\" role=\"img\" ><\/div>\n\t\t\t\t\t\t\t\t\t\t\t<div class=\"elementor-gallery-item__overlay\"><\/div>\n\t\t\t\t\t\t\t\t\t\t\t\t\t\t<\/a>\n\t\t\t\t\t\t\t<a class=\"e-gallery-item elementor-gallery-item elementor-animated-content\" href=\"https:\/\/costablanca-magazin.com\/wp-content\/uploads\/2025\/05\/strand-benidorm-costablanca-magazin-1.jpg\" data-elementor-open-lightbox=\"yes\" data-elementor-lightbox-slideshow=\"6b3926d\" data-elementor-lightbox-title=\"strand-benidorm-costablanca-magazin (1)\" data-e-action-hash=\"#elementor-action%3Aaction%3Dlightbox%26settings%3DeyJpZCI6NzEyMSwidXJsIjoiaHR0cHM6XC9cL2Nvc3RhYmxhbmNhLW1hZ2F6aW4uY29tXC93cC1jb250ZW50XC91cGxvYWRzXC8yMDI1XC8wNVwvc3RyYW5kLWJlbmlkb3JtLWNvc3RhYmxhbmNhLW1hZ2F6aW4tMS5qcGciLCJzbGlkZXNob3ciOiI2YjM5MjZkIn0%3D\">\n\t\t\t\t\t<div class=\"e-gallery-image elementor-gallery-item__image\" data-thumbnail=\"https:\/\/costablanca-magazin.com\/wp-content\/uploads\/2025\/05\/strand-benidorm-costablanca-magazin-1.jpg\" data-width=\"1000\" data-height=\"750\" aria-label=\"costablanca mallorca 274\" role=\"img\" ><\/div>\n\t\t\t\t\t\t\t\t\t\t\t<div class=\"elementor-gallery-item__overlay\"><\/div>\n\t\t\t\t\t\t\t\t\t\t\t\t\t\t<\/a>\n\t\t\t\t\t\t\t<a class=\"e-gallery-item elementor-gallery-item elementor-animated-content\" href=\"https:\/\/costablanca-magazin.com\/wp-content\/uploads\/2025\/05\/costa-blanca-lifestyle-benidorm-1.jpg\" data-elementor-open-lightbox=\"yes\" data-elementor-lightbox-slideshow=\"6b3926d\" data-elementor-lightbox-title=\"costa-blanca-lifestyle-benidorm (1)\" data-e-action-hash=\"#elementor-action%3Aaction%3Dlightbox%26settings%3DeyJpZCI6NzExMSwidXJsIjoiaHR0cHM6XC9cL2Nvc3RhYmxhbmNhLW1hZ2F6aW4uY29tXC93cC1jb250ZW50XC91cGxvYWRzXC8yMDI1XC8wNVwvY29zdGEtYmxhbmNhLWxpZmVzdHlsZS1iZW5pZG9ybS0xLmpwZyIsInNsaWRlc2hvdyI6IjZiMzkyNmQifQ%3D%3D\">\n\t\t\t\t\t<div class=\"e-gallery-image elementor-gallery-item__image\" data-thumbnail=\"https:\/\/costablanca-magazin.com\/wp-content\/uploads\/2025\/05\/costa-blanca-lifestyle-benidorm-1.jpg\" data-width=\"1000\" data-height=\"750\" aria-label=\"costablanca mallorca 265\" role=\"img\" ><\/div>\n\t\t\t\t\t\t\t\t\t\t\t<div class=\"elementor-gallery-item__overlay\"><\/div>\n\t\t\t\t\t\t\t\t\t\t\t\t\t\t<\/a>\n\t\t\t\t\t\t\t<a class=\"e-gallery-item elementor-gallery-item elementor-animated-content\" href=\"https:\/\/costablanca-magazin.com\/wp-content\/uploads\/2022\/09\/costablanca-lifestyle-benidorm-terra-mitica-1.jpg\" data-elementor-open-lightbox=\"yes\" data-elementor-lightbox-slideshow=\"6b3926d\" data-elementor-lightbox-title=\"costablanca-lifestyle-benidorm-terra-mitica (1)\" data-elementor-lightbox-description=\"costablanca-lifestyle-benidorm-terra-mitica\" data-e-action-hash=\"#elementor-action%3Aaction%3Dlightbox%26settings%3DeyJpZCI6NjYwLCJ1cmwiOiJodHRwczpcL1wvY29zdGFibGFuY2EtbWFnYXppbi5jb21cL3dwLWNvbnRlbnRcL3VwbG9hZHNcLzIwMjJcLzA5XC9jb3N0YWJsYW5jYS1saWZlc3R5bGUtYmVuaWRvcm0tdGVycmEtbWl0aWNhLTEuanBnIiwic2xpZGVzaG93IjoiNmIzOTI2ZCJ9\">\n\t\t\t\t\t<div class=\"e-gallery-image elementor-gallery-item__image\" data-thumbnail=\"https:\/\/costablanca-magazin.com\/wp-content\/uploads\/2022\/09\/costablanca-lifestyle-benidorm-terra-mitica-1.jpg\" data-width=\"600\" data-height=\"600\" aria-label=\"costablanca-livsstil-benidorm-terra-mitica\" role=\"img\" ><\/div>\n\t\t\t\t\t\t\t\t\t\t\t<div class=\"elementor-gallery-item__overlay\"><\/div>\n\t\t\t\t\t\t\t\t\t\t\t\t\t\t<\/a>\n\t\t\t\t\t\t\t<a class=\"e-gallery-item elementor-gallery-item elementor-animated-content\" href=\"https:\/\/costablanca-magazin.com\/wp-content\/uploads\/2023\/04\/Costa-Blanca-Benidorm-straende-altstadt-2.jpg\" data-elementor-open-lightbox=\"yes\" data-elementor-lightbox-slideshow=\"6b3926d\" data-elementor-lightbox-title=\"Costa-Blanca-Benidorm-str\u00e4nde-altstadt (2)\" data-elementor-lightbox-description=\"Benidorm Altstadt balkon mit Kunst \" data-e-action-hash=\"#elementor-action%3Aaction%3Dlightbox%26settings%3DeyJpZCI6MTMxNSwidXJsIjoiaHR0cHM6XC9cL2Nvc3RhYmxhbmNhLW1hZ2F6aW4uY29tXC93cC1jb250ZW50XC91cGxvYWRzXC8yMDIzXC8wNFwvQ29zdGEtQmxhbmNhLUJlbmlkb3JtLXN0cmFlbmRlLWFsdHN0YWR0LTIuanBnIiwic2xpZGVzaG93IjoiNmIzOTI2ZCJ9\">\n\t\t\t\t\t<div class=\"e-gallery-image elementor-gallery-item__image\" data-thumbnail=\"https:\/\/costablanca-magazin.com\/wp-content\/uploads\/2023\/04\/Costa-Blanca-Benidorm-straende-altstadt-2.jpg\" data-width=\"450\" data-height=\"600\" aria-label=\"Benidorm gamleby balkong med kunst 1\" role=\"img\" ><\/div>\n\t\t\t\t\t\t\t\t\t\t\t<div class=\"elementor-gallery-item__overlay\"><\/div>\n\t\t\t\t\t\t\t\t\t\t\t\t\t\t<\/a>\n\t\t\t\t\t\t\t<a class=\"e-gallery-item elementor-gallery-item elementor-animated-content\" href=\"https:\/\/costablanca-magazin.com\/wp-content\/uploads\/2025\/05\/20241012_150601.jpg\" data-elementor-open-lightbox=\"yes\" data-elementor-lightbox-slideshow=\"6b3926d\" data-elementor-lightbox-title=\"20241012_150601\" data-e-action-hash=\"#elementor-action%3Aaction%3Dlightbox%26settings%3DeyJpZCI6NzEwOSwidXJsIjoiaHR0cHM6XC9cL2Nvc3RhYmxhbmNhLW1hZ2F6aW4uY29tXC93cC1jb250ZW50XC91cGxvYWRzXC8yMDI1XC8wNVwvMjAyNDEwMTJfMTUwNjAxLmpwZyIsInNsaWRlc2hvdyI6IjZiMzkyNmQifQ%3D%3D\">\n\t\t\t\t\t<div class=\"e-gallery-image elementor-gallery-item__image\" data-thumbnail=\"https:\/\/costablanca-magazin.com\/wp-content\/uploads\/2025\/05\/20241012_150601.jpg\" data-width=\"473\" data-height=\"1000\" aria-label=\"costablanca mallorca 263\" role=\"img\" ><\/div>\n\t\t\t\t\t\t\t\t\t\t\t<div class=\"elementor-gallery-item__overlay\"><\/div>\n\t\t\t\t\t\t\t\t\t\t\t\t\t\t<\/a>\n\t\t\t\t\t\t\t<a class=\"e-gallery-item elementor-gallery-item elementor-animated-content\" href=\"https:\/\/costablanca-magazin.com\/wp-content\/uploads\/2024\/10\/view-of-benidorm-from-sierra-helada-2023-11-27-05-29-59-utc-scaled.jpg\" data-elementor-open-lightbox=\"yes\" data-elementor-lightbox-slideshow=\"6b3926d\" data-elementor-lightbox-title=\"Wandern an der Costa Blanca:  Ein Paradies f\u00fcr  Natur- und  Kulturbegeisterte\" data-elementor-lightbox-description=\"Wandern an der Costa Blanca: Ein Paradies f\u00fcr Natur- und Kulturbegeisterte\" data-e-action-hash=\"#elementor-action%3Aaction%3Dlightbox%26settings%3DeyJpZCI6MjcxNSwidXJsIjoiaHR0cHM6XC9cL2Nvc3RhYmxhbmNhLW1hZ2F6aW4uY29tXC93cC1jb250ZW50XC91cGxvYWRzXC8yMDI0XC8xMFwvdmlldy1vZi1iZW5pZG9ybS1mcm9tLXNpZXJyYS1oZWxhZGEtMjAyMy0xMS0yNy0wNS0yOS01OS11dGMtc2NhbGVkLmpwZyIsInNsaWRlc2hvdyI6IjZiMzkyNmQifQ%3D%3D\">\n\t\t\t\t\t<div class=\"e-gallery-image elementor-gallery-item__image\" data-thumbnail=\"https:\/\/costablanca-magazin.com\/wp-content\/uploads\/2024\/10\/view-of-benidorm-from-sierra-helada-2023-11-27-05-29-59-utc-2048x1365.jpg\" data-width=\"2048\" data-height=\"1365\" aria-label=\"Vandring p\u00e5 Costa Blanca: Et paradis for natur- og kulturinteresserte 17\" role=\"img\" ><\/div>\n\t\t\t\t\t\t\t\t\t\t\t<div class=\"elementor-gallery-item__overlay\"><\/div>\n\t\t\t\t\t\t\t\t\t\t\t\t\t\t<\/a>\n\t\t\t\t\t\t\t<a class=\"e-gallery-item elementor-gallery-item elementor-animated-content\" href=\"https:\/\/costablanca-magazin.com\/wp-content\/uploads\/2024\/08\/Tapas-Benidorm-4.jpg\" data-elementor-open-lightbox=\"yes\" data-elementor-lightbox-slideshow=\"6b3926d\" data-elementor-lightbox-title=\"Tapas Benidorm (4)\" data-elementor-lightbox-description=\"Tapas-Gasse in der Altstadt von Benidorm\" data-e-action-hash=\"#elementor-action%3Aaction%3Dlightbox%26settings%3DeyJpZCI6MTgxNywidXJsIjoiaHR0cHM6XC9cL2Nvc3RhYmxhbmNhLW1hZ2F6aW4uY29tXC93cC1jb250ZW50XC91cGxvYWRzXC8yMDI0XC8wOFwvVGFwYXMtQmVuaWRvcm0tNC5qcGciLCJzbGlkZXNob3ciOiI2YjM5MjZkIn0%3D\">\n\t\t\t\t\t<div class=\"e-gallery-image elementor-gallery-item__image\" data-thumbnail=\"https:\/\/costablanca-magazin.com\/wp-content\/uploads\/2024\/08\/Tapas-Benidorm-4.jpg\" data-width=\"1200\" data-height=\"1200\" aria-label=\"Tapas-gaten i gamlebyen i Benidorm 6\" role=\"img\" ><\/div>\n\t\t\t\t\t\t\t\t\t\t\t<div class=\"elementor-gallery-item__overlay\"><\/div>\n\t\t\t\t\t\t\t\t\t\t\t\t\t\t<\/a>\n\t\t\t\t\t\t\t<a class=\"e-gallery-item elementor-gallery-item elementor-animated-content\" href=\"https:\/\/costablanca-magazin.com\/wp-content\/uploads\/2025\/05\/costablanca-lifestyle-benidorm-18.jpg\" data-elementor-open-lightbox=\"yes\" data-elementor-lightbox-slideshow=\"6b3926d\" data-elementor-lightbox-title=\"Benidorm \u2013 Wo Geschichte  auf Hochh\u00e4user trifft\" data-elementor-lightbox-description=\"Benidorm \u2013 Wo Geschichte auf Hochh\u00e4user trifft\" data-e-action-hash=\"#elementor-action%3Aaction%3Dlightbox%26settings%3DeyJpZCI6NzExNywidXJsIjoiaHR0cHM6XC9cL2Nvc3RhYmxhbmNhLW1hZ2F6aW4uY29tXC93cC1jb250ZW50XC91cGxvYWRzXC8yMDI1XC8wNVwvY29zdGFibGFuY2EtbGlmZXN0eWxlLWJlbmlkb3JtLTE4LmpwZyIsInNsaWRlc2hvdyI6IjZiMzkyNmQifQ%3D%3D\">\n\t\t\t\t\t<div class=\"e-gallery-image elementor-gallery-item__image\" data-thumbnail=\"https:\/\/costablanca-magazin.com\/wp-content\/uploads\/2025\/05\/costablanca-lifestyle-benidorm-18.jpg\" data-width=\"1000\" data-height=\"1000\" aria-label=\"Benidorm - der historie m\u00f8ter skyskrapere\" role=\"img\" ><\/div>\n\t\t\t\t\t\t\t\t\t\t\t<div class=\"elementor-gallery-item__overlay\"><\/div>\n\t\t\t\t\t\t\t\t\t\t\t\t\t\t<\/a>\n\t\t\t\t\t\t\t<a class=\"e-gallery-item elementor-gallery-item elementor-animated-content\" href=\"https:\/\/costablanca-magazin.com\/wp-content\/uploads\/2024\/08\/Tapas-Benidorm-2.jpg\" data-elementor-open-lightbox=\"yes\" data-elementor-lightbox-slideshow=\"6b3926d\" data-elementor-lightbox-title=\"Tapas Benidorm (2)\" data-elementor-lightbox-description=\"Tapas-Gasse in der Altstadt von Benidorm\" data-e-action-hash=\"#elementor-action%3Aaction%3Dlightbox%26settings%3DeyJpZCI6MTgxNSwidXJsIjoiaHR0cHM6XC9cL2Nvc3RhYmxhbmNhLW1hZ2F6aW4uY29tXC93cC1jb250ZW50XC91cGxvYWRzXC8yMDI0XC8wOFwvVGFwYXMtQmVuaWRvcm0tMi5qcGciLCJzbGlkZXNob3ciOiI2YjM5MjZkIn0%3D\">\n\t\t\t\t\t<div class=\"e-gallery-image elementor-gallery-item__image\" data-thumbnail=\"https:\/\/costablanca-magazin.com\/wp-content\/uploads\/2024\/08\/Tapas-Benidorm-2.jpg\" data-width=\"1200\" data-height=\"1200\" aria-label=\"Tapas-gaten i gamlebyen i Benidorm 4\" role=\"img\" ><\/div>\n\t\t\t\t\t\t\t\t\t\t\t<div class=\"elementor-gallery-item__overlay\"><\/div>\n\t\t\t\t\t\t\t\t\t\t\t\t\t\t<\/a>\n\t\t\t\t\t\t\t<a class=\"e-gallery-item elementor-gallery-item elementor-animated-content\" href=\"https:\/\/costablanca-magazin.com\/wp-content\/uploads\/2025\/05\/costablanca-lifestyle-benidorm-10.jpg\" data-elementor-open-lightbox=\"yes\" data-elementor-lightbox-slideshow=\"6b3926d\" data-elementor-lightbox-title=\"costablanca-lifestyle-benidorm (10)\" data-e-action-hash=\"#elementor-action%3Aaction%3Dlightbox%26settings%3DeyJpZCI6NzExNCwidXJsIjoiaHR0cHM6XC9cL2Nvc3RhYmxhbmNhLW1hZ2F6aW4uY29tXC93cC1jb250ZW50XC91cGxvYWRzXC8yMDI1XC8wNVwvY29zdGFibGFuY2EtbGlmZXN0eWxlLWJlbmlkb3JtLTEwLmpwZyIsInNsaWRlc2hvdyI6IjZiMzkyNmQifQ%3D%3D\">\n\t\t\t\t\t<div class=\"e-gallery-image elementor-gallery-item__image\" data-thumbnail=\"https:\/\/costablanca-magazin.com\/wp-content\/uploads\/2025\/05\/costablanca-lifestyle-benidorm-10.jpg\" data-width=\"666\" data-height=\"999\" aria-label=\"costablanca mallorca 268\" role=\"img\" ><\/div>\n\t\t\t\t\t\t\t\t\t\t\t<div class=\"elementor-gallery-item__overlay\"><\/div>\n\t\t\t\t\t\t\t\t\t\t\t\t\t\t<\/a>\n\t\t\t\t\t\t\t<a class=\"e-gallery-item elementor-gallery-item elementor-animated-content\" href=\"https:\/\/costablanca-magazin.com\/wp-content\/uploads\/2022\/09\/costablanca-lifestyle-benidorm-aqualandia-1.jpg\" data-elementor-open-lightbox=\"yes\" data-elementor-lightbox-slideshow=\"6b3926d\" data-elementor-lightbox-title=\"costablanca-lifestyle-benidorm-aqualandia (1)\" data-elementor-lightbox-description=\"Costa Blanca  Benidorm Aqualandia\" data-e-action-hash=\"#elementor-action%3Aaction%3Dlightbox%26settings%3DeyJpZCI6NjU0LCJ1cmwiOiJodHRwczpcL1wvY29zdGFibGFuY2EtbWFnYXppbi5jb21cL3dwLWNvbnRlbnRcL3VwbG9hZHNcLzIwMjJcLzA5XC9jb3N0YWJsYW5jYS1saWZlc3R5bGUtYmVuaWRvcm0tYXF1YWxhbmRpYS0xLmpwZyIsInNsaWRlc2hvdyI6IjZiMzkyNmQifQ%3D%3D\">\n\t\t\t\t\t<div class=\"e-gallery-image elementor-gallery-item__image\" data-thumbnail=\"https:\/\/costablanca-magazin.com\/wp-content\/uploads\/2022\/09\/costablanca-lifestyle-benidorm-aqualandia-1.jpg\" data-width=\"600\" data-height=\"600\" aria-label=\"Costa Blanca Benidorm Aqualandia 1\" role=\"img\" ><\/div>\n\t\t\t\t\t\t\t\t\t\t\t<div class=\"elementor-gallery-item__overlay\"><\/div>\n\t\t\t\t\t\t\t\t\t\t\t\t\t\t<\/a>\n\t\t\t\t\t\t\t<a class=\"e-gallery-item elementor-gallery-item elementor-animated-content\" href=\"https:\/\/costablanca-magazin.com\/wp-content\/uploads\/2025\/05\/costablanca-lifestyle-benidorm-9.jpg\" data-elementor-open-lightbox=\"yes\" data-elementor-lightbox-slideshow=\"6b3926d\" data-elementor-lightbox-title=\"costablanca-lifestyle-benidorm (9)\" data-e-action-hash=\"#elementor-action%3Aaction%3Dlightbox%26settings%3DeyJpZCI6NzExMywidXJsIjoiaHR0cHM6XC9cL2Nvc3RhYmxhbmNhLW1hZ2F6aW4uY29tXC93cC1jb250ZW50XC91cGxvYWRzXC8yMDI1XC8wNVwvY29zdGFibGFuY2EtbGlmZXN0eWxlLWJlbmlkb3JtLTkuanBnIiwic2xpZGVzaG93IjoiNmIzOTI2ZCJ9\">\n\t\t\t\t\t<div class=\"e-gallery-image elementor-gallery-item__image\" data-thumbnail=\"https:\/\/costablanca-magazin.com\/wp-content\/uploads\/2025\/05\/costablanca-lifestyle-benidorm-9.jpg\" data-width=\"666\" data-height=\"999\" aria-label=\"costablanca mallorca 267\" role=\"img\" ><\/div>\n\t\t\t\t\t\t\t\t\t\t\t<div class=\"elementor-gallery-item__overlay\"><\/div>\n\t\t\t\t\t\t\t\t\t\t\t\t\t\t<\/a>\n\t\t\t\t\t\t\t<a class=\"e-gallery-item elementor-gallery-item elementor-animated-content\" href=\"https:\/\/costablanca-magazin.com\/wp-content\/uploads\/2025\/05\/strand-benidorm-costablanca-magazin-5.jpg\" data-elementor-open-lightbox=\"yes\" data-elementor-lightbox-slideshow=\"6b3926d\" data-elementor-lightbox-title=\"strand-benidorm-costablanca-magazin (5)\" data-e-action-hash=\"#elementor-action%3Aaction%3Dlightbox%26settings%3DeyJpZCI6NzEyMCwidXJsIjoiaHR0cHM6XC9cL2Nvc3RhYmxhbmNhLW1hZ2F6aW4uY29tXC93cC1jb250ZW50XC91cGxvYWRzXC8yMDI1XC8wNVwvc3RyYW5kLWJlbmlkb3JtLWNvc3RhYmxhbmNhLW1hZ2F6aW4tNS5qcGciLCJzbGlkZXNob3ciOiI2YjM5MjZkIn0%3D\">\n\t\t\t\t\t<div class=\"e-gallery-image elementor-gallery-item__image\" data-thumbnail=\"https:\/\/costablanca-magazin.com\/wp-content\/uploads\/2025\/05\/strand-benidorm-costablanca-magazin-5.jpg\" data-width=\"1000\" data-height=\"750\" aria-label=\"costablanca mallorca 273\" role=\"img\" ><\/div>\n\t\t\t\t\t\t\t\t\t\t\t<div class=\"elementor-gallery-item__overlay\"><\/div>\n\t\t\t\t\t\t\t\t\t\t\t\t\t\t<\/a>\n\t\t\t\t\t\t\t<a class=\"e-gallery-item elementor-gallery-item elementor-animated-content\" href=\"https:\/\/costablanca-magazin.com\/wp-content\/uploads\/2025\/05\/strand-benidorm-costablanca-magazin-4.jpg\" data-elementor-open-lightbox=\"yes\" data-elementor-lightbox-slideshow=\"6b3926d\" data-elementor-lightbox-title=\"strand-benidorm-costablanca-magazin (4)\" data-e-action-hash=\"#elementor-action%3Aaction%3Dlightbox%26settings%3DeyJpZCI6NzExOSwidXJsIjoiaHR0cHM6XC9cL2Nvc3RhYmxhbmNhLW1hZ2F6aW4uY29tXC93cC1jb250ZW50XC91cGxvYWRzXC8yMDI1XC8wNVwvc3RyYW5kLWJlbmlkb3JtLWNvc3RhYmxhbmNhLW1hZ2F6aW4tNC5qcGciLCJzbGlkZXNob3ciOiI2YjM5MjZkIn0%3D\">\n\t\t\t\t\t<div class=\"e-gallery-image elementor-gallery-item__image\" data-thumbnail=\"https:\/\/costablanca-magazin.com\/wp-content\/uploads\/2025\/05\/strand-benidorm-costablanca-magazin-4.jpg\" data-width=\"1000\" data-height=\"750\" aria-label=\"costablanca mallorca 272\" role=\"img\" ><\/div>\n\t\t\t\t\t\t\t\t\t\t\t<div class=\"elementor-gallery-item__overlay\"><\/div>\n\t\t\t\t\t\t\t\t\t\t\t\t\t\t<\/a>\n\t\t\t\t\t\t\t<a class=\"e-gallery-item elementor-gallery-item elementor-animated-content\" href=\"https:\/\/costablanca-magazin.com\/wp-content\/uploads\/2025\/05\/IMG-20241012-WA0033.jpg\" data-elementor-open-lightbox=\"yes\" data-elementor-lightbox-slideshow=\"6b3926d\" data-elementor-lightbox-title=\"IMG-20241012-WA0033\" data-e-action-hash=\"#elementor-action%3Aaction%3Dlightbox%26settings%3DeyJpZCI6NzExNiwidXJsIjoiaHR0cHM6XC9cL2Nvc3RhYmxhbmNhLW1hZ2F6aW4uY29tXC93cC1jb250ZW50XC91cGxvYWRzXC8yMDI1XC8wNVwvSU1HLTIwMjQxMDEyLVdBMDAzMy5qcGciLCJzbGlkZXNob3ciOiI2YjM5MjZkIn0%3D\">\n\t\t\t\t\t<div class=\"e-gallery-image elementor-gallery-item__image\" data-thumbnail=\"https:\/\/costablanca-magazin.com\/wp-content\/uploads\/2025\/05\/IMG-20241012-WA0033.jpg\" data-width=\"1000\" data-height=\"473\" aria-label=\"costablanca mallorca 270\" role=\"img\" ><\/div>\n\t\t\t\t\t\t\t\t\t\t\t<div class=\"elementor-gallery-item__overlay\"><\/div>\n\t\t\t\t\t\t\t\t\t\t\t\t\t\t<\/a>\n\t\t\t\t\t\t\t<a class=\"e-gallery-item elementor-gallery-item elementor-animated-content\" href=\"https:\/\/costablanca-magazin.com\/wp-content\/uploads\/2025\/05\/costablanca-lifestyle-benidorm-sonnenuntergang-1.jpg\" data-elementor-open-lightbox=\"yes\" data-elementor-lightbox-slideshow=\"6b3926d\" data-elementor-lightbox-title=\"costablanca-lifestyle-benidorm-sonnenuntergang (1)\" data-e-action-hash=\"#elementor-action%3Aaction%3Dlightbox%26settings%3DeyJpZCI6NzExOCwidXJsIjoiaHR0cHM6XC9cL2Nvc3RhYmxhbmNhLW1hZ2F6aW4uY29tXC93cC1jb250ZW50XC91cGxvYWRzXC8yMDI1XC8wNVwvY29zdGFibGFuY2EtbGlmZXN0eWxlLWJlbmlkb3JtLXNvbm5lbnVudGVyZ2FuZy0xLmpwZyIsInNsaWRlc2hvdyI6IjZiMzkyNmQifQ%3D%3D\">\n\t\t\t\t\t<div class=\"e-gallery-image elementor-gallery-item__image\" data-thumbnail=\"https:\/\/costablanca-magazin.com\/wp-content\/uploads\/2025\/05\/costablanca-lifestyle-benidorm-sonnenuntergang-1.jpg\" data-width=\"1000\" data-height=\"736\" aria-label=\"costablanca mallorca 271\" role=\"img\" ><\/div>\n\t\t\t\t\t\t\t\t\t\t\t<div class=\"elementor-gallery-item__overlay\"><\/div>\n\t\t\t\t\t\t\t\t\t\t\t\t\t\t<\/a>\n\t\t\t\t\t<\/div>\n\t\t\t\t\t<\/div>\n\t\t\t\t<\/div>\n\t\t\t\t\t<\/div>\n\t\t\t\t<\/div>\n\t\t<div class=\"elementor-element elementor-element-f0c52ed e-flex e-con-boxed e-con e-parent\" data-id=\"f0c52ed\" data-element_type=\"container\" data-e-type=\"container\">\n\t\t\t\t\t<div class=\"e-con-inner\">\n\t\t\t\t<div class=\"elementor-element elementor-element-e6c7291 elementor-grid-3 elementor-grid-tablet-2 elementor-grid-mobile-1 elementor-posts--thumbnail-top elementor-posts--show-avatar elementor-card-shadow-yes elementor-posts__hover-gradient elementor-widget elementor-widget-posts\" data-id=\"e6c7291\" data-element_type=\"widget\" data-e-type=\"widget\" data-settings=\"{&quot;cards_columns&quot;:&quot;3&quot;,&quot;cards_columns_tablet&quot;:&quot;2&quot;,&quot;cards_columns_mobile&quot;:&quot;1&quot;,&quot;cards_row_gap&quot;:{&quot;unit&quot;:&quot;px&quot;,&quot;size&quot;:35,&quot;sizes&quot;:[]},&quot;cards_row_gap_tablet&quot;:{&quot;unit&quot;:&quot;px&quot;,&quot;size&quot;:&quot;&quot;,&quot;sizes&quot;:[]},&quot;cards_row_gap_mobile&quot;:{&quot;unit&quot;:&quot;px&quot;,&quot;size&quot;:&quot;&quot;,&quot;sizes&quot;:[]}}\" data-widget_type=\"posts.cards\">\n\t\t\t\t<div class=\"elementor-widget-container\">\n\t\t\t\t\t\t\t<div class=\"elementor-posts-container elementor-posts elementor-posts--skin-cards elementor-grid\" role=\"list\">\n\t\t\t\t<article class=\"elementor-post elementor-grid-item post-7788 post type-post status-publish format-standard has-post-thumbnail hentry category-straende-buchten tag-altea tag-benidorm tag-calpe tag-costa-blanca-2 tag-denia tag-villajoyosa\" role=\"listitem\">\n\t\t\t<div class=\"elementor-post__card\">\n\t\t\t\t<a class=\"elementor-post__thumbnail__link\" href=\"https:\/\/costablanca-magazin.com\/nb\/freizeit\/straende-buchten\/straende-costa-blanca\/\" tabindex=\"-1\" ><div class=\"elementor-post__thumbnail\"><img fetchpriority=\"high\" decoding=\"async\" width=\"1200\" height=\"900\" src=\"https:\/\/costablanca-magazin.com\/wp-content\/uploads\/2025\/06\/Calpe-Strand-2.jpg\" class=\"attachment-1536x1536 size-1536x1536 wp-image-7789\" alt=\"Strender mellom hverdag og fritid \u2013 Calp 1\" srcset=\"https:\/\/costablanca-magazin.com\/wp-content\/uploads\/2025\/06\/Calpe-Strand-2.jpg 1200w, https:\/\/costablanca-magazin.com\/wp-content\/uploads\/2025\/06\/Calpe-Strand-2-300x225.jpg 300w, https:\/\/costablanca-magazin.com\/wp-content\/uploads\/2025\/06\/Calpe-Strand-2-1024x768.jpg 1024w, https:\/\/costablanca-magazin.com\/wp-content\/uploads\/2025\/06\/Calpe-Strand-2-768x576.jpg 768w\" sizes=\"(max-width: 1200px) 100vw, 1200px\" \/><\/div><\/a>\n\t\t\t\t<div class=\"elementor-post__badge\">Strender og bukter<\/div>\n\t\t\t\t<div class=\"elementor-post__avatar\">\n\t\t\t\t\t<\/div>\n\t\t\t\t<div class=\"elementor-post__text\">\n\t\t\t\t<h2 class=\"elementor-post__title\">\n\t\t\t<a href=\"https:\/\/costablanca-magazin.com\/nb\/freizeit\/straende-buchten\/straende-costa-blanca\/\" >\n\t\t\t\tStrender mellom hverdag og fritid\t\t\t<\/a>\n\t\t<\/h2>\n\t\t\t\t<\/div>\n\t\t\t\t\t<\/div>\n\t\t<\/article>\n\t\t\t\t<article class=\"elementor-post elementor-grid-item post-5834 post type-post status-publish format-standard has-post-thumbnail hentry category-infos category-straende-buchten tag-benidorm tag-bussgeld-fuer-rauchen-an-straenden tag-rauch-verbot-straende-costa-blanca tag-straende-costa-blanca-2\" role=\"listitem\">\n\t\t\t<div class=\"elementor-post__card\">\n\t\t\t\t<a class=\"elementor-post__thumbnail__link\" href=\"https:\/\/costablanca-magazin.com\/nb\/lokales\/infos\/straende-an-der-costa-blanca-wo-rauchen-strikt-verboten-ist\/\" tabindex=\"-1\" ><div class=\"elementor-post__thumbnail\"><img decoding=\"async\" width=\"1536\" height=\"824\" src=\"https:\/\/costablanca-magazin.com\/wp-content\/uploads\/2025\/04\/mediterranean-beach-mountain-penyal-d-ifach-calp-2024-12-15-19-01-56-utc-1536x824.jpg\" class=\"attachment-1536x1536 size-1536x1536 wp-image-5839\" alt=\"Strender uten \u201ebl\u00e5 r\u00f8yk\u201c \u2013 hvor r\u00f8yking er strengt forbudt 2\" srcset=\"https:\/\/costablanca-magazin.com\/wp-content\/uploads\/2025\/04\/mediterranean-beach-mountain-penyal-d-ifach-calp-2024-12-15-19-01-56-utc-1536x824.jpg 1536w, https:\/\/costablanca-magazin.com\/wp-content\/uploads\/2025\/04\/mediterranean-beach-mountain-penyal-d-ifach-calp-2024-12-15-19-01-56-utc-300x161.jpg 300w, https:\/\/costablanca-magazin.com\/wp-content\/uploads\/2025\/04\/mediterranean-beach-mountain-penyal-d-ifach-calp-2024-12-15-19-01-56-utc-1024x549.jpg 1024w, https:\/\/costablanca-magazin.com\/wp-content\/uploads\/2025\/04\/mediterranean-beach-mountain-penyal-d-ifach-calp-2024-12-15-19-01-56-utc-768x412.jpg 768w, https:\/\/costablanca-magazin.com\/wp-content\/uploads\/2025\/04\/mediterranean-beach-mountain-penyal-d-ifach-calp-2024-12-15-19-01-56-utc-2048x1099.jpg 2048w\" sizes=\"(max-width: 1536px) 100vw, 1536px\" \/><\/div><\/a>\n\t\t\t\t<div class=\"elementor-post__badge\">Info<\/div>\n\t\t\t\t<div class=\"elementor-post__avatar\">\n\t\t\t\t\t<\/div>\n\t\t\t\t<div class=\"elementor-post__text\">\n\t\t\t\t<h2 class=\"elementor-post__title\">\n\t\t\t<a href=\"https:\/\/costablanca-magazin.com\/nb\/lokales\/infos\/straende-an-der-costa-blanca-wo-rauchen-strikt-verboten-ist\/\" >\n\t\t\t\tStrender p\u00e5 Costa Blanca hvor r\u00f8yking er strengt forbudt\t\t\t<\/a>\n\t\t<\/h2>\n\t\t\t\t<\/div>\n\t\t\t\t\t<\/div>\n\t\t<\/article>\n\t\t\t\t<article class=\"elementor-post elementor-grid-item post-1909 post type-post status-publish format-standard has-post-thumbnail hentry category-veranstaltungen-events tag-altea tag-benidorm tag-benissa tag-calpe tag-event-tipps tag-moros-i-cristianos-altea tag-oktoberfest-la-nucia tag-teulade tag-veranstaltungen\" role=\"listitem\">\n\t\t\t<div class=\"elementor-post__card\">\n\t\t\t\t<a class=\"elementor-post__thumbnail__link\" href=\"https:\/\/costablanca-magazin.com\/nb\/freizeit\/veranstaltungen-events\/veranstaltungstipps-costa-blanca-september-und-oktober\/\" tabindex=\"-1\" ><div class=\"elementor-post__thumbnail\"><img decoding=\"async\" width=\"1536\" height=\"1025\" src=\"https:\/\/costablanca-magazin.com\/wp-content\/uploads\/2024\/09\/concert_music-1536x1025.jpg\" class=\"attachment-1536x1536 size-1536x1536 wp-image-10396\" alt=\"konsert_musikk\" srcset=\"https:\/\/costablanca-magazin.com\/wp-content\/uploads\/2024\/09\/concert_music-1536x1025.jpg 1536w, https:\/\/costablanca-magazin.com\/wp-content\/uploads\/2024\/09\/concert_music-300x200.jpg 300w, https:\/\/costablanca-magazin.com\/wp-content\/uploads\/2024\/09\/concert_music-1024x683.jpg 1024w, https:\/\/costablanca-magazin.com\/wp-content\/uploads\/2024\/09\/concert_music-768x512.jpg 768w, https:\/\/costablanca-magazin.com\/wp-content\/uploads\/2024\/09\/concert_music-2048x1366.jpg 2048w, https:\/\/costablanca-magazin.com\/wp-content\/uploads\/2024\/09\/concert_music-18x12.jpg 18w\" sizes=\"(max-width: 1536px) 100vw, 1536px\" \/><\/div><\/a>\n\t\t\t\t<div class=\"elementor-post__badge\">Arrangementer og begivenheter<\/div>\n\t\t\t\t<div class=\"elementor-post__avatar\">\n\t\t\t\t\t<\/div>\n\t\t\t\t<div class=\"elementor-post__text\">\n\t\t\t\t<h2 class=\"elementor-post__title\">\n\t\t\t<a href=\"https:\/\/costablanca-magazin.com\/nb\/freizeit\/veranstaltungen-events\/veranstaltungstipps-costa-blanca-september-und-oktober\/\" >\n\t\t\t\tArrangementstips Costa Blanca september og oktober\t\t\t<\/a>\n\t\t<\/h2>\n\t\t\t\t<\/div>\n\t\t\t\t\t<\/div>\n\t\t<\/article>\n\t\t\t\t<\/div>\n\t\t\n\t\t\t\t\t\t<\/div>\n\t\t\t\t<\/div>\n\t\t\t\t\t<\/div>\n\t\t\t\t<\/div>\n\t\t\t\t<\/div>","protected":false},"excerpt":{"rendered":"<p>Benidorm \u2013 Hochh\u00e4user, Strand &amp; mediterrane Vielfalt Moderne Infrastruktur, Strandleben und \u00fcberraschend viel Alltag Benidorm gilt gemeinhin als Sinnbild f\u00fcr den Tourismus an der Costa Blanca. Doch wer genauer hinsieht, entdeckt hinter den Hochh\u00e4usern und Hotelmeilen eine Stadt, die l\u00e4ngst mehr ist als ein Ferienziel. Rund 75.000 Einwohner, ein breites<\/p>","protected":false},"author":1,"featured_media":0,"parent":0,"menu_order":0,"comment_status":"closed","ping_status":"closed","template":"elementor_header_footer","meta":{"om_disable_all_campaigns":false,"_monsterinsights_skip_tracking":false,"_monsterinsights_sitenote_active":false,"_monsterinsights_sitenote_note":"","_monsterinsights_sitenote_category":0,"footnotes":""},"class_list":["post-4649","page","type-page","status-publish","hentry"],"aioseo_notices":[],"_links":{"self":[{"href":"https:\/\/costablanca-magazin.com\/nb\/wp-json\/wp\/v2\/pages\/4649","targetHints":{"allow":["GET"]}}],"collection":[{"href":"https:\/\/costablanca-magazin.com\/nb\/wp-json\/wp\/v2\/pages"}],"about":[{"href":"https:\/\/costablanca-magazin.com\/nb\/wp-json\/wp\/v2\/types\/page"}],"author":[{"embeddable":true,"href":"https:\/\/costablanca-magazin.com\/nb\/wp-json\/wp\/v2\/users\/1"}],"replies":[{"embeddable":true,"href":"https:\/\/costablanca-magazin.com\/nb\/wp-json\/wp\/v2\/comments?post=4649"}],"version-history":[{"count":43,"href":"https:\/\/costablanca-magazin.com\/nb\/wp-json\/wp\/v2\/pages\/4649\/revisions"}],"predecessor-version":[{"id":10993,"href":"https:\/\/costablanca-magazin.com\/nb\/wp-json\/wp\/v2\/pages\/4649\/revisions\/10993"}],"wp:attachment":[{"href":"https:\/\/costablanca-magazin.com\/nb\/wp-json\/wp\/v2\/media?parent=4649"}],"curies":[{"name":"wp","href":"https:\/\/api.w.org\/{rel}","templated":true}]}}