{"id":4639,"date":"2025-01-21T09:26:49","date_gmt":"2025-01-21T08:26:49","guid":{"rendered":"https:\/\/costablanca-magazin.com\/?page_id=4639"},"modified":"2026-03-09T08:08:45","modified_gmt":"2026-03-09T07:08:45","slug":"alfaz-del-pi","status":"publish","type":"page","link":"https:\/\/costablanca-magazin.com\/nb\/alfaz-del-pi\/","title":{"rendered":"Alfaz del Pi"},"content":{"rendered":"<div data-elementor-type=\"wp-page\" data-elementor-id=\"4639\" class=\"elementor elementor-4639\" data-elementor-post-type=\"page\">\n\t\t\t\t<div class=\"elementor-element elementor-element-85ecac8 e-flex e-con-boxed e-con e-parent\" data-id=\"85ecac8\" data-element_type=\"container\" data-e-type=\"container\">\n\t\t\t\t\t<div class=\"e-con-inner\">\n\t\t\t\t<div class=\"elementor-element elementor-element-8d4fb28 elementor-widget elementor-widget-heading\" data-id=\"8d4fb28\" data-element_type=\"widget\" data-e-type=\"widget\" data-widget_type=\"heading.default\">\n\t\t\t\t<div class=\"elementor-widget-container\">\n\t\t\t\t\t<h1 class=\"elementor-heading-title elementor-size-default\">Alfaz del Pi - Internasjonal stil mellom fjell og kyst <\/h1>\t\t\t\t<\/div>\n\t\t\t\t<\/div>\n\t\t\t\t\t<\/div>\n\t\t\t\t<\/div>\n\t\t<div class=\"elementor-element elementor-element-a92983a e-flex e-con-boxed e-con e-parent\" data-id=\"a92983a\" data-element_type=\"container\" data-e-type=\"container\">\n\t\t\t\t\t<div class=\"e-con-inner\">\n\t\t\t\t<div class=\"elementor-element elementor-element-6d5376e elementor-widget elementor-widget-heading\" data-id=\"6d5376e\" data-element_type=\"widget\" data-e-type=\"widget\" data-widget_type=\"heading.default\">\n\t\t\t\t<div class=\"elementor-widget-container\">\n\t\t\t\t\t<h2 class=\"elementor-heading-title elementor-size-default\">Mangfold i Middelhavet og europeisk habitat<\/h2>\t\t\t\t<\/div>\n\t\t\t\t<\/div>\n\t\t\t\t<div class=\"elementor-element elementor-element-995b878 elementor-widget elementor-widget-text-editor\" data-id=\"995b878\" data-element_type=\"widget\" data-e-type=\"widget\" data-widget_type=\"text-editor.default\">\n\t\t\t\t<div class=\"elementor-widget-container\">\n\t\t\t\t\t\t\t\t\t<p>Kommunen Alfaz del Pi, som ligger mellom fjellene og Middelhavet, er et av de mest internasjonale stedene p\u00e5 Costa Blanca. Rundt halvparten av innbyggerne kommer fra Nord-Europa - et internasjonalt preg - f\u00f8rst og fremst fra Norge, Storbritannia, Nederland og tysktalende land. Alfaz del Pi er likevel ikke et kunstig dyrket expat-hotspot, men en by med en etablert struktur, middelhavsidentitet og en kultur som b\u00e5de lokalbefolkningen og tilflyttere aktivt er med p\u00e5 \u00e5 forme.<\/p><p><!-- ai-h1words --><\/p><p>Blandingen av middelhavstradisjoner og internasjonalt mangfold gj\u00f8r Alfaz til et livlig sted der lokalbefolkningen og tilflyttere former kulturlivet sammen og nyter \u00e5 bo n\u00e6r fjellene og kysten.<\/p><p><!-- \/ai-h1words --><\/p><p>Kommunen best\u00e5r av det opprinnelige bysentrumet i innlandet og det popul\u00e6re kystomr\u00e5det Albir - til sammen danner de en attraktiv helhet som kombinerer middelhavsliv med europeisk \u00e5penhet.<\/p>\t\t\t\t\t\t\t\t<\/div>\n\t\t\t\t<\/div>\n\t\t\t\t\t<\/div>\n\t\t\t\t<\/div>\n\t\t<div class=\"elementor-element elementor-element-4c2d65f e-flex e-con-boxed e-con e-parent\" data-id=\"4c2d65f\" data-element_type=\"container\" data-e-type=\"container\">\n\t\t\t\t\t<div class=\"e-con-inner\">\n\t\t<div class=\"elementor-element elementor-element-8cef3bf e-con-full e-flex e-con e-child\" data-id=\"8cef3bf\" data-element_type=\"container\" data-e-type=\"container\">\n\t\t\t\t<div class=\"elementor-element elementor-element-577373f elementor-widget elementor-widget-heading\" data-id=\"577373f\" data-element_type=\"widget\" data-e-type=\"widget\" data-widget_type=\"heading.default\">\n\t\t\t\t<div class=\"elementor-widget-container\">\n\t\t\t\t\t<h3 class=\"elementor-heading-title elementor-size-default\">Byutvikling og historie<\/h3>\t\t\t\t<\/div>\n\t\t\t\t<\/div>\n\t\t\t\t<div class=\"elementor-element elementor-element-c3cb8fd elementor-widget__width-initial elementor-widget elementor-widget-text-editor\" data-id=\"c3cb8fd\" data-element_type=\"widget\" data-e-type=\"widget\" data-widget_type=\"text-editor.default\">\n\t\t\t\t<div class=\"elementor-widget-container\">\n\t\t\t\t\t\t\t\t\t<p>Alfaz del Pi var opprinnelig en liten jordbrukslandsby som vokste jevnt og trutt fra 1900-tallet og utover. Med tilflyttingen av mange internasjonale innbyggere - s\u00e6rlig fra Norge, Nederland og Tyskland - utviklet kommunen seg til \u00e5 bli et internasjonalt bosted med en velfungerende infrastruktur og h\u00f8y levestandard. Administrasjonen la stor vekt p\u00e5 integrering, tospr\u00e5klighet og utbygging av offentlige fasiliteter, blant annet internasjonale skoler, kultursentre og helsetjenester.<\/p>\t\t\t\t\t\t\t\t<\/div>\n\t\t\t\t<\/div>\n\t\t\t\t<div class=\"elementor-element elementor-element-4116bf3 elementor-widget elementor-widget-heading\" data-id=\"4116bf3\" data-element_type=\"widget\" data-e-type=\"widget\" data-widget_type=\"heading.default\">\n\t\t\t\t<div class=\"elementor-widget-container\">\n\t\t\t\t\t<h4 class=\"elementor-heading-title elementor-size-default\">Historisk sentrum med karakter<\/h4>\t\t\t\t<\/div>\n\t\t\t\t<\/div>\n\t\t\t\t<div class=\"elementor-element elementor-element-6b2f459 elementor-widget elementor-widget-text-editor\" data-id=\"6b2f459\" data-element_type=\"widget\" data-e-type=\"widget\" data-widget_type=\"text-editor.default\">\n\t\t\t\t<div class=\"elementor-widget-container\">\n\t\t\t\t\t\t\t\t\t<p>I det gamle sentrum av Alfaz del Pi dominerer kirken San Jos\u00e9 bybildet. Rundt den ligger et nettverk av sm\u00e5 smug, torg med appelsintr\u00e6r, tapasbarer og lokale butikker - et stykke autentisk Spania. Det ber\u00f8mte furutreet (\u201epi\u201c) p\u00e5 r\u00e5dhusplassen har ikke bare gitt kommunen navn, men er ogs\u00e5 et popul\u00e6rt fotomotiv og et symbol p\u00e5 stabilitet og r\u00f8tter i regionen.<\/p>\t\t\t\t\t\t\t\t<\/div>\n\t\t\t\t<\/div>\n\t\t\t\t<div class=\"elementor-element elementor-element-b58f8c5 elementor-widget elementor-widget-heading\" data-id=\"b58f8c5\" data-element_type=\"widget\" data-e-type=\"widget\" data-widget_type=\"heading.default\">\n\t\t\t\t<div class=\"elementor-widget-container\">\n\t\t\t\t\t<h5 class=\"elementor-heading-title elementor-size-default\">Et europeisk sted med lokal identitet<\/h5>\t\t\t\t<\/div>\n\t\t\t\t<\/div>\n\t\t\t\t<div class=\"elementor-element elementor-element-7d86b7f elementor-widget elementor-widget-text-editor\" data-id=\"7d86b7f\" data-element_type=\"widget\" data-e-type=\"widget\" data-widget_type=\"text-editor.default\">\n\t\t\t\t<div class=\"elementor-widget-container\">\n\t\t\t\t\t\t\t\t\t<p>Alfaz del Pi har klart \u00e5 opprettholde en balanse mellom det internasjonale og det lokale livet. Selv om du jevnlig h\u00f8rer norsk, tysk eller engelsk i gatene, er samfunnslivet fortsatt dypt forankret i regionen. Dette kommer ikke bare til syne i gastronomien eller arkitekturen, men ogs\u00e5 i hverdagslivet: fra flerspr\u00e5klige skoler og leger til et aktivt foreningsliv som raskt integrerer nykommere.<\/p>\t\t\t\t\t\t\t\t<\/div>\n\t\t\t\t<\/div>\n\t\t\t\t<\/div>\n\t\t<div class=\"elementor-element elementor-element-6b01dc7 e-con-full e-flex e-con e-child\" data-id=\"6b01dc7\" data-element_type=\"container\" data-e-type=\"container\">\n\t\t\t\t<div class=\"elementor-element elementor-element-988b52d elementor-widget elementor-widget-heading\" data-id=\"988b52d\" data-element_type=\"widget\" data-e-type=\"widget\" data-widget_type=\"heading.default\">\n\t\t\t\t<div class=\"elementor-widget-container\">\n\t\t\t\t\t<h5 class=\"elementor-heading-title elementor-size-default\">Festivaler og arrangementer - livlige, ikke folkloristiske<\/h5>\t\t\t\t<\/div>\n\t\t\t\t<\/div>\n\t\t\t\t<div class=\"elementor-element elementor-element-43108c2 elementor-widget elementor-widget-text-editor\" data-id=\"43108c2\" data-element_type=\"widget\" data-e-type=\"widget\" data-widget_type=\"text-editor.default\">\n\t\t\t\t<div class=\"elementor-widget-container\">\n\t\t\t\t\t\t\t\t\t<p>Kultur\u00e5ret i Alfaz del Pi er variert og mye mer enn bare en turistkulisse. Den internasjonale filmfestivalen (Festival de Cine) i juli er enest\u00e5ende, og tiltrekker seg filmskapere fra hele Spania - med premierer, prisutdelinger og utend\u00f8rsforestillinger i Albir.<\/p><p>Flere h\u00f8ydepunkter:<\/p><ul><li>I november feirer byen sine Fiestas Patronales, med konserter, festforestillinger og fyrverkeri - ikke for turister, men med og for innbyggerne.<\/li><li>I oktober er det Moros y Cristianos-opptoget, der rikt dekorerte parader g\u00e5r gjennom gatene og minner om den historiske fortiden mellom maurerne og de kristne - h\u00f8ylytt, fargerikt og fullt av energi.<\/li><\/ul>\t\t\t\t\t\t\t\t<\/div>\n\t\t\t\t<\/div>\n\t\t\t\t<div class=\"elementor-element elementor-element-84eb66e elementor-widget elementor-widget-heading\" data-id=\"84eb66e\" data-element_type=\"widget\" data-e-type=\"widget\" data-widget_type=\"heading.default\">\n\t\t\t\t<div class=\"elementor-widget-container\">\n\t\t\t\t\t<h5 class=\"elementor-heading-title elementor-size-default\">Fredag er markedsdag<\/h5>\t\t\t\t<\/div>\n\t\t\t\t<\/div>\n\t\t\t\t<div class=\"elementor-element elementor-element-85c9f70 elementor-widget elementor-widget-text-editor\" data-id=\"85c9f70\" data-element_type=\"widget\" data-e-type=\"widget\" data-widget_type=\"text-editor.default\">\n\t\t\t\t<div class=\"elementor-widget-container\">\n\t\t\t\t\t\t\t\t\t<p>Hver fredag morgen <a title=\"Fargerikt folkeliv og middelhavsretter - Costa Blancas ukentlige markeder\" href=\"https:\/\/costablanca-magazin.com\/nb\/residenter\/bo-i-spania\/fargerikt-liv-og-middelhavsnytelser-costa-blanca-ukentlige-markeder\/\" target=\"_blank\" rel=\"noopener\">Ukentlig marked<\/a> i sentrum av Alfaz del Pi - med ferske r\u00e5varer fra regionale handelsmenn, kl\u00e6r, planter, husholdningsartikler og sm\u00e5 matboder. En m\u00f8teplass for naboer, nykommere og alle som liker \u00e5 sl\u00e5 av en prat mens de handler.<\/p>\t\t\t\t\t\t\t\t<\/div>\n\t\t\t\t<\/div>\n\t\t\t\t<div class=\"elementor-element elementor-element-89c19e7 elementor-widget elementor-widget-heading\" data-id=\"89c19e7\" data-element_type=\"widget\" data-e-type=\"widget\" data-widget_type=\"heading.default\">\n\t\t\t\t<div class=\"elementor-widget-container\">\n\t\t\t\t\t<h5 class=\"elementor-heading-title elementor-size-default\">Varierte omgivelser, korte avstander<\/h5>\t\t\t\t<\/div>\n\t\t\t\t<\/div>\n\t\t\t\t<div class=\"elementor-element elementor-element-79e60fc elementor-widget elementor-widget-text-editor\" data-id=\"79e60fc\" data-element_type=\"widget\" data-e-type=\"widget\" data-widget_type=\"text-editor.default\">\n\t\t\t\t<div class=\"elementor-widget-container\">\n\t\t\t\t\t\t\t\t\t<p>N\u00e6rheten til naturparkene Serra Gelada og Puig Campana, havet ved Albir og motorveien AP-7 gj\u00f8r Alfaz del Pi til et ideelt sted \u00e5 bo for alle som er ute etter en rolig base med gode transportforbindelser. Golf, fotturer, vannsport eller kultur - alt er bare noen f\u00e5 minutter unna.<\/p>\t\t\t\t\t\t\t\t<\/div>\n\t\t\t\t<\/div>\n\t\t\t\t<\/div>\n\t\t\t\t\t<\/div>\n\t\t\t\t<\/div>\n\t\t<div class=\"elementor-element elementor-element-b53ca51 e-flex e-con-boxed e-con e-parent\" data-id=\"b53ca51\" data-element_type=\"container\" data-e-type=\"container\">\n\t\t\t\t\t<div class=\"e-con-inner\">\n\t\t<div class=\"elementor-element elementor-element-5de8e28 e-con-full e-flex e-con e-child\" data-id=\"5de8e28\" data-element_type=\"container\" data-e-type=\"container\">\n\t\t\t\t<div class=\"elementor-element elementor-element-15f492f elementor-widget elementor-widget-gallery\" data-id=\"15f492f\" data-element_type=\"widget\" data-e-type=\"widget\" data-settings=\"{&quot;columns&quot;:1,&quot;aspect_ratio&quot;:&quot;21:9&quot;,&quot;lazyload&quot;:&quot;yes&quot;,&quot;gallery_layout&quot;:&quot;grid&quot;,&quot;columns_tablet&quot;:2,&quot;columns_mobile&quot;:1,&quot;gap&quot;:{&quot;unit&quot;:&quot;px&quot;,&quot;size&quot;:10,&quot;sizes&quot;:[]},&quot;gap_tablet&quot;:{&quot;unit&quot;:&quot;px&quot;,&quot;size&quot;:10,&quot;sizes&quot;:[]},&quot;gap_mobile&quot;:{&quot;unit&quot;:&quot;px&quot;,&quot;size&quot;:10,&quot;sizes&quot;:[]},&quot;link_to&quot;:&quot;file&quot;,&quot;overlay_background&quot;:&quot;yes&quot;,&quot;content_hover_animation&quot;:&quot;fade-in&quot;}\" data-widget_type=\"gallery.default\">\n\t\t\t\t<div class=\"elementor-widget-container\">\n\t\t\t\t\t\t\t<div class=\"elementor-gallery__container\">\n\t\t\t\t\t\t\t<a class=\"e-gallery-item elementor-gallery-item elementor-animated-content\" href=\"https:\/\/costablanca-magazin.com\/wp-content\/uploads\/2025\/05\/20240402_201135.jpg\" data-elementor-open-lightbox=\"yes\" data-elementor-lightbox-slideshow=\"15f492f\" data-elementor-lightbox-title=\"Leben in Alfaz del Pi \u2013 offen, ruhig und gut versorgt\" data-elementor-lightbox-description=\"Leben in Alfaz del Pi \u2013 offen, ruhig und gut versorgt\" data-e-action-hash=\"#elementor-action%3Aaction%3Dlightbox%26settings%3DeyJpZCI6NzIyNywidXJsIjoiaHR0cHM6XC9cL2Nvc3RhYmxhbmNhLW1hZ2F6aW4uY29tXC93cC1jb250ZW50XC91cGxvYWRzXC8yMDI1XC8wNVwvMjAyNDA0MDJfMjAxMTM1LmpwZyIsInNsaWRlc2hvdyI6IjE1ZjQ5MmYifQ%3D%3D\">\n\t\t\t\t\t<div class=\"e-gallery-image elementor-gallery-item__image\" data-thumbnail=\"https:\/\/costablanca-magazin.com\/wp-content\/uploads\/2025\/05\/20240402_201135.jpg\" data-width=\"1000\" data-height=\"750\" aria-label=\"Bo i Alfaz del Pi - \u00e5pent, rolig og godt ivaretatt\" role=\"img\" ><\/div>\n\t\t\t\t\t\t\t\t\t\t\t<div class=\"elementor-gallery-item__overlay\"><\/div>\n\t\t\t\t\t\t\t\t\t\t\t\t\t\t<\/a>\n\t\t\t\t\t<\/div>\n\t\t\t\t\t<\/div>\n\t\t\t\t<\/div>\n\t\t\t\t<\/div>\n\t\t<div class=\"elementor-element elementor-element-1dc58f3 e-con-full e-flex e-con e-child\" data-id=\"1dc58f3\" data-element_type=\"container\" data-e-type=\"container\">\n\t\t\t\t<div class=\"elementor-element elementor-element-5370f19 elementor-widget elementor-widget-heading\" data-id=\"5370f19\" data-element_type=\"widget\" data-e-type=\"widget\" data-widget_type=\"heading.default\">\n\t\t\t\t<div class=\"elementor-widget-container\">\n\t\t\t\t\t<h5 class=\"elementor-heading-title elementor-size-default\">Bo i Alfaz del Pi - \u00e5pent, rolig og godt ivaretatt<\/h5>\t\t\t\t<\/div>\n\t\t\t\t<\/div>\n\t\t\t\t<div class=\"elementor-element elementor-element-35b92ff elementor-widget elementor-widget-text-editor\" data-id=\"35b92ff\" data-element_type=\"widget\" data-e-type=\"widget\" data-widget_type=\"text-editor.default\">\n\t\t\t\t<div class=\"elementor-widget-container\">\n\t\t\t\t\t\t\t\t\t<p>Med et stabilt eiendomsmarked, en h\u00f8y andel fastboende, et godt helsevesen og internasjonalt orienterte tilbud, er Alfaz del Pi et av de mest popul\u00e6re samfunnene for fastboende p\u00e5 Costa Blanca. Her lever du ikke i feriemodus, men i hverdagen med h\u00f8y livskvalitet.<\/p>\t\t\t\t\t\t\t\t<\/div>\n\t\t\t\t<\/div>\n\t\t\t\t<\/div>\n\t\t\t\t\t<\/div>\n\t\t\t\t<\/div>\n\t\t<div class=\"elementor-element elementor-element-90e4efd e-flex e-con-boxed e-con e-parent\" data-id=\"90e4efd\" data-element_type=\"container\" data-e-type=\"container\">\n\t\t\t\t\t<div class=\"e-con-inner\">\n\t\t<div class=\"elementor-element elementor-element-ca454dc e-con-full e-flex e-con e-child\" data-id=\"ca454dc\" data-element_type=\"container\" data-e-type=\"container\">\n\t\t\t\t<div class=\"elementor-element elementor-element-eac7546 elementor-widget elementor-widget-google_maps\" data-id=\"eac7546\" data-element_type=\"widget\" data-e-type=\"widget\" data-widget_type=\"google_maps.default\">\n\t\t\t\t<div class=\"elementor-widget-container\">\n\t\t\t\t\t\t\t<div class=\"elementor-custom-embed\">\n\t\t\t<iframe loading=\"lazy\"\n\t\t\t\t\tsrc=\"https:\/\/maps.google.com\/maps?q=Alfaz%20del%20Pi&#038;t=m&#038;z=14&#038;output=embed&#038;iwloc=near\"\n\t\t\t\t\ttitle=\"Alfaz del Pi\"\n\t\t\t\t\taria-label=\"Alfaz del Pi\"\n\t\t\t><\/iframe>\n\t\t<\/div>\n\t\t\t\t\t\t<\/div>\n\t\t\t\t<\/div>\n\t\t\t\t<\/div>\n\t\t<div class=\"elementor-element elementor-element-8074f97 e-con-full e-flex e-con e-child\" data-id=\"8074f97\" data-element_type=\"container\" data-e-type=\"container\">\n\t\t\t\t<div class=\"elementor-element elementor-element-62c8484 elementor-widget elementor-widget-text-editor\" data-id=\"62c8484\" data-element_type=\"widget\" data-e-type=\"widget\" data-widget_type=\"text-editor.default\">\n\t\t\t\t<div class=\"elementor-widget-container\">\n\t\t\t\t\t\t\t\t\t<p><strong>\ud83d\udccc Kontakt og informasjon<\/strong><\/p><p><strong>Ayuntamiento de l'Alf\u00e0s del Pi<\/strong><br \/>\ud83d\udccd <em>Plaza Juan Carlos I, 1 - 03580 Alfaz del Pi (Alicante)<\/em><br \/>\ud83d\udcde <em>+34 965 88 88 65<\/em><br \/>\u2709\ufe0f <em>informacion@lalfas.com<\/em><br \/>\ud83c\udf10 <a href=\"https:\/\/www.lalfas.es\" target=\"_blank\" rel=\"noopener\">www.lalfas.es<\/a><\/p>\t\t\t\t\t\t\t\t<\/div>\n\t\t\t\t<\/div>\n\t\t\t\t<\/div>\n\t\t\t\t\t<\/div>\n\t\t\t\t<\/div>\n\t\t<div class=\"elementor-element elementor-element-1e3d959 e-flex e-con-boxed e-con e-parent\" data-id=\"1e3d959\" data-element_type=\"container\" data-e-type=\"container\">\n\t\t\t\t\t<div class=\"e-con-inner\">\n\t\t\t\t<div class=\"elementor-element elementor-element-8396548 elementor-grid-3 elementor-grid-tablet-2 elementor-grid-mobile-1 elementor-posts--thumbnail-top elementor-posts--show-avatar elementor-card-shadow-yes elementor-posts__hover-gradient elementor-widget elementor-widget-posts\" data-id=\"8396548\" data-element_type=\"widget\" data-e-type=\"widget\" data-settings=\"{&quot;cards_columns&quot;:&quot;3&quot;,&quot;cards_columns_tablet&quot;:&quot;2&quot;,&quot;cards_columns_mobile&quot;:&quot;1&quot;,&quot;cards_row_gap&quot;:{&quot;unit&quot;:&quot;px&quot;,&quot;size&quot;:35,&quot;sizes&quot;:[]},&quot;cards_row_gap_tablet&quot;:{&quot;unit&quot;:&quot;px&quot;,&quot;size&quot;:&quot;&quot;,&quot;sizes&quot;:[]},&quot;cards_row_gap_mobile&quot;:{&quot;unit&quot;:&quot;px&quot;,&quot;size&quot;:&quot;&quot;,&quot;sizes&quot;:[]}}\" data-widget_type=\"posts.cards\">\n\t\t\t\t<div class=\"elementor-widget-container\">\n\t\t\t\t\t\t\t<div class=\"elementor-posts-container elementor-posts elementor-posts--skin-cards elementor-grid\" role=\"list\">\n\t\t\t\t<article class=\"elementor-post elementor-grid-item post-11423 post type-post status-publish format-standard has-post-thumbnail hentry category-veranstaltungen-events tag-fiestas-costa-blanca-2026 tag-moros-y-cristianos-benidorm tag-moros-y-cristianos-costa-blanca-2026 tag-moros-y-cristianos-denia tag-moros-y-cristianos-termine-2026 tag-moros-y-cristianos-villajoyosa\" role=\"listitem\">\n\t\t\t<div class=\"elementor-post__card\">\n\t\t\t\t<a class=\"elementor-post__thumbnail__link\" href=\"https:\/\/costablanca-magazin.com\/nb\/freizeit\/veranstaltungen-events\/moros-y-cristianos-costa-blanca-2026-termine-und-feste\/\" tabindex=\"-1\" ><div class=\"elementor-post__thumbnail\"><img fetchpriority=\"high\" decoding=\"async\" width=\"1200\" height=\"539\" src=\"https:\/\/costablanca-magazin.com\/wp-content\/uploads\/2025\/09\/calpe-moros.jpg\" class=\"attachment-1536x1536 size-1536x1536 wp-image-8738\" alt=\"calpe moros y cristianos\" srcset=\"https:\/\/costablanca-magazin.com\/wp-content\/uploads\/2025\/09\/calpe-moros.jpg 1200w, https:\/\/costablanca-magazin.com\/wp-content\/uploads\/2025\/09\/calpe-moros-300x135.jpg 300w, https:\/\/costablanca-magazin.com\/wp-content\/uploads\/2025\/09\/calpe-moros-1024x460.jpg 1024w, https:\/\/costablanca-magazin.com\/wp-content\/uploads\/2025\/09\/calpe-moros-768x345.jpg 768w\" sizes=\"(max-width: 1200px) 100vw, 1200px\" \/><\/div><\/a>\n\t\t\t\t<div class=\"elementor-post__badge\">Arrangementer og begivenheter<\/div>\n\t\t\t\t<div class=\"elementor-post__avatar\">\n\t\t\t\t\t<\/div>\n\t\t\t\t<div class=\"elementor-post__text\">\n\t\t\t\t<h2 class=\"elementor-post__title\">\n\t\t\t<a href=\"https:\/\/costablanca-magazin.com\/nb\/freizeit\/veranstaltungen-events\/moros-y-cristianos-costa-blanca-2026-termine-und-feste\/\" >\n\t\t\t\tMoros y Cristianos Costa Blanca 2026 - Datoer og festligheter\t\t\t<\/a>\n\t\t<\/h2>\n\t\t\t\t<\/div>\n\t\t\t\t\t<\/div>\n\t\t<\/article>\n\t\t\t\t<article class=\"elementor-post elementor-grid-item post-11405 post type-post status-publish format-standard has-post-thumbnail hentry category-news-politik tag-airlines-spanien tag-fluege-alicante tag-fluege-valencia tag-iran-konflikt-flugpreise tag-jet-fuel-spanien tag-kerosinpreise-europa\" role=\"listitem\">\n\t\t\t<div class=\"elementor-post__card\">\n\t\t\t\t<a class=\"elementor-post__thumbnail__link\" href=\"https:\/\/costablanca-magazin.com\/nb\/lokales\/news-politik\/iran-konflikt-und-flugpreise-was-alicante-und-valencia-wirklich-erwartet\/\" tabindex=\"-1\" ><div class=\"elementor-post__thumbnail\"><img decoding=\"async\" width=\"1536\" height=\"1164\" src=\"https:\/\/costablanca-magazin.com\/wp-content\/uploads\/2026\/04\/die-inselzeitung-mallorca-255-1536x1164.jpg\" class=\"attachment-1536x1536 size-1536x1536 wp-image-11406\" alt=\"Iran-konflikten og flyprisene: Hva som egentlig venter Alicante og Valencia\" srcset=\"https:\/\/costablanca-magazin.com\/wp-content\/uploads\/2026\/04\/die-inselzeitung-mallorca-255-1536x1164.jpg 1536w, https:\/\/costablanca-magazin.com\/wp-content\/uploads\/2026\/04\/die-inselzeitung-mallorca-255-300x227.jpg 300w, https:\/\/costablanca-magazin.com\/wp-content\/uploads\/2026\/04\/die-inselzeitung-mallorca-255-1024x776.jpg 1024w, https:\/\/costablanca-magazin.com\/wp-content\/uploads\/2026\/04\/die-inselzeitung-mallorca-255-768x582.jpg 768w, https:\/\/costablanca-magazin.com\/wp-content\/uploads\/2026\/04\/die-inselzeitung-mallorca-255-2048x1552.jpg 2048w, https:\/\/costablanca-magazin.com\/wp-content\/uploads\/2026\/04\/die-inselzeitung-mallorca-255-16x12.jpg 16w\" sizes=\"(max-width: 1536px) 100vw, 1536px\" \/><\/div><\/a>\n\t\t\t\t<div class=\"elementor-post__badge\">Nyheter og politikk<\/div>\n\t\t\t\t<div class=\"elementor-post__avatar\">\n\t\t\t\t\t<\/div>\n\t\t\t\t<div class=\"elementor-post__text\">\n\t\t\t\t<h2 class=\"elementor-post__title\">\n\t\t\t<a href=\"https:\/\/costablanca-magazin.com\/nb\/lokales\/news-politik\/iran-konflikt-und-flugpreise-was-alicante-und-valencia-wirklich-erwartet\/\" >\n\t\t\t\tIran-konflikten og flyprisene: Hva som egentlig venter Alicante og Valencia\t\t\t<\/a>\n\t\t<\/h2>\n\t\t\t\t<\/div>\n\t\t\t\t\t<\/div>\n\t\t<\/article>\n\t\t\t\t<article class=\"elementor-post elementor-grid-item post-11389 post type-post status-publish format-standard has-post-thumbnail hentry category-leben-in-spanien tag-antrag-pflege-spanien tag-comunitat-valenciana-pflege tag-dependencia-costa-blanca tag-pflege-costa-blanca tag-pflegegrad-spanien tag-pflegehilfe-alicante\" role=\"listitem\">\n\t\t\t<div class=\"elementor-post__card\">\n\t\t\t\t<a class=\"elementor-post__thumbnail__link\" href=\"https:\/\/costablanca-magazin.com\/nb\/residenten\/leben-in-spanien\/pflege-an-der-costa-blanca-leistungen-antrag-und-hilfe\/\" tabindex=\"-1\" ><div class=\"elementor-post__thumbnail\"><img decoding=\"async\" width=\"1536\" height=\"512\" src=\"https:\/\/costablanca-magazin.com\/wp-content\/uploads\/2026\/04\/AdobeStock_210113313-1536x512.jpeg\" class=\"attachment-1536x1536 size-1536x1536 wp-image-11390\" alt=\"N\u00e5r omsorg plutselig blir et problem p\u00e5 Costa Blanca\" srcset=\"https:\/\/costablanca-magazin.com\/wp-content\/uploads\/2026\/04\/AdobeStock_210113313-1536x512.jpeg 1536w, https:\/\/costablanca-magazin.com\/wp-content\/uploads\/2026\/04\/AdobeStock_210113313-300x100.jpeg 300w, https:\/\/costablanca-magazin.com\/wp-content\/uploads\/2026\/04\/AdobeStock_210113313-1024x341.jpeg 1024w, https:\/\/costablanca-magazin.com\/wp-content\/uploads\/2026\/04\/AdobeStock_210113313-768x256.jpeg 768w, https:\/\/costablanca-magazin.com\/wp-content\/uploads\/2026\/04\/AdobeStock_210113313-2048x682.jpeg 2048w, https:\/\/costablanca-magazin.com\/wp-content\/uploads\/2026\/04\/AdobeStock_210113313-18x6.jpeg 18w\" sizes=\"(max-width: 1536px) 100vw, 1536px\" \/><\/div><\/a>\n\t\t\t\t<div class=\"elementor-post__badge\">\u00c5 bo i Spania<\/div>\n\t\t\t\t<div class=\"elementor-post__avatar\">\n\t\t\t\t\t<\/div>\n\t\t\t\t<div class=\"elementor-post__text\">\n\t\t\t\t<h2 class=\"elementor-post__title\">\n\t\t\t<a href=\"https:\/\/costablanca-magazin.com\/nb\/residenten\/leben-in-spanien\/pflege-an-der-costa-blanca-leistungen-antrag-und-hilfe\/\" >\n\t\t\t\tOmsorg p\u00e5 Costa Blanca - fordeler, s\u00f8knad og assistanse\t\t\t<\/a>\n\t\t<\/h2>\n\t\t\t\t<\/div>\n\t\t\t\t\t<\/div>\n\t\t<\/article>\n\t\t\t\t<\/div>\n\t\t\n\t\t\t\t\t\t<\/div>\n\t\t\t\t<\/div>\n\t\t\t\t\t<\/div>\n\t\t\t\t<\/div>\n\t\t\t\t<\/div>","protected":false},"excerpt":{"rendered":"<p>Alfaz del Pi \u2013 Internationales Flair zwischen Bergen &amp; K\u00fcste Mediterrane Vielfalt und europ\u00e4ischer Lebensraum Die Gemeinde Alfaz del Pi, eingebettet zwischen Bergen und Mittelmeer, geh\u00f6rt zu den internationalsten Orten an der Costa Blanca. Rund die H\u00e4lfte der Einwohner stammt aus Nordeuropa \u2013 ein internationales Flair &#8211; allen voran aus<\/p>","protected":false},"author":1,"featured_media":4129,"parent":0,"menu_order":0,"comment_status":"closed","ping_status":"closed","template":"elementor_header_footer","meta":{"om_disable_all_campaigns":false,"_monsterinsights_skip_tracking":false,"_monsterinsights_sitenote_active":false,"_monsterinsights_sitenote_note":"","_monsterinsights_sitenote_category":0,"footnotes":""},"class_list":["post-4639","page","type-page","status-publish","has-post-thumbnail","hentry"],"aioseo_notices":[],"_links":{"self":[{"href":"https:\/\/costablanca-magazin.com\/nb\/wp-json\/wp\/v2\/pages\/4639","targetHints":{"allow":["GET"]}}],"collection":[{"href":"https:\/\/costablanca-magazin.com\/nb\/wp-json\/wp\/v2\/pages"}],"about":[{"href":"https:\/\/costablanca-magazin.com\/nb\/wp-json\/wp\/v2\/types\/page"}],"author":[{"embeddable":true,"href":"https:\/\/costablanca-magazin.com\/nb\/wp-json\/wp\/v2\/users\/1"}],"replies":[{"embeddable":true,"href":"https:\/\/costablanca-magazin.com\/nb\/wp-json\/wp\/v2\/comments?post=4639"}],"version-history":[{"count":31,"href":"https:\/\/costablanca-magazin.com\/nb\/wp-json\/wp\/v2\/pages\/4639\/revisions"}],"predecessor-version":[{"id":10996,"href":"https:\/\/costablanca-magazin.com\/nb\/wp-json\/wp\/v2\/pages\/4639\/revisions\/10996"}],"wp:featuredmedia":[{"embeddable":true,"href":"https:\/\/costablanca-magazin.com\/nb\/wp-json\/wp\/v2\/media\/4129"}],"wp:attachment":[{"href":"https:\/\/costablanca-magazin.com\/nb\/wp-json\/wp\/v2\/media?parent=4639"}],"curies":[{"name":"wp","href":"https:\/\/api.w.org\/{rel}","templated":true}]}}