{"id":4609,"date":"2025-01-21T09:19:47","date_gmt":"2025-01-21T08:19:47","guid":{"rendered":"https:\/\/costablanca-magazin.com\/?page_id=4609"},"modified":"2026-02-11T11:45:40","modified_gmt":"2026-02-11T10:45:40","slug":"helse-livsstil","status":"publish","type":"page","link":"https:\/\/costablanca-magazin.com\/nb\/gesundheit-lifestyle\/","title":{"rendered":"Helse og livsstil"},"content":{"rendered":"<div data-elementor-type=\"wp-page\" data-elementor-id=\"4609\" class=\"elementor elementor-4609\" data-elementor-post-type=\"page\">\n\t\t\t\t<div class=\"elementor-element elementor-element-3fc0fcb e-flex e-con-boxed e-con e-parent\" data-id=\"3fc0fcb\" data-element_type=\"container\" data-e-type=\"container\">\n\t\t\t\t\t<div class=\"e-con-inner\">\n\t\t<div class=\"elementor-element elementor-element-240271f e-con-full e-flex e-con e-child\" data-id=\"240271f\" data-element_type=\"container\" data-e-type=\"container\">\n\t\t<div class=\"elementor-element elementor-element-3eae5a6 e-con-full e-flex e-con e-child\" data-id=\"3eae5a6\" data-element_type=\"container\" data-e-type=\"container\">\n\t\t\t\t<div class=\"elementor-element elementor-element-482f547 elementor-widget elementor-widget-heading\" data-id=\"482f547\" data-element_type=\"widget\" data-e-type=\"widget\" data-widget_type=\"heading.default\">\n\t\t\t\t<div class=\"elementor-widget-container\">\n\t\t\t\t\t<h1 class=\"elementor-heading-title elementor-size-default\">Beboere - Helse og livsstil<\/h1>\t\t\t\t<\/div>\n\t\t\t\t<\/div>\n\t\t\t\t<\/div>\n\t\t<div class=\"elementor-element elementor-element-b223cab e-con-full e-grid e-con e-child\" data-id=\"b223cab\" data-element_type=\"container\" data-e-type=\"container\">\n\t\t\t\t<\/div>\n\t\t\t\t<\/div>\n\t\t\t\t\t<\/div>\n\t\t\t\t<\/div>\n\t\t<div class=\"elementor-element elementor-element-29fe592 e-flex e-con-boxed e-con e-parent\" data-id=\"29fe592\" data-element_type=\"container\" data-e-type=\"container\">\n\t\t\t\t\t<div class=\"e-con-inner\">\n\t\t\t\t<div class=\"elementor-element elementor-element-f1a8cf9 elementor-grid-3 elementor-grid-tablet-2 elementor-grid-mobile-1 elementor-posts--thumbnail-top elementor-card-shadow-yes elementor-posts__hover-gradient elementor-widget elementor-widget-posts\" data-id=\"f1a8cf9\" data-element_type=\"widget\" data-e-type=\"widget\" data-settings=\"{&quot;pagination_type&quot;:&quot;numbers&quot;,&quot;cards_columns&quot;:&quot;3&quot;,&quot;cards_columns_tablet&quot;:&quot;2&quot;,&quot;cards_columns_mobile&quot;:&quot;1&quot;,&quot;cards_row_gap&quot;:{&quot;unit&quot;:&quot;px&quot;,&quot;size&quot;:35,&quot;sizes&quot;:[]},&quot;cards_row_gap_tablet&quot;:{&quot;unit&quot;:&quot;px&quot;,&quot;size&quot;:&quot;&quot;,&quot;sizes&quot;:[]},&quot;cards_row_gap_mobile&quot;:{&quot;unit&quot;:&quot;px&quot;,&quot;size&quot;:&quot;&quot;,&quot;sizes&quot;:[]}}\" data-widget_type=\"posts.cards\">\n\t\t\t\t<div class=\"elementor-widget-container\">\n\t\t\t\t\t\t\t<div class=\"elementor-posts-container elementor-posts elementor-posts--skin-cards elementor-grid\" role=\"list\">\n\t\t\t\t<article class=\"elementor-post elementor-grid-item post-10303 post type-post status-publish format-standard has-post-thumbnail hentry category-gesundheit-lifestyle tag-costa-blanca-day-spa tag-indoor-pool-costa-blanca tag-residenten-costa-blanca-wellness tag-spa-benidorm-albir-altea-calpe-denia tag-spa-costa-blanca tag-thermal-spa-costa-blanca tag-wellness-costa-blanca tag-wellness-im-winter-spanien\" role=\"listitem\">\n\t\t\t<div class=\"elementor-post__card\">\n\t\t\t\t<a class=\"elementor-post__thumbnail__link\" href=\"https:\/\/costablanca-magazin.com\/nb\/residenten\/gesundheit-lifestyle\/costa-blanca-spas-die-besten-wellness-zentren-fuer-sie\/\" tabindex=\"-1\" ><div class=\"elementor-post__thumbnail\"><img fetchpriority=\"high\" decoding=\"async\" width=\"300\" height=\"200\" src=\"https:\/\/costablanca-magazin.com\/wp-content\/uploads\/2025\/12\/pyramid-of-stones-on-edge-of-private-pool-on-tropi-2025-02-21-03-46-22-utc-spa-300x200.jpg\" class=\"attachment-medium size-medium wp-image-10304\" alt=\"Spa og velv\u00e6re p\u00e5 Costa Blanca\" srcset=\"https:\/\/costablanca-magazin.com\/wp-content\/uploads\/2025\/12\/pyramid-of-stones-on-edge-of-private-pool-on-tropi-2025-02-21-03-46-22-utc-spa-300x200.jpg 300w, https:\/\/costablanca-magazin.com\/wp-content\/uploads\/2025\/12\/pyramid-of-stones-on-edge-of-private-pool-on-tropi-2025-02-21-03-46-22-utc-spa-1024x683.jpg 1024w, https:\/\/costablanca-magazin.com\/wp-content\/uploads\/2025\/12\/pyramid-of-stones-on-edge-of-private-pool-on-tropi-2025-02-21-03-46-22-utc-spa-768x512.jpg 768w, https:\/\/costablanca-magazin.com\/wp-content\/uploads\/2025\/12\/pyramid-of-stones-on-edge-of-private-pool-on-tropi-2025-02-21-03-46-22-utc-spa-1536x1024.jpg 1536w, https:\/\/costablanca-magazin.com\/wp-content\/uploads\/2025\/12\/pyramid-of-stones-on-edge-of-private-pool-on-tropi-2025-02-21-03-46-22-utc-spa-2048x1365.jpg 2048w, https:\/\/costablanca-magazin.com\/wp-content\/uploads\/2025\/12\/pyramid-of-stones-on-edge-of-private-pool-on-tropi-2025-02-21-03-46-22-utc-spa-18x12.jpg 18w\" sizes=\"(max-width: 300px) 100vw, 300px\" \/><\/div><\/a>\n\t\t\t\t<div class=\"elementor-post__badge\">Helse og livsstil<\/div>\n\t\t\t\t<div class=\"elementor-post__text\">\n\t\t\t\t<h2 class=\"elementor-post__title\">\n\t\t\t<a href=\"https:\/\/costablanca-magazin.com\/nb\/residenten\/gesundheit-lifestyle\/costa-blanca-spas-die-besten-wellness-zentren-fuer-sie\/\" >\n\t\t\t\tCosta Blanca Spas \u2013 De beste velv\u00e6resentrene om vinteren\t\t\t<\/a>\n\t\t<\/h2>\n\t\t\t\t<div class=\"elementor-post__excerpt\">\n\t\t\t<p>Costa Blanca Spas \u2013 De beste velv\u00e6resentrene for deg De beste spaene p\u00e5 Costa Blanca: Dagspass, innend\u00f8rsbassenger, badstuer og vintervelv\u00e6re for beboere. De beste adressene fra D\u00e9nia til Torrevieja. For mange beboere er Costa Blanca et sted hvor hverdagen og livskvaliteten er i balanse. Og nettopp da,<\/p>\n\t\t<\/div>\n\t\t\n\t\t<a class=\"elementor-post__read-more\" href=\"https:\/\/costablanca-magazin.com\/nb\/residenten\/gesundheit-lifestyle\/costa-blanca-spas-die-besten-wellness-zentren-fuer-sie\/\" aria-label=\"Read more about Costa Blanca Spas &#8211; Die besten Wellness-Zentren im Winter\" tabindex=\"-1\" >\n\t\t\tLes mer \u00bb\t\t<\/a>\n\n\t\t\t\t<\/div>\n\t\t\t\t\t<\/div>\n\t\t<\/article>\n\t\t\t\t<article class=\"elementor-post elementor-grid-item post-9924 post type-post status-publish format-standard has-post-thumbnail hentry category-gesundheit-lifestyle tag-carsharing-costa-blanca tag-e-bus-altea tag-elektromobilitaet-denia tag-nachhaltige-mobilitaet-costa-blanca tag-park-ride-villajoyosa tag-radwege-villajoyosa\" role=\"listitem\">\n\t\t\t<div class=\"elementor-post__card\">\n\t\t\t\t<a class=\"elementor-post__thumbnail__link\" href=\"https:\/\/costablanca-magazin.com\/nb\/residenten\/gesundheit-lifestyle\/nachhaltige-mobilitaet-an-der-costa-blanca\/\" tabindex=\"-1\" ><div class=\"elementor-post__thumbnail\"><img decoding=\"async\" width=\"300\" height=\"189\" src=\"https:\/\/costablanca-magazin.com\/wp-content\/uploads\/2025\/11\/mature-businesswoman-sitting-on-a-bicycle-represe-2025-10-18-22-32-00-utc-300x189.jpg\" class=\"attachment-medium size-medium wp-image-9977\" alt=\"B\u00e6rekraftig mobilitet p\u00e5 Costa Blanca\" srcset=\"https:\/\/costablanca-magazin.com\/wp-content\/uploads\/2025\/11\/mature-businesswoman-sitting-on-a-bicycle-represe-2025-10-18-22-32-00-utc-300x189.jpg 300w, https:\/\/costablanca-magazin.com\/wp-content\/uploads\/2025\/11\/mature-businesswoman-sitting-on-a-bicycle-represe-2025-10-18-22-32-00-utc-1024x647.jpg 1024w, https:\/\/costablanca-magazin.com\/wp-content\/uploads\/2025\/11\/mature-businesswoman-sitting-on-a-bicycle-represe-2025-10-18-22-32-00-utc-768x485.jpg 768w, https:\/\/costablanca-magazin.com\/wp-content\/uploads\/2025\/11\/mature-businesswoman-sitting-on-a-bicycle-represe-2025-10-18-22-32-00-utc-1536x970.jpg 1536w, https:\/\/costablanca-magazin.com\/wp-content\/uploads\/2025\/11\/mature-businesswoman-sitting-on-a-bicycle-represe-2025-10-18-22-32-00-utc-2048x1293.jpg 2048w, https:\/\/costablanca-magazin.com\/wp-content\/uploads\/2025\/11\/mature-businesswoman-sitting-on-a-bicycle-represe-2025-10-18-22-32-00-utc-18x12.jpg 18w\" sizes=\"(max-width: 300px) 100vw, 300px\" \/><\/div><\/a>\n\t\t\t\t<div class=\"elementor-post__badge\">Helse og livsstil<\/div>\n\t\t\t\t<div class=\"elementor-post__text\">\n\t\t\t\t<h2 class=\"elementor-post__title\">\n\t\t\t<a href=\"https:\/\/costablanca-magazin.com\/nb\/residenten\/gesundheit-lifestyle\/nachhaltige-mobilitaet-an-der-costa-blanca\/\" >\n\t\t\t\tB\u00e6rekraftig mobilitet p\u00e5 Costa Blanca\t\t\t<\/a>\n\t\t<\/h2>\n\t\t\t\t<div class=\"elementor-post__excerpt\">\n\t\t\t<p>B\u00e6rekraftig mobilitet p\u00e5 Costa Blanca Mellom D\u00e9nia og Villajoyosa blir trafikken roligere, renere og mer fellesskapsorientert \u2013 med fokus p\u00e5 elektromobilitet, sykkelveier og delingssystemer. De som i dag beveger seg mellom D\u00e9nia og Villajoyosa, merker forandringen ikke bare p\u00e5 takene, men ogs\u00e5 p\u00e5 veiene. Regionen jobber med \u00e5 omforme trafikken<\/p>\n\t\t<\/div>\n\t\t\n\t\t<a class=\"elementor-post__read-more\" href=\"https:\/\/costablanca-magazin.com\/nb\/residenten\/gesundheit-lifestyle\/nachhaltige-mobilitaet-an-der-costa-blanca\/\" aria-label=\"Read more about Nachhaltige Mobilit\u00e4t an der Costa Blanca\" tabindex=\"-1\" >\n\t\t\tLes mer \u00bb\t\t<\/a>\n\n\t\t\t\t<\/div>\n\t\t\t\t\t<\/div>\n\t\t<\/article>\n\t\t\t\t<article class=\"elementor-post elementor-grid-item post-9459 post type-post status-publish format-standard has-post-thumbnail hentry category-gesundheit-lifestyle tag-feuchtigkeit-wohnung-spanien tag-gesund-wohnen-costa-blanca tag-luftfeuchtigkeit-spanien tag-raumklima-spanien tag-schimmel-atemwege tag-schimmel-costa-blanca tag-schimmel-entfernen tag-schimmel-gesundheit tag-schimmel-symptome tag-schimmel-vorbeugen\" role=\"listitem\">\n\t\t\t<div class=\"elementor-post__card\">\n\t\t\t\t<a class=\"elementor-post__thumbnail__link\" href=\"https:\/\/costablanca-magazin.com\/nb\/residenten\/gesundheit-lifestyle\/gesundheit-costa-blanca-warum-feuchtigkeit-krank-macht\/\" tabindex=\"-1\" ><div class=\"elementor-post__thumbnail\"><img decoding=\"async\" width=\"300\" height=\"200\" src=\"https:\/\/costablanca-magazin.com\/wp-content\/uploads\/2025\/11\/a-woman-s-hand-opens-a-window-with-a-view-of-the-c-2025-03-25-03-20-58-utc-300x200.jpg\" class=\"attachment-medium size-medium wp-image-9463\" alt=\"Mugg og helse p\u00e5 Costa Blanca - hvorfor fukt gj\u00f8r deg syk\" srcset=\"https:\/\/costablanca-magazin.com\/wp-content\/uploads\/2025\/11\/a-woman-s-hand-opens-a-window-with-a-view-of-the-c-2025-03-25-03-20-58-utc-300x200.jpg 300w, https:\/\/costablanca-magazin.com\/wp-content\/uploads\/2025\/11\/a-woman-s-hand-opens-a-window-with-a-view-of-the-c-2025-03-25-03-20-58-utc-1024x683.jpg 1024w, https:\/\/costablanca-magazin.com\/wp-content\/uploads\/2025\/11\/a-woman-s-hand-opens-a-window-with-a-view-of-the-c-2025-03-25-03-20-58-utc-768x512.jpg 768w, https:\/\/costablanca-magazin.com\/wp-content\/uploads\/2025\/11\/a-woman-s-hand-opens-a-window-with-a-view-of-the-c-2025-03-25-03-20-58-utc-18x12.jpg 18w, https:\/\/costablanca-magazin.com\/wp-content\/uploads\/2025\/11\/a-woman-s-hand-opens-a-window-with-a-view-of-the-c-2025-03-25-03-20-58-utc.jpg 1200w\" sizes=\"(max-width: 300px) 100vw, 300px\" \/><\/div><\/a>\n\t\t\t\t<div class=\"elementor-post__badge\">Helse og livsstil<\/div>\n\t\t\t\t<div class=\"elementor-post__text\">\n\t\t\t\t<h2 class=\"elementor-post__title\">\n\t\t\t<a href=\"https:\/\/costablanca-magazin.com\/nb\/residenten\/gesundheit-lifestyle\/gesundheit-costa-blanca-warum-feuchtigkeit-krank-macht\/\" >\n\t\t\t\tHelse Costa Blanca - hvorfor luftfuktighet gj\u00f8r deg syk\t\t\t<\/a>\n\t\t<\/h2>\n\t\t\t\t<div class=\"elementor-post__excerpt\">\n\t\t\t<p>Helse p\u00e5 Costa Blanca - derfor blir du syk av fukt Mugg i boligen er mer enn bare et visuelt problem: Det kan irritere luftveiene, \u00f8ke allergier og gj\u00f8re deg sliten. Slik forebygger du effektivt fukt og mugg p\u00e5 Costa Blanca. Mugg er ikke en skamplett. Det er en usynlig samboer,<\/p>\n\t\t<\/div>\n\t\t\n\t\t<a class=\"elementor-post__read-more\" href=\"https:\/\/costablanca-magazin.com\/nb\/residenten\/gesundheit-lifestyle\/gesundheit-costa-blanca-warum-feuchtigkeit-krank-macht\/\" aria-label=\"Read more about Gesundheit Costa Blanca \u2013 warum Feuchtigkeit krank macht\" tabindex=\"-1\" >\n\t\t\tLes mer \u00bb\t\t<\/a>\n\n\t\t\t\t<\/div>\n\t\t\t\t\t<\/div>\n\t\t<\/article>\n\t\t\t\t<article class=\"elementor-post elementor-grid-item post-9131 post type-post status-publish format-standard has-post-thumbnail hentry category-gesundheit-lifestyle tag-bewegung-und-immunsystem tag-costa-blanca-gesundheit tag-immunsystem-staerken-herbst tag-mediterrane-ernaehrung-herbst tag-regionale-herbstfruechte tag-schlaf-und-abwehrkraefte tag-vitamin-c-aus-der-region\" role=\"listitem\">\n\t\t\t<div class=\"elementor-post__card\">\n\t\t\t\t<a class=\"elementor-post__thumbnail__link\" href=\"https:\/\/costablanca-magazin.com\/nb\/residenten\/gesundheit-lifestyle\/immunsystem-staerken-im-herbst-an-der-costa-blanca\/\" tabindex=\"-1\" ><div class=\"elementor-post__thumbnail\"><img loading=\"lazy\" decoding=\"async\" width=\"200\" height=\"300\" src=\"https:\/\/costablanca-magazin.com\/wp-content\/uploads\/2025\/10\/sliced-and-whole-limes-oranges-and-lemons-on-wood-2024-09-14-10-53-43-utc-200x300.jpg\" class=\"attachment-medium size-medium wp-image-9139\" alt=\"H\u00f8sttid er immunforsvarstid\" srcset=\"https:\/\/costablanca-magazin.com\/wp-content\/uploads\/2025\/10\/sliced-and-whole-limes-oranges-and-lemons-on-wood-2024-09-14-10-53-43-utc-200x300.jpg 200w, https:\/\/costablanca-magazin.com\/wp-content\/uploads\/2025\/10\/sliced-and-whole-limes-oranges-and-lemons-on-wood-2024-09-14-10-53-43-utc-683x1024.jpg 683w, https:\/\/costablanca-magazin.com\/wp-content\/uploads\/2025\/10\/sliced-and-whole-limes-oranges-and-lemons-on-wood-2024-09-14-10-53-43-utc-768x1152.jpg 768w, https:\/\/costablanca-magazin.com\/wp-content\/uploads\/2025\/10\/sliced-and-whole-limes-oranges-and-lemons-on-wood-2024-09-14-10-53-43-utc.jpg 800w\" sizes=\"(max-width: 200px) 100vw, 200px\" \/><\/div><\/a>\n\t\t\t\t<div class=\"elementor-post__badge\">Helse og livsstil<\/div>\n\t\t\t\t<div class=\"elementor-post__text\">\n\t\t\t\t<h2 class=\"elementor-post__title\">\n\t\t\t<a href=\"https:\/\/costablanca-magazin.com\/nb\/residenten\/gesundheit-lifestyle\/immunsystem-staerken-im-herbst-an-der-costa-blanca\/\" >\n\t\t\t\tStyrk immunforsvaret ditt om h\u00f8sten p\u00e5 Costa Blanca\t\t\t<\/a>\n\t\t<\/h2>\n\t\t\t\t<div class=\"elementor-post__excerpt\">\n\t\t\t<p>Styrk immunforsvaret i h\u00f8st - bruk regionale produkter Styrk kroppen med regional frukt, trening, s\u00f8vn og middelhavskost. Tips for et sterkt immunforsvar om h\u00f8sten p\u00e5 Costa Blanca. Sommeren g\u00e5r mot slutten, og den f\u00f8rste friske morgenbrisen er en p\u00e5minnelse om at en ny sesong er i gang. Selv p\u00e5 Costa Blanca<\/p>\n\t\t<\/div>\n\t\t\n\t\t<a class=\"elementor-post__read-more\" href=\"https:\/\/costablanca-magazin.com\/nb\/residenten\/gesundheit-lifestyle\/immunsystem-staerken-im-herbst-an-der-costa-blanca\/\" aria-label=\"Read more about Immunsystem st\u00e4rken im Herbst an der Costa Blanca\" tabindex=\"-1\" >\n\t\t\tLes mer \u00bb\t\t<\/a>\n\n\t\t\t\t<\/div>\n\t\t\t\t\t<\/div>\n\t\t<\/article>\n\t\t\t\t<article class=\"elementor-post elementor-grid-item post-9130 post type-post status-publish format-standard has-post-thumbnail hentry category-gesundheit-lifestyle tag-aktivurlaub-costa-blanca tag-costa-blanca-sport tag-golf-costa-blanca tag-pelota-valenciana tag-radfahren-costa-blanca tag-sport-valencia tag-tennis-padel-costa-blanca tag-wandern-costa-blanca\" role=\"listitem\">\n\t\t\t<div class=\"elementor-post__card\">\n\t\t\t\t<a class=\"elementor-post__thumbnail__link\" href=\"https:\/\/costablanca-magazin.com\/nb\/residenten\/gesundheit-lifestyle\/costa-blanca-aktiv-erleben-sport-natur-im-herbst\/\" tabindex=\"-1\" ><div class=\"elementor-post__thumbnail\"><img loading=\"lazy\" decoding=\"async\" width=\"300\" height=\"158\" src=\"https:\/\/costablanca-magazin.com\/wp-content\/uploads\/2025\/10\/sporty-woman-running-at-the-beach-2025-02-10-08-12-56-utc-300x158.jpg\" class=\"attachment-medium size-medium wp-image-9138\" alt=\"Den sportslige Costa Blanca \u2013 Aktiv mellom fjell og hav\" srcset=\"https:\/\/costablanca-magazin.com\/wp-content\/uploads\/2025\/10\/sporty-woman-running-at-the-beach-2025-02-10-08-12-56-utc-300x158.jpg 300w, https:\/\/costablanca-magazin.com\/wp-content\/uploads\/2025\/10\/sporty-woman-running-at-the-beach-2025-02-10-08-12-56-utc-1024x538.jpg 1024w, https:\/\/costablanca-magazin.com\/wp-content\/uploads\/2025\/10\/sporty-woman-running-at-the-beach-2025-02-10-08-12-56-utc-768x404.jpg 768w, https:\/\/costablanca-magazin.com\/wp-content\/uploads\/2025\/10\/sporty-woman-running-at-the-beach-2025-02-10-08-12-56-utc.jpg 1200w\" sizes=\"(max-width: 300px) 100vw, 300px\" \/><\/div><\/a>\n\t\t\t\t<div class=\"elementor-post__badge\">Helse og livsstil<\/div>\n\t\t\t\t<div class=\"elementor-post__text\">\n\t\t\t\t<h2 class=\"elementor-post__title\">\n\t\t\t<a href=\"https:\/\/costablanca-magazin.com\/nb\/residenten\/gesundheit-lifestyle\/costa-blanca-aktiv-erleben-sport-natur-im-herbst\/\" >\n\t\t\t\tOpplev Costa Blanca aktivt - sport og natur om h\u00f8sten\t\t\t<\/a>\n\t\t<\/h2>\n\t\t\t\t<div class=\"elementor-post__excerpt\">\n\t\t\t<p>Opplev Costa Blanca aktivt - sport og natur om h\u00f8sten Sykling, fotturer, tennis, golf og pelota: Oppdag Costa Blanca om h\u00f8sten med sitt milde klima, sportsmuligheter og middelhavslandskap. N\u00e5r h\u00f8stvinden begynner \u00e5 bl\u00e5se p\u00e5 kysten av Nord-Europa, er det den beste tiden \u00e5 ta p\u00e5 seg joggeskoene p\u00e5 Costa Blanca.<\/p>\n\t\t<\/div>\n\t\t\n\t\t<a class=\"elementor-post__read-more\" href=\"https:\/\/costablanca-magazin.com\/nb\/residenten\/gesundheit-lifestyle\/costa-blanca-aktiv-erleben-sport-natur-im-herbst\/\" aria-label=\"Read more about Costa Blanca aktiv erleben \u2013 Sport &amp; Natur im Herbst\" tabindex=\"-1\" >\n\t\t\tLes mer \u00bb\t\t<\/a>\n\n\t\t\t\t<\/div>\n\t\t\t\t\t<\/div>\n\t\t<\/article>\n\t\t\t\t<article class=\"elementor-post elementor-grid-item post-8866 post type-post status-publish format-standard has-post-thumbnail hentry category-gesundheit-lifestyle tag-achtsamkeit tag-costa-blanca tag-digital-detox tag-digitaler-stress tag-handyfreie-pausen tag-offline-zeit tag-schlaf-verbessern tag-weniger-bildschirm\" role=\"listitem\">\n\t\t\t<div class=\"elementor-post__card\">\n\t\t\t\t<a class=\"elementor-post__thumbnail__link\" href=\"https:\/\/costablanca-magazin.com\/nb\/residenten\/gesundheit-lifestyle\/digital-detox-weniger-bildschirm-mehr-ruhe-im-alltag\/\" tabindex=\"-1\" ><div class=\"elementor-post__thumbnail\"><img loading=\"lazy\" decoding=\"async\" width=\"300\" height=\"200\" src=\"https:\/\/costablanca-magazin.com\/wp-content\/uploads\/2025\/09\/woman-using-cell-phone-at-dining-table-2024-09-22-15-37-52-utc-300x200.jpg\" class=\"attachment-medium size-medium wp-image-8867\" alt=\"Digital detox \u2013 hvorfor mindre skjermtid virkelig er bra for oss\" srcset=\"https:\/\/costablanca-magazin.com\/wp-content\/uploads\/2025\/09\/woman-using-cell-phone-at-dining-table-2024-09-22-15-37-52-utc-300x200.jpg 300w, https:\/\/costablanca-magazin.com\/wp-content\/uploads\/2025\/09\/woman-using-cell-phone-at-dining-table-2024-09-22-15-37-52-utc-1024x683.jpg 1024w, https:\/\/costablanca-magazin.com\/wp-content\/uploads\/2025\/09\/woman-using-cell-phone-at-dining-table-2024-09-22-15-37-52-utc-768x512.jpg 768w, https:\/\/costablanca-magazin.com\/wp-content\/uploads\/2025\/09\/woman-using-cell-phone-at-dining-table-2024-09-22-15-37-52-utc.jpg 1200w\" sizes=\"(max-width: 300px) 100vw, 300px\" \/><\/div><\/a>\n\t\t\t\t<div class=\"elementor-post__badge\">Helse og livsstil<\/div>\n\t\t\t\t<div class=\"elementor-post__text\">\n\t\t\t\t<h2 class=\"elementor-post__title\">\n\t\t\t<a href=\"https:\/\/costablanca-magazin.com\/nb\/residenten\/gesundheit-lifestyle\/digital-detox-weniger-bildschirm-mehr-ruhe-im-alltag\/\" >\n\t\t\t\tDigital detox - mindre skjerm, mer ro i hverdagen\t\t\t<\/a>\n\t\t<\/h2>\n\t\t\t\t<div class=\"elementor-post__excerpt\">\n\t\t\t<p>Digital detox - f\u00e6rre skjermer, mer fred og ro i hverdagen Hvordan bevisste pauser fra smarttelefoner &amp; co. reduserer stress, forbedrer s\u00f8vnen og gir ekte avslapning - for mer balanse og livskvalitet. Etter sommerferien er kalenderen raskt full igjen: jobb, avtaler, familiens WhatsApp-grupper og den konstante str\u00f8mmen av meldinger.<\/p>\n\t\t<\/div>\n\t\t\n\t\t<a class=\"elementor-post__read-more\" href=\"https:\/\/costablanca-magazin.com\/nb\/residenten\/gesundheit-lifestyle\/digital-detox-weniger-bildschirm-mehr-ruhe-im-alltag\/\" aria-label=\"Read more about Digital Detox &#8211; Weniger Bildschirm, mehr Ruhe im Alltag\" tabindex=\"-1\" >\n\t\t\tLes mer \u00bb\t\t<\/a>\n\n\t\t\t\t<\/div>\n\t\t\t\t\t<\/div>\n\t\t<\/article>\n\t\t\t\t<article class=\"elementor-post elementor-grid-item post-8447 post type-post status-publish format-standard has-post-thumbnail hentry category-gesundheit-lifestyle tag-blaue-zone tag-costa-blanca-2 tag-gesund-aelter-werden tag-langes-leben tag-mediterrane-ernaehrung tag-soziale-naehe\" role=\"listitem\">\n\t\t\t<div class=\"elementor-post__card\">\n\t\t\t\t<a class=\"elementor-post__thumbnail__link\" href=\"https:\/\/costablanca-magazin.com\/nb\/residenten\/gesundheit-lifestyle\/langes-leben-an-der-costa-blanca-blaue-zonen-rezepte\/\" tabindex=\"-1\" ><div class=\"elementor-post__thumbnail\"><img loading=\"lazy\" decoding=\"async\" width=\"300\" height=\"126\" src=\"https:\/\/costablanca-magazin.com\/wp-content\/uploads\/2025\/08\/three-people-walking-down-a-sandy-beach-towards-th-2025-02-02-13-18-07-utc-scaled-e1755256684127-300x126.jpg\" class=\"attachment-medium size-medium wp-image-8448\" alt=\"Bl\u00e5 sone Costa Blanca? Hvorfor livet her ofte varer lenger\" srcset=\"https:\/\/costablanca-magazin.com\/wp-content\/uploads\/2025\/08\/three-people-walking-down-a-sandy-beach-towards-th-2025-02-02-13-18-07-utc-scaled-e1755256684127-300x126.jpg 300w, https:\/\/costablanca-magazin.com\/wp-content\/uploads\/2025\/08\/three-people-walking-down-a-sandy-beach-towards-th-2025-02-02-13-18-07-utc-scaled-e1755256684127-768x323.jpg 768w, https:\/\/costablanca-magazin.com\/wp-content\/uploads\/2025\/08\/three-people-walking-down-a-sandy-beach-towards-th-2025-02-02-13-18-07-utc-scaled-e1755256684127-1536x645.jpg 1536w, https:\/\/costablanca-magazin.com\/wp-content\/uploads\/2025\/08\/three-people-walking-down-a-sandy-beach-towards-th-2025-02-02-13-18-07-utc-scaled-e1755256684127-2048x860.jpg 2048w\" sizes=\"(max-width: 300px) 100vw, 300px\" \/><\/div><\/a>\n\t\t\t\t<div class=\"elementor-post__badge\">Helse og livsstil<\/div>\n\t\t\t\t<div class=\"elementor-post__text\">\n\t\t\t\t<h2 class=\"elementor-post__title\">\n\t\t\t<a href=\"https:\/\/costablanca-magazin.com\/nb\/residenten\/gesundheit-lifestyle\/langes-leben-an-der-costa-blanca-blaue-zonen-rezepte\/\" >\n\t\t\t\tEt langt liv p\u00e5 Costa Blanca - oppskrifter fra Blue Zone\t\t\t<\/a>\n\t\t<\/h2>\n\t\t\t\t<div class=\"elementor-post__excerpt\">\n\t\t\t<p>Langt liv p\u00e5 Costa Blanca - bl\u00e5 sone-oppskrifter Middelhavskost, sol, mosjon og sosialt samv\u00e6r - hvordan vaner p\u00e5 Costa Blanca bidrar til bedre livskvalitet og vitalitet. \u201cBl\u00e5 soner\u201d - det er det forskerne kaller regioner der folk blir spesielt gamle. Offisielt er dette steder som Okinawa i Japan eller<\/p>\n\t\t<\/div>\n\t\t\n\t\t<a class=\"elementor-post__read-more\" href=\"https:\/\/costablanca-magazin.com\/nb\/residenten\/gesundheit-lifestyle\/langes-leben-an-der-costa-blanca-blaue-zonen-rezepte\/\" aria-label=\"Read more about Langes Leben an der Costa Blanca \u2013 Blaue-Zonen-Rezepte\" tabindex=\"-1\" >\n\t\t\tLes mer \u00bb\t\t<\/a>\n\n\t\t\t\t<\/div>\n\t\t\t\t\t<\/div>\n\t\t<\/article>\n\t\t\t\t<article class=\"elementor-post elementor-grid-item post-7996 post type-post status-publish format-standard has-post-thumbnail hentry category-gesundheit-lifestyle tag-achtsamkeit-gesundheit tag-beschwerden-beobachten tag-gesundheitsbewusstsein-alltag tag-koerpersignale-erkennen tag-reflux-ernaehrung tag-selbstwahrnehmung-staerken\" role=\"listitem\">\n\t\t\t<div class=\"elementor-post__card\">\n\t\t\t\t<a class=\"elementor-post__thumbnail__link\" href=\"https:\/\/costablanca-magazin.com\/nb\/residenten\/gesundheit-lifestyle\/gesund-durch-achtsamkeit-wenn-der-koerper-uns-was-fluestert\/\" tabindex=\"-1\" ><div class=\"elementor-post__thumbnail\"><img loading=\"lazy\" decoding=\"async\" width=\"300\" height=\"205\" src=\"https:\/\/costablanca-magazin.com\/wp-content\/uploads\/2025\/07\/cropped-shot-of-a-sporty-young-woman-making-a-hear-2025-04-05-21-36-00-utc-300x205.jpg\" class=\"attachment-medium size-medium wp-image-8047\" alt=\"Sunn gjennom oppmerksomhet: N\u00e5r kroppen hvisker til oss\" srcset=\"https:\/\/costablanca-magazin.com\/wp-content\/uploads\/2025\/07\/cropped-shot-of-a-sporty-young-woman-making-a-hear-2025-04-05-21-36-00-utc-300x205.jpg 300w, https:\/\/costablanca-magazin.com\/wp-content\/uploads\/2025\/07\/cropped-shot-of-a-sporty-young-woman-making-a-hear-2025-04-05-21-36-00-utc-1024x698.jpg 1024w, https:\/\/costablanca-magazin.com\/wp-content\/uploads\/2025\/07\/cropped-shot-of-a-sporty-young-woman-making-a-hear-2025-04-05-21-36-00-utc-768x524.jpg 768w, https:\/\/costablanca-magazin.com\/wp-content\/uploads\/2025\/07\/cropped-shot-of-a-sporty-young-woman-making-a-hear-2025-04-05-21-36-00-utc-1536x1047.jpg 1536w, https:\/\/costablanca-magazin.com\/wp-content\/uploads\/2025\/07\/cropped-shot-of-a-sporty-young-woman-making-a-hear-2025-04-05-21-36-00-utc-2048x1396.jpg 2048w\" sizes=\"(max-width: 300px) 100vw, 300px\" \/><\/div><\/a>\n\t\t\t\t<div class=\"elementor-post__badge\">Helse og livsstil<\/div>\n\t\t\t\t<div class=\"elementor-post__text\">\n\t\t\t\t<h2 class=\"elementor-post__title\">\n\t\t\t<a href=\"https:\/\/costablanca-magazin.com\/nb\/residenten\/gesundheit-lifestyle\/gesund-durch-achtsamkeit-wenn-der-koerper-uns-was-fluestert\/\" >\n\t\t\t\tSunn gjennom mindfulness - n\u00e5r kroppen hvisker noe til oss\t\t\t<\/a>\n\t\t<\/h2>\n\t\t\t\t<div class=\"elementor-post__excerpt\">\n\t\t\t<p>Sunn gjennom mindfulness - n\u00e5r kroppen hvisker noe til oss Mellom legebes\u00f8k og personlig ansvar: Hvorfor selvinnsikt ofte er f\u00f8rste skritt mot helse. Ikke alle plager f\u00f8rer automatisk til et bes\u00f8k p\u00e5 legekontoret. Spesielt n\u00e5r det gjelder diffuse plager, intoleranser eller kroniske lidelser, spiller en helt annen sak en avgj\u00f8rende rolle, som i<\/p>\n\t\t<\/div>\n\t\t\n\t\t<a class=\"elementor-post__read-more\" href=\"https:\/\/costablanca-magazin.com\/nb\/residenten\/gesundheit-lifestyle\/gesund-durch-achtsamkeit-wenn-der-koerper-uns-was-fluestert\/\" aria-label=\"Read more about Gesund durch Achtsamkeit &#8211; Wenn der K\u00f6rper uns was fl\u00fcstert\" tabindex=\"-1\" >\n\t\t\tLes mer \u00bb\t\t<\/a>\n\n\t\t\t\t<\/div>\n\t\t\t\t\t<\/div>\n\t\t<\/article>\n\t\t\t\t<article class=\"elementor-post elementor-grid-item post-7651 post type-post status-publish format-standard has-post-thumbnail hentry category-gesundheit-lifestyle tag-hautschutz-sonne tag-richtige-sonnencreme tag-sonnenschutz tag-sonnenschutz-costablanca\" role=\"listitem\">\n\t\t\t<div class=\"elementor-post__card\">\n\t\t\t\t<a class=\"elementor-post__thumbnail__link\" href=\"https:\/\/costablanca-magazin.com\/nb\/residenten\/gesundheit-lifestyle\/richtiger-sonnenschutz-unbesorgt-die-costa-geniessen\/\" tabindex=\"-1\" ><div class=\"elementor-post__thumbnail\"><img loading=\"lazy\" decoding=\"async\" width=\"200\" height=\"300\" src=\"https:\/\/costablanca-magazin.com\/wp-content\/uploads\/2025\/06\/portugal-family-running-on-beach-2024-09-23-03-34-22-utc-200x300.jpg\" class=\"attachment-medium size-medium wp-image-7663\" alt=\"Solbeskyttelse p\u00e5 Costa Blanca: lys, liv - og ansvar\" srcset=\"https:\/\/costablanca-magazin.com\/wp-content\/uploads\/2025\/06\/portugal-family-running-on-beach-2024-09-23-03-34-22-utc-200x300.jpg 200w, https:\/\/costablanca-magazin.com\/wp-content\/uploads\/2025\/06\/portugal-family-running-on-beach-2024-09-23-03-34-22-utc-681x1024.jpg 681w, https:\/\/costablanca-magazin.com\/wp-content\/uploads\/2025\/06\/portugal-family-running-on-beach-2024-09-23-03-34-22-utc-768x1155.jpg 768w, https:\/\/costablanca-magazin.com\/wp-content\/uploads\/2025\/06\/portugal-family-running-on-beach-2024-09-23-03-34-22-utc.jpg 798w\" sizes=\"(max-width: 200px) 100vw, 200px\" \/><\/div><\/a>\n\t\t\t\t<div class=\"elementor-post__badge\">Helse og livsstil<\/div>\n\t\t\t\t<div class=\"elementor-post__text\">\n\t\t\t\t<h2 class=\"elementor-post__title\">\n\t\t\t<a href=\"https:\/\/costablanca-magazin.com\/nb\/residenten\/gesundheit-lifestyle\/richtiger-sonnenschutz-unbesorgt-die-costa-geniessen\/\" >\n\t\t\t\tRiktig solbeskyttelse Nyt Costa Blanca uten bekymringer\t\t\t<\/a>\n\t\t<\/h2>\n\t\t\t\t<div class=\"elementor-post__excerpt\">\n\t\t\t<p>Den rette solbeskyttelsen p\u00e5 Costa Blanca Alle som bor permanent p\u00e5 Middelhavskysten, b\u00f8r ikke bare nyte solen, men ogs\u00e5 forst\u00e5 den. Hvorfor beskyttelse er mer enn et r\u00f8r med krem P\u00e5 Costa Blanca setter solen dagens rytme - den varmer, vekker og gir livet utenfor sitt<\/p>\n\t\t<\/div>\n\t\t\n\t\t<a class=\"elementor-post__read-more\" href=\"https:\/\/costablanca-magazin.com\/nb\/residenten\/gesundheit-lifestyle\/richtiger-sonnenschutz-unbesorgt-die-costa-geniessen\/\" aria-label=\"Read more about Richtiger Sonnenschutz Unbesorgt die Costa Blanca geniessen\" tabindex=\"-1\" >\n\t\t\tLes mer \u00bb\t\t<\/a>\n\n\t\t\t\t<\/div>\n\t\t\t\t\t<\/div>\n\t\t<\/article>\n\t\t\t\t<article class=\"elementor-post elementor-grid-item post-6919 post type-post status-publish format-standard has-post-thumbnail hentry category-gesundheit-lifestyle tag-diaet tag-gesunde-ernaehrung tag-gewicht-verlieren tag-saft-diaet tag-saftkur\" role=\"listitem\">\n\t\t\t<div class=\"elementor-post__card\">\n\t\t\t\t<a class=\"elementor-post__thumbnail__link\" href=\"https:\/\/costablanca-magazin.com\/nb\/residenten\/gesundheit-lifestyle\/saftkur-neustart-im-glas-oder-naehrstoff-falle\/\" tabindex=\"-1\" ><div class=\"elementor-post__thumbnail\"><img loading=\"lazy\" decoding=\"async\" width=\"300\" height=\"200\" src=\"https:\/\/costablanca-magazin.com\/wp-content\/uploads\/2025\/05\/glasses-with-different-fruit-or-vegetable-juices-2024-09-28-03-02-26-utc-300x200.jpg\" class=\"attachment-medium size-medium wp-image-6955\" alt=\"Saftkur: Ny start i glasset eller n\u00e6ringsfelle?\" srcset=\"https:\/\/costablanca-magazin.com\/wp-content\/uploads\/2025\/05\/glasses-with-different-fruit-or-vegetable-juices-2024-09-28-03-02-26-utc-300x200.jpg 300w, https:\/\/costablanca-magazin.com\/wp-content\/uploads\/2025\/05\/glasses-with-different-fruit-or-vegetable-juices-2024-09-28-03-02-26-utc-1024x683.jpg 1024w, https:\/\/costablanca-magazin.com\/wp-content\/uploads\/2025\/05\/glasses-with-different-fruit-or-vegetable-juices-2024-09-28-03-02-26-utc-768x512.jpg 768w, https:\/\/costablanca-magazin.com\/wp-content\/uploads\/2025\/05\/glasses-with-different-fruit-or-vegetable-juices-2024-09-28-03-02-26-utc.jpg 1200w\" sizes=\"(max-width: 300px) 100vw, 300px\" \/><\/div><\/a>\n\t\t\t\t<div class=\"elementor-post__badge\">Helse og livsstil<\/div>\n\t\t\t\t<div class=\"elementor-post__text\">\n\t\t\t\t<h2 class=\"elementor-post__title\">\n\t\t\t<a href=\"https:\/\/costablanca-magazin.com\/nb\/residenten\/gesundheit-lifestyle\/saftkur-neustart-im-glas-oder-naehrstoff-falle\/\" >\n\t\t\t\tJuicekur - en ny start i glasset eller en n\u00e6ringsfelle?\t\t\t<\/a>\n\t\t<\/h2>\n\t\t\t\t<div class=\"elementor-post__excerpt\">\n\t\t\t<p>Juicekur - en ny start i glasset eller en n\u00e6ringsfelle? Enten det er detox-rituale eller slankeillusjon - en femdagers juicekur lover mye. Men hva oppn\u00e5r den egentlig? En selvtest mellom nytelse, detox og erkjennelse Solmodne appelsiner, knasende agurker, fersk ingef\u00e6r - bor du p\u00e5 Costa Blanca, har du det beste av det beste for en juicekur praktisk talt rett ved fingertuppene.<\/p>\n\t\t<\/div>\n\t\t\n\t\t<a class=\"elementor-post__read-more\" href=\"https:\/\/costablanca-magazin.com\/nb\/residenten\/gesundheit-lifestyle\/saftkur-neustart-im-glas-oder-naehrstoff-falle\/\" aria-label=\"Read more about Saftkur &#8211; Neustart im Glas oder N\u00e4hrstoff-Falle?\" tabindex=\"-1\" >\n\t\t\tLes mer \u00bb\t\t<\/a>\n\n\t\t\t\t<\/div>\n\t\t\t\t\t<\/div>\n\t\t<\/article>\n\t\t\t\t<article class=\"elementor-post elementor-grid-item post-5141 post type-post status-publish format-standard has-post-thumbnail hentry category-gesundheit-lifestyle tag-antriebslosigkeit tag-bewegung tag-blutdruck tag-costa-blanca-2 tag-energie tag-frische-luft tag-fruehjahrsmuedigkeit tag-fruehling tag-fruehlingserwachen tag-fruehlingsfit tag-gesunde-ernaehrung tag-kreislauf tag-mediterrane-kost tag-melatonin tag-muedigkeit tag-natur tag-powernap tag-serotonin tag-siesta tag-sonnenlicht tag-spaziergang tag-sport tag-vitamin-d tag-wandern\" role=\"listitem\">\n\t\t\t<div class=\"elementor-post__card\">\n\t\t\t\t<a class=\"elementor-post__thumbnail__link\" href=\"https:\/\/costablanca-magazin.com\/nb\/residenten\/gesundheit-lifestyle\/fruehjahrsmuedigkeit-start-voller-energie-in-die-warme-jahreszeit\/\" tabindex=\"-1\" ><div class=\"elementor-post__thumbnail\"><img loading=\"lazy\" decoding=\"async\" width=\"300\" height=\"179\" src=\"https:\/\/costablanca-magazin.com\/wp-content\/uploads\/2025\/03\/young-man-jogging-in-the-morning-2024-09-22-14-03-22-utc-300x179.jpg\" class=\"attachment-medium size-medium wp-image-5142\" alt=\"Si farvel til v\u00e5rtretthet: hvordan du starter den varme sesongen full av energi!\" srcset=\"https:\/\/costablanca-magazin.com\/wp-content\/uploads\/2025\/03\/young-man-jogging-in-the-morning-2024-09-22-14-03-22-utc-300x179.jpg 300w, https:\/\/costablanca-magazin.com\/wp-content\/uploads\/2025\/03\/young-man-jogging-in-the-morning-2024-09-22-14-03-22-utc-1024x611.jpg 1024w, https:\/\/costablanca-magazin.com\/wp-content\/uploads\/2025\/03\/young-man-jogging-in-the-morning-2024-09-22-14-03-22-utc-768x458.jpg 768w, https:\/\/costablanca-magazin.com\/wp-content\/uploads\/2025\/03\/young-man-jogging-in-the-morning-2024-09-22-14-03-22-utc-1536x917.jpg 1536w, https:\/\/costablanca-magazin.com\/wp-content\/uploads\/2025\/03\/young-man-jogging-in-the-morning-2024-09-22-14-03-22-utc-2048x1222.jpg 2048w\" sizes=\"(max-width: 300px) 100vw, 300px\" \/><\/div><\/a>\n\t\t\t\t<div class=\"elementor-post__badge\">Helse og livsstil<\/div>\n\t\t\t\t<div class=\"elementor-post__text\">\n\t\t\t\t<h2 class=\"elementor-post__title\">\n\t\t\t<a href=\"https:\/\/costablanca-magazin.com\/nb\/residenten\/gesundheit-lifestyle\/fruehjahrsmuedigkeit-start-voller-energie-in-die-warme-jahreszeit\/\" >\n\t\t\t\tV\u00e5rtretthet - start den varme \u00e5rstiden full av energi!\t\t\t<\/a>\n\t\t<\/h2>\n\t\t\t\t<div class=\"elementor-post__excerpt\">\n\t\t\t<p>Si farvel til v\u00e5rtretthet: Slik starter du den varme \u00e5rstiden full av energi! De beste strategiene for \u00e5 bekjempe sesongens energitap Vinteren er over, solen er p\u00e5 vei tilbake og de f\u00f8rste plantene blomstrer overalt - det perfekte \u00f8yeblikket for \u00e5 starte dagen full av energi. Men i stedet er det mange som f\u00f8ler seg<\/p>\n\t\t<\/div>\n\t\t\n\t\t<a class=\"elementor-post__read-more\" href=\"https:\/\/costablanca-magazin.com\/nb\/residenten\/gesundheit-lifestyle\/fruehjahrsmuedigkeit-start-voller-energie-in-die-warme-jahreszeit\/\" aria-label=\"Read more about Fr\u00fchjahrsm\u00fcdigkeit &#8211; Start voller Energie in die warme Jahreszeit!\" tabindex=\"-1\" >\n\t\t\tLes mer \u00bb\t\t<\/a>\n\n\t\t\t\t<\/div>\n\t\t\t\t\t<\/div>\n\t\t<\/article>\n\t\t\t\t<article class=\"elementor-post elementor-grid-item post-4218 post type-post status-publish format-standard has-post-thumbnail hentry category-gesundheit-lifestyle tag-costa-blanca tag-gesundheit-an-der-costa-blanca tag-gesundheits-system-costa-blanca tag-gesundheits-system-neuerung\" role=\"listitem\">\n\t\t\t<div class=\"elementor-post__card\">\n\t\t\t\t<a class=\"elementor-post__thumbnail__link\" href=\"https:\/\/costablanca-magazin.com\/nb\/residenten\/gesundheit-lifestyle\/costa-blanca-digitale-revolution-in-der-gesundheits-versorgung\/\" tabindex=\"-1\" ><div class=\"elementor-post__thumbnail\"><img loading=\"lazy\" decoding=\"async\" width=\"300\" height=\"169\" src=\"https:\/\/costablanca-magazin.com\/wp-content\/uploads\/2025\/01\/african-american-patient-going-in-medical-office-w-2023-11-27-05-11-09-utc-300x169.jpg\" class=\"attachment-medium size-medium wp-image-4219\" alt=\"Digital revolusjon i helsevesenet\" srcset=\"https:\/\/costablanca-magazin.com\/wp-content\/uploads\/2025\/01\/african-american-patient-going-in-medical-office-w-2023-11-27-05-11-09-utc-300x169.jpg 300w, https:\/\/costablanca-magazin.com\/wp-content\/uploads\/2025\/01\/african-american-patient-going-in-medical-office-w-2023-11-27-05-11-09-utc-1024x576.jpg 1024w, https:\/\/costablanca-magazin.com\/wp-content\/uploads\/2025\/01\/african-american-patient-going-in-medical-office-w-2023-11-27-05-11-09-utc-768x432.jpg 768w, https:\/\/costablanca-magazin.com\/wp-content\/uploads\/2025\/01\/african-american-patient-going-in-medical-office-w-2023-11-27-05-11-09-utc.jpg 1200w\" sizes=\"(max-width: 300px) 100vw, 300px\" \/><\/div><\/a>\n\t\t\t\t<div class=\"elementor-post__badge\">Helse og livsstil<\/div>\n\t\t\t\t<div class=\"elementor-post__text\">\n\t\t\t\t<h2 class=\"elementor-post__title\">\n\t\t\t<a href=\"https:\/\/costablanca-magazin.com\/nb\/residenten\/gesundheit-lifestyle\/costa-blanca-digitale-revolution-in-der-gesundheits-versorgung\/\" >\n\t\t\t\tCosta Blanca - Digital revolusjon innen helsetjenester\t\t\t<\/a>\n\t\t<\/h2>\n\t\t\t\t<div class=\"elementor-post__excerpt\">\n\t\t\t<p>Digital revolusjon i helsevesenet Mer effektive prosesser p\u00e5 klinikkene i Alicante: Med nye terminaler og skjermer vil helsevesenet redusere ventetider og byr\u00e5krati. Et fullt venterom, endel\u00f8se k\u00f8er ved registreringsskranken og den ubehagelige f\u00f8lelsen av \u00e5 bli ropt opp foran hele teamet - slike scener skal snart h\u00f8re fortiden til p\u00e5 Alicantes helsesentre.<\/p>\n\t\t<\/div>\n\t\t\n\t\t<a class=\"elementor-post__read-more\" href=\"https:\/\/costablanca-magazin.com\/nb\/residenten\/gesundheit-lifestyle\/costa-blanca-digitale-revolution-in-der-gesundheits-versorgung\/\" aria-label=\"Read more about Costa Blanca &#8211; Digitale Revolution in der Gesundheits-Versorgung\" tabindex=\"-1\" >\n\t\t\tLes mer \u00bb\t\t<\/a>\n\n\t\t\t\t<\/div>\n\t\t\t\t\t<\/div>\n\t\t<\/article>\n\t\t\t\t<article class=\"elementor-post elementor-grid-item post-4021 post type-post status-publish format-standard has-post-thumbnail hentry category-gesundheit-lifestyle tag-costa-blanca tag-prozessionsspinner-raupen-an-der-costa-blanca tag-prozessionsspinner-raupen-zeit\" role=\"listitem\">\n\t\t\t<div class=\"elementor-post__card\">\n\t\t\t\t<a class=\"elementor-post__thumbnail__link\" href=\"https:\/\/costablanca-magazin.com\/nb\/residenten\/gesundheit-lifestyle\/kleine-gefahr-mit-grosser-wirkung-vorsicht-vor-prozessionsspinner-raupen\/\" tabindex=\"-1\" ><div class=\"elementor-post__thumbnail\"><img loading=\"lazy\" decoding=\"async\" width=\"300\" height=\"200\" src=\"https:\/\/costablanca-magazin.com\/wp-content\/uploads\/2025\/01\/Fotolia_50212638_M-300x200.jpg\" class=\"attachment-medium size-medium wp-image-4031\" alt=\"Liten fare med stor virkning: V\u00e6r forsiktig med prosesjonsspinner-larver\" srcset=\"https:\/\/costablanca-magazin.com\/wp-content\/uploads\/2025\/01\/Fotolia_50212638_M-300x200.jpg 300w, https:\/\/costablanca-magazin.com\/wp-content\/uploads\/2025\/01\/Fotolia_50212638_M-1024x682.jpg 1024w, https:\/\/costablanca-magazin.com\/wp-content\/uploads\/2025\/01\/Fotolia_50212638_M-768x511.jpg 768w, https:\/\/costablanca-magazin.com\/wp-content\/uploads\/2025\/01\/Fotolia_50212638_M.jpg 1200w\" sizes=\"(max-width: 300px) 100vw, 300px\" \/><\/div><\/a>\n\t\t\t\t<div class=\"elementor-post__badge\">Helse og livsstil<\/div>\n\t\t\t\t<div class=\"elementor-post__text\">\n\t\t\t\t<h2 class=\"elementor-post__title\">\n\t\t\t<a href=\"https:\/\/costablanca-magazin.com\/nb\/residenten\/gesundheit-lifestyle\/kleine-gefahr-mit-grosser-wirkung-vorsicht-vor-prozessionsspinner-raupen\/\" >\n\t\t\t\tLiten fare med stor innvirkning - pass deg for prosesjonsm\u00f8llarver\t\t\t<\/a>\n\t\t<\/h2>\n\t\t\t\t<div class=\"elementor-post__excerpt\">\n\t\t\t<p>Liten fare med stor effekt: Pass deg for prosesjonslarver Allergirisiko om v\u00e5ren - Slik beskytter du mennesker og dyr. V\u00e5ren markerer ogs\u00e5 starten p\u00e5 sesongen for prosesjonsm\u00f8llarver (spansk: procesionaria) p\u00e5 Costa Blanca. Larvene er s\u00e6rlig utbredt i omr\u00e5der med furu, eik eller sedertre - en fascinerende<\/p>\n\t\t<\/div>\n\t\t\n\t\t<a class=\"elementor-post__read-more\" href=\"https:\/\/costablanca-magazin.com\/nb\/residenten\/gesundheit-lifestyle\/kleine-gefahr-mit-grosser-wirkung-vorsicht-vor-prozessionsspinner-raupen\/\" aria-label=\"Read more about Kleine Gefahr mit gro\u00dfer Wirkung &#8211; Vorsicht vor Prozessionsspinner-Raupen\" tabindex=\"-1\" >\n\t\t\tLes mer \u00bb\t\t<\/a>\n\n\t\t\t\t<\/div>\n\t\t\t\t\t<\/div>\n\t\t<\/article>\n\t\t\t\t<article class=\"elementor-post elementor-grid-item post-2577 post type-post status-publish format-standard has-post-thumbnail hentry category-gesundheit-lifestyle tag-gesund-durch-den-winter-costa-blanca tag-gesundheit tag-richtige-ernaehrung-im-winter\" role=\"listitem\">\n\t\t\t<div class=\"elementor-post__card\">\n\t\t\t\t<a class=\"elementor-post__thumbnail__link\" href=\"https:\/\/costablanca-magazin.com\/nb\/residenten\/gesundheit-lifestyle\/gesund-durch-den-winter-in-marina-baja-und-marina-alta\/\" tabindex=\"-1\" ><div class=\"elementor-post__thumbnail\"><img loading=\"lazy\" decoding=\"async\" width=\"300\" height=\"139\" src=\"https:\/\/costablanca-magazin.com\/wp-content\/uploads\/2024\/10\/healthy-vegetarian-dieting-winter-breakfast-in-bed-2023-11-27-05-28-48-utc-300x139.jpg\" class=\"attachment-medium size-medium wp-image-2578\" alt=\"Frisk gjennom vinteren i Marina Baja og Marina Alta\" srcset=\"https:\/\/costablanca-magazin.com\/wp-content\/uploads\/2024\/10\/healthy-vegetarian-dieting-winter-breakfast-in-bed-2023-11-27-05-28-48-utc-300x139.jpg 300w, https:\/\/costablanca-magazin.com\/wp-content\/uploads\/2024\/10\/healthy-vegetarian-dieting-winter-breakfast-in-bed-2023-11-27-05-28-48-utc-1024x476.jpg 1024w, https:\/\/costablanca-magazin.com\/wp-content\/uploads\/2024\/10\/healthy-vegetarian-dieting-winter-breakfast-in-bed-2023-11-27-05-28-48-utc-768x357.jpg 768w, https:\/\/costablanca-magazin.com\/wp-content\/uploads\/2024\/10\/healthy-vegetarian-dieting-winter-breakfast-in-bed-2023-11-27-05-28-48-utc-1536x713.jpg 1536w, https:\/\/costablanca-magazin.com\/wp-content\/uploads\/2024\/10\/healthy-vegetarian-dieting-winter-breakfast-in-bed-2023-11-27-05-28-48-utc-2048x951.jpg 2048w\" sizes=\"(max-width: 300px) 100vw, 300px\" \/><\/div><\/a>\n\t\t\t\t<div class=\"elementor-post__badge\">Helse og livsstil<\/div>\n\t\t\t\t<div class=\"elementor-post__text\">\n\t\t\t\t<h2 class=\"elementor-post__title\">\n\t\t\t<a href=\"https:\/\/costablanca-magazin.com\/nb\/residenten\/gesundheit-lifestyle\/gesund-durch-den-winter-in-marina-baja-und-marina-alta\/\" >\n\t\t\t\tFrisk gjennom vinteren i Marina Baja og Marina Alta\t\t\t<\/a>\n\t\t<\/h2>\n\t\t\t\t<div class=\"elementor-post__excerpt\">\n\t\t\t<p>Frisk gjennom vinteren i Marina Baja og Marina Alta Selv med det milde klimaet p\u00e5 Costa Blanca er det viktig \u00e5 styrke immunforsvaret og beskytte seg mot vinterforkj\u00f8lelser. Hva b\u00f8r du tenke p\u00e5 for \u00e5 komme deg gjennom den kalde \u00e5rstiden med god helse? Utnytt dagslyset og kom deg ut i frisk luft<\/p>\n\t\t<\/div>\n\t\t\n\t\t<a class=\"elementor-post__read-more\" href=\"https:\/\/costablanca-magazin.com\/nb\/residenten\/gesundheit-lifestyle\/gesund-durch-den-winter-in-marina-baja-und-marina-alta\/\" aria-label=\"Read more about Gesund durch den Winter in Marina Baja und Marina Alta\" tabindex=\"-1\" >\n\t\t\tLes mer \u00bb\t\t<\/a>\n\n\t\t\t\t<\/div>\n\t\t\t\t\t<\/div>\n\t\t<\/article>\n\t\t\t\t<article class=\"elementor-post elementor-grid-item post-1976 post type-post status-publish format-standard has-post-thumbnail hentry category-gesundheit-lifestyle tag-mediterrane-ernaehrung tag-mittelmeer-diaet\" role=\"listitem\">\n\t\t\t<div class=\"elementor-post__card\">\n\t\t\t\t<a class=\"elementor-post__thumbnail__link\" href=\"https:\/\/costablanca-magazin.com\/nb\/residenten\/gesundheit-lifestyle\/der-geschmack-des-mittelmeers-mediterranen-ernaehrung-im-alltag\/\" tabindex=\"-1\" ><div class=\"elementor-post__thumbnail\"><img loading=\"lazy\" decoding=\"async\" width=\"206\" height=\"300\" src=\"https:\/\/costablanca-magazin.com\/wp-content\/uploads\/2024\/09\/Mittelmeer-Diat4-206x300.jpg\" class=\"attachment-medium size-medium wp-image-1977\" alt=\"Middelhavskosthold\" srcset=\"https:\/\/costablanca-magazin.com\/wp-content\/uploads\/2024\/09\/Mittelmeer-Diat4-206x300.jpg 206w, https:\/\/costablanca-magazin.com\/wp-content\/uploads\/2024\/09\/Mittelmeer-Diat4-702x1024.jpg 702w, https:\/\/costablanca-magazin.com\/wp-content\/uploads\/2024\/09\/Mittelmeer-Diat4-768x1120.jpg 768w, https:\/\/costablanca-magazin.com\/wp-content\/uploads\/2024\/09\/Mittelmeer-Diat4-1053x1536.jpg 1053w, https:\/\/costablanca-magazin.com\/wp-content\/uploads\/2024\/09\/Mittelmeer-Diat4-1405x2048.jpg 1405w, https:\/\/costablanca-magazin.com\/wp-content\/uploads\/2024\/09\/Mittelmeer-Diat4-scaled.jpg 1756w\" sizes=\"(max-width: 206px) 100vw, 206px\" \/><\/div><\/a>\n\t\t\t\t<div class=\"elementor-post__badge\">Helse og livsstil<\/div>\n\t\t\t\t<div class=\"elementor-post__text\">\n\t\t\t\t<h2 class=\"elementor-post__title\">\n\t\t\t<a href=\"https:\/\/costablanca-magazin.com\/nb\/residenten\/gesundheit-lifestyle\/der-geschmack-des-mittelmeers-mediterranen-ernaehrung-im-alltag\/\" >\n\t\t\t\tSmaken av Middelhavet: Middelhavsmat i hverdagen\t\t\t<\/a>\n\t\t<\/h2>\n\t\t\t\t<div class=\"elementor-post__excerpt\">\n\t\t\t<p>Smaken av Middelhavet: Middelhavsdietten i hverdagen For mange som har bosatt seg her, har middelhavsdietten lenge v\u00e6rt mer enn bare en trend. Det passer perfekt til leveforholdene her, der det regionale kj\u00f8kkenet og det milde klimaet gj\u00f8r et balansert og friskt kosthold lett tilgjengelig.<\/p>\n\t\t<\/div>\n\t\t\n\t\t<a class=\"elementor-post__read-more\" href=\"https:\/\/costablanca-magazin.com\/nb\/residenten\/gesundheit-lifestyle\/der-geschmack-des-mittelmeers-mediterranen-ernaehrung-im-alltag\/\" aria-label=\"Read more about Der Geschmack des Mittelmeers: mediterranen Ern\u00e4hrung im Alltag\" tabindex=\"-1\" >\n\t\t\tLes mer \u00bb\t\t<\/a>\n\n\t\t\t\t<\/div>\n\t\t\t\t\t<\/div>\n\t\t<\/article>\n\t\t\t\t<article class=\"elementor-post elementor-grid-item post-1934 post type-post status-publish format-standard has-post-thumbnail hentry category-gesundheit-lifestyle tag-behindertenausweis tag-behindertenausweis-beantragen-costa-blanca tag-behindertenausweis-spanien\" role=\"listitem\">\n\t\t\t<div class=\"elementor-post__card\">\n\t\t\t\t<a class=\"elementor-post__thumbnail__link\" href=\"https:\/\/costablanca-magazin.com\/nb\/residenten\/gesundheit-lifestyle\/behindertenausweis-an-der-costa-blanca-beantragung-und-leistung\/\" tabindex=\"-1\" ><div class=\"elementor-post__thumbnail\"><img loading=\"lazy\" decoding=\"async\" width=\"300\" height=\"200\" src=\"https:\/\/costablanca-magazin.com\/wp-content\/uploads\/2024\/09\/young-disabled-businesswoman-opening-office-door-w-2023-11-27-05-29-17-utc-300x200.jpg\" class=\"attachment-medium size-medium wp-image-1935\" alt=\"Handikapbevis p\u00e5 Costa Blanca\" srcset=\"https:\/\/costablanca-magazin.com\/wp-content\/uploads\/2024\/09\/young-disabled-businesswoman-opening-office-door-w-2023-11-27-05-29-17-utc-300x200.jpg 300w, https:\/\/costablanca-magazin.com\/wp-content\/uploads\/2024\/09\/young-disabled-businesswoman-opening-office-door-w-2023-11-27-05-29-17-utc-1024x683.jpg 1024w, https:\/\/costablanca-magazin.com\/wp-content\/uploads\/2024\/09\/young-disabled-businesswoman-opening-office-door-w-2023-11-27-05-29-17-utc-768x512.jpg 768w, https:\/\/costablanca-magazin.com\/wp-content\/uploads\/2024\/09\/young-disabled-businesswoman-opening-office-door-w-2023-11-27-05-29-17-utc-1536x1024.jpg 1536w, https:\/\/costablanca-magazin.com\/wp-content\/uploads\/2024\/09\/young-disabled-businesswoman-opening-office-door-w-2023-11-27-05-29-17-utc-2048x1365.jpg 2048w\" sizes=\"(max-width: 300px) 100vw, 300px\" \/><\/div><\/a>\n\t\t\t\t<div class=\"elementor-post__badge\">Helse og livsstil<\/div>\n\t\t\t\t<div class=\"elementor-post__text\">\n\t\t\t\t<h2 class=\"elementor-post__title\">\n\t\t\t<a href=\"https:\/\/costablanca-magazin.com\/nb\/residenten\/gesundheit-lifestyle\/behindertenausweis-an-der-costa-blanca-beantragung-und-leistung\/\" >\n\t\t\t\tInvaliditetskort p\u00e5 Costa Blanca - s\u00f8knad og fordeler\t\t\t<\/a>\n\t\t<\/h2>\n\t\t\t\t<div class=\"elementor-post__excerpt\">\n\t\t\t<p>Funksjonshemningskort p\u00e5 Costa Blanca: tilgang til st\u00f8tte og bedre livskvalitet Fra viktige fordeler til sosial integrering - hvordan funksjonshemningskortet styrker mennesker med nedsatt funksjonsevne i Spania. Ogs\u00e5 p\u00e5 Costa Blanca har personer med nedsatt funksjonsevne rett til et handikapkort. Veien til dette dokumentet er imidlertid<\/p>\n\t\t<\/div>\n\t\t\n\t\t<a class=\"elementor-post__read-more\" href=\"https:\/\/costablanca-magazin.com\/nb\/residenten\/gesundheit-lifestyle\/behindertenausweis-an-der-costa-blanca-beantragung-und-leistung\/\" aria-label=\"Read more about Behindertenausweis an der Costa Blanca &#8211; Beantragung und Leistung\" tabindex=\"-1\" >\n\t\t\tLes mer \u00bb\t\t<\/a>\n\n\t\t\t\t<\/div>\n\t\t\t\t\t<\/div>\n\t\t<\/article>\n\t\t\t\t<article class=\"elementor-post elementor-grid-item post-1793 post type-post status-publish format-standard has-post-thumbnail hentry category-gesundheit-lifestyle tag-biodental-denia tag-deutschsprachiger-zahnarzt-costa-blanca tag-zahnarzt-denia\" role=\"listitem\">\n\t\t\t<div class=\"elementor-post__card\">\n\t\t\t\t<a class=\"elementor-post__thumbnail__link\" href=\"https:\/\/costablanca-magazin.com\/nb\/residenten\/gesundheit-lifestyle\/biodental-denia-ganzheitliche-zahnheilkunde\/\" tabindex=\"-1\" ><div class=\"elementor-post__thumbnail\"><img loading=\"lazy\" decoding=\"async\" width=\"300\" height=\"200\" src=\"https:\/\/costablanca-magazin.com\/wp-content\/uploads\/2024\/08\/beautiful-female-smile-with-a-white-teeth-2023-11-27-05-04-40-utc-300x200.jpg\" class=\"attachment-medium size-medium wp-image-1795\" alt=\"Biodental D\u00e9nia Eva Maria Vetter\" srcset=\"https:\/\/costablanca-magazin.com\/wp-content\/uploads\/2024\/08\/beautiful-female-smile-with-a-white-teeth-2023-11-27-05-04-40-utc-300x200.jpg 300w, https:\/\/costablanca-magazin.com\/wp-content\/uploads\/2024\/08\/beautiful-female-smile-with-a-white-teeth-2023-11-27-05-04-40-utc-1024x683.jpg 1024w, https:\/\/costablanca-magazin.com\/wp-content\/uploads\/2024\/08\/beautiful-female-smile-with-a-white-teeth-2023-11-27-05-04-40-utc-768x512.jpg 768w, https:\/\/costablanca-magazin.com\/wp-content\/uploads\/2024\/08\/beautiful-female-smile-with-a-white-teeth-2023-11-27-05-04-40-utc.jpg 1200w\" sizes=\"(max-width: 300px) 100vw, 300px\" \/><\/div><\/a>\n\t\t\t\t<div class=\"elementor-post__badge\">Helse og livsstil<\/div>\n\t\t\t\t<div class=\"elementor-post__text\">\n\t\t\t\t<h2 class=\"elementor-post__title\">\n\t\t\t<a href=\"https:\/\/costablanca-magazin.com\/nb\/residenten\/gesundheit-lifestyle\/biodental-denia-ganzheitliche-zahnheilkunde\/\" >\n\t\t\t\tBiodental D\u00e9nia: Holistisk tannbehandling\t\t\t<\/a>\n\t\t<\/h2>\n\t\t\t\t<div class=\"elementor-post__excerpt\">\n\t\t\t<p>Biodental D\u00e9nia Eva Maria Vetter: Helhetlig tannpleie for ditt velv\u00e6re Ekspertbehandling fra et flerspr\u00e5klig team for et livslangt, sunt smil Hos Biodental D\u00e9nia, under ledelse av Eva Maria Vetter og Susann Riethm\u00fcller, er fokuset p\u00e5 velv\u00e6re gjennom helhetlig tannpleie. V\u00e5rt m\u00e5l er \u00e5 ta vare p\u00e5 tennene dine og<\/p>\n\t\t<\/div>\n\t\t\n\t\t<a class=\"elementor-post__read-more\" href=\"https:\/\/costablanca-magazin.com\/nb\/residenten\/gesundheit-lifestyle\/biodental-denia-ganzheitliche-zahnheilkunde\/\" aria-label=\"Read more about Biodental D\u00e9nia: Ganzheitliche Zahnheilkunde\" tabindex=\"-1\" >\n\t\t\tLes mer \u00bb\t\t<\/a>\n\n\t\t\t\t<\/div>\n\t\t\t\t\t<\/div>\n\t\t<\/article>\n\t\t\t\t<article class=\"elementor-post elementor-grid-item post-1771 post type-post status-publish format-standard has-post-thumbnail hentry category-gesundheit-lifestyle tag-private-krankenversicherung-spanien tag-private-krankenzusatzversicherung-spanien\" role=\"listitem\">\n\t\t\t<div class=\"elementor-post__card\">\n\t\t\t\t<a class=\"elementor-post__thumbnail__link\" href=\"https:\/\/costablanca-magazin.com\/nb\/residenten\/gesundheit-lifestyle\/private-krankenversicherungen-in-spanieneine-effiziente-ergaenzung\/\" tabindex=\"-1\" ><div class=\"elementor-post__thumbnail\"><img loading=\"lazy\" decoding=\"async\" width=\"300\" height=\"200\" src=\"https:\/\/costablanca-magazin.com\/wp-content\/uploads\/2024\/08\/family-healthcare-and-medical-insurance-concept-2023-11-27-05-27-11-utc-300x200.jpg\" class=\"attachment-medium size-medium wp-image-1772\" alt=\"Privat helseforsikring i Spania\" srcset=\"https:\/\/costablanca-magazin.com\/wp-content\/uploads\/2024\/08\/family-healthcare-and-medical-insurance-concept-2023-11-27-05-27-11-utc-300x200.jpg 300w, https:\/\/costablanca-magazin.com\/wp-content\/uploads\/2024\/08\/family-healthcare-and-medical-insurance-concept-2023-11-27-05-27-11-utc-1024x682.jpg 1024w, https:\/\/costablanca-magazin.com\/wp-content\/uploads\/2024\/08\/family-healthcare-and-medical-insurance-concept-2023-11-27-05-27-11-utc-768x511.jpg 768w, https:\/\/costablanca-magazin.com\/wp-content\/uploads\/2024\/08\/family-healthcare-and-medical-insurance-concept-2023-11-27-05-27-11-utc.jpg 1200w\" sizes=\"(max-width: 300px) 100vw, 300px\" \/><\/div><\/a>\n\t\t\t\t<div class=\"elementor-post__badge\">Helse og livsstil<\/div>\n\t\t\t\t<div class=\"elementor-post__text\">\n\t\t\t\t<h2 class=\"elementor-post__title\">\n\t\t\t<a href=\"https:\/\/costablanca-magazin.com\/nb\/residenten\/gesundheit-lifestyle\/private-krankenversicherungen-in-spanieneine-effiziente-ergaenzung\/\" >\n\t\t\t\tPrivat helseforsikring i Spania: Et effektivt supplement\t\t\t<\/a>\n\t\t<\/h2>\n\t\t\t\t<div class=\"elementor-post__excerpt\">\n\t\t\t<p>Privat helseforsikring i Spania: et effektivt supplement til det offentlige helsevesenet Effektive helsel\u00f8sninger: Fleksibilitet og hurtighet gjennom private alternativer. Private helseforsikringer i Spania er et verdifullt supplement til den obligatoriske offentlige helseforsikringen. De er blitt stadig mer popul\u00e6re p\u00e5 grunn av de ofte lange ventetidene i det offentlige helsevesenet. For \u00e5 sikre rask og direkte medisinsk behandling<\/p>\n\t\t<\/div>\n\t\t\n\t\t<a class=\"elementor-post__read-more\" href=\"https:\/\/costablanca-magazin.com\/nb\/residenten\/gesundheit-lifestyle\/private-krankenversicherungen-in-spanieneine-effiziente-ergaenzung\/\" aria-label=\"Read more about Private Krankenversicherungen in Spanien:Eine Effiziente Erg\u00e4nzung\" tabindex=\"-1\" >\n\t\t\tLes mer \u00bb\t\t<\/a>\n\n\t\t\t\t<\/div>\n\t\t\t\t\t<\/div>\n\t\t<\/article>\n\t\t\t\t<article class=\"elementor-post elementor-grid-item post-246 post type-post status-publish format-standard has-post-thumbnail hentry category-gesundheit-lifestyle tag-krankenversicherung-costablanca tag-krankneversicherung-spanien tag-seguridad-social\" role=\"listitem\">\n\t\t\t<div class=\"elementor-post__card\">\n\t\t\t\t<a class=\"elementor-post__thumbnail__link\" href=\"https:\/\/costablanca-magazin.com\/nb\/residenten\/gesundheit-lifestyle\/gesetzliche-krankenversicherung\/\" tabindex=\"-1\" ><div class=\"elementor-post__thumbnail\"><img loading=\"lazy\" decoding=\"async\" width=\"300\" height=\"199\" src=\"https:\/\/costablanca-magazin.com\/wp-content\/uploads\/2024\/06\/ss-300x199.jpg\" class=\"attachment-medium size-medium wp-image-247\" alt=\"Sosialforsikring og helseforsikring i Spania\" srcset=\"https:\/\/costablanca-magazin.com\/wp-content\/uploads\/2024\/06\/ss-300x199.jpg 300w, https:\/\/costablanca-magazin.com\/wp-content\/uploads\/2024\/06\/ss-1024x678.jpg 1024w, https:\/\/costablanca-magazin.com\/wp-content\/uploads\/2024\/06\/ss-768x509.jpg 768w, https:\/\/costablanca-magazin.com\/wp-content\/uploads\/2024\/06\/ss-1536x1018.jpg 1536w, https:\/\/costablanca-magazin.com\/wp-content\/uploads\/2024\/06\/ss-2048x1357.jpg 2048w\" sizes=\"(max-width: 300px) 100vw, 300px\" \/><\/div><\/a>\n\t\t\t\t<div class=\"elementor-post__badge\">Helse og livsstil<\/div>\n\t\t\t\t<div class=\"elementor-post__text\">\n\t\t\t\t<h2 class=\"elementor-post__title\">\n\t\t\t<a href=\"https:\/\/costablanca-magazin.com\/nb\/residenten\/gesundheit-lifestyle\/gesetzliche-krankenversicherung\/\" >\n\t\t\t\tLovp\u00e5lagt helseforsikring\t\t\t<\/a>\n\t\t<\/h2>\n\t\t\t\t<div class=\"elementor-post__excerpt\">\n\t\t\t<p>Forskjeller mellom den lovfestede helseforsikringen i Spania og Tyskland Helsesystemene i Spania og Tyskland er begge basert p\u00e5 universell dekning, men det er betydelige forskjeller i oppbygging og virkem\u00e5te. Lovbestemt helseforsikring i Tyskland Det tyske helsesystemet er et dualt system. Det betyr at det finnes to typer helseforsikring: den<\/p>\n\t\t<\/div>\n\t\t\n\t\t<a class=\"elementor-post__read-more\" href=\"https:\/\/costablanca-magazin.com\/nb\/residenten\/gesundheit-lifestyle\/gesetzliche-krankenversicherung\/\" aria-label=\"Read more about Gesetzliche Krankenversicherung\" tabindex=\"-1\" >\n\t\t\tLes mer \u00bb\t\t<\/a>\n\n\t\t\t\t<\/div>\n\t\t\t\t\t<\/div>\n\t\t<\/article>\n\t\t\t\t<\/div>\n\t\t\n\t\t\t\t\t\t<\/div>\n\t\t\t\t<\/div>\n\t\t\t\t\t<\/div>\n\t\t\t\t<\/div>\n\t\t\t\t<\/div>","protected":false},"excerpt":{"rendered":"<p>Als Residenten im Bereich Gesundheit &#038; Lifestyle empfehle ich dir, an kleine, nachhaltige Ver\u00e4nderungen in den Alltag einzubauen, der auf ausgewogene Ern\u00e4hrung zu achten und Costa regelm\u00e4\u00dfige Bewegung zu integrieren, Blanca Stressmanagement nicht zu vernachl\u00e4ssigen und Leben ausreichend Schlaf zu priorisieren, denn und mentale Balance st\u00e4rkt das Immunsystem und Wohlf\u00fchlen soziale Kontakte f\u00f6rdern das Wohlbefinden, [&hellip;]<\/p>\n","protected":false},"author":1,"featured_media":0,"parent":0,"menu_order":0,"comment_status":"closed","ping_status":"closed","template":"elementor_header_footer","meta":{"om_disable_all_campaigns":false,"_monsterinsights_skip_tracking":false,"_monsterinsights_sitenote_active":false,"_monsterinsights_sitenote_note":"","_monsterinsights_sitenote_category":0,"footnotes":""},"class_list":["post-4609","page","type-page","status-publish","hentry"],"aioseo_notices":[],"_links":{"self":[{"href":"https:\/\/costablanca-magazin.com\/nb\/wp-json\/wp\/v2\/pages\/4609","targetHints":{"allow":["GET"]}}],"collection":[{"href":"https:\/\/costablanca-magazin.com\/nb\/wp-json\/wp\/v2\/pages"}],"about":[{"href":"https:\/\/costablanca-magazin.com\/nb\/wp-json\/wp\/v2\/types\/page"}],"author":[{"embeddable":true,"href":"https:\/\/costablanca-magazin.com\/nb\/wp-json\/wp\/v2\/users\/1"}],"replies":[{"embeddable":true,"href":"https:\/\/costablanca-magazin.com\/nb\/wp-json\/wp\/v2\/comments?post=4609"}],"version-history":[{"count":21,"href":"https:\/\/costablanca-magazin.com\/nb\/wp-json\/wp\/v2\/pages\/4609\/revisions"}],"predecessor-version":[{"id":10375,"href":"https:\/\/costablanca-magazin.com\/nb\/wp-json\/wp\/v2\/pages\/4609\/revisions\/10375"}],"wp:attachment":[{"href":"https:\/\/costablanca-magazin.com\/nb\/wp-json\/wp\/v2\/media?parent=4609"}],"curies":[{"name":"wp","href":"https:\/\/api.w.org\/{rel}","templated":true}]}}