{"id":4578,"date":"2025-01-21T09:11:19","date_gmt":"2025-01-21T08:11:19","guid":{"rendered":"https:\/\/costablanca-magazin.com\/?page_id=4578"},"modified":"2026-02-11T11:53:12","modified_gmt":"2026-02-11T10:53:12","slug":"sykling-fotturer","status":"publish","type":"page","link":"https:\/\/costablanca-magazin.com\/nb\/radfahren-wandern\/","title":{"rendered":"Sykling og fotturer"},"content":{"rendered":"<div data-elementor-type=\"wp-page\" data-elementor-id=\"4578\" class=\"elementor elementor-4578\" data-elementor-post-type=\"page\">\n\t\t\t\t<div class=\"elementor-element elementor-element-13f369a e-flex e-con-boxed e-con e-parent\" data-id=\"13f369a\" data-element_type=\"container\" data-e-type=\"container\">\n\t\t\t\t\t<div class=\"e-con-inner\">\n\t\t\t\t<div class=\"elementor-element elementor-element-7db0ee4 elementor-widget elementor-widget-heading\" data-id=\"7db0ee4\" data-element_type=\"widget\" data-e-type=\"widget\" data-widget_type=\"heading.default\">\n\t\t\t\t<div class=\"elementor-widget-container\">\n\t\t\t\t\t<h1 class=\"elementor-heading-title elementor-size-default\">Fritid - Sykling og fotturer<\/h1>\t\t\t\t<\/div>\n\t\t\t\t<\/div>\n\t\t\t\t\t<\/div>\n\t\t\t\t<\/div>\n\t\t<div class=\"elementor-element elementor-element-e33fee7 e-flex e-con-boxed e-con e-parent\" data-id=\"e33fee7\" data-element_type=\"container\" data-e-type=\"container\">\n\t\t\t\t\t<div class=\"e-con-inner\">\n\t\t\t\t<div class=\"elementor-element elementor-element-137b9d9 elementor-grid-3 elementor-grid-tablet-2 elementor-grid-mobile-1 elementor-posts--thumbnail-top elementor-card-shadow-yes elementor-posts__hover-gradient elementor-widget elementor-widget-posts\" data-id=\"137b9d9\" data-element_type=\"widget\" data-e-type=\"widget\" data-settings=\"{&quot;pagination_type&quot;:&quot;numbers&quot;,&quot;cards_columns&quot;:&quot;3&quot;,&quot;cards_columns_tablet&quot;:&quot;2&quot;,&quot;cards_columns_mobile&quot;:&quot;1&quot;,&quot;cards_row_gap&quot;:{&quot;unit&quot;:&quot;px&quot;,&quot;size&quot;:35,&quot;sizes&quot;:[]},&quot;cards_row_gap_tablet&quot;:{&quot;unit&quot;:&quot;px&quot;,&quot;size&quot;:&quot;&quot;,&quot;sizes&quot;:[]},&quot;cards_row_gap_mobile&quot;:{&quot;unit&quot;:&quot;px&quot;,&quot;size&quot;:&quot;&quot;,&quot;sizes&quot;:[]}}\" data-widget_type=\"posts.cards\">\n\t\t\t\t<div class=\"elementor-widget-container\">\n\t\t\t\t\t\t\t<div class=\"elementor-posts-container elementor-posts elementor-posts--skin-cards elementor-grid\" role=\"list\">\n\t\t\t\t<article class=\"elementor-post elementor-grid-item post-9322 post type-post status-publish format-standard has-post-thumbnail hentry category-radfahren-wandern tag-barranc-de-linfern tag-costa-blanca-wandertour tag-kuestenwanderung-costa-blanca tag-penon-de-ifach tag-serra-gelada-wanderweg tag-sport-valencia tag-wandern-costa-blanca tag-wanderurlaub-spanien\" role=\"listitem\">\n\t\t\t<div class=\"elementor-post__card\">\n\t\t\t\t<a class=\"elementor-post__thumbnail__link\" href=\"https:\/\/costablanca-magazin.com\/nb\/freizeit\/radfahren-wandern\/wandern-an-der-costa-blanca-schluchten-und-kuestenwegen\/\" tabindex=\"-1\" ><div class=\"elementor-post__thumbnail\"><img decoding=\"async\" width=\"300\" height=\"152\" src=\"https:\/\/costablanca-magazin.com\/wp-content\/uploads\/2025\/10\/shutterstock_2138846675-e1761230590451-300x152.jpg\" class=\"attachment-medium size-medium wp-image-9342\" alt=\"Vandring \u2013 Fra kl\u00f8fter og kyststier\" srcset=\"https:\/\/costablanca-magazin.com\/wp-content\/uploads\/2025\/10\/shutterstock_2138846675-e1761230590451-300x152.jpg 300w, https:\/\/costablanca-magazin.com\/wp-content\/uploads\/2025\/10\/shutterstock_2138846675-e1761230590451-1024x517.jpg 1024w, https:\/\/costablanca-magazin.com\/wp-content\/uploads\/2025\/10\/shutterstock_2138846675-e1761230590451-768x388.jpg 768w, https:\/\/costablanca-magazin.com\/wp-content\/uploads\/2025\/10\/shutterstock_2138846675-e1761230590451.jpg 1200w\" sizes=\"(max-width: 300px) 100vw, 300px\" \/><\/div><\/a>\n\t\t\t\t<div class=\"elementor-post__badge\">Sykling og fotturer<\/div>\n\t\t\t\t<div class=\"elementor-post__text\">\n\t\t\t\t<h2 class=\"elementor-post__title\">\n\t\t\t<a href=\"https:\/\/costablanca-magazin.com\/nb\/freizeit\/radfahren-wandern\/wandern-an-der-costa-blanca-schluchten-und-kuestenwegen\/\" >\n\t\t\t\tFotturer p\u00e5 Costa Blanca - kl\u00f8fter og kyststier\t\t\t<\/a>\n\t\t<\/h2>\n\t\t\t\t<div class=\"elementor-post__excerpt\">\n\t\t\t<p>Fotturer p\u00e5 Costa Blanca - kl\u00f8fter og kyststier Fra rolige turer til utfordrende ruter: Oppdag Barranc de l'Infern, Serra Gelada og Pe\u00f1\u00f3n de Ifach p\u00e5 Costa Blanca. I v\u00e5rt sportslige blikk p\u00e5 Costa Blanca er fotturer et must. Ingen annen aktivitet gj\u00f8r det s\u00e5 tydelig hvordan<\/p>\n\t\t<\/div>\n\t\t\n\t\t<a class=\"elementor-post__read-more\" href=\"https:\/\/costablanca-magazin.com\/nb\/freizeit\/radfahren-wandern\/wandern-an-der-costa-blanca-schluchten-und-kuestenwegen\/\" aria-label=\"Read more about Wandern an der Costa Blanca \u2013 Schluchten und K\u00fcstenwegen\" tabindex=\"-1\" >\n\t\t\tLes mer \u00bb\t\t<\/a>\n\n\t\t\t\t<\/div>\n\t\t\t\t\t<\/div>\n\t\t<\/article>\n\t\t\t\t<article class=\"elementor-post elementor-grid-item post-9321 post type-post status-publish format-standard has-post-thumbnail hentry category-radfahren-wandern tag-coll-de-rates tag-fahrradtouren-costa-blanca tag-kuestenrouten-costa-blanca tag-mountainbike-costa-blanca tag-profi-radsport-costa-blanca tag-radfahren-costa-blanca tag-radtraining-costa-blanca tag-sport-valencia\" role=\"listitem\">\n\t\t\t<div class=\"elementor-post__card\">\n\t\t\t\t<a class=\"elementor-post__thumbnail__link\" href=\"https:\/\/costablanca-magazin.com\/nb\/freizeit\/radfahren-wandern\/radfahren-costa-blanca-trainingsparadies-kueste-und-berge\/\" tabindex=\"-1\" ><div class=\"elementor-post__thumbnail\"><img fetchpriority=\"high\" decoding=\"async\" width=\"300\" height=\"193\" src=\"https:\/\/costablanca-magazin.com\/wp-content\/uploads\/2025\/10\/shutterstock_2428470931-300x193.jpg\" class=\"attachment-medium size-medium wp-image-9328\" alt=\"Sykling \u2013 treningsparadis mellom kysten og fjellene\" srcset=\"https:\/\/costablanca-magazin.com\/wp-content\/uploads\/2025\/10\/shutterstock_2428470931-300x193.jpg 300w, https:\/\/costablanca-magazin.com\/wp-content\/uploads\/2025\/10\/shutterstock_2428470931-1024x657.jpg 1024w, https:\/\/costablanca-magazin.com\/wp-content\/uploads\/2025\/10\/shutterstock_2428470931-768x493.jpg 768w, https:\/\/costablanca-magazin.com\/wp-content\/uploads\/2025\/10\/shutterstock_2428470931.jpg 1200w\" sizes=\"(max-width: 300px) 100vw, 300px\" \/><\/div><\/a>\n\t\t\t\t<div class=\"elementor-post__badge\">Sykling og fotturer<\/div>\n\t\t\t\t<div class=\"elementor-post__text\">\n\t\t\t\t<h2 class=\"elementor-post__title\">\n\t\t\t<a href=\"https:\/\/costablanca-magazin.com\/nb\/freizeit\/radfahren-wandern\/radfahren-costa-blanca-trainingsparadies-kueste-und-berge\/\" >\n\t\t\t\tSykling Costa Blanca - treningsparadis kyst og fjell\t\t\t<\/a>\n\t\t<\/h2>\n\t\t\t\t<div class=\"elementor-post__excerpt\">\n\t\t\t<p>Sykling Costa Blanca - treningsparadis kyst og fjell Fra profesjonelle lag til fritidssyklister: Costa Blanca byr p\u00e5 varierte ruter, havutsikt og fjellstier for sykkeltrening og forn\u00f8yelsesturer. De siste \u00e5rene har Costa Blanca utviklet seg til \u00e5 bli et av de viktigste treningssentrene for internasjonal sykkelsport. Om vinteren kan du se i Calpe,<\/p>\n\t\t<\/div>\n\t\t\n\t\t<a class=\"elementor-post__read-more\" href=\"https:\/\/costablanca-magazin.com\/nb\/freizeit\/radfahren-wandern\/radfahren-costa-blanca-trainingsparadies-kueste-und-berge\/\" aria-label=\"Read more about Radfahren Costa Blanca \u2013 Trainingsparadies K\u00fcste und Berge\" tabindex=\"-1\" >\n\t\t\tLes mer \u00bb\t\t<\/a>\n\n\t\t\t\t<\/div>\n\t\t\t\t\t<\/div>\n\t\t<\/article>\n\t\t\t\t<article class=\"elementor-post elementor-grid-item post-3164 post type-post status-publish format-standard has-post-thumbnail hentry category-radfahren-wandern tag-abenteuer tag-sicherheit tag-tipps tag-wandern tag-wandern-an-der-costa-blanca\" role=\"listitem\">\n\t\t\t<div class=\"elementor-post__card\">\n\t\t\t\t<a class=\"elementor-post__thumbnail__link\" href=\"https:\/\/costablanca-magazin.com\/nb\/freizeit\/radfahren-wandern\/sicherheit-beim-wandern-an-der-costa-blanca-wichtige-tipps-fuer-jedes-abenteuer\/\" tabindex=\"-1\" ><div class=\"elementor-post__thumbnail\"><img decoding=\"async\" width=\"300\" height=\"200\" src=\"https:\/\/costablanca-magazin.com\/wp-content\/uploads\/2024\/10\/a-man-with-a-rucksack-and-winter-clothing-leaping-2023-11-27-05-22-34-utc-300x200.jpg\" class=\"attachment-medium size-medium wp-image-2696\" alt=\"Fotturer p\u00e5 Costa Blanca: et paradis for natur- og kulturinteresserte\" srcset=\"https:\/\/costablanca-magazin.com\/wp-content\/uploads\/2024\/10\/a-man-with-a-rucksack-and-winter-clothing-leaping-2023-11-27-05-22-34-utc-300x200.jpg 300w, https:\/\/costablanca-magazin.com\/wp-content\/uploads\/2024\/10\/a-man-with-a-rucksack-and-winter-clothing-leaping-2023-11-27-05-22-34-utc-1024x683.jpg 1024w, https:\/\/costablanca-magazin.com\/wp-content\/uploads\/2024\/10\/a-man-with-a-rucksack-and-winter-clothing-leaping-2023-11-27-05-22-34-utc-768x512.jpg 768w, https:\/\/costablanca-magazin.com\/wp-content\/uploads\/2024\/10\/a-man-with-a-rucksack-and-winter-clothing-leaping-2023-11-27-05-22-34-utc-1536x1024.jpg 1536w, https:\/\/costablanca-magazin.com\/wp-content\/uploads\/2024\/10\/a-man-with-a-rucksack-and-winter-clothing-leaping-2023-11-27-05-22-34-utc-2048x1365.jpg 2048w\" sizes=\"(max-width: 300px) 100vw, 300px\" \/><\/div><\/a>\n\t\t\t\t<div class=\"elementor-post__badge\">Sykling og fotturer<\/div>\n\t\t\t\t<div class=\"elementor-post__text\">\n\t\t\t\t<h2 class=\"elementor-post__title\">\n\t\t\t<a href=\"https:\/\/costablanca-magazin.com\/nb\/freizeit\/radfahren-wandern\/sicherheit-beim-wandern-an-der-costa-blanca-wichtige-tipps-fuer-jedes-abenteuer\/\" >\n\t\t\t\tSikkerhet p\u00e5 fottur p\u00e5 Costa Blanca - viktige tips for alle eventyr\t\t\t<\/a>\n\t\t<\/h2>\n\t\t\t\t<div class=\"elementor-post__excerpt\">\n\t\t\t<p>Sikkerhet p\u00e5 fottur p\u00e5 Costa Blanca: viktige tips for alle eventyr Fotturer i Marina Alta- og Marina Baixa-regionene Fotturer p\u00e5 Costa Blanca i Marina Alta- og Marina Baixa-regionene blir stadig mer popul\u00e6re. Det er imidlertid sv\u00e6rt viktig \u00e5 ta hensyn til de viktigste<\/p>\n\t\t<\/div>\n\t\t\n\t\t<a class=\"elementor-post__read-more\" href=\"https:\/\/costablanca-magazin.com\/nb\/freizeit\/radfahren-wandern\/sicherheit-beim-wandern-an-der-costa-blanca-wichtige-tipps-fuer-jedes-abenteuer\/\" aria-label=\"Read more about Sicherheit beim Wandern an der Costa Blanca &#8211; Wichtige Tipps f\u00fcr jedes Abenteuer\" tabindex=\"-1\" >\n\t\t\tLes mer \u00bb\t\t<\/a>\n\n\t\t\t\t<\/div>\n\t\t\t\t\t<\/div>\n\t\t<\/article>\n\t\t\t\t<article class=\"elementor-post elementor-grid-item post-3166 post type-post status-publish format-standard has-post-thumbnail hentry category-radfahren-wandern tag-costa-blanca-2 tag-social-media-gruppen tag-wandern tag-wandern-an-der-costa-blanca\" role=\"listitem\">\n\t\t\t<div class=\"elementor-post__card\">\n\t\t\t\t<a class=\"elementor-post__thumbnail__link\" href=\"https:\/\/costablanca-magazin.com\/nb\/freizeit\/radfahren-wandern\/wandern-an-der-costa-blanca-die-social-media-gruppen-die-sie-kennen-sollten\/\" tabindex=\"-1\" ><div class=\"elementor-post__thumbnail\"><img loading=\"lazy\" decoding=\"async\" width=\"200\" height=\"300\" src=\"https:\/\/costablanca-magazin.com\/wp-content\/uploads\/2024\/10\/happy-hiking-couple-taking-selfie-for-social-media-2024-07-19-16-46-18-utc-200x300.jpg\" class=\"attachment-medium size-medium wp-image-2702\" alt=\"Vandring p\u00e5 Costa Blanca: Et paradis for natur- og kulturinteresserte 5\" srcset=\"https:\/\/costablanca-magazin.com\/wp-content\/uploads\/2024\/10\/happy-hiking-couple-taking-selfie-for-social-media-2024-07-19-16-46-18-utc-200x300.jpg 200w, https:\/\/costablanca-magazin.com\/wp-content\/uploads\/2024\/10\/happy-hiking-couple-taking-selfie-for-social-media-2024-07-19-16-46-18-utc-683x1024.jpg 683w, https:\/\/costablanca-magazin.com\/wp-content\/uploads\/2024\/10\/happy-hiking-couple-taking-selfie-for-social-media-2024-07-19-16-46-18-utc-768x1152.jpg 768w, https:\/\/costablanca-magazin.com\/wp-content\/uploads\/2024\/10\/happy-hiking-couple-taking-selfie-for-social-media-2024-07-19-16-46-18-utc-1024x1536.jpg 1024w, https:\/\/costablanca-magazin.com\/wp-content\/uploads\/2024\/10\/happy-hiking-couple-taking-selfie-for-social-media-2024-07-19-16-46-18-utc-1365x2048.jpg 1365w, https:\/\/costablanca-magazin.com\/wp-content\/uploads\/2024\/10\/happy-hiking-couple-taking-selfie-for-social-media-2024-07-19-16-46-18-utc-scaled.jpg 1707w\" sizes=\"(max-width: 200px) 100vw, 200px\" \/><\/div><\/a>\n\t\t\t\t<div class=\"elementor-post__badge\">Sykling og fotturer<\/div>\n\t\t\t\t<div class=\"elementor-post__text\">\n\t\t\t\t<h2 class=\"elementor-post__title\">\n\t\t\t<a href=\"https:\/\/costablanca-magazin.com\/nb\/freizeit\/radfahren-wandern\/wandern-an-der-costa-blanca-die-social-media-gruppen-die-sie-kennen-sollten\/\" >\n\t\t\t\tFotturer p\u00e5 Costa Blanca - gruppene p\u00e5 sosiale medier du b\u00f8r kjenne til\t\t\t<\/a>\n\t\t<\/h2>\n\t\t\t\t<div class=\"elementor-post__excerpt\">\n\t\t\t<p>Fotturer p\u00e5 Costa Blanca - De sosiale mediene du b\u00f8r kjenne til Fotturer og sosiale medier: De beste Facebook-gruppene og Instagram-kontoene for turentusiaster p\u00e5 Costa Blanca Sosiale medier har revolusjonert vandring p\u00e5 Costa Blanca. Via plattformer som Facebook og Instagram kan turg\u00e5ere dele sine opplevelser, oppdage ruter og<\/p>\n\t\t<\/div>\n\t\t\n\t\t<a class=\"elementor-post__read-more\" href=\"https:\/\/costablanca-magazin.com\/nb\/freizeit\/radfahren-wandern\/wandern-an-der-costa-blanca-die-social-media-gruppen-die-sie-kennen-sollten\/\" aria-label=\"Read more about Wandern an der Costa Blanca \u2013 Die Social-Media-Gruppen, die Sie kennen sollten\" tabindex=\"-1\" >\n\t\t\tLes mer \u00bb\t\t<\/a>\n\n\t\t\t\t<\/div>\n\t\t\t\t\t<\/div>\n\t\t<\/article>\n\t\t\t\t<article class=\"elementor-post elementor-grid-item post-3162 post type-post status-publish format-standard has-post-thumbnail hentry category-radfahren-wandern tag-technologische tag-trends tag-wandersport\" role=\"listitem\">\n\t\t\t<div class=\"elementor-post__card\">\n\t\t\t\t<a class=\"elementor-post__thumbnail__link\" href=\"https:\/\/costablanca-magazin.com\/nb\/freizeit\/radfahren-wandern\/technologische-trends-imwandersport-an-der-costa-blanca\/\" tabindex=\"-1\" ><div class=\"elementor-post__thumbnail\"><img loading=\"lazy\" decoding=\"async\" width=\"300\" height=\"200\" src=\"https:\/\/costablanca-magazin.com\/wp-content\/uploads\/2024\/10\/people-using-gps-navigator-app-forest-hiking-cou-2023-11-27-05-06-53-utc-300x200.jpg\" class=\"attachment-medium size-medium wp-image-2709\" alt=\"Vandring p\u00e5 Costa Blanca: Et paradis for natur- og kulturinteresserte 11\" srcset=\"https:\/\/costablanca-magazin.com\/wp-content\/uploads\/2024\/10\/people-using-gps-navigator-app-forest-hiking-cou-2023-11-27-05-06-53-utc-300x200.jpg 300w, https:\/\/costablanca-magazin.com\/wp-content\/uploads\/2024\/10\/people-using-gps-navigator-app-forest-hiking-cou-2023-11-27-05-06-53-utc-1024x683.jpg 1024w, https:\/\/costablanca-magazin.com\/wp-content\/uploads\/2024\/10\/people-using-gps-navigator-app-forest-hiking-cou-2023-11-27-05-06-53-utc-768x512.jpg 768w, https:\/\/costablanca-magazin.com\/wp-content\/uploads\/2024\/10\/people-using-gps-navigator-app-forest-hiking-cou-2023-11-27-05-06-53-utc-1536x1024.jpg 1536w, https:\/\/costablanca-magazin.com\/wp-content\/uploads\/2024\/10\/people-using-gps-navigator-app-forest-hiking-cou-2023-11-27-05-06-53-utc-2048x1365.jpg 2048w\" sizes=\"(max-width: 300px) 100vw, 300px\" \/><\/div><\/a>\n\t\t\t\t<div class=\"elementor-post__badge\">Sykling og fotturer<\/div>\n\t\t\t\t<div class=\"elementor-post__text\">\n\t\t\t\t<h2 class=\"elementor-post__title\">\n\t\t\t<a href=\"https:\/\/costablanca-magazin.com\/nb\/freizeit\/radfahren-wandern\/technologische-trends-imwandersport-an-der-costa-blanca\/\" >\n\t\t\t\tTeknologiske trender innen fotturer p\u00e5 Costa Blanca\t\t\t<\/a>\n\t\t<\/h2>\n\t\t\t\t<div class=\"elementor-post__excerpt\">\n\t\t\t<p>Teknologiske trender innen fotturer p\u00e5 Costa Blanca Teknologiske trender innen fotturer p\u00e5 Costa Blanca Hvordan kan teknologi gj\u00f8re fotturer tryggere? Finn ut hvordan apper, droner og b\u00e6rekraftig utstyr revolusjonerer fotturer og bidrar til \u00f8kt sikkerhet. Teknologien har revolusjonert fotturer i Marina Alta og Marina<\/p>\n\t\t<\/div>\n\t\t\n\t\t<a class=\"elementor-post__read-more\" href=\"https:\/\/costablanca-magazin.com\/nb\/freizeit\/radfahren-wandern\/technologische-trends-imwandersport-an-der-costa-blanca\/\" aria-label=\"Read more about Technologische Trends imWandersport an der Costa Blanca\" tabindex=\"-1\" >\n\t\t\tLes mer \u00bb\t\t<\/a>\n\n\t\t\t\t<\/div>\n\t\t\t\t\t<\/div>\n\t\t<\/article>\n\t\t\t\t<article class=\"elementor-post elementor-grid-item post-3149 post type-post status-publish format-standard has-post-thumbnail hentry category-radfahren-wandern tag-gaststaetten tag-herbergen tag-rast-und-ruh tag-wanderer\" role=\"listitem\">\n\t\t\t<div class=\"elementor-post__card\">\n\t\t\t\t<a class=\"elementor-post__thumbnail__link\" href=\"https:\/\/costablanca-magazin.com\/nb\/freizeit\/radfahren-wandern\/rast-und-ruh-gaststaetten-und-herbergen-fuer-wanderer-in-der-region\/\" tabindex=\"-1\" ><div class=\"elementor-post__thumbnail\"><img loading=\"lazy\" decoding=\"async\" width=\"300\" height=\"300\" src=\"https:\/\/costablanca-magazin.com\/wp-content\/uploads\/2024\/10\/Stausee-Guadelest-300x300.jpg\" class=\"attachment-medium size-medium wp-image-2711\" alt=\"Vandring p\u00e5 Costa Blanca: Et paradis for natur- og kulturinteresserte 13\" srcset=\"https:\/\/costablanca-magazin.com\/wp-content\/uploads\/2024\/10\/Stausee-Guadelest-300x300.jpg 300w, https:\/\/costablanca-magazin.com\/wp-content\/uploads\/2024\/10\/Stausee-Guadelest-1024x1024.jpg 1024w, https:\/\/costablanca-magazin.com\/wp-content\/uploads\/2024\/10\/Stausee-Guadelest-150x150.jpg 150w, https:\/\/costablanca-magazin.com\/wp-content\/uploads\/2024\/10\/Stausee-Guadelest-768x768.jpg 768w, https:\/\/costablanca-magazin.com\/wp-content\/uploads\/2024\/10\/Stausee-Guadelest-1536x1536.jpg 1536w, https:\/\/costablanca-magazin.com\/wp-content\/uploads\/2024\/10\/Stausee-Guadelest-2048x2048.jpg 2048w\" sizes=\"(max-width: 300px) 100vw, 300px\" \/><\/div><\/a>\n\t\t\t\t<div class=\"elementor-post__badge\">Sykling og fotturer<\/div>\n\t\t\t\t<div class=\"elementor-post__text\">\n\t\t\t\t<h2 class=\"elementor-post__title\">\n\t\t\t<a href=\"https:\/\/costablanca-magazin.com\/nb\/freizeit\/radfahren-wandern\/rast-und-ruh-gaststaetten-und-herbergen-fuer-wanderer-in-der-region\/\" >\n\t\t\t\tHvile og avslapning - restauranter og herberger for turg\u00e5ere i regionen\t\t\t<\/a>\n\t\t<\/h2>\n\t\t\t\t<div class=\"elementor-post__excerpt\">\n\t\t\t<p>Hvile og avslapning - restauranter og vandrerhjem for turg\u00e5ere i regionen Oppdag noen steder \u00e5 slappe av og kose seg langs turstiene Vandring er ikke bare trening, men ogs\u00e5 nytelse. Vi har noen tips til rasteplasser, restauranter og koselige vandrerhjem i Marina Alta- og Marina Baixa-regionene - perfekt<\/p>\n\t\t<\/div>\n\t\t\n\t\t<a class=\"elementor-post__read-more\" href=\"https:\/\/costablanca-magazin.com\/nb\/freizeit\/radfahren-wandern\/rast-und-ruh-gaststaetten-und-herbergen-fuer-wanderer-in-der-region\/\" aria-label=\"Read more about Rast und Ruh &#8211; Gastst\u00e4tten und Herbergen f\u00fcr Wanderer in der Region\" tabindex=\"-1\" >\n\t\t\tLes mer \u00bb\t\t<\/a>\n\n\t\t\t\t<\/div>\n\t\t\t\t\t<\/div>\n\t\t<\/article>\n\t\t\t\t<article class=\"elementor-post elementor-grid-item post-3147 post type-post status-publish format-standard has-post-thumbnail hentry category-radfahren-wandern tag-cbm tag-costa-blanca-magazin tag-costa-blanca tag-marina-alta tag-marina-baixa tag-via-verde-an-der-costa-blanca tag-wandern-an-der-costa-blanca\" role=\"listitem\">\n\t\t\t<div class=\"elementor-post__card\">\n\t\t\t\t<a class=\"elementor-post__thumbnail__link\" href=\"https:\/\/costablanca-magazin.com\/nb\/freizeit\/radfahren-wandern\/via-verde-die-gruenen-wanderwege-der-costa-blanca\/\" tabindex=\"-1\" ><div class=\"elementor-post__thumbnail\"><img loading=\"lazy\" decoding=\"async\" width=\"300\" height=\"225\" src=\"https:\/\/costablanca-magazin.com\/wp-content\/uploads\/2024\/10\/Javea-300x225.jpg\" class=\"attachment-medium size-medium wp-image-2705\" alt=\"Vandring p\u00e5 Costa Blanca: Et paradis for natur- og kulturinteresserte 8\" srcset=\"https:\/\/costablanca-magazin.com\/wp-content\/uploads\/2024\/10\/Javea-300x225.jpg 300w, https:\/\/costablanca-magazin.com\/wp-content\/uploads\/2024\/10\/Javea-1024x768.jpg 1024w, https:\/\/costablanca-magazin.com\/wp-content\/uploads\/2024\/10\/Javea-768x576.jpg 768w, https:\/\/costablanca-magazin.com\/wp-content\/uploads\/2024\/10\/Javea-1536x1152.jpg 1536w, https:\/\/costablanca-magazin.com\/wp-content\/uploads\/2024\/10\/Javea-2048x1536.jpg 2048w\" sizes=\"(max-width: 300px) 100vw, 300px\" \/><\/div><\/a>\n\t\t\t\t<div class=\"elementor-post__badge\">Sykling og fotturer<\/div>\n\t\t\t\t<div class=\"elementor-post__text\">\n\t\t\t\t<h2 class=\"elementor-post__title\">\n\t\t\t<a href=\"https:\/\/costablanca-magazin.com\/nb\/freizeit\/radfahren-wandern\/via-verde-die-gruenen-wanderwege-der-costa-blanca\/\" >\n\t\t\t\tVia Verde - De gr\u00f8nne turstiene p\u00e5 Costa Blanca\t\t\t<\/a>\n\t\t<\/h2>\n\t\t\t\t<div class=\"elementor-post__excerpt\">\n\t\t\t<p>Via Verde: De gr\u00f8nne turstiene p\u00e5 Costa Blanca Nesten som p\u00e5 skinner - En pittoresk rute langs de gamle jernbanelinjene fra D\u00e9nia til Villajoyosa. Costa Blanca er ikke bare kjent for sin pittoreske kystlinje og sjarmerende landsbyer, men ogs\u00e5 for de omfattende turstiene som g\u00e5r gjennom hele regionen.<\/p>\n\t\t<\/div>\n\t\t\n\t\t<a class=\"elementor-post__read-more\" href=\"https:\/\/costablanca-magazin.com\/nb\/freizeit\/radfahren-wandern\/via-verde-die-gruenen-wanderwege-der-costa-blanca\/\" aria-label=\"Read more about Via Verde &#8211; Die gr\u00fcnen Wanderwege der Costa Blanca\" tabindex=\"-1\" >\n\t\t\tLes mer \u00bb\t\t<\/a>\n\n\t\t\t\t<\/div>\n\t\t\t\t\t<\/div>\n\t\t<\/article>\n\t\t\t\t<article class=\"elementor-post elementor-grid-item post-3145 post type-post status-publish format-standard has-post-thumbnail hentry category-radfahren-wandern tag-cbm tag-costa-blanca-magazin tag-costa-blanca tag-marina-alta tag-marina-baixa tag-top-5-wanderwege tag-wandern-an-der-costa-blanca tag-wanderwege-an-der-costa-blanca\" role=\"listitem\">\n\t\t\t<div class=\"elementor-post__card\">\n\t\t\t\t<a class=\"elementor-post__thumbnail__link\" href=\"https:\/\/costablanca-magazin.com\/nb\/freizeit\/radfahren-wandern\/wandern-an-der-costa-blanca-die-top-5-wanderwege\/\" tabindex=\"-1\" ><div class=\"elementor-post__thumbnail\"><img loading=\"lazy\" decoding=\"async\" width=\"300\" height=\"200\" src=\"https:\/\/costablanca-magazin.com\/wp-content\/uploads\/2024\/10\/hiker-with-backpack-2023-11-27-05-22-40-utc-300x200.jpg\" class=\"attachment-medium size-medium wp-image-2704\" alt=\"Vandring p\u00e5 Costa Blanca: Et paradis for natur- og kulturinteresserte 7\" srcset=\"https:\/\/costablanca-magazin.com\/wp-content\/uploads\/2024\/10\/hiker-with-backpack-2023-11-27-05-22-40-utc-300x200.jpg 300w, https:\/\/costablanca-magazin.com\/wp-content\/uploads\/2024\/10\/hiker-with-backpack-2023-11-27-05-22-40-utc-1024x684.jpg 1024w, https:\/\/costablanca-magazin.com\/wp-content\/uploads\/2024\/10\/hiker-with-backpack-2023-11-27-05-22-40-utc-768x513.jpg 768w, https:\/\/costablanca-magazin.com\/wp-content\/uploads\/2024\/10\/hiker-with-backpack-2023-11-27-05-22-40-utc-1536x1025.jpg 1536w, https:\/\/costablanca-magazin.com\/wp-content\/uploads\/2024\/10\/hiker-with-backpack-2023-11-27-05-22-40-utc-2048x1367.jpg 2048w\" sizes=\"(max-width: 300px) 100vw, 300px\" \/><\/div><\/a>\n\t\t\t\t<div class=\"elementor-post__badge\">Sykling og fotturer<\/div>\n\t\t\t\t<div class=\"elementor-post__text\">\n\t\t\t\t<h2 class=\"elementor-post__title\">\n\t\t\t<a href=\"https:\/\/costablanca-magazin.com\/nb\/freizeit\/radfahren-wandern\/wandern-an-der-costa-blanca-die-top-5-wanderwege\/\" >\n\t\t\t\tFotturer p\u00e5 Costa Blanca - De 5 beste turstiene\t\t\t<\/a>\n\t\t<\/h2>\n\t\t\t\t<div class=\"elementor-post__excerpt\">\n\t\t\t<p>Fotturer p\u00e5 Costa Blanca - de 5 beste turstiene Fra \u201eOppe i h\u00f8yden\u201c p\u00e5 Puig Campana til \u201eCaminito del Rey\u201c, Costa Blanca byr p\u00e5 turstier for b\u00e5de profesjonelle og hobbyvandrere. 1 Vall de Laguar: Costa Blancas \u201cCaminito del Rey\u201d Vall de Laguar, ogs\u00e5 kjent som<\/p>\n\t\t<\/div>\n\t\t\n\t\t<a class=\"elementor-post__read-more\" href=\"https:\/\/costablanca-magazin.com\/nb\/freizeit\/radfahren-wandern\/wandern-an-der-costa-blanca-die-top-5-wanderwege\/\" aria-label=\"Read more about Wandern an der Costa Blanca &#8211; Die Top 5 Wanderwege\" tabindex=\"-1\" >\n\t\t\tLes mer \u00bb\t\t<\/a>\n\n\t\t\t\t<\/div>\n\t\t\t\t\t<\/div>\n\t\t<\/article>\n\t\t\t\t<article class=\"elementor-post elementor-grid-item post-2728 post type-post status-publish format-standard has-post-thumbnail hentry category-radfahren-wandern tag-cbm tag-costa-blanca-magazin tag-costa-blanca tag-marina-alta tag-marina-baixa tag-wander-trend tag-wander-trend-an-der-costa-blanca tag-wandern-an-der-costa-blanca\" role=\"listitem\">\n\t\t\t<div class=\"elementor-post__card\">\n\t\t\t\t<a class=\"elementor-post__thumbnail__link\" href=\"https:\/\/costablanca-magazin.com\/nb\/freizeit\/radfahren-wandern\/ist-wandern-trend-die-entwicklung-an-der-costa-blanca\/\" tabindex=\"-1\" ><div class=\"elementor-post__thumbnail\"><img loading=\"lazy\" decoding=\"async\" width=\"300\" height=\"200\" src=\"https:\/\/costablanca-magazin.com\/wp-content\/uploads\/2024\/10\/penon-de-ifach-and-mediterranean-sea-at-sunset-al-2023-11-27-05-30-20-utc-300x200.jpg\" class=\"attachment-medium size-medium wp-image-2708\" alt=\"Vandring p\u00e5 Costa Blanca: Et paradis for natur- og kulturinteresserte 10\" srcset=\"https:\/\/costablanca-magazin.com\/wp-content\/uploads\/2024\/10\/penon-de-ifach-and-mediterranean-sea-at-sunset-al-2023-11-27-05-30-20-utc-300x200.jpg 300w, https:\/\/costablanca-magazin.com\/wp-content\/uploads\/2024\/10\/penon-de-ifach-and-mediterranean-sea-at-sunset-al-2023-11-27-05-30-20-utc-1024x683.jpg 1024w, https:\/\/costablanca-magazin.com\/wp-content\/uploads\/2024\/10\/penon-de-ifach-and-mediterranean-sea-at-sunset-al-2023-11-27-05-30-20-utc-768x512.jpg 768w, https:\/\/costablanca-magazin.com\/wp-content\/uploads\/2024\/10\/penon-de-ifach-and-mediterranean-sea-at-sunset-al-2023-11-27-05-30-20-utc-1536x1024.jpg 1536w, https:\/\/costablanca-magazin.com\/wp-content\/uploads\/2024\/10\/penon-de-ifach-and-mediterranean-sea-at-sunset-al-2023-11-27-05-30-20-utc-2048x1365.jpg 2048w\" sizes=\"(max-width: 300px) 100vw, 300px\" \/><\/div><\/a>\n\t\t\t\t<div class=\"elementor-post__badge\">Sykling og fotturer<\/div>\n\t\t\t\t<div class=\"elementor-post__text\">\n\t\t\t\t<h2 class=\"elementor-post__title\">\n\t\t\t<a href=\"https:\/\/costablanca-magazin.com\/nb\/freizeit\/radfahren-wandern\/ist-wandern-trend-die-entwicklung-an-der-costa-blanca\/\" >\n\t\t\t\tEr fotturer en trend? Utviklingen p\u00e5 Costa Blanca\t\t\t<\/a>\n\t\t<\/h2>\n\t\t\t\t<div class=\"elementor-post__excerpt\">\n\t\t\t<p>Er fotturer en trend? Utviklingen p\u00e5 Costa Blanca Hvordan fotturer har endret seg i regionen, og hvorfor fotturer n\u00e5 er mer popul\u00e6re enn noensinne De siste ti \u00e5rene har fotturer utviklet seg fra \u00e5 v\u00e6re en fritidsaktivitet for naturelskere og de som s\u00f8ker fred og ro, til \u00e5 bli en av de heteste trendene innen utend\u00f8rssport. Selv<\/p>\n\t\t<\/div>\n\t\t\n\t\t<a class=\"elementor-post__read-more\" href=\"https:\/\/costablanca-magazin.com\/nb\/freizeit\/radfahren-wandern\/ist-wandern-trend-die-entwicklung-an-der-costa-blanca\/\" aria-label=\"Read more about Ist Wandern Trend? Die Entwicklung an der Costa Blanca\" tabindex=\"-1\" >\n\t\t\tLes mer \u00bb\t\t<\/a>\n\n\t\t\t\t<\/div>\n\t\t\t\t\t<\/div>\n\t\t<\/article>\n\t\t\t\t<article class=\"elementor-post elementor-grid-item post-2695 post type-post status-publish format-standard has-post-thumbnail hentry category-radfahren-wandern tag-cafe-co-leche-mit tag-cbm tag-costa-blanca-magazin tag-costa-blanca tag-marina-alta tag-marina-baixa tag-wander-tipps-fuer-die-costa-blanca tag-wandern-an-der-costa-blanca\" role=\"listitem\">\n\t\t\t<div class=\"elementor-post__card\">\n\t\t\t\t<a class=\"elementor-post__thumbnail__link\" href=\"https:\/\/costablanca-magazin.com\/nb\/freizeit\/radfahren-wandern\/cbm-im-interview-mit-axel-gierschewski-wandern-an-der-costa-blanca\/\" tabindex=\"-1\" ><div class=\"elementor-post__thumbnail\"><img loading=\"lazy\" decoding=\"async\" width=\"300\" height=\"200\" src=\"https:\/\/costablanca-magazin.com\/wp-content\/uploads\/2024\/10\/the-peaks-of-the-cabeco-d-or-mountains-2023-11-27-05-10-37-utc-Bernia-300x200.jpg\" class=\"attachment-medium size-medium wp-image-2713\" alt=\"Vandring p\u00e5 Costa Blanca: Et paradis for natur- og kulturinteresserte 15\" srcset=\"https:\/\/costablanca-magazin.com\/wp-content\/uploads\/2024\/10\/the-peaks-of-the-cabeco-d-or-mountains-2023-11-27-05-10-37-utc-Bernia-300x200.jpg 300w, https:\/\/costablanca-magazin.com\/wp-content\/uploads\/2024\/10\/the-peaks-of-the-cabeco-d-or-mountains-2023-11-27-05-10-37-utc-Bernia-1024x683.jpg 1024w, https:\/\/costablanca-magazin.com\/wp-content\/uploads\/2024\/10\/the-peaks-of-the-cabeco-d-or-mountains-2023-11-27-05-10-37-utc-Bernia-768x512.jpg 768w, https:\/\/costablanca-magazin.com\/wp-content\/uploads\/2024\/10\/the-peaks-of-the-cabeco-d-or-mountains-2023-11-27-05-10-37-utc-Bernia-1536x1024.jpg 1536w, https:\/\/costablanca-magazin.com\/wp-content\/uploads\/2024\/10\/the-peaks-of-the-cabeco-d-or-mountains-2023-11-27-05-10-37-utc-Bernia-2048x1365.jpg 2048w\" sizes=\"(max-width: 300px) 100vw, 300px\" \/><\/div><\/a>\n\t\t\t\t<div class=\"elementor-post__badge\">Sykling og fotturer<\/div>\n\t\t\t\t<div class=\"elementor-post__text\">\n\t\t\t\t<h2 class=\"elementor-post__title\">\n\t\t\t<a href=\"https:\/\/costablanca-magazin.com\/nb\/freizeit\/radfahren-wandern\/cbm-im-interview-mit-axel-gierschewski-wandern-an-der-costa-blanca\/\" >\n\t\t\t\tCBM-intervju med Axel Gierschewski - Vandring p\u00e5 Costa Blanca\t\t\t<\/a>\n\t\t<\/h2>\n\t\t\t\t<div class=\"elementor-post__excerpt\">\n\t\t\t<p>Fotturer p\u00e5 Costa Blanca: et paradis for natur- og kulturinteresserte Opplev mangfoldet i Marina Alta og Marina Baixa - fra kystvandringer til historiske ruter i storsl\u00e5tt natur. CBM i intervju med turg\u00e5er Axel Gierschewski fra Oliva Nova. Costa Blanca er kjent for sine vakre strender<\/p>\n\t\t<\/div>\n\t\t\n\t\t<a class=\"elementor-post__read-more\" href=\"https:\/\/costablanca-magazin.com\/nb\/freizeit\/radfahren-wandern\/cbm-im-interview-mit-axel-gierschewski-wandern-an-der-costa-blanca\/\" aria-label=\"Read more about CBM im Interview mit Axel Gierschewski &#8211; Wandern an der Costa Blanca\" tabindex=\"-1\" >\n\t\t\tLes mer \u00bb\t\t<\/a>\n\n\t\t\t\t<\/div>\n\t\t\t\t\t<\/div>\n\t\t<\/article>\n\t\t\t\t<article class=\"elementor-post elementor-grid-item post-1471 post type-post status-publish format-standard has-post-thumbnail hentry category-radfahren-wandern tag-via-verde-costablanca tag-via-verde-denia tag-wandern-costablanca tag-wanderwege\" role=\"listitem\">\n\t\t\t<div class=\"elementor-post__card\">\n\t\t\t\t<a class=\"elementor-post__thumbnail__link\" href=\"https:\/\/costablanca-magazin.com\/nb\/freizeit\/radfahren-wandern\/via-verdes-entdecke-die-gruene-route-von-denia-bis-villajoyosa\/\" tabindex=\"-1\" ><div class=\"elementor-post__thumbnail\"><img loading=\"lazy\" decoding=\"async\" width=\"300\" height=\"200\" src=\"https:\/\/costablanca-magazin.com\/wp-content\/uploads\/2022\/09\/costablanca-lifestyle-wanderung-faro-de-albir-46-300x200.jpg\" class=\"attachment-medium size-medium wp-image-842\" alt=\"costablanca-livsstil-vandring-faro-de-albir 78\" srcset=\"https:\/\/costablanca-magazin.com\/wp-content\/uploads\/2022\/09\/costablanca-lifestyle-wanderung-faro-de-albir-46-300x200.jpg 300w, https:\/\/costablanca-magazin.com\/wp-content\/uploads\/2022\/09\/costablanca-lifestyle-wanderung-faro-de-albir-46-768x512.jpg 768w, https:\/\/costablanca-magazin.com\/wp-content\/uploads\/2022\/09\/costablanca-lifestyle-wanderung-faro-de-albir-46.jpg 800w\" sizes=\"(max-width: 300px) 100vw, 300px\" \/><\/div><\/a>\n\t\t\t\t<div class=\"elementor-post__badge\">Sykling og fotturer<\/div>\n\t\t\t\t<div class=\"elementor-post__text\">\n\t\t\t\t<h2 class=\"elementor-post__title\">\n\t\t\t<a href=\"https:\/\/costablanca-magazin.com\/nb\/freizeit\/radfahren-wandern\/via-verdes-entdecke-die-gruene-route-von-denia-bis-villajoyosa\/\" >\n\t\t\t\tVia Verdes: Oppdag den gr\u00f8nne ruten fra Denia til Villajoyosa\t\t\t<\/a>\n\t\t<\/h2>\n\t\t\t\t<div class=\"elementor-post__excerpt\">\n\t\t\t<p>Via Verdes: Oppdag den gr\u00f8nne ruten fra Denia til Villajoyosa De \u201egr\u00f8nne rutene\u201c, kjent som Via Verdes, ble opprettet p\u00e5 1990-tallet da nedlagte jernbanelinjer ble omgjort til sykkel- og turstier. Dette var et initiativ fra den spanske regjeringen for \u00e5 fremme b\u00e6rekraftig turisme og restaurere de historiske jernbanelinjene.<\/p>\n\t\t<\/div>\n\t\t\n\t\t<a class=\"elementor-post__read-more\" href=\"https:\/\/costablanca-magazin.com\/nb\/freizeit\/radfahren-wandern\/via-verdes-entdecke-die-gruene-route-von-denia-bis-villajoyosa\/\" aria-label=\"Read more about Via Verdes: Entdecke die Gr\u00fcne Route von Denia bis Villajoyosa\" tabindex=\"-1\" >\n\t\t\tLes mer \u00bb\t\t<\/a>\n\n\t\t\t\t<\/div>\n\t\t\t\t\t<\/div>\n\t\t<\/article>\n\t\t\t\t<article class=\"elementor-post elementor-grid-item post-203 post type-post status-publish format-standard has-post-thumbnail hentry category-radfahren-wandern tag-ausfluege-costablanca tag-costa-blanca tag-radfahren-costablanca\" role=\"listitem\">\n\t\t\t<div class=\"elementor-post__card\">\n\t\t\t\t<a class=\"elementor-post__thumbnail__link\" href=\"https:\/\/costablanca-magazin.com\/nb\/freizeit\/radfahren-wandern\/rad\/\" tabindex=\"-1\" ><div class=\"elementor-post__thumbnail\"><img loading=\"lazy\" decoding=\"async\" width=\"300\" height=\"200\" src=\"https:\/\/costablanca-magazin.com\/wp-content\/uploads\/2024\/06\/rad1-300x200.jpg\" class=\"attachment-medium size-medium wp-image-204\" alt=\"Sykkelturer og sykling p\u00e5 Costa Blanca\" srcset=\"https:\/\/costablanca-magazin.com\/wp-content\/uploads\/2024\/06\/rad1-300x200.jpg 300w, https:\/\/costablanca-magazin.com\/wp-content\/uploads\/2024\/06\/rad1-1024x683.jpg 1024w, https:\/\/costablanca-magazin.com\/wp-content\/uploads\/2024\/06\/rad1-768x512.jpg 768w, https:\/\/costablanca-magazin.com\/wp-content\/uploads\/2024\/06\/rad1-1536x1024.jpg 1536w, https:\/\/costablanca-magazin.com\/wp-content\/uploads\/2024\/06\/rad1-2048x1366.jpg 2048w\" sizes=\"(max-width: 300px) 100vw, 300px\" \/><\/div><\/a>\n\t\t\t\t<div class=\"elementor-post__badge\">Sykling og fotturer<\/div>\n\t\t\t\t<div class=\"elementor-post__text\">\n\t\t\t\t<h2 class=\"elementor-post__title\">\n\t\t\t<a href=\"https:\/\/costablanca-magazin.com\/nb\/freizeit\/radfahren-wandern\/rad\/\" >\n\t\t\t\tHjul\t\t\t<\/a>\n\t\t<\/h2>\n\t\t\t\t<div class=\"elementor-post__excerpt\">\n\t\t\t<p>Sykkelturer og sykling p\u00e5 Costa Blanca Costa Blanca er et ideelt reisem\u00e5l for syklister p\u00e5 alle niv\u00e5er, takket v\u00e6re det milde klimaet, den fantastiske naturen og den utmerkede infrastrukturen. Fra flate ruter langs kysten til utfordrende stigninger i fjellene, Costa Blanca tilbyr et bredt spekter av alternativer<\/p>\n\t\t<\/div>\n\t\t\n\t\t<a class=\"elementor-post__read-more\" href=\"https:\/\/costablanca-magazin.com\/nb\/freizeit\/radfahren-wandern\/rad\/\" aria-label=\"Read more about Rad\" tabindex=\"-1\" >\n\t\t\tLes mer \u00bb\t\t<\/a>\n\n\t\t\t\t<\/div>\n\t\t\t\t\t<\/div>\n\t\t<\/article>\n\t\t\t\t<article class=\"elementor-post elementor-grid-item post-194 post type-post status-publish format-standard has-post-thumbnail hentry category-radfahren-wandern tag-ausfluege-costablanca tag-costa-blanca tag-wandern-an-der-costa-blanca tag-wandern-costablanca\" role=\"listitem\">\n\t\t\t<div class=\"elementor-post__card\">\n\t\t\t\t<a class=\"elementor-post__thumbnail__link\" href=\"https:\/\/costablanca-magazin.com\/nb\/freizeit\/radfahren-wandern\/wandern\/\" tabindex=\"-1\" ><div class=\"elementor-post__thumbnail\"><img loading=\"lazy\" decoding=\"async\" width=\"300\" height=\"200\" src=\"https:\/\/costablanca-magazin.com\/wp-content\/uploads\/2024\/06\/mature-man-hiking-on-mountains-nearby-sea-2022-12-01-18-10-45-utc-scaled-1-300x200.jpg\" class=\"attachment-medium size-medium wp-image-199\" alt=\"Fotturer og fotturer p\u00e5 Costa Blanca\" srcset=\"https:\/\/costablanca-magazin.com\/wp-content\/uploads\/2024\/06\/mature-man-hiking-on-mountains-nearby-sea-2022-12-01-18-10-45-utc-scaled-1-300x200.jpg 300w, https:\/\/costablanca-magazin.com\/wp-content\/uploads\/2024\/06\/mature-man-hiking-on-mountains-nearby-sea-2022-12-01-18-10-45-utc-scaled-1-1024x682.jpg 1024w, https:\/\/costablanca-magazin.com\/wp-content\/uploads\/2024\/06\/mature-man-hiking-on-mountains-nearby-sea-2022-12-01-18-10-45-utc-scaled-1-768x512.jpg 768w, https:\/\/costablanca-magazin.com\/wp-content\/uploads\/2024\/06\/mature-man-hiking-on-mountains-nearby-sea-2022-12-01-18-10-45-utc-scaled-1-1536x1024.jpg 1536w, https:\/\/costablanca-magazin.com\/wp-content\/uploads\/2024\/06\/mature-man-hiking-on-mountains-nearby-sea-2022-12-01-18-10-45-utc-scaled-1-2048x1365.jpg 2048w\" sizes=\"(max-width: 300px) 100vw, 300px\" \/><\/div><\/a>\n\t\t\t\t<div class=\"elementor-post__badge\">Sykling og fotturer<\/div>\n\t\t\t\t<div class=\"elementor-post__text\">\n\t\t\t\t<h2 class=\"elementor-post__title\">\n\t\t\t<a href=\"https:\/\/costablanca-magazin.com\/nb\/freizeit\/radfahren-wandern\/wandern\/\" >\n\t\t\t\tVandring\t\t\t<\/a>\n\t\t<\/h2>\n\t\t\t\t<div class=\"elementor-post__excerpt\">\n\t\t\t<p>Fotturer og fotturer p\u00e5 Costa Blanca Den spanske Costa Blanca er kjent for sine vakre strender og milde klima, men ogs\u00e5 for sitt imponerende fjellandskap. Spesielt Sierra Aitana, en fjellkjede langs kysten, tilbyr fotturister et spektakul\u00e6rt bakteppe. Med topper p\u00e5 opptil 1500 meter og mange fjellomr\u00e5der<\/p>\n\t\t<\/div>\n\t\t\n\t\t<a class=\"elementor-post__read-more\" href=\"https:\/\/costablanca-magazin.com\/nb\/freizeit\/radfahren-wandern\/wandern\/\" aria-label=\"Read more about Wandern\" tabindex=\"-1\" >\n\t\t\tLes mer \u00bb\t\t<\/a>\n\n\t\t\t\t<\/div>\n\t\t\t\t\t<\/div>\n\t\t<\/article>\n\t\t\t\t<\/div>\n\t\t\n\t\t\t\t\t\t<\/div>\n\t\t\t\t<\/div>\n\t\t\t\t\t<\/div>\n\t\t\t\t<\/div>\n\t\t\t\t<\/div>","protected":false},"excerpt":{"rendered":"<p>Beim n\u00e4chsten Ausflug und ich gerne neue Strecken, denn an Landschaften und frische Luft machen der Energie, w\u00e4hrend Costa Pausen mit Freunden Blanca Pl\u00e4ne schmieden und Routen Erinnerungen schaffen, sodass Natur Abenteuer immer wieder locken und Ausblicke Gl\u00fccksgef\u00fchle wecken. Freizeit &#8211; Radfahren &amp; Wandern<\/p>","protected":false},"author":1,"featured_media":0,"parent":0,"menu_order":0,"comment_status":"closed","ping_status":"closed","template":"elementor_header_footer","meta":{"om_disable_all_campaigns":false,"_monsterinsights_skip_tracking":false,"_monsterinsights_sitenote_active":false,"_monsterinsights_sitenote_note":"","_monsterinsights_sitenote_category":0,"footnotes":""},"class_list":["post-4578","page","type-page","status-publish","hentry"],"aioseo_notices":[],"_links":{"self":[{"href":"https:\/\/costablanca-magazin.com\/nb\/wp-json\/wp\/v2\/pages\/4578","targetHints":{"allow":["GET"]}}],"collection":[{"href":"https:\/\/costablanca-magazin.com\/nb\/wp-json\/wp\/v2\/pages"}],"about":[{"href":"https:\/\/costablanca-magazin.com\/nb\/wp-json\/wp\/v2\/types\/page"}],"author":[{"embeddable":true,"href":"https:\/\/costablanca-magazin.com\/nb\/wp-json\/wp\/v2\/users\/1"}],"replies":[{"embeddable":true,"href":"https:\/\/costablanca-magazin.com\/nb\/wp-json\/wp\/v2\/comments?post=4578"}],"version-history":[{"count":18,"href":"https:\/\/costablanca-magazin.com\/nb\/wp-json\/wp\/v2\/pages\/4578\/revisions"}],"predecessor-version":[{"id":10371,"href":"https:\/\/costablanca-magazin.com\/nb\/wp-json\/wp\/v2\/pages\/4578\/revisions\/10371"}],"wp:attachment":[{"href":"https:\/\/costablanca-magazin.com\/nb\/wp-json\/wp\/v2\/media?parent=4578"}],"curies":[{"name":"wp","href":"https:\/\/api.w.org\/{rel}","templated":true}]}}