{"id":4545,"date":"2025-01-21T09:04:06","date_gmt":"2025-01-21T08:04:06","guid":{"rendered":"https:\/\/costablanca-magazin.com\/?page_id=4545"},"modified":"2026-05-08T12:16:42","modified_gmt":"2026-05-08T10:16:42","slug":"arrangementer-events","status":"publish","type":"page","link":"https:\/\/costablanca-magazin.com\/nb\/veranstaltungen-events\/","title":{"rendered":"Arrangementer og begivenheter"},"content":{"rendered":"<div data-elementor-type=\"wp-page\" data-elementor-id=\"4545\" class=\"elementor elementor-4545\" data-elementor-post-type=\"page\">\n\t\t\t\t<div class=\"elementor-element elementor-element-5913c94 e-flex e-con-boxed e-con e-parent\" data-id=\"5913c94\" data-element_type=\"container\" data-e-type=\"container\">\n\t\t\t\t\t<div class=\"e-con-inner\">\n\t\t\t\t<div class=\"elementor-element elementor-element-b61dab1 elementor-widget elementor-widget-heading\" data-id=\"b61dab1\" data-element_type=\"widget\" data-e-type=\"widget\" data-widget_type=\"heading.default\">\n\t\t\t\t<div class=\"elementor-widget-container\">\n\t\t\t\t\t<h1 class=\"elementor-heading-title elementor-size-default\">Rekreasjon - Arrangementer og begivenheter<\/h1>\t\t\t\t<\/div>\n\t\t\t\t<\/div>\n\t\t\t\t\t<\/div>\n\t\t\t\t<\/div>\n\t\t<div class=\"elementor-element elementor-element-1667472 e-flex e-con-boxed e-con e-parent\" data-id=\"1667472\" data-element_type=\"container\" data-e-type=\"container\">\n\t\t\t\t\t<div class=\"e-con-inner\">\n\t\t\t\t<div class=\"elementor-element elementor-element-abd6586 elementor-grid-3 elementor-grid-tablet-2 elementor-grid-mobile-1 elementor-posts--thumbnail-top elementor-card-shadow-yes elementor-posts__hover-gradient elementor-widget elementor-widget-posts\" data-id=\"abd6586\" data-element_type=\"widget\" data-e-type=\"widget\" data-settings=\"{&quot;pagination_type&quot;:&quot;numbers&quot;,&quot;cards_columns&quot;:&quot;3&quot;,&quot;cards_columns_tablet&quot;:&quot;2&quot;,&quot;cards_columns_mobile&quot;:&quot;1&quot;,&quot;cards_row_gap&quot;:{&quot;unit&quot;:&quot;px&quot;,&quot;size&quot;:35,&quot;sizes&quot;:[]},&quot;cards_row_gap_tablet&quot;:{&quot;unit&quot;:&quot;px&quot;,&quot;size&quot;:&quot;&quot;,&quot;sizes&quot;:[]},&quot;cards_row_gap_mobile&quot;:{&quot;unit&quot;:&quot;px&quot;,&quot;size&quot;:&quot;&quot;,&quot;sizes&quot;:[]}}\" data-widget_type=\"posts.cards\">\n\t\t\t\t<div class=\"elementor-widget-container\">\n\t\t\t\t\t\t\t<div class=\"elementor-posts-container elementor-posts elementor-posts--skin-cards elementor-grid\" role=\"list\">\n\t\t\t\t<article class=\"elementor-post elementor-grid-item post-11888 post type-post status-publish format-standard has-post-thumbnail hentry category-veranstaltungen-events tag-fiestas-costa-blanca tag-konzerte-costa-blanca tag-maerkte-costa-blanca tag-veranstaltungen-costa-blanca\" role=\"listitem\">\n\t\t\t<div class=\"elementor-post__card\">\n\t\t\t\t<a class=\"elementor-post__thumbnail__link\" href=\"https:\/\/costablanca-magazin.com\/nb\/freizeit\/veranstaltungen-events\/costa-blanca-veranstaltungen-juli-und-august-2026\/\" tabindex=\"-1\" ><div class=\"elementor-post__thumbnail\"><img fetchpriority=\"high\" decoding=\"async\" width=\"300\" height=\"201\" src=\"https:\/\/costablanca-magazin.com\/wp-content\/uploads\/2026\/07\/AdobeStock_111603363-300x201.jpg\" class=\"attachment-medium size-medium wp-image-11889\" alt=\"Arrangementer p\u00e5 Costa Blanca: juli og august 2026\" srcset=\"https:\/\/costablanca-magazin.com\/wp-content\/uploads\/2026\/07\/AdobeStock_111603363-300x201.jpg 300w, https:\/\/costablanca-magazin.com\/wp-content\/uploads\/2026\/07\/AdobeStock_111603363-1024x685.jpg 1024w, https:\/\/costablanca-magazin.com\/wp-content\/uploads\/2026\/07\/AdobeStock_111603363-768x514.jpg 768w, https:\/\/costablanca-magazin.com\/wp-content\/uploads\/2026\/07\/AdobeStock_111603363-18x12.jpg 18w, https:\/\/costablanca-magazin.com\/wp-content\/uploads\/2026\/07\/AdobeStock_111603363.jpg 1200w\" sizes=\"(max-width: 300px) 100vw, 300px\" \/><\/div><\/a>\n\t\t\t\t<div class=\"elementor-post__badge\">Arrangementer og begivenheter<\/div>\n\t\t\t\t<div class=\"elementor-post__text\">\n\t\t\t\t<h2 class=\"elementor-post__title\">\n\t\t\t<a href=\"https:\/\/costablanca-magazin.com\/nb\/freizeit\/veranstaltungen-events\/costa-blanca-veranstaltungen-juli-und-august-2026\/\" >\n\t\t\t\tArrangementer p\u00e5 Costa Blanca: juli og august 2026\t\t\t<\/a>\n\t\t<\/h2>\n\t\t\t\t<div class=\"elementor-post__excerpt\">\n\t\t\t<p>Veranstaltungen an der Costa Blanca im Juli und August 2026 Fiestas, Patronatsfeste, Konzerte und Sommerkino: Die wichtigsten Veranstaltungen an der Costa Blanca von Mitte Juli bis Ende August 2026. An der Costa Blanca ist der Veranstaltungskalender zwischen Mitte Juli und Ende August besonders dicht. In D\u00e9nia, Calpe, Altea, Benidorm, Villajoyosa,<\/p>\n\t\t<\/div>\n\t\t\n\t\t<a class=\"elementor-post__read-more\" href=\"https:\/\/costablanca-magazin.com\/nb\/freizeit\/veranstaltungen-events\/costa-blanca-veranstaltungen-juli-und-august-2026\/\" aria-label=\"Read more about Costa Blanca Veranstaltungen: Juli und August 2026\" tabindex=\"-1\" >\n\t\t\tLes mer \u00bb\t\t<\/a>\n\n\t\t\t\t<\/div>\n\t\t\t\t\t<\/div>\n\t\t<\/article>\n\t\t\t\t<article class=\"elementor-post elementor-grid-item post-11688 post type-post status-publish format-standard has-post-thumbnail hentry category-veranstaltungen-events tag-fiestas-costa-blanca tag-konzerte-costa-blanca tag-maerkte-costa-blanca tag-veranstaltungen-costa-blanca\" role=\"listitem\">\n\t\t\t<div class=\"elementor-post__card\">\n\t\t\t\t<a class=\"elementor-post__thumbnail__link\" href=\"https:\/\/costablanca-magazin.com\/nb\/freizeit\/veranstaltungen-events\/veranstaltungen-an-der-costa-blanca-juni-und-juli-2026\/\" tabindex=\"-1\" ><div class=\"elementor-post__thumbnail\"><img decoding=\"async\" width=\"300\" height=\"200\" src=\"https:\/\/costablanca-magazin.com\/wp-content\/uploads\/2026\/06\/adults-celebrating-new-year-s-eve-with-champagne-2026-03-18-11-58-22-utc-300x200.jpg\" class=\"attachment-medium size-medium wp-image-11689\" alt=\"Arrangementer p\u00e5 Costa Blanca juni\/juli 2026\" srcset=\"https:\/\/costablanca-magazin.com\/wp-content\/uploads\/2026\/06\/adults-celebrating-new-year-s-eve-with-champagne-2026-03-18-11-58-22-utc-300x200.jpg 300w, https:\/\/costablanca-magazin.com\/wp-content\/uploads\/2026\/06\/adults-celebrating-new-year-s-eve-with-champagne-2026-03-18-11-58-22-utc-1024x684.jpg 1024w, https:\/\/costablanca-magazin.com\/wp-content\/uploads\/2026\/06\/adults-celebrating-new-year-s-eve-with-champagne-2026-03-18-11-58-22-utc-768x513.jpg 768w, https:\/\/costablanca-magazin.com\/wp-content\/uploads\/2026\/06\/adults-celebrating-new-year-s-eve-with-champagne-2026-03-18-11-58-22-utc-1536x1025.jpg 1536w, https:\/\/costablanca-magazin.com\/wp-content\/uploads\/2026\/06\/adults-celebrating-new-year-s-eve-with-champagne-2026-03-18-11-58-22-utc-2048x1367.jpg 2048w, https:\/\/costablanca-magazin.com\/wp-content\/uploads\/2026\/06\/adults-celebrating-new-year-s-eve-with-champagne-2026-03-18-11-58-22-utc-18x12.jpg 18w\" sizes=\"(max-width: 300px) 100vw, 300px\" \/><\/div><\/a>\n\t\t\t\t<div class=\"elementor-post__badge\">Arrangementer og begivenheter<\/div>\n\t\t\t\t<div class=\"elementor-post__text\">\n\t\t\t\t<h2 class=\"elementor-post__title\">\n\t\t\t<a href=\"https:\/\/costablanca-magazin.com\/nb\/freizeit\/veranstaltungen-events\/veranstaltungen-an-der-costa-blanca-juni-und-juli-2026\/\" >\n\t\t\t\tArrangementer p\u00e5 Costa Blanca i juni og juli 2026\t\t\t<\/a>\n\t\t<\/h2>\n\t\t\t\t<div class=\"elementor-post__excerpt\">\n\t\t\t<p>Arrangementer p\u00e5 Costa Blanca juni\/juli 2026 Fester, konserter, markeder og kulturelle begivenheter p\u00e5 Costa Blanca fra 15. juni til 31. juli 2026 \u2013 fra D\u00e9nia til Torrevieja. Denne oversikten samler de viktigste arrangementene p\u00e5 Costa Blanca fra 15. juni til 31. juli 2026 \u2013 fra D\u00e9nia til Torrevieja.<\/p>\n\t\t<\/div>\n\t\t\n\t\t<a class=\"elementor-post__read-more\" href=\"https:\/\/costablanca-magazin.com\/nb\/freizeit\/veranstaltungen-events\/veranstaltungen-an-der-costa-blanca-juni-und-juli-2026\/\" aria-label=\"Read more about Veranstaltungen an der Costa Blanca Juni und Juli 2026\" tabindex=\"-1\" >\n\t\t\tLes mer \u00bb\t\t<\/a>\n\n\t\t\t\t<\/div>\n\t\t\t\t\t<\/div>\n\t\t<\/article>\n\t\t\t\t<article class=\"elementor-post elementor-grid-item post-11484 post type-post status-publish format-standard has-post-thumbnail hentry category-veranstaltungen-events\" role=\"listitem\">\n\t\t\t<div class=\"elementor-post__card\">\n\t\t\t\t<a class=\"elementor-post__thumbnail__link\" href=\"https:\/\/costablanca-magazin.com\/nb\/freizeit\/veranstaltungen-events\/veranstaltungen-un-events-an-der-costa-blanca-mai-2026\/\" tabindex=\"-1\" ><div class=\"elementor-post__thumbnail\"><img decoding=\"async\" width=\"300\" height=\"169\" src=\"https:\/\/costablanca-magazin.com\/wp-content\/uploads\/2026\/05\/AdobeStock_296419932-300x169.jpeg\" class=\"attachment-medium size-medium wp-image-11485\" alt=\"Arrangementer Costa Blanca - mai 2026\" srcset=\"https:\/\/costablanca-magazin.com\/wp-content\/uploads\/2026\/05\/AdobeStock_296419932-300x169.jpeg 300w, https:\/\/costablanca-magazin.com\/wp-content\/uploads\/2026\/05\/AdobeStock_296419932-1024x576.jpeg 1024w, https:\/\/costablanca-magazin.com\/wp-content\/uploads\/2026\/05\/AdobeStock_296419932-768x432.jpeg 768w, https:\/\/costablanca-magazin.com\/wp-content\/uploads\/2026\/05\/AdobeStock_296419932-1536x864.jpeg 1536w, https:\/\/costablanca-magazin.com\/wp-content\/uploads\/2026\/05\/AdobeStock_296419932-2048x1152.jpeg 2048w, https:\/\/costablanca-magazin.com\/wp-content\/uploads\/2026\/05\/AdobeStock_296419932-18x10.jpeg 18w, https:\/\/costablanca-magazin.com\/wp-content\/uploads\/2026\/05\/AdobeStock_296419932-1200x675-cbm16x9.webp 1200w\" sizes=\"(max-width: 300px) 100vw, 300px\" \/><\/div><\/a>\n\t\t\t\t<div class=\"elementor-post__badge\">Arrangementer og begivenheter<\/div>\n\t\t\t\t<div class=\"elementor-post__text\">\n\t\t\t\t<h2 class=\"elementor-post__title\">\n\t\t\t<a href=\"https:\/\/costablanca-magazin.com\/nb\/freizeit\/veranstaltungen-events\/veranstaltungen-un-events-an-der-costa-blanca-mai-2026\/\" >\n\t\t\t\tArrangementer p\u00e5 Costa Blanca - mai 2026\t\t\t<\/a>\n\t\t<\/h2>\n\t\t\t\t<div class=\"elementor-post__excerpt\">\n\t\t\t<p>Arrangementer Costa Blanca - Mai 2026 Arrangementer i mai p\u00e5 Costa Blanca: Kultur, konserter, teater, arrangementer, fiestaer og lokale datoer fra D\u00e9nia til Torrevieja p\u00e5 et \u00f8yeblikk. Mai bringer bevegelse til Costa Blanca-kalenderen. I Torrevieja byr Feria de Mayo p\u00e5 andalusisk festivalkultur med casetas,<\/p>\n\t\t<\/div>\n\t\t\n\t\t<a class=\"elementor-post__read-more\" href=\"https:\/\/costablanca-magazin.com\/nb\/freizeit\/veranstaltungen-events\/veranstaltungen-un-events-an-der-costa-blanca-mai-2026\/\" aria-label=\"Les mer om Arrangementer p\u00e5 Costa Blanca - mai 2026\" tabindex=\"-1\" >\n\t\t\tLes mer \u00bb\t\t<\/a>\n\n\t\t\t\t<\/div>\n\t\t\t\t\t<\/div>\n\t\t<\/article>\n\t\t\t\t<article class=\"elementor-post elementor-grid-item post-11423 post type-post status-publish format-standard has-post-thumbnail hentry category-veranstaltungen-events tag-feiertage-costa-blanca tag-fiestas-costa-blanca tag-moros-y-cristianos-costa-blanca\" role=\"listitem\">\n\t\t\t<div class=\"elementor-post__card\">\n\t\t\t\t<a class=\"elementor-post__thumbnail__link\" href=\"https:\/\/costablanca-magazin.com\/nb\/freizeit\/veranstaltungen-events\/moros-y-cristianos-costa-blanca-2026-termine-und-feste\/\" tabindex=\"-1\" ><div class=\"elementor-post__thumbnail\"><img loading=\"lazy\" decoding=\"async\" width=\"300\" height=\"135\" src=\"https:\/\/costablanca-magazin.com\/wp-content\/uploads\/2025\/09\/calpe-moros-300x135.jpg\" class=\"attachment-medium size-medium wp-image-8738\" alt=\"calpe moros y cristianos\" srcset=\"https:\/\/costablanca-magazin.com\/wp-content\/uploads\/2025\/09\/calpe-moros-300x135.jpg 300w, https:\/\/costablanca-magazin.com\/wp-content\/uploads\/2025\/09\/calpe-moros-1024x460.jpg 1024w, https:\/\/costablanca-magazin.com\/wp-content\/uploads\/2025\/09\/calpe-moros-768x345.jpg 768w, https:\/\/costablanca-magazin.com\/wp-content\/uploads\/2025\/09\/calpe-moros.jpg 1200w\" sizes=\"(max-width: 300px) 100vw, 300px\" \/><\/div><\/a>\n\t\t\t\t<div class=\"elementor-post__badge\">Arrangementer og begivenheter<\/div>\n\t\t\t\t<div class=\"elementor-post__text\">\n\t\t\t\t<h2 class=\"elementor-post__title\">\n\t\t\t<a href=\"https:\/\/costablanca-magazin.com\/nb\/freizeit\/veranstaltungen-events\/moros-y-cristianos-costa-blanca-2026-termine-und-feste\/\" >\n\t\t\t\tMoros y Cristianos Costa Blanca 2026 - Datoer og festligheter\t\t\t<\/a>\n\t\t<\/h2>\n\t\t\t\t<div class=\"elementor-post__excerpt\">\n\t\t\t<p>Moros y Cristianos Costa Blanca 2026 - Datoer og festligheter Hvorfor disse festene er mer enn bare fargerike parader F\u00f8rst kommer trommene. S\u00e5 hornene. S\u00e5 fylles gatene med tunge stoffer, skinnende hjelmer, fj\u00e6rkroner, faner, hester og grupper som ikke bare \u201eg\u00e5r forbi\u201c, men som har forberedt seg i m\u00e5nedsvis.<\/p>\n\t\t<\/div>\n\t\t\n\t\t<a class=\"elementor-post__read-more\" href=\"https:\/\/costablanca-magazin.com\/nb\/freizeit\/veranstaltungen-events\/moros-y-cristianos-costa-blanca-2026-termine-und-feste\/\" aria-label=\"Les mer om Moros y Cristianos Costa Blanca 2026 - Datoer og festligheter\" tabindex=\"-1\" >\n\t\t\tLes mer \u00bb\t\t<\/a>\n\n\t\t\t\t<\/div>\n\t\t\t\t\t<\/div>\n\t\t<\/article>\n\t\t\t\t<article class=\"elementor-post elementor-grid-item post-11337 post type-post status-publish format-standard has-post-thumbnail hentry category-veranstaltungen-events tag-feiertage-costa-blanca tag-fiestas-costa-blanca\" role=\"listitem\">\n\t\t\t<div class=\"elementor-post__card\">\n\t\t\t\t<a class=\"elementor-post__thumbnail__link\" href=\"https:\/\/costablanca-magazin.com\/nb\/freizeit\/veranstaltungen-events\/april-an-der-costa-blanca-events-und-ostern-2026\/\" tabindex=\"-1\" ><div class=\"elementor-post__thumbnail\"><img loading=\"lazy\" decoding=\"async\" width=\"300\" height=\"200\" src=\"https:\/\/costablanca-magazin.com\/wp-content\/uploads\/2026\/04\/crowd-in-costumes-in-semana-santa-festival-capture-2026-03-18-07-56-36-utc-300x200.jpeg\" class=\"attachment-medium size-medium wp-image-11338\" alt=\"April p\u00e5 Costa Blanca: arrangementer, p\u00e5ske og arrangementer 2026\" srcset=\"https:\/\/costablanca-magazin.com\/wp-content\/uploads\/2026\/04\/crowd-in-costumes-in-semana-santa-festival-capture-2026-03-18-07-56-36-utc-300x200.jpeg 300w, https:\/\/costablanca-magazin.com\/wp-content\/uploads\/2026\/04\/crowd-in-costumes-in-semana-santa-festival-capture-2026-03-18-07-56-36-utc-1024x684.jpeg 1024w, https:\/\/costablanca-magazin.com\/wp-content\/uploads\/2026\/04\/crowd-in-costumes-in-semana-santa-festival-capture-2026-03-18-07-56-36-utc-768x513.jpeg 768w, https:\/\/costablanca-magazin.com\/wp-content\/uploads\/2026\/04\/crowd-in-costumes-in-semana-santa-festival-capture-2026-03-18-07-56-36-utc-1536x1026.jpeg 1536w, https:\/\/costablanca-magazin.com\/wp-content\/uploads\/2026\/04\/crowd-in-costumes-in-semana-santa-festival-capture-2026-03-18-07-56-36-utc-2048x1368.jpeg 2048w, https:\/\/costablanca-magazin.com\/wp-content\/uploads\/2026\/04\/crowd-in-costumes-in-semana-santa-festival-capture-2026-03-18-07-56-36-utc-18x12.jpeg 18w\" sizes=\"(max-width: 300px) 100vw, 300px\" \/><\/div><\/a>\n\t\t\t\t<div class=\"elementor-post__badge\">Arrangementer og begivenheter<\/div>\n\t\t\t\t<div class=\"elementor-post__text\">\n\t\t\t\t<h2 class=\"elementor-post__title\">\n\t\t\t<a href=\"https:\/\/costablanca-magazin.com\/nb\/freizeit\/veranstaltungen-events\/april-an-der-costa-blanca-events-und-ostern-2026\/\" >\n\t\t\t\tApril p\u00e5 Costa Blanca - Arrangementer og p\u00e5ske 2026\t\t\t<\/a>\n\t\t<\/h2>\n\t\t\t\t<div class=\"elementor-post__excerpt\">\n\t\t\t<p>April p\u00e5 Costa Blanca: Arrangementer, p\u00e5ske og begivenheter 2026 Mellom Semana Santa, sceneprogram og byfestivaler viser arrangementskalenderen i april hvor ulikt byene langs Costa Blanca former v\u00e5ren. April bringer bevegelse inn i kalenderen p\u00e5 Costa Blanca. For det f\u00f8rste Semana Santa med sine prosesjoner,<\/p>\n\t\t<\/div>\n\t\t\n\t\t<a class=\"elementor-post__read-more\" href=\"https:\/\/costablanca-magazin.com\/nb\/freizeit\/veranstaltungen-events\/april-an-der-costa-blanca-events-und-ostern-2026\/\" aria-label=\"Les mer om April p\u00e5 Costa Blanca - Arrangementer og p\u00e5ske 2026\" tabindex=\"-1\" >\n\t\t\tLes mer \u00bb\t\t<\/a>\n\n\t\t\t\t<\/div>\n\t\t\t\t\t<\/div>\n\t\t<\/article>\n\t\t\t\t<article class=\"elementor-post elementor-grid-item post-9685 post type-post status-publish format-standard has-post-thumbnail hentry category-veranstaltungen-events tag-feiertage-costa-blanca tag-fiestas-costa-blanca\" role=\"listitem\">\n\t\t\t<div class=\"elementor-post__card\">\n\t\t\t\t<a class=\"elementor-post__thumbnail__link\" href=\"https:\/\/costablanca-magazin.com\/nb\/freizeit\/veranstaltungen-events\/weihnachten-costa-blanca-2025-messen-umzuege-reyes\/\" tabindex=\"-1\" ><div class=\"elementor-post__thumbnail\"><img loading=\"lazy\" decoding=\"async\" width=\"300\" height=\"169\" src=\"https:\/\/costablanca-magazin.com\/wp-content\/uploads\/2025\/11\/4.png\" class=\"attachment-medium size-medium wp-image-9590\" alt=\"Julefeiring p\u00e5 Costa Blanca: messer, parader - Cabalgata de Reyes og lokale ritualer\" \/><\/div><\/a>\n\t\t\t\t<div class=\"elementor-post__badge\">Arrangementer og begivenheter<\/div>\n\t\t\t\t<div class=\"elementor-post__text\">\n\t\t\t\t<h2 class=\"elementor-post__title\">\n\t\t\t<a href=\"https:\/\/costablanca-magazin.com\/nb\/freizeit\/veranstaltungen-events\/weihnachten-costa-blanca-2025-messen-umzuege-reyes\/\" >\n\t\t\t\tJul Costa Blanca 2025 - Messer, prosesjoner og Reyes\t\t\t<\/a>\n\t\t<\/h2>\n\t\t\t\t<div class=\"elementor-post__excerpt\">\n\t\t\t<p>Julen p\u00e5 Costa Blanca 2025 \u2013 messer, parader og Reyes De viktigste julefeiringene p\u00e5 Costa Blanca: Misa del Gallo, Cabalgata de Reyes, internasjonale gudstjenester og regionale tradisjoner. De viktigste gudstjenestene, parader og juletradisjoner mellom Marina Alta og Vega Baja. Den religi\u00f8se rammen rundt h\u00f8ytiden p\u00e5 Costa Blanca<\/p>\n\t\t<\/div>\n\t\t\n\t\t<a class=\"elementor-post__read-more\" href=\"https:\/\/costablanca-magazin.com\/nb\/freizeit\/veranstaltungen-events\/weihnachten-costa-blanca-2025-messen-umzuege-reyes\/\" aria-label=\"Les mer om Jul p\u00e5 Costa Blanca 2025 - Messer, prosesjoner og Reyes\" tabindex=\"-1\" >\n\t\t\tLes mer \u00bb\t\t<\/a>\n\n\t\t\t\t<\/div>\n\t\t\t\t\t<\/div>\n\t\t<\/article>\n\t\t\t\t<article class=\"elementor-post elementor-grid-item post-9657 post type-post status-publish format-standard has-post-thumbnail hentry category-veranstaltungen-events tag-feiertage-costa-blanca tag-maerkte-costa-blanca\" role=\"listitem\">\n\t\t\t<div class=\"elementor-post__card\">\n\t\t\t\t<a class=\"elementor-post__thumbnail__link\" href=\"https:\/\/costablanca-magazin.com\/nb\/freizeit\/veranstaltungen-events\/weihnachtsmaerkte-costa-blanca-2025-termine-highlights\/\" tabindex=\"-1\" ><div class=\"elementor-post__thumbnail\"><img loading=\"lazy\" decoding=\"async\" width=\"300\" height=\"169\" src=\"https:\/\/costablanca-magazin.com\/wp-content\/uploads\/2025\/11\/2.png\" class=\"attachment-medium size-medium wp-image-9588\" alt=\"Julemarkeder p\u00e5 Costa Blanca 2025: datoer, steder og h\u00f8ydepunkter\" \/><\/div><\/a>\n\t\t\t\t<div class=\"elementor-post__badge\">Arrangementer og begivenheter<\/div>\n\t\t\t\t<div class=\"elementor-post__text\">\n\t\t\t\t<h2 class=\"elementor-post__title\">\n\t\t\t<a href=\"https:\/\/costablanca-magazin.com\/nb\/freizeit\/veranstaltungen-events\/weihnachtsmaerkte-costa-blanca-2025-termine-highlights\/\" >\n\t\t\t\tJulemarkeder Costa Blanca 2025 - Datoer og h\u00f8ydepunkter\t\t\t<\/a>\n\t\t<\/h2>\n\t\t\t\t<div class=\"elementor-post__excerpt\">\n\t\t\t<p>Julemarkeder p\u00e5 Costa Blanca 2025 \u2013 datoer og h\u00f8ydepunkter Alle julemarkeder 2025 p\u00e5 Costa Blanca: Altea, D\u00e9nia, Alicante, Torrevieja, J\u00e1vea og flere. Datoer, tips og programmer. De viktigste markedene fra Denia til Torrevieja \u2013 inkludert belysning, programmer og bekreftede datoer for desember 2025. Fra kunsth\u00e5ndverk i Altea til<\/p>\n\t\t<\/div>\n\t\t\n\t\t<a class=\"elementor-post__read-more\" href=\"https:\/\/costablanca-magazin.com\/nb\/freizeit\/veranstaltungen-events\/weihnachtsmaerkte-costa-blanca-2025-termine-highlights\/\" aria-label=\"Les mer om Julemarkeder Costa Blanca 2025 - Datoer og h\u00f8ydepunkter\" tabindex=\"-1\" >\n\t\t\tLes mer \u00bb\t\t<\/a>\n\n\t\t\t\t<\/div>\n\t\t\t\t\t<\/div>\n\t\t<\/article>\n\t\t\t\t<article class=\"elementor-post elementor-grid-item post-9587 post type-post status-publish format-standard has-post-thumbnail hentry category-veranstaltungen-events tag-feiertage-costa-blanca tag-handwerkskunst-traditionen-costa-blanca tag-maerkte-costa-blanca\" role=\"listitem\">\n\t\t\t<div class=\"elementor-post__card\">\n\t\t\t\t<a class=\"elementor-post__thumbnail__link\" href=\"https:\/\/costablanca-magazin.com\/nb\/freizeit\/veranstaltungen-events\/weihnachten-2025-an-der-costa-blanca-krippen-rituale\/\" tabindex=\"-1\" ><div class=\"elementor-post__thumbnail\"><img loading=\"lazy\" decoding=\"async\" width=\"300\" height=\"169\" src=\"https:\/\/costablanca-magazin.com\/wp-content\/uploads\/2025\/11\/1.png\" class=\"attachment-medium size-medium wp-image-9586\" alt=\"Julen p\u00e5 Costa Blanca 2025: Tradisjoner, krybber og regionale skikker\" \/><\/div><\/a>\n\t\t\t\t<div class=\"elementor-post__badge\">Arrangementer og begivenheter<\/div>\n\t\t\t\t<div class=\"elementor-post__text\">\n\t\t\t\t<h2 class=\"elementor-post__title\">\n\t\t\t<a href=\"https:\/\/costablanca-magazin.com\/nb\/freizeit\/veranstaltungen-events\/weihnachten-2025-an-der-costa-blanca-krippen-rituale\/\" >\n\t\t\t\tJulen 2025 p\u00e5 Costa Blanca - julekrybber og ritualer\t\t\t<\/a>\n\t\t<\/h2>\n\t\t\t\t<div class=\"elementor-post__excerpt\">\n\t\t\t<p>Julemarkeder Costa Blanca 2025 \u2013 datoer og h\u00f8ydepunkter Alle julemarkeder 2025 p\u00e5 Costa Blanca: Altea, D\u00e9nia, Alicante, Torrevieja, J\u00e1vea og flere. Datoer, tips og programmer. Hvordan kommuner fra Marina Alta til Vega Baja feirer h\u00f8ytiden \u2013 med regionale skikker, familietradisjoner og en atmosf\u00e6re som<\/p>\n\t\t<\/div>\n\t\t\n\t\t<a class=\"elementor-post__read-more\" href=\"https:\/\/costablanca-magazin.com\/nb\/freizeit\/veranstaltungen-events\/weihnachten-2025-an-der-costa-blanca-krippen-rituale\/\" aria-label=\"Les mer om Julen 2025 p\u00e5 Costa Blanca - julekrybber og ritualer\" tabindex=\"-1\" >\n\t\t\tLes mer \u00bb\t\t<\/a>\n\n\t\t\t\t<\/div>\n\t\t\t\t\t<\/div>\n\t\t<\/article>\n\t\t\t\t<article class=\"elementor-post elementor-grid-item post-9411 post type-post status-publish format-standard has-post-thumbnail hentry category-veranstaltungen-events\" role=\"listitem\">\n\t\t\t<div class=\"elementor-post__card\">\n\t\t\t\t<a class=\"elementor-post__thumbnail__link\" href=\"https:\/\/costablanca-magazin.com\/nb\/freizeit\/veranstaltungen-events\/events-costa-blanca-nov-dez-2025-2026\/\" tabindex=\"-1\" ><div class=\"elementor-post__thumbnail\"><img loading=\"lazy\" decoding=\"async\" width=\"300\" height=\"169\" src=\"https:\/\/costablanca-magazin.com\/wp-content\/uploads\/2025\/11\/santa-claus-opens-magic-christmas-gift-box-2024-11-20-04-20-21-utc-300x169.jpg\" class=\"attachment-medium size-medium wp-image-9447\" alt=\"EVENTS 11\/12\" srcset=\"https:\/\/costablanca-magazin.com\/wp-content\/uploads\/2025\/11\/santa-claus-opens-magic-christmas-gift-box-2024-11-20-04-20-21-utc-300x169.jpg 300w, https:\/\/costablanca-magazin.com\/wp-content\/uploads\/2025\/11\/santa-claus-opens-magic-christmas-gift-box-2024-11-20-04-20-21-utc-1024x576.jpg 1024w, https:\/\/costablanca-magazin.com\/wp-content\/uploads\/2025\/11\/santa-claus-opens-magic-christmas-gift-box-2024-11-20-04-20-21-utc-768x432.jpg 768w, https:\/\/costablanca-magazin.com\/wp-content\/uploads\/2025\/11\/santa-claus-opens-magic-christmas-gift-box-2024-11-20-04-20-21-utc-18x10.jpg 18w, https:\/\/costablanca-magazin.com\/wp-content\/uploads\/2025\/11\/santa-claus-opens-magic-christmas-gift-box-2024-11-20-04-20-21-utc.jpg 1200w\" sizes=\"(max-width: 300px) 100vw, 300px\" \/><\/div><\/a>\n\t\t\t\t<div class=\"elementor-post__badge\">Arrangementer og begivenheter<\/div>\n\t\t\t\t<div class=\"elementor-post__text\">\n\t\t\t\t<h2 class=\"elementor-post__title\">\n\t\t\t<a href=\"https:\/\/costablanca-magazin.com\/nb\/freizeit\/veranstaltungen-events\/events-costa-blanca-nov-dez-2025-2026\/\" >\n\t\t\t\tVinter p\u00e5 Costa Blanca - Alle arrangementer 2025\/26\t\t\t<\/a>\n\t\t<\/h2>\n\t\t\t\t<div class=\"elementor-post__excerpt\">\n\t\t\t<p>Arrangementer Costa Blanca november\/desember 2025 H\u00f8ydepunkter p\u00e5 Costa Blanca: Julemarkeder, konserter, utstillinger og familiearrangementer fra november 2025 til januar 2026. Jul, advent og en start p\u00e5 det nye \u00e5ret p\u00e5 Costa Blanca! N\u00e5r dagene blir kortere og kveldene lengre, v\u00e5kner Costa Blanca opp i<\/p>\n\t\t<\/div>\n\t\t\n\t\t<a class=\"elementor-post__read-more\" href=\"https:\/\/costablanca-magazin.com\/nb\/freizeit\/veranstaltungen-events\/events-costa-blanca-nov-dez-2025-2026\/\" aria-label=\"Les mer om Vinter p\u00e5 Costa Blanca - Alle arrangementer 2025\/26\" tabindex=\"-1\" >\n\t\t\tLes mer \u00bb\t\t<\/a>\n\n\t\t\t\t<\/div>\n\t\t\t\t\t<\/div>\n\t\t<\/article>\n\t\t\t\t<article class=\"elementor-post elementor-grid-item post-9084 post type-post status-publish format-standard has-post-thumbnail hentry category-veranstaltungen-events\" role=\"listitem\">\n\t\t\t<div class=\"elementor-post__card\">\n\t\t\t\t<a class=\"elementor-post__thumbnail__link\" href=\"https:\/\/costablanca-magazin.com\/nb\/freizeit\/veranstaltungen-events\/oktober-november-veranstaltungen-an-der-costa-blanca-2025\/\" tabindex=\"-1\" ><div class=\"elementor-post__thumbnail\"><img loading=\"lazy\" decoding=\"async\" width=\"300\" height=\"163\" src=\"https:\/\/costablanca-magazin.com\/wp-content\/uploads\/2025\/10\/happy-grandmother-and-little-girls-wearing-hallowe-2025-02-20-10-21-16-utc-scaled-e1760474398578-300x163.jpg\" class=\"attachment-medium size-medium wp-image-9085\" alt=\"Oktober til november: kultur, konserter og arrangementer p\u00e5 Costa Blanca\" srcset=\"https:\/\/costablanca-magazin.com\/wp-content\/uploads\/2025\/10\/happy-grandmother-and-little-girls-wearing-hallowe-2025-02-20-10-21-16-utc-scaled-e1760474398578-300x163.jpg 300w, https:\/\/costablanca-magazin.com\/wp-content\/uploads\/2025\/10\/happy-grandmother-and-little-girls-wearing-hallowe-2025-02-20-10-21-16-utc-scaled-e1760474398578-768x416.jpg 768w, https:\/\/costablanca-magazin.com\/wp-content\/uploads\/2025\/10\/happy-grandmother-and-little-girls-wearing-hallowe-2025-02-20-10-21-16-utc-scaled-e1760474398578-1536x832.jpg 1536w, https:\/\/costablanca-magazin.com\/wp-content\/uploads\/2025\/10\/happy-grandmother-and-little-girls-wearing-hallowe-2025-02-20-10-21-16-utc-scaled-e1760474398578-2048x1110.jpg 2048w\" sizes=\"(max-width: 300px) 100vw, 300px\" \/><\/div><\/a>\n\t\t\t\t<div class=\"elementor-post__badge\">Arrangementer og begivenheter<\/div>\n\t\t\t\t<div class=\"elementor-post__text\">\n\t\t\t\t<h2 class=\"elementor-post__title\">\n\t\t\t<a href=\"https:\/\/costablanca-magazin.com\/nb\/freizeit\/veranstaltungen-events\/oktober-november-veranstaltungen-an-der-costa-blanca-2025\/\" >\n\t\t\t\tOktober- og novemberarrangementer p\u00e5 Costa Blanca 2025\t\t\t<\/a>\n\t\t<\/h2>\n\t\t\t\t<div class=\"elementor-post__excerpt\">\n\t\t\t<p>Oktober og november Arrangementer p\u00e5 Costa Blanca 2025 Oktober til november: Kultur, konserter og arrangementer p\u00e5 Costa Blanca Fra uhyggelige sirkus til klassiske operaer - regionen har mer \u00e5 by p\u00e5 enn bare strender og sol! Hvis du trodde Costa Blanca bare var sol, sj\u00f8 og<\/p>\n\t\t<\/div>\n\t\t\n\t\t<a class=\"elementor-post__read-more\" href=\"https:\/\/costablanca-magazin.com\/nb\/freizeit\/veranstaltungen-events\/oktober-november-veranstaltungen-an-der-costa-blanca-2025\/\" aria-label=\"Les mer om oktober- og novemberarrangementer p\u00e5 Costa Blanca 2025\" tabindex=\"-1\" >\n\t\t\tLes mer \u00bb\t\t<\/a>\n\n\t\t\t\t<\/div>\n\t\t\t\t\t<\/div>\n\t\t<\/article>\n\t\t\t\t<article class=\"elementor-post elementor-grid-item post-8460 post type-post status-publish format-standard has-post-thumbnail hentry category-veranstaltungen-events\" role=\"listitem\">\n\t\t\t<div class=\"elementor-post__card\">\n\t\t\t\t<a class=\"elementor-post__thumbnail__link\" href=\"https:\/\/costablanca-magazin.com\/nb\/freizeit\/veranstaltungen-events\/spaetsommer-in-der-marina-alta-und-der-marina-baixa\/\" tabindex=\"-1\" ><div class=\"elementor-post__thumbnail\"><img loading=\"lazy\" decoding=\"async\" width=\"300\" height=\"68\" src=\"https:\/\/costablanca-magazin.com\/wp-content\/uploads\/2025\/08\/weinabau01-300x68.jpg\" class=\"attachment-medium size-medium wp-image-10400\" alt=\"weinabau01\" srcset=\"https:\/\/costablanca-magazin.com\/wp-content\/uploads\/2025\/08\/weinabau01-300x68.jpg 300w, https:\/\/costablanca-magazin.com\/wp-content\/uploads\/2025\/08\/weinabau01-1024x233.jpg 1024w, https:\/\/costablanca-magazin.com\/wp-content\/uploads\/2025\/08\/weinabau01-768x175.jpg 768w, https:\/\/costablanca-magazin.com\/wp-content\/uploads\/2025\/08\/weinabau01-18x4.jpg 18w, https:\/\/costablanca-magazin.com\/wp-content\/uploads\/2025\/08\/weinabau01.jpg 1536w\" sizes=\"(max-width: 300px) 100vw, 300px\" \/><\/div><\/a>\n\t\t\t\t<div class=\"elementor-post__badge\">Arrangementer og begivenheter<\/div>\n\t\t\t\t<div class=\"elementor-post__text\">\n\t\t\t\t<h2 class=\"elementor-post__title\">\n\t\t\t<a href=\"https:\/\/costablanca-magazin.com\/nb\/freizeit\/veranstaltungen-events\/spaetsommer-in-der-marina-alta-und-der-marina-baixa\/\" >\n\t\t\t\tSensommer i Marina Alta og Marina Baixa\t\t\t<\/a>\n\t\t<\/h2>\n\t\t\t\t<div class=\"elementor-post__excerpt\">\n\t\t\t<p>Sensommer i Marina Alta og Marina Baixa Mellom ving\u00e5rd og tivoli - slik feirer regionen innh\u00f8stingen I Teulada, Benissa, Xal\u00f3 og Parcent fylles de f\u00f8rste innh\u00f8stingskassene. Traktorer t\u00f8ffer mot bodegaen, vinb\u00f8nder sjekker druene med et erfarent \u00f8ye - drueh\u00f8sten er her. Slutten av august og<\/p>\n\t\t<\/div>\n\t\t\n\t\t<a class=\"elementor-post__read-more\" href=\"https:\/\/costablanca-magazin.com\/nb\/freizeit\/veranstaltungen-events\/spaetsommer-in-der-marina-alta-und-der-marina-baixa\/\" aria-label=\"Les mer om Sensommeren i Marina Alta og Marina Baixa\" tabindex=\"-1\" >\n\t\t\tLes mer \u00bb\t\t<\/a>\n\n\t\t\t\t<\/div>\n\t\t\t\t\t<\/div>\n\t\t<\/article>\n\t\t\t\t<article class=\"elementor-post elementor-grid-item post-8396 post type-post status-publish format-standard has-post-thumbnail hentry category-veranstaltungen-events\" role=\"listitem\">\n\t\t\t<div class=\"elementor-post__card\">\n\t\t\t\t<a class=\"elementor-post__thumbnail__link\" href=\"https:\/\/costablanca-magazin.com\/nb\/freizeit\/veranstaltungen-events\/august-september-veranstaltungen-an-der-costa-blanca-2025\/\" tabindex=\"-1\" ><div class=\"elementor-post__thumbnail\"><img loading=\"lazy\" decoding=\"async\" width=\"300\" height=\"200\" src=\"https:\/\/costablanca-magazin.com\/wp-content\/uploads\/2025\/08\/happy-young-african-adult-afro-woman-dancing-with-2025-01-07-06-55-26-utc-300x200.jpg\" class=\"attachment-medium size-medium wp-image-8397\" alt=\"En sommer full av festivaler, musikk og kultur p\u00e5 Costa Blanca\" srcset=\"https:\/\/costablanca-magazin.com\/wp-content\/uploads\/2025\/08\/happy-young-african-adult-afro-woman-dancing-with-2025-01-07-06-55-26-utc-300x200.jpg 300w, https:\/\/costablanca-magazin.com\/wp-content\/uploads\/2025\/08\/happy-young-african-adult-afro-woman-dancing-with-2025-01-07-06-55-26-utc-1024x683.jpg 1024w, https:\/\/costablanca-magazin.com\/wp-content\/uploads\/2025\/08\/happy-young-african-adult-afro-woman-dancing-with-2025-01-07-06-55-26-utc-768x512.jpg 768w, https:\/\/costablanca-magazin.com\/wp-content\/uploads\/2025\/08\/happy-young-african-adult-afro-woman-dancing-with-2025-01-07-06-55-26-utc-1536x1024.jpg 1536w, https:\/\/costablanca-magazin.com\/wp-content\/uploads\/2025\/08\/happy-young-african-adult-afro-woman-dancing-with-2025-01-07-06-55-26-utc-2048x1366.jpg 2048w\" sizes=\"(max-width: 300px) 100vw, 300px\" \/><\/div><\/a>\n\t\t\t\t<div class=\"elementor-post__badge\">Arrangementer og begivenheter<\/div>\n\t\t\t\t<div class=\"elementor-post__text\">\n\t\t\t\t<h2 class=\"elementor-post__title\">\n\t\t\t<a href=\"https:\/\/costablanca-magazin.com\/nb\/freizeit\/veranstaltungen-events\/august-september-veranstaltungen-an-der-costa-blanca-2025\/\" >\n\t\t\t\tArrangementer i august og september p\u00e5 Costa Blanca 2025\t\t\t<\/a>\n\t\t<\/h2>\n\t\t\t\t<div class=\"elementor-post__excerpt\">\n\t\t\t<p>August og september Arrangementer p\u00e5 Costa Blanca 2025 En sommer full av festivaler, musikk og kultur p\u00e5 Costa Blanca Fra jazzkvelder og friluftskino til tradisjonelle helgenfestivaler - august og september byr p\u00e5 et fargerikt program i Calpe, Altea, J\u00e1vea, Benidorm &amp; Co.<\/p>\n\t\t<\/div>\n\t\t\n\t\t<a class=\"elementor-post__read-more\" href=\"https:\/\/costablanca-magazin.com\/nb\/freizeit\/veranstaltungen-events\/august-september-veranstaltungen-an-der-costa-blanca-2025\/\" aria-label=\"Les mer om arrangementer p\u00e5 Costa Blanca i august og september 2025\" tabindex=\"-1\" >\n\t\t\tLes mer \u00bb\t\t<\/a>\n\n\t\t\t\t<\/div>\n\t\t\t\t\t<\/div>\n\t\t<\/article>\n\t\t\t\t<article class=\"elementor-post elementor-grid-item post-7991 post type-post status-publish format-standard has-post-thumbnail hentry category-veranstaltungen-events\" role=\"listitem\">\n\t\t\t<div class=\"elementor-post__card\">\n\t\t\t\t<a class=\"elementor-post__thumbnail__link\" href=\"https:\/\/costablanca-magazin.com\/nb\/freizeit\/veranstaltungen-events\/juli-2025-veranstaltungen-an-der-costa-blanca-fiestas-und-konzerte\/\" tabindex=\"-1\" ><div class=\"elementor-post__thumbnail\"><img loading=\"lazy\" decoding=\"async\" width=\"300\" height=\"200\" src=\"https:\/\/costablanca-magazin.com\/wp-content\/uploads\/2025\/07\/young-couple-eating-popcorn-while-watching-a-movie-2024-12-13-18-32-33-utc-300x200.jpg\" class=\"attachment-medium size-medium wp-image-8000\" alt=\"Juli 2025 Arrangementer p\u00e5 Costa Blanca - Fester og konserter\" srcset=\"https:\/\/costablanca-magazin.com\/wp-content\/uploads\/2025\/07\/young-couple-eating-popcorn-while-watching-a-movie-2024-12-13-18-32-33-utc-300x200.jpg 300w, https:\/\/costablanca-magazin.com\/wp-content\/uploads\/2025\/07\/young-couple-eating-popcorn-while-watching-a-movie-2024-12-13-18-32-33-utc-1024x683.jpg 1024w, https:\/\/costablanca-magazin.com\/wp-content\/uploads\/2025\/07\/young-couple-eating-popcorn-while-watching-a-movie-2024-12-13-18-32-33-utc-768x512.jpg 768w, https:\/\/costablanca-magazin.com\/wp-content\/uploads\/2025\/07\/young-couple-eating-popcorn-while-watching-a-movie-2024-12-13-18-32-33-utc-1536x1024.jpg 1536w, https:\/\/costablanca-magazin.com\/wp-content\/uploads\/2025\/07\/young-couple-eating-popcorn-while-watching-a-movie-2024-12-13-18-32-33-utc-2048x1365.jpg 2048w\" sizes=\"(max-width: 300px) 100vw, 300px\" \/><\/div><\/a>\n\t\t\t\t<div class=\"elementor-post__badge\">Arrangementer og begivenheter<\/div>\n\t\t\t\t<div class=\"elementor-post__text\">\n\t\t\t\t<h2 class=\"elementor-post__title\">\n\t\t\t<a href=\"https:\/\/costablanca-magazin.com\/nb\/freizeit\/veranstaltungen-events\/juli-2025-veranstaltungen-an-der-costa-blanca-fiestas-und-konzerte\/\" >\n\t\t\t\tJuli 2025 Arrangementer p\u00e5 Costa Blanca - Fester og konserter\t\t\t<\/a>\n\t\t<\/h2>\n\t\t\t\t<div class=\"elementor-post__excerpt\">\n\t\t\t<p>Juli 2025-arrangementer p\u00e5 Costa Blanca - fiestaer og konserter Oppdag de mest spennende arrangementene p\u00e5 Costa Blanca i juli 2025: fiestaer, utend\u00f8rskonserter, markeder og kulturtips for lune sommerkvelder. Mellom 15. juli og 15. august byr Costa Blanca p\u00e5 et variert program: friluftskino p\u00e5 strendene,<\/p>\n\t\t<\/div>\n\t\t\n\t\t<a class=\"elementor-post__read-more\" href=\"https:\/\/costablanca-magazin.com\/nb\/freizeit\/veranstaltungen-events\/juli-2025-veranstaltungen-an-der-costa-blanca-fiestas-und-konzerte\/\" aria-label=\"Les mer om arrangementer p\u00e5 Costa Blanca i juli 2025 - fiestaer og konserter\" tabindex=\"-1\" >\n\t\t\tLes mer \u00bb\t\t<\/a>\n\n\t\t\t\t<\/div>\n\t\t\t\t\t<\/div>\n\t\t<\/article>\n\t\t\t\t<article class=\"elementor-post elementor-grid-item post-7752 post type-post status-publish format-standard has-post-thumbnail hentry category-veranstaltungen-events tag-feiertage-costa-blanca tag-fiestas-costa-blanca\" role=\"listitem\">\n\t\t\t<div class=\"elementor-post__card\">\n\t\t\t\t<a class=\"elementor-post__thumbnail__link\" href=\"https:\/\/costablanca-magazin.com\/nb\/freizeit\/veranstaltungen-events\/nit-de-sant-joan-an-der-costa-blanca\/\" tabindex=\"-1\" ><div class=\"elementor-post__thumbnail\"><img loading=\"lazy\" decoding=\"async\" width=\"300\" height=\"129\" src=\"https:\/\/costablanca-magazin.com\/wp-content\/uploads\/2025\/06\/san-juan-1729492-e1750421073804-300x129.jpg\" class=\"attachment-medium size-medium wp-image-7681\" alt=\"Sant Joan p\u00e5 Costa Blanca \u2013 N\u00e5r natten brenner 1\" srcset=\"https:\/\/costablanca-magazin.com\/wp-content\/uploads\/2025\/06\/san-juan-1729492-e1750421073804-300x129.jpg 300w, https:\/\/costablanca-magazin.com\/wp-content\/uploads\/2025\/06\/san-juan-1729492-e1750421073804-1024x439.jpg 1024w, https:\/\/costablanca-magazin.com\/wp-content\/uploads\/2025\/06\/san-juan-1729492-e1750421073804-768x329.jpg 768w, https:\/\/costablanca-magazin.com\/wp-content\/uploads\/2025\/06\/san-juan-1729492-e1750421073804.jpg 1200w\" sizes=\"(max-width: 300px) 100vw, 300px\" \/><\/div><\/a>\n\t\t\t\t<div class=\"elementor-post__badge\">Arrangementer og begivenheter<\/div>\n\t\t\t\t<div class=\"elementor-post__text\">\n\t\t\t\t<h2 class=\"elementor-post__title\">\n\t\t\t<a href=\"https:\/\/costablanca-magazin.com\/nb\/freizeit\/veranstaltungen-events\/nit-de-sant-joan-an-der-costa-blanca\/\" >\n\t\t\t\tNit de Sant Joan p\u00e5 Costa Blanca: Hvor det er lov \u00e5 tenne b\u00e5l p\u00e5 stranden - og hvor det ikke er lov\t\t\t<\/a>\n\t\t<\/h2>\n\t\t\t\t<div class=\"elementor-post__excerpt\">\n\t\t\t<p>Nit de Sant Joan p\u00e5 Costa Blanca: hvor det er lov \u00e5 brenne b\u00e5l p\u00e5 stranden - og hvor det ikke er lov Kystkommunene strammer inn p\u00e5 reglene: Private b\u00e5l stort sett forbudt - bare noen f\u00e5 steder tillater offisielle b\u00e5l Den 23. juni feires tradisjonelt \u201eNit de Sant Joan\u201c, \u00e5rets korteste natt, med b\u00f8lgeritualer,<\/p>\n\t\t<\/div>\n\t\t\n\t\t<a class=\"elementor-post__read-more\" href=\"https:\/\/costablanca-magazin.com\/nb\/freizeit\/veranstaltungen-events\/nit-de-sant-joan-an-der-costa-blanca\/\" aria-label=\"Les mer om Nit de Sant Joan p\u00e5 Costa Blanca: Hvor det er lov \u00e5 tenne b\u00e5l p\u00e5 stranden - og hvor det ikke er lov\" tabindex=\"-1\" >\n\t\t\tLes mer \u00bb\t\t<\/a>\n\n\t\t\t\t<\/div>\n\t\t\t\t\t<\/div>\n\t\t<\/article>\n\t\t\t\t<article class=\"elementor-post elementor-grid-item post-7672 post type-post status-publish format-standard has-post-thumbnail hentry category-veranstaltungen-events tag-feiertage-costa-blanca tag-fiestas-costa-blanca\" role=\"listitem\">\n\t\t\t<div class=\"elementor-post__card\">\n\t\t\t\t<a class=\"elementor-post__thumbnail__link\" href=\"https:\/\/costablanca-magazin.com\/nb\/freizeit\/veranstaltungen-events\/sant-joan-an-der-costa-blanca-wenn-die-nacht-brennt\/\" tabindex=\"-1\" ><div class=\"elementor-post__thumbnail\"><img loading=\"lazy\" decoding=\"async\" width=\"300\" height=\"200\" src=\"https:\/\/costablanca-magazin.com\/wp-content\/uploads\/2025\/06\/friends-partying-on-the-beach-2025-03-17-09-47-59-utc-300x200.jpg\" class=\"attachment-medium size-medium wp-image-7680\" alt=\"Sant Joan p\u00e5 Costa Blanca - N\u00e5r natten brenner\" srcset=\"https:\/\/costablanca-magazin.com\/wp-content\/uploads\/2025\/06\/friends-partying-on-the-beach-2025-03-17-09-47-59-utc-300x200.jpg 300w, https:\/\/costablanca-magazin.com\/wp-content\/uploads\/2025\/06\/friends-partying-on-the-beach-2025-03-17-09-47-59-utc-1024x683.jpg 1024w, https:\/\/costablanca-magazin.com\/wp-content\/uploads\/2025\/06\/friends-partying-on-the-beach-2025-03-17-09-47-59-utc-768x512.jpg 768w, https:\/\/costablanca-magazin.com\/wp-content\/uploads\/2025\/06\/friends-partying-on-the-beach-2025-03-17-09-47-59-utc.jpg 1200w\" sizes=\"(max-width: 300px) 100vw, 300px\" \/><\/div><\/a>\n\t\t\t\t<div class=\"elementor-post__badge\">Arrangementer og begivenheter<\/div>\n\t\t\t\t<div class=\"elementor-post__text\">\n\t\t\t\t<h2 class=\"elementor-post__title\">\n\t\t\t<a href=\"https:\/\/costablanca-magazin.com\/nb\/freizeit\/veranstaltungen-events\/sant-joan-an-der-costa-blanca-wenn-die-nacht-brennt\/\" >\n\t\t\t\tSant Joan p\u00e5 Costa Blanca - N\u00e5r natten brenner\t\t\t<\/a>\n\t\t<\/h2>\n\t\t\t\t<div class=\"elementor-post__excerpt\">\n\t\t\t<p>Sant Joan p\u00e5 Costa Blanca - N\u00e5r natten brenner Fra stille \u00f8nsker i flammene til flammende kritikker i pappmasj\u00e9 - magi, fellesskap og kultur m\u00f8tes p\u00e5 Costa Blanca. En festival som er mer enn bare fyrverkeri. Det er netter da du kan f\u00f8le at det er noe i luften<\/p>\n\t\t<\/div>\n\t\t\n\t\t<a class=\"elementor-post__read-more\" href=\"https:\/\/costablanca-magazin.com\/nb\/freizeit\/veranstaltungen-events\/sant-joan-an-der-costa-blanca-wenn-die-nacht-brennt\/\" aria-label=\"Les mer om Sant Joan p\u00e5 Costa Blanca - N\u00e5r natten brenner\" tabindex=\"-1\" >\n\t\t\tLes mer \u00bb\t\t<\/a>\n\n\t\t\t\t<\/div>\n\t\t\t\t\t<\/div>\n\t\t<\/article>\n\t\t\t\t<\/div>\n\t\t\n\t\t\t\t<div class=\"e-load-more-anchor\" data-page=\"1\" data-max-page=\"3\" data-next-page=\"https:\/\/costablanca-magazin.com\/nb\/wp-json\/wp\/v2\/pages\/4545\/page\/2\/\"><\/div>\n\t\t\t\t<nav class=\"elementor-pagination\" aria-label=\"Paginering\">\n\t\t\t<span aria-current=\"page\" class=\"page-numbers current\"><span class=\"elementor-screen-only\">Side<\/span>1<\/span>\n<a class=\"page-numbers\" href=\"https:\/\/costablanca-magazin.com\/nb\/wp-json\/wp\/v2\/pages\/4545\/page\/2\/\"><span class=\"elementor-screen-only\">Side<\/span>2<\/a>\n<a class=\"page-numbers\" href=\"https:\/\/costablanca-magazin.com\/nb\/wp-json\/wp\/v2\/pages\/4545\/page\/3\/\"><span class=\"elementor-screen-only\">Side<\/span>3<\/a>\t\t<\/nav>\n\t\t\t\t\t\t<\/div>\n\t\t\t\t<\/div>\n\t\t\t\t\t<\/div>\n\t\t\t\t<\/div>\n\t\t\t\t<\/div>","protected":false},"excerpt":{"rendered":"<p>Freizeit &#8211; Veranstaltungen &amp; Events<\/p>","protected":false},"author":1,"featured_media":0,"parent":0,"menu_order":0,"comment_status":"closed","ping_status":"closed","template":"elementor_header_footer","meta":{"footnotes":""},"class_list":["post-4545","page","type-page","status-publish","hentry"],"aioseo_notices":[],"aioseo_head":"\n\t\t<!-- All in One SEO Pro 5.0.1.1 - aioseo.com -->\n\t<meta name=\"description\" content=\"Vom stillen Wunsch im Flammenlicht bis zur lodernden Kritik aus Pappmach\u00e9 \u2013 an der Costa Blanca verschmelzen Magie, Gemeinschaft und Kultur.\" \/>\n\t<meta name=\"robots\" content=\"max-snippet:-1, max-image-preview:large, max-video-preview:-1\" \/>\n\t<link rel=\"canonical\" href=\"https:\/\/costablanca-magazin.com\/nb\/freizeit\/veranstaltungen-events\/sant-joan-an-der-costa-blanca-wenn-die-nacht-brennt\/\" \/>\n\t<meta name=\"generator\" content=\"All in One SEO Pro (AIOSEO) 5.0.1.1\" \/>\n\t\t<meta property=\"og:locale\" content=\"nb_NO\" \/>\n\t\t<meta property=\"og:site_name\" content=\"Costa Blanca Magazin\" \/>\n\t\t<meta property=\"og:type\" content=\"article\" \/>\n\t\t<meta property=\"og:title\" content=\"Sant Joan an der Costa Blanca - Wenn die Nacht brennt\" \/>\n\t\t<meta property=\"og:description\" content=\"Vom stillen Wunsch im Flammenlicht bis zur lodernden Kritik aus Pappmach\u00e9 \u2013 an der Costa Blanca verschmelzen Magie, Gemeinschaft und Kultur.\" \/>\n\t\t<meta property=\"og:url\" content=\"https:\/\/costablanca-magazin.com\/nb\/freizeit\/veranstaltungen-events\/sant-joan-an-der-costa-blanca-wenn-die-nacht-brennt\/\" \/>\n\t\t<meta property=\"og:image\" content=\"https:\/\/costablanca-magazin.com\/wp-content\/uploads\/2025\/06\/friends-partying-on-the-beach-2025-03-17-09-47-59-utc.jpg\" \/>\n\t\t<meta property=\"og:image:secure_url\" content=\"https:\/\/costablanca-magazin.com\/wp-content\/uploads\/2025\/06\/friends-partying-on-the-beach-2025-03-17-09-47-59-utc.jpg\" \/>\n\t\t<meta property=\"og:image:width\" content=\"1200\" \/>\n\t\t<meta property=\"og:image:height\" content=\"800\" \/>\n\t\t<meta property=\"article:published_time\" content=\"2025-06-19T07:00:00+00:00\" \/>\n\t\t<meta property=\"article:modified_time\" content=\"2026-07-07T08:16:12+00:00\" \/>\n\t\t<meta property=\"article:publisher\" content=\"https:\/\/www.facebook.com\/costablancalifestyle\/\" \/>\n\t\t<meta name=\"twitter:card\" content=\"summary_large_image\" \/>\n\t\t<meta name=\"twitter:title\" content=\"Sant Joan an der Costa Blanca - Wenn die Nacht brennt\" \/>\n\t\t<meta name=\"twitter:description\" content=\"Vom stillen Wunsch im Flammenlicht bis zur lodernden Kritik aus Pappmach\u00e9 \u2013 an der Costa Blanca verschmelzen Magie, Gemeinschaft und Kultur.\" \/>\n\t\t<meta name=\"twitter:image\" content=\"https:\/\/costablanca-magazin.com\/wp-content\/uploads\/2025\/06\/friends-partying-on-the-beach-2025-03-17-09-47-59-utc.jpg\" \/>\n\t\t<script type=\"application\/ld+json\" class=\"aioseo-schema\">\n\t\t\t{\"@context\":\"https:\\\/\\\/schema.org\",\"@graph\":[{\"@type\":\"Article\",\"@id\":\"https:\\\/\\\/costablanca-magazin.com\\\/nb\\\/freizeit\\\/veranstaltungen-events\\\/sant-joan-an-der-costa-blanca-wenn-die-nacht-brennt\\\/#article\",\"name\":\"Sant Joan an der Costa Blanca - Wenn die Nacht brennt\",\"headline\":\"Sant Joan an der Costa Blanca &#8211; Wenn die Nacht brennt\",\"author\":{\"@id\":\"https:\\\/\\\/costablanca-magazin.com\\\/nb\\\/author\\\/costablanca-magazin-redaktion\\\/#author\"},\"publisher\":{\"@id\":\"https:\\\/\\\/costablanca-magazin.com\\\/nb\\\/#organization\"},\"image\":{\"@type\":\"ImageObject\",\"url\":\"https:\\\/\\\/costablanca-magazin.com\\\/wp-content\\\/uploads\\\/2025\\\/06\\\/friends-partying-on-the-beach-2025-03-17-09-47-59-utc.jpg\",\"width\":1200,\"height\":800,\"caption\":\"Sant Joan an der Costa Blanca - Wenn die Nacht brennt\"},\"datePublished\":\"2025-06-19T09:00:00+02:00\",\"dateModified\":\"2026-07-07T10:16:12+02:00\",\"inLanguage\":\"nb-NO\",\"mainEntityOfPage\":{\"@id\":\"https:\\\/\\\/costablanca-magazin.com\\\/nb\\\/freizeit\\\/veranstaltungen-events\\\/sant-joan-an-der-costa-blanca-wenn-die-nacht-brennt\\\/#webpage\"},\"isPartOf\":{\"@id\":\"https:\\\/\\\/costablanca-magazin.com\\\/nb\\\/freizeit\\\/veranstaltungen-events\\\/sant-joan-an-der-costa-blanca-wenn-die-nacht-brennt\\\/#webpage\"},\"articleSection\":\"Veranstaltungen &amp; Events, Feiertage Costa Blanca, Fiestas Costa Blanca\"},{\"@type\":\"BreadcrumbList\",\"@id\":\"https:\\\/\\\/costablanca-magazin.com\\\/nb\\\/freizeit\\\/veranstaltungen-events\\\/sant-joan-an-der-costa-blanca-wenn-die-nacht-brennt\\\/#breadcrumblist\",\"itemListElement\":[{\"@type\":\"ListItem\",\"@id\":\"https:\\\/\\\/costablanca-magazin.com\\\/nb#listItem\",\"position\":1,\"name\":\"Home\",\"item\":\"https:\\\/\\\/costablanca-magazin.com\\\/nb\",\"nextItem\":{\"@type\":\"ListItem\",\"@id\":\"https:\\\/\\\/costablanca-magazin.com\\\/nb\\\/veranstaltungen-events\\\/#listItem\",\"name\":\"Veranstaltungen &#038; Events\"}},{\"@type\":\"ListItem\",\"@id\":\"https:\\\/\\\/costablanca-magazin.com\\\/nb\\\/veranstaltungen-events\\\/#listItem\",\"position\":2,\"name\":\"Veranstaltungen &#038; Events\",\"previousItem\":{\"@type\":\"ListItem\",\"@id\":\"https:\\\/\\\/costablanca-magazin.com\\\/nb#listItem\",\"name\":\"Home\"}}]},{\"@type\":\"Organization\",\"@id\":\"https:\\\/\\\/costablanca-magazin.com\\\/nb\\\/#organization\",\"name\":\"Costa Blanca Magazin\",\"description\":\"Costa Blanca Magazin\",\"url\":\"https:\\\/\\\/costablanca-magazin.com\\\/nb\\\/\",\"email\":\"info@costablanca-magazin.com\",\"telephone\":\"+34 663 946 871\",\"logo\":{\"@type\":\"ImageObject\",\"url\":\"https:\\\/\\\/costablanca-magazin.com\\\/wp-content\\\/uploads\\\/2024\\\/05\\\/logo.jpg\",\"@id\":\"https:\\\/\\\/costablanca-magazin.com\\\/nb\\\/freizeit\\\/veranstaltungen-events\\\/sant-joan-an-der-costa-blanca-wenn-die-nacht-brennt\\\/#organizationLogo\",\"width\":1605,\"height\":236,\"caption\":\"Costa Blanca Magazin\"},\"image\":{\"@id\":\"https:\\\/\\\/costablanca-magazin.com\\\/nb\\\/freizeit\\\/veranstaltungen-events\\\/sant-joan-an-der-costa-blanca-wenn-die-nacht-brennt\\\/#organizationLogo\"},\"sameAs\":[\"https:\\\/\\\/www.facebook.com\\\/costablancalifestyle\\\/\",\"https:\\\/\\\/www.instagram.com\\\/costablancamagazin\\\/\"],\"address\":{\"@id\":\"https:\\\/\\\/costablanca-magazin.com\\\/nb\\\/#postaladdress\",\"@type\":\"PostalAddress\",\"streetAddress\":\"C\\\/Marina 104, 1\\u00b0, Local 7\",\"postalCode\":\"07620\",\"addressLocality\":\"Llucmajor\",\"addressRegion\":\"Baleares\",\"addressCountry\":\"ES\"},\"taxID\":\"ESB57951659\"},{\"@type\":\"Person\",\"@id\":\"https:\\\/\\\/costablanca-magazin.com\\\/nb\\\/author\\\/costablanca-magazin-redaktion\\\/#author\",\"url\":\"https:\\\/\\\/costablanca-magazin.com\\\/nb\\\/author\\\/costablanca-magazin-redaktion\\\/\",\"name\":\"Costablanca Magazin Redaktion\"},{\"@type\":\"WebPage\",\"@id\":\"https:\\\/\\\/costablanca-magazin.com\\\/nb\\\/freizeit\\\/veranstaltungen-events\\\/sant-joan-an-der-costa-blanca-wenn-die-nacht-brennt\\\/#webpage\",\"url\":\"https:\\\/\\\/costablanca-magazin.com\\\/nb\\\/freizeit\\\/veranstaltungen-events\\\/sant-joan-an-der-costa-blanca-wenn-die-nacht-brennt\\\/\",\"name\":\"Sant Joan an der Costa Blanca - Wenn die Nacht brennt\",\"description\":\"Vom stillen Wunsch im Flammenlicht bis zur lodernden Kritik aus Pappmach\\u00e9 \\u2013 an der Costa Blanca verschmelzen Magie, Gemeinschaft und Kultur.\",\"inLanguage\":\"nb-NO\",\"isPartOf\":{\"@id\":\"https:\\\/\\\/costablanca-magazin.com\\\/nb\\\/#website\"},\"breadcrumb\":{\"@id\":\"https:\\\/\\\/costablanca-magazin.com\\\/nb\\\/freizeit\\\/veranstaltungen-events\\\/sant-joan-an-der-costa-blanca-wenn-die-nacht-brennt\\\/#breadcrumblist\"},\"author\":{\"@id\":\"https:\\\/\\\/costablanca-magazin.com\\\/nb\\\/author\\\/costablanca-magazin-redaktion\\\/#author\"},\"creator\":{\"@id\":\"https:\\\/\\\/costablanca-magazin.com\\\/nb\\\/author\\\/costablanca-magazin-redaktion\\\/#author\"},\"image\":{\"@type\":\"ImageObject\",\"url\":\"https:\\\/\\\/costablanca-magazin.com\\\/wp-content\\\/uploads\\\/2025\\\/06\\\/friends-partying-on-the-beach-2025-03-17-09-47-59-utc.jpg\",\"@id\":\"https:\\\/\\\/costablanca-magazin.com\\\/nb\\\/freizeit\\\/veranstaltungen-events\\\/sant-joan-an-der-costa-blanca-wenn-die-nacht-brennt\\\/#mainImage\",\"width\":1200,\"height\":800,\"caption\":\"Sant Joan an der Costa Blanca - Wenn die Nacht brennt\"},\"primaryImageOfPage\":{\"@id\":\"https:\\\/\\\/costablanca-magazin.com\\\/nb\\\/freizeit\\\/veranstaltungen-events\\\/sant-joan-an-der-costa-blanca-wenn-die-nacht-brennt\\\/#mainImage\"},\"datePublished\":\"2025-06-19T09:00:00+02:00\",\"dateModified\":\"2026-07-07T10:16:12+02:00\"},{\"@type\":\"WebSite\",\"@id\":\"https:\\\/\\\/costablanca-magazin.com\\\/nb\\\/#website\",\"url\":\"https:\\\/\\\/costablanca-magazin.com\\\/nb\\\/\",\"name\":\"Costa Blanca Magazin\",\"description\":\"Costa Blanca - alles um das Leben und die Freizeit an der K\\u00fcste\",\"inLanguage\":\"nb-NO\",\"publisher\":{\"@id\":\"https:\\\/\\\/costablanca-magazin.com\\\/nb\\\/#organization\"}}]}\n\t\t<\/script>\n\t\t<!-- All in One SEO Pro -->\r\n\t\t<title>Sant Joan an der Costa Blanca - Wenn die Nacht brennt<\/title>\n\n","aioseo_head_json":{"title":"Sant Joan p\u00e5 Costa Blanca - N\u00e5r natten brenner","description":"Fra stille \u00f8nsker i flammens skinn til gl\u00f8dende kritikk av papmach\u00e9 \u2013 p\u00e5 Costa Blanca smelter magi, fellesskap og kultur sammen.","canonical_url":"https:\/\/costablanca-magazin.com\/nb\/freizeit\/veranstaltungen-events\/sant-joan-an-der-costa-blanca-wenn-die-nacht-brennt\/","robots":"max-snippet:-1, max-image-preview:large, max-video-preview:-1","keywords":"","webmasterTools":{"miscellaneous":""},"schema":{"@context":"https:\/\/schema.org","@graph":[{"@type":"Article","@id":"https:\/\/costablanca-magazin.com\/nb\/freizeit\/veranstaltungen-events\/sant-joan-an-der-costa-blanca-wenn-die-nacht-brennt\/#article","name":"Sant Joan an der Costa Blanca - Wenn die Nacht brennt","headline":"Sant Joan an der Costa Blanca &#8211; Wenn die Nacht brennt","author":{"@id":"https:\/\/costablanca-magazin.com\/nb\/author\/costablanca-magazin-redaktion\/#author"},"publisher":{"@id":"https:\/\/costablanca-magazin.com\/nb\/#organization"},"image":{"@type":"ImageObject","url":"https:\/\/costablanca-magazin.com\/wp-content\/uploads\/2025\/06\/friends-partying-on-the-beach-2025-03-17-09-47-59-utc.jpg","width":1200,"height":800,"caption":"Sant Joan an der Costa Blanca - Wenn die Nacht brennt"},"datePublished":"2025-06-19T09:00:00+02:00","dateModified":"2026-07-07T10:16:12+02:00","inLanguage":"nb-NO","mainEntityOfPage":{"@id":"https:\/\/costablanca-magazin.com\/nb\/freizeit\/veranstaltungen-events\/sant-joan-an-der-costa-blanca-wenn-die-nacht-brennt\/#webpage"},"isPartOf":{"@id":"https:\/\/costablanca-magazin.com\/nb\/freizeit\/veranstaltungen-events\/sant-joan-an-der-costa-blanca-wenn-die-nacht-brennt\/#webpage"},"articleSection":"Veranstaltungen &amp; Events, Feiertage Costa Blanca, Fiestas Costa Blanca"},{"@type":"BreadcrumbList","@id":"https:\/\/costablanca-magazin.com\/nb\/freizeit\/veranstaltungen-events\/sant-joan-an-der-costa-blanca-wenn-die-nacht-brennt\/#breadcrumblist","itemListElement":[{"@type":"ListItem","@id":"https:\/\/costablanca-magazin.com\/nb#listItem","position":1,"name":"Home","item":"https:\/\/costablanca-magazin.com\/nb","nextItem":{"@type":"ListItem","@id":"https:\/\/costablanca-magazin.com\/nb\/veranstaltungen-events\/#listItem","name":"Veranstaltungen &#038; Events"}},{"@type":"ListItem","@id":"https:\/\/costablanca-magazin.com\/nb\/veranstaltungen-events\/#listItem","position":2,"name":"Veranstaltungen &#038; Events","previousItem":{"@type":"ListItem","@id":"https:\/\/costablanca-magazin.com\/nb#listItem","name":"Home"}}]},{"@type":"Organization","@id":"https:\/\/costablanca-magazin.com\/nb\/#organization","name":"Costa Blanca Magazin","description":"Costa Blanca Magazin","url":"https:\/\/costablanca-magazin.com\/nb\/","email":"info@costablanca-magazin.com","telephone":"+34 663 946 871","logo":{"@type":"ImageObject","url":"https:\/\/costablanca-magazin.com\/wp-content\/uploads\/2024\/05\/logo.jpg","@id":"https:\/\/costablanca-magazin.com\/nb\/freizeit\/veranstaltungen-events\/sant-joan-an-der-costa-blanca-wenn-die-nacht-brennt\/#organizationLogo","width":1605,"height":236,"caption":"Costa Blanca Magazin"},"image":{"@id":"https:\/\/costablanca-magazin.com\/nb\/freizeit\/veranstaltungen-events\/sant-joan-an-der-costa-blanca-wenn-die-nacht-brennt\/#organizationLogo"},"sameAs":["https:\/\/www.facebook.com\/costablancalifestyle\/","https:\/\/www.instagram.com\/costablancamagazin\/"],"address":{"@id":"https:\/\/costablanca-magazin.com\/nb\/#postaladdress","@type":"PostalAddress","streetAddress":"C\/Marina 104, 1\u00b0, Local 7","postalCode":"07620","addressLocality":"Llucmajor","addressRegion":"Baleares","addressCountry":"ES"},"taxID":"ESB57951659"},{"@type":"Person","@id":"https:\/\/costablanca-magazin.com\/nb\/author\/costablanca-magazin-redaktion\/#author","url":"https:\/\/costablanca-magazin.com\/nb\/author\/costablanca-magazin-redaktion\/","name":"Costablanca Magazin Redaktion"},{"@type":"WebPage","@id":"https:\/\/costablanca-magazin.com\/nb\/freizeit\/veranstaltungen-events\/sant-joan-an-der-costa-blanca-wenn-die-nacht-brennt\/#webpage","url":"https:\/\/costablanca-magazin.com\/nb\/freizeit\/veranstaltungen-events\/sant-joan-an-der-costa-blanca-wenn-die-nacht-brennt\/","name":"Sant Joan an der Costa Blanca - Wenn die Nacht brennt","description":"Vom stillen Wunsch im Flammenlicht bis zur lodernden Kritik aus Pappmach\u00e9 \u2013 an der Costa Blanca verschmelzen Magie, Gemeinschaft und Kultur.","inLanguage":"nb-NO","isPartOf":{"@id":"https:\/\/costablanca-magazin.com\/nb\/#website"},"breadcrumb":{"@id":"https:\/\/costablanca-magazin.com\/nb\/freizeit\/veranstaltungen-events\/sant-joan-an-der-costa-blanca-wenn-die-nacht-brennt\/#breadcrumblist"},"author":{"@id":"https:\/\/costablanca-magazin.com\/nb\/author\/costablanca-magazin-redaktion\/#author"},"creator":{"@id":"https:\/\/costablanca-magazin.com\/nb\/author\/costablanca-magazin-redaktion\/#author"},"image":{"@type":"ImageObject","url":"https:\/\/costablanca-magazin.com\/wp-content\/uploads\/2025\/06\/friends-partying-on-the-beach-2025-03-17-09-47-59-utc.jpg","@id":"https:\/\/costablanca-magazin.com\/nb\/freizeit\/veranstaltungen-events\/sant-joan-an-der-costa-blanca-wenn-die-nacht-brennt\/#mainImage","width":1200,"height":800,"caption":"Sant Joan an der Costa Blanca - Wenn die Nacht brennt"},"primaryImageOfPage":{"@id":"https:\/\/costablanca-magazin.com\/nb\/freizeit\/veranstaltungen-events\/sant-joan-an-der-costa-blanca-wenn-die-nacht-brennt\/#mainImage"},"datePublished":"2025-06-19T09:00:00+02:00","dateModified":"2026-07-07T10:16:12+02:00"},{"@type":"WebSite","@id":"https:\/\/costablanca-magazin.com\/nb\/#website","url":"https:\/\/costablanca-magazin.com\/nb\/","name":"Costa Blanca Magazin","description":"Costa Blanca - alles um das Leben und die Freizeit an der K\u00fcste","inLanguage":"nb-NO","publisher":{"@id":"https:\/\/costablanca-magazin.com\/nb\/#organization"}}]},"og:locale":"nb_NO","og:site_name":"Costa Blanca Magazin","og:type":"article","og:title":"Sant Joan an der Costa Blanca - Wenn die Nacht brennt","og:description":"Vom stillen Wunsch im Flammenlicht bis zur lodernden Kritik aus Pappmach\u00e9 \u2013 an der Costa Blanca verschmelzen Magie, Gemeinschaft und Kultur.","og:url":"https:\/\/costablanca-magazin.com\/nb\/freizeit\/veranstaltungen-events\/sant-joan-an-der-costa-blanca-wenn-die-nacht-brennt\/","og:image":"https:\/\/costablanca-magazin.com\/wp-content\/uploads\/2025\/06\/friends-partying-on-the-beach-2025-03-17-09-47-59-utc.jpg","og:image:secure_url":"https:\/\/costablanca-magazin.com\/wp-content\/uploads\/2025\/06\/friends-partying-on-the-beach-2025-03-17-09-47-59-utc.jpg","og:image:width":1200,"og:image:height":800,"article:published_time":"2025-06-19T07:00:00+00:00","article:modified_time":"2026-07-07T08:16:12+00:00","article:publisher":"https:\/\/www.facebook.com\/costablancalifestyle\/","twitter:card":"summary_large_image","twitter:title":"Sant Joan an der Costa Blanca - Wenn die Nacht brennt","twitter:description":"Vom stillen Wunsch im Flammenlicht bis zur lodernden Kritik aus Pappmach\u00e9 \u2013 an der Costa Blanca verschmelzen Magie, Gemeinschaft und Kultur.","twitter:image":"https:\/\/costablanca-magazin.com\/wp-content\/uploads\/2025\/06\/friends-partying-on-the-beach-2025-03-17-09-47-59-utc.jpg"},"aioseo_meta_data":{"post_id":"4545","title":"Arrangementer Costa Blanca - Konserter og...","description":"Oversikt over aktuelle arrangementer, events, fiestas og konserter p\u00e5 Costa Blanca \u2013 h\u00f8ydepunkter, datoer, tips og mye mer","keywords":null,"keyphrases":{"focus":{"keyphrase":"","score":0,"analysis":{"keyphraseInTitle":{"score":0,"maxScore":9,"error":1}}},"additional":[]},"primary_term":null,"canonical_url":"https:\/\/costablanca-magazin.com\/freizeit\/","og_title":null,"og_description":null,"og_object_type":"default","og_image_type":"default","og_image_url":null,"og_image_width":null,"og_image_height":null,"og_image_custom_url":null,"og_image_custom_fields":null,"og_video":"","og_custom_url":null,"og_article_section":null,"og_article_tags":null,"twitter_use_og":false,"twitter_card":"default","twitter_image_type":"default","twitter_image_url":null,"twitter_image_custom_url":null,"twitter_image_custom_fields":null,"twitter_title":null,"twitter_description":null,"schema":{"blockGraphs":[],"customGraphs":[],"default":{"data":{"Article":[],"Course":[],"Dataset":[],"FAQPage":[],"Movie":[],"Person":[],"Product":[],"ProductReview":[],"Car":[],"Recipe":[],"Service":[],"SoftwareApplication":[],"WebPage":[]},"graphName":"WebPage","isEnabled":true},"graphs":[]},"schema_type":"default","schema_type_options":null,"pillar_content":false,"robots_default":true,"robots_noindex":false,"robots_noarchive":false,"robots_nosnippet":false,"robots_nofollow":false,"robots_noimageindex":false,"robots_noodp":false,"robots_notranslate":false,"robots_max_snippet":"-1","robots_max_videopreview":"-1","robots_max_imagepreview":"large","priority":null,"frequency":"default","local_seo":null,"seo_analyzer_scan_date":"2026-05-08 11:33:02","breadcrumb_settings":null,"limit_modified_date":false,"reviewed_by":null,"open_ai":null,"ai":{"faqs":[],"keyPoints":[],"titles":[],"descriptions":[],"socialPosts":{"email":[],"linkedin":[],"twitter":[],"facebook":[],"instagram":[]}},"created":"2025-01-21 08:04:06","updated":"2026-05-08 11:33:02","focus_keyword":null,"additional_keywords":null,"truseo_locale":null},"aioseo_breadcrumb":"<div class=\"aioseo-breadcrumbs\"><span class=\"aioseo-breadcrumb\">\n\t<a href=\"https:\/\/costablanca-magazin.com\/nb\" title=\"Home\">Home<\/a>\n<\/span><span class=\"aioseo-breadcrumb-separator\">&raquo;<\/span><span class=\"aioseo-breadcrumb\">\n\tVeranstaltungen &amp; Events\n<\/span><\/div>","aioseo_breadcrumb_json":[{"label":"Home","link":"https:\/\/costablanca-magazin.com\/nb"},{"label":"Veranstaltungen &#038; Events","link":"https:\/\/costablanca-magazin.com\/nb\/veranstaltungen-events\/"}],"_links":{"self":[{"href":"https:\/\/costablanca-magazin.com\/nb\/wp-json\/wp\/v2\/pages\/4545","targetHints":{"allow":["GET"]}}],"collection":[{"href":"https:\/\/costablanca-magazin.com\/nb\/wp-json\/wp\/v2\/pages"}],"about":[{"href":"https:\/\/costablanca-magazin.com\/nb\/wp-json\/wp\/v2\/types\/page"}],"author":[{"embeddable":true,"href":"https:\/\/costablanca-magazin.com\/nb\/wp-json\/wp\/v2\/users\/1"}],"replies":[{"embeddable":true,"href":"https:\/\/costablanca-magazin.com\/nb\/wp-json\/wp\/v2\/comments?post=4545"}],"version-history":[{"count":21,"href":"https:\/\/costablanca-magazin.com\/nb\/wp-json\/wp\/v2\/pages\/4545\/revisions"}],"predecessor-version":[{"id":11611,"href":"https:\/\/costablanca-magazin.com\/nb\/wp-json\/wp\/v2\/pages\/4545\/revisions\/11611"}],"wp:attachment":[{"href":"https:\/\/costablanca-magazin.com\/nb\/wp-json\/wp\/v2\/media?parent=4545"}],"curies":[{"name":"wp","href":"https:\/\/api.w.org\/{rel}","templated":true}]}}