{"id":4545,"date":"2025-01-21T09:04:06","date_gmt":"2025-01-21T08:04:06","guid":{"rendered":"https:\/\/costablanca-magazin.com\/?page_id=4545"},"modified":"2026-02-11T11:53:27","modified_gmt":"2026-02-11T10:53:27","slug":"arrangementer-events","status":"publish","type":"page","link":"https:\/\/costablanca-magazin.com\/nb\/veranstaltungen-events\/","title":{"rendered":"Arrangementer og begivenheter"},"content":{"rendered":"<div data-elementor-type=\"wp-page\" data-elementor-id=\"4545\" class=\"elementor elementor-4545\" data-elementor-post-type=\"page\">\n\t\t\t\t<div class=\"elementor-element elementor-element-5913c94 e-flex e-con-boxed e-con e-parent\" data-id=\"5913c94\" data-element_type=\"container\" data-e-type=\"container\">\n\t\t\t\t\t<div class=\"e-con-inner\">\n\t\t\t\t<div class=\"elementor-element elementor-element-b61dab1 elementor-widget elementor-widget-heading\" data-id=\"b61dab1\" data-element_type=\"widget\" data-e-type=\"widget\" data-widget_type=\"heading.default\">\n\t\t\t\t<div class=\"elementor-widget-container\">\n\t\t\t\t\t<h1 class=\"elementor-heading-title elementor-size-default\">Rekreasjon - Arrangementer og begivenheter<\/h1>\t\t\t\t<\/div>\n\t\t\t\t<\/div>\n\t\t\t\t\t<\/div>\n\t\t\t\t<\/div>\n\t\t<div class=\"elementor-element elementor-element-1667472 e-flex e-con-boxed e-con e-parent\" data-id=\"1667472\" data-element_type=\"container\" data-e-type=\"container\">\n\t\t\t\t\t<div class=\"e-con-inner\">\n\t\t\t\t<div class=\"elementor-element elementor-element-abd6586 elementor-grid-3 elementor-grid-tablet-2 elementor-grid-mobile-1 elementor-posts--thumbnail-top elementor-card-shadow-yes elementor-posts__hover-gradient elementor-widget elementor-widget-posts\" data-id=\"abd6586\" data-element_type=\"widget\" data-e-type=\"widget\" data-settings=\"{&quot;pagination_type&quot;:&quot;numbers&quot;,&quot;cards_columns&quot;:&quot;3&quot;,&quot;cards_columns_tablet&quot;:&quot;2&quot;,&quot;cards_columns_mobile&quot;:&quot;1&quot;,&quot;cards_row_gap&quot;:{&quot;unit&quot;:&quot;px&quot;,&quot;size&quot;:35,&quot;sizes&quot;:[]},&quot;cards_row_gap_tablet&quot;:{&quot;unit&quot;:&quot;px&quot;,&quot;size&quot;:&quot;&quot;,&quot;sizes&quot;:[]},&quot;cards_row_gap_mobile&quot;:{&quot;unit&quot;:&quot;px&quot;,&quot;size&quot;:&quot;&quot;,&quot;sizes&quot;:[]}}\" data-widget_type=\"posts.cards\">\n\t\t\t\t<div class=\"elementor-widget-container\">\n\t\t\t\t\t\t\t<div class=\"elementor-posts-container elementor-posts elementor-posts--skin-cards elementor-grid\" role=\"list\">\n\t\t\t\t<article class=\"elementor-post elementor-grid-item post-11423 post type-post status-publish format-standard has-post-thumbnail hentry category-veranstaltungen-events tag-fiestas-costa-blanca-2026 tag-moros-y-cristianos-benidorm tag-moros-y-cristianos-costa-blanca-2026 tag-moros-y-cristianos-denia tag-moros-y-cristianos-termine-2026 tag-moros-y-cristianos-villajoyosa\" role=\"listitem\">\n\t\t\t<div class=\"elementor-post__card\">\n\t\t\t\t<a class=\"elementor-post__thumbnail__link\" href=\"https:\/\/costablanca-magazin.com\/nb\/freizeit\/veranstaltungen-events\/moros-y-cristianos-costa-blanca-2026-termine-und-feste\/\" tabindex=\"-1\" ><div class=\"elementor-post__thumbnail\"><img decoding=\"async\" width=\"300\" height=\"135\" src=\"https:\/\/costablanca-magazin.com\/wp-content\/uploads\/2025\/09\/calpe-moros-300x135.jpg\" class=\"attachment-medium size-medium wp-image-8738\" alt=\"calpe moros y cristianos\" srcset=\"https:\/\/costablanca-magazin.com\/wp-content\/uploads\/2025\/09\/calpe-moros-300x135.jpg 300w, https:\/\/costablanca-magazin.com\/wp-content\/uploads\/2025\/09\/calpe-moros-1024x460.jpg 1024w, https:\/\/costablanca-magazin.com\/wp-content\/uploads\/2025\/09\/calpe-moros-768x345.jpg 768w, https:\/\/costablanca-magazin.com\/wp-content\/uploads\/2025\/09\/calpe-moros.jpg 1200w\" sizes=\"(max-width: 300px) 100vw, 300px\" \/><\/div><\/a>\n\t\t\t\t<div class=\"elementor-post__badge\">Arrangementer og begivenheter<\/div>\n\t\t\t\t<div class=\"elementor-post__text\">\n\t\t\t\t<h2 class=\"elementor-post__title\">\n\t\t\t<a href=\"https:\/\/costablanca-magazin.com\/nb\/freizeit\/veranstaltungen-events\/moros-y-cristianos-costa-blanca-2026-termine-und-feste\/\" >\n\t\t\t\tMoros y Cristianos Costa Blanca 2026 - Datoer og festligheter\t\t\t<\/a>\n\t\t<\/h2>\n\t\t\t\t<div class=\"elementor-post__excerpt\">\n\t\t\t<p>Moros y Cristianos Costa Blanca 2026 - Datoer og festligheter Hvorfor disse festene er mer enn bare fargerike parader F\u00f8rst kommer trommene. S\u00e5 hornene. S\u00e5 fylles gatene med tunge stoffer, skinnende hjelmer, fj\u00e6rkroner, faner, hester og grupper som ikke bare \u201eg\u00e5r forbi\u201c, men som har forberedt seg i m\u00e5nedsvis.<\/p>\n\t\t<\/div>\n\t\t\n\t\t<a class=\"elementor-post__read-more\" href=\"https:\/\/costablanca-magazin.com\/nb\/freizeit\/veranstaltungen-events\/moros-y-cristianos-costa-blanca-2026-termine-und-feste\/\" aria-label=\"Read more about Moros y Cristianos Costa Blanca 2026 &#8211; Termine und Feste\" tabindex=\"-1\" >\n\t\t\tLes mer \u00bb\t\t<\/a>\n\n\t\t\t\t<\/div>\n\t\t\t\t\t<\/div>\n\t\t<\/article>\n\t\t\t\t<article class=\"elementor-post elementor-grid-item post-11337 post type-post status-publish format-standard has-post-thumbnail hentry category-veranstaltungen-events tag-altea-veranstaltungen tag-april-costa-blanca tag-denia-veranstaltungen tag-events-costa-blanca-2026 tag-ostern-costa-blanca tag-semana-santa-costa-blanca tag-veranstaltungen-costa-blanca\" role=\"listitem\">\n\t\t\t<div class=\"elementor-post__card\">\n\t\t\t\t<a class=\"elementor-post__thumbnail__link\" href=\"https:\/\/costablanca-magazin.com\/nb\/freizeit\/veranstaltungen-events\/april-an-der-costa-blanca-events-und-ostern-2026\/\" tabindex=\"-1\" ><div class=\"elementor-post__thumbnail\"><img fetchpriority=\"high\" decoding=\"async\" width=\"300\" height=\"200\" src=\"https:\/\/costablanca-magazin.com\/wp-content\/uploads\/2026\/04\/crowd-in-costumes-in-semana-santa-festival-capture-2026-03-18-07-56-36-utc-300x200.jpeg\" class=\"attachment-medium size-medium wp-image-11338\" alt=\"April p\u00e5 Costa Blanca: arrangementer, p\u00e5ske og arrangementer 2026\" srcset=\"https:\/\/costablanca-magazin.com\/wp-content\/uploads\/2026\/04\/crowd-in-costumes-in-semana-santa-festival-capture-2026-03-18-07-56-36-utc-300x200.jpeg 300w, https:\/\/costablanca-magazin.com\/wp-content\/uploads\/2026\/04\/crowd-in-costumes-in-semana-santa-festival-capture-2026-03-18-07-56-36-utc-1024x684.jpeg 1024w, https:\/\/costablanca-magazin.com\/wp-content\/uploads\/2026\/04\/crowd-in-costumes-in-semana-santa-festival-capture-2026-03-18-07-56-36-utc-768x513.jpeg 768w, https:\/\/costablanca-magazin.com\/wp-content\/uploads\/2026\/04\/crowd-in-costumes-in-semana-santa-festival-capture-2026-03-18-07-56-36-utc-1536x1026.jpeg 1536w, https:\/\/costablanca-magazin.com\/wp-content\/uploads\/2026\/04\/crowd-in-costumes-in-semana-santa-festival-capture-2026-03-18-07-56-36-utc-2048x1368.jpeg 2048w, https:\/\/costablanca-magazin.com\/wp-content\/uploads\/2026\/04\/crowd-in-costumes-in-semana-santa-festival-capture-2026-03-18-07-56-36-utc-18x12.jpeg 18w\" sizes=\"(max-width: 300px) 100vw, 300px\" \/><\/div><\/a>\n\t\t\t\t<div class=\"elementor-post__badge\">Arrangementer og begivenheter<\/div>\n\t\t\t\t<div class=\"elementor-post__text\">\n\t\t\t\t<h2 class=\"elementor-post__title\">\n\t\t\t<a href=\"https:\/\/costablanca-magazin.com\/nb\/freizeit\/veranstaltungen-events\/april-an-der-costa-blanca-events-und-ostern-2026\/\" >\n\t\t\t\tApril p\u00e5 Costa Blanca - Arrangementer og p\u00e5ske 2026\t\t\t<\/a>\n\t\t<\/h2>\n\t\t\t\t<div class=\"elementor-post__excerpt\">\n\t\t\t<p>April p\u00e5 Costa Blanca: Arrangementer, p\u00e5ske og begivenheter 2026 Mellom Semana Santa, sceneprogram og byfestivaler viser arrangementskalenderen i april hvor ulikt byene langs Costa Blanca former v\u00e5ren. April bringer bevegelse inn i kalenderen p\u00e5 Costa Blanca. For det f\u00f8rste Semana Santa med sine prosesjoner,<\/p>\n\t\t<\/div>\n\t\t\n\t\t<a class=\"elementor-post__read-more\" href=\"https:\/\/costablanca-magazin.com\/nb\/freizeit\/veranstaltungen-events\/april-an-der-costa-blanca-events-und-ostern-2026\/\" aria-label=\"Read more about April an der Costa Blanca &#8211; Events und Ostern 2026\" tabindex=\"-1\" >\n\t\t\tLes mer \u00bb\t\t<\/a>\n\n\t\t\t\t<\/div>\n\t\t\t\t\t<\/div>\n\t\t<\/article>\n\t\t\t\t<article class=\"elementor-post elementor-grid-item post-9685 post type-post status-publish format-standard has-post-thumbnail hentry category-veranstaltungen-events tag-cabalgata-reyes-costa-blanca tag-gottesdienste-costa-blanca tag-misa-del-gallo-alicante tag-reyes-magos tag-weihnachten-an-der-costa-blanca tag-weihnachten-spanien-braeuche\" role=\"listitem\">\n\t\t\t<div class=\"elementor-post__card\">\n\t\t\t\t<a class=\"elementor-post__thumbnail__link\" href=\"https:\/\/costablanca-magazin.com\/nb\/freizeit\/veranstaltungen-events\/weihnachten-costa-blanca-2025-messen-umzuege-reyes\/\" tabindex=\"-1\" ><div class=\"elementor-post__thumbnail\"><img decoding=\"async\" width=\"300\" height=\"169\" src=\"https:\/\/costablanca-magazin.com\/wp-content\/uploads\/2025\/11\/4.png\" class=\"attachment-medium size-medium wp-image-9590\" alt=\"Julefeiring p\u00e5 Costa Blanca: messer, parader - Cabalgata de Reyes og lokale ritualer\" \/><\/div><\/a>\n\t\t\t\t<div class=\"elementor-post__badge\">Arrangementer og begivenheter<\/div>\n\t\t\t\t<div class=\"elementor-post__text\">\n\t\t\t\t<h2 class=\"elementor-post__title\">\n\t\t\t<a href=\"https:\/\/costablanca-magazin.com\/nb\/freizeit\/veranstaltungen-events\/weihnachten-costa-blanca-2025-messen-umzuege-reyes\/\" >\n\t\t\t\tJul Costa Blanca 2025 - Messer, prosesjoner og Reyes\t\t\t<\/a>\n\t\t<\/h2>\n\t\t\t\t<div class=\"elementor-post__excerpt\">\n\t\t\t<p>Julen p\u00e5 Costa Blanca 2025 \u2013 messer, parader og Reyes De viktigste julefeiringene p\u00e5 Costa Blanca: Misa del Gallo, Cabalgata de Reyes, internasjonale gudstjenester og regionale tradisjoner. De viktigste gudstjenestene, parader og juletradisjoner mellom Marina Alta og Vega Baja. Den religi\u00f8se rammen rundt h\u00f8ytiden p\u00e5 Costa Blanca<\/p>\n\t\t<\/div>\n\t\t\n\t\t<a class=\"elementor-post__read-more\" href=\"https:\/\/costablanca-magazin.com\/nb\/freizeit\/veranstaltungen-events\/weihnachten-costa-blanca-2025-messen-umzuege-reyes\/\" aria-label=\"Read more about Weihnachten Costa Blanca 2025 \u2013 Messen, Umz\u00fcge &amp; Reyes\" tabindex=\"-1\" >\n\t\t\tLes mer \u00bb\t\t<\/a>\n\n\t\t\t\t<\/div>\n\t\t\t\t\t<\/div>\n\t\t<\/article>\n\t\t\t\t<article class=\"elementor-post elementor-grid-item post-9657 post type-post status-publish format-standard has-post-thumbnail hentry category-veranstaltungen-events tag-alicante-weihnachten tag-altea-mercado-navideno tag-denia-mercat-nadal tag-events-costa-blanca-dezember tag-torrevieja-weihnachten tag-weihnachten-an-der-costa-blanca tag-weihnachtsmarkt-costa-blanca\" role=\"listitem\">\n\t\t\t<div class=\"elementor-post__card\">\n\t\t\t\t<a class=\"elementor-post__thumbnail__link\" href=\"https:\/\/costablanca-magazin.com\/nb\/freizeit\/veranstaltungen-events\/weihnachtsmaerkte-costa-blanca-2025-termine-highlights\/\" tabindex=\"-1\" ><div class=\"elementor-post__thumbnail\"><img loading=\"lazy\" decoding=\"async\" width=\"300\" height=\"169\" src=\"https:\/\/costablanca-magazin.com\/wp-content\/uploads\/2025\/11\/2.png\" class=\"attachment-medium size-medium wp-image-9588\" alt=\"Julemarkeder p\u00e5 Costa Blanca 2025: datoer, steder og h\u00f8ydepunkter\" \/><\/div><\/a>\n\t\t\t\t<div class=\"elementor-post__badge\">Arrangementer og begivenheter<\/div>\n\t\t\t\t<div class=\"elementor-post__text\">\n\t\t\t\t<h2 class=\"elementor-post__title\">\n\t\t\t<a href=\"https:\/\/costablanca-magazin.com\/nb\/freizeit\/veranstaltungen-events\/weihnachtsmaerkte-costa-blanca-2025-termine-highlights\/\" >\n\t\t\t\tJulemarkeder Costa Blanca 2025 - Datoer og h\u00f8ydepunkter\t\t\t<\/a>\n\t\t<\/h2>\n\t\t\t\t<div class=\"elementor-post__excerpt\">\n\t\t\t<p>Julemarkeder p\u00e5 Costa Blanca 2025 \u2013 datoer og h\u00f8ydepunkter Alle julemarkeder 2025 p\u00e5 Costa Blanca: Altea, D\u00e9nia, Alicante, Torrevieja, J\u00e1vea og flere. Datoer, tips og programmer. De viktigste markedene fra Denia til Torrevieja \u2013 inkludert belysning, programmer og bekreftede datoer for desember 2025. Fra kunsth\u00e5ndverk i Altea til<\/p>\n\t\t<\/div>\n\t\t\n\t\t<a class=\"elementor-post__read-more\" href=\"https:\/\/costablanca-magazin.com\/nb\/freizeit\/veranstaltungen-events\/weihnachtsmaerkte-costa-blanca-2025-termine-highlights\/\" aria-label=\"Read more about Weihnachtsm\u00e4rkte Costa Blanca 2025 \u2013 Termine &amp; Highlights\" tabindex=\"-1\" >\n\t\t\tLes mer \u00bb\t\t<\/a>\n\n\t\t\t\t<\/div>\n\t\t\t\t\t<\/div>\n\t\t<\/article>\n\t\t\t\t<article class=\"elementor-post elementor-grid-item post-9587 post type-post status-publish format-standard has-post-thumbnail hentry category-veranstaltungen-events tag-braeuche-spanien-weihnachten tag-costa-blanca-weihnachten tag-krippen-costa-blanca tag-misa-del-gallo-costa-blanca tag-weihnachten-alicante tag-weihnachten-an-der-costa-blanca\" role=\"listitem\">\n\t\t\t<div class=\"elementor-post__card\">\n\t\t\t\t<a class=\"elementor-post__thumbnail__link\" href=\"https:\/\/costablanca-magazin.com\/nb\/freizeit\/veranstaltungen-events\/weihnachten-2025-an-der-costa-blanca-krippen-rituale\/\" tabindex=\"-1\" ><div class=\"elementor-post__thumbnail\"><img loading=\"lazy\" decoding=\"async\" width=\"300\" height=\"169\" src=\"https:\/\/costablanca-magazin.com\/wp-content\/uploads\/2025\/11\/1.png\" class=\"attachment-medium size-medium wp-image-9586\" alt=\"Julen p\u00e5 Costa Blanca 2025: Tradisjoner, krybber og regionale skikker\" \/><\/div><\/a>\n\t\t\t\t<div class=\"elementor-post__badge\">Arrangementer og begivenheter<\/div>\n\t\t\t\t<div class=\"elementor-post__text\">\n\t\t\t\t<h2 class=\"elementor-post__title\">\n\t\t\t<a href=\"https:\/\/costablanca-magazin.com\/nb\/freizeit\/veranstaltungen-events\/weihnachten-2025-an-der-costa-blanca-krippen-rituale\/\" >\n\t\t\t\tJulen 2025 p\u00e5 Costa Blanca - julekrybber og ritualer\t\t\t<\/a>\n\t\t<\/h2>\n\t\t\t\t<div class=\"elementor-post__excerpt\">\n\t\t\t<p>Julemarkeder Costa Blanca 2025 \u2013 datoer og h\u00f8ydepunkter Alle julemarkeder 2025 p\u00e5 Costa Blanca: Altea, D\u00e9nia, Alicante, Torrevieja, J\u00e1vea og flere. Datoer, tips og programmer. Hvordan kommuner fra Marina Alta til Vega Baja feirer h\u00f8ytiden \u2013 med regionale skikker, familietradisjoner og en atmosf\u00e6re som<\/p>\n\t\t<\/div>\n\t\t\n\t\t<a class=\"elementor-post__read-more\" href=\"https:\/\/costablanca-magazin.com\/nb\/freizeit\/veranstaltungen-events\/weihnachten-2025-an-der-costa-blanca-krippen-rituale\/\" aria-label=\"Read more about Weihnachten 2025 an der Costa Blanca \u2013 Krippen &amp; Rituale\" tabindex=\"-1\" >\n\t\t\tLes mer \u00bb\t\t<\/a>\n\n\t\t\t\t<\/div>\n\t\t\t\t\t<\/div>\n\t\t<\/article>\n\t\t\t\t<article class=\"elementor-post elementor-grid-item post-9411 post type-post status-publish format-standard has-post-thumbnail hentry category-veranstaltungen-events tag-advent-costa-blanca tag-calpe-altea-benidorm-events tag-costa-blanca-events-2025 tag-kulturprogramm-costa-blanca tag-weihnachtsmaerkte-costa-blanca tag-weihnachtsprogramm-costa-blanca tag-weihnachtsveranstaltungen-costa-blanca tag-winterevents-spanien\" role=\"listitem\">\n\t\t\t<div class=\"elementor-post__card\">\n\t\t\t\t<a class=\"elementor-post__thumbnail__link\" href=\"https:\/\/costablanca-magazin.com\/nb\/freizeit\/veranstaltungen-events\/events-costa-blanca-nov-dez-2025-2026\/\" tabindex=\"-1\" ><div class=\"elementor-post__thumbnail\"><img loading=\"lazy\" decoding=\"async\" width=\"300\" height=\"169\" src=\"https:\/\/costablanca-magazin.com\/wp-content\/uploads\/2025\/11\/santa-claus-opens-magic-christmas-gift-box-2024-11-20-04-20-21-utc-300x169.jpg\" class=\"attachment-medium size-medium wp-image-9447\" alt=\"EVENTS 11\/12\" srcset=\"https:\/\/costablanca-magazin.com\/wp-content\/uploads\/2025\/11\/santa-claus-opens-magic-christmas-gift-box-2024-11-20-04-20-21-utc-300x169.jpg 300w, https:\/\/costablanca-magazin.com\/wp-content\/uploads\/2025\/11\/santa-claus-opens-magic-christmas-gift-box-2024-11-20-04-20-21-utc-1024x576.jpg 1024w, https:\/\/costablanca-magazin.com\/wp-content\/uploads\/2025\/11\/santa-claus-opens-magic-christmas-gift-box-2024-11-20-04-20-21-utc-768x432.jpg 768w, https:\/\/costablanca-magazin.com\/wp-content\/uploads\/2025\/11\/santa-claus-opens-magic-christmas-gift-box-2024-11-20-04-20-21-utc-18x10.jpg 18w, https:\/\/costablanca-magazin.com\/wp-content\/uploads\/2025\/11\/santa-claus-opens-magic-christmas-gift-box-2024-11-20-04-20-21-utc.jpg 1200w\" sizes=\"(max-width: 300px) 100vw, 300px\" \/><\/div><\/a>\n\t\t\t\t<div class=\"elementor-post__badge\">Arrangementer og begivenheter<\/div>\n\t\t\t\t<div class=\"elementor-post__text\">\n\t\t\t\t<h2 class=\"elementor-post__title\">\n\t\t\t<a href=\"https:\/\/costablanca-magazin.com\/nb\/freizeit\/veranstaltungen-events\/events-costa-blanca-nov-dez-2025-2026\/\" >\n\t\t\t\tVinter p\u00e5 Costa Blanca - Alle arrangementer 2025\/26\t\t\t<\/a>\n\t\t<\/h2>\n\t\t\t\t<div class=\"elementor-post__excerpt\">\n\t\t\t<p>Arrangementer Costa Blanca november\/desember 2025 H\u00f8ydepunkter p\u00e5 Costa Blanca: Julemarkeder, konserter, utstillinger og familiearrangementer fra november 2025 til januar 2026. Jul, advent og en start p\u00e5 det nye \u00e5ret p\u00e5 Costa Blanca! N\u00e5r dagene blir kortere og kveldene lengre, v\u00e5kner Costa Blanca opp i<\/p>\n\t\t<\/div>\n\t\t\n\t\t<a class=\"elementor-post__read-more\" href=\"https:\/\/costablanca-magazin.com\/nb\/freizeit\/veranstaltungen-events\/events-costa-blanca-nov-dez-2025-2026\/\" aria-label=\"Read more about Winter an der Costa Blanca- Alle Veranstaltungen 2025\/26\" tabindex=\"-1\" >\n\t\t\tLes mer \u00bb\t\t<\/a>\n\n\t\t\t\t<\/div>\n\t\t\t\t\t<\/div>\n\t\t<\/article>\n\t\t\t\t<article class=\"elementor-post elementor-grid-item post-9084 post type-post status-publish format-standard has-post-thumbnail hentry category-veranstaltungen-events tag-costa-blanca-2 tag-events-costa-banca tag-theater-benidorm tag-veranstaltungen-costa-blanca\" role=\"listitem\">\n\t\t\t<div class=\"elementor-post__card\">\n\t\t\t\t<a class=\"elementor-post__thumbnail__link\" href=\"https:\/\/costablanca-magazin.com\/nb\/freizeit\/veranstaltungen-events\/oktober-november-veranstaltungen-an-der-costa-blanca-2025\/\" tabindex=\"-1\" ><div class=\"elementor-post__thumbnail\"><img loading=\"lazy\" decoding=\"async\" width=\"300\" height=\"163\" src=\"https:\/\/costablanca-magazin.com\/wp-content\/uploads\/2025\/10\/happy-grandmother-and-little-girls-wearing-hallowe-2025-02-20-10-21-16-utc-scaled-e1760474398578-300x163.jpg\" class=\"attachment-medium size-medium wp-image-9085\" alt=\"Oktober til november: kultur, konserter og arrangementer p\u00e5 Costa Blanca\" srcset=\"https:\/\/costablanca-magazin.com\/wp-content\/uploads\/2025\/10\/happy-grandmother-and-little-girls-wearing-hallowe-2025-02-20-10-21-16-utc-scaled-e1760474398578-300x163.jpg 300w, https:\/\/costablanca-magazin.com\/wp-content\/uploads\/2025\/10\/happy-grandmother-and-little-girls-wearing-hallowe-2025-02-20-10-21-16-utc-scaled-e1760474398578-768x416.jpg 768w, https:\/\/costablanca-magazin.com\/wp-content\/uploads\/2025\/10\/happy-grandmother-and-little-girls-wearing-hallowe-2025-02-20-10-21-16-utc-scaled-e1760474398578-1536x832.jpg 1536w, https:\/\/costablanca-magazin.com\/wp-content\/uploads\/2025\/10\/happy-grandmother-and-little-girls-wearing-hallowe-2025-02-20-10-21-16-utc-scaled-e1760474398578-2048x1110.jpg 2048w\" sizes=\"(max-width: 300px) 100vw, 300px\" \/><\/div><\/a>\n\t\t\t\t<div class=\"elementor-post__badge\">Arrangementer og begivenheter<\/div>\n\t\t\t\t<div class=\"elementor-post__text\">\n\t\t\t\t<h2 class=\"elementor-post__title\">\n\t\t\t<a href=\"https:\/\/costablanca-magazin.com\/nb\/freizeit\/veranstaltungen-events\/oktober-november-veranstaltungen-an-der-costa-blanca-2025\/\" >\n\t\t\t\tOktober- og novemberarrangementer p\u00e5 Costa Blanca 2025\t\t\t<\/a>\n\t\t<\/h2>\n\t\t\t\t<div class=\"elementor-post__excerpt\">\n\t\t\t<p>Oktober og november Arrangementer p\u00e5 Costa Blanca 2025 Oktober til november: Kultur, konserter og arrangementer p\u00e5 Costa Blanca Fra uhyggelige sirkus til klassiske operaer - regionen har mer \u00e5 by p\u00e5 enn bare strender og sol! Hvis du trodde Costa Blanca bare var sol, sj\u00f8 og<\/p>\n\t\t<\/div>\n\t\t\n\t\t<a class=\"elementor-post__read-more\" href=\"https:\/\/costablanca-magazin.com\/nb\/freizeit\/veranstaltungen-events\/oktober-november-veranstaltungen-an-der-costa-blanca-2025\/\" aria-label=\"Read more about Oktober &amp; November Veranstaltungen an der Costa Blanca 2025\" tabindex=\"-1\" >\n\t\t\tLes mer \u00bb\t\t<\/a>\n\n\t\t\t\t<\/div>\n\t\t\t\t\t<\/div>\n\t\t<\/article>\n\t\t\t\t<article class=\"elementor-post elementor-grid-item post-8460 post type-post status-publish format-standard has-post-thumbnail hentry category-veranstaltungen-events tag-festa-del-moscatell tag-fiestas-de-la-vendimia tag-moscatel-wein tag-mostra-de-vins-benissa tag-weinlese-marina-alta tag-weinlese-marina-baixa\" role=\"listitem\">\n\t\t\t<div class=\"elementor-post__card\">\n\t\t\t\t<a class=\"elementor-post__thumbnail__link\" href=\"https:\/\/costablanca-magazin.com\/nb\/freizeit\/veranstaltungen-events\/spaetsommer-in-der-marina-alta-und-der-marina-baixa\/\" tabindex=\"-1\" ><div class=\"elementor-post__thumbnail\"><img loading=\"lazy\" decoding=\"async\" width=\"300\" height=\"68\" src=\"https:\/\/costablanca-magazin.com\/wp-content\/uploads\/2025\/08\/weinabau01-300x68.jpg\" class=\"attachment-medium size-medium wp-image-10400\" alt=\"weinabau01\" srcset=\"https:\/\/costablanca-magazin.com\/wp-content\/uploads\/2025\/08\/weinabau01-300x68.jpg 300w, https:\/\/costablanca-magazin.com\/wp-content\/uploads\/2025\/08\/weinabau01-1024x233.jpg 1024w, https:\/\/costablanca-magazin.com\/wp-content\/uploads\/2025\/08\/weinabau01-768x175.jpg 768w, https:\/\/costablanca-magazin.com\/wp-content\/uploads\/2025\/08\/weinabau01-18x4.jpg 18w, https:\/\/costablanca-magazin.com\/wp-content\/uploads\/2025\/08\/weinabau01.jpg 1536w\" sizes=\"(max-width: 300px) 100vw, 300px\" \/><\/div><\/a>\n\t\t\t\t<div class=\"elementor-post__badge\">Arrangementer og begivenheter<\/div>\n\t\t\t\t<div class=\"elementor-post__text\">\n\t\t\t\t<h2 class=\"elementor-post__title\">\n\t\t\t<a href=\"https:\/\/costablanca-magazin.com\/nb\/freizeit\/veranstaltungen-events\/spaetsommer-in-der-marina-alta-und-der-marina-baixa\/\" >\n\t\t\t\tSensommer i Marina Alta og Marina Baixa\t\t\t<\/a>\n\t\t<\/h2>\n\t\t\t\t<div class=\"elementor-post__excerpt\">\n\t\t\t<p>Sensommer i Marina Alta og Marina Baixa Mellom ving\u00e5rd og tivoli - slik feirer regionen innh\u00f8stingen I Teulada, Benissa, Xal\u00f3 og Parcent fylles de f\u00f8rste innh\u00f8stingskassene. Traktorer t\u00f8ffer mot bodegaen, vinb\u00f8nder sjekker druene med et erfarent \u00f8ye - drueh\u00f8sten er her. Slutten av august og<\/p>\n\t\t<\/div>\n\t\t\n\t\t<a class=\"elementor-post__read-more\" href=\"https:\/\/costablanca-magazin.com\/nb\/freizeit\/veranstaltungen-events\/spaetsommer-in-der-marina-alta-und-der-marina-baixa\/\" aria-label=\"Read more about Sp\u00e4tsommer in der Marina Alta und der Marina Baixa\" tabindex=\"-1\" >\n\t\t\tLes mer \u00bb\t\t<\/a>\n\n\t\t\t\t<\/div>\n\t\t\t\t\t<\/div>\n\t\t<\/article>\n\t\t\t\t<article class=\"elementor-post elementor-grid-item post-8396 post type-post status-publish format-standard has-post-thumbnail hentry category-veranstaltungen-events tag-festivals-benidorm tag-konzerte-costa-blanca tag-open-air-kino-costa-blanca tag-patronatsfeste-costa-blanca tag-veranstaltungen-costa-blanca\" role=\"listitem\">\n\t\t\t<div class=\"elementor-post__card\">\n\t\t\t\t<a class=\"elementor-post__thumbnail__link\" href=\"https:\/\/costablanca-magazin.com\/nb\/freizeit\/veranstaltungen-events\/august-september-veranstaltungen-an-der-costa-blanca-2025\/\" tabindex=\"-1\" ><div class=\"elementor-post__thumbnail\"><img loading=\"lazy\" decoding=\"async\" width=\"300\" height=\"200\" src=\"https:\/\/costablanca-magazin.com\/wp-content\/uploads\/2025\/08\/happy-young-african-adult-afro-woman-dancing-with-2025-01-07-06-55-26-utc-300x200.jpg\" class=\"attachment-medium size-medium wp-image-8397\" alt=\"En sommer full av festivaler, musikk og kultur p\u00e5 Costa Blanca\" srcset=\"https:\/\/costablanca-magazin.com\/wp-content\/uploads\/2025\/08\/happy-young-african-adult-afro-woman-dancing-with-2025-01-07-06-55-26-utc-300x200.jpg 300w, https:\/\/costablanca-magazin.com\/wp-content\/uploads\/2025\/08\/happy-young-african-adult-afro-woman-dancing-with-2025-01-07-06-55-26-utc-1024x683.jpg 1024w, https:\/\/costablanca-magazin.com\/wp-content\/uploads\/2025\/08\/happy-young-african-adult-afro-woman-dancing-with-2025-01-07-06-55-26-utc-768x512.jpg 768w, https:\/\/costablanca-magazin.com\/wp-content\/uploads\/2025\/08\/happy-young-african-adult-afro-woman-dancing-with-2025-01-07-06-55-26-utc-1536x1024.jpg 1536w, https:\/\/costablanca-magazin.com\/wp-content\/uploads\/2025\/08\/happy-young-african-adult-afro-woman-dancing-with-2025-01-07-06-55-26-utc-2048x1366.jpg 2048w\" sizes=\"(max-width: 300px) 100vw, 300px\" \/><\/div><\/a>\n\t\t\t\t<div class=\"elementor-post__badge\">Arrangementer og begivenheter<\/div>\n\t\t\t\t<div class=\"elementor-post__text\">\n\t\t\t\t<h2 class=\"elementor-post__title\">\n\t\t\t<a href=\"https:\/\/costablanca-magazin.com\/nb\/freizeit\/veranstaltungen-events\/august-september-veranstaltungen-an-der-costa-blanca-2025\/\" >\n\t\t\t\tArrangementer i august og september p\u00e5 Costa Blanca 2025\t\t\t<\/a>\n\t\t<\/h2>\n\t\t\t\t<div class=\"elementor-post__excerpt\">\n\t\t\t<p>August og september Arrangementer p\u00e5 Costa Blanca 2025 En sommer full av festivaler, musikk og kultur p\u00e5 Costa Blanca Fra jazzkvelder og friluftskino til tradisjonelle helgenfestivaler - august og september byr p\u00e5 et fargerikt program i Calpe, Altea, J\u00e1vea, Benidorm &amp; Co.<\/p>\n\t\t<\/div>\n\t\t\n\t\t<a class=\"elementor-post__read-more\" href=\"https:\/\/costablanca-magazin.com\/nb\/freizeit\/veranstaltungen-events\/august-september-veranstaltungen-an-der-costa-blanca-2025\/\" aria-label=\"Read more about August &amp; September Veranstaltungen an der Costa Blanca 2025\" tabindex=\"-1\" >\n\t\t\tLes mer \u00bb\t\t<\/a>\n\n\t\t\t\t<\/div>\n\t\t\t\t\t<\/div>\n\t\t<\/article>\n\t\t\t\t<article class=\"elementor-post elementor-grid-item post-7991 post type-post status-publish format-standard has-post-thumbnail hentry category-veranstaltungen-events tag-costa-blanca-2 tag-feuerwerk-altea-castell-de-lolla tag-fiesta-costa-blanca tag-moros-y-cristianos tag-veranstaltungen-costablanca\" role=\"listitem\">\n\t\t\t<div class=\"elementor-post__card\">\n\t\t\t\t<a class=\"elementor-post__thumbnail__link\" href=\"https:\/\/costablanca-magazin.com\/nb\/freizeit\/veranstaltungen-events\/juli-2025-veranstaltungen-an-der-costa-blanca-fiestas-und-konzerte\/\" tabindex=\"-1\" ><div class=\"elementor-post__thumbnail\"><img loading=\"lazy\" decoding=\"async\" width=\"300\" height=\"200\" src=\"https:\/\/costablanca-magazin.com\/wp-content\/uploads\/2025\/07\/young-couple-eating-popcorn-while-watching-a-movie-2024-12-13-18-32-33-utc-300x200.jpg\" class=\"attachment-medium size-medium wp-image-8000\" alt=\"Juli 2025 Arrangementer p\u00e5 Costa Blanca - Fester og konserter\" srcset=\"https:\/\/costablanca-magazin.com\/wp-content\/uploads\/2025\/07\/young-couple-eating-popcorn-while-watching-a-movie-2024-12-13-18-32-33-utc-300x200.jpg 300w, https:\/\/costablanca-magazin.com\/wp-content\/uploads\/2025\/07\/young-couple-eating-popcorn-while-watching-a-movie-2024-12-13-18-32-33-utc-1024x683.jpg 1024w, https:\/\/costablanca-magazin.com\/wp-content\/uploads\/2025\/07\/young-couple-eating-popcorn-while-watching-a-movie-2024-12-13-18-32-33-utc-768x512.jpg 768w, https:\/\/costablanca-magazin.com\/wp-content\/uploads\/2025\/07\/young-couple-eating-popcorn-while-watching-a-movie-2024-12-13-18-32-33-utc-1536x1024.jpg 1536w, https:\/\/costablanca-magazin.com\/wp-content\/uploads\/2025\/07\/young-couple-eating-popcorn-while-watching-a-movie-2024-12-13-18-32-33-utc-2048x1365.jpg 2048w\" sizes=\"(max-width: 300px) 100vw, 300px\" \/><\/div><\/a>\n\t\t\t\t<div class=\"elementor-post__badge\">Arrangementer og begivenheter<\/div>\n\t\t\t\t<div class=\"elementor-post__text\">\n\t\t\t\t<h2 class=\"elementor-post__title\">\n\t\t\t<a href=\"https:\/\/costablanca-magazin.com\/nb\/freizeit\/veranstaltungen-events\/juli-2025-veranstaltungen-an-der-costa-blanca-fiestas-und-konzerte\/\" >\n\t\t\t\tJuli 2025 Arrangementer p\u00e5 Costa Blanca - Fester og konserter\t\t\t<\/a>\n\t\t<\/h2>\n\t\t\t\t<div class=\"elementor-post__excerpt\">\n\t\t\t<p>Juli 2025-arrangementer p\u00e5 Costa Blanca - fiestaer og konserter Oppdag de mest spennende arrangementene p\u00e5 Costa Blanca i juli 2025: fiestaer, utend\u00f8rskonserter, markeder og kulturtips for lune sommerkvelder. Mellom 15. juli og 15. august byr Costa Blanca p\u00e5 et variert program: friluftskino p\u00e5 strendene,<\/p>\n\t\t<\/div>\n\t\t\n\t\t<a class=\"elementor-post__read-more\" href=\"https:\/\/costablanca-magazin.com\/nb\/freizeit\/veranstaltungen-events\/juli-2025-veranstaltungen-an-der-costa-blanca-fiestas-und-konzerte\/\" aria-label=\"Read more about Juli 2025 Veranstaltungen an der Costa Blanca \u2013 Fiestas und Konzerte\" tabindex=\"-1\" >\n\t\t\tLes mer \u00bb\t\t<\/a>\n\n\t\t\t\t<\/div>\n\t\t\t\t\t<\/div>\n\t\t<\/article>\n\t\t\t\t<article class=\"elementor-post elementor-grid-item post-7752 post type-post status-publish format-standard has-post-thumbnail hentry category-veranstaltungen-events tag-feste-costa-blanca-juni tag-feuer-am-strand-spanien-regeln tag-hoguera-strand-marina-alta tag-lagerfeuer-denia-verboten tag-nit-de-sant-joan-costa-blanca tag-sant-joan-benidorm tag-strandfeuer-verbot-2025\" role=\"listitem\">\n\t\t\t<div class=\"elementor-post__card\">\n\t\t\t\t<a class=\"elementor-post__thumbnail__link\" href=\"https:\/\/costablanca-magazin.com\/nb\/freizeit\/veranstaltungen-events\/nit-de-sant-joan-an-der-costa-blanca\/\" tabindex=\"-1\" ><div class=\"elementor-post__thumbnail\"><img loading=\"lazy\" decoding=\"async\" width=\"300\" height=\"129\" src=\"https:\/\/costablanca-magazin.com\/wp-content\/uploads\/2025\/06\/san-juan-1729492-e1750421073804-300x129.jpg\" class=\"attachment-medium size-medium wp-image-7681\" alt=\"Sant Joan p\u00e5 Costa Blanca \u2013 N\u00e5r natten brenner 1\" srcset=\"https:\/\/costablanca-magazin.com\/wp-content\/uploads\/2025\/06\/san-juan-1729492-e1750421073804-300x129.jpg 300w, https:\/\/costablanca-magazin.com\/wp-content\/uploads\/2025\/06\/san-juan-1729492-e1750421073804-1024x439.jpg 1024w, https:\/\/costablanca-magazin.com\/wp-content\/uploads\/2025\/06\/san-juan-1729492-e1750421073804-768x329.jpg 768w, https:\/\/costablanca-magazin.com\/wp-content\/uploads\/2025\/06\/san-juan-1729492-e1750421073804.jpg 1200w\" sizes=\"(max-width: 300px) 100vw, 300px\" \/><\/div><\/a>\n\t\t\t\t<div class=\"elementor-post__badge\">Arrangementer og begivenheter<\/div>\n\t\t\t\t<div class=\"elementor-post__text\">\n\t\t\t\t<h2 class=\"elementor-post__title\">\n\t\t\t<a href=\"https:\/\/costablanca-magazin.com\/nb\/freizeit\/veranstaltungen-events\/nit-de-sant-joan-an-der-costa-blanca\/\" >\n\t\t\t\tNit de Sant Joan p\u00e5 Costa Blanca: Hvor det er lov \u00e5 tenne b\u00e5l p\u00e5 stranden - og hvor det ikke er lov\t\t\t<\/a>\n\t\t<\/h2>\n\t\t\t\t<div class=\"elementor-post__excerpt\">\n\t\t\t<p>Nit de Sant Joan p\u00e5 Costa Blanca: hvor det er lov \u00e5 brenne b\u00e5l p\u00e5 stranden - og hvor det ikke er lov Kystkommunene strammer inn p\u00e5 reglene: Private b\u00e5l stort sett forbudt - bare noen f\u00e5 steder tillater offisielle b\u00e5l Den 23. juni feires tradisjonelt \u201eNit de Sant Joan\u201c, \u00e5rets korteste natt, med b\u00f8lgeritualer,<\/p>\n\t\t<\/div>\n\t\t\n\t\t<a class=\"elementor-post__read-more\" href=\"https:\/\/costablanca-magazin.com\/nb\/freizeit\/veranstaltungen-events\/nit-de-sant-joan-an-der-costa-blanca\/\" aria-label=\"Read more about Nit de Sant Joan an der Costa Blanca: Wo Strandfeuer erlaubt sind \u2013 und wo nicht\" tabindex=\"-1\" >\n\t\t\tLes mer \u00bb\t\t<\/a>\n\n\t\t\t\t<\/div>\n\t\t\t\t\t<\/div>\n\t\t<\/article>\n\t\t\t\t<article class=\"elementor-post elementor-grid-item post-7672 post type-post status-publish format-standard has-post-thumbnail hentry category-veranstaltungen-events tag-ausfluege-costablanca tag-costa-blanca-2 tag-events-costa-blanca tag-fiesta tag-fogueras-alicante tag-hogueras-alicante tag-nit-de-san-juan tag-sant-joan\" role=\"listitem\">\n\t\t\t<div class=\"elementor-post__card\">\n\t\t\t\t<a class=\"elementor-post__thumbnail__link\" href=\"https:\/\/costablanca-magazin.com\/nb\/freizeit\/veranstaltungen-events\/sant-joan-an-der-costa-blanca-wenn-die-nacht-brennt\/\" tabindex=\"-1\" ><div class=\"elementor-post__thumbnail\"><img loading=\"lazy\" decoding=\"async\" width=\"300\" height=\"200\" src=\"https:\/\/costablanca-magazin.com\/wp-content\/uploads\/2025\/06\/friends-partying-on-the-beach-2025-03-17-09-47-59-utc-300x200.jpg\" class=\"attachment-medium size-medium wp-image-7680\" alt=\"Sant Joan p\u00e5 Costa Blanca - N\u00e5r natten brenner\" srcset=\"https:\/\/costablanca-magazin.com\/wp-content\/uploads\/2025\/06\/friends-partying-on-the-beach-2025-03-17-09-47-59-utc-300x200.jpg 300w, https:\/\/costablanca-magazin.com\/wp-content\/uploads\/2025\/06\/friends-partying-on-the-beach-2025-03-17-09-47-59-utc-1024x683.jpg 1024w, https:\/\/costablanca-magazin.com\/wp-content\/uploads\/2025\/06\/friends-partying-on-the-beach-2025-03-17-09-47-59-utc-768x512.jpg 768w, https:\/\/costablanca-magazin.com\/wp-content\/uploads\/2025\/06\/friends-partying-on-the-beach-2025-03-17-09-47-59-utc.jpg 1200w\" sizes=\"(max-width: 300px) 100vw, 300px\" \/><\/div><\/a>\n\t\t\t\t<div class=\"elementor-post__badge\">Arrangementer og begivenheter<\/div>\n\t\t\t\t<div class=\"elementor-post__text\">\n\t\t\t\t<h2 class=\"elementor-post__title\">\n\t\t\t<a href=\"https:\/\/costablanca-magazin.com\/nb\/freizeit\/veranstaltungen-events\/sant-joan-an-der-costa-blanca-wenn-die-nacht-brennt\/\" >\n\t\t\t\tSant Joan p\u00e5 Costa Blanca - N\u00e5r natten brenner\t\t\t<\/a>\n\t\t<\/h2>\n\t\t\t\t<div class=\"elementor-post__excerpt\">\n\t\t\t<p>Sant Joan p\u00e5 Costa Blanca - N\u00e5r natten brenner Fra stille \u00f8nsker i flammene til flammende kritikker i pappmasj\u00e9 - magi, fellesskap og kultur m\u00f8tes p\u00e5 Costa Blanca. En festival som er mer enn bare fyrverkeri. Det er netter da du kan f\u00f8le at det er noe i luften<\/p>\n\t\t<\/div>\n\t\t\n\t\t<a class=\"elementor-post__read-more\" href=\"https:\/\/costablanca-magazin.com\/nb\/freizeit\/veranstaltungen-events\/sant-joan-an-der-costa-blanca-wenn-die-nacht-brennt\/\" aria-label=\"Read more about Sant Joan an der Costa Blanca &#8211; Wenn die Nacht brennt\" tabindex=\"-1\" >\n\t\t\tLes mer \u00bb\t\t<\/a>\n\n\t\t\t\t<\/div>\n\t\t\t\t\t<\/div>\n\t\t<\/article>\n\t\t\t\t<article class=\"elementor-post elementor-grid-item post-7589 post type-post status-publish format-standard has-post-thumbnail hentry category-veranstaltungen-events tag-events-costablanca tag-fiesta-costablanca tag-konzerte-alicante tag-moros-y-cristianos-benissa\" role=\"listitem\">\n\t\t\t<div class=\"elementor-post__card\">\n\t\t\t\t<a class=\"elementor-post__thumbnail__link\" href=\"https:\/\/costablanca-magazin.com\/nb\/freizeit\/veranstaltungen-events\/juni-und-juli-events-der-sommer-an-der-costa-blanca\/\" tabindex=\"-1\" ><div class=\"elementor-post__thumbnail\"><img loading=\"lazy\" decoding=\"async\" width=\"300\" height=\"203\" src=\"https:\/\/costablanca-magazin.com\/wp-content\/uploads\/2025\/06\/silhouettes-of-crowd-group-of-people-cheering-in-2024-10-18-13-51-24-utc-300x203.jpg\" class=\"attachment-medium size-medium wp-image-7592\" alt=\"Kultur kobles sammen: Sommeren 2025 p\u00e5 Costa Blanca\" srcset=\"https:\/\/costablanca-magazin.com\/wp-content\/uploads\/2025\/06\/silhouettes-of-crowd-group-of-people-cheering-in-2024-10-18-13-51-24-utc-300x203.jpg 300w, https:\/\/costablanca-magazin.com\/wp-content\/uploads\/2025\/06\/silhouettes-of-crowd-group-of-people-cheering-in-2024-10-18-13-51-24-utc-1024x692.jpg 1024w, https:\/\/costablanca-magazin.com\/wp-content\/uploads\/2025\/06\/silhouettes-of-crowd-group-of-people-cheering-in-2024-10-18-13-51-24-utc-768x519.jpg 768w, https:\/\/costablanca-magazin.com\/wp-content\/uploads\/2025\/06\/silhouettes-of-crowd-group-of-people-cheering-in-2024-10-18-13-51-24-utc-1536x1037.jpg 1536w, https:\/\/costablanca-magazin.com\/wp-content\/uploads\/2025\/06\/silhouettes-of-crowd-group-of-people-cheering-in-2024-10-18-13-51-24-utc-2048x1383.jpg 2048w\" sizes=\"(max-width: 300px) 100vw, 300px\" \/><\/div><\/a>\n\t\t\t\t<div class=\"elementor-post__badge\">Arrangementer og begivenheter<\/div>\n\t\t\t\t<div class=\"elementor-post__text\">\n\t\t\t\t<h2 class=\"elementor-post__title\">\n\t\t\t<a href=\"https:\/\/costablanca-magazin.com\/nb\/freizeit\/veranstaltungen-events\/juni-und-juli-events-der-sommer-an-der-costa-blanca\/\" >\n\t\t\t\tArrangementer i juni og juli - Sommer p\u00e5 Costa Blanca\t\t\t<\/a>\n\t\t<\/h2>\n\t\t\t\t<div class=\"elementor-post__excerpt\">\n\t\t\t<p>Arrangementer i juni og juli - sommeren p\u00e5 Costa Blanca Fra litteratur til livemusikk - kystbyene feirer mangfold og kreativitet Costa Blanca g\u00e5r inn i den varme \u00e5rstiden med en mangefasettert kulturkalender. Mellom D\u00e9nia og Villajoyosa venter opplesninger, konserter, utstillinger og festivaler p\u00e5 \u00e5 bli oppdaget. I Calp m\u00f8tes<\/p>\n\t\t<\/div>\n\t\t\n\t\t<a class=\"elementor-post__read-more\" href=\"https:\/\/costablanca-magazin.com\/nb\/freizeit\/veranstaltungen-events\/juni-und-juli-events-der-sommer-an-der-costa-blanca\/\" aria-label=\"Read more about Juni und Juli Events &#8211; Der Sommer an der Costa Blanca\" tabindex=\"-1\" >\n\t\t\tLes mer \u00bb\t\t<\/a>\n\n\t\t\t\t<\/div>\n\t\t\t\t\t<\/div>\n\t\t<\/article>\n\t\t\t\t<article class=\"elementor-post elementor-grid-item post-7490 post type-post status-publish format-standard has-post-thumbnail hentry category-veranstaltungen-events tag-kunst-an-der-costa-blanca\" role=\"listitem\">\n\t\t\t<div class=\"elementor-post__card\">\n\t\t\t\t<a class=\"elementor-post__thumbnail__link\" href=\"https:\/\/costablanca-magazin.com\/nb\/freizeit\/veranstaltungen-events\/vino-pinto-ein-abend-voller-kunst-wein-und-inspiration\/\" tabindex=\"-1\" ><div class=\"elementor-post__thumbnail\"><img loading=\"lazy\" decoding=\"async\" width=\"300\" height=\"200\" src=\"https:\/\/costablanca-magazin.com\/wp-content\/uploads\/2025\/05\/Logo-Vini-Pinto-300x200.jpg\" class=\"attachment-medium size-medium wp-image-7522\" alt=\"Vino Pinto \u2013 En kveld full av kunst, vin og inspirasjon\" srcset=\"https:\/\/costablanca-magazin.com\/wp-content\/uploads\/2025\/05\/Logo-Vini-Pinto-300x200.jpg 300w, https:\/\/costablanca-magazin.com\/wp-content\/uploads\/2025\/05\/Logo-Vini-Pinto-1024x683.jpg 1024w, https:\/\/costablanca-magazin.com\/wp-content\/uploads\/2025\/05\/Logo-Vini-Pinto-768x512.jpg 768w, https:\/\/costablanca-magazin.com\/wp-content\/uploads\/2025\/05\/Logo-Vini-Pinto.jpg 1200w\" sizes=\"(max-width: 300px) 100vw, 300px\" \/><\/div><\/a>\n\t\t\t\t<div class=\"elementor-post__badge\">Arrangementer og begivenheter<\/div>\n\t\t\t\t<div class=\"elementor-post__text\">\n\t\t\t\t<h2 class=\"elementor-post__title\">\n\t\t\t<a href=\"https:\/\/costablanca-magazin.com\/nb\/freizeit\/veranstaltungen-events\/vino-pinto-ein-abend-voller-kunst-wein-und-inspiration\/\" >\n\t\t\t\tVino Pinto - En kveld full av kunst, vin og inspirasjon\t\t\t<\/a>\n\t\t<\/h2>\n\t\t\t\t<div class=\"elementor-post__excerpt\">\n\t\t\t<p>Vino Pinto - En kveld full av kunst, vin og inspirasjon Med utgangspunkt i den verdensber\u00f8mte \u201eArt Night\u201c kan du lage din egen versjon av for eksempel et uttrykksfullt landskap eller et landemerke. Du trenger ingen forkunnskaper - kunstneren v\u00e5r viser deg alt trinn for trinn i en avslappet atmosf\u00e6re.<\/p>\n\t\t<\/div>\n\t\t\n\t\t<a class=\"elementor-post__read-more\" href=\"https:\/\/costablanca-magazin.com\/nb\/freizeit\/veranstaltungen-events\/vino-pinto-ein-abend-voller-kunst-wein-und-inspiration\/\" aria-label=\"Read more about Vino Pinto &#8211; Ein Abend voller Kunst, Wein und Inspiration\" tabindex=\"-1\" >\n\t\t\tLes mer \u00bb\t\t<\/a>\n\n\t\t\t\t<\/div>\n\t\t\t\t\t<\/div>\n\t\t<\/article>\n\t\t\t\t<article class=\"elementor-post elementor-grid-item post-6739 post type-post status-publish format-standard has-post-thumbnail hentry category-veranstaltungen-events tag-events-costablanca tag-fiesta-costablanca tag-mai-und-juni-veranstaltungen tag-moros-y-cristianos tag-patronatsfest tag-veranstaltungen-costa-blanca\" role=\"listitem\">\n\t\t\t<div class=\"elementor-post__card\">\n\t\t\t\t<a class=\"elementor-post__thumbnail__link\" href=\"https:\/\/costablanca-magazin.com\/nb\/freizeit\/veranstaltungen-events\/mai-juni-an-der-costa-blanca-top-events-erleben\/\" tabindex=\"-1\" ><div class=\"elementor-post__thumbnail\"><img loading=\"lazy\" decoding=\"async\" width=\"300\" height=\"200\" src=\"https:\/\/costablanca-magazin.com\/wp-content\/uploads\/2024\/09\/heart-shaped-hands-at-concert-music-concert-with-2023-11-27-05-35-30-utc-300x200.jpg\" class=\"attachment-medium size-medium wp-image-1910\" alt=\"Tips til arrangementer Costa Blanca\" srcset=\"https:\/\/costablanca-magazin.com\/wp-content\/uploads\/2024\/09\/heart-shaped-hands-at-concert-music-concert-with-2023-11-27-05-35-30-utc-300x200.jpg 300w, https:\/\/costablanca-magazin.com\/wp-content\/uploads\/2024\/09\/heart-shaped-hands-at-concert-music-concert-with-2023-11-27-05-35-30-utc-1024x683.jpg 1024w, https:\/\/costablanca-magazin.com\/wp-content\/uploads\/2024\/09\/heart-shaped-hands-at-concert-music-concert-with-2023-11-27-05-35-30-utc-768x512.jpg 768w, https:\/\/costablanca-magazin.com\/wp-content\/uploads\/2024\/09\/heart-shaped-hands-at-concert-music-concert-with-2023-11-27-05-35-30-utc-1536x1025.jpg 1536w, https:\/\/costablanca-magazin.com\/wp-content\/uploads\/2024\/09\/heart-shaped-hands-at-concert-music-concert-with-2023-11-27-05-35-30-utc-2048x1366.jpg 2048w\" sizes=\"(max-width: 300px) 100vw, 300px\" \/><\/div><\/a>\n\t\t\t\t<div class=\"elementor-post__badge\">Arrangementer og begivenheter<\/div>\n\t\t\t\t<div class=\"elementor-post__text\">\n\t\t\t\t<h2 class=\"elementor-post__title\">\n\t\t\t<a href=\"https:\/\/costablanca-magazin.com\/nb\/freizeit\/veranstaltungen-events\/mai-juni-an-der-costa-blanca-top-events-erleben\/\" >\n\t\t\t\tMai og juni p\u00e5 Costa Blanca - opplev de beste arrangementene\t\t\t<\/a>\n\t\t<\/h2>\n\t\t\t\t<div class=\"elementor-post__excerpt\">\n\t\t\t<p>Mai og juni p\u00e5 Costa Blanca - opplev de beste arrangementene Fra spennende utstillinger og medrivende konserter til ekstraordin\u00e6re festivaler - i mai er det noe for enhver smak. Det er m\u00e5neden da regionen v\u00e5kner til liv med en fargerik blanding av lokale festivaler, samfunnsarrangementer og kulturtilbud.<\/p>\n\t\t<\/div>\n\t\t\n\t\t<a class=\"elementor-post__read-more\" href=\"https:\/\/costablanca-magazin.com\/nb\/freizeit\/veranstaltungen-events\/mai-juni-an-der-costa-blanca-top-events-erleben\/\" aria-label=\"Read more about Mai &amp; Juni an der Costa Blanca \u2013 Top Events erleben\" tabindex=\"-1\" >\n\t\t\tLes mer \u00bb\t\t<\/a>\n\n\t\t\t\t<\/div>\n\t\t\t\t\t<\/div>\n\t\t<\/article>\n\t\t\t\t<article class=\"elementor-post elementor-grid-item post-5678 post type-post status-publish format-standard has-post-thumbnail hentry category-veranstaltungen-events tag-costa-blanca-2 tag-veranstaltungen-costa-blanca tag-veranstaltungen-ostern\" role=\"listitem\">\n\t\t\t<div class=\"elementor-post__card\">\n\t\t\t\t<a class=\"elementor-post__thumbnail__link\" href=\"https:\/\/costablanca-magazin.com\/nb\/freizeit\/veranstaltungen-events\/costa-blanca-im-fruehlingserwachen-event-highlights\/\" tabindex=\"-1\" ><div class=\"elementor-post__thumbnail\"><img loading=\"lazy\" decoding=\"async\" width=\"300\" height=\"200\" src=\"https:\/\/costablanca-magazin.com\/wp-content\/uploads\/2025\/04\/retro-microphone-for-outdoor-concert-party-2024-11-01-01-07-48-utc-300x200.jpg\" class=\"attachment-medium size-medium wp-image-6583\" alt=\"V\u00e5rens oppv\u00e5kning i Marina Alta: Religi\u00f8se tradisjoner, festivaler og kulturelle h\u00f8ydepunkter 1\" srcset=\"https:\/\/costablanca-magazin.com\/wp-content\/uploads\/2025\/04\/retro-microphone-for-outdoor-concert-party-2024-11-01-01-07-48-utc-300x200.jpg 300w, https:\/\/costablanca-magazin.com\/wp-content\/uploads\/2025\/04\/retro-microphone-for-outdoor-concert-party-2024-11-01-01-07-48-utc-1024x683.jpg 1024w, https:\/\/costablanca-magazin.com\/wp-content\/uploads\/2025\/04\/retro-microphone-for-outdoor-concert-party-2024-11-01-01-07-48-utc-768x512.jpg 768w, https:\/\/costablanca-magazin.com\/wp-content\/uploads\/2025\/04\/retro-microphone-for-outdoor-concert-party-2024-11-01-01-07-48-utc.jpg 1200w\" sizes=\"(max-width: 300px) 100vw, 300px\" \/><\/div><\/a>\n\t\t\t\t<div class=\"elementor-post__badge\">Arrangementer og begivenheter<\/div>\n\t\t\t\t<div class=\"elementor-post__text\">\n\t\t\t\t<h2 class=\"elementor-post__title\">\n\t\t\t<a href=\"https:\/\/costablanca-magazin.com\/nb\/freizeit\/veranstaltungen-events\/costa-blanca-im-fruehlingserwachen-event-highlights\/\" >\n\t\t\t\tCosta Blanca i v\u00e5rlig oppv\u00e5kning - h\u00f8ydepunkter fra arrangementet\t\t\t<\/a>\n\t\t<\/h2>\n\t\t\t\t<div class=\"elementor-post__excerpt\">\n\t\t\t<p>Costa Blanca i v\u00e5rens oppv\u00e5kning - H\u00f8ydepunkter Opplev regionens mangfold med prosesjoner, festivaler, kunst og mye mer i de vakreste byene i Marina Alta. I april og mai m\u00e5ned byr Marina Alta p\u00e5 et vell av kulturelle, religi\u00f8se og festlige opplevelser. I l\u00f8pet av Semana Santa i mange byer<\/p>\n\t\t<\/div>\n\t\t\n\t\t<a class=\"elementor-post__read-more\" href=\"https:\/\/costablanca-magazin.com\/nb\/freizeit\/veranstaltungen-events\/costa-blanca-im-fruehlingserwachen-event-highlights\/\" aria-label=\"Read more about Costa Blanca Im Fr\u00fchlingserwachen &#8211; Event-Highlights\" tabindex=\"-1\" >\n\t\t\tLes mer \u00bb\t\t<\/a>\n\n\t\t\t\t<\/div>\n\t\t\t\t\t<\/div>\n\t\t<\/article>\n\t\t\t\t<article class=\"elementor-post elementor-grid-item post-5301 post type-post status-publish format-standard has-post-thumbnail hentry category-veranstaltungen-events tag-costa-blanca-2 tag-kirchen tag-oster tag-staetten\" role=\"listitem\">\n\t\t\t<div class=\"elementor-post__card\">\n\t\t\t\t<a class=\"elementor-post__thumbnail__link\" href=\"https:\/\/costablanca-magazin.com\/nb\/freizeit\/veranstaltungen-events\/oster-guide-costa-blanca-wichtigsten-kirchen-und-staetten\/\" tabindex=\"-1\" ><div class=\"elementor-post__thumbnail\"><img loading=\"lazy\" decoding=\"async\" width=\"300\" height=\"200\" src=\"https:\/\/costablanca-magazin.com\/wp-content\/uploads\/2025\/03\/lanterns-of-frankincense-during-semana-santa-holy-2024-06-17-20-31-29-utc-300x200.jpg\" class=\"attachment-medium size-medium wp-image-5302\" alt=\"P\u00e5skeguide Costa Blanca - de viktigste kirkene og stedene\" srcset=\"https:\/\/costablanca-magazin.com\/wp-content\/uploads\/2025\/03\/lanterns-of-frankincense-during-semana-santa-holy-2024-06-17-20-31-29-utc-300x200.jpg 300w, https:\/\/costablanca-magazin.com\/wp-content\/uploads\/2025\/03\/lanterns-of-frankincense-during-semana-santa-holy-2024-06-17-20-31-29-utc-1024x683.jpg 1024w, https:\/\/costablanca-magazin.com\/wp-content\/uploads\/2025\/03\/lanterns-of-frankincense-during-semana-santa-holy-2024-06-17-20-31-29-utc-768x513.jpg 768w, https:\/\/costablanca-magazin.com\/wp-content\/uploads\/2025\/03\/lanterns-of-frankincense-during-semana-santa-holy-2024-06-17-20-31-29-utc-1536x1025.jpg 1536w, https:\/\/costablanca-magazin.com\/wp-content\/uploads\/2025\/03\/lanterns-of-frankincense-during-semana-santa-holy-2024-06-17-20-31-29-utc-2048x1367.jpg 2048w\" sizes=\"(max-width: 300px) 100vw, 300px\" \/><\/div><\/a>\n\t\t\t\t<div class=\"elementor-post__badge\">Arrangementer og begivenheter<\/div>\n\t\t\t\t<div class=\"elementor-post__text\">\n\t\t\t\t<h2 class=\"elementor-post__title\">\n\t\t\t<a href=\"https:\/\/costablanca-magazin.com\/nb\/freizeit\/veranstaltungen-events\/oster-guide-costa-blanca-wichtigsten-kirchen-und-staetten\/\" >\n\t\t\t\tP\u00e5skeguide Costa Blanca - de viktigste kirkene og stedene\t\t\t<\/a>\n\t\t<\/h2>\n\t\t\t\t<div class=\"elementor-post__excerpt\">\n\t\t\t<p>P\u00e5skeguiden Costa Blanca - de viktigste kirkene og stedene Hvordan historiske bygninger preger den hellige uken og historiene de forteller Semana Santa p\u00e5 Costa Blanca er ikke bare en tid med imponerende prosesjoner, men ogs\u00e5 en mulighet til \u00e5 se n\u00e6rmere p\u00e5 stedene som har formet disse tradisjonene i \u00e5rhundrer. Mange kirker<\/p>\n\t\t<\/div>\n\t\t\n\t\t<a class=\"elementor-post__read-more\" href=\"https:\/\/costablanca-magazin.com\/nb\/freizeit\/veranstaltungen-events\/oster-guide-costa-blanca-wichtigsten-kirchen-und-staetten\/\" aria-label=\"Read more about Oster-Guide Costa Blanca &#8211; wichtigsten Kirchen und St\u00e4tten\" tabindex=\"-1\" >\n\t\t\tLes mer \u00bb\t\t<\/a>\n\n\t\t\t\t<\/div>\n\t\t\t\t\t<\/div>\n\t\t<\/article>\n\t\t\t\t<article class=\"elementor-post elementor-grid-item post-5293 post type-post status-publish format-standard has-post-thumbnail hentry category-veranstaltungen-events tag-ostern-costa-blanca tag-osterprozessionen tag-semana-santa-costa-blanca tag-traditionen-ostern-costa-blanca\" role=\"listitem\">\n\t\t\t<div class=\"elementor-post__card\">\n\t\t\t\t<a class=\"elementor-post__thumbnail__link\" href=\"https:\/\/costablanca-magazin.com\/nb\/freizeit\/veranstaltungen-events\/osterprozessionen-costa-blanca-die-umzuege-der-karwoche\/\" tabindex=\"-1\" ><div class=\"elementor-post__thumbnail\"><img loading=\"lazy\" decoding=\"async\" width=\"300\" height=\"206\" src=\"https:\/\/costablanca-magazin.com\/wp-content\/uploads\/2025\/03\/procession-in-the-streets-during-a-solemn-religiou-2024-07-08-20-45-08-utc-300x206.jpg\" class=\"attachment-medium size-medium wp-image-5294\" alt=\"P\u00e5skeprosesjoner p\u00e5 Costa Blanca: Prosesjonene i den hellige uken\" srcset=\"https:\/\/costablanca-magazin.com\/wp-content\/uploads\/2025\/03\/procession-in-the-streets-during-a-solemn-religiou-2024-07-08-20-45-08-utc-300x206.jpg 300w, https:\/\/costablanca-magazin.com\/wp-content\/uploads\/2025\/03\/procession-in-the-streets-during-a-solemn-religiou-2024-07-08-20-45-08-utc-1024x702.jpg 1024w, https:\/\/costablanca-magazin.com\/wp-content\/uploads\/2025\/03\/procession-in-the-streets-during-a-solemn-religiou-2024-07-08-20-45-08-utc-768x526.jpg 768w, https:\/\/costablanca-magazin.com\/wp-content\/uploads\/2025\/03\/procession-in-the-streets-during-a-solemn-religiou-2024-07-08-20-45-08-utc-1536x1053.jpg 1536w, https:\/\/costablanca-magazin.com\/wp-content\/uploads\/2025\/03\/procession-in-the-streets-during-a-solemn-religiou-2024-07-08-20-45-08-utc-2048x1404.jpg 2048w\" sizes=\"(max-width: 300px) 100vw, 300px\" \/><\/div><\/a>\n\t\t\t\t<div class=\"elementor-post__badge\">Arrangementer og begivenheter<\/div>\n\t\t\t\t<div class=\"elementor-post__text\">\n\t\t\t\t<h2 class=\"elementor-post__title\">\n\t\t\t<a href=\"https:\/\/costablanca-magazin.com\/nb\/freizeit\/veranstaltungen-events\/osterprozessionen-costa-blanca-die-umzuege-der-karwoche\/\" >\n\t\t\t\tP\u00e5skeprosesjoner Costa Blanca - Prosesjonene i den hellige uke\t\t\t<\/a>\n\t\t<\/h2>\n\t\t\t\t<div class=\"elementor-post__excerpt\">\n\t\t\t<p>P\u00e5skeprosesjoner p\u00e5 Costa Blanca: P\u00e5skeprosesjonene i den hellige uke Ti p\u00e5skefeiringer som er verdt \u00e5 se mellom tradisjon og atmosf\u00e6re P\u00e5 Costa Blanca og andre steder feires den hellige uke med imponerende prosesjoner, \u00e5rhundregamle tradisjoner og unike oppsetninger. Mens noen prosesjoner imponerer med sin h\u00f8ytidelige stillhet, kjennetegnes andre av forseggjorte<\/p>\n\t\t<\/div>\n\t\t\n\t\t<a class=\"elementor-post__read-more\" href=\"https:\/\/costablanca-magazin.com\/nb\/freizeit\/veranstaltungen-events\/osterprozessionen-costa-blanca-die-umzuege-der-karwoche\/\" aria-label=\"Read more about Osterprozessionen Costa Blanca &#8211; Die Umz\u00fcge der Karwoche\" tabindex=\"-1\" >\n\t\t\tLes mer \u00bb\t\t<\/a>\n\n\t\t\t\t<\/div>\n\t\t\t\t\t<\/div>\n\t\t<\/article>\n\t\t\t\t<article class=\"elementor-post elementor-grid-item post-5189 post type-post status-publish format-standard has-post-thumbnail hentry category-veranstaltungen-events tag-fallas-alicante tag-fallas-costa-blanca tag-fallas-denia tag-fallas-valencia\" role=\"listitem\">\n\t\t\t<div class=\"elementor-post__card\">\n\t\t\t\t<a class=\"elementor-post__thumbnail__link\" href=\"https:\/\/costablanca-magazin.com\/nb\/freizeit\/veranstaltungen-events\/die-fallas-geschichte-traditionen-und-kommende-hoehepunkte\/\" tabindex=\"-1\" ><div class=\"elementor-post__thumbnail\"><img loading=\"lazy\" decoding=\"async\" width=\"300\" height=\"177\" src=\"https:\/\/costablanca-magazin.com\/wp-content\/uploads\/2025\/02\/Fallas-valencia1-300x177.jpg\" class=\"attachment-medium size-medium wp-image-4821\" alt=\"Fallas Valencia 3\" srcset=\"https:\/\/costablanca-magazin.com\/wp-content\/uploads\/2025\/02\/Fallas-valencia1-300x177.jpg 300w, https:\/\/costablanca-magazin.com\/wp-content\/uploads\/2025\/02\/Fallas-valencia1-1024x605.jpg 1024w, https:\/\/costablanca-magazin.com\/wp-content\/uploads\/2025\/02\/Fallas-valencia1-768x454.jpg 768w, https:\/\/costablanca-magazin.com\/wp-content\/uploads\/2025\/02\/Fallas-valencia1.jpg 1100w\" sizes=\"(max-width: 300px) 100vw, 300px\" \/><\/div><\/a>\n\t\t\t\t<div class=\"elementor-post__badge\">Arrangementer og begivenheter<\/div>\n\t\t\t\t<div class=\"elementor-post__text\">\n\t\t\t\t<h2 class=\"elementor-post__title\">\n\t\t\t<a href=\"https:\/\/costablanca-magazin.com\/nb\/freizeit\/veranstaltungen-events\/die-fallas-geschichte-traditionen-und-kommende-hoehepunkte\/\" >\n\t\t\t\tFallas: historie, tradisjoner og kommende h\u00f8ydepunkter\t\t\t<\/a>\n\t\t<\/h2>\n\t\t\t\t<div class=\"elementor-post__excerpt\">\n\t\t\t<p>Fallas: Valencias spektakul\u00e6re ildfestival - historie, tradisjoner og kommende h\u00f8ydepunkter Hvert \u00e5r i mars forvandles Valencia til et levende kunstverk av lys, ild og tradisjon: Fallas er en av de mest spektakul\u00e6re og mest kjente festivalene i Spania. Men hva er det som ligger bak denne festivalen som tiltrekker seg hundretusener av bes\u00f8kende hvert \u00e5r? Fra<\/p>\n\t\t<\/div>\n\t\t\n\t\t<a class=\"elementor-post__read-more\" href=\"https:\/\/costablanca-magazin.com\/nb\/freizeit\/veranstaltungen-events\/die-fallas-geschichte-traditionen-und-kommende-hoehepunkte\/\" aria-label=\"Read more about Die Fallas: Geschichte, Traditionen und kommende H\u00f6hepunkte\" tabindex=\"-1\" >\n\t\t\tLes mer \u00bb\t\t<\/a>\n\n\t\t\t\t<\/div>\n\t\t\t\t\t<\/div>\n\t\t<\/article>\n\t\t\t\t<article class=\"elementor-post elementor-grid-item post-5073 post type-post status-publish format-standard has-post-thumbnail hentry category-veranstaltungen-events tag-alfaz-del-pi tag-altea tag-benidorm tag-benissa tag-calpe tag-costa-blanca tag-denia tag-fallas tag-javea tag-la-nucia tag-moraira tag-prozessionen-costa-blanca tag-semana-santa tag-teulada tag-veranstaltungen-costa-blanca tag-villajoyosa\" role=\"listitem\">\n\t\t\t<div class=\"elementor-post__card\">\n\t\t\t\t<a class=\"elementor-post__thumbnail__link\" href=\"https:\/\/costablanca-magazin.com\/nb\/freizeit\/veranstaltungen-events\/costa-blanca-ein-spannender-maerz-und-april-voller-events\/\" tabindex=\"-1\" ><div class=\"elementor-post__thumbnail\"><img loading=\"lazy\" decoding=\"async\" width=\"300\" height=\"200\" src=\"https:\/\/costablanca-magazin.com\/wp-content\/uploads\/2025\/03\/crowd-in-costumes-in-semana-santa-festival-capture-2025-02-04-09-02-01-utc-300x200.jpeg\" class=\"attachment-medium size-medium wp-image-5084\" alt=\"Kulturelle h\u00f8ydepunkter p\u00e5 Costa Blanca: en spennende mars og april full av arrangementer\" srcset=\"https:\/\/costablanca-magazin.com\/wp-content\/uploads\/2025\/03\/crowd-in-costumes-in-semana-santa-festival-capture-2025-02-04-09-02-01-utc-300x200.jpeg 300w, https:\/\/costablanca-magazin.com\/wp-content\/uploads\/2025\/03\/crowd-in-costumes-in-semana-santa-festival-capture-2025-02-04-09-02-01-utc-1024x684.jpeg 1024w, https:\/\/costablanca-magazin.com\/wp-content\/uploads\/2025\/03\/crowd-in-costumes-in-semana-santa-festival-capture-2025-02-04-09-02-01-utc-768x513.jpeg 768w, https:\/\/costablanca-magazin.com\/wp-content\/uploads\/2025\/03\/crowd-in-costumes-in-semana-santa-festival-capture-2025-02-04-09-02-01-utc-1536x1026.jpeg 1536w, https:\/\/costablanca-magazin.com\/wp-content\/uploads\/2025\/03\/crowd-in-costumes-in-semana-santa-festival-capture-2025-02-04-09-02-01-utc-2048x1368.jpeg 2048w\" sizes=\"(max-width: 300px) 100vw, 300px\" \/><\/div><\/a>\n\t\t\t\t<div class=\"elementor-post__badge\">Arrangementer og begivenheter<\/div>\n\t\t\t\t<div class=\"elementor-post__text\">\n\t\t\t\t<h2 class=\"elementor-post__title\">\n\t\t\t<a href=\"https:\/\/costablanca-magazin.com\/nb\/freizeit\/veranstaltungen-events\/costa-blanca-ein-spannender-maerz-und-april-voller-events\/\" >\n\t\t\t\tCosta Blanca - En spennende mars og april full av arrangementer\t\t\t<\/a>\n\t\t<\/h2>\n\t\t\t\t<div class=\"elementor-post__excerpt\">\n\t\t\t<p>Costa Blanca - En spennende mars og april full av arrangementer Opplev konserter, utstillinger og tradisjonelle festivaler i Calpe, Altea, Villajoyosa og mange andre byer p\u00e5 Costa Blanca. I mars og april v\u00e5kner Costa Blanca til liv med et vell av kulturelle og tradisjonelle arrangementer som vil fenge enhver bes\u00f8kende.<\/p>\n\t\t<\/div>\n\t\t\n\t\t<a class=\"elementor-post__read-more\" href=\"https:\/\/costablanca-magazin.com\/nb\/freizeit\/veranstaltungen-events\/costa-blanca-ein-spannender-maerz-und-april-voller-events\/\" aria-label=\"Read more about Costa Blanca &#8211; Ein spannender M\u00e4rz und April voller Events\" tabindex=\"-1\" >\n\t\t\tLes mer \u00bb\t\t<\/a>\n\n\t\t\t\t<\/div>\n\t\t\t\t\t<\/div>\n\t\t<\/article>\n\t\t\t\t<article class=\"elementor-post elementor-grid-item post-4803 post type-post status-publish format-standard has-post-thumbnail hentry category-veranstaltungen-events tag-bendirom-veranstaltungen tag-careval-costa-blanca tag-denia-fallas tag-fallas-costa-blanca tag-musik-feste-costa-blanca tag-veranstaltungen-costa-blanca\" role=\"listitem\">\n\t\t\t<div class=\"elementor-post__card\">\n\t\t\t\t<a class=\"elementor-post__thumbnail__link\" href=\"https:\/\/costablanca-magazin.com\/nb\/freizeit\/veranstaltungen-events\/veranstaltungen-ihr-guide-fuer-februar-und-maerz-an-der-costa-blanca\/\" tabindex=\"-1\" ><div class=\"elementor-post__thumbnail\"><img loading=\"lazy\" decoding=\"async\" width=\"300\" height=\"95\" src=\"https:\/\/costablanca-magazin.com\/wp-content\/uploads\/2025\/02\/Fallas-Valencia-300x95.jpeg\" class=\"attachment-medium size-medium wp-image-4818\" alt=\"Fallas Valencia\" srcset=\"https:\/\/costablanca-magazin.com\/wp-content\/uploads\/2025\/02\/Fallas-Valencia-300x95.jpeg 300w, https:\/\/costablanca-magazin.com\/wp-content\/uploads\/2025\/02\/Fallas-Valencia-768x243.jpeg 768w, https:\/\/costablanca-magazin.com\/wp-content\/uploads\/2025\/02\/Fallas-Valencia.jpeg 878w\" sizes=\"(max-width: 300px) 100vw, 300px\" \/><\/div><\/a>\n\t\t\t\t<div class=\"elementor-post__badge\">Arrangementer og begivenheter<\/div>\n\t\t\t\t<div class=\"elementor-post__text\">\n\t\t\t\t<h2 class=\"elementor-post__title\">\n\t\t\t<a href=\"https:\/\/costablanca-magazin.com\/nb\/freizeit\/veranstaltungen-events\/veranstaltungen-ihr-guide-fuer-februar-und-maerz-an-der-costa-blanca\/\" >\n\t\t\t\tArrangementer - Din guide for februar og mars p\u00e5 Costa Blanca\t\t\t<\/a>\n\t\t<\/h2>\n\t\t\t\t<div class=\"elementor-post__excerpt\">\n\t\t\t<p>H\u00f8ydepunkter p\u00e5 Costa Blanca - din guide for februar og mars Fra imponerende konserter og spennende teaterforestillinger til tradisjonelle festivaler - Costa Blanca byr p\u00e5 et variert program ogs\u00e5 i de kommende ukene. Enten det er klassisk musikk, jazz, kunstutstillinger eller spennende festligheter som de ber\u00f8mte Fallas - her<\/p>\n\t\t<\/div>\n\t\t\n\t\t<a class=\"elementor-post__read-more\" href=\"https:\/\/costablanca-magazin.com\/nb\/freizeit\/veranstaltungen-events\/veranstaltungen-ihr-guide-fuer-februar-und-maerz-an-der-costa-blanca\/\" aria-label=\"Read more about Veranstaltungen &#8211; Ihr Guide f\u00fcr Februar und M\u00e4rz an der Costa Blanca\" tabindex=\"-1\" >\n\t\t\tLes mer \u00bb\t\t<\/a>\n\n\t\t\t\t<\/div>\n\t\t\t\t\t<\/div>\n\t\t<\/article>\n\t\t\t\t<article class=\"elementor-post elementor-grid-item post-4775 post type-post status-publish format-standard has-post-thumbnail hentry category-veranstaltungen-events tag-benidorm-costa-blanca tag-benidorm-fest-2025 tag-costa-blanca tag-eurovision-song-contest-spanien\" role=\"listitem\">\n\t\t\t<div class=\"elementor-post__card\">\n\t\t\t\t<a class=\"elementor-post__thumbnail__link\" href=\"https:\/\/costablanca-magazin.com\/nb\/freizeit\/veranstaltungen-events\/benidorm-fest-2025-spaniens-sprungbrett-zur-eurovision\/\" tabindex=\"-1\" ><div class=\"elementor-post__thumbnail\"><img loading=\"lazy\" decoding=\"async\" width=\"300\" height=\"169\" src=\"https:\/\/costablanca-magazin.com\/wp-content\/uploads\/2025\/01\/Benidorm-Fest-25-300x169.jpg\" class=\"attachment-medium size-medium wp-image-4776\" alt=\"Benidorm Fest 2025: Spanias springbrett til Eurovision-scenen\" srcset=\"https:\/\/costablanca-magazin.com\/wp-content\/uploads\/2025\/01\/Benidorm-Fest-25-300x169.jpg 300w, https:\/\/costablanca-magazin.com\/wp-content\/uploads\/2025\/01\/Benidorm-Fest-25-1024x576.jpg 1024w, https:\/\/costablanca-magazin.com\/wp-content\/uploads\/2025\/01\/Benidorm-Fest-25-768x432.jpg 768w, https:\/\/costablanca-magazin.com\/wp-content\/uploads\/2025\/01\/Benidorm-Fest-25-1536x864.jpg 1536w, https:\/\/costablanca-magazin.com\/wp-content\/uploads\/2025\/01\/Benidorm-Fest-25-2048x1152.jpg 2048w\" sizes=\"(max-width: 300px) 100vw, 300px\" \/><\/div><\/a>\n\t\t\t\t<div class=\"elementor-post__badge\">Arrangementer og begivenheter<\/div>\n\t\t\t\t<div class=\"elementor-post__text\">\n\t\t\t\t<h2 class=\"elementor-post__title\">\n\t\t\t<a href=\"https:\/\/costablanca-magazin.com\/nb\/freizeit\/veranstaltungen-events\/benidorm-fest-2025-spaniens-sprungbrett-zur-eurovision\/\" >\n\t\t\t\tBenidorm Fest 2025 - Spanias springbrett til Eurovision\t\t\t<\/a>\n\t\t<\/h2>\n\t\t\t\t<div class=\"elementor-post__excerpt\">\n\t\t\t<p>Benidorm Fest 2025 - Spanias springbrett til Eurovision-scenen Fra 28. januar til 1. februar 2025 vil Benidorm nok en gang bli en h\u00f8yborg for musikk og kreativitet. Benidorm Fest 2025, den nasjonale forh\u00e5ndsutvelgelsen til Eurovision Song Contest, vil finne sted i Palau d'Esports l'Illa de Benidorm og lover \u00e5 levere musikalske h\u00f8ydepunkter med internasjonalt tilsnitt.<\/p>\n\t\t<\/div>\n\t\t\n\t\t<a class=\"elementor-post__read-more\" href=\"https:\/\/costablanca-magazin.com\/nb\/freizeit\/veranstaltungen-events\/benidorm-fest-2025-spaniens-sprungbrett-zur-eurovision\/\" aria-label=\"Read more about Benidorm Fest 2025 &#8211; Spaniens Sprungbrett zur Eurovision\" tabindex=\"-1\" >\n\t\t\tLes mer \u00bb\t\t<\/a>\n\n\t\t\t\t<\/div>\n\t\t\t\t\t<\/div>\n\t\t<\/article>\n\t\t\t\t<article class=\"elementor-post elementor-grid-item post-3973 post type-post status-publish format-standard has-post-thumbnail hentry category-veranstaltungen-events tag-feslali tag-sant-antoni-costa-blanca-2025 tag-veranstaltung-2025-costa-blanca tag-veranstaltung-costa-blanca\" role=\"listitem\">\n\t\t\t<div class=\"elementor-post__card\">\n\t\t\t\t<a class=\"elementor-post__thumbnail__link\" href=\"https:\/\/costablanca-magazin.com\/nb\/freizeit\/veranstaltungen-events\/veranstaltungen-januar-und-februar-entlang-der-costa-blanca\/\" tabindex=\"-1\" ><div class=\"elementor-post__thumbnail\"><img loading=\"lazy\" decoding=\"async\" width=\"300\" height=\"214\" src=\"https:\/\/costablanca-magazin.com\/wp-content\/uploads\/2025\/01\/Teufel_SantAntoni_Correfoc2-300x214.jpg\" class=\"attachment-medium size-medium wp-image-3974\" alt=\"Et bredt spekter av arrangementer i januar og februar langs Costa Blanca\" srcset=\"https:\/\/costablanca-magazin.com\/wp-content\/uploads\/2025\/01\/Teufel_SantAntoni_Correfoc2-300x214.jpg 300w, https:\/\/costablanca-magazin.com\/wp-content\/uploads\/2025\/01\/Teufel_SantAntoni_Correfoc2-1024x731.jpg 1024w, https:\/\/costablanca-magazin.com\/wp-content\/uploads\/2025\/01\/Teufel_SantAntoni_Correfoc2-768x548.jpg 768w, https:\/\/costablanca-magazin.com\/wp-content\/uploads\/2025\/01\/Teufel_SantAntoni_Correfoc2.jpg 1200w\" sizes=\"(max-width: 300px) 100vw, 300px\" \/><\/div><\/a>\n\t\t\t\t<div class=\"elementor-post__badge\">Arrangementer og begivenheter<\/div>\n\t\t\t\t<div class=\"elementor-post__text\">\n\t\t\t\t<h2 class=\"elementor-post__title\">\n\t\t\t<a href=\"https:\/\/costablanca-magazin.com\/nb\/freizeit\/veranstaltungen-events\/veranstaltungen-januar-und-februar-entlang-der-costa-blanca\/\" >\n\t\t\t\tArrangementer - januar og februar langs Costa Blanca\t\t\t<\/a>\n\t\t<\/h2>\n\t\t\t\t<div class=\"elementor-post__excerpt\">\n\t\t\t<p>Mangfoldige arrangementer - januar og februar langs Costa Blanca Regionene Calpe, Altea, Villajoyosa og omegn byr de neste ukene p\u00e5 et variert program som kombinerer kultur, tradisjon og underholdning. Enten det er spennende teaterforestillinger, inspirerende konserter eller familievennlige arrangementer - det finnes noe for enhver smak. Et av h\u00f8ydepunktene er<\/p>\n\t\t<\/div>\n\t\t\n\t\t<a class=\"elementor-post__read-more\" href=\"https:\/\/costablanca-magazin.com\/nb\/freizeit\/veranstaltungen-events\/veranstaltungen-januar-und-februar-entlang-der-costa-blanca\/\" aria-label=\"Read more about Veranstaltungen &#8211; Januar und Februar entlang der Costa Blanca\" tabindex=\"-1\" >\n\t\t\tLes mer \u00bb\t\t<\/a>\n\n\t\t\t\t<\/div>\n\t\t\t\t\t<\/div>\n\t\t<\/article>\n\t\t\t\t<article class=\"elementor-post elementor-grid-item post-3491 post type-post status-publish format-standard has-post-thumbnail hentry category-veranstaltungen-events tag-events-and-der-costa-blanca tag-veranstaltung-costa-blanca tag-weihnachten-and-der-costa-blanca\" role=\"listitem\">\n\t\t\t<div class=\"elementor-post__card\">\n\t\t\t\t<a class=\"elementor-post__thumbnail__link\" href=\"https:\/\/costablanca-magazin.com\/nb\/freizeit\/veranstaltungen-events\/veranstaltung-an-der-costa-blanca-lichter-magie-reyes-und-mehr\/\" tabindex=\"-1\" ><div class=\"elementor-post__thumbnail\"><img loading=\"lazy\" decoding=\"async\" width=\"300\" height=\"300\" src=\"https:\/\/costablanca-magazin.com\/wp-content\/uploads\/2024\/12\/6274_navidad-de-magia-teulada-moraira-2024-300x300.png\" class=\"attachment-medium size-medium wp-image-3505\" alt=\"6274_navidad-de-magia-teulada-moraira-2024\" srcset=\"https:\/\/costablanca-magazin.com\/wp-content\/uploads\/2024\/12\/6274_navidad-de-magia-teulada-moraira-2024-300x300.png 300w, https:\/\/costablanca-magazin.com\/wp-content\/uploads\/2024\/12\/6274_navidad-de-magia-teulada-moraira-2024-150x150.png 150w, https:\/\/costablanca-magazin.com\/wp-content\/uploads\/2024\/12\/6274_navidad-de-magia-teulada-moraira-2024.png 735w\" sizes=\"(max-width: 300px) 100vw, 300px\" \/><\/div><\/a>\n\t\t\t\t<div class=\"elementor-post__badge\">Arrangementer og begivenheter<\/div>\n\t\t\t\t<div class=\"elementor-post__text\">\n\t\t\t\t<h2 class=\"elementor-post__title\">\n\t\t\t<a href=\"https:\/\/costablanca-magazin.com\/nb\/freizeit\/veranstaltungen-events\/veranstaltung-an-der-costa-blanca-lichter-magie-reyes-und-mehr\/\" >\n\t\t\t\tArrangement p\u00e5 Costa Blanca: lys, magi, Reyes og mer\t\t\t<\/a>\n\t\t<\/h2>\n\t\t\t\t<div class=\"elementor-post__excerpt\">\n\t\t\t<p>Arrangementer p\u00e5 Costa Blanca: lys, magi, reyes og mer Julen p\u00e5 Costa Blanca er alt annet enn kjedelig. Enten det er magiske cabalgatas, glitrende markeder eller stemningsfulle konserter: regionen byr p\u00e5 mange muligheter til \u00e5 oppleve h\u00f8ytiden p\u00e5 en helt spesiell m\u00e5te. H\u00f8ydepunktet? Den 5. januar, selvf\u00f8lgelig, n\u00e5r<\/p>\n\t\t<\/div>\n\t\t\n\t\t<a class=\"elementor-post__read-more\" href=\"https:\/\/costablanca-magazin.com\/nb\/freizeit\/veranstaltungen-events\/veranstaltung-an-der-costa-blanca-lichter-magie-reyes-und-mehr\/\" aria-label=\"Read more about Veranstaltung an der Costa Blanca: Lichter, Magie, Reyes und mehr\" tabindex=\"-1\" >\n\t\t\tLes mer \u00bb\t\t<\/a>\n\n\t\t\t\t<\/div>\n\t\t\t\t\t<\/div>\n\t\t<\/article>\n\t\t\t\t<article class=\"elementor-post elementor-grid-item post-3220 post type-post status-publish format-standard has-post-thumbnail hentry category-aktivitaeten-und-ausfluege category-veranstaltungen-events tag-costa-blanca-2 tag-veranstaltungstipps\" role=\"listitem\">\n\t\t\t<div class=\"elementor-post__card\">\n\t\t\t\t<a class=\"elementor-post__thumbnail__link\" href=\"https:\/\/costablanca-magazin.com\/nb\/freizeit\/aktivitaeten-und-ausfluege\/costa-blanca-im-november-dezember-veranstaltungstipps\/\" tabindex=\"-1\" ><div class=\"elementor-post__thumbnail\"><img loading=\"lazy\" decoding=\"async\" width=\"300\" height=\"200\" src=\"https:\/\/costablanca-magazin.com\/wp-content\/uploads\/2024\/11\/christmas-flat-lay-cup-of-hot-chocolate-with-mars-2024-08-14-18-23-54-utc-300x200.jpg\" class=\"attachment-medium size-medium wp-image-3222\" alt=\"Kulturelle h\u00f8ydepunkter p\u00e5 Costa Blanca i november\/desember\" srcset=\"https:\/\/costablanca-magazin.com\/wp-content\/uploads\/2024\/11\/christmas-flat-lay-cup-of-hot-chocolate-with-mars-2024-08-14-18-23-54-utc-300x200.jpg 300w, https:\/\/costablanca-magazin.com\/wp-content\/uploads\/2024\/11\/christmas-flat-lay-cup-of-hot-chocolate-with-mars-2024-08-14-18-23-54-utc-1024x683.jpg 1024w, https:\/\/costablanca-magazin.com\/wp-content\/uploads\/2024\/11\/christmas-flat-lay-cup-of-hot-chocolate-with-mars-2024-08-14-18-23-54-utc-768x512.jpg 768w, https:\/\/costablanca-magazin.com\/wp-content\/uploads\/2024\/11\/christmas-flat-lay-cup-of-hot-chocolate-with-mars-2024-08-14-18-23-54-utc-1536x1024.jpg 1536w, https:\/\/costablanca-magazin.com\/wp-content\/uploads\/2024\/11\/christmas-flat-lay-cup-of-hot-chocolate-with-mars-2024-08-14-18-23-54-utc-2048x1365.jpg 2048w\" sizes=\"(max-width: 300px) 100vw, 300px\" \/><\/div><\/a>\n\t\t\t\t<div class=\"elementor-post__badge\">Aktiviteter og utflukter<\/div>\n\t\t\t\t<div class=\"elementor-post__text\">\n\t\t\t\t<h2 class=\"elementor-post__title\">\n\t\t\t<a href=\"https:\/\/costablanca-magazin.com\/nb\/freizeit\/aktivitaeten-und-ausfluege\/costa-blanca-im-november-dezember-veranstaltungstipps\/\" >\n\t\t\t\tCosta Blanca i november\/desember - Tips til arrangementer\t\t\t<\/a>\n\t\t<\/h2>\n\t\t\t\t<div class=\"elementor-post__excerpt\">\n\t\t\t<p>Costa Blanca i november\/desember - tips til arrangementer I november og desember blomstrer Costa Blanca av kulturelt mangfold. S\u00e6rlig festivalen til \u00e6re for den hellige Cecilia, musikkens skytshelgen, g\u00e5r som en r\u00f8d tr\u00e5d gjennom programmet. Rundt hennes minnedag den 22. november markerer byer som Calpe,<\/p>\n\t\t<\/div>\n\t\t\n\t\t<a class=\"elementor-post__read-more\" href=\"https:\/\/costablanca-magazin.com\/nb\/freizeit\/aktivitaeten-und-ausfluege\/costa-blanca-im-november-dezember-veranstaltungstipps\/\" aria-label=\"Read more about Costa Blanca im November\/Dezember &#8211; Veranstaltungstipps\" tabindex=\"-1\" >\n\t\t\tLes mer \u00bb\t\t<\/a>\n\n\t\t\t\t<\/div>\n\t\t\t\t\t<\/div>\n\t\t<\/article>\n\t\t\t\t<article class=\"elementor-post elementor-grid-item post-2640 post type-post status-publish format-standard has-post-thumbnail hentry category-veranstaltungen-events tag-ausgehen-an-der-costa-blanca-in-denia tag-costablanca tag-denia tag-fiesta-denia tag-in-denia-unternehmen tag-ruta-de-tapas-denia\" role=\"listitem\">\n\t\t\t<div class=\"elementor-post__card\">\n\t\t\t\t<a class=\"elementor-post__thumbnail__link\" href=\"https:\/\/costablanca-magazin.com\/nb\/freizeit\/veranstaltungen-events\/denia-tapas-route-startet-am-24-oktober-kulinarische-vielfalt-fuer-nur-4-euro\/\" tabindex=\"-1\" ><div class=\"elementor-post__thumbnail\"><img loading=\"lazy\" decoding=\"async\" width=\"213\" height=\"300\" src=\"https:\/\/costablanca-magazin.com\/wp-content\/uploads\/2024\/10\/cartel-de-la-xxiv-ruta-tapas-de-denia-766x1079-1-213x300.jpg\" class=\"attachment-medium size-medium wp-image-2641\" alt=\"Tapas-ruten Denia\" srcset=\"https:\/\/costablanca-magazin.com\/wp-content\/uploads\/2024\/10\/cartel-de-la-xxiv-ruta-tapas-de-denia-766x1079-1-213x300.jpg 213w, https:\/\/costablanca-magazin.com\/wp-content\/uploads\/2024\/10\/cartel-de-la-xxiv-ruta-tapas-de-denia-766x1079-1-727x1024.jpg 727w, https:\/\/costablanca-magazin.com\/wp-content\/uploads\/2024\/10\/cartel-de-la-xxiv-ruta-tapas-de-denia-766x1079-1.jpg 766w\" sizes=\"(max-width: 213px) 100vw, 213px\" \/><\/div><\/a>\n\t\t\t\t<div class=\"elementor-post__badge\">Arrangementer og begivenheter<\/div>\n\t\t\t\t<div class=\"elementor-post__text\">\n\t\t\t\t<h2 class=\"elementor-post__title\">\n\t\t\t<a href=\"https:\/\/costablanca-magazin.com\/nb\/freizeit\/veranstaltungen-events\/denia-tapas-route-startet-am-24-oktober-kulinarische-vielfalt-fuer-nur-4-euro\/\" >\n\t\t\t\tD\u00e9nia Tapas Route starter 24. oktober: Kulinarisk variasjon for bare 4 euro\t\t\t<\/a>\n\t\t<\/h2>\n\t\t\t\t<div class=\"elementor-post__excerpt\">\n\t\t\t<p>D\u00e9nia Tapas Route starter 24. oktober: Kulinarisk variasjon for bare 4 euro Den 24. oktober 2024 starter den 24. utgaven av den popul\u00e6re Ruta de Tapas i D\u00e9nia, som varer frem til 17. november. Ruta de Tapas arrangeres av GuiaME Comunicaci\u00f3n i samarbeid med Turisme D\u00e9nia og Association of Hotel and Tourism Entrepreneurs.<\/p>\n\t\t<\/div>\n\t\t\n\t\t<a class=\"elementor-post__read-more\" href=\"https:\/\/costablanca-magazin.com\/nb\/freizeit\/veranstaltungen-events\/denia-tapas-route-startet-am-24-oktober-kulinarische-vielfalt-fuer-nur-4-euro\/\" aria-label=\"Read more about D\u00e9nia Tapas Route startet am 24. Oktober: Kulinarische Vielfalt f\u00fcr nur 4 Euro\" tabindex=\"-1\" >\n\t\t\tLes mer \u00bb\t\t<\/a>\n\n\t\t\t\t<\/div>\n\t\t\t\t\t<\/div>\n\t\t<\/article>\n\t\t\t\t<article class=\"elementor-post elementor-grid-item post-2536 post type-post status-publish format-standard has-post-thumbnail hentry category-veranstaltungen-events tag-costa-blanca-veranstaltungen tag-costa-blanca tag-events-an-der-costa-blanca tag-events-marina-alta tag-events-marina-alta-und-marina-baixa tag-events-marina-baixa tag-marina-alta tag-marina-baixa tag-november-events tag-november-veranstaltung tag-oktober-events tag-oktober-veranstaltung tag-veranstaltung-marina-alta tag-veranstaltung-marina-alta-und-marina-baixa tag-veranstaltung-marina-baixa\" role=\"listitem\">\n\t\t\t<div class=\"elementor-post__card\">\n\t\t\t\t<a class=\"elementor-post__thumbnail__link\" href=\"https:\/\/costablanca-magazin.com\/nb\/freizeit\/veranstaltungen-events\/die-costa-blanca-im-oktober-november-veranstaltungstipps\/\" tabindex=\"-1\" ><div class=\"elementor-post__thumbnail\"><img loading=\"lazy\" decoding=\"async\" width=\"300\" height=\"196\" src=\"https:\/\/costablanca-magazin.com\/wp-content\/uploads\/2024\/10\/kids-at-halloween-party-2023-11-27-05-36-03-utc-300x196.jpg\" class=\"attachment-medium size-medium wp-image-2537\" alt=\"Arrangementstips Costa Blanca oktober\/november\" srcset=\"https:\/\/costablanca-magazin.com\/wp-content\/uploads\/2024\/10\/kids-at-halloween-party-2023-11-27-05-36-03-utc-300x196.jpg 300w, https:\/\/costablanca-magazin.com\/wp-content\/uploads\/2024\/10\/kids-at-halloween-party-2023-11-27-05-36-03-utc-1024x668.jpg 1024w, https:\/\/costablanca-magazin.com\/wp-content\/uploads\/2024\/10\/kids-at-halloween-party-2023-11-27-05-36-03-utc-768x501.jpg 768w, https:\/\/costablanca-magazin.com\/wp-content\/uploads\/2024\/10\/kids-at-halloween-party-2023-11-27-05-36-03-utc-1536x1001.jpg 1536w, https:\/\/costablanca-magazin.com\/wp-content\/uploads\/2024\/10\/kids-at-halloween-party-2023-11-27-05-36-03-utc-2048x1335.jpg 2048w\" sizes=\"(max-width: 300px) 100vw, 300px\" \/><\/div><\/a>\n\t\t\t\t<div class=\"elementor-post__badge\">Arrangementer og begivenheter<\/div>\n\t\t\t\t<div class=\"elementor-post__text\">\n\t\t\t\t<h2 class=\"elementor-post__title\">\n\t\t\t<a href=\"https:\/\/costablanca-magazin.com\/nb\/freizeit\/veranstaltungen-events\/die-costa-blanca-im-oktober-november-veranstaltungstipps\/\" >\n\t\t\t\tCosta Blanca i oktober\/november - tips til arrangementer\t\t\t<\/a>\n\t\t<\/h2>\n\t\t\t\t<div class=\"elementor-post__excerpt\">\n\t\t\t<p>Costa Blanca i oktober\/november - tips om arrangementer I oktober og november forvandles Costa Blanca til et livlig sentrum fullt av kulturelle h\u00f8ydepunkter. Regionen tiltrekker seg bes\u00f8kende med en rekke arrangementer - fra utstillinger og messer til spennende teaterstykker og danseforestillinger. Disse arrangementene gir lokalbefolkningen en perfekt mulighet til \u00e5<\/p>\n\t\t<\/div>\n\t\t\n\t\t<a class=\"elementor-post__read-more\" href=\"https:\/\/costablanca-magazin.com\/nb\/freizeit\/veranstaltungen-events\/die-costa-blanca-im-oktober-november-veranstaltungstipps\/\" aria-label=\"Read more about Die Costa Blanca im Oktober\/November &#8211; Veranstaltungstipps\" tabindex=\"-1\" >\n\t\t\tLes mer \u00bb\t\t<\/a>\n\n\t\t\t\t<\/div>\n\t\t\t\t\t<\/div>\n\t\t<\/article>\n\t\t\t\t<article class=\"elementor-post elementor-grid-item post-2512 post type-post status-publish format-standard has-post-thumbnail hentry category-veranstaltungen-events tag-fiesta-benidorm tag-moros-y-cristianos-benidorm\" role=\"listitem\">\n\t\t\t<div class=\"elementor-post__card\">\n\t\t\t\t<a class=\"elementor-post__thumbnail__link\" href=\"https:\/\/costablanca-magazin.com\/nb\/freizeit\/veranstaltungen-events\/moros-y-cristianos-ein-lebendiges-spektakel-in-benidorm-vom-3-bis-6-oktober-2024\/\" tabindex=\"-1\" ><div class=\"elementor-post__thumbnail\"><img loading=\"lazy\" decoding=\"async\" width=\"209\" height=\"300\" src=\"https:\/\/costablanca-magazin.com\/wp-content\/uploads\/2024\/10\/moros-y-cristianos-benidorm-209x300.png\" class=\"attachment-medium size-medium wp-image-2513\" alt=\"moros y cristianos benidorm\" srcset=\"https:\/\/costablanca-magazin.com\/wp-content\/uploads\/2024\/10\/moros-y-cristianos-benidorm-209x300.png 209w, https:\/\/costablanca-magazin.com\/wp-content\/uploads\/2024\/10\/moros-y-cristianos-benidorm.png 514w\" sizes=\"(max-width: 209px) 100vw, 209px\" \/><\/div><\/a>\n\t\t\t\t<div class=\"elementor-post__badge\">Arrangementer og begivenheter<\/div>\n\t\t\t\t<div class=\"elementor-post__text\">\n\t\t\t\t<h2 class=\"elementor-post__title\">\n\t\t\t<a href=\"https:\/\/costablanca-magazin.com\/nb\/freizeit\/veranstaltungen-events\/moros-y-cristianos-ein-lebendiges-spektakel-in-benidorm-vom-3-bis-6-oktober-2024\/\" >\n\t\t\t\tMoros y Cristianos: Et livlig skue i Benidorm fra 3. til 6. oktober 2024\t\t\t<\/a>\n\t\t<\/h2>\n\t\t\t\t<div class=\"elementor-post__excerpt\">\n\t\t\t<p>Moros y Cristianos: Et livlig skue i Benidorm fra 3. til 6. oktober 2024 Historie, tradisjon og skue m\u00f8tes i en av Costa Blancas mest s\u00e6regne festivaler. Fra 3. til 6. oktober 2024 forvandles Benidorms gater til et fargerikt og pulserende festivalomr\u00e5de n\u00e5r feiringen til \u00e6re for<\/p>\n\t\t<\/div>\n\t\t\n\t\t<a class=\"elementor-post__read-more\" href=\"https:\/\/costablanca-magazin.com\/nb\/freizeit\/veranstaltungen-events\/moros-y-cristianos-ein-lebendiges-spektakel-in-benidorm-vom-3-bis-6-oktober-2024\/\" aria-label=\"Read more about Moros y Cristianos: Ein lebendiges Spektakel in Benidorm vom 3. bis 6. Oktober 2024\" tabindex=\"-1\" >\n\t\t\tLes mer \u00bb\t\t<\/a>\n\n\t\t\t\t<\/div>\n\t\t\t\t\t<\/div>\n\t\t<\/article>\n\t\t\t\t<article class=\"elementor-post elementor-grid-item post-2373 post type-post status-publish format-standard has-post-thumbnail hentry category-veranstaltungen-events tag-dna-festival tag-dna-gastro tag-gastronomie-messe-denia\" role=\"listitem\">\n\t\t\t<div class=\"elementor-post__card\">\n\t\t\t\t<a class=\"elementor-post__thumbnail__link\" href=\"https:\/\/costablanca-magazin.com\/nb\/freizeit\/veranstaltungen-events\/dna-festival-2024-ein-muss-fuer-gastronomie-fans-in-denia\/\" tabindex=\"-1\" ><div class=\"elementor-post__thumbnail\"><img loading=\"lazy\" decoding=\"async\" width=\"300\" height=\"169\" src=\"https:\/\/costablanca-magazin.com\/wp-content\/uploads\/2024\/09\/cartel-dna-festival-2024-dest-766x431-1-300x169.jpg\" class=\"attachment-medium size-medium wp-image-2374\" alt=\"D*na-festivalen i Denia\" srcset=\"https:\/\/costablanca-magazin.com\/wp-content\/uploads\/2024\/09\/cartel-dna-festival-2024-dest-766x431-1-300x169.jpg 300w, https:\/\/costablanca-magazin.com\/wp-content\/uploads\/2024\/09\/cartel-dna-festival-2024-dest-766x431-1.jpg 766w\" sizes=\"(max-width: 300px) 100vw, 300px\" \/><\/div><\/a>\n\t\t\t\t<div class=\"elementor-post__badge\">Arrangementer og begivenheter<\/div>\n\t\t\t\t<div class=\"elementor-post__text\">\n\t\t\t\t<h2 class=\"elementor-post__title\">\n\t\t\t<a href=\"https:\/\/costablanca-magazin.com\/nb\/freizeit\/veranstaltungen-events\/dna-festival-2024-ein-muss-fuer-gastronomie-fans-in-denia\/\" >\n\t\t\t\tD*na Festival 2024: et must for gastronomifans i D\u00e9nia\t\t\t<\/a>\n\t\t<\/h2>\n\t\t\t\t<div class=\"elementor-post__excerpt\">\n\t\t\t<p>D*na-festivalen 2024: Et must for gastronomifans i D\u00e9nia P\u00e5 bare noen f\u00e5 \u00e5r har D*na-festivalen etablert seg som en av de viktigste kulinariske begivenhetene i Comunitat Valenciana. Den 28. og 29. september 2024 vender festivalen tilbake til strandpromenaden Marineta Cassiana i D\u00e9nia i stor skala. Festivalen arrangeres av byen<\/p>\n\t\t<\/div>\n\t\t\n\t\t<a class=\"elementor-post__read-more\" href=\"https:\/\/costablanca-magazin.com\/nb\/freizeit\/veranstaltungen-events\/dna-festival-2024-ein-muss-fuer-gastronomie-fans-in-denia\/\" aria-label=\"Read more about D*na-Festival 2024: Ein Muss f\u00fcr Gastronomie-Fans in D\u00e9nia\" tabindex=\"-1\" >\n\t\t\tLes mer \u00bb\t\t<\/a>\n\n\t\t\t\t<\/div>\n\t\t\t\t\t<\/div>\n\t\t<\/article>\n\t\t\t\t<article class=\"elementor-post elementor-grid-item post-1909 post type-post status-publish format-standard has-post-thumbnail hentry category-veranstaltungen-events tag-altea tag-benidorm tag-benissa tag-calpe tag-event-tipps tag-moros-i-cristianos-altea tag-oktoberfest-la-nucia tag-teulade tag-veranstaltungen\" role=\"listitem\">\n\t\t\t<div class=\"elementor-post__card\">\n\t\t\t\t<a class=\"elementor-post__thumbnail__link\" href=\"https:\/\/costablanca-magazin.com\/nb\/freizeit\/veranstaltungen-events\/veranstaltungstipps-costa-blanca-september-und-oktober\/\" tabindex=\"-1\" ><div class=\"elementor-post__thumbnail\"><img loading=\"lazy\" decoding=\"async\" width=\"300\" height=\"200\" src=\"https:\/\/costablanca-magazin.com\/wp-content\/uploads\/2024\/09\/concert_music-300x200.jpg\" class=\"attachment-medium size-medium wp-image-10396\" alt=\"konsert_musikk\" srcset=\"https:\/\/costablanca-magazin.com\/wp-content\/uploads\/2024\/09\/concert_music-300x200.jpg 300w, https:\/\/costablanca-magazin.com\/wp-content\/uploads\/2024\/09\/concert_music-1024x683.jpg 1024w, https:\/\/costablanca-magazin.com\/wp-content\/uploads\/2024\/09\/concert_music-768x512.jpg 768w, https:\/\/costablanca-magazin.com\/wp-content\/uploads\/2024\/09\/concert_music-1536x1025.jpg 1536w, https:\/\/costablanca-magazin.com\/wp-content\/uploads\/2024\/09\/concert_music-2048x1366.jpg 2048w, https:\/\/costablanca-magazin.com\/wp-content\/uploads\/2024\/09\/concert_music-18x12.jpg 18w\" sizes=\"(max-width: 300px) 100vw, 300px\" \/><\/div><\/a>\n\t\t\t\t<div class=\"elementor-post__badge\">Arrangementer og begivenheter<\/div>\n\t\t\t\t<div class=\"elementor-post__text\">\n\t\t\t\t<h2 class=\"elementor-post__title\">\n\t\t\t<a href=\"https:\/\/costablanca-magazin.com\/nb\/freizeit\/veranstaltungen-events\/veranstaltungstipps-costa-blanca-september-und-oktober\/\" >\n\t\t\t\tArrangementstips Costa Blanca september og oktober\t\t\t<\/a>\n\t\t<\/h2>\n\t\t\t\t<div class=\"elementor-post__excerpt\">\n\t\t\t<p>Arrangementer og begivenhetstips Costa Blanca september\/oktober Det er mye \u00e5 glede seg til p\u00e5 Costa Blanca i m\u00e5nedene som kommer! Gled deg til konserter, musikaler, shoppingtips og tradisjonelle fiestas. Nyt livemusikk, oppdag nye trender i de beste kj\u00f8pesentrene og opplev den lokale kulturen i festlige parader og fyrverkeri. Det spiller ingen rolle<\/p>\n\t\t<\/div>\n\t\t\n\t\t<a class=\"elementor-post__read-more\" href=\"https:\/\/costablanca-magazin.com\/nb\/freizeit\/veranstaltungen-events\/veranstaltungstipps-costa-blanca-september-und-oktober\/\" aria-label=\"Read more about Veranstaltungstipps Costa Blanca September und Oktober\" tabindex=\"-1\" >\n\t\t\tLes mer \u00bb\t\t<\/a>\n\n\t\t\t\t<\/div>\n\t\t\t\t\t<\/div>\n\t\t<\/article>\n\t\t\t\t<article class=\"elementor-post elementor-grid-item post-1546 post type-post status-publish format-standard has-post-thumbnail hentry category-veranstaltungen-events tag-fiesta-denia tag-mauren-und-christen-denia-2024 tag-moros-y-cristianos-denia-2024 tag-programm-fiesta-moros-y-cristianos-denia\" role=\"listitem\">\n\t\t\t<div class=\"elementor-post__card\">\n\t\t\t\t<a class=\"elementor-post__thumbnail__link\" href=\"https:\/\/costablanca-magazin.com\/nb\/freizeit\/veranstaltungen-events\/mauren-und-christen-denia-feiert-im-august-2024-mit-neuerungen\/\" tabindex=\"-1\" ><div class=\"elementor-post__thumbnail\"><img loading=\"lazy\" decoding=\"async\" width=\"200\" height=\"300\" src=\"https:\/\/costablanca-magazin.com\/wp-content\/uploads\/2024\/07\/shutterstock_1558707188-moros-y-cristianos-200x300.jpg\" class=\"attachment-medium size-medium wp-image-1547\" alt=\"Fiesta Moros y cristianos Denia 2024\" srcset=\"https:\/\/costablanca-magazin.com\/wp-content\/uploads\/2024\/07\/shutterstock_1558707188-moros-y-cristianos-200x300.jpg 200w, https:\/\/costablanca-magazin.com\/wp-content\/uploads\/2024\/07\/shutterstock_1558707188-moros-y-cristianos-683x1024.jpg 683w, https:\/\/costablanca-magazin.com\/wp-content\/uploads\/2024\/07\/shutterstock_1558707188-moros-y-cristianos-768x1152.jpg 768w, https:\/\/costablanca-magazin.com\/wp-content\/uploads\/2024\/07\/shutterstock_1558707188-moros-y-cristianos-1024x1536.jpg 1024w, https:\/\/costablanca-magazin.com\/wp-content\/uploads\/2024\/07\/shutterstock_1558707188-moros-y-cristianos-1365x2048.jpg 1365w, https:\/\/costablanca-magazin.com\/wp-content\/uploads\/2024\/07\/shutterstock_1558707188-moros-y-cristianos-scaled.jpg 1707w\" sizes=\"(max-width: 200px) 100vw, 200px\" \/><\/div><\/a>\n\t\t\t\t<div class=\"elementor-post__badge\">Arrangementer og begivenheter<\/div>\n\t\t\t\t<div class=\"elementor-post__text\">\n\t\t\t\t<h2 class=\"elementor-post__title\">\n\t\t\t<a href=\"https:\/\/costablanca-magazin.com\/nb\/freizeit\/veranstaltungen-events\/mauren-und-christen-denia-feiert-im-august-2024-mit-neuerungen\/\" >\n\t\t\t\tMaurere og kristne: D\u00e9nia feirer med nyvinninger i august 2024\t\t\t<\/a>\n\t\t<\/h2>\n\t\t\t\t<div class=\"elementor-post__excerpt\">\n\t\t\t<p>Maurere og kristne: D\u00e9nia feirer i august 2024 med nye innslag Feiringen av Maurere og kristne 2024 i D\u00e9nia er rett rundt hj\u00f8rnet og vil bringe med seg noen nye innslag. Presentasjonen av festlighetene, som vil finne sted fra 3. til 16. august, fant sted i n\u00e6rv\u00e6r av r\u00e5dmannen for festivaler, nestlederen for<\/p>\n\t\t<\/div>\n\t\t\n\t\t<a class=\"elementor-post__read-more\" href=\"https:\/\/costablanca-magazin.com\/nb\/freizeit\/veranstaltungen-events\/mauren-und-christen-denia-feiert-im-august-2024-mit-neuerungen\/\" aria-label=\"Read more about Mauren und Christen: D\u00e9nia feiert im August 2024 mit Neuerungen\" tabindex=\"-1\" >\n\t\t\tLes mer \u00bb\t\t<\/a>\n\n\t\t\t\t<\/div>\n\t\t\t\t\t<\/div>\n\t\t<\/article>\n\t\t\t\t<article class=\"elementor-post elementor-grid-item post-1523 post type-post status-publish format-standard has-post-thumbnail hentry category-veranstaltungen-events tag-benidorm tag-calpe tag-denia tag-euripameisterschaft-finale tag-javea tag-public-viewing-marina-alta-und-marina-baixa tag-publiv-viewing-benissa\" role=\"listitem\">\n\t\t\t<div class=\"elementor-post__card\">\n\t\t\t\t<a class=\"elementor-post__thumbnail__link\" href=\"https:\/\/costablanca-magazin.com\/nb\/freizeit\/veranstaltungen-events\/euro-2024-finale-hier-koennen-sie-beim-public-viewing-geniessen-mitfiebern\/\" tabindex=\"-1\" ><div class=\"elementor-post__thumbnail\"><img loading=\"lazy\" decoding=\"async\" width=\"300\" height=\"200\" src=\"https:\/\/costablanca-magazin.com\/wp-content\/uploads\/2024\/07\/spain-supporters-and-fans-during-football-match-2023-11-27-05-18-49-utc-300x200.jpg\" class=\"attachment-medium size-medium wp-image-1524\" alt=\"Euro 2024-finalen offentlig visning\" srcset=\"https:\/\/costablanca-magazin.com\/wp-content\/uploads\/2024\/07\/spain-supporters-and-fans-during-football-match-2023-11-27-05-18-49-utc-300x200.jpg 300w, https:\/\/costablanca-magazin.com\/wp-content\/uploads\/2024\/07\/spain-supporters-and-fans-during-football-match-2023-11-27-05-18-49-utc-1024x683.jpg 1024w, https:\/\/costablanca-magazin.com\/wp-content\/uploads\/2024\/07\/spain-supporters-and-fans-during-football-match-2023-11-27-05-18-49-utc-768x512.jpg 768w, https:\/\/costablanca-magazin.com\/wp-content\/uploads\/2024\/07\/spain-supporters-and-fans-during-football-match-2023-11-27-05-18-49-utc-1536x1024.jpg 1536w, https:\/\/costablanca-magazin.com\/wp-content\/uploads\/2024\/07\/spain-supporters-and-fans-during-football-match-2023-11-27-05-18-49-utc-2048x1365.jpg 2048w\" sizes=\"(max-width: 300px) 100vw, 300px\" \/><\/div><\/a>\n\t\t\t\t<div class=\"elementor-post__badge\">Arrangementer og begivenheter<\/div>\n\t\t\t\t<div class=\"elementor-post__text\">\n\t\t\t\t<h2 class=\"elementor-post__title\">\n\t\t\t<a href=\"https:\/\/costablanca-magazin.com\/nb\/freizeit\/veranstaltungen-events\/euro-2024-finale-hier-koennen-sie-beim-public-viewing-geniessen-mitfiebern\/\" >\n\t\t\t\tEuro 2024-finalen: Her kan du oppleve spenningen p\u00e5 offentlig visning\t\t\t<\/a>\n\t\t<\/h2>\n\t\t\t\t<div class=\"elementor-post__excerpt\">\n\t\t\t<p>EM-finalen 2024: Her kan du se den for publikum S\u00f8ndag kveld g\u00e5r den etterlengtede EM-finalen 2024 av stabelen i Berlin. England m\u00f8ter Spania, og mens Gareth Southgates mannskap er p\u00e5 jakt etter sin f\u00f8rste tittel siden VM-gullet i 1966, h\u00e5per Spania \u00e5 komme tilbake p\u00e5 vinnersporet.<\/p>\n\t\t<\/div>\n\t\t\n\t\t<a class=\"elementor-post__read-more\" href=\"https:\/\/costablanca-magazin.com\/nb\/freizeit\/veranstaltungen-events\/euro-2024-finale-hier-koennen-sie-beim-public-viewing-geniessen-mitfiebern\/\" aria-label=\"Read more about Euro 2024 Finale: Hier k\u00f6nnen Sie beim Public-Viewing genie\u00dfen mitfiebern\" tabindex=\"-1\" >\n\t\t\tLes mer \u00bb\t\t<\/a>\n\n\t\t\t\t<\/div>\n\t\t\t\t\t<\/div>\n\t\t<\/article>\n\t\t\t\t<article class=\"elementor-post elementor-grid-item post-1515 post type-post status-publish format-standard has-post-thumbnail hentry category-veranstaltungen-events tag-fiesta-costablanca tag-mauren-und-christen-vilajoyossa tag-moros-i-cristianos-vilajojossa\" role=\"listitem\">\n\t\t\t<div class=\"elementor-post__card\">\n\t\t\t\t<a class=\"elementor-post__thumbnail__link\" href=\"https:\/\/costablanca-magazin.com\/nb\/freizeit\/veranstaltungen-events\/moros-i-cristians-2024-in-vila-joiosa-ein-fiesta-highlight-an-der-costa-blanca\/\" tabindex=\"-1\" ><div class=\"elementor-post__thumbnail\"><img loading=\"lazy\" decoding=\"async\" width=\"271\" height=\"300\" src=\"https:\/\/costablanca-magazin.com\/wp-content\/uploads\/2024\/07\/Img-271x300.png\" class=\"attachment-medium size-medium wp-image-1516\" alt=\"Fest for maurerne og kristne, Moros i Cristians\" srcset=\"https:\/\/costablanca-magazin.com\/wp-content\/uploads\/2024\/07\/Img-271x300.png 271w, https:\/\/costablanca-magazin.com\/wp-content\/uploads\/2024\/07\/Img.png 541w\" sizes=\"(max-width: 271px) 100vw, 271px\" \/><\/div><\/a>\n\t\t\t\t<div class=\"elementor-post__badge\">Arrangementer og begivenheter<\/div>\n\t\t\t\t<div class=\"elementor-post__text\">\n\t\t\t\t<h2 class=\"elementor-post__title\">\n\t\t\t<a href=\"https:\/\/costablanca-magazin.com\/nb\/freizeit\/veranstaltungen-events\/moros-i-cristians-2024-in-vila-joiosa-ein-fiesta-highlight-an-der-costa-blanca\/\" >\n\t\t\t\tMoros i Cristians 2024 i Vila Joiosa: Et festlig h\u00f8ydepunkt p\u00e5 Costa Blanca\t\t\t<\/a>\n\t\t<\/h2>\n\t\t\t\t<div class=\"elementor-post__excerpt\">\n\t\t\t<p>Moros i Cristians 2024 i Vila Joiosa: Et festlig h\u00f8ydepunkt p\u00e5 Costa Blanca Fra 24. til 31. juli 2024 vil Vila Joiosa forvandles til en scene full av historie og tradisjon n\u00e5r den \u00e5rlige festivalen for maurere og kristne, Moros i Cristians, feires. Denne unike begivenheten p\u00e5 Costa Blanca<\/p>\n\t\t<\/div>\n\t\t\n\t\t<a class=\"elementor-post__read-more\" href=\"https:\/\/costablanca-magazin.com\/nb\/freizeit\/veranstaltungen-events\/moros-i-cristians-2024-in-vila-joiosa-ein-fiesta-highlight-an-der-costa-blanca\/\" aria-label=\"Read more about Moros i Cristians 2024 in Vila Joiosa: Ein Fiesta Highlight an der Costa Blanca\" tabindex=\"-1\" >\n\t\t\tLes mer \u00bb\t\t<\/a>\n\n\t\t\t\t<\/div>\n\t\t\t\t\t<\/div>\n\t\t<\/article>\n\t\t\t\t<article class=\"elementor-post elementor-grid-item post-1497 post type-post status-publish format-standard has-post-thumbnail hentry category-veranstaltungen-events tag-castell-de-lolla-in-altea tag-feuerwerk-altea\" role=\"listitem\">\n\t\t\t<div class=\"elementor-post__card\">\n\t\t\t\t<a class=\"elementor-post__thumbnail__link\" href=\"https:\/\/costablanca-magazin.com\/nb\/freizeit\/veranstaltungen-events\/save-the-date-10-08-feuerwerk-castell-de-lolla-in-altea\/\" tabindex=\"-1\" ><div class=\"elementor-post__thumbnail\"><img loading=\"lazy\" decoding=\"async\" width=\"300\" height=\"200\" src=\"https:\/\/costablanca-magazin.com\/wp-content\/uploads\/2024\/07\/fireworks-display-2023-11-27-05-19-00-utc-300x200.jpg\" class=\"attachment-medium size-medium wp-image-1498\" alt=\"Fyrverkeri Castell de l&#039;Olla i Altea\" srcset=\"https:\/\/costablanca-magazin.com\/wp-content\/uploads\/2024\/07\/fireworks-display-2023-11-27-05-19-00-utc-300x200.jpg 300w, https:\/\/costablanca-magazin.com\/wp-content\/uploads\/2024\/07\/fireworks-display-2023-11-27-05-19-00-utc-1024x683.jpg 1024w, https:\/\/costablanca-magazin.com\/wp-content\/uploads\/2024\/07\/fireworks-display-2023-11-27-05-19-00-utc-768x512.jpg 768w, https:\/\/costablanca-magazin.com\/wp-content\/uploads\/2024\/07\/fireworks-display-2023-11-27-05-19-00-utc-1536x1024.jpg 1536w, https:\/\/costablanca-magazin.com\/wp-content\/uploads\/2024\/07\/fireworks-display-2023-11-27-05-19-00-utc-2048x1365.jpg 2048w\" sizes=\"(max-width: 300px) 100vw, 300px\" \/><\/div><\/a>\n\t\t\t\t<div class=\"elementor-post__badge\">Arrangementer og begivenheter<\/div>\n\t\t\t\t<div class=\"elementor-post__text\">\n\t\t\t\t<h2 class=\"elementor-post__title\">\n\t\t\t<a href=\"https:\/\/costablanca-magazin.com\/nb\/freizeit\/veranstaltungen-events\/save-the-date-10-08-feuerwerk-castell-de-lolla-in-altea\/\" >\n\t\t\t\tSave the Date: 10.08 Fyrverkeri Castell de l'Olla i Altea\t\t\t<\/a>\n\t\t<\/h2>\n\t\t\t\t<div class=\"elementor-post__excerpt\">\n\t\t\t<p>Save the Date: 10.08 Fyrverkeri Castell de l'Olla i Altea Gled deg til Castell de l'Olla i Altea: Et av sommerens h\u00f8ydepunkter 10. august er det tid igjen: Castell de l'Olla i Altea lover en uforglemmelig kveld full av imponerende pyroteknikk og kulturelle h\u00f8ydepunkter. Forberedelsene til denne tradisjonelle<\/p>\n\t\t<\/div>\n\t\t\n\t\t<a class=\"elementor-post__read-more\" href=\"https:\/\/costablanca-magazin.com\/nb\/freizeit\/veranstaltungen-events\/save-the-date-10-08-feuerwerk-castell-de-lolla-in-altea\/\" aria-label=\"Read more about Save the Date: 10.08 Feuerwerk Castell de l&#8217;Olla in Altea\" tabindex=\"-1\" >\n\t\t\tLes mer \u00bb\t\t<\/a>\n\n\t\t\t\t<\/div>\n\t\t\t\t\t<\/div>\n\t\t<\/article>\n\t\t\t\t<\/div>\n\t\t\n\t\t\t\t\t\t<\/div>\n\t\t\t\t<\/div>\n\t\t\t\t\t<\/div>\n\t\t\t\t<\/div>\n\t\t\t\t<\/div>","protected":false},"excerpt":{"rendered":"<p>Det er noe \u00e5 oppdage for enhver situasjon p\u00e5 v\u00e5re arrangementer: og kombinerer musikk, Costa gir kultur, Blanca tilbyr action, konserter inviterer deg til \u00e5 nyte, fiestas overrasker med kreativitet og datoer skaper fellesskap. Fritid - Arrangementer og happenings<\/p>","protected":false},"author":1,"featured_media":0,"parent":0,"menu_order":0,"comment_status":"closed","ping_status":"closed","template":"elementor_header_footer","meta":{"om_disable_all_campaigns":false,"_monsterinsights_skip_tracking":false,"_monsterinsights_sitenote_active":false,"_monsterinsights_sitenote_note":"","_monsterinsights_sitenote_category":0,"footnotes":""},"class_list":["post-4545","page","type-page","status-publish","hentry"],"aioseo_notices":[],"_links":{"self":[{"href":"https:\/\/costablanca-magazin.com\/nb\/wp-json\/wp\/v2\/pages\/4545","targetHints":{"allow":["GET"]}}],"collection":[{"href":"https:\/\/costablanca-magazin.com\/nb\/wp-json\/wp\/v2\/pages"}],"about":[{"href":"https:\/\/costablanca-magazin.com\/nb\/wp-json\/wp\/v2\/types\/page"}],"author":[{"embeddable":true,"href":"https:\/\/costablanca-magazin.com\/nb\/wp-json\/wp\/v2\/users\/1"}],"replies":[{"embeddable":true,"href":"https:\/\/costablanca-magazin.com\/nb\/wp-json\/wp\/v2\/comments?post=4545"}],"version-history":[{"count":18,"href":"https:\/\/costablanca-magazin.com\/nb\/wp-json\/wp\/v2\/pages\/4545\/revisions"}],"predecessor-version":[{"id":10367,"href":"https:\/\/costablanca-magazin.com\/nb\/wp-json\/wp\/v2\/pages\/4545\/revisions\/10367"}],"wp:attachment":[{"href":"https:\/\/costablanca-magazin.com\/nb\/wp-json\/wp\/v2\/media?parent=4545"}],"curies":[{"name":"wp","href":"https:\/\/api.w.org\/{rel}","templated":true}]}}