{"id":4519,"date":"2025-01-21T08:54:22","date_gmt":"2025-01-21T07:54:22","guid":{"rendered":"https:\/\/costablanca-magazin.com\/?page_id=4519"},"modified":"2026-02-11T11:55:06","modified_gmt":"2026-02-11T10:55:06","slug":"nyheter-politikk","status":"publish","type":"page","link":"https:\/\/costablanca-magazin.com\/nb\/news-politik\/","title":{"rendered":"Nyheter og politikk"},"content":{"rendered":"<div data-elementor-type=\"wp-page\" data-elementor-id=\"4519\" class=\"elementor elementor-4519\" data-elementor-post-type=\"page\">\n\t\t\t\t<div class=\"elementor-element elementor-element-3bb6f66 e-flex e-con-boxed e-con e-parent\" data-id=\"3bb6f66\" data-element_type=\"container\" data-e-type=\"container\">\n\t\t\t\t\t<div class=\"e-con-inner\">\n\t\t<div class=\"elementor-element elementor-element-c6fc310 e-con-full e-flex e-con e-child\" data-id=\"c6fc310\" data-element_type=\"container\" data-e-type=\"container\">\n\t\t<div class=\"elementor-element elementor-element-c4d0ced e-con-full e-flex e-con e-child\" data-id=\"c4d0ced\" data-element_type=\"container\" data-e-type=\"container\">\n\t\t\t\t<div class=\"elementor-element elementor-element-5dd234f elementor-widget elementor-widget-heading\" data-id=\"5dd234f\" data-element_type=\"widget\" data-e-type=\"widget\" data-widget_type=\"heading.default\">\n\t\t\t\t<div class=\"elementor-widget-container\">\n\t\t\t\t\t<h1 class=\"elementor-heading-title elementor-size-default\">Lokalt - Nyheter og politikk<\/h1>\t\t\t\t<\/div>\n\t\t\t\t<\/div>\n\t\t\t\t<\/div>\n\t\t<div class=\"elementor-element elementor-element-1f67794 e-con-full e-grid e-con e-child\" data-id=\"1f67794\" data-element_type=\"container\" data-e-type=\"container\">\n\t\t\t\t<\/div>\n\t\t\t\t<\/div>\n\t\t\t\t\t<\/div>\n\t\t\t\t<\/div>\n\t\t<div class=\"elementor-element elementor-element-0411e56 e-flex e-con-boxed e-con e-parent\" data-id=\"0411e56\" data-element_type=\"container\" data-e-type=\"container\">\n\t\t\t\t\t<div class=\"e-con-inner\">\n\t\t\t\t<div class=\"elementor-element elementor-element-2ea3a5f elementor-grid-3 elementor-grid-tablet-2 elementor-grid-mobile-1 elementor-posts--thumbnail-top elementor-card-shadow-yes elementor-posts__hover-gradient elementor-widget elementor-widget-posts\" data-id=\"2ea3a5f\" data-element_type=\"widget\" data-e-type=\"widget\" data-settings=\"{&quot;pagination_type&quot;:&quot;numbers&quot;,&quot;cards_columns&quot;:&quot;3&quot;,&quot;cards_columns_tablet&quot;:&quot;2&quot;,&quot;cards_columns_mobile&quot;:&quot;1&quot;,&quot;cards_row_gap&quot;:{&quot;unit&quot;:&quot;px&quot;,&quot;size&quot;:35,&quot;sizes&quot;:[]},&quot;cards_row_gap_tablet&quot;:{&quot;unit&quot;:&quot;px&quot;,&quot;size&quot;:&quot;&quot;,&quot;sizes&quot;:[]},&quot;cards_row_gap_mobile&quot;:{&quot;unit&quot;:&quot;px&quot;,&quot;size&quot;:&quot;&quot;,&quot;sizes&quot;:[]}}\" data-widget_type=\"posts.cards\">\n\t\t\t\t<div class=\"elementor-widget-container\">\n\t\t\t\t\t\t\t<div class=\"elementor-posts-container elementor-posts elementor-posts--skin-cards elementor-grid\" role=\"list\">\n\t\t\t\t<article class=\"elementor-post elementor-grid-item post-11405 post type-post status-publish format-standard has-post-thumbnail hentry category-news-politik tag-airlines-spanien tag-fluege-alicante tag-fluege-valencia tag-iran-konflikt-flugpreise tag-jet-fuel-spanien tag-kerosinpreise-europa\" role=\"listitem\">\n\t\t\t<div class=\"elementor-post__card\">\n\t\t\t\t<a class=\"elementor-post__thumbnail__link\" href=\"https:\/\/costablanca-magazin.com\/nb\/lokales\/news-politik\/iran-konflikt-und-flugpreise-was-alicante-und-valencia-wirklich-erwartet\/\" tabindex=\"-1\" ><div class=\"elementor-post__thumbnail\"><img fetchpriority=\"high\" decoding=\"async\" width=\"300\" height=\"227\" src=\"https:\/\/costablanca-magazin.com\/wp-content\/uploads\/2026\/04\/die-inselzeitung-mallorca-255-300x227.jpg\" class=\"attachment-medium size-medium wp-image-11406\" alt=\"Iran-konflikten og flyprisene: Hva som egentlig venter Alicante og Valencia\" srcset=\"https:\/\/costablanca-magazin.com\/wp-content\/uploads\/2026\/04\/die-inselzeitung-mallorca-255-300x227.jpg 300w, https:\/\/costablanca-magazin.com\/wp-content\/uploads\/2026\/04\/die-inselzeitung-mallorca-255-1024x776.jpg 1024w, https:\/\/costablanca-magazin.com\/wp-content\/uploads\/2026\/04\/die-inselzeitung-mallorca-255-768x582.jpg 768w, https:\/\/costablanca-magazin.com\/wp-content\/uploads\/2026\/04\/die-inselzeitung-mallorca-255-1536x1164.jpg 1536w, https:\/\/costablanca-magazin.com\/wp-content\/uploads\/2026\/04\/die-inselzeitung-mallorca-255-2048x1552.jpg 2048w, https:\/\/costablanca-magazin.com\/wp-content\/uploads\/2026\/04\/die-inselzeitung-mallorca-255-16x12.jpg 16w\" sizes=\"(max-width: 300px) 100vw, 300px\" \/><\/div><\/a>\n\t\t\t\t<div class=\"elementor-post__badge\">Nyheter og politikk<\/div>\n\t\t\t\t<div class=\"elementor-post__text\">\n\t\t\t\t<h2 class=\"elementor-post__title\">\n\t\t\t<a href=\"https:\/\/costablanca-magazin.com\/nb\/lokales\/news-politik\/iran-konflikt-und-flugpreise-was-alicante-und-valencia-wirklich-erwartet\/\" >\n\t\t\t\tIran-konflikten og flyprisene: Hva som egentlig venter Alicante og Valencia\t\t\t<\/a>\n\t\t<\/h2>\n\t\t\t\t<div class=\"elementor-post__excerpt\">\n\t\t\t<p>Iran-konflikten og flyprisene: Hva Alicante og Valencia egentlig kan vente seg Krig, parafin, billetter: Hva Iran-konflikten egentlig betyr for flyreiser til Alicante og Valencia H\u00f8yere kostnader, mye nerv\u00f8sitet - men ingen grunn til kriseteater Den som leser overskriftene om flytrafikken for tiden, vil kanskje tro at det neste store flystoppet allerede venter p\u00e5 \u00e5 skje i Europa.<\/p>\n\t\t<\/div>\n\t\t\n\t\t<a class=\"elementor-post__read-more\" href=\"https:\/\/costablanca-magazin.com\/nb\/lokales\/news-politik\/iran-konflikt-und-flugpreise-was-alicante-und-valencia-wirklich-erwartet\/\" aria-label=\"Read more about Iran-Konflikt und Flugpreise: Was Alicante und Valencia wirklich erwartet\" tabindex=\"-1\" >\n\t\t\tLes mer \u00bb\t\t<\/a>\n\n\t\t\t\t<\/div>\n\t\t\t\t<div class=\"elementor-post__meta-data\">\n\t\t\t\t\t<span class=\"elementor-post-date\">\n\t\t\t23\/04\/2026\t\t<\/span>\n\t\t\t\t<\/div>\n\t\t\t\t\t<\/div>\n\t\t<\/article>\n\t\t\t\t<article class=\"elementor-post elementor-grid-item post-11324 post type-post status-publish format-standard has-post-thumbnail hentry category-news-politik tag-mietanstieg-spanien-2026 tag-mieterhoehung-spanien-2-prozent tag-mietpreise-spanien-2026 tag-mietvertrag-spanien-verlaengern\" role=\"listitem\">\n\t\t\t<div class=\"elementor-post__card\">\n\t\t\t\t<a class=\"elementor-post__thumbnail__link\" href=\"https:\/\/costablanca-magazin.com\/nb\/lokales\/news-politik\/neues-boe-dekret-mietanstieg-spanien-bis-2027-auf-2-begrenzt\/\" tabindex=\"-1\" ><div class=\"elementor-post__thumbnail\"><img decoding=\"async\" width=\"300\" height=\"142\" src=\"https:\/\/costablanca-magazin.com\/wp-content\/uploads\/2026\/02\/bauen-und-wohnen-mallorca-inselmagazin-haus-e1771429547307-300x142.jpg\" class=\"attachment-medium size-medium wp-image-10778\" alt=\"NRUA 2026 p\u00e5 Costa Blanca: registreringskrav, skatteregler og risiko for ferieutleiere\" srcset=\"https:\/\/costablanca-magazin.com\/wp-content\/uploads\/2026\/02\/bauen-und-wohnen-mallorca-inselmagazin-haus-e1771429547307-300x142.jpg 300w, https:\/\/costablanca-magazin.com\/wp-content\/uploads\/2026\/02\/bauen-und-wohnen-mallorca-inselmagazin-haus-e1771429547307-768x363.jpg 768w, https:\/\/costablanca-magazin.com\/wp-content\/uploads\/2026\/02\/bauen-und-wohnen-mallorca-inselmagazin-haus-e1771429547307-18x9.jpg 18w, https:\/\/costablanca-magazin.com\/wp-content\/uploads\/2026\/02\/bauen-und-wohnen-mallorca-inselmagazin-haus-e1771429547307.jpg 890w\" sizes=\"(max-width: 300px) 100vw, 300px\" \/><\/div><\/a>\n\t\t\t\t<div class=\"elementor-post__badge\">Nyheter og politikk<\/div>\n\t\t\t\t<div class=\"elementor-post__text\">\n\t\t\t\t<h2 class=\"elementor-post__title\">\n\t\t\t<a href=\"https:\/\/costablanca-magazin.com\/nb\/lokales\/news-politik\/neues-boe-dekret-mietanstieg-spanien-bis-2027-auf-2-begrenzt\/\" >\n\t\t\t\tNytt BOE-dekret: Husleie\u00f8kning i Spania begrenset til 2 % innen 2027\t\t\t<\/a>\n\t\t<\/h2>\n\t\t\t\t<div class=\"elementor-post__excerpt\">\n\t\t\t<p>Nytt BOE-dekret: husleie\u00f8kninger i Spania begrenset til 2 % innen 2027 Nytt BOE-dekret begrenser husleie\u00f8kninger i Spania til 2 % innen 2027. Automatisk kontraktsfornyelse - effekter for beboere p\u00e5 Costa Blanca. Den spanske regjeringen griper nok en gang inn i leiemarkedet - med direkte konsekvenser for beboere p\u00e5 Costa Blanca.<\/p>\n\t\t<\/div>\n\t\t\n\t\t<a class=\"elementor-post__read-more\" href=\"https:\/\/costablanca-magazin.com\/nb\/lokales\/news-politik\/neues-boe-dekret-mietanstieg-spanien-bis-2027-auf-2-begrenzt\/\" aria-label=\"Read more about Neues BOE-Dekret: Mietanstieg Spanien bis 2027 auf 2 % begrenzt\" tabindex=\"-1\" >\n\t\t\tLes mer \u00bb\t\t<\/a>\n\n\t\t\t\t<\/div>\n\t\t\t\t<div class=\"elementor-post__meta-data\">\n\t\t\t\t\t<span class=\"elementor-post-date\">\n\t\t\t22\/03\/2026\t\t<\/span>\n\t\t\t\t<\/div>\n\t\t\t\t\t<\/div>\n\t\t<\/article>\n\t\t\t\t<article class=\"elementor-post elementor-grid-item post-11315 post type-post status-publish format-standard has-post-thumbnail hentry category-news-politik tag-dieselpreis-spanien tag-energiekosten-costa-blanca tag-energiekrise-spanien-2026 tag-preise-spanien-aktuell tag-stromkosten-spanien-senkung\" role=\"listitem\">\n\t\t\t<div class=\"elementor-post__card\">\n\t\t\t\t<a class=\"elementor-post__thumbnail__link\" href=\"https:\/\/costablanca-magazin.com\/nb\/lokales\/news-politik\/mehrwertsteuer-auf-energie-in-spanien-soll-sinken\/\" tabindex=\"-1\" ><div class=\"elementor-post__thumbnail\"><img decoding=\"async\" width=\"300\" height=\"169\" src=\"https:\/\/costablanca-magazin.com\/wp-content\/uploads\/2026\/03\/Tankstelle-300x169.jpg\" class=\"attachment-medium size-medium wp-image-11317\" alt=\"Merverdiavgiften p\u00e5 energi i Spania skal reduseres\" srcset=\"https:\/\/costablanca-magazin.com\/wp-content\/uploads\/2026\/03\/Tankstelle-300x169.jpg 300w, https:\/\/costablanca-magazin.com\/wp-content\/uploads\/2026\/03\/Tankstelle-768x432.jpg 768w, https:\/\/costablanca-magazin.com\/wp-content\/uploads\/2026\/03\/Tankstelle-18x10.jpg 18w, https:\/\/costablanca-magazin.com\/wp-content\/uploads\/2026\/03\/Tankstelle.jpg 1000w\" sizes=\"(max-width: 300px) 100vw, 300px\" \/><\/div><\/a>\n\t\t\t\t<div class=\"elementor-post__badge\">Nyheter og politikk<\/div>\n\t\t\t\t<div class=\"elementor-post__text\">\n\t\t\t\t<h2 class=\"elementor-post__title\">\n\t\t\t<a href=\"https:\/\/costablanca-magazin.com\/nb\/lokales\/news-politik\/mehrwertsteuer-auf-energie-in-spanien-soll-sinken\/\" >\n\t\t\t\tMerverdiavgiften p\u00e5 energi i Spania skal reduseres\t\t\t<\/a>\n\t\t<\/h2>\n\t\t\t\t<div class=\"elementor-post__excerpt\">\n\t\t\t<p>Momsen p\u00e5 energi i Spania skal ned Momsen p\u00e5 str\u00f8m, gass og drivstoff i Spania skal ned til 10 %. Hva tiltakene betyr for Costa Blanca og energiprisene. Oppdatering (21. mars): De varslede tiltakene er n\u00e5 offisielt tr\u00e5dt i kraft. Med dagens publisering i den spanske statstidende (BOE), er<\/p>\n\t\t<\/div>\n\t\t\n\t\t<a class=\"elementor-post__read-more\" href=\"https:\/\/costablanca-magazin.com\/nb\/lokales\/news-politik\/mehrwertsteuer-auf-energie-in-spanien-soll-sinken\/\" aria-label=\"Read more about Mehrwertsteuer auf Energie in Spanien soll sinken\" tabindex=\"-1\" >\n\t\t\tLes mer \u00bb\t\t<\/a>\n\n\t\t\t\t<\/div>\n\t\t\t\t<div class=\"elementor-post__meta-data\">\n\t\t\t\t\t<span class=\"elementor-post-date\">\n\t\t\t20\/03\/2026\t\t<\/span>\n\t\t\t\t<\/div>\n\t\t\t\t\t<\/div>\n\t\t<\/article>\n\t\t\t\t<article class=\"elementor-post elementor-grid-item post-10880 post type-post status-publish format-standard has-post-thumbnail hentry category-news-politik tag-handelskonflikt-usa-spanien tag-lng-spanien-usa tag-olivenoel-export-usa tag-spanien-export-usa tag-trump-spanien-handelsstopp tag-usa-spanien-handel\" role=\"listitem\">\n\t\t\t<div class=\"elementor-post__card\">\n\t\t\t\t<a class=\"elementor-post__thumbnail__link\" href=\"https:\/\/costablanca-magazin.com\/nb\/lokales\/news-politik\/usa-spanien-trump-droht-mit-handelsstopp\/\" tabindex=\"-1\" ><div class=\"elementor-post__thumbnail\"><img loading=\"lazy\" decoding=\"async\" width=\"300\" height=\"98\" src=\"https:\/\/costablanca-magazin.com\/wp-content\/uploads\/2026\/03\/shutterstock_2612600915-e1772633400837-300x98.jpg\" class=\"attachment-medium size-medium wp-image-10878\" alt=\"Handel - Trumps trussel mot Spania @shutterstock_2612600915\" srcset=\"https:\/\/costablanca-magazin.com\/wp-content\/uploads\/2026\/03\/shutterstock_2612600915-e1772633400837-300x98.jpg 300w, https:\/\/costablanca-magazin.com\/wp-content\/uploads\/2026\/03\/shutterstock_2612600915-e1772633400837-1024x335.jpg 1024w, https:\/\/costablanca-magazin.com\/wp-content\/uploads\/2026\/03\/shutterstock_2612600915-e1772633400837-768x251.jpg 768w, https:\/\/costablanca-magazin.com\/wp-content\/uploads\/2026\/03\/shutterstock_2612600915-e1772633400837-18x6.jpg 18w, https:\/\/costablanca-magazin.com\/wp-content\/uploads\/2026\/03\/shutterstock_2612600915-e1772633400837.jpg 1200w\" sizes=\"(max-width: 300px) 100vw, 300px\" \/><\/div><\/a>\n\t\t\t\t<div class=\"elementor-post__badge\">Nyheter og politikk<\/div>\n\t\t\t\t<div class=\"elementor-post__text\">\n\t\t\t\t<h2 class=\"elementor-post__title\">\n\t\t\t<a href=\"https:\/\/costablanca-magazin.com\/nb\/lokales\/news-politik\/usa-spanien-trump-droht-mit-handelsstopp\/\" >\n\t\t\t\tUSA-Spania - Trump truer med handelsforbud\t\t\t<\/a>\n\t\t<\/h2>\n\t\t\t\t<div class=\"elementor-post__excerpt\">\n\t\t\t<p>USA-Spania - Trump truer med handelsforbud Trump truer Spania med handelsforbud. Tall om eksport, LNG, olivenolje og mulige konsekvenser for \u00f8konomien og bedriftene p\u00e5 Costa Blanca. Ordene fra Washington var uvanlig klare. Donald Trump har offentlig \u00e5pnet for \u00e5 avslutte handelsforbindelsene med Spania fullstendig. Spania er<\/p>\n\t\t<\/div>\n\t\t\n\t\t<a class=\"elementor-post__read-more\" href=\"https:\/\/costablanca-magazin.com\/nb\/lokales\/news-politik\/usa-spanien-trump-droht-mit-handelsstopp\/\" aria-label=\"Read more about USA\u2013Spanien &#8211; Trump droht mit Handelsstopp\" tabindex=\"-1\" >\n\t\t\tLes mer \u00bb\t\t<\/a>\n\n\t\t\t\t<\/div>\n\t\t\t\t<div class=\"elementor-post__meta-data\">\n\t\t\t\t\t<span class=\"elementor-post-date\">\n\t\t\t04\/03\/2026\t\t<\/span>\n\t\t\t\t<\/div>\n\t\t\t\t\t<\/div>\n\t\t<\/article>\n\t\t\t\t<article class=\"elementor-post elementor-grid-item post-10341 post type-post status-publish format-standard has-post-thumbnail hentry category-news-politik tag-adif-hochgeschwindigkeitsnetz tag-cordoba-entgleisung tag-eisenbahnunglueck-andalusien tag-hochgeschwindigkeitszug-unfall tag-iryo-zug tag-viele-tote-zugunfall tag-zugunglueck-spanien\" role=\"listitem\">\n\t\t\t<div class=\"elementor-post__card\">\n\t\t\t\t<a class=\"elementor-post__thumbnail__link\" href=\"https:\/\/costablanca-magazin.com\/nb\/lokales\/news-politik\/spanien-schweres-zugunglueck-39-tote-nach-entgleisung-bei-cordoba\/\" tabindex=\"-1\" ><div class=\"elementor-post__thumbnail\"><img loading=\"lazy\" decoding=\"async\" width=\"300\" height=\"200\" src=\"https:\/\/costablanca-magazin.com\/wp-content\/uploads\/2026\/01\/iryo-zug-@iryo.eu_-300x200.jpg\" class=\"attachment-medium size-medium wp-image-10342\" alt=\"iryo tog @iryo.eu\" srcset=\"https:\/\/costablanca-magazin.com\/wp-content\/uploads\/2026\/01\/iryo-zug-@iryo.eu_-300x200.jpg 300w, https:\/\/costablanca-magazin.com\/wp-content\/uploads\/2026\/01\/iryo-zug-@iryo.eu_-1024x683.jpg 1024w, https:\/\/costablanca-magazin.com\/wp-content\/uploads\/2026\/01\/iryo-zug-@iryo.eu_-768x512.jpg 768w, https:\/\/costablanca-magazin.com\/wp-content\/uploads\/2026\/01\/iryo-zug-@iryo.eu_-18x12.jpg 18w, https:\/\/costablanca-magazin.com\/wp-content\/uploads\/2026\/01\/iryo-zug-@iryo.eu_.jpg 1200w\" sizes=\"(max-width: 300px) 100vw, 300px\" \/><\/div><\/a>\n\t\t\t\t<div class=\"elementor-post__badge\">Nyheter og politikk<\/div>\n\t\t\t\t<div class=\"elementor-post__text\">\n\t\t\t\t<h2 class=\"elementor-post__title\">\n\t\t\t<a href=\"https:\/\/costablanca-magazin.com\/nb\/lokales\/news-politik\/spanien-schweres-zugunglueck-39-tote-nach-entgleisung-bei-cordoba\/\" >\n\t\t\t\tSpania - Alvorlig togulykke: 39 d\u00f8de etter avsporing n\u00e6r C\u00f3rdoba\t\t\t<\/a>\n\t\t<\/h2>\n\t\t\t\t<div class=\"elementor-post__excerpt\">\n\t\t\t<p>Spania - Alvorlig togulykke: 39 d\u00f8de etter avsporing n\u00e6r C\u00f3rdoba Etter at to h\u00f8yhastighetstog sporet av ved Adamuz n\u00e6r C\u00f3rdoba, ble 39 mennesker drept og mer enn 150 skadet. Etterforskningen er i gang. Etter den alvorlige jernbaneulykken p\u00e5 det spanske fastlandet har d\u00f8dstallet steget til 39. I l\u00f8pet av<\/p>\n\t\t<\/div>\n\t\t\n\t\t<a class=\"elementor-post__read-more\" href=\"https:\/\/costablanca-magazin.com\/nb\/lokales\/news-politik\/spanien-schweres-zugunglueck-39-tote-nach-entgleisung-bei-cordoba\/\" aria-label=\"Read more about Spanien &#8211; Schweres Zugungl\u00fcck: 39 Tote nach Entgleisung bei C\u00f3rdoba\" tabindex=\"-1\" >\n\t\t\tLes mer \u00bb\t\t<\/a>\n\n\t\t\t\t<\/div>\n\t\t\t\t<div class=\"elementor-post__meta-data\">\n\t\t\t\t\t<span class=\"elementor-post-date\">\n\t\t\t19\/01\/2026\t\t<\/span>\n\t\t\t\t<\/div>\n\t\t\t\t\t<\/div>\n\t\t<\/article>\n\t\t\t\t<article class=\"elementor-post elementor-grid-item post-9412 post type-post status-publish format-standard has-post-thumbnail hentry category-news-politik tag-carlos-mazon-ruecktritt tag-comunidad-valenciana-krise tag-dana-2024-valencia tag-mazon-nachfolge tag-partido-popular-valencia tag-perez-llorca-pp tag-valencia-politik-2025\" role=\"listitem\">\n\t\t\t<div class=\"elementor-post__card\">\n\t\t\t\t<a class=\"elementor-post__thumbnail__link\" href=\"https:\/\/costablanca-magazin.com\/nb\/lokales\/news-politik\/ruecktritt-mazon-valencia-vor-politischem-neustart-2025\/\" tabindex=\"-1\" ><div class=\"elementor-post__thumbnail\"><img loading=\"lazy\" decoding=\"async\" width=\"300\" height=\"182\" src=\"https:\/\/costablanca-magazin.com\/wp-content\/uploads\/2025\/11\/sunset--300x182.jpg\" class=\"attachment-medium size-medium wp-image-10399\" alt=\"Solnedgang...\" srcset=\"https:\/\/costablanca-magazin.com\/wp-content\/uploads\/2025\/11\/sunset--300x182.jpg 300w, https:\/\/costablanca-magazin.com\/wp-content\/uploads\/2025\/11\/sunset--1024x620.jpg 1024w, https:\/\/costablanca-magazin.com\/wp-content\/uploads\/2025\/11\/sunset--768x465.jpg 768w, https:\/\/costablanca-magazin.com\/wp-content\/uploads\/2025\/11\/sunset--18x12.jpg 18w, https:\/\/costablanca-magazin.com\/wp-content\/uploads\/2025\/11\/sunset-.jpg 1200w\" sizes=\"(max-width: 300px) 100vw, 300px\" \/><\/div><\/a>\n\t\t\t\t<div class=\"elementor-post__badge\">Nyheter og politikk<\/div>\n\t\t\t\t<div class=\"elementor-post__text\">\n\t\t\t\t<h2 class=\"elementor-post__title\">\n\t\t\t<a href=\"https:\/\/costablanca-magazin.com\/nb\/lokales\/news-politik\/ruecktritt-mazon-valencia-vor-politischem-neustart-2025\/\" >\n\t\t\t\tMaz\u00f3n g\u00e5r av - Valencia st\u00e5r overfor en ny politisk start i 2025\t\t\t<\/a>\n\t\t<\/h2>\n\t\t\t\t<div class=\"elementor-post__excerpt\">\n\t\t\t<p>Maz\u00f3n g\u00e5r av - Valencia st\u00e5r overfor en ny politisk start i 2025 Etter at Carlos Maz\u00f3n har g\u00e5tt av, er Comunidad Valenciana inne i en overgangsfase. Regionen preges av strid om arverekkef\u00f8lgen, kriseh\u00e5ndtering og mulige nyvalg. Ett \u00e5r etter DANA-katastrofen er Comunidad Valenciana igjen i s\u00f8kelyset - denne gangen politisk. Regionspresidentens avgang<\/p>\n\t\t<\/div>\n\t\t\n\t\t<a class=\"elementor-post__read-more\" href=\"https:\/\/costablanca-magazin.com\/nb\/lokales\/news-politik\/ruecktritt-mazon-valencia-vor-politischem-neustart-2025\/\" aria-label=\"Read more about R\u00fccktritt Maz\u00f3n &#8211; Valencia vor politischem Neustart 2025\" tabindex=\"-1\" >\n\t\t\tLes mer \u00bb\t\t<\/a>\n\n\t\t\t\t<\/div>\n\t\t\t\t<div class=\"elementor-post__meta-data\">\n\t\t\t\t\t<span class=\"elementor-post-date\">\n\t\t\t16\/11\/2025\t\t<\/span>\n\t\t\t\t<\/div>\n\t\t\t\t\t<\/div>\n\t\t<\/article>\n\t\t\t\t<article class=\"elementor-post elementor-grid-item post-6601 post type-post status-publish format-standard has-post-thumbnail hentry category-news-politik tag-blackout-spanien tag-costa-blanca-im-blackout tag-stromausfall-an-der-costa-blanca tag-stromausfall-in-ganz-spanien\" role=\"listitem\">\n\t\t\t<div class=\"elementor-post__card\">\n\t\t\t\t<a class=\"elementor-post__thumbnail__link\" href=\"https:\/\/costablanca-magazin.com\/nb\/lokales\/news-politik\/nach-dem-stromausfall-an-der-costa-blanca-besonnen-bleiben-gut-vorbereitet-sein\/\" tabindex=\"-1\" ><div class=\"elementor-post__thumbnail\"><img loading=\"lazy\" decoding=\"async\" width=\"300\" height=\"200\" src=\"https:\/\/costablanca-magazin.com\/wp-content\/uploads\/2025\/04\/shutterstock_2224154875-Blackout-Spanien--300x200.jpg\" class=\"attachment-medium size-medium wp-image-6602\" alt=\"Blackout Spania april 2025\" srcset=\"https:\/\/costablanca-magazin.com\/wp-content\/uploads\/2025\/04\/shutterstock_2224154875-Blackout-Spanien--300x200.jpg 300w, https:\/\/costablanca-magazin.com\/wp-content\/uploads\/2025\/04\/shutterstock_2224154875-Blackout-Spanien--1024x683.jpg 1024w, https:\/\/costablanca-magazin.com\/wp-content\/uploads\/2025\/04\/shutterstock_2224154875-Blackout-Spanien--768x512.jpg 768w, https:\/\/costablanca-magazin.com\/wp-content\/uploads\/2025\/04\/shutterstock_2224154875-Blackout-Spanien-.jpg 1200w\" sizes=\"(max-width: 300px) 100vw, 300px\" \/><\/div><\/a>\n\t\t\t\t<div class=\"elementor-post__badge\">Nyheter og politikk<\/div>\n\t\t\t\t<div class=\"elementor-post__text\">\n\t\t\t\t<h2 class=\"elementor-post__title\">\n\t\t\t<a href=\"https:\/\/costablanca-magazin.com\/nb\/lokales\/news-politik\/nach-dem-stromausfall-an-der-costa-blanca-besonnen-bleiben-gut-vorbereitet-sein\/\" >\n\t\t\t\tStr\u00f8mbrudd i Spania - situasjonen normaliseres p\u00e5 Costa Blanca\t\t\t<\/a>\n\t\t<\/h2>\n\t\t\t\t<div class=\"elementor-post__excerpt\">\n\t\t\t<p>Str\u00f8mbrudd i Spania - situasjonen normaliseres p\u00e5 Costa Blanca Str\u00f8mbrudd Spania april 2025 Etter str\u00f8mbruddet p\u00e5 Costa Blanca: Bevar roen, v\u00e6r godt forberedt Mandag 28. april 2025 opplevde store deler av Spania, Portugal og S\u00f8r-Frankrike et av de mest omfattende str\u00f8mbruddene de siste \u00e5rene. Ogs\u00e5 p\u00e5<\/p>\n\t\t<\/div>\n\t\t\n\t\t<a class=\"elementor-post__read-more\" href=\"https:\/\/costablanca-magazin.com\/nb\/lokales\/news-politik\/nach-dem-stromausfall-an-der-costa-blanca-besonnen-bleiben-gut-vorbereitet-sein\/\" aria-label=\"Read more about Blackout in Spanien &#8211; an der Costa Blanca normalisiert sich die Situation\" tabindex=\"-1\" >\n\t\t\tLes mer \u00bb\t\t<\/a>\n\n\t\t\t\t<\/div>\n\t\t\t\t<div class=\"elementor-post__meta-data\">\n\t\t\t\t\t<span class=\"elementor-post-date\">\n\t\t\t29\/04\/2025\t\t<\/span>\n\t\t\t\t<\/div>\n\t\t\t\t\t<\/div>\n\t\t<\/article>\n\t\t\t\t<article class=\"elementor-post elementor-grid-item post-6565 post type-post status-publish format-standard has-post-thumbnail hentry category-news-politik tag-nach-vielen-regen-entspannt-sich-die-grundwassersituation tag-trinkwasser-costa-blanca tag-wassersituation-an-der-costa-blanca\" role=\"listitem\">\n\t\t\t<div class=\"elementor-post__card\">\n\t\t\t\t<a class=\"elementor-post__thumbnail__link\" href=\"https:\/\/costablanca-magazin.com\/nb\/lokales\/news-politik\/marina-baixa-profitiert-vom-regen-braucht-aber-perspektiven\/\" tabindex=\"-1\" ><div class=\"elementor-post__thumbnail\"><img loading=\"lazy\" decoding=\"async\" width=\"300\" height=\"200\" src=\"https:\/\/costablanca-magazin.com\/wp-content\/uploads\/2025\/04\/happy-girl-playing-by-the-forest-lake-with-an-umbr-2025-02-09-23-48-03-utc-300x200.jpg\" class=\"attachment-medium size-medium wp-image-6575\" alt=\"Marina Baixa nyter godt av regnet, men trenger utsikter\" srcset=\"https:\/\/costablanca-magazin.com\/wp-content\/uploads\/2025\/04\/happy-girl-playing-by-the-forest-lake-with-an-umbr-2025-02-09-23-48-03-utc-300x200.jpg 300w, https:\/\/costablanca-magazin.com\/wp-content\/uploads\/2025\/04\/happy-girl-playing-by-the-forest-lake-with-an-umbr-2025-02-09-23-48-03-utc-1024x683.jpg 1024w, https:\/\/costablanca-magazin.com\/wp-content\/uploads\/2025\/04\/happy-girl-playing-by-the-forest-lake-with-an-umbr-2025-02-09-23-48-03-utc-768x512.jpg 768w, https:\/\/costablanca-magazin.com\/wp-content\/uploads\/2025\/04\/happy-girl-playing-by-the-forest-lake-with-an-umbr-2025-02-09-23-48-03-utc-1536x1024.jpg 1536w, https:\/\/costablanca-magazin.com\/wp-content\/uploads\/2025\/04\/happy-girl-playing-by-the-forest-lake-with-an-umbr-2025-02-09-23-48-03-utc-2048x1365.jpg 2048w\" sizes=\"(max-width: 300px) 100vw, 300px\" \/><\/div><\/a>\n\t\t\t\t<div class=\"elementor-post__badge\">Nyheter og politikk<\/div>\n\t\t\t\t<div class=\"elementor-post__text\">\n\t\t\t\t<h2 class=\"elementor-post__title\">\n\t\t\t<a href=\"https:\/\/costablanca-magazin.com\/nb\/lokales\/news-politik\/marina-baixa-profitiert-vom-regen-braucht-aber-perspektiven\/\" >\n\t\t\t\tMarina Baixa nyter godt av regnet, men trenger utsikter\t\t\t<\/a>\n\t\t<\/h2>\n\t\t\t\t<div class=\"elementor-post__excerpt\">\n\t\t\t<p>Marina Baixa drar nytte av regnet, men trenger prospekter Mellom \u00e5 puste lettet ut og vente. Med en fyllingsgrad p\u00e5 over 50% er regionen i en bedre posisjon enn i 2024 - strukturelle problemer gjenst\u00e5r Den siste tidens nedb\u00f8r har lettet situasjonen, men grunnleggende infrastrukturproblemer gjenst\u00e5r. Til tross for h\u00f8yere magasinfylling venter regionen forgjeves p\u00e5 avgj\u00f8rende<\/p>\n\t\t<\/div>\n\t\t\n\t\t<a class=\"elementor-post__read-more\" href=\"https:\/\/costablanca-magazin.com\/nb\/lokales\/news-politik\/marina-baixa-profitiert-vom-regen-braucht-aber-perspektiven\/\" aria-label=\"Read more about Marina Baixa profitiert vom Regen, braucht aber Perspektiven\" tabindex=\"-1\" >\n\t\t\tLes mer \u00bb\t\t<\/a>\n\n\t\t\t\t<\/div>\n\t\t\t\t<div class=\"elementor-post__meta-data\">\n\t\t\t\t\t<span class=\"elementor-post-date\">\n\t\t\t28\/04\/2025\t\t<\/span>\n\t\t\t\t<\/div>\n\t\t\t\t\t<\/div>\n\t\t<\/article>\n\t\t\t\t<article class=\"elementor-post elementor-grid-item post-5151 post type-post status-publish format-standard has-post-thumbnail hentry category-news-politik tag-abstimmung tag-alicante tag-bildungsministerium tag-bildungssystem tag-carlos-mazon tag-elternwahl tag-kastilisch tag-mehrsprachigkeit tag-politische-kontroverse tag-regionalregierung tag-schulunterricht tag-sprachdebatte tag-sprachpolitik tag-unterrichtssprache tag-valencianisch\" role=\"listitem\">\n\t\t\t<div class=\"elementor-post__card\">\n\t\t\t\t<a class=\"elementor-post__thumbnail__link\" href=\"https:\/\/costablanca-magazin.com\/nb\/lokales\/news-politik\/sprachenwahl-in-alicante-mehrheit-entscheidet-sich\/\" tabindex=\"-1\" ><div class=\"elementor-post__thumbnail\"><img loading=\"lazy\" decoding=\"async\" width=\"225\" height=\"300\" src=\"https:\/\/costablanca-magazin.com\/wp-content\/uploads\/2025\/03\/IMG-20250312-WA0000-225x300.jpg\" class=\"attachment-medium size-medium wp-image-5152\" alt=\"Spr\u00e5kvalg i Alicante: Flertallet av familiene velger spansk i undervisningen\" srcset=\"https:\/\/costablanca-magazin.com\/wp-content\/uploads\/2025\/03\/IMG-20250312-WA0000-225x300.jpg 225w, https:\/\/costablanca-magazin.com\/wp-content\/uploads\/2025\/03\/IMG-20250312-WA0000-768x1024.jpg 768w, https:\/\/costablanca-magazin.com\/wp-content\/uploads\/2025\/03\/IMG-20250312-WA0000-1152x1536.jpg 1152w, https:\/\/costablanca-magazin.com\/wp-content\/uploads\/2025\/03\/IMG-20250312-WA0000.jpg 1200w\" sizes=\"(max-width: 225px) 100vw, 225px\" \/><\/div><\/a>\n\t\t\t\t<div class=\"elementor-post__badge\">Nyheter og politikk<\/div>\n\t\t\t\t<div class=\"elementor-post__text\">\n\t\t\t\t<h2 class=\"elementor-post__title\">\n\t\t\t<a href=\"https:\/\/costablanca-magazin.com\/nb\/lokales\/news-politik\/sprachenwahl-in-alicante-mehrheit-entscheidet-sich\/\" >\n\t\t\t\tSpr\u00e5kvalg i Alicante - flertallet bestemmer\t\t\t<\/a>\n\t\t<\/h2>\n\t\t\t\t<div class=\"elementor-post__excerpt\">\n\t\t\t<p>Spr\u00e5kvalg i Alicante - flertallet av familiene velger spansk i klasserommet Regionale forskjeller i Valencia: Foreldreunders\u00f8kelse avdekker kontroversielle resultater. I Alicante-provinsen valgte flertallet av familiene spansk som undervisningsspr\u00e5k. Seks av ti foreldre foretrakk kastiljansk, noe som tilsvarer 65,89% av de avgitte stemmene (83 569 stemmer).<\/p>\n\t\t<\/div>\n\t\t\n\t\t<a class=\"elementor-post__read-more\" href=\"https:\/\/costablanca-magazin.com\/nb\/lokales\/news-politik\/sprachenwahl-in-alicante-mehrheit-entscheidet-sich\/\" aria-label=\"Read more about Sprachenwahl in Alicante &#8211; Mehrheit entscheidet sich\" tabindex=\"-1\" >\n\t\t\tLes mer \u00bb\t\t<\/a>\n\n\t\t\t\t<\/div>\n\t\t\t\t<div class=\"elementor-post__meta-data\">\n\t\t\t\t\t<span class=\"elementor-post-date\">\n\t\t\t19\/03\/2025\t\t<\/span>\n\t\t\t\t<\/div>\n\t\t\t\t\t<\/div>\n\t\t<\/article>\n\t\t\t\t<article class=\"elementor-post elementor-grid-item post-4114 post type-post status-publish format-standard has-post-thumbnail hentry category-news-politik tag-aliens-act-costa-blanca tag-buerokratie-costa-blanca tag-einwanderungs-gesetz tag-neue-regeln-2025-costa-blanca\" role=\"listitem\">\n\t\t\t<div class=\"elementor-post__card\">\n\t\t\t\t<a class=\"elementor-post__thumbnail__link\" href=\"https:\/\/costablanca-magazin.com\/nb\/lokales\/news-politik\/ab-mai-2025-neues-einwanderungs-gesetz-was-die-reforman-der-costa-blanca-bedeutet\/\" tabindex=\"-1\" ><div class=\"elementor-post__thumbnail\"><img loading=\"lazy\" decoding=\"async\" width=\"300\" height=\"200\" src=\"https:\/\/costablanca-magazin.com\/wp-content\/uploads\/2025\/01\/man-stamping-approval-of-work-finance-banking-or-i-2023-11-27-05-23-49-utc-300x200.jpg\" class=\"attachment-medium size-medium wp-image-4121\" alt=\"Ny innvandringslov fra mai 2025: Hva reformen betyr for Costa Blanca\" srcset=\"https:\/\/costablanca-magazin.com\/wp-content\/uploads\/2025\/01\/man-stamping-approval-of-work-finance-banking-or-i-2023-11-27-05-23-49-utc-300x200.jpg 300w, https:\/\/costablanca-magazin.com\/wp-content\/uploads\/2025\/01\/man-stamping-approval-of-work-finance-banking-or-i-2023-11-27-05-23-49-utc-1024x684.jpg 1024w, https:\/\/costablanca-magazin.com\/wp-content\/uploads\/2025\/01\/man-stamping-approval-of-work-finance-banking-or-i-2023-11-27-05-23-49-utc-768x513.jpg 768w, https:\/\/costablanca-magazin.com\/wp-content\/uploads\/2025\/01\/man-stamping-approval-of-work-finance-banking-or-i-2023-11-27-05-23-49-utc.jpg 1200w\" sizes=\"(max-width: 300px) 100vw, 300px\" \/><\/div><\/a>\n\t\t\t\t<div class=\"elementor-post__badge\">Nyheter og politikk<\/div>\n\t\t\t\t<div class=\"elementor-post__text\">\n\t\t\t\t<h2 class=\"elementor-post__title\">\n\t\t\t<a href=\"https:\/\/costablanca-magazin.com\/nb\/lokales\/news-politik\/ab-mai-2025-neues-einwanderungs-gesetz-was-die-reforman-der-costa-blanca-bedeutet\/\" >\n\t\t\t\tNy utlendingslov fra mai 2025 - Hva reformen p\u00e5 Costa Blanca betyr\t\t\t<\/a>\n\t\t<\/h2>\n\t\t\t\t<div class=\"elementor-post__excerpt\">\n\t\t\t<p>Ny utlendingslov fra mai 2025 - Hva reformen betyr p\u00e5 Costa Blanca Mindre byr\u00e5krati, mer rettssikkerhet - Spania \u00e5pner d\u00f8rene for utenlandske fagarbeidere. 20. mai 2025 trer den reformerte spanske immigrasjonsloven, den nye \u201eutlendingsloven\u201c, i kraft. Nyvinningene tar sikte p\u00e5 \u00e5 redusere byr\u00e5kratiet og<\/p>\n\t\t<\/div>\n\t\t\n\t\t<a class=\"elementor-post__read-more\" href=\"https:\/\/costablanca-magazin.com\/nb\/lokales\/news-politik\/ab-mai-2025-neues-einwanderungs-gesetz-was-die-reforman-der-costa-blanca-bedeutet\/\" aria-label=\"Read more about Ab Mai 2025 neues Einwanderungs Gesetz &#8211; Was die Reforman der Costa Blanca bedeutet\" tabindex=\"-1\" >\n\t\t\tLes mer \u00bb\t\t<\/a>\n\n\t\t\t\t<\/div>\n\t\t\t\t<div class=\"elementor-post__meta-data\">\n\t\t\t\t\t<span class=\"elementor-post-date\">\n\t\t\t26\/01\/2025\t\t<\/span>\n\t\t\t\t<\/div>\n\t\t\t\t\t<\/div>\n\t\t<\/article>\n\t\t\t\t<article class=\"elementor-post elementor-grid-item post-4769 post type-post status-publish format-standard has-post-thumbnail hentry category-news-politik tag-costa-blanca tag-fitur-spanien-2025 tag-tourismusguide-valencia-2025 tag-valencia-auf-der-fitur-2025\" role=\"listitem\">\n\t\t\t<div class=\"elementor-post__card\">\n\t\t\t\t<a class=\"elementor-post__thumbnail__link\" href=\"https:\/\/costablanca-magazin.com\/nb\/lokales\/news-politik\/valencia-fitur-2025-neuer-tourismusguide-und-strategievisionen\/\" tabindex=\"-1\" ><div class=\"elementor-post__thumbnail\"><img loading=\"lazy\" decoding=\"async\" width=\"287\" height=\"300\" src=\"https:\/\/costablanca-magazin.com\/wp-content\/uploads\/2025\/01\/Guia-Plaza-Turismo-Comunitat-Valenciana-Fitur-2025-287x300.png\" class=\"attachment-medium size-medium wp-image-4770\" alt=\"Comunitat Valenciana Fitur 2025\" srcset=\"https:\/\/costablanca-magazin.com\/wp-content\/uploads\/2025\/01\/Guia-Plaza-Turismo-Comunitat-Valenciana-Fitur-2025-287x300.png 287w, https:\/\/costablanca-magazin.com\/wp-content\/uploads\/2025\/01\/Guia-Plaza-Turismo-Comunitat-Valenciana-Fitur-2025.png 614w\" sizes=\"(max-width: 287px) 100vw, 287px\" \/><\/div><\/a>\n\t\t\t\t<div class=\"elementor-post__badge\">Nyheter og politikk<\/div>\n\t\t\t\t<div class=\"elementor-post__text\">\n\t\t\t\t<h2 class=\"elementor-post__title\">\n\t\t\t<a href=\"https:\/\/costablanca-magazin.com\/nb\/lokales\/news-politik\/valencia-fitur-2025-neuer-tourismusguide-und-strategievisionen\/\" >\n\t\t\t\tValencia Fitur 2025 - Ny turistguide og strategiske visjoner\t\t\t<\/a>\n\t\t<\/h2>\n\t\t\t\t<div class=\"elementor-post__excerpt\">\n\t\t\t<p>Valencia Fitur 2025 - Ny reiselivsguide og strategiske perspektiver Den internasjonale reiselivsmessen Fitur 2025 i Madrid har begynt, og Valencia-regionen bruker scenen til \u00e5 presentere sin strategiske visjon og sine perspektiver for de kommende \u00e5rene. Med en utvidet hovedstand og deltakelse fra over 300 bedrifter har<\/p>\n\t\t<\/div>\n\t\t\n\t\t<a class=\"elementor-post__read-more\" href=\"https:\/\/costablanca-magazin.com\/nb\/lokales\/news-politik\/valencia-fitur-2025-neuer-tourismusguide-und-strategievisionen\/\" aria-label=\"Read more about Valencia Fitur 2025 &#8211; Neuer Tourismusguide und Strategievisionen\" tabindex=\"-1\" >\n\t\t\tLes mer \u00bb\t\t<\/a>\n\n\t\t\t\t<\/div>\n\t\t\t\t<div class=\"elementor-post__meta-data\">\n\t\t\t\t\t<span class=\"elementor-post-date\">\n\t\t\t22\/01\/2025\t\t<\/span>\n\t\t\t\t<\/div>\n\t\t\t\t\t<\/div>\n\t\t<\/article>\n\t\t\t\t<article class=\"elementor-post elementor-grid-item post-4113 post type-post status-publish format-standard has-post-thumbnail hentry category-news-politik tag-ees-ausreisen tag-einreise-costa-blanca-2025 tag-etias-costa-blanca tag-etias-spanien\" role=\"listitem\">\n\t\t\t<div class=\"elementor-post__card\">\n\t\t\t\t<a class=\"elementor-post__thumbnail__link\" href=\"https:\/\/costablanca-magazin.com\/nb\/lokales\/news-politik\/ab-2025-an-der-costa-blanca-etias-neue-einreise-genehmigung-fuer-nicht-eu-reisende\/\" tabindex=\"-1\" ><div class=\"elementor-post__thumbnail\"><img loading=\"lazy\" decoding=\"async\" width=\"300\" height=\"200\" src=\"https:\/\/costablanca-magazin.com\/wp-content\/uploads\/2025\/01\/human-hand-holding-a-cookie-in-the-airplane-during-2024-10-17-05-57-37-utc-300x200.jpg\" class=\"attachment-medium size-medium wp-image-4115\" alt=\"Fra 2025: Ny innreisetillatelse for briter p\u00e5 Costa Blanca 1\" srcset=\"https:\/\/costablanca-magazin.com\/wp-content\/uploads\/2025\/01\/human-hand-holding-a-cookie-in-the-airplane-during-2024-10-17-05-57-37-utc-300x200.jpg 300w, https:\/\/costablanca-magazin.com\/wp-content\/uploads\/2025\/01\/human-hand-holding-a-cookie-in-the-airplane-during-2024-10-17-05-57-37-utc-1024x683.jpg 1024w, https:\/\/costablanca-magazin.com\/wp-content\/uploads\/2025\/01\/human-hand-holding-a-cookie-in-the-airplane-during-2024-10-17-05-57-37-utc-768x512.jpg 768w, https:\/\/costablanca-magazin.com\/wp-content\/uploads\/2025\/01\/human-hand-holding-a-cookie-in-the-airplane-during-2024-10-17-05-57-37-utc.jpg 1200w\" sizes=\"(max-width: 300px) 100vw, 300px\" \/><\/div><\/a>\n\t\t\t\t<div class=\"elementor-post__badge\">Nyheter og politikk<\/div>\n\t\t\t\t<div class=\"elementor-post__text\">\n\t\t\t\t<h2 class=\"elementor-post__title\">\n\t\t\t<a href=\"https:\/\/costablanca-magazin.com\/nb\/lokales\/news-politik\/ab-2025-an-der-costa-blanca-etias-neue-einreise-genehmigung-fuer-nicht-eu-reisende\/\" >\n\t\t\t\tFra 2025 p\u00e5 Costa Blanca - ETIAS Ny innreisetillatelse for reisende fra land utenfor EU\t\t\t<\/a>\n\t\t<\/h2>\n\t\t\t\t<div class=\"elementor-post__excerpt\">\n\t\t\t<p>Fra 2025 - Ny innreisetillatelse for briter p\u00e5 Costa Blanca ETIAS og EES endrer reisem\u00f8nsteret - hva innbyggere og bes\u00f8kende trenger \u00e5 vite. Fra 2025 vil innreise til Costa Blanca bli mer komplisert for ikke-EU-borgere, inkludert britiske reisende, p\u00e5 grunn av nye EU-regler. Innf\u00f8ringen av elektronisk reisetillatelse (ETIAS) og<\/p>\n\t\t<\/div>\n\t\t\n\t\t<a class=\"elementor-post__read-more\" href=\"https:\/\/costablanca-magazin.com\/nb\/lokales\/news-politik\/ab-2025-an-der-costa-blanca-etias-neue-einreise-genehmigung-fuer-nicht-eu-reisende\/\" aria-label=\"Read more about Ab 2025 an der Costa Blanca &#8211; ETIAS Neue Einreise-Genehmigung f\u00fcr Nicht-EU Reisende\" tabindex=\"-1\" >\n\t\t\tLes mer \u00bb\t\t<\/a>\n\n\t\t\t\t<\/div>\n\t\t\t\t<div class=\"elementor-post__meta-data\">\n\t\t\t\t\t<span class=\"elementor-post-date\">\n\t\t\t22\/01\/2025\t\t<\/span>\n\t\t\t\t<\/div>\n\t\t\t\t\t<\/div>\n\t\t<\/article>\n\t\t\t\t<article class=\"elementor-post elementor-grid-item post-4086 post type-post status-publish format-standard has-post-thumbnail hentry category-news-politik tag-costa-blanca tag-hotels-an-der-costa-blanca tag-saisonverlaengerung-alicante-2025 tag-tourismus-rekordjahr-2024\" role=\"listitem\">\n\t\t\t<div class=\"elementor-post__card\">\n\t\t\t\t<a class=\"elementor-post__thumbnail__link\" href=\"https:\/\/costablanca-magazin.com\/nb\/lokales\/news-politik\/tourismus-rekordjahr-fuer-alicante-saisonverlaengerung-sorgt-fuer-spitzenwerte\/\" tabindex=\"-1\" ><div class=\"elementor-post__thumbnail\"><img loading=\"lazy\" decoding=\"async\" width=\"300\" height=\"169\" src=\"https:\/\/costablanca-magazin.com\/wp-content\/uploads\/2025\/01\/view-over-alicante-town-in-spain-from-above-2024-12-03-13-53-08-utc-300x169.jpg\" class=\"attachment-medium size-medium wp-image-4087\" alt=\"Rekord\u00e5r for hotellene i Alicante: Sesongforlengelsen gir toppresultater\" srcset=\"https:\/\/costablanca-magazin.com\/wp-content\/uploads\/2025\/01\/view-over-alicante-town-in-spain-from-above-2024-12-03-13-53-08-utc-300x169.jpg 300w, https:\/\/costablanca-magazin.com\/wp-content\/uploads\/2025\/01\/view-over-alicante-town-in-spain-from-above-2024-12-03-13-53-08-utc-1024x576.jpg 1024w, https:\/\/costablanca-magazin.com\/wp-content\/uploads\/2025\/01\/view-over-alicante-town-in-spain-from-above-2024-12-03-13-53-08-utc-768x432.jpg 768w, https:\/\/costablanca-magazin.com\/wp-content\/uploads\/2025\/01\/view-over-alicante-town-in-spain-from-above-2024-12-03-13-53-08-utc.jpg 1200w\" sizes=\"(max-width: 300px) 100vw, 300px\" \/><\/div><\/a>\n\t\t\t\t<div class=\"elementor-post__badge\">Nyheter og politikk<\/div>\n\t\t\t\t<div class=\"elementor-post__text\">\n\t\t\t\t<h2 class=\"elementor-post__title\">\n\t\t\t<a href=\"https:\/\/costablanca-magazin.com\/nb\/lokales\/news-politik\/tourismus-rekordjahr-fuer-alicante-saisonverlaengerung-sorgt-fuer-spitzenwerte\/\" >\n\t\t\t\tRekord\u00e5r for turismen i Alicante - sesongforlengelse sikrer topptall\t\t\t<\/a>\n\t\t<\/h2>\n\t\t\t\t<div class=\"elementor-post__excerpt\">\n\t\t\t<p>Rekord\u00e5r for Alicantes hoteller - sesongforlengelse sikrer topptall Hotellene i Alicante-regionen overg\u00e5r 2023 og n\u00e5r nesten 2019-tallene Hotellene i Alicante avslutter 2024 med imponerende tall: Mellom januar og november oppn\u00e5dde de et gjennomsnittlig belegg p\u00e5 80,68 %, en \u00f8kning p\u00e5 2 26%<\/p>\n\t\t<\/div>\n\t\t\n\t\t<a class=\"elementor-post__read-more\" href=\"https:\/\/costablanca-magazin.com\/nb\/lokales\/news-politik\/tourismus-rekordjahr-fuer-alicante-saisonverlaengerung-sorgt-fuer-spitzenwerte\/\" aria-label=\"Read more about Tourismus-Rekordjahr f\u00fcr Alicante &#8211; Saisonverl\u00e4ngerung sorgt f\u00fcr Spitzenwerte\" tabindex=\"-1\" >\n\t\t\tLes mer \u00bb\t\t<\/a>\n\n\t\t\t\t<\/div>\n\t\t\t\t<div class=\"elementor-post__meta-data\">\n\t\t\t\t\t<span class=\"elementor-post-date\">\n\t\t\t19\/01\/2025\t\t<\/span>\n\t\t\t\t<\/div>\n\t\t\t\t\t<\/div>\n\t\t<\/article>\n\t\t\t\t<article class=\"elementor-post elementor-grid-item post-4022 post type-post status-publish format-standard has-post-thumbnail hentry category-news-politik tag-costablanca-2025 tag-veraenderungen-2025\" role=\"listitem\">\n\t\t\t<div class=\"elementor-post__card\">\n\t\t\t\t<a class=\"elementor-post__thumbnail__link\" href=\"https:\/\/costablanca-magazin.com\/nb\/lokales\/news-politik\/2025-an-der-costa-blanca-ein-jahr-der-veraenderungen\/\" tabindex=\"-1\" ><div class=\"elementor-post__thumbnail\"><img loading=\"lazy\" decoding=\"async\" width=\"300\" height=\"200\" src=\"https:\/\/costablanca-magazin.com\/wp-content\/uploads\/2025\/01\/lettering-hello-numbers-2025-twenty-twenty-five-ne-2024-10-29-20-17-34-utc-300x200.jpg\" class=\"attachment-medium size-medium wp-image-4026\" alt=\"Fra 2025: Ny innreisetillatelse for briter p\u00e5 Costa Blanca\" srcset=\"https:\/\/costablanca-magazin.com\/wp-content\/uploads\/2025\/01\/lettering-hello-numbers-2025-twenty-twenty-five-ne-2024-10-29-20-17-34-utc-300x200.jpg 300w, https:\/\/costablanca-magazin.com\/wp-content\/uploads\/2025\/01\/lettering-hello-numbers-2025-twenty-twenty-five-ne-2024-10-29-20-17-34-utc-1024x683.jpg 1024w, https:\/\/costablanca-magazin.com\/wp-content\/uploads\/2025\/01\/lettering-hello-numbers-2025-twenty-twenty-five-ne-2024-10-29-20-17-34-utc-768x512.jpg 768w, https:\/\/costablanca-magazin.com\/wp-content\/uploads\/2025\/01\/lettering-hello-numbers-2025-twenty-twenty-five-ne-2024-10-29-20-17-34-utc.jpg 1200w\" sizes=\"(max-width: 300px) 100vw, 300px\" \/><\/div><\/a>\n\t\t\t\t<div class=\"elementor-post__badge\">Nyheter og politikk<\/div>\n\t\t\t\t<div class=\"elementor-post__text\">\n\t\t\t\t<h2 class=\"elementor-post__title\">\n\t\t\t<a href=\"https:\/\/costablanca-magazin.com\/nb\/lokales\/news-politik\/2025-an-der-costa-blanca-ein-jahr-der-veraenderungen\/\" >\n\t\t\t\t2025 p\u00e5 Costa Blanca - Et \u00e5r med forandringer\t\t\t<\/a>\n\t\t<\/h2>\n\t\t\t\t<div class=\"elementor-post__excerpt\">\n\t\t\t<p>2025 - Et \u00e5r med endringer p\u00e5 Costa Blanca Nye regler og lover preger hverdagen - det du trenger \u00e5 vite. Det nye \u00e5ret har begynt, og det bringer ikke bare nye muligheter, men ogs\u00e5 en rekke viktige endringer i livet p\u00e5 Costa Blanca. Fra innreisetillatelser til<\/p>\n\t\t<\/div>\n\t\t\n\t\t<a class=\"elementor-post__read-more\" href=\"https:\/\/costablanca-magazin.com\/nb\/lokales\/news-politik\/2025-an-der-costa-blanca-ein-jahr-der-veraenderungen\/\" aria-label=\"Read more about 2025 an der Costa Blanca &#8211; Ein Jahr der Ver\u00e4nderungen\" tabindex=\"-1\" >\n\t\t\tLes mer \u00bb\t\t<\/a>\n\n\t\t\t\t<\/div>\n\t\t\t\t<div class=\"elementor-post__meta-data\">\n\t\t\t\t\t<span class=\"elementor-post-date\">\n\t\t\t15\/01\/2025\t\t<\/span>\n\t\t\t\t<\/div>\n\t\t\t\t\t<\/div>\n\t\t<\/article>\n\t\t\t\t<article class=\"elementor-post elementor-grid-item post-3575 post type-post status-publish format-standard has-post-thumbnail hentry category-news-politik tag-alte-baustelle-costa-blanca tag-benidorm-baustelle tag-costa-blanca tag-industriegebiet-benidorm\" role=\"listitem\">\n\t\t\t<div class=\"elementor-post__card\">\n\t\t\t\t<a class=\"elementor-post__thumbnail__link\" href=\"https:\/\/costablanca-magazin.com\/nb\/lokales\/news-politik\/industriegebiet-benidorm-eine-endlosbaustelle-mit-millionenkosten\/\" tabindex=\"-1\" ><div class=\"elementor-post__thumbnail\"><img loading=\"lazy\" decoding=\"async\" width=\"300\" height=\"225\" src=\"https:\/\/costablanca-magazin.com\/wp-content\/uploads\/2024\/12\/Benidorm-Baustelle-7-300x225.jpg\" class=\"attachment-medium size-medium wp-image-3576\" alt=\"Industriomr\u00e5det Benidorm: En endel\u00f8s byggeplass som koster millioner\" srcset=\"https:\/\/costablanca-magazin.com\/wp-content\/uploads\/2024\/12\/Benidorm-Baustelle-7-300x225.jpg 300w, https:\/\/costablanca-magazin.com\/wp-content\/uploads\/2024\/12\/Benidorm-Baustelle-7-1024x768.jpg 1024w, https:\/\/costablanca-magazin.com\/wp-content\/uploads\/2024\/12\/Benidorm-Baustelle-7-768x576.jpg 768w, https:\/\/costablanca-magazin.com\/wp-content\/uploads\/2024\/12\/Benidorm-Baustelle-7-1536x1152.jpg 1536w, https:\/\/costablanca-magazin.com\/wp-content\/uploads\/2024\/12\/Benidorm-Baustelle-7.jpg 2000w\" sizes=\"(max-width: 300px) 100vw, 300px\" \/><\/div><\/a>\n\t\t\t\t<div class=\"elementor-post__badge\">Nyheter og politikk<\/div>\n\t\t\t\t<div class=\"elementor-post__text\">\n\t\t\t\t<h2 class=\"elementor-post__title\">\n\t\t\t<a href=\"https:\/\/costablanca-magazin.com\/nb\/lokales\/news-politik\/industriegebiet-benidorm-eine-endlosbaustelle-mit-millionenkosten\/\" >\n\t\t\t\tBenidorm industriomr\u00e5de - en endel\u00f8s byggeplass som koster millioner av kroner\t\t\t<\/a>\n\t\t<\/h2>\n\t\t\t\t<div class=\"elementor-post__excerpt\">\n\t\t\t<p>Benidorm industriomr\u00e5de: en endel\u00f8s byggeplass som koster millioner. 30 \u00e5r med planlegging, eksploderende budsjetter og endel\u00f8st byr\u00e5krati. Industriomr\u00e5det i Benidorm skulle v\u00e6re en milep\u00e6l i byutviklingen. Det skulle huse det f\u00f8rste kj\u00f8pesenteret og en rekke kommersielle omr\u00e5der, men ser ut til \u00e5 ha blitt en milliongrav. Siden 1990-tallet har det p\u00e5<\/p>\n\t\t<\/div>\n\t\t\n\t\t<a class=\"elementor-post__read-more\" href=\"https:\/\/costablanca-magazin.com\/nb\/lokales\/news-politik\/industriegebiet-benidorm-eine-endlosbaustelle-mit-millionenkosten\/\" aria-label=\"Read more about Industriegebiet Benidorm &#8211; Eine Endlosbaustelle mit Millionenkosten\" tabindex=\"-1\" >\n\t\t\tLes mer \u00bb\t\t<\/a>\n\n\t\t\t\t<\/div>\n\t\t\t\t<div class=\"elementor-post__meta-data\">\n\t\t\t\t\t<span class=\"elementor-post-date\">\n\t\t\t02\/01\/2025\t\t<\/span>\n\t\t\t\t<\/div>\n\t\t\t\t\t<\/div>\n\t\t<\/article>\n\t\t\t\t<article class=\"elementor-post elementor-grid-item post-3710 post type-post status-publish format-standard has-post-thumbnail hentry category-news-politik tag-tourismus-arbeiter-in-spanien tag-tourismus-sektor-costa-blanca\" role=\"listitem\">\n\t\t\t<div class=\"elementor-post__card\">\n\t\t\t\t<a class=\"elementor-post__thumbnail__link\" href=\"https:\/\/costablanca-magazin.com\/nb\/lokales\/news-politik\/tourismus-boom-spanien-erreicht-erstmals-3-mio-beschaeftigte-im-sektor\/\" tabindex=\"-1\" ><div class=\"elementor-post__thumbnail\"><img loading=\"lazy\" decoding=\"async\" width=\"300\" height=\"200\" src=\"https:\/\/costablanca-magazin.com\/wp-content\/uploads\/2024\/12\/guest-ordering-food-in-restaurant-2023-11-27-04-49-41-utc-300x200.jpg\" class=\"attachment-medium size-medium wp-image-3746\" alt=\"Turismeboom: Spania n\u00e5r for f\u00f8rste gang 3 millioner sysselsatte i sektoren\" srcset=\"https:\/\/costablanca-magazin.com\/wp-content\/uploads\/2024\/12\/guest-ordering-food-in-restaurant-2023-11-27-04-49-41-utc-300x200.jpg 300w, https:\/\/costablanca-magazin.com\/wp-content\/uploads\/2024\/12\/guest-ordering-food-in-restaurant-2023-11-27-04-49-41-utc-1024x683.jpg 1024w, https:\/\/costablanca-magazin.com\/wp-content\/uploads\/2024\/12\/guest-ordering-food-in-restaurant-2023-11-27-04-49-41-utc-768x512.jpg 768w, https:\/\/costablanca-magazin.com\/wp-content\/uploads\/2024\/12\/guest-ordering-food-in-restaurant-2023-11-27-04-49-41-utc-1536x1024.jpg 1536w, https:\/\/costablanca-magazin.com\/wp-content\/uploads\/2024\/12\/guest-ordering-food-in-restaurant-2023-11-27-04-49-41-utc-2048x1365.jpg 2048w\" sizes=\"(max-width: 300px) 100vw, 300px\" \/><\/div><\/a>\n\t\t\t\t<div class=\"elementor-post__badge\">Nyheter og politikk<\/div>\n\t\t\t\t<div class=\"elementor-post__text\">\n\t\t\t\t<h2 class=\"elementor-post__title\">\n\t\t\t<a href=\"https:\/\/costablanca-magazin.com\/nb\/lokales\/news-politik\/tourismus-boom-spanien-erreicht-erstmals-3-mio-beschaeftigte-im-sektor\/\" >\n\t\t\t\tTuristboom - Spania n\u00e5r for f\u00f8rste gang 3 millioner ansatte i sektoren\t\t\t<\/a>\n\t\t<\/h2>\n\t\t\t\t<div class=\"elementor-post__excerpt\">\n\t\t\t<p>Turismeboom: Spania n\u00e5r for f\u00f8rste gang 3 millioner ansatte i sektoren Rekordh\u00f8ye tall i tredje kvartal 2024 forsterker turismens n\u00f8kkelrolle for den spanske \u00f8konomien Den spanske turistsektoren n\u00e5dde en historisk milep\u00e6l i tredje kvartal 2024: Med 3 019 064 ansatte passerte bransjen for f\u00f8rste gang 3 millioner ansatte, melder Turespa\u00f1a. Dette tilsvarer en<\/p>\n\t\t<\/div>\n\t\t\n\t\t<a class=\"elementor-post__read-more\" href=\"https:\/\/costablanca-magazin.com\/nb\/lokales\/news-politik\/tourismus-boom-spanien-erreicht-erstmals-3-mio-beschaeftigte-im-sektor\/\" aria-label=\"Read more about Tourismus-Boom &#8211;  Spanien erreicht erstmals 3 Mio Besch\u00e4ftigte im Sektor\" tabindex=\"-1\" >\n\t\t\tLes mer \u00bb\t\t<\/a>\n\n\t\t\t\t<\/div>\n\t\t\t\t<div class=\"elementor-post__meta-data\">\n\t\t\t\t\t<span class=\"elementor-post-date\">\n\t\t\t31\/12\/2024\t\t<\/span>\n\t\t\t\t<\/div>\n\t\t\t\t\t<\/div>\n\t\t<\/article>\n\t\t\t\t<article class=\"elementor-post elementor-grid-item post-3728 post type-post status-publish format-standard has-post-thumbnail hentry category-news-politik tag-costa-blaca tag-neue-regelung-urlaub-costa-blanca tag-reisen-in-spanien\" role=\"listitem\">\n\t\t\t<div class=\"elementor-post__card\">\n\t\t\t\t<a class=\"elementor-post__thumbnail__link\" href=\"https:\/\/costablanca-magazin.com\/nb\/lokales\/news-politik\/reisende-aufgepasst-mehr-buerokratie-fuer-den-urlaub\/\" tabindex=\"-1\" ><div class=\"elementor-post__thumbnail\"><img loading=\"lazy\" decoding=\"async\" width=\"300\" height=\"200\" src=\"https:\/\/costablanca-magazin.com\/wp-content\/uploads\/2024\/12\/businessman-arriving-at-hotel-reception-2024-09-23-02-09-09-utc-300x200.jpg\" class=\"attachment-medium size-medium wp-image-3730\" alt=\"Reisende aufgepasst: mer byr\u00e5krati for ferien\" srcset=\"https:\/\/costablanca-magazin.com\/wp-content\/uploads\/2024\/12\/businessman-arriving-at-hotel-reception-2024-09-23-02-09-09-utc-300x200.jpg 300w, https:\/\/costablanca-magazin.com\/wp-content\/uploads\/2024\/12\/businessman-arriving-at-hotel-reception-2024-09-23-02-09-09-utc-1024x683.jpg 1024w, https:\/\/costablanca-magazin.com\/wp-content\/uploads\/2024\/12\/businessman-arriving-at-hotel-reception-2024-09-23-02-09-09-utc-768x512.jpg 768w, https:\/\/costablanca-magazin.com\/wp-content\/uploads\/2024\/12\/businessman-arriving-at-hotel-reception-2024-09-23-02-09-09-utc-1536x1024.jpg 1536w, https:\/\/costablanca-magazin.com\/wp-content\/uploads\/2024\/12\/businessman-arriving-at-hotel-reception-2024-09-23-02-09-09-utc-2048x1365.jpg 2048w\" sizes=\"(max-width: 300px) 100vw, 300px\" \/><\/div><\/a>\n\t\t\t\t<div class=\"elementor-post__badge\">Nyheter og politikk<\/div>\n\t\t\t\t<div class=\"elementor-post__text\">\n\t\t\t\t<h2 class=\"elementor-post__title\">\n\t\t\t<a href=\"https:\/\/costablanca-magazin.com\/nb\/lokales\/news-politik\/reisende-aufgepasst-mehr-buerokratie-fuer-den-urlaub\/\" >\n\t\t\t\tReisende m\u00e5 passe seg - mer byr\u00e5krati i ferien\t\t\t<\/a>\n\t\t<\/h2>\n\t\t\t\t<div class=\"elementor-post__excerpt\">\n\t\t\t<p>Reisende m\u00e5 passe seg - mer byr\u00e5krati i ferien Det nye overnattingsregisteret har v\u00e6rt i kraft siden begynnelsen av desember - med en lang liste med krav til gjester og tilbydere. Skal du p\u00e5 ferie? Ja, men med papirarbeid, takk. Det spanske innenriksdepartementets nye register for reisende tr\u00e5dte i kraft 2. desember. M\u00e5let: mer<\/p>\n\t\t<\/div>\n\t\t\n\t\t<a class=\"elementor-post__read-more\" href=\"https:\/\/costablanca-magazin.com\/nb\/lokales\/news-politik\/reisende-aufgepasst-mehr-buerokratie-fuer-den-urlaub\/\" aria-label=\"Read more about Reisende aufgepasst &#8211; mehr B\u00fcrokratie f\u00fcr den Urlaub\" tabindex=\"-1\" >\n\t\t\tLes mer \u00bb\t\t<\/a>\n\n\t\t\t\t<\/div>\n\t\t\t\t<div class=\"elementor-post__meta-data\">\n\t\t\t\t\t<span class=\"elementor-post-date\">\n\t\t\t29\/12\/2024\t\t<\/span>\n\t\t\t\t<\/div>\n\t\t\t\t\t<\/div>\n\t\t<\/article>\n\t\t\t\t<article class=\"elementor-post elementor-grid-item post-3729 post type-post status-publish format-standard has-post-thumbnail hentry category-news-politik tag-aktuelles-costa-blanca tag-aktuelles-in-calpe tag-freies-wlan-costa-blanca tag-gehaltsdeckel-costa-blanca tag-innovation-in-alicante tag-nachrichten-aus-der-costa-blanca tag-smart-tourismuss-denia\" role=\"listitem\">\n\t\t\t<div class=\"elementor-post__card\">\n\t\t\t\t<a class=\"elementor-post__thumbnail__link\" href=\"https:\/\/costablanca-magazin.com\/nb\/lokales\/news-politik\/aktuelles-an-der-costa-blanca\/\" tabindex=\"-1\" ><div class=\"elementor-post__thumbnail\"><img loading=\"lazy\" decoding=\"async\" width=\"300\" height=\"225\" src=\"https:\/\/costablanca-magazin.com\/wp-content\/uploads\/2024\/12\/20221230_074532-300x225.jpg\" class=\"attachment-medium size-medium wp-image-3732\" alt=\"Viktige utviklinger, lokale begivenheter og interessant informasjon fra Costa Blanca \u2013 alt p\u00e5 ett sted.\" srcset=\"https:\/\/costablanca-magazin.com\/wp-content\/uploads\/2024\/12\/20221230_074532-300x225.jpg 300w, https:\/\/costablanca-magazin.com\/wp-content\/uploads\/2024\/12\/20221230_074532-1024x768.jpg 1024w, https:\/\/costablanca-magazin.com\/wp-content\/uploads\/2024\/12\/20221230_074532-768x576.jpg 768w, https:\/\/costablanca-magazin.com\/wp-content\/uploads\/2024\/12\/20221230_074532-1536x1152.jpg 1536w, https:\/\/costablanca-magazin.com\/wp-content\/uploads\/2024\/12\/20221230_074532-2048x1536.jpg 2048w\" sizes=\"(max-width: 300px) 100vw, 300px\" \/><\/div><\/a>\n\t\t\t\t<div class=\"elementor-post__badge\">Nyheter og politikk<\/div>\n\t\t\t\t<div class=\"elementor-post__text\">\n\t\t\t\t<h2 class=\"elementor-post__title\">\n\t\t\t<a href=\"https:\/\/costablanca-magazin.com\/nb\/lokales\/news-politik\/aktuelles-an-der-costa-blanca\/\" >\n\t\t\t\tNyheter p\u00e5 Costa Blanca\t\t\t<\/a>\n\t\t<\/h2>\n\t\t\t\t<div class=\"elementor-post__excerpt\">\n\t\t\t<p>Nyheter p\u00e5 Costa Blanca D\u00e9nia g\u00e5r videre med strategien for smart turisme Byr\u00e5det i D\u00e9nia har innkalt den interdepartementale tekniske kommisjonen (CTI) for \u00e5 vurdere fremdriften i arbeidet med \u00e5 posisjonere byen som en smart turistdestinasjon (DTI). Under ledelse av ordf\u00f8rer Vicent Grimalt og representanter fra ulike avdelinger skal gjennomgangen av byens<\/p>\n\t\t<\/div>\n\t\t\n\t\t<a class=\"elementor-post__read-more\" href=\"https:\/\/costablanca-magazin.com\/nb\/lokales\/news-politik\/aktuelles-an-der-costa-blanca\/\" aria-label=\"Read more about Aktuelles an der Costa Blanca\" tabindex=\"-1\" >\n\t\t\tLes mer \u00bb\t\t<\/a>\n\n\t\t\t\t<\/div>\n\t\t\t\t<div class=\"elementor-post__meta-data\">\n\t\t\t\t\t<span class=\"elementor-post-date\">\n\t\t\t28\/12\/2024\t\t<\/span>\n\t\t\t\t<\/div>\n\t\t\t\t\t<\/div>\n\t\t<\/article>\n\t\t\t\t<article class=\"elementor-post elementor-grid-item post-3569 post type-post status-publish format-standard has-post-thumbnail hentry category-news-politik tag-briefwahl-costa-blanca tag-bundestagswahlen tag-deutsche-bundestagswahlen-an-der-costa-blanca\" role=\"listitem\">\n\t\t\t<div class=\"elementor-post__card\">\n\t\t\t\t<a class=\"elementor-post__thumbnail__link\" href=\"https:\/\/costablanca-magazin.com\/nb\/lokales\/news-politik\/bundestagswahl-2025-so-koennen-deutsche-an-der-costa-blanca-waehlen\/\" tabindex=\"-1\" ><div class=\"elementor-post__thumbnail\"><img loading=\"lazy\" decoding=\"async\" width=\"300\" height=\"188\" src=\"https:\/\/costablanca-magazin.com\/wp-content\/uploads\/2024\/12\/pencil-checking-box-on-voting-ballot-2023-11-27-04-58-29-utc-300x188.jpg\" class=\"attachment-medium size-medium wp-image-3570\" alt=\"Forbundsdagsvalget 2025: Slik kan tyskere stemme p\u00e5 Costa Blanca\" srcset=\"https:\/\/costablanca-magazin.com\/wp-content\/uploads\/2024\/12\/pencil-checking-box-on-voting-ballot-2023-11-27-04-58-29-utc-300x188.jpg 300w, https:\/\/costablanca-magazin.com\/wp-content\/uploads\/2024\/12\/pencil-checking-box-on-voting-ballot-2023-11-27-04-58-29-utc-1024x641.jpg 1024w, https:\/\/costablanca-magazin.com\/wp-content\/uploads\/2024\/12\/pencil-checking-box-on-voting-ballot-2023-11-27-04-58-29-utc-768x481.jpg 768w, https:\/\/costablanca-magazin.com\/wp-content\/uploads\/2024\/12\/pencil-checking-box-on-voting-ballot-2023-11-27-04-58-29-utc-1536x962.jpg 1536w, https:\/\/costablanca-magazin.com\/wp-content\/uploads\/2024\/12\/pencil-checking-box-on-voting-ballot-2023-11-27-04-58-29-utc-2048x1283.jpg 2048w\" sizes=\"(max-width: 300px) 100vw, 300px\" \/><\/div><\/a>\n\t\t\t\t<div class=\"elementor-post__badge\">Nyheter og politikk<\/div>\n\t\t\t\t<div class=\"elementor-post__text\">\n\t\t\t\t<h2 class=\"elementor-post__title\">\n\t\t\t<a href=\"https:\/\/costablanca-magazin.com\/nb\/lokales\/news-politik\/bundestagswahl-2025-so-koennen-deutsche-an-der-costa-blanca-waehlen\/\" >\n\t\t\t\tForbundsdagsvalget 2025 - Hvordan tyskerne kan stemme p\u00e5 Costa Blanca\t\t\t<\/a>\n\t\t<\/h2>\n\t\t\t\t<div class=\"elementor-post__excerpt\">\n\t\t\t<p>Forbundsdagsvalget 2025: Slik kan tyskerne stemme p\u00e5 Costa Blanca Viktig informasjon for velgere i utlandet - frister, krav og tips for \u00e5 brevstemme. Valget til den nye Forbundsdagen finner sted 23. februar 2025. Ogs\u00e5 tyskere som bor p\u00e5 Costa Blanca kan avgi sin stemme - og det<\/p>\n\t\t<\/div>\n\t\t\n\t\t<a class=\"elementor-post__read-more\" href=\"https:\/\/costablanca-magazin.com\/nb\/lokales\/news-politik\/bundestagswahl-2025-so-koennen-deutsche-an-der-costa-blanca-waehlen\/\" aria-label=\"Read more about Bundestagswahl 2025 &#8211; So k\u00f6nnen Deutsche an der Costa Blanca w\u00e4hlen\" tabindex=\"-1\" >\n\t\t\tLes mer \u00bb\t\t<\/a>\n\n\t\t\t\t<\/div>\n\t\t\t\t<div class=\"elementor-post__meta-data\">\n\t\t\t\t\t<span class=\"elementor-post-date\">\n\t\t\t18\/12\/2024\t\t<\/span>\n\t\t\t\t<\/div>\n\t\t\t\t\t<\/div>\n\t\t<\/article>\n\t\t\t\t<article class=\"elementor-post elementor-grid-item post-3337 post type-post status-publish format-standard has-post-thumbnail hentry category-news-politik tag-dana-valencia tag-umwetter-valencia tag-valencia\" role=\"listitem\">\n\t\t\t<div class=\"elementor-post__card\">\n\t\t\t\t<a class=\"elementor-post__thumbnail__link\" href=\"https:\/\/costablanca-magazin.com\/nb\/lokales\/news-politik\/verheerende-dana-in-valencia-eine-regionin-trauerund-solidaritaet\/\" tabindex=\"-1\" ><div class=\"elementor-post__thumbnail\"><img loading=\"lazy\" decoding=\"async\" width=\"300\" height=\"182\" src=\"https:\/\/costablanca-magazin.com\/wp-content\/uploads\/2024\/08\/valencia-sunset-2023-11-27-05-17-21-utc-300x182.jpg\" class=\"attachment-medium size-medium wp-image-1702\" alt=\"Valencia solnedgang\" srcset=\"https:\/\/costablanca-magazin.com\/wp-content\/uploads\/2024\/08\/valencia-sunset-2023-11-27-05-17-21-utc-300x182.jpg 300w, https:\/\/costablanca-magazin.com\/wp-content\/uploads\/2024\/08\/valencia-sunset-2023-11-27-05-17-21-utc-1024x620.jpg 1024w, https:\/\/costablanca-magazin.com\/wp-content\/uploads\/2024\/08\/valencia-sunset-2023-11-27-05-17-21-utc-768x465.jpg 768w, https:\/\/costablanca-magazin.com\/wp-content\/uploads\/2024\/08\/valencia-sunset-2023-11-27-05-17-21-utc.jpg 1200w\" sizes=\"(max-width: 300px) 100vw, 300px\" \/><\/div><\/a>\n\t\t\t\t<div class=\"elementor-post__badge\">Nyheter og politikk<\/div>\n\t\t\t\t<div class=\"elementor-post__text\">\n\t\t\t\t<h2 class=\"elementor-post__title\">\n\t\t\t<a href=\"https:\/\/costablanca-magazin.com\/nb\/lokales\/news-politik\/verheerende-dana-in-valencia-eine-regionin-trauerund-solidaritaet\/\" >\n\t\t\t\t\u00d8deleggende DANA i Valencia: en region i sorg og solidaritet\t\t\t<\/a>\n\t\t<\/h2>\n\t\t\t\t<div class=\"elementor-post__excerpt\">\n\t\t\t<p>\u00d8deleggende DANA i Valencia - En region i sorg og solidaritet Med over 230 bekreftede d\u00f8dsfall og flere titalls savnede ryster DANA Valencia. Samtidig som oppryddingsarbeidet begynner, tar de politiske diskusjonene form, og det finnes viktige tips til reisende. Valencia-regionen opplever en av de verste naturkatastrofene i sin historie. De siste<\/p>\n\t\t<\/div>\n\t\t\n\t\t<a class=\"elementor-post__read-more\" href=\"https:\/\/costablanca-magazin.com\/nb\/lokales\/news-politik\/verheerende-dana-in-valencia-eine-regionin-trauerund-solidaritaet\/\" aria-label=\"Read more about Verheerende DANA in Valencia: Eine Regionin Trauerund Solidarit\u00e4t\" tabindex=\"-1\" >\n\t\t\tLes mer \u00bb\t\t<\/a>\n\n\t\t\t\t<\/div>\n\t\t\t\t<div class=\"elementor-post__meta-data\">\n\t\t\t\t\t<span class=\"elementor-post-date\">\n\t\t\t15\/11\/2024\t\t<\/span>\n\t\t\t\t<\/div>\n\t\t\t\t\t<\/div>\n\t\t<\/article>\n\t\t\t\t<article class=\"elementor-post elementor-grid-item post-3190 post type-post status-publish format-standard has-post-thumbnail hentry category-news-politik tag-dana tag-marina-baixa tag-schwere tag-solidaritaet tag-valencia\" role=\"listitem\">\n\t\t\t<div class=\"elementor-post__card\">\n\t\t\t\t<a class=\"elementor-post__thumbnail__link\" href=\"https:\/\/costablanca-magazin.com\/nb\/lokales\/news-politik\/schwere-dana-verwuestet-valencia-solidaritaet-waechst-in-der-marina-baixa\/\" tabindex=\"-1\" ><div class=\"elementor-post__thumbnail\"><img loading=\"lazy\" decoding=\"async\" width=\"300\" height=\"225\" src=\"https:\/\/costablanca-magazin.com\/wp-content\/uploads\/2024\/11\/benidorm-rathaus-costablanca-magazin-2-300x225.jpg\" class=\"attachment-medium size-medium wp-image-3191\" alt=\"Benidorm r\u00e5dhus organiserer hjelpekampanjer\" srcset=\"https:\/\/costablanca-magazin.com\/wp-content\/uploads\/2024\/11\/benidorm-rathaus-costablanca-magazin-2-300x225.jpg 300w, https:\/\/costablanca-magazin.com\/wp-content\/uploads\/2024\/11\/benidorm-rathaus-costablanca-magazin-2-1024x768.jpg 1024w, https:\/\/costablanca-magazin.com\/wp-content\/uploads\/2024\/11\/benidorm-rathaus-costablanca-magazin-2-768x576.jpg 768w, https:\/\/costablanca-magazin.com\/wp-content\/uploads\/2024\/11\/benidorm-rathaus-costablanca-magazin-2-1536x1152.jpg 1536w, https:\/\/costablanca-magazin.com\/wp-content\/uploads\/2024\/11\/benidorm-rathaus-costablanca-magazin-2-2048x1536.jpg 2048w\" sizes=\"(max-width: 300px) 100vw, 300px\" \/><\/div><\/a>\n\t\t\t\t<div class=\"elementor-post__badge\">Nyheter og politikk<\/div>\n\t\t\t\t<div class=\"elementor-post__text\">\n\t\t\t\t<h2 class=\"elementor-post__title\">\n\t\t\t<a href=\"https:\/\/costablanca-magazin.com\/nb\/lokales\/news-politik\/schwere-dana-verwuestet-valencia-solidaritaet-waechst-in-der-marina-baixa\/\" >\n\t\t\t\tAlvorlig DANA herjer i Valencia: Solidariteten vokser i Marina Baixa\t\t\t<\/a>\n\t\t<\/h2>\n\t\t\t\t<div class=\"elementor-post__excerpt\">\n\t\t\t<p>Alvorlig DANA herjer i Valencia: solidariteten vokser i Marina Baixa Med minst 202 omkomne er oppryddingsarbeidet i Valencia i full gang, samtidig som mange lokalsamfunn i Marina Baixa setter i gang hjelpeaksjoner. Lokalsamfunnene i Marina Baixa viser en solidaritet uten sidestykke i m\u00f8te med katastrofen. R\u00e5dhusene oppretter innsamlingssentre for n\u00f8dhjelpsforsyninger som det er akutt behov for.<\/p>\n\t\t<\/div>\n\t\t\n\t\t<a class=\"elementor-post__read-more\" href=\"https:\/\/costablanca-magazin.com\/nb\/lokales\/news-politik\/schwere-dana-verwuestet-valencia-solidaritaet-waechst-in-der-marina-baixa\/\" aria-label=\"Read more about Schwere DANA verw\u00fcstet Valencia: Solidarit\u00e4t w\u00e4chst in der Marina Baixa\" tabindex=\"-1\" >\n\t\t\tLes mer \u00bb\t\t<\/a>\n\n\t\t\t\t<\/div>\n\t\t\t\t<div class=\"elementor-post__meta-data\">\n\t\t\t\t\t<span class=\"elementor-post-date\">\n\t\t\t01\/11\/2024\t\t<\/span>\n\t\t\t\t<\/div>\n\t\t\t\t\t<\/div>\n\t\t<\/article>\n\t\t\t\t<article class=\"elementor-post elementor-grid-item post-3183 post type-post status-publish format-standard has-post-thumbnail hentry category-news-politik tag-dana-valencia tag-umwetter-in-valencia tag-valencia\" role=\"listitem\">\n\t\t\t<div class=\"elementor-post__card\">\n\t\t\t\t<a class=\"elementor-post__thumbnail__link\" href=\"https:\/\/costablanca-magazin.com\/nb\/lokales\/news-politik\/schwerste-flutkatastrophe-seit-jahrzehnten-in-valencia-zahlreiche-todesopfer-und-massive-zerstoerung\/\" tabindex=\"-1\" ><div class=\"elementor-post__thumbnail\"><img loading=\"lazy\" decoding=\"async\" width=\"300\" height=\"201\" src=\"https:\/\/costablanca-magazin.com\/wp-content\/uploads\/2024\/10\/1857782-spain-300x201.webp\" class=\"attachment-medium size-medium wp-image-3184\" alt=\"Voldsomt uv\u00e6r i Valencia-regionen (Foto AP)\" srcset=\"https:\/\/costablanca-magazin.com\/wp-content\/uploads\/2024\/10\/1857782-spain-300x201.webp 300w, https:\/\/costablanca-magazin.com\/wp-content\/uploads\/2024\/10\/1857782-spain.webp 766w\" sizes=\"(max-width: 300px) 100vw, 300px\" \/><\/div><\/a>\n\t\t\t\t<div class=\"elementor-post__badge\">Nyheter og politikk<\/div>\n\t\t\t\t<div class=\"elementor-post__text\">\n\t\t\t\t<h2 class=\"elementor-post__title\">\n\t\t\t<a href=\"https:\/\/costablanca-magazin.com\/nb\/lokales\/news-politik\/schwerste-flutkatastrophe-seit-jahrzehnten-in-valencia-zahlreiche-todesopfer-und-massive-zerstoerung\/\" >\n\t\t\t\tDen verste flomkatastrofen p\u00e5 flere ti\u00e5r i Valencia: mange omkomne og enorme \u00f8deleggelser\t\t\t<\/a>\n\t\t<\/h2>\n\t\t\t\t<div class=\"elementor-post__excerpt\">\n\t\t\t<p>Den verste flomkatastrofen p\u00e5 flere ti\u00e5r i Valencia: Mange omkomne og massive \u00f8deleggelser En kraftig DANA-storm (isolert lavtrykk) har kastet Valencia-regionen ut i en katastrofe av enest\u00e5ende proporsjoner, og har s\u00e5 langt krevd 51 menneskeliv. Requena-Utiel, Hoya de Bu\u00f1ol og Ribera Alta har v\u00e6rt spesielt hardt rammet. I l'Horta Sud ble oversv\u00f8mmelsene for\u00e5rsaket av<\/p>\n\t\t<\/div>\n\t\t\n\t\t<a class=\"elementor-post__read-more\" href=\"https:\/\/costablanca-magazin.com\/nb\/lokales\/news-politik\/schwerste-flutkatastrophe-seit-jahrzehnten-in-valencia-zahlreiche-todesopfer-und-massive-zerstoerung\/\" aria-label=\"Read more about Schwerste Flutkatastrophe seit Jahrzehnten in Valencia: Zahlreiche Todesopfer und massive Zerst\u00f6rung\" tabindex=\"-1\" >\n\t\t\tLes mer \u00bb\t\t<\/a>\n\n\t\t\t\t<\/div>\n\t\t\t\t<div class=\"elementor-post__meta-data\">\n\t\t\t\t\t<span class=\"elementor-post-date\">\n\t\t\t01\/11\/2024\t\t<\/span>\n\t\t\t\t<\/div>\n\t\t\t\t\t<\/div>\n\t\t<\/article>\n\t\t\t\t<article class=\"elementor-post elementor-grid-item post-1851 post type-post status-publish format-standard has-post-thumbnail hentry category-news-politik tag-denia tag-ferienvermiet-lizenz-costa-blanca\" role=\"listitem\">\n\t\t\t<div class=\"elementor-post__card\">\n\t\t\t\t<a class=\"elementor-post__thumbnail__link\" href=\"https:\/\/costablanca-magazin.com\/nb\/lokales\/news-politik\/denia-setzt-neue-genehmigungen-fuer-touristenvermietungen-fuer-ein-jahr-aus\/\" tabindex=\"-1\" ><div class=\"elementor-post__thumbnail\"><img loading=\"lazy\" decoding=\"async\" width=\"300\" height=\"225\" src=\"https:\/\/costablanca-magazin.com\/wp-content\/uploads\/2024\/08\/20240824_162722-300x225.jpg\" class=\"attachment-medium size-medium wp-image-1852\" alt=\"Denia Costablanca\" srcset=\"https:\/\/costablanca-magazin.com\/wp-content\/uploads\/2024\/08\/20240824_162722-300x225.jpg 300w, https:\/\/costablanca-magazin.com\/wp-content\/uploads\/2024\/08\/20240824_162722-1024x768.jpg 1024w, https:\/\/costablanca-magazin.com\/wp-content\/uploads\/2024\/08\/20240824_162722-768x576.jpg 768w, https:\/\/costablanca-magazin.com\/wp-content\/uploads\/2024\/08\/20240824_162722-1536x1152.jpg 1536w, https:\/\/costablanca-magazin.com\/wp-content\/uploads\/2024\/08\/20240824_162722-2048x1536.jpg 2048w\" sizes=\"(max-width: 300px) 100vw, 300px\" \/><\/div><\/a>\n\t\t\t\t<div class=\"elementor-post__badge\">Nyheter og politikk<\/div>\n\t\t\t\t<div class=\"elementor-post__text\">\n\t\t\t\t<h2 class=\"elementor-post__title\">\n\t\t\t<a href=\"https:\/\/costablanca-magazin.com\/nb\/lokales\/news-politik\/denia-setzt-neue-genehmigungen-fuer-touristenvermietungen-fuer-ein-jahr-aus\/\" >\n\t\t\t\tD\u00e9nia suspenderer nye lisenser for turistutleie i ett \u00e5r\t\t\t<\/a>\n\t\t<\/h2>\n\t\t\t\t<div class=\"elementor-post__excerpt\">\n\t\t\t<p>D\u00e9nia suspenderer nye tillatelser til turistutleie i ett \u00e5r P\u00e5 grunn av de \u00f8kende konfliktene mellom innbyggere og turister har byr\u00e5det i D\u00e9nia besluttet \u00e5 suspendere utstedelsen av nye tillatelser til turistutleie i sentrum i ett \u00e5r. Tiltaket, som ogs\u00e5 omfatter ombygging av f\u00f8rsteetasjer til ferieleiligheter, har til hensikt \u00e5<\/p>\n\t\t<\/div>\n\t\t\n\t\t<a class=\"elementor-post__read-more\" href=\"https:\/\/costablanca-magazin.com\/nb\/lokales\/news-politik\/denia-setzt-neue-genehmigungen-fuer-touristenvermietungen-fuer-ein-jahr-aus\/\" aria-label=\"Read more about D\u00e9nia setzt neue Genehmigungen f\u00fcr Touristenvermietungen f\u00fcr ein Jahr aus\" tabindex=\"-1\" >\n\t\t\tLes mer \u00bb\t\t<\/a>\n\n\t\t\t\t<\/div>\n\t\t\t\t<div class=\"elementor-post__meta-data\">\n\t\t\t\t\t<span class=\"elementor-post-date\">\n\t\t\t27\/08\/2024\t\t<\/span>\n\t\t\t\t<\/div>\n\t\t\t\t\t<\/div>\n\t\t<\/article>\n\t\t\t\t<article class=\"elementor-post elementor-grid-item post-1752 post type-post status-publish format-standard has-post-thumbnail hentry category-news-politik tag-rekordbesuch-touristen-alicante tag-torismus-alicante\" role=\"listitem\">\n\t\t\t<div class=\"elementor-post__card\">\n\t\t\t\t<a class=\"elementor-post__thumbnail__link\" href=\"https:\/\/costablanca-magazin.com\/nb\/lokales\/news-politik\/rekordbesuch-am-langen-wochenende-325-000-touristen-in-alicante-100-millionen-euro-umsatz\/\" tabindex=\"-1\" ><div class=\"elementor-post__thumbnail\"><img loading=\"lazy\" decoding=\"async\" width=\"300\" height=\"225\" src=\"https:\/\/costablanca-magazin.com\/wp-content\/uploads\/2024\/08\/IMG-20240808-WA0011-300x225.jpg\" class=\"attachment-medium size-medium wp-image-1753\" alt=\"Rekordbes\u00f8k i l\u00f8pet av den lange helgen: 325 000 turister i Alicante\" srcset=\"https:\/\/costablanca-magazin.com\/wp-content\/uploads\/2024\/08\/IMG-20240808-WA0011-300x225.jpg 300w, https:\/\/costablanca-magazin.com\/wp-content\/uploads\/2024\/08\/IMG-20240808-WA0011-1024x768.jpg 1024w, https:\/\/costablanca-magazin.com\/wp-content\/uploads\/2024\/08\/IMG-20240808-WA0011-768x576.jpg 768w, https:\/\/costablanca-magazin.com\/wp-content\/uploads\/2024\/08\/IMG-20240808-WA0011-1536x1152.jpg 1536w, https:\/\/costablanca-magazin.com\/wp-content\/uploads\/2024\/08\/IMG-20240808-WA0011.jpg 1600w\" sizes=\"(max-width: 300px) 100vw, 300px\" \/><\/div><\/a>\n\t\t\t\t<div class=\"elementor-post__badge\">Nyheter og politikk<\/div>\n\t\t\t\t<div class=\"elementor-post__text\">\n\t\t\t\t<h2 class=\"elementor-post__title\">\n\t\t\t<a href=\"https:\/\/costablanca-magazin.com\/nb\/lokales\/news-politik\/rekordbesuch-am-langen-wochenende-325-000-touristen-in-alicante-100-millionen-euro-umsatz\/\" >\n\t\t\t\tRekordbes\u00f8k i langhelgen: 325 000 turister i Alicante - 100 millioner euro i omsetning\t\t\t<\/a>\n\t\t<\/h2>\n\t\t\t\t<div class=\"elementor-post__excerpt\">\n\t\t\t<p>Rekordmange bes\u00f8kende i langhelgen: 325 000 turister i Alicante - 100 millioner euro i omsetning Langhelgen i august bekreftet nok en gang Alicante-provinsen som et turistsentrum i Spania. Over 325 000 bes\u00f8kende str\u00f8mmet til regionen, noe som resulterte i en omsetning p\u00e5 over 100 millioner euro. Hotellene og ferieleilighetene var<\/p>\n\t\t<\/div>\n\t\t\n\t\t<a class=\"elementor-post__read-more\" href=\"https:\/\/costablanca-magazin.com\/nb\/lokales\/news-politik\/rekordbesuch-am-langen-wochenende-325-000-touristen-in-alicante-100-millionen-euro-umsatz\/\" aria-label=\"Read more about Rekordbesuch am langen Wochenende: 325.000 Touristen in Alicante \u2013100 Millionen Euro Umsatz\" tabindex=\"-1\" >\n\t\t\tLes mer \u00bb\t\t<\/a>\n\n\t\t\t\t<\/div>\n\t\t\t\t<div class=\"elementor-post__meta-data\">\n\t\t\t\t\t<span class=\"elementor-post-date\">\n\t\t\t16\/08\/2024\t\t<\/span>\n\t\t\t\t<\/div>\n\t\t\t\t\t<\/div>\n\t\t<\/article>\n\t\t\t\t<article class=\"elementor-post elementor-grid-item post-1672 post type-post status-publish format-standard has-post-thumbnail hentry category-news-politik tag-anstieg-der-mietpreise-an-der-costa-blanca tag-costa-blanca-magazin tag-costa-blanca tag-mietpreis-costa-blanca\" role=\"listitem\">\n\t\t\t<div class=\"elementor-post__card\">\n\t\t\t\t<a class=\"elementor-post__thumbnail__link\" href=\"https:\/\/costablanca-magazin.com\/nb\/lokales\/news-politik\/explosiver-anstieg-der-mietpreisean-der-costa-blanca\/\" tabindex=\"-1\" ><div class=\"elementor-post__thumbnail\"><img loading=\"lazy\" decoding=\"async\" width=\"300\" height=\"200\" src=\"https:\/\/costablanca-magazin.com\/wp-content\/uploads\/2024\/08\/wooden-toy-house-with-rent-sign-on-grass-2023-11-27-05-23-52-utc-300x200.jpg\" class=\"attachment-medium size-medium wp-image-1674\" alt=\"Eksplosiv \u00f8kning i leieprisene p\u00e5 Costa Blanca\" srcset=\"https:\/\/costablanca-magazin.com\/wp-content\/uploads\/2024\/08\/wooden-toy-house-with-rent-sign-on-grass-2023-11-27-05-23-52-utc-300x200.jpg 300w, https:\/\/costablanca-magazin.com\/wp-content\/uploads\/2024\/08\/wooden-toy-house-with-rent-sign-on-grass-2023-11-27-05-23-52-utc-1024x683.jpg 1024w, https:\/\/costablanca-magazin.com\/wp-content\/uploads\/2024\/08\/wooden-toy-house-with-rent-sign-on-grass-2023-11-27-05-23-52-utc-768x512.jpg 768w, https:\/\/costablanca-magazin.com\/wp-content\/uploads\/2024\/08\/wooden-toy-house-with-rent-sign-on-grass-2023-11-27-05-23-52-utc.jpg 1200w\" sizes=\"(max-width: 300px) 100vw, 300px\" \/><\/div><\/a>\n\t\t\t\t<div class=\"elementor-post__badge\">Nyheter og politikk<\/div>\n\t\t\t\t<div class=\"elementor-post__text\">\n\t\t\t\t<h2 class=\"elementor-post__title\">\n\t\t\t<a href=\"https:\/\/costablanca-magazin.com\/nb\/lokales\/news-politik\/explosiver-anstieg-der-mietpreisean-der-costa-blanca\/\" >\n\t\t\t\tEksplosiv \u00f8kning i leieprisene p\u00e5 Costa Blanca\t\t\t<\/a>\n\t\t<\/h2>\n\t\t\t\t<div class=\"elementor-post__excerpt\">\n\t\t\t<p>Eksplosiv \u00f8kning i leieprisene p\u00e5 Costa Blanca Leieprisene i Benidorm og hele Alicante-provinsen fortsetter \u00e5 stige. If\u00f8lge den siste rapporten fra Fotocasa-plattformen har leiekostnadene i Benidorm mer enn doblet seg sammenlignet med for ti \u00e5r siden. I april 2024 var leieprisene 138 %<\/p>\n\t\t<\/div>\n\t\t\n\t\t<a class=\"elementor-post__read-more\" href=\"https:\/\/costablanca-magazin.com\/nb\/lokales\/news-politik\/explosiver-anstieg-der-mietpreisean-der-costa-blanca\/\" aria-label=\"Read more about Explosiver Anstieg der Mietpreise an der Costa Blanca\" tabindex=\"-1\" >\n\t\t\tLes mer \u00bb\t\t<\/a>\n\n\t\t\t\t<\/div>\n\t\t\t\t<div class=\"elementor-post__meta-data\">\n\t\t\t\t\t<span class=\"elementor-post-date\">\n\t\t\t15\/08\/2024\t\t<\/span>\n\t\t\t\t<\/div>\n\t\t\t\t\t<\/div>\n\t\t<\/article>\n\t\t\t\t<article class=\"elementor-post elementor-grid-item post-1571 post type-post status-publish format-standard has-post-thumbnail hentry category-news-politik tag-arbeitslos tag-arbeitslosenzahlen-alicante tag-tourismus-arbeit\" role=\"listitem\">\n\t\t\t<div class=\"elementor-post__card\">\n\t\t\t\t<a class=\"elementor-post__thumbnail__link\" href=\"https:\/\/costablanca-magazin.com\/nb\/lokales\/news-politik\/provinz-alicante-verzeichnet-beschaeftigungszuwachs-im-zweiten-quartal\/\" tabindex=\"-1\" ><div class=\"elementor-post__thumbnail\"><img loading=\"lazy\" decoding=\"async\" width=\"300\" height=\"200\" src=\"https:\/\/costablanca-magazin.com\/wp-content\/uploads\/2024\/07\/maid-holding-fluffy-towels-2023-11-27-04-58-33-utc-300x200.jpg\" class=\"attachment-medium size-medium wp-image-1572\" alt=\"Alicante-provinsen registrerer sysselsettingsvekst i andre kvartal\" srcset=\"https:\/\/costablanca-magazin.com\/wp-content\/uploads\/2024\/07\/maid-holding-fluffy-towels-2023-11-27-04-58-33-utc-300x200.jpg 300w, https:\/\/costablanca-magazin.com\/wp-content\/uploads\/2024\/07\/maid-holding-fluffy-towels-2023-11-27-04-58-33-utc-1024x683.jpg 1024w, https:\/\/costablanca-magazin.com\/wp-content\/uploads\/2024\/07\/maid-holding-fluffy-towels-2023-11-27-04-58-33-utc-768x512.jpg 768w, https:\/\/costablanca-magazin.com\/wp-content\/uploads\/2024\/07\/maid-holding-fluffy-towels-2023-11-27-04-58-33-utc-1536x1024.jpg 1536w, https:\/\/costablanca-magazin.com\/wp-content\/uploads\/2024\/07\/maid-holding-fluffy-towels-2023-11-27-04-58-33-utc-2048x1365.jpg 2048w\" sizes=\"(max-width: 300px) 100vw, 300px\" \/><\/div><\/a>\n\t\t\t\t<div class=\"elementor-post__badge\">Nyheter og politikk<\/div>\n\t\t\t\t<div class=\"elementor-post__text\">\n\t\t\t\t<h2 class=\"elementor-post__title\">\n\t\t\t<a href=\"https:\/\/costablanca-magazin.com\/nb\/lokales\/news-politik\/provinz-alicante-verzeichnet-beschaeftigungszuwachs-im-zweiten-quartal\/\" >\n\t\t\t\tAlicante-provinsen registrerer sysselsettingsvekst i andre kvartal\t\t\t<\/a>\n\t\t<\/h2>\n\t\t\t\t<div class=\"elementor-post__excerpt\">\n\t\t\t<p>Alicante-provinsen registrerer sysselsettingsvekst i andre kvartal Alicante-provinsen registrerte en betydelig \u00f8kning i sysselsettingen i \u00e5rets andre kvartal. Totalt ble det skapt 36 800 nye arbeidsplasser, noe som bringer det totale antallet sysselsatte opp i 849 500. Det er spesielt verdt \u00e5 merke seg at tre av fire nye jobber ble besatt av kvinner, if\u00f8lge<\/p>\n\t\t<\/div>\n\t\t\n\t\t<a class=\"elementor-post__read-more\" href=\"https:\/\/costablanca-magazin.com\/nb\/lokales\/news-politik\/provinz-alicante-verzeichnet-beschaeftigungszuwachs-im-zweiten-quartal\/\" aria-label=\"Read more about Provinz Alicante verzeichnet Besch\u00e4ftigungszuwachs im zweiten Quartal\" tabindex=\"-1\" >\n\t\t\tLes mer \u00bb\t\t<\/a>\n\n\t\t\t\t<\/div>\n\t\t\t\t<div class=\"elementor-post__meta-data\">\n\t\t\t\t\t<span class=\"elementor-post-date\">\n\t\t\t26\/07\/2024\t\t<\/span>\n\t\t\t\t<\/div>\n\t\t\t\t\t<\/div>\n\t\t<\/article>\n\t\t\t\t<article class=\"elementor-post elementor-grid-item post-1540 post type-post status-publish format-standard has-post-thumbnail hentry category-news-politik tag-neugestaltung-promenade-altea tag-strandpromenade-altea\" role=\"listitem\">\n\t\t\t<div class=\"elementor-post__card\">\n\t\t\t\t<a class=\"elementor-post__thumbnail__link\" href=\"https:\/\/costablanca-magazin.com\/nb\/lokales\/news-politik\/politischer-streit-um-unfertige-promenade-in-altea\/\" tabindex=\"-1\" ><div class=\"elementor-post__thumbnail\"><img loading=\"lazy\" decoding=\"async\" width=\"300\" height=\"225\" src=\"https:\/\/costablanca-magazin.com\/wp-content\/uploads\/2024\/07\/20230824_171507-300x225.jpg\" class=\"attachment-medium size-medium wp-image-1541\" alt=\"Ny strandpromenade i Altea\" srcset=\"https:\/\/costablanca-magazin.com\/wp-content\/uploads\/2024\/07\/20230824_171507-300x225.jpg 300w, https:\/\/costablanca-magazin.com\/wp-content\/uploads\/2024\/07\/20230824_171507-1024x768.jpg 1024w, https:\/\/costablanca-magazin.com\/wp-content\/uploads\/2024\/07\/20230824_171507-768x576.jpg 768w, https:\/\/costablanca-magazin.com\/wp-content\/uploads\/2024\/07\/20230824_171507-1536x1152.jpg 1536w, https:\/\/costablanca-magazin.com\/wp-content\/uploads\/2024\/07\/20230824_171507-2048x1536.jpg 2048w\" sizes=\"(max-width: 300px) 100vw, 300px\" \/><\/div><\/a>\n\t\t\t\t<div class=\"elementor-post__badge\">Nyheter og politikk<\/div>\n\t\t\t\t<div class=\"elementor-post__text\">\n\t\t\t\t<h2 class=\"elementor-post__title\">\n\t\t\t<a href=\"https:\/\/costablanca-magazin.com\/nb\/lokales\/news-politik\/politischer-streit-um-unfertige-promenade-in-altea\/\" >\n\t\t\t\tPolitisk strid om uferdig strandpromenade i Altea\t\t\t<\/a>\n\t\t<\/h2>\n\t\t\t\t<div class=\"elementor-post__excerpt\">\n\t\t\t<p>Politisk strid om uferdig strandpromenade i Altea I Altea har stansen i byggearbeidene p\u00e5 strandpromenaden midt i sommersesongen skapt politisk strid. Partido Popular (PP) kritiserer \u201efaren\u201c som de uferdige underjordiske s\u00f8ppelcontainerne i Calle Sant Pere utgj\u00f8r, mens regjeringen understreker at ferdigstillelsen er kystmyndighetens ansvar.<\/p>\n\t\t<\/div>\n\t\t\n\t\t<a class=\"elementor-post__read-more\" href=\"https:\/\/costablanca-magazin.com\/nb\/lokales\/news-politik\/politischer-streit-um-unfertige-promenade-in-altea\/\" aria-label=\"Read more about Politischer Streit um Unfertige Promenade in Altea\" tabindex=\"-1\" >\n\t\t\tLes mer \u00bb\t\t<\/a>\n\n\t\t\t\t<\/div>\n\t\t\t\t<div class=\"elementor-post__meta-data\">\n\t\t\t\t\t<span class=\"elementor-post-date\">\n\t\t\t24\/07\/2024\t\t<\/span>\n\t\t\t\t<\/div>\n\t\t\t\t\t<\/div>\n\t\t<\/article>\n\t\t\t\t<article class=\"elementor-post elementor-grid-item post-1529 post type-post status-publish format-standard has-post-thumbnail hentry category-news-politik tag-europameister-spanien\" role=\"listitem\">\n\t\t\t<div class=\"elementor-post__card\">\n\t\t\t\t<a class=\"elementor-post__thumbnail__link\" href=\"https:\/\/costablanca-magazin.com\/nb\/lokales\/news-politik\/spanien-triumphiert-in-der-em-2024-jubel-an-der-costa-blanca\/\" tabindex=\"-1\" ><div class=\"elementor-post__thumbnail\"><img loading=\"lazy\" decoding=\"async\" width=\"300\" height=\"179\" src=\"https:\/\/costablanca-magazin.com\/wp-content\/uploads\/2024\/07\/Europameister-2024-Spanien-2-300x179.jpg\" class=\"attachment-medium size-medium wp-image-1531\" alt=\"Europamester 2024 Spania\" srcset=\"https:\/\/costablanca-magazin.com\/wp-content\/uploads\/2024\/07\/Europameister-2024-Spanien-2-300x179.jpg 300w, https:\/\/costablanca-magazin.com\/wp-content\/uploads\/2024\/07\/Europameister-2024-Spanien-2-1024x611.jpg 1024w, https:\/\/costablanca-magazin.com\/wp-content\/uploads\/2024\/07\/Europameister-2024-Spanien-2-768x458.jpg 768w, https:\/\/costablanca-magazin.com\/wp-content\/uploads\/2024\/07\/Europameister-2024-Spanien-2-1536x916.jpg 1536w, https:\/\/costablanca-magazin.com\/wp-content\/uploads\/2024\/07\/Europameister-2024-Spanien-2-2048x1222.jpg 2048w\" sizes=\"(max-width: 300px) 100vw, 300px\" \/><\/div><\/a>\n\t\t\t\t<div class=\"elementor-post__badge\">Nyheter og politikk<\/div>\n\t\t\t\t<div class=\"elementor-post__text\">\n\t\t\t\t<h2 class=\"elementor-post__title\">\n\t\t\t<a href=\"https:\/\/costablanca-magazin.com\/nb\/lokales\/news-politik\/spanien-triumphiert-in-der-em-2024-jubel-an-der-costa-blanca\/\" >\n\t\t\t\tSpania triumferer i Euro 2024: Jubel p\u00e5 Costa Blanca\t\t\t<\/a>\n\t\t<\/h2>\n\t\t\t\t<div class=\"elementor-post__excerpt\">\n\t\t\t<p>Spania triumferer i Euro 2024: Jubel p\u00e5 Costa Blanca Spania har gjort det! Med en imponerende 2:1-seier over England i finalen i EM 2024, har det spanske landslaget nok en gang bekreftet sin plass i toppen av europeisk fotball. Hele landet jublet, ogs\u00e5 p\u00e5 Costa Blanca<\/p>\n\t\t<\/div>\n\t\t\n\t\t<a class=\"elementor-post__read-more\" href=\"https:\/\/costablanca-magazin.com\/nb\/lokales\/news-politik\/spanien-triumphiert-in-der-em-2024-jubel-an-der-costa-blanca\/\" aria-label=\"Read more about Spanien triumphiert in der EM 2024: Jubel an der Costa Blanca\" tabindex=\"-1\" >\n\t\t\tLes mer \u00bb\t\t<\/a>\n\n\t\t\t\t<\/div>\n\t\t\t\t<div class=\"elementor-post__meta-data\">\n\t\t\t\t\t<span class=\"elementor-post-date\">\n\t\t\t15\/07\/2024\t\t<\/span>\n\t\t\t\t<\/div>\n\t\t\t\t\t<\/div>\n\t\t<\/article>\n\t\t\t\t<article class=\"elementor-post elementor-grid-item post-1486 post type-post status-publish format-standard has-post-thumbnail hentry category-news-politik tag-bauarbeiten-eingeschraenkt-sommer tag-laetmschutz-costablanca-sommer\" role=\"listitem\">\n\t\t\t<div class=\"elementor-post__card\">\n\t\t\t\t<a class=\"elementor-post__thumbnail__link\" href=\"https:\/\/costablanca-magazin.com\/nb\/lokales\/news-politik\/calpe-setzt-strikte-laermschutzverordnung-fuer-den-sommer-um-bauarbeiten-zeitlich-eingeschraenkt\/\" tabindex=\"-1\" ><div class=\"elementor-post__thumbnail\"><img loading=\"lazy\" decoding=\"async\" width=\"200\" height=\"300\" src=\"https:\/\/costablanca-magazin.com\/wp-content\/uploads\/2022\/09\/costablanca-lifestyle-calpe-8-200x300.jpg\" class=\"attachment-medium size-medium wp-image-671\" alt=\"costa blanca Calpe marina Alta\" srcset=\"https:\/\/costablanca-magazin.com\/wp-content\/uploads\/2022\/09\/costablanca-lifestyle-calpe-8-200x300.jpg 200w, https:\/\/costablanca-magazin.com\/wp-content\/uploads\/2022\/09\/costablanca-lifestyle-calpe-8.jpg 400w\" sizes=\"(max-width: 200px) 100vw, 200px\" \/><\/div><\/a>\n\t\t\t\t<div class=\"elementor-post__badge\">Nyheter og politikk<\/div>\n\t\t\t\t<div class=\"elementor-post__text\">\n\t\t\t\t<h2 class=\"elementor-post__title\">\n\t\t\t<a href=\"https:\/\/costablanca-magazin.com\/nb\/lokales\/news-politik\/calpe-setzt-strikte-laermschutzverordnung-fuer-den-sommer-um-bauarbeiten-zeitlich-eingeschraenkt\/\" >\n\t\t\t\tCalpe innf\u00f8rer strenge st\u00f8yvernregler for sommeren: tidsbegrenset anleggsarbeid\t\t\t<\/a>\n\t\t<\/h2>\n\t\t\t\t<div class=\"elementor-post__excerpt\">\n\t\t\t<p>Calpe innf\u00f8rer streng st\u00f8yforordning for sommeren: anleggsarbeid begrenses i tid Bystyret i Calpe har nok en gang innf\u00f8rt en viktig forordning for \u00e5 redusere st\u00f8yen i sommerperioden. Denne forskriften, som begrenser bruken av tunge maskiner og anleggsmaskiner, har som m\u00e5l \u00e5 sikre at innbyggere og bes\u00f8kende kan nyte en rolig sommer.<\/p>\n\t\t<\/div>\n\t\t\n\t\t<a class=\"elementor-post__read-more\" href=\"https:\/\/costablanca-magazin.com\/nb\/lokales\/news-politik\/calpe-setzt-strikte-laermschutzverordnung-fuer-den-sommer-um-bauarbeiten-zeitlich-eingeschraenkt\/\" aria-label=\"Read more about Calpe setzt strikte L\u00e4rmschutzverordnung f\u00fcr den Sommer um: Bauarbeiten zeitlich eingeschr\u00e4nkt\" tabindex=\"-1\" >\n\t\t\tLes mer \u00bb\t\t<\/a>\n\n\t\t\t\t<\/div>\n\t\t\t\t<div class=\"elementor-post__meta-data\">\n\t\t\t\t\t<span class=\"elementor-post-date\">\n\t\t\t07\/07\/2024\t\t<\/span>\n\t\t\t\t<\/div>\n\t\t\t\t\t<\/div>\n\t\t<\/article>\n\t\t\t\t<article class=\"elementor-post elementor-grid-item post-1438 post type-post status-publish format-standard has-post-thumbnail hentry category-news-politik tag-altea tag-ibi-altea tag-plusvalia-altea tag-steuer-spanien tag-steuererhoehung\" role=\"listitem\">\n\t\t\t<div class=\"elementor-post__card\">\n\t\t\t\t<a class=\"elementor-post__thumbnail__link\" href=\"https:\/\/costablanca-magazin.com\/nb\/lokales\/news-politik\/altea-erhoeht-steuern-fuer-2025-drastisch-plusvalia-verdreifacht-ibi-steigt-um-40\/\" tabindex=\"-1\" ><div class=\"elementor-post__thumbnail\"><img loading=\"lazy\" decoding=\"async\" width=\"300\" height=\"200\" src=\"https:\/\/costablanca-magazin.com\/wp-content\/uploads\/2024\/05\/altea2-300x200.jpg\" class=\"attachment-medium size-medium wp-image-85\" alt=\"Costa Blanca Altea\" srcset=\"https:\/\/costablanca-magazin.com\/wp-content\/uploads\/2024\/05\/altea2-300x200.jpg 300w, https:\/\/costablanca-magazin.com\/wp-content\/uploads\/2024\/05\/altea2-768x512.jpg 768w, https:\/\/costablanca-magazin.com\/wp-content\/uploads\/2024\/05\/altea2.jpg 800w\" sizes=\"(max-width: 300px) 100vw, 300px\" \/><\/div><\/a>\n\t\t\t\t<div class=\"elementor-post__badge\">Nyheter og politikk<\/div>\n\t\t\t\t<div class=\"elementor-post__text\">\n\t\t\t\t<h2 class=\"elementor-post__title\">\n\t\t\t<a href=\"https:\/\/costablanca-magazin.com\/nb\/lokales\/news-politik\/altea-erhoeht-steuern-fuer-2025-drastisch-plusvalia-verdreifacht-ibi-steigt-um-40\/\" >\n\t\t\t\tAltea \u00f8ker skattene drastisk for 2025: Plusvalia tredobles, IBI \u00f8ker med 40 %\t\t\t<\/a>\n\t\t<\/h2>\n\t\t\t\t<div class=\"elementor-post__excerpt\">\n\t\t\t<p>Altea \u00f8ker skattene drastisk for 2025: Plusvalia tredobles, IBI \u00f8ker med 40 % Altea bystyre har annonsert en betydelig \u00f8kning i kapitalgevinstskatt (Plusvalia) og eiendomsskatt (IBI) for det kommende \u00e5ret. Dette er en del av en omfattende strategisk plan presentert av regjeringsteamet Comprom\u00eds og PSOE for \u00e5 forbedre den \u00f8konomiske situasjonen i byen.<\/p>\n\t\t<\/div>\n\t\t\n\t\t<a class=\"elementor-post__read-more\" href=\"https:\/\/costablanca-magazin.com\/nb\/lokales\/news-politik\/altea-erhoeht-steuern-fuer-2025-drastisch-plusvalia-verdreifacht-ibi-steigt-um-40\/\" aria-label=\"Read more about Altea erh\u00f6ht Steuern f\u00fcr 2025 drastisch: Plusvalia verdreifacht, IBI steigt um 40 %\" tabindex=\"-1\" >\n\t\t\tLes mer \u00bb\t\t<\/a>\n\n\t\t\t\t<\/div>\n\t\t\t\t<div class=\"elementor-post__meta-data\">\n\t\t\t\t\t<span class=\"elementor-post-date\">\n\t\t\t20\/06\/2024\t\t<\/span>\n\t\t\t\t<\/div>\n\t\t\t\t\t<\/div>\n\t\t<\/article>\n\t\t\t\t<article class=\"elementor-post elementor-grid-item post-562 post type-post status-publish format-standard has-post-thumbnail hentry category-news-politik tag-ferienunterkuenfte tag-ferienvermietlizenz tag-touristiklizenz-costablanca\" role=\"listitem\">\n\t\t\t<div class=\"elementor-post__card\">\n\t\t\t\t<a class=\"elementor-post__thumbnail__link\" href=\"https:\/\/costablanca-magazin.com\/nb\/lokales\/news-politik\/zunahme-von-touristenunterkuenften-gemeinden-setzen-genehmigungen-aus\/\" tabindex=\"-1\" ><div class=\"elementor-post__thumbnail\"><img loading=\"lazy\" decoding=\"async\" width=\"200\" height=\"300\" src=\"https:\/\/costablanca-magazin.com\/wp-content\/uploads\/2024\/06\/strandex-200x300.jpg\" class=\"attachment-medium size-medium wp-image-10401\" alt=\"\" srcset=\"https:\/\/costablanca-magazin.com\/wp-content\/uploads\/2024\/06\/strandex-200x300.jpg 200w, https:\/\/costablanca-magazin.com\/wp-content\/uploads\/2024\/06\/strandex-8x12.jpg 8w, https:\/\/costablanca-magazin.com\/wp-content\/uploads\/2024\/06\/strandex.jpg 400w\" sizes=\"(max-width: 200px) 100vw, 200px\" \/><\/div><\/a>\n\t\t\t\t<div class=\"elementor-post__badge\">Nyheter og politikk<\/div>\n\t\t\t\t<div class=\"elementor-post__text\">\n\t\t\t\t<h2 class=\"elementor-post__title\">\n\t\t\t<a href=\"https:\/\/costablanca-magazin.com\/nb\/lokales\/news-politik\/zunahme-von-touristenunterkuenften-gemeinden-setzen-genehmigungen-aus\/\" >\n\t\t\t\t\u00d8kning i antall overnattingssteder: kommuner suspenderer konsesjoner\t\t\t<\/a>\n\t\t<\/h2>\n\t\t\t\t<div class=\"elementor-post__excerpt\">\n\t\t\t<p>\u00d8kning i antall turistovernattingssteder: kommuner suspenderer tillatelser \u00d8kning i antall turistovernattingssteder: kommuner suspenderer tillatelser I flere kommuner i Marina Baixa og Marina Alta \u00f8ker antallet turistovernattingssteder jevnt og trutt, noe som tvinger de kommunale myndighetene til \u00e5 ta grep. Calp, Altea, Polop og La Vila Joiosa har allerede reagert eller planlegger tiltak for \u00e5 minimere antallet turistovernattingssteder.<\/p>\n\t\t<\/div>\n\t\t\n\t\t<a class=\"elementor-post__read-more\" href=\"https:\/\/costablanca-magazin.com\/nb\/lokales\/news-politik\/zunahme-von-touristenunterkuenften-gemeinden-setzen-genehmigungen-aus\/\" aria-label=\"Read more about Zunahme von Touristenunterk\u00fcnften: Gemeinden setzen Genehmigungen aus\" tabindex=\"-1\" >\n\t\t\tLes mer \u00bb\t\t<\/a>\n\n\t\t\t\t<\/div>\n\t\t\t\t<div class=\"elementor-post__meta-data\">\n\t\t\t\t\t<span class=\"elementor-post-date\">\n\t\t\t11\/06\/2024\t\t<\/span>\n\t\t\t\t<\/div>\n\t\t\t\t\t<\/div>\n\t\t<\/article>\n\t\t\t\t<article class=\"elementor-post elementor-grid-item post-396 post type-post status-publish format-standard has-post-thumbnail hentry category-news-politik tag-ferienunterkuenfte tag-ferienvermietlizenz-calpe tag-touristiklizenz-calpe\" role=\"listitem\">\n\t\t\t<div class=\"elementor-post__card\">\n\t\t\t\t<a class=\"elementor-post__thumbnail__link\" href=\"https:\/\/costablanca-magazin.com\/nb\/lokales\/news-politik\/calpe-moegliche-begrenzung-von-touristenunterkuenften-wird-ueberprueft\/\" tabindex=\"-1\" ><div class=\"elementor-post__thumbnail\"><img loading=\"lazy\" decoding=\"async\" width=\"300\" height=\"225\" src=\"https:\/\/costablanca-magazin.com\/wp-content\/uploads\/2024\/05\/calpe1-300x225.jpg\" class=\"attachment-medium size-medium wp-image-124\" alt=\"Calpe-stranden med turistleiligheter\" srcset=\"https:\/\/costablanca-magazin.com\/wp-content\/uploads\/2024\/05\/calpe1-300x225.jpg 300w, https:\/\/costablanca-magazin.com\/wp-content\/uploads\/2024\/05\/calpe1.jpg 768w\" sizes=\"(max-width: 300px) 100vw, 300px\" \/><\/div><\/a>\n\t\t\t\t<div class=\"elementor-post__badge\">Nyheter og politikk<\/div>\n\t\t\t\t<div class=\"elementor-post__text\">\n\t\t\t\t<h2 class=\"elementor-post__title\">\n\t\t\t<a href=\"https:\/\/costablanca-magazin.com\/nb\/lokales\/news-politik\/calpe-moegliche-begrenzung-von-touristenunterkuenften-wird-ueberprueft\/\" >\n\t\t\t\tCalpe - Mulig begrensning av turistinnkvartering er under vurdering\t\t\t<\/a>\n\t\t<\/h2>\n\t\t\t\t<div class=\"elementor-post__excerpt\">\n\t\t\t<p>Calpe - Mulig begrensning av turistinnkvartering skal utredes Bystyret i Calpe har n\u00e5 bestemt seg for \u00e5 utrede reguleringen av denne sektoren med tanke p\u00e5 den kraftige \u00f8kningen av turistinnkvartering. I l\u00f8pet av halvannet \u00e5r har det blitt registrert over 1 000 nye ferieboliger, noe som bringer det totale antallet opp i 5 365. Dette tilsvarer rundt en femtedel av<\/p>\n\t\t<\/div>\n\t\t\n\t\t<a class=\"elementor-post__read-more\" href=\"https:\/\/costablanca-magazin.com\/nb\/lokales\/news-politik\/calpe-moegliche-begrenzung-von-touristenunterkuenften-wird-ueberprueft\/\" aria-label=\"Read more about Calpe &#8211; M\u00f6gliche Begrenzung von Touristenunterk\u00fcnften wird \u00fcberpr\u00fcft\" tabindex=\"-1\" >\n\t\t\tLes mer \u00bb\t\t<\/a>\n\n\t\t\t\t<\/div>\n\t\t\t\t<div class=\"elementor-post__meta-data\">\n\t\t\t\t\t<span class=\"elementor-post-date\">\n\t\t\t10\/06\/2024\t\t<\/span>\n\t\t\t\t<\/div>\n\t\t\t\t\t<\/div>\n\t\t<\/article>\n\t\t\t\t<article class=\"elementor-post elementor-grid-item post-385 post type-post status-publish format-standard has-post-thumbnail hentry category-news-politik tag-sanierung-villajoyossa\" role=\"listitem\">\n\t\t\t<div class=\"elementor-post__card\">\n\t\t\t\t<a class=\"elementor-post__thumbnail__link\" href=\"https:\/\/costablanca-magazin.com\/nb\/lokales\/news-politik\/sanierung-der-fussgaengerzugaenge-zum-strand-el-torres-in-la-vila-joiosa-beginnt\/\" tabindex=\"-1\" ><div class=\"elementor-post__thumbnail\"><img loading=\"lazy\" decoding=\"async\" width=\"300\" height=\"225\" src=\"https:\/\/costablanca-magazin.com\/wp-content\/uploads\/2024\/05\/Villajoyosa1-300x225.jpg\" class=\"attachment-medium size-medium wp-image-163\" alt=\"costablanca-livsstil-villajojossa\" srcset=\"https:\/\/costablanca-magazin.com\/wp-content\/uploads\/2024\/05\/Villajoyosa1-300x225.jpg 300w, https:\/\/costablanca-magazin.com\/wp-content\/uploads\/2024\/05\/Villajoyosa1.jpg 768w\" sizes=\"(max-width: 300px) 100vw, 300px\" \/><\/div><\/a>\n\t\t\t\t<div class=\"elementor-post__badge\">Nyheter og politikk<\/div>\n\t\t\t\t<div class=\"elementor-post__text\">\n\t\t\t\t<h2 class=\"elementor-post__title\">\n\t\t\t<a href=\"https:\/\/costablanca-magazin.com\/nb\/lokales\/news-politik\/sanierung-der-fussgaengerzugaenge-zum-strand-el-torres-in-la-vila-joiosa-beginnt\/\" >\n\t\t\t\tOppussing av gangveien til El Torres-stranden i La Vila Joiosa begynner\t\t\t<\/a>\n\t\t<\/h2>\n\t\t\t\t<div class=\"elementor-post__excerpt\">\n\t\t\t<p>Oppussing av gangbroene til El Torres-stranden i La Vila Joiosa La Vila Joiosa kommune har startet oppussingen av gangbroene fra strandpromenaden til El Torres-stranden. Prosjektet, som vil ta over en m\u00e5ned \u00e5 fullf\u00f8re, inneb\u00e6rer at de eksisterende strukturene p\u00e5 stranden fjernes, og<\/p>\n\t\t<\/div>\n\t\t\n\t\t<a class=\"elementor-post__read-more\" href=\"https:\/\/costablanca-magazin.com\/nb\/lokales\/news-politik\/sanierung-der-fussgaengerzugaenge-zum-strand-el-torres-in-la-vila-joiosa-beginnt\/\" aria-label=\"Read more about Sanierung der Fu\u00dfg\u00e4ngerzug\u00e4nge zum Strand El Torres in La Vila Joiosa beginnt\" tabindex=\"-1\" >\n\t\t\tLes mer \u00bb\t\t<\/a>\n\n\t\t\t\t<\/div>\n\t\t\t\t<div class=\"elementor-post__meta-data\">\n\t\t\t\t\t<span class=\"elementor-post-date\">\n\t\t\t10\/06\/2024\t\t<\/span>\n\t\t\t\t<\/div>\n\t\t\t\t\t<\/div>\n\t\t<\/article>\n\t\t\t\t<article class=\"elementor-post elementor-grid-item post-379 post type-post status-publish format-standard has-post-thumbnail hentry category-news-politik tag-europawahlen tag-pp-alicante tag-pp-spanien\" role=\"listitem\">\n\t\t\t<div class=\"elementor-post__card\">\n\t\t\t\t<a class=\"elementor-post__thumbnail__link\" href=\"https:\/\/costablanca-magazin.com\/nb\/lokales\/news-politik\/europawahlen-pp-behauptet-vorherrschaft-in-alicante-trotz-erstarken-der-extremen-rechten\/\" tabindex=\"-1\" ><div class=\"elementor-post__thumbnail\"><img loading=\"lazy\" decoding=\"async\" width=\"300\" height=\"169\" src=\"https:\/\/costablanca-magazin.com\/wp-content\/uploads\/2024\/06\/hand-holding-ballot-paper-for-election-vote-concep-2023-11-27-05-37-23-utc-300x169.jpg\" class=\"attachment-medium size-medium wp-image-380\" alt=\"EU-valget i Alicante: PP beholder dominansen\" srcset=\"https:\/\/costablanca-magazin.com\/wp-content\/uploads\/2024\/06\/hand-holding-ballot-paper-for-election-vote-concep-2023-11-27-05-37-23-utc-300x169.jpg 300w, https:\/\/costablanca-magazin.com\/wp-content\/uploads\/2024\/06\/hand-holding-ballot-paper-for-election-vote-concep-2023-11-27-05-37-23-utc-1024x576.jpg 1024w, https:\/\/costablanca-magazin.com\/wp-content\/uploads\/2024\/06\/hand-holding-ballot-paper-for-election-vote-concep-2023-11-27-05-37-23-utc-768x432.jpg 768w, https:\/\/costablanca-magazin.com\/wp-content\/uploads\/2024\/06\/hand-holding-ballot-paper-for-election-vote-concep-2023-11-27-05-37-23-utc-1536x864.jpg 1536w, https:\/\/costablanca-magazin.com\/wp-content\/uploads\/2024\/06\/hand-holding-ballot-paper-for-election-vote-concep-2023-11-27-05-37-23-utc-2048x1152.jpg 2048w\" sizes=\"(max-width: 300px) 100vw, 300px\" \/><\/div><\/a>\n\t\t\t\t<div class=\"elementor-post__badge\">Nyheter og politikk<\/div>\n\t\t\t\t<div class=\"elementor-post__text\">\n\t\t\t\t<h2 class=\"elementor-post__title\">\n\t\t\t<a href=\"https:\/\/costablanca-magazin.com\/nb\/lokales\/news-politik\/europawahlen-pp-behauptet-vorherrschaft-in-alicante-trotz-erstarken-der-extremen-rechten\/\" >\n\t\t\t\tValg til Europaparlamentet: PP beholder dominansen i Alicante til tross for ytre h\u00f8yres fremvekst\t\t\t<\/a>\n\t\t<\/h2>\n\t\t\t\t<div class=\"elementor-post__excerpt\">\n\t\t\t<p>Valget til Europaparlamentet: PP beholder dominansen i Alicante til tross for ytre h\u00f8yres fremvekst Valget til Europaparlamentet i Alicante-regionen ga et spennende resultat. Partido Popular (PP) under ledelse av Luis Barcala klarte nok en gang \u00e5 vinne flertallet i Alicante by. Med en andel p\u00e5 39,43% av stemmene fikk PP<\/p>\n\t\t<\/div>\n\t\t\n\t\t<a class=\"elementor-post__read-more\" href=\"https:\/\/costablanca-magazin.com\/nb\/lokales\/news-politik\/europawahlen-pp-behauptet-vorherrschaft-in-alicante-trotz-erstarken-der-extremen-rechten\/\" aria-label=\"Read more about Europawahlen: PP behauptet Vorherrschaft in Alicante trotz Erstarken der extremen Rechten\" tabindex=\"-1\" >\n\t\t\tLes mer \u00bb\t\t<\/a>\n\n\t\t\t\t<\/div>\n\t\t\t\t<div class=\"elementor-post__meta-data\">\n\t\t\t\t\t<span class=\"elementor-post-date\">\n\t\t\t10\/06\/2024\t\t<\/span>\n\t\t\t\t<\/div>\n\t\t\t\t\t<\/div>\n\t\t<\/article>\n\t\t\t\t<article class=\"elementor-post elementor-grid-item post-373 post type-post status-publish format-standard has-post-thumbnail hentry category-news-politik tag-flughafen-alicante tag-neue-rollbahn-alicante\" role=\"listitem\">\n\t\t\t<div class=\"elementor-post__card\">\n\t\t\t\t<a class=\"elementor-post__thumbnail__link\" href=\"https:\/\/costablanca-magazin.com\/nb\/lokales\/news-politik\/neue-rollbahn-fuer-den-flughafen-alicante-elche-ausgeschrieben\/\" tabindex=\"-1\" ><div class=\"elementor-post__thumbnail\"><img loading=\"lazy\" decoding=\"async\" width=\"300\" height=\"200\" src=\"https:\/\/costablanca-magazin.com\/wp-content\/uploads\/2024\/06\/Landebahn-view-of-the-runways-of-airport-2023-11-27-05-23-08-utc-300x200.jpg\" class=\"attachment-medium size-medium wp-image-374\" alt=\"Ny taksebane for Alicante-Elche flyplass lagt ut p\u00e5 anbud\" srcset=\"https:\/\/costablanca-magazin.com\/wp-content\/uploads\/2024\/06\/Landebahn-view-of-the-runways-of-airport-2023-11-27-05-23-08-utc-300x200.jpg 300w, https:\/\/costablanca-magazin.com\/wp-content\/uploads\/2024\/06\/Landebahn-view-of-the-runways-of-airport-2023-11-27-05-23-08-utc-1024x684.jpg 1024w, https:\/\/costablanca-magazin.com\/wp-content\/uploads\/2024\/06\/Landebahn-view-of-the-runways-of-airport-2023-11-27-05-23-08-utc-768x513.jpg 768w, https:\/\/costablanca-magazin.com\/wp-content\/uploads\/2024\/06\/Landebahn-view-of-the-runways-of-airport-2023-11-27-05-23-08-utc-1536x1025.jpg 1536w, https:\/\/costablanca-magazin.com\/wp-content\/uploads\/2024\/06\/Landebahn-view-of-the-runways-of-airport-2023-11-27-05-23-08-utc-2048x1367.jpg 2048w\" sizes=\"(max-width: 300px) 100vw, 300px\" \/><\/div><\/a>\n\t\t\t\t<div class=\"elementor-post__badge\">Nyheter og politikk<\/div>\n\t\t\t\t<div class=\"elementor-post__text\">\n\t\t\t\t<h2 class=\"elementor-post__title\">\n\t\t\t<a href=\"https:\/\/costablanca-magazin.com\/nb\/lokales\/news-politik\/neue-rollbahn-fuer-den-flughafen-alicante-elche-ausgeschrieben\/\" >\n\t\t\t\tNy taksebane for Alicante-Elche flyplass lagt ut p\u00e5 anbud\t\t\t<\/a>\n\t\t<\/h2>\n\t\t\t\t<div class=\"elementor-post__excerpt\">\n\t\t\t<p>Ny taksebane til Alicante-Elche flyplass lagt ut p\u00e5 anbud Aena har lagt ut en ny taksebane til Alicante-Elche flyplass p\u00e5 anbud som forberedelse til den planlagte utvidelsen. Arbeidet, som forventes \u00e5 koste 17,5 millioner euro, vil \u00f8ke hastigheten p\u00e5 flytrafikken fra parkeringsplassene til rullebanen og \u00f8ke flyplassens effektivitet. Byggeperioden er p\u00e5 27 m\u00e5neder,<\/p>\n\t\t<\/div>\n\t\t\n\t\t<a class=\"elementor-post__read-more\" href=\"https:\/\/costablanca-magazin.com\/nb\/lokales\/news-politik\/neue-rollbahn-fuer-den-flughafen-alicante-elche-ausgeschrieben\/\" aria-label=\"Read more about Neue Rollbahn f\u00fcr den Flughafen Alicante-Elche ausgeschrieben\" tabindex=\"-1\" >\n\t\t\tLes mer \u00bb\t\t<\/a>\n\n\t\t\t\t<\/div>\n\t\t\t\t<div class=\"elementor-post__meta-data\">\n\t\t\t\t\t<span class=\"elementor-post-date\">\n\t\t\t10\/06\/2024\t\t<\/span>\n\t\t\t\t<\/div>\n\t\t\t\t\t<\/div>\n\t\t<\/article>\n\t\t\t\t<\/div>\n\t\t\n\t\t\t\t\t\t<\/div>\n\t\t\t\t<\/div>\n\t\t\t\t\t<\/div>\n\t\t\t\t<\/div>\n\t\t\t\t<\/div>","protected":false},"excerpt":{"rendered":"<p>In den lokalen News &#038; Politik Berichten finde ich Aktuelle Stimmen aus der Gemeinde, Entwicklungen Hintergr\u00fcnde zur Entscheidung, an pers\u00f6nliche Reaktionen der Betroffenen, der Zahlen zur Entwicklung, Costa Kommentare von Experten und Blanca Hinweise auf n\u00e4chste Schritte. Lokales &#8211; News &amp; Politik<\/p>","protected":false},"author":1,"featured_media":0,"parent":0,"menu_order":0,"comment_status":"closed","ping_status":"closed","template":"elementor_header_footer","meta":{"om_disable_all_campaigns":false,"_monsterinsights_skip_tracking":false,"_monsterinsights_sitenote_active":false,"_monsterinsights_sitenote_note":"","_monsterinsights_sitenote_category":0,"footnotes":""},"class_list":["post-4519","page","type-page","status-publish","hentry"],"aioseo_notices":[],"_links":{"self":[{"href":"https:\/\/costablanca-magazin.com\/nb\/wp-json\/wp\/v2\/pages\/4519","targetHints":{"allow":["GET"]}}],"collection":[{"href":"https:\/\/costablanca-magazin.com\/nb\/wp-json\/wp\/v2\/pages"}],"about":[{"href":"https:\/\/costablanca-magazin.com\/nb\/wp-json\/wp\/v2\/types\/page"}],"author":[{"embeddable":true,"href":"https:\/\/costablanca-magazin.com\/nb\/wp-json\/wp\/v2\/users\/1"}],"replies":[{"embeddable":true,"href":"https:\/\/costablanca-magazin.com\/nb\/wp-json\/wp\/v2\/comments?post=4519"}],"version-history":[{"count":24,"href":"https:\/\/costablanca-magazin.com\/nb\/wp-json\/wp\/v2\/pages\/4519\/revisions"}],"predecessor-version":[{"id":10365,"href":"https:\/\/costablanca-magazin.com\/nb\/wp-json\/wp\/v2\/pages\/4519\/revisions\/10365"}],"wp:attachment":[{"href":"https:\/\/costablanca-magazin.com\/nb\/wp-json\/wp\/v2\/media?parent=4519"}],"curies":[{"name":"wp","href":"https:\/\/api.w.org\/{rel}","templated":true}]}}