{"id":316,"date":"2024-06-05T19:58:37","date_gmt":"2024-06-05T17:58:37","guid":{"rendered":"https:\/\/costablanca-magazin.com\/?page_id=316"},"modified":"2026-07-12T13:26:45","modified_gmt":"2026-07-12T11:26:45","slug":"fritid","status":"publish","type":"page","link":"https:\/\/costablanca-magazin.com\/nb\/freizeit\/","title":{"rendered":"Fritid"},"content":{"rendered":"<div data-elementor-type=\"wp-page\" data-elementor-id=\"316\" class=\"elementor elementor-316\" data-elementor-post-type=\"page\">\n\t\t\t\t<div class=\"elementor-element elementor-element-8cadd28 e-flex e-con-boxed e-con e-parent\" data-id=\"8cadd28\" data-element_type=\"container\" data-e-type=\"container\">\n\t\t\t\t\t<div class=\"e-con-inner\">\n\t\t\t\t<div class=\"elementor-element elementor-element-4946247 elementor-widget elementor-widget-heading\" data-id=\"4946247\" data-element_type=\"widget\" data-e-type=\"widget\" data-widget_type=\"heading.default\">\n\t\t\t\t<div class=\"elementor-widget-container\">\n\t\t\t\t\t<h1 class=\"elementor-heading-title elementor-size-default\">Fritid<\/h1>\t\t\t\t<\/div>\n\t\t\t\t<\/div>\n\t\t\t\t\t<\/div>\n\t\t\t\t<\/div>\n\t\t<div class=\"elementor-element elementor-element-1b42243 e-flex e-con-boxed e-con e-parent\" data-id=\"1b42243\" data-element_type=\"container\" data-e-type=\"container\">\n\t\t\t\t\t<div class=\"e-con-inner\">\n\t\t\t\t<div class=\"elementor-element elementor-element-997b8c2 elementor-grid-3 elementor-grid-tablet-2 elementor-grid-mobile-1 elementor-posts--thumbnail-top elementor-card-shadow-yes elementor-posts__hover-gradient elementor-widget elementor-widget-posts\" data-id=\"997b8c2\" data-element_type=\"widget\" data-e-type=\"widget\" data-settings=\"{&quot;pagination_type&quot;:&quot;numbers&quot;,&quot;cards_columns&quot;:&quot;3&quot;,&quot;cards_columns_tablet&quot;:&quot;2&quot;,&quot;cards_columns_mobile&quot;:&quot;1&quot;,&quot;cards_row_gap&quot;:{&quot;unit&quot;:&quot;px&quot;,&quot;size&quot;:35,&quot;sizes&quot;:[]},&quot;cards_row_gap_tablet&quot;:{&quot;unit&quot;:&quot;px&quot;,&quot;size&quot;:&quot;&quot;,&quot;sizes&quot;:[]},&quot;cards_row_gap_mobile&quot;:{&quot;unit&quot;:&quot;px&quot;,&quot;size&quot;:&quot;&quot;,&quot;sizes&quot;:[]}}\" data-widget_type=\"posts.cards\">\n\t\t\t\t<div class=\"elementor-widget-container\">\n\t\t\t\t\t\t\t<div class=\"elementor-posts-container elementor-posts elementor-posts--skin-cards elementor-grid\" role=\"list\">\n\t\t\t\t<article class=\"elementor-post elementor-grid-item post-11888 post type-post status-publish format-standard has-post-thumbnail hentry category-veranstaltungen-events tag-fiestas-costa-blanca tag-konzerte-costa-blanca tag-maerkte-costa-blanca tag-veranstaltungen-costa-blanca\" role=\"listitem\">\n\t\t\t<div class=\"elementor-post__card\">\n\t\t\t\t<a class=\"elementor-post__thumbnail__link\" href=\"https:\/\/costablanca-magazin.com\/nb\/freizeit\/veranstaltungen-events\/costa-blanca-veranstaltungen-juli-und-august-2026\/\" tabindex=\"-1\" ><div class=\"elementor-post__thumbnail\"><img fetchpriority=\"high\" decoding=\"async\" width=\"300\" height=\"201\" src=\"https:\/\/costablanca-magazin.com\/wp-content\/uploads\/2026\/07\/AdobeStock_111603363-300x201.jpg\" class=\"attachment-medium size-medium wp-image-11889\" alt=\"Arrangementer p\u00e5 Costa Blanca: juli og august 2026\" srcset=\"https:\/\/costablanca-magazin.com\/wp-content\/uploads\/2026\/07\/AdobeStock_111603363-300x201.jpg 300w, https:\/\/costablanca-magazin.com\/wp-content\/uploads\/2026\/07\/AdobeStock_111603363-1024x685.jpg 1024w, https:\/\/costablanca-magazin.com\/wp-content\/uploads\/2026\/07\/AdobeStock_111603363-768x514.jpg 768w, https:\/\/costablanca-magazin.com\/wp-content\/uploads\/2026\/07\/AdobeStock_111603363-18x12.jpg 18w, https:\/\/costablanca-magazin.com\/wp-content\/uploads\/2026\/07\/AdobeStock_111603363.jpg 1200w\" sizes=\"(max-width: 300px) 100vw, 300px\" \/><\/div><\/a>\n\t\t\t\t<div class=\"elementor-post__badge\">Arrangementer og begivenheter<\/div>\n\t\t\t\t<div class=\"elementor-post__text\">\n\t\t\t\t<h2 class=\"elementor-post__title\">\n\t\t\t<a href=\"https:\/\/costablanca-magazin.com\/nb\/freizeit\/veranstaltungen-events\/costa-blanca-veranstaltungen-juli-und-august-2026\/\" >\n\t\t\t\tArrangementer p\u00e5 Costa Blanca: juli og august 2026\t\t\t<\/a>\n\t\t<\/h2>\n\t\t\t\t<div class=\"elementor-post__excerpt\">\n\t\t\t<p>Veranstaltungen an der Costa Blanca im Juli und August 2026 Fiestas, Patronatsfeste, Konzerte und Sommerkino: Die wichtigsten Veranstaltungen an der Costa Blanca von Mitte Juli bis Ende August 2026. An der Costa Blanca ist der Veranstaltungskalender zwischen Mitte Juli und Ende August besonders dicht. In D\u00e9nia, Calpe, Altea, Benidorm, Villajoyosa,<\/p>\n\t\t<\/div>\n\t\t\n\t\t<a class=\"elementor-post__read-more\" href=\"https:\/\/costablanca-magazin.com\/nb\/freizeit\/veranstaltungen-events\/costa-blanca-veranstaltungen-juli-und-august-2026\/\" aria-label=\"Read more about Costa Blanca Veranstaltungen: Juli und August 2026\" tabindex=\"-1\" >\n\t\t\tLes mer \u00bb\t\t<\/a>\n\n\t\t\t\t<\/div>\n\t\t\t\t\t<\/div>\n\t\t<\/article>\n\t\t\t\t<article class=\"elementor-post elementor-grid-item post-11757 post type-post status-publish format-standard has-post-thumbnail hentry category-aktivitaeten-und-ausfluege category-familie-kinder tag-ausfluege-mit-kindern-costa-blanca\" role=\"listitem\">\n\t\t\t<div class=\"elementor-post__card\">\n\t\t\t\t<a class=\"elementor-post__thumbnail__link\" href=\"https:\/\/costablanca-magazin.com\/nb\/freizeit\/familie-kinder\/wasserparks-costa-blanca-abkuehlung-mit-kindern\/\" tabindex=\"-1\" ><div class=\"elementor-post__thumbnail\"><img decoding=\"async\" width=\"300\" height=\"217\" src=\"https:\/\/costablanca-magazin.com\/wp-content\/uploads\/2026\/06\/wasserparks-an-der-Costablanca-300x217.jpg\" class=\"attachment-medium size-medium wp-image-11765\" alt=\"Vannparker p\u00e5 Costa Blanca: Avkj\u00f8ling med barna\" srcset=\"https:\/\/costablanca-magazin.com\/wp-content\/uploads\/2026\/06\/wasserparks-an-der-Costablanca-300x217.jpg 300w, https:\/\/costablanca-magazin.com\/wp-content\/uploads\/2026\/06\/wasserparks-an-der-Costablanca-1024x739.jpg 1024w, https:\/\/costablanca-magazin.com\/wp-content\/uploads\/2026\/06\/wasserparks-an-der-Costablanca-768x554.jpg 768w, https:\/\/costablanca-magazin.com\/wp-content\/uploads\/2026\/06\/wasserparks-an-der-Costablanca-18x12.jpg 18w, https:\/\/costablanca-magazin.com\/wp-content\/uploads\/2026\/06\/wasserparks-an-der-Costablanca.jpg 1200w\" sizes=\"(max-width: 300px) 100vw, 300px\" \/><\/div><\/a>\n\t\t\t\t<div class=\"elementor-post__badge\">Aktiviteter og utflukter<\/div>\n\t\t\t\t<div class=\"elementor-post__text\">\n\t\t\t\t<h2 class=\"elementor-post__title\">\n\t\t\t<a href=\"https:\/\/costablanca-magazin.com\/nb\/freizeit\/familie-kinder\/wasserparks-costa-blanca-abkuehlung-mit-kindern\/\" >\n\t\t\t\tVannparker p\u00e5 Costa Blanca: Avkj\u00f8ling med barna\t\t\t<\/a>\n\t\t<\/h2>\n\t\t\t\t<div class=\"elementor-post__excerpt\">\n\t\t\t<p>K\u00fchles Nass mit Kids: Wasserparks an der Costa Blanca Sand im Auto, volle Str\u00e4nde, hei\u00dfe Nachmittage: Familien an der Costa Blanca brauchen im Sommer manchmal eine Alternative. Zwischen Benidorm und Torrevieja gibt es mehrere Wasserparks \u2013 von gro\u00dfem Rutschenspektakel bis zum \u00fcberschaubaren Aquapark f\u00fcr j\u00fcngere Kinder. Wenn der Strand mal<\/p>\n\t\t<\/div>\n\t\t\n\t\t<a class=\"elementor-post__read-more\" href=\"https:\/\/costablanca-magazin.com\/nb\/freizeit\/familie-kinder\/wasserparks-costa-blanca-abkuehlung-mit-kindern\/\" aria-label=\"Read more about Wasserparks Costa Blanca: Abk\u00fchlung mit Kindern\" tabindex=\"-1\" >\n\t\t\tLes mer \u00bb\t\t<\/a>\n\n\t\t\t\t<\/div>\n\t\t\t\t\t<\/div>\n\t\t<\/article>\n\t\t\t\t<article class=\"elementor-post elementor-grid-item post-11688 post type-post status-publish format-standard has-post-thumbnail hentry category-veranstaltungen-events tag-fiestas-costa-blanca tag-konzerte-costa-blanca tag-maerkte-costa-blanca tag-veranstaltungen-costa-blanca\" role=\"listitem\">\n\t\t\t<div class=\"elementor-post__card\">\n\t\t\t\t<a class=\"elementor-post__thumbnail__link\" href=\"https:\/\/costablanca-magazin.com\/nb\/freizeit\/veranstaltungen-events\/veranstaltungen-an-der-costa-blanca-juni-und-juli-2026\/\" tabindex=\"-1\" ><div class=\"elementor-post__thumbnail\"><img decoding=\"async\" width=\"300\" height=\"200\" src=\"https:\/\/costablanca-magazin.com\/wp-content\/uploads\/2026\/06\/adults-celebrating-new-year-s-eve-with-champagne-2026-03-18-11-58-22-utc-300x200.jpg\" class=\"attachment-medium size-medium wp-image-11689\" alt=\"Arrangementer p\u00e5 Costa Blanca juni\/juli 2026\" srcset=\"https:\/\/costablanca-magazin.com\/wp-content\/uploads\/2026\/06\/adults-celebrating-new-year-s-eve-with-champagne-2026-03-18-11-58-22-utc-300x200.jpg 300w, https:\/\/costablanca-magazin.com\/wp-content\/uploads\/2026\/06\/adults-celebrating-new-year-s-eve-with-champagne-2026-03-18-11-58-22-utc-1024x684.jpg 1024w, https:\/\/costablanca-magazin.com\/wp-content\/uploads\/2026\/06\/adults-celebrating-new-year-s-eve-with-champagne-2026-03-18-11-58-22-utc-768x513.jpg 768w, https:\/\/costablanca-magazin.com\/wp-content\/uploads\/2026\/06\/adults-celebrating-new-year-s-eve-with-champagne-2026-03-18-11-58-22-utc-1536x1025.jpg 1536w, https:\/\/costablanca-magazin.com\/wp-content\/uploads\/2026\/06\/adults-celebrating-new-year-s-eve-with-champagne-2026-03-18-11-58-22-utc-2048x1367.jpg 2048w, https:\/\/costablanca-magazin.com\/wp-content\/uploads\/2026\/06\/adults-celebrating-new-year-s-eve-with-champagne-2026-03-18-11-58-22-utc-18x12.jpg 18w\" sizes=\"(max-width: 300px) 100vw, 300px\" \/><\/div><\/a>\n\t\t\t\t<div class=\"elementor-post__badge\">Arrangementer og begivenheter<\/div>\n\t\t\t\t<div class=\"elementor-post__text\">\n\t\t\t\t<h2 class=\"elementor-post__title\">\n\t\t\t<a href=\"https:\/\/costablanca-magazin.com\/nb\/freizeit\/veranstaltungen-events\/veranstaltungen-an-der-costa-blanca-juni-und-juli-2026\/\" >\n\t\t\t\tArrangementer p\u00e5 Costa Blanca i juni og juli 2026\t\t\t<\/a>\n\t\t<\/h2>\n\t\t\t\t<div class=\"elementor-post__excerpt\">\n\t\t\t<p>Arrangementer p\u00e5 Costa Blanca juni\/juli 2026 Fester, konserter, markeder og kulturelle begivenheter p\u00e5 Costa Blanca fra 15. juni til 31. juli 2026 \u2013 fra D\u00e9nia til Torrevieja. Denne oversikten samler de viktigste arrangementene p\u00e5 Costa Blanca fra 15. juni til 31. juli 2026 \u2013 fra D\u00e9nia til Torrevieja.<\/p>\n\t\t<\/div>\n\t\t\n\t\t<a class=\"elementor-post__read-more\" href=\"https:\/\/costablanca-magazin.com\/nb\/freizeit\/veranstaltungen-events\/veranstaltungen-an-der-costa-blanca-juni-und-juli-2026\/\" aria-label=\"Read more about Veranstaltungen an der Costa Blanca Juni und Juli 2026\" tabindex=\"-1\" >\n\t\t\tLes mer \u00bb\t\t<\/a>\n\n\t\t\t\t<\/div>\n\t\t\t\t\t<\/div>\n\t\t<\/article>\n\t\t\t\t<article class=\"elementor-post elementor-grid-item post-11484 post type-post status-publish format-standard has-post-thumbnail hentry category-veranstaltungen-events\" role=\"listitem\">\n\t\t\t<div class=\"elementor-post__card\">\n\t\t\t\t<a class=\"elementor-post__thumbnail__link\" href=\"https:\/\/costablanca-magazin.com\/nb\/freizeit\/veranstaltungen-events\/veranstaltungen-un-events-an-der-costa-blanca-mai-2026\/\" tabindex=\"-1\" ><div class=\"elementor-post__thumbnail\"><img loading=\"lazy\" decoding=\"async\" width=\"300\" height=\"169\" src=\"https:\/\/costablanca-magazin.com\/wp-content\/uploads\/2026\/05\/AdobeStock_296419932-300x169.jpeg\" class=\"attachment-medium size-medium wp-image-11485\" alt=\"Arrangementer Costa Blanca - mai 2026\" srcset=\"https:\/\/costablanca-magazin.com\/wp-content\/uploads\/2026\/05\/AdobeStock_296419932-300x169.jpeg 300w, https:\/\/costablanca-magazin.com\/wp-content\/uploads\/2026\/05\/AdobeStock_296419932-1024x576.jpeg 1024w, https:\/\/costablanca-magazin.com\/wp-content\/uploads\/2026\/05\/AdobeStock_296419932-768x432.jpeg 768w, https:\/\/costablanca-magazin.com\/wp-content\/uploads\/2026\/05\/AdobeStock_296419932-1536x864.jpeg 1536w, https:\/\/costablanca-magazin.com\/wp-content\/uploads\/2026\/05\/AdobeStock_296419932-2048x1152.jpeg 2048w, https:\/\/costablanca-magazin.com\/wp-content\/uploads\/2026\/05\/AdobeStock_296419932-18x10.jpeg 18w, https:\/\/costablanca-magazin.com\/wp-content\/uploads\/2026\/05\/AdobeStock_296419932-1200x675-cbm16x9.webp 1200w\" sizes=\"(max-width: 300px) 100vw, 300px\" \/><\/div><\/a>\n\t\t\t\t<div class=\"elementor-post__badge\">Arrangementer og begivenheter<\/div>\n\t\t\t\t<div class=\"elementor-post__text\">\n\t\t\t\t<h2 class=\"elementor-post__title\">\n\t\t\t<a href=\"https:\/\/costablanca-magazin.com\/nb\/freizeit\/veranstaltungen-events\/veranstaltungen-un-events-an-der-costa-blanca-mai-2026\/\" >\n\t\t\t\tArrangementer p\u00e5 Costa Blanca - mai 2026\t\t\t<\/a>\n\t\t<\/h2>\n\t\t\t\t<div class=\"elementor-post__excerpt\">\n\t\t\t<p>Arrangementer Costa Blanca - Mai 2026 Arrangementer i mai p\u00e5 Costa Blanca: Kultur, konserter, teater, arrangementer, fiestaer og lokale datoer fra D\u00e9nia til Torrevieja p\u00e5 et \u00f8yeblikk. Mai bringer bevegelse til Costa Blanca-kalenderen. I Torrevieja byr Feria de Mayo p\u00e5 andalusisk festivalkultur med casetas,<\/p>\n\t\t<\/div>\n\t\t\n\t\t<a class=\"elementor-post__read-more\" href=\"https:\/\/costablanca-magazin.com\/nb\/freizeit\/veranstaltungen-events\/veranstaltungen-un-events-an-der-costa-blanca-mai-2026\/\" aria-label=\"Les mer om Arrangementer p\u00e5 Costa Blanca - mai 2026\" tabindex=\"-1\" >\n\t\t\tLes mer \u00bb\t\t<\/a>\n\n\t\t\t\t<\/div>\n\t\t\t\t\t<\/div>\n\t\t<\/article>\n\t\t\t\t<article class=\"elementor-post elementor-grid-item post-11423 post type-post status-publish format-standard has-post-thumbnail hentry category-veranstaltungen-events tag-feiertage-costa-blanca tag-fiestas-costa-blanca tag-moros-y-cristianos-costa-blanca\" role=\"listitem\">\n\t\t\t<div class=\"elementor-post__card\">\n\t\t\t\t<a class=\"elementor-post__thumbnail__link\" href=\"https:\/\/costablanca-magazin.com\/nb\/freizeit\/veranstaltungen-events\/moros-y-cristianos-costa-blanca-2026-termine-und-feste\/\" tabindex=\"-1\" ><div class=\"elementor-post__thumbnail\"><img loading=\"lazy\" decoding=\"async\" width=\"300\" height=\"135\" src=\"https:\/\/costablanca-magazin.com\/wp-content\/uploads\/2025\/09\/calpe-moros-300x135.jpg\" class=\"attachment-medium size-medium wp-image-8738\" alt=\"calpe moros y cristianos\" srcset=\"https:\/\/costablanca-magazin.com\/wp-content\/uploads\/2025\/09\/calpe-moros-300x135.jpg 300w, https:\/\/costablanca-magazin.com\/wp-content\/uploads\/2025\/09\/calpe-moros-1024x460.jpg 1024w, https:\/\/costablanca-magazin.com\/wp-content\/uploads\/2025\/09\/calpe-moros-768x345.jpg 768w, https:\/\/costablanca-magazin.com\/wp-content\/uploads\/2025\/09\/calpe-moros.jpg 1200w\" sizes=\"(max-width: 300px) 100vw, 300px\" \/><\/div><\/a>\n\t\t\t\t<div class=\"elementor-post__badge\">Arrangementer og begivenheter<\/div>\n\t\t\t\t<div class=\"elementor-post__text\">\n\t\t\t\t<h2 class=\"elementor-post__title\">\n\t\t\t<a href=\"https:\/\/costablanca-magazin.com\/nb\/freizeit\/veranstaltungen-events\/moros-y-cristianos-costa-blanca-2026-termine-und-feste\/\" >\n\t\t\t\tMoros y Cristianos Costa Blanca 2026 - Datoer og festligheter\t\t\t<\/a>\n\t\t<\/h2>\n\t\t\t\t<div class=\"elementor-post__excerpt\">\n\t\t\t<p>Moros y Cristianos Costa Blanca 2026 - Datoer og festligheter Hvorfor disse festene er mer enn bare fargerike parader F\u00f8rst kommer trommene. S\u00e5 hornene. S\u00e5 fylles gatene med tunge stoffer, skinnende hjelmer, fj\u00e6rkroner, faner, hester og grupper som ikke bare \u201eg\u00e5r forbi\u201c, men som har forberedt seg i m\u00e5nedsvis.<\/p>\n\t\t<\/div>\n\t\t\n\t\t<a class=\"elementor-post__read-more\" href=\"https:\/\/costablanca-magazin.com\/nb\/freizeit\/veranstaltungen-events\/moros-y-cristianos-costa-blanca-2026-termine-und-feste\/\" aria-label=\"Les mer om Moros y Cristianos Costa Blanca 2026 - Datoer og festligheter\" tabindex=\"-1\" >\n\t\t\tLes mer \u00bb\t\t<\/a>\n\n\t\t\t\t<\/div>\n\t\t\t\t\t<\/div>\n\t\t<\/article>\n\t\t\t\t<article class=\"elementor-post elementor-grid-item post-11337 post type-post status-publish format-standard has-post-thumbnail hentry category-veranstaltungen-events tag-feiertage-costa-blanca tag-fiestas-costa-blanca\" role=\"listitem\">\n\t\t\t<div class=\"elementor-post__card\">\n\t\t\t\t<a class=\"elementor-post__thumbnail__link\" href=\"https:\/\/costablanca-magazin.com\/nb\/freizeit\/veranstaltungen-events\/april-an-der-costa-blanca-events-und-ostern-2026\/\" tabindex=\"-1\" ><div class=\"elementor-post__thumbnail\"><img loading=\"lazy\" decoding=\"async\" width=\"300\" height=\"200\" src=\"https:\/\/costablanca-magazin.com\/wp-content\/uploads\/2026\/04\/crowd-in-costumes-in-semana-santa-festival-capture-2026-03-18-07-56-36-utc-300x200.jpeg\" class=\"attachment-medium size-medium wp-image-11338\" alt=\"April p\u00e5 Costa Blanca: arrangementer, p\u00e5ske og arrangementer 2026\" srcset=\"https:\/\/costablanca-magazin.com\/wp-content\/uploads\/2026\/04\/crowd-in-costumes-in-semana-santa-festival-capture-2026-03-18-07-56-36-utc-300x200.jpeg 300w, https:\/\/costablanca-magazin.com\/wp-content\/uploads\/2026\/04\/crowd-in-costumes-in-semana-santa-festival-capture-2026-03-18-07-56-36-utc-1024x684.jpeg 1024w, https:\/\/costablanca-magazin.com\/wp-content\/uploads\/2026\/04\/crowd-in-costumes-in-semana-santa-festival-capture-2026-03-18-07-56-36-utc-768x513.jpeg 768w, https:\/\/costablanca-magazin.com\/wp-content\/uploads\/2026\/04\/crowd-in-costumes-in-semana-santa-festival-capture-2026-03-18-07-56-36-utc-1536x1026.jpeg 1536w, https:\/\/costablanca-magazin.com\/wp-content\/uploads\/2026\/04\/crowd-in-costumes-in-semana-santa-festival-capture-2026-03-18-07-56-36-utc-2048x1368.jpeg 2048w, https:\/\/costablanca-magazin.com\/wp-content\/uploads\/2026\/04\/crowd-in-costumes-in-semana-santa-festival-capture-2026-03-18-07-56-36-utc-18x12.jpeg 18w\" sizes=\"(max-width: 300px) 100vw, 300px\" \/><\/div><\/a>\n\t\t\t\t<div class=\"elementor-post__badge\">Arrangementer og begivenheter<\/div>\n\t\t\t\t<div class=\"elementor-post__text\">\n\t\t\t\t<h2 class=\"elementor-post__title\">\n\t\t\t<a href=\"https:\/\/costablanca-magazin.com\/nb\/freizeit\/veranstaltungen-events\/april-an-der-costa-blanca-events-und-ostern-2026\/\" >\n\t\t\t\tApril p\u00e5 Costa Blanca - Arrangementer og p\u00e5ske 2026\t\t\t<\/a>\n\t\t<\/h2>\n\t\t\t\t<div class=\"elementor-post__excerpt\">\n\t\t\t<p>April p\u00e5 Costa Blanca: Arrangementer, p\u00e5ske og begivenheter 2026 Mellom Semana Santa, sceneprogram og byfestivaler viser arrangementskalenderen i april hvor ulikt byene langs Costa Blanca former v\u00e5ren. April bringer bevegelse inn i kalenderen p\u00e5 Costa Blanca. For det f\u00f8rste Semana Santa med sine prosesjoner,<\/p>\n\t\t<\/div>\n\t\t\n\t\t<a class=\"elementor-post__read-more\" href=\"https:\/\/costablanca-magazin.com\/nb\/freizeit\/veranstaltungen-events\/april-an-der-costa-blanca-events-und-ostern-2026\/\" aria-label=\"Les mer om April p\u00e5 Costa Blanca - Arrangementer og p\u00e5ske 2026\" tabindex=\"-1\" >\n\t\t\tLes mer \u00bb\t\t<\/a>\n\n\t\t\t\t<\/div>\n\t\t\t\t\t<\/div>\n\t\t<\/article>\n\t\t\t\t<article class=\"elementor-post elementor-grid-item post-11128 post type-post status-publish format-standard has-post-thumbnail hentry category-aktivitaeten-und-ausfluege tag-feiertage-costa-blanca\" role=\"listitem\">\n\t\t\t<div class=\"elementor-post__card\">\n\t\t\t\t<a class=\"elementor-post__thumbnail__link\" href=\"https:\/\/costablanca-magazin.com\/nb\/freizeit\/aktivitaeten-und-ausfluege\/ostern-an-der-costa-blanca-semana-santa-und-prozessionen\/\" tabindex=\"-1\" ><div class=\"elementor-post__thumbnail\"><img loading=\"lazy\" decoding=\"async\" width=\"200\" height=\"300\" src=\"https:\/\/costablanca-magazin.com\/wp-content\/uploads\/2025\/03\/people-wearing-uniforms-and-bearing-the-statue-of-2025-02-09-13-18-51-utc-200x300.jpg\" class=\"attachment-medium size-medium wp-image-5306\" alt=\"P\u00e5ske og historie: De viktigste kirkene og religi\u00f8se stedene p\u00e5 Costa Blanca 2\" srcset=\"https:\/\/costablanca-magazin.com\/wp-content\/uploads\/2025\/03\/people-wearing-uniforms-and-bearing-the-statue-of-2025-02-09-13-18-51-utc-200x300.jpg 200w, https:\/\/costablanca-magazin.com\/wp-content\/uploads\/2025\/03\/people-wearing-uniforms-and-bearing-the-statue-of-2025-02-09-13-18-51-utc-683x1024.jpg 683w, https:\/\/costablanca-magazin.com\/wp-content\/uploads\/2025\/03\/people-wearing-uniforms-and-bearing-the-statue-of-2025-02-09-13-18-51-utc-768x1152.jpg 768w, https:\/\/costablanca-magazin.com\/wp-content\/uploads\/2025\/03\/people-wearing-uniforms-and-bearing-the-statue-of-2025-02-09-13-18-51-utc-1024x1536.jpg 1024w, https:\/\/costablanca-magazin.com\/wp-content\/uploads\/2025\/03\/people-wearing-uniforms-and-bearing-the-statue-of-2025-02-09-13-18-51-utc-1365x2048.jpg 1365w, https:\/\/costablanca-magazin.com\/wp-content\/uploads\/2025\/03\/people-wearing-uniforms-and-bearing-the-statue-of-2025-02-09-13-18-51-utc-scaled.jpg 1707w\" sizes=\"(max-width: 200px) 100vw, 200px\" \/><\/div><\/a>\n\t\t\t\t<div class=\"elementor-post__badge\">Aktiviteter og utflukter<\/div>\n\t\t\t\t<div class=\"elementor-post__text\">\n\t\t\t\t<h2 class=\"elementor-post__title\">\n\t\t\t<a href=\"https:\/\/costablanca-magazin.com\/nb\/freizeit\/aktivitaeten-und-ausfluege\/ostern-an-der-costa-blanca-semana-santa-und-prozessionen\/\" >\n\t\t\t\tP\u00e5ske p\u00e5 Costa Blanca - Semana Santa og prosesjoner\t\t\t<\/a>\n\t\t<\/h2>\n\t\t\t\t<div class=\"elementor-post__excerpt\">\n\t\t\t<p>P\u00e5ske p\u00e5 Costa Blanca - Semana Santa og prosesjoner P\u00e5ske p\u00e5 Costa Blanca: en oversikt over prosesjoner, brorskap og tradisjoner i Semana Santa mellom D\u00e9nia, Alicante og Orihuela. Mellom D\u00e9nia og Pilar de la Horadada g\u00e5r prosesjonene gjennom de historiske sentrumene i l\u00f8pet av den hellige uken. Broderskap, barokkskulpturer og lokale ritualer<\/p>\n\t\t<\/div>\n\t\t\n\t\t<a class=\"elementor-post__read-more\" href=\"https:\/\/costablanca-magazin.com\/nb\/freizeit\/aktivitaeten-und-ausfluege\/ostern-an-der-costa-blanca-semana-santa-und-prozessionen\/\" aria-label=\"Les mer om P\u00e5ske p\u00e5 Costa Blanca - Semana Santa og prosesjoner\" tabindex=\"-1\" >\n\t\t\tLes mer \u00bb\t\t<\/a>\n\n\t\t\t\t<\/div>\n\t\t\t\t\t<\/div>\n\t\t<\/article>\n\t\t\t\t<article class=\"elementor-post elementor-grid-item post-11085 post type-post status-publish format-standard has-post-thumbnail hentry category-aktivitaeten-und-ausfluege tag-ausfluege-mit-kindern-costa-blanca tag-ausfluege-costa-blanca\" role=\"listitem\">\n\t\t\t<div class=\"elementor-post__card\">\n\t\t\t\t<a class=\"elementor-post__thumbnail__link\" href=\"https:\/\/costablanca-magazin.com\/nb\/freizeit\/aktivitaeten-und-ausfluege\/schokoladen-route-villajoyosa-suesse-tradition-entdecken\/\" tabindex=\"-1\" ><div class=\"elementor-post__thumbnail\"><img loading=\"lazy\" decoding=\"async\" width=\"300\" height=\"107\" src=\"https:\/\/costablanca-magazin.com\/wp-content\/uploads\/2025\/09\/cocoa-drink-2025-01-10-22-33-37-utc-e1773068289392-300x107.jpg\" class=\"attachment-medium size-medium wp-image-8964\" alt=\"Villajoyosa \u2013 Den hemmelige hovedstaden for s\u00f8tsaker\" srcset=\"https:\/\/costablanca-magazin.com\/wp-content\/uploads\/2025\/09\/cocoa-drink-2025-01-10-22-33-37-utc-e1773068289392-300x107.jpg 300w, https:\/\/costablanca-magazin.com\/wp-content\/uploads\/2025\/09\/cocoa-drink-2025-01-10-22-33-37-utc-e1773068289392-768x275.jpg 768w, https:\/\/costablanca-magazin.com\/wp-content\/uploads\/2025\/09\/cocoa-drink-2025-01-10-22-33-37-utc-e1773068289392-18x6.jpg 18w, https:\/\/costablanca-magazin.com\/wp-content\/uploads\/2025\/09\/cocoa-drink-2025-01-10-22-33-37-utc-e1773068289392.jpg 801w\" sizes=\"(max-width: 300px) 100vw, 300px\" \/><\/div><\/a>\n\t\t\t\t<div class=\"elementor-post__badge\">Aktiviteter og utflukter<\/div>\n\t\t\t\t<div class=\"elementor-post__text\">\n\t\t\t\t<h2 class=\"elementor-post__title\">\n\t\t\t<a href=\"https:\/\/costablanca-magazin.com\/nb\/freizeit\/aktivitaeten-und-ausfluege\/schokoladen-route-villajoyosa-suesse-tradition-entdecken\/\" >\n\t\t\t\tVillajoyosa sjokoladerute - oppdag den s\u00f8te tradisjonen\t\t\t<\/a>\n\t\t<\/h2>\n\t\t\t\t<div class=\"elementor-post__excerpt\">\n\t\t\t<p>Sjokoladeruten Villajoyosa - Oppdag den s\u00f8te tradisjonen Villajoyosa regnes som Spanias sjokoladeby. Sjokolade- og turr\u00f3n-ruten tar deg med til tradisjonsrike bedrifter som Valor, Clavile\u00f1o og Marcos Tonda. Sjokolade- og turr\u00f3n-ruten i Villajoyosa Hvis du ikke har f\u00e5tt nok etter \u00e5 ha bes\u00f8kt Valor-museet, b\u00f8r du ta \u201eRuten til sjokolade- og turr\u00f3n-industrien\u201c.\u201c<\/p>\n\t\t<\/div>\n\t\t\n\t\t<a class=\"elementor-post__read-more\" href=\"https:\/\/costablanca-magazin.com\/nb\/freizeit\/aktivitaeten-und-ausfluege\/schokoladen-route-villajoyosa-suesse-tradition-entdecken\/\" aria-label=\"Les mer om Chocolate Route Villajoyosa - Oppdag den s\u00f8te tradisjonen\" tabindex=\"-1\" >\n\t\t\tLes mer \u00bb\t\t<\/a>\n\n\t\t\t\t<\/div>\n\t\t\t\t\t<\/div>\n\t\t<\/article>\n\t\t\t\t<article class=\"elementor-post elementor-grid-item post-11086 post type-post status-publish format-standard has-post-thumbnail hentry category-aktivitaeten-und-ausfluege tag-ausfluege-costa-blanca tag-geschichte-geschichten-costa-blanca\" role=\"listitem\">\n\t\t\t<div class=\"elementor-post__card\">\n\t\t\t\t<a class=\"elementor-post__thumbnail__link\" href=\"https:\/\/costablanca-magazin.com\/nb\/freizeit\/aktivitaeten-und-ausfluege\/burg-von-xativa-geschichte-der-borgia-festung-entdecken\/\" tabindex=\"-1\" ><div class=\"elementor-post__thumbnail\"><img loading=\"lazy\" decoding=\"async\" width=\"300\" height=\"105\" src=\"https:\/\/costablanca-magazin.com\/wp-content\/uploads\/2025\/08\/castell-1-1024x580-2-e1755517144513-300x105.jpg\" class=\"attachment-medium size-medium wp-image-8493\" alt=\"X\u00e0tiva-borgen: historie, makt og Borgias lange skygge 6\" srcset=\"https:\/\/costablanca-magazin.com\/wp-content\/uploads\/2025\/08\/castell-1-1024x580-2-e1755517144513-300x105.jpg 300w, https:\/\/costablanca-magazin.com\/wp-content\/uploads\/2025\/08\/castell-1-1024x580-2-e1755517144513.jpg 512w\" sizes=\"(max-width: 300px) 100vw, 300px\" \/><\/div><\/a>\n\t\t\t\t<div class=\"elementor-post__badge\">Aktiviteter og utflukter<\/div>\n\t\t\t\t<div class=\"elementor-post__text\">\n\t\t\t\t<h2 class=\"elementor-post__title\">\n\t\t\t<a href=\"https:\/\/costablanca-magazin.com\/nb\/freizeit\/aktivitaeten-und-ausfluege\/burg-von-xativa-geschichte-der-borgia-festung-entdecken\/\" >\n\t\t\t\tX\u00e0tiva-slottet: oppdag historien til Borgia-festningen\t\t\t<\/a>\n\t\t<\/h2>\n\t\t\t\t<div class=\"elementor-post__excerpt\">\n\t\t\t<p>X\u00e0tiva-slottet: Oppdag historien til Borgia-festningen X\u00e0tiva-slottet er en av de mest imponerende festningene i Valencia-regionen. Borgia-slektens historie, museum, utsikt og innsikt i Spanias makthistorie. Det som i dag er en steinruin, var en gang et politisk maktsentrum, et fengsel, et tilfluktssted - og et stille vitne til europeisk historie. Slottet i<\/p>\n\t\t<\/div>\n\t\t\n\t\t<a class=\"elementor-post__read-more\" href=\"https:\/\/costablanca-magazin.com\/nb\/freizeit\/aktivitaeten-und-ausfluege\/burg-von-xativa-geschichte-der-borgia-festung-entdecken\/\" aria-label=\"Les mer om X\u00e0tiva-slottet: oppdag historien til Borgia-festningen\" tabindex=\"-1\" >\n\t\t\tLes mer \u00bb\t\t<\/a>\n\n\t\t\t\t<\/div>\n\t\t\t\t\t<\/div>\n\t\t<\/article>\n\t\t\t\t<article class=\"elementor-post elementor-grid-item post-10795 post type-post status-publish format-standard has-post-thumbnail hentry category-aktivitaeten-und-ausfluege\" role=\"listitem\">\n\t\t\t<div class=\"elementor-post__card\">\n\t\t\t\t<a class=\"elementor-post__thumbnail__link\" href=\"https:\/\/costablanca-magazin.com\/nb\/freizeit\/aktivitaeten-und-ausfluege\/veranstaltungen-costa-blanca-februar-und-maerz-2026\/\" tabindex=\"-1\" ><div class=\"elementor-post__thumbnail\"><img loading=\"lazy\" decoding=\"async\" width=\"234\" height=\"300\" src=\"https:\/\/costablanca-magazin.com\/wp-content\/uploads\/2025\/03\/IMG-20250317-WA0047-234x300.jpg\" class=\"attachment-medium size-medium wp-image-5193\" alt=\"Fallas figurer Denia CBM Copyright 1\" srcset=\"https:\/\/costablanca-magazin.com\/wp-content\/uploads\/2025\/03\/IMG-20250317-WA0047-234x300.jpg 234w, https:\/\/costablanca-magazin.com\/wp-content\/uploads\/2025\/03\/IMG-20250317-WA0047-798x1024.jpg 798w, https:\/\/costablanca-magazin.com\/wp-content\/uploads\/2025\/03\/IMG-20250317-WA0047-768x986.jpg 768w, https:\/\/costablanca-magazin.com\/wp-content\/uploads\/2025\/03\/IMG-20250317-WA0047-1196x1536.jpg 1196w, https:\/\/costablanca-magazin.com\/wp-content\/uploads\/2025\/03\/IMG-20250317-WA0047.jpg 1595w\" sizes=\"(max-width: 234px) 100vw, 234px\" \/><\/div><\/a>\n\t\t\t\t<div class=\"elementor-post__badge\">Aktiviteter og utflukter<\/div>\n\t\t\t\t<div class=\"elementor-post__text\">\n\t\t\t\t<h2 class=\"elementor-post__title\">\n\t\t\t<a href=\"https:\/\/costablanca-magazin.com\/nb\/freizeit\/aktivitaeten-und-ausfluege\/veranstaltungen-costa-blanca-februar-und-maerz-2026\/\" >\n\t\t\t\tArrangementer Costa Blanca - februar og mars 2026\t\t\t<\/a>\n\t\t<\/h2>\n\t\t\t\t<div class=\"elementor-post__excerpt\">\n\t\t\t<p>Arrangementer Costa Blanca - februar og mars 2026 Oppdag teater, konserter, utstillinger og familiearrangementer p\u00e5 Costa Blanca i februar og mars 2026 - alle datoer og arenaer i oversikten. Et variert program for alle som bor eller bes\u00f8ker regionen og er interessert i kunst, musikk, musikk, teater, musikk,<\/p>\n\t\t<\/div>\n\t\t\n\t\t<a class=\"elementor-post__read-more\" href=\"https:\/\/costablanca-magazin.com\/nb\/freizeit\/aktivitaeten-und-ausfluege\/veranstaltungen-costa-blanca-februar-und-maerz-2026\/\" aria-label=\"Les mer om Arrangementer Costa Blanca - februar og mars 2026\" tabindex=\"-1\" >\n\t\t\tLes mer \u00bb\t\t<\/a>\n\n\t\t\t\t<\/div>\n\t\t\t\t\t<\/div>\n\t\t<\/article>\n\t\t\t\t<article class=\"elementor-post elementor-grid-item post-9685 post type-post status-publish format-standard has-post-thumbnail hentry category-veranstaltungen-events tag-feiertage-costa-blanca tag-fiestas-costa-blanca\" role=\"listitem\">\n\t\t\t<div class=\"elementor-post__card\">\n\t\t\t\t<a class=\"elementor-post__thumbnail__link\" href=\"https:\/\/costablanca-magazin.com\/nb\/freizeit\/veranstaltungen-events\/weihnachten-costa-blanca-2025-messen-umzuege-reyes\/\" tabindex=\"-1\" ><div class=\"elementor-post__thumbnail\"><img loading=\"lazy\" decoding=\"async\" width=\"300\" height=\"169\" src=\"https:\/\/costablanca-magazin.com\/wp-content\/uploads\/2025\/11\/4.png\" class=\"attachment-medium size-medium wp-image-9590\" alt=\"Julefeiring p\u00e5 Costa Blanca: messer, parader - Cabalgata de Reyes og lokale ritualer\" \/><\/div><\/a>\n\t\t\t\t<div class=\"elementor-post__badge\">Arrangementer og begivenheter<\/div>\n\t\t\t\t<div class=\"elementor-post__text\">\n\t\t\t\t<h2 class=\"elementor-post__title\">\n\t\t\t<a href=\"https:\/\/costablanca-magazin.com\/nb\/freizeit\/veranstaltungen-events\/weihnachten-costa-blanca-2025-messen-umzuege-reyes\/\" >\n\t\t\t\tJul Costa Blanca 2025 - Messer, prosesjoner og Reyes\t\t\t<\/a>\n\t\t<\/h2>\n\t\t\t\t<div class=\"elementor-post__excerpt\">\n\t\t\t<p>Julen p\u00e5 Costa Blanca 2025 \u2013 messer, parader og Reyes De viktigste julefeiringene p\u00e5 Costa Blanca: Misa del Gallo, Cabalgata de Reyes, internasjonale gudstjenester og regionale tradisjoner. De viktigste gudstjenestene, parader og juletradisjoner mellom Marina Alta og Vega Baja. Den religi\u00f8se rammen rundt h\u00f8ytiden p\u00e5 Costa Blanca<\/p>\n\t\t<\/div>\n\t\t\n\t\t<a class=\"elementor-post__read-more\" href=\"https:\/\/costablanca-magazin.com\/nb\/freizeit\/veranstaltungen-events\/weihnachten-costa-blanca-2025-messen-umzuege-reyes\/\" aria-label=\"Les mer om Jul p\u00e5 Costa Blanca 2025 - Messer, prosesjoner og Reyes\" tabindex=\"-1\" >\n\t\t\tLes mer \u00bb\t\t<\/a>\n\n\t\t\t\t<\/div>\n\t\t\t\t\t<\/div>\n\t\t<\/article>\n\t\t\t\t<article class=\"elementor-post elementor-grid-item post-9657 post type-post status-publish format-standard has-post-thumbnail hentry category-veranstaltungen-events tag-feiertage-costa-blanca tag-maerkte-costa-blanca\" role=\"listitem\">\n\t\t\t<div class=\"elementor-post__card\">\n\t\t\t\t<a class=\"elementor-post__thumbnail__link\" href=\"https:\/\/costablanca-magazin.com\/nb\/freizeit\/veranstaltungen-events\/weihnachtsmaerkte-costa-blanca-2025-termine-highlights\/\" tabindex=\"-1\" ><div class=\"elementor-post__thumbnail\"><img loading=\"lazy\" decoding=\"async\" width=\"300\" height=\"169\" src=\"https:\/\/costablanca-magazin.com\/wp-content\/uploads\/2025\/11\/2.png\" class=\"attachment-medium size-medium wp-image-9588\" alt=\"Julemarkeder p\u00e5 Costa Blanca 2025: datoer, steder og h\u00f8ydepunkter\" \/><\/div><\/a>\n\t\t\t\t<div class=\"elementor-post__badge\">Arrangementer og begivenheter<\/div>\n\t\t\t\t<div class=\"elementor-post__text\">\n\t\t\t\t<h2 class=\"elementor-post__title\">\n\t\t\t<a href=\"https:\/\/costablanca-magazin.com\/nb\/freizeit\/veranstaltungen-events\/weihnachtsmaerkte-costa-blanca-2025-termine-highlights\/\" >\n\t\t\t\tJulemarkeder Costa Blanca 2025 - Datoer og h\u00f8ydepunkter\t\t\t<\/a>\n\t\t<\/h2>\n\t\t\t\t<div class=\"elementor-post__excerpt\">\n\t\t\t<p>Julemarkeder p\u00e5 Costa Blanca 2025 \u2013 datoer og h\u00f8ydepunkter Alle julemarkeder 2025 p\u00e5 Costa Blanca: Altea, D\u00e9nia, Alicante, Torrevieja, J\u00e1vea og flere. Datoer, tips og programmer. De viktigste markedene fra Denia til Torrevieja \u2013 inkludert belysning, programmer og bekreftede datoer for desember 2025. Fra kunsth\u00e5ndverk i Altea til<\/p>\n\t\t<\/div>\n\t\t\n\t\t<a class=\"elementor-post__read-more\" href=\"https:\/\/costablanca-magazin.com\/nb\/freizeit\/veranstaltungen-events\/weihnachtsmaerkte-costa-blanca-2025-termine-highlights\/\" aria-label=\"Les mer om Julemarkeder Costa Blanca 2025 - Datoer og h\u00f8ydepunkter\" tabindex=\"-1\" >\n\t\t\tLes mer \u00bb\t\t<\/a>\n\n\t\t\t\t<\/div>\n\t\t\t\t\t<\/div>\n\t\t<\/article>\n\t\t\t\t<article class=\"elementor-post elementor-grid-item post-9587 post type-post status-publish format-standard has-post-thumbnail hentry category-veranstaltungen-events tag-feiertage-costa-blanca tag-handwerkskunst-traditionen-costa-blanca tag-maerkte-costa-blanca\" role=\"listitem\">\n\t\t\t<div class=\"elementor-post__card\">\n\t\t\t\t<a class=\"elementor-post__thumbnail__link\" href=\"https:\/\/costablanca-magazin.com\/nb\/freizeit\/veranstaltungen-events\/weihnachten-2025-an-der-costa-blanca-krippen-rituale\/\" tabindex=\"-1\" ><div class=\"elementor-post__thumbnail\"><img loading=\"lazy\" decoding=\"async\" width=\"300\" height=\"169\" src=\"https:\/\/costablanca-magazin.com\/wp-content\/uploads\/2025\/11\/1.png\" class=\"attachment-medium size-medium wp-image-9586\" alt=\"Julen p\u00e5 Costa Blanca 2025: Tradisjoner, krybber og regionale skikker\" \/><\/div><\/a>\n\t\t\t\t<div class=\"elementor-post__badge\">Arrangementer og begivenheter<\/div>\n\t\t\t\t<div class=\"elementor-post__text\">\n\t\t\t\t<h2 class=\"elementor-post__title\">\n\t\t\t<a href=\"https:\/\/costablanca-magazin.com\/nb\/freizeit\/veranstaltungen-events\/weihnachten-2025-an-der-costa-blanca-krippen-rituale\/\" >\n\t\t\t\tJulen 2025 p\u00e5 Costa Blanca - julekrybber og ritualer\t\t\t<\/a>\n\t\t<\/h2>\n\t\t\t\t<div class=\"elementor-post__excerpt\">\n\t\t\t<p>Julemarkeder Costa Blanca 2025 \u2013 datoer og h\u00f8ydepunkter Alle julemarkeder 2025 p\u00e5 Costa Blanca: Altea, D\u00e9nia, Alicante, Torrevieja, J\u00e1vea og flere. Datoer, tips og programmer. Hvordan kommuner fra Marina Alta til Vega Baja feirer h\u00f8ytiden \u2013 med regionale skikker, familietradisjoner og en atmosf\u00e6re som<\/p>\n\t\t<\/div>\n\t\t\n\t\t<a class=\"elementor-post__read-more\" href=\"https:\/\/costablanca-magazin.com\/nb\/freizeit\/veranstaltungen-events\/weihnachten-2025-an-der-costa-blanca-krippen-rituale\/\" aria-label=\"Les mer om Julen 2025 p\u00e5 Costa Blanca - julekrybber og ritualer\" tabindex=\"-1\" >\n\t\t\tLes mer \u00bb\t\t<\/a>\n\n\t\t\t\t<\/div>\n\t\t\t\t\t<\/div>\n\t\t<\/article>\n\t\t\t\t<article class=\"elementor-post elementor-grid-item post-9460 post type-post status-publish format-standard has-post-thumbnail hentry category-golf\" role=\"listitem\">\n\t\t\t<div class=\"elementor-post__card\">\n\t\t\t\t<a class=\"elementor-post__thumbnail__link\" href=\"https:\/\/costablanca-magazin.com\/nb\/freizeit\/golf\/foressos-golf-club-valencia-europas-groesstem-dreifachgruen\/\" tabindex=\"-1\" ><div class=\"elementor-post__thumbnail\"><img loading=\"lazy\" decoding=\"async\" width=\"300\" height=\"188\" src=\"https:\/\/costablanca-magazin.com\/wp-content\/uploads\/2025\/11\/Foressos-Golf-Pqanoramic-view-300x188.jpg\" class=\"attachment-medium size-medium wp-image-9475\" alt=\"Foressos Golf Club Valencia \u2013 18-hulls design av Jos\u00e9 Gancedo med Europas st\u00f8rste trippelgreen\" srcset=\"https:\/\/costablanca-magazin.com\/wp-content\/uploads\/2025\/11\/Foressos-Golf-Pqanoramic-view-300x188.jpg 300w, https:\/\/costablanca-magazin.com\/wp-content\/uploads\/2025\/11\/Foressos-Golf-Pqanoramic-view-1024x643.jpg 1024w, https:\/\/costablanca-magazin.com\/wp-content\/uploads\/2025\/11\/Foressos-Golf-Pqanoramic-view-768x482.jpg 768w, https:\/\/costablanca-magazin.com\/wp-content\/uploads\/2025\/11\/Foressos-Golf-Pqanoramic-view-18x12.jpg 18w, https:\/\/costablanca-magazin.com\/wp-content\/uploads\/2025\/11\/Foressos-Golf-Pqanoramic-view.jpg 1200w\" sizes=\"(max-width: 300px) 100vw, 300px\" \/><\/div><\/a>\n\t\t\t\t<div class=\"elementor-post__badge\">Golf<\/div>\n\t\t\t\t<div class=\"elementor-post__text\">\n\t\t\t\t<h2 class=\"elementor-post__title\">\n\t\t\t<a href=\"https:\/\/costablanca-magazin.com\/nb\/freizeit\/golf\/foressos-golf-club-valencia-europas-groesstem-dreifachgruen\/\" >\n\t\t\t\tForessos Golf Club Valencia - Europas st\u00f8rste trippelgreen\t\t\t<\/a>\n\t\t<\/h2>\n\t\t\t\t<div class=\"elementor-post__excerpt\">\n\t\t\t<p>Foressos Golf Club Valencia - Europas st\u00f8rste trippelgreen Foressos Golf Club i n\u00e6rheten av Valencia: 18-hulls golfbane designet av Jos\u00e9 Gancedo, innovativt banevedlikehold, Europas st\u00f8rste trippelgreen og historisk Masia som klubbhus. Foressos Golf Club i Picassent ligger bare 15 minutters kj\u00f8ring s\u00f8r for Valencia og rundt en time fra D\u00e9nia,<\/p>\n\t\t<\/div>\n\t\t\n\t\t<a class=\"elementor-post__read-more\" href=\"https:\/\/costablanca-magazin.com\/nb\/freizeit\/golf\/foressos-golf-club-valencia-europas-groesstem-dreifachgruen\/\" aria-label=\"Les mer om Foressos Golf Club Valencia - Europas st\u00f8rste trippelgreen\" tabindex=\"-1\" >\n\t\t\tLes mer \u00bb\t\t<\/a>\n\n\t\t\t\t<\/div>\n\t\t\t\t\t<\/div>\n\t\t<\/article>\n\t\t\t\t<article class=\"elementor-post elementor-grid-item post-9411 post type-post status-publish format-standard has-post-thumbnail hentry category-veranstaltungen-events\" role=\"listitem\">\n\t\t\t<div class=\"elementor-post__card\">\n\t\t\t\t<a class=\"elementor-post__thumbnail__link\" href=\"https:\/\/costablanca-magazin.com\/nb\/freizeit\/veranstaltungen-events\/events-costa-blanca-nov-dez-2025-2026\/\" tabindex=\"-1\" ><div class=\"elementor-post__thumbnail\"><img loading=\"lazy\" decoding=\"async\" width=\"300\" height=\"169\" src=\"https:\/\/costablanca-magazin.com\/wp-content\/uploads\/2025\/11\/santa-claus-opens-magic-christmas-gift-box-2024-11-20-04-20-21-utc-300x169.jpg\" class=\"attachment-medium size-medium wp-image-9447\" alt=\"EVENTS 11\/12\" srcset=\"https:\/\/costablanca-magazin.com\/wp-content\/uploads\/2025\/11\/santa-claus-opens-magic-christmas-gift-box-2024-11-20-04-20-21-utc-300x169.jpg 300w, https:\/\/costablanca-magazin.com\/wp-content\/uploads\/2025\/11\/santa-claus-opens-magic-christmas-gift-box-2024-11-20-04-20-21-utc-1024x576.jpg 1024w, https:\/\/costablanca-magazin.com\/wp-content\/uploads\/2025\/11\/santa-claus-opens-magic-christmas-gift-box-2024-11-20-04-20-21-utc-768x432.jpg 768w, https:\/\/costablanca-magazin.com\/wp-content\/uploads\/2025\/11\/santa-claus-opens-magic-christmas-gift-box-2024-11-20-04-20-21-utc-18x10.jpg 18w, https:\/\/costablanca-magazin.com\/wp-content\/uploads\/2025\/11\/santa-claus-opens-magic-christmas-gift-box-2024-11-20-04-20-21-utc.jpg 1200w\" sizes=\"(max-width: 300px) 100vw, 300px\" \/><\/div><\/a>\n\t\t\t\t<div class=\"elementor-post__badge\">Arrangementer og begivenheter<\/div>\n\t\t\t\t<div class=\"elementor-post__text\">\n\t\t\t\t<h2 class=\"elementor-post__title\">\n\t\t\t<a href=\"https:\/\/costablanca-magazin.com\/nb\/freizeit\/veranstaltungen-events\/events-costa-blanca-nov-dez-2025-2026\/\" >\n\t\t\t\tVinter p\u00e5 Costa Blanca - Alle arrangementer 2025\/26\t\t\t<\/a>\n\t\t<\/h2>\n\t\t\t\t<div class=\"elementor-post__excerpt\">\n\t\t\t<p>Arrangementer Costa Blanca november\/desember 2025 H\u00f8ydepunkter p\u00e5 Costa Blanca: Julemarkeder, konserter, utstillinger og familiearrangementer fra november 2025 til januar 2026. Jul, advent og en start p\u00e5 det nye \u00e5ret p\u00e5 Costa Blanca! N\u00e5r dagene blir kortere og kveldene lengre, v\u00e5kner Costa Blanca opp i<\/p>\n\t\t<\/div>\n\t\t\n\t\t<a class=\"elementor-post__read-more\" href=\"https:\/\/costablanca-magazin.com\/nb\/freizeit\/veranstaltungen-events\/events-costa-blanca-nov-dez-2025-2026\/\" aria-label=\"Les mer om Vinter p\u00e5 Costa Blanca - Alle arrangementer 2025\/26\" tabindex=\"-1\" >\n\t\t\tLes mer \u00bb\t\t<\/a>\n\n\t\t\t\t<\/div>\n\t\t\t\t\t<\/div>\n\t\t<\/article>\n\t\t\t\t<\/div>\n\t\t\n\t\t\t\t<div class=\"e-load-more-anchor\" data-page=\"1\" data-max-page=\"8\" data-next-page=\"https:\/\/costablanca-magazin.com\/nb\/wp-json\/wp\/v2\/pages\/316\/page\/2\/\"><\/div>\n\t\t\t\t<nav class=\"elementor-pagination\" aria-label=\"Paginering\">\n\t\t\t<span aria-current=\"page\" class=\"page-numbers current\"><span class=\"elementor-screen-only\">Side<\/span>1<\/span>\n<a class=\"page-numbers\" href=\"https:\/\/costablanca-magazin.com\/nb\/wp-json\/wp\/v2\/pages\/316\/page\/2\/\"><span class=\"elementor-screen-only\">Side<\/span>2<\/a>\n<a class=\"page-numbers\" href=\"https:\/\/costablanca-magazin.com\/nb\/wp-json\/wp\/v2\/pages\/316\/page\/3\/\"><span class=\"elementor-screen-only\">Side<\/span>3<\/a>\n<a class=\"page-numbers\" href=\"https:\/\/costablanca-magazin.com\/nb\/wp-json\/wp\/v2\/pages\/316\/page\/4\/\"><span class=\"elementor-screen-only\">Side<\/span>4<\/a>\n<a class=\"page-numbers\" href=\"https:\/\/costablanca-magazin.com\/nb\/wp-json\/wp\/v2\/pages\/316\/page\/5\/\"><span class=\"elementor-screen-only\">Side<\/span>5<\/a>\t\t<\/nav>\n\t\t\t\t\t\t<\/div>\n\t\t\t\t<\/div>\n\t\t\t\t\t<\/div>\n\t\t\t\t<\/div>\n\t\t\t\t<\/div>","protected":false},"excerpt":{"rendered":"<p>Fritid<\/p>","protected":false},"author":1,"featured_media":11863,"parent":0,"menu_order":0,"comment_status":"closed","ping_status":"closed","template":"elementor_header_footer","meta":{"footnotes":""},"class_list":["post-316","page","type-page","status-publish","has-post-thumbnail","hentry"],"aioseo_notices":[],"aioseo_head":"\n\t\t<!-- All in One SEO Pro 5.0.1.1 - aioseo.com -->\n\t<meta name=\"description\" content=\"Festliche Highlights an der Costa Blanca: Weihnachtsm\u00e4rkte, Konzerte, Ausstellungen und Familienevents von November 2025 bis Januar 2026.\" \/>\n\t<meta name=\"robots\" content=\"max-snippet:-1, max-image-preview:large, max-video-preview:-1\" \/>\n\t<link rel=\"canonical\" href=\"https:\/\/costablanca-magazin.com\/nb\/freizeit\/veranstaltungen-events\/events-costa-blanca-nov-dez-2025-2026\/\" \/>\n\t<meta name=\"generator\" content=\"All in One SEO Pro (AIOSEO) 5.0.1.1\" \/>\n\t\t<meta property=\"og:locale\" content=\"nb_NO\" \/>\n\t\t<meta property=\"og:site_name\" content=\"Costa Blanca Magazin\" \/>\n\t\t<meta property=\"og:type\" content=\"article\" \/>\n\t\t<meta property=\"og:title\" content=\"Winter an der Costa Blanca- Alle VeraVeranstaltungen\u2026\" \/>\n\t\t<meta property=\"og:description\" content=\"Festliche Highlights an der Costa Blanca: Weihnachtsm\u00e4rkte, Konzerte, Ausstellungen und Familienevents von November 2025 bis Januar 2026.\" \/>\n\t\t<meta property=\"og:url\" content=\"https:\/\/costablanca-magazin.com\/nb\/freizeit\/veranstaltungen-events\/events-costa-blanca-nov-dez-2025-2026\/\" \/>\n\t\t<meta property=\"og:image\" content=\"https:\/\/costablanca-magazin.com\/wp-content\/uploads\/2025\/11\/santa-claus-opens-magic-christmas-gift-box-2024-11-20-04-20-21-utc.jpg\" \/>\n\t\t<meta property=\"og:image:secure_url\" content=\"https:\/\/costablanca-magazin.com\/wp-content\/uploads\/2025\/11\/santa-claus-opens-magic-christmas-gift-box-2024-11-20-04-20-21-utc.jpg\" \/>\n\t\t<meta property=\"og:image:width\" content=\"1200\" \/>\n\t\t<meta property=\"og:image:height\" content=\"675\" \/>\n\t\t<meta property=\"article:published_time\" content=\"2025-11-15T08:00:00+00:00\" \/>\n\t\t<meta property=\"article:modified_time\" content=\"2025-11-21T15:07:02+00:00\" \/>\n\t\t<meta property=\"article:publisher\" content=\"https:\/\/www.facebook.com\/costablancalifestyle\/\" \/>\n\t\t<meta name=\"twitter:card\" content=\"summary_large_image\" \/>\n\t\t<meta name=\"twitter:title\" content=\"Winter an der Costa Blanca- Alle VeraVeranstaltungen\u2026\" \/>\n\t\t<meta name=\"twitter:description\" content=\"Festliche Highlights an der Costa Blanca: Weihnachtsm\u00e4rkte, Konzerte, Ausstellungen und Familienevents von November 2025 bis Januar 2026.\" \/>\n\t\t<meta name=\"twitter:image\" content=\"https:\/\/costablanca-magazin.com\/wp-content\/uploads\/2025\/11\/santa-claus-opens-magic-christmas-gift-box-2024-11-20-04-20-21-utc.jpg\" \/>\n\t\t<script type=\"application\/ld+json\" class=\"aioseo-schema\">\n\t\t\t{\"@context\":\"https:\\\/\\\/schema.org\",\"@graph\":[{\"@type\":\"Article\",\"@id\":\"https:\\\/\\\/costablanca-magazin.com\\\/nb\\\/freizeit\\\/veranstaltungen-events\\\/events-costa-blanca-nov-dez-2025-2026\\\/#article\",\"name\":\"Winter an der Costa Blanca- Alle VeraVeranstaltungen\\u2026\",\"headline\":\"Winter an der Costa Blanca- Alle Veranstaltungen 2025\\\/26\",\"author\":{\"@id\":\"https:\\\/\\\/costablanca-magazin.com\\\/nb\\\/author\\\/charlotta\\\/#author\"},\"publisher\":{\"@id\":\"https:\\\/\\\/costablanca-magazin.com\\\/nb\\\/#organization\"},\"image\":{\"@type\":\"ImageObject\",\"url\":\"https:\\\/\\\/costablanca-magazin.com\\\/wp-content\\\/uploads\\\/2025\\\/11\\\/santa-claus-opens-magic-christmas-gift-box-2024-11-20-04-20-21-utc.jpg\",\"width\":1200,\"height\":675,\"caption\":\"EVENTS \\n11\\\/12\"},\"datePublished\":\"2025-11-15T09:00:00+01:00\",\"dateModified\":\"2025-11-21T16:07:02+01:00\",\"inLanguage\":\"nb-NO\",\"mainEntityOfPage\":{\"@id\":\"https:\\\/\\\/costablanca-magazin.com\\\/nb\\\/freizeit\\\/veranstaltungen-events\\\/events-costa-blanca-nov-dez-2025-2026\\\/#webpage\"},\"isPartOf\":{\"@id\":\"https:\\\/\\\/costablanca-magazin.com\\\/nb\\\/freizeit\\\/veranstaltungen-events\\\/events-costa-blanca-nov-dez-2025-2026\\\/#webpage\"},\"articleSection\":\"Veranstaltungen &amp; Events\"},{\"@type\":\"BreadcrumbList\",\"@id\":\"https:\\\/\\\/costablanca-magazin.com\\\/nb\\\/freizeit\\\/veranstaltungen-events\\\/events-costa-blanca-nov-dez-2025-2026\\\/#breadcrumblist\",\"itemListElement\":[{\"@type\":\"ListItem\",\"@id\":\"https:\\\/\\\/costablanca-magazin.com\\\/nb#listItem\",\"position\":1,\"name\":\"Home\",\"item\":\"https:\\\/\\\/costablanca-magazin.com\\\/nb\",\"nextItem\":{\"@type\":\"ListItem\",\"@id\":\"https:\\\/\\\/costablanca-magazin.com\\\/nb\\\/freizeit\\\/#listItem\",\"name\":\"Freizeit\"}},{\"@type\":\"ListItem\",\"@id\":\"https:\\\/\\\/costablanca-magazin.com\\\/nb\\\/freizeit\\\/#listItem\",\"position\":2,\"name\":\"Freizeit\",\"previousItem\":{\"@type\":\"ListItem\",\"@id\":\"https:\\\/\\\/costablanca-magazin.com\\\/nb#listItem\",\"name\":\"Home\"}}]},{\"@type\":\"Organization\",\"@id\":\"https:\\\/\\\/costablanca-magazin.com\\\/nb\\\/#organization\",\"name\":\"Costa Blanca Magazin\",\"description\":\"Costa Blanca Magazin\",\"url\":\"https:\\\/\\\/costablanca-magazin.com\\\/nb\\\/\",\"email\":\"info@costablanca-magazin.com\",\"telephone\":\"+34 663 946 871\",\"logo\":{\"@type\":\"ImageObject\",\"url\":\"https:\\\/\\\/costablanca-magazin.com\\\/wp-content\\\/uploads\\\/2024\\\/05\\\/logo.jpg\",\"@id\":\"https:\\\/\\\/costablanca-magazin.com\\\/nb\\\/freizeit\\\/veranstaltungen-events\\\/events-costa-blanca-nov-dez-2025-2026\\\/#organizationLogo\",\"width\":1605,\"height\":236,\"caption\":\"Costa Blanca Magazin\"},\"image\":{\"@id\":\"https:\\\/\\\/costablanca-magazin.com\\\/nb\\\/freizeit\\\/veranstaltungen-events\\\/events-costa-blanca-nov-dez-2025-2026\\\/#organizationLogo\"},\"sameAs\":[\"https:\\\/\\\/www.facebook.com\\\/costablancalifestyle\\\/\",\"https:\\\/\\\/www.instagram.com\\\/costablancamagazin\\\/\"],\"address\":{\"@id\":\"https:\\\/\\\/costablanca-magazin.com\\\/nb\\\/#postaladdress\",\"@type\":\"PostalAddress\",\"streetAddress\":\"C\\\/Marina 104, 1\\u00b0, Local 7\",\"postalCode\":\"07620\",\"addressLocality\":\"Llucmajor\",\"addressRegion\":\"Baleares\",\"addressCountry\":\"ES\"},\"taxID\":\"ESB57951659\"},{\"@type\":\"Person\",\"@id\":\"https:\\\/\\\/costablanca-magazin.com\\\/nb\\\/author\\\/charlotta\\\/#author\",\"url\":\"https:\\\/\\\/costablanca-magazin.com\\\/nb\\\/author\\\/charlotta\\\/\",\"name\":\"Charlotta Rehagel\",\"description\":\"Marketing Assistenz und Content Managerin Charlotta Rehagel unterst\\u00fctzt das Costablanca Magazin im Bereich Content Management, Redaktion und Marketing. Neben ihrem Studium betreut sie regelm\\u00e4\\u00dfig Veranstaltungsthemen und arbeitet an der digitalen Aufbereitung von Inhalten f\\u00fcr die Online-Portale der Mediagroup Balear. Seit 19 Jahren lebt sie in Spanien und bringt mehrsprachige Erfahrung in Deutsch, Englisch, Spanisch und Mallorquin mit. F\\u00fcr das Costablanca Magazin arbeitet sie an Themen, die besonders f\\u00fcr internationale Residenten, Langzeiturlauber und Leser mit engem Bezug zur Costa Blanca interessant sind. Ihr Schwerpunkt liegt an der Schnittstelle zwischen Recherche, Online-Content, Veranstaltungs\\u00fcbersicht und redaktioneller Struktur. Dabei verbindet sie praktische Ortskenntnis mit digitalem Content Management und einem Blick f\\u00fcr Themen, die im Alltag an der Costa Blanca eine Rolle spielen.\",\"jobTitle\":\"Marketing Assistenz\",\"knowsLanguage\":[\"englisch\",\"deutsch\",\"spanisch\",\"catalan\"],\"image\":{\"@type\":\"ImageObject\",\"@id\":\"https:\\\/\\\/costablanca-magazin.com\\\/nb\\\/freizeit\\\/veranstaltungen-events\\\/events-costa-blanca-nov-dez-2025-2026\\\/#authorImage\",\"url\":\"https:\\\/\\\/costablanca-magazin.com\\\/wp-content\\\/uploads\\\/2026\\\/05\\\/Charlotta-Rehagel-Die-Inselzeitung.jpg\",\"width\":800,\"height\":1420,\"caption\":\"Charlotta Rehagel Costablanca Magazin\"}},{\"@type\":\"WebPage\",\"@id\":\"https:\\\/\\\/costablanca-magazin.com\\\/nb\\\/freizeit\\\/veranstaltungen-events\\\/events-costa-blanca-nov-dez-2025-2026\\\/#webpage\",\"url\":\"https:\\\/\\\/costablanca-magazin.com\\\/nb\\\/freizeit\\\/veranstaltungen-events\\\/events-costa-blanca-nov-dez-2025-2026\\\/\",\"name\":\"Winter an der Costa Blanca- Alle VeraVeranstaltungen\\u2026\",\"description\":\"Festliche Highlights an der Costa Blanca: Weihnachtsm\\u00e4rkte, Konzerte, Ausstellungen und Familienevents von November 2025 bis Januar 2026.\",\"inLanguage\":\"nb-NO\",\"isPartOf\":{\"@id\":\"https:\\\/\\\/costablanca-magazin.com\\\/nb\\\/#website\"},\"breadcrumb\":{\"@id\":\"https:\\\/\\\/costablanca-magazin.com\\\/nb\\\/freizeit\\\/veranstaltungen-events\\\/events-costa-blanca-nov-dez-2025-2026\\\/#breadcrumblist\"},\"author\":{\"@id\":\"https:\\\/\\\/costablanca-magazin.com\\\/nb\\\/author\\\/charlotta\\\/#author\"},\"creator\":{\"@id\":\"https:\\\/\\\/costablanca-magazin.com\\\/nb\\\/author\\\/charlotta\\\/#author\"},\"image\":{\"@type\":\"ImageObject\",\"url\":\"https:\\\/\\\/costablanca-magazin.com\\\/wp-content\\\/uploads\\\/2025\\\/11\\\/santa-claus-opens-magic-christmas-gift-box-2024-11-20-04-20-21-utc.jpg\",\"@id\":\"https:\\\/\\\/costablanca-magazin.com\\\/nb\\\/freizeit\\\/veranstaltungen-events\\\/events-costa-blanca-nov-dez-2025-2026\\\/#mainImage\",\"width\":1200,\"height\":675,\"caption\":\"EVENTS \\n11\\\/12\"},\"primaryImageOfPage\":{\"@id\":\"https:\\\/\\\/costablanca-magazin.com\\\/nb\\\/freizeit\\\/veranstaltungen-events\\\/events-costa-blanca-nov-dez-2025-2026\\\/#mainImage\"},\"datePublished\":\"2025-11-15T09:00:00+01:00\",\"dateModified\":\"2025-11-21T16:07:02+01:00\"},{\"@type\":\"WebSite\",\"@id\":\"https:\\\/\\\/costablanca-magazin.com\\\/nb\\\/#website\",\"url\":\"https:\\\/\\\/costablanca-magazin.com\\\/nb\\\/\",\"name\":\"Costa Blanca Magazin\",\"description\":\"Costa Blanca - alles um das Leben und die Freizeit an der K\\u00fcste\",\"inLanguage\":\"nb-NO\",\"publisher\":{\"@id\":\"https:\\\/\\\/costablanca-magazin.com\\\/nb\\\/#organization\"}}]}\n\t\t<\/script>\n\t\t<!-- All in One SEO Pro -->\r\n\t\t<title>Winter an der Costa Blanca- Alle VeraVeranstaltungen\u2026<\/title>\n\n","aioseo_head_json":{"title":"Vinter p\u00e5 Costa Blanca - Alle Vera-arrangementene...","description":"Festlige h\u00f8ydepunkter p\u00e5 Costa Blanca: Julemarkeder, konserter, utstillinger og familiearrangementer fra november 2025 til januar 2026.","canonical_url":"https:\/\/costablanca-magazin.com\/nb\/freizeit\/veranstaltungen-events\/events-costa-blanca-nov-dez-2025-2026\/","robots":"max-snippet:-1, max-image-preview:large, max-video-preview:-1","keywords":"","webmasterTools":{"miscellaneous":""},"schema":{"@context":"https:\/\/schema.org","@graph":[{"@type":"Article","@id":"https:\/\/costablanca-magazin.com\/nb\/freizeit\/veranstaltungen-events\/events-costa-blanca-nov-dez-2025-2026\/#article","name":"Winter an der Costa Blanca- Alle VeraVeranstaltungen\u2026","headline":"Winter an der Costa Blanca- Alle Veranstaltungen 2025\/26","author":{"@id":"https:\/\/costablanca-magazin.com\/nb\/author\/charlotta\/#author"},"publisher":{"@id":"https:\/\/costablanca-magazin.com\/nb\/#organization"},"image":{"@type":"ImageObject","url":"https:\/\/costablanca-magazin.com\/wp-content\/uploads\/2025\/11\/santa-claus-opens-magic-christmas-gift-box-2024-11-20-04-20-21-utc.jpg","width":1200,"height":675,"caption":"EVENTS \n11\/12"},"datePublished":"2025-11-15T09:00:00+01:00","dateModified":"2025-11-21T16:07:02+01:00","inLanguage":"nb-NO","mainEntityOfPage":{"@id":"https:\/\/costablanca-magazin.com\/nb\/freizeit\/veranstaltungen-events\/events-costa-blanca-nov-dez-2025-2026\/#webpage"},"isPartOf":{"@id":"https:\/\/costablanca-magazin.com\/nb\/freizeit\/veranstaltungen-events\/events-costa-blanca-nov-dez-2025-2026\/#webpage"},"articleSection":"Veranstaltungen &amp; Events"},{"@type":"BreadcrumbList","@id":"https:\/\/costablanca-magazin.com\/nb\/freizeit\/veranstaltungen-events\/events-costa-blanca-nov-dez-2025-2026\/#breadcrumblist","itemListElement":[{"@type":"ListItem","@id":"https:\/\/costablanca-magazin.com\/nb#listItem","position":1,"name":"Home","item":"https:\/\/costablanca-magazin.com\/nb","nextItem":{"@type":"ListItem","@id":"https:\/\/costablanca-magazin.com\/nb\/freizeit\/#listItem","name":"Freizeit"}},{"@type":"ListItem","@id":"https:\/\/costablanca-magazin.com\/nb\/freizeit\/#listItem","position":2,"name":"Freizeit","previousItem":{"@type":"ListItem","@id":"https:\/\/costablanca-magazin.com\/nb#listItem","name":"Home"}}]},{"@type":"Organization","@id":"https:\/\/costablanca-magazin.com\/nb\/#organization","name":"Costa Blanca Magazin","description":"Costa Blanca Magazin","url":"https:\/\/costablanca-magazin.com\/nb\/","email":"info@costablanca-magazin.com","telephone":"+34 663 946 871","logo":{"@type":"ImageObject","url":"https:\/\/costablanca-magazin.com\/wp-content\/uploads\/2024\/05\/logo.jpg","@id":"https:\/\/costablanca-magazin.com\/nb\/freizeit\/veranstaltungen-events\/events-costa-blanca-nov-dez-2025-2026\/#organizationLogo","width":1605,"height":236,"caption":"Costa Blanca Magazin"},"image":{"@id":"https:\/\/costablanca-magazin.com\/nb\/freizeit\/veranstaltungen-events\/events-costa-blanca-nov-dez-2025-2026\/#organizationLogo"},"sameAs":["https:\/\/www.facebook.com\/costablancalifestyle\/","https:\/\/www.instagram.com\/costablancamagazin\/"],"address":{"@id":"https:\/\/costablanca-magazin.com\/nb\/#postaladdress","@type":"PostalAddress","streetAddress":"C\/Marina 104, 1\u00b0, Local 7","postalCode":"07620","addressLocality":"Llucmajor","addressRegion":"Baleares","addressCountry":"ES"},"taxID":"ESB57951659"},{"@type":"Person","@id":"https:\/\/costablanca-magazin.com\/nb\/author\/charlotta\/#author","url":"https:\/\/costablanca-magazin.com\/nb\/author\/charlotta\/","name":"Charlotta Rehagel","description":"Marketing Assistenz und Content Managerin Charlotta Rehagel unterst\u00fctzt das Costablanca Magazin im Bereich Content Management, Redaktion und Marketing. Neben ihrem Studium betreut sie regelm\u00e4\u00dfig Veranstaltungsthemen und arbeitet an der digitalen Aufbereitung von Inhalten f\u00fcr die Online-Portale der Mediagroup Balear. Seit 19 Jahren lebt sie in Spanien und bringt mehrsprachige Erfahrung in Deutsch, Englisch, Spanisch und Mallorquin mit. F\u00fcr das Costablanca Magazin arbeitet sie an Themen, die besonders f\u00fcr internationale Residenten, Langzeiturlauber und Leser mit engem Bezug zur Costa Blanca interessant sind. Ihr Schwerpunkt liegt an der Schnittstelle zwischen Recherche, Online-Content, Veranstaltungs\u00fcbersicht und redaktioneller Struktur. Dabei verbindet sie praktische Ortskenntnis mit digitalem Content Management und einem Blick f\u00fcr Themen, die im Alltag an der Costa Blanca eine Rolle spielen.","jobTitle":"Marketing Assistenz","knowsLanguage":["englisch","deutsch","spanisch","catalan"],"image":{"@type":"ImageObject","@id":"https:\/\/costablanca-magazin.com\/nb\/freizeit\/veranstaltungen-events\/events-costa-blanca-nov-dez-2025-2026\/#authorImage","url":"https:\/\/costablanca-magazin.com\/wp-content\/uploads\/2026\/05\/Charlotta-Rehagel-Die-Inselzeitung.jpg","width":800,"height":1420,"caption":"Charlotta Rehagel Costablanca Magazin"}},{"@type":"WebPage","@id":"https:\/\/costablanca-magazin.com\/nb\/freizeit\/veranstaltungen-events\/events-costa-blanca-nov-dez-2025-2026\/#webpage","url":"https:\/\/costablanca-magazin.com\/nb\/freizeit\/veranstaltungen-events\/events-costa-blanca-nov-dez-2025-2026\/","name":"Winter an der Costa Blanca- Alle VeraVeranstaltungen\u2026","description":"Festliche Highlights an der Costa Blanca: Weihnachtsm\u00e4rkte, Konzerte, Ausstellungen und Familienevents von November 2025 bis Januar 2026.","inLanguage":"nb-NO","isPartOf":{"@id":"https:\/\/costablanca-magazin.com\/nb\/#website"},"breadcrumb":{"@id":"https:\/\/costablanca-magazin.com\/nb\/freizeit\/veranstaltungen-events\/events-costa-blanca-nov-dez-2025-2026\/#breadcrumblist"},"author":{"@id":"https:\/\/costablanca-magazin.com\/nb\/author\/charlotta\/#author"},"creator":{"@id":"https:\/\/costablanca-magazin.com\/nb\/author\/charlotta\/#author"},"image":{"@type":"ImageObject","url":"https:\/\/costablanca-magazin.com\/wp-content\/uploads\/2025\/11\/santa-claus-opens-magic-christmas-gift-box-2024-11-20-04-20-21-utc.jpg","@id":"https:\/\/costablanca-magazin.com\/nb\/freizeit\/veranstaltungen-events\/events-costa-blanca-nov-dez-2025-2026\/#mainImage","width":1200,"height":675,"caption":"EVENTS \n11\/12"},"primaryImageOfPage":{"@id":"https:\/\/costablanca-magazin.com\/nb\/freizeit\/veranstaltungen-events\/events-costa-blanca-nov-dez-2025-2026\/#mainImage"},"datePublished":"2025-11-15T09:00:00+01:00","dateModified":"2025-11-21T16:07:02+01:00"},{"@type":"WebSite","@id":"https:\/\/costablanca-magazin.com\/nb\/#website","url":"https:\/\/costablanca-magazin.com\/nb\/","name":"Costa Blanca Magazin","description":"Costa Blanca - alles um das Leben und die Freizeit an der K\u00fcste","inLanguage":"nb-NO","publisher":{"@id":"https:\/\/costablanca-magazin.com\/nb\/#organization"}}]},"og:locale":"nb_NO","og:site_name":"Costa Blanca Magazin","og:type":"article","og:title":"Winter an der Costa Blanca- Alle VeraVeranstaltungen\u2026","og:description":"Festliche Highlights an der Costa Blanca: Weihnachtsm\u00e4rkte, Konzerte, Ausstellungen und Familienevents von November 2025 bis Januar 2026.","og:url":"https:\/\/costablanca-magazin.com\/nb\/freizeit\/veranstaltungen-events\/events-costa-blanca-nov-dez-2025-2026\/","og:image":"https:\/\/costablanca-magazin.com\/wp-content\/uploads\/2025\/11\/santa-claus-opens-magic-christmas-gift-box-2024-11-20-04-20-21-utc.jpg","og:image:secure_url":"https:\/\/costablanca-magazin.com\/wp-content\/uploads\/2025\/11\/santa-claus-opens-magic-christmas-gift-box-2024-11-20-04-20-21-utc.jpg","og:image:width":1200,"og:image:height":675,"article:published_time":"2025-11-15T08:00:00+00:00","article:modified_time":"2025-11-21T15:07:02+00:00","article:publisher":"https:\/\/www.facebook.com\/costablancalifestyle\/","twitter:card":"summary_large_image","twitter:title":"Winter an der Costa Blanca- Alle VeraVeranstaltungen\u2026","twitter:description":"Festliche Highlights an der Costa Blanca: Weihnachtsm\u00e4rkte, Konzerte, Ausstellungen und Familienevents von November 2025 bis Januar 2026.","twitter:image":"https:\/\/costablanca-magazin.com\/wp-content\/uploads\/2025\/11\/santa-claus-opens-magic-christmas-gift-box-2024-11-20-04-20-21-utc.jpg"},"aioseo_meta_data":{"post_id":"316","title":"Fritid p\u00e5 Costa Blanca - Opplev, oppdag og...","description":"Alle fritidsaktiviteter p\u00e5 Costa Blanca p\u00e5 et \u00f8yeblikk: Utflukter, strender, arrangementer, utflukter, barn, golf, arrangementer - for innbyggere...","keywords":null,"keyphrases":{"focus":{"keyphrase":"","score":0,"analysis":{"keyphraseInTitle":{"score":0,"maxScore":9,"error":1}}},"additional":[]},"primary_term":null,"canonical_url":null,"og_title":null,"og_description":null,"og_object_type":"default","og_image_type":"default","og_image_url":null,"og_image_width":null,"og_image_height":null,"og_image_custom_url":null,"og_image_custom_fields":null,"og_video":"","og_custom_url":null,"og_article_section":null,"og_article_tags":null,"twitter_use_og":false,"twitter_card":"default","twitter_image_type":"default","twitter_image_url":null,"twitter_image_custom_url":null,"twitter_image_custom_fields":null,"twitter_title":null,"twitter_description":null,"schema":{"blockGraphs":[],"customGraphs":[],"default":{"data":{"Article":[],"Course":[],"Dataset":[],"FAQPage":[],"Movie":[],"Person":[],"Product":[],"ProductReview":[],"Car":[],"Recipe":[],"Service":[],"SoftwareApplication":[],"WebPage":[]},"graphName":"WebPage","isEnabled":true},"graphs":[]},"schema_type":"default","schema_type_options":null,"pillar_content":false,"robots_default":true,"robots_noindex":false,"robots_noarchive":false,"robots_nosnippet":false,"robots_nofollow":false,"robots_noimageindex":false,"robots_noodp":false,"robots_notranslate":false,"robots_max_snippet":"-1","robots_max_videopreview":"-1","robots_max_imagepreview":"large","priority":null,"frequency":"default","local_seo":null,"seo_analyzer_scan_date":"2026-07-12 11:28:56","breadcrumb_settings":null,"limit_modified_date":false,"reviewed_by":"0","open_ai":null,"ai":{"faqs":[],"keyPoints":[],"schemas":[],"titles":[],"descriptions":[],"socialPosts":{"email":{"subject":"","preview":"","content":""},"linkedin":[],"twitter":[],"facebook":[],"instagram":[]}},"created":"2024-06-07 08:24:48","updated":"2026-07-12 13:00:02","focus_keyword":null,"additional_keywords":null,"truseo_locale":null},"aioseo_breadcrumb":"<div class=\"aioseo-breadcrumbs\"><span class=\"aioseo-breadcrumb\">\n\t<a href=\"https:\/\/costablanca-magazin.com\/nb\" title=\"Home\">Home<\/a>\n<\/span><span class=\"aioseo-breadcrumb-separator\">&raquo;<\/span><span class=\"aioseo-breadcrumb\">\n\tFreizeit\n<\/span><\/div>","aioseo_breadcrumb_json":[{"label":"Home","link":"https:\/\/costablanca-magazin.com\/nb"},{"label":"Freizeit","link":"https:\/\/costablanca-magazin.com\/nb\/freizeit\/"}],"_links":{"self":[{"href":"https:\/\/costablanca-magazin.com\/nb\/wp-json\/wp\/v2\/pages\/316","targetHints":{"allow":["GET"]}}],"collection":[{"href":"https:\/\/costablanca-magazin.com\/nb\/wp-json\/wp\/v2\/pages"}],"about":[{"href":"https:\/\/costablanca-magazin.com\/nb\/wp-json\/wp\/v2\/types\/page"}],"author":[{"embeddable":true,"href":"https:\/\/costablanca-magazin.com\/nb\/wp-json\/wp\/v2\/users\/1"}],"replies":[{"embeddable":true,"href":"https:\/\/costablanca-magazin.com\/nb\/wp-json\/wp\/v2\/comments?post=316"}],"version-history":[{"count":17,"href":"https:\/\/costablanca-magazin.com\/nb\/wp-json\/wp\/v2\/pages\/316\/revisions"}],"predecessor-version":[{"id":11605,"href":"https:\/\/costablanca-magazin.com\/nb\/wp-json\/wp\/v2\/pages\/316\/revisions\/11605"}],"wp:featuredmedia":[{"embeddable":true,"href":"https:\/\/costablanca-magazin.com\/nb\/wp-json\/wp\/v2\/media\/11863"}],"wp:attachment":[{"href":"https:\/\/costablanca-magazin.com\/nb\/wp-json\/wp\/v2\/media?parent=316"}],"curies":[{"name":"wp","href":"https:\/\/api.w.org\/{rel}","templated":true}]}}