{"id":306,"date":"2024-06-05T19:56:03","date_gmt":"2024-06-05T17:56:03","guid":{"rendered":"https:\/\/costablanca-magazin.com\/?page_id=306"},"modified":"2026-01-26T10:27:05","modified_gmt":"2026-01-26T09:27:05","slug":"kulinarisk","status":"publish","type":"page","link":"https:\/\/costablanca-magazin.com\/nb\/kulinarisches\/","title":{"rendered":"Kulinariske herligheter"},"content":{"rendered":"<div data-elementor-type=\"wp-page\" data-elementor-id=\"306\" class=\"elementor elementor-306\" data-elementor-post-type=\"page\">\n\t\t\t\t<div class=\"elementor-element elementor-element-e45fed1 e-flex e-con-boxed e-con e-parent\" data-id=\"e45fed1\" data-element_type=\"container\" data-e-type=\"container\">\n\t\t\t\t\t<div class=\"e-con-inner\">\n\t\t<div class=\"elementor-element elementor-element-20eed9c e-con-full e-flex e-con e-child\" data-id=\"20eed9c\" data-element_type=\"container\" data-e-type=\"container\">\n\t\t<div class=\"elementor-element elementor-element-976a19c e-con-full e-flex e-con e-child\" data-id=\"976a19c\" data-element_type=\"container\" data-e-type=\"container\">\n\t\t\t\t<div class=\"elementor-element elementor-element-cdf9da2 elementor-widget elementor-widget-heading\" data-id=\"cdf9da2\" data-element_type=\"widget\" data-e-type=\"widget\" data-widget_type=\"heading.default\">\n\t\t\t\t<div class=\"elementor-widget-container\">\n\t\t\t\t\t<h1 class=\"elementor-heading-title elementor-size-default\">Kulinariske herligheter<\/h1>\t\t\t\t<\/div>\n\t\t\t\t<\/div>\n\t\t\t\t<\/div>\n\t\t<div class=\"elementor-element elementor-element-9f87c36 e-con-full e-grid e-con e-child\" data-id=\"9f87c36\" data-element_type=\"container\" data-e-type=\"container\">\n\t\t\t\t<\/div>\n\t\t\t\t<\/div>\n\t\t\t\t\t<\/div>\n\t\t\t\t<\/div>\n\t\t<div class=\"elementor-element elementor-element-2d02065 e-flex e-con-boxed e-con e-parent\" data-id=\"2d02065\" data-element_type=\"container\" data-e-type=\"container\">\n\t\t\t\t\t<div class=\"e-con-inner\">\n\t\t\t\t<div class=\"elementor-element elementor-element-e3708a8 elementor-grid-3 elementor-grid-tablet-2 elementor-grid-mobile-1 elementor-posts--thumbnail-top elementor-card-shadow-yes elementor-posts__hover-gradient elementor-widget elementor-widget-posts\" data-id=\"e3708a8\" data-element_type=\"widget\" data-e-type=\"widget\" data-settings=\"{&quot;pagination_type&quot;:&quot;numbers&quot;,&quot;cards_columns&quot;:&quot;3&quot;,&quot;cards_columns_tablet&quot;:&quot;2&quot;,&quot;cards_columns_mobile&quot;:&quot;1&quot;,&quot;cards_row_gap&quot;:{&quot;unit&quot;:&quot;px&quot;,&quot;size&quot;:35,&quot;sizes&quot;:[]},&quot;cards_row_gap_tablet&quot;:{&quot;unit&quot;:&quot;px&quot;,&quot;size&quot;:&quot;&quot;,&quot;sizes&quot;:[]},&quot;cards_row_gap_mobile&quot;:{&quot;unit&quot;:&quot;px&quot;,&quot;size&quot;:&quot;&quot;,&quot;sizes&quot;:[]}}\" data-widget_type=\"posts.cards\">\n\t\t\t\t<div class=\"elementor-widget-container\">\n\t\t\t\t\t\t\t<div class=\"elementor-posts-container elementor-posts elementor-posts--skin-cards elementor-grid\" role=\"list\">\n\t\t\t\t<article class=\"elementor-post elementor-grid-item post-9684 post type-post status-publish format-standard has-post-thumbnail hentry category-spezialitaeten-rezepte tag-caldo-con-pelotas tag-puchero-alicante tag-regionale-kueche-weihnachten-spanien tag-turron-xixona tag-weihnachten-an-der-costa-blanca tag-weihnachtsessen-costa-blanca\" role=\"listitem\">\n\t\t\t<div class=\"elementor-post__card\">\n\t\t\t\t<a class=\"elementor-post__thumbnail__link\" href=\"https:\/\/costablanca-magazin.com\/nb\/kulinarisches\/spezialitaeten-rezepte\/weihnachtsgerichte-der-costa-blanca-tradition-turron\/\" tabindex=\"-1\" ><div class=\"elementor-post__thumbnail\"><img fetchpriority=\"high\" decoding=\"async\" width=\"300\" height=\"169\" src=\"https:\/\/costablanca-magazin.com\/wp-content\/uploads\/2025\/11\/3.png\" class=\"attachment-medium size-medium wp-image-9589\" alt=\"Typiske juleretter fra Costa Blanca: Regional mat og s\u00f8te klassikere\" \/><\/div><\/a>\n\t\t\t\t<div class=\"elementor-post__badge\">Spesialiteter og oppskrifter<\/div>\n\t\t\t\t<div class=\"elementor-post__text\">\n\t\t\t\t<h2 class=\"elementor-post__title\">\n\t\t\t<a href=\"https:\/\/costablanca-magazin.com\/nb\/kulinarisches\/spezialitaeten-rezepte\/weihnachtsgerichte-der-costa-blanca-tradition-turron\/\" >\n\t\t\t\tJuleretter fra Costa Blanca - Tradisjon &amp; Turr\u00f3n\t\t\t<\/a>\n\t\t<\/h2>\n\t\t\t\t<\/div>\n\t\t\t\t\t<\/div>\n\t\t<\/article>\n\t\t\t\t<article class=\"elementor-post elementor-grid-item post-9512 post type-post status-publish format-standard has-post-thumbnail hentry category-restaurant tag-himalaya-kueche-spanien tag-indisches-restaurant-costa-blanca tag-kathmandu-albir tag-momos-nepal tag-nepalesische-kueche-albir tag-restaurant-albir tag-tandoori-albir\" role=\"listitem\">\n\t\t\t<div class=\"elementor-post__card\">\n\t\t\t\t<a class=\"elementor-post__thumbnail__link\" href=\"https:\/\/costablanca-magazin.com\/nb\/kulinarisches\/restaurant\/kathmandu-albir-nepalesisch-indische-kueche-costa-blanca\/\" tabindex=\"-1\" ><div class=\"elementor-post__thumbnail\"><img decoding=\"async\" width=\"300\" height=\"169\" src=\"https:\/\/costablanca-magazin.com\/wp-content\/uploads\/2025\/11\/20251108_180824-300x169.jpg\" class=\"attachment-medium size-medium wp-image-9528\" alt=\"B\u00e6rekraft er for lengst ikke lenger et moteord, men en del av hverdagen \u2013 ogs\u00e5 her p\u00e5 Costa Blanca. Mellom D\u00e9nia og Villajoyosa ser man hvor alvorlig hele regionen n\u00e5 tar temaet: B\u00f8nder g\u00e5r over til \u00f8kologisk drift, kommuner investerer i vannrenseanlegg, solenergi og sirkul\u00e6r \u00f8konomi, og stadig flere forbrukere satser p\u00e5 regionale produkter og b\u00e6rekraftig mobilitet. I l\u00f8pet av de siste ti \u00e5rene har det skjedd mye i Marina Alta og Marina Baixa. \u00d8kologiske arealer vokser, energifellesskap oppst\u00e5r, og byer utvikler konkrete klimaplaner som g\u00e5r utover symbolpolitikk. Spesielt n\u00e5r det gjelder ressurser \u2013 vann, energi og jord \u2013 blir endringen h\u00e5ndgripelig: bevisst, effektiv og langsiktig tenkt. Samtidig endres holdningen til forbruk og turisme. Enten det gjelder ukentlige markeder, direkte markedsf\u00f8ring eller b\u00e6rekraftige overnattingssteder \u2013 overalt vokser bevisstheten om at regionalitet og ansvar h\u00f8rer sammen. Ogs\u00e5 turismen satser i \u00f8kende grad p\u00e5 kvalitet fremfor masse: milj\u00f8sertifiserte hoteller, b\u00e6rekraftig mobilitet og lokal verdiskaping sikrer at denne regionen forblir et godt sted \u00e5 bo, ikke bare i dag, men ogs\u00e5 i morgen \u2013 for alle som bor her og for de som bes\u00f8ker den med respekt. Det som ved f\u00f8rste \u00f8yekast ser ut som sm\u00e5 skritt, utgj\u00f8r til sammen en bevegelse \u2013 og viser hvordan ideer blir til fremtid. P\u00e5 de neste sidene f\u00f8lger vi dem: fra \u00f8kologisk landbruk til vann og energi, mobilitet og moderne forbruk.\" srcset=\"https:\/\/costablanca-magazin.com\/wp-content\/uploads\/2025\/11\/20251108_180824-300x169.jpg 300w, https:\/\/costablanca-magazin.com\/wp-content\/uploads\/2025\/11\/20251108_180824-1024x576.jpg 1024w, https:\/\/costablanca-magazin.com\/wp-content\/uploads\/2025\/11\/20251108_180824-768x432.jpg 768w, https:\/\/costablanca-magazin.com\/wp-content\/uploads\/2025\/11\/20251108_180824-18x10.jpg 18w, https:\/\/costablanca-magazin.com\/wp-content\/uploads\/2025\/11\/20251108_180824.jpg 1200w\" sizes=\"(max-width: 300px) 100vw, 300px\" \/><\/div><\/a>\n\t\t\t\t<div class=\"elementor-post__badge\">Restaurant<\/div>\n\t\t\t\t<div class=\"elementor-post__text\">\n\t\t\t\t<h2 class=\"elementor-post__title\">\n\t\t\t<a href=\"https:\/\/costablanca-magazin.com\/nb\/kulinarisches\/restaurant\/kathmandu-albir-nepalesisch-indische-kueche-costa-blanca\/\" >\n\t\t\t\tKathmandu Albir - Nepalesisk-indisk mat Costa Blanca\t\t\t<\/a>\n\t\t<\/h2>\n\t\t\t\t<\/div>\n\t\t\t\t\t<\/div>\n\t\t<\/article>\n\t\t\t\t<article class=\"elementor-post elementor-grid-item post-9209 post type-post status-publish format-standard has-post-thumbnail hentry category-restaurant tag-authentische-valencianische-kueche tag-ca-aleix tag-cocas-marina-alta tag-costa-blanca-restaurant tag-mediterrane-kueche tag-reisgerichte-xabia tag-restaurant-javea tag-valencianische-kueche tag-weine-aus-valencia\" role=\"listitem\">\n\t\t\t<div class=\"elementor-post__card\">\n\t\t\t\t<a class=\"elementor-post__thumbnail__link\" href=\"https:\/\/costablanca-magazin.com\/nb\/kulinarisches\/restaurant\/ca-aleix-xabia-mediterrane-kueche-kunst-gastfreundschaft\/\" tabindex=\"-1\" ><div class=\"elementor-post__thumbnail\"><img decoding=\"async\" width=\"300\" height=\"169\" src=\"https:\/\/costablanca-magazin.com\/wp-content\/uploads\/2025\/10\/20251005_132450-300x169.jpg\" class=\"attachment-medium size-medium wp-image-9230\" alt=\"Ca Aleix X\u00e0bia \u2013 Middelhavskj\u00f8kken, kunst og gjestfrihet\" srcset=\"https:\/\/costablanca-magazin.com\/wp-content\/uploads\/2025\/10\/20251005_132450-300x169.jpg 300w, https:\/\/costablanca-magazin.com\/wp-content\/uploads\/2025\/10\/20251005_132450-1024x576.jpg 1024w, https:\/\/costablanca-magazin.com\/wp-content\/uploads\/2025\/10\/20251005_132450-768x432.jpg 768w, https:\/\/costablanca-magazin.com\/wp-content\/uploads\/2025\/10\/20251005_132450.jpg 1200w\" sizes=\"(max-width: 300px) 100vw, 300px\" \/><\/div><\/a>\n\t\t\t\t<div class=\"elementor-post__badge\">Restaurant<\/div>\n\t\t\t\t<div class=\"elementor-post__text\">\n\t\t\t\t<h2 class=\"elementor-post__title\">\n\t\t\t<a href=\"https:\/\/costablanca-magazin.com\/nb\/kulinarisches\/restaurant\/ca-aleix-xabia-mediterrane-kueche-kunst-gastfreundschaft\/\" >\n\t\t\t\tCa Aleix X\u00e0bia - middelhavsmat, kunst og gjestfrihet\t\t\t<\/a>\n\t\t<\/h2>\n\t\t\t\t<\/div>\n\t\t\t\t\t<\/div>\n\t\t<\/article>\n\t\t\t\t<article class=\"elementor-post elementor-grid-item post-8986 post type-post status-publish format-standard has-post-thumbnail hentry category-spezialitaeten-rezepte tag-cafe-bombon tag-cafe-con-leche tag-cortado-spanien tag-costa-blanca-kaffee tag-denia-kaffee tag-kaffeekultur-costa-blanca tag-spanischer-kaffee tag-villajoyosa-cafe\" role=\"listitem\">\n\t\t\t<div class=\"elementor-post__card\">\n\t\t\t\t<a class=\"elementor-post__thumbnail__link\" href=\"https:\/\/costablanca-magazin.com\/nb\/kulinarisches\/spezialitaeten-rezepte\/kaffee-an-der-costa-blanca-cortado-bombon-kultur\/\" tabindex=\"-1\" ><div class=\"elementor-post__thumbnail\"><img loading=\"lazy\" decoding=\"async\" width=\"300\" height=\"136\" src=\"https:\/\/costablanca-magazin.com\/wp-content\/uploads\/2025\/09\/coffee-expert-barista-making-hot-americano-for-cus-2025-01-08-23-10-13-utc-e1759084734304-300x136.jpg\" class=\"attachment-medium size-medium wp-image-8991\" alt=\"Kaf\u00e9, Cortado &amp; Bomb\u00f3n 3\" srcset=\"https:\/\/costablanca-magazin.com\/wp-content\/uploads\/2025\/09\/coffee-expert-barista-making-hot-americano-for-cus-2025-01-08-23-10-13-utc-e1759084734304-300x136.jpg 300w, https:\/\/costablanca-magazin.com\/wp-content\/uploads\/2025\/09\/coffee-expert-barista-making-hot-americano-for-cus-2025-01-08-23-10-13-utc-e1759084734304-1024x464.jpg 1024w, https:\/\/costablanca-magazin.com\/wp-content\/uploads\/2025\/09\/coffee-expert-barista-making-hot-americano-for-cus-2025-01-08-23-10-13-utc-e1759084734304-768x348.jpg 768w, https:\/\/costablanca-magazin.com\/wp-content\/uploads\/2025\/09\/coffee-expert-barista-making-hot-americano-for-cus-2025-01-08-23-10-13-utc-e1759084734304.jpg 1200w\" sizes=\"(max-width: 300px) 100vw, 300px\" \/><\/div><\/a>\n\t\t\t\t<div class=\"elementor-post__badge\">Spesialiteter og oppskrifter<\/div>\n\t\t\t\t<div class=\"elementor-post__text\">\n\t\t\t\t<h2 class=\"elementor-post__title\">\n\t\t\t<a href=\"https:\/\/costablanca-magazin.com\/nb\/kulinarisches\/spezialitaeten-rezepte\/kaffee-an-der-costa-blanca-cortado-bombon-kultur\/\" >\n\t\t\t\tKaffe p\u00e5 Costa Blanca - cortado, bomb\u00f3n og kultur\t\t\t<\/a>\n\t\t<\/h2>\n\t\t\t\t<\/div>\n\t\t\t\t\t<\/div>\n\t\t<\/article>\n\t\t\t\t<article class=\"elementor-post elementor-grid-item post-8962 post type-post status-publish format-standard has-post-thumbnail hentry category-spezialitaeten-rezepte tag-embutidos-spanien tag-handwerkliche-produktion tag-marina-baixa-oel tag-olivenoel-costa-blanca tag-olivenoel-marina-alta tag-regionale-spezialitaeten tag-spanische-tradition tag-traditionelle-wurstwaren\" role=\"listitem\">\n\t\t\t<div class=\"elementor-post__card\">\n\t\t\t\t<a class=\"elementor-post__thumbnail__link\" href=\"https:\/\/costablanca-magazin.com\/nb\/kulinarisches\/spezialitaeten-rezepte\/olivenoel-embutidos-tradition-aus-marina-alta-baixa\/\" tabindex=\"-1\" ><div class=\"elementor-post__thumbnail\"><img loading=\"lazy\" decoding=\"async\" width=\"300\" height=\"200\" src=\"https:\/\/costablanca-magazin.com\/wp-content\/uploads\/2025\/09\/detail-of-olive-tree-with-green-olives-2025-03-23-21-44-42-utc-300x200.jpg\" class=\"attachment-medium size-medium wp-image-8963\" alt=\"H\u00e5ndverk fra tradisjon: Olje og Embutidos\" srcset=\"https:\/\/costablanca-magazin.com\/wp-content\/uploads\/2025\/09\/detail-of-olive-tree-with-green-olives-2025-03-23-21-44-42-utc-300x200.jpg 300w, https:\/\/costablanca-magazin.com\/wp-content\/uploads\/2025\/09\/detail-of-olive-tree-with-green-olives-2025-03-23-21-44-42-utc-1024x683.jpg 1024w, https:\/\/costablanca-magazin.com\/wp-content\/uploads\/2025\/09\/detail-of-olive-tree-with-green-olives-2025-03-23-21-44-42-utc-768x512.jpg 768w, https:\/\/costablanca-magazin.com\/wp-content\/uploads\/2025\/09\/detail-of-olive-tree-with-green-olives-2025-03-23-21-44-42-utc.jpg 1200w\" sizes=\"(max-width: 300px) 100vw, 300px\" \/><\/div><\/a>\n\t\t\t\t<div class=\"elementor-post__badge\">Spesialiteter og oppskrifter<\/div>\n\t\t\t\t<div class=\"elementor-post__text\">\n\t\t\t\t<h2 class=\"elementor-post__title\">\n\t\t\t<a href=\"https:\/\/costablanca-magazin.com\/nb\/kulinarisches\/spezialitaeten-rezepte\/olivenoel-embutidos-tradition-aus-marina-alta-baixa\/\" >\n\t\t\t\tOlivenolje &amp; Embutidos - Tradisjon fra Marina Alta &amp; Baixa\t\t\t<\/a>\n\t\t<\/h2>\n\t\t\t\t<\/div>\n\t\t\t\t\t<\/div>\n\t\t<\/article>\n\t\t\t\t<article class=\"elementor-post elementor-grid-item post-8891 post type-post status-publish format-standard has-post-thumbnail hentry category-spezialitaeten-rezepte tag-marina-alta tag-marina-baixa tag-mistela tag-moscatel tag-regionale-weine tag-weinkultur tag-weinproben tag-weintradition\" role=\"listitem\">\n\t\t\t<div class=\"elementor-post__card\">\n\t\t\t\t<a class=\"elementor-post__thumbnail__link\" href=\"https:\/\/costablanca-magazin.com\/nb\/kulinarisches\/spezialitaeten-rezepte\/weine-der-marina-alta-baixa-moscatel-mistela-mehr\/\" tabindex=\"-1\" ><div class=\"elementor-post__thumbnail\"><img loading=\"lazy\" decoding=\"async\" width=\"300\" height=\"220\" src=\"https:\/\/costablanca-magazin.com\/wp-content\/uploads\/2025\/09\/group-of-friends-wine-tasting-at-a-distillery-or-c-2025-04-06-09-58-00-utc-300x220.jpg\" class=\"attachment-medium size-medium wp-image-8952\" alt=\"Marina Alta og Marina Baixa i glasset: Moscatel, Mistela og mer\" srcset=\"https:\/\/costablanca-magazin.com\/wp-content\/uploads\/2025\/09\/group-of-friends-wine-tasting-at-a-distillery-or-c-2025-04-06-09-58-00-utc-300x220.jpg 300w, https:\/\/costablanca-magazin.com\/wp-content\/uploads\/2025\/09\/group-of-friends-wine-tasting-at-a-distillery-or-c-2025-04-06-09-58-00-utc-1024x749.jpg 1024w, https:\/\/costablanca-magazin.com\/wp-content\/uploads\/2025\/09\/group-of-friends-wine-tasting-at-a-distillery-or-c-2025-04-06-09-58-00-utc-768x562.jpg 768w, https:\/\/costablanca-magazin.com\/wp-content\/uploads\/2025\/09\/group-of-friends-wine-tasting-at-a-distillery-or-c-2025-04-06-09-58-00-utc.jpg 1200w\" sizes=\"(max-width: 300px) 100vw, 300px\" \/><\/div><\/a>\n\t\t\t\t<div class=\"elementor-post__badge\">Spesialiteter og oppskrifter<\/div>\n\t\t\t\t<div class=\"elementor-post__text\">\n\t\t\t\t<h2 class=\"elementor-post__title\">\n\t\t\t<a href=\"https:\/\/costablanca-magazin.com\/nb\/kulinarisches\/spezialitaeten-rezepte\/weine-der-marina-alta-baixa-moscatel-mistela-mehr\/\" >\n\t\t\t\tViner fra Marina Alta og Baixa - Moscatel, Mistela og mer\t\t\t<\/a>\n\t\t<\/h2>\n\t\t\t\t<\/div>\n\t\t\t\t\t<\/div>\n\t\t<\/article>\n\t\t\t\t<article class=\"elementor-post elementor-grid-item post-8881 post type-post status-publish format-standard has-post-thumbnail hentry category-spezialitaeten-rezepte tag-mandeln tag-marina-alta tag-marina-baixa tag-nispero tag-regionale-landwirtschaft tag-reis tag-rosinen tag-zitrusfruechte\" role=\"listitem\">\n\t\t\t<div class=\"elementor-post__card\">\n\t\t\t\t<a class=\"elementor-post__thumbnail__link\" href=\"https:\/\/costablanca-magazin.com\/nb\/kulinarisches\/spezialitaeten-rezepte\/schaetze-der-marina-alta-und-baixa-nispero-reis-fruechte\/\" tabindex=\"-1\" ><div class=\"elementor-post__thumbnail\"><img loading=\"lazy\" decoding=\"async\" width=\"300\" height=\"200\" src=\"https:\/\/costablanca-magazin.com\/wp-content\/uploads\/2025\/04\/nispero-fruits-ripening-on-the-tree-also-known-as-2025-03-10-05-01-12-utc-300x200.jpg\" class=\"attachment-medium size-medium wp-image-5722\" alt=\"Liten, delikat frukt, stor tradisjon \u2013 N\u00edspero fra Callosa d&#039;en Sarri\u00e0 3\" srcset=\"https:\/\/costablanca-magazin.com\/wp-content\/uploads\/2025\/04\/nispero-fruits-ripening-on-the-tree-also-known-as-2025-03-10-05-01-12-utc-300x200.jpg 300w, https:\/\/costablanca-magazin.com\/wp-content\/uploads\/2025\/04\/nispero-fruits-ripening-on-the-tree-also-known-as-2025-03-10-05-01-12-utc-1024x683.jpg 1024w, https:\/\/costablanca-magazin.com\/wp-content\/uploads\/2025\/04\/nispero-fruits-ripening-on-the-tree-also-known-as-2025-03-10-05-01-12-utc-768x512.jpg 768w, https:\/\/costablanca-magazin.com\/wp-content\/uploads\/2025\/04\/nispero-fruits-ripening-on-the-tree-also-known-as-2025-03-10-05-01-12-utc-1536x1024.jpg 1536w, https:\/\/costablanca-magazin.com\/wp-content\/uploads\/2025\/04\/nispero-fruits-ripening-on-the-tree-also-known-as-2025-03-10-05-01-12-utc-2048x1365.jpg 2048w\" sizes=\"(max-width: 300px) 100vw, 300px\" \/><\/div><\/a>\n\t\t\t\t<div class=\"elementor-post__badge\">Spesialiteter og oppskrifter<\/div>\n\t\t\t\t<div class=\"elementor-post__text\">\n\t\t\t\t<h2 class=\"elementor-post__title\">\n\t\t\t<a href=\"https:\/\/costablanca-magazin.com\/nb\/kulinarisches\/spezialitaeten-rezepte\/schaetze-der-marina-alta-und-baixa-nispero-reis-fruechte\/\" >\n\t\t\t\tMarina Altas og Baixas skatter - N\u00edspero, ris og frukt\t\t\t<\/a>\n\t\t<\/h2>\n\t\t\t\t<\/div>\n\t\t\t\t\t<\/div>\n\t\t<\/article>\n\t\t\t\t<article class=\"elementor-post elementor-grid-item post-8786 post type-post status-publish format-standard has-post-thumbnail hentry category-restaurant tag-beste-pizza-altea tag-essen-gehen-altea-la-vella tag-hausgemachte-pasta-altea tag-il-giardino-nova-bussola tag-italienische-kueche-costa-blanca tag-italienisches-ambiente-finca tag-italienisches-restaurant-altea tag-mediterrane-spezialitaeten-altea\" role=\"listitem\">\n\t\t\t<div class=\"elementor-post__card\">\n\t\t\t\t<a class=\"elementor-post__thumbnail__link\" href=\"https:\/\/costablanca-magazin.com\/nb\/kulinarisches\/restaurant\/italienisches-restaurant-in-altea-la-vella-il-giardino\/\" tabindex=\"-1\" ><div class=\"elementor-post__thumbnail\"><img loading=\"lazy\" decoding=\"async\" width=\"300\" height=\"169\" src=\"https:\/\/costablanca-magazin.com\/wp-content\/uploads\/2025\/09\/20250823_145402-300x169.jpg\" class=\"attachment-medium size-medium wp-image-8826\" alt=\"Et stykke Italia i Altea la Vella 13\" srcset=\"https:\/\/costablanca-magazin.com\/wp-content\/uploads\/2025\/09\/20250823_145402-300x169.jpg 300w, https:\/\/costablanca-magazin.com\/wp-content\/uploads\/2025\/09\/20250823_145402-1024x577.jpg 1024w, https:\/\/costablanca-magazin.com\/wp-content\/uploads\/2025\/09\/20250823_145402-768x432.jpg 768w, https:\/\/costablanca-magazin.com\/wp-content\/uploads\/2025\/09\/20250823_145402-1536x865.jpg 1536w, https:\/\/costablanca-magazin.com\/wp-content\/uploads\/2025\/09\/20250823_145402-2048x1153.jpg 2048w\" sizes=\"(max-width: 300px) 100vw, 300px\" \/><\/div><\/a>\n\t\t\t\t<div class=\"elementor-post__badge\">Restaurant<\/div>\n\t\t\t\t<div class=\"elementor-post__text\">\n\t\t\t\t<h2 class=\"elementor-post__title\">\n\t\t\t<a href=\"https:\/\/costablanca-magazin.com\/nb\/kulinarisches\/restaurant\/italienisches-restaurant-in-altea-la-vella-il-giardino\/\" >\n\t\t\t\tItaliensk restaurant i Altea la Vella - Il Giardino\t\t\t<\/a>\n\t\t<\/h2>\n\t\t\t\t<\/div>\n\t\t\t\t\t<\/div>\n\t\t<\/article>\n\t\t\t\t<article class=\"elementor-post elementor-grid-item post-8731 post type-post status-publish format-standard has-post-thumbnail hentry category-spezialitaeten-rezepte tag-costa-blanca-2 tag-lokale-spezialitaeten tag-marina-alta tag-marina-baixa tag-nisperos tag-olivenhaine tag-villajoyosa-schokolade tag-weinberge\" role=\"listitem\">\n\t\t\t<div class=\"elementor-post__card\">\n\t\t\t\t<a class=\"elementor-post__thumbnail__link\" href=\"https:\/\/costablanca-magazin.com\/nb\/kulinarisches\/spezialitaeten-rezepte\/costa-blanca-vielfalt-zwischen-bergen-und-meer\/\" tabindex=\"-1\" ><div class=\"elementor-post__thumbnail\"><img loading=\"lazy\" decoding=\"async\" width=\"300\" height=\"200\" src=\"https:\/\/costablanca-magazin.com\/wp-content\/uploads\/2025\/09\/picturesque-mediterranean-spanish-coastline-in-alt-2025-01-27-23-59-48-utc-300x200.jpg\" class=\"attachment-medium size-medium wp-image-8777\" alt=\"Unikt mellom fjell og hav\" srcset=\"https:\/\/costablanca-magazin.com\/wp-content\/uploads\/2025\/09\/picturesque-mediterranean-spanish-coastline-in-alt-2025-01-27-23-59-48-utc-300x200.jpg 300w, https:\/\/costablanca-magazin.com\/wp-content\/uploads\/2025\/09\/picturesque-mediterranean-spanish-coastline-in-alt-2025-01-27-23-59-48-utc-1024x683.jpg 1024w, https:\/\/costablanca-magazin.com\/wp-content\/uploads\/2025\/09\/picturesque-mediterranean-spanish-coastline-in-alt-2025-01-27-23-59-48-utc-768x512.jpg 768w, https:\/\/costablanca-magazin.com\/wp-content\/uploads\/2025\/09\/picturesque-mediterranean-spanish-coastline-in-alt-2025-01-27-23-59-48-utc.jpg 1200w\" sizes=\"(max-width: 300px) 100vw, 300px\" \/><\/div><\/a>\n\t\t\t\t<div class=\"elementor-post__badge\">Spesialiteter og oppskrifter<\/div>\n\t\t\t\t<div class=\"elementor-post__text\">\n\t\t\t\t<h2 class=\"elementor-post__title\">\n\t\t\t<a href=\"https:\/\/costablanca-magazin.com\/nb\/kulinarisches\/spezialitaeten-rezepte\/costa-blanca-vielfalt-zwischen-bergen-und-meer\/\" >\n\t\t\t\tCosta Blanca - mangfold mellom fjell og hav\t\t\t<\/a>\n\t\t<\/h2>\n\t\t\t\t<\/div>\n\t\t\t\t\t<\/div>\n\t\t<\/article>\n\t\t\t\t<article class=\"elementor-post elementor-grid-item post-8515 post type-post status-publish format-standard has-post-thumbnail hentry category-restaurant tag-asiatisches-restaurant-costa-blanca tag-beniasia-benitatxell tag-kreative-asia-kueche tag-pekingente-costa-blanca tag-sushi-benitatxell tag-weinkeller-beniasia\" role=\"listitem\">\n\t\t\t<div class=\"elementor-post__card\">\n\t\t\t\t<a class=\"elementor-post__thumbnail__link\" href=\"https:\/\/costablanca-magazin.com\/nb\/kulinarisches\/restaurant\/restaurant-beniasia-in-benitaxell-asiatisch-aber-mal-ganz-anders\/\" tabindex=\"-1\" ><div class=\"elementor-post__thumbnail\"><img loading=\"lazy\" decoding=\"async\" width=\"232\" height=\"300\" src=\"https:\/\/costablanca-magazin.com\/wp-content\/uploads\/2025\/08\/20250809_133118-232x300.jpg\" class=\"attachment-medium size-medium wp-image-8518\" alt=\"Beniasia \u2013 Asiatisk, men helt annerledes 1\" srcset=\"https:\/\/costablanca-magazin.com\/wp-content\/uploads\/2025\/08\/20250809_133118-232x300.jpg 232w, https:\/\/costablanca-magazin.com\/wp-content\/uploads\/2025\/08\/20250809_133118-794x1024.jpg 794w, https:\/\/costablanca-magazin.com\/wp-content\/uploads\/2025\/08\/20250809_133118-768x991.jpg 768w, https:\/\/costablanca-magazin.com\/wp-content\/uploads\/2025\/08\/20250809_133118.jpg 1126w\" sizes=\"(max-width: 232px) 100vw, 232px\" \/><\/div><\/a>\n\t\t\t\t<div class=\"elementor-post__badge\">Restaurant<\/div>\n\t\t\t\t<div class=\"elementor-post__text\">\n\t\t\t\t<h2 class=\"elementor-post__title\">\n\t\t\t<a href=\"https:\/\/costablanca-magazin.com\/nb\/kulinarisches\/restaurant\/restaurant-beniasia-in-benitaxell-asiatisch-aber-mal-ganz-anders\/\" >\n\t\t\t\tRestaurant Beniasia i Benitaxell - asiatisk, men annerledes\t\t\t<\/a>\n\t\t<\/h2>\n\t\t\t\t<\/div>\n\t\t\t\t\t<\/div>\n\t\t<\/article>\n\t\t\t\t<article class=\"elementor-post elementor-grid-item post-8073 post type-post status-publish format-standard has-post-thumbnail hentry category-restaurant tag-fine-dining-benissa tag-mediterrane-kueche-les-bassetes tag-oceana-club-benissa tag-paseo-ecologico-restaurant tag-restaurant-mit-meerblick-costa-blanca tag-seafood-restaurant-benissa\" role=\"listitem\">\n\t\t\t<div class=\"elementor-post__card\">\n\t\t\t\t<a class=\"elementor-post__thumbnail__link\" href=\"https:\/\/costablanca-magazin.com\/nb\/kulinarisches\/restaurant\/oceana-club-benissa-meerblick-trifft-geschmacks-explosion\/\" tabindex=\"-1\" ><div class=\"elementor-post__thumbnail\"><img loading=\"lazy\" decoding=\"async\" width=\"300\" height=\"169\" src=\"https:\/\/costablanca-magazin.com\/wp-content\/uploads\/2025\/07\/oceana-beachclub-9-300x169.jpg\" class=\"attachment-medium size-medium wp-image-8075\" alt=\"Oceana Club: havutsikt m\u00f8ter en eksplosjon av smaker\" srcset=\"https:\/\/costablanca-magazin.com\/wp-content\/uploads\/2025\/07\/oceana-beachclub-9-300x169.jpg 300w, https:\/\/costablanca-magazin.com\/wp-content\/uploads\/2025\/07\/oceana-beachclub-9-1024x577.jpg 1024w, https:\/\/costablanca-magazin.com\/wp-content\/uploads\/2025\/07\/oceana-beachclub-9-768x432.jpg 768w, https:\/\/costablanca-magazin.com\/wp-content\/uploads\/2025\/07\/oceana-beachclub-9-1536x865.jpg 1536w, https:\/\/costablanca-magazin.com\/wp-content\/uploads\/2025\/07\/oceana-beachclub-9.jpg 2000w\" sizes=\"(max-width: 300px) 100vw, 300px\" \/><\/div><\/a>\n\t\t\t\t<div class=\"elementor-post__badge\">Restaurant<\/div>\n\t\t\t\t<div class=\"elementor-post__text\">\n\t\t\t\t<h2 class=\"elementor-post__title\">\n\t\t\t<a href=\"https:\/\/costablanca-magazin.com\/nb\/kulinarisches\/restaurant\/oceana-club-benissa-meerblick-trifft-geschmacks-explosion\/\" >\n\t\t\t\tOceana Club Benissa - havutsikt og smakseksplosjon\t\t\t<\/a>\n\t\t<\/h2>\n\t\t\t\t<\/div>\n\t\t\t\t\t<\/div>\n\t\t<\/article>\n\t\t\t\t<article class=\"elementor-post elementor-grid-item post-7997 post type-post status-publish format-standard has-post-thumbnail hentry category-spezialitaeten-rezepte tag-costa-blanca-2 tag-gazpacho tag-ortaxa tag-spanische-sommerrezepte\" role=\"listitem\">\n\t\t\t<div class=\"elementor-post__card\">\n\t\t\t\t<a class=\"elementor-post__thumbnail__link\" href=\"https:\/\/costablanca-magazin.com\/nb\/kulinarisches\/spezialitaeten-rezepte\/eisgekuehlt-und-leicht-so-schmeckt-der-sommer-an-der-costa-blanca\/\" tabindex=\"-1\" ><div class=\"elementor-post__thumbnail\"><img loading=\"lazy\" decoding=\"async\" width=\"300\" height=\"200\" src=\"https:\/\/costablanca-magazin.com\/wp-content\/uploads\/2025\/07\/crispy-fried-calamari-rings-2024-09-22-11-59-44-utc-300x200.jpg\" class=\"attachment-medium size-medium wp-image-8035\" alt=\"Iskald og lett - smaken av sommer p\u00e5 Costa Blanca\" srcset=\"https:\/\/costablanca-magazin.com\/wp-content\/uploads\/2025\/07\/crispy-fried-calamari-rings-2024-09-22-11-59-44-utc-300x200.jpg 300w, https:\/\/costablanca-magazin.com\/wp-content\/uploads\/2025\/07\/crispy-fried-calamari-rings-2024-09-22-11-59-44-utc-1024x683.jpg 1024w, https:\/\/costablanca-magazin.com\/wp-content\/uploads\/2025\/07\/crispy-fried-calamari-rings-2024-09-22-11-59-44-utc-768x512.jpg 768w, https:\/\/costablanca-magazin.com\/wp-content\/uploads\/2025\/07\/crispy-fried-calamari-rings-2024-09-22-11-59-44-utc-1536x1024.jpg 1536w, https:\/\/costablanca-magazin.com\/wp-content\/uploads\/2025\/07\/crispy-fried-calamari-rings-2024-09-22-11-59-44-utc-2048x1365.jpg 2048w\" sizes=\"(max-width: 300px) 100vw, 300px\" \/><\/div><\/a>\n\t\t\t\t<div class=\"elementor-post__badge\">Spesialiteter og oppskrifter<\/div>\n\t\t\t\t<div class=\"elementor-post__text\">\n\t\t\t\t<h2 class=\"elementor-post__title\">\n\t\t\t<a href=\"https:\/\/costablanca-magazin.com\/nb\/kulinarisches\/spezialitaeten-rezepte\/eisgekuehlt-und-leicht-so-schmeckt-der-sommer-an-der-costa-blanca\/\" >\n\t\t\t\tIskald og lett - smaken av sommer p\u00e5 Costa Blanca\t\t\t<\/a>\n\t\t<\/h2>\n\t\t\t\t<\/div>\n\t\t\t\t\t<\/div>\n\t\t<\/article>\n\t\t\t\t<article class=\"elementor-post elementor-grid-item post-7708 post type-post status-publish format-standard has-post-thumbnail hentry category-restaurant tag-costa-blanca-2 tag-maxim-in-moraira tag-menue-restaurant-costablanca tag-restaurant-moraira\" role=\"listitem\">\n\t\t\t<div class=\"elementor-post__card\">\n\t\t\t\t<a class=\"elementor-post__thumbnail__link\" href=\"https:\/\/costablanca-magazin.com\/nb\/kulinarisches\/restaurant\/maxim-in-moraira-drei-gaenge-ganz-nach-geschmack\/\" tabindex=\"-1\" ><div class=\"elementor-post__thumbnail\"><img loading=\"lazy\" decoding=\"async\" width=\"300\" height=\"300\" src=\"https:\/\/costablanca-magazin.com\/wp-content\/uploads\/2025\/06\/Costablanca-Magazin-Restaurant-Maxim-Moraira-1-300x300.jpg\" class=\"attachment-medium size-medium wp-image-7724\" alt=\"Maxim i Moraira: Tre retter, helt etter smak 6\" srcset=\"https:\/\/costablanca-magazin.com\/wp-content\/uploads\/2025\/06\/Costablanca-Magazin-Restaurant-Maxim-Moraira-1-300x300.jpg 300w, https:\/\/costablanca-magazin.com\/wp-content\/uploads\/2025\/06\/Costablanca-Magazin-Restaurant-Maxim-Moraira-1-1024x1022.jpg 1024w, https:\/\/costablanca-magazin.com\/wp-content\/uploads\/2025\/06\/Costablanca-Magazin-Restaurant-Maxim-Moraira-1-150x150.jpg 150w, https:\/\/costablanca-magazin.com\/wp-content\/uploads\/2025\/06\/Costablanca-Magazin-Restaurant-Maxim-Moraira-1-768x767.jpg 768w, https:\/\/costablanca-magazin.com\/wp-content\/uploads\/2025\/06\/Costablanca-Magazin-Restaurant-Maxim-Moraira-1.jpg 1200w\" sizes=\"(max-width: 300px) 100vw, 300px\" \/><\/div><\/a>\n\t\t\t\t<div class=\"elementor-post__badge\">Restaurant<\/div>\n\t\t\t\t<div class=\"elementor-post__text\">\n\t\t\t\t<h2 class=\"elementor-post__title\">\n\t\t\t<a href=\"https:\/\/costablanca-magazin.com\/nb\/kulinarisches\/restaurant\/maxim-in-moraira-drei-gaenge-ganz-nach-geschmack\/\" >\n\t\t\t\tMaxim i Moraira - Tre retter, akkurat slik du liker det\t\t\t<\/a>\n\t\t<\/h2>\n\t\t\t\t<\/div>\n\t\t\t\t\t<\/div>\n\t\t<\/article>\n\t\t\t\t<article class=\"elementor-post elementor-grid-item post-7689 post type-post status-publish format-standard has-post-thumbnail hentry category-spezialitaeten-rezepte tag-alicante-rum tag-costa-blanca-2 tag-malabusca\" role=\"listitem\">\n\t\t\t<div class=\"elementor-post__card\">\n\t\t\t\t<a class=\"elementor-post__thumbnail__link\" href=\"https:\/\/costablanca-magazin.com\/nb\/kulinarisches\/spezialitaeten-rezepte\/malabusca-der-rum-aus-alicante\/\" tabindex=\"-1\" ><div class=\"elementor-post__thumbnail\"><img loading=\"lazy\" decoding=\"async\" width=\"300\" height=\"114\" src=\"https:\/\/costablanca-magazin.com\/wp-content\/uploads\/2025\/06\/MALABUSCA-RUM-SPANISH-STYLE-D-e1750247487118-300x114.jpg\" class=\"attachment-medium size-medium wp-image-7692\" alt=\"Fine dr\u00e5per med karakter: Hvordan en rom fra Alicante erobrer verdensscenen\" srcset=\"https:\/\/costablanca-magazin.com\/wp-content\/uploads\/2025\/06\/MALABUSCA-RUM-SPANISH-STYLE-D-e1750247487118-300x114.jpg 300w, https:\/\/costablanca-magazin.com\/wp-content\/uploads\/2025\/06\/MALABUSCA-RUM-SPANISH-STYLE-D-e1750247487118.jpg 668w\" sizes=\"(max-width: 300px) 100vw, 300px\" \/><\/div><\/a>\n\t\t\t\t<div class=\"elementor-post__badge\">Spesialiteter og oppskrifter<\/div>\n\t\t\t\t<div class=\"elementor-post__text\">\n\t\t\t\t<h2 class=\"elementor-post__title\">\n\t\t\t<a href=\"https:\/\/costablanca-magazin.com\/nb\/kulinarisches\/spezialitaeten-rezepte\/malabusca-der-rum-aus-alicante\/\" >\n\t\t\t\tMalabusca fine dr\u00e5per med karakter - Rommen fra Alicante\t\t\t<\/a>\n\t\t<\/h2>\n\t\t\t\t<\/div>\n\t\t\t\t\t<\/div>\n\t\t<\/article>\n\t\t\t\t<article class=\"elementor-post elementor-grid-item post-6921 post type-post status-publish format-standard has-post-thumbnail hentry category-restaurant tag-denia-restaurant tag-fischrestaurant-denia tag-mena-denia tag-paella-denia tag-restaurant-costa-blanca tag-restaurant-mena tag-spanische-kueche\" role=\"listitem\">\n\t\t\t<div class=\"elementor-post__card\">\n\t\t\t\t<a class=\"elementor-post__thumbnail__link\" href=\"https:\/\/costablanca-magazin.com\/nb\/kulinarisches\/restaurant\/mena-in-denia-restaurant-paella\/\" tabindex=\"-1\" ><div class=\"elementor-post__thumbnail\"><img loading=\"lazy\" decoding=\"async\" width=\"300\" height=\"225\" src=\"https:\/\/costablanca-magazin.com\/wp-content\/uploads\/2025\/05\/Mena-aussen-300x225.jpg\" class=\"attachment-medium size-medium wp-image-6960\" alt=\"Mena, D\u00e9nia - Der du spiser havet\" srcset=\"https:\/\/costablanca-magazin.com\/wp-content\/uploads\/2025\/05\/Mena-aussen-300x225.jpg 300w, https:\/\/costablanca-magazin.com\/wp-content\/uploads\/2025\/05\/Mena-aussen-1024x768.jpg 1024w, https:\/\/costablanca-magazin.com\/wp-content\/uploads\/2025\/05\/Mena-aussen-768x576.jpg 768w, https:\/\/costablanca-magazin.com\/wp-content\/uploads\/2025\/05\/Mena-aussen.jpg 1200w\" sizes=\"(max-width: 300px) 100vw, 300px\" \/><\/div><\/a>\n\t\t\t\t<div class=\"elementor-post__badge\">Restaurant<\/div>\n\t\t\t\t<div class=\"elementor-post__text\">\n\t\t\t\t<h2 class=\"elementor-post__title\">\n\t\t\t<a href=\"https:\/\/costablanca-magazin.com\/nb\/kulinarisches\/restaurant\/mena-in-denia-restaurant-paella\/\" >\n\t\t\t\tMena i D\u00e9nia - Der du spiser havet\t\t\t<\/a>\n\t\t<\/h2>\n\t\t\t\t<\/div>\n\t\t\t\t\t<\/div>\n\t\t<\/article>\n\t\t\t\t<article class=\"elementor-post elementor-grid-item post-5779 post type-post status-publish format-standard has-post-thumbnail hentry category-restaurant tag-hotel-bali-benidorm tag-madeira-lounge-bar-benidorm tag-selvatico-benidorm tag-sky-bars-costa-blanca tag-suitopia-calpe tag-voramar-hotel-terrace\" role=\"listitem\">\n\t\t\t<div class=\"elementor-post__card\">\n\t\t\t\t<a class=\"elementor-post__thumbnail__link\" href=\"https:\/\/costablanca-magazin.com\/nb\/kulinarisches\/restaurant\/skybars-an-der-costa-blanca-himmlische-aussichten\/\" tabindex=\"-1\" ><div class=\"elementor-post__thumbnail\"><img loading=\"lazy\" decoding=\"async\" width=\"300\" height=\"200\" src=\"https:\/\/costablanca-magazin.com\/wp-content\/uploads\/2025\/04\/Skybar-Alex-Gresbek-300x200.png\" class=\"attachment-medium size-medium wp-image-5801\" alt=\"Skybarer p\u00e5 Costa Blanca \u2013 himmelsk utsikt i luftige h\u00f8yder 2\" srcset=\"https:\/\/costablanca-magazin.com\/wp-content\/uploads\/2025\/04\/Skybar-Alex-Gresbek-300x200.png 300w, https:\/\/costablanca-magazin.com\/wp-content\/uploads\/2025\/04\/Skybar-Alex-Gresbek-1024x683.png 1024w, https:\/\/costablanca-magazin.com\/wp-content\/uploads\/2025\/04\/Skybar-Alex-Gresbek-768x512.png 768w, https:\/\/costablanca-magazin.com\/wp-content\/uploads\/2025\/04\/Skybar-Alex-Gresbek.png 1512w\" sizes=\"(max-width: 300px) 100vw, 300px\" \/><\/div><\/a>\n\t\t\t\t<div class=\"elementor-post__badge\">Restaurant<\/div>\n\t\t\t\t<div class=\"elementor-post__text\">\n\t\t\t\t<h2 class=\"elementor-post__title\">\n\t\t\t<a href=\"https:\/\/costablanca-magazin.com\/nb\/kulinarisches\/restaurant\/skybars-an-der-costa-blanca-himmlische-aussichten\/\" >\n\t\t\t\tSkybars p\u00e5 Costa Blanca - himmelsk utsikt\t\t\t<\/a>\n\t\t<\/h2>\n\t\t\t\t<\/div>\n\t\t\t\t\t<\/div>\n\t\t<\/article>\n\t\t\t\t<article class=\"elementor-post elementor-grid-item post-5767 post type-post status-publish format-standard has-post-thumbnail hentry category-spezialitaeten-rezepte tag-fleischmenge-pro-person-grillen tag-grillen-costa-blanca tag-grilltipps tag-outdoor-kitchen-costa-blanca\" role=\"listitem\">\n\t\t\t<div class=\"elementor-post__card\">\n\t\t\t\t<a class=\"elementor-post__thumbnail__link\" href=\"https:\/\/costablanca-magazin.com\/nb\/kulinarisches\/spezialitaeten-rezepte\/der-duft-des-fruehlings-angrillen-an-der-costa-blanca\/\" tabindex=\"-1\" ><div class=\"elementor-post__thumbnail\"><img loading=\"lazy\" decoding=\"async\" width=\"300\" height=\"200\" src=\"https:\/\/costablanca-magazin.com\/wp-content\/uploads\/2025\/04\/summertime-bbq-in-a-lush-backyard-with-friends-and-2024-07-11-02-49-51-utc-300x200.jpg\" class=\"attachment-medium size-medium wp-image-5768\" alt=\"Duften av v\u00e5r - grilling p\u00e5 Costa Blanca\" srcset=\"https:\/\/costablanca-magazin.com\/wp-content\/uploads\/2025\/04\/summertime-bbq-in-a-lush-backyard-with-friends-and-2024-07-11-02-49-51-utc-300x200.jpg 300w, https:\/\/costablanca-magazin.com\/wp-content\/uploads\/2025\/04\/summertime-bbq-in-a-lush-backyard-with-friends-and-2024-07-11-02-49-51-utc-1024x683.jpg 1024w, https:\/\/costablanca-magazin.com\/wp-content\/uploads\/2025\/04\/summertime-bbq-in-a-lush-backyard-with-friends-and-2024-07-11-02-49-51-utc-768x512.jpg 768w, https:\/\/costablanca-magazin.com\/wp-content\/uploads\/2025\/04\/summertime-bbq-in-a-lush-backyard-with-friends-and-2024-07-11-02-49-51-utc-1536x1024.jpg 1536w, https:\/\/costablanca-magazin.com\/wp-content\/uploads\/2025\/04\/summertime-bbq-in-a-lush-backyard-with-friends-and-2024-07-11-02-49-51-utc-2048x1365.jpg 2048w\" sizes=\"(max-width: 300px) 100vw, 300px\" \/><\/div><\/a>\n\t\t\t\t<div class=\"elementor-post__badge\">Spesialiteter og oppskrifter<\/div>\n\t\t\t\t<div class=\"elementor-post__text\">\n\t\t\t\t<h2 class=\"elementor-post__title\">\n\t\t\t<a href=\"https:\/\/costablanca-magazin.com\/nb\/kulinarisches\/spezialitaeten-rezepte\/der-duft-des-fruehlings-angrillen-an-der-costa-blanca\/\" >\n\t\t\t\tDuften av v\u00e5r - grilling p\u00e5 Costa Blanca\t\t\t<\/a>\n\t\t<\/h2>\n\t\t\t\t<\/div>\n\t\t\t\t\t<\/div>\n\t\t<\/article>\n\t\t\t\t<article class=\"elementor-post elementor-grid-item post-5217 post type-post status-publish format-standard has-post-thumbnail hentry category-restaurant tag-ausblick tag-benimaurell tag-frische-zutaten tag-hausgemachte-desserts tag-hausmannskost tag-mittagsmenue tag-regionale-kueche tag-spanische-kueche tag-terrasse tag-venta-del-collao tag-weinempfehlung\" role=\"listitem\">\n\t\t\t<div class=\"elementor-post__card\">\n\t\t\t\t<a class=\"elementor-post__thumbnail__link\" href=\"https:\/\/costablanca-magazin.com\/nb\/kulinarisches\/restaurant\/venta-del-collao-einfach-gutes-essen-ohne-schnickschnack\/\" tabindex=\"-1\" ><div class=\"elementor-post__thumbnail\"><img loading=\"lazy\" decoding=\"async\" width=\"300\" height=\"300\" src=\"https:\/\/costablanca-magazin.com\/wp-content\/uploads\/2025\/03\/Restaurant-Venta-del-Collao-Benimaurell-16-300x300.jpg\" class=\"attachment-medium size-medium wp-image-5223\" alt=\"Venta del Collao: Bare god mat \u2013 uten dikkedarer 4\" srcset=\"https:\/\/costablanca-magazin.com\/wp-content\/uploads\/2025\/03\/Restaurant-Venta-del-Collao-Benimaurell-16-300x300.jpg 300w, https:\/\/costablanca-magazin.com\/wp-content\/uploads\/2025\/03\/Restaurant-Venta-del-Collao-Benimaurell-16-1024x1024.jpg 1024w, https:\/\/costablanca-magazin.com\/wp-content\/uploads\/2025\/03\/Restaurant-Venta-del-Collao-Benimaurell-16-150x150.jpg 150w, https:\/\/costablanca-magazin.com\/wp-content\/uploads\/2025\/03\/Restaurant-Venta-del-Collao-Benimaurell-16-768x768.jpg 768w, https:\/\/costablanca-magazin.com\/wp-content\/uploads\/2025\/03\/Restaurant-Venta-del-Collao-Benimaurell-16-1536x1536.jpg 1536w, https:\/\/costablanca-magazin.com\/wp-content\/uploads\/2025\/03\/Restaurant-Venta-del-Collao-Benimaurell-16-2048x2048.jpg 2048w\" sizes=\"(max-width: 300px) 100vw, 300px\" \/><\/div><\/a>\n\t\t\t\t<div class=\"elementor-post__badge\">Restaurant<\/div>\n\t\t\t\t<div class=\"elementor-post__text\">\n\t\t\t\t<h2 class=\"elementor-post__title\">\n\t\t\t<a href=\"https:\/\/costablanca-magazin.com\/nb\/kulinarisches\/restaurant\/venta-del-collao-einfach-gutes-essen-ohne-schnickschnack\/\" >\n\t\t\t\tVenta del Collao: Rett og slett god mat - uten dikkedarer\t\t\t<\/a>\n\t\t<\/h2>\n\t\t\t\t<\/div>\n\t\t\t\t\t<\/div>\n\t\t<\/article>\n\t\t\t\t<article class=\"elementor-post elementor-grid-item post-4842 post type-post status-publish format-standard has-post-thumbnail hentry category-restaurant tag-beniarbeig tag-costa-blanca tag-gesunde-kueche-costa-blanca tag-poke-bowl-und-vegetarische-burger tag-restaurante-lulea-costa-blanca tag-veganes-restaurant-costa-blanca tag-vegetarisches-restaurant-costa-blanca\" role=\"listitem\">\n\t\t\t<div class=\"elementor-post__card\">\n\t\t\t\t<a class=\"elementor-post__thumbnail__link\" href=\"https:\/\/costablanca-magazin.com\/nb\/kulinarisches\/restaurant\/vegetarische-kueche-im-lulea-beniarbeig-nicht-immer-fleisch\/\" tabindex=\"-1\" ><div class=\"elementor-post__thumbnail\"><img loading=\"lazy\" decoding=\"async\" width=\"300\" height=\"173\" src=\"https:\/\/costablanca-magazin.com\/wp-content\/uploads\/2025\/02\/Lulea-Beniarbeig-3-300x173.jpg\" class=\"attachment-medium size-medium wp-image-4845\" alt=\"Det trenger ikke alltid v\u00e6re kj\u00f8tt: Vegetarisk mat i Lule\u00e5 1\" srcset=\"https:\/\/costablanca-magazin.com\/wp-content\/uploads\/2025\/02\/Lulea-Beniarbeig-3-300x173.jpg 300w, https:\/\/costablanca-magazin.com\/wp-content\/uploads\/2025\/02\/Lulea-Beniarbeig-3-1024x590.jpg 1024w, https:\/\/costablanca-magazin.com\/wp-content\/uploads\/2025\/02\/Lulea-Beniarbeig-3-768x443.jpg 768w, https:\/\/costablanca-magazin.com\/wp-content\/uploads\/2025\/02\/Lulea-Beniarbeig-3-1536x886.jpg 1536w, https:\/\/costablanca-magazin.com\/wp-content\/uploads\/2025\/02\/Lulea-Beniarbeig-3.jpg 1599w\" sizes=\"(max-width: 300px) 100vw, 300px\" \/><\/div><\/a>\n\t\t\t\t<div class=\"elementor-post__badge\">Restaurant<\/div>\n\t\t\t\t<div class=\"elementor-post__text\">\n\t\t\t\t<h2 class=\"elementor-post__title\">\n\t\t\t<a href=\"https:\/\/costablanca-magazin.com\/nb\/kulinarisches\/restaurant\/vegetarische-kueche-im-lulea-beniarbeig-nicht-immer-fleisch\/\" >\n\t\t\t\tIkke alltid kj\u00f8tt - vegetarisk mat p\u00e5 Lule\u00e5 Beniarbeig\t\t\t<\/a>\n\t\t<\/h2>\n\t\t\t\t<\/div>\n\t\t\t\t\t<\/div>\n\t\t<\/article>\n\t\t\t\t<article class=\"elementor-post elementor-grid-item post-4126 post type-post status-publish format-standard has-post-thumbnail hentry category-restaurant tag-costa-blanca-gastronomie tag-de-lab-beach-lounge-albir tag-fusion-kueche-costa-blanca tag-gastro-albir tag-restaurant-costa-blanca\" role=\"listitem\">\n\t\t\t<div class=\"elementor-post__card\">\n\t\t\t\t<a class=\"elementor-post__thumbnail__link\" href=\"https:\/\/costablanca-magazin.com\/nb\/kulinarisches\/restaurant\/de-lab-beach-lounge-albir-kulinarik-mit-blick-aufs-meer\/\" tabindex=\"-1\" ><div class=\"elementor-post__thumbnail\"><img loading=\"lazy\" decoding=\"async\" width=\"240\" height=\"300\" src=\"https:\/\/costablanca-magazin.com\/wp-content\/uploads\/2025\/01\/DeLab-Beachbar-18-240x300.jpg\" class=\"attachment-medium size-medium wp-image-4164\" alt=\"De Lab Beach Lounge: Kulinariske opplevelser med utsikt over havet 30\" srcset=\"https:\/\/costablanca-magazin.com\/wp-content\/uploads\/2025\/01\/DeLab-Beachbar-18-240x300.jpg 240w, https:\/\/costablanca-magazin.com\/wp-content\/uploads\/2025\/01\/DeLab-Beachbar-18-819x1024.jpg 819w, https:\/\/costablanca-magazin.com\/wp-content\/uploads\/2025\/01\/DeLab-Beachbar-18-768x961.jpg 768w, https:\/\/costablanca-magazin.com\/wp-content\/uploads\/2025\/01\/DeLab-Beachbar-18-1228x1536.jpg 1228w, https:\/\/costablanca-magazin.com\/wp-content\/uploads\/2025\/01\/DeLab-Beachbar-18-1638x2048.jpg 1638w, https:\/\/costablanca-magazin.com\/wp-content\/uploads\/2025\/01\/DeLab-Beachbar-18.jpg 1895w\" sizes=\"(max-width: 240px) 100vw, 240px\" \/><\/div><\/a>\n\t\t\t\t<div class=\"elementor-post__badge\">Restaurant<\/div>\n\t\t\t\t<div class=\"elementor-post__text\">\n\t\t\t\t<h2 class=\"elementor-post__title\">\n\t\t\t<a href=\"https:\/\/costablanca-magazin.com\/nb\/kulinarisches\/restaurant\/de-lab-beach-lounge-albir-kulinarik-mit-blick-aufs-meer\/\" >\n\t\t\t\tDe Lab Beach Lounge Albir - Kulinariske herligheter med havutsikt\t\t\t<\/a>\n\t\t<\/h2>\n\t\t\t\t<\/div>\n\t\t\t\t\t<\/div>\n\t\t<\/article>\n\t\t\t\t<article class=\"elementor-post elementor-grid-item post-3702 post type-post status-publish format-standard has-post-thumbnail hentry category-spezialitaeten-rezepte tag-costa-blanca tag-rezept-roscon tag-roscon-de-reyes-rezept tag-spanische-spezialitaet-rezept\" role=\"listitem\">\n\t\t\t<div class=\"elementor-post__card\">\n\t\t\t\t<a class=\"elementor-post__thumbnail__link\" href=\"https:\/\/costablanca-magazin.com\/nb\/kulinarisches\/spezialitaeten-rezepte\/voller-traditionen-roscon-de-reyes-der-suesse-koenigskranz\/\" tabindex=\"-1\" ><div class=\"elementor-post__thumbnail\"><img loading=\"lazy\" decoding=\"async\" width=\"300\" height=\"200\" src=\"https:\/\/costablanca-magazin.com\/wp-content\/uploads\/2024\/12\/traditional-spanish-epiphany-cake-roscon-de-reyes-2024-10-17-04-47-06-utc-300x200.jpg\" class=\"attachment-medium size-medium wp-image-3703\" alt=\"Rosc\u00f3n de Reyes: Den s\u00f8te kongekronen\" srcset=\"https:\/\/costablanca-magazin.com\/wp-content\/uploads\/2024\/12\/traditional-spanish-epiphany-cake-roscon-de-reyes-2024-10-17-04-47-06-utc-300x200.jpg 300w, https:\/\/costablanca-magazin.com\/wp-content\/uploads\/2024\/12\/traditional-spanish-epiphany-cake-roscon-de-reyes-2024-10-17-04-47-06-utc-1024x683.jpg 1024w, https:\/\/costablanca-magazin.com\/wp-content\/uploads\/2024\/12\/traditional-spanish-epiphany-cake-roscon-de-reyes-2024-10-17-04-47-06-utc-768x512.jpg 768w, https:\/\/costablanca-magazin.com\/wp-content\/uploads\/2024\/12\/traditional-spanish-epiphany-cake-roscon-de-reyes-2024-10-17-04-47-06-utc-1536x1024.jpg 1536w, https:\/\/costablanca-magazin.com\/wp-content\/uploads\/2024\/12\/traditional-spanish-epiphany-cake-roscon-de-reyes-2024-10-17-04-47-06-utc-2048x1365.jpg 2048w\" sizes=\"(max-width: 300px) 100vw, 300px\" \/><\/div><\/a>\n\t\t\t\t<div class=\"elementor-post__badge\">Spesialiteter og oppskrifter<\/div>\n\t\t\t\t<div class=\"elementor-post__text\">\n\t\t\t\t<h2 class=\"elementor-post__title\">\n\t\t\t<a href=\"https:\/\/costablanca-magazin.com\/nb\/kulinarisches\/spezialitaeten-rezepte\/voller-traditionen-roscon-de-reyes-der-suesse-koenigskranz\/\" >\n\t\t\t\tFull av tradisjon - Rosc\u00f3n de Reyes, den s\u00f8te kongelige kransen\t\t\t<\/a>\n\t\t<\/h2>\n\t\t\t\t<\/div>\n\t\t\t\t\t<\/div>\n\t\t<\/article>\n\t\t\t\t<article class=\"elementor-post elementor-grid-item post-3598 post type-post status-publish format-standard has-post-thumbnail hentry category-spezialitaeten-rezepte tag-costa-blanca tag-weihnachten-costa-blanca tag-weinachtrezepte-spanien\" role=\"listitem\">\n\t\t\t<div class=\"elementor-post__card\">\n\t\t\t\t<a class=\"elementor-post__thumbnail__link\" href=\"https:\/\/costablanca-magazin.com\/nb\/kulinarisches\/spezialitaeten-rezepte\/weihnachtsgenuss-costa-blanca-suessen-klassiker-und-festtagsgerichten\/\" tabindex=\"-1\" ><div class=\"elementor-post__thumbnail\"><img loading=\"lazy\" decoding=\"async\" width=\"300\" height=\"143\" src=\"https:\/\/costablanca-magazin.com\/wp-content\/uploads\/2024\/12\/flat-lay-of-festive-christmas-table-setting-and-ce-2024-10-18-05-36-08-utc-300x143.jpg\" class=\"attachment-medium size-medium wp-image-3684\" alt=\"Julehygge p\u00e5 Costa Blanca 1\" srcset=\"https:\/\/costablanca-magazin.com\/wp-content\/uploads\/2024\/12\/flat-lay-of-festive-christmas-table-setting-and-ce-2024-10-18-05-36-08-utc-300x143.jpg 300w, https:\/\/costablanca-magazin.com\/wp-content\/uploads\/2024\/12\/flat-lay-of-festive-christmas-table-setting-and-ce-2024-10-18-05-36-08-utc-1024x489.jpg 1024w, https:\/\/costablanca-magazin.com\/wp-content\/uploads\/2024\/12\/flat-lay-of-festive-christmas-table-setting-and-ce-2024-10-18-05-36-08-utc-768x367.jpg 768w, https:\/\/costablanca-magazin.com\/wp-content\/uploads\/2024\/12\/flat-lay-of-festive-christmas-table-setting-and-ce-2024-10-18-05-36-08-utc-1536x734.jpg 1536w, https:\/\/costablanca-magazin.com\/wp-content\/uploads\/2024\/12\/flat-lay-of-festive-christmas-table-setting-and-ce-2024-10-18-05-36-08-utc-2048x979.jpg 2048w\" sizes=\"(max-width: 300px) 100vw, 300px\" \/><\/div><\/a>\n\t\t\t\t<div class=\"elementor-post__badge\">Spesialiteter og oppskrifter<\/div>\n\t\t\t\t<div class=\"elementor-post__text\">\n\t\t\t\t<h2 class=\"elementor-post__title\">\n\t\t\t<a href=\"https:\/\/costablanca-magazin.com\/nb\/kulinarisches\/spezialitaeten-rezepte\/weihnachtsgenuss-costa-blanca-suessen-klassiker-und-festtagsgerichten\/\" >\n\t\t\t\tJulens herligheter Costa Blanca - s\u00f8te klassikere og festlige retter\t\t\t<\/a>\n\t\t<\/h2>\n\t\t\t\t<\/div>\n\t\t\t\t\t<\/div>\n\t\t<\/article>\n\t\t\t\t<article class=\"elementor-post elementor-grid-item post-3597 post type-post status-publish format-standard has-post-thumbnail hentry category-restaurant tag-ausgehen-altea tag-hollywood-thema-restaurant-costa-blanca tag-restaurant-altea tag-restaurant-costa-blanca\" role=\"listitem\">\n\t\t\t<div class=\"elementor-post__card\">\n\t\t\t\t<a class=\"elementor-post__thumbnail__link\" href=\"https:\/\/costablanca-magazin.com\/nb\/kulinarisches\/restaurant\/oustau-de-altea-die-kunst-genuss-und-kino-zu-verbinden\/\" tabindex=\"-1\" ><div class=\"elementor-post__thumbnail\"><img loading=\"lazy\" decoding=\"async\" width=\"300\" height=\"300\" src=\"https:\/\/costablanca-magazin.com\/wp-content\/uploads\/2024\/12\/Oustau-de-Altea-facebook-14-300x300.jpg\" class=\"attachment-medium size-medium wp-image-3650\" alt=\"Oustau de Altea: Kunsten \u00e5 kombinere nytelse og kino 24\" srcset=\"https:\/\/costablanca-magazin.com\/wp-content\/uploads\/2024\/12\/Oustau-de-Altea-facebook-14-300x300.jpg 300w, https:\/\/costablanca-magazin.com\/wp-content\/uploads\/2024\/12\/Oustau-de-Altea-facebook-14-1024x1024.jpg 1024w, https:\/\/costablanca-magazin.com\/wp-content\/uploads\/2024\/12\/Oustau-de-Altea-facebook-14-150x150.jpg 150w, https:\/\/costablanca-magazin.com\/wp-content\/uploads\/2024\/12\/Oustau-de-Altea-facebook-14-768x768.jpg 768w, https:\/\/costablanca-magazin.com\/wp-content\/uploads\/2024\/12\/Oustau-de-Altea-facebook-14.jpg 1440w\" sizes=\"(max-width: 300px) 100vw, 300px\" \/><\/div><\/a>\n\t\t\t\t<div class=\"elementor-post__badge\">Restaurant<\/div>\n\t\t\t\t<div class=\"elementor-post__text\">\n\t\t\t\t<h2 class=\"elementor-post__title\">\n\t\t\t<a href=\"https:\/\/costablanca-magazin.com\/nb\/kulinarisches\/restaurant\/oustau-de-altea-die-kunst-genuss-und-kino-zu-verbinden\/\" >\n\t\t\t\tOustau de Altea - Kunsten \u00e5 kombinere nytelse og kino\t\t\t<\/a>\n\t\t<\/h2>\n\t\t\t\t<\/div>\n\t\t\t\t\t<\/div>\n\t\t<\/article>\n\t\t\t\t<article class=\"elementor-post elementor-grid-item post-3458 post type-post status-publish format-standard has-post-thumbnail hentry category-restaurant tag-bodega-masos-guadelest tag-costa-blanca tag-guadelest-bodega tag-restaurant-tipp-costa-blanca\" role=\"listitem\">\n\t\t\t<div class=\"elementor-post__card\">\n\t\t\t\t<a class=\"elementor-post__thumbnail__link\" href=\"https:\/\/costablanca-magazin.com\/nb\/kulinarisches\/restaurant\/gourmet-erlebnis-in-der-bodega-masos-bei-guadalest\/\" tabindex=\"-1\" ><div class=\"elementor-post__thumbnail\"><img loading=\"lazy\" decoding=\"async\" width=\"300\" height=\"144\" src=\"https:\/\/costablanca-magazin.com\/wp-content\/uploads\/2024\/11\/bodega-masos-10-300x144.png\" class=\"attachment-medium size-medium wp-image-3468\" alt=\"Gourmetopplevelse i Bodega Masos ved Guadalest 9\" srcset=\"https:\/\/costablanca-magazin.com\/wp-content\/uploads\/2024\/11\/bodega-masos-10-300x144.png 300w, https:\/\/costablanca-magazin.com\/wp-content\/uploads\/2024\/11\/bodega-masos-10.png 624w\" sizes=\"(max-width: 300px) 100vw, 300px\" \/><\/div><\/a>\n\t\t\t\t<div class=\"elementor-post__badge\">Restaurant<\/div>\n\t\t\t\t<div class=\"elementor-post__text\">\n\t\t\t\t<h2 class=\"elementor-post__title\">\n\t\t\t<a href=\"https:\/\/costablanca-magazin.com\/nb\/kulinarisches\/restaurant\/gourmet-erlebnis-in-der-bodega-masos-bei-guadalest\/\" >\n\t\t\t\tGourmetopplevelse p\u00e5 Bodega Masos i n\u00e6rheten av Guadalest\t\t\t<\/a>\n\t\t<\/h2>\n\t\t\t\t<\/div>\n\t\t\t\t\t<\/div>\n\t\t<\/article>\n\t\t\t\t<article class=\"elementor-post elementor-grid-item post-3415 post type-post status-publish format-standard has-post-thumbnail hentry category-restaurant tag-ausgewaehlte tag-exzellenz tag-kulinarische tag-region tag-sternerestaurants\" role=\"listitem\">\n\t\t\t<div class=\"elementor-post__card\">\n\t\t\t\t<a class=\"elementor-post__thumbnail__link\" href=\"https:\/\/costablanca-magazin.com\/nb\/kulinarisches\/restaurant\/ausgewaehlte-sternerestaurants-der-region-kulinarische-exzellenz\/\" tabindex=\"-1\" ><div class=\"elementor-post__thumbnail\"><img loading=\"lazy\" decoding=\"async\" width=\"300\" height=\"199\" src=\"https:\/\/costablanca-magazin.com\/wp-content\/uploads\/2024\/11\/luxury-restaurant-set-2024-10-20-01-25-35-utc-300x199.jpg\" class=\"attachment-medium size-medium wp-image-3423\" alt=\"Utvalgte stjernerestauranter i regionen\" srcset=\"https:\/\/costablanca-magazin.com\/wp-content\/uploads\/2024\/11\/luxury-restaurant-set-2024-10-20-01-25-35-utc-300x199.jpg 300w, https:\/\/costablanca-magazin.com\/wp-content\/uploads\/2024\/11\/luxury-restaurant-set-2024-10-20-01-25-35-utc-1024x678.jpg 1024w, https:\/\/costablanca-magazin.com\/wp-content\/uploads\/2024\/11\/luxury-restaurant-set-2024-10-20-01-25-35-utc-768x509.jpg 768w, https:\/\/costablanca-magazin.com\/wp-content\/uploads\/2024\/11\/luxury-restaurant-set-2024-10-20-01-25-35-utc-1536x1017.jpg 1536w, https:\/\/costablanca-magazin.com\/wp-content\/uploads\/2024\/11\/luxury-restaurant-set-2024-10-20-01-25-35-utc-2048x1356.jpg 2048w\" sizes=\"(max-width: 300px) 100vw, 300px\" \/><\/div><\/a>\n\t\t\t\t<div class=\"elementor-post__badge\">Restaurant<\/div>\n\t\t\t\t<div class=\"elementor-post__text\">\n\t\t\t\t<h2 class=\"elementor-post__title\">\n\t\t\t<a href=\"https:\/\/costablanca-magazin.com\/nb\/kulinarisches\/restaurant\/ausgewaehlte-sternerestaurants-der-region-kulinarische-exzellenz\/\" >\n\t\t\t\tUtvalgte Michelin-restauranter i regionen - kulinarisk fortreffelighet\t\t\t<\/a>\n\t\t<\/h2>\n\t\t\t\t<\/div>\n\t\t\t\t\t<\/div>\n\t\t<\/article>\n\t\t\t\t<article class=\"elementor-post elementor-grid-item post-3408 post type-post status-publish format-standard has-post-thumbnail hentry category-spezialitaeten-rezepte tag-costa-blanca-2 tag-geschmack tag-klassische tag-kueche tag-tradition\" role=\"listitem\">\n\t\t\t<div class=\"elementor-post__card\">\n\t\t\t\t<a class=\"elementor-post__thumbnail__link\" href=\"https:\/\/costablanca-magazin.com\/nb\/kulinarisches\/spezialitaeten-rezepte\/tradition-und-geschmack-die-klassische-kueche-der-costa-blanca\/\" tabindex=\"-1\" ><div class=\"elementor-post__thumbnail\"><img loading=\"lazy\" decoding=\"async\" width=\"300\" height=\"200\" src=\"https:\/\/costablanca-magazin.com\/wp-content\/uploads\/2024\/11\/spanish-tapas-small-meatballs-salted-cod-paprik-2023-11-27-05-07-47-utc-300x200.jpg\" class=\"attachment-medium size-medium wp-image-3381\" alt=\"Tradisjon og smak: Den klassiske maten fra Marina Alta og Marina Baixa\" srcset=\"https:\/\/costablanca-magazin.com\/wp-content\/uploads\/2024\/11\/spanish-tapas-small-meatballs-salted-cod-paprik-2023-11-27-05-07-47-utc-300x200.jpg 300w, https:\/\/costablanca-magazin.com\/wp-content\/uploads\/2024\/11\/spanish-tapas-small-meatballs-salted-cod-paprik-2023-11-27-05-07-47-utc-1024x683.jpg 1024w, https:\/\/costablanca-magazin.com\/wp-content\/uploads\/2024\/11\/spanish-tapas-small-meatballs-salted-cod-paprik-2023-11-27-05-07-47-utc-768x512.jpg 768w, https:\/\/costablanca-magazin.com\/wp-content\/uploads\/2024\/11\/spanish-tapas-small-meatballs-salted-cod-paprik-2023-11-27-05-07-47-utc-1536x1024.jpg 1536w, https:\/\/costablanca-magazin.com\/wp-content\/uploads\/2024\/11\/spanish-tapas-small-meatballs-salted-cod-paprik-2023-11-27-05-07-47-utc-2048x1365.jpg 2048w\" sizes=\"(max-width: 300px) 100vw, 300px\" \/><\/div><\/a>\n\t\t\t\t<div class=\"elementor-post__badge\">Spesialiteter og oppskrifter<\/div>\n\t\t\t\t<div class=\"elementor-post__text\">\n\t\t\t\t<h2 class=\"elementor-post__title\">\n\t\t\t<a href=\"https:\/\/costablanca-magazin.com\/nb\/kulinarisches\/spezialitaeten-rezepte\/tradition-und-geschmack-die-klassische-kueche-der-costa-blanca\/\" >\n\t\t\t\tTradisjon og smak - det klassiske kj\u00f8kkenet p\u00e5 Costa Blanca\t\t\t<\/a>\n\t\t<\/h2>\n\t\t\t\t<\/div>\n\t\t\t\t\t<\/div>\n\t\t<\/article>\n\t\t\t\t<article class=\"elementor-post elementor-grid-item post-3330 post type-post status-publish format-standard has-post-thumbnail hentry category-restaurant tag-costa-blanca-2 tag-exzellenz tag-kulinarische tag-sternekueche\" role=\"listitem\">\n\t\t\t<div class=\"elementor-post__card\">\n\t\t\t\t<a class=\"elementor-post__thumbnail__link\" href=\"https:\/\/costablanca-magazin.com\/nb\/kulinarisches\/restaurant\/costa-blanca-kulinarisches-paradies-jede-mahlzeit-ist-ein-erlebnis\/\" tabindex=\"-1\" ><div class=\"elementor-post__thumbnail\"><img loading=\"lazy\" decoding=\"async\" width=\"300\" height=\"200\" src=\"https:\/\/costablanca-magazin.com\/wp-content\/uploads\/2024\/11\/good-food-and-good-friends-2023-11-27-05-07-54-utc-300x200.jpg\" class=\"attachment-medium size-medium wp-image-3387\" alt=\"Stjernekj\u00f8kken: Kulinarisk fortreffelighet p\u00e5 Costa Blanca 2\" srcset=\"https:\/\/costablanca-magazin.com\/wp-content\/uploads\/2024\/11\/good-food-and-good-friends-2023-11-27-05-07-54-utc-300x200.jpg 300w, https:\/\/costablanca-magazin.com\/wp-content\/uploads\/2024\/11\/good-food-and-good-friends-2023-11-27-05-07-54-utc-1024x681.jpg 1024w, https:\/\/costablanca-magazin.com\/wp-content\/uploads\/2024\/11\/good-food-and-good-friends-2023-11-27-05-07-54-utc-768x511.jpg 768w, https:\/\/costablanca-magazin.com\/wp-content\/uploads\/2024\/11\/good-food-and-good-friends-2023-11-27-05-07-54-utc-1536x1022.jpg 1536w, https:\/\/costablanca-magazin.com\/wp-content\/uploads\/2024\/11\/good-food-and-good-friends-2023-11-27-05-07-54-utc-2048x1363.jpg 2048w\" sizes=\"(max-width: 300px) 100vw, 300px\" \/><\/div><\/a>\n\t\t\t\t<div class=\"elementor-post__badge\">Restaurant<\/div>\n\t\t\t\t<div class=\"elementor-post__text\">\n\t\t\t\t<h2 class=\"elementor-post__title\">\n\t\t\t<a href=\"https:\/\/costablanca-magazin.com\/nb\/kulinarisches\/restaurant\/costa-blanca-kulinarisches-paradies-jede-mahlzeit-ist-ein-erlebnis\/\" >\n\t\t\t\tStjernekj\u00f8kken - kulinarisk fortreffelighet p\u00e5 Costa Blanca\t\t\t<\/a>\n\t\t<\/h2>\n\t\t\t\t<\/div>\n\t\t\t\t\t<\/div>\n\t\t<\/article>\n\t\t\t\t<article class=\"elementor-post elementor-grid-item post-3388 post type-post status-publish format-standard has-post-thumbnail hentry category-spezialitaeten-rezepte tag-gastronomie-costablanca tag-gastronomie-und-kueche-der-costablanca tag-kulinarik\" role=\"listitem\">\n\t\t\t<div class=\"elementor-post__card\">\n\t\t\t\t<a class=\"elementor-post__thumbnail__link\" href=\"https:\/\/costablanca-magazin.com\/nb\/kulinarisches\/spezialitaeten-rezepte\/kulinarisches-paradies-costa-blanca-wo-jede-mahlzeitein-erlebnis-ist\/\" tabindex=\"-1\" ><div class=\"elementor-post__thumbnail\"><img loading=\"lazy\" decoding=\"async\" width=\"300\" height=\"200\" src=\"https:\/\/costablanca-magazin.com\/wp-content\/uploads\/2024\/11\/group-of-young-friends-meeting-for-drinks-and-food-2024-10-19-13-32-29-utc-300x200.jpg\" class=\"attachment-medium size-medium wp-image-3331\" alt=\"Kulinarisk paradis Costa Blanca: Der hvert m\u00e5ltid er en opplevelse\" srcset=\"https:\/\/costablanca-magazin.com\/wp-content\/uploads\/2024\/11\/group-of-young-friends-meeting-for-drinks-and-food-2024-10-19-13-32-29-utc-300x200.jpg 300w, https:\/\/costablanca-magazin.com\/wp-content\/uploads\/2024\/11\/group-of-young-friends-meeting-for-drinks-and-food-2024-10-19-13-32-29-utc-1024x683.jpg 1024w, https:\/\/costablanca-magazin.com\/wp-content\/uploads\/2024\/11\/group-of-young-friends-meeting-for-drinks-and-food-2024-10-19-13-32-29-utc-768x512.jpg 768w, https:\/\/costablanca-magazin.com\/wp-content\/uploads\/2024\/11\/group-of-young-friends-meeting-for-drinks-and-food-2024-10-19-13-32-29-utc-1536x1024.jpg 1536w, https:\/\/costablanca-magazin.com\/wp-content\/uploads\/2024\/11\/group-of-young-friends-meeting-for-drinks-and-food-2024-10-19-13-32-29-utc-2048x1365.jpg 2048w\" sizes=\"(max-width: 300px) 100vw, 300px\" \/><\/div><\/a>\n\t\t\t\t<div class=\"elementor-post__badge\">Spesialiteter og oppskrifter<\/div>\n\t\t\t\t<div class=\"elementor-post__text\">\n\t\t\t\t<h2 class=\"elementor-post__title\">\n\t\t\t<a href=\"https:\/\/costablanca-magazin.com\/nb\/kulinarisches\/spezialitaeten-rezepte\/kulinarisches-paradies-costa-blanca-wo-jede-mahlzeitein-erlebnis-ist\/\" >\n\t\t\t\tKulinarisk paradis Costa Blanca - hvor hvert m\u00e5ltid er en opplevelse\t\t\t<\/a>\n\t\t<\/h2>\n\t\t\t\t<\/div>\n\t\t\t\t\t<\/div>\n\t\t<\/article>\n\t\t\t\t<article class=\"elementor-post elementor-grid-item post-3264 post type-post status-publish format-standard has-post-thumbnail hentry category-spezialitaeten-rezepte tag-bodega-costablanca tag-wein-marina-alta tag-wein-matina-baixa tag-weinanbaugebiet-costablanca tag-weingueter-costablanca\" role=\"listitem\">\n\t\t\t<div class=\"elementor-post__card\">\n\t\t\t\t<a class=\"elementor-post__thumbnail__link\" href=\"https:\/\/costablanca-magazin.com\/nb\/kulinarisches\/spezialitaeten-rezepte\/geschmackvolle-tour-weinvielfalt-der-marina-baixa-und-marina-alta\/\" tabindex=\"-1\" ><div class=\"elementor-post__thumbnail\"><img loading=\"lazy\" decoding=\"async\" width=\"200\" height=\"300\" src=\"https:\/\/costablanca-magazin.com\/wp-content\/uploads\/2024\/11\/red-and-white-wine-bottles-and-grapes-on-wine-barr-2023-11-27-05-34-40-utc-200x300.jpg\" class=\"attachment-medium size-medium wp-image-3286\" alt=\"Smakfull tur gjennom vinmangfoldet i Marina Baixa og Marina Alta\" srcset=\"https:\/\/costablanca-magazin.com\/wp-content\/uploads\/2024\/11\/red-and-white-wine-bottles-and-grapes-on-wine-barr-2023-11-27-05-34-40-utc-200x300.jpg 200w, https:\/\/costablanca-magazin.com\/wp-content\/uploads\/2024\/11\/red-and-white-wine-bottles-and-grapes-on-wine-barr-2023-11-27-05-34-40-utc-683x1024.jpg 683w, https:\/\/costablanca-magazin.com\/wp-content\/uploads\/2024\/11\/red-and-white-wine-bottles-and-grapes-on-wine-barr-2023-11-27-05-34-40-utc-768x1152.jpg 768w, https:\/\/costablanca-magazin.com\/wp-content\/uploads\/2024\/11\/red-and-white-wine-bottles-and-grapes-on-wine-barr-2023-11-27-05-34-40-utc-1024x1536.jpg 1024w, https:\/\/costablanca-magazin.com\/wp-content\/uploads\/2024\/11\/red-and-white-wine-bottles-and-grapes-on-wine-barr-2023-11-27-05-34-40-utc-1365x2048.jpg 1365w, https:\/\/costablanca-magazin.com\/wp-content\/uploads\/2024\/11\/red-and-white-wine-bottles-and-grapes-on-wine-barr-2023-11-27-05-34-40-utc-scaled.jpg 1707w\" sizes=\"(max-width: 200px) 100vw, 200px\" \/><\/div><\/a>\n\t\t\t\t<div class=\"elementor-post__badge\">Spesialiteter og oppskrifter<\/div>\n\t\t\t\t<div class=\"elementor-post__text\">\n\t\t\t\t<h2 class=\"elementor-post__title\">\n\t\t\t<a href=\"https:\/\/costablanca-magazin.com\/nb\/kulinarisches\/spezialitaeten-rezepte\/geschmackvolle-tour-weinvielfalt-der-marina-baixa-und-marina-alta\/\" >\n\t\t\t\tSmakfull tur - vinmangfoldet i Marina Baixa og Marina Alta\t\t\t<\/a>\n\t\t<\/h2>\n\t\t\t\t<\/div>\n\t\t\t\t\t<\/div>\n\t\t<\/article>\n\t\t\t\t<article class=\"elementor-post elementor-grid-item post-2747 post type-post status-publish format-standard has-post-thumbnail hentry category-spezialitaeten-rezepte tag-agua-de-valencia-rezept tag-cbm tag-costa-blanca-magazin tag-costa-blanca tag-marina-alta tag-marina-baixa tag-rezepte-valencia tag-traditioneller-cocktail tag-valencianisches-getraenk\" role=\"listitem\">\n\t\t\t<div class=\"elementor-post__card\">\n\t\t\t\t<a class=\"elementor-post__thumbnail__link\" href=\"https:\/\/costablanca-magazin.com\/nb\/kulinarisches\/spezialitaeten-rezepte\/erfrischend-lecker-das-stueck-geschichte-im-glas-aqua-de-valencia\/\" tabindex=\"-1\" ><div class=\"elementor-post__thumbnail\"><img loading=\"lazy\" decoding=\"async\" width=\"200\" height=\"300\" src=\"https:\/\/costablanca-magazin.com\/wp-content\/uploads\/2024\/10\/cocktail-with-orange-2023-11-27-05-31-22-utc-scaled-1-200x300.jpg\" class=\"attachment-medium size-medium wp-image-2748\" alt=\"Forfriskende deilig: Aqua de Valencia\" srcset=\"https:\/\/costablanca-magazin.com\/wp-content\/uploads\/2024\/10\/cocktail-with-orange-2023-11-27-05-31-22-utc-scaled-1-200x300.jpg 200w, https:\/\/costablanca-magazin.com\/wp-content\/uploads\/2024\/10\/cocktail-with-orange-2023-11-27-05-31-22-utc-scaled-1-683x1024.jpg 683w, https:\/\/costablanca-magazin.com\/wp-content\/uploads\/2024\/10\/cocktail-with-orange-2023-11-27-05-31-22-utc-scaled-1-768x1152.jpg 768w, https:\/\/costablanca-magazin.com\/wp-content\/uploads\/2024\/10\/cocktail-with-orange-2023-11-27-05-31-22-utc-scaled-1-1024x1536.jpg 1024w, https:\/\/costablanca-magazin.com\/wp-content\/uploads\/2024\/10\/cocktail-with-orange-2023-11-27-05-31-22-utc-scaled-1-1366x2048.jpg 1366w, https:\/\/costablanca-magazin.com\/wp-content\/uploads\/2024\/10\/cocktail-with-orange-2023-11-27-05-31-22-utc-scaled-1.jpg 1707w\" sizes=\"(max-width: 200px) 100vw, 200px\" \/><\/div><\/a>\n\t\t\t\t<div class=\"elementor-post__badge\">Spesialiteter og oppskrifter<\/div>\n\t\t\t\t<div class=\"elementor-post__text\">\n\t\t\t\t<h2 class=\"elementor-post__title\">\n\t\t\t<a href=\"https:\/\/costablanca-magazin.com\/nb\/kulinarisches\/spezialitaeten-rezepte\/erfrischend-lecker-das-stueck-geschichte-im-glas-aqua-de-valencia\/\" >\n\t\t\t\tEt forfriskende stykke historie i et glass - Aqua de Valencia\t\t\t<\/a>\n\t\t<\/h2>\n\t\t\t\t<\/div>\n\t\t\t\t\t<\/div>\n\t\t<\/article>\n\t\t\t\t<article class=\"elementor-post elementor-grid-item post-2335 post type-post status-publish format-standard has-post-thumbnail hentry category-spezialitaeten-rezepte tag-costa-blanca tag-marina-alta tag-marina-baja tag-moscatel tag-moscatel-costa-blanca tag-wein-an-der-costa-blanca tag-wein-an-der-marina-alta tag-wein-an-der-marina-baja tag-weinbau\" role=\"listitem\">\n\t\t\t<div class=\"elementor-post__card\">\n\t\t\t\t<a class=\"elementor-post__thumbnail__link\" href=\"https:\/\/costablanca-magazin.com\/nb\/kulinarisches\/spezialitaeten-rezepte\/moscatel-aus-der-marina-alta-und-marina-baja-ein-besonderer-wein\/\" tabindex=\"-1\" ><div class=\"elementor-post__thumbnail\"><img loading=\"lazy\" decoding=\"async\" width=\"225\" height=\"300\" src=\"https:\/\/costablanca-magazin.com\/wp-content\/uploads\/2024\/09\/Bodegas-Teulada-8-225x300.jpg\" class=\"attachment-medium size-medium wp-image-2338\" alt=\"Moscatel-druen\" srcset=\"https:\/\/costablanca-magazin.com\/wp-content\/uploads\/2024\/09\/Bodegas-Teulada-8-225x300.jpg 225w, https:\/\/costablanca-magazin.com\/wp-content\/uploads\/2024\/09\/Bodegas-Teulada-8-768x1024.jpg 768w, https:\/\/costablanca-magazin.com\/wp-content\/uploads\/2024\/09\/Bodegas-Teulada-8-1152x1536.jpg 1152w, https:\/\/costablanca-magazin.com\/wp-content\/uploads\/2024\/09\/Bodegas-Teulada-8-1536x2048.jpg 1536w, https:\/\/costablanca-magazin.com\/wp-content\/uploads\/2024\/09\/Bodegas-Teulada-8-scaled.jpg 1920w\" sizes=\"(max-width: 225px) 100vw, 225px\" \/><\/div><\/a>\n\t\t\t\t<div class=\"elementor-post__badge\">Spesialiteter og oppskrifter<\/div>\n\t\t\t\t<div class=\"elementor-post__text\">\n\t\t\t\t<h2 class=\"elementor-post__title\">\n\t\t\t<a href=\"https:\/\/costablanca-magazin.com\/nb\/kulinarisches\/spezialitaeten-rezepte\/moscatel-aus-der-marina-alta-und-marina-baja-ein-besonderer-wein\/\" >\n\t\t\t\tMoscatel fra Marina Alta og Marina Baja - En spesiell vin\t\t\t<\/a>\n\t\t<\/h2>\n\t\t\t\t<\/div>\n\t\t\t\t\t<\/div>\n\t\t<\/article>\n\t\t\t\t<article class=\"elementor-post elementor-grid-item post-2366 post type-post status-publish format-standard has-post-thumbnail hentry category-kulinarisches tag-weinsorten-costa-blanca\" role=\"listitem\">\n\t\t\t<div class=\"elementor-post__card\">\n\t\t\t\t<a class=\"elementor-post__thumbnail__link\" href=\"https:\/\/costablanca-magazin.com\/nb\/kulinarisches\/die-wichtigsten-traubensorten-und-gebiete-der-region-das-trauben-abc\/\" tabindex=\"-1\" ><div class=\"elementor-post__thumbnail\"><img loading=\"lazy\" decoding=\"async\" width=\"300\" height=\"199\" src=\"https:\/\/costablanca-magazin.com\/wp-content\/uploads\/2024\/09\/bunch-of-grape-2023-11-27-04-56-37-utc-300x199.jpg\" class=\"attachment-medium size-medium wp-image-2367\" alt=\"Det lille drue-ABC\" srcset=\"https:\/\/costablanca-magazin.com\/wp-content\/uploads\/2024\/09\/bunch-of-grape-2023-11-27-04-56-37-utc-300x199.jpg 300w, https:\/\/costablanca-magazin.com\/wp-content\/uploads\/2024\/09\/bunch-of-grape-2023-11-27-04-56-37-utc-1024x679.jpg 1024w, https:\/\/costablanca-magazin.com\/wp-content\/uploads\/2024\/09\/bunch-of-grape-2023-11-27-04-56-37-utc-768x510.jpg 768w, https:\/\/costablanca-magazin.com\/wp-content\/uploads\/2024\/09\/bunch-of-grape-2023-11-27-04-56-37-utc-1536x1019.jpg 1536w, https:\/\/costablanca-magazin.com\/wp-content\/uploads\/2024\/09\/bunch-of-grape-2023-11-27-04-56-37-utc-2048x1359.jpg 2048w\" sizes=\"(max-width: 300px) 100vw, 300px\" \/><\/div><\/a>\n\t\t\t\t<div class=\"elementor-post__badge\">Kulinariske herligheter<\/div>\n\t\t\t\t<div class=\"elementor-post__text\">\n\t\t\t\t<h2 class=\"elementor-post__title\">\n\t\t\t<a href=\"https:\/\/costablanca-magazin.com\/nb\/kulinarisches\/die-wichtigsten-traubensorten-und-gebiete-der-region-das-trauben-abc\/\" >\n\t\t\t\tDe viktigste druesortene og omr\u00e5dene i regionen - Drue-ABC\t\t\t<\/a>\n\t\t<\/h2>\n\t\t\t\t<\/div>\n\t\t\t\t\t<\/div>\n\t\t<\/article>\n\t\t\t\t<article class=\"elementor-post elementor-grid-item post-1982 post type-post status-publish format-standard has-post-thumbnail hentry category-restaurant tag-el-rey-altea tag-gastrotipp-altea tag-mexikanisch tag-restaurant-altea\" role=\"listitem\">\n\t\t\t<div class=\"elementor-post__card\">\n\t\t\t\t<a class=\"elementor-post__thumbnail__link\" href=\"https:\/\/costablanca-magazin.com\/nb\/kulinarisches\/restaurant\/el-rey-in-alteamexikanisches-flair\/\" tabindex=\"-1\" ><div class=\"elementor-post__thumbnail\"><img loading=\"lazy\" decoding=\"async\" width=\"300\" height=\"225\" src=\"https:\/\/costablanca-magazin.com\/wp-content\/uploads\/2024\/09\/Restaurant-El-Rey-Altea-13-300x225.jpg\" class=\"attachment-medium size-medium wp-image-1983\" alt=\"El Rey i Altea: Meksikansk stil\" srcset=\"https:\/\/costablanca-magazin.com\/wp-content\/uploads\/2024\/09\/Restaurant-El-Rey-Altea-13-300x225.jpg 300w, https:\/\/costablanca-magazin.com\/wp-content\/uploads\/2024\/09\/Restaurant-El-Rey-Altea-13-1024x768.jpg 1024w, https:\/\/costablanca-magazin.com\/wp-content\/uploads\/2024\/09\/Restaurant-El-Rey-Altea-13-768x576.jpg 768w, https:\/\/costablanca-magazin.com\/wp-content\/uploads\/2024\/09\/Restaurant-El-Rey-Altea-13-1536x1152.jpg 1536w, https:\/\/costablanca-magazin.com\/wp-content\/uploads\/2024\/09\/Restaurant-El-Rey-Altea-13-2048x1536.jpg 2048w\" sizes=\"(max-width: 300px) 100vw, 300px\" \/><\/div><\/a>\n\t\t\t\t<div class=\"elementor-post__badge\">Restaurant<\/div>\n\t\t\t\t<div class=\"elementor-post__text\">\n\t\t\t\t<h2 class=\"elementor-post__title\">\n\t\t\t<a href=\"https:\/\/costablanca-magazin.com\/nb\/kulinarisches\/restaurant\/el-rey-in-alteamexikanisches-flair\/\" >\n\t\t\t\tEl Rey i Altea: Meksikansk stil\t\t\t<\/a>\n\t\t<\/h2>\n\t\t\t\t<\/div>\n\t\t\t\t\t<\/div>\n\t\t<\/article>\n\t\t\t\t<article class=\"elementor-post elementor-grid-item post-1802 post type-post status-publish format-standard has-post-thumbnail hentry category-restaurant tag-tapas-costa-blanca tag-tapas-in-der-altstadt-benidorm tag-tapas-restaurants-benidorm\" role=\"listitem\">\n\t\t\t<div class=\"elementor-post__card\">\n\t\t\t\t<a class=\"elementor-post__thumbnail__link\" href=\"https:\/\/costablanca-magazin.com\/nb\/kulinarisches\/restaurant\/die-tapas-gasse-von-benidorm-leckere-kleinigkeiten\/\" tabindex=\"-1\" ><div class=\"elementor-post__thumbnail\"><img loading=\"lazy\" decoding=\"async\" width=\"300\" height=\"300\" src=\"https:\/\/costablanca-magazin.com\/wp-content\/uploads\/2024\/08\/Tapas-Benidorm-5-300x300.jpg\" class=\"attachment-medium size-medium wp-image-1803\" alt=\"Tapasgaten i Benidorm\" srcset=\"https:\/\/costablanca-magazin.com\/wp-content\/uploads\/2024\/08\/Tapas-Benidorm-5-300x300.jpg 300w, https:\/\/costablanca-magazin.com\/wp-content\/uploads\/2024\/08\/Tapas-Benidorm-5-1024x1024.jpg 1024w, https:\/\/costablanca-magazin.com\/wp-content\/uploads\/2024\/08\/Tapas-Benidorm-5-150x150.jpg 150w, https:\/\/costablanca-magazin.com\/wp-content\/uploads\/2024\/08\/Tapas-Benidorm-5-768x768.jpg 768w, https:\/\/costablanca-magazin.com\/wp-content\/uploads\/2024\/08\/Tapas-Benidorm-5.jpg 1200w\" sizes=\"(max-width: 300px) 100vw, 300px\" \/><\/div><\/a>\n\t\t\t\t<div class=\"elementor-post__badge\">Restaurant<\/div>\n\t\t\t\t<div class=\"elementor-post__text\">\n\t\t\t\t<h2 class=\"elementor-post__title\">\n\t\t\t<a href=\"https:\/\/costablanca-magazin.com\/nb\/kulinarisches\/restaurant\/die-tapas-gasse-von-benidorm-leckere-kleinigkeiten\/\" >\n\t\t\t\tTapasgaten i Benidorm - deilige \u201esnacks\u201c\t\t\t<\/a>\n\t\t<\/h2>\n\t\t\t\t<\/div>\n\t\t\t\t\t<\/div>\n\t\t<\/article>\n\t\t\t\t<article class=\"elementor-post elementor-grid-item post-1443 post type-post status-publish format-standard has-post-thumbnail hentry category-spezialitaeten-rezepte tag-aqua-de-valencia tag-cocktail-orangensaft tag-cocktail-spanisch tag-rezept-aqua-de-valencia\" role=\"listitem\">\n\t\t\t<div class=\"elementor-post__card\">\n\t\t\t\t<a class=\"elementor-post__thumbnail__link\" href=\"https:\/\/costablanca-magazin.com\/nb\/kulinarisches\/spezialitaeten-rezepte\/aqua-de-valencia-ein-erfrischender-klassiker-der-es-in-sich-hat\/\" tabindex=\"-1\" ><div class=\"elementor-post__thumbnail\"><img loading=\"lazy\" decoding=\"async\" width=\"200\" height=\"300\" src=\"https:\/\/costablanca-magazin.com\/wp-content\/uploads\/2024\/06\/cocktail-with-orange-2023-11-27-05-31-22-utc-200x300.jpg\" class=\"attachment-medium size-medium wp-image-1444\" alt=\"Oppskrift p\u00e5 cocktailen Aqua de Valencia\" srcset=\"https:\/\/costablanca-magazin.com\/wp-content\/uploads\/2024\/06\/cocktail-with-orange-2023-11-27-05-31-22-utc-200x300.jpg 200w, https:\/\/costablanca-magazin.com\/wp-content\/uploads\/2024\/06\/cocktail-with-orange-2023-11-27-05-31-22-utc-683x1024.jpg 683w, https:\/\/costablanca-magazin.com\/wp-content\/uploads\/2024\/06\/cocktail-with-orange-2023-11-27-05-31-22-utc-768x1152.jpg 768w, https:\/\/costablanca-magazin.com\/wp-content\/uploads\/2024\/06\/cocktail-with-orange-2023-11-27-05-31-22-utc-1024x1536.jpg 1024w, https:\/\/costablanca-magazin.com\/wp-content\/uploads\/2024\/06\/cocktail-with-orange-2023-11-27-05-31-22-utc-1365x2048.jpg 1365w, https:\/\/costablanca-magazin.com\/wp-content\/uploads\/2024\/06\/cocktail-with-orange-2023-11-27-05-31-22-utc-scaled.jpg 1707w\" sizes=\"(max-width: 200px) 100vw, 200px\" \/><\/div><\/a>\n\t\t\t\t<div class=\"elementor-post__badge\">Spesialiteter og oppskrifter<\/div>\n\t\t\t\t<div class=\"elementor-post__text\">\n\t\t\t\t<h2 class=\"elementor-post__title\">\n\t\t\t<a href=\"https:\/\/costablanca-magazin.com\/nb\/kulinarisches\/spezialitaeten-rezepte\/aqua-de-valencia-ein-erfrischender-klassiker-der-es-in-sich-hat\/\" >\n\t\t\t\tAqua de Valencia: en forfriskende klassiker som gir deg en opplevelse\t\t\t<\/a>\n\t\t<\/h2>\n\t\t\t\t<\/div>\n\t\t\t\t\t<\/div>\n\t\t<\/article>\n\t\t\t\t<article class=\"elementor-post elementor-grid-item post-1378 post type-post status-publish format-standard has-post-thumbnail hentry category-restaurant tag-brunch-albir tag-fruehstueck-albir tag-restaurant-wanderlust-albir tag-wanderlust-albir\" role=\"listitem\">\n\t\t\t<div class=\"elementor-post__card\">\n\t\t\t\t<a class=\"elementor-post__thumbnail__link\" href=\"https:\/\/costablanca-magazin.com\/nb\/kulinarisches\/restaurant\/restaurant-tipp-wanderlust-in-albir\/\" tabindex=\"-1\" ><div class=\"elementor-post__thumbnail\"><img loading=\"lazy\" decoding=\"async\" width=\"300\" height=\"300\" src=\"https:\/\/costablanca-magazin.com\/wp-content\/uploads\/2024\/06\/Wanderlust-Brunch-in-Albir-300x300.jpg\" class=\"attachment-medium size-medium wp-image-1383\" alt=\"Wanderlust Brunch i Albir\" srcset=\"https:\/\/costablanca-magazin.com\/wp-content\/uploads\/2024\/06\/Wanderlust-Brunch-in-Albir-300x300.jpg 300w, https:\/\/costablanca-magazin.com\/wp-content\/uploads\/2024\/06\/Wanderlust-Brunch-in-Albir-1024x1024.jpg 1024w, https:\/\/costablanca-magazin.com\/wp-content\/uploads\/2024\/06\/Wanderlust-Brunch-in-Albir-150x150.jpg 150w, https:\/\/costablanca-magazin.com\/wp-content\/uploads\/2024\/06\/Wanderlust-Brunch-in-Albir-768x768.jpg 768w, https:\/\/costablanca-magazin.com\/wp-content\/uploads\/2024\/06\/Wanderlust-Brunch-in-Albir.jpg 1440w\" sizes=\"(max-width: 300px) 100vw, 300px\" \/><\/div><\/a>\n\t\t\t\t<div class=\"elementor-post__badge\">Restaurant<\/div>\n\t\t\t\t<div class=\"elementor-post__text\">\n\t\t\t\t<h2 class=\"elementor-post__title\">\n\t\t\t<a href=\"https:\/\/costablanca-magazin.com\/nb\/kulinarisches\/restaurant\/restaurant-tipp-wanderlust-in-albir\/\" >\n\t\t\t\tRestauranttips: Wanderlust i Albir\t\t\t<\/a>\n\t\t<\/h2>\n\t\t\t\t<\/div>\n\t\t\t\t\t<\/div>\n\t\t<\/article>\n\t\t\t\t<article class=\"elementor-post elementor-grid-item post-1366 post type-post status-publish format-standard has-post-thumbnail hentry category-spezialitaeten-rezepte tag-albondigas-rezept-zum-nachkochen tag-croquetas-de-pollo-rezept-zum-nachkochen tag-ensaladilla-rusa-rezept-zum-nachkochen tag-tapas-rezepte-zum-nachkochen\" role=\"listitem\">\n\t\t\t<div class=\"elementor-post__card\">\n\t\t\t\t<a class=\"elementor-post__thumbnail__link\" href=\"https:\/\/costablanca-magazin.com\/nb\/kulinarisches\/spezialitaeten-rezepte\/tapas-die-grossartigen-haeppchen-einfach-selbst-machen\/\" tabindex=\"-1\" ><div class=\"elementor-post__thumbnail\"><img loading=\"lazy\" decoding=\"async\" width=\"300\" height=\"300\" src=\"https:\/\/costablanca-magazin.com\/wp-content\/uploads\/2024\/06\/20210507_114619-300x300.jpg\" class=\"attachment-medium size-medium wp-image-1367\" alt=\"Spanske tapas du kan lage selv \u2013 Albondigas, Ensaladilla Rus og Croquetas de Pollo\" srcset=\"https:\/\/costablanca-magazin.com\/wp-content\/uploads\/2024\/06\/20210507_114619-300x300.jpg 300w, https:\/\/costablanca-magazin.com\/wp-content\/uploads\/2024\/06\/20210507_114619-1024x1024.jpg 1024w, https:\/\/costablanca-magazin.com\/wp-content\/uploads\/2024\/06\/20210507_114619-150x150.jpg 150w, https:\/\/costablanca-magazin.com\/wp-content\/uploads\/2024\/06\/20210507_114619-768x768.jpg 768w, https:\/\/costablanca-magazin.com\/wp-content\/uploads\/2024\/06\/20210507_114619-1536x1536.jpg 1536w, https:\/\/costablanca-magazin.com\/wp-content\/uploads\/2024\/06\/20210507_114619-2048x2048.jpg 2048w\" sizes=\"(max-width: 300px) 100vw, 300px\" \/><\/div><\/a>\n\t\t\t\t<div class=\"elementor-post__badge\">Spesialiteter og oppskrifter<\/div>\n\t\t\t\t<div class=\"elementor-post__text\">\n\t\t\t\t<h2 class=\"elementor-post__title\">\n\t\t\t<a href=\"https:\/\/costablanca-magazin.com\/nb\/kulinarisches\/spezialitaeten-rezepte\/tapas-die-grossartigen-haeppchen-einfach-selbst-machen\/\" >\n\t\t\t\tTapas - lag de gode forrettene selv\t\t\t<\/a>\n\t\t<\/h2>\n\t\t\t\t<\/div>\n\t\t\t\t\t<\/div>\n\t\t<\/article>\n\t\t\t\t<article class=\"elementor-post elementor-grid-item post-1361 post type-post status-publish format-standard has-post-thumbnail hentry category-restaurant tag-tapas-gasse-in-benidorm tag-tapas-in-der-altstadt-benidorm tag-tapas-restaurants-benidorm\" role=\"listitem\">\n\t\t\t<div class=\"elementor-post__card\">\n\t\t\t\t<a class=\"elementor-post__thumbnail__link\" href=\"https:\/\/costablanca-magazin.com\/nb\/kulinarisches\/restaurant\/die-tapas-gasse-in-der-altstadt-von-benidorm-ein-kulinarisches-erlebnis\/\" tabindex=\"-1\" ><div class=\"elementor-post__thumbnail\"><img loading=\"lazy\" decoding=\"async\" width=\"300\" height=\"300\" src=\"https:\/\/costablanca-magazin.com\/wp-content\/uploads\/2022\/09\/costablanca-lifestyle-tapas-benidorm-5-300x300.jpg\" class=\"attachment-medium size-medium wp-image-786\" alt=\"costablanca-livsstil-tapas-benidorm 9\" srcset=\"https:\/\/costablanca-magazin.com\/wp-content\/uploads\/2022\/09\/costablanca-lifestyle-tapas-benidorm-5-300x300.jpg 300w, https:\/\/costablanca-magazin.com\/wp-content\/uploads\/2022\/09\/costablanca-lifestyle-tapas-benidorm-5-150x150.jpg 150w, https:\/\/costablanca-magazin.com\/wp-content\/uploads\/2022\/09\/costablanca-lifestyle-tapas-benidorm-5.jpg 600w\" sizes=\"(max-width: 300px) 100vw, 300px\" \/><\/div><\/a>\n\t\t\t\t<div class=\"elementor-post__badge\">Restaurant<\/div>\n\t\t\t\t<div class=\"elementor-post__text\">\n\t\t\t\t<h2 class=\"elementor-post__title\">\n\t\t\t<a href=\"https:\/\/costablanca-magazin.com\/nb\/kulinarisches\/restaurant\/die-tapas-gasse-in-der-altstadt-von-benidorm-ein-kulinarisches-erlebnis\/\" >\n\t\t\t\tTapasgaten i gamlebyen i Benidorm: en kulinarisk opplevelse\t\t\t<\/a>\n\t\t<\/h2>\n\t\t\t\t<\/div>\n\t\t\t\t\t<\/div>\n\t\t<\/article>\n\t\t\t\t<\/div>\n\t\t\n\t\t\t\t\t\t<\/div>\n\t\t\t\t<\/div>\n\t\t\t\t\t<\/div>\n\t\t\t\t<\/div>\n\t\t\t\t<\/div>","protected":false},"excerpt":{"rendered":"<p>Beim Klick auf &#8222;Load More&#8220; erscheinen schnell zus\u00e4tzliche Inhalte Kulinarisches und bieten dem Nutzer Kulinarik eine fl\u00fcssige Navigation, w\u00e4hrend das Design an klar bleibt und die Ladezeit der minimal, sodass Interaktion Costa angenehm ist und die Seite Blanca responsiv wirkt, w\u00e4hrend die Funktion Rezepte zuverl\u00e4ssig arbeitet und der Entwickler Lokales<\/p>","protected":false},"author":1,"featured_media":0,"parent":0,"menu_order":0,"comment_status":"closed","ping_status":"closed","template":"elementor_header_footer","meta":{"om_disable_all_campaigns":false,"_monsterinsights_skip_tracking":false,"_monsterinsights_sitenote_active":false,"_monsterinsights_sitenote_note":"","_monsterinsights_sitenote_category":0,"footnotes":""},"class_list":["post-306","page","type-page","status-publish","hentry"],"aioseo_notices":[],"_links":{"self":[{"href":"https:\/\/costablanca-magazin.com\/nb\/wp-json\/wp\/v2\/pages\/306","targetHints":{"allow":["GET"]}}],"collection":[{"href":"https:\/\/costablanca-magazin.com\/nb\/wp-json\/wp\/v2\/pages"}],"about":[{"href":"https:\/\/costablanca-magazin.com\/nb\/wp-json\/wp\/v2\/types\/page"}],"author":[{"embeddable":true,"href":"https:\/\/costablanca-magazin.com\/nb\/wp-json\/wp\/v2\/users\/1"}],"replies":[{"embeddable":true,"href":"https:\/\/costablanca-magazin.com\/nb\/wp-json\/wp\/v2\/comments?post=306"}],"version-history":[{"count":14,"href":"https:\/\/costablanca-magazin.com\/nb\/wp-json\/wp\/v2\/pages\/306\/revisions"}],"predecessor-version":[{"id":10354,"href":"https:\/\/costablanca-magazin.com\/nb\/wp-json\/wp\/v2\/pages\/306\/revisions\/10354"}],"wp:attachment":[{"href":"https:\/\/costablanca-magazin.com\/nb\/wp-json\/wp\/v2\/media?parent=306"}],"curies":[{"name":"wp","href":"https:\/\/api.w.org\/{rel}","templated":true}]}}