{"id":10692,"date":"2026-02-10T08:41:31","date_gmt":"2026-02-10T07:41:31","guid":{"rendered":"https:\/\/costablanca-magazin.com\/?page_id=10692"},"modified":"2026-03-18T07:55:36","modified_gmt":"2026-03-18T06:55:36","slug":"santa-pola","status":"publish","type":"page","link":"https:\/\/costablanca-magazin.com\/nb\/santa-pola\/","title":{"rendered":"Santa Pola"},"content":{"rendered":"<div data-elementor-type=\"wp-page\" data-elementor-id=\"10692\" class=\"elementor elementor-10692\" data-elementor-post-type=\"page\">\n\t\t\t\t<div class=\"elementor-element elementor-element-f714117 e-flex e-con-boxed e-con e-parent\" data-id=\"f714117\" data-element_type=\"container\" data-e-type=\"container\">\n\t\t\t\t\t<div class=\"e-con-inner\">\n\t\t\t\t<div class=\"elementor-element elementor-element-46c2a1e elementor-widget elementor-widget-heading\" data-id=\"46c2a1e\" data-element_type=\"widget\" data-e-type=\"widget\" data-widget_type=\"heading.default\">\n\t\t\t\t<div class=\"elementor-widget-container\">\n\t\t\t\t\t<h1 class=\"elementor-heading-title elementor-size-default\">Santa Pola - kystbyen mellom havn, saltlaguner og hverdagsliv<\/h1>\t\t\t\t<\/div>\n\t\t\t\t<\/div>\n\t\t\t\t<div class=\"elementor-element elementor-element-26943e0 elementor-widget elementor-widget-image\" data-id=\"26943e0\" data-element_type=\"widget\" data-e-type=\"widget\" data-widget_type=\"image.default\">\n\t\t\t\t<div class=\"elementor-widget-container\">\n\t\t\t\t\t\t\t\t\t\t\t\t\t\t\t<img decoding=\"async\" src=\"https:\/\/costablanca-magazin.com\/wp-content\/uploads\/elementor\/thumbs\/shutterstock_2623117475-Santa-Pola-scaled-rjc4cdueu9el9u4swqpuzriqvg6teieza4m29e4pt8.jpg\" title=\"Santa Pola - kystbyen mellom havn, saltlaguner og hverdagsliv\" alt=\"Santa Pola - kystbyen mellom havn, saltlaguner og hverdagsliv\" loading=\"lazy\" \/>\t\t\t\t\t\t\t\t\t\t\t\t\t\t\t<\/div>\n\t\t\t\t<\/div>\n\t\t\t\t\t<\/div>\n\t\t\t\t<\/div>\n\t\t<div class=\"elementor-element elementor-element-9831c55 e-flex e-con-boxed e-con e-parent\" data-id=\"9831c55\" data-element_type=\"container\" data-e-type=\"container\">\n\t\t\t\t\t<div class=\"e-con-inner\">\n\t\t\t\t<div class=\"elementor-element elementor-element-56b0161 elementor-widget elementor-widget-heading\" data-id=\"56b0161\" data-element_type=\"widget\" data-e-type=\"widget\" data-widget_type=\"heading.default\">\n\t\t\t\t<div class=\"elementor-widget-container\">\n\t\t\t\t\t<h2 class=\"elementor-heading-title elementor-size-default\">Santa Pola kombinerer havn, saltpanner, castillo og strender. Oversikt over de viktigste stedene i byen - fra fiske til naturomr\u00e5der.<\/h2>\t\t\t\t<\/div>\n\t\t\t\t<\/div>\n\t\t\t\t\t<\/div>\n\t\t\t\t<\/div>\n\t\t<div class=\"elementor-element elementor-element-668173d e-flex e-con-boxed e-con e-parent\" data-id=\"668173d\" data-element_type=\"container\" data-e-type=\"container\">\n\t\t\t\t\t<div class=\"e-con-inner\">\n\t\t<div class=\"elementor-element elementor-element-1633a17 e-con-full e-flex e-con e-child\" data-id=\"1633a17\" data-element_type=\"container\" data-e-type=\"container\">\n\t\t\t\t<div class=\"elementor-element elementor-element-78bb111 elementor-widget elementor-widget-text-editor\" data-id=\"78bb111\" data-element_type=\"widget\" data-e-type=\"widget\" data-widget_type=\"text-editor.default\">\n\t\t\t\t<div class=\"elementor-widget-container\">\n\t\t\t\t\t\t\t\t\t<p>Kystbyen Santa Pola ligger s\u00f8r for Alicante og kombinerer maritimt arbeid, naturlige saltlaguner og et livlig bysentrum. Hvis du g\u00e5r gjennom havneomr\u00e5det tidlig om morgenen, vil du se byen slik den er: ikke en iscenesatt scene, men et fungerende arbeidssted med en sterk identitet. Folk p\u00e5 vei til skipsverftene, fiskere som sorterer fangsten sin, skolebarn, pendlere - en tydelig hverdagsrytme som preger byen.<br \/>Bak <strong>Castillo festning<\/strong> og foran et av de viktigste kystfiskeriene i regionen, har Santa Pola funnet en rolle som verken er h\u00f8ylytt eller poserende. Byen kombinerer historie, natur og lokal \u00f8konomi for \u00e5 skape et image som er unikt i den s\u00f8rlige Marina Baixa.<\/p><p><strong>Historien mellom havnebassenget og festningen<br \/><\/strong>Den <strong>Castillo festning<\/strong> fra 1500-tallet var en gang en beskyttende struktur mot angrep fra havet. I dag er det sentrum i landsbyen - med kulturarrangementer, utstillinger og et lite sj\u00f8fartsmuseum som forteller om fiskeriets betydning.<br \/>Den romerske fortiden g\u00e5r enda lenger tilbake: Den <strong>Villa Romana del Palmeral<\/strong> viser boligstrukturer og mosaikker fra antikken. Den ligger diskret mellom moderne gater og er et eksempel p\u00e5 hvordan Santa Pola lar gamle lag v\u00e6re synlige uten \u00e5 overdrive dem.<\/p><p><strong>Havn, fiske og en oversiktlig arbeidsplass<br \/><\/strong>Havnen i Santa Pola er en av de travleste p\u00e5 Costa Blanca. Tr\u00e5lere, mindre fiskeb\u00e5ter, reparasjonsbedrifter og lasteskip preger bildet. Den daglige aktiviteten i fiskehandlernes haller viser hvor mye byen fortsatt lever av havet.<br \/>Dette inkluderer den maritime industrien som er lokalisert rundt havnen: b\u00e5tmekanikere, skipshandlere, handel, sm\u00e5 barer og butikker. Et sted som fungerer \u00f8konomisk, ikke designmessig.<\/p><p><strong>Strender og bukter - en del av hverdagen<br \/><\/strong>Santa Polas kystlinje ser aldri iscenesatt ut. Strendene ligger n\u00e6r bykjernen og brukes like naturlig som parker og torg.<\/p><ul><li><strong>Playa Levante<\/strong> - sentralt, bredt og godt integrert i byen.<\/li><li><strong>Playa Tamarit<\/strong> - roligere sone n\u00e6r saltpannene.<\/li><li><strong>Calas del Este \/ Santiago Bernabeu<\/strong> - mindre omr\u00e5der mellom berg og byutvikling.<\/li><li><strong>La Gola<\/strong> - Overgang til naturlige lagunesoner.<\/li><\/ul><p>Strendene er en del av de daglige rutene - sport, pendling, m\u00f8ter, korte pauser.<\/p><p><strong>Naturmilj\u00f8: saltlaguner, flamingoer og vidstrakte sletter<br \/><\/strong>Rett bak byen ligger <strong>Salinas de Santa Pola<\/strong> - et stort v\u00e5tmarksomr\u00e5de som best\u00e5r av saltbasseng, laguner og observasjonssoner. Her utvinnes det salt, men omr\u00e5det er ogs\u00e5 levested for flamingoer og en rekke fuglearter.<br \/>Den <strong>Museo de la Sal<\/strong> forklarer dette \u00f8konomiske og naturlige omr\u00e5det presist, uten folklore. Kombinasjonen av industriell utnyttelse og naturvern gj\u00f8r Santa Pola unik i regionen.<\/p>\t\t\t\t\t\t\t\t<\/div>\n\t\t\t\t<\/div>\n\t\t\t\t<\/div>\n\t\t<div class=\"elementor-element elementor-element-a2d2c96 e-con-full e-flex e-con e-child\" data-id=\"a2d2c96\" data-element_type=\"container\" data-e-type=\"container\">\n\t\t\t\t<div class=\"elementor-element elementor-element-a26b727 elementor-widget__width-initial elementor-widget elementor-widget-gallery\" data-id=\"a26b727\" data-element_type=\"widget\" data-e-type=\"widget\" data-settings=\"{&quot;columns&quot;:1,&quot;gap&quot;:{&quot;unit&quot;:&quot;px&quot;,&quot;size&quot;:2,&quot;sizes&quot;:[]},&quot;aspect_ratio&quot;:&quot;1:1&quot;,&quot;lazyload&quot;:&quot;yes&quot;,&quot;gallery_layout&quot;:&quot;grid&quot;,&quot;columns_tablet&quot;:2,&quot;columns_mobile&quot;:1,&quot;gap_tablet&quot;:{&quot;unit&quot;:&quot;px&quot;,&quot;size&quot;:10,&quot;sizes&quot;:[]},&quot;gap_mobile&quot;:{&quot;unit&quot;:&quot;px&quot;,&quot;size&quot;:10,&quot;sizes&quot;:[]},&quot;link_to&quot;:&quot;file&quot;,&quot;overlay_background&quot;:&quot;yes&quot;,&quot;content_hover_animation&quot;:&quot;fade-in&quot;}\" data-widget_type=\"gallery.default\">\n\t\t\t\t<div class=\"elementor-widget-container\">\n\t\t\t\t\t\t\t<div class=\"elementor-gallery__container\">\n\t\t\t\t\t\t\t<a class=\"e-gallery-item elementor-gallery-item elementor-animated-content\" href=\"https:\/\/costablanca-magazin.com\/wp-content\/uploads\/2026\/01\/20251230_135903-scaled.jpg\" data-elementor-open-lightbox=\"yes\" data-elementor-lightbox-slideshow=\"a26b727\" data-elementor-lightbox-title=\"Santa Pola \u2013 K\u00fcstenstadt zwischen Hafen, Salzlagunen und Alltag\" data-elementor-lightbox-description=\"Santa Pola \u2013 K\u00fcstenstadt zwischen Hafen, Salzlagunen und Alltag\" data-e-action-hash=\"#elementor-action%3Aaction%3Dlightbox%26settings%3DeyJpZCI6MTA0MTAsInVybCI6Imh0dHBzOlwvXC9jb3N0YWJsYW5jYS1tYWdhemluLmNvbVwvd3AtY29udGVudFwvdXBsb2Fkc1wvMjAyNlwvMDFcLzIwMjUxMjMwXzEzNTkwMy1zY2FsZWQuanBnIiwic2xpZGVzaG93IjoiYTI2YjcyNyJ9\">\n\t\t\t\t\t<div class=\"e-gallery-image elementor-gallery-item__image\" data-thumbnail=\"https:\/\/costablanca-magazin.com\/wp-content\/uploads\/2026\/01\/20251230_135903-scaled.jpg\" data-width=\"2560\" data-height=\"1920\" aria-label=\"Santa Pola - kystbyen mellom havn, saltlaguner og hverdagsliv\" role=\"img\" ><\/div>\n\t\t\t\t\t\t\t\t\t\t\t<div class=\"elementor-gallery-item__overlay\"><\/div>\n\t\t\t\t\t\t\t\t\t\t\t\t\t\t<\/a>\n\t\t\t\t\t\t\t<a class=\"e-gallery-item elementor-gallery-item elementor-animated-content\" href=\"https:\/\/costablanca-magazin.com\/wp-content\/uploads\/2026\/01\/20251230_141327-scaled.jpg\" data-elementor-open-lightbox=\"yes\" data-elementor-lightbox-slideshow=\"a26b727\" data-elementor-lightbox-title=\"Santa Pola \u2013 K\u00fcstenstadt zwischen Hafen, Salzlagunen und Alltag\" data-elementor-lightbox-description=\"Santa Pola \u2013 K\u00fcstenstadt zwischen Hafen, Salzlagunen und Alltag\" data-e-action-hash=\"#elementor-action%3Aaction%3Dlightbox%26settings%3DeyJpZCI6MTA0MTYsInVybCI6Imh0dHBzOlwvXC9jb3N0YWJsYW5jYS1tYWdhemluLmNvbVwvd3AtY29udGVudFwvdXBsb2Fkc1wvMjAyNlwvMDFcLzIwMjUxMjMwXzE0MTMyNy1zY2FsZWQuanBnIiwic2xpZGVzaG93IjoiYTI2YjcyNyJ9\">\n\t\t\t\t\t<div class=\"e-gallery-image elementor-gallery-item__image\" data-thumbnail=\"https:\/\/costablanca-magazin.com\/wp-content\/uploads\/2026\/01\/20251230_141327-scaled.jpg\" data-width=\"2560\" data-height=\"1920\" aria-label=\"Santa Pola - kystbyen mellom havn, saltlaguner og hverdagsliv\" role=\"img\" ><\/div>\n\t\t\t\t\t\t\t\t\t\t\t<div class=\"elementor-gallery-item__overlay\"><\/div>\n\t\t\t\t\t\t\t\t\t\t\t\t\t\t<\/a>\n\t\t\t\t\t\t\t<a class=\"e-gallery-item elementor-gallery-item elementor-animated-content\" href=\"https:\/\/costablanca-magazin.com\/wp-content\/uploads\/2026\/01\/20251230_121028-scaled.jpg\" data-elementor-open-lightbox=\"yes\" data-elementor-lightbox-slideshow=\"a26b727\" data-elementor-lightbox-title=\"Santa Pola \u2013 K\u00fcstenstadt zwischen Hafen, Salzlagunen und Alltag\" data-elementor-lightbox-description=\"Santa Pola \u2013 K\u00fcstenstadt zwischen Hafen, Salzlagunen und Alltag\" data-e-action-hash=\"#elementor-action%3Aaction%3Dlightbox%26settings%3DeyJpZCI6MTA0MDgsInVybCI6Imh0dHBzOlwvXC9jb3N0YWJsYW5jYS1tYWdhemluLmNvbVwvd3AtY29udGVudFwvdXBsb2Fkc1wvMjAyNlwvMDFcLzIwMjUxMjMwXzEyMTAyOC1zY2FsZWQuanBnIiwic2xpZGVzaG93IjoiYTI2YjcyNyJ9\">\n\t\t\t\t\t<div class=\"e-gallery-image elementor-gallery-item__image\" data-thumbnail=\"https:\/\/costablanca-magazin.com\/wp-content\/uploads\/2026\/01\/20251230_121028-scaled.jpg\" data-width=\"2560\" data-height=\"1920\" aria-label=\"Santa Pola - kystbyen mellom havn, saltlaguner og hverdagsliv\" role=\"img\" ><\/div>\n\t\t\t\t\t\t\t\t\t\t\t<div class=\"elementor-gallery-item__overlay\"><\/div>\n\t\t\t\t\t\t\t\t\t\t\t\t\t\t<\/a>\n\t\t\t\t\t<\/div>\n\t\t\t\t\t<\/div>\n\t\t\t\t<\/div>\n\t\t\t\t<\/div>\n\t\t<div class=\"elementor-element elementor-element-8f78759 e-con-full e-flex e-con e-child\" data-id=\"8f78759\" data-element_type=\"container\" data-e-type=\"container\">\n\t\t\t\t<div class=\"elementor-element elementor-element-b48d9a8 elementor-widget__width-initial elementor-widget elementor-widget-gallery\" data-id=\"b48d9a8\" data-element_type=\"widget\" data-e-type=\"widget\" data-settings=\"{&quot;columns&quot;:1,&quot;gap&quot;:{&quot;unit&quot;:&quot;px&quot;,&quot;size&quot;:2,&quot;sizes&quot;:[]},&quot;aspect_ratio&quot;:&quot;1:1&quot;,&quot;lazyload&quot;:&quot;yes&quot;,&quot;gallery_layout&quot;:&quot;grid&quot;,&quot;columns_tablet&quot;:2,&quot;columns_mobile&quot;:1,&quot;gap_tablet&quot;:{&quot;unit&quot;:&quot;px&quot;,&quot;size&quot;:10,&quot;sizes&quot;:[]},&quot;gap_mobile&quot;:{&quot;unit&quot;:&quot;px&quot;,&quot;size&quot;:10,&quot;sizes&quot;:[]},&quot;link_to&quot;:&quot;file&quot;,&quot;overlay_background&quot;:&quot;yes&quot;,&quot;content_hover_animation&quot;:&quot;fade-in&quot;}\" data-widget_type=\"gallery.default\">\n\t\t\t\t<div class=\"elementor-widget-container\">\n\t\t\t\t\t\t\t<div class=\"elementor-gallery__container\">\n\t\t\t\t\t\t\t<a class=\"e-gallery-item elementor-gallery-item elementor-animated-content\" href=\"https:\/\/costablanca-magazin.com\/wp-content\/uploads\/2026\/01\/20251230_143307-scaled.jpg\" data-elementor-open-lightbox=\"yes\" data-elementor-lightbox-slideshow=\"b48d9a8\" data-elementor-lightbox-title=\"Santa Pola \u2013 K\u00fcstenstadt zwischen Hafen, Salzlagunen und Alltag\" data-elementor-lightbox-description=\"Santa Pola \u2013 K\u00fcstenstadt zwischen Hafen, Salzlagunen und Alltag\" data-e-action-hash=\"#elementor-action%3Aaction%3Dlightbox%26settings%3DeyJpZCI6MTA0MjAsInVybCI6Imh0dHBzOlwvXC9jb3N0YWJsYW5jYS1tYWdhemluLmNvbVwvd3AtY29udGVudFwvdXBsb2Fkc1wvMjAyNlwvMDFcLzIwMjUxMjMwXzE0MzMwNy1zY2FsZWQuanBnIiwic2xpZGVzaG93IjoiYjQ4ZDlhOCJ9\">\n\t\t\t\t\t<div class=\"e-gallery-image elementor-gallery-item__image\" data-thumbnail=\"https:\/\/costablanca-magazin.com\/wp-content\/uploads\/2026\/01\/20251230_143307-scaled.jpg\" data-width=\"2560\" data-height=\"1276\" aria-label=\"Santa Pola - kystbyen mellom havn, saltlaguner og hverdagsliv\" role=\"img\" ><\/div>\n\t\t\t\t\t\t\t\t\t\t\t<div class=\"elementor-gallery-item__overlay\"><\/div>\n\t\t\t\t\t\t\t\t\t\t\t\t\t\t<\/a>\n\t\t\t\t\t\t\t<a class=\"e-gallery-item elementor-gallery-item elementor-animated-content\" href=\"https:\/\/costablanca-magazin.com\/wp-content\/uploads\/2026\/01\/20251230_141321-scaled.jpg\" data-elementor-open-lightbox=\"yes\" data-elementor-lightbox-slideshow=\"b48d9a8\" data-elementor-lightbox-title=\"Santa Pola \u2013 K\u00fcstenstadt zwischen Hafen, Salzlagunen und Alltag\" data-elementor-lightbox-description=\"Santa Pola \u2013 K\u00fcstenstadt zwischen Hafen, Salzlagunen und Alltag\" data-e-action-hash=\"#elementor-action%3Aaction%3Dlightbox%26settings%3DeyJpZCI6MTA0MTQsInVybCI6Imh0dHBzOlwvXC9jb3N0YWJsYW5jYS1tYWdhemluLmNvbVwvd3AtY29udGVudFwvdXBsb2Fkc1wvMjAyNlwvMDFcLzIwMjUxMjMwXzE0MTMyMS1zY2FsZWQuanBnIiwic2xpZGVzaG93IjoiYjQ4ZDlhOCJ9\">\n\t\t\t\t\t<div class=\"e-gallery-image elementor-gallery-item__image\" data-thumbnail=\"https:\/\/costablanca-magazin.com\/wp-content\/uploads\/2026\/01\/20251230_141321-scaled.jpg\" data-width=\"2560\" data-height=\"1920\" aria-label=\"Santa Pola - kystbyen mellom havn, saltlaguner og hverdagsliv\" role=\"img\" ><\/div>\n\t\t\t\t\t\t\t\t\t\t\t<div class=\"elementor-gallery-item__overlay\"><\/div>\n\t\t\t\t\t\t\t\t\t\t\t\t\t\t<\/a>\n\t\t\t\t\t\t\t<a class=\"e-gallery-item elementor-gallery-item elementor-animated-content\" href=\"https:\/\/costablanca-magazin.com\/wp-content\/uploads\/2026\/01\/20251230_114323-scaled.jpg\" data-elementor-open-lightbox=\"yes\" data-elementor-lightbox-slideshow=\"b48d9a8\" data-elementor-lightbox-title=\"Santa Pola \u2013 K\u00fcstenstadt zwischen Hafen, Salzlagunen und Alltag\" data-elementor-lightbox-description=\"Santa Pola \u2013 K\u00fcstenstadt zwischen Hafen, Salzlagunen und Alltag\" data-e-action-hash=\"#elementor-action%3Aaction%3Dlightbox%26settings%3DeyJpZCI6MTA0MDcsInVybCI6Imh0dHBzOlwvXC9jb3N0YWJsYW5jYS1tYWdhemluLmNvbVwvd3AtY29udGVudFwvdXBsb2Fkc1wvMjAyNlwvMDFcLzIwMjUxMjMwXzExNDMyMy1zY2FsZWQuanBnIiwic2xpZGVzaG93IjoiYjQ4ZDlhOCJ9\">\n\t\t\t\t\t<div class=\"e-gallery-image elementor-gallery-item__image\" data-thumbnail=\"https:\/\/costablanca-magazin.com\/wp-content\/uploads\/2026\/01\/20251230_114323-scaled.jpg\" data-width=\"2560\" data-height=\"1920\" aria-label=\"Santa Pola - kystbyen mellom havn, saltlaguner og hverdagsliv\" role=\"img\" ><\/div>\n\t\t\t\t\t\t\t\t\t\t\t<div class=\"elementor-gallery-item__overlay\"><\/div>\n\t\t\t\t\t\t\t\t\t\t\t\t\t\t<\/a>\n\t\t\t\t\t\t\t<a class=\"e-gallery-item elementor-gallery-item elementor-animated-content\" href=\"https:\/\/costablanca-magazin.com\/wp-content\/uploads\/2026\/01\/20251230_143304-scaled.jpg\" data-elementor-open-lightbox=\"yes\" data-elementor-lightbox-slideshow=\"b48d9a8\" data-elementor-lightbox-title=\"Santa Pola \u2013 K\u00fcstenstadt zwischen Hafen, Salzlagunen und Alltag\" data-elementor-lightbox-description=\"Santa Pola \u2013 K\u00fcstenstadt zwischen Hafen, Salzlagunen und Alltag\" data-e-action-hash=\"#elementor-action%3Aaction%3Dlightbox%26settings%3DeyJpZCI6MTA0MTksInVybCI6Imh0dHBzOlwvXC9jb3N0YWJsYW5jYS1tYWdhemluLmNvbVwvd3AtY29udGVudFwvdXBsb2Fkc1wvMjAyNlwvMDFcLzIwMjUxMjMwXzE0MzMwNC1zY2FsZWQuanBnIiwic2xpZGVzaG93IjoiYjQ4ZDlhOCJ9\">\n\t\t\t\t\t<div class=\"e-gallery-image elementor-gallery-item__image\" data-thumbnail=\"https:\/\/costablanca-magazin.com\/wp-content\/uploads\/2026\/01\/20251230_143304-scaled.jpg\" data-width=\"2560\" data-height=\"1565\" aria-label=\"Santa Pola - kystbyen mellom havn, saltlaguner og hverdagsliv\" role=\"img\" ><\/div>\n\t\t\t\t\t\t\t\t\t\t\t<div class=\"elementor-gallery-item__overlay\"><\/div>\n\t\t\t\t\t\t\t\t\t\t\t\t\t\t<\/a>\n\t\t\t\t\t<\/div>\n\t\t\t\t\t<\/div>\n\t\t\t\t<\/div>\n\t\t\t\t<\/div>\n\t\t<div class=\"elementor-element elementor-element-31495bd e-con-full e-flex e-con e-child\" data-id=\"31495bd\" data-element_type=\"container\" data-e-type=\"container\">\n\t\t\t\t<div class=\"elementor-element elementor-element-b6ae973 elementor-widget elementor-widget-text-editor\" data-id=\"b6ae973\" data-element_type=\"widget\" data-e-type=\"widget\" data-widget_type=\"text-editor.default\">\n\t\t\t\t<div class=\"elementor-widget-container\">\n\t\t\t\t\t\t\t\t\t<p><strong>Et sted med tydelige funksjoner<br \/><\/strong>Santa Pola er ikke en turistmagnet, men et sentrum for arbeid og liv med direkte forbindelser til Elche og Alicante. Mange innbyggere pendler, mens andre jobber lokalt - innen fiske, logistikk, catering, sm\u00e5bedrifter og service.<br \/>Bylandskapet best\u00e5r av:<\/p><ul><li>en aktiv havn<\/li><li>gamlebyen rundt festningen<\/li><li>dyrkede oppholdsrom<\/li><li>Soner rundt saltpannene<\/li><li>Kyststrekninger med strender og stier<\/li><\/ul><p>Denne blandingen gj\u00f8r Santa Pola stabil og oversiktlig.<\/p><p><strong>Mobilitet og plassering<\/strong><\/p><ul><li>N\u00e6rhet til <strong>Alicante-Elche lufthavn<\/strong><\/li><li>Bussforbindelser til Elche, Alicante og Torrevieja<\/li><li>CV-865 mot Elche og N-332 langs kysten<\/li><li>Havneforbindelse til <strong>Tabarca Island<\/strong> (vanlige ferjelinjer)<\/li><\/ul><p>Mobiliteten er funksjonell og godt fordelt her.<\/p><p><strong>Steder som er verdt \u00e5 se <\/strong><\/p><ul><li><strong>Castillo festning<\/strong><\/li><li><strong>Salinas de Santa Pola<\/strong><\/li><li><strong>Museo de la Sal<\/strong><\/li><li><strong>Villa Romana del Palmeral<\/strong><\/li><li><strong>Havne- og fiskehaller<\/strong><\/li><li><strong>Calas de Santiago Bernabeu<\/strong><\/li><li><strong>Mirador del Faro de Santa Pola<\/strong> (Synspunkt)<\/li><li><strong>Utgangspunkt til \u00f8ya Tabarca<\/strong> (Ferger)<\/li><\/ul><table><thead><tr><td><p><strong>Marked \/ Markedstype<\/strong><\/p><\/td><td><p><strong>Dag \/ klokkeslett<\/strong><\/p><\/td><td><p><strong>Hva du finner der \/ spesialitet<\/strong><\/p><\/td><\/tr><\/thead><tbody><tr><td><p>Ukentlig marked \/ Mercadillo (gatemarked)<\/p><\/td><td><p><strong>Mandag og l\u00f8rdag, ca. kl. 08:00-14:00<\/strong> (<a href=\"https:\/\/mercadillos.org\/mercadillo-santa-pola?utm_source=chatgpt.com\">Gu\u00eda de Mercadillos<\/a>)<\/p><\/td><td><p>Rundt 300-450 boder med kl\u00e6r, l\u00e6rvarer, husholdningsartikler; p\u00e5 l\u00f8rdager ogs\u00e5 fersk frukt og gr\u00f8nnsaker, planter (<a href=\"https:\/\/thecostablancaguide.com\/listing-item\/santa-pola-local-market\/?utm_source=chatgpt.com\">Costa Blanca-guiden<\/a>)<\/p><\/td><\/tr><tr><td><p>Det sentrale markedet \/ Mercado Central de Santa Pola<\/p><\/td><td><p>Mandag til l\u00f8rdag, ca. kl. 07.30-14.00 (l\u00f8rdager til kl. 14.30) (<a href=\"https:\/\/santapola.es\/areas-municipales\/comercio-consumo-mercado\/?utm_source=chatgpt.com\">Ayuntamiento de Santa Pola<\/a>)<\/p><\/td><td><p>Ferske gr\u00f8nnsaker, frukt, kj\u00f8tt, fisk, fiskeprodukter; forsyninger til daglige behov (<a href=\"https:\/\/santapola.es\/areas-municipales\/comercio-consumo-mercado\/?utm_source=chatgpt.com\">Ayuntamiento de Santa Pola<\/a>)<\/p><\/td><\/tr><\/tbody><\/table><p><strong>Santa Pola i \u00e9n setning?<br \/><\/strong>Et sted som kombinerer arbeid, kyst og natur uten noen dikkedarer.<\/p>\t\t\t\t\t\t\t\t<\/div>\n\t\t\t\t<\/div>\n\t\t\t\t<div class=\"elementor-element elementor-element-29f508d elementor-widget elementor-widget-heading\" data-id=\"29f508d\" data-element_type=\"widget\" data-e-type=\"widget\" data-widget_type=\"heading.default\">\n\t\t\t\t<div class=\"elementor-widget-container\">\n\t\t\t\t\t<h4 class=\"elementor-heading-title elementor-size-default\">Kort og godt<\/h4>\t\t\t\t<\/div>\n\t\t\t\t<\/div>\n\t\t\t\t<div class=\"elementor-element elementor-element-fe8bdc0 elementor-widget elementor-widget-text-editor\" data-id=\"fe8bdc0\" data-element_type=\"widget\" data-e-type=\"widget\" data-widget_type=\"text-editor.default\">\n\t\t\t\t<div class=\"elementor-widget-container\">\n\t\t\t\t\t\t\t\t\t<ul><li><strong>innbyggere (2024):<\/strong> ca. 36 000<\/li><li><strong>N\u00f8kkelomr\u00e5der:<\/strong> Havn, Salinas, Castillo, strender<\/li><li><strong>Naturlig plass:<\/strong> Flamingoer, laguner, saltproduksjon<\/li><li><strong>Mobilitet:<\/strong> N\u00e6rhet til flyplass, bussnettverk, fergeforbindelser<\/li><li><strong>Spesiell funksjon:<\/strong> Viktig fiskehavn p\u00e5 Costa Blanca<\/li><\/ul>\t\t\t\t\t\t\t\t<\/div>\n\t\t\t\t<\/div>\n\t\t\t\t<\/div>\n\t\t\t\t\t<\/div>\n\t\t\t\t<\/div>\n\t\t<div class=\"elementor-element elementor-element-9a886b0 e-flex e-con-boxed e-con e-parent\" data-id=\"9a886b0\" data-element_type=\"container\" data-e-type=\"container\">\n\t\t\t\t\t<div class=\"e-con-inner\">\n\t\t\t\t<div class=\"elementor-element elementor-element-d8ef4dc elementor-widget-divider--separator-type-pattern elementor-widget-divider--view-line elementor-widget elementor-widget-divider\" data-id=\"d8ef4dc\" data-element_type=\"widget\" data-e-type=\"widget\" data-widget_type=\"divider.default\">\n\t\t\t\t<div class=\"elementor-widget-container\">\n\t\t\t\t\t\t\t<div class=\"elementor-divider\" style=\"--divider-pattern-url: url(&quot;data:image\/svg+xml,%3Csvg xmlns=&#039;http:\/\/www.w3.org\/2000\/svg&#039; preserveAspectRatio=&#039;none&#039; overflow=&#039;visible&#039; height=&#039;100%&#039; viewBox=&#039;0 0 24 24&#039; fill=&#039;none&#039; stroke=&#039;black&#039; stroke-width=&#039;1&#039; stroke-linecap=&#039;square&#039; stroke-miterlimit=&#039;10&#039;%3E%3Cpath d=&#039;M0,21c3.3,0,8.3-0.9,15.7-7.1c6.6-5.4,4.4-9.3,2.4-10.3c-3.4-1.8-7.7,1.3-7.3,8.8C11.2,20,17.1,21,24,21&#039;\/%3E%3C\/svg%3E&quot;);\">\n\t\t\t<span class=\"elementor-divider-separator\">\n\t\t\t\t\t\t<\/span>\n\t\t<\/div>\n\t\t\t\t\t\t<\/div>\n\t\t\t\t<\/div>\n\t\t\t\t<div class=\"elementor-element elementor-element-c38e5ca elementor-grid-3 elementor-grid-tablet-2 elementor-grid-mobile-1 elementor-posts--thumbnail-top elementor-posts--show-avatar elementor-card-shadow-yes elementor-posts__hover-gradient elementor-widget elementor-widget-posts\" data-id=\"c38e5ca\" data-element_type=\"widget\" data-e-type=\"widget\" data-settings=\"{&quot;cards_columns&quot;:&quot;3&quot;,&quot;cards_columns_tablet&quot;:&quot;2&quot;,&quot;cards_columns_mobile&quot;:&quot;1&quot;,&quot;cards_row_gap&quot;:{&quot;unit&quot;:&quot;px&quot;,&quot;size&quot;:35,&quot;sizes&quot;:[]},&quot;cards_row_gap_tablet&quot;:{&quot;unit&quot;:&quot;px&quot;,&quot;size&quot;:&quot;&quot;,&quot;sizes&quot;:[]},&quot;cards_row_gap_mobile&quot;:{&quot;unit&quot;:&quot;px&quot;,&quot;size&quot;:&quot;&quot;,&quot;sizes&quot;:[]}}\" data-widget_type=\"posts.cards\">\n\t\t\t\t<div class=\"elementor-widget-container\">\n\t\t\t\t\t\t\t<div class=\"elementor-posts-container elementor-posts elementor-posts--skin-cards elementor-grid\" role=\"list\">\n\t\t\t\t<article class=\"elementor-post elementor-grid-item post-9353 post type-post status-publish format-standard has-post-thumbnail hentry category-aktivitaeten-und-ausfluege tag-calpe tag-costa-blanca-2 tag-leben-in-calpe tag-mi-pueblo tag-penon-de-ifach tag-residenten-in-calpe\" role=\"listitem\">\n\t\t\t<div class=\"elementor-post__card\">\n\t\t\t\t<a class=\"elementor-post__thumbnail__link\" href=\"https:\/\/costablanca-magazin.com\/nb\/freizeit\/aktivitaeten-und-ausfluege\/calpe-leben-zwischen-fels-salinen-und-altstadt\/\" tabindex=\"-1\" ><div class=\"elementor-post__thumbnail\"><img fetchpriority=\"high\" decoding=\"async\" width=\"1200\" height=\"836\" src=\"https:\/\/costablanca-magazin.com\/wp-content\/uploads\/2025\/10\/drone-view-of-penon-de-ifach-rock-harbor-mediter-2025-02-02-20-19-51-utc.jpg\" class=\"attachment-1536x1536 size-1536x1536 wp-image-9354\" alt=\"Calpe: livet mellom klippene, saltslettene og gamlebyen\" srcset=\"https:\/\/costablanca-magazin.com\/wp-content\/uploads\/2025\/10\/drone-view-of-penon-de-ifach-rock-harbor-mediter-2025-02-02-20-19-51-utc.jpg 1200w, https:\/\/costablanca-magazin.com\/wp-content\/uploads\/2025\/10\/drone-view-of-penon-de-ifach-rock-harbor-mediter-2025-02-02-20-19-51-utc-300x209.jpg 300w, https:\/\/costablanca-magazin.com\/wp-content\/uploads\/2025\/10\/drone-view-of-penon-de-ifach-rock-harbor-mediter-2025-02-02-20-19-51-utc-1024x713.jpg 1024w, https:\/\/costablanca-magazin.com\/wp-content\/uploads\/2025\/10\/drone-view-of-penon-de-ifach-rock-harbor-mediter-2025-02-02-20-19-51-utc-768x535.jpg 768w\" sizes=\"(max-width: 1200px) 100vw, 1200px\" \/><\/div><\/a>\n\t\t\t\t<div class=\"elementor-post__badge\">Aktiviteter og utflukter<\/div>\n\t\t\t\t<div class=\"elementor-post__avatar\">\n\t\t\t\t\t<\/div>\n\t\t\t\t<div class=\"elementor-post__text\">\n\t\t\t\t<h3 class=\"elementor-post__title\">\n\t\t\t<a href=\"https:\/\/costablanca-magazin.com\/nb\/freizeit\/aktivitaeten-und-ausfluege\/calpe-leben-zwischen-fels-salinen-und-altstadt\/\" >\n\t\t\t\tCalpe - livet mellom klippene, saltslettene og gamlebyen\t\t\t<\/a>\n\t\t<\/h3>\n\t\t\t\t<\/div>\n\t\t\t\t\t<\/div>\n\t\t<\/article>\n\t\t\t\t<article class=\"elementor-post elementor-grid-item post-9057 post type-post status-publish format-standard has-post-thumbnail hentry category-aktivitaeten-und-ausfluege tag-ciudad-deportiva-camilo-cano tag-costa-blanca-kultur tag-la-nucia tag-la-nucia-geschichte tag-la-nucia-legenden tag-la-nucia-sehenswuerdigkeiten tag-la-nucia-traditionen tag-mi-pueblo tag-sportstadt-spanien\" role=\"listitem\">\n\t\t\t<div class=\"elementor-post__card\">\n\t\t\t\t<a class=\"elementor-post__thumbnail__link\" href=\"https:\/\/costablanca-magazin.com\/nb\/freizeit\/aktivitaeten-und-ausfluege\/la-nucia-sportstadt-spaniens-mit-geschichte-kultur\/\" tabindex=\"-1\" ><div class=\"elementor-post__thumbnail\"><img decoding=\"async\" width=\"1536\" height=\"562\" src=\"https:\/\/costablanca-magazin.com\/wp-content\/uploads\/2025\/09\/ciudaddeportivacamilocano.com_deportes_estadio-olimpico-camilo-cano-1536x562.jpg\" class=\"attachment-1536x1536 size-1536x1536 wp-image-9046\" alt=\"ciudad deportiva La nucia\" srcset=\"https:\/\/costablanca-magazin.com\/wp-content\/uploads\/2025\/09\/ciudaddeportivacamilocano.com_deportes_estadio-olimpico-camilo-cano-1536x562.jpg 1536w, https:\/\/costablanca-magazin.com\/wp-content\/uploads\/2025\/09\/ciudaddeportivacamilocano.com_deportes_estadio-olimpico-camilo-cano-300x110.jpg 300w, https:\/\/costablanca-magazin.com\/wp-content\/uploads\/2025\/09\/ciudaddeportivacamilocano.com_deportes_estadio-olimpico-camilo-cano-1024x374.jpg 1024w, https:\/\/costablanca-magazin.com\/wp-content\/uploads\/2025\/09\/ciudaddeportivacamilocano.com_deportes_estadio-olimpico-camilo-cano-768x281.jpg 768w, https:\/\/costablanca-magazin.com\/wp-content\/uploads\/2025\/09\/ciudaddeportivacamilocano.com_deportes_estadio-olimpico-camilo-cano.jpg 1600w\" sizes=\"(max-width: 1536px) 100vw, 1536px\" \/><\/div><\/a>\n\t\t\t\t<div class=\"elementor-post__badge\">Aktiviteter og utflukter<\/div>\n\t\t\t\t<div class=\"elementor-post__avatar\">\n\t\t\t\t\t<\/div>\n\t\t\t\t<div class=\"elementor-post__text\">\n\t\t\t\t<h3 class=\"elementor-post__title\">\n\t\t\t<a href=\"https:\/\/costablanca-magazin.com\/nb\/freizeit\/aktivitaeten-und-ausfluege\/la-nucia-sportstadt-spaniens-mit-geschichte-kultur\/\" >\n\t\t\t\tLa Nuc\u00eda - Spanias sportsby med historie og kultur\t\t\t<\/a>\n\t\t<\/h3>\n\t\t\t\t<\/div>\n\t\t\t\t\t<\/div>\n\t\t<\/article>\n\t\t\t\t<article class=\"elementor-post elementor-grid-item post-8593 post type-post status-publish format-standard has-post-thumbnail hentry category-aktivitaeten-und-ausfluege tag-castillo-de-denia tag-denia tag-hafenstadt tag-marina-alta tag-mi-pueblo tag-montgo tag-straende-denia\" role=\"listitem\">\n\t\t\t<div class=\"elementor-post__card\">\n\t\t\t\t<a class=\"elementor-post__thumbnail__link\" href=\"https:\/\/costablanca-magazin.com\/nb\/freizeit\/aktivitaeten-und-ausfluege\/denia-die-stadt-zwischen-meer-montgo-und-geschichte\/\" tabindex=\"-1\" ><div class=\"elementor-post__thumbnail\"><img decoding=\"async\" width=\"864\" height=\"648\" src=\"https:\/\/costablanca-magazin.com\/wp-content\/uploads\/2025\/08\/Markus-Galiano-2.jpg\" class=\"attachment-1536x1536 size-1536x1536 wp-image-8629\" alt=\"D\u00e9nia \u2013 by mellom havet og Montg\u00f3 14\" srcset=\"https:\/\/costablanca-magazin.com\/wp-content\/uploads\/2025\/08\/Markus-Galiano-2.jpg 864w, https:\/\/costablanca-magazin.com\/wp-content\/uploads\/2025\/08\/Markus-Galiano-2-300x225.jpg 300w, https:\/\/costablanca-magazin.com\/wp-content\/uploads\/2025\/08\/Markus-Galiano-2-768x576.jpg 768w\" sizes=\"(max-width: 864px) 100vw, 864px\" \/><\/div><\/a>\n\t\t\t\t<div class=\"elementor-post__badge\">Aktiviteter og utflukter<\/div>\n\t\t\t\t<div class=\"elementor-post__avatar\">\n\t\t\t\t\t<\/div>\n\t\t\t\t<div class=\"elementor-post__text\">\n\t\t\t\t<h3 class=\"elementor-post__title\">\n\t\t\t<a href=\"https:\/\/costablanca-magazin.com\/nb\/freizeit\/aktivitaeten-und-ausfluege\/denia-die-stadt-zwischen-meer-montgo-und-geschichte\/\" >\n\t\t\t\tD\u00e9nia - byen mellom hav, Montg\u00f3 og historie\t\t\t<\/a>\n\t\t<\/h3>\n\t\t\t\t<\/div>\n\t\t\t\t\t<\/div>\n\t\t<\/article>\n\t\t\t\t<\/div>\n\t\t\n\t\t\t\t\t\t<\/div>\n\t\t\t\t<\/div>\n\t\t\t\t\t<\/div>\n\t\t\t\t<\/div>\n\t\t\t\t<\/div>","protected":false},"excerpt":{"rendered":"<p>Santa Pola - kystbyen mellom havn, saltlaguner og hverdagsliv Santa Pola kombinerer havn, saltpanner, castillo og strender. Oversikt over<\/p>","protected":false},"author":1,"featured_media":0,"parent":0,"menu_order":0,"comment_status":"closed","ping_status":"closed","template":"elementor_header_footer","meta":{"om_disable_all_campaigns":false,"_monsterinsights_skip_tracking":false,"_monsterinsights_sitenote_active":false,"_monsterinsights_sitenote_note":"","_monsterinsights_sitenote_category":0,"footnotes":""},"class_list":["post-10692","page","type-page","status-publish","hentry"],"aioseo_notices":[],"_links":{"self":[{"href":"https:\/\/costablanca-magazin.com\/nb\/wp-json\/wp\/v2\/pages\/10692","targetHints":{"allow":["GET"]}}],"collection":[{"href":"https:\/\/costablanca-magazin.com\/nb\/wp-json\/wp\/v2\/pages"}],"about":[{"href":"https:\/\/costablanca-magazin.com\/nb\/wp-json\/wp\/v2\/types\/page"}],"author":[{"embeddable":true,"href":"https:\/\/costablanca-magazin.com\/nb\/wp-json\/wp\/v2\/users\/1"}],"replies":[{"embeddable":true,"href":"https:\/\/costablanca-magazin.com\/nb\/wp-json\/wp\/v2\/comments?post=10692"}],"version-history":[{"count":10,"href":"https:\/\/costablanca-magazin.com\/nb\/wp-json\/wp\/v2\/pages\/10692\/revisions"}],"predecessor-version":[{"id":11177,"href":"https:\/\/costablanca-magazin.com\/nb\/wp-json\/wp\/v2\/pages\/10692\/revisions\/11177"}],"wp:attachment":[{"href":"https:\/\/costablanca-magazin.com\/nb\/wp-json\/wp\/v2\/media?parent=10692"}],"curies":[{"name":"wp","href":"https:\/\/api.w.org\/{rel}","templated":true}]}}