{"id":10690,"date":"2026-02-10T08:41:07","date_gmt":"2026-02-10T07:41:07","guid":{"rendered":"https:\/\/costablanca-magazin.com\/?page_id=10690"},"modified":"2026-03-18T07:56:04","modified_gmt":"2026-03-18T06:56:04","slug":"torrevieja","status":"publish","type":"page","link":"https:\/\/costablanca-magazin.com\/nb\/torrevieja\/","title":{"rendered":"Torrevieja"},"content":{"rendered":"<div data-elementor-type=\"wp-page\" data-elementor-id=\"10690\" class=\"elementor elementor-10690\" data-elementor-post-type=\"page\">\n\t\t\t\t<div class=\"elementor-element elementor-element-adb7d15 e-flex e-con-boxed e-con e-parent\" data-id=\"adb7d15\" data-element_type=\"container\" data-e-type=\"container\">\n\t\t\t\t\t<div class=\"e-con-inner\">\n\t\t\t\t<div class=\"elementor-element elementor-element-36a838b elementor-widget elementor-widget-heading\" data-id=\"36a838b\" data-element_type=\"widget\" data-e-type=\"widget\" data-widget_type=\"heading.default\">\n\t\t\t\t<div class=\"elementor-widget-container\">\n\t\t\t\t\t<h1 class=\"elementor-heading-title elementor-size-default\">Torrevieja - Laguna Rosa, strender og ukemarkeder p\u00e5 et \u00f8yeblikk<\/h1>\t\t\t\t<\/div>\n\t\t\t\t<\/div>\n\t\t\t\t<div class=\"elementor-element elementor-element-f8c41d4 elementor-widget elementor-widget-image\" data-id=\"f8c41d4\" data-element_type=\"widget\" data-e-type=\"widget\" data-widget_type=\"image.default\">\n\t\t\t\t<div class=\"elementor-widget-container\">\n\t\t\t\t\t\t\t\t\t\t\t\t\t\t\t<img decoding=\"async\" src=\"https:\/\/costablanca-magazin.com\/wp-content\/uploads\/elementor\/thumbs\/shutterstock_2179063135-Torrevieja-scaled-rjc4bzqtzqvafopa72mggd2tyo4b71v086ts28pmek.jpg\" title=\"Torrevieja: Laguna Rosa, havnen, strendene og ukemarkedene p\u00e5 et \u00f8yeblikk\" alt=\"Torrevieja: Laguna Rosa, havnen, strendene og ukemarkedene p\u00e5 et \u00f8yeblikk\" loading=\"lazy\" \/>\t\t\t\t\t\t\t\t\t\t\t\t\t\t\t<\/div>\n\t\t\t\t<\/div>\n\t\t\t\t\t<\/div>\n\t\t\t\t<\/div>\n\t\t<div class=\"elementor-element elementor-element-0f96200 e-flex e-con-boxed e-con e-parent\" data-id=\"0f96200\" data-element_type=\"container\" data-e-type=\"container\">\n\t\t\t\t\t<div class=\"e-con-inner\">\n\t\t\t\t<div class=\"elementor-element elementor-element-1a1cc66 elementor-widget elementor-widget-heading\" data-id=\"1a1cc66\" data-element_type=\"widget\" data-e-type=\"widget\" data-widget_type=\"heading.default\">\n\t\t\t\t<div class=\"elementor-widget-container\">\n\t\t\t\t\t<h2 class=\"elementor-heading-title elementor-size-default\">Torrevieja: Laguna Rosa, saltproduksjon, havn, strender og regionens st\u00f8rste markeder. Alle relevante steder og fakta p\u00e5 et \u00f8yeblikk.<\/h2>\t\t\t\t<\/div>\n\t\t\t\t<\/div>\n\t\t\t\t\t<\/div>\n\t\t\t\t<\/div>\n\t\t<div class=\"elementor-element elementor-element-c64082b e-flex e-con-boxed e-con e-parent\" data-id=\"c64082b\" data-element_type=\"container\" data-e-type=\"container\">\n\t\t\t\t\t<div class=\"e-con-inner\">\n\t\t<div class=\"elementor-element elementor-element-583f2ee e-con-full e-flex e-con e-child\" data-id=\"583f2ee\" data-element_type=\"container\" data-e-type=\"container\">\n\t\t\t\t<div class=\"elementor-element elementor-element-794203f elementor-widget elementor-widget-text-editor\" data-id=\"794203f\" data-element_type=\"widget\" data-e-type=\"widget\" data-widget_type=\"text-editor.default\">\n\t\t\t\t<div class=\"elementor-widget-container\">\n\t\t\t\t\t\t\t\t\t<p>Torrevieja er et av de stedene p\u00e5 den s\u00f8rlige Costa Blanca som man f\u00f8rst ved andre \u00f8yekast blir klar over st\u00f8rrelsen p\u00e5. Byen vokser ikke gjennom spektakul\u00e6re bygninger, men gjennom struktur: to store saltlaguner, en aktiv havn, tydelige transportforbindelser og en internasjonal befolkningssammensetning som preger hverdagen.<br \/>Hvis du g\u00e5r langs Avinguda de las Habaneras om morgenen eller svinger av mot havnen, vil du raskt merke at Torrevieja har sin egen rytme - formet av menneskene som bor, jobber, pendler eller overvintrer her.<br \/>Byen er ikke en kystby som setter seg selv i sentrum. Torrevieja fungerer - og det p\u00e5 en m\u00e5te som er unik i den s\u00f8rlige Alicante-provinsen.<\/p><p><strong>Historie i utkanten av saltlagunene<br \/><\/strong>Utviklingen av Torrevieja er n\u00e6rt knyttet til <strong>Salinas<\/strong> forbundet. Saltproduksjonen var og er en av de viktigste n\u00e6ringsveiene - og preger bybildet like mye som lagunelandskapet som omgir den.<br \/>Den <strong>Laguna Rosa<\/strong>, Den rosa fargen er internasjonalt kjent, og er i dag et vernet naturomr\u00e5de og en del av et stort \u00f8kologisk omr\u00e5de som omkranser byen. Saltproduksjonen er industriell og synlig - ikke et romantisert bilde, men en arbeidssektor som har holdt byen i live i \u00e5rhundrer.<br \/>Byen ble opprinnelig bygget rundt et vaktt\u00e5rn (\u201eTorre Vieja\u201c), som har gitt byen navn. Rundt t\u00e5rnet vokste det opp en by som var preget av saltet, havnen og senere av stor tilflytting.<\/p><p><strong>Havn og funksjonell kystsone<br \/><\/strong>Den <strong>Torrevieja havn<\/strong> er mangefasettert: sportshavn, skipsverft, fiskeomr\u00e5de, forbindelser for utfluktsb\u00e5ter og sj\u00f8relaterte tjenester. Havnen fremst\u00e5r ikke som overdrevent opph\u00f8yet - den er et arbeidssted, et m\u00f8tepunkt og en transitt-sone inn mot sentrum.<br \/>Strandavsnittene ligger n\u00e6r boligomr\u00e5der og brukes hovedsakelig av lokalbefolkningen og fastboende:<\/p><ul><li><strong>Playa del Cura<\/strong> - Sentralt plassert<\/li><li><strong>Playa de Los Locos<\/strong> - langstrakt, urban<\/li><li><strong>Playa de La Mata<\/strong> - Omfattende del i utkanten av landsbyen<\/li><li><strong>Calas mellom Cura og Los Locos<\/strong> - Mindre steinete viker<\/li><\/ul><p>Strendene er en del av de daglige rutene, ikke kulissene.<\/p><p><strong>En by med mange opprinnelseslinjer<br \/><\/strong>Torrevieja har en av de mest internasjonale befolkningene i Spania. Her bor folk fra Nord-Europa, Storbritannia, \u00d8st-Europa, Skandinavia og Latin-Amerika sammen med spanske familier, pendlere, unge yrkesaktive og sesongarbeidere.<br \/>Dette fellesskapet gjenspeiles i:<\/p><ul><li>Supermarkeder fra ulike land<\/li><li>Klubber og kultursentre<\/li><li>Poliklinikker, skoler og internasjonale legekontorer<\/li><li>et gatebilde som er sterkt preget av hverdagsliv og bevegelse<\/li><\/ul><p>Dette gj\u00f8r at byen fremst\u00e5r mindre middelhavspreget og pittoresk, men mer realistisk og \u00e5pen.<\/p><p><strong>Naturomr\u00e5de: to laguner, ett beskyttet omr\u00e5de<br \/><\/strong>Naturparken \u201e<strong>Lagunas de La Mata y Torrevieja<\/strong>\u201cbest\u00e5r av to store saltlaguner med sirkelstier, observasjonspunkter og beskyttet flora og fauna. Flamingoer, sumpfugler og store saltsletter preger landskapet.<br \/>For beboerne er naturparken et n\u00e6rrekreasjonsomr\u00e5de - for fotturer, l\u00f8ping, sykling eller som et rolig alternativ til havneomr\u00e5det.<\/p>\t\t\t\t\t\t\t\t<\/div>\n\t\t\t\t<\/div>\n\t\t\t\t<\/div>\n\t\t<div class=\"elementor-element elementor-element-9cc3298 e-con-full e-flex e-con e-child\" data-id=\"9cc3298\" data-element_type=\"container\" data-e-type=\"container\">\n\t\t\t\t<div class=\"elementor-element elementor-element-1c9fa8e elementor-widget__width-initial elementor-widget elementor-widget-gallery\" data-id=\"1c9fa8e\" data-element_type=\"widget\" data-e-type=\"widget\" data-settings=\"{&quot;columns&quot;:1,&quot;gap&quot;:{&quot;unit&quot;:&quot;px&quot;,&quot;size&quot;:2,&quot;sizes&quot;:[]},&quot;aspect_ratio&quot;:&quot;9:16&quot;,&quot;lazyload&quot;:&quot;yes&quot;,&quot;gallery_layout&quot;:&quot;grid&quot;,&quot;columns_tablet&quot;:2,&quot;columns_mobile&quot;:1,&quot;gap_tablet&quot;:{&quot;unit&quot;:&quot;px&quot;,&quot;size&quot;:10,&quot;sizes&quot;:[]},&quot;gap_mobile&quot;:{&quot;unit&quot;:&quot;px&quot;,&quot;size&quot;:10,&quot;sizes&quot;:[]},&quot;link_to&quot;:&quot;file&quot;,&quot;overlay_background&quot;:&quot;yes&quot;,&quot;content_hover_animation&quot;:&quot;fade-in&quot;}\" data-widget_type=\"gallery.default\">\n\t\t\t\t<div class=\"elementor-widget-container\">\n\t\t\t\t\t\t\t<div class=\"elementor-gallery__container\">\n\t\t\t\t\t\t\t<a class=\"e-gallery-item elementor-gallery-item elementor-animated-content\" href=\"https:\/\/costablanca-magazin.com\/wp-content\/uploads\/2026\/01\/Torrevieja-3-scaled.jpg\" data-elementor-open-lightbox=\"yes\" data-elementor-lightbox-slideshow=\"1c9fa8e\" data-elementor-lightbox-title=\"Torrevieja (3)\" data-elementor-lightbox-description=\"Torrevieja \" data-e-action-hash=\"#elementor-action%3Aaction%3Dlightbox%26settings%3DeyJpZCI6MTA1MzMsInVybCI6Imh0dHBzOlwvXC9jb3N0YWJsYW5jYS1tYWdhemluLmNvbVwvd3AtY29udGVudFwvdXBsb2Fkc1wvMjAyNlwvMDFcL1RvcnJldmllamEtMy1zY2FsZWQuanBnIiwic2xpZGVzaG93IjoiMWM5ZmE4ZSJ9\">\n\t\t\t\t\t<div class=\"e-gallery-image elementor-gallery-item__image\" data-thumbnail=\"https:\/\/costablanca-magazin.com\/wp-content\/uploads\/2026\/01\/Torrevieja-3-scaled.jpg\" data-width=\"2560\" data-height=\"2140\" aria-label=\"Torrevieja\" role=\"img\" ><\/div>\n\t\t\t\t\t\t\t\t\t\t\t<div class=\"elementor-gallery-item__overlay\"><\/div>\n\t\t\t\t\t\t\t\t\t\t\t\t\t\t<\/a>\n\t\t\t\t\t\t\t<a class=\"e-gallery-item elementor-gallery-item elementor-animated-content\" href=\"https:\/\/costablanca-magazin.com\/wp-content\/uploads\/2026\/01\/Torrevieja-1-scaled.jpg\" data-elementor-open-lightbox=\"yes\" data-elementor-lightbox-slideshow=\"1c9fa8e\" data-elementor-lightbox-title=\"Torrevieja (1)\" data-elementor-lightbox-description=\"Torrevieja \" data-e-action-hash=\"#elementor-action%3Aaction%3Dlightbox%26settings%3DeyJpZCI6MTA1MzEsInVybCI6Imh0dHBzOlwvXC9jb3N0YWJsYW5jYS1tYWdhemluLmNvbVwvd3AtY29udGVudFwvdXBsb2Fkc1wvMjAyNlwvMDFcL1RvcnJldmllamEtMS1zY2FsZWQuanBnIiwic2xpZGVzaG93IjoiMWM5ZmE4ZSJ9\">\n\t\t\t\t\t<div class=\"e-gallery-image elementor-gallery-item__image\" data-thumbnail=\"https:\/\/costablanca-magazin.com\/wp-content\/uploads\/2026\/01\/Torrevieja-1-scaled.jpg\" data-width=\"2560\" data-height=\"1920\" aria-label=\"Torrevieja\" role=\"img\" ><\/div>\n\t\t\t\t\t\t\t\t\t\t\t<div class=\"elementor-gallery-item__overlay\"><\/div>\n\t\t\t\t\t\t\t\t\t\t\t\t\t\t<\/a>\n\t\t\t\t\t<\/div>\n\t\t\t\t\t<\/div>\n\t\t\t\t<\/div>\n\t\t\t\t<\/div>\n\t\t<div class=\"elementor-element elementor-element-c586e56 e-con-full e-flex e-con e-child\" data-id=\"c586e56\" data-element_type=\"container\" data-e-type=\"container\">\n\t\t\t\t<div class=\"elementor-element elementor-element-390cd44 elementor-widget__width-initial elementor-widget elementor-widget-gallery\" data-id=\"390cd44\" data-element_type=\"widget\" data-e-type=\"widget\" data-settings=\"{&quot;columns&quot;:1,&quot;gap&quot;:{&quot;unit&quot;:&quot;px&quot;,&quot;size&quot;:2,&quot;sizes&quot;:[]},&quot;aspect_ratio&quot;:&quot;9:16&quot;,&quot;lazyload&quot;:&quot;yes&quot;,&quot;gallery_layout&quot;:&quot;grid&quot;,&quot;columns_tablet&quot;:2,&quot;columns_mobile&quot;:1,&quot;gap_tablet&quot;:{&quot;unit&quot;:&quot;px&quot;,&quot;size&quot;:10,&quot;sizes&quot;:[]},&quot;gap_mobile&quot;:{&quot;unit&quot;:&quot;px&quot;,&quot;size&quot;:10,&quot;sizes&quot;:[]},&quot;link_to&quot;:&quot;file&quot;,&quot;overlay_background&quot;:&quot;yes&quot;,&quot;content_hover_animation&quot;:&quot;fade-in&quot;}\" data-widget_type=\"gallery.default\">\n\t\t\t\t<div class=\"elementor-widget-container\">\n\t\t\t\t\t\t\t<div class=\"elementor-gallery__container\">\n\t\t\t\t\t\t\t<a class=\"e-gallery-item elementor-gallery-item elementor-animated-content\" href=\"https:\/\/costablanca-magazin.com\/wp-content\/uploads\/2026\/01\/salt-on-a-pink-salt-lake-at-sunset-pink-salt-lake-2025-01-09-09-26-49-utc-scaled.jpg\" data-elementor-open-lightbox=\"yes\" data-elementor-lightbox-slideshow=\"390cd44\" data-elementor-lightbox-title=\"Torrevieja\" data-elementor-lightbox-description=\"Torrevieja \" data-e-action-hash=\"#elementor-action%3Aaction%3Dlightbox%26settings%3DeyJpZCI6MTA1MjksInVybCI6Imh0dHBzOlwvXC9jb3N0YWJsYW5jYS1tYWdhemluLmNvbVwvd3AtY29udGVudFwvdXBsb2Fkc1wvMjAyNlwvMDFcL3NhbHQtb24tYS1waW5rLXNhbHQtbGFrZS1hdC1zdW5zZXQtcGluay1zYWx0LWxha2UtMjAyNS0wMS0wOS0wOS0yNi00OS11dGMtc2NhbGVkLmpwZyIsInNsaWRlc2hvdyI6IjM5MGNkNDQifQ%3D%3D\">\n\t\t\t\t\t<div class=\"e-gallery-image elementor-gallery-item__image\" data-thumbnail=\"https:\/\/costablanca-magazin.com\/wp-content\/uploads\/2026\/01\/salt-on-a-pink-salt-lake-at-sunset-pink-salt-lake-2025-01-09-09-26-49-utc-scaled.jpg\" data-width=\"2560\" data-height=\"1707\" aria-label=\"Torrevieja\" role=\"img\" ><\/div>\n\t\t\t\t\t\t\t\t\t\t\t<div class=\"elementor-gallery-item__overlay\"><\/div>\n\t\t\t\t\t\t\t\t\t\t\t\t\t\t<\/a>\n\t\t\t\t\t\t\t<a class=\"e-gallery-item elementor-gallery-item elementor-animated-content\" href=\"https:\/\/costablanca-magazin.com\/wp-content\/uploads\/2026\/01\/aerial-view-of-heap-of-salt-at-las-salinas-salt-fa-2025-02-02-20-16-41-utc-scaled.jpg\" data-elementor-open-lightbox=\"yes\" data-elementor-lightbox-slideshow=\"390cd44\" data-elementor-lightbox-title=\"Torrevieja\" data-elementor-lightbox-description=\"Torrevieja \" data-e-action-hash=\"#elementor-action%3Aaction%3Dlightbox%26settings%3DeyJpZCI6MTA1MjgsInVybCI6Imh0dHBzOlwvXC9jb3N0YWJsYW5jYS1tYWdhemluLmNvbVwvd3AtY29udGVudFwvdXBsb2Fkc1wvMjAyNlwvMDFcL2FlcmlhbC12aWV3LW9mLWhlYXAtb2Ytc2FsdC1hdC1sYXMtc2FsaW5hcy1zYWx0LWZhLTIwMjUtMDItMDItMjAtMTYtNDEtdXRjLXNjYWxlZC5qcGciLCJzbGlkZXNob3ciOiIzOTBjZDQ0In0%3D\">\n\t\t\t\t\t<div class=\"e-gallery-image elementor-gallery-item__image\" data-thumbnail=\"https:\/\/costablanca-magazin.com\/wp-content\/uploads\/2026\/01\/aerial-view-of-heap-of-salt-at-las-salinas-salt-fa-2025-02-02-20-16-41-utc-scaled.jpg\" data-width=\"2560\" data-height=\"1918\" aria-label=\"Torrevieja\" role=\"img\" ><\/div>\n\t\t\t\t\t\t\t\t\t\t\t<div class=\"elementor-gallery-item__overlay\"><\/div>\n\t\t\t\t\t\t\t\t\t\t\t\t\t\t<\/a>\n\t\t\t\t\t<\/div>\n\t\t\t\t\t<\/div>\n\t\t\t\t<\/div>\n\t\t\t\t<\/div>\n\t\t<div class=\"elementor-element elementor-element-44ba77b e-con-full e-flex e-con e-child\" data-id=\"44ba77b\" data-element_type=\"container\" data-e-type=\"container\">\n\t\t\t\t<div class=\"elementor-element elementor-element-3071b18 elementor-widget elementor-widget-text-editor\" data-id=\"3071b18\" data-element_type=\"widget\" data-e-type=\"widget\" data-widget_type=\"text-editor.default\">\n\t\t\t\t<div class=\"elementor-widget-container\">\n\t\t\t\t\t\t\t\t\t<p><strong>Bystruktur - funksjonell i stedet for dekorativ<br \/><\/strong>Torrevieja er delt inn i omr\u00e5der som er definert av tydelige funksjoner:<\/p><ul><li><strong>Sentrum rundt Plaza de la Constituci\u00f3n<\/strong> - R\u00e5dhus, kirke, kafeer, tjenesteleverand\u00f8rer<\/li><li><strong>Habaneras-sonen<\/strong> - Tett befolket, med mange butikker og lokal infrastruktur<\/li><li><strong>La Mata<\/strong> - Eget kystomr\u00e5de med lang strandsone<\/li><li><strong>San Luis \/ El Chaparral \/ La Siesta<\/strong> - Boligomr\u00e5der i n\u00e6rheten av lagunene<\/li><li><strong>Acequi\u00f3n<\/strong> - Blanding av boligutvikling og havnereferanse<\/li><\/ul><p>Byen som helhet er f\u00f8rst og fremst preget av hverdagslogistikk, ikke av et dekorativt bybilde.<\/p><p><strong>Severdige steder - uten overdrivelse<\/strong><\/p><ul><li><strong>Laguna Rosa<\/strong> - rosa saltlagune, beskyttet naturomr\u00e5de<\/li><li><strong>Laguna de La Mata<\/strong> - Tur- og naturomr\u00e5de<\/li><li><strong>Museo del Mar y de la Sal<\/strong> - Salt og byens historie<\/li><li><strong>Iglesia Arciprestal de la Inmaculada<\/strong> - Sentral kirke<\/li><li><strong>Paseo Vista Alegre<\/strong> - Funksjonell havnepromenade<\/li><li><strong>Saltlastestasjon \/ Industrisaltanlegg<\/strong> - formativ for identiteten<\/li><li><strong>La Mata-stranden<\/strong> - en av de lengste strekningene s\u00f8r i provinsen<\/li><li><strong>Habaneras shoppingomr\u00e5de og omkringliggende infrastruktur<\/strong> - Forsyningssenteret i byen<\/li><\/ul><p><strong>Ukentlige markeder i regionen\u00a0<\/strong><\/p><p><strong>Markedsdager i Torrevieja - direkte integrert<br \/><\/strong>Torrevieja har en av de st\u00f8rste markedsscenene i regionen. Relevant for hverdagsliv og forsyning:<\/p><p><strong>Ukentlig stort gatemarked - Mercadillo Torrevieja<\/strong><\/p><ul><li><strong>Alltid p\u00e5 fredager, ca. kl. 08:00-14:00<\/strong><\/li><li>I n\u00e6rheten av Aquapark \/ Parque Antonio Soria<\/li><li>Et av de st\u00f8rste markedene p\u00e5 Costa Blanca<\/li><li>Kl\u00e6r, mat, planter, husholdningsartikler<\/li><\/ul><p><strong>Marked i La Mata<\/strong><\/p><ul><li><strong>Alltid p\u00e5 onsdag<\/strong><\/li><li>sentralt i La Mata<\/li><li>Blanding av kl\u00e6r, hverdagsprodukter og fersk mat<\/li><\/ul><p><strong>Fisketorget \/ Lonja<\/strong><\/p><ul><li>daglig (om morgenen) i havnen<\/li><li>Salg fra det lokale fiskeriet<\/li><\/ul><p><strong>Nattmarked om sommeren (juli-september)<\/strong><\/p><ul><li>langs havnepromenaden<\/li><li>H\u00e5ndverk og sesongbaserte produkter (ingen turist-\u201es\u00f8ppel\u201c, mer lokale sm\u00e5bedrifter)<\/li><\/ul><p><strong><br \/>Mobilitet<\/strong><\/p><ul><li>Busser til Alicante, Guardamar, Orihuela Costa<\/li><li>N-332 som hovedakse langs kysten<\/li><li>N\u00e6rhet til Alicante-Elche flyplass<\/li><li>Godt utbygd sykkel- og gangveinett mot lagunene<\/li><\/ul><p><strong>Torrevieja i \u00e9n setning?<br \/><\/strong>En by som kombinerer salt, vann, bevegelse og internasjonalt fellesskap i en oversiktlig hverdag.<\/p>\t\t\t\t\t\t\t\t<\/div>\n\t\t\t\t<\/div>\n\t\t\t\t<\/div>\n\t\t\t\t\t<\/div>\n\t\t\t\t<\/div>\n\t\t<div class=\"elementor-element elementor-element-f53a5ab e-flex e-con-boxed e-con e-parent\" data-id=\"f53a5ab\" data-element_type=\"container\" data-e-type=\"container\">\n\t\t\t\t\t<div class=\"e-con-inner\">\n\t\t\t\t<div class=\"elementor-element elementor-element-083d9ca elementor-widget elementor-widget-heading\" data-id=\"083d9ca\" data-element_type=\"widget\" data-e-type=\"widget\" data-widget_type=\"heading.default\">\n\t\t\t\t<div class=\"elementor-widget-container\">\n\t\t\t\t\t<h4 class=\"elementor-heading-title elementor-size-default\">Kort og godt<\/h4>\t\t\t\t<\/div>\n\t\t\t\t<\/div>\n\t\t\t\t<div class=\"elementor-element elementor-element-b1a7384 elementor-widget elementor-widget-text-editor\" data-id=\"b1a7384\" data-element_type=\"widget\" data-e-type=\"widget\" data-widget_type=\"text-editor.default\">\n\t\t\t\t<div class=\"elementor-widget-container\">\n\t\t\t\t\t\t\t\t\t<ul><li><strong>innbyggere (2024):<\/strong> ca. 90 000 (sterkt sesongbetinget \u00f8kning)<\/li><li><strong>Karakteriserende:<\/strong> Saltlaguner, havn, internasjonal befolkning<\/li><li><strong>Strender:<\/strong> Cura, Los Locos, La Mata<\/li><li><strong>\u00d8konomi:<\/strong> Salt, lokal handel, tjenester<\/li><li><strong>Markedsdager:<\/strong> Fredag (hovedmarkedet), onsdag (La Mata)<\/li><li><strong>Naturen:<\/strong> Lagunas de La Mata y Torrevieja naturpark<\/li><\/ul>\t\t\t\t\t\t\t\t<\/div>\n\t\t\t\t<\/div>\n\t\t\t\t\t<\/div>\n\t\t\t\t<\/div>\n\t\t<div class=\"elementor-element elementor-element-ed43e80 e-flex e-con-boxed e-con e-parent\" data-id=\"ed43e80\" data-element_type=\"container\" data-e-type=\"container\">\n\t\t\t\t\t<div class=\"e-con-inner\">\n\t\t\t\t<div class=\"elementor-element elementor-element-f02847a elementor-widget-divider--separator-type-pattern elementor-widget-divider--view-line elementor-widget elementor-widget-divider\" data-id=\"f02847a\" data-element_type=\"widget\" data-e-type=\"widget\" data-widget_type=\"divider.default\">\n\t\t\t\t<div class=\"elementor-widget-container\">\n\t\t\t\t\t\t\t<div class=\"elementor-divider\" style=\"--divider-pattern-url: url(&quot;data:image\/svg+xml,%3Csvg xmlns=&#039;http:\/\/www.w3.org\/2000\/svg&#039; preserveAspectRatio=&#039;none&#039; overflow=&#039;visible&#039; height=&#039;100%&#039; viewBox=&#039;0 0 24 24&#039; fill=&#039;none&#039; stroke=&#039;black&#039; stroke-width=&#039;1&#039; stroke-linecap=&#039;square&#039; stroke-miterlimit=&#039;10&#039;%3E%3Cpath d=&#039;M0,21c3.3,0,8.3-0.9,15.7-7.1c6.6-5.4,4.4-9.3,2.4-10.3c-3.4-1.8-7.7,1.3-7.3,8.8C11.2,20,17.1,21,24,21&#039;\/%3E%3C\/svg%3E&quot;);\">\n\t\t\t<span class=\"elementor-divider-separator\">\n\t\t\t\t\t\t<\/span>\n\t\t<\/div>\n\t\t\t\t\t\t<\/div>\n\t\t\t\t<\/div>\n\t\t\t\t<div class=\"elementor-element elementor-element-1c35d07 elementor-grid-3 elementor-grid-tablet-2 elementor-grid-mobile-1 elementor-posts--thumbnail-top elementor-posts--show-avatar elementor-card-shadow-yes elementor-posts__hover-gradient elementor-widget elementor-widget-posts\" data-id=\"1c35d07\" data-element_type=\"widget\" data-e-type=\"widget\" data-settings=\"{&quot;cards_columns&quot;:&quot;3&quot;,&quot;cards_columns_tablet&quot;:&quot;2&quot;,&quot;cards_columns_mobile&quot;:&quot;1&quot;,&quot;cards_row_gap&quot;:{&quot;unit&quot;:&quot;px&quot;,&quot;size&quot;:35,&quot;sizes&quot;:[]},&quot;cards_row_gap_tablet&quot;:{&quot;unit&quot;:&quot;px&quot;,&quot;size&quot;:&quot;&quot;,&quot;sizes&quot;:[]},&quot;cards_row_gap_mobile&quot;:{&quot;unit&quot;:&quot;px&quot;,&quot;size&quot;:&quot;&quot;,&quot;sizes&quot;:[]}}\" data-widget_type=\"posts.cards\">\n\t\t\t\t<div class=\"elementor-widget-container\">\n\t\t\t\t\t\t\t<div class=\"elementor-posts-container elementor-posts elementor-posts--skin-cards elementor-grid\" role=\"list\">\n\t\t\t\t<article class=\"elementor-post elementor-grid-item post-9353 post type-post status-publish format-standard has-post-thumbnail hentry category-aktivitaeten-und-ausfluege tag-calpe tag-costa-blanca-2 tag-leben-in-calpe tag-mi-pueblo tag-penon-de-ifach tag-residenten-in-calpe\" role=\"listitem\">\n\t\t\t<div class=\"elementor-post__card\">\n\t\t\t\t<a class=\"elementor-post__thumbnail__link\" href=\"https:\/\/costablanca-magazin.com\/nb\/freizeit\/aktivitaeten-und-ausfluege\/calpe-leben-zwischen-fels-salinen-und-altstadt\/\" tabindex=\"-1\" ><div class=\"elementor-post__thumbnail\"><img fetchpriority=\"high\" decoding=\"async\" width=\"1200\" height=\"836\" src=\"https:\/\/costablanca-magazin.com\/wp-content\/uploads\/2025\/10\/drone-view-of-penon-de-ifach-rock-harbor-mediter-2025-02-02-20-19-51-utc.jpg\" class=\"attachment-1536x1536 size-1536x1536 wp-image-9354\" alt=\"Calpe: livet mellom klippene, saltslettene og gamlebyen\" srcset=\"https:\/\/costablanca-magazin.com\/wp-content\/uploads\/2025\/10\/drone-view-of-penon-de-ifach-rock-harbor-mediter-2025-02-02-20-19-51-utc.jpg 1200w, https:\/\/costablanca-magazin.com\/wp-content\/uploads\/2025\/10\/drone-view-of-penon-de-ifach-rock-harbor-mediter-2025-02-02-20-19-51-utc-300x209.jpg 300w, https:\/\/costablanca-magazin.com\/wp-content\/uploads\/2025\/10\/drone-view-of-penon-de-ifach-rock-harbor-mediter-2025-02-02-20-19-51-utc-1024x713.jpg 1024w, https:\/\/costablanca-magazin.com\/wp-content\/uploads\/2025\/10\/drone-view-of-penon-de-ifach-rock-harbor-mediter-2025-02-02-20-19-51-utc-768x535.jpg 768w\" sizes=\"(max-width: 1200px) 100vw, 1200px\" \/><\/div><\/a>\n\t\t\t\t<div class=\"elementor-post__badge\">Aktiviteter og utflukter<\/div>\n\t\t\t\t<div class=\"elementor-post__avatar\">\n\t\t\t\t\t<\/div>\n\t\t\t\t<div class=\"elementor-post__text\">\n\t\t\t\t<h3 class=\"elementor-post__title\">\n\t\t\t<a href=\"https:\/\/costablanca-magazin.com\/nb\/freizeit\/aktivitaeten-und-ausfluege\/calpe-leben-zwischen-fels-salinen-und-altstadt\/\" >\n\t\t\t\tCalpe - livet mellom klippene, saltslettene og gamlebyen\t\t\t<\/a>\n\t\t<\/h3>\n\t\t\t\t<\/div>\n\t\t\t\t\t<\/div>\n\t\t<\/article>\n\t\t\t\t<article class=\"elementor-post elementor-grid-item post-9057 post type-post status-publish format-standard has-post-thumbnail hentry category-aktivitaeten-und-ausfluege tag-ciudad-deportiva-camilo-cano tag-costa-blanca-kultur tag-la-nucia tag-la-nucia-geschichte tag-la-nucia-legenden tag-la-nucia-sehenswuerdigkeiten tag-la-nucia-traditionen tag-mi-pueblo tag-sportstadt-spanien\" role=\"listitem\">\n\t\t\t<div class=\"elementor-post__card\">\n\t\t\t\t<a class=\"elementor-post__thumbnail__link\" href=\"https:\/\/costablanca-magazin.com\/nb\/freizeit\/aktivitaeten-und-ausfluege\/la-nucia-sportstadt-spaniens-mit-geschichte-kultur\/\" tabindex=\"-1\" ><div class=\"elementor-post__thumbnail\"><img decoding=\"async\" width=\"1536\" height=\"562\" src=\"https:\/\/costablanca-magazin.com\/wp-content\/uploads\/2025\/09\/ciudaddeportivacamilocano.com_deportes_estadio-olimpico-camilo-cano-1536x562.jpg\" class=\"attachment-1536x1536 size-1536x1536 wp-image-9046\" alt=\"ciudad deportiva La nucia\" srcset=\"https:\/\/costablanca-magazin.com\/wp-content\/uploads\/2025\/09\/ciudaddeportivacamilocano.com_deportes_estadio-olimpico-camilo-cano-1536x562.jpg 1536w, https:\/\/costablanca-magazin.com\/wp-content\/uploads\/2025\/09\/ciudaddeportivacamilocano.com_deportes_estadio-olimpico-camilo-cano-300x110.jpg 300w, https:\/\/costablanca-magazin.com\/wp-content\/uploads\/2025\/09\/ciudaddeportivacamilocano.com_deportes_estadio-olimpico-camilo-cano-1024x374.jpg 1024w, https:\/\/costablanca-magazin.com\/wp-content\/uploads\/2025\/09\/ciudaddeportivacamilocano.com_deportes_estadio-olimpico-camilo-cano-768x281.jpg 768w, https:\/\/costablanca-magazin.com\/wp-content\/uploads\/2025\/09\/ciudaddeportivacamilocano.com_deportes_estadio-olimpico-camilo-cano.jpg 1600w\" sizes=\"(max-width: 1536px) 100vw, 1536px\" \/><\/div><\/a>\n\t\t\t\t<div class=\"elementor-post__badge\">Aktiviteter og utflukter<\/div>\n\t\t\t\t<div class=\"elementor-post__avatar\">\n\t\t\t\t\t<\/div>\n\t\t\t\t<div class=\"elementor-post__text\">\n\t\t\t\t<h3 class=\"elementor-post__title\">\n\t\t\t<a href=\"https:\/\/costablanca-magazin.com\/nb\/freizeit\/aktivitaeten-und-ausfluege\/la-nucia-sportstadt-spaniens-mit-geschichte-kultur\/\" >\n\t\t\t\tLa Nuc\u00eda - Spanias sportsby med historie og kultur\t\t\t<\/a>\n\t\t<\/h3>\n\t\t\t\t<\/div>\n\t\t\t\t\t<\/div>\n\t\t<\/article>\n\t\t\t\t<article class=\"elementor-post elementor-grid-item post-8593 post type-post status-publish format-standard has-post-thumbnail hentry category-aktivitaeten-und-ausfluege tag-castillo-de-denia tag-denia tag-hafenstadt tag-marina-alta tag-mi-pueblo tag-montgo tag-straende-denia\" role=\"listitem\">\n\t\t\t<div class=\"elementor-post__card\">\n\t\t\t\t<a class=\"elementor-post__thumbnail__link\" href=\"https:\/\/costablanca-magazin.com\/nb\/freizeit\/aktivitaeten-und-ausfluege\/denia-die-stadt-zwischen-meer-montgo-und-geschichte\/\" tabindex=\"-1\" ><div class=\"elementor-post__thumbnail\"><img decoding=\"async\" width=\"864\" height=\"648\" src=\"https:\/\/costablanca-magazin.com\/wp-content\/uploads\/2025\/08\/Markus-Galiano-2.jpg\" class=\"attachment-1536x1536 size-1536x1536 wp-image-8629\" alt=\"D\u00e9nia \u2013 by mellom havet og Montg\u00f3 14\" srcset=\"https:\/\/costablanca-magazin.com\/wp-content\/uploads\/2025\/08\/Markus-Galiano-2.jpg 864w, https:\/\/costablanca-magazin.com\/wp-content\/uploads\/2025\/08\/Markus-Galiano-2-300x225.jpg 300w, https:\/\/costablanca-magazin.com\/wp-content\/uploads\/2025\/08\/Markus-Galiano-2-768x576.jpg 768w\" sizes=\"(max-width: 864px) 100vw, 864px\" \/><\/div><\/a>\n\t\t\t\t<div class=\"elementor-post__badge\">Aktiviteter og utflukter<\/div>\n\t\t\t\t<div class=\"elementor-post__avatar\">\n\t\t\t\t\t<\/div>\n\t\t\t\t<div class=\"elementor-post__text\">\n\t\t\t\t<h3 class=\"elementor-post__title\">\n\t\t\t<a href=\"https:\/\/costablanca-magazin.com\/nb\/freizeit\/aktivitaeten-und-ausfluege\/denia-die-stadt-zwischen-meer-montgo-und-geschichte\/\" >\n\t\t\t\tD\u00e9nia - byen mellom hav, Montg\u00f3 og historie\t\t\t<\/a>\n\t\t<\/h3>\n\t\t\t\t<\/div>\n\t\t\t\t\t<\/div>\n\t\t<\/article>\n\t\t\t\t<\/div>\n\t\t\n\t\t\t\t\t\t<\/div>\n\t\t\t\t<\/div>\n\t\t\t\t\t<\/div>\n\t\t\t\t<\/div>\n\t\t\t\t<\/div>","protected":false},"excerpt":{"rendered":"<p>Torrevieja &#8211; Laguna Rosa, Str\u00e4nde und Wochenm\u00e4rkte im \u00dcberblick Torrevieja: Laguna Rosa, Salzproduktion, Hafen, Str\u00e4nde und die gr\u00f6\u00dften M\u00e4rkte der<\/p>","protected":false},"author":1,"featured_media":0,"parent":0,"menu_order":0,"comment_status":"closed","ping_status":"closed","template":"elementor_header_footer","meta":{"footnotes":""},"class_list":["post-10690","page","type-page","status-publish","hentry"],"aioseo_notices":[],"_links":{"self":[{"href":"https:\/\/costablanca-magazin.com\/nb\/wp-json\/wp\/v2\/pages\/10690","targetHints":{"allow":["GET"]}}],"collection":[{"href":"https:\/\/costablanca-magazin.com\/nb\/wp-json\/wp\/v2\/pages"}],"about":[{"href":"https:\/\/costablanca-magazin.com\/nb\/wp-json\/wp\/v2\/types\/page"}],"author":[{"embeddable":true,"href":"https:\/\/costablanca-magazin.com\/nb\/wp-json\/wp\/v2\/users\/1"}],"replies":[{"embeddable":true,"href":"https:\/\/costablanca-magazin.com\/nb\/wp-json\/wp\/v2\/comments?post=10690"}],"version-history":[{"count":10,"href":"https:\/\/costablanca-magazin.com\/nb\/wp-json\/wp\/v2\/pages\/10690\/revisions"}],"predecessor-version":[{"id":11180,"href":"https:\/\/costablanca-magazin.com\/nb\/wp-json\/wp\/v2\/pages\/10690\/revisions\/11180"}],"wp:attachment":[{"href":"https:\/\/costablanca-magazin.com\/nb\/wp-json\/wp\/v2\/media?parent=10690"}],"curies":[{"name":"wp","href":"https:\/\/api.w.org\/{rel}","templated":true}]}}