{"id":7950,"date":"2025-07-07T20:17:41","date_gmt":"2025-07-07T18:17:41","guid":{"rendered":"https:\/\/costablanca-magazin.com\/?page_id=7950"},"modified":"2026-05-08T12:15:52","modified_gmt":"2026-05-08T10:15:52","slug":"droit-des-services","status":"publish","type":"page","link":"https:\/\/costablanca-magazin.com\/fr\/service-recht\/","title":{"rendered":"Service &amp; droit"},"content":{"rendered":"<div data-elementor-type=\"wp-page\" data-elementor-id=\"7950\" class=\"elementor elementor-7950\" data-elementor-post-type=\"page\">\n\t\t\t\t<div class=\"elementor-element elementor-element-23e7288 e-flex e-con-boxed e-con e-parent\" data-id=\"23e7288\" data-element_type=\"container\" data-e-type=\"container\">\n\t\t\t\t\t<div class=\"e-con-inner\">\n\t\t\t\t<div class=\"elementor-element elementor-element-474b8f2 elementor-widget elementor-widget-heading\" data-id=\"474b8f2\" data-element_type=\"widget\" data-e-type=\"widget\" data-widget_type=\"heading.default\">\n\t\t\t\t<div class=\"elementor-widget-container\">\n\t\t\t\t\t<h1 class=\"elementor-heading-title elementor-size-default\">Immobilien - Service &amp; Recht<\/h1>\t\t\t\t<\/div>\n\t\t\t\t<\/div>\n\t\t\t\t\t<\/div>\n\t\t\t\t<\/div>\n\t\t<div class=\"elementor-element elementor-element-54796d9 e-flex e-con-boxed e-con e-parent\" data-id=\"54796d9\" data-element_type=\"container\" data-e-type=\"container\">\n\t\t\t\t\t<div class=\"e-con-inner\">\n\t\t\t\t<div class=\"elementor-element elementor-element-51c5495 elementor-grid-3 elementor-grid-tablet-2 elementor-grid-mobile-1 elementor-posts--thumbnail-top elementor-card-shadow-yes elementor-posts__hover-gradient elementor-widget elementor-widget-posts\" data-id=\"51c5495\" data-element_type=\"widget\" data-e-type=\"widget\" data-settings=\"{&quot;pagination_type&quot;:&quot;numbers&quot;,&quot;cards_columns&quot;:&quot;3&quot;,&quot;cards_columns_tablet&quot;:&quot;2&quot;,&quot;cards_columns_mobile&quot;:&quot;1&quot;,&quot;cards_row_gap&quot;:{&quot;unit&quot;:&quot;px&quot;,&quot;size&quot;:35,&quot;sizes&quot;:[]},&quot;cards_row_gap_tablet&quot;:{&quot;unit&quot;:&quot;px&quot;,&quot;size&quot;:&quot;&quot;,&quot;sizes&quot;:[]},&quot;cards_row_gap_mobile&quot;:{&quot;unit&quot;:&quot;px&quot;,&quot;size&quot;:&quot;&quot;,&quot;sizes&quot;:[]}}\" data-widget_type=\"posts.cards\">\n\t\t\t\t<div class=\"elementor-widget-container\">\n\t\t\t\t\t\t\t<div class=\"elementor-posts-container elementor-posts elementor-posts--skin-cards elementor-grid\" role=\"list\">\n\t\t\t\t<article class=\"elementor-post elementor-grid-item post-12094 post type-post status-publish format-standard has-post-thumbnail hentry category-service-recht tag-ferienvermietung-costa-blanca\" role=\"listitem\">\n\t\t\t<div class=\"elementor-post__card\">\n\t\t\t\t<a class=\"elementor-post__thumbnail__link\" href=\"https:\/\/costablanca-magazin.com\/fr\/immobilien\/service-recht\/ferienhaus-vermieten-lizenz-oder-saisonmiete\/\" tabindex=\"-1\" ><div class=\"elementor-post__thumbnail\"><img fetchpriority=\"high\" decoding=\"async\" width=\"300\" height=\"300\" src=\"https:\/\/costablanca-magazin.com\/wp-content\/uploads\/2026\/08\/Saisonmiete-und-Ferienvermietung-an-der-Costa-Blanca-Fotolia_176830072_-300x300.png\" class=\"attachment-medium size-medium wp-image-12095\" alt=\"Louer une maison de vacances : licence ou location saisonni\u00e8re ?\" srcset=\"https:\/\/costablanca-magazin.com\/wp-content\/uploads\/2026\/08\/Saisonmiete-und-Ferienvermietung-an-der-Costa-Blanca-Fotolia_176830072_-300x300.png 300w, https:\/\/costablanca-magazin.com\/wp-content\/uploads\/2026\/08\/Saisonmiete-und-Ferienvermietung-an-der-Costa-Blanca-Fotolia_176830072_-1024x1024.png 1024w, https:\/\/costablanca-magazin.com\/wp-content\/uploads\/2026\/08\/Saisonmiete-und-Ferienvermietung-an-der-Costa-Blanca-Fotolia_176830072_-150x150.png 150w, https:\/\/costablanca-magazin.com\/wp-content\/uploads\/2026\/08\/Saisonmiete-und-Ferienvermietung-an-der-Costa-Blanca-Fotolia_176830072_-768x768.png 768w, https:\/\/costablanca-magazin.com\/wp-content\/uploads\/2026\/08\/Saisonmiete-und-Ferienvermietung-an-der-Costa-Blanca-Fotolia_176830072_-12x12.png 12w, https:\/\/costablanca-magazin.com\/wp-content\/uploads\/2026\/08\/Saisonmiete-und-Ferienvermietung-an-der-Costa-Blanca-Fotolia_176830072_.png 1200w\" sizes=\"(max-width: 300px) 100vw, 300px\" \/><\/div><\/a>\n\t\t\t\t<div class=\"elementor-post__badge\">Service &amp; droit<\/div>\n\t\t\t\t<div class=\"elementor-post__text\">\n\t\t\t\t<h2 class=\"elementor-post__title\">\n\t\t\t<a href=\"https:\/\/costablanca-magazin.com\/fr\/immobilien\/service-recht\/ferienhaus-vermieten-lizenz-oder-saisonmiete\/\" >\n\t\t\t\tLouer une maison de vacances : licence ou location saisonni\u00e8re ?\t\t\t<\/a>\n\t\t<\/h2>\n\t\t\t\t<\/div>\n\t\t\t\t\t<\/div>\n\t\t<\/article>\n\t\t\t\t<article class=\"elementor-post elementor-grid-item post-12073 post type-post status-publish format-standard has-post-thumbnail hentry category-service-recht tag-ferienvermietung-costa-blanca tag-immobilienrecht-spanien\" role=\"listitem\">\n\t\t\t<div class=\"elementor-post__card\">\n\t\t\t\t<a class=\"elementor-post__thumbnail__link\" href=\"https:\/\/costablanca-magazin.com\/fr\/immobilien\/service-recht\/denia-neue-regeln-fuer-ferienwohnungen-beschlossen\/\" tabindex=\"-1\" ><div class=\"elementor-post__thumbnail\"><img decoding=\"async\" width=\"300\" height=\"200\" src=\"https:\/\/costablanca-magazin.com\/wp-content\/uploads\/2026\/08\/Ferienhausvermietung-Denia-mit-neuen-Regeln-300x200.jpg\" class=\"attachment-medium size-medium wp-image-12086\" alt=\"D\u00e9nia : adoption de nouvelles r\u00e8gles concernant les locations de vacances\" srcset=\"https:\/\/costablanca-magazin.com\/wp-content\/uploads\/2026\/08\/Ferienhausvermietung-Denia-mit-neuen-Regeln-300x200.jpg 300w, https:\/\/costablanca-magazin.com\/wp-content\/uploads\/2026\/08\/Ferienhausvermietung-Denia-mit-neuen-Regeln-1024x682.jpg 1024w, https:\/\/costablanca-magazin.com\/wp-content\/uploads\/2026\/08\/Ferienhausvermietung-Denia-mit-neuen-Regeln-768x511.jpg 768w, https:\/\/costablanca-magazin.com\/wp-content\/uploads\/2026\/08\/Ferienhausvermietung-Denia-mit-neuen-Regeln-18x12.jpg 18w, https:\/\/costablanca-magazin.com\/wp-content\/uploads\/2026\/08\/Ferienhausvermietung-Denia-mit-neuen-Regeln.jpg 1200w\" sizes=\"(max-width: 300px) 100vw, 300px\" \/><\/div><\/a>\n\t\t\t\t<div class=\"elementor-post__badge\">Service &amp; droit<\/div>\n\t\t\t\t<div class=\"elementor-post__text\">\n\t\t\t\t<h2 class=\"elementor-post__title\">\n\t\t\t<a href=\"https:\/\/costablanca-magazin.com\/fr\/immobilien\/service-recht\/denia-neue-regeln-fuer-ferienwohnungen-beschlossen\/\" >\n\t\t\t\tD\u00e9nia : adoption de nouvelles r\u00e8gles concernant les locations de vacances\t\t\t<\/a>\n\t\t<\/h2>\n\t\t\t\t<\/div>\n\t\t\t\t\t<\/div>\n\t\t<\/article>\n\t\t\t\t<article class=\"elementor-post elementor-grid-item post-11651 post type-post status-publish format-standard has-post-thumbnail hentry category-service-recht tag-immobilien-costa-blanca\" role=\"listitem\">\n\t\t\t<div class=\"elementor-post__card\">\n\t\t\t\t<a class=\"elementor-post__thumbnail__link\" href=\"https:\/\/costablanca-magazin.com\/fr\/immobilien\/service-recht\/immobilien-costa-blanca-preise-steigen-trotz-weniger-verkaeufe\/\" tabindex=\"-1\" ><div class=\"elementor-post__thumbnail\"><img decoding=\"async\" width=\"300\" height=\"200\" src=\"https:\/\/costablanca-magazin.com\/wp-content\/uploads\/2026\/05\/Immobilien-Costa-Blanca_Preise-steigen-trotz-weniger-Verkaeufe-300x200.jpg\" class=\"attachment-medium size-medium wp-image-11653\" alt=\"Immobilier sur la Costa Blanca : les prix augmentent malgr\u00e9 une baisse des ventes\" srcset=\"https:\/\/costablanca-magazin.com\/wp-content\/uploads\/2026\/05\/Immobilien-Costa-Blanca_Preise-steigen-trotz-weniger-Verkaeufe-300x200.jpg 300w, https:\/\/costablanca-magazin.com\/wp-content\/uploads\/2026\/05\/Immobilien-Costa-Blanca_Preise-steigen-trotz-weniger-Verkaeufe-1024x683.jpg 1024w, https:\/\/costablanca-magazin.com\/wp-content\/uploads\/2026\/05\/Immobilien-Costa-Blanca_Preise-steigen-trotz-weniger-Verkaeufe-768x512.jpg 768w, https:\/\/costablanca-magazin.com\/wp-content\/uploads\/2026\/05\/Immobilien-Costa-Blanca_Preise-steigen-trotz-weniger-Verkaeufe-18x12.jpg 18w, https:\/\/costablanca-magazin.com\/wp-content\/uploads\/2026\/05\/Immobilien-Costa-Blanca_Preise-steigen-trotz-weniger-Verkaeufe.jpg 1200w\" sizes=\"(max-width: 300px) 100vw, 300px\" \/><\/div><\/a>\n\t\t\t\t<div class=\"elementor-post__badge\">Service &amp; droit<\/div>\n\t\t\t\t<div class=\"elementor-post__text\">\n\t\t\t\t<h2 class=\"elementor-post__title\">\n\t\t\t<a href=\"https:\/\/costablanca-magazin.com\/fr\/immobilien\/service-recht\/immobilien-costa-blanca-preise-steigen-trotz-weniger-verkaeufe\/\" >\n\t\t\t\tImmobilier sur la Costa Blanca : les prix augmentent malgr\u00e9 une baisse des ventes\t\t\t<\/a>\n\t\t<\/h2>\n\t\t\t\t<\/div>\n\t\t\t\t\t<\/div>\n\t\t<\/article>\n\t\t\t\t<article class=\"elementor-post elementor-grid-item post-9926 post type-post status-publish format-standard has-post-thumbnail hentry category-service-recht tag-ferienvermietung-costa-blanca tag-nichtresidenten-steuer-spanien tag-steuern-spanien-costa-blanca\" role=\"listitem\">\n\t\t\t<div class=\"elementor-post__card\">\n\t\t\t\t<a class=\"elementor-post__thumbnail__link\" href=\"https:\/\/costablanca-magazin.com\/fr\/immobilien\/service-recht\/steuern-fuer-nicht-residenten-an-der-costa-blanca-2025-26\/\" tabindex=\"-1\" ><div class=\"elementor-post__thumbnail\"><img loading=\"lazy\" decoding=\"async\" width=\"300\" height=\"169\" src=\"https:\/\/costablanca-magazin.com\/wp-content\/uploads\/2025\/11\/property-investment-and-house-mortgage-financial-c-2025-03-08-19-55-48-utc-300x169.jpg\" class=\"attachment-medium size-medium wp-image-9964\" alt=\"Fiscalit\u00e9 des non-r\u00e9sidents sur la Costa Blanca 2025\/26\" srcset=\"https:\/\/costablanca-magazin.com\/wp-content\/uploads\/2025\/11\/property-investment-and-house-mortgage-financial-c-2025-03-08-19-55-48-utc-300x169.jpg 300w, https:\/\/costablanca-magazin.com\/wp-content\/uploads\/2025\/11\/property-investment-and-house-mortgage-financial-c-2025-03-08-19-55-48-utc-1024x576.jpg 1024w, https:\/\/costablanca-magazin.com\/wp-content\/uploads\/2025\/11\/property-investment-and-house-mortgage-financial-c-2025-03-08-19-55-48-utc-768x432.jpg 768w, https:\/\/costablanca-magazin.com\/wp-content\/uploads\/2025\/11\/property-investment-and-house-mortgage-financial-c-2025-03-08-19-55-48-utc-1536x864.jpg 1536w, https:\/\/costablanca-magazin.com\/wp-content\/uploads\/2025\/11\/property-investment-and-house-mortgage-financial-c-2025-03-08-19-55-48-utc-18x10.jpg 18w, https:\/\/costablanca-magazin.com\/wp-content\/uploads\/2025\/11\/property-investment-and-house-mortgage-financial-c-2025-03-08-19-55-48-utc-1200x675-cbm16x9.webp 1200w\" sizes=\"(max-width: 300px) 100vw, 300px\" \/><\/div><\/a>\n\t\t\t\t<div class=\"elementor-post__badge\">Service &amp; droit<\/div>\n\t\t\t\t<div class=\"elementor-post__text\">\n\t\t\t\t<h2 class=\"elementor-post__title\">\n\t\t\t<a href=\"https:\/\/costablanca-magazin.com\/fr\/immobilien\/service-recht\/steuern-fuer-nicht-residenten-an-der-costa-blanca-2025-26\/\" >\n\t\t\t\tFiscalit\u00e9 des non-r\u00e9sidents sur la Costa Blanca 2025\/26\t\t\t<\/a>\n\t\t<\/h2>\n\t\t\t\t<\/div>\n\t\t\t\t\t<\/div>\n\t\t<\/article>\n\t\t\t\t<article class=\"elementor-post elementor-grid-item post-8561 post type-post status-publish format-standard has-post-thumbnail hentry category-service-recht tag-immobilien-costa-blanca\" role=\"listitem\">\n\t\t\t<div class=\"elementor-post__card\">\n\t\t\t\t<a class=\"elementor-post__thumbnail__link\" href=\"https:\/\/costablanca-magazin.com\/fr\/immobilien\/service-recht\/immobilien-marktuebersicht-costa-blanca-dynamik-preise-perspektiven\/\" tabindex=\"-1\" ><div class=\"elementor-post__thumbnail\"><img loading=\"lazy\" decoding=\"async\" width=\"300\" height=\"139\" src=\"https:\/\/costablanca-magazin.com\/wp-content\/uploads\/2025\/08\/Fotolia_50837082_L-1-e1756117602935-300x139.jpg\" class=\"attachment-medium size-medium wp-image-8577\" alt=\"Aper\u00e7u du march\u00e9 : dynamique, prix et perspectives entre D\u00e9nia et Villajoyosa\" srcset=\"https:\/\/costablanca-magazin.com\/wp-content\/uploads\/2025\/08\/Fotolia_50837082_L-1-e1756117602935-300x139.jpg 300w, https:\/\/costablanca-magazin.com\/wp-content\/uploads\/2025\/08\/Fotolia_50837082_L-1-e1756117602935-1024x474.jpg 1024w, https:\/\/costablanca-magazin.com\/wp-content\/uploads\/2025\/08\/Fotolia_50837082_L-1-e1756117602935-768x356.jpg 768w, https:\/\/costablanca-magazin.com\/wp-content\/uploads\/2025\/08\/Fotolia_50837082_L-1-e1756117602935.jpg 1216w\" sizes=\"(max-width: 300px) 100vw, 300px\" \/><\/div><\/a>\n\t\t\t\t<div class=\"elementor-post__badge\">Service &amp; droit<\/div>\n\t\t\t\t<div class=\"elementor-post__text\">\n\t\t\t\t<h2 class=\"elementor-post__title\">\n\t\t\t<a href=\"https:\/\/costablanca-magazin.com\/fr\/immobilien\/service-recht\/immobilien-marktuebersicht-costa-blanca-dynamik-preise-perspektiven\/\" >\n\t\t\t\tAper\u00e7u du march\u00e9 immobilier de la Costa Blanca - Dynamique, prix &amp; perspectives\t\t\t<\/a>\n\t\t<\/h2>\n\t\t\t\t<\/div>\n\t\t\t\t\t<\/div>\n\t\t<\/article>\n\t\t\t\t<article class=\"elementor-post elementor-grid-item post-8516 post type-post status-publish format-standard has-post-thumbnail hentry category-service-recht tag-immobilien-costa-blanca\" role=\"listitem\">\n\t\t\t<div class=\"elementor-post__card\">\n\t\t\t\t<a class=\"elementor-post__thumbnail__link\" href=\"https:\/\/costablanca-magazin.com\/fr\/immobilien\/service-recht\/immobilienmarkt-costa-blanca-2025-trends-fakten\/\" tabindex=\"-1\" ><div class=\"elementor-post__thumbnail\"><img loading=\"lazy\" decoding=\"async\" width=\"300\" height=\"200\" src=\"https:\/\/costablanca-magazin.com\/wp-content\/uploads\/2025\/08\/Fotolia_222402367_XL-300x200.jpg\" class=\"attachment-medium size-medium wp-image-8555\" alt=\"March\u00e9 immobilier de la Costa Blanca en 2025 - Tendances et chiffres\" srcset=\"https:\/\/costablanca-magazin.com\/wp-content\/uploads\/2025\/08\/Fotolia_222402367_XL-300x200.jpg 300w, https:\/\/costablanca-magazin.com\/wp-content\/uploads\/2025\/08\/Fotolia_222402367_XL-1024x683.jpg 1024w, https:\/\/costablanca-magazin.com\/wp-content\/uploads\/2025\/08\/Fotolia_222402367_XL-768x512.jpg 768w, https:\/\/costablanca-magazin.com\/wp-content\/uploads\/2025\/08\/Fotolia_222402367_XL-1536x1024.jpg 1536w, https:\/\/costablanca-magazin.com\/wp-content\/uploads\/2025\/08\/Fotolia_222402367_XL.jpg 1710w\" sizes=\"(max-width: 300px) 100vw, 300px\" \/><\/div><\/a>\n\t\t\t\t<div class=\"elementor-post__badge\">Service &amp; droit<\/div>\n\t\t\t\t<div class=\"elementor-post__text\">\n\t\t\t\t<h2 class=\"elementor-post__title\">\n\t\t\t<a href=\"https:\/\/costablanca-magazin.com\/fr\/immobilien\/service-recht\/immobilienmarkt-costa-blanca-2025-trends-fakten\/\" >\n\t\t\t\tMarch\u00e9 immobilier Costa Blanca 2025 - Tendances et faits\t\t\t<\/a>\n\t\t<\/h2>\n\t\t\t\t<\/div>\n\t\t\t\t\t<\/div>\n\t\t<\/article>\n\t\t\t\t<article class=\"elementor-post elementor-grid-item post-8144 post type-post status-publish format-standard has-post-thumbnail hentry category-service-recht tag-immobilien-costa-blanca\" role=\"listitem\">\n\t\t\t<div class=\"elementor-post__card\">\n\t\t\t\t<a class=\"elementor-post__thumbnail__link\" href=\"https:\/\/costablanca-magazin.com\/fr\/immobilien\/service-recht\/immobilienpreise-costa-blanca-gebrauchtmarkt-auf-rekordkurs\/\" tabindex=\"-1\" ><div class=\"elementor-post__thumbnail\"><img loading=\"lazy\" decoding=\"async\" width=\"300\" height=\"200\" src=\"https:\/\/costablanca-magazin.com\/wp-content\/uploads\/2025\/07\/alicante-city-panoramic-aerial-view-2025-01-08-09-07-44-utc-300x200.jpg\" class=\"attachment-medium size-medium wp-image-8146\" alt=\"Prix de l&#039;immobilier sur la Costa Blanca : le march\u00e9 de l&#039;occasion bat tous les records\" srcset=\"https:\/\/costablanca-magazin.com\/wp-content\/uploads\/2025\/07\/alicante-city-panoramic-aerial-view-2025-01-08-09-07-44-utc-300x200.jpg 300w, https:\/\/costablanca-magazin.com\/wp-content\/uploads\/2025\/07\/alicante-city-panoramic-aerial-view-2025-01-08-09-07-44-utc-1024x683.jpg 1024w, https:\/\/costablanca-magazin.com\/wp-content\/uploads\/2025\/07\/alicante-city-panoramic-aerial-view-2025-01-08-09-07-44-utc-768x512.jpg 768w, https:\/\/costablanca-magazin.com\/wp-content\/uploads\/2025\/07\/alicante-city-panoramic-aerial-view-2025-01-08-09-07-44-utc-1536x1024.jpg 1536w, https:\/\/costablanca-magazin.com\/wp-content\/uploads\/2025\/07\/alicante-city-panoramic-aerial-view-2025-01-08-09-07-44-utc-2048x1365.jpg 2048w\" sizes=\"(max-width: 300px) 100vw, 300px\" \/><\/div><\/a>\n\t\t\t\t<div class=\"elementor-post__badge\">Service &amp; droit<\/div>\n\t\t\t\t<div class=\"elementor-post__text\">\n\t\t\t\t<h2 class=\"elementor-post__title\">\n\t\t\t<a href=\"https:\/\/costablanca-magazin.com\/fr\/immobilien\/service-recht\/immobilienpreise-costa-blanca-gebrauchtmarkt-auf-rekordkurs\/\" >\n\t\t\t\tPrix de l'immobilier sur la Costa Blanca - Le march\u00e9 de l'occasion bat des records\t\t\t<\/a>\n\t\t<\/h2>\n\t\t\t\t<\/div>\n\t\t\t\t\t<\/div>\n\t\t<\/article>\n\t\t\t\t<article class=\"elementor-post elementor-grid-item post-7995 post type-post status-publish format-standard has-post-thumbnail hentry category-service-recht tag-ferienvermietung-costa-blanca tag-immobilienrecht-spanien tag-recht-spanien\" role=\"listitem\">\n\t\t\t<div class=\"elementor-post__card\">\n\t\t\t\t<a class=\"elementor-post__thumbnail__link\" href=\"https:\/\/costablanca-magazin.com\/fr\/immobilien\/service-recht\/neues-mietregister-spanien-registrierungs-pflicht-fuer-ferienvermietung\/\" tabindex=\"-1\" ><div class=\"elementor-post__thumbnail\"><img loading=\"lazy\" decoding=\"async\" width=\"300\" height=\"200\" src=\"https:\/\/costablanca-magazin.com\/wp-content\/uploads\/2025\/07\/small-toy-houses-over-keyboard-2024-10-16-14-29-09-utc-300x200.jpg\" class=\"attachment-medium size-medium wp-image-8042\" alt=\"Lancement d&#039;un nouveau registre des locations : obligation d&#039;enregistrement pour les locations de vacances\" srcset=\"https:\/\/costablanca-magazin.com\/wp-content\/uploads\/2025\/07\/small-toy-houses-over-keyboard-2024-10-16-14-29-09-utc-300x200.jpg 300w, https:\/\/costablanca-magazin.com\/wp-content\/uploads\/2025\/07\/small-toy-houses-over-keyboard-2024-10-16-14-29-09-utc-1024x683.jpg 1024w, https:\/\/costablanca-magazin.com\/wp-content\/uploads\/2025\/07\/small-toy-houses-over-keyboard-2024-10-16-14-29-09-utc-768x512.jpg 768w, https:\/\/costablanca-magazin.com\/wp-content\/uploads\/2025\/07\/small-toy-houses-over-keyboard-2024-10-16-14-29-09-utc-1536x1024.jpg 1536w, https:\/\/costablanca-magazin.com\/wp-content\/uploads\/2025\/07\/small-toy-houses-over-keyboard-2024-10-16-14-29-09-utc-2048x1365.jpg 2048w\" sizes=\"(max-width: 300px) 100vw, 300px\" \/><\/div><\/a>\n\t\t\t\t<div class=\"elementor-post__badge\">Service &amp; droit<\/div>\n\t\t\t\t<div class=\"elementor-post__text\">\n\t\t\t\t<h2 class=\"elementor-post__title\">\n\t\t\t<a href=\"https:\/\/costablanca-magazin.com\/fr\/immobilien\/service-recht\/neues-mietregister-spanien-registrierungs-pflicht-fuer-ferienvermietung\/\" >\n\t\t\t\tNouveau registre des locations en Espagne - Enregistrement obligatoire pour les locations de vacances\t\t\t<\/a>\n\t\t<\/h2>\n\t\t\t\t<\/div>\n\t\t\t\t\t<\/div>\n\t\t<\/article>\n\t\t\t\t<article class=\"elementor-post elementor-grid-item post-5236 post type-post status-publish format-standard has-post-thumbnail hentry category-service-recht tag-immobilienrecht-spanien tag-recht-spanien tag-steuern-spanien-costa-blanca\" role=\"listitem\">\n\t\t\t<div class=\"elementor-post__card\">\n\t\t\t\t<a class=\"elementor-post__thumbnail__link\" href=\"https:\/\/costablanca-magazin.com\/fr\/immobilien\/service-recht\/kapitalertragssteuer-fuer-immobilienbesitzer-das-wichtigste\/\" tabindex=\"-1\" ><div class=\"elementor-post__thumbnail\"><img loading=\"lazy\" decoding=\"async\" width=\"300\" height=\"125\" src=\"https:\/\/costablanca-magazin.com\/wp-content\/uploads\/2025\/03\/housing-market-price-is-increasing-or-rising-2022-12-16-12-30-06-utc-Kopie-scaled-e1742399878463-300x125.jpg\" class=\"attachment-medium size-medium wp-image-5237\" alt=\"Imp\u00f4t communal sur les plus-values : ce que les propri\u00e9taires immobiliers doivent savoir\" srcset=\"https:\/\/costablanca-magazin.com\/wp-content\/uploads\/2025\/03\/housing-market-price-is-increasing-or-rising-2022-12-16-12-30-06-utc-Kopie-scaled-e1742399878463-300x125.jpg 300w, https:\/\/costablanca-magazin.com\/wp-content\/uploads\/2025\/03\/housing-market-price-is-increasing-or-rising-2022-12-16-12-30-06-utc-Kopie-scaled-e1742399878463-768x321.jpg 768w, https:\/\/costablanca-magazin.com\/wp-content\/uploads\/2025\/03\/housing-market-price-is-increasing-or-rising-2022-12-16-12-30-06-utc-Kopie-scaled-e1742399878463-1536x642.jpg 1536w, https:\/\/costablanca-magazin.com\/wp-content\/uploads\/2025\/03\/housing-market-price-is-increasing-or-rising-2022-12-16-12-30-06-utc-Kopie-scaled-e1742399878463-2048x856.jpg 2048w\" sizes=\"(max-width: 300px) 100vw, 300px\" \/><\/div><\/a>\n\t\t\t\t<div class=\"elementor-post__badge\">Service &amp; droit<\/div>\n\t\t\t\t<div class=\"elementor-post__text\">\n\t\t\t\t<h2 class=\"elementor-post__title\">\n\t\t\t<a href=\"https:\/\/costablanca-magazin.com\/fr\/immobilien\/service-recht\/kapitalertragssteuer-fuer-immobilienbesitzer-das-wichtigste\/\" >\n\t\t\t\tImp\u00f4t sur les plus-values pour les propri\u00e9taires immobiliers - l'essentiel\t\t\t<\/a>\n\t\t<\/h2>\n\t\t\t\t<\/div>\n\t\t\t\t\t<\/div>\n\t\t<\/article>\n\t\t\t\t<article class=\"elementor-post elementor-grid-item post-3743 post type-post status-publish format-standard has-post-thumbnail hentry category-service-recht tag-heim-haus-costa-blanca tag-immobilien-costa-blanca tag-recht-spanien\" role=\"listitem\">\n\t\t\t<div class=\"elementor-post__card\">\n\t\t\t\t<a class=\"elementor-post__thumbnail__link\" href=\"https:\/\/costablanca-magazin.com\/fr\/immobilien\/service-recht\/referenzwertes-auswirkungen-des-kataster\/\" tabindex=\"-1\" ><div class=\"elementor-post__thumbnail\"><img loading=\"lazy\" decoding=\"async\" width=\"300\" height=\"225\" src=\"https:\/\/costablanca-magazin.com\/wp-content\/uploads\/2024\/12\/magnifying-glass-wooden-dolls-and-house-2023-11-27-05-33-38-utc-300x225.jpeg\" class=\"attachment-medium size-medium wp-image-3744\" alt=\"Valeur de r\u00e9f\u00e9rence - Incidences du cadastre\" srcset=\"https:\/\/costablanca-magazin.com\/wp-content\/uploads\/2024\/12\/magnifying-glass-wooden-dolls-and-house-2023-11-27-05-33-38-utc-300x225.jpeg 300w, https:\/\/costablanca-magazin.com\/wp-content\/uploads\/2024\/12\/magnifying-glass-wooden-dolls-and-house-2023-11-27-05-33-38-utc-1024x767.jpeg 1024w, https:\/\/costablanca-magazin.com\/wp-content\/uploads\/2024\/12\/magnifying-glass-wooden-dolls-and-house-2023-11-27-05-33-38-utc-768x575.jpeg 768w, https:\/\/costablanca-magazin.com\/wp-content\/uploads\/2024\/12\/magnifying-glass-wooden-dolls-and-house-2023-11-27-05-33-38-utc-1536x1150.jpeg 1536w, https:\/\/costablanca-magazin.com\/wp-content\/uploads\/2024\/12\/magnifying-glass-wooden-dolls-and-house-2023-11-27-05-33-38-utc-2048x1534.jpeg 2048w\" sizes=\"(max-width: 300px) 100vw, 300px\" \/><\/div><\/a>\n\t\t\t\t<div class=\"elementor-post__badge\">Service &amp; droit<\/div>\n\t\t\t\t<div class=\"elementor-post__text\">\n\t\t\t\t<h2 class=\"elementor-post__title\">\n\t\t\t<a href=\"https:\/\/costablanca-magazin.com\/fr\/immobilien\/service-recht\/referenzwertes-auswirkungen-des-kataster\/\" >\n\t\t\t\tValeur de r\u00e9f\u00e9rence - Effets du cadastre\t\t\t<\/a>\n\t\t<\/h2>\n\t\t\t\t<\/div>\n\t\t\t\t\t<\/div>\n\t\t<\/article>\n\t\t\t\t<article class=\"elementor-post elementor-grid-item post-3323 post type-post status-publish format-standard has-post-thumbnail hentry category-service-recht\" role=\"listitem\">\n\t\t\t<div class=\"elementor-post__card\">\n\t\t\t\t<a class=\"elementor-post__thumbnail__link\" href=\"https:\/\/costablanca-magazin.com\/fr\/immobilien\/service-recht\/cbm-im-gespraech-mit-thomas-goering-immobilien-richtig-versichern\/\" tabindex=\"-1\" ><div class=\"elementor-post__thumbnail\"><img loading=\"lazy\" decoding=\"async\" width=\"300\" height=\"200\" src=\"https:\/\/costablanca-magazin.com\/wp-content\/uploads\/2024\/11\/investment-insurance-life-and-house-protection-i-2023-11-27-05-13-46-utc-300x200.jpg\" class=\"attachment-medium size-medium wp-image-3324\" alt=\"Bien assurer son bien immobilier : comment prot\u00e9ger votre propri\u00e9t\u00e9 sur la Costa Blanca\" srcset=\"https:\/\/costablanca-magazin.com\/wp-content\/uploads\/2024\/11\/investment-insurance-life-and-house-protection-i-2023-11-27-05-13-46-utc-300x200.jpg 300w, https:\/\/costablanca-magazin.com\/wp-content\/uploads\/2024\/11\/investment-insurance-life-and-house-protection-i-2023-11-27-05-13-46-utc-1024x683.jpg 1024w, https:\/\/costablanca-magazin.com\/wp-content\/uploads\/2024\/11\/investment-insurance-life-and-house-protection-i-2023-11-27-05-13-46-utc-768x512.jpg 768w, https:\/\/costablanca-magazin.com\/wp-content\/uploads\/2024\/11\/investment-insurance-life-and-house-protection-i-2023-11-27-05-13-46-utc-1536x1024.jpg 1536w, https:\/\/costablanca-magazin.com\/wp-content\/uploads\/2024\/11\/investment-insurance-life-and-house-protection-i-2023-11-27-05-13-46-utc-2048x1365.jpg 2048w\" sizes=\"(max-width: 300px) 100vw, 300px\" \/><\/div><\/a>\n\t\t\t\t<div class=\"elementor-post__badge\">Service &amp; droit<\/div>\n\t\t\t\t<div class=\"elementor-post__text\">\n\t\t\t\t<h2 class=\"elementor-post__title\">\n\t\t\t<a href=\"https:\/\/costablanca-magazin.com\/fr\/immobilien\/service-recht\/cbm-im-gespraech-mit-thomas-goering-immobilien-richtig-versichern\/\" >\n\t\t\t\tCBM s'entretient avec Thomas G\u00f6ring - Bien assurer ses biens immobiliers\t\t\t<\/a>\n\t\t<\/h2>\n\t\t\t\t<\/div>\n\t\t\t\t\t<\/div>\n\t\t<\/article>\n\t\t\t\t<article class=\"elementor-post elementor-grid-item post-2646 post type-post status-publish format-standard has-post-thumbnail hentry category-service-recht tag-immobilien-costa-blanca\" role=\"listitem\">\n\t\t\t<div class=\"elementor-post__card\">\n\t\t\t\t<a class=\"elementor-post__thumbnail__link\" href=\"https:\/\/costablanca-magazin.com\/fr\/immobilien\/service-recht\/luxusimmobilien-boom-in-der-marina-alta\/\" tabindex=\"-1\" ><div class=\"elementor-post__thumbnail\"><img loading=\"lazy\" decoding=\"async\" width=\"231\" height=\"300\" src=\"https:\/\/costablanca-magazin.com\/wp-content\/uploads\/2024\/10\/modern-luxury-house-with-a-pool-in-the-mountains-2023-11-27-05-04-48-utc-231x300.jpg\" class=\"attachment-medium size-medium wp-image-2647\" alt=\"Essor de l&#039;immobilier de luxe dans la Marina Alta - Image d&#039;illustration Envato\" srcset=\"https:\/\/costablanca-magazin.com\/wp-content\/uploads\/2024\/10\/modern-luxury-house-with-a-pool-in-the-mountains-2023-11-27-05-04-48-utc-231x300.jpg 231w, https:\/\/costablanca-magazin.com\/wp-content\/uploads\/2024\/10\/modern-luxury-house-with-a-pool-in-the-mountains-2023-11-27-05-04-48-utc-790x1024.jpg 790w, https:\/\/costablanca-magazin.com\/wp-content\/uploads\/2024\/10\/modern-luxury-house-with-a-pool-in-the-mountains-2023-11-27-05-04-48-utc-768x996.jpg 768w, https:\/\/costablanca-magazin.com\/wp-content\/uploads\/2024\/10\/modern-luxury-house-with-a-pool-in-the-mountains-2023-11-27-05-04-48-utc-1185x1536.jpg 1185w, https:\/\/costablanca-magazin.com\/wp-content\/uploads\/2024\/10\/modern-luxury-house-with-a-pool-in-the-mountains-2023-11-27-05-04-48-utc-1580x2048.jpg 1580w, https:\/\/costablanca-magazin.com\/wp-content\/uploads\/2024\/10\/modern-luxury-house-with-a-pool-in-the-mountains-2023-11-27-05-04-48-utc-scaled.jpg 1975w\" sizes=\"(max-width: 231px) 100vw, 231px\" \/><\/div><\/a>\n\t\t\t\t<div class=\"elementor-post__badge\">Service &amp; droit<\/div>\n\t\t\t\t<div class=\"elementor-post__text\">\n\t\t\t\t<h2 class=\"elementor-post__title\">\n\t\t\t<a href=\"https:\/\/costablanca-magazin.com\/fr\/immobilien\/service-recht\/luxusimmobilien-boom-in-der-marina-alta\/\" >\n\t\t\t\tEssor de l'immobilier de luxe dans la Marina Alta\t\t\t<\/a>\n\t\t<\/h2>\n\t\t\t\t<\/div>\n\t\t\t\t\t<\/div>\n\t\t<\/article>\n\t\t\t\t<article class=\"elementor-post elementor-grid-item post-1928 post type-post status-publish format-standard has-post-thumbnail hentry category-service-recht tag-ferienvermietung-costa-blanca\" role=\"listitem\">\n\t\t\t<div class=\"elementor-post__card\">\n\t\t\t\t<a class=\"elementor-post__thumbnail__link\" href=\"https:\/\/costablanca-magazin.com\/fr\/immobilien\/service-recht\/experten-interview-neue-regeln-fuer-ferienvermietungen\/\" tabindex=\"-1\" ><div class=\"elementor-post__thumbnail\"><img loading=\"lazy\" decoding=\"async\" width=\"300\" height=\"185\" src=\"https:\/\/costablanca-magazin.com\/wp-content\/uploads\/2024\/09\/Andreas-scaled-1-300x185.jpg\" class=\"attachment-medium size-medium wp-image-10397\" alt=\"Andreas-scaled\" srcset=\"https:\/\/costablanca-magazin.com\/wp-content\/uploads\/2024\/09\/Andreas-scaled-1-300x185.jpg 300w, https:\/\/costablanca-magazin.com\/wp-content\/uploads\/2024\/09\/Andreas-scaled-1-1024x630.jpg 1024w, https:\/\/costablanca-magazin.com\/wp-content\/uploads\/2024\/09\/Andreas-scaled-1-768x473.jpg 768w, https:\/\/costablanca-magazin.com\/wp-content\/uploads\/2024\/09\/Andreas-scaled-1-1536x946.jpg 1536w, https:\/\/costablanca-magazin.com\/wp-content\/uploads\/2024\/09\/Andreas-scaled-1-2048x1261.jpg 2048w, https:\/\/costablanca-magazin.com\/wp-content\/uploads\/2024\/09\/Andreas-scaled-1-18x12.jpg 18w\" sizes=\"(max-width: 300px) 100vw, 300px\" \/><\/div><\/a>\n\t\t\t\t<div class=\"elementor-post__badge\">Service &amp; droit<\/div>\n\t\t\t\t<div class=\"elementor-post__text\">\n\t\t\t\t<h2 class=\"elementor-post__title\">\n\t\t\t<a href=\"https:\/\/costablanca-magazin.com\/fr\/immobilien\/service-recht\/experten-interview-neue-regeln-fuer-ferienvermietungen\/\" >\n\t\t\t\tEntretien avec un expert \u2013 Nouvelles r\u00e8gles pour les locations de vacances\t\t\t<\/a>\n\t\t<\/h2>\n\t\t\t\t<\/div>\n\t\t\t\t\t<\/div>\n\t\t<\/article>\n\t\t\t\t<article class=\"elementor-post elementor-grid-item post-1903 post type-post status-publish format-standard has-post-thumbnail hentry category-service-recht tag-heim-haus-costa-blanca\" role=\"listitem\">\n\t\t\t<div class=\"elementor-post__card\">\n\t\t\t\t<a class=\"elementor-post__thumbnail__link\" href=\"https:\/\/costablanca-magazin.com\/fr\/immobilien\/service-recht\/klimaanlagen-richtig-wartentipps-und-risiken\/\" tabindex=\"-1\" ><div class=\"elementor-post__thumbnail\"><img loading=\"lazy\" decoding=\"async\" width=\"300\" height=\"200\" src=\"https:\/\/costablanca-magazin.com\/wp-content\/uploads\/2024\/09\/professional-repairman-fixing-air-conditioner-hang-2023-11-27-04-58-44-utc-300x200.jpg\" class=\"attachment-medium size-medium wp-image-1904\" alt=\"Entretenir correctement les climatiseurs\" srcset=\"https:\/\/costablanca-magazin.com\/wp-content\/uploads\/2024\/09\/professional-repairman-fixing-air-conditioner-hang-2023-11-27-04-58-44-utc-300x200.jpg 300w, https:\/\/costablanca-magazin.com\/wp-content\/uploads\/2024\/09\/professional-repairman-fixing-air-conditioner-hang-2023-11-27-04-58-44-utc-1024x683.jpg 1024w, https:\/\/costablanca-magazin.com\/wp-content\/uploads\/2024\/09\/professional-repairman-fixing-air-conditioner-hang-2023-11-27-04-58-44-utc-768x513.jpg 768w, https:\/\/costablanca-magazin.com\/wp-content\/uploads\/2024\/09\/professional-repairman-fixing-air-conditioner-hang-2023-11-27-04-58-44-utc-1536x1025.jpg 1536w, https:\/\/costablanca-magazin.com\/wp-content\/uploads\/2024\/09\/professional-repairman-fixing-air-conditioner-hang-2023-11-27-04-58-44-utc-2048x1367.jpg 2048w\" sizes=\"(max-width: 300px) 100vw, 300px\" \/><\/div><\/a>\n\t\t\t\t<div class=\"elementor-post__badge\">Service &amp; droit<\/div>\n\t\t\t\t<div class=\"elementor-post__text\">\n\t\t\t\t<h2 class=\"elementor-post__title\">\n\t\t\t<a href=\"https:\/\/costablanca-magazin.com\/fr\/immobilien\/service-recht\/klimaanlagen-richtig-wartentipps-und-risiken\/\" >\n\t\t\t\tEntretenir correctement les climatiseurs : conseils et risques\t\t\t<\/a>\n\t\t<\/h2>\n\t\t\t\t<\/div>\n\t\t\t\t\t<\/div>\n\t\t<\/article>\n\t\t\t\t<article class=\"elementor-post elementor-grid-item post-1507 post type-post status-publish format-standard has-post-thumbnail hentry category-service-recht tag-wirtschaft-costa-blanca\" role=\"listitem\">\n\t\t\t<div class=\"elementor-post__card\">\n\t\t\t\t<a class=\"elementor-post__thumbnail__link\" href=\"https:\/\/costablanca-magazin.com\/fr\/immobilien\/service-recht\/dynamische-entwicklung-der-bautaetigkeit-in-marina-alta\/\" tabindex=\"-1\" ><div class=\"elementor-post__thumbnail\"><img loading=\"lazy\" decoding=\"async\" width=\"300\" height=\"200\" src=\"https:\/\/costablanca-magazin.com\/wp-content\/uploads\/2024\/07\/crane-on-construction-site-at-sunset-2023-11-27-05-22-33-utc-300x200.jpg\" class=\"attachment-medium size-medium wp-image-1508\" alt=\"Activit\u00e9 de construction dans la Marina Alta\" srcset=\"https:\/\/costablanca-magazin.com\/wp-content\/uploads\/2024\/07\/crane-on-construction-site-at-sunset-2023-11-27-05-22-33-utc-300x200.jpg 300w, https:\/\/costablanca-magazin.com\/wp-content\/uploads\/2024\/07\/crane-on-construction-site-at-sunset-2023-11-27-05-22-33-utc-1024x683.jpg 1024w, https:\/\/costablanca-magazin.com\/wp-content\/uploads\/2024\/07\/crane-on-construction-site-at-sunset-2023-11-27-05-22-33-utc-768x512.jpg 768w, https:\/\/costablanca-magazin.com\/wp-content\/uploads\/2024\/07\/crane-on-construction-site-at-sunset-2023-11-27-05-22-33-utc-1536x1024.jpg 1536w, https:\/\/costablanca-magazin.com\/wp-content\/uploads\/2024\/07\/crane-on-construction-site-at-sunset-2023-11-27-05-22-33-utc-2048x1365.jpg 2048w\" sizes=\"(max-width: 300px) 100vw, 300px\" \/><\/div><\/a>\n\t\t\t\t<div class=\"elementor-post__badge\">Service &amp; droit<\/div>\n\t\t\t\t<div class=\"elementor-post__text\">\n\t\t\t\t<h2 class=\"elementor-post__title\">\n\t\t\t<a href=\"https:\/\/costablanca-magazin.com\/fr\/immobilien\/service-recht\/dynamische-entwicklung-der-bautaetigkeit-in-marina-alta\/\" >\n\t\t\t\tD\u00e9veloppement dynamique du secteur de la construction dans la Marina Alta\t\t\t<\/a>\n\t\t<\/h2>\n\t\t\t\t<\/div>\n\t\t\t\t\t<\/div>\n\t\t<\/article>\n\t\t\t\t<\/div>\n\t\t\n\t\t\t\t<div class=\"e-load-more-anchor\" data-page=\"1\" data-max-page=\"2\" data-next-page=\"https:\/\/costablanca-magazin.com\/fr\/wp-json\/wp\/v2\/pages\/7950\/page\/2\/\"><\/div>\n\t\t\t\t<nav class=\"elementor-pagination\" aria-label=\"Pagination\">\n\t\t\t<span aria-current=\"page\" class=\"page-numbers current\"><span class=\"elementor-screen-only\">Page<\/span>1<\/span>\n<a class=\"page-numbers\" href=\"https:\/\/costablanca-magazin.com\/fr\/wp-json\/wp\/v2\/pages\/7950\/page\/2\/\"><span class=\"elementor-screen-only\">Page<\/span>2<\/a>\t\t<\/nav>\n\t\t\t\t\t\t<\/div>\n\t\t\t\t<\/div>\n\t\t\t\t\t<\/div>\n\t\t\t\t<\/div>\n\t\t\t\t<\/div>","protected":false},"excerpt":{"rendered":"<p>Immobilien &#8211; Service &amp; Recht<\/p>","protected":false},"author":1,"featured_media":0,"parent":0,"menu_order":0,"comment_status":"closed","ping_status":"closed","template":"elementor_header_footer","meta":{"footnotes":""},"class_list":["post-7950","page","type-page","status-publish","hentry"],"aioseo_notices":[],"aioseo_head":"\n\t\t<!-- All in One SEO Pro 5.0.1.1 - aioseo.com -->\n\t<meta name=\"description\" content=\"Die Region Marina Alta in der Provinz Alicante verzeichnet eine beachtliche Baut\u00e4tigkeit, insbesondere in den Gemeinden D\u00e9nia, X\u00e0bia und Calp.\" \/>\n\t<meta name=\"robots\" content=\"max-snippet:-1, max-image-preview:large, max-video-preview:-1\" \/>\n\t<link rel=\"canonical\" href=\"https:\/\/costablanca-magazin.com\/fr\/immobilien\/service-recht\/dynamische-entwicklung-der-bautaetigkeit-in-marina-alta\/\" \/>\n\t<meta name=\"generator\" content=\"All in One SEO Pro (AIOSEO) 5.0.1.1\" \/>\n\t\t<meta property=\"og:locale\" content=\"fr_FR\" \/>\n\t\t<meta property=\"og:site_name\" content=\"Costa Blanca Magazin\" \/>\n\t\t<meta property=\"og:type\" content=\"article\" \/>\n\t\t<meta property=\"og:title\" content=\"Dynamische Entwicklung der Baut\u00e4tigkeit in Marina Alta\" \/>\n\t\t<meta property=\"og:description\" content=\"Die Region Marina Alta in der Provinz Alicante verzeichnet eine beachtliche Baut\u00e4tigkeit, insbesondere in den Gemeinden D\u00e9nia, X\u00e0bia und Calp.\" \/>\n\t\t<meta property=\"og:url\" content=\"https:\/\/costablanca-magazin.com\/fr\/immobilien\/service-recht\/dynamische-entwicklung-der-bautaetigkeit-in-marina-alta\/\" \/>\n\t\t<meta property=\"og:image\" content=\"https:\/\/costablanca-magazin.com\/wp-content\/uploads\/2024\/07\/crane-on-construction-site-at-sunset-2023-11-27-05-22-33-utc-scaled.jpg\" \/>\n\t\t<meta property=\"og:image:secure_url\" content=\"https:\/\/costablanca-magazin.com\/wp-content\/uploads\/2024\/07\/crane-on-construction-site-at-sunset-2023-11-27-05-22-33-utc-scaled.jpg\" \/>\n\t\t<meta property=\"article:published_time\" content=\"2024-07-09T09:04:21+00:00\" \/>\n\t\t<meta property=\"article:modified_time\" content=\"2026-07-08T05:19:38+00:00\" \/>\n\t\t<meta property=\"article:publisher\" content=\"https:\/\/www.facebook.com\/costablancalifestyle\/\" \/>\n\t\t<meta name=\"twitter:card\" content=\"summary_large_image\" \/>\n\t\t<meta name=\"twitter:title\" content=\"Dynamische Entwicklung der Baut\u00e4tigkeit in Marina Alta\" \/>\n\t\t<meta name=\"twitter:description\" content=\"Die Region Marina Alta in der Provinz Alicante verzeichnet eine beachtliche Baut\u00e4tigkeit, insbesondere in den Gemeinden D\u00e9nia, X\u00e0bia und Calp.\" \/>\n\t\t<meta name=\"twitter:image\" content=\"https:\/\/costablanca-magazin.com\/wp-content\/uploads\/2024\/07\/crane-on-construction-site-at-sunset-2023-11-27-05-22-33-utc-scaled.jpg\" \/>\n\t\t<script type=\"application\/ld+json\" class=\"aioseo-schema\">\n\t\t\t{\"@context\":\"https:\\\/\\\/schema.org\",\"@graph\":[{\"@type\":\"Article\",\"@id\":\"https:\\\/\\\/costablanca-magazin.com\\\/fr\\\/immobilien\\\/service-recht\\\/dynamische-entwicklung-der-bautaetigkeit-in-marina-alta\\\/#article\",\"name\":\"Baut\\u00e4tigkeit in Marina Alta: D\\u00e9nia und Umgebung erleben\",\"headline\":\"Dynamische Entwicklung der Baut\\u00e4tigkeit in Marina Alta\",\"author\":{\"@id\":\"https:\\\/\\\/costablanca-magazin.com\\\/fr\\\/author\\\/costablanca-magazin-redaktion\\\/#author\"},\"publisher\":{\"@id\":\"https:\\\/\\\/costablanca-magazin.com\\\/fr\\\/#organization\"},\"image\":{\"@type\":\"ImageObject\",\"url\":\"https:\\\/\\\/costablanca-magazin.com\\\/wp-content\\\/uploads\\\/2024\\\/07\\\/crane-on-construction-site-at-sunset-2023-11-27-05-22-33-utc-scaled.jpg\",\"width\":2560,\"height\":1707,\"caption\":\"Baut\\u00e4tigkeit in Marina Alta\"},\"datePublished\":\"2024-07-09T11:04:21+02:00\",\"dateModified\":\"2026-07-08T07:19:38+02:00\",\"inLanguage\":\"fr-FR\",\"mainEntityOfPage\":{\"@id\":\"https:\\\/\\\/costablanca-magazin.com\\\/fr\\\/immobilien\\\/service-recht\\\/dynamische-entwicklung-der-bautaetigkeit-in-marina-alta\\\/#webpage\"},\"isPartOf\":{\"@id\":\"https:\\\/\\\/costablanca-magazin.com\\\/fr\\\/immobilien\\\/service-recht\\\/dynamische-entwicklung-der-bautaetigkeit-in-marina-alta\\\/#webpage\"},\"articleSection\":\"Service &amp; Recht, Wirtschaft\"},{\"@type\":\"BreadcrumbList\",\"@id\":\"https:\\\/\\\/costablanca-magazin.com\\\/fr\\\/immobilien\\\/service-recht\\\/dynamische-entwicklung-der-bautaetigkeit-in-marina-alta\\\/#breadcrumblist\",\"itemListElement\":[{\"@type\":\"ListItem\",\"@id\":\"https:\\\/\\\/costablanca-magazin.com\\\/fr#listItem\",\"position\":1,\"name\":\"Home\",\"item\":\"https:\\\/\\\/costablanca-magazin.com\\\/fr\",\"nextItem\":{\"@type\":\"ListItem\",\"@id\":\"https:\\\/\\\/costablanca-magazin.com\\\/fr\\\/service-recht\\\/#listItem\",\"name\":\"Service &amp; Recht\"}},{\"@type\":\"ListItem\",\"@id\":\"https:\\\/\\\/costablanca-magazin.com\\\/fr\\\/service-recht\\\/#listItem\",\"position\":2,\"name\":\"Service &amp; Recht\",\"previousItem\":{\"@type\":\"ListItem\",\"@id\":\"https:\\\/\\\/costablanca-magazin.com\\\/fr#listItem\",\"name\":\"Home\"}}]},{\"@type\":\"Organization\",\"@id\":\"https:\\\/\\\/costablanca-magazin.com\\\/fr\\\/#organization\",\"name\":\"Costa Blanca Magazin\",\"description\":\"Costa Blanca Magazin\",\"url\":\"https:\\\/\\\/costablanca-magazin.com\\\/fr\\\/\",\"email\":\"info@costablanca-magazin.com\",\"telephone\":\"+34 663 946 871\",\"logo\":{\"@type\":\"ImageObject\",\"url\":\"https:\\\/\\\/costablanca-magazin.com\\\/wp-content\\\/uploads\\\/2024\\\/05\\\/logo.jpg\",\"@id\":\"https:\\\/\\\/costablanca-magazin.com\\\/fr\\\/immobilien\\\/service-recht\\\/dynamische-entwicklung-der-bautaetigkeit-in-marina-alta\\\/#organizationLogo\",\"width\":1605,\"height\":236,\"caption\":\"Costa Blanca Magazin\"},\"image\":{\"@id\":\"https:\\\/\\\/costablanca-magazin.com\\\/fr\\\/immobilien\\\/service-recht\\\/dynamische-entwicklung-der-bautaetigkeit-in-marina-alta\\\/#organizationLogo\"},\"sameAs\":[\"https:\\\/\\\/www.facebook.com\\\/costablancalifestyle\\\/\",\"https:\\\/\\\/www.instagram.com\\\/costablancamagazin\\\/\"],\"address\":{\"@id\":\"https:\\\/\\\/costablanca-magazin.com\\\/fr\\\/#postaladdress\",\"@type\":\"PostalAddress\",\"streetAddress\":\"C\\\/Marina 104, 1\\u00b0, Local 7\",\"postalCode\":\"07620\",\"addressLocality\":\"Llucmajor\",\"addressRegion\":\"Baleares\",\"addressCountry\":\"ES\"},\"taxID\":\"ESB57951659\"},{\"@type\":\"Person\",\"@id\":\"https:\\\/\\\/costablanca-magazin.com\\\/fr\\\/author\\\/costablanca-magazin-redaktion\\\/#author\",\"url\":\"https:\\\/\\\/costablanca-magazin.com\\\/fr\\\/author\\\/costablanca-magazin-redaktion\\\/\",\"name\":\"Costablanca Magazin Redaktion\"},{\"@type\":\"WebPage\",\"@id\":\"https:\\\/\\\/costablanca-magazin.com\\\/fr\\\/immobilien\\\/service-recht\\\/dynamische-entwicklung-der-bautaetigkeit-in-marina-alta\\\/#webpage\",\"url\":\"https:\\\/\\\/costablanca-magazin.com\\\/fr\\\/immobilien\\\/service-recht\\\/dynamische-entwicklung-der-bautaetigkeit-in-marina-alta\\\/\",\"name\":\"Baut\\u00e4tigkeit in Marina Alta: D\\u00e9nia und Umgebung erleben\",\"description\":\"Die Region Marina Alta in der Provinz Alicante verzeichnet eine beachtliche Baut\\u00e4tigkeit, insbesondere in den Gemeinden D\\u00e9nia, X\\u00e0bia und Calp.\",\"inLanguage\":\"fr-FR\",\"isPartOf\":{\"@id\":\"https:\\\/\\\/costablanca-magazin.com\\\/fr\\\/#website\"},\"breadcrumb\":{\"@id\":\"https:\\\/\\\/costablanca-magazin.com\\\/fr\\\/immobilien\\\/service-recht\\\/dynamische-entwicklung-der-bautaetigkeit-in-marina-alta\\\/#breadcrumblist\"},\"author\":{\"@id\":\"https:\\\/\\\/costablanca-magazin.com\\\/fr\\\/author\\\/costablanca-magazin-redaktion\\\/#author\"},\"creator\":{\"@id\":\"https:\\\/\\\/costablanca-magazin.com\\\/fr\\\/author\\\/costablanca-magazin-redaktion\\\/#author\"},\"image\":{\"@type\":\"ImageObject\",\"url\":\"https:\\\/\\\/costablanca-magazin.com\\\/wp-content\\\/uploads\\\/2024\\\/07\\\/crane-on-construction-site-at-sunset-2023-11-27-05-22-33-utc-scaled.jpg\",\"@id\":\"https:\\\/\\\/costablanca-magazin.com\\\/fr\\\/immobilien\\\/service-recht\\\/dynamische-entwicklung-der-bautaetigkeit-in-marina-alta\\\/#mainImage\",\"width\":2560,\"height\":1707,\"caption\":\"Baut\\u00e4tigkeit in Marina Alta\"},\"primaryImageOfPage\":{\"@id\":\"https:\\\/\\\/costablanca-magazin.com\\\/fr\\\/immobilien\\\/service-recht\\\/dynamische-entwicklung-der-bautaetigkeit-in-marina-alta\\\/#mainImage\"},\"datePublished\":\"2024-07-09T11:04:21+02:00\",\"dateModified\":\"2026-07-08T07:19:38+02:00\"},{\"@type\":\"WebSite\",\"@id\":\"https:\\\/\\\/costablanca-magazin.com\\\/fr\\\/#website\",\"url\":\"https:\\\/\\\/costablanca-magazin.com\\\/fr\\\/\",\"name\":\"Costa Blanca Magazin\",\"description\":\"Costa Blanca - alles um das Leben und die Freizeit an der K\\u00fcste\",\"inLanguage\":\"fr-FR\",\"publisher\":{\"@id\":\"https:\\\/\\\/costablanca-magazin.com\\\/fr\\\/#organization\"}}]}\n\t\t<\/script>\n\t\t<!-- All in One SEO Pro -->\r\n\t\t<title>Baut\u00e4tigkeit in Marina Alta: D\u00e9nia und Umgebung erleben<\/title>\n\n","aioseo_head_json":{"title":"Activit\u00e9s de construction dans la Marina Alta : \u00e0 la d\u00e9couverte de D\u00e9nia et de ses environs","description":"La r\u00e9gion de la Marina Alta, dans la province d'Alicante, conna\u00eet une activit\u00e9 de construction consid\u00e9rable, notamment dans les communes de D\u00e9nia, X\u00e0bia et Calp.","canonical_url":"https:\/\/costablanca-magazin.com\/fr\/immobilien\/service-recht\/dynamische-entwicklung-der-bautaetigkeit-in-marina-alta\/","robots":"max-snippet:-1, max-image-preview:large, max-video-preview:-1","keywords":"","webmasterTools":{"miscellaneous":""},"schema":{"@context":"https:\/\/schema.org","@graph":[{"@type":"Article","@id":"https:\/\/costablanca-magazin.com\/fr\/immobilien\/service-recht\/dynamische-entwicklung-der-bautaetigkeit-in-marina-alta\/#article","name":"Baut\u00e4tigkeit in Marina Alta: D\u00e9nia und Umgebung erleben","headline":"Dynamische Entwicklung der Baut\u00e4tigkeit in Marina Alta","author":{"@id":"https:\/\/costablanca-magazin.com\/fr\/author\/costablanca-magazin-redaktion\/#author"},"publisher":{"@id":"https:\/\/costablanca-magazin.com\/fr\/#organization"},"image":{"@type":"ImageObject","url":"https:\/\/costablanca-magazin.com\/wp-content\/uploads\/2024\/07\/crane-on-construction-site-at-sunset-2023-11-27-05-22-33-utc-scaled.jpg","width":2560,"height":1707,"caption":"Baut\u00e4tigkeit in Marina Alta"},"datePublished":"2024-07-09T11:04:21+02:00","dateModified":"2026-07-08T07:19:38+02:00","inLanguage":"fr-FR","mainEntityOfPage":{"@id":"https:\/\/costablanca-magazin.com\/fr\/immobilien\/service-recht\/dynamische-entwicklung-der-bautaetigkeit-in-marina-alta\/#webpage"},"isPartOf":{"@id":"https:\/\/costablanca-magazin.com\/fr\/immobilien\/service-recht\/dynamische-entwicklung-der-bautaetigkeit-in-marina-alta\/#webpage"},"articleSection":"Service &amp; Recht, Wirtschaft"},{"@type":"BreadcrumbList","@id":"https:\/\/costablanca-magazin.com\/fr\/immobilien\/service-recht\/dynamische-entwicklung-der-bautaetigkeit-in-marina-alta\/#breadcrumblist","itemListElement":[{"@type":"ListItem","@id":"https:\/\/costablanca-magazin.com\/fr#listItem","position":1,"name":"Home","item":"https:\/\/costablanca-magazin.com\/fr","nextItem":{"@type":"ListItem","@id":"https:\/\/costablanca-magazin.com\/fr\/service-recht\/#listItem","name":"Service &amp; Recht"}},{"@type":"ListItem","@id":"https:\/\/costablanca-magazin.com\/fr\/service-recht\/#listItem","position":2,"name":"Service &amp; Recht","previousItem":{"@type":"ListItem","@id":"https:\/\/costablanca-magazin.com\/fr#listItem","name":"Home"}}]},{"@type":"Organization","@id":"https:\/\/costablanca-magazin.com\/fr\/#organization","name":"Costa Blanca Magazin","description":"Costa Blanca Magazin","url":"https:\/\/costablanca-magazin.com\/fr\/","email":"info@costablanca-magazin.com","telephone":"+34 663 946 871","logo":{"@type":"ImageObject","url":"https:\/\/costablanca-magazin.com\/wp-content\/uploads\/2024\/05\/logo.jpg","@id":"https:\/\/costablanca-magazin.com\/fr\/immobilien\/service-recht\/dynamische-entwicklung-der-bautaetigkeit-in-marina-alta\/#organizationLogo","width":1605,"height":236,"caption":"Costa Blanca Magazin"},"image":{"@id":"https:\/\/costablanca-magazin.com\/fr\/immobilien\/service-recht\/dynamische-entwicklung-der-bautaetigkeit-in-marina-alta\/#organizationLogo"},"sameAs":["https:\/\/www.facebook.com\/costablancalifestyle\/","https:\/\/www.instagram.com\/costablancamagazin\/"],"address":{"@id":"https:\/\/costablanca-magazin.com\/fr\/#postaladdress","@type":"PostalAddress","streetAddress":"C\/Marina 104, 1\u00b0, Local 7","postalCode":"07620","addressLocality":"Llucmajor","addressRegion":"Baleares","addressCountry":"ES"},"taxID":"ESB57951659"},{"@type":"Person","@id":"https:\/\/costablanca-magazin.com\/fr\/author\/costablanca-magazin-redaktion\/#author","url":"https:\/\/costablanca-magazin.com\/fr\/author\/costablanca-magazin-redaktion\/","name":"Costablanca Magazin Redaktion"},{"@type":"WebPage","@id":"https:\/\/costablanca-magazin.com\/fr\/immobilien\/service-recht\/dynamische-entwicklung-der-bautaetigkeit-in-marina-alta\/#webpage","url":"https:\/\/costablanca-magazin.com\/fr\/immobilien\/service-recht\/dynamische-entwicklung-der-bautaetigkeit-in-marina-alta\/","name":"Baut\u00e4tigkeit in Marina Alta: D\u00e9nia und Umgebung erleben","description":"Die Region Marina Alta in der Provinz Alicante verzeichnet eine beachtliche Baut\u00e4tigkeit, insbesondere in den Gemeinden D\u00e9nia, X\u00e0bia und Calp.","inLanguage":"fr-FR","isPartOf":{"@id":"https:\/\/costablanca-magazin.com\/fr\/#website"},"breadcrumb":{"@id":"https:\/\/costablanca-magazin.com\/fr\/immobilien\/service-recht\/dynamische-entwicklung-der-bautaetigkeit-in-marina-alta\/#breadcrumblist"},"author":{"@id":"https:\/\/costablanca-magazin.com\/fr\/author\/costablanca-magazin-redaktion\/#author"},"creator":{"@id":"https:\/\/costablanca-magazin.com\/fr\/author\/costablanca-magazin-redaktion\/#author"},"image":{"@type":"ImageObject","url":"https:\/\/costablanca-magazin.com\/wp-content\/uploads\/2024\/07\/crane-on-construction-site-at-sunset-2023-11-27-05-22-33-utc-scaled.jpg","@id":"https:\/\/costablanca-magazin.com\/fr\/immobilien\/service-recht\/dynamische-entwicklung-der-bautaetigkeit-in-marina-alta\/#mainImage","width":2560,"height":1707,"caption":"Baut\u00e4tigkeit in Marina Alta"},"primaryImageOfPage":{"@id":"https:\/\/costablanca-magazin.com\/fr\/immobilien\/service-recht\/dynamische-entwicklung-der-bautaetigkeit-in-marina-alta\/#mainImage"},"datePublished":"2024-07-09T11:04:21+02:00","dateModified":"2026-07-08T07:19:38+02:00"},{"@type":"WebSite","@id":"https:\/\/costablanca-magazin.com\/fr\/#website","url":"https:\/\/costablanca-magazin.com\/fr\/","name":"Costa Blanca Magazin","description":"Costa Blanca - alles um das Leben und die Freizeit an der K\u00fcste","inLanguage":"fr-FR","publisher":{"@id":"https:\/\/costablanca-magazin.com\/fr\/#organization"}}]},"og:locale":"fr_FR","og:site_name":"Costa Blanca Magazin","og:type":"article","og:title":"Dynamische Entwicklung der Baut\u00e4tigkeit in Marina Alta","og:description":"Die Region Marina Alta in der Provinz Alicante verzeichnet eine beachtliche Baut\u00e4tigkeit, insbesondere in den Gemeinden D\u00e9nia, X\u00e0bia und Calp.","og:url":"https:\/\/costablanca-magazin.com\/fr\/immobilien\/service-recht\/dynamische-entwicklung-der-bautaetigkeit-in-marina-alta\/","og:image":"https:\/\/costablanca-magazin.com\/wp-content\/uploads\/2024\/07\/crane-on-construction-site-at-sunset-2023-11-27-05-22-33-utc-scaled.jpg","og:image:secure_url":"https:\/\/costablanca-magazin.com\/wp-content\/uploads\/2024\/07\/crane-on-construction-site-at-sunset-2023-11-27-05-22-33-utc-scaled.jpg","article:published_time":"2024-07-09T09:04:21+00:00","article:modified_time":"2026-07-08T05:19:38+00:00","article:publisher":"https:\/\/www.facebook.com\/costablancalifestyle\/","twitter:card":"summary_large_image","twitter:title":"Dynamische Entwicklung der Baut\u00e4tigkeit in Marina Alta","twitter:description":"Die Region Marina Alta in der Provinz Alicante verzeichnet eine beachtliche Baut\u00e4tigkeit, insbesondere in den Gemeinden D\u00e9nia, X\u00e0bia und Calp.","twitter:image":"https:\/\/costablanca-magazin.com\/wp-content\/uploads\/2024\/07\/crane-on-construction-site-at-sunset-2023-11-27-05-22-33-utc-scaled.jpg"},"aioseo_meta_data":{"post_id":"7950","title":"Service und Recht an der Costa Blanca-Infos, Tipps &\u2026","description":"Informationen, praktische Service-Tipps und wichtige Neuerungen zum Leben an der Costa Blanca \u2013 von Aufenthaltsrecht \u00fcber Versicherungen bis hin\u2026","keywords":null,"keyphrases":{"focus":{"keyphrase":"","score":0,"analysis":{"keyphraseInTitle":{"score":0,"maxScore":9,"error":1}}},"additional":[]},"primary_term":null,"canonical_url":"https:\/\/costablanca-magazin.com\/immobilien\/","og_title":null,"og_description":null,"og_object_type":"default","og_image_type":"default","og_image_url":null,"og_image_width":null,"og_image_height":null,"og_image_custom_url":null,"og_image_custom_fields":null,"og_video":"","og_custom_url":null,"og_article_section":null,"og_article_tags":null,"twitter_use_og":false,"twitter_card":"default","twitter_image_type":"default","twitter_image_url":null,"twitter_image_custom_url":null,"twitter_image_custom_fields":null,"twitter_title":null,"twitter_description":null,"schema":{"blockGraphs":[],"customGraphs":[],"default":{"data":{"Article":[],"Course":[],"Dataset":[],"FAQPage":[],"Movie":[],"Person":[],"Product":[],"ProductReview":[],"Car":[],"Recipe":[],"Service":[],"SoftwareApplication":[],"WebPage":[]},"graphName":"WebPage","isEnabled":true},"graphs":[]},"schema_type":"default","schema_type_options":null,"pillar_content":false,"robots_default":true,"robots_noindex":false,"robots_noarchive":false,"robots_nosnippet":false,"robots_nofollow":false,"robots_noimageindex":false,"robots_noodp":false,"robots_notranslate":false,"robots_max_snippet":"-1","robots_max_videopreview":"-1","robots_max_imagepreview":"large","priority":null,"frequency":"default","local_seo":null,"seo_analyzer_scan_date":"2026-05-08 11:37:02","breadcrumb_settings":null,"limit_modified_date":false,"reviewed_by":null,"open_ai":null,"ai":{"faqs":[],"keyPoints":[],"titles":[],"descriptions":[],"socialPosts":{"email":[],"linkedin":[],"twitter":[],"facebook":[],"instagram":[]}},"created":"2025-07-07 18:17:42","updated":"2026-05-08 11:37:02","focus_keyword":null,"additional_keywords":null,"truseo_locale":null},"aioseo_breadcrumb":"<div class=\"aioseo-breadcrumbs\"><span class=\"aioseo-breadcrumb\">\n\t<a href=\"https:\/\/costablanca-magazin.com\/fr\" title=\"Home\">Home<\/a>\n<\/span><span class=\"aioseo-breadcrumb-separator\">&raquo;<\/span><span class=\"aioseo-breadcrumb\">\n\tService &amp; Recht\n<\/span><\/div>","aioseo_breadcrumb_json":[{"label":"Home","link":"https:\/\/costablanca-magazin.com\/fr"},{"label":"Service &amp; Recht","link":"https:\/\/costablanca-magazin.com\/fr\/service-recht\/"}],"_links":{"self":[{"href":"https:\/\/costablanca-magazin.com\/fr\/wp-json\/wp\/v2\/pages\/7950","targetHints":{"allow":["GET"]}}],"collection":[{"href":"https:\/\/costablanca-magazin.com\/fr\/wp-json\/wp\/v2\/pages"}],"about":[{"href":"https:\/\/costablanca-magazin.com\/fr\/wp-json\/wp\/v2\/types\/page"}],"author":[{"embeddable":true,"href":"https:\/\/costablanca-magazin.com\/fr\/wp-json\/wp\/v2\/users\/1"}],"replies":[{"embeddable":true,"href":"https:\/\/costablanca-magazin.com\/fr\/wp-json\/wp\/v2\/comments?post=7950"}],"version-history":[{"count":11,"href":"https:\/\/costablanca-magazin.com\/fr\/wp-json\/wp\/v2\/pages\/7950\/revisions"}],"predecessor-version":[{"id":11602,"href":"https:\/\/costablanca-magazin.com\/fr\/wp-json\/wp\/v2\/pages\/7950\/revisions\/11602"}],"wp:attachment":[{"href":"https:\/\/costablanca-magazin.com\/fr\/wp-json\/wp\/v2\/media?parent=7950"}],"curies":[{"name":"wp","href":"https:\/\/api.w.org\/{rel}","templated":true}]}}