{"id":7938,"date":"2025-07-07T20:09:35","date_gmt":"2025-07-07T18:09:35","guid":{"rendered":"https:\/\/costablanca-magazin.com\/?page_id=7938"},"modified":"2026-02-11T11:54:57","modified_gmt":"2026-02-11T10:54:57","slug":"servicio-empresarial","status":"publish","type":"page","link":"https:\/\/costablanca-magazin.com\/es\/business-service\/","title":{"rendered":"Empresas y servicios"},"content":{"rendered":"<div data-elementor-type=\"wp-page\" data-elementor-id=\"7938\" class=\"elementor elementor-7938\" data-elementor-post-type=\"page\">\n\t\t\t\t<div class=\"elementor-element elementor-element-fe8fa7b e-flex e-con-boxed e-con e-parent\" data-id=\"fe8fa7b\" data-element_type=\"container\" data-e-type=\"container\">\n\t\t\t\t\t<div class=\"e-con-inner\">\n\t\t\t\t<div class=\"elementor-element elementor-element-cbe2e30 elementor-widget elementor-widget-heading\" data-id=\"cbe2e30\" data-element_type=\"widget\" data-e-type=\"widget\" data-widget_type=\"heading.default\">\n\t\t\t\t<div class=\"elementor-widget-container\">\n\t\t\t\t\t<h1 class=\"elementor-heading-title elementor-size-default\">Local - Empresas y servicios<\/h1>\t\t\t\t<\/div>\n\t\t\t\t<\/div>\n\t\t\t\t\t<\/div>\n\t\t\t\t<\/div>\n\t\t<div class=\"elementor-element elementor-element-ba20756 e-flex e-con-boxed e-con e-parent\" data-id=\"ba20756\" data-element_type=\"container\" data-e-type=\"container\">\n\t\t\t\t\t<div class=\"e-con-inner\">\n\t\t\t\t<div class=\"elementor-element elementor-element-dcec087 elementor-grid-3 elementor-grid-tablet-2 elementor-grid-mobile-1 elementor-posts--thumbnail-top elementor-card-shadow-yes elementor-posts__hover-gradient elementor-widget elementor-widget-posts\" data-id=\"dcec087\" data-element_type=\"widget\" data-e-type=\"widget\" data-settings=\"{&quot;pagination_type&quot;:&quot;numbers&quot;,&quot;cards_columns&quot;:&quot;3&quot;,&quot;cards_columns_tablet&quot;:&quot;2&quot;,&quot;cards_columns_mobile&quot;:&quot;1&quot;,&quot;cards_row_gap&quot;:{&quot;unit&quot;:&quot;px&quot;,&quot;size&quot;:35,&quot;sizes&quot;:[]},&quot;cards_row_gap_tablet&quot;:{&quot;unit&quot;:&quot;px&quot;,&quot;size&quot;:&quot;&quot;,&quot;sizes&quot;:[]},&quot;cards_row_gap_mobile&quot;:{&quot;unit&quot;:&quot;px&quot;,&quot;size&quot;:&quot;&quot;,&quot;sizes&quot;:[]}}\" data-widget_type=\"posts.cards\">\n\t\t\t\t<div class=\"elementor-widget-container\">\n\t\t\t\t\t\t\t<div class=\"elementor-posts-container elementor-posts elementor-posts--skin-cards elementor-grid\" role=\"list\">\n\t\t\t\t<article class=\"elementor-post elementor-grid-item post-11330 post type-post status-publish format-standard has-post-thumbnail hentry category-business-service tag-karfreitag-supermaerkte-spanien-geoeffnet tag-oeffnungszeiten-supermarkt-costa-blanca tag-ostermontag-costa-blanca-geschaefte tag-pepe-la-sal-oeffnungszeiten-ostern tag-supermaerkte-costa-blanca-ostern-2026\" role=\"listitem\">\n\t\t\t<div class=\"elementor-post__card\">\n\t\t\t\t<a class=\"elementor-post__thumbnail__link\" href=\"https:\/\/costablanca-magazin.com\/es\/lokales\/business-service\/supermaerkte-costa-blanca-ostern-2026-oeffnungszeiten-im-ueberblick\/\" tabindex=\"-1\" ><div class=\"elementor-post__thumbnail\"><img fetchpriority=\"high\" decoding=\"async\" width=\"300\" height=\"200\" src=\"https:\/\/costablanca-magazin.com\/wp-content\/uploads\/2026\/03\/wooden-sign-hanging-on-a-glass-door-showing-open-i-2026-01-09-06-34-23-utc-300x200.jpg\" class=\"attachment-medium size-medium wp-image-11331\" alt=\"Supermercados Costa Blanca Semana Santa 2026: Qui\u00e9n abre y cu\u00e1ndo\" srcset=\"https:\/\/costablanca-magazin.com\/wp-content\/uploads\/2026\/03\/wooden-sign-hanging-on-a-glass-door-showing-open-i-2026-01-09-06-34-23-utc-300x200.jpg 300w, https:\/\/costablanca-magazin.com\/wp-content\/uploads\/2026\/03\/wooden-sign-hanging-on-a-glass-door-showing-open-i-2026-01-09-06-34-23-utc-1024x683.jpg 1024w, https:\/\/costablanca-magazin.com\/wp-content\/uploads\/2026\/03\/wooden-sign-hanging-on-a-glass-door-showing-open-i-2026-01-09-06-34-23-utc-768x512.jpg 768w, https:\/\/costablanca-magazin.com\/wp-content\/uploads\/2026\/03\/wooden-sign-hanging-on-a-glass-door-showing-open-i-2026-01-09-06-34-23-utc-1536x1024.jpg 1536w, https:\/\/costablanca-magazin.com\/wp-content\/uploads\/2026\/03\/wooden-sign-hanging-on-a-glass-door-showing-open-i-2026-01-09-06-34-23-utc-2048x1366.jpg 2048w, https:\/\/costablanca-magazin.com\/wp-content\/uploads\/2026\/03\/wooden-sign-hanging-on-a-glass-door-showing-open-i-2026-01-09-06-34-23-utc-18x12.jpg 18w\" sizes=\"(max-width: 300px) 100vw, 300px\" \/><\/div><\/a>\n\t\t\t\t<div class=\"elementor-post__badge\">Empresas y servicios<\/div>\n\t\t\t\t<div class=\"elementor-post__text\">\n\t\t\t\t<h2 class=\"elementor-post__title\">\n\t\t\t<a href=\"https:\/\/costablanca-magazin.com\/es\/lokales\/business-service\/supermaerkte-costa-blanca-ostern-2026-oeffnungszeiten-im-ueberblick\/\" >\n\t\t\t\tSupermercados Costa Blanca Semana Santa 2026: Horarios de apertura\t\t\t<\/a>\n\t\t<\/h2>\n\t\t\t\t<div class=\"elementor-post__excerpt\">\n\t\t\t<p>Supermercados Costa Blanca Semana Santa 2026 - Horarios de apertura de un vistazo El Viernes Santo y el Lunes de Pascua son d\u00edas festivos - muchos mercados permanecen cerrados. El Domingo de Resurrecci\u00f3n no es festivo, pero tambi\u00e9n est\u00e1 restringido.En torno a Semana Santa, el horario habitual cambia en la Costa Blanca. Mientras que la Semana Santa domina la vida p\u00fablica en muchos pueblos y ciudades<\/p>\n\t\t<\/div>\n\t\t\n\t\t<a class=\"elementor-post__read-more\" href=\"https:\/\/costablanca-magazin.com\/es\/lokales\/business-service\/supermaerkte-costa-blanca-ostern-2026-oeffnungszeiten-im-ueberblick\/\" aria-label=\"M\u00e1s informaci\u00f3n sobre Superm\u00e4rkte Costa Blanca Ostern 2026: \u00d6ffnungszeiten im \u00dcberblick\" tabindex=\"-1\" >\n\t\t\tLeer m\u00e1s \u00bb\t\t<\/a>\n\n\t\t\t\t<\/div>\n\t\t\t\t\t<\/div>\n\t\t<\/article>\n\t\t\t\t<article class=\"elementor-post elementor-grid-item post-10836 post type-post status-publish format-standard has-post-thumbnail hentry category-business-service tag-arbeit-alicante tag-arbeit-torrevieja tag-arbeiten-in-spanien-als-resident tag-jobs-costa-blanca tag-labora-comunidad-valenciana tag-stellenangebote-denia\" role=\"listitem\">\n\t\t\t<div class=\"elementor-post__card\">\n\t\t\t\t<a class=\"elementor-post__thumbnail__link\" href=\"https:\/\/costablanca-magazin.com\/es\/lokales\/business-service\/arbeit-an-der-costa-blanca-jobs-labora-anerkennung-2026\/\" tabindex=\"-1\" ><div class=\"elementor-post__thumbnail\"><img decoding=\"async\" width=\"300\" height=\"200\" src=\"https:\/\/costablanca-magazin.com\/wp-content\/uploads\/2026\/03\/bearded-developer-using-laptop-on-blue-with-websi-2024-11-18-12-57-15-utc-300x200.jpg\" class=\"attachment-medium size-medium wp-image-10845\" alt=\"Buscar trabajo Costa Blanca 2026: Encontrar trabajo de D\u00e9nia a La Zenia | Portale, Labora &amp; Recognition\" srcset=\"https:\/\/costablanca-magazin.com\/wp-content\/uploads\/2026\/03\/bearded-developer-using-laptop-on-blue-with-websi-2024-11-18-12-57-15-utc-300x200.jpg 300w, https:\/\/costablanca-magazin.com\/wp-content\/uploads\/2026\/03\/bearded-developer-using-laptop-on-blue-with-websi-2024-11-18-12-57-15-utc-1024x684.jpg 1024w, https:\/\/costablanca-magazin.com\/wp-content\/uploads\/2026\/03\/bearded-developer-using-laptop-on-blue-with-websi-2024-11-18-12-57-15-utc-768x513.jpg 768w, https:\/\/costablanca-magazin.com\/wp-content\/uploads\/2026\/03\/bearded-developer-using-laptop-on-blue-with-websi-2024-11-18-12-57-15-utc-1536x1025.jpg 1536w, https:\/\/costablanca-magazin.com\/wp-content\/uploads\/2026\/03\/bearded-developer-using-laptop-on-blue-with-websi-2024-11-18-12-57-15-utc-2048x1367.jpg 2048w, https:\/\/costablanca-magazin.com\/wp-content\/uploads\/2026\/03\/bearded-developer-using-laptop-on-blue-with-websi-2024-11-18-12-57-15-utc-18x12.jpg 18w\" sizes=\"(max-width: 300px) 100vw, 300px\" \/><\/div><\/a>\n\t\t\t\t<div class=\"elementor-post__badge\">Empresas y servicios<\/div>\n\t\t\t\t<div class=\"elementor-post__text\">\n\t\t\t\t<h2 class=\"elementor-post__title\">\n\t\t\t<a href=\"https:\/\/costablanca-magazin.com\/es\/lokales\/business-service\/arbeit-an-der-costa-blanca-jobs-labora-anerkennung-2026\/\" >\n\t\t\t\tTrabajo en la Costa Blanca - Empleo, Labora, Reconocimiento 2026\t\t\t<\/a>\n\t\t<\/h2>\n\t\t\t\t<div class=\"elementor-post__excerpt\">\n\t\t\t<p>Encontrar trabajo en la Costa Blanca: Empleo, Labora, Reconocimiento 2026 B\u00fasqueda de empleo en la Costa Blanca: Las mejores formas de encontrar trabajo entre D\u00e9nia y La Zenia - portales de empleo activos, Labora, redes y reconocimiento de cualificaciones. Quien empieza una nueva carrera en la Costa Blanca se mueve en un mercado heterog\u00e9neo. Entre D\u00e9nia<\/p>\n\t\t<\/div>\n\t\t\n\t\t<a class=\"elementor-post__read-more\" href=\"https:\/\/costablanca-magazin.com\/es\/lokales\/business-service\/arbeit-an-der-costa-blanca-jobs-labora-anerkennung-2026\/\" aria-label=\"M\u00e1s informaci\u00f3n sobre Arbeit an der Costa Blanca &#8211; Jobs, Labora, Anerkennung 2026\" tabindex=\"-1\" >\n\t\t\tLeer m\u00e1s \u00bb\t\t<\/a>\n\n\t\t\t\t<\/div>\n\t\t\t\t\t<\/div>\n\t\t<\/article>\n\t\t\t\t<article class=\"elementor-post elementor-grid-item post-8501 post type-post status-publish format-standard has-post-thumbnail hentry category-business-service tag-deutsche-qualitaetskuechen tag-exclusiv-kitchens-la-nucia tag-kuechen-mit-konzept tag-kuechen-showroom-la-nucia tag-kuechendesign-costa-blanca tag-preisvorteil-kuechen\" role=\"listitem\">\n\t\t\t<div class=\"elementor-post__card\">\n\t\t\t\t<a class=\"elementor-post__thumbnail__link\" href=\"https:\/\/costablanca-magazin.com\/es\/lokales\/business-service\/exclusive-kitchens-la-nucia-kuechen-mit-konzept\/\" tabindex=\"-1\" ><div class=\"elementor-post__thumbnail\"><img decoding=\"async\" width=\"300\" height=\"136\" src=\"https:\/\/costablanca-magazin.com\/wp-content\/uploads\/2025\/08\/Exclusiv-Kitchens-01-1920w-300x136.jpg\" class=\"attachment-medium size-medium wp-image-8504\" alt=\"Cocinas con concepto: trabajo a medida, calidad de marca y aut\u00e9nticas ventajas de precio 1\" srcset=\"https:\/\/costablanca-magazin.com\/wp-content\/uploads\/2025\/08\/Exclusiv-Kitchens-01-1920w-300x136.jpg 300w, https:\/\/costablanca-magazin.com\/wp-content\/uploads\/2025\/08\/Exclusiv-Kitchens-01-1920w.jpg 602w\" sizes=\"(max-width: 300px) 100vw, 300px\" \/><\/div><\/a>\n\t\t\t\t<div class=\"elementor-post__badge\">Empresas y servicios<\/div>\n\t\t\t\t<div class=\"elementor-post__text\">\n\t\t\t\t<h2 class=\"elementor-post__title\">\n\t\t\t<a href=\"https:\/\/costablanca-magazin.com\/es\/lokales\/business-service\/exclusive-kitchens-la-nucia-kuechen-mit-konzept\/\" >\n\t\t\t\tCocinas Exclusivas La Nucia - Cocinas con concepto\t\t\t<\/a>\n\t\t<\/h2>\n\t\t\t\t<div class=\"elementor-post__excerpt\">\n\t\t\t<p>Exclusiv Kitchens La Nucia - Cocinas con un concepto Cocinas de calidad alemana, materiales de alta calidad y claras ventajas de precio - una mirada detr\u00e1s del concepto de Exclusiv Kitchens, que ahora se lanza en La Nuc\u00eda. \u00bfEst\u00e1 planeando una nueva cocina en la Costa Blanca? Con ATM Cocinas como parte de Exclusiv Kitchens, no tiene por qu\u00e9 ser una tarea econ\u00f3micamente desalentadora.<\/p>\n\t\t<\/div>\n\t\t\n\t\t<a class=\"elementor-post__read-more\" href=\"https:\/\/costablanca-magazin.com\/es\/lokales\/business-service\/exclusive-kitchens-la-nucia-kuechen-mit-konzept\/\" aria-label=\"M\u00e1s informaci\u00f3n sobre Exclusive Kitchens La Nucia &#8211; K\u00fcchen mit Konzept\" tabindex=\"-1\" >\n\t\t\tLeer m\u00e1s \u00bb\t\t<\/a>\n\n\t\t\t\t<\/div>\n\t\t\t\t\t<\/div>\n\t\t<\/article>\n\t\t\t\t<article class=\"elementor-post elementor-grid-item post-8276 post type-post status-publish format-standard has-post-thumbnail hentry category-business-service tag-brillenboutique-costa-blanca tag-designerbrillen-spanien tag-luxus-sonnenbrillen tag-olivers-optica tag-optiker-albir tag-sehtest-el-albir\" role=\"listitem\">\n\t\t\t<div class=\"elementor-post__card\">\n\t\t\t\t<a class=\"elementor-post__thumbnail__link\" href=\"https:\/\/costablanca-magazin.com\/es\/lokales\/business-service\/olivers-optica-sehgenuss-trifft-stilkompetenz\/\" tabindex=\"-1\" ><div class=\"elementor-post__thumbnail\"><img loading=\"lazy\" decoding=\"async\" width=\"200\" height=\"300\" src=\"https:\/\/costablanca-magazin.com\/wp-content\/uploads\/2025\/07\/OpticaOliver1-200x300.jpg\" class=\"attachment-medium size-medium wp-image-8289\" alt=\"\u00d3ptica Oliver Albir 10\" srcset=\"https:\/\/costablanca-magazin.com\/wp-content\/uploads\/2025\/07\/OpticaOliver1-200x300.jpg 200w, https:\/\/costablanca-magazin.com\/wp-content\/uploads\/2025\/07\/OpticaOliver1-684x1024.jpg 684w, https:\/\/costablanca-magazin.com\/wp-content\/uploads\/2025\/07\/OpticaOliver1-768x1151.jpg 768w, https:\/\/costablanca-magazin.com\/wp-content\/uploads\/2025\/07\/OpticaOliver1.jpg 801w\" sizes=\"(max-width: 200px) 100vw, 200px\" \/><\/div><\/a>\n\t\t\t\t<div class=\"elementor-post__badge\">Empresas y servicios<\/div>\n\t\t\t\t<div class=\"elementor-post__text\">\n\t\t\t\t<h2 class=\"elementor-post__title\">\n\t\t\t<a href=\"https:\/\/costablanca-magazin.com\/es\/lokales\/business-service\/olivers-optica-sehgenuss-trifft-stilkompetenz\/\" >\n\t\t\t\tOliver's Optica: el placer visual se une a la experiencia en estilo\t\t\t<\/a>\n\t\t<\/h2>\n\t\t\t\t<div class=\"elementor-post__excerpt\">\n\t\t\t<p>Oliver's Optica: el placer visual se une a la experiencia en estilo Aseg\u00farese ahora el 50% en gafas de sol de lujo seleccionadas \u00bfQui\u00e9n dice que la buena visi\u00f3n y el gran estilo no van de la mano? Oliver's Optica de El Albir demuestra lo contrario cada d\u00eda. En la elegante boutique de la Avda. \u00d3scar Espl\u00e1 7, todo gira en torno a la calidad, la precisi\u00f3n y el estilo.<\/p>\n\t\t<\/div>\n\t\t\n\t\t<a class=\"elementor-post__read-more\" href=\"https:\/\/costablanca-magazin.com\/es\/lokales\/business-service\/olivers-optica-sehgenuss-trifft-stilkompetenz\/\" aria-label=\"M\u00e1s informaci\u00f3n sobre Oliver\u2019s Optica \u2013 Sehgenuss trifft Stilkompetenz\" tabindex=\"-1\" >\n\t\t\tLeer m\u00e1s \u00bb\t\t<\/a>\n\n\t\t\t\t<\/div>\n\t\t\t\t\t<\/div>\n\t\t<\/article>\n\t\t\t\t<article class=\"elementor-post elementor-grid-item post-8117 post type-post status-publish format-standard has-post-thumbnail hentry category-business-service tag-abfall-entsorgen-per-app tag-consorci-mare-citizen tag-muelltrennung-marina-alta tag-recycling-app-spanien tag-recycling-punkte-sammeln tag-umweltbildung-costa-blanca\" role=\"listitem\">\n\t\t\t<div class=\"elementor-post__card\">\n\t\t\t\t<a class=\"elementor-post__thumbnail__link\" href=\"https:\/\/costablanca-magazin.com\/es\/lokales\/business-service\/consorci-mare-setzt-auf-digitale-umweltbildung\/\" tabindex=\"-1\" ><div class=\"elementor-post__thumbnail\"><img loading=\"lazy\" decoding=\"async\" width=\"300\" height=\"199\" src=\"https:\/\/costablanca-magazin.com\/wp-content\/uploads\/2025\/07\/Consorci-MARE-Citizen-\u2013-Apps-bei-Google-Play-\u2013-Mozilla-Firefox-300x199.jpg\" class=\"attachment-medium size-medium wp-image-8121\" alt=\"Reciclaje mediante una aplicaci\u00f3n: Consorci MARE apuesta por la educaci\u00f3n medioambiental digital 2\" srcset=\"https:\/\/costablanca-magazin.com\/wp-content\/uploads\/2025\/07\/Consorci-MARE-Citizen-\u2013-Apps-bei-Google-Play-\u2013-Mozilla-Firefox-300x199.jpg 300w, https:\/\/costablanca-magazin.com\/wp-content\/uploads\/2025\/07\/Consorci-MARE-Citizen-\u2013-Apps-bei-Google-Play-\u2013-Mozilla-Firefox-1024x680.jpg 1024w, https:\/\/costablanca-magazin.com\/wp-content\/uploads\/2025\/07\/Consorci-MARE-Citizen-\u2013-Apps-bei-Google-Play-\u2013-Mozilla-Firefox-768x510.jpg 768w, https:\/\/costablanca-magazin.com\/wp-content\/uploads\/2025\/07\/Consorci-MARE-Citizen-\u2013-Apps-bei-Google-Play-\u2013-Mozilla-Firefox.jpg 1520w\" sizes=\"(max-width: 300px) 100vw, 300px\" \/><\/div><\/a>\n\t\t\t\t<div class=\"elementor-post__badge\">Empresas y servicios<\/div>\n\t\t\t\t<div class=\"elementor-post__text\">\n\t\t\t\t<h2 class=\"elementor-post__title\">\n\t\t\t<a href=\"https:\/\/costablanca-magazin.com\/es\/lokales\/business-service\/consorci-mare-setzt-auf-digitale-umweltbildung\/\" >\n\t\t\t\tEl Consorcio MARE se centra en la educaci\u00f3n medioambiental digital\t\t\t<\/a>\n\t\t<\/h2>\n\t\t\t\t<div class=\"elementor-post__excerpt\">\n\t\t\t<p>Reciclaje v\u00eda app - El Consorcio MARE apuesta por la educaci\u00f3n ambiental digital La nueva aplicaci\u00f3n premia los comportamientos respetuosos con el medio ambiente y aporta m\u00e1s claridad al reciclaje cotidiano Con una nueva app gratuita, el Consorcio de Residuos MARE quiere simplificar los comportamientos de reciclaje en 52 municipios de la Marina Alta y Baixa - y premiarlos al mismo tiempo. La aplicaci\u00f3n \u201eConsorcio MARE<\/p>\n\t\t<\/div>\n\t\t\n\t\t<a class=\"elementor-post__read-more\" href=\"https:\/\/costablanca-magazin.com\/es\/lokales\/business-service\/consorci-mare-setzt-auf-digitale-umweltbildung\/\" aria-label=\"M\u00e1s informaci\u00f3n sobre Consorci MARE setzt auf digitale Umweltbildung\" tabindex=\"-1\" >\n\t\t\tLeer m\u00e1s \u00bb\t\t<\/a>\n\n\t\t\t\t<\/div>\n\t\t\t\t\t<\/div>\n\t\t<\/article>\n\t\t\t\t<article class=\"elementor-post elementor-grid-item post-7671 post type-post status-publish format-standard has-post-thumbnail hentry category-business-service tag-beglaubigte-uebersetzung tag-costa-blanca-2 tag-profesionelle-uebersetzungen tag-uebersetzer-costablanca tag-uebersetzungen-denia\" role=\"listitem\">\n\t\t\t<div class=\"elementor-post__card\">\n\t\t\t\t<a class=\"elementor-post__thumbnail__link\" href=\"https:\/\/costablanca-magazin.com\/es\/lokales\/business-service\/profi-uebersetzungen-an-der-costa-blanca\/\" tabindex=\"-1\" ><div class=\"elementor-post__thumbnail\"><img loading=\"lazy\" decoding=\"async\" width=\"300\" height=\"200\" src=\"https:\/\/costablanca-magazin.com\/wp-content\/uploads\/2025\/06\/dictionary-definition-of-word-2025-02-25-20-48-49-utc-300x200.jpg\" class=\"attachment-medium size-medium wp-image-7673\" alt=\"Cuando cada palabra cuenta: traducciones profesionales en la Costa Blanca\" srcset=\"https:\/\/costablanca-magazin.com\/wp-content\/uploads\/2025\/06\/dictionary-definition-of-word-2025-02-25-20-48-49-utc-300x200.jpg 300w, https:\/\/costablanca-magazin.com\/wp-content\/uploads\/2025\/06\/dictionary-definition-of-word-2025-02-25-20-48-49-utc-1024x683.jpg 1024w, https:\/\/costablanca-magazin.com\/wp-content\/uploads\/2025\/06\/dictionary-definition-of-word-2025-02-25-20-48-49-utc-768x512.jpg 768w, https:\/\/costablanca-magazin.com\/wp-content\/uploads\/2025\/06\/dictionary-definition-of-word-2025-02-25-20-48-49-utc.jpg 1200w\" sizes=\"(max-width: 300px) 100vw, 300px\" \/><\/div><\/a>\n\t\t\t\t<div class=\"elementor-post__badge\">Empresas y servicios<\/div>\n\t\t\t\t<div class=\"elementor-post__text\">\n\t\t\t\t<h2 class=\"elementor-post__title\">\n\t\t\t<a href=\"https:\/\/costablanca-magazin.com\/es\/lokales\/business-service\/profi-uebersetzungen-an-der-costa-blanca\/\" >\n\t\t\t\tCada palabra cuenta - traducciones profesionales en la Costa Blanca\t\t\t<\/a>\n\t\t<\/h2>\n\t\t\t\t<div class=\"elementor-post__excerpt\">\n\t\t\t<p>Cuando cada palabra cuenta - traducciones profesionales en la Costa Blanca Por qu\u00e9 la traductora jurada Friederike Ott de D\u00e9nia ofrece algo m\u00e1s que una mera transferencia ling\u00fc\u00edstica Cualquiera que viva o invierta en la Costa Blanca se encontrar\u00e1 tarde o temprano con papeleo: contratos, escrituras, certificados - todo en espa\u00f1ol, todo a menudo complejo. Y aqu\u00ed es exactamente donde<\/p>\n\t\t<\/div>\n\t\t\n\t\t<a class=\"elementor-post__read-more\" href=\"https:\/\/costablanca-magazin.com\/es\/lokales\/business-service\/profi-uebersetzungen-an-der-costa-blanca\/\" aria-label=\"M\u00e1s informaci\u00f3n sobre Jedes Wort z\u00e4hlt \u2013 Profi \u00dcbersetzungen an der Costa Blanca\" tabindex=\"-1\" >\n\t\t\tLeer m\u00e1s \u00bb\t\t<\/a>\n\n\t\t\t\t<\/div>\n\t\t\t\t\t<\/div>\n\t\t<\/article>\n\t\t\t\t<article class=\"elementor-post elementor-grid-item post-6907 post type-post status-publish format-standard has-post-thumbnail hentry category-business-service tag-messe-costa-blanca tag-netzwerk-treffen-costa-blanca tag-unternehmer-messe\" role=\"listitem\">\n\t\t\t<div class=\"elementor-post__card\">\n\t\t\t\t<a class=\"elementor-post__thumbnail__link\" href=\"https:\/\/costablanca-magazin.com\/es\/lokales\/business-service\/gelungener-auftakt-fuer-unternehmer-netzwerk-costa-blanca\/\" tabindex=\"-1\" ><div class=\"elementor-post__thumbnail\"><img loading=\"lazy\" decoding=\"async\" width=\"300\" height=\"225\" src=\"https:\/\/costablanca-magazin.com\/wp-content\/uploads\/2025\/05\/Netzwerktreffen-Denia-Kerstin-Kleine-Rahn-16-300x225.jpg\" class=\"attachment-medium size-medium wp-image-6937\" alt=\"Reuni\u00f3n de red Denia Kerstin Kleine 15\" srcset=\"https:\/\/costablanca-magazin.com\/wp-content\/uploads\/2025\/05\/Netzwerktreffen-Denia-Kerstin-Kleine-Rahn-16-300x225.jpg 300w, https:\/\/costablanca-magazin.com\/wp-content\/uploads\/2025\/05\/Netzwerktreffen-Denia-Kerstin-Kleine-Rahn-16-1024x768.jpg 1024w, https:\/\/costablanca-magazin.com\/wp-content\/uploads\/2025\/05\/Netzwerktreffen-Denia-Kerstin-Kleine-Rahn-16-768x576.jpg 768w, https:\/\/costablanca-magazin.com\/wp-content\/uploads\/2025\/05\/Netzwerktreffen-Denia-Kerstin-Kleine-Rahn-16.jpg 1200w\" sizes=\"(max-width: 300px) 100vw, 300px\" \/><\/div><\/a>\n\t\t\t\t<div class=\"elementor-post__badge\">Empresas y servicios<\/div>\n\t\t\t\t<div class=\"elementor-post__text\">\n\t\t\t\t<h2 class=\"elementor-post__title\">\n\t\t\t<a href=\"https:\/\/costablanca-magazin.com\/es\/lokales\/business-service\/gelungener-auftakt-fuer-unternehmer-netzwerk-costa-blanca\/\" >\n\t\t\t\t\u00c9xito de la red empresarial de la Costa Blanca\t\t\t<\/a>\n\t\t<\/h2>\n\t\t\t\t<div class=\"elementor-post__excerpt\">\n\t\t\t<p>\u00c9xito en el arranque de la red de emprendedores de la Costa Blanca Lleno total, debates inspiradores y nuevos contactos: la primera reuni\u00f3n de la red de aut\u00f3nomos y emprendedores de la Costa Blanca fue todo un \u00e9xito. Con unos 30 participantes de una amplia gama de sectores, el evento comenz\u00f3 con \u00e9xito en el restaurante Caval del puerto deportivo de D\u00e9nia.<\/p>\n\t\t<\/div>\n\t\t\n\t\t<a class=\"elementor-post__read-more\" href=\"https:\/\/costablanca-magazin.com\/es\/lokales\/business-service\/gelungener-auftakt-fuer-unternehmer-netzwerk-costa-blanca\/\" aria-label=\"M\u00e1s informaci\u00f3n sobre Gelungener Auftakt f\u00fcr Unternehmer- Costa Blanca netzwerk\" tabindex=\"-1\" >\n\t\t\tLeer m\u00e1s \u00bb\t\t<\/a>\n\n\t\t\t\t<\/div>\n\t\t\t\t\t<\/div>\n\t\t<\/article>\n\t\t\t\t<article class=\"elementor-post elementor-grid-item post-5022 post type-post status-publish format-standard has-post-thumbnail hentry category-business-service tag-angi-weidner-kunst tag-costa-blanca tag-kuechenstudio-costa-cocinas tag-kunst-an-der-costa-blanca tag-kunstausstellung-ondara tag-nolte-kuechen\" role=\"listitem\">\n\t\t\t<div class=\"elementor-post__card\">\n\t\t\t\t<a class=\"elementor-post__thumbnail__link\" href=\"https:\/\/costablanca-magazin.com\/es\/lokales\/business-service\/costa-cocinas-ausstellung-kueche-trifft-auf-kunst\/\" tabindex=\"-1\" ><div class=\"elementor-post__thumbnail\"><img loading=\"lazy\" decoding=\"async\" width=\"300\" height=\"225\" src=\"https:\/\/costablanca-magazin.com\/wp-content\/uploads\/2025\/02\/Costa-Cocinas-7-300x225.jpg\" class=\"attachment-medium size-medium wp-image-5030\" alt=\"Costa Blanca Mallorca 216\" srcset=\"https:\/\/costablanca-magazin.com\/wp-content\/uploads\/2025\/02\/Costa-Cocinas-7-300x225.jpg 300w, https:\/\/costablanca-magazin.com\/wp-content\/uploads\/2025\/02\/Costa-Cocinas-7-1024x768.jpg 1024w, https:\/\/costablanca-magazin.com\/wp-content\/uploads\/2025\/02\/Costa-Cocinas-7-768x576.jpg 768w, https:\/\/costablanca-magazin.com\/wp-content\/uploads\/2025\/02\/Costa-Cocinas-7-1536x1152.jpg 1536w, https:\/\/costablanca-magazin.com\/wp-content\/uploads\/2025\/02\/Costa-Cocinas-7.jpg 2048w\" sizes=\"(max-width: 300px) 100vw, 300px\" \/><\/div><\/a>\n\t\t\t\t<div class=\"elementor-post__badge\">Empresas y servicios<\/div>\n\t\t\t\t<div class=\"elementor-post__text\">\n\t\t\t\t<h2 class=\"elementor-post__title\">\n\t\t\t<a href=\"https:\/\/costablanca-magazin.com\/es\/lokales\/business-service\/costa-cocinas-ausstellung-kueche-trifft-auf-kunst\/\" >\n\t\t\t\tExposici\u00f3n de Costa Cocina: la cocina se une al arte\t\t\t<\/a>\n\t\t<\/h2>\n\t\t\t\t<div class=\"elementor-post__excerpt\">\n\t\t\t<p>Exposici\u00f3n Costa Cocinas - la cocina se une al arte Maravillosas noticias desde el d\u00eda de San Valent\u00edn: La artista Angi Weidner expone una selecci\u00f3n de sus cuadros en el famoso estudio de cocina Costa Cocinas de Ondara. Durante varias semanas, los visitantes podr\u00e1n admirar sus obras, con exposiciones que cambian peri\u00f3dicamente y que siempre aportan novedades.<\/p>\n\t\t<\/div>\n\t\t\n\t\t<a class=\"elementor-post__read-more\" href=\"https:\/\/costablanca-magazin.com\/es\/lokales\/business-service\/costa-cocinas-ausstellung-kueche-trifft-auf-kunst\/\" aria-label=\"M\u00e1s informaci\u00f3n sobre Costa Cocinas Ausstellung &#8211; K\u00fcche trifft auf Kunst\" tabindex=\"-1\" >\n\t\t\tLeer m\u00e1s \u00bb\t\t<\/a>\n\n\t\t\t\t<\/div>\n\t\t\t\t\t<\/div>\n\t\t<\/article>\n\t\t\t\t<article class=\"elementor-post elementor-grid-item post-4093 post type-post status-publish format-standard has-post-thumbnail hentry category-business-service tag-costa-blanca tag-drogeriemarkt-mueller-spanien tag-mueller-filiale-costa-blanca tag-mueller-finestrat\" role=\"listitem\">\n\t\t\t<div class=\"elementor-post__card\">\n\t\t\t\t<a class=\"elementor-post__thumbnail__link\" href=\"https:\/\/costablanca-magazin.com\/es\/lokales\/business-service\/mueller-erobert-die-halbinsel-expansion-mit-weitsicht\/\" tabindex=\"-1\" ><div class=\"elementor-post__thumbnail\"><img loading=\"lazy\" decoding=\"async\" width=\"300\" height=\"200\" src=\"https:\/\/costablanca-magazin.com\/wp-content\/uploads\/2025\/01\/photography-by-gabriel-design-print-002-300x200.jpg\" class=\"attachment-medium size-medium wp-image-4105\" alt=\"M\u00fcller conquista la pen\u00ednsula: expansi\u00f3n con visi\u00f3n de futuro 3\" srcset=\"https:\/\/costablanca-magazin.com\/wp-content\/uploads\/2025\/01\/photography-by-gabriel-design-print-002-300x200.jpg 300w, https:\/\/costablanca-magazin.com\/wp-content\/uploads\/2025\/01\/photography-by-gabriel-design-print-002-1024x683.jpg 1024w, https:\/\/costablanca-magazin.com\/wp-content\/uploads\/2025\/01\/photography-by-gabriel-design-print-002-768x512.jpg 768w, https:\/\/costablanca-magazin.com\/wp-content\/uploads\/2025\/01\/photography-by-gabriel-design-print-002.jpg 1200w\" sizes=\"(max-width: 300px) 100vw, 300px\" \/><\/div><\/a>\n\t\t\t\t<div class=\"elementor-post__badge\">Empresas y servicios<\/div>\n\t\t\t\t<div class=\"elementor-post__text\">\n\t\t\t\t<h2 class=\"elementor-post__title\">\n\t\t\t<a href=\"https:\/\/costablanca-magazin.com\/es\/lokales\/business-service\/mueller-erobert-die-halbinsel-expansion-mit-weitsicht\/\" >\n\t\t\t\tM\u00fcller conquista la pen\u00ednsula: expansi\u00f3n con previsi\u00f3n\t\t\t<\/a>\n\t\t<\/h2>\n\t\t\t\t<div class=\"elementor-post__excerpt\">\n\t\t\t<p>M\u00fcller conquista la pen\u00ednsula - expansi\u00f3n con previsi\u00f3n De Mallorca a Valencia: c\u00f3mo la marca de culto encuentra su lugar en la pen\u00ednsula Para muchos, la marca M\u00fcller es sin\u00f3nimo de variedad, calidad y una experiencia de compra especial. Tras 30 a\u00f1os de exitosa presencia en Mallorca, la empresa da ahora el salto<\/p>\n\t\t<\/div>\n\t\t\n\t\t<a class=\"elementor-post__read-more\" href=\"https:\/\/costablanca-magazin.com\/es\/lokales\/business-service\/mueller-erobert-die-halbinsel-expansion-mit-weitsicht\/\" aria-label=\"M\u00e1s informaci\u00f3n sobre M\u00fcller erobert die Halbinsel &#8211; Expansion mit Weitsicht\" tabindex=\"-1\" >\n\t\t\tLeer m\u00e1s \u00bb\t\t<\/a>\n\n\t\t\t\t<\/div>\n\t\t\t\t\t<\/div>\n\t\t<\/article>\n\t\t\t\t<article class=\"elementor-post elementor-grid-item post-2603 post type-post status-publish format-standard has-post-thumbnail hentry category-business-service tag-costa-blanca-marina-alta tag-costa-blanca-marina-baixa tag-costa-blanca tag-drogeriemarkt-mueller-spanien tag-finestrat tag-marina-alta tag-marina-baixa tag-mueller-an-der-costa-blanca tag-mueller-filiale\" role=\"listitem\">\n\t\t\t<div class=\"elementor-post__card\">\n\t\t\t\t<a class=\"elementor-post__thumbnail__link\" href=\"https:\/\/costablanca-magazin.com\/es\/lokales\/business-service\/mueller-markt-in-finestrat-ein-vielfaeltiges-einkaufserlebnis\/\" tabindex=\"-1\" ><div class=\"elementor-post__thumbnail\"><img loading=\"lazy\" decoding=\"async\" width=\"300\" height=\"225\" src=\"https:\/\/costablanca-magazin.com\/wp-content\/uploads\/2024\/10\/FotoMuellerCostaBlanca-300x225.jpg\" class=\"attachment-medium size-medium wp-image-2606\" alt=\"M\u00fcller Markt en Finestrat: una experiencia de compras variada para toda la familia\" srcset=\"https:\/\/costablanca-magazin.com\/wp-content\/uploads\/2024\/10\/FotoMuellerCostaBlanca-300x225.jpg 300w, https:\/\/costablanca-magazin.com\/wp-content\/uploads\/2024\/10\/FotoMuellerCostaBlanca-1024x768.jpg 1024w, https:\/\/costablanca-magazin.com\/wp-content\/uploads\/2024\/10\/FotoMuellerCostaBlanca-768x576.jpg 768w, https:\/\/costablanca-magazin.com\/wp-content\/uploads\/2024\/10\/FotoMuellerCostaBlanca-1536x1152.jpg 1536w, https:\/\/costablanca-magazin.com\/wp-content\/uploads\/2024\/10\/FotoMuellerCostaBlanca.jpg 2000w\" sizes=\"(max-width: 300px) 100vw, 300px\" \/><\/div><\/a>\n\t\t\t\t<div class=\"elementor-post__badge\">Empresas y servicios<\/div>\n\t\t\t\t<div class=\"elementor-post__text\">\n\t\t\t\t<h2 class=\"elementor-post__title\">\n\t\t\t<a href=\"https:\/\/costablanca-magazin.com\/es\/lokales\/business-service\/mueller-markt-in-finestrat-ein-vielfaeltiges-einkaufserlebnis\/\" >\n\t\t\t\tTienda M\u00fcller en Finestrat - Una experiencia de compra variada\t\t\t<\/a>\n\t\t<\/h2>\n\t\t\t\t<div class=\"elementor-post__excerpt\">\n\t\t\t<p>Tienda M\u00fcller en Finestrat - Una experiencia de compra diversa Desde su exitosa entrada en el mercado peninsular, M\u00fcller ofrece a sus clientes de Finestrat una amplia gama de productos que va mucho m\u00e1s all\u00e1 de la cl\u00e1sica droguer\u00eda. Con una superficie de venta de unos 1.800 m\u00b2, los visitantes pueden esperar una impresionante variedad de productos: Desde lujosos perfumes de marca<\/p>\n\t\t<\/div>\n\t\t\n\t\t<a class=\"elementor-post__read-more\" href=\"https:\/\/costablanca-magazin.com\/es\/lokales\/business-service\/mueller-markt-in-finestrat-ein-vielfaeltiges-einkaufserlebnis\/\" aria-label=\"M\u00e1s informaci\u00f3n sobre M\u00fcller Markt in Finestrat &#8211; Ein vielf\u00e4ltiges Einkaufserlebnis\" tabindex=\"-1\" >\n\t\t\tLeer m\u00e1s \u00bb\t\t<\/a>\n\n\t\t\t\t<\/div>\n\t\t\t\t\t<\/div>\n\t\t<\/article>\n\t\t\t\t<article class=\"elementor-post elementor-grid-item post-1836 post type-post status-publish format-standard has-post-thumbnail hentry category-business-service tag-kochen tag-modernes tag-outdoor tag-teulada\" role=\"listitem\">\n\t\t\t<div class=\"elementor-post__card\">\n\t\t\t\t<a class=\"elementor-post__thumbnail__link\" href=\"https:\/\/costablanca-magazin.com\/es\/lokales\/business-service\/modernes-outdoor-kochenin-teulada\/\" tabindex=\"-1\" ><div class=\"elementor-post__thumbnail\"><img loading=\"lazy\" decoding=\"async\" width=\"300\" height=\"225\" src=\"https:\/\/costablanca-magazin.com\/wp-content\/uploads\/2024\/08\/20240612_143952-300x225.jpg\" class=\"attachment-medium size-medium wp-image-1837\" alt=\"Primeras cocinas al aire libre y barbacoa en Teulada\" srcset=\"https:\/\/costablanca-magazin.com\/wp-content\/uploads\/2024\/08\/20240612_143952-300x225.jpg 300w, https:\/\/costablanca-magazin.com\/wp-content\/uploads\/2024\/08\/20240612_143952-1024x768.jpg 1024w, https:\/\/costablanca-magazin.com\/wp-content\/uploads\/2024\/08\/20240612_143952-768x576.jpg 768w, https:\/\/costablanca-magazin.com\/wp-content\/uploads\/2024\/08\/20240612_143952-1536x1152.jpg 1536w, https:\/\/costablanca-magazin.com\/wp-content\/uploads\/2024\/08\/20240612_143952-2048x1536.jpg 2048w\" sizes=\"(max-width: 300px) 100vw, 300px\" \/><\/div><\/a>\n\t\t\t\t<div class=\"elementor-post__badge\">Empresas y servicios<\/div>\n\t\t\t\t<div class=\"elementor-post__text\">\n\t\t\t\t<h2 class=\"elementor-post__title\">\n\t\t\t<a href=\"https:\/\/costablanca-magazin.com\/es\/lokales\/business-service\/modernes-outdoor-kochenin-teulada\/\" >\n\t\t\t\tCocina moderna al aire libre en Teulada\t\t\t<\/a>\n\t\t<\/h2>\n\t\t\t\t<div class=\"elementor-post__excerpt\">\n\t\t\t<p>First BBQ House establece nuevos est\u00e1ndares - una visita a los especialistas en barbacoas y cocinas de exterior merece la pena. Teulada, en la Costa Blanca, se est\u00e1 convirtiendo en el nuevo centro de la cocina de exterior exclusiva y moderna. First BBQ House abre aqu\u00ed su nueva sucursal, trayendo a la regi\u00f3n cocinas de exterior de alta calidad y sofisticada tecnolog\u00eda para barbacoas.<\/p>\n\t\t<\/div>\n\t\t\n\t\t<a class=\"elementor-post__read-more\" href=\"https:\/\/costablanca-magazin.com\/es\/lokales\/business-service\/modernes-outdoor-kochenin-teulada\/\" aria-label=\"M\u00e1s informaci\u00f3n sobre Modernes Outdoor-Kochen in Teulada\" tabindex=\"-1\" >\n\t\t\tLeer m\u00e1s \u00bb\t\t<\/a>\n\n\t\t\t\t<\/div>\n\t\t\t\t\t<\/div>\n\t\t<\/article>\n\t\t\t\t<\/div>\n\t\t\n\t\t\t\t\t\t<\/div>\n\t\t\t\t<\/div>\n\t\t\t\t\t<\/div>\n\t\t\t\t<\/div>\n\t\t\t\t<\/div>","protected":false},"excerpt":{"rendered":"<p>Im Bereich Lokales &#8211; Business &amp; Service zeige ich Trends wie an und der, nenne Beispiele zu Costa sowie Blanca und bespreche Chancen durch Lokale; dazu kommen Hinweise zu Unternehmen, und, Tipps, f\u00fcr und Gr\u00fcnder. Lokales &#8211; Business &amp; Service<\/p>","protected":false},"author":1,"featured_media":0,"parent":0,"menu_order":0,"comment_status":"closed","ping_status":"closed","template":"elementor_header_footer","meta":{"om_disable_all_campaigns":false,"_monsterinsights_skip_tracking":false,"_monsterinsights_sitenote_active":false,"_monsterinsights_sitenote_note":"","_monsterinsights_sitenote_category":0,"footnotes":""},"class_list":["post-7938","page","type-page","status-publish","hentry"],"aioseo_notices":[],"_links":{"self":[{"href":"https:\/\/costablanca-magazin.com\/es\/wp-json\/wp\/v2\/pages\/7938","targetHints":{"allow":["GET"]}}],"collection":[{"href":"https:\/\/costablanca-magazin.com\/es\/wp-json\/wp\/v2\/pages"}],"about":[{"href":"https:\/\/costablanca-magazin.com\/es\/wp-json\/wp\/v2\/types\/page"}],"author":[{"embeddable":true,"href":"https:\/\/costablanca-magazin.com\/es\/wp-json\/wp\/v2\/users\/1"}],"replies":[{"embeddable":true,"href":"https:\/\/costablanca-magazin.com\/es\/wp-json\/wp\/v2\/comments?post=7938"}],"version-history":[{"count":5,"href":"https:\/\/costablanca-magazin.com\/es\/wp-json\/wp\/v2\/pages\/7938\/revisions"}],"predecessor-version":[{"id":10387,"href":"https:\/\/costablanca-magazin.com\/es\/wp-json\/wp\/v2\/pages\/7938\/revisions\/10387"}],"wp:attachment":[{"href":"https:\/\/costablanca-magazin.com\/es\/wp-json\/wp\/v2\/media?parent=7938"}],"curies":[{"name":"wp","href":"https:\/\/api.w.org\/{rel}","templated":true}]}}