{"id":7938,"date":"2025-07-07T20:09:35","date_gmt":"2025-07-07T18:09:35","guid":{"rendered":"https:\/\/costablanca-magazin.com\/?page_id=7938"},"modified":"2026-05-08T12:17:50","modified_gmt":"2026-05-08T10:17:50","slug":"servicio-empresarial","status":"publish","type":"page","link":"https:\/\/costablanca-magazin.com\/es\/business-service\/","title":{"rendered":"Empresas y servicios"},"content":{"rendered":"<div data-elementor-type=\"wp-page\" data-elementor-id=\"7938\" class=\"elementor elementor-7938\" data-elementor-post-type=\"page\">\n\t\t\t\t<div class=\"elementor-element elementor-element-fe8fa7b e-flex e-con-boxed e-con e-parent\" data-id=\"fe8fa7b\" data-element_type=\"container\" data-e-type=\"container\">\n\t\t\t\t\t<div class=\"e-con-inner\">\n\t\t\t\t<div class=\"elementor-element elementor-element-cbe2e30 elementor-widget elementor-widget-heading\" data-id=\"cbe2e30\" data-element_type=\"widget\" data-e-type=\"widget\" data-widget_type=\"heading.default\">\n\t\t\t\t<div class=\"elementor-widget-container\">\n\t\t\t\t\t<h1 class=\"elementor-heading-title elementor-size-default\">Local - Empresas y servicios<\/h1>\t\t\t\t<\/div>\n\t\t\t\t<\/div>\n\t\t\t\t\t<\/div>\n\t\t\t\t<\/div>\n\t\t<div class=\"elementor-element elementor-element-ba20756 e-flex e-con-boxed e-con e-parent\" data-id=\"ba20756\" data-element_type=\"container\" data-e-type=\"container\">\n\t\t\t\t\t<div class=\"e-con-inner\">\n\t\t\t\t<div class=\"elementor-element elementor-element-dcec087 elementor-grid-3 elementor-grid-tablet-2 elementor-grid-mobile-1 elementor-posts--thumbnail-top elementor-card-shadow-yes elementor-posts__hover-gradient elementor-widget elementor-widget-posts\" data-id=\"dcec087\" data-element_type=\"widget\" data-e-type=\"widget\" data-settings=\"{&quot;pagination_type&quot;:&quot;numbers&quot;,&quot;cards_columns&quot;:&quot;3&quot;,&quot;cards_columns_tablet&quot;:&quot;2&quot;,&quot;cards_columns_mobile&quot;:&quot;1&quot;,&quot;cards_row_gap&quot;:{&quot;unit&quot;:&quot;px&quot;,&quot;size&quot;:35,&quot;sizes&quot;:[]},&quot;cards_row_gap_tablet&quot;:{&quot;unit&quot;:&quot;px&quot;,&quot;size&quot;:&quot;&quot;,&quot;sizes&quot;:[]},&quot;cards_row_gap_mobile&quot;:{&quot;unit&quot;:&quot;px&quot;,&quot;size&quot;:&quot;&quot;,&quot;sizes&quot;:[]}}\" data-widget_type=\"posts.cards\">\n\t\t\t\t<div class=\"elementor-widget-container\">\n\t\t\t\t\t\t\t<div class=\"elementor-posts-container elementor-posts elementor-posts--skin-cards elementor-grid\" role=\"list\">\n\t\t\t\t<article class=\"elementor-post elementor-grid-item post-12104 post type-post status-publish format-standard has-post-thumbnail hentry category-business-service tag-ausfluege-costa-blanca\" role=\"listitem\">\n\t\t\t<div class=\"elementor-post__card\">\n\t\t\t\t<a class=\"elementor-post__thumbnail__link\" href=\"https:\/\/costablanca-magazin.com\/es\/lokales\/business-service\/tagesausfluege-ab-denia-von-xativa-bis-formentera\/\" tabindex=\"-1\" ><div class=\"elementor-post__thumbnail\"><img fetchpriority=\"high\" decoding=\"async\" width=\"300\" height=\"188\" src=\"https:\/\/costablanca-magazin.com\/wp-content\/uploads\/2026\/08\/sonnenzeit-logo-300x188.png\" class=\"attachment-medium size-medium wp-image-12105\" alt=\"Excursiones de un d\u00eda desde D\u00e9nia: de ruta con SonnenZeit\" srcset=\"https:\/\/costablanca-magazin.com\/wp-content\/uploads\/2026\/08\/sonnenzeit-logo-300x188.png 300w, https:\/\/costablanca-magazin.com\/wp-content\/uploads\/2026\/08\/sonnenzeit-logo-768x480.png 768w, https:\/\/costablanca-magazin.com\/wp-content\/uploads\/2026\/08\/sonnenzeit-logo-18x12.png 18w, https:\/\/costablanca-magazin.com\/wp-content\/uploads\/2026\/08\/sonnenzeit-logo.png 800w\" sizes=\"(max-width: 300px) 100vw, 300px\" \/><\/div><\/a>\n\t\t\t\t<div class=\"elementor-post__badge\">Empresas y servicios<\/div>\n\t\t\t\t<div class=\"elementor-post__text\">\n\t\t\t\t<h2 class=\"elementor-post__title\">\n\t\t\t<a href=\"https:\/\/costablanca-magazin.com\/es\/lokales\/business-service\/tagesausfluege-ab-denia-von-xativa-bis-formentera\/\" >\n\t\t\t\tExcursiones de un d\u00eda desde D\u00e9nia: de X\u00e0tiva a Formentera\t\t\t<\/a>\n\t\t<\/h2>\n\t\t\t\t<div class=\"elementor-post__excerpt\">\n\t\t\t<p>Tagesausfl\u00fcge ab D\u00e9nia: Von X\u00e0tiva bis Formentera X\u00e0tiva, die Canelobre-H\u00f6hlen, Villajoyosa oder Formentera: SonnenZeit organisiert Tagesausfl\u00fcge ab D\u00e9nia mit Bus, festem Programm und deutschsprachiger Reiseleitung \u2013 f\u00fcr alle, die besondere Ziele in der Region und dar\u00fcber hinaus bequem entdecken m\u00f6chten. Manche Ziele liegen seit Jahren praktisch vor der Haust\u00fcr \u2013<\/p>\n\t\t<\/div>\n\t\t\n\t\t<a class=\"elementor-post__read-more\" href=\"https:\/\/costablanca-magazin.com\/es\/lokales\/business-service\/tagesausfluege-ab-denia-von-xativa-bis-formentera\/\" aria-label=\"M\u00e1s informaci\u00f3n sobre Tagesausfl\u00fcge ab D\u00e9nia: Von X\u00e0tiva bis Formentera\" tabindex=\"-1\" >\n\t\t\tLeer m\u00e1s \u00bb\t\t<\/a>\n\n\t\t\t\t<\/div>\n\t\t\t\t\t<\/div>\n\t\t<\/article>\n\t\t\t\t<article class=\"elementor-post elementor-grid-item post-11801 post type-post status-publish format-standard has-post-thumbnail hentry category-business-service tag-unternehmen-costa-blanca\" role=\"listitem\">\n\t\t\t<div class=\"elementor-post__card\">\n\t\t\t\t<a class=\"elementor-post__thumbnail__link\" href=\"https:\/\/costablanca-magazin.com\/es\/lokales\/business-service\/mueller-eroeffnet-neue-filiale-in-calpe-an-der-costa-blanca\/\" tabindex=\"-1\" ><div class=\"elementor-post__thumbnail\"><img decoding=\"async\" width=\"300\" height=\"98\" src=\"https:\/\/costablanca-magazin.com\/wp-content\/uploads\/2026\/07\/Mueller-logo-e1782915546440-300x98.jpeg\" class=\"attachment-medium size-medium wp-image-11810\" alt=\"Logotipo de M\u00fcller\" srcset=\"https:\/\/costablanca-magazin.com\/wp-content\/uploads\/2026\/07\/Mueller-logo-e1782915546440-300x98.jpeg 300w, https:\/\/costablanca-magazin.com\/wp-content\/uploads\/2026\/07\/Mueller-logo-e1782915546440-768x251.jpeg 768w, https:\/\/costablanca-magazin.com\/wp-content\/uploads\/2026\/07\/Mueller-logo-e1782915546440-18x6.jpeg 18w, https:\/\/costablanca-magazin.com\/wp-content\/uploads\/2026\/07\/Mueller-logo-e1782915546440.jpeg 1000w\" sizes=\"(max-width: 300px) 100vw, 300px\" \/><\/div><\/a>\n\t\t\t\t<div class=\"elementor-post__badge\">Empresas y servicios<\/div>\n\t\t\t\t<div class=\"elementor-post__text\">\n\t\t\t\t<h2 class=\"elementor-post__title\">\n\t\t\t<a href=\"https:\/\/costablanca-magazin.com\/es\/lokales\/business-service\/mueller-eroeffnet-neue-filiale-in-calpe-an-der-costa-blanca\/\" >\n\t\t\t\tM\u00fcller inaugura una nueva tienda en Calpe, en la Costa Blanca\t\t\t<\/a>\n\t\t<\/h2>\n\t\t\t\t<div class=\"elementor-post__excerpt\">\n\t\t\t<p>M\u00fcller abre sus puertas en Calpe: 1.500 metros cuadrados para el d\u00eda a d\u00eda, la familia y el hogar. M\u00fcller inaugura en Calpe su tercera tienda en la pen\u00ednsula ib\u00e9rica. 1.500 metros cuadrados, plazas de aparcamiento, descuentos de inauguraci\u00f3n y una amplia gama de productos para el d\u00eda a d\u00eda. La cadena comercial alemana M\u00fcller sigue ampliando su presencia en Espa\u00f1a. La empresa abre una nueva tienda en Calpe.<\/p>\n\t\t<\/div>\n\t\t\n\t\t<a class=\"elementor-post__read-more\" href=\"https:\/\/costablanca-magazin.com\/es\/lokales\/business-service\/mueller-eroeffnet-neue-filiale-in-calpe-an-der-costa-blanca\/\" aria-label=\"M\u00e1s informaci\u00f3n sobre la apertura de una nueva tienda de M\u00fcller en Calpe, en la Costa Blanca\" tabindex=\"-1\" >\n\t\t\tLeer m\u00e1s \u00bb\t\t<\/a>\n\n\t\t\t\t<\/div>\n\t\t\t\t\t<\/div>\n\t\t<\/article>\n\t\t\t\t<article class=\"elementor-post elementor-grid-item post-11637 post type-post status-publish format-standard has-post-thumbnail hentry category-business-service tag-arbeiten-in-spanien tag-autonomo-spanien-costa-blanca\" role=\"listitem\">\n\t\t\t<div class=\"elementor-post__card\">\n\t\t\t\t<a class=\"elementor-post__thumbnail__link\" href=\"https:\/\/costablanca-magazin.com\/es\/lokales\/business-service\/autonomo-in-spanien-kosten-anmeldung-und-reduzierte-quote\/\" tabindex=\"-1\" ><div class=\"elementor-post__thumbnail\"><img decoding=\"async\" width=\"300\" height=\"73\" src=\"https:\/\/costablanca-magazin.com\/wp-content\/uploads\/2026\/05\/autonomo-spanien-costablanca-e1778748978918-300x73.jpg\" class=\"attachment-medium size-medium wp-image-11639\" alt=\"Aut\u00f3nomo en Espa\u00f1a: costes, matriculaci\u00f3n y cuota reducida\" srcset=\"https:\/\/costablanca-magazin.com\/wp-content\/uploads\/2026\/05\/autonomo-spanien-costablanca-e1778748978918-300x73.jpg 300w, https:\/\/costablanca-magazin.com\/wp-content\/uploads\/2026\/05\/autonomo-spanien-costablanca-e1778748978918-1024x248.jpg 1024w, https:\/\/costablanca-magazin.com\/wp-content\/uploads\/2026\/05\/autonomo-spanien-costablanca-e1778748978918-768x186.jpg 768w, https:\/\/costablanca-magazin.com\/wp-content\/uploads\/2026\/05\/autonomo-spanien-costablanca-e1778748978918-1536x372.jpg 1536w, https:\/\/costablanca-magazin.com\/wp-content\/uploads\/2026\/05\/autonomo-spanien-costablanca-e1778748978918-2048x496.jpg 2048w, https:\/\/costablanca-magazin.com\/wp-content\/uploads\/2026\/05\/autonomo-spanien-costablanca-e1778748978918-18x4.jpg 18w\" sizes=\"(max-width: 300px) 100vw, 300px\" \/><\/div><\/a>\n\t\t\t\t<div class=\"elementor-post__badge\">Empresas y servicios<\/div>\n\t\t\t\t<div class=\"elementor-post__text\">\n\t\t\t\t<h2 class=\"elementor-post__title\">\n\t\t\t<a href=\"https:\/\/costablanca-magazin.com\/es\/lokales\/business-service\/autonomo-in-spanien-kosten-anmeldung-und-reduzierte-quote\/\" >\n\t\t\t\tAut\u00f3nomo en Espa\u00f1a: costes, matriculaci\u00f3n y cuota reducida\t\t\t<\/a>\n\t\t<\/h2>\n\t\t\t\t<div class=\"elementor-post__excerpt\">\n\t\t\t<p>Aut\u00f3nomo en Espa\u00f1a: costes, alta y cuota reducida Qu\u00e9 significa \u201eAut\u00f3nomo\u201c en Espa\u00f1a - Aut\u00f3nomos con la Cuota Reducida Cualquier persona que trabaje por cuenta propia en Espa\u00f1a suele estar dada de alta como Aut\u00f3nomo. Para los fundadores, la Cuota Reducida significa una reducci\u00f3n de las cotizaciones a la Seguridad Social, pero tambi\u00e9n obligaciones claras<\/p>\n\t\t<\/div>\n\t\t\n\t\t<a class=\"elementor-post__read-more\" href=\"https:\/\/costablanca-magazin.com\/es\/lokales\/business-service\/autonomo-in-spanien-kosten-anmeldung-und-reduzierte-quote\/\" aria-label=\"M\u00e1s informaci\u00f3n sobre Aut\u00f3nomo en Espa\u00f1a: Costes, matriculaci\u00f3n y cuota reducida\" tabindex=\"-1\" >\n\t\t\tLeer m\u00e1s \u00bb\t\t<\/a>\n\n\t\t\t\t<\/div>\n\t\t\t\t\t<\/div>\n\t\t<\/article>\n\t\t\t\t<article class=\"elementor-post elementor-grid-item post-11330 post type-post status-publish format-standard has-post-thumbnail hentry category-business-service tag-alltag-spanien tag-feiertage-costa-blanca\" role=\"listitem\">\n\t\t\t<div class=\"elementor-post__card\">\n\t\t\t\t<a class=\"elementor-post__thumbnail__link\" href=\"https:\/\/costablanca-magazin.com\/es\/lokales\/business-service\/supermaerkte-costa-blanca-ostern-2026-oeffnungszeiten-im-ueberblick\/\" tabindex=\"-1\" ><div class=\"elementor-post__thumbnail\"><img loading=\"lazy\" decoding=\"async\" width=\"300\" height=\"200\" src=\"https:\/\/costablanca-magazin.com\/wp-content\/uploads\/2026\/03\/wooden-sign-hanging-on-a-glass-door-showing-open-i-2026-01-09-06-34-23-utc-300x200.jpg\" class=\"attachment-medium size-medium wp-image-11331\" alt=\"Supermercados Costa Blanca Semana Santa 2026: Qui\u00e9n abre y cu\u00e1ndo\" srcset=\"https:\/\/costablanca-magazin.com\/wp-content\/uploads\/2026\/03\/wooden-sign-hanging-on-a-glass-door-showing-open-i-2026-01-09-06-34-23-utc-300x200.jpg 300w, https:\/\/costablanca-magazin.com\/wp-content\/uploads\/2026\/03\/wooden-sign-hanging-on-a-glass-door-showing-open-i-2026-01-09-06-34-23-utc-1024x683.jpg 1024w, https:\/\/costablanca-magazin.com\/wp-content\/uploads\/2026\/03\/wooden-sign-hanging-on-a-glass-door-showing-open-i-2026-01-09-06-34-23-utc-768x512.jpg 768w, https:\/\/costablanca-magazin.com\/wp-content\/uploads\/2026\/03\/wooden-sign-hanging-on-a-glass-door-showing-open-i-2026-01-09-06-34-23-utc-1536x1024.jpg 1536w, https:\/\/costablanca-magazin.com\/wp-content\/uploads\/2026\/03\/wooden-sign-hanging-on-a-glass-door-showing-open-i-2026-01-09-06-34-23-utc-2048x1366.jpg 2048w, https:\/\/costablanca-magazin.com\/wp-content\/uploads\/2026\/03\/wooden-sign-hanging-on-a-glass-door-showing-open-i-2026-01-09-06-34-23-utc-18x12.jpg 18w\" sizes=\"(max-width: 300px) 100vw, 300px\" \/><\/div><\/a>\n\t\t\t\t<div class=\"elementor-post__badge\">Empresas y servicios<\/div>\n\t\t\t\t<div class=\"elementor-post__text\">\n\t\t\t\t<h2 class=\"elementor-post__title\">\n\t\t\t<a href=\"https:\/\/costablanca-magazin.com\/es\/lokales\/business-service\/supermaerkte-costa-blanca-ostern-2026-oeffnungszeiten-im-ueberblick\/\" >\n\t\t\t\tSupermercados Costa Blanca Semana Santa 2026: Horarios de apertura\t\t\t<\/a>\n\t\t<\/h2>\n\t\t\t\t<div class=\"elementor-post__excerpt\">\n\t\t\t<p>Supermercados Costa Blanca Semana Santa 2026 - Horarios de apertura de un vistazo El Viernes Santo y el Lunes de Pascua son d\u00edas festivos - muchos mercados permanecen cerrados. El Domingo de Resurrecci\u00f3n no es festivo, pero tambi\u00e9n est\u00e1 restringido.En torno a Semana Santa, el horario habitual cambia en la Costa Blanca. Mientras que la Semana Santa domina la vida p\u00fablica en muchos pueblos y ciudades<\/p>\n\t\t<\/div>\n\t\t\n\t\t<a class=\"elementor-post__read-more\" href=\"https:\/\/costablanca-magazin.com\/es\/lokales\/business-service\/supermaerkte-costa-blanca-ostern-2026-oeffnungszeiten-im-ueberblick\/\" aria-label=\"M\u00e1s informaci\u00f3n sobre Supermercados Costa Blanca Semana Santa 2026: Horarios de apertura\" tabindex=\"-1\" >\n\t\t\tLeer m\u00e1s \u00bb\t\t<\/a>\n\n\t\t\t\t<\/div>\n\t\t\t\t\t<\/div>\n\t\t<\/article>\n\t\t\t\t<article class=\"elementor-post elementor-grid-item post-10836 post type-post status-publish format-standard has-post-thumbnail hentry category-business-service tag-arbeiten-in-spanien\" role=\"listitem\">\n\t\t\t<div class=\"elementor-post__card\">\n\t\t\t\t<a class=\"elementor-post__thumbnail__link\" href=\"https:\/\/costablanca-magazin.com\/es\/lokales\/business-service\/arbeit-an-der-costa-blanca-jobs-labora-anerkennung-2026\/\" tabindex=\"-1\" ><div class=\"elementor-post__thumbnail\"><img loading=\"lazy\" decoding=\"async\" width=\"300\" height=\"200\" src=\"https:\/\/costablanca-magazin.com\/wp-content\/uploads\/2026\/03\/bearded-developer-using-laptop-on-blue-with-websi-2024-11-18-12-57-15-utc-300x200.jpg\" class=\"attachment-medium size-medium wp-image-10845\" alt=\"Buscar trabajo Costa Blanca 2026: Encontrar trabajo de D\u00e9nia a La Zenia | Portale, Labora &amp; Recognition\" srcset=\"https:\/\/costablanca-magazin.com\/wp-content\/uploads\/2026\/03\/bearded-developer-using-laptop-on-blue-with-websi-2024-11-18-12-57-15-utc-300x200.jpg 300w, https:\/\/costablanca-magazin.com\/wp-content\/uploads\/2026\/03\/bearded-developer-using-laptop-on-blue-with-websi-2024-11-18-12-57-15-utc-1024x684.jpg 1024w, https:\/\/costablanca-magazin.com\/wp-content\/uploads\/2026\/03\/bearded-developer-using-laptop-on-blue-with-websi-2024-11-18-12-57-15-utc-768x513.jpg 768w, https:\/\/costablanca-magazin.com\/wp-content\/uploads\/2026\/03\/bearded-developer-using-laptop-on-blue-with-websi-2024-11-18-12-57-15-utc-1536x1025.jpg 1536w, https:\/\/costablanca-magazin.com\/wp-content\/uploads\/2026\/03\/bearded-developer-using-laptop-on-blue-with-websi-2024-11-18-12-57-15-utc-2048x1367.jpg 2048w, https:\/\/costablanca-magazin.com\/wp-content\/uploads\/2026\/03\/bearded-developer-using-laptop-on-blue-with-websi-2024-11-18-12-57-15-utc-18x12.jpg 18w\" sizes=\"(max-width: 300px) 100vw, 300px\" \/><\/div><\/a>\n\t\t\t\t<div class=\"elementor-post__badge\">Empresas y servicios<\/div>\n\t\t\t\t<div class=\"elementor-post__text\">\n\t\t\t\t<h2 class=\"elementor-post__title\">\n\t\t\t<a href=\"https:\/\/costablanca-magazin.com\/es\/lokales\/business-service\/arbeit-an-der-costa-blanca-jobs-labora-anerkennung-2026\/\" >\n\t\t\t\tTrabajo en la Costa Blanca - Empleo, Labora, Reconocimiento 2026\t\t\t<\/a>\n\t\t<\/h2>\n\t\t\t\t<div class=\"elementor-post__excerpt\">\n\t\t\t<p>Encontrar trabajo en la Costa Blanca: Empleo, Labora, Reconocimiento 2026 B\u00fasqueda de empleo en la Costa Blanca: Las mejores formas de encontrar trabajo entre D\u00e9nia y La Zenia - portales de empleo activos, Labora, redes y reconocimiento de cualificaciones. Quien empieza una nueva carrera en la Costa Blanca se mueve en un mercado heterog\u00e9neo. Entre D\u00e9nia<\/p>\n\t\t<\/div>\n\t\t\n\t\t<a class=\"elementor-post__read-more\" href=\"https:\/\/costablanca-magazin.com\/es\/lokales\/business-service\/arbeit-an-der-costa-blanca-jobs-labora-anerkennung-2026\/\" aria-label=\"M\u00e1s informaci\u00f3n sobre Trabajo en la Costa Blanca - Empleo, Labora, Reconocimiento 2026\" tabindex=\"-1\" >\n\t\t\tLeer m\u00e1s \u00bb\t\t<\/a>\n\n\t\t\t\t<\/div>\n\t\t\t\t\t<\/div>\n\t\t<\/article>\n\t\t\t\t<article class=\"elementor-post elementor-grid-item post-8501 post type-post status-publish format-standard has-post-thumbnail hentry category-business-service tag-heim-haus-costa-blanca tag-unternehmen-costa-blanca\" role=\"listitem\">\n\t\t\t<div class=\"elementor-post__card\">\n\t\t\t\t<a class=\"elementor-post__thumbnail__link\" href=\"https:\/\/costablanca-magazin.com\/es\/lokales\/business-service\/exclusive-kitchens-la-nucia-kuechen-mit-konzept\/\" tabindex=\"-1\" ><div class=\"elementor-post__thumbnail\"><img loading=\"lazy\" decoding=\"async\" width=\"300\" height=\"136\" src=\"https:\/\/costablanca-magazin.com\/wp-content\/uploads\/2025\/08\/Exclusiv-Kitchens-01-1920w-300x136.jpg\" class=\"attachment-medium size-medium wp-image-8504\" alt=\"Cocinas con concepto: trabajo a medida, calidad de marca y aut\u00e9nticas ventajas de precio 1\" srcset=\"https:\/\/costablanca-magazin.com\/wp-content\/uploads\/2025\/08\/Exclusiv-Kitchens-01-1920w-300x136.jpg 300w, https:\/\/costablanca-magazin.com\/wp-content\/uploads\/2025\/08\/Exclusiv-Kitchens-01-1920w.jpg 602w\" sizes=\"(max-width: 300px) 100vw, 300px\" \/><\/div><\/a>\n\t\t\t\t<div class=\"elementor-post__badge\">Empresas y servicios<\/div>\n\t\t\t\t<div class=\"elementor-post__text\">\n\t\t\t\t<h2 class=\"elementor-post__title\">\n\t\t\t<a href=\"https:\/\/costablanca-magazin.com\/es\/lokales\/business-service\/exclusive-kitchens-la-nucia-kuechen-mit-konzept\/\" >\n\t\t\t\tCocinas Exclusivas La Nucia - Cocinas con concepto\t\t\t<\/a>\n\t\t<\/h2>\n\t\t\t\t<div class=\"elementor-post__excerpt\">\n\t\t\t<p>Exclusiv Kitchens La Nucia - Cocinas con un concepto Cocinas de calidad alemana, materiales de alta calidad y claras ventajas de precio - una mirada detr\u00e1s del concepto de Exclusiv Kitchens, que ahora se lanza en La Nuc\u00eda. \u00bfEst\u00e1 planeando una nueva cocina en la Costa Blanca? Con ATM Cocinas como parte de Exclusiv Kitchens, no tiene por qu\u00e9 ser una tarea econ\u00f3micamente desalentadora.<\/p>\n\t\t<\/div>\n\t\t\n\t\t<a class=\"elementor-post__read-more\" href=\"https:\/\/costablanca-magazin.com\/es\/lokales\/business-service\/exclusive-kitchens-la-nucia-kuechen-mit-konzept\/\" aria-label=\"M\u00e1s informaci\u00f3n sobre Cocinas Exclusivas La Nucia - Cocinas con concepto\" tabindex=\"-1\" >\n\t\t\tLeer m\u00e1s \u00bb\t\t<\/a>\n\n\t\t\t\t<\/div>\n\t\t\t\t\t<\/div>\n\t\t<\/article>\n\t\t\t\t<article class=\"elementor-post elementor-grid-item post-8276 post type-post status-publish format-standard has-post-thumbnail hentry category-business-service tag-unternehmen-costa-blanca\" role=\"listitem\">\n\t\t\t<div class=\"elementor-post__card\">\n\t\t\t\t<a class=\"elementor-post__thumbnail__link\" href=\"https:\/\/costablanca-magazin.com\/es\/lokales\/business-service\/olivers-optica-sehgenuss-trifft-stilkompetenz\/\" tabindex=\"-1\" ><div class=\"elementor-post__thumbnail\"><img loading=\"lazy\" decoding=\"async\" width=\"200\" height=\"300\" src=\"https:\/\/costablanca-magazin.com\/wp-content\/uploads\/2025\/07\/OpticaOliver1-200x300.jpg\" class=\"attachment-medium size-medium wp-image-8289\" alt=\"\u00d3ptica Oliver Albir 10\" srcset=\"https:\/\/costablanca-magazin.com\/wp-content\/uploads\/2025\/07\/OpticaOliver1-200x300.jpg 200w, https:\/\/costablanca-magazin.com\/wp-content\/uploads\/2025\/07\/OpticaOliver1-684x1024.jpg 684w, https:\/\/costablanca-magazin.com\/wp-content\/uploads\/2025\/07\/OpticaOliver1-768x1151.jpg 768w, https:\/\/costablanca-magazin.com\/wp-content\/uploads\/2025\/07\/OpticaOliver1.jpg 801w\" sizes=\"(max-width: 200px) 100vw, 200px\" \/><\/div><\/a>\n\t\t\t\t<div class=\"elementor-post__badge\">Empresas y servicios<\/div>\n\t\t\t\t<div class=\"elementor-post__text\">\n\t\t\t\t<h2 class=\"elementor-post__title\">\n\t\t\t<a href=\"https:\/\/costablanca-magazin.com\/es\/lokales\/business-service\/olivers-optica-sehgenuss-trifft-stilkompetenz\/\" >\n\t\t\t\tOliver's Optica: el placer visual se une a la experiencia en estilo\t\t\t<\/a>\n\t\t<\/h2>\n\t\t\t\t<div class=\"elementor-post__excerpt\">\n\t\t\t<p>Oliver's Optica: el placer visual se une a la experiencia en estilo Aseg\u00farese ahora el 50% en gafas de sol de lujo seleccionadas \u00bfQui\u00e9n dice que la buena visi\u00f3n y el gran estilo no van de la mano? Oliver's Optica de El Albir demuestra lo contrario cada d\u00eda. En la elegante boutique de la Avda. \u00d3scar Espl\u00e1 7, todo gira en torno a la calidad, la precisi\u00f3n y el estilo.<\/p>\n\t\t<\/div>\n\t\t\n\t\t<a class=\"elementor-post__read-more\" href=\"https:\/\/costablanca-magazin.com\/es\/lokales\/business-service\/olivers-optica-sehgenuss-trifft-stilkompetenz\/\" aria-label=\"M\u00e1s informaci\u00f3n sobre Oliver&#039;s Optica - El placer visual se une a la experiencia en estilo\" tabindex=\"-1\" >\n\t\t\tLeer m\u00e1s \u00bb\t\t<\/a>\n\n\t\t\t\t<\/div>\n\t\t\t\t\t<\/div>\n\t\t<\/article>\n\t\t\t\t<article class=\"elementor-post elementor-grid-item post-8117 post type-post status-publish format-standard has-post-thumbnail hentry category-business-service tag-unternehmen-costa-blanca\" role=\"listitem\">\n\t\t\t<div class=\"elementor-post__card\">\n\t\t\t\t<a class=\"elementor-post__thumbnail__link\" href=\"https:\/\/costablanca-magazin.com\/es\/lokales\/business-service\/consorci-mare-setzt-auf-digitale-umweltbildung\/\" tabindex=\"-1\" ><div class=\"elementor-post__thumbnail\"><img loading=\"lazy\" decoding=\"async\" width=\"300\" height=\"199\" src=\"https:\/\/costablanca-magazin.com\/wp-content\/uploads\/2025\/07\/Consorci-MARE-Citizen-\u2013-Apps-bei-Google-Play-\u2013-Mozilla-Firefox-300x199.jpg\" class=\"attachment-medium size-medium wp-image-8121\" alt=\"Reciclaje mediante una aplicaci\u00f3n: Consorci MARE apuesta por la educaci\u00f3n medioambiental digital 2\" srcset=\"https:\/\/costablanca-magazin.com\/wp-content\/uploads\/2025\/07\/Consorci-MARE-Citizen-\u2013-Apps-bei-Google-Play-\u2013-Mozilla-Firefox-300x199.jpg 300w, https:\/\/costablanca-magazin.com\/wp-content\/uploads\/2025\/07\/Consorci-MARE-Citizen-\u2013-Apps-bei-Google-Play-\u2013-Mozilla-Firefox-1024x680.jpg 1024w, https:\/\/costablanca-magazin.com\/wp-content\/uploads\/2025\/07\/Consorci-MARE-Citizen-\u2013-Apps-bei-Google-Play-\u2013-Mozilla-Firefox-768x510.jpg 768w, https:\/\/costablanca-magazin.com\/wp-content\/uploads\/2025\/07\/Consorci-MARE-Citizen-\u2013-Apps-bei-Google-Play-\u2013-Mozilla-Firefox.jpg 1520w\" sizes=\"(max-width: 300px) 100vw, 300px\" \/><\/div><\/a>\n\t\t\t\t<div class=\"elementor-post__badge\">Empresas y servicios<\/div>\n\t\t\t\t<div class=\"elementor-post__text\">\n\t\t\t\t<h2 class=\"elementor-post__title\">\n\t\t\t<a href=\"https:\/\/costablanca-magazin.com\/es\/lokales\/business-service\/consorci-mare-setzt-auf-digitale-umweltbildung\/\" >\n\t\t\t\tEl Consorcio MARE se centra en la educaci\u00f3n medioambiental digital\t\t\t<\/a>\n\t\t<\/h2>\n\t\t\t\t<div class=\"elementor-post__excerpt\">\n\t\t\t<p>Reciclaje v\u00eda app - El Consorcio MARE apuesta por la educaci\u00f3n ambiental digital La nueva aplicaci\u00f3n premia los comportamientos respetuosos con el medio ambiente y aporta m\u00e1s claridad al reciclaje cotidiano Con una nueva app gratuita, el Consorcio de Residuos MARE quiere simplificar los comportamientos de reciclaje en 52 municipios de la Marina Alta y Baixa - y premiarlos al mismo tiempo. La aplicaci\u00f3n \u201eConsorcio MARE<\/p>\n\t\t<\/div>\n\t\t\n\t\t<a class=\"elementor-post__read-more\" href=\"https:\/\/costablanca-magazin.com\/es\/lokales\/business-service\/consorci-mare-setzt-auf-digitale-umweltbildung\/\" aria-label=\"M\u00e1s informaci\u00f3n sobre El Consorcio MARE apuesta por la educaci\u00f3n ambiental digital\" tabindex=\"-1\" >\n\t\t\tLeer m\u00e1s \u00bb\t\t<\/a>\n\n\t\t\t\t<\/div>\n\t\t\t\t\t<\/div>\n\t\t<\/article>\n\t\t\t\t<article class=\"elementor-post elementor-grid-item post-7671 post type-post status-publish format-standard has-post-thumbnail hentry category-business-service tag-unternehmen-costa-blanca\" role=\"listitem\">\n\t\t\t<div class=\"elementor-post__card\">\n\t\t\t\t<a class=\"elementor-post__thumbnail__link\" href=\"https:\/\/costablanca-magazin.com\/es\/lokales\/business-service\/profi-uebersetzungen-an-der-costa-blanca\/\" tabindex=\"-1\" ><div class=\"elementor-post__thumbnail\"><img loading=\"lazy\" decoding=\"async\" width=\"300\" height=\"200\" src=\"https:\/\/costablanca-magazin.com\/wp-content\/uploads\/2025\/06\/dictionary-definition-of-word-2025-02-25-20-48-49-utc-300x200.jpg\" class=\"attachment-medium size-medium wp-image-7673\" alt=\"Cuando cada palabra cuenta: traducciones profesionales en la Costa Blanca\" srcset=\"https:\/\/costablanca-magazin.com\/wp-content\/uploads\/2025\/06\/dictionary-definition-of-word-2025-02-25-20-48-49-utc-300x200.jpg 300w, https:\/\/costablanca-magazin.com\/wp-content\/uploads\/2025\/06\/dictionary-definition-of-word-2025-02-25-20-48-49-utc-1024x683.jpg 1024w, https:\/\/costablanca-magazin.com\/wp-content\/uploads\/2025\/06\/dictionary-definition-of-word-2025-02-25-20-48-49-utc-768x512.jpg 768w, https:\/\/costablanca-magazin.com\/wp-content\/uploads\/2025\/06\/dictionary-definition-of-word-2025-02-25-20-48-49-utc.jpg 1200w\" sizes=\"(max-width: 300px) 100vw, 300px\" \/><\/div><\/a>\n\t\t\t\t<div class=\"elementor-post__badge\">Empresas y servicios<\/div>\n\t\t\t\t<div class=\"elementor-post__text\">\n\t\t\t\t<h2 class=\"elementor-post__title\">\n\t\t\t<a href=\"https:\/\/costablanca-magazin.com\/es\/lokales\/business-service\/profi-uebersetzungen-an-der-costa-blanca\/\" >\n\t\t\t\tCada palabra cuenta - traducciones profesionales en la Costa Blanca\t\t\t<\/a>\n\t\t<\/h2>\n\t\t\t\t<div class=\"elementor-post__excerpt\">\n\t\t\t<p>Cuando cada palabra cuenta - traducciones profesionales en la Costa Blanca Por qu\u00e9 la traductora jurada Friederike Ott de D\u00e9nia ofrece algo m\u00e1s que una mera transferencia ling\u00fc\u00edstica Cualquiera que viva o invierta en la Costa Blanca se encontrar\u00e1 tarde o temprano con papeleo: contratos, escrituras, certificados - todo en espa\u00f1ol, todo a menudo complejo. Y aqu\u00ed es exactamente donde<\/p>\n\t\t<\/div>\n\t\t\n\t\t<a class=\"elementor-post__read-more\" href=\"https:\/\/costablanca-magazin.com\/es\/lokales\/business-service\/profi-uebersetzungen-an-der-costa-blanca\/\" aria-label=\"M\u00e1s informaci\u00f3n sobre Cada palabra cuenta - Traducciones profesionales en la Costa Blanca\" tabindex=\"-1\" >\n\t\t\tLeer m\u00e1s \u00bb\t\t<\/a>\n\n\t\t\t\t<\/div>\n\t\t\t\t\t<\/div>\n\t\t<\/article>\n\t\t\t\t<article class=\"elementor-post elementor-grid-item post-6907 post type-post status-publish format-standard has-post-thumbnail hentry category-business-service tag-unternehmen-costa-blanca\" role=\"listitem\">\n\t\t\t<div class=\"elementor-post__card\">\n\t\t\t\t<a class=\"elementor-post__thumbnail__link\" href=\"https:\/\/costablanca-magazin.com\/es\/lokales\/business-service\/gelungener-auftakt-fuer-unternehmer-netzwerk-costa-blanca\/\" tabindex=\"-1\" ><div class=\"elementor-post__thumbnail\"><img loading=\"lazy\" decoding=\"async\" width=\"300\" height=\"225\" src=\"https:\/\/costablanca-magazin.com\/wp-content\/uploads\/2025\/05\/Netzwerktreffen-Denia-Kerstin-Kleine-Rahn-16-300x225.jpg\" class=\"attachment-medium size-medium wp-image-6937\" alt=\"Reuni\u00f3n de red Denia Kerstin Kleine 15\" srcset=\"https:\/\/costablanca-magazin.com\/wp-content\/uploads\/2025\/05\/Netzwerktreffen-Denia-Kerstin-Kleine-Rahn-16-300x225.jpg 300w, https:\/\/costablanca-magazin.com\/wp-content\/uploads\/2025\/05\/Netzwerktreffen-Denia-Kerstin-Kleine-Rahn-16-1024x768.jpg 1024w, https:\/\/costablanca-magazin.com\/wp-content\/uploads\/2025\/05\/Netzwerktreffen-Denia-Kerstin-Kleine-Rahn-16-768x576.jpg 768w, https:\/\/costablanca-magazin.com\/wp-content\/uploads\/2025\/05\/Netzwerktreffen-Denia-Kerstin-Kleine-Rahn-16.jpg 1200w\" sizes=\"(max-width: 300px) 100vw, 300px\" \/><\/div><\/a>\n\t\t\t\t<div class=\"elementor-post__badge\">Empresas y servicios<\/div>\n\t\t\t\t<div class=\"elementor-post__text\">\n\t\t\t\t<h2 class=\"elementor-post__title\">\n\t\t\t<a href=\"https:\/\/costablanca-magazin.com\/es\/lokales\/business-service\/gelungener-auftakt-fuer-unternehmer-netzwerk-costa-blanca\/\" >\n\t\t\t\t\u00c9xito de la red empresarial de la Costa Blanca\t\t\t<\/a>\n\t\t<\/h2>\n\t\t\t\t<div class=\"elementor-post__excerpt\">\n\t\t\t<p>\u00c9xito en el arranque de la red de emprendedores de la Costa Blanca Lleno total, debates inspiradores y nuevos contactos: la primera reuni\u00f3n de la red de aut\u00f3nomos y emprendedores de la Costa Blanca fue todo un \u00e9xito. Con unos 30 participantes de una amplia gama de sectores, el evento comenz\u00f3 con \u00e9xito en el restaurante Caval del puerto deportivo de D\u00e9nia.<\/p>\n\t\t<\/div>\n\t\t\n\t\t<a class=\"elementor-post__read-more\" href=\"https:\/\/costablanca-magazin.com\/es\/lokales\/business-service\/gelungener-auftakt-fuer-unternehmer-netzwerk-costa-blanca\/\" aria-label=\"M\u00e1s informaci\u00f3n sobre \u00c9xito de la puesta en marcha de la Red de Emprendedores de la Costa Blanca\" tabindex=\"-1\" >\n\t\t\tLeer m\u00e1s \u00bb\t\t<\/a>\n\n\t\t\t\t<\/div>\n\t\t\t\t\t<\/div>\n\t\t<\/article>\n\t\t\t\t<article class=\"elementor-post elementor-grid-item post-5022 post type-post status-publish format-standard has-post-thumbnail hentry category-business-service tag-heim-haus-costa-blanca tag-unternehmen-costa-blanca\" role=\"listitem\">\n\t\t\t<div class=\"elementor-post__card\">\n\t\t\t\t<a class=\"elementor-post__thumbnail__link\" href=\"https:\/\/costablanca-magazin.com\/es\/lokales\/business-service\/costa-cocinas-ausstellung-kueche-trifft-auf-kunst\/\" tabindex=\"-1\" ><div class=\"elementor-post__thumbnail\"><img loading=\"lazy\" decoding=\"async\" width=\"300\" height=\"225\" src=\"https:\/\/costablanca-magazin.com\/wp-content\/uploads\/2025\/02\/Costa-Cocinas-7-300x225.jpg\" class=\"attachment-medium size-medium wp-image-5030\" alt=\"Costa Blanca Mallorca 216\" srcset=\"https:\/\/costablanca-magazin.com\/wp-content\/uploads\/2025\/02\/Costa-Cocinas-7-300x225.jpg 300w, https:\/\/costablanca-magazin.com\/wp-content\/uploads\/2025\/02\/Costa-Cocinas-7-1024x768.jpg 1024w, https:\/\/costablanca-magazin.com\/wp-content\/uploads\/2025\/02\/Costa-Cocinas-7-768x576.jpg 768w, https:\/\/costablanca-magazin.com\/wp-content\/uploads\/2025\/02\/Costa-Cocinas-7-1536x1152.jpg 1536w, https:\/\/costablanca-magazin.com\/wp-content\/uploads\/2025\/02\/Costa-Cocinas-7.jpg 2048w\" sizes=\"(max-width: 300px) 100vw, 300px\" \/><\/div><\/a>\n\t\t\t\t<div class=\"elementor-post__badge\">Empresas y servicios<\/div>\n\t\t\t\t<div class=\"elementor-post__text\">\n\t\t\t\t<h2 class=\"elementor-post__title\">\n\t\t\t<a href=\"https:\/\/costablanca-magazin.com\/es\/lokales\/business-service\/costa-cocinas-ausstellung-kueche-trifft-auf-kunst\/\" >\n\t\t\t\tExposici\u00f3n de Costa Cocina: la cocina se une al arte\t\t\t<\/a>\n\t\t<\/h2>\n\t\t\t\t<div class=\"elementor-post__excerpt\">\n\t\t\t<p>Exposici\u00f3n Costa Cocinas - la cocina se une al arte Maravillosas noticias desde el d\u00eda de San Valent\u00edn: La artista Angi Weidner expone una selecci\u00f3n de sus cuadros en el famoso estudio de cocina Costa Cocinas de Ondara. Durante varias semanas, los visitantes podr\u00e1n admirar sus obras, con exposiciones que cambian peri\u00f3dicamente y que siempre aportan novedades.<\/p>\n\t\t<\/div>\n\t\t\n\t\t<a class=\"elementor-post__read-more\" href=\"https:\/\/costablanca-magazin.com\/es\/lokales\/business-service\/costa-cocinas-ausstellung-kueche-trifft-auf-kunst\/\" aria-label=\"M\u00e1s informaci\u00f3n sobre Exposici\u00f3n Costa Cocinas - La cocina se une al arte\" tabindex=\"-1\" >\n\t\t\tLeer m\u00e1s \u00bb\t\t<\/a>\n\n\t\t\t\t<\/div>\n\t\t\t\t\t<\/div>\n\t\t<\/article>\n\t\t\t\t<article class=\"elementor-post elementor-grid-item post-4093 post type-post status-publish format-standard has-post-thumbnail hentry category-business-service tag-unternehmen-costa-blanca\" role=\"listitem\">\n\t\t\t<div class=\"elementor-post__card\">\n\t\t\t\t<a class=\"elementor-post__thumbnail__link\" href=\"https:\/\/costablanca-magazin.com\/es\/lokales\/business-service\/mueller-erobert-die-halbinsel-expansion-mit-weitsicht\/\" tabindex=\"-1\" ><div class=\"elementor-post__thumbnail\"><img loading=\"lazy\" decoding=\"async\" width=\"300\" height=\"82\" src=\"https:\/\/costablanca-magazin.com\/wp-content\/uploads\/2025\/01\/photography-by-gabriel-design-print-002-e1782915008121-300x82.jpg\" class=\"attachment-medium size-medium wp-image-4105\" alt=\"M\u00fcller conquista la pen\u00ednsula: expansi\u00f3n con visi\u00f3n de futuro 3\" srcset=\"https:\/\/costablanca-magazin.com\/wp-content\/uploads\/2025\/01\/photography-by-gabriel-design-print-002-e1782915008121-300x82.jpg 300w, https:\/\/costablanca-magazin.com\/wp-content\/uploads\/2025\/01\/photography-by-gabriel-design-print-002-e1782915008121-1024x280.jpg 1024w, https:\/\/costablanca-magazin.com\/wp-content\/uploads\/2025\/01\/photography-by-gabriel-design-print-002-e1782915008121-768x210.jpg 768w, https:\/\/costablanca-magazin.com\/wp-content\/uploads\/2025\/01\/photography-by-gabriel-design-print-002-e1782915008121-18x5.jpg 18w, https:\/\/costablanca-magazin.com\/wp-content\/uploads\/2025\/01\/photography-by-gabriel-design-print-002-e1782915008121.jpg 1200w\" sizes=\"(max-width: 300px) 100vw, 300px\" \/><\/div><\/a>\n\t\t\t\t<div class=\"elementor-post__badge\">Empresas y servicios<\/div>\n\t\t\t\t<div class=\"elementor-post__text\">\n\t\t\t\t<h2 class=\"elementor-post__title\">\n\t\t\t<a href=\"https:\/\/costablanca-magazin.com\/es\/lokales\/business-service\/mueller-erobert-die-halbinsel-expansion-mit-weitsicht\/\" >\n\t\t\t\tM\u00fcller conquista la pen\u00ednsula: expansi\u00f3n con previsi\u00f3n\t\t\t<\/a>\n\t\t<\/h2>\n\t\t\t\t<div class=\"elementor-post__excerpt\">\n\t\t\t<p>M\u00fcller conquista la pen\u00ednsula - expansi\u00f3n con previsi\u00f3n De Mallorca a Valencia: c\u00f3mo la marca de culto encuentra su lugar en la pen\u00ednsula Para muchos, la marca M\u00fcller es sin\u00f3nimo de variedad, calidad y una experiencia de compra especial. Tras 30 a\u00f1os de exitosa presencia en Mallorca, la empresa da ahora el salto<\/p>\n\t\t<\/div>\n\t\t\n\t\t<a class=\"elementor-post__read-more\" href=\"https:\/\/costablanca-magazin.com\/es\/lokales\/business-service\/mueller-erobert-die-halbinsel-expansion-mit-weitsicht\/\" aria-label=\"M\u00e1s informaci\u00f3n sobre M\u00fcller conquista la pen\u00ednsula - Expansi\u00f3n con previsi\u00f3n\" tabindex=\"-1\" >\n\t\t\tLeer m\u00e1s \u00bb\t\t<\/a>\n\n\t\t\t\t<\/div>\n\t\t\t\t\t<\/div>\n\t\t<\/article>\n\t\t\t\t<article class=\"elementor-post elementor-grid-item post-2603 post type-post status-publish format-standard has-post-thumbnail hentry category-business-service tag-unternehmen-costa-blanca\" role=\"listitem\">\n\t\t\t<div class=\"elementor-post__card\">\n\t\t\t\t<a class=\"elementor-post__thumbnail__link\" href=\"https:\/\/costablanca-magazin.com\/es\/lokales\/business-service\/mueller-markt-in-finestrat-ein-vielfaeltiges-einkaufserlebnis\/\" tabindex=\"-1\" ><div class=\"elementor-post__thumbnail\"><img loading=\"lazy\" decoding=\"async\" width=\"300\" height=\"225\" src=\"https:\/\/costablanca-magazin.com\/wp-content\/uploads\/2024\/10\/FotoMuellerCostaBlanca-300x225.jpg\" class=\"attachment-medium size-medium wp-image-2606\" alt=\"M\u00fcller Markt en Finestrat: una experiencia de compras variada para toda la familia\" srcset=\"https:\/\/costablanca-magazin.com\/wp-content\/uploads\/2024\/10\/FotoMuellerCostaBlanca-300x225.jpg 300w, https:\/\/costablanca-magazin.com\/wp-content\/uploads\/2024\/10\/FotoMuellerCostaBlanca-1024x768.jpg 1024w, https:\/\/costablanca-magazin.com\/wp-content\/uploads\/2024\/10\/FotoMuellerCostaBlanca-768x576.jpg 768w, https:\/\/costablanca-magazin.com\/wp-content\/uploads\/2024\/10\/FotoMuellerCostaBlanca-1536x1152.jpg 1536w, https:\/\/costablanca-magazin.com\/wp-content\/uploads\/2024\/10\/FotoMuellerCostaBlanca.jpg 2000w\" sizes=\"(max-width: 300px) 100vw, 300px\" \/><\/div><\/a>\n\t\t\t\t<div class=\"elementor-post__badge\">Empresas y servicios<\/div>\n\t\t\t\t<div class=\"elementor-post__text\">\n\t\t\t\t<h2 class=\"elementor-post__title\">\n\t\t\t<a href=\"https:\/\/costablanca-magazin.com\/es\/lokales\/business-service\/mueller-markt-in-finestrat-ein-vielfaeltiges-einkaufserlebnis\/\" >\n\t\t\t\tTienda M\u00fcller en Finestrat - Una experiencia de compra variada\t\t\t<\/a>\n\t\t<\/h2>\n\t\t\t\t<div class=\"elementor-post__excerpt\">\n\t\t\t<p>Tienda M\u00fcller en Finestrat - Una experiencia de compra diversa Desde su exitosa entrada en el mercado peninsular, M\u00fcller ofrece a sus clientes de Finestrat una amplia gama de productos que va mucho m\u00e1s all\u00e1 de la cl\u00e1sica droguer\u00eda. Con una superficie de venta de unos 1.800 m\u00b2, los visitantes pueden esperar una impresionante variedad de productos: Desde lujosos perfumes de marca<\/p>\n\t\t<\/div>\n\t\t\n\t\t<a class=\"elementor-post__read-more\" href=\"https:\/\/costablanca-magazin.com\/es\/lokales\/business-service\/mueller-markt-in-finestrat-ein-vielfaeltiges-einkaufserlebnis\/\" aria-label=\"M\u00e1s informaci\u00f3n sobre M\u00fcller Markt en Finestrat - Una experiencia de compras variada\" tabindex=\"-1\" >\n\t\t\tLeer m\u00e1s \u00bb\t\t<\/a>\n\n\t\t\t\t<\/div>\n\t\t\t\t\t<\/div>\n\t\t<\/article>\n\t\t\t\t<article class=\"elementor-post elementor-grid-item post-1836 post type-post status-publish format-standard has-post-thumbnail hentry category-business-service tag-heim-haus-costa-blanca tag-unternehmen-costa-blanca\" role=\"listitem\">\n\t\t\t<div class=\"elementor-post__card\">\n\t\t\t\t<a class=\"elementor-post__thumbnail__link\" href=\"https:\/\/costablanca-magazin.com\/es\/lokales\/business-service\/modernes-outdoor-kochenin-teulada\/\" tabindex=\"-1\" ><div class=\"elementor-post__thumbnail\"><img loading=\"lazy\" decoding=\"async\" width=\"300\" height=\"225\" src=\"https:\/\/costablanca-magazin.com\/wp-content\/uploads\/2024\/08\/20240612_143952-300x225.jpg\" class=\"attachment-medium size-medium wp-image-1837\" alt=\"Primeras cocinas al aire libre y barbacoa en Teulada\" srcset=\"https:\/\/costablanca-magazin.com\/wp-content\/uploads\/2024\/08\/20240612_143952-300x225.jpg 300w, https:\/\/costablanca-magazin.com\/wp-content\/uploads\/2024\/08\/20240612_143952-1024x768.jpg 1024w, https:\/\/costablanca-magazin.com\/wp-content\/uploads\/2024\/08\/20240612_143952-768x576.jpg 768w, https:\/\/costablanca-magazin.com\/wp-content\/uploads\/2024\/08\/20240612_143952-1536x1152.jpg 1536w, https:\/\/costablanca-magazin.com\/wp-content\/uploads\/2024\/08\/20240612_143952-2048x1536.jpg 2048w\" sizes=\"(max-width: 300px) 100vw, 300px\" \/><\/div><\/a>\n\t\t\t\t<div class=\"elementor-post__badge\">Empresas y servicios<\/div>\n\t\t\t\t<div class=\"elementor-post__text\">\n\t\t\t\t<h2 class=\"elementor-post__title\">\n\t\t\t<a href=\"https:\/\/costablanca-magazin.com\/es\/lokales\/business-service\/modernes-outdoor-kochenin-teulada\/\" >\n\t\t\t\tCocina moderna al aire libre en Teulada\t\t\t<\/a>\n\t\t<\/h2>\n\t\t\t\t<div class=\"elementor-post__excerpt\">\n\t\t\t<p>First BBQ House establece nuevos est\u00e1ndares - una visita a los especialistas en barbacoas y cocinas de exterior merece la pena. Teulada, en la Costa Blanca, se est\u00e1 convirtiendo en el nuevo centro de la cocina de exterior exclusiva y moderna. First BBQ House abre aqu\u00ed su nueva sucursal, trayendo a la regi\u00f3n cocinas de exterior de alta calidad y sofisticada tecnolog\u00eda para barbacoas.<\/p>\n\t\t<\/div>\n\t\t\n\t\t<a class=\"elementor-post__read-more\" href=\"https:\/\/costablanca-magazin.com\/es\/lokales\/business-service\/modernes-outdoor-kochenin-teulada\/\" aria-label=\"M\u00e1s informaci\u00f3n sobre Cocina moderna al aire libre en Teulada\" tabindex=\"-1\" >\n\t\t\tLeer m\u00e1s \u00bb\t\t<\/a>\n\n\t\t\t\t<\/div>\n\t\t\t\t\t<\/div>\n\t\t<\/article>\n\t\t\t\t<\/div>\n\t\t\n\t\t\t\t\t\t<\/div>\n\t\t\t\t<\/div>\n\t\t\t\t\t<\/div>\n\t\t\t\t<\/div>\n\t\t\t\t<\/div>","protected":false},"excerpt":{"rendered":"<p>Noticias locales \u2013 Negocios y servicios<\/p>","protected":false},"author":1,"featured_media":0,"parent":0,"menu_order":0,"comment_status":"closed","ping_status":"closed","template":"elementor_header_footer","meta":{"footnotes":""},"class_list":["post-7938","page","type-page","status-publish","hentry"],"aioseo_notices":[],"aioseo_head":"\n\t\t<!-- All in One SEO Pro 5.0.1.1 - aioseo.com -->\n\t<meta name=\"description\" content=\"First BBQ House setzt neue Ma\u00dfst\u00e4be \u2013 ein Besuch bei den Spezialisten f\u00fcr Grills und Outdoor-K\u00fcchen lohnt sich.\" \/>\n\t<meta name=\"robots\" content=\"max-snippet:-1, max-image-preview:large, max-video-preview:-1\" \/>\n\t<link rel=\"canonical\" href=\"https:\/\/costablanca-magazin.com\/es\/lokales\/business-service\/modernes-outdoor-kochenin-teulada\/\" \/>\n\t<meta name=\"generator\" content=\"All in One SEO Pro (AIOSEO) 5.0.1.1\" \/>\n\t\t<meta property=\"og:locale\" content=\"es_ES\" \/>\n\t\t<meta property=\"og:site_name\" content=\"Costa Blanca Magazin\" \/>\n\t\t<meta property=\"og:type\" content=\"article\" \/>\n\t\t<meta property=\"og:title\" content=\"Modernes Outdoor-Kochen in Teulada\" \/>\n\t\t<meta property=\"og:description\" content=\"First BBQ House setzt neue Ma\u00dfst\u00e4be \u2013 ein Besuch bei den Spezialisten f\u00fcr Grills und Outdoor-K\u00fcchen lohnt sich.\" \/>\n\t\t<meta property=\"og:url\" content=\"https:\/\/costablanca-magazin.com\/es\/lokales\/business-service\/modernes-outdoor-kochenin-teulada\/\" \/>\n\t\t<meta property=\"og:image\" content=\"https:\/\/costablanca-magazin.com\/wp-content\/uploads\/2024\/08\/20240612_143952-scaled.jpg\" \/>\n\t\t<meta property=\"og:image:secure_url\" content=\"https:\/\/costablanca-magazin.com\/wp-content\/uploads\/2024\/08\/20240612_143952-scaled.jpg\" \/>\n\t\t<meta property=\"og:image:width\" content=\"2560\" \/>\n\t\t<meta property=\"og:image:height\" content=\"1920\" \/>\n\t\t<meta property=\"article:published_time\" content=\"2024-08-26T08:26:27+00:00\" \/>\n\t\t<meta property=\"article:modified_time\" content=\"2026-07-08T05:22:48+00:00\" \/>\n\t\t<meta property=\"article:publisher\" content=\"https:\/\/www.facebook.com\/costablancalifestyle\/\" \/>\n\t\t<meta name=\"twitter:card\" content=\"summary_large_image\" \/>\n\t\t<meta name=\"twitter:title\" content=\"Modernes Outdoor-Kochen in Teulada\" \/>\n\t\t<meta name=\"twitter:description\" content=\"First BBQ House setzt neue Ma\u00dfst\u00e4be \u2013 ein Besuch bei den Spezialisten f\u00fcr Grills und Outdoor-K\u00fcchen lohnt sich.\" \/>\n\t\t<meta name=\"twitter:image\" content=\"https:\/\/costablanca-magazin.com\/wp-content\/uploads\/2024\/08\/20240612_143952-scaled.jpg\" \/>\n\t\t<script type=\"application\/ld+json\" class=\"aioseo-schema\">\n\t\t\t{\"@context\":\"https:\\\/\\\/schema.org\",\"@graph\":[{\"@type\":\"Article\",\"@id\":\"https:\\\/\\\/costablanca-magazin.com\\\/es\\\/lokales\\\/business-service\\\/modernes-outdoor-kochenin-teulada\\\/#article\",\"name\":\"Modernes Outdoor-Kochen in Teulada\",\"headline\":\"Modernes Outdoor-Kochen in Teulada\",\"author\":{\"@id\":\"https:\\\/\\\/costablanca-magazin.com\\\/es\\\/author\\\/costablanca-magazin-redaktion\\\/#author\"},\"publisher\":{\"@id\":\"https:\\\/\\\/costablanca-magazin.com\\\/es\\\/#organization\"},\"image\":{\"@type\":\"ImageObject\",\"url\":\"https:\\\/\\\/costablanca-magazin.com\\\/wp-content\\\/uploads\\\/2024\\\/08\\\/20240612_143952-scaled.jpg\",\"width\":2560,\"height\":1920,\"caption\":\"First BBQ Aussenk\\u00fcchen und Grill in Teulada\"},\"datePublished\":\"2024-08-26T10:26:27+02:00\",\"dateModified\":\"2026-07-08T07:22:48+02:00\",\"inLanguage\":\"es-ES\",\"mainEntityOfPage\":{\"@id\":\"https:\\\/\\\/costablanca-magazin.com\\\/es\\\/lokales\\\/business-service\\\/modernes-outdoor-kochenin-teulada\\\/#webpage\"},\"isPartOf\":{\"@id\":\"https:\\\/\\\/costablanca-magazin.com\\\/es\\\/lokales\\\/business-service\\\/modernes-outdoor-kochenin-teulada\\\/#webpage\"},\"articleSection\":\"Business &amp; Service, Heim &amp; Haus, Unternehmen Costa Blanca\"},{\"@type\":\"BreadcrumbList\",\"@id\":\"https:\\\/\\\/costablanca-magazin.com\\\/es\\\/lokales\\\/business-service\\\/modernes-outdoor-kochenin-teulada\\\/#breadcrumblist\",\"itemListElement\":[{\"@type\":\"ListItem\",\"@id\":\"https:\\\/\\\/costablanca-magazin.com\\\/es#listItem\",\"position\":1,\"name\":\"Home\",\"item\":\"https:\\\/\\\/costablanca-magazin.com\\\/es\",\"nextItem\":{\"@type\":\"ListItem\",\"@id\":\"https:\\\/\\\/costablanca-magazin.com\\\/es\\\/business-service\\\/#listItem\",\"name\":\"Business &amp; Service\"}},{\"@type\":\"ListItem\",\"@id\":\"https:\\\/\\\/costablanca-magazin.com\\\/es\\\/business-service\\\/#listItem\",\"position\":2,\"name\":\"Business &amp; Service\",\"previousItem\":{\"@type\":\"ListItem\",\"@id\":\"https:\\\/\\\/costablanca-magazin.com\\\/es#listItem\",\"name\":\"Home\"}}]},{\"@type\":\"Organization\",\"@id\":\"https:\\\/\\\/costablanca-magazin.com\\\/es\\\/#organization\",\"name\":\"Costa Blanca Magazin\",\"description\":\"Costa Blanca Magazin\",\"url\":\"https:\\\/\\\/costablanca-magazin.com\\\/es\\\/\",\"email\":\"info@costablanca-magazin.com\",\"telephone\":\"+34 663 946 871\",\"logo\":{\"@type\":\"ImageObject\",\"url\":\"https:\\\/\\\/costablanca-magazin.com\\\/wp-content\\\/uploads\\\/2024\\\/05\\\/logo.jpg\",\"@id\":\"https:\\\/\\\/costablanca-magazin.com\\\/es\\\/lokales\\\/business-service\\\/modernes-outdoor-kochenin-teulada\\\/#organizationLogo\",\"width\":1605,\"height\":236,\"caption\":\"Costa Blanca Magazin\"},\"image\":{\"@id\":\"https:\\\/\\\/costablanca-magazin.com\\\/es\\\/lokales\\\/business-service\\\/modernes-outdoor-kochenin-teulada\\\/#organizationLogo\"},\"sameAs\":[\"https:\\\/\\\/www.facebook.com\\\/costablancalifestyle\\\/\",\"https:\\\/\\\/www.instagram.com\\\/costablancamagazin\\\/\"],\"address\":{\"@id\":\"https:\\\/\\\/costablanca-magazin.com\\\/es\\\/#postaladdress\",\"@type\":\"PostalAddress\",\"streetAddress\":\"C\\\/Marina 104, 1\\u00b0, Local 7\",\"postalCode\":\"07620\",\"addressLocality\":\"Llucmajor\",\"addressRegion\":\"Baleares\",\"addressCountry\":\"ES\"},\"taxID\":\"ESB57951659\"},{\"@type\":\"Person\",\"@id\":\"https:\\\/\\\/costablanca-magazin.com\\\/es\\\/author\\\/costablanca-magazin-redaktion\\\/#author\",\"url\":\"https:\\\/\\\/costablanca-magazin.com\\\/es\\\/author\\\/costablanca-magazin-redaktion\\\/\",\"name\":\"Costablanca Magazin Redaktion\"},{\"@type\":\"WebPage\",\"@id\":\"https:\\\/\\\/costablanca-magazin.com\\\/es\\\/lokales\\\/business-service\\\/modernes-outdoor-kochenin-teulada\\\/#webpage\",\"url\":\"https:\\\/\\\/costablanca-magazin.com\\\/es\\\/lokales\\\/business-service\\\/modernes-outdoor-kochenin-teulada\\\/\",\"name\":\"Modernes Outdoor-Kochen in Teulada\",\"description\":\"First BBQ House setzt neue Ma\\u00dfst\\u00e4be \\u2013 ein Besuch bei den Spezialisten f\\u00fcr Grills und Outdoor-K\\u00fcchen lohnt sich.\",\"inLanguage\":\"es-ES\",\"isPartOf\":{\"@id\":\"https:\\\/\\\/costablanca-magazin.com\\\/es\\\/#website\"},\"breadcrumb\":{\"@id\":\"https:\\\/\\\/costablanca-magazin.com\\\/es\\\/lokales\\\/business-service\\\/modernes-outdoor-kochenin-teulada\\\/#breadcrumblist\"},\"author\":{\"@id\":\"https:\\\/\\\/costablanca-magazin.com\\\/es\\\/author\\\/costablanca-magazin-redaktion\\\/#author\"},\"creator\":{\"@id\":\"https:\\\/\\\/costablanca-magazin.com\\\/es\\\/author\\\/costablanca-magazin-redaktion\\\/#author\"},\"image\":{\"@type\":\"ImageObject\",\"url\":\"https:\\\/\\\/costablanca-magazin.com\\\/wp-content\\\/uploads\\\/2024\\\/08\\\/20240612_143952-scaled.jpg\",\"@id\":\"https:\\\/\\\/costablanca-magazin.com\\\/es\\\/lokales\\\/business-service\\\/modernes-outdoor-kochenin-teulada\\\/#mainImage\",\"width\":2560,\"height\":1920,\"caption\":\"First BBQ Aussenk\\u00fcchen und Grill in Teulada\"},\"primaryImageOfPage\":{\"@id\":\"https:\\\/\\\/costablanca-magazin.com\\\/es\\\/lokales\\\/business-service\\\/modernes-outdoor-kochenin-teulada\\\/#mainImage\"},\"datePublished\":\"2024-08-26T10:26:27+02:00\",\"dateModified\":\"2026-07-08T07:22:48+02:00\"},{\"@type\":\"WebSite\",\"@id\":\"https:\\\/\\\/costablanca-magazin.com\\\/es\\\/#website\",\"url\":\"https:\\\/\\\/costablanca-magazin.com\\\/es\\\/\",\"name\":\"Costa Blanca Magazin\",\"description\":\"Costa Blanca - alles um das Leben und die Freizeit an der K\\u00fcste\",\"inLanguage\":\"es-ES\",\"publisher\":{\"@id\":\"https:\\\/\\\/costablanca-magazin.com\\\/es\\\/#organization\"}}]}\n\t\t<\/script>\n\t\t<!-- All in One SEO Pro -->\r\n\t\t<title>Modernes Outdoor-Kochen in Teulada<\/title>\n\n","aioseo_head_json":{"title":"Cocina moderna al aire libre en Teulada","description":"First BBQ House establece nuevos est\u00e1ndares: merece la pena visitar a los especialistas en barbacoas y cocinas al aire libre.","canonical_url":"https:\/\/costablanca-magazin.com\/es\/lokales\/business-service\/modernes-outdoor-kochenin-teulada\/","robots":"max-snippet:-1, max-image-preview:large, max-video-preview:-1","keywords":"","webmasterTools":{"miscellaneous":""},"schema":{"@context":"https:\/\/schema.org","@graph":[{"@type":"Article","@id":"https:\/\/costablanca-magazin.com\/es\/lokales\/business-service\/modernes-outdoor-kochenin-teulada\/#article","name":"Modernes Outdoor-Kochen in Teulada","headline":"Modernes Outdoor-Kochen in Teulada","author":{"@id":"https:\/\/costablanca-magazin.com\/es\/author\/costablanca-magazin-redaktion\/#author"},"publisher":{"@id":"https:\/\/costablanca-magazin.com\/es\/#organization"},"image":{"@type":"ImageObject","url":"https:\/\/costablanca-magazin.com\/wp-content\/uploads\/2024\/08\/20240612_143952-scaled.jpg","width":2560,"height":1920,"caption":"First BBQ Aussenk\u00fcchen und Grill in Teulada"},"datePublished":"2024-08-26T10:26:27+02:00","dateModified":"2026-07-08T07:22:48+02:00","inLanguage":"es-ES","mainEntityOfPage":{"@id":"https:\/\/costablanca-magazin.com\/es\/lokales\/business-service\/modernes-outdoor-kochenin-teulada\/#webpage"},"isPartOf":{"@id":"https:\/\/costablanca-magazin.com\/es\/lokales\/business-service\/modernes-outdoor-kochenin-teulada\/#webpage"},"articleSection":"Business &amp; Service, Heim &amp; Haus, Unternehmen Costa Blanca"},{"@type":"BreadcrumbList","@id":"https:\/\/costablanca-magazin.com\/es\/lokales\/business-service\/modernes-outdoor-kochenin-teulada\/#breadcrumblist","itemListElement":[{"@type":"ListItem","@id":"https:\/\/costablanca-magazin.com\/es#listItem","position":1,"name":"Home","item":"https:\/\/costablanca-magazin.com\/es","nextItem":{"@type":"ListItem","@id":"https:\/\/costablanca-magazin.com\/es\/business-service\/#listItem","name":"Business &amp; Service"}},{"@type":"ListItem","@id":"https:\/\/costablanca-magazin.com\/es\/business-service\/#listItem","position":2,"name":"Business &amp; Service","previousItem":{"@type":"ListItem","@id":"https:\/\/costablanca-magazin.com\/es#listItem","name":"Home"}}]},{"@type":"Organization","@id":"https:\/\/costablanca-magazin.com\/es\/#organization","name":"Costa Blanca Magazin","description":"Costa Blanca Magazin","url":"https:\/\/costablanca-magazin.com\/es\/","email":"info@costablanca-magazin.com","telephone":"+34 663 946 871","logo":{"@type":"ImageObject","url":"https:\/\/costablanca-magazin.com\/wp-content\/uploads\/2024\/05\/logo.jpg","@id":"https:\/\/costablanca-magazin.com\/es\/lokales\/business-service\/modernes-outdoor-kochenin-teulada\/#organizationLogo","width":1605,"height":236,"caption":"Costa Blanca Magazin"},"image":{"@id":"https:\/\/costablanca-magazin.com\/es\/lokales\/business-service\/modernes-outdoor-kochenin-teulada\/#organizationLogo"},"sameAs":["https:\/\/www.facebook.com\/costablancalifestyle\/","https:\/\/www.instagram.com\/costablancamagazin\/"],"address":{"@id":"https:\/\/costablanca-magazin.com\/es\/#postaladdress","@type":"PostalAddress","streetAddress":"C\/Marina 104, 1\u00b0, Local 7","postalCode":"07620","addressLocality":"Llucmajor","addressRegion":"Baleares","addressCountry":"ES"},"taxID":"ESB57951659"},{"@type":"Person","@id":"https:\/\/costablanca-magazin.com\/es\/author\/costablanca-magazin-redaktion\/#author","url":"https:\/\/costablanca-magazin.com\/es\/author\/costablanca-magazin-redaktion\/","name":"Costablanca Magazin Redaktion"},{"@type":"WebPage","@id":"https:\/\/costablanca-magazin.com\/es\/lokales\/business-service\/modernes-outdoor-kochenin-teulada\/#webpage","url":"https:\/\/costablanca-magazin.com\/es\/lokales\/business-service\/modernes-outdoor-kochenin-teulada\/","name":"Modernes Outdoor-Kochen in Teulada","description":"First BBQ House setzt neue Ma\u00dfst\u00e4be \u2013 ein Besuch bei den Spezialisten f\u00fcr Grills und Outdoor-K\u00fcchen lohnt sich.","inLanguage":"es-ES","isPartOf":{"@id":"https:\/\/costablanca-magazin.com\/es\/#website"},"breadcrumb":{"@id":"https:\/\/costablanca-magazin.com\/es\/lokales\/business-service\/modernes-outdoor-kochenin-teulada\/#breadcrumblist"},"author":{"@id":"https:\/\/costablanca-magazin.com\/es\/author\/costablanca-magazin-redaktion\/#author"},"creator":{"@id":"https:\/\/costablanca-magazin.com\/es\/author\/costablanca-magazin-redaktion\/#author"},"image":{"@type":"ImageObject","url":"https:\/\/costablanca-magazin.com\/wp-content\/uploads\/2024\/08\/20240612_143952-scaled.jpg","@id":"https:\/\/costablanca-magazin.com\/es\/lokales\/business-service\/modernes-outdoor-kochenin-teulada\/#mainImage","width":2560,"height":1920,"caption":"First BBQ Aussenk\u00fcchen und Grill in Teulada"},"primaryImageOfPage":{"@id":"https:\/\/costablanca-magazin.com\/es\/lokales\/business-service\/modernes-outdoor-kochenin-teulada\/#mainImage"},"datePublished":"2024-08-26T10:26:27+02:00","dateModified":"2026-07-08T07:22:48+02:00"},{"@type":"WebSite","@id":"https:\/\/costablanca-magazin.com\/es\/#website","url":"https:\/\/costablanca-magazin.com\/es\/","name":"Costa Blanca Magazin","description":"Costa Blanca - alles um das Leben und die Freizeit an der K\u00fcste","inLanguage":"es-ES","publisher":{"@id":"https:\/\/costablanca-magazin.com\/es\/#organization"}}]},"og:locale":"es_ES","og:site_name":"Costa Blanca Magazin","og:type":"article","og:title":"Modernes Outdoor-Kochen in Teulada","og:description":"First BBQ House setzt neue Ma\u00dfst\u00e4be \u2013 ein Besuch bei den Spezialisten f\u00fcr Grills und Outdoor-K\u00fcchen lohnt sich.","og:url":"https:\/\/costablanca-magazin.com\/es\/lokales\/business-service\/modernes-outdoor-kochenin-teulada\/","og:image":"https:\/\/costablanca-magazin.com\/wp-content\/uploads\/2024\/08\/20240612_143952-scaled.jpg","og:image:secure_url":"https:\/\/costablanca-magazin.com\/wp-content\/uploads\/2024\/08\/20240612_143952-scaled.jpg","og:image:width":2560,"og:image:height":1920,"article:published_time":"2024-08-26T08:26:27+00:00","article:modified_time":"2026-07-08T05:22:48+00:00","article:publisher":"https:\/\/www.facebook.com\/costablancalifestyle\/","twitter:card":"summary_large_image","twitter:title":"Modernes Outdoor-Kochen in Teulada","twitter:description":"First BBQ House setzt neue Ma\u00dfst\u00e4be \u2013 ein Besuch bei den Spezialisten f\u00fcr Grills und Outdoor-K\u00fcchen lohnt sich.","twitter:image":"https:\/\/costablanca-magazin.com\/wp-content\/uploads\/2024\/08\/20240612_143952-scaled.jpg"},"aioseo_meta_data":{"post_id":"7938","title":"Negocios y Servicios en la Costa Blanca - Local...","description":"Empresas locales, consejos empresariales, servicios e informaci\u00f3n para aut\u00f3nomos, nuevas empresas y emprendedores en la Costa Blanca-para expatriados y...","keywords":null,"keyphrases":{"focus":{"keyphrase":"Business und Service Costa Blanca, Lokale Unternehmen,Tipps f\u00fcr Gr\u00fcnder","score":26,"analysis":{"keyphraseInTitle":{"score":3,"maxScore":9,"error":1},"keyphraseInDescription":{"score":3,"maxScore":9,"error":1},"keyphraseLength":{"score":3,"maxScore":9,"error":1,"length":11},"keyphraseInURL":{"score":1,"maxScore":5,"error":1},"keyphraseInIntroduction":{"score":3,"maxScore":9,"error":1},"keyphraseInSubHeadings":[],"keyphraseInImageAlt":[],"keywordDensity":{"score":0,"type":"low","maxScore":9,"error":1}}},"additional":[]},"primary_term":null,"canonical_url":"https:\/\/costablanca-magazin.com\/lokales\/","og_title":null,"og_description":null,"og_object_type":"default","og_image_type":"default","og_image_url":null,"og_image_width":null,"og_image_height":null,"og_image_custom_url":null,"og_image_custom_fields":null,"og_video":"","og_custom_url":null,"og_article_section":null,"og_article_tags":null,"twitter_use_og":false,"twitter_card":"default","twitter_image_type":"default","twitter_image_url":null,"twitter_image_custom_url":null,"twitter_image_custom_fields":null,"twitter_title":null,"twitter_description":null,"schema":{"blockGraphs":[],"customGraphs":[],"default":{"data":{"Article":[],"Course":[],"Dataset":[],"FAQPage":[],"Movie":[],"Person":[],"Product":[],"ProductReview":[],"Car":[],"Recipe":[],"Service":[],"SoftwareApplication":[],"WebPage":[]},"graphName":"WebPage","isEnabled":true},"graphs":[]},"schema_type":"default","schema_type_options":null,"pillar_content":false,"robots_default":true,"robots_noindex":false,"robots_noarchive":false,"robots_nosnippet":false,"robots_nofollow":false,"robots_noimageindex":false,"robots_noodp":false,"robots_notranslate":false,"robots_max_snippet":"-1","robots_max_videopreview":"-1","robots_max_imagepreview":"large","priority":null,"frequency":"default","local_seo":null,"seo_analyzer_scan_date":"2026-05-08 11:37:02","breadcrumb_settings":null,"limit_modified_date":false,"reviewed_by":null,"open_ai":null,"ai":{"faqs":[],"keyPoints":[],"titles":[],"descriptions":[],"socialPosts":{"email":[],"linkedin":[],"twitter":[],"facebook":[],"instagram":[]}},"created":"2025-07-07 18:09:35","updated":"2026-05-08 11:37:02","focus_keyword":"Business und Service Costa Blanca, Lokale Unternehmen,Tipps f\u00fcr Gr\u00fcnder","additional_keywords":null,"truseo_locale":null},"aioseo_breadcrumb":"<div class=\"aioseo-breadcrumbs\"><span class=\"aioseo-breadcrumb\">\n\t<a href=\"https:\/\/costablanca-magazin.com\/es\" title=\"Home\">Home<\/a>\n<\/span><span class=\"aioseo-breadcrumb-separator\">&raquo;<\/span><span class=\"aioseo-breadcrumb\">\n\tBusiness &amp; Service\n<\/span><\/div>","aioseo_breadcrumb_json":[{"label":"Home","link":"https:\/\/costablanca-magazin.com\/es"},{"label":"Business &amp; Service","link":"https:\/\/costablanca-magazin.com\/es\/business-service\/"}],"_links":{"self":[{"href":"https:\/\/costablanca-magazin.com\/es\/wp-json\/wp\/v2\/pages\/7938","targetHints":{"allow":["GET"]}}],"collection":[{"href":"https:\/\/costablanca-magazin.com\/es\/wp-json\/wp\/v2\/pages"}],"about":[{"href":"https:\/\/costablanca-magazin.com\/es\/wp-json\/wp\/v2\/types\/page"}],"author":[{"embeddable":true,"href":"https:\/\/costablanca-magazin.com\/es\/wp-json\/wp\/v2\/users\/1"}],"replies":[{"embeddable":true,"href":"https:\/\/costablanca-magazin.com\/es\/wp-json\/wp\/v2\/comments?post=7938"}],"version-history":[{"count":8,"href":"https:\/\/costablanca-magazin.com\/es\/wp-json\/wp\/v2\/pages\/7938\/revisions"}],"predecessor-version":[{"id":11635,"href":"https:\/\/costablanca-magazin.com\/es\/wp-json\/wp\/v2\/pages\/7938\/revisions\/11635"}],"wp:attachment":[{"href":"https:\/\/costablanca-magazin.com\/es\/wp-json\/wp\/v2\/media?parent=7938"}],"curies":[{"name":"wp","href":"https:\/\/api.w.org\/{rel}","templated":true}]}}