{"id":4674,"date":"2025-01-21T09:33:48","date_gmt":"2025-01-21T08:33:48","guid":{"rendered":"https:\/\/costablanca-magazin.com\/?page_id=4674"},"modified":"2026-03-09T08:19:04","modified_gmt":"2026-03-09T07:19:04","slug":"moraira","status":"publish","type":"page","link":"https:\/\/costablanca-magazin.com\/es\/moraira\/","title":{"rendered":"Moraira"},"content":{"rendered":"<div data-elementor-type=\"wp-page\" data-elementor-id=\"4674\" class=\"elementor elementor-4674\" data-elementor-post-type=\"page\">\n\t\t\t\t<div class=\"elementor-element elementor-element-05fd773 e-flex e-con-boxed e-con e-parent\" data-id=\"05fd773\" data-element_type=\"container\" data-e-type=\"container\">\n\t\t\t\t\t<div class=\"e-con-inner\">\n\t\t\t\t<div class=\"elementor-element elementor-element-e11393b elementor-widget elementor-widget-heading\" data-id=\"e11393b\" data-element_type=\"widget\" data-e-type=\"widget\" data-widget_type=\"heading.default\">\n\t\t\t\t<div class=\"elementor-widget-container\">\n\t\t\t\t\t<h1 class=\"elementor-heading-title elementor-size-default\">Moraira - paseo mar\u00edtimo, puerto deportivo y deliciosa gastronom\u00eda<\/h1>\t\t\t\t<\/div>\n\t\t\t\t<\/div>\n\t\t\t\t\t<\/div>\n\t\t\t\t<\/div>\n\t\t<div class=\"elementor-element elementor-element-cf400ca e-flex e-con-boxed e-con e-parent\" data-id=\"cf400ca\" data-element_type=\"container\" data-e-type=\"container\">\n\t\t\t\t\t<div class=\"e-con-inner\">\n\t\t\t\t<div class=\"elementor-element elementor-element-bd3942e elementor-widget elementor-widget-heading\" data-id=\"bd3942e\" data-element_type=\"widget\" data-e-type=\"widget\" data-widget_type=\"heading.default\">\n\t\t\t\t<div class=\"elementor-widget-container\">\n\t\t\t\t\t<h2 class=\"elementor-heading-title elementor-size-default\">Vida costera con estilo, tranquilidad y calidad<\/h2>\t\t\t\t<\/div>\n\t\t\t\t<\/div>\n\t\t\t\t<div class=\"elementor-element elementor-element-9c38902 elementor-widget elementor-widget-text-editor\" data-id=\"9c38902\" data-element_type=\"widget\" data-e-type=\"widget\" data-widget_type=\"text-editor.default\">\n\t\t\t\t<div class=\"elementor-widget-container\">\n\t\t\t\t\t\t\t\t\t<p>Moraira, pedan\u00eda del municipio de Teulada, est\u00e1 situada en uno de los tramos de costa m\u00e1s tranquilos y pintorescos del norte de la Costa Blanca. El antiguo pueblo de pescadores se ha convertido en una cuidada zona residencial con sabor internacional, sin perder su autenticidad. Quienes viven en Moraira aprecian su tama\u00f1o manejable, la buena infraestructura, el ambiente mar\u00edtimo-mediterr\u00e1neo y la tranquila pero animada vida comunitaria.<\/p>\n<p class=\"aih1words\">El elegante puerto deportivo de Moraira y su deliciosa gastronom\u00eda reflejan la tranquila vida costera de ambiente mediterr\u00e1neo y alta calidad de vida.<\/p>\n\n<!-- ai-h1words -->\n<p>El elegante puerto deportivo de Benissa Costa ofrece una deliciosa gastronom\u00eda y un ambiente relajado, donde Moraira y el mar complementan la vida costera con estilo, tranquilidad y calidad.<\/p>\n<!-- \/ai-h1words -->\n\n<p>El municipio se compone de dos zonas claramente diferenciadas: el casco hist\u00f3rico en el interior y el tramo costero de Benissa Costa con calas, zonas de chalets y playas tranquilas.<\/p>\t\t\t\t\t\t\t\t<\/div>\n\t\t\t\t<\/div>\n\t\t\t\t\t<\/div>\n\t\t\t\t<\/div>\n\t\t<div class=\"elementor-element elementor-element-1265b2f e-flex e-con-boxed e-con e-parent\" data-id=\"1265b2f\" data-element_type=\"container\" data-e-type=\"container\">\n\t\t\t\t\t<div class=\"e-con-inner\">\n\t\t<div class=\"elementor-element elementor-element-1b46166 e-con-full e-flex e-con e-child\" data-id=\"1b46166\" data-element_type=\"container\" data-e-type=\"container\">\n\t\t\t\t<div class=\"elementor-element elementor-element-85c7614 elementor-widget elementor-widget-heading\" data-id=\"85c7614\" data-element_type=\"widget\" data-e-type=\"widget\" data-widget_type=\"heading.default\">\n\t\t\t\t<div class=\"elementor-widget-container\">\n\t\t\t\t\t<h3 class=\"elementor-heading-title elementor-size-default\">Desarrollo urbano e historia<\/h3>\t\t\t\t<\/div>\n\t\t\t\t<\/div>\n\t\t\t\t<div class=\"elementor-element elementor-element-9f04d8c elementor-widget elementor-widget-text-editor\" data-id=\"9f04d8c\" data-element_type=\"widget\" data-e-type=\"widget\" data-widget_type=\"text-editor.default\">\n\t\t\t\t<div class=\"elementor-widget-container\">\n\t\t\t\t\t\t\t\t\t<p>Hasta la d\u00e9cada de 1960, Moraira era un peque\u00f1o pueblo de pescadores y formaba parte del municipio de Teulada. Con la aparici\u00f3n del turismo costero, Moraira se convirti\u00f3 en un distrito independiente con una infraestructura creciente. El municipio favoreci\u00f3 desde el principio las construcciones bajas, la conservaci\u00f3n de la estructura de la bah\u00eda y las zonas residenciales de alta calidad. Este control deliberado ha preservado el car\u00e1cter cuidado, tranquilo y de alta calidad de Moraira hasta nuestros d\u00edas.<\/p>\t\t\t\t\t\t\t\t<\/div>\n\t\t\t\t<\/div>\n\t\t\t\t<\/div>\n\t\t<div class=\"elementor-element elementor-element-b0e647d e-con-full e-flex e-con e-child\" data-id=\"b0e647d\" data-element_type=\"container\" data-e-type=\"container\">\n\t\t\t\t<div class=\"elementor-element elementor-element-6d0e883 elementor-widget elementor-widget-gallery\" data-id=\"6d0e883\" data-element_type=\"widget\" data-e-type=\"widget\" data-settings=\"{&quot;columns&quot;:1,&quot;aspect_ratio&quot;:&quot;16:9&quot;,&quot;lazyload&quot;:&quot;yes&quot;,&quot;gallery_layout&quot;:&quot;grid&quot;,&quot;columns_tablet&quot;:2,&quot;columns_mobile&quot;:1,&quot;gap&quot;:{&quot;unit&quot;:&quot;px&quot;,&quot;size&quot;:10,&quot;sizes&quot;:[]},&quot;gap_tablet&quot;:{&quot;unit&quot;:&quot;px&quot;,&quot;size&quot;:10,&quot;sizes&quot;:[]},&quot;gap_mobile&quot;:{&quot;unit&quot;:&quot;px&quot;,&quot;size&quot;:10,&quot;sizes&quot;:[]},&quot;link_to&quot;:&quot;file&quot;,&quot;overlay_background&quot;:&quot;yes&quot;,&quot;content_hover_animation&quot;:&quot;fade-in&quot;}\" data-widget_type=\"gallery.default\">\n\t\t\t\t<div class=\"elementor-widget-container\">\n\t\t\t\t\t\t\t<div class=\"elementor-gallery__container\">\n\t\t\t\t\t\t\t<a class=\"e-gallery-item elementor-gallery-item elementor-animated-content\" href=\"https:\/\/costablanca-magazin.com\/wp-content\/uploads\/2024\/05\/moraira1.jpg\" data-elementor-open-lightbox=\"yes\" data-elementor-lightbox-slideshow=\"6d0e883\" data-elementor-lightbox-title=\"Moraira costa-blanca\" data-elementor-lightbox-description=\"Moraira costa-blanca\" data-e-action-hash=\"#elementor-action%3Aaction%3Dlightbox%26settings%3DeyJpZCI6MTQ5LCJ1cmwiOiJodHRwczpcL1wvY29zdGFibGFuY2EtbWFnYXppbi5jb21cL3dwLWNvbnRlbnRcL3VwbG9hZHNcLzIwMjRcLzA1XC9tb3JhaXJhMS5qcGciLCJzbGlkZXNob3ciOiI2ZDBlODgzIn0%3D\">\n\t\t\t\t\t<div class=\"e-gallery-image elementor-gallery-item__image\" data-thumbnail=\"https:\/\/costablanca-magazin.com\/wp-content\/uploads\/2024\/05\/moraira1.jpg\" data-width=\"768\" data-height=\"576\" aria-label=\"Moraira costa-blanca\" role=\"img\" ><\/div>\n\t\t\t\t\t\t\t\t\t\t\t<div class=\"elementor-gallery-item__overlay\"><\/div>\n\t\t\t\t\t\t\t\t\t\t\t\t\t\t<\/a>\n\t\t\t\t\t<\/div>\n\t\t\t\t\t<\/div>\n\t\t\t\t<\/div>\n\t\t\t\t<\/div>\n\t\t<div class=\"elementor-element elementor-element-a35f413 e-con-full e-flex e-con e-child\" data-id=\"a35f413\" data-element_type=\"container\" data-e-type=\"container\">\n\t\t\t\t<div class=\"elementor-element elementor-element-ed144c1 elementor-widget elementor-widget-gallery\" data-id=\"ed144c1\" data-element_type=\"widget\" data-e-type=\"widget\" data-settings=\"{&quot;columns&quot;:1,&quot;lazyload&quot;:&quot;yes&quot;,&quot;gallery_layout&quot;:&quot;grid&quot;,&quot;columns_tablet&quot;:2,&quot;columns_mobile&quot;:1,&quot;gap&quot;:{&quot;unit&quot;:&quot;px&quot;,&quot;size&quot;:10,&quot;sizes&quot;:[]},&quot;gap_tablet&quot;:{&quot;unit&quot;:&quot;px&quot;,&quot;size&quot;:10,&quot;sizes&quot;:[]},&quot;gap_mobile&quot;:{&quot;unit&quot;:&quot;px&quot;,&quot;size&quot;:10,&quot;sizes&quot;:[]},&quot;link_to&quot;:&quot;file&quot;,&quot;aspect_ratio&quot;:&quot;3:2&quot;,&quot;overlay_background&quot;:&quot;yes&quot;,&quot;content_hover_animation&quot;:&quot;fade-in&quot;}\" data-widget_type=\"gallery.default\">\n\t\t\t\t<div class=\"elementor-widget-container\">\n\t\t\t\t\t\t\t<div class=\"elementor-gallery__container\">\n\t\t\t\t\t\t\t<a class=\"e-gallery-item elementor-gallery-item elementor-animated-content\" href=\"https:\/\/costablanca-magazin.com\/wp-content\/uploads\/2025\/05\/Moraira.jpg\" data-elementor-open-lightbox=\"yes\" data-elementor-lightbox-slideshow=\"ed144c1\" data-elementor-lightbox-title=\"Moraira\" data-e-action-hash=\"#elementor-action%3Aaction%3Dlightbox%26settings%3DeyJpZCI6NzI0OSwidXJsIjoiaHR0cHM6XC9cL2Nvc3RhYmxhbmNhLW1hZ2F6aW4uY29tXC93cC1jb250ZW50XC91cGxvYWRzXC8yMDI1XC8wNVwvTW9yYWlyYS5qcGciLCJzbGlkZXNob3ciOiJlZDE0NGMxIn0%3D\">\n\t\t\t\t\t<div class=\"e-gallery-image elementor-gallery-item__image\" data-thumbnail=\"https:\/\/costablanca-magazin.com\/wp-content\/uploads\/2025\/05\/Moraira.jpg\" data-width=\"1000\" data-height=\"750\" aria-label=\"Costa Blanca Mallorca 314\" role=\"img\" ><\/div>\n\t\t\t\t\t\t\t\t\t\t\t<div class=\"elementor-gallery-item__overlay\"><\/div>\n\t\t\t\t\t\t\t\t\t\t\t\t\t\t<\/a>\n\t\t\t\t\t<\/div>\n\t\t\t\t\t<\/div>\n\t\t\t\t<\/div>\n\t\t\t\t<\/div>\n\t\t<div class=\"elementor-element elementor-element-f648361 e-con-full e-flex e-con e-child\" data-id=\"f648361\" data-element_type=\"container\" data-e-type=\"container\">\n\t\t\t\t<div class=\"elementor-element elementor-element-f1d19f6 elementor-widget elementor-widget-heading\" data-id=\"f1d19f6\" data-element_type=\"widget\" data-e-type=\"widget\" data-widget_type=\"heading.default\">\n\t\t\t\t<div class=\"elementor-widget-container\">\n\t\t\t\t\t<h4 class=\"elementor-heading-title elementor-size-default\">Paisaje urbano - mediterr\u00e1neo, modernizado, sencillo<\/h4>\t\t\t\t<\/div>\n\t\t\t\t<\/div>\n\t\t\t\t<div class=\"elementor-element elementor-element-e5b0730 elementor-widget elementor-widget-text-editor\" data-id=\"e5b0730\" data-element_type=\"widget\" data-e-type=\"widget\" data-widget_type=\"text-editor.default\">\n\t\t\t\t<div class=\"elementor-widget-container\">\n\t\t\t\t\t\t\t\t\t<p>Moraira no tiene un panorama central de rascacielos, sino m\u00e1s bien un desarrollo bajo y armonioso que se extiende a lo largo de la costa y en las colinas vecinas. El centro urbano ofrece todos los servicios importantes, desde supermercados y farmacias hasta m\u00e9dicos, boutiques, bancos y un centro cultural. Muchos servicios se ofrecen en varios idiomas, lo que facilita la vida cotidiana de los residentes.<\/p><p>Peque\u00f1as tiendas, bares de tapas, centros culturales y fiestas de la ciudad dominan la vida cotidiana en el centro, lejos del bullicio tur\u00edstico. El ayuntamiento y los servicios m\u00e1s importantes tambi\u00e9n se encuentran aqu\u00ed.<\/p>\t\t\t\t\t\t\t\t<\/div>\n\t\t\t\t<\/div>\n\t\t\t\t<\/div>\n\t\t\t\t\t<\/div>\n\t\t\t\t<\/div>\n\t\t<div class=\"elementor-element elementor-element-b657035 e-flex e-con-boxed e-con e-parent\" data-id=\"b657035\" data-element_type=\"container\" data-e-type=\"container\">\n\t\t\t\t\t<div class=\"e-con-inner\">\n\t\t<div class=\"elementor-element elementor-element-554d12a e-con-full e-flex e-con e-child\" data-id=\"554d12a\" data-element_type=\"container\" data-e-type=\"container\">\n\t\t\t\t<div class=\"elementor-element elementor-element-4cd266a elementor-widget elementor-widget-heading\" data-id=\"4cd266a\" data-element_type=\"widget\" data-e-type=\"widget\" data-widget_type=\"heading.default\">\n\t\t\t\t<div class=\"elementor-widget-container\">\n\t\t\t\t\t<h5 class=\"elementor-heading-title elementor-size-default\">Playas en Moraira - cuidadas, tranquilas, naturales<\/h5>\t\t\t\t<\/div>\n\t\t\t\t<\/div>\n\t\t\t\t<div class=\"elementor-element elementor-element-623d017 elementor-widget elementor-widget-text-editor\" data-id=\"623d017\" data-element_type=\"widget\" data-e-type=\"widget\" data-widget_type=\"text-editor.default\">\n\t\t\t\t<div class=\"elementor-widget-container\">\n\t\t\t\t\t\t\t\t\t<p>Moraira ofrece una selecci\u00f3n de playas y calas limpias y familiares, algunas de ellas galardonadas con la Bandera Azul. El clima aqu\u00ed es mucho m\u00e1s relajado que en las tur\u00edsticas ciudades vecinas.<\/p><p>Las playas m\u00e1s famosas son<\/p><ul><li><strong>Playa de l'Ampolla<\/strong> - C\u00e9ntrico, con acceso poco profundo, paseo mar\u00edtimo y restauraci\u00f3n, ideal para familias<\/li><li><strong>Playa del Portet<\/strong> - Peque\u00f1a bah\u00eda protegida con aire caribe\u00f1o, muy popular entre los lugare\u00f1os<\/li><li><strong>Cala Andrago y Cala Cap Blanc<\/strong> - Peque\u00f1as calas rocosas de aguas cristalinas, perfectas para practicar snorkel y relajarse<\/li><li><strong>Cala Llebeig<\/strong> - una bah\u00eda rocosa natural, s\u00f3lo accesible a pie o en barco, especialmente atractiva para los excursionistas<\/li><\/ul><p>Todas las playas est\u00e1n bien cuidadas, cerca de la naturaleza, e invitan a nadar, relajarse o disfrutar de un caf\u00e9 junto al agua.<\/p>\t\t\t\t\t\t\t\t<\/div>\n\t\t\t\t<\/div>\n\t\t\t\t<\/div>\n\t\t<div class=\"elementor-element elementor-element-412e7f1 e-con-full e-flex e-con e-child\" data-id=\"412e7f1\" data-element_type=\"container\" data-e-type=\"container\">\n\t\t\t\t<div class=\"elementor-element elementor-element-a520cca elementor-widget__width-initial elementor-widget elementor-widget-gallery\" data-id=\"a520cca\" data-element_type=\"widget\" data-e-type=\"widget\" data-settings=\"{&quot;columns&quot;:1,&quot;aspect_ratio&quot;:&quot;16:9&quot;,&quot;gap&quot;:{&quot;unit&quot;:&quot;px&quot;,&quot;size&quot;:1,&quot;sizes&quot;:[]},&quot;lazyload&quot;:&quot;yes&quot;,&quot;gallery_layout&quot;:&quot;grid&quot;,&quot;columns_tablet&quot;:2,&quot;columns_mobile&quot;:1,&quot;gap_tablet&quot;:{&quot;unit&quot;:&quot;px&quot;,&quot;size&quot;:10,&quot;sizes&quot;:[]},&quot;gap_mobile&quot;:{&quot;unit&quot;:&quot;px&quot;,&quot;size&quot;:10,&quot;sizes&quot;:[]},&quot;link_to&quot;:&quot;file&quot;,&quot;overlay_background&quot;:&quot;yes&quot;,&quot;content_hover_animation&quot;:&quot;fade-in&quot;}\" data-widget_type=\"gallery.default\">\n\t\t\t\t<div class=\"elementor-widget-container\">\n\t\t\t\t\t\t\t<div class=\"elementor-gallery__container\">\n\t\t\t\t\t\t\t<a class=\"e-gallery-item elementor-gallery-item elementor-animated-content\" href=\"https:\/\/costablanca-magazin.com\/wp-content\/uploads\/2025\/05\/20230407_114421.jpg\" data-elementor-open-lightbox=\"yes\" data-elementor-lightbox-slideshow=\"a520cca\" data-elementor-lightbox-title=\"20230407_114421\" data-e-action-hash=\"#elementor-action%3Aaction%3Dlightbox%26settings%3DeyJpZCI6NzI0NiwidXJsIjoiaHR0cHM6XC9cL2Nvc3RhYmxhbmNhLW1hZ2F6aW4uY29tXC93cC1jb250ZW50XC91cGxvYWRzXC8yMDI1XC8wNVwvMjAyMzA0MDdfMTE0NDIxLmpwZyIsInNsaWRlc2hvdyI6ImE1MjBjY2EifQ%3D%3D\">\n\t\t\t\t\t<div class=\"e-gallery-image elementor-gallery-item__image\" data-thumbnail=\"https:\/\/costablanca-magazin.com\/wp-content\/uploads\/2025\/05\/20230407_114421.jpg\" data-width=\"750\" data-height=\"1000\" aria-label=\"Costa Blanca Mallorca 311\" role=\"img\" ><\/div>\n\t\t\t\t\t\t\t\t\t\t\t<div class=\"elementor-gallery-item__overlay\"><\/div>\n\t\t\t\t\t\t\t\t\t\t\t\t\t\t<\/a>\n\t\t\t\t\t\t\t<a class=\"e-gallery-item elementor-gallery-item elementor-animated-content\" href=\"https:\/\/costablanca-magazin.com\/wp-content\/uploads\/2025\/05\/20230407_114548.jpg\" data-elementor-open-lightbox=\"yes\" data-elementor-lightbox-slideshow=\"a520cca\" data-elementor-lightbox-title=\"20230407_114548\" data-e-action-hash=\"#elementor-action%3Aaction%3Dlightbox%26settings%3DeyJpZCI6NzI0OCwidXJsIjoiaHR0cHM6XC9cL2Nvc3RhYmxhbmNhLW1hZ2F6aW4uY29tXC93cC1jb250ZW50XC91cGxvYWRzXC8yMDI1XC8wNVwvMjAyMzA0MDdfMTE0NTQ4LmpwZyIsInNsaWRlc2hvdyI6ImE1MjBjY2EifQ%3D%3D\">\n\t\t\t\t\t<div class=\"e-gallery-image elementor-gallery-item__image\" data-thumbnail=\"https:\/\/costablanca-magazin.com\/wp-content\/uploads\/2025\/05\/20230407_114548.jpg\" data-width=\"1000\" data-height=\"750\" aria-label=\"Costa Blanca Mallorca 313\" role=\"img\" ><\/div>\n\t\t\t\t\t\t\t\t\t\t\t<div class=\"elementor-gallery-item__overlay\"><\/div>\n\t\t\t\t\t\t\t\t\t\t\t\t\t\t<\/a>\n\t\t\t\t\t<\/div>\n\t\t\t\t\t<\/div>\n\t\t\t\t<\/div>\n\t\t\t\t<\/div>\n\t\t\t\t\t<\/div>\n\t\t\t\t<\/div>\n\t\t<div class=\"elementor-element elementor-element-e5a29af e-flex e-con-boxed e-con e-parent\" data-id=\"e5a29af\" data-element_type=\"container\" data-e-type=\"container\">\n\t\t\t\t\t<div class=\"e-con-inner\">\n\t\t<div class=\"elementor-element elementor-element-6e7cb3c e-con-full e-flex e-con e-child\" data-id=\"6e7cb3c\" data-element_type=\"container\" data-e-type=\"container\">\n\t\t\t\t<div class=\"elementor-element elementor-element-0850e52 elementor-widget elementor-widget-gallery\" data-id=\"0850e52\" data-element_type=\"widget\" data-e-type=\"widget\" data-settings=\"{&quot;columns&quot;:1,&quot;aspect_ratio&quot;:&quot;21:9&quot;,&quot;lazyload&quot;:&quot;yes&quot;,&quot;gallery_layout&quot;:&quot;grid&quot;,&quot;columns_tablet&quot;:2,&quot;columns_mobile&quot;:1,&quot;gap&quot;:{&quot;unit&quot;:&quot;px&quot;,&quot;size&quot;:10,&quot;sizes&quot;:[]},&quot;gap_tablet&quot;:{&quot;unit&quot;:&quot;px&quot;,&quot;size&quot;:10,&quot;sizes&quot;:[]},&quot;gap_mobile&quot;:{&quot;unit&quot;:&quot;px&quot;,&quot;size&quot;:10,&quot;sizes&quot;:[]},&quot;link_to&quot;:&quot;file&quot;,&quot;overlay_background&quot;:&quot;yes&quot;,&quot;content_hover_animation&quot;:&quot;fade-in&quot;}\" data-widget_type=\"gallery.default\">\n\t\t\t\t<div class=\"elementor-widget-container\">\n\t\t\t\t\t\t\t<div class=\"elementor-gallery__container\">\n\t\t\t\t\t\t\t<a class=\"e-gallery-item elementor-gallery-item elementor-animated-content\" href=\"https:\/\/costablanca-magazin.com\/wp-content\/uploads\/2025\/05\/20230407_113751.jpg\" data-elementor-open-lightbox=\"yes\" data-elementor-lightbox-slideshow=\"0850e52\" data-elementor-lightbox-title=\"20230407_113751\" data-e-action-hash=\"#elementor-action%3Aaction%3Dlightbox%26settings%3DeyJpZCI6NzIzOSwidXJsIjoiaHR0cHM6XC9cL2Nvc3RhYmxhbmNhLW1hZ2F6aW4uY29tXC93cC1jb250ZW50XC91cGxvYWRzXC8yMDI1XC8wNVwvMjAyMzA0MDdfMTEzNzUxLmpwZyIsInNsaWRlc2hvdyI6IjA4NTBlNTIifQ%3D%3D\">\n\t\t\t\t\t<div class=\"e-gallery-image elementor-gallery-item__image\" data-thumbnail=\"https:\/\/costablanca-magazin.com\/wp-content\/uploads\/2025\/05\/20230407_113751.jpg\" data-width=\"750\" data-height=\"1000\" aria-label=\"Costa Blanca Mallorca 304\" role=\"img\" ><\/div>\n\t\t\t\t\t\t\t\t\t\t\t<div class=\"elementor-gallery-item__overlay\"><\/div>\n\t\t\t\t\t\t\t\t\t\t\t\t\t\t<\/a>\n\t\t\t\t\t<\/div>\n\t\t\t\t\t<\/div>\n\t\t\t\t<\/div>\n\t\t\t\t<\/div>\n\t\t<div class=\"elementor-element elementor-element-a501b34 e-con-full e-flex e-con e-child\" data-id=\"a501b34\" data-element_type=\"container\" data-e-type=\"container\">\n\t\t\t\t<div class=\"elementor-element elementor-element-c1a1f4d elementor-widget elementor-widget-heading\" data-id=\"c1a1f4d\" data-element_type=\"widget\" data-e-type=\"widget\" data-widget_type=\"heading.default\">\n\t\t\t\t<div class=\"elementor-widget-container\">\n\t\t\t\t\t<h5 class=\"elementor-heading-title elementor-size-default\">Ambiente portuario y costero<\/h5>\t\t\t\t<\/div>\n\t\t\t\t<\/div>\n\t\t\t\t<div class=\"elementor-element elementor-element-fa89b41 elementor-widget elementor-widget-text-editor\" data-id=\"fa89b41\" data-element_type=\"widget\" data-e-type=\"widget\" data-widget_type=\"text-editor.default\">\n\t\t\t\t<div class=\"elementor-widget-container\">\n\t\t\t\t\t\t\t\t\t<p>El puerto deportivo Club N\u00e1utico Moraira caracteriza la ciudad no s\u00f3lo visualmente, sino tambi\u00e9n atmosf\u00e9ricamente: bien cuidado, mar\u00edtimo, pero sin car\u00e1cter elitista. Numerosos caf\u00e9s, restaurantes y helader\u00edas bordean el paseo del puerto, un popular punto de encuentro para todas las generaciones. Tambi\u00e9n hay alquiler de barcos, escuelas de vela y centros de submarinismo.<\/p>\t\t\t\t\t\t\t\t<\/div>\n\t\t\t\t<\/div>\n\t\t\t\t<\/div>\n\t\t\t\t\t<\/div>\n\t\t\t\t<\/div>\n\t\t<div class=\"elementor-element elementor-element-d7a5f54 e-flex e-con-boxed e-con e-parent\" data-id=\"d7a5f54\" data-element_type=\"container\" data-e-type=\"container\">\n\t\t\t\t\t<div class=\"e-con-inner\">\n\t\t<div class=\"elementor-element elementor-element-38e3dc0 e-con-full e-flex e-con e-child\" data-id=\"38e3dc0\" data-element_type=\"container\" data-e-type=\"container\">\n\t\t\t\t<div class=\"elementor-element elementor-element-263f543 elementor-widget elementor-widget-heading\" data-id=\"263f543\" data-element_type=\"widget\" data-e-type=\"widget\" data-widget_type=\"heading.default\">\n\t\t\t\t<div class=\"elementor-widget-container\">\n\t\t\t\t\t<h5 class=\"elementor-heading-title elementor-size-default\">Festivales y actos - con la participaci\u00f3n de los residentes<\/h5>\t\t\t\t<\/div>\n\t\t\t\t<\/div>\n\t\t\t\t<div class=\"elementor-element elementor-element-f8845bf elementor-widget elementor-widget-text-editor\" data-id=\"f8845bf\" data-element_type=\"widget\" data-e-type=\"widget\" data-widget_type=\"text-editor.default\">\n\t\t\t\t<div class=\"elementor-widget-container\">\n\t\t\t\t\t\t\t\t\t<p>Moraira no s\u00f3lo vive del d\u00eda a d\u00eda, sino tambi\u00e9n de la convivencia. Muchos eventos est\u00e1n firmemente anclados en el transcurso del a\u00f1o:<\/p><ul><li>\ud83c\udf89 <strong>Fiestas Patronales de Teulada-Moraira<\/strong> (junio): Procesiones, m\u00fasica en directo, fuegos artificiales, fiestas populares<\/li><li>\ud83c\udfad <strong>Moros y Cristianos<\/strong> (mediados de junio): Procesiones hist\u00f3ricas con m\u00fasica, bailes y trajes elaborados.<\/li><li>\ud83c\udfbc <strong>Noches de m\u00fasica de verano y conciertos de m\u00fasica cl\u00e1sica<\/strong> al aire libre<\/li><li>\ud83d\udecd\ufe0f <strong>Mercados nocturnos y artesanales<\/strong> en los meses de verano<\/li><\/ul><p>Los festivales son informales, est\u00e1n bien organizados y re\u00fanen por igual a residentes locales e internacionales.<\/p>\t\t\t\t\t\t\t\t<\/div>\n\t\t\t\t<\/div>\n\t\t\t\t<\/div>\n\t\t<div class=\"elementor-element elementor-element-b245bbf e-con-full e-flex e-con e-child\" data-id=\"b245bbf\" data-element_type=\"container\" data-e-type=\"container\">\n\t\t\t\t<div class=\"elementor-element elementor-element-ba441a8 elementor-widget elementor-widget-gallery\" data-id=\"ba441a8\" data-element_type=\"widget\" data-e-type=\"widget\" data-settings=\"{&quot;columns&quot;:1,&quot;aspect_ratio&quot;:&quot;4:3&quot;,&quot;lazyload&quot;:&quot;yes&quot;,&quot;gallery_layout&quot;:&quot;grid&quot;,&quot;columns_tablet&quot;:2,&quot;columns_mobile&quot;:1,&quot;gap&quot;:{&quot;unit&quot;:&quot;px&quot;,&quot;size&quot;:10,&quot;sizes&quot;:[]},&quot;gap_tablet&quot;:{&quot;unit&quot;:&quot;px&quot;,&quot;size&quot;:10,&quot;sizes&quot;:[]},&quot;gap_mobile&quot;:{&quot;unit&quot;:&quot;px&quot;,&quot;size&quot;:10,&quot;sizes&quot;:[]},&quot;link_to&quot;:&quot;file&quot;,&quot;overlay_background&quot;:&quot;yes&quot;,&quot;content_hover_animation&quot;:&quot;fade-in&quot;}\" data-widget_type=\"gallery.default\">\n\t\t\t\t<div class=\"elementor-widget-container\">\n\t\t\t\t\t\t\t<div class=\"elementor-gallery__container\">\n\t\t\t\t\t\t\t<a class=\"e-gallery-item elementor-gallery-item elementor-animated-content\" href=\"https:\/\/costablanca-magazin.com\/wp-content\/uploads\/2025\/05\/20230407_114104.jpg\" data-elementor-open-lightbox=\"yes\" data-elementor-lightbox-slideshow=\"ba441a8\" data-elementor-lightbox-title=\"20230407_114104\" data-e-action-hash=\"#elementor-action%3Aaction%3Dlightbox%26settings%3DeyJpZCI6NzI0MSwidXJsIjoiaHR0cHM6XC9cL2Nvc3RhYmxhbmNhLW1hZ2F6aW4uY29tXC93cC1jb250ZW50XC91cGxvYWRzXC8yMDI1XC8wNVwvMjAyMzA0MDdfMTE0MTA0LmpwZyIsInNsaWRlc2hvdyI6ImJhNDQxYTgifQ%3D%3D\">\n\t\t\t\t\t<div class=\"e-gallery-image elementor-gallery-item__image\" data-thumbnail=\"https:\/\/costablanca-magazin.com\/wp-content\/uploads\/2025\/05\/20230407_114104.jpg\" data-width=\"1000\" data-height=\"750\" aria-label=\"Costa Blanca Mallorca 306\" role=\"img\" ><\/div>\n\t\t\t\t\t\t\t\t\t\t\t<div class=\"elementor-gallery-item__overlay\"><\/div>\n\t\t\t\t\t\t\t\t\t\t\t\t\t\t<\/a>\n\t\t\t\t\t<\/div>\n\t\t\t\t\t<\/div>\n\t\t\t\t<\/div>\n\t\t\t\t<\/div>\n\t\t<div class=\"elementor-element elementor-element-0d4f13e e-con-full e-flex e-con e-child\" data-id=\"0d4f13e\" data-element_type=\"container\" data-e-type=\"container\">\n\t\t\t\t<div class=\"elementor-element elementor-element-185cad7 elementor-widget elementor-widget-gallery\" data-id=\"185cad7\" data-element_type=\"widget\" data-e-type=\"widget\" data-settings=\"{&quot;columns&quot;:1,&quot;aspect_ratio&quot;:&quot;21:9&quot;,&quot;lazyload&quot;:&quot;yes&quot;,&quot;gallery_layout&quot;:&quot;grid&quot;,&quot;columns_tablet&quot;:2,&quot;columns_mobile&quot;:1,&quot;gap&quot;:{&quot;unit&quot;:&quot;px&quot;,&quot;size&quot;:10,&quot;sizes&quot;:[]},&quot;gap_tablet&quot;:{&quot;unit&quot;:&quot;px&quot;,&quot;size&quot;:10,&quot;sizes&quot;:[]},&quot;gap_mobile&quot;:{&quot;unit&quot;:&quot;px&quot;,&quot;size&quot;:10,&quot;sizes&quot;:[]},&quot;link_to&quot;:&quot;file&quot;,&quot;overlay_background&quot;:&quot;yes&quot;,&quot;content_hover_animation&quot;:&quot;fade-in&quot;}\" data-widget_type=\"gallery.default\">\n\t\t\t\t<div class=\"elementor-widget-container\">\n\t\t\t\t\t\t\t<div class=\"elementor-gallery__container\">\n\t\t\t\t\t\t\t<a class=\"e-gallery-item elementor-gallery-item elementor-animated-content\" href=\"https:\/\/costablanca-magazin.com\/wp-content\/uploads\/2024\/10\/Wochenmarkt-Costa-Blanca-3-scaled.jpg\" data-elementor-open-lightbox=\"yes\" data-elementor-lightbox-slideshow=\"185cad7\" data-elementor-lightbox-title=\"Buntes Treiben und  mediterrane Gen\u00fcsse - Die Wochenm\u00e4rkte  der Marina Alta und Marina Baixa\" data-elementor-lightbox-description=\"Buntes Treiben und mediterrane Gen\u00fcsse - Die Wochenm\u00e4rkte der Marina Alta und Marina Baixa\" data-e-action-hash=\"#elementor-action%3Aaction%3Dlightbox%26settings%3DeyJpZCI6MjgwNCwidXJsIjoiaHR0cHM6XC9cL2Nvc3RhYmxhbmNhLW1hZ2F6aW4uY29tXC93cC1jb250ZW50XC91cGxvYWRzXC8yMDI0XC8xMFwvV29jaGVubWFya3QtQ29zdGEtQmxhbmNhLTMtc2NhbGVkLmpwZyIsInNsaWRlc2hvdyI6IjE4NWNhZDcifQ%3D%3D\">\n\t\t\t\t\t<div class=\"e-gallery-image elementor-gallery-item__image\" data-thumbnail=\"https:\/\/costablanca-magazin.com\/wp-content\/uploads\/2024\/10\/Wochenmarkt-Costa-Blanca-3-2048x1564.jpg\" data-width=\"2048\" data-height=\"1564\" aria-label=\"Ajetreo colorido y delicias mediterr\u00e1neas: los mercados semanales de la Marina Alta y la Marina Baixa 8\" role=\"img\" ><\/div>\n\t\t\t\t\t\t\t\t\t\t\t<div class=\"elementor-gallery-item__overlay\"><\/div>\n\t\t\t\t\t\t\t\t\t\t\t\t\t\t<\/a>\n\t\t\t\t\t<\/div>\n\t\t\t\t\t<\/div>\n\t\t\t\t<\/div>\n\t\t\t\t<\/div>\n\t\t<div class=\"elementor-element elementor-element-044bae1 e-con-full e-flex e-con e-child\" data-id=\"044bae1\" data-element_type=\"container\" data-e-type=\"container\">\n\t\t\t\t<div class=\"elementor-element elementor-element-2b35d89 elementor-widget elementor-widget-heading\" data-id=\"2b35d89\" data-element_type=\"widget\" data-e-type=\"widget\" data-widget_type=\"heading.default\">\n\t\t\t\t<div class=\"elementor-widget-container\">\n\t\t\t\t\t<h5 class=\"elementor-heading-title elementor-size-default\">Mercado semanal en Moraira<\/h5>\t\t\t\t<\/div>\n\t\t\t\t<\/div>\n\t\t\t\t<div class=\"elementor-element elementor-element-34cb324 elementor-widget elementor-widget-text-editor\" data-id=\"34cb324\" data-element_type=\"widget\" data-e-type=\"widget\" data-widget_type=\"text-editor.default\">\n\t\t\t\t<div class=\"elementor-widget-container\">\n\t\t\t\t\t\t\t\t\t<p>En <a title=\"Colorido bullicio y delicias mediterr\u00e1neas - Mercados semanales de la Costa Blanca\" href=\"https:\/\/costablanca-magazin.com\/es\/residentes\/vivir-en-espana\/ajetreo-colorido-y-placeres-mediterraneos-mercados-semanales-de-la-costa-blanca\/\" target=\"_blank\" rel=\"noopener\">Mercado semanal<\/a> tiene lugar todos los viernes por la ma\u00f1ana en el centro de Moraira. Los comerciantes ofrecen fruta, verdura, queso, ropa, artesan\u00eda y flores. El mercado est\u00e1 bien organizado, tiene car\u00e1cter regional y es tambi\u00e9n un lugar de encuentro social, sobre todo por las ma\u00f1anas.<\/p>\t\t\t\t\t\t\t\t<\/div>\n\t\t\t\t<\/div>\n\t\t\t\t<\/div>\n\t\t\t\t\t<\/div>\n\t\t\t\t<\/div>\n\t\t<div class=\"elementor-element elementor-element-4674f93 e-flex e-con-boxed e-con e-parent\" data-id=\"4674f93\" data-element_type=\"container\" data-e-type=\"container\">\n\t\t\t\t\t<div class=\"e-con-inner\">\n\t\t<div class=\"elementor-element elementor-element-a0eb45a e-con-full e-flex e-con e-child\" data-id=\"a0eb45a\" data-element_type=\"container\" data-e-type=\"container\">\n\t\t\t\t<div class=\"elementor-element elementor-element-c1cb25f elementor-widget elementor-widget-heading\" data-id=\"c1cb25f\" data-element_type=\"widget\" data-e-type=\"widget\" data-widget_type=\"heading.default\">\n\t\t\t\t<div class=\"elementor-widget-container\">\n\t\t\t\t\t<h5 class=\"elementor-heading-title elementor-size-default\">Paisaje y ocio - verde, bien cuidado, vistas panor\u00e1micas<\/h5>\t\t\t\t<\/div>\n\t\t\t\t<\/div>\n\t\t\t\t<div class=\"elementor-element elementor-element-cbc285a elementor-widget elementor-widget-text-editor\" data-id=\"cbc285a\" data-element_type=\"widget\" data-e-type=\"widget\" data-widget_type=\"text-editor.default\">\n\t\t\t\t<div class=\"elementor-widget-container\">\n\t\t\t\t\t\t\t\t\t<p>En los alrededores de Moraira hay numerosas rutas de senderismo y miradores, por ejemplo por los senderos de los acantilados cerca de Cap Blanc o hacia Cala Llebeig. La vegetaci\u00f3n es t\u00edpicamente mediterr\u00e1nea: pinos, vi\u00f1edos y olivares. Campos de golf, clubes de tenis, picaderos y deportes n\u00e1uticos completan la oferta de ocio.<\/p>\t\t\t\t\t\t\t\t<\/div>\n\t\t\t\t<\/div>\n\t\t\t\t<\/div>\n\t\t<div class=\"elementor-element elementor-element-09073de e-con-full e-flex e-con e-child\" data-id=\"09073de\" data-element_type=\"container\" data-e-type=\"container\">\n\t\t\t\t<div class=\"elementor-element elementor-element-172fd2d elementor-widget elementor-widget-gallery\" data-id=\"172fd2d\" data-element_type=\"widget\" data-e-type=\"widget\" data-settings=\"{&quot;columns&quot;:1,&quot;aspect_ratio&quot;:&quot;21:9&quot;,&quot;lazyload&quot;:&quot;yes&quot;,&quot;gallery_layout&quot;:&quot;grid&quot;,&quot;columns_tablet&quot;:2,&quot;columns_mobile&quot;:1,&quot;gap&quot;:{&quot;unit&quot;:&quot;px&quot;,&quot;size&quot;:10,&quot;sizes&quot;:[]},&quot;gap_tablet&quot;:{&quot;unit&quot;:&quot;px&quot;,&quot;size&quot;:10,&quot;sizes&quot;:[]},&quot;gap_mobile&quot;:{&quot;unit&quot;:&quot;px&quot;,&quot;size&quot;:10,&quot;sizes&quot;:[]},&quot;link_to&quot;:&quot;file&quot;,&quot;overlay_background&quot;:&quot;yes&quot;,&quot;content_hover_animation&quot;:&quot;fade-in&quot;}\" data-widget_type=\"gallery.default\">\n\t\t\t\t<div class=\"elementor-widget-container\">\n\t\t\t\t\t\t\t<div class=\"elementor-gallery__container\">\n\t\t\t\t\t\t\t<a class=\"e-gallery-item elementor-gallery-item elementor-animated-content\" href=\"https:\/\/costablanca-magazin.com\/wp-content\/uploads\/2025\/05\/20230407_113733.jpg\" data-elementor-open-lightbox=\"yes\" data-elementor-lightbox-slideshow=\"172fd2d\" data-elementor-lightbox-title=\"20230407_113733\" data-e-action-hash=\"#elementor-action%3Aaction%3Dlightbox%26settings%3DeyJpZCI6NzIzOCwidXJsIjoiaHR0cHM6XC9cL2Nvc3RhYmxhbmNhLW1hZ2F6aW4uY29tXC93cC1jb250ZW50XC91cGxvYWRzXC8yMDI1XC8wNVwvMjAyMzA0MDdfMTEzNzMzLmpwZyIsInNsaWRlc2hvdyI6IjE3MmZkMmQifQ%3D%3D\">\n\t\t\t\t\t<div class=\"e-gallery-image elementor-gallery-item__image\" data-thumbnail=\"https:\/\/costablanca-magazin.com\/wp-content\/uploads\/2025\/05\/20230407_113733.jpg\" data-width=\"1000\" data-height=\"750\" aria-label=\"Costa Blanca Mallorca 303\" role=\"img\" ><\/div>\n\t\t\t\t\t\t\t\t\t\t\t<div class=\"elementor-gallery-item__overlay\"><\/div>\n\t\t\t\t\t\t\t\t\t\t\t\t\t\t<\/a>\n\t\t\t\t\t<\/div>\n\t\t\t\t\t<\/div>\n\t\t\t\t<\/div>\n\t\t\t\t<\/div>\n\t\t<div class=\"elementor-element elementor-element-0729eb7 e-con-full e-flex e-con e-child\" data-id=\"0729eb7\" data-element_type=\"container\" data-e-type=\"container\">\n\t\t\t\t<div class=\"elementor-element elementor-element-6132afd elementor-widget elementor-widget-gallery\" data-id=\"6132afd\" data-element_type=\"widget\" data-e-type=\"widget\" data-settings=\"{&quot;columns&quot;:1,&quot;lazyload&quot;:&quot;yes&quot;,&quot;gallery_layout&quot;:&quot;grid&quot;,&quot;columns_tablet&quot;:2,&quot;columns_mobile&quot;:1,&quot;gap&quot;:{&quot;unit&quot;:&quot;px&quot;,&quot;size&quot;:10,&quot;sizes&quot;:[]},&quot;gap_tablet&quot;:{&quot;unit&quot;:&quot;px&quot;,&quot;size&quot;:10,&quot;sizes&quot;:[]},&quot;gap_mobile&quot;:{&quot;unit&quot;:&quot;px&quot;,&quot;size&quot;:10,&quot;sizes&quot;:[]},&quot;link_to&quot;:&quot;file&quot;,&quot;aspect_ratio&quot;:&quot;3:2&quot;,&quot;overlay_background&quot;:&quot;yes&quot;,&quot;content_hover_animation&quot;:&quot;fade-in&quot;}\" data-widget_type=\"gallery.default\">\n\t\t\t\t<div class=\"elementor-widget-container\">\n\t\t\t\t\t\t\t<div class=\"elementor-gallery__container\">\n\t\t\t\t\t\t\t<a class=\"e-gallery-item elementor-gallery-item elementor-animated-content\" href=\"https:\/\/costablanca-magazin.com\/wp-content\/uploads\/2025\/05\/20230407_114104.jpg\" data-elementor-open-lightbox=\"yes\" data-elementor-lightbox-slideshow=\"6132afd\" data-elementor-lightbox-title=\"20230407_114104\" data-e-action-hash=\"#elementor-action%3Aaction%3Dlightbox%26settings%3DeyJpZCI6NzI0MSwidXJsIjoiaHR0cHM6XC9cL2Nvc3RhYmxhbmNhLW1hZ2F6aW4uY29tXC93cC1jb250ZW50XC91cGxvYWRzXC8yMDI1XC8wNVwvMjAyMzA0MDdfMTE0MTA0LmpwZyIsInNsaWRlc2hvdyI6IjYxMzJhZmQifQ%3D%3D\">\n\t\t\t\t\t<div class=\"e-gallery-image elementor-gallery-item__image\" data-thumbnail=\"https:\/\/costablanca-magazin.com\/wp-content\/uploads\/2025\/05\/20230407_114104.jpg\" data-width=\"1000\" data-height=\"750\" aria-label=\"Costa Blanca Mallorca 306\" role=\"img\" ><\/div>\n\t\t\t\t\t\t\t\t\t\t\t<div class=\"elementor-gallery-item__overlay\"><\/div>\n\t\t\t\t\t\t\t\t\t\t\t\t\t\t<\/a>\n\t\t\t\t\t<\/div>\n\t\t\t\t\t<\/div>\n\t\t\t\t<\/div>\n\t\t\t\t<\/div>\n\t\t<div class=\"elementor-element elementor-element-1f13bae e-con-full e-flex e-con e-child\" data-id=\"1f13bae\" data-element_type=\"container\" data-e-type=\"container\">\n\t\t\t\t<div class=\"elementor-element elementor-element-2f22198 elementor-widget elementor-widget-heading\" data-id=\"2f22198\" data-element_type=\"widget\" data-e-type=\"widget\" data-widget_type=\"heading.default\">\n\t\t\t\t<div class=\"elementor-widget-container\">\n\t\t\t\t\t<h5 class=\"elementor-heading-title elementor-size-default\">Vivir en Moraira - de alta calidad, estructurado, internacional<\/h5>\t\t\t\t<\/div>\n\t\t\t\t<\/div>\n\t\t\t\t<div class=\"elementor-element elementor-element-e67dc44 elementor-widget elementor-widget-text-editor\" data-id=\"e67dc44\" data-element_type=\"widget\" data-e-type=\"widget\" data-widget_type=\"text-editor.default\">\n\t\t\t\t<div class=\"elementor-widget-container\">\n\t\t\t\t\t\t\t\t\t<p>Moraira es especialmente popular entre los residentes de larga duraci\u00f3n y los que buscan paz y tranquilidad. Muchas propiedades se encuentran en las urbanizaciones verdes de los alrededores con casas bien cuidadas, vistas al mar y tranquilidad. La infraestructura est\u00e1 por encima de la media: centros m\u00e9dicos, servicios internacionales, buenas conexiones con Teulada (incl. conexi\u00f3n de tren TRAM), as\u00ed como distancias cortas a Benissa, Calpe y J\u00e1vea.<\/p><p>El mercado inmobiliario se sit\u00faa en el segmento de precios medios y altos, con una demanda estable de casas unifamiliares, pisos en buen estado y lugares con vistas al mar.<\/p>\t\t\t\t\t\t\t\t<\/div>\n\t\t\t\t<\/div>\n\t\t\t\t<\/div>\n\t\t\t\t\t<\/div>\n\t\t\t\t<\/div>\n\t\t<div class=\"elementor-element elementor-element-7f005e7 e-flex e-con-boxed e-con e-parent\" data-id=\"7f005e7\" data-element_type=\"container\" data-e-type=\"container\">\n\t\t\t\t\t<div class=\"e-con-inner\">\n\t\t<div class=\"elementor-element elementor-element-9920c5e e-con-full e-flex e-con e-child\" data-id=\"9920c5e\" data-element_type=\"container\" data-e-type=\"container\">\n\t\t<div class=\"elementor-element elementor-element-df32587 e-con-full e-flex e-con e-child\" data-id=\"df32587\" data-element_type=\"container\" data-e-type=\"container\">\n\t\t\t\t<div class=\"elementor-element elementor-element-142cd13 elementor-widget elementor-widget-google_maps\" data-id=\"142cd13\" data-element_type=\"widget\" data-e-type=\"widget\" data-widget_type=\"google_maps.default\">\n\t\t\t\t<div class=\"elementor-widget-container\">\n\t\t\t\t\t\t\t<div class=\"elementor-custom-embed\">\n\t\t\t<iframe loading=\"lazy\"\n\t\t\t\t\tsrc=\"https:\/\/maps.google.com\/maps?q=Moraira&#038;t=m&#038;z=14&#038;output=embed&#038;iwloc=near\"\n\t\t\t\t\ttitle=\"Moraira\"\n\t\t\t\t\taria-label=\"Moraira\"\n\t\t\t><\/iframe>\n\t\t<\/div>\n\t\t\t\t\t\t<\/div>\n\t\t\t\t<\/div>\n\t\t\t\t<\/div>\n\t\t\t\t<div class=\"elementor-element elementor-element-5c1d1f3 elementor-widget elementor-widget-gallery\" data-id=\"5c1d1f3\" data-element_type=\"widget\" data-e-type=\"widget\" data-settings=\"{&quot;gallery_layout&quot;:&quot;justified&quot;,&quot;ideal_row_height&quot;:{&quot;unit&quot;:&quot;px&quot;,&quot;size&quot;:131,&quot;sizes&quot;:[]},&quot;gap&quot;:{&quot;unit&quot;:&quot;px&quot;,&quot;size&quot;:2,&quot;sizes&quot;:[]},&quot;lazyload&quot;:&quot;yes&quot;,&quot;ideal_row_height_tablet&quot;:{&quot;unit&quot;:&quot;px&quot;,&quot;size&quot;:150,&quot;sizes&quot;:[]},&quot;ideal_row_height_mobile&quot;:{&quot;unit&quot;:&quot;px&quot;,&quot;size&quot;:150,&quot;sizes&quot;:[]},&quot;gap_tablet&quot;:{&quot;unit&quot;:&quot;px&quot;,&quot;size&quot;:10,&quot;sizes&quot;:[]},&quot;gap_mobile&quot;:{&quot;unit&quot;:&quot;px&quot;,&quot;size&quot;:10,&quot;sizes&quot;:[]},&quot;link_to&quot;:&quot;file&quot;,&quot;overlay_background&quot;:&quot;yes&quot;,&quot;content_hover_animation&quot;:&quot;fade-in&quot;}\" data-widget_type=\"gallery.default\">\n\t\t\t\t<div class=\"elementor-widget-container\">\n\t\t\t\t\t\t\t<div class=\"elementor-gallery__container\">\n\t\t\t\t\t\t\t<a class=\"e-gallery-item elementor-gallery-item elementor-animated-content\" href=\"https:\/\/costablanca-magazin.com\/wp-content\/uploads\/2025\/05\/Costablanca-Magazin-Altea-75.jpg\" data-elementor-open-lightbox=\"yes\" data-elementor-lightbox-slideshow=\"5c1d1f3\" data-elementor-lightbox-title=\"Costablanca Magazin Altea (75)\" data-e-action-hash=\"#elementor-action%3Aaction%3Dlightbox%26settings%3DeyJpZCI6NzA3MCwidXJsIjoiaHR0cHM6XC9cL2Nvc3RhYmxhbmNhLW1hZ2F6aW4uY29tXC93cC1jb250ZW50XC91cGxvYWRzXC8yMDI1XC8wNVwvQ29zdGFibGFuY2EtTWFnYXppbi1BbHRlYS03NS5qcGciLCJzbGlkZXNob3ciOiI1YzFkMWYzIn0%3D\">\n\t\t\t\t\t<div class=\"e-gallery-image elementor-gallery-item__image\" data-thumbnail=\"https:\/\/costablanca-magazin.com\/wp-content\/uploads\/2025\/05\/Costablanca-Magazin-Altea-75.jpg\" data-width=\"1000\" data-height=\"563\" aria-label=\"Costa Blanca Mallorca 232\" role=\"img\" ><\/div>\n\t\t\t\t\t\t\t\t\t\t\t<div class=\"elementor-gallery-item__overlay\"><\/div>\n\t\t\t\t\t\t\t\t\t\t\t\t\t\t<\/a>\n\t\t\t\t\t\t\t<a class=\"e-gallery-item elementor-gallery-item elementor-animated-content\" href=\"https:\/\/costablanca-magazin.com\/wp-content\/uploads\/2025\/05\/Costablanca-Magazin-Altea-34.jpg\" data-elementor-open-lightbox=\"yes\" data-elementor-lightbox-slideshow=\"5c1d1f3\" data-elementor-lightbox-title=\"Costablanca Magazin Altea (34)\" data-e-action-hash=\"#elementor-action%3Aaction%3Dlightbox%26settings%3DeyJpZCI6NzA3NywidXJsIjoiaHR0cHM6XC9cL2Nvc3RhYmxhbmNhLW1hZ2F6aW4uY29tXC93cC1jb250ZW50XC91cGxvYWRzXC8yMDI1XC8wNVwvQ29zdGFibGFuY2EtTWFnYXppbi1BbHRlYS0zNC5qcGciLCJzbGlkZXNob3ciOiI1YzFkMWYzIn0%3D\">\n\t\t\t\t\t<div class=\"e-gallery-image elementor-gallery-item__image\" data-thumbnail=\"https:\/\/costablanca-magazin.com\/wp-content\/uploads\/2025\/05\/Costablanca-Magazin-Altea-34.jpg\" data-width=\"1000\" data-height=\"563\" aria-label=\"Costa Blanca Mallorca 239\" role=\"img\" ><\/div>\n\t\t\t\t\t\t\t\t\t\t\t<div class=\"elementor-gallery-item__overlay\"><\/div>\n\t\t\t\t\t\t\t\t\t\t\t\t\t\t<\/a>\n\t\t\t\t\t\t\t<a class=\"e-gallery-item elementor-gallery-item elementor-animated-content\" href=\"https:\/\/costablanca-magazin.com\/wp-content\/uploads\/2022\/10\/Altea-4-scaled-1.jpg\" data-elementor-open-lightbox=\"yes\" data-elementor-lightbox-slideshow=\"5c1d1f3\" data-elementor-lightbox-title=\"costa-blanca-online-altea\" data-elementor-lightbox-description=\"costa-blanca-online-altea\" data-e-action-hash=\"#elementor-action%3Aaction%3Dlightbox%26settings%3DeyJpZCI6ODg1LCJ1cmwiOiJodHRwczpcL1wvY29zdGFibGFuY2EtbWFnYXppbi5jb21cL3dwLWNvbnRlbnRcL3VwbG9hZHNcLzIwMjJcLzEwXC9BbHRlYS00LXNjYWxlZC0xLmpwZyIsInNsaWRlc2hvdyI6IjVjMWQxZjMifQ%3D%3D\">\n\t\t\t\t\t<div class=\"e-gallery-image elementor-gallery-item__image\" data-thumbnail=\"https:\/\/costablanca-magazin.com\/wp-content\/uploads\/2022\/10\/Altea-4-scaled-1-2048x1536.jpg\" data-width=\"2048\" data-height=\"1536\" aria-label=\"costa-blanca-online-altea 1\" role=\"img\" ><\/div>\n\t\t\t\t\t\t\t\t\t\t\t<div class=\"elementor-gallery-item__overlay\"><\/div>\n\t\t\t\t\t\t\t\t\t\t\t\t\t\t<\/a>\n\t\t\t\t\t\t\t<a class=\"e-gallery-item elementor-gallery-item elementor-animated-content\" href=\"https:\/\/costablanca-magazin.com\/wp-content\/uploads\/2022\/09\/costablanca-lifestyle-altea-3.jpg\" data-elementor-open-lightbox=\"yes\" data-elementor-lightbox-slideshow=\"5c1d1f3\" data-elementor-lightbox-title=\"costablanca-lifestyle-altea (3)\" data-elementor-lightbox-description=\"Costa Blanca Strand Altea\" data-e-action-hash=\"#elementor-action%3Aaction%3Dlightbox%26settings%3DeyJpZCI6NjE1LCJ1cmwiOiJodHRwczpcL1wvY29zdGFibGFuY2EtbWFnYXppbi5jb21cL3dwLWNvbnRlbnRcL3VwbG9hZHNcLzIwMjJcLzA5XC9jb3N0YWJsYW5jYS1saWZlc3R5bGUtYWx0ZWEtMy5qcGciLCJzbGlkZXNob3ciOiI1YzFkMWYzIn0%3D\">\n\t\t\t\t\t<div class=\"e-gallery-image elementor-gallery-item__image\" data-thumbnail=\"https:\/\/costablanca-magazin.com\/wp-content\/uploads\/2022\/09\/costablanca-lifestyle-altea-3.jpg\" data-width=\"800\" data-height=\"533\" aria-label=\"Costa Blanca Playa Altea 1\" role=\"img\" ><\/div>\n\t\t\t\t\t\t\t\t\t\t\t<div class=\"elementor-gallery-item__overlay\"><\/div>\n\t\t\t\t\t\t\t\t\t\t\t\t\t\t<\/a>\n\t\t\t\t\t\t\t<a class=\"e-gallery-item elementor-gallery-item elementor-animated-content\" href=\"https:\/\/costablanca-magazin.com\/wp-content\/uploads\/2025\/05\/Costablanca-Magazin-Altea-35.jpg\" data-elementor-open-lightbox=\"yes\" data-elementor-lightbox-slideshow=\"5c1d1f3\" data-elementor-lightbox-title=\"Costablanca Magazin Altea (35)\" data-e-action-hash=\"#elementor-action%3Aaction%3Dlightbox%26settings%3DeyJpZCI6NzA3OCwidXJsIjoiaHR0cHM6XC9cL2Nvc3RhYmxhbmNhLW1hZ2F6aW4uY29tXC93cC1jb250ZW50XC91cGxvYWRzXC8yMDI1XC8wNVwvQ29zdGFibGFuY2EtTWFnYXppbi1BbHRlYS0zNS5qcGciLCJzbGlkZXNob3ciOiI1YzFkMWYzIn0%3D\">\n\t\t\t\t\t<div class=\"e-gallery-image elementor-gallery-item__image\" data-thumbnail=\"https:\/\/costablanca-magazin.com\/wp-content\/uploads\/2025\/05\/Costablanca-Magazin-Altea-35.jpg\" data-width=\"563\" data-height=\"1000\" aria-label=\"Costa Blanca Mallorca 240\" role=\"img\" ><\/div>\n\t\t\t\t\t\t\t\t\t\t\t<div class=\"elementor-gallery-item__overlay\"><\/div>\n\t\t\t\t\t\t\t\t\t\t\t\t\t\t<\/a>\n\t\t\t\t\t\t\t<a class=\"e-gallery-item elementor-gallery-item elementor-animated-content\" href=\"https:\/\/costablanca-magazin.com\/wp-content\/uploads\/2025\/05\/Costablanca-Magazin-Altea-32.jpg\" data-elementor-open-lightbox=\"yes\" data-elementor-lightbox-slideshow=\"5c1d1f3\" data-elementor-lightbox-title=\"Costablanca Magazin Altea (32)\" data-e-action-hash=\"#elementor-action%3Aaction%3Dlightbox%26settings%3DeyJpZCI6NzA3NSwidXJsIjoiaHR0cHM6XC9cL2Nvc3RhYmxhbmNhLW1hZ2F6aW4uY29tXC93cC1jb250ZW50XC91cGxvYWRzXC8yMDI1XC8wNVwvQ29zdGFibGFuY2EtTWFnYXppbi1BbHRlYS0zMi5qcGciLCJzbGlkZXNob3ciOiI1YzFkMWYzIn0%3D\">\n\t\t\t\t\t<div class=\"e-gallery-image elementor-gallery-item__image\" data-thumbnail=\"https:\/\/costablanca-magazin.com\/wp-content\/uploads\/2025\/05\/Costablanca-Magazin-Altea-32.jpg\" data-width=\"563\" data-height=\"1000\" aria-label=\"Costa Blanca Mallorca 237\" role=\"img\" ><\/div>\n\t\t\t\t\t\t\t\t\t\t\t<div class=\"elementor-gallery-item__overlay\"><\/div>\n\t\t\t\t\t\t\t\t\t\t\t\t\t\t<\/a>\n\t\t\t\t\t\t\t<a class=\"e-gallery-item elementor-gallery-item elementor-animated-content\" href=\"https:\/\/costablanca-magazin.com\/wp-content\/uploads\/2025\/05\/Costablanca-Magazin-Altea-14.jpg\" data-elementor-open-lightbox=\"yes\" data-elementor-lightbox-slideshow=\"5c1d1f3\" data-elementor-lightbox-title=\"Costablanca Magazin Altea (14)\" data-e-action-hash=\"#elementor-action%3Aaction%3Dlightbox%26settings%3DeyJpZCI6NzA3MSwidXJsIjoiaHR0cHM6XC9cL2Nvc3RhYmxhbmNhLW1hZ2F6aW4uY29tXC93cC1jb250ZW50XC91cGxvYWRzXC8yMDI1XC8wNVwvQ29zdGFibGFuY2EtTWFnYXppbi1BbHRlYS0xNC5qcGciLCJzbGlkZXNob3ciOiI1YzFkMWYzIn0%3D\">\n\t\t\t\t\t<div class=\"e-gallery-image elementor-gallery-item__image\" data-thumbnail=\"https:\/\/costablanca-magazin.com\/wp-content\/uploads\/2025\/05\/Costablanca-Magazin-Altea-14.jpg\" data-width=\"1000\" data-height=\"750\" aria-label=\"Costa Blanca Mallorca 233\" role=\"img\" ><\/div>\n\t\t\t\t\t\t\t\t\t\t\t<div class=\"elementor-gallery-item__overlay\"><\/div>\n\t\t\t\t\t\t\t\t\t\t\t\t\t\t<\/a>\n\t\t\t\t\t\t\t<a class=\"e-gallery-item elementor-gallery-item elementor-animated-content\" href=\"https:\/\/costablanca-magazin.com\/wp-content\/uploads\/2025\/05\/Costablanca-Magazin-Altea-52.jpg\" data-elementor-open-lightbox=\"yes\" data-elementor-lightbox-slideshow=\"5c1d1f3\" data-elementor-lightbox-title=\"Costablanca Magazin Altea (52)\" data-e-action-hash=\"#elementor-action%3Aaction%3Dlightbox%26settings%3DeyJpZCI6NzA5MSwidXJsIjoiaHR0cHM6XC9cL2Nvc3RhYmxhbmNhLW1hZ2F6aW4uY29tXC93cC1jb250ZW50XC91cGxvYWRzXC8yMDI1XC8wNVwvQ29zdGFibGFuY2EtTWFnYXppbi1BbHRlYS01Mi5qcGciLCJzbGlkZXNob3ciOiI1YzFkMWYzIn0%3D\">\n\t\t\t\t\t<div class=\"e-gallery-image elementor-gallery-item__image\" data-thumbnail=\"https:\/\/costablanca-magazin.com\/wp-content\/uploads\/2025\/05\/Costablanca-Magazin-Altea-52.jpg\" data-width=\"563\" data-height=\"1000\" aria-label=\"Costa Blanca Mallorca 252\" role=\"img\" ><\/div>\n\t\t\t\t\t\t\t\t\t\t\t<div class=\"elementor-gallery-item__overlay\"><\/div>\n\t\t\t\t\t\t\t\t\t\t\t\t\t\t<\/a>\n\t\t\t\t\t\t\t<a class=\"e-gallery-item elementor-gallery-item elementor-animated-content\" href=\"https:\/\/costablanca-magazin.com\/wp-content\/uploads\/2025\/05\/Costablanca-Magazin-Altea-47.jpg\" data-elementor-open-lightbox=\"yes\" data-elementor-lightbox-slideshow=\"5c1d1f3\" data-elementor-lightbox-title=\"Costablanca Magazin Altea (47)\" data-e-action-hash=\"#elementor-action%3Aaction%3Dlightbox%26settings%3DeyJpZCI6NzA4NiwidXJsIjoiaHR0cHM6XC9cL2Nvc3RhYmxhbmNhLW1hZ2F6aW4uY29tXC93cC1jb250ZW50XC91cGxvYWRzXC8yMDI1XC8wNVwvQ29zdGFibGFuY2EtTWFnYXppbi1BbHRlYS00Ny5qcGciLCJzbGlkZXNob3ciOiI1YzFkMWYzIn0%3D\">\n\t\t\t\t\t<div class=\"e-gallery-image elementor-gallery-item__image\" data-thumbnail=\"https:\/\/costablanca-magazin.com\/wp-content\/uploads\/2025\/05\/Costablanca-Magazin-Altea-47.jpg\" data-width=\"563\" data-height=\"1000\" aria-label=\"Costa Blanca Mallorca 247\" role=\"img\" ><\/div>\n\t\t\t\t\t\t\t\t\t\t\t<div class=\"elementor-gallery-item__overlay\"><\/div>\n\t\t\t\t\t\t\t\t\t\t\t\t\t\t<\/a>\n\t\t\t\t\t\t\t<a class=\"e-gallery-item elementor-gallery-item elementor-animated-content\" href=\"https:\/\/costablanca-magazin.com\/wp-content\/uploads\/2025\/05\/Costablanca-Magazin-Altea-64.jpg\" data-elementor-open-lightbox=\"yes\" data-elementor-lightbox-slideshow=\"5c1d1f3\" data-elementor-lightbox-title=\"Costablanca Magazin Altea (64)\" data-e-action-hash=\"#elementor-action%3Aaction%3Dlightbox%26settings%3DeyJpZCI6NzA5MywidXJsIjoiaHR0cHM6XC9cL2Nvc3RhYmxhbmNhLW1hZ2F6aW4uY29tXC93cC1jb250ZW50XC91cGxvYWRzXC8yMDI1XC8wNVwvQ29zdGFibGFuY2EtTWFnYXppbi1BbHRlYS02NC5qcGciLCJzbGlkZXNob3ciOiI1YzFkMWYzIn0%3D\">\n\t\t\t\t\t<div class=\"e-gallery-image elementor-gallery-item__image\" data-thumbnail=\"https:\/\/costablanca-magazin.com\/wp-content\/uploads\/2025\/05\/Costablanca-Magazin-Altea-64.jpg\" data-width=\"563\" data-height=\"1000\" aria-label=\"Costa Blanca Mallorca 254\" role=\"img\" ><\/div>\n\t\t\t\t\t\t\t\t\t\t\t<div class=\"elementor-gallery-item__overlay\"><\/div>\n\t\t\t\t\t\t\t\t\t\t\t\t\t\t<\/a>\n\t\t\t\t\t\t\t<a class=\"e-gallery-item elementor-gallery-item elementor-animated-content\" href=\"https:\/\/costablanca-magazin.com\/wp-content\/uploads\/2025\/05\/Costablanca-Magazin-Altea-68.jpg\" data-elementor-open-lightbox=\"yes\" data-elementor-lightbox-slideshow=\"5c1d1f3\" data-elementor-lightbox-title=\"Costablanca Magazin Altea (68)\" data-e-action-hash=\"#elementor-action%3Aaction%3Dlightbox%26settings%3DeyJpZCI6NzA5NywidXJsIjoiaHR0cHM6XC9cL2Nvc3RhYmxhbmNhLW1hZ2F6aW4uY29tXC93cC1jb250ZW50XC91cGxvYWRzXC8yMDI1XC8wNVwvQ29zdGFibGFuY2EtTWFnYXppbi1BbHRlYS02OC5qcGciLCJzbGlkZXNob3ciOiI1YzFkMWYzIn0%3D\">\n\t\t\t\t\t<div class=\"e-gallery-image elementor-gallery-item__image\" data-thumbnail=\"https:\/\/costablanca-magazin.com\/wp-content\/uploads\/2025\/05\/Costablanca-Magazin-Altea-68.jpg\" data-width=\"1000\" data-height=\"563\" aria-label=\"Costa Blanca Mallorca 258\" role=\"img\" ><\/div>\n\t\t\t\t\t\t\t\t\t\t\t<div class=\"elementor-gallery-item__overlay\"><\/div>\n\t\t\t\t\t\t\t\t\t\t\t\t\t\t<\/a>\n\t\t\t\t\t\t\t<a class=\"e-gallery-item elementor-gallery-item elementor-animated-content\" href=\"https:\/\/costablanca-magazin.com\/wp-content\/uploads\/2025\/05\/Costablanca-Magazin-Altea-4.jpg\" data-elementor-open-lightbox=\"yes\" data-elementor-lightbox-slideshow=\"5c1d1f3\" data-elementor-lightbox-title=\"Costablanca Magazin Altea (4)\" data-e-action-hash=\"#elementor-action%3Aaction%3Dlightbox%26settings%3DeyJpZCI6NzA2NCwidXJsIjoiaHR0cHM6XC9cL2Nvc3RhYmxhbmNhLW1hZ2F6aW4uY29tXC93cC1jb250ZW50XC91cGxvYWRzXC8yMDI1XC8wNVwvQ29zdGFibGFuY2EtTWFnYXppbi1BbHRlYS00LmpwZyIsInNsaWRlc2hvdyI6IjVjMWQxZjMifQ%3D%3D\">\n\t\t\t\t\t<div class=\"e-gallery-image elementor-gallery-item__image\" data-thumbnail=\"https:\/\/costablanca-magazin.com\/wp-content\/uploads\/2025\/05\/Costablanca-Magazin-Altea-4.jpg\" data-width=\"1000\" data-height=\"563\" aria-label=\"Costa Blanca Mallorca 226\" role=\"img\" ><\/div>\n\t\t\t\t\t\t\t\t\t\t\t<div class=\"elementor-gallery-item__overlay\"><\/div>\n\t\t\t\t\t\t\t\t\t\t\t\t\t\t<\/a>\n\t\t\t\t\t\t\t<a class=\"e-gallery-item elementor-gallery-item elementor-animated-content\" href=\"https:\/\/costablanca-magazin.com\/wp-content\/uploads\/2025\/05\/Costablanca-Magazin-Altea-50.jpg\" data-elementor-open-lightbox=\"yes\" data-elementor-lightbox-slideshow=\"5c1d1f3\" data-elementor-lightbox-title=\"Costablanca Magazin Altea (50)\" data-e-action-hash=\"#elementor-action%3Aaction%3Dlightbox%26settings%3DeyJpZCI6NzA4OSwidXJsIjoiaHR0cHM6XC9cL2Nvc3RhYmxhbmNhLW1hZ2F6aW4uY29tXC93cC1jb250ZW50XC91cGxvYWRzXC8yMDI1XC8wNVwvQ29zdGFibGFuY2EtTWFnYXppbi1BbHRlYS01MC5qcGciLCJzbGlkZXNob3ciOiI1YzFkMWYzIn0%3D\">\n\t\t\t\t\t<div class=\"e-gallery-image elementor-gallery-item__image\" data-thumbnail=\"https:\/\/costablanca-magazin.com\/wp-content\/uploads\/2025\/05\/Costablanca-Magazin-Altea-50.jpg\" data-width=\"563\" data-height=\"1000\" aria-label=\"Costa Blanca Mallorca 250\" role=\"img\" ><\/div>\n\t\t\t\t\t\t\t\t\t\t\t<div class=\"elementor-gallery-item__overlay\"><\/div>\n\t\t\t\t\t\t\t\t\t\t\t\t\t\t<\/a>\n\t\t\t\t\t\t\t<a class=\"e-gallery-item elementor-gallery-item elementor-animated-content\" href=\"https:\/\/costablanca-magazin.com\/wp-content\/uploads\/2024\/08\/20230824_171520.jpg\" data-elementor-open-lightbox=\"yes\" data-elementor-lightbox-slideshow=\"5c1d1f3\" data-elementor-lightbox-title=\"Altea Marina Baixa\" data-e-action-hash=\"#elementor-action%3Aaction%3Dlightbox%26settings%3DeyJpZCI6MTY1NSwidXJsIjoiaHR0cHM6XC9cL2Nvc3RhYmxhbmNhLW1hZ2F6aW4uY29tXC93cC1jb250ZW50XC91cGxvYWRzXC8yMDI0XC8wOFwvMjAyMzA4MjRfMTcxNTIwLmpwZyIsInNsaWRlc2hvdyI6IjVjMWQxZjMifQ%3D%3D\">\n\t\t\t\t\t<div class=\"e-gallery-image elementor-gallery-item__image\" data-thumbnail=\"https:\/\/costablanca-magazin.com\/wp-content\/uploads\/2024\/08\/20230824_171520.jpg\" data-width=\"1200\" data-height=\"900\" aria-label=\"Altea Marina Baixa\" role=\"img\" ><\/div>\n\t\t\t\t\t\t\t\t\t\t\t<div class=\"elementor-gallery-item__overlay\"><\/div>\n\t\t\t\t\t\t\t\t\t\t\t\t\t\t<\/a>\n\t\t\t\t\t\t\t<a class=\"e-gallery-item elementor-gallery-item elementor-animated-content\" href=\"https:\/\/costablanca-magazin.com\/wp-content\/uploads\/2025\/05\/Costablanca-Magazin-Altea-31.jpg\" data-elementor-open-lightbox=\"yes\" data-elementor-lightbox-slideshow=\"5c1d1f3\" data-elementor-lightbox-title=\"Costablanca Magazin Altea (31)\" data-e-action-hash=\"#elementor-action%3Aaction%3Dlightbox%26settings%3DeyJpZCI6NzA3NCwidXJsIjoiaHR0cHM6XC9cL2Nvc3RhYmxhbmNhLW1hZ2F6aW4uY29tXC93cC1jb250ZW50XC91cGxvYWRzXC8yMDI1XC8wNVwvQ29zdGFibGFuY2EtTWFnYXppbi1BbHRlYS0zMS5qcGciLCJzbGlkZXNob3ciOiI1YzFkMWYzIn0%3D\">\n\t\t\t\t\t<div class=\"e-gallery-image elementor-gallery-item__image\" data-thumbnail=\"https:\/\/costablanca-magazin.com\/wp-content\/uploads\/2025\/05\/Costablanca-Magazin-Altea-31.jpg\" data-width=\"563\" data-height=\"1000\" aria-label=\"Costa Blanca Mallorca 236\" role=\"img\" ><\/div>\n\t\t\t\t\t\t\t\t\t\t\t<div class=\"elementor-gallery-item__overlay\"><\/div>\n\t\t\t\t\t\t\t\t\t\t\t\t\t\t<\/a>\n\t\t\t\t\t\t\t<a class=\"e-gallery-item elementor-gallery-item elementor-animated-content\" href=\"https:\/\/costablanca-magazin.com\/wp-content\/uploads\/2025\/05\/Costablanca-Magazin-Altea-45.jpg\" data-elementor-open-lightbox=\"yes\" data-elementor-lightbox-slideshow=\"5c1d1f3\" data-elementor-lightbox-title=\"Costablanca Magazin Altea (45)\" data-e-action-hash=\"#elementor-action%3Aaction%3Dlightbox%26settings%3DeyJpZCI6NzA4NCwidXJsIjoiaHR0cHM6XC9cL2Nvc3RhYmxhbmNhLW1hZ2F6aW4uY29tXC93cC1jb250ZW50XC91cGxvYWRzXC8yMDI1XC8wNVwvQ29zdGFibGFuY2EtTWFnYXppbi1BbHRlYS00NS5qcGciLCJzbGlkZXNob3ciOiI1YzFkMWYzIn0%3D\">\n\t\t\t\t\t<div class=\"e-gallery-image elementor-gallery-item__image\" data-thumbnail=\"https:\/\/costablanca-magazin.com\/wp-content\/uploads\/2025\/05\/Costablanca-Magazin-Altea-45.jpg\" data-width=\"563\" data-height=\"1000\" aria-label=\"Costa Blanca Mallorca 245\" role=\"img\" ><\/div>\n\t\t\t\t\t\t\t\t\t\t\t<div class=\"elementor-gallery-item__overlay\"><\/div>\n\t\t\t\t\t\t\t\t\t\t\t\t\t\t<\/a>\n\t\t\t\t\t\t\t<a class=\"e-gallery-item elementor-gallery-item elementor-animated-content\" href=\"https:\/\/costablanca-magazin.com\/wp-content\/uploads\/2025\/05\/Costablanca-Magazin-Altea-67.jpg\" data-elementor-open-lightbox=\"yes\" data-elementor-lightbox-slideshow=\"5c1d1f3\" data-elementor-lightbox-title=\"Costablanca Magazin Altea (67)\" data-e-action-hash=\"#elementor-action%3Aaction%3Dlightbox%26settings%3DeyJpZCI6NzA5NiwidXJsIjoiaHR0cHM6XC9cL2Nvc3RhYmxhbmNhLW1hZ2F6aW4uY29tXC93cC1jb250ZW50XC91cGxvYWRzXC8yMDI1XC8wNVwvQ29zdGFibGFuY2EtTWFnYXppbi1BbHRlYS02Ny5qcGciLCJzbGlkZXNob3ciOiI1YzFkMWYzIn0%3D\">\n\t\t\t\t\t<div class=\"e-gallery-image elementor-gallery-item__image\" data-thumbnail=\"https:\/\/costablanca-magazin.com\/wp-content\/uploads\/2025\/05\/Costablanca-Magazin-Altea-67.jpg\" data-width=\"1000\" data-height=\"563\" aria-label=\"Costa Blanca Mallorca 257\" role=\"img\" ><\/div>\n\t\t\t\t\t\t\t\t\t\t\t<div class=\"elementor-gallery-item__overlay\"><\/div>\n\t\t\t\t\t\t\t\t\t\t\t\t\t\t<\/a>\n\t\t\t\t\t\t\t<a class=\"e-gallery-item elementor-gallery-item elementor-animated-content\" href=\"https:\/\/costablanca-magazin.com\/wp-content\/uploads\/2025\/05\/Costablanca-Magazin-Altea-38.jpg\" data-elementor-open-lightbox=\"yes\" data-elementor-lightbox-slideshow=\"5c1d1f3\" data-elementor-lightbox-title=\"Costablanca Magazin Altea (38)\" data-elementor-lightbox-description=\"Costablanca Magazin Altea (38)\" data-e-action-hash=\"#elementor-action%3Aaction%3Dlightbox%26settings%3DeyJpZCI6NzA4MSwidXJsIjoiaHR0cHM6XC9cL2Nvc3RhYmxhbmNhLW1hZ2F6aW4uY29tXC93cC1jb250ZW50XC91cGxvYWRzXC8yMDI1XC8wNVwvQ29zdGFibGFuY2EtTWFnYXppbi1BbHRlYS0zOC5qcGciLCJzbGlkZXNob3ciOiI1YzFkMWYzIn0%3D\">\n\t\t\t\t\t<div class=\"e-gallery-image elementor-gallery-item__image\" data-thumbnail=\"https:\/\/costablanca-magazin.com\/wp-content\/uploads\/2025\/05\/Costablanca-Magazin-Altea-38.jpg\" data-width=\"1000\" data-height=\"563\" aria-label=\"Revista Costablanca Altea (38)\" role=\"img\" ><\/div>\n\t\t\t\t\t\t\t\t\t\t\t<div class=\"elementor-gallery-item__overlay\"><\/div>\n\t\t\t\t\t\t\t\t\t\t\t\t\t\t<\/a>\n\t\t\t\t\t\t\t<a class=\"e-gallery-item elementor-gallery-item elementor-animated-content\" href=\"https:\/\/costablanca-magazin.com\/wp-content\/uploads\/2025\/05\/Costablanca-Magazin-Altea-42.jpg\" data-elementor-open-lightbox=\"yes\" data-elementor-lightbox-slideshow=\"5c1d1f3\" data-elementor-lightbox-title=\"Costablanca Magazin Altea (42)\" data-e-action-hash=\"#elementor-action%3Aaction%3Dlightbox%26settings%3DeyJpZCI6NzA4MiwidXJsIjoiaHR0cHM6XC9cL2Nvc3RhYmxhbmNhLW1hZ2F6aW4uY29tXC93cC1jb250ZW50XC91cGxvYWRzXC8yMDI1XC8wNVwvQ29zdGFibGFuY2EtTWFnYXppbi1BbHRlYS00Mi5qcGciLCJzbGlkZXNob3ciOiI1YzFkMWYzIn0%3D\">\n\t\t\t\t\t<div class=\"e-gallery-image elementor-gallery-item__image\" data-thumbnail=\"https:\/\/costablanca-magazin.com\/wp-content\/uploads\/2025\/05\/Costablanca-Magazin-Altea-42.jpg\" data-width=\"563\" data-height=\"1000\" aria-label=\"Costa Blanca Mallorca 243\" role=\"img\" ><\/div>\n\t\t\t\t\t\t\t\t\t\t\t<div class=\"elementor-gallery-item__overlay\"><\/div>\n\t\t\t\t\t\t\t\t\t\t\t\t\t\t<\/a>\n\t\t\t\t\t\t\t<a class=\"e-gallery-item elementor-gallery-item elementor-animated-content\" href=\"https:\/\/costablanca-magazin.com\/wp-content\/uploads\/2025\/05\/Costablanca-Magazin-Altea-16.jpg\" data-elementor-open-lightbox=\"yes\" data-elementor-lightbox-slideshow=\"5c1d1f3\" data-elementor-lightbox-title=\"Costablanca Magazin Altea (16)\" data-e-action-hash=\"#elementor-action%3Aaction%3Dlightbox%26settings%3DeyJpZCI6NzA3MywidXJsIjoiaHR0cHM6XC9cL2Nvc3RhYmxhbmNhLW1hZ2F6aW4uY29tXC93cC1jb250ZW50XC91cGxvYWRzXC8yMDI1XC8wNVwvQ29zdGFibGFuY2EtTWFnYXppbi1BbHRlYS0xNi5qcGciLCJzbGlkZXNob3ciOiI1YzFkMWYzIn0%3D\">\n\t\t\t\t\t<div class=\"e-gallery-image elementor-gallery-item__image\" data-thumbnail=\"https:\/\/costablanca-magazin.com\/wp-content\/uploads\/2025\/05\/Costablanca-Magazin-Altea-16.jpg\" data-width=\"1000\" data-height=\"750\" aria-label=\"Costa Blanca Mallorca 235\" role=\"img\" ><\/div>\n\t\t\t\t\t\t\t\t\t\t\t<div class=\"elementor-gallery-item__overlay\"><\/div>\n\t\t\t\t\t\t\t\t\t\t\t\t\t\t<\/a>\n\t\t\t\t\t\t\t<a class=\"e-gallery-item elementor-gallery-item elementor-animated-content\" href=\"https:\/\/costablanca-magazin.com\/wp-content\/uploads\/2025\/05\/Costablanca-Magazin-Altea-10.jpg\" data-elementor-open-lightbox=\"yes\" data-elementor-lightbox-slideshow=\"5c1d1f3\" data-elementor-lightbox-title=\"Costablanca Magazin Altea (10)\" data-e-action-hash=\"#elementor-action%3Aaction%3Dlightbox%26settings%3DeyJpZCI6NzA2NiwidXJsIjoiaHR0cHM6XC9cL2Nvc3RhYmxhbmNhLW1hZ2F6aW4uY29tXC93cC1jb250ZW50XC91cGxvYWRzXC8yMDI1XC8wNVwvQ29zdGFibGFuY2EtTWFnYXppbi1BbHRlYS0xMC5qcGciLCJzbGlkZXNob3ciOiI1YzFkMWYzIn0%3D\">\n\t\t\t\t\t<div class=\"e-gallery-image elementor-gallery-item__image\" data-thumbnail=\"https:\/\/costablanca-magazin.com\/wp-content\/uploads\/2025\/05\/Costablanca-Magazin-Altea-10.jpg\" data-width=\"1000\" data-height=\"563\" aria-label=\"Costa Blanca Mallorca 228\" role=\"img\" ><\/div>\n\t\t\t\t\t\t\t\t\t\t\t<div class=\"elementor-gallery-item__overlay\"><\/div>\n\t\t\t\t\t\t\t\t\t\t\t\t\t\t<\/a>\n\t\t\t\t\t\t\t<a class=\"e-gallery-item elementor-gallery-item elementor-animated-content\" href=\"https:\/\/costablanca-magazin.com\/wp-content\/uploads\/2025\/05\/Costablanca-Magazin-Altea-53.jpg\" data-elementor-open-lightbox=\"yes\" data-elementor-lightbox-slideshow=\"5c1d1f3\" data-elementor-lightbox-title=\"Costablanca Magazin Altea (53)\" data-e-action-hash=\"#elementor-action%3Aaction%3Dlightbox%26settings%3DeyJpZCI6NzA5MiwidXJsIjoiaHR0cHM6XC9cL2Nvc3RhYmxhbmNhLW1hZ2F6aW4uY29tXC93cC1jb250ZW50XC91cGxvYWRzXC8yMDI1XC8wNVwvQ29zdGFibGFuY2EtTWFnYXppbi1BbHRlYS01My5qcGciLCJzbGlkZXNob3ciOiI1YzFkMWYzIn0%3D\">\n\t\t\t\t\t<div class=\"e-gallery-image elementor-gallery-item__image\" data-thumbnail=\"https:\/\/costablanca-magazin.com\/wp-content\/uploads\/2025\/05\/Costablanca-Magazin-Altea-53.jpg\" data-width=\"563\" data-height=\"1000\" aria-label=\"Costa Blanca Mallorca 253\" role=\"img\" ><\/div>\n\t\t\t\t\t\t\t\t\t\t\t<div class=\"elementor-gallery-item__overlay\"><\/div>\n\t\t\t\t\t\t\t\t\t\t\t\t\t\t<\/a>\n\t\t\t\t\t\t\t<a class=\"e-gallery-item elementor-gallery-item elementor-animated-content\" href=\"https:\/\/costablanca-magazin.com\/wp-content\/uploads\/2025\/05\/Alte-Costablanca-Magazin-1.jpg\" data-elementor-open-lightbox=\"yes\" data-elementor-lightbox-slideshow=\"5c1d1f3\" data-elementor-lightbox-title=\"Alte Costablanca Magazin (1)\" data-e-action-hash=\"#elementor-action%3Aaction%3Dlightbox%26settings%3DeyJpZCI6NzA2MiwidXJsIjoiaHR0cHM6XC9cL2Nvc3RhYmxhbmNhLW1hZ2F6aW4uY29tXC93cC1jb250ZW50XC91cGxvYWRzXC8yMDI1XC8wNVwvQWx0ZS1Db3N0YWJsYW5jYS1NYWdhemluLTEuanBnIiwic2xpZGVzaG93IjoiNWMxZDFmMyJ9\">\n\t\t\t\t\t<div class=\"e-gallery-image elementor-gallery-item__image\" data-thumbnail=\"https:\/\/costablanca-magazin.com\/wp-content\/uploads\/2025\/05\/Alte-Costablanca-Magazin-1.jpg\" data-width=\"750\" data-height=\"1000\" aria-label=\"Costa Blanca Mallorca 224\" role=\"img\" ><\/div>\n\t\t\t\t\t\t\t\t\t\t\t<div class=\"elementor-gallery-item__overlay\"><\/div>\n\t\t\t\t\t\t\t\t\t\t\t\t\t\t<\/a>\n\t\t\t\t\t\t\t<a class=\"e-gallery-item elementor-gallery-item elementor-animated-content\" href=\"https:\/\/costablanca-magazin.com\/wp-content\/uploads\/2024\/06\/a.jpg\" data-elementor-open-lightbox=\"yes\" data-elementor-lightbox-slideshow=\"5c1d1f3\" data-elementor-lightbox-title=\"Costa Blanca Strand Altea blick auf calpe\" data-elementor-lightbox-description=\"Costa Blanca Strand Altea blick auf calpe\" data-e-action-hash=\"#elementor-action%3Aaction%3Dlightbox%26settings%3DeyJpZCI6MjIxLCJ1cmwiOiJodHRwczpcL1wvY29zdGFibGFuY2EtbWFnYXppbi5jb21cL3dwLWNvbnRlbnRcL3VwbG9hZHNcLzIwMjRcLzA2XC9hLmpwZyIsInNsaWRlc2hvdyI6IjVjMWQxZjMifQ%3D%3D\">\n\t\t\t\t\t<div class=\"e-gallery-image elementor-gallery-item__image\" data-thumbnail=\"https:\/\/costablanca-magazin.com\/wp-content\/uploads\/2024\/06\/a.jpg\" data-width=\"800\" data-height=\"533\" aria-label=\"Costa Blanca Playa Altea vista a Calpe 2\" role=\"img\" ><\/div>\n\t\t\t\t\t\t\t\t\t\t\t<div class=\"elementor-gallery-item__overlay\"><\/div>\n\t\t\t\t\t\t\t\t\t\t\t\t\t\t<\/a>\n\t\t\t\t\t\t\t<a class=\"e-gallery-item elementor-gallery-item elementor-animated-content\" href=\"https:\/\/costablanca-magazin.com\/wp-content\/uploads\/2025\/05\/Costablanca-Magazin-Altea-66.jpg\" data-elementor-open-lightbox=\"yes\" data-elementor-lightbox-slideshow=\"5c1d1f3\" data-elementor-lightbox-title=\"Costablanca Magazin Altea (66)\" data-e-action-hash=\"#elementor-action%3Aaction%3Dlightbox%26settings%3DeyJpZCI6NzA5NSwidXJsIjoiaHR0cHM6XC9cL2Nvc3RhYmxhbmNhLW1hZ2F6aW4uY29tXC93cC1jb250ZW50XC91cGxvYWRzXC8yMDI1XC8wNVwvQ29zdGFibGFuY2EtTWFnYXppbi1BbHRlYS02Ni5qcGciLCJzbGlkZXNob3ciOiI1YzFkMWYzIn0%3D\">\n\t\t\t\t\t<div class=\"e-gallery-image elementor-gallery-item__image\" data-thumbnail=\"https:\/\/costablanca-magazin.com\/wp-content\/uploads\/2025\/05\/Costablanca-Magazin-Altea-66.jpg\" data-width=\"563\" data-height=\"1000\" aria-label=\"Costa Blanca Mallorca 256\" role=\"img\" ><\/div>\n\t\t\t\t\t\t\t\t\t\t\t<div class=\"elementor-gallery-item__overlay\"><\/div>\n\t\t\t\t\t\t\t\t\t\t\t\t\t\t<\/a>\n\t\t\t\t\t\t\t<a class=\"e-gallery-item elementor-gallery-item elementor-animated-content\" href=\"https:\/\/costablanca-magazin.com\/wp-content\/uploads\/2025\/05\/Costablanca-Magazin-Altea-70.jpg\" data-elementor-open-lightbox=\"yes\" data-elementor-lightbox-slideshow=\"5c1d1f3\" data-elementor-lightbox-title=\"Costablanca Magazin Altea (70)\" data-e-action-hash=\"#elementor-action%3Aaction%3Dlightbox%26settings%3DeyJpZCI6NzA5OSwidXJsIjoiaHR0cHM6XC9cL2Nvc3RhYmxhbmNhLW1hZ2F6aW4uY29tXC93cC1jb250ZW50XC91cGxvYWRzXC8yMDI1XC8wNVwvQ29zdGFibGFuY2EtTWFnYXppbi1BbHRlYS03MC5qcGciLCJzbGlkZXNob3ciOiI1YzFkMWYzIn0%3D\">\n\t\t\t\t\t<div class=\"e-gallery-image elementor-gallery-item__image\" data-thumbnail=\"https:\/\/costablanca-magazin.com\/wp-content\/uploads\/2025\/05\/Costablanca-Magazin-Altea-70.jpg\" data-width=\"1000\" data-height=\"563\" aria-label=\"Costa Blanca Mallorca 260\" role=\"img\" ><\/div>\n\t\t\t\t\t\t\t\t\t\t\t<div class=\"elementor-gallery-item__overlay\"><\/div>\n\t\t\t\t\t\t\t\t\t\t\t\t\t\t<\/a>\n\t\t\t\t\t\t\t<a class=\"e-gallery-item elementor-gallery-item elementor-animated-content\" href=\"https:\/\/costablanca-magazin.com\/wp-content\/uploads\/2025\/05\/Costablanca-Magazin-Altea-48.jpg\" data-elementor-open-lightbox=\"yes\" data-elementor-lightbox-slideshow=\"5c1d1f3\" data-elementor-lightbox-title=\"Costablanca Magazin Altea (48)\" data-e-action-hash=\"#elementor-action%3Aaction%3Dlightbox%26settings%3DeyJpZCI6NzA4NywidXJsIjoiaHR0cHM6XC9cL2Nvc3RhYmxhbmNhLW1hZ2F6aW4uY29tXC93cC1jb250ZW50XC91cGxvYWRzXC8yMDI1XC8wNVwvQ29zdGFibGFuY2EtTWFnYXppbi1BbHRlYS00OC5qcGciLCJzbGlkZXNob3ciOiI1YzFkMWYzIn0%3D\">\n\t\t\t\t\t<div class=\"e-gallery-image elementor-gallery-item__image\" data-thumbnail=\"https:\/\/costablanca-magazin.com\/wp-content\/uploads\/2025\/05\/Costablanca-Magazin-Altea-48.jpg\" data-width=\"563\" data-height=\"1000\" aria-label=\"Costa Blanca Mallorca 248\" role=\"img\" ><\/div>\n\t\t\t\t\t\t\t\t\t\t\t<div class=\"elementor-gallery-item__overlay\"><\/div>\n\t\t\t\t\t\t\t\t\t\t\t\t\t\t<\/a>\n\t\t\t\t\t\t\t<a class=\"e-gallery-item elementor-gallery-item elementor-animated-content\" href=\"https:\/\/costablanca-magazin.com\/wp-content\/uploads\/2025\/05\/Costablanca-Magazin-Altea-11.jpg\" data-elementor-open-lightbox=\"yes\" data-elementor-lightbox-slideshow=\"5c1d1f3\" data-elementor-lightbox-title=\"Costablanca Magazin Altea (11)\" data-e-action-hash=\"#elementor-action%3Aaction%3Dlightbox%26settings%3DeyJpZCI6NzA2NywidXJsIjoiaHR0cHM6XC9cL2Nvc3RhYmxhbmNhLW1hZ2F6aW4uY29tXC93cC1jb250ZW50XC91cGxvYWRzXC8yMDI1XC8wNVwvQ29zdGFibGFuY2EtTWFnYXppbi1BbHRlYS0xMS5qcGciLCJzbGlkZXNob3ciOiI1YzFkMWYzIn0%3D\">\n\t\t\t\t\t<div class=\"e-gallery-image elementor-gallery-item__image\" data-thumbnail=\"https:\/\/costablanca-magazin.com\/wp-content\/uploads\/2025\/05\/Costablanca-Magazin-Altea-11.jpg\" data-width=\"701\" data-height=\"1000\" aria-label=\"Costa Blanca Mallorca 229\" role=\"img\" ><\/div>\n\t\t\t\t\t\t\t\t\t\t\t<div class=\"elementor-gallery-item__overlay\"><\/div>\n\t\t\t\t\t\t\t\t\t\t\t\t\t\t<\/a>\n\t\t\t\t\t\t\t<a class=\"e-gallery-item elementor-gallery-item elementor-animated-content\" href=\"https:\/\/costablanca-magazin.com\/wp-content\/uploads\/2022\/09\/costablanca-lifestyle-altea-15.jpg\" data-elementor-open-lightbox=\"yes\" data-elementor-lightbox-slideshow=\"5c1d1f3\" data-elementor-lightbox-title=\"costablanca-lifestyle-altea (15)\" data-elementor-lightbox-description=\"Costa Blanca  Altea Kirchplatz \" data-e-action-hash=\"#elementor-action%3Aaction%3Dlightbox%26settings%3DeyJpZCI6NjI2LCJ1cmwiOiJodHRwczpcL1wvY29zdGFibGFuY2EtbWFnYXppbi5jb21cL3dwLWNvbnRlbnRcL3VwbG9hZHNcLzIwMjJcLzA5XC9jb3N0YWJsYW5jYS1saWZlc3R5bGUtYWx0ZWEtMTUuanBnIiwic2xpZGVzaG93IjoiNWMxZDFmMyJ9\">\n\t\t\t\t\t<div class=\"e-gallery-image elementor-gallery-item__image\" data-thumbnail=\"https:\/\/costablanca-magazin.com\/wp-content\/uploads\/2022\/09\/costablanca-lifestyle-altea-15.jpg\" data-width=\"600\" data-height=\"600\" aria-label=\"Costa Blanca Altea Kirchplatz 2\" role=\"img\" ><\/div>\n\t\t\t\t\t\t\t\t\t\t\t<div class=\"elementor-gallery-item__overlay\"><\/div>\n\t\t\t\t\t\t\t\t\t\t\t\t\t\t<\/a>\n\t\t\t\t\t\t\t<a class=\"e-gallery-item elementor-gallery-item elementor-animated-content\" href=\"https:\/\/costablanca-magazin.com\/wp-content\/uploads\/2025\/05\/Costablanca-Magazin-Altea-65.jpg\" data-elementor-open-lightbox=\"yes\" data-elementor-lightbox-slideshow=\"5c1d1f3\" data-elementor-lightbox-title=\"Costablanca Magazin Altea (65)\" data-e-action-hash=\"#elementor-action%3Aaction%3Dlightbox%26settings%3DeyJpZCI6NzA5NCwidXJsIjoiaHR0cHM6XC9cL2Nvc3RhYmxhbmNhLW1hZ2F6aW4uY29tXC93cC1jb250ZW50XC91cGxvYWRzXC8yMDI1XC8wNVwvQ29zdGFibGFuY2EtTWFnYXppbi1BbHRlYS02NS5qcGciLCJzbGlkZXNob3ciOiI1YzFkMWYzIn0%3D\">\n\t\t\t\t\t<div class=\"e-gallery-image elementor-gallery-item__image\" data-thumbnail=\"https:\/\/costablanca-magazin.com\/wp-content\/uploads\/2025\/05\/Costablanca-Magazin-Altea-65.jpg\" data-width=\"1000\" data-height=\"563\" aria-label=\"Costa Blanca Mallorca 255\" role=\"img\" ><\/div>\n\t\t\t\t\t\t\t\t\t\t\t<div class=\"elementor-gallery-item__overlay\"><\/div>\n\t\t\t\t\t\t\t\t\t\t\t\t\t\t<\/a>\n\t\t\t\t\t\t\t<a class=\"e-gallery-item elementor-gallery-item elementor-animated-content\" href=\"https:\/\/costablanca-magazin.com\/wp-content\/uploads\/2024\/06\/costablanca-lifestyle-altea-18-scaled-1.jpg\" data-elementor-open-lightbox=\"yes\" data-elementor-lightbox-slideshow=\"5c1d1f3\" data-elementor-lightbox-title=\"Costa Blanca Altea Kirchplatz\" data-elementor-lightbox-description=\"Costa Blanca Altea Kirchplatz\" data-e-action-hash=\"#elementor-action%3Aaction%3Dlightbox%26settings%3DeyJpZCI6MTcyLCJ1cmwiOiJodHRwczpcL1wvY29zdGFibGFuY2EtbWFnYXppbi5jb21cL3dwLWNvbnRlbnRcL3VwbG9hZHNcLzIwMjRcLzA2XC9jb3N0YWJsYW5jYS1saWZlc3R5bGUtYWx0ZWEtMTgtc2NhbGVkLTEuanBnIiwic2xpZGVzaG93IjoiNWMxZDFmMyJ9\">\n\t\t\t\t\t<div class=\"e-gallery-image elementor-gallery-item__image\" data-thumbnail=\"https:\/\/costablanca-magazin.com\/wp-content\/uploads\/2024\/06\/costablanca-lifestyle-altea-18-scaled-1-2048x2048.jpg\" data-width=\"2048\" data-height=\"2048\" aria-label=\"Costa Blanca Altea plaza de la iglesia\" role=\"img\" ><\/div>\n\t\t\t\t\t\t\t\t\t\t\t<div class=\"elementor-gallery-item__overlay\"><\/div>\n\t\t\t\t\t\t\t\t\t\t\t\t\t\t<\/a>\n\t\t\t\t\t\t\t<a class=\"e-gallery-item elementor-gallery-item elementor-animated-content\" href=\"https:\/\/costablanca-magazin.com\/wp-content\/uploads\/2025\/05\/Costablanca-Magazin-Altea-51.jpg\" data-elementor-open-lightbox=\"yes\" data-elementor-lightbox-slideshow=\"5c1d1f3\" data-elementor-lightbox-title=\"Costablanca Magazin Altea (51)\" data-e-action-hash=\"#elementor-action%3Aaction%3Dlightbox%26settings%3DeyJpZCI6NzA5MCwidXJsIjoiaHR0cHM6XC9cL2Nvc3RhYmxhbmNhLW1hZ2F6aW4uY29tXC93cC1jb250ZW50XC91cGxvYWRzXC8yMDI1XC8wNVwvQ29zdGFibGFuY2EtTWFnYXppbi1BbHRlYS01MS5qcGciLCJzbGlkZXNob3ciOiI1YzFkMWYzIn0%3D\">\n\t\t\t\t\t<div class=\"e-gallery-image elementor-gallery-item__image\" data-thumbnail=\"https:\/\/costablanca-magazin.com\/wp-content\/uploads\/2025\/05\/Costablanca-Magazin-Altea-51.jpg\" data-width=\"563\" data-height=\"1000\" aria-label=\"Costa Blanca Mallorca 251\" role=\"img\" ><\/div>\n\t\t\t\t\t\t\t\t\t\t\t<div class=\"elementor-gallery-item__overlay\"><\/div>\n\t\t\t\t\t\t\t\t\t\t\t\t\t\t<\/a>\n\t\t\t\t\t\t\t<a class=\"e-gallery-item elementor-gallery-item elementor-animated-content\" href=\"https:\/\/costablanca-magazin.com\/wp-content\/uploads\/2025\/05\/Costablanca-Magazin-Altea-72.jpg\" data-elementor-open-lightbox=\"yes\" data-elementor-lightbox-slideshow=\"5c1d1f3\" data-elementor-lightbox-title=\"Costablanca Magazin Altea (72)\" data-e-action-hash=\"#elementor-action%3Aaction%3Dlightbox%26settings%3DeyJpZCI6NzEwMSwidXJsIjoiaHR0cHM6XC9cL2Nvc3RhYmxhbmNhLW1hZ2F6aW4uY29tXC93cC1jb250ZW50XC91cGxvYWRzXC8yMDI1XC8wNVwvQ29zdGFibGFuY2EtTWFnYXppbi1BbHRlYS03Mi5qcGciLCJzbGlkZXNob3ciOiI1YzFkMWYzIn0%3D\">\n\t\t\t\t\t<div class=\"e-gallery-image elementor-gallery-item__image\" data-thumbnail=\"https:\/\/costablanca-magazin.com\/wp-content\/uploads\/2025\/05\/Costablanca-Magazin-Altea-72.jpg\" data-width=\"1000\" data-height=\"563\" aria-label=\"Costa Blanca Mallorca 262\" role=\"img\" ><\/div>\n\t\t\t\t\t\t\t\t\t\t\t<div class=\"elementor-gallery-item__overlay\"><\/div>\n\t\t\t\t\t\t\t\t\t\t\t\t\t\t<\/a>\n\t\t\t\t\t\t\t<a class=\"e-gallery-item elementor-gallery-item elementor-animated-content\" href=\"https:\/\/costablanca-magazin.com\/wp-content\/uploads\/2025\/05\/Costablanca-Magazin-Altea-15.jpg\" data-elementor-open-lightbox=\"yes\" data-elementor-lightbox-slideshow=\"5c1d1f3\" data-elementor-lightbox-title=\"Costablanca Magazin Altea (15)\" data-e-action-hash=\"#elementor-action%3Aaction%3Dlightbox%26settings%3DeyJpZCI6NzA3MiwidXJsIjoiaHR0cHM6XC9cL2Nvc3RhYmxhbmNhLW1hZ2F6aW4uY29tXC93cC1jb250ZW50XC91cGxvYWRzXC8yMDI1XC8wNVwvQ29zdGFibGFuY2EtTWFnYXppbi1BbHRlYS0xNS5qcGciLCJzbGlkZXNob3ciOiI1YzFkMWYzIn0%3D\">\n\t\t\t\t\t<div class=\"e-gallery-image elementor-gallery-item__image\" data-thumbnail=\"https:\/\/costablanca-magazin.com\/wp-content\/uploads\/2025\/05\/Costablanca-Magazin-Altea-15.jpg\" data-width=\"1000\" data-height=\"750\" aria-label=\"Costa Blanca Mallorca 234\" role=\"img\" ><\/div>\n\t\t\t\t\t\t\t\t\t\t\t<div class=\"elementor-gallery-item__overlay\"><\/div>\n\t\t\t\t\t\t\t\t\t\t\t\t\t\t<\/a>\n\t\t\t\t\t\t\t<a class=\"e-gallery-item elementor-gallery-item elementor-animated-content\" href=\"https:\/\/costablanca-magazin.com\/wp-content\/uploads\/2025\/05\/Costablanca-Magazin-Altea-71.jpg\" data-elementor-open-lightbox=\"yes\" data-elementor-lightbox-slideshow=\"5c1d1f3\" data-elementor-lightbox-title=\"Costablanca Magazin Altea (71)\" data-e-action-hash=\"#elementor-action%3Aaction%3Dlightbox%26settings%3DeyJpZCI6NzEwMCwidXJsIjoiaHR0cHM6XC9cL2Nvc3RhYmxhbmNhLW1hZ2F6aW4uY29tXC93cC1jb250ZW50XC91cGxvYWRzXC8yMDI1XC8wNVwvQ29zdGFibGFuY2EtTWFnYXppbi1BbHRlYS03MS5qcGciLCJzbGlkZXNob3ciOiI1YzFkMWYzIn0%3D\">\n\t\t\t\t\t<div class=\"e-gallery-image elementor-gallery-item__image\" data-thumbnail=\"https:\/\/costablanca-magazin.com\/wp-content\/uploads\/2025\/05\/Costablanca-Magazin-Altea-71.jpg\" data-width=\"1000\" data-height=\"563\" aria-label=\"Costa Blanca Mallorca 261\" role=\"img\" ><\/div>\n\t\t\t\t\t\t\t\t\t\t\t<div class=\"elementor-gallery-item__overlay\"><\/div>\n\t\t\t\t\t\t\t\t\t\t\t\t\t\t<\/a>\n\t\t\t\t\t\t\t<a class=\"e-gallery-item elementor-gallery-item elementor-animated-content\" href=\"https:\/\/costablanca-magazin.com\/wp-content\/uploads\/2022\/09\/costablanca-lifestyle-altea-13.jpg\" data-elementor-open-lightbox=\"yes\" data-elementor-lightbox-slideshow=\"5c1d1f3\" data-elementor-lightbox-title=\"costablanca-lifestyle-altea (13)\" data-elementor-lightbox-description=\"Costa Blanca Strand Altea Promenade\" data-e-action-hash=\"#elementor-action%3Aaction%3Dlightbox%26settings%3DeyJpZCI6NjI0LCJ1cmwiOiJodHRwczpcL1wvY29zdGFibGFuY2EtbWFnYXppbi5jb21cL3dwLWNvbnRlbnRcL3VwbG9hZHNcLzIwMjJcLzA5XC9jb3N0YWJsYW5jYS1saWZlc3R5bGUtYWx0ZWEtMTMuanBnIiwic2xpZGVzaG93IjoiNWMxZDFmMyJ9\">\n\t\t\t\t\t<div class=\"e-gallery-image elementor-gallery-item__image\" data-thumbnail=\"https:\/\/costablanca-magazin.com\/wp-content\/uploads\/2022\/09\/costablanca-lifestyle-altea-13.jpg\" data-width=\"400\" data-height=\"600\" aria-label=\"Costa Blanca Playa Altea Paseo Mar\u00edtimo 1\" role=\"img\" ><\/div>\n\t\t\t\t\t\t\t\t\t\t\t<div class=\"elementor-gallery-item__overlay\"><\/div>\n\t\t\t\t\t\t\t\t\t\t\t\t\t\t<\/a>\n\t\t\t\t\t\t\t<a class=\"e-gallery-item elementor-gallery-item elementor-animated-content\" href=\"https:\/\/costablanca-magazin.com\/wp-content\/uploads\/2022\/09\/costablanca-lifestyle-altea-8.jpg\" data-elementor-open-lightbox=\"yes\" data-elementor-lightbox-slideshow=\"5c1d1f3\" data-elementor-lightbox-title=\"costablanca-lifestyle-altea (8)\" data-elementor-lightbox-description=\"Costa Blanca Altea\" data-e-action-hash=\"#elementor-action%3Aaction%3Dlightbox%26settings%3DeyJpZCI6NjIwLCJ1cmwiOiJodHRwczpcL1wvY29zdGFibGFuY2EtbWFnYXppbi5jb21cL3dwLWNvbnRlbnRcL3VwbG9hZHNcLzIwMjJcLzA5XC9jb3N0YWJsYW5jYS1saWZlc3R5bGUtYWx0ZWEtOC5qcGciLCJzbGlkZXNob3ciOiI1YzFkMWYzIn0%3D\">\n\t\t\t\t\t<div class=\"e-gallery-image elementor-gallery-item__image\" data-thumbnail=\"https:\/\/costablanca-magazin.com\/wp-content\/uploads\/2022\/09\/costablanca-lifestyle-altea-8.jpg\" data-width=\"800\" data-height=\"533\" aria-label=\"Costa Blanca Altea 9\" role=\"img\" ><\/div>\n\t\t\t\t\t\t\t\t\t\t\t<div class=\"elementor-gallery-item__overlay\"><\/div>\n\t\t\t\t\t\t\t\t\t\t\t\t\t\t<\/a>\n\t\t\t\t\t\t\t<a class=\"e-gallery-item elementor-gallery-item elementor-animated-content\" href=\"https:\/\/costablanca-magazin.com\/wp-content\/uploads\/2024\/09\/Restaurant-El-Rey-Altea-26-scaled.jpg\" data-elementor-open-lightbox=\"yes\" data-elementor-lightbox-slideshow=\"5c1d1f3\" data-elementor-lightbox-title=\"Restaurant El Rey Altea (26)\" data-e-action-hash=\"#elementor-action%3Aaction%3Dlightbox%26settings%3DeyJpZCI6MTk5OCwidXJsIjoiaHR0cHM6XC9cL2Nvc3RhYmxhbmNhLW1hZ2F6aW4uY29tXC93cC1jb250ZW50XC91cGxvYWRzXC8yMDI0XC8wOVwvUmVzdGF1cmFudC1FbC1SZXktQWx0ZWEtMjYtc2NhbGVkLmpwZyIsInNsaWRlc2hvdyI6IjVjMWQxZjMifQ%3D%3D\">\n\t\t\t\t\t<div class=\"e-gallery-image elementor-gallery-item__image\" data-thumbnail=\"https:\/\/costablanca-magazin.com\/wp-content\/uploads\/2024\/09\/Restaurant-El-Rey-Altea-26-2048x1536.jpg\" data-width=\"2048\" data-height=\"1536\" aria-label=\"Costa Blanca Mallorca 188\" role=\"img\" ><\/div>\n\t\t\t\t\t\t\t\t\t\t\t<div class=\"elementor-gallery-item__overlay\"><\/div>\n\t\t\t\t\t\t\t\t\t\t\t\t\t\t<\/a>\n\t\t\t\t\t\t\t<a class=\"e-gallery-item elementor-gallery-item elementor-animated-content\" href=\"https:\/\/costablanca-magazin.com\/wp-content\/uploads\/2025\/05\/Costablanca-Magazin-Altea-36.jpg\" data-elementor-open-lightbox=\"yes\" data-elementor-lightbox-slideshow=\"5c1d1f3\" data-elementor-lightbox-title=\"Costablanca Magazin Altea (36)\" data-e-action-hash=\"#elementor-action%3Aaction%3Dlightbox%26settings%3DeyJpZCI6NzA3OSwidXJsIjoiaHR0cHM6XC9cL2Nvc3RhYmxhbmNhLW1hZ2F6aW4uY29tXC93cC1jb250ZW50XC91cGxvYWRzXC8yMDI1XC8wNVwvQ29zdGFibGFuY2EtTWFnYXppbi1BbHRlYS0zNi5qcGciLCJzbGlkZXNob3ciOiI1YzFkMWYzIn0%3D\">\n\t\t\t\t\t<div class=\"e-gallery-image elementor-gallery-item__image\" data-thumbnail=\"https:\/\/costablanca-magazin.com\/wp-content\/uploads\/2025\/05\/Costablanca-Magazin-Altea-36.jpg\" data-width=\"563\" data-height=\"1000\" aria-label=\"Costa Blanca Mallorca 241\" role=\"img\" ><\/div>\n\t\t\t\t\t\t\t\t\t\t\t<div class=\"elementor-gallery-item__overlay\"><\/div>\n\t\t\t\t\t\t\t\t\t\t\t\t\t\t<\/a>\n\t\t\t\t\t\t\t<a class=\"e-gallery-item elementor-gallery-item elementor-animated-content\" href=\"https:\/\/costablanca-magazin.com\/wp-content\/uploads\/2022\/09\/costablanca-lifestyle-altea-7.jpg\" data-elementor-open-lightbox=\"yes\" data-elementor-lightbox-slideshow=\"5c1d1f3\" data-elementor-lightbox-title=\"costablanca-lifestyle-altea (7)\" data-elementor-lightbox-description=\"Costa Blanca Strand Altea blick auf calpe \" data-e-action-hash=\"#elementor-action%3Aaction%3Dlightbox%26settings%3DeyJpZCI6NjE5LCJ1cmwiOiJodHRwczpcL1wvY29zdGFibGFuY2EtbWFnYXppbi5jb21cL3dwLWNvbnRlbnRcL3VwbG9hZHNcLzIwMjJcLzA5XC9jb3N0YWJsYW5jYS1saWZlc3R5bGUtYWx0ZWEtNy5qcGciLCJzbGlkZXNob3ciOiI1YzFkMWYzIn0%3D\">\n\t\t\t\t\t<div class=\"e-gallery-image elementor-gallery-item__image\" data-thumbnail=\"https:\/\/costablanca-magazin.com\/wp-content\/uploads\/2022\/09\/costablanca-lifestyle-altea-7.jpg\" data-width=\"800\" data-height=\"533\" aria-label=\"Costa Blanca Playa Altea vista a Calpe 6\" role=\"img\" ><\/div>\n\t\t\t\t\t\t\t\t\t\t\t<div class=\"elementor-gallery-item__overlay\"><\/div>\n\t\t\t\t\t\t\t\t\t\t\t\t\t\t<\/a>\n\t\t\t\t\t\t\t<a class=\"e-gallery-item elementor-gallery-item elementor-animated-content\" href=\"https:\/\/costablanca-magazin.com\/wp-content\/uploads\/2025\/05\/Alte-Costablanca-Magazin-2.jpg\" data-elementor-open-lightbox=\"yes\" data-elementor-lightbox-slideshow=\"5c1d1f3\" data-elementor-lightbox-title=\"Alte Costablanca Magazin (2)\" data-e-action-hash=\"#elementor-action%3Aaction%3Dlightbox%26settings%3DeyJpZCI6NzA2MywidXJsIjoiaHR0cHM6XC9cL2Nvc3RhYmxhbmNhLW1hZ2F6aW4uY29tXC93cC1jb250ZW50XC91cGxvYWRzXC8yMDI1XC8wNVwvQWx0ZS1Db3N0YWJsYW5jYS1NYWdhemluLTIuanBnIiwic2xpZGVzaG93IjoiNWMxZDFmMyJ9\">\n\t\t\t\t\t<div class=\"e-gallery-image elementor-gallery-item__image\" data-thumbnail=\"https:\/\/costablanca-magazin.com\/wp-content\/uploads\/2025\/05\/Alte-Costablanca-Magazin-2.jpg\" data-width=\"1000\" data-height=\"750\" aria-label=\"Costa Blanca Mallorca 225\" role=\"img\" ><\/div>\n\t\t\t\t\t\t\t\t\t\t\t<div class=\"elementor-gallery-item__overlay\"><\/div>\n\t\t\t\t\t\t\t\t\t\t\t\t\t\t<\/a>\n\t\t\t\t\t\t\t<a class=\"e-gallery-item elementor-gallery-item elementor-animated-content\" href=\"https:\/\/costablanca-magazin.com\/wp-content\/uploads\/2025\/05\/Costablanca-Magazin-Altea-5.jpg\" data-elementor-open-lightbox=\"yes\" data-elementor-lightbox-slideshow=\"5c1d1f3\" data-elementor-lightbox-title=\"Costablanca Magazin Altea (5)\" data-e-action-hash=\"#elementor-action%3Aaction%3Dlightbox%26settings%3DeyJpZCI6NzA2NSwidXJsIjoiaHR0cHM6XC9cL2Nvc3RhYmxhbmNhLW1hZ2F6aW4uY29tXC93cC1jb250ZW50XC91cGxvYWRzXC8yMDI1XC8wNVwvQ29zdGFibGFuY2EtTWFnYXppbi1BbHRlYS01LmpwZyIsInNsaWRlc2hvdyI6IjVjMWQxZjMifQ%3D%3D\">\n\t\t\t\t\t<div class=\"e-gallery-image elementor-gallery-item__image\" data-thumbnail=\"https:\/\/costablanca-magazin.com\/wp-content\/uploads\/2025\/05\/Costablanca-Magazin-Altea-5.jpg\" data-width=\"733\" data-height=\"1000\" aria-label=\"Costa Blanca Mallorca 227\" role=\"img\" ><\/div>\n\t\t\t\t\t\t\t\t\t\t\t<div class=\"elementor-gallery-item__overlay\"><\/div>\n\t\t\t\t\t\t\t\t\t\t\t\t\t\t<\/a>\n\t\t\t\t\t\t\t<a class=\"e-gallery-item elementor-gallery-item elementor-animated-content\" href=\"https:\/\/costablanca-magazin.com\/wp-content\/uploads\/2025\/05\/Costablanca-Magazin-Altea-33.jpg\" data-elementor-open-lightbox=\"yes\" data-elementor-lightbox-slideshow=\"5c1d1f3\" data-elementor-lightbox-title=\"Costablanca Magazin Altea (33)\" data-e-action-hash=\"#elementor-action%3Aaction%3Dlightbox%26settings%3DeyJpZCI6NzA3NiwidXJsIjoiaHR0cHM6XC9cL2Nvc3RhYmxhbmNhLW1hZ2F6aW4uY29tXC93cC1jb250ZW50XC91cGxvYWRzXC8yMDI1XC8wNVwvQ29zdGFibGFuY2EtTWFnYXppbi1BbHRlYS0zMy5qcGciLCJzbGlkZXNob3ciOiI1YzFkMWYzIn0%3D\">\n\t\t\t\t\t<div class=\"e-gallery-image elementor-gallery-item__image\" data-thumbnail=\"https:\/\/costablanca-magazin.com\/wp-content\/uploads\/2025\/05\/Costablanca-Magazin-Altea-33.jpg\" data-width=\"563\" data-height=\"1000\" aria-label=\"Costa Blanca Mallorca 238\" role=\"img\" ><\/div>\n\t\t\t\t\t\t\t\t\t\t\t<div class=\"elementor-gallery-item__overlay\"><\/div>\n\t\t\t\t\t\t\t\t\t\t\t\t\t\t<\/a>\n\t\t\t\t\t\t\t<a class=\"e-gallery-item elementor-gallery-item elementor-animated-content\" href=\"https:\/\/costablanca-magazin.com\/wp-content\/uploads\/2025\/05\/Costablanca-Magazin-Altea-49.jpg\" data-elementor-open-lightbox=\"yes\" data-elementor-lightbox-slideshow=\"5c1d1f3\" data-elementor-lightbox-title=\"Costablanca Magazin Altea (49)\" data-e-action-hash=\"#elementor-action%3Aaction%3Dlightbox%26settings%3DeyJpZCI6NzA4OCwidXJsIjoiaHR0cHM6XC9cL2Nvc3RhYmxhbmNhLW1hZ2F6aW4uY29tXC93cC1jb250ZW50XC91cGxvYWRzXC8yMDI1XC8wNVwvQ29zdGFibGFuY2EtTWFnYXppbi1BbHRlYS00OS5qcGciLCJzbGlkZXNob3ciOiI1YzFkMWYzIn0%3D\">\n\t\t\t\t\t<div class=\"e-gallery-image elementor-gallery-item__image\" data-thumbnail=\"https:\/\/costablanca-magazin.com\/wp-content\/uploads\/2025\/05\/Costablanca-Magazin-Altea-49.jpg\" data-width=\"563\" data-height=\"1000\" aria-label=\"Costa Blanca Mallorca 249\" role=\"img\" ><\/div>\n\t\t\t\t\t\t\t\t\t\t\t<div class=\"elementor-gallery-item__overlay\"><\/div>\n\t\t\t\t\t\t\t\t\t\t\t\t\t\t<\/a>\n\t\t\t\t\t\t\t<a class=\"e-gallery-item elementor-gallery-item elementor-animated-content\" href=\"https:\/\/costablanca-magazin.com\/wp-content\/uploads\/2025\/05\/Costablanca-Magazin-Altea-46.jpg\" data-elementor-open-lightbox=\"yes\" data-elementor-lightbox-slideshow=\"5c1d1f3\" data-elementor-lightbox-title=\"Costablanca Magazin Altea (46)\" data-e-action-hash=\"#elementor-action%3Aaction%3Dlightbox%26settings%3DeyJpZCI6NzA4NSwidXJsIjoiaHR0cHM6XC9cL2Nvc3RhYmxhbmNhLW1hZ2F6aW4uY29tXC93cC1jb250ZW50XC91cGxvYWRzXC8yMDI1XC8wNVwvQ29zdGFibGFuY2EtTWFnYXppbi1BbHRlYS00Ni5qcGciLCJzbGlkZXNob3ciOiI1YzFkMWYzIn0%3D\">\n\t\t\t\t\t<div class=\"e-gallery-image elementor-gallery-item__image\" data-thumbnail=\"https:\/\/costablanca-magazin.com\/wp-content\/uploads\/2025\/05\/Costablanca-Magazin-Altea-46.jpg\" data-width=\"563\" data-height=\"1000\" aria-label=\"Costa Blanca Mallorca 246\" role=\"img\" ><\/div>\n\t\t\t\t\t\t\t\t\t\t\t<div class=\"elementor-gallery-item__overlay\"><\/div>\n\t\t\t\t\t\t\t\t\t\t\t\t\t\t<\/a>\n\t\t\t\t\t\t\t<a class=\"e-gallery-item elementor-gallery-item elementor-animated-content\" href=\"https:\/\/costablanca-magazin.com\/wp-content\/uploads\/2025\/05\/Costablanca-Magazin-Altea-69.jpg\" data-elementor-open-lightbox=\"yes\" data-elementor-lightbox-slideshow=\"5c1d1f3\" data-elementor-lightbox-title=\"Costablanca Magazin Altea (69)\" data-e-action-hash=\"#elementor-action%3Aaction%3Dlightbox%26settings%3DeyJpZCI6NzA5OCwidXJsIjoiaHR0cHM6XC9cL2Nvc3RhYmxhbmNhLW1hZ2F6aW4uY29tXC93cC1jb250ZW50XC91cGxvYWRzXC8yMDI1XC8wNVwvQ29zdGFibGFuY2EtTWFnYXppbi1BbHRlYS02OS5qcGciLCJzbGlkZXNob3ciOiI1YzFkMWYzIn0%3D\">\n\t\t\t\t\t<div class=\"e-gallery-image elementor-gallery-item__image\" data-thumbnail=\"https:\/\/costablanca-magazin.com\/wp-content\/uploads\/2025\/05\/Costablanca-Magazin-Altea-69.jpg\" data-width=\"1000\" data-height=\"563\" aria-label=\"Costa Blanca Mallorca 259\" role=\"img\" ><\/div>\n\t\t\t\t\t\t\t\t\t\t\t<div class=\"elementor-gallery-item__overlay\"><\/div>\n\t\t\t\t\t\t\t\t\t\t\t\t\t\t<\/a>\n\t\t\t\t\t\t\t<a class=\"e-gallery-item elementor-gallery-item elementor-animated-content\" href=\"https:\/\/costablanca-magazin.com\/wp-content\/uploads\/2025\/05\/Costablanca-Magazin-Altea-43.jpg\" data-elementor-open-lightbox=\"yes\" data-elementor-lightbox-slideshow=\"5c1d1f3\" data-elementor-lightbox-title=\"Costablanca Magazin Altea (43)\" data-e-action-hash=\"#elementor-action%3Aaction%3Dlightbox%26settings%3DeyJpZCI6NzA4MywidXJsIjoiaHR0cHM6XC9cL2Nvc3RhYmxhbmNhLW1hZ2F6aW4uY29tXC93cC1jb250ZW50XC91cGxvYWRzXC8yMDI1XC8wNVwvQ29zdGFibGFuY2EtTWFnYXppbi1BbHRlYS00My5qcGciLCJzbGlkZXNob3ciOiI1YzFkMWYzIn0%3D\">\n\t\t\t\t\t<div class=\"e-gallery-image elementor-gallery-item__image\" data-thumbnail=\"https:\/\/costablanca-magazin.com\/wp-content\/uploads\/2025\/05\/Costablanca-Magazin-Altea-43.jpg\" data-width=\"1000\" data-height=\"563\" aria-label=\"Costa Blanca Mallorca 244\" role=\"img\" ><\/div>\n\t\t\t\t\t\t\t\t\t\t\t<div class=\"elementor-gallery-item__overlay\"><\/div>\n\t\t\t\t\t\t\t\t\t\t\t\t\t\t<\/a>\n\t\t\t\t\t\t\t<a class=\"e-gallery-item elementor-gallery-item elementor-animated-content\" href=\"https:\/\/costablanca-magazin.com\/wp-content\/uploads\/2025\/05\/Costablanca-Magazin-Altea-73.jpg\" data-elementor-open-lightbox=\"yes\" data-elementor-lightbox-slideshow=\"5c1d1f3\" data-elementor-lightbox-title=\"Costablanca Magazin Altea (73)\" data-e-action-hash=\"#elementor-action%3Aaction%3Dlightbox%26settings%3DeyJpZCI6NzA2OCwidXJsIjoiaHR0cHM6XC9cL2Nvc3RhYmxhbmNhLW1hZ2F6aW4uY29tXC93cC1jb250ZW50XC91cGxvYWRzXC8yMDI1XC8wNVwvQ29zdGFibGFuY2EtTWFnYXppbi1BbHRlYS03My5qcGciLCJzbGlkZXNob3ciOiI1YzFkMWYzIn0%3D\">\n\t\t\t\t\t<div class=\"e-gallery-image elementor-gallery-item__image\" data-thumbnail=\"https:\/\/costablanca-magazin.com\/wp-content\/uploads\/2025\/05\/Costablanca-Magazin-Altea-73.jpg\" data-width=\"1000\" data-height=\"563\" aria-label=\"Costa Blanca Mallorca 230\" role=\"img\" ><\/div>\n\t\t\t\t\t\t\t\t\t\t\t<div class=\"elementor-gallery-item__overlay\"><\/div>\n\t\t\t\t\t\t\t\t\t\t\t\t\t\t<\/a>\n\t\t\t\t\t\t\t<a class=\"e-gallery-item elementor-gallery-item elementor-animated-content\" href=\"https:\/\/costablanca-magazin.com\/wp-content\/uploads\/2025\/05\/Costablanca-Magazin-Altea-37.jpg\" data-elementor-open-lightbox=\"yes\" data-elementor-lightbox-slideshow=\"5c1d1f3\" data-elementor-lightbox-title=\"Costablanca Magazin Altea (37)\" data-e-action-hash=\"#elementor-action%3Aaction%3Dlightbox%26settings%3DeyJpZCI6NzA4MCwidXJsIjoiaHR0cHM6XC9cL2Nvc3RhYmxhbmNhLW1hZ2F6aW4uY29tXC93cC1jb250ZW50XC91cGxvYWRzXC8yMDI1XC8wNVwvQ29zdGFibGFuY2EtTWFnYXppbi1BbHRlYS0zNy5qcGciLCJzbGlkZXNob3ciOiI1YzFkMWYzIn0%3D\">\n\t\t\t\t\t<div class=\"e-gallery-image elementor-gallery-item__image\" data-thumbnail=\"https:\/\/costablanca-magazin.com\/wp-content\/uploads\/2025\/05\/Costablanca-Magazin-Altea-37.jpg\" data-width=\"563\" data-height=\"1000\" aria-label=\"Costa Blanca Mallorca 242\" role=\"img\" ><\/div>\n\t\t\t\t\t\t\t\t\t\t\t<div class=\"elementor-gallery-item__overlay\"><\/div>\n\t\t\t\t\t\t\t\t\t\t\t\t\t\t<\/a>\n\t\t\t\t\t\t\t<a class=\"e-gallery-item elementor-gallery-item elementor-animated-content\" href=\"https:\/\/costablanca-magazin.com\/wp-content\/uploads\/2025\/05\/Costablanca-Magazin-Altea-74.jpg\" data-elementor-open-lightbox=\"yes\" data-elementor-lightbox-slideshow=\"5c1d1f3\" data-elementor-lightbox-title=\"Costablanca Magazin Altea (74)\" data-e-action-hash=\"#elementor-action%3Aaction%3Dlightbox%26settings%3DeyJpZCI6NzA2OSwidXJsIjoiaHR0cHM6XC9cL2Nvc3RhYmxhbmNhLW1hZ2F6aW4uY29tXC93cC1jb250ZW50XC91cGxvYWRzXC8yMDI1XC8wNVwvQ29zdGFibGFuY2EtTWFnYXppbi1BbHRlYS03NC5qcGciLCJzbGlkZXNob3ciOiI1YzFkMWYzIn0%3D\">\n\t\t\t\t\t<div class=\"e-gallery-image elementor-gallery-item__image\" data-thumbnail=\"https:\/\/costablanca-magazin.com\/wp-content\/uploads\/2025\/05\/Costablanca-Magazin-Altea-74.jpg\" data-width=\"1000\" data-height=\"563\" aria-label=\"Costa Blanca Mallorca 231\" role=\"img\" ><\/div>\n\t\t\t\t\t\t\t\t\t\t\t<div class=\"elementor-gallery-item__overlay\"><\/div>\n\t\t\t\t\t\t\t\t\t\t\t\t\t\t<\/a>\n\t\t\t\t\t\t\t<a class=\"e-gallery-item elementor-gallery-item elementor-animated-content\" href=\"https:\/\/costablanca-magazin.com\/wp-content\/uploads\/2022\/09\/costablanca-lifestyle-altea-17.jpg\" data-elementor-open-lightbox=\"yes\" data-elementor-lightbox-slideshow=\"5c1d1f3\" data-elementor-lightbox-title=\"costablanca-lifestyle-altea (17)\" data-elementor-lightbox-description=\"Costa Blanca  Altea Kirchplatz \" data-e-action-hash=\"#elementor-action%3Aaction%3Dlightbox%26settings%3DeyJpZCI6NjI4LCJ1cmwiOiJodHRwczpcL1wvY29zdGFibGFuY2EtbWFnYXppbi5jb21cL3dwLWNvbnRlbnRcL3VwbG9hZHNcLzIwMjJcLzA5XC9jb3N0YWJsYW5jYS1saWZlc3R5bGUtYWx0ZWEtMTcuanBnIiwic2xpZGVzaG93IjoiNWMxZDFmMyJ9\">\n\t\t\t\t\t<div class=\"e-gallery-image elementor-gallery-item__image\" data-thumbnail=\"https:\/\/costablanca-magazin.com\/wp-content\/uploads\/2022\/09\/costablanca-lifestyle-altea-17.jpg\" data-width=\"600\" data-height=\"600\" aria-label=\"Costa Blanca Altea Kirchplatz 6\" role=\"img\" ><\/div>\n\t\t\t\t\t\t\t\t\t\t\t<div class=\"elementor-gallery-item__overlay\"><\/div>\n\t\t\t\t\t\t\t\t\t\t\t\t\t\t<\/a>\n\t\t\t\t\t\t\t<a class=\"e-gallery-item elementor-gallery-item elementor-animated-content\" href=\"https:\/\/costablanca-magazin.com\/wp-content\/uploads\/2022\/09\/costablanca-lifestyle-altea-20-e1663747224892.jpg\" data-elementor-open-lightbox=\"yes\" data-elementor-lightbox-slideshow=\"5c1d1f3\" data-elementor-lightbox-title=\"costablanca-lifestyle-altea (20)\" data-elementor-lightbox-description=\"Costa Blanca  Altea Kirchplatz \" data-e-action-hash=\"#elementor-action%3Aaction%3Dlightbox%26settings%3DeyJpZCI6NjMxLCJ1cmwiOiJodHRwczpcL1wvY29zdGFibGFuY2EtbWFnYXppbi5jb21cL3dwLWNvbnRlbnRcL3VwbG9hZHNcLzIwMjJcLzA5XC9jb3N0YWJsYW5jYS1saWZlc3R5bGUtYWx0ZWEtMjAtZTE2NjM3NDcyMjQ4OTIuanBnIiwic2xpZGVzaG93IjoiNWMxZDFmMyJ9\">\n\t\t\t\t\t<div class=\"e-gallery-image elementor-gallery-item__image\" data-thumbnail=\"https:\/\/costablanca-magazin.com\/wp-content\/uploads\/2022\/09\/costablanca-lifestyle-altea-20-e1663747224892.jpg\" data-width=\"533\" data-height=\"600\" aria-label=\"Costa Blanca Altea Kirchplatz 11\" role=\"img\" ><\/div>\n\t\t\t\t\t\t\t\t\t\t\t<div class=\"elementor-gallery-item__overlay\"><\/div>\n\t\t\t\t\t\t\t\t\t\t\t\t\t\t<\/a>\n\t\t\t\t\t<\/div>\n\t\t\t\t\t<\/div>\n\t\t\t\t<\/div>\n\t\t<div class=\"elementor-element elementor-element-e5b0df4 e-con-full e-flex e-con e-child\" data-id=\"e5b0df4\" data-element_type=\"container\" data-e-type=\"container\">\n\t\t\t\t<div class=\"elementor-element elementor-element-2874eb5 elementor-widget elementor-widget-text-editor\" data-id=\"2874eb5\" data-element_type=\"widget\" data-e-type=\"widget\" data-widget_type=\"text-editor.default\">\n\t\t\t\t<div class=\"elementor-widget-container\">\n\t\t\t\t\t\t\t\t\t<p><strong>Contacto e informaci\u00f3n<\/strong><\/p><p><strong>Oficina de Turismo de Moraira - Teulada<\/strong><br \/>\ud83d\udccd Avenida Madrid, 15 - 03724 Moraira (Alicante)<br \/>\ud83d\udcde +34 966 49 09 34<br \/>\u2709\ufe0f teulada@touristinfo.net<br \/>\ud83c\udf10 <a href=\"https:\/\/www.teuladamoraira.org\" target=\"_blank\" rel=\"noopener\">www.teuladamoraira.org<\/a><\/p>\t\t\t\t\t\t\t\t<\/div>\n\t\t\t\t<\/div>\n\t\t\t\t<\/div>\n\t\t\t\t<\/div>\n\t\t\t\t\t<\/div>\n\t\t\t\t<\/div>\n\t\t<div class=\"elementor-element elementor-element-7be1c17 e-flex e-con-boxed e-con e-parent\" data-id=\"7be1c17\" data-element_type=\"container\" data-e-type=\"container\">\n\t\t\t\t\t<div class=\"e-con-inner\">\n\t\t<div class=\"elementor-element elementor-element-e45e74b e-con-full e-flex e-con e-child\" data-id=\"e45e74b\" data-element_type=\"container\" data-e-type=\"container\">\n\t\t\t\t<div class=\"elementor-element elementor-element-a544bc4 elementor-widget elementor-widget-gallery\" data-id=\"a544bc4\" data-element_type=\"widget\" data-e-type=\"widget\" data-settings=\"{&quot;gallery_layout&quot;:&quot;justified&quot;,&quot;ideal_row_height&quot;:{&quot;unit&quot;:&quot;px&quot;,&quot;size&quot;:227,&quot;sizes&quot;:[]},&quot;gap&quot;:{&quot;unit&quot;:&quot;px&quot;,&quot;size&quot;:2,&quot;sizes&quot;:[]},&quot;lazyload&quot;:&quot;yes&quot;,&quot;ideal_row_height_tablet&quot;:{&quot;unit&quot;:&quot;px&quot;,&quot;size&quot;:150,&quot;sizes&quot;:[]},&quot;ideal_row_height_mobile&quot;:{&quot;unit&quot;:&quot;px&quot;,&quot;size&quot;:150,&quot;sizes&quot;:[]},&quot;gap_tablet&quot;:{&quot;unit&quot;:&quot;px&quot;,&quot;size&quot;:10,&quot;sizes&quot;:[]},&quot;gap_mobile&quot;:{&quot;unit&quot;:&quot;px&quot;,&quot;size&quot;:10,&quot;sizes&quot;:[]},&quot;link_to&quot;:&quot;file&quot;,&quot;overlay_background&quot;:&quot;yes&quot;,&quot;content_hover_animation&quot;:&quot;fade-in&quot;}\" data-widget_type=\"gallery.default\">\n\t\t\t\t<div class=\"elementor-widget-container\">\n\t\t\t\t\t\t\t<div class=\"elementor-gallery__container\">\n\t\t\t\t\t\t\t<a class=\"e-gallery-item elementor-gallery-item elementor-animated-content\" href=\"https:\/\/costablanca-magazin.com\/wp-content\/uploads\/2025\/05\/20230407_114319.jpg\" data-elementor-open-lightbox=\"yes\" data-elementor-lightbox-slideshow=\"a544bc4\" data-elementor-lightbox-title=\"20230407_114319\" data-e-action-hash=\"#elementor-action%3Aaction%3Dlightbox%26settings%3DeyJpZCI6NzI0NCwidXJsIjoiaHR0cHM6XC9cL2Nvc3RhYmxhbmNhLW1hZ2F6aW4uY29tXC93cC1jb250ZW50XC91cGxvYWRzXC8yMDI1XC8wNVwvMjAyMzA0MDdfMTE0MzE5LmpwZyIsInNsaWRlc2hvdyI6ImE1NDRiYzQifQ%3D%3D\">\n\t\t\t\t\t<div class=\"e-gallery-image elementor-gallery-item__image\" data-thumbnail=\"https:\/\/costablanca-magazin.com\/wp-content\/uploads\/2025\/05\/20230407_114319.jpg\" data-width=\"1000\" data-height=\"750\" aria-label=\"Costa Blanca Mallorca 309\" role=\"img\" ><\/div>\n\t\t\t\t\t\t\t\t\t\t\t<div class=\"elementor-gallery-item__overlay\"><\/div>\n\t\t\t\t\t\t\t\t\t\t\t\t\t\t<\/a>\n\t\t\t\t\t\t\t<a class=\"e-gallery-item elementor-gallery-item elementor-animated-content\" href=\"https:\/\/costablanca-magazin.com\/wp-content\/uploads\/2025\/05\/Moraira.jpg\" data-elementor-open-lightbox=\"yes\" data-elementor-lightbox-slideshow=\"a544bc4\" data-elementor-lightbox-title=\"Moraira\" data-e-action-hash=\"#elementor-action%3Aaction%3Dlightbox%26settings%3DeyJpZCI6NzI0OSwidXJsIjoiaHR0cHM6XC9cL2Nvc3RhYmxhbmNhLW1hZ2F6aW4uY29tXC93cC1jb250ZW50XC91cGxvYWRzXC8yMDI1XC8wNVwvTW9yYWlyYS5qcGciLCJzbGlkZXNob3ciOiJhNTQ0YmM0In0%3D\">\n\t\t\t\t\t<div class=\"e-gallery-image elementor-gallery-item__image\" data-thumbnail=\"https:\/\/costablanca-magazin.com\/wp-content\/uploads\/2025\/05\/Moraira.jpg\" data-width=\"1000\" data-height=\"750\" aria-label=\"Costa Blanca Mallorca 314\" role=\"img\" ><\/div>\n\t\t\t\t\t\t\t\t\t\t\t<div class=\"elementor-gallery-item__overlay\"><\/div>\n\t\t\t\t\t\t\t\t\t\t\t\t\t\t<\/a>\n\t\t\t\t\t\t\t<a class=\"e-gallery-item elementor-gallery-item elementor-animated-content\" href=\"https:\/\/costablanca-magazin.com\/wp-content\/uploads\/2025\/05\/20230407_114421.jpg\" data-elementor-open-lightbox=\"yes\" data-elementor-lightbox-slideshow=\"a544bc4\" data-elementor-lightbox-title=\"20230407_114421\" data-e-action-hash=\"#elementor-action%3Aaction%3Dlightbox%26settings%3DeyJpZCI6NzI0NiwidXJsIjoiaHR0cHM6XC9cL2Nvc3RhYmxhbmNhLW1hZ2F6aW4uY29tXC93cC1jb250ZW50XC91cGxvYWRzXC8yMDI1XC8wNVwvMjAyMzA0MDdfMTE0NDIxLmpwZyIsInNsaWRlc2hvdyI6ImE1NDRiYzQifQ%3D%3D\">\n\t\t\t\t\t<div class=\"e-gallery-image elementor-gallery-item__image\" data-thumbnail=\"https:\/\/costablanca-magazin.com\/wp-content\/uploads\/2025\/05\/20230407_114421.jpg\" data-width=\"750\" data-height=\"1000\" aria-label=\"Costa Blanca Mallorca 311\" role=\"img\" ><\/div>\n\t\t\t\t\t\t\t\t\t\t\t<div class=\"elementor-gallery-item__overlay\"><\/div>\n\t\t\t\t\t\t\t\t\t\t\t\t\t\t<\/a>\n\t\t\t\t\t\t\t<a class=\"e-gallery-item elementor-gallery-item elementor-animated-content\" href=\"https:\/\/costablanca-magazin.com\/wp-content\/uploads\/2025\/05\/20230407_113733.jpg\" data-elementor-open-lightbox=\"yes\" data-elementor-lightbox-slideshow=\"a544bc4\" data-elementor-lightbox-title=\"20230407_113733\" data-e-action-hash=\"#elementor-action%3Aaction%3Dlightbox%26settings%3DeyJpZCI6NzIzOCwidXJsIjoiaHR0cHM6XC9cL2Nvc3RhYmxhbmNhLW1hZ2F6aW4uY29tXC93cC1jb250ZW50XC91cGxvYWRzXC8yMDI1XC8wNVwvMjAyMzA0MDdfMTEzNzMzLmpwZyIsInNsaWRlc2hvdyI6ImE1NDRiYzQifQ%3D%3D\">\n\t\t\t\t\t<div class=\"e-gallery-image elementor-gallery-item__image\" data-thumbnail=\"https:\/\/costablanca-magazin.com\/wp-content\/uploads\/2025\/05\/20230407_113733.jpg\" data-width=\"1000\" data-height=\"750\" aria-label=\"Costa Blanca Mallorca 303\" role=\"img\" ><\/div>\n\t\t\t\t\t\t\t\t\t\t\t<div class=\"elementor-gallery-item__overlay\"><\/div>\n\t\t\t\t\t\t\t\t\t\t\t\t\t\t<\/a>\n\t\t\t\t\t\t\t<a class=\"e-gallery-item elementor-gallery-item elementor-animated-content\" href=\"https:\/\/costablanca-magazin.com\/wp-content\/uploads\/2025\/05\/20230407_114251.jpg\" data-elementor-open-lightbox=\"yes\" data-elementor-lightbox-slideshow=\"a544bc4\" data-elementor-lightbox-title=\"20230407_114251\" data-e-action-hash=\"#elementor-action%3Aaction%3Dlightbox%26settings%3DeyJpZCI6NzI0MywidXJsIjoiaHR0cHM6XC9cL2Nvc3RhYmxhbmNhLW1hZ2F6aW4uY29tXC93cC1jb250ZW50XC91cGxvYWRzXC8yMDI1XC8wNVwvMjAyMzA0MDdfMTE0MjUxLmpwZyIsInNsaWRlc2hvdyI6ImE1NDRiYzQifQ%3D%3D\">\n\t\t\t\t\t<div class=\"e-gallery-image elementor-gallery-item__image\" data-thumbnail=\"https:\/\/costablanca-magazin.com\/wp-content\/uploads\/2025\/05\/20230407_114251.jpg\" data-width=\"1000\" data-height=\"750\" aria-label=\"Costa Blanca Mallorca 308\" role=\"img\" ><\/div>\n\t\t\t\t\t\t\t\t\t\t\t<div class=\"elementor-gallery-item__overlay\"><\/div>\n\t\t\t\t\t\t\t\t\t\t\t\t\t\t<\/a>\n\t\t\t\t\t\t\t<a class=\"e-gallery-item elementor-gallery-item elementor-animated-content\" href=\"https:\/\/costablanca-magazin.com\/wp-content\/uploads\/2025\/05\/20230407_113751.jpg\" data-elementor-open-lightbox=\"yes\" data-elementor-lightbox-slideshow=\"a544bc4\" data-elementor-lightbox-title=\"20230407_113751\" data-e-action-hash=\"#elementor-action%3Aaction%3Dlightbox%26settings%3DeyJpZCI6NzIzOSwidXJsIjoiaHR0cHM6XC9cL2Nvc3RhYmxhbmNhLW1hZ2F6aW4uY29tXC93cC1jb250ZW50XC91cGxvYWRzXC8yMDI1XC8wNVwvMjAyMzA0MDdfMTEzNzUxLmpwZyIsInNsaWRlc2hvdyI6ImE1NDRiYzQifQ%3D%3D\">\n\t\t\t\t\t<div class=\"e-gallery-image elementor-gallery-item__image\" data-thumbnail=\"https:\/\/costablanca-magazin.com\/wp-content\/uploads\/2025\/05\/20230407_113751.jpg\" data-width=\"750\" data-height=\"1000\" aria-label=\"Costa Blanca Mallorca 304\" role=\"img\" ><\/div>\n\t\t\t\t\t\t\t\t\t\t\t<div class=\"elementor-gallery-item__overlay\"><\/div>\n\t\t\t\t\t\t\t\t\t\t\t\t\t\t<\/a>\n\t\t\t\t\t\t\t<a class=\"e-gallery-item elementor-gallery-item elementor-animated-content\" href=\"https:\/\/costablanca-magazin.com\/wp-content\/uploads\/2025\/05\/20230407_114104.jpg\" data-elementor-open-lightbox=\"yes\" data-elementor-lightbox-slideshow=\"a544bc4\" data-elementor-lightbox-title=\"20230407_114104\" data-e-action-hash=\"#elementor-action%3Aaction%3Dlightbox%26settings%3DeyJpZCI6NzI0MSwidXJsIjoiaHR0cHM6XC9cL2Nvc3RhYmxhbmNhLW1hZ2F6aW4uY29tXC93cC1jb250ZW50XC91cGxvYWRzXC8yMDI1XC8wNVwvMjAyMzA0MDdfMTE0MTA0LmpwZyIsInNsaWRlc2hvdyI6ImE1NDRiYzQifQ%3D%3D\">\n\t\t\t\t\t<div class=\"e-gallery-image elementor-gallery-item__image\" data-thumbnail=\"https:\/\/costablanca-magazin.com\/wp-content\/uploads\/2025\/05\/20230407_114104.jpg\" data-width=\"1000\" data-height=\"750\" aria-label=\"Costa Blanca Mallorca 306\" role=\"img\" ><\/div>\n\t\t\t\t\t\t\t\t\t\t\t<div class=\"elementor-gallery-item__overlay\"><\/div>\n\t\t\t\t\t\t\t\t\t\t\t\t\t\t<\/a>\n\t\t\t\t\t\t\t<a class=\"e-gallery-item elementor-gallery-item elementor-animated-content\" href=\"https:\/\/costablanca-magazin.com\/wp-content\/uploads\/2025\/05\/20230407_114548.jpg\" data-elementor-open-lightbox=\"yes\" data-elementor-lightbox-slideshow=\"a544bc4\" data-elementor-lightbox-title=\"20230407_114548\" data-e-action-hash=\"#elementor-action%3Aaction%3Dlightbox%26settings%3DeyJpZCI6NzI0OCwidXJsIjoiaHR0cHM6XC9cL2Nvc3RhYmxhbmNhLW1hZ2F6aW4uY29tXC93cC1jb250ZW50XC91cGxvYWRzXC8yMDI1XC8wNVwvMjAyMzA0MDdfMTE0NTQ4LmpwZyIsInNsaWRlc2hvdyI6ImE1NDRiYzQifQ%3D%3D\">\n\t\t\t\t\t<div class=\"e-gallery-image elementor-gallery-item__image\" data-thumbnail=\"https:\/\/costablanca-magazin.com\/wp-content\/uploads\/2025\/05\/20230407_114548.jpg\" data-width=\"1000\" data-height=\"750\" aria-label=\"Costa Blanca Mallorca 313\" role=\"img\" ><\/div>\n\t\t\t\t\t\t\t\t\t\t\t<div class=\"elementor-gallery-item__overlay\"><\/div>\n\t\t\t\t\t\t\t\t\t\t\t\t\t\t<\/a>\n\t\t\t\t\t\t\t<a class=\"e-gallery-item elementor-gallery-item elementor-animated-content\" href=\"https:\/\/costablanca-magazin.com\/wp-content\/uploads\/2025\/05\/20230407_113944.jpg\" data-elementor-open-lightbox=\"yes\" data-elementor-lightbox-slideshow=\"a544bc4\" data-elementor-lightbox-title=\"20230407_113944\" data-e-action-hash=\"#elementor-action%3Aaction%3Dlightbox%26settings%3DeyJpZCI6NzI0MCwidXJsIjoiaHR0cHM6XC9cL2Nvc3RhYmxhbmNhLW1hZ2F6aW4uY29tXC93cC1jb250ZW50XC91cGxvYWRzXC8yMDI1XC8wNVwvMjAyMzA0MDdfMTEzOTQ0LmpwZyIsInNsaWRlc2hvdyI6ImE1NDRiYzQifQ%3D%3D\">\n\t\t\t\t\t<div class=\"e-gallery-image elementor-gallery-item__image\" data-thumbnail=\"https:\/\/costablanca-magazin.com\/wp-content\/uploads\/2025\/05\/20230407_113944.jpg\" data-width=\"1000\" data-height=\"750\" aria-label=\"Costa Blanca Mallorca 305\" role=\"img\" ><\/div>\n\t\t\t\t\t\t\t\t\t\t\t<div class=\"elementor-gallery-item__overlay\"><\/div>\n\t\t\t\t\t\t\t\t\t\t\t\t\t\t<\/a>\n\t\t\t\t\t\t\t<a class=\"e-gallery-item elementor-gallery-item elementor-animated-content\" href=\"https:\/\/costablanca-magazin.com\/wp-content\/uploads\/2025\/05\/20230407_114403.jpg\" data-elementor-open-lightbox=\"yes\" data-elementor-lightbox-slideshow=\"a544bc4\" data-elementor-lightbox-title=\"20230407_114403\" data-e-action-hash=\"#elementor-action%3Aaction%3Dlightbox%26settings%3DeyJpZCI6NzI0NSwidXJsIjoiaHR0cHM6XC9cL2Nvc3RhYmxhbmNhLW1hZ2F6aW4uY29tXC93cC1jb250ZW50XC91cGxvYWRzXC8yMDI1XC8wNVwvMjAyMzA0MDdfMTE0NDAzLmpwZyIsInNsaWRlc2hvdyI6ImE1NDRiYzQifQ%3D%3D\">\n\t\t\t\t\t<div class=\"e-gallery-image elementor-gallery-item__image\" data-thumbnail=\"https:\/\/costablanca-magazin.com\/wp-content\/uploads\/2025\/05\/20230407_114403.jpg\" data-width=\"1000\" data-height=\"750\" aria-label=\"Costa Blanca Mallorca 310\" role=\"img\" ><\/div>\n\t\t\t\t\t\t\t\t\t\t\t<div class=\"elementor-gallery-item__overlay\"><\/div>\n\t\t\t\t\t\t\t\t\t\t\t\t\t\t<\/a>\n\t\t\t\t\t\t\t<a class=\"e-gallery-item elementor-gallery-item elementor-animated-content\" href=\"https:\/\/costablanca-magazin.com\/wp-content\/uploads\/2025\/05\/20230407_113704.jpg\" data-elementor-open-lightbox=\"yes\" data-elementor-lightbox-slideshow=\"a544bc4\" data-elementor-lightbox-title=\"20230407_113704\" data-e-action-hash=\"#elementor-action%3Aaction%3Dlightbox%26settings%3DeyJpZCI6NzIzNywidXJsIjoiaHR0cHM6XC9cL2Nvc3RhYmxhbmNhLW1hZ2F6aW4uY29tXC93cC1jb250ZW50XC91cGxvYWRzXC8yMDI1XC8wNVwvMjAyMzA0MDdfMTEzNzA0LmpwZyIsInNsaWRlc2hvdyI6ImE1NDRiYzQifQ%3D%3D\">\n\t\t\t\t\t<div class=\"e-gallery-image elementor-gallery-item__image\" data-thumbnail=\"https:\/\/costablanca-magazin.com\/wp-content\/uploads\/2025\/05\/20230407_113704.jpg\" data-width=\"1000\" data-height=\"750\" aria-label=\"Costa Blanca Mallorca 302\" role=\"img\" ><\/div>\n\t\t\t\t\t\t\t\t\t\t\t<div class=\"elementor-gallery-item__overlay\"><\/div>\n\t\t\t\t\t\t\t\t\t\t\t\t\t\t<\/a>\n\t\t\t\t\t\t\t<a class=\"e-gallery-item elementor-gallery-item elementor-animated-content\" href=\"https:\/\/costablanca-magazin.com\/wp-content\/uploads\/2025\/05\/20230407_114429.jpg\" data-elementor-open-lightbox=\"yes\" data-elementor-lightbox-slideshow=\"a544bc4\" data-elementor-lightbox-title=\"20230407_114429\" data-e-action-hash=\"#elementor-action%3Aaction%3Dlightbox%26settings%3DeyJpZCI6NzI0NywidXJsIjoiaHR0cHM6XC9cL2Nvc3RhYmxhbmNhLW1hZ2F6aW4uY29tXC93cC1jb250ZW50XC91cGxvYWRzXC8yMDI1XC8wNVwvMjAyMzA0MDdfMTE0NDI5LmpwZyIsInNsaWRlc2hvdyI6ImE1NDRiYzQifQ%3D%3D\">\n\t\t\t\t\t<div class=\"e-gallery-image elementor-gallery-item__image\" data-thumbnail=\"https:\/\/costablanca-magazin.com\/wp-content\/uploads\/2025\/05\/20230407_114429.jpg\" data-width=\"1000\" data-height=\"750\" aria-label=\"Costa Blanca Mallorca 312\" role=\"img\" ><\/div>\n\t\t\t\t\t\t\t\t\t\t\t<div class=\"elementor-gallery-item__overlay\"><\/div>\n\t\t\t\t\t\t\t\t\t\t\t\t\t\t<\/a>\n\t\t\t\t\t<\/div>\n\t\t\t\t\t<\/div>\n\t\t\t\t<\/div>\n\t\t\t\t<\/div>\n\t\t\t\t\t<\/div>\n\t\t\t\t<\/div>\n\t\t<div class=\"elementor-element elementor-element-6af59e2 e-flex e-con-boxed e-con e-parent\" data-id=\"6af59e2\" data-element_type=\"container\" data-e-type=\"container\">\n\t\t\t\t\t<div class=\"e-con-inner\">\n\t\t\t\t<div class=\"elementor-element elementor-element-31da52b elementor-grid-3 elementor-grid-tablet-2 elementor-grid-mobile-1 elementor-posts--thumbnail-top elementor-posts--show-avatar elementor-card-shadow-yes elementor-posts__hover-gradient elementor-widget elementor-widget-posts\" data-id=\"31da52b\" data-element_type=\"widget\" data-e-type=\"widget\" data-settings=\"{&quot;cards_columns&quot;:&quot;3&quot;,&quot;cards_columns_tablet&quot;:&quot;2&quot;,&quot;cards_columns_mobile&quot;:&quot;1&quot;,&quot;cards_row_gap&quot;:{&quot;unit&quot;:&quot;px&quot;,&quot;size&quot;:35,&quot;sizes&quot;:[]},&quot;cards_row_gap_tablet&quot;:{&quot;unit&quot;:&quot;px&quot;,&quot;size&quot;:&quot;&quot;,&quot;sizes&quot;:[]},&quot;cards_row_gap_mobile&quot;:{&quot;unit&quot;:&quot;px&quot;,&quot;size&quot;:&quot;&quot;,&quot;sizes&quot;:[]}}\" data-widget_type=\"posts.cards\">\n\t\t\t\t<div class=\"elementor-widget-container\">\n\t\t\t\t\t\t\t<div class=\"elementor-posts-container elementor-posts elementor-posts--skin-cards elementor-grid\" role=\"list\">\n\t\t\t\t<article class=\"elementor-post elementor-grid-item post-5263 post type-post status-publish format-standard has-post-thumbnail hentry category-tiere-natur tag-buerokratie tag-kiefernsterben tag-klimawande tag-naturschutz tag-schaedlinge tag-sierra-helada tag-trockenheit tag-waldbraende tag-waldsterben tag-wiederaufforstung\" role=\"listitem\">\n\t\t\t<div class=\"elementor-post__card\">\n\t\t\t\t<a class=\"elementor-post__thumbnail__link\" href=\"https:\/\/costablanca-magazin.com\/es\/residenten\/tiere-natur\/sterbende-kiefernwaelder-costa-blanca-oekosystem-im-umbruch\/\" tabindex=\"-1\" ><div class=\"elementor-post__thumbnail\"><img fetchpriority=\"high\" decoding=\"async\" width=\"1536\" height=\"1152\" src=\"https:\/\/costablanca-magazin.com\/wp-content\/uploads\/2025\/03\/20250309_103319-1536x1152.jpg\" class=\"attachment-1536x1536 size-1536x1536 wp-image-5281\" alt=\"Bosques de pinos moribundos en la Costa Blanca: un ecosistema en un punto de inflexi\u00f3n 17\" srcset=\"https:\/\/costablanca-magazin.com\/wp-content\/uploads\/2025\/03\/20250309_103319-1536x1152.jpg 1536w, https:\/\/costablanca-magazin.com\/wp-content\/uploads\/2025\/03\/20250309_103319-300x225.jpg 300w, https:\/\/costablanca-magazin.com\/wp-content\/uploads\/2025\/03\/20250309_103319-1024x768.jpg 1024w, https:\/\/costablanca-magazin.com\/wp-content\/uploads\/2025\/03\/20250309_103319-768x576.jpg 768w, https:\/\/costablanca-magazin.com\/wp-content\/uploads\/2025\/03\/20250309_103319-2048x1536.jpg 2048w\" sizes=\"(max-width: 1536px) 100vw, 1536px\" \/><\/div><\/a>\n\t\t\t\t<div class=\"elementor-post__badge\">Animales y naturaleza<\/div>\n\t\t\t\t<div class=\"elementor-post__avatar\">\n\t\t\t\t\t<\/div>\n\t\t\t\t<div class=\"elementor-post__text\">\n\t\t\t\t<h2 class=\"elementor-post__title\">\n\t\t\t<a href=\"https:\/\/costablanca-magazin.com\/es\/residenten\/tiere-natur\/sterbende-kiefernwaelder-costa-blanca-oekosystem-im-umbruch\/\" >\n\t\t\t\tBosques de pinos moribundos en la Costa Blanca: ecosistema convulso\t\t\t<\/a>\n\t\t<\/h2>\n\t\t\t\t<\/div>\n\t\t\t\t\t<\/div>\n\t\t<\/article>\n\t\t\t\t<article class=\"elementor-post elementor-grid-item post-11337 post type-post status-publish format-standard has-post-thumbnail hentry category-veranstaltungen-events tag-altea-veranstaltungen tag-april-costa-blanca tag-denia-veranstaltungen tag-events-costa-blanca-2026 tag-ostern-costa-blanca tag-semana-santa-costa-blanca tag-veranstaltungen-costa-blanca\" role=\"listitem\">\n\t\t\t<div class=\"elementor-post__card\">\n\t\t\t\t<a class=\"elementor-post__thumbnail__link\" href=\"https:\/\/costablanca-magazin.com\/es\/freizeit\/veranstaltungen-events\/april-an-der-costa-blanca-events-und-ostern-2026\/\" tabindex=\"-1\" ><div class=\"elementor-post__thumbnail\"><img decoding=\"async\" width=\"1536\" height=\"1026\" src=\"https:\/\/costablanca-magazin.com\/wp-content\/uploads\/2026\/04\/crowd-in-costumes-in-semana-santa-festival-capture-2026-03-18-07-56-36-utc-1536x1026.jpeg\" class=\"attachment-1536x1536 size-1536x1536 wp-image-11338\" alt=\"Abril en la Costa Blanca: eventos, Semana Santa y eventos 2026\" srcset=\"https:\/\/costablanca-magazin.com\/wp-content\/uploads\/2026\/04\/crowd-in-costumes-in-semana-santa-festival-capture-2026-03-18-07-56-36-utc-1536x1026.jpeg 1536w, https:\/\/costablanca-magazin.com\/wp-content\/uploads\/2026\/04\/crowd-in-costumes-in-semana-santa-festival-capture-2026-03-18-07-56-36-utc-300x200.jpeg 300w, https:\/\/costablanca-magazin.com\/wp-content\/uploads\/2026\/04\/crowd-in-costumes-in-semana-santa-festival-capture-2026-03-18-07-56-36-utc-1024x684.jpeg 1024w, https:\/\/costablanca-magazin.com\/wp-content\/uploads\/2026\/04\/crowd-in-costumes-in-semana-santa-festival-capture-2026-03-18-07-56-36-utc-768x513.jpeg 768w, https:\/\/costablanca-magazin.com\/wp-content\/uploads\/2026\/04\/crowd-in-costumes-in-semana-santa-festival-capture-2026-03-18-07-56-36-utc-2048x1368.jpeg 2048w, https:\/\/costablanca-magazin.com\/wp-content\/uploads\/2026\/04\/crowd-in-costumes-in-semana-santa-festival-capture-2026-03-18-07-56-36-utc-18x12.jpeg 18w\" sizes=\"(max-width: 1536px) 100vw, 1536px\" \/><\/div><\/a>\n\t\t\t\t<div class=\"elementor-post__badge\">Eventos<\/div>\n\t\t\t\t<div class=\"elementor-post__avatar\">\n\t\t\t\t\t<\/div>\n\t\t\t\t<div class=\"elementor-post__text\">\n\t\t\t\t<h2 class=\"elementor-post__title\">\n\t\t\t<a href=\"https:\/\/costablanca-magazin.com\/es\/freizeit\/veranstaltungen-events\/april-an-der-costa-blanca-events-und-ostern-2026\/\" >\n\t\t\t\tAbril en la Costa Blanca - Eventos y Semana Santa 2026\t\t\t<\/a>\n\t\t<\/h2>\n\t\t\t\t<\/div>\n\t\t\t\t\t<\/div>\n\t\t<\/article>\n\t\t\t\t<article class=\"elementor-post elementor-grid-item post-11423 post type-post status-publish format-standard has-post-thumbnail hentry category-veranstaltungen-events tag-fiestas-costa-blanca-2026 tag-moros-y-cristianos-benidorm tag-moros-y-cristianos-costa-blanca-2026 tag-moros-y-cristianos-denia tag-moros-y-cristianos-termine-2026 tag-moros-y-cristianos-villajoyosa\" role=\"listitem\">\n\t\t\t<div class=\"elementor-post__card\">\n\t\t\t\t<a class=\"elementor-post__thumbnail__link\" href=\"https:\/\/costablanca-magazin.com\/es\/freizeit\/veranstaltungen-events\/moros-y-cristianos-costa-blanca-2026-termine-und-feste\/\" tabindex=\"-1\" ><div class=\"elementor-post__thumbnail\"><img decoding=\"async\" width=\"1200\" height=\"539\" src=\"https:\/\/costablanca-magazin.com\/wp-content\/uploads\/2025\/09\/calpe-moros.jpg\" class=\"attachment-1536x1536 size-1536x1536 wp-image-8738\" alt=\"Calpe moros y cristianos\" srcset=\"https:\/\/costablanca-magazin.com\/wp-content\/uploads\/2025\/09\/calpe-moros.jpg 1200w, https:\/\/costablanca-magazin.com\/wp-content\/uploads\/2025\/09\/calpe-moros-300x135.jpg 300w, https:\/\/costablanca-magazin.com\/wp-content\/uploads\/2025\/09\/calpe-moros-1024x460.jpg 1024w, https:\/\/costablanca-magazin.com\/wp-content\/uploads\/2025\/09\/calpe-moros-768x345.jpg 768w\" sizes=\"(max-width: 1200px) 100vw, 1200px\" \/><\/div><\/a>\n\t\t\t\t<div class=\"elementor-post__badge\">Eventos<\/div>\n\t\t\t\t<div class=\"elementor-post__avatar\">\n\t\t\t\t\t<\/div>\n\t\t\t\t<div class=\"elementor-post__text\">\n\t\t\t\t<h2 class=\"elementor-post__title\">\n\t\t\t<a href=\"https:\/\/costablanca-magazin.com\/es\/freizeit\/veranstaltungen-events\/moros-y-cristianos-costa-blanca-2026-termine-und-feste\/\" >\n\t\t\t\tMoros y Cristianos Costa Blanca 2026 - Fechas y festividades\t\t\t<\/a>\n\t\t<\/h2>\n\t\t\t\t<\/div>\n\t\t\t\t\t<\/div>\n\t\t<\/article>\n\t\t\t\t<\/div>\n\t\t\n\t\t\t\t\t\t<\/div>\n\t\t\t\t<\/div>\n\t\t\t\t\t<\/div>\n\t\t\t\t<\/div>\n\t\t\t\t<\/div>","protected":false},"excerpt":{"rendered":"<p>Moraira \u2013 Strandpromenade, Yachthafen und genussvolle Gastronomie K\u00fcstenleben mit Stil, Ruhe und Qualit\u00e4t Moraira, ein Ortsteil der Gemeinde Teulada, liegt an einem der ruhigeren und landschaftlich reizvollsten K\u00fcstenabschnitte der n\u00f6rdlichen Costa Blanca. Die ehemalige Fischersiedlung hat sich zu einem gepflegten Wohnort mit internationaler Pr\u00e4gung entwickelt \u2013 ohne dabei ihre Authentizit\u00e4t<\/p>","protected":false},"author":1,"featured_media":0,"parent":0,"menu_order":0,"comment_status":"closed","ping_status":"closed","template":"elementor_header_footer","meta":{"om_disable_all_campaigns":false,"_monsterinsights_skip_tracking":false,"_monsterinsights_sitenote_active":false,"_monsterinsights_sitenote_note":"","_monsterinsights_sitenote_category":0,"footnotes":""},"class_list":["post-4674","page","type-page","status-publish","hentry"],"aioseo_notices":[],"_links":{"self":[{"href":"https:\/\/costablanca-magazin.com\/es\/wp-json\/wp\/v2\/pages\/4674","targetHints":{"allow":["GET"]}}],"collection":[{"href":"https:\/\/costablanca-magazin.com\/es\/wp-json\/wp\/v2\/pages"}],"about":[{"href":"https:\/\/costablanca-magazin.com\/es\/wp-json\/wp\/v2\/types\/page"}],"author":[{"embeddable":true,"href":"https:\/\/costablanca-magazin.com\/es\/wp-json\/wp\/v2\/users\/1"}],"replies":[{"embeddable":true,"href":"https:\/\/costablanca-magazin.com\/es\/wp-json\/wp\/v2\/comments?post=4674"}],"version-history":[{"count":34,"href":"https:\/\/costablanca-magazin.com\/es\/wp-json\/wp\/v2\/pages\/4674\/revisions"}],"predecessor-version":[{"id":11011,"href":"https:\/\/costablanca-magazin.com\/es\/wp-json\/wp\/v2\/pages\/4674\/revisions\/11011"}],"wp:attachment":[{"href":"https:\/\/costablanca-magazin.com\/es\/wp-json\/wp\/v2\/media?parent=4674"}],"curies":[{"name":"wp","href":"https:\/\/api.w.org\/{rel}","templated":true}]}}