{"id":4669,"date":"2025-01-21T09:32:50","date_gmt":"2025-01-21T08:32:50","guid":{"rendered":"https:\/\/costablanca-magazin.com\/?page_id=4669"},"modified":"2026-03-09T08:17:09","modified_gmt":"2026-03-09T07:17:09","slug":"javea","status":"publish","type":"page","link":"https:\/\/costablanca-magazin.com\/es\/javea\/","title":{"rendered":"Javea"},"content":{"rendered":"<div data-elementor-type=\"wp-page\" data-elementor-id=\"4669\" class=\"elementor elementor-4669\" data-elementor-post-type=\"page\">\n\t\t\t\t<div class=\"elementor-element elementor-element-f90fc23 e-flex e-con-boxed e-con e-parent\" data-id=\"f90fc23\" data-element_type=\"container\" data-e-type=\"container\">\n\t\t\t\t\t<div class=\"e-con-inner\">\n\t\t\t\t<div class=\"elementor-element elementor-element-b760503 elementor-widget elementor-widget-heading\" data-id=\"b760503\" data-element_type=\"widget\" data-e-type=\"widget\" data-widget_type=\"heading.default\">\n\t\t\t\t<div class=\"elementor-widget-container\">\n\t\t\t\t\t<h1 class=\"elementor-heading-title elementor-size-default\">J\u00e1vea - playas familiares, Cabo Montg\u00f3 y deportes n\u00e1uticos<\/h1>\t\t\t\t<\/div>\n\t\t\t\t<\/div>\n\t\t\t\t\t<\/div>\n\t\t\t\t<\/div>\n\t\t<div class=\"elementor-element elementor-element-7349328 e-flex e-con-boxed e-con e-parent\" data-id=\"7349328\" data-element_type=\"container\" data-e-type=\"container\">\n\t\t\t\t\t<div class=\"e-con-inner\">\n\t\t\t\t<div class=\"elementor-element elementor-element-ed548cc elementor-widget elementor-widget-heading\" data-id=\"ed548cc\" data-element_type=\"widget\" data-e-type=\"widget\" data-widget_type=\"heading.default\">\n\t\t\t\t<div class=\"elementor-widget-container\">\n\t\t\t\t\t<h2 class=\"elementor-heading-title elementor-size-default\">Ciudad costera con tres caras y un alto nivel de vida<\/h2>\t\t\t\t<\/div>\n\t\t\t\t<\/div>\n\t\t\t\t<div class=\"elementor-element elementor-element-3b17d95 elementor-widget elementor-widget-text-editor\" data-id=\"3b17d95\" data-element_type=\"widget\" data-e-type=\"widget\" data-widget_type=\"text-editor.default\">\n\t\t\t\t<div class=\"elementor-widget-container\">\n\t\t\t\t\t\t\t\t\t<p>J\u00e1vea, o X\u00e0bia en valenciano, es uno de los lugares m\u00e1s diversos de la Costa Blanca. La ciudad combina tres zonas claramente diferenciadas: el centro hist\u00f3rico en el interior, el puerto deportivo con su ambiente de ciudad antigua junto al mar y el moderno barrio de la playa del Arenal con su paseo mar\u00edtimo y su infraestructura tur\u00edstica. Esta estructura hace que J\u00e1vea sea especialmente viable para los residentes, ya que ofrece tanto aut\u00e9ntica vida comunitaria como modernas instalaciones y mucho espacio para el retiro.<\/p><p class=\"aih1words\">Con sus playas familiares, el impresionante Cabo Montg\u00f3 y numerosas opciones para practicar deportes acu\u00e1ticos, J\u00e1vea ofrece el escenario ideal para pasar unos d\u00edas relajados junto al mar y realizar excursiones activas.<\/p><p><!-- ai-h1words --><\/p><p>J\u00e1vea ofrece una mezcla perfecta de relax y aventura con sus playas familiares, los espectaculares acantilados del Cabo Montg\u00f3 y deliciosas actividades acu\u00e1ticas.<\/p><p><!-- \/ai-h1words --><\/p><p>La ciudad est\u00e1 abrigada entre los cabos de Sant Antoni y de la Nau, lo que le confiere un microclima especialmente suave, uno de los mejores de Europa, seg\u00fan la OMS.<\/p>\t\t\t\t\t\t\t\t<\/div>\n\t\t\t\t<\/div>\n\t\t\t\t\t<\/div>\n\t\t\t\t<\/div>\n\t\t<div class=\"elementor-element elementor-element-53b32b8 e-flex e-con-boxed e-con e-parent\" data-id=\"53b32b8\" data-element_type=\"container\" data-e-type=\"container\">\n\t\t\t\t\t<div class=\"e-con-inner\">\n\t\t<div class=\"elementor-element elementor-element-2c950a6 e-con-full e-flex e-con e-child\" data-id=\"2c950a6\" data-element_type=\"container\" data-e-type=\"container\">\n\t\t\t\t<div class=\"elementor-element elementor-element-8d3b2db elementor-widget__width-initial elementor-widget elementor-widget-gallery\" data-id=\"8d3b2db\" data-element_type=\"widget\" data-e-type=\"widget\" data-settings=\"{&quot;columns&quot;:1,&quot;aspect_ratio&quot;:&quot;16:9&quot;,&quot;lazyload&quot;:&quot;yes&quot;,&quot;gallery_layout&quot;:&quot;grid&quot;,&quot;columns_tablet&quot;:2,&quot;columns_mobile&quot;:1,&quot;gap&quot;:{&quot;unit&quot;:&quot;px&quot;,&quot;size&quot;:10,&quot;sizes&quot;:[]},&quot;gap_tablet&quot;:{&quot;unit&quot;:&quot;px&quot;,&quot;size&quot;:10,&quot;sizes&quot;:[]},&quot;gap_mobile&quot;:{&quot;unit&quot;:&quot;px&quot;,&quot;size&quot;:10,&quot;sizes&quot;:[]},&quot;link_to&quot;:&quot;file&quot;,&quot;overlay_background&quot;:&quot;yes&quot;,&quot;content_hover_animation&quot;:&quot;fade-in&quot;}\" data-widget_type=\"gallery.default\">\n\t\t\t\t<div class=\"elementor-widget-container\">\n\t\t\t\t\t\t\t<div class=\"elementor-gallery__container\">\n\t\t\t\t\t\t\t<a class=\"e-gallery-item elementor-gallery-item elementor-animated-content\" href=\"https:\/\/costablanca-magazin.com\/wp-content\/uploads\/2025\/05\/20230407_103654.jpg\" data-elementor-open-lightbox=\"yes\" data-elementor-lightbox-slideshow=\"8d3b2db\" data-elementor-lightbox-title=\"20230407_103654\" data-e-action-hash=\"#elementor-action%3Aaction%3Dlightbox%26settings%3DeyJpZCI6NzE5OCwidXJsIjoiaHR0cHM6XC9cL2Nvc3RhYmxhbmNhLW1hZ2F6aW4uY29tXC93cC1jb250ZW50XC91cGxvYWRzXC8yMDI1XC8wNVwvMjAyMzA0MDdfMTAzNjU0LmpwZyIsInNsaWRlc2hvdyI6IjhkM2IyZGIifQ%3D%3D\">\n\t\t\t\t\t<div class=\"e-gallery-image elementor-gallery-item__image\" data-thumbnail=\"https:\/\/costablanca-magazin.com\/wp-content\/uploads\/2025\/05\/20230407_103654.jpg\" data-width=\"1000\" data-height=\"750\" aria-label=\"Costa Blanca Mallorca 283\" role=\"img\" ><\/div>\n\t\t\t\t\t\t\t\t\t\t\t<div class=\"elementor-gallery-item__overlay\"><\/div>\n\t\t\t\t\t\t\t\t\t\t\t\t\t\t<\/a>\n\t\t\t\t\t<\/div>\n\t\t\t\t\t<\/div>\n\t\t\t\t<\/div>\n\t\t\t\t<\/div>\n\t\t<div class=\"elementor-element elementor-element-04c3a8d e-con-full e-flex e-con e-child\" data-id=\"04c3a8d\" data-element_type=\"container\" data-e-type=\"container\">\n\t\t\t\t<div class=\"elementor-element elementor-element-d18fe5d elementor-widget elementor-widget-heading\" data-id=\"d18fe5d\" data-element_type=\"widget\" data-e-type=\"widget\" data-widget_type=\"heading.default\">\n\t\t\t\t<div class=\"elementor-widget-container\">\n\t\t\t\t\t<h3 class=\"elementor-heading-title elementor-size-default\">Desarrollo urbano e historia<\/h3>\t\t\t\t<\/div>\n\t\t\t\t<\/div>\n\t\t\t\t<div class=\"elementor-element elementor-element-15a12ef elementor-widget__width-initial elementor-widget elementor-widget-text-editor\" data-id=\"15a12ef\" data-element_type=\"widget\" data-e-type=\"widget\" data-widget_type=\"text-editor.default\">\n\t\t\t\t<div class=\"elementor-widget-container\">\n\t\t\t\t\t\t\t\t\t<p>La ciudad tiene ra\u00edces ib\u00e9ricas y romanas y fue durante mucho tiempo un centro fortificado de comercio y pesca. La estructura actual con tres distritos -el casco antiguo, el puerto y el Arenal- se cre\u00f3 en el siglo XX. En los a\u00f1os 70, J\u00e1vea creci\u00f3 gracias a los residentes extranjeros, pero se libr\u00f3 en gran medida de un desarrollo ca\u00f3tico. La limitaci\u00f3n del volumen edificable y la protecci\u00f3n del macizo del Montg\u00f3 muestran la aspiraci\u00f3n de J\u00e1vea de posicionarse como una ciudad costera estructurada, amante de la naturaleza y con una alta calidad de vida.<\/p>\t\t\t\t\t\t\t\t<\/div>\n\t\t\t\t<\/div>\n\t\t\t\t<\/div>\n\t\t\t\t\t<\/div>\n\t\t\t\t<\/div>\n\t\t<div class=\"elementor-element elementor-element-e496905 e-flex e-con-boxed e-con e-parent\" data-id=\"e496905\" data-element_type=\"container\" data-e-type=\"container\">\n\t\t\t\t\t<div class=\"e-con-inner\">\n\t\t<div class=\"elementor-element elementor-element-8fea29b e-con-full e-flex e-con e-child\" data-id=\"8fea29b\" data-element_type=\"container\" data-e-type=\"container\">\n\t\t\t\t<div class=\"elementor-element elementor-element-bf76fd7 elementor-widget elementor-widget-heading\" data-id=\"bf76fd7\" data-element_type=\"widget\" data-e-type=\"widget\" data-widget_type=\"heading.default\">\n\t\t\t\t<div class=\"elementor-widget-container\">\n\t\t\t\t\t<h4 class=\"elementor-heading-title elementor-size-default\">Tres barrios: un organismo que funciona<\/h4>\t\t\t\t<\/div>\n\t\t\t\t<\/div>\n\t\t\t\t<div class=\"elementor-element elementor-element-d0bc75e elementor-widget elementor-widget-text-editor\" data-id=\"d0bc75e\" data-element_type=\"widget\" data-e-type=\"widget\" data-widget_type=\"text-editor.default\">\n\t\t\t\t<div class=\"elementor-widget-container\">\n\t\t\t\t\t\t\t\t\t<ol><li><strong>Centro Hist\u00f3rico<\/strong>Situado en el interior, con edificios g\u00f3ticos, calles estrechas, peque\u00f1as plazas y mercados locales. Aqu\u00ed late el coraz\u00f3n tradicional de X\u00e0bia, con administraci\u00f3n municipal, m\u00e9dicos, bancos, escuelas y comercios.<\/li><li><strong>Barrio portuario (Duanes de la Mar)<\/strong>Vida cotidiana mediterr\u00e1nea con paseo mar\u00edtimo, caf\u00e9s, pesca, iglesia y mercado. Popular entre los lugare\u00f1os y residentes que quieren vivir a poca distancia.<\/li><li><strong>Playa del Arenal<\/strong>Moderno paseo mar\u00edtimo con restaurantes, instalaciones de ocio y apartamentos, especialmente popular entre familias y residentes estacionales.<\/li><\/ol><p>Las tres zonas est\u00e1n conectadas por una red de transporte que funciona y <strong>Animado todo el a\u00f1o<\/strong> - sin \u201ehibernaci\u00f3n\u201c como en algunos centros tur\u00edsticos costeros.<\/p>\t\t\t\t\t\t\t\t<\/div>\n\t\t\t\t<\/div>\n\t\t\t\t<\/div>\n\t\t<div class=\"elementor-element elementor-element-d15b877 e-con-full e-flex e-con e-child\" data-id=\"d15b877\" data-element_type=\"container\" data-e-type=\"container\">\n\t\t\t\t<div class=\"elementor-element elementor-element-f1663a0 elementor-widget elementor-widget-gallery\" data-id=\"f1663a0\" data-element_type=\"widget\" data-e-type=\"widget\" data-settings=\"{&quot;columns&quot;:1,&quot;gap&quot;:{&quot;unit&quot;:&quot;px&quot;,&quot;size&quot;:0,&quot;sizes&quot;:[]},&quot;aspect_ratio&quot;:&quot;4:3&quot;,&quot;lazyload&quot;:&quot;yes&quot;,&quot;gallery_layout&quot;:&quot;grid&quot;,&quot;columns_tablet&quot;:2,&quot;columns_mobile&quot;:1,&quot;gap_tablet&quot;:{&quot;unit&quot;:&quot;px&quot;,&quot;size&quot;:10,&quot;sizes&quot;:[]},&quot;gap_mobile&quot;:{&quot;unit&quot;:&quot;px&quot;,&quot;size&quot;:10,&quot;sizes&quot;:[]},&quot;link_to&quot;:&quot;file&quot;,&quot;overlay_background&quot;:&quot;yes&quot;,&quot;content_hover_animation&quot;:&quot;fade-in&quot;}\" data-widget_type=\"gallery.default\">\n\t\t\t\t<div class=\"elementor-widget-container\">\n\t\t\t\t\t\t\t<div class=\"elementor-gallery__container\">\n\t\t\t\t\t\t\t<a class=\"e-gallery-item elementor-gallery-item elementor-animated-content\" href=\"https:\/\/costablanca-magazin.com\/wp-content\/uploads\/2025\/05\/20230407_103420.jpg\" data-elementor-open-lightbox=\"yes\" data-elementor-lightbox-slideshow=\"f1663a0\" data-elementor-lightbox-title=\"20230407_103420\" data-e-action-hash=\"#elementor-action%3Aaction%3Dlightbox%26settings%3DeyJpZCI6NzE5MywidXJsIjoiaHR0cHM6XC9cL2Nvc3RhYmxhbmNhLW1hZ2F6aW4uY29tXC93cC1jb250ZW50XC91cGxvYWRzXC8yMDI1XC8wNVwvMjAyMzA0MDdfMTAzNDIwLmpwZyIsInNsaWRlc2hvdyI6ImYxNjYzYTAifQ%3D%3D\">\n\t\t\t\t\t<div class=\"e-gallery-image elementor-gallery-item__image\" data-thumbnail=\"https:\/\/costablanca-magazin.com\/wp-content\/uploads\/2025\/05\/20230407_103420.jpg\" data-width=\"1000\" data-height=\"750\" aria-label=\"Costa Blanca Mallorca 278\" role=\"img\" ><\/div>\n\t\t\t\t\t\t\t\t\t\t\t<div class=\"elementor-gallery-item__overlay\"><\/div>\n\t\t\t\t\t\t\t\t\t\t\t\t\t\t<\/a>\n\t\t\t\t\t<\/div>\n\t\t\t\t\t<\/div>\n\t\t\t\t<\/div>\n\t\t\t\t<\/div>\n\t\t\t\t\t<\/div>\n\t\t\t\t<\/div>\n\t\t<div class=\"elementor-element elementor-element-5fba9cb e-flex e-con-boxed e-con e-parent\" data-id=\"5fba9cb\" data-element_type=\"container\" data-e-type=\"container\">\n\t\t\t\t\t<div class=\"e-con-inner\">\n\t\t<div class=\"elementor-element elementor-element-8728f65 e-con-full e-flex e-con e-child\" data-id=\"8728f65\" data-element_type=\"container\" data-e-type=\"container\">\n\t\t\t\t<div class=\"elementor-element elementor-element-87e50dd elementor-widget__width-initial elementor-widget elementor-widget-gallery\" data-id=\"87e50dd\" data-element_type=\"widget\" data-e-type=\"widget\" data-settings=\"{&quot;columns&quot;:1,&quot;aspect_ratio&quot;:&quot;21:9&quot;,&quot;lazyload&quot;:&quot;yes&quot;,&quot;gallery_layout&quot;:&quot;grid&quot;,&quot;columns_tablet&quot;:2,&quot;columns_mobile&quot;:1,&quot;gap&quot;:{&quot;unit&quot;:&quot;px&quot;,&quot;size&quot;:10,&quot;sizes&quot;:[]},&quot;gap_tablet&quot;:{&quot;unit&quot;:&quot;px&quot;,&quot;size&quot;:10,&quot;sizes&quot;:[]},&quot;gap_mobile&quot;:{&quot;unit&quot;:&quot;px&quot;,&quot;size&quot;:10,&quot;sizes&quot;:[]},&quot;link_to&quot;:&quot;file&quot;,&quot;overlay_background&quot;:&quot;yes&quot;,&quot;content_hover_animation&quot;:&quot;fade-in&quot;}\" data-widget_type=\"gallery.default\">\n\t\t\t\t<div class=\"elementor-widget-container\">\n\t\t\t\t\t\t\t<div class=\"elementor-gallery__container\">\n\t\t\t\t\t\t\t<a class=\"e-gallery-item elementor-gallery-item elementor-animated-content\" href=\"https:\/\/costablanca-magazin.com\/wp-content\/uploads\/2024\/10\/Wochenmarkt-Costa-Blanca-7-scaled.jpg\" data-elementor-open-lightbox=\"yes\" data-elementor-lightbox-slideshow=\"87e50dd\" data-elementor-lightbox-title=\"Wochenmarkt Costa Blanca (7)\" data-elementor-lightbox-description=\"Buntes Treiben und mediterrane Gen\u00fcsse - Die Wochenm\u00e4rkte der Marina Alta und Marina Baixa\" data-e-action-hash=\"#elementor-action%3Aaction%3Dlightbox%26settings%3DeyJpZCI6MjgwOCwidXJsIjoiaHR0cHM6XC9cL2Nvc3RhYmxhbmNhLW1hZ2F6aW4uY29tXC93cC1jb250ZW50XC91cGxvYWRzXC8yMDI0XC8xMFwvV29jaGVubWFya3QtQ29zdGEtQmxhbmNhLTctc2NhbGVkLmpwZyIsInNsaWRlc2hvdyI6Ijg3ZTUwZGQifQ%3D%3D\">\n\t\t\t\t\t<div class=\"e-gallery-image elementor-gallery-item__image\" data-thumbnail=\"https:\/\/costablanca-magazin.com\/wp-content\/uploads\/2024\/10\/Wochenmarkt-Costa-Blanca-7-768x1024.jpg\" data-width=\"768\" data-height=\"1024\" aria-label=\"Ajetreo colorido y delicias mediterr\u00e1neas: los mercados semanales de la Marina Alta y la Marina Baixa 12\" role=\"img\" ><\/div>\n\t\t\t\t\t\t\t\t\t\t\t<div class=\"elementor-gallery-item__overlay\"><\/div>\n\t\t\t\t\t\t\t\t\t\t\t\t\t\t<\/a>\n\t\t\t\t\t<\/div>\n\t\t\t\t\t<\/div>\n\t\t\t\t<\/div>\n\t\t\t\t<\/div>\n\t\t<div class=\"elementor-element elementor-element-2fdfccc e-con-full e-flex e-con e-child\" data-id=\"2fdfccc\" data-element_type=\"container\" data-e-type=\"container\">\n\t\t\t\t<div class=\"elementor-element elementor-element-977a063 elementor-widget elementor-widget-heading\" data-id=\"977a063\" data-element_type=\"widget\" data-e-type=\"widget\" data-widget_type=\"heading.default\">\n\t\t\t\t<div class=\"elementor-widget-container\">\n\t\t\t\t\t<h5 class=\"elementor-heading-title elementor-size-default\">Mercados semanales en J\u00e1vea<\/h5>\t\t\t\t<\/div>\n\t\t\t\t<\/div>\n\t\t\t\t<div class=\"elementor-element elementor-element-ce5d8dc elementor-widget elementor-widget-text-editor\" data-id=\"ce5d8dc\" data-element_type=\"widget\" data-e-type=\"widget\" data-widget_type=\"text-editor.default\">\n\t\t\t\t<div class=\"elementor-widget-container\">\n\t\t\t\t\t\t\t\t\t<p>J\u00e1vea ofrece dos <a title=\"Colorido bullicio y delicias mediterr\u00e1neas - Mercados semanales de la Costa Blanca\" href=\"https:\/\/costablanca-magazin.com\/es\/residentes\/vivir-en-espana\/ajetreo-colorido-y-placeres-mediterraneos-mercados-semanales-de-la-costa-blanca\/\" target=\"_blank\" rel=\"noopener\">Mercados semanales<\/a>:<\/p><p>Jueves por la ma\u00f1ana: mercado semanal en el centro (Plaza de la Constituci\u00f3n) - con alimentos, ropa, plantas<br \/>Diariamente: Mercado de pescado y productos frescos en el Mercat Municipal de X\u00e0bia, justo al lado de la iglesia.<\/p>\t\t\t\t\t\t\t\t<\/div>\n\t\t\t\t<\/div>\n\t\t\t\t<\/div>\n\t\t\t\t\t<\/div>\n\t\t\t\t<\/div>\n\t\t<div class=\"elementor-element elementor-element-725199a e-flex e-con-boxed e-con e-parent\" data-id=\"725199a\" data-element_type=\"container\" data-e-type=\"container\">\n\t\t\t\t\t<div class=\"e-con-inner\">\n\t\t<div class=\"elementor-element elementor-element-1a86277 e-con-full e-flex e-con e-child\" data-id=\"1a86277\" data-element_type=\"container\" data-e-type=\"container\">\n\t\t\t\t<div class=\"elementor-element elementor-element-212d99a elementor-widget elementor-widget-heading\" data-id=\"212d99a\" data-element_type=\"widget\" data-e-type=\"widget\" data-widget_type=\"heading.default\">\n\t\t\t\t<div class=\"elementor-widget-container\">\n\t\t\t\t\t<h5 class=\"elementor-heading-title elementor-size-default\">Playas en J\u00e1vea - variedad a lo largo de la costa<\/h5>\t\t\t\t<\/div>\n\t\t\t\t<\/div>\n\t\t\t\t<div class=\"elementor-element elementor-element-4918817 elementor-widget elementor-widget-text-editor\" data-id=\"4918817\" data-element_type=\"widget\" data-e-type=\"widget\" data-widget_type=\"text-editor.default\">\n\t\t\t\t<div class=\"elementor-widget-container\">\n\t\t\t\t\t\t\t\t\t<p>J\u00e1vea ofrece diferentes playas para diferentes necesidades:<\/p><ul><li><strong>Playa del Arenal<\/strong> - Arena fina, ideal para familias, con paseo mar\u00edtimo, restaurantes e instalaciones de ocio<\/li><li><strong>La Grava (playa del puerto)<\/strong> - Guijarro, claro, tranquilo, con acceso directo a la vida portuaria<\/li><li><strong>Cala Blanca y Cala Barraca<\/strong> - Peque\u00f1as bah\u00edas con paisajes rocosos, perfectas para practicar snorkel y relajarse<\/li><li><strong>Cala Granadella<\/strong> - Pintoresca bah\u00eda, galardonada en repetidas ocasiones como la playa m\u00e1s bonita de Espa\u00f1a<\/li><li><strong>Cala Ambolo<\/strong> - Playa nudista natural (oficialmente cerrada en la actualidad, acceso no recomendado)<\/li><\/ul><p>Las playas est\u00e1n bien cuidadas, a menudo galardonadas con la Bandera Azul, y ofrecen acceso para todas las edades.<\/p>\t\t\t\t\t\t\t\t<\/div>\n\t\t\t\t<\/div>\n\t\t\t\t<\/div>\n\t\t<div class=\"elementor-element elementor-element-4446bbc e-con-full e-flex e-con e-child\" data-id=\"4446bbc\" data-element_type=\"container\" data-e-type=\"container\">\n\t\t\t\t<div class=\"elementor-element elementor-element-ba47153 elementor-widget__width-initial elementor-widget elementor-widget-gallery\" data-id=\"ba47153\" data-element_type=\"widget\" data-e-type=\"widget\" data-settings=\"{&quot;columns&quot;:1,&quot;aspect_ratio&quot;:&quot;1:1&quot;,&quot;lazyload&quot;:&quot;yes&quot;,&quot;gallery_layout&quot;:&quot;grid&quot;,&quot;columns_tablet&quot;:2,&quot;columns_mobile&quot;:1,&quot;gap&quot;:{&quot;unit&quot;:&quot;px&quot;,&quot;size&quot;:10,&quot;sizes&quot;:[]},&quot;gap_tablet&quot;:{&quot;unit&quot;:&quot;px&quot;,&quot;size&quot;:10,&quot;sizes&quot;:[]},&quot;gap_mobile&quot;:{&quot;unit&quot;:&quot;px&quot;,&quot;size&quot;:10,&quot;sizes&quot;:[]},&quot;link_to&quot;:&quot;file&quot;,&quot;overlay_background&quot;:&quot;yes&quot;,&quot;content_hover_animation&quot;:&quot;fade-in&quot;}\" data-widget_type=\"gallery.default\">\n\t\t\t\t<div class=\"elementor-widget-container\">\n\t\t\t\t\t\t\t<div class=\"elementor-gallery__container\">\n\t\t\t\t\t\t\t<a class=\"e-gallery-item elementor-gallery-item elementor-animated-content\" href=\"https:\/\/costablanca-magazin.com\/wp-content\/uploads\/2025\/05\/20230407_103456.jpg\" data-elementor-open-lightbox=\"yes\" data-elementor-lightbox-slideshow=\"ba47153\" data-elementor-lightbox-title=\"20230407_103456\" data-e-action-hash=\"#elementor-action%3Aaction%3Dlightbox%26settings%3DeyJpZCI6NzE5NSwidXJsIjoiaHR0cHM6XC9cL2Nvc3RhYmxhbmNhLW1hZ2F6aW4uY29tXC93cC1jb250ZW50XC91cGxvYWRzXC8yMDI1XC8wNVwvMjAyMzA0MDdfMTAzNDU2LmpwZyIsInNsaWRlc2hvdyI6ImJhNDcxNTMifQ%3D%3D\">\n\t\t\t\t\t<div class=\"e-gallery-image elementor-gallery-item__image\" data-thumbnail=\"https:\/\/costablanca-magazin.com\/wp-content\/uploads\/2025\/05\/20230407_103456.jpg\" data-width=\"800\" data-height=\"600\" aria-label=\"Costa Blanca Mallorca 280\" role=\"img\" ><\/div>\n\t\t\t\t\t\t\t\t\t\t\t<div class=\"elementor-gallery-item__overlay\"><\/div>\n\t\t\t\t\t\t\t\t\t\t\t\t\t\t<\/a>\n\t\t\t\t\t<\/div>\n\t\t\t\t\t<\/div>\n\t\t\t\t<\/div>\n\t\t\t\t<\/div>\n\t\t\t\t\t<\/div>\n\t\t\t\t<\/div>\n\t\t<div class=\"elementor-element elementor-element-f857d75 e-flex e-con-boxed e-con e-parent\" data-id=\"f857d75\" data-element_type=\"container\" data-e-type=\"container\">\n\t\t\t\t\t<div class=\"e-con-inner\">\n\t\t<div class=\"elementor-element elementor-element-8e6152a e-con-full e-flex e-con e-child\" data-id=\"8e6152a\" data-element_type=\"container\" data-e-type=\"container\">\n\t\t\t\t<div class=\"elementor-element elementor-element-c9ed251 elementor-widget__width-initial elementor-widget elementor-widget-gallery\" data-id=\"c9ed251\" data-element_type=\"widget\" data-e-type=\"widget\" data-settings=\"{&quot;columns&quot;:1,&quot;aspect_ratio&quot;:&quot;21:9&quot;,&quot;lazyload&quot;:&quot;yes&quot;,&quot;gallery_layout&quot;:&quot;grid&quot;,&quot;columns_tablet&quot;:2,&quot;columns_mobile&quot;:1,&quot;gap&quot;:{&quot;unit&quot;:&quot;px&quot;,&quot;size&quot;:10,&quot;sizes&quot;:[]},&quot;gap_tablet&quot;:{&quot;unit&quot;:&quot;px&quot;,&quot;size&quot;:10,&quot;sizes&quot;:[]},&quot;gap_mobile&quot;:{&quot;unit&quot;:&quot;px&quot;,&quot;size&quot;:10,&quot;sizes&quot;:[]},&quot;link_to&quot;:&quot;file&quot;,&quot;overlay_background&quot;:&quot;yes&quot;,&quot;content_hover_animation&quot;:&quot;fade-in&quot;}\" data-widget_type=\"gallery.default\">\n\t\t\t\t<div class=\"elementor-widget-container\">\n\t\t\t\t\t\t\t<div class=\"elementor-gallery__container\">\n\t\t\t\t\t\t\t<a class=\"e-gallery-item elementor-gallery-item elementor-animated-content\" href=\"https:\/\/costablanca-magazin.com\/wp-content\/uploads\/2025\/05\/20230820_081113.jpg\" data-elementor-open-lightbox=\"yes\" data-elementor-lightbox-slideshow=\"c9ed251\" data-elementor-lightbox-title=\"20230820_081113\" data-e-action-hash=\"#elementor-action%3Aaction%3Dlightbox%26settings%3DeyJpZCI6NzIwMCwidXJsIjoiaHR0cHM6XC9cL2Nvc3RhYmxhbmNhLW1hZ2F6aW4uY29tXC93cC1jb250ZW50XC91cGxvYWRzXC8yMDI1XC8wNVwvMjAyMzA4MjBfMDgxMTEzLmpwZyIsInNsaWRlc2hvdyI6ImM5ZWQyNTEifQ%3D%3D\">\n\t\t\t\t\t<div class=\"e-gallery-image elementor-gallery-item__image\" data-thumbnail=\"https:\/\/costablanca-magazin.com\/wp-content\/uploads\/2025\/05\/20230820_081113.jpg\" data-width=\"1000\" data-height=\"750\" aria-label=\"Costa Blanca Mallorca 285\" role=\"img\" ><\/div>\n\t\t\t\t\t\t\t\t\t\t\t<div class=\"elementor-gallery-item__overlay\"><\/div>\n\t\t\t\t\t\t\t\t\t\t\t\t\t\t<\/a>\n\t\t\t\t\t<\/div>\n\t\t\t\t\t<\/div>\n\t\t\t\t<\/div>\n\t\t\t\t<\/div>\n\t\t<div class=\"elementor-element elementor-element-ccd85dc e-con-full e-flex e-con e-child\" data-id=\"ccd85dc\" data-element_type=\"container\" data-e-type=\"container\">\n\t\t\t\t<div class=\"elementor-element elementor-element-d817659 elementor-widget elementor-widget-heading\" data-id=\"d817659\" data-element_type=\"widget\" data-e-type=\"widget\" data-widget_type=\"heading.default\">\n\t\t\t\t<div class=\"elementor-widget-container\">\n\t\t\t\t\t<h5 class=\"elementor-heading-title elementor-size-default\">Paisaje y naturaleza - entre el mar, el Montg\u00f3 y el cabo<\/h5>\t\t\t\t<\/div>\n\t\t\t\t<\/div>\n\t\t\t\t<div class=\"elementor-element elementor-element-f567d1b elementor-widget elementor-widget-text-editor\" data-id=\"f567d1b\" data-element_type=\"widget\" data-e-type=\"widget\" data-widget_type=\"text-editor.default\">\n\t\t\t\t<div class=\"elementor-widget-container\">\n\t\t\t\t\t\t\t\t\t<p>La ubicaci\u00f3n entre el imponente macizo del Montg\u00f3 al oeste y los acantilados al este hace que J\u00e1vea sea especialmente pintoresca. Senderistas, ciclistas, submarinistas y observadores de la naturaleza encontrar\u00e1n numerosos senderos, zonas protegidas y miradores en los alrededores, por ejemplo en el Cap de Sant Antoni, donde tambi\u00e9n hay un faro.<\/p>\t\t\t\t\t\t\t\t<\/div>\n\t\t\t\t<\/div>\n\t\t\t\t<\/div>\n\t\t\t\t\t<\/div>\n\t\t\t\t<\/div>\n\t\t<div class=\"elementor-element elementor-element-d78afa4 e-flex e-con-boxed e-con e-parent\" data-id=\"d78afa4\" data-element_type=\"container\" data-e-type=\"container\">\n\t\t\t\t\t<div class=\"e-con-inner\">\n\t\t<div class=\"elementor-element elementor-element-87c5561 e-con-full e-flex e-con e-child\" data-id=\"87c5561\" data-element_type=\"container\" data-e-type=\"container\">\n\t\t\t\t<div class=\"elementor-element elementor-element-9a32e41 elementor-widget elementor-widget-heading\" data-id=\"9a32e41\" data-element_type=\"widget\" data-e-type=\"widget\" data-widget_type=\"heading.default\">\n\t\t\t\t<div class=\"elementor-widget-container\">\n\t\t\t\t\t<h5 class=\"elementor-heading-title elementor-size-default\">Festivales y actos: arraigados y activamente organizados<\/h5>\t\t\t\t<\/div>\n\t\t\t\t<\/div>\n\t\t\t\t<div class=\"elementor-element elementor-element-25ef5c9 elementor-widget elementor-widget-text-editor\" data-id=\"25ef5c9\" data-element_type=\"widget\" data-e-type=\"widget\" data-widget_type=\"text-editor.default\">\n\t\t\t\t<div class=\"elementor-widget-container\">\n\t\t\t\t\t\t\t\t\t<p>J\u00e1vea tiene una vida comunitaria muy activa que tambi\u00e9n incluye residentes internacionales. Los festivales m\u00e1s importantes incluyen:<\/p><ul><li>\ud83c\udf87 <strong>Fogueres de Sant Joan<\/strong> (junio): Fiesta municipal con desfiles, hogueras, m\u00fasica y fuegos artificiales.<\/li><li>\ud83e\udd3a <strong>Moros y Cristianos<\/strong> (julio, en el barrio del puerto): Grandes desfiles y fiestas con un programa tradicional.<\/li><li>\ud83c\udfb6 <strong>Festival de Jazz de X\u00e0bia<\/strong> (Agosto): Ciclo de jazz de alto nivel en la plaza del casco antiguo<\/li><li>\ud83c\udfad Numerosos <strong>actos culturales<\/strong> en el auditorio y en lugares p\u00fablicos<\/li><\/ul>\t\t\t\t\t\t\t\t<\/div>\n\t\t\t\t<\/div>\n\t\t\t\t<\/div>\n\t\t<div class=\"elementor-element elementor-element-8659766 e-con-full e-flex e-con e-child\" data-id=\"8659766\" data-element_type=\"container\" data-e-type=\"container\">\n\t\t\t\t<div class=\"elementor-element elementor-element-1115b99 elementor-widget__width-initial elementor-widget elementor-widget-gallery\" data-id=\"1115b99\" data-element_type=\"widget\" data-e-type=\"widget\" data-settings=\"{&quot;columns&quot;:1,&quot;aspect_ratio&quot;:&quot;4:3&quot;,&quot;lazyload&quot;:&quot;yes&quot;,&quot;gallery_layout&quot;:&quot;grid&quot;,&quot;columns_tablet&quot;:2,&quot;columns_mobile&quot;:1,&quot;gap&quot;:{&quot;unit&quot;:&quot;px&quot;,&quot;size&quot;:10,&quot;sizes&quot;:[]},&quot;gap_tablet&quot;:{&quot;unit&quot;:&quot;px&quot;,&quot;size&quot;:10,&quot;sizes&quot;:[]},&quot;gap_mobile&quot;:{&quot;unit&quot;:&quot;px&quot;,&quot;size&quot;:10,&quot;sizes&quot;:[]},&quot;link_to&quot;:&quot;file&quot;,&quot;overlay_background&quot;:&quot;yes&quot;,&quot;content_hover_animation&quot;:&quot;fade-in&quot;}\" data-widget_type=\"gallery.default\">\n\t\t\t\t<div class=\"elementor-widget-container\">\n\t\t\t\t\t\t\t<div class=\"elementor-gallery__container\">\n\t\t\t\t\t\t\t<a class=\"e-gallery-item elementor-gallery-item elementor-animated-content\" href=\"https:\/\/costablanca-magazin.com\/wp-content\/uploads\/2024\/10\/Oktoberfest-in-Javea-2024-Kopie.jpg\" data-elementor-open-lightbox=\"yes\" data-elementor-lightbox-slideshow=\"1115b99\" data-elementor-lightbox-title=\"Oktoberfest in Javea 2024 Kopie\" data-elementor-lightbox-description=\"Oktoberfest in Javea 2024 Kopie\" data-e-action-hash=\"#elementor-action%3Aaction%3Dlightbox%26settings%3DeyJpZCI6MjU0NiwidXJsIjoiaHR0cHM6XC9cL2Nvc3RhYmxhbmNhLW1hZ2F6aW4uY29tXC93cC1jb250ZW50XC91cGxvYWRzXC8yMDI0XC8xMFwvT2t0b2JlcmZlc3QtaW4tSmF2ZWEtMjAyNC1Lb3BpZS5qcGciLCJzbGlkZXNob3ciOiIxMTE1Yjk5In0%3D\">\n\t\t\t\t\t<div class=\"e-gallery-image elementor-gallery-item__image\" data-thumbnail=\"https:\/\/costablanca-magazin.com\/wp-content\/uploads\/2024\/10\/Oktoberfest-in-Javea-2024-Kopie.jpg\" data-width=\"1252\" data-height=\"834\" aria-label=\"Oktoberfest en Javea 2024 Copia\" role=\"img\" ><\/div>\n\t\t\t\t\t\t\t\t\t\t\t<div class=\"elementor-gallery-item__overlay\"><\/div>\n\t\t\t\t\t\t\t\t\t\t\t\t\t\t<\/a>\n\t\t\t\t\t<\/div>\n\t\t\t\t\t<\/div>\n\t\t\t\t<\/div>\n\t\t\t\t<\/div>\n\t\t<div class=\"elementor-element elementor-element-3bec3aa e-con-full e-flex e-con e-child\" data-id=\"3bec3aa\" data-element_type=\"container\" data-e-type=\"container\">\n\t\t\t\t<div class=\"elementor-element elementor-element-e431a7b elementor-widget__width-initial elementor-widget elementor-widget-gallery\" data-id=\"e431a7b\" data-element_type=\"widget\" data-e-type=\"widget\" data-settings=\"{&quot;columns&quot;:1,&quot;aspect_ratio&quot;:&quot;1:1&quot;,&quot;lazyload&quot;:&quot;yes&quot;,&quot;gallery_layout&quot;:&quot;grid&quot;,&quot;columns_tablet&quot;:2,&quot;columns_mobile&quot;:1,&quot;gap&quot;:{&quot;unit&quot;:&quot;px&quot;,&quot;size&quot;:10,&quot;sizes&quot;:[]},&quot;gap_tablet&quot;:{&quot;unit&quot;:&quot;px&quot;,&quot;size&quot;:10,&quot;sizes&quot;:[]},&quot;gap_mobile&quot;:{&quot;unit&quot;:&quot;px&quot;,&quot;size&quot;:10,&quot;sizes&quot;:[]},&quot;link_to&quot;:&quot;file&quot;,&quot;overlay_background&quot;:&quot;yes&quot;,&quot;content_hover_animation&quot;:&quot;fade-in&quot;}\" data-widget_type=\"gallery.default\">\n\t\t\t\t<div class=\"elementor-widget-container\">\n\t\t\t\t\t\t\t<div class=\"elementor-gallery__container\">\n\t\t\t\t\t\t\t<a class=\"e-gallery-item elementor-gallery-item elementor-animated-content\" href=\"https:\/\/costablanca-magazin.com\/wp-content\/uploads\/2023\/01\/waterfront-panoramic-view-of-the-arenal-beach-and-2022-11-15-15-03-17-utc-scaled-1.jpg\" data-elementor-open-lightbox=\"yes\" data-elementor-lightbox-slideshow=\"e431a7b\" data-elementor-lightbox-title=\"waterfront-panoramic-view-of-the-arenal-beach-and-2022-11-15-15-03-17-utc\" data-elementor-lightbox-description=\"Strand Javea Costa Blanca \" data-e-action-hash=\"#elementor-action%3Aaction%3Dlightbox%26settings%3DeyJpZCI6MTA4OCwidXJsIjoiaHR0cHM6XC9cL2Nvc3RhYmxhbmNhLW1hZ2F6aW4uY29tXC93cC1jb250ZW50XC91cGxvYWRzXC8yMDIzXC8wMVwvd2F0ZXJmcm9udC1wYW5vcmFtaWMtdmlldy1vZi10aGUtYXJlbmFsLWJlYWNoLWFuZC0yMDIyLTExLTE1LTE1LTAzLTE3LXV0Yy1zY2FsZWQtMS5qcGciLCJzbGlkZXNob3ciOiJlNDMxYTdiIn0%3D\">\n\t\t\t\t\t<div class=\"e-gallery-image elementor-gallery-item__image\" data-thumbnail=\"https:\/\/costablanca-magazin.com\/wp-content\/uploads\/2023\/01\/waterfront-panoramic-view-of-the-arenal-beach-and-2022-11-15-15-03-17-utc-scaled-1-2048x1366.jpg\" data-width=\"2048\" data-height=\"1366\" aria-label=\"Playa Javea Costa Blanca\" role=\"img\" ><\/div>\n\t\t\t\t\t\t\t\t\t\t\t<div class=\"elementor-gallery-item__overlay\"><\/div>\n\t\t\t\t\t\t\t\t\t\t\t\t\t\t<\/a>\n\t\t\t\t\t<\/div>\n\t\t\t\t\t<\/div>\n\t\t\t\t<\/div>\n\t\t\t\t<\/div>\n\t\t<div class=\"elementor-element elementor-element-8023702 e-con-full e-flex e-con e-child\" data-id=\"8023702\" data-element_type=\"container\" data-e-type=\"container\">\n\t\t\t\t<div class=\"elementor-element elementor-element-bfceed4 elementor-widget elementor-widget-heading\" data-id=\"bfceed4\" data-element_type=\"widget\" data-e-type=\"widget\" data-widget_type=\"heading.default\">\n\t\t\t\t<div class=\"elementor-widget-container\">\n\t\t\t\t\t<h5 class=\"elementor-heading-title elementor-size-default\">Vivir en J\u00e1vea - internacional, s\u00f3lido, de alta calidad<\/h5>\t\t\t\t<\/div>\n\t\t\t\t<\/div>\n\t\t\t\t<div class=\"elementor-element elementor-element-2789e6f elementor-widget elementor-widget-text-editor\" data-id=\"2789e6f\" data-element_type=\"widget\" data-e-type=\"widget\" data-widget_type=\"text-editor.default\">\n\t\t\t\t<div class=\"elementor-widget-container\">\n\t\t\t\t\t\t\t\t\t<p>Muchos residentes de habla alemana, brit\u00e1nicos y belgas viven en J\u00e1vea, no s\u00f3lo temporalmente, sino de forma permanente. La ciudad ofrece:<\/p><p>Buena atenci\u00f3n m\u00e9dica (cl\u00ednicas p\u00fablicas y privadas)<br \/>Servicios multiling\u00fces<br \/>Escuelas internacionales (incluido X\u00e0bia International College)<br \/>Numerosos clubes de ocio, iniciativas culturales y clubes deportivos<\/p><p>El mercado inmobiliario es diverso y de alta calidad: desde pisos a chal\u00e9s con vistas al mar. La estructura de precios est\u00e1 por encima de la media de la regi\u00f3n, pero refleja la ubicaci\u00f3n, el clima y el nivel de vida.<\/p>\t\t\t\t\t\t\t\t<\/div>\n\t\t\t\t<\/div>\n\t\t\t\t<\/div>\n\t\t\t\t\t<\/div>\n\t\t\t\t<\/div>\n\t\t<div class=\"elementor-element elementor-element-752aed2 e-flex e-con-boxed e-con e-parent\" data-id=\"752aed2\" data-element_type=\"container\" data-e-type=\"container\">\n\t\t\t\t\t<div class=\"e-con-inner\">\n\t\t<div class=\"elementor-element elementor-element-ea19d6f e-con-full e-flex e-con e-child\" data-id=\"ea19d6f\" data-element_type=\"container\" data-e-type=\"container\">\n\t\t\t\t<div class=\"elementor-element elementor-element-e3ad641 elementor-widget elementor-widget-google_maps\" data-id=\"e3ad641\" data-element_type=\"widget\" data-e-type=\"widget\" data-widget_type=\"google_maps.default\">\n\t\t\t\t<div class=\"elementor-widget-container\">\n\t\t\t\t\t\t\t<div class=\"elementor-custom-embed\">\n\t\t\t<iframe loading=\"lazy\"\n\t\t\t\t\tsrc=\"https:\/\/maps.google.com\/maps?q=Javea&#038;t=m&#038;z=14&#038;output=embed&#038;iwloc=near\"\n\t\t\t\t\ttitle=\"Javea\"\n\t\t\t\t\taria-label=\"Javea\"\n\t\t\t><\/iframe>\n\t\t<\/div>\n\t\t\t\t\t\t<\/div>\n\t\t\t\t<\/div>\n\t\t\t\t<\/div>\n\t\t<div class=\"elementor-element elementor-element-78de170 e-con-full e-flex e-con e-child\" data-id=\"78de170\" data-element_type=\"container\" data-e-type=\"container\">\n\t\t\t\t<div class=\"elementor-element elementor-element-a0b3845 elementor-widget elementor-widget-text-editor\" data-id=\"a0b3845\" data-element_type=\"widget\" data-e-type=\"widget\" data-widget_type=\"text-editor.default\">\n\t\t\t\t<div class=\"elementor-widget-container\">\n\t\t\t\t\t\t\t\t\t<p><strong>Contacto e informaci\u00f3n<\/strong><\/p><p><strong>Oficina de Turismo de X\u00e0bia \/ J\u00e1vea<\/strong><br \/>\ud83d\udccd Plaza de la Iglesia, 4 - 03730 X\u00e0bia (Alicante)<br \/>\ud83d\udcde +34 965 794 356<br \/>\u2709\ufe0f xabia@touristinfo.net<br \/>\ud83c\udf10 <a href=\"https:\/\/www.xabia.org\" target=\"_blank\" rel=\"noopener\">www.xabia.org<\/a><\/p>\t\t\t\t\t\t\t\t<\/div>\n\t\t\t\t<\/div>\n\t\t\t\t<\/div>\n\t\t\t\t\t<\/div>\n\t\t\t\t<\/div>\n\t\t<div class=\"elementor-element elementor-element-d8a0ab8 e-flex e-con-boxed e-con e-parent\" data-id=\"d8a0ab8\" data-element_type=\"container\" data-e-type=\"container\">\n\t\t\t\t\t<div class=\"e-con-inner\">\n\t\t\t\t<div class=\"elementor-element elementor-element-eb247e2 elementor-widget elementor-widget-gallery\" data-id=\"eb247e2\" data-element_type=\"widget\" data-e-type=\"widget\" data-settings=\"{&quot;gallery_layout&quot;:&quot;justified&quot;,&quot;ideal_row_height&quot;:{&quot;unit&quot;:&quot;px&quot;,&quot;size&quot;:204,&quot;sizes&quot;:[]},&quot;gap&quot;:{&quot;unit&quot;:&quot;px&quot;,&quot;size&quot;:2,&quot;sizes&quot;:[]},&quot;lazyload&quot;:&quot;yes&quot;,&quot;ideal_row_height_tablet&quot;:{&quot;unit&quot;:&quot;px&quot;,&quot;size&quot;:150,&quot;sizes&quot;:[]},&quot;ideal_row_height_mobile&quot;:{&quot;unit&quot;:&quot;px&quot;,&quot;size&quot;:150,&quot;sizes&quot;:[]},&quot;gap_tablet&quot;:{&quot;unit&quot;:&quot;px&quot;,&quot;size&quot;:10,&quot;sizes&quot;:[]},&quot;gap_mobile&quot;:{&quot;unit&quot;:&quot;px&quot;,&quot;size&quot;:10,&quot;sizes&quot;:[]},&quot;link_to&quot;:&quot;file&quot;,&quot;overlay_background&quot;:&quot;yes&quot;,&quot;content_hover_animation&quot;:&quot;fade-in&quot;}\" data-widget_type=\"gallery.default\">\n\t\t\t\t<div class=\"elementor-widget-container\">\n\t\t\t\t\t\t\t<div class=\"elementor-gallery__container\">\n\t\t\t\t\t\t\t<a class=\"e-gallery-item elementor-gallery-item elementor-animated-content\" href=\"https:\/\/costablanca-magazin.com\/wp-content\/uploads\/2025\/05\/20230820_082224.jpg\" data-elementor-open-lightbox=\"yes\" data-elementor-lightbox-slideshow=\"eb247e2\" data-elementor-lightbox-title=\"20230820_082224\" data-e-action-hash=\"#elementor-action%3Aaction%3Dlightbox%26settings%3DeyJpZCI6NzIwNiwidXJsIjoiaHR0cHM6XC9cL2Nvc3RhYmxhbmNhLW1hZ2F6aW4uY29tXC93cC1jb250ZW50XC91cGxvYWRzXC8yMDI1XC8wNVwvMjAyMzA4MjBfMDgyMjI0LmpwZyIsInNsaWRlc2hvdyI6ImViMjQ3ZTIifQ%3D%3D\">\n\t\t\t\t\t<div class=\"e-gallery-image elementor-gallery-item__image\" data-thumbnail=\"https:\/\/costablanca-magazin.com\/wp-content\/uploads\/2025\/05\/20230820_082224.jpg\" data-width=\"1000\" data-height=\"750\" aria-label=\"Costa Blanca Mallorca 291\" role=\"img\" ><\/div>\n\t\t\t\t\t\t\t\t\t\t\t<div class=\"elementor-gallery-item__overlay\"><\/div>\n\t\t\t\t\t\t\t\t\t\t\t\t\t\t<\/a>\n\t\t\t\t\t\t\t<a class=\"e-gallery-item elementor-gallery-item elementor-animated-content\" href=\"https:\/\/costablanca-magazin.com\/wp-content\/uploads\/2025\/05\/20230820_081113.jpg\" data-elementor-open-lightbox=\"yes\" data-elementor-lightbox-slideshow=\"eb247e2\" data-elementor-lightbox-title=\"20230820_081113\" data-e-action-hash=\"#elementor-action%3Aaction%3Dlightbox%26settings%3DeyJpZCI6NzIwMCwidXJsIjoiaHR0cHM6XC9cL2Nvc3RhYmxhbmNhLW1hZ2F6aW4uY29tXC93cC1jb250ZW50XC91cGxvYWRzXC8yMDI1XC8wNVwvMjAyMzA4MjBfMDgxMTEzLmpwZyIsInNsaWRlc2hvdyI6ImViMjQ3ZTIifQ%3D%3D\">\n\t\t\t\t\t<div class=\"e-gallery-image elementor-gallery-item__image\" data-thumbnail=\"https:\/\/costablanca-magazin.com\/wp-content\/uploads\/2025\/05\/20230820_081113.jpg\" data-width=\"1000\" data-height=\"750\" aria-label=\"Costa Blanca Mallorca 285\" role=\"img\" ><\/div>\n\t\t\t\t\t\t\t\t\t\t\t<div class=\"elementor-gallery-item__overlay\"><\/div>\n\t\t\t\t\t\t\t\t\t\t\t\t\t\t<\/a>\n\t\t\t\t\t\t\t<a class=\"e-gallery-item elementor-gallery-item elementor-animated-content\" href=\"https:\/\/costablanca-magazin.com\/wp-content\/uploads\/2025\/05\/20230407_103435.jpg\" data-elementor-open-lightbox=\"yes\" data-elementor-lightbox-slideshow=\"eb247e2\" data-elementor-lightbox-title=\"20230407_103435\" data-e-action-hash=\"#elementor-action%3Aaction%3Dlightbox%26settings%3DeyJpZCI6NzE5NCwidXJsIjoiaHR0cHM6XC9cL2Nvc3RhYmxhbmNhLW1hZ2F6aW4uY29tXC93cC1jb250ZW50XC91cGxvYWRzXC8yMDI1XC8wNVwvMjAyMzA0MDdfMTAzNDM1LmpwZyIsInNsaWRlc2hvdyI6ImViMjQ3ZTIifQ%3D%3D\">\n\t\t\t\t\t<div class=\"e-gallery-image elementor-gallery-item__image\" data-thumbnail=\"https:\/\/costablanca-magazin.com\/wp-content\/uploads\/2025\/05\/20230407_103435.jpg\" data-width=\"1000\" data-height=\"750\" aria-label=\"Costa Blanca Mallorca 279\" role=\"img\" ><\/div>\n\t\t\t\t\t\t\t\t\t\t\t<div class=\"elementor-gallery-item__overlay\"><\/div>\n\t\t\t\t\t\t\t\t\t\t\t\t\t\t<\/a>\n\t\t\t\t\t\t\t<a class=\"e-gallery-item elementor-gallery-item elementor-animated-content\" href=\"https:\/\/costablanca-magazin.com\/wp-content\/uploads\/2025\/03\/Javea-Golf-8.jpg\" data-elementor-open-lightbox=\"yes\" data-elementor-lightbox-slideshow=\"eb247e2\" data-elementor-lightbox-title=\"Eleganz und  Sportgeist:  Club de Golf  J\u00e1vea\" data-elementor-lightbox-description=\"Eleganz und Sportgeist: Club de Golf J\u00e1vea\" data-e-action-hash=\"#elementor-action%3Aaction%3Dlightbox%26settings%3DeyJpZCI6NTE4NCwidXJsIjoiaHR0cHM6XC9cL2Nvc3RhYmxhbmNhLW1hZ2F6aW4uY29tXC93cC1jb250ZW50XC91cGxvYWRzXC8yMDI1XC8wM1wvSmF2ZWEtR29sZi04LmpwZyIsInNsaWRlc2hvdyI6ImViMjQ3ZTIifQ%3D%3D\">\n\t\t\t\t\t<div class=\"e-gallery-image elementor-gallery-item__image\" data-thumbnail=\"https:\/\/costablanca-magazin.com\/wp-content\/uploads\/2025\/03\/Javea-Golf-8.jpg\" data-width=\"1600\" data-height=\"1200\" aria-label=\"Elegancia y esp\u00edritu deportivo: Club de Golf J\u00e1vea 8\" role=\"img\" ><\/div>\n\t\t\t\t\t\t\t\t\t\t\t<div class=\"elementor-gallery-item__overlay\"><\/div>\n\t\t\t\t\t\t\t\t\t\t\t\t\t\t<\/a>\n\t\t\t\t\t\t\t<a class=\"e-gallery-item elementor-gallery-item elementor-animated-content\" href=\"https:\/\/costablanca-magazin.com\/wp-content\/uploads\/2025\/03\/Javea-Golf-7.jpg\" data-elementor-open-lightbox=\"yes\" data-elementor-lightbox-slideshow=\"eb247e2\" data-elementor-lightbox-title=\"Eleganz und  Sportgeist:  Club de Golf  J\u00e1vea\" data-elementor-lightbox-description=\"Eleganz und Sportgeist: Club de Golf J\u00e1vea\" data-e-action-hash=\"#elementor-action%3Aaction%3Dlightbox%26settings%3DeyJpZCI6NTE4MywidXJsIjoiaHR0cHM6XC9cL2Nvc3RhYmxhbmNhLW1hZ2F6aW4uY29tXC93cC1jb250ZW50XC91cGxvYWRzXC8yMDI1XC8wM1wvSmF2ZWEtR29sZi03LmpwZyIsInNsaWRlc2hvdyI6ImViMjQ3ZTIifQ%3D%3D\">\n\t\t\t\t\t<div class=\"e-gallery-image elementor-gallery-item__image\" data-thumbnail=\"https:\/\/costablanca-magazin.com\/wp-content\/uploads\/2025\/03\/Javea-Golf-7.jpg\" data-width=\"1600\" data-height=\"1200\" aria-label=\"Elegancia y esp\u00edritu deportivo: Club de Golf J\u00e1vea 7\" role=\"img\" ><\/div>\n\t\t\t\t\t\t\t\t\t\t\t<div class=\"elementor-gallery-item__overlay\"><\/div>\n\t\t\t\t\t\t\t\t\t\t\t\t\t\t<\/a>\n\t\t\t\t\t\t\t<a class=\"e-gallery-item elementor-gallery-item elementor-animated-content\" href=\"https:\/\/costablanca-magazin.com\/wp-content\/uploads\/2025\/05\/20241016_124127.jpg\" data-elementor-open-lightbox=\"yes\" data-elementor-lightbox-slideshow=\"eb247e2\" data-elementor-lightbox-title=\"20241016_124127\" data-e-action-hash=\"#elementor-action%3Aaction%3Dlightbox%26settings%3DeyJpZCI6NzIxMiwidXJsIjoiaHR0cHM6XC9cL2Nvc3RhYmxhbmNhLW1hZ2F6aW4uY29tXC93cC1jb250ZW50XC91cGxvYWRzXC8yMDI1XC8wNVwvMjAyNDEwMTZfMTI0MTI3LmpwZyIsInNsaWRlc2hvdyI6ImViMjQ3ZTIifQ%3D%3D\">\n\t\t\t\t\t<div class=\"e-gallery-image elementor-gallery-item__image\" data-thumbnail=\"https:\/\/costablanca-magazin.com\/wp-content\/uploads\/2025\/05\/20241016_124127.jpg\" data-width=\"1000\" data-height=\"473\" aria-label=\"Costa Blanca Mallorca 297\" role=\"img\" ><\/div>\n\t\t\t\t\t\t\t\t\t\t\t<div class=\"elementor-gallery-item__overlay\"><\/div>\n\t\t\t\t\t\t\t\t\t\t\t\t\t\t<\/a>\n\t\t\t\t\t\t\t<a class=\"e-gallery-item elementor-gallery-item elementor-animated-content\" href=\"https:\/\/costablanca-magazin.com\/wp-content\/uploads\/2025\/05\/20230820_084746.jpg\" data-elementor-open-lightbox=\"yes\" data-elementor-lightbox-slideshow=\"eb247e2\" data-elementor-lightbox-title=\"20230820_084746\" data-e-action-hash=\"#elementor-action%3Aaction%3Dlightbox%26settings%3DeyJpZCI6NzIwOSwidXJsIjoiaHR0cHM6XC9cL2Nvc3RhYmxhbmNhLW1hZ2F6aW4uY29tXC93cC1jb250ZW50XC91cGxvYWRzXC8yMDI1XC8wNVwvMjAyMzA4MjBfMDg0NzQ2LmpwZyIsInNsaWRlc2hvdyI6ImViMjQ3ZTIifQ%3D%3D\">\n\t\t\t\t\t<div class=\"e-gallery-image elementor-gallery-item__image\" data-thumbnail=\"https:\/\/costablanca-magazin.com\/wp-content\/uploads\/2025\/05\/20230820_084746.jpg\" data-width=\"1000\" data-height=\"750\" aria-label=\"Costa Blanca Mallorca 294\" role=\"img\" ><\/div>\n\t\t\t\t\t\t\t\t\t\t\t<div class=\"elementor-gallery-item__overlay\"><\/div>\n\t\t\t\t\t\t\t\t\t\t\t\t\t\t<\/a>\n\t\t\t\t\t\t\t<a class=\"e-gallery-item elementor-gallery-item elementor-animated-content\" href=\"https:\/\/costablanca-magazin.com\/wp-content\/uploads\/2025\/05\/20230820_081232.jpg\" data-elementor-open-lightbox=\"yes\" data-elementor-lightbox-slideshow=\"eb247e2\" data-elementor-lightbox-title=\"20230820_081232\" data-e-action-hash=\"#elementor-action%3Aaction%3Dlightbox%26settings%3DeyJpZCI6NzIwMSwidXJsIjoiaHR0cHM6XC9cL2Nvc3RhYmxhbmNhLW1hZ2F6aW4uY29tXC93cC1jb250ZW50XC91cGxvYWRzXC8yMDI1XC8wNVwvMjAyMzA4MjBfMDgxMjMyLmpwZyIsInNsaWRlc2hvdyI6ImViMjQ3ZTIifQ%3D%3D\">\n\t\t\t\t\t<div class=\"e-gallery-image elementor-gallery-item__image\" data-thumbnail=\"https:\/\/costablanca-magazin.com\/wp-content\/uploads\/2025\/05\/20230820_081232.jpg\" data-width=\"750\" data-height=\"1000\" aria-label=\"Costa Blanca Mallorca 286\" role=\"img\" ><\/div>\n\t\t\t\t\t\t\t\t\t\t\t<div class=\"elementor-gallery-item__overlay\"><\/div>\n\t\t\t\t\t\t\t\t\t\t\t\t\t\t<\/a>\n\t\t\t\t\t\t\t<a class=\"e-gallery-item elementor-gallery-item elementor-animated-content\" href=\"https:\/\/costablanca-magazin.com\/wp-content\/uploads\/2025\/03\/Javea-Golf-4.jpg\" data-elementor-open-lightbox=\"yes\" data-elementor-lightbox-slideshow=\"eb247e2\" data-elementor-lightbox-title=\"Eleganz und  Sportgeist:  Club de Golf  J\u00e1vea\" data-elementor-lightbox-description=\"Eleganz und Sportgeist: Club de Golf J\u00e1vea\" data-e-action-hash=\"#elementor-action%3Aaction%3Dlightbox%26settings%3DeyJpZCI6NTE4MCwidXJsIjoiaHR0cHM6XC9cL2Nvc3RhYmxhbmNhLW1hZ2F6aW4uY29tXC93cC1jb250ZW50XC91cGxvYWRzXC8yMDI1XC8wM1wvSmF2ZWEtR29sZi00LmpwZyIsInNsaWRlc2hvdyI6ImViMjQ3ZTIifQ%3D%3D\">\n\t\t\t\t\t<div class=\"e-gallery-image elementor-gallery-item__image\" data-thumbnail=\"https:\/\/costablanca-magazin.com\/wp-content\/uploads\/2025\/03\/Javea-Golf-4.jpg\" data-width=\"1600\" data-height=\"1200\" aria-label=\"Elegancia y esp\u00edritu deportivo: Club de Golf J\u00e1vea 4\" role=\"img\" ><\/div>\n\t\t\t\t\t\t\t\t\t\t\t<div class=\"elementor-gallery-item__overlay\"><\/div>\n\t\t\t\t\t\t\t\t\t\t\t\t\t\t<\/a>\n\t\t\t\t\t\t\t<a class=\"e-gallery-item elementor-gallery-item elementor-animated-content\" href=\"https:\/\/costablanca-magazin.com\/wp-content\/uploads\/2025\/05\/20230820_081255.jpg\" data-elementor-open-lightbox=\"yes\" data-elementor-lightbox-slideshow=\"eb247e2\" data-elementor-lightbox-title=\"20230820_081255\" data-e-action-hash=\"#elementor-action%3Aaction%3Dlightbox%26settings%3DeyJpZCI6NzIwMywidXJsIjoiaHR0cHM6XC9cL2Nvc3RhYmxhbmNhLW1hZ2F6aW4uY29tXC93cC1jb250ZW50XC91cGxvYWRzXC8yMDI1XC8wNVwvMjAyMzA4MjBfMDgxMjU1LmpwZyIsInNsaWRlc2hvdyI6ImViMjQ3ZTIifQ%3D%3D\">\n\t\t\t\t\t<div class=\"e-gallery-image elementor-gallery-item__image\" data-thumbnail=\"https:\/\/costablanca-magazin.com\/wp-content\/uploads\/2025\/05\/20230820_081255.jpg\" data-width=\"1000\" data-height=\"750\" aria-label=\"Costa Blanca Mallorca 288\" role=\"img\" ><\/div>\n\t\t\t\t\t\t\t\t\t\t\t<div class=\"elementor-gallery-item__overlay\"><\/div>\n\t\t\t\t\t\t\t\t\t\t\t\t\t\t<\/a>\n\t\t\t\t\t\t\t<a class=\"e-gallery-item elementor-gallery-item elementor-animated-content\" href=\"https:\/\/costablanca-magazin.com\/wp-content\/uploads\/2025\/05\/20230407_103711.jpg\" data-elementor-open-lightbox=\"yes\" data-elementor-lightbox-slideshow=\"eb247e2\" data-elementor-lightbox-title=\"20230407_103711\" data-e-action-hash=\"#elementor-action%3Aaction%3Dlightbox%26settings%3DeyJpZCI6NzE5OSwidXJsIjoiaHR0cHM6XC9cL2Nvc3RhYmxhbmNhLW1hZ2F6aW4uY29tXC93cC1jb250ZW50XC91cGxvYWRzXC8yMDI1XC8wNVwvMjAyMzA0MDdfMTAzNzExLmpwZyIsInNsaWRlc2hvdyI6ImViMjQ3ZTIifQ%3D%3D\">\n\t\t\t\t\t<div class=\"e-gallery-image elementor-gallery-item__image\" data-thumbnail=\"https:\/\/costablanca-magazin.com\/wp-content\/uploads\/2025\/05\/20230407_103711.jpg\" data-width=\"1000\" data-height=\"750\" aria-label=\"Costa Blanca Mallorca 284\" role=\"img\" ><\/div>\n\t\t\t\t\t\t\t\t\t\t\t<div class=\"elementor-gallery-item__overlay\"><\/div>\n\t\t\t\t\t\t\t\t\t\t\t\t\t\t<\/a>\n\t\t\t\t\t\t\t<a class=\"e-gallery-item elementor-gallery-item elementor-animated-content\" href=\"https:\/\/costablanca-magazin.com\/wp-content\/uploads\/2024\/05\/javea1.jpg\" data-elementor-open-lightbox=\"yes\" data-elementor-lightbox-slideshow=\"eb247e2\" data-elementor-lightbox-title=\"Javea costa Blanca\" data-elementor-lightbox-description=\"Javea costa Blanca\" data-e-action-hash=\"#elementor-action%3Aaction%3Dlightbox%26settings%3DeyJpZCI6MTQzLCJ1cmwiOiJodHRwczpcL1wvY29zdGFibGFuY2EtbWFnYXppbi5jb21cL3dwLWNvbnRlbnRcL3VwbG9hZHNcLzIwMjRcLzA1XC9qYXZlYTEuanBnIiwic2xpZGVzaG93IjoiZWIyNDdlMiJ9\">\n\t\t\t\t\t<div class=\"e-gallery-image elementor-gallery-item__image\" data-thumbnail=\"https:\/\/costablanca-magazin.com\/wp-content\/uploads\/2024\/05\/javea1.jpg\" data-width=\"768\" data-height=\"576\" aria-label=\"Javea costa Blanca\" role=\"img\" ><\/div>\n\t\t\t\t\t\t\t\t\t\t\t<div class=\"elementor-gallery-item__overlay\"><\/div>\n\t\t\t\t\t\t\t\t\t\t\t\t\t\t<\/a>\n\t\t\t\t\t\t\t<a class=\"e-gallery-item elementor-gallery-item elementor-animated-content\" href=\"https:\/\/costablanca-magazin.com\/wp-content\/uploads\/2025\/05\/20230820_084658.jpg\" data-elementor-open-lightbox=\"yes\" data-elementor-lightbox-slideshow=\"eb247e2\" data-elementor-lightbox-title=\"20230820_084658\" data-e-action-hash=\"#elementor-action%3Aaction%3Dlightbox%26settings%3DeyJpZCI6NzIwNywidXJsIjoiaHR0cHM6XC9cL2Nvc3RhYmxhbmNhLW1hZ2F6aW4uY29tXC93cC1jb250ZW50XC91cGxvYWRzXC8yMDI1XC8wNVwvMjAyMzA4MjBfMDg0NjU4LmpwZyIsInNsaWRlc2hvdyI6ImViMjQ3ZTIifQ%3D%3D\">\n\t\t\t\t\t<div class=\"e-gallery-image elementor-gallery-item__image\" data-thumbnail=\"https:\/\/costablanca-magazin.com\/wp-content\/uploads\/2025\/05\/20230820_084658.jpg\" data-width=\"750\" data-height=\"1000\" aria-label=\"Costa Blanca Mallorca 292\" role=\"img\" ><\/div>\n\t\t\t\t\t\t\t\t\t\t\t<div class=\"elementor-gallery-item__overlay\"><\/div>\n\t\t\t\t\t\t\t\t\t\t\t\t\t\t<\/a>\n\t\t\t\t\t\t\t<a class=\"e-gallery-item elementor-gallery-item elementor-animated-content\" href=\"https:\/\/costablanca-magazin.com\/wp-content\/uploads\/2025\/05\/20230407_103420.jpg\" data-elementor-open-lightbox=\"yes\" data-elementor-lightbox-slideshow=\"eb247e2\" data-elementor-lightbox-title=\"20230407_103420\" data-e-action-hash=\"#elementor-action%3Aaction%3Dlightbox%26settings%3DeyJpZCI6NzE5MywidXJsIjoiaHR0cHM6XC9cL2Nvc3RhYmxhbmNhLW1hZ2F6aW4uY29tXC93cC1jb250ZW50XC91cGxvYWRzXC8yMDI1XC8wNVwvMjAyMzA0MDdfMTAzNDIwLmpwZyIsInNsaWRlc2hvdyI6ImViMjQ3ZTIifQ%3D%3D\">\n\t\t\t\t\t<div class=\"e-gallery-image elementor-gallery-item__image\" data-thumbnail=\"https:\/\/costablanca-magazin.com\/wp-content\/uploads\/2025\/05\/20230407_103420.jpg\" data-width=\"1000\" data-height=\"750\" aria-label=\"Costa Blanca Mallorca 278\" role=\"img\" ><\/div>\n\t\t\t\t\t\t\t\t\t\t\t<div class=\"elementor-gallery-item__overlay\"><\/div>\n\t\t\t\t\t\t\t\t\t\t\t\t\t\t<\/a>\n\t\t\t\t\t\t\t<a class=\"e-gallery-item elementor-gallery-item elementor-animated-content\" href=\"https:\/\/costablanca-magazin.com\/wp-content\/uploads\/2025\/03\/Javea-Golf-5.jpg\" data-elementor-open-lightbox=\"yes\" data-elementor-lightbox-slideshow=\"eb247e2\" data-elementor-lightbox-title=\"Eleganz und  Sportgeist:  Club de Golf  J\u00e1vea\" data-elementor-lightbox-description=\"Eleganz und Sportgeist: Club de Golf J\u00e1vea\" data-e-action-hash=\"#elementor-action%3Aaction%3Dlightbox%26settings%3DeyJpZCI6NTE4MSwidXJsIjoiaHR0cHM6XC9cL2Nvc3RhYmxhbmNhLW1hZ2F6aW4uY29tXC93cC1jb250ZW50XC91cGxvYWRzXC8yMDI1XC8wM1wvSmF2ZWEtR29sZi01LmpwZyIsInNsaWRlc2hvdyI6ImViMjQ3ZTIifQ%3D%3D\">\n\t\t\t\t\t<div class=\"e-gallery-image elementor-gallery-item__image\" data-thumbnail=\"https:\/\/costablanca-magazin.com\/wp-content\/uploads\/2025\/03\/Javea-Golf-5.jpg\" data-width=\"1600\" data-height=\"1200\" aria-label=\"Elegancia y esp\u00edritu deportivo: Club de Golf J\u00e1vea 5\" role=\"img\" ><\/div>\n\t\t\t\t\t\t\t\t\t\t\t<div class=\"elementor-gallery-item__overlay\"><\/div>\n\t\t\t\t\t\t\t\t\t\t\t\t\t\t<\/a>\n\t\t\t\t\t\t\t<a class=\"e-gallery-item elementor-gallery-item elementor-animated-content\" href=\"https:\/\/costablanca-magazin.com\/wp-content\/uploads\/2025\/05\/20230407_103456.jpg\" data-elementor-open-lightbox=\"yes\" data-elementor-lightbox-slideshow=\"eb247e2\" data-elementor-lightbox-title=\"20230407_103456\" data-e-action-hash=\"#elementor-action%3Aaction%3Dlightbox%26settings%3DeyJpZCI6NzE5NSwidXJsIjoiaHR0cHM6XC9cL2Nvc3RhYmxhbmNhLW1hZ2F6aW4uY29tXC93cC1jb250ZW50XC91cGxvYWRzXC8yMDI1XC8wNVwvMjAyMzA0MDdfMTAzNDU2LmpwZyIsInNsaWRlc2hvdyI6ImViMjQ3ZTIifQ%3D%3D\">\n\t\t\t\t\t<div class=\"e-gallery-image elementor-gallery-item__image\" data-thumbnail=\"https:\/\/costablanca-magazin.com\/wp-content\/uploads\/2025\/05\/20230407_103456.jpg\" data-width=\"1000\" data-height=\"750\" aria-label=\"Costa Blanca Mallorca 280\" role=\"img\" ><\/div>\n\t\t\t\t\t\t\t\t\t\t\t<div class=\"elementor-gallery-item__overlay\"><\/div>\n\t\t\t\t\t\t\t\t\t\t\t\t\t\t<\/a>\n\t\t\t\t\t\t\t<a class=\"e-gallery-item elementor-gallery-item elementor-animated-content\" href=\"https:\/\/costablanca-magazin.com\/wp-content\/uploads\/2025\/02\/Text2-cabo-san-antonio-lighthouse-shining-at-night-refl-2023-11-27-05-15-33-utc-Leuchtturm-Javea-scaled.jpg\" data-elementor-open-lightbox=\"yes\" data-elementor-lightbox-slideshow=\"eb247e2\" data-elementor-lightbox-title=\"Spuk und Geister \u2013 Die unheimlichen Geschichten  der Costa Blanca\" data-elementor-lightbox-description=\"Spuk und Geister \u2013 Die unheimlichen Geschichten der Costa Blanca\" data-e-action-hash=\"#elementor-action%3Aaction%3Dlightbox%26settings%3DeyJpZCI6NDk3MiwidXJsIjoiaHR0cHM6XC9cL2Nvc3RhYmxhbmNhLW1hZ2F6aW4uY29tXC93cC1jb250ZW50XC91cGxvYWRzXC8yMDI1XC8wMlwvVGV4dDItY2Fiby1zYW4tYW50b25pby1saWdodGhvdXNlLXNoaW5pbmctYXQtbmlnaHQtcmVmbC0yMDIzLTExLTI3LTA1LTE1LTMzLXV0Yy1MZXVjaHR0dXJtLUphdmVhLXNjYWxlZC5qcGciLCJzbGlkZXNob3ciOiJlYjI0N2UyIn0%3D\">\n\t\t\t\t\t<div class=\"e-gallery-image elementor-gallery-item__image\" data-thumbnail=\"https:\/\/costablanca-magazin.com\/wp-content\/uploads\/2025\/02\/Text2-cabo-san-antonio-lighthouse-shining-at-night-refl-2023-11-27-05-15-33-utc-Leuchtturm-Javea-1371x2048.jpg\" data-width=\"1371\" data-height=\"2048\" aria-label=\"Espantos y fantasmas: las espeluznantes historias de la Costa Blanca\" role=\"img\" ><\/div>\n\t\t\t\t\t\t\t\t\t\t\t<div class=\"elementor-gallery-item__overlay\"><\/div>\n\t\t\t\t\t\t\t\t\t\t\t\t\t\t<\/a>\n\t\t\t\t\t\t\t<a class=\"e-gallery-item elementor-gallery-item elementor-animated-content\" href=\"https:\/\/costablanca-magazin.com\/wp-content\/uploads\/2025\/05\/20241016_122520.jpg\" data-elementor-open-lightbox=\"yes\" data-elementor-lightbox-slideshow=\"eb247e2\" data-elementor-lightbox-title=\"20241016_122520\" data-e-action-hash=\"#elementor-action%3Aaction%3Dlightbox%26settings%3DeyJpZCI6NzIxMCwidXJsIjoiaHR0cHM6XC9cL2Nvc3RhYmxhbmNhLW1hZ2F6aW4uY29tXC93cC1jb250ZW50XC91cGxvYWRzXC8yMDI1XC8wNVwvMjAyNDEwMTZfMTIyNTIwLmpwZyIsInNsaWRlc2hvdyI6ImViMjQ3ZTIifQ%3D%3D\">\n\t\t\t\t\t<div class=\"e-gallery-image elementor-gallery-item__image\" data-thumbnail=\"https:\/\/costablanca-magazin.com\/wp-content\/uploads\/2025\/05\/20241016_122520.jpg\" data-width=\"1000\" data-height=\"501\" aria-label=\"Costa Blanca Mallorca 295\" role=\"img\" ><\/div>\n\t\t\t\t\t\t\t\t\t\t\t<div class=\"elementor-gallery-item__overlay\"><\/div>\n\t\t\t\t\t\t\t\t\t\t\t\t\t\t<\/a>\n\t\t\t\t\t\t\t<a class=\"e-gallery-item elementor-gallery-item elementor-animated-content\" href=\"https:\/\/costablanca-magazin.com\/wp-content\/uploads\/2025\/05\/20230407_103654.jpg\" data-elementor-open-lightbox=\"yes\" data-elementor-lightbox-slideshow=\"eb247e2\" data-elementor-lightbox-title=\"20230407_103654\" data-e-action-hash=\"#elementor-action%3Aaction%3Dlightbox%26settings%3DeyJpZCI6NzE5OCwidXJsIjoiaHR0cHM6XC9cL2Nvc3RhYmxhbmNhLW1hZ2F6aW4uY29tXC93cC1jb250ZW50XC91cGxvYWRzXC8yMDI1XC8wNVwvMjAyMzA0MDdfMTAzNjU0LmpwZyIsInNsaWRlc2hvdyI6ImViMjQ3ZTIifQ%3D%3D\">\n\t\t\t\t\t<div class=\"e-gallery-image elementor-gallery-item__image\" data-thumbnail=\"https:\/\/costablanca-magazin.com\/wp-content\/uploads\/2025\/05\/20230407_103654.jpg\" data-width=\"1000\" data-height=\"750\" aria-label=\"Costa Blanca Mallorca 283\" role=\"img\" ><\/div>\n\t\t\t\t\t\t\t\t\t\t\t<div class=\"elementor-gallery-item__overlay\"><\/div>\n\t\t\t\t\t\t\t\t\t\t\t\t\t\t<\/a>\n\t\t\t\t\t\t\t<a class=\"e-gallery-item elementor-gallery-item elementor-animated-content\" href=\"https:\/\/costablanca-magazin.com\/wp-content\/uploads\/2025\/05\/20241016_123841.jpg\" data-elementor-open-lightbox=\"yes\" data-elementor-lightbox-slideshow=\"eb247e2\" data-elementor-lightbox-title=\"20241016_123841\" data-e-action-hash=\"#elementor-action%3Aaction%3Dlightbox%26settings%3DeyJpZCI6NzIxMSwidXJsIjoiaHR0cHM6XC9cL2Nvc3RhYmxhbmNhLW1hZ2F6aW4uY29tXC93cC1jb250ZW50XC91cGxvYWRzXC8yMDI1XC8wNVwvMjAyNDEwMTZfMTIzODQxLmpwZyIsInNsaWRlc2hvdyI6ImViMjQ3ZTIifQ%3D%3D\">\n\t\t\t\t\t<div class=\"e-gallery-image elementor-gallery-item__image\" data-thumbnail=\"https:\/\/costablanca-magazin.com\/wp-content\/uploads\/2025\/05\/20241016_123841.jpg\" data-width=\"1000\" data-height=\"473\" aria-label=\"Costa Blanca Mallorca 296\" role=\"img\" ><\/div>\n\t\t\t\t\t\t\t\t\t\t\t<div class=\"elementor-gallery-item__overlay\"><\/div>\n\t\t\t\t\t\t\t\t\t\t\t\t\t\t<\/a>\n\t\t\t\t\t\t\t<a class=\"e-gallery-item elementor-gallery-item elementor-animated-content\" href=\"https:\/\/costablanca-magazin.com\/wp-content\/uploads\/2025\/03\/Javea-Golf-2.jpg\" data-elementor-open-lightbox=\"yes\" data-elementor-lightbox-slideshow=\"eb247e2\" data-elementor-lightbox-title=\"Eleganz und  Sportgeist:  Club de Golf  J\u00e1vea\" data-elementor-lightbox-description=\"Eleganz und Sportgeist: Club de Golf J\u00e1vea\" data-e-action-hash=\"#elementor-action%3Aaction%3Dlightbox%26settings%3DeyJpZCI6NTE3OCwidXJsIjoiaHR0cHM6XC9cL2Nvc3RhYmxhbmNhLW1hZ2F6aW4uY29tXC93cC1jb250ZW50XC91cGxvYWRzXC8yMDI1XC8wM1wvSmF2ZWEtR29sZi0yLmpwZyIsInNsaWRlc2hvdyI6ImViMjQ3ZTIifQ%3D%3D\">\n\t\t\t\t\t<div class=\"e-gallery-image elementor-gallery-item__image\" data-thumbnail=\"https:\/\/costablanca-magazin.com\/wp-content\/uploads\/2025\/03\/Javea-Golf-2.jpg\" data-width=\"1440\" data-height=\"996\" aria-label=\"Elegancia y esp\u00edritu deportivo: Club de Golf J\u00e1vea 2\" role=\"img\" ><\/div>\n\t\t\t\t\t\t\t\t\t\t\t<div class=\"elementor-gallery-item__overlay\"><\/div>\n\t\t\t\t\t\t\t\t\t\t\t\t\t\t<\/a>\n\t\t\t\t\t\t\t<a class=\"e-gallery-item elementor-gallery-item elementor-animated-content\" href=\"https:\/\/costablanca-magazin.com\/wp-content\/uploads\/2025\/03\/Javea-Golf-6.jpg\" data-elementor-open-lightbox=\"yes\" data-elementor-lightbox-slideshow=\"eb247e2\" data-elementor-lightbox-title=\"Eleganz und  Sportgeist:  Club de Golf  J\u00e1vea\" data-elementor-lightbox-description=\"Eleganz und Sportgeist: Club de Golf J\u00e1vea\" data-e-action-hash=\"#elementor-action%3Aaction%3Dlightbox%26settings%3DeyJpZCI6NTE4MiwidXJsIjoiaHR0cHM6XC9cL2Nvc3RhYmxhbmNhLW1hZ2F6aW4uY29tXC93cC1jb250ZW50XC91cGxvYWRzXC8yMDI1XC8wM1wvSmF2ZWEtR29sZi02LmpwZyIsInNsaWRlc2hvdyI6ImViMjQ3ZTIifQ%3D%3D\">\n\t\t\t\t\t<div class=\"e-gallery-image elementor-gallery-item__image\" data-thumbnail=\"https:\/\/costablanca-magazin.com\/wp-content\/uploads\/2025\/03\/Javea-Golf-6.jpg\" data-width=\"1600\" data-height=\"1200\" aria-label=\"Elegancia y esp\u00edritu deportivo: Club de Golf J\u00e1vea 6\" role=\"img\" ><\/div>\n\t\t\t\t\t\t\t\t\t\t\t<div class=\"elementor-gallery-item__overlay\"><\/div>\n\t\t\t\t\t\t\t\t\t\t\t\t\t\t<\/a>\n\t\t\t\t\t\t\t<a class=\"e-gallery-item elementor-gallery-item elementor-animated-content\" href=\"https:\/\/costablanca-magazin.com\/wp-content\/uploads\/2025\/05\/20230820_084726.jpg\" data-elementor-open-lightbox=\"yes\" data-elementor-lightbox-slideshow=\"eb247e2\" data-elementor-lightbox-title=\"20230820_084726\" data-e-action-hash=\"#elementor-action%3Aaction%3Dlightbox%26settings%3DeyJpZCI6NzIwOCwidXJsIjoiaHR0cHM6XC9cL2Nvc3RhYmxhbmNhLW1hZ2F6aW4uY29tXC93cC1jb250ZW50XC91cGxvYWRzXC8yMDI1XC8wNVwvMjAyMzA4MjBfMDg0NzI2LmpwZyIsInNsaWRlc2hvdyI6ImViMjQ3ZTIifQ%3D%3D\">\n\t\t\t\t\t<div class=\"e-gallery-image elementor-gallery-item__image\" data-thumbnail=\"https:\/\/costablanca-magazin.com\/wp-content\/uploads\/2025\/05\/20230820_084726.jpg\" data-width=\"750\" data-height=\"1000\" aria-label=\"Costa Blanca Mallorca 293\" role=\"img\" ><\/div>\n\t\t\t\t\t\t\t\t\t\t\t<div class=\"elementor-gallery-item__overlay\"><\/div>\n\t\t\t\t\t\t\t\t\t\t\t\t\t\t<\/a>\n\t\t\t\t\t\t\t<a class=\"e-gallery-item elementor-gallery-item elementor-animated-content\" href=\"https:\/\/costablanca-magazin.com\/wp-content\/uploads\/2025\/05\/20230407_103343.jpg\" data-elementor-open-lightbox=\"yes\" data-elementor-lightbox-slideshow=\"eb247e2\" data-elementor-lightbox-title=\"20230407_103343\" data-e-action-hash=\"#elementor-action%3Aaction%3Dlightbox%26settings%3DeyJpZCI6NzE5MiwidXJsIjoiaHR0cHM6XC9cL2Nvc3RhYmxhbmNhLW1hZ2F6aW4uY29tXC93cC1jb250ZW50XC91cGxvYWRzXC8yMDI1XC8wNVwvMjAyMzA0MDdfMTAzMzQzLmpwZyIsInNsaWRlc2hvdyI6ImViMjQ3ZTIifQ%3D%3D\">\n\t\t\t\t\t<div class=\"e-gallery-image elementor-gallery-item__image\" data-thumbnail=\"https:\/\/costablanca-magazin.com\/wp-content\/uploads\/2025\/05\/20230407_103343.jpg\" data-width=\"1000\" data-height=\"750\" aria-label=\"Costa Blanca Mallorca 277\" role=\"img\" ><\/div>\n\t\t\t\t\t\t\t\t\t\t\t<div class=\"elementor-gallery-item__overlay\"><\/div>\n\t\t\t\t\t\t\t\t\t\t\t\t\t\t<\/a>\n\t\t\t\t\t\t\t<a class=\"e-gallery-item elementor-gallery-item elementor-animated-content\" href=\"https:\/\/costablanca-magazin.com\/wp-content\/uploads\/2025\/05\/20230407_103645.jpg\" data-elementor-open-lightbox=\"yes\" data-elementor-lightbox-slideshow=\"eb247e2\" data-elementor-lightbox-title=\"20230407_103645\" data-e-action-hash=\"#elementor-action%3Aaction%3Dlightbox%26settings%3DeyJpZCI6NzE5NywidXJsIjoiaHR0cHM6XC9cL2Nvc3RhYmxhbmNhLW1hZ2F6aW4uY29tXC93cC1jb250ZW50XC91cGxvYWRzXC8yMDI1XC8wNVwvMjAyMzA0MDdfMTAzNjQ1LmpwZyIsInNsaWRlc2hvdyI6ImViMjQ3ZTIifQ%3D%3D\">\n\t\t\t\t\t<div class=\"e-gallery-image elementor-gallery-item__image\" data-thumbnail=\"https:\/\/costablanca-magazin.com\/wp-content\/uploads\/2025\/05\/20230407_103645.jpg\" data-width=\"1000\" data-height=\"750\" aria-label=\"Costa Blanca Mallorca 282\" role=\"img\" ><\/div>\n\t\t\t\t\t\t\t\t\t\t\t<div class=\"elementor-gallery-item__overlay\"><\/div>\n\t\t\t\t\t\t\t\t\t\t\t\t\t\t<\/a>\n\t\t\t\t\t\t\t<a class=\"e-gallery-item elementor-gallery-item elementor-animated-content\" href=\"https:\/\/costablanca-magazin.com\/wp-content\/uploads\/2025\/05\/20230407_103640.jpg\" data-elementor-open-lightbox=\"yes\" data-elementor-lightbox-slideshow=\"eb247e2\" data-elementor-lightbox-title=\"20230407_103640\" data-e-action-hash=\"#elementor-action%3Aaction%3Dlightbox%26settings%3DeyJpZCI6NzE5NiwidXJsIjoiaHR0cHM6XC9cL2Nvc3RhYmxhbmNhLW1hZ2F6aW4uY29tXC93cC1jb250ZW50XC91cGxvYWRzXC8yMDI1XC8wNVwvMjAyMzA0MDdfMTAzNjQwLmpwZyIsInNsaWRlc2hvdyI6ImViMjQ3ZTIifQ%3D%3D\">\n\t\t\t\t\t<div class=\"e-gallery-image elementor-gallery-item__image\" data-thumbnail=\"https:\/\/costablanca-magazin.com\/wp-content\/uploads\/2025\/05\/20230407_103640.jpg\" data-width=\"750\" data-height=\"1000\" aria-label=\"Costa Blanca Mallorca 281\" role=\"img\" ><\/div>\n\t\t\t\t\t\t\t\t\t\t\t<div class=\"elementor-gallery-item__overlay\"><\/div>\n\t\t\t\t\t\t\t\t\t\t\t\t\t\t<\/a>\n\t\t\t\t\t\t\t<a class=\"e-gallery-item elementor-gallery-item elementor-animated-content\" href=\"https:\/\/costablanca-magazin.com\/wp-content\/uploads\/2025\/03\/Javea-Golf-1.jpg\" data-elementor-open-lightbox=\"yes\" data-elementor-lightbox-slideshow=\"eb247e2\" data-elementor-lightbox-title=\"Eleganz und  Sportgeist:  Club de Golf  J\u00e1vea\" data-elementor-lightbox-description=\"Eleganz und Sportgeist: Club de Golf J\u00e1vea\" data-e-action-hash=\"#elementor-action%3Aaction%3Dlightbox%26settings%3DeyJpZCI6NTE3NywidXJsIjoiaHR0cHM6XC9cL2Nvc3RhYmxhbmNhLW1hZ2F6aW4uY29tXC93cC1jb250ZW50XC91cGxvYWRzXC8yMDI1XC8wM1wvSmF2ZWEtR29sZi0xLmpwZyIsInNsaWRlc2hvdyI6ImViMjQ3ZTIifQ%3D%3D\">\n\t\t\t\t\t<div class=\"e-gallery-image elementor-gallery-item__image\" data-thumbnail=\"https:\/\/costablanca-magazin.com\/wp-content\/uploads\/2025\/03\/Javea-Golf-1.jpg\" data-width=\"2048\" data-height=\"1536\" aria-label=\"Elegancia y esp\u00edritu deportivo: Club de Golf J\u00e1vea 1\" role=\"img\" ><\/div>\n\t\t\t\t\t\t\t\t\t\t\t<div class=\"elementor-gallery-item__overlay\"><\/div>\n\t\t\t\t\t\t\t\t\t\t\t\t\t\t<\/a>\n\t\t\t\t\t\t\t<a class=\"e-gallery-item elementor-gallery-item elementor-animated-content\" href=\"https:\/\/costablanca-magazin.com\/wp-content\/uploads\/2025\/05\/20230820_081913.jpg\" data-elementor-open-lightbox=\"yes\" data-elementor-lightbox-slideshow=\"eb247e2\" data-elementor-lightbox-title=\"20230820_081913\" data-e-action-hash=\"#elementor-action%3Aaction%3Dlightbox%26settings%3DeyJpZCI6NzIwNCwidXJsIjoiaHR0cHM6XC9cL2Nvc3RhYmxhbmNhLW1hZ2F6aW4uY29tXC93cC1jb250ZW50XC91cGxvYWRzXC8yMDI1XC8wNVwvMjAyMzA4MjBfMDgxOTEzLmpwZyIsInNsaWRlc2hvdyI6ImViMjQ3ZTIifQ%3D%3D\">\n\t\t\t\t\t<div class=\"e-gallery-image elementor-gallery-item__image\" data-thumbnail=\"https:\/\/costablanca-magazin.com\/wp-content\/uploads\/2025\/05\/20230820_081913.jpg\" data-width=\"1000\" data-height=\"750\" aria-label=\"Costa Blanca Mallorca 289\" role=\"img\" ><\/div>\n\t\t\t\t\t\t\t\t\t\t\t<div class=\"elementor-gallery-item__overlay\"><\/div>\n\t\t\t\t\t\t\t\t\t\t\t\t\t\t<\/a>\n\t\t\t\t\t\t\t<a class=\"e-gallery-item elementor-gallery-item elementor-animated-content\" href=\"https:\/\/costablanca-magazin.com\/wp-content\/uploads\/2025\/05\/20230820_081238.jpg\" data-elementor-open-lightbox=\"yes\" data-elementor-lightbox-slideshow=\"eb247e2\" data-elementor-lightbox-title=\"20230820_081238\" data-e-action-hash=\"#elementor-action%3Aaction%3Dlightbox%26settings%3DeyJpZCI6NzIwMiwidXJsIjoiaHR0cHM6XC9cL2Nvc3RhYmxhbmNhLW1hZ2F6aW4uY29tXC93cC1jb250ZW50XC91cGxvYWRzXC8yMDI1XC8wNVwvMjAyMzA4MjBfMDgxMjM4LmpwZyIsInNsaWRlc2hvdyI6ImViMjQ3ZTIifQ%3D%3D\">\n\t\t\t\t\t<div class=\"e-gallery-image elementor-gallery-item__image\" data-thumbnail=\"https:\/\/costablanca-magazin.com\/wp-content\/uploads\/2025\/05\/20230820_081238.jpg\" data-width=\"750\" data-height=\"1000\" aria-label=\"Costa Blanca Mallorca 287\" role=\"img\" ><\/div>\n\t\t\t\t\t\t\t\t\t\t\t<div class=\"elementor-gallery-item__overlay\"><\/div>\n\t\t\t\t\t\t\t\t\t\t\t\t\t\t<\/a>\n\t\t\t\t\t\t\t<a class=\"e-gallery-item elementor-gallery-item elementor-animated-content\" href=\"https:\/\/costablanca-magazin.com\/wp-content\/uploads\/2025\/05\/20241016_124139.jpg\" data-elementor-open-lightbox=\"yes\" data-elementor-lightbox-slideshow=\"eb247e2\" data-elementor-lightbox-title=\"20241016_124139\" data-e-action-hash=\"#elementor-action%3Aaction%3Dlightbox%26settings%3DeyJpZCI6NzIxMywidXJsIjoiaHR0cHM6XC9cL2Nvc3RhYmxhbmNhLW1hZ2F6aW4uY29tXC93cC1jb250ZW50XC91cGxvYWRzXC8yMDI1XC8wNVwvMjAyNDEwMTZfMTI0MTM5LmpwZyIsInNsaWRlc2hvdyI6ImViMjQ3ZTIifQ%3D%3D\">\n\t\t\t\t\t<div class=\"e-gallery-image elementor-gallery-item__image\" data-thumbnail=\"https:\/\/costablanca-magazin.com\/wp-content\/uploads\/2025\/05\/20241016_124139.jpg\" data-width=\"1000\" data-height=\"473\" aria-label=\"Costa Blanca Mallorca 298\" role=\"img\" ><\/div>\n\t\t\t\t\t\t\t\t\t\t\t<div class=\"elementor-gallery-item__overlay\"><\/div>\n\t\t\t\t\t\t\t\t\t\t\t\t\t\t<\/a>\n\t\t\t\t\t\t\t<a class=\"e-gallery-item elementor-gallery-item elementor-animated-content\" href=\"https:\/\/costablanca-magazin.com\/wp-content\/uploads\/2025\/05\/20241016_125348.jpg\" data-elementor-open-lightbox=\"yes\" data-elementor-lightbox-slideshow=\"eb247e2\" data-elementor-lightbox-title=\"20241016_125348\" data-e-action-hash=\"#elementor-action%3Aaction%3Dlightbox%26settings%3DeyJpZCI6NzIxNCwidXJsIjoiaHR0cHM6XC9cL2Nvc3RhYmxhbmNhLW1hZ2F6aW4uY29tXC93cC1jb250ZW50XC91cGxvYWRzXC8yMDI1XC8wNVwvMjAyNDEwMTZfMTI1MzQ4LmpwZyIsInNsaWRlc2hvdyI6ImViMjQ3ZTIifQ%3D%3D\">\n\t\t\t\t\t<div class=\"e-gallery-image elementor-gallery-item__image\" data-thumbnail=\"https:\/\/costablanca-magazin.com\/wp-content\/uploads\/2025\/05\/20241016_125348.jpg\" data-width=\"1000\" data-height=\"473\" aria-label=\"Costa Blanca Mallorca 299\" role=\"img\" ><\/div>\n\t\t\t\t\t\t\t\t\t\t\t<div class=\"elementor-gallery-item__overlay\"><\/div>\n\t\t\t\t\t\t\t\t\t\t\t\t\t\t<\/a>\n\t\t\t\t\t\t\t<a class=\"e-gallery-item elementor-gallery-item elementor-animated-content\" href=\"https:\/\/costablanca-magazin.com\/wp-content\/uploads\/2025\/05\/20230820_082111.jpg\" data-elementor-open-lightbox=\"yes\" data-elementor-lightbox-slideshow=\"eb247e2\" data-elementor-lightbox-title=\"20230820_082111\" data-e-action-hash=\"#elementor-action%3Aaction%3Dlightbox%26settings%3DeyJpZCI6NzIwNSwidXJsIjoiaHR0cHM6XC9cL2Nvc3RhYmxhbmNhLW1hZ2F6aW4uY29tXC93cC1jb250ZW50XC91cGxvYWRzXC8yMDI1XC8wNVwvMjAyMzA4MjBfMDgyMTExLmpwZyIsInNsaWRlc2hvdyI6ImViMjQ3ZTIifQ%3D%3D\">\n\t\t\t\t\t<div class=\"e-gallery-image elementor-gallery-item__image\" data-thumbnail=\"https:\/\/costablanca-magazin.com\/wp-content\/uploads\/2025\/05\/20230820_082111.jpg\" data-width=\"1000\" data-height=\"750\" aria-label=\"Costa Blanca Mallorca 290\" role=\"img\" ><\/div>\n\t\t\t\t\t\t\t\t\t\t\t<div class=\"elementor-gallery-item__overlay\"><\/div>\n\t\t\t\t\t\t\t\t\t\t\t\t\t\t<\/a>\n\t\t\t\t\t\t\t<a class=\"e-gallery-item elementor-gallery-item elementor-animated-content\" href=\"https:\/\/costablanca-magazin.com\/wp-content\/uploads\/2023\/01\/waterfront-panoramic-view-of-the-arenal-beach-and-2022-11-15-15-03-17-utc-scaled-1.jpg\" data-elementor-open-lightbox=\"yes\" data-elementor-lightbox-slideshow=\"eb247e2\" data-elementor-lightbox-title=\"waterfront-panoramic-view-of-the-arenal-beach-and-2022-11-15-15-03-17-utc\" data-elementor-lightbox-description=\"Strand Javea Costa Blanca \" data-e-action-hash=\"#elementor-action%3Aaction%3Dlightbox%26settings%3DeyJpZCI6MTA4OCwidXJsIjoiaHR0cHM6XC9cL2Nvc3RhYmxhbmNhLW1hZ2F6aW4uY29tXC93cC1jb250ZW50XC91cGxvYWRzXC8yMDIzXC8wMVwvd2F0ZXJmcm9udC1wYW5vcmFtaWMtdmlldy1vZi10aGUtYXJlbmFsLWJlYWNoLWFuZC0yMDIyLTExLTE1LTE1LTAzLTE3LXV0Yy1zY2FsZWQtMS5qcGciLCJzbGlkZXNob3ciOiJlYjI0N2UyIn0%3D\">\n\t\t\t\t\t<div class=\"e-gallery-image elementor-gallery-item__image\" data-thumbnail=\"https:\/\/costablanca-magazin.com\/wp-content\/uploads\/2023\/01\/waterfront-panoramic-view-of-the-arenal-beach-and-2022-11-15-15-03-17-utc-scaled-1-2048x1366.jpg\" data-width=\"2048\" data-height=\"1366\" aria-label=\"Playa Javea Costa Blanca\" role=\"img\" ><\/div>\n\t\t\t\t\t\t\t\t\t\t\t<div class=\"elementor-gallery-item__overlay\"><\/div>\n\t\t\t\t\t\t\t\t\t\t\t\t\t\t<\/a>\n\t\t\t\t\t\t\t<a class=\"e-gallery-item elementor-gallery-item elementor-animated-content\" href=\"https:\/\/costablanca-magazin.com\/wp-content\/uploads\/2024\/06\/strande3.jpg\" data-elementor-open-lightbox=\"yes\" data-elementor-lightbox-slideshow=\"eb247e2\" data-elementor-lightbox-title=\"Javea costa Blanca strand\" data-elementor-lightbox-description=\"Javea costa Blanca strand\" data-e-action-hash=\"#elementor-action%3Aaction%3Dlightbox%26settings%3DeyJpZCI6MjE4LCJ1cmwiOiJodHRwczpcL1wvY29zdGFibGFuY2EtbWFnYXppbi5jb21cL3dwLWNvbnRlbnRcL3VwbG9hZHNcLzIwMjRcLzA2XC9zdHJhbmRlMy5qcGciLCJzbGlkZXNob3ciOiJlYjI0N2UyIn0%3D\">\n\t\t\t\t\t<div class=\"e-gallery-image elementor-gallery-item__image\" data-thumbnail=\"https:\/\/costablanca-magazin.com\/wp-content\/uploads\/2024\/06\/strande3.jpg\" data-width=\"800\" data-height=\"600\" aria-label=\"Javea costa Blanca playa\" role=\"img\" ><\/div>\n\t\t\t\t\t\t\t\t\t\t\t<div class=\"elementor-gallery-item__overlay\"><\/div>\n\t\t\t\t\t\t\t\t\t\t\t\t\t\t<\/a>\n\t\t\t\t\t<\/div>\n\t\t\t\t\t<\/div>\n\t\t\t\t<\/div>\n\t\t\t\t\t<\/div>\n\t\t\t\t<\/div>\n\t\t<div class=\"elementor-element elementor-element-1043d93 e-flex e-con-boxed e-con e-parent\" data-id=\"1043d93\" data-element_type=\"container\" data-e-type=\"container\">\n\t\t\t\t\t<div class=\"e-con-inner\">\n\t\t\t\t<div class=\"elementor-element elementor-element-76344f5 elementor-grid-3 elementor-grid-tablet-2 elementor-grid-mobile-1 elementor-posts--thumbnail-top elementor-posts--show-avatar elementor-card-shadow-yes elementor-posts__hover-gradient elementor-widget elementor-widget-posts\" data-id=\"76344f5\" data-element_type=\"widget\" data-e-type=\"widget\" data-settings=\"{&quot;cards_columns&quot;:&quot;3&quot;,&quot;cards_columns_tablet&quot;:&quot;2&quot;,&quot;cards_columns_mobile&quot;:&quot;1&quot;,&quot;cards_row_gap&quot;:{&quot;unit&quot;:&quot;px&quot;,&quot;size&quot;:35,&quot;sizes&quot;:[]},&quot;cards_row_gap_tablet&quot;:{&quot;unit&quot;:&quot;px&quot;,&quot;size&quot;:&quot;&quot;,&quot;sizes&quot;:[]},&quot;cards_row_gap_mobile&quot;:{&quot;unit&quot;:&quot;px&quot;,&quot;size&quot;:&quot;&quot;,&quot;sizes&quot;:[]}}\" data-widget_type=\"posts.cards\">\n\t\t\t\t<div class=\"elementor-widget-container\">\n\t\t\t\t\t\t\t<div class=\"elementor-posts-container elementor-posts elementor-posts--skin-cards elementor-grid\" role=\"list\">\n\t\t\t\t<article class=\"elementor-post elementor-grid-item post-8276 post type-post status-publish format-standard has-post-thumbnail hentry category-business-service tag-brillenboutique-costa-blanca tag-designerbrillen-spanien tag-luxus-sonnenbrillen tag-olivers-optica tag-optiker-albir tag-sehtest-el-albir\" role=\"listitem\">\n\t\t\t<div class=\"elementor-post__card\">\n\t\t\t\t<a class=\"elementor-post__thumbnail__link\" href=\"https:\/\/costablanca-magazin.com\/es\/lokales\/business-service\/olivers-optica-sehgenuss-trifft-stilkompetenz\/\" tabindex=\"-1\" ><div class=\"elementor-post__thumbnail\"><img fetchpriority=\"high\" decoding=\"async\" width=\"801\" height=\"1200\" src=\"https:\/\/costablanca-magazin.com\/wp-content\/uploads\/2025\/07\/OpticaOliver1.jpg\" class=\"attachment-1536x1536 size-1536x1536 wp-image-8289\" alt=\"\u00d3ptica Oliver Albir 10\" srcset=\"https:\/\/costablanca-magazin.com\/wp-content\/uploads\/2025\/07\/OpticaOliver1.jpg 801w, https:\/\/costablanca-magazin.com\/wp-content\/uploads\/2025\/07\/OpticaOliver1-200x300.jpg 200w, https:\/\/costablanca-magazin.com\/wp-content\/uploads\/2025\/07\/OpticaOliver1-684x1024.jpg 684w, https:\/\/costablanca-magazin.com\/wp-content\/uploads\/2025\/07\/OpticaOliver1-768x1151.jpg 768w\" sizes=\"(max-width: 801px) 100vw, 801px\" \/><\/div><\/a>\n\t\t\t\t<div class=\"elementor-post__badge\">Empresas y servicios<\/div>\n\t\t\t\t<div class=\"elementor-post__avatar\">\n\t\t\t\t\t<\/div>\n\t\t\t\t<div class=\"elementor-post__text\">\n\t\t\t\t<h2 class=\"elementor-post__title\">\n\t\t\t<a href=\"https:\/\/costablanca-magazin.com\/es\/lokales\/business-service\/olivers-optica-sehgenuss-trifft-stilkompetenz\/\" >\n\t\t\t\tOliver's Optica: el placer visual se une a la experiencia en estilo\t\t\t<\/a>\n\t\t<\/h2>\n\t\t\t\t<\/div>\n\t\t\t\t\t<\/div>\n\t\t<\/article>\n\t\t\t\t<article class=\"elementor-post elementor-grid-item post-178 post type-post status-publish format-standard has-post-thumbnail hentry category-familie-kinder tag-ausfluege-costablanca tag-ausfluege-mit-kindern tag-costa-blanca tag-erlebnissparks-costa-blanca\" role=\"listitem\">\n\t\t\t<div class=\"elementor-post__card\">\n\t\t\t\t<a class=\"elementor-post__thumbnail__link\" href=\"https:\/\/costablanca-magazin.com\/es\/freizeit\/familie-kinder\/ausfluege-mit-kindern-an-der-costa-blanca\/\" tabindex=\"-1\" ><div class=\"elementor-post__thumbnail\"><img decoding=\"async\" width=\"600\" height=\"600\" src=\"https:\/\/costablanca-magazin.com\/wp-content\/uploads\/2024\/06\/costablanca-lifestyle-benidorm-aqualandia-3.jpg\" class=\"attachment-1536x1536 size-1536x1536 wp-image-179\" alt=\"Costa Blanca Benidorm Aqualandia\" srcset=\"https:\/\/costablanca-magazin.com\/wp-content\/uploads\/2024\/06\/costablanca-lifestyle-benidorm-aqualandia-3.jpg 600w, https:\/\/costablanca-magazin.com\/wp-content\/uploads\/2024\/06\/costablanca-lifestyle-benidorm-aqualandia-3-300x300.jpg 300w, https:\/\/costablanca-magazin.com\/wp-content\/uploads\/2024\/06\/costablanca-lifestyle-benidorm-aqualandia-3-150x150.jpg 150w\" sizes=\"(max-width: 600px) 100vw, 600px\" \/><\/div><\/a>\n\t\t\t\t<div class=\"elementor-post__badge\">Familia e infancia<\/div>\n\t\t\t\t<div class=\"elementor-post__avatar\">\n\t\t\t\t\t<\/div>\n\t\t\t\t<div class=\"elementor-post__text\">\n\t\t\t\t<h2 class=\"elementor-post__title\">\n\t\t\t<a href=\"https:\/\/costablanca-magazin.com\/es\/freizeit\/familie-kinder\/ausfluege-mit-kindern-an-der-costa-blanca\/\" >\n\t\t\t\tExcursiones con ni\u00f1os en la Costa Blanca\t\t\t<\/a>\n\t\t<\/h2>\n\t\t\t\t<\/div>\n\t\t\t\t\t<\/div>\n\t\t<\/article>\n\t\t\t\t<article class=\"elementor-post elementor-grid-item post-188 post type-post status-publish format-standard has-post-thumbnail hentry category-aktivitaeten-und-ausfluege tag-ausfluege-costablanca tag-costa-blanca tag-go-cart-fahren-costablanca tag-kinder-costa-blanca tag-kinder-costablanca\" role=\"listitem\">\n\t\t\t<div class=\"elementor-post__card\">\n\t\t\t\t<a class=\"elementor-post__thumbnail__link\" href=\"https:\/\/costablanca-magazin.com\/es\/freizeit\/aktivitaeten-und-ausfluege\/go-kart-fahren-an-der-costa-blanca\/\" tabindex=\"-1\" ><div class=\"elementor-post__thumbnail\"><img decoding=\"async\" width=\"1536\" height=\"1024\" src=\"https:\/\/costablanca-magazin.com\/wp-content\/uploads\/2024\/06\/handsome-man-in-a-karting-with-a-car-2021-08-26-18-31-14-utc-scaled-1-1536x1024.jpg\" class=\"attachment-1536x1536 size-1536x1536 wp-image-189\" alt=\"Go-karting en la Costa Blanca\" srcset=\"https:\/\/costablanca-magazin.com\/wp-content\/uploads\/2024\/06\/handsome-man-in-a-karting-with-a-car-2021-08-26-18-31-14-utc-scaled-1-1536x1024.jpg 1536w, https:\/\/costablanca-magazin.com\/wp-content\/uploads\/2024\/06\/handsome-man-in-a-karting-with-a-car-2021-08-26-18-31-14-utc-scaled-1-300x200.jpg 300w, https:\/\/costablanca-magazin.com\/wp-content\/uploads\/2024\/06\/handsome-man-in-a-karting-with-a-car-2021-08-26-18-31-14-utc-scaled-1-1024x683.jpg 1024w, https:\/\/costablanca-magazin.com\/wp-content\/uploads\/2024\/06\/handsome-man-in-a-karting-with-a-car-2021-08-26-18-31-14-utc-scaled-1-768x512.jpg 768w, https:\/\/costablanca-magazin.com\/wp-content\/uploads\/2024\/06\/handsome-man-in-a-karting-with-a-car-2021-08-26-18-31-14-utc-scaled-1-2048x1366.jpg 2048w\" sizes=\"(max-width: 1536px) 100vw, 1536px\" \/><\/div><\/a>\n\t\t\t\t<div class=\"elementor-post__badge\">Actividades y excursiones<\/div>\n\t\t\t\t<div class=\"elementor-post__avatar\">\n\t\t\t\t\t<\/div>\n\t\t\t\t<div class=\"elementor-post__text\">\n\t\t\t\t<h2 class=\"elementor-post__title\">\n\t\t\t<a href=\"https:\/\/costablanca-magazin.com\/es\/freizeit\/aktivitaeten-und-ausfluege\/go-kart-fahren-an-der-costa-blanca\/\" >\n\t\t\t\tGo-karting en la Costa Blanca\t\t\t<\/a>\n\t\t<\/h2>\n\t\t\t\t<\/div>\n\t\t\t\t\t<\/div>\n\t\t<\/article>\n\t\t\t\t<\/div>\n\t\t\n\t\t\t\t\t\t<\/div>\n\t\t\t\t<\/div>\n\t\t\t\t\t<\/div>\n\t\t\t\t<\/div>\n\t\t\t\t<\/div>","protected":false},"excerpt":{"rendered":"<p>J\u00e1vea \u2013 familienfreundliche Str\u00e4nde, Kap Montg\u00f3 &amp; Wassersport K\u00fcstenort mit drei Gesichtern und hohem Lebensstandard J\u00e1vea, oder auf Valencianisch X\u00e0bia, z\u00e4hlt zu den vielseitigsten Orten an der Costa Blanca. Die Stadt vereint drei klar unterscheidbare Zonen: den historischen Stadtkern im Landesinneren, den Yachthafen mit Altstadtflair am Meer und das moderne<\/p>","protected":false},"author":1,"featured_media":0,"parent":0,"menu_order":0,"comment_status":"closed","ping_status":"closed","template":"elementor_header_footer","meta":{"om_disable_all_campaigns":false,"_monsterinsights_skip_tracking":false,"_monsterinsights_sitenote_active":false,"_monsterinsights_sitenote_note":"","_monsterinsights_sitenote_category":0,"footnotes":""},"class_list":["post-4669","page","type-page","status-publish","hentry"],"aioseo_notices":[],"_links":{"self":[{"href":"https:\/\/costablanca-magazin.com\/es\/wp-json\/wp\/v2\/pages\/4669","targetHints":{"allow":["GET"]}}],"collection":[{"href":"https:\/\/costablanca-magazin.com\/es\/wp-json\/wp\/v2\/pages"}],"about":[{"href":"https:\/\/costablanca-magazin.com\/es\/wp-json\/wp\/v2\/types\/page"}],"author":[{"embeddable":true,"href":"https:\/\/costablanca-magazin.com\/es\/wp-json\/wp\/v2\/users\/1"}],"replies":[{"embeddable":true,"href":"https:\/\/costablanca-magazin.com\/es\/wp-json\/wp\/v2\/comments?post=4669"}],"version-history":[{"count":40,"href":"https:\/\/costablanca-magazin.com\/es\/wp-json\/wp\/v2\/pages\/4669\/revisions"}],"predecessor-version":[{"id":11008,"href":"https:\/\/costablanca-magazin.com\/es\/wp-json\/wp\/v2\/pages\/4669\/revisions\/11008"}],"wp:attachment":[{"href":"https:\/\/costablanca-magazin.com\/es\/wp-json\/wp\/v2\/media?parent=4669"}],"curies":[{"name":"wp","href":"https:\/\/api.w.org\/{rel}","templated":true}]}}