{"id":4614,"date":"2025-01-21T09:21:00","date_gmt":"2025-01-21T08:21:00","guid":{"rendered":"https:\/\/costablanca-magazin.com\/?page_id=4614"},"modified":"2026-02-11T11:48:41","modified_gmt":"2026-02-11T10:48:41","slug":"movilidad-transporte","status":"publish","type":"page","link":"https:\/\/costablanca-magazin.com\/es\/mobilitaet-verkehr\/","title":{"rendered":"Movilidad y transporte"},"content":{"rendered":"<div data-elementor-type=\"wp-page\" data-elementor-id=\"4614\" class=\"elementor elementor-4614\" data-elementor-post-type=\"page\">\n\t\t\t\t<div class=\"elementor-element elementor-element-d7eb3e9 e-flex e-con-boxed e-con e-parent\" data-id=\"d7eb3e9\" data-element_type=\"container\" data-e-type=\"container\">\n\t\t\t\t\t<div class=\"e-con-inner\">\n\t\t<div class=\"elementor-element elementor-element-e73d8d8 e-con-full e-flex e-con e-child\" data-id=\"e73d8d8\" data-element_type=\"container\" data-e-type=\"container\">\n\t\t<div class=\"elementor-element elementor-element-3fc2f25 e-con-full e-flex e-con e-child\" data-id=\"3fc2f25\" data-element_type=\"container\" data-e-type=\"container\">\n\t\t\t\t<div class=\"elementor-element elementor-element-52a9dcc elementor-widget elementor-widget-heading\" data-id=\"52a9dcc\" data-element_type=\"widget\" data-e-type=\"widget\" data-widget_type=\"heading.default\">\n\t\t\t\t<div class=\"elementor-widget-container\">\n\t\t\t\t\t<h1 class=\"elementor-heading-title elementor-size-default\">Residentes - Movilidad y transporte<\/h1>\t\t\t\t<\/div>\n\t\t\t\t<\/div>\n\t\t\t\t<\/div>\n\t\t<div class=\"elementor-element elementor-element-3485b5b e-con-full e-grid e-con e-child\" data-id=\"3485b5b\" data-element_type=\"container\" data-e-type=\"container\">\n\t\t\t\t<\/div>\n\t\t\t\t<\/div>\n\t\t\t\t\t<\/div>\n\t\t\t\t<\/div>\n\t\t<div class=\"elementor-element elementor-element-ab54225 e-flex e-con-boxed e-con e-parent\" data-id=\"ab54225\" data-element_type=\"container\" data-e-type=\"container\">\n\t\t\t\t\t<div class=\"e-con-inner\">\n\t\t\t\t<div class=\"elementor-element elementor-element-a0027fe elementor-grid-3 elementor-grid-tablet-2 elementor-grid-mobile-1 elementor-posts--thumbnail-top elementor-card-shadow-yes elementor-posts__hover-gradient elementor-widget elementor-widget-posts\" data-id=\"a0027fe\" data-element_type=\"widget\" data-e-type=\"widget\" data-settings=\"{&quot;pagination_type&quot;:&quot;numbers&quot;,&quot;cards_columns&quot;:&quot;3&quot;,&quot;cards_columns_tablet&quot;:&quot;2&quot;,&quot;cards_columns_mobile&quot;:&quot;1&quot;,&quot;cards_row_gap&quot;:{&quot;unit&quot;:&quot;px&quot;,&quot;size&quot;:35,&quot;sizes&quot;:[]},&quot;cards_row_gap_tablet&quot;:{&quot;unit&quot;:&quot;px&quot;,&quot;size&quot;:&quot;&quot;,&quot;sizes&quot;:[]},&quot;cards_row_gap_mobile&quot;:{&quot;unit&quot;:&quot;px&quot;,&quot;size&quot;:&quot;&quot;,&quot;sizes&quot;:[]}}\" data-widget_type=\"posts.cards\">\n\t\t\t\t<div class=\"elementor-widget-container\">\n\t\t\t\t\t\t\t<div class=\"elementor-posts-container elementor-posts elementor-posts--skin-cards elementor-grid\" role=\"list\">\n\t\t\t\t<article class=\"elementor-post elementor-grid-item post-10852 post type-post status-publish format-standard has-post-thumbnail hentry category-mobilitaet-verkehr tag-auto-in-spanien-anmelden tag-dgt-alicante tag-fahrzeugummeldung-costa-blanca tag-itv-spanien tag-kfz-steuer-alicante tag-zulassungssteuer-spanien\" role=\"listitem\">\n\t\t\t<div class=\"elementor-post__card\">\n\t\t\t\t<a class=\"elementor-post__thumbnail__link\" href=\"https:\/\/costablanca-magazin.com\/es\/residenten\/mobilitaet-verkehr\/fahrzeugummeldung-an-der-costa-blanca-2026\/\" tabindex=\"-1\" ><div class=\"elementor-post__thumbnail\"><img decoding=\"async\" width=\"300\" height=\"69\" src=\"https:\/\/costablanca-magazin.com\/wp-content\/uploads\/2026\/03\/IMG_8470-e1772545236723-300x69.jpg\" class=\"attachment-medium size-medium wp-image-10860\" alt=\"Rematriculaci\u00f3n de veh\u00edculos en la Costa Blanca\" srcset=\"https:\/\/costablanca-magazin.com\/wp-content\/uploads\/2026\/03\/IMG_8470-e1772545236723-300x69.jpg 300w, https:\/\/costablanca-magazin.com\/wp-content\/uploads\/2026\/03\/IMG_8470-e1772545236723-1024x234.jpg 1024w, https:\/\/costablanca-magazin.com\/wp-content\/uploads\/2026\/03\/IMG_8470-e1772545236723-768x175.jpg 768w, https:\/\/costablanca-magazin.com\/wp-content\/uploads\/2026\/03\/IMG_8470-e1772545236723-18x4.jpg 18w, https:\/\/costablanca-magazin.com\/wp-content\/uploads\/2026\/03\/IMG_8470-e1772545236723.jpg 1200w\" sizes=\"(max-width: 300px) 100vw, 300px\" \/><\/div><\/a>\n\t\t\t\t<div class=\"elementor-post__badge\">Movilidad y transporte<\/div>\n\t\t\t\t<div class=\"elementor-post__text\">\n\t\t\t\t<h2 class=\"elementor-post__title\">\n\t\t\t<a href=\"https:\/\/costablanca-magazin.com\/es\/residenten\/mobilitaet-verkehr\/fahrzeugummeldung-an-der-costa-blanca-2026\/\" >\n\t\t\t\tMatriculaci\u00f3n de veh\u00edculos en la Costa Blanca 2026\t\t\t<\/a>\n\t\t<\/h2>\n\t\t\t\t<div class=\"elementor-post__excerpt\">\n\t\t\t<p>Rematriculaci\u00f3n de veh\u00edculos en la Costa Blanca - tr\u00e1mites, costes y fechas DGT Rematriculaci\u00f3n de veh\u00edculos en la Costa Blanca: ITV, impuesto de matriculaci\u00f3n, DGT Alicante y costes de un vistazo. Gu\u00eda para residentes en la provincia de Alicante. Cualquier persona que traslade su residencia a la Costa Blanca - ya sea a D\u00e9nia, J\u00e1vea, Calpe, Benidorm o La Zenia - debe<\/p>\n\t\t<\/div>\n\t\t\n\t\t<a class=\"elementor-post__read-more\" href=\"https:\/\/costablanca-magazin.com\/es\/residenten\/mobilitaet-verkehr\/fahrzeugummeldung-an-der-costa-blanca-2026\/\" aria-label=\"M\u00e1s informaci\u00f3n sobre Fahrzeugummeldung an der Costa Blanca 2026\" tabindex=\"-1\" >\n\t\t\tLeer m\u00e1s \u00bb\t\t<\/a>\n\n\t\t\t\t<\/div>\n\t\t\t\t\t<\/div>\n\t\t<\/article>\n\t\t\t\t<article class=\"elementor-post elementor-grid-item post-10539 post type-post status-publish format-standard has-post-thumbnail hentry category-mobilitaet-verkehr tag-bussgeld-e-scooter tag-costa-blanca-e-scooter tag-e-scooter-registrierung tag-e-scooter-spanien tag-e-scooter-versicherung-spanien tag-gesetz-5-2025 tag-vmp-register-dgt\" role=\"listitem\">\n\t\t\t<div class=\"elementor-post__card\">\n\t\t\t\t<a class=\"elementor-post__thumbnail__link\" href=\"https:\/\/costablanca-magazin.com\/es\/residenten\/mobilitaet-verkehr\/e-scooter-neues-register-und-versicherungspflicht-ab-2026-in-spanien\/\" tabindex=\"-1\" ><div class=\"elementor-post__thumbnail\"><img fetchpriority=\"high\" decoding=\"async\" width=\"300\" height=\"200\" src=\"https:\/\/costablanca-magazin.com\/wp-content\/uploads\/2026\/02\/patinete-mallorca-y-costa-blanca-300x200.jpg\" class=\"attachment-medium size-medium wp-image-10540\" alt=\"E-scooters: nuevo registro y seguro obligatorio a partir de 2026 en Espa\u00f1a\" srcset=\"https:\/\/costablanca-magazin.com\/wp-content\/uploads\/2026\/02\/patinete-mallorca-y-costa-blanca-300x200.jpg 300w, https:\/\/costablanca-magazin.com\/wp-content\/uploads\/2026\/02\/patinete-mallorca-y-costa-blanca-1024x683.jpg 1024w, https:\/\/costablanca-magazin.com\/wp-content\/uploads\/2026\/02\/patinete-mallorca-y-costa-blanca-768x512.jpg 768w, https:\/\/costablanca-magazin.com\/wp-content\/uploads\/2026\/02\/patinete-mallorca-y-costa-blanca-1536x1025.jpg 1536w, https:\/\/costablanca-magazin.com\/wp-content\/uploads\/2026\/02\/patinete-mallorca-y-costa-blanca-18x12.jpg 18w\" sizes=\"(max-width: 300px) 100vw, 300px\" \/><\/div><\/a>\n\t\t\t\t<div class=\"elementor-post__badge\">Movilidad y transporte<\/div>\n\t\t\t\t<div class=\"elementor-post__text\">\n\t\t\t\t<h2 class=\"elementor-post__title\">\n\t\t\t<a href=\"https:\/\/costablanca-magazin.com\/es\/residenten\/mobilitaet-verkehr\/e-scooter-neues-register-und-versicherungspflicht-ab-2026-in-spanien\/\" >\n\t\t\t\tE-scooters: Nuevo registro y seguro obligatorio a partir de 2026 en Espa\u00f1a\t\t\t<\/a>\n\t\t<\/h2>\n\t\t\t\t<div class=\"elementor-post__excerpt\">\n\t\t\t<p>E-scooters en Mallorca: registro y seguro ahora obligatorio E-scooters en Mallorca deben estar registrados en el registro de la DGT. S\u00f3lo entonces es posible el seguro. Normas, plazos y multas de un vistazo. Con la introducci\u00f3n del registro nacional de veh\u00edculos privados ligeros (VMP), Espa\u00f1a est\u00e1 aplicando ahora la obligaci\u00f3n legal de seguro para e-scooters y veh\u00edculos similares.<\/p>\n\t\t<\/div>\n\t\t\n\t\t<a class=\"elementor-post__read-more\" href=\"https:\/\/costablanca-magazin.com\/es\/residenten\/mobilitaet-verkehr\/e-scooter-neues-register-und-versicherungspflicht-ab-2026-in-spanien\/\" aria-label=\"M\u00e1s informaci\u00f3n sobre E-Scooter: Neues Register und Versicherungspflicht ab 2026 in Spanien\" tabindex=\"-1\" >\n\t\t\tLeer m\u00e1s \u00bb\t\t<\/a>\n\n\t\t\t\t<\/div>\n\t\t\t\t\t<\/div>\n\t\t<\/article>\n\t\t\t\t<article class=\"elementor-post elementor-grid-item post-8785 post type-post status-publish format-standard has-post-thumbnail hentry category-mobilitaet-verkehr tag-abschleppdienst-spanien tag-autopanne-costa-blanca tag-autopanne-spanien tag-panne-mietwagen-spanien tag-regeln-autopanne tag-sicherheit-autobahn-spanien tag-v16-led-leuchte tag-versicherungsservice-spanien\" role=\"listitem\">\n\t\t\t<div class=\"elementor-post__card\">\n\t\t\t\t<a class=\"elementor-post__thumbnail__link\" href=\"https:\/\/costablanca-magazin.com\/es\/residenten\/mobilitaet-verkehr\/costa-blanca-autopanne-regeln-risiken-hilfe\/\" tabindex=\"-1\" ><div class=\"elementor-post__thumbnail\"><img decoding=\"async\" width=\"300\" height=\"200\" src=\"https:\/\/costablanca-magazin.com\/wp-content\/uploads\/2025\/09\/woman-with-broken-car-and-triangle-2024-10-14-14-58-13-utc-300x200.jpg\" class=\"attachment-medium size-medium wp-image-8807\" alt=\"Aver\u00eda del coche en la Costa Blanca: normas, riesgos y reacciones adecuadas\" srcset=\"https:\/\/costablanca-magazin.com\/wp-content\/uploads\/2025\/09\/woman-with-broken-car-and-triangle-2024-10-14-14-58-13-utc-300x200.jpg 300w, https:\/\/costablanca-magazin.com\/wp-content\/uploads\/2025\/09\/woman-with-broken-car-and-triangle-2024-10-14-14-58-13-utc-1024x684.jpg 1024w, https:\/\/costablanca-magazin.com\/wp-content\/uploads\/2025\/09\/woman-with-broken-car-and-triangle-2024-10-14-14-58-13-utc-768x513.jpg 768w, https:\/\/costablanca-magazin.com\/wp-content\/uploads\/2025\/09\/woman-with-broken-car-and-triangle-2024-10-14-14-58-13-utc.jpg 1200w\" sizes=\"(max-width: 300px) 100vw, 300px\" \/><\/div><\/a>\n\t\t\t\t<div class=\"elementor-post__badge\">Movilidad y transporte<\/div>\n\t\t\t\t<div class=\"elementor-post__text\">\n\t\t\t\t<h2 class=\"elementor-post__title\">\n\t\t\t<a href=\"https:\/\/costablanca-magazin.com\/es\/residenten\/mobilitaet-verkehr\/costa-blanca-autopanne-regeln-risiken-hilfe\/\" >\n\t\t\t\tCosta Blanca aver\u00eda del coche - normas, riesgos y ayuda\t\t\t<\/a>\n\t\t<\/h2>\n\t\t\t\t<div class=\"elementor-post__excerpt\">\n\t\t\t<p>Aver\u00eda de coche en la Costa Blanca - normas, riesgos y ayuda \u00bfAver\u00eda de coche en Espa\u00f1a? C\u00f3mo reaccionar correctamente: desde las luces de advertencia hasta el servicio de gr\u00faa - un resumen de las normas importantes en la Costa Blanca. Una aver\u00eda del coche es siempre un inconveniente. Pero si tiene una aver\u00eda en la Costa Blanca, pronto se dar\u00e1 cuenta: si no conoce las normas, puede resultar caro o incluso peligroso.<\/p>\n\t\t<\/div>\n\t\t\n\t\t<a class=\"elementor-post__read-more\" href=\"https:\/\/costablanca-magazin.com\/es\/residenten\/mobilitaet-verkehr\/costa-blanca-autopanne-regeln-risiken-hilfe\/\" aria-label=\"M\u00e1s informaci\u00f3n sobre Costa Blanca Autopanne &#8211; Regeln, Risiken &amp; Hilfe\" tabindex=\"-1\" >\n\t\t\tLeer m\u00e1s \u00bb\t\t<\/a>\n\n\t\t\t\t<\/div>\n\t\t\t\t\t<\/div>\n\t\t<\/article>\n\t\t\t\t<article class=\"elementor-post elementor-grid-item post-8461 post type-post status-publish format-standard has-post-thumbnail hentry category-mobilitaet-verkehr tag-dgt-fuehrerschein-umtausch tag-fuehrerschein-fristen-spanien tag-fuehrerschein-in-spanien tag-fuehrerschein-umtauschen-spanien tag-punktesystem-spanien tag-spanischer-fuehrerschein\" role=\"listitem\">\n\t\t\t<div class=\"elementor-post__card\">\n\t\t\t\t<a class=\"elementor-post__thumbnail__link\" href=\"https:\/\/costablanca-magazin.com\/es\/residenten\/mobilitaet-verkehr\/fuehrerschein-in-spanien-wer-umtauschen-muss-und-wie\/\" tabindex=\"-1\" ><div class=\"elementor-post__thumbnail\"><img loading=\"lazy\" decoding=\"async\" width=\"300\" height=\"200\" src=\"https:\/\/costablanca-magazin.com\/wp-content\/uploads\/2025\/08\/young-man-showing-driving-license-while-sitting-in-2025-01-25-02-07-19-utc-300x200.jpg\" class=\"attachment-medium size-medium wp-image-8462\" alt=\"Permiso de conducir en Espa\u00f1a: qui\u00e9n debe canjearlo y c\u00f3mo funciona\" srcset=\"https:\/\/costablanca-magazin.com\/wp-content\/uploads\/2025\/08\/young-man-showing-driving-license-while-sitting-in-2025-01-25-02-07-19-utc-300x200.jpg 300w, https:\/\/costablanca-magazin.com\/wp-content\/uploads\/2025\/08\/young-man-showing-driving-license-while-sitting-in-2025-01-25-02-07-19-utc-1024x683.jpg 1024w, https:\/\/costablanca-magazin.com\/wp-content\/uploads\/2025\/08\/young-man-showing-driving-license-while-sitting-in-2025-01-25-02-07-19-utc-768x512.jpg 768w, https:\/\/costablanca-magazin.com\/wp-content\/uploads\/2025\/08\/young-man-showing-driving-license-while-sitting-in-2025-01-25-02-07-19-utc-1536x1024.jpg 1536w, https:\/\/costablanca-magazin.com\/wp-content\/uploads\/2025\/08\/young-man-showing-driving-license-while-sitting-in-2025-01-25-02-07-19-utc-2048x1365.jpg 2048w\" sizes=\"(max-width: 300px) 100vw, 300px\" \/><\/div><\/a>\n\t\t\t\t<div class=\"elementor-post__badge\">Movilidad y transporte<\/div>\n\t\t\t\t<div class=\"elementor-post__text\">\n\t\t\t\t<h2 class=\"elementor-post__title\">\n\t\t\t<a href=\"https:\/\/costablanca-magazin.com\/es\/residenten\/mobilitaet-verkehr\/fuehrerschein-in-spanien-wer-umtauschen-muss-und-wie\/\" >\n\t\t\t\tPermiso de conducir en Espa\u00f1a - Qui\u00e9n tiene que canjearlo y c\u00f3mo\t\t\t<\/a>\n\t\t<\/h2>\n\t\t\t\t<div class=\"elementor-post__excerpt\">\n\t\t\t<p>Permiso de conducir en Espa\u00f1a - Qui\u00e9n tiene que canjearlo y c\u00f3mo funciona Los residentes internacionales en Espa\u00f1a deben canjear su permiso de conducir por un documento espa\u00f1ol en determinadas condiciones. Le explicamos los plazos, procedimientos y diferencias. Cualquiera que traslade su residencia principal a Espa\u00f1a tendr\u00e1 que enfrentarse tarde o temprano a la cuesti\u00f3n del permiso de conducir. Ya sea en<\/p>\n\t\t<\/div>\n\t\t\n\t\t<a class=\"elementor-post__read-more\" href=\"https:\/\/costablanca-magazin.com\/es\/residenten\/mobilitaet-verkehr\/fuehrerschein-in-spanien-wer-umtauschen-muss-und-wie\/\" aria-label=\"M\u00e1s informaci\u00f3n sobre F\u00fchrerschein in Spanien &#8211; Wer umtauschen muss und wie\" tabindex=\"-1\" >\n\t\t\tLeer m\u00e1s \u00bb\t\t<\/a>\n\n\t\t\t\t<\/div>\n\t\t\t\t\t<\/div>\n\t\t<\/article>\n\t\t\t\t<article class=\"elementor-post elementor-grid-item post-7994 post type-post status-publish format-standard has-post-thumbnail hentry category-mobilitaet-verkehr tag-dgt-strafzettel-online-zahlen tag-falschparken-spanien-urlaub tag-multa-spanien-bezahlen tag-parkverstoss-costa-blanca tag-strafzettel-costa-blanca tag-verwarnung-spanien-uebersetzung\" role=\"listitem\">\n\t\t\t<div class=\"elementor-post__card\">\n\t\t\t\t<a class=\"elementor-post__thumbnail__link\" href=\"https:\/\/costablanca-magazin.com\/es\/residenten\/mobilitaet-verkehr\/strafzettel-an-der-costa-blanca-was-tun-bei-einer-multa\/\" tabindex=\"-1\" ><div class=\"elementor-post__thumbnail\"><img loading=\"lazy\" decoding=\"async\" width=\"300\" height=\"200\" src=\"https:\/\/costablanca-magazin.com\/wp-content\/uploads\/2025\/07\/patrolman-and-patrolwoman-putting-fine-for-car-par-2024-12-05-21-36-59-utc-300x200.jpg\" class=\"attachment-medium size-medium wp-image-8024\" alt=\"Multas de aparcamiento en la Costa Blanca - Qu\u00e9 hacer en caso de multa\u201e\" srcset=\"https:\/\/costablanca-magazin.com\/wp-content\/uploads\/2025\/07\/patrolman-and-patrolwoman-putting-fine-for-car-par-2024-12-05-21-36-59-utc-300x200.jpg 300w, https:\/\/costablanca-magazin.com\/wp-content\/uploads\/2025\/07\/patrolman-and-patrolwoman-putting-fine-for-car-par-2024-12-05-21-36-59-utc-1024x683.jpg 1024w, https:\/\/costablanca-magazin.com\/wp-content\/uploads\/2025\/07\/patrolman-and-patrolwoman-putting-fine-for-car-par-2024-12-05-21-36-59-utc-768x512.jpg 768w, https:\/\/costablanca-magazin.com\/wp-content\/uploads\/2025\/07\/patrolman-and-patrolwoman-putting-fine-for-car-par-2024-12-05-21-36-59-utc-1536x1024.jpg 1536w, https:\/\/costablanca-magazin.com\/wp-content\/uploads\/2025\/07\/patrolman-and-patrolwoman-putting-fine-for-car-par-2024-12-05-21-36-59-utc-2048x1365.jpg 2048w\" sizes=\"(max-width: 300px) 100vw, 300px\" \/><\/div><\/a>\n\t\t\t\t<div class=\"elementor-post__badge\">Movilidad y transporte<\/div>\n\t\t\t\t<div class=\"elementor-post__text\">\n\t\t\t\t<h2 class=\"elementor-post__title\">\n\t\t\t<a href=\"https:\/\/costablanca-magazin.com\/es\/residenten\/mobilitaet-verkehr\/strafzettel-an-der-costa-blanca-was-tun-bei-einer-multa\/\" >\n\t\t\t\tMultas de aparcamiento en la Costa Blanca - Qu\u00e9 hacer en caso de multa\u201e\t\t\t<\/a>\n\t\t<\/h2>\n\t\t\t\t<div class=\"elementor-post__excerpt\">\n\t\t\t<p>Multas de tr\u00e1fico en la Costa Blanca - Qu\u00e9 hacer en caso de multa Las multas de tr\u00e1fico en la Costa Blanca no son un hecho aislado - saber qu\u00e9 hacer puede ahorrarle muchos problemas (y dinero). Nada m\u00e1s aparcar el coche a la sombra, una multa revolotea bajo el limpiaparabrisas - o peor a\u00fan: la multa llega semanas m\u00e1s tarde<\/p>\n\t\t<\/div>\n\t\t\n\t\t<a class=\"elementor-post__read-more\" href=\"https:\/\/costablanca-magazin.com\/es\/residenten\/mobilitaet-verkehr\/strafzettel-an-der-costa-blanca-was-tun-bei-einer-multa\/\" aria-label=\"M\u00e1s informaci\u00f3n sobre Strafzettel an der Costa Blanca &#8211; Was tun bei einer \u201eMulta\u201c\" tabindex=\"-1\" >\n\t\t\tLeer m\u00e1s \u00bb\t\t<\/a>\n\n\t\t\t\t<\/div>\n\t\t\t\t\t<\/div>\n\t\t<\/article>\n\t\t\t\t<article class=\"elementor-post elementor-grid-item post-4217 post type-post status-publish format-standard has-post-thumbnail hentry category-mobilitaet-verkehr tag-dgt-costa-blanca tag-verkehrs-regeln-2025-costa-blanca\" role=\"listitem\">\n\t\t\t<div class=\"elementor-post__card\">\n\t\t\t\t<a class=\"elementor-post__thumbnail__link\" href=\"https:\/\/costablanca-magazin.com\/es\/residenten\/mobilitaet-verkehr\/neue-verkehrs-regeln-2025-costa-blanca-was-autofahrer-wissen-muessen\/\" tabindex=\"-1\" ><div class=\"elementor-post__thumbnail\"><img loading=\"lazy\" decoding=\"async\" width=\"300\" height=\"100\" src=\"https:\/\/costablanca-magazin.com\/wp-content\/uploads\/2025\/01\/driving-a-car-2023-11-27-05-10-35-utc-300x100.jpg\" class=\"attachment-medium size-medium wp-image-4231\" alt=\"Nuevas normas de tr\u00e1fico 2025: lo que deben saber los conductores de la Costa Blanca\" srcset=\"https:\/\/costablanca-magazin.com\/wp-content\/uploads\/2025\/01\/driving-a-car-2023-11-27-05-10-35-utc-300x100.jpg 300w, https:\/\/costablanca-magazin.com\/wp-content\/uploads\/2025\/01\/driving-a-car-2023-11-27-05-10-35-utc-1024x341.jpg 1024w, https:\/\/costablanca-magazin.com\/wp-content\/uploads\/2025\/01\/driving-a-car-2023-11-27-05-10-35-utc-768x256.jpg 768w, https:\/\/costablanca-magazin.com\/wp-content\/uploads\/2025\/01\/driving-a-car-2023-11-27-05-10-35-utc.jpg 1200w\" sizes=\"(max-width: 300px) 100vw, 300px\" \/><\/div><\/a>\n\t\t\t\t<div class=\"elementor-post__badge\">Movilidad y transporte<\/div>\n\t\t\t\t<div class=\"elementor-post__text\">\n\t\t\t\t<h2 class=\"elementor-post__title\">\n\t\t\t<a href=\"https:\/\/costablanca-magazin.com\/es\/residenten\/mobilitaet-verkehr\/neue-verkehrs-regeln-2025-costa-blanca-was-autofahrer-wissen-muessen\/\" >\n\t\t\t\tNuevas normas de tr\u00e1fico 2025 Costa Blanca - Lo que los conductores deben saber\t\t\t<\/a>\n\t\t<\/h2>\n\t\t\t\t<div class=\"elementor-post__excerpt\">\n\t\t\t<p>Nuevas normas de tr\u00e1fico 2025: lo que los conductores de la Costa Blanca deben saber De los carriles de emergencia a los arcenes: c\u00f3mo navegar por las nuevas normas con sentido del humor. Las normas de tr\u00e1fico en Espa\u00f1a no son un completo misterio para muchos residentes y conductores de la Costa Blanca, pero tampoco son de f\u00e1cil lectura. A partir de 2025<\/p>\n\t\t<\/div>\n\t\t\n\t\t<a class=\"elementor-post__read-more\" href=\"https:\/\/costablanca-magazin.com\/es\/residenten\/mobilitaet-verkehr\/neue-verkehrs-regeln-2025-costa-blanca-was-autofahrer-wissen-muessen\/\" aria-label=\"M\u00e1s informaci\u00f3n sobre Neue Verkehrs-Regeln 2025 Costa Blanca &#8211; Was Autofahrer wissen m\u00fcssen\" tabindex=\"-1\" >\n\t\t\tLeer m\u00e1s \u00bb\t\t<\/a>\n\n\t\t\t\t<\/div>\n\t\t\t\t\t<\/div>\n\t\t<\/article>\n\t\t\t\t<\/div>\n\t\t\n\t\t\t\t<div class=\"e-load-more-anchor\" data-page=\"1\" data-max-page=\"2\" data-next-page=\"https:\/\/costablanca-magazin.com\/es\/wp-json\/wp\/v2\/pages\/4614\/page\/2\/\"><\/div>\n\t\t\t\t<nav class=\"elementor-pagination\" aria-label=\"Paginaci\u00f3n\">\n\t\t\t<span aria-current=\"page\" class=\"page-numbers current\"><span class=\"elementor-screen-only\">P\u00e1gina<\/span>1<\/span>\n<a class=\"page-numbers\" href=\"https:\/\/costablanca-magazin.com\/es\/wp-json\/wp\/v2\/pages\/4614\/page\/2\/\"><span class=\"elementor-screen-only\">P\u00e1gina<\/span>2<\/a>\t\t<\/nav>\n\t\t\t\t\t\t<\/div>\n\t\t\t\t<\/div>\n\t\t\t\t\t<\/div>\n\t\t\t\t<\/div>\n\t\t\t\t<\/div>","protected":false},"excerpt":{"rendered":"<p>Als Residenten erkunden wir Mobilit\u00e4t und Verkehr in der Stadt, an dabei achten wir auf nachhaltige Optionen wie Fahrrad, \u00d6PNV und Carsharing der und f\u00f6rdern barrierefreie Zug\u00e4nge f\u00fcr alle Costa; gemeinsam gestalten wir sichere Wege, reduzieren Emissionen Blanca und verbessern Aufenthaltsqualit\u00e4t Unterwegs, indem wir lokale Initiativen unterst\u00fctzen in und langfristige Mobilit\u00e4tskonzepte entwickeln Spanien. Residenten &#8211; [&hellip;]<\/p>\n","protected":false},"author":1,"featured_media":0,"parent":0,"menu_order":0,"comment_status":"closed","ping_status":"closed","template":"elementor_header_footer","meta":{"footnotes":""},"class_list":["post-4614","page","type-page","status-publish","hentry"],"aioseo_notices":[],"_links":{"self":[{"href":"https:\/\/costablanca-magazin.com\/es\/wp-json\/wp\/v2\/pages\/4614","targetHints":{"allow":["GET"]}}],"collection":[{"href":"https:\/\/costablanca-magazin.com\/es\/wp-json\/wp\/v2\/pages"}],"about":[{"href":"https:\/\/costablanca-magazin.com\/es\/wp-json\/wp\/v2\/types\/page"}],"author":[{"embeddable":true,"href":"https:\/\/costablanca-magazin.com\/es\/wp-json\/wp\/v2\/users\/1"}],"replies":[{"embeddable":true,"href":"https:\/\/costablanca-magazin.com\/es\/wp-json\/wp\/v2\/comments?post=4614"}],"version-history":[{"count":18,"href":"https:\/\/costablanca-magazin.com\/es\/wp-json\/wp\/v2\/pages\/4614\/revisions"}],"predecessor-version":[{"id":10376,"href":"https:\/\/costablanca-magazin.com\/es\/wp-json\/wp\/v2\/pages\/4614\/revisions\/10376"}],"wp:attachment":[{"href":"https:\/\/costablanca-magazin.com\/es\/wp-json\/wp\/v2\/media?parent=4614"}],"curies":[{"name":"wp","href":"https:\/\/api.w.org\/{rel}","templated":true}]}}