{"id":4609,"date":"2025-01-21T09:19:47","date_gmt":"2025-01-21T08:19:47","guid":{"rendered":"https:\/\/costablanca-magazin.com\/?page_id=4609"},"modified":"2026-02-11T11:45:40","modified_gmt":"2026-02-11T10:45:40","slug":"salud-estilo-de-vida","status":"publish","type":"page","link":"https:\/\/costablanca-magazin.com\/es\/gesundheit-lifestyle\/","title":{"rendered":"Salud y estilo de vida"},"content":{"rendered":"<div data-elementor-type=\"wp-page\" data-elementor-id=\"4609\" class=\"elementor elementor-4609\" data-elementor-post-type=\"page\">\n\t\t\t\t<div class=\"elementor-element elementor-element-3fc0fcb e-flex e-con-boxed e-con e-parent\" data-id=\"3fc0fcb\" data-element_type=\"container\" data-e-type=\"container\">\n\t\t\t\t\t<div class=\"e-con-inner\">\n\t\t<div class=\"elementor-element elementor-element-240271f e-con-full e-flex e-con e-child\" data-id=\"240271f\" data-element_type=\"container\" data-e-type=\"container\">\n\t\t<div class=\"elementor-element elementor-element-3eae5a6 e-con-full e-flex e-con e-child\" data-id=\"3eae5a6\" data-element_type=\"container\" data-e-type=\"container\">\n\t\t\t\t<div class=\"elementor-element elementor-element-482f547 elementor-widget elementor-widget-heading\" data-id=\"482f547\" data-element_type=\"widget\" data-e-type=\"widget\" data-widget_type=\"heading.default\">\n\t\t\t\t<div class=\"elementor-widget-container\">\n\t\t\t\t\t<h1 class=\"elementor-heading-title elementor-size-default\">Residentes - Salud y estilo de vida<\/h1>\t\t\t\t<\/div>\n\t\t\t\t<\/div>\n\t\t\t\t<\/div>\n\t\t<div class=\"elementor-element elementor-element-b223cab e-con-full e-grid e-con e-child\" data-id=\"b223cab\" data-element_type=\"container\" data-e-type=\"container\">\n\t\t\t\t<\/div>\n\t\t\t\t<\/div>\n\t\t\t\t\t<\/div>\n\t\t\t\t<\/div>\n\t\t<div class=\"elementor-element elementor-element-29fe592 e-flex e-con-boxed e-con e-parent\" data-id=\"29fe592\" data-element_type=\"container\" data-e-type=\"container\">\n\t\t\t\t\t<div class=\"e-con-inner\">\n\t\t\t\t<div class=\"elementor-element elementor-element-f1a8cf9 elementor-grid-3 elementor-grid-tablet-2 elementor-grid-mobile-1 elementor-posts--thumbnail-top elementor-card-shadow-yes elementor-posts__hover-gradient elementor-widget elementor-widget-posts\" data-id=\"f1a8cf9\" data-element_type=\"widget\" data-e-type=\"widget\" data-settings=\"{&quot;pagination_type&quot;:&quot;numbers&quot;,&quot;cards_columns&quot;:&quot;3&quot;,&quot;cards_columns_tablet&quot;:&quot;2&quot;,&quot;cards_columns_mobile&quot;:&quot;1&quot;,&quot;cards_row_gap&quot;:{&quot;unit&quot;:&quot;px&quot;,&quot;size&quot;:35,&quot;sizes&quot;:[]},&quot;cards_row_gap_tablet&quot;:{&quot;unit&quot;:&quot;px&quot;,&quot;size&quot;:&quot;&quot;,&quot;sizes&quot;:[]},&quot;cards_row_gap_mobile&quot;:{&quot;unit&quot;:&quot;px&quot;,&quot;size&quot;:&quot;&quot;,&quot;sizes&quot;:[]}}\" data-widget_type=\"posts.cards\">\n\t\t\t\t<div class=\"elementor-widget-container\">\n\t\t\t\t\t\t\t<div class=\"elementor-posts-container elementor-posts elementor-posts--skin-cards elementor-grid\" role=\"list\">\n\t\t\t\t<article class=\"elementor-post elementor-grid-item post-10303 post type-post status-publish format-standard has-post-thumbnail hentry category-gesundheit-lifestyle tag-costa-blanca-day-spa tag-indoor-pool-costa-blanca tag-residenten-costa-blanca-wellness tag-spa-benidorm-albir-altea-calpe-denia tag-spa-costa-blanca tag-thermal-spa-costa-blanca tag-wellness-costa-blanca tag-wellness-im-winter-spanien\" role=\"listitem\">\n\t\t\t<div class=\"elementor-post__card\">\n\t\t\t\t<a class=\"elementor-post__thumbnail__link\" href=\"https:\/\/costablanca-magazin.com\/es\/residenten\/gesundheit-lifestyle\/costa-blanca-spas-die-besten-wellness-zentren-fuer-sie\/\" tabindex=\"-1\" ><div class=\"elementor-post__thumbnail\"><img fetchpriority=\"high\" decoding=\"async\" width=\"300\" height=\"200\" src=\"https:\/\/costablanca-magazin.com\/wp-content\/uploads\/2025\/12\/pyramid-of-stones-on-edge-of-private-pool-on-tropi-2025-02-21-03-46-22-utc-spa-300x200.jpg\" class=\"attachment-medium size-medium wp-image-10304\" alt=\"Spas y bienestar en la Costa Blanca\" srcset=\"https:\/\/costablanca-magazin.com\/wp-content\/uploads\/2025\/12\/pyramid-of-stones-on-edge-of-private-pool-on-tropi-2025-02-21-03-46-22-utc-spa-300x200.jpg 300w, https:\/\/costablanca-magazin.com\/wp-content\/uploads\/2025\/12\/pyramid-of-stones-on-edge-of-private-pool-on-tropi-2025-02-21-03-46-22-utc-spa-1024x683.jpg 1024w, https:\/\/costablanca-magazin.com\/wp-content\/uploads\/2025\/12\/pyramid-of-stones-on-edge-of-private-pool-on-tropi-2025-02-21-03-46-22-utc-spa-768x512.jpg 768w, https:\/\/costablanca-magazin.com\/wp-content\/uploads\/2025\/12\/pyramid-of-stones-on-edge-of-private-pool-on-tropi-2025-02-21-03-46-22-utc-spa-1536x1024.jpg 1536w, https:\/\/costablanca-magazin.com\/wp-content\/uploads\/2025\/12\/pyramid-of-stones-on-edge-of-private-pool-on-tropi-2025-02-21-03-46-22-utc-spa-2048x1365.jpg 2048w, https:\/\/costablanca-magazin.com\/wp-content\/uploads\/2025\/12\/pyramid-of-stones-on-edge-of-private-pool-on-tropi-2025-02-21-03-46-22-utc-spa-18x12.jpg 18w\" sizes=\"(max-width: 300px) 100vw, 300px\" \/><\/div><\/a>\n\t\t\t\t<div class=\"elementor-post__badge\">Salud y estilo de vida<\/div>\n\t\t\t\t<div class=\"elementor-post__text\">\n\t\t\t\t<h2 class=\"elementor-post__title\">\n\t\t\t<a href=\"https:\/\/costablanca-magazin.com\/es\/residenten\/gesundheit-lifestyle\/costa-blanca-spas-die-besten-wellness-zentren-fuer-sie\/\" >\n\t\t\t\tBalnearios de la Costa Blanca: los mejores centros de bienestar en invierno\t\t\t<\/a>\n\t\t<\/h2>\n\t\t\t\t<div class=\"elementor-post__excerpt\">\n\t\t\t<p>Spas en la Costa Blanca: los mejores centros de bienestar para usted Los mejores spas de la Costa Blanca: pases diarios, piscinas cubiertas, saunas y bienestar invernal para residentes. Las mejores direcciones desde D\u00e9nia hasta Torrevieja. Para muchos residentes, la Costa Blanca es un lugar donde la vida cotidiana y la calidad de vida est\u00e1n en equilibrio. Y es precisamente entonces cuando,<\/p>\n\t\t<\/div>\n\t\t\n\t\t<a class=\"elementor-post__read-more\" href=\"https:\/\/costablanca-magazin.com\/es\/residenten\/gesundheit-lifestyle\/costa-blanca-spas-die-besten-wellness-zentren-fuer-sie\/\" aria-label=\"M\u00e1s informaci\u00f3n sobre Costa Blanca Spas &#8211; Die besten Wellness-Zentren im Winter\" tabindex=\"-1\" >\n\t\t\tLeer m\u00e1s \u00bb\t\t<\/a>\n\n\t\t\t\t<\/div>\n\t\t\t\t\t<\/div>\n\t\t<\/article>\n\t\t\t\t<article class=\"elementor-post elementor-grid-item post-9924 post type-post status-publish format-standard has-post-thumbnail hentry category-gesundheit-lifestyle tag-carsharing-costa-blanca tag-e-bus-altea tag-elektromobilitaet-denia tag-nachhaltige-mobilitaet-costa-blanca tag-park-ride-villajoyosa tag-radwege-villajoyosa\" role=\"listitem\">\n\t\t\t<div class=\"elementor-post__card\">\n\t\t\t\t<a class=\"elementor-post__thumbnail__link\" href=\"https:\/\/costablanca-magazin.com\/es\/residenten\/gesundheit-lifestyle\/nachhaltige-mobilitaet-an-der-costa-blanca\/\" tabindex=\"-1\" ><div class=\"elementor-post__thumbnail\"><img decoding=\"async\" width=\"300\" height=\"189\" src=\"https:\/\/costablanca-magazin.com\/wp-content\/uploads\/2025\/11\/mature-businesswoman-sitting-on-a-bicycle-represe-2025-10-18-22-32-00-utc-300x189.jpg\" class=\"attachment-medium size-medium wp-image-9977\" alt=\"Movilidad sostenible en la Costa Blanca\" srcset=\"https:\/\/costablanca-magazin.com\/wp-content\/uploads\/2025\/11\/mature-businesswoman-sitting-on-a-bicycle-represe-2025-10-18-22-32-00-utc-300x189.jpg 300w, https:\/\/costablanca-magazin.com\/wp-content\/uploads\/2025\/11\/mature-businesswoman-sitting-on-a-bicycle-represe-2025-10-18-22-32-00-utc-1024x647.jpg 1024w, https:\/\/costablanca-magazin.com\/wp-content\/uploads\/2025\/11\/mature-businesswoman-sitting-on-a-bicycle-represe-2025-10-18-22-32-00-utc-768x485.jpg 768w, https:\/\/costablanca-magazin.com\/wp-content\/uploads\/2025\/11\/mature-businesswoman-sitting-on-a-bicycle-represe-2025-10-18-22-32-00-utc-1536x970.jpg 1536w, https:\/\/costablanca-magazin.com\/wp-content\/uploads\/2025\/11\/mature-businesswoman-sitting-on-a-bicycle-represe-2025-10-18-22-32-00-utc-2048x1293.jpg 2048w, https:\/\/costablanca-magazin.com\/wp-content\/uploads\/2025\/11\/mature-businesswoman-sitting-on-a-bicycle-represe-2025-10-18-22-32-00-utc-18x12.jpg 18w\" sizes=\"(max-width: 300px) 100vw, 300px\" \/><\/div><\/a>\n\t\t\t\t<div class=\"elementor-post__badge\">Salud y estilo de vida<\/div>\n\t\t\t\t<div class=\"elementor-post__text\">\n\t\t\t\t<h2 class=\"elementor-post__title\">\n\t\t\t<a href=\"https:\/\/costablanca-magazin.com\/es\/residenten\/gesundheit-lifestyle\/nachhaltige-mobilitaet-an-der-costa-blanca\/\" >\n\t\t\t\tMovilidad sostenible en la Costa Blanca\t\t\t<\/a>\n\t\t<\/h2>\n\t\t\t\t<div class=\"elementor-post__excerpt\">\n\t\t\t<p>Movilidad sostenible en la Costa Blanca Entre D\u00e9nia y Villajoyosa, el tr\u00e1fico es m\u00e1s silencioso, m\u00e1s limpio y m\u00e1s comunitario: la movilidad el\u00e9ctrica, los carriles bici y los sistemas compartidos son el centro de atenci\u00f3n. Quienes se desplazan hoy entre D\u00e9nia y Villajoyosa notan el cambio no solo en los tejados, sino tambi\u00e9n en las calles. La regi\u00f3n est\u00e1 trabajando para renovar el tr\u00e1fico.<\/p>\n\t\t<\/div>\n\t\t\n\t\t<a class=\"elementor-post__read-more\" href=\"https:\/\/costablanca-magazin.com\/es\/residenten\/gesundheit-lifestyle\/nachhaltige-mobilitaet-an-der-costa-blanca\/\" aria-label=\"M\u00e1s informaci\u00f3n sobre Nachhaltige Mobilit\u00e4t an der Costa Blanca\" tabindex=\"-1\" >\n\t\t\tLeer m\u00e1s \u00bb\t\t<\/a>\n\n\t\t\t\t<\/div>\n\t\t\t\t\t<\/div>\n\t\t<\/article>\n\t\t\t\t<article class=\"elementor-post elementor-grid-item post-9459 post type-post status-publish format-standard has-post-thumbnail hentry category-gesundheit-lifestyle tag-feuchtigkeit-wohnung-spanien tag-gesund-wohnen-costa-blanca tag-luftfeuchtigkeit-spanien tag-raumklima-spanien tag-schimmel-atemwege tag-schimmel-costa-blanca tag-schimmel-entfernen tag-schimmel-gesundheit tag-schimmel-symptome tag-schimmel-vorbeugen\" role=\"listitem\">\n\t\t\t<div class=\"elementor-post__card\">\n\t\t\t\t<a class=\"elementor-post__thumbnail__link\" href=\"https:\/\/costablanca-magazin.com\/es\/residenten\/gesundheit-lifestyle\/gesundheit-costa-blanca-warum-feuchtigkeit-krank-macht\/\" tabindex=\"-1\" ><div class=\"elementor-post__thumbnail\"><img decoding=\"async\" width=\"300\" height=\"200\" src=\"https:\/\/costablanca-magazin.com\/wp-content\/uploads\/2025\/11\/a-woman-s-hand-opens-a-window-with-a-view-of-the-c-2025-03-25-03-20-58-utc-300x200.jpg\" class=\"attachment-medium size-medium wp-image-9463\" alt=\"Moho y salud en la Costa Blanca: por qu\u00e9 la humedad enferma\" srcset=\"https:\/\/costablanca-magazin.com\/wp-content\/uploads\/2025\/11\/a-woman-s-hand-opens-a-window-with-a-view-of-the-c-2025-03-25-03-20-58-utc-300x200.jpg 300w, https:\/\/costablanca-magazin.com\/wp-content\/uploads\/2025\/11\/a-woman-s-hand-opens-a-window-with-a-view-of-the-c-2025-03-25-03-20-58-utc-1024x683.jpg 1024w, https:\/\/costablanca-magazin.com\/wp-content\/uploads\/2025\/11\/a-woman-s-hand-opens-a-window-with-a-view-of-the-c-2025-03-25-03-20-58-utc-768x512.jpg 768w, https:\/\/costablanca-magazin.com\/wp-content\/uploads\/2025\/11\/a-woman-s-hand-opens-a-window-with-a-view-of-the-c-2025-03-25-03-20-58-utc-18x12.jpg 18w, https:\/\/costablanca-magazin.com\/wp-content\/uploads\/2025\/11\/a-woman-s-hand-opens-a-window-with-a-view-of-the-c-2025-03-25-03-20-58-utc.jpg 1200w\" sizes=\"(max-width: 300px) 100vw, 300px\" \/><\/div><\/a>\n\t\t\t\t<div class=\"elementor-post__badge\">Salud y estilo de vida<\/div>\n\t\t\t\t<div class=\"elementor-post__text\">\n\t\t\t\t<h2 class=\"elementor-post__title\">\n\t\t\t<a href=\"https:\/\/costablanca-magazin.com\/es\/residenten\/gesundheit-lifestyle\/gesundheit-costa-blanca-warum-feuchtigkeit-krank-macht\/\" >\n\t\t\t\tSalud Costa Blanca - por qu\u00e9 la humedad enferma\t\t\t<\/a>\n\t\t<\/h2>\n\t\t\t\t<div class=\"elementor-post__excerpt\">\n\t\t\t<p>Salud en la Costa Blanca - por qu\u00e9 la humedad enferma El moho en el hogar es algo m\u00e1s que un problema visual: puede irritar las v\u00edas respiratorias, aumentar las alergias y cansar. C\u00f3mo prevenir eficazmente la humedad y el moho en la Costa Blanca. El moho no es una mancha. Es un compa\u00f1ero de piso invisible,<\/p>\n\t\t<\/div>\n\t\t\n\t\t<a class=\"elementor-post__read-more\" href=\"https:\/\/costablanca-magazin.com\/es\/residenten\/gesundheit-lifestyle\/gesundheit-costa-blanca-warum-feuchtigkeit-krank-macht\/\" aria-label=\"M\u00e1s informaci\u00f3n sobre Gesundheit Costa Blanca \u2013 warum Feuchtigkeit krank macht\" tabindex=\"-1\" >\n\t\t\tLeer m\u00e1s \u00bb\t\t<\/a>\n\n\t\t\t\t<\/div>\n\t\t\t\t\t<\/div>\n\t\t<\/article>\n\t\t\t\t<article class=\"elementor-post elementor-grid-item post-9131 post type-post status-publish format-standard has-post-thumbnail hentry category-gesundheit-lifestyle tag-bewegung-und-immunsystem tag-costa-blanca-gesundheit tag-immunsystem-staerken-herbst tag-mediterrane-ernaehrung-herbst tag-regionale-herbstfruechte tag-schlaf-und-abwehrkraefte tag-vitamin-c-aus-der-region\" role=\"listitem\">\n\t\t\t<div class=\"elementor-post__card\">\n\t\t\t\t<a class=\"elementor-post__thumbnail__link\" href=\"https:\/\/costablanca-magazin.com\/es\/residenten\/gesundheit-lifestyle\/immunsystem-staerken-im-herbst-an-der-costa-blanca\/\" tabindex=\"-1\" ><div class=\"elementor-post__thumbnail\"><img loading=\"lazy\" decoding=\"async\" width=\"200\" height=\"300\" src=\"https:\/\/costablanca-magazin.com\/wp-content\/uploads\/2025\/10\/sliced-and-whole-limes-oranges-and-lemons-on-wood-2024-09-14-10-53-43-utc-200x300.jpg\" class=\"attachment-medium size-medium wp-image-9139\" alt=\"El oto\u00f1o es la estaci\u00f3n de las inmunidades\" srcset=\"https:\/\/costablanca-magazin.com\/wp-content\/uploads\/2025\/10\/sliced-and-whole-limes-oranges-and-lemons-on-wood-2024-09-14-10-53-43-utc-200x300.jpg 200w, https:\/\/costablanca-magazin.com\/wp-content\/uploads\/2025\/10\/sliced-and-whole-limes-oranges-and-lemons-on-wood-2024-09-14-10-53-43-utc-683x1024.jpg 683w, https:\/\/costablanca-magazin.com\/wp-content\/uploads\/2025\/10\/sliced-and-whole-limes-oranges-and-lemons-on-wood-2024-09-14-10-53-43-utc-768x1152.jpg 768w, https:\/\/costablanca-magazin.com\/wp-content\/uploads\/2025\/10\/sliced-and-whole-limes-oranges-and-lemons-on-wood-2024-09-14-10-53-43-utc.jpg 800w\" sizes=\"(max-width: 200px) 100vw, 200px\" \/><\/div><\/a>\n\t\t\t\t<div class=\"elementor-post__badge\">Salud y estilo de vida<\/div>\n\t\t\t\t<div class=\"elementor-post__text\">\n\t\t\t\t<h2 class=\"elementor-post__title\">\n\t\t\t<a href=\"https:\/\/costablanca-magazin.com\/es\/residenten\/gesundheit-lifestyle\/immunsystem-staerken-im-herbst-an-der-costa-blanca\/\" >\n\t\t\t\tRefuerce su sistema inmunol\u00f3gico en oto\u00f1o en la Costa Blanca\t\t\t<\/a>\n\t\t<\/h2>\n\t\t\t\t<div class=\"elementor-post__excerpt\">\n\t\t\t<p>Fortalezca su sistema inmunol\u00f3gico en oto\u00f1o - utilice productos regionales Fortalezca su cuerpo con fruta regional, ejercicio, sue\u00f1o y dieta mediterr\u00e1nea. Consejos para fortalecer el sistema inmunitario en oto\u00f1o en la Costa Blanca. El verano est\u00e1 llegando a su fin y las primeras brisas frescas de la ma\u00f1ana nos recuerdan que empieza una nueva estaci\u00f3n. Incluso en la Costa Blanca<\/p>\n\t\t<\/div>\n\t\t\n\t\t<a class=\"elementor-post__read-more\" href=\"https:\/\/costablanca-magazin.com\/es\/residenten\/gesundheit-lifestyle\/immunsystem-staerken-im-herbst-an-der-costa-blanca\/\" aria-label=\"M\u00e1s informaci\u00f3n sobre Immunsystem st\u00e4rken im Herbst an der Costa Blanca\" tabindex=\"-1\" >\n\t\t\tLeer m\u00e1s \u00bb\t\t<\/a>\n\n\t\t\t\t<\/div>\n\t\t\t\t\t<\/div>\n\t\t<\/article>\n\t\t\t\t<article class=\"elementor-post elementor-grid-item post-9130 post type-post status-publish format-standard has-post-thumbnail hentry category-gesundheit-lifestyle tag-aktivurlaub-costa-blanca tag-costa-blanca-sport tag-golf-costa-blanca tag-pelota-valenciana tag-radfahren-costa-blanca tag-sport-valencia tag-tennis-padel-costa-blanca tag-wandern-costa-blanca\" role=\"listitem\">\n\t\t\t<div class=\"elementor-post__card\">\n\t\t\t\t<a class=\"elementor-post__thumbnail__link\" href=\"https:\/\/costablanca-magazin.com\/es\/residenten\/gesundheit-lifestyle\/costa-blanca-aktiv-erleben-sport-natur-im-herbst\/\" tabindex=\"-1\" ><div class=\"elementor-post__thumbnail\"><img loading=\"lazy\" decoding=\"async\" width=\"300\" height=\"158\" src=\"https:\/\/costablanca-magazin.com\/wp-content\/uploads\/2025\/10\/sporty-woman-running-at-the-beach-2025-02-10-08-12-56-utc-300x158.jpg\" class=\"attachment-medium size-medium wp-image-9138\" alt=\"La Costa Blanca deportiva: activa entre monta\u00f1as y mar\" srcset=\"https:\/\/costablanca-magazin.com\/wp-content\/uploads\/2025\/10\/sporty-woman-running-at-the-beach-2025-02-10-08-12-56-utc-300x158.jpg 300w, https:\/\/costablanca-magazin.com\/wp-content\/uploads\/2025\/10\/sporty-woman-running-at-the-beach-2025-02-10-08-12-56-utc-1024x538.jpg 1024w, https:\/\/costablanca-magazin.com\/wp-content\/uploads\/2025\/10\/sporty-woman-running-at-the-beach-2025-02-10-08-12-56-utc-768x404.jpg 768w, https:\/\/costablanca-magazin.com\/wp-content\/uploads\/2025\/10\/sporty-woman-running-at-the-beach-2025-02-10-08-12-56-utc.jpg 1200w\" sizes=\"(max-width: 300px) 100vw, 300px\" \/><\/div><\/a>\n\t\t\t\t<div class=\"elementor-post__badge\">Salud y estilo de vida<\/div>\n\t\t\t\t<div class=\"elementor-post__text\">\n\t\t\t\t<h2 class=\"elementor-post__title\">\n\t\t\t<a href=\"https:\/\/costablanca-magazin.com\/es\/residenten\/gesundheit-lifestyle\/costa-blanca-aktiv-erleben-sport-natur-im-herbst\/\" >\n\t\t\t\tVive la Costa Blanca de forma activa - deporte y naturaleza en oto\u00f1o\t\t\t<\/a>\n\t\t<\/h2>\n\t\t\t\t<div class=\"elementor-post__excerpt\">\n\t\t\t<p>Viva activamente la Costa Blanca - deporte y naturaleza en oto\u00f1o Ciclismo, senderismo, tenis, golf y pelota: descubra la Costa Blanca en oto\u00f1o con su clima suave, sus posibilidades deportivas y su paisaje mediterr\u00e1neo. Cuando el viento oto\u00f1al empieza a soplar en las costas del norte de Europa, es el mejor momento para ponerse las zapatillas de deporte en la Costa Blanca.<\/p>\n\t\t<\/div>\n\t\t\n\t\t<a class=\"elementor-post__read-more\" href=\"https:\/\/costablanca-magazin.com\/es\/residenten\/gesundheit-lifestyle\/costa-blanca-aktiv-erleben-sport-natur-im-herbst\/\" aria-label=\"M\u00e1s informaci\u00f3n sobre Costa Blanca aktiv erleben \u2013 Sport &amp; Natur im Herbst\" tabindex=\"-1\" >\n\t\t\tLeer m\u00e1s \u00bb\t\t<\/a>\n\n\t\t\t\t<\/div>\n\t\t\t\t\t<\/div>\n\t\t<\/article>\n\t\t\t\t<article class=\"elementor-post elementor-grid-item post-8866 post type-post status-publish format-standard has-post-thumbnail hentry category-gesundheit-lifestyle tag-achtsamkeit tag-costa-blanca tag-digital-detox tag-digitaler-stress tag-handyfreie-pausen tag-offline-zeit tag-schlaf-verbessern tag-weniger-bildschirm\" role=\"listitem\">\n\t\t\t<div class=\"elementor-post__card\">\n\t\t\t\t<a class=\"elementor-post__thumbnail__link\" href=\"https:\/\/costablanca-magazin.com\/es\/residenten\/gesundheit-lifestyle\/digital-detox-weniger-bildschirm-mehr-ruhe-im-alltag\/\" tabindex=\"-1\" ><div class=\"elementor-post__thumbnail\"><img loading=\"lazy\" decoding=\"async\" width=\"300\" height=\"200\" src=\"https:\/\/costablanca-magazin.com\/wp-content\/uploads\/2025\/09\/woman-using-cell-phone-at-dining-table-2024-09-22-15-37-52-utc-300x200.jpg\" class=\"attachment-medium size-medium wp-image-8867\" alt=\"Desintoxicaci\u00f3n digital: por qu\u00e9 reducir el tiempo frente a la pantalla nos hace realmente bien\" srcset=\"https:\/\/costablanca-magazin.com\/wp-content\/uploads\/2025\/09\/woman-using-cell-phone-at-dining-table-2024-09-22-15-37-52-utc-300x200.jpg 300w, https:\/\/costablanca-magazin.com\/wp-content\/uploads\/2025\/09\/woman-using-cell-phone-at-dining-table-2024-09-22-15-37-52-utc-1024x683.jpg 1024w, https:\/\/costablanca-magazin.com\/wp-content\/uploads\/2025\/09\/woman-using-cell-phone-at-dining-table-2024-09-22-15-37-52-utc-768x512.jpg 768w, https:\/\/costablanca-magazin.com\/wp-content\/uploads\/2025\/09\/woman-using-cell-phone-at-dining-table-2024-09-22-15-37-52-utc.jpg 1200w\" sizes=\"(max-width: 300px) 100vw, 300px\" \/><\/div><\/a>\n\t\t\t\t<div class=\"elementor-post__badge\">Salud y estilo de vida<\/div>\n\t\t\t\t<div class=\"elementor-post__text\">\n\t\t\t\t<h2 class=\"elementor-post__title\">\n\t\t\t<a href=\"https:\/\/costablanca-magazin.com\/es\/residenten\/gesundheit-lifestyle\/digital-detox-weniger-bildschirm-mehr-ruhe-im-alltag\/\" >\n\t\t\t\tDesintoxicaci\u00f3n digital: menos pantallas y m\u00e1s tranquilidad en la vida cotidiana\t\t\t<\/a>\n\t\t<\/h2>\n\t\t\t\t<div class=\"elementor-post__excerpt\">\n\t\t\t<p>Desintoxicaci\u00f3n digital: menos pantallas, m\u00e1s paz y tranquilidad en la vida cotidiana C\u00f3mo las pausas conscientes de los smartphones y compa\u00f1\u00eda reducen el estr\u00e9s, mejoran el sue\u00f1o y aportan relajaci\u00f3n real, para un mayor equilibrio y calidad de vida. Despu\u00e9s de las vacaciones de verano, la agenda vuelve a llenarse r\u00e1pidamente: trabajo, citas, grupos de WhatsApp familiares y la avalancha constante de mensajes.<\/p>\n\t\t<\/div>\n\t\t\n\t\t<a class=\"elementor-post__read-more\" href=\"https:\/\/costablanca-magazin.com\/es\/residenten\/gesundheit-lifestyle\/digital-detox-weniger-bildschirm-mehr-ruhe-im-alltag\/\" aria-label=\"M\u00e1s informaci\u00f3n sobre Digital Detox &#8211; Weniger Bildschirm, mehr Ruhe im Alltag\" tabindex=\"-1\" >\n\t\t\tLeer m\u00e1s \u00bb\t\t<\/a>\n\n\t\t\t\t<\/div>\n\t\t\t\t\t<\/div>\n\t\t<\/article>\n\t\t\t\t<article class=\"elementor-post elementor-grid-item post-8447 post type-post status-publish format-standard has-post-thumbnail hentry category-gesundheit-lifestyle tag-blaue-zone tag-costa-blanca-2 tag-gesund-aelter-werden tag-langes-leben tag-mediterrane-ernaehrung tag-soziale-naehe\" role=\"listitem\">\n\t\t\t<div class=\"elementor-post__card\">\n\t\t\t\t<a class=\"elementor-post__thumbnail__link\" href=\"https:\/\/costablanca-magazin.com\/es\/residenten\/gesundheit-lifestyle\/langes-leben-an-der-costa-blanca-blaue-zonen-rezepte\/\" tabindex=\"-1\" ><div class=\"elementor-post__thumbnail\"><img loading=\"lazy\" decoding=\"async\" width=\"300\" height=\"126\" src=\"https:\/\/costablanca-magazin.com\/wp-content\/uploads\/2025\/08\/three-people-walking-down-a-sandy-beach-towards-th-2025-02-02-13-18-07-utc-scaled-e1755256684127-300x126.jpg\" class=\"attachment-medium size-medium wp-image-8448\" alt=\"\u00bfZona azul Costa Blanca? Por qu\u00e9 aqu\u00ed se vive m\u00e1s tiempo\" srcset=\"https:\/\/costablanca-magazin.com\/wp-content\/uploads\/2025\/08\/three-people-walking-down-a-sandy-beach-towards-th-2025-02-02-13-18-07-utc-scaled-e1755256684127-300x126.jpg 300w, https:\/\/costablanca-magazin.com\/wp-content\/uploads\/2025\/08\/three-people-walking-down-a-sandy-beach-towards-th-2025-02-02-13-18-07-utc-scaled-e1755256684127-768x323.jpg 768w, https:\/\/costablanca-magazin.com\/wp-content\/uploads\/2025\/08\/three-people-walking-down-a-sandy-beach-towards-th-2025-02-02-13-18-07-utc-scaled-e1755256684127-1536x645.jpg 1536w, https:\/\/costablanca-magazin.com\/wp-content\/uploads\/2025\/08\/three-people-walking-down-a-sandy-beach-towards-th-2025-02-02-13-18-07-utc-scaled-e1755256684127-2048x860.jpg 2048w\" sizes=\"(max-width: 300px) 100vw, 300px\" \/><\/div><\/a>\n\t\t\t\t<div class=\"elementor-post__badge\">Salud y estilo de vida<\/div>\n\t\t\t\t<div class=\"elementor-post__text\">\n\t\t\t\t<h2 class=\"elementor-post__title\">\n\t\t\t<a href=\"https:\/\/costablanca-magazin.com\/es\/residenten\/gesundheit-lifestyle\/langes-leben-an-der-costa-blanca-blaue-zonen-rezepte\/\" >\n\t\t\t\tLarga vida en la Costa Blanca - Recetas de la Zona Azul\t\t\t<\/a>\n\t\t<\/h2>\n\t\t\t\t<div class=\"elementor-post__excerpt\">\n\t\t\t<p>Larga vida en la Costa Blanca - recetas de la zona azul Dieta mediterr\u00e1nea, sol, ejercicio y vida social - c\u00f3mo los h\u00e1bitos en la Costa Blanca contribuyen a una mejor calidad de vida y vitalidad. \u201cZonas azules\u201d: as\u00ed llaman los investigadores a las regiones donde la gente envejece especialmente. Oficialmente, se trata de lugares como Okinawa en Jap\u00f3n o<\/p>\n\t\t<\/div>\n\t\t\n\t\t<a class=\"elementor-post__read-more\" href=\"https:\/\/costablanca-magazin.com\/es\/residenten\/gesundheit-lifestyle\/langes-leben-an-der-costa-blanca-blaue-zonen-rezepte\/\" aria-label=\"M\u00e1s informaci\u00f3n sobre Langes Leben an der Costa Blanca \u2013 Blaue-Zonen-Rezepte\" tabindex=\"-1\" >\n\t\t\tLeer m\u00e1s \u00bb\t\t<\/a>\n\n\t\t\t\t<\/div>\n\t\t\t\t\t<\/div>\n\t\t<\/article>\n\t\t\t\t<article class=\"elementor-post elementor-grid-item post-7996 post type-post status-publish format-standard has-post-thumbnail hentry category-gesundheit-lifestyle tag-achtsamkeit-gesundheit tag-beschwerden-beobachten tag-gesundheitsbewusstsein-alltag tag-koerpersignale-erkennen tag-reflux-ernaehrung tag-selbstwahrnehmung-staerken\" role=\"listitem\">\n\t\t\t<div class=\"elementor-post__card\">\n\t\t\t\t<a class=\"elementor-post__thumbnail__link\" href=\"https:\/\/costablanca-magazin.com\/es\/residenten\/gesundheit-lifestyle\/gesund-durch-achtsamkeit-wenn-der-koerper-uns-was-fluestert\/\" tabindex=\"-1\" ><div class=\"elementor-post__thumbnail\"><img loading=\"lazy\" decoding=\"async\" width=\"300\" height=\"205\" src=\"https:\/\/costablanca-magazin.com\/wp-content\/uploads\/2025\/07\/cropped-shot-of-a-sporty-young-woman-making-a-hear-2025-04-05-21-36-00-utc-300x205.jpg\" class=\"attachment-medium size-medium wp-image-8047\" alt=\"Saludable gracias a la atenci\u00f3n plena: cuando el cuerpo nos susurra algo\" srcset=\"https:\/\/costablanca-magazin.com\/wp-content\/uploads\/2025\/07\/cropped-shot-of-a-sporty-young-woman-making-a-hear-2025-04-05-21-36-00-utc-300x205.jpg 300w, https:\/\/costablanca-magazin.com\/wp-content\/uploads\/2025\/07\/cropped-shot-of-a-sporty-young-woman-making-a-hear-2025-04-05-21-36-00-utc-1024x698.jpg 1024w, https:\/\/costablanca-magazin.com\/wp-content\/uploads\/2025\/07\/cropped-shot-of-a-sporty-young-woman-making-a-hear-2025-04-05-21-36-00-utc-768x524.jpg 768w, https:\/\/costablanca-magazin.com\/wp-content\/uploads\/2025\/07\/cropped-shot-of-a-sporty-young-woman-making-a-hear-2025-04-05-21-36-00-utc-1536x1047.jpg 1536w, https:\/\/costablanca-magazin.com\/wp-content\/uploads\/2025\/07\/cropped-shot-of-a-sporty-young-woman-making-a-hear-2025-04-05-21-36-00-utc-2048x1396.jpg 2048w\" sizes=\"(max-width: 300px) 100vw, 300px\" \/><\/div><\/a>\n\t\t\t\t<div class=\"elementor-post__badge\">Salud y estilo de vida<\/div>\n\t\t\t\t<div class=\"elementor-post__text\">\n\t\t\t\t<h2 class=\"elementor-post__title\">\n\t\t\t<a href=\"https:\/\/costablanca-magazin.com\/es\/residenten\/gesundheit-lifestyle\/gesund-durch-achtsamkeit-wenn-der-koerper-uns-was-fluestert\/\" >\n\t\t\t\tSaludable a trav\u00e9s de la atenci\u00f3n plena: cuando el cuerpo nos susurra algo\t\t\t<\/a>\n\t\t<\/h2>\n\t\t\t\t<div class=\"elementor-post__excerpt\">\n\t\t\t<p>Salud a trav\u00e9s de la atenci\u00f3n plena - cuando el cuerpo nos susurra algo Entre la visita al m\u00e9dico y la responsabilidad personal: por qu\u00e9 el autoconocimiento es a menudo el primer paso hacia la salud. No todas las dolencias conducen autom\u00e1ticamente a una visita a la consulta del m\u00e9dico. Sobre todo en el caso de molestias difusas, intolerancias o dolencias cr\u00f3nicas, juega un papel decisivo una cuesti\u00f3n completamente distinta, que en el<\/p>\n\t\t<\/div>\n\t\t\n\t\t<a class=\"elementor-post__read-more\" href=\"https:\/\/costablanca-magazin.com\/es\/residenten\/gesundheit-lifestyle\/gesund-durch-achtsamkeit-wenn-der-koerper-uns-was-fluestert\/\" aria-label=\"M\u00e1s informaci\u00f3n sobre Gesund durch Achtsamkeit &#8211; Wenn der K\u00f6rper uns was fl\u00fcstert\" tabindex=\"-1\" >\n\t\t\tLeer m\u00e1s \u00bb\t\t<\/a>\n\n\t\t\t\t<\/div>\n\t\t\t\t\t<\/div>\n\t\t<\/article>\n\t\t\t\t<article class=\"elementor-post elementor-grid-item post-7651 post type-post status-publish format-standard has-post-thumbnail hentry category-gesundheit-lifestyle tag-hautschutz-sonne tag-richtige-sonnencreme tag-sonnenschutz tag-sonnenschutz-costablanca\" role=\"listitem\">\n\t\t\t<div class=\"elementor-post__card\">\n\t\t\t\t<a class=\"elementor-post__thumbnail__link\" href=\"https:\/\/costablanca-magazin.com\/es\/residenten\/gesundheit-lifestyle\/richtiger-sonnenschutz-unbesorgt-die-costa-geniessen\/\" tabindex=\"-1\" ><div class=\"elementor-post__thumbnail\"><img loading=\"lazy\" decoding=\"async\" width=\"200\" height=\"300\" src=\"https:\/\/costablanca-magazin.com\/wp-content\/uploads\/2025\/06\/portugal-family-running-on-beach-2024-09-23-03-34-22-utc-200x300.jpg\" class=\"attachment-medium size-medium wp-image-7663\" alt=\"Protecci\u00f3n solar en la Costa Blanca: luz, vida y responsabilidad\" srcset=\"https:\/\/costablanca-magazin.com\/wp-content\/uploads\/2025\/06\/portugal-family-running-on-beach-2024-09-23-03-34-22-utc-200x300.jpg 200w, https:\/\/costablanca-magazin.com\/wp-content\/uploads\/2025\/06\/portugal-family-running-on-beach-2024-09-23-03-34-22-utc-681x1024.jpg 681w, https:\/\/costablanca-magazin.com\/wp-content\/uploads\/2025\/06\/portugal-family-running-on-beach-2024-09-23-03-34-22-utc-768x1155.jpg 768w, https:\/\/costablanca-magazin.com\/wp-content\/uploads\/2025\/06\/portugal-family-running-on-beach-2024-09-23-03-34-22-utc.jpg 798w\" sizes=\"(max-width: 200px) 100vw, 200px\" \/><\/div><\/a>\n\t\t\t\t<div class=\"elementor-post__badge\">Salud y estilo de vida<\/div>\n\t\t\t\t<div class=\"elementor-post__text\">\n\t\t\t\t<h2 class=\"elementor-post__title\">\n\t\t\t<a href=\"https:\/\/costablanca-magazin.com\/es\/residenten\/gesundheit-lifestyle\/richtiger-sonnenschutz-unbesorgt-die-costa-geniessen\/\" >\n\t\t\t\tProtecci\u00f3n solar adecuada Disfrute de la Costa Blanca sin preocupaciones\t\t\t<\/a>\n\t\t<\/h2>\n\t\t\t\t<div class=\"elementor-post__excerpt\">\n\t\t\t<p>La protecci\u00f3n solar adecuada en la Costa Blanca Quien vive permanentemente en la costa mediterr\u00e1nea no s\u00f3lo debe disfrutar del sol, sino tambi\u00e9n entenderlo. Por qu\u00e9 la protecci\u00f3n es m\u00e1s que un tubo de crema En la Costa Blanca, el sol marca el ritmo del d\u00eda - calienta, despierta y da vida al exterior su<\/p>\n\t\t<\/div>\n\t\t\n\t\t<a class=\"elementor-post__read-more\" href=\"https:\/\/costablanca-magazin.com\/es\/residenten\/gesundheit-lifestyle\/richtiger-sonnenschutz-unbesorgt-die-costa-geniessen\/\" aria-label=\"M\u00e1s informaci\u00f3n sobre Richtiger Sonnenschutz Unbesorgt die Costa Blanca geniessen\" tabindex=\"-1\" >\n\t\t\tLeer m\u00e1s \u00bb\t\t<\/a>\n\n\t\t\t\t<\/div>\n\t\t\t\t\t<\/div>\n\t\t<\/article>\n\t\t\t\t<article class=\"elementor-post elementor-grid-item post-6919 post type-post status-publish format-standard has-post-thumbnail hentry category-gesundheit-lifestyle tag-diaet tag-gesunde-ernaehrung tag-gewicht-verlieren tag-saft-diaet tag-saftkur\" role=\"listitem\">\n\t\t\t<div class=\"elementor-post__card\">\n\t\t\t\t<a class=\"elementor-post__thumbnail__link\" href=\"https:\/\/costablanca-magazin.com\/es\/residenten\/gesundheit-lifestyle\/saftkur-neustart-im-glas-oder-naehrstoff-falle\/\" tabindex=\"-1\" ><div class=\"elementor-post__thumbnail\"><img loading=\"lazy\" decoding=\"async\" width=\"300\" height=\"200\" src=\"https:\/\/costablanca-magazin.com\/wp-content\/uploads\/2025\/05\/glasses-with-different-fruit-or-vegetable-juices-2024-09-28-03-02-26-utc-300x200.jpg\" class=\"attachment-medium size-medium wp-image-6955\" alt=\"Cura de zumos: \u00bfun nuevo comienzo en un vaso o una trampa nutricional?\" srcset=\"https:\/\/costablanca-magazin.com\/wp-content\/uploads\/2025\/05\/glasses-with-different-fruit-or-vegetable-juices-2024-09-28-03-02-26-utc-300x200.jpg 300w, https:\/\/costablanca-magazin.com\/wp-content\/uploads\/2025\/05\/glasses-with-different-fruit-or-vegetable-juices-2024-09-28-03-02-26-utc-1024x683.jpg 1024w, https:\/\/costablanca-magazin.com\/wp-content\/uploads\/2025\/05\/glasses-with-different-fruit-or-vegetable-juices-2024-09-28-03-02-26-utc-768x512.jpg 768w, https:\/\/costablanca-magazin.com\/wp-content\/uploads\/2025\/05\/glasses-with-different-fruit-or-vegetable-juices-2024-09-28-03-02-26-utc.jpg 1200w\" sizes=\"(max-width: 300px) 100vw, 300px\" \/><\/div><\/a>\n\t\t\t\t<div class=\"elementor-post__badge\">Salud y estilo de vida<\/div>\n\t\t\t\t<div class=\"elementor-post__text\">\n\t\t\t\t<h2 class=\"elementor-post__title\">\n\t\t\t<a href=\"https:\/\/costablanca-magazin.com\/es\/residenten\/gesundheit-lifestyle\/saftkur-neustart-im-glas-oder-naehrstoff-falle\/\" >\n\t\t\t\tCura de zumos: \u00bfun nuevo comienzo en un vaso o una trampa de nutrientes?\t\t\t<\/a>\n\t\t<\/h2>\n\t\t\t\t<div class=\"elementor-post__excerpt\">\n\t\t\t<p>Cura de zumos: \u00bfun nuevo comienzo en un vaso o una trampa de nutrientes? Ya sea un ritual de desintoxicaci\u00f3n o una ilusi\u00f3n diet\u00e9tica, una dieta de zumos de cinco d\u00edas promete mucho. Pero, \u00bfqu\u00e9 consigue realmente? Un autotest entre la indulgencia, la desintoxicaci\u00f3n y la realizaci\u00f3n Naranjas maduradas al sol, pepinos crujientes, jengibre fresco: si vives en la Costa Blanca, tienes lo mejor de lo mejor para una limpieza a base de zumos pr\u00e1cticamente al alcance de la mano.<\/p>\n\t\t<\/div>\n\t\t\n\t\t<a class=\"elementor-post__read-more\" href=\"https:\/\/costablanca-magazin.com\/es\/residenten\/gesundheit-lifestyle\/saftkur-neustart-im-glas-oder-naehrstoff-falle\/\" aria-label=\"M\u00e1s informaci\u00f3n sobre Saftkur &#8211; Neustart im Glas oder N\u00e4hrstoff-Falle?\" tabindex=\"-1\" >\n\t\t\tLeer m\u00e1s \u00bb\t\t<\/a>\n\n\t\t\t\t<\/div>\n\t\t\t\t\t<\/div>\n\t\t<\/article>\n\t\t\t\t<article class=\"elementor-post elementor-grid-item post-5141 post type-post status-publish format-standard has-post-thumbnail hentry category-gesundheit-lifestyle tag-antriebslosigkeit tag-bewegung tag-blutdruck tag-costa-blanca-2 tag-energie tag-frische-luft tag-fruehjahrsmuedigkeit tag-fruehling tag-fruehlingserwachen tag-fruehlingsfit tag-gesunde-ernaehrung tag-kreislauf tag-mediterrane-kost tag-melatonin tag-muedigkeit tag-natur tag-powernap tag-serotonin tag-siesta tag-sonnenlicht tag-spaziergang tag-sport tag-vitamin-d tag-wandern\" role=\"listitem\">\n\t\t\t<div class=\"elementor-post__card\">\n\t\t\t\t<a class=\"elementor-post__thumbnail__link\" href=\"https:\/\/costablanca-magazin.com\/es\/residenten\/gesundheit-lifestyle\/fruehjahrsmuedigkeit-start-voller-energie-in-die-warme-jahreszeit\/\" tabindex=\"-1\" ><div class=\"elementor-post__thumbnail\"><img loading=\"lazy\" decoding=\"async\" width=\"300\" height=\"179\" src=\"https:\/\/costablanca-magazin.com\/wp-content\/uploads\/2025\/03\/young-man-jogging-in-the-morning-2024-09-22-14-03-22-utc-300x179.jpg\" class=\"attachment-medium size-medium wp-image-5142\" alt=\"Desp\u00eddete del cansancio primaveral: \u00a1c\u00f3mo empezar la estaci\u00f3n c\u00e1lida lleno de energ\u00eda!\" srcset=\"https:\/\/costablanca-magazin.com\/wp-content\/uploads\/2025\/03\/young-man-jogging-in-the-morning-2024-09-22-14-03-22-utc-300x179.jpg 300w, https:\/\/costablanca-magazin.com\/wp-content\/uploads\/2025\/03\/young-man-jogging-in-the-morning-2024-09-22-14-03-22-utc-1024x611.jpg 1024w, https:\/\/costablanca-magazin.com\/wp-content\/uploads\/2025\/03\/young-man-jogging-in-the-morning-2024-09-22-14-03-22-utc-768x458.jpg 768w, https:\/\/costablanca-magazin.com\/wp-content\/uploads\/2025\/03\/young-man-jogging-in-the-morning-2024-09-22-14-03-22-utc-1536x917.jpg 1536w, https:\/\/costablanca-magazin.com\/wp-content\/uploads\/2025\/03\/young-man-jogging-in-the-morning-2024-09-22-14-03-22-utc-2048x1222.jpg 2048w\" sizes=\"(max-width: 300px) 100vw, 300px\" \/><\/div><\/a>\n\t\t\t\t<div class=\"elementor-post__badge\">Salud y estilo de vida<\/div>\n\t\t\t\t<div class=\"elementor-post__text\">\n\t\t\t\t<h2 class=\"elementor-post__title\">\n\t\t\t<a href=\"https:\/\/costablanca-magazin.com\/es\/residenten\/gesundheit-lifestyle\/fruehjahrsmuedigkeit-start-voller-energie-in-die-warme-jahreszeit\/\" >\n\t\t\t\tFatiga primaveral: \u00a1empieza la estaci\u00f3n c\u00e1lida lleno de energ\u00eda!\t\t\t<\/a>\n\t\t<\/h2>\n\t\t\t\t<div class=\"elementor-post__excerpt\">\n\t\t\t<p>Di adi\u00f3s a la fatiga primaveral: \u00a1c\u00f3mo empezar la estaci\u00f3n c\u00e1lida lleno de energ\u00eda! Las mejores estrategias para combatir el baj\u00f3n de energ\u00eda estacional Se acab\u00f3 el invierno, vuelve el sol y florecen las primeras plantas por todas partes: el momento perfecto para empezar el d\u00eda lleno de energ\u00eda. Pero en lugar de eso, muchas personas se sienten<\/p>\n\t\t<\/div>\n\t\t\n\t\t<a class=\"elementor-post__read-more\" href=\"https:\/\/costablanca-magazin.com\/es\/residenten\/gesundheit-lifestyle\/fruehjahrsmuedigkeit-start-voller-energie-in-die-warme-jahreszeit\/\" aria-label=\"M\u00e1s informaci\u00f3n sobre Fr\u00fchjahrsm\u00fcdigkeit &#8211; Start voller Energie in die warme Jahreszeit!\" tabindex=\"-1\" >\n\t\t\tLeer m\u00e1s \u00bb\t\t<\/a>\n\n\t\t\t\t<\/div>\n\t\t\t\t\t<\/div>\n\t\t<\/article>\n\t\t\t\t<article class=\"elementor-post elementor-grid-item post-4218 post type-post status-publish format-standard has-post-thumbnail hentry category-gesundheit-lifestyle tag-costa-blanca tag-gesundheit-an-der-costa-blanca tag-gesundheits-system-costa-blanca tag-gesundheits-system-neuerung\" role=\"listitem\">\n\t\t\t<div class=\"elementor-post__card\">\n\t\t\t\t<a class=\"elementor-post__thumbnail__link\" href=\"https:\/\/costablanca-magazin.com\/es\/residenten\/gesundheit-lifestyle\/costa-blanca-digitale-revolution-in-der-gesundheits-versorgung\/\" tabindex=\"-1\" ><div class=\"elementor-post__thumbnail\"><img loading=\"lazy\" decoding=\"async\" width=\"300\" height=\"169\" src=\"https:\/\/costablanca-magazin.com\/wp-content\/uploads\/2025\/01\/african-american-patient-going-in-medical-office-w-2023-11-27-05-11-09-utc-300x169.jpg\" class=\"attachment-medium size-medium wp-image-4219\" alt=\"Revoluci\u00f3n digital en la sanidad\" srcset=\"https:\/\/costablanca-magazin.com\/wp-content\/uploads\/2025\/01\/african-american-patient-going-in-medical-office-w-2023-11-27-05-11-09-utc-300x169.jpg 300w, https:\/\/costablanca-magazin.com\/wp-content\/uploads\/2025\/01\/african-american-patient-going-in-medical-office-w-2023-11-27-05-11-09-utc-1024x576.jpg 1024w, https:\/\/costablanca-magazin.com\/wp-content\/uploads\/2025\/01\/african-american-patient-going-in-medical-office-w-2023-11-27-05-11-09-utc-768x432.jpg 768w, https:\/\/costablanca-magazin.com\/wp-content\/uploads\/2025\/01\/african-american-patient-going-in-medical-office-w-2023-11-27-05-11-09-utc.jpg 1200w\" sizes=\"(max-width: 300px) 100vw, 300px\" \/><\/div><\/a>\n\t\t\t\t<div class=\"elementor-post__badge\">Salud y estilo de vida<\/div>\n\t\t\t\t<div class=\"elementor-post__text\">\n\t\t\t\t<h2 class=\"elementor-post__title\">\n\t\t\t<a href=\"https:\/\/costablanca-magazin.com\/es\/residenten\/gesundheit-lifestyle\/costa-blanca-digitale-revolution-in-der-gesundheits-versorgung\/\" >\n\t\t\t\tCosta Blanca - Revoluci\u00f3n digital en la prestaci\u00f3n sanitaria\t\t\t<\/a>\n\t\t<\/h2>\n\t\t\t\t<div class=\"elementor-post__excerpt\">\n\t\t\t<p>Revoluci\u00f3n digital en la sanidad Procesos m\u00e1s eficientes en las cl\u00ednicas alicantinas: Sanidad quiere reducir los tiempos de espera y la burocracia con nuevos terminales y pantallas. Una sala de espera llena, colas interminables en el mostrador de registro y la desagradable sensaci\u00f3n de que te llamen delante de todo el equipo: escenas como \u00e9stas pronto ser\u00e1n cosa del pasado en los centros de salud de Alicante.<\/p>\n\t\t<\/div>\n\t\t\n\t\t<a class=\"elementor-post__read-more\" href=\"https:\/\/costablanca-magazin.com\/es\/residenten\/gesundheit-lifestyle\/costa-blanca-digitale-revolution-in-der-gesundheits-versorgung\/\" aria-label=\"M\u00e1s informaci\u00f3n sobre Costa Blanca &#8211; Digitale Revolution in der Gesundheits-Versorgung\" tabindex=\"-1\" >\n\t\t\tLeer m\u00e1s \u00bb\t\t<\/a>\n\n\t\t\t\t<\/div>\n\t\t\t\t\t<\/div>\n\t\t<\/article>\n\t\t\t\t<article class=\"elementor-post elementor-grid-item post-4021 post type-post status-publish format-standard has-post-thumbnail hentry category-gesundheit-lifestyle tag-costa-blanca tag-prozessionsspinner-raupen-an-der-costa-blanca tag-prozessionsspinner-raupen-zeit\" role=\"listitem\">\n\t\t\t<div class=\"elementor-post__card\">\n\t\t\t\t<a class=\"elementor-post__thumbnail__link\" href=\"https:\/\/costablanca-magazin.com\/es\/residenten\/gesundheit-lifestyle\/kleine-gefahr-mit-grosser-wirkung-vorsicht-vor-prozessionsspinner-raupen\/\" tabindex=\"-1\" ><div class=\"elementor-post__thumbnail\"><img loading=\"lazy\" decoding=\"async\" width=\"300\" height=\"200\" src=\"https:\/\/costablanca-magazin.com\/wp-content\/uploads\/2025\/01\/Fotolia_50212638_M-300x200.jpg\" class=\"attachment-medium size-medium wp-image-4031\" alt=\"Peque\u00f1o peligro con gran impacto: cuidado con las orugas de la procesionaria\" srcset=\"https:\/\/costablanca-magazin.com\/wp-content\/uploads\/2025\/01\/Fotolia_50212638_M-300x200.jpg 300w, https:\/\/costablanca-magazin.com\/wp-content\/uploads\/2025\/01\/Fotolia_50212638_M-1024x682.jpg 1024w, https:\/\/costablanca-magazin.com\/wp-content\/uploads\/2025\/01\/Fotolia_50212638_M-768x511.jpg 768w, https:\/\/costablanca-magazin.com\/wp-content\/uploads\/2025\/01\/Fotolia_50212638_M.jpg 1200w\" sizes=\"(max-width: 300px) 100vw, 300px\" \/><\/div><\/a>\n\t\t\t\t<div class=\"elementor-post__badge\">Salud y estilo de vida<\/div>\n\t\t\t\t<div class=\"elementor-post__text\">\n\t\t\t\t<h2 class=\"elementor-post__title\">\n\t\t\t<a href=\"https:\/\/costablanca-magazin.com\/es\/residenten\/gesundheit-lifestyle\/kleine-gefahr-mit-grosser-wirkung-vorsicht-vor-prozessionsspinner-raupen\/\" >\n\t\t\t\tUn peque\u00f1o peligro con un gran impacto: cuidado con las orugas de la procesionaria\t\t\t<\/a>\n\t\t<\/h2>\n\t\t\t\t<div class=\"elementor-post__excerpt\">\n\t\t\t<p>Peque\u00f1o peligro con gran impacto: cuidado con las orugas procesionarias Riesgo de alergia en primavera - C\u00f3mo proteger a personas y animales. La primavera tambi\u00e9n marca el inicio de la temporada de la procesionaria en la Costa Blanca. Las orugas son especialmente frecuentes en zonas con pinos, robles o cedros - un fascinante<\/p>\n\t\t<\/div>\n\t\t\n\t\t<a class=\"elementor-post__read-more\" href=\"https:\/\/costablanca-magazin.com\/es\/residenten\/gesundheit-lifestyle\/kleine-gefahr-mit-grosser-wirkung-vorsicht-vor-prozessionsspinner-raupen\/\" aria-label=\"M\u00e1s informaci\u00f3n sobre Kleine Gefahr mit gro\u00dfer Wirkung &#8211; Vorsicht vor Prozessionsspinner-Raupen\" tabindex=\"-1\" >\n\t\t\tLeer m\u00e1s \u00bb\t\t<\/a>\n\n\t\t\t\t<\/div>\n\t\t\t\t\t<\/div>\n\t\t<\/article>\n\t\t\t\t<article class=\"elementor-post elementor-grid-item post-2577 post type-post status-publish format-standard has-post-thumbnail hentry category-gesundheit-lifestyle tag-gesund-durch-den-winter-costa-blanca tag-gesundheit tag-richtige-ernaehrung-im-winter\" role=\"listitem\">\n\t\t\t<div class=\"elementor-post__card\">\n\t\t\t\t<a class=\"elementor-post__thumbnail__link\" href=\"https:\/\/costablanca-magazin.com\/es\/residenten\/gesundheit-lifestyle\/gesund-durch-den-winter-in-marina-baja-und-marina-alta\/\" tabindex=\"-1\" ><div class=\"elementor-post__thumbnail\"><img loading=\"lazy\" decoding=\"async\" width=\"300\" height=\"139\" src=\"https:\/\/costablanca-magazin.com\/wp-content\/uploads\/2024\/10\/healthy-vegetarian-dieting-winter-breakfast-in-bed-2023-11-27-05-28-48-utc-300x139.jpg\" class=\"attachment-medium size-medium wp-image-2578\" alt=\"Saludable durante el invierno en la Marina Baja y la Marina Alta\" srcset=\"https:\/\/costablanca-magazin.com\/wp-content\/uploads\/2024\/10\/healthy-vegetarian-dieting-winter-breakfast-in-bed-2023-11-27-05-28-48-utc-300x139.jpg 300w, https:\/\/costablanca-magazin.com\/wp-content\/uploads\/2024\/10\/healthy-vegetarian-dieting-winter-breakfast-in-bed-2023-11-27-05-28-48-utc-1024x476.jpg 1024w, https:\/\/costablanca-magazin.com\/wp-content\/uploads\/2024\/10\/healthy-vegetarian-dieting-winter-breakfast-in-bed-2023-11-27-05-28-48-utc-768x357.jpg 768w, https:\/\/costablanca-magazin.com\/wp-content\/uploads\/2024\/10\/healthy-vegetarian-dieting-winter-breakfast-in-bed-2023-11-27-05-28-48-utc-1536x713.jpg 1536w, https:\/\/costablanca-magazin.com\/wp-content\/uploads\/2024\/10\/healthy-vegetarian-dieting-winter-breakfast-in-bed-2023-11-27-05-28-48-utc-2048x951.jpg 2048w\" sizes=\"(max-width: 300px) 100vw, 300px\" \/><\/div><\/a>\n\t\t\t\t<div class=\"elementor-post__badge\">Salud y estilo de vida<\/div>\n\t\t\t\t<div class=\"elementor-post__text\">\n\t\t\t\t<h2 class=\"elementor-post__title\">\n\t\t\t<a href=\"https:\/\/costablanca-magazin.com\/es\/residenten\/gesundheit-lifestyle\/gesund-durch-den-winter-in-marina-baja-und-marina-alta\/\" >\n\t\t\t\tSaludable durante el invierno en la Marina Baja y la Marina Alta\t\t\t<\/a>\n\t\t<\/h2>\n\t\t\t\t<div class=\"elementor-post__excerpt\">\n\t\t\t<p>Saludable durante el invierno en la Marina Baja y la Marina Alta Incluso con el clima suave de la Costa Blanca, es importante reforzar el sistema inmunol\u00f3gico y protegerse de los resfriados invernales. \u00bfQu\u00e9 debe tener en cuenta para pasar la estaci\u00f3n fr\u00eda con buena salud? Aproveche al m\u00e1ximo la luz del d\u00eda y salga al aire libre.<\/p>\n\t\t<\/div>\n\t\t\n\t\t<a class=\"elementor-post__read-more\" href=\"https:\/\/costablanca-magazin.com\/es\/residenten\/gesundheit-lifestyle\/gesund-durch-den-winter-in-marina-baja-und-marina-alta\/\" aria-label=\"M\u00e1s informaci\u00f3n sobre Gesund durch den Winter in Marina Baja und Marina Alta\" tabindex=\"-1\" >\n\t\t\tLeer m\u00e1s \u00bb\t\t<\/a>\n\n\t\t\t\t<\/div>\n\t\t\t\t\t<\/div>\n\t\t<\/article>\n\t\t\t\t<article class=\"elementor-post elementor-grid-item post-1976 post type-post status-publish format-standard has-post-thumbnail hentry category-gesundheit-lifestyle tag-mediterrane-ernaehrung tag-mittelmeer-diaet\" role=\"listitem\">\n\t\t\t<div class=\"elementor-post__card\">\n\t\t\t\t<a class=\"elementor-post__thumbnail__link\" href=\"https:\/\/costablanca-magazin.com\/es\/residenten\/gesundheit-lifestyle\/der-geschmack-des-mittelmeers-mediterranen-ernaehrung-im-alltag\/\" tabindex=\"-1\" ><div class=\"elementor-post__thumbnail\"><img loading=\"lazy\" decoding=\"async\" width=\"206\" height=\"300\" src=\"https:\/\/costablanca-magazin.com\/wp-content\/uploads\/2024\/09\/Mittelmeer-Diat4-206x300.jpg\" class=\"attachment-medium size-medium wp-image-1977\" alt=\"Dieta mediterr\u00e1nea\" srcset=\"https:\/\/costablanca-magazin.com\/wp-content\/uploads\/2024\/09\/Mittelmeer-Diat4-206x300.jpg 206w, https:\/\/costablanca-magazin.com\/wp-content\/uploads\/2024\/09\/Mittelmeer-Diat4-702x1024.jpg 702w, https:\/\/costablanca-magazin.com\/wp-content\/uploads\/2024\/09\/Mittelmeer-Diat4-768x1120.jpg 768w, https:\/\/costablanca-magazin.com\/wp-content\/uploads\/2024\/09\/Mittelmeer-Diat4-1053x1536.jpg 1053w, https:\/\/costablanca-magazin.com\/wp-content\/uploads\/2024\/09\/Mittelmeer-Diat4-1405x2048.jpg 1405w, https:\/\/costablanca-magazin.com\/wp-content\/uploads\/2024\/09\/Mittelmeer-Diat4-scaled.jpg 1756w\" sizes=\"(max-width: 206px) 100vw, 206px\" \/><\/div><\/a>\n\t\t\t\t<div class=\"elementor-post__badge\">Salud y estilo de vida<\/div>\n\t\t\t\t<div class=\"elementor-post__text\">\n\t\t\t\t<h2 class=\"elementor-post__title\">\n\t\t\t<a href=\"https:\/\/costablanca-magazin.com\/es\/residenten\/gesundheit-lifestyle\/der-geschmack-des-mittelmeers-mediterranen-ernaehrung-im-alltag\/\" >\n\t\t\t\tEl sabor del Mediterr\u00e1neo: la comida mediterr\u00e1nea en la vida cotidiana\t\t\t<\/a>\n\t\t<\/h2>\n\t\t\t\t<div class=\"elementor-post__excerpt\">\n\t\t\t<p>El sabor del Mediterr\u00e1neo: la dieta mediterr\u00e1nea en la vida cotidiana Para muchos expatriados y residentes que se han instalado aqu\u00ed, la dieta mediterr\u00e1nea es desde hace tiempo algo m\u00e1s que una moda. Se adapta perfectamente a las condiciones de vida aqu\u00ed, donde la cocina regional y el clima suave hacen que una dieta equilibrada y fresca sea f\u00e1cilmente accesible.<\/p>\n\t\t<\/div>\n\t\t\n\t\t<a class=\"elementor-post__read-more\" href=\"https:\/\/costablanca-magazin.com\/es\/residenten\/gesundheit-lifestyle\/der-geschmack-des-mittelmeers-mediterranen-ernaehrung-im-alltag\/\" aria-label=\"M\u00e1s informaci\u00f3n sobre Der Geschmack des Mittelmeers: mediterranen Ern\u00e4hrung im Alltag\" tabindex=\"-1\" >\n\t\t\tLeer m\u00e1s \u00bb\t\t<\/a>\n\n\t\t\t\t<\/div>\n\t\t\t\t\t<\/div>\n\t\t<\/article>\n\t\t\t\t<article class=\"elementor-post elementor-grid-item post-1934 post type-post status-publish format-standard has-post-thumbnail hentry category-gesundheit-lifestyle tag-behindertenausweis tag-behindertenausweis-beantragen-costa-blanca tag-behindertenausweis-spanien\" role=\"listitem\">\n\t\t\t<div class=\"elementor-post__card\">\n\t\t\t\t<a class=\"elementor-post__thumbnail__link\" href=\"https:\/\/costablanca-magazin.com\/es\/residenten\/gesundheit-lifestyle\/behindertenausweis-an-der-costa-blanca-beantragung-und-leistung\/\" tabindex=\"-1\" ><div class=\"elementor-post__thumbnail\"><img loading=\"lazy\" decoding=\"async\" width=\"300\" height=\"200\" src=\"https:\/\/costablanca-magazin.com\/wp-content\/uploads\/2024\/09\/young-disabled-businesswoman-opening-office-door-w-2023-11-27-05-29-17-utc-300x200.jpg\" class=\"attachment-medium size-medium wp-image-1935\" alt=\"Tarjeta de discapacidad en la Costa Blanca\" srcset=\"https:\/\/costablanca-magazin.com\/wp-content\/uploads\/2024\/09\/young-disabled-businesswoman-opening-office-door-w-2023-11-27-05-29-17-utc-300x200.jpg 300w, https:\/\/costablanca-magazin.com\/wp-content\/uploads\/2024\/09\/young-disabled-businesswoman-opening-office-door-w-2023-11-27-05-29-17-utc-1024x683.jpg 1024w, https:\/\/costablanca-magazin.com\/wp-content\/uploads\/2024\/09\/young-disabled-businesswoman-opening-office-door-w-2023-11-27-05-29-17-utc-768x512.jpg 768w, https:\/\/costablanca-magazin.com\/wp-content\/uploads\/2024\/09\/young-disabled-businesswoman-opening-office-door-w-2023-11-27-05-29-17-utc-1536x1024.jpg 1536w, https:\/\/costablanca-magazin.com\/wp-content\/uploads\/2024\/09\/young-disabled-businesswoman-opening-office-door-w-2023-11-27-05-29-17-utc-2048x1365.jpg 2048w\" sizes=\"(max-width: 300px) 100vw, 300px\" \/><\/div><\/a>\n\t\t\t\t<div class=\"elementor-post__badge\">Salud y estilo de vida<\/div>\n\t\t\t\t<div class=\"elementor-post__text\">\n\t\t\t\t<h2 class=\"elementor-post__title\">\n\t\t\t<a href=\"https:\/\/costablanca-magazin.com\/es\/residenten\/gesundheit-lifestyle\/behindertenausweis-an-der-costa-blanca-beantragung-und-leistung\/\" >\n\t\t\t\tTarjeta de discapacidad en la Costa Blanca - solicitud y ventajas\t\t\t<\/a>\n\t\t<\/h2>\n\t\t\t\t<div class=\"elementor-post__excerpt\">\n\t\t\t<p>Tarjeta de discapacidad en la Costa Blanca: acceso a ayudas y mejor calidad de vida De importantes prestaciones a integraci\u00f3n social: c\u00f3mo la tarjeta de discapacidad empodera a las personas con discapacidad en Espa\u00f1a. Las personas con discapacidad tambi\u00e9n tienen derecho a la tarjeta de discapacidad en la Costa Blanca. Sin embargo, el camino hacia este documento es<\/p>\n\t\t<\/div>\n\t\t\n\t\t<a class=\"elementor-post__read-more\" href=\"https:\/\/costablanca-magazin.com\/es\/residenten\/gesundheit-lifestyle\/behindertenausweis-an-der-costa-blanca-beantragung-und-leistung\/\" aria-label=\"M\u00e1s informaci\u00f3n sobre Behindertenausweis an der Costa Blanca &#8211; Beantragung und Leistung\" tabindex=\"-1\" >\n\t\t\tLeer m\u00e1s \u00bb\t\t<\/a>\n\n\t\t\t\t<\/div>\n\t\t\t\t\t<\/div>\n\t\t<\/article>\n\t\t\t\t<article class=\"elementor-post elementor-grid-item post-1793 post type-post status-publish format-standard has-post-thumbnail hentry category-gesundheit-lifestyle tag-biodental-denia tag-deutschsprachiger-zahnarzt-costa-blanca tag-zahnarzt-denia\" role=\"listitem\">\n\t\t\t<div class=\"elementor-post__card\">\n\t\t\t\t<a class=\"elementor-post__thumbnail__link\" href=\"https:\/\/costablanca-magazin.com\/es\/residenten\/gesundheit-lifestyle\/biodental-denia-ganzheitliche-zahnheilkunde\/\" tabindex=\"-1\" ><div class=\"elementor-post__thumbnail\"><img loading=\"lazy\" decoding=\"async\" width=\"300\" height=\"200\" src=\"https:\/\/costablanca-magazin.com\/wp-content\/uploads\/2024\/08\/beautiful-female-smile-with-a-white-teeth-2023-11-27-05-04-40-utc-300x200.jpg\" class=\"attachment-medium size-medium wp-image-1795\" alt=\"Biodental D\u00e9nia Eva Maria Vetter\" srcset=\"https:\/\/costablanca-magazin.com\/wp-content\/uploads\/2024\/08\/beautiful-female-smile-with-a-white-teeth-2023-11-27-05-04-40-utc-300x200.jpg 300w, https:\/\/costablanca-magazin.com\/wp-content\/uploads\/2024\/08\/beautiful-female-smile-with-a-white-teeth-2023-11-27-05-04-40-utc-1024x683.jpg 1024w, https:\/\/costablanca-magazin.com\/wp-content\/uploads\/2024\/08\/beautiful-female-smile-with-a-white-teeth-2023-11-27-05-04-40-utc-768x512.jpg 768w, https:\/\/costablanca-magazin.com\/wp-content\/uploads\/2024\/08\/beautiful-female-smile-with-a-white-teeth-2023-11-27-05-04-40-utc.jpg 1200w\" sizes=\"(max-width: 300px) 100vw, 300px\" \/><\/div><\/a>\n\t\t\t\t<div class=\"elementor-post__badge\">Salud y estilo de vida<\/div>\n\t\t\t\t<div class=\"elementor-post__text\">\n\t\t\t\t<h2 class=\"elementor-post__title\">\n\t\t\t<a href=\"https:\/\/costablanca-magazin.com\/es\/residenten\/gesundheit-lifestyle\/biodental-denia-ganzheitliche-zahnheilkunde\/\" >\n\t\t\t\tBiodental D\u00e9nia: Odontolog\u00eda hol\u00edstica\t\t\t<\/a>\n\t\t<\/h2>\n\t\t\t\t<div class=\"elementor-post__excerpt\">\n\t\t\t<p>Biodental D\u00e9nia Eva Maria Vetter: Odontolog\u00eda hol\u00edstica para su bienestar Atenci\u00f3n experta de un equipo multiling\u00fce para una sonrisa sana para toda la vida En Biodental D\u00e9nia, bajo la direcci\u00f3n de Eva Maria Vetter y Susann Riethm\u00fcller, la atenci\u00f3n se centra en el bienestar a trav\u00e9s de la odontolog\u00eda hol\u00edstica. Nuestro objetivo es cuidar sus dientes y<\/p>\n\t\t<\/div>\n\t\t\n\t\t<a class=\"elementor-post__read-more\" href=\"https:\/\/costablanca-magazin.com\/es\/residenten\/gesundheit-lifestyle\/biodental-denia-ganzheitliche-zahnheilkunde\/\" aria-label=\"M\u00e1s informaci\u00f3n sobre Biodental D\u00e9nia: Ganzheitliche Zahnheilkunde\" tabindex=\"-1\" >\n\t\t\tLeer m\u00e1s \u00bb\t\t<\/a>\n\n\t\t\t\t<\/div>\n\t\t\t\t\t<\/div>\n\t\t<\/article>\n\t\t\t\t<article class=\"elementor-post elementor-grid-item post-1771 post type-post status-publish format-standard has-post-thumbnail hentry category-gesundheit-lifestyle tag-private-krankenversicherung-spanien tag-private-krankenzusatzversicherung-spanien\" role=\"listitem\">\n\t\t\t<div class=\"elementor-post__card\">\n\t\t\t\t<a class=\"elementor-post__thumbnail__link\" href=\"https:\/\/costablanca-magazin.com\/es\/residenten\/gesundheit-lifestyle\/private-krankenversicherungen-in-spanieneine-effiziente-ergaenzung\/\" tabindex=\"-1\" ><div class=\"elementor-post__thumbnail\"><img loading=\"lazy\" decoding=\"async\" width=\"300\" height=\"200\" src=\"https:\/\/costablanca-magazin.com\/wp-content\/uploads\/2024\/08\/family-healthcare-and-medical-insurance-concept-2023-11-27-05-27-11-utc-300x200.jpg\" class=\"attachment-medium size-medium wp-image-1772\" alt=\"Seguros m\u00e9dicos privados en Espa\u00f1a\" srcset=\"https:\/\/costablanca-magazin.com\/wp-content\/uploads\/2024\/08\/family-healthcare-and-medical-insurance-concept-2023-11-27-05-27-11-utc-300x200.jpg 300w, https:\/\/costablanca-magazin.com\/wp-content\/uploads\/2024\/08\/family-healthcare-and-medical-insurance-concept-2023-11-27-05-27-11-utc-1024x682.jpg 1024w, https:\/\/costablanca-magazin.com\/wp-content\/uploads\/2024\/08\/family-healthcare-and-medical-insurance-concept-2023-11-27-05-27-11-utc-768x511.jpg 768w, https:\/\/costablanca-magazin.com\/wp-content\/uploads\/2024\/08\/family-healthcare-and-medical-insurance-concept-2023-11-27-05-27-11-utc.jpg 1200w\" sizes=\"(max-width: 300px) 100vw, 300px\" \/><\/div><\/a>\n\t\t\t\t<div class=\"elementor-post__badge\">Salud y estilo de vida<\/div>\n\t\t\t\t<div class=\"elementor-post__text\">\n\t\t\t\t<h2 class=\"elementor-post__title\">\n\t\t\t<a href=\"https:\/\/costablanca-magazin.com\/es\/residenten\/gesundheit-lifestyle\/private-krankenversicherungen-in-spanieneine-effiziente-ergaenzung\/\" >\n\t\t\t\tEl seguro de enfermedad privado en Espa\u00f1a: un complemento eficaz\t\t\t<\/a>\n\t\t<\/h2>\n\t\t\t\t<div class=\"elementor-post__excerpt\">\n\t\t\t<p>El seguro m\u00e9dico privado en Espa\u00f1a: un complemento eficaz a la asistencia p\u00fablica Soluciones sanitarias eficaces: Flexibilidad y rapidez a trav\u00e9s de opciones privadas. Los seguros de salud privados en Espa\u00f1a ofrecen un valioso complemento a los seguros de salud estatales obligatorios. Su creciente popularidad se debe a los a menudo largos tiempos de espera en el sistema sanitario estatal. Para garantizar una asistencia m\u00e9dica r\u00e1pida y directa<\/p>\n\t\t<\/div>\n\t\t\n\t\t<a class=\"elementor-post__read-more\" href=\"https:\/\/costablanca-magazin.com\/es\/residenten\/gesundheit-lifestyle\/private-krankenversicherungen-in-spanieneine-effiziente-ergaenzung\/\" aria-label=\"M\u00e1s informaci\u00f3n sobre Private Krankenversicherungen in Spanien:Eine Effiziente Erg\u00e4nzung\" tabindex=\"-1\" >\n\t\t\tLeer m\u00e1s \u00bb\t\t<\/a>\n\n\t\t\t\t<\/div>\n\t\t\t\t\t<\/div>\n\t\t<\/article>\n\t\t\t\t<article class=\"elementor-post elementor-grid-item post-246 post type-post status-publish format-standard has-post-thumbnail hentry category-gesundheit-lifestyle tag-krankenversicherung-costablanca tag-krankneversicherung-spanien tag-seguridad-social\" role=\"listitem\">\n\t\t\t<div class=\"elementor-post__card\">\n\t\t\t\t<a class=\"elementor-post__thumbnail__link\" href=\"https:\/\/costablanca-magazin.com\/es\/residenten\/gesundheit-lifestyle\/gesetzliche-krankenversicherung\/\" tabindex=\"-1\" ><div class=\"elementor-post__thumbnail\"><img loading=\"lazy\" decoding=\"async\" width=\"300\" height=\"199\" src=\"https:\/\/costablanca-magazin.com\/wp-content\/uploads\/2024\/06\/ss-300x199.jpg\" class=\"attachment-medium size-medium wp-image-247\" alt=\"Seguridad Social y seguro m\u00e9dico en Espa\u00f1a\" srcset=\"https:\/\/costablanca-magazin.com\/wp-content\/uploads\/2024\/06\/ss-300x199.jpg 300w, https:\/\/costablanca-magazin.com\/wp-content\/uploads\/2024\/06\/ss-1024x678.jpg 1024w, https:\/\/costablanca-magazin.com\/wp-content\/uploads\/2024\/06\/ss-768x509.jpg 768w, https:\/\/costablanca-magazin.com\/wp-content\/uploads\/2024\/06\/ss-1536x1018.jpg 1536w, https:\/\/costablanca-magazin.com\/wp-content\/uploads\/2024\/06\/ss-2048x1357.jpg 2048w\" sizes=\"(max-width: 300px) 100vw, 300px\" \/><\/div><\/a>\n\t\t\t\t<div class=\"elementor-post__badge\">Salud y estilo de vida<\/div>\n\t\t\t\t<div class=\"elementor-post__text\">\n\t\t\t\t<h2 class=\"elementor-post__title\">\n\t\t\t<a href=\"https:\/\/costablanca-magazin.com\/es\/residenten\/gesundheit-lifestyle\/gesetzliche-krankenversicherung\/\" >\n\t\t\t\tSeguro de enfermedad obligatorio\t\t\t<\/a>\n\t\t<\/h2>\n\t\t\t\t<div class=\"elementor-post__excerpt\">\n\t\t\t<p>Diferencias entre el seguro de enfermedad obligatorio en Espa\u00f1a y Alemania Los sistemas sanitarios de Espa\u00f1a y Alemania se basan ambos en la cobertura universal, pero existen diferencias significativas en su estructura y funcionamiento. El seguro de enfermedad obligatorio en Alemania El sistema sanitario alem\u00e1n es un sistema dual. Esto significa que existen dos tipos de seguros sanitarios: el<\/p>\n\t\t<\/div>\n\t\t\n\t\t<a class=\"elementor-post__read-more\" href=\"https:\/\/costablanca-magazin.com\/es\/residenten\/gesundheit-lifestyle\/gesetzliche-krankenversicherung\/\" aria-label=\"M\u00e1s informaci\u00f3n sobre Gesetzliche Krankenversicherung\" tabindex=\"-1\" >\n\t\t\tLeer m\u00e1s \u00bb\t\t<\/a>\n\n\t\t\t\t<\/div>\n\t\t\t\t\t<\/div>\n\t\t<\/article>\n\t\t\t\t<\/div>\n\t\t\n\t\t\t\t\t\t<\/div>\n\t\t\t\t<\/div>\n\t\t\t\t\t<\/div>\n\t\t\t\t<\/div>\n\t\t\t\t<\/div>","protected":false},"excerpt":{"rendered":"<p>Als Residenten im Bereich Gesundheit &#038; Lifestyle empfehle ich dir, an kleine, nachhaltige Ver\u00e4nderungen in den Alltag einzubauen, der auf ausgewogene Ern\u00e4hrung zu achten und Costa regelm\u00e4\u00dfige Bewegung zu integrieren, Blanca Stressmanagement nicht zu vernachl\u00e4ssigen und Leben ausreichend Schlaf zu priorisieren, denn und mentale Balance st\u00e4rkt das Immunsystem und Wohlf\u00fchlen soziale Kontakte f\u00f6rdern das Wohlbefinden, [&hellip;]<\/p>\n","protected":false},"author":1,"featured_media":0,"parent":0,"menu_order":0,"comment_status":"closed","ping_status":"closed","template":"elementor_header_footer","meta":{"om_disable_all_campaigns":false,"_monsterinsights_skip_tracking":false,"_monsterinsights_sitenote_active":false,"_monsterinsights_sitenote_note":"","_monsterinsights_sitenote_category":0,"footnotes":""},"class_list":["post-4609","page","type-page","status-publish","hentry"],"aioseo_notices":[],"_links":{"self":[{"href":"https:\/\/costablanca-magazin.com\/es\/wp-json\/wp\/v2\/pages\/4609","targetHints":{"allow":["GET"]}}],"collection":[{"href":"https:\/\/costablanca-magazin.com\/es\/wp-json\/wp\/v2\/pages"}],"about":[{"href":"https:\/\/costablanca-magazin.com\/es\/wp-json\/wp\/v2\/types\/page"}],"author":[{"embeddable":true,"href":"https:\/\/costablanca-magazin.com\/es\/wp-json\/wp\/v2\/users\/1"}],"replies":[{"embeddable":true,"href":"https:\/\/costablanca-magazin.com\/es\/wp-json\/wp\/v2\/comments?post=4609"}],"version-history":[{"count":21,"href":"https:\/\/costablanca-magazin.com\/es\/wp-json\/wp\/v2\/pages\/4609\/revisions"}],"predecessor-version":[{"id":10375,"href":"https:\/\/costablanca-magazin.com\/es\/wp-json\/wp\/v2\/pages\/4609\/revisions\/10375"}],"wp:attachment":[{"href":"https:\/\/costablanca-magazin.com\/es\/wp-json\/wp\/v2\/media?parent=4609"}],"curies":[{"name":"wp","href":"https:\/\/api.w.org\/{rel}","templated":true}]}}