{"id":4597,"date":"2025-01-21T09:16:15","date_gmt":"2025-01-21T08:16:15","guid":{"rendered":"https:\/\/costablanca-magazin.com\/?page_id=4597"},"modified":"2026-02-11T11:49:55","modified_gmt":"2026-02-11T10:49:55","slug":"recetas-especiales","status":"publish","type":"page","link":"https:\/\/costablanca-magazin.com\/es\/spezialitaeten-rezepte\/","title":{"rendered":"Especialidades y recetas"},"content":{"rendered":"<div data-elementor-type=\"wp-page\" data-elementor-id=\"4597\" class=\"elementor elementor-4597\" data-elementor-post-type=\"page\">\n\t\t\t\t<div class=\"elementor-element elementor-element-df524ca e-flex e-con-boxed e-con e-parent\" data-id=\"df524ca\" data-element_type=\"container\" data-e-type=\"container\">\n\t\t\t\t\t<div class=\"e-con-inner\">\n\t\t<div class=\"elementor-element elementor-element-e473d04 e-con-full e-flex e-con e-child\" data-id=\"e473d04\" data-element_type=\"container\" data-e-type=\"container\">\n\t\t<div class=\"elementor-element elementor-element-0d3b93d e-con-full e-flex e-con e-child\" data-id=\"0d3b93d\" data-element_type=\"container\" data-e-type=\"container\">\n\t\t<div class=\"elementor-element elementor-element-5d02765 e-con-full e-flex e-con e-child\" data-id=\"5d02765\" data-element_type=\"container\" data-e-type=\"container\">\n\t\t\t\t<div class=\"elementor-element elementor-element-43aa90d elementor-widget elementor-widget-heading\" data-id=\"43aa90d\" data-element_type=\"widget\" data-e-type=\"widget\" data-widget_type=\"heading.default\">\n\t\t\t\t<div class=\"elementor-widget-container\">\n\t\t\t\t\t<h1 class=\"elementor-heading-title elementor-size-default\">Delicias culinarias - especialidades y recetas<\/h1>\t\t\t\t<\/div>\n\t\t\t\t<\/div>\n\t\t\t\t<\/div>\n\t\t<div class=\"elementor-element elementor-element-dd1909a e-con-full e-grid e-con e-child\" data-id=\"dd1909a\" data-element_type=\"container\" data-e-type=\"container\">\n\t\t\t\t<\/div>\n\t\t\t\t<\/div>\n\t\t\t\t<\/div>\n\t\t\t\t\t<\/div>\n\t\t\t\t<\/div>\n\t\t<div class=\"elementor-element elementor-element-bd45d2d e-flex e-con-boxed e-con e-parent\" data-id=\"bd45d2d\" data-element_type=\"container\" data-e-type=\"container\">\n\t\t\t\t\t<div class=\"e-con-inner\">\n\t\t\t\t<div class=\"elementor-element elementor-element-7f6e0b5 elementor-grid-3 elementor-grid-tablet-2 elementor-grid-mobile-1 elementor-posts--thumbnail-top elementor-card-shadow-yes elementor-posts__hover-gradient elementor-widget elementor-widget-posts\" data-id=\"7f6e0b5\" data-element_type=\"widget\" data-e-type=\"widget\" data-settings=\"{&quot;pagination_type&quot;:&quot;numbers&quot;,&quot;cards_columns&quot;:&quot;3&quot;,&quot;cards_columns_tablet&quot;:&quot;2&quot;,&quot;cards_columns_mobile&quot;:&quot;1&quot;,&quot;cards_row_gap&quot;:{&quot;unit&quot;:&quot;px&quot;,&quot;size&quot;:35,&quot;sizes&quot;:[]},&quot;cards_row_gap_tablet&quot;:{&quot;unit&quot;:&quot;px&quot;,&quot;size&quot;:&quot;&quot;,&quot;sizes&quot;:[]},&quot;cards_row_gap_mobile&quot;:{&quot;unit&quot;:&quot;px&quot;,&quot;size&quot;:&quot;&quot;,&quot;sizes&quot;:[]}}\" data-widget_type=\"posts.cards\">\n\t\t\t\t<div class=\"elementor-widget-container\">\n\t\t\t\t\t\t\t<div class=\"elementor-posts-container elementor-posts elementor-posts--skin-cards elementor-grid\" role=\"list\">\n\t\t\t\t<article class=\"elementor-post elementor-grid-item post-9684 post type-post status-publish format-standard has-post-thumbnail hentry category-spezialitaeten-rezepte tag-caldo-con-pelotas tag-puchero-alicante tag-regionale-kueche-weihnachten-spanien tag-turron-xixona tag-weihnachten-an-der-costa-blanca tag-weihnachtsessen-costa-blanca\" role=\"listitem\">\n\t\t\t<div class=\"elementor-post__card\">\n\t\t\t\t<a class=\"elementor-post__thumbnail__link\" href=\"https:\/\/costablanca-magazin.com\/es\/kulinarisches\/spezialitaeten-rezepte\/weihnachtsgerichte-der-costa-blanca-tradition-turron\/\" tabindex=\"-1\" ><div class=\"elementor-post__thumbnail\"><img fetchpriority=\"high\" decoding=\"async\" width=\"300\" height=\"169\" src=\"https:\/\/costablanca-magazin.com\/wp-content\/uploads\/2025\/11\/3.png\" class=\"attachment-medium size-medium wp-image-9589\" alt=\"Platos t\u00edpicos navide\u00f1os de la Costa Blanca: cocina regional y dulces cl\u00e1sicos\" \/><\/div><\/a>\n\t\t\t\t<div class=\"elementor-post__badge\">Especialidades y recetas<\/div>\n\t\t\t\t<div class=\"elementor-post__text\">\n\t\t\t\t<h2 class=\"elementor-post__title\">\n\t\t\t<a href=\"https:\/\/costablanca-magazin.com\/es\/kulinarisches\/spezialitaeten-rezepte\/weihnachtsgerichte-der-costa-blanca-tradition-turron\/\" >\n\t\t\t\tPlatos navide\u00f1os de la Costa Blanca - Tradici\u00f3n y Turr\u00f3n\t\t\t<\/a>\n\t\t<\/h2>\n\t\t\t\t<div class=\"elementor-post__excerpt\">\n\t\t\t<p>Platos navide\u00f1os de la Costa Blanca: tradici\u00f3n y turr\u00f3n Platos t\u00edpicos navide\u00f1os de la Costa Blanca: caldo con pelotas, puchero, platos de pescado, turr\u00f3n de Xixona. Consejos y recetas regionales. Desde el caldo con pelotas hasta el puchero, pasando por el turr\u00f3n de Xixona: as\u00ed sabe la Navidad en Alicante y a lo largo de la costa. La cocina navide\u00f1a de la Costa<\/p>\n\t\t<\/div>\n\t\t\n\t\t<a class=\"elementor-post__read-more\" href=\"https:\/\/costablanca-magazin.com\/es\/kulinarisches\/spezialitaeten-rezepte\/weihnachtsgerichte-der-costa-blanca-tradition-turron\/\" aria-label=\"M\u00e1s informaci\u00f3n sobre Weihnachtsgerichte der Costa Blanca \u2013 Tradition &amp; Turr\u00f3n\" tabindex=\"-1\" >\n\t\t\tLeer m\u00e1s \u00bb\t\t<\/a>\n\n\t\t\t\t<\/div>\n\t\t\t\t\t<\/div>\n\t\t<\/article>\n\t\t\t\t<article class=\"elementor-post elementor-grid-item post-8986 post type-post status-publish format-standard has-post-thumbnail hentry category-spezialitaeten-rezepte tag-cafe-bombon tag-cafe-con-leche tag-cortado-spanien tag-costa-blanca-kaffee tag-denia-kaffee tag-kaffeekultur-costa-blanca tag-spanischer-kaffee tag-villajoyosa-cafe\" role=\"listitem\">\n\t\t\t<div class=\"elementor-post__card\">\n\t\t\t\t<a class=\"elementor-post__thumbnail__link\" href=\"https:\/\/costablanca-magazin.com\/es\/kulinarisches\/spezialitaeten-rezepte\/kaffee-an-der-costa-blanca-cortado-bombon-kultur\/\" tabindex=\"-1\" ><div class=\"elementor-post__thumbnail\"><img decoding=\"async\" width=\"300\" height=\"136\" src=\"https:\/\/costablanca-magazin.com\/wp-content\/uploads\/2025\/09\/coffee-expert-barista-making-hot-americano-for-cus-2025-01-08-23-10-13-utc-e1759084734304-300x136.jpg\" class=\"attachment-medium size-medium wp-image-8991\" alt=\"Caf\u00e9, cortado y bomb\u00f3n 3\" srcset=\"https:\/\/costablanca-magazin.com\/wp-content\/uploads\/2025\/09\/coffee-expert-barista-making-hot-americano-for-cus-2025-01-08-23-10-13-utc-e1759084734304-300x136.jpg 300w, https:\/\/costablanca-magazin.com\/wp-content\/uploads\/2025\/09\/coffee-expert-barista-making-hot-americano-for-cus-2025-01-08-23-10-13-utc-e1759084734304-1024x464.jpg 1024w, https:\/\/costablanca-magazin.com\/wp-content\/uploads\/2025\/09\/coffee-expert-barista-making-hot-americano-for-cus-2025-01-08-23-10-13-utc-e1759084734304-768x348.jpg 768w, https:\/\/costablanca-magazin.com\/wp-content\/uploads\/2025\/09\/coffee-expert-barista-making-hot-americano-for-cus-2025-01-08-23-10-13-utc-e1759084734304.jpg 1200w\" sizes=\"(max-width: 300px) 100vw, 300px\" \/><\/div><\/a>\n\t\t\t\t<div class=\"elementor-post__badge\">Especialidades y recetas<\/div>\n\t\t\t\t<div class=\"elementor-post__text\">\n\t\t\t\t<h2 class=\"elementor-post__title\">\n\t\t\t<a href=\"https:\/\/costablanca-magazin.com\/es\/kulinarisches\/spezialitaeten-rezepte\/kaffee-an-der-costa-blanca-cortado-bombon-kultur\/\" >\n\t\t\t\tCaf\u00e9 en la Costa Blanca - cortado, bomb\u00f3n y cultura\t\t\t<\/a>\n\t\t<\/h2>\n\t\t\t\t<div class=\"elementor-post__excerpt\">\n\t\t\t<p>Caf\u00e9 en la Costa Blanca - cortado, bomb\u00f3n y cultura Descubra la cultura del caf\u00e9 de la Costa Blanca - del cortado al bomb\u00f3n. Aqu\u00ed, el caf\u00e9 es m\u00e1s que un placer: un ritual, un lugar de encuentro, un pedazo de Espa\u00f1a. Un solo r\u00e1pido en el bar, un acogedor con leche en el desayuno o un dulce bomb\u00f3n<\/p>\n\t\t<\/div>\n\t\t\n\t\t<a class=\"elementor-post__read-more\" href=\"https:\/\/costablanca-magazin.com\/es\/kulinarisches\/spezialitaeten-rezepte\/kaffee-an-der-costa-blanca-cortado-bombon-kultur\/\" aria-label=\"M\u00e1s informaci\u00f3n sobre Kaffee an der Costa Blanca &#8211; Cortado, Bomb\u00f3n &amp; Kultur\" tabindex=\"-1\" >\n\t\t\tLeer m\u00e1s \u00bb\t\t<\/a>\n\n\t\t\t\t<\/div>\n\t\t\t\t\t<\/div>\n\t\t<\/article>\n\t\t\t\t<article class=\"elementor-post elementor-grid-item post-8962 post type-post status-publish format-standard has-post-thumbnail hentry category-spezialitaeten-rezepte tag-embutidos-spanien tag-handwerkliche-produktion tag-marina-baixa-oel tag-olivenoel-costa-blanca tag-olivenoel-marina-alta tag-regionale-spezialitaeten tag-spanische-tradition tag-traditionelle-wurstwaren\" role=\"listitem\">\n\t\t\t<div class=\"elementor-post__card\">\n\t\t\t\t<a class=\"elementor-post__thumbnail__link\" href=\"https:\/\/costablanca-magazin.com\/es\/kulinarisches\/spezialitaeten-rezepte\/olivenoel-embutidos-tradition-aus-marina-alta-baixa\/\" tabindex=\"-1\" ><div class=\"elementor-post__thumbnail\"><img decoding=\"async\" width=\"300\" height=\"200\" src=\"https:\/\/costablanca-magazin.com\/wp-content\/uploads\/2025\/09\/detail-of-olive-tree-with-green-olives-2025-03-23-21-44-42-utc-300x200.jpg\" class=\"attachment-medium size-medium wp-image-8963\" alt=\"Artesan\u00eda tradicional: aceite y embutidos\" srcset=\"https:\/\/costablanca-magazin.com\/wp-content\/uploads\/2025\/09\/detail-of-olive-tree-with-green-olives-2025-03-23-21-44-42-utc-300x200.jpg 300w, https:\/\/costablanca-magazin.com\/wp-content\/uploads\/2025\/09\/detail-of-olive-tree-with-green-olives-2025-03-23-21-44-42-utc-1024x683.jpg 1024w, https:\/\/costablanca-magazin.com\/wp-content\/uploads\/2025\/09\/detail-of-olive-tree-with-green-olives-2025-03-23-21-44-42-utc-768x512.jpg 768w, https:\/\/costablanca-magazin.com\/wp-content\/uploads\/2025\/09\/detail-of-olive-tree-with-green-olives-2025-03-23-21-44-42-utc.jpg 1200w\" sizes=\"(max-width: 300px) 100vw, 300px\" \/><\/div><\/a>\n\t\t\t\t<div class=\"elementor-post__badge\">Especialidades y recetas<\/div>\n\t\t\t\t<div class=\"elementor-post__text\">\n\t\t\t\t<h2 class=\"elementor-post__title\">\n\t\t\t<a href=\"https:\/\/costablanca-magazin.com\/es\/kulinarisches\/spezialitaeten-rezepte\/olivenoel-embutidos-tradition-aus-marina-alta-baixa\/\" >\n\t\t\t\tAceite de Oliva &amp; Embutidos - Tradici\u00f3n de la Marina Alta &amp; Baixa\t\t\t<\/a>\n\t\t<\/h2>\n\t\t\t\t<div class=\"elementor-post__excerpt\">\n\t\t\t<p>Aceite de oliva y embutidos - tradici\u00f3n de la Marina Alta y Baixa Descubra el aceite de oliva y los embutidos de la Marina Alta y Baixa, especialidades artesanas que a\u00fanan tradici\u00f3n, disfrute e identidad comarcal. Quien conoce la Marina Alta y la Marina Baixa a trav\u00e9s de sus productos se topa tarde o temprano con dos constantes: El aceite de oliva y los embutidos.<\/p>\n\t\t<\/div>\n\t\t\n\t\t<a class=\"elementor-post__read-more\" href=\"https:\/\/costablanca-magazin.com\/es\/kulinarisches\/spezialitaeten-rezepte\/olivenoel-embutidos-tradition-aus-marina-alta-baixa\/\" aria-label=\"M\u00e1s informaci\u00f3n sobre Oliven\u00f6l &amp; Embutidos &#8211; Tradition aus Marina Alta &amp; Baixa\" tabindex=\"-1\" >\n\t\t\tLeer m\u00e1s \u00bb\t\t<\/a>\n\n\t\t\t\t<\/div>\n\t\t\t\t\t<\/div>\n\t\t<\/article>\n\t\t\t\t<article class=\"elementor-post elementor-grid-item post-8891 post type-post status-publish format-standard has-post-thumbnail hentry category-spezialitaeten-rezepte tag-marina-alta tag-marina-baixa tag-mistela tag-moscatel tag-regionale-weine tag-weinkultur tag-weinproben tag-weintradition\" role=\"listitem\">\n\t\t\t<div class=\"elementor-post__card\">\n\t\t\t\t<a class=\"elementor-post__thumbnail__link\" href=\"https:\/\/costablanca-magazin.com\/es\/kulinarisches\/spezialitaeten-rezepte\/weine-der-marina-alta-baixa-moscatel-mistela-mehr\/\" tabindex=\"-1\" ><div class=\"elementor-post__thumbnail\"><img loading=\"lazy\" decoding=\"async\" width=\"300\" height=\"220\" src=\"https:\/\/costablanca-magazin.com\/wp-content\/uploads\/2025\/09\/group-of-friends-wine-tasting-at-a-distillery-or-c-2025-04-06-09-58-00-utc-300x220.jpg\" class=\"attachment-medium size-medium wp-image-8952\" alt=\"Marina Alta y Marina Baixa en una copa: Moscatel, Mistela y m\u00e1s\" srcset=\"https:\/\/costablanca-magazin.com\/wp-content\/uploads\/2025\/09\/group-of-friends-wine-tasting-at-a-distillery-or-c-2025-04-06-09-58-00-utc-300x220.jpg 300w, https:\/\/costablanca-magazin.com\/wp-content\/uploads\/2025\/09\/group-of-friends-wine-tasting-at-a-distillery-or-c-2025-04-06-09-58-00-utc-1024x749.jpg 1024w, https:\/\/costablanca-magazin.com\/wp-content\/uploads\/2025\/09\/group-of-friends-wine-tasting-at-a-distillery-or-c-2025-04-06-09-58-00-utc-768x562.jpg 768w, https:\/\/costablanca-magazin.com\/wp-content\/uploads\/2025\/09\/group-of-friends-wine-tasting-at-a-distillery-or-c-2025-04-06-09-58-00-utc.jpg 1200w\" sizes=\"(max-width: 300px) 100vw, 300px\" \/><\/div><\/a>\n\t\t\t\t<div class=\"elementor-post__badge\">Especialidades y recetas<\/div>\n\t\t\t\t<div class=\"elementor-post__text\">\n\t\t\t\t<h2 class=\"elementor-post__title\">\n\t\t\t<a href=\"https:\/\/costablanca-magazin.com\/es\/kulinarisches\/spezialitaeten-rezepte\/weine-der-marina-alta-baixa-moscatel-mistela-mehr\/\" >\n\t\t\t\tVinos de la Marina Alta y Baixa - Moscatel, Mistela y m\u00e1s\t\t\t<\/a>\n\t\t<\/h2>\n\t\t\t\t<div class=\"elementor-post__excerpt\">\n\t\t\t<p>Vinos de la Marina Alta y Baixa - Moscatel, Mistela y m\u00e1s Descubra el Moscatel, la Mistela y los vinos regionales de la Marina Alta y la Marina Baixa - la tradici\u00f3n se une a la modernidad en vinos arom\u00e1ticos con estatus de culto. El vino es uno de los narradores silenciosos de las marinas. A veces fresco y ligero, a veces dulce y festivo, a veces moderno<\/p>\n\t\t<\/div>\n\t\t\n\t\t<a class=\"elementor-post__read-more\" href=\"https:\/\/costablanca-magazin.com\/es\/kulinarisches\/spezialitaeten-rezepte\/weine-der-marina-alta-baixa-moscatel-mistela-mehr\/\" aria-label=\"M\u00e1s informaci\u00f3n sobre Weine der Marina Alta &amp; Baixa &#8211; Moscatel, Mistela &amp; mehr\" tabindex=\"-1\" >\n\t\t\tLeer m\u00e1s \u00bb\t\t<\/a>\n\n\t\t\t\t<\/div>\n\t\t\t\t\t<\/div>\n\t\t<\/article>\n\t\t\t\t<article class=\"elementor-post elementor-grid-item post-8881 post type-post status-publish format-standard has-post-thumbnail hentry category-spezialitaeten-rezepte tag-mandeln tag-marina-alta tag-marina-baixa tag-nispero tag-regionale-landwirtschaft tag-reis tag-rosinen tag-zitrusfruechte\" role=\"listitem\">\n\t\t\t<div class=\"elementor-post__card\">\n\t\t\t\t<a class=\"elementor-post__thumbnail__link\" href=\"https:\/\/costablanca-magazin.com\/es\/kulinarisches\/spezialitaeten-rezepte\/schaetze-der-marina-alta-und-baixa-nispero-reis-fruechte\/\" tabindex=\"-1\" ><div class=\"elementor-post__thumbnail\"><img loading=\"lazy\" decoding=\"async\" width=\"300\" height=\"200\" src=\"https:\/\/costablanca-magazin.com\/wp-content\/uploads\/2025\/04\/nispero-fruits-ripening-on-the-tree-also-known-as-2025-03-10-05-01-12-utc-300x200.jpg\" class=\"attachment-medium size-medium wp-image-5722\" alt=\"Fruta peque\u00f1a y delicada, gran tradici\u00f3n: el n\u00edspero de Callosa d&#039;en Sarri\u00e0 3\" srcset=\"https:\/\/costablanca-magazin.com\/wp-content\/uploads\/2025\/04\/nispero-fruits-ripening-on-the-tree-also-known-as-2025-03-10-05-01-12-utc-300x200.jpg 300w, https:\/\/costablanca-magazin.com\/wp-content\/uploads\/2025\/04\/nispero-fruits-ripening-on-the-tree-also-known-as-2025-03-10-05-01-12-utc-1024x683.jpg 1024w, https:\/\/costablanca-magazin.com\/wp-content\/uploads\/2025\/04\/nispero-fruits-ripening-on-the-tree-also-known-as-2025-03-10-05-01-12-utc-768x512.jpg 768w, https:\/\/costablanca-magazin.com\/wp-content\/uploads\/2025\/04\/nispero-fruits-ripening-on-the-tree-also-known-as-2025-03-10-05-01-12-utc-1536x1024.jpg 1536w, https:\/\/costablanca-magazin.com\/wp-content\/uploads\/2025\/04\/nispero-fruits-ripening-on-the-tree-also-known-as-2025-03-10-05-01-12-utc-2048x1365.jpg 2048w\" sizes=\"(max-width: 300px) 100vw, 300px\" \/><\/div><\/a>\n\t\t\t\t<div class=\"elementor-post__badge\">Especialidades y recetas<\/div>\n\t\t\t\t<div class=\"elementor-post__text\">\n\t\t\t\t<h2 class=\"elementor-post__title\">\n\t\t\t<a href=\"https:\/\/costablanca-magazin.com\/es\/kulinarisches\/spezialitaeten-rezepte\/schaetze-der-marina-alta-und-baixa-nispero-reis-fruechte\/\" >\n\t\t\t\tTesoros de la Marina Alta y Baixa - N\u00edspero, arroz y fruta\t\t\t<\/a>\n\t\t<\/h2>\n\t\t\t\t<div class=\"elementor-post__excerpt\">\n\t\t\t<p>Tesoros de la Marina Alta y Baixa - N\u00edspero, arroz y fruta Descubra las frutas regionales de la Marina Alta y Baixa - n\u00edsperos, arroz, sultanas, c\u00edtricos y almendras combinan tradici\u00f3n, calidad y cultura. Tras la visi\u00f3n general del principio, nos adentramos en el coraz\u00f3n de las marinas: en las huertas, campos y<\/p>\n\t\t<\/div>\n\t\t\n\t\t<a class=\"elementor-post__read-more\" href=\"https:\/\/costablanca-magazin.com\/es\/kulinarisches\/spezialitaeten-rezepte\/schaetze-der-marina-alta-und-baixa-nispero-reis-fruechte\/\" aria-label=\"M\u00e1s informaci\u00f3n sobre Sch\u00e4tze der Marina Alta und Baixa &#8211; N\u00edspero, Reis &amp; Fr\u00fcchte\" tabindex=\"-1\" >\n\t\t\tLeer m\u00e1s \u00bb\t\t<\/a>\n\n\t\t\t\t<\/div>\n\t\t\t\t\t<\/div>\n\t\t<\/article>\n\t\t\t\t<article class=\"elementor-post elementor-grid-item post-8731 post type-post status-publish format-standard has-post-thumbnail hentry category-spezialitaeten-rezepte tag-costa-blanca-2 tag-lokale-spezialitaeten tag-marina-alta tag-marina-baixa tag-nisperos tag-olivenhaine tag-villajoyosa-schokolade tag-weinberge\" role=\"listitem\">\n\t\t\t<div class=\"elementor-post__card\">\n\t\t\t\t<a class=\"elementor-post__thumbnail__link\" href=\"https:\/\/costablanca-magazin.com\/es\/kulinarisches\/spezialitaeten-rezepte\/costa-blanca-vielfalt-zwischen-bergen-und-meer\/\" tabindex=\"-1\" ><div class=\"elementor-post__thumbnail\"><img loading=\"lazy\" decoding=\"async\" width=\"300\" height=\"200\" src=\"https:\/\/costablanca-magazin.com\/wp-content\/uploads\/2025\/09\/picturesque-mediterranean-spanish-coastline-in-alt-2025-01-27-23-59-48-utc-300x200.jpg\" class=\"attachment-medium size-medium wp-image-8777\" alt=\"\u00danico entre la monta\u00f1a y el mar\" srcset=\"https:\/\/costablanca-magazin.com\/wp-content\/uploads\/2025\/09\/picturesque-mediterranean-spanish-coastline-in-alt-2025-01-27-23-59-48-utc-300x200.jpg 300w, https:\/\/costablanca-magazin.com\/wp-content\/uploads\/2025\/09\/picturesque-mediterranean-spanish-coastline-in-alt-2025-01-27-23-59-48-utc-1024x683.jpg 1024w, https:\/\/costablanca-magazin.com\/wp-content\/uploads\/2025\/09\/picturesque-mediterranean-spanish-coastline-in-alt-2025-01-27-23-59-48-utc-768x512.jpg 768w, https:\/\/costablanca-magazin.com\/wp-content\/uploads\/2025\/09\/picturesque-mediterranean-spanish-coastline-in-alt-2025-01-27-23-59-48-utc.jpg 1200w\" sizes=\"(max-width: 300px) 100vw, 300px\" \/><\/div><\/a>\n\t\t\t\t<div class=\"elementor-post__badge\">Especialidades y recetas<\/div>\n\t\t\t\t<div class=\"elementor-post__text\">\n\t\t\t\t<h2 class=\"elementor-post__title\">\n\t\t\t<a href=\"https:\/\/costablanca-magazin.com\/es\/kulinarisches\/spezialitaeten-rezepte\/costa-blanca-vielfalt-zwischen-bergen-und-meer\/\" >\n\t\t\t\tCosta Blanca - diversidad entre la monta\u00f1a y el mar\t\t\t<\/a>\n\t\t<\/h2>\n\t\t\t\t<div class=\"elementor-post__excerpt\">\n\t\t\t<p>Costa Blanca - diversidad entre monta\u00f1as y mar Descubra la cultura, el paisaje y las especialidades de la Costa Blanca. Desde vi\u00f1edos y olivos hasta chocolate y n\u00edsperos - \u00fanica entre monta\u00f1as y mar. Con el n\u00famero de septiembre, iniciamos un viaje por las dos regiones que caracterizan el norte de la Costa Blanca.<\/p>\n\t\t<\/div>\n\t\t\n\t\t<a class=\"elementor-post__read-more\" href=\"https:\/\/costablanca-magazin.com\/es\/kulinarisches\/spezialitaeten-rezepte\/costa-blanca-vielfalt-zwischen-bergen-und-meer\/\" aria-label=\"M\u00e1s informaci\u00f3n sobre Costa Blanca &#8211; Vielfalt zwischen Bergen und Meer\" tabindex=\"-1\" >\n\t\t\tLeer m\u00e1s \u00bb\t\t<\/a>\n\n\t\t\t\t<\/div>\n\t\t\t\t\t<\/div>\n\t\t<\/article>\n\t\t\t\t<article class=\"elementor-post elementor-grid-item post-7997 post type-post status-publish format-standard has-post-thumbnail hentry category-spezialitaeten-rezepte tag-costa-blanca-2 tag-gazpacho tag-ortaxa tag-spanische-sommerrezepte\" role=\"listitem\">\n\t\t\t<div class=\"elementor-post__card\">\n\t\t\t\t<a class=\"elementor-post__thumbnail__link\" href=\"https:\/\/costablanca-magazin.com\/es\/kulinarisches\/spezialitaeten-rezepte\/eisgekuehlt-und-leicht-so-schmeckt-der-sommer-an-der-costa-blanca\/\" tabindex=\"-1\" ><div class=\"elementor-post__thumbnail\"><img loading=\"lazy\" decoding=\"async\" width=\"300\" height=\"200\" src=\"https:\/\/costablanca-magazin.com\/wp-content\/uploads\/2025\/07\/crispy-fried-calamari-rings-2024-09-22-11-59-44-utc-300x200.jpg\" class=\"attachment-medium size-medium wp-image-8035\" alt=\"Helado y ligero: el sabor del verano en la Costa Blanca\" srcset=\"https:\/\/costablanca-magazin.com\/wp-content\/uploads\/2025\/07\/crispy-fried-calamari-rings-2024-09-22-11-59-44-utc-300x200.jpg 300w, https:\/\/costablanca-magazin.com\/wp-content\/uploads\/2025\/07\/crispy-fried-calamari-rings-2024-09-22-11-59-44-utc-1024x683.jpg 1024w, https:\/\/costablanca-magazin.com\/wp-content\/uploads\/2025\/07\/crispy-fried-calamari-rings-2024-09-22-11-59-44-utc-768x512.jpg 768w, https:\/\/costablanca-magazin.com\/wp-content\/uploads\/2025\/07\/crispy-fried-calamari-rings-2024-09-22-11-59-44-utc-1536x1024.jpg 1536w, https:\/\/costablanca-magazin.com\/wp-content\/uploads\/2025\/07\/crispy-fried-calamari-rings-2024-09-22-11-59-44-utc-2048x1365.jpg 2048w\" sizes=\"(max-width: 300px) 100vw, 300px\" \/><\/div><\/a>\n\t\t\t\t<div class=\"elementor-post__badge\">Especialidades y recetas<\/div>\n\t\t\t\t<div class=\"elementor-post__text\">\n\t\t\t\t<h2 class=\"elementor-post__title\">\n\t\t\t<a href=\"https:\/\/costablanca-magazin.com\/es\/kulinarisches\/spezialitaeten-rezepte\/eisgekuehlt-und-leicht-so-schmeckt-der-sommer-an-der-costa-blanca\/\" >\n\t\t\t\tHelado y ligero: el sabor del verano en la Costa Blanca\t\t\t<\/a>\n\t\t<\/h2>\n\t\t\t\t<div class=\"elementor-post__excerpt\">\n\t\t\t<p>Helados y ligeros: los sabores del verano en la Costa Blanca Del gazpacho a la orxata: cl\u00e1sicos culinarios que refrescan y sacian con el calor. El verano en la Costa Blanca tiene muchas caras. Una es calurosa, ruidosa y llena de alegr\u00eda de vivir. La otra sabe a tomate, hierbas frescas<\/p>\n\t\t<\/div>\n\t\t\n\t\t<a class=\"elementor-post__read-more\" href=\"https:\/\/costablanca-magazin.com\/es\/kulinarisches\/spezialitaeten-rezepte\/eisgekuehlt-und-leicht-so-schmeckt-der-sommer-an-der-costa-blanca\/\" aria-label=\"M\u00e1s informaci\u00f3n sobre Eisgek\u00fchlt und leicht &#8211; So schmeckt der Sommer an der Costa Blanca\" tabindex=\"-1\" >\n\t\t\tLeer m\u00e1s \u00bb\t\t<\/a>\n\n\t\t\t\t<\/div>\n\t\t\t\t\t<\/div>\n\t\t<\/article>\n\t\t\t\t<article class=\"elementor-post elementor-grid-item post-7689 post type-post status-publish format-standard has-post-thumbnail hentry category-spezialitaeten-rezepte tag-alicante-rum tag-costa-blanca-2 tag-malabusca\" role=\"listitem\">\n\t\t\t<div class=\"elementor-post__card\">\n\t\t\t\t<a class=\"elementor-post__thumbnail__link\" href=\"https:\/\/costablanca-magazin.com\/es\/kulinarisches\/spezialitaeten-rezepte\/malabusca-der-rum-aus-alicante\/\" tabindex=\"-1\" ><div class=\"elementor-post__thumbnail\"><img loading=\"lazy\" decoding=\"async\" width=\"300\" height=\"114\" src=\"https:\/\/costablanca-magazin.com\/wp-content\/uploads\/2025\/06\/MALABUSCA-RUM-SPANISH-STYLE-D-e1750247487118-300x114.jpg\" class=\"attachment-medium size-medium wp-image-7692\" alt=\"Gotas finas con car\u00e1cter: as\u00ed conquista el mundo un ron alicantino\" srcset=\"https:\/\/costablanca-magazin.com\/wp-content\/uploads\/2025\/06\/MALABUSCA-RUM-SPANISH-STYLE-D-e1750247487118-300x114.jpg 300w, https:\/\/costablanca-magazin.com\/wp-content\/uploads\/2025\/06\/MALABUSCA-RUM-SPANISH-STYLE-D-e1750247487118.jpg 668w\" sizes=\"(max-width: 300px) 100vw, 300px\" \/><\/div><\/a>\n\t\t\t\t<div class=\"elementor-post__badge\">Especialidades y recetas<\/div>\n\t\t\t\t<div class=\"elementor-post__text\">\n\t\t\t\t<h2 class=\"elementor-post__title\">\n\t\t\t<a href=\"https:\/\/costablanca-magazin.com\/es\/kulinarisches\/spezialitaeten-rezepte\/malabusca-der-rum-aus-alicante\/\" >\n\t\t\t\tMalabusca gotas finas con car\u00e1cter - El ron de Alicante\t\t\t<\/a>\n\t\t<\/h2>\n\t\t\t\t<div class=\"elementor-post__excerpt\">\n\t\t\t<p>Malabusca gotas finas con car\u00e1cter - C\u00f3mo un ron alicantino conquista la escena mundial Calidad superior regional de Alcoy, en la Costa Blanca. El London Spirits Competition 2025 fue todo un \u00e9xito para Ron Malabusca Estilo Espa\u00f1ol: dos medallas de oro y el t\u00edtulo de \u201eMejor espirituoso espa\u00f1ol del a\u00f1o\u201c fueron para la marca<\/p>\n\t\t<\/div>\n\t\t\n\t\t<a class=\"elementor-post__read-more\" href=\"https:\/\/costablanca-magazin.com\/es\/kulinarisches\/spezialitaeten-rezepte\/malabusca-der-rum-aus-alicante\/\" aria-label=\"M\u00e1s informaci\u00f3n sobre Malabusca feine Tropfen mit Charakter &#8211; Der Rum aus Alicante\" tabindex=\"-1\" >\n\t\t\tLeer m\u00e1s \u00bb\t\t<\/a>\n\n\t\t\t\t<\/div>\n\t\t\t\t\t<\/div>\n\t\t<\/article>\n\t\t\t\t<article class=\"elementor-post elementor-grid-item post-5767 post type-post status-publish format-standard has-post-thumbnail hentry category-spezialitaeten-rezepte tag-fleischmenge-pro-person-grillen tag-grillen-costa-blanca tag-grilltipps tag-outdoor-kitchen-costa-blanca\" role=\"listitem\">\n\t\t\t<div class=\"elementor-post__card\">\n\t\t\t\t<a class=\"elementor-post__thumbnail__link\" href=\"https:\/\/costablanca-magazin.com\/es\/kulinarisches\/spezialitaeten-rezepte\/der-duft-des-fruehlings-angrillen-an-der-costa-blanca\/\" tabindex=\"-1\" ><div class=\"elementor-post__thumbnail\"><img loading=\"lazy\" decoding=\"async\" width=\"300\" height=\"200\" src=\"https:\/\/costablanca-magazin.com\/wp-content\/uploads\/2025\/04\/summertime-bbq-in-a-lush-backyard-with-friends-and-2024-07-11-02-49-51-utc-300x200.jpg\" class=\"attachment-medium size-medium wp-image-5768\" alt=\"El aroma de la primavera: barbacoas en la Costa Blanca\" srcset=\"https:\/\/costablanca-magazin.com\/wp-content\/uploads\/2025\/04\/summertime-bbq-in-a-lush-backyard-with-friends-and-2024-07-11-02-49-51-utc-300x200.jpg 300w, https:\/\/costablanca-magazin.com\/wp-content\/uploads\/2025\/04\/summertime-bbq-in-a-lush-backyard-with-friends-and-2024-07-11-02-49-51-utc-1024x683.jpg 1024w, https:\/\/costablanca-magazin.com\/wp-content\/uploads\/2025\/04\/summertime-bbq-in-a-lush-backyard-with-friends-and-2024-07-11-02-49-51-utc-768x512.jpg 768w, https:\/\/costablanca-magazin.com\/wp-content\/uploads\/2025\/04\/summertime-bbq-in-a-lush-backyard-with-friends-and-2024-07-11-02-49-51-utc-1536x1024.jpg 1536w, https:\/\/costablanca-magazin.com\/wp-content\/uploads\/2025\/04\/summertime-bbq-in-a-lush-backyard-with-friends-and-2024-07-11-02-49-51-utc-2048x1365.jpg 2048w\" sizes=\"(max-width: 300px) 100vw, 300px\" \/><\/div><\/a>\n\t\t\t\t<div class=\"elementor-post__badge\">Especialidades y recetas<\/div>\n\t\t\t\t<div class=\"elementor-post__text\">\n\t\t\t\t<h2 class=\"elementor-post__title\">\n\t\t\t<a href=\"https:\/\/costablanca-magazin.com\/es\/kulinarisches\/spezialitaeten-rezepte\/der-duft-des-fruehlings-angrillen-an-der-costa-blanca\/\" >\n\t\t\t\tEl aroma de la primavera: barbacoas en la Costa Blanca\t\t\t<\/a>\n\t\t<\/h2>\n\t\t\t\t<div class=\"elementor-post__excerpt\">\n\t\t\t<p>El aroma de la primavera - hacer barbacoas en la Costa Blanca El experto en barbacoas Joachim Linna, de Outdoor Kitchen Paradise Teulada, explica lo que es importante para un comienzo perfecto de la temporada. En cuanto suben las temperaturas en abril y mayo, comienza la temporada de barbacoas en la Costa Blanca. Pero mientras en el norte de Europa el primer filete se sigue cocinando en una<\/p>\n\t\t<\/div>\n\t\t\n\t\t<a class=\"elementor-post__read-more\" href=\"https:\/\/costablanca-magazin.com\/es\/kulinarisches\/spezialitaeten-rezepte\/der-duft-des-fruehlings-angrillen-an-der-costa-blanca\/\" aria-label=\"M\u00e1s informaci\u00f3n sobre Der Duft des Fr\u00fchlings \u2013 Angrillen an der Costa Blanca\" tabindex=\"-1\" >\n\t\t\tLeer m\u00e1s \u00bb\t\t<\/a>\n\n\t\t\t\t<\/div>\n\t\t\t\t\t<\/div>\n\t\t<\/article>\n\t\t\t\t<article class=\"elementor-post elementor-grid-item post-3702 post type-post status-publish format-standard has-post-thumbnail hentry category-spezialitaeten-rezepte tag-costa-blanca tag-rezept-roscon tag-roscon-de-reyes-rezept tag-spanische-spezialitaet-rezept\" role=\"listitem\">\n\t\t\t<div class=\"elementor-post__card\">\n\t\t\t\t<a class=\"elementor-post__thumbnail__link\" href=\"https:\/\/costablanca-magazin.com\/es\/kulinarisches\/spezialitaeten-rezepte\/voller-traditionen-roscon-de-reyes-der-suesse-koenigskranz\/\" tabindex=\"-1\" ><div class=\"elementor-post__thumbnail\"><img loading=\"lazy\" decoding=\"async\" width=\"300\" height=\"200\" src=\"https:\/\/costablanca-magazin.com\/wp-content\/uploads\/2024\/12\/traditional-spanish-epiphany-cake-roscon-de-reyes-2024-10-17-04-47-06-utc-300x200.jpg\" class=\"attachment-medium size-medium wp-image-3703\" alt=\"Rosc\u00f3n de Reyes: la dulce corona de los Reyes Magos\" srcset=\"https:\/\/costablanca-magazin.com\/wp-content\/uploads\/2024\/12\/traditional-spanish-epiphany-cake-roscon-de-reyes-2024-10-17-04-47-06-utc-300x200.jpg 300w, https:\/\/costablanca-magazin.com\/wp-content\/uploads\/2024\/12\/traditional-spanish-epiphany-cake-roscon-de-reyes-2024-10-17-04-47-06-utc-1024x683.jpg 1024w, https:\/\/costablanca-magazin.com\/wp-content\/uploads\/2024\/12\/traditional-spanish-epiphany-cake-roscon-de-reyes-2024-10-17-04-47-06-utc-768x512.jpg 768w, https:\/\/costablanca-magazin.com\/wp-content\/uploads\/2024\/12\/traditional-spanish-epiphany-cake-roscon-de-reyes-2024-10-17-04-47-06-utc-1536x1024.jpg 1536w, https:\/\/costablanca-magazin.com\/wp-content\/uploads\/2024\/12\/traditional-spanish-epiphany-cake-roscon-de-reyes-2024-10-17-04-47-06-utc-2048x1365.jpg 2048w\" sizes=\"(max-width: 300px) 100vw, 300px\" \/><\/div><\/a>\n\t\t\t\t<div class=\"elementor-post__badge\">Especialidades y recetas<\/div>\n\t\t\t\t<div class=\"elementor-post__text\">\n\t\t\t\t<h2 class=\"elementor-post__title\">\n\t\t\t<a href=\"https:\/\/costablanca-magazin.com\/es\/kulinarisches\/spezialitaeten-rezepte\/voller-traditionen-roscon-de-reyes-der-suesse-koenigskranz\/\" >\n\t\t\t\tLleno de tradici\u00f3n - Rosc\u00f3n de Reyes la dulce corona real\t\t\t<\/a>\n\t\t<\/h2>\n\t\t\t\t<div class=\"elementor-post__excerpt\">\n\t\t\t<p>Rosc\u00f3n de Reyes La Navidad es una \u00e9poca llena de tradiciones, y en Espa\u00f1a el Rosc\u00f3n de Reyes es una de las favoritas. Esta deliciosa corona de levadura se sirve tradicionalmente el 6 de enero, d\u00eda de Reyes. Pero es algo m\u00e1s que un pastel: Contiene dos sorpresas<\/p>\n\t\t<\/div>\n\t\t\n\t\t<a class=\"elementor-post__read-more\" href=\"https:\/\/costablanca-magazin.com\/es\/kulinarisches\/spezialitaeten-rezepte\/voller-traditionen-roscon-de-reyes-der-suesse-koenigskranz\/\" aria-label=\"M\u00e1s informaci\u00f3n sobre Voller Traditionen &#8211; Rosc\u00f3n de Reyes der s\u00fc\u00dfe K\u00f6nigskranz\" tabindex=\"-1\" >\n\t\t\tLeer m\u00e1s \u00bb\t\t<\/a>\n\n\t\t\t\t<\/div>\n\t\t\t\t\t<\/div>\n\t\t<\/article>\n\t\t\t\t<article class=\"elementor-post elementor-grid-item post-3598 post type-post status-publish format-standard has-post-thumbnail hentry category-spezialitaeten-rezepte tag-costa-blanca tag-weihnachten-costa-blanca tag-weinachtrezepte-spanien\" role=\"listitem\">\n\t\t\t<div class=\"elementor-post__card\">\n\t\t\t\t<a class=\"elementor-post__thumbnail__link\" href=\"https:\/\/costablanca-magazin.com\/es\/kulinarisches\/spezialitaeten-rezepte\/weihnachtsgenuss-costa-blanca-suessen-klassiker-und-festtagsgerichten\/\" tabindex=\"-1\" ><div class=\"elementor-post__thumbnail\"><img loading=\"lazy\" decoding=\"async\" width=\"300\" height=\"143\" src=\"https:\/\/costablanca-magazin.com\/wp-content\/uploads\/2024\/12\/flat-lay-of-festive-christmas-table-setting-and-ce-2024-10-18-05-36-08-utc-300x143.jpg\" class=\"attachment-medium size-medium wp-image-3684\" alt=\"Disfrute navide\u00f1o en la Costa Blanca 1\" srcset=\"https:\/\/costablanca-magazin.com\/wp-content\/uploads\/2024\/12\/flat-lay-of-festive-christmas-table-setting-and-ce-2024-10-18-05-36-08-utc-300x143.jpg 300w, https:\/\/costablanca-magazin.com\/wp-content\/uploads\/2024\/12\/flat-lay-of-festive-christmas-table-setting-and-ce-2024-10-18-05-36-08-utc-1024x489.jpg 1024w, https:\/\/costablanca-magazin.com\/wp-content\/uploads\/2024\/12\/flat-lay-of-festive-christmas-table-setting-and-ce-2024-10-18-05-36-08-utc-768x367.jpg 768w, https:\/\/costablanca-magazin.com\/wp-content\/uploads\/2024\/12\/flat-lay-of-festive-christmas-table-setting-and-ce-2024-10-18-05-36-08-utc-1536x734.jpg 1536w, https:\/\/costablanca-magazin.com\/wp-content\/uploads\/2024\/12\/flat-lay-of-festive-christmas-table-setting-and-ce-2024-10-18-05-36-08-utc-2048x979.jpg 2048w\" sizes=\"(max-width: 300px) 100vw, 300px\" \/><\/div><\/a>\n\t\t\t\t<div class=\"elementor-post__badge\">Especialidades y recetas<\/div>\n\t\t\t\t<div class=\"elementor-post__text\">\n\t\t\t\t<h2 class=\"elementor-post__title\">\n\t\t\t<a href=\"https:\/\/costablanca-magazin.com\/es\/kulinarisches\/spezialitaeten-rezepte\/weihnachtsgenuss-costa-blanca-suessen-klassiker-und-festtagsgerichten\/\" >\n\t\t\t\tDelicias navide\u00f1as Costa Blanca - cl\u00e1sicos dulces y platos festivos\t\t\t<\/a>\n\t\t<\/h2>\n\t\t\t\t<div class=\"elementor-post__excerpt\">\n\t\t\t<p>Delicias navide\u00f1as en la Costa Blanca De los cl\u00e1sicos dulces a los sabrosos platos festivos: Tradiciones culinarias de la Marina Alta y la Marina Baja La Navidad en la Marina Alta y la Marina Baja no es s\u00f3lo una fiesta para los sentidos, sino tambi\u00e9n para el paladar. La comarca ofrece una rica paleta de manjares tradicionales que<\/p>\n\t\t<\/div>\n\t\t\n\t\t<a class=\"elementor-post__read-more\" href=\"https:\/\/costablanca-magazin.com\/es\/kulinarisches\/spezialitaeten-rezepte\/weihnachtsgenuss-costa-blanca-suessen-klassiker-und-festtagsgerichten\/\" aria-label=\"M\u00e1s informaci\u00f3n sobre Weihnachtsgenuss Costa Blanca &#8211; s\u00fc\u00dfen Klassiker und Festtagsgerichten\" tabindex=\"-1\" >\n\t\t\tLeer m\u00e1s \u00bb\t\t<\/a>\n\n\t\t\t\t<\/div>\n\t\t\t\t\t<\/div>\n\t\t<\/article>\n\t\t\t\t<article class=\"elementor-post elementor-grid-item post-3408 post type-post status-publish format-standard has-post-thumbnail hentry category-spezialitaeten-rezepte tag-costa-blanca-2 tag-geschmack tag-klassische tag-kueche tag-tradition\" role=\"listitem\">\n\t\t\t<div class=\"elementor-post__card\">\n\t\t\t\t<a class=\"elementor-post__thumbnail__link\" href=\"https:\/\/costablanca-magazin.com\/es\/kulinarisches\/spezialitaeten-rezepte\/tradition-und-geschmack-die-klassische-kueche-der-costa-blanca\/\" tabindex=\"-1\" ><div class=\"elementor-post__thumbnail\"><img loading=\"lazy\" decoding=\"async\" width=\"300\" height=\"200\" src=\"https:\/\/costablanca-magazin.com\/wp-content\/uploads\/2024\/11\/spanish-tapas-small-meatballs-salted-cod-paprik-2023-11-27-05-07-47-utc-300x200.jpg\" class=\"attachment-medium size-medium wp-image-3381\" alt=\"Tradici\u00f3n y sabor: la cocina cl\u00e1sica de la Marina Alta y la Marina Baixa\" srcset=\"https:\/\/costablanca-magazin.com\/wp-content\/uploads\/2024\/11\/spanish-tapas-small-meatballs-salted-cod-paprik-2023-11-27-05-07-47-utc-300x200.jpg 300w, https:\/\/costablanca-magazin.com\/wp-content\/uploads\/2024\/11\/spanish-tapas-small-meatballs-salted-cod-paprik-2023-11-27-05-07-47-utc-1024x683.jpg 1024w, https:\/\/costablanca-magazin.com\/wp-content\/uploads\/2024\/11\/spanish-tapas-small-meatballs-salted-cod-paprik-2023-11-27-05-07-47-utc-768x512.jpg 768w, https:\/\/costablanca-magazin.com\/wp-content\/uploads\/2024\/11\/spanish-tapas-small-meatballs-salted-cod-paprik-2023-11-27-05-07-47-utc-1536x1024.jpg 1536w, https:\/\/costablanca-magazin.com\/wp-content\/uploads\/2024\/11\/spanish-tapas-small-meatballs-salted-cod-paprik-2023-11-27-05-07-47-utc-2048x1365.jpg 2048w\" sizes=\"(max-width: 300px) 100vw, 300px\" \/><\/div><\/a>\n\t\t\t\t<div class=\"elementor-post__badge\">Especialidades y recetas<\/div>\n\t\t\t\t<div class=\"elementor-post__text\">\n\t\t\t\t<h2 class=\"elementor-post__title\">\n\t\t\t<a href=\"https:\/\/costablanca-magazin.com\/es\/kulinarisches\/spezialitaeten-rezepte\/tradition-und-geschmack-die-klassische-kueche-der-costa-blanca\/\" >\n\t\t\t\tTradici\u00f3n y sabor: la cocina cl\u00e1sica de la Costa Blanca\t\t\t<\/a>\n\t\t<\/h2>\n\t\t\t\t<div class=\"elementor-post__excerpt\">\n\t\t\t<p>Tradici\u00f3n y sabor - La cocina cl\u00e1sica de la Marina Alta y la Marina Baixa Platos t\u00edpicos y recetas aut\u00e9nticas de las comarcas de la Marina: desde las tradicionales especialidades arroceras hasta los manjares escondidos de los pueblos costeros. La Marina Alta y la Marina Baixa ofrecen una cocina estrechamente ligada a los productos y tradiciones locales y<\/p>\n\t\t<\/div>\n\t\t\n\t\t<a class=\"elementor-post__read-more\" href=\"https:\/\/costablanca-magazin.com\/es\/kulinarisches\/spezialitaeten-rezepte\/tradition-und-geschmack-die-klassische-kueche-der-costa-blanca\/\" aria-label=\"M\u00e1s informaci\u00f3n sobre Tradition und Geschmack &#8211; Die klassische K\u00fcche der Costa Blanca\" tabindex=\"-1\" >\n\t\t\tLeer m\u00e1s \u00bb\t\t<\/a>\n\n\t\t\t\t<\/div>\n\t\t\t\t\t<\/div>\n\t\t<\/article>\n\t\t\t\t<article class=\"elementor-post elementor-grid-item post-3388 post type-post status-publish format-standard has-post-thumbnail hentry category-spezialitaeten-rezepte tag-gastronomie-costablanca tag-gastronomie-und-kueche-der-costablanca tag-kulinarik\" role=\"listitem\">\n\t\t\t<div class=\"elementor-post__card\">\n\t\t\t\t<a class=\"elementor-post__thumbnail__link\" href=\"https:\/\/costablanca-magazin.com\/es\/kulinarisches\/spezialitaeten-rezepte\/kulinarisches-paradies-costa-blanca-wo-jede-mahlzeitein-erlebnis-ist\/\" tabindex=\"-1\" ><div class=\"elementor-post__thumbnail\"><img loading=\"lazy\" decoding=\"async\" width=\"300\" height=\"200\" src=\"https:\/\/costablanca-magazin.com\/wp-content\/uploads\/2024\/11\/group-of-young-friends-meeting-for-drinks-and-food-2024-10-19-13-32-29-utc-300x200.jpg\" class=\"attachment-medium size-medium wp-image-3331\" alt=\"El para\u00edso culinario de la Costa Blanca: donde cada comida es una experiencia \u00fanica\" srcset=\"https:\/\/costablanca-magazin.com\/wp-content\/uploads\/2024\/11\/group-of-young-friends-meeting-for-drinks-and-food-2024-10-19-13-32-29-utc-300x200.jpg 300w, https:\/\/costablanca-magazin.com\/wp-content\/uploads\/2024\/11\/group-of-young-friends-meeting-for-drinks-and-food-2024-10-19-13-32-29-utc-1024x683.jpg 1024w, https:\/\/costablanca-magazin.com\/wp-content\/uploads\/2024\/11\/group-of-young-friends-meeting-for-drinks-and-food-2024-10-19-13-32-29-utc-768x512.jpg 768w, https:\/\/costablanca-magazin.com\/wp-content\/uploads\/2024\/11\/group-of-young-friends-meeting-for-drinks-and-food-2024-10-19-13-32-29-utc-1536x1024.jpg 1536w, https:\/\/costablanca-magazin.com\/wp-content\/uploads\/2024\/11\/group-of-young-friends-meeting-for-drinks-and-food-2024-10-19-13-32-29-utc-2048x1365.jpg 2048w\" sizes=\"(max-width: 300px) 100vw, 300px\" \/><\/div><\/a>\n\t\t\t\t<div class=\"elementor-post__badge\">Especialidades y recetas<\/div>\n\t\t\t\t<div class=\"elementor-post__text\">\n\t\t\t\t<h2 class=\"elementor-post__title\">\n\t\t\t<a href=\"https:\/\/costablanca-magazin.com\/es\/kulinarisches\/spezialitaeten-rezepte\/kulinarisches-paradies-costa-blanca-wo-jede-mahlzeitein-erlebnis-ist\/\" >\n\t\t\t\tPara\u00edso culinario Costa Blanca - Donde cada comida es una experiencia\t\t\t<\/a>\n\t\t<\/h2>\n\t\t\t\t<div class=\"elementor-post__excerpt\">\n\t\t\t<p>Para\u00edso culinario Costa Blanca - Donde cada comida es una experiencia Desde chiringuitos de moda hasta cocina con estrellas Michelin - la Marina Alta y la Marina Baixa le miman con una mezcla \u00fanica de cocina tradicional e internacional y convierten cada comida en un viaje gourmet. La Marina Alta y la Marina Baixa son puntos de encuentro culinarios en<\/p>\n\t\t<\/div>\n\t\t\n\t\t<a class=\"elementor-post__read-more\" href=\"https:\/\/costablanca-magazin.com\/es\/kulinarisches\/spezialitaeten-rezepte\/kulinarisches-paradies-costa-blanca-wo-jede-mahlzeitein-erlebnis-ist\/\" aria-label=\"M\u00e1s informaci\u00f3n sobre Kulinarisches Paradies Costa Blanca &#8211; Wo jede Mahlzeitein Erlebnis ist\" tabindex=\"-1\" >\n\t\t\tLeer m\u00e1s \u00bb\t\t<\/a>\n\n\t\t\t\t<\/div>\n\t\t\t\t\t<\/div>\n\t\t<\/article>\n\t\t\t\t<article class=\"elementor-post elementor-grid-item post-3264 post type-post status-publish format-standard has-post-thumbnail hentry category-spezialitaeten-rezepte tag-bodega-costablanca tag-wein-marina-alta tag-wein-matina-baixa tag-weinanbaugebiet-costablanca tag-weingueter-costablanca\" role=\"listitem\">\n\t\t\t<div class=\"elementor-post__card\">\n\t\t\t\t<a class=\"elementor-post__thumbnail__link\" href=\"https:\/\/costablanca-magazin.com\/es\/kulinarisches\/spezialitaeten-rezepte\/geschmackvolle-tour-weinvielfalt-der-marina-baixa-und-marina-alta\/\" tabindex=\"-1\" ><div class=\"elementor-post__thumbnail\"><img loading=\"lazy\" decoding=\"async\" width=\"200\" height=\"300\" src=\"https:\/\/costablanca-magazin.com\/wp-content\/uploads\/2024\/11\/red-and-white-wine-bottles-and-grapes-on-wine-barr-2023-11-27-05-34-40-utc-200x300.jpg\" class=\"attachment-medium size-medium wp-image-3286\" alt=\"Recorrido gastron\u00f3mico por la variedad vin\u00edcola de la Marina Baixa y la Marina Alta\" srcset=\"https:\/\/costablanca-magazin.com\/wp-content\/uploads\/2024\/11\/red-and-white-wine-bottles-and-grapes-on-wine-barr-2023-11-27-05-34-40-utc-200x300.jpg 200w, https:\/\/costablanca-magazin.com\/wp-content\/uploads\/2024\/11\/red-and-white-wine-bottles-and-grapes-on-wine-barr-2023-11-27-05-34-40-utc-683x1024.jpg 683w, https:\/\/costablanca-magazin.com\/wp-content\/uploads\/2024\/11\/red-and-white-wine-bottles-and-grapes-on-wine-barr-2023-11-27-05-34-40-utc-768x1152.jpg 768w, https:\/\/costablanca-magazin.com\/wp-content\/uploads\/2024\/11\/red-and-white-wine-bottles-and-grapes-on-wine-barr-2023-11-27-05-34-40-utc-1024x1536.jpg 1024w, https:\/\/costablanca-magazin.com\/wp-content\/uploads\/2024\/11\/red-and-white-wine-bottles-and-grapes-on-wine-barr-2023-11-27-05-34-40-utc-1365x2048.jpg 1365w, https:\/\/costablanca-magazin.com\/wp-content\/uploads\/2024\/11\/red-and-white-wine-bottles-and-grapes-on-wine-barr-2023-11-27-05-34-40-utc-scaled.jpg 1707w\" sizes=\"(max-width: 200px) 100vw, 200px\" \/><\/div><\/a>\n\t\t\t\t<div class=\"elementor-post__badge\">Especialidades y recetas<\/div>\n\t\t\t\t<div class=\"elementor-post__text\">\n\t\t\t\t<h2 class=\"elementor-post__title\">\n\t\t\t<a href=\"https:\/\/costablanca-magazin.com\/es\/kulinarisches\/spezialitaeten-rezepte\/geschmackvolle-tour-weinvielfalt-der-marina-baixa-und-marina-alta\/\" >\n\t\t\t\tRuta de los sabores - diversidad vin\u00edcola de la Marina Baixa y la Marina Alta\t\t\t<\/a>\n\t\t<\/h2>\n\t\t\t\t<div class=\"elementor-post__excerpt\">\n\t\t\t<p>Ruta de degustaci\u00f3n por la diversidad vin\u00edcola de la Marina Baixa y la Marina Alta Sin duda, una excursi\u00f3n diferente: las bodegas locales ofrecen aut\u00e9nticas degustaciones y especialidades regionales en un ambiente mediterr\u00e1neo. La Costa Blanca es un Eldorado para los amantes del vino que quieran saborear la diversa y mediterr\u00e1nea oferta vin\u00edcola de la regi\u00f3n. Con<\/p>\n\t\t<\/div>\n\t\t\n\t\t<a class=\"elementor-post__read-more\" href=\"https:\/\/costablanca-magazin.com\/es\/kulinarisches\/spezialitaeten-rezepte\/geschmackvolle-tour-weinvielfalt-der-marina-baixa-und-marina-alta\/\" aria-label=\"M\u00e1s informaci\u00f3n sobre Geschmackvolle Tour &#8211; Weinvielfalt der Marina Baixa und Marina Alta\" tabindex=\"-1\" >\n\t\t\tLeer m\u00e1s \u00bb\t\t<\/a>\n\n\t\t\t\t<\/div>\n\t\t\t\t\t<\/div>\n\t\t<\/article>\n\t\t\t\t<article class=\"elementor-post elementor-grid-item post-2747 post type-post status-publish format-standard has-post-thumbnail hentry category-spezialitaeten-rezepte tag-agua-de-valencia-rezept tag-cbm tag-costa-blanca-magazin tag-costa-blanca tag-marina-alta tag-marina-baixa tag-rezepte-valencia tag-traditioneller-cocktail tag-valencianisches-getraenk\" role=\"listitem\">\n\t\t\t<div class=\"elementor-post__card\">\n\t\t\t\t<a class=\"elementor-post__thumbnail__link\" href=\"https:\/\/costablanca-magazin.com\/es\/kulinarisches\/spezialitaeten-rezepte\/erfrischend-lecker-das-stueck-geschichte-im-glas-aqua-de-valencia\/\" tabindex=\"-1\" ><div class=\"elementor-post__thumbnail\"><img loading=\"lazy\" decoding=\"async\" width=\"200\" height=\"300\" src=\"https:\/\/costablanca-magazin.com\/wp-content\/uploads\/2024\/10\/cocktail-with-orange-2023-11-27-05-31-22-utc-scaled-1-200x300.jpg\" class=\"attachment-medium size-medium wp-image-2748\" alt=\"Refrescantemente delicioso: Aqua de Valencia\" srcset=\"https:\/\/costablanca-magazin.com\/wp-content\/uploads\/2024\/10\/cocktail-with-orange-2023-11-27-05-31-22-utc-scaled-1-200x300.jpg 200w, https:\/\/costablanca-magazin.com\/wp-content\/uploads\/2024\/10\/cocktail-with-orange-2023-11-27-05-31-22-utc-scaled-1-683x1024.jpg 683w, https:\/\/costablanca-magazin.com\/wp-content\/uploads\/2024\/10\/cocktail-with-orange-2023-11-27-05-31-22-utc-scaled-1-768x1152.jpg 768w, https:\/\/costablanca-magazin.com\/wp-content\/uploads\/2024\/10\/cocktail-with-orange-2023-11-27-05-31-22-utc-scaled-1-1024x1536.jpg 1024w, https:\/\/costablanca-magazin.com\/wp-content\/uploads\/2024\/10\/cocktail-with-orange-2023-11-27-05-31-22-utc-scaled-1-1366x2048.jpg 1366w, https:\/\/costablanca-magazin.com\/wp-content\/uploads\/2024\/10\/cocktail-with-orange-2023-11-27-05-31-22-utc-scaled-1.jpg 1707w\" sizes=\"(max-width: 200px) 100vw, 200px\" \/><\/div><\/a>\n\t\t\t\t<div class=\"elementor-post__badge\">Especialidades y recetas<\/div>\n\t\t\t\t<div class=\"elementor-post__text\">\n\t\t\t\t<h2 class=\"elementor-post__title\">\n\t\t\t<a href=\"https:\/\/costablanca-magazin.com\/es\/kulinarisches\/spezialitaeten-rezepte\/erfrischend-lecker-das-stueck-geschichte-im-glas-aqua-de-valencia\/\" >\n\t\t\t\tUn refrescante y delicioso trozo de historia en un vaso - Aqua de Valencia\t\t\t<\/a>\n\t\t<\/h2>\n\t\t\t\t<div class=\"elementor-post__excerpt\">\n\t\t\t<p>Refrescantemente delicioso: Aqua de Valencia Un pedazo de historia en un vaso Cuando se trata de c\u00f3cteles espa\u00f1oles, el delicioso Aqua de Valencia es sin duda uno de los m\u00e1s conocidos y populares. Esta bebida espumosa, que tiene su origen en la bella ciudad de Valencia, impresiona por su frescura afrutada y es el acompa\u00f1ante perfecto<\/p>\n\t\t<\/div>\n\t\t\n\t\t<a class=\"elementor-post__read-more\" href=\"https:\/\/costablanca-magazin.com\/es\/kulinarisches\/spezialitaeten-rezepte\/erfrischend-lecker-das-stueck-geschichte-im-glas-aqua-de-valencia\/\" aria-label=\"M\u00e1s informaci\u00f3n sobre Erfrischend lecker das St\u00fcck Geschichte im Glas &#8211; Aqua de Valencia\" tabindex=\"-1\" >\n\t\t\tLeer m\u00e1s \u00bb\t\t<\/a>\n\n\t\t\t\t<\/div>\n\t\t\t\t\t<\/div>\n\t\t<\/article>\n\t\t\t\t<article class=\"elementor-post elementor-grid-item post-2335 post type-post status-publish format-standard has-post-thumbnail hentry category-spezialitaeten-rezepte tag-costa-blanca tag-marina-alta tag-marina-baja tag-moscatel tag-moscatel-costa-blanca tag-wein-an-der-costa-blanca tag-wein-an-der-marina-alta tag-wein-an-der-marina-baja tag-weinbau\" role=\"listitem\">\n\t\t\t<div class=\"elementor-post__card\">\n\t\t\t\t<a class=\"elementor-post__thumbnail__link\" href=\"https:\/\/costablanca-magazin.com\/es\/kulinarisches\/spezialitaeten-rezepte\/moscatel-aus-der-marina-alta-und-marina-baja-ein-besonderer-wein\/\" tabindex=\"-1\" ><div class=\"elementor-post__thumbnail\"><img loading=\"lazy\" decoding=\"async\" width=\"225\" height=\"300\" src=\"https:\/\/costablanca-magazin.com\/wp-content\/uploads\/2024\/09\/Bodegas-Teulada-8-225x300.jpg\" class=\"attachment-medium size-medium wp-image-2338\" alt=\"Uva moscatel\" srcset=\"https:\/\/costablanca-magazin.com\/wp-content\/uploads\/2024\/09\/Bodegas-Teulada-8-225x300.jpg 225w, https:\/\/costablanca-magazin.com\/wp-content\/uploads\/2024\/09\/Bodegas-Teulada-8-768x1024.jpg 768w, https:\/\/costablanca-magazin.com\/wp-content\/uploads\/2024\/09\/Bodegas-Teulada-8-1152x1536.jpg 1152w, https:\/\/costablanca-magazin.com\/wp-content\/uploads\/2024\/09\/Bodegas-Teulada-8-1536x2048.jpg 1536w, https:\/\/costablanca-magazin.com\/wp-content\/uploads\/2024\/09\/Bodegas-Teulada-8-scaled.jpg 1920w\" sizes=\"(max-width: 225px) 100vw, 225px\" \/><\/div><\/a>\n\t\t\t\t<div class=\"elementor-post__badge\">Especialidades y recetas<\/div>\n\t\t\t\t<div class=\"elementor-post__text\">\n\t\t\t\t<h2 class=\"elementor-post__title\">\n\t\t\t<a href=\"https:\/\/costablanca-magazin.com\/es\/kulinarisches\/spezialitaeten-rezepte\/moscatel-aus-der-marina-alta-und-marina-baja-ein-besonderer-wein\/\" >\n\t\t\t\tMoscatel de la Marina Alta y Marina Baja - Un vino especial\t\t\t<\/a>\n\t\t<\/h2>\n\t\t\t\t<div class=\"elementor-post__excerpt\">\n\t\t\t<p>Moscatel de la Marina Alta y Marina Baja: un vino con car\u00e1cter especial El Moscatel de la Marina Alta y Marina Baja es una de las variedades m\u00e1s conocidas y populares de la Costa Blanca. Esta uva, que prospera en las condiciones clim\u00e1ticas ideales de la regi\u00f3n, es conocida por sus intensos sabores a<\/p>\n\t\t<\/div>\n\t\t\n\t\t<a class=\"elementor-post__read-more\" href=\"https:\/\/costablanca-magazin.com\/es\/kulinarisches\/spezialitaeten-rezepte\/moscatel-aus-der-marina-alta-und-marina-baja-ein-besonderer-wein\/\" aria-label=\"M\u00e1s informaci\u00f3n sobre Moscatel aus der Marina Alta und Marina Baja &#8211; Ein besonderer Wein\" tabindex=\"-1\" >\n\t\t\tLeer m\u00e1s \u00bb\t\t<\/a>\n\n\t\t\t\t<\/div>\n\t\t\t\t\t<\/div>\n\t\t<\/article>\n\t\t\t\t<article class=\"elementor-post elementor-grid-item post-1443 post type-post status-publish format-standard has-post-thumbnail hentry category-spezialitaeten-rezepte tag-aqua-de-valencia tag-cocktail-orangensaft tag-cocktail-spanisch tag-rezept-aqua-de-valencia\" role=\"listitem\">\n\t\t\t<div class=\"elementor-post__card\">\n\t\t\t\t<a class=\"elementor-post__thumbnail__link\" href=\"https:\/\/costablanca-magazin.com\/es\/kulinarisches\/spezialitaeten-rezepte\/aqua-de-valencia-ein-erfrischender-klassiker-der-es-in-sich-hat\/\" tabindex=\"-1\" ><div class=\"elementor-post__thumbnail\"><img loading=\"lazy\" decoding=\"async\" width=\"200\" height=\"300\" src=\"https:\/\/costablanca-magazin.com\/wp-content\/uploads\/2024\/06\/cocktail-with-orange-2023-11-27-05-31-22-utc-200x300.jpg\" class=\"attachment-medium size-medium wp-image-1444\" alt=\"Receta de c\u00f3ctel Aqua de Valencia\" srcset=\"https:\/\/costablanca-magazin.com\/wp-content\/uploads\/2024\/06\/cocktail-with-orange-2023-11-27-05-31-22-utc-200x300.jpg 200w, https:\/\/costablanca-magazin.com\/wp-content\/uploads\/2024\/06\/cocktail-with-orange-2023-11-27-05-31-22-utc-683x1024.jpg 683w, https:\/\/costablanca-magazin.com\/wp-content\/uploads\/2024\/06\/cocktail-with-orange-2023-11-27-05-31-22-utc-768x1152.jpg 768w, https:\/\/costablanca-magazin.com\/wp-content\/uploads\/2024\/06\/cocktail-with-orange-2023-11-27-05-31-22-utc-1024x1536.jpg 1024w, https:\/\/costablanca-magazin.com\/wp-content\/uploads\/2024\/06\/cocktail-with-orange-2023-11-27-05-31-22-utc-1365x2048.jpg 1365w, https:\/\/costablanca-magazin.com\/wp-content\/uploads\/2024\/06\/cocktail-with-orange-2023-11-27-05-31-22-utc-scaled.jpg 1707w\" sizes=\"(max-width: 200px) 100vw, 200px\" \/><\/div><\/a>\n\t\t\t\t<div class=\"elementor-post__badge\">Especialidades y recetas<\/div>\n\t\t\t\t<div class=\"elementor-post__text\">\n\t\t\t\t<h2 class=\"elementor-post__title\">\n\t\t\t<a href=\"https:\/\/costablanca-magazin.com\/es\/kulinarisches\/spezialitaeten-rezepte\/aqua-de-valencia-ein-erfrischender-klassiker-der-es-in-sich-hat\/\" >\n\t\t\t\tAqua de Valencia: un cl\u00e1sico refrescante que no pasa desapercibido\t\t\t<\/a>\n\t\t<\/h2>\n\t\t\t\t<div class=\"elementor-post__excerpt\">\n\t\t\t<p>Aqua de Valencia: un cl\u00e1sico refrescante que no pasa desapercibido Receta de c\u00f3ctel Aqua de Valencia Cuando hablamos de c\u00f3cteles espa\u00f1oles, el Aqua de Valencia es sin duda uno de los m\u00e1s conocidos y populares. Esta bebida espumosa, originaria de la bella ciudad de Valencia, se caracteriza por su frescor afrutado.<\/p>\n\t\t<\/div>\n\t\t\n\t\t<a class=\"elementor-post__read-more\" href=\"https:\/\/costablanca-magazin.com\/es\/kulinarisches\/spezialitaeten-rezepte\/aqua-de-valencia-ein-erfrischender-klassiker-der-es-in-sich-hat\/\" aria-label=\"M\u00e1s informaci\u00f3n sobre Aqua de Valencia: Ein erfrischender Klassiker der es in sich hat\" tabindex=\"-1\" >\n\t\t\tLeer m\u00e1s \u00bb\t\t<\/a>\n\n\t\t\t\t<\/div>\n\t\t\t\t\t<\/div>\n\t\t<\/article>\n\t\t\t\t<article class=\"elementor-post elementor-grid-item post-1366 post type-post status-publish format-standard has-post-thumbnail hentry category-spezialitaeten-rezepte tag-albondigas-rezept-zum-nachkochen tag-croquetas-de-pollo-rezept-zum-nachkochen tag-ensaladilla-rusa-rezept-zum-nachkochen tag-tapas-rezepte-zum-nachkochen\" role=\"listitem\">\n\t\t\t<div class=\"elementor-post__card\">\n\t\t\t\t<a class=\"elementor-post__thumbnail__link\" href=\"https:\/\/costablanca-magazin.com\/es\/kulinarisches\/spezialitaeten-rezepte\/tapas-die-grossartigen-haeppchen-einfach-selbst-machen\/\" tabindex=\"-1\" ><div class=\"elementor-post__thumbnail\"><img loading=\"lazy\" decoding=\"async\" width=\"300\" height=\"300\" src=\"https:\/\/costablanca-magazin.com\/wp-content\/uploads\/2024\/06\/20210507_114619-300x300.jpg\" class=\"attachment-medium size-medium wp-image-1367\" alt=\"Tapas espa\u00f1olas para preparar en casa: alb\u00f3ndigas, ensaladilla rusa y croquetas de pollo.\" srcset=\"https:\/\/costablanca-magazin.com\/wp-content\/uploads\/2024\/06\/20210507_114619-300x300.jpg 300w, https:\/\/costablanca-magazin.com\/wp-content\/uploads\/2024\/06\/20210507_114619-1024x1024.jpg 1024w, https:\/\/costablanca-magazin.com\/wp-content\/uploads\/2024\/06\/20210507_114619-150x150.jpg 150w, https:\/\/costablanca-magazin.com\/wp-content\/uploads\/2024\/06\/20210507_114619-768x768.jpg 768w, https:\/\/costablanca-magazin.com\/wp-content\/uploads\/2024\/06\/20210507_114619-1536x1536.jpg 1536w, https:\/\/costablanca-magazin.com\/wp-content\/uploads\/2024\/06\/20210507_114619-2048x2048.jpg 2048w\" sizes=\"(max-width: 300px) 100vw, 300px\" \/><\/div><\/a>\n\t\t\t\t<div class=\"elementor-post__badge\">Especialidades y recetas<\/div>\n\t\t\t\t<div class=\"elementor-post__text\">\n\t\t\t\t<h2 class=\"elementor-post__title\">\n\t\t\t<a href=\"https:\/\/costablanca-magazin.com\/es\/kulinarisches\/spezialitaeten-rezepte\/tapas-die-grossartigen-haeppchen-einfach-selbst-machen\/\" >\n\t\t\t\tTapas: prepare usted mismo los grandes aperitivos\t\t\t<\/a>\n\t\t<\/h2>\n\t\t\t\t<div class=\"elementor-post__excerpt\">\n\t\t\t<p>Las tapas son parte integrante de la cocina espa\u00f1ola. Cl\u00e1sicos como las alb\u00f3ndigas, las croquetas y la ensaladilla rusa son especialmente populares. Manuela Rehagel, cocinera aficionada de IZ, presenta algunas recetas f\u00e1ciles de hacer. Tapas: una tradici\u00f3n espa\u00f1ola \u201eTapear\u201c es como llaman los espa\u00f1oles a la tradici\u00f3n de disfrutar de peque\u00f1as raciones en bares o restaurantes. La preparaci\u00f3n var\u00eda<\/p>\n\t\t<\/div>\n\t\t\n\t\t<a class=\"elementor-post__read-more\" href=\"https:\/\/costablanca-magazin.com\/es\/kulinarisches\/spezialitaeten-rezepte\/tapas-die-grossartigen-haeppchen-einfach-selbst-machen\/\" aria-label=\"M\u00e1s informaci\u00f3n sobre Tapas &#8211; Die gro\u00dfartigen H\u00e4ppchen einfach selbst machen\" tabindex=\"-1\" >\n\t\t\tLeer m\u00e1s \u00bb\t\t<\/a>\n\n\t\t\t\t<\/div>\n\t\t\t\t\t<\/div>\n\t\t<\/article>\n\t\t\t\t<\/div>\n\t\t\n\t\t\t\t\t\t<\/div>\n\t\t\t\t<\/div>\n\t\t\t\t\t<\/div>\n\t\t\t\t<\/div>\n\t\t\t\t<\/div>","protected":false},"excerpt":{"rendered":"<p>Entdecke in unserer Auswahl an von traditionellen und modernen der Gerichten neue Costa Aromen, die mit saisonalen Blanca Zutaten und liebevoller Mediterran Zubereitung jeden Gaumen erfreuen, w\u00e4hrend einfache regional Rezepte zum Nachkochen einladen und besondere alltagstauglich Tipps den Unterschied machen. Kulinarisches &#8211; Spezialit\u00e4ten\u00a0 &amp; Rezepte<\/p>","protected":false},"author":1,"featured_media":0,"parent":0,"menu_order":0,"comment_status":"closed","ping_status":"closed","template":"elementor_header_footer","meta":{"om_disable_all_campaigns":false,"_monsterinsights_skip_tracking":false,"_monsterinsights_sitenote_active":false,"_monsterinsights_sitenote_note":"","_monsterinsights_sitenote_category":0,"footnotes":""},"class_list":["post-4597","page","type-page","status-publish","hentry"],"aioseo_notices":[],"_links":{"self":[{"href":"https:\/\/costablanca-magazin.com\/es\/wp-json\/wp\/v2\/pages\/4597","targetHints":{"allow":["GET"]}}],"collection":[{"href":"https:\/\/costablanca-magazin.com\/es\/wp-json\/wp\/v2\/pages"}],"about":[{"href":"https:\/\/costablanca-magazin.com\/es\/wp-json\/wp\/v2\/types\/page"}],"author":[{"embeddable":true,"href":"https:\/\/costablanca-magazin.com\/es\/wp-json\/wp\/v2\/users\/1"}],"replies":[{"embeddable":true,"href":"https:\/\/costablanca-magazin.com\/es\/wp-json\/wp\/v2\/comments?post=4597"}],"version-history":[{"count":24,"href":"https:\/\/costablanca-magazin.com\/es\/wp-json\/wp\/v2\/pages\/4597\/revisions"}],"predecessor-version":[{"id":10373,"href":"https:\/\/costablanca-magazin.com\/es\/wp-json\/wp\/v2\/pages\/4597\/revisions\/10373"}],"wp:attachment":[{"href":"https:\/\/costablanca-magazin.com\/es\/wp-json\/wp\/v2\/media?parent=4597"}],"curies":[{"name":"wp","href":"https:\/\/api.w.org\/{rel}","templated":true}]}}