{"id":4592,"date":"2025-01-21T09:14:54","date_gmt":"2025-01-21T08:14:54","guid":{"rendered":"https:\/\/costablanca-magazin.com\/?page_id=4592"},"modified":"2026-02-11T11:49:58","modified_gmt":"2026-02-11T10:49:58","slug":"restaurante","status":"publish","type":"page","link":"https:\/\/costablanca-magazin.com\/es\/restaurant\/","title":{"rendered":"Restaurante"},"content":{"rendered":"<div data-elementor-type=\"wp-page\" data-elementor-id=\"4592\" class=\"elementor elementor-4592\" data-elementor-post-type=\"page\">\n\t\t\t\t<div class=\"elementor-element elementor-element-2ea91b6 e-flex e-con-boxed e-con e-parent\" data-id=\"2ea91b6\" data-element_type=\"container\" data-e-type=\"container\">\n\t\t\t\t\t<div class=\"e-con-inner\">\n\t\t<div class=\"elementor-element elementor-element-067694f e-con-full e-flex e-con e-child\" data-id=\"067694f\" data-element_type=\"container\" data-e-type=\"container\">\n\t\t<div class=\"elementor-element elementor-element-d46cbc2 e-con-full e-flex e-con e-child\" data-id=\"d46cbc2\" data-element_type=\"container\" data-e-type=\"container\">\n\t\t<div class=\"elementor-element elementor-element-5005481 e-con-full e-flex e-con e-child\" data-id=\"5005481\" data-element_type=\"container\" data-e-type=\"container\">\n\t\t\t\t<div class=\"elementor-element elementor-element-30bb747 elementor-widget elementor-widget-heading\" data-id=\"30bb747\" data-element_type=\"widget\" data-e-type=\"widget\" data-widget_type=\"heading.default\">\n\t\t\t\t<div class=\"elementor-widget-container\">\n\t\t\t\t\t<h1 class=\"elementor-heading-title elementor-size-default\">Cocina - Restaurante<\/h1>\t\t\t\t<\/div>\n\t\t\t\t<\/div>\n\t\t\t\t<\/div>\n\t\t<div class=\"elementor-element elementor-element-5b60dda e-con-full e-grid e-con e-child\" data-id=\"5b60dda\" data-element_type=\"container\" data-e-type=\"container\">\n\t\t\t\t<\/div>\n\t\t\t\t<\/div>\n\t\t\t\t<\/div>\n\t\t\t\t\t<\/div>\n\t\t\t\t<\/div>\n\t\t<div class=\"elementor-element elementor-element-adad9c5 e-flex e-con-boxed e-con e-parent\" data-id=\"adad9c5\" data-element_type=\"container\" data-e-type=\"container\">\n\t\t\t\t\t<div class=\"e-con-inner\">\n\t\t\t\t<div class=\"elementor-element elementor-element-6f8606c elementor-grid-3 elementor-grid-tablet-2 elementor-grid-mobile-1 elementor-posts--thumbnail-top elementor-card-shadow-yes elementor-posts__hover-gradient elementor-widget elementor-widget-posts\" data-id=\"6f8606c\" data-element_type=\"widget\" data-e-type=\"widget\" data-settings=\"{&quot;pagination_type&quot;:&quot;numbers&quot;,&quot;cards_columns&quot;:&quot;3&quot;,&quot;cards_columns_tablet&quot;:&quot;2&quot;,&quot;cards_columns_mobile&quot;:&quot;1&quot;,&quot;cards_row_gap&quot;:{&quot;unit&quot;:&quot;px&quot;,&quot;size&quot;:35,&quot;sizes&quot;:[]},&quot;cards_row_gap_tablet&quot;:{&quot;unit&quot;:&quot;px&quot;,&quot;size&quot;:&quot;&quot;,&quot;sizes&quot;:[]},&quot;cards_row_gap_mobile&quot;:{&quot;unit&quot;:&quot;px&quot;,&quot;size&quot;:&quot;&quot;,&quot;sizes&quot;:[]}}\" data-widget_type=\"posts.cards\">\n\t\t\t\t<div class=\"elementor-widget-container\">\n\t\t\t\t\t\t\t<div class=\"elementor-posts-container elementor-posts elementor-posts--skin-cards elementor-grid\" role=\"list\">\n\t\t\t\t<article class=\"elementor-post elementor-grid-item post-9512 post type-post status-publish format-standard has-post-thumbnail hentry category-restaurant tag-himalaya-kueche-spanien tag-indisches-restaurant-costa-blanca tag-kathmandu-albir tag-momos-nepal tag-nepalesische-kueche-albir tag-restaurant-albir tag-tandoori-albir\" role=\"listitem\">\n\t\t\t<div class=\"elementor-post__card\">\n\t\t\t\t<a class=\"elementor-post__thumbnail__link\" href=\"https:\/\/costablanca-magazin.com\/es\/kulinarisches\/restaurant\/kathmandu-albir-nepalesisch-indische-kueche-costa-blanca\/\" tabindex=\"-1\" ><div class=\"elementor-post__thumbnail\"><img fetchpriority=\"high\" decoding=\"async\" width=\"300\" height=\"169\" src=\"https:\/\/costablanca-magazin.com\/wp-content\/uploads\/2025\/11\/20251108_180824-300x169.jpg\" class=\"attachment-medium size-medium wp-image-9528\" alt=\"La sostenibilidad hace tiempo que dej\u00f3 de ser una palabra de moda para convertirse en algo cotidiano, tambi\u00e9n aqu\u00ed, en la Costa Blanca. Entre D\u00e9nia y Villajoyosa se puede ver lo en serio que se toma ahora toda una regi\u00f3n este tema: los agricultores se pasan a la agricultura ecol\u00f3gica, los municipios invierten en el reciclaje de agua, la energ\u00eda solar y la econom\u00eda circular, y cada vez m\u00e1s consumidores apuestan por los productos regionales y la movilidad sostenible. En los \u00faltimos diez a\u00f1os se han producido cambios visibles en la Marina Alta y la Marina Baixa. Las superficies ecol\u00f3gicas crecen, surgen comunidades energ\u00e9ticas y las ciudades desarrollan planes clim\u00e1ticos concretos que van m\u00e1s all\u00e1 de la pol\u00edtica simb\u00f3lica. El cambio es especialmente palpable en el uso de los recursos (agua, energ\u00eda y suelo): consciente, eficiente y pensado a largo plazo. Al mismo tiempo, est\u00e1 cambiando la actitud hacia el consumo y el turismo. Ya sea en los mercados semanales, la comercializaci\u00f3n directa o los alojamientos sostenibles, en todas partes crece la conciencia de que la regionalidad y la responsabilidad van de la mano. El turismo tambi\u00e9n apuesta cada vez m\u00e1s por la calidad en lugar de la cantidad: los hoteles con certificaci\u00f3n medioambiental, la movilidad sostenible y la creaci\u00f3n de valor local garantizan que esta regi\u00f3n siga siendo habitable no solo hoy, sino tambi\u00e9n ma\u00f1ana, tanto para quienes viven aqu\u00ed como para quienes la visitan con respeto. Lo que a primera vista parecen peque\u00f1os pasos, en conjunto conforman un movimiento y muestran c\u00f3mo las ideas se convierten en futuro. En las siguientes p\u00e1ginas les acompa\u00f1amos: desde la agricultura ecol\u00f3gica hasta el agua y la energ\u00eda, pasando por la movilidad y el consumo moderno.\" srcset=\"https:\/\/costablanca-magazin.com\/wp-content\/uploads\/2025\/11\/20251108_180824-300x169.jpg 300w, https:\/\/costablanca-magazin.com\/wp-content\/uploads\/2025\/11\/20251108_180824-1024x576.jpg 1024w, https:\/\/costablanca-magazin.com\/wp-content\/uploads\/2025\/11\/20251108_180824-768x432.jpg 768w, https:\/\/costablanca-magazin.com\/wp-content\/uploads\/2025\/11\/20251108_180824-18x10.jpg 18w, https:\/\/costablanca-magazin.com\/wp-content\/uploads\/2025\/11\/20251108_180824.jpg 1200w\" sizes=\"(max-width: 300px) 100vw, 300px\" \/><\/div><\/a>\n\t\t\t\t<div class=\"elementor-post__badge\">Restaurante<\/div>\n\t\t\t\t<div class=\"elementor-post__text\">\n\t\t\t\t<h2 class=\"elementor-post__title\">\n\t\t\t<a href=\"https:\/\/costablanca-magazin.com\/es\/kulinarisches\/restaurant\/kathmandu-albir-nepalesisch-indische-kueche-costa-blanca\/\" >\n\t\t\t\tKatmand\u00fa Albir - Cocina nepal\u00ed-india Costa Blanca\t\t\t<\/a>\n\t\t<\/h2>\n\t\t\t\t<\/div>\n\t\t\t\t\t<\/div>\n\t\t<\/article>\n\t\t\t\t<article class=\"elementor-post elementor-grid-item post-9209 post type-post status-publish format-standard has-post-thumbnail hentry category-restaurant tag-authentische-valencianische-kueche tag-ca-aleix tag-cocas-marina-alta tag-costa-blanca-restaurant tag-mediterrane-kueche tag-reisgerichte-xabia tag-restaurant-javea tag-valencianische-kueche tag-weine-aus-valencia\" role=\"listitem\">\n\t\t\t<div class=\"elementor-post__card\">\n\t\t\t\t<a class=\"elementor-post__thumbnail__link\" href=\"https:\/\/costablanca-magazin.com\/es\/kulinarisches\/restaurant\/ca-aleix-xabia-mediterrane-kueche-kunst-gastfreundschaft\/\" tabindex=\"-1\" ><div class=\"elementor-post__thumbnail\"><img decoding=\"async\" width=\"300\" height=\"169\" src=\"https:\/\/costablanca-magazin.com\/wp-content\/uploads\/2025\/10\/20251005_132450-300x169.jpg\" class=\"attachment-medium size-medium wp-image-9230\" alt=\"Ca Aleix X\u00e0bia: cocina mediterr\u00e1nea, arte y hospitalidad\" srcset=\"https:\/\/costablanca-magazin.com\/wp-content\/uploads\/2025\/10\/20251005_132450-300x169.jpg 300w, https:\/\/costablanca-magazin.com\/wp-content\/uploads\/2025\/10\/20251005_132450-1024x576.jpg 1024w, https:\/\/costablanca-magazin.com\/wp-content\/uploads\/2025\/10\/20251005_132450-768x432.jpg 768w, https:\/\/costablanca-magazin.com\/wp-content\/uploads\/2025\/10\/20251005_132450.jpg 1200w\" sizes=\"(max-width: 300px) 100vw, 300px\" \/><\/div><\/a>\n\t\t\t\t<div class=\"elementor-post__badge\">Restaurante<\/div>\n\t\t\t\t<div class=\"elementor-post__text\">\n\t\t\t\t<h2 class=\"elementor-post__title\">\n\t\t\t<a href=\"https:\/\/costablanca-magazin.com\/es\/kulinarisches\/restaurant\/ca-aleix-xabia-mediterrane-kueche-kunst-gastfreundschaft\/\" >\n\t\t\t\tCa Aleix X\u00e0bia - Cocina mediterr\u00e1nea, arte y hospitalidad\t\t\t<\/a>\n\t\t<\/h2>\n\t\t\t\t<\/div>\n\t\t\t\t\t<\/div>\n\t\t<\/article>\n\t\t\t\t<article class=\"elementor-post elementor-grid-item post-8786 post type-post status-publish format-standard has-post-thumbnail hentry category-restaurant tag-beste-pizza-altea tag-essen-gehen-altea-la-vella tag-hausgemachte-pasta-altea tag-il-giardino-nova-bussola tag-italienische-kueche-costa-blanca tag-italienisches-ambiente-finca tag-italienisches-restaurant-altea tag-mediterrane-spezialitaeten-altea\" role=\"listitem\">\n\t\t\t<div class=\"elementor-post__card\">\n\t\t\t\t<a class=\"elementor-post__thumbnail__link\" href=\"https:\/\/costablanca-magazin.com\/es\/kulinarisches\/restaurant\/italienisches-restaurant-in-altea-la-vella-il-giardino\/\" tabindex=\"-1\" ><div class=\"elementor-post__thumbnail\"><img decoding=\"async\" width=\"300\" height=\"169\" src=\"https:\/\/costablanca-magazin.com\/wp-content\/uploads\/2025\/09\/20250823_145402-300x169.jpg\" class=\"attachment-medium size-medium wp-image-8826\" alt=\"Un pedazo de Italia en Altea la Vella 13\" srcset=\"https:\/\/costablanca-magazin.com\/wp-content\/uploads\/2025\/09\/20250823_145402-300x169.jpg 300w, https:\/\/costablanca-magazin.com\/wp-content\/uploads\/2025\/09\/20250823_145402-1024x577.jpg 1024w, https:\/\/costablanca-magazin.com\/wp-content\/uploads\/2025\/09\/20250823_145402-768x432.jpg 768w, https:\/\/costablanca-magazin.com\/wp-content\/uploads\/2025\/09\/20250823_145402-1536x865.jpg 1536w, https:\/\/costablanca-magazin.com\/wp-content\/uploads\/2025\/09\/20250823_145402-2048x1153.jpg 2048w\" sizes=\"(max-width: 300px) 100vw, 300px\" \/><\/div><\/a>\n\t\t\t\t<div class=\"elementor-post__badge\">Restaurante<\/div>\n\t\t\t\t<div class=\"elementor-post__text\">\n\t\t\t\t<h2 class=\"elementor-post__title\">\n\t\t\t<a href=\"https:\/\/costablanca-magazin.com\/es\/kulinarisches\/restaurant\/italienisches-restaurant-in-altea-la-vella-il-giardino\/\" >\n\t\t\t\tRestaurante italiano en Altea la Vella - Il Giardino\t\t\t<\/a>\n\t\t<\/h2>\n\t\t\t\t<\/div>\n\t\t\t\t\t<\/div>\n\t\t<\/article>\n\t\t\t\t<article class=\"elementor-post elementor-grid-item post-8515 post type-post status-publish format-standard has-post-thumbnail hentry category-restaurant tag-asiatisches-restaurant-costa-blanca tag-beniasia-benitatxell tag-kreative-asia-kueche tag-pekingente-costa-blanca tag-sushi-benitatxell tag-weinkeller-beniasia\" role=\"listitem\">\n\t\t\t<div class=\"elementor-post__card\">\n\t\t\t\t<a class=\"elementor-post__thumbnail__link\" href=\"https:\/\/costablanca-magazin.com\/es\/kulinarisches\/restaurant\/restaurant-beniasia-in-benitaxell-asiatisch-aber-mal-ganz-anders\/\" tabindex=\"-1\" ><div class=\"elementor-post__thumbnail\"><img loading=\"lazy\" decoding=\"async\" width=\"232\" height=\"300\" src=\"https:\/\/costablanca-magazin.com\/wp-content\/uploads\/2025\/08\/20250809_133118-232x300.jpg\" class=\"attachment-medium size-medium wp-image-8518\" alt=\"Beniasia: asi\u00e1tica, pero muy diferente 1\" srcset=\"https:\/\/costablanca-magazin.com\/wp-content\/uploads\/2025\/08\/20250809_133118-232x300.jpg 232w, https:\/\/costablanca-magazin.com\/wp-content\/uploads\/2025\/08\/20250809_133118-794x1024.jpg 794w, https:\/\/costablanca-magazin.com\/wp-content\/uploads\/2025\/08\/20250809_133118-768x991.jpg 768w, https:\/\/costablanca-magazin.com\/wp-content\/uploads\/2025\/08\/20250809_133118.jpg 1126w\" sizes=\"(max-width: 232px) 100vw, 232px\" \/><\/div><\/a>\n\t\t\t\t<div class=\"elementor-post__badge\">Restaurante<\/div>\n\t\t\t\t<div class=\"elementor-post__text\">\n\t\t\t\t<h2 class=\"elementor-post__title\">\n\t\t\t<a href=\"https:\/\/costablanca-magazin.com\/es\/kulinarisches\/restaurant\/restaurant-beniasia-in-benitaxell-asiatisch-aber-mal-ganz-anders\/\" >\n\t\t\t\tRestaurante Beniasia en Benitaxell - Asi\u00e1tico, pero con una diferencia\t\t\t<\/a>\n\t\t<\/h2>\n\t\t\t\t<\/div>\n\t\t\t\t\t<\/div>\n\t\t<\/article>\n\t\t\t\t<article class=\"elementor-post elementor-grid-item post-8073 post type-post status-publish format-standard has-post-thumbnail hentry category-restaurant tag-fine-dining-benissa tag-mediterrane-kueche-les-bassetes tag-oceana-club-benissa tag-paseo-ecologico-restaurant tag-restaurant-mit-meerblick-costa-blanca tag-seafood-restaurant-benissa\" role=\"listitem\">\n\t\t\t<div class=\"elementor-post__card\">\n\t\t\t\t<a class=\"elementor-post__thumbnail__link\" href=\"https:\/\/costablanca-magazin.com\/es\/kulinarisches\/restaurant\/oceana-club-benissa-meerblick-trifft-geschmacks-explosion\/\" tabindex=\"-1\" ><div class=\"elementor-post__thumbnail\"><img loading=\"lazy\" decoding=\"async\" width=\"300\" height=\"169\" src=\"https:\/\/costablanca-magazin.com\/wp-content\/uploads\/2025\/07\/oceana-beachclub-9-300x169.jpg\" class=\"attachment-medium size-medium wp-image-8075\" alt=\"Oceana Club: vistas al mar y explosi\u00f3n de sabor\" srcset=\"https:\/\/costablanca-magazin.com\/wp-content\/uploads\/2025\/07\/oceana-beachclub-9-300x169.jpg 300w, https:\/\/costablanca-magazin.com\/wp-content\/uploads\/2025\/07\/oceana-beachclub-9-1024x577.jpg 1024w, https:\/\/costablanca-magazin.com\/wp-content\/uploads\/2025\/07\/oceana-beachclub-9-768x432.jpg 768w, https:\/\/costablanca-magazin.com\/wp-content\/uploads\/2025\/07\/oceana-beachclub-9-1536x865.jpg 1536w, https:\/\/costablanca-magazin.com\/wp-content\/uploads\/2025\/07\/oceana-beachclub-9.jpg 2000w\" sizes=\"(max-width: 300px) 100vw, 300px\" \/><\/div><\/a>\n\t\t\t\t<div class=\"elementor-post__badge\">Restaurante<\/div>\n\t\t\t\t<div class=\"elementor-post__text\">\n\t\t\t\t<h2 class=\"elementor-post__title\">\n\t\t\t<a href=\"https:\/\/costablanca-magazin.com\/es\/kulinarisches\/restaurant\/oceana-club-benissa-meerblick-trifft-geschmacks-explosion\/\" >\n\t\t\t\tOceana Club Benissa - vistas al mar y explosi\u00f3n de sabor\t\t\t<\/a>\n\t\t<\/h2>\n\t\t\t\t<\/div>\n\t\t\t\t\t<\/div>\n\t\t<\/article>\n\t\t\t\t<article class=\"elementor-post elementor-grid-item post-7708 post type-post status-publish format-standard has-post-thumbnail hentry category-restaurant tag-costa-blanca-2 tag-maxim-in-moraira tag-menue-restaurant-costablanca tag-restaurant-moraira\" role=\"listitem\">\n\t\t\t<div class=\"elementor-post__card\">\n\t\t\t\t<a class=\"elementor-post__thumbnail__link\" href=\"https:\/\/costablanca-magazin.com\/es\/kulinarisches\/restaurant\/maxim-in-moraira-drei-gaenge-ganz-nach-geschmack\/\" tabindex=\"-1\" ><div class=\"elementor-post__thumbnail\"><img loading=\"lazy\" decoding=\"async\" width=\"300\" height=\"300\" src=\"https:\/\/costablanca-magazin.com\/wp-content\/uploads\/2025\/06\/Costablanca-Magazin-Restaurant-Maxim-Moraira-1-300x300.jpg\" class=\"attachment-medium size-medium wp-image-7724\" alt=\"Maxim en Moraira: tres platos, totalmente a tu gusto 6\" srcset=\"https:\/\/costablanca-magazin.com\/wp-content\/uploads\/2025\/06\/Costablanca-Magazin-Restaurant-Maxim-Moraira-1-300x300.jpg 300w, https:\/\/costablanca-magazin.com\/wp-content\/uploads\/2025\/06\/Costablanca-Magazin-Restaurant-Maxim-Moraira-1-1024x1022.jpg 1024w, https:\/\/costablanca-magazin.com\/wp-content\/uploads\/2025\/06\/Costablanca-Magazin-Restaurant-Maxim-Moraira-1-150x150.jpg 150w, https:\/\/costablanca-magazin.com\/wp-content\/uploads\/2025\/06\/Costablanca-Magazin-Restaurant-Maxim-Moraira-1-768x767.jpg 768w, https:\/\/costablanca-magazin.com\/wp-content\/uploads\/2025\/06\/Costablanca-Magazin-Restaurant-Maxim-Moraira-1.jpg 1200w\" sizes=\"(max-width: 300px) 100vw, 300px\" \/><\/div><\/a>\n\t\t\t\t<div class=\"elementor-post__badge\">Restaurante<\/div>\n\t\t\t\t<div class=\"elementor-post__text\">\n\t\t\t\t<h2 class=\"elementor-post__title\">\n\t\t\t<a href=\"https:\/\/costablanca-magazin.com\/es\/kulinarisches\/restaurant\/maxim-in-moraira-drei-gaenge-ganz-nach-geschmack\/\" >\n\t\t\t\tMaxim en Moraira - Tres platos, como a ti te gusta\t\t\t<\/a>\n\t\t<\/h2>\n\t\t\t\t<\/div>\n\t\t\t\t\t<\/div>\n\t\t<\/article>\n\t\t\t\t<article class=\"elementor-post elementor-grid-item post-6921 post type-post status-publish format-standard has-post-thumbnail hentry category-restaurant tag-denia-restaurant tag-fischrestaurant-denia tag-mena-denia tag-paella-denia tag-restaurant-costa-blanca tag-restaurant-mena tag-spanische-kueche\" role=\"listitem\">\n\t\t\t<div class=\"elementor-post__card\">\n\t\t\t\t<a class=\"elementor-post__thumbnail__link\" href=\"https:\/\/costablanca-magazin.com\/es\/kulinarisches\/restaurant\/mena-in-denia-restaurant-paella\/\" tabindex=\"-1\" ><div class=\"elementor-post__thumbnail\"><img loading=\"lazy\" decoding=\"async\" width=\"300\" height=\"225\" src=\"https:\/\/costablanca-magazin.com\/wp-content\/uploads\/2025\/05\/Mena-aussen-300x225.jpg\" class=\"attachment-medium size-medium wp-image-6960\" alt=\"Mena, D\u00e9nia - Donde se come el mar\" srcset=\"https:\/\/costablanca-magazin.com\/wp-content\/uploads\/2025\/05\/Mena-aussen-300x225.jpg 300w, https:\/\/costablanca-magazin.com\/wp-content\/uploads\/2025\/05\/Mena-aussen-1024x768.jpg 1024w, https:\/\/costablanca-magazin.com\/wp-content\/uploads\/2025\/05\/Mena-aussen-768x576.jpg 768w, https:\/\/costablanca-magazin.com\/wp-content\/uploads\/2025\/05\/Mena-aussen.jpg 1200w\" sizes=\"(max-width: 300px) 100vw, 300px\" \/><\/div><\/a>\n\t\t\t\t<div class=\"elementor-post__badge\">Restaurante<\/div>\n\t\t\t\t<div class=\"elementor-post__text\">\n\t\t\t\t<h2 class=\"elementor-post__title\">\n\t\t\t<a href=\"https:\/\/costablanca-magazin.com\/es\/kulinarisches\/restaurant\/mena-in-denia-restaurant-paella\/\" >\n\t\t\t\tMena en D\u00e9nia - Donde se come el mar\t\t\t<\/a>\n\t\t<\/h2>\n\t\t\t\t<\/div>\n\t\t\t\t\t<\/div>\n\t\t<\/article>\n\t\t\t\t<article class=\"elementor-post elementor-grid-item post-5779 post type-post status-publish format-standard has-post-thumbnail hentry category-restaurant tag-hotel-bali-benidorm tag-madeira-lounge-bar-benidorm tag-selvatico-benidorm tag-sky-bars-costa-blanca tag-suitopia-calpe tag-voramar-hotel-terrace\" role=\"listitem\">\n\t\t\t<div class=\"elementor-post__card\">\n\t\t\t\t<a class=\"elementor-post__thumbnail__link\" href=\"https:\/\/costablanca-magazin.com\/es\/kulinarisches\/restaurant\/skybars-an-der-costa-blanca-himmlische-aussichten\/\" tabindex=\"-1\" ><div class=\"elementor-post__thumbnail\"><img loading=\"lazy\" decoding=\"async\" width=\"300\" height=\"200\" src=\"https:\/\/costablanca-magazin.com\/wp-content\/uploads\/2025\/04\/Skybar-Alex-Gresbek-300x200.png\" class=\"attachment-medium size-medium wp-image-5801\" alt=\"Skybars de la Costa Blanca: vistas paradis\u00edacas a gran altura 2\" srcset=\"https:\/\/costablanca-magazin.com\/wp-content\/uploads\/2025\/04\/Skybar-Alex-Gresbek-300x200.png 300w, https:\/\/costablanca-magazin.com\/wp-content\/uploads\/2025\/04\/Skybar-Alex-Gresbek-1024x683.png 1024w, https:\/\/costablanca-magazin.com\/wp-content\/uploads\/2025\/04\/Skybar-Alex-Gresbek-768x512.png 768w, https:\/\/costablanca-magazin.com\/wp-content\/uploads\/2025\/04\/Skybar-Alex-Gresbek.png 1512w\" sizes=\"(max-width: 300px) 100vw, 300px\" \/><\/div><\/a>\n\t\t\t\t<div class=\"elementor-post__badge\">Restaurante<\/div>\n\t\t\t\t<div class=\"elementor-post__text\">\n\t\t\t\t<h2 class=\"elementor-post__title\">\n\t\t\t<a href=\"https:\/\/costablanca-magazin.com\/es\/kulinarisches\/restaurant\/skybars-an-der-costa-blanca-himmlische-aussichten\/\" >\n\t\t\t\tSkybars en la Costa Blanca: vistas paradis\u00edacas\t\t\t<\/a>\n\t\t<\/h2>\n\t\t\t\t<\/div>\n\t\t\t\t\t<\/div>\n\t\t<\/article>\n\t\t\t\t<article class=\"elementor-post elementor-grid-item post-5217 post type-post status-publish format-standard has-post-thumbnail hentry category-restaurant tag-ausblick tag-benimaurell tag-frische-zutaten tag-hausgemachte-desserts tag-hausmannskost tag-mittagsmenue tag-regionale-kueche tag-spanische-kueche tag-terrasse tag-venta-del-collao tag-weinempfehlung\" role=\"listitem\">\n\t\t\t<div class=\"elementor-post__card\">\n\t\t\t\t<a class=\"elementor-post__thumbnail__link\" href=\"https:\/\/costablanca-magazin.com\/es\/kulinarisches\/restaurant\/venta-del-collao-einfach-gutes-essen-ohne-schnickschnack\/\" tabindex=\"-1\" ><div class=\"elementor-post__thumbnail\"><img loading=\"lazy\" decoding=\"async\" width=\"300\" height=\"300\" src=\"https:\/\/costablanca-magazin.com\/wp-content\/uploads\/2025\/03\/Restaurant-Venta-del-Collao-Benimaurell-16-300x300.jpg\" class=\"attachment-medium size-medium wp-image-5223\" alt=\"Venta del Collao: simplemente buena comida, sin florituras 4\" srcset=\"https:\/\/costablanca-magazin.com\/wp-content\/uploads\/2025\/03\/Restaurant-Venta-del-Collao-Benimaurell-16-300x300.jpg 300w, https:\/\/costablanca-magazin.com\/wp-content\/uploads\/2025\/03\/Restaurant-Venta-del-Collao-Benimaurell-16-1024x1024.jpg 1024w, https:\/\/costablanca-magazin.com\/wp-content\/uploads\/2025\/03\/Restaurant-Venta-del-Collao-Benimaurell-16-150x150.jpg 150w, https:\/\/costablanca-magazin.com\/wp-content\/uploads\/2025\/03\/Restaurant-Venta-del-Collao-Benimaurell-16-768x768.jpg 768w, https:\/\/costablanca-magazin.com\/wp-content\/uploads\/2025\/03\/Restaurant-Venta-del-Collao-Benimaurell-16-1536x1536.jpg 1536w, https:\/\/costablanca-magazin.com\/wp-content\/uploads\/2025\/03\/Restaurant-Venta-del-Collao-Benimaurell-16-2048x2048.jpg 2048w\" sizes=\"(max-width: 300px) 100vw, 300px\" \/><\/div><\/a>\n\t\t\t\t<div class=\"elementor-post__badge\">Restaurante<\/div>\n\t\t\t\t<div class=\"elementor-post__text\">\n\t\t\t\t<h2 class=\"elementor-post__title\">\n\t\t\t<a href=\"https:\/\/costablanca-magazin.com\/es\/kulinarisches\/restaurant\/venta-del-collao-einfach-gutes-essen-ohne-schnickschnack\/\" >\n\t\t\t\tVenta del Collao: Buena comida sin florituras\t\t\t<\/a>\n\t\t<\/h2>\n\t\t\t\t<\/div>\n\t\t\t\t\t<\/div>\n\t\t<\/article>\n\t\t\t\t<article class=\"elementor-post elementor-grid-item post-4842 post type-post status-publish format-standard has-post-thumbnail hentry category-restaurant tag-beniarbeig tag-costa-blanca tag-gesunde-kueche-costa-blanca tag-poke-bowl-und-vegetarische-burger tag-restaurante-lulea-costa-blanca tag-veganes-restaurant-costa-blanca tag-vegetarisches-restaurant-costa-blanca\" role=\"listitem\">\n\t\t\t<div class=\"elementor-post__card\">\n\t\t\t\t<a class=\"elementor-post__thumbnail__link\" href=\"https:\/\/costablanca-magazin.com\/es\/kulinarisches\/restaurant\/vegetarische-kueche-im-lulea-beniarbeig-nicht-immer-fleisch\/\" tabindex=\"-1\" ><div class=\"elementor-post__thumbnail\"><img loading=\"lazy\" decoding=\"async\" width=\"300\" height=\"173\" src=\"https:\/\/costablanca-magazin.com\/wp-content\/uploads\/2025\/02\/Lulea-Beniarbeig-3-300x173.jpg\" class=\"attachment-medium size-medium wp-image-4845\" alt=\"No siempre tiene que ser carne: cocina vegetariana en Lule\u00e5 1\" srcset=\"https:\/\/costablanca-magazin.com\/wp-content\/uploads\/2025\/02\/Lulea-Beniarbeig-3-300x173.jpg 300w, https:\/\/costablanca-magazin.com\/wp-content\/uploads\/2025\/02\/Lulea-Beniarbeig-3-1024x590.jpg 1024w, https:\/\/costablanca-magazin.com\/wp-content\/uploads\/2025\/02\/Lulea-Beniarbeig-3-768x443.jpg 768w, https:\/\/costablanca-magazin.com\/wp-content\/uploads\/2025\/02\/Lulea-Beniarbeig-3-1536x886.jpg 1536w, https:\/\/costablanca-magazin.com\/wp-content\/uploads\/2025\/02\/Lulea-Beniarbeig-3.jpg 1599w\" sizes=\"(max-width: 300px) 100vw, 300px\" \/><\/div><\/a>\n\t\t\t\t<div class=\"elementor-post__badge\">Restaurante<\/div>\n\t\t\t\t<div class=\"elementor-post__text\">\n\t\t\t\t<h2 class=\"elementor-post__title\">\n\t\t\t<a href=\"https:\/\/costablanca-magazin.com\/es\/kulinarisches\/restaurant\/vegetarische-kueche-im-lulea-beniarbeig-nicht-immer-fleisch\/\" >\n\t\t\t\tNo siempre carne: cocina vegetariana en Lule\u00e5 Beniarbeig\t\t\t<\/a>\n\t\t<\/h2>\n\t\t\t\t<\/div>\n\t\t\t\t\t<\/div>\n\t\t<\/article>\n\t\t\t\t<article class=\"elementor-post elementor-grid-item post-4126 post type-post status-publish format-standard has-post-thumbnail hentry category-restaurant tag-costa-blanca-gastronomie tag-de-lab-beach-lounge-albir tag-fusion-kueche-costa-blanca tag-gastro-albir tag-restaurant-costa-blanca\" role=\"listitem\">\n\t\t\t<div class=\"elementor-post__card\">\n\t\t\t\t<a class=\"elementor-post__thumbnail__link\" href=\"https:\/\/costablanca-magazin.com\/es\/kulinarisches\/restaurant\/de-lab-beach-lounge-albir-kulinarik-mit-blick-aufs-meer\/\" tabindex=\"-1\" ><div class=\"elementor-post__thumbnail\"><img loading=\"lazy\" decoding=\"async\" width=\"240\" height=\"300\" src=\"https:\/\/costablanca-magazin.com\/wp-content\/uploads\/2025\/01\/DeLab-Beachbar-18-240x300.jpg\" class=\"attachment-medium size-medium wp-image-4164\" alt=\"De Lab Beach Lounge: gastronom\u00eda con vistas al mar 30\" srcset=\"https:\/\/costablanca-magazin.com\/wp-content\/uploads\/2025\/01\/DeLab-Beachbar-18-240x300.jpg 240w, https:\/\/costablanca-magazin.com\/wp-content\/uploads\/2025\/01\/DeLab-Beachbar-18-819x1024.jpg 819w, https:\/\/costablanca-magazin.com\/wp-content\/uploads\/2025\/01\/DeLab-Beachbar-18-768x961.jpg 768w, https:\/\/costablanca-magazin.com\/wp-content\/uploads\/2025\/01\/DeLab-Beachbar-18-1228x1536.jpg 1228w, https:\/\/costablanca-magazin.com\/wp-content\/uploads\/2025\/01\/DeLab-Beachbar-18-1638x2048.jpg 1638w, https:\/\/costablanca-magazin.com\/wp-content\/uploads\/2025\/01\/DeLab-Beachbar-18.jpg 1895w\" sizes=\"(max-width: 240px) 100vw, 240px\" \/><\/div><\/a>\n\t\t\t\t<div class=\"elementor-post__badge\">Restaurante<\/div>\n\t\t\t\t<div class=\"elementor-post__text\">\n\t\t\t\t<h2 class=\"elementor-post__title\">\n\t\t\t<a href=\"https:\/\/costablanca-magazin.com\/es\/kulinarisches\/restaurant\/de-lab-beach-lounge-albir-kulinarik-mit-blick-aufs-meer\/\" >\n\t\t\t\tDe Lab Beach Lounge Albir - Delicias culinarias con vistas al mar\t\t\t<\/a>\n\t\t<\/h2>\n\t\t\t\t<\/div>\n\t\t\t\t\t<\/div>\n\t\t<\/article>\n\t\t\t\t<article class=\"elementor-post elementor-grid-item post-3597 post type-post status-publish format-standard has-post-thumbnail hentry category-restaurant tag-ausgehen-altea tag-hollywood-thema-restaurant-costa-blanca tag-restaurant-altea tag-restaurant-costa-blanca\" role=\"listitem\">\n\t\t\t<div class=\"elementor-post__card\">\n\t\t\t\t<a class=\"elementor-post__thumbnail__link\" href=\"https:\/\/costablanca-magazin.com\/es\/kulinarisches\/restaurant\/oustau-de-altea-die-kunst-genuss-und-kino-zu-verbinden\/\" tabindex=\"-1\" ><div class=\"elementor-post__thumbnail\"><img loading=\"lazy\" decoding=\"async\" width=\"300\" height=\"300\" src=\"https:\/\/costablanca-magazin.com\/wp-content\/uploads\/2024\/12\/Oustau-de-Altea-facebook-14-300x300.jpg\" class=\"attachment-medium size-medium wp-image-3650\" alt=\"Oustau de Altea: el arte de combinar placer y cine 24\" srcset=\"https:\/\/costablanca-magazin.com\/wp-content\/uploads\/2024\/12\/Oustau-de-Altea-facebook-14-300x300.jpg 300w, https:\/\/costablanca-magazin.com\/wp-content\/uploads\/2024\/12\/Oustau-de-Altea-facebook-14-1024x1024.jpg 1024w, https:\/\/costablanca-magazin.com\/wp-content\/uploads\/2024\/12\/Oustau-de-Altea-facebook-14-150x150.jpg 150w, https:\/\/costablanca-magazin.com\/wp-content\/uploads\/2024\/12\/Oustau-de-Altea-facebook-14-768x768.jpg 768w, https:\/\/costablanca-magazin.com\/wp-content\/uploads\/2024\/12\/Oustau-de-Altea-facebook-14.jpg 1440w\" sizes=\"(max-width: 300px) 100vw, 300px\" \/><\/div><\/a>\n\t\t\t\t<div class=\"elementor-post__badge\">Restaurante<\/div>\n\t\t\t\t<div class=\"elementor-post__text\">\n\t\t\t\t<h2 class=\"elementor-post__title\">\n\t\t\t<a href=\"https:\/\/costablanca-magazin.com\/es\/kulinarisches\/restaurant\/oustau-de-altea-die-kunst-genuss-und-kino-zu-verbinden\/\" >\n\t\t\t\tOustau de Altea - El arte de combinar placer y cine\t\t\t<\/a>\n\t\t<\/h2>\n\t\t\t\t<\/div>\n\t\t\t\t\t<\/div>\n\t\t<\/article>\n\t\t\t\t<article class=\"elementor-post elementor-grid-item post-3458 post type-post status-publish format-standard has-post-thumbnail hentry category-restaurant tag-bodega-masos-guadelest tag-costa-blanca tag-guadelest-bodega tag-restaurant-tipp-costa-blanca\" role=\"listitem\">\n\t\t\t<div class=\"elementor-post__card\">\n\t\t\t\t<a class=\"elementor-post__thumbnail__link\" href=\"https:\/\/costablanca-magazin.com\/es\/kulinarisches\/restaurant\/gourmet-erlebnis-in-der-bodega-masos-bei-guadalest\/\" tabindex=\"-1\" ><div class=\"elementor-post__thumbnail\"><img loading=\"lazy\" decoding=\"async\" width=\"300\" height=\"144\" src=\"https:\/\/costablanca-magazin.com\/wp-content\/uploads\/2024\/11\/bodega-masos-10-300x144.png\" class=\"attachment-medium size-medium wp-image-3468\" alt=\"Experiencia gastron\u00f3mica en la bodega Masos, cerca de Guadalest 9\" srcset=\"https:\/\/costablanca-magazin.com\/wp-content\/uploads\/2024\/11\/bodega-masos-10-300x144.png 300w, https:\/\/costablanca-magazin.com\/wp-content\/uploads\/2024\/11\/bodega-masos-10.png 624w\" sizes=\"(max-width: 300px) 100vw, 300px\" \/><\/div><\/a>\n\t\t\t\t<div class=\"elementor-post__badge\">Restaurante<\/div>\n\t\t\t\t<div class=\"elementor-post__text\">\n\t\t\t\t<h2 class=\"elementor-post__title\">\n\t\t\t<a href=\"https:\/\/costablanca-magazin.com\/es\/kulinarisches\/restaurant\/gourmet-erlebnis-in-der-bodega-masos-bei-guadalest\/\" >\n\t\t\t\tExperiencia gastron\u00f3mica en la Bodega Masos, cerca de Guadalest\t\t\t<\/a>\n\t\t<\/h2>\n\t\t\t\t<\/div>\n\t\t\t\t\t<\/div>\n\t\t<\/article>\n\t\t\t\t<article class=\"elementor-post elementor-grid-item post-3415 post type-post status-publish format-standard has-post-thumbnail hentry category-restaurant tag-ausgewaehlte tag-exzellenz tag-kulinarische tag-region tag-sternerestaurants\" role=\"listitem\">\n\t\t\t<div class=\"elementor-post__card\">\n\t\t\t\t<a class=\"elementor-post__thumbnail__link\" href=\"https:\/\/costablanca-magazin.com\/es\/kulinarisches\/restaurant\/ausgewaehlte-sternerestaurants-der-region-kulinarische-exzellenz\/\" tabindex=\"-1\" ><div class=\"elementor-post__thumbnail\"><img loading=\"lazy\" decoding=\"async\" width=\"300\" height=\"199\" src=\"https:\/\/costablanca-magazin.com\/wp-content\/uploads\/2024\/11\/luxury-restaurant-set-2024-10-20-01-25-35-utc-300x199.jpg\" class=\"attachment-medium size-medium wp-image-3423\" alt=\"Restaurantes con estrellas Michelin seleccionados de la regi\u00f3n\" srcset=\"https:\/\/costablanca-magazin.com\/wp-content\/uploads\/2024\/11\/luxury-restaurant-set-2024-10-20-01-25-35-utc-300x199.jpg 300w, https:\/\/costablanca-magazin.com\/wp-content\/uploads\/2024\/11\/luxury-restaurant-set-2024-10-20-01-25-35-utc-1024x678.jpg 1024w, https:\/\/costablanca-magazin.com\/wp-content\/uploads\/2024\/11\/luxury-restaurant-set-2024-10-20-01-25-35-utc-768x509.jpg 768w, https:\/\/costablanca-magazin.com\/wp-content\/uploads\/2024\/11\/luxury-restaurant-set-2024-10-20-01-25-35-utc-1536x1017.jpg 1536w, https:\/\/costablanca-magazin.com\/wp-content\/uploads\/2024\/11\/luxury-restaurant-set-2024-10-20-01-25-35-utc-2048x1356.jpg 2048w\" sizes=\"(max-width: 300px) 100vw, 300px\" \/><\/div><\/a>\n\t\t\t\t<div class=\"elementor-post__badge\">Restaurante<\/div>\n\t\t\t\t<div class=\"elementor-post__text\">\n\t\t\t\t<h2 class=\"elementor-post__title\">\n\t\t\t<a href=\"https:\/\/costablanca-magazin.com\/es\/kulinarisches\/restaurant\/ausgewaehlte-sternerestaurants-der-region-kulinarische-exzellenz\/\" >\n\t\t\t\tRestaurantes de la regi\u00f3n seleccionados con estrellas Michelin: excelencia culinaria\t\t\t<\/a>\n\t\t<\/h2>\n\t\t\t\t<\/div>\n\t\t\t\t\t<\/div>\n\t\t<\/article>\n\t\t\t\t<article class=\"elementor-post elementor-grid-item post-3330 post type-post status-publish format-standard has-post-thumbnail hentry category-restaurant tag-costa-blanca-2 tag-exzellenz tag-kulinarische tag-sternekueche\" role=\"listitem\">\n\t\t\t<div class=\"elementor-post__card\">\n\t\t\t\t<a class=\"elementor-post__thumbnail__link\" href=\"https:\/\/costablanca-magazin.com\/es\/kulinarisches\/restaurant\/costa-blanca-kulinarisches-paradies-jede-mahlzeit-ist-ein-erlebnis\/\" tabindex=\"-1\" ><div class=\"elementor-post__thumbnail\"><img loading=\"lazy\" decoding=\"async\" width=\"300\" height=\"200\" src=\"https:\/\/costablanca-magazin.com\/wp-content\/uploads\/2024\/11\/good-food-and-good-friends-2023-11-27-05-07-54-utc-300x200.jpg\" class=\"attachment-medium size-medium wp-image-3387\" alt=\"Cocina con estrellas: excelencia culinaria en la Costa Blanca 2\" srcset=\"https:\/\/costablanca-magazin.com\/wp-content\/uploads\/2024\/11\/good-food-and-good-friends-2023-11-27-05-07-54-utc-300x200.jpg 300w, https:\/\/costablanca-magazin.com\/wp-content\/uploads\/2024\/11\/good-food-and-good-friends-2023-11-27-05-07-54-utc-1024x681.jpg 1024w, https:\/\/costablanca-magazin.com\/wp-content\/uploads\/2024\/11\/good-food-and-good-friends-2023-11-27-05-07-54-utc-768x511.jpg 768w, https:\/\/costablanca-magazin.com\/wp-content\/uploads\/2024\/11\/good-food-and-good-friends-2023-11-27-05-07-54-utc-1536x1022.jpg 1536w, https:\/\/costablanca-magazin.com\/wp-content\/uploads\/2024\/11\/good-food-and-good-friends-2023-11-27-05-07-54-utc-2048x1363.jpg 2048w\" sizes=\"(max-width: 300px) 100vw, 300px\" \/><\/div><\/a>\n\t\t\t\t<div class=\"elementor-post__badge\">Restaurante<\/div>\n\t\t\t\t<div class=\"elementor-post__text\">\n\t\t\t\t<h2 class=\"elementor-post__title\">\n\t\t\t<a href=\"https:\/\/costablanca-magazin.com\/es\/kulinarisches\/restaurant\/costa-blanca-kulinarisches-paradies-jede-mahlzeit-ist-ein-erlebnis\/\" >\n\t\t\t\tCocina de estrellas - Excelencia culinaria en la Costa Blanca\t\t\t<\/a>\n\t\t<\/h2>\n\t\t\t\t<\/div>\n\t\t\t\t\t<\/div>\n\t\t<\/article>\n\t\t\t\t<article class=\"elementor-post elementor-grid-item post-1982 post type-post status-publish format-standard has-post-thumbnail hentry category-restaurant tag-el-rey-altea tag-gastrotipp-altea tag-mexikanisch tag-restaurant-altea\" role=\"listitem\">\n\t\t\t<div class=\"elementor-post__card\">\n\t\t\t\t<a class=\"elementor-post__thumbnail__link\" href=\"https:\/\/costablanca-magazin.com\/es\/kulinarisches\/restaurant\/el-rey-in-alteamexikanisches-flair\/\" tabindex=\"-1\" ><div class=\"elementor-post__thumbnail\"><img loading=\"lazy\" decoding=\"async\" width=\"300\" height=\"225\" src=\"https:\/\/costablanca-magazin.com\/wp-content\/uploads\/2024\/09\/Restaurant-El-Rey-Altea-13-300x225.jpg\" class=\"attachment-medium size-medium wp-image-1983\" alt=\"El Rey en Altea: sabor mexicano\" srcset=\"https:\/\/costablanca-magazin.com\/wp-content\/uploads\/2024\/09\/Restaurant-El-Rey-Altea-13-300x225.jpg 300w, https:\/\/costablanca-magazin.com\/wp-content\/uploads\/2024\/09\/Restaurant-El-Rey-Altea-13-1024x768.jpg 1024w, https:\/\/costablanca-magazin.com\/wp-content\/uploads\/2024\/09\/Restaurant-El-Rey-Altea-13-768x576.jpg 768w, https:\/\/costablanca-magazin.com\/wp-content\/uploads\/2024\/09\/Restaurant-El-Rey-Altea-13-1536x1152.jpg 1536w, https:\/\/costablanca-magazin.com\/wp-content\/uploads\/2024\/09\/Restaurant-El-Rey-Altea-13-2048x1536.jpg 2048w\" sizes=\"(max-width: 300px) 100vw, 300px\" \/><\/div><\/a>\n\t\t\t\t<div class=\"elementor-post__badge\">Restaurante<\/div>\n\t\t\t\t<div class=\"elementor-post__text\">\n\t\t\t\t<h2 class=\"elementor-post__title\">\n\t\t\t<a href=\"https:\/\/costablanca-magazin.com\/es\/kulinarisches\/restaurant\/el-rey-in-alteamexikanisches-flair\/\" >\n\t\t\t\tEl Rey en Altea: sabor mexicano\t\t\t<\/a>\n\t\t<\/h2>\n\t\t\t\t<\/div>\n\t\t\t\t\t<\/div>\n\t\t<\/article>\n\t\t\t\t<article class=\"elementor-post elementor-grid-item post-1802 post type-post status-publish format-standard has-post-thumbnail hentry category-restaurant tag-tapas-costa-blanca tag-tapas-in-der-altstadt-benidorm tag-tapas-restaurants-benidorm\" role=\"listitem\">\n\t\t\t<div class=\"elementor-post__card\">\n\t\t\t\t<a class=\"elementor-post__thumbnail__link\" href=\"https:\/\/costablanca-magazin.com\/es\/kulinarisches\/restaurant\/die-tapas-gasse-von-benidorm-leckere-kleinigkeiten\/\" tabindex=\"-1\" ><div class=\"elementor-post__thumbnail\"><img loading=\"lazy\" decoding=\"async\" width=\"300\" height=\"300\" src=\"https:\/\/costablanca-magazin.com\/wp-content\/uploads\/2024\/08\/Tapas-Benidorm-5-300x300.jpg\" class=\"attachment-medium size-medium wp-image-1803\" alt=\"Calle de las tapas de Benidorm\" srcset=\"https:\/\/costablanca-magazin.com\/wp-content\/uploads\/2024\/08\/Tapas-Benidorm-5-300x300.jpg 300w, https:\/\/costablanca-magazin.com\/wp-content\/uploads\/2024\/08\/Tapas-Benidorm-5-1024x1024.jpg 1024w, https:\/\/costablanca-magazin.com\/wp-content\/uploads\/2024\/08\/Tapas-Benidorm-5-150x150.jpg 150w, https:\/\/costablanca-magazin.com\/wp-content\/uploads\/2024\/08\/Tapas-Benidorm-5-768x768.jpg 768w, https:\/\/costablanca-magazin.com\/wp-content\/uploads\/2024\/08\/Tapas-Benidorm-5.jpg 1200w\" sizes=\"(max-width: 300px) 100vw, 300px\" \/><\/div><\/a>\n\t\t\t\t<div class=\"elementor-post__badge\">Restaurante<\/div>\n\t\t\t\t<div class=\"elementor-post__text\">\n\t\t\t\t<h2 class=\"elementor-post__title\">\n\t\t\t<a href=\"https:\/\/costablanca-magazin.com\/es\/kulinarisches\/restaurant\/die-tapas-gasse-von-benidorm-leckere-kleinigkeiten\/\" >\n\t\t\t\tEl callej\u00f3n de tapas de Benidorm - deliciosos \u201ebocadillos\u201c\t\t\t<\/a>\n\t\t<\/h2>\n\t\t\t\t<\/div>\n\t\t\t\t\t<\/div>\n\t\t<\/article>\n\t\t\t\t<article class=\"elementor-post elementor-grid-item post-1378 post type-post status-publish format-standard has-post-thumbnail hentry category-restaurant tag-brunch-albir tag-fruehstueck-albir tag-restaurant-wanderlust-albir tag-wanderlust-albir\" role=\"listitem\">\n\t\t\t<div class=\"elementor-post__card\">\n\t\t\t\t<a class=\"elementor-post__thumbnail__link\" href=\"https:\/\/costablanca-magazin.com\/es\/kulinarisches\/restaurant\/restaurant-tipp-wanderlust-in-albir\/\" tabindex=\"-1\" ><div class=\"elementor-post__thumbnail\"><img loading=\"lazy\" decoding=\"async\" width=\"300\" height=\"300\" src=\"https:\/\/costablanca-magazin.com\/wp-content\/uploads\/2024\/06\/Wanderlust-Brunch-in-Albir-300x300.jpg\" class=\"attachment-medium size-medium wp-image-1383\" alt=\"Brunch Wanderlust en Albir\" srcset=\"https:\/\/costablanca-magazin.com\/wp-content\/uploads\/2024\/06\/Wanderlust-Brunch-in-Albir-300x300.jpg 300w, https:\/\/costablanca-magazin.com\/wp-content\/uploads\/2024\/06\/Wanderlust-Brunch-in-Albir-1024x1024.jpg 1024w, https:\/\/costablanca-magazin.com\/wp-content\/uploads\/2024\/06\/Wanderlust-Brunch-in-Albir-150x150.jpg 150w, https:\/\/costablanca-magazin.com\/wp-content\/uploads\/2024\/06\/Wanderlust-Brunch-in-Albir-768x768.jpg 768w, https:\/\/costablanca-magazin.com\/wp-content\/uploads\/2024\/06\/Wanderlust-Brunch-in-Albir.jpg 1440w\" sizes=\"(max-width: 300px) 100vw, 300px\" \/><\/div><\/a>\n\t\t\t\t<div class=\"elementor-post__badge\">Restaurante<\/div>\n\t\t\t\t<div class=\"elementor-post__text\">\n\t\t\t\t<h2 class=\"elementor-post__title\">\n\t\t\t<a href=\"https:\/\/costablanca-magazin.com\/es\/kulinarisches\/restaurant\/restaurant-tipp-wanderlust-in-albir\/\" >\n\t\t\t\tRecomendaciones para restaurantes: Wanderlust en Albir\t\t\t<\/a>\n\t\t<\/h2>\n\t\t\t\t<\/div>\n\t\t\t\t\t<\/div>\n\t\t<\/article>\n\t\t\t\t<article class=\"elementor-post elementor-grid-item post-1361 post type-post status-publish format-standard has-post-thumbnail hentry category-restaurant tag-tapas-gasse-in-benidorm tag-tapas-in-der-altstadt-benidorm tag-tapas-restaurants-benidorm\" role=\"listitem\">\n\t\t\t<div class=\"elementor-post__card\">\n\t\t\t\t<a class=\"elementor-post__thumbnail__link\" href=\"https:\/\/costablanca-magazin.com\/es\/kulinarisches\/restaurant\/die-tapas-gasse-in-der-altstadt-von-benidorm-ein-kulinarisches-erlebnis\/\" tabindex=\"-1\" ><div class=\"elementor-post__thumbnail\"><img loading=\"lazy\" decoding=\"async\" width=\"300\" height=\"300\" src=\"https:\/\/costablanca-magazin.com\/wp-content\/uploads\/2022\/09\/costablanca-lifestyle-tapas-benidorm-5-300x300.jpg\" class=\"attachment-medium size-medium wp-image-786\" alt=\"costablanca-estilo de vida-tapas-benidorm 9\" srcset=\"https:\/\/costablanca-magazin.com\/wp-content\/uploads\/2022\/09\/costablanca-lifestyle-tapas-benidorm-5-300x300.jpg 300w, https:\/\/costablanca-magazin.com\/wp-content\/uploads\/2022\/09\/costablanca-lifestyle-tapas-benidorm-5-150x150.jpg 150w, https:\/\/costablanca-magazin.com\/wp-content\/uploads\/2022\/09\/costablanca-lifestyle-tapas-benidorm-5.jpg 600w\" sizes=\"(max-width: 300px) 100vw, 300px\" \/><\/div><\/a>\n\t\t\t\t<div class=\"elementor-post__badge\">Restaurante<\/div>\n\t\t\t\t<div class=\"elementor-post__text\">\n\t\t\t\t<h2 class=\"elementor-post__title\">\n\t\t\t<a href=\"https:\/\/costablanca-magazin.com\/es\/kulinarisches\/restaurant\/die-tapas-gasse-in-der-altstadt-von-benidorm-ein-kulinarisches-erlebnis\/\" >\n\t\t\t\tEl callej\u00f3n de tapas del casco antiguo de Benidorm: una experiencia culinaria\t\t\t<\/a>\n\t\t<\/h2>\n\t\t\t\t<\/div>\n\t\t\t\t\t<\/div>\n\t\t<\/article>\n\t\t\t\t<\/div>\n\t\t\n\t\t\t\t\t\t<\/div>\n\t\t\t\t<\/div>\n\t\t\t\t\t<\/div>\n\t\t\t\t<\/div>\n\t\t\t\t<\/div>","protected":false},"excerpt":{"rendered":"<p>Beim St\u00f6bern durch neue Rezepte Restaurant entdecke ich oft \u00fcberraschende Zutaten Tipps und Aromen an, die sich zu kreativen Gerichten der verbinden und Lust auf mehr Costa machen, w\u00e4hrend das Teilen mit Freunden Blanca und Familie Unsere besondere Momente schafft, die mich immer wieder zum Kochen Empfehlungen inspirieren und die<\/p>","protected":false},"author":1,"featured_media":0,"parent":0,"menu_order":0,"comment_status":"closed","ping_status":"closed","template":"elementor_header_footer","meta":{"footnotes":""},"class_list":["post-4592","page","type-page","status-publish","hentry"],"aioseo_notices":[],"_links":{"self":[{"href":"https:\/\/costablanca-magazin.com\/es\/wp-json\/wp\/v2\/pages\/4592","targetHints":{"allow":["GET"]}}],"collection":[{"href":"https:\/\/costablanca-magazin.com\/es\/wp-json\/wp\/v2\/pages"}],"about":[{"href":"https:\/\/costablanca-magazin.com\/es\/wp-json\/wp\/v2\/types\/page"}],"author":[{"embeddable":true,"href":"https:\/\/costablanca-magazin.com\/es\/wp-json\/wp\/v2\/users\/1"}],"replies":[{"embeddable":true,"href":"https:\/\/costablanca-magazin.com\/es\/wp-json\/wp\/v2\/comments?post=4592"}],"version-history":[{"count":23,"href":"https:\/\/costablanca-magazin.com\/es\/wp-json\/wp\/v2\/pages\/4592\/revisions"}],"predecessor-version":[{"id":10372,"href":"https:\/\/costablanca-magazin.com\/es\/wp-json\/wp\/v2\/pages\/4592\/revisions\/10372"}],"wp:attachment":[{"href":"https:\/\/costablanca-magazin.com\/es\/wp-json\/wp\/v2\/media?parent=4592"}],"curies":[{"name":"wp","href":"https:\/\/api.w.org\/{rel}","templated":true}]}}