{"id":4578,"date":"2025-01-21T09:11:19","date_gmt":"2025-01-21T08:11:19","guid":{"rendered":"https:\/\/costablanca-magazin.com\/?page_id=4578"},"modified":"2026-02-11T11:53:12","modified_gmt":"2026-02-11T10:53:12","slug":"ciclismo-senderismo","status":"publish","type":"page","link":"https:\/\/costablanca-magazin.com\/es\/radfahren-wandern\/","title":{"rendered":"Ciclismo y senderismo"},"content":{"rendered":"<div data-elementor-type=\"wp-page\" data-elementor-id=\"4578\" class=\"elementor elementor-4578\" data-elementor-post-type=\"page\">\n\t\t\t\t<div class=\"elementor-element elementor-element-13f369a e-flex e-con-boxed e-con e-parent\" data-id=\"13f369a\" data-element_type=\"container\" data-e-type=\"container\">\n\t\t\t\t\t<div class=\"e-con-inner\">\n\t\t\t\t<div class=\"elementor-element elementor-element-7db0ee4 elementor-widget elementor-widget-heading\" data-id=\"7db0ee4\" data-element_type=\"widget\" data-e-type=\"widget\" data-widget_type=\"heading.default\">\n\t\t\t\t<div class=\"elementor-widget-container\">\n\t\t\t\t\t<h1 class=\"elementor-heading-title elementor-size-default\">Ocio - Ciclismo y senderismo<\/h1>\t\t\t\t<\/div>\n\t\t\t\t<\/div>\n\t\t\t\t\t<\/div>\n\t\t\t\t<\/div>\n\t\t<div class=\"elementor-element elementor-element-e33fee7 e-flex e-con-boxed e-con e-parent\" data-id=\"e33fee7\" data-element_type=\"container\" data-e-type=\"container\">\n\t\t\t\t\t<div class=\"e-con-inner\">\n\t\t\t\t<div class=\"elementor-element elementor-element-137b9d9 elementor-grid-3 elementor-grid-tablet-2 elementor-grid-mobile-1 elementor-posts--thumbnail-top elementor-card-shadow-yes elementor-posts__hover-gradient elementor-widget elementor-widget-posts\" data-id=\"137b9d9\" data-element_type=\"widget\" data-e-type=\"widget\" data-settings=\"{&quot;pagination_type&quot;:&quot;numbers&quot;,&quot;cards_columns&quot;:&quot;3&quot;,&quot;cards_columns_tablet&quot;:&quot;2&quot;,&quot;cards_columns_mobile&quot;:&quot;1&quot;,&quot;cards_row_gap&quot;:{&quot;unit&quot;:&quot;px&quot;,&quot;size&quot;:35,&quot;sizes&quot;:[]},&quot;cards_row_gap_tablet&quot;:{&quot;unit&quot;:&quot;px&quot;,&quot;size&quot;:&quot;&quot;,&quot;sizes&quot;:[]},&quot;cards_row_gap_mobile&quot;:{&quot;unit&quot;:&quot;px&quot;,&quot;size&quot;:&quot;&quot;,&quot;sizes&quot;:[]}}\" data-widget_type=\"posts.cards\">\n\t\t\t\t<div class=\"elementor-widget-container\">\n\t\t\t\t\t\t\t<div class=\"elementor-posts-container elementor-posts elementor-posts--skin-cards elementor-grid\" role=\"list\">\n\t\t\t\t<article class=\"elementor-post elementor-grid-item post-9322 post type-post status-publish format-standard has-post-thumbnail hentry category-radfahren-wandern tag-barranc-de-linfern tag-costa-blanca-wandertour tag-kuestenwanderung-costa-blanca tag-penon-de-ifach tag-serra-gelada-wanderweg tag-sport-valencia tag-wandern-costa-blanca tag-wanderurlaub-spanien\" role=\"listitem\">\n\t\t\t<div class=\"elementor-post__card\">\n\t\t\t\t<a class=\"elementor-post__thumbnail__link\" href=\"https:\/\/costablanca-magazin.com\/es\/freizeit\/radfahren-wandern\/wandern-an-der-costa-blanca-schluchten-und-kuestenwegen\/\" tabindex=\"-1\" ><div class=\"elementor-post__thumbnail\"><img decoding=\"async\" width=\"300\" height=\"152\" src=\"https:\/\/costablanca-magazin.com\/wp-content\/uploads\/2025\/10\/shutterstock_2138846675-e1761230590451-300x152.jpg\" class=\"attachment-medium size-medium wp-image-9342\" alt=\"Senderismo: de barrancos y senderos costeros\" srcset=\"https:\/\/costablanca-magazin.com\/wp-content\/uploads\/2025\/10\/shutterstock_2138846675-e1761230590451-300x152.jpg 300w, https:\/\/costablanca-magazin.com\/wp-content\/uploads\/2025\/10\/shutterstock_2138846675-e1761230590451-1024x517.jpg 1024w, https:\/\/costablanca-magazin.com\/wp-content\/uploads\/2025\/10\/shutterstock_2138846675-e1761230590451-768x388.jpg 768w, https:\/\/costablanca-magazin.com\/wp-content\/uploads\/2025\/10\/shutterstock_2138846675-e1761230590451.jpg 1200w\" sizes=\"(max-width: 300px) 100vw, 300px\" \/><\/div><\/a>\n\t\t\t\t<div class=\"elementor-post__badge\">Ciclismo y senderismo<\/div>\n\t\t\t\t<div class=\"elementor-post__text\">\n\t\t\t\t<h2 class=\"elementor-post__title\">\n\t\t\t<a href=\"https:\/\/costablanca-magazin.com\/es\/freizeit\/radfahren-wandern\/wandern-an-der-costa-blanca-schluchten-und-kuestenwegen\/\" >\n\t\t\t\tSenderismo en la Costa Blanca: barrancos y senderos costeros\t\t\t<\/a>\n\t\t<\/h2>\n\t\t\t\t<div class=\"elementor-post__excerpt\">\n\t\t\t<p>Senderismo en la Costa Blanca - barrancos y senderos costeros Desde paseos tranquilos hasta rutas exigentes: Descubra el Barranc de l'Infern, la Serra Gelada y el Pe\u00f1\u00f3n de Ifach en la Costa Blanca. En nuestra mirada deportiva a la Costa Blanca, el senderismo es imprescindible. Ninguna otra actividad deja tan claro c\u00f3mo<\/p>\n\t\t<\/div>\n\t\t\n\t\t<a class=\"elementor-post__read-more\" href=\"https:\/\/costablanca-magazin.com\/es\/freizeit\/radfahren-wandern\/wandern-an-der-costa-blanca-schluchten-und-kuestenwegen\/\" aria-label=\"M\u00e1s informaci\u00f3n sobre Senderismo en la Costa Blanca - Barrancos y senderos costeros\" tabindex=\"-1\" >\n\t\t\tLeer m\u00e1s \u00bb\t\t<\/a>\n\n\t\t\t\t<\/div>\n\t\t\t\t\t<\/div>\n\t\t<\/article>\n\t\t\t\t<article class=\"elementor-post elementor-grid-item post-9321 post type-post status-publish format-standard has-post-thumbnail hentry category-radfahren-wandern tag-coll-de-rates tag-fahrradtouren-costa-blanca tag-kuestenrouten-costa-blanca tag-mountainbike-costa-blanca tag-profi-radsport-costa-blanca tag-radfahren-costa-blanca tag-radtraining-costa-blanca tag-sport-valencia\" role=\"listitem\">\n\t\t\t<div class=\"elementor-post__card\">\n\t\t\t\t<a class=\"elementor-post__thumbnail__link\" href=\"https:\/\/costablanca-magazin.com\/es\/freizeit\/radfahren-wandern\/radfahren-costa-blanca-trainingsparadies-kueste-und-berge\/\" tabindex=\"-1\" ><div class=\"elementor-post__thumbnail\"><img fetchpriority=\"high\" decoding=\"async\" width=\"300\" height=\"193\" src=\"https:\/\/costablanca-magazin.com\/wp-content\/uploads\/2025\/10\/shutterstock_2428470931-300x193.jpg\" class=\"attachment-medium size-medium wp-image-9328\" alt=\"Ciclismo: un para\u00edso para entrenar entre la costa y las monta\u00f1as\" srcset=\"https:\/\/costablanca-magazin.com\/wp-content\/uploads\/2025\/10\/shutterstock_2428470931-300x193.jpg 300w, https:\/\/costablanca-magazin.com\/wp-content\/uploads\/2025\/10\/shutterstock_2428470931-1024x657.jpg 1024w, https:\/\/costablanca-magazin.com\/wp-content\/uploads\/2025\/10\/shutterstock_2428470931-768x493.jpg 768w, https:\/\/costablanca-magazin.com\/wp-content\/uploads\/2025\/10\/shutterstock_2428470931.jpg 1200w\" sizes=\"(max-width: 300px) 100vw, 300px\" \/><\/div><\/a>\n\t\t\t\t<div class=\"elementor-post__badge\">Ciclismo y senderismo<\/div>\n\t\t\t\t<div class=\"elementor-post__text\">\n\t\t\t\t<h2 class=\"elementor-post__title\">\n\t\t\t<a href=\"https:\/\/costablanca-magazin.com\/es\/freizeit\/radfahren-wandern\/radfahren-costa-blanca-trainingsparadies-kueste-und-berge\/\" >\n\t\t\t\tCiclismo Costa Blanca - entrenamiento para\u00edso costa y monta\u00f1a\t\t\t<\/a>\n\t\t<\/h2>\n\t\t\t\t<div class=\"elementor-post__excerpt\">\n\t\t\t<p>Ciclismo Costa Blanca - para\u00edso de entrenamiento costa y monta\u00f1a Desde equipos profesionales hasta ciclistas de ocio: la Costa Blanca ofrece rutas variadas, vistas al mar y senderos de monta\u00f1a para entrenamientos ciclistas y paseos de placer. En los \u00faltimos a\u00f1os, la Costa Blanca se ha convertido en uno de los centros de entrenamiento m\u00e1s importantes para el ciclismo internacional. En invierno se puede ver en Calpe,<\/p>\n\t\t<\/div>\n\t\t\n\t\t<a class=\"elementor-post__read-more\" href=\"https:\/\/costablanca-magazin.com\/es\/freizeit\/radfahren-wandern\/radfahren-costa-blanca-trainingsparadies-kueste-und-berge\/\" aria-label=\"M\u00e1s informaci\u00f3n sobre Ciclismo Costa Blanca - Para\u00edso de entrenamiento costa y monta\u00f1a\" tabindex=\"-1\" >\n\t\t\tLeer m\u00e1s \u00bb\t\t<\/a>\n\n\t\t\t\t<\/div>\n\t\t\t\t\t<\/div>\n\t\t<\/article>\n\t\t\t\t<article class=\"elementor-post elementor-grid-item post-3164 post type-post status-publish format-standard has-post-thumbnail hentry category-radfahren-wandern tag-abenteuer tag-sicherheit tag-tipps tag-wandern tag-wandern-an-der-costa-blanca\" role=\"listitem\">\n\t\t\t<div class=\"elementor-post__card\">\n\t\t\t\t<a class=\"elementor-post__thumbnail__link\" href=\"https:\/\/costablanca-magazin.com\/es\/freizeit\/radfahren-wandern\/sicherheit-beim-wandern-an-der-costa-blanca-wichtige-tipps-fuer-jedes-abenteuer\/\" tabindex=\"-1\" ><div class=\"elementor-post__thumbnail\"><img decoding=\"async\" width=\"300\" height=\"200\" src=\"https:\/\/costablanca-magazin.com\/wp-content\/uploads\/2024\/10\/a-man-with-a-rucksack-and-winter-clothing-leaping-2023-11-27-05-22-34-utc-300x200.jpg\" class=\"attachment-medium size-medium wp-image-2696\" alt=\"Senderismo en la Costa Blanca: un para\u00edso para los amantes de la naturaleza y la cultura\" srcset=\"https:\/\/costablanca-magazin.com\/wp-content\/uploads\/2024\/10\/a-man-with-a-rucksack-and-winter-clothing-leaping-2023-11-27-05-22-34-utc-300x200.jpg 300w, https:\/\/costablanca-magazin.com\/wp-content\/uploads\/2024\/10\/a-man-with-a-rucksack-and-winter-clothing-leaping-2023-11-27-05-22-34-utc-1024x683.jpg 1024w, https:\/\/costablanca-magazin.com\/wp-content\/uploads\/2024\/10\/a-man-with-a-rucksack-and-winter-clothing-leaping-2023-11-27-05-22-34-utc-768x512.jpg 768w, https:\/\/costablanca-magazin.com\/wp-content\/uploads\/2024\/10\/a-man-with-a-rucksack-and-winter-clothing-leaping-2023-11-27-05-22-34-utc-1536x1024.jpg 1536w, https:\/\/costablanca-magazin.com\/wp-content\/uploads\/2024\/10\/a-man-with-a-rucksack-and-winter-clothing-leaping-2023-11-27-05-22-34-utc-2048x1365.jpg 2048w\" sizes=\"(max-width: 300px) 100vw, 300px\" \/><\/div><\/a>\n\t\t\t\t<div class=\"elementor-post__badge\">Ciclismo y senderismo<\/div>\n\t\t\t\t<div class=\"elementor-post__text\">\n\t\t\t\t<h2 class=\"elementor-post__title\">\n\t\t\t<a href=\"https:\/\/costablanca-magazin.com\/es\/freizeit\/radfahren-wandern\/sicherheit-beim-wandern-an-der-costa-blanca-wichtige-tipps-fuer-jedes-abenteuer\/\" >\n\t\t\t\tSeguridad en el senderismo por la Costa Blanca: consejos importantes para cada aventura\t\t\t<\/a>\n\t\t<\/h2>\n\t\t\t\t<div class=\"elementor-post__excerpt\">\n\t\t\t<p>Seguridad al practicar senderismo en la Costa Blanca: consejos importantes para cada aventura Practicar senderismo en las comarcas de la Marina Alta y la Marina Baixa Practicar senderismo en la Costa Blanca en las comarcas de la Marina Alta y la Marina Baixa es cada vez m\u00e1s popular. Sin embargo, es de suma importancia prestar atenci\u00f3n a la<\/p>\n\t\t<\/div>\n\t\t\n\t\t<a class=\"elementor-post__read-more\" href=\"https:\/\/costablanca-magazin.com\/es\/freizeit\/radfahren-wandern\/sicherheit-beim-wandern-an-der-costa-blanca-wichtige-tipps-fuer-jedes-abenteuer\/\" aria-label=\"M\u00e1s informaci\u00f3n sobre Seguridad en el senderismo en la Costa Blanca - Consejos importantes para cada aventura\" tabindex=\"-1\" >\n\t\t\tLeer m\u00e1s \u00bb\t\t<\/a>\n\n\t\t\t\t<\/div>\n\t\t\t\t\t<\/div>\n\t\t<\/article>\n\t\t\t\t<article class=\"elementor-post elementor-grid-item post-3166 post type-post status-publish format-standard has-post-thumbnail hentry category-radfahren-wandern tag-costa-blanca-2 tag-social-media-gruppen tag-wandern tag-wandern-an-der-costa-blanca\" role=\"listitem\">\n\t\t\t<div class=\"elementor-post__card\">\n\t\t\t\t<a class=\"elementor-post__thumbnail__link\" href=\"https:\/\/costablanca-magazin.com\/es\/freizeit\/radfahren-wandern\/wandern-an-der-costa-blanca-die-social-media-gruppen-die-sie-kennen-sollten\/\" tabindex=\"-1\" ><div class=\"elementor-post__thumbnail\"><img loading=\"lazy\" decoding=\"async\" width=\"200\" height=\"300\" src=\"https:\/\/costablanca-magazin.com\/wp-content\/uploads\/2024\/10\/happy-hiking-couple-taking-selfie-for-social-media-2024-07-19-16-46-18-utc-200x300.jpg\" class=\"attachment-medium size-medium wp-image-2702\" alt=\"Senderismo en la Costa Blanca: un para\u00edso para los amantes de la naturaleza y la cultura 5\" srcset=\"https:\/\/costablanca-magazin.com\/wp-content\/uploads\/2024\/10\/happy-hiking-couple-taking-selfie-for-social-media-2024-07-19-16-46-18-utc-200x300.jpg 200w, https:\/\/costablanca-magazin.com\/wp-content\/uploads\/2024\/10\/happy-hiking-couple-taking-selfie-for-social-media-2024-07-19-16-46-18-utc-683x1024.jpg 683w, https:\/\/costablanca-magazin.com\/wp-content\/uploads\/2024\/10\/happy-hiking-couple-taking-selfie-for-social-media-2024-07-19-16-46-18-utc-768x1152.jpg 768w, https:\/\/costablanca-magazin.com\/wp-content\/uploads\/2024\/10\/happy-hiking-couple-taking-selfie-for-social-media-2024-07-19-16-46-18-utc-1024x1536.jpg 1024w, https:\/\/costablanca-magazin.com\/wp-content\/uploads\/2024\/10\/happy-hiking-couple-taking-selfie-for-social-media-2024-07-19-16-46-18-utc-1365x2048.jpg 1365w, https:\/\/costablanca-magazin.com\/wp-content\/uploads\/2024\/10\/happy-hiking-couple-taking-selfie-for-social-media-2024-07-19-16-46-18-utc-scaled.jpg 1707w\" sizes=\"(max-width: 200px) 100vw, 200px\" \/><\/div><\/a>\n\t\t\t\t<div class=\"elementor-post__badge\">Ciclismo y senderismo<\/div>\n\t\t\t\t<div class=\"elementor-post__text\">\n\t\t\t\t<h2 class=\"elementor-post__title\">\n\t\t\t<a href=\"https:\/\/costablanca-magazin.com\/es\/freizeit\/radfahren-wandern\/wandern-an-der-costa-blanca-die-social-media-gruppen-die-sie-kennen-sollten\/\" >\n\t\t\t\tSenderismo en la Costa Blanca: los grupos de redes sociales que debe conocer\t\t\t<\/a>\n\t\t<\/h2>\n\t\t\t\t<div class=\"elementor-post__excerpt\">\n\t\t\t<p>Senderismo en la Costa Blanca - Los grupos de redes sociales que debes conocer Senderismo y redes sociales: Los mejores grupos de Facebook y cuentas de Instagram para los amantes del senderismo en la Costa Blanca Las redes sociales han revolucionado el senderismo en la Costa Blanca. A trav\u00e9s de plataformas como Facebook e Instagram, los senderistas pueden compartir sus experiencias, descubrir rutas<\/p>\n\t\t<\/div>\n\t\t\n\t\t<a class=\"elementor-post__read-more\" href=\"https:\/\/costablanca-magazin.com\/es\/freizeit\/radfahren-wandern\/wandern-an-der-costa-blanca-die-social-media-gruppen-die-sie-kennen-sollten\/\" aria-label=\"M\u00e1s informaci\u00f3n sobre Senderismo en la Costa Blanca - Los grupos de redes sociales que debes conocer\" tabindex=\"-1\" >\n\t\t\tLeer m\u00e1s \u00bb\t\t<\/a>\n\n\t\t\t\t<\/div>\n\t\t\t\t\t<\/div>\n\t\t<\/article>\n\t\t\t\t<article class=\"elementor-post elementor-grid-item post-3162 post type-post status-publish format-standard has-post-thumbnail hentry category-radfahren-wandern tag-technologische tag-trends tag-wandersport\" role=\"listitem\">\n\t\t\t<div class=\"elementor-post__card\">\n\t\t\t\t<a class=\"elementor-post__thumbnail__link\" href=\"https:\/\/costablanca-magazin.com\/es\/freizeit\/radfahren-wandern\/technologische-trends-imwandersport-an-der-costa-blanca\/\" tabindex=\"-1\" ><div class=\"elementor-post__thumbnail\"><img loading=\"lazy\" decoding=\"async\" width=\"300\" height=\"200\" src=\"https:\/\/costablanca-magazin.com\/wp-content\/uploads\/2024\/10\/people-using-gps-navigator-app-forest-hiking-cou-2023-11-27-05-06-53-utc-300x200.jpg\" class=\"attachment-medium size-medium wp-image-2709\" alt=\"Senderismo en la Costa Blanca: un para\u00edso para los amantes de la naturaleza y la cultura 11\" srcset=\"https:\/\/costablanca-magazin.com\/wp-content\/uploads\/2024\/10\/people-using-gps-navigator-app-forest-hiking-cou-2023-11-27-05-06-53-utc-300x200.jpg 300w, https:\/\/costablanca-magazin.com\/wp-content\/uploads\/2024\/10\/people-using-gps-navigator-app-forest-hiking-cou-2023-11-27-05-06-53-utc-1024x683.jpg 1024w, https:\/\/costablanca-magazin.com\/wp-content\/uploads\/2024\/10\/people-using-gps-navigator-app-forest-hiking-cou-2023-11-27-05-06-53-utc-768x512.jpg 768w, https:\/\/costablanca-magazin.com\/wp-content\/uploads\/2024\/10\/people-using-gps-navigator-app-forest-hiking-cou-2023-11-27-05-06-53-utc-1536x1024.jpg 1536w, https:\/\/costablanca-magazin.com\/wp-content\/uploads\/2024\/10\/people-using-gps-navigator-app-forest-hiking-cou-2023-11-27-05-06-53-utc-2048x1365.jpg 2048w\" sizes=\"(max-width: 300px) 100vw, 300px\" \/><\/div><\/a>\n\t\t\t\t<div class=\"elementor-post__badge\">Ciclismo y senderismo<\/div>\n\t\t\t\t<div class=\"elementor-post__text\">\n\t\t\t\t<h2 class=\"elementor-post__title\">\n\t\t\t<a href=\"https:\/\/costablanca-magazin.com\/es\/freizeit\/radfahren-wandern\/technologische-trends-imwandersport-an-der-costa-blanca\/\" >\n\t\t\t\tTendencias tecnol\u00f3gicas del senderismo en la Costa Blanca\t\t\t<\/a>\n\t\t<\/h2>\n\t\t\t\t<div class=\"elementor-post__excerpt\">\n\t\t\t<p>Tendencias tecnol\u00f3gicas del senderismo en la Costa Blanca Tendencias tecnol\u00f3gicas del senderismo en la Costa Blanca \u00bfC\u00f3mo puede la tecnolog\u00eda hacer m\u00e1s seguro el senderismo? Descubre c\u00f3mo las apps, los drones y el equipamiento sostenible est\u00e1n revolucionando el senderismo y contribuyendo a una mayor seguridad. La tecnolog\u00eda ha revolucionado el senderismo en la Marina Alta y la Marina<\/p>\n\t\t<\/div>\n\t\t\n\t\t<a class=\"elementor-post__read-more\" href=\"https:\/\/costablanca-magazin.com\/es\/freizeit\/radfahren-wandern\/technologische-trends-imwandersport-an-der-costa-blanca\/\" aria-label=\"M\u00e1s informaci\u00f3n sobre Tendencias tecnol\u00f3gicas del senderismo en la Costa Blanca\" tabindex=\"-1\" >\n\t\t\tLeer m\u00e1s \u00bb\t\t<\/a>\n\n\t\t\t\t<\/div>\n\t\t\t\t\t<\/div>\n\t\t<\/article>\n\t\t\t\t<article class=\"elementor-post elementor-grid-item post-3149 post type-post status-publish format-standard has-post-thumbnail hentry category-radfahren-wandern tag-gaststaetten tag-herbergen tag-rast-und-ruh tag-wanderer\" role=\"listitem\">\n\t\t\t<div class=\"elementor-post__card\">\n\t\t\t\t<a class=\"elementor-post__thumbnail__link\" href=\"https:\/\/costablanca-magazin.com\/es\/freizeit\/radfahren-wandern\/rast-und-ruh-gaststaetten-und-herbergen-fuer-wanderer-in-der-region\/\" tabindex=\"-1\" ><div class=\"elementor-post__thumbnail\"><img loading=\"lazy\" decoding=\"async\" width=\"300\" height=\"300\" src=\"https:\/\/costablanca-magazin.com\/wp-content\/uploads\/2024\/10\/Stausee-Guadelest-300x300.jpg\" class=\"attachment-medium size-medium wp-image-2711\" alt=\"Senderismo en la Costa Blanca: un para\u00edso para los amantes de la naturaleza y la cultura 13\" srcset=\"https:\/\/costablanca-magazin.com\/wp-content\/uploads\/2024\/10\/Stausee-Guadelest-300x300.jpg 300w, https:\/\/costablanca-magazin.com\/wp-content\/uploads\/2024\/10\/Stausee-Guadelest-1024x1024.jpg 1024w, https:\/\/costablanca-magazin.com\/wp-content\/uploads\/2024\/10\/Stausee-Guadelest-150x150.jpg 150w, https:\/\/costablanca-magazin.com\/wp-content\/uploads\/2024\/10\/Stausee-Guadelest-768x768.jpg 768w, https:\/\/costablanca-magazin.com\/wp-content\/uploads\/2024\/10\/Stausee-Guadelest-1536x1536.jpg 1536w, https:\/\/costablanca-magazin.com\/wp-content\/uploads\/2024\/10\/Stausee-Guadelest-2048x2048.jpg 2048w\" sizes=\"(max-width: 300px) 100vw, 300px\" \/><\/div><\/a>\n\t\t\t\t<div class=\"elementor-post__badge\">Ciclismo y senderismo<\/div>\n\t\t\t\t<div class=\"elementor-post__text\">\n\t\t\t\t<h2 class=\"elementor-post__title\">\n\t\t\t<a href=\"https:\/\/costablanca-magazin.com\/es\/freizeit\/radfahren-wandern\/rast-und-ruh-gaststaetten-und-herbergen-fuer-wanderer-in-der-region\/\" >\n\t\t\t\tDescanso y relajaci\u00f3n: restaurantes y albergues para excursionistas en la regi\u00f3n\t\t\t<\/a>\n\t\t<\/h2>\n\t\t\t\t<div class=\"elementor-post__excerpt\">\n\t\t\t<p>Descanso y relajaci\u00f3n - restaurantes y albergues para excursionistas en la comarca Descubra algunos lugares para relajarse y disfrutar a lo largo de las rutas de senderismo El senderismo no es s\u00f3lo ejercicio, sino tambi\u00e9n diversi\u00f3n. Le damos algunos consejos sobre \u00e1reas de descanso, restaurantes y acogedores albergues en las comarcas de la Marina Alta y la Marina Baixa - perfectos<\/p>\n\t\t<\/div>\n\t\t\n\t\t<a class=\"elementor-post__read-more\" href=\"https:\/\/costablanca-magazin.com\/es\/freizeit\/radfahren-wandern\/rast-und-ruh-gaststaetten-und-herbergen-fuer-wanderer-in-der-region\/\" aria-label=\"M\u00e1s informaci\u00f3n sobre Rast und Ruh - Restaurantes y albergues para excursionistas en la regi\u00f3n\" tabindex=\"-1\" >\n\t\t\tLeer m\u00e1s \u00bb\t\t<\/a>\n\n\t\t\t\t<\/div>\n\t\t\t\t\t<\/div>\n\t\t<\/article>\n\t\t\t\t<article class=\"elementor-post elementor-grid-item post-3147 post type-post status-publish format-standard has-post-thumbnail hentry category-radfahren-wandern tag-cbm tag-costa-blanca-magazin tag-costa-blanca tag-marina-alta tag-marina-baixa tag-via-verde-an-der-costa-blanca tag-wandern-an-der-costa-blanca\" role=\"listitem\">\n\t\t\t<div class=\"elementor-post__card\">\n\t\t\t\t<a class=\"elementor-post__thumbnail__link\" href=\"https:\/\/costablanca-magazin.com\/es\/freizeit\/radfahren-wandern\/via-verde-die-gruenen-wanderwege-der-costa-blanca\/\" tabindex=\"-1\" ><div class=\"elementor-post__thumbnail\"><img loading=\"lazy\" decoding=\"async\" width=\"300\" height=\"225\" src=\"https:\/\/costablanca-magazin.com\/wp-content\/uploads\/2024\/10\/Javea-300x225.jpg\" class=\"attachment-medium size-medium wp-image-2705\" alt=\"Senderismo en la Costa Blanca: un para\u00edso para los amantes de la naturaleza y la cultura 8\" srcset=\"https:\/\/costablanca-magazin.com\/wp-content\/uploads\/2024\/10\/Javea-300x225.jpg 300w, https:\/\/costablanca-magazin.com\/wp-content\/uploads\/2024\/10\/Javea-1024x768.jpg 1024w, https:\/\/costablanca-magazin.com\/wp-content\/uploads\/2024\/10\/Javea-768x576.jpg 768w, https:\/\/costablanca-magazin.com\/wp-content\/uploads\/2024\/10\/Javea-1536x1152.jpg 1536w, https:\/\/costablanca-magazin.com\/wp-content\/uploads\/2024\/10\/Javea-2048x1536.jpg 2048w\" sizes=\"(max-width: 300px) 100vw, 300px\" \/><\/div><\/a>\n\t\t\t\t<div class=\"elementor-post__badge\">Ciclismo y senderismo<\/div>\n\t\t\t\t<div class=\"elementor-post__text\">\n\t\t\t\t<h2 class=\"elementor-post__title\">\n\t\t\t<a href=\"https:\/\/costablanca-magazin.com\/es\/freizeit\/radfahren-wandern\/via-verde-die-gruenen-wanderwege-der-costa-blanca\/\" >\n\t\t\t\tV\u00eda Verde - Las verdes rutas de senderismo de la Costa Blanca\t\t\t<\/a>\n\t\t<\/h2>\n\t\t\t\t<div class=\"elementor-post__excerpt\">\n\t\t\t<p>V\u00eda Verde: Las verdes rutas de senderismo de la Costa Blanca Casi como sobre ra\u00edles - Una pintoresca ruta por las antiguas v\u00edas del tren de D\u00e9nia a Villajoyosa. La Costa Blanca no s\u00f3lo es conocida por su pintoresco litoral y sus encantadores pueblos, sino tambi\u00e9n por las extensas rutas de senderismo que recorren toda la regi\u00f3n.<\/p>\n\t\t<\/div>\n\t\t\n\t\t<a class=\"elementor-post__read-more\" href=\"https:\/\/costablanca-magazin.com\/es\/freizeit\/radfahren-wandern\/via-verde-die-gruenen-wanderwege-der-costa-blanca\/\" aria-label=\"M\u00e1s informaci\u00f3n sobre Via Verde - Las rutas verdes de la Costa Blanca\" tabindex=\"-1\" >\n\t\t\tLeer m\u00e1s \u00bb\t\t<\/a>\n\n\t\t\t\t<\/div>\n\t\t\t\t\t<\/div>\n\t\t<\/article>\n\t\t\t\t<article class=\"elementor-post elementor-grid-item post-3145 post type-post status-publish format-standard has-post-thumbnail hentry category-radfahren-wandern tag-cbm tag-costa-blanca-magazin tag-costa-blanca tag-marina-alta tag-marina-baixa tag-top-5-wanderwege tag-wandern-an-der-costa-blanca tag-wanderwege-an-der-costa-blanca\" role=\"listitem\">\n\t\t\t<div class=\"elementor-post__card\">\n\t\t\t\t<a class=\"elementor-post__thumbnail__link\" href=\"https:\/\/costablanca-magazin.com\/es\/freizeit\/radfahren-wandern\/wandern-an-der-costa-blanca-die-top-5-wanderwege\/\" tabindex=\"-1\" ><div class=\"elementor-post__thumbnail\"><img loading=\"lazy\" decoding=\"async\" width=\"300\" height=\"200\" src=\"https:\/\/costablanca-magazin.com\/wp-content\/uploads\/2024\/10\/hiker-with-backpack-2023-11-27-05-22-40-utc-300x200.jpg\" class=\"attachment-medium size-medium wp-image-2704\" alt=\"Senderismo en la Costa Blanca: un para\u00edso para los amantes de la naturaleza y la cultura 7\" srcset=\"https:\/\/costablanca-magazin.com\/wp-content\/uploads\/2024\/10\/hiker-with-backpack-2023-11-27-05-22-40-utc-300x200.jpg 300w, https:\/\/costablanca-magazin.com\/wp-content\/uploads\/2024\/10\/hiker-with-backpack-2023-11-27-05-22-40-utc-1024x684.jpg 1024w, https:\/\/costablanca-magazin.com\/wp-content\/uploads\/2024\/10\/hiker-with-backpack-2023-11-27-05-22-40-utc-768x513.jpg 768w, https:\/\/costablanca-magazin.com\/wp-content\/uploads\/2024\/10\/hiker-with-backpack-2023-11-27-05-22-40-utc-1536x1025.jpg 1536w, https:\/\/costablanca-magazin.com\/wp-content\/uploads\/2024\/10\/hiker-with-backpack-2023-11-27-05-22-40-utc-2048x1367.jpg 2048w\" sizes=\"(max-width: 300px) 100vw, 300px\" \/><\/div><\/a>\n\t\t\t\t<div class=\"elementor-post__badge\">Ciclismo y senderismo<\/div>\n\t\t\t\t<div class=\"elementor-post__text\">\n\t\t\t\t<h2 class=\"elementor-post__title\">\n\t\t\t<a href=\"https:\/\/costablanca-magazin.com\/es\/freizeit\/radfahren-wandern\/wandern-an-der-costa-blanca-die-top-5-wanderwege\/\" >\n\t\t\t\tSenderismo en la Costa Blanca - Las 5 mejores rutas de senderismo\t\t\t<\/a>\n\t\t<\/h2>\n\t\t\t\t<div class=\"elementor-post__excerpt\">\n\t\t\t<p>Senderismo en la Costa Blanca - las 5 mejores rutas de senderismo Desde \u201eArriba\u201c en el Puig Campana hasta el \u201eCaminito del Rey\u201c, la Costa Blanca ofrece rutas de senderismo tanto para profesionales como para aficionados. 1 El Valle de Laguar: el \u201cCaminito del Rey\u201d de la Costa Blanca El Valle de Laguar, tambi\u00e9n conocido como el<\/p>\n\t\t<\/div>\n\t\t\n\t\t<a class=\"elementor-post__read-more\" href=\"https:\/\/costablanca-magazin.com\/es\/freizeit\/radfahren-wandern\/wandern-an-der-costa-blanca-die-top-5-wanderwege\/\" aria-label=\"M\u00e1s informaci\u00f3n sobre Senderismo en la Costa Blanca - Las 5 mejores rutas de senderismo\" tabindex=\"-1\" >\n\t\t\tLeer m\u00e1s \u00bb\t\t<\/a>\n\n\t\t\t\t<\/div>\n\t\t\t\t\t<\/div>\n\t\t<\/article>\n\t\t\t\t<article class=\"elementor-post elementor-grid-item post-2728 post type-post status-publish format-standard has-post-thumbnail hentry category-radfahren-wandern tag-cbm tag-costa-blanca-magazin tag-costa-blanca tag-marina-alta tag-marina-baixa tag-wander-trend tag-wander-trend-an-der-costa-blanca tag-wandern-an-der-costa-blanca\" role=\"listitem\">\n\t\t\t<div class=\"elementor-post__card\">\n\t\t\t\t<a class=\"elementor-post__thumbnail__link\" href=\"https:\/\/costablanca-magazin.com\/es\/freizeit\/radfahren-wandern\/ist-wandern-trend-die-entwicklung-an-der-costa-blanca\/\" tabindex=\"-1\" ><div class=\"elementor-post__thumbnail\"><img loading=\"lazy\" decoding=\"async\" width=\"300\" height=\"200\" src=\"https:\/\/costablanca-magazin.com\/wp-content\/uploads\/2024\/10\/penon-de-ifach-and-mediterranean-sea-at-sunset-al-2023-11-27-05-30-20-utc-300x200.jpg\" class=\"attachment-medium size-medium wp-image-2708\" alt=\"Senderismo en la Costa Blanca: un para\u00edso para los amantes de la naturaleza y la cultura 10\" srcset=\"https:\/\/costablanca-magazin.com\/wp-content\/uploads\/2024\/10\/penon-de-ifach-and-mediterranean-sea-at-sunset-al-2023-11-27-05-30-20-utc-300x200.jpg 300w, https:\/\/costablanca-magazin.com\/wp-content\/uploads\/2024\/10\/penon-de-ifach-and-mediterranean-sea-at-sunset-al-2023-11-27-05-30-20-utc-1024x683.jpg 1024w, https:\/\/costablanca-magazin.com\/wp-content\/uploads\/2024\/10\/penon-de-ifach-and-mediterranean-sea-at-sunset-al-2023-11-27-05-30-20-utc-768x512.jpg 768w, https:\/\/costablanca-magazin.com\/wp-content\/uploads\/2024\/10\/penon-de-ifach-and-mediterranean-sea-at-sunset-al-2023-11-27-05-30-20-utc-1536x1024.jpg 1536w, https:\/\/costablanca-magazin.com\/wp-content\/uploads\/2024\/10\/penon-de-ifach-and-mediterranean-sea-at-sunset-al-2023-11-27-05-30-20-utc-2048x1365.jpg 2048w\" sizes=\"(max-width: 300px) 100vw, 300px\" \/><\/div><\/a>\n\t\t\t\t<div class=\"elementor-post__badge\">Ciclismo y senderismo<\/div>\n\t\t\t\t<div class=\"elementor-post__text\">\n\t\t\t\t<h2 class=\"elementor-post__title\">\n\t\t\t<a href=\"https:\/\/costablanca-magazin.com\/es\/freizeit\/radfahren-wandern\/ist-wandern-trend-die-entwicklung-an-der-costa-blanca\/\" >\n\t\t\t\t\u00bfEs el senderismo una tendencia? El desarrollo en la Costa Blanca\t\t\t<\/a>\n\t\t<\/h2>\n\t\t\t\t<div class=\"elementor-post__excerpt\">\n\t\t\t<p>\u00bfEs el senderismo una tendencia? La evoluci\u00f3n en la Costa Blanca C\u00f3mo ha cambiado el senderismo en la regi\u00f3n y por qu\u00e9 es ahora m\u00e1s popular que nunca En los \u00faltimos diez a\u00f1os, el senderismo ha pasado de ser una actividad de ocio para los amantes de la naturaleza y los que buscan paz y tranquilidad a convertirse en una de las tendencias m\u00e1s candentes de los deportes al aire libre. Incluso<\/p>\n\t\t<\/div>\n\t\t\n\t\t<a class=\"elementor-post__read-more\" href=\"https:\/\/costablanca-magazin.com\/es\/freizeit\/radfahren-wandern\/ist-wandern-trend-die-entwicklung-an-der-costa-blanca\/\" aria-label=\"M\u00e1s informaci\u00f3n sobre \u00bfEs el senderismo una tendencia? El desarrollo en la Costa Blanca\" tabindex=\"-1\" >\n\t\t\tLeer m\u00e1s \u00bb\t\t<\/a>\n\n\t\t\t\t<\/div>\n\t\t\t\t\t<\/div>\n\t\t<\/article>\n\t\t\t\t<article class=\"elementor-post elementor-grid-item post-2695 post type-post status-publish format-standard has-post-thumbnail hentry category-radfahren-wandern tag-cafe-co-leche-mit tag-cbm tag-costa-blanca-magazin tag-costa-blanca tag-marina-alta tag-marina-baixa tag-wander-tipps-fuer-die-costa-blanca tag-wandern-an-der-costa-blanca\" role=\"listitem\">\n\t\t\t<div class=\"elementor-post__card\">\n\t\t\t\t<a class=\"elementor-post__thumbnail__link\" href=\"https:\/\/costablanca-magazin.com\/es\/freizeit\/radfahren-wandern\/cbm-im-interview-mit-axel-gierschewski-wandern-an-der-costa-blanca\/\" tabindex=\"-1\" ><div class=\"elementor-post__thumbnail\"><img loading=\"lazy\" decoding=\"async\" width=\"300\" height=\"200\" src=\"https:\/\/costablanca-magazin.com\/wp-content\/uploads\/2024\/10\/the-peaks-of-the-cabeco-d-or-mountains-2023-11-27-05-10-37-utc-Bernia-300x200.jpg\" class=\"attachment-medium size-medium wp-image-2713\" alt=\"Senderismo en la Costa Blanca: un para\u00edso para los amantes de la naturaleza y la cultura 15\" srcset=\"https:\/\/costablanca-magazin.com\/wp-content\/uploads\/2024\/10\/the-peaks-of-the-cabeco-d-or-mountains-2023-11-27-05-10-37-utc-Bernia-300x200.jpg 300w, https:\/\/costablanca-magazin.com\/wp-content\/uploads\/2024\/10\/the-peaks-of-the-cabeco-d-or-mountains-2023-11-27-05-10-37-utc-Bernia-1024x683.jpg 1024w, https:\/\/costablanca-magazin.com\/wp-content\/uploads\/2024\/10\/the-peaks-of-the-cabeco-d-or-mountains-2023-11-27-05-10-37-utc-Bernia-768x512.jpg 768w, https:\/\/costablanca-magazin.com\/wp-content\/uploads\/2024\/10\/the-peaks-of-the-cabeco-d-or-mountains-2023-11-27-05-10-37-utc-Bernia-1536x1024.jpg 1536w, https:\/\/costablanca-magazin.com\/wp-content\/uploads\/2024\/10\/the-peaks-of-the-cabeco-d-or-mountains-2023-11-27-05-10-37-utc-Bernia-2048x1365.jpg 2048w\" sizes=\"(max-width: 300px) 100vw, 300px\" \/><\/div><\/a>\n\t\t\t\t<div class=\"elementor-post__badge\">Ciclismo y senderismo<\/div>\n\t\t\t\t<div class=\"elementor-post__text\">\n\t\t\t\t<h2 class=\"elementor-post__title\">\n\t\t\t<a href=\"https:\/\/costablanca-magazin.com\/es\/freizeit\/radfahren-wandern\/cbm-im-interview-mit-axel-gierschewski-wandern-an-der-costa-blanca\/\" >\n\t\t\t\tEntrevista CBM con Axel Gierschewski - Senderismo en la Costa Blanca\t\t\t<\/a>\n\t\t<\/h2>\n\t\t\t\t<div class=\"elementor-post__excerpt\">\n\t\t\t<p>Senderismo en la Costa Blanca: un para\u00edso para los amantes de la naturaleza y la cultura Experimente la diversidad de la Marina Alta y la Marina Baixa: desde paseos por la costa hasta rutas hist\u00f3ricas en paisajes impresionantes. CBM en una entrevista con el senderista Axel Gierschewski de Oliva Nova. La Costa Blanca es famosa por sus hermosas playas<\/p>\n\t\t<\/div>\n\t\t\n\t\t<a class=\"elementor-post__read-more\" href=\"https:\/\/costablanca-magazin.com\/es\/freizeit\/radfahren-wandern\/cbm-im-interview-mit-axel-gierschewski-wandern-an-der-costa-blanca\/\" aria-label=\"M\u00e1s informaci\u00f3n sobre CBM en una entrevista con Axel Gierschewski - Senderismo en la Costa Blanca\" tabindex=\"-1\" >\n\t\t\tLeer m\u00e1s \u00bb\t\t<\/a>\n\n\t\t\t\t<\/div>\n\t\t\t\t\t<\/div>\n\t\t<\/article>\n\t\t\t\t<article class=\"elementor-post elementor-grid-item post-1471 post type-post status-publish format-standard has-post-thumbnail hentry category-radfahren-wandern tag-via-verde-costablanca tag-via-verde-denia tag-wandern-costablanca tag-wanderwege\" role=\"listitem\">\n\t\t\t<div class=\"elementor-post__card\">\n\t\t\t\t<a class=\"elementor-post__thumbnail__link\" href=\"https:\/\/costablanca-magazin.com\/es\/freizeit\/radfahren-wandern\/via-verdes-entdecke-die-gruene-route-von-denia-bis-villajoyosa\/\" tabindex=\"-1\" ><div class=\"elementor-post__thumbnail\"><img loading=\"lazy\" decoding=\"async\" width=\"300\" height=\"200\" src=\"https:\/\/costablanca-magazin.com\/wp-content\/uploads\/2022\/09\/costablanca-lifestyle-wanderung-faro-de-albir-46-300x200.jpg\" class=\"attachment-medium size-medium wp-image-842\" alt=\"costablanca-estilo-de-vida-excursi\u00f3n-faro-de-albir 78\" srcset=\"https:\/\/costablanca-magazin.com\/wp-content\/uploads\/2022\/09\/costablanca-lifestyle-wanderung-faro-de-albir-46-300x200.jpg 300w, https:\/\/costablanca-magazin.com\/wp-content\/uploads\/2022\/09\/costablanca-lifestyle-wanderung-faro-de-albir-46-768x512.jpg 768w, https:\/\/costablanca-magazin.com\/wp-content\/uploads\/2022\/09\/costablanca-lifestyle-wanderung-faro-de-albir-46.jpg 800w\" sizes=\"(max-width: 300px) 100vw, 300px\" \/><\/div><\/a>\n\t\t\t\t<div class=\"elementor-post__badge\">Ciclismo y senderismo<\/div>\n\t\t\t\t<div class=\"elementor-post__text\">\n\t\t\t\t<h2 class=\"elementor-post__title\">\n\t\t\t<a href=\"https:\/\/costablanca-magazin.com\/es\/freizeit\/radfahren-wandern\/via-verdes-entdecke-die-gruene-route-von-denia-bis-villajoyosa\/\" >\n\t\t\t\tV\u00eda Verdes: Descubre la V\u00eda Verde de Denia a Villajoyosa\t\t\t<\/a>\n\t\t<\/h2>\n\t\t\t\t<div class=\"elementor-post__excerpt\">\n\t\t\t<p>V\u00eda Verdes: Descubra la V\u00eda Verde de Denia a Villajoyosa Las \u201eV\u00edas Verdes\u201c se crearon en la d\u00e9cada de 1990, cuando las l\u00edneas de ferrocarril en desuso se convirtieron en rutas de ciclismo y senderismo. Esta iniciativa del Gobierno espa\u00f1ol pretend\u00eda fomentar el turismo sostenible y recuperar los trazados ferroviarios hist\u00f3ricos.<\/p>\n\t\t<\/div>\n\t\t\n\t\t<a class=\"elementor-post__read-more\" href=\"https:\/\/costablanca-magazin.com\/es\/freizeit\/radfahren-wandern\/via-verdes-entdecke-die-gruene-route-von-denia-bis-villajoyosa\/\" aria-label=\"M\u00e1s informaci\u00f3n sobre Via Verdes: Descubre la V\u00eda Verde de Denia a Villajoyosa\" tabindex=\"-1\" >\n\t\t\tLeer m\u00e1s \u00bb\t\t<\/a>\n\n\t\t\t\t<\/div>\n\t\t\t\t\t<\/div>\n\t\t<\/article>\n\t\t\t\t<article class=\"elementor-post elementor-grid-item post-203 post type-post status-publish format-standard has-post-thumbnail hentry category-radfahren-wandern tag-ausfluege-costablanca tag-costa-blanca tag-radfahren-costablanca\" role=\"listitem\">\n\t\t\t<div class=\"elementor-post__card\">\n\t\t\t\t<a class=\"elementor-post__thumbnail__link\" href=\"https:\/\/costablanca-magazin.com\/es\/freizeit\/radfahren-wandern\/rad\/\" tabindex=\"-1\" ><div class=\"elementor-post__thumbnail\"><img loading=\"lazy\" decoding=\"async\" width=\"300\" height=\"200\" src=\"https:\/\/costablanca-magazin.com\/wp-content\/uploads\/2024\/06\/rad1-300x200.jpg\" class=\"attachment-medium size-medium wp-image-204\" alt=\"Excursiones en bicicleta y ciclismo en la Costa Blanca\" srcset=\"https:\/\/costablanca-magazin.com\/wp-content\/uploads\/2024\/06\/rad1-300x200.jpg 300w, https:\/\/costablanca-magazin.com\/wp-content\/uploads\/2024\/06\/rad1-1024x683.jpg 1024w, https:\/\/costablanca-magazin.com\/wp-content\/uploads\/2024\/06\/rad1-768x512.jpg 768w, https:\/\/costablanca-magazin.com\/wp-content\/uploads\/2024\/06\/rad1-1536x1024.jpg 1536w, https:\/\/costablanca-magazin.com\/wp-content\/uploads\/2024\/06\/rad1-2048x1366.jpg 2048w\" sizes=\"(max-width: 300px) 100vw, 300px\" \/><\/div><\/a>\n\t\t\t\t<div class=\"elementor-post__badge\">Ciclismo y senderismo<\/div>\n\t\t\t\t<div class=\"elementor-post__text\">\n\t\t\t\t<h2 class=\"elementor-post__title\">\n\t\t\t<a href=\"https:\/\/costablanca-magazin.com\/es\/freizeit\/radfahren-wandern\/rad\/\" >\n\t\t\t\tRueda\t\t\t<\/a>\n\t\t<\/h2>\n\t\t\t\t<div class=\"elementor-post__excerpt\">\n\t\t\t<p>Rutas ciclistas y cicloturismo en la Costa Blanca La Costa Blanca es un destino ideal para ciclistas de todos los niveles, gracias a su clima suave, sus impresionantes paisajes y sus excelentes infraestructuras. Desde rutas llanas por la costa hasta exigentes ascensos por la monta\u00f1a, la Costa Blanca ofrece un amplio abanico de opciones<\/p>\n\t\t<\/div>\n\t\t\n\t\t<a class=\"elementor-post__read-more\" href=\"https:\/\/costablanca-magazin.com\/es\/freizeit\/radfahren-wandern\/rad\/\" aria-label=\"M\u00e1s informaci\u00f3n sobre Rad\" tabindex=\"-1\" >\n\t\t\tLeer m\u00e1s \u00bb\t\t<\/a>\n\n\t\t\t\t<\/div>\n\t\t\t\t\t<\/div>\n\t\t<\/article>\n\t\t\t\t<article class=\"elementor-post elementor-grid-item post-194 post type-post status-publish format-standard has-post-thumbnail hentry category-radfahren-wandern tag-ausfluege-costablanca tag-costa-blanca tag-wandern-an-der-costa-blanca tag-wandern-costablanca\" role=\"listitem\">\n\t\t\t<div class=\"elementor-post__card\">\n\t\t\t\t<a class=\"elementor-post__thumbnail__link\" href=\"https:\/\/costablanca-magazin.com\/es\/freizeit\/radfahren-wandern\/wandern\/\" tabindex=\"-1\" ><div class=\"elementor-post__thumbnail\"><img loading=\"lazy\" decoding=\"async\" width=\"300\" height=\"200\" src=\"https:\/\/costablanca-magazin.com\/wp-content\/uploads\/2024\/06\/mature-man-hiking-on-mountains-nearby-sea-2022-12-01-18-10-45-utc-scaled-1-300x200.jpg\" class=\"attachment-medium size-medium wp-image-199\" alt=\"Senderismo y rutas de senderismo en la Costa Blanca\" srcset=\"https:\/\/costablanca-magazin.com\/wp-content\/uploads\/2024\/06\/mature-man-hiking-on-mountains-nearby-sea-2022-12-01-18-10-45-utc-scaled-1-300x200.jpg 300w, https:\/\/costablanca-magazin.com\/wp-content\/uploads\/2024\/06\/mature-man-hiking-on-mountains-nearby-sea-2022-12-01-18-10-45-utc-scaled-1-1024x682.jpg 1024w, https:\/\/costablanca-magazin.com\/wp-content\/uploads\/2024\/06\/mature-man-hiking-on-mountains-nearby-sea-2022-12-01-18-10-45-utc-scaled-1-768x512.jpg 768w, https:\/\/costablanca-magazin.com\/wp-content\/uploads\/2024\/06\/mature-man-hiking-on-mountains-nearby-sea-2022-12-01-18-10-45-utc-scaled-1-1536x1024.jpg 1536w, https:\/\/costablanca-magazin.com\/wp-content\/uploads\/2024\/06\/mature-man-hiking-on-mountains-nearby-sea-2022-12-01-18-10-45-utc-scaled-1-2048x1365.jpg 2048w\" sizes=\"(max-width: 300px) 100vw, 300px\" \/><\/div><\/a>\n\t\t\t\t<div class=\"elementor-post__badge\">Ciclismo y senderismo<\/div>\n\t\t\t\t<div class=\"elementor-post__text\">\n\t\t\t\t<h2 class=\"elementor-post__title\">\n\t\t\t<a href=\"https:\/\/costablanca-magazin.com\/es\/freizeit\/radfahren-wandern\/wandern\/\" >\n\t\t\t\tSenderismo\t\t\t<\/a>\n\t\t<\/h2>\n\t\t\t\t<div class=\"elementor-post__excerpt\">\n\t\t\t<p>Senderismo y rutas de senderismo en la Costa Blanca La Costa Blanca espa\u00f1ola es conocida por sus hermosas playas y su clima suave, pero tambi\u00e9n por sus impresionantes paisajes monta\u00f1osos. En particular, la Sierra Aitana, una cadena monta\u00f1osa que bordea la costa, ofrece a los excursionistas un espectacular tel\u00f3n de fondo. Con cumbres de hasta 1.500 metros y numerosas<\/p>\n\t\t<\/div>\n\t\t\n\t\t<a class=\"elementor-post__read-more\" href=\"https:\/\/costablanca-magazin.com\/es\/freizeit\/radfahren-wandern\/wandern\/\" aria-label=\"M\u00e1s informaci\u00f3n sobre senderismo\" tabindex=\"-1\" >\n\t\t\tLeer m\u00e1s \u00bb\t\t<\/a>\n\n\t\t\t\t<\/div>\n\t\t\t\t\t<\/div>\n\t\t<\/article>\n\t\t\t\t<\/div>\n\t\t\n\t\t\t\t\t\t<\/div>\n\t\t\t\t<\/div>\n\t\t\t\t\t<\/div>\n\t\t\t\t<\/div>\n\t\t\t\t<\/div>","protected":false},"excerpt":{"rendered":"<p>En mi pr\u00f3xima salida, me gusta hacer nuevas rutas, porque los paisajes y el aire fresco me llenan de energ\u00eda, mientras que las escapadas a la Costa Blanca con amigos hacen que los planes y las rutas creen recuerdos, para que la naturaleza siempre llame a la aventura y las vistas despierten sentimientos de felicidad. Ocio - Ciclismo y Senderismo<\/p>","protected":false},"author":1,"featured_media":0,"parent":0,"menu_order":0,"comment_status":"closed","ping_status":"closed","template":"elementor_header_footer","meta":{"om_disable_all_campaigns":false,"_monsterinsights_skip_tracking":false,"_monsterinsights_sitenote_active":false,"_monsterinsights_sitenote_note":"","_monsterinsights_sitenote_category":0,"footnotes":""},"class_list":["post-4578","page","type-page","status-publish","hentry"],"aioseo_notices":[],"_links":{"self":[{"href":"https:\/\/costablanca-magazin.com\/es\/wp-json\/wp\/v2\/pages\/4578","targetHints":{"allow":["GET"]}}],"collection":[{"href":"https:\/\/costablanca-magazin.com\/es\/wp-json\/wp\/v2\/pages"}],"about":[{"href":"https:\/\/costablanca-magazin.com\/es\/wp-json\/wp\/v2\/types\/page"}],"author":[{"embeddable":true,"href":"https:\/\/costablanca-magazin.com\/es\/wp-json\/wp\/v2\/users\/1"}],"replies":[{"embeddable":true,"href":"https:\/\/costablanca-magazin.com\/es\/wp-json\/wp\/v2\/comments?post=4578"}],"version-history":[{"count":18,"href":"https:\/\/costablanca-magazin.com\/es\/wp-json\/wp\/v2\/pages\/4578\/revisions"}],"predecessor-version":[{"id":10371,"href":"https:\/\/costablanca-magazin.com\/es\/wp-json\/wp\/v2\/pages\/4578\/revisions\/10371"}],"wp:attachment":[{"href":"https:\/\/costablanca-magazin.com\/es\/wp-json\/wp\/v2\/media?parent=4578"}],"curies":[{"name":"wp","href":"https:\/\/api.w.org\/{rel}","templated":true}]}}