{"id":4545,"date":"2025-01-21T09:04:06","date_gmt":"2025-01-21T08:04:06","guid":{"rendered":"https:\/\/costablanca-magazin.com\/?page_id=4545"},"modified":"2026-05-08T12:16:42","modified_gmt":"2026-05-08T10:16:42","slug":"eventos-eventos","status":"publish","type":"page","link":"https:\/\/costablanca-magazin.com\/es\/veranstaltungen-events\/","title":{"rendered":"Eventos"},"content":{"rendered":"<div data-elementor-type=\"wp-page\" data-elementor-id=\"4545\" class=\"elementor elementor-4545\" data-elementor-post-type=\"page\">\n\t\t\t\t<div class=\"elementor-element elementor-element-5913c94 e-flex e-con-boxed e-con e-parent\" data-id=\"5913c94\" data-element_type=\"container\" data-e-type=\"container\">\n\t\t\t\t\t<div class=\"e-con-inner\">\n\t\t\t\t<div class=\"elementor-element elementor-element-b61dab1 elementor-widget elementor-widget-heading\" data-id=\"b61dab1\" data-element_type=\"widget\" data-e-type=\"widget\" data-widget_type=\"heading.default\">\n\t\t\t\t<div class=\"elementor-widget-container\">\n\t\t\t\t\t<h1 class=\"elementor-heading-title elementor-size-default\">Ocio - Eventos<\/h1>\t\t\t\t<\/div>\n\t\t\t\t<\/div>\n\t\t\t\t\t<\/div>\n\t\t\t\t<\/div>\n\t\t<div class=\"elementor-element elementor-element-1667472 e-flex e-con-boxed e-con e-parent\" data-id=\"1667472\" data-element_type=\"container\" data-e-type=\"container\">\n\t\t\t\t\t<div class=\"e-con-inner\">\n\t\t\t\t<div class=\"elementor-element elementor-element-abd6586 elementor-grid-3 elementor-grid-tablet-2 elementor-grid-mobile-1 elementor-posts--thumbnail-top elementor-card-shadow-yes elementor-posts__hover-gradient elementor-widget elementor-widget-posts\" data-id=\"abd6586\" data-element_type=\"widget\" data-e-type=\"widget\" data-settings=\"{&quot;pagination_type&quot;:&quot;numbers&quot;,&quot;cards_columns&quot;:&quot;3&quot;,&quot;cards_columns_tablet&quot;:&quot;2&quot;,&quot;cards_columns_mobile&quot;:&quot;1&quot;,&quot;cards_row_gap&quot;:{&quot;unit&quot;:&quot;px&quot;,&quot;size&quot;:35,&quot;sizes&quot;:[]},&quot;cards_row_gap_tablet&quot;:{&quot;unit&quot;:&quot;px&quot;,&quot;size&quot;:&quot;&quot;,&quot;sizes&quot;:[]},&quot;cards_row_gap_mobile&quot;:{&quot;unit&quot;:&quot;px&quot;,&quot;size&quot;:&quot;&quot;,&quot;sizes&quot;:[]}}\" data-widget_type=\"posts.cards\">\n\t\t\t\t<div class=\"elementor-widget-container\">\n\t\t\t\t\t\t\t<div class=\"elementor-posts-container elementor-posts elementor-posts--skin-cards elementor-grid\" role=\"list\">\n\t\t\t\t<article class=\"elementor-post elementor-grid-item post-11888 post type-post status-publish format-standard has-post-thumbnail hentry category-veranstaltungen-events tag-fiestas-costa-blanca tag-konzerte-costa-blanca tag-maerkte-costa-blanca tag-veranstaltungen-costa-blanca\" role=\"listitem\">\n\t\t\t<div class=\"elementor-post__card\">\n\t\t\t\t<a class=\"elementor-post__thumbnail__link\" href=\"https:\/\/costablanca-magazin.com\/es\/freizeit\/veranstaltungen-events\/costa-blanca-veranstaltungen-juli-und-august-2026\/\" tabindex=\"-1\" ><div class=\"elementor-post__thumbnail\"><img fetchpriority=\"high\" decoding=\"async\" width=\"300\" height=\"201\" src=\"https:\/\/costablanca-magazin.com\/wp-content\/uploads\/2026\/07\/AdobeStock_111603363-300x201.jpg\" class=\"attachment-medium size-medium wp-image-11889\" alt=\"Eventos en la Costa Blanca: julio y agosto de 2026\" srcset=\"https:\/\/costablanca-magazin.com\/wp-content\/uploads\/2026\/07\/AdobeStock_111603363-300x201.jpg 300w, https:\/\/costablanca-magazin.com\/wp-content\/uploads\/2026\/07\/AdobeStock_111603363-1024x685.jpg 1024w, https:\/\/costablanca-magazin.com\/wp-content\/uploads\/2026\/07\/AdobeStock_111603363-768x514.jpg 768w, https:\/\/costablanca-magazin.com\/wp-content\/uploads\/2026\/07\/AdobeStock_111603363-18x12.jpg 18w, https:\/\/costablanca-magazin.com\/wp-content\/uploads\/2026\/07\/AdobeStock_111603363.jpg 1200w\" sizes=\"(max-width: 300px) 100vw, 300px\" \/><\/div><\/a>\n\t\t\t\t<div class=\"elementor-post__badge\">Eventos<\/div>\n\t\t\t\t<div class=\"elementor-post__text\">\n\t\t\t\t<h2 class=\"elementor-post__title\">\n\t\t\t<a href=\"https:\/\/costablanca-magazin.com\/es\/freizeit\/veranstaltungen-events\/costa-blanca-veranstaltungen-juli-und-august-2026\/\" >\n\t\t\t\tEventos en la Costa Blanca: julio y agosto de 2026\t\t\t<\/a>\n\t\t<\/h2>\n\t\t\t\t<div class=\"elementor-post__excerpt\">\n\t\t\t<p>Eventos en la Costa Blanca en julio y agosto de 2026: fiestas, fiestas patronales, conciertos y cine de verano. Los eventos m\u00e1s destacados de la Costa Blanca desde mediados de julio hasta finales de agosto de 2026. En la Costa Blanca, la agenda de eventos es especialmente intensa entre mediados de julio y finales de agosto. En D\u00e9nia, Calpe, Altea, Benidorm, Villajoyosa,<\/p>\n\t\t<\/div>\n\t\t\n\t\t<a class=\"elementor-post__read-more\" href=\"https:\/\/costablanca-magazin.com\/es\/freizeit\/veranstaltungen-events\/costa-blanca-veranstaltungen-juli-und-august-2026\/\" aria-label=\"M\u00e1s informaci\u00f3n sobre Costa Blanca Veranstaltungen: Juli und August 2026\" tabindex=\"-1\" >\n\t\t\tLeer m\u00e1s \u00bb\t\t<\/a>\n\n\t\t\t\t<\/div>\n\t\t\t\t\t<\/div>\n\t\t<\/article>\n\t\t\t\t<article class=\"elementor-post elementor-grid-item post-11688 post type-post status-publish format-standard has-post-thumbnail hentry category-veranstaltungen-events tag-fiestas-costa-blanca tag-konzerte-costa-blanca tag-maerkte-costa-blanca tag-veranstaltungen-costa-blanca\" role=\"listitem\">\n\t\t\t<div class=\"elementor-post__card\">\n\t\t\t\t<a class=\"elementor-post__thumbnail__link\" href=\"https:\/\/costablanca-magazin.com\/es\/freizeit\/veranstaltungen-events\/veranstaltungen-an-der-costa-blanca-juni-und-juli-2026\/\" tabindex=\"-1\" ><div class=\"elementor-post__thumbnail\"><img decoding=\"async\" width=\"300\" height=\"200\" src=\"https:\/\/costablanca-magazin.com\/wp-content\/uploads\/2026\/06\/adults-celebrating-new-year-s-eve-with-champagne-2026-03-18-11-58-22-utc-300x200.jpg\" class=\"attachment-medium size-medium wp-image-11689\" alt=\"Eventos en la Costa Blanca, junio\/julio de 2026\" srcset=\"https:\/\/costablanca-magazin.com\/wp-content\/uploads\/2026\/06\/adults-celebrating-new-year-s-eve-with-champagne-2026-03-18-11-58-22-utc-300x200.jpg 300w, https:\/\/costablanca-magazin.com\/wp-content\/uploads\/2026\/06\/adults-celebrating-new-year-s-eve-with-champagne-2026-03-18-11-58-22-utc-1024x684.jpg 1024w, https:\/\/costablanca-magazin.com\/wp-content\/uploads\/2026\/06\/adults-celebrating-new-year-s-eve-with-champagne-2026-03-18-11-58-22-utc-768x513.jpg 768w, https:\/\/costablanca-magazin.com\/wp-content\/uploads\/2026\/06\/adults-celebrating-new-year-s-eve-with-champagne-2026-03-18-11-58-22-utc-1536x1025.jpg 1536w, https:\/\/costablanca-magazin.com\/wp-content\/uploads\/2026\/06\/adults-celebrating-new-year-s-eve-with-champagne-2026-03-18-11-58-22-utc-2048x1367.jpg 2048w, https:\/\/costablanca-magazin.com\/wp-content\/uploads\/2026\/06\/adults-celebrating-new-year-s-eve-with-champagne-2026-03-18-11-58-22-utc-18x12.jpg 18w\" sizes=\"(max-width: 300px) 100vw, 300px\" \/><\/div><\/a>\n\t\t\t\t<div class=\"elementor-post__badge\">Eventos<\/div>\n\t\t\t\t<div class=\"elementor-post__text\">\n\t\t\t\t<h2 class=\"elementor-post__title\">\n\t\t\t<a href=\"https:\/\/costablanca-magazin.com\/es\/freizeit\/veranstaltungen-events\/veranstaltungen-an-der-costa-blanca-juni-und-juli-2026\/\" >\n\t\t\t\tEventos en la Costa Blanca en junio y julio de 2026\t\t\t<\/a>\n\t\t<\/h2>\n\t\t\t\t<div class=\"elementor-post__excerpt\">\n\t\t\t<p>Eventos en la Costa Blanca, junio\/julio de 2026: fiestas, conciertos, mercadillos y citas culturales en la Costa Blanca del 15 de junio al 31 de julio de 2026, desde D\u00e9nia hasta Torrevieja. Este resumen recoge los eventos m\u00e1s importantes en la Costa Blanca del 15 de junio al 31 de julio de 2026, desde D\u00e9nia hasta Torrevieja.<\/p>\n\t\t<\/div>\n\t\t\n\t\t<a class=\"elementor-post__read-more\" href=\"https:\/\/costablanca-magazin.com\/es\/freizeit\/veranstaltungen-events\/veranstaltungen-an-der-costa-blanca-juni-und-juli-2026\/\" aria-label=\"M\u00e1s informaci\u00f3n sobre Veranstaltungen an der Costa Blanca Juni und Juli 2026\" tabindex=\"-1\" >\n\t\t\tLeer m\u00e1s \u00bb\t\t<\/a>\n\n\t\t\t\t<\/div>\n\t\t\t\t\t<\/div>\n\t\t<\/article>\n\t\t\t\t<article class=\"elementor-post elementor-grid-item post-11484 post type-post status-publish format-standard has-post-thumbnail hentry category-veranstaltungen-events\" role=\"listitem\">\n\t\t\t<div class=\"elementor-post__card\">\n\t\t\t\t<a class=\"elementor-post__thumbnail__link\" href=\"https:\/\/costablanca-magazin.com\/es\/freizeit\/veranstaltungen-events\/veranstaltungen-un-events-an-der-costa-blanca-mai-2026\/\" tabindex=\"-1\" ><div class=\"elementor-post__thumbnail\"><img decoding=\"async\" width=\"300\" height=\"169\" src=\"https:\/\/costablanca-magazin.com\/wp-content\/uploads\/2026\/05\/AdobeStock_296419932-300x169.jpeg\" class=\"attachment-medium size-medium wp-image-11485\" alt=\"Eventos Costa Blanca - Mayo 2026\" srcset=\"https:\/\/costablanca-magazin.com\/wp-content\/uploads\/2026\/05\/AdobeStock_296419932-300x169.jpeg 300w, https:\/\/costablanca-magazin.com\/wp-content\/uploads\/2026\/05\/AdobeStock_296419932-1024x576.jpeg 1024w, https:\/\/costablanca-magazin.com\/wp-content\/uploads\/2026\/05\/AdobeStock_296419932-768x432.jpeg 768w, https:\/\/costablanca-magazin.com\/wp-content\/uploads\/2026\/05\/AdobeStock_296419932-1536x864.jpeg 1536w, https:\/\/costablanca-magazin.com\/wp-content\/uploads\/2026\/05\/AdobeStock_296419932-2048x1152.jpeg 2048w, https:\/\/costablanca-magazin.com\/wp-content\/uploads\/2026\/05\/AdobeStock_296419932-18x10.jpeg 18w, https:\/\/costablanca-magazin.com\/wp-content\/uploads\/2026\/05\/AdobeStock_296419932-1200x675-cbm16x9.webp 1200w\" sizes=\"(max-width: 300px) 100vw, 300px\" \/><\/div><\/a>\n\t\t\t\t<div class=\"elementor-post__badge\">Eventos<\/div>\n\t\t\t\t<div class=\"elementor-post__text\">\n\t\t\t\t<h2 class=\"elementor-post__title\">\n\t\t\t<a href=\"https:\/\/costablanca-magazin.com\/es\/freizeit\/veranstaltungen-events\/veranstaltungen-un-events-an-der-costa-blanca-mai-2026\/\" >\n\t\t\t\tEventos en la Costa Blanca - Mayo 2026\t\t\t<\/a>\n\t\t<\/h2>\n\t\t\t\t<div class=\"elementor-post__excerpt\">\n\t\t\t<p>Eventos Costa Blanca - Mayo 2026 Eventos en Mayo en la Costa Blanca: Cultura, conciertos, teatro, eventos, fiestas y citas locales desde D\u00e9nia a Torrevieja de un vistazo. Mayo trae movimiento al calendario de la Costa Blanca. En Torrevieja, la Feria de Mayo trae la cultura festiva andaluza con casetas,<\/p>\n\t\t<\/div>\n\t\t\n\t\t<a class=\"elementor-post__read-more\" href=\"https:\/\/costablanca-magazin.com\/es\/freizeit\/veranstaltungen-events\/veranstaltungen-un-events-an-der-costa-blanca-mai-2026\/\" aria-label=\"M\u00e1s informaci\u00f3n sobre Eventos en la Costa Blanca - Mayo 2026\" tabindex=\"-1\" >\n\t\t\tLeer m\u00e1s \u00bb\t\t<\/a>\n\n\t\t\t\t<\/div>\n\t\t\t\t\t<\/div>\n\t\t<\/article>\n\t\t\t\t<article class=\"elementor-post elementor-grid-item post-11423 post type-post status-publish format-standard has-post-thumbnail hentry category-veranstaltungen-events tag-feiertage-costa-blanca tag-fiestas-costa-blanca tag-moros-y-cristianos-costa-blanca\" role=\"listitem\">\n\t\t\t<div class=\"elementor-post__card\">\n\t\t\t\t<a class=\"elementor-post__thumbnail__link\" href=\"https:\/\/costablanca-magazin.com\/es\/freizeit\/veranstaltungen-events\/moros-y-cristianos-costa-blanca-2026-termine-und-feste\/\" tabindex=\"-1\" ><div class=\"elementor-post__thumbnail\"><img loading=\"lazy\" decoding=\"async\" width=\"300\" height=\"135\" src=\"https:\/\/costablanca-magazin.com\/wp-content\/uploads\/2025\/09\/calpe-moros-300x135.jpg\" class=\"attachment-medium size-medium wp-image-8738\" alt=\"Calpe moros y cristianos\" srcset=\"https:\/\/costablanca-magazin.com\/wp-content\/uploads\/2025\/09\/calpe-moros-300x135.jpg 300w, https:\/\/costablanca-magazin.com\/wp-content\/uploads\/2025\/09\/calpe-moros-1024x460.jpg 1024w, https:\/\/costablanca-magazin.com\/wp-content\/uploads\/2025\/09\/calpe-moros-768x345.jpg 768w, https:\/\/costablanca-magazin.com\/wp-content\/uploads\/2025\/09\/calpe-moros.jpg 1200w\" sizes=\"(max-width: 300px) 100vw, 300px\" \/><\/div><\/a>\n\t\t\t\t<div class=\"elementor-post__badge\">Eventos<\/div>\n\t\t\t\t<div class=\"elementor-post__text\">\n\t\t\t\t<h2 class=\"elementor-post__title\">\n\t\t\t<a href=\"https:\/\/costablanca-magazin.com\/es\/freizeit\/veranstaltungen-events\/moros-y-cristianos-costa-blanca-2026-termine-und-feste\/\" >\n\t\t\t\tMoros y Cristianos Costa Blanca 2026 - Fechas y festividades\t\t\t<\/a>\n\t\t<\/h2>\n\t\t\t\t<div class=\"elementor-post__excerpt\">\n\t\t\t<p>Moros y Cristianos Costa Blanca 2026 - Fechas y festividades Por qu\u00e9 estas fiestas son algo m\u00e1s que coloridos desfiles Primero llegan los tambores. Luego las bocinas. Despu\u00e9s, la calle se llena de telas pesadas, cascos brillantes, coronas de plumas, estandartes, caballos y grupos que no s\u00f3lo \u201epasean\u201c, sino que llevan meses preparando su aparici\u00f3n.<\/p>\n\t\t<\/div>\n\t\t\n\t\t<a class=\"elementor-post__read-more\" href=\"https:\/\/costablanca-magazin.com\/es\/freizeit\/veranstaltungen-events\/moros-y-cristianos-costa-blanca-2026-termine-und-feste\/\" aria-label=\"M\u00e1s informaci\u00f3n sobre Moros y Cristianos Costa Blanca 2026 - Fechas y festividades\" tabindex=\"-1\" >\n\t\t\tLeer m\u00e1s \u00bb\t\t<\/a>\n\n\t\t\t\t<\/div>\n\t\t\t\t\t<\/div>\n\t\t<\/article>\n\t\t\t\t<article class=\"elementor-post elementor-grid-item post-11337 post type-post status-publish format-standard has-post-thumbnail hentry category-veranstaltungen-events tag-feiertage-costa-blanca tag-fiestas-costa-blanca\" role=\"listitem\">\n\t\t\t<div class=\"elementor-post__card\">\n\t\t\t\t<a class=\"elementor-post__thumbnail__link\" href=\"https:\/\/costablanca-magazin.com\/es\/freizeit\/veranstaltungen-events\/april-an-der-costa-blanca-events-und-ostern-2026\/\" tabindex=\"-1\" ><div class=\"elementor-post__thumbnail\"><img loading=\"lazy\" decoding=\"async\" width=\"300\" height=\"200\" src=\"https:\/\/costablanca-magazin.com\/wp-content\/uploads\/2026\/04\/crowd-in-costumes-in-semana-santa-festival-capture-2026-03-18-07-56-36-utc-300x200.jpeg\" class=\"attachment-medium size-medium wp-image-11338\" alt=\"Abril en la Costa Blanca: eventos, Semana Santa y eventos 2026\" srcset=\"https:\/\/costablanca-magazin.com\/wp-content\/uploads\/2026\/04\/crowd-in-costumes-in-semana-santa-festival-capture-2026-03-18-07-56-36-utc-300x200.jpeg 300w, https:\/\/costablanca-magazin.com\/wp-content\/uploads\/2026\/04\/crowd-in-costumes-in-semana-santa-festival-capture-2026-03-18-07-56-36-utc-1024x684.jpeg 1024w, https:\/\/costablanca-magazin.com\/wp-content\/uploads\/2026\/04\/crowd-in-costumes-in-semana-santa-festival-capture-2026-03-18-07-56-36-utc-768x513.jpeg 768w, https:\/\/costablanca-magazin.com\/wp-content\/uploads\/2026\/04\/crowd-in-costumes-in-semana-santa-festival-capture-2026-03-18-07-56-36-utc-1536x1026.jpeg 1536w, https:\/\/costablanca-magazin.com\/wp-content\/uploads\/2026\/04\/crowd-in-costumes-in-semana-santa-festival-capture-2026-03-18-07-56-36-utc-2048x1368.jpeg 2048w, https:\/\/costablanca-magazin.com\/wp-content\/uploads\/2026\/04\/crowd-in-costumes-in-semana-santa-festival-capture-2026-03-18-07-56-36-utc-18x12.jpeg 18w\" sizes=\"(max-width: 300px) 100vw, 300px\" \/><\/div><\/a>\n\t\t\t\t<div class=\"elementor-post__badge\">Eventos<\/div>\n\t\t\t\t<div class=\"elementor-post__text\">\n\t\t\t\t<h2 class=\"elementor-post__title\">\n\t\t\t<a href=\"https:\/\/costablanca-magazin.com\/es\/freizeit\/veranstaltungen-events\/april-an-der-costa-blanca-events-und-ostern-2026\/\" >\n\t\t\t\tAbril en la Costa Blanca - Eventos y Semana Santa 2026\t\t\t<\/a>\n\t\t<\/h2>\n\t\t\t\t<div class=\"elementor-post__excerpt\">\n\t\t\t<p>Abril en la Costa Blanca: Fiestas, Semana Santa y Eventos 2026 Entre Semana Santa, programas esc\u00e9nicos y fiestas mayores, el calendario de eventos de abril muestra la diferente forma en que los municipios de la Costa Blanca dan forma a la primavera. Abril aporta movimiento al calendario de la Costa Blanca. En primer lugar, la Semana Santa con sus procesiones,<\/p>\n\t\t<\/div>\n\t\t\n\t\t<a class=\"elementor-post__read-more\" href=\"https:\/\/costablanca-magazin.com\/es\/freizeit\/veranstaltungen-events\/april-an-der-costa-blanca-events-und-ostern-2026\/\" aria-label=\"M\u00e1s informaci\u00f3n sobre Abril en la Costa Blanca - Eventos y Semana Santa 2026\" tabindex=\"-1\" >\n\t\t\tLeer m\u00e1s \u00bb\t\t<\/a>\n\n\t\t\t\t<\/div>\n\t\t\t\t\t<\/div>\n\t\t<\/article>\n\t\t\t\t<article class=\"elementor-post elementor-grid-item post-9685 post type-post status-publish format-standard has-post-thumbnail hentry category-veranstaltungen-events tag-feiertage-costa-blanca tag-fiestas-costa-blanca\" role=\"listitem\">\n\t\t\t<div class=\"elementor-post__card\">\n\t\t\t\t<a class=\"elementor-post__thumbnail__link\" href=\"https:\/\/costablanca-magazin.com\/es\/freizeit\/veranstaltungen-events\/weihnachten-costa-blanca-2025-messen-umzuege-reyes\/\" tabindex=\"-1\" ><div class=\"elementor-post__thumbnail\"><img loading=\"lazy\" decoding=\"async\" width=\"300\" height=\"169\" src=\"https:\/\/costablanca-magazin.com\/wp-content\/uploads\/2025\/11\/4.png\" class=\"attachment-medium size-medium wp-image-9590\" alt=\"Celebrar la Navidad en la Costa Blanca: ferias, desfiles - Cabalgata de Reyes y rituales locales\" \/><\/div><\/a>\n\t\t\t\t<div class=\"elementor-post__badge\">Eventos<\/div>\n\t\t\t\t<div class=\"elementor-post__text\">\n\t\t\t\t<h2 class=\"elementor-post__title\">\n\t\t\t<a href=\"https:\/\/costablanca-magazin.com\/es\/freizeit\/veranstaltungen-events\/weihnachten-costa-blanca-2025-messen-umzuege-reyes\/\" >\n\t\t\t\tNavidad Costa Blanca 2025 - Ferias, cabalgatas y Reyes\t\t\t<\/a>\n\t\t<\/h2>\n\t\t\t\t<div class=\"elementor-post__excerpt\">\n\t\t\t<p>Navidad en la Costa Blanca 2025: misas, desfiles y Reyes Las celebraciones navide\u00f1as m\u00e1s importantes de la Costa Blanca: Misa del Gallo, Cabalgata de Reyes, misas internacionales y tradiciones regionales. Las misas, desfiles y tradiciones navide\u00f1as m\u00e1s importantes entre la Marina Alta y la Vega Baja. El marco religioso de las fiestas en la Costa Blanca.<\/p>\n\t\t<\/div>\n\t\t\n\t\t<a class=\"elementor-post__read-more\" href=\"https:\/\/costablanca-magazin.com\/es\/freizeit\/veranstaltungen-events\/weihnachten-costa-blanca-2025-messen-umzuege-reyes\/\" aria-label=\"M\u00e1s informaci\u00f3n sobre Navidad Costa Blanca 2025 - Ferias, Cabalgatas y Reyes\" tabindex=\"-1\" >\n\t\t\tLeer m\u00e1s \u00bb\t\t<\/a>\n\n\t\t\t\t<\/div>\n\t\t\t\t\t<\/div>\n\t\t<\/article>\n\t\t\t\t<article class=\"elementor-post elementor-grid-item post-9657 post type-post status-publish format-standard has-post-thumbnail hentry category-veranstaltungen-events tag-feiertage-costa-blanca tag-maerkte-costa-blanca\" role=\"listitem\">\n\t\t\t<div class=\"elementor-post__card\">\n\t\t\t\t<a class=\"elementor-post__thumbnail__link\" href=\"https:\/\/costablanca-magazin.com\/es\/freizeit\/veranstaltungen-events\/weihnachtsmaerkte-costa-blanca-2025-termine-highlights\/\" tabindex=\"-1\" ><div class=\"elementor-post__thumbnail\"><img loading=\"lazy\" decoding=\"async\" width=\"300\" height=\"169\" src=\"https:\/\/costablanca-magazin.com\/wp-content\/uploads\/2025\/11\/2.png\" class=\"attachment-medium size-medium wp-image-9588\" alt=\"Mercados navide\u00f1os en la Costa Blanca 2025: fechas, lugares y lo m\u00e1s destacado\" \/><\/div><\/a>\n\t\t\t\t<div class=\"elementor-post__badge\">Eventos<\/div>\n\t\t\t\t<div class=\"elementor-post__text\">\n\t\t\t\t<h2 class=\"elementor-post__title\">\n\t\t\t<a href=\"https:\/\/costablanca-magazin.com\/es\/freizeit\/veranstaltungen-events\/weihnachtsmaerkte-costa-blanca-2025-termine-highlights\/\" >\n\t\t\t\tMercados Navide\u00f1os Costa Blanca 2025 - Fechas y Puntos Destacados\t\t\t<\/a>\n\t\t<\/h2>\n\t\t\t\t<div class=\"elementor-post__excerpt\">\n\t\t\t<p>Mercados navide\u00f1os en la Costa Blanca 2025: fechas y aspectos destacados Todos los mercados navide\u00f1os de 2025 en la Costa Blanca: Altea, D\u00e9nia, Alicante, Torrevieja, J\u00e1vea y m\u00e1s. Fechas, consejos y programas. Los mercados m\u00e1s importantes desde Denia hasta Torrevieja, incluyendo iluminaciones, programas y fechas confirmadas para diciembre de 2025. Desde la artesan\u00eda en Altea hasta los<\/p>\n\t\t<\/div>\n\t\t\n\t\t<a class=\"elementor-post__read-more\" href=\"https:\/\/costablanca-magazin.com\/es\/freizeit\/veranstaltungen-events\/weihnachtsmaerkte-costa-blanca-2025-termine-highlights\/\" aria-label=\"M\u00e1s informaci\u00f3n sobre Mercados Navide\u00f1os Costa Blanca 2025 - Fechas y eventos destacados\" tabindex=\"-1\" >\n\t\t\tLeer m\u00e1s \u00bb\t\t<\/a>\n\n\t\t\t\t<\/div>\n\t\t\t\t\t<\/div>\n\t\t<\/article>\n\t\t\t\t<article class=\"elementor-post elementor-grid-item post-9587 post type-post status-publish format-standard has-post-thumbnail hentry category-veranstaltungen-events tag-feiertage-costa-blanca tag-handwerkskunst-traditionen-costa-blanca tag-maerkte-costa-blanca\" role=\"listitem\">\n\t\t\t<div class=\"elementor-post__card\">\n\t\t\t\t<a class=\"elementor-post__thumbnail__link\" href=\"https:\/\/costablanca-magazin.com\/es\/freizeit\/veranstaltungen-events\/weihnachten-2025-an-der-costa-blanca-krippen-rituale\/\" tabindex=\"-1\" ><div class=\"elementor-post__thumbnail\"><img loading=\"lazy\" decoding=\"async\" width=\"300\" height=\"169\" src=\"https:\/\/costablanca-magazin.com\/wp-content\/uploads\/2025\/11\/1.png\" class=\"attachment-medium size-medium wp-image-9586\" alt=\"Navidad en la Costa Blanca 2025: tradiciones, belenes y costumbres regionales\" \/><\/div><\/a>\n\t\t\t\t<div class=\"elementor-post__badge\">Eventos<\/div>\n\t\t\t\t<div class=\"elementor-post__text\">\n\t\t\t\t<h2 class=\"elementor-post__title\">\n\t\t\t<a href=\"https:\/\/costablanca-magazin.com\/es\/freizeit\/veranstaltungen-events\/weihnachten-2025-an-der-costa-blanca-krippen-rituale\/\" >\n\t\t\t\tNavidad 2025 en la Costa Blanca - Belenes y rituales\t\t\t<\/a>\n\t\t<\/h2>\n\t\t\t\t<div class=\"elementor-post__excerpt\">\n\t\t\t<p>Mercados navide\u00f1os en la Costa Blanca 2025: fechas y aspectos destacados Todos los mercados navide\u00f1os de 2025 en la Costa Blanca: Altea, D\u00e9nia, Alicante, Torrevieja, J\u00e1vea y m\u00e1s. Fechas, consejos y programas. C\u00f3mo los municipios desde la Marina Alta hasta la Vega Baja organizan las fiestas, con costumbres regionales, tradiciones familiares y un ambiente que...<\/p>\n\t\t<\/div>\n\t\t\n\t\t<a class=\"elementor-post__read-more\" href=\"https:\/\/costablanca-magazin.com\/es\/freizeit\/veranstaltungen-events\/weihnachten-2025-an-der-costa-blanca-krippen-rituale\/\" aria-label=\"M\u00e1s informaci\u00f3n sobre Navidad 2025 en la Costa Blanca - Belenes y rituales\" tabindex=\"-1\" >\n\t\t\tLeer m\u00e1s \u00bb\t\t<\/a>\n\n\t\t\t\t<\/div>\n\t\t\t\t\t<\/div>\n\t\t<\/article>\n\t\t\t\t<article class=\"elementor-post elementor-grid-item post-9411 post type-post status-publish format-standard has-post-thumbnail hentry category-veranstaltungen-events\" role=\"listitem\">\n\t\t\t<div class=\"elementor-post__card\">\n\t\t\t\t<a class=\"elementor-post__thumbnail__link\" href=\"https:\/\/costablanca-magazin.com\/es\/freizeit\/veranstaltungen-events\/events-costa-blanca-nov-dez-2025-2026\/\" tabindex=\"-1\" ><div class=\"elementor-post__thumbnail\"><img loading=\"lazy\" decoding=\"async\" width=\"300\" height=\"169\" src=\"https:\/\/costablanca-magazin.com\/wp-content\/uploads\/2025\/11\/santa-claus-opens-magic-christmas-gift-box-2024-11-20-04-20-21-utc-300x169.jpg\" class=\"attachment-medium size-medium wp-image-9447\" alt=\"EVENTOS 11\/12\" srcset=\"https:\/\/costablanca-magazin.com\/wp-content\/uploads\/2025\/11\/santa-claus-opens-magic-christmas-gift-box-2024-11-20-04-20-21-utc-300x169.jpg 300w, https:\/\/costablanca-magazin.com\/wp-content\/uploads\/2025\/11\/santa-claus-opens-magic-christmas-gift-box-2024-11-20-04-20-21-utc-1024x576.jpg 1024w, https:\/\/costablanca-magazin.com\/wp-content\/uploads\/2025\/11\/santa-claus-opens-magic-christmas-gift-box-2024-11-20-04-20-21-utc-768x432.jpg 768w, https:\/\/costablanca-magazin.com\/wp-content\/uploads\/2025\/11\/santa-claus-opens-magic-christmas-gift-box-2024-11-20-04-20-21-utc-18x10.jpg 18w, https:\/\/costablanca-magazin.com\/wp-content\/uploads\/2025\/11\/santa-claus-opens-magic-christmas-gift-box-2024-11-20-04-20-21-utc.jpg 1200w\" sizes=\"(max-width: 300px) 100vw, 300px\" \/><\/div><\/a>\n\t\t\t\t<div class=\"elementor-post__badge\">Eventos<\/div>\n\t\t\t\t<div class=\"elementor-post__text\">\n\t\t\t\t<h2 class=\"elementor-post__title\">\n\t\t\t<a href=\"https:\/\/costablanca-magazin.com\/es\/freizeit\/veranstaltungen-events\/events-costa-blanca-nov-dez-2025-2026\/\" >\n\t\t\t\tInvierno en la Costa Blanca- Todos los eventos 2025\/26\t\t\t<\/a>\n\t\t<\/h2>\n\t\t\t\t<div class=\"elementor-post__excerpt\">\n\t\t\t<p>Eventos Costa Blanca noviembre\/diciembre de 2025 Eventos destacados en la Costa Blanca: mercados navide\u00f1os, conciertos, exposiciones y eventos familiares de noviembre de 2025 a enero de 2026. \u00a1Navidad, Adviento y comienzo del nuevo a\u00f1o en la Costa Blanca! Cuando los d\u00edas se acortan y las tardes se alargan, la Costa Blanca despierta en<\/p>\n\t\t<\/div>\n\t\t\n\t\t<a class=\"elementor-post__read-more\" href=\"https:\/\/costablanca-magazin.com\/es\/freizeit\/veranstaltungen-events\/events-costa-blanca-nov-dez-2025-2026\/\" aria-label=\"M\u00e1s informaci\u00f3n sobre Invierno en la Costa Blanca- Todos los eventos 2025\/26\" tabindex=\"-1\" >\n\t\t\tLeer m\u00e1s \u00bb\t\t<\/a>\n\n\t\t\t\t<\/div>\n\t\t\t\t\t<\/div>\n\t\t<\/article>\n\t\t\t\t<article class=\"elementor-post elementor-grid-item post-9084 post type-post status-publish format-standard has-post-thumbnail hentry category-veranstaltungen-events\" role=\"listitem\">\n\t\t\t<div class=\"elementor-post__card\">\n\t\t\t\t<a class=\"elementor-post__thumbnail__link\" href=\"https:\/\/costablanca-magazin.com\/es\/freizeit\/veranstaltungen-events\/oktober-november-veranstaltungen-an-der-costa-blanca-2025\/\" tabindex=\"-1\" ><div class=\"elementor-post__thumbnail\"><img loading=\"lazy\" decoding=\"async\" width=\"300\" height=\"163\" src=\"https:\/\/costablanca-magazin.com\/wp-content\/uploads\/2025\/10\/happy-grandmother-and-little-girls-wearing-hallowe-2025-02-20-10-21-16-utc-scaled-e1760474398578-300x163.jpg\" class=\"attachment-medium size-medium wp-image-9085\" alt=\"De octubre a noviembre: cultura, conciertos y eventos en la Costa Blanca\" srcset=\"https:\/\/costablanca-magazin.com\/wp-content\/uploads\/2025\/10\/happy-grandmother-and-little-girls-wearing-hallowe-2025-02-20-10-21-16-utc-scaled-e1760474398578-300x163.jpg 300w, https:\/\/costablanca-magazin.com\/wp-content\/uploads\/2025\/10\/happy-grandmother-and-little-girls-wearing-hallowe-2025-02-20-10-21-16-utc-scaled-e1760474398578-768x416.jpg 768w, https:\/\/costablanca-magazin.com\/wp-content\/uploads\/2025\/10\/happy-grandmother-and-little-girls-wearing-hallowe-2025-02-20-10-21-16-utc-scaled-e1760474398578-1536x832.jpg 1536w, https:\/\/costablanca-magazin.com\/wp-content\/uploads\/2025\/10\/happy-grandmother-and-little-girls-wearing-hallowe-2025-02-20-10-21-16-utc-scaled-e1760474398578-2048x1110.jpg 2048w\" sizes=\"(max-width: 300px) 100vw, 300px\" \/><\/div><\/a>\n\t\t\t\t<div class=\"elementor-post__badge\">Eventos<\/div>\n\t\t\t\t<div class=\"elementor-post__text\">\n\t\t\t\t<h2 class=\"elementor-post__title\">\n\t\t\t<a href=\"https:\/\/costablanca-magazin.com\/es\/freizeit\/veranstaltungen-events\/oktober-november-veranstaltungen-an-der-costa-blanca-2025\/\" >\n\t\t\t\tEventos de octubre y noviembre en la Costa Blanca 2025\t\t\t<\/a>\n\t\t<\/h2>\n\t\t\t\t<div class=\"elementor-post__excerpt\">\n\t\t\t<p>Eventos de octubre y noviembre en la Costa Blanca 2025 De octubre a noviembre: Cultura, conciertos y eventos en la Costa Blanca Desde espeluznantes circos hasta \u00f3peras cl\u00e1sicas: \u00a1la regi\u00f3n tiene mucho m\u00e1s que ofrecer que playas y sol! Si pensaba que la Costa Blanca s\u00f3lo era sol, mar y<\/p>\n\t\t<\/div>\n\t\t\n\t\t<a class=\"elementor-post__read-more\" href=\"https:\/\/costablanca-magazin.com\/es\/freizeit\/veranstaltungen-events\/oktober-november-veranstaltungen-an-der-costa-blanca-2025\/\" aria-label=\"M\u00e1s informaci\u00f3n sobre Eventos de octubre y noviembre en la Costa Blanca 2025\" tabindex=\"-1\" >\n\t\t\tLeer m\u00e1s \u00bb\t\t<\/a>\n\n\t\t\t\t<\/div>\n\t\t\t\t\t<\/div>\n\t\t<\/article>\n\t\t\t\t<article class=\"elementor-post elementor-grid-item post-8460 post type-post status-publish format-standard has-post-thumbnail hentry category-veranstaltungen-events\" role=\"listitem\">\n\t\t\t<div class=\"elementor-post__card\">\n\t\t\t\t<a class=\"elementor-post__thumbnail__link\" href=\"https:\/\/costablanca-magazin.com\/es\/freizeit\/veranstaltungen-events\/spaetsommer-in-der-marina-alta-und-der-marina-baixa\/\" tabindex=\"-1\" ><div class=\"elementor-post__thumbnail\"><img loading=\"lazy\" decoding=\"async\" width=\"300\" height=\"68\" src=\"https:\/\/costablanca-magazin.com\/wp-content\/uploads\/2025\/08\/weinabau01-300x68.jpg\" class=\"attachment-medium size-medium wp-image-10400\" alt=\"weinabau01\" srcset=\"https:\/\/costablanca-magazin.com\/wp-content\/uploads\/2025\/08\/weinabau01-300x68.jpg 300w, https:\/\/costablanca-magazin.com\/wp-content\/uploads\/2025\/08\/weinabau01-1024x233.jpg 1024w, https:\/\/costablanca-magazin.com\/wp-content\/uploads\/2025\/08\/weinabau01-768x175.jpg 768w, https:\/\/costablanca-magazin.com\/wp-content\/uploads\/2025\/08\/weinabau01-18x4.jpg 18w, https:\/\/costablanca-magazin.com\/wp-content\/uploads\/2025\/08\/weinabau01.jpg 1536w\" sizes=\"(max-width: 300px) 100vw, 300px\" \/><\/div><\/a>\n\t\t\t\t<div class=\"elementor-post__badge\">Eventos<\/div>\n\t\t\t\t<div class=\"elementor-post__text\">\n\t\t\t\t<h2 class=\"elementor-post__title\">\n\t\t\t<a href=\"https:\/\/costablanca-magazin.com\/es\/freizeit\/veranstaltungen-events\/spaetsommer-in-der-marina-alta-und-der-marina-baixa\/\" >\n\t\t\t\tFinales de verano en la Marina Alta y la Marina Baixa\t\t\t<\/a>\n\t\t<\/h2>\n\t\t\t\t<div class=\"elementor-post__excerpt\">\n\t\t\t<p>Finales de verano en la Marina Alta y la Marina Baixa Entre el vi\u00f1edo y la feria, as\u00ed celebra la comarca la \u00e9poca de la vendimia En Teulada, Benissa, Xal\u00f3 y Parcent se llenan las primeras cajas de la vendimia. Los tractores se dirigen a la bodega, los viticultores controlan las uvas con ojo experto: la vendimia ha llegado. Finales de agosto y<\/p>\n\t\t<\/div>\n\t\t\n\t\t<a class=\"elementor-post__read-more\" href=\"https:\/\/costablanca-magazin.com\/es\/freizeit\/veranstaltungen-events\/spaetsommer-in-der-marina-alta-und-der-marina-baixa\/\" aria-label=\"M\u00e1s informaci\u00f3n sobre Verano tard\u00edo en la Marina Alta y la Marina Baixa\" tabindex=\"-1\" >\n\t\t\tLeer m\u00e1s \u00bb\t\t<\/a>\n\n\t\t\t\t<\/div>\n\t\t\t\t\t<\/div>\n\t\t<\/article>\n\t\t\t\t<article class=\"elementor-post elementor-grid-item post-8396 post type-post status-publish format-standard has-post-thumbnail hentry category-veranstaltungen-events\" role=\"listitem\">\n\t\t\t<div class=\"elementor-post__card\">\n\t\t\t\t<a class=\"elementor-post__thumbnail__link\" href=\"https:\/\/costablanca-magazin.com\/es\/freizeit\/veranstaltungen-events\/august-september-veranstaltungen-an-der-costa-blanca-2025\/\" tabindex=\"-1\" ><div class=\"elementor-post__thumbnail\"><img loading=\"lazy\" decoding=\"async\" width=\"300\" height=\"200\" src=\"https:\/\/costablanca-magazin.com\/wp-content\/uploads\/2025\/08\/happy-young-african-adult-afro-woman-dancing-with-2025-01-07-06-55-26-utc-300x200.jpg\" class=\"attachment-medium size-medium wp-image-8397\" alt=\"Verano lleno de festivales, m\u00fasica y cultura en la Costa Blanca\" srcset=\"https:\/\/costablanca-magazin.com\/wp-content\/uploads\/2025\/08\/happy-young-african-adult-afro-woman-dancing-with-2025-01-07-06-55-26-utc-300x200.jpg 300w, https:\/\/costablanca-magazin.com\/wp-content\/uploads\/2025\/08\/happy-young-african-adult-afro-woman-dancing-with-2025-01-07-06-55-26-utc-1024x683.jpg 1024w, https:\/\/costablanca-magazin.com\/wp-content\/uploads\/2025\/08\/happy-young-african-adult-afro-woman-dancing-with-2025-01-07-06-55-26-utc-768x512.jpg 768w, https:\/\/costablanca-magazin.com\/wp-content\/uploads\/2025\/08\/happy-young-african-adult-afro-woman-dancing-with-2025-01-07-06-55-26-utc-1536x1024.jpg 1536w, https:\/\/costablanca-magazin.com\/wp-content\/uploads\/2025\/08\/happy-young-african-adult-afro-woman-dancing-with-2025-01-07-06-55-26-utc-2048x1366.jpg 2048w\" sizes=\"(max-width: 300px) 100vw, 300px\" \/><\/div><\/a>\n\t\t\t\t<div class=\"elementor-post__badge\">Eventos<\/div>\n\t\t\t\t<div class=\"elementor-post__text\">\n\t\t\t\t<h2 class=\"elementor-post__title\">\n\t\t\t<a href=\"https:\/\/costablanca-magazin.com\/es\/freizeit\/veranstaltungen-events\/august-september-veranstaltungen-an-der-costa-blanca-2025\/\" >\n\t\t\t\tEventos de agosto y septiembre en la Costa Blanca 2025\t\t\t<\/a>\n\t\t<\/h2>\n\t\t\t\t<div class=\"elementor-post__excerpt\">\n\t\t\t<p>Eventos agosto y septiembre en la Costa Blanca 2025 Verano lleno de festivales, m\u00fasica y cultura en la Costa Blanca Desde veladas de jazz y cine al aire libre hasta las tradicionales fiestas patronales, agosto y septiembre ofrecen un colorido programa en Calpe, Altea, J\u00e1vea, Benidorm &amp; Co.<\/p>\n\t\t<\/div>\n\t\t\n\t\t<a class=\"elementor-post__read-more\" href=\"https:\/\/costablanca-magazin.com\/es\/freizeit\/veranstaltungen-events\/august-september-veranstaltungen-an-der-costa-blanca-2025\/\" aria-label=\"M\u00e1s informaci\u00f3n sobre Eventos de agosto y septiembre en la Costa Blanca 2025\" tabindex=\"-1\" >\n\t\t\tLeer m\u00e1s \u00bb\t\t<\/a>\n\n\t\t\t\t<\/div>\n\t\t\t\t\t<\/div>\n\t\t<\/article>\n\t\t\t\t<article class=\"elementor-post elementor-grid-item post-7991 post type-post status-publish format-standard has-post-thumbnail hentry category-veranstaltungen-events\" role=\"listitem\">\n\t\t\t<div class=\"elementor-post__card\">\n\t\t\t\t<a class=\"elementor-post__thumbnail__link\" href=\"https:\/\/costablanca-magazin.com\/es\/freizeit\/veranstaltungen-events\/juli-2025-veranstaltungen-an-der-costa-blanca-fiestas-und-konzerte\/\" tabindex=\"-1\" ><div class=\"elementor-post__thumbnail\"><img loading=\"lazy\" decoding=\"async\" width=\"300\" height=\"200\" src=\"https:\/\/costablanca-magazin.com\/wp-content\/uploads\/2025\/07\/young-couple-eating-popcorn-while-watching-a-movie-2024-12-13-18-32-33-utc-300x200.jpg\" class=\"attachment-medium size-medium wp-image-8000\" alt=\"Julio 2025 Eventos en la Costa Blanca - Fiestas y conciertos\" srcset=\"https:\/\/costablanca-magazin.com\/wp-content\/uploads\/2025\/07\/young-couple-eating-popcorn-while-watching-a-movie-2024-12-13-18-32-33-utc-300x200.jpg 300w, https:\/\/costablanca-magazin.com\/wp-content\/uploads\/2025\/07\/young-couple-eating-popcorn-while-watching-a-movie-2024-12-13-18-32-33-utc-1024x683.jpg 1024w, https:\/\/costablanca-magazin.com\/wp-content\/uploads\/2025\/07\/young-couple-eating-popcorn-while-watching-a-movie-2024-12-13-18-32-33-utc-768x512.jpg 768w, https:\/\/costablanca-magazin.com\/wp-content\/uploads\/2025\/07\/young-couple-eating-popcorn-while-watching-a-movie-2024-12-13-18-32-33-utc-1536x1024.jpg 1536w, https:\/\/costablanca-magazin.com\/wp-content\/uploads\/2025\/07\/young-couple-eating-popcorn-while-watching-a-movie-2024-12-13-18-32-33-utc-2048x1365.jpg 2048w\" sizes=\"(max-width: 300px) 100vw, 300px\" \/><\/div><\/a>\n\t\t\t\t<div class=\"elementor-post__badge\">Eventos<\/div>\n\t\t\t\t<div class=\"elementor-post__text\">\n\t\t\t\t<h2 class=\"elementor-post__title\">\n\t\t\t<a href=\"https:\/\/costablanca-magazin.com\/es\/freizeit\/veranstaltungen-events\/juli-2025-veranstaltungen-an-der-costa-blanca-fiestas-und-konzerte\/\" >\n\t\t\t\tJulio 2025 Eventos en la Costa Blanca - Fiestas y conciertos\t\t\t<\/a>\n\t\t<\/h2>\n\t\t\t\t<div class=\"elementor-post__excerpt\">\n\t\t\t<p>Eventos julio 2025 en la Costa Blanca - fiestas y conciertos Descubra los eventos m\u00e1s emocionantes de la Costa Blanca en julio de 2025: fiestas, conciertos al aire libre, mercadillos y propuestas culturales para las c\u00e1lidas noches de verano. Entre el 15 de julio y el 15 de agosto, la Costa Blanca ofrece una variada programaci\u00f3n: cine al aire libre en las playas,<\/p>\n\t\t<\/div>\n\t\t\n\t\t<a class=\"elementor-post__read-more\" href=\"https:\/\/costablanca-magazin.com\/es\/freizeit\/veranstaltungen-events\/juli-2025-veranstaltungen-an-der-costa-blanca-fiestas-und-konzerte\/\" aria-label=\"M\u00e1s informaci\u00f3n sobre Julio 2025 Eventos en la Costa Blanca - Fiestas y conciertos\" tabindex=\"-1\" >\n\t\t\tLeer m\u00e1s \u00bb\t\t<\/a>\n\n\t\t\t\t<\/div>\n\t\t\t\t\t<\/div>\n\t\t<\/article>\n\t\t\t\t<article class=\"elementor-post elementor-grid-item post-7752 post type-post status-publish format-standard has-post-thumbnail hentry category-veranstaltungen-events tag-feiertage-costa-blanca tag-fiestas-costa-blanca\" role=\"listitem\">\n\t\t\t<div class=\"elementor-post__card\">\n\t\t\t\t<a class=\"elementor-post__thumbnail__link\" href=\"https:\/\/costablanca-magazin.com\/es\/freizeit\/veranstaltungen-events\/nit-de-sant-joan-an-der-costa-blanca\/\" tabindex=\"-1\" ><div class=\"elementor-post__thumbnail\"><img loading=\"lazy\" decoding=\"async\" width=\"300\" height=\"129\" src=\"https:\/\/costablanca-magazin.com\/wp-content\/uploads\/2025\/06\/san-juan-1729492-e1750421073804-300x129.jpg\" class=\"attachment-medium size-medium wp-image-7681\" alt=\"Sant Joan en la Costa Blanca: cuando la noche arde 1\" srcset=\"https:\/\/costablanca-magazin.com\/wp-content\/uploads\/2025\/06\/san-juan-1729492-e1750421073804-300x129.jpg 300w, https:\/\/costablanca-magazin.com\/wp-content\/uploads\/2025\/06\/san-juan-1729492-e1750421073804-1024x439.jpg 1024w, https:\/\/costablanca-magazin.com\/wp-content\/uploads\/2025\/06\/san-juan-1729492-e1750421073804-768x329.jpg 768w, https:\/\/costablanca-magazin.com\/wp-content\/uploads\/2025\/06\/san-juan-1729492-e1750421073804.jpg 1200w\" sizes=\"(max-width: 300px) 100vw, 300px\" \/><\/div><\/a>\n\t\t\t\t<div class=\"elementor-post__badge\">Eventos<\/div>\n\t\t\t\t<div class=\"elementor-post__text\">\n\t\t\t\t<h2 class=\"elementor-post__title\">\n\t\t\t<a href=\"https:\/\/costablanca-magazin.com\/es\/freizeit\/veranstaltungen-events\/nit-de-sant-joan-an-der-costa-blanca\/\" >\n\t\t\t\tNit de Sant Joan en la Costa Blanca: D\u00f3nde est\u00e1 permitido hacer fuego en la playa y d\u00f3nde no\t\t\t<\/a>\n\t\t<\/h2>\n\t\t\t\t<div class=\"elementor-post__excerpt\">\n\t\t\t<p>Nit de Sant Joan en la Costa Blanca: d\u00f3nde est\u00e1n permitidas las hogueras en la playa y d\u00f3nde no Los municipios costeros est\u00e1n endureciendo las normas: La mayor\u00eda de las hogueras privadas est\u00e1n prohibidas. S\u00f3lo en unos pocos lugares se permiten las hogueras oficiales El 23 de junio se celebra tradicionalmente la \u201eNit de Sant Joan\u201c, la noche m\u00e1s corta del a\u00f1o, con rituales en las olas,<\/p>\n\t\t<\/div>\n\t\t\n\t\t<a class=\"elementor-post__read-more\" href=\"https:\/\/costablanca-magazin.com\/es\/freizeit\/veranstaltungen-events\/nit-de-sant-joan-an-der-costa-blanca\/\" aria-label=\"M\u00e1s informaci\u00f3n sobre Nit de Sant Joan en la Costa Blanca: D\u00f3nde est\u00e1 permitido hacer fuego en la playa y d\u00f3nde no\" tabindex=\"-1\" >\n\t\t\tLeer m\u00e1s \u00bb\t\t<\/a>\n\n\t\t\t\t<\/div>\n\t\t\t\t\t<\/div>\n\t\t<\/article>\n\t\t\t\t<article class=\"elementor-post elementor-grid-item post-7672 post type-post status-publish format-standard has-post-thumbnail hentry category-veranstaltungen-events tag-feiertage-costa-blanca tag-fiestas-costa-blanca\" role=\"listitem\">\n\t\t\t<div class=\"elementor-post__card\">\n\t\t\t\t<a class=\"elementor-post__thumbnail__link\" href=\"https:\/\/costablanca-magazin.com\/es\/freizeit\/veranstaltungen-events\/sant-joan-an-der-costa-blanca-wenn-die-nacht-brennt\/\" tabindex=\"-1\" ><div class=\"elementor-post__thumbnail\"><img loading=\"lazy\" decoding=\"async\" width=\"300\" height=\"200\" src=\"https:\/\/costablanca-magazin.com\/wp-content\/uploads\/2025\/06\/friends-partying-on-the-beach-2025-03-17-09-47-59-utc-300x200.jpg\" class=\"attachment-medium size-medium wp-image-7680\" alt=\"Sant Joan en la Costa Blanca - Cuando arde la noche\" srcset=\"https:\/\/costablanca-magazin.com\/wp-content\/uploads\/2025\/06\/friends-partying-on-the-beach-2025-03-17-09-47-59-utc-300x200.jpg 300w, https:\/\/costablanca-magazin.com\/wp-content\/uploads\/2025\/06\/friends-partying-on-the-beach-2025-03-17-09-47-59-utc-1024x683.jpg 1024w, https:\/\/costablanca-magazin.com\/wp-content\/uploads\/2025\/06\/friends-partying-on-the-beach-2025-03-17-09-47-59-utc-768x512.jpg 768w, https:\/\/costablanca-magazin.com\/wp-content\/uploads\/2025\/06\/friends-partying-on-the-beach-2025-03-17-09-47-59-utc.jpg 1200w\" sizes=\"(max-width: 300px) 100vw, 300px\" \/><\/div><\/a>\n\t\t\t\t<div class=\"elementor-post__badge\">Eventos<\/div>\n\t\t\t\t<div class=\"elementor-post__text\">\n\t\t\t\t<h2 class=\"elementor-post__title\">\n\t\t\t<a href=\"https:\/\/costablanca-magazin.com\/es\/freizeit\/veranstaltungen-events\/sant-joan-an-der-costa-blanca-wenn-die-nacht-brennt\/\" >\n\t\t\t\tSant Joan en la Costa Blanca - Cuando arde la noche\t\t\t<\/a>\n\t\t<\/h2>\n\t\t\t\t<div class=\"elementor-post__excerpt\">\n\t\t\t<p>Sant Joan en la Costa Blanca - Cuando arde la noche Desde deseos silenciosos entre las llamas hasta cr\u00edticas de cart\u00f3n piedra: magia, comunidad y cultura se unen en la Costa Blanca. Un festival que es algo m\u00e1s que fuegos artificiales. Hay noches en las que se puede sentir que algo est\u00e1 en el aire<\/p>\n\t\t<\/div>\n\t\t\n\t\t<a class=\"elementor-post__read-more\" href=\"https:\/\/costablanca-magazin.com\/es\/freizeit\/veranstaltungen-events\/sant-joan-an-der-costa-blanca-wenn-die-nacht-brennt\/\" aria-label=\"M\u00e1s informaci\u00f3n sobre Sant Joan en la Costa Blanca - Cuando arde la noche\" tabindex=\"-1\" >\n\t\t\tLeer m\u00e1s \u00bb\t\t<\/a>\n\n\t\t\t\t<\/div>\n\t\t\t\t\t<\/div>\n\t\t<\/article>\n\t\t\t\t<\/div>\n\t\t\n\t\t\t\t<div class=\"e-load-more-anchor\" data-page=\"1\" data-max-page=\"3\" data-next-page=\"https:\/\/costablanca-magazin.com\/es\/wp-json\/wp\/v2\/pages\/4545\/page\/2\/\"><\/div>\n\t\t\t\t<nav class=\"elementor-pagination\" aria-label=\"Paginaci\u00f3n\">\n\t\t\t<span aria-current=\"page\" class=\"page-numbers current\"><span class=\"elementor-screen-only\">P\u00e1gina<\/span>1<\/span>\n<a class=\"page-numbers\" href=\"https:\/\/costablanca-magazin.com\/es\/wp-json\/wp\/v2\/pages\/4545\/page\/2\/\"><span class=\"elementor-screen-only\">P\u00e1gina<\/span>2<\/a>\n<a class=\"page-numbers\" href=\"https:\/\/costablanca-magazin.com\/es\/wp-json\/wp\/v2\/pages\/4545\/page\/3\/\"><span class=\"elementor-screen-only\">P\u00e1gina<\/span>3<\/a>\t\t<\/nav>\n\t\t\t\t\t\t<\/div>\n\t\t\t\t<\/div>\n\t\t\t\t\t<\/div>\n\t\t\t\t<\/div>\n\t\t\t\t<\/div>","protected":false},"excerpt":{"rendered":"<p>Ocio: actividades y eventos<\/p>","protected":false},"author":1,"featured_media":0,"parent":0,"menu_order":0,"comment_status":"closed","ping_status":"closed","template":"elementor_header_footer","meta":{"footnotes":""},"class_list":["post-4545","page","type-page","status-publish","hentry"],"aioseo_notices":[],"aioseo_head":"\n\t\t<!-- All in One SEO Pro 5.0.1.1 - aioseo.com -->\n\t<meta name=\"description\" content=\"Vom stillen Wunsch im Flammenlicht bis zur lodernden Kritik aus Pappmach\u00e9 \u2013 an der Costa Blanca verschmelzen Magie, Gemeinschaft und Kultur.\" \/>\n\t<meta name=\"robots\" content=\"max-snippet:-1, max-image-preview:large, max-video-preview:-1\" \/>\n\t<link rel=\"canonical\" href=\"https:\/\/costablanca-magazin.com\/es\/freizeit\/veranstaltungen-events\/sant-joan-an-der-costa-blanca-wenn-die-nacht-brennt\/\" \/>\n\t<meta name=\"generator\" content=\"All in One SEO Pro (AIOSEO) 5.0.1.1\" \/>\n\t\t<meta property=\"og:locale\" content=\"es_ES\" \/>\n\t\t<meta property=\"og:site_name\" content=\"Costa Blanca Magazin\" \/>\n\t\t<meta property=\"og:type\" content=\"article\" \/>\n\t\t<meta property=\"og:title\" content=\"Sant Joan an der Costa Blanca - Wenn die Nacht brennt\" \/>\n\t\t<meta property=\"og:description\" content=\"Vom stillen Wunsch im Flammenlicht bis zur lodernden Kritik aus Pappmach\u00e9 \u2013 an der Costa Blanca verschmelzen Magie, Gemeinschaft und Kultur.\" \/>\n\t\t<meta property=\"og:url\" content=\"https:\/\/costablanca-magazin.com\/es\/freizeit\/veranstaltungen-events\/sant-joan-an-der-costa-blanca-wenn-die-nacht-brennt\/\" \/>\n\t\t<meta property=\"og:image\" content=\"https:\/\/costablanca-magazin.com\/wp-content\/uploads\/2025\/06\/friends-partying-on-the-beach-2025-03-17-09-47-59-utc.jpg\" \/>\n\t\t<meta property=\"og:image:secure_url\" content=\"https:\/\/costablanca-magazin.com\/wp-content\/uploads\/2025\/06\/friends-partying-on-the-beach-2025-03-17-09-47-59-utc.jpg\" \/>\n\t\t<meta property=\"og:image:width\" content=\"1200\" \/>\n\t\t<meta property=\"og:image:height\" content=\"800\" \/>\n\t\t<meta property=\"article:published_time\" content=\"2025-06-19T07:00:00+00:00\" \/>\n\t\t<meta property=\"article:modified_time\" content=\"2026-07-07T08:16:12+00:00\" \/>\n\t\t<meta property=\"article:publisher\" content=\"https:\/\/www.facebook.com\/costablancalifestyle\/\" \/>\n\t\t<meta name=\"twitter:card\" content=\"summary_large_image\" \/>\n\t\t<meta name=\"twitter:title\" content=\"Sant Joan an der Costa Blanca - Wenn die Nacht brennt\" \/>\n\t\t<meta name=\"twitter:description\" content=\"Vom stillen Wunsch im Flammenlicht bis zur lodernden Kritik aus Pappmach\u00e9 \u2013 an der Costa Blanca verschmelzen Magie, Gemeinschaft und Kultur.\" \/>\n\t\t<meta name=\"twitter:image\" content=\"https:\/\/costablanca-magazin.com\/wp-content\/uploads\/2025\/06\/friends-partying-on-the-beach-2025-03-17-09-47-59-utc.jpg\" \/>\n\t\t<script type=\"application\/ld+json\" class=\"aioseo-schema\">\n\t\t\t{\"@context\":\"https:\\\/\\\/schema.org\",\"@graph\":[{\"@type\":\"Article\",\"@id\":\"https:\\\/\\\/costablanca-magazin.com\\\/es\\\/freizeit\\\/veranstaltungen-events\\\/sant-joan-an-der-costa-blanca-wenn-die-nacht-brennt\\\/#article\",\"name\":\"Sant Joan an der Costa Blanca - Wenn die Nacht brennt\",\"headline\":\"Sant Joan an der Costa Blanca &#8211; Wenn die Nacht brennt\",\"author\":{\"@id\":\"https:\\\/\\\/costablanca-magazin.com\\\/es\\\/author\\\/costablanca-magazin-redaktion\\\/#author\"},\"publisher\":{\"@id\":\"https:\\\/\\\/costablanca-magazin.com\\\/es\\\/#organization\"},\"image\":{\"@type\":\"ImageObject\",\"url\":\"https:\\\/\\\/costablanca-magazin.com\\\/wp-content\\\/uploads\\\/2025\\\/06\\\/friends-partying-on-the-beach-2025-03-17-09-47-59-utc.jpg\",\"width\":1200,\"height\":800,\"caption\":\"Sant Joan an der Costa Blanca - Wenn die Nacht brennt\"},\"datePublished\":\"2025-06-19T09:00:00+02:00\",\"dateModified\":\"2026-07-07T10:16:12+02:00\",\"inLanguage\":\"es-ES\",\"mainEntityOfPage\":{\"@id\":\"https:\\\/\\\/costablanca-magazin.com\\\/es\\\/freizeit\\\/veranstaltungen-events\\\/sant-joan-an-der-costa-blanca-wenn-die-nacht-brennt\\\/#webpage\"},\"isPartOf\":{\"@id\":\"https:\\\/\\\/costablanca-magazin.com\\\/es\\\/freizeit\\\/veranstaltungen-events\\\/sant-joan-an-der-costa-blanca-wenn-die-nacht-brennt\\\/#webpage\"},\"articleSection\":\"Veranstaltungen &amp; Events, Feiertage Costa Blanca, Fiestas Costa Blanca\"},{\"@type\":\"BreadcrumbList\",\"@id\":\"https:\\\/\\\/costablanca-magazin.com\\\/es\\\/freizeit\\\/veranstaltungen-events\\\/sant-joan-an-der-costa-blanca-wenn-die-nacht-brennt\\\/#breadcrumblist\",\"itemListElement\":[{\"@type\":\"ListItem\",\"@id\":\"https:\\\/\\\/costablanca-magazin.com\\\/es#listItem\",\"position\":1,\"name\":\"Home\",\"item\":\"https:\\\/\\\/costablanca-magazin.com\\\/es\",\"nextItem\":{\"@type\":\"ListItem\",\"@id\":\"https:\\\/\\\/costablanca-magazin.com\\\/es\\\/veranstaltungen-events\\\/#listItem\",\"name\":\"Veranstaltungen &#038; Events\"}},{\"@type\":\"ListItem\",\"@id\":\"https:\\\/\\\/costablanca-magazin.com\\\/es\\\/veranstaltungen-events\\\/#listItem\",\"position\":2,\"name\":\"Veranstaltungen &#038; Events\",\"previousItem\":{\"@type\":\"ListItem\",\"@id\":\"https:\\\/\\\/costablanca-magazin.com\\\/es#listItem\",\"name\":\"Home\"}}]},{\"@type\":\"Organization\",\"@id\":\"https:\\\/\\\/costablanca-magazin.com\\\/es\\\/#organization\",\"name\":\"Costa Blanca Magazin\",\"description\":\"Costa Blanca Magazin\",\"url\":\"https:\\\/\\\/costablanca-magazin.com\\\/es\\\/\",\"email\":\"info@costablanca-magazin.com\",\"telephone\":\"+34 663 946 871\",\"logo\":{\"@type\":\"ImageObject\",\"url\":\"https:\\\/\\\/costablanca-magazin.com\\\/wp-content\\\/uploads\\\/2024\\\/05\\\/logo.jpg\",\"@id\":\"https:\\\/\\\/costablanca-magazin.com\\\/es\\\/freizeit\\\/veranstaltungen-events\\\/sant-joan-an-der-costa-blanca-wenn-die-nacht-brennt\\\/#organizationLogo\",\"width\":1605,\"height\":236,\"caption\":\"Costa Blanca Magazin\"},\"image\":{\"@id\":\"https:\\\/\\\/costablanca-magazin.com\\\/es\\\/freizeit\\\/veranstaltungen-events\\\/sant-joan-an-der-costa-blanca-wenn-die-nacht-brennt\\\/#organizationLogo\"},\"sameAs\":[\"https:\\\/\\\/www.facebook.com\\\/costablancalifestyle\\\/\",\"https:\\\/\\\/www.instagram.com\\\/costablancamagazin\\\/\"],\"address\":{\"@id\":\"https:\\\/\\\/costablanca-magazin.com\\\/es\\\/#postaladdress\",\"@type\":\"PostalAddress\",\"streetAddress\":\"C\\\/Marina 104, 1\\u00b0, Local 7\",\"postalCode\":\"07620\",\"addressLocality\":\"Llucmajor\",\"addressRegion\":\"Baleares\",\"addressCountry\":\"ES\"},\"taxID\":\"ESB57951659\"},{\"@type\":\"Person\",\"@id\":\"https:\\\/\\\/costablanca-magazin.com\\\/es\\\/author\\\/costablanca-magazin-redaktion\\\/#author\",\"url\":\"https:\\\/\\\/costablanca-magazin.com\\\/es\\\/author\\\/costablanca-magazin-redaktion\\\/\",\"name\":\"Costablanca Magazin Redaktion\"},{\"@type\":\"WebPage\",\"@id\":\"https:\\\/\\\/costablanca-magazin.com\\\/es\\\/freizeit\\\/veranstaltungen-events\\\/sant-joan-an-der-costa-blanca-wenn-die-nacht-brennt\\\/#webpage\",\"url\":\"https:\\\/\\\/costablanca-magazin.com\\\/es\\\/freizeit\\\/veranstaltungen-events\\\/sant-joan-an-der-costa-blanca-wenn-die-nacht-brennt\\\/\",\"name\":\"Sant Joan an der Costa Blanca - Wenn die Nacht brennt\",\"description\":\"Vom stillen Wunsch im Flammenlicht bis zur lodernden Kritik aus Pappmach\\u00e9 \\u2013 an der Costa Blanca verschmelzen Magie, Gemeinschaft und Kultur.\",\"inLanguage\":\"es-ES\",\"isPartOf\":{\"@id\":\"https:\\\/\\\/costablanca-magazin.com\\\/es\\\/#website\"},\"breadcrumb\":{\"@id\":\"https:\\\/\\\/costablanca-magazin.com\\\/es\\\/freizeit\\\/veranstaltungen-events\\\/sant-joan-an-der-costa-blanca-wenn-die-nacht-brennt\\\/#breadcrumblist\"},\"author\":{\"@id\":\"https:\\\/\\\/costablanca-magazin.com\\\/es\\\/author\\\/costablanca-magazin-redaktion\\\/#author\"},\"creator\":{\"@id\":\"https:\\\/\\\/costablanca-magazin.com\\\/es\\\/author\\\/costablanca-magazin-redaktion\\\/#author\"},\"image\":{\"@type\":\"ImageObject\",\"url\":\"https:\\\/\\\/costablanca-magazin.com\\\/wp-content\\\/uploads\\\/2025\\\/06\\\/friends-partying-on-the-beach-2025-03-17-09-47-59-utc.jpg\",\"@id\":\"https:\\\/\\\/costablanca-magazin.com\\\/es\\\/freizeit\\\/veranstaltungen-events\\\/sant-joan-an-der-costa-blanca-wenn-die-nacht-brennt\\\/#mainImage\",\"width\":1200,\"height\":800,\"caption\":\"Sant Joan an der Costa Blanca - Wenn die Nacht brennt\"},\"primaryImageOfPage\":{\"@id\":\"https:\\\/\\\/costablanca-magazin.com\\\/es\\\/freizeit\\\/veranstaltungen-events\\\/sant-joan-an-der-costa-blanca-wenn-die-nacht-brennt\\\/#mainImage\"},\"datePublished\":\"2025-06-19T09:00:00+02:00\",\"dateModified\":\"2026-07-07T10:16:12+02:00\"},{\"@type\":\"WebSite\",\"@id\":\"https:\\\/\\\/costablanca-magazin.com\\\/es\\\/#website\",\"url\":\"https:\\\/\\\/costablanca-magazin.com\\\/es\\\/\",\"name\":\"Costa Blanca Magazin\",\"description\":\"Costa Blanca - alles um das Leben und die Freizeit an der K\\u00fcste\",\"inLanguage\":\"es-ES\",\"publisher\":{\"@id\":\"https:\\\/\\\/costablanca-magazin.com\\\/es\\\/#organization\"}}]}\n\t\t<\/script>\n\t\t<!-- All in One SEO Pro -->\r\n\t\t<title>Sant Joan an der Costa Blanca - Wenn die Nacht brennt<\/title>\n\n","aioseo_head_json":{"title":"Sant Joan en la Costa Blanca - Cuando arde la noche","description":"Desde el deseo silencioso a la luz de las llamas hasta la cr\u00edtica ardiente de papel mach\u00e9: en la Costa Blanca se fusionan la magia, la comunidad y la cultura.","canonical_url":"https:\/\/costablanca-magazin.com\/es\/freizeit\/veranstaltungen-events\/sant-joan-an-der-costa-blanca-wenn-die-nacht-brennt\/","robots":"max-snippet:-1, max-image-preview:large, max-video-preview:-1","keywords":"","webmasterTools":{"miscellaneous":""},"schema":{"@context":"https:\/\/schema.org","@graph":[{"@type":"Article","@id":"https:\/\/costablanca-magazin.com\/es\/freizeit\/veranstaltungen-events\/sant-joan-an-der-costa-blanca-wenn-die-nacht-brennt\/#article","name":"Sant Joan an der Costa Blanca - Wenn die Nacht brennt","headline":"Sant Joan an der Costa Blanca &#8211; Wenn die Nacht brennt","author":{"@id":"https:\/\/costablanca-magazin.com\/es\/author\/costablanca-magazin-redaktion\/#author"},"publisher":{"@id":"https:\/\/costablanca-magazin.com\/es\/#organization"},"image":{"@type":"ImageObject","url":"https:\/\/costablanca-magazin.com\/wp-content\/uploads\/2025\/06\/friends-partying-on-the-beach-2025-03-17-09-47-59-utc.jpg","width":1200,"height":800,"caption":"Sant Joan an der Costa Blanca - Wenn die Nacht brennt"},"datePublished":"2025-06-19T09:00:00+02:00","dateModified":"2026-07-07T10:16:12+02:00","inLanguage":"es-ES","mainEntityOfPage":{"@id":"https:\/\/costablanca-magazin.com\/es\/freizeit\/veranstaltungen-events\/sant-joan-an-der-costa-blanca-wenn-die-nacht-brennt\/#webpage"},"isPartOf":{"@id":"https:\/\/costablanca-magazin.com\/es\/freizeit\/veranstaltungen-events\/sant-joan-an-der-costa-blanca-wenn-die-nacht-brennt\/#webpage"},"articleSection":"Veranstaltungen &amp; Events, Feiertage Costa Blanca, Fiestas Costa Blanca"},{"@type":"BreadcrumbList","@id":"https:\/\/costablanca-magazin.com\/es\/freizeit\/veranstaltungen-events\/sant-joan-an-der-costa-blanca-wenn-die-nacht-brennt\/#breadcrumblist","itemListElement":[{"@type":"ListItem","@id":"https:\/\/costablanca-magazin.com\/es#listItem","position":1,"name":"Home","item":"https:\/\/costablanca-magazin.com\/es","nextItem":{"@type":"ListItem","@id":"https:\/\/costablanca-magazin.com\/es\/veranstaltungen-events\/#listItem","name":"Veranstaltungen &#038; Events"}},{"@type":"ListItem","@id":"https:\/\/costablanca-magazin.com\/es\/veranstaltungen-events\/#listItem","position":2,"name":"Veranstaltungen &#038; Events","previousItem":{"@type":"ListItem","@id":"https:\/\/costablanca-magazin.com\/es#listItem","name":"Home"}}]},{"@type":"Organization","@id":"https:\/\/costablanca-magazin.com\/es\/#organization","name":"Costa Blanca Magazin","description":"Costa Blanca Magazin","url":"https:\/\/costablanca-magazin.com\/es\/","email":"info@costablanca-magazin.com","telephone":"+34 663 946 871","logo":{"@type":"ImageObject","url":"https:\/\/costablanca-magazin.com\/wp-content\/uploads\/2024\/05\/logo.jpg","@id":"https:\/\/costablanca-magazin.com\/es\/freizeit\/veranstaltungen-events\/sant-joan-an-der-costa-blanca-wenn-die-nacht-brennt\/#organizationLogo","width":1605,"height":236,"caption":"Costa Blanca Magazin"},"image":{"@id":"https:\/\/costablanca-magazin.com\/es\/freizeit\/veranstaltungen-events\/sant-joan-an-der-costa-blanca-wenn-die-nacht-brennt\/#organizationLogo"},"sameAs":["https:\/\/www.facebook.com\/costablancalifestyle\/","https:\/\/www.instagram.com\/costablancamagazin\/"],"address":{"@id":"https:\/\/costablanca-magazin.com\/es\/#postaladdress","@type":"PostalAddress","streetAddress":"C\/Marina 104, 1\u00b0, Local 7","postalCode":"07620","addressLocality":"Llucmajor","addressRegion":"Baleares","addressCountry":"ES"},"taxID":"ESB57951659"},{"@type":"Person","@id":"https:\/\/costablanca-magazin.com\/es\/author\/costablanca-magazin-redaktion\/#author","url":"https:\/\/costablanca-magazin.com\/es\/author\/costablanca-magazin-redaktion\/","name":"Costablanca Magazin Redaktion"},{"@type":"WebPage","@id":"https:\/\/costablanca-magazin.com\/es\/freizeit\/veranstaltungen-events\/sant-joan-an-der-costa-blanca-wenn-die-nacht-brennt\/#webpage","url":"https:\/\/costablanca-magazin.com\/es\/freizeit\/veranstaltungen-events\/sant-joan-an-der-costa-blanca-wenn-die-nacht-brennt\/","name":"Sant Joan an der Costa Blanca - Wenn die Nacht brennt","description":"Vom stillen Wunsch im Flammenlicht bis zur lodernden Kritik aus Pappmach\u00e9 \u2013 an der Costa Blanca verschmelzen Magie, Gemeinschaft und Kultur.","inLanguage":"es-ES","isPartOf":{"@id":"https:\/\/costablanca-magazin.com\/es\/#website"},"breadcrumb":{"@id":"https:\/\/costablanca-magazin.com\/es\/freizeit\/veranstaltungen-events\/sant-joan-an-der-costa-blanca-wenn-die-nacht-brennt\/#breadcrumblist"},"author":{"@id":"https:\/\/costablanca-magazin.com\/es\/author\/costablanca-magazin-redaktion\/#author"},"creator":{"@id":"https:\/\/costablanca-magazin.com\/es\/author\/costablanca-magazin-redaktion\/#author"},"image":{"@type":"ImageObject","url":"https:\/\/costablanca-magazin.com\/wp-content\/uploads\/2025\/06\/friends-partying-on-the-beach-2025-03-17-09-47-59-utc.jpg","@id":"https:\/\/costablanca-magazin.com\/es\/freizeit\/veranstaltungen-events\/sant-joan-an-der-costa-blanca-wenn-die-nacht-brennt\/#mainImage","width":1200,"height":800,"caption":"Sant Joan an der Costa Blanca - Wenn die Nacht brennt"},"primaryImageOfPage":{"@id":"https:\/\/costablanca-magazin.com\/es\/freizeit\/veranstaltungen-events\/sant-joan-an-der-costa-blanca-wenn-die-nacht-brennt\/#mainImage"},"datePublished":"2025-06-19T09:00:00+02:00","dateModified":"2026-07-07T10:16:12+02:00"},{"@type":"WebSite","@id":"https:\/\/costablanca-magazin.com\/es\/#website","url":"https:\/\/costablanca-magazin.com\/es\/","name":"Costa Blanca Magazin","description":"Costa Blanca - alles um das Leben und die Freizeit an der K\u00fcste","inLanguage":"es-ES","publisher":{"@id":"https:\/\/costablanca-magazin.com\/es\/#organization"}}]},"og:locale":"es_ES","og:site_name":"Costa Blanca Magazin","og:type":"article","og:title":"Sant Joan an der Costa Blanca - Wenn die Nacht brennt","og:description":"Vom stillen Wunsch im Flammenlicht bis zur lodernden Kritik aus Pappmach\u00e9 \u2013 an der Costa Blanca verschmelzen Magie, Gemeinschaft und Kultur.","og:url":"https:\/\/costablanca-magazin.com\/es\/freizeit\/veranstaltungen-events\/sant-joan-an-der-costa-blanca-wenn-die-nacht-brennt\/","og:image":"https:\/\/costablanca-magazin.com\/wp-content\/uploads\/2025\/06\/friends-partying-on-the-beach-2025-03-17-09-47-59-utc.jpg","og:image:secure_url":"https:\/\/costablanca-magazin.com\/wp-content\/uploads\/2025\/06\/friends-partying-on-the-beach-2025-03-17-09-47-59-utc.jpg","og:image:width":1200,"og:image:height":800,"article:published_time":"2025-06-19T07:00:00+00:00","article:modified_time":"2026-07-07T08:16:12+00:00","article:publisher":"https:\/\/www.facebook.com\/costablancalifestyle\/","twitter:card":"summary_large_image","twitter:title":"Sant Joan an der Costa Blanca - Wenn die Nacht brennt","twitter:description":"Vom stillen Wunsch im Flammenlicht bis zur lodernden Kritik aus Pappmach\u00e9 \u2013 an der Costa Blanca verschmelzen Magie, Gemeinschaft und Kultur.","twitter:image":"https:\/\/costablanca-magazin.com\/wp-content\/uploads\/2025\/06\/friends-partying-on-the-beach-2025-03-17-09-47-59-utc.jpg"},"aioseo_meta_data":{"post_id":"4545","title":"Eventos Costa Blanca - Conciertos y...","description":"Resumen de los eventos, fiestas y conciertos actuales en la Costa Blanca: lo m\u00e1s destacado, fechas, consejos y mucho m\u00e1s.","keywords":null,"keyphrases":{"focus":{"keyphrase":"","score":0,"analysis":{"keyphraseInTitle":{"score":0,"maxScore":9,"error":1}}},"additional":[]},"primary_term":null,"canonical_url":"https:\/\/costablanca-magazin.com\/freizeit\/","og_title":null,"og_description":null,"og_object_type":"default","og_image_type":"default","og_image_url":null,"og_image_width":null,"og_image_height":null,"og_image_custom_url":null,"og_image_custom_fields":null,"og_video":"","og_custom_url":null,"og_article_section":null,"og_article_tags":null,"twitter_use_og":false,"twitter_card":"default","twitter_image_type":"default","twitter_image_url":null,"twitter_image_custom_url":null,"twitter_image_custom_fields":null,"twitter_title":null,"twitter_description":null,"schema":{"blockGraphs":[],"customGraphs":[],"default":{"data":{"Article":[],"Course":[],"Dataset":[],"FAQPage":[],"Movie":[],"Person":[],"Product":[],"ProductReview":[],"Car":[],"Recipe":[],"Service":[],"SoftwareApplication":[],"WebPage":[]},"graphName":"WebPage","isEnabled":true},"graphs":[]},"schema_type":"default","schema_type_options":null,"pillar_content":false,"robots_default":true,"robots_noindex":false,"robots_noarchive":false,"robots_nosnippet":false,"robots_nofollow":false,"robots_noimageindex":false,"robots_noodp":false,"robots_notranslate":false,"robots_max_snippet":"-1","robots_max_videopreview":"-1","robots_max_imagepreview":"large","priority":null,"frequency":"default","local_seo":null,"seo_analyzer_scan_date":"2026-05-08 11:33:02","breadcrumb_settings":null,"limit_modified_date":false,"reviewed_by":null,"open_ai":null,"ai":{"faqs":[],"keyPoints":[],"titles":[],"descriptions":[],"socialPosts":{"email":[],"linkedin":[],"twitter":[],"facebook":[],"instagram":[]}},"created":"2025-01-21 08:04:06","updated":"2026-05-08 11:33:02","focus_keyword":null,"additional_keywords":null,"truseo_locale":null},"aioseo_breadcrumb":"<div class=\"aioseo-breadcrumbs\"><span class=\"aioseo-breadcrumb\">\n\t<a href=\"https:\/\/costablanca-magazin.com\/es\" title=\"Home\">Home<\/a>\n<\/span><span class=\"aioseo-breadcrumb-separator\">&raquo;<\/span><span class=\"aioseo-breadcrumb\">\n\tVeranstaltungen &amp; Events\n<\/span><\/div>","aioseo_breadcrumb_json":[{"label":"Home","link":"https:\/\/costablanca-magazin.com\/es"},{"label":"Veranstaltungen &#038; Events","link":"https:\/\/costablanca-magazin.com\/es\/veranstaltungen-events\/"}],"_links":{"self":[{"href":"https:\/\/costablanca-magazin.com\/es\/wp-json\/wp\/v2\/pages\/4545","targetHints":{"allow":["GET"]}}],"collection":[{"href":"https:\/\/costablanca-magazin.com\/es\/wp-json\/wp\/v2\/pages"}],"about":[{"href":"https:\/\/costablanca-magazin.com\/es\/wp-json\/wp\/v2\/types\/page"}],"author":[{"embeddable":true,"href":"https:\/\/costablanca-magazin.com\/es\/wp-json\/wp\/v2\/users\/1"}],"replies":[{"embeddable":true,"href":"https:\/\/costablanca-magazin.com\/es\/wp-json\/wp\/v2\/comments?post=4545"}],"version-history":[{"count":21,"href":"https:\/\/costablanca-magazin.com\/es\/wp-json\/wp\/v2\/pages\/4545\/revisions"}],"predecessor-version":[{"id":11611,"href":"https:\/\/costablanca-magazin.com\/es\/wp-json\/wp\/v2\/pages\/4545\/revisions\/11611"}],"wp:attachment":[{"href":"https:\/\/costablanca-magazin.com\/es\/wp-json\/wp\/v2\/media?parent=4545"}],"curies":[{"name":"wp","href":"https:\/\/api.w.org\/{rel}","templated":true}]}}