{"id":4545,"date":"2025-01-21T09:04:06","date_gmt":"2025-01-21T08:04:06","guid":{"rendered":"https:\/\/costablanca-magazin.com\/?page_id=4545"},"modified":"2026-02-11T11:53:27","modified_gmt":"2026-02-11T10:53:27","slug":"eventos-eventos","status":"publish","type":"page","link":"https:\/\/costablanca-magazin.com\/es\/veranstaltungen-events\/","title":{"rendered":"Eventos"},"content":{"rendered":"<div data-elementor-type=\"wp-page\" data-elementor-id=\"4545\" class=\"elementor elementor-4545\" data-elementor-post-type=\"page\">\n\t\t\t\t<div class=\"elementor-element elementor-element-5913c94 e-flex e-con-boxed e-con e-parent\" data-id=\"5913c94\" data-element_type=\"container\" data-e-type=\"container\">\n\t\t\t\t\t<div class=\"e-con-inner\">\n\t\t\t\t<div class=\"elementor-element elementor-element-b61dab1 elementor-widget elementor-widget-heading\" data-id=\"b61dab1\" data-element_type=\"widget\" data-e-type=\"widget\" data-widget_type=\"heading.default\">\n\t\t\t\t<div class=\"elementor-widget-container\">\n\t\t\t\t\t<h1 class=\"elementor-heading-title elementor-size-default\">Ocio - Eventos<\/h1>\t\t\t\t<\/div>\n\t\t\t\t<\/div>\n\t\t\t\t\t<\/div>\n\t\t\t\t<\/div>\n\t\t<div class=\"elementor-element elementor-element-1667472 e-flex e-con-boxed e-con e-parent\" data-id=\"1667472\" data-element_type=\"container\" data-e-type=\"container\">\n\t\t\t\t\t<div class=\"e-con-inner\">\n\t\t\t\t<div class=\"elementor-element elementor-element-abd6586 elementor-grid-3 elementor-grid-tablet-2 elementor-grid-mobile-1 elementor-posts--thumbnail-top elementor-card-shadow-yes elementor-posts__hover-gradient elementor-widget elementor-widget-posts\" data-id=\"abd6586\" data-element_type=\"widget\" data-e-type=\"widget\" data-settings=\"{&quot;pagination_type&quot;:&quot;numbers&quot;,&quot;cards_columns&quot;:&quot;3&quot;,&quot;cards_columns_tablet&quot;:&quot;2&quot;,&quot;cards_columns_mobile&quot;:&quot;1&quot;,&quot;cards_row_gap&quot;:{&quot;unit&quot;:&quot;px&quot;,&quot;size&quot;:35,&quot;sizes&quot;:[]},&quot;cards_row_gap_tablet&quot;:{&quot;unit&quot;:&quot;px&quot;,&quot;size&quot;:&quot;&quot;,&quot;sizes&quot;:[]},&quot;cards_row_gap_mobile&quot;:{&quot;unit&quot;:&quot;px&quot;,&quot;size&quot;:&quot;&quot;,&quot;sizes&quot;:[]}}\" data-widget_type=\"posts.cards\">\n\t\t\t\t<div class=\"elementor-widget-container\">\n\t\t\t\t\t\t\t<div class=\"elementor-posts-container elementor-posts elementor-posts--skin-cards elementor-grid\" role=\"list\">\n\t\t\t\t<article class=\"elementor-post elementor-grid-item post-11484 post type-post status-publish format-standard has-post-thumbnail hentry category-veranstaltungen-events tag-costa-blanca-2 tag-events-costa-blanca tag-fiestas-costa-blanca tag-konzerte-costa-blanca tag-kultur-costa-blanca tag-veranstaltungen-costa-blanca-mai tag-veranstaltungskalender-costa-blanca\" role=\"listitem\">\n\t\t\t<div class=\"elementor-post__card\">\n\t\t\t\t<a class=\"elementor-post__thumbnail__link\" href=\"https:\/\/costablanca-magazin.com\/es\/freizeit\/veranstaltungen-events\/veranstaltungen-un-events-an-der-costa-blanca-mai-2026\/\" tabindex=\"-1\" ><div class=\"elementor-post__thumbnail\"><img fetchpriority=\"high\" decoding=\"async\" width=\"300\" height=\"169\" src=\"https:\/\/costablanca-magazin.com\/wp-content\/uploads\/2026\/05\/AdobeStock_296419932-300x169.jpeg\" class=\"attachment-medium size-medium wp-image-11485\" alt=\"Eventos Costa Blanca - Mayo 2026\" srcset=\"https:\/\/costablanca-magazin.com\/wp-content\/uploads\/2026\/05\/AdobeStock_296419932-300x169.jpeg 300w, https:\/\/costablanca-magazin.com\/wp-content\/uploads\/2026\/05\/AdobeStock_296419932-1024x576.jpeg 1024w, https:\/\/costablanca-magazin.com\/wp-content\/uploads\/2026\/05\/AdobeStock_296419932-768x432.jpeg 768w, https:\/\/costablanca-magazin.com\/wp-content\/uploads\/2026\/05\/AdobeStock_296419932-1536x864.jpeg 1536w, https:\/\/costablanca-magazin.com\/wp-content\/uploads\/2026\/05\/AdobeStock_296419932-2048x1152.jpeg 2048w, https:\/\/costablanca-magazin.com\/wp-content\/uploads\/2026\/05\/AdobeStock_296419932-18x10.jpeg 18w\" sizes=\"(max-width: 300px) 100vw, 300px\" \/><\/div><\/a>\n\t\t\t\t<div class=\"elementor-post__badge\">Eventos<\/div>\n\t\t\t\t<div class=\"elementor-post__text\">\n\t\t\t\t<h2 class=\"elementor-post__title\">\n\t\t\t<a href=\"https:\/\/costablanca-magazin.com\/es\/freizeit\/veranstaltungen-events\/veranstaltungen-un-events-an-der-costa-blanca-mai-2026\/\" >\n\t\t\t\tEventos en la Costa Blanca - Mayo 2026\t\t\t<\/a>\n\t\t<\/h2>\n\t\t\t\t<div class=\"elementor-post__excerpt\">\n\t\t\t<p>Eventos Costa Blanca - Mayo 2026 Eventos en Mayo en la Costa Blanca: Cultura, conciertos, teatro, eventos, fiestas y citas locales desde D\u00e9nia a Torrevieja de un vistazo. Mayo trae movimiento al calendario de la Costa Blanca. En Torrevieja, la Feria de Mayo trae la cultura festiva andaluza con casetas,<\/p>\n\t\t<\/div>\n\t\t\n\t\t<a class=\"elementor-post__read-more\" href=\"https:\/\/costablanca-magazin.com\/es\/freizeit\/veranstaltungen-events\/veranstaltungen-un-events-an-der-costa-blanca-mai-2026\/\" aria-label=\"M\u00e1s informaci\u00f3n sobre Veranstaltungen un Events an der Costa Blanca \u2013 Mai 2026\" tabindex=\"-1\" >\n\t\t\tLeer m\u00e1s \u00bb\t\t<\/a>\n\n\t\t\t\t<\/div>\n\t\t\t\t\t<\/div>\n\t\t<\/article>\n\t\t\t\t<article class=\"elementor-post elementor-grid-item post-11423 post type-post status-publish format-standard has-post-thumbnail hentry category-veranstaltungen-events tag-fiestas-costa-blanca-2026 tag-moros-y-cristianos-benidorm tag-moros-y-cristianos-costa-blanca-2026 tag-moros-y-cristianos-denia tag-moros-y-cristianos-termine-2026 tag-moros-y-cristianos-villajoyosa\" role=\"listitem\">\n\t\t\t<div class=\"elementor-post__card\">\n\t\t\t\t<a class=\"elementor-post__thumbnail__link\" href=\"https:\/\/costablanca-magazin.com\/es\/freizeit\/veranstaltungen-events\/moros-y-cristianos-costa-blanca-2026-termine-und-feste\/\" tabindex=\"-1\" ><div class=\"elementor-post__thumbnail\"><img decoding=\"async\" width=\"300\" height=\"135\" src=\"https:\/\/costablanca-magazin.com\/wp-content\/uploads\/2025\/09\/calpe-moros-300x135.jpg\" class=\"attachment-medium size-medium wp-image-8738\" alt=\"Calpe moros y cristianos\" srcset=\"https:\/\/costablanca-magazin.com\/wp-content\/uploads\/2025\/09\/calpe-moros-300x135.jpg 300w, https:\/\/costablanca-magazin.com\/wp-content\/uploads\/2025\/09\/calpe-moros-1024x460.jpg 1024w, https:\/\/costablanca-magazin.com\/wp-content\/uploads\/2025\/09\/calpe-moros-768x345.jpg 768w, https:\/\/costablanca-magazin.com\/wp-content\/uploads\/2025\/09\/calpe-moros.jpg 1200w\" sizes=\"(max-width: 300px) 100vw, 300px\" \/><\/div><\/a>\n\t\t\t\t<div class=\"elementor-post__badge\">Eventos<\/div>\n\t\t\t\t<div class=\"elementor-post__text\">\n\t\t\t\t<h2 class=\"elementor-post__title\">\n\t\t\t<a href=\"https:\/\/costablanca-magazin.com\/es\/freizeit\/veranstaltungen-events\/moros-y-cristianos-costa-blanca-2026-termine-und-feste\/\" >\n\t\t\t\tMoros y Cristianos Costa Blanca 2026 - Fechas y festividades\t\t\t<\/a>\n\t\t<\/h2>\n\t\t\t\t<div class=\"elementor-post__excerpt\">\n\t\t\t<p>Moros y Cristianos Costa Blanca 2026 - Fechas y festividades Por qu\u00e9 estas fiestas son algo m\u00e1s que coloridos desfiles Primero llegan los tambores. Luego las bocinas. Despu\u00e9s, la calle se llena de telas pesadas, cascos brillantes, coronas de plumas, estandartes, caballos y grupos que no s\u00f3lo \u201epasean\u201c, sino que llevan meses preparando su aparici\u00f3n.<\/p>\n\t\t<\/div>\n\t\t\n\t\t<a class=\"elementor-post__read-more\" href=\"https:\/\/costablanca-magazin.com\/es\/freizeit\/veranstaltungen-events\/moros-y-cristianos-costa-blanca-2026-termine-und-feste\/\" aria-label=\"M\u00e1s informaci\u00f3n sobre Moros y Cristianos Costa Blanca 2026 &#8211; Termine und Feste\" tabindex=\"-1\" >\n\t\t\tLeer m\u00e1s \u00bb\t\t<\/a>\n\n\t\t\t\t<\/div>\n\t\t\t\t\t<\/div>\n\t\t<\/article>\n\t\t\t\t<article class=\"elementor-post elementor-grid-item post-11337 post type-post status-publish format-standard has-post-thumbnail hentry category-veranstaltungen-events tag-altea-veranstaltungen tag-april-costa-blanca tag-denia-veranstaltungen tag-events-costa-blanca-2026 tag-ostern-costa-blanca tag-semana-santa-costa-blanca tag-veranstaltungen-costa-blanca\" role=\"listitem\">\n\t\t\t<div class=\"elementor-post__card\">\n\t\t\t\t<a class=\"elementor-post__thumbnail__link\" href=\"https:\/\/costablanca-magazin.com\/es\/freizeit\/veranstaltungen-events\/april-an-der-costa-blanca-events-und-ostern-2026\/\" tabindex=\"-1\" ><div class=\"elementor-post__thumbnail\"><img decoding=\"async\" width=\"300\" height=\"200\" src=\"https:\/\/costablanca-magazin.com\/wp-content\/uploads\/2026\/04\/crowd-in-costumes-in-semana-santa-festival-capture-2026-03-18-07-56-36-utc-300x200.jpeg\" class=\"attachment-medium size-medium wp-image-11338\" alt=\"Abril en la Costa Blanca: eventos, Semana Santa y eventos 2026\" srcset=\"https:\/\/costablanca-magazin.com\/wp-content\/uploads\/2026\/04\/crowd-in-costumes-in-semana-santa-festival-capture-2026-03-18-07-56-36-utc-300x200.jpeg 300w, https:\/\/costablanca-magazin.com\/wp-content\/uploads\/2026\/04\/crowd-in-costumes-in-semana-santa-festival-capture-2026-03-18-07-56-36-utc-1024x684.jpeg 1024w, https:\/\/costablanca-magazin.com\/wp-content\/uploads\/2026\/04\/crowd-in-costumes-in-semana-santa-festival-capture-2026-03-18-07-56-36-utc-768x513.jpeg 768w, https:\/\/costablanca-magazin.com\/wp-content\/uploads\/2026\/04\/crowd-in-costumes-in-semana-santa-festival-capture-2026-03-18-07-56-36-utc-1536x1026.jpeg 1536w, https:\/\/costablanca-magazin.com\/wp-content\/uploads\/2026\/04\/crowd-in-costumes-in-semana-santa-festival-capture-2026-03-18-07-56-36-utc-2048x1368.jpeg 2048w, https:\/\/costablanca-magazin.com\/wp-content\/uploads\/2026\/04\/crowd-in-costumes-in-semana-santa-festival-capture-2026-03-18-07-56-36-utc-18x12.jpeg 18w\" sizes=\"(max-width: 300px) 100vw, 300px\" \/><\/div><\/a>\n\t\t\t\t<div class=\"elementor-post__badge\">Eventos<\/div>\n\t\t\t\t<div class=\"elementor-post__text\">\n\t\t\t\t<h2 class=\"elementor-post__title\">\n\t\t\t<a href=\"https:\/\/costablanca-magazin.com\/es\/freizeit\/veranstaltungen-events\/april-an-der-costa-blanca-events-und-ostern-2026\/\" >\n\t\t\t\tAbril en la Costa Blanca - Eventos y Semana Santa 2026\t\t\t<\/a>\n\t\t<\/h2>\n\t\t\t\t<div class=\"elementor-post__excerpt\">\n\t\t\t<p>Abril en la Costa Blanca: Fiestas, Semana Santa y Eventos 2026 Entre Semana Santa, programas esc\u00e9nicos y fiestas mayores, el calendario de eventos de abril muestra la diferente forma en que los municipios de la Costa Blanca dan forma a la primavera. Abril aporta movimiento al calendario de la Costa Blanca. En primer lugar, la Semana Santa con sus procesiones,<\/p>\n\t\t<\/div>\n\t\t\n\t\t<a class=\"elementor-post__read-more\" href=\"https:\/\/costablanca-magazin.com\/es\/freizeit\/veranstaltungen-events\/april-an-der-costa-blanca-events-und-ostern-2026\/\" aria-label=\"M\u00e1s informaci\u00f3n sobre April an der Costa Blanca &#8211; Events und Ostern 2026\" tabindex=\"-1\" >\n\t\t\tLeer m\u00e1s \u00bb\t\t<\/a>\n\n\t\t\t\t<\/div>\n\t\t\t\t\t<\/div>\n\t\t<\/article>\n\t\t\t\t<article class=\"elementor-post elementor-grid-item post-9685 post type-post status-publish format-standard has-post-thumbnail hentry category-veranstaltungen-events tag-cabalgata-reyes-costa-blanca tag-gottesdienste-costa-blanca tag-misa-del-gallo-alicante tag-reyes-magos tag-weihnachten-an-der-costa-blanca tag-weihnachten-spanien-braeuche\" role=\"listitem\">\n\t\t\t<div class=\"elementor-post__card\">\n\t\t\t\t<a class=\"elementor-post__thumbnail__link\" href=\"https:\/\/costablanca-magazin.com\/es\/freizeit\/veranstaltungen-events\/weihnachten-costa-blanca-2025-messen-umzuege-reyes\/\" tabindex=\"-1\" ><div class=\"elementor-post__thumbnail\"><img loading=\"lazy\" decoding=\"async\" width=\"300\" height=\"169\" src=\"https:\/\/costablanca-magazin.com\/wp-content\/uploads\/2025\/11\/4.png\" class=\"attachment-medium size-medium wp-image-9590\" alt=\"Celebrar la Navidad en la Costa Blanca: ferias, desfiles - Cabalgata de Reyes y rituales locales\" \/><\/div><\/a>\n\t\t\t\t<div class=\"elementor-post__badge\">Eventos<\/div>\n\t\t\t\t<div class=\"elementor-post__text\">\n\t\t\t\t<h2 class=\"elementor-post__title\">\n\t\t\t<a href=\"https:\/\/costablanca-magazin.com\/es\/freizeit\/veranstaltungen-events\/weihnachten-costa-blanca-2025-messen-umzuege-reyes\/\" >\n\t\t\t\tNavidad Costa Blanca 2025 - Ferias, cabalgatas y Reyes\t\t\t<\/a>\n\t\t<\/h2>\n\t\t\t\t<div class=\"elementor-post__excerpt\">\n\t\t\t<p>Navidad en la Costa Blanca 2025: misas, desfiles y Reyes Las celebraciones navide\u00f1as m\u00e1s importantes de la Costa Blanca: Misa del Gallo, Cabalgata de Reyes, misas internacionales y tradiciones regionales. Las misas, desfiles y tradiciones navide\u00f1as m\u00e1s importantes entre la Marina Alta y la Vega Baja. El marco religioso de las fiestas en la Costa Blanca.<\/p>\n\t\t<\/div>\n\t\t\n\t\t<a class=\"elementor-post__read-more\" href=\"https:\/\/costablanca-magazin.com\/es\/freizeit\/veranstaltungen-events\/weihnachten-costa-blanca-2025-messen-umzuege-reyes\/\" aria-label=\"M\u00e1s informaci\u00f3n sobre Weihnachten Costa Blanca 2025 \u2013 Messen, Umz\u00fcge &amp; Reyes\" tabindex=\"-1\" >\n\t\t\tLeer m\u00e1s \u00bb\t\t<\/a>\n\n\t\t\t\t<\/div>\n\t\t\t\t\t<\/div>\n\t\t<\/article>\n\t\t\t\t<article class=\"elementor-post elementor-grid-item post-9657 post type-post status-publish format-standard has-post-thumbnail hentry category-veranstaltungen-events tag-alicante-weihnachten tag-altea-mercado-navideno tag-denia-mercat-nadal tag-events-costa-blanca-dezember tag-torrevieja-weihnachten tag-weihnachten-an-der-costa-blanca tag-weihnachtsmarkt-costa-blanca\" role=\"listitem\">\n\t\t\t<div class=\"elementor-post__card\">\n\t\t\t\t<a class=\"elementor-post__thumbnail__link\" href=\"https:\/\/costablanca-magazin.com\/es\/freizeit\/veranstaltungen-events\/weihnachtsmaerkte-costa-blanca-2025-termine-highlights\/\" tabindex=\"-1\" ><div class=\"elementor-post__thumbnail\"><img loading=\"lazy\" decoding=\"async\" width=\"300\" height=\"169\" src=\"https:\/\/costablanca-magazin.com\/wp-content\/uploads\/2025\/11\/2.png\" class=\"attachment-medium size-medium wp-image-9588\" alt=\"Mercados navide\u00f1os en la Costa Blanca 2025: fechas, lugares y lo m\u00e1s destacado\" \/><\/div><\/a>\n\t\t\t\t<div class=\"elementor-post__badge\">Eventos<\/div>\n\t\t\t\t<div class=\"elementor-post__text\">\n\t\t\t\t<h2 class=\"elementor-post__title\">\n\t\t\t<a href=\"https:\/\/costablanca-magazin.com\/es\/freizeit\/veranstaltungen-events\/weihnachtsmaerkte-costa-blanca-2025-termine-highlights\/\" >\n\t\t\t\tMercados Navide\u00f1os Costa Blanca 2025 - Fechas y Puntos Destacados\t\t\t<\/a>\n\t\t<\/h2>\n\t\t\t\t<div class=\"elementor-post__excerpt\">\n\t\t\t<p>Mercados navide\u00f1os en la Costa Blanca 2025: fechas y aspectos destacados Todos los mercados navide\u00f1os de 2025 en la Costa Blanca: Altea, D\u00e9nia, Alicante, Torrevieja, J\u00e1vea y m\u00e1s. Fechas, consejos y programas. Los mercados m\u00e1s importantes desde Denia hasta Torrevieja, incluyendo iluminaciones, programas y fechas confirmadas para diciembre de 2025. Desde la artesan\u00eda en Altea hasta los<\/p>\n\t\t<\/div>\n\t\t\n\t\t<a class=\"elementor-post__read-more\" href=\"https:\/\/costablanca-magazin.com\/es\/freizeit\/veranstaltungen-events\/weihnachtsmaerkte-costa-blanca-2025-termine-highlights\/\" aria-label=\"M\u00e1s informaci\u00f3n sobre Weihnachtsm\u00e4rkte Costa Blanca 2025 \u2013 Termine &amp; Highlights\" tabindex=\"-1\" >\n\t\t\tLeer m\u00e1s \u00bb\t\t<\/a>\n\n\t\t\t\t<\/div>\n\t\t\t\t\t<\/div>\n\t\t<\/article>\n\t\t\t\t<article class=\"elementor-post elementor-grid-item post-9587 post type-post status-publish format-standard has-post-thumbnail hentry category-veranstaltungen-events tag-braeuche-spanien-weihnachten tag-costa-blanca-weihnachten tag-krippen-costa-blanca tag-misa-del-gallo-costa-blanca tag-weihnachten-alicante tag-weihnachten-an-der-costa-blanca\" role=\"listitem\">\n\t\t\t<div class=\"elementor-post__card\">\n\t\t\t\t<a class=\"elementor-post__thumbnail__link\" href=\"https:\/\/costablanca-magazin.com\/es\/freizeit\/veranstaltungen-events\/weihnachten-2025-an-der-costa-blanca-krippen-rituale\/\" tabindex=\"-1\" ><div class=\"elementor-post__thumbnail\"><img loading=\"lazy\" decoding=\"async\" width=\"300\" height=\"169\" src=\"https:\/\/costablanca-magazin.com\/wp-content\/uploads\/2025\/11\/1.png\" class=\"attachment-medium size-medium wp-image-9586\" alt=\"Navidad en la Costa Blanca 2025: tradiciones, belenes y costumbres regionales\" \/><\/div><\/a>\n\t\t\t\t<div class=\"elementor-post__badge\">Eventos<\/div>\n\t\t\t\t<div class=\"elementor-post__text\">\n\t\t\t\t<h2 class=\"elementor-post__title\">\n\t\t\t<a href=\"https:\/\/costablanca-magazin.com\/es\/freizeit\/veranstaltungen-events\/weihnachten-2025-an-der-costa-blanca-krippen-rituale\/\" >\n\t\t\t\tNavidad 2025 en la Costa Blanca - Belenes y rituales\t\t\t<\/a>\n\t\t<\/h2>\n\t\t\t\t<div class=\"elementor-post__excerpt\">\n\t\t\t<p>Mercados navide\u00f1os en la Costa Blanca 2025: fechas y aspectos destacados Todos los mercados navide\u00f1os de 2025 en la Costa Blanca: Altea, D\u00e9nia, Alicante, Torrevieja, J\u00e1vea y m\u00e1s. Fechas, consejos y programas. C\u00f3mo los municipios desde la Marina Alta hasta la Vega Baja organizan las fiestas, con costumbres regionales, tradiciones familiares y un ambiente que...<\/p>\n\t\t<\/div>\n\t\t\n\t\t<a class=\"elementor-post__read-more\" href=\"https:\/\/costablanca-magazin.com\/es\/freizeit\/veranstaltungen-events\/weihnachten-2025-an-der-costa-blanca-krippen-rituale\/\" aria-label=\"M\u00e1s informaci\u00f3n sobre Weihnachten 2025 an der Costa Blanca \u2013 Krippen &amp; Rituale\" tabindex=\"-1\" >\n\t\t\tLeer m\u00e1s \u00bb\t\t<\/a>\n\n\t\t\t\t<\/div>\n\t\t\t\t\t<\/div>\n\t\t<\/article>\n\t\t\t\t<article class=\"elementor-post elementor-grid-item post-9411 post type-post status-publish format-standard has-post-thumbnail hentry category-veranstaltungen-events tag-advent-costa-blanca tag-calpe-altea-benidorm-events tag-costa-blanca-events-2025 tag-kulturprogramm-costa-blanca tag-weihnachtsmaerkte-costa-blanca tag-weihnachtsprogramm-costa-blanca tag-weihnachtsveranstaltungen-costa-blanca tag-winterevents-spanien\" role=\"listitem\">\n\t\t\t<div class=\"elementor-post__card\">\n\t\t\t\t<a class=\"elementor-post__thumbnail__link\" href=\"https:\/\/costablanca-magazin.com\/es\/freizeit\/veranstaltungen-events\/events-costa-blanca-nov-dez-2025-2026\/\" tabindex=\"-1\" ><div class=\"elementor-post__thumbnail\"><img loading=\"lazy\" decoding=\"async\" width=\"300\" height=\"169\" src=\"https:\/\/costablanca-magazin.com\/wp-content\/uploads\/2025\/11\/santa-claus-opens-magic-christmas-gift-box-2024-11-20-04-20-21-utc-300x169.jpg\" class=\"attachment-medium size-medium wp-image-9447\" alt=\"EVENTOS 11\/12\" srcset=\"https:\/\/costablanca-magazin.com\/wp-content\/uploads\/2025\/11\/santa-claus-opens-magic-christmas-gift-box-2024-11-20-04-20-21-utc-300x169.jpg 300w, https:\/\/costablanca-magazin.com\/wp-content\/uploads\/2025\/11\/santa-claus-opens-magic-christmas-gift-box-2024-11-20-04-20-21-utc-1024x576.jpg 1024w, https:\/\/costablanca-magazin.com\/wp-content\/uploads\/2025\/11\/santa-claus-opens-magic-christmas-gift-box-2024-11-20-04-20-21-utc-768x432.jpg 768w, https:\/\/costablanca-magazin.com\/wp-content\/uploads\/2025\/11\/santa-claus-opens-magic-christmas-gift-box-2024-11-20-04-20-21-utc-18x10.jpg 18w, https:\/\/costablanca-magazin.com\/wp-content\/uploads\/2025\/11\/santa-claus-opens-magic-christmas-gift-box-2024-11-20-04-20-21-utc.jpg 1200w\" sizes=\"(max-width: 300px) 100vw, 300px\" \/><\/div><\/a>\n\t\t\t\t<div class=\"elementor-post__badge\">Eventos<\/div>\n\t\t\t\t<div class=\"elementor-post__text\">\n\t\t\t\t<h2 class=\"elementor-post__title\">\n\t\t\t<a href=\"https:\/\/costablanca-magazin.com\/es\/freizeit\/veranstaltungen-events\/events-costa-blanca-nov-dez-2025-2026\/\" >\n\t\t\t\tInvierno en la Costa Blanca- Todos los eventos 2025\/26\t\t\t<\/a>\n\t\t<\/h2>\n\t\t\t\t<div class=\"elementor-post__excerpt\">\n\t\t\t<p>Eventos Costa Blanca noviembre\/diciembre de 2025 Eventos destacados en la Costa Blanca: mercados navide\u00f1os, conciertos, exposiciones y eventos familiares de noviembre de 2025 a enero de 2026. \u00a1Navidad, Adviento y comienzo del nuevo a\u00f1o en la Costa Blanca! Cuando los d\u00edas se acortan y las tardes se alargan, la Costa Blanca despierta en<\/p>\n\t\t<\/div>\n\t\t\n\t\t<a class=\"elementor-post__read-more\" href=\"https:\/\/costablanca-magazin.com\/es\/freizeit\/veranstaltungen-events\/events-costa-blanca-nov-dez-2025-2026\/\" aria-label=\"M\u00e1s informaci\u00f3n sobre Winter an der Costa Blanca- Alle Veranstaltungen 2025\/26\" tabindex=\"-1\" >\n\t\t\tLeer m\u00e1s \u00bb\t\t<\/a>\n\n\t\t\t\t<\/div>\n\t\t\t\t\t<\/div>\n\t\t<\/article>\n\t\t\t\t<article class=\"elementor-post elementor-grid-item post-9084 post type-post status-publish format-standard has-post-thumbnail hentry category-veranstaltungen-events tag-costa-blanca-2 tag-events-costa-banca tag-theater-benidorm tag-veranstaltungen-costa-blanca\" role=\"listitem\">\n\t\t\t<div class=\"elementor-post__card\">\n\t\t\t\t<a class=\"elementor-post__thumbnail__link\" href=\"https:\/\/costablanca-magazin.com\/es\/freizeit\/veranstaltungen-events\/oktober-november-veranstaltungen-an-der-costa-blanca-2025\/\" tabindex=\"-1\" ><div class=\"elementor-post__thumbnail\"><img loading=\"lazy\" decoding=\"async\" width=\"300\" height=\"163\" src=\"https:\/\/costablanca-magazin.com\/wp-content\/uploads\/2025\/10\/happy-grandmother-and-little-girls-wearing-hallowe-2025-02-20-10-21-16-utc-scaled-e1760474398578-300x163.jpg\" class=\"attachment-medium size-medium wp-image-9085\" alt=\"De octubre a noviembre: cultura, conciertos y eventos en la Costa Blanca\" srcset=\"https:\/\/costablanca-magazin.com\/wp-content\/uploads\/2025\/10\/happy-grandmother-and-little-girls-wearing-hallowe-2025-02-20-10-21-16-utc-scaled-e1760474398578-300x163.jpg 300w, https:\/\/costablanca-magazin.com\/wp-content\/uploads\/2025\/10\/happy-grandmother-and-little-girls-wearing-hallowe-2025-02-20-10-21-16-utc-scaled-e1760474398578-768x416.jpg 768w, https:\/\/costablanca-magazin.com\/wp-content\/uploads\/2025\/10\/happy-grandmother-and-little-girls-wearing-hallowe-2025-02-20-10-21-16-utc-scaled-e1760474398578-1536x832.jpg 1536w, https:\/\/costablanca-magazin.com\/wp-content\/uploads\/2025\/10\/happy-grandmother-and-little-girls-wearing-hallowe-2025-02-20-10-21-16-utc-scaled-e1760474398578-2048x1110.jpg 2048w\" sizes=\"(max-width: 300px) 100vw, 300px\" \/><\/div><\/a>\n\t\t\t\t<div class=\"elementor-post__badge\">Eventos<\/div>\n\t\t\t\t<div class=\"elementor-post__text\">\n\t\t\t\t<h2 class=\"elementor-post__title\">\n\t\t\t<a href=\"https:\/\/costablanca-magazin.com\/es\/freizeit\/veranstaltungen-events\/oktober-november-veranstaltungen-an-der-costa-blanca-2025\/\" >\n\t\t\t\tEventos de octubre y noviembre en la Costa Blanca 2025\t\t\t<\/a>\n\t\t<\/h2>\n\t\t\t\t<div class=\"elementor-post__excerpt\">\n\t\t\t<p>Eventos de octubre y noviembre en la Costa Blanca 2025 De octubre a noviembre: Cultura, conciertos y eventos en la Costa Blanca Desde espeluznantes circos hasta \u00f3peras cl\u00e1sicas: \u00a1la regi\u00f3n tiene mucho m\u00e1s que ofrecer que playas y sol! Si pensaba que la Costa Blanca s\u00f3lo era sol, mar y<\/p>\n\t\t<\/div>\n\t\t\n\t\t<a class=\"elementor-post__read-more\" href=\"https:\/\/costablanca-magazin.com\/es\/freizeit\/veranstaltungen-events\/oktober-november-veranstaltungen-an-der-costa-blanca-2025\/\" aria-label=\"M\u00e1s informaci\u00f3n sobre Oktober &amp; November Veranstaltungen an der Costa Blanca 2025\" tabindex=\"-1\" >\n\t\t\tLeer m\u00e1s \u00bb\t\t<\/a>\n\n\t\t\t\t<\/div>\n\t\t\t\t\t<\/div>\n\t\t<\/article>\n\t\t\t\t<article class=\"elementor-post elementor-grid-item post-8460 post type-post status-publish format-standard has-post-thumbnail hentry category-veranstaltungen-events tag-festa-del-moscatell tag-fiestas-de-la-vendimia tag-moscatel-wein tag-mostra-de-vins-benissa tag-weinlese-marina-alta tag-weinlese-marina-baixa\" role=\"listitem\">\n\t\t\t<div class=\"elementor-post__card\">\n\t\t\t\t<a class=\"elementor-post__thumbnail__link\" href=\"https:\/\/costablanca-magazin.com\/es\/freizeit\/veranstaltungen-events\/spaetsommer-in-der-marina-alta-und-der-marina-baixa\/\" tabindex=\"-1\" ><div class=\"elementor-post__thumbnail\"><img loading=\"lazy\" decoding=\"async\" width=\"300\" height=\"68\" src=\"https:\/\/costablanca-magazin.com\/wp-content\/uploads\/2025\/08\/weinabau01-300x68.jpg\" class=\"attachment-medium size-medium wp-image-10400\" alt=\"weinabau01\" srcset=\"https:\/\/costablanca-magazin.com\/wp-content\/uploads\/2025\/08\/weinabau01-300x68.jpg 300w, https:\/\/costablanca-magazin.com\/wp-content\/uploads\/2025\/08\/weinabau01-1024x233.jpg 1024w, https:\/\/costablanca-magazin.com\/wp-content\/uploads\/2025\/08\/weinabau01-768x175.jpg 768w, https:\/\/costablanca-magazin.com\/wp-content\/uploads\/2025\/08\/weinabau01-18x4.jpg 18w, https:\/\/costablanca-magazin.com\/wp-content\/uploads\/2025\/08\/weinabau01.jpg 1536w\" sizes=\"(max-width: 300px) 100vw, 300px\" \/><\/div><\/a>\n\t\t\t\t<div class=\"elementor-post__badge\">Eventos<\/div>\n\t\t\t\t<div class=\"elementor-post__text\">\n\t\t\t\t<h2 class=\"elementor-post__title\">\n\t\t\t<a href=\"https:\/\/costablanca-magazin.com\/es\/freizeit\/veranstaltungen-events\/spaetsommer-in-der-marina-alta-und-der-marina-baixa\/\" >\n\t\t\t\tFinales de verano en la Marina Alta y la Marina Baixa\t\t\t<\/a>\n\t\t<\/h2>\n\t\t\t\t<div class=\"elementor-post__excerpt\">\n\t\t\t<p>Finales de verano en la Marina Alta y la Marina Baixa Entre el vi\u00f1edo y la feria, as\u00ed celebra la comarca la \u00e9poca de la vendimia En Teulada, Benissa, Xal\u00f3 y Parcent se llenan las primeras cajas de la vendimia. Los tractores se dirigen a la bodega, los viticultores controlan las uvas con ojo experto: la vendimia ha llegado. Finales de agosto y<\/p>\n\t\t<\/div>\n\t\t\n\t\t<a class=\"elementor-post__read-more\" href=\"https:\/\/costablanca-magazin.com\/es\/freizeit\/veranstaltungen-events\/spaetsommer-in-der-marina-alta-und-der-marina-baixa\/\" aria-label=\"M\u00e1s informaci\u00f3n sobre Sp\u00e4tsommer in der Marina Alta und der Marina Baixa\" tabindex=\"-1\" >\n\t\t\tLeer m\u00e1s \u00bb\t\t<\/a>\n\n\t\t\t\t<\/div>\n\t\t\t\t\t<\/div>\n\t\t<\/article>\n\t\t\t\t<article class=\"elementor-post elementor-grid-item post-8396 post type-post status-publish format-standard has-post-thumbnail hentry category-veranstaltungen-events tag-festivals-benidorm tag-konzerte-costa-blanca tag-open-air-kino-costa-blanca tag-patronatsfeste-costa-blanca tag-veranstaltungen-costa-blanca\" role=\"listitem\">\n\t\t\t<div class=\"elementor-post__card\">\n\t\t\t\t<a class=\"elementor-post__thumbnail__link\" href=\"https:\/\/costablanca-magazin.com\/es\/freizeit\/veranstaltungen-events\/august-september-veranstaltungen-an-der-costa-blanca-2025\/\" tabindex=\"-1\" ><div class=\"elementor-post__thumbnail\"><img loading=\"lazy\" decoding=\"async\" width=\"300\" height=\"200\" src=\"https:\/\/costablanca-magazin.com\/wp-content\/uploads\/2025\/08\/happy-young-african-adult-afro-woman-dancing-with-2025-01-07-06-55-26-utc-300x200.jpg\" class=\"attachment-medium size-medium wp-image-8397\" alt=\"Verano lleno de festivales, m\u00fasica y cultura en la Costa Blanca\" srcset=\"https:\/\/costablanca-magazin.com\/wp-content\/uploads\/2025\/08\/happy-young-african-adult-afro-woman-dancing-with-2025-01-07-06-55-26-utc-300x200.jpg 300w, https:\/\/costablanca-magazin.com\/wp-content\/uploads\/2025\/08\/happy-young-african-adult-afro-woman-dancing-with-2025-01-07-06-55-26-utc-1024x683.jpg 1024w, https:\/\/costablanca-magazin.com\/wp-content\/uploads\/2025\/08\/happy-young-african-adult-afro-woman-dancing-with-2025-01-07-06-55-26-utc-768x512.jpg 768w, https:\/\/costablanca-magazin.com\/wp-content\/uploads\/2025\/08\/happy-young-african-adult-afro-woman-dancing-with-2025-01-07-06-55-26-utc-1536x1024.jpg 1536w, https:\/\/costablanca-magazin.com\/wp-content\/uploads\/2025\/08\/happy-young-african-adult-afro-woman-dancing-with-2025-01-07-06-55-26-utc-2048x1366.jpg 2048w\" sizes=\"(max-width: 300px) 100vw, 300px\" \/><\/div><\/a>\n\t\t\t\t<div class=\"elementor-post__badge\">Eventos<\/div>\n\t\t\t\t<div class=\"elementor-post__text\">\n\t\t\t\t<h2 class=\"elementor-post__title\">\n\t\t\t<a href=\"https:\/\/costablanca-magazin.com\/es\/freizeit\/veranstaltungen-events\/august-september-veranstaltungen-an-der-costa-blanca-2025\/\" >\n\t\t\t\tEventos de agosto y septiembre en la Costa Blanca 2025\t\t\t<\/a>\n\t\t<\/h2>\n\t\t\t\t<div class=\"elementor-post__excerpt\">\n\t\t\t<p>Eventos agosto y septiembre en la Costa Blanca 2025 Verano lleno de festivales, m\u00fasica y cultura en la Costa Blanca Desde veladas de jazz y cine al aire libre hasta las tradicionales fiestas patronales, agosto y septiembre ofrecen un colorido programa en Calpe, Altea, J\u00e1vea, Benidorm &amp; Co.<\/p>\n\t\t<\/div>\n\t\t\n\t\t<a class=\"elementor-post__read-more\" href=\"https:\/\/costablanca-magazin.com\/es\/freizeit\/veranstaltungen-events\/august-september-veranstaltungen-an-der-costa-blanca-2025\/\" aria-label=\"M\u00e1s informaci\u00f3n sobre August &amp; September Veranstaltungen an der Costa Blanca 2025\" tabindex=\"-1\" >\n\t\t\tLeer m\u00e1s \u00bb\t\t<\/a>\n\n\t\t\t\t<\/div>\n\t\t\t\t\t<\/div>\n\t\t<\/article>\n\t\t\t\t<article class=\"elementor-post elementor-grid-item post-7991 post type-post status-publish format-standard has-post-thumbnail hentry category-veranstaltungen-events tag-costa-blanca-2 tag-feuerwerk-altea-castell-de-lolla tag-fiesta-costa-blanca tag-moros-y-cristianos tag-veranstaltungen-costablanca\" role=\"listitem\">\n\t\t\t<div class=\"elementor-post__card\">\n\t\t\t\t<a class=\"elementor-post__thumbnail__link\" href=\"https:\/\/costablanca-magazin.com\/es\/freizeit\/veranstaltungen-events\/juli-2025-veranstaltungen-an-der-costa-blanca-fiestas-und-konzerte\/\" tabindex=\"-1\" ><div class=\"elementor-post__thumbnail\"><img loading=\"lazy\" decoding=\"async\" width=\"300\" height=\"200\" src=\"https:\/\/costablanca-magazin.com\/wp-content\/uploads\/2025\/07\/young-couple-eating-popcorn-while-watching-a-movie-2024-12-13-18-32-33-utc-300x200.jpg\" class=\"attachment-medium size-medium wp-image-8000\" alt=\"Julio 2025 Eventos en la Costa Blanca - Fiestas y conciertos\" srcset=\"https:\/\/costablanca-magazin.com\/wp-content\/uploads\/2025\/07\/young-couple-eating-popcorn-while-watching-a-movie-2024-12-13-18-32-33-utc-300x200.jpg 300w, https:\/\/costablanca-magazin.com\/wp-content\/uploads\/2025\/07\/young-couple-eating-popcorn-while-watching-a-movie-2024-12-13-18-32-33-utc-1024x683.jpg 1024w, https:\/\/costablanca-magazin.com\/wp-content\/uploads\/2025\/07\/young-couple-eating-popcorn-while-watching-a-movie-2024-12-13-18-32-33-utc-768x512.jpg 768w, https:\/\/costablanca-magazin.com\/wp-content\/uploads\/2025\/07\/young-couple-eating-popcorn-while-watching-a-movie-2024-12-13-18-32-33-utc-1536x1024.jpg 1536w, https:\/\/costablanca-magazin.com\/wp-content\/uploads\/2025\/07\/young-couple-eating-popcorn-while-watching-a-movie-2024-12-13-18-32-33-utc-2048x1365.jpg 2048w\" sizes=\"(max-width: 300px) 100vw, 300px\" \/><\/div><\/a>\n\t\t\t\t<div class=\"elementor-post__badge\">Eventos<\/div>\n\t\t\t\t<div class=\"elementor-post__text\">\n\t\t\t\t<h2 class=\"elementor-post__title\">\n\t\t\t<a href=\"https:\/\/costablanca-magazin.com\/es\/freizeit\/veranstaltungen-events\/juli-2025-veranstaltungen-an-der-costa-blanca-fiestas-und-konzerte\/\" >\n\t\t\t\tJulio 2025 Eventos en la Costa Blanca - Fiestas y conciertos\t\t\t<\/a>\n\t\t<\/h2>\n\t\t\t\t<div class=\"elementor-post__excerpt\">\n\t\t\t<p>Eventos julio 2025 en la Costa Blanca - fiestas y conciertos Descubra los eventos m\u00e1s emocionantes de la Costa Blanca en julio de 2025: fiestas, conciertos al aire libre, mercadillos y propuestas culturales para las c\u00e1lidas noches de verano. Entre el 15 de julio y el 15 de agosto, la Costa Blanca ofrece una variada programaci\u00f3n: cine al aire libre en las playas,<\/p>\n\t\t<\/div>\n\t\t\n\t\t<a class=\"elementor-post__read-more\" href=\"https:\/\/costablanca-magazin.com\/es\/freizeit\/veranstaltungen-events\/juli-2025-veranstaltungen-an-der-costa-blanca-fiestas-und-konzerte\/\" aria-label=\"M\u00e1s informaci\u00f3n sobre Juli 2025 Veranstaltungen an der Costa Blanca \u2013 Fiestas und Konzerte\" tabindex=\"-1\" >\n\t\t\tLeer m\u00e1s \u00bb\t\t<\/a>\n\n\t\t\t\t<\/div>\n\t\t\t\t\t<\/div>\n\t\t<\/article>\n\t\t\t\t<article class=\"elementor-post elementor-grid-item post-7752 post type-post status-publish format-standard has-post-thumbnail hentry category-veranstaltungen-events tag-feste-costa-blanca-juni tag-feuer-am-strand-spanien-regeln tag-hoguera-strand-marina-alta tag-lagerfeuer-denia-verboten tag-nit-de-sant-joan-costa-blanca tag-sant-joan-benidorm tag-strandfeuer-verbot-2025\" role=\"listitem\">\n\t\t\t<div class=\"elementor-post__card\">\n\t\t\t\t<a class=\"elementor-post__thumbnail__link\" href=\"https:\/\/costablanca-magazin.com\/es\/freizeit\/veranstaltungen-events\/nit-de-sant-joan-an-der-costa-blanca\/\" tabindex=\"-1\" ><div class=\"elementor-post__thumbnail\"><img loading=\"lazy\" decoding=\"async\" width=\"300\" height=\"129\" src=\"https:\/\/costablanca-magazin.com\/wp-content\/uploads\/2025\/06\/san-juan-1729492-e1750421073804-300x129.jpg\" class=\"attachment-medium size-medium wp-image-7681\" alt=\"Sant Joan en la Costa Blanca: cuando la noche arde 1\" srcset=\"https:\/\/costablanca-magazin.com\/wp-content\/uploads\/2025\/06\/san-juan-1729492-e1750421073804-300x129.jpg 300w, https:\/\/costablanca-magazin.com\/wp-content\/uploads\/2025\/06\/san-juan-1729492-e1750421073804-1024x439.jpg 1024w, https:\/\/costablanca-magazin.com\/wp-content\/uploads\/2025\/06\/san-juan-1729492-e1750421073804-768x329.jpg 768w, https:\/\/costablanca-magazin.com\/wp-content\/uploads\/2025\/06\/san-juan-1729492-e1750421073804.jpg 1200w\" sizes=\"(max-width: 300px) 100vw, 300px\" \/><\/div><\/a>\n\t\t\t\t<div class=\"elementor-post__badge\">Eventos<\/div>\n\t\t\t\t<div class=\"elementor-post__text\">\n\t\t\t\t<h2 class=\"elementor-post__title\">\n\t\t\t<a href=\"https:\/\/costablanca-magazin.com\/es\/freizeit\/veranstaltungen-events\/nit-de-sant-joan-an-der-costa-blanca\/\" >\n\t\t\t\tNit de Sant Joan en la Costa Blanca: D\u00f3nde est\u00e1 permitido hacer fuego en la playa y d\u00f3nde no\t\t\t<\/a>\n\t\t<\/h2>\n\t\t\t\t<div class=\"elementor-post__excerpt\">\n\t\t\t<p>Nit de Sant Joan en la Costa Blanca: d\u00f3nde est\u00e1n permitidas las hogueras en la playa y d\u00f3nde no Los municipios costeros est\u00e1n endureciendo las normas: La mayor\u00eda de las hogueras privadas est\u00e1n prohibidas. S\u00f3lo en unos pocos lugares se permiten las hogueras oficiales El 23 de junio se celebra tradicionalmente la \u201eNit de Sant Joan\u201c, la noche m\u00e1s corta del a\u00f1o, con rituales en las olas,<\/p>\n\t\t<\/div>\n\t\t\n\t\t<a class=\"elementor-post__read-more\" href=\"https:\/\/costablanca-magazin.com\/es\/freizeit\/veranstaltungen-events\/nit-de-sant-joan-an-der-costa-blanca\/\" aria-label=\"M\u00e1s informaci\u00f3n sobre Nit de Sant Joan an der Costa Blanca: Wo Strandfeuer erlaubt sind \u2013 und wo nicht\" tabindex=\"-1\" >\n\t\t\tLeer m\u00e1s \u00bb\t\t<\/a>\n\n\t\t\t\t<\/div>\n\t\t\t\t\t<\/div>\n\t\t<\/article>\n\t\t\t\t<article class=\"elementor-post elementor-grid-item post-7672 post type-post status-publish format-standard has-post-thumbnail hentry category-veranstaltungen-events tag-ausfluege-costablanca tag-costa-blanca-2 tag-events-costa-blanca tag-fiesta tag-fogueras-alicante tag-hogueras-alicante tag-nit-de-san-juan tag-sant-joan\" role=\"listitem\">\n\t\t\t<div class=\"elementor-post__card\">\n\t\t\t\t<a class=\"elementor-post__thumbnail__link\" href=\"https:\/\/costablanca-magazin.com\/es\/freizeit\/veranstaltungen-events\/sant-joan-an-der-costa-blanca-wenn-die-nacht-brennt\/\" tabindex=\"-1\" ><div class=\"elementor-post__thumbnail\"><img loading=\"lazy\" decoding=\"async\" width=\"300\" height=\"200\" src=\"https:\/\/costablanca-magazin.com\/wp-content\/uploads\/2025\/06\/friends-partying-on-the-beach-2025-03-17-09-47-59-utc-300x200.jpg\" class=\"attachment-medium size-medium wp-image-7680\" alt=\"Sant Joan en la Costa Blanca - Cuando arde la noche\" srcset=\"https:\/\/costablanca-magazin.com\/wp-content\/uploads\/2025\/06\/friends-partying-on-the-beach-2025-03-17-09-47-59-utc-300x200.jpg 300w, https:\/\/costablanca-magazin.com\/wp-content\/uploads\/2025\/06\/friends-partying-on-the-beach-2025-03-17-09-47-59-utc-1024x683.jpg 1024w, https:\/\/costablanca-magazin.com\/wp-content\/uploads\/2025\/06\/friends-partying-on-the-beach-2025-03-17-09-47-59-utc-768x512.jpg 768w, https:\/\/costablanca-magazin.com\/wp-content\/uploads\/2025\/06\/friends-partying-on-the-beach-2025-03-17-09-47-59-utc.jpg 1200w\" sizes=\"(max-width: 300px) 100vw, 300px\" \/><\/div><\/a>\n\t\t\t\t<div class=\"elementor-post__badge\">Eventos<\/div>\n\t\t\t\t<div class=\"elementor-post__text\">\n\t\t\t\t<h2 class=\"elementor-post__title\">\n\t\t\t<a href=\"https:\/\/costablanca-magazin.com\/es\/freizeit\/veranstaltungen-events\/sant-joan-an-der-costa-blanca-wenn-die-nacht-brennt\/\" >\n\t\t\t\tSant Joan en la Costa Blanca - Cuando arde la noche\t\t\t<\/a>\n\t\t<\/h2>\n\t\t\t\t<div class=\"elementor-post__excerpt\">\n\t\t\t<p>Sant Joan en la Costa Blanca - Cuando arde la noche Desde deseos silenciosos entre las llamas hasta cr\u00edticas de cart\u00f3n piedra: magia, comunidad y cultura se unen en la Costa Blanca. Un festival que es algo m\u00e1s que fuegos artificiales. Hay noches en las que se puede sentir que algo est\u00e1 en el aire<\/p>\n\t\t<\/div>\n\t\t\n\t\t<a class=\"elementor-post__read-more\" href=\"https:\/\/costablanca-magazin.com\/es\/freizeit\/veranstaltungen-events\/sant-joan-an-der-costa-blanca-wenn-die-nacht-brennt\/\" aria-label=\"M\u00e1s informaci\u00f3n sobre Sant Joan an der Costa Blanca &#8211; Wenn die Nacht brennt\" tabindex=\"-1\" >\n\t\t\tLeer m\u00e1s \u00bb\t\t<\/a>\n\n\t\t\t\t<\/div>\n\t\t\t\t\t<\/div>\n\t\t<\/article>\n\t\t\t\t<article class=\"elementor-post elementor-grid-item post-7589 post type-post status-publish format-standard has-post-thumbnail hentry category-veranstaltungen-events tag-events-costablanca tag-fiesta-costablanca tag-konzerte-alicante tag-moros-y-cristianos-benissa\" role=\"listitem\">\n\t\t\t<div class=\"elementor-post__card\">\n\t\t\t\t<a class=\"elementor-post__thumbnail__link\" href=\"https:\/\/costablanca-magazin.com\/es\/freizeit\/veranstaltungen-events\/juni-und-juli-events-der-sommer-an-der-costa-blanca\/\" tabindex=\"-1\" ><div class=\"elementor-post__thumbnail\"><img loading=\"lazy\" decoding=\"async\" width=\"300\" height=\"203\" src=\"https:\/\/costablanca-magazin.com\/wp-content\/uploads\/2025\/06\/silhouettes-of-crowd-group-of-people-cheering-in-2024-10-18-13-51-24-utc-300x203.jpg\" class=\"attachment-medium size-medium wp-image-7592\" alt=\"La cultura conecta: Verano 2025 en la Costa Blanca\" srcset=\"https:\/\/costablanca-magazin.com\/wp-content\/uploads\/2025\/06\/silhouettes-of-crowd-group-of-people-cheering-in-2024-10-18-13-51-24-utc-300x203.jpg 300w, https:\/\/costablanca-magazin.com\/wp-content\/uploads\/2025\/06\/silhouettes-of-crowd-group-of-people-cheering-in-2024-10-18-13-51-24-utc-1024x692.jpg 1024w, https:\/\/costablanca-magazin.com\/wp-content\/uploads\/2025\/06\/silhouettes-of-crowd-group-of-people-cheering-in-2024-10-18-13-51-24-utc-768x519.jpg 768w, https:\/\/costablanca-magazin.com\/wp-content\/uploads\/2025\/06\/silhouettes-of-crowd-group-of-people-cheering-in-2024-10-18-13-51-24-utc-1536x1037.jpg 1536w, https:\/\/costablanca-magazin.com\/wp-content\/uploads\/2025\/06\/silhouettes-of-crowd-group-of-people-cheering-in-2024-10-18-13-51-24-utc-2048x1383.jpg 2048w\" sizes=\"(max-width: 300px) 100vw, 300px\" \/><\/div><\/a>\n\t\t\t\t<div class=\"elementor-post__badge\">Eventos<\/div>\n\t\t\t\t<div class=\"elementor-post__text\">\n\t\t\t\t<h2 class=\"elementor-post__title\">\n\t\t\t<a href=\"https:\/\/costablanca-magazin.com\/es\/freizeit\/veranstaltungen-events\/juni-und-juli-events-der-sommer-an-der-costa-blanca\/\" >\n\t\t\t\tEventos de junio y julio - Verano en la Costa Blanca\t\t\t<\/a>\n\t\t<\/h2>\n\t\t\t\t<div class=\"elementor-post__excerpt\">\n\t\t\t<p>Eventos de junio y julio - Verano en la Costa Blanca De la literatura a la m\u00fasica en directo: las ciudades costeras celebran la diversidad y la creatividad La Costa Blanca entra en la estaci\u00f3n c\u00e1lida con un calendario cultural polifac\u00e9tico. Entre D\u00e9nia y Villajoyosa, lecturas, conciertos, exposiciones y festivales esperan a ser descubiertos. En Calp se re\u00fane<\/p>\n\t\t<\/div>\n\t\t\n\t\t<a class=\"elementor-post__read-more\" href=\"https:\/\/costablanca-magazin.com\/es\/freizeit\/veranstaltungen-events\/juni-und-juli-events-der-sommer-an-der-costa-blanca\/\" aria-label=\"M\u00e1s informaci\u00f3n sobre Juni und Juli Events &#8211; Der Sommer an der Costa Blanca\" tabindex=\"-1\" >\n\t\t\tLeer m\u00e1s \u00bb\t\t<\/a>\n\n\t\t\t\t<\/div>\n\t\t\t\t\t<\/div>\n\t\t<\/article>\n\t\t\t\t<article class=\"elementor-post elementor-grid-item post-7490 post type-post status-publish format-standard has-post-thumbnail hentry category-veranstaltungen-events tag-kunst-an-der-costa-blanca\" role=\"listitem\">\n\t\t\t<div class=\"elementor-post__card\">\n\t\t\t\t<a class=\"elementor-post__thumbnail__link\" href=\"https:\/\/costablanca-magazin.com\/es\/freizeit\/veranstaltungen-events\/vino-pinto-ein-abend-voller-kunst-wein-und-inspiration\/\" tabindex=\"-1\" ><div class=\"elementor-post__thumbnail\"><img loading=\"lazy\" decoding=\"async\" width=\"300\" height=\"200\" src=\"https:\/\/costablanca-magazin.com\/wp-content\/uploads\/2025\/05\/Logo-Vini-Pinto-300x200.jpg\" class=\"attachment-medium size-medium wp-image-7522\" alt=\"Vino Pinto: una velada llena de arte, vino e inspiraci\u00f3n\" srcset=\"https:\/\/costablanca-magazin.com\/wp-content\/uploads\/2025\/05\/Logo-Vini-Pinto-300x200.jpg 300w, https:\/\/costablanca-magazin.com\/wp-content\/uploads\/2025\/05\/Logo-Vini-Pinto-1024x683.jpg 1024w, https:\/\/costablanca-magazin.com\/wp-content\/uploads\/2025\/05\/Logo-Vini-Pinto-768x512.jpg 768w, https:\/\/costablanca-magazin.com\/wp-content\/uploads\/2025\/05\/Logo-Vini-Pinto.jpg 1200w\" sizes=\"(max-width: 300px) 100vw, 300px\" \/><\/div><\/a>\n\t\t\t\t<div class=\"elementor-post__badge\">Eventos<\/div>\n\t\t\t\t<div class=\"elementor-post__text\">\n\t\t\t\t<h2 class=\"elementor-post__title\">\n\t\t\t<a href=\"https:\/\/costablanca-magazin.com\/es\/freizeit\/veranstaltungen-events\/vino-pinto-ein-abend-voller-kunst-wein-und-inspiration\/\" >\n\t\t\t\tVino Pinto - Una velada llena de arte, vino e inspiraci\u00f3n\t\t\t<\/a>\n\t\t<\/h2>\n\t\t\t\t<div class=\"elementor-post__excerpt\">\n\t\t\t<p>Vino Pinto - Una velada llena de arte, vino e inspiraci\u00f3n Basada en la mundialmente famosa \u201eNoche del Arte\u201c, podr\u00e1 crear su propia versi\u00f3n de un paisaje expresivo o de un monumento emblem\u00e1tico, por ejemplo. No necesitas conocimientos previos: nuestro artista te lo ense\u00f1ar\u00e1 todo paso a paso en un ambiente relajado.<\/p>\n\t\t<\/div>\n\t\t\n\t\t<a class=\"elementor-post__read-more\" href=\"https:\/\/costablanca-magazin.com\/es\/freizeit\/veranstaltungen-events\/vino-pinto-ein-abend-voller-kunst-wein-und-inspiration\/\" aria-label=\"M\u00e1s informaci\u00f3n sobre Vino Pinto &#8211; Ein Abend voller Kunst, Wein und Inspiration\" tabindex=\"-1\" >\n\t\t\tLeer m\u00e1s \u00bb\t\t<\/a>\n\n\t\t\t\t<\/div>\n\t\t\t\t\t<\/div>\n\t\t<\/article>\n\t\t\t\t<article class=\"elementor-post elementor-grid-item post-6739 post type-post status-publish format-standard has-post-thumbnail hentry category-veranstaltungen-events tag-events-costablanca tag-fiesta-costablanca tag-mai-und-juni-veranstaltungen tag-moros-y-cristianos tag-patronatsfest tag-veranstaltungen-costa-blanca\" role=\"listitem\">\n\t\t\t<div class=\"elementor-post__card\">\n\t\t\t\t<a class=\"elementor-post__thumbnail__link\" href=\"https:\/\/costablanca-magazin.com\/es\/freizeit\/veranstaltungen-events\/mai-juni-an-der-costa-blanca-top-events-erleben\/\" tabindex=\"-1\" ><div class=\"elementor-post__thumbnail\"><img loading=\"lazy\" decoding=\"async\" width=\"300\" height=\"200\" src=\"https:\/\/costablanca-magazin.com\/wp-content\/uploads\/2024\/09\/heart-shaped-hands-at-concert-music-concert-with-2023-11-27-05-35-30-utc-300x200.jpg\" class=\"attachment-medium size-medium wp-image-1910\" alt=\"Consejos para eventos Costa Blanca\" srcset=\"https:\/\/costablanca-magazin.com\/wp-content\/uploads\/2024\/09\/heart-shaped-hands-at-concert-music-concert-with-2023-11-27-05-35-30-utc-300x200.jpg 300w, https:\/\/costablanca-magazin.com\/wp-content\/uploads\/2024\/09\/heart-shaped-hands-at-concert-music-concert-with-2023-11-27-05-35-30-utc-1024x683.jpg 1024w, https:\/\/costablanca-magazin.com\/wp-content\/uploads\/2024\/09\/heart-shaped-hands-at-concert-music-concert-with-2023-11-27-05-35-30-utc-768x512.jpg 768w, https:\/\/costablanca-magazin.com\/wp-content\/uploads\/2024\/09\/heart-shaped-hands-at-concert-music-concert-with-2023-11-27-05-35-30-utc-1536x1025.jpg 1536w, https:\/\/costablanca-magazin.com\/wp-content\/uploads\/2024\/09\/heart-shaped-hands-at-concert-music-concert-with-2023-11-27-05-35-30-utc-2048x1366.jpg 2048w\" sizes=\"(max-width: 300px) 100vw, 300px\" \/><\/div><\/a>\n\t\t\t\t<div class=\"elementor-post__badge\">Eventos<\/div>\n\t\t\t\t<div class=\"elementor-post__text\">\n\t\t\t\t<h2 class=\"elementor-post__title\">\n\t\t\t<a href=\"https:\/\/costablanca-magazin.com\/es\/freizeit\/veranstaltungen-events\/mai-juni-an-der-costa-blanca-top-events-erleben\/\" >\n\t\t\t\tMayo y junio en la Costa Blanca: viva los mejores eventos\t\t\t<\/a>\n\t\t<\/h2>\n\t\t\t\t<div class=\"elementor-post__excerpt\">\n\t\t\t<p>Mayo y junio en la Costa Blanca: disfrute de los mejores eventos Desde emocionantes exposiciones y emocionantes conciertos hasta extraordinarios festivales, este mes de mayo tiene algo para todos los gustos. Es el mes en el que la regi\u00f3n cobra vida con una colorida mezcla de festivales locales, eventos comunitarios y ofertas culturales.<\/p>\n\t\t<\/div>\n\t\t\n\t\t<a class=\"elementor-post__read-more\" href=\"https:\/\/costablanca-magazin.com\/es\/freizeit\/veranstaltungen-events\/mai-juni-an-der-costa-blanca-top-events-erleben\/\" aria-label=\"M\u00e1s informaci\u00f3n sobre Mai &amp; Juni an der Costa Blanca \u2013 Top Events erleben\" tabindex=\"-1\" >\n\t\t\tLeer m\u00e1s \u00bb\t\t<\/a>\n\n\t\t\t\t<\/div>\n\t\t\t\t\t<\/div>\n\t\t<\/article>\n\t\t\t\t<article class=\"elementor-post elementor-grid-item post-5678 post type-post status-publish format-standard has-post-thumbnail hentry category-veranstaltungen-events tag-costa-blanca-2 tag-veranstaltungen-costa-blanca tag-veranstaltungen-ostern\" role=\"listitem\">\n\t\t\t<div class=\"elementor-post__card\">\n\t\t\t\t<a class=\"elementor-post__thumbnail__link\" href=\"https:\/\/costablanca-magazin.com\/es\/freizeit\/veranstaltungen-events\/costa-blanca-im-fruehlingserwachen-event-highlights\/\" tabindex=\"-1\" ><div class=\"elementor-post__thumbnail\"><img loading=\"lazy\" decoding=\"async\" width=\"300\" height=\"200\" src=\"https:\/\/costablanca-magazin.com\/wp-content\/uploads\/2025\/04\/retro-microphone-for-outdoor-concert-party-2024-11-01-01-07-48-utc-300x200.jpg\" class=\"attachment-medium size-medium wp-image-6583\" alt=\"El despertar de la primavera en la Marina Alta: tradiciones religiosas, fiestas y eventos culturales destacados 1\" srcset=\"https:\/\/costablanca-magazin.com\/wp-content\/uploads\/2025\/04\/retro-microphone-for-outdoor-concert-party-2024-11-01-01-07-48-utc-300x200.jpg 300w, https:\/\/costablanca-magazin.com\/wp-content\/uploads\/2025\/04\/retro-microphone-for-outdoor-concert-party-2024-11-01-01-07-48-utc-1024x683.jpg 1024w, https:\/\/costablanca-magazin.com\/wp-content\/uploads\/2025\/04\/retro-microphone-for-outdoor-concert-party-2024-11-01-01-07-48-utc-768x512.jpg 768w, https:\/\/costablanca-magazin.com\/wp-content\/uploads\/2025\/04\/retro-microphone-for-outdoor-concert-party-2024-11-01-01-07-48-utc.jpg 1200w\" sizes=\"(max-width: 300px) 100vw, 300px\" \/><\/div><\/a>\n\t\t\t\t<div class=\"elementor-post__badge\">Eventos<\/div>\n\t\t\t\t<div class=\"elementor-post__text\">\n\t\t\t\t<h2 class=\"elementor-post__title\">\n\t\t\t<a href=\"https:\/\/costablanca-magazin.com\/es\/freizeit\/veranstaltungen-events\/costa-blanca-im-fruehlingserwachen-event-highlights\/\" >\n\t\t\t\tLa Costa Blanca despierta en primavera - eventos destacados\t\t\t<\/a>\n\t\t<\/h2>\n\t\t\t\t<div class=\"elementor-post__excerpt\">\n\t\t\t<p>Costa Blanca en el Despertar de la Primavera - Eventos Destacados Experimente la diversidad de la regi\u00f3n con procesiones, festivales, arte y mucho m\u00e1s en los pueblos m\u00e1s bellos de la Marina Alta. Los meses de abril y mayo traen a la Marina Alta un sinf\u00edn de experiencias culturales, religiosas y festivas. Durante la Semana Santa en muchos pueblos<\/p>\n\t\t<\/div>\n\t\t\n\t\t<a class=\"elementor-post__read-more\" href=\"https:\/\/costablanca-magazin.com\/es\/freizeit\/veranstaltungen-events\/costa-blanca-im-fruehlingserwachen-event-highlights\/\" aria-label=\"M\u00e1s informaci\u00f3n sobre Costa Blanca Im Fr\u00fchlingserwachen &#8211; Event-Highlights\" tabindex=\"-1\" >\n\t\t\tLeer m\u00e1s \u00bb\t\t<\/a>\n\n\t\t\t\t<\/div>\n\t\t\t\t\t<\/div>\n\t\t<\/article>\n\t\t\t\t<article class=\"elementor-post elementor-grid-item post-5301 post type-post status-publish format-standard has-post-thumbnail hentry category-veranstaltungen-events tag-costa-blanca-2 tag-kirchen tag-oster tag-staetten\" role=\"listitem\">\n\t\t\t<div class=\"elementor-post__card\">\n\t\t\t\t<a class=\"elementor-post__thumbnail__link\" href=\"https:\/\/costablanca-magazin.com\/es\/freizeit\/veranstaltungen-events\/oster-guide-costa-blanca-wichtigsten-kirchen-und-staetten\/\" tabindex=\"-1\" ><div class=\"elementor-post__thumbnail\"><img loading=\"lazy\" decoding=\"async\" width=\"300\" height=\"200\" src=\"https:\/\/costablanca-magazin.com\/wp-content\/uploads\/2025\/03\/lanterns-of-frankincense-during-semana-santa-holy-2024-06-17-20-31-29-utc-300x200.jpg\" class=\"attachment-medium size-medium wp-image-5302\" alt=\"Gu\u00eda de Semana Santa Costa Blanca - iglesias y lugares m\u00e1s importantes\" srcset=\"https:\/\/costablanca-magazin.com\/wp-content\/uploads\/2025\/03\/lanterns-of-frankincense-during-semana-santa-holy-2024-06-17-20-31-29-utc-300x200.jpg 300w, https:\/\/costablanca-magazin.com\/wp-content\/uploads\/2025\/03\/lanterns-of-frankincense-during-semana-santa-holy-2024-06-17-20-31-29-utc-1024x683.jpg 1024w, https:\/\/costablanca-magazin.com\/wp-content\/uploads\/2025\/03\/lanterns-of-frankincense-during-semana-santa-holy-2024-06-17-20-31-29-utc-768x513.jpg 768w, https:\/\/costablanca-magazin.com\/wp-content\/uploads\/2025\/03\/lanterns-of-frankincense-during-semana-santa-holy-2024-06-17-20-31-29-utc-1536x1025.jpg 1536w, https:\/\/costablanca-magazin.com\/wp-content\/uploads\/2025\/03\/lanterns-of-frankincense-during-semana-santa-holy-2024-06-17-20-31-29-utc-2048x1367.jpg 2048w\" sizes=\"(max-width: 300px) 100vw, 300px\" \/><\/div><\/a>\n\t\t\t\t<div class=\"elementor-post__badge\">Eventos<\/div>\n\t\t\t\t<div class=\"elementor-post__text\">\n\t\t\t\t<h2 class=\"elementor-post__title\">\n\t\t\t<a href=\"https:\/\/costablanca-magazin.com\/es\/freizeit\/veranstaltungen-events\/oster-guide-costa-blanca-wichtigsten-kirchen-und-staetten\/\" >\n\t\t\t\tGu\u00eda de Semana Santa Costa Blanca - iglesias y lugares m\u00e1s importantes\t\t\t<\/a>\n\t\t<\/h2>\n\t\t\t\t<div class=\"elementor-post__excerpt\">\n\t\t\t<p>Gu\u00eda de Semana Santa Costa Blanca - las iglesias y lugares m\u00e1s importantes C\u00f3mo los edificios hist\u00f3ricos caracterizan la Semana Santa y las historias que cuentan La Semana Santa en la Costa Blanca no es s\u00f3lo una \u00e9poca de impresionantes procesiones, sino tambi\u00e9n una oportunidad para conocer de cerca los lugares que han dado forma a estas tradiciones durante siglos. Muchas iglesias<\/p>\n\t\t<\/div>\n\t\t\n\t\t<a class=\"elementor-post__read-more\" href=\"https:\/\/costablanca-magazin.com\/es\/freizeit\/veranstaltungen-events\/oster-guide-costa-blanca-wichtigsten-kirchen-und-staetten\/\" aria-label=\"M\u00e1s informaci\u00f3n sobre Oster-Guide Costa Blanca &#8211; wichtigsten Kirchen und St\u00e4tten\" tabindex=\"-1\" >\n\t\t\tLeer m\u00e1s \u00bb\t\t<\/a>\n\n\t\t\t\t<\/div>\n\t\t\t\t\t<\/div>\n\t\t<\/article>\n\t\t\t\t<article class=\"elementor-post elementor-grid-item post-5293 post type-post status-publish format-standard has-post-thumbnail hentry category-veranstaltungen-events tag-ostern-costa-blanca tag-osterprozessionen tag-semana-santa-costa-blanca tag-traditionen-ostern-costa-blanca\" role=\"listitem\">\n\t\t\t<div class=\"elementor-post__card\">\n\t\t\t\t<a class=\"elementor-post__thumbnail__link\" href=\"https:\/\/costablanca-magazin.com\/es\/freizeit\/veranstaltungen-events\/osterprozessionen-costa-blanca-die-umzuege-der-karwoche\/\" tabindex=\"-1\" ><div class=\"elementor-post__thumbnail\"><img loading=\"lazy\" decoding=\"async\" width=\"300\" height=\"206\" src=\"https:\/\/costablanca-magazin.com\/wp-content\/uploads\/2025\/03\/procession-in-the-streets-during-a-solemn-religiou-2024-07-08-20-45-08-utc-300x206.jpg\" class=\"attachment-medium size-medium wp-image-5294\" alt=\"Procesiones de Semana Santa en la Costa Blanca: los desfiles de la Semana Santa\" srcset=\"https:\/\/costablanca-magazin.com\/wp-content\/uploads\/2025\/03\/procession-in-the-streets-during-a-solemn-religiou-2024-07-08-20-45-08-utc-300x206.jpg 300w, https:\/\/costablanca-magazin.com\/wp-content\/uploads\/2025\/03\/procession-in-the-streets-during-a-solemn-religiou-2024-07-08-20-45-08-utc-1024x702.jpg 1024w, https:\/\/costablanca-magazin.com\/wp-content\/uploads\/2025\/03\/procession-in-the-streets-during-a-solemn-religiou-2024-07-08-20-45-08-utc-768x526.jpg 768w, https:\/\/costablanca-magazin.com\/wp-content\/uploads\/2025\/03\/procession-in-the-streets-during-a-solemn-religiou-2024-07-08-20-45-08-utc-1536x1053.jpg 1536w, https:\/\/costablanca-magazin.com\/wp-content\/uploads\/2025\/03\/procession-in-the-streets-during-a-solemn-religiou-2024-07-08-20-45-08-utc-2048x1404.jpg 2048w\" sizes=\"(max-width: 300px) 100vw, 300px\" \/><\/div><\/a>\n\t\t\t\t<div class=\"elementor-post__badge\">Eventos<\/div>\n\t\t\t\t<div class=\"elementor-post__text\">\n\t\t\t\t<h2 class=\"elementor-post__title\">\n\t\t\t<a href=\"https:\/\/costablanca-magazin.com\/es\/freizeit\/veranstaltungen-events\/osterprozessionen-costa-blanca-die-umzuege-der-karwoche\/\" >\n\t\t\t\tProcesiones Semana Santa Costa Blanca - Las procesiones de Semana Santa\t\t\t<\/a>\n\t\t<\/h2>\n\t\t\t\t<div class=\"elementor-post__excerpt\">\n\t\t\t<p>Procesiones de Semana Santa en la Costa Blanca: Las procesiones de Semana Santa Diez celebraciones de Semana Santa que merece la pena ver entre tradici\u00f3n y ambiente A lo largo de la Costa Blanca y m\u00e1s all\u00e1, las fiestas de Semana Santa se celebran con impresionantes procesiones, tradiciones centenarias y producciones \u00fanicas. Mientras algunas procesiones impresionan por su solemne silencio, otras se caracterizan por su elaborado dise\u00f1o.<\/p>\n\t\t<\/div>\n\t\t\n\t\t<a class=\"elementor-post__read-more\" href=\"https:\/\/costablanca-magazin.com\/es\/freizeit\/veranstaltungen-events\/osterprozessionen-costa-blanca-die-umzuege-der-karwoche\/\" aria-label=\"M\u00e1s informaci\u00f3n sobre Osterprozessionen Costa Blanca &#8211; Die Umz\u00fcge der Karwoche\" tabindex=\"-1\" >\n\t\t\tLeer m\u00e1s \u00bb\t\t<\/a>\n\n\t\t\t\t<\/div>\n\t\t\t\t\t<\/div>\n\t\t<\/article>\n\t\t\t\t<article class=\"elementor-post elementor-grid-item post-5189 post type-post status-publish format-standard has-post-thumbnail hentry category-veranstaltungen-events tag-fallas-alicante tag-fallas-costa-blanca tag-fallas-denia tag-fallas-valencia\" role=\"listitem\">\n\t\t\t<div class=\"elementor-post__card\">\n\t\t\t\t<a class=\"elementor-post__thumbnail__link\" href=\"https:\/\/costablanca-magazin.com\/es\/freizeit\/veranstaltungen-events\/die-fallas-geschichte-traditionen-und-kommende-hoehepunkte\/\" tabindex=\"-1\" ><div class=\"elementor-post__thumbnail\"><img loading=\"lazy\" decoding=\"async\" width=\"300\" height=\"177\" src=\"https:\/\/costablanca-magazin.com\/wp-content\/uploads\/2025\/02\/Fallas-valencia1-300x177.jpg\" class=\"attachment-medium size-medium wp-image-4821\" alt=\"Fallas Valencia 3\" srcset=\"https:\/\/costablanca-magazin.com\/wp-content\/uploads\/2025\/02\/Fallas-valencia1-300x177.jpg 300w, https:\/\/costablanca-magazin.com\/wp-content\/uploads\/2025\/02\/Fallas-valencia1-1024x605.jpg 1024w, https:\/\/costablanca-magazin.com\/wp-content\/uploads\/2025\/02\/Fallas-valencia1-768x454.jpg 768w, https:\/\/costablanca-magazin.com\/wp-content\/uploads\/2025\/02\/Fallas-valencia1.jpg 1100w\" sizes=\"(max-width: 300px) 100vw, 300px\" \/><\/div><\/a>\n\t\t\t\t<div class=\"elementor-post__badge\">Eventos<\/div>\n\t\t\t\t<div class=\"elementor-post__text\">\n\t\t\t\t<h2 class=\"elementor-post__title\">\n\t\t\t<a href=\"https:\/\/costablanca-magazin.com\/es\/freizeit\/veranstaltungen-events\/die-fallas-geschichte-traditionen-und-kommende-hoehepunkte\/\" >\n\t\t\t\tLas Fallas: historia, tradiciones y pr\u00f3ximos hitos\t\t\t<\/a>\n\t\t<\/h2>\n\t\t\t\t<div class=\"elementor-post__excerpt\">\n\t\t\t<p>Las Fallas: la espectacular fiesta del fuego de Valencia - historia, tradiciones y pr\u00f3ximas citas Cada a\u00f1o, en el mes de marzo, Valencia se transforma en una obra de arte viva de luz, fuego y tradici\u00f3n: las Fallas son una de las fiestas m\u00e1s espectaculares y conocidas de Espa\u00f1a. Pero, \u00bfqu\u00e9 hay detr\u00e1s de esta fiesta que atrae cada a\u00f1o a cientos de miles de visitantes? En<\/p>\n\t\t<\/div>\n\t\t\n\t\t<a class=\"elementor-post__read-more\" href=\"https:\/\/costablanca-magazin.com\/es\/freizeit\/veranstaltungen-events\/die-fallas-geschichte-traditionen-und-kommende-hoehepunkte\/\" aria-label=\"M\u00e1s informaci\u00f3n sobre Die Fallas: Geschichte, Traditionen und kommende H\u00f6hepunkte\" tabindex=\"-1\" >\n\t\t\tLeer m\u00e1s \u00bb\t\t<\/a>\n\n\t\t\t\t<\/div>\n\t\t\t\t\t<\/div>\n\t\t<\/article>\n\t\t\t\t<article class=\"elementor-post elementor-grid-item post-5073 post type-post status-publish format-standard has-post-thumbnail hentry category-veranstaltungen-events tag-alfaz-del-pi tag-altea tag-benidorm tag-benissa tag-calpe tag-costa-blanca tag-denia tag-fallas tag-javea tag-la-nucia tag-moraira tag-prozessionen-costa-blanca tag-semana-santa tag-teulada tag-veranstaltungen-costa-blanca tag-villajoyosa\" role=\"listitem\">\n\t\t\t<div class=\"elementor-post__card\">\n\t\t\t\t<a class=\"elementor-post__thumbnail__link\" href=\"https:\/\/costablanca-magazin.com\/es\/freizeit\/veranstaltungen-events\/costa-blanca-ein-spannender-maerz-und-april-voller-events\/\" tabindex=\"-1\" ><div class=\"elementor-post__thumbnail\"><img loading=\"lazy\" decoding=\"async\" width=\"300\" height=\"200\" src=\"https:\/\/costablanca-magazin.com\/wp-content\/uploads\/2025\/03\/crowd-in-costumes-in-semana-santa-festival-capture-2025-02-04-09-02-01-utc-300x200.jpeg\" class=\"attachment-medium size-medium wp-image-5084\" alt=\"Oferta cultural en la Costa Blanca: marzo y abril repletos de eventos\" srcset=\"https:\/\/costablanca-magazin.com\/wp-content\/uploads\/2025\/03\/crowd-in-costumes-in-semana-santa-festival-capture-2025-02-04-09-02-01-utc-300x200.jpeg 300w, https:\/\/costablanca-magazin.com\/wp-content\/uploads\/2025\/03\/crowd-in-costumes-in-semana-santa-festival-capture-2025-02-04-09-02-01-utc-1024x684.jpeg 1024w, https:\/\/costablanca-magazin.com\/wp-content\/uploads\/2025\/03\/crowd-in-costumes-in-semana-santa-festival-capture-2025-02-04-09-02-01-utc-768x513.jpeg 768w, https:\/\/costablanca-magazin.com\/wp-content\/uploads\/2025\/03\/crowd-in-costumes-in-semana-santa-festival-capture-2025-02-04-09-02-01-utc-1536x1026.jpeg 1536w, https:\/\/costablanca-magazin.com\/wp-content\/uploads\/2025\/03\/crowd-in-costumes-in-semana-santa-festival-capture-2025-02-04-09-02-01-utc-2048x1368.jpeg 2048w\" sizes=\"(max-width: 300px) 100vw, 300px\" \/><\/div><\/a>\n\t\t\t\t<div class=\"elementor-post__badge\">Eventos<\/div>\n\t\t\t\t<div class=\"elementor-post__text\">\n\t\t\t\t<h2 class=\"elementor-post__title\">\n\t\t\t<a href=\"https:\/\/costablanca-magazin.com\/es\/freizeit\/veranstaltungen-events\/costa-blanca-ein-spannender-maerz-und-april-voller-events\/\" >\n\t\t\t\tCosta Blanca - Un mes de marzo y abril llenos de eventos\t\t\t<\/a>\n\t\t<\/h2>\n\t\t\t\t<div class=\"elementor-post__excerpt\">\n\t\t\t<p>Costa Blanca - Un mes de marzo y abril llenos de eventos Vive conciertos, exposiciones y fiestas tradicionales en Calpe, Altea, Villajoyosa y muchas otras localidades de la Costa Blanca. La Costa Blanca cobra vida en marzo y abril con una gran cantidad de eventos culturales y tradicionales que cautivar\u00e1n a todos los visitantes.<\/p>\n\t\t<\/div>\n\t\t\n\t\t<a class=\"elementor-post__read-more\" href=\"https:\/\/costablanca-magazin.com\/es\/freizeit\/veranstaltungen-events\/costa-blanca-ein-spannender-maerz-und-april-voller-events\/\" aria-label=\"M\u00e1s informaci\u00f3n sobre Costa Blanca &#8211; Ein spannender M\u00e4rz und April voller Events\" tabindex=\"-1\" >\n\t\t\tLeer m\u00e1s \u00bb\t\t<\/a>\n\n\t\t\t\t<\/div>\n\t\t\t\t\t<\/div>\n\t\t<\/article>\n\t\t\t\t<article class=\"elementor-post elementor-grid-item post-4803 post type-post status-publish format-standard has-post-thumbnail hentry category-veranstaltungen-events tag-bendirom-veranstaltungen tag-careval-costa-blanca tag-denia-fallas tag-fallas-costa-blanca tag-musik-feste-costa-blanca tag-veranstaltungen-costa-blanca\" role=\"listitem\">\n\t\t\t<div class=\"elementor-post__card\">\n\t\t\t\t<a class=\"elementor-post__thumbnail__link\" href=\"https:\/\/costablanca-magazin.com\/es\/freizeit\/veranstaltungen-events\/veranstaltungen-ihr-guide-fuer-februar-und-maerz-an-der-costa-blanca\/\" tabindex=\"-1\" ><div class=\"elementor-post__thumbnail\"><img loading=\"lazy\" decoding=\"async\" width=\"300\" height=\"95\" src=\"https:\/\/costablanca-magazin.com\/wp-content\/uploads\/2025\/02\/Fallas-Valencia-300x95.jpeg\" class=\"attachment-medium size-medium wp-image-4818\" alt=\"Fallas Valencia\" srcset=\"https:\/\/costablanca-magazin.com\/wp-content\/uploads\/2025\/02\/Fallas-Valencia-300x95.jpeg 300w, https:\/\/costablanca-magazin.com\/wp-content\/uploads\/2025\/02\/Fallas-Valencia-768x243.jpeg 768w, https:\/\/costablanca-magazin.com\/wp-content\/uploads\/2025\/02\/Fallas-Valencia.jpeg 878w\" sizes=\"(max-width: 300px) 100vw, 300px\" \/><\/div><\/a>\n\t\t\t\t<div class=\"elementor-post__badge\">Eventos<\/div>\n\t\t\t\t<div class=\"elementor-post__text\">\n\t\t\t\t<h2 class=\"elementor-post__title\">\n\t\t\t<a href=\"https:\/\/costablanca-magazin.com\/es\/freizeit\/veranstaltungen-events\/veranstaltungen-ihr-guide-fuer-februar-und-maerz-an-der-costa-blanca\/\" >\n\t\t\t\tEventos - Su gu\u00eda para febrero y marzo en la Costa Blanca\t\t\t<\/a>\n\t\t<\/h2>\n\t\t\t\t<div class=\"elementor-post__excerpt\">\n\t\t\t<p>Eventos destacados en la Costa Blanca - su gu\u00eda para febrero y marzo Desde impresionantes conciertos y emocionantes representaciones teatrales hasta festivales tradicionales, la Costa Blanca tambi\u00e9n ofrece un variado programa en las pr\u00f3ximas semanas. Ya sea m\u00fasica cl\u00e1sica, jazz, exposiciones de arte o emocionantes fiestas como las famosas Fallas - aqu\u00ed<\/p>\n\t\t<\/div>\n\t\t\n\t\t<a class=\"elementor-post__read-more\" href=\"https:\/\/costablanca-magazin.com\/es\/freizeit\/veranstaltungen-events\/veranstaltungen-ihr-guide-fuer-februar-und-maerz-an-der-costa-blanca\/\" aria-label=\"M\u00e1s informaci\u00f3n sobre Veranstaltungen &#8211; Ihr Guide f\u00fcr Februar und M\u00e4rz an der Costa Blanca\" tabindex=\"-1\" >\n\t\t\tLeer m\u00e1s \u00bb\t\t<\/a>\n\n\t\t\t\t<\/div>\n\t\t\t\t\t<\/div>\n\t\t<\/article>\n\t\t\t\t<article class=\"elementor-post elementor-grid-item post-4775 post type-post status-publish format-standard has-post-thumbnail hentry category-veranstaltungen-events tag-benidorm-costa-blanca tag-benidorm-fest-2025 tag-costa-blanca tag-eurovision-song-contest-spanien\" role=\"listitem\">\n\t\t\t<div class=\"elementor-post__card\">\n\t\t\t\t<a class=\"elementor-post__thumbnail__link\" href=\"https:\/\/costablanca-magazin.com\/es\/freizeit\/veranstaltungen-events\/benidorm-fest-2025-spaniens-sprungbrett-zur-eurovision\/\" tabindex=\"-1\" ><div class=\"elementor-post__thumbnail\"><img loading=\"lazy\" decoding=\"async\" width=\"300\" height=\"169\" src=\"https:\/\/costablanca-magazin.com\/wp-content\/uploads\/2025\/01\/Benidorm-Fest-25-300x169.jpg\" class=\"attachment-medium size-medium wp-image-4776\" alt=\"Benidorm Fest 2025: el trampol\u00edn de Espa\u00f1a hacia Eurovisi\u00f3n\" srcset=\"https:\/\/costablanca-magazin.com\/wp-content\/uploads\/2025\/01\/Benidorm-Fest-25-300x169.jpg 300w, https:\/\/costablanca-magazin.com\/wp-content\/uploads\/2025\/01\/Benidorm-Fest-25-1024x576.jpg 1024w, https:\/\/costablanca-magazin.com\/wp-content\/uploads\/2025\/01\/Benidorm-Fest-25-768x432.jpg 768w, https:\/\/costablanca-magazin.com\/wp-content\/uploads\/2025\/01\/Benidorm-Fest-25-1536x864.jpg 1536w, https:\/\/costablanca-magazin.com\/wp-content\/uploads\/2025\/01\/Benidorm-Fest-25-2048x1152.jpg 2048w\" sizes=\"(max-width: 300px) 100vw, 300px\" \/><\/div><\/a>\n\t\t\t\t<div class=\"elementor-post__badge\">Eventos<\/div>\n\t\t\t\t<div class=\"elementor-post__text\">\n\t\t\t\t<h2 class=\"elementor-post__title\">\n\t\t\t<a href=\"https:\/\/costablanca-magazin.com\/es\/freizeit\/veranstaltungen-events\/benidorm-fest-2025-spaniens-sprungbrett-zur-eurovision\/\" >\n\t\t\t\tBenidorm Fest 2025 - El trampol\u00edn de Espa\u00f1a hacia Eurovisi\u00f3n\t\t\t<\/a>\n\t\t<\/h2>\n\t\t\t\t<div class=\"elementor-post__excerpt\">\n\t\t\t<p>Benidorm Fest 2025 - El trampol\u00edn de Espa\u00f1a al escenario de Eurovisi\u00f3n Del 28 de enero al 1 de febrero de 2025, Benidorm volver\u00e1 a convertirse en un reducto de m\u00fasica y creatividad. Benidorm Fest 2025, la preselecci\u00f3n nacional para el Festival de Eurovisi\u00f3n, tendr\u00e1 lugar en el Palau d'Esports l'Illa de Benidorm y promete ofrecer momentos musicales con sabor internacional.<\/p>\n\t\t<\/div>\n\t\t\n\t\t<a class=\"elementor-post__read-more\" href=\"https:\/\/costablanca-magazin.com\/es\/freizeit\/veranstaltungen-events\/benidorm-fest-2025-spaniens-sprungbrett-zur-eurovision\/\" aria-label=\"M\u00e1s informaci\u00f3n sobre Benidorm Fest 2025 &#8211; Spaniens Sprungbrett zur Eurovision\" tabindex=\"-1\" >\n\t\t\tLeer m\u00e1s \u00bb\t\t<\/a>\n\n\t\t\t\t<\/div>\n\t\t\t\t\t<\/div>\n\t\t<\/article>\n\t\t\t\t<article class=\"elementor-post elementor-grid-item post-3973 post type-post status-publish format-standard has-post-thumbnail hentry category-veranstaltungen-events tag-feslali tag-sant-antoni-costa-blanca-2025 tag-veranstaltung-2025-costa-blanca tag-veranstaltung-costa-blanca\" role=\"listitem\">\n\t\t\t<div class=\"elementor-post__card\">\n\t\t\t\t<a class=\"elementor-post__thumbnail__link\" href=\"https:\/\/costablanca-magazin.com\/es\/freizeit\/veranstaltungen-events\/veranstaltungen-januar-und-februar-entlang-der-costa-blanca\/\" tabindex=\"-1\" ><div class=\"elementor-post__thumbnail\"><img loading=\"lazy\" decoding=\"async\" width=\"300\" height=\"214\" src=\"https:\/\/costablanca-magazin.com\/wp-content\/uploads\/2025\/01\/Teufel_SantAntoni_Correfoc2-300x214.jpg\" class=\"attachment-medium size-medium wp-image-3974\" alt=\"Amplia oferta de eventos en enero y febrero en la Costa Blanca\" srcset=\"https:\/\/costablanca-magazin.com\/wp-content\/uploads\/2025\/01\/Teufel_SantAntoni_Correfoc2-300x214.jpg 300w, https:\/\/costablanca-magazin.com\/wp-content\/uploads\/2025\/01\/Teufel_SantAntoni_Correfoc2-1024x731.jpg 1024w, https:\/\/costablanca-magazin.com\/wp-content\/uploads\/2025\/01\/Teufel_SantAntoni_Correfoc2-768x548.jpg 768w, https:\/\/costablanca-magazin.com\/wp-content\/uploads\/2025\/01\/Teufel_SantAntoni_Correfoc2.jpg 1200w\" sizes=\"(max-width: 300px) 100vw, 300px\" \/><\/div><\/a>\n\t\t\t\t<div class=\"elementor-post__badge\">Eventos<\/div>\n\t\t\t\t<div class=\"elementor-post__text\">\n\t\t\t\t<h2 class=\"elementor-post__title\">\n\t\t\t<a href=\"https:\/\/costablanca-magazin.com\/es\/freizeit\/veranstaltungen-events\/veranstaltungen-januar-und-februar-entlang-der-costa-blanca\/\" >\n\t\t\t\tEventos - Enero y febrero en la Costa Blanca\t\t\t<\/a>\n\t\t<\/h2>\n\t\t\t\t<div class=\"elementor-post__excerpt\">\n\t\t\t<p>Diversos eventos - Enero y febrero en la Costa Blanca Las comarcas de Calpe, Altea, Villajoyosa y alrededores ofrecen durante las pr\u00f3ximas semanas un variado programa que combina cultura, tradici\u00f3n y entretenimiento. Ya sean emocionantes obras de teatro, inspiradores conciertos o eventos para toda la familia, hay algo para todos los gustos. Uno de los platos fuertes es el<\/p>\n\t\t<\/div>\n\t\t\n\t\t<a class=\"elementor-post__read-more\" href=\"https:\/\/costablanca-magazin.com\/es\/freizeit\/veranstaltungen-events\/veranstaltungen-januar-und-februar-entlang-der-costa-blanca\/\" aria-label=\"M\u00e1s informaci\u00f3n sobre Veranstaltungen &#8211; Januar und Februar entlang der Costa Blanca\" tabindex=\"-1\" >\n\t\t\tLeer m\u00e1s \u00bb\t\t<\/a>\n\n\t\t\t\t<\/div>\n\t\t\t\t\t<\/div>\n\t\t<\/article>\n\t\t\t\t<article class=\"elementor-post elementor-grid-item post-3491 post type-post status-publish format-standard has-post-thumbnail hentry category-veranstaltungen-events tag-events-and-der-costa-blanca tag-veranstaltung-costa-blanca tag-weihnachten-and-der-costa-blanca\" role=\"listitem\">\n\t\t\t<div class=\"elementor-post__card\">\n\t\t\t\t<a class=\"elementor-post__thumbnail__link\" href=\"https:\/\/costablanca-magazin.com\/es\/freizeit\/veranstaltungen-events\/veranstaltung-an-der-costa-blanca-lichter-magie-reyes-und-mehr\/\" tabindex=\"-1\" ><div class=\"elementor-post__thumbnail\"><img loading=\"lazy\" decoding=\"async\" width=\"300\" height=\"300\" src=\"https:\/\/costablanca-magazin.com\/wp-content\/uploads\/2024\/12\/6274_navidad-de-magia-teulada-moraira-2024-300x300.png\" class=\"attachment-medium size-medium wp-image-3505\" alt=\"6274_navidad-de-magia-teulada-moraira-2024\" srcset=\"https:\/\/costablanca-magazin.com\/wp-content\/uploads\/2024\/12\/6274_navidad-de-magia-teulada-moraira-2024-300x300.png 300w, https:\/\/costablanca-magazin.com\/wp-content\/uploads\/2024\/12\/6274_navidad-de-magia-teulada-moraira-2024-150x150.png 150w, https:\/\/costablanca-magazin.com\/wp-content\/uploads\/2024\/12\/6274_navidad-de-magia-teulada-moraira-2024.png 735w\" sizes=\"(max-width: 300px) 100vw, 300px\" \/><\/div><\/a>\n\t\t\t\t<div class=\"elementor-post__badge\">Eventos<\/div>\n\t\t\t\t<div class=\"elementor-post__text\">\n\t\t\t\t<h2 class=\"elementor-post__title\">\n\t\t\t<a href=\"https:\/\/costablanca-magazin.com\/es\/freizeit\/veranstaltungen-events\/veranstaltung-an-der-costa-blanca-lichter-magie-reyes-und-mehr\/\" >\n\t\t\t\tEvento en la Costa Blanca: luces, magia, Reyes y m\u00e1s\t\t\t<\/a>\n\t\t<\/h2>\n\t\t\t\t<div class=\"elementor-post__excerpt\">\n\t\t\t<p>Eventos en la Costa Blanca: luces, magia, reyes y m\u00e1s La Navidad en la Costa Blanca es cualquier cosa menos aburrida. Ya sean cabalgatas m\u00e1gicas, mercadillos deslumbrantes o conciertos ambientados: la regi\u00f3n ofrece multitud de oportunidades para vivir las fiestas de una forma especial. \u00bfLo m\u00e1s destacado? El 5 de enero, por supuesto, cuando el<\/p>\n\t\t<\/div>\n\t\t\n\t\t<a class=\"elementor-post__read-more\" href=\"https:\/\/costablanca-magazin.com\/es\/freizeit\/veranstaltungen-events\/veranstaltung-an-der-costa-blanca-lichter-magie-reyes-und-mehr\/\" aria-label=\"M\u00e1s informaci\u00f3n sobre Veranstaltung an der Costa Blanca: Lichter, Magie, Reyes und mehr\" tabindex=\"-1\" >\n\t\t\tLeer m\u00e1s \u00bb\t\t<\/a>\n\n\t\t\t\t<\/div>\n\t\t\t\t\t<\/div>\n\t\t<\/article>\n\t\t\t\t<article class=\"elementor-post elementor-grid-item post-3220 post type-post status-publish format-standard has-post-thumbnail hentry category-aktivitaeten-und-ausfluege category-veranstaltungen-events tag-costa-blanca-2 tag-veranstaltungstipps\" role=\"listitem\">\n\t\t\t<div class=\"elementor-post__card\">\n\t\t\t\t<a class=\"elementor-post__thumbnail__link\" href=\"https:\/\/costablanca-magazin.com\/es\/freizeit\/aktivitaeten-und-ausfluege\/costa-blanca-im-november-dezember-veranstaltungstipps\/\" tabindex=\"-1\" ><div class=\"elementor-post__thumbnail\"><img loading=\"lazy\" decoding=\"async\" width=\"300\" height=\"200\" src=\"https:\/\/costablanca-magazin.com\/wp-content\/uploads\/2024\/11\/christmas-flat-lay-cup-of-hot-chocolate-with-mars-2024-08-14-18-23-54-utc-300x200.jpg\" class=\"attachment-medium size-medium wp-image-3222\" alt=\"Actividades culturales destacadas en la Costa Blanca en noviembre\/diciembre\" srcset=\"https:\/\/costablanca-magazin.com\/wp-content\/uploads\/2024\/11\/christmas-flat-lay-cup-of-hot-chocolate-with-mars-2024-08-14-18-23-54-utc-300x200.jpg 300w, https:\/\/costablanca-magazin.com\/wp-content\/uploads\/2024\/11\/christmas-flat-lay-cup-of-hot-chocolate-with-mars-2024-08-14-18-23-54-utc-1024x683.jpg 1024w, https:\/\/costablanca-magazin.com\/wp-content\/uploads\/2024\/11\/christmas-flat-lay-cup-of-hot-chocolate-with-mars-2024-08-14-18-23-54-utc-768x512.jpg 768w, https:\/\/costablanca-magazin.com\/wp-content\/uploads\/2024\/11\/christmas-flat-lay-cup-of-hot-chocolate-with-mars-2024-08-14-18-23-54-utc-1536x1024.jpg 1536w, https:\/\/costablanca-magazin.com\/wp-content\/uploads\/2024\/11\/christmas-flat-lay-cup-of-hot-chocolate-with-mars-2024-08-14-18-23-54-utc-2048x1365.jpg 2048w\" sizes=\"(max-width: 300px) 100vw, 300px\" \/><\/div><\/a>\n\t\t\t\t<div class=\"elementor-post__badge\">Actividades y excursiones<\/div>\n\t\t\t\t<div class=\"elementor-post__text\">\n\t\t\t\t<h2 class=\"elementor-post__title\">\n\t\t\t<a href=\"https:\/\/costablanca-magazin.com\/es\/freizeit\/aktivitaeten-und-ausfluege\/costa-blanca-im-november-dezember-veranstaltungstipps\/\" >\n\t\t\t\tCosta Blanca en noviembre\/diciembre - Consejos para eventos\t\t\t<\/a>\n\t\t<\/h2>\n\t\t\t\t<div class=\"elementor-post__excerpt\">\n\t\t\t<p>Costa Blanca en noviembre\/diciembre - consejos sobre eventos En noviembre y diciembre, la Costa Blanca florece en diversidad cultural. En particular, la festividad en honor a Santa Cecilia, patrona de la m\u00fasica, recorre como un hilo conductor el programa de actos. En torno a su festividad, el 22 de noviembre, ciudades como Calpe,<\/p>\n\t\t<\/div>\n\t\t\n\t\t<a class=\"elementor-post__read-more\" href=\"https:\/\/costablanca-magazin.com\/es\/freizeit\/aktivitaeten-und-ausfluege\/costa-blanca-im-november-dezember-veranstaltungstipps\/\" aria-label=\"M\u00e1s informaci\u00f3n sobre Costa Blanca im November\/Dezember &#8211; Veranstaltungstipps\" tabindex=\"-1\" >\n\t\t\tLeer m\u00e1s \u00bb\t\t<\/a>\n\n\t\t\t\t<\/div>\n\t\t\t\t\t<\/div>\n\t\t<\/article>\n\t\t\t\t<article class=\"elementor-post elementor-grid-item post-2640 post type-post status-publish format-standard has-post-thumbnail hentry category-veranstaltungen-events tag-ausgehen-an-der-costa-blanca-in-denia tag-costablanca tag-denia tag-fiesta-denia tag-in-denia-unternehmen tag-ruta-de-tapas-denia\" role=\"listitem\">\n\t\t\t<div class=\"elementor-post__card\">\n\t\t\t\t<a class=\"elementor-post__thumbnail__link\" href=\"https:\/\/costablanca-magazin.com\/es\/freizeit\/veranstaltungen-events\/denia-tapas-route-startet-am-24-oktober-kulinarische-vielfalt-fuer-nur-4-euro\/\" tabindex=\"-1\" ><div class=\"elementor-post__thumbnail\"><img loading=\"lazy\" decoding=\"async\" width=\"213\" height=\"300\" src=\"https:\/\/costablanca-magazin.com\/wp-content\/uploads\/2024\/10\/cartel-de-la-xxiv-ruta-tapas-de-denia-766x1079-1-213x300.jpg\" class=\"attachment-medium size-medium wp-image-2641\" alt=\"Ruta de tapas Denia\" srcset=\"https:\/\/costablanca-magazin.com\/wp-content\/uploads\/2024\/10\/cartel-de-la-xxiv-ruta-tapas-de-denia-766x1079-1-213x300.jpg 213w, https:\/\/costablanca-magazin.com\/wp-content\/uploads\/2024\/10\/cartel-de-la-xxiv-ruta-tapas-de-denia-766x1079-1-727x1024.jpg 727w, https:\/\/costablanca-magazin.com\/wp-content\/uploads\/2024\/10\/cartel-de-la-xxiv-ruta-tapas-de-denia-766x1079-1.jpg 766w\" sizes=\"(max-width: 213px) 100vw, 213px\" \/><\/div><\/a>\n\t\t\t\t<div class=\"elementor-post__badge\">Eventos<\/div>\n\t\t\t\t<div class=\"elementor-post__text\">\n\t\t\t\t<h2 class=\"elementor-post__title\">\n\t\t\t<a href=\"https:\/\/costablanca-magazin.com\/es\/freizeit\/veranstaltungen-events\/denia-tapas-route-startet-am-24-oktober-kulinarische-vielfalt-fuer-nur-4-euro\/\" >\n\t\t\t\tLa Ruta de Tapas de D\u00e9nia comienza el 24 de octubre: variedad culinaria por s\u00f3lo 4 euros\t\t\t<\/a>\n\t\t<\/h2>\n\t\t\t\t<div class=\"elementor-post__excerpt\">\n\t\t\t<p>El 24 de octubre comienza la Ruta de Tapas de D\u00e9nia: Variedad culinaria por s\u00f3lo 4 euros El 24 de octubre comienza la XXIV edici\u00f3n de la popular Ruta de Tapas de D\u00e9nia, que se desarrollar\u00e1 hasta el 17 de noviembre. Organizada por GuiaME Comunicaci\u00f3n en colaboraci\u00f3n con Turisme D\u00e9nia y la Asociaci\u00f3n de Empresarios de Hosteler\u00eda y Turismo.<\/p>\n\t\t<\/div>\n\t\t\n\t\t<a class=\"elementor-post__read-more\" href=\"https:\/\/costablanca-magazin.com\/es\/freizeit\/veranstaltungen-events\/denia-tapas-route-startet-am-24-oktober-kulinarische-vielfalt-fuer-nur-4-euro\/\" aria-label=\"M\u00e1s informaci\u00f3n sobre D\u00e9nia Tapas Route startet am 24. Oktober: Kulinarische Vielfalt f\u00fcr nur 4 Euro\" tabindex=\"-1\" >\n\t\t\tLeer m\u00e1s \u00bb\t\t<\/a>\n\n\t\t\t\t<\/div>\n\t\t\t\t\t<\/div>\n\t\t<\/article>\n\t\t\t\t<article class=\"elementor-post elementor-grid-item post-2536 post type-post status-publish format-standard has-post-thumbnail hentry category-veranstaltungen-events tag-costa-blanca-veranstaltungen tag-costa-blanca tag-events-an-der-costa-blanca tag-events-marina-alta tag-events-marina-alta-und-marina-baixa tag-events-marina-baixa tag-marina-alta tag-marina-baixa tag-november-events tag-november-veranstaltung tag-oktober-events tag-oktober-veranstaltung tag-veranstaltung-marina-alta tag-veranstaltung-marina-alta-und-marina-baixa tag-veranstaltung-marina-baixa\" role=\"listitem\">\n\t\t\t<div class=\"elementor-post__card\">\n\t\t\t\t<a class=\"elementor-post__thumbnail__link\" href=\"https:\/\/costablanca-magazin.com\/es\/freizeit\/veranstaltungen-events\/die-costa-blanca-im-oktober-november-veranstaltungstipps\/\" tabindex=\"-1\" ><div class=\"elementor-post__thumbnail\"><img loading=\"lazy\" decoding=\"async\" width=\"300\" height=\"196\" src=\"https:\/\/costablanca-magazin.com\/wp-content\/uploads\/2024\/10\/kids-at-halloween-party-2023-11-27-05-36-03-utc-300x196.jpg\" class=\"attachment-medium size-medium wp-image-2537\" alt=\"Consejos para eventos Costa Blanca octubre\/noviembre\" srcset=\"https:\/\/costablanca-magazin.com\/wp-content\/uploads\/2024\/10\/kids-at-halloween-party-2023-11-27-05-36-03-utc-300x196.jpg 300w, https:\/\/costablanca-magazin.com\/wp-content\/uploads\/2024\/10\/kids-at-halloween-party-2023-11-27-05-36-03-utc-1024x668.jpg 1024w, https:\/\/costablanca-magazin.com\/wp-content\/uploads\/2024\/10\/kids-at-halloween-party-2023-11-27-05-36-03-utc-768x501.jpg 768w, https:\/\/costablanca-magazin.com\/wp-content\/uploads\/2024\/10\/kids-at-halloween-party-2023-11-27-05-36-03-utc-1536x1001.jpg 1536w, https:\/\/costablanca-magazin.com\/wp-content\/uploads\/2024\/10\/kids-at-halloween-party-2023-11-27-05-36-03-utc-2048x1335.jpg 2048w\" sizes=\"(max-width: 300px) 100vw, 300px\" \/><\/div><\/a>\n\t\t\t\t<div class=\"elementor-post__badge\">Eventos<\/div>\n\t\t\t\t<div class=\"elementor-post__text\">\n\t\t\t\t<h2 class=\"elementor-post__title\">\n\t\t\t<a href=\"https:\/\/costablanca-magazin.com\/es\/freizeit\/veranstaltungen-events\/die-costa-blanca-im-oktober-november-veranstaltungstipps\/\" >\n\t\t\t\tLa Costa Blanca en octubre\/noviembre - consejos para eventos\t\t\t<\/a>\n\t\t<\/h2>\n\t\t\t\t<div class=\"elementor-post__excerpt\">\n\t\t\t<p>Costa Blanca en octubre\/noviembre - consejos sobre eventos En octubre y noviembre, la Costa Blanca se transforma en un animado centro lleno de acontecimientos culturales. La regi\u00f3n atrae a los visitantes con una gran variedad de eventos, desde exposiciones y ferias hasta emocionantes obras de teatro y espect\u00e1culos de danza. Estos eventos ofrecen a los lugare\u00f1os la oportunidad perfecta para<\/p>\n\t\t<\/div>\n\t\t\n\t\t<a class=\"elementor-post__read-more\" href=\"https:\/\/costablanca-magazin.com\/es\/freizeit\/veranstaltungen-events\/die-costa-blanca-im-oktober-november-veranstaltungstipps\/\" aria-label=\"M\u00e1s informaci\u00f3n sobre Die Costa Blanca im Oktober\/November &#8211; Veranstaltungstipps\" tabindex=\"-1\" >\n\t\t\tLeer m\u00e1s \u00bb\t\t<\/a>\n\n\t\t\t\t<\/div>\n\t\t\t\t\t<\/div>\n\t\t<\/article>\n\t\t\t\t<article class=\"elementor-post elementor-grid-item post-2512 post type-post status-publish format-standard has-post-thumbnail hentry category-veranstaltungen-events tag-fiesta-benidorm tag-moros-y-cristianos-benidorm\" role=\"listitem\">\n\t\t\t<div class=\"elementor-post__card\">\n\t\t\t\t<a class=\"elementor-post__thumbnail__link\" href=\"https:\/\/costablanca-magazin.com\/es\/freizeit\/veranstaltungen-events\/moros-y-cristianos-ein-lebendiges-spektakel-in-benidorm-vom-3-bis-6-oktober-2024\/\" tabindex=\"-1\" ><div class=\"elementor-post__thumbnail\"><img loading=\"lazy\" decoding=\"async\" width=\"209\" height=\"300\" src=\"https:\/\/costablanca-magazin.com\/wp-content\/uploads\/2024\/10\/moros-y-cristianos-benidorm-209x300.png\" class=\"attachment-medium size-medium wp-image-2513\" alt=\"moros y cristianos benidorm\" srcset=\"https:\/\/costablanca-magazin.com\/wp-content\/uploads\/2024\/10\/moros-y-cristianos-benidorm-209x300.png 209w, https:\/\/costablanca-magazin.com\/wp-content\/uploads\/2024\/10\/moros-y-cristianos-benidorm.png 514w\" sizes=\"(max-width: 209px) 100vw, 209px\" \/><\/div><\/a>\n\t\t\t\t<div class=\"elementor-post__badge\">Eventos<\/div>\n\t\t\t\t<div class=\"elementor-post__text\">\n\t\t\t\t<h2 class=\"elementor-post__title\">\n\t\t\t<a href=\"https:\/\/costablanca-magazin.com\/es\/freizeit\/veranstaltungen-events\/moros-y-cristianos-ein-lebendiges-spektakel-in-benidorm-vom-3-bis-6-oktober-2024\/\" >\n\t\t\t\tMoros y Cristianos: Un animado espect\u00e1culo en Benidorm del 3 al 6 de octubre de 2024\t\t\t<\/a>\n\t\t<\/h2>\n\t\t\t\t<div class=\"elementor-post__excerpt\">\n\t\t\t<p>Moros y Cristianos: Un animado espect\u00e1culo en Benidorm del 3 al 6 de octubre de 2024 Historia, tradici\u00f3n y espect\u00e1culo se unen en una de las fiestas m\u00e1s se\u00f1eras de la Costa Blanca. Del 3 al 6 de octubre de 2024, las calles de Benidorm se transformar\u00e1n en un colorido y vibrante recinto festivo con motivo de las celebraciones en honor a los<\/p>\n\t\t<\/div>\n\t\t\n\t\t<a class=\"elementor-post__read-more\" href=\"https:\/\/costablanca-magazin.com\/es\/freizeit\/veranstaltungen-events\/moros-y-cristianos-ein-lebendiges-spektakel-in-benidorm-vom-3-bis-6-oktober-2024\/\" aria-label=\"M\u00e1s informaci\u00f3n sobre Moros y Cristianos: Ein lebendiges Spektakel in Benidorm vom 3. bis 6. Oktober 2024\" tabindex=\"-1\" >\n\t\t\tLeer m\u00e1s \u00bb\t\t<\/a>\n\n\t\t\t\t<\/div>\n\t\t\t\t\t<\/div>\n\t\t<\/article>\n\t\t\t\t<article class=\"elementor-post elementor-grid-item post-2373 post type-post status-publish format-standard has-post-thumbnail hentry category-veranstaltungen-events tag-dna-festival tag-dna-gastro tag-gastronomie-messe-denia\" role=\"listitem\">\n\t\t\t<div class=\"elementor-post__card\">\n\t\t\t\t<a class=\"elementor-post__thumbnail__link\" href=\"https:\/\/costablanca-magazin.com\/es\/freizeit\/veranstaltungen-events\/dna-festival-2024-ein-muss-fuer-gastronomie-fans-in-denia\/\" tabindex=\"-1\" ><div class=\"elementor-post__thumbnail\"><img loading=\"lazy\" decoding=\"async\" width=\"300\" height=\"169\" src=\"https:\/\/costablanca-magazin.com\/wp-content\/uploads\/2024\/09\/cartel-dna-festival-2024-dest-766x431-1-300x169.jpg\" class=\"attachment-medium size-medium wp-image-2374\" alt=\"Festival D*na en Denia\" srcset=\"https:\/\/costablanca-magazin.com\/wp-content\/uploads\/2024\/09\/cartel-dna-festival-2024-dest-766x431-1-300x169.jpg 300w, https:\/\/costablanca-magazin.com\/wp-content\/uploads\/2024\/09\/cartel-dna-festival-2024-dest-766x431-1.jpg 766w\" sizes=\"(max-width: 300px) 100vw, 300px\" \/><\/div><\/a>\n\t\t\t\t<div class=\"elementor-post__badge\">Eventos<\/div>\n\t\t\t\t<div class=\"elementor-post__text\">\n\t\t\t\t<h2 class=\"elementor-post__title\">\n\t\t\t<a href=\"https:\/\/costablanca-magazin.com\/es\/freizeit\/veranstaltungen-events\/dna-festival-2024-ein-muss-fuer-gastronomie-fans-in-denia\/\" >\n\t\t\t\tFestival D*na 2024: una cita ineludible para los amantes de la gastronom\u00eda en D\u00e9nia\t\t\t<\/a>\n\t\t<\/h2>\n\t\t\t\t<div class=\"elementor-post__excerpt\">\n\t\t\t<p>Festival D*na 2024: Una cita ineludible para los amantes de la gastronom\u00eda en D\u00e9nia En pocos a\u00f1os, el Festival D*na se ha consolidado como uno de los eventos culinarios m\u00e1s importantes de la Comunitat Valenciana. Los d\u00edas 28 y 29 de septiembre de 2024, el festival volver\u00e1 por todo lo alto al paseo mar\u00edtimo de la Marineta Cassiana de D\u00e9nia. Organizado por la ciudad<\/p>\n\t\t<\/div>\n\t\t\n\t\t<a class=\"elementor-post__read-more\" href=\"https:\/\/costablanca-magazin.com\/es\/freizeit\/veranstaltungen-events\/dna-festival-2024-ein-muss-fuer-gastronomie-fans-in-denia\/\" aria-label=\"M\u00e1s informaci\u00f3n sobre D*na-Festival 2024: Ein Muss f\u00fcr Gastronomie-Fans in D\u00e9nia\" tabindex=\"-1\" >\n\t\t\tLeer m\u00e1s \u00bb\t\t<\/a>\n\n\t\t\t\t<\/div>\n\t\t\t\t\t<\/div>\n\t\t<\/article>\n\t\t\t\t<article class=\"elementor-post elementor-grid-item post-1909 post type-post status-publish format-standard has-post-thumbnail hentry category-veranstaltungen-events tag-altea tag-benidorm tag-benissa tag-calpe tag-event-tipps tag-moros-i-cristianos-altea tag-oktoberfest-la-nucia tag-teulade tag-veranstaltungen\" role=\"listitem\">\n\t\t\t<div class=\"elementor-post__card\">\n\t\t\t\t<a class=\"elementor-post__thumbnail__link\" href=\"https:\/\/costablanca-magazin.com\/es\/freizeit\/veranstaltungen-events\/veranstaltungstipps-costa-blanca-september-und-oktober\/\" tabindex=\"-1\" ><div class=\"elementor-post__thumbnail\"><img loading=\"lazy\" decoding=\"async\" width=\"300\" height=\"200\" src=\"https:\/\/costablanca-magazin.com\/wp-content\/uploads\/2024\/09\/concert_music-300x200.jpg\" class=\"attachment-medium size-medium wp-image-10396\" alt=\"m\u00fasica_concierto\" srcset=\"https:\/\/costablanca-magazin.com\/wp-content\/uploads\/2024\/09\/concert_music-300x200.jpg 300w, https:\/\/costablanca-magazin.com\/wp-content\/uploads\/2024\/09\/concert_music-1024x683.jpg 1024w, https:\/\/costablanca-magazin.com\/wp-content\/uploads\/2024\/09\/concert_music-768x512.jpg 768w, https:\/\/costablanca-magazin.com\/wp-content\/uploads\/2024\/09\/concert_music-1536x1025.jpg 1536w, https:\/\/costablanca-magazin.com\/wp-content\/uploads\/2024\/09\/concert_music-2048x1366.jpg 2048w, https:\/\/costablanca-magazin.com\/wp-content\/uploads\/2024\/09\/concert_music-18x12.jpg 18w\" sizes=\"(max-width: 300px) 100vw, 300px\" \/><\/div><\/a>\n\t\t\t\t<div class=\"elementor-post__badge\">Eventos<\/div>\n\t\t\t\t<div class=\"elementor-post__text\">\n\t\t\t\t<h2 class=\"elementor-post__title\">\n\t\t\t<a href=\"https:\/\/costablanca-magazin.com\/es\/freizeit\/veranstaltungen-events\/veranstaltungstipps-costa-blanca-september-und-oktober\/\" >\n\t\t\t\tConsejos para eventos Costa Blanca septiembre y octubre\t\t\t<\/a>\n\t\t<\/h2>\n\t\t\t\t<div class=\"elementor-post__excerpt\">\n\t\t\t<p>Acontecimientos y eventos Costa Blanca Septiembre\/Octubre \u00a1La Costa Blanca tiene mucho que ofrecer en los pr\u00f3ximos meses! Le esperan conciertos, musicales, consejos para ir de compras y fiestas tradicionales. Disfrute de la m\u00fasica en directo, descubra las nuevas tendencias en los mejores centros comerciales y viva la cultura local en desfiles festivos y espect\u00e1culos pirot\u00e9cnicos. No importa<\/p>\n\t\t<\/div>\n\t\t\n\t\t<a class=\"elementor-post__read-more\" href=\"https:\/\/costablanca-magazin.com\/es\/freizeit\/veranstaltungen-events\/veranstaltungstipps-costa-blanca-september-und-oktober\/\" aria-label=\"M\u00e1s informaci\u00f3n sobre Veranstaltungstipps Costa Blanca September und Oktober\" tabindex=\"-1\" >\n\t\t\tLeer m\u00e1s \u00bb\t\t<\/a>\n\n\t\t\t\t<\/div>\n\t\t\t\t\t<\/div>\n\t\t<\/article>\n\t\t\t\t<article class=\"elementor-post elementor-grid-item post-1546 post type-post status-publish format-standard has-post-thumbnail hentry category-veranstaltungen-events tag-fiesta-denia tag-mauren-und-christen-denia-2024 tag-moros-y-cristianos-denia-2024 tag-programm-fiesta-moros-y-cristianos-denia\" role=\"listitem\">\n\t\t\t<div class=\"elementor-post__card\">\n\t\t\t\t<a class=\"elementor-post__thumbnail__link\" href=\"https:\/\/costablanca-magazin.com\/es\/freizeit\/veranstaltungen-events\/mauren-und-christen-denia-feiert-im-august-2024-mit-neuerungen\/\" tabindex=\"-1\" ><div class=\"elementor-post__thumbnail\"><img loading=\"lazy\" decoding=\"async\" width=\"200\" height=\"300\" src=\"https:\/\/costablanca-magazin.com\/wp-content\/uploads\/2024\/07\/shutterstock_1558707188-moros-y-cristianos-200x300.jpg\" class=\"attachment-medium size-medium wp-image-1547\" alt=\"Fiesta de Moros y Cristianos de Denia 2024\" srcset=\"https:\/\/costablanca-magazin.com\/wp-content\/uploads\/2024\/07\/shutterstock_1558707188-moros-y-cristianos-200x300.jpg 200w, https:\/\/costablanca-magazin.com\/wp-content\/uploads\/2024\/07\/shutterstock_1558707188-moros-y-cristianos-683x1024.jpg 683w, https:\/\/costablanca-magazin.com\/wp-content\/uploads\/2024\/07\/shutterstock_1558707188-moros-y-cristianos-768x1152.jpg 768w, https:\/\/costablanca-magazin.com\/wp-content\/uploads\/2024\/07\/shutterstock_1558707188-moros-y-cristianos-1024x1536.jpg 1024w, https:\/\/costablanca-magazin.com\/wp-content\/uploads\/2024\/07\/shutterstock_1558707188-moros-y-cristianos-1365x2048.jpg 1365w, https:\/\/costablanca-magazin.com\/wp-content\/uploads\/2024\/07\/shutterstock_1558707188-moros-y-cristianos-scaled.jpg 1707w\" sizes=\"(max-width: 200px) 100vw, 200px\" \/><\/div><\/a>\n\t\t\t\t<div class=\"elementor-post__badge\">Eventos<\/div>\n\t\t\t\t<div class=\"elementor-post__text\">\n\t\t\t\t<h2 class=\"elementor-post__title\">\n\t\t\t<a href=\"https:\/\/costablanca-magazin.com\/es\/freizeit\/veranstaltungen-events\/mauren-und-christen-denia-feiert-im-august-2024-mit-neuerungen\/\" >\n\t\t\t\tMoros y Cristianos: D\u00e9nia lo celebra con novedades en agosto de 2024\t\t\t<\/a>\n\t\t<\/h2>\n\t\t\t\t<div class=\"elementor-post__excerpt\">\n\t\t\t<p>Moros y Cristianos: D\u00e9nia celebra en agosto de 2024 con novedades Las fiestas de Moros y Cristianos 2024 de D\u00e9nia est\u00e1n a la vuelta de la esquina y traer\u00e1n consigo algunas novedades. La presentaci\u00f3n de las fiestas, que tendr\u00e1n lugar del 3 al 16 de agosto, ha contado con la presencia de la concejala de Fiestas, la diputada<\/p>\n\t\t<\/div>\n\t\t\n\t\t<a class=\"elementor-post__read-more\" href=\"https:\/\/costablanca-magazin.com\/es\/freizeit\/veranstaltungen-events\/mauren-und-christen-denia-feiert-im-august-2024-mit-neuerungen\/\" aria-label=\"M\u00e1s informaci\u00f3n sobre Mauren und Christen: D\u00e9nia feiert im August 2024 mit Neuerungen\" tabindex=\"-1\" >\n\t\t\tLeer m\u00e1s \u00bb\t\t<\/a>\n\n\t\t\t\t<\/div>\n\t\t\t\t\t<\/div>\n\t\t<\/article>\n\t\t\t\t<article class=\"elementor-post elementor-grid-item post-1523 post type-post status-publish format-standard has-post-thumbnail hentry category-veranstaltungen-events tag-benidorm tag-calpe tag-denia tag-euripameisterschaft-finale tag-javea tag-public-viewing-marina-alta-und-marina-baixa tag-publiv-viewing-benissa\" role=\"listitem\">\n\t\t\t<div class=\"elementor-post__card\">\n\t\t\t\t<a class=\"elementor-post__thumbnail__link\" href=\"https:\/\/costablanca-magazin.com\/es\/freizeit\/veranstaltungen-events\/euro-2024-finale-hier-koennen-sie-beim-public-viewing-geniessen-mitfiebern\/\" tabindex=\"-1\" ><div class=\"elementor-post__thumbnail\"><img loading=\"lazy\" decoding=\"async\" width=\"300\" height=\"200\" src=\"https:\/\/costablanca-magazin.com\/wp-content\/uploads\/2024\/07\/spain-supporters-and-fans-during-football-match-2023-11-27-05-18-49-utc-300x200.jpg\" class=\"attachment-medium size-medium wp-image-1524\" alt=\"Final de la Eurocopa 2024: retransmisi\u00f3n p\u00fablica\" srcset=\"https:\/\/costablanca-magazin.com\/wp-content\/uploads\/2024\/07\/spain-supporters-and-fans-during-football-match-2023-11-27-05-18-49-utc-300x200.jpg 300w, https:\/\/costablanca-magazin.com\/wp-content\/uploads\/2024\/07\/spain-supporters-and-fans-during-football-match-2023-11-27-05-18-49-utc-1024x683.jpg 1024w, https:\/\/costablanca-magazin.com\/wp-content\/uploads\/2024\/07\/spain-supporters-and-fans-during-football-match-2023-11-27-05-18-49-utc-768x512.jpg 768w, https:\/\/costablanca-magazin.com\/wp-content\/uploads\/2024\/07\/spain-supporters-and-fans-during-football-match-2023-11-27-05-18-49-utc-1536x1024.jpg 1536w, https:\/\/costablanca-magazin.com\/wp-content\/uploads\/2024\/07\/spain-supporters-and-fans-during-football-match-2023-11-27-05-18-49-utc-2048x1365.jpg 2048w\" sizes=\"(max-width: 300px) 100vw, 300px\" \/><\/div><\/a>\n\t\t\t\t<div class=\"elementor-post__badge\">Eventos<\/div>\n\t\t\t\t<div class=\"elementor-post__text\">\n\t\t\t\t<h2 class=\"elementor-post__title\">\n\t\t\t<a href=\"https:\/\/costablanca-magazin.com\/es\/freizeit\/veranstaltungen-events\/euro-2024-finale-hier-koennen-sie-beim-public-viewing-geniessen-mitfiebern\/\" >\n\t\t\t\tFinal de la Eurocopa 2024: Disfrute de la emoci\u00f3n de ver la final en p\u00fablico\t\t\t<\/a>\n\t\t<\/h2>\n\t\t\t\t<div class=\"elementor-post__excerpt\">\n\t\t\t<p>Final de la Eurocopa 2024: as\u00ed se puede ver en p\u00fablico El domingo por la noche se celebrar\u00e1 en Berl\u00edn la esperada final de la Eurocopa 2024. Inglaterra se enfrentar\u00e1 a Espa\u00f1a, y mientras los de Gareth Southgate buscar\u00e1n su primer t\u00edtulo desde que ganaron el Mundial en 1966, Espa\u00f1a espera volver a la senda del triunfo.<\/p>\n\t\t<\/div>\n\t\t\n\t\t<a class=\"elementor-post__read-more\" href=\"https:\/\/costablanca-magazin.com\/es\/freizeit\/veranstaltungen-events\/euro-2024-finale-hier-koennen-sie-beim-public-viewing-geniessen-mitfiebern\/\" aria-label=\"M\u00e1s informaci\u00f3n sobre Euro 2024 Finale: Hier k\u00f6nnen Sie beim Public-Viewing genie\u00dfen mitfiebern\" tabindex=\"-1\" >\n\t\t\tLeer m\u00e1s \u00bb\t\t<\/a>\n\n\t\t\t\t<\/div>\n\t\t\t\t\t<\/div>\n\t\t<\/article>\n\t\t\t\t<article class=\"elementor-post elementor-grid-item post-1515 post type-post status-publish format-standard has-post-thumbnail hentry category-veranstaltungen-events tag-fiesta-costablanca tag-mauren-und-christen-vilajoyossa tag-moros-i-cristianos-vilajojossa\" role=\"listitem\">\n\t\t\t<div class=\"elementor-post__card\">\n\t\t\t\t<a class=\"elementor-post__thumbnail__link\" href=\"https:\/\/costablanca-magazin.com\/es\/freizeit\/veranstaltungen-events\/moros-i-cristians-2024-in-vila-joiosa-ein-fiesta-highlight-an-der-costa-blanca\/\" tabindex=\"-1\" ><div class=\"elementor-post__thumbnail\"><img loading=\"lazy\" decoding=\"async\" width=\"271\" height=\"300\" src=\"https:\/\/costablanca-magazin.com\/wp-content\/uploads\/2024\/07\/Img-271x300.png\" class=\"attachment-medium size-medium wp-image-1516\" alt=\"Fiesta de Moros y Cristianos, Moros i Cristians\" srcset=\"https:\/\/costablanca-magazin.com\/wp-content\/uploads\/2024\/07\/Img-271x300.png 271w, https:\/\/costablanca-magazin.com\/wp-content\/uploads\/2024\/07\/Img.png 541w\" sizes=\"(max-width: 271px) 100vw, 271px\" \/><\/div><\/a>\n\t\t\t\t<div class=\"elementor-post__badge\">Eventos<\/div>\n\t\t\t\t<div class=\"elementor-post__text\">\n\t\t\t\t<h2 class=\"elementor-post__title\">\n\t\t\t<a href=\"https:\/\/costablanca-magazin.com\/es\/freizeit\/veranstaltungen-events\/moros-i-cristians-2024-in-vila-joiosa-ein-fiesta-highlight-an-der-costa-blanca\/\" >\n\t\t\t\tMoros i Cristians 2024 en la Vila Joiosa: una fiesta en la Costa Blanca\t\t\t<\/a>\n\t\t<\/h2>\n\t\t\t\t<div class=\"elementor-post__excerpt\">\n\t\t\t<p>Moros i Cristians 2024 en la Vila Joiosa: Una fiesta destacada en la Costa Del 24 al 31 de julio de 2024, la Vila Joiosa se transformar\u00e1 en un escenario lleno de historia y tradici\u00f3n cuando se celebre la fiesta anual de Moros y Cristianos, Moros i Cristians. Este acontecimiento \u00fanico en la Costa Blanca<\/p>\n\t\t<\/div>\n\t\t\n\t\t<a class=\"elementor-post__read-more\" href=\"https:\/\/costablanca-magazin.com\/es\/freizeit\/veranstaltungen-events\/moros-i-cristians-2024-in-vila-joiosa-ein-fiesta-highlight-an-der-costa-blanca\/\" aria-label=\"M\u00e1s informaci\u00f3n sobre Moros i Cristians 2024 in Vila Joiosa: Ein Fiesta Highlight an der Costa Blanca\" tabindex=\"-1\" >\n\t\t\tLeer m\u00e1s \u00bb\t\t<\/a>\n\n\t\t\t\t<\/div>\n\t\t\t\t\t<\/div>\n\t\t<\/article>\n\t\t\t\t<article class=\"elementor-post elementor-grid-item post-1497 post type-post status-publish format-standard has-post-thumbnail hentry category-veranstaltungen-events tag-castell-de-lolla-in-altea tag-feuerwerk-altea\" role=\"listitem\">\n\t\t\t<div class=\"elementor-post__card\">\n\t\t\t\t<a class=\"elementor-post__thumbnail__link\" href=\"https:\/\/costablanca-magazin.com\/es\/freizeit\/veranstaltungen-events\/save-the-date-10-08-feuerwerk-castell-de-lolla-in-altea\/\" tabindex=\"-1\" ><div class=\"elementor-post__thumbnail\"><img loading=\"lazy\" decoding=\"async\" width=\"300\" height=\"200\" src=\"https:\/\/costablanca-magazin.com\/wp-content\/uploads\/2024\/07\/fireworks-display-2023-11-27-05-19-00-utc-300x200.jpg\" class=\"attachment-medium size-medium wp-image-1498\" alt=\"Fuegos artificiales Castell de l&#039;Olla en Altea\" srcset=\"https:\/\/costablanca-magazin.com\/wp-content\/uploads\/2024\/07\/fireworks-display-2023-11-27-05-19-00-utc-300x200.jpg 300w, https:\/\/costablanca-magazin.com\/wp-content\/uploads\/2024\/07\/fireworks-display-2023-11-27-05-19-00-utc-1024x683.jpg 1024w, https:\/\/costablanca-magazin.com\/wp-content\/uploads\/2024\/07\/fireworks-display-2023-11-27-05-19-00-utc-768x512.jpg 768w, https:\/\/costablanca-magazin.com\/wp-content\/uploads\/2024\/07\/fireworks-display-2023-11-27-05-19-00-utc-1536x1024.jpg 1536w, https:\/\/costablanca-magazin.com\/wp-content\/uploads\/2024\/07\/fireworks-display-2023-11-27-05-19-00-utc-2048x1365.jpg 2048w\" sizes=\"(max-width: 300px) 100vw, 300px\" \/><\/div><\/a>\n\t\t\t\t<div class=\"elementor-post__badge\">Eventos<\/div>\n\t\t\t\t<div class=\"elementor-post__text\">\n\t\t\t\t<h2 class=\"elementor-post__title\">\n\t\t\t<a href=\"https:\/\/costablanca-magazin.com\/es\/freizeit\/veranstaltungen-events\/save-the-date-10-08-feuerwerk-castell-de-lolla-in-altea\/\" >\n\t\t\t\tSave the Date: 10.08 Fuegos artificiales Castell de l'Olla en Altea\t\t\t<\/a>\n\t\t<\/h2>\n\t\t\t\t<div class=\"elementor-post__excerpt\">\n\t\t\t<p>Save the Date: 10.08 Fuegos artificiales Castell de l'Olla en Altea A la espera del Castell de l'Olla en Altea: Un punto culminante del verano El 10 de agosto, es ese momento otra vez: El Castell de l'Olla en Altea promete una noche inolvidable llena de impresionantes fuegos artificiales y eventos culturales. Los preparativos de esta tradicional<\/p>\n\t\t<\/div>\n\t\t\n\t\t<a class=\"elementor-post__read-more\" href=\"https:\/\/costablanca-magazin.com\/es\/freizeit\/veranstaltungen-events\/save-the-date-10-08-feuerwerk-castell-de-lolla-in-altea\/\" aria-label=\"M\u00e1s informaci\u00f3n sobre Save the Date: 10.08 Feuerwerk Castell de l&#8217;Olla in Altea\" tabindex=\"-1\" >\n\t\t\tLeer m\u00e1s \u00bb\t\t<\/a>\n\n\t\t\t\t<\/div>\n\t\t\t\t\t<\/div>\n\t\t<\/article>\n\t\t\t\t<\/div>\n\t\t\n\t\t\t\t\t\t<\/div>\n\t\t\t\t<\/div>\n\t\t\t\t\t<\/div>\n\t\t\t\t<\/div>\n\t\t\t\t<\/div>","protected":false},"excerpt":{"rendered":"<p>Bei unseren Veranstaltungen gibt es f\u00fcr jede Lebenslage etwas zu entdecken: und verbindet Musik, Costa sorgt f\u00fcr Kultur, Blanca bietet Action, Konzerte l\u00e4dt zum Genie\u00dfen ein, Fiestas \u00fcberrascht mit Kreativit\u00e4t und Termine schafft Gemeinschaft. Freizeit &#8211; Veranstaltungen &amp; Events<\/p>","protected":false},"author":1,"featured_media":0,"parent":0,"menu_order":0,"comment_status":"closed","ping_status":"closed","template":"elementor_header_footer","meta":{"om_disable_all_campaigns":false,"_monsterinsights_skip_tracking":false,"_monsterinsights_sitenote_active":false,"_monsterinsights_sitenote_note":"","_monsterinsights_sitenote_category":0,"footnotes":""},"class_list":["post-4545","page","type-page","status-publish","hentry"],"aioseo_notices":[],"_links":{"self":[{"href":"https:\/\/costablanca-magazin.com\/es\/wp-json\/wp\/v2\/pages\/4545","targetHints":{"allow":["GET"]}}],"collection":[{"href":"https:\/\/costablanca-magazin.com\/es\/wp-json\/wp\/v2\/pages"}],"about":[{"href":"https:\/\/costablanca-magazin.com\/es\/wp-json\/wp\/v2\/types\/page"}],"author":[{"embeddable":true,"href":"https:\/\/costablanca-magazin.com\/es\/wp-json\/wp\/v2\/users\/1"}],"replies":[{"embeddable":true,"href":"https:\/\/costablanca-magazin.com\/es\/wp-json\/wp\/v2\/comments?post=4545"}],"version-history":[{"count":18,"href":"https:\/\/costablanca-magazin.com\/es\/wp-json\/wp\/v2\/pages\/4545\/revisions"}],"predecessor-version":[{"id":10367,"href":"https:\/\/costablanca-magazin.com\/es\/wp-json\/wp\/v2\/pages\/4545\/revisions\/10367"}],"wp:attachment":[{"href":"https:\/\/costablanca-magazin.com\/es\/wp-json\/wp\/v2\/media?parent=4545"}],"curies":[{"name":"wp","href":"https:\/\/api.w.org\/{rel}","templated":true}]}}