{"id":4513,"date":"2025-01-21T08:51:09","date_gmt":"2025-01-21T07:51:09","guid":{"rendered":"https:\/\/costablanca-magazin.com\/?page_id=4513"},"modified":"2026-02-11T11:55:01","modified_gmt":"2026-02-11T10:55:01","slug":"informacion","status":"publish","type":"page","link":"https:\/\/costablanca-magazin.com\/es\/infos\/","title":{"rendered":"Informaci\u00f3n"},"content":{"rendered":"<div data-elementor-type=\"wp-page\" data-elementor-id=\"4513\" class=\"elementor elementor-4513\" data-elementor-post-type=\"page\">\n\t\t\t\t<div class=\"elementor-element elementor-element-bd74165 e-flex e-con-boxed e-con e-parent\" data-id=\"bd74165\" data-element_type=\"container\" data-e-type=\"container\">\n\t\t\t\t\t<div class=\"e-con-inner\">\n\t\t<div class=\"elementor-element elementor-element-1faaa73 e-con-full e-flex e-con e-child\" data-id=\"1faaa73\" data-element_type=\"container\" data-e-type=\"container\">\n\t\t<div class=\"elementor-element elementor-element-8184f03 e-con-full e-flex e-con e-child\" data-id=\"8184f03\" data-element_type=\"container\" data-e-type=\"container\">\n\t\t\t\t<div class=\"elementor-element elementor-element-189f17d elementor-widget elementor-widget-heading\" data-id=\"189f17d\" data-element_type=\"widget\" data-e-type=\"widget\" data-widget_type=\"heading.default\">\n\t\t\t\t<div class=\"elementor-widget-container\">\n\t\t\t\t\t<h1 class=\"elementor-heading-title elementor-size-default\">Local - Info<\/h1>\t\t\t\t<\/div>\n\t\t\t\t<\/div>\n\t\t\t\t<\/div>\n\t\t\t\t<\/div>\n\t\t\t\t\t<\/div>\n\t\t\t\t<\/div>\n\t\t<div class=\"elementor-element elementor-element-55f045a e-flex e-con-boxed e-con e-parent\" data-id=\"55f045a\" data-element_type=\"container\" data-e-type=\"container\">\n\t\t\t\t\t<div class=\"e-con-inner\">\n\t\t\t\t<div class=\"elementor-element elementor-element-a70d414 elementor-grid-3 elementor-grid-tablet-2 elementor-grid-mobile-1 elementor-posts--thumbnail-top elementor-card-shadow-yes elementor-posts__hover-gradient elementor-widget elementor-widget-posts\" data-id=\"a70d414\" data-element_type=\"widget\" data-e-type=\"widget\" data-settings=\"{&quot;pagination_type&quot;:&quot;numbers&quot;,&quot;cards_columns&quot;:&quot;3&quot;,&quot;cards_columns_tablet&quot;:&quot;2&quot;,&quot;cards_columns_mobile&quot;:&quot;1&quot;,&quot;cards_row_gap&quot;:{&quot;unit&quot;:&quot;px&quot;,&quot;size&quot;:35,&quot;sizes&quot;:[]},&quot;cards_row_gap_tablet&quot;:{&quot;unit&quot;:&quot;px&quot;,&quot;size&quot;:&quot;&quot;,&quot;sizes&quot;:[]},&quot;cards_row_gap_mobile&quot;:{&quot;unit&quot;:&quot;px&quot;,&quot;size&quot;:&quot;&quot;,&quot;sizes&quot;:[]}}\" data-widget_type=\"posts.cards\">\n\t\t\t\t<div class=\"elementor-widget-container\">\n\t\t\t\t\t\t\t<div class=\"elementor-posts-container elementor-posts elementor-posts--skin-cards elementor-grid\" role=\"list\">\n\t\t\t\t<article class=\"elementor-post elementor-grid-item post-9496 post type-post status-publish format-standard has-post-thumbnail hentry category-infos tag-consorcio-de-aguas-marina-baixa tag-entsalzungsanlage-denia tag-nachhaltige-bewaesserung tag-troepfchenbewaesserung tag-wasserknappheit tag-wassermanagement-costa-blanca tag-wiederverwendung-wasser-spanien\" role=\"listitem\">\n\t\t\t<div class=\"elementor-post__card\">\n\t\t\t\t<a class=\"elementor-post__thumbnail__link\" href=\"https:\/\/costablanca-magazin.com\/es\/lokales\/infos\/intelligentes-wassermanagement-an-der-costa-blanca\/\" tabindex=\"-1\" ><div class=\"elementor-post__thumbnail\"><img fetchpriority=\"high\" decoding=\"async\" width=\"300\" height=\"200\" src=\"https:\/\/costablanca-magazin.com\/wp-content\/uploads\/2025\/11\/be-water-wise-2025-04-05-16-36-59-utc-300x200.jpg\" class=\"attachment-medium size-medium wp-image-9498\" alt=\"De D\u00e9nia a Benidorm: as\u00ed organiza la Costa Blanca los ciclos del agua, la desalinizaci\u00f3n y la reutilizaci\u00f3n para un futuro sostenible.\" srcset=\"https:\/\/costablanca-magazin.com\/wp-content\/uploads\/2025\/11\/be-water-wise-2025-04-05-16-36-59-utc-300x200.jpg 300w, https:\/\/costablanca-magazin.com\/wp-content\/uploads\/2025\/11\/be-water-wise-2025-04-05-16-36-59-utc-1024x683.jpg 1024w, https:\/\/costablanca-magazin.com\/wp-content\/uploads\/2025\/11\/be-water-wise-2025-04-05-16-36-59-utc-768x512.jpg 768w, https:\/\/costablanca-magazin.com\/wp-content\/uploads\/2025\/11\/be-water-wise-2025-04-05-16-36-59-utc-18x12.jpg 18w, https:\/\/costablanca-magazin.com\/wp-content\/uploads\/2025\/11\/be-water-wise-2025-04-05-16-36-59-utc.jpg 1200w\" sizes=\"(max-width: 300px) 100vw, 300px\" \/><\/div><\/a>\n\t\t\t\t<div class=\"elementor-post__badge\">Informaci\u00f3n<\/div>\n\t\t\t\t<div class=\"elementor-post__text\">\n\t\t\t\t<h2 class=\"elementor-post__title\">\n\t\t\t<a href=\"https:\/\/costablanca-magazin.com\/es\/lokales\/infos\/intelligentes-wassermanagement-an-der-costa-blanca\/\" >\n\t\t\t\tGesti\u00f3n inteligente del agua en la Costa Blanca\t\t\t<\/a>\n\t\t<\/h2>\n\t\t\t\t<\/div>\n\t\t\t\t\t<\/div>\n\t\t<\/article>\n\t\t\t\t<article class=\"elementor-post elementor-grid-item post-9502 post type-post status-publish format-standard has-post-thumbnail hentry category-infos tag-angebote-costa-blanca-weihnachten tag-costa-blanca-black-friday-2025 tag-cyber-monday-costa-blanca tag-shopping-alicante-benidorm tag-verkaufsoffene-sonntage-comunidad-valenciana\" role=\"listitem\">\n\t\t\t<div class=\"elementor-post__card\">\n\t\t\t\t<a class=\"elementor-post__thumbnail__link\" href=\"https:\/\/costablanca-magazin.com\/es\/lokales\/infos\/black-friday-2025-costa-blanca-termine-shopping-tipps\/\" tabindex=\"-1\" ><div class=\"elementor-post__thumbnail\"><img decoding=\"async\" width=\"300\" height=\"176\" src=\"https:\/\/costablanca-magazin.com\/wp-content\/uploads\/2025\/11\/discount-bild-scaled-e1763562987290-300x176.jpg\" class=\"attachment-medium size-medium wp-image-9503\" alt=\"Costa Blanca Black Friday 2025, Cyber Monday Costa Blanca, Shopping Alicante Benidorm, Domingos abiertos para compras Comunidad Valenciana, Ofertas Costa Blanca Navidad\" srcset=\"https:\/\/costablanca-magazin.com\/wp-content\/uploads\/2025\/11\/discount-bild-scaled-e1763562987290-300x176.jpg 300w, https:\/\/costablanca-magazin.com\/wp-content\/uploads\/2025\/11\/discount-bild-scaled-e1763562987290-768x451.jpg 768w, https:\/\/costablanca-magazin.com\/wp-content\/uploads\/2025\/11\/discount-bild-scaled-e1763562987290-1536x901.jpg 1536w, https:\/\/costablanca-magazin.com\/wp-content\/uploads\/2025\/11\/discount-bild-scaled-e1763562987290-2048x1202.jpg 2048w, https:\/\/costablanca-magazin.com\/wp-content\/uploads\/2025\/11\/discount-bild-scaled-e1763562987290-18x12.jpg 18w\" sizes=\"(max-width: 300px) 100vw, 300px\" \/><\/div><\/a>\n\t\t\t\t<div class=\"elementor-post__badge\">Informaci\u00f3n<\/div>\n\t\t\t\t<div class=\"elementor-post__text\">\n\t\t\t\t<h2 class=\"elementor-post__title\">\n\t\t\t<a href=\"https:\/\/costablanca-magazin.com\/es\/lokales\/infos\/black-friday-2025-costa-blanca-termine-shopping-tipps\/\" >\n\t\t\t\tBlack Friday 2025 Costa Blanca: fechas y consejos de compra\t\t\t<\/a>\n\t\t<\/h2>\n\t\t\t\t<\/div>\n\t\t\t\t\t<\/div>\n\t\t<\/article>\n\t\t\t\t<article class=\"elementor-post elementor-grid-item post-9129 post type-post status-publish format-standard has-post-thumbnail hentry category-infos tag-brueckentage-2026-spanien tag-costa-blanca-urlaub-2026 tag-feiertage-costa-blanca-2026 tag-feiertage-spanien-2026 tag-freie-tage-valencia-2026 tag-kalender-2026-costa-blanca tag-kurzurlaub-costa-blanca\" role=\"listitem\">\n\t\t\t<div class=\"elementor-post__card\">\n\t\t\t\t<a class=\"elementor-post__thumbnail__link\" href=\"https:\/\/costablanca-magazin.com\/es\/lokales\/infos\/feiertage-2026-an-der-costa-blanca-bruecken-auszeiten\/\" tabindex=\"-1\" ><div class=\"elementor-post__thumbnail\"><img decoding=\"async\" width=\"300\" height=\"129\" src=\"https:\/\/costablanca-magazin.com\/wp-content\/uploads\/2025\/10\/close-up-of-a-red-pushpin-marking-the-19th-on-a-ca-2025-10-12-02-28-52-utc-300x129.jpg\" class=\"attachment-medium size-medium wp-image-9132\" alt=\"Vacaciones 2026 en la Costa Blanca - puentes y tiempo libre\" srcset=\"https:\/\/costablanca-magazin.com\/wp-content\/uploads\/2025\/10\/close-up-of-a-red-pushpin-marking-the-19th-on-a-ca-2025-10-12-02-28-52-utc-300x129.jpg 300w, https:\/\/costablanca-magazin.com\/wp-content\/uploads\/2025\/10\/close-up-of-a-red-pushpin-marking-the-19th-on-a-ca-2025-10-12-02-28-52-utc-1024x439.jpg 1024w, https:\/\/costablanca-magazin.com\/wp-content\/uploads\/2025\/10\/close-up-of-a-red-pushpin-marking-the-19th-on-a-ca-2025-10-12-02-28-52-utc-768x329.jpg 768w, https:\/\/costablanca-magazin.com\/wp-content\/uploads\/2025\/10\/close-up-of-a-red-pushpin-marking-the-19th-on-a-ca-2025-10-12-02-28-52-utc.jpg 1200w\" sizes=\"(max-width: 300px) 100vw, 300px\" \/><\/div><\/a>\n\t\t\t\t<div class=\"elementor-post__badge\">Informaci\u00f3n<\/div>\n\t\t\t\t<div class=\"elementor-post__text\">\n\t\t\t\t<h2 class=\"elementor-post__title\">\n\t\t\t<a href=\"https:\/\/costablanca-magazin.com\/es\/lokales\/infos\/feiertage-2026-an-der-costa-blanca-bruecken-auszeiten\/\" >\n\t\t\t\tVacaciones 2026 en la Costa Blanca - puentes y tiempo libre\t\t\t<\/a>\n\t\t<\/h2>\n\t\t\t\t<\/div>\n\t\t\t\t\t<\/div>\n\t\t<\/article>\n\t\t\t\t<article class=\"elementor-post elementor-grid-item post-8783 post type-post status-publish format-standard has-post-thumbnail hentry category-infos category-leben-in-spanien tag-allanamiento-de-morada tag-eigentuemerrechte-spanien tag-ferienhaus-raeumung-spanien tag-hausbesetzung-spanien tag-ley-antiokupas-2025 tag-okupas-costa-blanca tag-raeumungsverfahren-spanien tag-usurpacion-costa-blanca\" role=\"listitem\">\n\t\t\t<div class=\"elementor-post__card\">\n\t\t\t\t<a class=\"elementor-post__thumbnail__link\" href=\"https:\/\/costablanca-magazin.com\/es\/lokales\/infos\/okupas-an-der-costa-blanca-neue-gesetze-alte-probleme\/\" tabindex=\"-1\" ><div class=\"elementor-post__thumbnail\"><img loading=\"lazy\" decoding=\"async\" width=\"300\" height=\"200\" src=\"https:\/\/costablanca-magazin.com\/wp-content\/uploads\/2025\/09\/Fotolia_81831064_XL-300x200.jpg\" class=\"attachment-medium size-medium wp-image-8789\" alt=\"Cuando llegan los extra\u00f1os: el problema de los okupas en la Costa Blanca\" srcset=\"https:\/\/costablanca-magazin.com\/wp-content\/uploads\/2025\/09\/Fotolia_81831064_XL-300x200.jpg 300w, https:\/\/costablanca-magazin.com\/wp-content\/uploads\/2025\/09\/Fotolia_81831064_XL-1024x683.jpg 1024w, https:\/\/costablanca-magazin.com\/wp-content\/uploads\/2025\/09\/Fotolia_81831064_XL-768x512.jpg 768w, https:\/\/costablanca-magazin.com\/wp-content\/uploads\/2025\/09\/Fotolia_81831064_XL-1536x1024.jpg 1536w, https:\/\/costablanca-magazin.com\/wp-content\/uploads\/2025\/09\/Fotolia_81831064_XL.jpg 1710w\" sizes=\"(max-width: 300px) 100vw, 300px\" \/><\/div><\/a>\n\t\t\t\t<div class=\"elementor-post__badge\">Informaci\u00f3n<\/div>\n\t\t\t\t<div class=\"elementor-post__text\">\n\t\t\t\t<h2 class=\"elementor-post__title\">\n\t\t\t<a href=\"https:\/\/costablanca-magazin.com\/es\/lokales\/infos\/okupas-an-der-costa-blanca-neue-gesetze-alte-probleme\/\" >\n\t\t\t\tOkupas en la Costa Blanca - Nuevas leyes, viejos problemas\t\t\t<\/a>\n\t\t<\/h2>\n\t\t\t\t<\/div>\n\t\t\t\t\t<\/div>\n\t\t<\/article>\n\t\t\t\t<article class=\"elementor-post elementor-grid-item post-8122 post type-post status-publish format-standard has-post-thumbnail hentry category-infos tag-ausweis-verloren-spanien tag-diebstahl-costa-blanca tag-handy-gestohlen-urlaub tag-notrufnummern-spanien-diebstahl tag-polizei-anzeige-online-spanien tag-rueckflug-ohne-ausweis\" role=\"listitem\">\n\t\t\t<div class=\"elementor-post__card\">\n\t\t\t\t<a class=\"elementor-post__thumbnail__link\" href=\"https:\/\/costablanca-magazin.com\/es\/lokales\/infos\/bestohlen-an-der-costa-blanca-was-jetzt-zu-tun-ist\/\" tabindex=\"-1\" ><div class=\"elementor-post__thumbnail\"><img loading=\"lazy\" decoding=\"async\" width=\"300\" height=\"179\" src=\"https:\/\/costablanca-magazin.com\/wp-content\/uploads\/2025\/07\/pickpocket-thief-stealing-wallet-from-woman-handba-2025-03-18-18-37-03-utc-300x179.jpg\" class=\"attachment-medium size-medium wp-image-8126\" alt=\"Robado en la Costa Blanca- \u00bfQu\u00e9 hacer ahora?\" srcset=\"https:\/\/costablanca-magazin.com\/wp-content\/uploads\/2025\/07\/pickpocket-thief-stealing-wallet-from-woman-handba-2025-03-18-18-37-03-utc-300x179.jpg 300w, https:\/\/costablanca-magazin.com\/wp-content\/uploads\/2025\/07\/pickpocket-thief-stealing-wallet-from-woman-handba-2025-03-18-18-37-03-utc-1024x610.jpg 1024w, https:\/\/costablanca-magazin.com\/wp-content\/uploads\/2025\/07\/pickpocket-thief-stealing-wallet-from-woman-handba-2025-03-18-18-37-03-utc-768x457.jpg 768w, https:\/\/costablanca-magazin.com\/wp-content\/uploads\/2025\/07\/pickpocket-thief-stealing-wallet-from-woman-handba-2025-03-18-18-37-03-utc-1536x915.jpg 1536w, https:\/\/costablanca-magazin.com\/wp-content\/uploads\/2025\/07\/pickpocket-thief-stealing-wallet-from-woman-handba-2025-03-18-18-37-03-utc-2048x1220.jpg 2048w\" sizes=\"(max-width: 300px) 100vw, 300px\" \/><\/div><\/a>\n\t\t\t\t<div class=\"elementor-post__badge\">Informaci\u00f3n<\/div>\n\t\t\t\t<div class=\"elementor-post__text\">\n\t\t\t\t<h2 class=\"elementor-post__title\">\n\t\t\t<a href=\"https:\/\/costablanca-magazin.com\/es\/lokales\/infos\/bestohlen-an-der-costa-blanca-was-jetzt-zu-tun-ist\/\" >\n\t\t\t\tRobado en la Costa Blanca- \u00bfQu\u00e9 hacer ahora?\t\t\t<\/a>\n\t\t<\/h2>\n\t\t\t\t<\/div>\n\t\t\t\t\t<\/div>\n\t\t<\/article>\n\t\t\t\t<article class=\"elementor-post elementor-grid-item post-7623 post type-post status-publish format-standard has-post-thumbnail hentry category-infos tag-calpe tag-costa-blanca-2 tag-deutsche-drogerie-in-spanien tag-drogerie-markt-costa-blanca tag-rossmann-angebote-spanien tag-rossmann-calpe-eroeffnung\" role=\"listitem\">\n\t\t\t<div class=\"elementor-post__card\">\n\t\t\t\t<a class=\"elementor-post__thumbnail__link\" href=\"https:\/\/costablanca-magazin.com\/es\/lokales\/infos\/drogerie-rossmann-mit-neuer-filiale-in-calpe\/\" tabindex=\"-1\" ><div class=\"elementor-post__thumbnail\"><img loading=\"lazy\" decoding=\"async\" width=\"300\" height=\"225\" src=\"https:\/\/costablanca-magazin.com\/wp-content\/uploads\/2025\/06\/Fachada-interior-galeria-6044-Calpe-3-300x225.jpg\" class=\"attachment-medium size-medium wp-image-7688\" alt=\"Droguer\u00eda Rossmann Calpe Costa Blanca\" srcset=\"https:\/\/costablanca-magazin.com\/wp-content\/uploads\/2025\/06\/Fachada-interior-galeria-6044-Calpe-3-300x225.jpg 300w, https:\/\/costablanca-magazin.com\/wp-content\/uploads\/2025\/06\/Fachada-interior-galeria-6044-Calpe-3-1024x768.jpg 1024w, https:\/\/costablanca-magazin.com\/wp-content\/uploads\/2025\/06\/Fachada-interior-galeria-6044-Calpe-3-768x576.jpg 768w, https:\/\/costablanca-magazin.com\/wp-content\/uploads\/2025\/06\/Fachada-interior-galeria-6044-Calpe-3-1536x1152.jpg 1536w, https:\/\/costablanca-magazin.com\/wp-content\/uploads\/2025\/06\/Fachada-interior-galeria-6044-Calpe-3-2048x1536.jpg 2048w\" sizes=\"(max-width: 300px) 100vw, 300px\" \/><\/div><\/a>\n\t\t\t\t<div class=\"elementor-post__badge\">Informaci\u00f3n<\/div>\n\t\t\t\t<div class=\"elementor-post__text\">\n\t\t\t\t<h2 class=\"elementor-post__title\">\n\t\t\t<a href=\"https:\/\/costablanca-magazin.com\/es\/lokales\/infos\/drogerie-rossmann-mit-neuer-filiale-in-calpe\/\" >\n\t\t\t\tRossmann refuerza su presencia con una nueva tienda en Calpe\t\t\t<\/a>\n\t\t<\/h2>\n\t\t\t\t<\/div>\n\t\t\t\t\t<\/div>\n\t\t<\/article>\n\t\t\t\t<article class=\"elementor-post elementor-grid-item post-7494 post type-post status-publish format-standard has-post-thumbnail hentry category-infos tag-altea tag-javea tag-kunst-an-der-costa-blanca tag-kuenstler-costablanca tag-moraira\" role=\"listitem\">\n\t\t\t<div class=\"elementor-post__card\">\n\t\t\t\t<a class=\"elementor-post__thumbnail__link\" href=\"https:\/\/costablanca-magazin.com\/es\/lokales\/infos\/costa-blanca-kuenstler-zwischen-kueste-und-weltbuehne\/\" tabindex=\"-1\" ><div class=\"elementor-post__thumbnail\"><img loading=\"lazy\" decoding=\"async\" width=\"300\" height=\"225\" src=\"https:\/\/costablanca-magazin.com\/wp-content\/uploads\/2025\/05\/Tardor-La-Xara-1-300x225.jpg\" class=\"attachment-medium size-medium wp-image-7515\" alt=\"Cerca y lejos: artistas entre la costa y el escenario mundial 19\" srcset=\"https:\/\/costablanca-magazin.com\/wp-content\/uploads\/2025\/05\/Tardor-La-Xara-1-300x225.jpg 300w, https:\/\/costablanca-magazin.com\/wp-content\/uploads\/2025\/05\/Tardor-La-Xara-1-1024x768.jpg 1024w, https:\/\/costablanca-magazin.com\/wp-content\/uploads\/2025\/05\/Tardor-La-Xara-1-768x576.jpg 768w, https:\/\/costablanca-magazin.com\/wp-content\/uploads\/2025\/05\/Tardor-La-Xara-1.jpg 1200w\" sizes=\"(max-width: 300px) 100vw, 300px\" \/><\/div><\/a>\n\t\t\t\t<div class=\"elementor-post__badge\">Informaci\u00f3n<\/div>\n\t\t\t\t<div class=\"elementor-post__text\">\n\t\t\t\t<h2 class=\"elementor-post__title\">\n\t\t\t<a href=\"https:\/\/costablanca-magazin.com\/es\/lokales\/infos\/costa-blanca-kuenstler-zwischen-kueste-und-weltbuehne\/\" >\n\t\t\t\tArtistas de la Costa Blanca entre la costa y el escenario mundial\t\t\t<\/a>\n\t\t<\/h2>\n\t\t\t\t<\/div>\n\t\t\t\t\t<\/div>\n\t\t<\/article>\n\t\t\t\t<article class=\"elementor-post elementor-grid-item post-7168 post type-post status-publish format-standard has-post-thumbnail hentry category-infos tag-altea tag-denia tag-javea tag-kunst-an-der-costa-blanca tag-kuenstler-an-der-costablanca tag-kunstszene-costablanca tag-moraira\" role=\"listitem\">\n\t\t\t<div class=\"elementor-post__card\">\n\t\t\t\t<a class=\"elementor-post__thumbnail__link\" href=\"https:\/\/costablanca-magazin.com\/es\/lokales\/infos\/die-kunstszene-der-costa-blanca-kunst-mit-alltag-verbunden\/\" tabindex=\"-1\" ><div class=\"elementor-post__thumbnail\"><img loading=\"lazy\" decoding=\"async\" width=\"300\" height=\"169\" src=\"https:\/\/costablanca-magazin.com\/wp-content\/uploads\/2025\/05\/CBM-Kuenstler-Costablanca-Toni-Mari-13-300x169.jpg\" class=\"attachment-medium size-medium wp-image-7170\" alt=\"Entre la luz del estudio y el polvo de la calle: la animada escena art\u00edstica de la Costa Blanca\" srcset=\"https:\/\/costablanca-magazin.com\/wp-content\/uploads\/2025\/05\/CBM-Kuenstler-Costablanca-Toni-Mari-13-300x169.jpg 300w, https:\/\/costablanca-magazin.com\/wp-content\/uploads\/2025\/05\/CBM-Kuenstler-Costablanca-Toni-Mari-13-1024x576.jpg 1024w, https:\/\/costablanca-magazin.com\/wp-content\/uploads\/2025\/05\/CBM-Kuenstler-Costablanca-Toni-Mari-13-768x432.jpg 768w, https:\/\/costablanca-magazin.com\/wp-content\/uploads\/2025\/05\/CBM-Kuenstler-Costablanca-Toni-Mari-13.jpg 1200w\" sizes=\"(max-width: 300px) 100vw, 300px\" \/><\/div><\/a>\n\t\t\t\t<div class=\"elementor-post__badge\">Informaci\u00f3n<\/div>\n\t\t\t\t<div class=\"elementor-post__text\">\n\t\t\t\t<h2 class=\"elementor-post__title\">\n\t\t\t<a href=\"https:\/\/costablanca-magazin.com\/es\/lokales\/infos\/die-kunstszene-der-costa-blanca-kunst-mit-alltag-verbunden\/\" >\n\t\t\t\tLa escena art\u00edstica de la Costa Blanca: arte combinado con vida cotidiana\t\t\t<\/a>\n\t\t<\/h2>\n\t\t\t\t<\/div>\n\t\t\t\t\t<\/div>\n\t\t<\/article>\n\t\t\t\t<article class=\"elementor-post elementor-grid-item post-7020 post type-post status-publish format-standard has-post-thumbnail hentry category-infos tag-fesbal-kampagne-mai-2025 tag-hilfe-fuer-beduerftige-la-nucia tag-la-nucia-lebensmittelspende tag-lebensmittel-sammeln-costa-blanca tag-recogida-primavera-la-nucia tag-solidaritaet-an-der-costa-blanca tag-spendenaktion-supermarkt-spanien\" role=\"listitem\">\n\t\t\t<div class=\"elementor-post__card\">\n\t\t\t\t<a class=\"elementor-post__thumbnail__link\" href=\"https:\/\/costablanca-magazin.com\/es\/lokales\/infos\/la-nucia-sammelt-lebensmittel-im-mai-2025-fuer-beduerftige\/\" tabindex=\"-1\" ><div class=\"elementor-post__thumbnail\"><img loading=\"lazy\" decoding=\"async\" width=\"300\" height=\"225\" src=\"https:\/\/costablanca-magazin.com\/wp-content\/uploads\/2025\/05\/La-Nucia-BSocial-Recogida-Primavera-1-2025-300x225.jpg\" class=\"attachment-medium size-medium wp-image-7021\" alt=\"La Nuc\u00eda recoge alimentos para los m\u00e1s necesitados en mayo de 2025\" srcset=\"https:\/\/costablanca-magazin.com\/wp-content\/uploads\/2025\/05\/La-Nucia-BSocial-Recogida-Primavera-1-2025-300x225.jpg 300w, https:\/\/costablanca-magazin.com\/wp-content\/uploads\/2025\/05\/La-Nucia-BSocial-Recogida-Primavera-1-2025-1024x768.jpg 1024w, https:\/\/costablanca-magazin.com\/wp-content\/uploads\/2025\/05\/La-Nucia-BSocial-Recogida-Primavera-1-2025-768x576.jpg 768w, https:\/\/costablanca-magazin.com\/wp-content\/uploads\/2025\/05\/La-Nucia-BSocial-Recogida-Primavera-1-2025-1536x1152.jpg 1536w, https:\/\/costablanca-magazin.com\/wp-content\/uploads\/2025\/05\/La-Nucia-BSocial-Recogida-Primavera-1-2025-2048x1536.jpg 2048w\" sizes=\"(max-width: 300px) 100vw, 300px\" \/><\/div><\/a>\n\t\t\t\t<div class=\"elementor-post__badge\">Informaci\u00f3n<\/div>\n\t\t\t\t<div class=\"elementor-post__text\">\n\t\t\t\t<h2 class=\"elementor-post__title\">\n\t\t\t<a href=\"https:\/\/costablanca-magazin.com\/es\/lokales\/infos\/la-nucia-sammelt-lebensmittel-im-mai-2025-fuer-beduerftige\/\" >\n\t\t\t\tLa Nuc\u00eda recoge alimentos para los m\u00e1s necesitados en mayo de 2025\t\t\t<\/a>\n\t\t<\/h2>\n\t\t\t\t<\/div>\n\t\t\t\t\t<\/div>\n\t\t<\/article>\n\t\t\t\t<article class=\"elementor-post elementor-grid-item post-6906 post type-post status-publish format-standard has-post-thumbnail hentry category-infos tag-beefuture tag-bienenprojekten tag-drogeriemarkt-mueller tag-mueller-costa-blanca\" role=\"listitem\">\n\t\t\t<div class=\"elementor-post__card\">\n\t\t\t\t<a class=\"elementor-post__thumbnail__link\" href=\"https:\/\/costablanca-magazin.com\/es\/lokales\/infos\/nachhaltigkeit-bei-mueller-mehr-als-ein-versprechen\/\" tabindex=\"-1\" ><div class=\"elementor-post__thumbnail\"><img loading=\"lazy\" decoding=\"async\" width=\"300\" height=\"167\" src=\"https:\/\/costablanca-magazin.com\/wp-content\/uploads\/2025\/05\/biene-an-baum-575x320-90335-0-300x167.jpg\" class=\"attachment-medium size-medium wp-image-6908\" alt=\"La sostenibilidad en M\u00fcller: m\u00e1s que una promesa, un sistema\" srcset=\"https:\/\/costablanca-magazin.com\/wp-content\/uploads\/2025\/05\/biene-an-baum-575x320-90335-0-300x167.jpg 300w, https:\/\/costablanca-magazin.com\/wp-content\/uploads\/2025\/05\/biene-an-baum-575x320-90335-0-1024x569.jpg 1024w, https:\/\/costablanca-magazin.com\/wp-content\/uploads\/2025\/05\/biene-an-baum-575x320-90335-0-768x427.jpg 768w, https:\/\/costablanca-magazin.com\/wp-content\/uploads\/2025\/05\/biene-an-baum-575x320-90335-0.jpg 1200w\" sizes=\"(max-width: 300px) 100vw, 300px\" \/><\/div><\/a>\n\t\t\t\t<div class=\"elementor-post__badge\">Informaci\u00f3n<\/div>\n\t\t\t\t<div class=\"elementor-post__text\">\n\t\t\t\t<h2 class=\"elementor-post__title\">\n\t\t\t<a href=\"https:\/\/costablanca-magazin.com\/es\/lokales\/infos\/nachhaltigkeit-bei-mueller-mehr-als-ein-versprechen\/\" >\n\t\t\t\tLa sostenibilidad en M\u00fcller: m\u00e1s que una promesa\t\t\t<\/a>\n\t\t<\/h2>\n\t\t\t\t<\/div>\n\t\t\t\t\t<\/div>\n\t\t<\/article>\n\t\t\t\t<article class=\"elementor-post elementor-grid-item post-5834 post type-post status-publish format-standard has-post-thumbnail hentry category-infos category-straende-buchten tag-benidorm tag-bussgeld-fuer-rauchen-an-straenden tag-rauch-verbot-straende-costa-blanca tag-straende-costa-blanca-2\" role=\"listitem\">\n\t\t\t<div class=\"elementor-post__card\">\n\t\t\t\t<a class=\"elementor-post__thumbnail__link\" href=\"https:\/\/costablanca-magazin.com\/es\/lokales\/infos\/straende-an-der-costa-blanca-wo-rauchen-strikt-verboten-ist\/\" tabindex=\"-1\" ><div class=\"elementor-post__thumbnail\"><img loading=\"lazy\" decoding=\"async\" width=\"300\" height=\"161\" src=\"https:\/\/costablanca-magazin.com\/wp-content\/uploads\/2025\/04\/mediterranean-beach-mountain-penyal-d-ifach-calp-2024-12-15-19-01-56-utc-300x161.jpg\" class=\"attachment-medium size-medium wp-image-5839\" alt=\"Playas sin \u201ehumo azul\u201c: donde est\u00e1 estrictamente prohibido fumar 2\" srcset=\"https:\/\/costablanca-magazin.com\/wp-content\/uploads\/2025\/04\/mediterranean-beach-mountain-penyal-d-ifach-calp-2024-12-15-19-01-56-utc-300x161.jpg 300w, https:\/\/costablanca-magazin.com\/wp-content\/uploads\/2025\/04\/mediterranean-beach-mountain-penyal-d-ifach-calp-2024-12-15-19-01-56-utc-1024x549.jpg 1024w, https:\/\/costablanca-magazin.com\/wp-content\/uploads\/2025\/04\/mediterranean-beach-mountain-penyal-d-ifach-calp-2024-12-15-19-01-56-utc-768x412.jpg 768w, https:\/\/costablanca-magazin.com\/wp-content\/uploads\/2025\/04\/mediterranean-beach-mountain-penyal-d-ifach-calp-2024-12-15-19-01-56-utc-1536x824.jpg 1536w, https:\/\/costablanca-magazin.com\/wp-content\/uploads\/2025\/04\/mediterranean-beach-mountain-penyal-d-ifach-calp-2024-12-15-19-01-56-utc-2048x1099.jpg 2048w\" sizes=\"(max-width: 300px) 100vw, 300px\" \/><\/div><\/a>\n\t\t\t\t<div class=\"elementor-post__badge\">Informaci\u00f3n<\/div>\n\t\t\t\t<div class=\"elementor-post__text\">\n\t\t\t\t<h2 class=\"elementor-post__title\">\n\t\t\t<a href=\"https:\/\/costablanca-magazin.com\/es\/lokales\/infos\/straende-an-der-costa-blanca-wo-rauchen-strikt-verboten-ist\/\" >\n\t\t\t\tPlayas de la Costa Blanca en las que est\u00e1 prohibido fumar\t\t\t<\/a>\n\t\t<\/h2>\n\t\t\t\t<\/div>\n\t\t\t\t\t<\/div>\n\t\t<\/article>\n\t\t\t\t<article class=\"elementor-post elementor-grid-item post-5317 post type-post status-publish format-standard has-post-thumbnail hentry category-infos tag-fastenzeit tag-suessen tag-versuchungen tag-zwischen\" role=\"listitem\">\n\t\t\t<div class=\"elementor-post__card\">\n\t\t\t\t<a class=\"elementor-post__thumbnail__link\" href=\"https:\/\/costablanca-magazin.com\/es\/lokales\/infos\/costa-blanca-zwischen-fastenzeit-und-suessen-versuchungen\/\" tabindex=\"-1\" ><div class=\"elementor-post__thumbnail\"><img loading=\"lazy\" decoding=\"async\" width=\"300\" height=\"200\" src=\"https:\/\/costablanca-magazin.com\/wp-content\/uploads\/2025\/03\/chocolate-easter-bunny-eggs-and-sweets-on-rustic-2024-09-18-18-55-58-utc-300x200.jpg\" class=\"attachment-medium size-medium wp-image-5319\" alt=\"Entre la Cuaresma y las tentaciones dulces\" srcset=\"https:\/\/costablanca-magazin.com\/wp-content\/uploads\/2025\/03\/chocolate-easter-bunny-eggs-and-sweets-on-rustic-2024-09-18-18-55-58-utc-300x200.jpg 300w, https:\/\/costablanca-magazin.com\/wp-content\/uploads\/2025\/03\/chocolate-easter-bunny-eggs-and-sweets-on-rustic-2024-09-18-18-55-58-utc-1024x683.jpg 1024w, https:\/\/costablanca-magazin.com\/wp-content\/uploads\/2025\/03\/chocolate-easter-bunny-eggs-and-sweets-on-rustic-2024-09-18-18-55-58-utc-768x512.jpg 768w, https:\/\/costablanca-magazin.com\/wp-content\/uploads\/2025\/03\/chocolate-easter-bunny-eggs-and-sweets-on-rustic-2024-09-18-18-55-58-utc-1536x1024.jpg 1536w, https:\/\/costablanca-magazin.com\/wp-content\/uploads\/2025\/03\/chocolate-easter-bunny-eggs-and-sweets-on-rustic-2024-09-18-18-55-58-utc-2048x1365.jpg 2048w\" sizes=\"(max-width: 300px) 100vw, 300px\" \/><\/div><\/a>\n\t\t\t\t<div class=\"elementor-post__badge\">Informaci\u00f3n<\/div>\n\t\t\t\t<div class=\"elementor-post__text\">\n\t\t\t\t<h2 class=\"elementor-post__title\">\n\t\t\t<a href=\"https:\/\/costablanca-magazin.com\/es\/lokales\/infos\/costa-blanca-zwischen-fastenzeit-und-suessen-versuchungen\/\" >\n\t\t\t\tCosta Blanca - Entre la Cuaresma y las dulces tentaciones\t\t\t<\/a>\n\t\t<\/h2>\n\t\t\t\t<\/div>\n\t\t\t\t\t<\/div>\n\t\t<\/article>\n\t\t\t\t<article class=\"elementor-post elementor-grid-item post-5286 post type-post status-publish format-standard has-post-thumbnail hentry category-infos\" role=\"listitem\">\n\t\t\t<div class=\"elementor-post__card\">\n\t\t\t\t<a class=\"elementor-post__thumbnail__link\" href=\"https:\/\/costablanca-magazin.com\/es\/lokales\/infos\/oster-wortschatz-den-sie-an-der-costa-blanca-brauchen-werden\/\" tabindex=\"-1\" ><div class=\"elementor-post__thumbnail\"><img loading=\"lazy\" decoding=\"async\" width=\"300\" height=\"100\" src=\"https:\/\/costablanca-magazin.com\/wp-content\/uploads\/2025\/03\/easter-eggs-nest-with-bunnies-celebrating-spring-h-2025-02-06-18-31-13-utc-e1742402120689-300x100.jpg\" class=\"attachment-medium size-medium wp-image-5288\" alt=\"Vocabulario de Pascua\" srcset=\"https:\/\/costablanca-magazin.com\/wp-content\/uploads\/2025\/03\/easter-eggs-nest-with-bunnies-celebrating-spring-h-2025-02-06-18-31-13-utc-e1742402120689-300x100.jpg 300w, https:\/\/costablanca-magazin.com\/wp-content\/uploads\/2025\/03\/easter-eggs-nest-with-bunnies-celebrating-spring-h-2025-02-06-18-31-13-utc-e1742402120689-1024x341.jpg 1024w, https:\/\/costablanca-magazin.com\/wp-content\/uploads\/2025\/03\/easter-eggs-nest-with-bunnies-celebrating-spring-h-2025-02-06-18-31-13-utc-e1742402120689-768x256.jpg 768w, https:\/\/costablanca-magazin.com\/wp-content\/uploads\/2025\/03\/easter-eggs-nest-with-bunnies-celebrating-spring-h-2025-02-06-18-31-13-utc-e1742402120689-1536x512.jpg 1536w, https:\/\/costablanca-magazin.com\/wp-content\/uploads\/2025\/03\/easter-eggs-nest-with-bunnies-celebrating-spring-h-2025-02-06-18-31-13-utc-e1742402120689-2048x683.jpg 2048w\" sizes=\"(max-width: 300px) 100vw, 300px\" \/><\/div><\/a>\n\t\t\t\t<div class=\"elementor-post__badge\">Informaci\u00f3n<\/div>\n\t\t\t\t<div class=\"elementor-post__text\">\n\t\t\t\t<h2 class=\"elementor-post__title\">\n\t\t\t<a href=\"https:\/\/costablanca-magazin.com\/es\/lokales\/infos\/oster-wortschatz-den-sie-an-der-costa-blanca-brauchen-werden\/\" >\n\t\t\t\tVocabulario de Semana Santa que necesitar\u00e1 en la Costa Blanca\t\t\t<\/a>\n\t\t<\/h2>\n\t\t\t\t<\/div>\n\t\t\t\t\t<\/div>\n\t\t<\/article>\n\t\t\t\t<article class=\"elementor-post elementor-grid-item post-4932 post type-post status-publish format-standard has-post-thumbnail hentry category-infos tag-glovo-costa-blanca tag-lebensmittel-lieferdienst-costa-blanca tag-masymas-hauslieferservice tag-pepe-la-sal-online-shop tag-supermarkt-lieferung-marina-alta tag-supermercado-costablanca-online tag-uber-eats-costa-blanca\" role=\"listitem\">\n\t\t\t<div class=\"elementor-post__card\">\n\t\t\t\t<a class=\"elementor-post__thumbnail__link\" href=\"https:\/\/costablanca-magazin.com\/es\/lokales\/infos\/lieferhelden-und-sofa-shopper-die-neue-bequemlichkeit\/\" tabindex=\"-1\" ><div class=\"elementor-post__thumbnail\"><img loading=\"lazy\" decoding=\"async\" width=\"300\" height=\"200\" src=\"https:\/\/costablanca-magazin.com\/wp-content\/uploads\/2025\/02\/food-delivery-service-courier-giving-customer-pizz-2023-11-27-05-34-07-utc-300x200.jpg\" class=\"attachment-medium size-medium wp-image-4934\" alt=\"H\u00e9roes de la entrega a domicilio y compradores desde el sof\u00e1: la nueva comodidad\" srcset=\"https:\/\/costablanca-magazin.com\/wp-content\/uploads\/2025\/02\/food-delivery-service-courier-giving-customer-pizz-2023-11-27-05-34-07-utc-300x200.jpg 300w, https:\/\/costablanca-magazin.com\/wp-content\/uploads\/2025\/02\/food-delivery-service-courier-giving-customer-pizz-2023-11-27-05-34-07-utc-1024x683.jpg 1024w, https:\/\/costablanca-magazin.com\/wp-content\/uploads\/2025\/02\/food-delivery-service-courier-giving-customer-pizz-2023-11-27-05-34-07-utc-768x512.jpg 768w, https:\/\/costablanca-magazin.com\/wp-content\/uploads\/2025\/02\/food-delivery-service-courier-giving-customer-pizz-2023-11-27-05-34-07-utc-1536x1024.jpg 1536w, https:\/\/costablanca-magazin.com\/wp-content\/uploads\/2025\/02\/food-delivery-service-courier-giving-customer-pizz-2023-11-27-05-34-07-utc-2048x1365.jpg 2048w\" sizes=\"(max-width: 300px) 100vw, 300px\" \/><\/div><\/a>\n\t\t\t\t<div class=\"elementor-post__badge\">Informaci\u00f3n<\/div>\n\t\t\t\t<div class=\"elementor-post__text\">\n\t\t\t\t<h2 class=\"elementor-post__title\">\n\t\t\t<a href=\"https:\/\/costablanca-magazin.com\/es\/lokales\/infos\/lieferhelden-und-sofa-shopper-die-neue-bequemlichkeit\/\" >\n\t\t\t\tH\u00e9roes del reparto y compradores de sof\u00e1: la nueva comodidad\t\t\t<\/a>\n\t\t<\/h2>\n\t\t\t\t<\/div>\n\t\t\t\t\t<\/div>\n\t\t<\/article>\n\t\t\t\t<article class=\"elementor-post elementor-grid-item post-4943 post type-post status-publish format-standard has-post-thumbnail hentry category-infos tag-correos-paketversand-costa-blanca tag-expressversand-correos tag-internationale-pakete-spanien tag-pakete-ins-ausland-schicken tag-preiskalkulation-versand-spanien tag-versandoptionen-correos tag-zollinformationen-correos\" role=\"listitem\">\n\t\t\t<div class=\"elementor-post__card\">\n\t\t\t\t<a class=\"elementor-post__thumbnail__link\" href=\"https:\/\/costablanca-magazin.com\/es\/lokales\/infos\/paketversand-spanien-so-kommen-ihre-sendungen-sicher-an\/\" tabindex=\"-1\" ><div class=\"elementor-post__thumbnail\"><img loading=\"lazy\" decoding=\"async\" width=\"300\" height=\"200\" src=\"https:\/\/costablanca-magazin.com\/wp-content\/uploads\/2025\/02\/woman-packing-parcel-and-tying-with-rope-for-shipp-2023-11-27-05-30-35-utc-300x200.jpg\" class=\"attachment-medium size-medium wp-image-4944\" alt=\"Env\u00edo de paquetes a Espa\u00f1a: as\u00ed llegar\u00e1n sus env\u00edos de forma segura\" srcset=\"https:\/\/costablanca-magazin.com\/wp-content\/uploads\/2025\/02\/woman-packing-parcel-and-tying-with-rope-for-shipp-2023-11-27-05-30-35-utc-300x200.jpg 300w, https:\/\/costablanca-magazin.com\/wp-content\/uploads\/2025\/02\/woman-packing-parcel-and-tying-with-rope-for-shipp-2023-11-27-05-30-35-utc-1024x683.jpg 1024w, https:\/\/costablanca-magazin.com\/wp-content\/uploads\/2025\/02\/woman-packing-parcel-and-tying-with-rope-for-shipp-2023-11-27-05-30-35-utc-768x512.jpg 768w, https:\/\/costablanca-magazin.com\/wp-content\/uploads\/2025\/02\/woman-packing-parcel-and-tying-with-rope-for-shipp-2023-11-27-05-30-35-utc-1536x1024.jpg 1536w, https:\/\/costablanca-magazin.com\/wp-content\/uploads\/2025\/02\/woman-packing-parcel-and-tying-with-rope-for-shipp-2023-11-27-05-30-35-utc-2048x1365.jpg 2048w\" sizes=\"(max-width: 300px) 100vw, 300px\" \/><\/div><\/a>\n\t\t\t\t<div class=\"elementor-post__badge\">Informaci\u00f3n<\/div>\n\t\t\t\t<div class=\"elementor-post__text\">\n\t\t\t\t<h2 class=\"elementor-post__title\">\n\t\t\t<a href=\"https:\/\/costablanca-magazin.com\/es\/lokales\/infos\/paketversand-spanien-so-kommen-ihre-sendungen-sicher-an\/\" >\n\t\t\t\tEnv\u00edo de paquetes Espa\u00f1a - C\u00f3mo llegan sus env\u00edos de forma segura\t\t\t<\/a>\n\t\t<\/h2>\n\t\t\t\t<\/div>\n\t\t\t\t\t<\/div>\n\t\t<\/article>\n\t\t\t\t<article class=\"elementor-post elementor-grid-item post-4922 post type-post status-publish format-standard has-post-thumbnail hentry category-infos tag-costa-blanca tag-guardia-civil-costa-blanca tag-policia-local-costa-blanca tag-policia-nacional-spanien tag-polizei-zustaendigkeiten-spanien tag-sicherheit-an-der-costa-blanca tag-verkehrsueberwachung-spanien\" role=\"listitem\">\n\t\t\t<div class=\"elementor-post__card\">\n\t\t\t\t<a class=\"elementor-post__thumbnail__link\" href=\"https:\/\/costablanca-magazin.com\/es\/lokales\/infos\/die-grossen-drei-der-polizei-wer-macht-was\/\" tabindex=\"-1\" ><div class=\"elementor-post__thumbnail\"><img loading=\"lazy\" decoding=\"async\" width=\"300\" height=\"200\" src=\"https:\/\/costablanca-magazin.com\/wp-content\/uploads\/2025\/02\/closeup-shot-of-a-police-officer-with-local-polic-2023-11-27-05-27-06-utc-300x200.jpeg\" class=\"attachment-medium size-medium wp-image-4923\" alt=\"Uniformes, responsabilidades y algunos detalles sorprendentes: qui\u00e9n hace qu\u00e9 y por qu\u00e9 es importante mantener una visi\u00f3n general.\" srcset=\"https:\/\/costablanca-magazin.com\/wp-content\/uploads\/2025\/02\/closeup-shot-of-a-police-officer-with-local-polic-2023-11-27-05-27-06-utc-300x200.jpeg 300w, https:\/\/costablanca-magazin.com\/wp-content\/uploads\/2025\/02\/closeup-shot-of-a-police-officer-with-local-polic-2023-11-27-05-27-06-utc-1024x683.jpeg 1024w, https:\/\/costablanca-magazin.com\/wp-content\/uploads\/2025\/02\/closeup-shot-of-a-police-officer-with-local-polic-2023-11-27-05-27-06-utc-768x512.jpeg 768w, https:\/\/costablanca-magazin.com\/wp-content\/uploads\/2025\/02\/closeup-shot-of-a-police-officer-with-local-polic-2023-11-27-05-27-06-utc-1536x1024.jpeg 1536w, https:\/\/costablanca-magazin.com\/wp-content\/uploads\/2025\/02\/closeup-shot-of-a-police-officer-with-local-polic-2023-11-27-05-27-06-utc-2048x1366.jpeg 2048w\" sizes=\"(max-width: 300px) 100vw, 300px\" \/><\/div><\/a>\n\t\t\t\t<div class=\"elementor-post__badge\">Informaci\u00f3n<\/div>\n\t\t\t\t<div class=\"elementor-post__text\">\n\t\t\t\t<h2 class=\"elementor-post__title\">\n\t\t\t<a href=\"https:\/\/costablanca-magazin.com\/es\/lokales\/infos\/die-grossen-drei-der-polizei-wer-macht-was\/\" >\n\t\t\t\tLos tres grandes de la polic\u00eda: \u00bfqui\u00e9n hace qu\u00e9?\t\t\t<\/a>\n\t\t<\/h2>\n\t\t\t\t<\/div>\n\t\t\t\t\t<\/div>\n\t\t<\/article>\n\t\t\t\t<article class=\"elementor-post elementor-grid-item post-3709 post type-post status-publish format-standard has-post-thumbnail hentry category-infos tag-costa-blanca tag-flug-verspaetung tag-fluege-deutschland tag-fluege-spanien tag-geld-zurueck-bei-flugverspaetung\" role=\"listitem\">\n\t\t\t<div class=\"elementor-post__card\">\n\t\t\t\t<a class=\"elementor-post__thumbnail__link\" href=\"https:\/\/costablanca-magazin.com\/es\/lokales\/infos\/fliegen-mit-hindernissen-geld-zurueck-bei-flugverspaetung\/\" tabindex=\"-1\" ><div class=\"elementor-post__thumbnail\"><img loading=\"lazy\" decoding=\"async\" width=\"300\" height=\"200\" src=\"https:\/\/costablanca-magazin.com\/wp-content\/uploads\/2025\/01\/an-airplane-wing-through-airplane-window-with-blue-2024-11-27-04-23-17-utc-300x200.jpg\" class=\"attachment-medium size-medium wp-image-3739\" alt=\"Volar con obst\u00e1culos: c\u00f3mo recuperar su dinero si el vuelo se retrasa\" srcset=\"https:\/\/costablanca-magazin.com\/wp-content\/uploads\/2025\/01\/an-airplane-wing-through-airplane-window-with-blue-2024-11-27-04-23-17-utc-300x200.jpg 300w, https:\/\/costablanca-magazin.com\/wp-content\/uploads\/2025\/01\/an-airplane-wing-through-airplane-window-with-blue-2024-11-27-04-23-17-utc-1024x683.jpg 1024w, https:\/\/costablanca-magazin.com\/wp-content\/uploads\/2025\/01\/an-airplane-wing-through-airplane-window-with-blue-2024-11-27-04-23-17-utc-768x512.jpg 768w, https:\/\/costablanca-magazin.com\/wp-content\/uploads\/2025\/01\/an-airplane-wing-through-airplane-window-with-blue-2024-11-27-04-23-17-utc-1536x1024.jpg 1536w, https:\/\/costablanca-magazin.com\/wp-content\/uploads\/2025\/01\/an-airplane-wing-through-airplane-window-with-blue-2024-11-27-04-23-17-utc-2048x1365.jpg 2048w\" sizes=\"(max-width: 300px) 100vw, 300px\" \/><\/div><\/a>\n\t\t\t\t<div class=\"elementor-post__badge\">Informaci\u00f3n<\/div>\n\t\t\t\t<div class=\"elementor-post__text\">\n\t\t\t\t<h2 class=\"elementor-post__title\">\n\t\t\t<a href=\"https:\/\/costablanca-magazin.com\/es\/lokales\/infos\/fliegen-mit-hindernissen-geld-zurueck-bei-flugverspaetung\/\" >\n\t\t\t\tVolar con obst\u00e1culos: devoluci\u00f3n del dinero en caso de retraso del vuelo\t\t\t<\/a>\n\t\t<\/h2>\n\t\t\t\t<\/div>\n\t\t\t\t\t<\/div>\n\t\t<\/article>\n\t\t\t\t<article class=\"elementor-post elementor-grid-item post-2553 post type-post status-publish format-standard has-post-thumbnail hentry category-infos tag-costa-blanca-feiertagen tag-feiertage-marina-alta tag-feiertage-marina-alta-und-marina-baixa tag-feiertage-marina-baixa tag-shoppe-costa-blanca tag-shoppen-an-feiertagen\" role=\"listitem\">\n\t\t\t<div class=\"elementor-post__card\">\n\t\t\t\t<a class=\"elementor-post__thumbnail__link\" href=\"https:\/\/costablanca-magazin.com\/es\/lokales\/infos\/shoppen-an-feiertagen-2025-die-wichtigen-daten-im-ueberblick\/\" tabindex=\"-1\" ><div class=\"elementor-post__thumbnail\"><img loading=\"lazy\" decoding=\"async\" width=\"300\" height=\"266\" src=\"https:\/\/costablanca-magazin.com\/wp-content\/uploads\/2024\/10\/shopping-300x266.png\" class=\"attachment-medium size-medium wp-image-2554\" alt=\"Compras en d\u00edas festivos 2025 Costa Blanca\" srcset=\"https:\/\/costablanca-magazin.com\/wp-content\/uploads\/2024\/10\/shopping-300x266.png 300w, https:\/\/costablanca-magazin.com\/wp-content\/uploads\/2024\/10\/shopping-1024x909.png 1024w, https:\/\/costablanca-magazin.com\/wp-content\/uploads\/2024\/10\/shopping-768x682.png 768w, https:\/\/costablanca-magazin.com\/wp-content\/uploads\/2024\/10\/shopping-1536x1364.png 1536w, https:\/\/costablanca-magazin.com\/wp-content\/uploads\/2024\/10\/shopping-2048x1818.png 2048w\" sizes=\"(max-width: 300px) 100vw, 300px\" \/><\/div><\/a>\n\t\t\t\t<div class=\"elementor-post__badge\">Informaci\u00f3n<\/div>\n\t\t\t\t<div class=\"elementor-post__text\">\n\t\t\t\t<h2 class=\"elementor-post__title\">\n\t\t\t<a href=\"https:\/\/costablanca-magazin.com\/es\/lokales\/infos\/shoppen-an-feiertagen-2025-die-wichtigen-daten-im-ueberblick\/\" >\n\t\t\t\tCompras en d\u00edas festivos en 2025: las fechas importantes de un vistazo\t\t\t<\/a>\n\t\t<\/h2>\n\t\t\t\t<\/div>\n\t\t\t\t\t<\/div>\n\t\t<\/article>\n\t\t\t\t<article class=\"elementor-post elementor-grid-item post-2323 post type-post status-publish format-standard has-post-thumbnail hentry category-infos tag-costa-blanca tag-geschichte-des-weines-an-der-costa-blanca tag-marina-alta tag-marina-baja tag-wein-an-der-costa-blanca tag-wein-an-der-marina-alta tag-wein-an-der-marina-baja tag-weinbau\" role=\"listitem\">\n\t\t\t<div class=\"elementor-post__card\">\n\t\t\t\t<a class=\"elementor-post__thumbnail__link\" href=\"https:\/\/costablanca-magazin.com\/es\/lokales\/infos\/die-geschichte-des-weinbaus-an-der-costa-blanca\/\" tabindex=\"-1\" ><div class=\"elementor-post__thumbnail\"><img loading=\"lazy\" decoding=\"async\" width=\"300\" height=\"225\" src=\"https:\/\/costablanca-magazin.com\/wp-content\/uploads\/2024\/09\/Weinanbau-12-300x225.jpg\" class=\"attachment-medium size-medium wp-image-2324\" alt=\"La rica historia de la viticultura\" srcset=\"https:\/\/costablanca-magazin.com\/wp-content\/uploads\/2024\/09\/Weinanbau-12-300x225.jpg 300w, https:\/\/costablanca-magazin.com\/wp-content\/uploads\/2024\/09\/Weinanbau-12-1024x768.jpg 1024w, https:\/\/costablanca-magazin.com\/wp-content\/uploads\/2024\/09\/Weinanbau-12-768x576.jpg 768w, https:\/\/costablanca-magazin.com\/wp-content\/uploads\/2024\/09\/Weinanbau-12-1536x1152.jpg 1536w, https:\/\/costablanca-magazin.com\/wp-content\/uploads\/2024\/09\/Weinanbau-12-2048x1536.jpg 2048w\" sizes=\"(max-width: 300px) 100vw, 300px\" \/><\/div><\/a>\n\t\t\t\t<div class=\"elementor-post__badge\">Informaci\u00f3n<\/div>\n\t\t\t\t<div class=\"elementor-post__text\">\n\t\t\t\t<h2 class=\"elementor-post__title\">\n\t\t\t<a href=\"https:\/\/costablanca-magazin.com\/es\/lokales\/infos\/die-geschichte-des-weinbaus-an-der-costa-blanca\/\" >\n\t\t\t\tLa historia de la viticultura en la Costa Blanca\t\t\t<\/a>\n\t\t<\/h2>\n\t\t\t\t<\/div>\n\t\t\t\t\t<\/div>\n\t\t<\/article>\n\t\t\t\t<article class=\"elementor-post elementor-grid-item post-1958 post type-post status-publish format-standard has-post-thumbnail hentry category-infos tag-wasserknappheit-costablanca tag-wassernotstand\" role=\"listitem\">\n\t\t\t<div class=\"elementor-post__card\">\n\t\t\t\t<a class=\"elementor-post__thumbnail__link\" href=\"https:\/\/costablanca-magazin.com\/es\/lokales\/infos\/wasserknappheit-costablanca-dringende-massnahmen-in-den-gemeinden\/\" tabindex=\"-1\" ><div class=\"elementor-post__thumbnail\"><img loading=\"lazy\" decoding=\"async\" width=\"300\" height=\"189\" src=\"https:\/\/costablanca-magazin.com\/wp-content\/uploads\/2024\/09\/a-reduce-water-concumption-concept-person-cut-the-2024-08-28-16-37-37-utc-300x189.jpg\" class=\"attachment-medium size-medium wp-image-1959\" alt=\"Escasez de agua en la Costa Blanca\" srcset=\"https:\/\/costablanca-magazin.com\/wp-content\/uploads\/2024\/09\/a-reduce-water-concumption-concept-person-cut-the-2024-08-28-16-37-37-utc-300x189.jpg 300w, https:\/\/costablanca-magazin.com\/wp-content\/uploads\/2024\/09\/a-reduce-water-concumption-concept-person-cut-the-2024-08-28-16-37-37-utc-1024x645.jpg 1024w, https:\/\/costablanca-magazin.com\/wp-content\/uploads\/2024\/09\/a-reduce-water-concumption-concept-person-cut-the-2024-08-28-16-37-37-utc-768x484.jpg 768w, https:\/\/costablanca-magazin.com\/wp-content\/uploads\/2024\/09\/a-reduce-water-concumption-concept-person-cut-the-2024-08-28-16-37-37-utc-1536x968.jpg 1536w, https:\/\/costablanca-magazin.com\/wp-content\/uploads\/2024\/09\/a-reduce-water-concumption-concept-person-cut-the-2024-08-28-16-37-37-utc-2048x1291.jpg 2048w\" sizes=\"(max-width: 300px) 100vw, 300px\" \/><\/div><\/a>\n\t\t\t\t<div class=\"elementor-post__badge\">Informaci\u00f3n<\/div>\n\t\t\t\t<div class=\"elementor-post__text\">\n\t\t\t\t<h2 class=\"elementor-post__title\">\n\t\t\t<a href=\"https:\/\/costablanca-magazin.com\/es\/lokales\/infos\/wasserknappheit-costablanca-dringende-massnahmen-in-den-gemeinden\/\" >\n\t\t\t\tEscasez de agua en la Costablanca: Medidas urgentes en las comunidades\t\t\t<\/a>\n\t\t<\/h2>\n\t\t\t\t<\/div>\n\t\t\t\t\t<\/div>\n\t\t<\/article>\n\t\t\t\t<article class=\"elementor-post elementor-grid-item post-1885 post type-post status-publish format-standard has-post-thumbnail hentry category-infos tag-bargeldgrenzen-spanien tag-bargeldzahlung-spanien\" role=\"listitem\">\n\t\t\t<div class=\"elementor-post__card\">\n\t\t\t\t<a class=\"elementor-post__thumbnail__link\" href=\"https:\/\/costablanca-magazin.com\/es\/lokales\/infos\/das-sollten-sie-wissen-regeln-zur-bargeldzahlungen\/\" tabindex=\"-1\" ><div class=\"elementor-post__thumbnail\"><img loading=\"lazy\" decoding=\"async\" width=\"300\" height=\"200\" src=\"https:\/\/costablanca-magazin.com\/wp-content\/uploads\/2024\/09\/closeup-shot-of-euro-cash-money-on-an-isolated-bac-2023-11-27-05-24-03-utc-300x200.jpg\" class=\"attachment-medium size-medium wp-image-1886\" alt=\"Lo que debe saber: pagos en efectivo en la Costa Blanca\" srcset=\"https:\/\/costablanca-magazin.com\/wp-content\/uploads\/2024\/09\/closeup-shot-of-euro-cash-money-on-an-isolated-bac-2023-11-27-05-24-03-utc-300x200.jpg 300w, https:\/\/costablanca-magazin.com\/wp-content\/uploads\/2024\/09\/closeup-shot-of-euro-cash-money-on-an-isolated-bac-2023-11-27-05-24-03-utc-1024x683.jpg 1024w, https:\/\/costablanca-magazin.com\/wp-content\/uploads\/2024\/09\/closeup-shot-of-euro-cash-money-on-an-isolated-bac-2023-11-27-05-24-03-utc-768x512.jpg 768w, https:\/\/costablanca-magazin.com\/wp-content\/uploads\/2024\/09\/closeup-shot-of-euro-cash-money-on-an-isolated-bac-2023-11-27-05-24-03-utc-1536x1024.jpg 1536w, https:\/\/costablanca-magazin.com\/wp-content\/uploads\/2024\/09\/closeup-shot-of-euro-cash-money-on-an-isolated-bac-2023-11-27-05-24-03-utc-2048x1365.jpg 2048w\" sizes=\"(max-width: 300px) 100vw, 300px\" \/><\/div><\/a>\n\t\t\t\t<div class=\"elementor-post__badge\">Informaci\u00f3n<\/div>\n\t\t\t\t<div class=\"elementor-post__text\">\n\t\t\t\t<h2 class=\"elementor-post__title\">\n\t\t\t<a href=\"https:\/\/costablanca-magazin.com\/es\/lokales\/infos\/das-sollten-sie-wissen-regeln-zur-bargeldzahlungen\/\" >\n\t\t\t\tDebe saber esto: Normas para los pagos en efectivo\t\t\t<\/a>\n\t\t<\/h2>\n\t\t\t\t<\/div>\n\t\t\t\t\t<\/div>\n\t\t<\/article>\n\t\t\t\t<article class=\"elementor-post elementor-grid-item post-1649 post type-post status-publish format-standard has-post-thumbnail hentry category-infos tag-comarcas-costa-blanca tag-costa-blanca-magazin tag-marina-alta tag-marina-alta-fiestas-und-traditionen tag-marina-baixa tag-marina-baixa-fiestas-und-traditionen\" role=\"listitem\">\n\t\t\t<div class=\"elementor-post__card\">\n\t\t\t\t<a class=\"elementor-post__thumbnail__link\" href=\"https:\/\/costablanca-magazin.com\/es\/lokales\/infos\/die-comarcas-der-costa-blanca\/\" tabindex=\"-1\" ><div class=\"elementor-post__thumbnail\"><img loading=\"lazy\" decoding=\"async\" width=\"300\" height=\"109\" src=\"https:\/\/costablanca-magazin.com\/wp-content\/uploads\/2024\/08\/aerial-drone-view-of-la-vila-joiosa-villajoyosa-2023-11-27-05-06-26-utc-300x109.jpg\" class=\"attachment-medium size-medium wp-image-1650\" alt=\"Las comarcas de la Costa Blanca\" srcset=\"https:\/\/costablanca-magazin.com\/wp-content\/uploads\/2024\/08\/aerial-drone-view-of-la-vila-joiosa-villajoyosa-2023-11-27-05-06-26-utc-300x109.jpg 300w, https:\/\/costablanca-magazin.com\/wp-content\/uploads\/2024\/08\/aerial-drone-view-of-la-vila-joiosa-villajoyosa-2023-11-27-05-06-26-utc-1024x373.jpg 1024w, https:\/\/costablanca-magazin.com\/wp-content\/uploads\/2024\/08\/aerial-drone-view-of-la-vila-joiosa-villajoyosa-2023-11-27-05-06-26-utc-768x280.jpg 768w, https:\/\/costablanca-magazin.com\/wp-content\/uploads\/2024\/08\/aerial-drone-view-of-la-vila-joiosa-villajoyosa-2023-11-27-05-06-26-utc.jpg 1200w\" sizes=\"(max-width: 300px) 100vw, 300px\" \/><\/div><\/a>\n\t\t\t\t<div class=\"elementor-post__badge\">Informaci\u00f3n<\/div>\n\t\t\t\t<div class=\"elementor-post__text\">\n\t\t\t\t<h2 class=\"elementor-post__title\">\n\t\t\t<a href=\"https:\/\/costablanca-magazin.com\/es\/lokales\/infos\/die-comarcas-der-costa-blanca\/\" >\n\t\t\t\tLas comarcas de la Costa Blanca\t\t\t<\/a>\n\t\t<\/h2>\n\t\t\t\t<\/div>\n\t\t\t\t\t<\/div>\n\t\t<\/article>\n\t\t\t\t<article class=\"elementor-post elementor-grid-item post-1452 post type-post status-publish format-standard has-post-thumbnail hentry category-infos tag-aerztliche-versorgung-denia tag-calpe tag-javea tag-krankenzentrum-calpe tag-krankenzentrum-denia tag-krankenzentrum-javea tag-moraira\" role=\"listitem\">\n\t\t\t<div class=\"elementor-post__card\">\n\t\t\t\t<a class=\"elementor-post__thumbnail__link\" href=\"https:\/\/costablanca-magazin.com\/es\/lokales\/infos\/sommerkliniken-des-gesundheitsamtes-denia-starten-ende-juni\/\" tabindex=\"-1\" ><div class=\"elementor-post__thumbnail\"><img loading=\"lazy\" decoding=\"async\" width=\"300\" height=\"176\" src=\"https:\/\/costablanca-magazin.com\/wp-content\/uploads\/2024\/06\/hospital-doctor-consulting-room-healthcare-equipm-2023-11-27-05-35-02-utc-300x176.jpg\" class=\"attachment-medium size-medium wp-image-1453\" alt=\"Cl\u00ednicas de verano de la Oficina de Salud P\u00fablica de D\u00e9nia\" srcset=\"https:\/\/costablanca-magazin.com\/wp-content\/uploads\/2024\/06\/hospital-doctor-consulting-room-healthcare-equipm-2023-11-27-05-35-02-utc-300x176.jpg 300w, https:\/\/costablanca-magazin.com\/wp-content\/uploads\/2024\/06\/hospital-doctor-consulting-room-healthcare-equipm-2023-11-27-05-35-02-utc-1024x602.jpg 1024w, https:\/\/costablanca-magazin.com\/wp-content\/uploads\/2024\/06\/hospital-doctor-consulting-room-healthcare-equipm-2023-11-27-05-35-02-utc-768x452.jpg 768w, https:\/\/costablanca-magazin.com\/wp-content\/uploads\/2024\/06\/hospital-doctor-consulting-room-healthcare-equipm-2023-11-27-05-35-02-utc-1536x904.jpg 1536w, https:\/\/costablanca-magazin.com\/wp-content\/uploads\/2024\/06\/hospital-doctor-consulting-room-healthcare-equipm-2023-11-27-05-35-02-utc-2048x1205.jpg 2048w\" sizes=\"(max-width: 300px) 100vw, 300px\" \/><\/div><\/a>\n\t\t\t\t<div class=\"elementor-post__badge\">Informaci\u00f3n<\/div>\n\t\t\t\t<div class=\"elementor-post__text\">\n\t\t\t\t<h2 class=\"elementor-post__title\">\n\t\t\t<a href=\"https:\/\/costablanca-magazin.com\/es\/lokales\/infos\/sommerkliniken-des-gesundheitsamtes-denia-starten-ende-juni\/\" >\n\t\t\t\tLas consultas de verano de las autoridades sanitarias de D\u00e9nia comienzan a finales de junio\t\t\t<\/a>\n\t\t<\/h2>\n\t\t\t\t<\/div>\n\t\t\t\t\t<\/div>\n\t\t<\/article>\n\t\t\t\t<article class=\"elementor-post elementor-grid-item post-1427 post type-post status-publish format-standard has-post-thumbnail hentry category-infos tag-ferien-apartment-benidorm tag-ferienimmobilien-costablanca tag-mietpreis-ferienwohnung-costablanca\" role=\"listitem\">\n\t\t\t<div class=\"elementor-post__card\">\n\t\t\t\t<a class=\"elementor-post__thumbnail__link\" href=\"https:\/\/costablanca-magazin.com\/es\/lokales\/infos\/preissprung-bei-ferienwohnungen-1-500-euro-fuer-eine-woche-urlaub\/\" tabindex=\"-1\" ><div class=\"elementor-post__thumbnail\"><img loading=\"lazy\" decoding=\"async\" width=\"225\" height=\"300\" src=\"https:\/\/costablanca-magazin.com\/wp-content\/uploads\/2023\/04\/Costa-Blanca-Benidorm-straende-altstadt-6-225x300.jpg\" class=\"attachment-medium size-medium wp-image-1319\" alt=\"Playa de Benidorm\" srcset=\"https:\/\/costablanca-magazin.com\/wp-content\/uploads\/2023\/04\/Costa-Blanca-Benidorm-straende-altstadt-6-225x300.jpg 225w, https:\/\/costablanca-magazin.com\/wp-content\/uploads\/2023\/04\/Costa-Blanca-Benidorm-straende-altstadt-6.jpg 450w\" sizes=\"(max-width: 225px) 100vw, 225px\" \/><\/div><\/a>\n\t\t\t\t<div class=\"elementor-post__badge\">Informaci\u00f3n<\/div>\n\t\t\t\t<div class=\"elementor-post__text\">\n\t\t\t\t<h2 class=\"elementor-post__title\">\n\t\t\t<a href=\"https:\/\/costablanca-magazin.com\/es\/lokales\/infos\/preissprung-bei-ferienwohnungen-1-500-euro-fuer-eine-woche-urlaub\/\" >\n\t\t\t\tSalto de precio en los pisos de vacaciones: 1.500 euros por una semana de vacaciones\t\t\t<\/a>\n\t\t<\/h2>\n\t\t\t\t<\/div>\n\t\t\t\t\t<\/div>\n\t\t<\/article>\n\t\t\t\t<article class=\"elementor-post elementor-grid-item post-390 post type-post status-publish format-standard has-post-thumbnail hentry category-infos tag-qualitur-auszeichnung-costa-blanca tag-straende-costa-blanca\" role=\"listitem\">\n\t\t\t<div class=\"elementor-post__card\">\n\t\t\t\t<a class=\"elementor-post__thumbnail__link\" href=\"https:\/\/costablanca-magazin.com\/es\/lokales\/infos\/qualitur-flagge-2024-fuer-90-straende-in-der-provinz-alicante\/\" tabindex=\"-1\" ><div class=\"elementor-post__thumbnail\"><img loading=\"lazy\" decoding=\"async\" width=\"200\" height=\"300\" src=\"https:\/\/costablanca-magazin.com\/wp-content\/uploads\/2024\/06\/strande7-200x300.jpg\" class=\"attachment-medium size-medium wp-image-215\" alt=\"Alojamientos tur\u00edsticos\" srcset=\"https:\/\/costablanca-magazin.com\/wp-content\/uploads\/2024\/06\/strande7-200x300.jpg 200w, https:\/\/costablanca-magazin.com\/wp-content\/uploads\/2024\/06\/strande7.jpg 400w\" sizes=\"(max-width: 200px) 100vw, 200px\" \/><\/div><\/a>\n\t\t\t\t<div class=\"elementor-post__badge\">Informaci\u00f3n<\/div>\n\t\t\t\t<div class=\"elementor-post__text\">\n\t\t\t\t<h2 class=\"elementor-post__title\">\n\t\t\t<a href=\"https:\/\/costablanca-magazin.com\/es\/lokales\/infos\/qualitur-flagge-2024-fuer-90-straende-in-der-provinz-alicante\/\" >\n\t\t\t\tBandera Qualitur 2024 para 90 playas de la provincia de Alicante\t\t\t<\/a>\n\t\t<\/h2>\n\t\t\t\t<\/div>\n\t\t\t\t\t<\/div>\n\t\t<\/article>\n\t\t\t\t<article class=\"elementor-post elementor-grid-item post-171 post type-post status-publish format-standard has-post-thumbnail hentry category-aktivitaeten-und-ausfluege category-infos tag-ausfluege-costablanca tag-costa-blanca tag-wochenmarkt tag-wochenmaerkte-costa-blanca\" role=\"listitem\">\n\t\t\t<div class=\"elementor-post__card\">\n\t\t\t\t<a class=\"elementor-post__thumbnail__link\" href=\"https:\/\/costablanca-magazin.com\/es\/lokales\/infos\/maerkte-an-der-costa-blanca\/\" tabindex=\"-1\" ><div class=\"elementor-post__thumbnail\"><img loading=\"lazy\" decoding=\"async\" width=\"300\" height=\"300\" src=\"https:\/\/costablanca-magazin.com\/wp-content\/uploads\/2024\/06\/costablanca-lifestyle-altea-18-scaled-1-300x300.jpg\" class=\"attachment-medium size-medium wp-image-172\" alt=\"Costa Blanca Altea plaza de la iglesia\" srcset=\"https:\/\/costablanca-magazin.com\/wp-content\/uploads\/2024\/06\/costablanca-lifestyle-altea-18-scaled-1-300x300.jpg 300w, https:\/\/costablanca-magazin.com\/wp-content\/uploads\/2024\/06\/costablanca-lifestyle-altea-18-scaled-1-1024x1024.jpg 1024w, https:\/\/costablanca-magazin.com\/wp-content\/uploads\/2024\/06\/costablanca-lifestyle-altea-18-scaled-1-150x150.jpg 150w, https:\/\/costablanca-magazin.com\/wp-content\/uploads\/2024\/06\/costablanca-lifestyle-altea-18-scaled-1-768x768.jpg 768w, https:\/\/costablanca-magazin.com\/wp-content\/uploads\/2024\/06\/costablanca-lifestyle-altea-18-scaled-1-1536x1536.jpg 1536w, https:\/\/costablanca-magazin.com\/wp-content\/uploads\/2024\/06\/costablanca-lifestyle-altea-18-scaled-1-2048x2048.jpg 2048w\" sizes=\"(max-width: 300px) 100vw, 300px\" \/><\/div><\/a>\n\t\t\t\t<div class=\"elementor-post__badge\">Actividades y excursiones<\/div>\n\t\t\t\t<div class=\"elementor-post__text\">\n\t\t\t\t<h2 class=\"elementor-post__title\">\n\t\t\t<a href=\"https:\/\/costablanca-magazin.com\/es\/lokales\/infos\/maerkte-an-der-costa-blanca\/\" >\n\t\t\t\tMercados semanales en la Costa Blanca\t\t\t<\/a>\n\t\t<\/h2>\n\t\t\t\t<\/div>\n\t\t\t\t\t<\/div>\n\t\t<\/article>\n\t\t\t\t<\/div>\n\t\t\n\t\t\t\t\t\t<\/div>\n\t\t\t\t<\/div>\n\t\t\t\t\t<\/div>\n\t\t\t\t<\/div>\n\t\t\t\t<\/div>","protected":false},"excerpt":{"rendered":"<p>Beim St\u00f6bern in den lokalen Nachrichten Infos entdeckte ich einen interessanten Bericht, der Costa \u00fcberraschende Zusammenh\u00e4nge zum bisherigen Geschehen aufdeckte Blanca und Lust machte, mehr zu erfahren Magazin. Lokales &#8211; Infos<\/p>","protected":false},"author":1,"featured_media":0,"parent":0,"menu_order":0,"comment_status":"closed","ping_status":"closed","template":"elementor_header_footer","meta":{"footnotes":""},"class_list":["post-4513","page","type-page","status-publish","hentry"],"aioseo_notices":[],"_links":{"self":[{"href":"https:\/\/costablanca-magazin.com\/es\/wp-json\/wp\/v2\/pages\/4513","targetHints":{"allow":["GET"]}}],"collection":[{"href":"https:\/\/costablanca-magazin.com\/es\/wp-json\/wp\/v2\/pages"}],"about":[{"href":"https:\/\/costablanca-magazin.com\/es\/wp-json\/wp\/v2\/types\/page"}],"author":[{"embeddable":true,"href":"https:\/\/costablanca-magazin.com\/es\/wp-json\/wp\/v2\/users\/1"}],"replies":[{"embeddable":true,"href":"https:\/\/costablanca-magazin.com\/es\/wp-json\/wp\/v2\/comments?post=4513"}],"version-history":[{"count":23,"href":"https:\/\/costablanca-magazin.com\/es\/wp-json\/wp\/v2\/pages\/4513\/revisions"}],"predecessor-version":[{"id":10364,"href":"https:\/\/costablanca-magazin.com\/es\/wp-json\/wp\/v2\/pages\/4513\/revisions\/10364"}],"wp:attachment":[{"href":"https:\/\/costablanca-magazin.com\/es\/wp-json\/wp\/v2\/media?parent=4513"}],"curies":[{"name":"wp","href":"https:\/\/api.w.org\/{rel}","templated":true}]}}