{"id":306,"date":"2024-06-05T19:56:03","date_gmt":"2024-06-05T17:56:03","guid":{"rendered":"https:\/\/costablanca-magazin.com\/?page_id=306"},"modified":"2026-01-26T10:27:05","modified_gmt":"2026-01-26T09:27:05","slug":"culinario","status":"publish","type":"page","link":"https:\/\/costablanca-magazin.com\/es\/kulinarisches\/","title":{"rendered":"Delicias culinarias"},"content":{"rendered":"<div data-elementor-type=\"wp-page\" data-elementor-id=\"306\" class=\"elementor elementor-306\" data-elementor-post-type=\"page\">\n\t\t\t\t<div class=\"elementor-element elementor-element-e45fed1 e-flex e-con-boxed e-con e-parent\" data-id=\"e45fed1\" data-element_type=\"container\" data-e-type=\"container\">\n\t\t\t\t\t<div class=\"e-con-inner\">\n\t\t<div class=\"elementor-element elementor-element-20eed9c e-con-full e-flex e-con e-child\" data-id=\"20eed9c\" data-element_type=\"container\" data-e-type=\"container\">\n\t\t<div class=\"elementor-element elementor-element-976a19c e-con-full e-flex e-con e-child\" data-id=\"976a19c\" data-element_type=\"container\" data-e-type=\"container\">\n\t\t\t\t<div class=\"elementor-element elementor-element-cdf9da2 elementor-widget elementor-widget-heading\" data-id=\"cdf9da2\" data-element_type=\"widget\" data-e-type=\"widget\" data-widget_type=\"heading.default\">\n\t\t\t\t<div class=\"elementor-widget-container\">\n\t\t\t\t\t<h1 class=\"elementor-heading-title elementor-size-default\">Delicias culinarias<\/h1>\t\t\t\t<\/div>\n\t\t\t\t<\/div>\n\t\t\t\t<\/div>\n\t\t<div class=\"elementor-element elementor-element-9f87c36 e-con-full e-grid e-con e-child\" data-id=\"9f87c36\" data-element_type=\"container\" data-e-type=\"container\">\n\t\t\t\t<\/div>\n\t\t\t\t<\/div>\n\t\t\t\t\t<\/div>\n\t\t\t\t<\/div>\n\t\t<div class=\"elementor-element elementor-element-2d02065 e-flex e-con-boxed e-con e-parent\" data-id=\"2d02065\" data-element_type=\"container\" data-e-type=\"container\">\n\t\t\t\t\t<div class=\"e-con-inner\">\n\t\t\t\t<div class=\"elementor-element elementor-element-e3708a8 elementor-grid-3 elementor-grid-tablet-2 elementor-grid-mobile-1 elementor-posts--thumbnail-top elementor-card-shadow-yes elementor-posts__hover-gradient elementor-widget elementor-widget-posts\" data-id=\"e3708a8\" data-element_type=\"widget\" data-e-type=\"widget\" data-settings=\"{&quot;pagination_type&quot;:&quot;numbers&quot;,&quot;cards_columns&quot;:&quot;3&quot;,&quot;cards_columns_tablet&quot;:&quot;2&quot;,&quot;cards_columns_mobile&quot;:&quot;1&quot;,&quot;cards_row_gap&quot;:{&quot;unit&quot;:&quot;px&quot;,&quot;size&quot;:35,&quot;sizes&quot;:[]},&quot;cards_row_gap_tablet&quot;:{&quot;unit&quot;:&quot;px&quot;,&quot;size&quot;:&quot;&quot;,&quot;sizes&quot;:[]},&quot;cards_row_gap_mobile&quot;:{&quot;unit&quot;:&quot;px&quot;,&quot;size&quot;:&quot;&quot;,&quot;sizes&quot;:[]}}\" data-widget_type=\"posts.cards\">\n\t\t\t\t<div class=\"elementor-widget-container\">\n\t\t\t\t\t\t\t<div class=\"elementor-posts-container elementor-posts elementor-posts--skin-cards elementor-grid\" role=\"list\">\n\t\t\t\t<article class=\"elementor-post elementor-grid-item post-9684 post type-post status-publish format-standard has-post-thumbnail hentry category-spezialitaeten-rezepte tag-caldo-con-pelotas tag-puchero-alicante tag-regionale-kueche-weihnachten-spanien tag-turron-xixona tag-weihnachten-an-der-costa-blanca tag-weihnachtsessen-costa-blanca\" role=\"listitem\">\n\t\t\t<div class=\"elementor-post__card\">\n\t\t\t\t<a class=\"elementor-post__thumbnail__link\" href=\"https:\/\/costablanca-magazin.com\/es\/kulinarisches\/spezialitaeten-rezepte\/weihnachtsgerichte-der-costa-blanca-tradition-turron\/\" tabindex=\"-1\" ><div class=\"elementor-post__thumbnail\"><img fetchpriority=\"high\" decoding=\"async\" width=\"300\" height=\"169\" src=\"https:\/\/costablanca-magazin.com\/wp-content\/uploads\/2025\/11\/3.png\" class=\"attachment-medium size-medium wp-image-9589\" alt=\"Platos t\u00edpicos navide\u00f1os de la Costa Blanca: cocina regional y dulces cl\u00e1sicos\" \/><\/div><\/a>\n\t\t\t\t<div class=\"elementor-post__badge\">Especialidades y recetas<\/div>\n\t\t\t\t<div class=\"elementor-post__text\">\n\t\t\t\t<h2 class=\"elementor-post__title\">\n\t\t\t<a href=\"https:\/\/costablanca-magazin.com\/es\/kulinarisches\/spezialitaeten-rezepte\/weihnachtsgerichte-der-costa-blanca-tradition-turron\/\" >\n\t\t\t\tPlatos navide\u00f1os de la Costa Blanca - Tradici\u00f3n y Turr\u00f3n\t\t\t<\/a>\n\t\t<\/h2>\n\t\t\t\t<\/div>\n\t\t\t\t\t<\/div>\n\t\t<\/article>\n\t\t\t\t<article class=\"elementor-post elementor-grid-item post-9512 post type-post status-publish format-standard has-post-thumbnail hentry category-restaurant tag-himalaya-kueche-spanien tag-indisches-restaurant-costa-blanca tag-kathmandu-albir tag-momos-nepal tag-nepalesische-kueche-albir tag-restaurant-albir tag-tandoori-albir\" role=\"listitem\">\n\t\t\t<div class=\"elementor-post__card\">\n\t\t\t\t<a class=\"elementor-post__thumbnail__link\" href=\"https:\/\/costablanca-magazin.com\/es\/kulinarisches\/restaurant\/kathmandu-albir-nepalesisch-indische-kueche-costa-blanca\/\" tabindex=\"-1\" ><div class=\"elementor-post__thumbnail\"><img decoding=\"async\" width=\"300\" height=\"169\" src=\"https:\/\/costablanca-magazin.com\/wp-content\/uploads\/2025\/11\/20251108_180824-300x169.jpg\" class=\"attachment-medium size-medium wp-image-9528\" alt=\"La sostenibilidad hace tiempo que dej\u00f3 de ser una palabra de moda para convertirse en algo cotidiano, tambi\u00e9n aqu\u00ed, en la Costa Blanca. Entre D\u00e9nia y Villajoyosa se puede ver lo en serio que se toma ahora toda una regi\u00f3n este tema: los agricultores se pasan a la agricultura ecol\u00f3gica, los municipios invierten en el reciclaje de agua, la energ\u00eda solar y la econom\u00eda circular, y cada vez m\u00e1s consumidores apuestan por los productos regionales y la movilidad sostenible. En los \u00faltimos diez a\u00f1os se han producido cambios visibles en la Marina Alta y la Marina Baixa. Las superficies ecol\u00f3gicas crecen, surgen comunidades energ\u00e9ticas y las ciudades desarrollan planes clim\u00e1ticos concretos que van m\u00e1s all\u00e1 de la pol\u00edtica simb\u00f3lica. El cambio es especialmente palpable en el uso de los recursos (agua, energ\u00eda y suelo): consciente, eficiente y pensado a largo plazo. Al mismo tiempo, est\u00e1 cambiando la actitud hacia el consumo y el turismo. Ya sea en los mercados semanales, la comercializaci\u00f3n directa o los alojamientos sostenibles, en todas partes crece la conciencia de que la regionalidad y la responsabilidad van de la mano. El turismo tambi\u00e9n apuesta cada vez m\u00e1s por la calidad en lugar de la cantidad: los hoteles con certificaci\u00f3n medioambiental, la movilidad sostenible y la creaci\u00f3n de valor local garantizan que esta regi\u00f3n siga siendo habitable no solo hoy, sino tambi\u00e9n ma\u00f1ana, tanto para quienes viven aqu\u00ed como para quienes la visitan con respeto. Lo que a primera vista parecen peque\u00f1os pasos, en conjunto conforman un movimiento y muestran c\u00f3mo las ideas se convierten en futuro. En las siguientes p\u00e1ginas les acompa\u00f1amos: desde la agricultura ecol\u00f3gica hasta el agua y la energ\u00eda, pasando por la movilidad y el consumo moderno.\" srcset=\"https:\/\/costablanca-magazin.com\/wp-content\/uploads\/2025\/11\/20251108_180824-300x169.jpg 300w, https:\/\/costablanca-magazin.com\/wp-content\/uploads\/2025\/11\/20251108_180824-1024x576.jpg 1024w, https:\/\/costablanca-magazin.com\/wp-content\/uploads\/2025\/11\/20251108_180824-768x432.jpg 768w, https:\/\/costablanca-magazin.com\/wp-content\/uploads\/2025\/11\/20251108_180824-18x10.jpg 18w, https:\/\/costablanca-magazin.com\/wp-content\/uploads\/2025\/11\/20251108_180824.jpg 1200w\" sizes=\"(max-width: 300px) 100vw, 300px\" \/><\/div><\/a>\n\t\t\t\t<div class=\"elementor-post__badge\">Restaurante<\/div>\n\t\t\t\t<div class=\"elementor-post__text\">\n\t\t\t\t<h2 class=\"elementor-post__title\">\n\t\t\t<a href=\"https:\/\/costablanca-magazin.com\/es\/kulinarisches\/restaurant\/kathmandu-albir-nepalesisch-indische-kueche-costa-blanca\/\" >\n\t\t\t\tKatmand\u00fa Albir - Cocina nepal\u00ed-india Costa Blanca\t\t\t<\/a>\n\t\t<\/h2>\n\t\t\t\t<\/div>\n\t\t\t\t\t<\/div>\n\t\t<\/article>\n\t\t\t\t<article class=\"elementor-post elementor-grid-item post-9209 post type-post status-publish format-standard has-post-thumbnail hentry category-restaurant tag-authentische-valencianische-kueche tag-ca-aleix tag-cocas-marina-alta tag-costa-blanca-restaurant tag-mediterrane-kueche tag-reisgerichte-xabia tag-restaurant-javea tag-valencianische-kueche tag-weine-aus-valencia\" role=\"listitem\">\n\t\t\t<div class=\"elementor-post__card\">\n\t\t\t\t<a class=\"elementor-post__thumbnail__link\" href=\"https:\/\/costablanca-magazin.com\/es\/kulinarisches\/restaurant\/ca-aleix-xabia-mediterrane-kueche-kunst-gastfreundschaft\/\" tabindex=\"-1\" ><div class=\"elementor-post__thumbnail\"><img decoding=\"async\" width=\"300\" height=\"169\" src=\"https:\/\/costablanca-magazin.com\/wp-content\/uploads\/2025\/10\/20251005_132450-300x169.jpg\" class=\"attachment-medium size-medium wp-image-9230\" alt=\"Ca Aleix X\u00e0bia: cocina mediterr\u00e1nea, arte y hospitalidad\" srcset=\"https:\/\/costablanca-magazin.com\/wp-content\/uploads\/2025\/10\/20251005_132450-300x169.jpg 300w, https:\/\/costablanca-magazin.com\/wp-content\/uploads\/2025\/10\/20251005_132450-1024x576.jpg 1024w, https:\/\/costablanca-magazin.com\/wp-content\/uploads\/2025\/10\/20251005_132450-768x432.jpg 768w, https:\/\/costablanca-magazin.com\/wp-content\/uploads\/2025\/10\/20251005_132450.jpg 1200w\" sizes=\"(max-width: 300px) 100vw, 300px\" \/><\/div><\/a>\n\t\t\t\t<div class=\"elementor-post__badge\">Restaurante<\/div>\n\t\t\t\t<div class=\"elementor-post__text\">\n\t\t\t\t<h2 class=\"elementor-post__title\">\n\t\t\t<a href=\"https:\/\/costablanca-magazin.com\/es\/kulinarisches\/restaurant\/ca-aleix-xabia-mediterrane-kueche-kunst-gastfreundschaft\/\" >\n\t\t\t\tCa Aleix X\u00e0bia - Cocina mediterr\u00e1nea, arte y hospitalidad\t\t\t<\/a>\n\t\t<\/h2>\n\t\t\t\t<\/div>\n\t\t\t\t\t<\/div>\n\t\t<\/article>\n\t\t\t\t<article class=\"elementor-post elementor-grid-item post-8986 post type-post status-publish format-standard has-post-thumbnail hentry category-spezialitaeten-rezepte tag-cafe-bombon tag-cafe-con-leche tag-cortado-spanien tag-costa-blanca-kaffee tag-denia-kaffee tag-kaffeekultur-costa-blanca tag-spanischer-kaffee tag-villajoyosa-cafe\" role=\"listitem\">\n\t\t\t<div class=\"elementor-post__card\">\n\t\t\t\t<a class=\"elementor-post__thumbnail__link\" href=\"https:\/\/costablanca-magazin.com\/es\/kulinarisches\/spezialitaeten-rezepte\/kaffee-an-der-costa-blanca-cortado-bombon-kultur\/\" tabindex=\"-1\" ><div class=\"elementor-post__thumbnail\"><img loading=\"lazy\" decoding=\"async\" width=\"300\" height=\"136\" src=\"https:\/\/costablanca-magazin.com\/wp-content\/uploads\/2025\/09\/coffee-expert-barista-making-hot-americano-for-cus-2025-01-08-23-10-13-utc-e1759084734304-300x136.jpg\" class=\"attachment-medium size-medium wp-image-8991\" alt=\"Caf\u00e9, cortado y bomb\u00f3n 3\" srcset=\"https:\/\/costablanca-magazin.com\/wp-content\/uploads\/2025\/09\/coffee-expert-barista-making-hot-americano-for-cus-2025-01-08-23-10-13-utc-e1759084734304-300x136.jpg 300w, https:\/\/costablanca-magazin.com\/wp-content\/uploads\/2025\/09\/coffee-expert-barista-making-hot-americano-for-cus-2025-01-08-23-10-13-utc-e1759084734304-1024x464.jpg 1024w, https:\/\/costablanca-magazin.com\/wp-content\/uploads\/2025\/09\/coffee-expert-barista-making-hot-americano-for-cus-2025-01-08-23-10-13-utc-e1759084734304-768x348.jpg 768w, https:\/\/costablanca-magazin.com\/wp-content\/uploads\/2025\/09\/coffee-expert-barista-making-hot-americano-for-cus-2025-01-08-23-10-13-utc-e1759084734304.jpg 1200w\" sizes=\"(max-width: 300px) 100vw, 300px\" \/><\/div><\/a>\n\t\t\t\t<div class=\"elementor-post__badge\">Especialidades y recetas<\/div>\n\t\t\t\t<div class=\"elementor-post__text\">\n\t\t\t\t<h2 class=\"elementor-post__title\">\n\t\t\t<a href=\"https:\/\/costablanca-magazin.com\/es\/kulinarisches\/spezialitaeten-rezepte\/kaffee-an-der-costa-blanca-cortado-bombon-kultur\/\" >\n\t\t\t\tCaf\u00e9 en la Costa Blanca - cortado, bomb\u00f3n y cultura\t\t\t<\/a>\n\t\t<\/h2>\n\t\t\t\t<\/div>\n\t\t\t\t\t<\/div>\n\t\t<\/article>\n\t\t\t\t<article class=\"elementor-post elementor-grid-item post-8962 post type-post status-publish format-standard has-post-thumbnail hentry category-spezialitaeten-rezepte tag-embutidos-spanien tag-handwerkliche-produktion tag-marina-baixa-oel tag-olivenoel-costa-blanca tag-olivenoel-marina-alta tag-regionale-spezialitaeten tag-spanische-tradition tag-traditionelle-wurstwaren\" role=\"listitem\">\n\t\t\t<div class=\"elementor-post__card\">\n\t\t\t\t<a class=\"elementor-post__thumbnail__link\" href=\"https:\/\/costablanca-magazin.com\/es\/kulinarisches\/spezialitaeten-rezepte\/olivenoel-embutidos-tradition-aus-marina-alta-baixa\/\" tabindex=\"-1\" ><div class=\"elementor-post__thumbnail\"><img loading=\"lazy\" decoding=\"async\" width=\"300\" height=\"200\" src=\"https:\/\/costablanca-magazin.com\/wp-content\/uploads\/2025\/09\/detail-of-olive-tree-with-green-olives-2025-03-23-21-44-42-utc-300x200.jpg\" class=\"attachment-medium size-medium wp-image-8963\" alt=\"Artesan\u00eda tradicional: aceite y embutidos\" srcset=\"https:\/\/costablanca-magazin.com\/wp-content\/uploads\/2025\/09\/detail-of-olive-tree-with-green-olives-2025-03-23-21-44-42-utc-300x200.jpg 300w, https:\/\/costablanca-magazin.com\/wp-content\/uploads\/2025\/09\/detail-of-olive-tree-with-green-olives-2025-03-23-21-44-42-utc-1024x683.jpg 1024w, https:\/\/costablanca-magazin.com\/wp-content\/uploads\/2025\/09\/detail-of-olive-tree-with-green-olives-2025-03-23-21-44-42-utc-768x512.jpg 768w, https:\/\/costablanca-magazin.com\/wp-content\/uploads\/2025\/09\/detail-of-olive-tree-with-green-olives-2025-03-23-21-44-42-utc.jpg 1200w\" sizes=\"(max-width: 300px) 100vw, 300px\" \/><\/div><\/a>\n\t\t\t\t<div class=\"elementor-post__badge\">Especialidades y recetas<\/div>\n\t\t\t\t<div class=\"elementor-post__text\">\n\t\t\t\t<h2 class=\"elementor-post__title\">\n\t\t\t<a href=\"https:\/\/costablanca-magazin.com\/es\/kulinarisches\/spezialitaeten-rezepte\/olivenoel-embutidos-tradition-aus-marina-alta-baixa\/\" >\n\t\t\t\tAceite de Oliva &amp; Embutidos - Tradici\u00f3n de la Marina Alta &amp; Baixa\t\t\t<\/a>\n\t\t<\/h2>\n\t\t\t\t<\/div>\n\t\t\t\t\t<\/div>\n\t\t<\/article>\n\t\t\t\t<article class=\"elementor-post elementor-grid-item post-8891 post type-post status-publish format-standard has-post-thumbnail hentry category-spezialitaeten-rezepte tag-marina-alta tag-marina-baixa tag-mistela tag-moscatel tag-regionale-weine tag-weinkultur tag-weinproben tag-weintradition\" role=\"listitem\">\n\t\t\t<div class=\"elementor-post__card\">\n\t\t\t\t<a class=\"elementor-post__thumbnail__link\" href=\"https:\/\/costablanca-magazin.com\/es\/kulinarisches\/spezialitaeten-rezepte\/weine-der-marina-alta-baixa-moscatel-mistela-mehr\/\" tabindex=\"-1\" ><div class=\"elementor-post__thumbnail\"><img loading=\"lazy\" decoding=\"async\" width=\"300\" height=\"220\" src=\"https:\/\/costablanca-magazin.com\/wp-content\/uploads\/2025\/09\/group-of-friends-wine-tasting-at-a-distillery-or-c-2025-04-06-09-58-00-utc-300x220.jpg\" class=\"attachment-medium size-medium wp-image-8952\" alt=\"Marina Alta y Marina Baixa en una copa: Moscatel, Mistela y m\u00e1s\" srcset=\"https:\/\/costablanca-magazin.com\/wp-content\/uploads\/2025\/09\/group-of-friends-wine-tasting-at-a-distillery-or-c-2025-04-06-09-58-00-utc-300x220.jpg 300w, https:\/\/costablanca-magazin.com\/wp-content\/uploads\/2025\/09\/group-of-friends-wine-tasting-at-a-distillery-or-c-2025-04-06-09-58-00-utc-1024x749.jpg 1024w, https:\/\/costablanca-magazin.com\/wp-content\/uploads\/2025\/09\/group-of-friends-wine-tasting-at-a-distillery-or-c-2025-04-06-09-58-00-utc-768x562.jpg 768w, https:\/\/costablanca-magazin.com\/wp-content\/uploads\/2025\/09\/group-of-friends-wine-tasting-at-a-distillery-or-c-2025-04-06-09-58-00-utc.jpg 1200w\" sizes=\"(max-width: 300px) 100vw, 300px\" \/><\/div><\/a>\n\t\t\t\t<div class=\"elementor-post__badge\">Especialidades y recetas<\/div>\n\t\t\t\t<div class=\"elementor-post__text\">\n\t\t\t\t<h2 class=\"elementor-post__title\">\n\t\t\t<a href=\"https:\/\/costablanca-magazin.com\/es\/kulinarisches\/spezialitaeten-rezepte\/weine-der-marina-alta-baixa-moscatel-mistela-mehr\/\" >\n\t\t\t\tVinos de la Marina Alta y Baixa - Moscatel, Mistela y m\u00e1s\t\t\t<\/a>\n\t\t<\/h2>\n\t\t\t\t<\/div>\n\t\t\t\t\t<\/div>\n\t\t<\/article>\n\t\t\t\t<article class=\"elementor-post elementor-grid-item post-8881 post type-post status-publish format-standard has-post-thumbnail hentry category-spezialitaeten-rezepte tag-mandeln tag-marina-alta tag-marina-baixa tag-nispero tag-regionale-landwirtschaft tag-reis tag-rosinen tag-zitrusfruechte\" role=\"listitem\">\n\t\t\t<div class=\"elementor-post__card\">\n\t\t\t\t<a class=\"elementor-post__thumbnail__link\" href=\"https:\/\/costablanca-magazin.com\/es\/kulinarisches\/spezialitaeten-rezepte\/schaetze-der-marina-alta-und-baixa-nispero-reis-fruechte\/\" tabindex=\"-1\" ><div class=\"elementor-post__thumbnail\"><img loading=\"lazy\" decoding=\"async\" width=\"300\" height=\"200\" src=\"https:\/\/costablanca-magazin.com\/wp-content\/uploads\/2025\/04\/nispero-fruits-ripening-on-the-tree-also-known-as-2025-03-10-05-01-12-utc-300x200.jpg\" class=\"attachment-medium size-medium wp-image-5722\" alt=\"Fruta peque\u00f1a y delicada, gran tradici\u00f3n: el n\u00edspero de Callosa d&#039;en Sarri\u00e0 3\" srcset=\"https:\/\/costablanca-magazin.com\/wp-content\/uploads\/2025\/04\/nispero-fruits-ripening-on-the-tree-also-known-as-2025-03-10-05-01-12-utc-300x200.jpg 300w, https:\/\/costablanca-magazin.com\/wp-content\/uploads\/2025\/04\/nispero-fruits-ripening-on-the-tree-also-known-as-2025-03-10-05-01-12-utc-1024x683.jpg 1024w, https:\/\/costablanca-magazin.com\/wp-content\/uploads\/2025\/04\/nispero-fruits-ripening-on-the-tree-also-known-as-2025-03-10-05-01-12-utc-768x512.jpg 768w, https:\/\/costablanca-magazin.com\/wp-content\/uploads\/2025\/04\/nispero-fruits-ripening-on-the-tree-also-known-as-2025-03-10-05-01-12-utc-1536x1024.jpg 1536w, https:\/\/costablanca-magazin.com\/wp-content\/uploads\/2025\/04\/nispero-fruits-ripening-on-the-tree-also-known-as-2025-03-10-05-01-12-utc-2048x1365.jpg 2048w\" sizes=\"(max-width: 300px) 100vw, 300px\" \/><\/div><\/a>\n\t\t\t\t<div class=\"elementor-post__badge\">Especialidades y recetas<\/div>\n\t\t\t\t<div class=\"elementor-post__text\">\n\t\t\t\t<h2 class=\"elementor-post__title\">\n\t\t\t<a href=\"https:\/\/costablanca-magazin.com\/es\/kulinarisches\/spezialitaeten-rezepte\/schaetze-der-marina-alta-und-baixa-nispero-reis-fruechte\/\" >\n\t\t\t\tTesoros de la Marina Alta y Baixa - N\u00edspero, arroz y fruta\t\t\t<\/a>\n\t\t<\/h2>\n\t\t\t\t<\/div>\n\t\t\t\t\t<\/div>\n\t\t<\/article>\n\t\t\t\t<article class=\"elementor-post elementor-grid-item post-8786 post type-post status-publish format-standard has-post-thumbnail hentry category-restaurant tag-beste-pizza-altea tag-essen-gehen-altea-la-vella tag-hausgemachte-pasta-altea tag-il-giardino-nova-bussola tag-italienische-kueche-costa-blanca tag-italienisches-ambiente-finca tag-italienisches-restaurant-altea tag-mediterrane-spezialitaeten-altea\" role=\"listitem\">\n\t\t\t<div class=\"elementor-post__card\">\n\t\t\t\t<a class=\"elementor-post__thumbnail__link\" href=\"https:\/\/costablanca-magazin.com\/es\/kulinarisches\/restaurant\/italienisches-restaurant-in-altea-la-vella-il-giardino\/\" tabindex=\"-1\" ><div class=\"elementor-post__thumbnail\"><img loading=\"lazy\" decoding=\"async\" width=\"300\" height=\"169\" src=\"https:\/\/costablanca-magazin.com\/wp-content\/uploads\/2025\/09\/20250823_145402-300x169.jpg\" class=\"attachment-medium size-medium wp-image-8826\" alt=\"Un pedazo de Italia en Altea la Vella 13\" srcset=\"https:\/\/costablanca-magazin.com\/wp-content\/uploads\/2025\/09\/20250823_145402-300x169.jpg 300w, https:\/\/costablanca-magazin.com\/wp-content\/uploads\/2025\/09\/20250823_145402-1024x577.jpg 1024w, https:\/\/costablanca-magazin.com\/wp-content\/uploads\/2025\/09\/20250823_145402-768x432.jpg 768w, https:\/\/costablanca-magazin.com\/wp-content\/uploads\/2025\/09\/20250823_145402-1536x865.jpg 1536w, https:\/\/costablanca-magazin.com\/wp-content\/uploads\/2025\/09\/20250823_145402-2048x1153.jpg 2048w\" sizes=\"(max-width: 300px) 100vw, 300px\" \/><\/div><\/a>\n\t\t\t\t<div class=\"elementor-post__badge\">Restaurante<\/div>\n\t\t\t\t<div class=\"elementor-post__text\">\n\t\t\t\t<h2 class=\"elementor-post__title\">\n\t\t\t<a href=\"https:\/\/costablanca-magazin.com\/es\/kulinarisches\/restaurant\/italienisches-restaurant-in-altea-la-vella-il-giardino\/\" >\n\t\t\t\tRestaurante italiano en Altea la Vella - Il Giardino\t\t\t<\/a>\n\t\t<\/h2>\n\t\t\t\t<\/div>\n\t\t\t\t\t<\/div>\n\t\t<\/article>\n\t\t\t\t<article class=\"elementor-post elementor-grid-item post-8731 post type-post status-publish format-standard has-post-thumbnail hentry category-spezialitaeten-rezepte tag-costa-blanca-2 tag-lokale-spezialitaeten tag-marina-alta tag-marina-baixa tag-nisperos tag-olivenhaine tag-villajoyosa-schokolade tag-weinberge\" role=\"listitem\">\n\t\t\t<div class=\"elementor-post__card\">\n\t\t\t\t<a class=\"elementor-post__thumbnail__link\" href=\"https:\/\/costablanca-magazin.com\/es\/kulinarisches\/spezialitaeten-rezepte\/costa-blanca-vielfalt-zwischen-bergen-und-meer\/\" tabindex=\"-1\" ><div class=\"elementor-post__thumbnail\"><img loading=\"lazy\" decoding=\"async\" width=\"300\" height=\"200\" src=\"https:\/\/costablanca-magazin.com\/wp-content\/uploads\/2025\/09\/picturesque-mediterranean-spanish-coastline-in-alt-2025-01-27-23-59-48-utc-300x200.jpg\" class=\"attachment-medium size-medium wp-image-8777\" alt=\"\u00danico entre la monta\u00f1a y el mar\" srcset=\"https:\/\/costablanca-magazin.com\/wp-content\/uploads\/2025\/09\/picturesque-mediterranean-spanish-coastline-in-alt-2025-01-27-23-59-48-utc-300x200.jpg 300w, https:\/\/costablanca-magazin.com\/wp-content\/uploads\/2025\/09\/picturesque-mediterranean-spanish-coastline-in-alt-2025-01-27-23-59-48-utc-1024x683.jpg 1024w, https:\/\/costablanca-magazin.com\/wp-content\/uploads\/2025\/09\/picturesque-mediterranean-spanish-coastline-in-alt-2025-01-27-23-59-48-utc-768x512.jpg 768w, https:\/\/costablanca-magazin.com\/wp-content\/uploads\/2025\/09\/picturesque-mediterranean-spanish-coastline-in-alt-2025-01-27-23-59-48-utc.jpg 1200w\" sizes=\"(max-width: 300px) 100vw, 300px\" \/><\/div><\/a>\n\t\t\t\t<div class=\"elementor-post__badge\">Especialidades y recetas<\/div>\n\t\t\t\t<div class=\"elementor-post__text\">\n\t\t\t\t<h2 class=\"elementor-post__title\">\n\t\t\t<a href=\"https:\/\/costablanca-magazin.com\/es\/kulinarisches\/spezialitaeten-rezepte\/costa-blanca-vielfalt-zwischen-bergen-und-meer\/\" >\n\t\t\t\tCosta Blanca - diversidad entre la monta\u00f1a y el mar\t\t\t<\/a>\n\t\t<\/h2>\n\t\t\t\t<\/div>\n\t\t\t\t\t<\/div>\n\t\t<\/article>\n\t\t\t\t<article class=\"elementor-post elementor-grid-item post-8515 post type-post status-publish format-standard has-post-thumbnail hentry category-restaurant tag-asiatisches-restaurant-costa-blanca tag-beniasia-benitatxell tag-kreative-asia-kueche tag-pekingente-costa-blanca tag-sushi-benitatxell tag-weinkeller-beniasia\" role=\"listitem\">\n\t\t\t<div class=\"elementor-post__card\">\n\t\t\t\t<a class=\"elementor-post__thumbnail__link\" href=\"https:\/\/costablanca-magazin.com\/es\/kulinarisches\/restaurant\/restaurant-beniasia-in-benitaxell-asiatisch-aber-mal-ganz-anders\/\" tabindex=\"-1\" ><div class=\"elementor-post__thumbnail\"><img loading=\"lazy\" decoding=\"async\" width=\"232\" height=\"300\" src=\"https:\/\/costablanca-magazin.com\/wp-content\/uploads\/2025\/08\/20250809_133118-232x300.jpg\" class=\"attachment-medium size-medium wp-image-8518\" alt=\"Beniasia: asi\u00e1tica, pero muy diferente 1\" srcset=\"https:\/\/costablanca-magazin.com\/wp-content\/uploads\/2025\/08\/20250809_133118-232x300.jpg 232w, https:\/\/costablanca-magazin.com\/wp-content\/uploads\/2025\/08\/20250809_133118-794x1024.jpg 794w, https:\/\/costablanca-magazin.com\/wp-content\/uploads\/2025\/08\/20250809_133118-768x991.jpg 768w, https:\/\/costablanca-magazin.com\/wp-content\/uploads\/2025\/08\/20250809_133118.jpg 1126w\" sizes=\"(max-width: 232px) 100vw, 232px\" \/><\/div><\/a>\n\t\t\t\t<div class=\"elementor-post__badge\">Restaurante<\/div>\n\t\t\t\t<div class=\"elementor-post__text\">\n\t\t\t\t<h2 class=\"elementor-post__title\">\n\t\t\t<a href=\"https:\/\/costablanca-magazin.com\/es\/kulinarisches\/restaurant\/restaurant-beniasia-in-benitaxell-asiatisch-aber-mal-ganz-anders\/\" >\n\t\t\t\tRestaurante Beniasia en Benitaxell - Asi\u00e1tico, pero con una diferencia\t\t\t<\/a>\n\t\t<\/h2>\n\t\t\t\t<\/div>\n\t\t\t\t\t<\/div>\n\t\t<\/article>\n\t\t\t\t<article class=\"elementor-post elementor-grid-item post-8073 post type-post status-publish format-standard has-post-thumbnail hentry category-restaurant tag-fine-dining-benissa tag-mediterrane-kueche-les-bassetes tag-oceana-club-benissa tag-paseo-ecologico-restaurant tag-restaurant-mit-meerblick-costa-blanca tag-seafood-restaurant-benissa\" role=\"listitem\">\n\t\t\t<div class=\"elementor-post__card\">\n\t\t\t\t<a class=\"elementor-post__thumbnail__link\" href=\"https:\/\/costablanca-magazin.com\/es\/kulinarisches\/restaurant\/oceana-club-benissa-meerblick-trifft-geschmacks-explosion\/\" tabindex=\"-1\" ><div class=\"elementor-post__thumbnail\"><img loading=\"lazy\" decoding=\"async\" width=\"300\" height=\"169\" src=\"https:\/\/costablanca-magazin.com\/wp-content\/uploads\/2025\/07\/oceana-beachclub-9-300x169.jpg\" class=\"attachment-medium size-medium wp-image-8075\" alt=\"Oceana Club: vistas al mar y explosi\u00f3n de sabor\" srcset=\"https:\/\/costablanca-magazin.com\/wp-content\/uploads\/2025\/07\/oceana-beachclub-9-300x169.jpg 300w, https:\/\/costablanca-magazin.com\/wp-content\/uploads\/2025\/07\/oceana-beachclub-9-1024x577.jpg 1024w, https:\/\/costablanca-magazin.com\/wp-content\/uploads\/2025\/07\/oceana-beachclub-9-768x432.jpg 768w, https:\/\/costablanca-magazin.com\/wp-content\/uploads\/2025\/07\/oceana-beachclub-9-1536x865.jpg 1536w, https:\/\/costablanca-magazin.com\/wp-content\/uploads\/2025\/07\/oceana-beachclub-9.jpg 2000w\" sizes=\"(max-width: 300px) 100vw, 300px\" \/><\/div><\/a>\n\t\t\t\t<div class=\"elementor-post__badge\">Restaurante<\/div>\n\t\t\t\t<div class=\"elementor-post__text\">\n\t\t\t\t<h2 class=\"elementor-post__title\">\n\t\t\t<a href=\"https:\/\/costablanca-magazin.com\/es\/kulinarisches\/restaurant\/oceana-club-benissa-meerblick-trifft-geschmacks-explosion\/\" >\n\t\t\t\tOceana Club Benissa - vistas al mar y explosi\u00f3n de sabor\t\t\t<\/a>\n\t\t<\/h2>\n\t\t\t\t<\/div>\n\t\t\t\t\t<\/div>\n\t\t<\/article>\n\t\t\t\t<article class=\"elementor-post elementor-grid-item post-7997 post type-post status-publish format-standard has-post-thumbnail hentry category-spezialitaeten-rezepte tag-costa-blanca-2 tag-gazpacho tag-ortaxa tag-spanische-sommerrezepte\" role=\"listitem\">\n\t\t\t<div class=\"elementor-post__card\">\n\t\t\t\t<a class=\"elementor-post__thumbnail__link\" href=\"https:\/\/costablanca-magazin.com\/es\/kulinarisches\/spezialitaeten-rezepte\/eisgekuehlt-und-leicht-so-schmeckt-der-sommer-an-der-costa-blanca\/\" tabindex=\"-1\" ><div class=\"elementor-post__thumbnail\"><img loading=\"lazy\" decoding=\"async\" width=\"300\" height=\"200\" src=\"https:\/\/costablanca-magazin.com\/wp-content\/uploads\/2025\/07\/crispy-fried-calamari-rings-2024-09-22-11-59-44-utc-300x200.jpg\" class=\"attachment-medium size-medium wp-image-8035\" alt=\"Helado y ligero: el sabor del verano en la Costa Blanca\" srcset=\"https:\/\/costablanca-magazin.com\/wp-content\/uploads\/2025\/07\/crispy-fried-calamari-rings-2024-09-22-11-59-44-utc-300x200.jpg 300w, https:\/\/costablanca-magazin.com\/wp-content\/uploads\/2025\/07\/crispy-fried-calamari-rings-2024-09-22-11-59-44-utc-1024x683.jpg 1024w, https:\/\/costablanca-magazin.com\/wp-content\/uploads\/2025\/07\/crispy-fried-calamari-rings-2024-09-22-11-59-44-utc-768x512.jpg 768w, https:\/\/costablanca-magazin.com\/wp-content\/uploads\/2025\/07\/crispy-fried-calamari-rings-2024-09-22-11-59-44-utc-1536x1024.jpg 1536w, https:\/\/costablanca-magazin.com\/wp-content\/uploads\/2025\/07\/crispy-fried-calamari-rings-2024-09-22-11-59-44-utc-2048x1365.jpg 2048w\" sizes=\"(max-width: 300px) 100vw, 300px\" \/><\/div><\/a>\n\t\t\t\t<div class=\"elementor-post__badge\">Especialidades y recetas<\/div>\n\t\t\t\t<div class=\"elementor-post__text\">\n\t\t\t\t<h2 class=\"elementor-post__title\">\n\t\t\t<a href=\"https:\/\/costablanca-magazin.com\/es\/kulinarisches\/spezialitaeten-rezepte\/eisgekuehlt-und-leicht-so-schmeckt-der-sommer-an-der-costa-blanca\/\" >\n\t\t\t\tHelado y ligero: el sabor del verano en la Costa Blanca\t\t\t<\/a>\n\t\t<\/h2>\n\t\t\t\t<\/div>\n\t\t\t\t\t<\/div>\n\t\t<\/article>\n\t\t\t\t<article class=\"elementor-post elementor-grid-item post-7708 post type-post status-publish format-standard has-post-thumbnail hentry category-restaurant tag-costa-blanca-2 tag-maxim-in-moraira tag-menue-restaurant-costablanca tag-restaurant-moraira\" role=\"listitem\">\n\t\t\t<div class=\"elementor-post__card\">\n\t\t\t\t<a class=\"elementor-post__thumbnail__link\" href=\"https:\/\/costablanca-magazin.com\/es\/kulinarisches\/restaurant\/maxim-in-moraira-drei-gaenge-ganz-nach-geschmack\/\" tabindex=\"-1\" ><div class=\"elementor-post__thumbnail\"><img loading=\"lazy\" decoding=\"async\" width=\"300\" height=\"300\" src=\"https:\/\/costablanca-magazin.com\/wp-content\/uploads\/2025\/06\/Costablanca-Magazin-Restaurant-Maxim-Moraira-1-300x300.jpg\" class=\"attachment-medium size-medium wp-image-7724\" alt=\"Maxim en Moraira: tres platos, totalmente a tu gusto 6\" srcset=\"https:\/\/costablanca-magazin.com\/wp-content\/uploads\/2025\/06\/Costablanca-Magazin-Restaurant-Maxim-Moraira-1-300x300.jpg 300w, https:\/\/costablanca-magazin.com\/wp-content\/uploads\/2025\/06\/Costablanca-Magazin-Restaurant-Maxim-Moraira-1-1024x1022.jpg 1024w, https:\/\/costablanca-magazin.com\/wp-content\/uploads\/2025\/06\/Costablanca-Magazin-Restaurant-Maxim-Moraira-1-150x150.jpg 150w, https:\/\/costablanca-magazin.com\/wp-content\/uploads\/2025\/06\/Costablanca-Magazin-Restaurant-Maxim-Moraira-1-768x767.jpg 768w, https:\/\/costablanca-magazin.com\/wp-content\/uploads\/2025\/06\/Costablanca-Magazin-Restaurant-Maxim-Moraira-1.jpg 1200w\" sizes=\"(max-width: 300px) 100vw, 300px\" \/><\/div><\/a>\n\t\t\t\t<div class=\"elementor-post__badge\">Restaurante<\/div>\n\t\t\t\t<div class=\"elementor-post__text\">\n\t\t\t\t<h2 class=\"elementor-post__title\">\n\t\t\t<a href=\"https:\/\/costablanca-magazin.com\/es\/kulinarisches\/restaurant\/maxim-in-moraira-drei-gaenge-ganz-nach-geschmack\/\" >\n\t\t\t\tMaxim en Moraira - Tres platos, como a ti te gusta\t\t\t<\/a>\n\t\t<\/h2>\n\t\t\t\t<\/div>\n\t\t\t\t\t<\/div>\n\t\t<\/article>\n\t\t\t\t<article class=\"elementor-post elementor-grid-item post-7689 post type-post status-publish format-standard has-post-thumbnail hentry category-spezialitaeten-rezepte tag-alicante-rum tag-costa-blanca-2 tag-malabusca\" role=\"listitem\">\n\t\t\t<div class=\"elementor-post__card\">\n\t\t\t\t<a class=\"elementor-post__thumbnail__link\" href=\"https:\/\/costablanca-magazin.com\/es\/kulinarisches\/spezialitaeten-rezepte\/malabusca-der-rum-aus-alicante\/\" tabindex=\"-1\" ><div class=\"elementor-post__thumbnail\"><img loading=\"lazy\" decoding=\"async\" width=\"300\" height=\"114\" src=\"https:\/\/costablanca-magazin.com\/wp-content\/uploads\/2025\/06\/MALABUSCA-RUM-SPANISH-STYLE-D-e1750247487118-300x114.jpg\" class=\"attachment-medium size-medium wp-image-7692\" alt=\"Gotas finas con car\u00e1cter: as\u00ed conquista el mundo un ron alicantino\" srcset=\"https:\/\/costablanca-magazin.com\/wp-content\/uploads\/2025\/06\/MALABUSCA-RUM-SPANISH-STYLE-D-e1750247487118-300x114.jpg 300w, https:\/\/costablanca-magazin.com\/wp-content\/uploads\/2025\/06\/MALABUSCA-RUM-SPANISH-STYLE-D-e1750247487118.jpg 668w\" sizes=\"(max-width: 300px) 100vw, 300px\" \/><\/div><\/a>\n\t\t\t\t<div class=\"elementor-post__badge\">Especialidades y recetas<\/div>\n\t\t\t\t<div class=\"elementor-post__text\">\n\t\t\t\t<h2 class=\"elementor-post__title\">\n\t\t\t<a href=\"https:\/\/costablanca-magazin.com\/es\/kulinarisches\/spezialitaeten-rezepte\/malabusca-der-rum-aus-alicante\/\" >\n\t\t\t\tMalabusca gotas finas con car\u00e1cter - El ron de Alicante\t\t\t<\/a>\n\t\t<\/h2>\n\t\t\t\t<\/div>\n\t\t\t\t\t<\/div>\n\t\t<\/article>\n\t\t\t\t<article class=\"elementor-post elementor-grid-item post-6921 post type-post status-publish format-standard has-post-thumbnail hentry category-restaurant tag-denia-restaurant tag-fischrestaurant-denia tag-mena-denia tag-paella-denia tag-restaurant-costa-blanca tag-restaurant-mena tag-spanische-kueche\" role=\"listitem\">\n\t\t\t<div class=\"elementor-post__card\">\n\t\t\t\t<a class=\"elementor-post__thumbnail__link\" href=\"https:\/\/costablanca-magazin.com\/es\/kulinarisches\/restaurant\/mena-in-denia-restaurant-paella\/\" tabindex=\"-1\" ><div class=\"elementor-post__thumbnail\"><img loading=\"lazy\" decoding=\"async\" width=\"300\" height=\"225\" src=\"https:\/\/costablanca-magazin.com\/wp-content\/uploads\/2025\/05\/Mena-aussen-300x225.jpg\" class=\"attachment-medium size-medium wp-image-6960\" alt=\"Mena, D\u00e9nia - Donde se come el mar\" srcset=\"https:\/\/costablanca-magazin.com\/wp-content\/uploads\/2025\/05\/Mena-aussen-300x225.jpg 300w, https:\/\/costablanca-magazin.com\/wp-content\/uploads\/2025\/05\/Mena-aussen-1024x768.jpg 1024w, https:\/\/costablanca-magazin.com\/wp-content\/uploads\/2025\/05\/Mena-aussen-768x576.jpg 768w, https:\/\/costablanca-magazin.com\/wp-content\/uploads\/2025\/05\/Mena-aussen.jpg 1200w\" sizes=\"(max-width: 300px) 100vw, 300px\" \/><\/div><\/a>\n\t\t\t\t<div class=\"elementor-post__badge\">Restaurante<\/div>\n\t\t\t\t<div class=\"elementor-post__text\">\n\t\t\t\t<h2 class=\"elementor-post__title\">\n\t\t\t<a href=\"https:\/\/costablanca-magazin.com\/es\/kulinarisches\/restaurant\/mena-in-denia-restaurant-paella\/\" >\n\t\t\t\tMena en D\u00e9nia - Donde se come el mar\t\t\t<\/a>\n\t\t<\/h2>\n\t\t\t\t<\/div>\n\t\t\t\t\t<\/div>\n\t\t<\/article>\n\t\t\t\t<article class=\"elementor-post elementor-grid-item post-5779 post type-post status-publish format-standard has-post-thumbnail hentry category-restaurant tag-hotel-bali-benidorm tag-madeira-lounge-bar-benidorm tag-selvatico-benidorm tag-sky-bars-costa-blanca tag-suitopia-calpe tag-voramar-hotel-terrace\" role=\"listitem\">\n\t\t\t<div class=\"elementor-post__card\">\n\t\t\t\t<a class=\"elementor-post__thumbnail__link\" href=\"https:\/\/costablanca-magazin.com\/es\/kulinarisches\/restaurant\/skybars-an-der-costa-blanca-himmlische-aussichten\/\" tabindex=\"-1\" ><div class=\"elementor-post__thumbnail\"><img loading=\"lazy\" decoding=\"async\" width=\"300\" height=\"200\" src=\"https:\/\/costablanca-magazin.com\/wp-content\/uploads\/2025\/04\/Skybar-Alex-Gresbek-300x200.png\" class=\"attachment-medium size-medium wp-image-5801\" alt=\"Skybars de la Costa Blanca: vistas paradis\u00edacas a gran altura 2\" srcset=\"https:\/\/costablanca-magazin.com\/wp-content\/uploads\/2025\/04\/Skybar-Alex-Gresbek-300x200.png 300w, https:\/\/costablanca-magazin.com\/wp-content\/uploads\/2025\/04\/Skybar-Alex-Gresbek-1024x683.png 1024w, https:\/\/costablanca-magazin.com\/wp-content\/uploads\/2025\/04\/Skybar-Alex-Gresbek-768x512.png 768w, https:\/\/costablanca-magazin.com\/wp-content\/uploads\/2025\/04\/Skybar-Alex-Gresbek.png 1512w\" sizes=\"(max-width: 300px) 100vw, 300px\" \/><\/div><\/a>\n\t\t\t\t<div class=\"elementor-post__badge\">Restaurante<\/div>\n\t\t\t\t<div class=\"elementor-post__text\">\n\t\t\t\t<h2 class=\"elementor-post__title\">\n\t\t\t<a href=\"https:\/\/costablanca-magazin.com\/es\/kulinarisches\/restaurant\/skybars-an-der-costa-blanca-himmlische-aussichten\/\" >\n\t\t\t\tSkybars en la Costa Blanca: vistas paradis\u00edacas\t\t\t<\/a>\n\t\t<\/h2>\n\t\t\t\t<\/div>\n\t\t\t\t\t<\/div>\n\t\t<\/article>\n\t\t\t\t<article class=\"elementor-post elementor-grid-item post-5767 post type-post status-publish format-standard has-post-thumbnail hentry category-spezialitaeten-rezepte tag-fleischmenge-pro-person-grillen tag-grillen-costa-blanca tag-grilltipps tag-outdoor-kitchen-costa-blanca\" role=\"listitem\">\n\t\t\t<div class=\"elementor-post__card\">\n\t\t\t\t<a class=\"elementor-post__thumbnail__link\" href=\"https:\/\/costablanca-magazin.com\/es\/kulinarisches\/spezialitaeten-rezepte\/der-duft-des-fruehlings-angrillen-an-der-costa-blanca\/\" tabindex=\"-1\" ><div class=\"elementor-post__thumbnail\"><img loading=\"lazy\" decoding=\"async\" width=\"300\" height=\"200\" src=\"https:\/\/costablanca-magazin.com\/wp-content\/uploads\/2025\/04\/summertime-bbq-in-a-lush-backyard-with-friends-and-2024-07-11-02-49-51-utc-300x200.jpg\" class=\"attachment-medium size-medium wp-image-5768\" alt=\"El aroma de la primavera: barbacoas en la Costa Blanca\" srcset=\"https:\/\/costablanca-magazin.com\/wp-content\/uploads\/2025\/04\/summertime-bbq-in-a-lush-backyard-with-friends-and-2024-07-11-02-49-51-utc-300x200.jpg 300w, https:\/\/costablanca-magazin.com\/wp-content\/uploads\/2025\/04\/summertime-bbq-in-a-lush-backyard-with-friends-and-2024-07-11-02-49-51-utc-1024x683.jpg 1024w, https:\/\/costablanca-magazin.com\/wp-content\/uploads\/2025\/04\/summertime-bbq-in-a-lush-backyard-with-friends-and-2024-07-11-02-49-51-utc-768x512.jpg 768w, https:\/\/costablanca-magazin.com\/wp-content\/uploads\/2025\/04\/summertime-bbq-in-a-lush-backyard-with-friends-and-2024-07-11-02-49-51-utc-1536x1024.jpg 1536w, https:\/\/costablanca-magazin.com\/wp-content\/uploads\/2025\/04\/summertime-bbq-in-a-lush-backyard-with-friends-and-2024-07-11-02-49-51-utc-2048x1365.jpg 2048w\" sizes=\"(max-width: 300px) 100vw, 300px\" \/><\/div><\/a>\n\t\t\t\t<div class=\"elementor-post__badge\">Especialidades y recetas<\/div>\n\t\t\t\t<div class=\"elementor-post__text\">\n\t\t\t\t<h2 class=\"elementor-post__title\">\n\t\t\t<a href=\"https:\/\/costablanca-magazin.com\/es\/kulinarisches\/spezialitaeten-rezepte\/der-duft-des-fruehlings-angrillen-an-der-costa-blanca\/\" >\n\t\t\t\tEl aroma de la primavera: barbacoas en la Costa Blanca\t\t\t<\/a>\n\t\t<\/h2>\n\t\t\t\t<\/div>\n\t\t\t\t\t<\/div>\n\t\t<\/article>\n\t\t\t\t<article class=\"elementor-post elementor-grid-item post-5217 post type-post status-publish format-standard has-post-thumbnail hentry category-restaurant tag-ausblick tag-benimaurell tag-frische-zutaten tag-hausgemachte-desserts tag-hausmannskost tag-mittagsmenue tag-regionale-kueche tag-spanische-kueche tag-terrasse tag-venta-del-collao tag-weinempfehlung\" role=\"listitem\">\n\t\t\t<div class=\"elementor-post__card\">\n\t\t\t\t<a class=\"elementor-post__thumbnail__link\" href=\"https:\/\/costablanca-magazin.com\/es\/kulinarisches\/restaurant\/venta-del-collao-einfach-gutes-essen-ohne-schnickschnack\/\" tabindex=\"-1\" ><div class=\"elementor-post__thumbnail\"><img loading=\"lazy\" decoding=\"async\" width=\"300\" height=\"300\" src=\"https:\/\/costablanca-magazin.com\/wp-content\/uploads\/2025\/03\/Restaurant-Venta-del-Collao-Benimaurell-16-300x300.jpg\" class=\"attachment-medium size-medium wp-image-5223\" alt=\"Venta del Collao: simplemente buena comida, sin florituras 4\" srcset=\"https:\/\/costablanca-magazin.com\/wp-content\/uploads\/2025\/03\/Restaurant-Venta-del-Collao-Benimaurell-16-300x300.jpg 300w, https:\/\/costablanca-magazin.com\/wp-content\/uploads\/2025\/03\/Restaurant-Venta-del-Collao-Benimaurell-16-1024x1024.jpg 1024w, https:\/\/costablanca-magazin.com\/wp-content\/uploads\/2025\/03\/Restaurant-Venta-del-Collao-Benimaurell-16-150x150.jpg 150w, https:\/\/costablanca-magazin.com\/wp-content\/uploads\/2025\/03\/Restaurant-Venta-del-Collao-Benimaurell-16-768x768.jpg 768w, https:\/\/costablanca-magazin.com\/wp-content\/uploads\/2025\/03\/Restaurant-Venta-del-Collao-Benimaurell-16-1536x1536.jpg 1536w, https:\/\/costablanca-magazin.com\/wp-content\/uploads\/2025\/03\/Restaurant-Venta-del-Collao-Benimaurell-16-2048x2048.jpg 2048w\" sizes=\"(max-width: 300px) 100vw, 300px\" \/><\/div><\/a>\n\t\t\t\t<div class=\"elementor-post__badge\">Restaurante<\/div>\n\t\t\t\t<div class=\"elementor-post__text\">\n\t\t\t\t<h2 class=\"elementor-post__title\">\n\t\t\t<a href=\"https:\/\/costablanca-magazin.com\/es\/kulinarisches\/restaurant\/venta-del-collao-einfach-gutes-essen-ohne-schnickschnack\/\" >\n\t\t\t\tVenta del Collao: Buena comida sin florituras\t\t\t<\/a>\n\t\t<\/h2>\n\t\t\t\t<\/div>\n\t\t\t\t\t<\/div>\n\t\t<\/article>\n\t\t\t\t<article class=\"elementor-post elementor-grid-item post-4842 post type-post status-publish format-standard has-post-thumbnail hentry category-restaurant tag-beniarbeig tag-costa-blanca tag-gesunde-kueche-costa-blanca tag-poke-bowl-und-vegetarische-burger tag-restaurante-lulea-costa-blanca tag-veganes-restaurant-costa-blanca tag-vegetarisches-restaurant-costa-blanca\" role=\"listitem\">\n\t\t\t<div class=\"elementor-post__card\">\n\t\t\t\t<a class=\"elementor-post__thumbnail__link\" href=\"https:\/\/costablanca-magazin.com\/es\/kulinarisches\/restaurant\/vegetarische-kueche-im-lulea-beniarbeig-nicht-immer-fleisch\/\" tabindex=\"-1\" ><div class=\"elementor-post__thumbnail\"><img loading=\"lazy\" decoding=\"async\" width=\"300\" height=\"173\" src=\"https:\/\/costablanca-magazin.com\/wp-content\/uploads\/2025\/02\/Lulea-Beniarbeig-3-300x173.jpg\" class=\"attachment-medium size-medium wp-image-4845\" alt=\"No siempre tiene que ser carne: cocina vegetariana en Lule\u00e5 1\" srcset=\"https:\/\/costablanca-magazin.com\/wp-content\/uploads\/2025\/02\/Lulea-Beniarbeig-3-300x173.jpg 300w, https:\/\/costablanca-magazin.com\/wp-content\/uploads\/2025\/02\/Lulea-Beniarbeig-3-1024x590.jpg 1024w, https:\/\/costablanca-magazin.com\/wp-content\/uploads\/2025\/02\/Lulea-Beniarbeig-3-768x443.jpg 768w, https:\/\/costablanca-magazin.com\/wp-content\/uploads\/2025\/02\/Lulea-Beniarbeig-3-1536x886.jpg 1536w, https:\/\/costablanca-magazin.com\/wp-content\/uploads\/2025\/02\/Lulea-Beniarbeig-3.jpg 1599w\" sizes=\"(max-width: 300px) 100vw, 300px\" \/><\/div><\/a>\n\t\t\t\t<div class=\"elementor-post__badge\">Restaurante<\/div>\n\t\t\t\t<div class=\"elementor-post__text\">\n\t\t\t\t<h2 class=\"elementor-post__title\">\n\t\t\t<a href=\"https:\/\/costablanca-magazin.com\/es\/kulinarisches\/restaurant\/vegetarische-kueche-im-lulea-beniarbeig-nicht-immer-fleisch\/\" >\n\t\t\t\tNo siempre carne: cocina vegetariana en Lule\u00e5 Beniarbeig\t\t\t<\/a>\n\t\t<\/h2>\n\t\t\t\t<\/div>\n\t\t\t\t\t<\/div>\n\t\t<\/article>\n\t\t\t\t<article class=\"elementor-post elementor-grid-item post-4126 post type-post status-publish format-standard has-post-thumbnail hentry category-restaurant tag-costa-blanca-gastronomie tag-de-lab-beach-lounge-albir tag-fusion-kueche-costa-blanca tag-gastro-albir tag-restaurant-costa-blanca\" role=\"listitem\">\n\t\t\t<div class=\"elementor-post__card\">\n\t\t\t\t<a class=\"elementor-post__thumbnail__link\" href=\"https:\/\/costablanca-magazin.com\/es\/kulinarisches\/restaurant\/de-lab-beach-lounge-albir-kulinarik-mit-blick-aufs-meer\/\" tabindex=\"-1\" ><div class=\"elementor-post__thumbnail\"><img loading=\"lazy\" decoding=\"async\" width=\"240\" height=\"300\" src=\"https:\/\/costablanca-magazin.com\/wp-content\/uploads\/2025\/01\/DeLab-Beachbar-18-240x300.jpg\" class=\"attachment-medium size-medium wp-image-4164\" alt=\"De Lab Beach Lounge: gastronom\u00eda con vistas al mar 30\" srcset=\"https:\/\/costablanca-magazin.com\/wp-content\/uploads\/2025\/01\/DeLab-Beachbar-18-240x300.jpg 240w, https:\/\/costablanca-magazin.com\/wp-content\/uploads\/2025\/01\/DeLab-Beachbar-18-819x1024.jpg 819w, https:\/\/costablanca-magazin.com\/wp-content\/uploads\/2025\/01\/DeLab-Beachbar-18-768x961.jpg 768w, https:\/\/costablanca-magazin.com\/wp-content\/uploads\/2025\/01\/DeLab-Beachbar-18-1228x1536.jpg 1228w, https:\/\/costablanca-magazin.com\/wp-content\/uploads\/2025\/01\/DeLab-Beachbar-18-1638x2048.jpg 1638w, https:\/\/costablanca-magazin.com\/wp-content\/uploads\/2025\/01\/DeLab-Beachbar-18.jpg 1895w\" sizes=\"(max-width: 240px) 100vw, 240px\" \/><\/div><\/a>\n\t\t\t\t<div class=\"elementor-post__badge\">Restaurante<\/div>\n\t\t\t\t<div class=\"elementor-post__text\">\n\t\t\t\t<h2 class=\"elementor-post__title\">\n\t\t\t<a href=\"https:\/\/costablanca-magazin.com\/es\/kulinarisches\/restaurant\/de-lab-beach-lounge-albir-kulinarik-mit-blick-aufs-meer\/\" >\n\t\t\t\tDe Lab Beach Lounge Albir - Delicias culinarias con vistas al mar\t\t\t<\/a>\n\t\t<\/h2>\n\t\t\t\t<\/div>\n\t\t\t\t\t<\/div>\n\t\t<\/article>\n\t\t\t\t<article class=\"elementor-post elementor-grid-item post-3702 post type-post status-publish format-standard has-post-thumbnail hentry category-spezialitaeten-rezepte tag-costa-blanca tag-rezept-roscon tag-roscon-de-reyes-rezept tag-spanische-spezialitaet-rezept\" role=\"listitem\">\n\t\t\t<div class=\"elementor-post__card\">\n\t\t\t\t<a class=\"elementor-post__thumbnail__link\" href=\"https:\/\/costablanca-magazin.com\/es\/kulinarisches\/spezialitaeten-rezepte\/voller-traditionen-roscon-de-reyes-der-suesse-koenigskranz\/\" tabindex=\"-1\" ><div class=\"elementor-post__thumbnail\"><img loading=\"lazy\" decoding=\"async\" width=\"300\" height=\"200\" src=\"https:\/\/costablanca-magazin.com\/wp-content\/uploads\/2024\/12\/traditional-spanish-epiphany-cake-roscon-de-reyes-2024-10-17-04-47-06-utc-300x200.jpg\" class=\"attachment-medium size-medium wp-image-3703\" alt=\"Rosc\u00f3n de Reyes: la dulce corona de los Reyes Magos\" srcset=\"https:\/\/costablanca-magazin.com\/wp-content\/uploads\/2024\/12\/traditional-spanish-epiphany-cake-roscon-de-reyes-2024-10-17-04-47-06-utc-300x200.jpg 300w, https:\/\/costablanca-magazin.com\/wp-content\/uploads\/2024\/12\/traditional-spanish-epiphany-cake-roscon-de-reyes-2024-10-17-04-47-06-utc-1024x683.jpg 1024w, https:\/\/costablanca-magazin.com\/wp-content\/uploads\/2024\/12\/traditional-spanish-epiphany-cake-roscon-de-reyes-2024-10-17-04-47-06-utc-768x512.jpg 768w, https:\/\/costablanca-magazin.com\/wp-content\/uploads\/2024\/12\/traditional-spanish-epiphany-cake-roscon-de-reyes-2024-10-17-04-47-06-utc-1536x1024.jpg 1536w, https:\/\/costablanca-magazin.com\/wp-content\/uploads\/2024\/12\/traditional-spanish-epiphany-cake-roscon-de-reyes-2024-10-17-04-47-06-utc-2048x1365.jpg 2048w\" sizes=\"(max-width: 300px) 100vw, 300px\" \/><\/div><\/a>\n\t\t\t\t<div class=\"elementor-post__badge\">Especialidades y recetas<\/div>\n\t\t\t\t<div class=\"elementor-post__text\">\n\t\t\t\t<h2 class=\"elementor-post__title\">\n\t\t\t<a href=\"https:\/\/costablanca-magazin.com\/es\/kulinarisches\/spezialitaeten-rezepte\/voller-traditionen-roscon-de-reyes-der-suesse-koenigskranz\/\" >\n\t\t\t\tLleno de tradici\u00f3n - Rosc\u00f3n de Reyes la dulce corona real\t\t\t<\/a>\n\t\t<\/h2>\n\t\t\t\t<\/div>\n\t\t\t\t\t<\/div>\n\t\t<\/article>\n\t\t\t\t<article class=\"elementor-post elementor-grid-item post-3598 post type-post status-publish format-standard has-post-thumbnail hentry category-spezialitaeten-rezepte tag-costa-blanca tag-weihnachten-costa-blanca tag-weinachtrezepte-spanien\" role=\"listitem\">\n\t\t\t<div class=\"elementor-post__card\">\n\t\t\t\t<a class=\"elementor-post__thumbnail__link\" href=\"https:\/\/costablanca-magazin.com\/es\/kulinarisches\/spezialitaeten-rezepte\/weihnachtsgenuss-costa-blanca-suessen-klassiker-und-festtagsgerichten\/\" tabindex=\"-1\" ><div class=\"elementor-post__thumbnail\"><img loading=\"lazy\" decoding=\"async\" width=\"300\" height=\"143\" src=\"https:\/\/costablanca-magazin.com\/wp-content\/uploads\/2024\/12\/flat-lay-of-festive-christmas-table-setting-and-ce-2024-10-18-05-36-08-utc-300x143.jpg\" class=\"attachment-medium size-medium wp-image-3684\" alt=\"Disfrute navide\u00f1o en la Costa Blanca 1\" srcset=\"https:\/\/costablanca-magazin.com\/wp-content\/uploads\/2024\/12\/flat-lay-of-festive-christmas-table-setting-and-ce-2024-10-18-05-36-08-utc-300x143.jpg 300w, https:\/\/costablanca-magazin.com\/wp-content\/uploads\/2024\/12\/flat-lay-of-festive-christmas-table-setting-and-ce-2024-10-18-05-36-08-utc-1024x489.jpg 1024w, https:\/\/costablanca-magazin.com\/wp-content\/uploads\/2024\/12\/flat-lay-of-festive-christmas-table-setting-and-ce-2024-10-18-05-36-08-utc-768x367.jpg 768w, https:\/\/costablanca-magazin.com\/wp-content\/uploads\/2024\/12\/flat-lay-of-festive-christmas-table-setting-and-ce-2024-10-18-05-36-08-utc-1536x734.jpg 1536w, https:\/\/costablanca-magazin.com\/wp-content\/uploads\/2024\/12\/flat-lay-of-festive-christmas-table-setting-and-ce-2024-10-18-05-36-08-utc-2048x979.jpg 2048w\" sizes=\"(max-width: 300px) 100vw, 300px\" \/><\/div><\/a>\n\t\t\t\t<div class=\"elementor-post__badge\">Especialidades y recetas<\/div>\n\t\t\t\t<div class=\"elementor-post__text\">\n\t\t\t\t<h2 class=\"elementor-post__title\">\n\t\t\t<a href=\"https:\/\/costablanca-magazin.com\/es\/kulinarisches\/spezialitaeten-rezepte\/weihnachtsgenuss-costa-blanca-suessen-klassiker-und-festtagsgerichten\/\" >\n\t\t\t\tDelicias navide\u00f1as Costa Blanca - cl\u00e1sicos dulces y platos festivos\t\t\t<\/a>\n\t\t<\/h2>\n\t\t\t\t<\/div>\n\t\t\t\t\t<\/div>\n\t\t<\/article>\n\t\t\t\t<article class=\"elementor-post elementor-grid-item post-3597 post type-post status-publish format-standard has-post-thumbnail hentry category-restaurant tag-ausgehen-altea tag-hollywood-thema-restaurant-costa-blanca tag-restaurant-altea tag-restaurant-costa-blanca\" role=\"listitem\">\n\t\t\t<div class=\"elementor-post__card\">\n\t\t\t\t<a class=\"elementor-post__thumbnail__link\" href=\"https:\/\/costablanca-magazin.com\/es\/kulinarisches\/restaurant\/oustau-de-altea-die-kunst-genuss-und-kino-zu-verbinden\/\" tabindex=\"-1\" ><div class=\"elementor-post__thumbnail\"><img loading=\"lazy\" decoding=\"async\" width=\"300\" height=\"300\" src=\"https:\/\/costablanca-magazin.com\/wp-content\/uploads\/2024\/12\/Oustau-de-Altea-facebook-14-300x300.jpg\" class=\"attachment-medium size-medium wp-image-3650\" alt=\"Oustau de Altea: el arte de combinar placer y cine 24\" srcset=\"https:\/\/costablanca-magazin.com\/wp-content\/uploads\/2024\/12\/Oustau-de-Altea-facebook-14-300x300.jpg 300w, https:\/\/costablanca-magazin.com\/wp-content\/uploads\/2024\/12\/Oustau-de-Altea-facebook-14-1024x1024.jpg 1024w, https:\/\/costablanca-magazin.com\/wp-content\/uploads\/2024\/12\/Oustau-de-Altea-facebook-14-150x150.jpg 150w, https:\/\/costablanca-magazin.com\/wp-content\/uploads\/2024\/12\/Oustau-de-Altea-facebook-14-768x768.jpg 768w, https:\/\/costablanca-magazin.com\/wp-content\/uploads\/2024\/12\/Oustau-de-Altea-facebook-14.jpg 1440w\" sizes=\"(max-width: 300px) 100vw, 300px\" \/><\/div><\/a>\n\t\t\t\t<div class=\"elementor-post__badge\">Restaurante<\/div>\n\t\t\t\t<div class=\"elementor-post__text\">\n\t\t\t\t<h2 class=\"elementor-post__title\">\n\t\t\t<a href=\"https:\/\/costablanca-magazin.com\/es\/kulinarisches\/restaurant\/oustau-de-altea-die-kunst-genuss-und-kino-zu-verbinden\/\" >\n\t\t\t\tOustau de Altea - El arte de combinar placer y cine\t\t\t<\/a>\n\t\t<\/h2>\n\t\t\t\t<\/div>\n\t\t\t\t\t<\/div>\n\t\t<\/article>\n\t\t\t\t<article class=\"elementor-post elementor-grid-item post-3458 post type-post status-publish format-standard has-post-thumbnail hentry category-restaurant tag-bodega-masos-guadelest tag-costa-blanca tag-guadelest-bodega tag-restaurant-tipp-costa-blanca\" role=\"listitem\">\n\t\t\t<div class=\"elementor-post__card\">\n\t\t\t\t<a class=\"elementor-post__thumbnail__link\" href=\"https:\/\/costablanca-magazin.com\/es\/kulinarisches\/restaurant\/gourmet-erlebnis-in-der-bodega-masos-bei-guadalest\/\" tabindex=\"-1\" ><div class=\"elementor-post__thumbnail\"><img loading=\"lazy\" decoding=\"async\" width=\"300\" height=\"144\" src=\"https:\/\/costablanca-magazin.com\/wp-content\/uploads\/2024\/11\/bodega-masos-10-300x144.png\" class=\"attachment-medium size-medium wp-image-3468\" alt=\"Experiencia gastron\u00f3mica en la bodega Masos, cerca de Guadalest 9\" srcset=\"https:\/\/costablanca-magazin.com\/wp-content\/uploads\/2024\/11\/bodega-masos-10-300x144.png 300w, https:\/\/costablanca-magazin.com\/wp-content\/uploads\/2024\/11\/bodega-masos-10.png 624w\" sizes=\"(max-width: 300px) 100vw, 300px\" \/><\/div><\/a>\n\t\t\t\t<div class=\"elementor-post__badge\">Restaurante<\/div>\n\t\t\t\t<div class=\"elementor-post__text\">\n\t\t\t\t<h2 class=\"elementor-post__title\">\n\t\t\t<a href=\"https:\/\/costablanca-magazin.com\/es\/kulinarisches\/restaurant\/gourmet-erlebnis-in-der-bodega-masos-bei-guadalest\/\" >\n\t\t\t\tExperiencia gastron\u00f3mica en la Bodega Masos, cerca de Guadalest\t\t\t<\/a>\n\t\t<\/h2>\n\t\t\t\t<\/div>\n\t\t\t\t\t<\/div>\n\t\t<\/article>\n\t\t\t\t<article class=\"elementor-post elementor-grid-item post-3415 post type-post status-publish format-standard has-post-thumbnail hentry category-restaurant tag-ausgewaehlte tag-exzellenz tag-kulinarische tag-region tag-sternerestaurants\" role=\"listitem\">\n\t\t\t<div class=\"elementor-post__card\">\n\t\t\t\t<a class=\"elementor-post__thumbnail__link\" href=\"https:\/\/costablanca-magazin.com\/es\/kulinarisches\/restaurant\/ausgewaehlte-sternerestaurants-der-region-kulinarische-exzellenz\/\" tabindex=\"-1\" ><div class=\"elementor-post__thumbnail\"><img loading=\"lazy\" decoding=\"async\" width=\"300\" height=\"199\" src=\"https:\/\/costablanca-magazin.com\/wp-content\/uploads\/2024\/11\/luxury-restaurant-set-2024-10-20-01-25-35-utc-300x199.jpg\" class=\"attachment-medium size-medium wp-image-3423\" alt=\"Restaurantes con estrellas Michelin seleccionados de la regi\u00f3n\" srcset=\"https:\/\/costablanca-magazin.com\/wp-content\/uploads\/2024\/11\/luxury-restaurant-set-2024-10-20-01-25-35-utc-300x199.jpg 300w, https:\/\/costablanca-magazin.com\/wp-content\/uploads\/2024\/11\/luxury-restaurant-set-2024-10-20-01-25-35-utc-1024x678.jpg 1024w, https:\/\/costablanca-magazin.com\/wp-content\/uploads\/2024\/11\/luxury-restaurant-set-2024-10-20-01-25-35-utc-768x509.jpg 768w, https:\/\/costablanca-magazin.com\/wp-content\/uploads\/2024\/11\/luxury-restaurant-set-2024-10-20-01-25-35-utc-1536x1017.jpg 1536w, https:\/\/costablanca-magazin.com\/wp-content\/uploads\/2024\/11\/luxury-restaurant-set-2024-10-20-01-25-35-utc-2048x1356.jpg 2048w\" sizes=\"(max-width: 300px) 100vw, 300px\" \/><\/div><\/a>\n\t\t\t\t<div class=\"elementor-post__badge\">Restaurante<\/div>\n\t\t\t\t<div class=\"elementor-post__text\">\n\t\t\t\t<h2 class=\"elementor-post__title\">\n\t\t\t<a href=\"https:\/\/costablanca-magazin.com\/es\/kulinarisches\/restaurant\/ausgewaehlte-sternerestaurants-der-region-kulinarische-exzellenz\/\" >\n\t\t\t\tRestaurantes de la regi\u00f3n seleccionados con estrellas Michelin: excelencia culinaria\t\t\t<\/a>\n\t\t<\/h2>\n\t\t\t\t<\/div>\n\t\t\t\t\t<\/div>\n\t\t<\/article>\n\t\t\t\t<article class=\"elementor-post elementor-grid-item post-3408 post type-post status-publish format-standard has-post-thumbnail hentry category-spezialitaeten-rezepte tag-costa-blanca-2 tag-geschmack tag-klassische tag-kueche tag-tradition\" role=\"listitem\">\n\t\t\t<div class=\"elementor-post__card\">\n\t\t\t\t<a class=\"elementor-post__thumbnail__link\" href=\"https:\/\/costablanca-magazin.com\/es\/kulinarisches\/spezialitaeten-rezepte\/tradition-und-geschmack-die-klassische-kueche-der-costa-blanca\/\" tabindex=\"-1\" ><div class=\"elementor-post__thumbnail\"><img loading=\"lazy\" decoding=\"async\" width=\"300\" height=\"200\" src=\"https:\/\/costablanca-magazin.com\/wp-content\/uploads\/2024\/11\/spanish-tapas-small-meatballs-salted-cod-paprik-2023-11-27-05-07-47-utc-300x200.jpg\" class=\"attachment-medium size-medium wp-image-3381\" alt=\"Tradici\u00f3n y sabor: la cocina cl\u00e1sica de la Marina Alta y la Marina Baixa\" srcset=\"https:\/\/costablanca-magazin.com\/wp-content\/uploads\/2024\/11\/spanish-tapas-small-meatballs-salted-cod-paprik-2023-11-27-05-07-47-utc-300x200.jpg 300w, https:\/\/costablanca-magazin.com\/wp-content\/uploads\/2024\/11\/spanish-tapas-small-meatballs-salted-cod-paprik-2023-11-27-05-07-47-utc-1024x683.jpg 1024w, https:\/\/costablanca-magazin.com\/wp-content\/uploads\/2024\/11\/spanish-tapas-small-meatballs-salted-cod-paprik-2023-11-27-05-07-47-utc-768x512.jpg 768w, https:\/\/costablanca-magazin.com\/wp-content\/uploads\/2024\/11\/spanish-tapas-small-meatballs-salted-cod-paprik-2023-11-27-05-07-47-utc-1536x1024.jpg 1536w, https:\/\/costablanca-magazin.com\/wp-content\/uploads\/2024\/11\/spanish-tapas-small-meatballs-salted-cod-paprik-2023-11-27-05-07-47-utc-2048x1365.jpg 2048w\" sizes=\"(max-width: 300px) 100vw, 300px\" \/><\/div><\/a>\n\t\t\t\t<div class=\"elementor-post__badge\">Especialidades y recetas<\/div>\n\t\t\t\t<div class=\"elementor-post__text\">\n\t\t\t\t<h2 class=\"elementor-post__title\">\n\t\t\t<a href=\"https:\/\/costablanca-magazin.com\/es\/kulinarisches\/spezialitaeten-rezepte\/tradition-und-geschmack-die-klassische-kueche-der-costa-blanca\/\" >\n\t\t\t\tTradici\u00f3n y sabor: la cocina cl\u00e1sica de la Costa Blanca\t\t\t<\/a>\n\t\t<\/h2>\n\t\t\t\t<\/div>\n\t\t\t\t\t<\/div>\n\t\t<\/article>\n\t\t\t\t<article class=\"elementor-post elementor-grid-item post-3330 post type-post status-publish format-standard has-post-thumbnail hentry category-restaurant tag-costa-blanca-2 tag-exzellenz tag-kulinarische tag-sternekueche\" role=\"listitem\">\n\t\t\t<div class=\"elementor-post__card\">\n\t\t\t\t<a class=\"elementor-post__thumbnail__link\" href=\"https:\/\/costablanca-magazin.com\/es\/kulinarisches\/restaurant\/costa-blanca-kulinarisches-paradies-jede-mahlzeit-ist-ein-erlebnis\/\" tabindex=\"-1\" ><div class=\"elementor-post__thumbnail\"><img loading=\"lazy\" decoding=\"async\" width=\"300\" height=\"200\" src=\"https:\/\/costablanca-magazin.com\/wp-content\/uploads\/2024\/11\/good-food-and-good-friends-2023-11-27-05-07-54-utc-300x200.jpg\" class=\"attachment-medium size-medium wp-image-3387\" alt=\"Cocina con estrellas: excelencia culinaria en la Costa Blanca 2\" srcset=\"https:\/\/costablanca-magazin.com\/wp-content\/uploads\/2024\/11\/good-food-and-good-friends-2023-11-27-05-07-54-utc-300x200.jpg 300w, https:\/\/costablanca-magazin.com\/wp-content\/uploads\/2024\/11\/good-food-and-good-friends-2023-11-27-05-07-54-utc-1024x681.jpg 1024w, https:\/\/costablanca-magazin.com\/wp-content\/uploads\/2024\/11\/good-food-and-good-friends-2023-11-27-05-07-54-utc-768x511.jpg 768w, https:\/\/costablanca-magazin.com\/wp-content\/uploads\/2024\/11\/good-food-and-good-friends-2023-11-27-05-07-54-utc-1536x1022.jpg 1536w, https:\/\/costablanca-magazin.com\/wp-content\/uploads\/2024\/11\/good-food-and-good-friends-2023-11-27-05-07-54-utc-2048x1363.jpg 2048w\" sizes=\"(max-width: 300px) 100vw, 300px\" \/><\/div><\/a>\n\t\t\t\t<div class=\"elementor-post__badge\">Restaurante<\/div>\n\t\t\t\t<div class=\"elementor-post__text\">\n\t\t\t\t<h2 class=\"elementor-post__title\">\n\t\t\t<a href=\"https:\/\/costablanca-magazin.com\/es\/kulinarisches\/restaurant\/costa-blanca-kulinarisches-paradies-jede-mahlzeit-ist-ein-erlebnis\/\" >\n\t\t\t\tCocina de estrellas - Excelencia culinaria en la Costa Blanca\t\t\t<\/a>\n\t\t<\/h2>\n\t\t\t\t<\/div>\n\t\t\t\t\t<\/div>\n\t\t<\/article>\n\t\t\t\t<article class=\"elementor-post elementor-grid-item post-3388 post type-post status-publish format-standard has-post-thumbnail hentry category-spezialitaeten-rezepte tag-gastronomie-costablanca tag-gastronomie-und-kueche-der-costablanca tag-kulinarik\" role=\"listitem\">\n\t\t\t<div class=\"elementor-post__card\">\n\t\t\t\t<a class=\"elementor-post__thumbnail__link\" href=\"https:\/\/costablanca-magazin.com\/es\/kulinarisches\/spezialitaeten-rezepte\/kulinarisches-paradies-costa-blanca-wo-jede-mahlzeitein-erlebnis-ist\/\" tabindex=\"-1\" ><div class=\"elementor-post__thumbnail\"><img loading=\"lazy\" decoding=\"async\" width=\"300\" height=\"200\" src=\"https:\/\/costablanca-magazin.com\/wp-content\/uploads\/2024\/11\/group-of-young-friends-meeting-for-drinks-and-food-2024-10-19-13-32-29-utc-300x200.jpg\" class=\"attachment-medium size-medium wp-image-3331\" alt=\"El para\u00edso culinario de la Costa Blanca: donde cada comida es una experiencia \u00fanica\" srcset=\"https:\/\/costablanca-magazin.com\/wp-content\/uploads\/2024\/11\/group-of-young-friends-meeting-for-drinks-and-food-2024-10-19-13-32-29-utc-300x200.jpg 300w, https:\/\/costablanca-magazin.com\/wp-content\/uploads\/2024\/11\/group-of-young-friends-meeting-for-drinks-and-food-2024-10-19-13-32-29-utc-1024x683.jpg 1024w, https:\/\/costablanca-magazin.com\/wp-content\/uploads\/2024\/11\/group-of-young-friends-meeting-for-drinks-and-food-2024-10-19-13-32-29-utc-768x512.jpg 768w, https:\/\/costablanca-magazin.com\/wp-content\/uploads\/2024\/11\/group-of-young-friends-meeting-for-drinks-and-food-2024-10-19-13-32-29-utc-1536x1024.jpg 1536w, https:\/\/costablanca-magazin.com\/wp-content\/uploads\/2024\/11\/group-of-young-friends-meeting-for-drinks-and-food-2024-10-19-13-32-29-utc-2048x1365.jpg 2048w\" sizes=\"(max-width: 300px) 100vw, 300px\" \/><\/div><\/a>\n\t\t\t\t<div class=\"elementor-post__badge\">Especialidades y recetas<\/div>\n\t\t\t\t<div class=\"elementor-post__text\">\n\t\t\t\t<h2 class=\"elementor-post__title\">\n\t\t\t<a href=\"https:\/\/costablanca-magazin.com\/es\/kulinarisches\/spezialitaeten-rezepte\/kulinarisches-paradies-costa-blanca-wo-jede-mahlzeitein-erlebnis-ist\/\" >\n\t\t\t\tPara\u00edso culinario Costa Blanca - Donde cada comida es una experiencia\t\t\t<\/a>\n\t\t<\/h2>\n\t\t\t\t<\/div>\n\t\t\t\t\t<\/div>\n\t\t<\/article>\n\t\t\t\t<article class=\"elementor-post elementor-grid-item post-3264 post type-post status-publish format-standard has-post-thumbnail hentry category-spezialitaeten-rezepte tag-bodega-costablanca tag-wein-marina-alta tag-wein-matina-baixa tag-weinanbaugebiet-costablanca tag-weingueter-costablanca\" role=\"listitem\">\n\t\t\t<div class=\"elementor-post__card\">\n\t\t\t\t<a class=\"elementor-post__thumbnail__link\" href=\"https:\/\/costablanca-magazin.com\/es\/kulinarisches\/spezialitaeten-rezepte\/geschmackvolle-tour-weinvielfalt-der-marina-baixa-und-marina-alta\/\" tabindex=\"-1\" ><div class=\"elementor-post__thumbnail\"><img loading=\"lazy\" decoding=\"async\" width=\"200\" height=\"300\" src=\"https:\/\/costablanca-magazin.com\/wp-content\/uploads\/2024\/11\/red-and-white-wine-bottles-and-grapes-on-wine-barr-2023-11-27-05-34-40-utc-200x300.jpg\" class=\"attachment-medium size-medium wp-image-3286\" alt=\"Recorrido gastron\u00f3mico por la variedad vin\u00edcola de la Marina Baixa y la Marina Alta\" srcset=\"https:\/\/costablanca-magazin.com\/wp-content\/uploads\/2024\/11\/red-and-white-wine-bottles-and-grapes-on-wine-barr-2023-11-27-05-34-40-utc-200x300.jpg 200w, https:\/\/costablanca-magazin.com\/wp-content\/uploads\/2024\/11\/red-and-white-wine-bottles-and-grapes-on-wine-barr-2023-11-27-05-34-40-utc-683x1024.jpg 683w, https:\/\/costablanca-magazin.com\/wp-content\/uploads\/2024\/11\/red-and-white-wine-bottles-and-grapes-on-wine-barr-2023-11-27-05-34-40-utc-768x1152.jpg 768w, https:\/\/costablanca-magazin.com\/wp-content\/uploads\/2024\/11\/red-and-white-wine-bottles-and-grapes-on-wine-barr-2023-11-27-05-34-40-utc-1024x1536.jpg 1024w, https:\/\/costablanca-magazin.com\/wp-content\/uploads\/2024\/11\/red-and-white-wine-bottles-and-grapes-on-wine-barr-2023-11-27-05-34-40-utc-1365x2048.jpg 1365w, https:\/\/costablanca-magazin.com\/wp-content\/uploads\/2024\/11\/red-and-white-wine-bottles-and-grapes-on-wine-barr-2023-11-27-05-34-40-utc-scaled.jpg 1707w\" sizes=\"(max-width: 200px) 100vw, 200px\" \/><\/div><\/a>\n\t\t\t\t<div class=\"elementor-post__badge\">Especialidades y recetas<\/div>\n\t\t\t\t<div class=\"elementor-post__text\">\n\t\t\t\t<h2 class=\"elementor-post__title\">\n\t\t\t<a href=\"https:\/\/costablanca-magazin.com\/es\/kulinarisches\/spezialitaeten-rezepte\/geschmackvolle-tour-weinvielfalt-der-marina-baixa-und-marina-alta\/\" >\n\t\t\t\tRuta de los sabores - diversidad vin\u00edcola de la Marina Baixa y la Marina Alta\t\t\t<\/a>\n\t\t<\/h2>\n\t\t\t\t<\/div>\n\t\t\t\t\t<\/div>\n\t\t<\/article>\n\t\t\t\t<article class=\"elementor-post elementor-grid-item post-2747 post type-post status-publish format-standard has-post-thumbnail hentry category-spezialitaeten-rezepte tag-agua-de-valencia-rezept tag-cbm tag-costa-blanca-magazin tag-costa-blanca tag-marina-alta tag-marina-baixa tag-rezepte-valencia tag-traditioneller-cocktail tag-valencianisches-getraenk\" role=\"listitem\">\n\t\t\t<div class=\"elementor-post__card\">\n\t\t\t\t<a class=\"elementor-post__thumbnail__link\" href=\"https:\/\/costablanca-magazin.com\/es\/kulinarisches\/spezialitaeten-rezepte\/erfrischend-lecker-das-stueck-geschichte-im-glas-aqua-de-valencia\/\" tabindex=\"-1\" ><div class=\"elementor-post__thumbnail\"><img loading=\"lazy\" decoding=\"async\" width=\"200\" height=\"300\" src=\"https:\/\/costablanca-magazin.com\/wp-content\/uploads\/2024\/10\/cocktail-with-orange-2023-11-27-05-31-22-utc-scaled-1-200x300.jpg\" class=\"attachment-medium size-medium wp-image-2748\" alt=\"Refrescantemente delicioso: Aqua de Valencia\" srcset=\"https:\/\/costablanca-magazin.com\/wp-content\/uploads\/2024\/10\/cocktail-with-orange-2023-11-27-05-31-22-utc-scaled-1-200x300.jpg 200w, https:\/\/costablanca-magazin.com\/wp-content\/uploads\/2024\/10\/cocktail-with-orange-2023-11-27-05-31-22-utc-scaled-1-683x1024.jpg 683w, https:\/\/costablanca-magazin.com\/wp-content\/uploads\/2024\/10\/cocktail-with-orange-2023-11-27-05-31-22-utc-scaled-1-768x1152.jpg 768w, https:\/\/costablanca-magazin.com\/wp-content\/uploads\/2024\/10\/cocktail-with-orange-2023-11-27-05-31-22-utc-scaled-1-1024x1536.jpg 1024w, https:\/\/costablanca-magazin.com\/wp-content\/uploads\/2024\/10\/cocktail-with-orange-2023-11-27-05-31-22-utc-scaled-1-1366x2048.jpg 1366w, https:\/\/costablanca-magazin.com\/wp-content\/uploads\/2024\/10\/cocktail-with-orange-2023-11-27-05-31-22-utc-scaled-1.jpg 1707w\" sizes=\"(max-width: 200px) 100vw, 200px\" \/><\/div><\/a>\n\t\t\t\t<div class=\"elementor-post__badge\">Especialidades y recetas<\/div>\n\t\t\t\t<div class=\"elementor-post__text\">\n\t\t\t\t<h2 class=\"elementor-post__title\">\n\t\t\t<a href=\"https:\/\/costablanca-magazin.com\/es\/kulinarisches\/spezialitaeten-rezepte\/erfrischend-lecker-das-stueck-geschichte-im-glas-aqua-de-valencia\/\" >\n\t\t\t\tUn refrescante y delicioso trozo de historia en un vaso - Aqua de Valencia\t\t\t<\/a>\n\t\t<\/h2>\n\t\t\t\t<\/div>\n\t\t\t\t\t<\/div>\n\t\t<\/article>\n\t\t\t\t<article class=\"elementor-post elementor-grid-item post-2335 post type-post status-publish format-standard has-post-thumbnail hentry category-spezialitaeten-rezepte tag-costa-blanca tag-marina-alta tag-marina-baja tag-moscatel tag-moscatel-costa-blanca tag-wein-an-der-costa-blanca tag-wein-an-der-marina-alta tag-wein-an-der-marina-baja tag-weinbau\" role=\"listitem\">\n\t\t\t<div class=\"elementor-post__card\">\n\t\t\t\t<a class=\"elementor-post__thumbnail__link\" href=\"https:\/\/costablanca-magazin.com\/es\/kulinarisches\/spezialitaeten-rezepte\/moscatel-aus-der-marina-alta-und-marina-baja-ein-besonderer-wein\/\" tabindex=\"-1\" ><div class=\"elementor-post__thumbnail\"><img loading=\"lazy\" decoding=\"async\" width=\"225\" height=\"300\" src=\"https:\/\/costablanca-magazin.com\/wp-content\/uploads\/2024\/09\/Bodegas-Teulada-8-225x300.jpg\" class=\"attachment-medium size-medium wp-image-2338\" alt=\"Uva moscatel\" srcset=\"https:\/\/costablanca-magazin.com\/wp-content\/uploads\/2024\/09\/Bodegas-Teulada-8-225x300.jpg 225w, https:\/\/costablanca-magazin.com\/wp-content\/uploads\/2024\/09\/Bodegas-Teulada-8-768x1024.jpg 768w, https:\/\/costablanca-magazin.com\/wp-content\/uploads\/2024\/09\/Bodegas-Teulada-8-1152x1536.jpg 1152w, https:\/\/costablanca-magazin.com\/wp-content\/uploads\/2024\/09\/Bodegas-Teulada-8-1536x2048.jpg 1536w, https:\/\/costablanca-magazin.com\/wp-content\/uploads\/2024\/09\/Bodegas-Teulada-8-scaled.jpg 1920w\" sizes=\"(max-width: 225px) 100vw, 225px\" \/><\/div><\/a>\n\t\t\t\t<div class=\"elementor-post__badge\">Especialidades y recetas<\/div>\n\t\t\t\t<div class=\"elementor-post__text\">\n\t\t\t\t<h2 class=\"elementor-post__title\">\n\t\t\t<a href=\"https:\/\/costablanca-magazin.com\/es\/kulinarisches\/spezialitaeten-rezepte\/moscatel-aus-der-marina-alta-und-marina-baja-ein-besonderer-wein\/\" >\n\t\t\t\tMoscatel de la Marina Alta y Marina Baja - Un vino especial\t\t\t<\/a>\n\t\t<\/h2>\n\t\t\t\t<\/div>\n\t\t\t\t\t<\/div>\n\t\t<\/article>\n\t\t\t\t<article class=\"elementor-post elementor-grid-item post-2366 post type-post status-publish format-standard has-post-thumbnail hentry category-kulinarisches tag-weinsorten-costa-blanca\" role=\"listitem\">\n\t\t\t<div class=\"elementor-post__card\">\n\t\t\t\t<a class=\"elementor-post__thumbnail__link\" href=\"https:\/\/costablanca-magazin.com\/es\/kulinarisches\/die-wichtigsten-traubensorten-und-gebiete-der-region-das-trauben-abc\/\" tabindex=\"-1\" ><div class=\"elementor-post__thumbnail\"><img loading=\"lazy\" decoding=\"async\" width=\"300\" height=\"199\" src=\"https:\/\/costablanca-magazin.com\/wp-content\/uploads\/2024\/09\/bunch-of-grape-2023-11-27-04-56-37-utc-300x199.jpg\" class=\"attachment-medium size-medium wp-image-2367\" alt=\"El peque\u00f1o ABC de las uvas\" srcset=\"https:\/\/costablanca-magazin.com\/wp-content\/uploads\/2024\/09\/bunch-of-grape-2023-11-27-04-56-37-utc-300x199.jpg 300w, https:\/\/costablanca-magazin.com\/wp-content\/uploads\/2024\/09\/bunch-of-grape-2023-11-27-04-56-37-utc-1024x679.jpg 1024w, https:\/\/costablanca-magazin.com\/wp-content\/uploads\/2024\/09\/bunch-of-grape-2023-11-27-04-56-37-utc-768x510.jpg 768w, https:\/\/costablanca-magazin.com\/wp-content\/uploads\/2024\/09\/bunch-of-grape-2023-11-27-04-56-37-utc-1536x1019.jpg 1536w, https:\/\/costablanca-magazin.com\/wp-content\/uploads\/2024\/09\/bunch-of-grape-2023-11-27-04-56-37-utc-2048x1359.jpg 2048w\" sizes=\"(max-width: 300px) 100vw, 300px\" \/><\/div><\/a>\n\t\t\t\t<div class=\"elementor-post__badge\">Delicias culinarias<\/div>\n\t\t\t\t<div class=\"elementor-post__text\">\n\t\t\t\t<h2 class=\"elementor-post__title\">\n\t\t\t<a href=\"https:\/\/costablanca-magazin.com\/es\/kulinarisches\/die-wichtigsten-traubensorten-und-gebiete-der-region-das-trauben-abc\/\" >\n\t\t\t\tVariedades de uva y zonas m\u00e1s importantes de la regi\u00f3n - El ABC de la uva\t\t\t<\/a>\n\t\t<\/h2>\n\t\t\t\t<\/div>\n\t\t\t\t\t<\/div>\n\t\t<\/article>\n\t\t\t\t<article class=\"elementor-post elementor-grid-item post-1982 post type-post status-publish format-standard has-post-thumbnail hentry category-restaurant tag-el-rey-altea tag-gastrotipp-altea tag-mexikanisch tag-restaurant-altea\" role=\"listitem\">\n\t\t\t<div class=\"elementor-post__card\">\n\t\t\t\t<a class=\"elementor-post__thumbnail__link\" href=\"https:\/\/costablanca-magazin.com\/es\/kulinarisches\/restaurant\/el-rey-in-alteamexikanisches-flair\/\" tabindex=\"-1\" ><div class=\"elementor-post__thumbnail\"><img loading=\"lazy\" decoding=\"async\" width=\"300\" height=\"225\" src=\"https:\/\/costablanca-magazin.com\/wp-content\/uploads\/2024\/09\/Restaurant-El-Rey-Altea-13-300x225.jpg\" class=\"attachment-medium size-medium wp-image-1983\" alt=\"El Rey en Altea: sabor mexicano\" srcset=\"https:\/\/costablanca-magazin.com\/wp-content\/uploads\/2024\/09\/Restaurant-El-Rey-Altea-13-300x225.jpg 300w, https:\/\/costablanca-magazin.com\/wp-content\/uploads\/2024\/09\/Restaurant-El-Rey-Altea-13-1024x768.jpg 1024w, https:\/\/costablanca-magazin.com\/wp-content\/uploads\/2024\/09\/Restaurant-El-Rey-Altea-13-768x576.jpg 768w, https:\/\/costablanca-magazin.com\/wp-content\/uploads\/2024\/09\/Restaurant-El-Rey-Altea-13-1536x1152.jpg 1536w, https:\/\/costablanca-magazin.com\/wp-content\/uploads\/2024\/09\/Restaurant-El-Rey-Altea-13-2048x1536.jpg 2048w\" sizes=\"(max-width: 300px) 100vw, 300px\" \/><\/div><\/a>\n\t\t\t\t<div class=\"elementor-post__badge\">Restaurante<\/div>\n\t\t\t\t<div class=\"elementor-post__text\">\n\t\t\t\t<h2 class=\"elementor-post__title\">\n\t\t\t<a href=\"https:\/\/costablanca-magazin.com\/es\/kulinarisches\/restaurant\/el-rey-in-alteamexikanisches-flair\/\" >\n\t\t\t\tEl Rey en Altea: sabor mexicano\t\t\t<\/a>\n\t\t<\/h2>\n\t\t\t\t<\/div>\n\t\t\t\t\t<\/div>\n\t\t<\/article>\n\t\t\t\t<article class=\"elementor-post elementor-grid-item post-1802 post type-post status-publish format-standard has-post-thumbnail hentry category-restaurant tag-tapas-costa-blanca tag-tapas-in-der-altstadt-benidorm tag-tapas-restaurants-benidorm\" role=\"listitem\">\n\t\t\t<div class=\"elementor-post__card\">\n\t\t\t\t<a class=\"elementor-post__thumbnail__link\" href=\"https:\/\/costablanca-magazin.com\/es\/kulinarisches\/restaurant\/die-tapas-gasse-von-benidorm-leckere-kleinigkeiten\/\" tabindex=\"-1\" ><div class=\"elementor-post__thumbnail\"><img loading=\"lazy\" decoding=\"async\" width=\"300\" height=\"300\" src=\"https:\/\/costablanca-magazin.com\/wp-content\/uploads\/2024\/08\/Tapas-Benidorm-5-300x300.jpg\" class=\"attachment-medium size-medium wp-image-1803\" alt=\"Calle de las tapas de Benidorm\" srcset=\"https:\/\/costablanca-magazin.com\/wp-content\/uploads\/2024\/08\/Tapas-Benidorm-5-300x300.jpg 300w, https:\/\/costablanca-magazin.com\/wp-content\/uploads\/2024\/08\/Tapas-Benidorm-5-1024x1024.jpg 1024w, https:\/\/costablanca-magazin.com\/wp-content\/uploads\/2024\/08\/Tapas-Benidorm-5-150x150.jpg 150w, https:\/\/costablanca-magazin.com\/wp-content\/uploads\/2024\/08\/Tapas-Benidorm-5-768x768.jpg 768w, https:\/\/costablanca-magazin.com\/wp-content\/uploads\/2024\/08\/Tapas-Benidorm-5.jpg 1200w\" sizes=\"(max-width: 300px) 100vw, 300px\" \/><\/div><\/a>\n\t\t\t\t<div class=\"elementor-post__badge\">Restaurante<\/div>\n\t\t\t\t<div class=\"elementor-post__text\">\n\t\t\t\t<h2 class=\"elementor-post__title\">\n\t\t\t<a href=\"https:\/\/costablanca-magazin.com\/es\/kulinarisches\/restaurant\/die-tapas-gasse-von-benidorm-leckere-kleinigkeiten\/\" >\n\t\t\t\tEl callej\u00f3n de tapas de Benidorm - deliciosos \u201ebocadillos\u201c\t\t\t<\/a>\n\t\t<\/h2>\n\t\t\t\t<\/div>\n\t\t\t\t\t<\/div>\n\t\t<\/article>\n\t\t\t\t<article class=\"elementor-post elementor-grid-item post-1443 post type-post status-publish format-standard has-post-thumbnail hentry category-spezialitaeten-rezepte tag-aqua-de-valencia tag-cocktail-orangensaft tag-cocktail-spanisch tag-rezept-aqua-de-valencia\" role=\"listitem\">\n\t\t\t<div class=\"elementor-post__card\">\n\t\t\t\t<a class=\"elementor-post__thumbnail__link\" href=\"https:\/\/costablanca-magazin.com\/es\/kulinarisches\/spezialitaeten-rezepte\/aqua-de-valencia-ein-erfrischender-klassiker-der-es-in-sich-hat\/\" tabindex=\"-1\" ><div class=\"elementor-post__thumbnail\"><img loading=\"lazy\" decoding=\"async\" width=\"200\" height=\"300\" src=\"https:\/\/costablanca-magazin.com\/wp-content\/uploads\/2024\/06\/cocktail-with-orange-2023-11-27-05-31-22-utc-200x300.jpg\" class=\"attachment-medium size-medium wp-image-1444\" alt=\"Receta de c\u00f3ctel Aqua de Valencia\" srcset=\"https:\/\/costablanca-magazin.com\/wp-content\/uploads\/2024\/06\/cocktail-with-orange-2023-11-27-05-31-22-utc-200x300.jpg 200w, https:\/\/costablanca-magazin.com\/wp-content\/uploads\/2024\/06\/cocktail-with-orange-2023-11-27-05-31-22-utc-683x1024.jpg 683w, https:\/\/costablanca-magazin.com\/wp-content\/uploads\/2024\/06\/cocktail-with-orange-2023-11-27-05-31-22-utc-768x1152.jpg 768w, https:\/\/costablanca-magazin.com\/wp-content\/uploads\/2024\/06\/cocktail-with-orange-2023-11-27-05-31-22-utc-1024x1536.jpg 1024w, https:\/\/costablanca-magazin.com\/wp-content\/uploads\/2024\/06\/cocktail-with-orange-2023-11-27-05-31-22-utc-1365x2048.jpg 1365w, https:\/\/costablanca-magazin.com\/wp-content\/uploads\/2024\/06\/cocktail-with-orange-2023-11-27-05-31-22-utc-scaled.jpg 1707w\" sizes=\"(max-width: 200px) 100vw, 200px\" \/><\/div><\/a>\n\t\t\t\t<div class=\"elementor-post__badge\">Especialidades y recetas<\/div>\n\t\t\t\t<div class=\"elementor-post__text\">\n\t\t\t\t<h2 class=\"elementor-post__title\">\n\t\t\t<a href=\"https:\/\/costablanca-magazin.com\/es\/kulinarisches\/spezialitaeten-rezepte\/aqua-de-valencia-ein-erfrischender-klassiker-der-es-in-sich-hat\/\" >\n\t\t\t\tAqua de Valencia: un cl\u00e1sico refrescante que no pasa desapercibido\t\t\t<\/a>\n\t\t<\/h2>\n\t\t\t\t<\/div>\n\t\t\t\t\t<\/div>\n\t\t<\/article>\n\t\t\t\t<article class=\"elementor-post elementor-grid-item post-1378 post type-post status-publish format-standard has-post-thumbnail hentry category-restaurant tag-brunch-albir tag-fruehstueck-albir tag-restaurant-wanderlust-albir tag-wanderlust-albir\" role=\"listitem\">\n\t\t\t<div class=\"elementor-post__card\">\n\t\t\t\t<a class=\"elementor-post__thumbnail__link\" href=\"https:\/\/costablanca-magazin.com\/es\/kulinarisches\/restaurant\/restaurant-tipp-wanderlust-in-albir\/\" tabindex=\"-1\" ><div class=\"elementor-post__thumbnail\"><img loading=\"lazy\" decoding=\"async\" width=\"300\" height=\"300\" src=\"https:\/\/costablanca-magazin.com\/wp-content\/uploads\/2024\/06\/Wanderlust-Brunch-in-Albir-300x300.jpg\" class=\"attachment-medium size-medium wp-image-1383\" alt=\"Brunch Wanderlust en Albir\" srcset=\"https:\/\/costablanca-magazin.com\/wp-content\/uploads\/2024\/06\/Wanderlust-Brunch-in-Albir-300x300.jpg 300w, https:\/\/costablanca-magazin.com\/wp-content\/uploads\/2024\/06\/Wanderlust-Brunch-in-Albir-1024x1024.jpg 1024w, https:\/\/costablanca-magazin.com\/wp-content\/uploads\/2024\/06\/Wanderlust-Brunch-in-Albir-150x150.jpg 150w, https:\/\/costablanca-magazin.com\/wp-content\/uploads\/2024\/06\/Wanderlust-Brunch-in-Albir-768x768.jpg 768w, https:\/\/costablanca-magazin.com\/wp-content\/uploads\/2024\/06\/Wanderlust-Brunch-in-Albir.jpg 1440w\" sizes=\"(max-width: 300px) 100vw, 300px\" \/><\/div><\/a>\n\t\t\t\t<div class=\"elementor-post__badge\">Restaurante<\/div>\n\t\t\t\t<div class=\"elementor-post__text\">\n\t\t\t\t<h2 class=\"elementor-post__title\">\n\t\t\t<a href=\"https:\/\/costablanca-magazin.com\/es\/kulinarisches\/restaurant\/restaurant-tipp-wanderlust-in-albir\/\" >\n\t\t\t\tRecomendaciones para restaurantes: Wanderlust en Albir\t\t\t<\/a>\n\t\t<\/h2>\n\t\t\t\t<\/div>\n\t\t\t\t\t<\/div>\n\t\t<\/article>\n\t\t\t\t<article class=\"elementor-post elementor-grid-item post-1366 post type-post status-publish format-standard has-post-thumbnail hentry category-spezialitaeten-rezepte tag-albondigas-rezept-zum-nachkochen tag-croquetas-de-pollo-rezept-zum-nachkochen tag-ensaladilla-rusa-rezept-zum-nachkochen tag-tapas-rezepte-zum-nachkochen\" role=\"listitem\">\n\t\t\t<div class=\"elementor-post__card\">\n\t\t\t\t<a class=\"elementor-post__thumbnail__link\" href=\"https:\/\/costablanca-magazin.com\/es\/kulinarisches\/spezialitaeten-rezepte\/tapas-die-grossartigen-haeppchen-einfach-selbst-machen\/\" tabindex=\"-1\" ><div class=\"elementor-post__thumbnail\"><img loading=\"lazy\" decoding=\"async\" width=\"300\" height=\"300\" src=\"https:\/\/costablanca-magazin.com\/wp-content\/uploads\/2024\/06\/20210507_114619-300x300.jpg\" class=\"attachment-medium size-medium wp-image-1367\" alt=\"Tapas espa\u00f1olas para preparar en casa: alb\u00f3ndigas, ensaladilla rusa y croquetas de pollo.\" srcset=\"https:\/\/costablanca-magazin.com\/wp-content\/uploads\/2024\/06\/20210507_114619-300x300.jpg 300w, https:\/\/costablanca-magazin.com\/wp-content\/uploads\/2024\/06\/20210507_114619-1024x1024.jpg 1024w, https:\/\/costablanca-magazin.com\/wp-content\/uploads\/2024\/06\/20210507_114619-150x150.jpg 150w, https:\/\/costablanca-magazin.com\/wp-content\/uploads\/2024\/06\/20210507_114619-768x768.jpg 768w, https:\/\/costablanca-magazin.com\/wp-content\/uploads\/2024\/06\/20210507_114619-1536x1536.jpg 1536w, https:\/\/costablanca-magazin.com\/wp-content\/uploads\/2024\/06\/20210507_114619-2048x2048.jpg 2048w\" sizes=\"(max-width: 300px) 100vw, 300px\" \/><\/div><\/a>\n\t\t\t\t<div class=\"elementor-post__badge\">Especialidades y recetas<\/div>\n\t\t\t\t<div class=\"elementor-post__text\">\n\t\t\t\t<h2 class=\"elementor-post__title\">\n\t\t\t<a href=\"https:\/\/costablanca-magazin.com\/es\/kulinarisches\/spezialitaeten-rezepte\/tapas-die-grossartigen-haeppchen-einfach-selbst-machen\/\" >\n\t\t\t\tTapas: prepare usted mismo los grandes aperitivos\t\t\t<\/a>\n\t\t<\/h2>\n\t\t\t\t<\/div>\n\t\t\t\t\t<\/div>\n\t\t<\/article>\n\t\t\t\t<article class=\"elementor-post elementor-grid-item post-1361 post type-post status-publish format-standard has-post-thumbnail hentry category-restaurant tag-tapas-gasse-in-benidorm tag-tapas-in-der-altstadt-benidorm tag-tapas-restaurants-benidorm\" role=\"listitem\">\n\t\t\t<div class=\"elementor-post__card\">\n\t\t\t\t<a class=\"elementor-post__thumbnail__link\" href=\"https:\/\/costablanca-magazin.com\/es\/kulinarisches\/restaurant\/die-tapas-gasse-in-der-altstadt-von-benidorm-ein-kulinarisches-erlebnis\/\" tabindex=\"-1\" ><div class=\"elementor-post__thumbnail\"><img loading=\"lazy\" decoding=\"async\" width=\"300\" height=\"300\" src=\"https:\/\/costablanca-magazin.com\/wp-content\/uploads\/2022\/09\/costablanca-lifestyle-tapas-benidorm-5-300x300.jpg\" class=\"attachment-medium size-medium wp-image-786\" alt=\"costablanca-estilo de vida-tapas-benidorm 9\" srcset=\"https:\/\/costablanca-magazin.com\/wp-content\/uploads\/2022\/09\/costablanca-lifestyle-tapas-benidorm-5-300x300.jpg 300w, https:\/\/costablanca-magazin.com\/wp-content\/uploads\/2022\/09\/costablanca-lifestyle-tapas-benidorm-5-150x150.jpg 150w, https:\/\/costablanca-magazin.com\/wp-content\/uploads\/2022\/09\/costablanca-lifestyle-tapas-benidorm-5.jpg 600w\" sizes=\"(max-width: 300px) 100vw, 300px\" \/><\/div><\/a>\n\t\t\t\t<div class=\"elementor-post__badge\">Restaurante<\/div>\n\t\t\t\t<div class=\"elementor-post__text\">\n\t\t\t\t<h2 class=\"elementor-post__title\">\n\t\t\t<a href=\"https:\/\/costablanca-magazin.com\/es\/kulinarisches\/restaurant\/die-tapas-gasse-in-der-altstadt-von-benidorm-ein-kulinarisches-erlebnis\/\" >\n\t\t\t\tEl callej\u00f3n de tapas del casco antiguo de Benidorm: una experiencia culinaria\t\t\t<\/a>\n\t\t<\/h2>\n\t\t\t\t<\/div>\n\t\t\t\t\t<\/div>\n\t\t<\/article>\n\t\t\t\t<\/div>\n\t\t\n\t\t\t\t\t\t<\/div>\n\t\t\t\t<\/div>\n\t\t\t\t\t<\/div>\n\t\t\t\t<\/div>\n\t\t\t\t<\/div>","protected":false},"excerpt":{"rendered":"<p>Al hacer clic en \u201eCargar m\u00e1s\u201c, el contenido culinario adicional aparece r\u00e1pidamente y ofrece al usuario una navegaci\u00f3n culinaria fluida, mientras que el dise\u00f1o sigue siendo claro y el tiempo de carga del m\u00ednimo, por lo que la interacci\u00f3n Costa es agradable y la p\u00e1gina Blanca sensible, mientras que la funci\u00f3n de recetas funciona de forma fiable y el desarrollador Local<\/p>","protected":false},"author":1,"featured_media":0,"parent":0,"menu_order":0,"comment_status":"closed","ping_status":"closed","template":"elementor_header_footer","meta":{"om_disable_all_campaigns":false,"_monsterinsights_skip_tracking":false,"_monsterinsights_sitenote_active":false,"_monsterinsights_sitenote_note":"","_monsterinsights_sitenote_category":0,"footnotes":""},"class_list":["post-306","page","type-page","status-publish","hentry"],"aioseo_notices":[],"_links":{"self":[{"href":"https:\/\/costablanca-magazin.com\/es\/wp-json\/wp\/v2\/pages\/306","targetHints":{"allow":["GET"]}}],"collection":[{"href":"https:\/\/costablanca-magazin.com\/es\/wp-json\/wp\/v2\/pages"}],"about":[{"href":"https:\/\/costablanca-magazin.com\/es\/wp-json\/wp\/v2\/types\/page"}],"author":[{"embeddable":true,"href":"https:\/\/costablanca-magazin.com\/es\/wp-json\/wp\/v2\/users\/1"}],"replies":[{"embeddable":true,"href":"https:\/\/costablanca-magazin.com\/es\/wp-json\/wp\/v2\/comments?post=306"}],"version-history":[{"count":14,"href":"https:\/\/costablanca-magazin.com\/es\/wp-json\/wp\/v2\/pages\/306\/revisions"}],"predecessor-version":[{"id":10354,"href":"https:\/\/costablanca-magazin.com\/es\/wp-json\/wp\/v2\/pages\/306\/revisions\/10354"}],"wp:attachment":[{"href":"https:\/\/costablanca-magazin.com\/es\/wp-json\/wp\/v2\/media?parent=306"}],"curies":[{"name":"wp","href":"https:\/\/api.w.org\/{rel}","templated":true}]}}