{"id":10694,"date":"2026-02-10T08:42:25","date_gmt":"2026-02-10T07:42:25","guid":{"rendered":"https:\/\/costablanca-magazin.com\/?page_id=10694"},"modified":"2026-02-10T08:49:33","modified_gmt":"2026-02-10T07:49:33","slug":"el-campello","status":"publish","type":"page","link":"https:\/\/costablanca-magazin.com\/es\/el-campello\/","title":{"rendered":"El Campello"},"content":{"rendered":"<div data-elementor-type=\"wp-page\" data-elementor-id=\"10694\" class=\"elementor elementor-10694\" data-elementor-post-type=\"page\">\n\t\t\t\t<div class=\"elementor-element elementor-element-d21dc61 e-flex e-con-boxed e-con e-parent\" data-id=\"d21dc61\" data-element_type=\"container\" data-e-type=\"container\">\n\t\t\t\t\t<div class=\"e-con-inner\">\n\t\t\t\t<div class=\"elementor-element elementor-element-5af1379 elementor-widget elementor-widget-heading\" data-id=\"5af1379\" data-element_type=\"widget\" data-e-type=\"widget\" data-widget_type=\"heading.default\">\n\t\t\t\t<div class=\"elementor-widget-container\">\n\t\t\t\t\t<h1 class=\"elementor-heading-title elementor-size-default\">El Campello - ciudad costera entre Alicante y Benidorm<\/h1>\t\t\t\t<\/div>\n\t\t\t\t<\/div>\n\t\t\t\t<div class=\"elementor-element elementor-element-93d15f1 elementor-widget elementor-widget-image\" data-id=\"93d15f1\" data-element_type=\"widget\" data-e-type=\"widget\" data-widget_type=\"image.default\">\n\t\t\t\t<div class=\"elementor-widget-container\">\n\t\t\t\t\t\t\t\t\t\t\t\t\t\t\t<img decoding=\"async\" src=\"https:\/\/costablanca-magazin.com\/wp-content\/uploads\/elementor\/thumbs\/CBM-Alicante-Campello-11-scaled-rjc46wgaz1wdjq3ixde7g5by4j7qi2ncizm3ha9e3w.jpg\" title=\"El Campello: localidad costera entre Alicante y Benidorm\" alt=\"El Campello: localidad costera entre Alicante y Benidorm\" loading=\"lazy\" \/>\t\t\t\t\t\t\t\t\t\t\t\t\t\t\t<\/div>\n\t\t\t\t<\/div>\n\t\t\t\t<div class=\"elementor-element elementor-element-72747ec elementor-widget elementor-widget-heading\" data-id=\"72747ec\" data-element_type=\"widget\" data-e-type=\"widget\" data-widget_type=\"heading.default\">\n\t\t\t\t<div class=\"elementor-widget-container\">\n\t\t\t\t\t<h2 class=\"elementor-heading-title elementor-size-default\">El Campello est\u00e1 situado entre Alicante y Benidorm, caracterizado por la Illeta, un centro urbano en funcionamiento y una larga costa. Una visi\u00f3n general compacta<\/h2>\t\t\t\t<\/div>\n\t\t\t\t<\/div>\n\t\t\t\t\t<\/div>\n\t\t\t\t<\/div>\n\t\t<div class=\"elementor-element elementor-element-cd327e7 e-flex e-con-boxed e-con e-parent\" data-id=\"cd327e7\" data-element_type=\"container\" data-e-type=\"container\">\n\t\t\t\t\t<div class=\"e-con-inner\">\n\t\t<div class=\"elementor-element elementor-element-67e81a9 e-con-full e-flex e-con e-child\" data-id=\"67e81a9\" data-element_type=\"container\" data-e-type=\"container\">\n\t\t\t\t<div class=\"elementor-element elementor-element-e049cda elementor-widget elementor-widget-text-editor\" data-id=\"e049cda\" data-element_type=\"widget\" data-e-type=\"widget\" data-widget_type=\"text-editor.default\">\n\t\t\t\t<div class=\"elementor-widget-container\">\n\t\t\t\t\t\t\t\t\t<p>Entre cabos hist\u00f3ricos, barrios consolidados y 23 kil\u00f3metros de costa, El Campello ha encontrado un papel que no es ni ruidoso ni espectacular, pero s\u00ed notablemente estable.<\/p><p>Si caminas por el Paseo Carrer La Mar a primera hora de la ma\u00f1ana, ver\u00e1s el lugar tal y como lo viven los residentes: una vida cotidiana junto al mar en funcionamiento, caracterizada por el movimiento, las rutinas y una tranquila confianza en uno mismo.<\/p><p><strong>En busca de pistas sobre la Illeta<\/strong><\/p><p>Antes de que El Campello obtuviera su independencia a finales del siglo XIX, la zona que rodea el promontorio era conocida como el <em>Illeta dels Banyets<\/em> una encrucijada de culturas mediterr\u00e1neas. La zona arqueol\u00f3gica muestra cuencas romanas, restos de asentamientos \u00edberos y una antigua planta de procesamiento de pescado, un pedazo de historia costera \u00fanico en la Marina Baixa.<\/p><p>A diferencia de muchos yacimientos arqueol\u00f3gicos, la Illeta no parece un museo. Est\u00e1 situado en el centro de la ciudad, a pocos pasos del puerto e integrado en la vida cotidiana. La historia como vecina, no como tel\u00f3n de fondo.<\/p><p><strong>Barrio portuario de tradici\u00f3n obrera<\/strong><\/p><p>El pasado mar\u00edtimo no es un tema de nostalgia. Durante d\u00e9cadas, el peque\u00f1o puerto fue lugar de trabajo, punto de encuentro y centro econ\u00f3mico. Hoy alberga embarcaciones de recreo, escuelas de vela y clubes de remo, pero la ciudad no ha olvidado de qu\u00e9 estaba hecha.<\/p><p>La atalaya <em>Torre de la Illeta<\/em>, construido en el siglo XVI como defensa costera, es un recuerdo de la \u00e9poca en que la vigilancia formaba parte de la vida. Muchas familias del casco antiguo siguen vinculadas a la pesca, ya sea de forma activa, a trav\u00e9s de clubes o de las historias de sus padres y abuelos.<\/p><p><strong>La costa como h\u00e1bitat, no como escenario<\/strong><\/p><p>El Campello no se define por motivos postales individuales, sino por su diversidad.<\/p><ul><li><strong>Playa Muchavista<\/strong> - largo, ancho, ordenado; utilizado por deportistas, viajeros, familias y personas que viven aqu\u00ed todo el a\u00f1o.<\/li><li><strong>Playa Carrer La Mar<\/strong> - tramo urbano cerca del puerto, con una clara estructura de paseo mar\u00edtimo y un ritmo cotidiano que se desarrolla entre caf\u00e9s, peque\u00f1as tiendas y escuelas.<\/li><li><strong>Las peque\u00f1as bah\u00edas al norte de Illeta<\/strong> - rocosos, resguardados, poco agitados; lugares que parecen casi m\u00e1s \u00edntimos en invierno que en verano.<\/li><\/ul><p>La costa forma parte del modo de vida. No es un espect\u00e1culo ni una promesa, sino un espacio que se utiliza.<\/p><p><strong>Un lugar crece - controlado y con los pies en la tierra<\/strong><\/p><p>Alrededor de 29.000 personas viven permanentemente en El Campello. Muchos se desplazan a Alicante, Benidorm, Sant Joan o Mutxamel; otros trabajan en el sector servicios local.<\/p><p>El municipio decidi\u00f3 desde el principio no crecer verticalmente. Zonas residenciales como <em>Muchavista<\/em>, <em>Pueblo Espa\u00f1ol<\/em> o <em>Els Banyets<\/em> consisten en alturas de construcci\u00f3n moderadas, barrios mixtos y ejes de tr\u00e1fico funcionales.<\/p>\t\t\t\t\t\t\t\t<\/div>\n\t\t\t\t<\/div>\n\t\t\t\t<\/div>\n\t\t<div class=\"elementor-element elementor-element-e94e5e4 e-con-full e-flex e-con e-child\" data-id=\"e94e5e4\" data-element_type=\"container\" data-e-type=\"container\">\n\t\t\t\t<div class=\"elementor-element elementor-element-de64b62 elementor-widget__width-initial elementor-widget elementor-widget-gallery\" data-id=\"de64b62\" data-element_type=\"widget\" data-e-type=\"widget\" data-settings=\"{&quot;columns&quot;:1,&quot;gap&quot;:{&quot;unit&quot;:&quot;px&quot;,&quot;size&quot;:2,&quot;sizes&quot;:[]},&quot;aspect_ratio&quot;:&quot;1:1&quot;,&quot;lazyload&quot;:&quot;yes&quot;,&quot;gallery_layout&quot;:&quot;grid&quot;,&quot;columns_tablet&quot;:2,&quot;columns_mobile&quot;:1,&quot;gap_tablet&quot;:{&quot;unit&quot;:&quot;px&quot;,&quot;size&quot;:10,&quot;sizes&quot;:[]},&quot;gap_mobile&quot;:{&quot;unit&quot;:&quot;px&quot;,&quot;size&quot;:10,&quot;sizes&quot;:[]},&quot;link_to&quot;:&quot;file&quot;,&quot;overlay_background&quot;:&quot;yes&quot;,&quot;content_hover_animation&quot;:&quot;fade-in&quot;}\" data-widget_type=\"gallery.default\">\n\t\t\t\t<div class=\"elementor-widget-container\">\n\t\t\t\t\t\t\t<div class=\"elementor-gallery__container\">\n\t\t\t\t\t\t\t<a class=\"e-gallery-item elementor-gallery-item elementor-animated-content\" href=\"https:\/\/costablanca-magazin.com\/wp-content\/uploads\/2026\/02\/CBM-Alicante-Campello-3-scaled.jpg\" data-elementor-open-lightbox=\"yes\" data-elementor-lightbox-slideshow=\"de64b62\" data-elementor-lightbox-title=\"El Campello\" data-elementor-lightbox-description=\"El Campello\" data-e-action-hash=\"#elementor-action%3Aaction%3Dlightbox%26settings%3DeyJpZCI6MTA2MzQsInVybCI6Imh0dHBzOlwvXC9jb3N0YWJsYW5jYS1tYWdhemluLmNvbVwvd3AtY29udGVudFwvdXBsb2Fkc1wvMjAyNlwvMDJcL0NCTS1BbGljYW50ZS1DYW1wZWxsby0zLXNjYWxlZC5qcGciLCJzbGlkZXNob3ciOiJkZTY0YjYyIn0%3D\">\n\t\t\t\t\t<div class=\"e-gallery-image elementor-gallery-item__image\" data-thumbnail=\"https:\/\/costablanca-magazin.com\/wp-content\/uploads\/2026\/02\/CBM-Alicante-Campello-3-scaled.jpg\" data-width=\"2560\" data-height=\"1441\" aria-label=\"El Campello\" role=\"img\" ><\/div>\n\t\t\t\t\t\t\t\t\t\t\t<div class=\"elementor-gallery-item__overlay\"><\/div>\n\t\t\t\t\t\t\t\t\t\t\t\t\t\t<\/a>\n\t\t\t\t\t\t\t<a class=\"e-gallery-item elementor-gallery-item elementor-animated-content\" href=\"https:\/\/costablanca-magazin.com\/wp-content\/uploads\/2026\/02\/CBM-Alicante-Campello-8-scaled.jpg\" data-elementor-open-lightbox=\"yes\" data-elementor-lightbox-slideshow=\"de64b62\" data-elementor-lightbox-title=\"El Campello\" data-elementor-lightbox-description=\"El Campello\" data-e-action-hash=\"#elementor-action%3Aaction%3Dlightbox%26settings%3DeyJpZCI6MTA2MzksInVybCI6Imh0dHBzOlwvXC9jb3N0YWJsYW5jYS1tYWdhemluLmNvbVwvd3AtY29udGVudFwvdXBsb2Fkc1wvMjAyNlwvMDJcL0NCTS1BbGljYW50ZS1DYW1wZWxsby04LXNjYWxlZC5qcGciLCJzbGlkZXNob3ciOiJkZTY0YjYyIn0%3D\">\n\t\t\t\t\t<div class=\"e-gallery-image elementor-gallery-item__image\" data-thumbnail=\"https:\/\/costablanca-magazin.com\/wp-content\/uploads\/2026\/02\/CBM-Alicante-Campello-8-scaled.jpg\" data-width=\"2560\" data-height=\"1441\" aria-label=\"El Campello\" role=\"img\" ><\/div>\n\t\t\t\t\t\t\t\t\t\t\t<div class=\"elementor-gallery-item__overlay\"><\/div>\n\t\t\t\t\t\t\t\t\t\t\t\t\t\t<\/a>\n\t\t\t\t\t\t\t<a class=\"e-gallery-item elementor-gallery-item elementor-animated-content\" href=\"https:\/\/costablanca-magazin.com\/wp-content\/uploads\/2026\/02\/CBM-Alicante-Campello-6-scaled.jpg\" data-elementor-open-lightbox=\"yes\" data-elementor-lightbox-slideshow=\"de64b62\" data-elementor-lightbox-title=\"El Campello\" data-elementor-lightbox-description=\"El Campello\" data-e-action-hash=\"#elementor-action%3Aaction%3Dlightbox%26settings%3DeyJpZCI6MTA2MzcsInVybCI6Imh0dHBzOlwvXC9jb3N0YWJsYW5jYS1tYWdhemluLmNvbVwvd3AtY29udGVudFwvdXBsb2Fkc1wvMjAyNlwvMDJcL0NCTS1BbGljYW50ZS1DYW1wZWxsby02LXNjYWxlZC5qcGciLCJzbGlkZXNob3ciOiJkZTY0YjYyIn0%3D\">\n\t\t\t\t\t<div class=\"e-gallery-image elementor-gallery-item__image\" data-thumbnail=\"https:\/\/costablanca-magazin.com\/wp-content\/uploads\/2026\/02\/CBM-Alicante-Campello-6-scaled.jpg\" data-width=\"2560\" data-height=\"1441\" aria-label=\"El Campello\" role=\"img\" ><\/div>\n\t\t\t\t\t\t\t\t\t\t\t<div class=\"elementor-gallery-item__overlay\"><\/div>\n\t\t\t\t\t\t\t\t\t\t\t\t\t\t<\/a>\n\t\t\t\t\t<\/div>\n\t\t\t\t\t<\/div>\n\t\t\t\t<\/div>\n\t\t\t\t<\/div>\n\t\t<div class=\"elementor-element elementor-element-1463df9 e-con-full e-flex e-con e-child\" data-id=\"1463df9\" data-element_type=\"container\" data-e-type=\"container\">\n\t\t\t\t<div class=\"elementor-element elementor-element-5af56c7 elementor-widget__width-initial elementor-widget elementor-widget-gallery\" data-id=\"5af56c7\" data-element_type=\"widget\" data-e-type=\"widget\" data-settings=\"{&quot;columns&quot;:1,&quot;gap&quot;:{&quot;unit&quot;:&quot;px&quot;,&quot;size&quot;:2,&quot;sizes&quot;:[]},&quot;aspect_ratio&quot;:&quot;1:1&quot;,&quot;lazyload&quot;:&quot;yes&quot;,&quot;gallery_layout&quot;:&quot;grid&quot;,&quot;columns_tablet&quot;:2,&quot;columns_mobile&quot;:1,&quot;gap_tablet&quot;:{&quot;unit&quot;:&quot;px&quot;,&quot;size&quot;:10,&quot;sizes&quot;:[]},&quot;gap_mobile&quot;:{&quot;unit&quot;:&quot;px&quot;,&quot;size&quot;:10,&quot;sizes&quot;:[]},&quot;link_to&quot;:&quot;file&quot;,&quot;overlay_background&quot;:&quot;yes&quot;,&quot;content_hover_animation&quot;:&quot;fade-in&quot;}\" data-widget_type=\"gallery.default\">\n\t\t\t\t<div class=\"elementor-widget-container\">\n\t\t\t\t\t\t\t<div class=\"elementor-gallery__container\">\n\t\t\t\t\t\t\t<a class=\"e-gallery-item elementor-gallery-item elementor-animated-content\" href=\"https:\/\/costablanca-magazin.com\/wp-content\/uploads\/2026\/02\/CBM-Alicante-Campello-2-scaled.jpg\" data-elementor-open-lightbox=\"yes\" data-elementor-lightbox-slideshow=\"5af56c7\" data-elementor-lightbox-title=\"El Campello\" data-elementor-lightbox-description=\"El Campello\" data-e-action-hash=\"#elementor-action%3Aaction%3Dlightbox%26settings%3DeyJpZCI6MTA2MzMsInVybCI6Imh0dHBzOlwvXC9jb3N0YWJsYW5jYS1tYWdhemluLmNvbVwvd3AtY29udGVudFwvdXBsb2Fkc1wvMjAyNlwvMDJcL0NCTS1BbGljYW50ZS1DYW1wZWxsby0yLXNjYWxlZC5qcGciLCJzbGlkZXNob3ciOiI1YWY1NmM3In0%3D\">\n\t\t\t\t\t<div class=\"e-gallery-image elementor-gallery-item__image\" data-thumbnail=\"https:\/\/costablanca-magazin.com\/wp-content\/uploads\/2026\/02\/CBM-Alicante-Campello-2-scaled.jpg\" data-width=\"2560\" data-height=\"1441\" aria-label=\"El Campello\" role=\"img\" ><\/div>\n\t\t\t\t\t\t\t\t\t\t\t<div class=\"elementor-gallery-item__overlay\"><\/div>\n\t\t\t\t\t\t\t\t\t\t\t\t\t\t<\/a>\n\t\t\t\t\t\t\t<a class=\"e-gallery-item elementor-gallery-item elementor-animated-content\" href=\"https:\/\/costablanca-magazin.com\/wp-content\/uploads\/2026\/02\/shutterstock_2304949043-el-Campello1.jpg\" data-elementor-open-lightbox=\"yes\" data-elementor-lightbox-slideshow=\"5af56c7\" data-elementor-lightbox-title=\"El Campello\" data-elementor-lightbox-description=\"El Campello\" data-e-action-hash=\"#elementor-action%3Aaction%3Dlightbox%26settings%3DeyJpZCI6MTA2NDMsInVybCI6Imh0dHBzOlwvXC9jb3N0YWJsYW5jYS1tYWdhemluLmNvbVwvd3AtY29udGVudFwvdXBsb2Fkc1wvMjAyNlwvMDJcL3NodXR0ZXJzdG9ja18yMzA0OTQ5MDQzLWVsLUNhbXBlbGxvMS5qcGciLCJzbGlkZXNob3ciOiI1YWY1NmM3In0%3D\">\n\t\t\t\t\t<div class=\"e-gallery-image elementor-gallery-item__image\" data-thumbnail=\"https:\/\/costablanca-magazin.com\/wp-content\/uploads\/2026\/02\/shutterstock_2304949043-el-Campello1.jpg\" data-width=\"8256\" data-height=\"5504\" aria-label=\"El Campello\" role=\"img\" ><\/div>\n\t\t\t\t\t\t\t\t\t\t\t<div class=\"elementor-gallery-item__overlay\"><\/div>\n\t\t\t\t\t\t\t\t\t\t\t\t\t\t<\/a>\n\t\t\t\t\t\t\t<a class=\"e-gallery-item elementor-gallery-item elementor-animated-content\" href=\"https:\/\/costablanca-magazin.com\/wp-content\/uploads\/2026\/02\/CBM-Alicante-Campello-1-scaled.jpg\" data-elementor-open-lightbox=\"yes\" data-elementor-lightbox-slideshow=\"5af56c7\" data-elementor-lightbox-title=\"El Campello\" data-elementor-lightbox-description=\"El Campello\" data-e-action-hash=\"#elementor-action%3Aaction%3Dlightbox%26settings%3DeyJpZCI6MTA2MzIsInVybCI6Imh0dHBzOlwvXC9jb3N0YWJsYW5jYS1tYWdhemluLmNvbVwvd3AtY29udGVudFwvdXBsb2Fkc1wvMjAyNlwvMDJcL0NCTS1BbGljYW50ZS1DYW1wZWxsby0xLXNjYWxlZC5qcGciLCJzbGlkZXNob3ciOiI1YWY1NmM3In0%3D\">\n\t\t\t\t\t<div class=\"e-gallery-image elementor-gallery-item__image\" data-thumbnail=\"https:\/\/costablanca-magazin.com\/wp-content\/uploads\/2026\/02\/CBM-Alicante-Campello-1-scaled.jpg\" data-width=\"2560\" data-height=\"1441\" aria-label=\"El Campello\" role=\"img\" ><\/div>\n\t\t\t\t\t\t\t\t\t\t\t<div class=\"elementor-gallery-item__overlay\"><\/div>\n\t\t\t\t\t\t\t\t\t\t\t\t\t\t<\/a>\n\t\t\t\t\t<\/div>\n\t\t\t\t\t<\/div>\n\t\t\t\t<\/div>\n\t\t\t\t<\/div>\n\t\t<div class=\"elementor-element elementor-element-1369a29 e-con-full e-flex e-con e-child\" data-id=\"1369a29\" data-element_type=\"container\" data-e-type=\"container\">\n\t\t\t\t<div class=\"elementor-element elementor-element-7221c5a elementor-widget elementor-widget-text-editor\" data-id=\"7221c5a\" data-element_type=\"widget\" data-e-type=\"widget\" data-widget_type=\"text-editor.default\">\n\t\t\t\t<div class=\"elementor-widget-container\">\n\t\t\t\t\t\t\t\t\t<p>El sabor internacional es palpable: familias espa\u00f1olas, residentes europeos, j\u00f3venes profesionales... una mezcla que hace que el lugar sea abierto, pero nunca arbitrario.<\/p><p><strong>Conectados por el tranv\u00eda y la tradici\u00f3n<\/strong><\/p><p>La l\u00ednea del TRAM Alicante-Benidorm tiene un mayor impacto en la ciudad de lo que se podr\u00eda pensar a primera vista. Es una l\u00ednea de cercan\u00edas, un eje de ocio y un generador de reloj diario - una raz\u00f3n importante por la que El Campello se ha establecido como un lugar para vivir.<\/p><p>Culturalmente, la ciudad hace hincapi\u00e9 en la identidad regional. La p\u00e1gina <strong>Moros y Cristianos<\/strong> en octubre figuran entre las celebraciones m\u00e1s destacadas de la provincia septentrional, seguidas de cerca por conciertos, festivales portuarios, acontecimientos deportivos e iniciativas locales que se re\u00fanen en el centro cultural.<\/p><p><strong>\u00bfEl Campello en una frase?<\/strong><\/p><p>Un lugar que no quiere llamar la atenci\u00f3n, pero que gana sustancia cuanto m\u00e1s te quedas.<\/p><p><strong>Cuadro de datos <\/strong><\/p><ul><li><strong>poblaci\u00f3n (2024):<\/strong> 29.000<\/li><li><strong>Costa:<\/strong> a unos 23 km<\/li><li><strong>\u00c1reas clave:<\/strong> Playa Muchavista, Playa Carrer La Mar, bah\u00edas al norte de Illeta<\/li><li><strong>Hitos hist\u00f3ricos:<\/strong> <em>Illeta dels Banyets<\/em>, <em>Torre de la Illeta<\/em><\/li><li><strong>Movilidad:<\/strong> L\u00ednea TRAM Alicante-Benidorm<\/li><li><strong>Perfil:<\/strong> Ciudad residencial y costera con una clara estructura cotidiana<\/li><\/ul><p>\u00a0<\/p><p><strong>Box: El Campello - vida cotidiana junto al mar, dise\u00f1o fiable<\/strong><\/p><p>El Campello muestra c\u00f3mo un pueblo entre Alicante y Benidorm afirma su propio papel: funcional, bien comunicado y con un tramo de costa que estructura la vida en lugar de superponerla.<\/p><p>Aqu\u00ed no hay proyectos espectaculares a gran escala, sino mejoras continuas: Transporte local, instalaciones deportivas, programas culturales, mantenimiento de playas.<\/p><p>Cualquiera que quiera saber c\u00f3mo se est\u00e1 desarrollando la regi\u00f3n m\u00e1s all\u00e1 de los centros tur\u00edsticos encontrar\u00e1 un ejemplo preciso en El Campello: discreto a primera vista, convincente a segunda.<\/p><p>\u00a0<\/p><table><thead><tr><td><p><strong>Mercado \/ Tipo de mercado<\/strong><\/p><\/td><td><p><strong>Cu\u00e1ndo y d\u00f3nde<\/strong><\/p><\/td><td><p><strong>detalles<\/strong><\/p><\/td><\/tr><\/thead><tbody><tr><td><p>Mercado semanal (mercadillo)<\/p><\/td><td><p><strong>Mi\u00e9rcoles, aprox. 06:30-14:00 \/ 08:00-14:00<\/strong> (<a href=\"https:\/\/www.comunitatvalenciana.com\/en\/alacant-alicante\/el-campello\/where-to-go-shopping\/mercado-semanal-3?utm_source=chatgpt.com\">Comunitat Valenciana<\/a>)<\/p><\/td><td><p>Alrededor de 50 puestos; alimentos frescos, art\u00edculos para el hogar y productos en general - cerca del ayuntamiento (Ayuntamiento \/ Plaza St. Christol-Lez Al\u00e9s \/ Alcalde Oncina Giner). (<a href=\"https:\/\/thecostablancaguide.com\/listing-item\/el-campello-local-market\/?utm_source=chatgpt.com\">Gu\u00eda de la Costa Blanca<\/a>)<\/p><\/td><\/tr><\/tbody><\/table>\t\t\t\t\t\t\t\t<\/div>\n\t\t\t\t<\/div>\n\t\t\t\t<\/div>\n\t\t\t\t\t<\/div>\n\t\t\t\t<\/div>\n\t\t<div class=\"elementor-element elementor-element-6346514 e-flex e-con-boxed e-con e-parent\" data-id=\"6346514\" data-element_type=\"container\" data-e-type=\"container\">\n\t\t\t\t\t<div class=\"e-con-inner\">\n\t\t\t\t<div class=\"elementor-element elementor-element-819d1dc elementor-widget-divider--separator-type-pattern elementor-widget-divider--view-line elementor-widget elementor-widget-divider\" data-id=\"819d1dc\" data-element_type=\"widget\" data-e-type=\"widget\" data-widget_type=\"divider.default\">\n\t\t\t\t<div class=\"elementor-widget-container\">\n\t\t\t\t\t\t\t<div class=\"elementor-divider\" style=\"--divider-pattern-url: url(&quot;data:image\/svg+xml,%3Csvg xmlns=&#039;http:\/\/www.w3.org\/2000\/svg&#039; preserveAspectRatio=&#039;none&#039; overflow=&#039;visible&#039; height=&#039;100%&#039; viewBox=&#039;0 0 24 24&#039; fill=&#039;none&#039; stroke=&#039;black&#039; stroke-width=&#039;1&#039; stroke-linecap=&#039;square&#039; stroke-miterlimit=&#039;10&#039;%3E%3Cpath d=&#039;M0,21c3.3,0,8.3-0.9,15.7-7.1c6.6-5.4,4.4-9.3,2.4-10.3c-3.4-1.8-7.7,1.3-7.3,8.8C11.2,20,17.1,21,24,21&#039;\/%3E%3C\/svg%3E&quot;);\">\n\t\t\t<span class=\"elementor-divider-separator\">\n\t\t\t\t\t\t<\/span>\n\t\t<\/div>\n\t\t\t\t\t\t<\/div>\n\t\t\t\t<\/div>\n\t\t\t\t<div class=\"elementor-element elementor-element-7c0dcb1 elementor-grid-3 elementor-grid-tablet-2 elementor-grid-mobile-1 elementor-posts--thumbnail-top elementor-posts--show-avatar elementor-card-shadow-yes elementor-posts__hover-gradient elementor-widget elementor-widget-posts\" data-id=\"7c0dcb1\" data-element_type=\"widget\" data-e-type=\"widget\" data-settings=\"{&quot;cards_columns&quot;:&quot;3&quot;,&quot;cards_columns_tablet&quot;:&quot;2&quot;,&quot;cards_columns_mobile&quot;:&quot;1&quot;,&quot;cards_row_gap&quot;:{&quot;unit&quot;:&quot;px&quot;,&quot;size&quot;:35,&quot;sizes&quot;:[]},&quot;cards_row_gap_tablet&quot;:{&quot;unit&quot;:&quot;px&quot;,&quot;size&quot;:&quot;&quot;,&quot;sizes&quot;:[]},&quot;cards_row_gap_mobile&quot;:{&quot;unit&quot;:&quot;px&quot;,&quot;size&quot;:&quot;&quot;,&quot;sizes&quot;:[]}}\" data-widget_type=\"posts.cards\">\n\t\t\t\t<div class=\"elementor-widget-container\">\n\t\t\t\t\t\t\t<div class=\"elementor-posts-container elementor-posts elementor-posts--skin-cards elementor-grid\" role=\"list\">\n\t\t\t\t<article class=\"elementor-post elementor-grid-item post-9353 post type-post status-publish format-standard has-post-thumbnail hentry category-aktivitaeten-und-ausfluege tag-calpe tag-costa-blanca-2 tag-leben-in-calpe tag-mi-pueblo tag-penon-de-ifach tag-residenten-in-calpe\" role=\"listitem\">\n\t\t\t<div class=\"elementor-post__card\">\n\t\t\t\t<a class=\"elementor-post__thumbnail__link\" href=\"https:\/\/costablanca-magazin.com\/es\/freizeit\/aktivitaeten-und-ausfluege\/calpe-leben-zwischen-fels-salinen-und-altstadt\/\" tabindex=\"-1\" ><div class=\"elementor-post__thumbnail\"><img fetchpriority=\"high\" decoding=\"async\" width=\"1200\" height=\"836\" src=\"https:\/\/costablanca-magazin.com\/wp-content\/uploads\/2025\/10\/drone-view-of-penon-de-ifach-rock-harbor-mediter-2025-02-02-20-19-51-utc.jpg\" class=\"attachment-1536x1536 size-1536x1536 wp-image-9354\" alt=\"Calpe: vida entre rocas, salinas y casco antiguo\" srcset=\"https:\/\/costablanca-magazin.com\/wp-content\/uploads\/2025\/10\/drone-view-of-penon-de-ifach-rock-harbor-mediter-2025-02-02-20-19-51-utc.jpg 1200w, https:\/\/costablanca-magazin.com\/wp-content\/uploads\/2025\/10\/drone-view-of-penon-de-ifach-rock-harbor-mediter-2025-02-02-20-19-51-utc-300x209.jpg 300w, https:\/\/costablanca-magazin.com\/wp-content\/uploads\/2025\/10\/drone-view-of-penon-de-ifach-rock-harbor-mediter-2025-02-02-20-19-51-utc-1024x713.jpg 1024w, https:\/\/costablanca-magazin.com\/wp-content\/uploads\/2025\/10\/drone-view-of-penon-de-ifach-rock-harbor-mediter-2025-02-02-20-19-51-utc-768x535.jpg 768w\" sizes=\"(max-width: 1200px) 100vw, 1200px\" \/><\/div><\/a>\n\t\t\t\t<div class=\"elementor-post__badge\">Actividades y excursiones<\/div>\n\t\t\t\t<div class=\"elementor-post__avatar\">\n\t\t\t\t\t<\/div>\n\t\t\t\t<div class=\"elementor-post__text\">\n\t\t\t\t<h3 class=\"elementor-post__title\">\n\t\t\t<a href=\"https:\/\/costablanca-magazin.com\/es\/freizeit\/aktivitaeten-und-ausfluege\/calpe-leben-zwischen-fels-salinen-und-altstadt\/\" >\n\t\t\t\tCalpe - vida entre roca, salinas y casco antiguo\t\t\t<\/a>\n\t\t<\/h3>\n\t\t\t\t<\/div>\n\t\t\t\t\t<\/div>\n\t\t<\/article>\n\t\t\t\t<article class=\"elementor-post elementor-grid-item post-9057 post type-post status-publish format-standard has-post-thumbnail hentry category-aktivitaeten-und-ausfluege tag-ciudad-deportiva-camilo-cano tag-costa-blanca-kultur tag-la-nucia tag-la-nucia-geschichte tag-la-nucia-legenden tag-la-nucia-sehenswuerdigkeiten tag-la-nucia-traditionen tag-mi-pueblo tag-sportstadt-spanien\" role=\"listitem\">\n\t\t\t<div class=\"elementor-post__card\">\n\t\t\t\t<a class=\"elementor-post__thumbnail__link\" href=\"https:\/\/costablanca-magazin.com\/es\/freizeit\/aktivitaeten-und-ausfluege\/la-nucia-sportstadt-spaniens-mit-geschichte-kultur\/\" tabindex=\"-1\" ><div class=\"elementor-post__thumbnail\"><img decoding=\"async\" width=\"1536\" height=\"562\" src=\"https:\/\/costablanca-magazin.com\/wp-content\/uploads\/2025\/09\/ciudaddeportivacamilocano.com_deportes_estadio-olimpico-camilo-cano-1536x562.jpg\" class=\"attachment-1536x1536 size-1536x1536 wp-image-9046\" alt=\"ciudad deportiva La nucia\" srcset=\"https:\/\/costablanca-magazin.com\/wp-content\/uploads\/2025\/09\/ciudaddeportivacamilocano.com_deportes_estadio-olimpico-camilo-cano-1536x562.jpg 1536w, https:\/\/costablanca-magazin.com\/wp-content\/uploads\/2025\/09\/ciudaddeportivacamilocano.com_deportes_estadio-olimpico-camilo-cano-300x110.jpg 300w, https:\/\/costablanca-magazin.com\/wp-content\/uploads\/2025\/09\/ciudaddeportivacamilocano.com_deportes_estadio-olimpico-camilo-cano-1024x374.jpg 1024w, https:\/\/costablanca-magazin.com\/wp-content\/uploads\/2025\/09\/ciudaddeportivacamilocano.com_deportes_estadio-olimpico-camilo-cano-768x281.jpg 768w, https:\/\/costablanca-magazin.com\/wp-content\/uploads\/2025\/09\/ciudaddeportivacamilocano.com_deportes_estadio-olimpico-camilo-cano.jpg 1600w\" sizes=\"(max-width: 1536px) 100vw, 1536px\" \/><\/div><\/a>\n\t\t\t\t<div class=\"elementor-post__badge\">Actividades y excursiones<\/div>\n\t\t\t\t<div class=\"elementor-post__avatar\">\n\t\t\t\t\t<\/div>\n\t\t\t\t<div class=\"elementor-post__text\">\n\t\t\t\t<h3 class=\"elementor-post__title\">\n\t\t\t<a href=\"https:\/\/costablanca-magazin.com\/es\/freizeit\/aktivitaeten-und-ausfluege\/la-nucia-sportstadt-spaniens-mit-geschichte-kultur\/\" >\n\t\t\t\tLa Nuc\u00eda - Ciudad deportiva de Espa\u00f1a con historia y cultura\t\t\t<\/a>\n\t\t<\/h3>\n\t\t\t\t<\/div>\n\t\t\t\t\t<\/div>\n\t\t<\/article>\n\t\t\t\t<article class=\"elementor-post elementor-grid-item post-8593 post type-post status-publish format-standard has-post-thumbnail hentry category-aktivitaeten-und-ausfluege tag-castillo-de-denia tag-denia tag-hafenstadt tag-marina-alta tag-mi-pueblo tag-montgo tag-straende-denia\" role=\"listitem\">\n\t\t\t<div class=\"elementor-post__card\">\n\t\t\t\t<a class=\"elementor-post__thumbnail__link\" href=\"https:\/\/costablanca-magazin.com\/es\/freizeit\/aktivitaeten-und-ausfluege\/denia-die-stadt-zwischen-meer-montgo-und-geschichte\/\" tabindex=\"-1\" ><div class=\"elementor-post__thumbnail\"><img decoding=\"async\" width=\"864\" height=\"648\" src=\"https:\/\/costablanca-magazin.com\/wp-content\/uploads\/2025\/08\/Markus-Galiano-2.jpg\" class=\"attachment-1536x1536 size-1536x1536 wp-image-8629\" alt=\"D\u00e9nia, ciudad entre el mar y el Montg\u00f3 14\" srcset=\"https:\/\/costablanca-magazin.com\/wp-content\/uploads\/2025\/08\/Markus-Galiano-2.jpg 864w, https:\/\/costablanca-magazin.com\/wp-content\/uploads\/2025\/08\/Markus-Galiano-2-300x225.jpg 300w, https:\/\/costablanca-magazin.com\/wp-content\/uploads\/2025\/08\/Markus-Galiano-2-768x576.jpg 768w\" sizes=\"(max-width: 864px) 100vw, 864px\" \/><\/div><\/a>\n\t\t\t\t<div class=\"elementor-post__badge\">Actividades y excursiones<\/div>\n\t\t\t\t<div class=\"elementor-post__avatar\">\n\t\t\t\t\t<\/div>\n\t\t\t\t<div class=\"elementor-post__text\">\n\t\t\t\t<h3 class=\"elementor-post__title\">\n\t\t\t<a href=\"https:\/\/costablanca-magazin.com\/es\/freizeit\/aktivitaeten-und-ausfluege\/denia-die-stadt-zwischen-meer-montgo-und-geschichte\/\" >\n\t\t\t\tD\u00e9nia, entre mar, Montg\u00f3 e historia\t\t\t<\/a>\n\t\t<\/h3>\n\t\t\t\t<\/div>\n\t\t\t\t\t<\/div>\n\t\t<\/article>\n\t\t\t\t<\/div>\n\t\t\n\t\t\t\t\t\t<\/div>\n\t\t\t\t<\/div>\n\t\t\t\t\t<\/div>\n\t\t\t\t<\/div>\n\t\t\t\t<\/div>","protected":false},"excerpt":{"rendered":"<p>El Campello &#8211; K\u00fcstenort zwischen Alicante und Benidorm El Campello liegt zwischen Alicante und Benidorm, gepr\u00e4gt von der Illeta, einem<\/p>","protected":false},"author":1,"featured_media":0,"parent":0,"menu_order":0,"comment_status":"closed","ping_status":"closed","template":"elementor_header_footer","meta":{"om_disable_all_campaigns":false,"_monsterinsights_skip_tracking":false,"_monsterinsights_sitenote_active":false,"_monsterinsights_sitenote_note":"","_monsterinsights_sitenote_category":0,"footnotes":""},"class_list":["post-10694","page","type-page","status-publish","hentry"],"aioseo_notices":[],"_links":{"self":[{"href":"https:\/\/costablanca-magazin.com\/es\/wp-json\/wp\/v2\/pages\/10694","targetHints":{"allow":["GET"]}}],"collection":[{"href":"https:\/\/costablanca-magazin.com\/es\/wp-json\/wp\/v2\/pages"}],"about":[{"href":"https:\/\/costablanca-magazin.com\/es\/wp-json\/wp\/v2\/types\/page"}],"author":[{"embeddable":true,"href":"https:\/\/costablanca-magazin.com\/es\/wp-json\/wp\/v2\/users\/1"}],"replies":[{"embeddable":true,"href":"https:\/\/costablanca-magazin.com\/es\/wp-json\/wp\/v2\/comments?post=10694"}],"version-history":[{"count":4,"href":"https:\/\/costablanca-magazin.com\/es\/wp-json\/wp\/v2\/pages\/10694\/revisions"}],"predecessor-version":[{"id":10704,"href":"https:\/\/costablanca-magazin.com\/es\/wp-json\/wp\/v2\/pages\/10694\/revisions\/10704"}],"wp:attachment":[{"href":"https:\/\/costablanca-magazin.com\/es\/wp-json\/wp\/v2\/media?parent=10694"}],"curies":[{"name":"wp","href":"https:\/\/api.w.org\/{rel}","templated":true}]}}