{"id":10692,"date":"2026-02-10T08:41:31","date_gmt":"2026-02-10T07:41:31","guid":{"rendered":"https:\/\/costablanca-magazin.com\/?page_id=10692"},"modified":"2026-03-18T07:55:36","modified_gmt":"2026-03-18T06:55:36","slug":"santa-pola","status":"publish","type":"page","link":"https:\/\/costablanca-magazin.com\/es\/santa-pola\/","title":{"rendered":"Santa Pola"},"content":{"rendered":"<div data-elementor-type=\"wp-page\" data-elementor-id=\"10692\" class=\"elementor elementor-10692\" data-elementor-post-type=\"page\">\n\t\t\t\t<div class=\"elementor-element elementor-element-f714117 e-flex e-con-boxed e-con e-parent\" data-id=\"f714117\" data-element_type=\"container\" data-e-type=\"container\">\n\t\t\t\t\t<div class=\"e-con-inner\">\n\t\t\t\t<div class=\"elementor-element elementor-element-46c2a1e elementor-widget elementor-widget-heading\" data-id=\"46c2a1e\" data-element_type=\"widget\" data-e-type=\"widget\" data-widget_type=\"heading.default\">\n\t\t\t\t<div class=\"elementor-widget-container\">\n\t\t\t\t\t<h1 class=\"elementor-heading-title elementor-size-default\">Santa Pola - ciudad costera entre puerto, lagunas saladas y vida cotidiana<\/h1>\t\t\t\t<\/div>\n\t\t\t\t<\/div>\n\t\t\t\t<div class=\"elementor-element elementor-element-26943e0 elementor-widget elementor-widget-image\" data-id=\"26943e0\" data-element_type=\"widget\" data-e-type=\"widget\" data-widget_type=\"image.default\">\n\t\t\t\t<div class=\"elementor-widget-container\">\n\t\t\t\t\t\t\t\t\t\t\t\t\t\t\t<img decoding=\"async\" src=\"https:\/\/costablanca-magazin.com\/wp-content\/uploads\/elementor\/thumbs\/shutterstock_2623117475-Santa-Pola-scaled-rjc4cdueu9el9u4swqpuzriqvg6teieza4m29e4pt8.jpg\" title=\"Santa Pola - ciudad costera entre puerto, lagunas saladas y vida cotidiana\" alt=\"Santa Pola - ciudad costera entre puerto, lagunas saladas y vida cotidiana\" loading=\"lazy\" \/>\t\t\t\t\t\t\t\t\t\t\t\t\t\t\t<\/div>\n\t\t\t\t<\/div>\n\t\t\t\t\t<\/div>\n\t\t\t\t<\/div>\n\t\t<div class=\"elementor-element elementor-element-9831c55 e-flex e-con-boxed e-con e-parent\" data-id=\"9831c55\" data-element_type=\"container\" data-e-type=\"container\">\n\t\t\t\t\t<div class=\"e-con-inner\">\n\t\t\t\t<div class=\"elementor-element elementor-element-56b0161 elementor-widget elementor-widget-heading\" data-id=\"56b0161\" data-element_type=\"widget\" data-e-type=\"widget\" data-widget_type=\"heading.default\">\n\t\t\t\t<div class=\"elementor-widget-container\">\n\t\t\t\t\t<h2 class=\"elementor-heading-title elementor-size-default\">Santa Pola combina puerto, salinas, castillo y playas. Panor\u00e1mica de los lugares m\u00e1s importantes de la ciudad: desde la pesca hasta los espacios naturales.<\/h2>\t\t\t\t<\/div>\n\t\t\t\t<\/div>\n\t\t\t\t\t<\/div>\n\t\t\t\t<\/div>\n\t\t<div class=\"elementor-element elementor-element-668173d e-flex e-con-boxed e-con e-parent\" data-id=\"668173d\" data-element_type=\"container\" data-e-type=\"container\">\n\t\t\t\t\t<div class=\"e-con-inner\">\n\t\t<div class=\"elementor-element elementor-element-1633a17 e-con-full e-flex e-con e-child\" data-id=\"1633a17\" data-element_type=\"container\" data-e-type=\"container\">\n\t\t\t\t<div class=\"elementor-element elementor-element-78bb111 elementor-widget elementor-widget-text-editor\" data-id=\"78bb111\" data-element_type=\"widget\" data-e-type=\"widget\" data-widget_type=\"text-editor.default\">\n\t\t\t\t<div class=\"elementor-widget-container\">\n\t\t\t\t\t\t\t\t\t<p>La ciudad costera de Santa Pola est\u00e1 situada al sur de Alicante y combina trabajo mar\u00edtimo, lagunas saladas naturales y un animado centro urbano. Si pasea por la zona del puerto a primera hora de la ma\u00f1ana, ver\u00e1 la ciudad tal y como es: no una escena escenificada, sino un lugar de trabajo en funcionamiento con una fuerte identidad. Gente de camino a los astilleros, pescadores clasificando sus capturas, escolares, transe\u00fantes... un claro ritmo cotidiano que caracteriza a la ciudad.<br \/>Detr\u00e1s de la <strong>Fortaleza del Castillo<\/strong> y frente a uno de los caladeros costeros m\u00e1s importantes de la regi\u00f3n, Santa Pola ha encontrado un papel que no es ni ruidoso ni de post\u00edn. La localidad combina historia, naturaleza y econom\u00eda local para crear una imagen \u00fanica en el sur de la Marina Baixa.<\/p><p><strong>Historia entre la d\u00e1rsena del puerto y la fortaleza<br \/><\/strong>En <strong>Fortaleza del Castillo<\/strong> del siglo XVI fue en su d\u00eda una estructura protectora contra los ataques del mar. Hoy es el centro del pueblo, con actos culturales, exposiciones y un peque\u00f1o museo mar\u00edtimo que explica la importancia de la pesca.<br \/>El pasado romano se remonta a\u00fan m\u00e1s atr\u00e1s: el <strong>Villa Romana del Palmeral<\/strong> muestra estructuras residenciales y mosaicos de la antig\u00fcedad. Se encuentra discretamente entre calles modernas y es un ejemplo de c\u00f3mo Santa Pola deja visibles capas antiguas sin exagerarlas.<\/p><p><strong>Puerto, pesca y un lugar despejado para trabajar<br \/><\/strong>El puerto de Santa Pola es uno de los m\u00e1s concurridos de la Costa Blanca. Arrastreros, peque\u00f1as embarcaciones pesqueras, empresas de reparaci\u00f3n y cargueros caracterizan la estampa. La actividad diaria en las pescader\u00edas demuestra hasta qu\u00e9 punto la ciudad sigue viviendo del mar.<br \/>Esto incluye la industria mar\u00edtima que se encuentra alrededor del puerto: mec\u00e1nicos de barcos, varaderos, comercio, peque\u00f1os bares y tiendas. Un lugar que funciona econ\u00f3micamente, no dise\u00f1ado.<\/p><p><strong>Playas y bah\u00edas: parte de la vida cotidiana<br \/><\/strong>La franja costera de Santa Pola nunca parece escenificada. Las playas est\u00e1n cerca del centro de la ciudad y se utilizan con la misma naturalidad que los parques o las plazas.<\/p><ul><li><strong>Playa Levante<\/strong> - c\u00e9ntrico, amplio, bien integrado en la ciudad.<\/li><li><strong>Playa Tamarit<\/strong> - zona m\u00e1s tranquila cerca de las salinas.<\/li><li><strong>Calas del Este \/ Santiago Bernabeu<\/strong> - zonas m\u00e1s peque\u00f1as entre las rocas y el desarrollo urbano.<\/li><li><strong>La Gola<\/strong> - Transici\u00f3n a zonas de lagunas naturales.<\/li><\/ul><p>Las playas forman parte de las rutas diarias: deportes, desplazamientos, reuniones, escapadas.<\/p><p><strong>Entorno natural: lagunas saladas, flamencos y extensas llanuras<br \/><\/strong>Justo detr\u00e1s de la ciudad se encuentra el <strong>Salinas de Santa Pola<\/strong> - una gran zona h\u00fameda formada por cuencas salinas, lagunas y zonas de observaci\u00f3n. La gente trabaja aqu\u00ed para extraer sal, pero la zona tambi\u00e9n es h\u00e1bitat de flamencos y numerosas especies de aves.<br \/>En <strong>Museo de la Sal<\/strong> explica con precisi\u00f3n esta zona econ\u00f3mica y natural, sin folclore. La combinaci\u00f3n de aprovechamiento industrial y conservaci\u00f3n de la naturaleza hace que Santa Pola sea \u00fanica en la regi\u00f3n.<\/p>\t\t\t\t\t\t\t\t<\/div>\n\t\t\t\t<\/div>\n\t\t\t\t<\/div>\n\t\t<div class=\"elementor-element elementor-element-a2d2c96 e-con-full e-flex e-con e-child\" data-id=\"a2d2c96\" data-element_type=\"container\" data-e-type=\"container\">\n\t\t\t\t<div class=\"elementor-element elementor-element-a26b727 elementor-widget__width-initial elementor-widget elementor-widget-gallery\" data-id=\"a26b727\" data-element_type=\"widget\" data-e-type=\"widget\" data-settings=\"{&quot;columns&quot;:1,&quot;gap&quot;:{&quot;unit&quot;:&quot;px&quot;,&quot;size&quot;:2,&quot;sizes&quot;:[]},&quot;aspect_ratio&quot;:&quot;1:1&quot;,&quot;lazyload&quot;:&quot;yes&quot;,&quot;gallery_layout&quot;:&quot;grid&quot;,&quot;columns_tablet&quot;:2,&quot;columns_mobile&quot;:1,&quot;gap_tablet&quot;:{&quot;unit&quot;:&quot;px&quot;,&quot;size&quot;:10,&quot;sizes&quot;:[]},&quot;gap_mobile&quot;:{&quot;unit&quot;:&quot;px&quot;,&quot;size&quot;:10,&quot;sizes&quot;:[]},&quot;link_to&quot;:&quot;file&quot;,&quot;overlay_background&quot;:&quot;yes&quot;,&quot;content_hover_animation&quot;:&quot;fade-in&quot;}\" data-widget_type=\"gallery.default\">\n\t\t\t\t<div class=\"elementor-widget-container\">\n\t\t\t\t\t\t\t<div class=\"elementor-gallery__container\">\n\t\t\t\t\t\t\t<a class=\"e-gallery-item elementor-gallery-item elementor-animated-content\" href=\"https:\/\/costablanca-magazin.com\/wp-content\/uploads\/2026\/01\/20251230_135903-scaled.jpg\" data-elementor-open-lightbox=\"yes\" data-elementor-lightbox-slideshow=\"a26b727\" data-elementor-lightbox-title=\"Santa Pola \u2013 K\u00fcstenstadt zwischen Hafen, Salzlagunen und Alltag\" data-elementor-lightbox-description=\"Santa Pola \u2013 K\u00fcstenstadt zwischen Hafen, Salzlagunen und Alltag\" data-e-action-hash=\"#elementor-action%3Aaction%3Dlightbox%26settings%3DeyJpZCI6MTA0MTAsInVybCI6Imh0dHBzOlwvXC9jb3N0YWJsYW5jYS1tYWdhemluLmNvbVwvd3AtY29udGVudFwvdXBsb2Fkc1wvMjAyNlwvMDFcLzIwMjUxMjMwXzEzNTkwMy1zY2FsZWQuanBnIiwic2xpZGVzaG93IjoiYTI2YjcyNyJ9\">\n\t\t\t\t\t<div class=\"e-gallery-image elementor-gallery-item__image\" data-thumbnail=\"https:\/\/costablanca-magazin.com\/wp-content\/uploads\/2026\/01\/20251230_135903-scaled.jpg\" data-width=\"2560\" data-height=\"1920\" aria-label=\"Santa Pola - ciudad costera entre puerto, lagunas saladas y vida cotidiana\" role=\"img\" ><\/div>\n\t\t\t\t\t\t\t\t\t\t\t<div class=\"elementor-gallery-item__overlay\"><\/div>\n\t\t\t\t\t\t\t\t\t\t\t\t\t\t<\/a>\n\t\t\t\t\t\t\t<a class=\"e-gallery-item elementor-gallery-item elementor-animated-content\" href=\"https:\/\/costablanca-magazin.com\/wp-content\/uploads\/2026\/01\/20251230_141327-scaled.jpg\" data-elementor-open-lightbox=\"yes\" data-elementor-lightbox-slideshow=\"a26b727\" data-elementor-lightbox-title=\"Santa Pola \u2013 K\u00fcstenstadt zwischen Hafen, Salzlagunen und Alltag\" data-elementor-lightbox-description=\"Santa Pola \u2013 K\u00fcstenstadt zwischen Hafen, Salzlagunen und Alltag\" data-e-action-hash=\"#elementor-action%3Aaction%3Dlightbox%26settings%3DeyJpZCI6MTA0MTYsInVybCI6Imh0dHBzOlwvXC9jb3N0YWJsYW5jYS1tYWdhemluLmNvbVwvd3AtY29udGVudFwvdXBsb2Fkc1wvMjAyNlwvMDFcLzIwMjUxMjMwXzE0MTMyNy1zY2FsZWQuanBnIiwic2xpZGVzaG93IjoiYTI2YjcyNyJ9\">\n\t\t\t\t\t<div class=\"e-gallery-image elementor-gallery-item__image\" data-thumbnail=\"https:\/\/costablanca-magazin.com\/wp-content\/uploads\/2026\/01\/20251230_141327-scaled.jpg\" data-width=\"2560\" data-height=\"1920\" aria-label=\"Santa Pola - ciudad costera entre puerto, lagunas saladas y vida cotidiana\" role=\"img\" ><\/div>\n\t\t\t\t\t\t\t\t\t\t\t<div class=\"elementor-gallery-item__overlay\"><\/div>\n\t\t\t\t\t\t\t\t\t\t\t\t\t\t<\/a>\n\t\t\t\t\t\t\t<a class=\"e-gallery-item elementor-gallery-item elementor-animated-content\" href=\"https:\/\/costablanca-magazin.com\/wp-content\/uploads\/2026\/01\/20251230_121028-scaled.jpg\" data-elementor-open-lightbox=\"yes\" data-elementor-lightbox-slideshow=\"a26b727\" data-elementor-lightbox-title=\"Santa Pola \u2013 K\u00fcstenstadt zwischen Hafen, Salzlagunen und Alltag\" data-elementor-lightbox-description=\"Santa Pola \u2013 K\u00fcstenstadt zwischen Hafen, Salzlagunen und Alltag\" data-e-action-hash=\"#elementor-action%3Aaction%3Dlightbox%26settings%3DeyJpZCI6MTA0MDgsInVybCI6Imh0dHBzOlwvXC9jb3N0YWJsYW5jYS1tYWdhemluLmNvbVwvd3AtY29udGVudFwvdXBsb2Fkc1wvMjAyNlwvMDFcLzIwMjUxMjMwXzEyMTAyOC1zY2FsZWQuanBnIiwic2xpZGVzaG93IjoiYTI2YjcyNyJ9\">\n\t\t\t\t\t<div class=\"e-gallery-image elementor-gallery-item__image\" data-thumbnail=\"https:\/\/costablanca-magazin.com\/wp-content\/uploads\/2026\/01\/20251230_121028-scaled.jpg\" data-width=\"2560\" data-height=\"1920\" aria-label=\"Santa Pola - ciudad costera entre puerto, lagunas saladas y vida cotidiana\" role=\"img\" ><\/div>\n\t\t\t\t\t\t\t\t\t\t\t<div class=\"elementor-gallery-item__overlay\"><\/div>\n\t\t\t\t\t\t\t\t\t\t\t\t\t\t<\/a>\n\t\t\t\t\t<\/div>\n\t\t\t\t\t<\/div>\n\t\t\t\t<\/div>\n\t\t\t\t<\/div>\n\t\t<div class=\"elementor-element elementor-element-8f78759 e-con-full e-flex e-con e-child\" data-id=\"8f78759\" data-element_type=\"container\" data-e-type=\"container\">\n\t\t\t\t<div class=\"elementor-element elementor-element-b48d9a8 elementor-widget__width-initial elementor-widget elementor-widget-gallery\" data-id=\"b48d9a8\" data-element_type=\"widget\" data-e-type=\"widget\" data-settings=\"{&quot;columns&quot;:1,&quot;gap&quot;:{&quot;unit&quot;:&quot;px&quot;,&quot;size&quot;:2,&quot;sizes&quot;:[]},&quot;aspect_ratio&quot;:&quot;1:1&quot;,&quot;lazyload&quot;:&quot;yes&quot;,&quot;gallery_layout&quot;:&quot;grid&quot;,&quot;columns_tablet&quot;:2,&quot;columns_mobile&quot;:1,&quot;gap_tablet&quot;:{&quot;unit&quot;:&quot;px&quot;,&quot;size&quot;:10,&quot;sizes&quot;:[]},&quot;gap_mobile&quot;:{&quot;unit&quot;:&quot;px&quot;,&quot;size&quot;:10,&quot;sizes&quot;:[]},&quot;link_to&quot;:&quot;file&quot;,&quot;overlay_background&quot;:&quot;yes&quot;,&quot;content_hover_animation&quot;:&quot;fade-in&quot;}\" data-widget_type=\"gallery.default\">\n\t\t\t\t<div class=\"elementor-widget-container\">\n\t\t\t\t\t\t\t<div class=\"elementor-gallery__container\">\n\t\t\t\t\t\t\t<a class=\"e-gallery-item elementor-gallery-item elementor-animated-content\" href=\"https:\/\/costablanca-magazin.com\/wp-content\/uploads\/2026\/01\/20251230_143307-scaled.jpg\" data-elementor-open-lightbox=\"yes\" data-elementor-lightbox-slideshow=\"b48d9a8\" data-elementor-lightbox-title=\"Santa Pola \u2013 K\u00fcstenstadt zwischen Hafen, Salzlagunen und Alltag\" data-elementor-lightbox-description=\"Santa Pola \u2013 K\u00fcstenstadt zwischen Hafen, Salzlagunen und Alltag\" data-e-action-hash=\"#elementor-action%3Aaction%3Dlightbox%26settings%3DeyJpZCI6MTA0MjAsInVybCI6Imh0dHBzOlwvXC9jb3N0YWJsYW5jYS1tYWdhemluLmNvbVwvd3AtY29udGVudFwvdXBsb2Fkc1wvMjAyNlwvMDFcLzIwMjUxMjMwXzE0MzMwNy1zY2FsZWQuanBnIiwic2xpZGVzaG93IjoiYjQ4ZDlhOCJ9\">\n\t\t\t\t\t<div class=\"e-gallery-image elementor-gallery-item__image\" data-thumbnail=\"https:\/\/costablanca-magazin.com\/wp-content\/uploads\/2026\/01\/20251230_143307-scaled.jpg\" data-width=\"2560\" data-height=\"1276\" aria-label=\"Santa Pola - ciudad costera entre puerto, lagunas saladas y vida cotidiana\" role=\"img\" ><\/div>\n\t\t\t\t\t\t\t\t\t\t\t<div class=\"elementor-gallery-item__overlay\"><\/div>\n\t\t\t\t\t\t\t\t\t\t\t\t\t\t<\/a>\n\t\t\t\t\t\t\t<a class=\"e-gallery-item elementor-gallery-item elementor-animated-content\" href=\"https:\/\/costablanca-magazin.com\/wp-content\/uploads\/2026\/01\/20251230_141321-scaled.jpg\" data-elementor-open-lightbox=\"yes\" data-elementor-lightbox-slideshow=\"b48d9a8\" data-elementor-lightbox-title=\"Santa Pola \u2013 K\u00fcstenstadt zwischen Hafen, Salzlagunen und Alltag\" data-elementor-lightbox-description=\"Santa Pola \u2013 K\u00fcstenstadt zwischen Hafen, Salzlagunen und Alltag\" data-e-action-hash=\"#elementor-action%3Aaction%3Dlightbox%26settings%3DeyJpZCI6MTA0MTQsInVybCI6Imh0dHBzOlwvXC9jb3N0YWJsYW5jYS1tYWdhemluLmNvbVwvd3AtY29udGVudFwvdXBsb2Fkc1wvMjAyNlwvMDFcLzIwMjUxMjMwXzE0MTMyMS1zY2FsZWQuanBnIiwic2xpZGVzaG93IjoiYjQ4ZDlhOCJ9\">\n\t\t\t\t\t<div class=\"e-gallery-image elementor-gallery-item__image\" data-thumbnail=\"https:\/\/costablanca-magazin.com\/wp-content\/uploads\/2026\/01\/20251230_141321-scaled.jpg\" data-width=\"2560\" data-height=\"1920\" aria-label=\"Santa Pola - ciudad costera entre puerto, lagunas saladas y vida cotidiana\" role=\"img\" ><\/div>\n\t\t\t\t\t\t\t\t\t\t\t<div class=\"elementor-gallery-item__overlay\"><\/div>\n\t\t\t\t\t\t\t\t\t\t\t\t\t\t<\/a>\n\t\t\t\t\t\t\t<a class=\"e-gallery-item elementor-gallery-item elementor-animated-content\" href=\"https:\/\/costablanca-magazin.com\/wp-content\/uploads\/2026\/01\/20251230_114323-scaled.jpg\" data-elementor-open-lightbox=\"yes\" data-elementor-lightbox-slideshow=\"b48d9a8\" data-elementor-lightbox-title=\"Santa Pola \u2013 K\u00fcstenstadt zwischen Hafen, Salzlagunen und Alltag\" data-elementor-lightbox-description=\"Santa Pola \u2013 K\u00fcstenstadt zwischen Hafen, Salzlagunen und Alltag\" data-e-action-hash=\"#elementor-action%3Aaction%3Dlightbox%26settings%3DeyJpZCI6MTA0MDcsInVybCI6Imh0dHBzOlwvXC9jb3N0YWJsYW5jYS1tYWdhemluLmNvbVwvd3AtY29udGVudFwvdXBsb2Fkc1wvMjAyNlwvMDFcLzIwMjUxMjMwXzExNDMyMy1zY2FsZWQuanBnIiwic2xpZGVzaG93IjoiYjQ4ZDlhOCJ9\">\n\t\t\t\t\t<div class=\"e-gallery-image elementor-gallery-item__image\" data-thumbnail=\"https:\/\/costablanca-magazin.com\/wp-content\/uploads\/2026\/01\/20251230_114323-scaled.jpg\" data-width=\"2560\" data-height=\"1920\" aria-label=\"Santa Pola - ciudad costera entre puerto, lagunas saladas y vida cotidiana\" role=\"img\" ><\/div>\n\t\t\t\t\t\t\t\t\t\t\t<div class=\"elementor-gallery-item__overlay\"><\/div>\n\t\t\t\t\t\t\t\t\t\t\t\t\t\t<\/a>\n\t\t\t\t\t\t\t<a class=\"e-gallery-item elementor-gallery-item elementor-animated-content\" href=\"https:\/\/costablanca-magazin.com\/wp-content\/uploads\/2026\/01\/20251230_143304-scaled.jpg\" data-elementor-open-lightbox=\"yes\" data-elementor-lightbox-slideshow=\"b48d9a8\" data-elementor-lightbox-title=\"Santa Pola \u2013 K\u00fcstenstadt zwischen Hafen, Salzlagunen und Alltag\" data-elementor-lightbox-description=\"Santa Pola \u2013 K\u00fcstenstadt zwischen Hafen, Salzlagunen und Alltag\" data-e-action-hash=\"#elementor-action%3Aaction%3Dlightbox%26settings%3DeyJpZCI6MTA0MTksInVybCI6Imh0dHBzOlwvXC9jb3N0YWJsYW5jYS1tYWdhemluLmNvbVwvd3AtY29udGVudFwvdXBsb2Fkc1wvMjAyNlwvMDFcLzIwMjUxMjMwXzE0MzMwNC1zY2FsZWQuanBnIiwic2xpZGVzaG93IjoiYjQ4ZDlhOCJ9\">\n\t\t\t\t\t<div class=\"e-gallery-image elementor-gallery-item__image\" data-thumbnail=\"https:\/\/costablanca-magazin.com\/wp-content\/uploads\/2026\/01\/20251230_143304-scaled.jpg\" data-width=\"2560\" data-height=\"1565\" aria-label=\"Santa Pola - ciudad costera entre puerto, lagunas saladas y vida cotidiana\" role=\"img\" ><\/div>\n\t\t\t\t\t\t\t\t\t\t\t<div class=\"elementor-gallery-item__overlay\"><\/div>\n\t\t\t\t\t\t\t\t\t\t\t\t\t\t<\/a>\n\t\t\t\t\t<\/div>\n\t\t\t\t\t<\/div>\n\t\t\t\t<\/div>\n\t\t\t\t<\/div>\n\t\t<div class=\"elementor-element elementor-element-31495bd e-con-full e-flex e-con e-child\" data-id=\"31495bd\" data-element_type=\"container\" data-e-type=\"container\">\n\t\t\t\t<div class=\"elementor-element elementor-element-b6ae973 elementor-widget elementor-widget-text-editor\" data-id=\"b6ae973\" data-element_type=\"widget\" data-e-type=\"widget\" data-widget_type=\"text-editor.default\">\n\t\t\t\t<div class=\"elementor-widget-container\">\n\t\t\t\t\t\t\t\t\t<p><strong>Un lugar con funciones claras<br \/><\/strong>Santa Pola no es un im\u00e1n tur\u00edstico, sino un centro de trabajo y vida con conexiones directas con Elche y Alicante. Muchos residentes se desplazan diariamente, otros trabajan localmente: en la pesca, la log\u00edstica, la restauraci\u00f3n, el peque\u00f1o comercio y los servicios.<br \/>El paisaje urbano se compone de:<\/p><ul><li>un puerto activo<\/li><li>el casco antiguo alrededor de la fortaleza<\/li><li>zonas de estar cultivadas<\/li><li>Zonas alrededor de las salinas<\/li><li>Tramos costeros con playas y senderos<\/li><\/ul><p>Esta mezcla hace que Santa Pola sea estable y est\u00e9 claramente estructurada.<\/p><p><strong>Movilidad y localizaci\u00f3n<\/strong><\/p><ul><li>Proximidad a la <strong>Aeropuerto de Alicante-Elche<\/strong><\/li><li>Conexiones de autob\u00fas a Elche, Alicante y Torrevieja<\/li><li>CV-865 carretera hacia Elche y N-332 por la costa<\/li><li>Conexi\u00f3n portuaria con el <strong>Isla de Tabarca<\/strong> (l\u00edneas regulares de transbordadores)<\/li><\/ul><p>La movilidad es funcional y est\u00e1 bien distribuida.<\/p><p><strong>Lugares que merece la pena ver <\/strong><\/p><ul><li><strong>Fortaleza del Castillo<\/strong><\/li><li><strong>Salinas de Santa Pola<\/strong><\/li><li><strong>Museo de la Sal<\/strong><\/li><li><strong>Villa Romana del Palmeral<\/strong><\/li><li><strong>Puertos y pescader\u00edas<\/strong><\/li><li><strong>Calas de Santiago Bernabeu<\/strong><\/li><li><strong>Mirador del Faro de Santa Pola<\/strong> (Punto de vista)<\/li><li><strong>Punto de partida hacia la isla de Tabarca<\/strong> (Transbordadores)<\/li><\/ul><table><thead><tr><td><p><strong>Mercado \/ Tipo de mercado<\/strong><\/p><\/td><td><p><strong>D\u00eda \/ Hora<\/strong><\/p><\/td><td><p><strong>Qu\u00e9 encontrar\u00e1 all\u00ed \/ especialidad<\/strong><\/p><\/td><\/tr><\/thead><tbody><tr><td><p>Mercado semanal \/ Mercadillo<\/p><\/td><td><p><strong>Lunes y s\u00e1bado, aprox. 08:00-14:00<\/strong> (<a href=\"https:\/\/mercadillos.org\/mercadillo-santa-pola?utm_source=chatgpt.com\">Gu\u00eda de Mercadillos<\/a>)<\/p><\/td><td><p>Alrededor de 300-450 puestos con ropa, art\u00edculos de cuero, art\u00edculos para el hogar; los s\u00e1bados tambi\u00e9n fruta y verdura fresca, plantas (<a href=\"https:\/\/thecostablancaguide.com\/listing-item\/santa-pola-local-market\/?utm_source=chatgpt.com\">Gu\u00eda de la Costa Blanca<\/a>)<\/p><\/td><\/tr><tr><td><p>Mercado Central de Santa Pola<\/p><\/td><td><p>De lunes a s\u00e1bado, aprox. de 07:30 a 14:00 (s\u00e1bados hasta las 14:30) (<a href=\"https:\/\/santapola.es\/areas-municipales\/comercio-consumo-mercado\/?utm_source=chatgpt.com\">Ayuntamiento de Santa Pola<\/a>)<\/p><\/td><td><p>Verduras frescas, fruta, carne, pescado, productos a base de pescado; suministros para las necesidades diarias (<a href=\"https:\/\/santapola.es\/areas-municipales\/comercio-consumo-mercado\/?utm_source=chatgpt.com\">Ayuntamiento de Santa Pola<\/a>)<\/p><\/td><\/tr><\/tbody><\/table><p><strong>\u00bfSanta Pola en una frase?<br \/><\/strong>Un lugar que combina trabajo, costa y naturaleza sin florituras.<\/p>\t\t\t\t\t\t\t\t<\/div>\n\t\t\t\t<\/div>\n\t\t\t\t<div class=\"elementor-element elementor-element-29f508d elementor-widget elementor-widget-heading\" data-id=\"29f508d\" data-element_type=\"widget\" data-e-type=\"widget\" data-widget_type=\"heading.default\">\n\t\t\t\t<div class=\"elementor-widget-container\">\n\t\t\t\t\t<h4 class=\"elementor-heading-title elementor-size-default\">Corto y dulce<\/h4>\t\t\t\t<\/div>\n\t\t\t\t<\/div>\n\t\t\t\t<div class=\"elementor-element elementor-element-fe8bdc0 elementor-widget elementor-widget-text-editor\" data-id=\"fe8bdc0\" data-element_type=\"widget\" data-e-type=\"widget\" data-widget_type=\"text-editor.default\">\n\t\t\t\t<div class=\"elementor-widget-container\">\n\t\t\t\t\t\t\t\t\t<ul><li><strong>habitantes (2024):<\/strong> aprox. 36.000<\/li><li><strong>\u00c1reas clave:<\/strong> Puerto, Salinas, Castillo, playas<\/li><li><strong>Espacio natural:<\/strong> Flamencos, lagunas, producci\u00f3n de sal<\/li><li><strong>Movilidad:<\/strong> Proximidad del aeropuerto, red de autobuses, conexiones de transbordador<\/li><li><strong>Caracter\u00edstica especial:<\/strong> Importante puerto pesquero de la Costa Blanca<\/li><\/ul>\t\t\t\t\t\t\t\t<\/div>\n\t\t\t\t<\/div>\n\t\t\t\t<\/div>\n\t\t\t\t\t<\/div>\n\t\t\t\t<\/div>\n\t\t<div class=\"elementor-element elementor-element-9a886b0 e-flex e-con-boxed e-con e-parent\" data-id=\"9a886b0\" data-element_type=\"container\" data-e-type=\"container\">\n\t\t\t\t\t<div class=\"e-con-inner\">\n\t\t\t\t<div class=\"elementor-element elementor-element-d8ef4dc elementor-widget-divider--separator-type-pattern elementor-widget-divider--view-line elementor-widget elementor-widget-divider\" data-id=\"d8ef4dc\" data-element_type=\"widget\" data-e-type=\"widget\" data-widget_type=\"divider.default\">\n\t\t\t\t<div class=\"elementor-widget-container\">\n\t\t\t\t\t\t\t<div class=\"elementor-divider\" style=\"--divider-pattern-url: url(&quot;data:image\/svg+xml,%3Csvg xmlns=&#039;http:\/\/www.w3.org\/2000\/svg&#039; preserveAspectRatio=&#039;none&#039; overflow=&#039;visible&#039; height=&#039;100%&#039; viewBox=&#039;0 0 24 24&#039; fill=&#039;none&#039; stroke=&#039;black&#039; stroke-width=&#039;1&#039; stroke-linecap=&#039;square&#039; stroke-miterlimit=&#039;10&#039;%3E%3Cpath d=&#039;M0,21c3.3,0,8.3-0.9,15.7-7.1c6.6-5.4,4.4-9.3,2.4-10.3c-3.4-1.8-7.7,1.3-7.3,8.8C11.2,20,17.1,21,24,21&#039;\/%3E%3C\/svg%3E&quot;);\">\n\t\t\t<span class=\"elementor-divider-separator\">\n\t\t\t\t\t\t<\/span>\n\t\t<\/div>\n\t\t\t\t\t\t<\/div>\n\t\t\t\t<\/div>\n\t\t\t\t<div class=\"elementor-element elementor-element-c38e5ca elementor-grid-3 elementor-grid-tablet-2 elementor-grid-mobile-1 elementor-posts--thumbnail-top elementor-posts--show-avatar elementor-card-shadow-yes elementor-posts__hover-gradient elementor-widget elementor-widget-posts\" data-id=\"c38e5ca\" data-element_type=\"widget\" data-e-type=\"widget\" data-settings=\"{&quot;cards_columns&quot;:&quot;3&quot;,&quot;cards_columns_tablet&quot;:&quot;2&quot;,&quot;cards_columns_mobile&quot;:&quot;1&quot;,&quot;cards_row_gap&quot;:{&quot;unit&quot;:&quot;px&quot;,&quot;size&quot;:35,&quot;sizes&quot;:[]},&quot;cards_row_gap_tablet&quot;:{&quot;unit&quot;:&quot;px&quot;,&quot;size&quot;:&quot;&quot;,&quot;sizes&quot;:[]},&quot;cards_row_gap_mobile&quot;:{&quot;unit&quot;:&quot;px&quot;,&quot;size&quot;:&quot;&quot;,&quot;sizes&quot;:[]}}\" data-widget_type=\"posts.cards\">\n\t\t\t\t<div class=\"elementor-widget-container\">\n\t\t\t\t\t\t\t<div class=\"elementor-posts-container elementor-posts elementor-posts--skin-cards elementor-grid\" role=\"list\">\n\t\t\t\t<article class=\"elementor-post elementor-grid-item post-9353 post type-post status-publish format-standard has-post-thumbnail hentry category-aktivitaeten-und-ausfluege tag-calpe tag-costa-blanca-2 tag-leben-in-calpe tag-mi-pueblo tag-penon-de-ifach tag-residenten-in-calpe\" role=\"listitem\">\n\t\t\t<div class=\"elementor-post__card\">\n\t\t\t\t<a class=\"elementor-post__thumbnail__link\" href=\"https:\/\/costablanca-magazin.com\/es\/freizeit\/aktivitaeten-und-ausfluege\/calpe-leben-zwischen-fels-salinen-und-altstadt\/\" tabindex=\"-1\" ><div class=\"elementor-post__thumbnail\"><img fetchpriority=\"high\" decoding=\"async\" width=\"1200\" height=\"836\" src=\"https:\/\/costablanca-magazin.com\/wp-content\/uploads\/2025\/10\/drone-view-of-penon-de-ifach-rock-harbor-mediter-2025-02-02-20-19-51-utc.jpg\" class=\"attachment-1536x1536 size-1536x1536 wp-image-9354\" alt=\"Calpe: vida entre rocas, salinas y casco antiguo\" srcset=\"https:\/\/costablanca-magazin.com\/wp-content\/uploads\/2025\/10\/drone-view-of-penon-de-ifach-rock-harbor-mediter-2025-02-02-20-19-51-utc.jpg 1200w, https:\/\/costablanca-magazin.com\/wp-content\/uploads\/2025\/10\/drone-view-of-penon-de-ifach-rock-harbor-mediter-2025-02-02-20-19-51-utc-300x209.jpg 300w, https:\/\/costablanca-magazin.com\/wp-content\/uploads\/2025\/10\/drone-view-of-penon-de-ifach-rock-harbor-mediter-2025-02-02-20-19-51-utc-1024x713.jpg 1024w, https:\/\/costablanca-magazin.com\/wp-content\/uploads\/2025\/10\/drone-view-of-penon-de-ifach-rock-harbor-mediter-2025-02-02-20-19-51-utc-768x535.jpg 768w\" sizes=\"(max-width: 1200px) 100vw, 1200px\" \/><\/div><\/a>\n\t\t\t\t<div class=\"elementor-post__badge\">Actividades y excursiones<\/div>\n\t\t\t\t<div class=\"elementor-post__avatar\">\n\t\t\t\t\t<\/div>\n\t\t\t\t<div class=\"elementor-post__text\">\n\t\t\t\t<h3 class=\"elementor-post__title\">\n\t\t\t<a href=\"https:\/\/costablanca-magazin.com\/es\/freizeit\/aktivitaeten-und-ausfluege\/calpe-leben-zwischen-fels-salinen-und-altstadt\/\" >\n\t\t\t\tCalpe - vida entre roca, salinas y casco antiguo\t\t\t<\/a>\n\t\t<\/h3>\n\t\t\t\t<\/div>\n\t\t\t\t\t<\/div>\n\t\t<\/article>\n\t\t\t\t<article class=\"elementor-post elementor-grid-item post-9057 post type-post status-publish format-standard has-post-thumbnail hentry category-aktivitaeten-und-ausfluege tag-ciudad-deportiva-camilo-cano tag-costa-blanca-kultur tag-la-nucia tag-la-nucia-geschichte tag-la-nucia-legenden tag-la-nucia-sehenswuerdigkeiten tag-la-nucia-traditionen tag-mi-pueblo tag-sportstadt-spanien\" role=\"listitem\">\n\t\t\t<div class=\"elementor-post__card\">\n\t\t\t\t<a class=\"elementor-post__thumbnail__link\" href=\"https:\/\/costablanca-magazin.com\/es\/freizeit\/aktivitaeten-und-ausfluege\/la-nucia-sportstadt-spaniens-mit-geschichte-kultur\/\" tabindex=\"-1\" ><div class=\"elementor-post__thumbnail\"><img decoding=\"async\" width=\"1536\" height=\"562\" src=\"https:\/\/costablanca-magazin.com\/wp-content\/uploads\/2025\/09\/ciudaddeportivacamilocano.com_deportes_estadio-olimpico-camilo-cano-1536x562.jpg\" class=\"attachment-1536x1536 size-1536x1536 wp-image-9046\" alt=\"ciudad deportiva La nucia\" srcset=\"https:\/\/costablanca-magazin.com\/wp-content\/uploads\/2025\/09\/ciudaddeportivacamilocano.com_deportes_estadio-olimpico-camilo-cano-1536x562.jpg 1536w, https:\/\/costablanca-magazin.com\/wp-content\/uploads\/2025\/09\/ciudaddeportivacamilocano.com_deportes_estadio-olimpico-camilo-cano-300x110.jpg 300w, https:\/\/costablanca-magazin.com\/wp-content\/uploads\/2025\/09\/ciudaddeportivacamilocano.com_deportes_estadio-olimpico-camilo-cano-1024x374.jpg 1024w, https:\/\/costablanca-magazin.com\/wp-content\/uploads\/2025\/09\/ciudaddeportivacamilocano.com_deportes_estadio-olimpico-camilo-cano-768x281.jpg 768w, https:\/\/costablanca-magazin.com\/wp-content\/uploads\/2025\/09\/ciudaddeportivacamilocano.com_deportes_estadio-olimpico-camilo-cano.jpg 1600w\" sizes=\"(max-width: 1536px) 100vw, 1536px\" \/><\/div><\/a>\n\t\t\t\t<div class=\"elementor-post__badge\">Actividades y excursiones<\/div>\n\t\t\t\t<div class=\"elementor-post__avatar\">\n\t\t\t\t\t<\/div>\n\t\t\t\t<div class=\"elementor-post__text\">\n\t\t\t\t<h3 class=\"elementor-post__title\">\n\t\t\t<a href=\"https:\/\/costablanca-magazin.com\/es\/freizeit\/aktivitaeten-und-ausfluege\/la-nucia-sportstadt-spaniens-mit-geschichte-kultur\/\" >\n\t\t\t\tLa Nuc\u00eda - Ciudad deportiva de Espa\u00f1a con historia y cultura\t\t\t<\/a>\n\t\t<\/h3>\n\t\t\t\t<\/div>\n\t\t\t\t\t<\/div>\n\t\t<\/article>\n\t\t\t\t<article class=\"elementor-post elementor-grid-item post-8593 post type-post status-publish format-standard has-post-thumbnail hentry category-aktivitaeten-und-ausfluege tag-castillo-de-denia tag-denia tag-hafenstadt tag-marina-alta tag-mi-pueblo tag-montgo tag-straende-denia\" role=\"listitem\">\n\t\t\t<div class=\"elementor-post__card\">\n\t\t\t\t<a class=\"elementor-post__thumbnail__link\" href=\"https:\/\/costablanca-magazin.com\/es\/freizeit\/aktivitaeten-und-ausfluege\/denia-die-stadt-zwischen-meer-montgo-und-geschichte\/\" tabindex=\"-1\" ><div class=\"elementor-post__thumbnail\"><img decoding=\"async\" width=\"864\" height=\"648\" src=\"https:\/\/costablanca-magazin.com\/wp-content\/uploads\/2025\/08\/Markus-Galiano-2.jpg\" class=\"attachment-1536x1536 size-1536x1536 wp-image-8629\" alt=\"D\u00e9nia, ciudad entre el mar y el Montg\u00f3 14\" srcset=\"https:\/\/costablanca-magazin.com\/wp-content\/uploads\/2025\/08\/Markus-Galiano-2.jpg 864w, https:\/\/costablanca-magazin.com\/wp-content\/uploads\/2025\/08\/Markus-Galiano-2-300x225.jpg 300w, https:\/\/costablanca-magazin.com\/wp-content\/uploads\/2025\/08\/Markus-Galiano-2-768x576.jpg 768w\" sizes=\"(max-width: 864px) 100vw, 864px\" \/><\/div><\/a>\n\t\t\t\t<div class=\"elementor-post__badge\">Actividades y excursiones<\/div>\n\t\t\t\t<div class=\"elementor-post__avatar\">\n\t\t\t\t\t<\/div>\n\t\t\t\t<div class=\"elementor-post__text\">\n\t\t\t\t<h3 class=\"elementor-post__title\">\n\t\t\t<a href=\"https:\/\/costablanca-magazin.com\/es\/freizeit\/aktivitaeten-und-ausfluege\/denia-die-stadt-zwischen-meer-montgo-und-geschichte\/\" >\n\t\t\t\tD\u00e9nia, entre mar, Montg\u00f3 e historia\t\t\t<\/a>\n\t\t<\/h3>\n\t\t\t\t<\/div>\n\t\t\t\t\t<\/div>\n\t\t<\/article>\n\t\t\t\t<\/div>\n\t\t\n\t\t\t\t\t\t<\/div>\n\t\t\t\t<\/div>\n\t\t\t\t\t<\/div>\n\t\t\t\t<\/div>\n\t\t\t\t<\/div>","protected":false},"excerpt":{"rendered":"<p>Santa Pola - ciudad costera entre puerto, salinas y vida cotidiana Santa Pola combina puerto, salinas, castillo y playas. Panor\u00e1mica de la<\/p>","protected":false},"author":1,"featured_media":0,"parent":0,"menu_order":0,"comment_status":"closed","ping_status":"closed","template":"elementor_header_footer","meta":{"footnotes":""},"class_list":["post-10692","page","type-page","status-publish","hentry"],"aioseo_notices":[],"_links":{"self":[{"href":"https:\/\/costablanca-magazin.com\/es\/wp-json\/wp\/v2\/pages\/10692","targetHints":{"allow":["GET"]}}],"collection":[{"href":"https:\/\/costablanca-magazin.com\/es\/wp-json\/wp\/v2\/pages"}],"about":[{"href":"https:\/\/costablanca-magazin.com\/es\/wp-json\/wp\/v2\/types\/page"}],"author":[{"embeddable":true,"href":"https:\/\/costablanca-magazin.com\/es\/wp-json\/wp\/v2\/users\/1"}],"replies":[{"embeddable":true,"href":"https:\/\/costablanca-magazin.com\/es\/wp-json\/wp\/v2\/comments?post=10692"}],"version-history":[{"count":10,"href":"https:\/\/costablanca-magazin.com\/es\/wp-json\/wp\/v2\/pages\/10692\/revisions"}],"predecessor-version":[{"id":11177,"href":"https:\/\/costablanca-magazin.com\/es\/wp-json\/wp\/v2\/pages\/10692\/revisions\/11177"}],"wp:attachment":[{"href":"https:\/\/costablanca-magazin.com\/es\/wp-json\/wp\/v2\/media?parent=10692"}],"curies":[{"name":"wp","href":"https:\/\/api.w.org\/{rel}","templated":true}]}}