{"id":10688,"date":"2026-02-10T08:39:41","date_gmt":"2026-02-10T07:39:41","guid":{"rendered":"https:\/\/costablanca-magazin.com\/?page_id=10688"},"modified":"2026-02-10T08:57:47","modified_gmt":"2026-02-10T07:57:47","slug":"alicante","status":"publish","type":"page","link":"https:\/\/costablanca-magazin.com\/es\/alicante\/","title":{"rendered":"Alicante"},"content":{"rendered":"<div data-elementor-type=\"wp-page\" data-elementor-id=\"10688\" class=\"elementor elementor-10688\" data-elementor-post-type=\"page\">\n\t\t\t\t<div class=\"elementor-element elementor-element-aadabee e-flex e-con-boxed e-con e-parent\" data-id=\"aadabee\" data-element_type=\"container\" data-e-type=\"container\">\n\t\t\t\t\t<div class=\"e-con-inner\">\n\t\t\t\t<div class=\"elementor-element elementor-element-5a67966 elementor-widget elementor-widget-heading\" data-id=\"5a67966\" data-element_type=\"widget\" data-e-type=\"widget\" data-widget_type=\"heading.default\">\n\t\t\t\t<div class=\"elementor-widget-container\">\n\t\t\t\t\t<h1 class=\"elementor-heading-title elementor-size-default\">Alicante: Castillo, Rambla, playas - lo m\u00e1s importante de un vistazo<\/h1>\t\t\t\t<\/div>\n\t\t\t\t<\/div>\n\t\t\t\t<div class=\"elementor-element elementor-element-3eadc19 elementor-widget elementor-widget-image\" data-id=\"3eadc19\" data-element_type=\"widget\" data-e-type=\"widget\" data-widget_type=\"image.default\">\n\t\t\t\t<div class=\"elementor-widget-container\">\n\t\t\t\t\t\t\t\t\t\t\t\t\t\t\t<img decoding=\"async\" src=\"https:\/\/costablanca-magazin.com\/wp-content\/uploads\/elementor\/thumbs\/Alicante-Costablanca-Magazin-22-e1770129373616-rjc4agacsirdeoxu6wngv92mwxpnkwquckc4qwzulo.jpg\" title=\"Revista Alicante Costablanca (22)\" alt=\"Revista Alicante Costablanca (22)\" loading=\"lazy\" \/>\t\t\t\t\t\t\t\t\t\t\t\t\t\t\t<\/div>\n\t\t\t\t<\/div>\n\t\t\t\t\t<\/div>\n\t\t\t\t<\/div>\n\t\t<div class=\"elementor-element elementor-element-26ccb47 e-flex e-con-boxed e-con e-parent\" data-id=\"26ccb47\" data-element_type=\"container\" data-e-type=\"container\">\n\t\t\t\t\t<div class=\"e-con-inner\">\n\t\t\t\t<div class=\"elementor-element elementor-element-98d7bbd elementor-widget elementor-widget-heading\" data-id=\"98d7bbd\" data-element_type=\"widget\" data-e-type=\"widget\" data-widget_type=\"heading.default\">\n\t\t\t\t<div class=\"elementor-widget-container\">\n\t\t\t\t\t<h2 class=\"elementor-heading-title elementor-size-default\">Alicante es la capital de la Costa Blanca: Castillo, Rambla, playas, MARQ, Lucentum y puerto. Todos los lugares relevantes y la informaci\u00f3n de un vistazo.<\/h2>\t\t\t\t<\/div>\n\t\t\t\t<\/div>\n\t\t\t\t\t<\/div>\n\t\t\t\t<\/div>\n\t\t<div class=\"elementor-element elementor-element-b52f881 e-flex e-con-boxed e-con e-parent\" data-id=\"b52f881\" data-element_type=\"container\" data-e-type=\"container\">\n\t\t\t\t\t<div class=\"e-con-inner\">\n\t\t<div class=\"elementor-element elementor-element-3a0cdbd e-con-full e-flex e-con e-child\" data-id=\"3a0cdbd\" data-element_type=\"container\" data-e-type=\"container\">\n\t\t\t\t<div class=\"elementor-element elementor-element-749d0f2 elementor-widget elementor-widget-text-editor\" data-id=\"749d0f2\" data-element_type=\"widget\" data-e-type=\"widget\" data-widget_type=\"text-editor.default\">\n\t\t\t\t<div class=\"elementor-widget-container\">\n\t\t\t\t\t\t\t\t\t<p><strong>Descubra Alicante: datos, informaci\u00f3n y consejos <br \/><\/strong>Alicante es capital de provincia, centro administrativo y referente urbano de toda la regi\u00f3n. Si caminas por la ma\u00f1ana por la Rambla de M\u00e9ndez N\u00fa\u00f1ez en direcci\u00f3n al casco antiguo, te encontrar\u00e1s en medio de esta vida cotidiana: gente camino del trabajo, furgonetas de reparto, estudiantes, funcionarios... una ciudad que trabaja sin alardes.<br \/><br \/>El Castillo de Santa B\u00e1rbara, en el Monte Benacantil, se alza por encima de todo. Visible desde casi todas las calles, representa menos el romanticismo que el largo papel estrat\u00e9gico de Alicante en esta costa. Hoy, la ciudad se caracteriza sobre todo por lo que aqu\u00ed funciona con fiabilidad: Movilidad, abastecimiento, educaci\u00f3n y una estructura urbana que miles de personas de la Marina Alta y la Marina Baixa utilizan habitualmente.<\/p><p><strong>Historia que no se oculta<br \/><\/strong>En <strong>El Barrio<\/strong>, El centro hist\u00f3rico de Alicante se aprecia en las callejuelas, patios, plazuelas y antiguas murallas situadas justo debajo del Castillo. La ciudad conserva huellas de muchas \u00e9pocas: \u00edbera, romana, andalus\u00ed y m\u00e1s tarde cristiana.<br \/>En <strong>Mercado Central<\/strong> es otra pieza de la historia viva de la ciudad: un mercado que no existe para las fotos, sino para las compras cotidianas. En las inmediaciones se encuentran los restos de la antigua muralla de la ciudad y edificios de varios siglos, que Alicante nunca ha perdido del todo.<\/p><p><strong>Puerto y ciudad: un espacio coherente<br \/><\/strong>El puerto no es un ap\u00e9ndice decorativo, sino un lugar de trabajo y transporte: conexiones en ferry con las islas, clubes n\u00e1uticos, pesca, gastronom\u00eda, log\u00edstica. Todo est\u00e1 junto y demuestra que Alicante trabaja con el mar, no junto a \u00e9l.<br \/>En <strong>Explanada de Espa\u00f1a<\/strong> conecta esta zona con el centro de la ciudad, un eje que se utiliza porque tiene sentido, no porque plantea.<\/p><p><strong>Zonas urbanas que trabajan juntas<\/strong><\/p><p>Alicante se compone de varias zonas claramente diferenciadas:<\/p><ul><li><strong>Centro y Rambla<\/strong> - Servicios, administraci\u00f3n, bancos, comercios.<\/li><li><strong>El Barrio<\/strong> - centro hist\u00f3rico, cultura, gastronom\u00eda, vida nocturna.<\/li><li><strong>San Blas, Carolinas, Altozano<\/strong> - barrios densamente poblados con escuelas, mercados y peque\u00f1as empresas.<\/li><li><strong>Albufereta y Playa de San Juan<\/strong> - zonas costeras desarrolladas con fuertes conexiones TRAM.<\/li><li><strong>Benal\u00faa y Babel<\/strong> - zonas estrat\u00e9gicas con autoridades, tribunales y ejes de transporte de f\u00e1cil acceso.<\/li><\/ul><p>La diversidad no es ca\u00f3tica, sino necesaria: crea un tejido urbano estable.<\/p><p><strong>Alicante como centro administrativo, educativo y sanitario<br \/><\/strong>En <strong>Universidad de Alicante<\/strong> caracteriza a la ciudad desde hace d\u00e9cadas. Tambi\u00e9n hay escuelas t\u00e9cnicas superiores, institutos de idiomas, hospitales, el complejo judicial y numerosas autoridades de \u00e1mbito regional y nacional.<br \/>Muchos residentes del norte y el sur de la Costa Blanca acuden regularmente a Alicante para recibir atenci\u00f3n m\u00e9dica, visitar a las autoridades, ir de compras o ampliar sus estudios. Este papel hace que la ciudad sea indispensable para toda la costa.<\/p>\t\t\t\t\t\t\t\t<\/div>\n\t\t\t\t<\/div>\n\t\t\t\t<\/div>\n\t\t<div class=\"elementor-element elementor-element-5f28052 e-con-full e-flex e-con e-child\" data-id=\"5f28052\" data-element_type=\"container\" data-e-type=\"container\">\n\t\t\t\t<div class=\"elementor-element elementor-element-583a7d6 elementor-widget__width-initial elementor-widget elementor-widget-gallery\" data-id=\"583a7d6\" data-element_type=\"widget\" data-e-type=\"widget\" data-settings=\"{&quot;columns&quot;:1,&quot;gap&quot;:{&quot;unit&quot;:&quot;px&quot;,&quot;size&quot;:2,&quot;sizes&quot;:[]},&quot;aspect_ratio&quot;:&quot;16:9&quot;,&quot;lazyload&quot;:&quot;yes&quot;,&quot;gallery_layout&quot;:&quot;grid&quot;,&quot;columns_tablet&quot;:2,&quot;columns_mobile&quot;:1,&quot;gap_tablet&quot;:{&quot;unit&quot;:&quot;px&quot;,&quot;size&quot;:10,&quot;sizes&quot;:[]},&quot;gap_mobile&quot;:{&quot;unit&quot;:&quot;px&quot;,&quot;size&quot;:10,&quot;sizes&quot;:[]},&quot;link_to&quot;:&quot;file&quot;,&quot;overlay_background&quot;:&quot;yes&quot;,&quot;content_hover_animation&quot;:&quot;fade-in&quot;}\" data-widget_type=\"gallery.default\">\n\t\t\t\t<div class=\"elementor-widget-container\">\n\t\t\t\t\t\t\t<div class=\"elementor-gallery__container\">\n\t\t\t\t\t\t\t<a class=\"e-gallery-item elementor-gallery-item elementor-animated-content\" href=\"https:\/\/costablanca-magazin.com\/wp-content\/uploads\/2026\/02\/CBM-Alicante-Markthalle-27-scaled.jpg\" data-elementor-open-lightbox=\"yes\" data-elementor-lightbox-slideshow=\"583a7d6\" data-elementor-lightbox-title=\"CBM Alicante Markthalle (27)\" data-elementor-lightbox-description=\"Alicante Costablanca Magazin\" data-e-action-hash=\"#elementor-action%3Aaction%3Dlightbox%26settings%3DeyJpZCI6MTA2MTgsInVybCI6Imh0dHBzOlwvXC9jb3N0YWJsYW5jYS1tYWdhemluLmNvbVwvd3AtY29udGVudFwvdXBsb2Fkc1wvMjAyNlwvMDJcL0NCTS1BbGljYW50ZS1NYXJrdGhhbGxlLTI3LXNjYWxlZC5qcGciLCJzbGlkZXNob3ciOiI1ODNhN2Q2In0%3D\">\n\t\t\t\t\t<div class=\"e-gallery-image elementor-gallery-item__image\" data-thumbnail=\"https:\/\/costablanca-magazin.com\/wp-content\/uploads\/2026\/02\/CBM-Alicante-Markthalle-27-scaled.jpg\" data-width=\"2560\" data-height=\"1441\" aria-label=\"Revista Alicante Costablanca\" role=\"img\" ><\/div>\n\t\t\t\t\t\t\t\t\t\t\t<div class=\"elementor-gallery-item__overlay\"><\/div>\n\t\t\t\t\t\t\t\t\t\t\t\t\t\t<\/a>\n\t\t\t\t\t\t\t<a class=\"e-gallery-item elementor-gallery-item elementor-animated-content\" href=\"https:\/\/costablanca-magazin.com\/wp-content\/uploads\/2026\/02\/CBM-Alicante-Markthalle-4.jpg\" data-elementor-open-lightbox=\"yes\" data-elementor-lightbox-slideshow=\"583a7d6\" data-elementor-lightbox-title=\"CBM Alicante Markthalle (4)\" data-elementor-lightbox-description=\"Alicante Costablanca Magazin\" data-e-action-hash=\"#elementor-action%3Aaction%3Dlightbox%26settings%3DeyJpZCI6MTA1OTUsInVybCI6Imh0dHBzOlwvXC9jb3N0YWJsYW5jYS1tYWdhemluLmNvbVwvd3AtY29udGVudFwvdXBsb2Fkc1wvMjAyNlwvMDJcL0NCTS1BbGljYW50ZS1NYXJrdGhhbGxlLTQuanBnIiwic2xpZGVzaG93IjoiNTgzYTdkNiJ9\">\n\t\t\t\t\t<div class=\"e-gallery-image elementor-gallery-item__image\" data-thumbnail=\"https:\/\/costablanca-magazin.com\/wp-content\/uploads\/2026\/02\/CBM-Alicante-Markthalle-4.jpg\" data-width=\"2252\" data-height=\"2290\" aria-label=\"Revista Alicante Costablanca\" role=\"img\" ><\/div>\n\t\t\t\t\t\t\t\t\t\t\t<div class=\"elementor-gallery-item__overlay\"><\/div>\n\t\t\t\t\t\t\t\t\t\t\t\t\t\t<\/a>\n\t\t\t\t\t\t\t<a class=\"e-gallery-item elementor-gallery-item elementor-animated-content\" href=\"https:\/\/costablanca-magazin.com\/wp-content\/uploads\/2026\/02\/CBM-Alicante-el-Palmeral-Park-12-rotated.jpg\" data-elementor-open-lightbox=\"yes\" data-elementor-lightbox-slideshow=\"583a7d6\" data-elementor-lightbox-title=\"CBM Alicante el Palmeral Park (12)\" data-elementor-lightbox-description=\"Alicante Costablanca Magazin\" data-e-action-hash=\"#elementor-action%3Aaction%3Dlightbox%26settings%3DeyJpZCI6MTA1ODYsInVybCI6Imh0dHBzOlwvXC9jb3N0YWJsYW5jYS1tYWdhemluLmNvbVwvd3AtY29udGVudFwvdXBsb2Fkc1wvMjAyNlwvMDJcL0NCTS1BbGljYW50ZS1lbC1QYWxtZXJhbC1QYXJrLTEyLXJvdGF0ZWQuanBnIiwic2xpZGVzaG93IjoiNTgzYTdkNiJ9\">\n\t\t\t\t\t<div class=\"e-gallery-image elementor-gallery-item__image\" data-thumbnail=\"https:\/\/costablanca-magazin.com\/wp-content\/uploads\/2026\/02\/CBM-Alicante-el-Palmeral-Park-12-rotated.jpg\" data-width=\"1441\" data-height=\"2560\" aria-label=\"Revista Alicante Costablanca\" role=\"img\" ><\/div>\n\t\t\t\t\t\t\t\t\t\t\t<div class=\"elementor-gallery-item__overlay\"><\/div>\n\t\t\t\t\t\t\t\t\t\t\t\t\t\t<\/a>\n\t\t\t\t\t\t\t<a class=\"e-gallery-item elementor-gallery-item elementor-animated-content\" href=\"https:\/\/costablanca-magazin.com\/wp-content\/uploads\/2026\/02\/CBM-Alicante-el-Palmeral-Park-5-rotated.jpg\" data-elementor-open-lightbox=\"yes\" data-elementor-lightbox-slideshow=\"583a7d6\" data-elementor-lightbox-title=\"CBM Alicante el Palmeral Park (5)\" data-elementor-lightbox-description=\"Alicante Costablanca Magazin\" data-e-action-hash=\"#elementor-action%3Aaction%3Dlightbox%26settings%3DeyJpZCI6MTA1NzksInVybCI6Imh0dHBzOlwvXC9jb3N0YWJsYW5jYS1tYWdhemluLmNvbVwvd3AtY29udGVudFwvdXBsb2Fkc1wvMjAyNlwvMDJcL0NCTS1BbGljYW50ZS1lbC1QYWxtZXJhbC1QYXJrLTUtcm90YXRlZC5qcGciLCJzbGlkZXNob3ciOiI1ODNhN2Q2In0%3D\">\n\t\t\t\t\t<div class=\"e-gallery-image elementor-gallery-item__image\" data-thumbnail=\"https:\/\/costablanca-magazin.com\/wp-content\/uploads\/2026\/02\/CBM-Alicante-el-Palmeral-Park-5-rotated.jpg\" data-width=\"1441\" data-height=\"2560\" aria-label=\"Revista Alicante Costablanca\" role=\"img\" ><\/div>\n\t\t\t\t\t\t\t\t\t\t\t<div class=\"elementor-gallery-item__overlay\"><\/div>\n\t\t\t\t\t\t\t\t\t\t\t\t\t\t<\/a>\n\t\t\t\t\t\t\t<a class=\"e-gallery-item elementor-gallery-item elementor-animated-content\" href=\"https:\/\/costablanca-magazin.com\/wp-content\/uploads\/2026\/02\/Alicante-Costablanca-Magazin-5.jpg\" data-elementor-open-lightbox=\"yes\" data-elementor-lightbox-slideshow=\"583a7d6\" data-elementor-lightbox-title=\"Alicante Costablanca Magazin (5)\" data-elementor-lightbox-description=\"Alicante Costablanca Magazin\" data-e-action-hash=\"#elementor-action%3Aaction%3Dlightbox%26settings%3DeyJpZCI6MTA1NTQsInVybCI6Imh0dHBzOlwvXC9jb3N0YWJsYW5jYS1tYWdhemluLmNvbVwvd3AtY29udGVudFwvdXBsb2Fkc1wvMjAyNlwvMDJcL0FsaWNhbnRlLUNvc3RhYmxhbmNhLU1hZ2F6aW4tNS5qcGciLCJzbGlkZXNob3ciOiI1ODNhN2Q2In0%3D\">\n\t\t\t\t\t<div class=\"e-gallery-image elementor-gallery-item__image\" data-thumbnail=\"https:\/\/costablanca-magazin.com\/wp-content\/uploads\/2026\/02\/Alicante-Costablanca-Magazin-5.jpg\" data-width=\"1200\" data-height=\"1600\" aria-label=\"Revista Alicante Costablanca\" role=\"img\" ><\/div>\n\t\t\t\t\t\t\t\t\t\t\t<div class=\"elementor-gallery-item__overlay\"><\/div>\n\t\t\t\t\t\t\t\t\t\t\t\t\t\t<\/a>\n\t\t\t\t\t\t\t<a class=\"e-gallery-item elementor-gallery-item elementor-animated-content\" href=\"https:\/\/costablanca-magazin.com\/wp-content\/uploads\/2026\/02\/CBM-Alicante-el-Palmeral-Park-2-rotated.jpg\" data-elementor-open-lightbox=\"yes\" data-elementor-lightbox-slideshow=\"583a7d6\" data-elementor-lightbox-title=\"CBM Alicante el Palmeral Park (2)\" data-elementor-lightbox-description=\"Alicante Costablanca Magazin\" data-e-action-hash=\"#elementor-action%3Aaction%3Dlightbox%26settings%3DeyJpZCI6MTA1NzYsInVybCI6Imh0dHBzOlwvXC9jb3N0YWJsYW5jYS1tYWdhemluLmNvbVwvd3AtY29udGVudFwvdXBsb2Fkc1wvMjAyNlwvMDJcL0NCTS1BbGljYW50ZS1lbC1QYWxtZXJhbC1QYXJrLTItcm90YXRlZC5qcGciLCJzbGlkZXNob3ciOiI1ODNhN2Q2In0%3D\">\n\t\t\t\t\t<div class=\"e-gallery-image elementor-gallery-item__image\" data-thumbnail=\"https:\/\/costablanca-magazin.com\/wp-content\/uploads\/2026\/02\/CBM-Alicante-el-Palmeral-Park-2-rotated.jpg\" data-width=\"1441\" data-height=\"2560\" aria-label=\"Revista Alicante Costablanca\" role=\"img\" ><\/div>\n\t\t\t\t\t\t\t\t\t\t\t<div class=\"elementor-gallery-item__overlay\"><\/div>\n\t\t\t\t\t\t\t\t\t\t\t\t\t\t<\/a>\n\t\t\t\t\t<\/div>\n\t\t\t\t\t<\/div>\n\t\t\t\t<\/div>\n\t\t\t\t<\/div>\n\t\t<div class=\"elementor-element elementor-element-723310a e-con-full e-flex e-con e-child\" data-id=\"723310a\" data-element_type=\"container\" data-e-type=\"container\">\n\t\t\t\t<div class=\"elementor-element elementor-element-87d715b elementor-widget__width-initial elementor-widget elementor-widget-gallery\" data-id=\"87d715b\" data-element_type=\"widget\" data-e-type=\"widget\" data-settings=\"{&quot;columns&quot;:1,&quot;gap&quot;:{&quot;unit&quot;:&quot;px&quot;,&quot;size&quot;:2,&quot;sizes&quot;:[]},&quot;aspect_ratio&quot;:&quot;16:9&quot;,&quot;lazyload&quot;:&quot;yes&quot;,&quot;gallery_layout&quot;:&quot;grid&quot;,&quot;columns_tablet&quot;:2,&quot;columns_mobile&quot;:1,&quot;gap_tablet&quot;:{&quot;unit&quot;:&quot;px&quot;,&quot;size&quot;:10,&quot;sizes&quot;:[]},&quot;gap_mobile&quot;:{&quot;unit&quot;:&quot;px&quot;,&quot;size&quot;:10,&quot;sizes&quot;:[]},&quot;link_to&quot;:&quot;file&quot;,&quot;overlay_background&quot;:&quot;yes&quot;,&quot;content_hover_animation&quot;:&quot;fade-in&quot;}\" data-widget_type=\"gallery.default\">\n\t\t\t\t<div class=\"elementor-widget-container\">\n\t\t\t\t\t\t\t<div class=\"elementor-gallery__container\">\n\t\t\t\t\t\t\t<a class=\"e-gallery-item elementor-gallery-item elementor-animated-content\" href=\"https:\/\/costablanca-magazin.com\/wp-content\/uploads\/2026\/02\/CBM-Alicante-Markthalle-28-scaled.jpg\" data-elementor-open-lightbox=\"yes\" data-elementor-lightbox-slideshow=\"87d715b\" data-elementor-lightbox-title=\"CBM Alicante Markthalle (28)\" data-elementor-lightbox-description=\"Alicante Costablanca Magazin\" data-e-action-hash=\"#elementor-action%3Aaction%3Dlightbox%26settings%3DeyJpZCI6MTA2MTksInVybCI6Imh0dHBzOlwvXC9jb3N0YWJsYW5jYS1tYWdhemluLmNvbVwvd3AtY29udGVudFwvdXBsb2Fkc1wvMjAyNlwvMDJcL0NCTS1BbGljYW50ZS1NYXJrdGhhbGxlLTI4LXNjYWxlZC5qcGciLCJzbGlkZXNob3ciOiI4N2Q3MTViIn0%3D\">\n\t\t\t\t\t<div class=\"e-gallery-image elementor-gallery-item__image\" data-thumbnail=\"https:\/\/costablanca-magazin.com\/wp-content\/uploads\/2026\/02\/CBM-Alicante-Markthalle-28-scaled.jpg\" data-width=\"2560\" data-height=\"1441\" aria-label=\"Revista Alicante Costablanca\" role=\"img\" ><\/div>\n\t\t\t\t\t\t\t\t\t\t\t<div class=\"elementor-gallery-item__overlay\"><\/div>\n\t\t\t\t\t\t\t\t\t\t\t\t\t\t<\/a>\n\t\t\t\t\t\t\t<a class=\"e-gallery-item elementor-gallery-item elementor-animated-content\" href=\"https:\/\/costablanca-magazin.com\/wp-content\/uploads\/2026\/02\/CBM-Alicante-Markthalle-25-scaled.jpg\" data-elementor-open-lightbox=\"yes\" data-elementor-lightbox-slideshow=\"87d715b\" data-elementor-lightbox-title=\"CBM Alicante Markthalle (25)\" data-elementor-lightbox-description=\"Alicante Costablanca Magazin\" data-e-action-hash=\"#elementor-action%3Aaction%3Dlightbox%26settings%3DeyJpZCI6MTA2MTYsInVybCI6Imh0dHBzOlwvXC9jb3N0YWJsYW5jYS1tYWdhemluLmNvbVwvd3AtY29udGVudFwvdXBsb2Fkc1wvMjAyNlwvMDJcL0NCTS1BbGljYW50ZS1NYXJrdGhhbGxlLTI1LXNjYWxlZC5qcGciLCJzbGlkZXNob3ciOiI4N2Q3MTViIn0%3D\">\n\t\t\t\t\t<div class=\"e-gallery-image elementor-gallery-item__image\" data-thumbnail=\"https:\/\/costablanca-magazin.com\/wp-content\/uploads\/2026\/02\/CBM-Alicante-Markthalle-25-scaled.jpg\" data-width=\"2560\" data-height=\"1865\" aria-label=\"Revista Alicante Costablanca\" role=\"img\" ><\/div>\n\t\t\t\t\t\t\t\t\t\t\t<div class=\"elementor-gallery-item__overlay\"><\/div>\n\t\t\t\t\t\t\t\t\t\t\t\t\t\t<\/a>\n\t\t\t\t\t\t\t<a class=\"e-gallery-item elementor-gallery-item elementor-animated-content\" href=\"https:\/\/costablanca-magazin.com\/wp-content\/uploads\/2026\/02\/CBM-Alicante-Markthalle-12-scaled.jpg\" data-elementor-open-lightbox=\"yes\" data-elementor-lightbox-slideshow=\"87d715b\" data-elementor-lightbox-title=\"CBM Alicante Markthalle (12)\" data-elementor-lightbox-description=\"Alicante Costablanca Magazin\" data-e-action-hash=\"#elementor-action%3Aaction%3Dlightbox%26settings%3DeyJpZCI6MTA2MDMsInVybCI6Imh0dHBzOlwvXC9jb3N0YWJsYW5jYS1tYWdhemluLmNvbVwvd3AtY29udGVudFwvdXBsb2Fkc1wvMjAyNlwvMDJcL0NCTS1BbGljYW50ZS1NYXJrdGhhbGxlLTEyLXNjYWxlZC5qcGciLCJzbGlkZXNob3ciOiI4N2Q3MTViIn0%3D\">\n\t\t\t\t\t<div class=\"e-gallery-image elementor-gallery-item__image\" data-thumbnail=\"https:\/\/costablanca-magazin.com\/wp-content\/uploads\/2026\/02\/CBM-Alicante-Markthalle-12-scaled.jpg\" data-width=\"2560\" data-height=\"1692\" aria-label=\"Revista Alicante Costablanca\" role=\"img\" ><\/div>\n\t\t\t\t\t\t\t\t\t\t\t<div class=\"elementor-gallery-item__overlay\"><\/div>\n\t\t\t\t\t\t\t\t\t\t\t\t\t\t<\/a>\n\t\t\t\t\t\t\t<a class=\"e-gallery-item elementor-gallery-item elementor-animated-content\" href=\"https:\/\/costablanca-magazin.com\/wp-content\/uploads\/2026\/02\/CBM-Alicante-Markthalle-9-rotated.jpg\" data-elementor-open-lightbox=\"yes\" data-elementor-lightbox-slideshow=\"87d715b\" data-elementor-lightbox-title=\"CBM Alicante Markthalle (9)\" data-elementor-lightbox-description=\"Alicante Costablanca Magazin\" data-e-action-hash=\"#elementor-action%3Aaction%3Dlightbox%26settings%3DeyJpZCI6MTA2MDAsInVybCI6Imh0dHBzOlwvXC9jb3N0YWJsYW5jYS1tYWdhemluLmNvbVwvd3AtY29udGVudFwvdXBsb2Fkc1wvMjAyNlwvMDJcL0NCTS1BbGljYW50ZS1NYXJrdGhhbGxlLTktcm90YXRlZC5qcGciLCJzbGlkZXNob3ciOiI4N2Q3MTViIn0%3D\">\n\t\t\t\t\t<div class=\"e-gallery-image elementor-gallery-item__image\" data-thumbnail=\"https:\/\/costablanca-magazin.com\/wp-content\/uploads\/2026\/02\/CBM-Alicante-Markthalle-9-rotated.jpg\" data-width=\"1441\" data-height=\"2560\" aria-label=\"Revista Alicante Costablanca\" role=\"img\" ><\/div>\n\t\t\t\t\t\t\t\t\t\t\t<div class=\"elementor-gallery-item__overlay\"><\/div>\n\t\t\t\t\t\t\t\t\t\t\t\t\t\t<\/a>\n\t\t\t\t\t\t\t<a class=\"e-gallery-item elementor-gallery-item elementor-animated-content\" href=\"https:\/\/costablanca-magazin.com\/wp-content\/uploads\/2026\/02\/Alicante-Costablanca-Magazin-17.jpg\" data-elementor-open-lightbox=\"yes\" data-elementor-lightbox-slideshow=\"87d715b\" data-elementor-lightbox-title=\"Alicante Costablanca Magazin (17)\" data-elementor-lightbox-description=\"Alicante Costablanca Magazin\" data-e-action-hash=\"#elementor-action%3Aaction%3Dlightbox%26settings%3DeyJpZCI6MTA1NjYsInVybCI6Imh0dHBzOlwvXC9jb3N0YWJsYW5jYS1tYWdhemluLmNvbVwvd3AtY29udGVudFwvdXBsb2Fkc1wvMjAyNlwvMDJcL0FsaWNhbnRlLUNvc3RhYmxhbmNhLU1hZ2F6aW4tMTcuanBnIiwic2xpZGVzaG93IjoiODdkNzE1YiJ9\">\n\t\t\t\t\t<div class=\"e-gallery-image elementor-gallery-item__image\" data-thumbnail=\"https:\/\/costablanca-magazin.com\/wp-content\/uploads\/2026\/02\/Alicante-Costablanca-Magazin-17.jpg\" data-width=\"1600\" data-height=\"1200\" aria-label=\"Revista Alicante Costablanca\" role=\"img\" ><\/div>\n\t\t\t\t\t\t\t\t\t\t\t<div class=\"elementor-gallery-item__overlay\"><\/div>\n\t\t\t\t\t\t\t\t\t\t\t\t\t\t<\/a>\n\t\t\t\t\t\t\t<a class=\"e-gallery-item elementor-gallery-item elementor-animated-content\" href=\"https:\/\/costablanca-magazin.com\/wp-content\/uploads\/2026\/02\/Alicante-Costablanca-Magazin-14.jpg\" data-elementor-open-lightbox=\"yes\" data-elementor-lightbox-slideshow=\"87d715b\" data-elementor-lightbox-title=\"Alicante Costablanca Magazin (14)\" data-elementor-lightbox-description=\"Alicante Costablanca Magazin\" data-e-action-hash=\"#elementor-action%3Aaction%3Dlightbox%26settings%3DeyJpZCI6MTA1NjMsInVybCI6Imh0dHBzOlwvXC9jb3N0YWJsYW5jYS1tYWdhemluLmNvbVwvd3AtY29udGVudFwvdXBsb2Fkc1wvMjAyNlwvMDJcL0FsaWNhbnRlLUNvc3RhYmxhbmNhLU1hZ2F6aW4tMTQuanBnIiwic2xpZGVzaG93IjoiODdkNzE1YiJ9\">\n\t\t\t\t\t<div class=\"e-gallery-image elementor-gallery-item__image\" data-thumbnail=\"https:\/\/costablanca-magazin.com\/wp-content\/uploads\/2026\/02\/Alicante-Costablanca-Magazin-14.jpg\" data-width=\"1200\" data-height=\"1600\" aria-label=\"Revista Alicante Costablanca\" role=\"img\" ><\/div>\n\t\t\t\t\t\t\t\t\t\t\t<div class=\"elementor-gallery-item__overlay\"><\/div>\n\t\t\t\t\t\t\t\t\t\t\t\t\t\t<\/a>\n\t\t\t\t\t<\/div>\n\t\t\t\t\t<\/div>\n\t\t\t\t<\/div>\n\t\t\t\t<\/div>\n\t\t<div class=\"elementor-element elementor-element-c96f752 e-con-full e-flex e-con e-child\" data-id=\"c96f752\" data-element_type=\"container\" data-e-type=\"container\">\n\t\t\t\t<div class=\"elementor-element elementor-element-e77e887 elementor-widget elementor-widget-text-editor\" data-id=\"e77e887\" data-element_type=\"widget\" data-e-type=\"widget\" data-widget_type=\"text-editor.default\">\n\t\t\t\t<div class=\"elementor-widget-container\">\n\t\t\t\t\t\t\t\t\t<p><strong>Movilidad que conecta la regi\u00f3n<\/strong><\/p><ul><li><strong>TRAM<\/strong> hasta Benidorm y D\u00e9nia, con numerosas paradas a lo largo de la costa.<\/li><li><strong>AVE<\/strong> a Madrid y trenes r\u00e1pidos directos a Barcelona y Valencia.<\/li><li><strong>Aeropuerto de Alicante-Elche<\/strong>, uno de los m\u00e1s importantes de Espa\u00f1a.<\/li><li><strong>Infraestructuras portuarias y de autobuses<\/strong>, que conecta estrechamente la regi\u00f3n.<\/li><\/ul><p>Aqu\u00ed, la movilidad no es un servicio adicional, sino parte de la identidad.<\/p><p><strong>Los lugares m\u00e1s importantes de Alicante: compactos y realistas<br \/><\/strong>Ni exagerados ni miniaturizados: simplemente los lugares que pertenecen a la ciudad y la describen:<\/p><ul><li><strong>Castillo de Santa B\u00e1rbara<\/strong> - caracteriza el paisaje urbano y la historia.<\/li><li><strong>MARQ - Museo Arqueol\u00f3gico<\/strong> - uno de los museos espa\u00f1oles m\u00e1s importantes en este campo.<\/li><li><strong>MACA - Museo de Arte Contempor\u00e1neo<\/strong> - Colecci\u00f3n y exposiciones de arte contempor\u00e1neo.<\/li><li><strong>Lucentum (Tossal de Manises)<\/strong> - Yacimiento arqueol\u00f3gico romano en el norte de la ciudad.<\/li><li><strong>Concatedral de San Nicol\u00e1s<\/strong> - claro edificio renacentista.<\/li><li><strong>Mercado Central<\/strong> - mercado central de abastecimiento.<\/li><li><strong>Parque El Palmeral<\/strong> - Gran parque urbano con estanques, puentes y palmeral en la carretera de acceso sur; importante como zona de recreo en la vida cotidiana.<\/li><li><strong>Parque Ereta<\/strong> - entre el casco antiguo y el Castillo, con vistas a la ciudad.<\/li><li><strong>Explanada de Espa\u00f1a<\/strong> - Eje de conexi\u00f3n entre el puerto y la ciudad.<\/li><\/ul><p>Estos lugares estructuran Alicante hist\u00f3rica, funcional y culturalmente.<\/p><p><strong>\u00bfAlicante en una frase?<br \/><\/strong>Una ciudad que orienta a la Costa Blanca - todos los d\u00edas, como algo natural.<\/p><p><strong>Cuadro de datos<\/strong><\/p><ul><li><strong>habitantes (2024):<\/strong> 345.000<\/li><li><strong>Costa:<\/strong> Playa del Postiguet, Albufereta, Playa de San Juan<\/li><li><strong>Lugares relevantes:<\/strong> Castillo, MARQ, Lucentum, MACA, Mercado Central, Parque El Palmeral<\/li><li><strong>Movilidad:<\/strong> TRAM, AVE, Aeropuerto Alicante-Elche<\/li><li><strong>Papel:<\/strong> Capital, centro administrativo y educativo de la regi\u00f3n<\/li><\/ul><p>\u00a0<\/p><table><thead><tr><td><p><strong>Mercado \/ Tipo de mercado<\/strong><\/p><\/td><td><p><strong>Cu\u00e1ndo y d\u00f3nde<\/strong><\/p><\/td><td><p><strong>detalles<\/strong><\/p><\/td><\/tr><\/thead><tbody><tr><td><p>Mercado local (mercadillo)<\/p><\/td><td><p><strong>Jueves y s\u00e1bado, aprox. 08:00-14:00<\/strong> (<a href=\"https:\/\/thecostablancaguide.com\/listing-item\/alicante-local-market\/?utm_source=chatgpt.com\">Gu\u00eda de la Costa Blanca<\/a>)<\/p><\/td><td><p>Con varios centenares de puestos, los productos van desde alimentos hasta art\u00edculos para el hogar y ropa. Ubicaci\u00f3n c\u00e9ntrica, buenas conexiones de transporte p\u00fablico. (<a href=\"https:\/\/thecostablancaguide.com\/listing-item\/alicante-local-market\/?utm_source=chatgpt.com\">Gu\u00eda de la Costa Blanca<\/a>)<\/p><\/td><\/tr><tr><td><p>Mercados permanentes (cubiertos \/ centro ciudad)<\/p><\/td><td><p>Varios barrios - p.ej. nombrados: Carolinas, Benal\u00faa, Babel, Teulada etc. (<a href=\"https:\/\/alicanteturismo.com\/en\/municipal-markets-and-street-markets-in-alicante\/?utm_source=chatgpt.com\">Alicante Turismo<\/a>)<\/p><\/td><td><p>Estos mercados funcionan a diario: abren todos los d\u00edas o todos los d\u00edas de la semana (normalmente de lunes a s\u00e1bado de 07:30 a 14:00), y se centran en alimentos frescos, pescado, verduras y compras cotidianas. (<a href=\"https:\/\/alicanteturismo.com\/en\/municipal-markets-and-street-markets-in-alicante\/?utm_source=chatgpt.com\">Alicante Turismo<\/a>)<\/p><\/td><\/tr><\/tbody><\/table>\t\t\t\t\t\t\t\t<\/div>\n\t\t\t\t<\/div>\n\t\t\t\t<\/div>\n\t\t\t\t\t<\/div>\n\t\t\t\t<\/div>\n\t\t<div class=\"elementor-element elementor-element-2a6219d e-flex e-con-boxed e-con e-parent\" data-id=\"2a6219d\" data-element_type=\"container\" data-e-type=\"container\">\n\t\t\t\t\t<div class=\"e-con-inner\">\n\t\t\t\t<div class=\"elementor-element elementor-element-355a9d6 elementor-widget-divider--separator-type-pattern elementor-widget-divider--view-line elementor-widget elementor-widget-divider\" data-id=\"355a9d6\" data-element_type=\"widget\" data-e-type=\"widget\" data-widget_type=\"divider.default\">\n\t\t\t\t<div class=\"elementor-widget-container\">\n\t\t\t\t\t\t\t<div class=\"elementor-divider\" style=\"--divider-pattern-url: url(&quot;data:image\/svg+xml,%3Csvg xmlns=&#039;http:\/\/www.w3.org\/2000\/svg&#039; preserveAspectRatio=&#039;none&#039; overflow=&#039;visible&#039; height=&#039;100%&#039; viewBox=&#039;0 0 24 24&#039; fill=&#039;none&#039; stroke=&#039;black&#039; stroke-width=&#039;1&#039; stroke-linecap=&#039;square&#039; stroke-miterlimit=&#039;10&#039;%3E%3Cpath d=&#039;M0,21c3.3,0,8.3-0.9,15.7-7.1c6.6-5.4,4.4-9.3,2.4-10.3c-3.4-1.8-7.7,1.3-7.3,8.8C11.2,20,17.1,21,24,21&#039;\/%3E%3C\/svg%3E&quot;);\">\n\t\t\t<span class=\"elementor-divider-separator\">\n\t\t\t\t\t\t<\/span>\n\t\t<\/div>\n\t\t\t\t\t\t<\/div>\n\t\t\t\t<\/div>\n\t\t\t\t\t<\/div>\n\t\t\t\t<\/div>\n\t\t<div class=\"elementor-element elementor-element-0f436c4 e-flex e-con-boxed e-con e-parent\" data-id=\"0f436c4\" data-element_type=\"container\" data-e-type=\"container\">\n\t\t\t\t\t<div class=\"e-con-inner\">\n\t\t\t\t<div class=\"elementor-element elementor-element-5ce6c00 elementor-widget elementor-widget-gallery\" data-id=\"5ce6c00\" data-element_type=\"widget\" data-e-type=\"widget\" data-settings=\"{&quot;gallery_layout&quot;:&quot;justified&quot;,&quot;gap&quot;:{&quot;unit&quot;:&quot;px&quot;,&quot;size&quot;:5,&quot;sizes&quot;:[]},&quot;lazyload&quot;:&quot;yes&quot;,&quot;ideal_row_height&quot;:{&quot;unit&quot;:&quot;px&quot;,&quot;size&quot;:200,&quot;sizes&quot;:[]},&quot;ideal_row_height_tablet&quot;:{&quot;unit&quot;:&quot;px&quot;,&quot;size&quot;:150,&quot;sizes&quot;:[]},&quot;ideal_row_height_mobile&quot;:{&quot;unit&quot;:&quot;px&quot;,&quot;size&quot;:150,&quot;sizes&quot;:[]},&quot;gap_tablet&quot;:{&quot;unit&quot;:&quot;px&quot;,&quot;size&quot;:10,&quot;sizes&quot;:[]},&quot;gap_mobile&quot;:{&quot;unit&quot;:&quot;px&quot;,&quot;size&quot;:10,&quot;sizes&quot;:[]},&quot;link_to&quot;:&quot;file&quot;,&quot;overlay_background&quot;:&quot;yes&quot;,&quot;content_hover_animation&quot;:&quot;fade-in&quot;}\" data-widget_type=\"gallery.default\">\n\t\t\t\t<div class=\"elementor-widget-container\">\n\t\t\t\t\t\t\t<div class=\"elementor-gallery__container\">\n\t\t\t\t\t\t\t<a class=\"e-gallery-item elementor-gallery-item elementor-animated-content\" href=\"https:\/\/costablanca-magazin.com\/wp-content\/uploads\/2026\/02\/CBM-Alicante-Markthalle-18-scaled.jpg\" data-elementor-open-lightbox=\"yes\" data-elementor-lightbox-slideshow=\"5ce6c00\" data-elementor-lightbox-title=\"CBM Alicante Markthalle (18)\" data-elementor-lightbox-description=\"Alicante \" data-e-action-hash=\"#elementor-action%3Aaction%3Dlightbox%26settings%3DeyJpZCI6MTA2MDksInVybCI6Imh0dHBzOlwvXC9jb3N0YWJsYW5jYS1tYWdhemluLmNvbVwvd3AtY29udGVudFwvdXBsb2Fkc1wvMjAyNlwvMDJcL0NCTS1BbGljYW50ZS1NYXJrdGhhbGxlLTE4LXNjYWxlZC5qcGciLCJzbGlkZXNob3ciOiI1Y2U2YzAwIn0%3D\">\n\t\t\t\t\t<div class=\"e-gallery-image elementor-gallery-item__image\" data-thumbnail=\"https:\/\/costablanca-magazin.com\/wp-content\/uploads\/2026\/02\/CBM-Alicante-Markthalle-18-2048x860.jpg\" data-width=\"2048\" data-height=\"860\" aria-label=\"Alicante\" role=\"img\" ><\/div>\n\t\t\t\t\t\t\t\t\t\t\t<div class=\"elementor-gallery-item__overlay\"><\/div>\n\t\t\t\t\t\t\t\t\t\t\t\t\t\t<\/a>\n\t\t\t\t\t\t\t<a class=\"e-gallery-item elementor-gallery-item elementor-animated-content\" href=\"https:\/\/costablanca-magazin.com\/wp-content\/uploads\/2026\/02\/Alicante-Costablanca-Magazin-18.jpg\" data-elementor-open-lightbox=\"yes\" data-elementor-lightbox-slideshow=\"5ce6c00\" data-elementor-lightbox-title=\"Alicante Costablanca Magazin (18)\" data-elementor-lightbox-description=\"Alicante \" data-e-action-hash=\"#elementor-action%3Aaction%3Dlightbox%26settings%3DeyJpZCI6MTA1NjcsInVybCI6Imh0dHBzOlwvXC9jb3N0YWJsYW5jYS1tYWdhemluLmNvbVwvd3AtY29udGVudFwvdXBsb2Fkc1wvMjAyNlwvMDJcL0FsaWNhbnRlLUNvc3RhYmxhbmNhLU1hZ2F6aW4tMTguanBnIiwic2xpZGVzaG93IjoiNWNlNmMwMCJ9\">\n\t\t\t\t\t<div class=\"e-gallery-image elementor-gallery-item__image\" data-thumbnail=\"https:\/\/costablanca-magazin.com\/wp-content\/uploads\/2026\/02\/Alicante-Costablanca-Magazin-18.jpg\" data-width=\"1200\" data-height=\"1600\" aria-label=\"Alicante\" role=\"img\" ><\/div>\n\t\t\t\t\t\t\t\t\t\t\t<div class=\"elementor-gallery-item__overlay\"><\/div>\n\t\t\t\t\t\t\t\t\t\t\t\t\t\t<\/a>\n\t\t\t\t\t\t\t<a class=\"e-gallery-item elementor-gallery-item elementor-animated-content\" href=\"https:\/\/costablanca-magazin.com\/wp-content\/uploads\/2026\/02\/Alicante-Costablanca-Magazin-24.jpg\" data-elementor-open-lightbox=\"yes\" data-elementor-lightbox-slideshow=\"5ce6c00\" data-elementor-lightbox-title=\"Alicante Costablanca Magazin (24)\" data-elementor-lightbox-description=\"Alicante \" data-e-action-hash=\"#elementor-action%3Aaction%3Dlightbox%26settings%3DeyJpZCI6MTA1NzMsInVybCI6Imh0dHBzOlwvXC9jb3N0YWJsYW5jYS1tYWdhemluLmNvbVwvd3AtY29udGVudFwvdXBsb2Fkc1wvMjAyNlwvMDJcL0FsaWNhbnRlLUNvc3RhYmxhbmNhLU1hZ2F6aW4tMjQuanBnIiwic2xpZGVzaG93IjoiNWNlNmMwMCJ9\">\n\t\t\t\t\t<div class=\"e-gallery-image elementor-gallery-item__image\" data-thumbnail=\"https:\/\/costablanca-magazin.com\/wp-content\/uploads\/2026\/02\/Alicante-Costablanca-Magazin-24.jpg\" data-width=\"1200\" data-height=\"1600\" aria-label=\"Alicante\" role=\"img\" ><\/div>\n\t\t\t\t\t\t\t\t\t\t\t<div class=\"elementor-gallery-item__overlay\"><\/div>\n\t\t\t\t\t\t\t\t\t\t\t\t\t\t<\/a>\n\t\t\t\t\t\t\t<a class=\"e-gallery-item elementor-gallery-item elementor-animated-content\" href=\"https:\/\/costablanca-magazin.com\/wp-content\/uploads\/2026\/02\/Alicante-Costablanca-Magazin-16.jpg\" data-elementor-open-lightbox=\"yes\" data-elementor-lightbox-slideshow=\"5ce6c00\" data-elementor-lightbox-title=\"Alicante Costablanca Magazin (16)\" data-elementor-lightbox-description=\"Alicante \" data-e-action-hash=\"#elementor-action%3Aaction%3Dlightbox%26settings%3DeyJpZCI6MTA1NjUsInVybCI6Imh0dHBzOlwvXC9jb3N0YWJsYW5jYS1tYWdhemluLmNvbVwvd3AtY29udGVudFwvdXBsb2Fkc1wvMjAyNlwvMDJcL0FsaWNhbnRlLUNvc3RhYmxhbmNhLU1hZ2F6aW4tMTYuanBnIiwic2xpZGVzaG93IjoiNWNlNmMwMCJ9\">\n\t\t\t\t\t<div class=\"e-gallery-image elementor-gallery-item__image\" data-thumbnail=\"https:\/\/costablanca-magazin.com\/wp-content\/uploads\/2026\/02\/Alicante-Costablanca-Magazin-16.jpg\" data-width=\"1200\" data-height=\"1600\" aria-label=\"Alicante\" role=\"img\" ><\/div>\n\t\t\t\t\t\t\t\t\t\t\t<div class=\"elementor-gallery-item__overlay\"><\/div>\n\t\t\t\t\t\t\t\t\t\t\t\t\t\t<\/a>\n\t\t\t\t\t\t\t<a class=\"e-gallery-item elementor-gallery-item elementor-animated-content\" href=\"https:\/\/costablanca-magazin.com\/wp-content\/uploads\/2026\/02\/CBM-Alicante-Markthalle-1-rotated.jpg\" data-elementor-open-lightbox=\"yes\" data-elementor-lightbox-slideshow=\"5ce6c00\" data-elementor-lightbox-title=\"CBM Alicante Markthalle (1)\" data-elementor-lightbox-description=\"Alicante \" data-e-action-hash=\"#elementor-action%3Aaction%3Dlightbox%26settings%3DeyJpZCI6MTA1OTIsInVybCI6Imh0dHBzOlwvXC9jb3N0YWJsYW5jYS1tYWdhemluLmNvbVwvd3AtY29udGVudFwvdXBsb2Fkc1wvMjAyNlwvMDJcL0NCTS1BbGljYW50ZS1NYXJrdGhhbGxlLTEtcm90YXRlZC5qcGciLCJzbGlkZXNob3ciOiI1Y2U2YzAwIn0%3D\">\n\t\t\t\t\t<div class=\"e-gallery-image elementor-gallery-item__image\" data-thumbnail=\"https:\/\/costablanca-magazin.com\/wp-content\/uploads\/2026\/02\/CBM-Alicante-Markthalle-1-1153x2048.jpg\" data-width=\"1153\" data-height=\"2048\" aria-label=\"Alicante\" role=\"img\" ><\/div>\n\t\t\t\t\t\t\t\t\t\t\t<div class=\"elementor-gallery-item__overlay\"><\/div>\n\t\t\t\t\t\t\t\t\t\t\t\t\t\t<\/a>\n\t\t\t\t\t\t\t<a class=\"e-gallery-item elementor-gallery-item elementor-animated-content\" href=\"https:\/\/costablanca-magazin.com\/wp-content\/uploads\/2026\/02\/CBM-Alicante-el-Palmeral-Park-3-rotated.jpg\" data-elementor-open-lightbox=\"yes\" data-elementor-lightbox-slideshow=\"5ce6c00\" data-elementor-lightbox-title=\"CBM Alicante el Palmeral Park (3)\" data-elementor-lightbox-description=\"Alicante \" data-e-action-hash=\"#elementor-action%3Aaction%3Dlightbox%26settings%3DeyJpZCI6MTA1NzcsInVybCI6Imh0dHBzOlwvXC9jb3N0YWJsYW5jYS1tYWdhemluLmNvbVwvd3AtY29udGVudFwvdXBsb2Fkc1wvMjAyNlwvMDJcL0NCTS1BbGljYW50ZS1lbC1QYWxtZXJhbC1QYXJrLTMtcm90YXRlZC5qcGciLCJzbGlkZXNob3ciOiI1Y2U2YzAwIn0%3D\">\n\t\t\t\t\t<div class=\"e-gallery-image elementor-gallery-item__image\" data-thumbnail=\"https:\/\/costablanca-magazin.com\/wp-content\/uploads\/2026\/02\/CBM-Alicante-el-Palmeral-Park-3-1153x2048.jpg\" data-width=\"1153\" data-height=\"2048\" aria-label=\"Alicante\" role=\"img\" ><\/div>\n\t\t\t\t\t\t\t\t\t\t\t<div class=\"elementor-gallery-item__overlay\"><\/div>\n\t\t\t\t\t\t\t\t\t\t\t\t\t\t<\/a>\n\t\t\t\t\t\t\t<a class=\"e-gallery-item elementor-gallery-item elementor-animated-content\" href=\"https:\/\/costablanca-magazin.com\/wp-content\/uploads\/2026\/02\/Alicante-Costablanca-Magazin-3.jpg\" data-elementor-open-lightbox=\"yes\" data-elementor-lightbox-slideshow=\"5ce6c00\" data-elementor-lightbox-title=\"Alicante Costablanca Magazin (3)\" data-elementor-lightbox-description=\"Alicante \" data-e-action-hash=\"#elementor-action%3Aaction%3Dlightbox%26settings%3DeyJpZCI6MTA1NTEsInVybCI6Imh0dHBzOlwvXC9jb3N0YWJsYW5jYS1tYWdhemluLmNvbVwvd3AtY29udGVudFwvdXBsb2Fkc1wvMjAyNlwvMDJcL0FsaWNhbnRlLUNvc3RhYmxhbmNhLU1hZ2F6aW4tMy5qcGciLCJzbGlkZXNob3ciOiI1Y2U2YzAwIn0%3D\">\n\t\t\t\t\t<div class=\"e-gallery-image elementor-gallery-item__image\" data-thumbnail=\"https:\/\/costablanca-magazin.com\/wp-content\/uploads\/2026\/02\/Alicante-Costablanca-Magazin-3.jpg\" data-width=\"1200\" data-height=\"1600\" aria-label=\"Alicante\" role=\"img\" ><\/div>\n\t\t\t\t\t\t\t\t\t\t\t<div class=\"elementor-gallery-item__overlay\"><\/div>\n\t\t\t\t\t\t\t\t\t\t\t\t\t\t<\/a>\n\t\t\t\t\t\t\t<a class=\"e-gallery-item elementor-gallery-item elementor-animated-content\" href=\"https:\/\/costablanca-magazin.com\/wp-content\/uploads\/2026\/02\/Alicante-Costablanca-Magazin-20.jpg\" data-elementor-open-lightbox=\"yes\" data-elementor-lightbox-slideshow=\"5ce6c00\" data-elementor-lightbox-title=\"Alicante Costablanca Magazin (20)\" data-elementor-lightbox-description=\"Alicante \" data-e-action-hash=\"#elementor-action%3Aaction%3Dlightbox%26settings%3DeyJpZCI6MTA1NjksInVybCI6Imh0dHBzOlwvXC9jb3N0YWJsYW5jYS1tYWdhemluLmNvbVwvd3AtY29udGVudFwvdXBsb2Fkc1wvMjAyNlwvMDJcL0FsaWNhbnRlLUNvc3RhYmxhbmNhLU1hZ2F6aW4tMjAuanBnIiwic2xpZGVzaG93IjoiNWNlNmMwMCJ9\">\n\t\t\t\t\t<div class=\"e-gallery-image elementor-gallery-item__image\" data-thumbnail=\"https:\/\/costablanca-magazin.com\/wp-content\/uploads\/2026\/02\/Alicante-Costablanca-Magazin-20.jpg\" data-width=\"1200\" data-height=\"1600\" aria-label=\"Alicante\" role=\"img\" ><\/div>\n\t\t\t\t\t\t\t\t\t\t\t<div class=\"elementor-gallery-item__overlay\"><\/div>\n\t\t\t\t\t\t\t\t\t\t\t\t\t\t<\/a>\n\t\t\t\t\t\t\t<a class=\"e-gallery-item elementor-gallery-item elementor-animated-content\" href=\"https:\/\/costablanca-magazin.com\/wp-content\/uploads\/2026\/02\/CBM-Alicante-Markthalle-13-scaled.jpg\" data-elementor-open-lightbox=\"yes\" data-elementor-lightbox-slideshow=\"5ce6c00\" data-elementor-lightbox-title=\"CBM Alicante Markthalle (13)\" data-elementor-lightbox-description=\"Alicante \" data-e-action-hash=\"#elementor-action%3Aaction%3Dlightbox%26settings%3DeyJpZCI6MTA2MDQsInVybCI6Imh0dHBzOlwvXC9jb3N0YWJsYW5jYS1tYWdhemluLmNvbVwvd3AtY29udGVudFwvdXBsb2Fkc1wvMjAyNlwvMDJcL0NCTS1BbGljYW50ZS1NYXJrdGhhbGxlLTEzLXNjYWxlZC5qcGciLCJzbGlkZXNob3ciOiI1Y2U2YzAwIn0%3D\">\n\t\t\t\t\t<div class=\"e-gallery-image elementor-gallery-item__image\" data-thumbnail=\"https:\/\/costablanca-magazin.com\/wp-content\/uploads\/2026\/02\/CBM-Alicante-Markthalle-13-2048x1354.jpg\" data-width=\"2048\" data-height=\"1354\" aria-label=\"Alicante\" role=\"img\" ><\/div>\n\t\t\t\t\t\t\t\t\t\t\t<div class=\"elementor-gallery-item__overlay\"><\/div>\n\t\t\t\t\t\t\t\t\t\t\t\t\t\t<\/a>\n\t\t\t\t\t\t\t<a class=\"e-gallery-item elementor-gallery-item elementor-animated-content\" href=\"https:\/\/costablanca-magazin.com\/wp-content\/uploads\/2026\/02\/Alicante-Costablanca-Magazin-7.jpg\" data-elementor-open-lightbox=\"yes\" data-elementor-lightbox-slideshow=\"5ce6c00\" data-elementor-lightbox-title=\"Alicante Costablanca Magazin (7)\" data-elementor-lightbox-description=\"Alicante \" data-e-action-hash=\"#elementor-action%3Aaction%3Dlightbox%26settings%3DeyJpZCI6MTA1NTYsInVybCI6Imh0dHBzOlwvXC9jb3N0YWJsYW5jYS1tYWdhemluLmNvbVwvd3AtY29udGVudFwvdXBsb2Fkc1wvMjAyNlwvMDJcL0FsaWNhbnRlLUNvc3RhYmxhbmNhLU1hZ2F6aW4tNy5qcGciLCJzbGlkZXNob3ciOiI1Y2U2YzAwIn0%3D\">\n\t\t\t\t\t<div class=\"e-gallery-image elementor-gallery-item__image\" data-thumbnail=\"https:\/\/costablanca-magazin.com\/wp-content\/uploads\/2026\/02\/Alicante-Costablanca-Magazin-7.jpg\" data-width=\"1200\" data-height=\"1600\" aria-label=\"Alicante\" role=\"img\" ><\/div>\n\t\t\t\t\t\t\t\t\t\t\t<div class=\"elementor-gallery-item__overlay\"><\/div>\n\t\t\t\t\t\t\t\t\t\t\t\t\t\t<\/a>\n\t\t\t\t\t\t\t<a class=\"e-gallery-item elementor-gallery-item elementor-animated-content\" href=\"https:\/\/costablanca-magazin.com\/wp-content\/uploads\/2026\/02\/Alicante-Costablanca-Magazin-17.jpg\" data-elementor-open-lightbox=\"yes\" data-elementor-lightbox-slideshow=\"5ce6c00\" data-elementor-lightbox-title=\"Alicante Costablanca Magazin (17)\" data-elementor-lightbox-description=\"Alicante Costablanca Magazin\" data-e-action-hash=\"#elementor-action%3Aaction%3Dlightbox%26settings%3DeyJpZCI6MTA1NjYsInVybCI6Imh0dHBzOlwvXC9jb3N0YWJsYW5jYS1tYWdhemluLmNvbVwvd3AtY29udGVudFwvdXBsb2Fkc1wvMjAyNlwvMDJcL0FsaWNhbnRlLUNvc3RhYmxhbmNhLU1hZ2F6aW4tMTcuanBnIiwic2xpZGVzaG93IjoiNWNlNmMwMCJ9\">\n\t\t\t\t\t<div class=\"e-gallery-image elementor-gallery-item__image\" data-thumbnail=\"https:\/\/costablanca-magazin.com\/wp-content\/uploads\/2026\/02\/Alicante-Costablanca-Magazin-17.jpg\" data-width=\"1600\" data-height=\"1200\" aria-label=\"Revista Alicante Costablanca\" role=\"img\" ><\/div>\n\t\t\t\t\t\t\t\t\t\t\t<div class=\"elementor-gallery-item__overlay\"><\/div>\n\t\t\t\t\t\t\t\t\t\t\t\t\t\t<\/a>\n\t\t\t\t\t\t\t<a class=\"e-gallery-item elementor-gallery-item elementor-animated-content\" href=\"https:\/\/costablanca-magazin.com\/wp-content\/uploads\/2026\/02\/CBM-Alicante-Markthalle-25-scaled.jpg\" data-elementor-open-lightbox=\"yes\" data-elementor-lightbox-slideshow=\"5ce6c00\" data-elementor-lightbox-title=\"CBM Alicante Markthalle (25)\" data-elementor-lightbox-description=\"Alicante Costablanca Magazin\" data-e-action-hash=\"#elementor-action%3Aaction%3Dlightbox%26settings%3DeyJpZCI6MTA2MTYsInVybCI6Imh0dHBzOlwvXC9jb3N0YWJsYW5jYS1tYWdhemluLmNvbVwvd3AtY29udGVudFwvdXBsb2Fkc1wvMjAyNlwvMDJcL0NCTS1BbGljYW50ZS1NYXJrdGhhbGxlLTI1LXNjYWxlZC5qcGciLCJzbGlkZXNob3ciOiI1Y2U2YzAwIn0%3D\">\n\t\t\t\t\t<div class=\"e-gallery-image elementor-gallery-item__image\" data-thumbnail=\"https:\/\/costablanca-magazin.com\/wp-content\/uploads\/2026\/02\/CBM-Alicante-Markthalle-25-2048x1492.jpg\" data-width=\"2048\" data-height=\"1492\" aria-label=\"Revista Alicante Costablanca\" role=\"img\" ><\/div>\n\t\t\t\t\t\t\t\t\t\t\t<div class=\"elementor-gallery-item__overlay\"><\/div>\n\t\t\t\t\t\t\t\t\t\t\t\t\t\t<\/a>\n\t\t\t\t\t\t\t<a class=\"e-gallery-item elementor-gallery-item elementor-animated-content\" href=\"https:\/\/costablanca-magazin.com\/wp-content\/uploads\/2026\/02\/CBM-Alicante-Markthalle-3-rotated.jpg\" data-elementor-open-lightbox=\"yes\" data-elementor-lightbox-slideshow=\"5ce6c00\" data-elementor-lightbox-title=\"CBM Alicante Markthalle (3)\" data-elementor-lightbox-description=\"Alicante \" data-e-action-hash=\"#elementor-action%3Aaction%3Dlightbox%26settings%3DeyJpZCI6MTA1OTQsInVybCI6Imh0dHBzOlwvXC9jb3N0YWJsYW5jYS1tYWdhemluLmNvbVwvd3AtY29udGVudFwvdXBsb2Fkc1wvMjAyNlwvMDJcL0NCTS1BbGljYW50ZS1NYXJrdGhhbGxlLTMtcm90YXRlZC5qcGciLCJzbGlkZXNob3ciOiI1Y2U2YzAwIn0%3D\">\n\t\t\t\t\t<div class=\"e-gallery-image elementor-gallery-item__image\" data-thumbnail=\"https:\/\/costablanca-magazin.com\/wp-content\/uploads\/2026\/02\/CBM-Alicante-Markthalle-3-1153x2048.jpg\" data-width=\"1153\" data-height=\"2048\" aria-label=\"Alicante\" role=\"img\" ><\/div>\n\t\t\t\t\t\t\t\t\t\t\t<div class=\"elementor-gallery-item__overlay\"><\/div>\n\t\t\t\t\t\t\t\t\t\t\t\t\t\t<\/a>\n\t\t\t\t\t\t\t<a class=\"e-gallery-item elementor-gallery-item elementor-animated-content\" href=\"https:\/\/costablanca-magazin.com\/wp-content\/uploads\/2026\/02\/CBM-Alicante-Markthalle-23-scaled.jpg\" data-elementor-open-lightbox=\"yes\" data-elementor-lightbox-slideshow=\"5ce6c00\" data-elementor-lightbox-title=\"CBM Alicante Markthalle (23)\" data-elementor-lightbox-description=\"Alicante \" data-e-action-hash=\"#elementor-action%3Aaction%3Dlightbox%26settings%3DeyJpZCI6MTA2MTQsInVybCI6Imh0dHBzOlwvXC9jb3N0YWJsYW5jYS1tYWdhemluLmNvbVwvd3AtY29udGVudFwvdXBsb2Fkc1wvMjAyNlwvMDJcL0NCTS1BbGljYW50ZS1NYXJrdGhhbGxlLTIzLXNjYWxlZC5qcGciLCJzbGlkZXNob3ciOiI1Y2U2YzAwIn0%3D\">\n\t\t\t\t\t<div class=\"e-gallery-image elementor-gallery-item__image\" data-thumbnail=\"https:\/\/costablanca-magazin.com\/wp-content\/uploads\/2026\/02\/CBM-Alicante-Markthalle-23-2048x945.jpg\" data-width=\"2048\" data-height=\"945\" aria-label=\"Alicante\" role=\"img\" ><\/div>\n\t\t\t\t\t\t\t\t\t\t\t<div class=\"elementor-gallery-item__overlay\"><\/div>\n\t\t\t\t\t\t\t\t\t\t\t\t\t\t<\/a>\n\t\t\t\t\t\t\t<a class=\"e-gallery-item elementor-gallery-item elementor-animated-content\" href=\"https:\/\/costablanca-magazin.com\/wp-content\/uploads\/2026\/02\/CBM-Alicante-el-Palmeral-Park-7-rotated.jpg\" data-elementor-open-lightbox=\"yes\" data-elementor-lightbox-slideshow=\"5ce6c00\" data-elementor-lightbox-title=\"CBM Alicante el Palmeral Park (7)\" data-elementor-lightbox-description=\"Alicante \" data-e-action-hash=\"#elementor-action%3Aaction%3Dlightbox%26settings%3DeyJpZCI6MTA1ODEsInVybCI6Imh0dHBzOlwvXC9jb3N0YWJsYW5jYS1tYWdhemluLmNvbVwvd3AtY29udGVudFwvdXBsb2Fkc1wvMjAyNlwvMDJcL0NCTS1BbGljYW50ZS1lbC1QYWxtZXJhbC1QYXJrLTctcm90YXRlZC5qcGciLCJzbGlkZXNob3ciOiI1Y2U2YzAwIn0%3D\">\n\t\t\t\t\t<div class=\"e-gallery-image elementor-gallery-item__image\" data-thumbnail=\"https:\/\/costablanca-magazin.com\/wp-content\/uploads\/2026\/02\/CBM-Alicante-el-Palmeral-Park-7-1153x2048.jpg\" data-width=\"1153\" data-height=\"2048\" aria-label=\"Alicante\" role=\"img\" ><\/div>\n\t\t\t\t\t\t\t\t\t\t\t<div class=\"elementor-gallery-item__overlay\"><\/div>\n\t\t\t\t\t\t\t\t\t\t\t\t\t\t<\/a>\n\t\t\t\t\t\t\t<a class=\"e-gallery-item elementor-gallery-item elementor-animated-content\" href=\"https:\/\/costablanca-magazin.com\/wp-content\/uploads\/2026\/02\/Alicante-Costablanca-Magazin-8.jpg\" data-elementor-open-lightbox=\"yes\" data-elementor-lightbox-slideshow=\"5ce6c00\" data-elementor-lightbox-title=\"Alicante Costablanca Magazin (8)\" data-elementor-lightbox-description=\"Alicante \" data-e-action-hash=\"#elementor-action%3Aaction%3Dlightbox%26settings%3DeyJpZCI6MTA1NTcsInVybCI6Imh0dHBzOlwvXC9jb3N0YWJsYW5jYS1tYWdhemluLmNvbVwvd3AtY29udGVudFwvdXBsb2Fkc1wvMjAyNlwvMDJcL0FsaWNhbnRlLUNvc3RhYmxhbmNhLU1hZ2F6aW4tOC5qcGciLCJzbGlkZXNob3ciOiI1Y2U2YzAwIn0%3D\">\n\t\t\t\t\t<div class=\"e-gallery-image elementor-gallery-item__image\" data-thumbnail=\"https:\/\/costablanca-magazin.com\/wp-content\/uploads\/2026\/02\/Alicante-Costablanca-Magazin-8.jpg\" data-width=\"1200\" data-height=\"1600\" aria-label=\"Alicante\" role=\"img\" ><\/div>\n\t\t\t\t\t\t\t\t\t\t\t<div class=\"elementor-gallery-item__overlay\"><\/div>\n\t\t\t\t\t\t\t\t\t\t\t\t\t\t<\/a>\n\t\t\t\t\t\t\t<a class=\"e-gallery-item elementor-gallery-item elementor-animated-content\" href=\"https:\/\/costablanca-magazin.com\/wp-content\/uploads\/2026\/02\/CBM-Alicante-Markthalle-7-scaled.jpg\" data-elementor-open-lightbox=\"yes\" data-elementor-lightbox-slideshow=\"5ce6c00\" data-elementor-lightbox-title=\"CBM Alicante Markthalle (7)\" data-elementor-lightbox-description=\"Alicante \" data-e-action-hash=\"#elementor-action%3Aaction%3Dlightbox%26settings%3DeyJpZCI6MTA1OTgsInVybCI6Imh0dHBzOlwvXC9jb3N0YWJsYW5jYS1tYWdhemluLmNvbVwvd3AtY29udGVudFwvdXBsb2Fkc1wvMjAyNlwvMDJcL0NCTS1BbGljYW50ZS1NYXJrdGhhbGxlLTctc2NhbGVkLmpwZyIsInNsaWRlc2hvdyI6IjVjZTZjMDAifQ%3D%3D\">\n\t\t\t\t\t<div class=\"e-gallery-image elementor-gallery-item__image\" data-thumbnail=\"https:\/\/costablanca-magazin.com\/wp-content\/uploads\/2026\/02\/CBM-Alicante-Markthalle-7-2048x1153.jpg\" data-width=\"2048\" data-height=\"1153\" aria-label=\"Alicante\" role=\"img\" ><\/div>\n\t\t\t\t\t\t\t\t\t\t\t<div class=\"elementor-gallery-item__overlay\"><\/div>\n\t\t\t\t\t\t\t\t\t\t\t\t\t\t<\/a>\n\t\t\t\t\t\t\t<a class=\"e-gallery-item elementor-gallery-item elementor-animated-content\" href=\"https:\/\/costablanca-magazin.com\/wp-content\/uploads\/2026\/02\/CBM-Alicante-el-Palmeral-Park-4-rotated.jpg\" data-elementor-open-lightbox=\"yes\" data-elementor-lightbox-slideshow=\"5ce6c00\" data-elementor-lightbox-title=\"CBM Alicante el Palmeral Park (4)\" data-elementor-lightbox-description=\"Alicante \" data-e-action-hash=\"#elementor-action%3Aaction%3Dlightbox%26settings%3DeyJpZCI6MTA1NzgsInVybCI6Imh0dHBzOlwvXC9jb3N0YWJsYW5jYS1tYWdhemluLmNvbVwvd3AtY29udGVudFwvdXBsb2Fkc1wvMjAyNlwvMDJcL0NCTS1BbGljYW50ZS1lbC1QYWxtZXJhbC1QYXJrLTQtcm90YXRlZC5qcGciLCJzbGlkZXNob3ciOiI1Y2U2YzAwIn0%3D\">\n\t\t\t\t\t<div class=\"e-gallery-image elementor-gallery-item__image\" data-thumbnail=\"https:\/\/costablanca-magazin.com\/wp-content\/uploads\/2026\/02\/CBM-Alicante-el-Palmeral-Park-4-1153x2048.jpg\" data-width=\"1153\" data-height=\"2048\" aria-label=\"Alicante\" role=\"img\" ><\/div>\n\t\t\t\t\t\t\t\t\t\t\t<div class=\"elementor-gallery-item__overlay\"><\/div>\n\t\t\t\t\t\t\t\t\t\t\t\t\t\t<\/a>\n\t\t\t\t\t\t\t<a class=\"e-gallery-item elementor-gallery-item elementor-animated-content\" href=\"https:\/\/costablanca-magazin.com\/wp-content\/uploads\/2026\/02\/CBM-Alicante-el-Palmeral-Park-13-rotated.jpg\" data-elementor-open-lightbox=\"yes\" data-elementor-lightbox-slideshow=\"5ce6c00\" data-elementor-lightbox-title=\"CBM Alicante el Palmeral Park (13)\" data-elementor-lightbox-description=\"Alicante \" data-e-action-hash=\"#elementor-action%3Aaction%3Dlightbox%26settings%3DeyJpZCI6MTA1ODcsInVybCI6Imh0dHBzOlwvXC9jb3N0YWJsYW5jYS1tYWdhemluLmNvbVwvd3AtY29udGVudFwvdXBsb2Fkc1wvMjAyNlwvMDJcL0NCTS1BbGljYW50ZS1lbC1QYWxtZXJhbC1QYXJrLTEzLXJvdGF0ZWQuanBnIiwic2xpZGVzaG93IjoiNWNlNmMwMCJ9\">\n\t\t\t\t\t<div class=\"e-gallery-image elementor-gallery-item__image\" data-thumbnail=\"https:\/\/costablanca-magazin.com\/wp-content\/uploads\/2026\/02\/CBM-Alicante-el-Palmeral-Park-13-1153x2048.jpg\" data-width=\"1153\" data-height=\"2048\" aria-label=\"Alicante\" role=\"img\" ><\/div>\n\t\t\t\t\t\t\t\t\t\t\t<div class=\"elementor-gallery-item__overlay\"><\/div>\n\t\t\t\t\t\t\t\t\t\t\t\t\t\t<\/a>\n\t\t\t\t\t\t\t<a class=\"e-gallery-item elementor-gallery-item elementor-animated-content\" href=\"https:\/\/costablanca-magazin.com\/wp-content\/uploads\/2026\/02\/Alicante-Costablanca-Magazin-14.jpg\" data-elementor-open-lightbox=\"yes\" data-elementor-lightbox-slideshow=\"5ce6c00\" data-elementor-lightbox-title=\"Alicante Costablanca Magazin (14)\" data-elementor-lightbox-description=\"Alicante Costablanca Magazin\" data-e-action-hash=\"#elementor-action%3Aaction%3Dlightbox%26settings%3DeyJpZCI6MTA1NjMsInVybCI6Imh0dHBzOlwvXC9jb3N0YWJsYW5jYS1tYWdhemluLmNvbVwvd3AtY29udGVudFwvdXBsb2Fkc1wvMjAyNlwvMDJcL0FsaWNhbnRlLUNvc3RhYmxhbmNhLU1hZ2F6aW4tMTQuanBnIiwic2xpZGVzaG93IjoiNWNlNmMwMCJ9\">\n\t\t\t\t\t<div class=\"e-gallery-image elementor-gallery-item__image\" data-thumbnail=\"https:\/\/costablanca-magazin.com\/wp-content\/uploads\/2026\/02\/Alicante-Costablanca-Magazin-14.jpg\" data-width=\"1200\" data-height=\"1600\" aria-label=\"Revista Alicante Costablanca\" role=\"img\" ><\/div>\n\t\t\t\t\t\t\t\t\t\t\t<div class=\"elementor-gallery-item__overlay\"><\/div>\n\t\t\t\t\t\t\t\t\t\t\t\t\t\t<\/a>\n\t\t\t\t\t\t\t<a class=\"e-gallery-item elementor-gallery-item elementor-animated-content\" href=\"https:\/\/costablanca-magazin.com\/wp-content\/uploads\/2026\/02\/CBM-Alicante-el-Palmeral-Park-11-scaled.jpg\" data-elementor-open-lightbox=\"yes\" data-elementor-lightbox-slideshow=\"5ce6c00\" data-elementor-lightbox-title=\"CBM Alicante el Palmeral Park (11)\" data-elementor-lightbox-description=\"Alicante \" data-e-action-hash=\"#elementor-action%3Aaction%3Dlightbox%26settings%3DeyJpZCI6MTA1ODUsInVybCI6Imh0dHBzOlwvXC9jb3N0YWJsYW5jYS1tYWdhemluLmNvbVwvd3AtY29udGVudFwvdXBsb2Fkc1wvMjAyNlwvMDJcL0NCTS1BbGljYW50ZS1lbC1QYWxtZXJhbC1QYXJrLTExLXNjYWxlZC5qcGciLCJzbGlkZXNob3ciOiI1Y2U2YzAwIn0%3D\">\n\t\t\t\t\t<div class=\"e-gallery-image elementor-gallery-item__image\" data-thumbnail=\"https:\/\/costablanca-magazin.com\/wp-content\/uploads\/2026\/02\/CBM-Alicante-el-Palmeral-Park-11-2048x1153.jpg\" data-width=\"2048\" data-height=\"1153\" aria-label=\"Alicante\" role=\"img\" ><\/div>\n\t\t\t\t\t\t\t\t\t\t\t<div class=\"elementor-gallery-item__overlay\"><\/div>\n\t\t\t\t\t\t\t\t\t\t\t\t\t\t<\/a>\n\t\t\t\t\t\t\t<a class=\"e-gallery-item elementor-gallery-item elementor-animated-content\" href=\"https:\/\/costablanca-magazin.com\/wp-content\/uploads\/2026\/02\/CBM-Alicante-el-Palmeral-Park-15-scaled.jpg\" data-elementor-open-lightbox=\"yes\" data-elementor-lightbox-slideshow=\"5ce6c00\" data-elementor-lightbox-title=\"CBM Alicante el Palmeral Park (15)\" data-elementor-lightbox-description=\"Alicante \" data-e-action-hash=\"#elementor-action%3Aaction%3Dlightbox%26settings%3DeyJpZCI6MTA1ODksInVybCI6Imh0dHBzOlwvXC9jb3N0YWJsYW5jYS1tYWdhemluLmNvbVwvd3AtY29udGVudFwvdXBsb2Fkc1wvMjAyNlwvMDJcL0NCTS1BbGljYW50ZS1lbC1QYWxtZXJhbC1QYXJrLTE1LXNjYWxlZC5qcGciLCJzbGlkZXNob3ciOiI1Y2U2YzAwIn0%3D\">\n\t\t\t\t\t<div class=\"e-gallery-image elementor-gallery-item__image\" data-thumbnail=\"https:\/\/costablanca-magazin.com\/wp-content\/uploads\/2026\/02\/CBM-Alicante-el-Palmeral-Park-15-2048x1153.jpg\" data-width=\"2048\" data-height=\"1153\" aria-label=\"Alicante\" role=\"img\" ><\/div>\n\t\t\t\t\t\t\t\t\t\t\t<div class=\"elementor-gallery-item__overlay\"><\/div>\n\t\t\t\t\t\t\t\t\t\t\t\t\t\t<\/a>\n\t\t\t\t\t<\/div>\n\t\t\t\t\t<\/div>\n\t\t\t\t<\/div>\n\t\t\t\t<div class=\"elementor-element elementor-element-ed79f90 elementor-widget-divider--separator-type-pattern elementor-widget-divider--view-line elementor-widget elementor-widget-divider\" data-id=\"ed79f90\" data-element_type=\"widget\" data-e-type=\"widget\" data-widget_type=\"divider.default\">\n\t\t\t\t<div class=\"elementor-widget-container\">\n\t\t\t\t\t\t\t<div class=\"elementor-divider\" style=\"--divider-pattern-url: url(&quot;data:image\/svg+xml,%3Csvg xmlns=&#039;http:\/\/www.w3.org\/2000\/svg&#039; preserveAspectRatio=&#039;none&#039; overflow=&#039;visible&#039; height=&#039;100%&#039; viewBox=&#039;0 0 24 24&#039; fill=&#039;none&#039; stroke=&#039;black&#039; stroke-width=&#039;1&#039; stroke-linecap=&#039;square&#039; stroke-miterlimit=&#039;10&#039;%3E%3Cpath d=&#039;M0,21c3.3,0,8.3-0.9,15.7-7.1c6.6-5.4,4.4-9.3,2.4-10.3c-3.4-1.8-7.7,1.3-7.3,8.8C11.2,20,17.1,21,24,21&#039;\/%3E%3C\/svg%3E&quot;);\">\n\t\t\t<span class=\"elementor-divider-separator\">\n\t\t\t\t\t\t<\/span>\n\t\t<\/div>\n\t\t\t\t\t\t<\/div>\n\t\t\t\t<\/div>\n\t\t\t\t<div class=\"elementor-element elementor-element-27b12a1 elementor-grid-3 elementor-grid-tablet-2 elementor-grid-mobile-1 elementor-posts--thumbnail-top elementor-posts--show-avatar elementor-card-shadow-yes elementor-posts__hover-gradient elementor-widget elementor-widget-posts\" data-id=\"27b12a1\" data-element_type=\"widget\" data-e-type=\"widget\" data-settings=\"{&quot;cards_columns&quot;:&quot;3&quot;,&quot;cards_columns_tablet&quot;:&quot;2&quot;,&quot;cards_columns_mobile&quot;:&quot;1&quot;,&quot;cards_row_gap&quot;:{&quot;unit&quot;:&quot;px&quot;,&quot;size&quot;:35,&quot;sizes&quot;:[]},&quot;cards_row_gap_tablet&quot;:{&quot;unit&quot;:&quot;px&quot;,&quot;size&quot;:&quot;&quot;,&quot;sizes&quot;:[]},&quot;cards_row_gap_mobile&quot;:{&quot;unit&quot;:&quot;px&quot;,&quot;size&quot;:&quot;&quot;,&quot;sizes&quot;:[]}}\" data-widget_type=\"posts.cards\">\n\t\t\t\t<div class=\"elementor-widget-container\">\n\t\t\t\t\t\t\t<div class=\"elementor-posts-container elementor-posts elementor-posts--skin-cards elementor-grid\" role=\"list\">\n\t\t\t\t<article class=\"elementor-post elementor-grid-item post-9353 post type-post status-publish format-standard has-post-thumbnail hentry category-aktivitaeten-und-ausfluege tag-calpe tag-costa-blanca-2 tag-leben-in-calpe tag-mi-pueblo tag-penon-de-ifach tag-residenten-in-calpe\" role=\"listitem\">\n\t\t\t<div class=\"elementor-post__card\">\n\t\t\t\t<a class=\"elementor-post__thumbnail__link\" href=\"https:\/\/costablanca-magazin.com\/es\/freizeit\/aktivitaeten-und-ausfluege\/calpe-leben-zwischen-fels-salinen-und-altstadt\/\" tabindex=\"-1\" ><div class=\"elementor-post__thumbnail\"><img fetchpriority=\"high\" decoding=\"async\" width=\"1200\" height=\"836\" src=\"https:\/\/costablanca-magazin.com\/wp-content\/uploads\/2025\/10\/drone-view-of-penon-de-ifach-rock-harbor-mediter-2025-02-02-20-19-51-utc.jpg\" class=\"attachment-1536x1536 size-1536x1536 wp-image-9354\" alt=\"Calpe: vida entre rocas, salinas y casco antiguo\" srcset=\"https:\/\/costablanca-magazin.com\/wp-content\/uploads\/2025\/10\/drone-view-of-penon-de-ifach-rock-harbor-mediter-2025-02-02-20-19-51-utc.jpg 1200w, https:\/\/costablanca-magazin.com\/wp-content\/uploads\/2025\/10\/drone-view-of-penon-de-ifach-rock-harbor-mediter-2025-02-02-20-19-51-utc-300x209.jpg 300w, https:\/\/costablanca-magazin.com\/wp-content\/uploads\/2025\/10\/drone-view-of-penon-de-ifach-rock-harbor-mediter-2025-02-02-20-19-51-utc-1024x713.jpg 1024w, https:\/\/costablanca-magazin.com\/wp-content\/uploads\/2025\/10\/drone-view-of-penon-de-ifach-rock-harbor-mediter-2025-02-02-20-19-51-utc-768x535.jpg 768w\" sizes=\"(max-width: 1200px) 100vw, 1200px\" \/><\/div><\/a>\n\t\t\t\t<div class=\"elementor-post__badge\">Actividades y excursiones<\/div>\n\t\t\t\t<div class=\"elementor-post__avatar\">\n\t\t\t\t\t<\/div>\n\t\t\t\t<div class=\"elementor-post__text\">\n\t\t\t\t<h3 class=\"elementor-post__title\">\n\t\t\t<a href=\"https:\/\/costablanca-magazin.com\/es\/freizeit\/aktivitaeten-und-ausfluege\/calpe-leben-zwischen-fels-salinen-und-altstadt\/\" >\n\t\t\t\tCalpe - vida entre roca, salinas y casco antiguo\t\t\t<\/a>\n\t\t<\/h3>\n\t\t\t\t<\/div>\n\t\t\t\t\t<\/div>\n\t\t<\/article>\n\t\t\t\t<article class=\"elementor-post elementor-grid-item post-9057 post type-post status-publish format-standard has-post-thumbnail hentry category-aktivitaeten-und-ausfluege tag-ciudad-deportiva-camilo-cano tag-costa-blanca-kultur tag-la-nucia tag-la-nucia-geschichte tag-la-nucia-legenden tag-la-nucia-sehenswuerdigkeiten tag-la-nucia-traditionen tag-mi-pueblo tag-sportstadt-spanien\" role=\"listitem\">\n\t\t\t<div class=\"elementor-post__card\">\n\t\t\t\t<a class=\"elementor-post__thumbnail__link\" href=\"https:\/\/costablanca-magazin.com\/es\/freizeit\/aktivitaeten-und-ausfluege\/la-nucia-sportstadt-spaniens-mit-geschichte-kultur\/\" tabindex=\"-1\" ><div class=\"elementor-post__thumbnail\"><img decoding=\"async\" width=\"1536\" height=\"562\" src=\"https:\/\/costablanca-magazin.com\/wp-content\/uploads\/2025\/09\/ciudaddeportivacamilocano.com_deportes_estadio-olimpico-camilo-cano-1536x562.jpg\" class=\"attachment-1536x1536 size-1536x1536 wp-image-9046\" alt=\"ciudad deportiva La nucia\" srcset=\"https:\/\/costablanca-magazin.com\/wp-content\/uploads\/2025\/09\/ciudaddeportivacamilocano.com_deportes_estadio-olimpico-camilo-cano-1536x562.jpg 1536w, https:\/\/costablanca-magazin.com\/wp-content\/uploads\/2025\/09\/ciudaddeportivacamilocano.com_deportes_estadio-olimpico-camilo-cano-300x110.jpg 300w, https:\/\/costablanca-magazin.com\/wp-content\/uploads\/2025\/09\/ciudaddeportivacamilocano.com_deportes_estadio-olimpico-camilo-cano-1024x374.jpg 1024w, https:\/\/costablanca-magazin.com\/wp-content\/uploads\/2025\/09\/ciudaddeportivacamilocano.com_deportes_estadio-olimpico-camilo-cano-768x281.jpg 768w, https:\/\/costablanca-magazin.com\/wp-content\/uploads\/2025\/09\/ciudaddeportivacamilocano.com_deportes_estadio-olimpico-camilo-cano.jpg 1600w\" sizes=\"(max-width: 1536px) 100vw, 1536px\" \/><\/div><\/a>\n\t\t\t\t<div class=\"elementor-post__badge\">Actividades y excursiones<\/div>\n\t\t\t\t<div class=\"elementor-post__avatar\">\n\t\t\t\t\t<\/div>\n\t\t\t\t<div class=\"elementor-post__text\">\n\t\t\t\t<h3 class=\"elementor-post__title\">\n\t\t\t<a href=\"https:\/\/costablanca-magazin.com\/es\/freizeit\/aktivitaeten-und-ausfluege\/la-nucia-sportstadt-spaniens-mit-geschichte-kultur\/\" >\n\t\t\t\tLa Nuc\u00eda - Ciudad deportiva de Espa\u00f1a con historia y cultura\t\t\t<\/a>\n\t\t<\/h3>\n\t\t\t\t<\/div>\n\t\t\t\t\t<\/div>\n\t\t<\/article>\n\t\t\t\t<article class=\"elementor-post elementor-grid-item post-8593 post type-post status-publish format-standard has-post-thumbnail hentry category-aktivitaeten-und-ausfluege tag-castillo-de-denia tag-denia tag-hafenstadt tag-marina-alta tag-mi-pueblo tag-montgo tag-straende-denia\" role=\"listitem\">\n\t\t\t<div class=\"elementor-post__card\">\n\t\t\t\t<a class=\"elementor-post__thumbnail__link\" href=\"https:\/\/costablanca-magazin.com\/es\/freizeit\/aktivitaeten-und-ausfluege\/denia-die-stadt-zwischen-meer-montgo-und-geschichte\/\" tabindex=\"-1\" ><div class=\"elementor-post__thumbnail\"><img decoding=\"async\" width=\"864\" height=\"648\" src=\"https:\/\/costablanca-magazin.com\/wp-content\/uploads\/2025\/08\/Markus-Galiano-2.jpg\" class=\"attachment-1536x1536 size-1536x1536 wp-image-8629\" alt=\"D\u00e9nia, ciudad entre el mar y el Montg\u00f3 14\" srcset=\"https:\/\/costablanca-magazin.com\/wp-content\/uploads\/2025\/08\/Markus-Galiano-2.jpg 864w, https:\/\/costablanca-magazin.com\/wp-content\/uploads\/2025\/08\/Markus-Galiano-2-300x225.jpg 300w, https:\/\/costablanca-magazin.com\/wp-content\/uploads\/2025\/08\/Markus-Galiano-2-768x576.jpg 768w\" sizes=\"(max-width: 864px) 100vw, 864px\" \/><\/div><\/a>\n\t\t\t\t<div class=\"elementor-post__badge\">Actividades y excursiones<\/div>\n\t\t\t\t<div class=\"elementor-post__avatar\">\n\t\t\t\t\t<\/div>\n\t\t\t\t<div class=\"elementor-post__text\">\n\t\t\t\t<h3 class=\"elementor-post__title\">\n\t\t\t<a href=\"https:\/\/costablanca-magazin.com\/es\/freizeit\/aktivitaeten-und-ausfluege\/denia-die-stadt-zwischen-meer-montgo-und-geschichte\/\" >\n\t\t\t\tD\u00e9nia, entre mar, Montg\u00f3 e historia\t\t\t<\/a>\n\t\t<\/h3>\n\t\t\t\t<\/div>\n\t\t\t\t\t<\/div>\n\t\t<\/article>\n\t\t\t\t<\/div>\n\t\t\n\t\t\t\t\t\t<\/div>\n\t\t\t\t<\/div>\n\t\t\t\t\t<\/div>\n\t\t\t\t<\/div>\n\t\t\t\t<\/div>","protected":false},"excerpt":{"rendered":"<p>Alicante: Castillo, Rambla, playas - lo m\u00e1s importante de un vistazo Alicante es la capital de la Costa Blanca: Castillo, Rambla, playas, MARQ, Lucentum<\/p>","protected":false},"author":1,"featured_media":0,"parent":0,"menu_order":0,"comment_status":"closed","ping_status":"closed","template":"elementor_header_footer","meta":{"om_disable_all_campaigns":false,"_monsterinsights_skip_tracking":false,"_monsterinsights_sitenote_active":false,"_monsterinsights_sitenote_note":"","_monsterinsights_sitenote_category":0,"footnotes":""},"class_list":["post-10688","page","type-page","status-publish","hentry"],"aioseo_notices":[],"_links":{"self":[{"href":"https:\/\/costablanca-magazin.com\/es\/wp-json\/wp\/v2\/pages\/10688","targetHints":{"allow":["GET"]}}],"collection":[{"href":"https:\/\/costablanca-magazin.com\/es\/wp-json\/wp\/v2\/pages"}],"about":[{"href":"https:\/\/costablanca-magazin.com\/es\/wp-json\/wp\/v2\/types\/page"}],"author":[{"embeddable":true,"href":"https:\/\/costablanca-magazin.com\/es\/wp-json\/wp\/v2\/users\/1"}],"replies":[{"embeddable":true,"href":"https:\/\/costablanca-magazin.com\/es\/wp-json\/wp\/v2\/comments?post=10688"}],"version-history":[{"count":4,"href":"https:\/\/costablanca-magazin.com\/es\/wp-json\/wp\/v2\/pages\/10688\/revisions"}],"predecessor-version":[{"id":10716,"href":"https:\/\/costablanca-magazin.com\/es\/wp-json\/wp\/v2\/pages\/10688\/revisions\/10716"}],"wp:attachment":[{"href":"https:\/\/costablanca-magazin.com\/es\/wp-json\/wp\/v2\/media?parent=10688"}],"curies":[{"name":"wp","href":"https:\/\/api.w.org\/{rel}","templated":true}]}}