{"id":4679,"date":"2025-01-21T09:34:41","date_gmt":"2025-01-21T08:34:41","guid":{"rendered":"https:\/\/costablanca-magazin.com\/?page_id=4679"},"modified":"2026-03-09T08:23:08","modified_gmt":"2026-03-09T07:23:08","slug":"teulada","status":"publish","type":"page","link":"https:\/\/costablanca-magazin.com\/en\/teulada\/","title":{"rendered":"Teulada"},"content":{"rendered":"<div data-elementor-type=\"wp-page\" data-elementor-id=\"4679\" class=\"elementor elementor-4679\" data-elementor-post-type=\"page\">\n\t\t\t\t<div class=\"elementor-element elementor-element-9c8bb61 e-flex e-con-boxed e-con e-parent\" data-id=\"9c8bb61\" data-element_type=\"container\" data-e-type=\"container\">\n\t\t\t\t\t<div class=\"e-con-inner\">\n\t\t\t\t<div class=\"elementor-element elementor-element-f51b18e elementor-widget elementor-widget-heading\" data-id=\"f51b18e\" data-element_type=\"widget\" data-e-type=\"widget\" data-widget_type=\"heading.default\">\n\t\t\t\t<div class=\"elementor-widget-container\">\n\t\t\t\t\t<h1 class=\"elementor-heading-title elementor-size-default\">Teulada - Between weekly market, original festivals and vineyards <\/h1>\t\t\t\t<\/div>\n\t\t\t\t<\/div>\n\t\t\t\t\t<\/div>\n\t\t\t\t<\/div>\n\t\t<div class=\"elementor-element elementor-element-065e7c3 e-flex e-con-boxed e-con e-parent\" data-id=\"065e7c3\" data-element_type=\"container\" data-e-type=\"container\">\n\t\t\t\t\t<div class=\"e-con-inner\">\n\t\t\t\t<div class=\"elementor-element elementor-element-bb11598 elementor-widget elementor-widget-heading\" data-id=\"bb11598\" data-element_type=\"widget\" data-e-type=\"widget\" data-widget_type=\"heading.default\">\n\t\t\t\t<div class=\"elementor-widget-container\">\n\t\t\t\t\t<h2 class=\"elementor-heading-title elementor-size-default\">Rural structure, historic centre and modern connections<\/h2>\t\t\t\t<\/div>\n\t\t\t\t<\/div>\n\t\t\t\t<div class=\"elementor-element elementor-element-916438d elementor-widget elementor-widget-text-editor\" data-id=\"916438d\" data-element_type=\"widget\" data-e-type=\"widget\" data-widget_type=\"text-editor.default\">\n\t\t\t\t<div class=\"elementor-widget-container\">\n\t\t\t\t\t\t\t\t\t<p>Teulada is the original capital of the municipality of the same name, Teulada-Moraira. While Moraira epitomises coastal life, inland Teulada offers a more rural, established structure with a strong regional character - but also a surprisingly good infrastructure and connections. The town is located around 4 kilometres from the coast, slightly elevated between vineyards, almond plantations and pine groves. Those who know Teulada will appreciate the combination of a traditional townscape and everyday organisation - especially for long-term residents who are looking for tranquillity, authenticity and a realistic price level.<\/p>\n<p class=\"aih1words\">Those who know Teulada will appreciate the harmonious combination of rural charm, historic houses and modern infrastructure, nestled between vineyards, almond groves and pine forests.\n\n<!-- ai-h1words -->\n<p>Teulada offers a rural idyll between vineyards and almond orchards, while the historic centre retains its regional charm with original festivals and a historic centre; at the same time, Costa provides surprisingly good infrastructure and connections, so that Blanca combines quality of life and tradition in the long term.<\/p>\n<!-- \/ai-h1words -->\n\n\t\t\t\t\t\t\t\t<\/div>\n\t\t\t\t<\/div>\n\t\t\t\t\t<\/div>\n\t\t\t\t<\/div>\n\t\t<div class=\"elementor-element elementor-element-8ad4113 e-flex e-con-boxed e-con e-parent\" data-id=\"8ad4113\" data-element_type=\"container\" data-e-type=\"container\">\n\t\t\t\t\t<div class=\"e-con-inner\">\n\t\t<div class=\"elementor-element elementor-element-4be0312 e-con-full e-flex e-con e-child\" data-id=\"4be0312\" data-element_type=\"container\" data-e-type=\"container\">\n\t\t\t\t<div class=\"elementor-element elementor-element-2081d0a elementor-widget__width-initial elementor-widget elementor-widget-gallery\" data-id=\"2081d0a\" data-element_type=\"widget\" data-e-type=\"widget\" data-settings=\"{&quot;columns&quot;:1,&quot;aspect_ratio&quot;:&quot;16:9&quot;,&quot;lazyload&quot;:&quot;yes&quot;,&quot;gallery_layout&quot;:&quot;grid&quot;,&quot;columns_tablet&quot;:2,&quot;columns_mobile&quot;:1,&quot;gap&quot;:{&quot;unit&quot;:&quot;px&quot;,&quot;size&quot;:10,&quot;sizes&quot;:[]},&quot;gap_tablet&quot;:{&quot;unit&quot;:&quot;px&quot;,&quot;size&quot;:10,&quot;sizes&quot;:[]},&quot;gap_mobile&quot;:{&quot;unit&quot;:&quot;px&quot;,&quot;size&quot;:10,&quot;sizes&quot;:[]},&quot;link_to&quot;:&quot;file&quot;,&quot;overlay_background&quot;:&quot;yes&quot;,&quot;content_hover_animation&quot;:&quot;fade-in&quot;}\" data-widget_type=\"gallery.default\">\n\t\t\t\t<div class=\"elementor-widget-container\">\n\t\t\t\t\t\t\t<div class=\"elementor-gallery__container\">\n\t\t\t\t\t\t\t<a class=\"e-gallery-item elementor-gallery-item elementor-animated-content\" href=\"https:\/\/costablanca-magazin.com\/wp-content\/uploads\/2025\/05\/Bodegas-Teulada-9.jpg\" data-elementor-open-lightbox=\"yes\" data-elementor-lightbox-slideshow=\"2081d0a\" data-elementor-lightbox-title=\"Bodegas Teulada (9)\" data-e-action-hash=\"#elementor-action%3Aaction%3Dlightbox%26settings%3DeyJpZCI6NzI1MywidXJsIjoiaHR0cHM6XC9cL2Nvc3RhYmxhbmNhLW1hZ2F6aW4uY29tXC93cC1jb250ZW50XC91cGxvYWRzXC8yMDI1XC8wNVwvQm9kZWdhcy1UZXVsYWRhLTkuanBnIiwic2xpZGVzaG93IjoiMjA4MWQwYSJ9\">\n\t\t\t\t\t<div class=\"e-gallery-image elementor-gallery-item__image\" data-thumbnail=\"https:\/\/costablanca-magazin.com\/wp-content\/uploads\/2025\/05\/Bodegas-Teulada-9.jpg\" data-width=\"1000\" data-height=\"750\" aria-label=\"Costa Blanca Mallorca 315\" role=\"img\" ><\/div>\n\t\t\t\t\t\t\t\t\t\t\t<div class=\"elementor-gallery-item__overlay\"><\/div>\n\t\t\t\t\t\t\t\t\t\t\t\t\t\t<\/a>\n\t\t\t\t\t<\/div>\n\t\t\t\t\t<\/div>\n\t\t\t\t<\/div>\n\t\t\t\t<\/div>\n\t\t<div class=\"elementor-element elementor-element-8677801 e-con-full e-flex e-con e-child\" data-id=\"8677801\" data-element_type=\"container\" data-e-type=\"container\">\n\t\t\t\t<div class=\"elementor-element elementor-element-12e75a1 elementor-widget elementor-widget-heading\" data-id=\"12e75a1\" data-element_type=\"widget\" data-e-type=\"widget\" data-widget_type=\"heading.default\">\n\t\t\t\t<div class=\"elementor-widget-container\">\n\t\t\t\t\t<h3 class=\"elementor-heading-title elementor-size-default\">Urban development &amp; history<\/h3>\t\t\t\t<\/div>\n\t\t\t\t<\/div>\n\t\t\t\t<div class=\"elementor-element elementor-element-569f6a6 elementor-widget__width-initial elementor-widget elementor-widget-text-editor\" data-id=\"569f6a6\" data-element_type=\"widget\" data-e-type=\"widget\" data-widget_type=\"text-editor.default\">\n\t\t\t\t<div class=\"elementor-widget-container\">\n\t\t\t\t\t\t\t\t\t<p>Teulada is a historically grown town with an agricultural character that has served as a market centre since the Middle Ages. The expansion towards the coast only began in the 20th century with the rise of Moraira. Teulada itself remained structured, with a low building volume, close social networking and municipal control. Today it is the administrative and organisational centre of the municipality, with a clear separation between the inland and coastal areas.<\/p>\t\t\t\t\t\t\t\t<\/div>\n\t\t\t\t<\/div>\n\t\t\t\t<\/div>\n\t\t\t\t\t<\/div>\n\t\t\t\t<\/div>\n\t\t<div class=\"elementor-element elementor-element-dbae67a e-flex e-con-boxed e-con e-parent\" data-id=\"dbae67a\" data-element_type=\"container\" data-e-type=\"container\">\n\t\t\t\t\t<div class=\"e-con-inner\">\n\t\t<div class=\"elementor-element elementor-element-07ccf1c e-con-full e-flex e-con e-child\" data-id=\"07ccf1c\" data-element_type=\"container\" data-e-type=\"container\">\n\t\t\t\t<div class=\"elementor-element elementor-element-886de8d elementor-widget elementor-widget-heading\" data-id=\"886de8d\" data-element_type=\"widget\" data-e-type=\"widget\" data-widget_type=\"heading.default\">\n\t\t\t\t<div class=\"elementor-widget-container\">\n\t\t\t\t\t<h4 class=\"elementor-heading-title elementor-size-default\">Townscape &amp; everyday life - tradition meets structure<\/h4>\t\t\t\t<\/div>\n\t\t\t\t<\/div>\n\t\t\t\t<div class=\"elementor-element elementor-element-6e59716 elementor-widget elementor-widget-text-editor\" data-id=\"6e59716\" data-element_type=\"widget\" data-e-type=\"widget\" data-widget_type=\"text-editor.default\">\n\t\t\t\t<div class=\"elementor-widget-container\">\n\t\t\t\t\t\t\t\t\t<p>The historic centre of Teulada is well preserved and exudes an authentic Valencian atmosphere. Natural stone alleyways, whitewashed houses, small courtyards and the Gothic church of Santa Catalina M\u00e1rtir characterise the picture. Around the centre you will find supermarkets, caf\u00e9s, banks, pharmacies, medical care, a modern sports centre as well as cultural and meeting places.<\/p><p>The town is lively, but not hectic. People work, live and work here - without a tourist focus. The urban infrastructure is complete, the administration is efficient and everyday life works even without a coastal location.<\/p>\t\t\t\t\t\t\t\t<\/div>\n\t\t\t\t<\/div>\n\t\t\t\t<\/div>\n\t\t<div class=\"elementor-element elementor-element-51d30cc e-con-full e-flex e-con e-child\" data-id=\"51d30cc\" data-element_type=\"container\" data-e-type=\"container\">\n\t\t\t\t<div class=\"elementor-element elementor-element-10e3295 elementor-widget elementor-widget-gallery\" data-id=\"10e3295\" data-element_type=\"widget\" data-e-type=\"widget\" data-settings=\"{&quot;columns&quot;:1,&quot;gap&quot;:{&quot;unit&quot;:&quot;px&quot;,&quot;size&quot;:0,&quot;sizes&quot;:[]},&quot;aspect_ratio&quot;:&quot;4:3&quot;,&quot;lazyload&quot;:&quot;yes&quot;,&quot;gallery_layout&quot;:&quot;grid&quot;,&quot;columns_tablet&quot;:2,&quot;columns_mobile&quot;:1,&quot;gap_tablet&quot;:{&quot;unit&quot;:&quot;px&quot;,&quot;size&quot;:10,&quot;sizes&quot;:[]},&quot;gap_mobile&quot;:{&quot;unit&quot;:&quot;px&quot;,&quot;size&quot;:10,&quot;sizes&quot;:[]},&quot;link_to&quot;:&quot;file&quot;,&quot;overlay_background&quot;:&quot;yes&quot;,&quot;content_hover_animation&quot;:&quot;fade-in&quot;}\" data-widget_type=\"gallery.default\">\n\t\t\t\t<div class=\"elementor-widget-container\">\n\t\t\t\t\t\t\t<div class=\"elementor-gallery__container\">\n\t\t\t\t\t\t\t<a class=\"e-gallery-item elementor-gallery-item elementor-animated-content\" href=\"https:\/\/costablanca-magazin.com\/wp-content\/uploads\/2025\/05\/20240809_182707-rotated.jpg\" data-elementor-open-lightbox=\"yes\" data-elementor-lightbox-slideshow=\"10e3295\" data-elementor-lightbox-title=\"20240809_182707\" data-e-action-hash=\"#elementor-action%3Aaction%3Dlightbox%26settings%3DeyJpZCI6NzI5MywidXJsIjoiaHR0cHM6XC9cL2Nvc3RhYmxhbmNhLW1hZ2F6aW4uY29tXC93cC1jb250ZW50XC91cGxvYWRzXC8yMDI1XC8wNVwvMjAyNDA4MDlfMTgyNzA3LXJvdGF0ZWQuanBnIiwic2xpZGVzaG93IjoiMTBlMzI5NSJ9\">\n\t\t\t\t\t<div class=\"e-gallery-image elementor-gallery-item__image\" data-thumbnail=\"https:\/\/costablanca-magazin.com\/wp-content\/uploads\/2025\/05\/20240809_182707-1536x2048.jpg\" data-width=\"1536\" data-height=\"2048\" aria-label=\"Costa Blanca Mallorca 325\" role=\"img\" ><\/div>\n\t\t\t\t\t\t\t\t\t\t\t<div class=\"elementor-gallery-item__overlay\"><\/div>\n\t\t\t\t\t\t\t\t\t\t\t\t\t\t<\/a>\n\t\t\t\t\t<\/div>\n\t\t\t\t\t<\/div>\n\t\t\t\t<\/div>\n\t\t\t\t<\/div>\n\t\t\t\t\t<\/div>\n\t\t\t\t<\/div>\n\t\t<div class=\"elementor-element elementor-element-7dfea67 e-flex e-con-boxed e-con e-parent\" data-id=\"7dfea67\" data-element_type=\"container\" data-e-type=\"container\">\n\t\t\t\t\t<div class=\"e-con-inner\">\n\t\t<div class=\"elementor-element elementor-element-1015d1f e-con-full e-flex e-con e-child\" data-id=\"1015d1f\" data-element_type=\"container\" data-e-type=\"container\">\n\t\t\t\t<div class=\"elementor-element elementor-element-5816577 elementor-widget__width-initial elementor-widget elementor-widget-gallery\" data-id=\"5816577\" data-element_type=\"widget\" data-e-type=\"widget\" data-settings=\"{&quot;columns&quot;:1,&quot;aspect_ratio&quot;:&quot;16:9&quot;,&quot;lazyload&quot;:&quot;yes&quot;,&quot;gallery_layout&quot;:&quot;grid&quot;,&quot;columns_tablet&quot;:2,&quot;columns_mobile&quot;:1,&quot;gap&quot;:{&quot;unit&quot;:&quot;px&quot;,&quot;size&quot;:10,&quot;sizes&quot;:[]},&quot;gap_tablet&quot;:{&quot;unit&quot;:&quot;px&quot;,&quot;size&quot;:10,&quot;sizes&quot;:[]},&quot;gap_mobile&quot;:{&quot;unit&quot;:&quot;px&quot;,&quot;size&quot;:10,&quot;sizes&quot;:[]},&quot;link_to&quot;:&quot;file&quot;,&quot;overlay_background&quot;:&quot;yes&quot;,&quot;content_hover_animation&quot;:&quot;fade-in&quot;}\" data-widget_type=\"gallery.default\">\n\t\t\t\t<div class=\"elementor-widget-container\">\n\t\t\t\t\t\t\t<div class=\"elementor-gallery__container\">\n\t\t\t\t\t\t\t<a class=\"e-gallery-item elementor-gallery-item elementor-animated-content\" href=\"https:\/\/costablanca-magazin.com\/wp-content\/uploads\/2024\/10\/Wochenmarkt-Costa-Blanca-5-scaled.jpg\" data-elementor-open-lightbox=\"yes\" data-elementor-lightbox-slideshow=\"5816577\" data-elementor-lightbox-title=\"Wochenmarkt Costa Blanca (5)\" data-elementor-lightbox-description=\"Buntes Treiben und mediterrane Gen\u00fcsse - Die Wochenm\u00e4rkte der Marina Alta und Marina Baixa\" data-e-action-hash=\"#elementor-action%3Aaction%3Dlightbox%26settings%3DeyJpZCI6MjgwNiwidXJsIjoiaHR0cHM6XC9cL2Nvc3RhYmxhbmNhLW1hZ2F6aW4uY29tXC93cC1jb250ZW50XC91cGxvYWRzXC8yMDI0XC8xMFwvV29jaGVubWFya3QtQ29zdGEtQmxhbmNhLTUtc2NhbGVkLmpwZyIsInNsaWRlc2hvdyI6IjU4MTY1NzcifQ%3D%3D\">\n\t\t\t\t\t<div class=\"e-gallery-image elementor-gallery-item__image\" data-thumbnail=\"https:\/\/costablanca-magazin.com\/wp-content\/uploads\/2024\/10\/Wochenmarkt-Costa-Blanca-5-1024x768.jpg\" data-width=\"800\" data-height=\"600\" aria-label=\"Colourful hustle and bustle and Mediterranean delights \u2013 the weekly markets of Marina Alta and Marina Baixa 10\" role=\"img\" ><\/div>\n\t\t\t\t\t\t\t\t\t\t\t<div class=\"elementor-gallery-item__overlay\"><\/div>\n\t\t\t\t\t\t\t\t\t\t\t\t\t\t<\/a>\n\t\t\t\t\t<\/div>\n\t\t\t\t\t<\/div>\n\t\t\t\t<\/div>\n\t\t\t\t<\/div>\n\t\t<div class=\"elementor-element elementor-element-3d253d0 e-con-full e-flex e-con e-child\" data-id=\"3d253d0\" data-element_type=\"container\" data-e-type=\"container\">\n\t\t\t\t<div class=\"elementor-element elementor-element-aeb5f8f elementor-widget elementor-widget-heading\" data-id=\"aeb5f8f\" data-element_type=\"widget\" data-e-type=\"widget\" data-widget_type=\"heading.default\">\n\t\t\t\t<div class=\"elementor-widget-container\">\n\t\t\t\t\t<h5 class=\"elementor-heading-title elementor-size-default\">Weekly market in Teulada<\/h5>\t\t\t\t<\/div>\n\t\t\t\t<\/div>\n\t\t\t\t<div class=\"elementor-element elementor-element-0a2279d elementor-widget elementor-widget-text-editor\" data-id=\"0a2279d\" data-element_type=\"widget\" data-e-type=\"widget\" data-widget_type=\"text-editor.default\">\n\t\t\t\t<div class=\"elementor-widget-container\">\n\t\t\t\t\t\t\t\t\t<p>Benidorm offers two <a title=\"Colourful hustle and bustle and Mediterranean delights - Costa Blanca weekly markets\" href=\"https:\/\/costablanca-magazin.com\/en\/residents\/living-in-spain\/colourful-hustle-and-bustle-and-mediterranean-delights-costa-blanca-weekly-markets\/\" target=\"_blank\" rel=\"noopener\">Weekly markets<\/a>:<\/p><p data-start=\"138\" data-end=\"302\">The larger <strong>Weekly market on Friday in the Foietes neighbourhood<\/strong> (near the sports centre)<br data-start=\"219\" data-end=\"222\" \/>The <strong>Sunday market in the Rinc\u00f3n de Loix<\/strong> - a favourite with international guests<\/p><p data-start=\"304\" data-end=\"515\">At this market you can discover fresh fruit, vegetables, local delicacies, clothing and household items - accompanied by a lively atmosphere that reflects the urban character of the city.<\/p>\t\t\t\t\t\t\t\t<\/div>\n\t\t\t\t<\/div>\n\t\t\t\t<\/div>\n\t\t\t\t\t<\/div>\n\t\t\t\t<\/div>\n\t\t<div class=\"elementor-element elementor-element-972d0fa e-flex e-con-boxed e-con e-parent\" data-id=\"972d0fa\" data-element_type=\"container\" data-e-type=\"container\">\n\t\t\t\t\t<div class=\"e-con-inner\">\n\t\t<div class=\"elementor-element elementor-element-42b738e e-con-full e-flex e-con e-child\" data-id=\"42b738e\" data-element_type=\"container\" data-e-type=\"container\">\n\t\t\t\t<div class=\"elementor-element elementor-element-544ff1b elementor-widget elementor-widget-heading\" data-id=\"544ff1b\" data-element_type=\"widget\" data-e-type=\"widget\" data-widget_type=\"heading.default\">\n\t\t\t\t<div class=\"elementor-widget-container\">\n\t\t\t\t\t<h5 class=\"elementor-heading-title elementor-size-default\">Festivals &amp; events - living tradition with participation<\/h5>\t\t\t\t<\/div>\n\t\t\t\t<\/div>\n\t\t\t\t<div class=\"elementor-element elementor-element-771bc35 elementor-widget elementor-widget-text-editor\" data-id=\"771bc35\" data-element_type=\"widget\" data-e-type=\"widget\" data-widget_type=\"text-editor.default\">\n\t\t\t\t<div class=\"elementor-widget-container\">\n\t\t\t\t\t\t\t\t\t<p>Teulada is known for its deeply rooted patronal festivals, which are organised with great commitment by the locals and also actively involve newcomers and residents:<\/p><ul><li>\ud83c\udf89 <strong>Fiestas Patronales de Santa Catalina y San Vicente Ferrer<\/strong> (April): Multi-day festival with parades, religious celebrations, music and gastronomy<\/li><li>\ud83e\udd3a <strong>Moros y Cristianos<\/strong> (June): Colourful festival with parades, costumes and music through the old town<\/li><\/ul><p>\ud83c\udfb6 Concerts, theatre and traditional dance evenings in the Auditori Teulada-Moraira - a modern event centre with a year-round cultural programme<\/p>\t\t\t\t\t\t\t\t<\/div>\n\t\t\t\t<\/div>\n\t\t\t\t<\/div>\n\t\t<div class=\"elementor-element elementor-element-44509e9 e-con-full e-flex e-con e-child\" data-id=\"44509e9\" data-element_type=\"container\" data-e-type=\"container\">\n\t\t\t\t<div class=\"elementor-element elementor-element-7247964 elementor-widget__width-initial elementor-widget elementor-widget-gallery\" data-id=\"7247964\" data-element_type=\"widget\" data-e-type=\"widget\" data-settings=\"{&quot;columns&quot;:1,&quot;aspect_ratio&quot;:&quot;4:3&quot;,&quot;lazyload&quot;:&quot;yes&quot;,&quot;gallery_layout&quot;:&quot;grid&quot;,&quot;columns_tablet&quot;:2,&quot;columns_mobile&quot;:1,&quot;gap&quot;:{&quot;unit&quot;:&quot;px&quot;,&quot;size&quot;:10,&quot;sizes&quot;:[]},&quot;gap_tablet&quot;:{&quot;unit&quot;:&quot;px&quot;,&quot;size&quot;:10,&quot;sizes&quot;:[]},&quot;gap_mobile&quot;:{&quot;unit&quot;:&quot;px&quot;,&quot;size&quot;:10,&quot;sizes&quot;:[]},&quot;link_to&quot;:&quot;file&quot;,&quot;overlay_background&quot;:&quot;yes&quot;,&quot;content_hover_animation&quot;:&quot;fade-in&quot;}\" data-widget_type=\"gallery.default\">\n\t\t\t\t<div class=\"elementor-widget-container\">\n\t\t\t\t\t\t\t<div class=\"elementor-gallery__container\">\n\t\t\t\t\t\t\t<a class=\"e-gallery-item elementor-gallery-item elementor-animated-content\" href=\"https:\/\/costablanca-magazin.com\/wp-content\/uploads\/2025\/05\/Art-Exhibition-Teulada-Moraira.jpg\" data-elementor-open-lightbox=\"yes\" data-elementor-lightbox-slideshow=\"7247964\" data-elementor-lightbox-title=\"Art Exhibition Teulada Moraira\" data-elementor-lightbox-description=\"Art Exhibition Teulada Moraira\" data-e-action-hash=\"#elementor-action%3Aaction%3Dlightbox%26settings%3DeyJpZCI6Njc0MiwidXJsIjoiaHR0cHM6XC9cL2Nvc3RhYmxhbmNhLW1hZ2F6aW4uY29tXC93cC1jb250ZW50XC91cGxvYWRzXC8yMDI1XC8wNVwvQXJ0LUV4aGliaXRpb24tVGV1bGFkYS1Nb3JhaXJhLmpwZyIsInNsaWRlc2hvdyI6IjcyNDc5NjQifQ%3D%3D\">\n\t\t\t\t\t<div class=\"e-gallery-image elementor-gallery-item__image\" data-thumbnail=\"https:\/\/costablanca-magazin.com\/wp-content\/uploads\/2025\/05\/Art-Exhibition-Teulada-Moraira-1024x768.jpg\" data-width=\"800\" data-height=\"600\" aria-label=\"Art Exhibition Teulada Moraira\" role=\"img\" ><\/div>\n\t\t\t\t\t\t\t\t\t\t\t<div class=\"elementor-gallery-item__overlay\"><\/div>\n\t\t\t\t\t\t\t\t\t\t\t\t\t\t<\/a>\n\t\t\t\t\t<\/div>\n\t\t\t\t\t<\/div>\n\t\t\t\t<\/div>\n\t\t\t\t<\/div>\n\t\t\t\t\t<\/div>\n\t\t\t\t<\/div>\n\t\t<div class=\"elementor-element elementor-element-ba34c6e e-flex e-con-boxed e-con e-parent\" data-id=\"ba34c6e\" data-element_type=\"container\" data-e-type=\"container\">\n\t\t\t\t\t<div class=\"e-con-inner\">\n\t\t<div class=\"elementor-element elementor-element-f216c98 e-con-full e-flex e-con e-child\" data-id=\"f216c98\" data-element_type=\"container\" data-e-type=\"container\">\n\t\t\t\t<div class=\"elementor-element elementor-element-e5ea414 elementor-widget__width-initial elementor-widget elementor-widget-gallery\" data-id=\"e5ea414\" data-element_type=\"widget\" data-e-type=\"widget\" data-settings=\"{&quot;columns&quot;:1,&quot;aspect_ratio&quot;:&quot;21:9&quot;,&quot;lazyload&quot;:&quot;yes&quot;,&quot;gallery_layout&quot;:&quot;grid&quot;,&quot;columns_tablet&quot;:2,&quot;columns_mobile&quot;:1,&quot;gap&quot;:{&quot;unit&quot;:&quot;px&quot;,&quot;size&quot;:10,&quot;sizes&quot;:[]},&quot;gap_tablet&quot;:{&quot;unit&quot;:&quot;px&quot;,&quot;size&quot;:10,&quot;sizes&quot;:[]},&quot;gap_mobile&quot;:{&quot;unit&quot;:&quot;px&quot;,&quot;size&quot;:10,&quot;sizes&quot;:[]},&quot;link_to&quot;:&quot;file&quot;,&quot;overlay_background&quot;:&quot;yes&quot;,&quot;content_hover_animation&quot;:&quot;fade-in&quot;}\" data-widget_type=\"gallery.default\">\n\t\t\t\t<div class=\"elementor-widget-container\">\n\t\t\t\t\t\t\t<div class=\"elementor-gallery__container\">\n\t\t\t\t\t\t\t<a class=\"e-gallery-item elementor-gallery-item elementor-animated-content\" href=\"https:\/\/costablanca-magazin.com\/wp-content\/uploads\/2025\/05\/Bodegas-Teulada-8.jpg\" data-elementor-open-lightbox=\"yes\" data-elementor-lightbox-slideshow=\"e5ea414\" data-elementor-lightbox-title=\"Bodegas Teulada (8)\" data-e-action-hash=\"#elementor-action%3Aaction%3Dlightbox%26settings%3DeyJpZCI6NzI1NCwidXJsIjoiaHR0cHM6XC9cL2Nvc3RhYmxhbmNhLW1hZ2F6aW4uY29tXC93cC1jb250ZW50XC91cGxvYWRzXC8yMDI1XC8wNVwvQm9kZWdhcy1UZXVsYWRhLTguanBnIiwic2xpZGVzaG93IjoiZTVlYTQxNCJ9\">\n\t\t\t\t\t<div class=\"e-gallery-image elementor-gallery-item__image\" data-thumbnail=\"https:\/\/costablanca-magazin.com\/wp-content\/uploads\/2025\/05\/Bodegas-Teulada-8.jpg\" data-width=\"750\" data-height=\"1000\" aria-label=\"Costa Blanca Mallorca 316\" role=\"img\" ><\/div>\n\t\t\t\t\t\t\t\t\t\t\t<div class=\"elementor-gallery-item__overlay\"><\/div>\n\t\t\t\t\t\t\t\t\t\t\t\t\t\t<\/a>\n\t\t\t\t\t<\/div>\n\t\t\t\t\t<\/div>\n\t\t\t\t<\/div>\n\t\t\t\t<\/div>\n\t\t<div class=\"elementor-element elementor-element-af988f0 e-con-full e-flex e-con e-child\" data-id=\"af988f0\" data-element_type=\"container\" data-e-type=\"container\">\n\t\t\t\t<div class=\"elementor-element elementor-element-66c3c10 elementor-widget elementor-widget-heading\" data-id=\"66c3c10\" data-element_type=\"widget\" data-e-type=\"widget\" data-widget_type=\"heading.default\">\n\t\t\t\t<div class=\"elementor-widget-container\">\n\t\t\t\t\t<h5 class=\"elementor-heading-title elementor-size-default\">Connection &amp; accessibility<\/h5>\t\t\t\t<\/div>\n\t\t\t\t<\/div>\n\t\t\t\t<div class=\"elementor-element elementor-element-3ac7fe0 elementor-widget elementor-widget-text-editor\" data-id=\"3ac7fe0\" data-element_type=\"widget\" data-e-type=\"widget\" data-widget_type=\"text-editor.default\">\n\t\t\t\t<div class=\"elementor-widget-container\">\n\t\t\t\t\t\t\t\t\t<p>A real plus for residents is the Teulada TRAM railway station, which connects the town with Benissa, Calpe, Altea, Villajoyosa and Alicante. The transport options are complemented by bus connections and good links to the N-332 national road, meaning you can quickly reach Moraira, D\u00e9nia or the coast - without having to live in the coastal hustle and bustle.<\/p>\t\t\t\t\t\t\t\t<\/div>\n\t\t\t\t<\/div>\n\t\t\t\t<\/div>\n\t\t\t\t\t<\/div>\n\t\t\t\t<\/div>\n\t\t<div class=\"elementor-element elementor-element-15c40d8 e-flex e-con-boxed e-con e-parent\" data-id=\"15c40d8\" data-element_type=\"container\" data-e-type=\"container\">\n\t\t\t\t\t<div class=\"e-con-inner\">\n\t\t<div class=\"elementor-element elementor-element-fb505e7 e-con-full e-flex e-con e-child\" data-id=\"fb505e7\" data-element_type=\"container\" data-e-type=\"container\">\n\t\t\t\t<div class=\"elementor-element elementor-element-22d594b elementor-widget elementor-widget-heading\" data-id=\"22d594b\" data-element_type=\"widget\" data-e-type=\"widget\" data-widget_type=\"heading.default\">\n\t\t\t\t<div class=\"elementor-widget-container\">\n\t\t\t\t\t<h5 class=\"elementor-heading-title elementor-size-default\">Landscape &amp; surroundings - close to nature and quiet<\/h5>\t\t\t\t<\/div>\n\t\t\t\t<\/div>\n\t\t\t\t<div class=\"elementor-element elementor-element-ed6ef91 elementor-widget elementor-widget-text-editor\" data-id=\"ed6ef91\" data-element_type=\"widget\" data-e-type=\"widget\" data-widget_type=\"text-editor.default\">\n\t\t\t\t<div class=\"elementor-widget-container\">\n\t\t\t\t\t\t\t\t\t<p>Teulada is nestled in a gently rolling landscape with vineyards, citrus groves and small farmsteads. Walking paths, viewpoints and cycle routes offer peaceful alternatives to the busy coastline. The nearby Font Santa nature reserve or the path to the Hermitage of Font Santa also offer nature experiences in the immediate vicinity.<\/p>\t\t\t\t\t\t\t\t<\/div>\n\t\t\t\t<\/div>\n\t\t\t\t<\/div>\n\t\t<div class=\"elementor-element elementor-element-2d9d125 e-con-full e-flex e-con e-child\" data-id=\"2d9d125\" data-element_type=\"container\" data-e-type=\"container\">\n\t\t\t\t<div class=\"elementor-element elementor-element-b594a7b elementor-widget elementor-widget-gallery\" data-id=\"b594a7b\" data-element_type=\"widget\" data-e-type=\"widget\" data-settings=\"{&quot;columns&quot;:1,&quot;aspect_ratio&quot;:&quot;21:9&quot;,&quot;lazyload&quot;:&quot;yes&quot;,&quot;gallery_layout&quot;:&quot;grid&quot;,&quot;columns_tablet&quot;:2,&quot;columns_mobile&quot;:1,&quot;gap&quot;:{&quot;unit&quot;:&quot;px&quot;,&quot;size&quot;:10,&quot;sizes&quot;:[]},&quot;gap_tablet&quot;:{&quot;unit&quot;:&quot;px&quot;,&quot;size&quot;:10,&quot;sizes&quot;:[]},&quot;gap_mobile&quot;:{&quot;unit&quot;:&quot;px&quot;,&quot;size&quot;:10,&quot;sizes&quot;:[]},&quot;link_to&quot;:&quot;file&quot;,&quot;overlay_background&quot;:&quot;yes&quot;,&quot;content_hover_animation&quot;:&quot;fade-in&quot;}\" data-widget_type=\"gallery.default\">\n\t\t\t\t<div class=\"elementor-widget-container\">\n\t\t\t\t\t\t\t<div class=\"elementor-gallery__container\">\n\t\t\t\t\t\t\t<a class=\"e-gallery-item elementor-gallery-item elementor-animated-content\" href=\"https:\/\/costablanca-magazin.com\/wp-content\/uploads\/2025\/05\/20230407_113704.jpg\" data-elementor-open-lightbox=\"yes\" data-elementor-lightbox-slideshow=\"b594a7b\" data-elementor-lightbox-title=\"20230407_113704\" data-e-action-hash=\"#elementor-action%3Aaction%3Dlightbox%26settings%3DeyJpZCI6NzIzNywidXJsIjoiaHR0cHM6XC9cL2Nvc3RhYmxhbmNhLW1hZ2F6aW4uY29tXC93cC1jb250ZW50XC91cGxvYWRzXC8yMDI1XC8wNVwvMjAyMzA0MDdfMTEzNzA0LmpwZyIsInNsaWRlc2hvdyI6ImI1OTRhN2IifQ%3D%3D\">\n\t\t\t\t\t<div class=\"e-gallery-image elementor-gallery-item__image\" data-thumbnail=\"https:\/\/costablanca-magazin.com\/wp-content\/uploads\/2025\/05\/20230407_113704.jpg\" data-width=\"1000\" data-height=\"750\" aria-label=\"costablanca mallorca 302\" role=\"img\" ><\/div>\n\t\t\t\t\t\t\t\t\t\t\t<div class=\"elementor-gallery-item__overlay\"><\/div>\n\t\t\t\t\t\t\t\t\t\t\t\t\t\t<\/a>\n\t\t\t\t\t<\/div>\n\t\t\t\t\t<\/div>\n\t\t\t\t<\/div>\n\t\t\t\t<\/div>\n\t\t<div class=\"elementor-element elementor-element-eb3298e e-con-full e-flex e-con e-child\" data-id=\"eb3298e\" data-element_type=\"container\" data-e-type=\"container\">\n\t\t\t\t<div class=\"elementor-element elementor-element-7ae86cb elementor-widget__width-initial elementor-widget elementor-widget-gallery\" data-id=\"7ae86cb\" data-element_type=\"widget\" data-e-type=\"widget\" data-settings=\"{&quot;columns&quot;:1,&quot;aspect_ratio&quot;:&quot;16:9&quot;,&quot;lazyload&quot;:&quot;yes&quot;,&quot;gallery_layout&quot;:&quot;grid&quot;,&quot;columns_tablet&quot;:2,&quot;columns_mobile&quot;:1,&quot;gap&quot;:{&quot;unit&quot;:&quot;px&quot;,&quot;size&quot;:10,&quot;sizes&quot;:[]},&quot;gap_tablet&quot;:{&quot;unit&quot;:&quot;px&quot;,&quot;size&quot;:10,&quot;sizes&quot;:[]},&quot;gap_mobile&quot;:{&quot;unit&quot;:&quot;px&quot;,&quot;size&quot;:10,&quot;sizes&quot;:[]},&quot;link_to&quot;:&quot;file&quot;,&quot;overlay_background&quot;:&quot;yes&quot;,&quot;content_hover_animation&quot;:&quot;fade-in&quot;}\" data-widget_type=\"gallery.default\">\n\t\t\t\t<div class=\"elementor-widget-container\">\n\t\t\t\t\t\t\t<div class=\"elementor-gallery__container\">\n\t\t\t\t\t\t\t<a class=\"e-gallery-item elementor-gallery-item elementor-animated-content\" href=\"https:\/\/costablanca-magazin.com\/wp-content\/uploads\/2025\/05\/20240809_182729-rotated.jpg\" data-elementor-open-lightbox=\"yes\" data-elementor-lightbox-slideshow=\"7ae86cb\" data-elementor-lightbox-title=\"20240809_182729\" data-e-action-hash=\"#elementor-action%3Aaction%3Dlightbox%26settings%3DeyJpZCI6NzI5NCwidXJsIjoiaHR0cHM6XC9cL2Nvc3RhYmxhbmNhLW1hZ2F6aW4uY29tXC93cC1jb250ZW50XC91cGxvYWRzXC8yMDI1XC8wNVwvMjAyNDA4MDlfMTgyNzI5LXJvdGF0ZWQuanBnIiwic2xpZGVzaG93IjoiN2FlODZjYiJ9\">\n\t\t\t\t\t<div class=\"e-gallery-image elementor-gallery-item__image\" data-thumbnail=\"https:\/\/costablanca-magazin.com\/wp-content\/uploads\/2025\/05\/20240809_182729-1536x2048.jpg\" data-width=\"1536\" data-height=\"2048\" aria-label=\"Costa Blanca Mallorca 326\" role=\"img\" ><\/div>\n\t\t\t\t\t\t\t\t\t\t\t<div class=\"elementor-gallery-item__overlay\"><\/div>\n\t\t\t\t\t\t\t\t\t\t\t\t\t\t<\/a>\n\t\t\t\t\t<\/div>\n\t\t\t\t\t<\/div>\n\t\t\t\t<\/div>\n\t\t\t\t<\/div>\n\t\t<div class=\"elementor-element elementor-element-1623a09 e-con-full e-flex e-con e-child\" data-id=\"1623a09\" data-element_type=\"container\" data-e-type=\"container\">\n\t\t\t\t<div class=\"elementor-element elementor-element-d2f83cf elementor-widget elementor-widget-heading\" data-id=\"d2f83cf\" data-element_type=\"widget\" data-e-type=\"widget\" data-widget_type=\"heading.default\">\n\t\t\t\t<div class=\"elementor-widget-container\">\n\t\t\t\t\t<h5 class=\"elementor-heading-title elementor-size-default\">Living in Teulada - affordable, organised, authentic<\/h5>\t\t\t\t<\/div>\n\t\t\t\t<\/div>\n\t\t\t\t<div class=\"elementor-element elementor-element-737e5ab elementor-widget elementor-widget-text-editor\" data-id=\"737e5ab\" data-element_type=\"widget\" data-e-type=\"widget\" data-widget_type=\"text-editor.default\">\n\t\t\t\t<div class=\"elementor-widget-container\">\n\t\t\t\t\t\t\t\t\t<p>Teulada offers a good level of everyday structure without being overcrowded. In addition to the town council, there are several doctors, pharmacies, service providers, banks and local shops in the town. The proximity to the coast and Moraira provides access to maritime activities without having to live directly by the sea. Families, retirees and people looking for permanence in particular will find an attractive living environment here with a comparatively moderate property price level.<\/p>\t\t\t\t\t\t\t\t<\/div>\n\t\t\t\t<\/div>\n\t\t\t\t<\/div>\n\t\t\t\t\t<\/div>\n\t\t\t\t<\/div>\n\t\t<div class=\"elementor-element elementor-element-a1b9494 e-flex e-con-boxed e-con e-parent\" data-id=\"a1b9494\" data-element_type=\"container\" data-e-type=\"container\">\n\t\t\t\t\t<div class=\"e-con-inner\">\n\t\t<div class=\"elementor-element elementor-element-fa6e4e9 e-con-full e-flex e-con e-child\" data-id=\"fa6e4e9\" data-element_type=\"container\" data-e-type=\"container\">\n\t\t<div class=\"elementor-element elementor-element-757e394 e-con-full e-flex e-con e-child\" data-id=\"757e394\" data-element_type=\"container\" data-e-type=\"container\">\n\t\t\t\t<div class=\"elementor-element elementor-element-4d9454d elementor-widget elementor-widget-google_maps\" data-id=\"4d9454d\" data-element_type=\"widget\" data-e-type=\"widget\" data-widget_type=\"google_maps.default\">\n\t\t\t\t<div class=\"elementor-widget-container\">\n\t\t\t\t\t\t\t<div class=\"elementor-custom-embed\">\n\t\t\t<iframe loading=\"lazy\"\n\t\t\t\t\tsrc=\"https:\/\/maps.google.com\/maps?q=Teulada&#038;t=m&#038;z=14&#038;output=embed&#038;iwloc=near\"\n\t\t\t\t\ttitle=\"Teulada\"\n\t\t\t\t\taria-label=\"Teulada\"\n\t\t\t><\/iframe>\n\t\t<\/div>\n\t\t\t\t\t\t<\/div>\n\t\t\t\t<\/div>\n\t\t\t\t<\/div>\n\t\t\t\t<div class=\"elementor-element elementor-element-39021c6 elementor-widget elementor-widget-gallery\" data-id=\"39021c6\" data-element_type=\"widget\" data-e-type=\"widget\" data-settings=\"{&quot;gallery_layout&quot;:&quot;justified&quot;,&quot;ideal_row_height&quot;:{&quot;unit&quot;:&quot;px&quot;,&quot;size&quot;:131,&quot;sizes&quot;:[]},&quot;gap&quot;:{&quot;unit&quot;:&quot;px&quot;,&quot;size&quot;:2,&quot;sizes&quot;:[]},&quot;lazyload&quot;:&quot;yes&quot;,&quot;ideal_row_height_tablet&quot;:{&quot;unit&quot;:&quot;px&quot;,&quot;size&quot;:150,&quot;sizes&quot;:[]},&quot;ideal_row_height_mobile&quot;:{&quot;unit&quot;:&quot;px&quot;,&quot;size&quot;:150,&quot;sizes&quot;:[]},&quot;gap_tablet&quot;:{&quot;unit&quot;:&quot;px&quot;,&quot;size&quot;:10,&quot;sizes&quot;:[]},&quot;gap_mobile&quot;:{&quot;unit&quot;:&quot;px&quot;,&quot;size&quot;:10,&quot;sizes&quot;:[]},&quot;link_to&quot;:&quot;file&quot;,&quot;overlay_background&quot;:&quot;yes&quot;,&quot;content_hover_animation&quot;:&quot;fade-in&quot;}\" data-widget_type=\"gallery.default\">\n\t\t\t\t<div class=\"elementor-widget-container\">\n\t\t\t\t\t\t\t<div class=\"elementor-gallery__container\">\n\t\t\t\t\t\t\t<a class=\"e-gallery-item elementor-gallery-item elementor-animated-content\" href=\"https:\/\/costablanca-magazin.com\/wp-content\/uploads\/2025\/05\/Costablanca-Magazin-Altea-34.jpg\" data-elementor-open-lightbox=\"yes\" data-elementor-lightbox-slideshow=\"39021c6\" data-elementor-lightbox-title=\"Costablanca Magazin Altea (34)\" data-e-action-hash=\"#elementor-action%3Aaction%3Dlightbox%26settings%3DeyJpZCI6NzA3NywidXJsIjoiaHR0cHM6XC9cL2Nvc3RhYmxhbmNhLW1hZ2F6aW4uY29tXC93cC1jb250ZW50XC91cGxvYWRzXC8yMDI1XC8wNVwvQ29zdGFibGFuY2EtTWFnYXppbi1BbHRlYS0zNC5qcGciLCJzbGlkZXNob3ciOiIzOTAyMWM2In0%3D\">\n\t\t\t\t\t<div class=\"e-gallery-image elementor-gallery-item__image\" data-thumbnail=\"https:\/\/costablanca-magazin.com\/wp-content\/uploads\/2025\/05\/Costablanca-Magazin-Altea-34.jpg\" data-width=\"1000\" data-height=\"563\" aria-label=\"Costa Blanca Mallorca 239\" role=\"img\" ><\/div>\n\t\t\t\t\t\t\t\t\t\t\t<div class=\"elementor-gallery-item__overlay\"><\/div>\n\t\t\t\t\t\t\t\t\t\t\t\t\t\t<\/a>\n\t\t\t\t\t\t\t<a class=\"e-gallery-item elementor-gallery-item elementor-animated-content\" href=\"https:\/\/costablanca-magazin.com\/wp-content\/uploads\/2025\/05\/Costablanca-Magazin-Altea-31.jpg\" data-elementor-open-lightbox=\"yes\" data-elementor-lightbox-slideshow=\"39021c6\" data-elementor-lightbox-title=\"Costablanca Magazin Altea (31)\" data-e-action-hash=\"#elementor-action%3Aaction%3Dlightbox%26settings%3DeyJpZCI6NzA3NCwidXJsIjoiaHR0cHM6XC9cL2Nvc3RhYmxhbmNhLW1hZ2F6aW4uY29tXC93cC1jb250ZW50XC91cGxvYWRzXC8yMDI1XC8wNVwvQ29zdGFibGFuY2EtTWFnYXppbi1BbHRlYS0zMS5qcGciLCJzbGlkZXNob3ciOiIzOTAyMWM2In0%3D\">\n\t\t\t\t\t<div class=\"e-gallery-image elementor-gallery-item__image\" data-thumbnail=\"https:\/\/costablanca-magazin.com\/wp-content\/uploads\/2025\/05\/Costablanca-Magazin-Altea-31.jpg\" data-width=\"563\" data-height=\"1000\" aria-label=\"costablanca mallorca 236\" role=\"img\" ><\/div>\n\t\t\t\t\t\t\t\t\t\t\t<div class=\"elementor-gallery-item__overlay\"><\/div>\n\t\t\t\t\t\t\t\t\t\t\t\t\t\t<\/a>\n\t\t\t\t\t\t\t<a class=\"e-gallery-item elementor-gallery-item elementor-animated-content\" href=\"https:\/\/costablanca-magazin.com\/wp-content\/uploads\/2025\/05\/Costablanca-Magazin-Altea-65.jpg\" data-elementor-open-lightbox=\"yes\" data-elementor-lightbox-slideshow=\"39021c6\" data-elementor-lightbox-title=\"Costablanca Magazin Altea (65)\" data-e-action-hash=\"#elementor-action%3Aaction%3Dlightbox%26settings%3DeyJpZCI6NzA5NCwidXJsIjoiaHR0cHM6XC9cL2Nvc3RhYmxhbmNhLW1hZ2F6aW4uY29tXC93cC1jb250ZW50XC91cGxvYWRzXC8yMDI1XC8wNVwvQ29zdGFibGFuY2EtTWFnYXppbi1BbHRlYS02NS5qcGciLCJzbGlkZXNob3ciOiIzOTAyMWM2In0%3D\">\n\t\t\t\t\t<div class=\"e-gallery-image elementor-gallery-item__image\" data-thumbnail=\"https:\/\/costablanca-magazin.com\/wp-content\/uploads\/2025\/05\/Costablanca-Magazin-Altea-65.jpg\" data-width=\"1000\" data-height=\"563\" aria-label=\"costablanca mallorca 255\" role=\"img\" ><\/div>\n\t\t\t\t\t\t\t\t\t\t\t<div class=\"elementor-gallery-item__overlay\"><\/div>\n\t\t\t\t\t\t\t\t\t\t\t\t\t\t<\/a>\n\t\t\t\t\t\t\t<a class=\"e-gallery-item elementor-gallery-item elementor-animated-content\" href=\"https:\/\/costablanca-magazin.com\/wp-content\/uploads\/2025\/05\/Costablanca-Magazin-Altea-50.jpg\" data-elementor-open-lightbox=\"yes\" data-elementor-lightbox-slideshow=\"39021c6\" data-elementor-lightbox-title=\"Costablanca Magazin Altea (50)\" data-e-action-hash=\"#elementor-action%3Aaction%3Dlightbox%26settings%3DeyJpZCI6NzA4OSwidXJsIjoiaHR0cHM6XC9cL2Nvc3RhYmxhbmNhLW1hZ2F6aW4uY29tXC93cC1jb250ZW50XC91cGxvYWRzXC8yMDI1XC8wNVwvQ29zdGFibGFuY2EtTWFnYXppbi1BbHRlYS01MC5qcGciLCJzbGlkZXNob3ciOiIzOTAyMWM2In0%3D\">\n\t\t\t\t\t<div class=\"e-gallery-image elementor-gallery-item__image\" data-thumbnail=\"https:\/\/costablanca-magazin.com\/wp-content\/uploads\/2025\/05\/Costablanca-Magazin-Altea-50.jpg\" data-width=\"563\" data-height=\"1000\" aria-label=\"costablanca mallorca 250\" role=\"img\" ><\/div>\n\t\t\t\t\t\t\t\t\t\t\t<div class=\"elementor-gallery-item__overlay\"><\/div>\n\t\t\t\t\t\t\t\t\t\t\t\t\t\t<\/a>\n\t\t\t\t\t\t\t<a class=\"e-gallery-item elementor-gallery-item elementor-animated-content\" href=\"https:\/\/costablanca-magazin.com\/wp-content\/uploads\/2025\/05\/Costablanca-Magazin-Altea-72.jpg\" data-elementor-open-lightbox=\"yes\" data-elementor-lightbox-slideshow=\"39021c6\" data-elementor-lightbox-title=\"Costablanca Magazin Altea (72)\" data-e-action-hash=\"#elementor-action%3Aaction%3Dlightbox%26settings%3DeyJpZCI6NzEwMSwidXJsIjoiaHR0cHM6XC9cL2Nvc3RhYmxhbmNhLW1hZ2F6aW4uY29tXC93cC1jb250ZW50XC91cGxvYWRzXC8yMDI1XC8wNVwvQ29zdGFibGFuY2EtTWFnYXppbi1BbHRlYS03Mi5qcGciLCJzbGlkZXNob3ciOiIzOTAyMWM2In0%3D\">\n\t\t\t\t\t<div class=\"e-gallery-image elementor-gallery-item__image\" data-thumbnail=\"https:\/\/costablanca-magazin.com\/wp-content\/uploads\/2025\/05\/Costablanca-Magazin-Altea-72.jpg\" data-width=\"1000\" data-height=\"563\" aria-label=\"Costa Blanca Mallorca 262\" role=\"img\" ><\/div>\n\t\t\t\t\t\t\t\t\t\t\t<div class=\"elementor-gallery-item__overlay\"><\/div>\n\t\t\t\t\t\t\t\t\t\t\t\t\t\t<\/a>\n\t\t\t\t\t\t\t<a class=\"e-gallery-item elementor-gallery-item elementor-animated-content\" href=\"https:\/\/costablanca-magazin.com\/wp-content\/uploads\/2025\/05\/Costablanca-Magazin-Altea-69.jpg\" data-elementor-open-lightbox=\"yes\" data-elementor-lightbox-slideshow=\"39021c6\" data-elementor-lightbox-title=\"Costablanca Magazin Altea (69)\" data-e-action-hash=\"#elementor-action%3Aaction%3Dlightbox%26settings%3DeyJpZCI6NzA5OCwidXJsIjoiaHR0cHM6XC9cL2Nvc3RhYmxhbmNhLW1hZ2F6aW4uY29tXC93cC1jb250ZW50XC91cGxvYWRzXC8yMDI1XC8wNVwvQ29zdGFibGFuY2EtTWFnYXppbi1BbHRlYS02OS5qcGciLCJzbGlkZXNob3ciOiIzOTAyMWM2In0%3D\">\n\t\t\t\t\t<div class=\"e-gallery-image elementor-gallery-item__image\" data-thumbnail=\"https:\/\/costablanca-magazin.com\/wp-content\/uploads\/2025\/05\/Costablanca-Magazin-Altea-69.jpg\" data-width=\"1000\" data-height=\"563\" aria-label=\"Costa Blanca Mallorca 259\" role=\"img\" ><\/div>\n\t\t\t\t\t\t\t\t\t\t\t<div class=\"elementor-gallery-item__overlay\"><\/div>\n\t\t\t\t\t\t\t\t\t\t\t\t\t\t<\/a>\n\t\t\t\t\t\t\t<a class=\"e-gallery-item elementor-gallery-item elementor-animated-content\" href=\"https:\/\/costablanca-magazin.com\/wp-content\/uploads\/2022\/10\/Altea-4-scaled-1.jpg\" data-elementor-open-lightbox=\"yes\" data-elementor-lightbox-slideshow=\"39021c6\" data-elementor-lightbox-title=\"costa-blanca-online-altea\" data-elementor-lightbox-description=\"costa-blanca-online-altea\" data-e-action-hash=\"#elementor-action%3Aaction%3Dlightbox%26settings%3DeyJpZCI6ODg1LCJ1cmwiOiJodHRwczpcL1wvY29zdGFibGFuY2EtbWFnYXppbi5jb21cL3dwLWNvbnRlbnRcL3VwbG9hZHNcLzIwMjJcLzEwXC9BbHRlYS00LXNjYWxlZC0xLmpwZyIsInNsaWRlc2hvdyI6IjM5MDIxYzYifQ%3D%3D\">\n\t\t\t\t\t<div class=\"e-gallery-image elementor-gallery-item__image\" data-thumbnail=\"https:\/\/costablanca-magazin.com\/wp-content\/uploads\/2022\/10\/Altea-4-scaled-1-2048x1536.jpg\" data-width=\"2048\" data-height=\"1536\" aria-label=\"costa-blanca-online-altea 1\" role=\"img\" ><\/div>\n\t\t\t\t\t\t\t\t\t\t\t<div class=\"elementor-gallery-item__overlay\"><\/div>\n\t\t\t\t\t\t\t\t\t\t\t\t\t\t<\/a>\n\t\t\t\t\t\t\t<a class=\"e-gallery-item elementor-gallery-item elementor-animated-content\" href=\"https:\/\/costablanca-magazin.com\/wp-content\/uploads\/2025\/05\/Costablanca-Magazin-Altea-45.jpg\" data-elementor-open-lightbox=\"yes\" data-elementor-lightbox-slideshow=\"39021c6\" data-elementor-lightbox-title=\"Costablanca Magazin Altea (45)\" data-e-action-hash=\"#elementor-action%3Aaction%3Dlightbox%26settings%3DeyJpZCI6NzA4NCwidXJsIjoiaHR0cHM6XC9cL2Nvc3RhYmxhbmNhLW1hZ2F6aW4uY29tXC93cC1jb250ZW50XC91cGxvYWRzXC8yMDI1XC8wNVwvQ29zdGFibGFuY2EtTWFnYXppbi1BbHRlYS00NS5qcGciLCJzbGlkZXNob3ciOiIzOTAyMWM2In0%3D\">\n\t\t\t\t\t<div class=\"e-gallery-image elementor-gallery-item__image\" data-thumbnail=\"https:\/\/costablanca-magazin.com\/wp-content\/uploads\/2025\/05\/Costablanca-Magazin-Altea-45.jpg\" data-width=\"563\" data-height=\"1000\" aria-label=\"Costa Blanca Mallorca 245\" role=\"img\" ><\/div>\n\t\t\t\t\t\t\t\t\t\t\t<div class=\"elementor-gallery-item__overlay\"><\/div>\n\t\t\t\t\t\t\t\t\t\t\t\t\t\t<\/a>\n\t\t\t\t\t\t\t<a class=\"e-gallery-item elementor-gallery-item elementor-animated-content\" href=\"https:\/\/costablanca-magazin.com\/wp-content\/uploads\/2025\/05\/Costablanca-Magazin-Altea-32.jpg\" data-elementor-open-lightbox=\"yes\" data-elementor-lightbox-slideshow=\"39021c6\" data-elementor-lightbox-title=\"Costablanca Magazin Altea (32)\" data-e-action-hash=\"#elementor-action%3Aaction%3Dlightbox%26settings%3DeyJpZCI6NzA3NSwidXJsIjoiaHR0cHM6XC9cL2Nvc3RhYmxhbmNhLW1hZ2F6aW4uY29tXC93cC1jb250ZW50XC91cGxvYWRzXC8yMDI1XC8wNVwvQ29zdGFibGFuY2EtTWFnYXppbi1BbHRlYS0zMi5qcGciLCJzbGlkZXNob3ciOiIzOTAyMWM2In0%3D\">\n\t\t\t\t\t<div class=\"e-gallery-image elementor-gallery-item__image\" data-thumbnail=\"https:\/\/costablanca-magazin.com\/wp-content\/uploads\/2025\/05\/Costablanca-Magazin-Altea-32.jpg\" data-width=\"563\" data-height=\"1000\" aria-label=\"costablanca mallorca 237\" role=\"img\" ><\/div>\n\t\t\t\t\t\t\t\t\t\t\t<div class=\"elementor-gallery-item__overlay\"><\/div>\n\t\t\t\t\t\t\t\t\t\t\t\t\t\t<\/a>\n\t\t\t\t\t\t\t<a class=\"e-gallery-item elementor-gallery-item elementor-animated-content\" href=\"https:\/\/costablanca-magazin.com\/wp-content\/uploads\/2025\/05\/Costablanca-Magazin-Altea-47.jpg\" data-elementor-open-lightbox=\"yes\" data-elementor-lightbox-slideshow=\"39021c6\" data-elementor-lightbox-title=\"Costablanca Magazin Altea (47)\" data-e-action-hash=\"#elementor-action%3Aaction%3Dlightbox%26settings%3DeyJpZCI6NzA4NiwidXJsIjoiaHR0cHM6XC9cL2Nvc3RhYmxhbmNhLW1hZ2F6aW4uY29tXC93cC1jb250ZW50XC91cGxvYWRzXC8yMDI1XC8wNVwvQ29zdGFibGFuY2EtTWFnYXppbi1BbHRlYS00Ny5qcGciLCJzbGlkZXNob3ciOiIzOTAyMWM2In0%3D\">\n\t\t\t\t\t<div class=\"e-gallery-image elementor-gallery-item__image\" data-thumbnail=\"https:\/\/costablanca-magazin.com\/wp-content\/uploads\/2025\/05\/Costablanca-Magazin-Altea-47.jpg\" data-width=\"563\" data-height=\"1000\" aria-label=\"costablanca mallorca 247\" role=\"img\" ><\/div>\n\t\t\t\t\t\t\t\t\t\t\t<div class=\"elementor-gallery-item__overlay\"><\/div>\n\t\t\t\t\t\t\t\t\t\t\t\t\t\t<\/a>\n\t\t\t\t\t\t\t<a class=\"e-gallery-item elementor-gallery-item elementor-animated-content\" href=\"https:\/\/costablanca-magazin.com\/wp-content\/uploads\/2025\/05\/Costablanca-Magazin-Altea-35.jpg\" data-elementor-open-lightbox=\"yes\" data-elementor-lightbox-slideshow=\"39021c6\" data-elementor-lightbox-title=\"Costablanca Magazin Altea (35)\" data-e-action-hash=\"#elementor-action%3Aaction%3Dlightbox%26settings%3DeyJpZCI6NzA3OCwidXJsIjoiaHR0cHM6XC9cL2Nvc3RhYmxhbmNhLW1hZ2F6aW4uY29tXC93cC1jb250ZW50XC91cGxvYWRzXC8yMDI1XC8wNVwvQ29zdGFibGFuY2EtTWFnYXppbi1BbHRlYS0zNS5qcGciLCJzbGlkZXNob3ciOiIzOTAyMWM2In0%3D\">\n\t\t\t\t\t<div class=\"e-gallery-image elementor-gallery-item__image\" data-thumbnail=\"https:\/\/costablanca-magazin.com\/wp-content\/uploads\/2025\/05\/Costablanca-Magazin-Altea-35.jpg\" data-width=\"563\" data-height=\"1000\" aria-label=\"Costa Blanca Mallorca 240\" role=\"img\" ><\/div>\n\t\t\t\t\t\t\t\t\t\t\t<div class=\"elementor-gallery-item__overlay\"><\/div>\n\t\t\t\t\t\t\t\t\t\t\t\t\t\t<\/a>\n\t\t\t\t\t\t\t<a class=\"e-gallery-item elementor-gallery-item elementor-animated-content\" href=\"https:\/\/costablanca-magazin.com\/wp-content\/uploads\/2025\/05\/Costablanca-Magazin-Altea-38.jpg\" data-elementor-open-lightbox=\"yes\" data-elementor-lightbox-slideshow=\"39021c6\" data-elementor-lightbox-title=\"Costablanca Magazin Altea (38)\" data-elementor-lightbox-description=\"Costablanca Magazin Altea (38)\" data-e-action-hash=\"#elementor-action%3Aaction%3Dlightbox%26settings%3DeyJpZCI6NzA4MSwidXJsIjoiaHR0cHM6XC9cL2Nvc3RhYmxhbmNhLW1hZ2F6aW4uY29tXC93cC1jb250ZW50XC91cGxvYWRzXC8yMDI1XC8wNVwvQ29zdGFibGFuY2EtTWFnYXppbi1BbHRlYS0zOC5qcGciLCJzbGlkZXNob3ciOiIzOTAyMWM2In0%3D\">\n\t\t\t\t\t<div class=\"e-gallery-image elementor-gallery-item__image\" data-thumbnail=\"https:\/\/costablanca-magazin.com\/wp-content\/uploads\/2025\/05\/Costablanca-Magazin-Altea-38.jpg\" data-width=\"1000\" data-height=\"563\" aria-label=\"Costablanca Magazine Altea (38)\" role=\"img\" ><\/div>\n\t\t\t\t\t\t\t\t\t\t\t<div class=\"elementor-gallery-item__overlay\"><\/div>\n\t\t\t\t\t\t\t\t\t\t\t\t\t\t<\/a>\n\t\t\t\t\t\t\t<a class=\"e-gallery-item elementor-gallery-item elementor-animated-content\" href=\"https:\/\/costablanca-magazin.com\/wp-content\/uploads\/2022\/09\/costablanca-lifestyle-altea-17.jpg\" data-elementor-open-lightbox=\"yes\" data-elementor-lightbox-slideshow=\"39021c6\" data-elementor-lightbox-title=\"costablanca-lifestyle-altea (17)\" data-elementor-lightbox-description=\"Costa Blanca  Altea Kirchplatz \" data-e-action-hash=\"#elementor-action%3Aaction%3Dlightbox%26settings%3DeyJpZCI6NjI4LCJ1cmwiOiJodHRwczpcL1wvY29zdGFibGFuY2EtbWFnYXppbi5jb21cL3dwLWNvbnRlbnRcL3VwbG9hZHNcLzIwMjJcLzA5XC9jb3N0YWJsYW5jYS1saWZlc3R5bGUtYWx0ZWEtMTcuanBnIiwic2xpZGVzaG93IjoiMzkwMjFjNiJ9\">\n\t\t\t\t\t<div class=\"e-gallery-image elementor-gallery-item__image\" data-thumbnail=\"https:\/\/costablanca-magazin.com\/wp-content\/uploads\/2022\/09\/costablanca-lifestyle-altea-17.jpg\" data-width=\"600\" data-height=\"600\" aria-label=\"Costa Blanca Altea Church Square 6\" role=\"img\" ><\/div>\n\t\t\t\t\t\t\t\t\t\t\t<div class=\"elementor-gallery-item__overlay\"><\/div>\n\t\t\t\t\t\t\t\t\t\t\t\t\t\t<\/a>\n\t\t\t\t\t\t\t<a class=\"e-gallery-item elementor-gallery-item elementor-animated-content\" href=\"https:\/\/costablanca-magazin.com\/wp-content\/uploads\/2024\/08\/20230824_171520.jpg\" data-elementor-open-lightbox=\"yes\" data-elementor-lightbox-slideshow=\"39021c6\" data-elementor-lightbox-title=\"Altea Marina Baixa\" data-e-action-hash=\"#elementor-action%3Aaction%3Dlightbox%26settings%3DeyJpZCI6MTY1NSwidXJsIjoiaHR0cHM6XC9cL2Nvc3RhYmxhbmNhLW1hZ2F6aW4uY29tXC93cC1jb250ZW50XC91cGxvYWRzXC8yMDI0XC8wOFwvMjAyMzA4MjRfMTcxNTIwLmpwZyIsInNsaWRlc2hvdyI6IjM5MDIxYzYifQ%3D%3D\">\n\t\t\t\t\t<div class=\"e-gallery-image elementor-gallery-item__image\" data-thumbnail=\"https:\/\/costablanca-magazin.com\/wp-content\/uploads\/2024\/08\/20230824_171520.jpg\" data-width=\"1200\" data-height=\"900\" aria-label=\"Altea Marina Baixa\" role=\"img\" ><\/div>\n\t\t\t\t\t\t\t\t\t\t\t<div class=\"elementor-gallery-item__overlay\"><\/div>\n\t\t\t\t\t\t\t\t\t\t\t\t\t\t<\/a>\n\t\t\t\t\t\t\t<a class=\"e-gallery-item elementor-gallery-item elementor-animated-content\" href=\"https:\/\/costablanca-magazin.com\/wp-content\/uploads\/2025\/05\/Costablanca-Magazin-Altea-71.jpg\" data-elementor-open-lightbox=\"yes\" data-elementor-lightbox-slideshow=\"39021c6\" data-elementor-lightbox-title=\"Costablanca Magazin Altea (71)\" data-e-action-hash=\"#elementor-action%3Aaction%3Dlightbox%26settings%3DeyJpZCI6NzEwMCwidXJsIjoiaHR0cHM6XC9cL2Nvc3RhYmxhbmNhLW1hZ2F6aW4uY29tXC93cC1jb250ZW50XC91cGxvYWRzXC8yMDI1XC8wNVwvQ29zdGFibGFuY2EtTWFnYXppbi1BbHRlYS03MS5qcGciLCJzbGlkZXNob3ciOiIzOTAyMWM2In0%3D\">\n\t\t\t\t\t<div class=\"e-gallery-image elementor-gallery-item__image\" data-thumbnail=\"https:\/\/costablanca-magazin.com\/wp-content\/uploads\/2025\/05\/Costablanca-Magazin-Altea-71.jpg\" data-width=\"1000\" data-height=\"563\" aria-label=\"Costa Blanca Mallorca 261\" role=\"img\" ><\/div>\n\t\t\t\t\t\t\t\t\t\t\t<div class=\"elementor-gallery-item__overlay\"><\/div>\n\t\t\t\t\t\t\t\t\t\t\t\t\t\t<\/a>\n\t\t\t\t\t\t\t<a class=\"e-gallery-item elementor-gallery-item elementor-animated-content\" href=\"https:\/\/costablanca-magazin.com\/wp-content\/uploads\/2025\/05\/Costablanca-Magazin-Altea-10.jpg\" data-elementor-open-lightbox=\"yes\" data-elementor-lightbox-slideshow=\"39021c6\" data-elementor-lightbox-title=\"Costablanca Magazin Altea (10)\" data-e-action-hash=\"#elementor-action%3Aaction%3Dlightbox%26settings%3DeyJpZCI6NzA2NiwidXJsIjoiaHR0cHM6XC9cL2Nvc3RhYmxhbmNhLW1hZ2F6aW4uY29tXC93cC1jb250ZW50XC91cGxvYWRzXC8yMDI1XC8wNVwvQ29zdGFibGFuY2EtTWFnYXppbi1BbHRlYS0xMC5qcGciLCJzbGlkZXNob3ciOiIzOTAyMWM2In0%3D\">\n\t\t\t\t\t<div class=\"e-gallery-image elementor-gallery-item__image\" data-thumbnail=\"https:\/\/costablanca-magazin.com\/wp-content\/uploads\/2025\/05\/Costablanca-Magazin-Altea-10.jpg\" data-width=\"1000\" data-height=\"563\" aria-label=\"costablanca mallorca 228\" role=\"img\" ><\/div>\n\t\t\t\t\t\t\t\t\t\t\t<div class=\"elementor-gallery-item__overlay\"><\/div>\n\t\t\t\t\t\t\t\t\t\t\t\t\t\t<\/a>\n\t\t\t\t\t\t\t<a class=\"e-gallery-item elementor-gallery-item elementor-animated-content\" href=\"https:\/\/costablanca-magazin.com\/wp-content\/uploads\/2022\/09\/costablanca-lifestyle-altea-7.jpg\" data-elementor-open-lightbox=\"yes\" data-elementor-lightbox-slideshow=\"39021c6\" data-elementor-lightbox-title=\"costablanca-lifestyle-altea (7)\" data-elementor-lightbox-description=\"Costa Blanca Strand Altea blick auf calpe \" data-e-action-hash=\"#elementor-action%3Aaction%3Dlightbox%26settings%3DeyJpZCI6NjE5LCJ1cmwiOiJodHRwczpcL1wvY29zdGFibGFuY2EtbWFnYXppbi5jb21cL3dwLWNvbnRlbnRcL3VwbG9hZHNcLzIwMjJcLzA5XC9jb3N0YWJsYW5jYS1saWZlc3R5bGUtYWx0ZWEtNy5qcGciLCJzbGlkZXNob3ciOiIzOTAyMWM2In0%3D\">\n\t\t\t\t\t<div class=\"e-gallery-image elementor-gallery-item__image\" data-thumbnail=\"https:\/\/costablanca-magazin.com\/wp-content\/uploads\/2022\/09\/costablanca-lifestyle-altea-7.jpg\" data-width=\"800\" data-height=\"533\" aria-label=\"Costa Blanca beach Altea view of Calpe 6\" role=\"img\" ><\/div>\n\t\t\t\t\t\t\t\t\t\t\t<div class=\"elementor-gallery-item__overlay\"><\/div>\n\t\t\t\t\t\t\t\t\t\t\t\t\t\t<\/a>\n\t\t\t\t\t\t\t<a class=\"e-gallery-item elementor-gallery-item elementor-animated-content\" href=\"https:\/\/costablanca-magazin.com\/wp-content\/uploads\/2025\/05\/Alte-Costablanca-Magazin-1.jpg\" data-elementor-open-lightbox=\"yes\" data-elementor-lightbox-slideshow=\"39021c6\" data-elementor-lightbox-title=\"Alte Costablanca Magazin (1)\" data-e-action-hash=\"#elementor-action%3Aaction%3Dlightbox%26settings%3DeyJpZCI6NzA2MiwidXJsIjoiaHR0cHM6XC9cL2Nvc3RhYmxhbmNhLW1hZ2F6aW4uY29tXC93cC1jb250ZW50XC91cGxvYWRzXC8yMDI1XC8wNVwvQWx0ZS1Db3N0YWJsYW5jYS1NYWdhemluLTEuanBnIiwic2xpZGVzaG93IjoiMzkwMjFjNiJ9\">\n\t\t\t\t\t<div class=\"e-gallery-image elementor-gallery-item__image\" data-thumbnail=\"https:\/\/costablanca-magazin.com\/wp-content\/uploads\/2025\/05\/Alte-Costablanca-Magazin-1.jpg\" data-width=\"750\" data-height=\"1000\" aria-label=\"costablanca mallorca 224\" role=\"img\" ><\/div>\n\t\t\t\t\t\t\t\t\t\t\t<div class=\"elementor-gallery-item__overlay\"><\/div>\n\t\t\t\t\t\t\t\t\t\t\t\t\t\t<\/a>\n\t\t\t\t\t\t\t<a class=\"e-gallery-item elementor-gallery-item elementor-animated-content\" href=\"https:\/\/costablanca-magazin.com\/wp-content\/uploads\/2025\/05\/Costablanca-Magazin-Altea-64.jpg\" data-elementor-open-lightbox=\"yes\" data-elementor-lightbox-slideshow=\"39021c6\" data-elementor-lightbox-title=\"Costablanca Magazin Altea (64)\" data-e-action-hash=\"#elementor-action%3Aaction%3Dlightbox%26settings%3DeyJpZCI6NzA5MywidXJsIjoiaHR0cHM6XC9cL2Nvc3RhYmxhbmNhLW1hZ2F6aW4uY29tXC93cC1jb250ZW50XC91cGxvYWRzXC8yMDI1XC8wNVwvQ29zdGFibGFuY2EtTWFnYXppbi1BbHRlYS02NC5qcGciLCJzbGlkZXNob3ciOiIzOTAyMWM2In0%3D\">\n\t\t\t\t\t<div class=\"e-gallery-image elementor-gallery-item__image\" data-thumbnail=\"https:\/\/costablanca-magazin.com\/wp-content\/uploads\/2025\/05\/Costablanca-Magazin-Altea-64.jpg\" data-width=\"563\" data-height=\"1000\" aria-label=\"Costa Blanca Mallorca 254\" role=\"img\" ><\/div>\n\t\t\t\t\t\t\t\t\t\t\t<div class=\"elementor-gallery-item__overlay\"><\/div>\n\t\t\t\t\t\t\t\t\t\t\t\t\t\t<\/a>\n\t\t\t\t\t\t\t<a class=\"e-gallery-item elementor-gallery-item elementor-animated-content\" href=\"https:\/\/costablanca-magazin.com\/wp-content\/uploads\/2025\/05\/Costablanca-Magazin-Altea-73.jpg\" data-elementor-open-lightbox=\"yes\" data-elementor-lightbox-slideshow=\"39021c6\" data-elementor-lightbox-title=\"Costablanca Magazin Altea (73)\" data-e-action-hash=\"#elementor-action%3Aaction%3Dlightbox%26settings%3DeyJpZCI6NzA2OCwidXJsIjoiaHR0cHM6XC9cL2Nvc3RhYmxhbmNhLW1hZ2F6aW4uY29tXC93cC1jb250ZW50XC91cGxvYWRzXC8yMDI1XC8wNVwvQ29zdGFibGFuY2EtTWFnYXppbi1BbHRlYS03My5qcGciLCJzbGlkZXNob3ciOiIzOTAyMWM2In0%3D\">\n\t\t\t\t\t<div class=\"e-gallery-image elementor-gallery-item__image\" data-thumbnail=\"https:\/\/costablanca-magazin.com\/wp-content\/uploads\/2025\/05\/Costablanca-Magazin-Altea-73.jpg\" data-width=\"1000\" data-height=\"563\" aria-label=\"Costa Blanca Mallorca 230\" role=\"img\" ><\/div>\n\t\t\t\t\t\t\t\t\t\t\t<div class=\"elementor-gallery-item__overlay\"><\/div>\n\t\t\t\t\t\t\t\t\t\t\t\t\t\t<\/a>\n\t\t\t\t\t\t\t<a class=\"e-gallery-item elementor-gallery-item elementor-animated-content\" href=\"https:\/\/costablanca-magazin.com\/wp-content\/uploads\/2025\/05\/Costablanca-Magazin-Altea-36.jpg\" data-elementor-open-lightbox=\"yes\" data-elementor-lightbox-slideshow=\"39021c6\" data-elementor-lightbox-title=\"Costablanca Magazin Altea (36)\" data-e-action-hash=\"#elementor-action%3Aaction%3Dlightbox%26settings%3DeyJpZCI6NzA3OSwidXJsIjoiaHR0cHM6XC9cL2Nvc3RhYmxhbmNhLW1hZ2F6aW4uY29tXC93cC1jb250ZW50XC91cGxvYWRzXC8yMDI1XC8wNVwvQ29zdGFibGFuY2EtTWFnYXppbi1BbHRlYS0zNi5qcGciLCJzbGlkZXNob3ciOiIzOTAyMWM2In0%3D\">\n\t\t\t\t\t<div class=\"e-gallery-image elementor-gallery-item__image\" data-thumbnail=\"https:\/\/costablanca-magazin.com\/wp-content\/uploads\/2025\/05\/Costablanca-Magazin-Altea-36.jpg\" data-width=\"563\" data-height=\"1000\" aria-label=\"Costa Blanca Mallorca 241\" role=\"img\" ><\/div>\n\t\t\t\t\t\t\t\t\t\t\t<div class=\"elementor-gallery-item__overlay\"><\/div>\n\t\t\t\t\t\t\t\t\t\t\t\t\t\t<\/a>\n\t\t\t\t\t\t\t<a class=\"e-gallery-item elementor-gallery-item elementor-animated-content\" href=\"https:\/\/costablanca-magazin.com\/wp-content\/uploads\/2025\/05\/Costablanca-Magazin-Altea-48.jpg\" data-elementor-open-lightbox=\"yes\" data-elementor-lightbox-slideshow=\"39021c6\" data-elementor-lightbox-title=\"Costablanca Magazin Altea (48)\" data-e-action-hash=\"#elementor-action%3Aaction%3Dlightbox%26settings%3DeyJpZCI6NzA4NywidXJsIjoiaHR0cHM6XC9cL2Nvc3RhYmxhbmNhLW1hZ2F6aW4uY29tXC93cC1jb250ZW50XC91cGxvYWRzXC8yMDI1XC8wNVwvQ29zdGFibGFuY2EtTWFnYXppbi1BbHRlYS00OC5qcGciLCJzbGlkZXNob3ciOiIzOTAyMWM2In0%3D\">\n\t\t\t\t\t<div class=\"e-gallery-image elementor-gallery-item__image\" data-thumbnail=\"https:\/\/costablanca-magazin.com\/wp-content\/uploads\/2025\/05\/Costablanca-Magazin-Altea-48.jpg\" data-width=\"563\" data-height=\"1000\" aria-label=\"costablanca mallorca 248\" role=\"img\" ><\/div>\n\t\t\t\t\t\t\t\t\t\t\t<div class=\"elementor-gallery-item__overlay\"><\/div>\n\t\t\t\t\t\t\t\t\t\t\t\t\t\t<\/a>\n\t\t\t\t\t\t\t<a class=\"e-gallery-item elementor-gallery-item elementor-animated-content\" href=\"https:\/\/costablanca-magazin.com\/wp-content\/uploads\/2025\/05\/Costablanca-Magazin-Altea-46.jpg\" data-elementor-open-lightbox=\"yes\" data-elementor-lightbox-slideshow=\"39021c6\" data-elementor-lightbox-title=\"Costablanca Magazin Altea (46)\" data-e-action-hash=\"#elementor-action%3Aaction%3Dlightbox%26settings%3DeyJpZCI6NzA4NSwidXJsIjoiaHR0cHM6XC9cL2Nvc3RhYmxhbmNhLW1hZ2F6aW4uY29tXC93cC1jb250ZW50XC91cGxvYWRzXC8yMDI1XC8wNVwvQ29zdGFibGFuY2EtTWFnYXppbi1BbHRlYS00Ni5qcGciLCJzbGlkZXNob3ciOiIzOTAyMWM2In0%3D\">\n\t\t\t\t\t<div class=\"e-gallery-image elementor-gallery-item__image\" data-thumbnail=\"https:\/\/costablanca-magazin.com\/wp-content\/uploads\/2025\/05\/Costablanca-Magazin-Altea-46.jpg\" data-width=\"563\" data-height=\"1000\" aria-label=\"costablanca mallorca 246\" role=\"img\" ><\/div>\n\t\t\t\t\t\t\t\t\t\t\t<div class=\"elementor-gallery-item__overlay\"><\/div>\n\t\t\t\t\t\t\t\t\t\t\t\t\t\t<\/a>\n\t\t\t\t\t\t\t<a class=\"e-gallery-item elementor-gallery-item elementor-animated-content\" href=\"https:\/\/costablanca-magazin.com\/wp-content\/uploads\/2025\/05\/Costablanca-Magazin-Altea-52.jpg\" data-elementor-open-lightbox=\"yes\" data-elementor-lightbox-slideshow=\"39021c6\" data-elementor-lightbox-title=\"Costablanca Magazin Altea (52)\" data-e-action-hash=\"#elementor-action%3Aaction%3Dlightbox%26settings%3DeyJpZCI6NzA5MSwidXJsIjoiaHR0cHM6XC9cL2Nvc3RhYmxhbmNhLW1hZ2F6aW4uY29tXC93cC1jb250ZW50XC91cGxvYWRzXC8yMDI1XC8wNVwvQ29zdGFibGFuY2EtTWFnYXppbi1BbHRlYS01Mi5qcGciLCJzbGlkZXNob3ciOiIzOTAyMWM2In0%3D\">\n\t\t\t\t\t<div class=\"e-gallery-image elementor-gallery-item__image\" data-thumbnail=\"https:\/\/costablanca-magazin.com\/wp-content\/uploads\/2025\/05\/Costablanca-Magazin-Altea-52.jpg\" data-width=\"563\" data-height=\"1000\" aria-label=\"Costa Blanca Mallorca 252\" role=\"img\" ><\/div>\n\t\t\t\t\t\t\t\t\t\t\t<div class=\"elementor-gallery-item__overlay\"><\/div>\n\t\t\t\t\t\t\t\t\t\t\t\t\t\t<\/a>\n\t\t\t\t\t\t\t<a class=\"e-gallery-item elementor-gallery-item elementor-animated-content\" href=\"https:\/\/costablanca-magazin.com\/wp-content\/uploads\/2024\/06\/costablanca-lifestyle-altea-18-scaled-1.jpg\" data-elementor-open-lightbox=\"yes\" data-elementor-lightbox-slideshow=\"39021c6\" data-elementor-lightbox-title=\"Costa Blanca Altea Kirchplatz\" data-elementor-lightbox-description=\"Costa Blanca Altea Kirchplatz\" data-e-action-hash=\"#elementor-action%3Aaction%3Dlightbox%26settings%3DeyJpZCI6MTcyLCJ1cmwiOiJodHRwczpcL1wvY29zdGFibGFuY2EtbWFnYXppbi5jb21cL3dwLWNvbnRlbnRcL3VwbG9hZHNcLzIwMjRcLzA2XC9jb3N0YWJsYW5jYS1saWZlc3R5bGUtYWx0ZWEtMTgtc2NhbGVkLTEuanBnIiwic2xpZGVzaG93IjoiMzkwMjFjNiJ9\">\n\t\t\t\t\t<div class=\"e-gallery-image elementor-gallery-item__image\" data-thumbnail=\"https:\/\/costablanca-magazin.com\/wp-content\/uploads\/2024\/06\/costablanca-lifestyle-altea-18-scaled-1-2048x2048.jpg\" data-width=\"2048\" data-height=\"2048\" aria-label=\"Costa Blanca Altea church square\" role=\"img\" ><\/div>\n\t\t\t\t\t\t\t\t\t\t\t<div class=\"elementor-gallery-item__overlay\"><\/div>\n\t\t\t\t\t\t\t\t\t\t\t\t\t\t<\/a>\n\t\t\t\t\t\t\t<a class=\"e-gallery-item elementor-gallery-item elementor-animated-content\" href=\"https:\/\/costablanca-magazin.com\/wp-content\/uploads\/2025\/05\/Costablanca-Magazin-Altea-53.jpg\" data-elementor-open-lightbox=\"yes\" data-elementor-lightbox-slideshow=\"39021c6\" data-elementor-lightbox-title=\"Costablanca Magazin Altea (53)\" data-e-action-hash=\"#elementor-action%3Aaction%3Dlightbox%26settings%3DeyJpZCI6NzA5MiwidXJsIjoiaHR0cHM6XC9cL2Nvc3RhYmxhbmNhLW1hZ2F6aW4uY29tXC93cC1jb250ZW50XC91cGxvYWRzXC8yMDI1XC8wNVwvQ29zdGFibGFuY2EtTWFnYXppbi1BbHRlYS01My5qcGciLCJzbGlkZXNob3ciOiIzOTAyMWM2In0%3D\">\n\t\t\t\t\t<div class=\"e-gallery-image elementor-gallery-item__image\" data-thumbnail=\"https:\/\/costablanca-magazin.com\/wp-content\/uploads\/2025\/05\/Costablanca-Magazin-Altea-53.jpg\" data-width=\"563\" data-height=\"1000\" aria-label=\"Costa Blanca Mallorca 253\" role=\"img\" ><\/div>\n\t\t\t\t\t\t\t\t\t\t\t<div class=\"elementor-gallery-item__overlay\"><\/div>\n\t\t\t\t\t\t\t\t\t\t\t\t\t\t<\/a>\n\t\t\t\t\t\t\t<a class=\"e-gallery-item elementor-gallery-item elementor-animated-content\" href=\"https:\/\/costablanca-magazin.com\/wp-content\/uploads\/2025\/05\/Costablanca-Magazin-Altea-14.jpg\" data-elementor-open-lightbox=\"yes\" data-elementor-lightbox-slideshow=\"39021c6\" data-elementor-lightbox-title=\"Costablanca Magazin Altea (14)\" data-e-action-hash=\"#elementor-action%3Aaction%3Dlightbox%26settings%3DeyJpZCI6NzA3MSwidXJsIjoiaHR0cHM6XC9cL2Nvc3RhYmxhbmNhLW1hZ2F6aW4uY29tXC93cC1jb250ZW50XC91cGxvYWRzXC8yMDI1XC8wNVwvQ29zdGFibGFuY2EtTWFnYXppbi1BbHRlYS0xNC5qcGciLCJzbGlkZXNob3ciOiIzOTAyMWM2In0%3D\">\n\t\t\t\t\t<div class=\"e-gallery-image elementor-gallery-item__image\" data-thumbnail=\"https:\/\/costablanca-magazin.com\/wp-content\/uploads\/2025\/05\/Costablanca-Magazin-Altea-14.jpg\" data-width=\"1000\" data-height=\"750\" aria-label=\"Costa Blanca Mallorca 233\" role=\"img\" ><\/div>\n\t\t\t\t\t\t\t\t\t\t\t<div class=\"elementor-gallery-item__overlay\"><\/div>\n\t\t\t\t\t\t\t\t\t\t\t\t\t\t<\/a>\n\t\t\t\t\t\t\t<a class=\"e-gallery-item elementor-gallery-item elementor-animated-content\" href=\"https:\/\/costablanca-magazin.com\/wp-content\/uploads\/2025\/05\/Costablanca-Magazin-Altea-51.jpg\" data-elementor-open-lightbox=\"yes\" data-elementor-lightbox-slideshow=\"39021c6\" data-elementor-lightbox-title=\"Costablanca Magazin Altea (51)\" data-e-action-hash=\"#elementor-action%3Aaction%3Dlightbox%26settings%3DeyJpZCI6NzA5MCwidXJsIjoiaHR0cHM6XC9cL2Nvc3RhYmxhbmNhLW1hZ2F6aW4uY29tXC93cC1jb250ZW50XC91cGxvYWRzXC8yMDI1XC8wNVwvQ29zdGFibGFuY2EtTWFnYXppbi1BbHRlYS01MS5qcGciLCJzbGlkZXNob3ciOiIzOTAyMWM2In0%3D\">\n\t\t\t\t\t<div class=\"e-gallery-image elementor-gallery-item__image\" data-thumbnail=\"https:\/\/costablanca-magazin.com\/wp-content\/uploads\/2025\/05\/Costablanca-Magazin-Altea-51.jpg\" data-width=\"563\" data-height=\"1000\" aria-label=\"Costa Blanca Mallorca 251\" role=\"img\" ><\/div>\n\t\t\t\t\t\t\t\t\t\t\t<div class=\"elementor-gallery-item__overlay\"><\/div>\n\t\t\t\t\t\t\t\t\t\t\t\t\t\t<\/a>\n\t\t\t\t\t\t\t<a class=\"e-gallery-item elementor-gallery-item elementor-animated-content\" href=\"https:\/\/costablanca-magazin.com\/wp-content\/uploads\/2025\/05\/Costablanca-Magazin-Altea-37.jpg\" data-elementor-open-lightbox=\"yes\" data-elementor-lightbox-slideshow=\"39021c6\" data-elementor-lightbox-title=\"Costablanca Magazin Altea (37)\" data-e-action-hash=\"#elementor-action%3Aaction%3Dlightbox%26settings%3DeyJpZCI6NzA4MCwidXJsIjoiaHR0cHM6XC9cL2Nvc3RhYmxhbmNhLW1hZ2F6aW4uY29tXC93cC1jb250ZW50XC91cGxvYWRzXC8yMDI1XC8wNVwvQ29zdGFibGFuY2EtTWFnYXppbi1BbHRlYS0zNy5qcGciLCJzbGlkZXNob3ciOiIzOTAyMWM2In0%3D\">\n\t\t\t\t\t<div class=\"e-gallery-image elementor-gallery-item__image\" data-thumbnail=\"https:\/\/costablanca-magazin.com\/wp-content\/uploads\/2025\/05\/Costablanca-Magazin-Altea-37.jpg\" data-width=\"563\" data-height=\"1000\" aria-label=\"Costa Blanca Mallorca 242\" role=\"img\" ><\/div>\n\t\t\t\t\t\t\t\t\t\t\t<div class=\"elementor-gallery-item__overlay\"><\/div>\n\t\t\t\t\t\t\t\t\t\t\t\t\t\t<\/a>\n\t\t\t\t\t\t\t<a class=\"e-gallery-item elementor-gallery-item elementor-animated-content\" href=\"https:\/\/costablanca-magazin.com\/wp-content\/uploads\/2025\/05\/Costablanca-Magazin-Altea-68.jpg\" data-elementor-open-lightbox=\"yes\" data-elementor-lightbox-slideshow=\"39021c6\" data-elementor-lightbox-title=\"Costablanca Magazin Altea (68)\" data-e-action-hash=\"#elementor-action%3Aaction%3Dlightbox%26settings%3DeyJpZCI6NzA5NywidXJsIjoiaHR0cHM6XC9cL2Nvc3RhYmxhbmNhLW1hZ2F6aW4uY29tXC93cC1jb250ZW50XC91cGxvYWRzXC8yMDI1XC8wNVwvQ29zdGFibGFuY2EtTWFnYXppbi1BbHRlYS02OC5qcGciLCJzbGlkZXNob3ciOiIzOTAyMWM2In0%3D\">\n\t\t\t\t\t<div class=\"e-gallery-image elementor-gallery-item__image\" data-thumbnail=\"https:\/\/costablanca-magazin.com\/wp-content\/uploads\/2025\/05\/Costablanca-Magazin-Altea-68.jpg\" data-width=\"1000\" data-height=\"563\" aria-label=\"Costa Blanca Mallorca 258\" role=\"img\" ><\/div>\n\t\t\t\t\t\t\t\t\t\t\t<div class=\"elementor-gallery-item__overlay\"><\/div>\n\t\t\t\t\t\t\t\t\t\t\t\t\t\t<\/a>\n\t\t\t\t\t\t\t<a class=\"e-gallery-item elementor-gallery-item elementor-animated-content\" href=\"https:\/\/costablanca-magazin.com\/wp-content\/uploads\/2022\/09\/costablanca-lifestyle-altea-15.jpg\" data-elementor-open-lightbox=\"yes\" data-elementor-lightbox-slideshow=\"39021c6\" data-elementor-lightbox-title=\"costablanca-lifestyle-altea (15)\" data-elementor-lightbox-description=\"Costa Blanca  Altea Kirchplatz \" data-e-action-hash=\"#elementor-action%3Aaction%3Dlightbox%26settings%3DeyJpZCI6NjI2LCJ1cmwiOiJodHRwczpcL1wvY29zdGFibGFuY2EtbWFnYXppbi5jb21cL3dwLWNvbnRlbnRcL3VwbG9hZHNcLzIwMjJcLzA5XC9jb3N0YWJsYW5jYS1saWZlc3R5bGUtYWx0ZWEtMTUuanBnIiwic2xpZGVzaG93IjoiMzkwMjFjNiJ9\">\n\t\t\t\t\t<div class=\"e-gallery-image elementor-gallery-item__image\" data-thumbnail=\"https:\/\/costablanca-magazin.com\/wp-content\/uploads\/2022\/09\/costablanca-lifestyle-altea-15.jpg\" data-width=\"600\" data-height=\"600\" aria-label=\"Costa Blanca Altea Church Square 2\" role=\"img\" ><\/div>\n\t\t\t\t\t\t\t\t\t\t\t<div class=\"elementor-gallery-item__overlay\"><\/div>\n\t\t\t\t\t\t\t\t\t\t\t\t\t\t<\/a>\n\t\t\t\t\t\t\t<a class=\"e-gallery-item elementor-gallery-item elementor-animated-content\" href=\"https:\/\/costablanca-magazin.com\/wp-content\/uploads\/2025\/05\/Costablanca-Magazin-Altea-15.jpg\" data-elementor-open-lightbox=\"yes\" data-elementor-lightbox-slideshow=\"39021c6\" data-elementor-lightbox-title=\"Costablanca Magazin Altea (15)\" data-e-action-hash=\"#elementor-action%3Aaction%3Dlightbox%26settings%3DeyJpZCI6NzA3MiwidXJsIjoiaHR0cHM6XC9cL2Nvc3RhYmxhbmNhLW1hZ2F6aW4uY29tXC93cC1jb250ZW50XC91cGxvYWRzXC8yMDI1XC8wNVwvQ29zdGFibGFuY2EtTWFnYXppbi1BbHRlYS0xNS5qcGciLCJzbGlkZXNob3ciOiIzOTAyMWM2In0%3D\">\n\t\t\t\t\t<div class=\"e-gallery-image elementor-gallery-item__image\" data-thumbnail=\"https:\/\/costablanca-magazin.com\/wp-content\/uploads\/2025\/05\/Costablanca-Magazin-Altea-15.jpg\" data-width=\"1000\" data-height=\"750\" aria-label=\"Costa Blanca Mallorca 234\" role=\"img\" ><\/div>\n\t\t\t\t\t\t\t\t\t\t\t<div class=\"elementor-gallery-item__overlay\"><\/div>\n\t\t\t\t\t\t\t\t\t\t\t\t\t\t<\/a>\n\t\t\t\t\t\t\t<a class=\"e-gallery-item elementor-gallery-item elementor-animated-content\" href=\"https:\/\/costablanca-magazin.com\/wp-content\/uploads\/2025\/05\/Alte-Costablanca-Magazin-2.jpg\" data-elementor-open-lightbox=\"yes\" data-elementor-lightbox-slideshow=\"39021c6\" data-elementor-lightbox-title=\"Alte Costablanca Magazin (2)\" data-e-action-hash=\"#elementor-action%3Aaction%3Dlightbox%26settings%3DeyJpZCI6NzA2MywidXJsIjoiaHR0cHM6XC9cL2Nvc3RhYmxhbmNhLW1hZ2F6aW4uY29tXC93cC1jb250ZW50XC91cGxvYWRzXC8yMDI1XC8wNVwvQWx0ZS1Db3N0YWJsYW5jYS1NYWdhemluLTIuanBnIiwic2xpZGVzaG93IjoiMzkwMjFjNiJ9\">\n\t\t\t\t\t<div class=\"e-gallery-image elementor-gallery-item__image\" data-thumbnail=\"https:\/\/costablanca-magazin.com\/wp-content\/uploads\/2025\/05\/Alte-Costablanca-Magazin-2.jpg\" data-width=\"1000\" data-height=\"750\" aria-label=\"Costa Blanca Mallorca 225\" role=\"img\" ><\/div>\n\t\t\t\t\t\t\t\t\t\t\t<div class=\"elementor-gallery-item__overlay\"><\/div>\n\t\t\t\t\t\t\t\t\t\t\t\t\t\t<\/a>\n\t\t\t\t\t\t\t<a class=\"e-gallery-item elementor-gallery-item elementor-animated-content\" href=\"https:\/\/costablanca-magazin.com\/wp-content\/uploads\/2025\/05\/Costablanca-Magazin-Altea-49.jpg\" data-elementor-open-lightbox=\"yes\" data-elementor-lightbox-slideshow=\"39021c6\" data-elementor-lightbox-title=\"Costablanca Magazin Altea (49)\" data-e-action-hash=\"#elementor-action%3Aaction%3Dlightbox%26settings%3DeyJpZCI6NzA4OCwidXJsIjoiaHR0cHM6XC9cL2Nvc3RhYmxhbmNhLW1hZ2F6aW4uY29tXC93cC1jb250ZW50XC91cGxvYWRzXC8yMDI1XC8wNVwvQ29zdGFibGFuY2EtTWFnYXppbi1BbHRlYS00OS5qcGciLCJzbGlkZXNob3ciOiIzOTAyMWM2In0%3D\">\n\t\t\t\t\t<div class=\"e-gallery-image elementor-gallery-item__image\" data-thumbnail=\"https:\/\/costablanca-magazin.com\/wp-content\/uploads\/2025\/05\/Costablanca-Magazin-Altea-49.jpg\" data-width=\"563\" data-height=\"1000\" aria-label=\"Costa Blanca Mallorca 249\" role=\"img\" ><\/div>\n\t\t\t\t\t\t\t\t\t\t\t<div class=\"elementor-gallery-item__overlay\"><\/div>\n\t\t\t\t\t\t\t\t\t\t\t\t\t\t<\/a>\n\t\t\t\t\t\t\t<a class=\"e-gallery-item elementor-gallery-item elementor-animated-content\" href=\"https:\/\/costablanca-magazin.com\/wp-content\/uploads\/2024\/06\/a.jpg\" data-elementor-open-lightbox=\"yes\" data-elementor-lightbox-slideshow=\"39021c6\" data-elementor-lightbox-title=\"Costa Blanca Strand Altea blick auf calpe\" data-elementor-lightbox-description=\"Costa Blanca Strand Altea blick auf calpe\" data-e-action-hash=\"#elementor-action%3Aaction%3Dlightbox%26settings%3DeyJpZCI6MjIxLCJ1cmwiOiJodHRwczpcL1wvY29zdGFibGFuY2EtbWFnYXppbi5jb21cL3dwLWNvbnRlbnRcL3VwbG9hZHNcLzIwMjRcLzA2XC9hLmpwZyIsInNsaWRlc2hvdyI6IjM5MDIxYzYifQ%3D%3D\">\n\t\t\t\t\t<div class=\"e-gallery-image elementor-gallery-item__image\" data-thumbnail=\"https:\/\/costablanca-magazin.com\/wp-content\/uploads\/2024\/06\/a.jpg\" data-width=\"800\" data-height=\"533\" aria-label=\"Costa Blanca beach Altea view of Calpe 2\" role=\"img\" ><\/div>\n\t\t\t\t\t\t\t\t\t\t\t<div class=\"elementor-gallery-item__overlay\"><\/div>\n\t\t\t\t\t\t\t\t\t\t\t\t\t\t<\/a>\n\t\t\t\t\t\t\t<a class=\"e-gallery-item elementor-gallery-item elementor-animated-content\" href=\"https:\/\/costablanca-magazin.com\/wp-content\/uploads\/2025\/05\/Costablanca-Magazin-Altea-66.jpg\" data-elementor-open-lightbox=\"yes\" data-elementor-lightbox-slideshow=\"39021c6\" data-elementor-lightbox-title=\"Costablanca Magazin Altea (66)\" data-e-action-hash=\"#elementor-action%3Aaction%3Dlightbox%26settings%3DeyJpZCI6NzA5NSwidXJsIjoiaHR0cHM6XC9cL2Nvc3RhYmxhbmNhLW1hZ2F6aW4uY29tXC93cC1jb250ZW50XC91cGxvYWRzXC8yMDI1XC8wNVwvQ29zdGFibGFuY2EtTWFnYXppbi1BbHRlYS02Ni5qcGciLCJzbGlkZXNob3ciOiIzOTAyMWM2In0%3D\">\n\t\t\t\t\t<div class=\"e-gallery-image elementor-gallery-item__image\" data-thumbnail=\"https:\/\/costablanca-magazin.com\/wp-content\/uploads\/2025\/05\/Costablanca-Magazin-Altea-66.jpg\" data-width=\"563\" data-height=\"1000\" aria-label=\"Costa Blanca Mallorca 256\" role=\"img\" ><\/div>\n\t\t\t\t\t\t\t\t\t\t\t<div class=\"elementor-gallery-item__overlay\"><\/div>\n\t\t\t\t\t\t\t\t\t\t\t\t\t\t<\/a>\n\t\t\t\t\t\t\t<a class=\"e-gallery-item elementor-gallery-item elementor-animated-content\" href=\"https:\/\/costablanca-magazin.com\/wp-content\/uploads\/2022\/09\/costablanca-lifestyle-altea-13.jpg\" data-elementor-open-lightbox=\"yes\" data-elementor-lightbox-slideshow=\"39021c6\" data-elementor-lightbox-title=\"costablanca-lifestyle-altea (13)\" data-elementor-lightbox-description=\"Costa Blanca Strand Altea Promenade\" data-e-action-hash=\"#elementor-action%3Aaction%3Dlightbox%26settings%3DeyJpZCI6NjI0LCJ1cmwiOiJodHRwczpcL1wvY29zdGFibGFuY2EtbWFnYXppbi5jb21cL3dwLWNvbnRlbnRcL3VwbG9hZHNcLzIwMjJcLzA5XC9jb3N0YWJsYW5jYS1saWZlc3R5bGUtYWx0ZWEtMTMuanBnIiwic2xpZGVzaG93IjoiMzkwMjFjNiJ9\">\n\t\t\t\t\t<div class=\"e-gallery-image elementor-gallery-item__image\" data-thumbnail=\"https:\/\/costablanca-magazin.com\/wp-content\/uploads\/2022\/09\/costablanca-lifestyle-altea-13.jpg\" data-width=\"400\" data-height=\"600\" aria-label=\"Costa Blanca Beach Altea Promenade 1\" role=\"img\" ><\/div>\n\t\t\t\t\t\t\t\t\t\t\t<div class=\"elementor-gallery-item__overlay\"><\/div>\n\t\t\t\t\t\t\t\t\t\t\t\t\t\t<\/a>\n\t\t\t\t\t\t\t<a class=\"e-gallery-item elementor-gallery-item elementor-animated-content\" href=\"https:\/\/costablanca-magazin.com\/wp-content\/uploads\/2025\/05\/Costablanca-Magazin-Altea-33.jpg\" data-elementor-open-lightbox=\"yes\" data-elementor-lightbox-slideshow=\"39021c6\" data-elementor-lightbox-title=\"Costablanca Magazin Altea (33)\" data-e-action-hash=\"#elementor-action%3Aaction%3Dlightbox%26settings%3DeyJpZCI6NzA3NiwidXJsIjoiaHR0cHM6XC9cL2Nvc3RhYmxhbmNhLW1hZ2F6aW4uY29tXC93cC1jb250ZW50XC91cGxvYWRzXC8yMDI1XC8wNVwvQ29zdGFibGFuY2EtTWFnYXppbi1BbHRlYS0zMy5qcGciLCJzbGlkZXNob3ciOiIzOTAyMWM2In0%3D\">\n\t\t\t\t\t<div class=\"e-gallery-image elementor-gallery-item__image\" data-thumbnail=\"https:\/\/costablanca-magazin.com\/wp-content\/uploads\/2025\/05\/Costablanca-Magazin-Altea-33.jpg\" data-width=\"563\" data-height=\"1000\" aria-label=\"Costa Blanca Mallorca 238\" role=\"img\" ><\/div>\n\t\t\t\t\t\t\t\t\t\t\t<div class=\"elementor-gallery-item__overlay\"><\/div>\n\t\t\t\t\t\t\t\t\t\t\t\t\t\t<\/a>\n\t\t\t\t\t\t\t<a class=\"e-gallery-item elementor-gallery-item elementor-animated-content\" href=\"https:\/\/costablanca-magazin.com\/wp-content\/uploads\/2025\/05\/Costablanca-Magazin-Altea-4.jpg\" data-elementor-open-lightbox=\"yes\" data-elementor-lightbox-slideshow=\"39021c6\" data-elementor-lightbox-title=\"Costablanca Magazin Altea (4)\" data-e-action-hash=\"#elementor-action%3Aaction%3Dlightbox%26settings%3DeyJpZCI6NzA2NCwidXJsIjoiaHR0cHM6XC9cL2Nvc3RhYmxhbmNhLW1hZ2F6aW4uY29tXC93cC1jb250ZW50XC91cGxvYWRzXC8yMDI1XC8wNVwvQ29zdGFibGFuY2EtTWFnYXppbi1BbHRlYS00LmpwZyIsInNsaWRlc2hvdyI6IjM5MDIxYzYifQ%3D%3D\">\n\t\t\t\t\t<div class=\"e-gallery-image elementor-gallery-item__image\" data-thumbnail=\"https:\/\/costablanca-magazin.com\/wp-content\/uploads\/2025\/05\/Costablanca-Magazin-Altea-4.jpg\" data-width=\"1000\" data-height=\"563\" aria-label=\"Costa Blanca Mallorca 226\" role=\"img\" ><\/div>\n\t\t\t\t\t\t\t\t\t\t\t<div class=\"elementor-gallery-item__overlay\"><\/div>\n\t\t\t\t\t\t\t\t\t\t\t\t\t\t<\/a>\n\t\t\t\t\t\t\t<a class=\"e-gallery-item elementor-gallery-item elementor-animated-content\" href=\"https:\/\/costablanca-magazin.com\/wp-content\/uploads\/2022\/09\/costablanca-lifestyle-altea-20-e1663747224892.jpg\" data-elementor-open-lightbox=\"yes\" data-elementor-lightbox-slideshow=\"39021c6\" data-elementor-lightbox-title=\"costablanca-lifestyle-altea (20)\" data-elementor-lightbox-description=\"Costa Blanca  Altea Kirchplatz \" data-e-action-hash=\"#elementor-action%3Aaction%3Dlightbox%26settings%3DeyJpZCI6NjMxLCJ1cmwiOiJodHRwczpcL1wvY29zdGFibGFuY2EtbWFnYXppbi5jb21cL3dwLWNvbnRlbnRcL3VwbG9hZHNcLzIwMjJcLzA5XC9jb3N0YWJsYW5jYS1saWZlc3R5bGUtYWx0ZWEtMjAtZTE2NjM3NDcyMjQ4OTIuanBnIiwic2xpZGVzaG93IjoiMzkwMjFjNiJ9\">\n\t\t\t\t\t<div class=\"e-gallery-image elementor-gallery-item__image\" data-thumbnail=\"https:\/\/costablanca-magazin.com\/wp-content\/uploads\/2022\/09\/costablanca-lifestyle-altea-20-e1663747224892.jpg\" data-width=\"533\" data-height=\"600\" aria-label=\"Costa Blanca Altea Church Square 11\" role=\"img\" ><\/div>\n\t\t\t\t\t\t\t\t\t\t\t<div class=\"elementor-gallery-item__overlay\"><\/div>\n\t\t\t\t\t\t\t\t\t\t\t\t\t\t<\/a>\n\t\t\t\t\t\t\t<a class=\"e-gallery-item elementor-gallery-item elementor-animated-content\" href=\"https:\/\/costablanca-magazin.com\/wp-content\/uploads\/2025\/05\/Costablanca-Magazin-Altea-70.jpg\" data-elementor-open-lightbox=\"yes\" data-elementor-lightbox-slideshow=\"39021c6\" data-elementor-lightbox-title=\"Costablanca Magazin Altea (70)\" data-e-action-hash=\"#elementor-action%3Aaction%3Dlightbox%26settings%3DeyJpZCI6NzA5OSwidXJsIjoiaHR0cHM6XC9cL2Nvc3RhYmxhbmNhLW1hZ2F6aW4uY29tXC93cC1jb250ZW50XC91cGxvYWRzXC8yMDI1XC8wNVwvQ29zdGFibGFuY2EtTWFnYXppbi1BbHRlYS03MC5qcGciLCJzbGlkZXNob3ciOiIzOTAyMWM2In0%3D\">\n\t\t\t\t\t<div class=\"e-gallery-image elementor-gallery-item__image\" data-thumbnail=\"https:\/\/costablanca-magazin.com\/wp-content\/uploads\/2025\/05\/Costablanca-Magazin-Altea-70.jpg\" data-width=\"1000\" data-height=\"563\" aria-label=\"Costa Blanca Mallorca 260\" role=\"img\" ><\/div>\n\t\t\t\t\t\t\t\t\t\t\t<div class=\"elementor-gallery-item__overlay\"><\/div>\n\t\t\t\t\t\t\t\t\t\t\t\t\t\t<\/a>\n\t\t\t\t\t\t\t<a class=\"e-gallery-item elementor-gallery-item elementor-animated-content\" href=\"https:\/\/costablanca-magazin.com\/wp-content\/uploads\/2022\/09\/costablanca-lifestyle-altea-8.jpg\" data-elementor-open-lightbox=\"yes\" data-elementor-lightbox-slideshow=\"39021c6\" data-elementor-lightbox-title=\"costablanca-lifestyle-altea (8)\" data-elementor-lightbox-description=\"Costa Blanca Altea\" data-e-action-hash=\"#elementor-action%3Aaction%3Dlightbox%26settings%3DeyJpZCI6NjIwLCJ1cmwiOiJodHRwczpcL1wvY29zdGFibGFuY2EtbWFnYXppbi5jb21cL3dwLWNvbnRlbnRcL3VwbG9hZHNcLzIwMjJcLzA5XC9jb3N0YWJsYW5jYS1saWZlc3R5bGUtYWx0ZWEtOC5qcGciLCJzbGlkZXNob3ciOiIzOTAyMWM2In0%3D\">\n\t\t\t\t\t<div class=\"e-gallery-image elementor-gallery-item__image\" data-thumbnail=\"https:\/\/costablanca-magazin.com\/wp-content\/uploads\/2022\/09\/costablanca-lifestyle-altea-8.jpg\" data-width=\"800\" data-height=\"533\" aria-label=\"Costa Blanca Altea 9\" role=\"img\" ><\/div>\n\t\t\t\t\t\t\t\t\t\t\t<div class=\"elementor-gallery-item__overlay\"><\/div>\n\t\t\t\t\t\t\t\t\t\t\t\t\t\t<\/a>\n\t\t\t\t\t\t\t<a class=\"e-gallery-item elementor-gallery-item elementor-animated-content\" href=\"https:\/\/costablanca-magazin.com\/wp-content\/uploads\/2025\/05\/Costablanca-Magazin-Altea-74.jpg\" data-elementor-open-lightbox=\"yes\" data-elementor-lightbox-slideshow=\"39021c6\" data-elementor-lightbox-title=\"Costablanca Magazin Altea (74)\" data-e-action-hash=\"#elementor-action%3Aaction%3Dlightbox%26settings%3DeyJpZCI6NzA2OSwidXJsIjoiaHR0cHM6XC9cL2Nvc3RhYmxhbmNhLW1hZ2F6aW4uY29tXC93cC1jb250ZW50XC91cGxvYWRzXC8yMDI1XC8wNVwvQ29zdGFibGFuY2EtTWFnYXppbi1BbHRlYS03NC5qcGciLCJzbGlkZXNob3ciOiIzOTAyMWM2In0%3D\">\n\t\t\t\t\t<div class=\"e-gallery-image elementor-gallery-item__image\" data-thumbnail=\"https:\/\/costablanca-magazin.com\/wp-content\/uploads\/2025\/05\/Costablanca-Magazin-Altea-74.jpg\" data-width=\"1000\" data-height=\"563\" aria-label=\"Costa Blanca Mallorca 231\" role=\"img\" ><\/div>\n\t\t\t\t\t\t\t\t\t\t\t<div class=\"elementor-gallery-item__overlay\"><\/div>\n\t\t\t\t\t\t\t\t\t\t\t\t\t\t<\/a>\n\t\t\t\t\t\t\t<a class=\"e-gallery-item elementor-gallery-item elementor-animated-content\" href=\"https:\/\/costablanca-magazin.com\/wp-content\/uploads\/2025\/05\/Costablanca-Magazin-Altea-5.jpg\" data-elementor-open-lightbox=\"yes\" data-elementor-lightbox-slideshow=\"39021c6\" data-elementor-lightbox-title=\"Costablanca Magazin Altea (5)\" data-e-action-hash=\"#elementor-action%3Aaction%3Dlightbox%26settings%3DeyJpZCI6NzA2NSwidXJsIjoiaHR0cHM6XC9cL2Nvc3RhYmxhbmNhLW1hZ2F6aW4uY29tXC93cC1jb250ZW50XC91cGxvYWRzXC8yMDI1XC8wNVwvQ29zdGFibGFuY2EtTWFnYXppbi1BbHRlYS01LmpwZyIsInNsaWRlc2hvdyI6IjM5MDIxYzYifQ%3D%3D\">\n\t\t\t\t\t<div class=\"e-gallery-image elementor-gallery-item__image\" data-thumbnail=\"https:\/\/costablanca-magazin.com\/wp-content\/uploads\/2025\/05\/Costablanca-Magazin-Altea-5.jpg\" data-width=\"733\" data-height=\"1000\" aria-label=\"Costa Blanca Mallorca 227\" role=\"img\" ><\/div>\n\t\t\t\t\t\t\t\t\t\t\t<div class=\"elementor-gallery-item__overlay\"><\/div>\n\t\t\t\t\t\t\t\t\t\t\t\t\t\t<\/a>\n\t\t\t\t\t\t\t<a class=\"e-gallery-item elementor-gallery-item elementor-animated-content\" href=\"https:\/\/costablanca-magazin.com\/wp-content\/uploads\/2025\/05\/Costablanca-Magazin-Altea-43.jpg\" data-elementor-open-lightbox=\"yes\" data-elementor-lightbox-slideshow=\"39021c6\" data-elementor-lightbox-title=\"Costablanca Magazin Altea (43)\" data-e-action-hash=\"#elementor-action%3Aaction%3Dlightbox%26settings%3DeyJpZCI6NzA4MywidXJsIjoiaHR0cHM6XC9cL2Nvc3RhYmxhbmNhLW1hZ2F6aW4uY29tXC93cC1jb250ZW50XC91cGxvYWRzXC8yMDI1XC8wNVwvQ29zdGFibGFuY2EtTWFnYXppbi1BbHRlYS00My5qcGciLCJzbGlkZXNob3ciOiIzOTAyMWM2In0%3D\">\n\t\t\t\t\t<div class=\"e-gallery-image elementor-gallery-item__image\" data-thumbnail=\"https:\/\/costablanca-magazin.com\/wp-content\/uploads\/2025\/05\/Costablanca-Magazin-Altea-43.jpg\" data-width=\"1000\" data-height=\"563\" aria-label=\"Costa Blanca Mallorca 244\" role=\"img\" ><\/div>\n\t\t\t\t\t\t\t\t\t\t\t<div class=\"elementor-gallery-item__overlay\"><\/div>\n\t\t\t\t\t\t\t\t\t\t\t\t\t\t<\/a>\n\t\t\t\t\t\t\t<a class=\"e-gallery-item elementor-gallery-item elementor-animated-content\" href=\"https:\/\/costablanca-magazin.com\/wp-content\/uploads\/2025\/05\/Costablanca-Magazin-Altea-67.jpg\" data-elementor-open-lightbox=\"yes\" data-elementor-lightbox-slideshow=\"39021c6\" data-elementor-lightbox-title=\"Costablanca Magazin Altea (67)\" data-e-action-hash=\"#elementor-action%3Aaction%3Dlightbox%26settings%3DeyJpZCI6NzA5NiwidXJsIjoiaHR0cHM6XC9cL2Nvc3RhYmxhbmNhLW1hZ2F6aW4uY29tXC93cC1jb250ZW50XC91cGxvYWRzXC8yMDI1XC8wNVwvQ29zdGFibGFuY2EtTWFnYXppbi1BbHRlYS02Ny5qcGciLCJzbGlkZXNob3ciOiIzOTAyMWM2In0%3D\">\n\t\t\t\t\t<div class=\"e-gallery-image elementor-gallery-item__image\" data-thumbnail=\"https:\/\/costablanca-magazin.com\/wp-content\/uploads\/2025\/05\/Costablanca-Magazin-Altea-67.jpg\" data-width=\"1000\" data-height=\"563\" aria-label=\"Costa Blanca Mallorca 257\" role=\"img\" ><\/div>\n\t\t\t\t\t\t\t\t\t\t\t<div class=\"elementor-gallery-item__overlay\"><\/div>\n\t\t\t\t\t\t\t\t\t\t\t\t\t\t<\/a>\n\t\t\t\t\t\t\t<a class=\"e-gallery-item elementor-gallery-item elementor-animated-content\" href=\"https:\/\/costablanca-magazin.com\/wp-content\/uploads\/2025\/05\/Costablanca-Magazin-Altea-11.jpg\" data-elementor-open-lightbox=\"yes\" data-elementor-lightbox-slideshow=\"39021c6\" data-elementor-lightbox-title=\"Costablanca Magazin Altea (11)\" data-e-action-hash=\"#elementor-action%3Aaction%3Dlightbox%26settings%3DeyJpZCI6NzA2NywidXJsIjoiaHR0cHM6XC9cL2Nvc3RhYmxhbmNhLW1hZ2F6aW4uY29tXC93cC1jb250ZW50XC91cGxvYWRzXC8yMDI1XC8wNVwvQ29zdGFibGFuY2EtTWFnYXppbi1BbHRlYS0xMS5qcGciLCJzbGlkZXNob3ciOiIzOTAyMWM2In0%3D\">\n\t\t\t\t\t<div class=\"e-gallery-image elementor-gallery-item__image\" data-thumbnail=\"https:\/\/costablanca-magazin.com\/wp-content\/uploads\/2025\/05\/Costablanca-Magazin-Altea-11.jpg\" data-width=\"701\" data-height=\"1000\" aria-label=\"Costa Blanca Mallorca 229\" role=\"img\" ><\/div>\n\t\t\t\t\t\t\t\t\t\t\t<div class=\"elementor-gallery-item__overlay\"><\/div>\n\t\t\t\t\t\t\t\t\t\t\t\t\t\t<\/a>\n\t\t\t\t\t\t\t<a class=\"e-gallery-item elementor-gallery-item elementor-animated-content\" href=\"https:\/\/costablanca-magazin.com\/wp-content\/uploads\/2022\/09\/costablanca-lifestyle-altea-3.jpg\" data-elementor-open-lightbox=\"yes\" data-elementor-lightbox-slideshow=\"39021c6\" data-elementor-lightbox-title=\"costablanca-lifestyle-altea (3)\" data-elementor-lightbox-description=\"Costa Blanca Strand Altea\" data-e-action-hash=\"#elementor-action%3Aaction%3Dlightbox%26settings%3DeyJpZCI6NjE1LCJ1cmwiOiJodHRwczpcL1wvY29zdGFibGFuY2EtbWFnYXppbi5jb21cL3dwLWNvbnRlbnRcL3VwbG9hZHNcLzIwMjJcLzA5XC9jb3N0YWJsYW5jYS1saWZlc3R5bGUtYWx0ZWEtMy5qcGciLCJzbGlkZXNob3ciOiIzOTAyMWM2In0%3D\">\n\t\t\t\t\t<div class=\"e-gallery-image elementor-gallery-item__image\" data-thumbnail=\"https:\/\/costablanca-magazin.com\/wp-content\/uploads\/2022\/09\/costablanca-lifestyle-altea-3.jpg\" data-width=\"800\" data-height=\"533\" aria-label=\"Costa Blanca Beach Altea 1\" role=\"img\" ><\/div>\n\t\t\t\t\t\t\t\t\t\t\t<div class=\"elementor-gallery-item__overlay\"><\/div>\n\t\t\t\t\t\t\t\t\t\t\t\t\t\t<\/a>\n\t\t\t\t\t\t\t<a class=\"e-gallery-item elementor-gallery-item elementor-animated-content\" href=\"https:\/\/costablanca-magazin.com\/wp-content\/uploads\/2024\/09\/Restaurant-El-Rey-Altea-26-scaled.jpg\" data-elementor-open-lightbox=\"yes\" data-elementor-lightbox-slideshow=\"39021c6\" data-elementor-lightbox-title=\"Restaurant El Rey Altea (26)\" data-e-action-hash=\"#elementor-action%3Aaction%3Dlightbox%26settings%3DeyJpZCI6MTk5OCwidXJsIjoiaHR0cHM6XC9cL2Nvc3RhYmxhbmNhLW1hZ2F6aW4uY29tXC93cC1jb250ZW50XC91cGxvYWRzXC8yMDI0XC8wOVwvUmVzdGF1cmFudC1FbC1SZXktQWx0ZWEtMjYtc2NhbGVkLmpwZyIsInNsaWRlc2hvdyI6IjM5MDIxYzYifQ%3D%3D\">\n\t\t\t\t\t<div class=\"e-gallery-image elementor-gallery-item__image\" data-thumbnail=\"https:\/\/costablanca-magazin.com\/wp-content\/uploads\/2024\/09\/Restaurant-El-Rey-Altea-26-2048x1536.jpg\" data-width=\"2048\" data-height=\"1536\" aria-label=\"Costa Blanca Mallorca 188\" role=\"img\" ><\/div>\n\t\t\t\t\t\t\t\t\t\t\t<div class=\"elementor-gallery-item__overlay\"><\/div>\n\t\t\t\t\t\t\t\t\t\t\t\t\t\t<\/a>\n\t\t\t\t\t\t\t<a class=\"e-gallery-item elementor-gallery-item elementor-animated-content\" href=\"https:\/\/costablanca-magazin.com\/wp-content\/uploads\/2025\/05\/Costablanca-Magazin-Altea-16.jpg\" data-elementor-open-lightbox=\"yes\" data-elementor-lightbox-slideshow=\"39021c6\" data-elementor-lightbox-title=\"Costablanca Magazin Altea (16)\" data-e-action-hash=\"#elementor-action%3Aaction%3Dlightbox%26settings%3DeyJpZCI6NzA3MywidXJsIjoiaHR0cHM6XC9cL2Nvc3RhYmxhbmNhLW1hZ2F6aW4uY29tXC93cC1jb250ZW50XC91cGxvYWRzXC8yMDI1XC8wNVwvQ29zdGFibGFuY2EtTWFnYXppbi1BbHRlYS0xNi5qcGciLCJzbGlkZXNob3ciOiIzOTAyMWM2In0%3D\">\n\t\t\t\t\t<div class=\"e-gallery-image elementor-gallery-item__image\" data-thumbnail=\"https:\/\/costablanca-magazin.com\/wp-content\/uploads\/2025\/05\/Costablanca-Magazin-Altea-16.jpg\" data-width=\"1000\" data-height=\"750\" aria-label=\"Costa Blanca Mallorca 235\" role=\"img\" ><\/div>\n\t\t\t\t\t\t\t\t\t\t\t<div class=\"elementor-gallery-item__overlay\"><\/div>\n\t\t\t\t\t\t\t\t\t\t\t\t\t\t<\/a>\n\t\t\t\t\t\t\t<a class=\"e-gallery-item elementor-gallery-item elementor-animated-content\" href=\"https:\/\/costablanca-magazin.com\/wp-content\/uploads\/2025\/05\/Costablanca-Magazin-Altea-75.jpg\" data-elementor-open-lightbox=\"yes\" data-elementor-lightbox-slideshow=\"39021c6\" data-elementor-lightbox-title=\"Costablanca Magazin Altea (75)\" data-e-action-hash=\"#elementor-action%3Aaction%3Dlightbox%26settings%3DeyJpZCI6NzA3MCwidXJsIjoiaHR0cHM6XC9cL2Nvc3RhYmxhbmNhLW1hZ2F6aW4uY29tXC93cC1jb250ZW50XC91cGxvYWRzXC8yMDI1XC8wNVwvQ29zdGFibGFuY2EtTWFnYXppbi1BbHRlYS03NS5qcGciLCJzbGlkZXNob3ciOiIzOTAyMWM2In0%3D\">\n\t\t\t\t\t<div class=\"e-gallery-image elementor-gallery-item__image\" data-thumbnail=\"https:\/\/costablanca-magazin.com\/wp-content\/uploads\/2025\/05\/Costablanca-Magazin-Altea-75.jpg\" data-width=\"1000\" data-height=\"563\" aria-label=\"costablanca mallorca 232\" role=\"img\" ><\/div>\n\t\t\t\t\t\t\t\t\t\t\t<div class=\"elementor-gallery-item__overlay\"><\/div>\n\t\t\t\t\t\t\t\t\t\t\t\t\t\t<\/a>\n\t\t\t\t\t\t\t<a class=\"e-gallery-item elementor-gallery-item elementor-animated-content\" href=\"https:\/\/costablanca-magazin.com\/wp-content\/uploads\/2025\/05\/Costablanca-Magazin-Altea-42.jpg\" data-elementor-open-lightbox=\"yes\" data-elementor-lightbox-slideshow=\"39021c6\" data-elementor-lightbox-title=\"Costablanca Magazin Altea (42)\" data-e-action-hash=\"#elementor-action%3Aaction%3Dlightbox%26settings%3DeyJpZCI6NzA4MiwidXJsIjoiaHR0cHM6XC9cL2Nvc3RhYmxhbmNhLW1hZ2F6aW4uY29tXC93cC1jb250ZW50XC91cGxvYWRzXC8yMDI1XC8wNVwvQ29zdGFibGFuY2EtTWFnYXppbi1BbHRlYS00Mi5qcGciLCJzbGlkZXNob3ciOiIzOTAyMWM2In0%3D\">\n\t\t\t\t\t<div class=\"e-gallery-image elementor-gallery-item__image\" data-thumbnail=\"https:\/\/costablanca-magazin.com\/wp-content\/uploads\/2025\/05\/Costablanca-Magazin-Altea-42.jpg\" data-width=\"563\" data-height=\"1000\" aria-label=\"costablanca mallorca 243\" role=\"img\" ><\/div>\n\t\t\t\t\t\t\t\t\t\t\t<div class=\"elementor-gallery-item__overlay\"><\/div>\n\t\t\t\t\t\t\t\t\t\t\t\t\t\t<\/a>\n\t\t\t\t\t<\/div>\n\t\t\t\t\t<\/div>\n\t\t\t\t<\/div>\n\t\t<div class=\"elementor-element elementor-element-11b1de9 e-con-full e-flex e-con e-child\" data-id=\"11b1de9\" data-element_type=\"container\" data-e-type=\"container\">\n\t\t\t\t<div class=\"elementor-element elementor-element-fe54171 elementor-widget elementor-widget-text-editor\" data-id=\"fe54171\" data-element_type=\"widget\" data-e-type=\"widget\" data-widget_type=\"text-editor.default\">\n\t\t\t\t<div class=\"elementor-widget-container\">\n\t\t\t\t\t\t\t\t\t<p><strong>\ud83d\udccc Contact &amp; information<\/strong><\/p><p><strong>Moraira - Teulada Tourist Office<\/strong><br \/>\ud83d\udccd Av. Santa Catalina, 2 - 03725 Teulada (Alicante)<br \/>\ud83d\udcde +34 965 740 158<br \/>\u2709\ufe0f teulada@touristinfo.net<br \/>\ud83c\udf10 <a href=\"https:\/\/www.teuladamoraira.org\" target=\"_blank\" rel=\"noopener\">www.teuladamoraira.org<\/a><\/p>\t\t\t\t\t\t\t\t<\/div>\n\t\t\t\t<\/div>\n\t\t\t\t<\/div>\n\t\t\t\t<\/div>\n\t\t\t\t\t<\/div>\n\t\t\t\t<\/div>\n\t\t<div class=\"elementor-element elementor-element-f7a4bb0 e-flex e-con-boxed e-con e-parent\" data-id=\"f7a4bb0\" data-element_type=\"container\" data-e-type=\"container\">\n\t\t\t\t\t<div class=\"e-con-inner\">\n\t\t\t\t<div class=\"elementor-element elementor-element-595b7ab elementor-grid-3 elementor-grid-tablet-2 elementor-grid-mobile-1 elementor-posts--thumbnail-top elementor-posts--show-avatar elementor-card-shadow-yes elementor-posts__hover-gradient elementor-widget elementor-widget-posts\" data-id=\"595b7ab\" data-element_type=\"widget\" data-e-type=\"widget\" data-settings=\"{&quot;cards_columns&quot;:&quot;3&quot;,&quot;cards_columns_tablet&quot;:&quot;2&quot;,&quot;cards_columns_mobile&quot;:&quot;1&quot;,&quot;cards_row_gap&quot;:{&quot;unit&quot;:&quot;px&quot;,&quot;size&quot;:35,&quot;sizes&quot;:[]},&quot;cards_row_gap_tablet&quot;:{&quot;unit&quot;:&quot;px&quot;,&quot;size&quot;:&quot;&quot;,&quot;sizes&quot;:[]},&quot;cards_row_gap_mobile&quot;:{&quot;unit&quot;:&quot;px&quot;,&quot;size&quot;:&quot;&quot;,&quot;sizes&quot;:[]}}\" data-widget_type=\"posts.cards\">\n\t\t\t\t<div class=\"elementor-widget-container\">\n\t\t\t\t\t\t\t<div class=\"elementor-posts-container elementor-posts elementor-posts--skin-cards elementor-grid\" role=\"list\">\n\t\t\t\t<article class=\"elementor-post elementor-grid-item post-10539 post type-post status-publish format-standard has-post-thumbnail hentry category-mobilitaet-verkehr tag-bussgeld-e-scooter tag-costa-blanca-e-scooter tag-e-scooter-registrierung tag-e-scooter-spanien tag-e-scooter-versicherung-spanien tag-gesetz-5-2025 tag-vmp-register-dgt\" role=\"listitem\">\n\t\t\t<div class=\"elementor-post__card\">\n\t\t\t\t<a class=\"elementor-post__thumbnail__link\" href=\"https:\/\/costablanca-magazin.com\/en\/residenten\/mobilitaet-verkehr\/e-scooter-neues-register-und-versicherungspflicht-ab-2026-in-spanien\/\" tabindex=\"-1\" ><div class=\"elementor-post__thumbnail\"><img fetchpriority=\"high\" decoding=\"async\" width=\"1536\" height=\"1025\" src=\"https:\/\/costablanca-magazin.com\/wp-content\/uploads\/2026\/02\/patinete-mallorca-y-costa-blanca-1536x1025.jpg\" class=\"attachment-1536x1536 size-1536x1536 wp-image-10540\" alt=\"E-scooters: New register &amp; compulsory insurance from 2026 in Spain\" srcset=\"https:\/\/costablanca-magazin.com\/wp-content\/uploads\/2026\/02\/patinete-mallorca-y-costa-blanca-1536x1025.jpg 1536w, https:\/\/costablanca-magazin.com\/wp-content\/uploads\/2026\/02\/patinete-mallorca-y-costa-blanca-300x200.jpg 300w, https:\/\/costablanca-magazin.com\/wp-content\/uploads\/2026\/02\/patinete-mallorca-y-costa-blanca-1024x683.jpg 1024w, https:\/\/costablanca-magazin.com\/wp-content\/uploads\/2026\/02\/patinete-mallorca-y-costa-blanca-768x512.jpg 768w, https:\/\/costablanca-magazin.com\/wp-content\/uploads\/2026\/02\/patinete-mallorca-y-costa-blanca-18x12.jpg 18w\" sizes=\"(max-width: 1536px) 100vw, 1536px\" \/><\/div><\/a>\n\t\t\t\t<div class=\"elementor-post__badge\">Mobility &amp; Transport<\/div>\n\t\t\t\t<div class=\"elementor-post__avatar\">\n\t\t\t\t\t<\/div>\n\t\t\t\t<div class=\"elementor-post__text\">\n\t\t\t\t<h2 class=\"elementor-post__title\">\n\t\t\t<a href=\"https:\/\/costablanca-magazin.com\/en\/residenten\/mobilitaet-verkehr\/e-scooter-neues-register-und-versicherungspflicht-ab-2026-in-spanien\/\" >\n\t\t\t\tE-scooters: New register and compulsory insurance from 2026 in Spain\t\t\t<\/a>\n\t\t<\/h2>\n\t\t\t\t<\/div>\n\t\t\t\t\t<\/div>\n\t\t<\/article>\n\t\t\t\t<article class=\"elementor-post elementor-grid-item post-5189 post type-post status-publish format-standard has-post-thumbnail hentry category-veranstaltungen-events tag-fallas-alicante tag-fallas-costa-blanca tag-fallas-denia tag-fallas-valencia\" role=\"listitem\">\n\t\t\t<div class=\"elementor-post__card\">\n\t\t\t\t<a class=\"elementor-post__thumbnail__link\" href=\"https:\/\/costablanca-magazin.com\/en\/freizeit\/veranstaltungen-events\/die-fallas-geschichte-traditionen-und-kommende-hoehepunkte\/\" tabindex=\"-1\" ><div class=\"elementor-post__thumbnail\"><img decoding=\"async\" width=\"1100\" height=\"650\" src=\"https:\/\/costablanca-magazin.com\/wp-content\/uploads\/2025\/02\/Fallas-valencia1.jpg\" class=\"attachment-1536x1536 size-1536x1536 wp-image-4821\" alt=\"Valencia Fallas 3\" srcset=\"https:\/\/costablanca-magazin.com\/wp-content\/uploads\/2025\/02\/Fallas-valencia1.jpg 1100w, https:\/\/costablanca-magazin.com\/wp-content\/uploads\/2025\/02\/Fallas-valencia1-300x177.jpg 300w, https:\/\/costablanca-magazin.com\/wp-content\/uploads\/2025\/02\/Fallas-valencia1-1024x605.jpg 1024w, https:\/\/costablanca-magazin.com\/wp-content\/uploads\/2025\/02\/Fallas-valencia1-768x454.jpg 768w\" sizes=\"(max-width: 1100px) 100vw, 1100px\" \/><\/div><\/a>\n\t\t\t\t<div class=\"elementor-post__badge\">Events &amp; Events<\/div>\n\t\t\t\t<div class=\"elementor-post__avatar\">\n\t\t\t\t\t<\/div>\n\t\t\t\t<div class=\"elementor-post__text\">\n\t\t\t\t<h2 class=\"elementor-post__title\">\n\t\t\t<a href=\"https:\/\/costablanca-magazin.com\/en\/freizeit\/veranstaltungen-events\/die-fallas-geschichte-traditionen-und-kommende-hoehepunkte\/\" >\n\t\t\t\tThe Fallas: history, traditions and upcoming highlights\t\t\t<\/a>\n\t\t<\/h2>\n\t\t\t\t<\/div>\n\t\t\t\t\t<\/div>\n\t\t<\/article>\n\t\t\t\t<article class=\"elementor-post elementor-grid-item post-7651 post type-post status-publish format-standard has-post-thumbnail hentry category-gesundheit-lifestyle tag-hautschutz-sonne tag-richtige-sonnencreme tag-sonnenschutz tag-sonnenschutz-costablanca\" role=\"listitem\">\n\t\t\t<div class=\"elementor-post__card\">\n\t\t\t\t<a class=\"elementor-post__thumbnail__link\" href=\"https:\/\/costablanca-magazin.com\/en\/residenten\/gesundheit-lifestyle\/richtiger-sonnenschutz-unbesorgt-die-costa-geniessen\/\" tabindex=\"-1\" ><div class=\"elementor-post__thumbnail\"><img decoding=\"async\" width=\"798\" height=\"1200\" src=\"https:\/\/costablanca-magazin.com\/wp-content\/uploads\/2025\/06\/portugal-family-running-on-beach-2024-09-23-03-34-22-utc.jpg\" class=\"attachment-1536x1536 size-1536x1536 wp-image-7663\" alt=\"Sun protection on the Costa Blanca: light, life - and responsibility\" srcset=\"https:\/\/costablanca-magazin.com\/wp-content\/uploads\/2025\/06\/portugal-family-running-on-beach-2024-09-23-03-34-22-utc.jpg 798w, https:\/\/costablanca-magazin.com\/wp-content\/uploads\/2025\/06\/portugal-family-running-on-beach-2024-09-23-03-34-22-utc-200x300.jpg 200w, https:\/\/costablanca-magazin.com\/wp-content\/uploads\/2025\/06\/portugal-family-running-on-beach-2024-09-23-03-34-22-utc-681x1024.jpg 681w, https:\/\/costablanca-magazin.com\/wp-content\/uploads\/2025\/06\/portugal-family-running-on-beach-2024-09-23-03-34-22-utc-768x1155.jpg 768w\" sizes=\"(max-width: 798px) 100vw, 798px\" \/><\/div><\/a>\n\t\t\t\t<div class=\"elementor-post__badge\">Health &amp; Lifestyle<\/div>\n\t\t\t\t<div class=\"elementor-post__avatar\">\n\t\t\t\t\t<\/div>\n\t\t\t\t<div class=\"elementor-post__text\">\n\t\t\t\t<h2 class=\"elementor-post__title\">\n\t\t\t<a href=\"https:\/\/costablanca-magazin.com\/en\/residenten\/gesundheit-lifestyle\/richtiger-sonnenschutz-unbesorgt-die-costa-geniessen\/\" >\n\t\t\t\tProper sun protection Enjoy the Costa Blanca without worries\t\t\t<\/a>\n\t\t<\/h2>\n\t\t\t\t<\/div>\n\t\t\t\t\t<\/div>\n\t\t<\/article>\n\t\t\t\t<\/div>\n\t\t\n\t\t\t\t\t\t<\/div>\n\t\t\t\t<\/div>\n\t\t\t\t\t<\/div>\n\t\t\t\t<\/div>\n\t\t\t\t<\/div>","protected":false},"excerpt":{"rendered":"<p>Teulada \u2013 Zwischen Wochenmarkt, urspr\u00fcngliche Feste und Weinbergen L\u00e4ndliche Struktur, historisches Zentrum und moderne Verbindungen Teulada ist der urspr\u00fcngliche Hauptort der gleichnamigen Gemeinde Teulada-Moraira. W\u00e4hrend Moraira das K\u00fcstenleben verk\u00f6rpert, bietet Teulada im Landesinneren eine eher l\u00e4ndlich gepr\u00e4gte, gewachsene Struktur mit starkem regionalem Charakter \u2013 aber auch einer \u00fcberraschend guten Infrastruktur<\/p>","protected":false},"author":1,"featured_media":0,"parent":0,"menu_order":0,"comment_status":"closed","ping_status":"closed","template":"elementor_header_footer","meta":{"om_disable_all_campaigns":false,"_monsterinsights_skip_tracking":false,"_monsterinsights_sitenote_active":false,"_monsterinsights_sitenote_note":"","_monsterinsights_sitenote_category":0,"footnotes":""},"class_list":["post-4679","page","type-page","status-publish","hentry"],"aioseo_notices":[],"_links":{"self":[{"href":"https:\/\/costablanca-magazin.com\/en\/wp-json\/wp\/v2\/pages\/4679","targetHints":{"allow":["GET"]}}],"collection":[{"href":"https:\/\/costablanca-magazin.com\/en\/wp-json\/wp\/v2\/pages"}],"about":[{"href":"https:\/\/costablanca-magazin.com\/en\/wp-json\/wp\/v2\/types\/page"}],"author":[{"embeddable":true,"href":"https:\/\/costablanca-magazin.com\/en\/wp-json\/wp\/v2\/users\/1"}],"replies":[{"embeddable":true,"href":"https:\/\/costablanca-magazin.com\/en\/wp-json\/wp\/v2\/comments?post=4679"}],"version-history":[{"count":37,"href":"https:\/\/costablanca-magazin.com\/en\/wp-json\/wp\/v2\/pages\/4679\/revisions"}],"predecessor-version":[{"id":11015,"href":"https:\/\/costablanca-magazin.com\/en\/wp-json\/wp\/v2\/pages\/4679\/revisions\/11015"}],"wp:attachment":[{"href":"https:\/\/costablanca-magazin.com\/en\/wp-json\/wp\/v2\/media?parent=4679"}],"curies":[{"name":"wp","href":"https:\/\/api.w.org\/{rel}","templated":true}]}}